{"id":21236,"date":"2020-09-23T11:41:40","date_gmt":"2020-09-23T11:41:40","guid":{"rendered":"https:\/\/www.leeb-balkone.com\/de\/balkoni-in-ograje-leeb\/auszeichnungen\/"},"modified":"2021-02-10T05:44:43","modified_gmt":"2021-02-10T05:44:43","slug":"odlicja","status":"publish","type":"page","link":"https:\/\/www.leeb-balkone.com\/sl\/podjetje\/odlicja\/","title":{"rendered":"Odli\u010dja"},"content":{"rendered":"<header data-block_5ed673af9a55a class=\"c-fh  l-mh-small c-fh--hero c-grad-l2r c-fh--div none\">\n      <img loading=\"lazy\" decoding=\"async\" width=\"1920\" height=\"600\" src=\"https:\/\/www.leeb-balkone.com\/app\/uploads\/2020\/09\/wohnungswirtschaft-header.jpg\" class=\"no-lazy\" alt=\"wohnungswirtschaft header\" srcset=\"https:\/\/www.leeb-balkone.com\/app\/uploads\/2020\/09\/wohnungswirtschaft-header-300x94.jpg 300w, https:\/\/www.leeb-balkone.com\/app\/uploads\/2020\/09\/wohnungswirtschaft-header-1024x320.jpg 1024w, https:\/\/www.leeb-balkone.com\/app\/uploads\/2020\/09\/wohnungswirtschaft-header-768x240.jpg 768w, https:\/\/www.leeb-balkone.com\/app\/uploads\/2020\/09\/wohnungswirtschaft-header-1536x480.jpg 1536w\" sizes=\"auto, (min-width: 1536px) 2048px, (min-width: 992px) 1536px, (min-width: 768px) 1024px, (min-width: 576px) 768px, 100vw\" \/>\n\n\n<div class=\"grid-container\">\n  <div class=\"grid-x\">\n    <div class=\"cell small-12 medium-6 medium-offset-1\">\n      <div class=\"c-fh__wrapper\">\n                              <p>Inovativne ideje, visoko kvalificirani kadri in pogum za spremembe<\/p>\n                        <\/div>\n    <\/div>\n  <\/div>\n<\/div>\n  \n    \n    <\/header>\n\n\n  \n  <section class=\"wp-block-group alignfull t3-header u-max-wide t3-header-text has-white-background-color has-background has-global-padding is-layout-constrained wp-block-group-is-layout-constrained\">\n    <div class=\"wp-block-group o-grid u-md-1 u-sm-1 is-layout-flow wp-block-group-is-layout-flow\">\n  <div class=\"wp-block-group u-g-10 u-g-s-2\">\n      <div class=\"yoast-breadcrumbs\"><span><span><a href=\"https:\/\/www.leeb-balkone.com\/sl\/\">Home<\/a><\/span><\/span><\/div>\n      \n    <h1>Odli\u010dja<\/h1>\n  <\/div>\n<\/div>\n  <\/section>\n\n\n\n\n\n\n<section class=\"wp-block-cgb-t3-section-block alignfull b-pt-small  is-style-bg-white\" style=\"display:inherit;min-height:inherit\"><div class=\"b-sps l-mbxl\" id=\"\">\n    <div class=\"grid-container\">\n      <div class=\"grid-x\">\n              <div class=\"cell b-sps__bgimg lazyload bgx-center bgy-center small-12 medium-6 small-order-1 medium-order-1\">\n          \n            <img loading=\"lazy\" decoding=\"async\" width=\"1024\" height=\"890\" src=\"https:\/\/www.leeb-balkone.com\/app\/uploads\/2020\/09\/exportpreis-firma-leeb-balkone-1-scaled-e1601300153255-1024x890.jpg\" class=\"attachment-large size-large\" alt=\"exportpreis firma leeb balkone 1\" srcset=\"https:\/\/www.leeb-balkone.com\/app\/uploads\/2020\/09\/exportpreis-firma-leeb-balkone-1-scaled-e1601300153255-1024x890.jpg 1024w, https:\/\/www.leeb-balkone.com\/app\/uploads\/2020\/09\/exportpreis-firma-leeb-balkone-1-scaled-e1601300153255-300x261.jpg 300w, https:\/\/www.leeb-balkone.com\/app\/uploads\/2020\/09\/exportpreis-firma-leeb-balkone-1-scaled-e1601300153255-768x667.jpg 768w, https:\/\/www.leeb-balkone.com\/app\/uploads\/2020\/09\/exportpreis-firma-leeb-balkone-1-scaled-e1601300153255-1536x1335.jpg 1536w, https:\/\/www.leeb-balkone.com\/app\/uploads\/2020\/09\/exportpreis-firma-leeb-balkone-1-scaled-e1601300153255.jpg 1931w\" sizes=\"auto, (min-width: 1200px) 1024px, (min-width: 1024px) 768px, (min-width: 640px) 768px, 768px\" \/>        <\/div>\n            <div class=\"cell b-sps__cont  small-12 medium-6 small-order-2 medium-order-2 bg--lightgray\">\n        <div class=\"b-sps__inner-cont  pdd\">\n          <h2>Primus 2017<\/h2>\n<h3>1. mesto v kategoriji \u201eGlobal\u201c<\/h3>\n<p>Vsako leto so izmenoma na avstrijskem \u0160tajerskem in Koro\u0161kem izbrani najbolj\u0161i podjetniki. \u010casopis Kleine Zeitung, turisti\u010dno podjetje Falkensteiner, banka BKS Bank, Gospodarska zbornica avstrijske Koro\u0161ke, podjetje Drei in Zvezna de\u017eela Koro\u0161ka so nagradili odli\u010dne storitve doma\u010dih podjetij. Na prireditvi Primus-Gala v kraju Velden 20.4.2017 je podjetje Leeb Balkone osvojilo prvo mesto v kategoriji \u201eGlobal\u201c. Podjetje izva\u017ea v Nem\u010dijo, Italijo in \u0160vico, najve\u010dje pove\u010danje prodaje leta 2016 je bilo dose\u017eeno na nem\u0161kem trgu. Dele\u017e izvoza se stalno giblje okrog 60% in to kljub dejstvu, da balkone kupujemo za vse \u017eivljenje in ponavadi zgolj enkrat.<\/p>\n\n        <\/div>\n      <\/div>\n    <\/div>\n    <\/div>\n  <\/div>\n\n\n<div class=\"b-sps l-mbxl\" id=\"\">\n    <div class=\"grid-container\">\n      <div class=\"grid-x\">\n              <div class=\"cell b-sps__bgimg lazyload bgx-center bgy-center small-12 medium-6 small-order-1 medium-order-2\">\n          \n            <img loading=\"lazy\" decoding=\"async\" width=\"1024\" height=\"681\" src=\"https:\/\/www.leeb-balkone.com\/app\/uploads\/2020\/09\/exportpreis-firma-leeb-balkone-1024x681.jpg\" class=\"attachment-large size-large\" alt=\"exportpreis firma leeb balkone\" srcset=\"https:\/\/www.leeb-balkone.com\/app\/uploads\/2020\/09\/exportpreis-firma-leeb-balkone-1024x681.jpg 1024w, https:\/\/www.leeb-balkone.com\/app\/uploads\/2020\/09\/exportpreis-firma-leeb-balkone-300x200.jpg 300w, https:\/\/www.leeb-balkone.com\/app\/uploads\/2020\/09\/exportpreis-firma-leeb-balkone-768x511.jpg 768w, https:\/\/www.leeb-balkone.com\/app\/uploads\/2020\/09\/exportpreis-firma-leeb-balkone-1536x1022.jpg 1536w, https:\/\/www.leeb-balkone.com\/app\/uploads\/2020\/09\/exportpreis-firma-leeb-balkone-2048x1363.jpg 2048w\" sizes=\"auto, (min-width: 1200px) 1024px, (min-width: 1024px) 768px, (min-width: 640px) 768px, 768px\" \/>        <\/div>\n            <div class=\"cell b-sps__cont  small-12 medium-6 small-order-2 medium-order-1 bg--lightgray\">\n        <div class=\"b-sps__inner-cont  pdd\">\n          <h2>Koro\u0161ka nagrada za izvoznike 2016<\/h2>\n<h3>Visoki izvozni dose\u017eki \u2013 podjetje iz kraja Gnesau je dale\u010d spredaj<\/h3>\n<p>\u017de \u0161tirinajsti\u010d zapored Je Koro\u0161ka gospodarska zbornica skupaj z banko Raiffeisenlandesbank in koro\u0161kimi bankami Raiffeisen organizirala prireditev Dan izvoza. Vrhunec pripreditve je bil dogodek Export-Gala s podelitvijo Koro\u0161ke nagrade izvoznikom. Podjetje Leeb Balkone je z odli\u010dnimi storitvami blestelo in zmagalo v kategoriji srednje velikih podjetij. Letno v sosednje dr\u017eave izvozi 60%. Zlasti na nem\u0161kem trgu se je prekaljen proizvajalec balkonov zelo uveljavil. 90% vseh izvoznih izdelkov je namenjenih nem\u0161kemu trgu.<\/p>\n\n        <\/div>\n      <\/div>\n    <\/div>\n    <\/div>\n  <\/div>\n\n\n<div class=\"b-sps l-mbxl\" id=\"\">\n    <div class=\"grid-container\">\n      <div class=\"grid-x\">\n              <div class=\"cell b-sps__bgimg lazyload bgx-center bgy-center small-12 medium-6 small-order-1 medium-order-1\">\n          \n            <img loading=\"lazy\" decoding=\"async\" width=\"1024\" height=\"614\" src=\"https:\/\/www.leeb-balkone.com\/app\/uploads\/2020\/09\/alc-firma-leeb-balkone-1-1024x614.jpg\" class=\"attachment-large size-large\" alt=\"alc firma leeb balkone 1\" srcset=\"https:\/\/www.leeb-balkone.com\/app\/uploads\/2020\/09\/alc-firma-leeb-balkone-1-1024x614.jpg 1024w, https:\/\/www.leeb-balkone.com\/app\/uploads\/2020\/09\/alc-firma-leeb-balkone-1-300x180.jpg 300w, https:\/\/www.leeb-balkone.com\/app\/uploads\/2020\/09\/alc-firma-leeb-balkone-1-768x461.jpg 768w, https:\/\/www.leeb-balkone.com\/app\/uploads\/2020\/09\/alc-firma-leeb-balkone-1-1536x922.jpg 1536w\" sizes=\"auto, (min-width: 1200px) 1024px, (min-width: 1024px) 768px, (min-width: 640px) 768px, 768px\" \/>        <\/div>\n            <div class=\"cell b-sps__cont  small-12 medium-6 small-order-2 medium-order-2 bg--lightgray\">\n        <div class=\"b-sps__inner-cont  pdd\">\n          <h2>Austria\u2019s Leading Company<\/h2>\n<h3>Leeb spada med najuspe\u0161nej\u0161a podjetja v Avstriji<\/h3>\n<p>\u201eAustrias Leading Companies\u201c, ali na kratko ALC, je nagradni nate\u010daj za podjetja na zvezni ravni, ki so ga \u017ee leta 1870 ustanovili revija Wirtschaftsblatt, dru\u017eba Pricewaterhouse Coopers in zdru\u017eenje Kreditschutzverband. Na nate\u010daju, ki ga \u017ee od leta 1997 prirejajo vsako leto, je izbran zmagovalec na de\u017eelni ravni. Podjetje Leeb Balkone je nagrado za srednje velika podjetja\u00a0 \u201eGoldener Mittelbau\u201c osvojilo \u017ee ve\u010dkrat.<\/p>\n\n        <\/div>\n      <\/div>\n    <\/div>\n    <\/div>\n  <\/div>\n\n\n<div class=\"b-sps l-mbl\" id=\"\">\n    <div class=\"grid-container\">\n      <div class=\"grid-x\">\n              <div class=\"cell b-sps__bgimg lazyload bgx-center bgy-center small-12 medium-6 small-order-1 medium-order-2\">\n          \n            <img loading=\"lazy\" decoding=\"async\" width=\"1024\" height=\"682\" src=\"https:\/\/www.leeb-balkone.com\/app\/uploads\/2020\/08\/leeb-balkone-mitarbeiter-1-1024x682.jpeg\" class=\"attachment-large size-large\" alt=\"leeb balkone mitarbeiter 1\" srcset=\"https:\/\/www.leeb-balkone.com\/app\/uploads\/2020\/08\/leeb-balkone-mitarbeiter-1-1024x682.jpeg 1024w, https:\/\/www.leeb-balkone.com\/app\/uploads\/2020\/08\/leeb-balkone-mitarbeiter-1-300x200.jpeg 300w, https:\/\/www.leeb-balkone.com\/app\/uploads\/2020\/08\/leeb-balkone-mitarbeiter-1-768x512.jpeg 768w, https:\/\/www.leeb-balkone.com\/app\/uploads\/2020\/08\/leeb-balkone-mitarbeiter-1-1536x1024.jpeg 1536w, https:\/\/www.leeb-balkone.com\/app\/uploads\/2020\/08\/leeb-balkone-mitarbeiter-1-2048x1365.jpeg 2048w\" sizes=\"auto, (min-width: 1200px) 1024px, (min-width: 1024px) 768px, (min-width: 640px) 768px, 768px\" \/>        <\/div>\n            <div class=\"cell b-sps__cont  small-12 medium-6 small-order-2 medium-order-1 bg--lightgray\">\n        <div class=\"b-sps__inner-cont  pdd\">\n          <h2>Najbolj\u0161e avstrijsko dru\u017einsko podjetje<\/h2>\n<h3>Podjetje z dolgoletno tradicijo je osvojilo 1. mesto na Koro\u0161kem.<\/h3>\n<p>Revija Wirtschaftsblatt skupaj s partnerji BDO, Bankhaus Sp\u00e4ngler, Avstrijsko notarsko zbornico in VERO izbira najbolj\u0161e dru\u017einsko podjetje v Avstriji. Leta 2014 je podjetje Leeb na Koro\u0161kem osvojilo 1. mesto. Podjetje s \u010dastitljivo tradicijo, ki ga danes vodi \u017ee \u010detrta generacija dru\u017eine Leeb, se je v zadnjih 110. letih iz majhne industrijske \u017eage razvilo v najve\u010djega evropskega proizvajalca balkonov in ograj iz aluminija.<\/p>\n\n        <\/div>\n      <\/div>\n    <\/div>\n    <\/div>\n  <\/div>\n<\/section>\n\n\n\n<section class=\"wp-block-cgb-t3-section-block alignfull b-pt-none\" style=\"display:inherit;background-color:#F5F5F5;min-height:inherit\">\n<div class=\"wp-block-cgb-t3-container-block b-has-offset-h\" style=\"background-color:none\"><div class=\"grid-container\"><div class=\"grid-x\"><div class=\"cell small-12 medium-6 large-0 medium-offset-1\">\n<h2 class=\"wp-block-heading\">Odli\u010dne storitve<\/h2>\n<\/div><\/div><\/div><\/div>\n\n\n\n<div class=\"wp-block-cgb-t3-container-block none\" style=\"background-color:none\"><div class=\"grid-container\"><div class=\"grid-x\"><div class=\"cell small-12 medium-9 large-0 medium-offset-1 b-has-pt\">\n<p><span class=\"teaser\">Nenehen razvoj, inovativne ideje, visoko kvalificirani sodelavci in pogum za spremembe \u2013 to je klju\u010d do uspeha. Podjetje Leeb Balkone je svojo odli\u010dnost dokazalo \u017ee ve\u010dkrat in je v zadnjih letih prejelo \u0161tevilne nagrade za uspeh.<\/span><\/p>\n<\/div><\/div><\/div><\/div>\n\n\n\n<div class=\"wp-block-cgb-t3-container-block none\" style=\"background-color:none\"><div class=\"grid-container\"><div class=\"grid-x\"><div class=\"cell small-12 medium-8 large-0 medium-offset-2\"><div class=\"l-wrapper\">\n  <ul data-block_5f4e637ec1ed5 class=\"c-list b-iconlist grid-x align-justify iconlist alignwide\">\n                      <li class=\"b-iconlist__item  small-6 medium-4 large-4\">\n          <div class=\"b-iconlist__icon img\">\n      <img loading=\"lazy\" decoding=\"async\" width=\"626\" height=\"628\" src=\"https:\/\/www.leeb-balkone.com\/app\/uploads\/2020\/09\/logo_tuev-01.png\" class=\"b-iconlist__img\" alt=\"logo_tuev 01\" srcset=\"https:\/\/www.leeb-balkone.com\/app\/uploads\/2020\/09\/logo_tuev-01.png 626w, https:\/\/www.leeb-balkone.com\/app\/uploads\/2020\/09\/logo_tuev-01-150x150.png 150w, https:\/\/www.leeb-balkone.com\/app\/uploads\/2020\/09\/logo_tuev-01-300x300.png 300w\" sizes=\"auto, (min-width: 1200px) 260px, (min-width: 1024px) 220px, (min-width: 640px) 465px, 768px\" \/>      \n    <\/div>\n      <div class=\"b-iconlist__body\">\n              <p>Pridobljen T\u00dcV certifikat<\/p>\n      <\/div>\n  \n        <\/li>\n              <li class=\"b-iconlist__item  small-6 medium-4 large-4\">\n          <div class=\"b-iconlist__icon img\">\n      <img loading=\"lazy\" decoding=\"async\" width=\"626\" height=\"628\" src=\"https:\/\/www.leeb-balkone.com\/app\/uploads\/2020\/09\/Austria-Guetezeichen-2024.jpg\" class=\"b-iconlist__img\" alt=\"Austria Guetezeichen 2024\" sizes=\"auto, (min-width: 1200px) 260px, (min-width: 1024px) 220px, (min-width: 640px) 465px, 768px\" \/>      \n    <\/div>\n      <div class=\"b-iconlist__body\">\n              <p>Preverjena kakovost<\/p>\n      <\/div>\n  \n        <\/li>\n              <li class=\"b-iconlist__item  small-6 medium-4 large-4\">\n          <div class=\"b-iconlist__icon img\">\n      <img loading=\"lazy\" decoding=\"async\" width=\"626\" height=\"628\" src=\"https:\/\/www.leeb-balkone.com\/app\/uploads\/2020\/09\/logo_staatlich-01.png\" class=\"b-iconlist__img\" alt=\"logo_staatlich 01\" srcset=\"https:\/\/www.leeb-balkone.com\/app\/uploads\/2020\/09\/logo_staatlich-01.png 626w, https:\/\/www.leeb-balkone.com\/app\/uploads\/2020\/09\/logo_staatlich-01-300x300.png 300w, https:\/\/www.leeb-balkone.com\/app\/uploads\/2020\/09\/logo_staatlich-01-150x150.png 150w, https:\/\/www.leeb-balkone.com\/app\/uploads\/2020\/09\/logo_staatlich-01-240x240.png 240w\" sizes=\"auto, (min-width: 1200px) 260px, (min-width: 1024px) 220px, (min-width: 640px) 465px, 768px\" \/>      \n    <\/div>\n      <div class=\"b-iconlist__body\">\n              <p>Prejemnik dr\u017eavnega odli\u010dja<\/p>\n      <\/div>\n  \n        <\/li>\n            <\/ul>\n<\/div>\n<\/div><\/div><\/div><\/div>\n<\/section>\n\n\n\n<section class=\"wp-block-cgb-t3-section-block alignfull b-pt-none  is-style-bg-transparent\" style=\"display:inherit;min-height:inherit\">\n<div class=\"wp-block-cgb-t3-container-block b-has-offset-b\" style=\"background-color:#EE7203\"><div class=\"has-padding none grid-container-wrapper\"><div class=\"grid-container\"><div class=\"grid-x\"><div class=\"cell small-12 medium-10 large-0 medium-offset-1 b-has-lsmb\">\n<h2 class=\"has-white-color has-text-color wp-block-heading\"><span class=\"h2ash1\">Vse o tej temi <strong>Balkon, ograja &amp; dodatni proizvodi<\/strong><\/span><\/h2>\n\n\n\n<p class=\"has-white-color has-text-color\"><span class=\"teaser\"><strong><strong>Vodilnemu evropskemu proizvajalcu balkonskih ograj zaupa ve\u010d kot 100.000 zadovoljnih strank, ve\u010d kot 50.000 teko\u010dih metrov za vzdr\u017eevanje nezahtevnih ograj iz lesa, aluminija, stekla in nerjave\u010dega jekla vsako leto zapusti proizvodni obrat v kraju Gnesau v Avstriji in najde svoj prostor na balkonih v Avstriji, Nem\u010diji, Italiji, Franciji in \u0160vici.<\/strong><\/strong><\/span><\/p>\n<\/div><\/div><\/div><\/div><\/div>\n\n\n\n<div class=\"wp-block-cgb-t3-container-block none\" style=\"background-color:none\"><div class=\"grid-container\"><div class=\"grid-x\"><div class=\"cell small-12 medium-12 large-0\"><div class=\"u-grid-temp has-2-cols u-md-2 u-sm-1 is-style-transparent-cards offset wp-block-group is-layout-grid wp-block-group-is-layout-grid\">\n\n\n  \n\n            <div class=\"wp-block-group m-card is-layout-flow wp-block-group-is-layout-flow\">\n      <figure data-imgid=\"13213\" class=\"wp-block-image size-large\">\n      <a href=\"https:\/\/www.leeb-balkone.com\/sl\/tehnika\/alu-comfort-plus\/\" class=\"no-default-link\">\n        <img decoding=\"async\" width=\"768\" height=\"499\" src=\"https:\/\/www.leeb-balkone.com\/app\/uploads\/2020\/04\/shutterstock_4878571_red-768x499.jpg\" class=\"attachment-medium_large size-medium_large\" alt=\"Alu Comfort Plus - patentiran pra\u0161ni premaz z u\u010dinkom lotosa iz Leeb Balconies\" title=\"Alu Comfort Plus\u00ae\" loading=\"lazy\" srcset=\"https:\/\/www.leeb-balkone.com\/app\/uploads\/2020\/04\/shutterstock_4878571_red-768x499.jpg 768w, https:\/\/www.leeb-balkone.com\/app\/uploads\/2020\/04\/shutterstock_4878571_red-300x195.jpg 300w, https:\/\/www.leeb-balkone.com\/app\/uploads\/2020\/04\/shutterstock_4878571_red-1024x665.jpg 1024w, https:\/\/www.leeb-balkone.com\/app\/uploads\/2020\/04\/shutterstock_4878571_red-1536x997.jpg 1536w, https:\/\/www.leeb-balkone.com\/app\/uploads\/2020\/04\/shutterstock_4878571_red-2048x1330.jpg 2048w\" sizes=\"auto, (min-width: 1200px) 360px, (min-width: 1024px) 300px, (min-width: 640px) 768px, 768px\" \/>      <\/a>\n    <\/figure>\n  \n  <div class=\"wp-block-group m-card-content is-vertical is-layout-flex wp-block-group-is-layout-flex\">\n            <h3 class=\"wp-block-heading\">\n          <a href=\"https:\/\/www.leeb-balkone.com\/sl\/tehnika\/alu-comfort-plus\/\" class=\"no-default-link\">Alu Comfort Plus\u00ae<\/a>\n        <\/h3>\n        <p>Edinstvena in patentirana povr\u0161ina ALU COMFORT PLUS\u00ae z izjemno u\u010dinkovitim lotosovim u\u010dinkom je bistvo nenehnih inovacij.<\/p>\n          <a href=\"https:\/\/www.leeb-balkone.com\/sl\/tehnika\/alu-comfort-plus\/\" class=\"more\">ve\u010d informacij<\/a>\n      <\/div>\n<\/div>\n\n          <div class=\"wp-block-group m-card is-layout-flow wp-block-group-is-layout-flow\">\n      <figure data-imgid=\"44739\" class=\"wp-block-image size-large\">\n      <a href=\"https:\/\/www.leeb-balkone.com\/sl\/distribucijski-partnerji\/\" class=\"no-default-link\">\n        <img decoding=\"async\" width=\"768\" height=\"575\" src=\"https:\/\/www.leeb-balkone.com\/app\/uploads\/2020\/12\/firma-leeb-balkone-zentrale-gnesau-768x575.jpg\" class=\"attachment-medium_large size-medium_large\" alt=\"Sede\u017e podjetja Leeb Balkone GmbH v Gnesau\" title=\"Lokacije Leeb\" loading=\"lazy\" srcset=\"https:\/\/www.leeb-balkone.com\/app\/uploads\/2020\/12\/firma-leeb-balkone-zentrale-gnesau-768x575.jpg 768w, https:\/\/www.leeb-balkone.com\/app\/uploads\/2020\/12\/firma-leeb-balkone-zentrale-gnesau-300x225.jpg 300w, https:\/\/www.leeb-balkone.com\/app\/uploads\/2020\/12\/firma-leeb-balkone-zentrale-gnesau-1024x767.jpg 1024w, https:\/\/www.leeb-balkone.com\/app\/uploads\/2020\/12\/firma-leeb-balkone-zentrale-gnesau-1536x1151.jpg 1536w, https:\/\/www.leeb-balkone.com\/app\/uploads\/2020\/12\/firma-leeb-balkone-zentrale-gnesau-2048x1535.jpg 2048w\" sizes=\"auto, (min-width: 1200px) 360px, (min-width: 1024px) 300px, (min-width: 640px) 768px, 768px\" \/>      <\/a>\n    <\/figure>\n  \n  <div class=\"wp-block-group m-card-content is-vertical is-layout-flex wp-block-group-is-layout-flex\">\n            <h3 class=\"wp-block-heading\">\n          <a href=\"https:\/\/www.leeb-balkone.com\/sl\/distribucijski-partnerji\/\" class=\"no-default-link\">Lokacije Leeb<\/a>\n        <\/h3>\n        <p>Na\u0161a prodajna mre\u017ea obsega pribli\u017eno 100 partnerjev Leeb v Avstriji, Nem\u010diji, Italiji, \u0160vici, na Slova\u0161kem in v Sloveniji. V va\u0161i bli\u017eini je vedno na voljo partner Leeb! <\/p>\n          <a href=\"https:\/\/www.leeb-balkone.com\/sl\/distribucijski-partnerji\/\" class=\"more\">Poi\u0161\u010dite prodajnega partnerja<\/a>\n      <\/div>\n<\/div>\n\n          <div class=\"wp-block-group m-card is-layout-flow wp-block-group-is-layout-flow\">\n      <figure data-imgid=\"15875\" class=\"wp-block-image size-large\">\n      <a href=\"https:\/\/www.leeb-balkone.com\/sl\/storitev\/dostava-in-montaza\/\" class=\"no-default-link\">\n        <img decoding=\"async\" width=\"768\" height=\"575\" src=\"https:\/\/www.leeb-balkone.com\/app\/uploads\/2020\/08\/mitarbeiter-montage-bei-leeb-balkone-768x575.jpeg\" class=\"attachment-medium_large size-medium_large\" alt=\"mitarbeiter montage bei leeb balkone\" title=\"Z nami ste na varni strani\" loading=\"lazy\" srcset=\"https:\/\/www.leeb-balkone.com\/app\/uploads\/2020\/08\/mitarbeiter-montage-bei-leeb-balkone-768x575.jpeg 768w, https:\/\/www.leeb-balkone.com\/app\/uploads\/2020\/08\/mitarbeiter-montage-bei-leeb-balkone-300x225.jpeg 300w, https:\/\/www.leeb-balkone.com\/app\/uploads\/2020\/08\/mitarbeiter-montage-bei-leeb-balkone-1024x767.jpeg 1024w, https:\/\/www.leeb-balkone.com\/app\/uploads\/2020\/08\/mitarbeiter-montage-bei-leeb-balkone-1536x1151.jpeg 1536w, https:\/\/www.leeb-balkone.com\/app\/uploads\/2020\/08\/mitarbeiter-montage-bei-leeb-balkone-2048x1534.jpeg 2048w\" sizes=\"auto, (min-width: 1200px) 360px, (min-width: 1024px) 300px, (min-width: 640px) 768px, 768px\" \/>      <\/a>\n    <\/figure>\n  \n  <div class=\"wp-block-group m-card-content is-vertical is-layout-flex wp-block-group-is-layout-flex\">\n            <h3 class=\"wp-block-heading\">\n          <a href=\"https:\/\/www.leeb-balkone.com\/sl\/storitev\/dostava-in-montaza\/\" class=\"no-default-link\">Z nami ste na varni strani<\/a>\n        <\/h3>\n        <p>Kar se natan\u010dno za\u010dne, se tudi natan\u010dno kon\u010da. Na\u0161e balkone in ograje, ki so sve\u017ee iz tovarne, strokovno dostavijo posebni tovornjaki, namestijo pa jih strokovnjaki. Hitro, enostavno in brez hrupa.  <\/p>\n          <a href=\"https:\/\/www.leeb-balkone.com\/sl\/storitev\/dostava-in-montaza\/\" class=\"more\">ve\u010d informacij<\/a>\n      <\/div>\n<\/div>\n\n          <div class=\"wp-block-group m-card is-layout-flow wp-block-group-is-layout-flow\">\n      <figure data-imgid=\"22536\" class=\"wp-block-image size-large\">\n      <a href=\"https:\/\/www.leeb-balkone.com\/sl\/storitev\/projektantske-storitve\/\" class=\"no-default-link\">\n        <img decoding=\"async\" width=\"768\" height=\"510\" src=\"https:\/\/www.leeb-balkone.com\/app\/uploads\/2021\/01\/perfekter-planungsservice-leeb-balkone-768x510.jpg\" class=\"attachment-medium_large size-medium_large\" alt=\"Na\u010drtovanje balkonov, ograj in teras - posvet s strokovnjakom za balkone iz podjetja Leeb Balconies (storitev na\u010drtovanja)\" title=\"Storitev na\u010drtovanja\" loading=\"lazy\" srcset=\"https:\/\/www.leeb-balkone.com\/app\/uploads\/2021\/01\/perfekter-planungsservice-leeb-balkone-768x510.jpg 768w, https:\/\/www.leeb-balkone.com\/app\/uploads\/2021\/01\/perfekter-planungsservice-leeb-balkone-300x199.jpg 300w, https:\/\/www.leeb-balkone.com\/app\/uploads\/2021\/01\/perfekter-planungsservice-leeb-balkone-1024x680.jpg 1024w, https:\/\/www.leeb-balkone.com\/app\/uploads\/2021\/01\/perfekter-planungsservice-leeb-balkone-1536x1020.jpg 1536w, https:\/\/www.leeb-balkone.com\/app\/uploads\/2021\/01\/perfekter-planungsservice-leeb-balkone-2048x1360.jpg 2048w\" sizes=\"auto, (min-width: 1200px) 360px, (min-width: 1024px) 300px, (min-width: 640px) 768px, 768px\" \/>      <\/a>\n    <\/figure>\n  \n  <div class=\"wp-block-group m-card-content is-vertical is-layout-flex wp-block-group-is-layout-flex\">\n            <h3 class=\"wp-block-heading\">\n          <a href=\"https:\/\/www.leeb-balkone.com\/sl\/storitev\/projektantske-storitve\/\" class=\"no-default-link\">Storitev na\u010drtovanja<\/a>\n        <\/h3>\n        <p>Osebni svetovalec Leeb na va\u0161em obmo\u010dju vam bo pomagal izbrati pravi balkon, ograjo ali stre\u0161no kritino &#8211; od na\u010drtovanja do namestitve.<\/p>\n          <a href=\"https:\/\/www.leeb-balkone.com\/sl\/storitev\/projektantske-storitve\/\" class=\"more\">ve\u010d informacij<\/a>\n      <\/div>\n<\/div>\n\n      \n<\/div>\n\n\n\n<p><\/p>\n<\/div><\/div><\/div><\/div>\n<\/section>\n","protected":false},"excerpt":{"rendered":"","protected":false},"author":1,"featured_media":0,"parent":17331,"menu_order":4,"comment_status":"closed","ping_status":"closed","template":"template-onepager.blade.php","meta":{"_acf_changed":false,"footnotes":"","_sage_theme_css":true,"_wp_block_core_css":false},"folder":[],"class_list":["post-21236","page","type-page","status-publish","hentry"],"acf":[],"yoast_head":"<!-- This site is optimized with the Yoast SEO plugin v27.2 - https:\/\/yoast.com\/product\/yoast-seo-wordpress\/ -->\n<title>Odli\u010dja - Leeb Balkone Slovenija<\/title>\n<meta name=\"description\" content=\"Odli\u010dne storitve Nenehen razvoj, inovativne ideje, visoko kvalificirani sodelavci in pogum za spremembe \u2013 to je klju\u010d do uspeha. Podjetje Leeb Balkone je\" \/>\n<meta name=\"robots\" content=\"index, follow, max-snippet:-1, max-image-preview:large, max-video-preview:-1\" \/>\n<meta property=\"og:locale\" content=\"sl_SI\" \/>\n<meta property=\"og:type\" content=\"article\" \/>\n<meta property=\"og:title\" content=\"Odli\u010dja - Leeb Balkone\" \/>\n<meta property=\"og:description\" content=\"Odli\u010dne storitve Nenehen razvoj, inovativne ideje, visoko kvalificirani sodelavci in pogum za spremembe \u2013 to je klju\u010d do uspeha. Podjetje Leeb Balkone je\" \/>\n<meta property=\"og:url\" content=\"https:\/\/www.leeb-balkone.com\/sl\/podjetje\/odlicja\/\" \/>\n<meta property=\"og:site_name\" content=\"Leeb Balkone\" \/>\n<meta property=\"article:publisher\" content=\"https:\/\/www.facebook.com\/balkone\/\" \/>\n<meta property=\"article:modified_time\" content=\"2021-02-10T05:44:43+00:00\" \/>\n<meta property=\"og:image\" content=\"https:\/\/www.leeb-balkone.com\/app\/uploads\/2020\/09\/alu-balkongelaender-zufriedene-kunden-1.jpg\" \/>\n\t<meta property=\"og:image:width\" content=\"2560\" \/>\n\t<meta property=\"og:image:height\" content=\"1762\" \/>\n\t<meta property=\"og:image:type\" content=\"image\/jpeg\" \/>\n<meta name=\"twitter:card\" content=\"summary_large_image\" \/>\n<script type=\"application\/ld+json\" class=\"yoast-schema-graph\">{\"@context\":\"https:\/\/schema.org\",\"@graph\":[{\"@type\":\"WebPage\",\"@id\":\"https:\/\/www.leeb-balkone.com\/sl\/podjetje\/odlicja\/\",\"url\":\"https:\/\/www.leeb-balkone.com\/sl\/podjetje\/odlicja\/\",\"name\":\"Odli\u010dja - Leeb Balkone\",\"isPartOf\":{\"@id\":\"https:\/\/www.leeb-balkone.com\/sl\/#website\"},\"datePublished\":\"2020-09-23T11:41:40+00:00\",\"dateModified\":\"2021-02-10T05:44:43+00:00\",\"description\":\"Odli\u010dne storitve Nenehen razvoj, inovativne ideje, visoko kvalificirani sodelavci in pogum za spremembe \u2013 to je klju\u010d do uspeha. Podjetje Leeb Balkone je\",\"breadcrumb\":{\"@id\":\"https:\/\/www.leeb-balkone.com\/sl\/podjetje\/odlicja\/#breadcrumb\"},\"inLanguage\":\"sl-SI\",\"potentialAction\":[{\"@type\":\"ReadAction\",\"target\":[\"https:\/\/www.leeb-balkone.com\/sl\/podjetje\/odlicja\/\"]}]},{\"@type\":\"BreadcrumbList\",\"@id\":\"https:\/\/www.leeb-balkone.com\/sl\/podjetje\/odlicja\/#breadcrumb\",\"itemListElement\":[{\"@type\":\"ListItem\",\"position\":1,\"name\":\"Home\",\"item\":\"https:\/\/www.leeb-balkone.com\/sl\/\"},{\"@type\":\"ListItem\",\"position\":2,\"name\":\"Podjete\",\"item\":\"https:\/\/www.leeb-balkone.com\/sl\/podjetje\/\"},{\"@type\":\"ListItem\",\"position\":3,\"name\":\"Odli\u010dja\"}]},{\"@type\":\"WebSite\",\"@id\":\"https:\/\/www.leeb-balkone.com\/sl\/#website\",\"url\":\"https:\/\/www.leeb-balkone.com\/sl\/\",\"name\":\"Leeb Balkone\",\"description\":\"Balkone und Z\u00e4une\",\"publisher\":{\"@id\":\"https:\/\/www.leeb-balkone.com\/sl\/#organization\"},\"potentialAction\":[{\"@type\":\"SearchAction\",\"target\":{\"@type\":\"EntryPoint\",\"urlTemplate\":\"https:\/\/www.leeb-balkone.com\/sl\/?s={search_term_string}\"},\"query-input\":{\"@type\":\"PropertyValueSpecification\",\"valueRequired\":true,\"valueName\":\"search_term_string\"}}],\"inLanguage\":\"sl-SI\"},{\"@type\":\"Organization\",\"@id\":\"https:\/\/www.leeb-balkone.com\/sl\/#organization\",\"name\":\"Leeb Balkone Gmbh\",\"url\":\"https:\/\/www.leeb-balkone.com\/sl\/\",\"logo\":{\"@type\":\"ImageObject\",\"inLanguage\":\"sl-SI\",\"@id\":\"https:\/\/www.leeb-balkone.com\/sl\/#\/schema\/logo\/image\/\",\"url\":\"https:\/\/www.leeb-balkone.com\/app\/uploads\/2020\/11\/leeb-logo.svg\",\"contentUrl\":\"https:\/\/www.leeb-balkone.com\/app\/uploads\/2020\/11\/leeb-logo.svg\",\"width\":741,\"height\":204,\"caption\":\"Leeb Balkone Gmbh\"},\"image\":{\"@id\":\"https:\/\/www.leeb-balkone.com\/sl\/#\/schema\/logo\/image\/\"},\"sameAs\":[\"https:\/\/www.facebook.com\/balkone\/\",\"https:\/\/www.trustedshops.at\/bewertung\/info_X4587CCF5833E31AFE0B11F47D86999F2.html\",\"https:\/\/www.trustedshops.de\/bewertung\/info_X7BA536A7A0BDC86D36C4718E4DCAEEEF.html\",\"https:\/\/www.google.com\/maps\/place\/?q=place_id:ChIJ5-zH19-IcEcR9HonWRTllHI\"]}]}<\/script>\n<!-- \/ Yoast SEO plugin. -->","yoast_head_json":{"title":"Odli\u010dja - Leeb Balkone Slovenija","description":"Odli\u010dne storitve Nenehen razvoj, inovativne ideje, visoko kvalificirani sodelavci in pogum za spremembe \u2013 to je klju\u010d do uspeha. Podjetje Leeb Balkone je","robots":{"index":"index","follow":"follow","max-snippet":"max-snippet:-1","max-image-preview":"max-image-preview:large","max-video-preview":"max-video-preview:-1"},"og_locale":"sl_SI","og_type":"article","og_title":"Odli\u010dja - Leeb Balkone","og_description":"Odli\u010dne storitve Nenehen razvoj, inovativne ideje, visoko kvalificirani sodelavci in pogum za spremembe \u2013 to je klju\u010d do uspeha. Podjetje Leeb Balkone je","og_url":"https:\/\/www.leeb-balkone.com\/sl\/podjetje\/odlicja\/","og_site_name":"Leeb Balkone","article_publisher":"https:\/\/www.facebook.com\/balkone\/","article_modified_time":"2021-02-10T05:44:43+00:00","og_image":[{"width":2560,"height":1762,"url":"https:\/\/www.leeb-balkone.com\/app\/uploads\/2020\/09\/alu-balkongelaender-zufriedene-kunden-1.jpg","type":"image\/jpeg"}],"twitter_card":"summary_large_image","schema":{"@context":"https:\/\/schema.org","@graph":[{"@type":"WebPage","@id":"https:\/\/www.leeb-balkone.com\/sl\/podjetje\/odlicja\/","url":"https:\/\/www.leeb-balkone.com\/sl\/podjetje\/odlicja\/","name":"Odli\u010dja - Leeb Balkone","isPartOf":{"@id":"https:\/\/www.leeb-balkone.com\/sl\/#website"},"datePublished":"2020-09-23T11:41:40+00:00","dateModified":"2021-02-10T05:44:43+00:00","description":"Odli\u010dne storitve Nenehen razvoj, inovativne ideje, visoko kvalificirani sodelavci in pogum za spremembe \u2013 to je klju\u010d do uspeha. Podjetje Leeb Balkone je","breadcrumb":{"@id":"https:\/\/www.leeb-balkone.com\/sl\/podjetje\/odlicja\/#breadcrumb"},"inLanguage":"sl-SI","potentialAction":[{"@type":"ReadAction","target":["https:\/\/www.leeb-balkone.com\/sl\/podjetje\/odlicja\/"]}]},{"@type":"BreadcrumbList","@id":"https:\/\/www.leeb-balkone.com\/sl\/podjetje\/odlicja\/#breadcrumb","itemListElement":[{"@type":"ListItem","position":1,"name":"Home","item":"https:\/\/www.leeb-balkone.com\/sl\/"},{"@type":"ListItem","position":2,"name":"Podjete","item":"https:\/\/www.leeb-balkone.com\/sl\/podjetje\/"},{"@type":"ListItem","position":3,"name":"Odli\u010dja"}]},{"@type":"WebSite","@id":"https:\/\/www.leeb-balkone.com\/sl\/#website","url":"https:\/\/www.leeb-balkone.com\/sl\/","name":"Leeb Balkone","description":"Balkone und Z\u00e4une","publisher":{"@id":"https:\/\/www.leeb-balkone.com\/sl\/#organization"},"potentialAction":[{"@type":"SearchAction","target":{"@type":"EntryPoint","urlTemplate":"https:\/\/www.leeb-balkone.com\/sl\/?s={search_term_string}"},"query-input":{"@type":"PropertyValueSpecification","valueRequired":true,"valueName":"search_term_string"}}],"inLanguage":"sl-SI"},{"@type":"Organization","@id":"https:\/\/www.leeb-balkone.com\/sl\/#organization","name":"Leeb Balkone Gmbh","url":"https:\/\/www.leeb-balkone.com\/sl\/","logo":{"@type":"ImageObject","inLanguage":"sl-SI","@id":"https:\/\/www.leeb-balkone.com\/sl\/#\/schema\/logo\/image\/","url":"https:\/\/www.leeb-balkone.com\/app\/uploads\/2020\/11\/leeb-logo.svg","contentUrl":"https:\/\/www.leeb-balkone.com\/app\/uploads\/2020\/11\/leeb-logo.svg","width":741,"height":204,"caption":"Leeb Balkone Gmbh"},"image":{"@id":"https:\/\/www.leeb-balkone.com\/sl\/#\/schema\/logo\/image\/"},"sameAs":["https:\/\/www.facebook.com\/balkone\/","https:\/\/www.trustedshops.at\/bewertung\/info_X4587CCF5833E31AFE0B11F47D86999F2.html","https:\/\/www.trustedshops.de\/bewertung\/info_X7BA536A7A0BDC86D36C4718E4DCAEEEF.html","https:\/\/www.google.com\/maps\/place\/?q=place_id:ChIJ5-zH19-IcEcR9HonWRTllHI"]}]}},"_links":{"self":[{"href":"https:\/\/www.leeb-balkone.com\/sl\/wp-json\/wp\/v2\/pages\/21236","targetHints":{"allow":["GET"]}}],"collection":[{"href":"https:\/\/www.leeb-balkone.com\/sl\/wp-json\/wp\/v2\/pages"}],"about":[{"href":"https:\/\/www.leeb-balkone.com\/sl\/wp-json\/wp\/v2\/types\/page"}],"author":[{"embeddable":true,"href":"https:\/\/www.leeb-balkone.com\/sl\/wp-json\/wp\/v2\/users\/1"}],"replies":[{"embeddable":true,"href":"https:\/\/www.leeb-balkone.com\/sl\/wp-json\/wp\/v2\/comments?post=21236"}],"version-history":[{"count":0,"href":"https:\/\/www.leeb-balkone.com\/sl\/wp-json\/wp\/v2\/pages\/21236\/revisions"}],"up":[{"embeddable":true,"href":"https:\/\/www.leeb-balkone.com\/sl\/wp-json\/wp\/v2\/pages\/17331"}],"wp:attachment":[{"href":"https:\/\/www.leeb-balkone.com\/sl\/wp-json\/wp\/v2\/media?parent=21236"}],"wp:term":[{"taxonomy":"folder","embeddable":true,"href":"https:\/\/www.leeb-balkone.com\/sl\/wp-json\/wp\/v2\/folder?post=21236"}],"curies":[{"name":"wp","href":"https:\/\/api.w.org\/{rel}","templated":true}]}}