{"id":20300,"date":"2020-08-26T20:10:22","date_gmt":"2020-08-26T20:10:22","guid":{"rendered":"https:\/\/www.leeb-balkone.com\/de\/hotellerie\/"},"modified":"2026-01-13T13:19:05","modified_gmt":"2026-01-13T13:19:05","slug":"hotelski-objekti","status":"publish","type":"page","link":"https:\/\/www.leeb-balkone.com\/sl\/hotelski-objekti\/","title":{"rendered":"HOTELSKI OBJEKTI"},"content":{"rendered":"<header data-block_5ed673af9a55a class=\"c-fh  l-mh c-fh--hero c-grad-l2r c-fh--div none\">\n      <img loading=\"lazy\" decoding=\"async\" width=\"2560\" height=\"1801\" src=\"https:\/\/www.leeb-balkone.com\/app\/uploads\/2020\/07\/balkongelaender-wohnungswirtschaft-5-scaled.jpg\" class=\"no-lazy\" alt=\"balkongelaender hotellerie 22\" srcset=\"https:\/\/www.leeb-balkone.com\/app\/uploads\/2020\/07\/balkongelaender-wohnungswirtschaft-5-scaled.jpg 2560w, https:\/\/www.leeb-balkone.com\/app\/uploads\/2020\/07\/balkongelaender-wohnungswirtschaft-5-300x211.jpg 300w, https:\/\/www.leeb-balkone.com\/app\/uploads\/2020\/07\/balkongelaender-wohnungswirtschaft-5-1024x721.jpg 1024w, https:\/\/www.leeb-balkone.com\/app\/uploads\/2020\/07\/balkongelaender-wohnungswirtschaft-5-768x540.jpg 768w, https:\/\/www.leeb-balkone.com\/app\/uploads\/2020\/07\/balkongelaender-wohnungswirtschaft-5-1536x1081.jpg 1536w, https:\/\/www.leeb-balkone.com\/app\/uploads\/2020\/07\/balkongelaender-wohnungswirtschaft-5-2048x1441.jpg 2048w\" sizes=\"auto, (min-width: 1536px) 2048px, (min-width: 992px) 1536px, (min-width: 768px) 1024px, (min-width: 576px) 768px, 100vw\" \/>\n\n\n<div class=\"grid-container\">\n  <div class=\"grid-x\">\n    <div class=\"cell small-12 medium-6 medium-offset-1\">\n      <div class=\"c-fh__wrapper\">\n                              <p>Ker se kakovost izpla\u010da<\/p>\n                        <\/div>\n    <\/div>\n  <\/div>\n<\/div>\n  \n    \n    <\/header>\n\n\n  \n  <section class=\"wp-block-group alignfull t3-header u-max-wide t3-header-text has-white-background-color has-background has-global-padding is-layout-constrained wp-block-group-is-layout-constrained\">\n    <div class=\"wp-block-group o-grid u-md-1 u-sm-1 is-layout-flow wp-block-group-is-layout-flow\">\n  <div class=\"wp-block-group u-g-10 u-g-s-2\">\n      <div class=\"yoast-breadcrumbs\"><span><span><a href=\"https:\/\/www.leeb-balkone.com\/sl\/\">Home<\/a><\/span><\/span><\/div>\n      \n    <h1>HOTELSKI OBJEKTI<\/h1>\n  <\/div>\n<\/div>\n  <\/section>\n\n\n\n\n\n\n<section class=\"wp-block-cgb-t3-section-block alignfull b-pt-none b-pb-small is-style-bg-white\" style=\"display:inherit;min-height:inherit\">\n<div class=\"wp-block-cgb-t3-container-block none\" style=\"background-color:none\"><div class=\"grid-container\"><div class=\"grid-x\"><div class=\"cell small-12 medium-9 large-0 medium-offset-1 b-has-pt b-has-lsmb\">\n<p><span class=\"teaser\">Leeb balkonski sistemi omogo\u010dajo izvedbo balkonov za vse tipe hi\u0161. Na\u0161i balkoni v aluminijasti izvedbi, ki ne zahtevajo vzdr\u017eevanja, predstavljajo odlo\u010dilno prednost pred jeklenimi balkoni. Nekoliko vi\u0161ji stro\u0161ki nabave Leeb balkona se amortizirajo \u017ee v kratkem \u010dasu, saj redna vzdr\u017eevalna dela kot so barvanje, bru\u0161enje in menjave po\u0161kodovanih delov, niso potrebna.<\/span><\/p>\n\n\n\n<h3 class=\"wp-block-heading\"><strong>Vodilni evropski proizvajalec balkonov<\/strong><\/h3>\n\n\n\n<p>Poleg ve\u010d kot 100.000 zasebnih strank so se tudi \u0161tevilni turisti\u010dni obrati v Avstriji, Nem\u010diji, Franciji, Italiji, \u0160vici in Sloveniji odlo\u010dili za Leeb. Z dobrim razlogom.<\/p>\n<\/div><\/div><\/div><\/div>\n\n\n\n<div class=\"wp-block-cgb-t3-container-block none\" style=\"background-color:none\"><div class=\"grid-container\"><div class=\"grid-x\"><div class=\"cell small-12 medium-0 large-0 b-has-pt b-has-lsmb\"><div class=\"b-sps l-mbs\" id=\"\">\n    <div class=\"grid-container\">\n      <div class=\"grid-x\">\n              <div class=\"cell b-sps__bgimg lazyload bgx-center bgy-center small-12 medium-6 small-order-1 medium-order-1\">\n          \n            <img loading=\"lazy\" decoding=\"async\" width=\"1024\" height=\"768\" src=\"https:\/\/www.leeb-balkone.com\/app\/uploads\/2020\/11\/interalpen-hotel-balkongelaender-hotellerie-leeb-1-1024x768.jpg\" class=\"attachment-large size-large\" alt=\"5 Sterne Interalpenhotel in Telfs mit Leeb-Balkongel\u00e4nder\" srcset=\"https:\/\/www.leeb-balkone.com\/app\/uploads\/2020\/11\/interalpen-hotel-balkongelaender-hotellerie-leeb-1-1024x768.jpg 1024w, https:\/\/www.leeb-balkone.com\/app\/uploads\/2020\/11\/interalpen-hotel-balkongelaender-hotellerie-leeb-1-300x225.jpg 300w, https:\/\/www.leeb-balkone.com\/app\/uploads\/2020\/11\/interalpen-hotel-balkongelaender-hotellerie-leeb-1-768x576.jpg 768w, https:\/\/www.leeb-balkone.com\/app\/uploads\/2020\/11\/interalpen-hotel-balkongelaender-hotellerie-leeb-1-1536x1152.jpg 1536w, https:\/\/www.leeb-balkone.com\/app\/uploads\/2020\/11\/interalpen-hotel-balkongelaender-hotellerie-leeb-1-2048x1536.jpg 2048w\" sizes=\"auto, (min-width: 1200px) 1024px, (min-width: 1024px) 768px, (min-width: 640px) 768px, 768px\" \/>        <\/div>\n            <div class=\"cell b-sps__cont  small-12 medium-6 small-order-2 medium-order-2 offset\">\n        <div class=\"b-sps__inner-cont  bg--primary pdd\">\n          <p><em>\u201eNovi balkoni so fasadi hotela Interalpen-Hotel Tyrol dali novo podobo. Osve\u017eili so zunanji izgled stavbe, gledano od znotraj pa se tudi odli\u010dno ujemajo z novim dizajnom sob. Zares posre\u010dena izvedba, ki jo na\u0161i gostje in mi sami zelo cenimo\u201d<\/em><\/p>\n<p><strong><em>Direktor Oliver Math\u00e9e, Interalpen-Hotel Tyrol, Telfs-Buchen\u00a0<\/em><\/strong><\/p>\n\n        <\/div>\n      <\/div>\n    <\/div>\n    <\/div>\n  <\/div>\n\n\n\n<p><\/p>\n<\/div><\/div><\/div><\/div>\n\n\n\n<div class=\"wp-block-cgb-t3-container-block none\" style=\"background-color:none\"><div class=\"grid-container\"><div class=\"grid-x\"><div class=\"cell small-12 medium-9 large-0 medium-offset-1 b-has-pt b-has-lsmb\">\n<p><\/p>\n\n\n\n<h2 class=\"wp-block-heading\">Vtisi o projektu<\/h2>\n<\/div><\/div><\/div><\/div>\n\n\n\n<div class=\"wp-block-cgb-t3-container-block none\" style=\"background-color:none\"><div class=\"grid-container\"><div class=\"grid-x\"><div class=\"cell small-12 medium-0 large-0\"><div id=\"lightgallery-block_5fbbaa6aa184c\" data-block_5fbbaa6aa184c class=\"has-15-imgs b-cards b-cards--gallery u-grid-temp has-3-cols u-md-2 u-sm-1 wp-block-group is-layout-grid wp-block-group-is-layout-grid gallery alignwide\">\n\n        <div class=\"b-cards__item\">\n\n        <a data-src=\"https:\/\/www.leeb-balkone.com\/app\/uploads\/2020\/11\/leonharderhof-leeb-balkongelaender-1536x1151.jpeg\" data-thumb=\"https:\/\/www.leeb-balkone.com\/app\/uploads\/2020\/11\/leonharderhof-leeb-balkongelaender-300x225.jpeg\" class=\"hasHover dark\">\n        \n      <figure>\n                 <img loading=\"lazy\" decoding=\"async\" width=\"1024\" height=\"767\" src=\"https:\/\/www.leeb-balkone.com\/app\/uploads\/2020\/11\/leonharderhof-leeb-balkongelaender-1024x767.jpeg\" class=\"attachment-large size-large\" alt=\"leonharderhof leeb balkongelaender\" srcset=\"https:\/\/www.leeb-balkone.com\/app\/uploads\/2020\/11\/leonharderhof-leeb-balkongelaender-1024x767.jpeg 1024w, https:\/\/www.leeb-balkone.com\/app\/uploads\/2020\/11\/leonharderhof-leeb-balkongelaender-300x225.jpeg 300w, https:\/\/www.leeb-balkone.com\/app\/uploads\/2020\/11\/leonharderhof-leeb-balkongelaender-768x575.jpeg 768w, https:\/\/www.leeb-balkone.com\/app\/uploads\/2020\/11\/leonharderhof-leeb-balkongelaender-1536x1151.jpeg 1536w, https:\/\/www.leeb-balkone.com\/app\/uploads\/2020\/11\/leonharderhof-leeb-balkongelaender-2048x1535.jpeg 2048w\" sizes=\"auto, (min-width: 1200px) 1024px, (min-width: 1024px) 768px, (min-width: 640px) 768px, 768px\" \/>              <\/figure>\n\n                          <\/a>\n      \n        <div class=\"caption\">\n                          <p>Leonharderhof | Leogang\n              <\/div>\n  \n<\/div>\n\n        <div class=\"b-cards__item\">\n\n        <a data-src=\"https:\/\/www.leeb-balkone.com\/app\/uploads\/2020\/11\/hotel-eldorado-ischgl-leeb-balkongelaender-1536x1025.jpeg\" data-thumb=\"https:\/\/www.leeb-balkone.com\/app\/uploads\/2020\/11\/hotel-eldorado-ischgl-leeb-balkongelaender-300x200.jpeg\" class=\"hasHover dark\">\n        \n      <figure>\n                 <img loading=\"lazy\" decoding=\"async\" width=\"1024\" height=\"684\" src=\"https:\/\/www.leeb-balkone.com\/app\/uploads\/2020\/11\/hotel-eldorado-ischgl-leeb-balkongelaender-1024x684.jpeg\" class=\"attachment-large size-large\" alt=\"hotel eldorado ischgl leeb balkongelaender\" srcset=\"https:\/\/www.leeb-balkone.com\/app\/uploads\/2020\/11\/hotel-eldorado-ischgl-leeb-balkongelaender-1024x684.jpeg 1024w, https:\/\/www.leeb-balkone.com\/app\/uploads\/2020\/11\/hotel-eldorado-ischgl-leeb-balkongelaender-300x200.jpeg 300w, https:\/\/www.leeb-balkone.com\/app\/uploads\/2020\/11\/hotel-eldorado-ischgl-leeb-balkongelaender-768x513.jpeg 768w, https:\/\/www.leeb-balkone.com\/app\/uploads\/2020\/11\/hotel-eldorado-ischgl-leeb-balkongelaender-1536x1025.jpeg 1536w, https:\/\/www.leeb-balkone.com\/app\/uploads\/2020\/11\/hotel-eldorado-ischgl-leeb-balkongelaender-2048x1367.jpeg 2048w\" sizes=\"auto, (min-width: 1200px) 1024px, (min-width: 1024px) 768px, (min-width: 640px) 768px, 768px\" \/>              <\/figure>\n\n                          <\/a>\n      \n        <div class=\"caption\">\n                          <p>Hotel Eldorado |\u00a0Ischgl\n              <\/div>\n  \n<\/div>\n\n        <div class=\"b-cards__item\">\n\n        <a data-src=\"https:\/\/www.leeb-balkone.com\/app\/uploads\/2020\/07\/balkongelaender-wohnungswirtschaft-5-1536x1081.jpg\" data-thumb=\"https:\/\/www.leeb-balkone.com\/app\/uploads\/2020\/07\/balkongelaender-wohnungswirtschaft-5-300x211.jpg\" class=\"hasHover dark\">\n        \n      <figure>\n                 <img loading=\"lazy\" decoding=\"async\" width=\"1024\" height=\"721\" src=\"https:\/\/www.leeb-balkone.com\/app\/uploads\/2020\/07\/balkongelaender-wohnungswirtschaft-5-1024x721.jpg\" class=\"attachment-large size-large\" alt=\"balkongelaender wohnungswirtschaft 5\" srcset=\"https:\/\/www.leeb-balkone.com\/app\/uploads\/2020\/07\/balkongelaender-wohnungswirtschaft-5-1024x721.jpg 1024w, https:\/\/www.leeb-balkone.com\/app\/uploads\/2020\/07\/balkongelaender-wohnungswirtschaft-5-300x211.jpg 300w, https:\/\/www.leeb-balkone.com\/app\/uploads\/2020\/07\/balkongelaender-wohnungswirtschaft-5-768x540.jpg 768w, https:\/\/www.leeb-balkone.com\/app\/uploads\/2020\/07\/balkongelaender-wohnungswirtschaft-5-1536x1081.jpg 1536w, https:\/\/www.leeb-balkone.com\/app\/uploads\/2020\/07\/balkongelaender-wohnungswirtschaft-5-2048x1441.jpg 2048w\" sizes=\"auto, (min-width: 1200px) 1024px, (min-width: 1024px) 768px, (min-width: 640px) 768px, 768px\" \/>              <\/figure>\n\n                          <\/a>\n      \n        <div class=\"caption\">\n                          <p>Hotel Watles |\u00a0Vinschgau\n              <\/div>\n  \n<\/div>\n\n        <div class=\"b-cards__item\">\n\n        <a data-src=\"https:\/\/www.leeb-balkone.com\/app\/uploads\/2020\/11\/impuls-hotel-leeb-balkongelaender-2-1536x1151.jpeg\" data-thumb=\"https:\/\/www.leeb-balkone.com\/app\/uploads\/2020\/11\/impuls-hotel-leeb-balkongelaender-2-300x225.jpeg\" class=\"hasHover dark\">\n        \n      <figure>\n                 <img loading=\"lazy\" decoding=\"async\" width=\"1024\" height=\"767\" src=\"https:\/\/www.leeb-balkone.com\/app\/uploads\/2020\/11\/impuls-hotel-leeb-balkongelaender-2-1024x767.jpeg\" class=\"attachment-large size-large\" alt=\"impuls hotel leeb balkongelaender 2\" srcset=\"https:\/\/www.leeb-balkone.com\/app\/uploads\/2020\/11\/impuls-hotel-leeb-balkongelaender-2-1024x767.jpeg 1024w, https:\/\/www.leeb-balkone.com\/app\/uploads\/2020\/11\/impuls-hotel-leeb-balkongelaender-2-300x225.jpeg 300w, https:\/\/www.leeb-balkone.com\/app\/uploads\/2020\/11\/impuls-hotel-leeb-balkongelaender-2-768x575.jpeg 768w, https:\/\/www.leeb-balkone.com\/app\/uploads\/2020\/11\/impuls-hotel-leeb-balkongelaender-2-1536x1151.jpeg 1536w, https:\/\/www.leeb-balkone.com\/app\/uploads\/2020\/11\/impuls-hotel-leeb-balkongelaender-2-2048x1535.jpeg 2048w\" sizes=\"auto, (min-width: 1200px) 1024px, (min-width: 1024px) 768px, (min-width: 640px) 768px, 768px\" \/>              <\/figure>\n\n                          <\/a>\n      \n        <div class=\"caption\">\n                          <p>Impulshotel | Bad Hofgastein\n              <\/div>\n  \n<\/div>\n\n        <div class=\"b-cards__item\">\n\n        <a data-src=\"https:\/\/www.leeb-balkone.com\/app\/uploads\/2020\/11\/impuls-hotel-leeb-balkongelaender-1536x838.jpeg\" data-thumb=\"https:\/\/www.leeb-balkone.com\/app\/uploads\/2020\/11\/impuls-hotel-leeb-balkongelaender-300x164.jpeg\" class=\"hasHover dark\">\n        \n      <figure>\n                 <img loading=\"lazy\" decoding=\"async\" width=\"1024\" height=\"558\" src=\"https:\/\/www.leeb-balkone.com\/app\/uploads\/2020\/11\/impuls-hotel-leeb-balkongelaender-1024x558.jpeg\" class=\"attachment-large size-large\" alt=\"impuls hotel leeb balkongelaender\" srcset=\"https:\/\/www.leeb-balkone.com\/app\/uploads\/2020\/11\/impuls-hotel-leeb-balkongelaender-1024x558.jpeg 1024w, https:\/\/www.leeb-balkone.com\/app\/uploads\/2020\/11\/impuls-hotel-leeb-balkongelaender-300x164.jpeg 300w, https:\/\/www.leeb-balkone.com\/app\/uploads\/2020\/11\/impuls-hotel-leeb-balkongelaender-768x419.jpeg 768w, https:\/\/www.leeb-balkone.com\/app\/uploads\/2020\/11\/impuls-hotel-leeb-balkongelaender-1536x838.jpeg 1536w, https:\/\/www.leeb-balkone.com\/app\/uploads\/2020\/11\/impuls-hotel-leeb-balkongelaender-2048x1117.jpeg 2048w\" sizes=\"auto, (min-width: 1200px) 1024px, (min-width: 1024px) 768px, (min-width: 640px) 768px, 768px\" \/>              <\/figure>\n\n                          <\/a>\n      \n        <div class=\"caption\">\n                          <p>Impulshotel | Bad Hofgastein\n              <\/div>\n  \n<\/div>\n\n        <div class=\"b-cards__item\">\n\n        <a data-src=\"https:\/\/www.leeb-balkone.com\/app\/uploads\/2020\/11\/impuls-hotel-leeb-balkongelaender-1-1536x1151.jpeg\" data-thumb=\"https:\/\/www.leeb-balkone.com\/app\/uploads\/2020\/11\/impuls-hotel-leeb-balkongelaender-1-300x225.jpeg\" class=\"hasHover dark\">\n        \n      <figure>\n                 <img loading=\"lazy\" decoding=\"async\" width=\"1024\" height=\"767\" src=\"https:\/\/www.leeb-balkone.com\/app\/uploads\/2020\/11\/impuls-hotel-leeb-balkongelaender-1-1024x767.jpeg\" class=\"attachment-large size-large\" alt=\"impuls hotel leeb balkongelaender 1\" srcset=\"https:\/\/www.leeb-balkone.com\/app\/uploads\/2020\/11\/impuls-hotel-leeb-balkongelaender-1-1024x767.jpeg 1024w, https:\/\/www.leeb-balkone.com\/app\/uploads\/2020\/11\/impuls-hotel-leeb-balkongelaender-1-300x225.jpeg 300w, https:\/\/www.leeb-balkone.com\/app\/uploads\/2020\/11\/impuls-hotel-leeb-balkongelaender-1-768x575.jpeg 768w, https:\/\/www.leeb-balkone.com\/app\/uploads\/2020\/11\/impuls-hotel-leeb-balkongelaender-1-1536x1151.jpeg 1536w, https:\/\/www.leeb-balkone.com\/app\/uploads\/2020\/11\/impuls-hotel-leeb-balkongelaender-1-2048x1535.jpeg 2048w\" sizes=\"auto, (min-width: 1200px) 1024px, (min-width: 1024px) 768px, (min-width: 640px) 768px, 768px\" \/>              <\/figure>\n\n                          <\/a>\n      \n        <div class=\"caption\">\n                          <p>Impulshotel | Bad Hofgastein\n              <\/div>\n  \n<\/div>\n\n        <div class=\"b-cards__item\">\n\n        <a data-src=\"https:\/\/www.leeb-balkone.com\/app\/uploads\/2020\/07\/balkongelaender-wohnungswirtschaft-19-1536x876.jpg\" data-thumb=\"https:\/\/www.leeb-balkone.com\/app\/uploads\/2020\/07\/balkongelaender-wohnungswirtschaft-19-300x171.jpg\" class=\"hasHover dark\">\n        \n      <figure>\n                 <img loading=\"lazy\" decoding=\"async\" width=\"1024\" height=\"584\" src=\"https:\/\/www.leeb-balkone.com\/app\/uploads\/2020\/07\/balkongelaender-wohnungswirtschaft-19-1024x584.jpg\" class=\"attachment-large size-large\" alt=\"balkongelaender wohnungswirtschaft 19\" srcset=\"https:\/\/www.leeb-balkone.com\/app\/uploads\/2020\/07\/balkongelaender-wohnungswirtschaft-19-1024x584.jpg 1024w, https:\/\/www.leeb-balkone.com\/app\/uploads\/2020\/07\/balkongelaender-wohnungswirtschaft-19-300x171.jpg 300w, https:\/\/www.leeb-balkone.com\/app\/uploads\/2020\/07\/balkongelaender-wohnungswirtschaft-19-768x438.jpg 768w, https:\/\/www.leeb-balkone.com\/app\/uploads\/2020\/07\/balkongelaender-wohnungswirtschaft-19-1536x876.jpg 1536w, https:\/\/www.leeb-balkone.com\/app\/uploads\/2020\/07\/balkongelaender-wohnungswirtschaft-19-2048x1168.jpg 2048w\" sizes=\"auto, (min-width: 1200px) 1024px, (min-width: 1024px) 768px, (min-width: 640px) 768px, 768px\" \/>              <\/figure>\n\n                          <\/a>\n      \n        <div class=\"caption\">\n                          <p>Hotel Sonnbichl | S\u00fcdtirol\n              <\/div>\n  \n<\/div>\n\n        <div class=\"b-cards__item\">\n\n        <a data-src=\"https:\/\/www.leeb-balkone.com\/app\/uploads\/2020\/07\/balkongelaender-wohnungswirtschaft-18-1536x1023.jpg\" data-thumb=\"https:\/\/www.leeb-balkone.com\/app\/uploads\/2020\/07\/balkongelaender-wohnungswirtschaft-18-300x200.jpg\" class=\"hasHover dark\">\n        \n      <figure>\n                 <img loading=\"lazy\" decoding=\"async\" width=\"1024\" height=\"682\" src=\"https:\/\/www.leeb-balkone.com\/app\/uploads\/2020\/07\/balkongelaender-wohnungswirtschaft-18-1024x682.jpg\" class=\"attachment-large size-large\" alt=\"balkongelaender wohnungswirtschaft 18\" srcset=\"https:\/\/www.leeb-balkone.com\/app\/uploads\/2020\/07\/balkongelaender-wohnungswirtschaft-18-1024x682.jpg 1024w, https:\/\/www.leeb-balkone.com\/app\/uploads\/2020\/07\/balkongelaender-wohnungswirtschaft-18-300x200.jpg 300w, https:\/\/www.leeb-balkone.com\/app\/uploads\/2020\/07\/balkongelaender-wohnungswirtschaft-18-768x511.jpg 768w, https:\/\/www.leeb-balkone.com\/app\/uploads\/2020\/07\/balkongelaender-wohnungswirtschaft-18-1536x1023.jpg 1536w, https:\/\/www.leeb-balkone.com\/app\/uploads\/2020\/07\/balkongelaender-wohnungswirtschaft-18-2048x1363.jpg 2048w\" sizes=\"auto, (min-width: 1200px) 1024px, (min-width: 1024px) 768px, (min-width: 640px) 768px, 768px\" \/>              <\/figure>\n\n                          <\/a>\n      \n        <div class=\"caption\">\n                          <p>Hotel Sonnbichl | S\u00fcdtirol\n              <\/div>\n  \n<\/div>\n\n        <div class=\"b-cards__item\">\n\n        <a data-src=\"https:\/\/www.leeb-balkone.com\/app\/uploads\/2020\/11\/hotel-sonnbichl-leeb-alu-balkongelaender-3-1536x886.jpg\" data-thumb=\"https:\/\/www.leeb-balkone.com\/app\/uploads\/2020\/11\/hotel-sonnbichl-leeb-alu-balkongelaender-3-300x173.jpg\" class=\"hasHover dark\">\n        \n      <figure>\n                 <img loading=\"lazy\" decoding=\"async\" width=\"1024\" height=\"591\" src=\"https:\/\/www.leeb-balkone.com\/app\/uploads\/2020\/11\/hotel-sonnbichl-leeb-alu-balkongelaender-3-1024x591.jpg\" class=\"attachment-large size-large\" alt=\"hotel sonnbichl leeb alu balkongelaender 3\" srcset=\"https:\/\/www.leeb-balkone.com\/app\/uploads\/2020\/11\/hotel-sonnbichl-leeb-alu-balkongelaender-3-1024x591.jpg 1024w, https:\/\/www.leeb-balkone.com\/app\/uploads\/2020\/11\/hotel-sonnbichl-leeb-alu-balkongelaender-3-300x173.jpg 300w, https:\/\/www.leeb-balkone.com\/app\/uploads\/2020\/11\/hotel-sonnbichl-leeb-alu-balkongelaender-3-768x443.jpg 768w, https:\/\/www.leeb-balkone.com\/app\/uploads\/2020\/11\/hotel-sonnbichl-leeb-alu-balkongelaender-3-1536x886.jpg 1536w, https:\/\/www.leeb-balkone.com\/app\/uploads\/2020\/11\/hotel-sonnbichl-leeb-alu-balkongelaender-3-2048x1182.jpg 2048w\" sizes=\"auto, (min-width: 1200px) 1024px, (min-width: 1024px) 768px, (min-width: 640px) 768px, 768px\" \/>              <\/figure>\n\n                          <\/a>\n      \n        <div class=\"caption\">\n                          <p>Hotel Sonnbichl |\u00a0S\u00fcdtirol\n              <\/div>\n  \n<\/div>\n\n        <div class=\"b-cards__item\">\n\n        <a data-src=\"https:\/\/www.leeb-balkone.com\/app\/uploads\/2020\/11\/berghof-millstatt-leeb-alu-balkongelaender-1536x1025.jpeg\" data-thumb=\"https:\/\/www.leeb-balkone.com\/app\/uploads\/2020\/11\/berghof-millstatt-leeb-alu-balkongelaender-300x200.jpeg\" class=\"hasHover dark\">\n        \n      <figure>\n                 <img loading=\"lazy\" decoding=\"async\" width=\"1024\" height=\"684\" src=\"https:\/\/www.leeb-balkone.com\/app\/uploads\/2020\/11\/berghof-millstatt-leeb-alu-balkongelaender-1024x684.jpeg\" class=\"attachment-large size-large\" alt=\"berghof millstatt leeb alu balkongelaender\" srcset=\"https:\/\/www.leeb-balkone.com\/app\/uploads\/2020\/11\/berghof-millstatt-leeb-alu-balkongelaender-1024x684.jpeg 1024w, https:\/\/www.leeb-balkone.com\/app\/uploads\/2020\/11\/berghof-millstatt-leeb-alu-balkongelaender-300x200.jpeg 300w, https:\/\/www.leeb-balkone.com\/app\/uploads\/2020\/11\/berghof-millstatt-leeb-alu-balkongelaender-768x513.jpeg 768w, https:\/\/www.leeb-balkone.com\/app\/uploads\/2020\/11\/berghof-millstatt-leeb-alu-balkongelaender-1536x1025.jpeg 1536w, https:\/\/www.leeb-balkone.com\/app\/uploads\/2020\/11\/berghof-millstatt-leeb-alu-balkongelaender-2048x1367.jpeg 2048w\" sizes=\"auto, (min-width: 1200px) 1024px, (min-width: 1024px) 768px, (min-width: 640px) 768px, 768px\" \/>              <\/figure>\n\n                          <\/a>\n      \n        <div class=\"caption\">\n                          <p>Hotel Berghof | Millst\u00e4tter See\n              <\/div>\n  \n<\/div>\n\n        <div class=\"b-cards__item\">\n\n        <a data-src=\"https:\/\/www.leeb-balkone.com\/app\/uploads\/2020\/11\/berghof-millstatt-leeb-alu-balkongelaender-3-1536x1025.jpeg\" data-thumb=\"https:\/\/www.leeb-balkone.com\/app\/uploads\/2020\/11\/berghof-millstatt-leeb-alu-balkongelaender-3-300x200.jpeg\" class=\"hasHover dark\">\n        \n      <figure>\n                 <img loading=\"lazy\" decoding=\"async\" width=\"1024\" height=\"684\" src=\"https:\/\/www.leeb-balkone.com\/app\/uploads\/2020\/11\/berghof-millstatt-leeb-alu-balkongelaender-3-1024x684.jpeg\" class=\"attachment-large size-large\" alt=\"berghof millstatt leeb alu balkongelaender 3\" srcset=\"https:\/\/www.leeb-balkone.com\/app\/uploads\/2020\/11\/berghof-millstatt-leeb-alu-balkongelaender-3-1024x684.jpeg 1024w, https:\/\/www.leeb-balkone.com\/app\/uploads\/2020\/11\/berghof-millstatt-leeb-alu-balkongelaender-3-300x200.jpeg 300w, https:\/\/www.leeb-balkone.com\/app\/uploads\/2020\/11\/berghof-millstatt-leeb-alu-balkongelaender-3-768x513.jpeg 768w, https:\/\/www.leeb-balkone.com\/app\/uploads\/2020\/11\/berghof-millstatt-leeb-alu-balkongelaender-3-1536x1025.jpeg 1536w, https:\/\/www.leeb-balkone.com\/app\/uploads\/2020\/11\/berghof-millstatt-leeb-alu-balkongelaender-3-2048x1367.jpeg 2048w\" sizes=\"auto, (min-width: 1200px) 1024px, (min-width: 1024px) 768px, (min-width: 640px) 768px, 768px\" \/>              <\/figure>\n\n                          <\/a>\n      \n        <div class=\"caption\">\n                          <p>Hotel Berghof | Millst\u00e4tter See\n              <\/div>\n  \n<\/div>\n\n        <div class=\"b-cards__item\">\n\n        <a data-src=\"https:\/\/www.leeb-balkone.com\/app\/uploads\/2020\/07\/balkongelaender-wohnungswirtschaft-2-1536x1081.jpg\" data-thumb=\"https:\/\/www.leeb-balkone.com\/app\/uploads\/2020\/07\/balkongelaender-wohnungswirtschaft-2-300x211.jpg\" class=\"hasHover dark\">\n        \n      <figure>\n                 <img loading=\"lazy\" decoding=\"async\" width=\"1024\" height=\"721\" src=\"https:\/\/www.leeb-balkone.com\/app\/uploads\/2020\/07\/balkongelaender-wohnungswirtschaft-2-1024x721.jpg\" class=\"attachment-large size-large\" alt=\"balkongelaender wohnungswirtschaft 2\" srcset=\"https:\/\/www.leeb-balkone.com\/app\/uploads\/2020\/07\/balkongelaender-wohnungswirtschaft-2-1024x721.jpg 1024w, https:\/\/www.leeb-balkone.com\/app\/uploads\/2020\/07\/balkongelaender-wohnungswirtschaft-2-300x211.jpg 300w, https:\/\/www.leeb-balkone.com\/app\/uploads\/2020\/07\/balkongelaender-wohnungswirtschaft-2-768x540.jpg 768w, https:\/\/www.leeb-balkone.com\/app\/uploads\/2020\/07\/balkongelaender-wohnungswirtschaft-2-1536x1081.jpg 1536w, https:\/\/www.leeb-balkone.com\/app\/uploads\/2020\/07\/balkongelaender-wohnungswirtschaft-2-2048x1441.jpg 2048w\" sizes=\"auto, (min-width: 1200px) 1024px, (min-width: 1024px) 768px, (min-width: 640px) 768px, 768px\" \/>              <\/figure>\n\n                          <\/a>\n      \n        <div class=\"caption\">\n                          <p>Hotel Berghof | Millst\u00e4tter See\n              <\/div>\n  \n<\/div>\n\n        <div class=\"b-cards__item\">\n\n        <a data-src=\"https:\/\/www.leeb-balkone.com\/app\/uploads\/2020\/11\/hotel-stuelzis-lech-arlberg-leeb-balkongelaender-1536x1021.jpeg\" data-thumb=\"https:\/\/www.leeb-balkone.com\/app\/uploads\/2020\/11\/hotel-stuelzis-lech-arlberg-leeb-balkongelaender-300x199.jpeg\" class=\"hasHover dark\">\n        \n      <figure>\n                 <img loading=\"lazy\" decoding=\"async\" width=\"1024\" height=\"681\" src=\"https:\/\/www.leeb-balkone.com\/app\/uploads\/2020\/11\/hotel-stuelzis-lech-arlberg-leeb-balkongelaender-1024x681.jpeg\" class=\"attachment-large size-large\" alt=\"hotel stuelzis lech arlberg leeb balkongelaender\" srcset=\"https:\/\/www.leeb-balkone.com\/app\/uploads\/2020\/11\/hotel-stuelzis-lech-arlberg-leeb-balkongelaender-1024x681.jpeg 1024w, https:\/\/www.leeb-balkone.com\/app\/uploads\/2020\/11\/hotel-stuelzis-lech-arlberg-leeb-balkongelaender-300x199.jpeg 300w, https:\/\/www.leeb-balkone.com\/app\/uploads\/2020\/11\/hotel-stuelzis-lech-arlberg-leeb-balkongelaender-768x510.jpeg 768w, https:\/\/www.leeb-balkone.com\/app\/uploads\/2020\/11\/hotel-stuelzis-lech-arlberg-leeb-balkongelaender-1536x1021.jpeg 1536w, https:\/\/www.leeb-balkone.com\/app\/uploads\/2020\/11\/hotel-stuelzis-lech-arlberg-leeb-balkongelaender-2048x1361.jpeg 2048w\" sizes=\"auto, (min-width: 1200px) 1024px, (min-width: 1024px) 768px, (min-width: 640px) 768px, 768px\" \/>              <\/figure>\n\n                          <\/a>\n      \n        <div class=\"caption\">\n                          <p>Hotel St\u00fclzis |\u00a0Lech\n              <\/div>\n  \n<\/div>\n\n        <div class=\"b-cards__item\">\n\n        <a data-src=\"https:\/\/www.leeb-balkone.com\/app\/uploads\/2020\/07\/balkongelaender-wohnungswirtschaft-12-1536x1024.jpg\" data-thumb=\"https:\/\/www.leeb-balkone.com\/app\/uploads\/2020\/07\/balkongelaender-wohnungswirtschaft-12-300x200.jpg\" class=\"hasHover dark\">\n        \n      <figure>\n                 <img loading=\"lazy\" decoding=\"async\" width=\"1024\" height=\"682\" src=\"https:\/\/www.leeb-balkone.com\/app\/uploads\/2020\/07\/balkongelaender-wohnungswirtschaft-12-1024x682.jpg\" class=\"attachment-large size-large\" alt=\"balkongelaender wohnungswirtschaft 12\" srcset=\"https:\/\/www.leeb-balkone.com\/app\/uploads\/2020\/07\/balkongelaender-wohnungswirtschaft-12-1024x682.jpg 1024w, https:\/\/www.leeb-balkone.com\/app\/uploads\/2020\/07\/balkongelaender-wohnungswirtschaft-12-300x200.jpg 300w, https:\/\/www.leeb-balkone.com\/app\/uploads\/2020\/07\/balkongelaender-wohnungswirtschaft-12-768x512.jpg 768w, https:\/\/www.leeb-balkone.com\/app\/uploads\/2020\/07\/balkongelaender-wohnungswirtschaft-12-1536x1024.jpg 1536w, https:\/\/www.leeb-balkone.com\/app\/uploads\/2020\/07\/balkongelaender-wohnungswirtschaft-12-2048x1365.jpg 2048w\" sizes=\"auto, (min-width: 1200px) 1024px, (min-width: 1024px) 768px, (min-width: 640px) 768px, 768px\" \/>              <\/figure>\n\n                          <\/a>\n      \n        <div class=\"caption\">\n                          <p>Hotel Regina |\u00a0Obergurgl\n              <\/div>\n  \n<\/div>\n\n        <div class=\"b-cards__item\">\n\n        <a data-src=\"https:\/\/www.leeb-balkone.com\/app\/uploads\/2020\/11\/sonnenhof-ischgl-leeb-alu-balkongelaender-1536x1061.jpg\" data-thumb=\"https:\/\/www.leeb-balkone.com\/app\/uploads\/2020\/11\/sonnenhof-ischgl-leeb-alu-balkongelaender-300x207.jpg\" class=\"hasHover dark\">\n        \n      <figure>\n                 <img loading=\"lazy\" decoding=\"async\" width=\"1024\" height=\"707\" src=\"https:\/\/www.leeb-balkone.com\/app\/uploads\/2020\/11\/sonnenhof-ischgl-leeb-alu-balkongelaender-1024x707.jpg\" class=\"attachment-large size-large\" alt=\"sonnenhof ischgl leeb alu balkongelaender\" srcset=\"https:\/\/www.leeb-balkone.com\/app\/uploads\/2020\/11\/sonnenhof-ischgl-leeb-alu-balkongelaender-1024x707.jpg 1024w, https:\/\/www.leeb-balkone.com\/app\/uploads\/2020\/11\/sonnenhof-ischgl-leeb-alu-balkongelaender-300x207.jpg 300w, https:\/\/www.leeb-balkone.com\/app\/uploads\/2020\/11\/sonnenhof-ischgl-leeb-alu-balkongelaender-768x530.jpg 768w, https:\/\/www.leeb-balkone.com\/app\/uploads\/2020\/11\/sonnenhof-ischgl-leeb-alu-balkongelaender-1536x1061.jpg 1536w, https:\/\/www.leeb-balkone.com\/app\/uploads\/2020\/11\/sonnenhof-ischgl-leeb-alu-balkongelaender-2048x1415.jpg 2048w\" sizes=\"auto, (min-width: 1200px) 1024px, (min-width: 1024px) 768px, (min-width: 640px) 768px, 768px\" \/>              <\/figure>\n\n                          <\/a>\n      \n        <div class=\"caption\">\n                          <p>Hotel Sonnenhof |\u00a0Ischgl\n              <\/div>\n  \n<\/div>\n\n    <\/div>\n\n<\/div><\/div><\/div><\/div>\n<\/section>\n\n\n\n<section class=\"wp-block-cgb-t3-section-block alignfull b-pt-none\" style=\"display:inherit;background-color:#F5F5F5;min-height:inherit\">\n<div class=\"wp-block-cgb-t3-container-block b-has-offset-h\" style=\"background-color:none\"><div class=\"grid-container\"><div class=\"grid-x\"><div class=\"cell small-12 medium-6 large-0 medium-offset-1\">\n<h2 class=\"wp-block-heading\"><strong>Z veseljem vam svetujemo!<\/strong><\/h2>\n<\/div><\/div><\/div><\/div>\n\n\n\n<div class=\"wp-block-cgb-t3-container-block none b-has-pt\" style=\"background-color:none\"><div class=\"grid-container\"><div class=\"o-grid u-sm-1 u-md-1\"><div class=\"u-g-7 u-g-s-2\"><form action=\"https:\/\/www.leeb-balkone.com\/sl\/wp-json\/ws-form\/v1\/submit\" class=\"wsf-form wsf-form-canvas\" id=\"ws-form-1\" data-id=\"4\" data-instance-id=\"1\" method=\"POST\"><\/form>\n<\/div>\n    <div class=\"u-g-3 u-g-s-9\"><div class=\"t3-sidebar-buttons wp-block-buttons is-layout-flex wp-block-buttons-is-layout-flex\"><div class=\"wp-block-button is-style-fill icon-book icon-left\">\n                        <a class=\"wp-block-button__link has-secondary-color has-white-background-color has-text-color has-background has-link-color wp-element-button\" href=\"https:\/\/www.leeb-balkone.com\/sl\/kontakt\/zahtevajte-katalog\/\" style=\"box-shadow:var(--wp--preset--shadow--box-shadow)\">Zahtevajte katalog<\/a>\n                    <\/div><div class=\"wp-block-button is-style-fill icon-vp icon-left\">\n                        <a class=\"wp-block-button__link has-secondary-color has-white-background-color has-text-color has-background has-link-color wp-element-button\" href=\"https:\/\/www.leeb-balkone.com\/sl\/distribucijski-partnerji\/\">Poslovni partner <span class=\"sr-only\">Distribucijski partner Leeb Balkone Slovenija<\/span><\/a>\n                    <\/div><\/div>\n<\/div><\/div>\n\n\n<p><\/p>\n<\/div><\/div>\n\n\n\n<p><\/p>\n<\/section>\n","protected":false},"excerpt":{"rendered":"","protected":false},"author":1,"featured_media":15491,"parent":0,"menu_order":185,"comment_status":"closed","ping_status":"closed","template":"template-onepager.blade.php","meta":{"_acf_changed":false,"footnotes":"","_sage_theme_css":true,"_wp_block_core_css":false},"folder":[],"class_list":["post-20300","page","type-page","status-publish","has-post-thumbnail","hentry"],"acf":[],"yoast_head":"<!-- This site is optimized with the Yoast SEO plugin v27.2 - https:\/\/yoast.com\/product\/yoast-seo-wordpress\/ -->\n<title>HOTELSKI OBJEKTI - Leeb Balkone Slovenija<\/title>\n<meta name=\"description\" content=\"Leeb balkonski sistemi omogo\u010dajo izvedbo balkonov za vse tipe hi\u0161. Na\u0161i balkoni v aluminijasti izvedbi, ki ne zahtevajo vzdr\u017eevanja, predstavljajo\" \/>\n<meta name=\"robots\" content=\"index, follow, max-snippet:-1, max-image-preview:large, max-video-preview:-1\" \/>\n<meta property=\"og:locale\" content=\"sl_SI\" \/>\n<meta property=\"og:type\" content=\"article\" \/>\n<meta property=\"og:title\" content=\"HOTELSKI OBJEKTI - Leeb Balkone\" \/>\n<meta property=\"og:description\" content=\"Leeb balkonski sistemi omogo\u010dajo izvedbo balkonov za vse tipe hi\u0161. Na\u0161i balkoni v aluminijasti izvedbi, ki ne zahtevajo vzdr\u017eevanja, predstavljajo\" \/>\n<meta property=\"og:url\" content=\"https:\/\/www.leeb-balkone.com\/sl\/hotelski-objekti\/\" \/>\n<meta property=\"og:site_name\" content=\"Leeb Balkone\" \/>\n<meta property=\"article:publisher\" content=\"https:\/\/www.facebook.com\/balkone\/\" \/>\n<meta property=\"article:modified_time\" content=\"2026-01-13T13:19:05+00:00\" \/>\n<meta property=\"og:image\" content=\"https:\/\/www.leeb-balkone.com\/app\/uploads\/2020\/07\/balkongelaender-wohnungswirtschaft-5-scaled.jpg\" \/>\n\t<meta property=\"og:image:width\" content=\"2560\" \/>\n\t<meta property=\"og:image:height\" content=\"1801\" \/>\n\t<meta property=\"og:image:type\" content=\"image\/jpeg\" \/>\n<meta name=\"twitter:card\" content=\"summary_large_image\" \/>\n<script type=\"application\/ld+json\" class=\"yoast-schema-graph\">{\"@context\":\"https:\/\/schema.org\",\"@graph\":[{\"@type\":\"WebPage\",\"@id\":\"https:\/\/www.leeb-balkone.com\/sl\/hotelski-objekti\/\",\"url\":\"https:\/\/www.leeb-balkone.com\/sl\/hotelski-objekti\/\",\"name\":\"HOTELSKI OBJEKTI - Leeb Balkone\",\"isPartOf\":{\"@id\":\"https:\/\/www.leeb-balkone.com\/sl\/#website\"},\"primaryImageOfPage\":{\"@id\":\"https:\/\/www.leeb-balkone.com\/sl\/hotelski-objekti\/#primaryimage\"},\"image\":{\"@id\":\"https:\/\/www.leeb-balkone.com\/sl\/hotelski-objekti\/#primaryimage\"},\"thumbnailUrl\":\"https:\/\/www.leeb-balkone.com\/app\/uploads\/2020\/07\/balkongelaender-wohnungswirtschaft-5-scaled.jpg\",\"datePublished\":\"2020-08-26T20:10:22+00:00\",\"dateModified\":\"2026-01-13T13:19:05+00:00\",\"description\":\"Leeb balkonski sistemi omogo\u010dajo izvedbo balkonov za vse tipe hi\u0161. Na\u0161i balkoni v aluminijasti izvedbi, ki ne zahtevajo vzdr\u017eevanja, predstavljajo\",\"breadcrumb\":{\"@id\":\"https:\/\/www.leeb-balkone.com\/sl\/hotelski-objekti\/#breadcrumb\"},\"inLanguage\":\"sl-SI\",\"potentialAction\":[{\"@type\":\"ReadAction\",\"target\":[\"https:\/\/www.leeb-balkone.com\/sl\/hotelski-objekti\/\"]}]},{\"@type\":\"ImageObject\",\"inLanguage\":\"sl-SI\",\"@id\":\"https:\/\/www.leeb-balkone.com\/sl\/hotelski-objekti\/#primaryimage\",\"url\":\"https:\/\/www.leeb-balkone.com\/app\/uploads\/2020\/07\/balkongelaender-wohnungswirtschaft-5-scaled.jpg\",\"contentUrl\":\"https:\/\/www.leeb-balkone.com\/app\/uploads\/2020\/07\/balkongelaender-wohnungswirtschaft-5-scaled.jpg\",\"width\":2560,\"height\":1801,\"caption\":\"Hotel Watles |\u00a0Vinschgau\"},{\"@type\":\"BreadcrumbList\",\"@id\":\"https:\/\/www.leeb-balkone.com\/sl\/hotelski-objekti\/#breadcrumb\",\"itemListElement\":[{\"@type\":\"ListItem\",\"position\":1,\"name\":\"Home\",\"item\":\"https:\/\/www.leeb-balkone.com\/sl\/\"},{\"@type\":\"ListItem\",\"position\":2,\"name\":\"HOTELSKI OBJEKTI\"}]},{\"@type\":\"WebSite\",\"@id\":\"https:\/\/www.leeb-balkone.com\/sl\/#website\",\"url\":\"https:\/\/www.leeb-balkone.com\/sl\/\",\"name\":\"Leeb Balkone\",\"description\":\"Balkone und Z\u00e4une\",\"publisher\":{\"@id\":\"https:\/\/www.leeb-balkone.com\/sl\/#organization\"},\"potentialAction\":[{\"@type\":\"SearchAction\",\"target\":{\"@type\":\"EntryPoint\",\"urlTemplate\":\"https:\/\/www.leeb-balkone.com\/sl\/?s={search_term_string}\"},\"query-input\":{\"@type\":\"PropertyValueSpecification\",\"valueRequired\":true,\"valueName\":\"search_term_string\"}}],\"inLanguage\":\"sl-SI\"},{\"@type\":\"Organization\",\"@id\":\"https:\/\/www.leeb-balkone.com\/sl\/#organization\",\"name\":\"Leeb Balkone Gmbh\",\"url\":\"https:\/\/www.leeb-balkone.com\/sl\/\",\"logo\":{\"@type\":\"ImageObject\",\"inLanguage\":\"sl-SI\",\"@id\":\"https:\/\/www.leeb-balkone.com\/sl\/#\/schema\/logo\/image\/\",\"url\":\"https:\/\/www.leeb-balkone.com\/app\/uploads\/2020\/11\/leeb-logo.svg\",\"contentUrl\":\"https:\/\/www.leeb-balkone.com\/app\/uploads\/2020\/11\/leeb-logo.svg\",\"width\":741,\"height\":204,\"caption\":\"Leeb Balkone Gmbh\"},\"image\":{\"@id\":\"https:\/\/www.leeb-balkone.com\/sl\/#\/schema\/logo\/image\/\"},\"sameAs\":[\"https:\/\/www.facebook.com\/balkone\/\",\"https:\/\/www.trustedshops.at\/bewertung\/info_X4587CCF5833E31AFE0B11F47D86999F2.html\",\"https:\/\/www.trustedshops.de\/bewertung\/info_X7BA536A7A0BDC86D36C4718E4DCAEEEF.html\",\"https:\/\/www.google.com\/maps\/place\/?q=place_id:ChIJ5-zH19-IcEcR9HonWRTllHI\"]}]}<\/script>\n<!-- \/ Yoast SEO plugin. -->","yoast_head_json":{"title":"HOTELSKI OBJEKTI - Leeb Balkone Slovenija","description":"Leeb balkonski sistemi omogo\u010dajo izvedbo balkonov za vse tipe hi\u0161. Na\u0161i balkoni v aluminijasti izvedbi, ki ne zahtevajo vzdr\u017eevanja, predstavljajo","robots":{"index":"index","follow":"follow","max-snippet":"max-snippet:-1","max-image-preview":"max-image-preview:large","max-video-preview":"max-video-preview:-1"},"og_locale":"sl_SI","og_type":"article","og_title":"HOTELSKI OBJEKTI - Leeb Balkone","og_description":"Leeb balkonski sistemi omogo\u010dajo izvedbo balkonov za vse tipe hi\u0161. Na\u0161i balkoni v aluminijasti izvedbi, ki ne zahtevajo vzdr\u017eevanja, predstavljajo","og_url":"https:\/\/www.leeb-balkone.com\/sl\/hotelski-objekti\/","og_site_name":"Leeb Balkone","article_publisher":"https:\/\/www.facebook.com\/balkone\/","article_modified_time":"2026-01-13T13:19:05+00:00","og_image":[{"width":2560,"height":1801,"url":"https:\/\/www.leeb-balkone.com\/app\/uploads\/2020\/07\/balkongelaender-wohnungswirtschaft-5-scaled.jpg","type":"image\/jpeg"}],"twitter_card":"summary_large_image","schema":{"@context":"https:\/\/schema.org","@graph":[{"@type":"WebPage","@id":"https:\/\/www.leeb-balkone.com\/sl\/hotelski-objekti\/","url":"https:\/\/www.leeb-balkone.com\/sl\/hotelski-objekti\/","name":"HOTELSKI OBJEKTI - Leeb Balkone","isPartOf":{"@id":"https:\/\/www.leeb-balkone.com\/sl\/#website"},"primaryImageOfPage":{"@id":"https:\/\/www.leeb-balkone.com\/sl\/hotelski-objekti\/#primaryimage"},"image":{"@id":"https:\/\/www.leeb-balkone.com\/sl\/hotelski-objekti\/#primaryimage"},"thumbnailUrl":"https:\/\/www.leeb-balkone.com\/app\/uploads\/2020\/07\/balkongelaender-wohnungswirtschaft-5-scaled.jpg","datePublished":"2020-08-26T20:10:22+00:00","dateModified":"2026-01-13T13:19:05+00:00","description":"Leeb balkonski sistemi omogo\u010dajo izvedbo balkonov za vse tipe hi\u0161. Na\u0161i balkoni v aluminijasti izvedbi, ki ne zahtevajo vzdr\u017eevanja, predstavljajo","breadcrumb":{"@id":"https:\/\/www.leeb-balkone.com\/sl\/hotelski-objekti\/#breadcrumb"},"inLanguage":"sl-SI","potentialAction":[{"@type":"ReadAction","target":["https:\/\/www.leeb-balkone.com\/sl\/hotelski-objekti\/"]}]},{"@type":"ImageObject","inLanguage":"sl-SI","@id":"https:\/\/www.leeb-balkone.com\/sl\/hotelski-objekti\/#primaryimage","url":"https:\/\/www.leeb-balkone.com\/app\/uploads\/2020\/07\/balkongelaender-wohnungswirtschaft-5-scaled.jpg","contentUrl":"https:\/\/www.leeb-balkone.com\/app\/uploads\/2020\/07\/balkongelaender-wohnungswirtschaft-5-scaled.jpg","width":2560,"height":1801,"caption":"Hotel Watles |\u00a0Vinschgau"},{"@type":"BreadcrumbList","@id":"https:\/\/www.leeb-balkone.com\/sl\/hotelski-objekti\/#breadcrumb","itemListElement":[{"@type":"ListItem","position":1,"name":"Home","item":"https:\/\/www.leeb-balkone.com\/sl\/"},{"@type":"ListItem","position":2,"name":"HOTELSKI OBJEKTI"}]},{"@type":"WebSite","@id":"https:\/\/www.leeb-balkone.com\/sl\/#website","url":"https:\/\/www.leeb-balkone.com\/sl\/","name":"Leeb Balkone","description":"Balkone und Z\u00e4une","publisher":{"@id":"https:\/\/www.leeb-balkone.com\/sl\/#organization"},"potentialAction":[{"@type":"SearchAction","target":{"@type":"EntryPoint","urlTemplate":"https:\/\/www.leeb-balkone.com\/sl\/?s={search_term_string}"},"query-input":{"@type":"PropertyValueSpecification","valueRequired":true,"valueName":"search_term_string"}}],"inLanguage":"sl-SI"},{"@type":"Organization","@id":"https:\/\/www.leeb-balkone.com\/sl\/#organization","name":"Leeb Balkone Gmbh","url":"https:\/\/www.leeb-balkone.com\/sl\/","logo":{"@type":"ImageObject","inLanguage":"sl-SI","@id":"https:\/\/www.leeb-balkone.com\/sl\/#\/schema\/logo\/image\/","url":"https:\/\/www.leeb-balkone.com\/app\/uploads\/2020\/11\/leeb-logo.svg","contentUrl":"https:\/\/www.leeb-balkone.com\/app\/uploads\/2020\/11\/leeb-logo.svg","width":741,"height":204,"caption":"Leeb Balkone Gmbh"},"image":{"@id":"https:\/\/www.leeb-balkone.com\/sl\/#\/schema\/logo\/image\/"},"sameAs":["https:\/\/www.facebook.com\/balkone\/","https:\/\/www.trustedshops.at\/bewertung\/info_X4587CCF5833E31AFE0B11F47D86999F2.html","https:\/\/www.trustedshops.de\/bewertung\/info_X7BA536A7A0BDC86D36C4718E4DCAEEEF.html","https:\/\/www.google.com\/maps\/place\/?q=place_id:ChIJ5-zH19-IcEcR9HonWRTllHI"]}]}},"_links":{"self":[{"href":"https:\/\/www.leeb-balkone.com\/sl\/wp-json\/wp\/v2\/pages\/20300","targetHints":{"allow":["GET"]}}],"collection":[{"href":"https:\/\/www.leeb-balkone.com\/sl\/wp-json\/wp\/v2\/pages"}],"about":[{"href":"https:\/\/www.leeb-balkone.com\/sl\/wp-json\/wp\/v2\/types\/page"}],"author":[{"embeddable":true,"href":"https:\/\/www.leeb-balkone.com\/sl\/wp-json\/wp\/v2\/users\/1"}],"replies":[{"embeddable":true,"href":"https:\/\/www.leeb-balkone.com\/sl\/wp-json\/wp\/v2\/comments?post=20300"}],"version-history":[{"count":0,"href":"https:\/\/www.leeb-balkone.com\/sl\/wp-json\/wp\/v2\/pages\/20300\/revisions"}],"wp:featuredmedia":[{"embeddable":true,"href":"https:\/\/www.leeb-balkone.com\/sl\/wp-json\/wp\/v2\/media\/15491"}],"wp:attachment":[{"href":"https:\/\/www.leeb-balkone.com\/sl\/wp-json\/wp\/v2\/media?parent=20300"}],"wp:term":[{"taxonomy":"folder","embeddable":true,"href":"https:\/\/www.leeb-balkone.com\/sl\/wp-json\/wp\/v2\/folder?post=20300"}],"curies":[{"name":"wp","href":"https:\/\/api.w.org\/{rel}","templated":true}]}}