{"id":20006,"date":"2021-01-04T15:35:15","date_gmt":"2021-01-04T15:35:15","guid":{"rendered":"https:\/\/www.leeb-balkone.com\/de\/produkti\/sonstiges\/"},"modified":"2021-01-27T10:54:22","modified_gmt":"2021-01-27T10:54:22","slug":"drugo","status":"publish","type":"page","link":"https:\/\/www.leeb-balkone.com\/sl\/produkti\/drugo\/","title":{"rendered":"Drugo"},"content":{"rendered":"<header data-block_5fb179d7480d6 class=\"c-fh  l-mh-small c-fh--hero c-grad-l2r c-fh--div none\">\n      <img loading=\"lazy\" decoding=\"async\" width=\"1920\" height=\"601\" src=\"https:\/\/www.leeb-balkone.com\/app\/uploads\/2020\/09\/wohnungswirtschaft-header-1.jpg\" class=\"no-lazy\" alt=\"wohnungswirtschaft header 1\" srcset=\"https:\/\/www.leeb-balkone.com\/app\/uploads\/2020\/09\/wohnungswirtschaft-header-1-300x94.jpg 300w, https:\/\/www.leeb-balkone.com\/app\/uploads\/2020\/09\/wohnungswirtschaft-header-1-1024x321.jpg 1024w, https:\/\/www.leeb-balkone.com\/app\/uploads\/2020\/09\/wohnungswirtschaft-header-1-768x240.jpg 768w, https:\/\/www.leeb-balkone.com\/app\/uploads\/2020\/09\/wohnungswirtschaft-header-1-1536x481.jpg 1536w\" sizes=\"auto, (min-width: 1536px) 2048px, (min-width: 992px) 1536px, (min-width: 768px) 1024px, (min-width: 576px) 768px, 100vw\" \/>\n\n\n<div class=\"grid-container\">\n  <div class=\"grid-x\">\n    <div class=\"cell small-12 medium-6 medium-offset-1\">\n      <div class=\"c-fh__wrapper\">\n                              <p>Odli\u010dna kakovost podjetja LEEB<\/p>\n                        <\/div>\n    <\/div>\n  <\/div>\n<\/div>\n  \n    \n    <\/header>\n\n\n  \n  <section class=\"wp-block-group alignfull t3-header u-max-wide t3-header-text has-white-background-color has-background has-global-padding is-layout-constrained wp-block-group-is-layout-constrained\">\n    <div class=\"wp-block-group o-grid u-md-1 u-sm-1 is-layout-flow wp-block-group-is-layout-flow\">\n  <div class=\"wp-block-group u-g-10 u-g-s-2\">\n      <div class=\"yoast-breadcrumbs\"><span><span><a href=\"https:\/\/www.leeb-balkone.com\/sl\/\">Home<\/a><\/span><\/span><\/div>\n      \n    <h1>Drugo<\/h1>\n  <\/div>\n<\/div>\n  <\/section>\n\n\n\n\n\n\n<section class=\"wp-block-cgb-t3-section-block alignfull b-pt-small  is-style-bg-white\" style=\"display:inherit;min-height:inherit\">\n<div class=\"wp-block-cgb-t3-container-block none\" style=\"background-color:none\"><div class=\"grid-container\"><div class=\"grid-x\"><div class=\"cell small-12 medium-9 large-0 medium-offset-1 b-has-lsmb\">\n<p><span class=\"teaser\">Utemeljeno strokovno znanje, kreativnost in inovacije predstavljajo temelj na\u0161ega izjemnega programa balkonov in ograj. Skupaj je na voljo ve\u010d kot 200 modelov za najrazli\u010dnej\u0161e gradbene sloge, tako za novogradnje, kot za obnove ali predelave. Na\u0161 asortiman dopolnjuje obse\u017een dodatni program balkonskih delov in tal, nadstre\u0161kov za avtomobile in vidnih pregrad.<\/span><\/p>\n<\/div><\/div><\/div><\/div>\n\n\n\n<div class=\"wp-block-cgb-t3-container-block none\" style=\"background-color:none\"><div class=\"grid-container\"><div class=\"grid-x\"><div class=\"cell small-12 medium-0 large-0 b-has-pt\"><div data-block_5fb1813f6ad3a class=\"wp-block-group is-style-transparent-cards u-grid-temp has--cols u-md-2 u-sm-1 cards alignwide offset \" style=\"margin-bottom:var(--wp--preset--spacing--xl)\">\n\n\n            <div class=\"wp-block-group m-card is-layout-flow wp-block-group-is-layout-flow\">\n      <figure data-imgid=\"16155\" class=\"wp-block-image size-large\">\n      <a href=\"https:\/\/www.leeb.si\/produkti\/tla-za-balkone-in-terase\/\"  class=\"no-default-link\">\n        <img decoding=\"async\" width=\"1024\" height=\"767\" src=\"https:\/\/www.leeb-balkone.com\/app\/uploads\/2020\/07\/alu-balkongelaender-beitragsbild-1024x767.jpg\" class=\"attachment-large size-large\" alt=\"alu balkongelaender beitragsbild\" title=\"\" loading=\"lazy\" srcset=\"https:\/\/www.leeb-balkone.com\/app\/uploads\/2020\/07\/alu-balkongelaender-beitragsbild-1024x767.jpg 1024w, https:\/\/www.leeb-balkone.com\/app\/uploads\/2020\/07\/alu-balkongelaender-beitragsbild-300x225.jpg 300w, https:\/\/www.leeb-balkone.com\/app\/uploads\/2020\/07\/alu-balkongelaender-beitragsbild-768x575.jpg 768w, https:\/\/www.leeb-balkone.com\/app\/uploads\/2020\/07\/alu-balkongelaender-beitragsbild-1536x1151.jpg 1536w, https:\/\/www.leeb-balkone.com\/app\/uploads\/2020\/07\/alu-balkongelaender-beitragsbild-2048x1535.jpg 2048w\" sizes=\"auto, (min-width: 1200px) 1024px, (min-width: 1024px) 768px, (min-width: 640px) 768px, 768px\" \/>      <\/a>\n    <\/figure>\n  \n  <div class=\"wp-block-group m-card-content is-vertical is-layout-flex wp-block-group-is-layout-flex\">\n            <h3 class=\"wp-block-heading\">\n          <a href=\"https:\/\/www.leeb.si\/produkti\/tla-za-balkone-in-terase\/\" class=\"no-default-link\" >Tla za balkone in terase<\/a>\n        <\/h3>\n        <p>Na\u0161a vremensko odporna balkonska\r\ntla so barvno in funkcionalnoz<\/p>\n          <a href=\"https:\/\/www.leeb.si\/produkti\/tla-za-balkone-in-terase\/\" class=\"more\">zelim izvedeti vec<\/a>\n      <\/div>\n<\/div>\n\n\n          <div class=\"wp-block-group m-card is-layout-flow wp-block-group-is-layout-flow\">\n      <figure data-imgid=\"15951\" class=\"wp-block-image size-large\">\n      <a href=\"https:\/\/www.leeb.si\/stanovanjski-objekti\/\"  class=\"no-default-link\">\n        <img decoding=\"async\" width=\"1024\" height=\"767\" src=\"https:\/\/www.leeb-balkone.com\/app\/uploads\/2020\/09\/alu-balkon-wohnungswirtschaft-1024x767.jpg\" class=\"attachment-large size-large\" alt=\"alu balkon wohnungswirtschaft\" title=\"\" loading=\"lazy\" srcset=\"https:\/\/www.leeb-balkone.com\/app\/uploads\/2020\/09\/alu-balkon-wohnungswirtschaft-1024x767.jpg 1024w, https:\/\/www.leeb-balkone.com\/app\/uploads\/2020\/09\/alu-balkon-wohnungswirtschaft-2048x1534.jpg 2048w, https:\/\/www.leeb-balkone.com\/app\/uploads\/2020\/09\/alu-balkon-wohnungswirtschaft-300x225.jpg 300w, https:\/\/www.leeb-balkone.com\/app\/uploads\/2020\/09\/alu-balkon-wohnungswirtschaft-768x575.jpg 768w, https:\/\/www.leeb-balkone.com\/app\/uploads\/2020\/09\/alu-balkon-wohnungswirtschaft-1536x1151.jpg 1536w\" sizes=\"auto, (min-width: 1200px) 1024px, (min-width: 1024px) 768px, (min-width: 640px) 768px, 768px\" \/>      <\/a>\n    <\/figure>\n  \n  <div class=\"wp-block-group m-card-content is-vertical is-layout-flex wp-block-group-is-layout-flex\">\n            <h3 class=\"wp-block-heading\">\n          <a href=\"https:\/\/www.leeb.si\/stanovanjski-objekti\/\" class=\"no-default-link\" >Stanovanjski objekti<\/a>\n        <\/h3>\n        <p>Ker izku\u0161nje \u0161tejejo<\/p>\n          <a href=\"https:\/\/www.leeb.si\/stanovanjski-objekti\/\" class=\"more\">zelim izvedeti vec<\/a>\n      <\/div>\n<\/div>\n\n\n          <div class=\"wp-block-group m-card is-layout-flow wp-block-group-is-layout-flow\">\n      <figure data-imgid=\"15491\" class=\"wp-block-image size-large\">\n      <a href=\"https:\/\/www.leeb.si\/hotelski-objekti\/\"  class=\"no-default-link\">\n        <img decoding=\"async\" width=\"1024\" height=\"721\" src=\"https:\/\/www.leeb-balkone.com\/app\/uploads\/2020\/07\/balkongelaender-wohnungswirtschaft-5-1024x721.jpg\" class=\"attachment-large size-large\" alt=\"balkongelaender wohnungswirtschaft 5\" title=\"\" loading=\"lazy\" srcset=\"https:\/\/www.leeb-balkone.com\/app\/uploads\/2020\/07\/balkongelaender-wohnungswirtschaft-5-1024x721.jpg 1024w, https:\/\/www.leeb-balkone.com\/app\/uploads\/2020\/07\/balkongelaender-wohnungswirtschaft-5-300x211.jpg 300w, https:\/\/www.leeb-balkone.com\/app\/uploads\/2020\/07\/balkongelaender-wohnungswirtschaft-5-768x540.jpg 768w, https:\/\/www.leeb-balkone.com\/app\/uploads\/2020\/07\/balkongelaender-wohnungswirtschaft-5-1536x1081.jpg 1536w, https:\/\/www.leeb-balkone.com\/app\/uploads\/2020\/07\/balkongelaender-wohnungswirtschaft-5-2048x1441.jpg 2048w\" sizes=\"auto, (min-width: 1200px) 1024px, (min-width: 1024px) 768px, (min-width: 640px) 768px, 768px\" \/>      <\/a>\n    <\/figure>\n  \n  <div class=\"wp-block-group m-card-content is-vertical is-layout-flex wp-block-group-is-layout-flex\">\n            <h3 class=\"wp-block-heading\">\n          <a href=\"https:\/\/www.leeb.si\/hotelski-objekti\/\" class=\"no-default-link\" >Hotelski objekti<\/a>\n        <\/h3>\n        <p>Ker se kakovost izpla\u010da<\/p>\n          <a href=\"https:\/\/www.leeb.si\/hotelski-objekti\/\" class=\"more\">zelim izvedeti vec<\/a>\n      <\/div>\n<\/div>\n\n\n      <\/div>\n\n\n<\/div><\/div><\/div><\/div>\n<\/section>\n\n\n\n<section class=\"wp-block-cgb-t3-section-block alignfull b-pt-none\" style=\"display:inherit;background-color:#F5F5F5;min-height:inherit\">\n<div class=\"wp-block-cgb-t3-container-block b-has-offset-h\" style=\"background-color:none\"><div class=\"grid-container\"><div class=\"grid-x\"><div class=\"cell small-12 medium-6 large-0 medium-offset-1\">\n<h2 class=\"wp-block-heading\"><strong>Z veseljem vam svetujemo!<\/strong><\/h2>\n<\/div><\/div><\/div><\/div>\n\n\n\n<div class=\"wp-block-cgb-t3-container-block none b-has-pt\" style=\"background-color:none\"><div class=\"grid-container\"><div class=\"o-grid u-sm-1 u-md-1\"><div class=\"u-g-7 u-g-s-2\"><p class=\"p1\"><strong>Pokli\u010dite nas ali nam pi\u0161ite &#8211; z veseljem vam bomo svetovali.<\/strong><\/p>\n<form action=\"https:\/\/www.leeb-balkone.com\/sl\/wp-json\/ws-form\/v1\/submit\" class=\"wsf-form wsf-form-canvas\" id=\"ws-form-1\" data-id=\"11\" data-instance-id=\"1\" method=\"POST\"><\/form>\n<\/div>\n    <div class=\"u-g-3 u-g-s-9\"><div class=\"t3-sidebar-buttons wp-block-buttons is-layout-flex wp-block-buttons-is-layout-flex\"><div class=\"wp-block-button is-style-fill icon-book icon-left\">\n                        <a class=\"wp-block-button__link has-secondary-color has-white-background-color has-text-color has-background has-link-color wp-element-button\" href=\"https:\/\/www.leeb-balkone.com\/sl\/kontakt\/zahtevajte-katalog\/\" style=\"box-shadow:var(--wp--preset--shadow--box-shadow)\">Zahtevajte katalog<\/a>\n                    <\/div><div class=\"wp-block-button is-style-fill icon-vp icon-left\">\n                        <a class=\"wp-block-button__link has-secondary-color has-white-background-color has-text-color has-background has-link-color wp-element-button\" href=\"https:\/\/www.leeb-balkone.com\/sl\/distribucijski-partnerji\/\">Poslovni partner <span class=\"sr-only\">Distribucijski partner Leeb Balkone Slovenija<\/span><\/a>\n                    <\/div><\/div>\n<\/div><\/div><\/div><\/div>\n<\/section>\n","protected":false},"excerpt":{"rendered":"","protected":false},"author":1,"featured_media":0,"parent":17275,"menu_order":10,"comment_status":"closed","ping_status":"closed","template":"template-onepager.blade.php","meta":{"_acf_changed":false,"footnotes":"","_sage_theme_css":true,"_wp_block_core_css":false},"folder":[],"class_list":["post-20006","page","type-page","status-publish","hentry"],"acf":[],"yoast_head":"<!-- This site is optimized with the Yoast SEO plugin v27.2 - https:\/\/yoast.com\/product\/yoast-seo-wordpress\/ -->\n<title>Drugo - Leeb Balkone Slovenija<\/title>\n<meta name=\"description\" content=\"Utemeljeno strokovno znanje, kreativnost in inovacije predstavljajo temelj na\u0161ega izjemnega programa balkonov in ograj. Skupaj je na voljo ve\u010d kot 200\" \/>\n<meta name=\"robots\" content=\"index, follow, max-snippet:-1, max-image-preview:large, max-video-preview:-1\" \/>\n<meta property=\"og:locale\" content=\"sl_SI\" \/>\n<meta property=\"og:type\" content=\"article\" \/>\n<meta property=\"og:title\" content=\"Drugo - Leeb Balkone\" \/>\n<meta property=\"og:description\" content=\"Utemeljeno strokovno znanje, kreativnost in inovacije predstavljajo temelj na\u0161ega izjemnega programa balkonov in ograj. Skupaj je na voljo ve\u010d kot 200\" \/>\n<meta property=\"og:url\" content=\"https:\/\/www.leeb-balkone.com\/sl\/produkti\/drugo\/\" \/>\n<meta property=\"og:site_name\" content=\"Leeb Balkone\" \/>\n<meta property=\"article:publisher\" content=\"https:\/\/www.facebook.com\/balkone\/\" \/>\n<meta property=\"article:modified_time\" content=\"2021-01-27T10:54:22+00:00\" \/>\n<meta property=\"og:image\" content=\"https:\/\/www.leeb-balkone.com\/app\/uploads\/2020\/09\/alu-balkongelaender-zufriedene-kunden-1.jpg\" \/>\n\t<meta property=\"og:image:width\" content=\"2560\" \/>\n\t<meta property=\"og:image:height\" content=\"1762\" \/>\n\t<meta property=\"og:image:type\" content=\"image\/jpeg\" \/>\n<meta name=\"twitter:card\" content=\"summary_large_image\" \/>\n<script type=\"application\/ld+json\" class=\"yoast-schema-graph\">{\"@context\":\"https:\/\/schema.org\",\"@graph\":[{\"@type\":\"WebPage\",\"@id\":\"https:\/\/www.leeb-balkone.com\/sl\/produkti\/drugo\/\",\"url\":\"https:\/\/www.leeb-balkone.com\/sl\/produkti\/drugo\/\",\"name\":\"Drugo - Leeb Balkone\",\"isPartOf\":{\"@id\":\"https:\/\/www.leeb-balkone.com\/sl\/#website\"},\"datePublished\":\"2021-01-04T15:35:15+00:00\",\"dateModified\":\"2021-01-27T10:54:22+00:00\",\"description\":\"Utemeljeno strokovno znanje, kreativnost in inovacije predstavljajo temelj na\u0161ega izjemnega programa balkonov in ograj. Skupaj je na voljo ve\u010d kot 200\",\"breadcrumb\":{\"@id\":\"https:\/\/www.leeb-balkone.com\/sl\/produkti\/drugo\/#breadcrumb\"},\"inLanguage\":\"sl-SI\",\"potentialAction\":[{\"@type\":\"ReadAction\",\"target\":[\"https:\/\/www.leeb-balkone.com\/sl\/produkti\/drugo\/\"]}]},{\"@type\":\"BreadcrumbList\",\"@id\":\"https:\/\/www.leeb-balkone.com\/sl\/produkti\/drugo\/#breadcrumb\",\"itemListElement\":[{\"@type\":\"ListItem\",\"position\":1,\"name\":\"Home\",\"item\":\"https:\/\/www.leeb-balkone.com\/sl\/\"},{\"@type\":\"ListItem\",\"position\":2,\"name\":\"Izdelki\",\"item\":\"https:\/\/www.leeb-balkone.com\/sl\/produkti\/\"},{\"@type\":\"ListItem\",\"position\":3,\"name\":\"Drugo\"}]},{\"@type\":\"WebSite\",\"@id\":\"https:\/\/www.leeb-balkone.com\/sl\/#website\",\"url\":\"https:\/\/www.leeb-balkone.com\/sl\/\",\"name\":\"Leeb Balkone\",\"description\":\"Balkone und Z\u00e4une\",\"publisher\":{\"@id\":\"https:\/\/www.leeb-balkone.com\/sl\/#organization\"},\"potentialAction\":[{\"@type\":\"SearchAction\",\"target\":{\"@type\":\"EntryPoint\",\"urlTemplate\":\"https:\/\/www.leeb-balkone.com\/sl\/?s={search_term_string}\"},\"query-input\":{\"@type\":\"PropertyValueSpecification\",\"valueRequired\":true,\"valueName\":\"search_term_string\"}}],\"inLanguage\":\"sl-SI\"},{\"@type\":\"Organization\",\"@id\":\"https:\/\/www.leeb-balkone.com\/sl\/#organization\",\"name\":\"Leeb Balkone Gmbh\",\"url\":\"https:\/\/www.leeb-balkone.com\/sl\/\",\"logo\":{\"@type\":\"ImageObject\",\"inLanguage\":\"sl-SI\",\"@id\":\"https:\/\/www.leeb-balkone.com\/sl\/#\/schema\/logo\/image\/\",\"url\":\"https:\/\/www.leeb-balkone.com\/app\/uploads\/2020\/11\/leeb-logo.svg\",\"contentUrl\":\"https:\/\/www.leeb-balkone.com\/app\/uploads\/2020\/11\/leeb-logo.svg\",\"width\":741,\"height\":204,\"caption\":\"Leeb Balkone Gmbh\"},\"image\":{\"@id\":\"https:\/\/www.leeb-balkone.com\/sl\/#\/schema\/logo\/image\/\"},\"sameAs\":[\"https:\/\/www.facebook.com\/balkone\/\",\"https:\/\/www.trustedshops.at\/bewertung\/info_X4587CCF5833E31AFE0B11F47D86999F2.html\",\"https:\/\/www.trustedshops.de\/bewertung\/info_X7BA536A7A0BDC86D36C4718E4DCAEEEF.html\",\"https:\/\/www.google.com\/maps\/place\/?q=place_id:ChIJ5-zH19-IcEcR9HonWRTllHI\"]}]}<\/script>\n<!-- \/ Yoast SEO plugin. -->","yoast_head_json":{"title":"Drugo - Leeb Balkone Slovenija","description":"Utemeljeno strokovno znanje, kreativnost in inovacije predstavljajo temelj na\u0161ega izjemnega programa balkonov in ograj. Skupaj je na voljo ve\u010d kot 200","robots":{"index":"index","follow":"follow","max-snippet":"max-snippet:-1","max-image-preview":"max-image-preview:large","max-video-preview":"max-video-preview:-1"},"og_locale":"sl_SI","og_type":"article","og_title":"Drugo - Leeb Balkone","og_description":"Utemeljeno strokovno znanje, kreativnost in inovacije predstavljajo temelj na\u0161ega izjemnega programa balkonov in ograj. Skupaj je na voljo ve\u010d kot 200","og_url":"https:\/\/www.leeb-balkone.com\/sl\/produkti\/drugo\/","og_site_name":"Leeb Balkone","article_publisher":"https:\/\/www.facebook.com\/balkone\/","article_modified_time":"2021-01-27T10:54:22+00:00","og_image":[{"width":2560,"height":1762,"url":"https:\/\/www.leeb-balkone.com\/app\/uploads\/2020\/09\/alu-balkongelaender-zufriedene-kunden-1.jpg","type":"image\/jpeg"}],"twitter_card":"summary_large_image","schema":{"@context":"https:\/\/schema.org","@graph":[{"@type":"WebPage","@id":"https:\/\/www.leeb-balkone.com\/sl\/produkti\/drugo\/","url":"https:\/\/www.leeb-balkone.com\/sl\/produkti\/drugo\/","name":"Drugo - Leeb Balkone","isPartOf":{"@id":"https:\/\/www.leeb-balkone.com\/sl\/#website"},"datePublished":"2021-01-04T15:35:15+00:00","dateModified":"2021-01-27T10:54:22+00:00","description":"Utemeljeno strokovno znanje, kreativnost in inovacije predstavljajo temelj na\u0161ega izjemnega programa balkonov in ograj. Skupaj je na voljo ve\u010d kot 200","breadcrumb":{"@id":"https:\/\/www.leeb-balkone.com\/sl\/produkti\/drugo\/#breadcrumb"},"inLanguage":"sl-SI","potentialAction":[{"@type":"ReadAction","target":["https:\/\/www.leeb-balkone.com\/sl\/produkti\/drugo\/"]}]},{"@type":"BreadcrumbList","@id":"https:\/\/www.leeb-balkone.com\/sl\/produkti\/drugo\/#breadcrumb","itemListElement":[{"@type":"ListItem","position":1,"name":"Home","item":"https:\/\/www.leeb-balkone.com\/sl\/"},{"@type":"ListItem","position":2,"name":"Izdelki","item":"https:\/\/www.leeb-balkone.com\/sl\/produkti\/"},{"@type":"ListItem","position":3,"name":"Drugo"}]},{"@type":"WebSite","@id":"https:\/\/www.leeb-balkone.com\/sl\/#website","url":"https:\/\/www.leeb-balkone.com\/sl\/","name":"Leeb Balkone","description":"Balkone und Z\u00e4une","publisher":{"@id":"https:\/\/www.leeb-balkone.com\/sl\/#organization"},"potentialAction":[{"@type":"SearchAction","target":{"@type":"EntryPoint","urlTemplate":"https:\/\/www.leeb-balkone.com\/sl\/?s={search_term_string}"},"query-input":{"@type":"PropertyValueSpecification","valueRequired":true,"valueName":"search_term_string"}}],"inLanguage":"sl-SI"},{"@type":"Organization","@id":"https:\/\/www.leeb-balkone.com\/sl\/#organization","name":"Leeb Balkone Gmbh","url":"https:\/\/www.leeb-balkone.com\/sl\/","logo":{"@type":"ImageObject","inLanguage":"sl-SI","@id":"https:\/\/www.leeb-balkone.com\/sl\/#\/schema\/logo\/image\/","url":"https:\/\/www.leeb-balkone.com\/app\/uploads\/2020\/11\/leeb-logo.svg","contentUrl":"https:\/\/www.leeb-balkone.com\/app\/uploads\/2020\/11\/leeb-logo.svg","width":741,"height":204,"caption":"Leeb Balkone Gmbh"},"image":{"@id":"https:\/\/www.leeb-balkone.com\/sl\/#\/schema\/logo\/image\/"},"sameAs":["https:\/\/www.facebook.com\/balkone\/","https:\/\/www.trustedshops.at\/bewertung\/info_X4587CCF5833E31AFE0B11F47D86999F2.html","https:\/\/www.trustedshops.de\/bewertung\/info_X7BA536A7A0BDC86D36C4718E4DCAEEEF.html","https:\/\/www.google.com\/maps\/place\/?q=place_id:ChIJ5-zH19-IcEcR9HonWRTllHI"]}]}},"_links":{"self":[{"href":"https:\/\/www.leeb-balkone.com\/sl\/wp-json\/wp\/v2\/pages\/20006","targetHints":{"allow":["GET"]}}],"collection":[{"href":"https:\/\/www.leeb-balkone.com\/sl\/wp-json\/wp\/v2\/pages"}],"about":[{"href":"https:\/\/www.leeb-balkone.com\/sl\/wp-json\/wp\/v2\/types\/page"}],"author":[{"embeddable":true,"href":"https:\/\/www.leeb-balkone.com\/sl\/wp-json\/wp\/v2\/users\/1"}],"replies":[{"embeddable":true,"href":"https:\/\/www.leeb-balkone.com\/sl\/wp-json\/wp\/v2\/comments?post=20006"}],"version-history":[{"count":0,"href":"https:\/\/www.leeb-balkone.com\/sl\/wp-json\/wp\/v2\/pages\/20006\/revisions"}],"up":[{"embeddable":true,"href":"https:\/\/www.leeb-balkone.com\/sl\/wp-json\/wp\/v2\/pages\/17275"}],"wp:attachment":[{"href":"https:\/\/www.leeb-balkone.com\/sl\/wp-json\/wp\/v2\/media?parent=20006"}],"wp:term":[{"taxonomy":"folder","embeddable":true,"href":"https:\/\/www.leeb-balkone.com\/sl\/wp-json\/wp\/v2\/folder?post=20006"}],"curies":[{"name":"wp","href":"https:\/\/api.w.org\/{rel}","templated":true}]}}