{"id":19613,"date":"2020-09-21T17:58:15","date_gmt":"2020-09-21T17:58:15","guid":{"rendered":"https:\/\/www.leeb-balkone.com\/de\/balkoni-in-ograje-leeb\/zertifizierte-qualitaet\/"},"modified":"2026-03-18T18:04:44","modified_gmt":"2026-03-18T18:04:44","slug":"certificirana-kakovost","status":"publish","type":"page","link":"https:\/\/www.leeb-balkone.com\/sl\/podjetje\/certificirana-kakovost\/","title":{"rendered":"Certificirana kakovost"},"content":{"rendered":"<header data-block_acf-block-69bae93a3ea48 class=\"c-fh  l-mh-small c-fh--hero c-grad-l2r c-fh--div none\">\n      <img loading=\"lazy\" decoding=\"async\" width=\"1920\" height=\"600\" src=\"https:\/\/www.leeb-balkone.com\/app\/uploads\/2020\/09\/balkon-alu-header.jpg\" class=\"no-lazy\" alt=\"balkon alu header\" srcset=\"https:\/\/www.leeb-balkone.com\/app\/uploads\/2020\/09\/balkon-alu-header-300x94.jpg 300w, https:\/\/www.leeb-balkone.com\/app\/uploads\/2020\/09\/balkon-alu-header-1024x320.jpg 1024w, https:\/\/www.leeb-balkone.com\/app\/uploads\/2020\/09\/balkon-alu-header-768x240.jpg 768w, https:\/\/www.leeb-balkone.com\/app\/uploads\/2020\/09\/balkon-alu-header-1536x480.jpg 1536w\" sizes=\"auto, (min-width: 1536px) 2048px, (min-width: 992px) 1536px, (min-width: 768px) 1024px, (min-width: 576px) 768px, 100vw\" \/>\n\n\n<div class=\"grid-container\">\n  <div class=\"grid-x\">\n    <div class=\"cell small-12 medium-6 medium-offset-1\">\n      <div class=\"c-fh__wrapper\">\n                              <p>Balkoni LEEB so dokaz za stroge standarde<\/p>\n                        <\/div>\n    <\/div>\n  <\/div>\n<\/div>\n  \n    \n    <\/header>\n\n\n  \n  <section class=\"wp-block-group alignfull t3-header u-max-wide t3-header-text has-white-background-color has-background has-global-padding is-layout-constrained wp-block-group-is-layout-constrained\">\n    <div class=\"wp-block-group o-grid u-md-1 u-sm-1 is-layout-flow wp-block-group-is-layout-flow\">\n  <div class=\"wp-block-group u-g-10 u-g-s-2\">\n      <div class=\"yoast-breadcrumbs\"><span><span><a href=\"https:\/\/www.leeb-balkone.com\/sl\/\">Home<\/a><\/span><\/span><\/div>\n      \n    <h1>Certificirana kakovost<\/h1>\n  <\/div>\n<\/div>\n  <\/section>\n\n\n\n\n\n\n<section class=\"wp-block-cgb-t3-section-block alignfull b-pt-small  is-style-bg-white\" style=\"display:inherit;min-height:inherit\">\n<div class=\"wp-block-cgb-t3-container-block none\" style=\"background-color:none\"><div class=\"grid-container\"><div class=\"grid-x\"><div class=\"cell small-12 medium-9 large-0 medium-offset-1 b-has-lsmb\">\n<p><span class=\"teaser\">Z nami ste na varnem! LEEB je edini proizvajalec balkonov v Evropi, ki je certificiran v skladu s standardom kakovosti ISO 9001. Poleg tega so na\u0161i izdelki tudi CE certificirani v skladu z EN 1090. Nenehni nadzori kakovosti s strani neodvisnih ocenjevalnih organov nam omogo\u010dajo, da smo nosilec zlatega avstrijskega pe\u010data kakovosti. Zaradi na\u0161e dosledne usmeritve smo od leta 2010 nosilci pe\u010data \u00bbAustrias Leading Company\u00ab. To izjemno delo lahko seveda vsak dan ob\u010dudujete v svoji bli\u017eini: Z veseljem prilagodimo va\u0161 osebni balkon in ograjo LEEB va\u0161im individualnim potrebam in \u017eeljam.<\/span><\/p>\n<\/div><\/div><\/div><\/div>\n\n\n\n<div class=\"wp-block-cgb-t3-container-block none\" style=\"background-color:none\"><div class=\"grid-container\"><div class=\"grid-x\"><div class=\"cell small-12 medium-9 large-0 medium-offset-1 b-has-pt\">\n<figure class=\"wp-block-embed is-type-video is-provider-youtube wp-block-embed-youtube wp-embed-aspect-16-9 wp-has-aspect-ratio\"><div class=\"wp-block-embed__wrapper\">\n<iframe loading=\"lazy\" title=\"Leeb Balkone und Z\u00e4une Pendelschlagtest\" width=\"500\" height=\"281\" src=\"https:\/\/www.youtube.com\/embed\/-Ek6yIMB2Es?feature=oembed\" frameborder=\"0\" allow=\"accelerometer; autoplay; clipboard-write; encrypted-media; gyroscope; picture-in-picture; web-share\" referrerpolicy=\"strict-origin-when-cross-origin\" allowfullscreen><\/iframe>\n<\/div><\/figure>\n<\/div><\/div><\/div><\/div>\n<\/section>\n\n\n\n<section class=\"wp-block-cgb-t3-section-block alignfull b-pt-none  is-style-bg-transparent\" style=\"display:inherit;min-height:inherit\">\n<div class=\"wp-block-cgb-t3-container-block b-has-offset-b\" style=\"background-color:#EE7203\"><div class=\"has-padding none grid-container-wrapper\"><div class=\"grid-container\"><div class=\"grid-x\"><div class=\"cell small-12 medium-9 large-0 medium-offset-1 b-has-lsmb\">\n<h2 class=\"wp-block-heading has-white-color has-text-color\"><span class=\"h2ash1\">To nas odlikuje<\/span><\/h2>\n<\/div><\/div><\/div><\/div><\/div>\n\n\n\n<div class=\"wp-block-cgb-t3-container-block none\" style=\"background-color:none\"><div class=\"grid-container\"><div class=\"grid-x\"><div class=\"cell small-12 medium-12 large-0\"><div data-block_acf-block-69bae93a3ea88 class=\"wp-block-group is-style-transparent-cards u-grid-temp has-4-cols u-md-2 u-sm-1 cards alignwide std \" style=\"margin-bottom:var(--wp--preset--spacing--xl)\">\n\n\n            <div class=\"wp-block-group m-card is-layout-flow wp-block-group-is-layout-flow\">\n      <figure data-imgid=\"\" class=\"wp-block-image size-large\">\n      <a href=\"#iso\"  data-smooth-scroll data-ofset=\"120\" class=\"no-default-link\">\n              <\/a>\n    <\/figure>\n  \n  <div class=\"wp-block-group m-card-content is-vertical is-layout-flex wp-block-group-is-layout-flex\">\n            <h3 class=\"wp-block-heading\">\n          <a href=\"#iso\" class=\"no-default-link\"  data-smooth-scroll data-ofset=\"120\">Standard kakovosti ISO 9001<\/a>\n        <\/h3>\n        <p>Standard kakovosti ISO 9001 spada med najuspe\u0161nej\u0161e standarde upravljanja in je veljaven po vsem svetu.<\/p>\n          <a href=\"#iso\" class=\"more\"><\/a>\n      <\/div>\n<\/div>\n\n\n          <div class=\"wp-block-group m-card is-layout-flow wp-block-group-is-layout-flow\">\n      <figure data-imgid=\"17077\" class=\"wp-block-image size-large\">\n      <a href=\"#certifikatce\"  data-smooth-scroll data-ofset=\"120\" class=\"no-default-link\">\n        <img decoding=\"async\" width=\"300\" height=\"225\" src=\"https:\/\/www.leeb-balkone.com\/app\/uploads\/2020\/10\/leeb-balkone-mitarbeiter-15-300x225.jpg\" class=\"attachment-medium size-medium\" alt=\"leeb balkone mitarbeiter 15\" title=\"\" loading=\"lazy\" srcset=\"https:\/\/www.leeb-balkone.com\/app\/uploads\/2020\/10\/leeb-balkone-mitarbeiter-15-300x225.jpg 300w, https:\/\/www.leeb-balkone.com\/app\/uploads\/2020\/10\/leeb-balkone-mitarbeiter-15-1024x767.jpg 1024w, https:\/\/www.leeb-balkone.com\/app\/uploads\/2020\/10\/leeb-balkone-mitarbeiter-15-768x575.jpg 768w, https:\/\/www.leeb-balkone.com\/app\/uploads\/2020\/10\/leeb-balkone-mitarbeiter-15-1536x1151.jpg 1536w, https:\/\/www.leeb-balkone.com\/app\/uploads\/2020\/10\/leeb-balkone-mitarbeiter-15-2048x1535.jpg 2048w\" sizes=\"auto, (min-width: 1200px) 260px, (min-width: 1024px) 220px, (min-width: 640px) 465px, 768px\" \/>      <\/a>\n    <\/figure>\n  \n  <div class=\"wp-block-group m-card-content is-vertical is-layout-flex wp-block-group-is-layout-flex\">\n            <h3 class=\"wp-block-heading\">\n          <a href=\"#certifikatce\" class=\"no-default-link\"  data-smooth-scroll data-ofset=\"120\">Certifikat CE v skladu z EN 1090<\/a>\n        <\/h3>\n        <p>S predpisi EU skladno certificiranje v skladu z EN 1090 je zakonsko predpisano. Vsi gradbeno nadzorovani proizvodi kot so oprijemala in ograje, morajo biti opremljeni z oznako CE.<\/p>\n          <a href=\"#certifikatce\" class=\"more\"><\/a>\n      <\/div>\n<\/div>\n\n\n          <div class=\"wp-block-group m-card is-layout-flow wp-block-group-is-layout-flow\">\n      <figure data-imgid=\"17833\" class=\"wp-block-image size-large\">\n      <a href=\"#leading\"  data-smooth-scroll data-ofset=\"120\" class=\"no-default-link\">\n        <img decoding=\"async\" width=\"300\" height=\"225\" src=\"https:\/\/www.leeb-balkone.com\/app\/uploads\/2020\/11\/austrias-leading-companies-leeb-balkone-1-300x225.jpg\" class=\"attachment-medium size-medium\" alt=\"austrias leading companies leeb balkone 1\" title=\"\" loading=\"lazy\" srcset=\"https:\/\/www.leeb-balkone.com\/app\/uploads\/2020\/11\/austrias-leading-companies-leeb-balkone-1-300x225.jpg 300w, https:\/\/www.leeb-balkone.com\/app\/uploads\/2020\/11\/austrias-leading-companies-leeb-balkone-1-1024x767.jpg 1024w, https:\/\/www.leeb-balkone.com\/app\/uploads\/2020\/11\/austrias-leading-companies-leeb-balkone-1-768x576.jpg 768w, https:\/\/www.leeb-balkone.com\/app\/uploads\/2020\/11\/austrias-leading-companies-leeb-balkone-1-1536x1151.jpg 1536w, https:\/\/www.leeb-balkone.com\/app\/uploads\/2020\/11\/austrias-leading-companies-leeb-balkone-1.jpg 2000w\" sizes=\"auto, (min-width: 1200px) 260px, (min-width: 1024px) 220px, (min-width: 640px) 465px, 768px\" \/>      <\/a>\n    <\/figure>\n  \n  <div class=\"wp-block-group m-card-content is-vertical is-layout-flex wp-block-group-is-layout-flex\">\n            <h3 class=\"wp-block-heading\">\n          <a href=\"#leading\" class=\"no-default-link\"  data-smooth-scroll data-ofset=\"120\">Austria&#8217;s Leading Company<\/a>\n        <\/h3>\n        <p>\u00bbAustrias Leading Companies\u00ab oziroma ALC je avstrijski gospodarski nate\u010daj, ki so ga leta 1870 ustvarili gospodarski \u010dasopis Wirtschaftsblatt, PricewaterhouseCoopers in zdru\u017eenje za kreditno varstvo.<\/p>\n          <a href=\"#leading\" class=\"more\"><\/a>\n      <\/div>\n<\/div>\n\n\n          <div class=\"wp-block-group m-card is-layout-flow wp-block-group-is-layout-flow\">\n      <figure data-imgid=\"17828\" class=\"wp-block-image size-large\">\n      <a href=\"#guetesiegel\"  data-smooth-scroll data-ofset=\"120\" class=\"no-default-link\">\n        <img decoding=\"async\" width=\"300\" height=\"225\" src=\"https:\/\/www.leeb-balkone.com\/app\/uploads\/2020\/11\/oesterreichisches-guetezeichen-leeb-balkone-1-300x225.jpg\" class=\"attachment-medium size-medium\" alt=\"Austria Guetezeichen 1\" title=\"\" loading=\"lazy\" srcset=\"https:\/\/www.leeb-balkone.com\/app\/uploads\/2020\/11\/oesterreichisches-guetezeichen-leeb-balkone-1-300x225.jpg 300w, https:\/\/www.leeb-balkone.com\/app\/uploads\/2020\/11\/oesterreichisches-guetezeichen-leeb-balkone-1-1024x767.jpg 1024w, https:\/\/www.leeb-balkone.com\/app\/uploads\/2020\/11\/oesterreichisches-guetezeichen-leeb-balkone-1-768x576.jpg 768w, https:\/\/www.leeb-balkone.com\/app\/uploads\/2020\/11\/oesterreichisches-guetezeichen-leeb-balkone-1-1536x1151.jpg 1536w, https:\/\/www.leeb-balkone.com\/app\/uploads\/2020\/11\/oesterreichisches-guetezeichen-leeb-balkone-1.jpg 2000w\" sizes=\"auto, (min-width: 1200px) 260px, (min-width: 1024px) 220px, (min-width: 640px) 465px, 768px\" \/>      <\/a>\n    <\/figure>\n  \n  <div class=\"wp-block-group m-card-content is-vertical is-layout-flex wp-block-group-is-layout-flex\">\n            <h3 class=\"wp-block-heading\">\n          <a href=\"#guetesiegel\" class=\"no-default-link\"  data-smooth-scroll data-ofset=\"120\">Avstrijski znak kakovosti<\/a>\n        <\/h3>\n        <p>Zahvaljujo\u010d stalnemu nadzoru in kontroli, lahko podjetje Leeb ponosno razkazuje avstrijski znak kakovosti.<\/p>\n          <a href=\"#guetesiegel\" class=\"more\"><\/a>\n      <\/div>\n<\/div>\n\n\n      <\/div>\n\n\n\n\n\n<p><\/p>\n<\/div><\/div><\/div><\/div>\n\n\n\n<p><\/p>\n<\/section>\n\n\n\n<section id=\"iso\" class=\"wp-block-cgb-t3-section-block alignfull\" style=\"display:inherit;min-height:inherit\"><div class=\"grid-container\"><div>\n<div class=\"wp-block-cgb-t3-container-block none\" style=\"background-color:none\"><div class=\"grid-container\"><div class=\"grid-x\"><div class=\"cell small-12 medium-9 large-0 medium-offset-1\">\n<h2 class=\"wp-block-heading\">Standard kakovosti ISO 9001<\/h2>\n\n\n\n<p>Standard kakovosti ISO 9001 spada med najuspe\u0161nej\u0161e standarde upravljanja in je veljaven po vsem svetu. S pomo\u010djo sistema upravljanja kakovosti se izdelki in storitve za zadovoljitev potreb kupcev nenehno izbolj\u0161ujejo.<\/p>\n\n\n\n<p>Za zagotovitev zahtev trga so klju\u010dne besede zadovoljstvo strank, usmerjenost k strankam in u\u010dinkovitost procesov. Za pre\u017eivetje v svetovni konkurenci je prav tako pomemben dejavnik za uspeh sposobnost hitrega in prilagodljivega odzivanja na trg. Organizacijske poteke in procese je treba optimizirati glede na cilje podjetja. Za to je nepogre\u0161ljiv zanesljiv sistem upravljanja kakovosti v skladu z ISO 9001.<\/p>\n\n\n\n<p>Od leta 1996 smo bili prvo podjetje za izdelavo balkonov v Evropi, ki je bilo testirano in certificirano v skladu s standardom kakovosti ISO 9001, kar je svetovno priznano dokazilo o usposobljenosti in uspe\u0161nosti. Za zaposlene je tako zagotovljena dragocena dokumentacija za zagotavljanje kakovosti, hkrati pa nenehno izbolj\u0161ujemo poteke dela v podjetju.<\/p>\n<\/div><\/div><\/div><\/div>\n<\/div><\/div><\/section>\n\n\n\n<section id=\"certifikatce\" class=\"wp-block-cgb-t3-section-block alignfull is-style-bg-white\" style=\"display:inherit;min-height:inherit\"><div class=\"grid-container\"><div>\n<div class=\"wp-block-cgb-t3-container-block none\" style=\"background-color:none\"><div class=\"grid-container\"><div class=\"grid-x\"><div class=\"cell small-12 medium-9 large-0 medium-offset-1\">\n<h2 class=\"wp-block-heading\">Certifikat CE v skladu z EN 1090<\/h2>\n\n\n\n<p>S predpisi EU skladno certificiranje v skladu z EN 1090 je zakonsko predpisano. Vsi gradbeno nadzorovani proizvodi kot so oprijemala in ograje, morajo biti opremljeni z oznako CE.<\/p>\n\n\n\n<p>Od 1. julija 2014 potrebujejo vsa podjetja, ki proizvajajo in prodajajo gradbeno nadzorovane izdelke, certifikat v skladu s standardom EN 1090 in na\u0161a oprijemala in ograje LEEB izpolnjujejo tudi te zahteve. Odsotnost znaka CE ozna\u010duje nestandardno proizveden\/prodan\/name\u0161\u010den gradbeno nadzorovan izdelek.<\/p>\n\n\n\n<h3 class=\"wp-block-heading\">Kot investitor gradnje prevzemate naslednja tveganja:<\/h3>\n\n\n\n<ul class=\"wp-block-list\">\n<li>brez popolnega zavarovalnega kritja<\/li>\n\n\n\n<li>morebitne upravne kazni<\/li>\n\n\n\n<li>nevarnost premo\u017eenjske \u0161kode in telesnih po\u0161kodb zaradi neustreznih izdelkov in monta\u017ee<\/li>\n<\/ul>\n\n\n\n<p><\/p>\n<\/div><\/div><\/div><\/div>\n<\/div><\/div><\/section>\n\n\n\n<section id=\"leading\" class=\"wp-block-cgb-t3-section-block alignfull\" style=\"display:inherit;min-height:inherit\"><div class=\"grid-container\"><div>\n<div class=\"wp-block-cgb-t3-container-block none\" style=\"background-color:none\"><div class=\"grid-container\"><div class=\"grid-x\"><div class=\"cell small-12 medium-9 large-0 medium-offset-1\">\n<h2 class=\"wp-block-heading\">Austria\u2019s Leading Company<\/h2>\n\n\n\n<p>\u00bbAustrias Leading Companies\u00ab oziroma ALC je avstrijski gospodarski nate\u010daj, ki so ga leta 1870 ustvarili gospodarski \u010dasopis Wirtschaftsblatt, PricewaterhouseCoopers in zdru\u017eenje za kreditno varstvo. Na nate\u010daju, ki se od leta 1997 izvaja letno, so razgla\u0161eni samo nacionalni zmagovalci. Sodelujejo lahko vsa avstrijska gospodarska podjetja in h\u010derinska podjetja tujih korporacij s sede\u017eem v Avstriji.<\/p>\n\n\n\n<p>Glede na dose\u017een promet so podjetja razdeljena v tri razrede:<\/p>\n\n\n\n<ul class=\"wp-block-list\">\n<li>Big Player\u00a0 \u2013 ve\u010d kot 50 milijonov letnega prometa<\/li>\n\n\n\n<li>Zlata sredina \u2013 srednje velika podjetja med 10 in 50 milijoni evrov letnega prometa<\/li>\n\n\n\n<li>Solidno majhno podjetje \u2013 letni promet je manj\u0161i od 10 milijonov evrov<\/li>\n<\/ul>\n\n\n\n<p>Pri ocenjevanju se uporabijo gospodarski kazalniki, kot so rast prometa, razvoj lastnega kapitala in likvidnost v obdobju treh let.<\/p>\n\n\n\n<p>Podjetje Balkoni LEEB od leta 2010 nosi pe\u010dat \u00bbAustrias Leading Company\u00ab v kategoriji \u00bbGoldener Mittelbau (Zlata sredina)\u00ab.<\/p>\n<\/div><\/div><\/div><\/div>\n<\/div><\/div><\/section>\n\n\n\n<section id=\"guetesiegel\" class=\"wp-block-cgb-t3-section-block alignfull is-style-bg-white\" style=\"display:inherit;min-height:inherit\"><div class=\"grid-container\"><div>\n<div class=\"wp-block-cgb-t3-container-block none\" style=\"background-color:none\"><div class=\"grid-container\"><div class=\"grid-x\"><div class=\"cell small-12 medium-9 large-0 medium-offset-1\">\n<h2 class=\"wp-block-heading\">Avstrijski znak kakovosti<\/h2>\n\n\n\n<p>Zahvaljujo\u010d stalnemu nadzoru in kontroli, lahko podjetje Leeb ponosno razkazuje avstrijski znak kakovosti. Znak kakovosti je prepoznavna znamka in garancija za doma\u010do kakovost. Izpolnjeni morajo biti naslednji kriteriji:<\/p>\n\n\n\n<ul class=\"wp-block-list\">\n<li>Vrednostni dele\u017e kon\u010dnega izdelka mora biti vsaj 50 % avstrijski (surovina, dodatki in znanje)<\/li>\n\n\n\n<li>Proizvodnja in obdelava morata potekati v Avstriji<\/li>\n<\/ul>\n\n\n\n<p>Podjetja z avstrijskim znakom kakovosti se zavezujejo k spo\u0161tovanju vseh pogojev uporabe. Znak kakovosti se izda za dolo\u010deno obdobje, smernice, ki jih je treba upo\u0161tevati, pa nenehno preverjajo s strani dr\u017eave poobla\u0161\u010deni ocenjevalni organi. S kriteriji kakovosti se podrobno pregledajo vse pomembne zna\u010dilnosti izdelka in preu\u010di raven u\u010dinkovitosti proizvodnih mest. Osnova za preverjanje so splo\u0161ni poslovni pogoji \u00d6QA (Avstrijsko zdru\u017eenje za izbolj\u0161anje kakovosti).<\/p>\n\n\n\n<p>Za razli\u010dne izdelke obstajajo dolo\u010dene smernice za kakovost. Za znak kakovosti je treba upo\u0161tevati razli\u010dne smernice, kot so smernice za kakovost, standarde, deklaracije izdelkov itd.<\/p>\n\n\n\n<h2 class=\"wp-block-heading\">Download:<\/h2>\n\n\n\n<ul class=\"wp-block-list is-style-alt-rows\">\n<li><strong>ISO 9001<\/strong><br><a href=\"\/app\/uploads\/2020\/12\/121973-Leeb-9001-pp-de.pdf\">Zertifikat ISO 9001 T\u00dcV Nord<\/a><\/li>\n\n\n\n<li><strong>CE Certifikat EN 1090<\/strong><br><a href=\"\/app\/uploads\/2020\/11\/Zertifikat-EN1090_2020.pdf\">Zertifikat EN 1090 T\u00dcV S\u00fcd<\/a><\/li>\n\n\n\n<li><strong>IGP-HWFCLASSIC 59 SYSTEM<\/strong><br><a href=\"https:\/\/www.leeb-balkone.com\/de\/wp-content\/uploads\/2019\/07\/SKMBT_C36419073114330.pdf\">Zertifikat f\u00fcr IGP-DURA\u00aeface 58 und IGP-HWF 3001<\/a><\/li>\n<\/ul>\n<\/div><\/div><\/div><\/div>\n<\/div><\/div><\/section>\n\n\n\n<section class=\"wp-block-cgb-t3-section-block alignfull b-pt-none\" style=\"display:inherit;background-color:#F5F5F5;min-height:inherit\">\n<div class=\"wp-block-cgb-t3-container-block b-has-offset-h\" style=\"background-color:none\"><div class=\"grid-container\"><div class=\"grid-x\"><div class=\"cell small-12 medium-6 large-0 medium-offset-1\">\n<h2 class=\"wp-block-heading\"><strong>Z nami ste na varnem<\/strong><\/h2>\n<\/div><\/div><\/div><\/div>\n\n\n\n<div class=\"wp-block-cgb-t3-container-block none\" style=\"background-color:none\"><div class=\"grid-container\"><div class=\"grid-x\"><div class=\"cell small-12 medium-9 large-0 medium-offset-1 b-has-pt\">\n<p><span class=\"teaser\">LEEB predstavlja preverjeno kakovost. Nenehna preverjanja s strani neodvisnih ocenjevalnih organov poskrbijo, da so na\u0161i\u00a0balkoni\u00a0in\u00a0ograje\u00a0vrhunski izdelki. Ponosni smo na zlati avstrijski pe\u010dat kakovosti, standard kakovosti ISO 9001 in certifikat CE v skladu z EN 1090.<\/span><\/p>\n<\/div><\/div><\/div><\/div>\n\n\n\n<div class=\"wp-block-cgb-t3-container-block none\" style=\"background-color:none\"><div class=\"grid-container\"><div class=\"grid-x\"><div class=\"cell small-12 medium-8 large-0 medium-offset-2\"><div class=\"l-wrapper\">\n  <ul data-block_5f4e637ec1ed5 class=\"c-list b-iconlist grid-x align-justify iconlist alignwide\">\n                      <li class=\"b-iconlist__item  small-6 medium-4 large-4\">\n          <div class=\"b-iconlist__icon img\">\n      <img loading=\"lazy\" decoding=\"async\" width=\"626\" height=\"628\" src=\"https:\/\/www.leeb-balkone.com\/app\/uploads\/2020\/09\/logo_tuev-01.png\" class=\"b-iconlist__img\" alt=\"logo_tuev 01\" srcset=\"https:\/\/www.leeb-balkone.com\/app\/uploads\/2020\/09\/logo_tuev-01.png 626w, https:\/\/www.leeb-balkone.com\/app\/uploads\/2020\/09\/logo_tuev-01-150x150.png 150w, https:\/\/www.leeb-balkone.com\/app\/uploads\/2020\/09\/logo_tuev-01-300x300.png 300w\" sizes=\"auto, (min-width: 1200px) 260px, (min-width: 1024px) 220px, (min-width: 640px) 465px, 768px\" \/>      \n    <\/div>\n      <div class=\"b-iconlist__body\">\n              <p>Pridobljen T\u00dcV certifikat<\/p>\n      <\/div>\n  \n        <\/li>\n              <li class=\"b-iconlist__item  small-6 medium-4 large-4\">\n          <div class=\"b-iconlist__icon img\">\n      <img loading=\"lazy\" decoding=\"async\" width=\"626\" height=\"628\" src=\"https:\/\/www.leeb-balkone.com\/app\/uploads\/2020\/09\/Austria-Guetezeichen-2024.jpg\" class=\"b-iconlist__img\" alt=\"Austria Guetezeichen 2024\" sizes=\"auto, (min-width: 1200px) 260px, (min-width: 1024px) 220px, (min-width: 640px) 465px, 768px\" \/>      \n    <\/div>\n      <div class=\"b-iconlist__body\">\n              <p>Preverjena kakovost<\/p>\n      <\/div>\n  \n        <\/li>\n              <li class=\"b-iconlist__item  small-6 medium-4 large-4\">\n          <div class=\"b-iconlist__icon img\">\n      <img loading=\"lazy\" decoding=\"async\" width=\"626\" height=\"628\" src=\"https:\/\/www.leeb-balkone.com\/app\/uploads\/2020\/09\/logo_staatlich-01.png\" class=\"b-iconlist__img\" alt=\"logo_staatlich 01\" srcset=\"https:\/\/www.leeb-balkone.com\/app\/uploads\/2020\/09\/logo_staatlich-01.png 626w, https:\/\/www.leeb-balkone.com\/app\/uploads\/2020\/09\/logo_staatlich-01-300x300.png 300w, https:\/\/www.leeb-balkone.com\/app\/uploads\/2020\/09\/logo_staatlich-01-150x150.png 150w, https:\/\/www.leeb-balkone.com\/app\/uploads\/2020\/09\/logo_staatlich-01-240x240.png 240w\" sizes=\"auto, (min-width: 1200px) 260px, (min-width: 1024px) 220px, (min-width: 640px) 465px, 768px\" \/>      \n    <\/div>\n      <div class=\"b-iconlist__body\">\n              <p>Prejemnik dr\u017eavnega odli\u010dja<\/p>\n      <\/div>\n  \n        <\/li>\n            <\/ul>\n<\/div>\n<\/div><\/div><\/div><\/div>\n\n\n\n<p><\/p>\n<\/section>\n\n\n\n<section class=\"wp-block-cgb-t3-section-block alignfull b-pt-none  is-style-bg-transparent\" style=\"display:inherit;min-height:inherit\">\n<div class=\"wp-block-cgb-t3-container-block b-has-offset-b\" style=\"background-color:#EE7203\"><div class=\"has-padding none grid-container-wrapper\"><div class=\"grid-container\"><div class=\"grid-x\"><div class=\"cell small-12 medium-10 large-0 medium-offset-1 b-has-lsmb\">\n<h2 class=\"wp-block-heading has-white-color has-text-color\"><span class=\"h2ash1\">Balkon, ograja in ostalo<\/span><\/h2>\n\n\n\n<p class=\"has-white-color has-text-color\"><span class=\"teaser\">Ve\u010d kot 100.000 zadovoljnih strank zaupa vodilnemu proizvajalcu balkonskih ograj v evropi, preko 50.000 teko\u010dih metrov ograj enostavnih za vdr\u017eevanje iz lesa, aluminija, stekla in nerjave\u010dega jekla zapusti vsako leto tovarno v Gnesau-u in najde svoje mesto na balkonih v Avstriji, Nem\u010diji, Italiji, Franciji ali \u0160vici.&nbsp;<\/span><\/p>\n<\/div><\/div><\/div><\/div><\/div>\n\n\n\n<div class=\"wp-block-cgb-t3-container-block none\" style=\"background-color:none\"><div class=\"grid-container\"><div class=\"grid-x\"><div class=\"cell small-12 medium-12 large-0\"><div class=\"u-grid-temp has-2-cols u-md-2 u-sm-1 is-style-transparent-cards offset wp-block-group is-layout-grid wp-block-group-is-layout-grid\">\n\n\n  \n\n            <div class=\"wp-block-group m-card is-layout-flow wp-block-group-is-layout-flow\">\n      <figure data-imgid=\"13213\" class=\"wp-block-image size-large\">\n      <a href=\"https:\/\/www.leeb-balkone.com\/sl\/tehnika\/alu-comfort-plus\/\" class=\"no-default-link\">\n        <img decoding=\"async\" width=\"768\" height=\"499\" src=\"https:\/\/www.leeb-balkone.com\/app\/uploads\/2020\/04\/shutterstock_4878571_red-768x499.jpg\" class=\"attachment-medium_large size-medium_large\" alt=\"Alu Comfort Plus - patentiran pra\u0161ni premaz z u\u010dinkom lotosa iz Leeb Balconies\" title=\"Alu Comfort Plus\u00ae\" loading=\"lazy\" srcset=\"https:\/\/www.leeb-balkone.com\/app\/uploads\/2020\/04\/shutterstock_4878571_red-768x499.jpg 768w, https:\/\/www.leeb-balkone.com\/app\/uploads\/2020\/04\/shutterstock_4878571_red-300x195.jpg 300w, https:\/\/www.leeb-balkone.com\/app\/uploads\/2020\/04\/shutterstock_4878571_red-1024x665.jpg 1024w, https:\/\/www.leeb-balkone.com\/app\/uploads\/2020\/04\/shutterstock_4878571_red-1536x997.jpg 1536w, https:\/\/www.leeb-balkone.com\/app\/uploads\/2020\/04\/shutterstock_4878571_red-2048x1330.jpg 2048w\" sizes=\"auto, (min-width: 1200px) 360px, (min-width: 1024px) 300px, (min-width: 640px) 768px, 768px\" \/>      <\/a>\n    <\/figure>\n  \n  <div class=\"wp-block-group m-card-content is-vertical is-layout-flex wp-block-group-is-layout-flex\">\n            <h3 class=\"wp-block-heading\">\n          <a href=\"https:\/\/www.leeb-balkone.com\/sl\/tehnika\/alu-comfort-plus\/\" class=\"no-default-link\">Alu Comfort Plus\u00ae<\/a>\n        <\/h3>\n        <p>Edinstvena in patentirana povr\u0161ina ALU COMFORT PLUS\u00ae z izjemno u\u010dinkovitim lotosovim u\u010dinkom je bistvo nenehnih inovacij.<\/p>\n          <a href=\"https:\/\/www.leeb-balkone.com\/sl\/tehnika\/alu-comfort-plus\/\" class=\"more\">ve\u010d informacij<\/a>\n      <\/div>\n<\/div>\n\n          <div class=\"wp-block-group m-card is-layout-flow wp-block-group-is-layout-flow\">\n      <figure data-imgid=\"44739\" class=\"wp-block-image size-large\">\n      <a href=\"https:\/\/www.leeb-balkone.com\/sl\/distribucijski-partnerji\/\" class=\"no-default-link\">\n        <img decoding=\"async\" width=\"768\" height=\"575\" src=\"https:\/\/www.leeb-balkone.com\/app\/uploads\/2020\/12\/firma-leeb-balkone-zentrale-gnesau-768x575.jpg\" class=\"attachment-medium_large size-medium_large\" alt=\"Sede\u017e podjetja Leeb Balkone GmbH v Gnesau\" title=\"Lokacije Leeb\" loading=\"lazy\" srcset=\"https:\/\/www.leeb-balkone.com\/app\/uploads\/2020\/12\/firma-leeb-balkone-zentrale-gnesau-768x575.jpg 768w, https:\/\/www.leeb-balkone.com\/app\/uploads\/2020\/12\/firma-leeb-balkone-zentrale-gnesau-300x225.jpg 300w, https:\/\/www.leeb-balkone.com\/app\/uploads\/2020\/12\/firma-leeb-balkone-zentrale-gnesau-1024x767.jpg 1024w, https:\/\/www.leeb-balkone.com\/app\/uploads\/2020\/12\/firma-leeb-balkone-zentrale-gnesau-1536x1151.jpg 1536w, https:\/\/www.leeb-balkone.com\/app\/uploads\/2020\/12\/firma-leeb-balkone-zentrale-gnesau-2048x1535.jpg 2048w\" sizes=\"auto, (min-width: 1200px) 360px, (min-width: 1024px) 300px, (min-width: 640px) 768px, 768px\" \/>      <\/a>\n    <\/figure>\n  \n  <div class=\"wp-block-group m-card-content is-vertical is-layout-flex wp-block-group-is-layout-flex\">\n            <h3 class=\"wp-block-heading\">\n          <a href=\"https:\/\/www.leeb-balkone.com\/sl\/distribucijski-partnerji\/\" class=\"no-default-link\">Lokacije Leeb<\/a>\n        <\/h3>\n        <p>Na\u0161a prodajna mre\u017ea obsega pribli\u017eno 100 partnerjev Leeb v Avstriji, Nem\u010diji, Italiji, \u0160vici, na Slova\u0161kem in v Sloveniji. V va\u0161i bli\u017eini je vedno na voljo partner Leeb! <\/p>\n          <a href=\"https:\/\/www.leeb-balkone.com\/sl\/distribucijski-partnerji\/\" class=\"more\">Poi\u0161\u010dite prodajnega partnerja<\/a>\n      <\/div>\n<\/div>\n\n          <div class=\"wp-block-group m-card is-layout-flow wp-block-group-is-layout-flow\">\n      <figure data-imgid=\"15875\" class=\"wp-block-image size-large\">\n      <a href=\"https:\/\/www.leeb-balkone.com\/sl\/storitev\/dostava-in-montaza\/\" class=\"no-default-link\">\n        <img decoding=\"async\" width=\"768\" height=\"575\" src=\"https:\/\/www.leeb-balkone.com\/app\/uploads\/2020\/08\/mitarbeiter-montage-bei-leeb-balkone-768x575.jpeg\" class=\"attachment-medium_large size-medium_large\" alt=\"mitarbeiter montage bei leeb balkone\" title=\"Z nami ste na varni strani\" loading=\"lazy\" srcset=\"https:\/\/www.leeb-balkone.com\/app\/uploads\/2020\/08\/mitarbeiter-montage-bei-leeb-balkone-768x575.jpeg 768w, https:\/\/www.leeb-balkone.com\/app\/uploads\/2020\/08\/mitarbeiter-montage-bei-leeb-balkone-300x225.jpeg 300w, https:\/\/www.leeb-balkone.com\/app\/uploads\/2020\/08\/mitarbeiter-montage-bei-leeb-balkone-1024x767.jpeg 1024w, https:\/\/www.leeb-balkone.com\/app\/uploads\/2020\/08\/mitarbeiter-montage-bei-leeb-balkone-1536x1151.jpeg 1536w, https:\/\/www.leeb-balkone.com\/app\/uploads\/2020\/08\/mitarbeiter-montage-bei-leeb-balkone-2048x1534.jpeg 2048w\" sizes=\"auto, (min-width: 1200px) 360px, (min-width: 1024px) 300px, (min-width: 640px) 768px, 768px\" \/>      <\/a>\n    <\/figure>\n  \n  <div class=\"wp-block-group m-card-content is-vertical is-layout-flex wp-block-group-is-layout-flex\">\n            <h3 class=\"wp-block-heading\">\n          <a href=\"https:\/\/www.leeb-balkone.com\/sl\/storitev\/dostava-in-montaza\/\" class=\"no-default-link\">Z nami ste na varni strani<\/a>\n        <\/h3>\n        <p>Kar se natan\u010dno za\u010dne, se tudi natan\u010dno kon\u010da. Na\u0161e balkone in ograje, ki so sve\u017ee iz tovarne, strokovno dostavijo posebni tovornjaki, namestijo pa jih strokovnjaki. Hitro, enostavno in brez hrupa.  <\/p>\n          <a href=\"https:\/\/www.leeb-balkone.com\/sl\/storitev\/dostava-in-montaza\/\" class=\"more\">ve\u010d informacij<\/a>\n      <\/div>\n<\/div>\n\n          <div class=\"wp-block-group m-card is-layout-flow wp-block-group-is-layout-flow\">\n      <figure data-imgid=\"22536\" class=\"wp-block-image size-large\">\n      <a href=\"https:\/\/www.leeb-balkone.com\/sl\/storitev\/projektantske-storitve\/\" class=\"no-default-link\">\n        <img decoding=\"async\" width=\"768\" height=\"510\" src=\"https:\/\/www.leeb-balkone.com\/app\/uploads\/2021\/01\/perfekter-planungsservice-leeb-balkone-768x510.jpg\" class=\"attachment-medium_large size-medium_large\" alt=\"Na\u010drtovanje balkonov, ograj in teras - posvet s strokovnjakom za balkone iz podjetja Leeb Balconies (storitev na\u010drtovanja)\" title=\"Storitev na\u010drtovanja\" loading=\"lazy\" srcset=\"https:\/\/www.leeb-balkone.com\/app\/uploads\/2021\/01\/perfekter-planungsservice-leeb-balkone-768x510.jpg 768w, https:\/\/www.leeb-balkone.com\/app\/uploads\/2021\/01\/perfekter-planungsservice-leeb-balkone-300x199.jpg 300w, https:\/\/www.leeb-balkone.com\/app\/uploads\/2021\/01\/perfekter-planungsservice-leeb-balkone-1024x680.jpg 1024w, https:\/\/www.leeb-balkone.com\/app\/uploads\/2021\/01\/perfekter-planungsservice-leeb-balkone-1536x1020.jpg 1536w, https:\/\/www.leeb-balkone.com\/app\/uploads\/2021\/01\/perfekter-planungsservice-leeb-balkone-2048x1360.jpg 2048w\" sizes=\"auto, (min-width: 1200px) 360px, (min-width: 1024px) 300px, (min-width: 640px) 768px, 768px\" \/>      <\/a>\n    <\/figure>\n  \n  <div class=\"wp-block-group m-card-content is-vertical is-layout-flex wp-block-group-is-layout-flex\">\n            <h3 class=\"wp-block-heading\">\n          <a href=\"https:\/\/www.leeb-balkone.com\/sl\/storitev\/projektantske-storitve\/\" class=\"no-default-link\">Storitev na\u010drtovanja<\/a>\n        <\/h3>\n        <p>Osebni svetovalec Leeb na va\u0161em obmo\u010dju vam bo pomagal izbrati pravi balkon, ograjo ali stre\u0161no kritino &#8211; od na\u010drtovanja do namestitve.<\/p>\n          <a href=\"https:\/\/www.leeb-balkone.com\/sl\/storitev\/projektantske-storitve\/\" class=\"more\">ve\u010d informacij<\/a>\n      <\/div>\n<\/div>\n\n      \n<\/div>\n<\/div><\/div><\/div><\/div>\n<\/section>\n\n\n\n<p><\/p>\n","protected":false},"excerpt":{"rendered":"","protected":false},"author":1,"featured_media":0,"parent":17331,"menu_order":7,"comment_status":"closed","ping_status":"closed","template":"template-onepager.blade.php","meta":{"_acf_changed":false,"footnotes":"","_sage_theme_css":true,"_wp_block_core_css":false},"folder":[],"class_list":["post-19613","page","type-page","status-publish","hentry"],"acf":[],"yoast_head":"<!-- This site is optimized with the Yoast SEO plugin v27.2 - https:\/\/yoast.com\/product\/yoast-seo-wordpress\/ -->\n<title>Certificirana kakovost - Leeb Balkone Slovenija<\/title>\n<meta name=\"description\" content=\"Z nami ste na varnem! LEEB je edini proizvajalec balkonov v Evropi, ki je certificiran v skladu s standardom kakovosti ISO 9001. Poleg tega so na\u0161i\" \/>\n<meta name=\"robots\" content=\"index, follow, max-snippet:-1, max-image-preview:large, max-video-preview:-1\" \/>\n<meta property=\"og:locale\" content=\"sl_SI\" \/>\n<meta property=\"og:type\" content=\"article\" \/>\n<meta property=\"og:title\" content=\"Certificirana kakovost - Leeb Balkone\" \/>\n<meta property=\"og:description\" content=\"Z nami ste na varnem! LEEB je edini proizvajalec balkonov v Evropi, ki je certificiran v skladu s standardom kakovosti ISO 9001. Poleg tega so na\u0161i\" \/>\n<meta property=\"og:url\" content=\"https:\/\/www.leeb-balkone.com\/sl\/podjetje\/certificirana-kakovost\/\" \/>\n<meta property=\"og:site_name\" content=\"Leeb Balkone\" \/>\n<meta property=\"article:publisher\" content=\"https:\/\/www.facebook.com\/balkone\/\" \/>\n<meta property=\"article:modified_time\" content=\"2026-03-18T18:04:44+00:00\" \/>\n<meta property=\"og:image\" content=\"https:\/\/www.leeb-balkone.com\/app\/uploads\/2020\/09\/alu-balkongelaender-zufriedene-kunden-1.jpg\" \/>\n\t<meta property=\"og:image:width\" content=\"2560\" \/>\n\t<meta property=\"og:image:height\" content=\"1762\" \/>\n\t<meta property=\"og:image:type\" content=\"image\/jpeg\" \/>\n<meta name=\"twitter:card\" content=\"summary_large_image\" \/>\n<script type=\"application\/ld+json\" class=\"yoast-schema-graph\">{\"@context\":\"https:\/\/schema.org\",\"@graph\":[{\"@type\":\"WebPage\",\"@id\":\"https:\/\/www.leeb-balkone.com\/sl\/podjetje\/certificirana-kakovost\/\",\"url\":\"https:\/\/www.leeb-balkone.com\/sl\/podjetje\/certificirana-kakovost\/\",\"name\":\"Certificirana kakovost - Leeb Balkone\",\"isPartOf\":{\"@id\":\"https:\/\/www.leeb-balkone.com\/sl\/#website\"},\"datePublished\":\"2020-09-21T17:58:15+00:00\",\"dateModified\":\"2026-03-18T18:04:44+00:00\",\"description\":\"Z nami ste na varnem! LEEB je edini proizvajalec balkonov v Evropi, ki je certificiran v skladu s standardom kakovosti ISO 9001. Poleg tega so na\u0161i\",\"breadcrumb\":{\"@id\":\"https:\/\/www.leeb-balkone.com\/sl\/podjetje\/certificirana-kakovost\/#breadcrumb\"},\"inLanguage\":\"sl-SI\",\"potentialAction\":[{\"@type\":\"ReadAction\",\"target\":[\"https:\/\/www.leeb-balkone.com\/sl\/podjetje\/certificirana-kakovost\/\"]}]},{\"@type\":\"BreadcrumbList\",\"@id\":\"https:\/\/www.leeb-balkone.com\/sl\/podjetje\/certificirana-kakovost\/#breadcrumb\",\"itemListElement\":[{\"@type\":\"ListItem\",\"position\":1,\"name\":\"Home\",\"item\":\"https:\/\/www.leeb-balkone.com\/sl\/\"},{\"@type\":\"ListItem\",\"position\":2,\"name\":\"Podjete\",\"item\":\"https:\/\/www.leeb-balkone.com\/sl\/podjetje\/\"},{\"@type\":\"ListItem\",\"position\":3,\"name\":\"Certificirana kakovost\"}]},{\"@type\":\"WebSite\",\"@id\":\"https:\/\/www.leeb-balkone.com\/sl\/#website\",\"url\":\"https:\/\/www.leeb-balkone.com\/sl\/\",\"name\":\"Leeb Balkone\",\"description\":\"Balkone und Z\u00e4une\",\"publisher\":{\"@id\":\"https:\/\/www.leeb-balkone.com\/sl\/#organization\"},\"potentialAction\":[{\"@type\":\"SearchAction\",\"target\":{\"@type\":\"EntryPoint\",\"urlTemplate\":\"https:\/\/www.leeb-balkone.com\/sl\/?s={search_term_string}\"},\"query-input\":{\"@type\":\"PropertyValueSpecification\",\"valueRequired\":true,\"valueName\":\"search_term_string\"}}],\"inLanguage\":\"sl-SI\"},{\"@type\":\"Organization\",\"@id\":\"https:\/\/www.leeb-balkone.com\/sl\/#organization\",\"name\":\"Leeb Balkone Gmbh\",\"url\":\"https:\/\/www.leeb-balkone.com\/sl\/\",\"logo\":{\"@type\":\"ImageObject\",\"inLanguage\":\"sl-SI\",\"@id\":\"https:\/\/www.leeb-balkone.com\/sl\/#\/schema\/logo\/image\/\",\"url\":\"https:\/\/www.leeb-balkone.com\/app\/uploads\/2020\/11\/leeb-logo.svg\",\"contentUrl\":\"https:\/\/www.leeb-balkone.com\/app\/uploads\/2020\/11\/leeb-logo.svg\",\"width\":741,\"height\":204,\"caption\":\"Leeb Balkone Gmbh\"},\"image\":{\"@id\":\"https:\/\/www.leeb-balkone.com\/sl\/#\/schema\/logo\/image\/\"},\"sameAs\":[\"https:\/\/www.facebook.com\/balkone\/\",\"https:\/\/www.trustedshops.at\/bewertung\/info_X4587CCF5833E31AFE0B11F47D86999F2.html\",\"https:\/\/www.trustedshops.de\/bewertung\/info_X7BA536A7A0BDC86D36C4718E4DCAEEEF.html\",\"https:\/\/www.google.com\/maps\/place\/?q=place_id:ChIJ5-zH19-IcEcR9HonWRTllHI\"]}]}<\/script>\n<!-- \/ Yoast SEO plugin. -->","yoast_head_json":{"title":"Certificirana kakovost - Leeb Balkone Slovenija","description":"Z nami ste na varnem! LEEB je edini proizvajalec balkonov v Evropi, ki je certificiran v skladu s standardom kakovosti ISO 9001. Poleg tega so na\u0161i","robots":{"index":"index","follow":"follow","max-snippet":"max-snippet:-1","max-image-preview":"max-image-preview:large","max-video-preview":"max-video-preview:-1"},"og_locale":"sl_SI","og_type":"article","og_title":"Certificirana kakovost - Leeb Balkone","og_description":"Z nami ste na varnem! LEEB je edini proizvajalec balkonov v Evropi, ki je certificiran v skladu s standardom kakovosti ISO 9001. Poleg tega so na\u0161i","og_url":"https:\/\/www.leeb-balkone.com\/sl\/podjetje\/certificirana-kakovost\/","og_site_name":"Leeb Balkone","article_publisher":"https:\/\/www.facebook.com\/balkone\/","article_modified_time":"2026-03-18T18:04:44+00:00","og_image":[{"width":2560,"height":1762,"url":"https:\/\/www.leeb-balkone.com\/app\/uploads\/2020\/09\/alu-balkongelaender-zufriedene-kunden-1.jpg","type":"image\/jpeg"}],"twitter_card":"summary_large_image","schema":{"@context":"https:\/\/schema.org","@graph":[{"@type":"WebPage","@id":"https:\/\/www.leeb-balkone.com\/sl\/podjetje\/certificirana-kakovost\/","url":"https:\/\/www.leeb-balkone.com\/sl\/podjetje\/certificirana-kakovost\/","name":"Certificirana kakovost - Leeb Balkone","isPartOf":{"@id":"https:\/\/www.leeb-balkone.com\/sl\/#website"},"datePublished":"2020-09-21T17:58:15+00:00","dateModified":"2026-03-18T18:04:44+00:00","description":"Z nami ste na varnem! LEEB je edini proizvajalec balkonov v Evropi, ki je certificiran v skladu s standardom kakovosti ISO 9001. Poleg tega so na\u0161i","breadcrumb":{"@id":"https:\/\/www.leeb-balkone.com\/sl\/podjetje\/certificirana-kakovost\/#breadcrumb"},"inLanguage":"sl-SI","potentialAction":[{"@type":"ReadAction","target":["https:\/\/www.leeb-balkone.com\/sl\/podjetje\/certificirana-kakovost\/"]}]},{"@type":"BreadcrumbList","@id":"https:\/\/www.leeb-balkone.com\/sl\/podjetje\/certificirana-kakovost\/#breadcrumb","itemListElement":[{"@type":"ListItem","position":1,"name":"Home","item":"https:\/\/www.leeb-balkone.com\/sl\/"},{"@type":"ListItem","position":2,"name":"Podjete","item":"https:\/\/www.leeb-balkone.com\/sl\/podjetje\/"},{"@type":"ListItem","position":3,"name":"Certificirana kakovost"}]},{"@type":"WebSite","@id":"https:\/\/www.leeb-balkone.com\/sl\/#website","url":"https:\/\/www.leeb-balkone.com\/sl\/","name":"Leeb Balkone","description":"Balkone und Z\u00e4une","publisher":{"@id":"https:\/\/www.leeb-balkone.com\/sl\/#organization"},"potentialAction":[{"@type":"SearchAction","target":{"@type":"EntryPoint","urlTemplate":"https:\/\/www.leeb-balkone.com\/sl\/?s={search_term_string}"},"query-input":{"@type":"PropertyValueSpecification","valueRequired":true,"valueName":"search_term_string"}}],"inLanguage":"sl-SI"},{"@type":"Organization","@id":"https:\/\/www.leeb-balkone.com\/sl\/#organization","name":"Leeb Balkone Gmbh","url":"https:\/\/www.leeb-balkone.com\/sl\/","logo":{"@type":"ImageObject","inLanguage":"sl-SI","@id":"https:\/\/www.leeb-balkone.com\/sl\/#\/schema\/logo\/image\/","url":"https:\/\/www.leeb-balkone.com\/app\/uploads\/2020\/11\/leeb-logo.svg","contentUrl":"https:\/\/www.leeb-balkone.com\/app\/uploads\/2020\/11\/leeb-logo.svg","width":741,"height":204,"caption":"Leeb Balkone Gmbh"},"image":{"@id":"https:\/\/www.leeb-balkone.com\/sl\/#\/schema\/logo\/image\/"},"sameAs":["https:\/\/www.facebook.com\/balkone\/","https:\/\/www.trustedshops.at\/bewertung\/info_X4587CCF5833E31AFE0B11F47D86999F2.html","https:\/\/www.trustedshops.de\/bewertung\/info_X7BA536A7A0BDC86D36C4718E4DCAEEEF.html","https:\/\/www.google.com\/maps\/place\/?q=place_id:ChIJ5-zH19-IcEcR9HonWRTllHI"]}]}},"_links":{"self":[{"href":"https:\/\/www.leeb-balkone.com\/sl\/wp-json\/wp\/v2\/pages\/19613","targetHints":{"allow":["GET"]}}],"collection":[{"href":"https:\/\/www.leeb-balkone.com\/sl\/wp-json\/wp\/v2\/pages"}],"about":[{"href":"https:\/\/www.leeb-balkone.com\/sl\/wp-json\/wp\/v2\/types\/page"}],"author":[{"embeddable":true,"href":"https:\/\/www.leeb-balkone.com\/sl\/wp-json\/wp\/v2\/users\/1"}],"replies":[{"embeddable":true,"href":"https:\/\/www.leeb-balkone.com\/sl\/wp-json\/wp\/v2\/comments?post=19613"}],"version-history":[{"count":1,"href":"https:\/\/www.leeb-balkone.com\/sl\/wp-json\/wp\/v2\/pages\/19613\/revisions"}],"predecessor-version":[{"id":166227,"href":"https:\/\/www.leeb-balkone.com\/sl\/wp-json\/wp\/v2\/pages\/19613\/revisions\/166227"}],"up":[{"embeddable":true,"href":"https:\/\/www.leeb-balkone.com\/sl\/wp-json\/wp\/v2\/pages\/17331"}],"wp:attachment":[{"href":"https:\/\/www.leeb-balkone.com\/sl\/wp-json\/wp\/v2\/media?parent=19613"}],"wp:term":[{"taxonomy":"folder","embeddable":true,"href":"https:\/\/www.leeb-balkone.com\/sl\/wp-json\/wp\/v2\/folder?post=19613"}],"curies":[{"name":"wp","href":"https:\/\/api.w.org\/{rel}","templated":true}]}}