{"id":19548,"date":"2020-09-12T10:11:10","date_gmt":"2020-09-12T10:11:10","guid":{"rendered":"https:\/\/www.leeb-balkone.com\/de\/balkoni-in-ograje-leeb\/umstyling-bei-leeb\/"},"modified":"2021-01-28T06:33:30","modified_gmt":"2021-01-28T06:33:30","slug":"umstyling-by-leeb","status":"publish","type":"page","link":"https:\/\/www.leeb-balkone.com\/sl\/podjetje\/umstyling-by-leeb\/","title":{"rendered":"Umstyling by Leeb"},"content":{"rendered":"<header class=\"wp-block-group alignfull t3-header u-max-wide t3-header-text has-white-background-color has-background has-global-padding is-layout-constrained wp-block-group-is-layout-constrained\">\n    <div class=\"wp-block-group o-grid u-md-1 u-sm-1 is-layout-flow wp-block-group-is-layout-flow\">\n  <div class=\"wp-block-group u-g-10 u-g-s-2\">\n      <div class=\"yoast-breadcrumbs\"><span><span><a href=\"https:\/\/www.leeb-balkone.com\/sl\/\">Home<\/a><\/span><\/span><\/div>\n      \n    <h1>Umstyling by Leeb<\/h1>\n  <\/div>\n<\/div>\n  <\/header>\n\n\n\n\n\n\n\n<section class=\"wp-block-cgb-t3-section-block alignfull b-pt-none b-pb-small is-style-bg-white\" style=\"display:inherit;min-height:inherit\">\n<div class=\"wp-block-cgb-t3-container-block none\" style=\"background-color:none\"><div class=\"grid-container\"><div class=\"grid-x\"><div class=\"cell small-12 medium-8 large-0 medium-offset-1\">\n<p><br><span class=\"teaser\"><strong>Nov stil za va\u0161o hi\u0161o<\/strong><\/span><\/p>\n\n\n\n<p>Za obnovo vseh vrst, LEEB ponuja pravo re\u0161itev. Za vsak tip hi\u0161e obstaja primeren model, novi balkon pa vizualno polep\u0161a hi\u0161no fasado. Ali bo iz aluminija ali lesa, moderne ali tradicionalne oblike \u2013 odlo\u010ditev je va\u0161a. Svetovalec vam bo z veseljem na razpolago pri prenovi balkona z besedami in dejanji.<\/p>\n<\/div><\/div><\/div><\/div>\n<\/section>\n\n\n\n<section class=\"wp-block-cgb-t3-section-block alignfull b-pt-small  is-style-bg-transparent\" style=\"display:inherit;min-height:inherit\">\n<p><\/p>\n\n\n<div class=\"wp-block-cgb-t3-container-block alignfull b-has-offset-b b-ref\" style=\"background-color:#F5F5F5\">\n  <div class=\"wp-block-cgb-t3-container-block alignfull b-has-offset-h\" style=\"background-color:none\">\n    <div class=\"grid-container\">\n      <div class=\"grid-x\">\n        <div class=\"cell small-12 medium-6 large-0 medium-offset-1\">\n          <h2>Referenzen sortieren<\/h2>\n        <\/div>\n      <\/div>\n    <\/div>\n  <\/div>\n  <div class=\"has-padding b-pt-small none grid-container-wrapper\">\n    <div class=\"grid-container\">\n      <div class=\"grid-x\">\n        <div class=\"cell small-12 medium-10 medium-offset-1\">\n          <form action=\"#\" id=\"ref_filter\">\n                        <select name=\"cat\" id=\"cat\" class=\"postform\">\n          \t<option value=\"0\" selected=\"selected\">Alle anzeigen<\/option>\n                          <option value=\"118\">ALUMINIJASTE OGRAJE<\/option>\n                            <option value=\"121\">ALUMINIJASTI balkoni<\/option>\n                                  <option value=\"124\">&nbsp;&nbsp;&nbsp;ALU Glas<\/option>\n                                        <option value=\"125\">&nbsp;&nbsp;&nbsp;ALU Select<\/option>\n                                  <option value=\"219\">Horizontales\/Diagonales Design<\/option>\n                            <option value=\"127\">LESENI balkoni<\/option>\n                            <option value=\"119\">Monta\u017eni balkoni<\/option>\n                            <option value=\"134\">Nadstre\u0161ki in letni vrtovi<\/option>\n                            <option value=\"131\">Ograje in za\u0161\u010dita pred pogledi<\/option>\n                          <\/select>\n          \t          \t<div id=\"message\"><\/div>\n          \t<input type=\"hidden\" name=\"action\" value=\"reffilter\">\n            <input type=\"hidden\" name=\"blocktype\" value=\"1\"  \/>\n          <\/form>\n        <\/div>\n      <\/div>\n    <\/div>\n  <\/div>\n<\/div>\n<div class=\"wp-block-cgb-t3-container-block b-ref none\">\n  <div class=\"grid-container\">\n      <div class=\"grid-x\">\n        <div class=\"cell small-12\">\n          <div data-block_5f35bbe53eda5 id=\"ref_content\" class=\"wp-block-group is-style-transparent-cards u-grid-temp has-2-cols u-md-2 u-sm-1 cards alignwide \"><\/div>\n          <div class=\"text-center\">\n            <a href=\"#\" id=\"loadmore\" class=\"button\">Mehr anzeigen<\/a>\n          <\/div>\n        <\/div>\n      <\/div>\n  <\/div>\n<\/div>\n\n\n\n<p><\/p>\n<\/section>\n","protected":false},"excerpt":{"rendered":"","protected":false},"author":1,"featured_media":16121,"parent":17331,"menu_order":8,"comment_status":"closed","ping_status":"closed","template":"template-onepager.blade.php","meta":{"_acf_changed":false,"footnotes":"","_sage_theme_css":true,"_wp_block_core_css":false},"folder":[],"class_list":["post-19548","page","type-page","status-publish","has-post-thumbnail","hentry"],"acf":[],"yoast_head":"<!-- This site is optimized with the Yoast SEO plugin v27.2 - https:\/\/yoast.com\/product\/yoast-seo-wordpress\/ -->\n<title>Umstyling by Leeb - Leeb Balkone Slovenija<\/title>\n<meta name=\"description\" content=\"Nov stil za va\u0161o hi\u0161o Za obnovo vseh vrst, LEEB ponuja pravo re\u0161itev. Za vsak tip hi\u0161e obstaja primeren model, novi balkon pa vizualno polep\u0161a hi\u0161no\" \/>\n<meta name=\"robots\" content=\"index, follow, max-snippet:-1, max-image-preview:large, max-video-preview:-1\" \/>\n<meta property=\"og:locale\" content=\"sl_SI\" \/>\n<meta property=\"og:type\" content=\"article\" \/>\n<meta property=\"og:title\" content=\"Umstyling by Leeb - Leeb Balkone\" \/>\n<meta property=\"og:description\" content=\"Nov stil za va\u0161o hi\u0161o Za obnovo vseh vrst, LEEB ponuja pravo re\u0161itev. Za vsak tip hi\u0161e obstaja primeren model, novi balkon pa vizualno polep\u0161a hi\u0161no\" \/>\n<meta property=\"og:url\" content=\"https:\/\/www.leeb-balkone.com\/sl\/podjetje\/umstyling-by-leeb\/\" \/>\n<meta property=\"og:site_name\" content=\"Leeb Balkone\" \/>\n<meta property=\"article:publisher\" content=\"https:\/\/www.facebook.com\/balkone\/\" \/>\n<meta property=\"article:modified_time\" content=\"2021-01-28T06:33:30+00:00\" \/>\n<meta property=\"og:image\" content=\"https:\/\/www.leeb-balkone.com\/app\/uploads\/2020\/09\/glas-balkongelaender-vision-pflanzl-nachher-scaled.jpg\" \/>\n\t<meta property=\"og:image:width\" content=\"2560\" \/>\n\t<meta property=\"og:image:height\" content=\"1918\" \/>\n\t<meta property=\"og:image:type\" content=\"image\/jpeg\" \/>\n<meta name=\"twitter:card\" content=\"summary_large_image\" \/>\n<script type=\"application\/ld+json\" class=\"yoast-schema-graph\">{\"@context\":\"https:\/\/schema.org\",\"@graph\":[{\"@type\":\"WebPage\",\"@id\":\"https:\/\/www.leeb-balkone.com\/sl\/podjetje\/umstyling-by-leeb\/\",\"url\":\"https:\/\/www.leeb-balkone.com\/sl\/podjetje\/umstyling-by-leeb\/\",\"name\":\"Umstyling by Leeb - Leeb Balkone\",\"isPartOf\":{\"@id\":\"https:\/\/www.leeb-balkone.com\/sl\/#website\"},\"primaryImageOfPage\":{\"@id\":\"https:\/\/www.leeb-balkone.com\/sl\/podjetje\/umstyling-by-leeb\/#primaryimage\"},\"image\":{\"@id\":\"https:\/\/www.leeb-balkone.com\/sl\/podjetje\/umstyling-by-leeb\/#primaryimage\"},\"thumbnailUrl\":\"https:\/\/www.leeb-balkone.com\/app\/uploads\/2020\/09\/glas-balkongelaender-vision-pflanzl-nachher-scaled.jpg\",\"datePublished\":\"2020-09-12T10:11:10+00:00\",\"dateModified\":\"2021-01-28T06:33:30+00:00\",\"description\":\"Nov stil za va\u0161o hi\u0161o Za obnovo vseh vrst, LEEB ponuja pravo re\u0161itev. Za vsak tip hi\u0161e obstaja primeren model, novi balkon pa vizualno polep\u0161a hi\u0161no\",\"breadcrumb\":{\"@id\":\"https:\/\/www.leeb-balkone.com\/sl\/podjetje\/umstyling-by-leeb\/#breadcrumb\"},\"inLanguage\":\"sl-SI\",\"potentialAction\":[{\"@type\":\"ReadAction\",\"target\":[\"https:\/\/www.leeb-balkone.com\/sl\/podjetje\/umstyling-by-leeb\/\"]}]},{\"@type\":\"ImageObject\",\"inLanguage\":\"sl-SI\",\"@id\":\"https:\/\/www.leeb-balkone.com\/sl\/podjetje\/umstyling-by-leeb\/#primaryimage\",\"url\":\"https:\/\/www.leeb-balkone.com\/app\/uploads\/2020\/09\/glas-balkongelaender-vision-pflanzl-nachher-scaled.jpg\",\"contentUrl\":\"https:\/\/www.leeb-balkone.com\/app\/uploads\/2020\/09\/glas-balkongelaender-vision-pflanzl-nachher-scaled.jpg\",\"width\":2560,\"height\":1918},{\"@type\":\"BreadcrumbList\",\"@id\":\"https:\/\/www.leeb-balkone.com\/sl\/podjetje\/umstyling-by-leeb\/#breadcrumb\",\"itemListElement\":[{\"@type\":\"ListItem\",\"position\":1,\"name\":\"Home\",\"item\":\"https:\/\/www.leeb-balkone.com\/sl\/\"},{\"@type\":\"ListItem\",\"position\":2,\"name\":\"Podjete\",\"item\":\"https:\/\/www.leeb-balkone.com\/sl\/podjetje\/\"},{\"@type\":\"ListItem\",\"position\":3,\"name\":\"Umstyling by Leeb\"}]},{\"@type\":\"WebSite\",\"@id\":\"https:\/\/www.leeb-balkone.com\/sl\/#website\",\"url\":\"https:\/\/www.leeb-balkone.com\/sl\/\",\"name\":\"Leeb Balkone\",\"description\":\"Balkone und Z\u00e4une\",\"publisher\":{\"@id\":\"https:\/\/www.leeb-balkone.com\/sl\/#organization\"},\"potentialAction\":[{\"@type\":\"SearchAction\",\"target\":{\"@type\":\"EntryPoint\",\"urlTemplate\":\"https:\/\/www.leeb-balkone.com\/sl\/?s={search_term_string}\"},\"query-input\":{\"@type\":\"PropertyValueSpecification\",\"valueRequired\":true,\"valueName\":\"search_term_string\"}}],\"inLanguage\":\"sl-SI\"},{\"@type\":\"Organization\",\"@id\":\"https:\/\/www.leeb-balkone.com\/sl\/#organization\",\"name\":\"Leeb Balkone Gmbh\",\"url\":\"https:\/\/www.leeb-balkone.com\/sl\/\",\"logo\":{\"@type\":\"ImageObject\",\"inLanguage\":\"sl-SI\",\"@id\":\"https:\/\/www.leeb-balkone.com\/sl\/#\/schema\/logo\/image\/\",\"url\":\"https:\/\/www.leeb-balkone.com\/app\/uploads\/2020\/11\/leeb-logo.svg\",\"contentUrl\":\"https:\/\/www.leeb-balkone.com\/app\/uploads\/2020\/11\/leeb-logo.svg\",\"width\":741,\"height\":204,\"caption\":\"Leeb Balkone Gmbh\"},\"image\":{\"@id\":\"https:\/\/www.leeb-balkone.com\/sl\/#\/schema\/logo\/image\/\"},\"sameAs\":[\"https:\/\/www.facebook.com\/balkone\/\",\"https:\/\/www.trustedshops.at\/bewertung\/info_X4587CCF5833E31AFE0B11F47D86999F2.html\",\"https:\/\/www.trustedshops.de\/bewertung\/info_X7BA536A7A0BDC86D36C4718E4DCAEEEF.html\",\"https:\/\/www.google.com\/maps\/place\/?q=place_id:ChIJ5-zH19-IcEcR9HonWRTllHI\"]}]}<\/script>\n<!-- \/ Yoast SEO plugin. -->","yoast_head_json":{"title":"Umstyling by Leeb - Leeb Balkone Slovenija","description":"Nov stil za va\u0161o hi\u0161o Za obnovo vseh vrst, LEEB ponuja pravo re\u0161itev. Za vsak tip hi\u0161e obstaja primeren model, novi balkon pa vizualno polep\u0161a hi\u0161no","robots":{"index":"index","follow":"follow","max-snippet":"max-snippet:-1","max-image-preview":"max-image-preview:large","max-video-preview":"max-video-preview:-1"},"og_locale":"sl_SI","og_type":"article","og_title":"Umstyling by Leeb - Leeb Balkone","og_description":"Nov stil za va\u0161o hi\u0161o Za obnovo vseh vrst, LEEB ponuja pravo re\u0161itev. Za vsak tip hi\u0161e obstaja primeren model, novi balkon pa vizualno polep\u0161a hi\u0161no","og_url":"https:\/\/www.leeb-balkone.com\/sl\/podjetje\/umstyling-by-leeb\/","og_site_name":"Leeb Balkone","article_publisher":"https:\/\/www.facebook.com\/balkone\/","article_modified_time":"2021-01-28T06:33:30+00:00","og_image":[{"width":2560,"height":1918,"url":"https:\/\/www.leeb-balkone.com\/app\/uploads\/2020\/09\/glas-balkongelaender-vision-pflanzl-nachher-scaled.jpg","type":"image\/jpeg"}],"twitter_card":"summary_large_image","schema":{"@context":"https:\/\/schema.org","@graph":[{"@type":"WebPage","@id":"https:\/\/www.leeb-balkone.com\/sl\/podjetje\/umstyling-by-leeb\/","url":"https:\/\/www.leeb-balkone.com\/sl\/podjetje\/umstyling-by-leeb\/","name":"Umstyling by Leeb - Leeb Balkone","isPartOf":{"@id":"https:\/\/www.leeb-balkone.com\/sl\/#website"},"primaryImageOfPage":{"@id":"https:\/\/www.leeb-balkone.com\/sl\/podjetje\/umstyling-by-leeb\/#primaryimage"},"image":{"@id":"https:\/\/www.leeb-balkone.com\/sl\/podjetje\/umstyling-by-leeb\/#primaryimage"},"thumbnailUrl":"https:\/\/www.leeb-balkone.com\/app\/uploads\/2020\/09\/glas-balkongelaender-vision-pflanzl-nachher-scaled.jpg","datePublished":"2020-09-12T10:11:10+00:00","dateModified":"2021-01-28T06:33:30+00:00","description":"Nov stil za va\u0161o hi\u0161o Za obnovo vseh vrst, LEEB ponuja pravo re\u0161itev. Za vsak tip hi\u0161e obstaja primeren model, novi balkon pa vizualno polep\u0161a hi\u0161no","breadcrumb":{"@id":"https:\/\/www.leeb-balkone.com\/sl\/podjetje\/umstyling-by-leeb\/#breadcrumb"},"inLanguage":"sl-SI","potentialAction":[{"@type":"ReadAction","target":["https:\/\/www.leeb-balkone.com\/sl\/podjetje\/umstyling-by-leeb\/"]}]},{"@type":"ImageObject","inLanguage":"sl-SI","@id":"https:\/\/www.leeb-balkone.com\/sl\/podjetje\/umstyling-by-leeb\/#primaryimage","url":"https:\/\/www.leeb-balkone.com\/app\/uploads\/2020\/09\/glas-balkongelaender-vision-pflanzl-nachher-scaled.jpg","contentUrl":"https:\/\/www.leeb-balkone.com\/app\/uploads\/2020\/09\/glas-balkongelaender-vision-pflanzl-nachher-scaled.jpg","width":2560,"height":1918},{"@type":"BreadcrumbList","@id":"https:\/\/www.leeb-balkone.com\/sl\/podjetje\/umstyling-by-leeb\/#breadcrumb","itemListElement":[{"@type":"ListItem","position":1,"name":"Home","item":"https:\/\/www.leeb-balkone.com\/sl\/"},{"@type":"ListItem","position":2,"name":"Podjete","item":"https:\/\/www.leeb-balkone.com\/sl\/podjetje\/"},{"@type":"ListItem","position":3,"name":"Umstyling by Leeb"}]},{"@type":"WebSite","@id":"https:\/\/www.leeb-balkone.com\/sl\/#website","url":"https:\/\/www.leeb-balkone.com\/sl\/","name":"Leeb Balkone","description":"Balkone und Z\u00e4une","publisher":{"@id":"https:\/\/www.leeb-balkone.com\/sl\/#organization"},"potentialAction":[{"@type":"SearchAction","target":{"@type":"EntryPoint","urlTemplate":"https:\/\/www.leeb-balkone.com\/sl\/?s={search_term_string}"},"query-input":{"@type":"PropertyValueSpecification","valueRequired":true,"valueName":"search_term_string"}}],"inLanguage":"sl-SI"},{"@type":"Organization","@id":"https:\/\/www.leeb-balkone.com\/sl\/#organization","name":"Leeb Balkone Gmbh","url":"https:\/\/www.leeb-balkone.com\/sl\/","logo":{"@type":"ImageObject","inLanguage":"sl-SI","@id":"https:\/\/www.leeb-balkone.com\/sl\/#\/schema\/logo\/image\/","url":"https:\/\/www.leeb-balkone.com\/app\/uploads\/2020\/11\/leeb-logo.svg","contentUrl":"https:\/\/www.leeb-balkone.com\/app\/uploads\/2020\/11\/leeb-logo.svg","width":741,"height":204,"caption":"Leeb Balkone Gmbh"},"image":{"@id":"https:\/\/www.leeb-balkone.com\/sl\/#\/schema\/logo\/image\/"},"sameAs":["https:\/\/www.facebook.com\/balkone\/","https:\/\/www.trustedshops.at\/bewertung\/info_X4587CCF5833E31AFE0B11F47D86999F2.html","https:\/\/www.trustedshops.de\/bewertung\/info_X7BA536A7A0BDC86D36C4718E4DCAEEEF.html","https:\/\/www.google.com\/maps\/place\/?q=place_id:ChIJ5-zH19-IcEcR9HonWRTllHI"]}]}},"_links":{"self":[{"href":"https:\/\/www.leeb-balkone.com\/sl\/wp-json\/wp\/v2\/pages\/19548","targetHints":{"allow":["GET"]}}],"collection":[{"href":"https:\/\/www.leeb-balkone.com\/sl\/wp-json\/wp\/v2\/pages"}],"about":[{"href":"https:\/\/www.leeb-balkone.com\/sl\/wp-json\/wp\/v2\/types\/page"}],"author":[{"embeddable":true,"href":"https:\/\/www.leeb-balkone.com\/sl\/wp-json\/wp\/v2\/users\/1"}],"replies":[{"embeddable":true,"href":"https:\/\/www.leeb-balkone.com\/sl\/wp-json\/wp\/v2\/comments?post=19548"}],"version-history":[{"count":0,"href":"https:\/\/www.leeb-balkone.com\/sl\/wp-json\/wp\/v2\/pages\/19548\/revisions"}],"up":[{"embeddable":true,"href":"https:\/\/www.leeb-balkone.com\/sl\/wp-json\/wp\/v2\/pages\/17331"}],"wp:featuredmedia":[{"embeddable":true,"href":"https:\/\/www.leeb-balkone.com\/sl\/wp-json\/wp\/v2\/media\/16121"}],"wp:attachment":[{"href":"https:\/\/www.leeb-balkone.com\/sl\/wp-json\/wp\/v2\/media?parent=19548"}],"wp:term":[{"taxonomy":"folder","embeddable":true,"href":"https:\/\/www.leeb-balkone.com\/sl\/wp-json\/wp\/v2\/folder?post=19548"}],"curies":[{"name":"wp","href":"https:\/\/api.w.org\/{rel}","templated":true}]}}