{"id":19504,"date":"2020-09-08T14:50:29","date_gmt":"2020-09-08T14:50:29","guid":{"rendered":"https:\/\/www.leeb-balkone.com\/de\/kontakt\/vertriebspartner\/"},"modified":"2025-08-04T14:30:26","modified_gmt":"2025-08-04T14:30:26","slug":"kraji","status":"publish","type":"page","link":"https:\/\/www.leeb-balkone.com\/sl\/kontakt\/kraji\/","title":{"rendered":"Kraji"},"content":{"rendered":"<header class=\"p-partners c-fh l-mh c-fh--div none\">\n\t\t<div id=\"map\"><\/div>\n<\/header>\n<section class=\"p-partners first b-pt-small b-pb-small\">\n\t<div class=\"grid-container\">\n\t\t<div class=\"grid-x\">\n\t\t\t<div class=\"p-partners__form cell small-12 medium-9 medium-offset-1\">\n\t\t\t\t<div class=\"c-fh__wrapper\">\n\t\t\t\t\t<p class=\"p-partner__legend\">\n\t\t\t\t\t\t<img decoding=\"async\" src=\"https:\/\/www.leeb-balkone.com\/wp\/..\/app\/plugins\/t3-partners\/img\/pin-orange.svg\" alt=\"pin-vertriebspartner\" \/><span>Prodajni partner<\/span><img decoding=\"async\" src=\"https:\/\/www.leeb-balkone.com\/wp\/..\/app\/plugins\/t3-partners\/img\/pin-green.svg\" alt=\"pin-ausstellungen\" \/><span>Razstave<\/span>\n\t\t\t\t\t<\/p>\n\t\t\t\t\t<h1>Prodajni partner<\/h1>\n\t\t\t\t\t<p>Na\u0161a prodajna mre\u017ea zajema 100 partnerjev iz Avstrije, Nem\u010dije, Italije, Francije, \u0160vice in Slovenije. Tako zagotovimo, da je vedno v bli\u017eini LEEB-partner.<\/p>\n\t\t\t\t\t<form method=\"post\" id=\"partner-search\" class=\"grid-x grid-margin-x grid-margin-y\">\n\t\t\t\t\t\t<div class=\"cell small-12 medium-6 large-3\">\n\t\t\t\t\t\t\t<label>Izberite dr\u017eavo:<\/label>\n\t\t\t\t\t\t\t<select name=\"country\">\n\t\t\t\t\t\t\t\t<option value=\"DE\">Deutschland<\/option>\n\t\t\t\t\t\t\t\t<option value=\"AT\">\u00d6sterreich<\/option>\n\t\t\t\t\t\t\t\t<option value=\"CH\">Schweiz<\/option>\n\t\t\t\t\t\t\t\t<option value=\"IT\">Italien<\/option>\n\t\t\t\t\t\t\t\t<option value=\"SI\" selected>Slowenien<\/option>\n\t\t\t\t\t\t\t\t<option value=\"SK\">Slowakei<\/option>\n\t\t\t\t\t\t\t\t<option value=\"NL\">Niederlande<\/option>\n\t\t\t\t\t\t\t<\/select>\n\t\t\t\t\t\t<\/div>\n\t\t\t\t\t\t<div class=\"cell small-12 medium-6 large-3\">\n\t\t\t\t\t\t\t<label>V okolici:<\/label>\n\t\t\t\t\t\t\t<input name=\"zipcode\" value=\"\" placeholder=\"PLZ eingeben\" type=\"text\" \/>\n\t\t\t\t\t\t<\/div>\n\t\t\t\t\t\t<div class=\"cell small-12 medium-6 large-3\">\n\t\t\t\t\t\t\t<label>Najdi partnerja<\/label>\n\t\t\t\t\t\t\t<input type=\"submit\" value=\"Suchen\" class=\"button\" \/>\n\t\t\t\t\t\t<\/div>\n\t\t\t\t\t\t<div class=\"cell small-12 medium-6 large-3\">\n\t\t\t\t\t\t\t<label>&nbsp;<\/label>\n\t\t\t\t\t\t\t<a href=\"#\" id=\"reset\" class=\"button hollow\">Zur\u00fccksetzen<\/a>\n\t\t\t\t\t\t<\/div>\n\t\t\t\t\t<\/form>\n\t\t\t\t<\/div>\n\t\t\t<\/div>\n\t\t<\/div>\n\t<\/div>\n<\/section>\n<section class=\"p-partners p-partners--details wp-block-cgb-t3-section-block alignfull b-pt-medium b-pb-medium is-style-bg-transparent\">\n\t<div class=\"wp-block-cgb-t3-container-block none\" style=\"background-color:none\">\n\t\t<div class=\"grid-container\">\n\t\t\t<div class=\"grid-x grid-margin-x\">\n\t\t\t\t<div id=\"partner-info\" class=\"p-partners--info cell small-12 medium-5 medium-offset-1\">\n\t\t\t\t\t<h3>Ihr pers\u00f6nlicher Ansprechpartner<\/h3>\n\t\t\t\t\t<h2 data-name><\/h2>\n\t\t\t\t\t<p>\n\t\t\t\t\t\t<span data-address><\/span>\n\t\t\t\t\t<\/p>\n\t\t\t\t\t<p>\n\t\t\t\t\t\t<b>Kontakt Zentrale<\/b><br\/>\n\t\t\t\t\t\tE-Mail: <a href=\"\" data-email><\/a><br \/>\n\t\t\t\t\t\t<span class=\"mobile-wrapper\" style=\"display: none;\">Mobil: <a href=\"\" data-mobile><\/a><br \/><\/span>\n\t\t\t\t\t\tZentrale: <a href=\"\" data-phone><\/a><br \/>\n\t\t\t\t\t<\/p>\n\t\t\t\t\t<p data-openhours>\n\t\t\t\t\t\t<strong>\u00d6ffnungszeiten<\/strong><br\/>\n\t\t\t\t\t\t<span data-openhours-details><\/span>\n\t\t\t\t\t<\/p>\n\n\t\t\t\t\t<div class=\"l-mob-plr\">\n\t\t\t\t\t\t<a href=\"#contact-form\" class=\"button primary\" data-smooth-scroll>Vzpostavite kontakt<\/a>\n\t\t\t\t\t\t<a href=\"#map\" id=\"t3-gm-btn\" class=\"button hollow\" data-smooth-scroll>Google-Maps<\/a>\n\t\t\t\t\t\t<a href=\"\" class=\"button hollow\" style=\"display: none;\" data-showroomlink>K predstavitvenemu prostoru<\/a>\n\t\t\t\t\t<\/div>\n\t\t\t\t<\/div>\n\t\t\t\t<div id=\"partner-img\" class=\"p-partners--info cell small-12 medium-5\"><\/div>\n\t\t\t<\/div>\n\t\t<\/div>\n\t<\/div>\n<\/section>\n\n\n\n<section id=\"contact-form\" class=\"wp-block-cgb-t3-section-block alignfull b-pt-none\" style=\"display:inherit;min-height:inherit\">\n<div class=\"wp-block-cgb-t3-container-block b-has-offset-h\" style=\"background-color:none\"><div class=\"grid-container\"><div class=\"grid-x\"><div class=\"cell small-12 medium-5 large-0 medium-offset-1\">\n<h2 class=\"wp-block-heading\"><span class=\"uppercase\">Veselimo se va\u0161ega povpra\u0161evanja<\/span><\/h2>\n<\/div><\/div><\/div><\/div>\n\n\n\n<div class=\"wp-block-cgb-t3-container-block none l-mob-plr\" style=\"background-color:none\"><div class=\"grid-container\"><div class=\"grid-x\"><div class=\"cell small-12 medium-9 large-0 medium-offset-1 b-has-pt\"><form action=\"https:\/\/www.leeb-balkone.com\/sl\/wp-json\/ws-form\/v1\/submit\" class=\"wsf-form wsf-form-canvas\" id=\"ws-form-1\" data-id=\"11\" data-instance-id=\"1\" method=\"POST\"><\/form>\n\n\n<p><\/p>\n<\/div><\/div><\/div><\/div>\n<\/section>\n\n\n\n<p><\/p>\n","protected":false},"excerpt":{"rendered":"","protected":false},"author":1,"featured_media":0,"parent":17355,"menu_order":4,"comment_status":"closed","ping_status":"closed","template":"template-onepager.blade.php","meta":{"_acf_changed":false,"footnotes":"","_sage_theme_css":true,"_wp_block_core_css":true},"folder":[],"class_list":["post-19504","page","type-page","status-publish","hentry"],"acf":[],"yoast_head":"<!-- This site is optimized with the Yoast SEO plugin v27.2 - https:\/\/yoast.com\/product\/yoast-seo-wordpress\/ -->\n<title>Kraji - Leeb Balkone Slovenija<\/title>\n<meta name=\"description\" content=\"Veselimo se va\u0161ega povpra\u0161evanja\" \/>\n<meta name=\"robots\" content=\"index, follow, max-snippet:-1, max-image-preview:large, max-video-preview:-1\" \/>\n<meta property=\"og:locale\" content=\"sl_SI\" \/>\n<meta property=\"og:type\" content=\"article\" \/>\n<meta property=\"og:title\" content=\"Kraji - Leeb Balkone\" \/>\n<meta property=\"og:description\" content=\"Veselimo se va\u0161ega povpra\u0161evanja\" \/>\n<meta property=\"og:url\" content=\"https:\/\/www.leeb-balkone.com\/sl\/kontakt\/kraji\/\" \/>\n<meta property=\"og:site_name\" content=\"Leeb Balkone\" \/>\n<meta property=\"article:publisher\" content=\"https:\/\/www.facebook.com\/balkone\/\" \/>\n<meta property=\"article:modified_time\" content=\"2025-08-04T14:30:26+00:00\" \/>\n<meta property=\"og:image\" content=\"https:\/\/www.leeb-balkone.com\/app\/uploads\/2020\/09\/alu-balkongelaender-zufriedene-kunden-1.jpg\" \/>\n\t<meta property=\"og:image:width\" content=\"2560\" \/>\n\t<meta property=\"og:image:height\" content=\"1762\" \/>\n\t<meta property=\"og:image:type\" content=\"image\/jpeg\" \/>\n<meta name=\"twitter:card\" content=\"summary_large_image\" \/>\n<script type=\"application\/ld+json\" class=\"yoast-schema-graph\">{\"@context\":\"https:\/\/schema.org\",\"@graph\":[{\"@type\":\"WebPage\",\"@id\":\"https:\/\/www.leeb-balkone.com\/sl\/kontakt\/kraji\/\",\"url\":\"https:\/\/www.leeb-balkone.com\/sl\/kontakt\/kraji\/\",\"name\":\"Kraji - Leeb Balkone\",\"isPartOf\":{\"@id\":\"https:\/\/www.leeb-balkone.com\/sl\/#website\"},\"datePublished\":\"2020-09-08T14:50:29+00:00\",\"dateModified\":\"2025-08-04T14:30:26+00:00\",\"description\":\"Veselimo se va\u0161ega povpra\u0161evanja\",\"breadcrumb\":{\"@id\":\"https:\/\/www.leeb-balkone.com\/sl\/kontakt\/kraji\/#breadcrumb\"},\"inLanguage\":\"sl-SI\",\"potentialAction\":[{\"@type\":\"ReadAction\",\"target\":[\"https:\/\/www.leeb-balkone.com\/sl\/kontakt\/kraji\/\"]}]},{\"@type\":\"BreadcrumbList\",\"@id\":\"https:\/\/www.leeb-balkone.com\/sl\/kontakt\/kraji\/#breadcrumb\",\"itemListElement\":[{\"@type\":\"ListItem\",\"position\":1,\"name\":\"Home\",\"item\":\"https:\/\/www.leeb-balkone.com\/sl\/\"},{\"@type\":\"ListItem\",\"position\":2,\"name\":\"Kontakt\",\"item\":\"https:\/\/www.leeb-balkone.com\/sl\/kontakt\/\"},{\"@type\":\"ListItem\",\"position\":3,\"name\":\"Kraji\"}]},{\"@type\":\"WebSite\",\"@id\":\"https:\/\/www.leeb-balkone.com\/sl\/#website\",\"url\":\"https:\/\/www.leeb-balkone.com\/sl\/\",\"name\":\"Leeb Balkone\",\"description\":\"Balkone und Z\u00e4une\",\"publisher\":{\"@id\":\"https:\/\/www.leeb-balkone.com\/sl\/#organization\"},\"potentialAction\":[{\"@type\":\"SearchAction\",\"target\":{\"@type\":\"EntryPoint\",\"urlTemplate\":\"https:\/\/www.leeb-balkone.com\/sl\/?s={search_term_string}\"},\"query-input\":{\"@type\":\"PropertyValueSpecification\",\"valueRequired\":true,\"valueName\":\"search_term_string\"}}],\"inLanguage\":\"sl-SI\"},{\"@type\":\"Organization\",\"@id\":\"https:\/\/www.leeb-balkone.com\/sl\/#organization\",\"name\":\"Leeb Balkone Gmbh\",\"url\":\"https:\/\/www.leeb-balkone.com\/sl\/\",\"logo\":{\"@type\":\"ImageObject\",\"inLanguage\":\"sl-SI\",\"@id\":\"https:\/\/www.leeb-balkone.com\/sl\/#\/schema\/logo\/image\/\",\"url\":\"https:\/\/www.leeb-balkone.com\/app\/uploads\/2020\/11\/leeb-logo.svg\",\"contentUrl\":\"https:\/\/www.leeb-balkone.com\/app\/uploads\/2020\/11\/leeb-logo.svg\",\"width\":741,\"height\":204,\"caption\":\"Leeb Balkone Gmbh\"},\"image\":{\"@id\":\"https:\/\/www.leeb-balkone.com\/sl\/#\/schema\/logo\/image\/\"},\"sameAs\":[\"https:\/\/www.facebook.com\/balkone\/\",\"https:\/\/www.trustedshops.at\/bewertung\/info_X4587CCF5833E31AFE0B11F47D86999F2.html\",\"https:\/\/www.trustedshops.de\/bewertung\/info_X7BA536A7A0BDC86D36C4718E4DCAEEEF.html\",\"https:\/\/www.google.com\/maps\/place\/?q=place_id:ChIJ5-zH19-IcEcR9HonWRTllHI\"]}]}<\/script>\n<!-- \/ Yoast SEO plugin. -->","yoast_head_json":{"title":"Kraji - Leeb Balkone Slovenija","description":"Veselimo se va\u0161ega povpra\u0161evanja","robots":{"index":"index","follow":"follow","max-snippet":"max-snippet:-1","max-image-preview":"max-image-preview:large","max-video-preview":"max-video-preview:-1"},"og_locale":"sl_SI","og_type":"article","og_title":"Kraji - Leeb Balkone","og_description":"Veselimo se va\u0161ega povpra\u0161evanja","og_url":"https:\/\/www.leeb-balkone.com\/sl\/kontakt\/kraji\/","og_site_name":"Leeb Balkone","article_publisher":"https:\/\/www.facebook.com\/balkone\/","article_modified_time":"2025-08-04T14:30:26+00:00","og_image":[{"width":2560,"height":1762,"url":"https:\/\/www.leeb-balkone.com\/app\/uploads\/2020\/09\/alu-balkongelaender-zufriedene-kunden-1.jpg","type":"image\/jpeg"}],"twitter_card":"summary_large_image","schema":{"@context":"https:\/\/schema.org","@graph":[{"@type":"WebPage","@id":"https:\/\/www.leeb-balkone.com\/sl\/kontakt\/kraji\/","url":"https:\/\/www.leeb-balkone.com\/sl\/kontakt\/kraji\/","name":"Kraji - Leeb Balkone","isPartOf":{"@id":"https:\/\/www.leeb-balkone.com\/sl\/#website"},"datePublished":"2020-09-08T14:50:29+00:00","dateModified":"2025-08-04T14:30:26+00:00","description":"Veselimo se va\u0161ega povpra\u0161evanja","breadcrumb":{"@id":"https:\/\/www.leeb-balkone.com\/sl\/kontakt\/kraji\/#breadcrumb"},"inLanguage":"sl-SI","potentialAction":[{"@type":"ReadAction","target":["https:\/\/www.leeb-balkone.com\/sl\/kontakt\/kraji\/"]}]},{"@type":"BreadcrumbList","@id":"https:\/\/www.leeb-balkone.com\/sl\/kontakt\/kraji\/#breadcrumb","itemListElement":[{"@type":"ListItem","position":1,"name":"Home","item":"https:\/\/www.leeb-balkone.com\/sl\/"},{"@type":"ListItem","position":2,"name":"Kontakt","item":"https:\/\/www.leeb-balkone.com\/sl\/kontakt\/"},{"@type":"ListItem","position":3,"name":"Kraji"}]},{"@type":"WebSite","@id":"https:\/\/www.leeb-balkone.com\/sl\/#website","url":"https:\/\/www.leeb-balkone.com\/sl\/","name":"Leeb Balkone","description":"Balkone und Z\u00e4une","publisher":{"@id":"https:\/\/www.leeb-balkone.com\/sl\/#organization"},"potentialAction":[{"@type":"SearchAction","target":{"@type":"EntryPoint","urlTemplate":"https:\/\/www.leeb-balkone.com\/sl\/?s={search_term_string}"},"query-input":{"@type":"PropertyValueSpecification","valueRequired":true,"valueName":"search_term_string"}}],"inLanguage":"sl-SI"},{"@type":"Organization","@id":"https:\/\/www.leeb-balkone.com\/sl\/#organization","name":"Leeb Balkone Gmbh","url":"https:\/\/www.leeb-balkone.com\/sl\/","logo":{"@type":"ImageObject","inLanguage":"sl-SI","@id":"https:\/\/www.leeb-balkone.com\/sl\/#\/schema\/logo\/image\/","url":"https:\/\/www.leeb-balkone.com\/app\/uploads\/2020\/11\/leeb-logo.svg","contentUrl":"https:\/\/www.leeb-balkone.com\/app\/uploads\/2020\/11\/leeb-logo.svg","width":741,"height":204,"caption":"Leeb Balkone Gmbh"},"image":{"@id":"https:\/\/www.leeb-balkone.com\/sl\/#\/schema\/logo\/image\/"},"sameAs":["https:\/\/www.facebook.com\/balkone\/","https:\/\/www.trustedshops.at\/bewertung\/info_X4587CCF5833E31AFE0B11F47D86999F2.html","https:\/\/www.trustedshops.de\/bewertung\/info_X7BA536A7A0BDC86D36C4718E4DCAEEEF.html","https:\/\/www.google.com\/maps\/place\/?q=place_id:ChIJ5-zH19-IcEcR9HonWRTllHI"]}]}},"_links":{"self":[{"href":"https:\/\/www.leeb-balkone.com\/sl\/wp-json\/wp\/v2\/pages\/19504","targetHints":{"allow":["GET"]}}],"collection":[{"href":"https:\/\/www.leeb-balkone.com\/sl\/wp-json\/wp\/v2\/pages"}],"about":[{"href":"https:\/\/www.leeb-balkone.com\/sl\/wp-json\/wp\/v2\/types\/page"}],"author":[{"embeddable":true,"href":"https:\/\/www.leeb-balkone.com\/sl\/wp-json\/wp\/v2\/users\/1"}],"replies":[{"embeddable":true,"href":"https:\/\/www.leeb-balkone.com\/sl\/wp-json\/wp\/v2\/comments?post=19504"}],"version-history":[{"count":1,"href":"https:\/\/www.leeb-balkone.com\/sl\/wp-json\/wp\/v2\/pages\/19504\/revisions"}],"predecessor-version":[{"id":152390,"href":"https:\/\/www.leeb-balkone.com\/sl\/wp-json\/wp\/v2\/pages\/19504\/revisions\/152390"}],"up":[{"embeddable":true,"href":"https:\/\/www.leeb-balkone.com\/sl\/wp-json\/wp\/v2\/pages\/17355"}],"wp:attachment":[{"href":"https:\/\/www.leeb-balkone.com\/sl\/wp-json\/wp\/v2\/media?parent=19504"}],"wp:term":[{"taxonomy":"folder","embeddable":true,"href":"https:\/\/www.leeb-balkone.com\/sl\/wp-json\/wp\/v2\/folder?post=19504"}],"curies":[{"name":"wp","href":"https:\/\/api.w.org\/{rel}","templated":true}]}}