{"id":17355,"date":"2020-08-26T13:42:26","date_gmt":"2020-08-26T13:42:26","guid":{"rendered":"https:\/\/www.leeb-balkone.com\/de\/kontakt\/kontaktformular\/"},"modified":"2026-04-10T13:39:22","modified_gmt":"2026-04-10T13:39:22","slug":"kontakt","status":"publish","type":"page","link":"https:\/\/www.leeb-balkone.com\/sl\/kontakt\/","title":{"rendered":"Kontakt"},"content":{"rendered":"<header data-block_acf-block-69d8fd88eee9c class=\"c-fh  l-mh-small c-fh--hero c-grad-l2r c-fh--div none\">\n      <img loading=\"lazy\" decoding=\"async\" width=\"1920\" height=\"599\" src=\"https:\/\/www.leeb-balkone.com\/app\/uploads\/2020\/09\/balkon-alu-header-3.jpg\" class=\"no-lazy\" alt=\"balkon alu header 3\" srcset=\"https:\/\/www.leeb-balkone.com\/app\/uploads\/2020\/09\/balkon-alu-header-3-300x94.jpg 300w, https:\/\/www.leeb-balkone.com\/app\/uploads\/2020\/09\/balkon-alu-header-3-1024x319.jpg 1024w, https:\/\/www.leeb-balkone.com\/app\/uploads\/2020\/09\/balkon-alu-header-3-768x240.jpg 768w, https:\/\/www.leeb-balkone.com\/app\/uploads\/2020\/09\/balkon-alu-header-3-1536x479.jpg 1536w\" sizes=\"auto, (min-width: 1536px) 2048px, (min-width: 992px) 1536px, (min-width: 768px) 1024px, (min-width: 576px) 768px, 100vw\" \/>\n\n\n<div class=\"grid-container\">\n  <div class=\"grid-x\">\n    <div class=\"cell small-12 medium-6 medium-offset-1\">\n      <div class=\"c-fh__wrapper\">\n                              <p>Potrebujete ve\u010d informacij? Kontaktirajte nas!<\/p>\n                        <\/div>\n    <\/div>\n  <\/div>\n<\/div>\n  \n    \n    <\/header>\n\n\n  \n  <section class=\"wp-block-group alignfull t3-header u-max-wide t3-header-text has-white-background-color has-background has-global-padding is-layout-constrained wp-block-group-is-layout-constrained\">\n    <div class=\"wp-block-group o-grid u-md-1 u-sm-1 is-layout-flow wp-block-group-is-layout-flow\">\n  <div class=\"wp-block-group u-g-10 u-g-s-2\">\n      <div class=\"yoast-breadcrumbs\"><span><span><a href=\"https:\/\/www.leeb-balkone.com\/sl\/\">Home<\/a><\/span><\/span><\/div>\n      \n    <h1>Kontakt<\/h1>\n  <\/div>\n<\/div>\n  <\/section>\n\n\n\n\n\n\n<section class=\"wp-block-cgb-t3-section-block alignfull b-pt-none b-pb-small is-style-bg-white\" style=\"display:inherit;min-height:inherit\">\n<div class=\"wp-block-cgb-t3-container-block none\" style=\"background-color:none\"><div class=\"grid-container\"><div class=\"grid-x\"><div class=\"cell small-12 medium-9 large-0 medium-offset-1 b-has-pt\">\n<p><span class=\"teaser\">Na\u010drtujete projekt ali imate vpra\u0161anja o nas in na\u0161ih re\u0161itvah? Preprosto nam pi\u0161ite \u2013 z veseljem si bomo vzeli \u010das in odgovorili na va\u0161a vpra\u0161anja!<\/span><\/p>\n<\/div><\/div><\/div><\/div>\n<\/section>\n\n\n\n<section class=\"wp-block-cgb-t3-section-block alignfull b-pt-none b-pb-small\" style=\"display:inherit;background-color:#F5F5F5;min-height:inherit\">\n<div class=\"wp-block-cgb-t3-container-block b-has-offset-h\" style=\"background-color:none\"><div class=\"grid-container\"><div class=\"grid-x\"><div class=\"cell small-12 medium-6 large-0 medium-offset-1\">\n<h2 class=\"wp-block-heading\">Veselimo se va\u0161ega povpra\u0161evanja:<\/h2>\n<\/div><\/div><\/div><\/div>\n\n\n\n<div class=\"wp-block-cgb-t3-container-block none\" style=\"background-color:none\"><div class=\"grid-container\"><div class=\"o-grid u-sm-1 u-md-1\"><div class=\"u-g-7 u-g-s-2\"><form action=\"https:\/\/www.leeb-balkone.com\/sl\/wp-json\/ws-form\/v1\/submit\" class=\"wsf-form wsf-form-canvas\" id=\"ws-form-1\" data-id=\"11\" data-instance-id=\"1\" method=\"POST\"><\/form>\n<\/div>\n    <div class=\"u-g-3 u-g-s-9\"><div class=\"t3-sidebar-buttons wp-block-buttons is-layout-flex wp-block-buttons-is-layout-flex\"><div class=\"wp-block-button is-style-fill icon-book icon-left\">\n                        <a class=\"wp-block-button__link has-secondary-color has-white-background-color has-text-color has-background has-link-color wp-element-button\" href=\"https:\/\/www.leeb-balkone.com\/sl\/kontakt\/zahtevajte-katalog\/\" style=\"box-shadow:var(--wp--preset--shadow--box-shadow)\">Zahtevajte katalog<\/a>\n                    <\/div><div class=\"wp-block-button is-style-fill icon-vp icon-left\">\n                        <a class=\"wp-block-button__link has-secondary-color has-white-background-color has-text-color has-background has-link-color wp-element-button\" href=\"https:\/\/www.leeb-balkone.com\/sl\/distribucijski-partnerji\/\">Poslovni partner <span class=\"sr-only\">Distribucijski partner Leeb Balkone Slovenija<\/span><\/a>\n                    <\/div><\/div>\n<p class=\"links\"><a class=\"link-block bgimg int\" href=\"tel:+4342787000\"><span class=\"title\">Hotline International<\/span><span class=\"descr\">+43 4278 7000<\/span><\/a><\/p>\n<\/div><\/div>\n\n\n<p><\/p>\n<\/div><\/div>\n<\/section>\n\n\n\n<section class=\"wp-block-cgb-t3-section-block alignfull b-pt-none b-pb-none\" style=\"display:inherit;min-height:inherit\"><\/section>\n\n\n\n\n\n<section class=\"wp-block-group alignfull has-white-background-color has-background has-global-padding is-layout-constrained wp-container-core-group-is-layout-52f96efc wp-block-group-is-layout-constrained\">\n<div class=\"wp-block-group o-grid u-md-1 is-layout-flow wp-block-group-is-layout-flow\" style=\"padding-top:0\">\n<div class=\"wp-block-group u-g-9 u-g-s-2 is-layout-flow wp-block-group-is-layout-flow\" style=\"margin-bottom:var(--wp--preset--spacing--s)\">\n<h2 class=\"wp-block-heading\">FAQ<\/h2>\n\n\n\n\n\n<div class=\"wp-block-t3-acc-accordion is-style-light\"><button id=\"accordion-0cf62798-a736-49f9-bd7f-9a3da555091b-button\" class=\"accordion__button\" aria-expanded=\"false\" aria-controls=\"accordion-0cf62798-a736-49f9-bd7f-9a3da555091b-panel\"><h3 data-accordion-title=\"true\" style=\"font-size:var(--step-1)\"><strong><strong><strong>Kaj se zgodi po tem, ko oddam svojo zahtevo?<\/strong><\/strong><\/strong><\/h3><\/button><div id=\"accordion-0cf62798-a736-49f9-bd7f-9a3da555091b-panel\" class=\"accordion__panel\" role=\"region\" aria-labelledby=\"accordion-0cf62798-a736-49f9-bd7f-9a3da555091b-button\">\n<p>Poizvedbe v zvezi s projektom posredujemo neposredno svetovalcu podjetja Leeb, ki je odgovoren za va\u0161o regijo in vas bo v najkraj\u0161em mo\u017enem \u010dasu osebno kontaktiral. Za splo\u0161na vpra\u0161anja, povratne informacije ali zahteve za storitve vam je na voljo na\u0161a ekipa na sede\u017eu podjetja v Gnesauu.<\/p>\n<\/div><\/div>\n\n\n\n<div class=\"wp-block-t3-acc-accordion is-style-light\"><button id=\"accordion-f59b614c-8139-4e21-a48a-44f59b3c3522-button\" class=\"accordion__button\" aria-expanded=\"false\" aria-controls=\"accordion-f59b614c-8139-4e21-a48a-44f59b3c3522-panel\"><h3 data-accordion-title=\"true\" style=\"font-size:var(--step-1)\"><strong><strong><strong>Kako poteka posvet z mojim Leeb partnerjem?<\/strong><\/strong><\/strong><\/h3><\/button><div id=\"accordion-f59b614c-8139-4e21-a48a-44f59b3c3522-panel\" class=\"accordion__panel\" role=\"region\" aria-labelledby=\"accordion-f59b614c-8139-4e21-a48a-44f59b3c3522-button\">\n<p>Ko nas kontaktirate, se bo va\u0161 osebni Leeb svetovalec po \u017eelji dogovoril za sestanek na va\u0161i lokaciji. Analiziral bo strukturne pogoje, se pogovoril o va\u0161ih \u017eeljah glede materialov, dizajna in barve ter ustvaril prilagojeno 3D vizualizacijo kot fotomonta\u017eo neposredno na va\u0161i stavbi. Na podlagi tega boste prejeli prilagojeno ponudbo \u2013 brezpla\u010dno in brez obveznosti.<\/p>\n<\/div><\/div>\n\n\n\n<div class=\"wp-block-t3-acc-accordion is-style-light\"><button id=\"accordion-c5e4f339-540f-4b6b-a659-eafb14402e59-button\" class=\"accordion__button\" aria-expanded=\"false\" aria-controls=\"accordion-c5e4f339-540f-4b6b-a659-eafb14402e59-panel\"><h3 data-accordion-title=\"true\" style=\"font-size:var(--step-1)\"><strong><strong><strong>Kje si lahko izdelke Leeb ogledam v \u017eivo?<\/strong><\/strong><\/strong><\/h3><\/button><div id=\"accordion-c5e4f339-540f-4b6b-a659-eafb14402e59-panel\" class=\"accordion__panel\" role=\"region\" aria-labelledby=\"accordion-c5e4f339-540f-4b6b-a659-eafb14402e59-button\">\n<p>Leeb ima ve\u010d kot 30 razstavnih salonov v Avstriji, Nem\u010diji, \u0160vici, Italiji in Sloveniji. Tam si lahko osebno ogledate portfelj izdelkov Leeb, preden vam va\u0161 osebni svetovalec Leeb pripravi prilagojeno ponudbo.<\/p>\n<\/div><\/div>\n<\/div>\n<\/div>\n<\/section>\n","protected":false},"excerpt":{"rendered":"","protected":false},"author":1,"featured_media":0,"parent":0,"menu_order":149,"comment_status":"closed","ping_status":"closed","template":"template-onepager.blade.php","meta":{"_acf_changed":false,"footnotes":"","_sage_theme_css":true,"_wp_block_core_css":false},"folder":[],"class_list":["post-17355","page","type-page","status-publish","hentry"],"acf":[],"yoast_head":"<!-- This site is optimized with the Yoast SEO plugin v27.2 - https:\/\/yoast.com\/product\/yoast-seo-wordpress\/ -->\n<title>Kontakt - Leeb Balkone Slovenija<\/title>\n<meta name=\"description\" content=\"Na\u010drtujete projekt ali imate vpra\u0161anja o nas in na\u0161ih re\u0161itvah? Preprosto nam pi\u0161ite \u2013 z veseljem si bomo vzeli \u010das in odgovorili na va\u0161a vpra\u0161anja!\" \/>\n<meta name=\"robots\" content=\"index, follow, max-snippet:-1, max-image-preview:large, max-video-preview:-1\" \/>\n<meta property=\"og:locale\" content=\"sl_SI\" \/>\n<meta property=\"og:type\" content=\"article\" \/>\n<meta property=\"og:title\" content=\"Kontakt - Leeb Balkone\" \/>\n<meta property=\"og:description\" content=\"Na\u010drtujete projekt ali imate vpra\u0161anja o nas in na\u0161ih re\u0161itvah? Preprosto nam pi\u0161ite \u2013 z veseljem si bomo vzeli \u010das in odgovorili na va\u0161a vpra\u0161anja!\" \/>\n<meta property=\"og:url\" content=\"https:\/\/www.leeb-balkone.com\/sl\/kontakt\/\" \/>\n<meta property=\"og:site_name\" content=\"Leeb Balkone\" \/>\n<meta property=\"article:publisher\" content=\"https:\/\/www.facebook.com\/balkone\/\" \/>\n<meta property=\"article:modified_time\" content=\"2026-04-10T13:39:22+00:00\" \/>\n<meta property=\"og:image\" content=\"https:\/\/www.leeb-balkone.com\/app\/uploads\/2020\/09\/alu-balkongelaender-zufriedene-kunden-1.jpg\" \/>\n\t<meta property=\"og:image:width\" content=\"2560\" \/>\n\t<meta property=\"og:image:height\" content=\"1762\" \/>\n\t<meta property=\"og:image:type\" content=\"image\/jpeg\" \/>\n<meta name=\"twitter:card\" content=\"summary_large_image\" \/>\n<script type=\"application\/ld+json\" class=\"yoast-schema-graph\">{\"@context\":\"https:\/\/schema.org\",\"@graph\":[{\"@type\":\"WebPage\",\"@id\":\"https:\/\/www.leeb-balkone.com\/sl\/kontakt\/\",\"url\":\"https:\/\/www.leeb-balkone.com\/sl\/kontakt\/\",\"name\":\"Kontakt - Leeb Balkone\",\"isPartOf\":{\"@id\":\"https:\/\/www.leeb-balkone.com\/sl\/#website\"},\"datePublished\":\"2020-08-26T13:42:26+00:00\",\"dateModified\":\"2026-04-10T13:39:22+00:00\",\"description\":\"Na\u010drtujete projekt ali imate vpra\u0161anja o nas in na\u0161ih re\u0161itvah? Preprosto nam pi\u0161ite \u2013 z veseljem si bomo vzeli \u010das in odgovorili na va\u0161a vpra\u0161anja!\",\"breadcrumb\":{\"@id\":\"https:\/\/www.leeb-balkone.com\/sl\/kontakt\/#breadcrumb\"},\"inLanguage\":\"sl-SI\",\"potentialAction\":[{\"@type\":\"ReadAction\",\"target\":[\"https:\/\/www.leeb-balkone.com\/sl\/kontakt\/\"]}]},{\"@type\":\"BreadcrumbList\",\"@id\":\"https:\/\/www.leeb-balkone.com\/sl\/kontakt\/#breadcrumb\",\"itemListElement\":[{\"@type\":\"ListItem\",\"position\":1,\"name\":\"Home\",\"item\":\"https:\/\/www.leeb-balkone.com\/sl\/\"},{\"@type\":\"ListItem\",\"position\":2,\"name\":\"Kontakt\"}]},{\"@type\":\"WebSite\",\"@id\":\"https:\/\/www.leeb-balkone.com\/sl\/#website\",\"url\":\"https:\/\/www.leeb-balkone.com\/sl\/\",\"name\":\"Leeb Balkone\",\"description\":\"Balkone und Z\u00e4une\",\"publisher\":{\"@id\":\"https:\/\/www.leeb-balkone.com\/sl\/#organization\"},\"potentialAction\":[{\"@type\":\"SearchAction\",\"target\":{\"@type\":\"EntryPoint\",\"urlTemplate\":\"https:\/\/www.leeb-balkone.com\/sl\/?s={search_term_string}\"},\"query-input\":{\"@type\":\"PropertyValueSpecification\",\"valueRequired\":true,\"valueName\":\"search_term_string\"}}],\"inLanguage\":\"sl-SI\"},{\"@type\":\"Organization\",\"@id\":\"https:\/\/www.leeb-balkone.com\/sl\/#organization\",\"name\":\"Leeb Balkone Gmbh\",\"url\":\"https:\/\/www.leeb-balkone.com\/sl\/\",\"logo\":{\"@type\":\"ImageObject\",\"inLanguage\":\"sl-SI\",\"@id\":\"https:\/\/www.leeb-balkone.com\/sl\/#\/schema\/logo\/image\/\",\"url\":\"https:\/\/www.leeb-balkone.com\/app\/uploads\/2020\/11\/leeb-logo.svg\",\"contentUrl\":\"https:\/\/www.leeb-balkone.com\/app\/uploads\/2020\/11\/leeb-logo.svg\",\"width\":741,\"height\":204,\"caption\":\"Leeb Balkone Gmbh\"},\"image\":{\"@id\":\"https:\/\/www.leeb-balkone.com\/sl\/#\/schema\/logo\/image\/\"},\"sameAs\":[\"https:\/\/www.facebook.com\/balkone\/\",\"https:\/\/www.trustedshops.at\/bewertung\/info_X4587CCF5833E31AFE0B11F47D86999F2.html\",\"https:\/\/www.trustedshops.de\/bewertung\/info_X7BA536A7A0BDC86D36C4718E4DCAEEEF.html\",\"https:\/\/www.google.com\/maps\/place\/?q=place_id:ChIJ5-zH19-IcEcR9HonWRTllHI\"]}]}<\/script>\n<!-- \/ Yoast SEO plugin. -->","yoast_head_json":{"title":"Kontakt - Leeb Balkone Slovenija","description":"Na\u010drtujete projekt ali imate vpra\u0161anja o nas in na\u0161ih re\u0161itvah? Preprosto nam pi\u0161ite \u2013 z veseljem si bomo vzeli \u010das in odgovorili na va\u0161a vpra\u0161anja!","robots":{"index":"index","follow":"follow","max-snippet":"max-snippet:-1","max-image-preview":"max-image-preview:large","max-video-preview":"max-video-preview:-1"},"og_locale":"sl_SI","og_type":"article","og_title":"Kontakt - Leeb Balkone","og_description":"Na\u010drtujete projekt ali imate vpra\u0161anja o nas in na\u0161ih re\u0161itvah? Preprosto nam pi\u0161ite \u2013 z veseljem si bomo vzeli \u010das in odgovorili na va\u0161a vpra\u0161anja!","og_url":"https:\/\/www.leeb-balkone.com\/sl\/kontakt\/","og_site_name":"Leeb Balkone","article_publisher":"https:\/\/www.facebook.com\/balkone\/","article_modified_time":"2026-04-10T13:39:22+00:00","og_image":[{"width":2560,"height":1762,"url":"https:\/\/www.leeb-balkone.com\/app\/uploads\/2020\/09\/alu-balkongelaender-zufriedene-kunden-1.jpg","type":"image\/jpeg"}],"twitter_card":"summary_large_image","schema":{"@context":"https:\/\/schema.org","@graph":[{"@type":"WebPage","@id":"https:\/\/www.leeb-balkone.com\/sl\/kontakt\/","url":"https:\/\/www.leeb-balkone.com\/sl\/kontakt\/","name":"Kontakt - Leeb Balkone","isPartOf":{"@id":"https:\/\/www.leeb-balkone.com\/sl\/#website"},"datePublished":"2020-08-26T13:42:26+00:00","dateModified":"2026-04-10T13:39:22+00:00","description":"Na\u010drtujete projekt ali imate vpra\u0161anja o nas in na\u0161ih re\u0161itvah? Preprosto nam pi\u0161ite \u2013 z veseljem si bomo vzeli \u010das in odgovorili na va\u0161a vpra\u0161anja!","breadcrumb":{"@id":"https:\/\/www.leeb-balkone.com\/sl\/kontakt\/#breadcrumb"},"inLanguage":"sl-SI","potentialAction":[{"@type":"ReadAction","target":["https:\/\/www.leeb-balkone.com\/sl\/kontakt\/"]}]},{"@type":"BreadcrumbList","@id":"https:\/\/www.leeb-balkone.com\/sl\/kontakt\/#breadcrumb","itemListElement":[{"@type":"ListItem","position":1,"name":"Home","item":"https:\/\/www.leeb-balkone.com\/sl\/"},{"@type":"ListItem","position":2,"name":"Kontakt"}]},{"@type":"WebSite","@id":"https:\/\/www.leeb-balkone.com\/sl\/#website","url":"https:\/\/www.leeb-balkone.com\/sl\/","name":"Leeb Balkone","description":"Balkone und Z\u00e4une","publisher":{"@id":"https:\/\/www.leeb-balkone.com\/sl\/#organization"},"potentialAction":[{"@type":"SearchAction","target":{"@type":"EntryPoint","urlTemplate":"https:\/\/www.leeb-balkone.com\/sl\/?s={search_term_string}"},"query-input":{"@type":"PropertyValueSpecification","valueRequired":true,"valueName":"search_term_string"}}],"inLanguage":"sl-SI"},{"@type":"Organization","@id":"https:\/\/www.leeb-balkone.com\/sl\/#organization","name":"Leeb Balkone Gmbh","url":"https:\/\/www.leeb-balkone.com\/sl\/","logo":{"@type":"ImageObject","inLanguage":"sl-SI","@id":"https:\/\/www.leeb-balkone.com\/sl\/#\/schema\/logo\/image\/","url":"https:\/\/www.leeb-balkone.com\/app\/uploads\/2020\/11\/leeb-logo.svg","contentUrl":"https:\/\/www.leeb-balkone.com\/app\/uploads\/2020\/11\/leeb-logo.svg","width":741,"height":204,"caption":"Leeb Balkone Gmbh"},"image":{"@id":"https:\/\/www.leeb-balkone.com\/sl\/#\/schema\/logo\/image\/"},"sameAs":["https:\/\/www.facebook.com\/balkone\/","https:\/\/www.trustedshops.at\/bewertung\/info_X4587CCF5833E31AFE0B11F47D86999F2.html","https:\/\/www.trustedshops.de\/bewertung\/info_X7BA536A7A0BDC86D36C4718E4DCAEEEF.html","https:\/\/www.google.com\/maps\/place\/?q=place_id:ChIJ5-zH19-IcEcR9HonWRTllHI"]}]}},"_links":{"self":[{"href":"https:\/\/www.leeb-balkone.com\/sl\/wp-json\/wp\/v2\/pages\/17355","targetHints":{"allow":["GET"]}}],"collection":[{"href":"https:\/\/www.leeb-balkone.com\/sl\/wp-json\/wp\/v2\/pages"}],"about":[{"href":"https:\/\/www.leeb-balkone.com\/sl\/wp-json\/wp\/v2\/types\/page"}],"author":[{"embeddable":true,"href":"https:\/\/www.leeb-balkone.com\/sl\/wp-json\/wp\/v2\/users\/1"}],"replies":[{"embeddable":true,"href":"https:\/\/www.leeb-balkone.com\/sl\/wp-json\/wp\/v2\/comments?post=17355"}],"version-history":[{"count":5,"href":"https:\/\/www.leeb-balkone.com\/sl\/wp-json\/wp\/v2\/pages\/17355\/revisions"}],"predecessor-version":[{"id":167492,"href":"https:\/\/www.leeb-balkone.com\/sl\/wp-json\/wp\/v2\/pages\/17355\/revisions\/167492"}],"wp:attachment":[{"href":"https:\/\/www.leeb-balkone.com\/sl\/wp-json\/wp\/v2\/media?parent=17355"}],"wp:term":[{"taxonomy":"folder","embeddable":true,"href":"https:\/\/www.leeb-balkone.com\/sl\/wp-json\/wp\/v2\/folder?post=17355"}],"curies":[{"name":"wp","href":"https:\/\/api.w.org\/{rel}","templated":true}]}}