{"id":17331,"date":"2020-09-08T11:06:44","date_gmt":"2020-09-08T11:06:44","guid":{"rendered":"https:\/\/www.leeb-balkone.com\/de\/ueber-leeb\/"},"modified":"2026-01-13T13:18:56","modified_gmt":"2026-01-13T13:18:56","slug":"podjetje","status":"publish","type":"page","link":"https:\/\/www.leeb-balkone.com\/sl\/podjetje\/","title":{"rendered":"Podjete"},"content":{"rendered":"<header data-block_5ed673af9a55a class=\"c-fh  l-mh-small c-fh--hero c-grad-l2r c-fh--div none\">\n      <img loading=\"lazy\" decoding=\"async\" width=\"1920\" height=\"599\" src=\"https:\/\/www.leeb-balkone.com\/app\/uploads\/2020\/10\/leeb-balkone-firma.jpg\" class=\"no-lazy\" alt=\"leeb balkone firma\" srcset=\"https:\/\/www.leeb-balkone.com\/app\/uploads\/2020\/10\/leeb-balkone-firma-300x94.jpg 300w, https:\/\/www.leeb-balkone.com\/app\/uploads\/2020\/10\/leeb-balkone-firma-1024x319.jpg 1024w, https:\/\/www.leeb-balkone.com\/app\/uploads\/2020\/10\/leeb-balkone-firma-768x240.jpg 768w, https:\/\/www.leeb-balkone.com\/app\/uploads\/2020\/10\/leeb-balkone-firma-1536x479.jpg 1536w\" sizes=\"auto, (min-width: 1536px) 2048px, (min-width: 992px) 1536px, (min-width: 768px) 1024px, (min-width: 576px) 768px, 100vw\" \/>\n\n\n<div class=\"grid-container\">\n  <div class=\"grid-x\">\n    <div class=\"cell small-12 medium-6 medium-offset-1\">\n      <div class=\"c-fh__wrapper\">\n                              <p>Kakovostni izdelek iz avstrije\r\n\r\n<\/p>\n                        <\/div>\n    <\/div>\n  <\/div>\n<\/div>\n  \n    \n    <\/header>\n\n\n  \n  <section class=\"wp-block-group alignfull t3-header u-max-wide t3-header-text has-white-background-color has-background has-global-padding is-layout-constrained wp-block-group-is-layout-constrained\">\n    <div class=\"wp-block-group o-grid u-md-1 u-sm-1 is-layout-flow wp-block-group-is-layout-flow\">\n  <div class=\"wp-block-group u-g-10 u-g-s-2\">\n      <div class=\"yoast-breadcrumbs\"><span><span><a href=\"https:\/\/www.leeb-balkone.com\/sl\/\">Home<\/a><\/span><\/span><\/div>\n      \n    <h1>Balkoni in ograje LEEB<\/h1>\n  <\/div>\n<\/div>\n  <\/section>\n\n\n\n\n\n\n<section id=\"first-section\" class=\"wp-block-cgb-t3-section-block alignfull b-pt-small  is-style-bg-transparent\" style=\"display:inherit;min-height:inherit\">\n<div class=\"wp-block-cgb-t3-container-block none\" style=\"background-color:none\"><div class=\"grid-container\"><div class=\"grid-x\"><div class=\"cell small-12 medium-9 large-0 medium-offset-1 b-has-lsmb\">\n<p><span class=\"teaser\">Kot vodilnemu podjetju na evropskem trgu nam je \u0161e posebej pomembno, da se od na\u010drtovanja do izdelave vsakega posameznega balkona uporabi maksimalna popolnost. Ve\u010d kot 100.000 zadovoljnih strank v Avstriji, Nem\u010diji, Franciji, Italiji, \u0160vici in Sloveniji zaupa kakovosti LEEB. Kreativne re\u0161itve, inovacije in poglobljeno znanje vsak dan prispevajo k na\u0161emu nadaljnjemu uspehu.<\/span><\/p>\n<\/div><\/div><\/div><\/div>\n\n\n\n<div class=\"wp-block-cgb-t3-container-block none\" style=\"background-color:none\"><div class=\"grid-container\"><div class=\"grid-x\"><div class=\"cell small-12 medium-0 large-0 b-has-pt b-has-lsmb\"><div class=\"b-sps l-mbxl\" id=\"\">\n      <div class=\"grid-x\">\n              <div class=\"cell b-sps__bgimg lazyload bgx-center bgy-center small-12 medium-6 small-order-1 medium-order-1\">\n          \n            <img loading=\"lazy\" decoding=\"async\" width=\"1024\" height=\"640\" src=\"https:\/\/www.leeb-balkone.com\/app\/uploads\/2020\/08\/leeb-balkone-firmengelaende-3-1024x640.jpg\" class=\"attachment-large size-large\" alt=\"leeb balkone firmengelaende 3\" srcset=\"https:\/\/www.leeb-balkone.com\/app\/uploads\/2020\/08\/leeb-balkone-firmengelaende-3-1024x640.jpg 1024w, https:\/\/www.leeb-balkone.com\/app\/uploads\/2020\/08\/leeb-balkone-firmengelaende-3-300x188.jpg 300w, https:\/\/www.leeb-balkone.com\/app\/uploads\/2020\/08\/leeb-balkone-firmengelaende-3-768x480.jpg 768w, https:\/\/www.leeb-balkone.com\/app\/uploads\/2020\/08\/leeb-balkone-firmengelaende-3-1536x960.jpg 1536w, https:\/\/www.leeb-balkone.com\/app\/uploads\/2020\/08\/leeb-balkone-firmengelaende-3-2048x1280.jpg 2048w\" sizes=\"auto, (min-width: 1200px) 1024px, (min-width: 1024px) 768px, (min-width: 640px) 768px, 768px\" \/>        <\/div>\n            <div class=\"cell b-sps__cont  small-12 medium-6 small-order-2 medium-order-2 offset\">\n        <div class=\"b-sps__inner-cont  bg--lightgray pdd\">\n          <h3>Vodilni evropski proizvajalec balkonov<\/h3>\n<p>Pri podjetju LEEB Balkone GmbH si \u017ee ve\u010d kot 60 let prizadevamo izpolniti isto zahtevo: maksimalno popolnost od samega na\u010drtovanja do izdelave vsakega posameznega balkona ali ograje. Dosledno uresni\u010devanje te zahteve nas je pripeljalo v sam vrh proizvajalcev balkonov v Evropi. Na\u0161im izku\u0161njam je do danes zaupalo \u017ee ve\u010d kot 100.000 strank v Avstriji, Nem\u010diji, Franciji, Italiji, \u0160vici in Sloveniji, saj so se odlo\u010dile za balkone in ograje LEEB. Do danes smo izdelali za ve\u010d kot 1500 kilometrov balkonov in ograj, kar je enako poti, ki poteka od na\u0161e avstrijske koro\u0161ke lokacije Gnesau do Barcelone. In vsak dan jih izdelamo ve\u010d.<\/p>\n\n        <\/div>\n      <\/div>\n    <\/div>\n  <\/div>\n\n\n<div class=\"b-sps l-mbxl\" id=\"\">\n      <div class=\"grid-x\">\n              <div class=\"cell b-sps__bgimg lazyload bgx-center bgy-center small-12 medium-6 small-order-1 medium-order-2\">\n          \n            <img loading=\"lazy\" decoding=\"async\" width=\"1024\" height=\"767\" src=\"https:\/\/www.leeb-balkone.com\/app\/uploads\/2020\/10\/leeb-balkone-mitarbeiter-21-1024x767.jpg\" class=\"attachment-large size-large\" alt=\"leeb balkone mitarbeiter 21\" srcset=\"https:\/\/www.leeb-balkone.com\/app\/uploads\/2020\/10\/leeb-balkone-mitarbeiter-21-1024x767.jpg 1024w, https:\/\/www.leeb-balkone.com\/app\/uploads\/2020\/10\/leeb-balkone-mitarbeiter-21-300x225.jpg 300w, https:\/\/www.leeb-balkone.com\/app\/uploads\/2020\/10\/leeb-balkone-mitarbeiter-21-768x575.jpg 768w, https:\/\/www.leeb-balkone.com\/app\/uploads\/2020\/10\/leeb-balkone-mitarbeiter-21-1536x1151.jpg 1536w, https:\/\/www.leeb-balkone.com\/app\/uploads\/2020\/10\/leeb-balkone-mitarbeiter-21-2048x1535.jpg 2048w\" sizes=\"auto, (min-width: 1200px) 1024px, (min-width: 1024px) 768px, (min-width: 640px) 768px, 768px\" \/>        <\/div>\n            <div class=\"cell b-sps__cont  small-12 medium-6 small-order-2 medium-order-1 offset\">\n        <div class=\"b-sps__inner-cont  bg--lightgray pdd\">\n          <h3>Balkone LEEB odlikujejo inovacije<\/h3>\n<p>Danes v na\u0161i tovarni v kraju Gnesau na avstrijskem Koro\u0161kem dela ve\u010d kot 180 ljudi, ki so s poglobljenim strokovnim znanjem, ustvarjalnostjo in inovativnimi sposobnostmi ustvarili temelje na\u0161ega uspeha. Uspelo jim je ustvariti edinstven program balkonov in ograj, ki uresni\u010di vse va\u0161e \u017eelje. Dobavljivih je preko 200 razli\u010dnih balkonov LEEB za najrazli\u010dnej\u0161e arhitekturne stile. Poleg tega vsakega izmed na\u0161ih svetovalcev LEEB odlikuje visoka raven strokovnega znanja. Tako boste pri izgradnji balkona za novogradnjo ali prenovo na\u0161li balkon povsem po svoji meri. Upo\u0161tevajte tudi preizku\u0161ene re\u0161itve podjetja Leeb za\u00a0monta\u017ene balkone, torej za naknadno gradnjo balkona.<\/p>\n\n        <\/div>\n      <\/div>\n    <\/div>\n  <\/div>\n\n\n<div class=\"b-sps l-mbxl\" id=\"\">\n      <div class=\"grid-x\">\n              <div class=\"cell b-sps__bgimg lazyload bgx-center bgy-center small-12 medium-6 small-order-1 medium-order-1\">\n          \n            <img loading=\"lazy\" decoding=\"async\" width=\"1024\" height=\"767\" src=\"https:\/\/www.leeb-balkone.com\/app\/uploads\/2020\/08\/leeb-balkone-mitarbeiter-4-1024x767.jpeg\" class=\"attachment-large size-large\" alt=\"leeb balkone mitarbeiter 4\" srcset=\"https:\/\/www.leeb-balkone.com\/app\/uploads\/2020\/08\/leeb-balkone-mitarbeiter-4-1024x767.jpeg 1024w, https:\/\/www.leeb-balkone.com\/app\/uploads\/2020\/08\/leeb-balkone-mitarbeiter-4-300x225.jpeg 300w, https:\/\/www.leeb-balkone.com\/app\/uploads\/2020\/08\/leeb-balkone-mitarbeiter-4-768x575.jpeg 768w, https:\/\/www.leeb-balkone.com\/app\/uploads\/2020\/08\/leeb-balkone-mitarbeiter-4-1536x1151.jpeg 1536w, https:\/\/www.leeb-balkone.com\/app\/uploads\/2020\/08\/leeb-balkone-mitarbeiter-4-2048x1535.jpeg 2048w\" sizes=\"auto, (min-width: 1200px) 1024px, (min-width: 1024px) 768px, (min-width: 640px) 768px, 768px\" \/>        <\/div>\n            <div class=\"cell b-sps__cont  small-12 medium-6 small-order-2 medium-order-2 offset\">\n        <div class=\"b-sps__inner-cont  bg--lightgray pdd\">\n          <h3>Dolgoro\u010dna za\u0161\u010dita in lepota za balkone LEEB<\/h3>\n<p>Podjetje LEEB Balkon se bistveno razlikuje od konkurence predvsem na podro\u010dju trajnosti in obstojnosti svojih izdelkov. Na\u0161i patentirani postopki za tla\u010dno impregnacijo in povr\u0161insko obdelavo, ki smo jih razvili sami, dolgo \u010dasa ohranijo lepoto balkonov LEEB. Globinska impregnacija VACU-PROTECT\u00ae zagotavlja trajno za\u0161\u010dito, stabilnost oblike in dolgo \u017eivljenjsko dobo na\u0161ih\u00a0lesenih balkonov.<\/p>\n\n        <\/div>\n      <\/div>\n    <\/div>\n  <\/div>\n\n\n<div class=\"b-sps l-mbxl\" id=\"\">\n      <div class=\"grid-x\">\n              <div class=\"cell b-sps__bgimg lazyload bgx-center bgy-center small-12 medium-6 small-order-1 medium-order-2\">\n          \n            <img loading=\"lazy\" decoding=\"async\" width=\"1024\" height=\"705\" src=\"https:\/\/www.leeb-balkone.com\/app\/uploads\/2020\/09\/alu-balkongelaender-zufriedene-kunden-1024x705.jpg\" class=\"attachment-large size-large\" alt=\"alu balkongelaender zufriedene kunden\" srcset=\"https:\/\/www.leeb-balkone.com\/app\/uploads\/2020\/09\/alu-balkongelaender-zufriedene-kunden-1024x705.jpg 1024w, https:\/\/www.leeb-balkone.com\/app\/uploads\/2020\/09\/alu-balkongelaender-zufriedene-kunden-300x206.jpg 300w, https:\/\/www.leeb-balkone.com\/app\/uploads\/2020\/09\/alu-balkongelaender-zufriedene-kunden-768x529.jpg 768w, https:\/\/www.leeb-balkone.com\/app\/uploads\/2020\/09\/alu-balkongelaender-zufriedene-kunden-1536x1057.jpg 1536w, https:\/\/www.leeb-balkone.com\/app\/uploads\/2020\/09\/alu-balkongelaender-zufriedene-kunden-2048x1409.jpg 2048w\" sizes=\"auto, (min-width: 1200px) 1024px, (min-width: 1024px) 768px, (min-width: 640px) 768px, 768px\" \/>        <\/div>\n            <div class=\"cell b-sps__cont  small-12 medium-6 small-order-2 medium-order-1 offset\">\n        <div class=\"b-sps__inner-cont  bg--lightgray pdd\">\n          <h3>ALU COMFORT PLUS\u00ae<\/h3>\n<p>Na\u0161i\u00a0aluminijasti balkoni\u00a0in\u00a0aluminijaste ograje\u00a0so prepoznavni po robovih Softline za dolgoobstojen premaz, prikritih vija\u010dnih povezavah in stabilni konstrukciji kotnih okvirjev. Edinstveni premaz ALU COMFORT\u00ae poskrbi, da so balkoni LEEB \u0161e bolj odporni proti praskam, umazanija pa preprosto kar zdrsne z njih.<\/p>\n\n        <\/div>\n      <\/div>\n    <\/div>\n  <\/div>\n<\/div><\/div><\/div><\/div>\n\n\n\n<div class=\"wp-block-cgb-t3-container-block none\" style=\"background-color:none\"><div class=\"grid-container\"><div class=\"grid-x\"><div class=\"cell small-12 medium-10 large-0 medium-offset-1 b-has-pt b-has-lsmb\">\n<figure class=\"wp-block-embed aligncenter is-type-video is-provider-youtube wp-block-embed-youtube wp-embed-aspect-16-9 wp-has-aspect-ratio\"><div class=\"wp-block-embed__wrapper\">\n<iframe loading=\"lazy\" title=\"LEEB Image Film\" width=\"500\" height=\"281\" src=\"https:\/\/www.youtube.com\/embed\/FTrZ_8Jkl9Q?start=29&#038;feature=oembed\" frameborder=\"0\" allow=\"accelerometer; autoplay; clipboard-write; encrypted-media; gyroscope; picture-in-picture; web-share\" referrerpolicy=\"strict-origin-when-cross-origin\" allowfullscreen><\/iframe>\n<\/div><\/figure>\n<\/div><\/div><\/div><\/div>\n\n\n\n<div class=\"wp-block-cgb-t3-container-block none\" style=\"background-color:none\"><div class=\"grid-container\"><div class=\"grid-x\"><div class=\"cell small-12 medium-9 large-0 medium-offset-1 b-has-pt\">\n<h2 class=\"wp-block-heading\">Kakovostni izdelek iz avstrije<\/h2>\n\n\n\n<p>Podjetje LEEB kot edino evropsko podjetje za izdelavo balonov izpolnjuje strog standard kakovosti ISO 9001, od leta 2010 pa je tudi nosilec pe\u010data \u00bbAustrias Leading Company\u00ab. Na\u0161i balkoni in ograje so vsako leto odlikovani tudi s certifikatom T\u00dcV. Za uspeh je odgovornih pribli\u017eno 150 zaposlenih na na\u0161i avstrijskokoro\u0161ki lokaciji Gnesau. Profesionalnost in inovacije so klju\u010dnega pomena pri proizvodnji kakovostnih izdelkov. To lahko potrdi ve\u010d kot 100.000 zadovoljnih strank po vsej Evropi.<\/p>\n<\/div><\/div><\/div><\/div>\n<\/section>\n\n\n\n<section class=\"wp-block-cgb-t3-section-block alignfull b-pt-none\" style=\"display:inherit;background-color:#F5F5F5;min-height:inherit\">\n<div class=\"wp-block-cgb-t3-container-block b-has-offset-h\" style=\"background-color:none\"><div class=\"grid-container\"><div class=\"grid-x\"><div class=\"cell small-12 medium-6 large-0 medium-offset-1\">\n<h2 class=\"wp-block-heading\"><strong><strong>Vodilni v Evropi<\/strong><\/strong><\/h2>\n<\/div><\/div><\/div><\/div>\n\n\n\n<div class=\"wp-block-cgb-t3-container-block none\" style=\"background-color:none\"><div class=\"grid-container\"><div class=\"grid-x\"><div class=\"cell small-12 medium-9 large-0 medium-offset-1 b-has-pt\">\n<p>Kot vodilnemu podjetju na evropskem trgu nam je \u0161e posebej pomembno, da se od na\u010drtovanja do izdelave vsakega posameznega balkona uporabi maksimalna popolnost. Ve\u010d kot 100.000 zadovoljnih strank v Avstriji, Nem\u010diji, Franciji, Italiji, \u0160vici in Sloveniji zaupa kakovosti LEEB. Kreativne re\u0161itve, inovacije in poglobljeno znanje vsak dan prispevajo k na\u0161emu nadaljnjemu uspehu.<\/p>\n<\/div><\/div><\/div><\/div>\n\n\n<\/section>\n\n\n\n<section class=\"wp-block-cgb-t3-section-block alignfull b-pt-none  is-style-bg-transparent\" style=\"display:inherit;min-height:inherit\">\n<div class=\"wp-block-cgb-t3-container-block b-has-offset-b\" style=\"background-color:#EE7203\"><div class=\"has-padding none grid-container-wrapper\"><div class=\"grid-container\"><div class=\"grid-x\"><div class=\"cell small-12 medium-9 large-0 medium-offset-1 b-has-lsmb\">\n<h2 class=\"has-white-color has-text-color wp-block-heading\"><span class=\"h2ash1\">Balkon, ograja in ostalo<\/span><\/h2>\n\n\n\n<p class=\"has-white-color has-text-color\"><span class=\"teaser\">Ve\u010d kot 100.000 zadovoljnih strank zaupa vodilnemu proizvajalcu balkonskih ograj v evropi, preko 50.000 teko\u010dih metrov ograj enostavnih za vdr\u017eevanje iz lesa, aluminija, stekla in nerjave\u010dega jekla zapusti vsako leto tovarno v Gnesau-u in najde svoje mesto na balkonih v Avstriji, Nem\u010diji, Italiji, Franciji ali \u0160vici.&nbsp;<\/span><\/p>\n<\/div><\/div><\/div><\/div><\/div>\n\n\n\n<div class=\"wp-block-cgb-t3-container-block none\" style=\"background-color:none\"><div class=\"grid-container\"><div class=\"grid-x\"><div class=\"cell small-12 medium-12 large-0\"><div class=\"u-grid-temp has-2-cols u-md-2 u-sm-1 is-style-transparent-cards offset wp-block-group is-layout-grid wp-block-group-is-layout-grid\">\n\n\n  \n\n            <div class=\"wp-block-group m-card is-layout-flow wp-block-group-is-layout-flow\">\n      <figure data-imgid=\"44234\" class=\"wp-block-image size-large\">\n      <a href=\"https:\/\/www.leeb-balkone.com\/sl\/podjetje\/priporocila-kupcev\/\" class=\"no-default-link\">\n        <img decoding=\"async\" width=\"768\" height=\"511\" src=\"https:\/\/www.leeb-balkone.com\/app\/uploads\/2020\/07\/balkongelaender-alu-design-genf-20-1-768x511.jpg\" class=\"attachment-medium_large size-medium_large\" alt=\"balkongelaender alu design genf 20 1\" title=\"Reference strank\" loading=\"lazy\" srcset=\"https:\/\/www.leeb-balkone.com\/app\/uploads\/2020\/07\/balkongelaender-alu-design-genf-20-1-768x511.jpg 768w, https:\/\/www.leeb-balkone.com\/app\/uploads\/2020\/07\/balkongelaender-alu-design-genf-20-1-300x200.jpg 300w, https:\/\/www.leeb-balkone.com\/app\/uploads\/2020\/07\/balkongelaender-alu-design-genf-20-1-1024x681.jpg 1024w, https:\/\/www.leeb-balkone.com\/app\/uploads\/2020\/07\/balkongelaender-alu-design-genf-20-1-1536x1022.jpg 1536w, https:\/\/www.leeb-balkone.com\/app\/uploads\/2020\/07\/balkongelaender-alu-design-genf-20-1-2048x1363.jpg 2048w\" sizes=\"auto, (min-width: 1200px) 360px, (min-width: 1024px) 300px, (min-width: 640px) 768px, 768px\" \/>      <\/a>\n    <\/figure>\n  \n  <div class=\"wp-block-group m-card-content is-vertical is-layout-flex wp-block-group-is-layout-flex\">\n            <h3 class=\"wp-block-heading\">\n          <a href=\"https:\/\/www.leeb-balkone.com\/sl\/podjetje\/priporocila-kupcev\/\" class=\"no-default-link\">Reference strank<\/a>\n        <\/h3>\n        <p>Z ve\u010d kot 60 leti izku\u0161enj in ve\u010d kot 100.000 strankami v Avstriji, Nem\u010diji, Italiji, Franciji in \u0160vici smo postali vodilni specialist za balkone in ograje.  <\/p>\n          <a href=\"https:\/\/www.leeb-balkone.com\/sl\/podjetje\/priporocila-kupcev\/\" class=\"more\">ve\u010d informacij<\/a>\n      <\/div>\n<\/div>\n\n          <div class=\"wp-block-group m-card is-layout-flow wp-block-group-is-layout-flow\">\n      <figure data-imgid=\"44739\" class=\"wp-block-image size-large\">\n      <a href=\"https:\/\/www.leeb-balkone.com\/sl\/distribucijski-partnerji\/\" class=\"no-default-link\">\n        <img decoding=\"async\" width=\"768\" height=\"575\" src=\"https:\/\/www.leeb-balkone.com\/app\/uploads\/2020\/12\/firma-leeb-balkone-zentrale-gnesau-768x575.jpg\" class=\"attachment-medium_large size-medium_large\" alt=\"Sede\u017e podjetja Leeb Balkone GmbH v Gnesau\" title=\"Lokacije Leeb\" loading=\"lazy\" srcset=\"https:\/\/www.leeb-balkone.com\/app\/uploads\/2020\/12\/firma-leeb-balkone-zentrale-gnesau-768x575.jpg 768w, https:\/\/www.leeb-balkone.com\/app\/uploads\/2020\/12\/firma-leeb-balkone-zentrale-gnesau-300x225.jpg 300w, https:\/\/www.leeb-balkone.com\/app\/uploads\/2020\/12\/firma-leeb-balkone-zentrale-gnesau-1024x767.jpg 1024w, https:\/\/www.leeb-balkone.com\/app\/uploads\/2020\/12\/firma-leeb-balkone-zentrale-gnesau-1536x1151.jpg 1536w, https:\/\/www.leeb-balkone.com\/app\/uploads\/2020\/12\/firma-leeb-balkone-zentrale-gnesau-2048x1535.jpg 2048w\" sizes=\"auto, (min-width: 1200px) 360px, (min-width: 1024px) 300px, (min-width: 640px) 768px, 768px\" \/>      <\/a>\n    <\/figure>\n  \n  <div class=\"wp-block-group m-card-content is-vertical is-layout-flex wp-block-group-is-layout-flex\">\n            <h3 class=\"wp-block-heading\">\n          <a href=\"https:\/\/www.leeb-balkone.com\/sl\/distribucijski-partnerji\/\" class=\"no-default-link\">Lokacije Leeb<\/a>\n        <\/h3>\n        <p>Na\u0161a prodajna mre\u017ea obsega pribli\u017eno 100 partnerjev Leeb v Avstriji, Nem\u010diji, Italiji, \u0160vici, na Slova\u0161kem in v Sloveniji. V va\u0161i bli\u017eini je vedno na voljo partner Leeb! <\/p>\n          <a href=\"https:\/\/www.leeb-balkone.com\/sl\/distribucijski-partnerji\/\" class=\"more\">Poi\u0161\u010dite prodajnega partnerja<\/a>\n      <\/div>\n<\/div>\n\n          <div class=\"wp-block-group m-card is-layout-flow wp-block-group-is-layout-flow\">\n      <figure data-imgid=\"134743\" class=\"wp-block-image size-large\">\n      <a href=\"https:\/\/www.leeb-balkone.com\/sl\/podjetje\/certificirana-kakovost\/\" class=\"no-default-link\">\n        <img decoding=\"async\" width=\"768\" height=\"576\" src=\"https:\/\/www.leeb-balkone.com\/app\/uploads\/2024\/01\/Austria-Guetezeichen-768x576.jpg\" class=\"attachment-medium_large size-medium_large\" alt=\"Austria Guetezeichen\" title=\"Potrjena kakovost\" loading=\"lazy\" srcset=\"https:\/\/www.leeb-balkone.com\/app\/uploads\/2024\/01\/Austria-Guetezeichen-768x576.jpg 768w, https:\/\/www.leeb-balkone.com\/app\/uploads\/2024\/01\/Austria-Guetezeichen-300x225.jpg 300w, https:\/\/www.leeb-balkone.com\/app\/uploads\/2024\/01\/Austria-Guetezeichen-1024x767.jpg 1024w, https:\/\/www.leeb-balkone.com\/app\/uploads\/2024\/01\/Austria-Guetezeichen-1536x1151.jpg 1536w, https:\/\/www.leeb-balkone.com\/app\/uploads\/2024\/01\/Austria-Guetezeichen.jpg 2000w\" sizes=\"auto, (min-width: 1200px) 360px, (min-width: 1024px) 300px, (min-width: 640px) 768px, 768px\" \/>      <\/a>\n    <\/figure>\n  \n  <div class=\"wp-block-group m-card-content is-vertical is-layout-flex wp-block-group-is-layout-flex\">\n            <h3 class=\"wp-block-heading\">\n          <a href=\"https:\/\/www.leeb-balkone.com\/sl\/podjetje\/certificirana-kakovost\/\" class=\"no-default-link\">Potrjena kakovost<\/a>\n        <\/h3>\n        <p>Za kakovost podjetja Leeb je zna\u010dilen stalen nadaljnji razvoj na\u0161ih delovnih procesov in izdelkov. Prepri\u010dajte se sami &#8211; z nami vlagate v varno prihodnost! <\/p>\n          <a href=\"https:\/\/www.leeb-balkone.com\/sl\/podjetje\/certificirana-kakovost\/\" class=\"more\">ve\u010d informacij<\/a>\n      <\/div>\n<\/div>\n\n          <div class=\"wp-block-group m-card is-layout-flow wp-block-group-is-layout-flow\">\n      <figure data-imgid=\"15875\" class=\"wp-block-image size-large\">\n      <a href=\"https:\/\/www.leeb-balkone.com\/sl\/storitev\/dostava-in-montaza\/\" class=\"no-default-link\">\n        <img decoding=\"async\" width=\"768\" height=\"575\" src=\"https:\/\/www.leeb-balkone.com\/app\/uploads\/2020\/08\/mitarbeiter-montage-bei-leeb-balkone-768x575.jpeg\" class=\"attachment-medium_large size-medium_large\" alt=\"mitarbeiter montage bei leeb balkone\" title=\"Z nami ste na varni strani\" loading=\"lazy\" srcset=\"https:\/\/www.leeb-balkone.com\/app\/uploads\/2020\/08\/mitarbeiter-montage-bei-leeb-balkone-768x575.jpeg 768w, https:\/\/www.leeb-balkone.com\/app\/uploads\/2020\/08\/mitarbeiter-montage-bei-leeb-balkone-300x225.jpeg 300w, https:\/\/www.leeb-balkone.com\/app\/uploads\/2020\/08\/mitarbeiter-montage-bei-leeb-balkone-1024x767.jpeg 1024w, https:\/\/www.leeb-balkone.com\/app\/uploads\/2020\/08\/mitarbeiter-montage-bei-leeb-balkone-1536x1151.jpeg 1536w, https:\/\/www.leeb-balkone.com\/app\/uploads\/2020\/08\/mitarbeiter-montage-bei-leeb-balkone-2048x1534.jpeg 2048w\" sizes=\"auto, (min-width: 1200px) 360px, (min-width: 1024px) 300px, (min-width: 640px) 768px, 768px\" \/>      <\/a>\n    <\/figure>\n  \n  <div class=\"wp-block-group m-card-content is-vertical is-layout-flex wp-block-group-is-layout-flex\">\n            <h3 class=\"wp-block-heading\">\n          <a href=\"https:\/\/www.leeb-balkone.com\/sl\/storitev\/dostava-in-montaza\/\" class=\"no-default-link\">Z nami ste na varni strani<\/a>\n        <\/h3>\n        <p>Kar se natan\u010dno za\u010dne, se tudi natan\u010dno kon\u010da. Na\u0161e balkone in ograje, ki so sve\u017ee iz tovarne, strokovno dostavijo posebni tovornjaki, namestijo pa jih strokovnjaki. Hitro, enostavno in brez hrupa.  <\/p>\n          <a href=\"https:\/\/www.leeb-balkone.com\/sl\/storitev\/dostava-in-montaza\/\" class=\"more\">ve\u010d informacij<\/a>\n      <\/div>\n<\/div>\n\n      \n<\/div>\n<\/div><\/div><\/div><\/div>\n<\/section>\n\n\n\n<section class=\"wp-block-cgb-t3-section-block alignfull b-pt-none\" style=\"display:inherit;background-color:#F5F5F5;min-height:inherit\">\n<div class=\"wp-block-cgb-t3-container-block b-has-offset-h\" style=\"background-color:none\"><div class=\"grid-container\"><div class=\"grid-x\"><div class=\"cell small-12 medium-6 large-0 medium-offset-1\">\n<h2 class=\"wp-block-heading\"><strong>Z veseljem vam svetujemo!<\/strong><\/h2>\n<\/div><\/div><\/div><\/div>\n\n\n\n<div class=\"wp-block-cgb-t3-container-block none b-has-pt\" style=\"background-color:none\"><div class=\"grid-container\"><div class=\"o-grid u-sm-1 u-md-1\"><div class=\"u-g-7 u-g-s-2\"><p class=\"p1\"><strong>Pokli\u010dite nas ali nam pi\u0161ite &#8211; z veseljem vam bomo svetovali.<\/strong><\/p>\n<form action=\"https:\/\/www.leeb-balkone.com\/sl\/wp-json\/ws-form\/v1\/submit\" class=\"wsf-form wsf-form-canvas\" id=\"ws-form-1\" data-id=\"11\" data-instance-id=\"1\" method=\"POST\"><\/form>\n<\/div>\n    <div class=\"u-g-3 u-g-s-9\"><div class=\"t3-sidebar-buttons wp-block-buttons is-layout-flex wp-block-buttons-is-layout-flex\"><div class=\"wp-block-button is-style-fill icon-book icon-left\">\n                        <a class=\"wp-block-button__link has-secondary-color has-white-background-color has-text-color has-background has-link-color wp-element-button\" href=\"https:\/\/www.leeb-balkone.com\/sl\/kontakt\/zahtevajte-katalog\/\" style=\"box-shadow:var(--wp--preset--shadow--box-shadow)\">Zahtevajte katalog<\/a>\n                    <\/div><div class=\"wp-block-button is-style-fill icon-vp icon-left\">\n                        <a class=\"wp-block-button__link has-secondary-color has-white-background-color has-text-color has-background has-link-color wp-element-button\" href=\"https:\/\/www.leeb-balkone.com\/sl\/distribucijski-partnerji\/\">Poslovni partner <span class=\"sr-only\">Distribucijski partner Leeb Balkone Slovenija<\/span><\/a>\n                    <\/div><\/div>\n<\/div><\/div><\/div><\/div>\n<\/section>\n","protected":false},"excerpt":{"rendered":"","protected":false},"author":1,"featured_media":0,"parent":0,"menu_order":173,"comment_status":"closed","ping_status":"closed","template":"template-onepager.blade.php","meta":{"_acf_changed":false,"footnotes":"","_sage_theme_css":true,"_wp_block_core_css":false},"folder":[],"class_list":["post-17331","page","type-page","status-publish","hentry"],"acf":[],"yoast_head":"<!-- This site is optimized with the Yoast SEO plugin v27.2 - https:\/\/yoast.com\/product\/yoast-seo-wordpress\/ -->\n<title>Podjete - Leeb Balkone Slovenija<\/title>\n<meta name=\"description\" content=\"Kot vodilnemu podjetju na evropskem trgu nam je \u0161e posebej pomembno, da se od na\u010drtovanja do izdelave vsakega posameznega balkona uporabi maksimalna\" \/>\n<meta name=\"robots\" content=\"index, follow, max-snippet:-1, max-image-preview:large, max-video-preview:-1\" \/>\n<meta property=\"og:locale\" content=\"sl_SI\" \/>\n<meta property=\"og:type\" content=\"article\" \/>\n<meta property=\"og:title\" content=\"Podjete - Leeb Balkone\" \/>\n<meta property=\"og:description\" content=\"Kot vodilnemu podjetju na evropskem trgu nam je \u0161e posebej pomembno, da se od na\u010drtovanja do izdelave vsakega posameznega balkona uporabi maksimalna\" \/>\n<meta property=\"og:url\" content=\"https:\/\/www.leeb-balkone.com\/sl\/podjetje\/\" \/>\n<meta property=\"og:site_name\" content=\"Leeb Balkone\" \/>\n<meta property=\"article:publisher\" content=\"https:\/\/www.facebook.com\/balkone\/\" \/>\n<meta property=\"article:modified_time\" content=\"2026-01-13T13:18:56+00:00\" \/>\n<meta property=\"og:image\" content=\"https:\/\/www.leeb-balkone.com\/app\/uploads\/2020\/09\/alu-balkongelaender-zufriedene-kunden-1.jpg\" \/>\n\t<meta property=\"og:image:width\" content=\"2560\" \/>\n\t<meta property=\"og:image:height\" content=\"1762\" \/>\n\t<meta property=\"og:image:type\" content=\"image\/jpeg\" \/>\n<meta name=\"twitter:card\" content=\"summary_large_image\" \/>\n<script type=\"application\/ld+json\" class=\"yoast-schema-graph\">{\"@context\":\"https:\/\/schema.org\",\"@graph\":[{\"@type\":\"WebPage\",\"@id\":\"https:\/\/www.leeb-balkone.com\/sl\/podjetje\/\",\"url\":\"https:\/\/www.leeb-balkone.com\/sl\/podjetje\/\",\"name\":\"Podjete - Leeb Balkone\",\"isPartOf\":{\"@id\":\"https:\/\/www.leeb-balkone.com\/sl\/#website\"},\"datePublished\":\"2020-09-08T11:06:44+00:00\",\"dateModified\":\"2026-01-13T13:18:56+00:00\",\"description\":\"Kot vodilnemu podjetju na evropskem trgu nam je \u0161e posebej pomembno, da se od na\u010drtovanja do izdelave vsakega posameznega balkona uporabi maksimalna\",\"breadcrumb\":{\"@id\":\"https:\/\/www.leeb-balkone.com\/sl\/podjetje\/#breadcrumb\"},\"inLanguage\":\"sl-SI\",\"potentialAction\":[{\"@type\":\"ReadAction\",\"target\":[\"https:\/\/www.leeb-balkone.com\/sl\/podjetje\/\"]}]},{\"@type\":\"BreadcrumbList\",\"@id\":\"https:\/\/www.leeb-balkone.com\/sl\/podjetje\/#breadcrumb\",\"itemListElement\":[{\"@type\":\"ListItem\",\"position\":1,\"name\":\"Home\",\"item\":\"https:\/\/www.leeb-balkone.com\/sl\/\"},{\"@type\":\"ListItem\",\"position\":2,\"name\":\"Podjete\"}]},{\"@type\":\"WebSite\",\"@id\":\"https:\/\/www.leeb-balkone.com\/sl\/#website\",\"url\":\"https:\/\/www.leeb-balkone.com\/sl\/\",\"name\":\"Leeb Balkone\",\"description\":\"Balkone und Z\u00e4une\",\"publisher\":{\"@id\":\"https:\/\/www.leeb-balkone.com\/sl\/#organization\"},\"potentialAction\":[{\"@type\":\"SearchAction\",\"target\":{\"@type\":\"EntryPoint\",\"urlTemplate\":\"https:\/\/www.leeb-balkone.com\/sl\/?s={search_term_string}\"},\"query-input\":{\"@type\":\"PropertyValueSpecification\",\"valueRequired\":true,\"valueName\":\"search_term_string\"}}],\"inLanguage\":\"sl-SI\"},{\"@type\":\"Organization\",\"@id\":\"https:\/\/www.leeb-balkone.com\/sl\/#organization\",\"name\":\"Leeb Balkone Gmbh\",\"url\":\"https:\/\/www.leeb-balkone.com\/sl\/\",\"logo\":{\"@type\":\"ImageObject\",\"inLanguage\":\"sl-SI\",\"@id\":\"https:\/\/www.leeb-balkone.com\/sl\/#\/schema\/logo\/image\/\",\"url\":\"https:\/\/www.leeb-balkone.com\/app\/uploads\/2020\/11\/leeb-logo.svg\",\"contentUrl\":\"https:\/\/www.leeb-balkone.com\/app\/uploads\/2020\/11\/leeb-logo.svg\",\"width\":741,\"height\":204,\"caption\":\"Leeb Balkone Gmbh\"},\"image\":{\"@id\":\"https:\/\/www.leeb-balkone.com\/sl\/#\/schema\/logo\/image\/\"},\"sameAs\":[\"https:\/\/www.facebook.com\/balkone\/\",\"https:\/\/www.trustedshops.at\/bewertung\/info_X4587CCF5833E31AFE0B11F47D86999F2.html\",\"https:\/\/www.trustedshops.de\/bewertung\/info_X7BA536A7A0BDC86D36C4718E4DCAEEEF.html\",\"https:\/\/www.google.com\/maps\/place\/?q=place_id:ChIJ5-zH19-IcEcR9HonWRTllHI\"]}]}<\/script>\n<!-- \/ Yoast SEO plugin. -->","yoast_head_json":{"title":"Podjete - Leeb Balkone Slovenija","description":"Kot vodilnemu podjetju na evropskem trgu nam je \u0161e posebej pomembno, da se od na\u010drtovanja do izdelave vsakega posameznega balkona uporabi maksimalna","robots":{"index":"index","follow":"follow","max-snippet":"max-snippet:-1","max-image-preview":"max-image-preview:large","max-video-preview":"max-video-preview:-1"},"og_locale":"sl_SI","og_type":"article","og_title":"Podjete - Leeb Balkone","og_description":"Kot vodilnemu podjetju na evropskem trgu nam je \u0161e posebej pomembno, da se od na\u010drtovanja do izdelave vsakega posameznega balkona uporabi maksimalna","og_url":"https:\/\/www.leeb-balkone.com\/sl\/podjetje\/","og_site_name":"Leeb Balkone","article_publisher":"https:\/\/www.facebook.com\/balkone\/","article_modified_time":"2026-01-13T13:18:56+00:00","og_image":[{"width":2560,"height":1762,"url":"https:\/\/www.leeb-balkone.com\/app\/uploads\/2020\/09\/alu-balkongelaender-zufriedene-kunden-1.jpg","type":"image\/jpeg"}],"twitter_card":"summary_large_image","schema":{"@context":"https:\/\/schema.org","@graph":[{"@type":"WebPage","@id":"https:\/\/www.leeb-balkone.com\/sl\/podjetje\/","url":"https:\/\/www.leeb-balkone.com\/sl\/podjetje\/","name":"Podjete - Leeb Balkone","isPartOf":{"@id":"https:\/\/www.leeb-balkone.com\/sl\/#website"},"datePublished":"2020-09-08T11:06:44+00:00","dateModified":"2026-01-13T13:18:56+00:00","description":"Kot vodilnemu podjetju na evropskem trgu nam je \u0161e posebej pomembno, da se od na\u010drtovanja do izdelave vsakega posameznega balkona uporabi maksimalna","breadcrumb":{"@id":"https:\/\/www.leeb-balkone.com\/sl\/podjetje\/#breadcrumb"},"inLanguage":"sl-SI","potentialAction":[{"@type":"ReadAction","target":["https:\/\/www.leeb-balkone.com\/sl\/podjetje\/"]}]},{"@type":"BreadcrumbList","@id":"https:\/\/www.leeb-balkone.com\/sl\/podjetje\/#breadcrumb","itemListElement":[{"@type":"ListItem","position":1,"name":"Home","item":"https:\/\/www.leeb-balkone.com\/sl\/"},{"@type":"ListItem","position":2,"name":"Podjete"}]},{"@type":"WebSite","@id":"https:\/\/www.leeb-balkone.com\/sl\/#website","url":"https:\/\/www.leeb-balkone.com\/sl\/","name":"Leeb Balkone","description":"Balkone und Z\u00e4une","publisher":{"@id":"https:\/\/www.leeb-balkone.com\/sl\/#organization"},"potentialAction":[{"@type":"SearchAction","target":{"@type":"EntryPoint","urlTemplate":"https:\/\/www.leeb-balkone.com\/sl\/?s={search_term_string}"},"query-input":{"@type":"PropertyValueSpecification","valueRequired":true,"valueName":"search_term_string"}}],"inLanguage":"sl-SI"},{"@type":"Organization","@id":"https:\/\/www.leeb-balkone.com\/sl\/#organization","name":"Leeb Balkone Gmbh","url":"https:\/\/www.leeb-balkone.com\/sl\/","logo":{"@type":"ImageObject","inLanguage":"sl-SI","@id":"https:\/\/www.leeb-balkone.com\/sl\/#\/schema\/logo\/image\/","url":"https:\/\/www.leeb-balkone.com\/app\/uploads\/2020\/11\/leeb-logo.svg","contentUrl":"https:\/\/www.leeb-balkone.com\/app\/uploads\/2020\/11\/leeb-logo.svg","width":741,"height":204,"caption":"Leeb Balkone Gmbh"},"image":{"@id":"https:\/\/www.leeb-balkone.com\/sl\/#\/schema\/logo\/image\/"},"sameAs":["https:\/\/www.facebook.com\/balkone\/","https:\/\/www.trustedshops.at\/bewertung\/info_X4587CCF5833E31AFE0B11F47D86999F2.html","https:\/\/www.trustedshops.de\/bewertung\/info_X7BA536A7A0BDC86D36C4718E4DCAEEEF.html","https:\/\/www.google.com\/maps\/place\/?q=place_id:ChIJ5-zH19-IcEcR9HonWRTllHI"]}]}},"_links":{"self":[{"href":"https:\/\/www.leeb-balkone.com\/sl\/wp-json\/wp\/v2\/pages\/17331","targetHints":{"allow":["GET"]}}],"collection":[{"href":"https:\/\/www.leeb-balkone.com\/sl\/wp-json\/wp\/v2\/pages"}],"about":[{"href":"https:\/\/www.leeb-balkone.com\/sl\/wp-json\/wp\/v2\/types\/page"}],"author":[{"embeddable":true,"href":"https:\/\/www.leeb-balkone.com\/sl\/wp-json\/wp\/v2\/users\/1"}],"replies":[{"embeddable":true,"href":"https:\/\/www.leeb-balkone.com\/sl\/wp-json\/wp\/v2\/comments?post=17331"}],"version-history":[{"count":0,"href":"https:\/\/www.leeb-balkone.com\/sl\/wp-json\/wp\/v2\/pages\/17331\/revisions"}],"wp:attachment":[{"href":"https:\/\/www.leeb-balkone.com\/sl\/wp-json\/wp\/v2\/media?parent=17331"}],"wp:term":[{"taxonomy":"folder","embeddable":true,"href":"https:\/\/www.leeb-balkone.com\/sl\/wp-json\/wp\/v2\/folder?post=17331"}],"curies":[{"name":"wp","href":"https:\/\/api.w.org\/{rel}","templated":true}]}}