{"id":167869,"date":"2026-03-26T13:08:17","date_gmt":"2026-03-26T13:08:17","guid":{"rendered":"https:\/\/www.leeb-balkone.com\/120-jahre-leeb\/"},"modified":"2026-04-16T13:50:42","modified_gmt":"2026-04-16T13:50:42","slug":"120-jahre-leeb","status":"publish","type":"page","link":"https:\/\/www.leeb-balkone.com\/sl\/120-jahre-leeb\/","title":{"rendered":"120 let podjetja Leeb"},"content":{"rendered":"\n<div class=\"wp-block-group alignfull events-wrapper has-primary-dark-background-color has-background has-global-padding is-layout-constrained wp-container-core-group-is-layout-3f4772be wp-block-group-is-layout-constrained\" style=\"padding-top:0;padding-right:0;padding-bottom:0;padding-left:0\">\n<div class=\"wp-block-cover alignfull has-custom-content-position is-position-bottom-center\" style=\"padding-top:var(--wp--preset--spacing--xl-2-xl);padding-bottom:var(--wp--preset--spacing--xl-3-xl);min-height:65vh;aspect-ratio:unset;\"><img loading=\"lazy\" decoding=\"async\" width=\"1024\" height=\"682\" class=\"wp-block-cover__image-background wp-image-10069 size-large\" alt=\"Leeb Firmengel\u00e4nde - Zentrale in Gnesau\" src=\"https:\/\/www.leeb-balkone.com\/app\/uploads\/2020\/11\/leeb-balkone-firmengelaende-herbst-1024x682.jpg\" data-object-fit=\"cover\" srcset=\"https:\/\/www.leeb-balkone.com\/app\/uploads\/2020\/11\/leeb-balkone-firmengelaende-herbst-1024x682.jpg 1024w, https:\/\/www.leeb-balkone.com\/app\/uploads\/2020\/11\/leeb-balkone-firmengelaende-herbst-300x200.jpg 300w, https:\/\/www.leeb-balkone.com\/app\/uploads\/2020\/11\/leeb-balkone-firmengelaende-herbst-768x512.jpg 768w, https:\/\/www.leeb-balkone.com\/app\/uploads\/2020\/11\/leeb-balkone-firmengelaende-herbst-1536x1024.jpg 1536w, https:\/\/www.leeb-balkone.com\/app\/uploads\/2020\/11\/leeb-balkone-firmengelaende-herbst-2048x1365.jpg 2048w\" sizes=\"auto, (max-width: 1024px) 100vw, 1024px\" \/><span aria-hidden=\"true\" class=\"wp-block-cover__background has-background-dim-100 has-background-dim wp-block-cover__gradient-background has-background-gradient\" style=\"background:linear-gradient(0deg,rgba(0,0,0,0.49) 55%,rgba(0,0,0,0) 100%)\"><\/span><div class=\"wp-block-cover__inner-container has-global-padding is-layout-constrained wp-container-core-cover-is-layout-5c5fde13 wp-block-cover-is-layout-constrained\">\n<div class=\"wp-block-columns is-layout-flex wp-container-core-columns-is-layout-28f84493 wp-block-columns-is-layout-flex\">\n<div class=\"wp-block-column is-vertically-aligned-bottom is-layout-flow wp-block-column-is-layout-flow\" style=\"flex-basis:66.67%\">\n<h1 class=\"wp-block-heading is-style-bold has-step-7-font-size\" style=\"line-height:1.05\">120 let podjetja Leeb<\/h1>\n\n\n\n<p class=\"has-step-2-font-size\">Spoznajte <strong>120 let strasti do<\/strong> kakovosti in odkrijte zgodovino vodilnega evropskega proizvajalca balkonov in ograj.<\/p>\n<\/div>\n\n\n\n<div class=\"wp-block-column is-vertically-aligned-bottom is-layout-flow wp-block-column-is-layout-flow\" style=\"flex-basis:33.33%\"><\/div>\n<\/div>\n\n\n\n<div class=\"wp-block-buttons is-layout-flex wp-block-buttons-is-layout-flex\" style=\"margin-top:var(--wp--preset--spacing--l)\">\n<div class=\"wp-block-button is-style-outline-white smooth-scroll\"><a class=\"wp-block-button__link wp-element-button\" href=\"#geschichte\">Na\u0161a zgodovina<\/a><\/div>\n<\/div>\n<\/div><\/div>\n<\/div>\n\n<section class=\"wp-block-group alignfull has-white-background-color has-background has-global-padding is-layout-constrained wp-container-core-group-is-layout-f9627980 wp-block-group-is-layout-constrained\" id=\"geschichte\" style=\"padding-top:var(--wp--preset--spacing--l-xl);padding-bottom:var(--wp--preset--spacing--xl-2-xl)\">\n<div class=\"wp-block-group m-teaser o-grid u-md-1 is-layout-flow wp-block-group-is-layout-flow\">\n<div class=\"wp-block-group u-g-9 u-g-s-2 is-layout-flow wp-block-group-is-layout-flow\" style=\"margin-bottom:var(--wp--preset--spacing--s)\"><div class=\"yoast-breadcrumbs\"><span><span><a href=\"https:\/\/www.leeb-balkone.com\/sl\/\">Home<\/a><\/span> \/ <span class=\"breadcrumb_last\" aria-current=\"page\">120 let podjetja Leeb<\/span><\/span><\/div>\n\n\n<h2 class=\"wp-block-heading has-text-align-left\">Od \u017eage do vodilnega podjetja na trgu<\/h2>\n\n\n\n<p class=\"has-text-align-left\">Pridru\u017eite se nam na potovanju skozi 120 let pionirskega duha, izdelave in dru\u017einske tradicije. Leeb povezuje generacije in daje domu edinstven zna\u010daj in slog. Skozi desetletja je Leeb ohranil vrednote, ki jih ni mogo\u010de kopirati: na\u0161e selektivne distribucijske kanale, ljubezen do podrobnosti izdelka, brezkompromisni proizvodni proces &#8211; in predvsem ljudi, ki stojijo za njim. Dolgoletni prodajni partnerji, izku\u0161ene monta\u017ene ekipe in zaposleni, ki so s podjetjem pogosto povezani \u017ee vrsto let &#8211; v nekaterih primerih celo generacije &#8211; so temelj na\u0161e kakovosti.   <\/p>\n<\/div>\n<\/div>\n\n\n\n<div class=\"wp-block-group is-style-transparent-cards is-layout-grid wp-container-core-group-is-layout-6c3381f9 wp-block-group-is-layout-grid\" style=\"margin-bottom:var(--wp--preset--spacing--xl)\">\n<div class=\"wp-block-group m-card icon is-layout-flow wp-block-group-is-layout-flow\">\n<div class=\"wp-block-group m-card-icon has-global-padding is-content-justification-left is-layout-constrained wp-container-core-group-is-layout-12dd3699 wp-block-group-is-layout-constrained\">\n<div class=\"wp-block-t3-svg-icon has-custom-styles\" style=\"width:44px;height:44px\"><!-- Generated by IcoMoon.io -->\n<svg xmlns=\"https:\/\/www.w3.org\/2000\/svg\" version=\"1.1\" width=\"32\" height=\"32\" viewbox=\"0 0 32 32\" style=\"width:100%;height:100%;preserveAspectRatio:xMidYMid meet;\" fill=\"#EE7203\"><title>Naslov ikone<\/title>\n<path d=\"M9.098 12.583c0.51-0.511 1.338-0.511 1.849 0l4.304 4.304 13.019-13.019c0.51-0.51 1.338-0.51 1.849 0s0.51 1.338 0 1.849l-13.943 13.943c-0.51 0.51-1.338 0.51-1.849 0l-5.229-5.229c-0.511-0.511-0.511-1.338 0-1.849z\"><\/path>\n<path d=\"M15.251 2.614c-6.979 0-12.636 5.657-12.636 12.636s5.657 12.636 12.636 12.636c6.979 0 12.636-5.657 12.636-12.636 0-0.722 0.585-1.307 1.307-1.307s1.307 0.585 1.307 1.307c0 8.423-6.828 15.25-15.251 15.25s-15.251-6.828-15.251-15.25 6.828-15.251 15.251-15.251c1.803 0 3.536 0.314 5.146 0.89 0.68 0.244 1.033 0.992 0.79 1.672s-0.992 1.033-1.671 0.789c-1.33-0.477-2.765-0.737-4.264-0.737z\"><\/path>\n<\/svg>\n<\/div>\n<\/div>\n\n\n\n<div class=\"wp-block-group m-card-content is-vertical is-layout-flex wp-container-core-group-is-layout-fe9cc265 wp-block-group-is-layout-flex\">\n<h3 class=\"wp-block-heading\">Ustanovitelji z vizijo<\/h3>\n\n\n\n<p>Pred 120 leti je Ulrich Leeb z majhno \u017eago v Gnesauu postavil temelje evropske zgodbe o uspehu.<\/p>\n<\/div>\n<\/div>\n\n\n\n<div class=\"wp-block-group m-card icon is-layout-flow wp-block-group-is-layout-flow\">\n<div class=\"wp-block-group m-card-icon has-global-padding is-content-justification-left is-layout-constrained wp-container-core-group-is-layout-12dd3699 wp-block-group-is-layout-constrained\">\n<div class=\"wp-block-t3-svg-icon has-custom-styles\" style=\"width:44px;height:44px\"><!-- Generated by IcoMoon.io -->\n<svg xmlns=\"https:\/\/www.w3.org\/2000\/svg\" version=\"1.1\" width=\"32\" height=\"32\" viewbox=\"0 0 32 32\" style=\"width:100%;height:100%;preserveAspectRatio:xMidYMid meet;\" fill=\"#EE7203\"><title>Naslov ikone<\/title>\n<path d=\"M9.098 12.583c0.51-0.511 1.338-0.511 1.849 0l4.304 4.304 13.019-13.019c0.51-0.51 1.338-0.51 1.849 0s0.51 1.338 0 1.849l-13.943 13.943c-0.51 0.51-1.338 0.51-1.849 0l-5.229-5.229c-0.511-0.511-0.511-1.338 0-1.849z\"><\/path>\n<path d=\"M15.251 2.614c-6.979 0-12.636 5.657-12.636 12.636s5.657 12.636 12.636 12.636c6.979 0 12.636-5.657 12.636-12.636 0-0.722 0.585-1.307 1.307-1.307s1.307 0.585 1.307 1.307c0 8.423-6.828 15.25-15.251 15.25s-15.251-6.828-15.251-15.25 6.828-15.251 15.251-15.251c1.803 0 3.536 0.314 5.146 0.89 0.68 0.244 1.033 0.992 0.79 1.672s-0.992 1.033-1.671 0.789c-1.33-0.477-2.765-0.737-4.264-0.737z\"><\/path>\n<\/svg>\n<\/div>\n<\/div>\n\n\n\n<div class=\"wp-block-group m-card-content is-vertical is-layout-flex wp-container-core-group-is-layout-fe9cc265 wp-block-group-is-layout-flex\">\n<h3 class=\"wp-block-heading\">Evropska \u0161tevilka 1<\/h3>\n\n\n\n<p>S prehodom z lesenih balkonov na strokovnjake za aluminij je dru\u017eba Leeb postala vodilna na trgu balkonov, ograj in stre\u0161nih kritin po vsej Evropi.<\/p>\n<\/div>\n<\/div>\n\n\n\n<div class=\"wp-block-group m-card icon is-layout-flow wp-block-group-is-layout-flow\">\n<div class=\"wp-block-group m-card-icon has-global-padding is-content-justification-left is-layout-constrained wp-container-core-group-is-layout-12dd3699 wp-block-group-is-layout-constrained\">\n<div class=\"wp-block-t3-svg-icon has-custom-styles\" style=\"width:44px;height:44px\"><!-- Generated by IcoMoon.io -->\n<svg xmlns=\"https:\/\/www.w3.org\/2000\/svg\" version=\"1.1\" width=\"32\" height=\"32\" viewbox=\"0 0 32 32\" style=\"width:100%;height:100%;preserveAspectRatio:xMidYMid meet;\" fill=\"#EE7203\"><title>Naslov ikone<\/title>\n<path d=\"M9.098 12.583c0.51-0.511 1.338-0.511 1.849 0l4.304 4.304 13.019-13.019c0.51-0.51 1.338-0.51 1.849 0s0.51 1.338 0 1.849l-13.943 13.943c-0.51 0.51-1.338 0.51-1.849 0l-5.229-5.229c-0.511-0.511-0.511-1.338 0-1.849z\"><\/path>\n<path d=\"M15.251 2.614c-6.979 0-12.636 5.657-12.636 12.636s5.657 12.636 12.636 12.636c6.979 0 12.636-5.657 12.636-12.636 0-0.722 0.585-1.307 1.307-1.307s1.307 0.585 1.307 1.307c0 8.423-6.828 15.25-15.251 15.25s-15.251-6.828-15.251-15.25 6.828-15.251 15.251-15.251c1.803 0 3.536 0.314 5.146 0.89 0.68 0.244 1.033 0.992 0.79 1.672s-0.992 1.033-1.671 0.789c-1.33-0.477-2.765-0.737-4.264-0.737z\"><\/path>\n<\/svg>\n<\/div>\n<\/div>\n\n\n\n<div class=\"wp-block-group m-card-content is-vertical is-layout-flex wp-container-core-group-is-layout-fe9cc265 wp-block-group-is-layout-flex\">\n<h3 class=\"wp-block-heading\">Kakovost in inovacije<\/h3>\n\n\n\n<p>Podjetje Leeb \u017ee 120 let predstavlja proizvodnjo po meri, patentirano kakovost in najvi\u0161je standarde oblikovanja &#8211; izdelano na Koro\u0161kem in cenjeno v Evropi.<\/p>\n<\/div>\n<\/div>\n<\/div>\n\n\n\n<div class=\"wp-block-t3-timeline-wrapper\" id=\"t3-timeline-4d2ed821-4d6f-4a1a-a96f-0319d7f0bfe0\"><div class=\"wp-block-t3-timeline t3-timeline-block swiper\" data-swiper-options-base64=\"eyJzbGlkZXNQZXJWaWV3IjoxLCJzcGFjZUJldHdlZW4iOjAsInNwZWVkIjo1MDAsIm5hdmlnYXRpb24iOnsibmV4dEVsIjoiI3QzLXRpbWVsaW5lLTRkMmVkODIxLTRkNmYtNGExYS1hOTZmLTAzMTlkN2YwYmZlMCAudDMtdGltZWxpbmUtNGQyZWQ4MjEtNGQ2Zi00YTFhLWE5NmYtMDMxOWQ3ZjBiZmUwLW5leHQiLCJwcmV2RWwiOiIjdDMtdGltZWxpbmUtNGQyZWQ4MjEtNGQ2Zi00YTFhLWE5NmYtMDMxOWQ3ZjBiZmUwIC50My10aW1lbGluZS00ZDJlZDgyMS00ZDZmLTRhMWEtYTk2Zi0wMzE5ZDdmMGJmZTAtcHJldiJ9fQ==\"><div class=\"swiper-wrapper\">\n<div class=\"wp-block-t3-timeline-item t3-timeline-item swiper-slide\" data-timeline-label=\"1906\">\n<div class=\"wp-block-columns is-style-default is-layout-flex wp-container-core-columns-is-layout-8eb77903 wp-block-columns-is-layout-flex\" style=\"margin-top:0;margin-bottom:0\">\n<div class=\"wp-block-column is-layout-flow wp-block-column-is-layout-flow\" style=\"flex-basis:50%\">\n<figure class=\"wp-block-image size-large\"><img loading=\"lazy\" decoding=\"async\" width=\"1024\" height=\"725\" src=\"https:\/\/www.leeb-balkone.com\/app\/uploads\/2026\/03\/1-Leeb-Saege-Glatz-1906-1024x725.jpg\" alt=\"1 Leeb Saege Glatz\" class=\"wp-image-166997\" style=\"aspect-ratio:4\/3;object-fit:cover\" srcset=\"https:\/\/www.leeb-balkone.com\/app\/uploads\/2026\/03\/1-Leeb-Saege-Glatz-1906-1024x725.jpg 1024w, https:\/\/www.leeb-balkone.com\/app\/uploads\/2026\/03\/1-Leeb-Saege-Glatz-1906-300x212.jpg 300w, https:\/\/www.leeb-balkone.com\/app\/uploads\/2026\/03\/1-Leeb-Saege-Glatz-1906-768x543.jpg 768w, https:\/\/www.leeb-balkone.com\/app\/uploads\/2026\/03\/1-Leeb-Saege-Glatz-1906-1536x1087.jpg 1536w, https:\/\/www.leeb-balkone.com\/app\/uploads\/2026\/03\/1-Leeb-Saege-Glatz-1906-2048x1449.jpg 2048w\" sizes=\"auto, (max-width: 1024px) 100vw, 1024px\" \/><\/figure>\n<\/div>\n\n\n\n<div class=\"wp-block-column has-light-gray-background-color has-background is-layout-flow wp-block-column-is-layout-flow\" style=\"padding-top:var(--wp--preset--spacing--m);padding-right:var(--wp--preset--spacing--m);padding-bottom:var(--wp--preset--spacing--m);padding-left:var(--wp--preset--spacing--m);flex-basis:50%\">\n<p class=\"has-step-s-font-size\"><strong>1906<\/strong><\/p>\n\n\n\n<h3 class=\"wp-block-heading\" style=\"margin-top:var(--wp--preset--spacing--2-xs)\">Za\u010detni \u010das<\/h3>\n\n\n\n<p>Prvi za\u010detki podjetja Leeb pod vodstvom Ulricha Leeba v &#8220;Glatz Hofu&#8221; v Maitrattnu &#8211; ob\u010dina Gnesau na Koro\u0161kem, Avstrija. Tu je med letoma 1906 in 1920 delovala \u017eaga. <\/p>\n<\/div>\n<\/div>\n<\/div>\n\n\n\n<div class=\"wp-block-t3-timeline-item t3-timeline-item swiper-slide\" data-timeline-label=\"1952\">\n<div class=\"wp-block-columns is-style-default is-layout-flex wp-container-core-columns-is-layout-8eb77903 wp-block-columns-is-layout-flex\" style=\"margin-top:0;margin-bottom:0\">\n<div class=\"wp-block-column is-layout-flow wp-block-column-is-layout-flow\" style=\"flex-basis:50%\">\n<figure class=\"wp-block-image size-large\"><img loading=\"lazy\" decoding=\"async\" width=\"1024\" height=\"683\" src=\"https:\/\/www.leeb-balkone.com\/app\/uploads\/2026\/04\/Franz-Leeb-Senior-quer-1024x683.png\" alt=\"Franz Leeb Senior quer\" class=\"wp-image-167355\" style=\"aspect-ratio:4\/3;object-fit:cover\" srcset=\"https:\/\/www.leeb-balkone.com\/app\/uploads\/2026\/04\/Franz-Leeb-Senior-quer-1024x683.png 1024w, https:\/\/www.leeb-balkone.com\/app\/uploads\/2026\/04\/Franz-Leeb-Senior-quer-300x200.png 300w, https:\/\/www.leeb-balkone.com\/app\/uploads\/2026\/04\/Franz-Leeb-Senior-quer-768x512.png 768w\" sizes=\"auto, (max-width: 1024px) 100vw, 1024px\" \/><\/figure>\n<\/div>\n\n\n\n<div class=\"wp-block-column has-light-gray-background-color has-background is-layout-flow wp-block-column-is-layout-flow\" style=\"padding-top:var(--wp--preset--spacing--m);padding-right:var(--wp--preset--spacing--m);padding-bottom:var(--wp--preset--spacing--m);padding-left:var(--wp--preset--spacing--m);flex-basis:50%\">\n<p class=\"has-step-s-font-size\"><strong>1952<\/strong><\/p>\n\n\n\n<h3 class=\"wp-block-heading\" style=\"margin-top:var(--wp--preset--spacing--2-xs)\">Prevzem \u017eage<\/h3>\n\n\n\n<p>Izvedena je bila prva ve\u010dja preureditev in raz\u0161iritev \u017eage. Zgrajena je bila tudi zelo sodobna in zelo zmogljiva Kaplanova turbina.   <br\/><br\/><br\/>  Tega leta je podjetje prevzel Franz Leeb starej\u0161i.<\/p>\n<\/div>\n<\/div>\n<\/div>\n\n\n\n<div class=\"wp-block-t3-timeline-item t3-timeline-item swiper-slide\" data-timeline-label=\"1920\">\n<div class=\"wp-block-columns is-style-default is-layout-flex wp-container-core-columns-is-layout-8eb77903 wp-block-columns-is-layout-flex\" style=\"margin-top:0;margin-bottom:0\">\n<div class=\"wp-block-column is-layout-flow wp-block-column-is-layout-flow\" style=\"flex-basis:50%\">\n<figure class=\"wp-block-image size-large\"><img loading=\"lazy\" decoding=\"async\" width=\"1024\" height=\"683\" src=\"https:\/\/www.leeb-balkone.com\/app\/uploads\/2026\/03\/Ulrich-Leeb-1024x683.png\" alt=\"Ulrich Leeb\" class=\"wp-image-167000\" style=\"aspect-ratio:4\/3;object-fit:cover\" srcset=\"https:\/\/www.leeb-balkone.com\/app\/uploads\/2026\/03\/Ulrich-Leeb-1024x683.png 1024w, https:\/\/www.leeb-balkone.com\/app\/uploads\/2026\/03\/Ulrich-Leeb-300x200.png 300w, https:\/\/www.leeb-balkone.com\/app\/uploads\/2026\/03\/Ulrich-Leeb-768x512.png 768w, https:\/\/www.leeb-balkone.com\/app\/uploads\/2026\/03\/Ulrich-Leeb-1536x1024.png 1536w, https:\/\/www.leeb-balkone.com\/app\/uploads\/2026\/03\/Ulrich-Leeb-2048x1366.png 2048w\" sizes=\"auto, (max-width: 1024px) 100vw, 1024px\" \/><\/figure>\n<\/div>\n\n\n\n<div class=\"wp-block-column has-light-gray-background-color has-background is-layout-flow wp-block-column-is-layout-flow\" style=\"padding-top:var(--wp--preset--spacing--m);padding-right:var(--wp--preset--spacing--m);padding-bottom:var(--wp--preset--spacing--m);padding-left:var(--wp--preset--spacing--m);flex-basis:50%\">\n<p class=\"has-step-s-font-size\"><strong>1920<\/strong><\/p>\n\n\n\n<h3 class=\"wp-block-heading\" style=\"margin-top:var(--wp--preset--spacing--2-xs)\">\u017daga<\/h3>\n\n\n\n<p>Nakup in zagon \u017eage na sedanji lokaciji v Maitratten 25 &#8211; ob\u010dina Gnesau na avstrijskem Koro\u0161kem.  <\/p>\n<\/div>\n<\/div>\n<\/div>\n\n\n\n<div class=\"wp-block-t3-timeline-item t3-timeline-item swiper-slide\" data-timeline-label=\"1975\">\n<div class=\"wp-block-columns is-style-default is-layout-flex wp-container-core-columns-is-layout-8eb77903 wp-block-columns-is-layout-flex\" style=\"margin-top:0;margin-bottom:0\">\n<div class=\"wp-block-column is-layout-flow wp-block-column-is-layout-flow\" style=\"flex-basis:50%\">\n<figure class=\"wp-block-image size-large\"><img loading=\"lazy\" decoding=\"async\" width=\"724\" height=\"1024\" src=\"https:\/\/www.leeb-balkone.com\/app\/uploads\/2026\/03\/Herr-und-Frau-Senior-1-724x1024.jpg\" alt=\"Herr und Frau Senior\" class=\"wp-image-167002\" style=\"aspect-ratio:4\/3;object-fit:cover\" srcset=\"https:\/\/www.leeb-balkone.com\/app\/uploads\/2026\/03\/Herr-und-Frau-Senior-1-724x1024.jpg 724w, https:\/\/www.leeb-balkone.com\/app\/uploads\/2026\/03\/Herr-und-Frau-Senior-1-212x300.jpg 212w, https:\/\/www.leeb-balkone.com\/app\/uploads\/2026\/03\/Herr-und-Frau-Senior-1-768x1086.jpg 768w, https:\/\/www.leeb-balkone.com\/app\/uploads\/2026\/03\/Herr-und-Frau-Senior-1-1087x1536.jpg 1087w, https:\/\/www.leeb-balkone.com\/app\/uploads\/2026\/03\/Herr-und-Frau-Senior-1-1449x2048.jpg 1449w, https:\/\/www.leeb-balkone.com\/app\/uploads\/2026\/03\/Herr-und-Frau-Senior-1-scaled.jpg 1811w\" sizes=\"auto, (max-width: 724px) 100vw, 724px\" \/><\/figure>\n<\/div>\n\n\n\n<div class=\"wp-block-column has-light-gray-background-color has-background is-layout-flow wp-block-column-is-layout-flow\" style=\"padding-top:var(--wp--preset--spacing--m);padding-right:var(--wp--preset--spacing--m);padding-bottom:var(--wp--preset--spacing--m);padding-left:var(--wp--preset--spacing--m);flex-basis:50%\">\n<p class=\"has-step-s-font-size\"><strong>1975<\/strong><\/p>\n\n\n\n<h3 class=\"wp-block-heading\" style=\"margin-top:var(--wp--preset--spacing--2-xs)\">Sprememba generacij<\/h3>\n\n\n\n<p>Franz in Erika Leeb prevzameta podjetje in preuredita \u017eago. <\/p>\n<\/div>\n<\/div>\n<\/div>\n\n\n\n<div class=\"wp-block-t3-timeline-item t3-timeline-item swiper-slide\" data-timeline-label=\"1976\">\n<div class=\"wp-block-columns is-style-default is-layout-flex wp-container-core-columns-is-layout-8eb77903 wp-block-columns-is-layout-flex\" style=\"margin-top:0;margin-bottom:0\">\n<div class=\"wp-block-column is-layout-flow wp-block-column-is-layout-flow\" style=\"flex-basis:50%\">\n<figure class=\"wp-block-image size-large\"><img loading=\"lazy\" decoding=\"async\" width=\"1024\" height=\"730\" src=\"https:\/\/www.leeb-balkone.com\/app\/uploads\/2026\/03\/3-Leeb-Balkone-1976-1024x730.jpg\" alt=\"3 Leeb Balkone\" class=\"wp-image-167003\" style=\"aspect-ratio:4\/3;object-fit:cover\" srcset=\"https:\/\/www.leeb-balkone.com\/app\/uploads\/2026\/03\/3-Leeb-Balkone-1976-1024x730.jpg 1024w, https:\/\/www.leeb-balkone.com\/app\/uploads\/2026\/03\/3-Leeb-Balkone-1976-300x214.jpg 300w, https:\/\/www.leeb-balkone.com\/app\/uploads\/2026\/03\/3-Leeb-Balkone-1976-768x547.jpg 768w, https:\/\/www.leeb-balkone.com\/app\/uploads\/2026\/03\/3-Leeb-Balkone-1976-1536x1095.jpg 1536w, https:\/\/www.leeb-balkone.com\/app\/uploads\/2026\/03\/3-Leeb-Balkone-1976.jpg 1772w\" sizes=\"auto, (max-width: 1024px) 100vw, 1024px\" \/><\/figure>\n<\/div>\n\n\n\n<div class=\"wp-block-column has-light-gray-background-color has-background is-layout-flow wp-block-column-is-layout-flow\" style=\"padding-top:var(--wp--preset--spacing--m);padding-right:var(--wp--preset--spacing--m);padding-bottom:var(--wp--preset--spacing--m);padding-left:var(--wp--preset--spacing--m);flex-basis:50%\">\n<p class=\"has-step-s-font-size\"><strong>1976<\/strong><\/p>\n\n\n\n<h3 class=\"wp-block-heading\" style=\"margin-top:var(--wp--preset--spacing--2-xs)\">Za\u010detek proizvodnje balkonov<\/h3>\n\n\n\n<p>Proizvodnja lesenih balkonov je predstavljala vrzel na trgu, ki jo je Franz Leeb prepoznal in uspe\u0161no izkoristil. Temu so sledile \u0161iritve, skladi\u0161\u010de in stru\u017enica. <\/p>\n<\/div>\n<\/div>\n<\/div>\n\n\n\n<div class=\"wp-block-t3-timeline-item t3-timeline-item swiper-slide\" data-timeline-label=\"1979\">\n<div class=\"wp-block-columns is-style-default is-layout-flex wp-container-core-columns-is-layout-8eb77903 wp-block-columns-is-layout-flex\" style=\"margin-top:0;margin-bottom:0\">\n<div class=\"wp-block-column is-layout-flow wp-block-column-is-layout-flow\" style=\"flex-basis:50%\">\n<figure class=\"wp-block-image size-large\"><img loading=\"lazy\" decoding=\"async\" width=\"1024\" height=\"699\" src=\"https:\/\/www.leeb-balkone.com\/app\/uploads\/2026\/03\/1979-Brand-e1774870034214-1024x699.png\" alt=\"1979 Brand e1774870034214\" class=\"wp-image-167004\" style=\"aspect-ratio:4\/3;object-fit:cover\" srcset=\"https:\/\/www.leeb-balkone.com\/app\/uploads\/2026\/03\/1979-Brand-e1774870034214-1024x699.png 1024w, https:\/\/www.leeb-balkone.com\/app\/uploads\/2026\/03\/1979-Brand-e1774870034214-300x205.png 300w, https:\/\/www.leeb-balkone.com\/app\/uploads\/2026\/03\/1979-Brand-e1774870034214-768x524.png 768w, https:\/\/www.leeb-balkone.com\/app\/uploads\/2026\/03\/1979-Brand-e1774870034214-1536x1049.png 1536w, https:\/\/www.leeb-balkone.com\/app\/uploads\/2026\/03\/1979-Brand-e1774870034214-2048x1398.png 2048w\" sizes=\"auto, (max-width: 1024px) 100vw, 1024px\" \/><\/figure>\n<\/div>\n\n\n\n<div class=\"wp-block-column has-light-gray-background-color has-background is-layout-flow wp-block-column-is-layout-flow\" style=\"padding-top:var(--wp--preset--spacing--m);padding-right:var(--wp--preset--spacing--m);padding-bottom:var(--wp--preset--spacing--m);padding-left:var(--wp--preset--spacing--m);flex-basis:50%\">\n<p class=\"has-step-s-font-size\"><strong><strong>1979<\/strong><\/strong><\/p>\n\n\n\n<h3 class=\"wp-block-heading\" style=\"margin-top:var(--wp--preset--spacing--2-xs)\">Neuspeh<\/h3>\n\n\n\n<p>Majhno proizvodno halo je uni\u010dil po\u017ear. Med gradnjo nove hale je bila proizvodnja prenesena v najeto halo na Wachsenbergu. <\/p>\n<\/div>\n<\/div>\n<\/div>\n\n\n\n<div class=\"wp-block-t3-timeline-item t3-timeline-item swiper-slide\" data-timeline-label=\"1980\">\n<div class=\"wp-block-columns is-style-default is-layout-flex wp-container-core-columns-is-layout-8eb77903 wp-block-columns-is-layout-flex\" style=\"margin-top:0;margin-bottom:0\">\n<div class=\"wp-block-column is-layout-flow wp-block-column-is-layout-flow\" style=\"flex-basis:50%\">\n<figure class=\"wp-block-image size-large\"><img loading=\"lazy\" decoding=\"async\" width=\"1024\" height=\"683\" src=\"https:\/\/www.leeb-balkone.com\/app\/uploads\/2026\/03\/Neubau-der-Produktionshalle-1980-1024x683.png\" alt=\"Neubau der Produktionshalle\" class=\"wp-image-167005\" style=\"aspect-ratio:4\/3;object-fit:cover\" srcset=\"https:\/\/www.leeb-balkone.com\/app\/uploads\/2026\/03\/Neubau-der-Produktionshalle-1980-1024x683.png 1024w, https:\/\/www.leeb-balkone.com\/app\/uploads\/2026\/03\/Neubau-der-Produktionshalle-1980-300x200.png 300w, https:\/\/www.leeb-balkone.com\/app\/uploads\/2026\/03\/Neubau-der-Produktionshalle-1980-768x512.png 768w, https:\/\/www.leeb-balkone.com\/app\/uploads\/2026\/03\/Neubau-der-Produktionshalle-1980-1536x1024.png 1536w, https:\/\/www.leeb-balkone.com\/app\/uploads\/2026\/03\/Neubau-der-Produktionshalle-1980-2048x1366.png 2048w\" sizes=\"auto, (max-width: 1024px) 100vw, 1024px\" \/><\/figure>\n<\/div>\n\n\n\n<div class=\"wp-block-column has-light-gray-background-color has-background is-layout-flow wp-block-column-is-layout-flow\" style=\"padding-top:var(--wp--preset--spacing--m);padding-right:var(--wp--preset--spacing--m);padding-bottom:var(--wp--preset--spacing--m);padding-left:var(--wp--preset--spacing--m);flex-basis:50%\">\n<p class=\"has-step-s-font-size\"><strong><strong>1980<\/strong><\/strong><\/p>\n\n\n\n<h3 class=\"wp-block-heading\" style=\"margin-top:var(--wp--preset--spacing--2-xs)\">Kompleti za samostojno sestavljanje<\/h3>\n\n\n\n<p>Dokon\u010danje nove hale in ustanovitev podjetja Leeb Balkone GmbH. 1985<strong> <\/strong>Podjetje Leeb je prvi\u010d ponudilo leseni sistem &#8220;naredi sam&#8221; (balkon in ograja). Kompleti so bili zasnovani za samostojno sestavljanje in so se prodajali v trgovinah za doma\u010de mojstre ter trgovinah z lesom in gradbenim materialom v Avstriji, Sloveniji, na Mad\u017earskem in v ju\u017eni Nem\u010diji. Linija je bila ukinjena leta 2019.    <\/p>\n<\/div>\n<\/div>\n<\/div>\n\n\n\n<div class=\"wp-block-t3-timeline-item t3-timeline-item swiper-slide\" data-timeline-label=\"1992\">\n<div class=\"wp-block-columns is-style-default is-layout-flex wp-container-core-columns-is-layout-8eb77903 wp-block-columns-is-layout-flex\" style=\"margin-top:0;margin-bottom:0\">\n<div class=\"wp-block-column is-layout-flow wp-block-column-is-layout-flow\" style=\"flex-basis:50%\">\n<figure class=\"wp-block-image size-large\"><img loading=\"lazy\" decoding=\"async\" width=\"1024\" height=\"687\" src=\"https:\/\/www.leeb-balkone.com\/app\/uploads\/2026\/03\/Staatswappen-1992-1024x687.jpg\" alt=\"Staatswappen\" class=\"wp-image-167006\" style=\"aspect-ratio:4\/3;object-fit:cover\" srcset=\"https:\/\/www.leeb-balkone.com\/app\/uploads\/2026\/03\/Staatswappen-1992-1024x687.jpg 1024w, https:\/\/www.leeb-balkone.com\/app\/uploads\/2026\/03\/Staatswappen-1992-300x201.jpg 300w, https:\/\/www.leeb-balkone.com\/app\/uploads\/2026\/03\/Staatswappen-1992-768x516.jpg 768w, https:\/\/www.leeb-balkone.com\/app\/uploads\/2026\/03\/Staatswappen-1992-1536x1031.jpg 1536w, https:\/\/www.leeb-balkone.com\/app\/uploads\/2026\/03\/Staatswappen-1992.jpg 1795w\" sizes=\"auto, (max-width: 1024px) 100vw, 1024px\" \/><\/figure>\n<\/div>\n\n\n\n<div class=\"wp-block-column has-light-gray-background-color has-background is-layout-flow wp-block-column-is-layout-flow\" style=\"padding-top:var(--wp--preset--spacing--m);padding-right:var(--wp--preset--spacing--m);padding-bottom:var(--wp--preset--spacing--m);padding-left:var(--wp--preset--spacing--m);flex-basis:50%\">\n<p class=\"has-step-s-font-size\"><strong><strong>1992<\/strong><\/strong><\/p>\n\n\n\n<h3 class=\"wp-block-heading\" style=\"margin-top:var(--wp--preset--spacing--2-xs)\"><strong>Podelitev avstrijskega dr\u017eavnega grba<\/strong><\/h3>\n\n\n\n<p>Dru\u017eba Leeb Balkone GmbH je prejela dr\u017eavni grb. Hkrati je bilo leto zaznamovano s posodobitvijo in raz\u0161iritvijo \u017eage. S tem se je zmogljivost potrojila (s 7500 teko\u010dih metrov na 23 000 teko\u010dih metrov).  <\/p>\n<\/div>\n<\/div>\n<\/div>\n\n\n\n<div class=\"wp-block-t3-timeline-item t3-timeline-item swiper-slide\" data-timeline-label=\"1995\">\n<div class=\"wp-block-columns is-style-default is-layout-flex wp-container-core-columns-is-layout-8eb77903 wp-block-columns-is-layout-flex\" style=\"margin-top:0;margin-bottom:0\">\n<div class=\"wp-block-column is-layout-flow wp-block-column-is-layout-flow\" style=\"flex-basis:50%\">\n<figure class=\"wp-block-image size-large\"><img loading=\"lazy\" decoding=\"async\" width=\"1024\" height=\"725\" src=\"https:\/\/www.leeb-balkone.com\/app\/uploads\/2026\/03\/1993-Verleihung-Staatspreis-Holzmarketing-scaled-e1774872895942-1024x725.png\" alt=\"1993 Verleihung Staatspreis Holzmarketing e1774872895942\" class=\"wp-image-167007\" style=\"aspect-ratio:4\/3;object-fit:cover\" srcset=\"https:\/\/www.leeb-balkone.com\/app\/uploads\/2026\/03\/1993-Verleihung-Staatspreis-Holzmarketing-scaled-e1774872895942-1024x725.png 1024w, https:\/\/www.leeb-balkone.com\/app\/uploads\/2026\/03\/1993-Verleihung-Staatspreis-Holzmarketing-scaled-e1774872895942-300x212.png 300w, https:\/\/www.leeb-balkone.com\/app\/uploads\/2026\/03\/1993-Verleihung-Staatspreis-Holzmarketing-scaled-e1774872895942-768x544.png 768w, https:\/\/www.leeb-balkone.com\/app\/uploads\/2026\/03\/1993-Verleihung-Staatspreis-Holzmarketing-scaled-e1774872895942-1536x1087.png 1536w, https:\/\/www.leeb-balkone.com\/app\/uploads\/2026\/03\/1993-Verleihung-Staatspreis-Holzmarketing-scaled-e1774872895942-2048x1450.png 2048w\" sizes=\"auto, (max-width: 1024px) 100vw, 1024px\" \/><\/figure>\n<\/div>\n\n\n\n<div class=\"wp-block-column has-light-gray-background-color has-background is-layout-flow wp-block-column-is-layout-flow\" style=\"padding-top:var(--wp--preset--spacing--m);padding-right:var(--wp--preset--spacing--m);padding-bottom:var(--wp--preset--spacing--m);padding-left:var(--wp--preset--spacing--m);flex-basis:50%\">\n<p class=\"has-step-s-font-size\"><strong><strong>1995<\/strong><\/strong><\/p>\n\n\n\n<h3 class=\"wp-block-heading\" style=\"margin-top:var(--wp--preset--spacing--2-xs)\">Certificiranje ISO 9001  <\/h3>\n\n\n\n<p>Certifikat ISO iz leta <strong>1995<\/strong> je \u0161e dodatno okrepil standarde kakovosti podjetja.<\/p>\n\n\n\n<p>Leeb je prejel tudi dr\u017eavno nagrado za tr\u017eenje lesa.<\/p>\n<\/div>\n<\/div>\n<\/div>\n\n\n\n<div class=\"wp-block-t3-timeline-item t3-timeline-item swiper-slide\" data-timeline-label=\"2003\">\n<div class=\"wp-block-columns is-style-default is-layout-flex wp-container-core-columns-is-layout-8eb77903 wp-block-columns-is-layout-flex\" style=\"margin-top:0;margin-bottom:0\">\n<div class=\"wp-block-column is-layout-flow wp-block-column-is-layout-flow\" style=\"flex-basis:50%\">\n<figure class=\"wp-block-image size-large\"><img loading=\"lazy\" decoding=\"async\" width=\"1024\" height=\"683\" src=\"https:\/\/www.leeb-balkone.com\/app\/uploads\/2026\/03\/Franz-und-Markus-Leeb-1024x683.jpg\" alt=\"Franz und Markus Leeb\" class=\"wp-image-167008\" style=\"aspect-ratio:4\/3;object-fit:cover\" srcset=\"https:\/\/www.leeb-balkone.com\/app\/uploads\/2026\/03\/Franz-und-Markus-Leeb-1024x683.jpg 1024w, https:\/\/www.leeb-balkone.com\/app\/uploads\/2026\/03\/Franz-und-Markus-Leeb-300x200.jpg 300w, https:\/\/www.leeb-balkone.com\/app\/uploads\/2026\/03\/Franz-und-Markus-Leeb-768x512.jpg 768w, https:\/\/www.leeb-balkone.com\/app\/uploads\/2026\/03\/Franz-und-Markus-Leeb-1536x1024.jpg 1536w, https:\/\/www.leeb-balkone.com\/app\/uploads\/2026\/03\/Franz-und-Markus-Leeb-2048x1366.jpg 2048w\" sizes=\"auto, (max-width: 1024px) 100vw, 1024px\" \/><\/figure>\n<\/div>\n\n\n\n<div class=\"wp-block-column has-light-gray-background-color has-background is-layout-flow wp-block-column-is-layout-flow\" style=\"padding-top:var(--wp--preset--spacing--m);padding-right:var(--wp--preset--spacing--m);padding-bottom:var(--wp--preset--spacing--m);padding-left:var(--wp--preset--spacing--m);flex-basis:50%\">\n<p class=\"has-step-s-font-size\"><strong>2003<\/strong><\/p>\n\n\n\n<h3 class=\"wp-block-heading\" style=\"margin-top:var(--wp--preset--spacing--2-xs)\">Zamenjava lesa za aluminij<\/h3>\n\n\n\n<p>Odlo\u010dilno spremembo je prinesel za\u010detek proizvodnje aluminijastih balkonov. Podjetje Leeb je odprlo novo poglavje in se iz tradicionalnega predelovalca lesa razvilo v \u0161irokega proizvajalca aluminijastih balkonov, ograj in drugih gradbenih elementov. <\/p>\n\n\n\n<p>Markus Leeb se je podjetju pridru\u017eil leta 2005.<\/p>\n<\/div>\n<\/div>\n<\/div>\n\n\n\n<div class=\"wp-block-t3-timeline-item t3-timeline-item swiper-slide\" data-timeline-label=\"2008\">\n<div class=\"wp-block-columns is-style-default is-layout-flex wp-container-core-columns-is-layout-8eb77903 wp-block-columns-is-layout-flex\" style=\"margin-top:0;margin-bottom:0\">\n<div class=\"wp-block-column is-layout-flow wp-block-column-is-layout-flow\" style=\"flex-basis:50%\">\n<figure class=\"wp-block-image size-large\"><img loading=\"lazy\" decoding=\"async\" width=\"1024\" height=\"575\" src=\"https:\/\/www.leeb-balkone.com\/app\/uploads\/2026\/03\/Pulverbeschichtung-1024x575.jpg\" alt=\"Pulverbeschichtung\" class=\"wp-image-167011\" style=\"aspect-ratio:4\/3;object-fit:cover\" srcset=\"https:\/\/www.leeb-balkone.com\/app\/uploads\/2026\/03\/Pulverbeschichtung-1024x575.jpg 1024w, https:\/\/www.leeb-balkone.com\/app\/uploads\/2026\/03\/Pulverbeschichtung-300x168.jpg 300w, https:\/\/www.leeb-balkone.com\/app\/uploads\/2026\/03\/Pulverbeschichtung-768x431.jpg 768w, https:\/\/www.leeb-balkone.com\/app\/uploads\/2026\/03\/Pulverbeschichtung-1536x862.jpg 1536w, https:\/\/www.leeb-balkone.com\/app\/uploads\/2026\/03\/Pulverbeschichtung-2048x1150.jpg 2048w\" sizes=\"auto, (max-width: 1024px) 100vw, 1024px\" \/><\/figure>\n<\/div>\n\n\n\n<div class=\"wp-block-column has-light-gray-background-color has-background is-layout-flow wp-block-column-is-layout-flow\" style=\"padding-top:var(--wp--preset--spacing--m);padding-right:var(--wp--preset--spacing--m);padding-bottom:var(--wp--preset--spacing--m);padding-left:var(--wp--preset--spacing--m);flex-basis:50%\">\n<p class=\"has-step-s-font-size\"><strong>2008<\/strong><\/p>\n\n\n\n<h3 class=\"wp-block-heading\" style=\"margin-top:var(--wp--preset--spacing--2-xs)\">Lastno pra\u0161no lakiranje<\/h3>\n\n\n\n<p>Tega leta je bila zgrajena nova tovarna pra\u0161nih premazov. Dve leti pozneje je bila dose\u017eena tehni\u010dna inovacija s povr\u0161ino Alu Comfort. <\/p>\n\n\n\n<div class=\"wp-block-buttons is-layout-flex wp-block-buttons-is-layout-flex\">\n<div class=\"wp-block-button is-style-outline-secondary\"><a class=\"wp-block-button__link wp-element-button\" href=\"https:\/\/www.leeb-balkone.com\/sl\/tehnika\/alu-comfort-plus\/\">Alu Comfort Plus \u00ae<\/a><\/div>\n<\/div>\n<\/div>\n<\/div>\n<\/div>\n\n\n\n<div class=\"wp-block-t3-timeline-item t3-timeline-item swiper-slide\" data-timeline-label=\"2012\">\n<div class=\"wp-block-columns is-style-default is-layout-flex wp-container-core-columns-is-layout-8eb77903 wp-block-columns-is-layout-flex\" style=\"margin-top:0;margin-bottom:0\">\n<div class=\"wp-block-column is-layout-flow wp-block-column-is-layout-flow\" style=\"flex-basis:50%\">\n<figure class=\"wp-block-image size-large\"><img loading=\"lazy\" decoding=\"async\" width=\"1024\" height=\"683\" src=\"https:\/\/www.leeb-balkone.com\/app\/uploads\/2026\/03\/Roswitha-und-Markus-Leeb-1024x683.jpg\" alt=\"Roswitha und Markus Leeb\" class=\"wp-image-167012\" style=\"aspect-ratio:4\/3;object-fit:cover\" srcset=\"https:\/\/www.leeb-balkone.com\/app\/uploads\/2026\/03\/Roswitha-und-Markus-Leeb-1024x683.jpg 1024w, https:\/\/www.leeb-balkone.com\/app\/uploads\/2026\/03\/Roswitha-und-Markus-Leeb-300x200.jpg 300w, https:\/\/www.leeb-balkone.com\/app\/uploads\/2026\/03\/Roswitha-und-Markus-Leeb-768x512.jpg 768w, https:\/\/www.leeb-balkone.com\/app\/uploads\/2026\/03\/Roswitha-und-Markus-Leeb-1536x1024.jpg 1536w, https:\/\/www.leeb-balkone.com\/app\/uploads\/2026\/03\/Roswitha-und-Markus-Leeb-2048x1366.jpg 2048w\" sizes=\"auto, (max-width: 1024px) 100vw, 1024px\" \/><\/figure>\n<\/div>\n\n\n\n<div class=\"wp-block-column has-light-gray-background-color has-background is-layout-flow wp-block-column-is-layout-flow\" style=\"padding-top:var(--wp--preset--spacing--m);padding-right:var(--wp--preset--spacing--m);padding-bottom:var(--wp--preset--spacing--m);padding-left:var(--wp--preset--spacing--m);flex-basis:50%\">\n<p class=\"has-step-s-font-size\"><strong>2012<\/strong><\/p>\n\n\n\n<h3 class=\"wp-block-heading\" style=\"margin-top:var(--wp--preset--spacing--2-xs)\">Sprememba generacij<\/h3>\n\n\n\n<p>Ko sta Markus in Roswitha Leeb prevzela podjetje, se je zgodovina dru\u017einskega podjetja prenesla na naslednjo generacijo.<\/p>\n<\/div>\n<\/div>\n<\/div>\n\n\n\n<div class=\"wp-block-t3-timeline-item t3-timeline-item swiper-slide\" data-timeline-label=\"2014\">\n<div class=\"wp-block-columns is-style-default is-layout-flex wp-container-core-columns-is-layout-8eb77903 wp-block-columns-is-layout-flex\" style=\"margin-top:0;margin-bottom:0\">\n<div class=\"wp-block-column is-layout-flow wp-block-column-is-layout-flow\" style=\"flex-basis:50%\">\n<figure class=\"wp-block-image size-large\"><img loading=\"lazy\" decoding=\"async\" width=\"1024\" height=\"684\" src=\"https:\/\/www.leeb-balkone.com\/app\/uploads\/2021\/10\/anbaubalkon-mit-stuetzen-1000-1024x684.jpg\" alt=\"anbaubalkon mit stuetzen\" class=\"wp-image-58602\" style=\"aspect-ratio:4\/3;object-fit:cover\" srcset=\"https:\/\/www.leeb-balkone.com\/app\/uploads\/2021\/10\/anbaubalkon-mit-stuetzen-1000-1024x684.jpg 1024w, https:\/\/www.leeb-balkone.com\/app\/uploads\/2021\/10\/anbaubalkon-mit-stuetzen-1000-300x200.jpg 300w, https:\/\/www.leeb-balkone.com\/app\/uploads\/2021\/10\/anbaubalkon-mit-stuetzen-1000-768x513.jpg 768w, https:\/\/www.leeb-balkone.com\/app\/uploads\/2021\/10\/anbaubalkon-mit-stuetzen-1000-1536x1025.jpg 1536w, https:\/\/www.leeb-balkone.com\/app\/uploads\/2021\/10\/anbaubalkon-mit-stuetzen-1000-scaled.jpg 2048w\" sizes=\"auto, (max-width: 1024px) 100vw, 1024px\" \/><\/figure>\n<\/div>\n\n\n\n<div class=\"wp-block-column has-light-gray-background-color has-background is-layout-flow wp-block-column-is-layout-flow\" style=\"padding-top:var(--wp--preset--spacing--m);padding-right:var(--wp--preset--spacing--m);padding-bottom:var(--wp--preset--spacing--m);padding-left:var(--wp--preset--spacing--m);flex-basis:50%\">\n<p class=\"has-step-s-font-size\"><strong>2014<\/strong><\/p>\n\n\n\n<h3 class=\"wp-block-heading\" style=\"margin-top:var(--wp--preset--spacing--2-xs)\">Prenova in raz\u0161iritev ponudbe izdelkov<\/h3>\n\n\n\n<p>Proizvodnja je bila reorganizirana, hkrati pa se je za\u010dela proizvodnja balkonskih sistemov.<\/p>\n<\/div>\n<\/div>\n<\/div>\n\n\n\n<div class=\"wp-block-t3-timeline-item t3-timeline-item swiper-slide\" data-timeline-label=\"2015\">\n<div class=\"wp-block-columns is-style-default is-layout-flex wp-container-core-columns-is-layout-8eb77903 wp-block-columns-is-layout-flex\" style=\"margin-top:0;margin-bottom:0\">\n<div class=\"wp-block-column is-layout-flow wp-block-column-is-layout-flow\" style=\"flex-basis:50%\">\n<figure class=\"wp-block-image size-large\"><img loading=\"lazy\" decoding=\"async\" width=\"1024\" height=\"683\" src=\"https:\/\/www.leeb-balkone.com\/app\/uploads\/2026\/04\/Austrias-Leading-Companies-2017-Markus-und-Roswitha-Leeb-1024x683.jpg\" alt=\"Austrias Leading Companies 2017 Markus und Roswitha Leeb\" class=\"wp-image-167356\" style=\"aspect-ratio:4\/3;object-fit:cover\" srcset=\"https:\/\/www.leeb-balkone.com\/app\/uploads\/2026\/04\/Austrias-Leading-Companies-2017-Markus-und-Roswitha-Leeb-1024x683.jpg 1024w, https:\/\/www.leeb-balkone.com\/app\/uploads\/2026\/04\/Austrias-Leading-Companies-2017-Markus-und-Roswitha-Leeb-300x200.jpg 300w, https:\/\/www.leeb-balkone.com\/app\/uploads\/2026\/04\/Austrias-Leading-Companies-2017-Markus-und-Roswitha-Leeb-768x512.jpg 768w, https:\/\/www.leeb-balkone.com\/app\/uploads\/2026\/04\/Austrias-Leading-Companies-2017-Markus-und-Roswitha-Leeb-1536x1024.jpg 1536w, https:\/\/www.leeb-balkone.com\/app\/uploads\/2026\/04\/Austrias-Leading-Companies-2017-Markus-und-Roswitha-Leeb.jpg 1701w\" sizes=\"auto, (max-width: 1024px) 100vw, 1024px\" \/><\/figure>\n<\/div>\n\n\n\n<div class=\"wp-block-column has-light-gray-background-color has-background is-layout-flow wp-block-column-is-layout-flow\" style=\"padding-top:var(--wp--preset--spacing--m);padding-right:var(--wp--preset--spacing--m);padding-bottom:var(--wp--preset--spacing--m);padding-left:var(--wp--preset--spacing--m);flex-basis:50%\">\n<p class=\"has-step-s-font-size\"><strong>2015<\/strong><\/p>\n\n\n\n<h3 class=\"wp-block-heading\" style=\"margin-top:var(--wp--preset--spacing--2-xs)\">Vodilno avstrijsko podjetje<\/h3>\n\n\n\n<p>Dobitnik nagrade &#8220;Avstrijsko vodilno podjetje&#8221; &#8211; 1. mesto!<\/p>\n<\/div>\n<\/div>\n<\/div>\n\n\n\n<div class=\"wp-block-t3-timeline-item t3-timeline-item swiper-slide\" data-timeline-label=\"2016\">\n<div class=\"wp-block-columns is-style-default is-layout-flex wp-container-core-columns-is-layout-8eb77903 wp-block-columns-is-layout-flex\" style=\"margin-top:0;margin-bottom:0\">\n<div class=\"wp-block-column is-layout-flow wp-block-column-is-layout-flow\" style=\"flex-basis:50%\">\n<figure class=\"wp-block-image size-large\"><img loading=\"lazy\" decoding=\"async\" width=\"1024\" height=\"573\" src=\"https:\/\/www.leeb-balkone.com\/app\/uploads\/2026\/04\/Neue-Aussenstelle-in-Krumpendorf-1024x573.jpg\" alt=\"Neue Aussenstelle in Krumpendorf\" class=\"wp-image-167357\" style=\"aspect-ratio:4\/3;object-fit:cover\" srcset=\"https:\/\/www.leeb-balkone.com\/app\/uploads\/2026\/04\/Neue-Aussenstelle-in-Krumpendorf-1024x573.jpg 1024w, https:\/\/www.leeb-balkone.com\/app\/uploads\/2026\/04\/Neue-Aussenstelle-in-Krumpendorf-300x168.jpg 300w, https:\/\/www.leeb-balkone.com\/app\/uploads\/2026\/04\/Neue-Aussenstelle-in-Krumpendorf-768x429.jpg 768w, https:\/\/www.leeb-balkone.com\/app\/uploads\/2026\/04\/Neue-Aussenstelle-in-Krumpendorf-1536x859.jpg 1536w, https:\/\/www.leeb-balkone.com\/app\/uploads\/2026\/04\/Neue-Aussenstelle-in-Krumpendorf.jpg 1701w\" sizes=\"auto, (max-width: 1024px) 100vw, 1024px\" \/><\/figure>\n<\/div>\n\n\n\n<div class=\"wp-block-column has-light-gray-background-color has-background is-layout-flow wp-block-column-is-layout-flow\" style=\"padding-top:var(--wp--preset--spacing--m);padding-right:var(--wp--preset--spacing--m);padding-bottom:var(--wp--preset--spacing--m);padding-left:var(--wp--preset--spacing--m);flex-basis:50%\">\n<p class=\"has-step-s-font-size\"><strong>2016<\/strong><\/p>\n\n\n\n<h3 class=\"wp-block-heading\" style=\"margin-top:var(--wp--preset--spacing--2-xs)\">Nova lokacija v Krumpendorfu<\/h3>\n\n\n\n<p>Raz\u0161iritev poslovne stavbe v Gnesau in odprtje nove lokacije s poslovno stavbo in razstavnim prostorom v Krumpendorfu!<\/p>\n\n\n\n<p>Podelitev koro\u0161ke izvozne nagrade.<\/p>\n<\/div>\n<\/div>\n<\/div>\n\n\n\n<div class=\"wp-block-t3-timeline-item t3-timeline-item swiper-slide\" data-timeline-label=\"2018\">\n<div class=\"wp-block-columns is-style-default is-layout-flex wp-container-core-columns-is-layout-8eb77903 wp-block-columns-is-layout-flex\" style=\"margin-top:0;margin-bottom:0\">\n<div class=\"wp-block-column is-layout-flow wp-block-column-is-layout-flow\" style=\"flex-basis:50%\">\n<figure class=\"wp-block-image size-large\"><img loading=\"lazy\" decoding=\"async\" width=\"1024\" height=\"684\" src=\"https:\/\/www.leeb-balkone.com\/app\/uploads\/2020\/07\/glas-sommergarten-terrassenueberdachung-5-1024x684.jpg\" alt=\"glas sommergarten terrassenueberdachung\" class=\"wp-image-59462\" style=\"aspect-ratio:4\/3;object-fit:cover\" srcset=\"https:\/\/www.leeb-balkone.com\/app\/uploads\/2020\/07\/glas-sommergarten-terrassenueberdachung-5-1024x684.jpg 1024w, https:\/\/www.leeb-balkone.com\/app\/uploads\/2020\/07\/glas-sommergarten-terrassenueberdachung-5-300x200.jpg 300w, https:\/\/www.leeb-balkone.com\/app\/uploads\/2020\/07\/glas-sommergarten-terrassenueberdachung-5-768x513.jpg 768w, https:\/\/www.leeb-balkone.com\/app\/uploads\/2020\/07\/glas-sommergarten-terrassenueberdachung-5-1536x1025.jpg 1536w, https:\/\/www.leeb-balkone.com\/app\/uploads\/2020\/07\/glas-sommergarten-terrassenueberdachung-5-scaled.jpg 2048w\" sizes=\"auto, (max-width: 1024px) 100vw, 1024px\" \/><\/figure>\n<\/div>\n\n\n\n<div class=\"wp-block-column has-light-gray-background-color has-background is-layout-flow wp-block-column-is-layout-flow\" style=\"padding-top:var(--wp--preset--spacing--m);padding-right:var(--wp--preset--spacing--m);padding-bottom:var(--wp--preset--spacing--m);padding-left:var(--wp--preset--spacing--m);flex-basis:50%\">\n<p class=\"has-step-s-font-size\"><strong>2018<\/strong><\/p>\n\n\n\n<h3 class=\"wp-block-heading\" style=\"margin-top:var(--wp--preset--spacing--2-xs)\">Raz\u0161iritev ponudbe izdelkov<\/h3>\n\n\n\n<p>Razvoj in uvedba sistema za terasne strehe in letne vrtove!<\/p>\n<\/div>\n<\/div>\n<\/div>\n\n\n\n<div class=\"wp-block-t3-timeline-item t3-timeline-item swiper-slide\" data-timeline-label=\"2020\">\n<div class=\"wp-block-columns is-style-default is-layout-flex wp-container-core-columns-is-layout-8eb77903 wp-block-columns-is-layout-flex\" style=\"margin-top:0;margin-bottom:0\">\n<div class=\"wp-block-column is-layout-flow wp-block-column-is-layout-flow\" style=\"flex-basis:50%\">\n<figure class=\"wp-block-image size-large\"><img loading=\"lazy\" decoding=\"async\" width=\"1024\" height=\"614\" src=\"https:\/\/www.leeb-balkone.com\/app\/uploads\/2022\/05\/Glashalle-Leeb-1024x614.jpg\" alt=\"Glashalle Leeb\" class=\"wp-image-83632\" style=\"aspect-ratio:4\/3;object-fit:cover\" srcset=\"https:\/\/www.leeb-balkone.com\/app\/uploads\/2022\/05\/Glashalle-Leeb-1024x614.jpg 1024w, https:\/\/www.leeb-balkone.com\/app\/uploads\/2022\/05\/Glashalle-Leeb-300x180.jpg 300w, https:\/\/www.leeb-balkone.com\/app\/uploads\/2022\/05\/Glashalle-Leeb-768x461.jpg 768w, https:\/\/www.leeb-balkone.com\/app\/uploads\/2022\/05\/Glashalle-Leeb-1536x922.jpg 1536w, https:\/\/www.leeb-balkone.com\/app\/uploads\/2022\/05\/Glashalle-Leeb-scaled.jpg 2048w\" sizes=\"auto, (max-width: 1024px) 100vw, 1024px\" \/><\/figure>\n<\/div>\n\n\n\n<div class=\"wp-block-column has-light-gray-background-color has-background is-layout-flow wp-block-column-is-layout-flow\" style=\"padding-top:var(--wp--preset--spacing--m);padding-right:var(--wp--preset--spacing--m);padding-bottom:var(--wp--preset--spacing--m);padding-left:var(--wp--preset--spacing--m);flex-basis:50%\">\n<p class=\"has-step-s-font-size\"><strong>2020<\/strong><\/p>\n\n\n\n<h3 class=\"wp-block-heading\" style=\"margin-top:var(--wp--preset--spacing--2-xs)\">Nova steklena dvorana<\/h3>\n\n\n\n<p>Zaradi \u0161iritve ponudbe izdelkov na steklene balkone, terasne strehe in letne vrtove je bila na lokaciji podjetja zgrajena steklarska hala, v kateri se je lahko izvajala obdelava stekla v podjetju.<\/p>\n<\/div>\n<\/div>\n<\/div>\n\n\n\n<div class=\"wp-block-t3-timeline-item t3-timeline-item swiper-slide\" data-timeline-label=\"2023\">\n<div class=\"wp-block-columns is-style-default is-layout-flex wp-container-core-columns-is-layout-8eb77903 wp-block-columns-is-layout-flex\" style=\"margin-top:0;margin-bottom:0\">\n<div class=\"wp-block-column is-layout-flow wp-block-column-is-layout-flow\" style=\"flex-basis:50%\">\n<figure class=\"wp-block-image size-large\"><img loading=\"lazy\" decoding=\"async\" width=\"1024\" height=\"682\" src=\"https:\/\/www.leeb-balkone.com\/app\/uploads\/2022\/07\/Zentrale-Vogelperspektive-mit-Bach-1024x682.jpg\" alt=\"Zentrale Vogelperspektive mit Bach\" class=\"wp-image-95585\" style=\"aspect-ratio:4\/3;object-fit:cover\" srcset=\"https:\/\/www.leeb-balkone.com\/app\/uploads\/2022\/07\/Zentrale-Vogelperspektive-mit-Bach-1024x682.jpg 1024w, https:\/\/www.leeb-balkone.com\/app\/uploads\/2022\/07\/Zentrale-Vogelperspektive-mit-Bach-300x200.jpg 300w, https:\/\/www.leeb-balkone.com\/app\/uploads\/2022\/07\/Zentrale-Vogelperspektive-mit-Bach-768x512.jpg 768w, https:\/\/www.leeb-balkone.com\/app\/uploads\/2022\/07\/Zentrale-Vogelperspektive-mit-Bach-1536x1023.jpg 1536w, https:\/\/www.leeb-balkone.com\/app\/uploads\/2022\/07\/Zentrale-Vogelperspektive-mit-Bach-scaled.jpg 2048w\" sizes=\"auto, (max-width: 1024px) 100vw, 1024px\" \/><\/figure>\n<\/div>\n\n\n\n<div class=\"wp-block-column has-light-gray-background-color has-background is-layout-flow wp-block-column-is-layout-flow\" style=\"padding-top:var(--wp--preset--spacing--m);padding-right:var(--wp--preset--spacing--m);padding-bottom:var(--wp--preset--spacing--m);padding-left:var(--wp--preset--spacing--m);flex-basis:50%\">\n<p class=\"has-step-s-font-size\"><strong>2023<\/strong><\/p>\n\n\n\n<h3 class=\"wp-block-heading\" style=\"margin-top:var(--wp--preset--spacing--2-xs)\">Namestitev fotovoltai\u010dnega sistema na strehe prostorov podjetja<\/h3>\n\n\n\n<p>S fotovoltai\u010dnim sistemom na strehah na\u0161ih proizvodnih hal, ki meri 5.000 m\u00b2, zdaj pokrijemo pribli\u017eno tri \u010detrtine letnih potreb po elektri\u010dni energiji.  <\/p>\n\n\n\n<p>Novogradnja kurilnice v prostorih podjetja.<\/p>\n<\/div>\n<\/div>\n<\/div>\n\n\n\n<div class=\"wp-block-t3-timeline-item t3-timeline-item swiper-slide\" data-timeline-label=\"2025\">\n<div class=\"wp-block-columns is-style-default is-layout-flex wp-container-core-columns-is-layout-8eb77903 wp-block-columns-is-layout-flex\" style=\"margin-top:0;margin-bottom:0\">\n<div class=\"wp-block-column is-layout-flow wp-block-column-is-layout-flow\" style=\"flex-basis:50%\">\n<figure class=\"wp-block-image size-large\"><img loading=\"lazy\" decoding=\"async\" width=\"2560\" height=\"2560\" src=\"https:\/\/www.leeb-balkone.com\/app\/uploads\/2026\/04\/Alexander-Ertl-edited-scaled.jpg\" alt=\"Alexander Ertl edited\" class=\"wp-image-167361\" style=\"aspect-ratio:4\/3;object-fit:cover\" srcset=\"https:\/\/www.leeb-balkone.com\/app\/uploads\/2026\/04\/Alexander-Ertl-edited-scaled.jpg 2560w, https:\/\/www.leeb-balkone.com\/app\/uploads\/2026\/04\/Alexander-Ertl-edited-300x300.jpg 300w, https:\/\/www.leeb-balkone.com\/app\/uploads\/2026\/04\/Alexander-Ertl-edited-1024x1024.jpg 1024w, https:\/\/www.leeb-balkone.com\/app\/uploads\/2026\/04\/Alexander-Ertl-edited-150x150.jpg 150w, https:\/\/www.leeb-balkone.com\/app\/uploads\/2026\/04\/Alexander-Ertl-edited-768x768.jpg 768w, https:\/\/www.leeb-balkone.com\/app\/uploads\/2026\/04\/Alexander-Ertl-edited-1536x1536.jpg 1536w, https:\/\/www.leeb-balkone.com\/app\/uploads\/2026\/04\/Alexander-Ertl-edited-2048x2048.jpg 2048w\" sizes=\"auto, (max-width: 2560px) 100vw, 2560px\" \/><\/figure>\n<\/div>\n\n\n\n<div class=\"wp-block-column has-light-gray-background-color has-background is-layout-flow wp-block-column-is-layout-flow\" style=\"padding-top:var(--wp--preset--spacing--m);padding-right:var(--wp--preset--spacing--m);padding-bottom:var(--wp--preset--spacing--m);padding-left:var(--wp--preset--spacing--m);flex-basis:50%\">\n<p class=\"has-step-s-font-size\"><strong>2025<\/strong><\/p>\n\n\n\n<h3 class=\"wp-block-heading\" style=\"margin-top:var(--wp--preset--spacing--2-xs)\">Okrepitev in <sup>inovacije2<\/sup><\/h3>\n\n\n\n<p><strong>Vodstvu se je pridru\u017eil in\u0161pektor Alexander Ertl<\/strong>.<br\/><br\/>Najsodobnej\u0161i <strong>cevni laserski sistem<\/strong> v na\u0161em proizvodnem obratu ne pove\u010duje le zmogljivosti in u\u010dinkovitosti, temve\u010d zagotavlja tudi \u0161e ve\u010djo natan\u010dnost. <strong>Digitalni merilni<\/strong> sistem predstavlja nadaljnjo nalo\u017ebo v najsodobnej\u0161e procese in zanesljivost na\u010drtovanja. <\/p>\n<\/div>\n<\/div>\n<\/div>\n<\/div><\/div><div class=\"t3-timeline-bar-row\"><div class=\"t3-timeline-bar\"><div class=\"t3-timeline-bar-track\"><\/div><\/div><div class=\"t3-timeline-nav\"><div class=\"swiper-button-prev t3-timeline-4d2ed821-4d6f-4a1a-a96f-0319d7f0bfe0-prev\"><\/div><div class=\"swiper-button-next t3-timeline-4d2ed821-4d6f-4a1a-a96f-0319d7f0bfe0-next\"><\/div><\/div><\/div><\/div>\n<\/section>\n\n<section class=\"wp-block-group alignfull has-light-gray-background-color has-background has-global-padding is-layout-constrained wp-container-core-group-is-layout-52f96efc wp-block-group-is-layout-constrained\">\n<div class=\"wp-block-columns m-split is-style-offset is-layout-flex wp-container-core-columns-is-layout-28f84493 wp-block-columns-is-layout-flex\">\n<div class=\"wp-block-column is-style-default is-layout-flow wp-block-column-is-layout-flow\">\n<figure class=\"wp-block-image size-full\"><img loading=\"lazy\" decoding=\"async\" width=\"2560\" height=\"1707\" src=\"https:\/\/www.leeb-balkone.com\/app\/uploads\/2026\/04\/Markus-und-Roswitha-Leeb-Geschaeftsfuehrung-Leeb-2026-3-scaled.jpg\" alt=\"Markus und Roswitha Leeb Geschaeftsfuehrung Leeb 2026\" class=\"wp-image-167854\" style=\"aspect-ratio:4\/3;object-fit:cover\" srcset=\"https:\/\/www.leeb-balkone.com\/app\/uploads\/2026\/04\/Markus-und-Roswitha-Leeb-Geschaeftsfuehrung-Leeb-2026-3-scaled.jpg 2560w, https:\/\/www.leeb-balkone.com\/app\/uploads\/2026\/04\/Markus-und-Roswitha-Leeb-Geschaeftsfuehrung-Leeb-2026-3-300x200.jpg 300w, https:\/\/www.leeb-balkone.com\/app\/uploads\/2026\/04\/Markus-und-Roswitha-Leeb-Geschaeftsfuehrung-Leeb-2026-3-1024x683.jpg 1024w, https:\/\/www.leeb-balkone.com\/app\/uploads\/2026\/04\/Markus-und-Roswitha-Leeb-Geschaeftsfuehrung-Leeb-2026-3-768x512.jpg 768w, https:\/\/www.leeb-balkone.com\/app\/uploads\/2026\/04\/Markus-und-Roswitha-Leeb-Geschaeftsfuehrung-Leeb-2026-3-1536x1024.jpg 1536w, https:\/\/www.leeb-balkone.com\/app\/uploads\/2026\/04\/Markus-und-Roswitha-Leeb-Geschaeftsfuehrung-Leeb-2026-3-2048x1365.jpg 2048w\" sizes=\"auto, (max-width: 2560px) 100vw, 2560px\" \/><\/figure>\n<\/div>\n\n\n\n<div class=\"wp-block-column is-vertically-aligned-center is-style-overlay-content has-white-background-color has-background is-layout-flow wp-block-column-is-layout-flow\" style=\"box-shadow:var(--wp--preset--shadow--box-shadow)\">\n<div class=\"wp-block-group is-vertical is-layout-flex wp-container-core-group-is-layout-6aed0e10 wp-block-group-is-layout-flex\">\n<p><em>&#8220;120 let podjetja Leeb &#8211; to je zgodba na\u0161e dru\u017eine, predvsem pa zgodba ljudi, ki so skupaj ustvarili nekaj velikega. To pot smo lahko prehodili le zato, ker so nam zaupali na\u0161i partnerji, zaposleni in ve\u010d kot 150.000 strank. Na tem bomo gradili naslednjih 120 let.&#8221;  <\/em><\/p>\n\n\n\n<p class=\"has-step-xs-font-size\"><strong>Roswitha in Markus Leeb<\/strong><\/p>\n\n\n\n<div class=\"wp-block-buttons is-layout-flex wp-block-buttons-is-layout-flex\" style=\"margin-top:var(--wp--preset--spacing--2-xs)\"><\/div>\n<\/div>\n<\/div>\n<\/div>\n<\/section>\n\n<section class=\"wp-block-group alignfull has-white-background-color has-background has-global-padding is-layout-constrained wp-container-core-group-is-layout-52f96efc wp-block-group-is-layout-constrained\">\n<div class=\"wp-block-group m-teaser o-grid u-md-1 is-layout-flow wp-block-group-is-layout-flow\">\n<div class=\"wp-block-group u-g-9 u-g-s-2 is-layout-flow wp-block-group-is-layout-flow\" style=\"margin-bottom:var(--wp--preset--spacing--s)\">\n<p style=\"text-transform:uppercase\">Mejniki<\/p>\n\n\n\n<h2 class=\"wp-block-heading has-text-align-left\">Inovacije se sre\u010dujejo s tradicijo<\/h2>\n\n\n\n<p class=\"has-text-align-left\">Razvoj in dejstvo, ki sta zna\u010dilna za podjetje Leeb v zadnjih desetletjih in dolo\u010data prihodnost balkonske gradnje. Od pionirskega dela z aluminijem do lastne proizvodnje stekla: Leeb postavlja merila, ki dale\u010d presegajo standard. <\/p>\n<\/div>\n<\/div>\n\n\n\n<div class=\"wp-block-columns is-style-shadow m-split is-layout-flex wp-container-core-columns-is-layout-b154210b wp-block-columns-is-layout-flex\" style=\"margin-bottom:var(--wp--preset--spacing--xl-2-xl)\">\n<div class=\"wp-block-column is-style-default is-layout-flow wp-block-column-is-layout-flow\">\n<figure class=\"wp-block-image size-large\"><img loading=\"lazy\" decoding=\"async\" width=\"1024\" height=\"683\" src=\"https:\/\/www.leeb-balkone.com\/app\/uploads\/2020\/06\/balkongelaender-alu-design-villach-21-1024x683.jpeg\" alt=\"Majhen balkon z aluminijastim dizajnom Villach balkonske ograje\" class=\"wp-image-7981\" style=\"aspect-ratio:4\/3;object-fit:cover\" srcset=\"https:\/\/www.leeb-balkone.com\/app\/uploads\/2020\/06\/balkongelaender-alu-design-villach-21-1024x683.jpeg 1024w, https:\/\/www.leeb-balkone.com\/app\/uploads\/2020\/06\/balkongelaender-alu-design-villach-21-300x200.jpeg 300w, https:\/\/www.leeb-balkone.com\/app\/uploads\/2020\/06\/balkongelaender-alu-design-villach-21-768x512.jpeg 768w, https:\/\/www.leeb-balkone.com\/app\/uploads\/2020\/06\/balkongelaender-alu-design-villach-21-1536x1024.jpeg 1536w, https:\/\/www.leeb-balkone.com\/app\/uploads\/2020\/06\/balkongelaender-alu-design-villach-21-2048x1366.jpeg 2048w\" sizes=\"auto, (max-width: 1024px) 100vw, 1024px\" \/><\/figure>\n<\/div>\n\n\n\n<div class=\"wp-block-column is-vertically-aligned-center is-style-overlay-content is-layout-flow wp-block-column-is-layout-flow\">\n<div class=\"wp-block-group is-vertical is-layout-flex wp-container-core-group-is-layout-6aed0e10 wp-block-group-is-layout-flex\">\n<h3 class=\"wp-block-heading\">Les proti aluminiju<\/h3>\n\n\n\n<p>S prehodom na aluminij je Leeb na novo razmislil o gradnji balkonov. Zaradi patentiranega premaza ALU COMFORT PLUS\u00ae je vsak izdelek Leeb trikrat bolj odporen proti vremenskim vplivom, praskam in prakti\u010dno ne potrebuje vzdr\u017eevanja. Ve\u010d kot 200 modelov &#8211; vsak po meri iz Koro\u0161ke.  <\/p>\n\n\n\n<div class=\"wp-block-buttons is-layout-flex wp-block-buttons-is-layout-flex\" style=\"margin-top:var(--wp--preset--spacing--2-xs)\">\n<div class=\"wp-block-button is-style-outline-secondary\"><a class=\"wp-block-button__link wp-element-button\" href=\"https:\/\/www.leeb-balkone.com\/sl\/balkoni\/aluminijasti-balkoni\/\">Odkrijte aluminijaste balkone<\/a><\/div>\n<\/div>\n<\/div>\n<\/div>\n<\/div>\n\n\n\n<div class=\"wp-block-columns is-style-shadow m-split m-split-reverse is-layout-flex wp-container-core-columns-is-layout-28f84493 wp-block-columns-is-layout-flex\">\n<div class=\"wp-block-column is-style-default is-layout-flow wp-block-column-is-layout-flow\">\n<figure class=\"wp-block-image size-large\"><img loading=\"lazy\" decoding=\"async\" width=\"1024\" height=\"683\" src=\"https:\/\/www.leeb-balkone.com\/app\/uploads\/2026\/04\/Familie-Leeb-und-Alexander-Ertl-Portrait-20261-1024x683.jpg\" alt=\"Familie Leeb und Alexander Ertl Portrait\" class=\"wp-image-167852\" style=\"aspect-ratio:4\/3;object-fit:cover\" srcset=\"https:\/\/www.leeb-balkone.com\/app\/uploads\/2026\/04\/Familie-Leeb-und-Alexander-Ertl-Portrait-20261-1024x683.jpg 1024w, https:\/\/www.leeb-balkone.com\/app\/uploads\/2026\/04\/Familie-Leeb-und-Alexander-Ertl-Portrait-20261-300x200.jpg 300w, https:\/\/www.leeb-balkone.com\/app\/uploads\/2026\/04\/Familie-Leeb-und-Alexander-Ertl-Portrait-20261-768x512.jpg 768w, https:\/\/www.leeb-balkone.com\/app\/uploads\/2026\/04\/Familie-Leeb-und-Alexander-Ertl-Portrait-20261-1536x1024.jpg 1536w, https:\/\/www.leeb-balkone.com\/app\/uploads\/2026\/04\/Familie-Leeb-und-Alexander-Ertl-Portrait-20261-2048x1365.jpg 2048w\" sizes=\"auto, (max-width: 1024px) 100vw, 1024px\" \/><\/figure>\n<\/div>\n\n\n\n<div class=\"wp-block-column is-vertically-aligned-center is-style-overlay-content is-layout-flow wp-block-column-is-layout-flow\">\n<div class=\"wp-block-group is-vertical is-layout-flex wp-container-core-group-is-layout-6aed0e10 wp-block-group-is-layout-flex\">\n<h3 class=\"wp-block-heading\">Proticikli\u010dne nalo\u017ebe<\/h3>\n\n\n\n<p>120 let podjetja Leeb pomeni doslednost, zaupanje in pogum za aktivno oblikovanje prihodnosti. Na\u0161e proticikli\u010dne nalo\u017ebe so osrednji izraz tega odnosa. Zavestno nadaljujemo z nalo\u017ebami &#8211; v nove tehnologije, bolj\u0161e sisteme in sodobne procese &#8211; prav takrat, ko drugi zavzamejo pristop &#8220;po\u010dakaj in glej&#8221;. To ne zagotavlja le visoke kakovosti na\u0161ih izdelkov, temve\u010d tudi na\u0161o dolgoro\u010dno mo\u010d kot zdravega in zanesljivega podjetja. Za na\u0161e stranke to pomeni predvsem eno: varnost, da se lahko zanesejo na partnerja, ki deluje danes in razmi\u0161lja o prihodnosti.    <\/p>\n\n\n\n<div class=\"wp-block-buttons is-layout-flex wp-block-buttons-is-layout-flex\" style=\"margin-top:var(--wp--preset--spacing--2-xs)\"><\/div>\n<\/div>\n<\/div>\n<\/div>\n<\/section>\n","protected":false},"excerpt":{"rendered":"","protected":false},"author":1,"featured_media":0,"parent":0,"menu_order":0,"comment_status":"closed","ping_status":"closed","template":"template-onepager.blade.php","meta":{"_acf_changed":false,"footnotes":"","_sage_theme_css":true,"_wp_block_core_css":true},"folder":[269],"class_list":["post-167869","page","type-page","status-publish","hentry"],"acf":[],"yoast_head":"<!-- This site is optimized with the Yoast SEO plugin v27.2 - https:\/\/yoast.com\/product\/yoast-seo-wordpress\/ -->\n<title>120 let podjetja Leeb - Leeb Balkone Slovenija<\/title>\n<meta name=\"description\" content=\"120 let podjetja Leeb Spoznajte 120 let strasti do kakovosti in odkrijte zgodovino vodilnega evropskega proizvajalca balkonov in ograj. Na\u0161a zgodovina Od\" \/>\n<meta name=\"robots\" content=\"noindex, nofollow\" \/>\n<meta property=\"og:locale\" content=\"sl_SI\" \/>\n<meta property=\"og:type\" content=\"article\" \/>\n<meta property=\"og:title\" content=\"120 let podjetja Leeb - Leeb Balkone\" \/>\n<meta property=\"og:description\" content=\"120 let podjetja Leeb Spoznajte 120 let strasti do kakovosti in odkrijte zgodovino vodilnega evropskega proizvajalca balkonov in ograj. Na\u0161a zgodovina Od\" \/>\n<meta property=\"og:url\" content=\"https:\/\/www.leeb-balkone.com\/sl\/120-jahre-leeb\/\" \/>\n<meta property=\"og:site_name\" content=\"Leeb Balkone\" \/>\n<meta property=\"article:publisher\" content=\"https:\/\/www.facebook.com\/balkone\/\" \/>\n<meta property=\"article:modified_time\" content=\"2026-04-16T13:50:42+00:00\" \/>\n<meta property=\"og:image\" content=\"https:\/\/www.leeb-balkone.com\/app\/uploads\/2020\/11\/leeb-balkone-firmengelaende-herbst-scaled.jpg\" \/>\n\t<meta property=\"og:image:width\" content=\"2560\" \/>\n\t<meta property=\"og:image:height\" content=\"1706\" \/>\n\t<meta property=\"og:image:type\" content=\"image\/jpeg\" \/>\n<meta name=\"twitter:card\" content=\"summary_large_image\" \/>\n<script type=\"application\/ld+json\" class=\"yoast-schema-graph\">{\"@context\":\"https:\/\/schema.org\",\"@graph\":[{\"@type\":\"WebPage\",\"@id\":\"https:\/\/www.leeb-balkone.com\/sl\/120-jahre-leeb\/\",\"url\":\"https:\/\/www.leeb-balkone.com\/sl\/120-jahre-leeb\/\",\"name\":\"120 let podjetja Leeb - Leeb Balkone\",\"isPartOf\":{\"@id\":\"https:\/\/www.leeb-balkone.com\/sl\/#website\"},\"primaryImageOfPage\":{\"@id\":\"https:\/\/www.leeb-balkone.com\/sl\/120-jahre-leeb\/#primaryimage\"},\"image\":{\"@id\":\"https:\/\/www.leeb-balkone.com\/sl\/120-jahre-leeb\/#primaryimage\"},\"thumbnailUrl\":\"https:\/\/www.leeb-balkone.com\/app\/uploads\/2020\/11\/leeb-balkone-firmengelaende-herbst-1024x682.jpg\",\"datePublished\":\"2026-03-26T13:08:17+00:00\",\"dateModified\":\"2026-04-16T13:50:42+00:00\",\"description\":\"120 let podjetja Leeb Spoznajte 120 let strasti do kakovosti in odkrijte zgodovino vodilnega evropskega proizvajalca balkonov in ograj. Na\u0161a zgodovina Od\",\"breadcrumb\":{\"@id\":\"https:\/\/www.leeb-balkone.com\/sl\/120-jahre-leeb\/#breadcrumb\"},\"inLanguage\":\"sl-SI\",\"potentialAction\":[{\"@type\":\"ReadAction\",\"target\":[\"https:\/\/www.leeb-balkone.com\/sl\/120-jahre-leeb\/\"]}]},{\"@type\":\"ImageObject\",\"inLanguage\":\"sl-SI\",\"@id\":\"https:\/\/www.leeb-balkone.com\/sl\/120-jahre-leeb\/#primaryimage\",\"url\":\"https:\/\/www.leeb-balkone.com\/app\/uploads\/2020\/11\/leeb-balkone-firmengelaende-herbst-1024x682.jpg\",\"contentUrl\":\"https:\/\/www.leeb-balkone.com\/app\/uploads\/2020\/11\/leeb-balkone-firmengelaende-herbst-1024x682.jpg\"},{\"@type\":\"BreadcrumbList\",\"@id\":\"https:\/\/www.leeb-balkone.com\/sl\/120-jahre-leeb\/#breadcrumb\",\"itemListElement\":[{\"@type\":\"ListItem\",\"position\":1,\"name\":\"Home\",\"item\":\"https:\/\/www.leeb-balkone.com\/sl\/\"},{\"@type\":\"ListItem\",\"position\":2,\"name\":\"120 let podjetja Leeb\"}]},{\"@type\":\"WebSite\",\"@id\":\"https:\/\/www.leeb-balkone.com\/sl\/#website\",\"url\":\"https:\/\/www.leeb-balkone.com\/sl\/\",\"name\":\"Leeb Balkone\",\"description\":\"Balkone und Z\u00e4une\",\"publisher\":{\"@id\":\"https:\/\/www.leeb-balkone.com\/sl\/#organization\"},\"potentialAction\":[{\"@type\":\"SearchAction\",\"target\":{\"@type\":\"EntryPoint\",\"urlTemplate\":\"https:\/\/www.leeb-balkone.com\/sl\/?s={search_term_string}\"},\"query-input\":{\"@type\":\"PropertyValueSpecification\",\"valueRequired\":true,\"valueName\":\"search_term_string\"}}],\"inLanguage\":\"sl-SI\"},{\"@type\":\"Organization\",\"@id\":\"https:\/\/www.leeb-balkone.com\/sl\/#organization\",\"name\":\"Leeb Balkone Gmbh\",\"url\":\"https:\/\/www.leeb-balkone.com\/sl\/\",\"logo\":{\"@type\":\"ImageObject\",\"inLanguage\":\"sl-SI\",\"@id\":\"https:\/\/www.leeb-balkone.com\/sl\/#\/schema\/logo\/image\/\",\"url\":\"https:\/\/www.leeb-balkone.com\/app\/uploads\/2020\/11\/leeb-logo.svg\",\"contentUrl\":\"https:\/\/www.leeb-balkone.com\/app\/uploads\/2020\/11\/leeb-logo.svg\",\"width\":741,\"height\":204,\"caption\":\"Leeb Balkone Gmbh\"},\"image\":{\"@id\":\"https:\/\/www.leeb-balkone.com\/sl\/#\/schema\/logo\/image\/\"},\"sameAs\":[\"https:\/\/www.facebook.com\/balkone\/\",\"https:\/\/www.trustedshops.at\/bewertung\/info_X4587CCF5833E31AFE0B11F47D86999F2.html\",\"https:\/\/www.trustedshops.de\/bewertung\/info_X7BA536A7A0BDC86D36C4718E4DCAEEEF.html\",\"https:\/\/www.google.com\/maps\/place\/?q=place_id:ChIJ5-zH19-IcEcR9HonWRTllHI\"]}]}<\/script>\n<!-- \/ Yoast SEO plugin. -->","yoast_head_json":{"title":"120 let podjetja Leeb - Leeb Balkone Slovenija","description":"120 let podjetja Leeb Spoznajte 120 let strasti do kakovosti in odkrijte zgodovino vodilnega evropskega proizvajalca balkonov in ograj. Na\u0161a zgodovina Od","robots":{"index":"noindex","follow":"nofollow"},"og_locale":"sl_SI","og_type":"article","og_title":"120 let podjetja Leeb - Leeb Balkone","og_description":"120 let podjetja Leeb Spoznajte 120 let strasti do kakovosti in odkrijte zgodovino vodilnega evropskega proizvajalca balkonov in ograj. Na\u0161a zgodovina Od","og_url":"https:\/\/www.leeb-balkone.com\/sl\/120-jahre-leeb\/","og_site_name":"Leeb Balkone","article_publisher":"https:\/\/www.facebook.com\/balkone\/","article_modified_time":"2026-04-16T13:50:42+00:00","og_image":[{"width":2560,"height":1706,"url":"https:\/\/www.leeb-balkone.com\/app\/uploads\/2020\/11\/leeb-balkone-firmengelaende-herbst-scaled.jpg","type":"image\/jpeg"}],"twitter_card":"summary_large_image","schema":{"@context":"https:\/\/schema.org","@graph":[{"@type":"WebPage","@id":"https:\/\/www.leeb-balkone.com\/sl\/120-jahre-leeb\/","url":"https:\/\/www.leeb-balkone.com\/sl\/120-jahre-leeb\/","name":"120 let podjetja Leeb - Leeb Balkone","isPartOf":{"@id":"https:\/\/www.leeb-balkone.com\/sl\/#website"},"primaryImageOfPage":{"@id":"https:\/\/www.leeb-balkone.com\/sl\/120-jahre-leeb\/#primaryimage"},"image":{"@id":"https:\/\/www.leeb-balkone.com\/sl\/120-jahre-leeb\/#primaryimage"},"thumbnailUrl":"https:\/\/www.leeb-balkone.com\/app\/uploads\/2020\/11\/leeb-balkone-firmengelaende-herbst-1024x682.jpg","datePublished":"2026-03-26T13:08:17+00:00","dateModified":"2026-04-16T13:50:42+00:00","description":"120 let podjetja Leeb Spoznajte 120 let strasti do kakovosti in odkrijte zgodovino vodilnega evropskega proizvajalca balkonov in ograj. Na\u0161a zgodovina Od","breadcrumb":{"@id":"https:\/\/www.leeb-balkone.com\/sl\/120-jahre-leeb\/#breadcrumb"},"inLanguage":"sl-SI","potentialAction":[{"@type":"ReadAction","target":["https:\/\/www.leeb-balkone.com\/sl\/120-jahre-leeb\/"]}]},{"@type":"ImageObject","inLanguage":"sl-SI","@id":"https:\/\/www.leeb-balkone.com\/sl\/120-jahre-leeb\/#primaryimage","url":"https:\/\/www.leeb-balkone.com\/app\/uploads\/2020\/11\/leeb-balkone-firmengelaende-herbst-1024x682.jpg","contentUrl":"https:\/\/www.leeb-balkone.com\/app\/uploads\/2020\/11\/leeb-balkone-firmengelaende-herbst-1024x682.jpg"},{"@type":"BreadcrumbList","@id":"https:\/\/www.leeb-balkone.com\/sl\/120-jahre-leeb\/#breadcrumb","itemListElement":[{"@type":"ListItem","position":1,"name":"Home","item":"https:\/\/www.leeb-balkone.com\/sl\/"},{"@type":"ListItem","position":2,"name":"120 let podjetja Leeb"}]},{"@type":"WebSite","@id":"https:\/\/www.leeb-balkone.com\/sl\/#website","url":"https:\/\/www.leeb-balkone.com\/sl\/","name":"Leeb Balkone","description":"Balkone und Z\u00e4une","publisher":{"@id":"https:\/\/www.leeb-balkone.com\/sl\/#organization"},"potentialAction":[{"@type":"SearchAction","target":{"@type":"EntryPoint","urlTemplate":"https:\/\/www.leeb-balkone.com\/sl\/?s={search_term_string}"},"query-input":{"@type":"PropertyValueSpecification","valueRequired":true,"valueName":"search_term_string"}}],"inLanguage":"sl-SI"},{"@type":"Organization","@id":"https:\/\/www.leeb-balkone.com\/sl\/#organization","name":"Leeb Balkone Gmbh","url":"https:\/\/www.leeb-balkone.com\/sl\/","logo":{"@type":"ImageObject","inLanguage":"sl-SI","@id":"https:\/\/www.leeb-balkone.com\/sl\/#\/schema\/logo\/image\/","url":"https:\/\/www.leeb-balkone.com\/app\/uploads\/2020\/11\/leeb-logo.svg","contentUrl":"https:\/\/www.leeb-balkone.com\/app\/uploads\/2020\/11\/leeb-logo.svg","width":741,"height":204,"caption":"Leeb Balkone Gmbh"},"image":{"@id":"https:\/\/www.leeb-balkone.com\/sl\/#\/schema\/logo\/image\/"},"sameAs":["https:\/\/www.facebook.com\/balkone\/","https:\/\/www.trustedshops.at\/bewertung\/info_X4587CCF5833E31AFE0B11F47D86999F2.html","https:\/\/www.trustedshops.de\/bewertung\/info_X7BA536A7A0BDC86D36C4718E4DCAEEEF.html","https:\/\/www.google.com\/maps\/place\/?q=place_id:ChIJ5-zH19-IcEcR9HonWRTllHI"]}]}},"_links":{"self":[{"href":"https:\/\/www.leeb-balkone.com\/sl\/wp-json\/wp\/v2\/pages\/167869","targetHints":{"allow":["GET"]}}],"collection":[{"href":"https:\/\/www.leeb-balkone.com\/sl\/wp-json\/wp\/v2\/pages"}],"about":[{"href":"https:\/\/www.leeb-balkone.com\/sl\/wp-json\/wp\/v2\/types\/page"}],"author":[{"embeddable":true,"href":"https:\/\/www.leeb-balkone.com\/sl\/wp-json\/wp\/v2\/users\/1"}],"replies":[{"embeddable":true,"href":"https:\/\/www.leeb-balkone.com\/sl\/wp-json\/wp\/v2\/comments?post=167869"}],"version-history":[{"count":3,"href":"https:\/\/www.leeb-balkone.com\/sl\/wp-json\/wp\/v2\/pages\/167869\/revisions"}],"predecessor-version":[{"id":167911,"href":"https:\/\/www.leeb-balkone.com\/sl\/wp-json\/wp\/v2\/pages\/167869\/revisions\/167911"}],"wp:attachment":[{"href":"https:\/\/www.leeb-balkone.com\/sl\/wp-json\/wp\/v2\/media?parent=167869"}],"wp:term":[{"taxonomy":"folder","embeddable":true,"href":"https:\/\/www.leeb-balkone.com\/sl\/wp-json\/wp\/v2\/folder?post=167869"}],"curies":[{"name":"wp","href":"https:\/\/api.w.org\/{rel}","templated":true}]}}