{"id":163830,"date":"2026-01-29T07:16:04","date_gmt":"2026-01-29T07:16:04","guid":{"rendered":"https:\/\/www.leeb-balkone.com\/montazni-balkoni\/sprednji-balkon\/"},"modified":"2026-03-18T18:01:01","modified_gmt":"2026-03-18T18:01:01","slug":"alu-samostojeci-balkon","status":"publish","type":"page","link":"https:\/\/www.leeb-balkone.com\/sl\/montazni-balkoni\/alu-samostojeci-balkon\/","title":{"rendered":"Samostoje\u010di balkon"},"content":{"rendered":"\n<section class=\"wp-block-group alignfull t3-header t3-header-splitscreen t3-splitscreen-shadow h-zi-20 has-light-gray-background-color has-background has-global-padding is-layout-constrained wp-container-core-group-is-layout-f1ad4950 wp-block-group-is-layout-constrained\" style=\"padding-top:0;padding-bottom:0\">\n<div class=\"wp-block-columns h-flx-a-s m-split is-layout-flex wp-container-core-columns-is-layout-28f84493 wp-block-columns-is-layout-flex\">\n<div class=\"wp-block-column is-vertically-aligned-top h-flx-a-s m-split-col-content is-layout-flow wp-block-column-is-layout-flow\"><div class=\"yoast-breadcrumbs\"><span><span><a href=\"https:\/\/www.leeb-balkone.com\/sl\/\">Home<\/a><\/span> \/ <span><a href=\"https:\/\/www.leeb-balkone.com\/sl\/montazni-balkoni\/\">Monta\u017eni balkoni<\/a><\/span> \/ <span class=\"breadcrumb_last\" aria-current=\"page\">Samostoje\u010di balkon<\/span><\/span><\/div>\n\n<h1 class=\"wp-block-post-title\">Samostoje\u010di balkon<\/h1>\n\n\n<p class=\"has-step-0-font-size\" style=\"margin-bottom:0\">Nastavljivi balkoni Leeb so idealni za naknadno vgradnjo v skoraj vsako stavbo in za velike globine balkonov ali ve\u010d balkonov enega nad drugim. Postavite jih lahko pred hi\u0161o ne glede na konstrukcijo stavbe, ne da bi bistveno vplivali na fasado ali toplotno izolacijo. <\/p>\n\n\n\n<div class=\"wp-block-buttons is-layout-flex wp-block-buttons-is-layout-flex\" style=\"margin-top:var(--wp--preset--spacing--l)\">\n<div class=\"wp-block-button is-style-cta icon-book icon-left\"><a class=\"wp-block-button__link wp-element-button\" href=\"https:\/\/www.leeb-balkone.com\/sl\/kontakt\/zahtevajte-katalog\/\">Zahtevajte katalog<\/a><\/div>\n\n\n\n<div class=\"wp-block-button is-style-cta icon-vp icon-left\"><a class=\"wp-block-button__link wp-element-button\" href=\"https:\/\/www.leeb-balkone.com\/sl\/distribucijski-partnerji\/\">Poi\u0161\u010dite kontaktno osebo<span class=\"sr-only\"> Slovenija<\/span><\/a><\/div>\n<\/div>\n<\/div>\n\n\n\n<div class=\"wp-block-column is-vertically-aligned-stretch h-hide-md-down is-style-image-cover is-layout-flow wp-block-column-is-layout-flow\">\n<figure class=\"wp-block-image size-large\"><img loading=\"lazy\" decoding=\"async\" width=\"1024\" height=\"684\" src=\"https:\/\/www.leeb-balkone.com\/app\/uploads\/2020\/07\/vorstellbalkon-mit-stuetzen-116-1024x684.jpg\" alt=\"vorstellbalkon mit stuetzen\" class=\"wp-image-58597\" srcset=\"https:\/\/www.leeb-balkone.com\/app\/uploads\/2020\/07\/vorstellbalkon-mit-stuetzen-116-1024x684.jpg 1024w, https:\/\/www.leeb-balkone.com\/app\/uploads\/2020\/07\/vorstellbalkon-mit-stuetzen-116-300x200.jpg 300w, https:\/\/www.leeb-balkone.com\/app\/uploads\/2020\/07\/vorstellbalkon-mit-stuetzen-116-768x513.jpg 768w, https:\/\/www.leeb-balkone.com\/app\/uploads\/2020\/07\/vorstellbalkon-mit-stuetzen-116-1536x1025.jpg 1536w, https:\/\/www.leeb-balkone.com\/app\/uploads\/2020\/07\/vorstellbalkon-mit-stuetzen-116-scaled.jpg 2048w\" sizes=\"auto, (max-width: 1024px) 100vw, 1024px\" \/><\/figure>\n<\/div>\n<\/div>\n<\/section>\n\n\n\n<section class=\"wp-block-group alignfull has-white-background-color has-background has-global-padding is-layout-constrained wp-container-core-group-is-layout-52f96efc wp-block-group-is-layout-constrained\" id=\"modelle\">\n<div class=\"wp-block-group m-teaser o-grid u-md-1 is-layout-flow wp-block-group-is-layout-flow\">\n<div class=\"wp-block-group u-g-9 u-g-s-2 is-layout-flow wp-block-group-is-layout-flow\" style=\"margin-bottom:var(--wp--preset--spacing--s)\">\n<p class=\"has-text-align-left\"><strong><em>&#8220;Samonosilni nastavljivi balkon se prilagodi vsaki stavbi in ponuja najve\u010djo svobodo pri oblikovanju z najmanj\u0161im naporom pri vgradnji.&#8221;<\/em><\/strong><\/p>\n<\/div>\n<\/div>\n\n\n\n<div class=\"wp-block-columns is-layout-flex wp-container-core-columns-is-layout-28f84493 wp-block-columns-is-layout-flex\">\n<div class=\"wp-block-column is-layout-flow wp-block-column-is-layout-flow\" style=\"flex-basis:66.66%\"><div class=\"tgs-gallery\" data-tablet-slides=\"4\" data-desktop-slides=\"5\"><div class=\"t3-tgs swiper mainSlider\">\n                <div class=\"has-icon icon-enlarge\"><\/div>\n                <div class=\"swiper-wrapper lg-swiper\"><div class=\"swiper-slide\"><a href=\"https:\/\/www.leeb-balkone.com\/app\/uploads\/2020\/07\/vorstellbalkon-mit-stuetzen-134-scaled.jpg\"><img decoding=\"async\" src=\"https:\/\/www.leeb-balkone.com\/app\/uploads\/2020\/07\/vorstellbalkon-mit-stuetzen-134-scaled.jpg\" alt=\"vorstellbalkon mit stuetzen\"><\/a><div class=\"tgs-desc\">Prednji balkon s perforirano balkonsko ograjo<\/div><\/div><div class=\"swiper-slide\"><a href=\"https:\/\/www.leeb-balkone.com\/app\/uploads\/2020\/07\/vorstellbalkon-mit-stuetzen-132-scaled.jpg\"><img decoding=\"async\" src=\"https:\/\/www.leeb-balkone.com\/app\/uploads\/2020\/07\/vorstellbalkon-mit-stuetzen-132-scaled.jpg\" alt=\"vorstellbalkon mit stuetzen\"><\/a><div class=\"tgs-desc\">Prednji balkon za poletni vrt, raz\u0161irjen s pomo\u010djo drsnih elementov podjetja Leeb<\/div><\/div><div class=\"swiper-slide\"><a href=\"https:\/\/www.leeb-balkone.com\/app\/uploads\/2020\/07\/vorstellbalkon-mit-stuetzen-131-scaled.jpg\"><img decoding=\"async\" src=\"https:\/\/www.leeb-balkone.com\/app\/uploads\/2020\/07\/vorstellbalkon-mit-stuetzen-131-scaled.jpg\" alt=\"vorstellbalkon mit stuetzen\"><\/a><div class=\"tgs-desc\">\u00dcberdachter Anbaubalkon von Leeb<\/div><\/div><div class=\"swiper-slide\"><a href=\"https:\/\/www.leeb-balkone.com\/app\/uploads\/2020\/07\/anbaubalkon-mit-stuetzen-46-scaled.jpg\"><img decoding=\"async\" src=\"https:\/\/www.leeb-balkone.com\/app\/uploads\/2020\/07\/anbaubalkon-mit-stuetzen-46-scaled.jpg\" alt=\"anbaubalkon mit stuetzen\"><\/a><div class=\"tgs-desc\">Prizidni balkon z dostopom po stopnicah<\/div><\/div><\/div><div class=\"mainSliderPrev\"><\/div><div class=\"mainSliderNext\"><\/div><div class=\"main_slider_dots\"><\/div><\/div><div class=\"swiper thumbSlider\"><div class=\"swiper-wrapper wp-block-t3-carousel-wrapper\"><div class=\"swiper-slide\"><img decoding=\"async\" src=\"https:\/\/www.leeb-balkone.com\/app\/uploads\/2020\/07\/vorstellbalkon-mit-stuetzen-134-1024x684.jpg\" alt=\"vorstellbalkon mit stuetzen\" \/><\/div><div class=\"swiper-slide\"><img decoding=\"async\" src=\"https:\/\/www.leeb-balkone.com\/app\/uploads\/2020\/07\/vorstellbalkon-mit-stuetzen-132-1024x684.jpg\" alt=\"vorstellbalkon mit stuetzen\" \/><\/div><div class=\"swiper-slide\"><img decoding=\"async\" src=\"https:\/\/www.leeb-balkone.com\/app\/uploads\/2020\/07\/vorstellbalkon-mit-stuetzen-131-1024x683.jpg\" alt=\"vorstellbalkon mit stuetzen\" \/><\/div><div class=\"swiper-slide\"><img decoding=\"async\" src=\"https:\/\/www.leeb-balkone.com\/app\/uploads\/2020\/07\/anbaubalkon-mit-stuetzen-46-1024x682.jpg\" alt=\"anbaubalkon mit stuetzen\" \/><\/div><\/div><div class=\"thumbSliderPrev swiper-button-prev\"><\/div><div class=\"thumbSliderNext swiper-button-next\"><\/div><\/div><\/div><\/div>\n\n\n\n<div class=\"wp-block-column is-layout-flow wp-block-column-is-layout-flow\" style=\"flex-basis:33.33%\">\n<h2 class=\"wp-block-heading has-step-2-font-size\">Neodvisno od statike stavbe<\/h2>\n\n\n\n<p>Sistem je vsestranska re\u0161itev, ki jo je mogo\u010de prilagodljivo pritrditi na skoraj vsako stavbo. Konstrukcija stoji samostojno in se lahko izvede kot enonadstropni ali ve\u010dnadstropni balkon. Izstopajo\u010di balkon je na fasado pritrjen le proti horizontalnim silam. Izstopajo\u010di balkoni s \u0161tirimi nosilci so \u0161e posebej preprosta, ekonomi\u010dna in pogosto optimalna mo\u017enost za naknadno vgradnjo novih balkonskih sistemov &#8211; tako pri novogradnjah kot pri prenovah.   <\/p>\n\n\n\n<ul class=\"wp-block-list is-style-checkmark-2\">\n<li>Neodvisno od statike stavbe<\/li>\n\n\n\n<li>Prilagodljivost za novogradnje in prenove<\/li>\n\n\n\n<li>Gradnja balkonov s podjetjem \u0161t. 1 v Evropi<\/li>\n\n\n\n<li>Ve\u010d kot 200 modelov ograj  <\/li>\n<\/ul>\n<\/div>\n<\/div>\n\n\n\n<div class=\"wp-block-group m-teaser o-grid u-md-1 is-layout-flow wp-block-group-is-layout-flow\" style=\"margin-top:0;padding-top:var(--wp--preset--spacing--xl-2-xl)\">\n<div class=\"wp-block-group u-g-10 u-g-s-2 is-layout-flow wp-block-group-is-layout-flow\" style=\"margin-top:0;margin-bottom:var(--wp--preset--spacing--s)\"><div class=\"wp-block-t3-tabs t3-tabs t3-tabs--centered\" data-uniqueid=\"tabs-8f57f258\" data-use-headings=\"false\" data-heading-level=\"h2\"><ul class=\"t3-tabs__list\" role=\"tablist\"><li role=\"presentation\"><button role=\"tab\" id=\"tabs-8f57f258-tab-0\" aria-controls=\"tabs-8f57f258-panel-0\" class=\"t3-tabs__tab-button t3-tabs__tab-button--active\" aria-selected=\"true\" tabindex=\"0\"><div class=\"t3-tabs__tab-button-inner\"><span class=\"t3-tabs__tab-title\">Lastnosti<\/span><\/div><\/button><\/li><li role=\"presentation\"><button role=\"tab\" id=\"tabs-8f57f258-tab-1\" aria-controls=\"tabs-8f57f258-panel-1\" class=\"t3-tabs__tab-button\" aria-selected=\"false\" tabindex=\"-1\"><div class=\"t3-tabs__tab-button-inner\"><span class=\"t3-tabs__tab-title\">Aplikacije<\/span><\/div><\/button><\/li><li role=\"presentation\"><button role=\"tab\" id=\"tabs-8f57f258-tab-2\" aria-controls=\"tabs-8f57f258-panel-2\" class=\"t3-tabs__tab-button\" aria-selected=\"false\" tabindex=\"-1\"><div class=\"t3-tabs__tab-button-inner\"><span class=\"t3-tabs__tab-title\">Modeli in dodatna oprema<\/span><\/div><\/button><\/li><\/ul><div class=\"t3-tabs__panels\"><div class=\"t3-tab__content t3-tabs__panel\" role=\"tabpanel\" id=\"tabs-8f57f258-panel-0\" aria-labelledby=\"tabs-8f57f258-tab-0\">\n<p>\u010celni balkon je popolnoma prostostoje\u010d balkonski sistem, ki je postavljen pred stavbo. Konstrukcija stoji na lastnih podporah\/osnovah in je na fasado pritrjena le zaradi bo\u010dne pritrditve ali porazdelitve obremenitve &#8211; ne pa zaradi nosilnosti. <\/p>\n\n\n\n<ul class=\"wp-block-list\">\n<li><strong>Struktura<\/strong>: Glavna obremenitev se prena\u0161a na tla prek navpi\u010dnih podpor in lo\u010denega temelja. Pritrditev na stavbo se uporablja le za stabilizacijo in ne za podporo. <\/li>\n\n\n\n<li><strong>Prednosti<\/strong>: Neodvisno od nosilnosti fasade &#8211; idealno za stare stavbe, lesene ali monta\u017ene hi\u0161e. Modularna raz\u0161iritev, tudi v ve\u010d nadstropjih. Hitra vgradnja z zelo majhnim vplivom na stavbno strukturo. Mo\u017enost naknadne vgradnje tudi v te\u017ekih gradbenih razmerah.     <\/li>\n\n\n\n<li><strong>Omejitve<\/strong>: To\u010dkovni temelji na nosilec). Vidni nosilci vplivajo na videz in morda tudi na uporabno povr\u0161ino pod njimi. <\/li>\n<\/ul>\n<\/div><div class=\"t3-tab__content t3-tabs__panel\" role=\"tabpanel\" id=\"tabs-8f57f258-panel-1\" aria-labelledby=\"tabs-8f57f258-tab-1\">\n<p>Re\u0161itev s \u0161tirimi stebri za sprednje balkone je \u0161e posebej priporo\u010dljiva za naslednje vrste stavb:<\/p>\n\n\n\n<ul class=\"wp-block-list\">\n<li><strong>Ve\u010dstanovanjske hi\u0161e<\/strong>: Ve\u010d balkonov je mogo\u010de brez te\u017eav in brez poslab\u0161anja statike stavbe postaviti enega nad drugim.<\/li>\n\n\n\n<li><strong>Stare stavbe in obstoje\u010de stavbe<\/strong>: Ker niso potrebni zahtevni posegi v obstoje\u010do statiko ali fasado, je re\u0161itev idealna za prenove in naknadne raz\u0161iritve balkonov.<\/li>\n\n\n\n<li><strong>Stanovanjske stavbe in storitvene stavbe<\/strong>: 4-stebrna re\u0161itev je prilagodljiva in ekonomi\u010dna za razli\u010dne na\u010dine uporabe, kot so stanovanjske stavbe, pisarni\u0161ke stavbe, objekti za oskrbo, hoteli ali nastanitveni objekti.<\/li>\n\n\n\n<li><strong>Stavbe s toplotno izolacijo ali ob\u010dutljivimi fasadami<\/strong>: Ker je konstrukcija v veliki meri neodvisna, to skoraj ne vpliva na izolacijo in prepre\u010duje toplotne mostove.<\/li>\n<\/ul>\n\n\n\n<p>Na splo\u0161no je re\u0161itev s \u0161tirimi stebri \u0161e posebej ugodna, kadar so potrebni prilagodljivost, naknadno opremljanje in minimalni posegi v stavbno strukturo.<\/p>\n<\/div><div class=\"t3-tab__content t3-tabs__panel\" role=\"tabpanel\" id=\"tabs-8f57f258-panel-2\" aria-labelledby=\"tabs-8f57f258-tab-2\">\n<p>Nastavljivi balkoni Leeb ponujajo celotno paleto modelov balkonov Leeb in \u0161tevilne mo\u017enosti opreme:  <\/p>\n\n\n\n<ul class=\"wp-block-list\">\n<li><strong>Aluminijaste balkonske ograje<\/strong> odlikujejo trpe\u017enost, odpornost proti vremenskim vplivom in enostavno vzdr\u017eevanje, ki jih podpirajo visokokakovostni pra\u0161ni premazi in za\u0161\u010ditni sistem Alu. Ve\u010d kot 200 modelov v razli\u010dnih izvedbah in barvah omogo\u010da prilagodljivo in individualno oblikovanje, ki ustreza vsakemu arhitekturnemu slogu. Od ograj iz stekla in aluminija do ograj iz celega stekla, premazi v vseh barvah RAL in z goljufivo resni\u010dnim videzom lesa, posebne serije za raz\u0161iritve balkonov in \u0161e veliko ve\u010d.  <\/li>\n\n\n\n<li><strong>Lesene balkonske ograje<\/strong> ponujajo naravni \u010dar in \u0161tevilne mo\u017enosti oblikovanja v razli\u010dnih vrstah lesa, barvah in oblikah. \u0160irok izbor sega od tradicionalnih do sodobnih in zagotavlja harmoni\u010dno prilagoditev vsaki arhitekturi. <\/li>\n<\/ul>\n\n\n\n<p>Sprednje in dodatne balkone je mogo\u010de kombinirati z <strong>vsemi modeli ograj Leeb<\/strong> &#8211; od klasi\u010dnih do sodobnih, vodoravnih, navpi\u010dnih ali s steklenimi plo\u0161\u010dami. Z <strong><a href=\"https:\/\/www.leeb-balkone.com\/sl\/montazni-balkoni\/tla-za-balkone-in-terase\/\">talnimi oblogami<\/a><\/strong> so na voljo les, aluminij, betonski bloki ali porcelanast kamen.<\/p>\n<\/div><\/div><\/div><\/div>\n<\/div>\n<\/section>\n\n\n\n<section class=\"wp-block-group alignfull has-light-gray-background-color has-background has-global-padding is-layout-constrained wp-container-core-group-is-layout-52f96efc wp-block-group-is-layout-constrained\" id=\"service-qualitaet\">\n<div class=\"wp-block-group o-grid u-md-1 is-layout-flow wp-block-group-is-layout-flow\">\n<div class=\"wp-block-group u-g-9 u-g-s-2 is-layout-flow wp-block-group-is-layout-flow\" style=\"margin-bottom:var(--wp--preset--spacing--s)\">\n<h2 class=\"wp-block-heading\">Prednji balkoni Leeb  <\/h2>\n\n\n\n<p><span class=\"teaser\">Predstavljeni balkoni odpirajo nove prostore, pove\u010dujejo bivalno udobje in so primerni za naknadno vgradnjo v skoraj vsako nepremi\u010dnino &#8211; kot enojni, dvojni ali zlo\u017eeni balkoni.<\/span><\/p>\n<\/div>\n<\/div>\n\n\n\n<div class=\"wp-block-group small is-style-white-cards sm-2-cols is-layout-grid wp-container-core-group-is-layout-7785d981 wp-block-group-is-layout-grid\">\n<div class=\"wp-block-group m-card has-modal is-layout-flow wp-container-core-group-is-layout-8a368f38 wp-block-group-is-layout-flow\" data-modal-id=\"151384\">\n<figure class=\"wp-block-image size-large is-style-default\"><img loading=\"lazy\" decoding=\"async\" width=\"1024\" height=\"714\" src=\"https:\/\/www.leeb-balkone.com\/app\/uploads\/2023\/09\/objektbau-anbaubalkone-1024x714.jpg\" alt=\"objektbau anbaubalkone\" class=\"wp-image-131849\" srcset=\"https:\/\/www.leeb-balkone.com\/app\/uploads\/2023\/09\/objektbau-anbaubalkone-1024x714.jpg 1024w, https:\/\/www.leeb-balkone.com\/app\/uploads\/2023\/09\/objektbau-anbaubalkone-300x209.jpg 300w, https:\/\/www.leeb-balkone.com\/app\/uploads\/2023\/09\/objektbau-anbaubalkone-768x536.jpg 768w, https:\/\/www.leeb-balkone.com\/app\/uploads\/2023\/09\/objektbau-anbaubalkone-1536x1071.jpg 1536w, https:\/\/www.leeb-balkone.com\/app\/uploads\/2023\/09\/objektbau-anbaubalkone-2048x1428.jpg 2048w\" sizes=\"auto, (max-width: 1024px) 100vw, 1024px\" \/><figcaption class=\"wp-element-caption\">Nato<\/figcaption><\/figure>\n\n\n\n<div class=\"wp-block-group m-card-content has-white-background-color has-background is-vertical is-layout-flex wp-container-core-group-is-layout-5580f018 wp-block-group-is-layout-flex\">\n<h3 class=\"wp-block-heading\"><strong>Balkonsko gojenje z evropsko \u0161tevilko 1<\/strong><\/h3>\n\n\n\n<p>Leeb Balconies je va\u0161 specialist za prilagojene dodatne in sprednje balkone.<\/p>\n<\/div>\n<a href=\"#overlay-151384\" class=\"open-modal-link\" aria-label=\"Open modal\"><span class=\"sr-only\">\u00d6ffne Modal<\/span><\/a><\/div>\n\n\n\n<div class=\"wp-block-group m-card has-modal is-layout-flow wp-container-core-group-is-layout-8a368f38 wp-block-group-is-layout-flow\" data-modal-id=\"150749\">\n<figure class=\"wp-block-image size-large is-style-default\"><img loading=\"lazy\" decoding=\"async\" width=\"1024\" height=\"767\" src=\"https:\/\/www.leeb-balkone.com\/app\/uploads\/2020\/08\/leeb-balkone-mitarbeiter-4-1024x767.jpeg\" alt=\"Namestitev prilagojene balkonske ograje iz aluminija Leeb\" class=\"wp-image-6083\" srcset=\"https:\/\/www.leeb-balkone.com\/app\/uploads\/2020\/08\/leeb-balkone-mitarbeiter-4-1024x767.jpeg 1024w, https:\/\/www.leeb-balkone.com\/app\/uploads\/2020\/08\/leeb-balkone-mitarbeiter-4-2048x1535.jpeg 2048w, https:\/\/www.leeb-balkone.com\/app\/uploads\/2020\/08\/leeb-balkone-mitarbeiter-4-300x225.jpeg 300w, https:\/\/www.leeb-balkone.com\/app\/uploads\/2020\/08\/leeb-balkone-mitarbeiter-4-768x575.jpeg 768w, https:\/\/www.leeb-balkone.com\/app\/uploads\/2020\/08\/leeb-balkone-mitarbeiter-4-1536x1151.jpeg 1536w\" sizes=\"auto, (max-width: 1024px) 100vw, 1024px\" \/><\/figure>\n\n\n\n<div class=\"wp-block-group m-card-content has-white-background-color has-background is-vertical is-layout-flex wp-container-core-group-is-layout-5580f018 wp-block-group-is-layout-flex\">\n<h3 class=\"wp-block-heading\">Vsestranske storitve za brezskrbno izvajanje<\/h3>\n\n\n\n<p>Svetovanje na kraju samem, 3D konfigurator, tovarni\u0161ka proizvodnja, dobava in monta\u017ea.<\/p>\n<\/div>\n<a href=\"#overlay-150749\" class=\"open-modal-link\" aria-label=\"Open modal\"><span class=\"sr-only\">\u00d6ffne Modal<\/span><\/a><\/div>\n\n\n\n<div class=\"wp-block-group m-card has-modal is-layout-flow wp-container-core-group-is-layout-8a368f38 wp-block-group-is-layout-flow\" data-modal-id=\"150746\">\n<figure class=\"wp-block-image size-full\"><img loading=\"lazy\" decoding=\"async\" width=\"2048\" height=\"1366\" src=\"https:\/\/www.leeb-balkone.com\/app\/uploads\/2022\/05\/glas-bearbeitung-zuschnitt--scaled.jpg\" alt=\"glas bearbeitung zuschnitt \" class=\"wp-image-83644\" srcset=\"https:\/\/www.leeb-balkone.com\/app\/uploads\/2022\/05\/glas-bearbeitung-zuschnitt--scaled.jpg 2048w, https:\/\/www.leeb-balkone.com\/app\/uploads\/2022\/05\/glas-bearbeitung-zuschnitt--300x200.jpg 300w, https:\/\/www.leeb-balkone.com\/app\/uploads\/2022\/05\/glas-bearbeitung-zuschnitt--1024x683.jpg 1024w, https:\/\/www.leeb-balkone.com\/app\/uploads\/2022\/05\/glas-bearbeitung-zuschnitt--768x512.jpg 768w, https:\/\/www.leeb-balkone.com\/app\/uploads\/2022\/05\/glas-bearbeitung-zuschnitt--1536x1024.jpg 1536w\" sizes=\"auto, (max-width: 2048px) 100vw, 2048px\" \/><\/figure>\n\n\n\n<div class=\"wp-block-group m-card-content has-white-background-color has-background is-vertical is-layout-flex wp-container-core-group-is-layout-5580f018 wp-block-group-is-layout-flex\">\n<h3 class=\"wp-block-heading\"><strong>Laminirano varnostno steklo vrhunske kakovosti<\/strong><\/h3>\n\n\n\n<p>Preizku\u0161ena varnost, inovativne zasnove in dolgotrajna kakovost po meri s podjetjem Leeb Glas.<\/p>\n<\/div>\n<a href=\"#overlay-150746\" class=\"open-modal-link\" aria-label=\"Open modal\"><span class=\"sr-only\">\u00d6ffne Modal<\/span><\/a><\/div>\n\n\n\n<div class=\"wp-block-group m-card has-modal is-layout-flow wp-container-core-group-is-layout-8a368f38 wp-block-group-is-layout-flow\" data-modal-id=\"150753\">\n<figure class=\"wp-block-image size-large\"><img loading=\"lazy\" decoding=\"async\" width=\"1024\" height=\"665\" src=\"https:\/\/www.leeb-balkone.com\/app\/uploads\/2020\/08\/alu-comfort-plus-1024x665.jpg\" alt=\"alu comfort plus\" class=\"wp-image-5082\" srcset=\"https:\/\/www.leeb-balkone.com\/app\/uploads\/2020\/08\/alu-comfort-plus-1024x665.jpg 1024w, https:\/\/www.leeb-balkone.com\/app\/uploads\/2020\/08\/alu-comfort-plus-300x195.jpg 300w, https:\/\/www.leeb-balkone.com\/app\/uploads\/2020\/08\/alu-comfort-plus-768x499.jpg 768w, https:\/\/www.leeb-balkone.com\/app\/uploads\/2020\/08\/alu-comfort-plus-1536x997.jpg 1536w, https:\/\/www.leeb-balkone.com\/app\/uploads\/2020\/08\/alu-comfort-plus-2048x1330.jpg 2048w\" sizes=\"auto, (max-width: 1024px) 100vw, 1024px\" \/><\/figure>\n\n\n\n<div class=\"wp-block-group m-card-content has-white-background-color has-background is-vertical is-layout-flex wp-container-core-group-is-layout-5580f018 wp-block-group-is-layout-flex\">\n<h3 class=\"wp-block-heading\">Dolgoro\u010dna za\u0161\u010dita z ALU Comfort Plus\u00ae<\/h3>\n\n\n\n<p>Patentiran premaz in obdelava aluminija na najvi\u0161ji ravni.<\/p>\n<\/div>\n<a href=\"#overlay-150753\" class=\"open-modal-link\" aria-label=\"Open modal\"><span class=\"sr-only\">\u00d6ffne Modal<\/span><\/a><\/div>\n<\/div>\n\n\n\n<div class=\"wp-block-group o-grid u-md-1 is-layout-flow wp-block-group-is-layout-flow\" style=\"padding-top:var(--wp--preset--spacing--l)\">\n<div class=\"wp-block-group u-g-9 u-g-s-2 is-layout-flow wp-block-group-is-layout-flow\" style=\"margin-bottom:var(--wp--preset--spacing--s)\">\n<h3 class=\"wp-block-heading\">Prednosti na prvi pogled<\/h3>\n\n\n\n<p>Leebov dvokrilni balkon je najbolj\u0161a izbira za dolgotrajne zunanje povr\u0161ine, saj temelji na tehni\u010dno dovr\u0161enih, vremensko odpornih sistemih, ki jih je mogo\u010de izvesti na skoraj vsaki vrsti hi\u0161e, ne glede na statiko stavbe, in zaradi patentirane povr\u0161inske obdelave, tehni\u010dno dovr\u0161enih postopkov in kakovostnih materialov ostanejo trajno lepi in enostavni za vzdr\u017eevanje.<\/p>\n\n\n\n<ul class=\"wp-block-list is-style-checkmark-2\">\n<li><strong>Ne glede na konstrukcijo stavbe:<\/strong> nastavljiv balkon Leeb stoji na lastnih nosilcih in potrebuje le minimalno pritrditev na fasado, kar pomeni, da ga je mogo\u010de naknadno vgraditi v skoraj vsako stavbo &#8211; idealen je tudi za energetsko u\u010dinkovite prenove ali starej\u0161e stavbe.<\/li>\n\n\n\n<li><strong>Najve\u010dja svoboda oblikovanja:<\/strong> ve\u010d kot 200 modelov ograj iz aluminija in lesa, \u0161tevilne talne obloge (les, aluminij, betonski blok, porcelanast kamen) in individualne barvne kombinacije omogo\u010dajo popolno prilagoditev vsakemu arhitekturnemu slogu.<\/li>\n\n\n\n<li><strong>Raz\u0161irljivost in vsestranskost:<\/strong> nastavljive balkone Leeb je mogo\u010de po \u017eelji opremiti s strehami, letnimi vrtovi ali solarnimi izdelki in jih tako prilagoditi individualnim \u017eivljenjskim potrebam.<\/li>\n\n\n\n<li><strong>Hitra in \u010dista vgradnja:<\/strong> Prilagojena monta\u017ea in strokovna vgradnja, ki jo opravi podjetje Leeb, zagotavljata hitro izvedbo z minimalnimi motnjami za stanovalce in stavbo.<\/li>\n\n\n\n<li><strong>Vsestranske storitve vodilnega podjetja na trgu:<\/strong> Leeb svoje stranke zanesljivo in kompetentno podpira od osebnega svetovanja do na\u010drtovanja in namestitve &#8211; po vsej Evropi z gosto mre\u017eo partnerjev.<\/li>\n<\/ul>\n<\/div>\n<\/div>\n<\/section>\n\n\n\n\n\n<section class=\"wp-block-cover alignfull is-light katalog-cta\" style=\"margin-top:0;margin-bottom:0;padding-top:0;padding-right:0;padding-bottom:0;padding-left:0;min-height:100px;aspect-ratio:unset;\" id=\"katalogbestellung\"><img loading=\"lazy\" decoding=\"async\" width=\"1920\" height=\"599\" class=\"wp-block-cover__image-background wp-image-7912 size-full\" alt=\"leeb balkone katalog anfordern\" src=\"https:\/\/www.leeb-balkone.com\/app\/uploads\/2020\/09\/leeb-balkone-katalog-anfordern-1.jpeg\" data-object-fit=\"cover\" srcset=\"https:\/\/www.leeb-balkone.com\/app\/uploads\/2020\/09\/leeb-balkone-katalog-anfordern-1-300x94.jpeg 300w, https:\/\/www.leeb-balkone.com\/app\/uploads\/2020\/09\/leeb-balkone-katalog-anfordern-1-1024x319.jpeg 1024w, https:\/\/www.leeb-balkone.com\/app\/uploads\/2020\/09\/leeb-balkone-katalog-anfordern-1-768x240.jpeg 768w, https:\/\/www.leeb-balkone.com\/app\/uploads\/2020\/09\/leeb-balkone-katalog-anfordern-1-1536x479.jpeg 1536w\" sizes=\"auto, (max-width: 1920px) 100vw, 1920px\" \/><span aria-hidden=\"true\" class=\"wp-block-cover__background has-primary-45-background-color has-background-dim-80 has-background-dim\"><\/span><div class=\"wp-block-cover__inner-container has-global-padding is-layout-constrained wp-container-core-cover-is-layout-fc5783d2 wp-block-cover-is-layout-constrained\">\n<div class=\"wp-block-group is-layout-flow wp-block-group-is-layout-flow\" style=\"min-height:0px;margin-top:0;margin-bottom:0;padding-top:var(--wp--preset--spacing--2-xl);padding-bottom:var(--wp--preset--spacing--2-xl);padding-left:0\">\n<div class=\"wp-block-columns are-vertically-aligned-center is-layout-flex wp-container-core-columns-is-layout-0a4bbf16 wp-block-columns-is-layout-flex\" style=\"margin-top:0;margin-bottom:0\">\n<div class=\"wp-block-column is-vertically-aligned-center is-layout-flow wp-block-column-is-layout-flow\" style=\"flex-basis:66.66%\">\n<h2 class=\"wp-block-heading\">Sprednji balkoni v katalogu<\/h2>\n\n\n\n<p class=\"is-style-teaser\"><span class=\"teaser\"><span class=\"teaser\"><span class=\"teaser\"><span class=\"teaser\">Va\u0161 osebni katalog \u010daka na vas! Naro\u010dite zdaj brezpla\u010dno in spoznajte na\u0161e sisteme za gojenje. Poi\u0161\u010dite re\u0161itev, ki vam popolnoma ustreza.<\/span><\/span><\/span><\/span><\/p>\n<\/div>\n\n\n\n<div class=\"wp-block-column is-vertically-aligned-center is-layout-flow wp-block-column-is-layout-flow\" style=\"flex-basis:33.33%\">\n<div class=\"wp-block-buttons u-m-jc-left is-content-justification-right is-layout-flex wp-container-core-buttons-is-layout-c060c6c7 wp-block-buttons-is-layout-flex\">\n<div class=\"wp-block-button is-style-filled-white large\"><a class=\"wp-block-button__link wp-element-button\" href=\"https:\/\/www.leeb-balkone.com\/sl\/kontakt\/zahtevajte-katalog\/\" style=\"box-shadow:var(--wp--preset--shadow--button-shadow)\">Zahtevajte katalog<\/a><\/div>\n<\/div>\n<\/div>\n<\/div>\n<\/div>\n<\/div><\/section>\n\n\n\n<section class=\"wp-block-group alignfull has-white-background-color has-background has-global-padding is-layout-constrained wp-container-core-group-is-layout-52f96efc wp-block-group-is-layout-constrained\">\n<div class=\"wp-block-group o-grid u-md-1 is-layout-flow wp-block-group-is-layout-flow\" style=\"padding-top:0\">\n<div class=\"wp-block-group u-g-9 u-g-s-2 is-layout-flow wp-block-group-is-layout-flow\" style=\"margin-bottom:var(--wp--preset--spacing--s)\">\n<h2 class=\"wp-block-heading\">Reference<\/h2>\n<\/div>\n<\/div>\n\n\n\n<div class=\"wp-block-t3-carousel-wrapper\" id=\"t3-carousel-6dd410d8-cef3-4aee-93a6-54bd95e76bca\"><div class=\"wp-block-t3-carousel t3-carousel-block swiper\" data-swiper-options=\"{&quot;loop&quot;:false,&quot;preloadImages&quot;:false,&quot;lazy&quot;:{&quot;loadPrevNext&quot;:true},&quot;autoplay&quot;:{&quot;delay&quot;:3000,&quot;disableOnInteraction&quot;:false},&quot;navigation&quot;:{&quot;nextEl&quot;:&quot;#t3-carousel-6dd410d8-cef3-4aee-93a6-54bd95e76bca .t3-carousel-6dd410d8-cef3-4aee-93a6-54bd95e76bca-next&quot;,&quot;prevEl&quot;:&quot;#t3-carousel-6dd410d8-cef3-4aee-93a6-54bd95e76bca .t3-carousel-6dd410d8-cef3-4aee-93a6-54bd95e76bca-prev&quot;},&quot;pagination&quot;:{&quot;el&quot;:&quot;#t3-carousel-6dd410d8-cef3-4aee-93a6-54bd95e76bca .t3-carousel-6dd410d8-cef3-4aee-93a6-54bd95e76bca-pagination&quot;,&quot;clickable&quot;:true},&quot;scrollbar&quot;:false,&quot;breakpoints&quot;:{&quot;0&quot;:{&quot;slidesPerView&quot;:1.15,&quot;spaceBetween&quot;:24},&quot;769&quot;:{&quot;slidesPerView&quot;:1,&quot;spaceBetween&quot;:30}}}\"><div class=\"swiper-wrapper\">\n<div class=\"wp-block-t3-carousel-slide t3-carousel-slide swiper-slide\">\n<div class=\"wp-block-columns testimonial m-split is-layout-flex wp-container-core-columns-is-layout-3331f5f7 wp-block-columns-is-layout-flex\" style=\"padding-bottom:0\">\n<div class=\"wp-block-column is-layout-flow wp-block-column-is-layout-flow\">\n<div class=\"wp-block-group is-layout-flow wp-block-group-is-layout-flow has-background\" style=\"min-height:100%;background-image:url(&#039;https:\/\/www.leeb-balkone.com\/app\/uploads\/2024\/10\/Kundenreferenz-Anbaubalkon-mit-Stuetzen-und-Glasbalkon-scaled.jpg&#039;);background-size:cover;\"><\/div>\n<\/div>\n\n\n\n<div class=\"wp-block-column is-vertically-aligned-top testimonial-text is-layout-flow wp-block-column-is-layout-flow\">\n<div class=\"wp-block-group has-light-gray-background-color has-background is-vertical is-layout-flex wp-container-core-group-is-layout-044273ab wp-block-group-is-layout-flex\" style=\"padding-top:var(--wp--preset--spacing--xl);padding-right:var(--wp--preset--spacing--xl);padding-bottom:var(--wp--preset--spacing--xl);padding-left:var(--wp--preset--spacing--l)\">\n<p class=\"has-step-1-font-size\"><em>&#8220;Zelo smo navdu\u0161eni, \u0161e posebej zato, ker se videz popolnoma ujema s slogom hi\u0161e. Prav tako se nam je zdelo super, da smo lahko imeli zadnje nosilce v beli barvi, ki je enaka barvi stene hi\u0161e. Na ta na\u010din se tudi balkon dobro zlije s hi\u0161o. Kamnite plo\u0161\u010dice smo odkrili med obiskom svetovalne pisarne, naredijo dober vtis in se zelo dobro prilegajo.&#8221;   <\/em><\/p>\n\n\n\n<p class=\"has-step-s-font-size\"><strong>Dru\u017eina D\u00f6brich<br><\/strong>79189 Bad Krozingen<\/p>\n<\/div>\n<\/div>\n<\/div>\n<\/div>\n\n\n\n<div class=\"wp-block-t3-carousel-slide t3-carousel-slide swiper-slide\">\n<div class=\"wp-block-columns testimonial m-split is-layout-flex wp-container-core-columns-is-layout-3331f5f7 wp-block-columns-is-layout-flex\" style=\"padding-bottom:0\">\n<div class=\"wp-block-column is-layout-flow wp-block-column-is-layout-flow\">\n<div class=\"wp-block-group is-layout-flow wp-block-group-is-layout-flow has-background\" style=\"min-height:100%;background-image:url(&#039;https:\/\/www.leeb-balkone.com\/app\/uploads\/2024\/07\/MF_40830C1B-M08_20240703-134242.jpg&#039;);background-size:cover;\"><\/div>\n<\/div>\n\n\n\n<div class=\"wp-block-column is-vertically-aligned-top testimonial-text is-layout-flow wp-block-column-is-layout-flow\">\n<div class=\"wp-block-group has-light-gray-background-color has-background is-vertical is-layout-flex wp-container-core-group-is-layout-044273ab wp-block-group-is-layout-flex\" style=\"padding-top:var(--wp--preset--spacing--xl);padding-right:var(--wp--preset--spacing--xl);padding-bottom:var(--wp--preset--spacing--xl);padding-left:var(--wp--preset--spacing--l)\">\n<p class=\"has-step-1-font-size\"><em>&#8220;Draga ekipa Leeb, gospoda sta se zelo potrudila in opravila odli\u010dno delo. To je bila \u010de\u0161nja na torti za na\u0161 novi zunanji prostor. Najlep\u0161a hvala za va\u0161e pripravljalno delo in da je vse potekalo tako gladko. S postopkom smo zelo zadovoljni, saj je na prvi pogled vse videti v najlep\u0161em redu.&#8221;   <\/em><\/p>\n\n\n\n<p class=\"has-step-s-font-size\"><strong>Dru\u017eina Borawski<br><\/strong>35083 Wetter (Hessen)<\/p>\n<\/div>\n<\/div>\n<\/div>\n<\/div>\n<\/div><div class=\"swiper-pagination t3-carousel-6dd410d8-cef3-4aee-93a6-54bd95e76bca-pagination\"><\/div><\/div><div class=\"swiper-button-prev t3-carousel-6dd410d8-cef3-4aee-93a6-54bd95e76bca-prev\"><\/div><div class=\"swiper-button-next t3-carousel-6dd410d8-cef3-4aee-93a6-54bd95e76bca-next\"><\/div><\/div>\n<\/section>\n\n\n\n<section class=\"wp-block-group alignfull has-white-background-color has-background has-global-padding is-layout-constrained wp-container-core-group-is-layout-9fa1424c wp-block-group-is-layout-constrained\" style=\"padding-top:0\">\n<div class=\"wp-block-group o-grid u-md-1 is-layout-flow wp-block-group-is-layout-flow\" style=\"padding-top:0\">\n<div class=\"wp-block-group u-g-9 u-g-s-2 is-layout-flow wp-block-group-is-layout-flow\" style=\"margin-bottom:var(--wp--preset--spacing--s)\">\n<h2 class=\"wp-block-heading\">Zakaj izbrati nastavljiv balkon Leeb?<\/h2>\n\n\n\n<p class=\"is-style-teaser\"><span class=\"teaser\">Prednji balkon Leeb je najbolj\u0161a izbira za vse, ki si \u017eelijo ve\u010d \u017eivljenjskega prostora, ne glede na konstrukcijo stavbe.<\/span><\/p>\n<\/div>\n<\/div>\n\n\n\n<div class=\"wp-block-group is-layout-flow wp-container-core-group-is-layout-d5075d26 wp-block-group-is-layout-flow\">\n<div class=\"wp-block-columns is-style-shadow m-split is-layout-flex wp-container-core-columns-is-layout-28f84493 wp-block-columns-is-layout-flex\">\n<div class=\"wp-block-column is-style-default is-layout-flow wp-block-column-is-layout-flow\">\n<figure class=\"wp-block-image size-large\"><img loading=\"lazy\" decoding=\"async\" width=\"1024\" height=\"694\" src=\"https:\/\/www.leeb-balkone.com\/app\/uploads\/2020\/07\/vorstellbalkon-mit-stuetzen-118-1024x694.jpg\" alt=\"Sprednji balkoni na novi stavbi\" class=\"wp-image-4608\" style=\"aspect-ratio:4\/3;object-fit:cover\" srcset=\"https:\/\/www.leeb-balkone.com\/app\/uploads\/2020\/07\/vorstellbalkon-mit-stuetzen-118-1024x694.jpg 1024w, https:\/\/www.leeb-balkone.com\/app\/uploads\/2020\/07\/vorstellbalkon-mit-stuetzen-118-300x203.jpg 300w, https:\/\/www.leeb-balkone.com\/app\/uploads\/2020\/07\/vorstellbalkon-mit-stuetzen-118-768x521.jpg 768w, https:\/\/www.leeb-balkone.com\/app\/uploads\/2020\/07\/vorstellbalkon-mit-stuetzen-118-1536x1041.jpg 1536w, https:\/\/www.leeb-balkone.com\/app\/uploads\/2020\/07\/vorstellbalkon-mit-stuetzen-118-2048x1388.jpg 2048w, https:\/\/www.leeb-balkone.com\/app\/uploads\/2020\/07\/vorstellbalkon-mit-stuetzen-118-400x270.jpg 400w\" sizes=\"auto, (max-width: 1024px) 100vw, 1024px\" \/><\/figure>\n<\/div>\n\n\n\n<div class=\"wp-block-column is-vertically-aligned-center is-style-overlay-content is-layout-flow wp-block-column-is-layout-flow\">\n<div class=\"wp-block-group is-vertical is-layout-flex wp-container-core-group-is-layout-6aed0e10 wp-block-group-is-layout-flex\">\n<h3 class=\"wp-block-heading\">Sprednji balkoni na novi stavbi<\/h3>\n\n\n\n<p>Nastavljivi balkoni Leeb so tudi izjemno u\u010dinkovita in stro\u0161kovno ugodna re\u0161itev za ustvarjanje prostornih zunanjih povr\u0161in v novogradnjah. Namestijo se \u0161ele, ko so kon\u010dana vsa fasadna dela in zunanji toplotnoizolacijski kompozitni sistem, kar optimizira postopek gradnje in zagotavlja, da ovoj stavbe ostane popolnoma za\u0161\u010diten. Zaradi popolne monta\u017ee v tovarni so balkoni dostavljeni na gradbi\u0161\u010de kot enote, pripravljene za vgradnjo, ter jih je mogo\u010de hitro in \u010disto namestiti.  <\/p>\n\n\n\n<div class=\"wp-block-buttons is-layout-flex wp-block-buttons-is-layout-flex\" style=\"margin-top:var(--wp--preset--spacing--2-xs)\">\n<div class=\"wp-block-button is-style-outline-secondary\"><a class=\"wp-block-button__link has-transparent-background-color has-background wp-element-button\" href=\"https:\/\/www.leeb-balkone.com\/sl\/stanovanjski-objekti\/\">Preberite ve\u010d<\/a><\/div>\n<\/div>\n<\/div>\n<\/div>\n<\/div>\n\n\n\n<div class=\"wp-block-columns is-style-shadow m-split m-split-reverse is-layout-flex wp-container-core-columns-is-layout-28f84493 wp-block-columns-is-layout-flex\">\n<div class=\"wp-block-column is-style-default is-layout-flow wp-block-column-is-layout-flow\">\n<figure class=\"wp-block-image size-large\"><img loading=\"lazy\" decoding=\"async\" width=\"1024\" height=\"683\" src=\"https:\/\/www.leeb-balkone.com\/app\/uploads\/2020\/07\/anbaubalkon-mit-stuetzen-10aa-1024x683.jpg\" alt=\"Sprednji balkon - prenova, posodobitev in raz\u0161iritev\" class=\"wp-image-58607\" style=\"aspect-ratio:4\/3;object-fit:cover\" srcset=\"https:\/\/www.leeb-balkone.com\/app\/uploads\/2020\/07\/anbaubalkon-mit-stuetzen-10aa-1024x683.jpg 1024w, https:\/\/www.leeb-balkone.com\/app\/uploads\/2020\/07\/anbaubalkon-mit-stuetzen-10aa-300x200.jpg 300w, https:\/\/www.leeb-balkone.com\/app\/uploads\/2020\/07\/anbaubalkon-mit-stuetzen-10aa-768x512.jpg 768w, https:\/\/www.leeb-balkone.com\/app\/uploads\/2020\/07\/anbaubalkon-mit-stuetzen-10aa-1536x1024.jpg 1536w, https:\/\/www.leeb-balkone.com\/app\/uploads\/2020\/07\/anbaubalkon-mit-stuetzen-10aa-scaled.jpg 2048w\" sizes=\"auto, (max-width: 1024px) 100vw, 1024px\" \/><\/figure>\n<\/div>\n\n\n\n<div class=\"wp-block-column is-vertically-aligned-center is-style-overlay-content is-layout-flow wp-block-column-is-layout-flow\">\n<div class=\"wp-block-group is-vertical is-layout-flex wp-container-core-group-is-layout-6aed0e10 wp-block-group-is-layout-flex\">\n<h3 class=\"wp-block-heading\">Sprednji balkoni v prenovi<\/h3>\n\n\n\n<p>Prednji balkoni Leeb so \u0161e posebej primerni za obse\u017ene prenove balkonov, pri katerih se obstoje\u010di balkoni odstranijo in nadomestijo z novimi balkoni na nosilcih pred fasado. Ti balkoni se izka\u017eejo za ekonomi\u010dno in prakti\u010dno re\u0161itev zlasti pri projektih modernizacije, saj omogo\u010dajo raz\u0161iritev bivalnega prostora na prostem, ne da bi pri tem mo\u010dno vplivali na konstrukcijo stavbe. Vpliv na konstrukcijo stavbe je \u010dim manj\u0161i, tako da lahko stanovalci med deli ostanejo v svojih stanovanjih, hrup in umazanija pa sta \u010dim manj\u0161a.  <\/p>\n<\/div>\n<\/div>\n<\/div>\n\n\n\n<div class=\"wp-block-columns is-style-shadow m-split is-layout-flex wp-container-core-columns-is-layout-28f84493 wp-block-columns-is-layout-flex\">\n<div class=\"wp-block-column is-style-default is-layout-flow wp-block-column-is-layout-flow\">\n<figure class=\"wp-block-image size-large\"><img decoding=\"async\" src=\"https:\/\/www.leeb-balkone.com\/app\/uploads\/2023\/09\/objektbau-anbaubalkone-1024x714.jpg\" alt=\"Gradnja balkona kot prizidka in sprednjega balkona\" class=\"wp-image-108859\" style=\"aspect-ratio:4\/3;object-fit:cover\"\/><\/figure>\n<\/div>\n\n\n\n<div class=\"wp-block-column is-vertically-aligned-center is-style-overlay-content is-layout-flow wp-block-column-is-layout-flow\">\n<div class=\"wp-block-group is-vertical is-layout-flex wp-container-core-group-is-layout-6aed0e10 wp-block-group-is-layout-flex\">\n<h3 class=\"wp-block-heading\">Nastavljivi aluminijasti balkoni Leeb prepri\u010dajo<\/h3>\n\n\n\n<p>Dobili boste balkonsko re\u0161itev, ki izpolnjuje najvi\u0161je tehni\u010dne in vizualne zahteve ter je tudi po letih uporabe \u0161e vedno videti kot nova.<\/p>\n\n\n\n<ul class=\"wp-block-list\">\n<li>Visokokakovostni aluminij, odporen proti koroziji, s patentiranim pra\u0161nim premazom<\/li>\n\n\n\n<li>Natan\u010dna izdelava in prilagojena proizvodnja za najve\u010djo stabilnost<\/li>\n\n\n\n<li>Nevidni vija\u010dni priklju\u010dek za eleganten in jasen videz<\/li>\n\n\n\n<li>Trajnost, enostavno vzdr\u017eevanje in ohranjanje trajne vrednosti<\/li>\n\n\n\n<li>Hitra monta\u017ea zaradi tovarni\u0161ke prefabrikacije<\/li>\n<\/ul>\n\n\n<\/div>\n<\/div>\n<\/div>\n<\/div>\n<\/section>\n\n\n\n<section class=\"wp-block-group alignfull has-light-gray-background-color has-background has-global-padding is-layout-constrained wp-container-core-group-is-layout-52f96efc wp-block-group-is-layout-constrained\">\n<div class=\"wp-block-group o-grid u-md-1 is-layout-flow wp-block-group-is-layout-flow\" style=\"padding-top:0\">\n<div class=\"wp-block-group u-g-9 u-g-s-2 is-layout-flow wp-block-group-is-layout-flow\" style=\"margin-bottom:var(--wp--preset--spacing--s)\">\n<h2 class=\"wp-block-heading\">Pogosto zastavljena vpra\u0161anja<\/h2>\n\n\n\n<p class=\"is-style-teaser\" style=\"padding-bottom:var(--wp--preset--spacing--m)\">Imate splo\u0161na vpra\u0161anja o na\u0161ih nastavljivih balkonih? V na\u0161ih Pogosto zastavljenih vpra\u0161anjih boste na\u0161li kratke odgovore na pogosto zastavljena vpra\u0161anja o nastavljivem balkonu Leeb.<\/p>\n\n\n\n<div class=\"wp-block-t3-acc-accordion is-style-default\"><button id=\"accordion-09a5fc20-c4d3-44d9-afce-a29d6fa2257e-button\" class=\"accordion__button\" aria-expanded=\"false\" aria-controls=\"accordion-09a5fc20-c4d3-44d9-afce-a29d6fa2257e-panel\"><h3 data-accordion-title=\"true\" style=\"font-size:var(--step-1)\"><strong><strong><strong>Kak\u0161na je razlika med sprednjim balkonom in dodatnim balkonom z nosilci?<\/strong><\/strong><\/strong><\/h3><\/button><div id=\"accordion-09a5fc20-c4d3-44d9-afce-a29d6fa2257e-panel\" class=\"accordion__panel\" role=\"region\" aria-labelledby=\"accordion-09a5fc20-c4d3-44d9-afce-a29d6fa2257e-button\">\n<p>Glavna razlika med dodatnim sistemom Leeb s podporami in sprednjim balkonom Leeb je v na\u010dinu gradnje in konstrukcijski integraciji v stavbo. Pri <strong>dodatnem balkonu s podporami<\/strong> je balkon delno zasidran v fasado in dodatno podprt z dvema (ali ve\u010d) podporama; del obremenitve tako prevzame stavba, preostanek pa se prek podpor prenese na tla &#8211; ta re\u0161itev je posebej primerna, \u010de je stena hi\u0161e nosilna in \u017eelimo filigranski videz. Nasprotno pa je <strong>prednji balkon Leeb<\/strong> popolnoma samonosna konstrukcija na \u0161tirih podporah, ki je postavljena pred hi\u0161o neodvisno od konstrukcije stavbe; celotna obremenitev se prek podpor prenese na tla, zato je potrebno le minimalno sidranje proti horizontalnim silam na fasadi. Zaradi tega je nastavljiv balkon izjemno prilagodljiv tudi pri poznej\u0161ih raz\u0161iritvah, velikih gradbenih globinah ali ve\u010d balkonih drug na drugem ter varuje toplotno izolacijo ovoja stavbe. Oba sistema sta na voljo v aluminiju ali lesu, mogo\u010de ju je individualno oblikovati in kombinirati z vsemi modeli ograj Leeb in razli\u010dnimi talnimi oblogami    <\/p>\n<\/div><\/div>\n\n\n\n<div class=\"wp-block-t3-acc-accordion is-style-default\"><button id=\"accordion-58b29b10-cb9a-477b-a449-786c69aed00d-button\" class=\"accordion__button\" aria-expanded=\"false\" aria-controls=\"accordion-58b29b10-cb9a-477b-a449-786c69aed00d-panel\"><h3 data-accordion-title=\"true\" style=\"font-size:var(--step-1)\"><strong><strong><strong>Kako poteka namestitev nastavljivega balkona?<\/strong><\/strong><\/strong><\/h3><\/button><div id=\"accordion-58b29b10-cb9a-477b-a449-786c69aed00d-panel\" class=\"accordion__panel\" role=\"region\" aria-labelledby=\"accordion-58b29b10-cb9a-477b-a449-786c69aed00d-button\">\n<p>Vgradnja sprednjega balkona se praviloma izvede na lo\u010denih temeljih, ki podpirajo stebre. Platforma balkona je nato name\u0161\u010dena na te nosilce in je s fasado povezana le na dolo\u010denih mestih, obi\u010dajno zato, da se prepre\u010di nagibanje. <\/p>\n\n\n\n<p>Leeb poskrbi za celoten postopek: po podrobnem posvetovanju in na\u010drtovanju se postavijo temelji, dostavijo prilagojeni elementi, ki jih namestijo izku\u0161eni monterji. Zaradi samonosilne konstrukcije je vgradnja mogo\u010da tudi na zahtevnih fasadah ali v zaprtih prostorih. Visokokakovostni premaz in natan\u010dna izdelava zagotavljata, da bo balkon dolga leta stabilen, enostaven za vzdr\u017eevanje in vizualno privla\u010den.  <\/p>\n<\/div><\/div>\n\n\n\n<div class=\"wp-block-t3-acc-accordion is-style-default\"><button id=\"accordion-38187a8d-c74b-4403-97bc-4930650c6655-button\" class=\"accordion__button\" aria-expanded=\"false\" aria-controls=\"accordion-38187a8d-c74b-4403-97bc-4930650c6655-panel\"><h3 data-accordion-title=\"true\" style=\"font-size:var(--step-1)\"><strong><strong><strong>Kako vzdr\u017eljiv in enostaven za vzdr\u017eevanje je nastavljiv balkon?<\/strong><\/strong><\/strong><\/h3><\/button><div id=\"accordion-38187a8d-c74b-4403-97bc-4930650c6655-panel\" class=\"accordion__panel\" role=\"region\" aria-labelledby=\"accordion-38187a8d-c74b-4403-97bc-4930650c6655-button\">\n<p>Sprednji balkoni so obi\u010dajno zasnovani za dolgo \u017eivljenjsko dobo, saj so izdelani iz trdnih materialov, odpornih na vremenske vplive.<\/p>\n\n\n\n<p>Podjetje Leeb za svoje nastavljive balkone uporablja le visokokakovostne aluminijaste profile ali les, odporen na vremenske vplive, v kombinaciji s pra\u0161nim premazom ALU COMFORT PLUS\u00ae. To zagotavlja najve\u010djo za\u0161\u010dito pred korozijo in enostavno vzdr\u017eevanje povr\u0161ine &#8211; umazanija se preprosto odvr\u017ee in ni potrebna dolgotrajna naknadna obdelava. Konstrukcija je tako stabilna, da brez te\u017eav absorbira tudi velike sne\u017ene obremenitve in sunke vetra. Leeb za svoje balkone ponuja dolgoro\u010dno garancijo, kar \u0161e dodatno poudarja njihovo kakovost in trajnost.   <\/p>\n<\/div><\/div>\n\n\n\n<div class=\"wp-block-t3-acc-accordion is-style-default\"><button id=\"accordion-7a883df2-d7c5-4f86-a2e6-7a16c77e1e6a-button\" class=\"accordion__button\" aria-expanded=\"false\" aria-controls=\"accordion-7a883df2-d7c5-4f86-a2e6-7a16c77e1e6a-panel\"><h3 data-accordion-title=\"true\" style=\"font-size:var(--step-1)\"><strong><strong><strong>Ali je mogo\u010de prilagodljiv balkon Leeb prilagoditi po meri?<\/strong><\/strong><\/strong><\/h3><\/button><div id=\"accordion-7a883df2-d7c5-4f86-a2e6-7a16c77e1e6a-panel\" class=\"accordion__panel\" role=\"region\" aria-labelledby=\"accordion-7a883df2-d7c5-4f86-a2e6-7a16c77e1e6a-button\">\n<p>Da, podjetje Leeb ponuja \u0161tevilne mo\u017enosti oblikovanja: Razli\u010dne talne obloge (les, aluminij, kamen), ve\u010d kot 200 razli\u010dic ograj, \u0161tevilne barve in povr\u0161ine ter opcijske raz\u0161iritve, kot so stre\u0161na kritina ali zasloni za zasebnost. Vsak balkon je individualno na\u010drtovan in izdelan v skladu z \u017eeljami in konstrukcijskimi zahtevami stranke, tako da se harmoni\u010dno zlije z arhitekturo hi\u0161e in izpolnjuje vse funkcionalne zahteve. <\/p>\n<\/div><\/div>\n\n\n\n<div class=\"wp-block-t3-acc-accordion is-style-default\"><button id=\"accordion-f64a1193-1c35-4e0d-9bd5-6a70a394a206-button\" class=\"accordion__button\" aria-expanded=\"false\" aria-controls=\"accordion-f64a1193-1c35-4e0d-9bd5-6a70a394a206-panel\"><h3 data-accordion-title=\"true\" style=\"font-size:var(--step-1)\"><strong><strong><strong>Ali je za konzolne balkone treba pridobiti dovoljenje?<\/strong><\/strong><\/strong><\/h3><\/button><div id=\"accordion-f64a1193-1c35-4e0d-9bd5-6a70a394a206-panel\" class=\"accordion__panel\" role=\"region\" aria-labelledby=\"accordion-f64a1193-1c35-4e0d-9bd5-6a70a394a206-button\">\n<p>Da, za konzolne balkone je v Nem\u010diji, Avstriji in \u0160vici na splo\u0161no treba pridobiti dovoljenje. Le v nekaj primerih je mogo\u010de postaviti balkon pred hi\u0161o brez dovoljenja. Praviloma je treba v vseh treh dr\u017eavah pri pristojnem organu zaprositi za gradbeno dovoljenje za dodajanje sprednjega balkona, saj tak\u0161ni gradbeni ukrepi vplivajo na zunanji videz in statiko stavbe. Posebne zahteve in postopek se razlikujejo glede na dr\u017eavo, zvezno de\u017eelo ali kanton &#8211; zato se je vedno treba predhodno posvetovati z gradbenim organom. Za nezavezujo\u010de posvetovanje se obrnite na lokalnega svetovalca Leeb!    <\/p>\n<\/div><\/div>\n<\/div>\n<\/div>\n<\/section>\n\n\n\n<section class=\"wp-block-group alignfull has-white-background-color has-background has-global-padding is-layout-constrained wp-container-core-group-is-layout-52f96efc wp-block-group-is-layout-constrained\">\n<div class=\"wp-block-group o-grid u-md-1 is-layout-flow wp-block-group-is-layout-flow\" style=\"padding-top:0\">\n<div class=\"wp-block-group u-g-9 u-g-s-2 is-layout-flow wp-block-group-is-layout-flow\">\n<h2 class=\"wp-block-heading\">Vtisi<\/h2>\n\n\n\n<p><span class=\"teaser\">Naj vas navdihnejo mo\u017enosti oblikovanja, ki jih ponujajo na\u0161i razstavni balkoni.<\/span><\/p>\n<\/div>\n<\/div>\n\n\n    <div id=\"t3-lg-block-1\" class=\"wp-block-t3-lightgallery\" data-initial-count=\"12\">\n      <div class=\"lg-container u-grid-temp has-4-cols\">\n                  <div class=\"lg-item\" data-src=\"https:\/\/www.leeb-balkone.com\/app\/uploads\/2020\/07\/vorstellbalkon-mit-stuetzen-122.jpg\"\n              data-sub-html=\"&lt;p&gt;Vorstellbalkon mit St\u00fctzen - Balkongel\u00e4nder Modell Madrid&lt;\/p&gt;\">\n            <div class=\"img-wrapper\">\n                <figure>\n                    <img loading=\"lazy\" decoding=\"async\" width=\"300\" height=\"225\" src=\"https:\/\/www.leeb-balkone.com\/app\/uploads\/2020\/07\/vorstellbalkon-mit-stuetzen-122-300x225.jpg\" class=\"attachment-medium size-medium\" alt=\"vorstellbalkon mit stuetzen\" srcset=\"https:\/\/www.leeb-balkone.com\/app\/uploads\/2020\/07\/vorstellbalkon-mit-stuetzen-122-300x225.jpg 300w, https:\/\/www.leeb-balkone.com\/app\/uploads\/2020\/07\/vorstellbalkon-mit-stuetzen-122-1024x768.jpg 1024w, https:\/\/www.leeb-balkone.com\/app\/uploads\/2020\/07\/vorstellbalkon-mit-stuetzen-122-768x576.jpg 768w, https:\/\/www.leeb-balkone.com\/app\/uploads\/2020\/07\/vorstellbalkon-mit-stuetzen-122-1536x1152.jpg 1536w, https:\/\/www.leeb-balkone.com\/app\/uploads\/2020\/07\/vorstellbalkon-mit-stuetzen-122-2048x1536.jpg 2048w\" sizes=\"auto, (min-width: 1200px) 260px, (min-width: 1024px) 220px, (min-width: 640px) 465px, 768px\" \/>    \n                <\/figure>\n                        <\/div>\n            <p>Vorstellbalkon mit St\u00fctzen &#8211; Balkongel\u00e4nder Modell Madrid<\/p>        <\/div>\n                  <div class=\"lg-item\" data-src=\"https:\/\/www.leeb-balkone.com\/app\/uploads\/2020\/07\/vorstellbalkon-mit-stuetzen-125.jpg\"\n              data-sub-html=\"&lt;p&gt;Vorstellbalkon mit Glasgel\u00e4nder - Modell Vital&lt;\/p&gt;\">\n            <div class=\"img-wrapper\">\n                <figure>\n                    <img loading=\"lazy\" decoding=\"async\" width=\"300\" height=\"200\" src=\"https:\/\/www.leeb-balkone.com\/app\/uploads\/2020\/07\/vorstellbalkon-mit-stuetzen-125-300x200.jpg\" class=\"attachment-medium size-medium\" alt=\"vorstellbalkon mit stuetzen\" srcset=\"https:\/\/www.leeb-balkone.com\/app\/uploads\/2020\/07\/vorstellbalkon-mit-stuetzen-125-300x200.jpg 300w, https:\/\/www.leeb-balkone.com\/app\/uploads\/2020\/07\/vorstellbalkon-mit-stuetzen-125-1024x683.jpg 1024w, https:\/\/www.leeb-balkone.com\/app\/uploads\/2020\/07\/vorstellbalkon-mit-stuetzen-125-768x512.jpg 768w, https:\/\/www.leeb-balkone.com\/app\/uploads\/2020\/07\/vorstellbalkon-mit-stuetzen-125-1536x1025.jpg 1536w, https:\/\/www.leeb-balkone.com\/app\/uploads\/2020\/07\/vorstellbalkon-mit-stuetzen-125-2048x1366.jpg 2048w\" sizes=\"auto, (min-width: 1200px) 260px, (min-width: 1024px) 220px, (min-width: 640px) 465px, 768px\" \/>    \n                <\/figure>\n                        <\/div>\n            <p>Vorstellbalkon mit Glasgel\u00e4nder &#8211; Modell Vital<\/p>        <\/div>\n                  <div class=\"lg-item\" data-src=\"https:\/\/www.leeb-balkone.com\/app\/uploads\/2020\/07\/vorstellbalkon-mit-stuetzen-115-scaled.jpg\"\n              data-sub-html=\"&lt;p&gt;nachtr\u00e4glich installierter Vorstellbalkon mit Stiegenzugang&lt;\/p&gt;\">\n            <div class=\"img-wrapper\">\n                <figure>\n                    <img loading=\"lazy\" decoding=\"async\" width=\"300\" height=\"200\" src=\"https:\/\/www.leeb-balkone.com\/app\/uploads\/2020\/07\/vorstellbalkon-mit-stuetzen-115-300x200.jpg\" class=\"attachment-medium size-medium\" alt=\"vorstellbalkon mit stuetzen\" srcset=\"https:\/\/www.leeb-balkone.com\/app\/uploads\/2020\/07\/vorstellbalkon-mit-stuetzen-115-300x200.jpg 300w, https:\/\/www.leeb-balkone.com\/app\/uploads\/2020\/07\/vorstellbalkon-mit-stuetzen-115-1024x684.jpg 1024w, https:\/\/www.leeb-balkone.com\/app\/uploads\/2020\/07\/vorstellbalkon-mit-stuetzen-115-768x513.jpg 768w, https:\/\/www.leeb-balkone.com\/app\/uploads\/2020\/07\/vorstellbalkon-mit-stuetzen-115-1536x1025.jpg 1536w, https:\/\/www.leeb-balkone.com\/app\/uploads\/2020\/07\/vorstellbalkon-mit-stuetzen-115-scaled.jpg 2048w\" sizes=\"auto, (min-width: 1200px) 260px, (min-width: 1024px) 220px, (min-width: 640px) 465px, 768px\" \/>    \n                <\/figure>\n                        <\/div>\n            <p>nachtr\u00e4glich installierter Vorstellbalkon mit Stiegenzugang<\/p>        <\/div>\n                  <div class=\"lg-item\" data-src=\"https:\/\/www.leeb-balkone.com\/app\/uploads\/2020\/07\/vorstellbalkon-mit-stuetzen-12-Kopie-scaled.jpg\"\n              data-sub-html=\"&lt;p&gt;Vorstellbalkon aus Aluminium &lt;\/p&gt;\">\n            <div class=\"img-wrapper\">\n                <figure>\n                    <img loading=\"lazy\" decoding=\"async\" width=\"300\" height=\"178\" src=\"https:\/\/www.leeb-balkone.com\/app\/uploads\/2020\/07\/vorstellbalkon-mit-stuetzen-12-Kopie-300x178.jpg\" class=\"attachment-medium size-medium\" alt=\"Rustikales Wohnh\u00e4uschen mit Alu-Vorstellbalkon\" srcset=\"https:\/\/www.leeb-balkone.com\/app\/uploads\/2020\/07\/vorstellbalkon-mit-stuetzen-12-Kopie-300x178.jpg 300w, https:\/\/www.leeb-balkone.com\/app\/uploads\/2020\/07\/vorstellbalkon-mit-stuetzen-12-Kopie-1024x608.jpg 1024w, https:\/\/www.leeb-balkone.com\/app\/uploads\/2020\/07\/vorstellbalkon-mit-stuetzen-12-Kopie-768x456.jpg 768w, https:\/\/www.leeb-balkone.com\/app\/uploads\/2020\/07\/vorstellbalkon-mit-stuetzen-12-Kopie-1536x911.jpg 1536w, https:\/\/www.leeb-balkone.com\/app\/uploads\/2020\/07\/vorstellbalkon-mit-stuetzen-12-Kopie-2048x1215.jpg 2048w\" sizes=\"auto, (min-width: 1200px) 260px, (min-width: 1024px) 220px, (min-width: 640px) 465px, 768px\" \/>    \n                <\/figure>\n                        <\/div>\n            <p>Vorstellbalkon aus Aluminium <\/p>        <\/div>\n                  <div class=\"lg-item\" data-src=\"https:\/\/www.leeb-balkone.com\/app\/uploads\/2020\/07\/vorstellbalkon-mit-stuetzen-133-scaled.jpg\"\n              data-sub-html=\"&lt;p&gt;Neprzezorna lo\u010devalna stena na prizidnem balkonu&lt;\/p&gt;\">\n            <div class=\"img-wrapper\">\n                <figure>\n                    <img loading=\"lazy\" decoding=\"async\" width=\"300\" height=\"236\" src=\"https:\/\/www.leeb-balkone.com\/app\/uploads\/2020\/07\/vorstellbalkon-mit-stuetzen-133-300x236.jpg\" class=\"attachment-medium size-medium\" alt=\"vorstellbalkon mit stuetzen\" srcset=\"https:\/\/www.leeb-balkone.com\/app\/uploads\/2020\/07\/vorstellbalkon-mit-stuetzen-133-300x236.jpg 300w, https:\/\/www.leeb-balkone.com\/app\/uploads\/2020\/07\/vorstellbalkon-mit-stuetzen-133-1024x806.jpg 1024w, https:\/\/www.leeb-balkone.com\/app\/uploads\/2020\/07\/vorstellbalkon-mit-stuetzen-133-768x605.jpg 768w, https:\/\/www.leeb-balkone.com\/app\/uploads\/2020\/07\/vorstellbalkon-mit-stuetzen-133-1536x1209.jpg 1536w, https:\/\/www.leeb-balkone.com\/app\/uploads\/2020\/07\/vorstellbalkon-mit-stuetzen-133-2048x1612.jpg 2048w\" sizes=\"auto, (min-width: 1200px) 260px, (min-width: 1024px) 220px, (min-width: 640px) 465px, 768px\" \/>    \n                <\/figure>\n                        <\/div>\n            <p>Neprzezorna lo\u010devalna stena na prizidnem balkonu<\/p>        <\/div>\n                  <div class=\"lg-item\" data-src=\"https:\/\/www.leeb-balkone.com\/app\/uploads\/2020\/07\/vorstellbalkon-mit-stuetzen-130-scaled-e1683696944759.jpg\"\n              data-sub-html=\"&lt;p&gt;Vorstellbalkon mit St\u00fctzen - Balkongel\u00e4nder Modell &lt;\/p&gt;\">\n            <div class=\"img-wrapper\">\n                <figure>\n                    <img loading=\"lazy\" decoding=\"async\" width=\"295\" height=\"300\" src=\"https:\/\/www.leeb-balkone.com\/app\/uploads\/2020\/07\/vorstellbalkon-mit-stuetzen-130-scaled-e1683696944759-295x300.jpg\" class=\"attachment-medium size-medium\" alt=\"vorstellbalkon mit stuetzen 130 e1683696944759\" srcset=\"https:\/\/www.leeb-balkone.com\/app\/uploads\/2020\/07\/vorstellbalkon-mit-stuetzen-130-scaled-e1683696944759-295x300.jpg 295w, https:\/\/www.leeb-balkone.com\/app\/uploads\/2020\/07\/vorstellbalkon-mit-stuetzen-130-scaled-e1683696944759-1005x1024.jpg 1005w, https:\/\/www.leeb-balkone.com\/app\/uploads\/2020\/07\/vorstellbalkon-mit-stuetzen-130-scaled-e1683696944759-768x782.jpg 768w, https:\/\/www.leeb-balkone.com\/app\/uploads\/2020\/07\/vorstellbalkon-mit-stuetzen-130-scaled-e1683696944759.jpg 1500w\" sizes=\"auto, (min-width: 1200px) 260px, (min-width: 1024px) 220px, (min-width: 640px) 465px, 768px\" \/>    \n                <\/figure>\n                        <\/div>\n            <p>Vorstellbalkon mit St\u00fctzen &#8211; Balkongel\u00e4nder Modell <\/p>        <\/div>\n                  <div class=\"lg-item\" data-src=\"https:\/\/www.leeb-balkone.com\/app\/uploads\/2020\/07\/vorstellbalkon-mit-stuetzen--scaled.jpg\"\n              data-sub-html=\"&lt;p&gt;Vorstellbalkon in anthrazit&lt;\/p&gt;\">\n            <div class=\"img-wrapper\">\n                <figure>\n                    <img loading=\"lazy\" decoding=\"async\" width=\"300\" height=\"255\" src=\"https:\/\/www.leeb-balkone.com\/app\/uploads\/2020\/07\/vorstellbalkon-mit-stuetzen--300x255.jpg\" class=\"attachment-medium size-medium\" alt=\"vorstellbalkon mit stuetzen \" srcset=\"https:\/\/www.leeb-balkone.com\/app\/uploads\/2020\/07\/vorstellbalkon-mit-stuetzen--300x255.jpg 300w, https:\/\/www.leeb-balkone.com\/app\/uploads\/2020\/07\/vorstellbalkon-mit-stuetzen--1024x870.jpg 1024w, https:\/\/www.leeb-balkone.com\/app\/uploads\/2020\/07\/vorstellbalkon-mit-stuetzen--768x653.jpg 768w, https:\/\/www.leeb-balkone.com\/app\/uploads\/2020\/07\/vorstellbalkon-mit-stuetzen--1536x1306.jpg 1536w, https:\/\/www.leeb-balkone.com\/app\/uploads\/2020\/07\/vorstellbalkon-mit-stuetzen--scaled.jpg 2048w, https:\/\/www.leeb-balkone.com\/app\/uploads\/2020\/07\/vorstellbalkon-mit-stuetzen--680x580.jpg 680w, https:\/\/www.leeb-balkone.com\/app\/uploads\/2020\/07\/vorstellbalkon-mit-stuetzen--1360x1160.jpg 1360w\" sizes=\"auto, (min-width: 1200px) 260px, (min-width: 1024px) 220px, (min-width: 640px) 465px, 768px\" \/>    \n                <\/figure>\n                        <\/div>\n            <p>Vorstellbalkon in anthrazit<\/p>        <\/div>\n                  <div class=\"lg-item\" data-src=\"https:\/\/www.leeb-balkone.com\/app\/uploads\/2020\/07\/vorstellbalkon-mit-stuetzen-13-Kopie-scaled.jpg\"\n              data-sub-html=\"&lt;p&gt;Vorstellbalkon mit einer Leeb-\u00dcberdachung&lt;\/p&gt;\">\n            <div class=\"img-wrapper\">\n                <figure>\n                    <img loading=\"lazy\" decoding=\"async\" width=\"300\" height=\"200\" src=\"https:\/\/www.leeb-balkone.com\/app\/uploads\/2020\/07\/vorstellbalkon-mit-stuetzen-13-Kopie-300x200.jpg\" class=\"attachment-medium size-medium\" alt=\"Mehr Platz auf der Terrasse mit Alu-Vorstellbalkon\" srcset=\"https:\/\/www.leeb-balkone.com\/app\/uploads\/2020\/07\/vorstellbalkon-mit-stuetzen-13-Kopie-300x200.jpg 300w, https:\/\/www.leeb-balkone.com\/app\/uploads\/2020\/07\/vorstellbalkon-mit-stuetzen-13-Kopie-1024x684.jpg 1024w, https:\/\/www.leeb-balkone.com\/app\/uploads\/2020\/07\/vorstellbalkon-mit-stuetzen-13-Kopie-768x513.jpg 768w, https:\/\/www.leeb-balkone.com\/app\/uploads\/2020\/07\/vorstellbalkon-mit-stuetzen-13-Kopie-1536x1025.jpg 1536w, https:\/\/www.leeb-balkone.com\/app\/uploads\/2020\/07\/vorstellbalkon-mit-stuetzen-13-Kopie-2048x1367.jpg 2048w\" sizes=\"auto, (min-width: 1200px) 260px, (min-width: 1024px) 220px, (min-width: 640px) 465px, 768px\" \/>    \n                <\/figure>\n                        <\/div>\n            <p>Vorstellbalkon mit einer Leeb-\u00dcberdachung<\/p>        <\/div>\n                  <div class=\"lg-item\" data-src=\"https:\/\/www.leeb-balkone.com\/app\/uploads\/2020\/07\/anbaubalkon-mit-stuetzen-50-scaled.jpg\"\n              data-sub-html=\"&lt;p&gt;Moderner Anbaubalkon aus Aluminium und Glas&lt;\/p&gt;\">\n            <div class=\"img-wrapper\">\n                <figure>\n                    <img loading=\"lazy\" decoding=\"async\" width=\"300\" height=\"200\" src=\"https:\/\/www.leeb-balkone.com\/app\/uploads\/2020\/07\/anbaubalkon-mit-stuetzen-50-300x200.jpg\" class=\"attachment-medium size-medium\" alt=\"Moderner Anbaubalkon aus Aluminium und Glas\" srcset=\"https:\/\/www.leeb-balkone.com\/app\/uploads\/2020\/07\/anbaubalkon-mit-stuetzen-50-300x200.jpg 300w, https:\/\/www.leeb-balkone.com\/app\/uploads\/2020\/07\/anbaubalkon-mit-stuetzen-50-1024x683.jpg 1024w, https:\/\/www.leeb-balkone.com\/app\/uploads\/2020\/07\/anbaubalkon-mit-stuetzen-50-768x512.jpg 768w, https:\/\/www.leeb-balkone.com\/app\/uploads\/2020\/07\/anbaubalkon-mit-stuetzen-50-1536x1024.jpg 1536w, https:\/\/www.leeb-balkone.com\/app\/uploads\/2020\/07\/anbaubalkon-mit-stuetzen-50-2048x1366.jpg 2048w\" sizes=\"auto, (min-width: 1200px) 260px, (min-width: 1024px) 220px, (min-width: 640px) 465px, 768px\" \/>    \n                <\/figure>\n                        <\/div>\n            <p>Moderner Anbaubalkon aus Aluminium und Glas<\/p>        <\/div>\n                  <div class=\"lg-item\" data-src=\"https:\/\/www.leeb-balkone.com\/app\/uploads\/2020\/07\/anbaubalkon-mit-stuetzen-12aa-scaled.jpg\"\n              data-sub-html=\"&lt;p&gt;Vorstellbalkon als Sommergarten mit Sichtschutzelementen in Holzoptik&lt;\/p&gt;\">\n            <div class=\"img-wrapper\">\n                <figure>\n                    <img loading=\"lazy\" decoding=\"async\" width=\"300\" height=\"200\" src=\"https:\/\/www.leeb-balkone.com\/app\/uploads\/2020\/07\/anbaubalkon-mit-stuetzen-12aa-300x200.jpg\" class=\"attachment-medium size-medium\" alt=\"anbaubalkon mit stuetzen 12aa\" srcset=\"https:\/\/www.leeb-balkone.com\/app\/uploads\/2020\/07\/anbaubalkon-mit-stuetzen-12aa-300x200.jpg 300w, https:\/\/www.leeb-balkone.com\/app\/uploads\/2020\/07\/anbaubalkon-mit-stuetzen-12aa-1024x683.jpg 1024w, https:\/\/www.leeb-balkone.com\/app\/uploads\/2020\/07\/anbaubalkon-mit-stuetzen-12aa-768x512.jpg 768w, https:\/\/www.leeb-balkone.com\/app\/uploads\/2020\/07\/anbaubalkon-mit-stuetzen-12aa-1536x1024.jpg 1536w, https:\/\/www.leeb-balkone.com\/app\/uploads\/2020\/07\/anbaubalkon-mit-stuetzen-12aa-scaled.jpg 2048w\" sizes=\"auto, (min-width: 1200px) 260px, (min-width: 1024px) 220px, (min-width: 640px) 465px, 768px\" \/>    \n                <\/figure>\n                        <\/div>\n            <p>Vorstellbalkon als Sommergarten mit Sichtschutzelementen in Holzoptik<\/p>        <\/div>\n                  <div class=\"lg-item\" data-src=\"https:\/\/www.leeb-balkone.com\/app\/uploads\/2020\/07\/vorstellbalkon-mit-ueberdachung-toscana-und-balkongelaender-vital-mit-stiege-scaled.jpg\"\n              data-sub-html=\"&lt;p&gt;Vorstellbalkon mit Terrassen\u00fcberdachung und Stiege&lt;\/p&gt;\">\n            <div class=\"img-wrapper\">\n                <figure>\n                    <img loading=\"lazy\" decoding=\"async\" width=\"300\" height=\"200\" src=\"https:\/\/www.leeb-balkone.com\/app\/uploads\/2020\/07\/vorstellbalkon-mit-ueberdachung-toscana-und-balkongelaender-vital-mit-stiege-300x200.jpg\" class=\"attachment-medium size-medium\" alt=\"vorstellbalkon mit ueberdachung toscana und balkongelaender vital mit stiege\" srcset=\"https:\/\/www.leeb-balkone.com\/app\/uploads\/2020\/07\/vorstellbalkon-mit-ueberdachung-toscana-und-balkongelaender-vital-mit-stiege-300x200.jpg 300w, https:\/\/www.leeb-balkone.com\/app\/uploads\/2020\/07\/vorstellbalkon-mit-ueberdachung-toscana-und-balkongelaender-vital-mit-stiege-1024x684.jpg 1024w, https:\/\/www.leeb-balkone.com\/app\/uploads\/2020\/07\/vorstellbalkon-mit-ueberdachung-toscana-und-balkongelaender-vital-mit-stiege-768x513.jpg 768w, https:\/\/www.leeb-balkone.com\/app\/uploads\/2020\/07\/vorstellbalkon-mit-ueberdachung-toscana-und-balkongelaender-vital-mit-stiege-1536x1025.jpg 1536w, https:\/\/www.leeb-balkone.com\/app\/uploads\/2020\/07\/vorstellbalkon-mit-ueberdachung-toscana-und-balkongelaender-vital-mit-stiege-2048x1367.jpg 2048w\" sizes=\"auto, (min-width: 1200px) 260px, (min-width: 1024px) 220px, (min-width: 640px) 465px, 768px\" \/>    \n                <\/figure>\n                        <\/div>\n            <p>Vorstellbalkon mit Terrassen\u00fcberdachung und Stiege<\/p>        <\/div>\n                <\/div>\n\n          <\/div>\n    <\/section>\n\n\n\n<section class=\"wp-block-group alignfull has-white-background-color has-background has-global-padding is-layout-constrained wp-container-core-group-is-layout-9fa1424c wp-block-group-is-layout-constrained\" style=\"padding-top:0\">\n<div class=\"wp-block-columns is-style-offset m-split is-layout-flex wp-container-core-columns-is-layout-28f84493 wp-block-columns-is-layout-flex\">\n<div class=\"wp-block-column is-layout-flow wp-block-column-is-layout-flow\"><div class=\"vp-map-wrapper vp-map-ratio-19-1\"><img decoding=\"async\" width=\"1440\" height=\"884\" src=\"https:\/\/www.leeb-balkone.com\/app\/uploads\/2026\/04\/map-sl.jpg\" class=\"attachment-full size-full\" alt=\"map-sl\" style=\"width:100%;height:100%;object-fit:cover;display:block;\" loading=\"lazy\" srcset=\"https:\/\/www.leeb-balkone.com\/app\/uploads\/2026\/04\/map-sl.jpg 1440w, https:\/\/www.leeb-balkone.com\/app\/uploads\/2026\/04\/map-sl-300x184.jpg 300w, https:\/\/www.leeb-balkone.com\/app\/uploads\/2026\/04\/map-sl-1024x629.jpg 1024w, https:\/\/www.leeb-balkone.com\/app\/uploads\/2026\/04\/map-sl-768x471.jpg 768w\" sizes=\"auto, (min-width: 1536px) 2048px, (min-width: 992px) 1536px, (min-width: 768px) 1024px, (min-width: 576px) 768px, 100vw\" \/><\/div>\n<\/div>\n\n\n\n<div class=\"wp-block-column is-vertically-aligned-center is-style-overlay-content is-layout-flow wp-block-column-is-layout-flow\">\n<div class=\"wp-block-group is-vertical is-layout-flex wp-container-core-group-is-layout-bd7877ba wp-block-group-is-layout-flex\">\n<h2 class=\"wp-block-heading has-step-2-font-size\">Posredniki v Sloveniji<\/h2>\n\n\n\n<p>Kompetentni LEEB partnerji v va\u0161i regiji. Osebno svetovanje, natan\u010dno na\u010drtovanje in strokovna monta\u017ea.<\/p>\n\n\n\n<div class=\"wp-block-buttons is-layout-flex wp-block-buttons-is-layout-flex\" style=\"margin-top:var(--wp--preset--spacing--2-xs)\">\n<div class=\"wp-block-button is-style-cta\"><a class=\"wp-block-button__link has-transparent-background-color has-background wp-element-button\" href=\"https:\/\/www.leeb-balkone.com\/sl\/distribucijski-partnerji\/\">Poi\u0161\u010dite prodajnega partnerja<span class=\"sr-only\"> Distribucijski partner Leeb Balkone Slovenija<\/span><\/a><\/div>\n<\/div>\n<\/div>\n<\/div>\n<\/div>\n<\/section>\n\n\n\n<section class=\"wp-block-group alignfull has-light-gray-background-color has-background has-global-padding is-layout-constrained wp-container-core-group-is-layout-52f96efc wp-block-group-is-layout-constrained\" id=\"beratungstermin\">\n<div class=\"wp-block-group m-teaser o-grid u-md-1 is-layout-flow wp-block-group-is-layout-flow\">\n<div class=\"wp-block-group u-g-7 u-g-s-2 is-layout-flow wp-block-group-is-layout-flow\" style=\"margin-bottom:var(--wp--preset--spacing--s)\">\n<h2 class=\"wp-block-heading\">Stopite v stik z nami<\/h2>\n\n\n\n<p><strong><strong>Na\u010drtujete projekt ali imate vpra\u0161anja o nas in na\u0161ih re\u0161itvah? Pi\u0161ite nam: z veseljem bomo odgovorili na va\u0161a vpra\u0161anja!<\/strong><\/strong><\/p>\n<\/div>\n<\/div>\n\n\n\n<div class=\"wp-block-group m-teaser o-grid u-md-1 is-layout-flow wp-block-group-is-layout-flow\">\n<div class=\"wp-block-group u-g-7 u-g-s-2 is-layout-flow wp-block-group-is-layout-flow\" style=\"margin-bottom:var(--wp--preset--spacing--s)\"><form action=\"https:\/\/www.leeb-balkone.com\/sl\/wp-json\/ws-form\/v1\/submit\" class=\"wsf-form wsf-form-canvas\" id=\"ws-form-1\" data-id=\"11\" data-instance-id=\"1\" method=\"POST\"><\/form>\n<\/div>\n\n\n\n<div class=\"wp-block-group u-g-3 u-g-s-9 is-layout-flow wp-block-group-is-layout-flow\"><div class=\"t3-sidebar-buttons wp-block-buttons is-layout-flex wp-block-buttons-is-layout-flex\"><div class=\"wp-block-button is-style-fill icon-book icon-left\">\n                        <a class=\"wp-block-button__link has-secondary-color has-white-background-color has-text-color has-background has-link-color wp-element-button\" href=\"https:\/\/www.leeb-balkone.com\/sl\/kontakt\/zahtevajte-katalog\/\" style=\"box-shadow:var(--wp--preset--shadow--box-shadow)\">Zahtevajte katalog<\/a>\n                    <\/div><\/div>\n<\/div>\n<\/div>\n<\/section>\n","protected":false},"excerpt":{"rendered":"","protected":false},"author":4,"featured_media":0,"parent":154860,"menu_order":0,"comment_status":"closed","ping_status":"closed","template":"template-onepager.blade.php","meta":{"_acf_changed":false,"footnotes":"","_sage_theme_css":true,"_wp_block_core_css":true},"folder":[247,238],"class_list":["post-163830","page","type-page","status-publish","hentry"],"acf":[],"yoast_head":"<!-- This site is optimized with the Yoast SEO plugin v27.2 - https:\/\/yoast.com\/product\/yoast-seo-wordpress\/ -->\n<title>Sprednji balkon &quot; samonosilni balkonski podalj\u0161ek - % Leeb Balkone % Slovenija<\/title>\n<meta name=\"description\" content=\"Uresni\u010dite svoj sanjski \u017eivljenjski prostor z monta\u017enim balkonom Leeb. Idealen za naknadno vgradnjo, ne glede na statiko fasade. Varen, prilagodljiv in brez vzdr\u017eevanja!\" \/>\n<meta name=\"robots\" content=\"index, follow, max-snippet:-1, max-image-preview:large, max-video-preview:-1\" \/>\n<meta property=\"og:locale\" content=\"sl_SI\" \/>\n<meta property=\"og:type\" content=\"article\" \/>\n<meta property=\"og:title\" content=\"Sprednji balkon &quot; samonosilni balkonski podalj\u0161ek - % Leeb Balkone %\" \/>\n<meta property=\"og:description\" content=\"Uresni\u010dite svoj sanjski \u017eivljenjski prostor z monta\u017enim balkonom Leeb. Idealen za naknadno vgradnjo, ne glede na statiko fasade. Varen, prilagodljiv in brez vzdr\u017eevanja!\" \/>\n<meta property=\"og:url\" content=\"https:\/\/www.leeb-balkone.com\/sl\/montazni-balkoni\/alu-samostojeci-balkon\/\" \/>\n<meta property=\"og:site_name\" content=\"Leeb Balkone\" \/>\n<meta property=\"article:publisher\" content=\"https:\/\/www.facebook.com\/balkone\/\" \/>\n<meta property=\"article:modified_time\" content=\"2026-03-18T18:01:01+00:00\" \/>\n<meta property=\"og:image\" content=\"https:\/\/www.leeb-balkone.com\/app\/uploads\/2020\/07\/vorstellbalkon-mit-stuetzen-116-scaled.jpg\" \/>\n\t<meta property=\"og:image:width\" content=\"2048\" \/>\n\t<meta property=\"og:image:height\" content=\"1367\" \/>\n\t<meta property=\"og:image:type\" content=\"image\/jpeg\" \/>\n<meta name=\"twitter:card\" content=\"summary_large_image\" \/>\n<script type=\"application\/ld+json\" class=\"yoast-schema-graph\">{\"@context\":\"https:\/\/schema.org\",\"@graph\":[{\"@type\":\"WebPage\",\"@id\":\"https:\/\/www.leeb-balkone.com\/sl\/montazni-balkoni\/alu-samostojeci-balkon\/\",\"url\":\"https:\/\/www.leeb-balkone.com\/sl\/montazni-balkoni\/alu-samostojeci-balkon\/\",\"name\":\"Sprednji balkon \\\" samonosilni balkonski podalj\u0161ek - % Leeb Balkone %\",\"isPartOf\":{\"@id\":\"https:\/\/www.leeb-balkone.com\/sl\/#website\"},\"primaryImageOfPage\":{\"@id\":\"https:\/\/www.leeb-balkone.com\/sl\/montazni-balkoni\/alu-samostojeci-balkon\/#primaryimage\"},\"image\":{\"@id\":\"https:\/\/www.leeb-balkone.com\/sl\/montazni-balkoni\/alu-samostojeci-balkon\/#primaryimage\"},\"thumbnailUrl\":\"https:\/\/www.leeb-balkone.com\/app\/uploads\/2020\/07\/vorstellbalkon-mit-stuetzen-116-1024x684.jpg\",\"datePublished\":\"2026-01-29T07:16:04+00:00\",\"dateModified\":\"2026-03-18T18:01:01+00:00\",\"description\":\"Uresni\u010dite svoj sanjski \u017eivljenjski prostor z monta\u017enim balkonom Leeb. Idealen za naknadno vgradnjo, ne glede na statiko fasade. Varen, prilagodljiv in brez vzdr\u017eevanja!\",\"breadcrumb\":{\"@id\":\"https:\/\/www.leeb-balkone.com\/sl\/montazni-balkoni\/alu-samostojeci-balkon\/#breadcrumb\"},\"inLanguage\":\"sl-SI\",\"potentialAction\":[{\"@type\":\"ReadAction\",\"target\":[\"https:\/\/www.leeb-balkone.com\/sl\/montazni-balkoni\/alu-samostojeci-balkon\/\"]}]},{\"@type\":\"ImageObject\",\"inLanguage\":\"sl-SI\",\"@id\":\"https:\/\/www.leeb-balkone.com\/sl\/montazni-balkoni\/alu-samostojeci-balkon\/#primaryimage\",\"url\":\"https:\/\/www.leeb-balkone.com\/app\/uploads\/2020\/07\/vorstellbalkon-mit-stuetzen-116-1024x684.jpg\",\"contentUrl\":\"https:\/\/www.leeb-balkone.com\/app\/uploads\/2020\/07\/vorstellbalkon-mit-stuetzen-116-1024x684.jpg\"},{\"@type\":\"BreadcrumbList\",\"@id\":\"https:\/\/www.leeb-balkone.com\/sl\/montazni-balkoni\/alu-samostojeci-balkon\/#breadcrumb\",\"itemListElement\":[{\"@type\":\"ListItem\",\"position\":1,\"name\":\"Home\",\"item\":\"https:\/\/www.leeb-balkone.com\/sl\/\"},{\"@type\":\"ListItem\",\"position\":2,\"name\":\"Monta\u017eni balkoni\",\"item\":\"https:\/\/www.leeb-balkone.com\/sl\/montazni-balkoni\/\"},{\"@type\":\"ListItem\",\"position\":3,\"name\":\"Samostoje\u010di balkon\"}]},{\"@type\":\"WebSite\",\"@id\":\"https:\/\/www.leeb-balkone.com\/sl\/#website\",\"url\":\"https:\/\/www.leeb-balkone.com\/sl\/\",\"name\":\"Leeb Balkone\",\"description\":\"Balkone und Z\u00e4une\",\"publisher\":{\"@id\":\"https:\/\/www.leeb-balkone.com\/sl\/#organization\"},\"potentialAction\":[{\"@type\":\"SearchAction\",\"target\":{\"@type\":\"EntryPoint\",\"urlTemplate\":\"https:\/\/www.leeb-balkone.com\/sl\/?s={search_term_string}\"},\"query-input\":{\"@type\":\"PropertyValueSpecification\",\"valueRequired\":true,\"valueName\":\"search_term_string\"}}],\"inLanguage\":\"sl-SI\"},{\"@type\":\"Organization\",\"@id\":\"https:\/\/www.leeb-balkone.com\/sl\/#organization\",\"name\":\"Leeb Balkone Gmbh\",\"url\":\"https:\/\/www.leeb-balkone.com\/sl\/\",\"logo\":{\"@type\":\"ImageObject\",\"inLanguage\":\"sl-SI\",\"@id\":\"https:\/\/www.leeb-balkone.com\/sl\/#\/schema\/logo\/image\/\",\"url\":\"https:\/\/www.leeb-balkone.com\/app\/uploads\/2020\/11\/leeb-logo.svg\",\"contentUrl\":\"https:\/\/www.leeb-balkone.com\/app\/uploads\/2020\/11\/leeb-logo.svg\",\"width\":741,\"height\":204,\"caption\":\"Leeb Balkone Gmbh\"},\"image\":{\"@id\":\"https:\/\/www.leeb-balkone.com\/sl\/#\/schema\/logo\/image\/\"},\"sameAs\":[\"https:\/\/www.facebook.com\/balkone\/\",\"https:\/\/www.trustedshops.at\/bewertung\/info_X4587CCF5833E31AFE0B11F47D86999F2.html\",\"https:\/\/www.trustedshops.de\/bewertung\/info_X7BA536A7A0BDC86D36C4718E4DCAEEEF.html\",\"https:\/\/www.google.com\/maps\/place\/?q=place_id:ChIJ5-zH19-IcEcR9HonWRTllHI\"]}]}<\/script>\n<!-- \/ Yoast SEO plugin. -->","yoast_head_json":{"title":"Sprednji balkon \" samonosilni balkonski podalj\u0161ek - % Leeb Balkone % Slovenija","description":"Uresni\u010dite svoj sanjski \u017eivljenjski prostor z monta\u017enim balkonom Leeb. Idealen za naknadno vgradnjo, ne glede na statiko fasade. Varen, prilagodljiv in brez vzdr\u017eevanja!","robots":{"index":"index","follow":"follow","max-snippet":"max-snippet:-1","max-image-preview":"max-image-preview:large","max-video-preview":"max-video-preview:-1"},"og_locale":"sl_SI","og_type":"article","og_title":"Sprednji balkon \" samonosilni balkonski podalj\u0161ek - % Leeb Balkone %","og_description":"Uresni\u010dite svoj sanjski \u017eivljenjski prostor z monta\u017enim balkonom Leeb. Idealen za naknadno vgradnjo, ne glede na statiko fasade. Varen, prilagodljiv in brez vzdr\u017eevanja!","og_url":"https:\/\/www.leeb-balkone.com\/sl\/montazni-balkoni\/alu-samostojeci-balkon\/","og_site_name":"Leeb Balkone","article_publisher":"https:\/\/www.facebook.com\/balkone\/","article_modified_time":"2026-03-18T18:01:01+00:00","og_image":[{"width":2048,"height":1367,"url":"https:\/\/www.leeb-balkone.com\/app\/uploads\/2020\/07\/vorstellbalkon-mit-stuetzen-116-scaled.jpg","type":"image\/jpeg"}],"twitter_card":"summary_large_image","schema":{"@context":"https:\/\/schema.org","@graph":[{"@type":"WebPage","@id":"https:\/\/www.leeb-balkone.com\/sl\/montazni-balkoni\/alu-samostojeci-balkon\/","url":"https:\/\/www.leeb-balkone.com\/sl\/montazni-balkoni\/alu-samostojeci-balkon\/","name":"Sprednji balkon \" samonosilni balkonski podalj\u0161ek - % Leeb Balkone %","isPartOf":{"@id":"https:\/\/www.leeb-balkone.com\/sl\/#website"},"primaryImageOfPage":{"@id":"https:\/\/www.leeb-balkone.com\/sl\/montazni-balkoni\/alu-samostojeci-balkon\/#primaryimage"},"image":{"@id":"https:\/\/www.leeb-balkone.com\/sl\/montazni-balkoni\/alu-samostojeci-balkon\/#primaryimage"},"thumbnailUrl":"https:\/\/www.leeb-balkone.com\/app\/uploads\/2020\/07\/vorstellbalkon-mit-stuetzen-116-1024x684.jpg","datePublished":"2026-01-29T07:16:04+00:00","dateModified":"2026-03-18T18:01:01+00:00","description":"Uresni\u010dite svoj sanjski \u017eivljenjski prostor z monta\u017enim balkonom Leeb. Idealen za naknadno vgradnjo, ne glede na statiko fasade. Varen, prilagodljiv in brez vzdr\u017eevanja!","breadcrumb":{"@id":"https:\/\/www.leeb-balkone.com\/sl\/montazni-balkoni\/alu-samostojeci-balkon\/#breadcrumb"},"inLanguage":"sl-SI","potentialAction":[{"@type":"ReadAction","target":["https:\/\/www.leeb-balkone.com\/sl\/montazni-balkoni\/alu-samostojeci-balkon\/"]}]},{"@type":"ImageObject","inLanguage":"sl-SI","@id":"https:\/\/www.leeb-balkone.com\/sl\/montazni-balkoni\/alu-samostojeci-balkon\/#primaryimage","url":"https:\/\/www.leeb-balkone.com\/app\/uploads\/2020\/07\/vorstellbalkon-mit-stuetzen-116-1024x684.jpg","contentUrl":"https:\/\/www.leeb-balkone.com\/app\/uploads\/2020\/07\/vorstellbalkon-mit-stuetzen-116-1024x684.jpg"},{"@type":"BreadcrumbList","@id":"https:\/\/www.leeb-balkone.com\/sl\/montazni-balkoni\/alu-samostojeci-balkon\/#breadcrumb","itemListElement":[{"@type":"ListItem","position":1,"name":"Home","item":"https:\/\/www.leeb-balkone.com\/sl\/"},{"@type":"ListItem","position":2,"name":"Monta\u017eni balkoni","item":"https:\/\/www.leeb-balkone.com\/sl\/montazni-balkoni\/"},{"@type":"ListItem","position":3,"name":"Samostoje\u010di balkon"}]},{"@type":"WebSite","@id":"https:\/\/www.leeb-balkone.com\/sl\/#website","url":"https:\/\/www.leeb-balkone.com\/sl\/","name":"Leeb Balkone","description":"Balkone und Z\u00e4une","publisher":{"@id":"https:\/\/www.leeb-balkone.com\/sl\/#organization"},"potentialAction":[{"@type":"SearchAction","target":{"@type":"EntryPoint","urlTemplate":"https:\/\/www.leeb-balkone.com\/sl\/?s={search_term_string}"},"query-input":{"@type":"PropertyValueSpecification","valueRequired":true,"valueName":"search_term_string"}}],"inLanguage":"sl-SI"},{"@type":"Organization","@id":"https:\/\/www.leeb-balkone.com\/sl\/#organization","name":"Leeb Balkone Gmbh","url":"https:\/\/www.leeb-balkone.com\/sl\/","logo":{"@type":"ImageObject","inLanguage":"sl-SI","@id":"https:\/\/www.leeb-balkone.com\/sl\/#\/schema\/logo\/image\/","url":"https:\/\/www.leeb-balkone.com\/app\/uploads\/2020\/11\/leeb-logo.svg","contentUrl":"https:\/\/www.leeb-balkone.com\/app\/uploads\/2020\/11\/leeb-logo.svg","width":741,"height":204,"caption":"Leeb Balkone Gmbh"},"image":{"@id":"https:\/\/www.leeb-balkone.com\/sl\/#\/schema\/logo\/image\/"},"sameAs":["https:\/\/www.facebook.com\/balkone\/","https:\/\/www.trustedshops.at\/bewertung\/info_X4587CCF5833E31AFE0B11F47D86999F2.html","https:\/\/www.trustedshops.de\/bewertung\/info_X7BA536A7A0BDC86D36C4718E4DCAEEEF.html","https:\/\/www.google.com\/maps\/place\/?q=place_id:ChIJ5-zH19-IcEcR9HonWRTllHI"]}]}},"_links":{"self":[{"href":"https:\/\/www.leeb-balkone.com\/sl\/wp-json\/wp\/v2\/pages\/163830","targetHints":{"allow":["GET"]}}],"collection":[{"href":"https:\/\/www.leeb-balkone.com\/sl\/wp-json\/wp\/v2\/pages"}],"about":[{"href":"https:\/\/www.leeb-balkone.com\/sl\/wp-json\/wp\/v2\/types\/page"}],"author":[{"embeddable":true,"href":"https:\/\/www.leeb-balkone.com\/sl\/wp-json\/wp\/v2\/users\/4"}],"replies":[{"embeddable":true,"href":"https:\/\/www.leeb-balkone.com\/sl\/wp-json\/wp\/v2\/comments?post=163830"}],"version-history":[{"count":5,"href":"https:\/\/www.leeb-balkone.com\/sl\/wp-json\/wp\/v2\/pages\/163830\/revisions"}],"predecessor-version":[{"id":166225,"href":"https:\/\/www.leeb-balkone.com\/sl\/wp-json\/wp\/v2\/pages\/163830\/revisions\/166225"}],"up":[{"embeddable":true,"href":"https:\/\/www.leeb-balkone.com\/sl\/wp-json\/wp\/v2\/pages\/154860"}],"wp:attachment":[{"href":"https:\/\/www.leeb-balkone.com\/sl\/wp-json\/wp\/v2\/media?parent=163830"}],"wp:term":[{"taxonomy":"folder","embeddable":true,"href":"https:\/\/www.leeb-balkone.com\/sl\/wp-json\/wp\/v2\/folder?post=163830"}],"curies":[{"name":"wp","href":"https:\/\/api.w.org\/{rel}","templated":true}]}}