{"id":163828,"date":"2026-01-29T07:15:56","date_gmt":"2026-01-29T07:15:56","guid":{"rendered":"https:\/\/www.leeb-balkone.com\/montazni-balkoni\/pritrjeni-balkon-brez-podpor\/"},"modified":"2026-01-29T07:20:47","modified_gmt":"2026-01-29T07:20:47","slug":"alu-montazni-balkon-s-stebrick","status":"publish","type":"page","link":"https:\/\/www.leeb-balkone.com\/sl\/montazni-balkoni\/alu-montazni-balkon-s-stebrick\/","title":{"rendered":"Pritrjeni balkon brez podpor"},"content":{"rendered":"\n<section class=\"wp-block-group alignfull t3-header t3-header-splitscreen t3-splitscreen-shadow h-zi-20 has-light-gray-background-color has-background has-global-padding is-layout-constrained wp-container-core-group-is-layout-f1ad4950 wp-block-group-is-layout-constrained\" style=\"padding-top:0;padding-bottom:0\">\n<div class=\"wp-block-columns h-flx-a-s m-split is-layout-flex wp-container-core-columns-is-layout-28f84493 wp-block-columns-is-layout-flex\">\n<div class=\"wp-block-column is-vertically-aligned-top h-flx-a-s m-split-col-content is-layout-flow wp-block-column-is-layout-flow\"><div class=\"yoast-breadcrumbs\"><span><span><a href=\"https:\/\/www.leeb-balkone.com\/sl\/\">Home<\/a><\/span> \/ <span><a href=\"https:\/\/www.leeb-balkone.com\/sl\/montazni-balkoni\/\">Monta\u017eni balkoni<\/a><\/span> \/ <span class=\"breadcrumb_last\" aria-current=\"page\">Pritrjeni balkon brez podpor<\/span><\/span><\/div>\n\n<h1 class=\"wp-block-post-title\">Pritrjeni balkon brez podpor<\/h1>\n\n\n<p class=\"has-step-0-font-size\" style=\"margin-bottom:0\">Za stavbe z masivnim armiranobetonskim stropom in globino balkona do 1,6 metra ponuja Leeb mo\u017enost naknadnega opremljanja balkonov brez mote\u010dih podpor ali grdih nosilcev z inovativnim dodatnim sistemom.<\/p>\n\n\n\n<div class=\"wp-block-buttons is-layout-flex wp-block-buttons-is-layout-flex\" style=\"margin-top:var(--wp--preset--spacing--l)\">\n<div class=\"wp-block-button is-style-cta icon-book icon-left\"><a class=\"wp-block-button__link wp-element-button\" href=\"https:\/\/www.leeb-balkone.com\/sl\/kontakt\/zahtevajte-katalog\/\">Zahtevajte katalog<\/a><\/div>\n\n\n\n<div class=\"wp-block-button is-style-cta icon-vp icon-left\"><a class=\"wp-block-button__link wp-element-button\" href=\"https:\/\/www.leeb-balkone.com\/sl\/distribucijski-partnerji\/\">Poi\u0161\u010dite kontaktno osebo<span class=\"sr-only\"> Slovenija<\/span><\/a><\/div>\n<\/div>\n<\/div>\n\n\n\n<div class=\"wp-block-column is-vertically-aligned-stretch h-hide-md-down is-style-image-cover is-layout-flow wp-block-column-is-layout-flow\">\n<figure class=\"wp-block-image size-large\"><img loading=\"lazy\" decoding=\"async\" width=\"1024\" height=\"708\" src=\"https:\/\/www.leeb-balkone.com\/app\/uploads\/2020\/07\/anbaubalkon-freitragend-alu-holzoptik-1024x708.jpg\" alt=\"Konzolni sistem za podalj\u0161anje balkona v videzu lesa\" class=\"wp-image-8070\" srcset=\"https:\/\/www.leeb-balkone.com\/app\/uploads\/2020\/07\/anbaubalkon-freitragend-alu-holzoptik-1024x708.jpg 1024w, https:\/\/www.leeb-balkone.com\/app\/uploads\/2020\/07\/anbaubalkon-freitragend-alu-holzoptik-300x207.jpg 300w, https:\/\/www.leeb-balkone.com\/app\/uploads\/2020\/07\/anbaubalkon-freitragend-alu-holzoptik-768x531.jpg 768w, https:\/\/www.leeb-balkone.com\/app\/uploads\/2020\/07\/anbaubalkon-freitragend-alu-holzoptik-1536x1062.jpg 1536w, https:\/\/www.leeb-balkone.com\/app\/uploads\/2020\/07\/anbaubalkon-freitragend-alu-holzoptik-2048x1416.jpg 2048w\" sizes=\"auto, (max-width: 1024px) 100vw, 1024px\" \/><\/figure>\n<\/div>\n<\/div>\n<\/section>\n\n\n\n<section class=\"wp-block-group alignfull has-white-background-color has-background has-global-padding is-layout-constrained wp-container-core-group-is-layout-52f96efc wp-block-group-is-layout-constrained\" id=\"modelle\">\n<div class=\"wp-block-group m-teaser o-grid u-md-1 is-layout-flow wp-block-group-is-layout-flow\">\n<div class=\"wp-block-group u-g-9 u-g-s-2 is-layout-flow wp-block-group-is-layout-flow\" style=\"margin-bottom:var(--wp--preset--spacing--s)\">\n<p class=\"has-text-align-left\"><strong><em><em>&#8220;Konzolni balkoni ne potrebujejo vidnih podpor<\/em> in so privla\u010den <strong><em>privla\u010dni in<\/em><\/strong><\/em><\/strong> <strong><em><strong><em><strong><em>sofisticirani <\/em><\/strong><\/em><\/strong>oblika raz\u0161iritve balkona.&#8221;<\/em><\/strong><\/p>\n<\/div>\n<\/div>\n\n\n\n<div class=\"wp-block-columns is-layout-flex wp-container-core-columns-is-layout-28f84493 wp-block-columns-is-layout-flex\">\n<div class=\"wp-block-column is-layout-flow wp-block-column-is-layout-flow\" style=\"flex-basis:66.66%\"><div class=\"tgs-gallery\" data-tablet-slides=\"4\" data-desktop-slides=\"5\"><div class=\"t3-tgs swiper mainSlider\">\n                <div class=\"has-icon icon-enlarge\"><\/div>\n                <div class=\"swiper-wrapper lg-swiper\"><div class=\"swiper-slide\"><a href=\"https:\/\/www.leeb-balkone.com\/app\/uploads\/2020\/07\/anbaubalkon-freitragend-alu-4-scaled.jpg\"><img decoding=\"async\" src=\"https:\/\/www.leeb-balkone.com\/app\/uploads\/2020\/07\/anbaubalkon-freitragend-alu-4-scaled.jpg\" alt=\"Gr\u00fcnes Haus mit Alu-Anbaubalkon\"><\/a><div class=\"tgs-desc\">Samonosni balkon (pove\u010danje bivalnega prostora brez podpor)<\/div><\/div><div class=\"swiper-slide\"><a href=\"https:\/\/www.leeb-balkone.com\/app\/uploads\/2020\/07\/anbaubalkon-freitragend-alu-glas-1-scaled-e1683697087384.jpg\"><img decoding=\"async\" src=\"https:\/\/www.leeb-balkone.com\/app\/uploads\/2020\/07\/anbaubalkon-freitragend-alu-glas-1-scaled-e1683697087384.jpg\" alt=\"anbaubalkon freitragend alu glas 1 e1683697087384\"><\/a><div class=\"tgs-desc\">Obeseni balkoni (posebna izvedba)<\/div><\/div><\/div><div class=\"mainSliderPrev\"><\/div><div class=\"mainSliderNext\"><\/div><div class=\"main_slider_dots\"><\/div><\/div><div class=\"swiper thumbSlider\"><div class=\"swiper-wrapper wp-block-t3-carousel-wrapper\"><div class=\"swiper-slide\"><img decoding=\"async\" src=\"https:\/\/www.leeb-balkone.com\/app\/uploads\/2020\/07\/anbaubalkon-freitragend-alu-4-1024x683.jpg\" alt=\"Gr\u00fcnes Haus mit Alu-Anbaubalkon\" \/><\/div><div class=\"swiper-slide\"><img decoding=\"async\" src=\"https:\/\/www.leeb-balkone.com\/app\/uploads\/2020\/07\/anbaubalkon-freitragend-alu-glas-1-scaled-e1683697087384-1024x895.jpg\" alt=\"anbaubalkon freitragend alu glas 1 e1683697087384\" \/><\/div><\/div><div class=\"thumbSliderPrev swiper-button-prev\"><\/div><div class=\"thumbSliderNext swiper-button-next\"><\/div><\/div><\/div><\/div>\n\n\n\n<div class=\"wp-block-column is-layout-flow wp-block-column-is-layout-flow\" style=\"flex-basis:33.33%\">\n<h2 class=\"wp-block-heading has-step-2-font-size\">Konzolni podalj\u0161ek balkona<\/h2>\n\n\n\n<p>Posebej zasnovani jekleni nosilci omogo\u010dajo skoraj nevidno pritrditev na fasado, kar ima tudi to prednost, da se v veliki meri izognemo nepotrebnim toplotnim mostovom. Dodatni balkoni Leeb brez nosilcev so lahko izdelani iz aluminija ali kombinacije obojega in so lahko opremljeni s talnimi oblogami iz aluminija, betonskimi plo\u0161\u010dami ali porcelanasto keramiko. Na\u0161e dodatne balkone lahko kombinirate z vsemi ograjami iz obse\u017enega programa Leeb, tako da ustrezajo va\u0161i fasadi in va\u0161im individualnim zahtevam.  <\/p>\n\n\n\n<ul class=\"wp-block-list is-style-checkmark-2\">\n<li>Nevidno sidranje<\/li>\n\n\n\n<li>Izogibanje toplotnim mostovom  <\/li>\n\n\n\n<li>Gradnja balkonov s podjetjem \u0161t. 1 v Evropi<\/li>\n\n\n\n<li>Ve\u010d kot 200 modelov ograj  <\/li>\n<\/ul>\n<\/div>\n<\/div>\n\n\n\n<div class=\"wp-block-group m-teaser o-grid u-md-1 is-layout-flow wp-block-group-is-layout-flow\" style=\"margin-top:0;padding-top:var(--wp--preset--spacing--xl-2-xl)\">\n<div class=\"wp-block-group u-g-10 u-g-s-2 is-layout-flow wp-block-group-is-layout-flow\" style=\"margin-top:0;margin-bottom:var(--wp--preset--spacing--s)\"><div class=\"wp-block-t3-tabs t3-tabs t3-tabs--centered t3-tabs--use-headings t3-tabs--heading-h3\" data-uniqueid=\"tabs-8f57f258\" data-use-headings=\"true\" data-heading-level=\"h3\"><ul class=\"t3-tabs__list\" role=\"tablist\"><li role=\"presentation\"><button role=\"tab\" id=\"tabs-8f57f258-tab-0\" aria-controls=\"tabs-8f57f258-panel-0\" class=\"t3-tabs__tab-button t3-tabs__tab-button--heading t3-tabs__tab-button--active\" aria-selected=\"true\" tabindex=\"0\"><div class=\"t3-tabs__tab-button-inner\"><span class=\"t3-tabs__tab-title\">Lastnosti<\/span><\/div><\/button><\/li><li role=\"presentation\"><button role=\"tab\" id=\"tabs-8f57f258-tab-1\" aria-controls=\"tabs-8f57f258-panel-1\" class=\"t3-tabs__tab-button t3-tabs__tab-button--heading\" aria-selected=\"false\" tabindex=\"-1\"><div class=\"t3-tabs__tab-button-inner\"><span class=\"t3-tabs__tab-title\">Aplikacije<\/span><\/div><\/button><\/li><li role=\"presentation\"><button role=\"tab\" id=\"tabs-8f57f258-tab-2\" aria-controls=\"tabs-8f57f258-panel-2\" class=\"t3-tabs__tab-button t3-tabs__tab-button--heading\" aria-selected=\"false\" tabindex=\"-1\"><div class=\"t3-tabs__tab-button-inner\"><span class=\"t3-tabs__tab-title\">Modeli in dodatna oprema<\/span><\/div><\/button><\/li><\/ul><div class=\"t3-tabs__panels\"><div class=\"t3-tab__content t3-tabs__panel\" role=\"tabpanel\" id=\"tabs-8f57f258-panel-0\" aria-labelledby=\"tabs-8f57f258-tab-0\"><h3 class=\"sr-only\">Lastnosti<\/h3>\n<p>Podalj\u0161ek balkona brez podpor pomeni, da je balkon samonosno pritrjen na steno stavbe &#8211; brez navpi\u010dnih podpor ali stebrov, ki balkon podpirajo pri tleh.<\/p>\n\n\n\n<ul class=\"wp-block-list\">\n<li><strong>Struktura<\/strong>: Balkon je na fasado pritrjen s stati\u010dnim sidri\u0161\u010dem (npr. z nosilci ali nosilci). Obremenitve (lastna te\u017ea + \u017eiva te\u017ea) se v celoti prena\u0161ajo prek nosilne stenske konstrukcije. Tipi\u010dne re\u0161itve vklju\u010dujejo konzolne balkone ali aluminijaste konstrukcije.<\/li>\n\n\n\n<li><strong>Prednosti<\/strong>: Brez talnih podpor, kar omogo\u010da ve\u010d prostega prostora pod balkonom (npr. za poti, dovozne poti ali vrtne povr\u0161ine). Estetski videz, saj vidni nosilci ne motijo videza. Ni\u010d zahtevnega vzdr\u017eevanja, saj nobena komponenta blizu tal ni izpostavljena neposrednemu stiku z vlago.  <\/li>\n\n\n\n<li><strong>Omejitve<\/strong>:<strong> <\/strong>V primerjavi s podprtimi balkoni je na\u010drtovanje in gradnja tehni\u010dno nekoliko bolj zapletena.<\/li>\n<\/ul>\n<\/div><div class=\"t3-tab__content t3-tabs__panel\" role=\"tabpanel\" id=\"tabs-8f57f258-panel-1\" aria-labelledby=\"tabs-8f57f258-tab-1\"><h3 class=\"sr-only\">Aplikacije<\/h3>\n<p>Podalj\u0161ek balkona brez nosilcev se uporablja v naslednjih primerih:<\/p>\n\n\n\n<ul class=\"wp-block-list\">\n<li><strong>Nove stavbe: <\/strong>Konzolni balkoni so pogosto dobra izbira za novogradnje, saj jih je mogo\u010de \u017ee od samega za\u010detka vklju\u010diti v arhitekturo in ustvariti sodoben, eleganten videz.<\/li>\n\n\n\n<li><strong>Stavbe s povr\u0161inami brez opornikov:<\/strong> Za hi\u0161e, kjer na obmo\u010dju dovozov, prehodov, stopni\u0161\u010d, vhodov ali parkiri\u0161\u010d ni mogo\u010de postaviti opornikov &#8211; tu balkon brez opornikov zagotavlja maksimalno uporabnost spodnjih povr\u0161in.<\/li>\n\n\n\n<li><strong>Arhitekturno dovr\u0161ene nepremi\u010dnine:<\/strong> Kjer je pomemben ne\u017een, lebde\u010d videz in kjer je oblikovanje v ospredju, je konzolni balkon najprimernej\u0161a izbira.<\/li>\n\n\n\n<li><strong>Obstoje\u010de stavbe in stare stavbe:<\/strong> \u010ce je stavbno ogrodje dovolj nosilno, se lahko balkon brez stebrov izvede tudi pri prenovah ali naknadnih raz\u0161iritvah &#8211; vendar je pri tem potrebna skrbna strukturna analiza.<\/li>\n\n\n\n<li><strong>Stavbe z jasnimi fasadnimi linijami:<\/strong> Pri objektih, kjer mora biti zasnova fasade \u010dim bolj neprekinjena, se priporo\u010da uporaba konzolnih balkonov, saj nobena opora ne poslab\u0161a celotnega videza.<\/li>\n<\/ul>\n\n\n\n<p>Za podalj\u0161ek balkona brez podpor se odlo\u010dimo, kadar so glavni dejavniki funkcionalnost (prosta uporabna povr\u0161ina), estetika (sodoben, plavajo\u010d videz) in konstrukcijski pogoji (npr. ni mo\u017enosti za podpore). Re\u0161itev je tehni\u010dno zahtevna, vendar izjemno kakovostna in prilagodljiva za uporabo. <\/p>\n<\/div><div class=\"t3-tab__content t3-tabs__panel\" role=\"tabpanel\" id=\"tabs-8f57f258-panel-2\" aria-labelledby=\"tabs-8f57f258-tab-2\"><h3 class=\"sr-only\">Modeli in dodatna oprema<\/h3>\n<p>Prigradni balkoni Leeb brez podpornikov ponujajo celotno paleto modelov balkonov Leeb in \u0161tevilne mo\u017enosti opreme:<\/p>\n\n\n\n<ul class=\"wp-block-list\">\n<li><strong>Aluminijaste balkonske ograje<\/strong> odlikujejo trpe\u017enost, odpornost proti vremenskim vplivom in enostavno vzdr\u017eevanje, ki jih podpirajo visokokakovostni pra\u0161ni premazi in za\u0161\u010ditni sistem Alu. Ve\u010d kot 200 modelov v razli\u010dnih izvedbah in barvah omogo\u010da prilagodljivo in individualno oblikovanje, ki ustreza vsakemu arhitekturnemu slogu. Od ograj iz stekla in aluminija do ograj iz celega stekla, premazi v vseh barvah RAL in z goljufivo resni\u010dnim videzom lesa, posebne serije za raz\u0161iritve balkonov in \u0161e veliko ve\u010d.  <\/li>\n\n\n\n<li><strong>Lesene balkonske ograje<\/strong> ponujajo naravni \u010dar in \u0161tevilne mo\u017enosti oblikovanja v razli\u010dnih vrstah lesa, barvah in oblikah. \u0160irok izbor sega od tradicionalnih do sodobnih in zagotavlja harmoni\u010dno prilagoditev vsaki arhitekturi. <\/li>\n<\/ul>\n\n\n\n<p>Sprednje in dodatne balkone je mogo\u010de kombinirati z <strong>vsemi modeli ograj Leeb<\/strong> &#8211; od klasi\u010dnih do sodobnih, vodoravnih, navpi\u010dnih ali s steklenimi plo\u0161\u010dami. Kot <strong>talne obloge<\/strong> so na voljo les, aluminij, betonski bloki ali porcelanast kamen. <\/p>\n<\/div><\/div><\/div><\/div>\n<\/div>\n<\/section>\n\n\n\n<section class=\"wp-block-group alignfull has-light-gray-background-color has-background has-global-padding is-layout-constrained wp-container-core-group-is-layout-52f96efc wp-block-group-is-layout-constrained\" id=\"service-qualitaet\">\n<div class=\"wp-block-group o-grid u-md-1 is-layout-flow wp-block-group-is-layout-flow\">\n<div class=\"wp-block-group u-g-9 u-g-s-2 is-layout-flow wp-block-group-is-layout-flow\" style=\"margin-bottom:var(--wp--preset--spacing--s)\">\n<h2 class=\"wp-block-heading\"><strong>Dodatni sistem Leeb za konzolni balkon<\/strong><\/h2>\n\n\n\n<p><span class=\"teaser\">Konzolni balkoni brez nosilcev dajejo arhitekturne poudarke in ustvarjajo zra\u010dne zunanje prostore. Harmoni\u010dno jih je mogo\u010de vklju\u010diti v najrazli\u010dnej\u0161e koncepte stavb &#8211; kot posamezen balkon, za ve\u010d stanovanjskih enot ali kot eleganten niz balkonov, ki se raztezajo \u010dez ve\u010d nadstropij. <\/span><\/p>\n<\/div>\n<\/div>\n\n\n\n<div class=\"wp-block-group small is-style-white-cards sm-2-cols is-layout-grid wp-container-core-group-is-layout-7785d981 wp-block-group-is-layout-grid\">\n<div class=\"wp-block-group m-card has-modal is-layout-flow wp-container-core-group-is-layout-8a368f38 wp-block-group-is-layout-flow\" data-modal-id=\"151384\">\n<figure class=\"wp-block-image size-large is-style-default\"><img loading=\"lazy\" decoding=\"async\" width=\"1024\" height=\"714\" src=\"https:\/\/www.leeb-balkone.com\/app\/uploads\/2023\/09\/objektbau-anbaubalkone-1024x714.jpg\" alt=\"objektbau anbaubalkone\" class=\"wp-image-131849\" srcset=\"https:\/\/www.leeb-balkone.com\/app\/uploads\/2023\/09\/objektbau-anbaubalkone-1024x714.jpg 1024w, https:\/\/www.leeb-balkone.com\/app\/uploads\/2023\/09\/objektbau-anbaubalkone-300x209.jpg 300w, https:\/\/www.leeb-balkone.com\/app\/uploads\/2023\/09\/objektbau-anbaubalkone-768x536.jpg 768w, https:\/\/www.leeb-balkone.com\/app\/uploads\/2023\/09\/objektbau-anbaubalkone-1536x1071.jpg 1536w, https:\/\/www.leeb-balkone.com\/app\/uploads\/2023\/09\/objektbau-anbaubalkone-2048x1428.jpg 2048w\" sizes=\"auto, (max-width: 1024px) 100vw, 1024px\" \/><figcaption class=\"wp-element-caption\">Nato<\/figcaption><\/figure>\n\n\n\n<div class=\"wp-block-group m-card-content has-white-background-color has-background is-vertical is-layout-flex wp-container-core-group-is-layout-5580f018 wp-block-group-is-layout-flex\">\n<h3 class=\"wp-block-heading\"><strong>Balkonsko gojenje z evropsko \u0161tevilko 1<\/strong><\/h3>\n\n\n\n<p>Leeb Balconies je va\u0161 specialist za prilagojene dodatne in sprednje balkone.<\/p>\n<\/div>\n<a href=\"#overlay-151384\" class=\"open-modal-link\" aria-label=\"Open modal\"><span class=\"sr-only\">\u00d6ffne Modal<\/span><\/a><\/div>\n\n\n\n<div class=\"wp-block-group m-card has-modal is-layout-flow wp-container-core-group-is-layout-8a368f38 wp-block-group-is-layout-flow\" data-modal-id=\"150749\">\n<figure class=\"wp-block-image size-large is-style-default\"><img loading=\"lazy\" decoding=\"async\" width=\"1024\" height=\"767\" src=\"https:\/\/www.leeb-balkone.com\/app\/uploads\/2020\/08\/leeb-balkone-mitarbeiter-4-1024x767.jpeg\" alt=\"Namestitev prilagojene balkonske ograje iz aluminija Leeb\" class=\"wp-image-6083\" srcset=\"https:\/\/www.leeb-balkone.com\/app\/uploads\/2020\/08\/leeb-balkone-mitarbeiter-4-1024x767.jpeg 1024w, https:\/\/www.leeb-balkone.com\/app\/uploads\/2020\/08\/leeb-balkone-mitarbeiter-4-2048x1535.jpeg 2048w, https:\/\/www.leeb-balkone.com\/app\/uploads\/2020\/08\/leeb-balkone-mitarbeiter-4-300x225.jpeg 300w, https:\/\/www.leeb-balkone.com\/app\/uploads\/2020\/08\/leeb-balkone-mitarbeiter-4-768x575.jpeg 768w, https:\/\/www.leeb-balkone.com\/app\/uploads\/2020\/08\/leeb-balkone-mitarbeiter-4-1536x1151.jpeg 1536w\" sizes=\"auto, (max-width: 1024px) 100vw, 1024px\" \/><\/figure>\n\n\n\n<div class=\"wp-block-group m-card-content has-white-background-color has-background is-vertical is-layout-flex wp-container-core-group-is-layout-5580f018 wp-block-group-is-layout-flex\">\n<h3 class=\"wp-block-heading\">Vsestranske storitve za brezskrbno izvajanje<\/h3>\n\n\n\n<p>Svetovanje na kraju samem, 3D konfigurator, tovarni\u0161ka proizvodnja, dobava in monta\u017ea.<\/p>\n<\/div>\n<a href=\"#overlay-150749\" class=\"open-modal-link\" aria-label=\"Open modal\"><span class=\"sr-only\">\u00d6ffne Modal<\/span><\/a><\/div>\n\n\n\n<div class=\"wp-block-group m-card has-modal is-layout-flow wp-container-core-group-is-layout-8a368f38 wp-block-group-is-layout-flow\" data-modal-id=\"150746\">\n<figure class=\"wp-block-image size-full\"><img loading=\"lazy\" decoding=\"async\" width=\"2048\" height=\"1366\" src=\"https:\/\/www.leeb-balkone.com\/app\/uploads\/2022\/05\/glas-bearbeitung-zuschnitt--scaled.jpg\" alt=\"glas bearbeitung zuschnitt \" class=\"wp-image-83644\" srcset=\"https:\/\/www.leeb-balkone.com\/app\/uploads\/2022\/05\/glas-bearbeitung-zuschnitt--scaled.jpg 2048w, https:\/\/www.leeb-balkone.com\/app\/uploads\/2022\/05\/glas-bearbeitung-zuschnitt--300x200.jpg 300w, https:\/\/www.leeb-balkone.com\/app\/uploads\/2022\/05\/glas-bearbeitung-zuschnitt--1024x683.jpg 1024w, https:\/\/www.leeb-balkone.com\/app\/uploads\/2022\/05\/glas-bearbeitung-zuschnitt--768x512.jpg 768w, https:\/\/www.leeb-balkone.com\/app\/uploads\/2022\/05\/glas-bearbeitung-zuschnitt--1536x1024.jpg 1536w\" sizes=\"auto, (max-width: 2048px) 100vw, 2048px\" \/><\/figure>\n\n\n\n<div class=\"wp-block-group m-card-content has-white-background-color has-background is-vertical is-layout-flex wp-container-core-group-is-layout-5580f018 wp-block-group-is-layout-flex\">\n<h3 class=\"wp-block-heading\"><strong>Laminirano varnostno steklo vrhunske kakovosti<\/strong><\/h3>\n\n\n\n<p>Preizku\u0161ena varnost, inovativne zasnove in dolgotrajna kakovost po meri s podjetjem Leeb Glas.<\/p>\n<\/div>\n<a href=\"#overlay-150746\" class=\"open-modal-link\" aria-label=\"Open modal\"><span class=\"sr-only\">\u00d6ffne Modal<\/span><\/a><\/div>\n\n\n\n<div class=\"wp-block-group m-card has-modal is-layout-flow wp-container-core-group-is-layout-8a368f38 wp-block-group-is-layout-flow\" data-modal-id=\"150753\">\n<figure class=\"wp-block-image size-large\"><img loading=\"lazy\" decoding=\"async\" width=\"1024\" height=\"665\" src=\"https:\/\/www.leeb-balkone.com\/app\/uploads\/2020\/08\/alu-comfort-plus-1024x665.jpg\" alt=\"alu comfort plus\" class=\"wp-image-5082\" srcset=\"https:\/\/www.leeb-balkone.com\/app\/uploads\/2020\/08\/alu-comfort-plus-1024x665.jpg 1024w, https:\/\/www.leeb-balkone.com\/app\/uploads\/2020\/08\/alu-comfort-plus-300x195.jpg 300w, https:\/\/www.leeb-balkone.com\/app\/uploads\/2020\/08\/alu-comfort-plus-768x499.jpg 768w, https:\/\/www.leeb-balkone.com\/app\/uploads\/2020\/08\/alu-comfort-plus-1536x997.jpg 1536w, https:\/\/www.leeb-balkone.com\/app\/uploads\/2020\/08\/alu-comfort-plus-2048x1330.jpg 2048w\" sizes=\"auto, (max-width: 1024px) 100vw, 1024px\" \/><\/figure>\n\n\n\n<div class=\"wp-block-group m-card-content has-white-background-color has-background is-vertical is-layout-flex wp-container-core-group-is-layout-5580f018 wp-block-group-is-layout-flex\">\n<h3 class=\"wp-block-heading\">Dolgoro\u010dna za\u0161\u010dita z ALU Comfort Plus\u00ae<\/h3>\n\n\n\n<p>Patentiran premaz in obdelava aluminija na najvi\u0161ji ravni.<\/p>\n<\/div>\n<a href=\"#overlay-150753\" class=\"open-modal-link\" aria-label=\"Open modal\"><span class=\"sr-only\">\u00d6ffne Modal<\/span><\/a><\/div>\n<\/div>\n\n\n\n<div class=\"wp-block-group o-grid u-md-1 is-layout-flow wp-block-group-is-layout-flow\" style=\"padding-top:var(--wp--preset--spacing--l)\">\n<div class=\"wp-block-group u-g-9 u-g-s-2 is-layout-flow wp-block-group-is-layout-flow\" style=\"margin-bottom:var(--wp--preset--spacing--s)\">\n<h3 class=\"wp-block-heading\">Prednosti na prvi pogled<\/h3>\n\n\n\n<p>Konzolni nadgradni balkon podjetja Leeb zdru\u017euje inovativno tehnologijo in desetletja izku\u0161enj na podro\u010dju proizvodnje balkonov. Balkon je name\u0161\u010den neposredno na fasado &#8211; brez vidnih nosilcev. Visokokakovostni materiali, najsodobnej\u0161e povr\u0161inske obdelave in preverjena kakovost podjetja Leeb zagotavljajo, da bo va\u0161 balkon \u0161e dolgo lep, nezahteven za vzdr\u017eevanje in odporen na vremenske vplive.  <\/p>\n\n\n\n<ul class=\"wp-block-list is-style-checkmark-2\">\n<li><strong>Konstrukcija brez podpor:<\/strong> balkon nima vidnih podpor, kar mu daje sodoben, plavajo\u010d videz in omogo\u010da neomejeno uporabo prostora pod njim.<\/li>\n\n\n\n<li><strong>Skoraj nevidno pritrjevanje<\/strong>: posebej razviti jekleni nosilci zagotavljajo diskretno in varno pritrditev na fasado, ne da bi pri tem motili arhitekturo stavbe.<\/li>\n\n\n\n<li><strong>Izogibanje toplotnim mostovom:<\/strong> Neprekinjena izolacija fasade zmanj\u0161uje toplotne izgube in ustvarja energetske prednosti.<\/li>\n\n\n\n<li><strong>Najve\u010dja svoboda oblikovanja:<\/strong> ve\u010d kot 200 modelov ograj iz aluminija in lesa, \u0161tevilne talne obloge (les, aluminij, betonski blok, porcelanast kamen) in individualne barvne kombinacije omogo\u010dajo popolno prilagoditev vsakemu arhitekturnemu slogu.<\/li>\n\n\n\n<li><strong>Hitra in \u010dista vgradnja:<\/strong> Prilagojena monta\u017ea in strokovna vgradnja, ki jo opravi podjetje Leeb, zagotavljata hitro izvedbo z minimalnimi motnjami za stanovalce in stavbo.<\/li>\n\n\n\n<li><strong>Vsestranske storitve vodilnega podjetja na trgu:<\/strong> Leeb svoje stranke zanesljivo in kompetentno podpira od osebnega svetovanja do na\u010drtovanja in namestitve &#8211; po vsej Evropi z gosto mre\u017eo partnerjev.<\/li>\n<\/ul>\n<\/div>\n<\/div>\n<\/section>\n\n\n\n<section class=\"wp-block-cover alignfull is-light katalog-cta\" style=\"margin-top:0;margin-bottom:0;padding-top:0;padding-right:0;padding-bottom:0;padding-left:0;min-height:100px;aspect-ratio:unset;\" id=\"katalogbestellung\"><img loading=\"lazy\" decoding=\"async\" width=\"1920\" height=\"599\" class=\"wp-block-cover__image-background wp-image-7912 size-full\" alt=\"leeb balkone katalog anfordern\" src=\"https:\/\/www.leeb-balkone.com\/app\/uploads\/2020\/09\/leeb-balkone-katalog-anfordern-1.jpeg\" data-object-fit=\"cover\" srcset=\"https:\/\/www.leeb-balkone.com\/app\/uploads\/2020\/09\/leeb-balkone-katalog-anfordern-1-300x94.jpeg 300w, https:\/\/www.leeb-balkone.com\/app\/uploads\/2020\/09\/leeb-balkone-katalog-anfordern-1-1024x319.jpeg 1024w, https:\/\/www.leeb-balkone.com\/app\/uploads\/2020\/09\/leeb-balkone-katalog-anfordern-1-768x240.jpeg 768w, https:\/\/www.leeb-balkone.com\/app\/uploads\/2020\/09\/leeb-balkone-katalog-anfordern-1-1536x479.jpeg 1536w\" sizes=\"auto, (max-width: 1920px) 100vw, 1920px\" \/><span aria-hidden=\"true\" class=\"wp-block-cover__background has-primary-45-background-color has-background-dim-80 has-background-dim\"><\/span><div class=\"wp-block-cover__inner-container has-global-padding is-layout-constrained wp-container-core-cover-is-layout-fc5783d2 wp-block-cover-is-layout-constrained\">\n<div class=\"wp-block-group is-layout-flow wp-block-group-is-layout-flow\" style=\"min-height:0px;margin-top:0;margin-bottom:0;padding-top:var(--wp--preset--spacing--2-xl);padding-bottom:var(--wp--preset--spacing--2-xl);padding-left:0\">\n<div class=\"wp-block-columns are-vertically-aligned-center is-layout-flex wp-container-core-columns-is-layout-0a4bbf16 wp-block-columns-is-layout-flex\" style=\"margin-top:0;margin-bottom:0\">\n<div class=\"wp-block-column is-vertically-aligned-center is-layout-flow wp-block-column-is-layout-flow\" style=\"flex-basis:66.66%\">\n<h2 class=\"wp-block-heading\">Podalj\u0161ek za balkon brez nosilcev v katalogu<\/h2>\n\n\n\n<p class=\"is-style-teaser\"><span class=\"teaser\"><span class=\"teaser\"><span class=\"teaser\"><span class=\"teaser\"><span class=\"teaser\"><span class=\"teaser\">Va\u0161 osebni katalog \u010daka na vas! Naro\u010dite zdaj brezpla\u010dno in spoznajte na\u0161e sisteme za gojenje. Poi\u0161\u010dite re\u0161itev, ki vam popolnoma ustreza.<\/span><\/span><\/span><\/span><\/span><\/span><\/p>\n<\/div>\n\n\n\n<div class=\"wp-block-column is-vertically-aligned-center is-layout-flow wp-block-column-is-layout-flow\" style=\"flex-basis:33.33%\">\n<div class=\"wp-block-buttons u-m-jc-left is-content-justification-right is-layout-flex wp-container-core-buttons-is-layout-c060c6c7 wp-block-buttons-is-layout-flex\">\n<div class=\"wp-block-button is-style-filled-white large\"><a class=\"wp-block-button__link wp-element-button\" href=\"https:\/\/www.leeb-balkone.com\/sl\/kontakt\/zahtevajte-katalog\/\" style=\"box-shadow:var(--wp--preset--shadow--button-shadow)\">Zahtevajte katalog<\/a><\/div>\n<\/div>\n<\/div>\n<\/div>\n<\/div>\n<\/div><\/section>\n\n\n\n<section class=\"wp-block-group alignfull has-white-background-color has-background has-global-padding is-layout-constrained wp-container-core-group-is-layout-52f96efc wp-block-group-is-layout-constrained\">\n<div class=\"wp-block-group o-grid u-md-1 is-layout-flow wp-block-group-is-layout-flow\" style=\"padding-top:0\">\n<div class=\"wp-block-group u-g-9 u-g-s-2 is-layout-flow wp-block-group-is-layout-flow\" style=\"margin-bottom:var(--wp--preset--spacing--s)\">\n<h2 class=\"wp-block-heading\">Reference<\/h2>\n<\/div>\n<\/div>\n\n\n\n<div class=\"wp-block-t3-carousel-wrapper\" id=\"t3-carousel-8363c707-786f-48d3-b72b-a37c5f7ebd71\"><div class=\"wp-block-t3-carousel t3-carousel-block swiper\" data-swiper-options=\"{&quot;loop&quot;:false,&quot;preloadImages&quot;:false,&quot;lazy&quot;:{&quot;loadPrevNext&quot;:true},&quot;autoplay&quot;:{&quot;delay&quot;:3000,&quot;disableOnInteraction&quot;:false},&quot;navigation&quot;:{&quot;nextEl&quot;:&quot;#t3-carousel-8363c707-786f-48d3-b72b-a37c5f7ebd71 .t3-carousel-8363c707-786f-48d3-b72b-a37c5f7ebd71-next&quot;,&quot;prevEl&quot;:&quot;#t3-carousel-8363c707-786f-48d3-b72b-a37c5f7ebd71 .t3-carousel-8363c707-786f-48d3-b72b-a37c5f7ebd71-prev&quot;},&quot;pagination&quot;:{&quot;el&quot;:&quot;#t3-carousel-8363c707-786f-48d3-b72b-a37c5f7ebd71 .t3-carousel-8363c707-786f-48d3-b72b-a37c5f7ebd71-pagination&quot;,&quot;clickable&quot;:true},&quot;scrollbar&quot;:false,&quot;breakpoints&quot;:{&quot;0&quot;:{&quot;slidesPerView&quot;:1.15,&quot;spaceBetween&quot;:24},&quot;769&quot;:{&quot;slidesPerView&quot;:1,&quot;spaceBetween&quot;:30}}}\"><div class=\"swiper-wrapper\">\n<div class=\"wp-block-t3-carousel-slide t3-carousel-slide swiper-slide\">\n<div class=\"wp-block-columns testimonial m-split is-layout-flex wp-container-core-columns-is-layout-3331f5f7 wp-block-columns-is-layout-flex\" style=\"padding-bottom:0\">\n<div class=\"wp-block-column is-layout-flow wp-block-column-is-layout-flow\">\n<div class=\"wp-block-group is-layout-flow wp-block-group-is-layout-flow has-background\" style=\"min-height:100%;background-image:url(&#039;https:\/\/www.leeb-balkone.com\/app\/uploads\/2024\/07\/MF_40830C1B-M08_20240703-134242.jpg&#039;);background-size:cover;\"><\/div>\n<\/div>\n\n\n\n<div class=\"wp-block-column is-vertically-aligned-top testimonial-text is-layout-flow wp-block-column-is-layout-flow\">\n<div class=\"wp-block-group has-light-gray-background-color has-background is-vertical is-layout-flex wp-container-core-group-is-layout-044273ab wp-block-group-is-layout-flex\" style=\"padding-top:var(--wp--preset--spacing--xl);padding-right:var(--wp--preset--spacing--xl);padding-bottom:var(--wp--preset--spacing--xl);padding-left:var(--wp--preset--spacing--l)\">\n<p class=\"has-step-1-font-size\"><em>&#8220;Draga ekipa Leeb, gospoda sta se zelo potrudila in opravila odli\u010dno delo. To je bila \u010de\u0161nja na torti za na\u0161 novi zunanji prostor. Najlep\u0161a hvala za va\u0161e pripravljalno delo in da je vse potekalo tako gladko. S postopkom smo zelo zadovoljni, saj je na prvi pogled vse videti v najlep\u0161em redu.&#8221;   <\/em><\/p>\n\n\n\n<p class=\"has-step-s-font-size\"><strong>Dru\u017eina Borawski<br><\/strong>35083 Wetter (Hessen)<\/p>\n<\/div>\n<\/div>\n<\/div>\n<\/div>\n\n\n\n<div class=\"wp-block-t3-carousel-slide t3-carousel-slide swiper-slide\">\n<div class=\"wp-block-columns testimonial m-split is-layout-flex wp-container-core-columns-is-layout-3331f5f7 wp-block-columns-is-layout-flex\" style=\"padding-bottom:0\">\n<div class=\"wp-block-column is-layout-flow wp-block-column-is-layout-flow\">\n<div class=\"wp-block-group is-layout-flow wp-block-group-is-layout-flow has-background\" style=\"min-height:100%;background-image:url(&#039;https:\/\/www.leeb-balkone.com\/app\/uploads\/2024\/10\/Kundenreferenz-Anbaubalkon-mit-Stuetzen-und-Glasbalkon-scaled.jpg&#039;);background-size:cover;\"><\/div>\n<\/div>\n\n\n\n<div class=\"wp-block-column is-vertically-aligned-top testimonial-text is-layout-flow wp-block-column-is-layout-flow\">\n<div class=\"wp-block-group has-light-gray-background-color has-background is-vertical is-layout-flex wp-container-core-group-is-layout-044273ab wp-block-group-is-layout-flex\" style=\"padding-top:var(--wp--preset--spacing--xl);padding-right:var(--wp--preset--spacing--xl);padding-bottom:var(--wp--preset--spacing--xl);padding-left:var(--wp--preset--spacing--l)\">\n<p class=\"has-step-1-font-size\"><em>&#8220;Zelo smo navdu\u0161eni, \u0161e posebej zato, ker se videz popolnoma ujema s slogom hi\u0161e. Prav tako se nam je zdelo super, da smo lahko imeli zadnje nosilce v beli barvi, ki je enaka barvi stene hi\u0161e.  Tudi balkon se dobro ujema s hi\u0161o. Kamnite plo\u0161\u010dice smo odkrili med obiskom svetovalne pisarne, naredijo dober vtis in se zelo dobro prilegajo.&#8221; <\/em><\/p>\n\n\n\n<p class=\"has-step-s-font-size\"><strong>Dru\u017eina D\u00f6brich<br><\/strong>79189 Bad Krozingen<\/p>\n<\/div>\n<\/div>\n<\/div>\n<\/div>\n<\/div><div class=\"swiper-pagination t3-carousel-8363c707-786f-48d3-b72b-a37c5f7ebd71-pagination\"><\/div><\/div><div class=\"swiper-button-prev t3-carousel-8363c707-786f-48d3-b72b-a37c5f7ebd71-prev\"><\/div><div class=\"swiper-button-next t3-carousel-8363c707-786f-48d3-b72b-a37c5f7ebd71-next\"><\/div><\/div>\n<\/section>\n\n\n\n<section class=\"wp-block-group alignfull has-white-background-color has-background has-global-padding is-layout-constrained wp-container-core-group-is-layout-9fa1424c wp-block-group-is-layout-constrained\" style=\"padding-top:0\">\n<div class=\"wp-block-group o-grid u-md-1 is-layout-flow wp-block-group-is-layout-flow\" style=\"padding-top:0\">\n<div class=\"wp-block-group u-g-9 u-g-s-2 is-layout-flow wp-block-group-is-layout-flow\" style=\"margin-bottom:var(--wp--preset--spacing--s)\">\n<h2 class=\"wp-block-heading\">Zakaj Leebov dodatni balkon brez nosilcev?<\/h2>\n\n\n\n<p class=\"is-style-teaser\"><span class=\"teaser\">Dodatni balkon brez nosilcev je prefinjen, vendar je njegov videz &#8220;prosto lebde\u010dega balkona&#8221; \u0161e posebej eleganten.<\/span><\/p>\n<\/div>\n<\/div>\n\n\n\n<div class=\"wp-block-group is-layout-flow wp-container-core-group-is-layout-d5075d26 wp-block-group-is-layout-flow\">\n<div class=\"wp-block-columns is-style-shadow m-split is-layout-flex wp-container-core-columns-is-layout-28f84493 wp-block-columns-is-layout-flex\">\n<div class=\"wp-block-column is-style-default is-layout-flow wp-block-column-is-layout-flow\">\n<figure class=\"wp-block-image size-large\"><img loading=\"lazy\" decoding=\"async\" width=\"1024\" height=\"684\" src=\"https:\/\/www.leeb-balkone.com\/app\/uploads\/2020\/07\/anbaubalkon-freitragend-alu-glas-2-1024x684.jpg\" alt=\"Wohnanlage mit freitragenden Anbaubalkonen\" class=\"wp-image-127637\" style=\"aspect-ratio:4\/3;object-fit:cover\" srcset=\"https:\/\/www.leeb-balkone.com\/app\/uploads\/2020\/07\/anbaubalkon-freitragend-alu-glas-2-1024x684.jpg 1024w, https:\/\/www.leeb-balkone.com\/app\/uploads\/2020\/07\/anbaubalkon-freitragend-alu-glas-2-300x200.jpg 300w, https:\/\/www.leeb-balkone.com\/app\/uploads\/2020\/07\/anbaubalkon-freitragend-alu-glas-2-768x513.jpg 768w, https:\/\/www.leeb-balkone.com\/app\/uploads\/2020\/07\/anbaubalkon-freitragend-alu-glas-2-1536x1025.jpg 1536w, https:\/\/www.leeb-balkone.com\/app\/uploads\/2020\/07\/anbaubalkon-freitragend-alu-glas-2-2048x1367.jpg 2048w\" sizes=\"auto, (max-width: 1024px) 100vw, 1024px\" \/><\/figure>\n<\/div>\n\n\n\n<div class=\"wp-block-column is-vertically-aligned-center is-style-overlay-content is-layout-flow wp-block-column-is-layout-flow\">\n<div class=\"wp-block-group is-vertical is-layout-flex wp-container-core-group-is-layout-6aed0e10 wp-block-group-is-layout-flex\">\n<h3 class=\"wp-block-heading\">Konzolni balkoni na novi stavbi<\/h3>\n\n\n\n<p>Prosto plavajo\u010di balkoni so \u0161e posebej elegantna re\u0161itev za nove stavbe. Ne potrebujejo nobenih vidnih podpor in dajejo fasadi sodoben, zra\u010den videz. Zaradi svoje vitke zasnove arhitektom in lastnikom stavb ponujajo \u0161tevilne mo\u017enosti za oblikovanje po meri. Podjetje Leeb uporablja posebne jeklene nosilce in sisteme za sidranje, ki omogo\u010dajo skoraj nevidno pritrditev na fasado.     <\/p>\n\n\n\n<div class=\"wp-block-buttons is-layout-flex wp-block-buttons-is-layout-flex\" style=\"margin-top:var(--wp--preset--spacing--2-xs)\">\n<div class=\"wp-block-button is-style-outline-secondary\"><a class=\"wp-block-button__link has-transparent-background-color has-background wp-element-button\" href=\"https:\/\/www.leeb-balkone.com\/sl\/stanovanjski-objekti\/\">Preberite ve\u010d<\/a><\/div>\n<\/div>\n<\/div>\n<\/div>\n<\/div>\n\n\n\n<div class=\"wp-block-columns is-style-shadow m-split m-split-reverse is-layout-flex wp-container-core-columns-is-layout-28f84493 wp-block-columns-is-layout-flex\">\n<div class=\"wp-block-column is-style-default is-layout-flow wp-block-column-is-layout-flow\">\n<figure class=\"wp-block-image size-large\"><img loading=\"lazy\" decoding=\"async\" width=\"1024\" height=\"768\" src=\"https:\/\/www.leeb-balkone.com\/app\/uploads\/2020\/07\/anbaubalkon-28-1024x768.jpg\" alt=\"Prenova samostojne hi\u0161e z aluminijastim balkonskim podalj\u0161kom\" class=\"wp-image-4592\" style=\"aspect-ratio:4\/3;object-fit:cover\" srcset=\"https:\/\/www.leeb-balkone.com\/app\/uploads\/2020\/07\/anbaubalkon-28-1024x768.jpg 1024w, https:\/\/www.leeb-balkone.com\/app\/uploads\/2020\/07\/anbaubalkon-28-300x225.jpg 300w, https:\/\/www.leeb-balkone.com\/app\/uploads\/2020\/07\/anbaubalkon-28-768x576.jpg 768w, https:\/\/www.leeb-balkone.com\/app\/uploads\/2020\/07\/anbaubalkon-28-1536x1152.jpg 1536w, https:\/\/www.leeb-balkone.com\/app\/uploads\/2020\/07\/anbaubalkon-28-2048x1536.jpg 2048w\" sizes=\"auto, (max-width: 1024px) 100vw, 1024px\" \/><\/figure>\n<\/div>\n\n\n\n<div class=\"wp-block-column is-vertically-aligned-center is-style-overlay-content is-layout-flow wp-block-column-is-layout-flow\">\n<div class=\"wp-block-group is-vertical is-layout-flex wp-container-core-group-is-layout-6aed0e10 wp-block-group-is-layout-flex\">\n<h3 class=\"wp-block-heading\">Konzolni podalj\u0161ki balkonov pri prenovi<\/h3>\n\n\n\n<p>Vgradnja prosto lebde\u010dih balkonov v obstoje\u010de stavbe predstavlja poseben tehni\u010dni izziv v primeru modernizacije in spomeni\u0161ko za\u0161\u010ditenih stavb. Ali je konzolni balkon mogo\u010de realizirati naknadno, je v veliki meri odvisno od stanja in nosilnosti stavbe. Praviloma je pri prenovi mo\u017ena globina balkona do pribli\u017eno 1,60 metra, za ve\u010dje projekcije pa je potrebna individualna gradbena ocena. Leeb ponuja prilagojene re\u0161itve za prenove: Balkoni so natan\u010dno izdelani v tovarni in na kraju samem name\u0161\u010deni hitro, \u010disto in brez ve\u010djega hrupa.<\/p>\n<\/div>\n<\/div>\n<\/div>\n\n\n<\/div>\n<\/section>\n\n\n\n<section class=\"wp-block-group alignfull has-light-gray-background-color has-background has-global-padding is-layout-constrained wp-container-core-group-is-layout-52f96efc wp-block-group-is-layout-constrained\">\n<div class=\"wp-block-group o-grid u-md-1 is-layout-flow wp-block-group-is-layout-flow\" style=\"padding-top:0\">\n<div class=\"wp-block-group u-g-9 u-g-s-2 is-layout-flow wp-block-group-is-layout-flow\" style=\"margin-bottom:var(--wp--preset--spacing--s)\">\n\n\n\n\n<div class=\"wp-block-t3-acc-accordion is-style-light\"><button id=\"accordion-0574a070-ff67-488b-a652-a28f44f91249-button\" class=\"accordion__button\" aria-expanded=\"false\" aria-controls=\"accordion-0574a070-ff67-488b-a652-a28f44f91249-panel\"><h3 data-accordion-title=\"true\" style=\"font-size:var(--step-1)\"><strong><strong><strong>Katere so prednosti in slabosti re\u0161itev brez stolpcev?<\/strong><\/strong><\/strong><\/h3><\/button><div id=\"accordion-0574a070-ff67-488b-a652-a28f44f91249-panel\" class=\"accordion__panel\" role=\"region\" aria-labelledby=\"accordion-0574a070-ff67-488b-a652-a28f44f91249-button\">\n<p>Konzolni balkoni navdu\u0161ujejo s sodobno zasnovo brez stebrov in dajejo stavbam privla\u010den videz &#8220;plavajo\u010dega balkona&#8221;. Konstrukcije &#8211; znane tudi kot konzolni ali konzolni ramenski balkoni &#8211; so \u0161e posebej priljubljene, kadar na obmo\u010dju dovozov, prehodov, stopni\u0161\u010d ali parkiri\u0161\u010d ni mogo\u010de namestiti nosilnih podpor. <\/p>\n\n\n\n<p>Dodatni balkoni brez podpor so zahtevnej\u0161i in kompleksnej\u0161i od re\u0161itev s podporami, zato so pogosto najdra\u017eja gradbena konstrukcija. Predvsem pri obstoje\u010dih stavbah je nujna celovita analiza stavbnega tkiva: natan\u010dno je treba preveriti nosilnost stropov in sten, da se zagotovi izvedba balkona brez stebrov \u017eelene velikosti. <\/p>\n<\/div><\/div>\n<\/div>\n<\/div>\n<\/section>\n\n\n\n<section class=\"wp-block-group alignfull has-white-background-color has-background has-global-padding is-layout-constrained wp-container-core-group-is-layout-52f96efc wp-block-group-is-layout-constrained\">\n<div class=\"wp-block-group o-grid u-md-1 is-layout-flow wp-block-group-is-layout-flow\" style=\"padding-top:0\">\n<div class=\"wp-block-group u-g-9 u-g-s-2 is-layout-flow wp-block-group-is-layout-flow\">\n<h2 class=\"wp-block-heading\">Konzolni podalj\u0161ki balkonov Vtisi<\/h2>\n\n\n\n<p><span class=\"teaser\">Naj vas navdihnejo mo\u017enosti oblikovanja na\u0161ega atrija.<\/span><\/p>\n<\/div>\n<\/div>\n\n\n    <div id=\"t3-lg-block-1\" class=\"wp-block-t3-lightgallery\" data-initial-count=\"12\">\n      <div class=\"lg-container u-grid-temp has-4-cols\">\n                  <div class=\"lg-item\" data-src=\"https:\/\/www.leeb-balkone.com\/app\/uploads\/2020\/07\/anbaubalkon-28-scaled.jpg\"\n              data-sub-html=\"&lt;p&gt;Renoviertes Haus mit freitragenden Anbaubalkon zur Erweiterung des Wohnraumes&lt;\/p&gt;\">\n            <div class=\"img-wrapper\">\n                <figure>\n                    <img loading=\"lazy\" decoding=\"async\" width=\"300\" height=\"225\" src=\"https:\/\/www.leeb-balkone.com\/app\/uploads\/2020\/07\/anbaubalkon-28-300x225.jpg\" class=\"attachment-medium size-medium\" alt=\"Renovierung eines Einfamilienhauses mit Alu-Anbaubalkon\" srcset=\"https:\/\/www.leeb-balkone.com\/app\/uploads\/2020\/07\/anbaubalkon-28-300x225.jpg 300w, https:\/\/www.leeb-balkone.com\/app\/uploads\/2020\/07\/anbaubalkon-28-1024x768.jpg 1024w, https:\/\/www.leeb-balkone.com\/app\/uploads\/2020\/07\/anbaubalkon-28-768x576.jpg 768w, https:\/\/www.leeb-balkone.com\/app\/uploads\/2020\/07\/anbaubalkon-28-1536x1152.jpg 1536w, https:\/\/www.leeb-balkone.com\/app\/uploads\/2020\/07\/anbaubalkon-28-2048x1536.jpg 2048w\" sizes=\"auto, (min-width: 1200px) 260px, (min-width: 1024px) 220px, (min-width: 640px) 465px, 768px\" \/>    \n                <\/figure>\n                        <\/div>\n            <p>Renoviertes Haus mit freitragenden Anbaubalkon zur Erweiterung des Wohnraumes<\/p>        <\/div>\n                  <div class=\"lg-item\" data-src=\"https:\/\/www.leeb-balkone.com\/app\/uploads\/2020\/07\/anbaubalkon-freitragend-alu-glas-2-scaled.jpg\"\n              data-sub-html=\"&lt;p&gt;Wohnanlage mit freitragenden Anbaubalkonen&lt;\/p&gt;\">\n            <div class=\"img-wrapper\">\n                <figure>\n                    <img loading=\"lazy\" decoding=\"async\" width=\"300\" height=\"200\" src=\"https:\/\/www.leeb-balkone.com\/app\/uploads\/2020\/07\/anbaubalkon-freitragend-alu-glas-2-300x200.jpg\" class=\"attachment-medium size-medium\" alt=\"Wohnanlage mit freitragenden Anbaubalkonen\" srcset=\"https:\/\/www.leeb-balkone.com\/app\/uploads\/2020\/07\/anbaubalkon-freitragend-alu-glas-2-300x200.jpg 300w, https:\/\/www.leeb-balkone.com\/app\/uploads\/2020\/07\/anbaubalkon-freitragend-alu-glas-2-1024x684.jpg 1024w, https:\/\/www.leeb-balkone.com\/app\/uploads\/2020\/07\/anbaubalkon-freitragend-alu-glas-2-768x513.jpg 768w, https:\/\/www.leeb-balkone.com\/app\/uploads\/2020\/07\/anbaubalkon-freitragend-alu-glas-2-1536x1025.jpg 1536w, https:\/\/www.leeb-balkone.com\/app\/uploads\/2020\/07\/anbaubalkon-freitragend-alu-glas-2-2048x1367.jpg 2048w\" sizes=\"auto, (min-width: 1200px) 260px, (min-width: 1024px) 220px, (min-width: 640px) 465px, 768px\" \/>    \n                <\/figure>\n                        <\/div>\n            <p>Wohnanlage mit freitragenden Anbaubalkonen<\/p>        <\/div>\n                  <div class=\"lg-item\" data-src=\"https:\/\/www.leeb-balkone.com\/app\/uploads\/2020\/07\/anbaubalkon-freitragend-alu-glas-1-scaled-e1683697087384.jpg\"\n              data-sub-html=\"&lt;p&gt;Obeseni balkoni (posebna izvedba)&lt;\/p&gt;\">\n            <div class=\"img-wrapper\">\n                <figure>\n                    <img loading=\"lazy\" decoding=\"async\" width=\"300\" height=\"262\" src=\"https:\/\/www.leeb-balkone.com\/app\/uploads\/2020\/07\/anbaubalkon-freitragend-alu-glas-1-scaled-e1683697087384-300x262.jpg\" class=\"attachment-medium size-medium\" alt=\"anbaubalkon freitragend alu glas 1 e1683697087384\" srcset=\"https:\/\/www.leeb-balkone.com\/app\/uploads\/2020\/07\/anbaubalkon-freitragend-alu-glas-1-scaled-e1683697087384-300x262.jpg 300w, https:\/\/www.leeb-balkone.com\/app\/uploads\/2020\/07\/anbaubalkon-freitragend-alu-glas-1-scaled-e1683697087384-1024x895.jpg 1024w, https:\/\/www.leeb-balkone.com\/app\/uploads\/2020\/07\/anbaubalkon-freitragend-alu-glas-1-scaled-e1683697087384-768x671.jpg 768w, https:\/\/www.leeb-balkone.com\/app\/uploads\/2020\/07\/anbaubalkon-freitragend-alu-glas-1-scaled-e1683697087384-1536x1343.jpg 1536w, https:\/\/www.leeb-balkone.com\/app\/uploads\/2020\/07\/anbaubalkon-freitragend-alu-glas-1-scaled-e1683697087384.jpg 1676w\" sizes=\"auto, (min-width: 1200px) 260px, (min-width: 1024px) 220px, (min-width: 640px) 465px, 768px\" \/>    \n                <\/figure>\n                        <\/div>\n            <p>Obeseni balkoni (posebna izvedba)<\/p>        <\/div>\n                  <div class=\"lg-item\" data-src=\"https:\/\/www.leeb-balkone.com\/app\/uploads\/2020\/07\/anbaubalkon-freitragend-alu-4-scaled.jpg\"\n              data-sub-html=\"&lt;p&gt;Samonosni balkon (pove\u010danje bivalnega prostora brez podpor)&lt;\/p&gt;\">\n            <div class=\"img-wrapper\">\n                <figure>\n                    <img loading=\"lazy\" decoding=\"async\" width=\"300\" height=\"200\" src=\"https:\/\/www.leeb-balkone.com\/app\/uploads\/2020\/07\/anbaubalkon-freitragend-alu-4-300x200.jpg\" class=\"attachment-medium size-medium\" alt=\"Gr\u00fcnes Haus mit Alu-Anbaubalkon\" srcset=\"https:\/\/www.leeb-balkone.com\/app\/uploads\/2020\/07\/anbaubalkon-freitragend-alu-4-300x200.jpg 300w, https:\/\/www.leeb-balkone.com\/app\/uploads\/2020\/07\/anbaubalkon-freitragend-alu-4-1024x683.jpg 1024w, https:\/\/www.leeb-balkone.com\/app\/uploads\/2020\/07\/anbaubalkon-freitragend-alu-4-768x512.jpg 768w, https:\/\/www.leeb-balkone.com\/app\/uploads\/2020\/07\/anbaubalkon-freitragend-alu-4-1536x1024.jpg 1536w, https:\/\/www.leeb-balkone.com\/app\/uploads\/2020\/07\/anbaubalkon-freitragend-alu-4-2048x1366.jpg 2048w\" sizes=\"auto, (min-width: 1200px) 260px, (min-width: 1024px) 220px, (min-width: 640px) 465px, 768px\" \/>    \n                <\/figure>\n                        <\/div>\n            <p>Samonosni balkon (pove\u010danje bivalnega prostora brez podpor)<\/p>        <\/div>\n                  <div class=\"lg-item\" data-src=\"https:\/\/www.leeb-balkone.com\/app\/uploads\/2020\/07\/anbaubalkon-freitragend-alu-holzoptik-scaled.jpg\"\n              data-sub-html=\"&lt;p&gt;Freitragendes Balkonanbausystem in Holzoptik&lt;\/p&gt;\">\n            <div class=\"img-wrapper\">\n                <figure>\n                    <img loading=\"lazy\" decoding=\"async\" width=\"300\" height=\"207\" src=\"https:\/\/www.leeb-balkone.com\/app\/uploads\/2020\/07\/anbaubalkon-freitragend-alu-holzoptik-300x207.jpg\" class=\"attachment-medium size-medium\" alt=\"Freitragendes Balkonanbausystem in Holzoptik\" srcset=\"https:\/\/www.leeb-balkone.com\/app\/uploads\/2020\/07\/anbaubalkon-freitragend-alu-holzoptik-300x207.jpg 300w, https:\/\/www.leeb-balkone.com\/app\/uploads\/2020\/07\/anbaubalkon-freitragend-alu-holzoptik-1024x708.jpg 1024w, https:\/\/www.leeb-balkone.com\/app\/uploads\/2020\/07\/anbaubalkon-freitragend-alu-holzoptik-768x531.jpg 768w, https:\/\/www.leeb-balkone.com\/app\/uploads\/2020\/07\/anbaubalkon-freitragend-alu-holzoptik-1536x1062.jpg 1536w, https:\/\/www.leeb-balkone.com\/app\/uploads\/2020\/07\/anbaubalkon-freitragend-alu-holzoptik-2048x1416.jpg 2048w\" sizes=\"auto, (min-width: 1200px) 260px, (min-width: 1024px) 220px, (min-width: 640px) 465px, 768px\" \/>    \n                <\/figure>\n                        <\/div>\n            <p>Freitragendes Balkonanbausystem in Holzoptik<\/p>        <\/div>\n                  <div class=\"lg-item\" data-src=\"https:\/\/www.leeb-balkone.com\/app\/uploads\/2020\/07\/anbaubalkon-freitragend-alu-holzoptik-2-scaled.jpg\"\n              data-sub-html=\"&lt;p&gt;Balkonanbau eines Einfamilienhauses  mit Balkongel\u00e4nder aus Alu und Glas&lt;\/p&gt;\">\n            <div class=\"img-wrapper\">\n                <figure>\n                    <img loading=\"lazy\" decoding=\"async\" width=\"300\" height=\"225\" src=\"https:\/\/www.leeb-balkone.com\/app\/uploads\/2020\/07\/anbaubalkon-freitragend-alu-holzoptik-2-300x225.jpg\" class=\"attachment-medium size-medium\" alt=\"Balkonanbau eines Einfamilienhauses in Holzoptik\" srcset=\"https:\/\/www.leeb-balkone.com\/app\/uploads\/2020\/07\/anbaubalkon-freitragend-alu-holzoptik-2-300x225.jpg 300w, https:\/\/www.leeb-balkone.com\/app\/uploads\/2020\/07\/anbaubalkon-freitragend-alu-holzoptik-2-1024x768.jpg 1024w, https:\/\/www.leeb-balkone.com\/app\/uploads\/2020\/07\/anbaubalkon-freitragend-alu-holzoptik-2-768x576.jpg 768w, https:\/\/www.leeb-balkone.com\/app\/uploads\/2020\/07\/anbaubalkon-freitragend-alu-holzoptik-2-1536x1152.jpg 1536w, https:\/\/www.leeb-balkone.com\/app\/uploads\/2020\/07\/anbaubalkon-freitragend-alu-holzoptik-2-2048x1536.jpg 2048w\" sizes=\"auto, (min-width: 1200px) 260px, (min-width: 1024px) 220px, (min-width: 640px) 465px, 768px\" \/>    \n                <\/figure>\n                        <\/div>\n            <p>Balkonanbau eines Einfamilienhauses  mit Balkongel\u00e4nder aus Alu und Glas<\/p>        <\/div>\n                  <div class=\"lg-item\" data-src=\"https:\/\/www.leeb-balkone.com\/app\/uploads\/2020\/07\/anbaubalkon-freitragend-alu-holzoptik-3-scaled.jpg\"\n              data-sub-html=\"&lt;p&gt;Nachtr\u00e4glich installierter Anbaubalkon in Holzoptik &lt;\/p&gt;\">\n            <div class=\"img-wrapper\">\n                <figure>\n                    <img loading=\"lazy\" decoding=\"async\" width=\"300\" height=\"225\" src=\"https:\/\/www.leeb-balkone.com\/app\/uploads\/2020\/07\/anbaubalkon-freitragend-alu-holzoptik-3-300x225.jpg\" class=\"attachment-medium size-medium\" alt=\"Chicer Balkon in Holzoptik der freitragend angebaut wurde\" srcset=\"https:\/\/www.leeb-balkone.com\/app\/uploads\/2020\/07\/anbaubalkon-freitragend-alu-holzoptik-3-300x225.jpg 300w, https:\/\/www.leeb-balkone.com\/app\/uploads\/2020\/07\/anbaubalkon-freitragend-alu-holzoptik-3-1024x768.jpg 1024w, https:\/\/www.leeb-balkone.com\/app\/uploads\/2020\/07\/anbaubalkon-freitragend-alu-holzoptik-3-768x576.jpg 768w, https:\/\/www.leeb-balkone.com\/app\/uploads\/2020\/07\/anbaubalkon-freitragend-alu-holzoptik-3-1536x1152.jpg 1536w, https:\/\/www.leeb-balkone.com\/app\/uploads\/2020\/07\/anbaubalkon-freitragend-alu-holzoptik-3-2048x1536.jpg 2048w\" sizes=\"auto, (min-width: 1200px) 260px, (min-width: 1024px) 220px, (min-width: 640px) 465px, 768px\" \/>    \n                <\/figure>\n                        <\/div>\n            <p>Nachtr\u00e4glich installierter Anbaubalkon in Holzoptik <\/p>        <\/div>\n                <\/div>\n\n          <\/div>\n    <\/section>\n\n\n\n<section class=\"wp-block-group alignfull has-white-background-color has-background has-global-padding is-layout-constrained wp-container-core-group-is-layout-9fa1424c wp-block-group-is-layout-constrained\" style=\"padding-top:0\">\n<div class=\"wp-block-columns is-style-offset m-split is-layout-flex wp-container-core-columns-is-layout-28f84493 wp-block-columns-is-layout-flex\">\n<div class=\"wp-block-column is-layout-flow wp-block-column-is-layout-flow\"><div class=\"vp-map-wrapper vp-map-ratio-19-1\"><img decoding=\"async\" width=\"1440\" height=\"884\" src=\"https:\/\/www.leeb-balkone.com\/app\/uploads\/2026\/04\/map-sl.jpg\" class=\"attachment-full size-full\" alt=\"map-sl\" style=\"width:100%;height:100%;object-fit:cover;display:block;\" loading=\"lazy\" srcset=\"https:\/\/www.leeb-balkone.com\/app\/uploads\/2026\/04\/map-sl.jpg 1440w, https:\/\/www.leeb-balkone.com\/app\/uploads\/2026\/04\/map-sl-300x184.jpg 300w, https:\/\/www.leeb-balkone.com\/app\/uploads\/2026\/04\/map-sl-1024x629.jpg 1024w, https:\/\/www.leeb-balkone.com\/app\/uploads\/2026\/04\/map-sl-768x471.jpg 768w\" sizes=\"auto, (min-width: 1536px) 2048px, (min-width: 992px) 1536px, (min-width: 768px) 1024px, (min-width: 576px) 768px, 100vw\" \/><\/div>\n<\/div>\n\n\n\n<div class=\"wp-block-column is-vertically-aligned-center is-style-overlay-content is-layout-flow wp-block-column-is-layout-flow\">\n<div class=\"wp-block-group is-vertical is-layout-flex wp-container-core-group-is-layout-bd7877ba wp-block-group-is-layout-flex\">\n<h2 class=\"wp-block-heading has-step-2-font-size\">Posredniki v Sloveniji<\/h2>\n\n\n\n<p>Kompetentni LEEB partnerji v va\u0161i regiji. Osebno svetovanje, natan\u010dno na\u010drtovanje in strokovna monta\u017ea.<\/p>\n\n\n\n<div class=\"wp-block-buttons is-layout-flex wp-block-buttons-is-layout-flex\" style=\"margin-top:var(--wp--preset--spacing--2-xs)\">\n<div class=\"wp-block-button is-style-cta\"><a class=\"wp-block-button__link has-transparent-background-color has-background wp-element-button\" href=\"https:\/\/www.leeb-balkone.com\/sl\/distribucijski-partnerji\/\">Poi\u0161\u010dite prodajnega partnerja<span class=\"sr-only\"> Distribucijski partner Leeb Balkone Slovenija<\/span><\/a><\/div>\n<\/div>\n<\/div>\n<\/div>\n<\/div>\n<\/section>\n\n\n\n<section class=\"wp-block-group alignfull has-light-gray-background-color has-background has-global-padding is-layout-constrained wp-container-core-group-is-layout-52f96efc wp-block-group-is-layout-constrained\" id=\"beratungstermin\">\n<div class=\"wp-block-group m-teaser o-grid u-md-1 is-layout-flow wp-block-group-is-layout-flow\">\n<div class=\"wp-block-group u-g-7 u-g-s-2 is-layout-flow wp-block-group-is-layout-flow\" style=\"margin-bottom:var(--wp--preset--spacing--s)\">\n<h2 class=\"wp-block-heading\">Stopite v stik z nami<\/h2>\n\n\n\n<p><strong><strong>Na\u010drtujete projekt ali imate vpra\u0161anja o nas in na\u0161ih re\u0161itvah? Pi\u0161ite nam: z veseljem bomo odgovorili na va\u0161a vpra\u0161anja!<\/strong><\/strong><\/p>\n<\/div>\n<\/div>\n\n\n\n<div class=\"wp-block-group m-teaser o-grid u-md-1 is-layout-flow wp-block-group-is-layout-flow\">\n<div class=\"wp-block-group u-g-7 u-g-s-2 is-layout-flow wp-block-group-is-layout-flow\" style=\"margin-bottom:var(--wp--preset--spacing--s)\"><form action=\"https:\/\/www.leeb-balkone.com\/sl\/wp-json\/ws-form\/v1\/submit\" class=\"wsf-form wsf-form-canvas\" id=\"ws-form-1\" data-id=\"11\" data-instance-id=\"1\" method=\"POST\"><\/form>\n<\/div>\n\n\n\n<div class=\"wp-block-group u-g-3 u-g-s-9 is-layout-flow wp-block-group-is-layout-flow\"><div class=\"t3-sidebar-buttons wp-block-buttons is-layout-flex wp-block-buttons-is-layout-flex\"><div class=\"wp-block-button is-style-fill icon-book icon-left\">\n                        <a class=\"wp-block-button__link has-secondary-color has-white-background-color has-text-color has-background has-link-color wp-element-button\" href=\"https:\/\/www.leeb-balkone.com\/sl\/kontakt\/zahtevajte-katalog\/\" style=\"box-shadow:var(--wp--preset--shadow--box-shadow)\">Zahtevajte katalog<\/a>\n                    <\/div><\/div>\n<\/div>\n<\/div>\n<\/section>\n","protected":false},"excerpt":{"rendered":"","protected":false},"author":4,"featured_media":0,"parent":154860,"menu_order":0,"comment_status":"closed","ping_status":"closed","template":"template-onepager.blade.php","meta":{"_acf_changed":false,"footnotes":"","_sage_theme_css":true,"_wp_block_core_css":true},"folder":[247,238],"class_list":["post-163828","page","type-page","status-publish","hentry"],"acf":[],"yoast_head":"<!-- This site is optimized with the Yoast SEO plugin v27.2 - https:\/\/yoast.com\/product\/yoast-seo-wordpress\/ -->\n<title>Balkonska raz\u0161iritev brez podpore &quot; Balkonska raz\u0161iritev ni podprta% -% % Slovenija<\/title>\n<meta name=\"description\" content=\"Dodatni balkon Leeb brez nosilcev: Re\u0161itev za sodoben, plavajo\u010d videz. Najve\u010dja svoboda pod balkonom in brez vzdr\u017eevanja. Na\u010drtujte zdaj!\" \/>\n<meta name=\"robots\" content=\"index, follow, max-snippet:-1, max-image-preview:large, max-video-preview:-1\" \/>\n<meta property=\"og:locale\" content=\"sl_SI\" \/>\n<meta property=\"og:type\" content=\"article\" \/>\n<meta property=\"og:title\" content=\"Balkonska raz\u0161iritev brez podpore &quot; Balkonska raz\u0161iritev ni podprta% -% %\" \/>\n<meta property=\"og:description\" content=\"Dodatni balkon Leeb brez nosilcev: Re\u0161itev za sodoben, plavajo\u010d videz. Najve\u010dja svoboda pod balkonom in brez vzdr\u017eevanja. Na\u010drtujte zdaj!\" \/>\n<meta property=\"og:url\" content=\"https:\/\/www.leeb-balkone.com\/sl\/montazni-balkoni\/alu-montazni-balkon-s-stebrick\/\" \/>\n<meta property=\"og:site_name\" content=\"Leeb Balkone\" \/>\n<meta property=\"article:publisher\" content=\"https:\/\/www.facebook.com\/balkone\/\" \/>\n<meta property=\"article:modified_time\" content=\"2026-01-29T07:20:47+00:00\" \/>\n<meta property=\"og:image\" content=\"https:\/\/www.leeb-balkone.com\/app\/uploads\/2020\/07\/anbaubalkon-freitragend-alu-holzoptik-1024x708.jpg\" \/>\n<meta name=\"twitter:card\" content=\"summary_large_image\" \/>\n<script type=\"application\/ld+json\" class=\"yoast-schema-graph\">{\"@context\":\"https:\/\/schema.org\",\"@graph\":[{\"@type\":\"WebPage\",\"@id\":\"https:\/\/www.leeb-balkone.com\/sl\/montazni-balkoni\/alu-montazni-balkon-s-stebrick\/\",\"url\":\"https:\/\/www.leeb-balkone.com\/sl\/montazni-balkoni\/alu-montazni-balkon-s-stebrick\/\",\"name\":\"Balkonska raz\u0161iritev brez podpore \\\" Balkonska raz\u0161iritev ni podprta% -% %\",\"isPartOf\":{\"@id\":\"https:\/\/www.leeb-balkone.com\/sl\/#website\"},\"primaryImageOfPage\":{\"@id\":\"https:\/\/www.leeb-balkone.com\/sl\/montazni-balkoni\/alu-montazni-balkon-s-stebrick\/#primaryimage\"},\"image\":{\"@id\":\"https:\/\/www.leeb-balkone.com\/sl\/montazni-balkoni\/alu-montazni-balkon-s-stebrick\/#primaryimage\"},\"thumbnailUrl\":\"https:\/\/www.leeb-balkone.com\/app\/uploads\/2020\/07\/anbaubalkon-freitragend-alu-holzoptik-1024x708.jpg\",\"datePublished\":\"2026-01-29T07:15:56+00:00\",\"dateModified\":\"2026-01-29T07:20:47+00:00\",\"description\":\"Dodatni balkon Leeb brez nosilcev: Re\u0161itev za sodoben, plavajo\u010d videz. Najve\u010dja svoboda pod balkonom in brez vzdr\u017eevanja. Na\u010drtujte zdaj!\",\"breadcrumb\":{\"@id\":\"https:\/\/www.leeb-balkone.com\/sl\/montazni-balkoni\/alu-montazni-balkon-s-stebrick\/#breadcrumb\"},\"inLanguage\":\"sl-SI\",\"potentialAction\":[{\"@type\":\"ReadAction\",\"target\":[\"https:\/\/www.leeb-balkone.com\/sl\/montazni-balkoni\/alu-montazni-balkon-s-stebrick\/\"]}]},{\"@type\":\"ImageObject\",\"inLanguage\":\"sl-SI\",\"@id\":\"https:\/\/www.leeb-balkone.com\/sl\/montazni-balkoni\/alu-montazni-balkon-s-stebrick\/#primaryimage\",\"url\":\"https:\/\/www.leeb-balkone.com\/app\/uploads\/2020\/07\/anbaubalkon-freitragend-alu-holzoptik-1024x708.jpg\",\"contentUrl\":\"https:\/\/www.leeb-balkone.com\/app\/uploads\/2020\/07\/anbaubalkon-freitragend-alu-holzoptik-1024x708.jpg\"},{\"@type\":\"BreadcrumbList\",\"@id\":\"https:\/\/www.leeb-balkone.com\/sl\/montazni-balkoni\/alu-montazni-balkon-s-stebrick\/#breadcrumb\",\"itemListElement\":[{\"@type\":\"ListItem\",\"position\":1,\"name\":\"Home\",\"item\":\"https:\/\/www.leeb-balkone.com\/sl\/\"},{\"@type\":\"ListItem\",\"position\":2,\"name\":\"Monta\u017eni balkoni\",\"item\":\"https:\/\/www.leeb-balkone.com\/sl\/montazni-balkoni\/\"},{\"@type\":\"ListItem\",\"position\":3,\"name\":\"Pritrjeni balkon brez podpor\"}]},{\"@type\":\"WebSite\",\"@id\":\"https:\/\/www.leeb-balkone.com\/sl\/#website\",\"url\":\"https:\/\/www.leeb-balkone.com\/sl\/\",\"name\":\"Leeb Balkone\",\"description\":\"Balkone und Z\u00e4une\",\"publisher\":{\"@id\":\"https:\/\/www.leeb-balkone.com\/sl\/#organization\"},\"potentialAction\":[{\"@type\":\"SearchAction\",\"target\":{\"@type\":\"EntryPoint\",\"urlTemplate\":\"https:\/\/www.leeb-balkone.com\/sl\/?s={search_term_string}\"},\"query-input\":{\"@type\":\"PropertyValueSpecification\",\"valueRequired\":true,\"valueName\":\"search_term_string\"}}],\"inLanguage\":\"sl-SI\"},{\"@type\":\"Organization\",\"@id\":\"https:\/\/www.leeb-balkone.com\/sl\/#organization\",\"name\":\"Leeb Balkone Gmbh\",\"url\":\"https:\/\/www.leeb-balkone.com\/sl\/\",\"logo\":{\"@type\":\"ImageObject\",\"inLanguage\":\"sl-SI\",\"@id\":\"https:\/\/www.leeb-balkone.com\/sl\/#\/schema\/logo\/image\/\",\"url\":\"https:\/\/www.leeb-balkone.com\/app\/uploads\/2020\/11\/leeb-logo.svg\",\"contentUrl\":\"https:\/\/www.leeb-balkone.com\/app\/uploads\/2020\/11\/leeb-logo.svg\",\"width\":741,\"height\":204,\"caption\":\"Leeb Balkone Gmbh\"},\"image\":{\"@id\":\"https:\/\/www.leeb-balkone.com\/sl\/#\/schema\/logo\/image\/\"},\"sameAs\":[\"https:\/\/www.facebook.com\/balkone\/\",\"https:\/\/www.trustedshops.at\/bewertung\/info_X4587CCF5833E31AFE0B11F47D86999F2.html\",\"https:\/\/www.trustedshops.de\/bewertung\/info_X7BA536A7A0BDC86D36C4718E4DCAEEEF.html\",\"https:\/\/www.google.com\/maps\/place\/?q=place_id:ChIJ5-zH19-IcEcR9HonWRTllHI\"]}]}<\/script>\n<!-- \/ Yoast SEO plugin. -->","yoast_head_json":{"title":"Balkonska raz\u0161iritev brez podpore \" Balkonska raz\u0161iritev ni podprta% -% % Slovenija","description":"Dodatni balkon Leeb brez nosilcev: Re\u0161itev za sodoben, plavajo\u010d videz. Najve\u010dja svoboda pod balkonom in brez vzdr\u017eevanja. Na\u010drtujte zdaj!","robots":{"index":"index","follow":"follow","max-snippet":"max-snippet:-1","max-image-preview":"max-image-preview:large","max-video-preview":"max-video-preview:-1"},"og_locale":"sl_SI","og_type":"article","og_title":"Balkonska raz\u0161iritev brez podpore \" Balkonska raz\u0161iritev ni podprta% -% %","og_description":"Dodatni balkon Leeb brez nosilcev: Re\u0161itev za sodoben, plavajo\u010d videz. Najve\u010dja svoboda pod balkonom in brez vzdr\u017eevanja. Na\u010drtujte zdaj!","og_url":"https:\/\/www.leeb-balkone.com\/sl\/montazni-balkoni\/alu-montazni-balkon-s-stebrick\/","og_site_name":"Leeb Balkone","article_publisher":"https:\/\/www.facebook.com\/balkone\/","article_modified_time":"2026-01-29T07:20:47+00:00","og_image":[{"url":"https:\/\/www.leeb-balkone.com\/app\/uploads\/2020\/07\/anbaubalkon-freitragend-alu-holzoptik-1024x708.jpg","type":"","width":"","height":""}],"twitter_card":"summary_large_image","schema":{"@context":"https:\/\/schema.org","@graph":[{"@type":"WebPage","@id":"https:\/\/www.leeb-balkone.com\/sl\/montazni-balkoni\/alu-montazni-balkon-s-stebrick\/","url":"https:\/\/www.leeb-balkone.com\/sl\/montazni-balkoni\/alu-montazni-balkon-s-stebrick\/","name":"Balkonska raz\u0161iritev brez podpore \" Balkonska raz\u0161iritev ni podprta% -% %","isPartOf":{"@id":"https:\/\/www.leeb-balkone.com\/sl\/#website"},"primaryImageOfPage":{"@id":"https:\/\/www.leeb-balkone.com\/sl\/montazni-balkoni\/alu-montazni-balkon-s-stebrick\/#primaryimage"},"image":{"@id":"https:\/\/www.leeb-balkone.com\/sl\/montazni-balkoni\/alu-montazni-balkon-s-stebrick\/#primaryimage"},"thumbnailUrl":"https:\/\/www.leeb-balkone.com\/app\/uploads\/2020\/07\/anbaubalkon-freitragend-alu-holzoptik-1024x708.jpg","datePublished":"2026-01-29T07:15:56+00:00","dateModified":"2026-01-29T07:20:47+00:00","description":"Dodatni balkon Leeb brez nosilcev: Re\u0161itev za sodoben, plavajo\u010d videz. Najve\u010dja svoboda pod balkonom in brez vzdr\u017eevanja. Na\u010drtujte zdaj!","breadcrumb":{"@id":"https:\/\/www.leeb-balkone.com\/sl\/montazni-balkoni\/alu-montazni-balkon-s-stebrick\/#breadcrumb"},"inLanguage":"sl-SI","potentialAction":[{"@type":"ReadAction","target":["https:\/\/www.leeb-balkone.com\/sl\/montazni-balkoni\/alu-montazni-balkon-s-stebrick\/"]}]},{"@type":"ImageObject","inLanguage":"sl-SI","@id":"https:\/\/www.leeb-balkone.com\/sl\/montazni-balkoni\/alu-montazni-balkon-s-stebrick\/#primaryimage","url":"https:\/\/www.leeb-balkone.com\/app\/uploads\/2020\/07\/anbaubalkon-freitragend-alu-holzoptik-1024x708.jpg","contentUrl":"https:\/\/www.leeb-balkone.com\/app\/uploads\/2020\/07\/anbaubalkon-freitragend-alu-holzoptik-1024x708.jpg"},{"@type":"BreadcrumbList","@id":"https:\/\/www.leeb-balkone.com\/sl\/montazni-balkoni\/alu-montazni-balkon-s-stebrick\/#breadcrumb","itemListElement":[{"@type":"ListItem","position":1,"name":"Home","item":"https:\/\/www.leeb-balkone.com\/sl\/"},{"@type":"ListItem","position":2,"name":"Monta\u017eni balkoni","item":"https:\/\/www.leeb-balkone.com\/sl\/montazni-balkoni\/"},{"@type":"ListItem","position":3,"name":"Pritrjeni balkon brez podpor"}]},{"@type":"WebSite","@id":"https:\/\/www.leeb-balkone.com\/sl\/#website","url":"https:\/\/www.leeb-balkone.com\/sl\/","name":"Leeb Balkone","description":"Balkone und Z\u00e4une","publisher":{"@id":"https:\/\/www.leeb-balkone.com\/sl\/#organization"},"potentialAction":[{"@type":"SearchAction","target":{"@type":"EntryPoint","urlTemplate":"https:\/\/www.leeb-balkone.com\/sl\/?s={search_term_string}"},"query-input":{"@type":"PropertyValueSpecification","valueRequired":true,"valueName":"search_term_string"}}],"inLanguage":"sl-SI"},{"@type":"Organization","@id":"https:\/\/www.leeb-balkone.com\/sl\/#organization","name":"Leeb Balkone Gmbh","url":"https:\/\/www.leeb-balkone.com\/sl\/","logo":{"@type":"ImageObject","inLanguage":"sl-SI","@id":"https:\/\/www.leeb-balkone.com\/sl\/#\/schema\/logo\/image\/","url":"https:\/\/www.leeb-balkone.com\/app\/uploads\/2020\/11\/leeb-logo.svg","contentUrl":"https:\/\/www.leeb-balkone.com\/app\/uploads\/2020\/11\/leeb-logo.svg","width":741,"height":204,"caption":"Leeb Balkone Gmbh"},"image":{"@id":"https:\/\/www.leeb-balkone.com\/sl\/#\/schema\/logo\/image\/"},"sameAs":["https:\/\/www.facebook.com\/balkone\/","https:\/\/www.trustedshops.at\/bewertung\/info_X4587CCF5833E31AFE0B11F47D86999F2.html","https:\/\/www.trustedshops.de\/bewertung\/info_X7BA536A7A0BDC86D36C4718E4DCAEEEF.html","https:\/\/www.google.com\/maps\/place\/?q=place_id:ChIJ5-zH19-IcEcR9HonWRTllHI"]}]}},"_links":{"self":[{"href":"https:\/\/www.leeb-balkone.com\/sl\/wp-json\/wp\/v2\/pages\/163828","targetHints":{"allow":["GET"]}}],"collection":[{"href":"https:\/\/www.leeb-balkone.com\/sl\/wp-json\/wp\/v2\/pages"}],"about":[{"href":"https:\/\/www.leeb-balkone.com\/sl\/wp-json\/wp\/v2\/types\/page"}],"author":[{"embeddable":true,"href":"https:\/\/www.leeb-balkone.com\/sl\/wp-json\/wp\/v2\/users\/4"}],"replies":[{"embeddable":true,"href":"https:\/\/www.leeb-balkone.com\/sl\/wp-json\/wp\/v2\/comments?post=163828"}],"version-history":[{"count":2,"href":"https:\/\/www.leeb-balkone.com\/sl\/wp-json\/wp\/v2\/pages\/163828\/revisions"}],"predecessor-version":[{"id":163838,"href":"https:\/\/www.leeb-balkone.com\/sl\/wp-json\/wp\/v2\/pages\/163828\/revisions\/163838"}],"up":[{"embeddable":true,"href":"https:\/\/www.leeb-balkone.com\/sl\/wp-json\/wp\/v2\/pages\/154860"}],"wp:attachment":[{"href":"https:\/\/www.leeb-balkone.com\/sl\/wp-json\/wp\/v2\/media?parent=163828"}],"wp:term":[{"taxonomy":"folder","embeddable":true,"href":"https:\/\/www.leeb-balkone.com\/sl\/wp-json\/wp\/v2\/folder?post=163828"}],"curies":[{"name":"wp","href":"https:\/\/api.w.org\/{rel}","templated":true}]}}