{"id":163781,"date":"2026-01-28T20:09:33","date_gmt":"2026-01-28T20:09:33","guid":{"rendered":"https:\/\/www.leeb-balkone.com\/ograje\/"},"modified":"2026-01-28T20:10:15","modified_gmt":"2026-01-28T20:10:15","slug":"ograje","status":"publish","type":"page","link":"https:\/\/www.leeb-balkone.com\/sl\/ograje\/","title":{"rendered":"Ograje"},"content":{"rendered":"\n<section class=\"wp-block-group alignfull t3-header t3-header-splitscreen t3-splitscreen-shadow h-zi-20 has-light-gray-background-color has-background has-global-padding is-layout-constrained wp-container-core-group-is-layout-f1ad4950 wp-block-group-is-layout-constrained\" style=\"padding-top:0;padding-bottom:0\">\n<div class=\"wp-block-columns h-flx-a-s m-split is-layout-flex wp-container-core-columns-is-layout-28f84493 wp-block-columns-is-layout-flex\">\n<div class=\"wp-block-column is-vertically-aligned-top h-flx-a-s m-split-col-content is-layout-flow wp-block-column-is-layout-flow\"><div class=\"yoast-breadcrumbs\"><span><span><a href=\"https:\/\/www.leeb-balkone.com\/sl\/\">Home<\/a><\/span> \/ <span class=\"breadcrumb_last\" aria-current=\"page\">Ograje<\/span><\/span><\/div>\n\n<h1 class=\"wp-block-post-title\">Ograje<\/h1>\n\n\n<p class=\"has-step-0-font-size\" style=\"margin-bottom:0\">Na\u0161e ograje so izdelane s strastjo in veliko pozornostjo do podrobnosti. Vsaka ograja vklju\u010duje preizku\u0161eno in inovativno tehnologijo podjetja Leeb, z optimalnim svetovanjem glede sloga in na\u010drtovanjem po meri pa zagotavljamo izjemno izvedbo. Po potrebi lahko dru\u017eba Leeb za va\u0161o ograjo dobavi ustrezna ograjna vrata, ki se ujemajo z vsemi modeli ograj.  <\/p>\n\n\n\n<div class=\"wp-block-buttons is-layout-flex wp-block-buttons-is-layout-flex\" style=\"margin-top:var(--wp--preset--spacing--l)\">\n<div class=\"wp-block-button is-style-cta icon-book icon-left\"><a class=\"wp-block-button__link wp-element-button\" href=\"https:\/\/www.leeb-balkone.com\/sl\/kontakt\/zahtevajte-katalog\/\">Zahtevajte katalog<\/a><\/div>\n\n\n\n<div class=\"wp-block-button is-style-cta icon-vp icon-left\"><a class=\"wp-block-button__link wp-element-button\" href=\"https:\/\/www.leeb-balkone.com\/sl\/distribucijski-partnerji\/\">Poi\u0161\u010dite kontaktno osebo<span class=\"sr-only\"> Slovenija<\/span><\/a><\/div>\n<\/div>\n<\/div>\n\n\n\n<div class=\"wp-block-column is-vertically-aligned-stretch h-hide-md-down is-style-image-cover is-layout-flow wp-block-column-is-layout-flow\">\n<figure class=\"wp-block-image size-large\"><img loading=\"lazy\" decoding=\"async\" width=\"1024\" height=\"736\" src=\"https:\/\/www.leeb-balkone.com\/app\/uploads\/2020\/07\/zaun-alu-grado-6-1024x736.jpg\" alt=\"Lepo urejen vrt z aluminijastim zaslonom za zasebnost Grado\" class=\"wp-image-7167\" srcset=\"https:\/\/www.leeb-balkone.com\/app\/uploads\/2020\/07\/zaun-alu-grado-6-1024x736.jpg 1024w, https:\/\/www.leeb-balkone.com\/app\/uploads\/2020\/07\/zaun-alu-grado-6-300x216.jpg 300w, https:\/\/www.leeb-balkone.com\/app\/uploads\/2020\/07\/zaun-alu-grado-6-768x552.jpg 768w, https:\/\/www.leeb-balkone.com\/app\/uploads\/2020\/07\/zaun-alu-grado-6-1536x1104.jpg 1536w, https:\/\/www.leeb-balkone.com\/app\/uploads\/2020\/07\/zaun-alu-grado-6-2048x1472.jpg 2048w\" sizes=\"auto, (max-width: 1024px) 100vw, 1024px\" \/><figcaption class=\"wp-element-caption\">Aluminijasti zaslon Grado<\/figcaption><\/figure>\n<\/div>\n<\/div>\n<\/section>\n\n<section class=\"wp-block-group alignfull has-white-background-color has-background has-global-padding is-layout-constrained wp-container-core-group-is-layout-52f96efc wp-block-group-is-layout-constrained\" id=\"modelle\">\n<div class=\"wp-block-group m-teaser o-grid u-md-1 is-layout-flow wp-block-group-is-layout-flow\">\n<div class=\"wp-block-group u-g-9 u-g-s-2 is-layout-flow wp-block-group-is-layout-flow\" style=\"margin-bottom:var(--wp--preset--spacing--s)\">\n<h2 class=\"wp-block-heading has-text-align-left\">Prilagojene ograje, ograjna vrata in zaslon za zasebnost<\/h2>\n\n\n\n<p class=\"has-text-align-left\">Trpe\u017eni aluminijasti in stekleni elementi navdu\u0161ujejo s svojimi povr\u0161inami, ki jih je enostavno vzdr\u017eevati, patentiranim premazom in najve\u010djo prilagodljivostjo. Vsak ograjni sistem, vsaka vrata in vsak element zaslona za zasebnost je izdelan in strokovno name\u0161\u010den po va\u0161ih natan\u010dnih specifikacijah. <\/p>\n<\/div>\n<\/div>\n\n\n\n<div class=\"wp-block-group is-style-transparent-cards large is-layout-grid wp-container-core-group-is-layout-6056aaf6 wp-block-group-is-layout-grid\"><div class=\"wp-block-group m-card is-layout-flow wp-container-core-group-is-layout-8a368f38 wp-block-group-is-layout-flow is-linked\"><a class=\"wp-block-group__link\" href=\"https:\/\/www.leeb-balkone.com\/sl\/ograje\/aluminijasta-ograja\/\" target=\"_self\" rel=\"follow\" aria-hidden=\"true\" tabindex=\"-1\">&nbsp;<\/a>\n<figure class=\"wp-block-image size-large\"><a href=\"https:\/\/www.leeb-balkone.com\/sl\/ograje\/aluminijasta-ograja\/\"><img loading=\"lazy\" decoding=\"async\" width=\"1024\" height=\"684\" src=\"https:\/\/www.leeb-balkone.com\/app\/uploads\/2024\/07\/aluzaun-von-leeb-balkone-1-1024x684.jpg\" alt=\"aluzaun von leeb balkone\" class=\"wp-image-139934\" srcset=\"https:\/\/www.leeb-balkone.com\/app\/uploads\/2024\/07\/aluzaun-von-leeb-balkone-1-1024x684.jpg 1024w, https:\/\/www.leeb-balkone.com\/app\/uploads\/2024\/07\/aluzaun-von-leeb-balkone-1-300x200.jpg 300w, https:\/\/www.leeb-balkone.com\/app\/uploads\/2024\/07\/aluzaun-von-leeb-balkone-1-768x513.jpg 768w, https:\/\/www.leeb-balkone.com\/app\/uploads\/2024\/07\/aluzaun-von-leeb-balkone-1-1536x1025.jpg 1536w, https:\/\/www.leeb-balkone.com\/app\/uploads\/2024\/07\/aluzaun-von-leeb-balkone-1-2048x1367.jpg 2048w\" sizes=\"auto, (max-width: 1024px) 100vw, 1024px\" \/><\/a><\/figure>\n\n\n\n<div class=\"wp-block-group m-card-content is-vertical is-layout-flex wp-container-core-group-is-layout-5580f018 wp-block-group-is-layout-flex\">\n<h3 class=\"wp-block-heading\"><a href=\"https:\/\/www.leeb-balkone.com\/sl\/ograje\/aluminijasta-ograja\/\">Aluminijaste ograje<\/a><\/h3>\n\n\n\n<p>Aluminijaste ograje v \u0161tevilnih modelih<\/p>\n\n\n\n<p class=\"more\"><a href=\"https:\/\/www.leeb-balkone.com\/sl\/ograje\/aluminijasta-ograja\/\">Preberite ve\u010d<\/a><\/p>\n<\/div>\n<\/div>\n\n\n\n<div class=\"wp-block-group m-card wp-container-content-4471a044 is-layout-flow wp-container-core-group-is-layout-8a368f38 wp-block-group-is-layout-flow\">\n<figure class=\"wp-block-image size-large\"><a href=\"https:\/\/www.leeb-balkone.com\/sl\/ograje\/ograjna-vrata\/\"><img loading=\"lazy\" decoding=\"async\" width=\"1024\" height=\"693\" src=\"https:\/\/www.leeb-balkone.com\/app\/uploads\/2020\/09\/alu-schiebetor-18-1024x693.jpg\" alt=\"Sodobna hi&#x161;a z aluminijastimi drsnimi vrati\" class=\"wp-image-7153\" srcset=\"https:\/\/www.leeb-balkone.com\/app\/uploads\/2020\/09\/alu-schiebetor-18-1024x693.jpg 1024w, https:\/\/www.leeb-balkone.com\/app\/uploads\/2020\/09\/alu-schiebetor-18-300x203.jpg 300w, https:\/\/www.leeb-balkone.com\/app\/uploads\/2020\/09\/alu-schiebetor-18-768x519.jpg 768w, https:\/\/www.leeb-balkone.com\/app\/uploads\/2020\/09\/alu-schiebetor-18-1536x1039.jpg 1536w, https:\/\/www.leeb-balkone.com\/app\/uploads\/2020\/09\/alu-schiebetor-18-2048x1385.jpg 2048w, https:\/\/www.leeb-balkone.com\/app\/uploads\/2020\/09\/alu-schiebetor-18-400x270.jpg 400w\" sizes=\"auto, (max-width: 1024px) 100vw, 1024px\" \/><\/a><\/figure>\n\n\n\n<div class=\"wp-block-group m-card-content is-vertical is-layout-flex wp-container-core-group-is-layout-5580f018 wp-block-group-is-layout-flex\">\n<h3 class=\"wp-block-heading\"><a href=\"https:\/\/www.leeb-balkone.com\/sl\/ograje\/ograjna-vrata\/\">Vrata za ograje<\/a><\/h3>\n\n\n\n<p>Vrata in vrata po meri za vse ograje<\/p>\n\n\n\n<p class=\"more\"><a href=\"https:\/\/www.leeb-balkone.com\/sl\/ograje\/ograjna-vrata\/\">Preberite ve\u010d<\/a><\/p>\n<\/div>\n<\/div>\n\n\n\n<div class=\"wp-block-group m-card is-layout-flow wp-container-core-group-is-layout-8a368f38 wp-block-group-is-layout-flow\">\n<figure class=\"wp-block-image size-large\"><a href=\"https:\/\/www.leeb-balkone.com\/sl\/ograje\/ograje-in-zascita-pred-pogledi\/\"><img loading=\"lazy\" decoding=\"async\" width=\"1024\" height=\"684\" src=\"https:\/\/www.leeb-balkone.com\/app\/uploads\/2022\/02\/zaun-grado-familie-borer-solothurn13-2-1-1024x684.jpg\" alt=\"zaun grado familie borer solothurn13 2\" class=\"wp-image-69756\" srcset=\"https:\/\/www.leeb-balkone.com\/app\/uploads\/2022\/02\/zaun-grado-familie-borer-solothurn13-2-1-1024x684.jpg 1024w, https:\/\/www.leeb-balkone.com\/app\/uploads\/2022\/02\/zaun-grado-familie-borer-solothurn13-2-1-300x200.jpg 300w, https:\/\/www.leeb-balkone.com\/app\/uploads\/2022\/02\/zaun-grado-familie-borer-solothurn13-2-1-768x513.jpg 768w, https:\/\/www.leeb-balkone.com\/app\/uploads\/2022\/02\/zaun-grado-familie-borer-solothurn13-2-1-1536x1025.jpg 1536w, https:\/\/www.leeb-balkone.com\/app\/uploads\/2022\/02\/zaun-grado-familie-borer-solothurn13-2-1-scaled.jpg 2048w\" sizes=\"auto, (max-width: 1024px) 100vw, 1024px\" \/><\/a><\/figure>\n\n\n\n<div class=\"wp-block-group m-card-content is-vertical is-layout-flex wp-container-core-group-is-layout-5580f018 wp-block-group-is-layout-flex\">\n<h3 class=\"wp-block-heading\"><a href=\"https:\/\/www.leeb-balkone.com\/sl\/ograje\/ograje-in-zascita-pred-pogledi\/\">Zaslon za zasebnost<\/a><\/h3>\n\n\n\n<p>Ograje za zasebnost in zasloni za zasebnost<\/p>\n\n\n\n<p class=\"more\"><a href=\"https:\/\/www.leeb-balkone.com\/sl\/ograje\/ograje-in-zascita-pred-pogledi\/\">Preberite ve\u010d<\/a><\/p>\n<\/div>\n<\/div>\n\n\n\n<div class=\"wp-block-group m-card is-layout-flow wp-container-core-group-is-layout-8a368f38 wp-block-group-is-layout-flow\">\n<figure class=\"wp-block-image size-large\"><a href=\"https:\/\/www.leeb-balkone.com\/sl\/solar\/solarna-ograja\/\"><img loading=\"lazy\" decoding=\"async\" width=\"1024\" height=\"670\" src=\"https:\/\/www.leeb-balkone.com\/app\/uploads\/2022\/06\/Zaun-Solar-05-Optimus-1024x670.jpg\" alt=\"U&#x10D;inkovita ograja z vgrajenimi son&#x10D;nimi kolektorji\" class=\"wp-image-139441\" srcset=\"https:\/\/www.leeb-balkone.com\/app\/uploads\/2022\/06\/Zaun-Solar-05-Optimus-1024x670.jpg 1024w, https:\/\/www.leeb-balkone.com\/app\/uploads\/2022\/06\/Zaun-Solar-05-Optimus-300x196.jpg 300w, https:\/\/www.leeb-balkone.com\/app\/uploads\/2022\/06\/Zaun-Solar-05-Optimus-768x502.jpg 768w, https:\/\/www.leeb-balkone.com\/app\/uploads\/2022\/06\/Zaun-Solar-05-Optimus-1536x1004.jpg 1536w, https:\/\/www.leeb-balkone.com\/app\/uploads\/2022\/06\/Zaun-Solar-05-Optimus-2048x1339.jpg 2048w\" sizes=\"auto, (max-width: 1024px) 100vw, 1024px\" \/><\/a><\/figure>\n\n\n\n<div class=\"wp-block-group m-card-content is-vertical is-layout-flex wp-container-core-group-is-layout-5580f018 wp-block-group-is-layout-flex\">\n<h3 class=\"wp-block-heading\"><a href=\"https:\/\/www.leeb-balkone.com\/sl\/solar\/solarna-ograja\/\">Son\u010dna ograja<\/a><\/h3>\n\n\n\n<p>Vznemirljivo na vseh podro\u010djih<\/p>\n\n\n\n<p class=\"more\"><a href=\"https:\/\/www.leeb-balkone.com\/sl\/solar\/solarna-ograja\/\">Preberite ve\u010d<\/a><\/p>\n<\/div>\n<\/div>\n<\/div>\n<\/section>\n\n<section class=\"wp-block-cover alignfull is-light katalog-cta\" style=\"margin-top:0;margin-bottom:var(--wp--preset--spacing--2-xl);padding-top:0;padding-right:0;padding-bottom:0;padding-left:0;min-height:100px;aspect-ratio:unset;\" id=\"katalogbestellung\"><img loading=\"lazy\" decoding=\"async\" width=\"1920\" height=\"599\" class=\"wp-block-cover__image-background wp-image-7912 size-full\" alt=\"leeb balkone katalog anfordern\" src=\"https:\/\/www.leeb-balkone.com\/app\/uploads\/2020\/09\/leeb-balkone-katalog-anfordern-1.jpeg\" data-object-fit=\"cover\" srcset=\"https:\/\/www.leeb-balkone.com\/app\/uploads\/2020\/09\/leeb-balkone-katalog-anfordern-1-300x94.jpeg 300w, https:\/\/www.leeb-balkone.com\/app\/uploads\/2020\/09\/leeb-balkone-katalog-anfordern-1-1024x319.jpeg 1024w, https:\/\/www.leeb-balkone.com\/app\/uploads\/2020\/09\/leeb-balkone-katalog-anfordern-1-768x240.jpeg 768w, https:\/\/www.leeb-balkone.com\/app\/uploads\/2020\/09\/leeb-balkone-katalog-anfordern-1-1536x479.jpeg 1536w\" sizes=\"auto, (max-width: 1920px) 100vw, 1920px\" \/><span aria-hidden=\"true\" class=\"wp-block-cover__background has-primary-45-background-color has-background-dim-80 has-background-dim\"><\/span><div class=\"wp-block-cover__inner-container has-global-padding is-layout-constrained wp-container-core-cover-is-layout-82c3e120 wp-block-cover-is-layout-constrained\">\n<div class=\"wp-block-group is-layout-flow wp-block-group-is-layout-flow\" style=\"min-height:0px;margin-top:0;margin-bottom:0;padding-top:var(--wp--preset--spacing--2-xl);padding-bottom:var(--wp--preset--spacing--2-xl);padding-left:0\">\n<div class=\"wp-block-columns are-vertically-aligned-center is-layout-flex wp-container-core-columns-is-layout-0a4bbf16 wp-block-columns-is-layout-flex\" style=\"margin-top:0;margin-bottom:0\">\n<div class=\"wp-block-column is-vertically-aligned-center is-layout-flow wp-block-column-is-layout-flow\" style=\"flex-basis:66.66%\">\n<h2 class=\"wp-block-heading\">Na\u0161e ograje v katalogu<\/h2>\n\n\n\n<p class=\"is-style-teaser\"><span class=\"teaser\">Va\u0161 osebni katalog \u010daka na vas! Naro\u010dite zdaj brezpla\u010dno in odkrijte na\u0161o celotno ponudbo ograj in zaslonov za zasebnost. Poi\u0161\u010dite re\u0161itev, ki vam popolnoma ustreza.<\/span><\/p>\n<\/div>\n\n\n\n<div class=\"wp-block-column is-vertically-aligned-center is-layout-flow wp-block-column-is-layout-flow\" style=\"flex-basis:33.33%\">\n<div class=\"wp-block-buttons u-m-jc-left is-content-justification-right is-layout-flex wp-container-core-buttons-is-layout-c060c6c7 wp-block-buttons-is-layout-flex\">\n<div class=\"wp-block-button is-style-filled-white large\"><a class=\"wp-block-button__link wp-element-button\" href=\"https:\/\/www.leeb-balkone.com\/sl\/kontakt\/zahtevajte-katalog\/\" style=\"box-shadow:var(--wp--preset--shadow--button-shadow)\">Zahtevajte katalog<\/a><\/div>\n<\/div>\n<\/div>\n<\/div>\n<\/div>\n<\/div><\/section>\n\n<section class=\"wp-block-cgb-t3-section-block alignfull b-pt-none b-pb-small is-style-bg-white\" style=\"display:inherit;background-color:#F5F5F5;min-height:inherit\">\n<div class=\"wp-block-cgb-t3-container-block b-has-offset-h\" style=\"background-color:none\"><div class=\"grid-container\"><div class=\"grid-x\"><div class=\"cell small-12 medium-6 large-0 medium-offset-1\">\n<h2 class=\"wp-block-heading\" id=\"zaune-vom-marktfuhrer\">Ograje iz evropskega podjetja \u0161t. 1<\/h2>\n<\/div><\/div><\/div><\/div>\n\n\n\n<div class=\"wp-block-cgb-t3-container-block none\" style=\"background-color:none\"><div class=\"grid-container\"><div class=\"grid-x\"><div class=\"cell small-12 medium-9 large-0 medium-offset-1 b-has-pt\">\n<p><span class=\"teaser\">Odkrijte raznolikost mo\u017enosti oblikovanja in barv za va\u0161o ograjo pri Leebu in poi\u0161\u010dite popoln model za va\u0161o nepremi\u010dnino. Skoraj vse barvne odtenke RAL je mogo\u010de preprosto uporabiti, vsestranski modeli ograj pa so na voljo tudi v 13 videzih lesa, ki so navidezno resni\u010dni. Dopolnilne re\u0161itve zaslonov za zasebnost in ustrezna drsna vrata, krilna vrata ali ograjna vrata dopolnjujejo harmoni\u010dno celostno podobo. Preverjena kakovost podjetja Leeb zagotavlja, da bo va\u0161a vrtna ograja po letih videti enako lepo kot prvi dan.   <\/span><\/p>\n<\/div><\/div><\/div><\/div>\n\n\n<div class=\"b-carousel  trak slider\" data-block_acf-block-697a3d86933cf>\n  <div class=\"slides\">\n      <\/div>\n\n<\/div>\n\n\n\n<div class=\"wp-block-cgb-t3-container-block none\" style=\"background-color:none\"><div class=\"grid-container\"><div class=\"grid-x\"><div class=\"cell small-12 medium-9 large-0 medium-offset-1\">\n<p class=\"has-text-align-center p-list-btns\"><a class=\"button hollow\" data-offset=\"120\" data-smooth-scroll=\"\" href=\"#grosse-auswahl\">Velika izbira<\/a> <a class=\"button hollow\" data-offset=\"120\" data-smooth-scroll=\"\" href=\"#material-technik\">Material in tehnologija<\/a> <a class=\"button hollow\" data-offset=\"120\" data-smooth-scroll=\"\" href=\"#faq\">Va\u0161e prednosti<\/a> <\/p>\n<\/div><\/div><\/div><\/div>\n<\/section>\n\n<section class=\"wp-block-cgb-t3-section-block alignfull  is-style-default\" style=\"display:inherit;background-color:#fff;min-height:inherit\"><div class=\"grid-container\"><div>\n<div class=\"wp-block-cgb-t3-container-block\" style=\"background-color:none\"><div class=\"grid-container\"><div class=\"grid-x\"><div class=\"cell small-12 medium-8 large-0 medium-offset-1 b-has-lsmb\">\n<h2 class=\"wp-block-heading\" id=\"grosse-auswahl\">Ograje v \u0161tevilnih izvedbah<\/h2>\n\n\n\n<p><span class=\"teaser\"><span class=\"teaser\"><span class=\"teaser\"><span class=\"teaser\">Nekaj razli\u010dic ograj iz \u0161iroke palete modelov, ki so na voljo pri podjetju Leeb &#8211; prava ograja za va\u0161 dom in vrt!<\/span><\/span><\/span><\/span><\/p>\n<\/div><\/div><\/div><\/div>\n\n\n\n<div class=\"wp-block-cgb-t3-container-block alignfull b-has-offset-h\" style=\"background-color:none\"><div class=\"grid-container\"><div class=\"grid-x\"><div class=\"cell small-12 medium-6 large-0 medium-offset-1 b-has-pt\">\n<h3 class=\"wp-block-heading has-text-align-left\" id=\"horizontales-modernes-design\"><strong><span class=\"h3ash4\"><span class=\"h3ash4\"><span class=\"uppercase\"><strong><span class=\"h3ash4\"><span class=\"uppercase\"><strong>Vodoravna\/moderna zasnova<\/strong><\/span><\/span><\/strong><\/span><\/span><\/span><\/strong><\/h3>\n\n\n\n<p>Ograje brez\u010dasnega ali modernega videza  <\/p>\n<\/div><\/div><\/div><\/div>\n\n\n<div id=\"lightgallery-block_acf-block-697a3d86933ee\" data-block_acf-block-697a3d86933ee class=\"has-4-imgs b-cards b-cards--gallery u-grid-temp has-4-cols u-md-2 u-sm-1 wp-block-group is-layout-grid wp-block-group-is-layout-grid gallery alignwide\">\n\n        <div class=\"b-cards__item\">\n\n        \n      <figure>\n                 <img loading=\"lazy\" decoding=\"async\" width=\"611\" height=\"480\" src=\"https:\/\/www.leeb-balkone.com\/app\/uploads\/2022\/01\/alu-zaun-madrid-rendering-1.jpg\" class=\"attachment-medium_large size-medium_large\" alt=\"alu zaun madrid rendering 1\" srcset=\"https:\/\/www.leeb-balkone.com\/app\/uploads\/2022\/01\/alu-zaun-madrid-rendering-1.jpg 611w, https:\/\/www.leeb-balkone.com\/app\/uploads\/2022\/01\/alu-zaun-madrid-rendering-1-300x236.jpg 300w\" sizes=\"auto, (min-width: 1200px) 360px, (min-width: 1024px) 300px, (min-width: 640px) 768px, 768px\" \/>              <\/figure>\n\n                  \n  \n<\/div>\n\n        <div class=\"b-cards__item\">\n\n        \n      <figure>\n                 <img loading=\"lazy\" decoding=\"async\" width=\"611\" height=\"480\" src=\"https:\/\/www.leeb-balkone.com\/app\/uploads\/2022\/01\/alu-zaun-palma-rendering-1.jpg\" class=\"attachment-medium_large size-medium_large\" alt=\"alu zaun palma rendering 1\" srcset=\"https:\/\/www.leeb-balkone.com\/app\/uploads\/2022\/01\/alu-zaun-palma-rendering-1.jpg 611w, https:\/\/www.leeb-balkone.com\/app\/uploads\/2022\/01\/alu-zaun-palma-rendering-1-300x236.jpg 300w\" sizes=\"auto, (min-width: 1200px) 360px, (min-width: 1024px) 300px, (min-width: 640px) 768px, 768px\" \/>              <\/figure>\n\n                  \n  \n<\/div>\n\n        <div class=\"b-cards__item\">\n\n        \n      <figure>\n                 <img loading=\"lazy\" decoding=\"async\" width=\"611\" height=\"480\" src=\"https:\/\/www.leeb-balkone.com\/app\/uploads\/2022\/01\/alu-zaun-nizza-rendering-1.jpg\" class=\"attachment-medium_large size-medium_large\" alt=\"alu zaun nizza rendering 1\" srcset=\"https:\/\/www.leeb-balkone.com\/app\/uploads\/2022\/01\/alu-zaun-nizza-rendering-1.jpg 611w, https:\/\/www.leeb-balkone.com\/app\/uploads\/2022\/01\/alu-zaun-nizza-rendering-1-300x236.jpg 300w\" sizes=\"auto, (min-width: 1200px) 360px, (min-width: 1024px) 300px, (min-width: 640px) 768px, 768px\" \/>              <\/figure>\n\n                  \n  \n<\/div>\n\n        <div class=\"b-cards__item\">\n\n        \n      <figure>\n                 <img loading=\"lazy\" decoding=\"async\" width=\"611\" height=\"480\" src=\"https:\/\/www.leeb-balkone.com\/app\/uploads\/2022\/01\/alu-zaun-parallelo-rendering-1.jpg\" class=\"attachment-medium_large size-medium_large\" alt=\"alu zaun parallelo rendering 1\" srcset=\"https:\/\/www.leeb-balkone.com\/app\/uploads\/2022\/01\/alu-zaun-parallelo-rendering-1.jpg 611w, https:\/\/www.leeb-balkone.com\/app\/uploads\/2022\/01\/alu-zaun-parallelo-rendering-1-300x236.jpg 300w\" sizes=\"auto, (min-width: 1200px) 360px, (min-width: 1024px) 300px, (min-width: 640px) 768px, 768px\" \/>              <\/figure>\n\n                  \n  \n<\/div>\n\n    <\/div>\n\n\n\n\n<div class=\"wp-block-cgb-t3-container-block alignfull b-has-offset-h\" style=\"background-color:none\"><div class=\"grid-container\"><div class=\"grid-x\"><div class=\"cell small-12 medium-6 large-0 medium-offset-1\">\n<h3 class=\"wp-block-heading\" id=\"sichtschutzzaune\"><strong><span class=\"h3ash4\"><span class=\"uppercase\">navpi\u010dno\/tradicionalno oblikovanje<\/span><span class=\"uppercase\">n<\/span><\/span><\/strong><\/h3>\n\n\n\n<p>Ograje klasi\u010dnega ali rustikalnega videza<\/p>\n<\/div><\/div><\/div><\/div>\n\n\n<div id=\"lightgallery-block_acf-block-697a3d86933fe\" data-block_acf-block-697a3d86933fe class=\"has-4-imgs b-cards b-cards--gallery u-grid-temp has-4-cols u-md-2 u-sm-1 wp-block-group is-layout-grid wp-block-group-is-layout-grid gallery alignwide\">\n\n        <div class=\"b-cards__item\">\n\n        \n      <figure>\n                 <img loading=\"lazy\" decoding=\"async\" width=\"611\" height=\"480\" src=\"https:\/\/www.leeb-balkone.com\/app\/uploads\/2022\/01\/alu-zaun-schoenbrunn-rendering-1.jpg\" class=\"attachment-medium_large size-medium_large\" alt=\"alu zaun schoenbrunn rendering 1\" srcset=\"https:\/\/www.leeb-balkone.com\/app\/uploads\/2022\/01\/alu-zaun-schoenbrunn-rendering-1.jpg 611w, https:\/\/www.leeb-balkone.com\/app\/uploads\/2022\/01\/alu-zaun-schoenbrunn-rendering-1-300x236.jpg 300w\" sizes=\"auto, (min-width: 1200px) 360px, (min-width: 1024px) 300px, (min-width: 640px) 768px, 768px\" \/>              <\/figure>\n\n                  \n  \n<\/div>\n\n        <div class=\"b-cards__item\">\n\n        \n      <figure>\n                 <img loading=\"lazy\" decoding=\"async\" width=\"611\" height=\"480\" src=\"https:\/\/www.leeb-balkone.com\/app\/uploads\/2022\/01\/alu-zaun-valetta-rendering-1.jpg\" class=\"attachment-medium_large size-medium_large\" alt=\"alu zaun valetta rendering 1\" srcset=\"https:\/\/www.leeb-balkone.com\/app\/uploads\/2022\/01\/alu-zaun-valetta-rendering-1.jpg 611w, https:\/\/www.leeb-balkone.com\/app\/uploads\/2022\/01\/alu-zaun-valetta-rendering-1-300x236.jpg 300w\" sizes=\"auto, (min-width: 1200px) 360px, (min-width: 1024px) 300px, (min-width: 640px) 768px, 768px\" \/>              <\/figure>\n\n                  \n  \n<\/div>\n\n        <div class=\"b-cards__item\">\n\n        \n      <figure>\n                 <img loading=\"lazy\" decoding=\"async\" width=\"611\" height=\"480\" src=\"https:\/\/www.leeb-balkone.com\/app\/uploads\/2022\/01\/alu-zaun-belvedere-rendering-1.jpg\" class=\"attachment-medium_large size-medium_large\" alt=\"alu zaun belvedere rendering 1\" srcset=\"https:\/\/www.leeb-balkone.com\/app\/uploads\/2022\/01\/alu-zaun-belvedere-rendering-1.jpg 611w, https:\/\/www.leeb-balkone.com\/app\/uploads\/2022\/01\/alu-zaun-belvedere-rendering-1-300x236.jpg 300w\" sizes=\"auto, (min-width: 1200px) 360px, (min-width: 1024px) 300px, (min-width: 640px) 768px, 768px\" \/>              <\/figure>\n\n                  \n  \n<\/div>\n\n        <div class=\"b-cards__item\">\n\n        \n      <figure>\n                 <img loading=\"lazy\" decoding=\"async\" width=\"611\" height=\"480\" src=\"https:\/\/www.leeb-balkone.com\/app\/uploads\/2022\/01\/alu-zaun-lilie-rendering.jpg\" class=\"attachment-medium_large size-medium_large\" alt=\"alu zaun lilie rendering\" srcset=\"https:\/\/www.leeb-balkone.com\/app\/uploads\/2022\/01\/alu-zaun-lilie-rendering.jpg 611w, https:\/\/www.leeb-balkone.com\/app\/uploads\/2022\/01\/alu-zaun-lilie-rendering-300x236.jpg 300w\" sizes=\"auto, (min-width: 1200px) 360px, (min-width: 1024px) 300px, (min-width: 640px) 768px, 768px\" \/>              <\/figure>\n\n                  \n  \n<\/div>\n\n    <\/div>\n\n\n\n\n<div class=\"wp-block-cgb-t3-container-block alignfull b-has-offset-h\" style=\"background-color:none\"><div class=\"grid-container\"><div class=\"grid-x\"><div class=\"cell small-12 medium-6 large-0 medium-offset-1\">\n<h3 class=\"wp-block-heading\" id=\"sichtschutzzaune\"><strong><span class=\"h3ash4\"><span class=\"uppercase\">Ograje za zasebnost<\/span><\/span><\/strong><\/h3>\n\n\n\n<p>Modeli ograj, primerni kot zasloni za zasebnost<\/p>\n<\/div><\/div><\/div><\/div>\n\n\n<div id=\"lightgallery-block_acf-block-697a3d869340c\" data-block_acf-block-697a3d869340c class=\"has-4-imgs b-cards b-cards--gallery u-grid-temp has-4-cols u-md-2 u-sm-1 wp-block-group is-layout-grid wp-block-group-is-layout-grid gallery alignwide\">\n\n        <div class=\"b-cards__item\">\n\n        \n      <figure>\n                 <img loading=\"lazy\" decoding=\"async\" width=\"611\" height=\"480\" src=\"https:\/\/www.leeb-balkone.com\/app\/uploads\/2022\/01\/alu-zaun-ambito-rendering-1.jpg\" class=\"attachment-medium_large size-medium_large\" alt=\"alu zaun ambito rendering 1\" srcset=\"https:\/\/www.leeb-balkone.com\/app\/uploads\/2022\/01\/alu-zaun-ambito-rendering-1.jpg 611w, https:\/\/www.leeb-balkone.com\/app\/uploads\/2022\/01\/alu-zaun-ambito-rendering-1-300x236.jpg 300w\" sizes=\"auto, (min-width: 1200px) 360px, (min-width: 1024px) 300px, (min-width: 640px) 768px, 768px\" \/>              <\/figure>\n\n                  \n  \n<\/div>\n\n        <div class=\"b-cards__item\">\n\n        \n      <figure>\n                 <img loading=\"lazy\" decoding=\"async\" width=\"611\" height=\"480\" src=\"https:\/\/www.leeb-balkone.com\/app\/uploads\/2022\/01\/alu-zaun-grado-rendering-1.jpg\" class=\"attachment-medium_large size-medium_large\" alt=\"alu zaun grado rendering 1\" srcset=\"https:\/\/www.leeb-balkone.com\/app\/uploads\/2022\/01\/alu-zaun-grado-rendering-1.jpg 611w, https:\/\/www.leeb-balkone.com\/app\/uploads\/2022\/01\/alu-zaun-grado-rendering-1-300x236.jpg 300w\" sizes=\"auto, (min-width: 1200px) 360px, (min-width: 1024px) 300px, (min-width: 640px) 768px, 768px\" \/>              <\/figure>\n\n                  \n  \n<\/div>\n\n        <div class=\"b-cards__item\">\n\n        \n      <figure>\n                 <img loading=\"lazy\" decoding=\"async\" width=\"611\" height=\"480\" src=\"https:\/\/www.leeb-balkone.com\/app\/uploads\/2022\/01\/alu-zaun-ruven-rendering-1.jpg\" class=\"attachment-medium_large size-medium_large\" alt=\"alu zaun ruven rendering 1\" srcset=\"https:\/\/www.leeb-balkone.com\/app\/uploads\/2022\/01\/alu-zaun-ruven-rendering-1.jpg 611w, https:\/\/www.leeb-balkone.com\/app\/uploads\/2022\/01\/alu-zaun-ruven-rendering-1-300x236.jpg 300w\" sizes=\"auto, (min-width: 1200px) 360px, (min-width: 1024px) 300px, (min-width: 640px) 768px, 768px\" \/>              <\/figure>\n\n                  \n  \n<\/div>\n\n        <div class=\"b-cards__item\">\n\n        \n      <figure>\n                 <img loading=\"lazy\" decoding=\"async\" width=\"611\" height=\"480\" src=\"https:\/\/www.leeb-balkone.com\/app\/uploads\/2022\/01\/alu-zaun-ibiza-rendering-1.jpg\" class=\"attachment-medium_large size-medium_large\" alt=\"alu zaun ibiza rendering 1\" srcset=\"https:\/\/www.leeb-balkone.com\/app\/uploads\/2022\/01\/alu-zaun-ibiza-rendering-1.jpg 611w, https:\/\/www.leeb-balkone.com\/app\/uploads\/2022\/01\/alu-zaun-ibiza-rendering-1-300x236.jpg 300w\" sizes=\"auto, (min-width: 1200px) 360px, (min-width: 1024px) 300px, (min-width: 640px) 768px, 768px\" \/>              <\/figure>\n\n                  \n  \n<\/div>\n\n    <\/div>\n\n\n\n\n<div class=\"wp-block-buttons text-center l-pt-1 is-content-justification-center is-layout-flex wp-container-core-buttons-is-layout-a89b3969 wp-block-buttons-is-layout-flex\">\n<div class=\"wp-block-button is-style-fill\"><a class=\"wp-block-button__link wp-element-button\" href=\"https:\/\/www.leeb-balkone.com\/sl\/ograje\/aluminijasta-ograja\/\">Oglejte si vse modele<\/a><\/div>\n<\/div>\n<\/div><\/div><\/section>\n\n<section class=\"wp-block-cgb-t3-section-block alignfull b-pt-none  is-style-default\" style=\"display:inherit;background-color:#F5F5F5;min-height:inherit\">\n<section class=\"wp-block-cgb-t3-section-block alignfull b-pt-none b-pb-none is-style-default\" style=\"display:inherit;background-color:#F5F5F5;min-height:inherit\">\n<div class=\"wp-block-cgb-t3-container-block b-has-offset-h\" style=\"background-color:none\"><div class=\"grid-container\"><div class=\"grid-x\"><div class=\"cell small-12 medium-6 large-0 medium-offset-1\">\n<h2 class=\"wp-block-heading\" id=\"material-technik\">Material in tehnologija<\/h2>\n<\/div><\/div><\/div><\/div>\n\n\n\n<div class=\"wp-block-cgb-t3-container-block none\" style=\"background-color:none\"><div class=\"grid-container\"><div class=\"grid-x\"><div class=\"cell small-12 medium-9 large-0 medium-offset-1 b-has-pt b-has-lsmb\">\n<h2 class=\"wp-block-heading\" id=\"gute-grunde-fur-zaun-und-sichtschutz-aus-alu-glas\">Odlo\u010dilni razlogi za ograje in zaslone za zasebnost iz aluminija in stekla<\/h2>\n\n\n\n<p>Sodobne ograje Leeb odlikujeta izjemna odpornost proti vremenskim vplivom in enostavno vzdr\u017eevanje, ki ga zagotavlja patentiran <a href=\"https:\/\/www.leeb-balkone.com\/sl\/tehnika\/alu-comfort-plus\/\">pra\u0161ni premaz ALU COMFORT\u00ae<\/a>. Inovativni <a href=\"https:\/\/www.leeb-balkone.com\/sl\/tehnika\/aluminij-kot-material\/\">sistem za\u0161\u010dite iz aluminija<\/a> daje ograjam izjemno trdnost. Na\u0161e <a href=\"https:\/\/www.leeb-balkone.com\/de\/technik\/glas\/\">visokokakovostno steklo<\/a> zagotavlja varnost in je dobra izbira za ograje za zasebnost, zlasti v barvah stekla mat bela in mat siva. Aluminijaste ograje Leeb so na zahtevo na voljo tudi v <a href=\"https:\/\/www.leeb-balkone.com\/de\/technik\/alu-holzoptik\/\">videzu lesa<\/a>.   <\/p>\n<\/div><\/div><\/div><\/div>\n\n\n\n<div class=\"wp-block-cgb-t3-container-block none\" style=\"background-color:none\"><div class=\"grid-container\"><div class=\"grid-x\"><div class=\"cell small-12 medium-0 large-0 b-has-pt\"><div data-block_acf-block-697a3d869343f class=\"wp-block-group is-style-transparent-cards u-grid-temp has-3-cols u-md-2 u-sm-1 cards alignwide std \" style=\"margin-bottom:var(--wp--preset--spacing--xl)\">\n\n\n            <div class=\"wp-block-group m-card is-layout-flow wp-block-group-is-layout-flow\">\n      <figure data-imgid=\"22494\" class=\"wp-block-image size-large\">\n      <img decoding=\"async\" width=\"768\" height=\"499\" src=\"https:\/\/www.leeb-balkone.com\/app\/uploads\/2021\/01\/alu-comfort-plus-768x499.jpg\" class=\"attachment-medium_large size-medium_large\" alt=\"alu comfort plus\" title=\"\" loading=\"lazy\" srcset=\"https:\/\/www.leeb-balkone.com\/app\/uploads\/2021\/01\/alu-comfort-plus-768x499.jpg 768w, https:\/\/www.leeb-balkone.com\/app\/uploads\/2021\/01\/alu-comfort-plus-300x195.jpg 300w, https:\/\/www.leeb-balkone.com\/app\/uploads\/2021\/01\/alu-comfort-plus-1024x665.jpg 1024w, https:\/\/www.leeb-balkone.com\/app\/uploads\/2021\/01\/alu-comfort-plus-1536x997.jpg 1536w, https:\/\/www.leeb-balkone.com\/app\/uploads\/2021\/01\/alu-comfort-plus-2048x1330.jpg 2048w\" sizes=\"auto, (min-width: 1200px) 360px, (min-width: 1024px) 300px, (min-width: 640px) 768px, 768px\" \/>    <\/figure>\n  \n  <div class=\"wp-block-group m-card-content is-vertical is-layout-flex wp-block-group-is-layout-flex\">\n          <h3 class=\"wp-block-heading\">ALU Comfort Plus\u00ae<\/h3>\n        <p>Patentiran pra\u0161ni premaz &#8211; odporen na vremenske vplive in praske. Aluminijaste ograje Leeb so izjemno enostavne za vzdr\u017eevanje in vzdr\u017eljive.   <\/p>\n      <\/div>\n<\/div>\n\n\n          <div class=\"wp-block-group m-card is-layout-flow wp-block-group-is-layout-flow\">\n      <figure data-imgid=\"58806\" class=\"wp-block-image size-large\">\n      <img decoding=\"async\" width=\"768\" height=\"564\" src=\"https:\/\/www.leeb-balkone.com\/app\/uploads\/2021\/10\/leeb-alu-protection-system-768x564.jpg\" class=\"attachment-medium_large size-medium_large\" alt=\"leeb alu protection system\" title=\"\" loading=\"lazy\" srcset=\"https:\/\/www.leeb-balkone.com\/app\/uploads\/2021\/10\/leeb-alu-protection-system-768x564.jpg 768w, https:\/\/www.leeb-balkone.com\/app\/uploads\/2021\/10\/leeb-alu-protection-system-300x221.jpg 300w, https:\/\/www.leeb-balkone.com\/app\/uploads\/2021\/10\/leeb-alu-protection-system-1024x753.jpg 1024w, https:\/\/www.leeb-balkone.com\/app\/uploads\/2021\/10\/leeb-alu-protection-system-1536x1129.jpg 1536w, https:\/\/www.leeb-balkone.com\/app\/uploads\/2021\/10\/leeb-alu-protection-system-scaled.jpg 2048w\" sizes=\"auto, (min-width: 1200px) 360px, (min-width: 1024px) 300px, (min-width: 640px) 768px, 768px\" \/>    <\/figure>\n  \n  <div class=\"wp-block-group m-card-content is-vertical is-layout-flex wp-block-group-is-layout-flex\">\n          <h3 class=\"wp-block-heading\">Aluminijasti za\u0161\u010ditni sistem<\/h3>\n        <p>Na\u0161 na novo razviti sistem za\u0161\u010dite Alu Protection System &#8220;APS&#8221; pomeni dodatno varnost za vas. Zaradi tr\u0161e zlitine so ograje za 20 % trdnej\u0161e.<\/p>\n      <\/div>\n<\/div>\n\n\n          <div class=\"wp-block-group m-card is-layout-flow wp-block-group-is-layout-flow\">\n      <figure data-imgid=\"51827\" class=\"wp-block-image size-large\">\n      <img decoding=\"async\" width=\"768\" height=\"1802\" src=\"https:\/\/www.leeb-balkone.com\/app\/uploads\/2021\/08\/aluminium-holzoptik-768x1802.jpeg\" class=\"attachment-medium_large size-medium_large\" alt=\"aluminium holzoptik\" title=\"\" loading=\"lazy\" srcset=\"https:\/\/www.leeb-balkone.com\/app\/uploads\/2021\/08\/aluminium-holzoptik-768x1802.jpeg 768w, https:\/\/www.leeb-balkone.com\/app\/uploads\/2021\/08\/aluminium-holzoptik-128x300.jpeg 128w, https:\/\/www.leeb-balkone.com\/app\/uploads\/2021\/08\/aluminium-holzoptik-437x1024.jpeg 437w, https:\/\/www.leeb-balkone.com\/app\/uploads\/2021\/08\/aluminium-holzoptik-655x1536.jpeg 655w, https:\/\/www.leeb-balkone.com\/app\/uploads\/2021\/08\/aluminium-holzoptik.jpeg 873w\" sizes=\"auto, (min-width: 1200px) 360px, (min-width: 1024px) 300px, (min-width: 640px) 768px, 768px\" \/>    <\/figure>\n  \n  <div class=\"wp-block-group m-card-content is-vertical is-layout-flex wp-block-group-is-layout-flex\">\n          <h3 class=\"wp-block-heading\">Aluminij v videzu lesa<\/h3>\n        <p>U\u017eivajte v prednostih aluminija, ne da bi pri tem \u017ertvovali videz lesa &#8211; aluminijaste ograje z videzom lesa.  <\/p>\n      <\/div>\n<\/div>\n\n\n          <div class=\"wp-block-group m-card is-layout-flow wp-block-group-is-layout-flow\">\n      <figure data-imgid=\"58845\" class=\"wp-block-image size-large\">\n      <img decoding=\"async\" width=\"768\" height=\"364\" src=\"https:\/\/www.leeb-balkone.com\/app\/uploads\/2021\/10\/glasdetails-alubalkon-casa-linea-768x364.jpg\" class=\"attachment-medium_large size-medium_large\" alt=\"glasdetails alubalkon casa linea\" title=\"\" loading=\"lazy\" srcset=\"https:\/\/www.leeb-balkone.com\/app\/uploads\/2021\/10\/glasdetails-alubalkon-casa-linea-768x364.jpg 768w, https:\/\/www.leeb-balkone.com\/app\/uploads\/2021\/10\/glasdetails-alubalkon-casa-linea-300x142.jpg 300w, https:\/\/www.leeb-balkone.com\/app\/uploads\/2021\/10\/glasdetails-alubalkon-casa-linea-1024x485.jpg 1024w, https:\/\/www.leeb-balkone.com\/app\/uploads\/2021\/10\/glasdetails-alubalkon-casa-linea-1536x728.jpg 1536w, https:\/\/www.leeb-balkone.com\/app\/uploads\/2021\/10\/glasdetails-alubalkon-casa-linea-scaled.jpg 2048w\" sizes=\"auto, (min-width: 1200px) 360px, (min-width: 1024px) 300px, (min-width: 640px) 768px, 768px\" \/>    <\/figure>\n  \n  <div class=\"wp-block-group m-card-content is-vertical is-layout-flex wp-block-group-is-layout-flex\">\n          <h3 class=\"wp-block-heading\">Premium steklo<\/h3>\n        <p>Ograje Leeb so opremljene z najbolj\u0161im laminiranim varnostnim steklom (LSG) &#8211; zavarujte svojo ograjo ali zaslon za zasebnost s steklom.<\/p>\n      <\/div>\n<\/div>\n\n\n          <div class=\"wp-block-group m-card is-layout-flow wp-block-group-is-layout-flow\">\n      <figure data-imgid=\"62218\" class=\"wp-block-image size-large\">\n      <img decoding=\"async\" width=\"768\" height=\"494\" src=\"https:\/\/www.leeb-balkone.com\/app\/uploads\/2021\/11\/zaun-glasfarben-768x494.jpg\" class=\"attachment-medium_large size-medium_large\" alt=\"zaun glasfarben\" title=\"\" loading=\"lazy\" srcset=\"https:\/\/www.leeb-balkone.com\/app\/uploads\/2021\/11\/zaun-glasfarben-768x494.jpg 768w, https:\/\/www.leeb-balkone.com\/app\/uploads\/2021\/11\/zaun-glasfarben-300x193.jpg 300w, https:\/\/www.leeb-balkone.com\/app\/uploads\/2021\/11\/zaun-glasfarben-1024x658.jpg 1024w, https:\/\/www.leeb-balkone.com\/app\/uploads\/2021\/11\/zaun-glasfarben-1536x987.jpg 1536w, https:\/\/www.leeb-balkone.com\/app\/uploads\/2021\/11\/zaun-glasfarben-scaled.jpg 2048w\" sizes=\"auto, (min-width: 1200px) 360px, (min-width: 1024px) 300px, (min-width: 640px) 768px, 768px\" \/>    <\/figure>\n  \n  <div class=\"wp-block-group m-card-content is-vertical is-layout-flex wp-block-group-is-layout-flex\">\n          <h3 class=\"wp-block-heading\">4 razli\u010dne barve stekla<\/h3>\n        <p>Stekleni elementi ograje iz prozornega stekla (prozorno), belega mat stekla (neprozorno), sivega stekla (prozorno) ali sivega mat stekla (neprozorno).<\/p>\n      <\/div>\n<\/div>\n\n\n          <div class=\"wp-block-group m-card is-layout-flow wp-block-group-is-layout-flow\">\n      <figure data-imgid=\"15921\" class=\"wp-block-image size-large\">\n      <img decoding=\"async\" width=\"768\" height=\"480\" src=\"https:\/\/www.leeb-balkone.com\/app\/uploads\/2020\/08\/leeb-balkone-firmengelaende-2-768x480.jpg\" class=\"attachment-medium_large size-medium_large\" alt=\"leeb balkone firmengelaende 2\" title=\"\" loading=\"lazy\" srcset=\"https:\/\/www.leeb-balkone.com\/app\/uploads\/2020\/08\/leeb-balkone-firmengelaende-2-768x480.jpg 768w, https:\/\/www.leeb-balkone.com\/app\/uploads\/2020\/08\/leeb-balkone-firmengelaende-2-300x188.jpg 300w, https:\/\/www.leeb-balkone.com\/app\/uploads\/2020\/08\/leeb-balkone-firmengelaende-2-1024x640.jpg 1024w, https:\/\/www.leeb-balkone.com\/app\/uploads\/2020\/08\/leeb-balkone-firmengelaende-2-1536x960.jpg 1536w, https:\/\/www.leeb-balkone.com\/app\/uploads\/2020\/08\/leeb-balkone-firmengelaende-2-2048x1280.jpg 2048w\" sizes=\"auto, (min-width: 1200px) 360px, (min-width: 1024px) 300px, (min-width: 640px) 768px, 768px\" \/>    <\/figure>\n  \n  <div class=\"wp-block-group m-card-content is-vertical is-layout-flex wp-block-group-is-layout-flex\">\n          <h3 class=\"wp-block-heading\">Steklo iz lastne proizvodnje<\/h3>\n        <p>Ni\u010desar ne prepu\u0161\u010damo naklju\u010dju. Zato svoje vrhunsko steklo izdelujemo sami, v lastni tovarni v Gnesauu &#8211; samo najbolj\u0161e za na\u0161e steklene ograje za zasebnost. <\/p>\n      <\/div>\n<\/div>\n\n\n      <\/div>\n\n\n\n\n\n<div class=\"wp-block-cgb-t3-container-block none\" style=\"background-color:none\"><div class=\"grid-container\"><div class=\"grid-x\"><div class=\"cell small-12 medium-0 large-0\">\n<div class=\"wp-block-buttons text-center l-pt-1 btn-group-inline is-content-justification-center is-layout-flex wp-container-core-buttons-is-layout-a89b3969 wp-block-buttons-is-layout-flex\">\n<div class=\"wp-block-button is-style-fill\"><a class=\"wp-block-button__link wp-element-button\" href=\"https:\/\/www.leeb-balkone.com\/sl\/ograje\/aluminijasta-ograja\/\">Aluminijaste ograje<\/a><\/div>\n\n\n\n<div class=\"wp-block-button\"><a class=\"wp-block-button__link wp-element-button\" href=\"https:\/\/www.leeb-balkone.com\/sl\/ograje\/ograjna-vrata\/\">Vrata za ograje<\/a><\/div>\n\n\n\n<div class=\"wp-block-button\"><a class=\"wp-block-button__link wp-element-button\" href=\"https:\/\/www.leeb-balkone.com\/sl\/ograje\/ograje-in-zascita-pred-pogledi\/\">Zaslon za zasebnost<\/a><\/div>\n<\/div>\n<\/div><\/div><\/div><\/div>\n<\/div><\/div><\/div><\/div>\n<\/section>\n<\/section>\n\n<section class=\"wp-block-cgb-t3-section-block alignfull  is-style-bg-white\" style=\"display:inherit;min-height:inherit\">\n<div class=\"wp-block-cgb-t3-container-block none\" style=\"background-color:none\"><div class=\"grid-container\"><div class=\"grid-x\"><div class=\"cell small-12 medium-9 large-0 medium-offset-1 b-has-lsmb\">\n<h2 class=\"wp-block-heading\" id=\"faq\">Prednosti<\/h2>\n<\/div><\/div><\/div><\/div>\n\n\n\n<div class=\"wp-block-cgb-t3-container-block none b-cont-columns\" style=\"background-color:none\"><div class=\"grid-container\"><div class=\"grid-x\"><div class=\"cell small-12 medium-10 large-0 medium-offset-1 b-has-pt\">\n<ul class=\"wp-block-list is-style-bullet-checkmarks\">\n<li><strong>Ograje in varnostna za\u0161\u010dita od tradicionalnega podjetja<\/strong><br\/>Ve\u010d kot 100.000 zadovoljnih strank zaupa vodilnemu evropskemu proizvajalcu<\/li>\n\n\n\n<li><strong>POTRJENA KAKOVOST IZ VLASTNE PROIZVODNJE<\/strong><br\/>Inovativne ograje visokega razreda Leeb so 100-odstotno izdelane v Avstriji.<\/li>\n\n\n\n<li><strong>ALU COMFORT PLUS\u00ae COATING<br\/><\/strong>Patentiran pra\u0161ni premaz za ograje, odporne na vremenske vplive in praske<\/li>\n\n\n\n<li><strong>STALNI RAZVOJ<br\/><\/strong>Za\u0161\u010ditni sistem Leeb Alu &#8220;APS&#8221; zagotavlja \u0161e ve\u010djo trdnost ograje<\/li>\n\n\n\n<li><strong>LEEB RUNDUM-SERVICE<br\/><\/strong>Celovita storitev od na\u010drtovanja do postavitve ograje &#8211; brezpla\u010dno prvo svetovanje<\/li>\n<\/ul>\n<\/div><\/div><\/div><\/div>\n<\/section>\n\n<section class=\"wp-block-group alignfull has-white-background-color has-background has-global-padding is-layout-constrained wp-container-core-group-is-layout-9fa1424c wp-block-group-is-layout-constrained\" style=\"padding-top:0\">\n<div class=\"wp-block-columns is-style-offset m-split is-layout-flex wp-container-core-columns-is-layout-28f84493 wp-block-columns-is-layout-flex\">\n<div class=\"wp-block-column is-layout-flow wp-block-column-is-layout-flow\"><div class=\"vp-map-wrapper vp-map-ratio-19-1\"><img decoding=\"async\" width=\"1440\" height=\"884\" src=\"https:\/\/www.leeb-balkone.com\/app\/uploads\/2026\/04\/map-sl.jpg\" class=\"attachment-full size-full\" alt=\"map-sl\" style=\"width:100%;height:100%;object-fit:cover;display:block;\" loading=\"lazy\" srcset=\"https:\/\/www.leeb-balkone.com\/app\/uploads\/2026\/04\/map-sl.jpg 1440w, https:\/\/www.leeb-balkone.com\/app\/uploads\/2026\/04\/map-sl-300x184.jpg 300w, https:\/\/www.leeb-balkone.com\/app\/uploads\/2026\/04\/map-sl-1024x629.jpg 1024w, https:\/\/www.leeb-balkone.com\/app\/uploads\/2026\/04\/map-sl-768x471.jpg 768w\" sizes=\"auto, (min-width: 1536px) 2048px, (min-width: 992px) 1536px, (min-width: 768px) 1024px, (min-width: 576px) 768px, 100vw\" \/><\/div>\n<\/div>\n\n\n\n<div class=\"wp-block-column is-vertically-aligned-center is-style-overlay-content is-layout-flow wp-block-column-is-layout-flow\">\n<div class=\"wp-block-group is-vertical is-layout-flex wp-container-core-group-is-layout-bd7877ba wp-block-group-is-layout-flex\">\n<h2 class=\"wp-block-heading has-step-2-font-size\">Posredniki v Sloveniji<\/h2>\n\n\n\n<p>Kompetentni LEEB partnerji v va\u0161i regiji. Osebno svetovanje, natan\u010dno na\u010drtovanje in strokovna monta\u017ea.<\/p>\n\n\n\n<div class=\"wp-block-buttons is-layout-flex wp-block-buttons-is-layout-flex\" style=\"margin-top:var(--wp--preset--spacing--2-xs)\">\n<div class=\"wp-block-button is-style-cta\"><a class=\"wp-block-button__link has-transparent-background-color has-background wp-element-button\" href=\"https:\/\/www.leeb-balkone.com\/sl\/distribucijski-partnerji\/\">Poi\u0161\u010dite prodajnega partnerja<span class=\"sr-only\"> Distribucijski partner Leeb Balkone Slovenija<\/span><\/a><\/div>\n<\/div>\n<\/div>\n<\/div>\n<\/div>\n<\/section>\n\n\n\n<section class=\"wp-block-group alignfull has-light-gray-background-color has-background has-global-padding is-layout-constrained wp-container-core-group-is-layout-52f96efc wp-block-group-is-layout-constrained\" id=\"beratungstermin\">\n<div class=\"wp-block-group m-teaser o-grid u-md-1 is-layout-flow wp-block-group-is-layout-flow\">\n<div class=\"wp-block-group u-g-7 u-g-s-2 is-layout-flow wp-block-group-is-layout-flow\" style=\"margin-bottom:var(--wp--preset--spacing--s)\">\n<h2 class=\"wp-block-heading\">Stopite v stik z nami<\/h2>\n\n\n\n<p><strong><strong>Na\u010drtujete projekt ali imate vpra\u0161anja o nas in na\u0161ih re\u0161itvah? Pi\u0161ite nam: z veseljem bomo odgovorili na va\u0161a vpra\u0161anja!<\/strong><\/strong><\/p>\n<\/div>\n<\/div>\n\n\n\n<div class=\"wp-block-group m-teaser o-grid u-md-1 is-layout-flow wp-block-group-is-layout-flow\">\n<div class=\"wp-block-group u-g-7 u-g-s-2 is-layout-flow wp-block-group-is-layout-flow\" style=\"margin-bottom:var(--wp--preset--spacing--s)\"><form action=\"https:\/\/www.leeb-balkone.com\/sl\/wp-json\/ws-form\/v1\/submit\" class=\"wsf-form wsf-form-canvas\" id=\"ws-form-1\" data-id=\"11\" data-instance-id=\"1\" method=\"POST\"><\/form>\n<\/div>\n\n\n\n<div class=\"wp-block-group u-g-3 u-g-s-9 is-layout-flow wp-block-group-is-layout-flow\"><div class=\"t3-sidebar-buttons wp-block-buttons is-layout-flex wp-block-buttons-is-layout-flex\"><div class=\"wp-block-button is-style-fill icon-book icon-left\">\n                        <a class=\"wp-block-button__link has-secondary-color has-white-background-color has-text-color has-background has-link-color wp-element-button\" href=\"https:\/\/www.leeb-balkone.com\/sl\/kontakt\/zahtevajte-katalog\/\" style=\"box-shadow:var(--wp--preset--shadow--box-shadow)\">Zahtevajte katalog<\/a>\n                    <\/div><\/div>\n<\/div>\n<\/div>\n<\/section>\n\n<p><\/p>\n","protected":false},"excerpt":{"rendered":"","protected":false},"author":1,"featured_media":0,"parent":0,"menu_order":97,"comment_status":"closed","ping_status":"closed","template":"template-onepager.blade.php","meta":{"_acf_changed":false,"footnotes":"","_sage_theme_css":true,"_wp_block_core_css":true},"folder":[246],"class_list":["post-163781","page","type-page","status-publish","hentry"],"acf":[],"yoast_head":"<!-- This site is optimized with the Yoast SEO plugin v27.2 - https:\/\/yoast.com\/product\/yoast-seo-wordpress\/ -->\n<title>Ograje &quot; Ograje, ograjna vrata in za\u0161\u010ditne ograje -% Leeb Balkone% Slovenija<\/title>\n<meta name=\"description\" content=\"Po meri izdelane vrtne ograje Leeb: Odkrijte visokokakovostne ograje iz aluminija in stekla. Ne potrebujejo vzdr\u017eevanja, so odporne na vremenske vplive in so na voljo v ve\u010d kot 200 izvedbah. Na\u010drtujte zdaj!\" \/>\n<meta name=\"robots\" content=\"index, follow, max-snippet:-1, max-image-preview:large, max-video-preview:-1\" \/>\n<meta property=\"og:locale\" content=\"sl_SI\" \/>\n<meta property=\"og:type\" content=\"article\" \/>\n<meta property=\"og:title\" content=\"Ograje &quot; Ograje, ograjna vrata in za\u0161\u010ditne ograje -% Leeb Balkone%\" \/>\n<meta property=\"og:description\" content=\"Po meri izdelane vrtne ograje Leeb: Odkrijte visokokakovostne ograje iz aluminija in stekla. Ne potrebujejo vzdr\u017eevanja, so odporne na vremenske vplive in so na voljo v ve\u010d kot 200 izvedbah. Na\u010drtujte zdaj!\" \/>\n<meta property=\"og:url\" content=\"https:\/\/www.leeb-balkone.com\/sl\/ograje\/\" \/>\n<meta property=\"og:site_name\" content=\"Leeb Balkone\" \/>\n<meta property=\"article:publisher\" content=\"https:\/\/www.facebook.com\/balkone\/\" \/>\n<meta property=\"article:modified_time\" content=\"2026-01-28T20:10:15+00:00\" \/>\n<meta property=\"og:image\" content=\"https:\/\/www.leeb-balkone.com\/app\/uploads\/2020\/07\/zaun-alu-grado-6-1024x736.jpg\" \/>\n<meta name=\"twitter:card\" content=\"summary_large_image\" \/>\n<script type=\"application\/ld+json\" class=\"yoast-schema-graph\">{\"@context\":\"https:\/\/schema.org\",\"@graph\":[{\"@type\":\"WebPage\",\"@id\":\"https:\/\/www.leeb-balkone.com\/sl\/ograje\/\",\"url\":\"https:\/\/www.leeb-balkone.com\/sl\/ograje\/\",\"name\":\"Ograje \\\" Ograje, ograjna vrata in za\u0161\u010ditne ograje -% Leeb Balkone%\",\"isPartOf\":{\"@id\":\"https:\/\/www.leeb-balkone.com\/sl\/#website\"},\"primaryImageOfPage\":{\"@id\":\"https:\/\/www.leeb-balkone.com\/sl\/ograje\/#primaryimage\"},\"image\":{\"@id\":\"https:\/\/www.leeb-balkone.com\/sl\/ograje\/#primaryimage\"},\"thumbnailUrl\":\"https:\/\/www.leeb-balkone.com\/app\/uploads\/2020\/07\/zaun-alu-grado-6-1024x736.jpg\",\"datePublished\":\"2026-01-28T20:09:33+00:00\",\"dateModified\":\"2026-01-28T20:10:15+00:00\",\"description\":\"Po meri izdelane vrtne ograje Leeb: Odkrijte visokokakovostne ograje iz aluminija in stekla. Ne potrebujejo vzdr\u017eevanja, so odporne na vremenske vplive in so na voljo v ve\u010d kot 200 izvedbah. Na\u010drtujte zdaj!\",\"breadcrumb\":{\"@id\":\"https:\/\/www.leeb-balkone.com\/sl\/ograje\/#breadcrumb\"},\"inLanguage\":\"sl-SI\",\"potentialAction\":[{\"@type\":\"ReadAction\",\"target\":[\"https:\/\/www.leeb-balkone.com\/sl\/ograje\/\"]}]},{\"@type\":\"ImageObject\",\"inLanguage\":\"sl-SI\",\"@id\":\"https:\/\/www.leeb-balkone.com\/sl\/ograje\/#primaryimage\",\"url\":\"https:\/\/www.leeb-balkone.com\/app\/uploads\/2020\/07\/zaun-alu-grado-6-1024x736.jpg\",\"contentUrl\":\"https:\/\/www.leeb-balkone.com\/app\/uploads\/2020\/07\/zaun-alu-grado-6-1024x736.jpg\"},{\"@type\":\"BreadcrumbList\",\"@id\":\"https:\/\/www.leeb-balkone.com\/sl\/ograje\/#breadcrumb\",\"itemListElement\":[{\"@type\":\"ListItem\",\"position\":1,\"name\":\"Home\",\"item\":\"https:\/\/www.leeb-balkone.com\/sl\/\"},{\"@type\":\"ListItem\",\"position\":2,\"name\":\"Ograje\"}]},{\"@type\":\"WebSite\",\"@id\":\"https:\/\/www.leeb-balkone.com\/sl\/#website\",\"url\":\"https:\/\/www.leeb-balkone.com\/sl\/\",\"name\":\"Leeb Balkone\",\"description\":\"Balkone und Z\u00e4une\",\"publisher\":{\"@id\":\"https:\/\/www.leeb-balkone.com\/sl\/#organization\"},\"potentialAction\":[{\"@type\":\"SearchAction\",\"target\":{\"@type\":\"EntryPoint\",\"urlTemplate\":\"https:\/\/www.leeb-balkone.com\/sl\/?s={search_term_string}\"},\"query-input\":{\"@type\":\"PropertyValueSpecification\",\"valueRequired\":true,\"valueName\":\"search_term_string\"}}],\"inLanguage\":\"sl-SI\"},{\"@type\":\"Organization\",\"@id\":\"https:\/\/www.leeb-balkone.com\/sl\/#organization\",\"name\":\"Leeb Balkone Gmbh\",\"url\":\"https:\/\/www.leeb-balkone.com\/sl\/\",\"logo\":{\"@type\":\"ImageObject\",\"inLanguage\":\"sl-SI\",\"@id\":\"https:\/\/www.leeb-balkone.com\/sl\/#\/schema\/logo\/image\/\",\"url\":\"https:\/\/www.leeb-balkone.com\/app\/uploads\/2020\/11\/leeb-logo.svg\",\"contentUrl\":\"https:\/\/www.leeb-balkone.com\/app\/uploads\/2020\/11\/leeb-logo.svg\",\"width\":741,\"height\":204,\"caption\":\"Leeb Balkone Gmbh\"},\"image\":{\"@id\":\"https:\/\/www.leeb-balkone.com\/sl\/#\/schema\/logo\/image\/\"},\"sameAs\":[\"https:\/\/www.facebook.com\/balkone\/\",\"https:\/\/www.trustedshops.at\/bewertung\/info_X4587CCF5833E31AFE0B11F47D86999F2.html\",\"https:\/\/www.trustedshops.de\/bewertung\/info_X7BA536A7A0BDC86D36C4718E4DCAEEEF.html\",\"https:\/\/www.google.com\/maps\/place\/?q=place_id:ChIJ5-zH19-IcEcR9HonWRTllHI\"]}]}<\/script>\n<!-- \/ Yoast SEO plugin. -->","yoast_head_json":{"title":"Ograje \" Ograje, ograjna vrata in za\u0161\u010ditne ograje -% Leeb Balkone% Slovenija","description":"Po meri izdelane vrtne ograje Leeb: Odkrijte visokokakovostne ograje iz aluminija in stekla. Ne potrebujejo vzdr\u017eevanja, so odporne na vremenske vplive in so na voljo v ve\u010d kot 200 izvedbah. Na\u010drtujte zdaj!","robots":{"index":"index","follow":"follow","max-snippet":"max-snippet:-1","max-image-preview":"max-image-preview:large","max-video-preview":"max-video-preview:-1"},"og_locale":"sl_SI","og_type":"article","og_title":"Ograje \" Ograje, ograjna vrata in za\u0161\u010ditne ograje -% Leeb Balkone%","og_description":"Po meri izdelane vrtne ograje Leeb: Odkrijte visokokakovostne ograje iz aluminija in stekla. Ne potrebujejo vzdr\u017eevanja, so odporne na vremenske vplive in so na voljo v ve\u010d kot 200 izvedbah. Na\u010drtujte zdaj!","og_url":"https:\/\/www.leeb-balkone.com\/sl\/ograje\/","og_site_name":"Leeb Balkone","article_publisher":"https:\/\/www.facebook.com\/balkone\/","article_modified_time":"2026-01-28T20:10:15+00:00","og_image":[{"url":"https:\/\/www.leeb-balkone.com\/app\/uploads\/2020\/07\/zaun-alu-grado-6-1024x736.jpg","type":"","width":"","height":""}],"twitter_card":"summary_large_image","schema":{"@context":"https:\/\/schema.org","@graph":[{"@type":"WebPage","@id":"https:\/\/www.leeb-balkone.com\/sl\/ograje\/","url":"https:\/\/www.leeb-balkone.com\/sl\/ograje\/","name":"Ograje \" Ograje, ograjna vrata in za\u0161\u010ditne ograje -% Leeb Balkone%","isPartOf":{"@id":"https:\/\/www.leeb-balkone.com\/sl\/#website"},"primaryImageOfPage":{"@id":"https:\/\/www.leeb-balkone.com\/sl\/ograje\/#primaryimage"},"image":{"@id":"https:\/\/www.leeb-balkone.com\/sl\/ograje\/#primaryimage"},"thumbnailUrl":"https:\/\/www.leeb-balkone.com\/app\/uploads\/2020\/07\/zaun-alu-grado-6-1024x736.jpg","datePublished":"2026-01-28T20:09:33+00:00","dateModified":"2026-01-28T20:10:15+00:00","description":"Po meri izdelane vrtne ograje Leeb: Odkrijte visokokakovostne ograje iz aluminija in stekla. Ne potrebujejo vzdr\u017eevanja, so odporne na vremenske vplive in so na voljo v ve\u010d kot 200 izvedbah. Na\u010drtujte zdaj!","breadcrumb":{"@id":"https:\/\/www.leeb-balkone.com\/sl\/ograje\/#breadcrumb"},"inLanguage":"sl-SI","potentialAction":[{"@type":"ReadAction","target":["https:\/\/www.leeb-balkone.com\/sl\/ograje\/"]}]},{"@type":"ImageObject","inLanguage":"sl-SI","@id":"https:\/\/www.leeb-balkone.com\/sl\/ograje\/#primaryimage","url":"https:\/\/www.leeb-balkone.com\/app\/uploads\/2020\/07\/zaun-alu-grado-6-1024x736.jpg","contentUrl":"https:\/\/www.leeb-balkone.com\/app\/uploads\/2020\/07\/zaun-alu-grado-6-1024x736.jpg"},{"@type":"BreadcrumbList","@id":"https:\/\/www.leeb-balkone.com\/sl\/ograje\/#breadcrumb","itemListElement":[{"@type":"ListItem","position":1,"name":"Home","item":"https:\/\/www.leeb-balkone.com\/sl\/"},{"@type":"ListItem","position":2,"name":"Ograje"}]},{"@type":"WebSite","@id":"https:\/\/www.leeb-balkone.com\/sl\/#website","url":"https:\/\/www.leeb-balkone.com\/sl\/","name":"Leeb Balkone","description":"Balkone und Z\u00e4une","publisher":{"@id":"https:\/\/www.leeb-balkone.com\/sl\/#organization"},"potentialAction":[{"@type":"SearchAction","target":{"@type":"EntryPoint","urlTemplate":"https:\/\/www.leeb-balkone.com\/sl\/?s={search_term_string}"},"query-input":{"@type":"PropertyValueSpecification","valueRequired":true,"valueName":"search_term_string"}}],"inLanguage":"sl-SI"},{"@type":"Organization","@id":"https:\/\/www.leeb-balkone.com\/sl\/#organization","name":"Leeb Balkone Gmbh","url":"https:\/\/www.leeb-balkone.com\/sl\/","logo":{"@type":"ImageObject","inLanguage":"sl-SI","@id":"https:\/\/www.leeb-balkone.com\/sl\/#\/schema\/logo\/image\/","url":"https:\/\/www.leeb-balkone.com\/app\/uploads\/2020\/11\/leeb-logo.svg","contentUrl":"https:\/\/www.leeb-balkone.com\/app\/uploads\/2020\/11\/leeb-logo.svg","width":741,"height":204,"caption":"Leeb Balkone Gmbh"},"image":{"@id":"https:\/\/www.leeb-balkone.com\/sl\/#\/schema\/logo\/image\/"},"sameAs":["https:\/\/www.facebook.com\/balkone\/","https:\/\/www.trustedshops.at\/bewertung\/info_X4587CCF5833E31AFE0B11F47D86999F2.html","https:\/\/www.trustedshops.de\/bewertung\/info_X7BA536A7A0BDC86D36C4718E4DCAEEEF.html","https:\/\/www.google.com\/maps\/place\/?q=place_id:ChIJ5-zH19-IcEcR9HonWRTllHI"]}]}},"_links":{"self":[{"href":"https:\/\/www.leeb-balkone.com\/sl\/wp-json\/wp\/v2\/pages\/163781","targetHints":{"allow":["GET"]}}],"collection":[{"href":"https:\/\/www.leeb-balkone.com\/sl\/wp-json\/wp\/v2\/pages"}],"about":[{"href":"https:\/\/www.leeb-balkone.com\/sl\/wp-json\/wp\/v2\/types\/page"}],"author":[{"embeddable":true,"href":"https:\/\/www.leeb-balkone.com\/sl\/wp-json\/wp\/v2\/users\/1"}],"replies":[{"embeddable":true,"href":"https:\/\/www.leeb-balkone.com\/sl\/wp-json\/wp\/v2\/comments?post=163781"}],"version-history":[{"count":1,"href":"https:\/\/www.leeb-balkone.com\/sl\/wp-json\/wp\/v2\/pages\/163781\/revisions"}],"predecessor-version":[{"id":163782,"href":"https:\/\/www.leeb-balkone.com\/sl\/wp-json\/wp\/v2\/pages\/163781\/revisions\/163782"}],"wp:attachment":[{"href":"https:\/\/www.leeb-balkone.com\/sl\/wp-json\/wp\/v2\/media?parent=163781"}],"wp:term":[{"taxonomy":"folder","embeddable":true,"href":"https:\/\/www.leeb-balkone.com\/sl\/wp-json\/wp\/v2\/folder?post=163781"}],"curies":[{"name":"wp","href":"https:\/\/api.w.org\/{rel}","templated":true}]}}