{"id":163777,"date":"2026-01-28T19:33:42","date_gmt":"2026-01-28T19:33:42","guid":{"rendered":"https:\/\/www.leeb-balkone.com\/podjetje\/reference-strank\/"},"modified":"2026-04-28T15:18:45","modified_gmt":"2026-04-28T15:18:45","slug":"priporocila-kupcev","status":"publish","type":"page","link":"https:\/\/www.leeb-balkone.com\/sl\/podjetje\/priporocila-kupcev\/","title":{"rendered":"Priporo\u010dila kupcev"},"content":{"rendered":"\n<header class=\"wp-block-group alignfull t3-header-text has-white-background-color has-background has-global-padding is-layout-constrained wp-container-core-group-is-layout-edbfe087 wp-block-group-is-layout-constrained\" style=\"padding-bottom:var(--wp--preset--spacing--xl-2-xl)\">\n<div class=\"wp-block-group o-grid u-md-1 is-layout-flow wp-block-group-is-layout-flow\">\n<div class=\"wp-block-group u-g-s-2 u-g-9 has-global-padding is-layout-constrained wp-block-group-is-layout-constrained\"><div class=\"yoast-breadcrumbs\"><span><span><a href=\"https:\/\/www.leeb-balkone.com\/sl\/\">Home<\/a><\/span> \/ <span><a href=\"https:\/\/www.leeb-balkone.com\/sl\/podjetje\/\">Podjete<\/a><\/span> \/ <span class=\"breadcrumb_last\" aria-current=\"page\">Priporo\u010dila kupcev<\/span><\/span><\/div>\n\n\n<h1 class=\"wp-block-heading\" style=\"margin-bottom:var(--wp--preset--spacing--l)\">Priporo\u010dila kupcev<\/h1>\n\n\n\n<p class=\"is-style-default\">Z ve\u010d kot 60 leti izku\u0161enj in ve\u010d kot 150.000 strankami v Avstriji, Nem\u010diji, Italiji, Franciji in \u0160vici smo postali vodilni specialist za balkone in ograje. Tukaj vam predstavljamo majhen izbor referenc podjetja Leeb. Va\u0161 <a href=\"https:\/\/www.leeb-balkone.com\/sl\/distribucijski-partnerji\/\">lokalni Leebov partner<\/a> vam bo z veseljem posredoval dodatne reference!<\/p>\n\n\n\n<p class=\"is-style-default\"><strong>Obi\u0161\u010dite tudi na\u0161o <a href=\"https:\/\/www.facebook.com\/balkone\/\">stran na Facebooku,<\/a> kjer boste na\u0161li \u0161e ve\u010d referenc in informacij o Leebu.<\/strong><\/p>\n<\/div>\n<\/div>\n<\/header>\n\n\n\n<section class=\"wp-block-group alignfull t3-loop-filter-bg large has-white-background-color has-background has-global-padding is-layout-constrained wp-container-core-group-is-layout-52f96efc wp-block-group-is-layout-constrained\">\n<div class=\"wp-block-group o-grid u-md-1 is-layout-flow wp-block-group-is-layout-flow\">\n<div class=\"wp-block-group u-g-10 u-g-s-2 is-layout-flow wp-block-group-is-layout-flow\" style=\"margin-bottom:var(--wp--preset--spacing--s)\">\n<h2 class=\"wp-block-heading has-step-2-font-size\">Razvrsti reference<\/h2>\n\n\n<nav style=\"--t3-loop-filter-gap: var(--wp--preset--spacing--s);\" class=\"t3-loop-filter t3-loop-filter--target-references t3-loop-filter--dropdown t3-loop-filter--align-left alignfull wp-block-t3-loop-filter\" aria-label=\"Filter\" data-target=\"references\"><select class=\"t3-loop-filter__select\" aria-label=\"Filter\"><option value=\"all\">Prika\u017ei vse<\/option><option value=\"aluminijasti-balkoni\">ALUMINIJASTI balkoni<\/option><option value=\"aluminijaste-ograje\">ALUMINIJASTE OGRAJE<\/option><option value=\"montazni-balkoni\">Monta\u017eni balkoni<\/option><option value=\"nadstreski-in-letni-vrtovi\">Nadstre\u0161ki in letni vrtovi<\/option><\/select><\/nav><\/div>\n<\/div>\n\n\n<div class=\"t3-refs-block is-style-offset is-mode-cards b-cards b-cards--offset\"><div id=\"refs-block-69f5003f8ad20\" class=\"t3-refs-block__wrapper has-2-cols\" data-block-id=\"refs-block-69f5003f8ad20\" data-per-page=\"24\" data-load-more-enabled=\"true\" data-loop-filter-enabled=\"true\" data-selection-mode=\"loop\" data-display-mode=\"cards\" data-ba-initial=\"50\" data-restrict-categories=\"balkongelaender-alu,alu-zaeune,anbaubalkone,ueberdachungen\" data-loaded=\"10\" data-total=\"10\" data-current-filter=\"all\" data-sort=\"publication\" data-order=\"desc\" data-title-size=\"step-0\"><div id=\"refs-block-item-21228\"\n     class=\"t3-refs-item b-cards__item term-aluminijasti-balkoni\"\n     data-post-id=\"21228\">\n    <figure class=\"t3-refs-item__figure b-cards__header\">\n                    <img loading=\"lazy\" decoding=\"async\" width=\"1024\" height=\"768\" src=\"https:\/\/www.leeb-balkone.com\/app\/uploads\/2020\/10\/alu-balkongelaender-alu-design-sellin-9-1024x768.jpg\" class=\"t3-refs-item__img\" alt=\"alu-balkongelaender-alu-design-sellin-9\" sizes=\"auto, (min-width: 1200px) 1024px, (min-width: 1024px) 768px, (min-width: 640px) 768px, 768px\" srcset=\"https:\/\/www.leeb-balkone.com\/app\/uploads\/2020\/10\/alu-balkongelaender-alu-design-sellin-9-1024x768.jpg 1024w, https:\/\/www.leeb-balkone.com\/app\/uploads\/2020\/10\/alu-balkongelaender-alu-design-sellin-9-300x225.jpg 300w, https:\/\/www.leeb-balkone.com\/app\/uploads\/2020\/10\/alu-balkongelaender-alu-design-sellin-9-768x576.jpg 768w, https:\/\/www.leeb-balkone.com\/app\/uploads\/2020\/10\/alu-balkongelaender-alu-design-sellin-9-1536x1152.jpg 1536w, https:\/\/www.leeb-balkone.com\/app\/uploads\/2020\/10\/alu-balkongelaender-alu-design-sellin-9-2048x1536.jpg 2048w\" \/>                            <div class=\"t3-refs-item__overlay\">\n                <p>Vse je lepo uspelo!<\/p>\n            <\/div>\n            <\/figure>\n            <div class=\"t3-refs-item__body b-cards__body\">\n            <div class=\"t3-refs-item__title b-cards__title\">\n                <h3 style=\"font-size: var(--wp--preset--font-size--step-0);\">Dru\u017eino Lindloff, Augsburg<\/h3>\n            <\/div>\n        <\/div>\n    <\/div>\n<div id=\"refs-block-item-21217\"\n     class=\"t3-refs-item b-cards__item term-alu-glas-sl term-aluminijasti-balkoni\"\n     data-post-id=\"21217\">\n    <figure class=\"t3-refs-item__figure b-cards__header\">\n                    <img loading=\"lazy\" decoding=\"async\" width=\"1024\" height=\"685\" src=\"https:\/\/www.leeb-balkone.com\/app\/uploads\/2020\/11\/vitro-kampenhuber-rudolf-5-1024x685.jpg\" class=\"t3-refs-item__img\" alt=\"vitro-kampenhuber-rudolf-5\" sizes=\"auto, (min-width: 1200px) 1024px, (min-width: 1024px) 768px, (min-width: 640px) 768px, 768px\" srcset=\"https:\/\/www.leeb-balkone.com\/app\/uploads\/2020\/11\/vitro-kampenhuber-rudolf-5-1024x685.jpg 1024w, https:\/\/www.leeb-balkone.com\/app\/uploads\/2020\/11\/vitro-kampenhuber-rudolf-5-300x201.jpg 300w, https:\/\/www.leeb-balkone.com\/app\/uploads\/2020\/11\/vitro-kampenhuber-rudolf-5-768x514.jpg 768w, https:\/\/www.leeb-balkone.com\/app\/uploads\/2020\/11\/vitro-kampenhuber-rudolf-5-1536x1028.jpg 1536w, https:\/\/www.leeb-balkone.com\/app\/uploads\/2020\/11\/vitro-kampenhuber-rudolf-5-2048x1371.jpg 2048w\" \/>                            <div class=\"t3-refs-item__overlay\">\n                <p>\u017de prvi Leeb balkon iz leta 1984 je naredil zelo pozitiven vtis. Tudi z leto\u0161njo prenovo in prehodom na alu balkon smo bili zelo zadovoljni. Nad izvedbo smo navdu\u0161eni. Hvala celotni Leeb ekipi sodelavcev!<\/p>\n            <\/div>\n            <\/figure>\n            <div class=\"t3-refs-item__body b-cards__body\">\n            <div class=\"t3-refs-item__title b-cards__title\">\n                <h3 style=\"font-size: var(--wp--preset--font-size--step-0);\">Dru\u017eino Kampenhuber, Pfarrkirchen<\/h3>\n            <\/div>\n        <\/div>\n    <\/div>\n<div id=\"refs-block-item-21215\"\n     class=\"t3-refs-item b-cards__item term-alu-select-sl term-aluminijasti-balkoni\"\n     data-post-id=\"21215\">\n    <figure class=\"t3-refs-item__figure b-cards__header\">\n                    <img loading=\"lazy\" decoding=\"async\" width=\"1024\" height=\"768\" src=\"https:\/\/www.leeb-balkone.com\/app\/uploads\/2020\/10\/christopher-schierling-isola-1024x768.jpeg\" class=\"t3-refs-item__img\" alt=\"begeisterte-kunden-christopher-schierling-isola\" sizes=\"auto, (min-width: 1200px) 1024px, (min-width: 1024px) 768px, (min-width: 640px) 768px, 768px\" srcset=\"https:\/\/www.leeb-balkone.com\/app\/uploads\/2020\/10\/christopher-schierling-isola-1024x768.jpeg 1024w, https:\/\/www.leeb-balkone.com\/app\/uploads\/2020\/10\/christopher-schierling-isola-300x225.jpeg 300w, https:\/\/www.leeb-balkone.com\/app\/uploads\/2020\/10\/christopher-schierling-isola-768x576.jpeg 768w, https:\/\/www.leeb-balkone.com\/app\/uploads\/2020\/10\/christopher-schierling-isola-1536x1152.jpeg 1536w, https:\/\/www.leeb-balkone.com\/app\/uploads\/2020\/10\/christopher-schierling-isola-2048x1536.jpeg 2048w\" \/>                            <div class=\"t3-refs-item__overlay\">\n                <p>Material je visokokakovosten in odli\u010dno obdelan. Celotna izvedba naro\u010dila od prejema do monta\u017ee je potekala absolutno brezhibno.<\/p>\n            <\/div>\n            <\/figure>\n            <div class=\"t3-refs-item__body b-cards__body\">\n            <div class=\"t3-refs-item__title b-cards__title\">\n                <h3 style=\"font-size: var(--wp--preset--font-size--step-0);\">Dru\u017eino Schierling, Schonungen<\/h3>\n            <\/div>\n        <\/div>\n    <\/div>\n<div id=\"refs-block-item-21225\"\n     class=\"t3-refs-item b-cards__item term-alu-select-sl term-aluminijasti-balkoni\"\n     data-post-id=\"21225\">\n    <figure class=\"t3-refs-item__figure b-cards__header\">\n                    <img loading=\"lazy\" decoding=\"async\" width=\"1024\" height=\"948\" src=\"https:\/\/www.leeb-balkone.com\/app\/uploads\/2020\/09\/zufriedene-kunden-alu-balkon-roma-1024x948.jpg\" class=\"t3-refs-item__img\" alt=\"zufriedene-kunden-alu-balkon-roma\" sizes=\"auto, (min-width: 1200px) 1024px, (min-width: 1024px) 768px, (min-width: 640px) 768px, 768px\" srcset=\"https:\/\/www.leeb-balkone.com\/app\/uploads\/2020\/09\/zufriedene-kunden-alu-balkon-roma-1024x948.jpg 1024w, https:\/\/www.leeb-balkone.com\/app\/uploads\/2020\/09\/zufriedene-kunden-alu-balkon-roma-300x278.jpg 300w, https:\/\/www.leeb-balkone.com\/app\/uploads\/2020\/09\/zufriedene-kunden-alu-balkon-roma-768x711.jpg 768w, https:\/\/www.leeb-balkone.com\/app\/uploads\/2020\/09\/zufriedene-kunden-alu-balkon-roma-1536x1422.jpg 1536w, https:\/\/www.leeb-balkone.com\/app\/uploads\/2020\/09\/zufriedene-kunden-alu-balkon-roma-2048x1896.jpg 2048w\" \/>                            <div class=\"t3-refs-item__overlay\">\n                <p>Nad lepo izdelanimi ograjami smo navdu\u0161eni!<\/p>\n            <\/div>\n            <\/figure>\n            <div class=\"t3-refs-item__body b-cards__body\">\n            <div class=\"t3-refs-item__title b-cards__title\">\n                <h3 style=\"font-size: var(--wp--preset--font-size--step-0);\">Dru\u017eino Aschmann, Immendingen<\/h3>\n            <\/div>\n        <\/div>\n    <\/div>\n<div id=\"refs-block-item-21223\"\n     class=\"t3-refs-item b-cards__item term-alu-select-sl term-aluminijasti-balkoni\"\n     data-post-id=\"21223\">\n    <figure class=\"t3-refs-item__figure b-cards__header\">\n                    <img loading=\"lazy\" decoding=\"async\" width=\"1024\" height=\"768\" src=\"https:\/\/www.leeb-balkone.com\/app\/uploads\/2020\/08\/Andreas-Huber_AL-10-ret-1024x768.jpg\" class=\"t3-refs-item__img\" alt=\"kundenreferenz-balkongelaender-alu-select-al10\" sizes=\"auto, (min-width: 1200px) 1024px, (min-width: 1024px) 768px, (min-width: 640px) 768px, 768px\" srcset=\"https:\/\/www.leeb-balkone.com\/app\/uploads\/2020\/08\/Andreas-Huber_AL-10-ret-1024x768.jpg 1024w, https:\/\/www.leeb-balkone.com\/app\/uploads\/2020\/08\/Andreas-Huber_AL-10-ret-300x225.jpg 300w, https:\/\/www.leeb-balkone.com\/app\/uploads\/2020\/08\/Andreas-Huber_AL-10-ret-768x576.jpg 768w, https:\/\/www.leeb-balkone.com\/app\/uploads\/2020\/08\/Andreas-Huber_AL-10-ret-1536x1152.jpg 1536w, https:\/\/www.leeb-balkone.com\/app\/uploads\/2020\/08\/Andreas-Huber_AL-10-ret-2048x1536.jpg 2048w\" \/>                            <div class=\"t3-refs-item__overlay\">\n                <p>Na tem mestu se \u017eelimo \u0161e enkrat zahvaliti za odli\u010dno organizirano izvedbo, \u0161e posebej monta\u017enim delavcem.<\/p>\n            <\/div>\n            <\/figure>\n            <div class=\"t3-refs-item__body b-cards__body\">\n            <div class=\"t3-refs-item__title b-cards__title\">\n                <h3 style=\"font-size: var(--wp--preset--font-size--step-0);\">Dru\u017eino Huber, G\u00f6risried<\/h3>\n            <\/div>\n        <\/div>\n    <\/div>\n<div id=\"refs-block-item-21230\"\n     class=\"t3-refs-item b-cards__item term-alu-glas-sl term-aluminijasti-balkoni\"\n     data-post-id=\"21230\">\n    <figure class=\"t3-refs-item__figure b-cards__header\">\n                    <img loading=\"lazy\" decoding=\"async\" width=\"1024\" height=\"576\" src=\"https:\/\/www.leeb-balkone.com\/app\/uploads\/2020\/08\/zufriedene-kunden-alu-balkon-familie-veres-1024x576.jpg\" class=\"t3-refs-item__img\" alt=\"zufriedene-kunden-alu-balkon-familie-veres\" sizes=\"auto, (min-width: 1200px) 1024px, (min-width: 1024px) 768px, (min-width: 640px) 768px, 768px\" srcset=\"https:\/\/www.leeb-balkone.com\/app\/uploads\/2020\/08\/zufriedene-kunden-alu-balkon-familie-veres-1024x576.jpg 1024w, https:\/\/www.leeb-balkone.com\/app\/uploads\/2020\/08\/zufriedene-kunden-alu-balkon-familie-veres-300x169.jpg 300w, https:\/\/www.leeb-balkone.com\/app\/uploads\/2020\/08\/zufriedene-kunden-alu-balkon-familie-veres-768x432.jpg 768w, https:\/\/www.leeb-balkone.com\/app\/uploads\/2020\/08\/zufriedene-kunden-alu-balkon-familie-veres-1536x864.jpg 1536w, https:\/\/www.leeb-balkone.com\/app\/uploads\/2020\/08\/zufriedene-kunden-alu-balkon-familie-veres-2048x1152.jpg 2048w\" \/>                            <div class=\"t3-refs-item__overlay\">\n                <p>Dragi Leeb sodelavci! Na\u0161a terasa je v novi podobi \u010dudovita! Zares smo navdu\u0161eni! Najlep\u0161a hvala!<\/p>\n            <\/div>\n            <\/figure>\n            <div class=\"t3-refs-item__body b-cards__body\">\n            <div class=\"t3-refs-item__title b-cards__title\">\n                <h3 style=\"font-size: var(--wp--preset--font-size--step-0);\">Dru\u017eino Veres, Wilhering<\/h3>\n            <\/div>\n        <\/div>\n    <\/div>\n<div id=\"refs-block-item-21232\"\n     class=\"t3-refs-item b-cards__item term-aluminijaste-ograje term-ograje-in-zascita-pred-pogledi\"\n     data-post-id=\"21232\">\n    <figure class=\"t3-refs-item__figure b-cards__header\">\n                    <img loading=\"lazy\" decoding=\"async\" width=\"1024\" height=\"768\" src=\"https:\/\/www.leeb-balkone.com\/app\/uploads\/2020\/08\/Helmuth-Borer-Grado-21-1024x768.jpg\" class=\"t3-refs-item__img\" alt=\"kundenreferenz-grado-sichschutz-aluzaun\" sizes=\"auto, (min-width: 1200px) 1024px, (min-width: 1024px) 768px, (min-width: 640px) 768px, 768px\" srcset=\"https:\/\/www.leeb-balkone.com\/app\/uploads\/2020\/08\/Helmuth-Borer-Grado-21-1024x768.jpg 1024w, https:\/\/www.leeb-balkone.com\/app\/uploads\/2020\/08\/Helmuth-Borer-Grado-21-300x225.jpg 300w, https:\/\/www.leeb-balkone.com\/app\/uploads\/2020\/08\/Helmuth-Borer-Grado-21-768x576.jpg 768w, https:\/\/www.leeb-balkone.com\/app\/uploads\/2020\/08\/Helmuth-Borer-Grado-21-1536x1152.jpg 1536w, https:\/\/www.leeb-balkone.com\/app\/uploads\/2020\/08\/Helmuth-Borer-Grado-21-2048x1536.jpg 2048w\" \/>                            <div class=\"t3-refs-item__overlay\">\n                <p>Zahvaljujemo se gospodu Rolandu Schneiderju ter oddelku prodaje in monta\u017ee za profesionalno svetovanje in perfektno izvedeno monta\u017eo na\u0161ih novih ograj Grado in Solothurn za za\u0161\u010dito pred pogledi.<\/p>\n            <\/div>\n            <\/figure>\n            <div class=\"t3-refs-item__body b-cards__body\">\n            <div class=\"t3-refs-item__title b-cards__title\">\n                <h3 style=\"font-size: var(--wp--preset--font-size--step-0);\">Dru\u017eino Borer, Solothurn<\/h3>\n            <\/div>\n        <\/div>\n    <\/div>\n<div id=\"refs-block-item-21234\"\n     class=\"t3-refs-item b-cards__item term-alu-glas-sl term-aluminijasti-balkoni\"\n     data-post-id=\"21234\">\n    <figure class=\"t3-refs-item__figure b-cards__header\">\n                    <img loading=\"lazy\" decoding=\"async\" width=\"1024\" height=\"684\" src=\"https:\/\/www.leeb-balkone.com\/app\/uploads\/2020\/08\/Familie-van-der-Horst-st.egyden-Pure-13-1024x684.jpg\" class=\"t3-refs-item__img\" alt=\"glas-balkongelaender-alu-pure-kundenreferenz\" sizes=\"auto, (min-width: 1200px) 1024px, (min-width: 1024px) 768px, (min-width: 640px) 768px, 768px\" srcset=\"https:\/\/www.leeb-balkone.com\/app\/uploads\/2020\/08\/Familie-van-der-Horst-st.egyden-Pure-13-1024x684.jpg 1024w, https:\/\/www.leeb-balkone.com\/app\/uploads\/2020\/08\/Familie-van-der-Horst-st.egyden-Pure-13-300x200.jpg 300w, https:\/\/www.leeb-balkone.com\/app\/uploads\/2020\/08\/Familie-van-der-Horst-st.egyden-Pure-13-768x513.jpg 768w, https:\/\/www.leeb-balkone.com\/app\/uploads\/2020\/08\/Familie-van-der-Horst-st.egyden-Pure-13-1536x1025.jpg 1536w, https:\/\/www.leeb-balkone.com\/app\/uploads\/2020\/08\/Familie-van-der-Horst-st.egyden-Pure-13-2048x1367.jpg 2048w\" \/>                            <div class=\"t3-refs-item__overlay\">\n                <p>Na\u0161 novi Leeb balkon Pure se \u010dudovito ujema z modernim stilom na\u0161e hi\u0161e. Zares smo navdu\u0161eni!<\/p>\n            <\/div>\n            <\/figure>\n            <div class=\"t3-refs-item__body b-cards__body\">\n            <div class=\"t3-refs-item__title b-cards__title\">\n                <h3 style=\"font-size: var(--wp--preset--font-size--step-0);\">Dru\u017eino Van der Horst, St. Egyden<\/h3>\n            <\/div>\n        <\/div>\n    <\/div>\n<div id=\"refs-block-item-21200\"\n     class=\"t3-refs-item b-cards__item term-nadstreski-in-letni-vrtovi\"\n     data-post-id=\"21200\">\n    <figure class=\"t3-refs-item__figure b-cards__header\">\n                    <img loading=\"lazy\" decoding=\"async\" width=\"1024\" height=\"685\" src=\"https:\/\/www.leeb-balkone.com\/app\/uploads\/2020\/08\/alu-carport-1-1024x685.jpg\" class=\"t3-refs-item__img\" alt=\"alu-carport-1\" sizes=\"auto, (min-width: 1200px) 1024px, (min-width: 1024px) 768px, (min-width: 640px) 768px, 768px\" srcset=\"https:\/\/www.leeb-balkone.com\/app\/uploads\/2020\/08\/alu-carport-1-1024x685.jpg 1024w, https:\/\/www.leeb-balkone.com\/app\/uploads\/2020\/08\/alu-carport-1-300x201.jpg 300w, https:\/\/www.leeb-balkone.com\/app\/uploads\/2020\/08\/alu-carport-1-768x514.jpg 768w, https:\/\/www.leeb-balkone.com\/app\/uploads\/2020\/08\/alu-carport-1-1536x1027.jpg 1536w, https:\/\/www.leeb-balkone.com\/app\/uploads\/2020\/08\/alu-carport-1-2048x1370.jpg 2048w\" \/>                            <div class=\"t3-refs-item__overlay\">\n                <p>Spomladi smo dobili nov Leeb nadstre\u0161ek za vozila, dizajn in kakovost sta nas prepri\u010dala.<\/p>\n            <\/div>\n            <\/figure>\n            <div class=\"t3-refs-item__body b-cards__body\">\n            <div class=\"t3-refs-item__title b-cards__title\">\n                <h3 style=\"font-size: var(--wp--preset--font-size--step-0);\">Dru\u017eino Schillinger, Sontheim<\/h3>\n            <\/div>\n        <\/div>\n    <\/div>\n<div id=\"refs-block-item-21213\"\n     class=\"t3-refs-item b-cards__item term-aluminijaste-ograje term-ograje-in-zascita-pred-pogledi\"\n     data-post-id=\"21213\">\n    <figure class=\"t3-refs-item__figure b-cards__header\">\n                    <img loading=\"lazy\" decoding=\"async\" width=\"1024\" height=\"768\" src=\"https:\/\/www.leeb-balkone.com\/app\/uploads\/2020\/08\/Sabrina-Kienzl-20200806-WA0022-1024x768.jpg\" class=\"t3-refs-item__img\" alt=\"alu-sichtschutz-kundenreferenz\" sizes=\"auto, (min-width: 1200px) 1024px, (min-width: 1024px) 768px, (min-width: 640px) 768px, 768px\" srcset=\"https:\/\/www.leeb-balkone.com\/app\/uploads\/2020\/08\/Sabrina-Kienzl-20200806-WA0022-1024x768.jpg 1024w, https:\/\/www.leeb-balkone.com\/app\/uploads\/2020\/08\/Sabrina-Kienzl-20200806-WA0022-300x225.jpg 300w, https:\/\/www.leeb-balkone.com\/app\/uploads\/2020\/08\/Sabrina-Kienzl-20200806-WA0022-768x576.jpg 768w, https:\/\/www.leeb-balkone.com\/app\/uploads\/2020\/08\/Sabrina-Kienzl-20200806-WA0022-1536x1152.jpg 1536w\" \/>                            <div class=\"t3-refs-item__overlay\">\n                <p>Navdu\u0161eni smo nad Leeb ograjo &#8220;Ambito&#8221; za za\u0161\u010dito pred pogledi!<\/p>\n            <\/div>\n            <\/figure>\n            <div class=\"t3-refs-item__body b-cards__body\">\n            <div class=\"t3-refs-item__title b-cards__title\">\n                <h3 style=\"font-size: var(--wp--preset--font-size--step-0);\">Dru\u017eino Kienzl, Natters<\/h3>\n            <\/div>\n        <\/div>\n    <\/div>\n<\/div><\/div><\/section>\n","protected":false},"excerpt":{"rendered":"","protected":false},"author":1,"featured_media":0,"parent":17331,"menu_order":5,"comment_status":"closed","ping_status":"closed","template":"template-onepager.blade.php","meta":{"_acf_changed":false,"footnotes":"","_sage_theme_css":true,"_wp_block_core_css":false},"folder":[],"class_list":["post-163777","page","type-page","status-publish","hentry"],"acf":[],"yoast_head":"<!-- This site is optimized with the Yoast SEO plugin v27.2 - https:\/\/yoast.com\/product\/yoast-seo-wordpress\/ -->\n<title>Priporo\u010dila kupcev - Leeb Balkone Slovenija<\/title>\n<meta name=\"description\" content=\"Priporo\u010dila kupcev Z ve\u010d kot 60 leti izku\u0161enj in ve\u010d kot 150.000 strankami v Avstriji, Nem\u010diji, Italiji, Franciji in \u0160vici smo postali vodilni specialist\" \/>\n<meta name=\"robots\" content=\"index, follow, max-snippet:-1, max-image-preview:large, max-video-preview:-1\" \/>\n<meta property=\"og:locale\" content=\"sl_SI\" \/>\n<meta property=\"og:type\" content=\"article\" \/>\n<meta property=\"og:title\" content=\"Priporo\u010dila kupcev - Leeb Balkone\" \/>\n<meta property=\"og:description\" content=\"Priporo\u010dila kupcev Z ve\u010d kot 60 leti izku\u0161enj in ve\u010d kot 150.000 strankami v Avstriji, Nem\u010diji, Italiji, Franciji in \u0160vici smo postali vodilni specialist\" \/>\n<meta property=\"og:url\" content=\"https:\/\/www.leeb-balkone.com\/sl\/podjetje\/priporocila-kupcev\/\" \/>\n<meta property=\"og:site_name\" content=\"Leeb Balkone\" \/>\n<meta property=\"article:publisher\" content=\"https:\/\/www.facebook.com\/balkone\/\" \/>\n<meta property=\"article:modified_time\" content=\"2026-04-28T15:18:45+00:00\" \/>\n<meta property=\"og:image\" content=\"https:\/\/www.leeb-balkone.com\/app\/uploads\/2020\/09\/alu-balkongelaender-zufriedene-kunden-1.jpg\" \/>\n\t<meta property=\"og:image:width\" content=\"2560\" \/>\n\t<meta property=\"og:image:height\" content=\"1762\" \/>\n\t<meta property=\"og:image:type\" content=\"image\/jpeg\" \/>\n<meta name=\"twitter:card\" content=\"summary_large_image\" \/>\n<script type=\"application\/ld+json\" class=\"yoast-schema-graph\">{\"@context\":\"https:\/\/schema.org\",\"@graph\":[{\"@type\":\"WebPage\",\"@id\":\"https:\/\/www.leeb-balkone.com\/sl\/podjetje\/priporocila-kupcev\/\",\"url\":\"https:\/\/www.leeb-balkone.com\/sl\/podjetje\/priporocila-kupcev\/\",\"name\":\"Priporo\u010dila kupcev - Leeb Balkone\",\"isPartOf\":{\"@id\":\"https:\/\/www.leeb-balkone.com\/sl\/#website\"},\"datePublished\":\"2026-01-28T19:33:42+00:00\",\"dateModified\":\"2026-04-28T15:18:45+00:00\",\"description\":\"Priporo\u010dila kupcev Z ve\u010d kot 60 leti izku\u0161enj in ve\u010d kot 150.000 strankami v Avstriji, Nem\u010diji, Italiji, Franciji in \u0160vici smo postali vodilni specialist\",\"breadcrumb\":{\"@id\":\"https:\/\/www.leeb-balkone.com\/sl\/podjetje\/priporocila-kupcev\/#breadcrumb\"},\"inLanguage\":\"sl-SI\",\"potentialAction\":[{\"@type\":\"ReadAction\",\"target\":[\"https:\/\/www.leeb-balkone.com\/sl\/podjetje\/priporocila-kupcev\/\"]}]},{\"@type\":\"BreadcrumbList\",\"@id\":\"https:\/\/www.leeb-balkone.com\/sl\/podjetje\/priporocila-kupcev\/#breadcrumb\",\"itemListElement\":[{\"@type\":\"ListItem\",\"position\":1,\"name\":\"Home\",\"item\":\"https:\/\/www.leeb-balkone.com\/sl\/\"},{\"@type\":\"ListItem\",\"position\":2,\"name\":\"Podjete\",\"item\":\"https:\/\/www.leeb-balkone.com\/sl\/podjetje\/\"},{\"@type\":\"ListItem\",\"position\":3,\"name\":\"Priporo\u010dila kupcev\"}]},{\"@type\":\"WebSite\",\"@id\":\"https:\/\/www.leeb-balkone.com\/sl\/#website\",\"url\":\"https:\/\/www.leeb-balkone.com\/sl\/\",\"name\":\"Leeb Balkone\",\"description\":\"Balkone und Z\u00e4une\",\"publisher\":{\"@id\":\"https:\/\/www.leeb-balkone.com\/sl\/#organization\"},\"potentialAction\":[{\"@type\":\"SearchAction\",\"target\":{\"@type\":\"EntryPoint\",\"urlTemplate\":\"https:\/\/www.leeb-balkone.com\/sl\/?s={search_term_string}\"},\"query-input\":{\"@type\":\"PropertyValueSpecification\",\"valueRequired\":true,\"valueName\":\"search_term_string\"}}],\"inLanguage\":\"sl-SI\"},{\"@type\":\"Organization\",\"@id\":\"https:\/\/www.leeb-balkone.com\/sl\/#organization\",\"name\":\"Leeb Balkone Gmbh\",\"url\":\"https:\/\/www.leeb-balkone.com\/sl\/\",\"logo\":{\"@type\":\"ImageObject\",\"inLanguage\":\"sl-SI\",\"@id\":\"https:\/\/www.leeb-balkone.com\/sl\/#\/schema\/logo\/image\/\",\"url\":\"https:\/\/www.leeb-balkone.com\/app\/uploads\/2020\/11\/leeb-logo.svg\",\"contentUrl\":\"https:\/\/www.leeb-balkone.com\/app\/uploads\/2020\/11\/leeb-logo.svg\",\"width\":741,\"height\":204,\"caption\":\"Leeb Balkone Gmbh\"},\"image\":{\"@id\":\"https:\/\/www.leeb-balkone.com\/sl\/#\/schema\/logo\/image\/\"},\"sameAs\":[\"https:\/\/www.facebook.com\/balkone\/\",\"https:\/\/www.trustedshops.at\/bewertung\/info_X4587CCF5833E31AFE0B11F47D86999F2.html\",\"https:\/\/www.trustedshops.de\/bewertung\/info_X7BA536A7A0BDC86D36C4718E4DCAEEEF.html\",\"https:\/\/www.google.com\/maps\/place\/?q=place_id:ChIJ5-zH19-IcEcR9HonWRTllHI\"]}]}<\/script>\n<!-- \/ Yoast SEO plugin. -->","yoast_head_json":{"title":"Priporo\u010dila kupcev - Leeb Balkone Slovenija","description":"Priporo\u010dila kupcev Z ve\u010d kot 60 leti izku\u0161enj in ve\u010d kot 150.000 strankami v Avstriji, Nem\u010diji, Italiji, Franciji in \u0160vici smo postali vodilni specialist","robots":{"index":"index","follow":"follow","max-snippet":"max-snippet:-1","max-image-preview":"max-image-preview:large","max-video-preview":"max-video-preview:-1"},"og_locale":"sl_SI","og_type":"article","og_title":"Priporo\u010dila kupcev - Leeb Balkone","og_description":"Priporo\u010dila kupcev Z ve\u010d kot 60 leti izku\u0161enj in ve\u010d kot 150.000 strankami v Avstriji, Nem\u010diji, Italiji, Franciji in \u0160vici smo postali vodilni specialist","og_url":"https:\/\/www.leeb-balkone.com\/sl\/podjetje\/priporocila-kupcev\/","og_site_name":"Leeb Balkone","article_publisher":"https:\/\/www.facebook.com\/balkone\/","article_modified_time":"2026-04-28T15:18:45+00:00","og_image":[{"width":2560,"height":1762,"url":"https:\/\/www.leeb-balkone.com\/app\/uploads\/2020\/09\/alu-balkongelaender-zufriedene-kunden-1.jpg","type":"image\/jpeg"}],"twitter_card":"summary_large_image","schema":{"@context":"https:\/\/schema.org","@graph":[{"@type":"WebPage","@id":"https:\/\/www.leeb-balkone.com\/sl\/podjetje\/priporocila-kupcev\/","url":"https:\/\/www.leeb-balkone.com\/sl\/podjetje\/priporocila-kupcev\/","name":"Priporo\u010dila kupcev - Leeb Balkone","isPartOf":{"@id":"https:\/\/www.leeb-balkone.com\/sl\/#website"},"datePublished":"2026-01-28T19:33:42+00:00","dateModified":"2026-04-28T15:18:45+00:00","description":"Priporo\u010dila kupcev Z ve\u010d kot 60 leti izku\u0161enj in ve\u010d kot 150.000 strankami v Avstriji, Nem\u010diji, Italiji, Franciji in \u0160vici smo postali vodilni specialist","breadcrumb":{"@id":"https:\/\/www.leeb-balkone.com\/sl\/podjetje\/priporocila-kupcev\/#breadcrumb"},"inLanguage":"sl-SI","potentialAction":[{"@type":"ReadAction","target":["https:\/\/www.leeb-balkone.com\/sl\/podjetje\/priporocila-kupcev\/"]}]},{"@type":"BreadcrumbList","@id":"https:\/\/www.leeb-balkone.com\/sl\/podjetje\/priporocila-kupcev\/#breadcrumb","itemListElement":[{"@type":"ListItem","position":1,"name":"Home","item":"https:\/\/www.leeb-balkone.com\/sl\/"},{"@type":"ListItem","position":2,"name":"Podjete","item":"https:\/\/www.leeb-balkone.com\/sl\/podjetje\/"},{"@type":"ListItem","position":3,"name":"Priporo\u010dila kupcev"}]},{"@type":"WebSite","@id":"https:\/\/www.leeb-balkone.com\/sl\/#website","url":"https:\/\/www.leeb-balkone.com\/sl\/","name":"Leeb Balkone","description":"Balkone und Z\u00e4une","publisher":{"@id":"https:\/\/www.leeb-balkone.com\/sl\/#organization"},"potentialAction":[{"@type":"SearchAction","target":{"@type":"EntryPoint","urlTemplate":"https:\/\/www.leeb-balkone.com\/sl\/?s={search_term_string}"},"query-input":{"@type":"PropertyValueSpecification","valueRequired":true,"valueName":"search_term_string"}}],"inLanguage":"sl-SI"},{"@type":"Organization","@id":"https:\/\/www.leeb-balkone.com\/sl\/#organization","name":"Leeb Balkone Gmbh","url":"https:\/\/www.leeb-balkone.com\/sl\/","logo":{"@type":"ImageObject","inLanguage":"sl-SI","@id":"https:\/\/www.leeb-balkone.com\/sl\/#\/schema\/logo\/image\/","url":"https:\/\/www.leeb-balkone.com\/app\/uploads\/2020\/11\/leeb-logo.svg","contentUrl":"https:\/\/www.leeb-balkone.com\/app\/uploads\/2020\/11\/leeb-logo.svg","width":741,"height":204,"caption":"Leeb Balkone Gmbh"},"image":{"@id":"https:\/\/www.leeb-balkone.com\/sl\/#\/schema\/logo\/image\/"},"sameAs":["https:\/\/www.facebook.com\/balkone\/","https:\/\/www.trustedshops.at\/bewertung\/info_X4587CCF5833E31AFE0B11F47D86999F2.html","https:\/\/www.trustedshops.de\/bewertung\/info_X7BA536A7A0BDC86D36C4718E4DCAEEEF.html","https:\/\/www.google.com\/maps\/place\/?q=place_id:ChIJ5-zH19-IcEcR9HonWRTllHI"]}]}},"_links":{"self":[{"href":"https:\/\/www.leeb-balkone.com\/sl\/wp-json\/wp\/v2\/pages\/163777","targetHints":{"allow":["GET"]}}],"collection":[{"href":"https:\/\/www.leeb-balkone.com\/sl\/wp-json\/wp\/v2\/pages"}],"about":[{"href":"https:\/\/www.leeb-balkone.com\/sl\/wp-json\/wp\/v2\/types\/page"}],"author":[{"embeddable":true,"href":"https:\/\/www.leeb-balkone.com\/sl\/wp-json\/wp\/v2\/users\/1"}],"replies":[{"embeddable":true,"href":"https:\/\/www.leeb-balkone.com\/sl\/wp-json\/wp\/v2\/comments?post=163777"}],"version-history":[{"count":3,"href":"https:\/\/www.leeb-balkone.com\/sl\/wp-json\/wp\/v2\/pages\/163777\/revisions"}],"predecessor-version":[{"id":168329,"href":"https:\/\/www.leeb-balkone.com\/sl\/wp-json\/wp\/v2\/pages\/163777\/revisions\/168329"}],"up":[{"embeddable":true,"href":"https:\/\/www.leeb-balkone.com\/sl\/wp-json\/wp\/v2\/pages\/17331"}],"wp:attachment":[{"href":"https:\/\/www.leeb-balkone.com\/sl\/wp-json\/wp\/v2\/media?parent=163777"}],"wp:term":[{"taxonomy":"folder","embeddable":true,"href":"https:\/\/www.leeb-balkone.com\/sl\/wp-json\/wp\/v2\/folder?post=163777"}],"curies":[{"name":"wp","href":"https:\/\/api.w.org\/{rel}","templated":true}]}}