{"id":163760,"date":"2026-01-28T18:58:33","date_gmt":"2026-01-28T18:58:33","guid":{"rendered":"https:\/\/www.leeb-balkone.com\/solar\/soncna-ograja\/"},"modified":"2026-01-28T19:03:13","modified_gmt":"2026-01-28T19:03:13","slug":"solarna-ograja","status":"publish","type":"page","link":"https:\/\/www.leeb-balkone.com\/sl\/solar\/solarna-ograja\/","title":{"rendered":"Solarna ograja"},"content":{"rendered":"\n<section class=\"wp-block-group alignfull t3-header t3-header-splitscreen t3-splitscreen-shadow h-zi-20 has-light-gray-background-color has-background has-global-padding is-layout-constrained wp-container-core-group-is-layout-f1ad4950 wp-block-group-is-layout-constrained\" style=\"padding-top:0;padding-bottom:0\">\n<div class=\"wp-block-columns h-flx-a-s m-split is-layout-flex wp-container-core-columns-is-layout-28f84493 wp-block-columns-is-layout-flex\">\n<div class=\"wp-block-column is-vertically-aligned-top h-flx-a-s m-split-col-content is-layout-flow wp-block-column-is-layout-flow\"><div class=\"yoast-breadcrumbs\"><span><span><a href=\"https:\/\/www.leeb-balkone.com\/sl\/\">Home<\/a><\/span> \/ <span><a href=\"https:\/\/www.leeb-balkone.com\/sl\/solar\/\">Son\u010dni izdelki<\/a><\/span> \/ <span class=\"breadcrumb_last\" aria-current=\"page\">Solarna ograja<\/span><\/span><\/div>\n\n<h1 class=\"wp-block-post-title\">Solarna ograja<\/h1>\n\n\n<p class=\"has-step-0-font-size\" style=\"margin-bottom:0\">Solarna ograja Leeb je idealna re\u0161itev za vse, ki \u017eelijo zdru\u017eiti varnost, estetiko in trajnostno proizvodnjo energije na meji svojega zemlji\u0161\u010da. Dvostranski fotovoltai\u010dni moduli do vi\u0161ine ograje 1150 mm (Optimus, nad razli\u010dico 300). <\/p>\n\n\n\n<div class=\"wp-block-buttons is-layout-flex wp-block-buttons-is-layout-flex\" style=\"margin-top:var(--wp--preset--spacing--l)\">\n<div class=\"wp-block-button is-style-cta icon-book icon-left\"><a class=\"wp-block-button__link wp-element-button\" href=\"https:\/\/www.leeb-balkone.com\/sl\/kontakt\/zahtevajte-katalog\/\">Zahtevajte katalog<\/a><\/div>\n\n\n\n<div class=\"wp-block-button is-style-cta icon-vp icon-left\"><a class=\"wp-block-button__link wp-element-button\" href=\"https:\/\/www.leeb-balkone.com\/sl\/distribucijski-partnerji\/\">Poi\u0161\u010dite kontaktno osebo<span class=\"sr-only\"> Slovenija<\/span><\/a><\/div>\n<\/div>\n<\/div>\n\n\n\n<div class=\"wp-block-column is-vertically-aligned-stretch h-hide-md-down is-style-image-cover is-layout-flow wp-block-column-is-layout-flow\">\n<figure class=\"wp-block-image size-large\"><img loading=\"lazy\" decoding=\"async\" width=\"1024\" height=\"651\" src=\"https:\/\/www.leeb-balkone.com\/app\/uploads\/2022\/06\/Zaun-Solar-06-Optimus-1024x651.jpg\" alt=\"Zaun Solar 06 Optimus\" class=\"wp-image-139446\" srcset=\"https:\/\/www.leeb-balkone.com\/app\/uploads\/2022\/06\/Zaun-Solar-06-Optimus-1024x651.jpg 1024w, https:\/\/www.leeb-balkone.com\/app\/uploads\/2022\/06\/Zaun-Solar-06-Optimus-300x191.jpg 300w, https:\/\/www.leeb-balkone.com\/app\/uploads\/2022\/06\/Zaun-Solar-06-Optimus-768x488.jpg 768w, https:\/\/www.leeb-balkone.com\/app\/uploads\/2022\/06\/Zaun-Solar-06-Optimus-1536x976.jpg 1536w, https:\/\/www.leeb-balkone.com\/app\/uploads\/2022\/06\/Zaun-Solar-06-Optimus-2048x1301.jpg 2048w\" sizes=\"auto, (max-width: 1024px) 100vw, 1024px\" \/><\/figure>\n<\/div>\n<\/div>\n<\/section>\n\n<section class=\"wp-block-group alignfull has-white-background-color has-background has-global-padding is-layout-constrained wp-container-core-group-is-layout-52f96efc wp-block-group-is-layout-constrained\" id=\"modelle\">\n<div class=\"wp-block-group m-teaser o-grid u-md-1 is-layout-flow wp-block-group-is-layout-flow\">\n<div class=\"wp-block-group u-g-9 u-g-s-2 is-layout-flow wp-block-group-is-layout-flow\" style=\"margin-bottom:var(--wp--preset--spacing--s)\">\n<p class=\"has-text-align-left\"><em><strong><strong><strong>&#8220;Ograja sre\u010da prihodnost &#8211; energija na meter s son\u010dnimi ograjami Leeb.&#8221;<\/strong><\/strong><\/strong><\/em><\/p>\n<\/div>\n<\/div>\n\n\n\n<div class=\"wp-block-columns is-layout-flex wp-container-core-columns-is-layout-28f84493 wp-block-columns-is-layout-flex\">\n<div class=\"wp-block-column is-layout-flow wp-block-column-is-layout-flow\" style=\"flex-basis:66.66%\"><div class=\"tgs-gallery\" data-tablet-slides=\"4\" data-desktop-slides=\"5\"><div class=\"t3-tgs swiper mainSlider\">\n                <div class=\"has-icon icon-enlarge\"><\/div>\n                <div class=\"swiper-wrapper lg-swiper\"><div class=\"swiper-slide\"><a href=\"https:\/\/www.leeb-balkone.com\/app\/uploads\/2022\/06\/Zaun-Solar-01-scaled.jpg\"><img decoding=\"async\" src=\"https:\/\/www.leeb-balkone.com\/app\/uploads\/2022\/06\/Zaun-Solar-01-scaled.jpg\" alt=\"Solar Zaun mit PV-Modulen - Zaun Solaranlage mit Leeb\"><\/a><div class=\"tgs-desc\">Proti to\u010di odporni PV moduli, vgrajeni med dvema VSG stekloma<\/div><\/div><div class=\"swiper-slide\"><a href=\"https:\/\/www.leeb-balkone.com\/app\/uploads\/2022\/06\/Zaun-Solar-02-scaled.jpg\"><img decoding=\"async\" src=\"https:\/\/www.leeb-balkone.com\/app\/uploads\/2022\/06\/Zaun-Solar-02-scaled.jpg\" alt=\"Zaun Solar\"><\/a><div class=\"tgs-desc\">Estetska ograja Son\u010dna elektrarna<\/div><\/div><div class=\"swiper-slide\"><a href=\"https:\/\/www.leeb-balkone.com\/app\/uploads\/2022\/06\/Zaun-Solar-04-Optimus-scaled.jpg\"><img decoding=\"async\" src=\"https:\/\/www.leeb-balkone.com\/app\/uploads\/2022\/06\/Zaun-Solar-04-Optimus-scaled.jpg\" alt=\"Zaun Solar 04 Optimus\"><\/a><div class=\"tgs-desc\">O\u017ei\u010denje PV modulov je skrito v notranjosti<\/div><\/div><\/div><div class=\"mainSliderPrev\"><\/div><div class=\"mainSliderNext\"><\/div><div class=\"main_slider_dots\"><\/div><\/div><div class=\"swiper thumbSlider\"><div class=\"swiper-wrapper wp-block-t3-carousel-wrapper\"><div class=\"swiper-slide\"><img decoding=\"async\" src=\"https:\/\/www.leeb-balkone.com\/app\/uploads\/2022\/06\/Zaun-Solar-01-1024x765.jpg\" alt=\"Solar Zaun mit PV-Modulen - Zaun Solaranlage mit Leeb\" \/><\/div><div class=\"swiper-slide\"><img decoding=\"async\" src=\"https:\/\/www.leeb-balkone.com\/app\/uploads\/2022\/06\/Zaun-Solar-02-1024x765.jpg\" alt=\"Zaun Solar\" \/><\/div><div class=\"swiper-slide\"><img decoding=\"async\" src=\"https:\/\/www.leeb-balkone.com\/app\/uploads\/2022\/06\/Zaun-Solar-04-Optimus-1024x659.jpg\" alt=\"Zaun Solar 04 Optimus\" \/><\/div><\/div><div class=\"thumbSliderPrev swiper-button-prev\"><\/div><div class=\"thumbSliderNext swiper-button-next\"><\/div><\/div><\/div><\/div>\n\n\n\n<div class=\"wp-block-column is-layout-flow wp-block-column-is-layout-flow\" style=\"flex-basis:33.33%\">\n<h2 class=\"wp-block-heading has-step-2-font-size\">Aluminijasta ograja s fotonapetostnimi moduli: vsestransko zanimivo<\/h2>\n\n\n\n<p>Izkusite popolno kombinacijo inovativne za\u0161\u010dite lastnine in sodobnega pridobivanja energije s solarno ograjo Leeb. Sistem zdru\u017euje videz visokokakovostne aluminijaste ograje s popolnoma integriranimi fotonapetostnimi moduli, tako da vsaka povr\u0161ina ograje postane aktivni prispevek k energetski revoluciji. Vsak element ograje je zasnovan kot samostojen fotonapetostni modul in ga je mogo\u010de prilagodljivo vklju\u010diti v obstoje\u010de ali nove ograjne sisteme.  <\/p>\n\n\n\n<ul class=\"wp-block-list is-style-checkmark-2\">\n<li>Najsodobnej\u0161i fotovoltai\u010dni moduli<\/li>\n\n\n\n<li>Varno in trajno<\/li>\n\n\n\n<li>Modularna zasnova<\/li>\n<\/ul>\n<\/div>\n<\/div>\n\n\n\n<div class=\"wp-block-group m-teaser o-grid u-md-1 is-layout-flow wp-block-group-is-layout-flow\" style=\"margin-top:0;padding-top:var(--wp--preset--spacing--xl-2-xl)\">\n<div class=\"wp-block-group u-g-10 u-g-s-2 is-layout-flow wp-block-group-is-layout-flow\" style=\"margin-top:0;margin-bottom:var(--wp--preset--spacing--s)\"><div class=\"wp-block-t3-tabs t3-tabs t3-tabs--centered\" data-uniqueid=\"tabs-8f57f258\" data-use-headings=\"false\" data-heading-level=\"h2\"><ul class=\"t3-tabs__list\" role=\"tablist\"><li role=\"presentation\"><button role=\"tab\" id=\"tabs-8f57f258-tab-0\" aria-controls=\"tabs-8f57f258-panel-0\" class=\"t3-tabs__tab-button t3-tabs__tab-button--active\" aria-selected=\"true\" tabindex=\"0\"><div class=\"t3-tabs__tab-button-inner\"><span class=\"t3-tabs__tab-title\">Struktura in zmogljivost<\/span><\/div><\/button><\/li><li role=\"presentation\"><button role=\"tab\" id=\"tabs-8f57f258-tab-1\" aria-controls=\"tabs-8f57f258-panel-1\" class=\"t3-tabs__tab-button\" aria-selected=\"false\" tabindex=\"-1\"><div class=\"t3-tabs__tab-button-inner\"><span class=\"t3-tabs__tab-title\">Posebne tehni\u010dne lastnosti<\/span><\/div><\/button><\/li><li role=\"presentation\"><button role=\"tab\" id=\"tabs-8f57f258-tab-2\" aria-controls=\"tabs-8f57f258-panel-2\" class=\"t3-tabs__tab-button\" aria-selected=\"false\" tabindex=\"-1\"><div class=\"t3-tabs__tab-button-inner\"><span class=\"t3-tabs__tab-title\">Funkcija in prednosti<\/span><\/div><\/button><\/li><\/ul><div class=\"t3-tabs__panels\"><div class=\"t3-tab__content t3-tabs__panel\" role=\"tabpanel\" id=\"tabs-8f57f258-panel-0\" aria-labelledby=\"tabs-8f57f258-tab-0\">\n<p>Izberite ograjo, ki zmore ve\u010d: Solarna ograja Leeb \u0161\u010diti va\u0161o posest in hkrati proizvaja okolju prijazno elektri\u010dno energijo &#8211; prava popestritev za vsak vrt. Fotonapetostni moduli imajo zelo kakovostno in robustno zasnovo ter so na primer za\u0161\u010diteni pred to\u010do, do njih pa lahko dostopate tudi za vzdr\u017eevalna dela. Steklo je laminirano varnostno steklo (VSG), izdelano iz 2x 4 mm delno kaljenega stekla (TVG). Na posamezen PV-modul je mogo\u010de dose\u010di najve\u010d 300 Wp. O\u017ei\u010denje modulov je skrito na notranji strani.     <\/p>\n\n\n\n\n\n\n\n\n\n<div class=\"wp-block-group is-layout-grid wp-container-core-group-is-layout-c19da409 wp-block-group-is-layout-grid\" style=\"padding-bottom:var(--wp--preset--spacing--m)\">\n<div class=\"wp-block-group wp-container-content-7ed1b8cc has-global-padding is-layout-constrained wp-block-group-is-layout-constrained\">\n<figure class=\"wp-block-image size-full\"><img loading=\"lazy\" decoding=\"async\" width=\"764\" height=\"665\" src=\"https:\/\/www.leeb-balkone.com\/app\/uploads\/2025\/07\/Modell-Z-Solar-Optimus-Ansicht.jpg\" alt=\"Modell Z Solar Optimus Ansicht\" class=\"wp-image-150054\" style=\"aspect-ratio:1;object-fit:cover\" srcset=\"https:\/\/www.leeb-balkone.com\/app\/uploads\/2025\/07\/Modell-Z-Solar-Optimus-Ansicht.jpg 764w, https:\/\/www.leeb-balkone.com\/app\/uploads\/2025\/07\/Modell-Z-Solar-Optimus-Ansicht-300x261.jpg 300w\" sizes=\"auto, (max-width: 764px) 100vw, 764px\" \/><\/figure>\n\n\n\n<p><strong>Varianta Optimus:<\/strong><\/p>\n\n\n\n<ul class=\"wp-block-list\">\n<li>Vi\u0161ina 1130 mm, dol\u017eina polja in razdalja med stebri 2425 mm, vija\u010dne plo\u0161\u010de  <\/li>\n\n\n\n<li>PV modul(-i) s fiksnimi dimenzijami (vi\u0161ina 950 mm, \u0161irina 1200 mm)<\/li>\n\n\n\n<li>Mo\u010d PV modula max. 175 Wo\/ft ograje* 1<\/li>\n<\/ul>\n<\/div>\n\n\n\n<div class=\"wp-block-group has-global-padding is-layout-constrained wp-block-group-is-layout-constrained\">\n<figure class=\"wp-block-image size-full\"><img loading=\"lazy\" decoding=\"async\" width=\"1350\" height=\"750\" src=\"https:\/\/www.leeb-balkone.com\/app\/uploads\/2025\/07\/Modell-Z-Solar-Optimus-Twin-Ansicht-1.jpg\" alt=\"Modell Z Solar Optimus Twin Ansicht\" class=\"wp-image-150059\" style=\"aspect-ratio:1;object-fit:cover\" srcset=\"https:\/\/www.leeb-balkone.com\/app\/uploads\/2025\/07\/Modell-Z-Solar-Optimus-Twin-Ansicht-1.jpg 1350w, https:\/\/www.leeb-balkone.com\/app\/uploads\/2025\/07\/Modell-Z-Solar-Optimus-Twin-Ansicht-1-300x167.jpg 300w, https:\/\/www.leeb-balkone.com\/app\/uploads\/2025\/07\/Modell-Z-Solar-Optimus-Twin-Ansicht-1-1024x569.jpg 1024w, https:\/\/www.leeb-balkone.com\/app\/uploads\/2025\/07\/Modell-Z-Solar-Optimus-Twin-Ansicht-1-768x427.jpg 768w\" sizes=\"auto, (max-width: 1350px) 100vw, 1350px\" \/><\/figure>\n\n\n\n<p><strong>Razli\u010dica Optimus Twin:<\/strong><\/p>\n\n\n\n<ul class=\"wp-block-list\">\n<li>Vi\u0161ina 1130 mm, dol\u017eina polja in razdalja med stebri 2425 mm, vija\u010dne plo\u0161\u010de  <\/li>\n\n\n\n<li>PV modul(-i) s fiksnimi dimenzijami (vi\u0161ina 950 mm, \u0161irina 1200 mm)<\/li>\n\n\n\n<li>Mo\u010d PV modula max. 175 Wo\/ft ograje* 1<\/li>\n<\/ul>\n<\/div>\n\n\n\n<div class=\"wp-block-group has-global-padding is-layout-constrained wp-block-group-is-layout-constrained\">\n<figure class=\"wp-block-image size-full\"><img loading=\"lazy\" decoding=\"async\" width=\"756\" height=\"684\" src=\"https:\/\/www.leeb-balkone.com\/app\/uploads\/2025\/07\/Modell-solarzaun-300.png\" alt=\"Modell solarzaun\" class=\"wp-image-151004\" srcset=\"https:\/\/www.leeb-balkone.com\/app\/uploads\/2025\/07\/Modell-solarzaun-300.png 756w, https:\/\/www.leeb-balkone.com\/app\/uploads\/2025\/07\/Modell-solarzaun-300-300x271.png 300w\" sizes=\"auto, (max-width: 756px) 100vw, 756px\" \/><\/figure>\n\n\n\n<p><strong>Varianta 300:<\/strong><\/p>\n\n\n\n<ul class=\"wp-block-list\">\n<li>Vi\u0161ina 1980 mm, dol\u017eina polja in razdalja med stebri 2055 mm, mo\u017eno samo z varjenimi plo\u0161\u010dami.  <\/li>\n\n\n\n<li>PV modul s fiksnimi dimenzijami (vi\u0161ina 1015 mm, \u0161irina 1700 mm)<\/li>\n\n\n\n<li>Mo\u010d PV modula max. 295 Wo\/ft ograje*<\/li>\n<\/ul>\n<\/div>\n\n\n\n<p><\/p>\n<\/div>\n\n\n\n<p class=\"has-step-s-font-size\"><strong>Opombe:<\/strong><\/p>\n\n\n\n<ul class=\"wp-block-list\">\n<li class=\"has-step-s-font-size\">Mo\u017ena je le fiksna delitev stolpcev<\/li>\n\n\n\n<li class=\"has-step-s-font-size\">Naklon ograje ni mogo\u010d<\/li>\n\n\n\n<li class=\"has-step-s-font-size\">zaporedno povezani moduli (\u0161tevilo modulov v nizu je omejeno)<\/li>\n\n\n\n<li class=\"has-step-s-font-size\">O\u017ei\u010denje ograje z inverterjem, priklju\u010ditev, ozemljitev in zagon (priklju\u010ditev na omre\u017eje) je treba opraviti na kraju samem.<\/li>\n<\/ul>\n<\/div><div class=\"t3-tab__content t3-tabs__panel\" role=\"tabpanel\" id=\"tabs-8f57f258-panel-1\" aria-labelledby=\"tabs-8f57f258-tab-1\">\n<p>U\u017eivajte v varnosti in trajnosti: Solarna ograja Leeb je robustno izdelana, odporna na vremenske vplive in enostavna za vzdr\u017eevanje &#8211; za najve\u010djo zanesljivost v vsakdanjem \u017eivljenju.<\/p>\n\n\n\n<div class=\"wp-block-cgb-t3-container-block none\" style=\"background-color:none\"><div class=\"grid-container\"><div class=\"grid-x\"><div class=\"cell small-12 medium-0 large-0\"><\/div><\/div><\/div><\/div>\n\n\n\n<ul class=\"wp-block-list is-style-default\">\n<li>Konstrukcija iz robustnega aluminija, odpornega na vremenske vplive, s patentiranim pra\u0161nim premazom ALU COMFORT PLUS\u00ae<\/li>\n\n\n\n<li>Stati\u010dno izra\u010dunan sistem za najve\u010djo varnost in vzdr\u017eljivost<\/li>\n\n\n\n<li>Certificirana kakovost in celovita storitev od na\u010drtovanja do namestitve<\/li>\n\n\n\n<li>Modularna struktura za prilagodljive mo\u017enosti oblikovanja<\/li>\n<\/ul>\n\n\n\n<div class=\"wp-block-group is-layout-grid wp-container-core-group-is-layout-478b6e6b wp-block-group-is-layout-grid\"><\/div>\n\n\n\n<div class=\"wp-block-cgb-t3-container-block none\" style=\"background-color:none\"><div class=\"grid-container\"><div class=\"grid-x\"><div class=\"cell small-12 medium-0 large-0\"><\/div><\/div><\/div><\/div>\n<\/div><div class=\"t3-tab__content t3-tabs__panel\" role=\"tabpanel\" id=\"tabs-8f57f258-panel-2\" aria-labelledby=\"tabs-8f57f258-tab-2\">\n<div class=\"wp-block-cgb-t3-container-block none\" style=\"background-color:none\"><div class=\"grid-container\"><div class=\"grid-x\"><div class=\"cell small-12 medium-0 large-0\"><\/div><\/div><\/div><\/div>\n\n\n\n<p>Svojo ograjo spremenite v elektrarno: proizvajajte lastno elektri\u010dno energijo, zmanj\u0161ajte stro\u0161ke energije in poskrbite, da bo va\u0161a nepremi\u010dnina trajnostna &#8211; brez kompromisov pri oblikovanju ali funkcionalnosti.<\/p>\n\n\n\n<ul class=\"wp-block-list\">\n<li>okolju prijazna proizvodnja elektri\u010dne energije neposredno na zemlji\u0161\u010du<\/li>\n\n\n\n<li>Zmanj\u0161anje stro\u0161kov elektri\u010dne energije zaradi lastne porabe<\/li>\n\n\n\n<li>Za\u0161\u010dita in vizualna izbolj\u0161ava vrta<\/li>\n\n\n\n<li>Prispevek k zmanj\u0161anju emisij CO\u2082 in pove\u010danju vrednosti nepremi\u010dnine<\/li>\n\n\n\n<li>Nizka stopnja vzdr\u017eevanja in trpe\u017enost, idealna za trajnostno naravnane lastnike stanovanj<\/li>\n<\/ul>\n<\/div><\/div><\/div><\/div>\n<\/div>\n<\/section>\n\n<section class=\"wp-block-cover alignfull is-light katalog-cta\" style=\"margin-top:0;margin-bottom:0;padding-top:0;padding-right:0;padding-bottom:0;padding-left:0;min-height:100px;aspect-ratio:unset;\" id=\"beratungsanfrage\"><img loading=\"lazy\" decoding=\"async\" width=\"2560\" height=\"1707\" class=\"wp-block-cover__image-background wp-image-152954 size-full\" alt=\"Schauraum Leeb Tettnang Florian Keller\" src=\"https:\/\/www.leeb-balkone.com\/app\/uploads\/2025\/04\/Schauraum-Leeb-Tettnang-Florian-Keller-17-scaled.jpg\" style=\"object-position:41% 45%\" data-object-fit=\"cover\" data-object-position=\"41% 45%\" srcset=\"https:\/\/www.leeb-balkone.com\/app\/uploads\/2025\/04\/Schauraum-Leeb-Tettnang-Florian-Keller-17-scaled.jpg 2560w, https:\/\/www.leeb-balkone.com\/app\/uploads\/2025\/04\/Schauraum-Leeb-Tettnang-Florian-Keller-17-300x200.jpg 300w, https:\/\/www.leeb-balkone.com\/app\/uploads\/2025\/04\/Schauraum-Leeb-Tettnang-Florian-Keller-17-1024x683.jpg 1024w, https:\/\/www.leeb-balkone.com\/app\/uploads\/2025\/04\/Schauraum-Leeb-Tettnang-Florian-Keller-17-768x512.jpg 768w, https:\/\/www.leeb-balkone.com\/app\/uploads\/2025\/04\/Schauraum-Leeb-Tettnang-Florian-Keller-17-1536x1024.jpg 1536w, https:\/\/www.leeb-balkone.com\/app\/uploads\/2025\/04\/Schauraum-Leeb-Tettnang-Florian-Keller-17-2048x1366.jpg 2048w\" sizes=\"auto, (max-width: 2560px) 100vw, 2560px\" \/><span aria-hidden=\"true\" class=\"wp-block-cover__background has-primary-45-background-color has-background-dim-80 has-background-dim\"><\/span><div class=\"wp-block-cover__inner-container has-global-padding is-layout-constrained wp-container-core-cover-is-layout-f028c7bd wp-block-cover-is-layout-constrained\">\n<div class=\"wp-block-group is-layout-flow wp-block-group-is-layout-flow\" style=\"min-height:0px;margin-top:0;margin-bottom:0;padding-top:var(--wp--preset--spacing--2-xl);padding-bottom:var(--wp--preset--spacing--2-xl);padding-left:0\">\n<div class=\"wp-block-columns are-vertically-aligned-center is-layout-flex wp-container-core-columns-is-layout-0a4bbf16 wp-block-columns-is-layout-flex\" style=\"margin-top:0;margin-bottom:0\">\n<div class=\"wp-block-column is-vertically-aligned-center is-layout-flow wp-block-column-is-layout-flow\" style=\"flex-basis:66.66%\">\n<h2 class=\"wp-block-heading\">Zahtevajte sestanek za posvetovanje<\/h2>\n\n\n\n<p class=\"is-style-teaser\">Imate kak\u0161na vpra\u0161anja? Stopite v stik z nami in uporabite na\u0161 kontaktni obrazec. Zahtevajte osebno svetovanje zdaj &#8211; va\u0161a kontaktna oseba vam bo z veseljem nudila individualno podporo pri na\u010drtovanju in izvedbi va\u0161ega projekta!  <\/p>\n<\/div>\n\n\n\n<div class=\"wp-block-column is-vertically-aligned-center is-layout-flow wp-block-column-is-layout-flow\" style=\"flex-basis:33.33%\">\n<div class=\"wp-block-buttons u-m-jc-left is-content-justification-right is-layout-flex wp-container-core-buttons-is-layout-c060c6c7 wp-block-buttons-is-layout-flex\">\n<div class=\"wp-block-button is-style-filled-white large smooth-scroll\"><a class=\"wp-block-button__link wp-element-button\" href=\"#beratungstermin\" style=\"box-shadow:var(--wp--preset--shadow--button-shadow)\">Zahteva za svetovanje<\/a><\/div>\n<\/div>\n<\/div>\n<\/div>\n<\/div>\n<\/div><\/section>\n\n<section class=\"wp-block-group alignfull has-light-gray-background-color has-background has-global-padding is-layout-constrained wp-container-core-group-is-layout-52f96efc wp-block-group-is-layout-constrained\" id=\"service-qualitaet\">\n<div class=\"wp-block-group o-grid u-md-1 is-layout-flow wp-block-group-is-layout-flow\">\n<div class=\"wp-block-group u-g-9 u-g-s-2 is-layout-flow wp-block-group-is-layout-flow\" style=\"margin-bottom:var(--wp--preset--spacing--s)\">\n<h2 class=\"wp-block-heading\"><strong>Son\u010dna ograja Leeb<\/strong><\/h2>\n\n\n\n<p><span class=\"teaser\">Solarna ograja podjetja Leeb je idealna re\u0161itev za uporabo obstoje\u010dih povr\u0161in na dva na\u010dina: kot za\u0161\u010dita pred zasebnostjo, vetrom in hrupom ter kot u\u010dinkovit vir energije za dom, bazen ali e-mobilnost.<\/span><\/p>\n\n\n\n<p>S solarno ograjo Leeb dobite trajno, prilagodljivo in varno re\u0161itev &#8211; od na\u010drtovanja do namestitve iz enega samega vira.<\/p>\n<\/div>\n<\/div>\n\n\n\n<div class=\"wp-block-group small is-style-white-cards sm-2-cols is-layout-grid wp-container-core-group-is-layout-7785d981 wp-block-group-is-layout-grid\">\n<div class=\"wp-block-group m-card has-modal is-layout-flow wp-container-core-group-is-layout-8a368f38 wp-block-group-is-layout-flow\" data-modal-id=\"150960\">\n<figure class=\"wp-block-image size-full\"><img loading=\"lazy\" decoding=\"async\" width=\"2560\" height=\"1707\" src=\"https:\/\/www.leeb-balkone.com\/app\/uploads\/2020\/07\/solarbalkon-optimus-innenansicht-der-pv-paneele-scaled.jpg\" alt=\"solarbalkon optimus innenansicht der pv paneele\" class=\"wp-image-141781\" srcset=\"https:\/\/www.leeb-balkone.com\/app\/uploads\/2020\/07\/solarbalkon-optimus-innenansicht-der-pv-paneele-scaled.jpg 2560w, https:\/\/www.leeb-balkone.com\/app\/uploads\/2020\/07\/solarbalkon-optimus-innenansicht-der-pv-paneele-300x200.jpg 300w, https:\/\/www.leeb-balkone.com\/app\/uploads\/2020\/07\/solarbalkon-optimus-innenansicht-der-pv-paneele-1024x683.jpg 1024w, https:\/\/www.leeb-balkone.com\/app\/uploads\/2020\/07\/solarbalkon-optimus-innenansicht-der-pv-paneele-768x512.jpg 768w, https:\/\/www.leeb-balkone.com\/app\/uploads\/2020\/07\/solarbalkon-optimus-innenansicht-der-pv-paneele-1536x1024.jpg 1536w, https:\/\/www.leeb-balkone.com\/app\/uploads\/2020\/07\/solarbalkon-optimus-innenansicht-der-pv-paneele-2048x1366.jpg 2048w\" sizes=\"auto, (max-width: 2560px) 100vw, 2560px\" \/><\/figure>\n\n\n\n<div class=\"wp-block-group m-card-content has-white-background-color has-background is-vertical is-layout-flex wp-container-core-group-is-layout-5580f018 wp-block-group-is-layout-flex\">\n<h3 class=\"wp-block-heading\"><strong>Solarne re\u0161itve za ograje in strehe<\/strong><\/h3>\n\n\n\n<p>Popolnoma integrirani, visoko u\u010dinkoviti PV-moduli v na\u0161ih solarnih izdelkih.<\/p>\n<\/div>\n<a href=\"#overlay-150960\" class=\"open-modal-link\" aria-label=\"Open modal\"><span class=\"sr-only\">\u00d6ffne Modal<\/span><\/a><\/div>\n\n\n\n<div class=\"wp-block-group m-card has-modal is-layout-flow wp-container-core-group-is-layout-8a368f38 wp-block-group-is-layout-flow\" data-modal-id=\"150749\">\n<figure class=\"wp-block-image size-large is-style-default\"><img loading=\"lazy\" decoding=\"async\" width=\"1024\" height=\"767\" src=\"https:\/\/www.leeb-balkone.com\/app\/uploads\/2020\/08\/leeb-balkone-mitarbeiter-4-1024x767.jpeg\" alt=\"Namestitev prilagojene balkonske ograje iz aluminija Leeb\" class=\"wp-image-6083\" srcset=\"https:\/\/www.leeb-balkone.com\/app\/uploads\/2020\/08\/leeb-balkone-mitarbeiter-4-1024x767.jpeg 1024w, https:\/\/www.leeb-balkone.com\/app\/uploads\/2020\/08\/leeb-balkone-mitarbeiter-4-2048x1535.jpeg 2048w, https:\/\/www.leeb-balkone.com\/app\/uploads\/2020\/08\/leeb-balkone-mitarbeiter-4-300x225.jpeg 300w, https:\/\/www.leeb-balkone.com\/app\/uploads\/2020\/08\/leeb-balkone-mitarbeiter-4-768x575.jpeg 768w, https:\/\/www.leeb-balkone.com\/app\/uploads\/2020\/08\/leeb-balkone-mitarbeiter-4-1536x1151.jpeg 1536w\" sizes=\"auto, (max-width: 1024px) 100vw, 1024px\" \/><\/figure>\n\n\n\n<div class=\"wp-block-group m-card-content has-white-background-color has-background is-vertical is-layout-flex wp-container-core-group-is-layout-5580f018 wp-block-group-is-layout-flex\">\n<h3 class=\"wp-block-heading\">Vsestranska storitev za brezskrbno realizacijo!<\/h3>\n\n\n\n<p>Svetovanje na kraju samem, 3D konfigurator, tovarni\u0161ka proizvodnja, dobava in monta\u017ea.<\/p>\n<\/div>\n<a href=\"#overlay-150749\" class=\"open-modal-link\" aria-label=\"Open modal\"><span class=\"sr-only\">\u00d6ffne Modal<\/span><\/a><\/div>\n\n\n\n<div class=\"wp-block-group m-card has-modal is-layout-flow wp-container-core-group-is-layout-8a368f38 wp-block-group-is-layout-flow\" data-modal-id=\"150746\">\n<figure class=\"wp-block-image size-full\"><img loading=\"lazy\" decoding=\"async\" width=\"2048\" height=\"1366\" src=\"https:\/\/www.leeb-balkone.com\/app\/uploads\/2022\/05\/glas-bearbeitung-zuschnitt--scaled.jpg\" alt=\"glas bearbeitung zuschnitt \" class=\"wp-image-83644\" srcset=\"https:\/\/www.leeb-balkone.com\/app\/uploads\/2022\/05\/glas-bearbeitung-zuschnitt--scaled.jpg 2048w, https:\/\/www.leeb-balkone.com\/app\/uploads\/2022\/05\/glas-bearbeitung-zuschnitt--300x200.jpg 300w, https:\/\/www.leeb-balkone.com\/app\/uploads\/2022\/05\/glas-bearbeitung-zuschnitt--1024x683.jpg 1024w, https:\/\/www.leeb-balkone.com\/app\/uploads\/2022\/05\/glas-bearbeitung-zuschnitt--768x512.jpg 768w, https:\/\/www.leeb-balkone.com\/app\/uploads\/2022\/05\/glas-bearbeitung-zuschnitt--1536x1024.jpg 1536w\" sizes=\"auto, (max-width: 2048px) 100vw, 2048px\" \/><\/figure>\n\n\n\n<div class=\"wp-block-group m-card-content has-white-background-color has-background is-vertical is-layout-flex wp-container-core-group-is-layout-5580f018 wp-block-group-is-layout-flex\">\n<h3 class=\"wp-block-heading\"><strong>Laminirano varnostno steklo vrhunske kakovosti<\/strong><\/h3>\n\n\n\n<p>Preizku\u0161ena varnost, inovativne zasnove in dolgotrajna kakovost po meri s podjetjem Leeb Glas.<\/p>\n<\/div>\n<a href=\"#overlay-150746\" class=\"open-modal-link\" aria-label=\"Open modal\"><span class=\"sr-only\">\u00d6ffne Modal<\/span><\/a><\/div>\n\n\n\n<div class=\"wp-block-group m-card has-modal is-layout-flow wp-container-core-group-is-layout-8a368f38 wp-block-group-is-layout-flow\" data-modal-id=\"150753\">\n<figure class=\"wp-block-image size-large\"><img loading=\"lazy\" decoding=\"async\" width=\"1024\" height=\"665\" src=\"https:\/\/www.leeb-balkone.com\/app\/uploads\/2020\/08\/alu-comfort-plus-1024x665.jpg\" alt=\"alu comfort plus\" class=\"wp-image-5082\" srcset=\"https:\/\/www.leeb-balkone.com\/app\/uploads\/2020\/08\/alu-comfort-plus-1024x665.jpg 1024w, https:\/\/www.leeb-balkone.com\/app\/uploads\/2020\/08\/alu-comfort-plus-300x195.jpg 300w, https:\/\/www.leeb-balkone.com\/app\/uploads\/2020\/08\/alu-comfort-plus-768x499.jpg 768w, https:\/\/www.leeb-balkone.com\/app\/uploads\/2020\/08\/alu-comfort-plus-1536x997.jpg 1536w, https:\/\/www.leeb-balkone.com\/app\/uploads\/2020\/08\/alu-comfort-plus-2048x1330.jpg 2048w\" sizes=\"auto, (max-width: 1024px) 100vw, 1024px\" \/><\/figure>\n\n\n\n<div class=\"wp-block-group m-card-content has-white-background-color has-background is-vertical is-layout-flex wp-container-core-group-is-layout-5580f018 wp-block-group-is-layout-flex\">\n<h3 class=\"wp-block-heading\">Dolgoro\u010dna za\u0161\u010dita z ALU Comfort Plus\u00ae<\/h3>\n\n\n\n<p>Patentiran premaz in obdelava aluminija na najvi\u0161ji ravni.<\/p>\n<\/div>\n<a href=\"#overlay-150753\" class=\"open-modal-link\" aria-label=\"Open modal\"><span class=\"sr-only\">\u00d6ffne Modal<\/span><\/a><\/div>\n<\/div>\n\n\n\n<div class=\"wp-block-group o-grid u-md-1 is-layout-flow wp-block-group-is-layout-flow\" style=\"padding-top:var(--wp--preset--spacing--l)\">\n<div class=\"wp-block-group u-g-9 u-g-s-2 is-layout-flow wp-block-group-is-layout-flow\" style=\"margin-bottom:var(--wp--preset--spacing--s)\">\n<h3 class=\"wp-block-heading\">Prednosti na prvi pogled<\/h3>\n\n\n\n<p>Najsodobnej\u0161a fotovoltai\u010dna tehnologija in preverjena kakovost aluminijastega stekla podjetja Leeb naredita va\u0161o solarno ograjo u\u010dinkovit vir energije, ki odli\u010dno zdru\u017euje varnost, dizajn in trajnostno proizvodnjo energije. Izkoristite trajne materiale, ki ne zahtevajo vzdr\u017eevanja, na\u010drtovanje po meri in mo\u017enost proizvodnje lastne okolju prijazne elektri\u010dne energije neposredno na va\u0161em zemlji\u0161\u010du. <\/p>\n\n\n\n<ul class=\"wp-block-list is-style-checkmark-2\">\n<li><strong>Visokokakovostni in robustni PV-moduli<\/strong>: Moduli so odporni na to\u010do, izdelani iz varnostnega laminiranega stekla in jih je mogo\u010de pri vzdr\u017eevalnih delih celo hoditi.<\/li>\n\n\n\n<li><strong>Odpornost na vremenske vplive<\/strong>: Zaradi patentiranega pra\u0161nega premaza ALU COMFORT PLUS\u00ae je ograja izjemno trpe\u017ena in enostavna za vzdr\u017eevanje.<\/li>\n\n\n\n<li><strong>Modularna zasnova<\/strong>: Vsak element ograje je zasnovan kot samostojen PV modul in ga je mogo\u010de prilagodljivo vklju\u010diti v obstoje\u010de ali nove ograjne sisteme.<\/li>\n\n\n\n<li><strong>Trajnostna proizvodnja elektri\u010dne energije<\/strong>: zmanj\u0161ate stro\u0161ke elektri\u010dne energije, postanete manj odvisni od dobaviteljev energije in aktivno prispevate k varstvu podnebja.<\/li>\n\n\n\n<li><strong>Na\u010drtovanje po meri in celovite storitve<\/strong>: od svetovanja do namestitve &#8211; Leeb ponuja certificirano kakovost in gosto mre\u017eo partnerjev.<\/li>\n<\/ul>\n<\/div>\n<\/div>\n<\/section>\n\n<section class=\"wp-block-cover alignfull is-light katalog-cta\" style=\"margin-top:0;margin-bottom:0;padding-top:0;padding-right:0;padding-bottom:0;padding-left:0;min-height:100px;aspect-ratio:unset;\"><img loading=\"lazy\" decoding=\"async\" width=\"1920\" height=\"599\" class=\"wp-block-cover__image-background wp-image-7912 size-full\" alt=\"leeb balkone katalog anfordern\" src=\"https:\/\/www.leeb-balkone.com\/app\/uploads\/2020\/09\/leeb-balkone-katalog-anfordern-1.jpeg\" data-object-fit=\"cover\" srcset=\"https:\/\/www.leeb-balkone.com\/app\/uploads\/2020\/09\/leeb-balkone-katalog-anfordern-1-300x94.jpeg 300w, https:\/\/www.leeb-balkone.com\/app\/uploads\/2020\/09\/leeb-balkone-katalog-anfordern-1-1024x319.jpeg 1024w, https:\/\/www.leeb-balkone.com\/app\/uploads\/2020\/09\/leeb-balkone-katalog-anfordern-1-768x240.jpeg 768w, https:\/\/www.leeb-balkone.com\/app\/uploads\/2020\/09\/leeb-balkone-katalog-anfordern-1-1536x479.jpeg 1536w\" sizes=\"auto, (max-width: 1920px) 100vw, 1920px\" \/><span aria-hidden=\"true\" class=\"wp-block-cover__background has-primary-45-background-color has-background-dim-80 has-background-dim\"><\/span><div class=\"wp-block-cover__inner-container has-global-padding is-layout-constrained wp-container-core-cover-is-layout-fc5783d2 wp-block-cover-is-layout-constrained\">\n<div class=\"wp-block-group is-layout-flow wp-block-group-is-layout-flow\" style=\"min-height:0px;margin-top:0;margin-bottom:0;padding-top:var(--wp--preset--spacing--2-xl);padding-bottom:var(--wp--preset--spacing--2-xl);padding-left:0\">\n<div class=\"wp-block-columns are-vertically-aligned-center is-layout-flex wp-container-core-columns-is-layout-0a4bbf16 wp-block-columns-is-layout-flex\" style=\"margin-top:0;margin-bottom:0\">\n<div class=\"wp-block-column is-vertically-aligned-center is-layout-flow wp-block-column-is-layout-flow\" style=\"flex-basis:66.66%\">\n<h2 class=\"wp-block-heading\">Son\u010dna ograja v katalogu<\/h2>\n\n\n\n<p class=\"is-style-teaser\"><span class=\"teaser\">Izvedite ve\u010d o na\u0161ih solarnih sistemih, materialih in tehni\u010dnih podrobnostih. V na\u0161i iz\u010drpni bro\u0161uri o izdelkih boste na enem mestu na\u0161li vse potrebne informacije. <\/span><\/p>\n<\/div>\n\n\n\n<div class=\"wp-block-column is-vertically-aligned-center is-layout-flow wp-block-column-is-layout-flow\" style=\"flex-basis:33.33%\">\n<div class=\"wp-block-buttons u-m-jc-left is-content-justification-right is-layout-flex wp-container-core-buttons-is-layout-c060c6c7 wp-block-buttons-is-layout-flex\">\n<div class=\"wp-block-button is-style-filled-white large\"><a class=\"wp-block-button__link wp-element-button\" href=\"https:\/\/www.leeb-balkone.com\/sl\/kontakt\/zahtevajte-katalog\/\" style=\"box-shadow:var(--wp--preset--shadow--button-shadow)\">Naro\u010dite katalog zdaj<\/a><\/div>\n<\/div>\n<\/div>\n<\/div>\n<\/div>\n<\/div><\/section>\n\n<section class=\"wp-block-group alignfull has-white-background-color has-background has-global-padding is-layout-constrained wp-container-core-group-is-layout-52f96efc wp-block-group-is-layout-constrained\">\n<div class=\"wp-block-group o-grid u-md-1 is-layout-flow wp-block-group-is-layout-flow\" style=\"padding-top:0\">\n<div class=\"wp-block-group u-g-9 u-g-s-2 is-layout-flow wp-block-group-is-layout-flow\" style=\"margin-bottom:var(--wp--preset--spacing--s)\">\n<h2 class=\"wp-block-heading\">Zakaj solarne ograje Leeb?<\/h2>\n\n\n\n<p class=\"is-style-teaser\"><span class=\"teaser\">Vsaka povr\u0161ina ograje postane trajnostni vir energije, hkrati pa ohranja eleganten, sodoben dizajn ter zanesljivo zasebnost in za\u0161\u010dito pred vetrom.<\/span><\/p>\n<\/div>\n<\/div>\n\n\n\n<div class=\"wp-block-group is-layout-flow wp-container-core-group-is-layout-d5075d26 wp-block-group-is-layout-flow\">\n<div class=\"wp-block-columns is-style-shadow m-split is-layout-flex wp-container-core-columns-is-layout-28f84493 wp-block-columns-is-layout-flex\">\n<div class=\"wp-block-column is-style-default is-layout-flow wp-block-column-is-layout-flow\">\n<figure class=\"wp-block-image size-large\"><img loading=\"lazy\" decoding=\"async\" width=\"1024\" height=\"658\" src=\"https:\/\/www.leeb-balkone.com\/app\/uploads\/2022\/06\/Zaun-Solar-03-Optimus-1024x658.jpg\" alt=\"Zaun Solar 03 Optimus\" class=\"wp-image-139431\" style=\"aspect-ratio:4\/3;object-fit:cover\" srcset=\"https:\/\/www.leeb-balkone.com\/app\/uploads\/2022\/06\/Zaun-Solar-03-Optimus-1024x658.jpg 1024w, https:\/\/www.leeb-balkone.com\/app\/uploads\/2022\/06\/Zaun-Solar-03-Optimus-300x193.jpg 300w, https:\/\/www.leeb-balkone.com\/app\/uploads\/2022\/06\/Zaun-Solar-03-Optimus-768x494.jpg 768w, https:\/\/www.leeb-balkone.com\/app\/uploads\/2022\/06\/Zaun-Solar-03-Optimus-1536x987.jpg 1536w, https:\/\/www.leeb-balkone.com\/app\/uploads\/2022\/06\/Zaun-Solar-03-Optimus-2048x1317.jpg 2048w\" sizes=\"auto, (max-width: 1024px) 100vw, 1024px\" \/><\/figure>\n<\/div>\n\n\n\n<div class=\"wp-block-column is-vertically-aligned-center is-style-overlay-content is-layout-flow wp-block-column-is-layout-flow\">\n<div class=\"wp-block-group is-vertical is-layout-flex wp-container-core-group-is-layout-6aed0e10 wp-block-group-is-layout-flex\">\n<h3 class=\"wp-block-heading\">Robusten, vzdr\u017eljiv in u\u010dinkovit<\/h3>\n\n\n\n<p>Solarna ograja Leeb je izdelana iz visokokakovostnega aluminija z na\u0161im patentiranim pra\u0161nim premazom. Notranji kabli \u0161\u010ditijo tehnologijo, zasnova pa ostaja jasna in vzdr\u017eljiva. Fotonapetostni moduli so izdelani iz laminiranega varnostnega stekla (LSG), so odporni proti to\u010di in posebej odporni proti vremenskim vplivom. Na splo\u0161no ta izbira materiala zagotavlja, da solarna ograja Leeb ostane funkcionalna in vizualno privla\u010dna tudi po desetletjih &#8211; z minimalnim vzdr\u017eevanjem in \u017eivljenjsko dobo vsaj 25 let.   <\/p>\n\n\n<\/div>\n<\/div>\n<\/div>\n\n\n\n<div class=\"wp-block-columns is-style-shadow m-split m-split-reverse is-layout-flex wp-container-core-columns-is-layout-28f84493 wp-block-columns-is-layout-flex\">\n<div class=\"wp-block-column is-style-default is-layout-flow wp-block-column-is-layout-flow\">\n<figure class=\"wp-block-image size-large\"><img loading=\"lazy\" decoding=\"async\" width=\"1024\" height=\"872\" src=\"https:\/\/www.leeb-balkone.com\/app\/uploads\/2024\/06\/Optimus-mit-Button-1024x872.jpg\" alt=\"Optimus mit Button\" class=\"wp-image-139046\" style=\"aspect-ratio:4\/3;object-fit:cover\" srcset=\"https:\/\/www.leeb-balkone.com\/app\/uploads\/2024\/06\/Optimus-mit-Button-1024x872.jpg 1024w, https:\/\/www.leeb-balkone.com\/app\/uploads\/2024\/06\/Optimus-mit-Button-300x255.jpg 300w, https:\/\/www.leeb-balkone.com\/app\/uploads\/2024\/06\/Optimus-mit-Button-768x654.jpg 768w, https:\/\/www.leeb-balkone.com\/app\/uploads\/2024\/06\/Optimus-mit-Button-1536x1308.jpg 1536w, https:\/\/www.leeb-balkone.com\/app\/uploads\/2024\/06\/Optimus-mit-Button-2048x1744.jpg 2048w\" sizes=\"auto, (max-width: 1024px) 100vw, 1024px\" \/><\/figure>\n<\/div>\n\n\n\n<div class=\"wp-block-column is-vertically-aligned-center is-style-overlay-content is-layout-flow wp-block-column-is-layout-flow\">\n<div class=\"wp-block-group is-vertical is-layout-flex wp-container-core-group-is-layout-6aed0e10 wp-block-group-is-layout-flex\">\n<h3 class=\"wp-block-heading\">Leeb PV modul Optimus<\/h3>\n\n\n\n<p>Ta optimizirani PV-modul je rezultat intenzivnega sodelovanja z na\u0161im dobaviteljem in je bil razvit posebej za na\u0161e zahteve. \u010ce so deli fotonapetostnega modula zasen\u010deni, se zmanj\u0161a mo\u010d celotnega modula ali niza.  Te izgube energije je mogo\u010de izni\u010diti z vgrajenimi optimizatorji v fotonapetostnih modulih.  <\/p>\n\n\n\n<p class=\"has-step-s-font-size\">Fotovoltai\u010dni modul Leeb Optimus je na voljo za na\u0161e solarne balkone in solarne ograje do dolo\u010dene vi\u0161ine. Modul Leeb PV 300 uporabljamo za nadstre\u0161ke, nadstre\u0161ke za avtomobile in vi\u0161je solarne ograje. <\/p>\n\n\n\n<div class=\"wp-block-buttons is-layout-flex wp-block-buttons-is-layout-flex\" style=\"margin-top:var(--wp--preset--spacing--2-xs)\">\n<div class=\"wp-block-button is-style-outline-secondary\"><a class=\"wp-block-button__link has-transparent-background-color has-background wp-element-button\" href=\"#\">Son\u010dni izdelki<\/a><\/div>\n<\/div>\n<\/div>\n<\/div>\n<\/div>\n\n\n<\/div>\n<\/section>\n\n<section class=\"wp-block-group alignfull has-light-gray-background-color has-background has-global-padding is-layout-constrained wp-container-core-group-is-layout-52f96efc wp-block-group-is-layout-constrained\">\n<div class=\"wp-block-group o-grid u-md-1 is-layout-flow wp-block-group-is-layout-flow\" style=\"padding-top:0\">\n<div class=\"wp-block-group u-g-9 u-g-s-2 is-layout-flow wp-block-group-is-layout-flow\" style=\"margin-bottom:var(--wp--preset--spacing--s)\">\n<h2 class=\"wp-block-heading\">Pogosto zastavljena vpra\u0161anja<\/h2>\n\n\n\n<p class=\"is-style-teaser\" style=\"padding-bottom:var(--wp--preset--spacing--m)\">Imate splo\u0161na vpra\u0161anja o na\u0161ih ograjah z vgrajenimi fotovoltai\u010dnimi moduli? V na\u0161ih pogostih vpra\u0161anjih boste na\u0161li kratke odgovore na pogosto zastavljena vpra\u0161anja o solarnih ograjah. <\/p>\n\n\n\n<div class=\"wp-block-t3-acc-accordion is-style-default\"><button id=\"accordion-c1b99ab3-b882-4089-9699-f5050fdf6c7a-button\" class=\"accordion__button\" aria-expanded=\"false\" aria-controls=\"accordion-c1b99ab3-b882-4089-9699-f5050fdf6c7a-panel\"><h3 data-accordion-title=\"true\" style=\"font-size:var(--step-1)\">Zakaj so solarne ograje Leeb tako trpe\u017ene?<\/h3><\/button><div id=\"accordion-c1b99ab3-b882-4089-9699-f5050fdf6c7a-panel\" class=\"accordion__panel\" role=\"region\" aria-labelledby=\"accordion-c1b99ab3-b882-4089-9699-f5050fdf6c7a-button\">\n<p>Izbira materiala je odlo\u010dilen dejavnik za dolgo \u017eivljenjsko dobo solarne ograje. Na splo\u0161no velja, da bolj kot so uporabljeni materiali kakovostni in odporni proti vremenskim vplivom, bolj robusten in vzdr\u017eljiv bo celoten ograjni sistem. Moduli steklo-steklo za son\u010dne kolektorje so se izkazali za \u0161e posebej u\u010dinkovite, saj so za razliko od razli\u010dic s stekleno folijo obojestransko za\u0161\u010diteni pred vplivi okolja in tako dosegajo bistveno dalj\u0161o \u017eivljenjsko dobo. Za nosilne elemente, kot so stebri in okvirji, se obi\u010dajno uporablja vro\u010de pocinkano, pra\u0161no lakirano ali nerjavno jeklo, ki zagotavlja za\u0161\u010dito pred korozijo in stabilnost tudi po ve\u010d letih uporabe.   <\/p>\n\n\n\n<p>Son\u010dna ograja Leeb je izdelana iz visokokakovostnega aluminija s patentiranim pra\u0161nim premazom ALU COMFORT PLUS\u00ae. Aluminij je naravno odporen proti koroziji, lahek in hkrati stabilen &#8211; lastnosti, ki so bistvene na zunanjih povr\u0161inah. Poseben pra\u0161ni premaz zagotavlja dodatno za\u0161\u010dito pred UV-sevanjem, vlago in temperaturnimi nihanji, kar pomeni, da material ne zbledi, ne rjavi in se ne deformira. Popolnoma vgrajeni dvofazni fotovoltai\u010dni moduli iz stekla in stekla so odporni na to\u010do in vremenske vplive ter jih je mogo\u010de pri vzdr\u017eevalnih delih hoditi. Notranji kabli \u0161\u010ditijo tehnologijo, zasnova pa ostaja jasna in trajna. Na splo\u0161no ta izbira materiala zagotavlja, da solarna ograja Leeb tudi po desetletjih ostane funkcionalna in vizualno privla\u010dna &#8211; z minimalnim vzdr\u017eevanjem in \u017eivljenjsko dobo vsaj 25 let.     <\/p>\n<\/div><\/div>\n\n\n\n<div class=\"wp-block-t3-acc-accordion is-style-default\"><button id=\"accordion-795bd675-1dc3-4c44-940e-27d1fb5a5147-button\" class=\"accordion__button\" aria-expanded=\"false\" aria-controls=\"accordion-795bd675-1dc3-4c44-940e-27d1fb5a5147-panel\"><h3 data-accordion-title=\"true\" style=\"font-size:var(--step-1)\">Kak\u0161ne prednosti za energetsko bilanco prina\u0161a vklju\u010ditev son\u010dne ograje?<\/h3><\/button><div id=\"accordion-795bd675-1dc3-4c44-940e-27d1fb5a5147-panel\" class=\"accordion__panel\" role=\"region\" aria-labelledby=\"accordion-795bd675-1dc3-4c44-940e-27d1fb5a5147-button\">\n<p>Vgradnja solarne ograje ponuja ve\u010d odlo\u010dilnih prednosti za energetsko bilanco gospodinjstva ali podjetja. Na splo\u0161no solarna ograja omogo\u010da, da se obmo\u010dja, ki bi sicer slu\u017eila le kot lastni\u0161ka meja, uporabijo za aktivno proizvodnjo elektri\u010dne energije. To je velika prednost, zlasti na gosto pozidanih obmo\u010djih ali tam, kjer so stre\u0161ne povr\u0161ine neprimerne, saj se tako odpre dodaten prostor za fotovoltaiko, ne da bi bilo treba zapirati dodatne povr\u0161ine. Son\u010dna ograja z dvofaznimi moduli lahko absorbira son\u010dno svetlobo z obeh strani in tako zagotavlja stabilen donos elektri\u010dne energije, zlasti v jutranjih in ve\u010dernih urah, pa tudi pozimi, ko je sonca malo. Posledi\u010dno je proizvodnja samooskrbne elektri\u010dne energije enakomerneje razporejena \u010dez dan in lahko pove\u010da dele\u017e lastne porabe, kar pozitivno vpliva na energetsko bilanco.    <\/p>\n\n\n\n<p>Pri solarni ograji Leeb lahko izkoristite kombinacijo inovativne solarne tehnologije in visokokakovostne arhitekture ograje. Popolnoma integrirani dvofazni fotovoltai\u010dni moduli so robustni, odporni na vremenske vplive in zagotavljajo do 300 vatov mo\u010di na element. Zaradi navpi\u010dne postavitve na obeh straneh se elektri\u010dna energija zanesljivo proizvaja tudi pri razpr\u0161eni svetlobi in ob nizkem soncu &#8211; prednost, ki je tradicionalni stre\u0161ni sistemi ne ponujajo. Z dosledno proizvodnjo elektri\u010dne energije \u010dez dan lahko ubla\u017eite najve\u010dje obremenitve v gospodinjstvu in optimizirate uporabo samoproizvodnje elektri\u010dne energije. S tem se ne zmanj\u0161ajo le stro\u0161ki elektri\u010dne energije, temve\u010d se pove\u010da tudi neodvisnost od javnega omre\u017eja. Poleg tega solarna ograja nadome\u0161\u010da tradicionalne ograjne plo\u0161\u010de in zagotavlja zasebnost ter za\u0161\u010dito pred vetrom in hrupom, ne da bi zavzela dodaten prostor. Trajna konstrukcija s patentiranim pra\u0161nim premazom zagotavlja trajno visok donos energije ob minimalnem vzdr\u017eevanju.      <\/p>\n<\/div><\/div>\n\n\n\n<div class=\"wp-block-t3-acc-accordion is-style-default\"><button id=\"accordion-e673f707-a20c-4c6d-9100-e05f68d92256-button\" class=\"accordion__button\" aria-expanded=\"false\" aria-controls=\"accordion-e673f707-a20c-4c6d-9100-e05f68d92256-panel\"><h3 data-accordion-title=\"true\" style=\"font-size:var(--step-1)\"><strong><strong><strong><strong>Kako solarna ograja Leeb prispeva k trajnostni zasnovi stavb<\/strong><\/strong><\/strong><\/strong>?<\/h3><\/button><div id=\"accordion-e673f707-a20c-4c6d-9100-e05f68d92256-panel\" class=\"accordion__panel\" role=\"region\" aria-labelledby=\"accordion-e673f707-a20c-4c6d-9100-e05f68d92256-button\">\n<p>Son\u010dna ograja Leeb je ve\u010d kot le sodobna lastni\u0161ka meja &#8211; je aktivni element trajnostne arhitekture in na ve\u010d ravneh prispeva k ekolo\u0161ki in ekonomski optimizaciji stavb.<\/p>\n\n\n\n<p><strong>Ve\u010dja vrednost in za\u0161\u010dita podnebja<\/strong>: s solarno ograjo Leeb se stavba energetsko izbolj\u0161a, kar pozitivno vpliva na vrednost nepremi\u010dnine. Hkrati lastna proizvodnja elektri\u010dne energije v stavbi aktivno prispeva k var\u010devanju s CO\u2082 in prispeva k energetskemu prehodu. <\/p>\n\n\n\n<p><strong>Dvojna uporaba prostora za energijo in za\u0161\u010dito<\/strong>: z vklju\u010ditvijo fotonapetostnih modulov v konstrukcijo ograje se uporabi prostor, ki bi bil sicer namenjen izklju\u010dno za\u0161\u010diti lastnine. Tako se ustvari dodaten prostor za proizvodnjo energije, ne da bi bilo treba ograditi dodatna obmo\u010dja. To je velika prednost za trajnostno na\u010drtovanje, zlasti pri stavbah z malo stre\u0161nega prostora ali neugodno usmerjenostjo strehe.  <\/p>\n\n\n\n<p><strong>Pove\u010danje dele\u017ea lastne porabe elektri\u010dne energije<\/strong>: Son\u010dna ograja proizvaja elektri\u010dno energijo iz obnovljivih virov neposredno na stavbi, kar pove\u010duje dele\u017e lastne porabe in zmanj\u0161uje odvisnost od javnega elektri\u010dnega omre\u017eja. Predvsem dvofazni moduli, kakr\u0161ni so uporabljeni v podjetju Leeb, zanesljivo dobavljajo energijo tudi pri razpr\u0161eni svetlobi in ob nizki son\u010dni svetlobi &#8211; to zagotavlja bolj enakomerno proizvodnjo elektri\u010dne energije \u010dez dan in vse leto. <\/p>\n\n\n\n<p><strong>Gradnja, ki var\u010duje z viri, in trajnost<\/strong>: uporabljeni materiali &#8211; robusten, pra\u0161no lakiran aluminij in PV-moduli iz steklenega stekla &#8211; so posebej trpe\u017eni, odporni proti koroziji in nezahtevni za vzdr\u017eevanje. To podalj\u0161uje \u017eivljenjsko dobo ograje in zmanj\u0161uje sredstva, potrebna za popravilo ali zamenjavo. Patentiran pra\u0161ni premaz ALU COMFORT PLUS\u00ae zagotavlja trajno za\u0161\u010dito pred vremenskimi vplivi.  <\/p>\n\n\n\n<p><strong>Estetska in funkcionalna integracija<\/strong>: Zaradi jasne, sodobne zasnove in notranjega o\u017ei\u010denja se solarna ograja harmoni\u010dno vklju\u010di v vsak arhitekturni koncept. Zagotavlja zasebnost, za\u0161\u010dito pred vetrom in varnost, ne da bi okrnila videz stavbe. Zato podpira trajnostno zasnovo ne le tehni\u010dno, temve\u010d tudi oblikovno.  <\/p>\n<\/div><\/div>\n\n\n\n<div class=\"wp-block-t3-acc-accordion is-style-default\"><button id=\"accordion-e9f2aa9b-3e7e-4f73-a30b-acc7223d5826-button\" class=\"accordion__button\" aria-expanded=\"false\" aria-controls=\"accordion-e9f2aa9b-3e7e-4f73-a30b-acc7223d5826-panel\"><h3 data-accordion-title=\"true\" style=\"font-size:var(--step-1)\"><strong><strong><strong><strong><strong><strong>V kolik\u0161ni meri modularna zasnova solarne ograje prispeva k var\u010devanju z viri<\/strong><\/strong><\/strong><\/strong><\/strong><\/strong>?<\/h3><\/button><div id=\"accordion-e9f2aa9b-3e7e-4f73-a30b-acc7223d5826-panel\" class=\"accordion__panel\" role=\"region\" aria-labelledby=\"accordion-e9f2aa9b-3e7e-4f73-a30b-acc7223d5826-button\">\n<p>Modularna zasnova solarne ograje pomembno prispeva k ohranjanju virov, saj omogo\u010da prilagodljivo, trajnostno uporabo materialov in povr\u0161in glede na potrebe. Na splo\u0161no modularna solarna ograja omogo\u010da dodajanje ali zamenjavo posameznih elementov ograje glede na potrebe po energiji, velikost parcele ali strukturne pogoje, ne da bi bilo treba obnoviti celoten sistem. To pomeni, da se vgradi le toliko modulov, kolikor jih dejansko potrebujemo, kar zmanj\u0161a porabo materiala in investicijske stro\u0161ke. Dodatne module je mogo\u010de enostavno vklju\u010diti tudi v primeru poznej\u0161e \u0161iritve ali prilagoditve &#8211; na primer \u010de se pove\u010dajo energetske zahteve -, ne da bi bilo treba zamenjati obstoje\u010de strukture. To podalj\u0161a \u017eivljenjsko dobo celotnega sistema in prepre\u010duje izgubo virov.    <\/p>\n\n\n\n<p>Ta modularna filozofija je \u0161e posebej o\u010ditna pri solarni ograji Leeb: vsak element ograje je zasnovan kot samostojen fotovoltai\u010dni modul in ga je mogo\u010de prilagodljivo vklju\u010diti v obstoje\u010de ali nove ograjne sisteme. Trpe\u017eni, na vremenske vplive odporni materiali, kot so pra\u0161no lakiran aluminij in dvoplastni moduli iz steklenega stekla, zagotavljajo, da je mogo\u010de posamezne elemente po potrebi zamenjati ali raz\u0161iriti, ne da bi bilo treba zamenjati celotno ograjo. S tem se ne var\u010dujejo le surovine, temve\u010d se zmanj\u0161ajo tudi energija in materiali, potrebni za vzdr\u017eevanje, popravilo ali posodobitev. Poleg tega se pri proizvodnji solarnih ograj Leeb uporabljajo trajnostni materiali in materiali, ki jih je mogo\u010de reciklirati, kar spodbuja kro\u017eno gospodarstvo in dodatno zmanj\u0161uje ekolo\u0161ki odtis.   <\/p>\n<\/div><\/div>\n\n\n\n<div class=\"wp-block-t3-acc-accordion is-style-default\"><button id=\"accordion-f1e16523-7761-450a-87a5-86223f9f28db-button\" class=\"accordion__button\" aria-expanded=\"false\" aria-controls=\"accordion-f1e16523-7761-450a-87a5-86223f9f28db-panel\"><h3 data-accordion-title=\"true\" style=\"font-size:var(--step-1)\">V kak\u0161nih \u010dasovnih intervalih je predvideno vzdr\u017eevanje solarne ograje Leeb?<\/h3><\/button><div id=\"accordion-f1e16523-7761-450a-87a5-86223f9f28db-panel\" class=\"accordion__panel\" role=\"region\" aria-labelledby=\"accordion-f1e16523-7761-450a-87a5-86223f9f28db-button\">\n<p>Intervali vzdr\u017eevanja in priporo\u010dila, ki veljajo za druge fotovoltai\u010dne sisteme, veljajo tudi za <strong>son\u010dno ograjo Leeb<\/strong>. Fotonapetostni sistemi so na splo\u0161no zelo nezahtevni za vzdr\u017eevanje, vendar so redni pregledi pomembni za zagotavljanje stalno visoke u\u010dinkovitosti in skladnosti z garancijskimi pogoji. <\/p>\n\n\n\n<ul class=\"wp-block-list\">\n<li>Fotovoltai\u010dni moduli son\u010dne ograje Leeb so posebej robustni, odporni proti to\u010di in jih je mogo\u010de pri vzdr\u017eevalnih delih celo pohoditi<a href=\"https:\/\/www.leeb-balkone.com\/de\/?post_type=product&amp;p=88851\" target=\"_blank\" rel=\"noreferrer noopener\"><\/a>. To olaj\u0161a pregledovanje in \u010di\u0161\u010denje. <\/li>\n\n\n\n<li>Notranji kabli so optimalno za\u0161\u010diteni, kar \u0161e dodatno zmanj\u0161a obseg vzdr\u017eevalnih del.<a href=\"https:\/\/www.leeb-balkone.com\/de\/?post_type=product&amp;p=88851\" target=\"_blank\" rel=\"noreferrer noopener\"><\/a>.<\/li>\n\n\n\n<li>Leeb priporo\u010da, da vzdr\u017eevanje in preglede opravijo certificirani partnerji kot del celovite storitve, da bi zagotovili visoko kakovost in jam\u010dili za reklamacije<a href=\"https:\/\/www.leeb-balkone.com\/de\/?post_type=product&amp;p=88851\" target=\"_blank\" rel=\"noreferrer noopener\"><\/a>.<\/li>\n\n\n\n<li>Zaradi visokokakovostnega pra\u0161nega premaza ALU COMFORT PLUS\u00ae in stabilne stekleno-steklene konstrukcije so moduli in konstrukcija posebej trpe\u017eni in zahtevajo le minimalno vzdr\u017eevanje.<\/li>\n<\/ul>\n\n\n\n<p>Zaklju\u010dek: Son\u010dno ograjo Leeb je treba vizualno pregledati vsaj enkrat na leto, specializirano podjetje pa jo mora celovito vzdr\u017eevati vsaki dve do \u0161tiri leta. Robustna zasnova in visokokakovostni materiali zagotavljajo, da so stro\u0161ki vzdr\u017eevanja v primerjavi s \u0161tevilnimi drugimi fotovoltai\u010dnimi sistemi \u0161e posebej nizki. <\/p>\n<\/div><\/div>\n\n\n\n<div class=\"wp-block-t3-acc-accordion is-style-default\"><button id=\"accordion-ad620122-ff59-4952-88be-22beadb40097-button\" class=\"accordion__button\" aria-expanded=\"false\" aria-controls=\"accordion-ad620122-ff59-4952-88be-22beadb40097-panel\"><h3 data-accordion-title=\"true\" style=\"font-size:var(--step-1)\"><strong><strong><strong><strong><strong>Ali obstaja jamstvo?<\/strong><\/strong><\/strong><\/strong><\/strong><\/h3><\/button><div id=\"accordion-ad620122-ff59-4952-88be-22beadb40097-panel\" class=\"accordion__panel\" role=\"region\" aria-labelledby=\"accordion-ad620122-ff59-4952-88be-22beadb40097-button\">\n<p>Podjetje Leeb zagotavlja do 25 let garancije za fotovoltai\u010dne module in aluminijasto konstrukcijo. To poudarja visoko kakovost in zanesljivost uporabljenih sestavnih delov ter zagotavlja dolgoro\u010dno varnost va\u0161e nalo\u017ebe. <\/p>\n\n\n\n<p>Za dodatna vpra\u0161anja in osebno svetovanje vam je dru\u017eba Leeb na voljo s svojo mre\u017eo partnerjev po vsej Evropi.<\/p>\n<\/div><\/div>\n<\/div>\n<\/div>\n<\/section>\n\n<section class=\"wp-block-group alignfull has-white-background-color has-background has-global-padding is-layout-constrained wp-container-core-group-is-layout-52f96efc wp-block-group-is-layout-constrained\">\n<div class=\"wp-block-group o-grid u-md-1 is-layout-flow wp-block-group-is-layout-flow\" style=\"padding-top:0\">\n<div class=\"wp-block-group u-g-9 u-g-s-2 is-layout-flow wp-block-group-is-layout-flow\">\n<h2 class=\"wp-block-heading\">Vtisi o solarni ograji<\/h2>\n\n\n\n<p><span class=\"teaser\"><span class=\"teaser\">Naj vas navdihnejo mo\u017enosti oblikovanja na\u0161ih nadstre\u0161kov za avtomobile.<\/span><\/span><\/p>\n<\/div>\n<\/div>\n\n\n    <div id=\"t3-lg-block-1\" class=\"wp-block-t3-lightgallery\" data-initial-count=\"9\">\n      <div class=\"lg-container u-grid-temp has-3-cols\">\n                  <div class=\"lg-item\" data-src=\"https:\/\/www.leeb-balkone.com\/app\/uploads\/2022\/06\/Zaun-Solar-01-scaled.jpg\"\n              data-sub-html=\"&lt;p&gt;Proti to\u010di odporni PV moduli, vgrajeni med dvema VSG stekloma&lt;\/p&gt;\">\n            <div class=\"img-wrapper\">\n                <figure>\n                    <img loading=\"lazy\" decoding=\"async\" width=\"300\" height=\"224\" src=\"https:\/\/www.leeb-balkone.com\/app\/uploads\/2022\/06\/Zaun-Solar-01-300x224.jpg\" class=\"attachment-medium size-medium\" alt=\"Solar Zaun mit PV-Modulen - Zaun Solaranlage mit Leeb\" srcset=\"https:\/\/www.leeb-balkone.com\/app\/uploads\/2022\/06\/Zaun-Solar-01-300x224.jpg 300w, https:\/\/www.leeb-balkone.com\/app\/uploads\/2022\/06\/Zaun-Solar-01-1024x765.jpg 1024w, https:\/\/www.leeb-balkone.com\/app\/uploads\/2022\/06\/Zaun-Solar-01-768x574.jpg 768w, https:\/\/www.leeb-balkone.com\/app\/uploads\/2022\/06\/Zaun-Solar-01-1536x1147.jpg 1536w, https:\/\/www.leeb-balkone.com\/app\/uploads\/2022\/06\/Zaun-Solar-01-2048x1529.jpg 2048w\" sizes=\"auto, (min-width: 1200px) 260px, (min-width: 1024px) 220px, (min-width: 640px) 465px, 768px\" \/>    \n                <\/figure>\n                        <\/div>\n            <p>Proti to\u010di odporni PV moduli, vgrajeni med dvema VSG stekloma<\/p>        <\/div>\n                  <div class=\"lg-item\" data-src=\"https:\/\/www.leeb-balkone.com\/app\/uploads\/2022\/06\/Zaun-Solar-06-Optimus-scaled.jpg\"\n              data-sub-html=\"&lt;p&gt;Solarzaun mit optimierten Solarpaneelen&lt;\/p&gt;\">\n            <div class=\"img-wrapper\">\n                <figure>\n                    <img loading=\"lazy\" decoding=\"async\" width=\"300\" height=\"191\" src=\"https:\/\/www.leeb-balkone.com\/app\/uploads\/2022\/06\/Zaun-Solar-06-Optimus-300x191.jpg\" class=\"attachment-medium size-medium\" alt=\"Zaun Solar 06 Optimus\" srcset=\"https:\/\/www.leeb-balkone.com\/app\/uploads\/2022\/06\/Zaun-Solar-06-Optimus-300x191.jpg 300w, https:\/\/www.leeb-balkone.com\/app\/uploads\/2022\/06\/Zaun-Solar-06-Optimus-1024x651.jpg 1024w, https:\/\/www.leeb-balkone.com\/app\/uploads\/2022\/06\/Zaun-Solar-06-Optimus-768x488.jpg 768w, https:\/\/www.leeb-balkone.com\/app\/uploads\/2022\/06\/Zaun-Solar-06-Optimus-1536x976.jpg 1536w, https:\/\/www.leeb-balkone.com\/app\/uploads\/2022\/06\/Zaun-Solar-06-Optimus-2048x1301.jpg 2048w\" sizes=\"auto, (min-width: 1200px) 260px, (min-width: 1024px) 220px, (min-width: 640px) 465px, 768px\" \/>    \n                <\/figure>\n                        <\/div>\n            <p>Solarzaun mit optimierten Solarpaneelen<\/p>        <\/div>\n                  <div class=\"lg-item\" data-src=\"https:\/\/www.leeb-balkone.com\/app\/uploads\/2022\/06\/Zaun-Solar-03-Optimus-scaled.jpg\"\n              data-sub-html=\"&lt;p&gt;Solarzaun Optimus&lt;\/p&gt;\">\n            <div class=\"img-wrapper\">\n                <figure>\n                    <img loading=\"lazy\" decoding=\"async\" width=\"300\" height=\"193\" src=\"https:\/\/www.leeb-balkone.com\/app\/uploads\/2022\/06\/Zaun-Solar-03-Optimus-300x193.jpg\" class=\"attachment-medium size-medium\" alt=\"Zaun Solar 03 Optimus\" srcset=\"https:\/\/www.leeb-balkone.com\/app\/uploads\/2022\/06\/Zaun-Solar-03-Optimus-300x193.jpg 300w, https:\/\/www.leeb-balkone.com\/app\/uploads\/2022\/06\/Zaun-Solar-03-Optimus-1024x658.jpg 1024w, https:\/\/www.leeb-balkone.com\/app\/uploads\/2022\/06\/Zaun-Solar-03-Optimus-768x494.jpg 768w, https:\/\/www.leeb-balkone.com\/app\/uploads\/2022\/06\/Zaun-Solar-03-Optimus-1536x987.jpg 1536w, https:\/\/www.leeb-balkone.com\/app\/uploads\/2022\/06\/Zaun-Solar-03-Optimus-2048x1317.jpg 2048w\" sizes=\"auto, (min-width: 1200px) 260px, (min-width: 1024px) 220px, (min-width: 640px) 465px, 768px\" \/>    \n                <\/figure>\n                        <\/div>\n            <p>Solarzaun Optimus<\/p>        <\/div>\n                  <div class=\"lg-item\" data-src=\"https:\/\/www.leeb-balkone.com\/app\/uploads\/2022\/06\/Zaun-Solar-02-scaled.jpg\"\n              data-sub-html=\"&lt;p&gt;Estetska ograja Son\u010dna elektrarna&lt;\/p&gt;\">\n            <div class=\"img-wrapper\">\n                <figure>\n                    <img loading=\"lazy\" decoding=\"async\" width=\"300\" height=\"224\" src=\"https:\/\/www.leeb-balkone.com\/app\/uploads\/2022\/06\/Zaun-Solar-02-300x224.jpg\" class=\"attachment-medium size-medium\" alt=\"Zaun Solar\" srcset=\"https:\/\/www.leeb-balkone.com\/app\/uploads\/2022\/06\/Zaun-Solar-02-300x224.jpg 300w, https:\/\/www.leeb-balkone.com\/app\/uploads\/2022\/06\/Zaun-Solar-02-1024x765.jpg 1024w, https:\/\/www.leeb-balkone.com\/app\/uploads\/2022\/06\/Zaun-Solar-02-768x574.jpg 768w, https:\/\/www.leeb-balkone.com\/app\/uploads\/2022\/06\/Zaun-Solar-02-1536x1147.jpg 1536w, https:\/\/www.leeb-balkone.com\/app\/uploads\/2022\/06\/Zaun-Solar-02-2048x1529.jpg 2048w\" sizes=\"auto, (min-width: 1200px) 260px, (min-width: 1024px) 220px, (min-width: 640px) 465px, 768px\" \/>    \n                <\/figure>\n                        <\/div>\n            <p>Estetska ograja Son\u010dna elektrarna<\/p>        <\/div>\n                <\/div>\n\n          <\/div>\n    <\/section>\n\n<section class=\"wp-block-group alignfull has-white-background-color has-background has-global-padding is-layout-constrained wp-container-core-group-is-layout-9fa1424c wp-block-group-is-layout-constrained\" style=\"padding-top:0\">\n<div class=\"wp-block-columns is-style-offset m-split is-layout-flex wp-container-core-columns-is-layout-28f84493 wp-block-columns-is-layout-flex\">\n<div class=\"wp-block-column is-layout-flow wp-block-column-is-layout-flow\"><div class=\"vp-map-wrapper vp-map-ratio-19-1\"><img decoding=\"async\" width=\"1440\" height=\"884\" src=\"https:\/\/www.leeb-balkone.com\/app\/uploads\/2026\/04\/map-sl.jpg\" class=\"attachment-full size-full\" alt=\"map-sl\" style=\"width:100%;height:100%;object-fit:cover;display:block;\" loading=\"lazy\" srcset=\"https:\/\/www.leeb-balkone.com\/app\/uploads\/2026\/04\/map-sl.jpg 1440w, https:\/\/www.leeb-balkone.com\/app\/uploads\/2026\/04\/map-sl-300x184.jpg 300w, https:\/\/www.leeb-balkone.com\/app\/uploads\/2026\/04\/map-sl-1024x629.jpg 1024w, https:\/\/www.leeb-balkone.com\/app\/uploads\/2026\/04\/map-sl-768x471.jpg 768w\" sizes=\"auto, (min-width: 1536px) 2048px, (min-width: 992px) 1536px, (min-width: 768px) 1024px, (min-width: 576px) 768px, 100vw\" \/><\/div>\n<\/div>\n\n\n\n<div class=\"wp-block-column is-vertically-aligned-center is-style-overlay-content is-layout-flow wp-block-column-is-layout-flow\">\n<div class=\"wp-block-group is-vertical is-layout-flex wp-container-core-group-is-layout-bd7877ba wp-block-group-is-layout-flex\">\n<h2 class=\"wp-block-heading has-step-2-font-size\">Distributore Slovenia<\/h2>\n\n\n\n<p>Pristojni partnerji LEEB v va\u0161i regiji. Individualno svetovanje, natan\u010dno na\u010drtovanje in strokovna namestitev &#8211; Slovenija. <\/p>\n\n\n\n<div class=\"wp-block-buttons is-layout-flex wp-block-buttons-is-layout-flex\" style=\"margin-top:var(--wp--preset--spacing--2-xs)\">\n<div class=\"wp-block-button is-style-cta\"><a class=\"wp-block-button__link has-transparent-background-color has-background wp-element-button\" href=\"https:\/\/www.leeb-balkone.com\/sl\/distribucijski-partnerji\/\">Poi\u0161\u010dite prodajnega partnerja<span class=\"sr-only\"> Distribucijski partner Leeb Balkone Slovenija<\/span><\/a><\/div>\n<\/div>\n<\/div>\n<\/div>\n<\/div>\n<\/section>\n\n<section class=\"wp-block-group alignfull has-light-gray-background-color has-background has-global-padding is-layout-constrained wp-container-core-group-is-layout-52f96efc wp-block-group-is-layout-constrained\" id=\"beratungstermin\">\n<div class=\"wp-block-group m-teaser o-grid u-md-1 is-layout-flow wp-block-group-is-layout-flow\">\n<div class=\"wp-block-group u-g-7 u-g-s-2 is-layout-flow wp-block-group-is-layout-flow\" style=\"margin-bottom:var(--wp--preset--spacing--s)\">\n<h2 class=\"wp-block-heading\">Stopite v stik z nami<\/h2>\n\n\n\n<p><strong><strong>Leebov partner je vedno v va\u0161i bli\u017eini z 80 partnerji v Avstriji, Nem\u010diji, Italiji, Franciji, \u0160vici in Sloveniji.<\/strong><\/strong><\/p>\n<\/div>\n<\/div>\n\n\n\n<div class=\"wp-block-group m-teaser o-grid u-md-1 is-layout-flow wp-block-group-is-layout-flow\">\n<div class=\"wp-block-group u-g-7 u-g-s-2 is-layout-flow wp-block-group-is-layout-flow\" style=\"margin-bottom:var(--wp--preset--spacing--s)\"><form action=\"https:\/\/www.leeb-balkone.com\/sl\/wp-json\/ws-form\/v1\/submit\" class=\"wsf-form wsf-form-canvas\" id=\"ws-form-1\" data-id=\"11\" data-instance-id=\"1\" method=\"POST\"><\/form>\n<\/div>\n\n\n\n<div class=\"wp-block-group u-g-3 u-g-s-9 is-layout-flow wp-block-group-is-layout-flow\"><div class=\"t3-sidebar-buttons wp-block-buttons is-layout-flex wp-block-buttons-is-layout-flex\"><div class=\"wp-block-button is-style-fill icon-book icon-left\">\n                        <a class=\"wp-block-button__link has-secondary-color has-white-background-color has-text-color has-background has-link-color wp-element-button\" href=\"https:\/\/www.leeb-balkone.com\/sl\/kontakt\/zahtevajte-katalog\/\" style=\"box-shadow:var(--wp--preset--shadow--box-shadow)\">Zahtevajte katalog<\/a>\n                    <\/div><\/div>\n<\/div>\n<\/div>\n<\/section>\n","protected":false},"excerpt":{"rendered":"","protected":false},"author":4,"featured_media":0,"parent":155406,"menu_order":0,"comment_status":"closed","ping_status":"closed","template":"template-onepager.blade.php","meta":{"_acf_changed":false,"footnotes":"","_sage_theme_css":true,"_wp_block_core_css":true},"folder":[238,250,246],"class_list":["post-163760","page","type-page","status-publish","hentry"],"acf":[],"yoast_head":"<!-- This site is optimized with the Yoast SEO plugin v27.2 - https:\/\/yoast.com\/product\/yoast-seo-wordpress\/ -->\n<title>Son\u010dna ograja &quot; Aluminijasta ograja s PV moduli -% Leeb Balkone% Slovenija<\/title>\n<meta name=\"description\" content=\"Svojo ograjo spremenite v elektrarno: solarna ograja Leeb zdru\u017euje sodobno za\u0161\u010dito zasebnosti z u\u010dinkovito fotovoltaiko. Nezavezujo\u010de svetovanje! Na\u010drtujte zdaj!\" \/>\n<meta name=\"robots\" content=\"index, follow, max-snippet:-1, max-image-preview:large, max-video-preview:-1\" \/>\n<meta property=\"og:locale\" content=\"sl_SI\" \/>\n<meta property=\"og:type\" content=\"article\" \/>\n<meta property=\"og:title\" content=\"Son\u010dna ograja &quot; Aluminijasta ograja s PV moduli -% Leeb Balkone%\" \/>\n<meta property=\"og:description\" content=\"Svojo ograjo spremenite v elektrarno: solarna ograja Leeb zdru\u017euje sodobno za\u0161\u010dito zasebnosti z u\u010dinkovito fotovoltaiko. Nezavezujo\u010de svetovanje! Na\u010drtujte zdaj!\" \/>\n<meta property=\"og:url\" content=\"https:\/\/www.leeb-balkone.com\/sl\/solar\/solarna-ograja\/\" \/>\n<meta property=\"og:site_name\" content=\"Leeb Balkone\" \/>\n<meta property=\"article:publisher\" content=\"https:\/\/www.facebook.com\/balkone\/\" \/>\n<meta property=\"article:modified_time\" content=\"2026-01-28T19:03:13+00:00\" \/>\n<meta property=\"og:image\" content=\"https:\/\/www.leeb-balkone.com\/app\/uploads\/2022\/06\/Zaun-Solar-06-Optimus-1024x651.jpg\" \/>\n<meta name=\"twitter:card\" content=\"summary_large_image\" \/>\n<script type=\"application\/ld+json\" class=\"yoast-schema-graph\">{\"@context\":\"https:\/\/schema.org\",\"@graph\":[{\"@type\":\"WebPage\",\"@id\":\"https:\/\/www.leeb-balkone.com\/sl\/solar\/solarna-ograja\/\",\"url\":\"https:\/\/www.leeb-balkone.com\/sl\/solar\/solarna-ograja\/\",\"name\":\"Son\u010dna ograja \\\" Aluminijasta ograja s PV moduli -% Leeb Balkone%\",\"isPartOf\":{\"@id\":\"https:\/\/www.leeb-balkone.com\/sl\/#website\"},\"primaryImageOfPage\":{\"@id\":\"https:\/\/www.leeb-balkone.com\/sl\/solar\/solarna-ograja\/#primaryimage\"},\"image\":{\"@id\":\"https:\/\/www.leeb-balkone.com\/sl\/solar\/solarna-ograja\/#primaryimage\"},\"thumbnailUrl\":\"https:\/\/www.leeb-balkone.com\/app\/uploads\/2022\/06\/Zaun-Solar-06-Optimus-1024x651.jpg\",\"datePublished\":\"2026-01-28T18:58:33+00:00\",\"dateModified\":\"2026-01-28T19:03:13+00:00\",\"description\":\"Svojo ograjo spremenite v elektrarno: solarna ograja Leeb zdru\u017euje sodobno za\u0161\u010dito zasebnosti z u\u010dinkovito fotovoltaiko. Nezavezujo\u010de svetovanje! Na\u010drtujte zdaj!\",\"breadcrumb\":{\"@id\":\"https:\/\/www.leeb-balkone.com\/sl\/solar\/solarna-ograja\/#breadcrumb\"},\"inLanguage\":\"sl-SI\",\"potentialAction\":[{\"@type\":\"ReadAction\",\"target\":[\"https:\/\/www.leeb-balkone.com\/sl\/solar\/solarna-ograja\/\"]}]},{\"@type\":\"ImageObject\",\"inLanguage\":\"sl-SI\",\"@id\":\"https:\/\/www.leeb-balkone.com\/sl\/solar\/solarna-ograja\/#primaryimage\",\"url\":\"https:\/\/www.leeb-balkone.com\/app\/uploads\/2022\/06\/Zaun-Solar-06-Optimus-1024x651.jpg\",\"contentUrl\":\"https:\/\/www.leeb-balkone.com\/app\/uploads\/2022\/06\/Zaun-Solar-06-Optimus-1024x651.jpg\"},{\"@type\":\"BreadcrumbList\",\"@id\":\"https:\/\/www.leeb-balkone.com\/sl\/solar\/solarna-ograja\/#breadcrumb\",\"itemListElement\":[{\"@type\":\"ListItem\",\"position\":1,\"name\":\"Home\",\"item\":\"https:\/\/www.leeb-balkone.com\/sl\/\"},{\"@type\":\"ListItem\",\"position\":2,\"name\":\"Son\u010dni izdelki\",\"item\":\"https:\/\/www.leeb-balkone.com\/sl\/solar\/\"},{\"@type\":\"ListItem\",\"position\":3,\"name\":\"Solarna ograja\"}]},{\"@type\":\"WebSite\",\"@id\":\"https:\/\/www.leeb-balkone.com\/sl\/#website\",\"url\":\"https:\/\/www.leeb-balkone.com\/sl\/\",\"name\":\"Leeb Balkone\",\"description\":\"Balkone und Z\u00e4une\",\"publisher\":{\"@id\":\"https:\/\/www.leeb-balkone.com\/sl\/#organization\"},\"potentialAction\":[{\"@type\":\"SearchAction\",\"target\":{\"@type\":\"EntryPoint\",\"urlTemplate\":\"https:\/\/www.leeb-balkone.com\/sl\/?s={search_term_string}\"},\"query-input\":{\"@type\":\"PropertyValueSpecification\",\"valueRequired\":true,\"valueName\":\"search_term_string\"}}],\"inLanguage\":\"sl-SI\"},{\"@type\":\"Organization\",\"@id\":\"https:\/\/www.leeb-balkone.com\/sl\/#organization\",\"name\":\"Leeb Balkone Gmbh\",\"url\":\"https:\/\/www.leeb-balkone.com\/sl\/\",\"logo\":{\"@type\":\"ImageObject\",\"inLanguage\":\"sl-SI\",\"@id\":\"https:\/\/www.leeb-balkone.com\/sl\/#\/schema\/logo\/image\/\",\"url\":\"https:\/\/www.leeb-balkone.com\/app\/uploads\/2020\/11\/leeb-logo.svg\",\"contentUrl\":\"https:\/\/www.leeb-balkone.com\/app\/uploads\/2020\/11\/leeb-logo.svg\",\"width\":741,\"height\":204,\"caption\":\"Leeb Balkone Gmbh\"},\"image\":{\"@id\":\"https:\/\/www.leeb-balkone.com\/sl\/#\/schema\/logo\/image\/\"},\"sameAs\":[\"https:\/\/www.facebook.com\/balkone\/\",\"https:\/\/www.trustedshops.at\/bewertung\/info_X4587CCF5833E31AFE0B11F47D86999F2.html\",\"https:\/\/www.trustedshops.de\/bewertung\/info_X7BA536A7A0BDC86D36C4718E4DCAEEEF.html\",\"https:\/\/www.google.com\/maps\/place\/?q=place_id:ChIJ5-zH19-IcEcR9HonWRTllHI\"]}]}<\/script>\n<!-- \/ Yoast SEO plugin. -->","yoast_head_json":{"title":"Son\u010dna ograja \" Aluminijasta ograja s PV moduli -% Leeb Balkone% Slovenija","description":"Svojo ograjo spremenite v elektrarno: solarna ograja Leeb zdru\u017euje sodobno za\u0161\u010dito zasebnosti z u\u010dinkovito fotovoltaiko. Nezavezujo\u010de svetovanje! Na\u010drtujte zdaj!","robots":{"index":"index","follow":"follow","max-snippet":"max-snippet:-1","max-image-preview":"max-image-preview:large","max-video-preview":"max-video-preview:-1"},"og_locale":"sl_SI","og_type":"article","og_title":"Son\u010dna ograja \" Aluminijasta ograja s PV moduli -% Leeb Balkone%","og_description":"Svojo ograjo spremenite v elektrarno: solarna ograja Leeb zdru\u017euje sodobno za\u0161\u010dito zasebnosti z u\u010dinkovito fotovoltaiko. Nezavezujo\u010de svetovanje! Na\u010drtujte zdaj!","og_url":"https:\/\/www.leeb-balkone.com\/sl\/solar\/solarna-ograja\/","og_site_name":"Leeb Balkone","article_publisher":"https:\/\/www.facebook.com\/balkone\/","article_modified_time":"2026-01-28T19:03:13+00:00","og_image":[{"url":"https:\/\/www.leeb-balkone.com\/app\/uploads\/2022\/06\/Zaun-Solar-06-Optimus-1024x651.jpg","type":"","width":"","height":""}],"twitter_card":"summary_large_image","schema":{"@context":"https:\/\/schema.org","@graph":[{"@type":"WebPage","@id":"https:\/\/www.leeb-balkone.com\/sl\/solar\/solarna-ograja\/","url":"https:\/\/www.leeb-balkone.com\/sl\/solar\/solarna-ograja\/","name":"Son\u010dna ograja \" Aluminijasta ograja s PV moduli -% Leeb Balkone%","isPartOf":{"@id":"https:\/\/www.leeb-balkone.com\/sl\/#website"},"primaryImageOfPage":{"@id":"https:\/\/www.leeb-balkone.com\/sl\/solar\/solarna-ograja\/#primaryimage"},"image":{"@id":"https:\/\/www.leeb-balkone.com\/sl\/solar\/solarna-ograja\/#primaryimage"},"thumbnailUrl":"https:\/\/www.leeb-balkone.com\/app\/uploads\/2022\/06\/Zaun-Solar-06-Optimus-1024x651.jpg","datePublished":"2026-01-28T18:58:33+00:00","dateModified":"2026-01-28T19:03:13+00:00","description":"Svojo ograjo spremenite v elektrarno: solarna ograja Leeb zdru\u017euje sodobno za\u0161\u010dito zasebnosti z u\u010dinkovito fotovoltaiko. Nezavezujo\u010de svetovanje! Na\u010drtujte zdaj!","breadcrumb":{"@id":"https:\/\/www.leeb-balkone.com\/sl\/solar\/solarna-ograja\/#breadcrumb"},"inLanguage":"sl-SI","potentialAction":[{"@type":"ReadAction","target":["https:\/\/www.leeb-balkone.com\/sl\/solar\/solarna-ograja\/"]}]},{"@type":"ImageObject","inLanguage":"sl-SI","@id":"https:\/\/www.leeb-balkone.com\/sl\/solar\/solarna-ograja\/#primaryimage","url":"https:\/\/www.leeb-balkone.com\/app\/uploads\/2022\/06\/Zaun-Solar-06-Optimus-1024x651.jpg","contentUrl":"https:\/\/www.leeb-balkone.com\/app\/uploads\/2022\/06\/Zaun-Solar-06-Optimus-1024x651.jpg"},{"@type":"BreadcrumbList","@id":"https:\/\/www.leeb-balkone.com\/sl\/solar\/solarna-ograja\/#breadcrumb","itemListElement":[{"@type":"ListItem","position":1,"name":"Home","item":"https:\/\/www.leeb-balkone.com\/sl\/"},{"@type":"ListItem","position":2,"name":"Son\u010dni izdelki","item":"https:\/\/www.leeb-balkone.com\/sl\/solar\/"},{"@type":"ListItem","position":3,"name":"Solarna ograja"}]},{"@type":"WebSite","@id":"https:\/\/www.leeb-balkone.com\/sl\/#website","url":"https:\/\/www.leeb-balkone.com\/sl\/","name":"Leeb Balkone","description":"Balkone und Z\u00e4une","publisher":{"@id":"https:\/\/www.leeb-balkone.com\/sl\/#organization"},"potentialAction":[{"@type":"SearchAction","target":{"@type":"EntryPoint","urlTemplate":"https:\/\/www.leeb-balkone.com\/sl\/?s={search_term_string}"},"query-input":{"@type":"PropertyValueSpecification","valueRequired":true,"valueName":"search_term_string"}}],"inLanguage":"sl-SI"},{"@type":"Organization","@id":"https:\/\/www.leeb-balkone.com\/sl\/#organization","name":"Leeb Balkone Gmbh","url":"https:\/\/www.leeb-balkone.com\/sl\/","logo":{"@type":"ImageObject","inLanguage":"sl-SI","@id":"https:\/\/www.leeb-balkone.com\/sl\/#\/schema\/logo\/image\/","url":"https:\/\/www.leeb-balkone.com\/app\/uploads\/2020\/11\/leeb-logo.svg","contentUrl":"https:\/\/www.leeb-balkone.com\/app\/uploads\/2020\/11\/leeb-logo.svg","width":741,"height":204,"caption":"Leeb Balkone Gmbh"},"image":{"@id":"https:\/\/www.leeb-balkone.com\/sl\/#\/schema\/logo\/image\/"},"sameAs":["https:\/\/www.facebook.com\/balkone\/","https:\/\/www.trustedshops.at\/bewertung\/info_X4587CCF5833E31AFE0B11F47D86999F2.html","https:\/\/www.trustedshops.de\/bewertung\/info_X7BA536A7A0BDC86D36C4718E4DCAEEEF.html","https:\/\/www.google.com\/maps\/place\/?q=place_id:ChIJ5-zH19-IcEcR9HonWRTllHI"]}]}},"_links":{"self":[{"href":"https:\/\/www.leeb-balkone.com\/sl\/wp-json\/wp\/v2\/pages\/163760","targetHints":{"allow":["GET"]}}],"collection":[{"href":"https:\/\/www.leeb-balkone.com\/sl\/wp-json\/wp\/v2\/pages"}],"about":[{"href":"https:\/\/www.leeb-balkone.com\/sl\/wp-json\/wp\/v2\/types\/page"}],"author":[{"embeddable":true,"href":"https:\/\/www.leeb-balkone.com\/sl\/wp-json\/wp\/v2\/users\/4"}],"replies":[{"embeddable":true,"href":"https:\/\/www.leeb-balkone.com\/sl\/wp-json\/wp\/v2\/comments?post=163760"}],"version-history":[{"count":3,"href":"https:\/\/www.leeb-balkone.com\/sl\/wp-json\/wp\/v2\/pages\/163760\/revisions"}],"predecessor-version":[{"id":163766,"href":"https:\/\/www.leeb-balkone.com\/sl\/wp-json\/wp\/v2\/pages\/163760\/revisions\/163766"}],"up":[{"embeddable":true,"href":"https:\/\/www.leeb-balkone.com\/sl\/wp-json\/wp\/v2\/pages\/155406"}],"wp:attachment":[{"href":"https:\/\/www.leeb-balkone.com\/sl\/wp-json\/wp\/v2\/media?parent=163760"}],"wp:term":[{"taxonomy":"folder","embeddable":true,"href":"https:\/\/www.leeb-balkone.com\/sl\/wp-json\/wp\/v2\/folder?post=163760"}],"curies":[{"name":"wp","href":"https:\/\/api.w.org\/{rel}","templated":true}]}}