{"id":163754,"date":"2026-01-28T18:58:24","date_gmt":"2026-01-28T18:58:24","guid":{"rendered":"https:\/\/www.leeb-balkone.com\/solar\/soncni-balkon\/"},"modified":"2026-03-19T13:11:45","modified_gmt":"2026-03-19T13:11:45","slug":"solarni-balkon","status":"publish","type":"page","link":"https:\/\/www.leeb-balkone.com\/sl\/solar\/solarni-balkon\/","title":{"rendered":"Son\u010dni balkon"},"content":{"rendered":"\n<section class=\"wp-block-group alignfull t3-header t3-header-splitscreen t3-splitscreen-shadow h-zi-20 has-light-gray-background-color has-background has-global-padding is-layout-constrained wp-container-core-group-is-layout-f1ad4950 wp-block-group-is-layout-constrained\" style=\"padding-top:0;padding-bottom:0\">\n<div class=\"wp-block-columns h-flx-a-s m-split is-layout-flex wp-container-core-columns-is-layout-28f84493 wp-block-columns-is-layout-flex\">\n<div class=\"wp-block-column is-vertically-aligned-top h-flx-a-s m-split-col-content is-layout-flow wp-block-column-is-layout-flow\"><div class=\"yoast-breadcrumbs\"><span><span><a href=\"https:\/\/www.leeb-balkone.com\/sl\/\">Home<\/a><\/span> \/ <span><a href=\"https:\/\/www.leeb-balkone.com\/sl\/solar\/\">Son\u010dni izdelki<\/a><\/span> \/ <span class=\"breadcrumb_last\" aria-current=\"page\">Son\u010dni balkon<\/span><\/span><\/div>\n\n<h1 class=\"wp-block-post-title\">Son\u010dni balkon<\/h1>\n\n\n<p class=\"has-step-0-font-size\" style=\"margin-bottom:0\">Solarni balkon Leeb je pionirska re\u0161itev z dvofaznimi fotovoltai\u010dnimi moduli, ki so v celoti vgrajeni v balkonsko ograjo in zaradi proizvodnje energije na obeh straneh u\u010dinkovito delujejo tudi pri ravnem ali nizkem son\u010dnem sevanju.<\/p>\n\n\n\n<div class=\"wp-block-buttons is-layout-flex wp-block-buttons-is-layout-flex\" style=\"margin-top:var(--wp--preset--spacing--l)\">\n<div class=\"wp-block-button is-style-cta icon-book icon-left\"><a class=\"wp-block-button__link wp-element-button\" href=\"https:\/\/www.leeb-balkone.com\/sl\/kontakt\/zahtevajte-katalog\/\">Zahtevajte katalog<\/a><\/div>\n\n\n\n<div class=\"wp-block-button is-style-cta icon-vp icon-left\"><a class=\"wp-block-button__link wp-element-button\" href=\"https:\/\/www.leeb-balkone.com\/sl\/distribucijski-partnerji\/\">Poi\u0161\u010dite kontaktno osebo<span class=\"sr-only\"> Slovenija<\/span><\/a><\/div>\n<\/div>\n<\/div>\n\n\n\n<div class=\"wp-block-column is-vertically-aligned-stretch h-hide-md-down is-style-image-cover is-layout-flow wp-block-column-is-layout-flow\">\n<figure class=\"wp-block-image size-large\"><img loading=\"lazy\" decoding=\"async\" width=\"1024\" height=\"682\" src=\"https:\/\/www.leeb-balkone.com\/app\/uploads\/2020\/07\/solarbalkon-optimus-innenansicht-mit-klarem-glas-1024x682.jpg\" alt=\"solarbalkon optimus innenansicht mit klarem glas\" class=\"wp-image-141668\" srcset=\"https:\/\/www.leeb-balkone.com\/app\/uploads\/2020\/07\/solarbalkon-optimus-innenansicht-mit-klarem-glas-1024x682.jpg 1024w, https:\/\/www.leeb-balkone.com\/app\/uploads\/2020\/07\/solarbalkon-optimus-innenansicht-mit-klarem-glas-300x200.jpg 300w, https:\/\/www.leeb-balkone.com\/app\/uploads\/2020\/07\/solarbalkon-optimus-innenansicht-mit-klarem-glas-768x512.jpg 768w, https:\/\/www.leeb-balkone.com\/app\/uploads\/2020\/07\/solarbalkon-optimus-innenansicht-mit-klarem-glas-1536x1024.jpg 1536w, https:\/\/www.leeb-balkone.com\/app\/uploads\/2020\/07\/solarbalkon-optimus-innenansicht-mit-klarem-glas-2048x1365.jpg 2048w\" sizes=\"auto, (max-width: 1024px) 100vw, 1024px\" \/><\/figure>\n<\/div>\n<\/div>\n<\/section>\n\n<section class=\"wp-block-group alignfull has-white-background-color has-background has-global-padding is-layout-constrained wp-container-core-group-is-layout-52f96efc wp-block-group-is-layout-constrained\" id=\"modelle\">\n<div class=\"wp-block-group m-teaser o-grid u-md-1 is-layout-flow wp-block-group-is-layout-flow\">\n<div class=\"wp-block-group u-g-9 u-g-s-2 is-layout-flow wp-block-group-is-layout-flow\" style=\"margin-bottom:var(--wp--preset--spacing--s)\">\n<p class=\"has-text-align-left\"><em><strong><strong><strong>&#8220;Solarni balkon Leeb vam zagotavlja zeleno energijo, izbolj\u0161uje kakovost bivanja in postavlja nove standarde trajnostnega oblikovanja.&#8221;<\/strong><\/strong><\/strong><\/em><\/p>\n<\/div>\n<\/div>\n\n\n\n<div class=\"wp-block-columns is-layout-flex wp-container-core-columns-is-layout-28f84493 wp-block-columns-is-layout-flex\">\n<div class=\"wp-block-column is-layout-flow wp-block-column-is-layout-flow\" style=\"flex-basis:66.66%\"><div class=\"tgs-gallery\" data-tablet-slides=\"4\" data-desktop-slides=\"5\"><div class=\"t3-tgs swiper mainSlider\">\n                <div class=\"has-icon icon-enlarge\"><\/div>\n                <div class=\"swiper-wrapper lg-swiper\"><div class=\"swiper-slide\"><a href=\"https:\/\/www.leeb-balkone.com\/app\/uploads\/2020\/07\/Solarbalkon-Optimus-und-Carport-mit-Solarpaneelen.jpg\"><img decoding=\"async\" src=\"https:\/\/www.leeb-balkone.com\/app\/uploads\/2020\/07\/Solarbalkon-Optimus-und-Carport-mit-Solarpaneelen.jpg\" alt=\"Haus mit Leeb Balkon- und Terrassen-Gel\u00e4nder sowie Carport-Dach - alles inklusive integrierte PV Module zur Nutzung der Sonnenergie\"><\/a><div class=\"tgs-desc\">Hi\u0161a z balkonsko in terasno ograjo Leeb ter nadstre\u0161kom za avto \u2013 vse vklju\u010dno z integriranimi fotovoltai\u010dnimi moduli za izkori\u0161\u010danje son\u010dne energije<\/div><\/div><div class=\"swiper-slide\"><a href=\"https:\/\/www.leeb-balkone.com\/app\/uploads\/2020\/07\/glasbalkon-ballina-und-solarbalkon-optimus-in-aluminium-anthrazit-scaled.jpg\"><img decoding=\"async\" src=\"https:\/\/www.leeb-balkone.com\/app\/uploads\/2020\/07\/glasbalkon-ballina-und-solarbalkon-optimus-in-aluminium-anthrazit-scaled.jpg\" alt=\"Kombination aus Balkongel\u00e4nder Modell Ballina und Solarbalkon Optimus\"><\/a><div class=\"tgs-desc\">Kombinacija balkonske ograje modela Ballina in solarne balkonske ograje Optimus<\/div><\/div><div class=\"swiper-slide\"><a href=\"https:\/\/www.leeb-balkone.com\/app\/uploads\/2025\/02\/zwei-Module-Uebereinander.png\"><img decoding=\"async\" src=\"https:\/\/www.leeb-balkone.com\/app\/uploads\/2025\/02\/zwei-Module-Uebereinander.png\" alt=\"SOLEEB+ (zwei Speicher gestapelt)\"><\/a><div class=\"tgs-desc\">SOLEEB+ (dva zlo\u017eena akumulatorja)<\/div><\/div><div class=\"swiper-slide\"><a href=\"https:\/\/www.leeb-balkone.com\/app\/uploads\/2024\/04\/solar-glas-alu-balkon-10-red-dot-gross-scaled.jpg\"><img decoding=\"async\" src=\"https:\/\/www.leeb-balkone.com\/app\/uploads\/2024\/04\/solar-glas-alu-balkon-10-red-dot-gross-scaled.jpg\" alt=\"Red Dot Design Award Winner 2024 - Solarbalkon von Leeb\"><\/a><div class=\"tgs-desc\">Zmagovalec nagrade Red Dot Design Award 2024 \u2013 solarni balkon podjetja Leeb<\/div><\/div><div class=\"swiper-slide\"><a href=\"https:\/\/www.leeb-balkone.com\/app\/uploads\/2025\/07\/Soleeb-R1-V2.png\"><img decoding=\"async\" src=\"https:\/\/www.leeb-balkone.com\/app\/uploads\/2025\/07\/Soleeb-R1-V2.png\" alt=\"Soleeb - Balkonkraftwerk Plug and Play-System\"><\/a><div class=\"tgs-desc\">Soleeb \u2013 balkonska elektrarna Plug and Play sistem<\/div><\/div><\/div><div class=\"mainSliderPrev\"><\/div><div class=\"mainSliderNext\"><\/div><div class=\"main_slider_dots\"><\/div><\/div><div class=\"swiper thumbSlider\"><div class=\"swiper-wrapper wp-block-t3-carousel-wrapper\"><div class=\"swiper-slide\"><img decoding=\"async\" src=\"https:\/\/www.leeb-balkone.com\/app\/uploads\/2020\/07\/Solarbalkon-Optimus-und-Carport-mit-Solarpaneelen-1024x683.jpg\" alt=\"Haus mit Leeb Balkon- und Terrassen-Gel\u00e4nder sowie Carport-Dach - alles inklusive integrierte PV Module zur Nutzung der Sonnenergie\" \/><\/div><div class=\"swiper-slide\"><img decoding=\"async\" src=\"https:\/\/www.leeb-balkone.com\/app\/uploads\/2020\/07\/glasbalkon-ballina-und-solarbalkon-optimus-in-aluminium-anthrazit-1024x575.jpg\" alt=\"Kombination aus Balkongel\u00e4nder Modell Ballina und Solarbalkon Optimus\" \/><\/div><div class=\"swiper-slide\"><img decoding=\"async\" src=\"https:\/\/www.leeb-balkone.com\/app\/uploads\/2025\/02\/zwei-Module-Uebereinander-1024x768.png\" alt=\"SOLEEB+ (zwei Speicher gestapelt)\" \/><\/div><div class=\"swiper-slide\"><img decoding=\"async\" src=\"https:\/\/www.leeb-balkone.com\/app\/uploads\/2024\/04\/solar-glas-alu-balkon-10-red-dot-gross-1024x768.jpg\" alt=\"Red Dot Design Award Winner 2024 - Solarbalkon von Leeb\" \/><\/div><div class=\"swiper-slide\"><img decoding=\"async\" src=\"https:\/\/www.leeb-balkone.com\/app\/uploads\/2025\/07\/Soleeb-R1-V2-1024x479.png\" alt=\"Soleeb - Balkonkraftwerk Plug and Play-System\" \/><\/div><\/div><div class=\"thumbSliderPrev swiper-button-prev\"><\/div><div class=\"thumbSliderNext swiper-button-next\"><\/div><\/div><\/div><\/div>\n\n\n\n<div class=\"wp-block-column is-layout-flow wp-block-column-is-layout-flow\" style=\"flex-basis:33.33%\">\n<h2 class=\"wp-block-heading has-step-2-font-size\">Aluminijasto-steklena balkonska ograja z dvofaznimi fotovoltai\u010dnimi moduli<\/h2>\n\n\n\n<p>Leeb Solar Balcony je inovativen sistem balkonskih ograj, ki v stekleno ograjo v celoti vklju\u010duje visokokakovostne fotovoltai\u010dne module in tako zdru\u017euje estetsko eleganco z u\u010dinkovitim pridobivanjem energije. V nasprotju z obi\u010dajnimi dodatnimi re\u0161itvami Leeb vgradi fotovoltai\u010dne module neposredno v ograjo, kar zagotavlja izjemno eleganten videz in za\u0161\u010diteno notranjo napeljavo. <\/p>\n\n\n\n<ul class=\"wp-block-list is-style-checkmark-2\">\n<li>Popolnoma integrirani, dvoplastni PV moduli<\/li>\n\n\n\n<li>Funkcionalnost Plug-and-play<\/li>\n\n\n\n<li>Nagrada Red Dot &#8211; oblikovanje izdelka<\/li>\n<\/ul>\n<\/div>\n<\/div>\n\n\n\n<div class=\"wp-block-group m-teaser o-grid u-md-1 is-layout-flow wp-block-group-is-layout-flow\" style=\"margin-top:0;padding-top:var(--wp--preset--spacing--xl-2-xl)\">\n<div class=\"wp-block-group u-g-10 u-g-s-2 is-layout-flow wp-block-group-is-layout-flow\" style=\"margin-top:0;margin-bottom:var(--wp--preset--spacing--s)\"><div class=\"wp-block-t3-tabs t3-tabs t3-tabs--centered\" data-uniqueid=\"tabs-8f57f258\" data-use-headings=\"false\" data-heading-level=\"h2\"><ul class=\"t3-tabs__list\" role=\"tablist\"><li role=\"presentation\"><button role=\"tab\" id=\"tabs-8f57f258-tab-0\" aria-controls=\"tabs-8f57f258-panel-0\" class=\"t3-tabs__tab-button t3-tabs__tab-button--active\" aria-selected=\"true\" tabindex=\"0\"><div class=\"t3-tabs__tab-button-inner\"><span class=\"t3-tabs__tab-title\">Struktura in zmogljivost<\/span><\/div><\/button><\/li><li role=\"presentation\"><button role=\"tab\" id=\"tabs-8f57f258-tab-1\" aria-controls=\"tabs-8f57f258-panel-1\" class=\"t3-tabs__tab-button\" aria-selected=\"false\" tabindex=\"-1\"><div class=\"t3-tabs__tab-button-inner\"><span class=\"t3-tabs__tab-title\">Posebne tehni\u010dne lastnosti<\/span><\/div><\/button><\/li><li role=\"presentation\"><button role=\"tab\" id=\"tabs-8f57f258-tab-2\" aria-controls=\"tabs-8f57f258-panel-2\" class=\"t3-tabs__tab-button\" aria-selected=\"false\" tabindex=\"-1\"><div class=\"t3-tabs__tab-button-inner\"><span class=\"t3-tabs__tab-title\">Funkcija in prednosti<\/span><\/div><\/button><\/li><\/ul><div class=\"t3-tabs__panels\"><div class=\"t3-tab__content t3-tabs__panel\" role=\"tabpanel\" id=\"tabs-8f57f258-panel-0\" aria-labelledby=\"tabs-8f57f258-tab-0\">\n<p>Svoj balkon spremenite v trajnostni vir energije: s solarnim balkonom Leeb lahko u\u017eivate v elegantnem dizajnu in hkrati proizvajate lastno elektri\u010dno energijo &#8211; brez kompromisov glede estetike ali funkcionalnosti.<\/p>\n\n\n\n<div class=\"wp-block-columns m-split is-style-default is-layout-flex wp-container-core-columns-is-layout-28f84493 wp-block-columns-is-layout-flex\">\n<div class=\"wp-block-column is-style-default is-layout-flow wp-block-column-is-layout-flow\">\n<figure class=\"wp-block-image size-full\"><img loading=\"lazy\" decoding=\"async\" width=\"1280\" height=\"720\" src=\"https:\/\/www.leeb-balkone.com\/app\/uploads\/2025\/07\/B-Solar-Optimus-4.jpg\" alt=\"B Solar Optimus\" class=\"wp-image-150189\" srcset=\"https:\/\/www.leeb-balkone.com\/app\/uploads\/2025\/07\/B-Solar-Optimus-4.jpg 1280w, https:\/\/www.leeb-balkone.com\/app\/uploads\/2025\/07\/B-Solar-Optimus-4-300x169.jpg 300w, https:\/\/www.leeb-balkone.com\/app\/uploads\/2025\/07\/B-Solar-Optimus-4-1024x576.jpg 1024w, https:\/\/www.leeb-balkone.com\/app\/uploads\/2025\/07\/B-Solar-Optimus-4-768x432.jpg 768w\" sizes=\"auto, (max-width: 1280px) 100vw, 1280px\" \/><\/figure>\n<\/div>\n\n\n\n<div class=\"wp-block-column is-vertically-aligned-center is-style-overlay-content is-layout-flow wp-block-column-is-layout-flow\">\n<div class=\"wp-block-group is-vertical is-layout-flex wp-container-core-group-is-layout-6aed0e10 wp-block-group-is-layout-flex\">\n<p class=\"is-style-default\"><strong>Struktura<\/strong><\/p>\n\n\n\n<ul class=\"wp-block-list\">\n<li>Profil ograje 60 x 60<\/li>\n\n\n\n<li>Profil za podporo ograje 40 x 96<\/li>\n\n\n\n<li>Laminirano varnostno steklo (VSG)<\/li>\n\n\n\n<li>Mo\u010d PV modula max. 175 Wp\/teko\u010di meter balkon <\/li>\n\n\n\n<li>PV modul s fiksno velikostjo 1200 x 950 mm<\/li>\n\n\n\n<li>Fiksna sredi\u0161\u010dna razdalja 1205 mm (mo\u017eno samo pri likalniku Leeb)<\/li>\n<\/ul>\n<\/div>\n<\/div>\n<\/div>\n\n\n\n<p class=\"has-step-s-font-size\"><strong>Opombe<\/strong><\/p>\n\n\n\n<ul class=\"wp-block-list\">\n<li class=\"has-step-s-font-size\">Apertura ni obvezna, ni mo\u017enosti po\u0161evnega rezanja, moduli so povezani zaporedno (\u0161tevilo modulov v nizu je omejeno)<\/li>\n\n\n\n<li class=\"has-step-s-font-size\">Dodatne krmilne komponente in povezavo z obstoje\u010dimi sistemi mora opraviti strokovnjak na kraju samem.<\/li>\n\n\n\n<li class=\"has-step-s-font-size\">O\u017ei\u010denje od balkona do pretvornika, priklju\u010ditev na pretvornik in sam pretvornik ter ozemljitev balkona in zagon (priklju\u010ditev na omre\u017eje) je treba opraviti na kraju samem.<\/li>\n<\/ul>\n<\/div><div class=\"t3-tab__content t3-tabs__panel\" role=\"tabpanel\" id=\"tabs-8f57f258-panel-1\" aria-labelledby=\"tabs-8f57f258-tab-1\">\n<p>Izkusite inovativno tehnologijo neposredno na svojem balkonu: Leeb Solar Balcony navdu\u0161uje z visokokakovostnimi materiali, prefinjeno zasnovo in preizku\u0161eno varnostjo &#8211; za dolgotrajno brezskrbno uporabo.<\/p>\n\n\n\n<ul class=\"wp-block-list is-style-default\">\n<li>Fotovoltai\u010dni moduli, odporni na to\u010do in primerni za hojo<\/li>\n\n\n\n<li>Patentiran pra\u0161ni premaz ALU COMFORT PLUS\u00ae za odpornost proti vremenskim vplivom<\/li>\n\n\n\n<li>Bifacialni moduli z obvodnimi diodami za optimalen izkoristek tudi pri razpr\u0161enem son\u010dnem sevanju<\/li>\n\n\n\n<li>Plug-and-play re\u0161itev z inverterjem (do dva modula lahko priklju\u010dite neposredno na vti\u010dnico)<\/li>\n\n\n\n<li>O\u017ei\u010denje je nevidno vgrajeno v sistem ograje\/okvirja<\/li>\n\n\n\n<li>Celovita storitev od na\u010drtovanja do namestitve, certificirana kakovost<\/li>\n<\/ul>\n<\/div><div class=\"t3-tab__content t3-tabs__panel\" role=\"tabpanel\" id=\"tabs-8f57f258-panel-2\" aria-labelledby=\"tabs-8f57f258-tab-2\">\n<div class=\"wp-block-cgb-t3-container-block none\" style=\"background-color:none\"><div class=\"grid-container\"><div class=\"grid-x\"><div class=\"cell small-12 medium-0 large-0\"><\/div><\/div><\/div><\/div>\n\n\n\n<p>Vsak dan imejte koristi od svojega solarnega balkona: zmanj\u0161ajte stro\u0161ke elektri\u010dne energije, pove\u010dajte vrednost nepremi\u010dnine in aktivno prispevajte k varstvu podnebja &#8211; z najmanj truda in najve\u010djim udobjem.<\/p>\n\n\n\n<ul class=\"wp-block-list\">\n<li>Okolju prijazno pridobivanje energije neposredno na balkonu<\/li>\n\n\n\n<li>Zmanj\u0161ajte ra\u010dun za elektriko s samooskrbo<\/li>\n\n\n\n<li>Pove\u010danje vrednosti nepremi\u010dnine s trajnostno opremo<\/li>\n\n\n\n<li>Ni\u010d zahtevnega vzdr\u017eevanja in izredno robusten<\/li>\n\n\n\n<li>Do dolo\u010dene velikosti ni potrebnih strukturnih sprememb (plug-and-play)<\/li>\n<\/ul>\n<\/div><\/div><\/div><\/div>\n<\/div>\n<\/section>\n\n<section class=\"wp-block-cover alignfull is-light katalog-cta\" style=\"margin-top:0;margin-bottom:0;padding-top:0;padding-right:0;padding-bottom:0;padding-left:0;min-height:100px;aspect-ratio:unset;\" id=\"beratungsanfrage\"><img loading=\"lazy\" decoding=\"async\" width=\"2560\" height=\"1707\" class=\"wp-block-cover__image-background wp-image-152954 size-full\" alt=\"Schauraum Leeb Tettnang Florian Keller\" src=\"https:\/\/www.leeb-balkone.com\/app\/uploads\/2025\/04\/Schauraum-Leeb-Tettnang-Florian-Keller-17-scaled.jpg\" style=\"object-position:41% 45%\" data-object-fit=\"cover\" data-object-position=\"41% 45%\" srcset=\"https:\/\/www.leeb-balkone.com\/app\/uploads\/2025\/04\/Schauraum-Leeb-Tettnang-Florian-Keller-17-scaled.jpg 2560w, https:\/\/www.leeb-balkone.com\/app\/uploads\/2025\/04\/Schauraum-Leeb-Tettnang-Florian-Keller-17-300x200.jpg 300w, https:\/\/www.leeb-balkone.com\/app\/uploads\/2025\/04\/Schauraum-Leeb-Tettnang-Florian-Keller-17-1024x683.jpg 1024w, https:\/\/www.leeb-balkone.com\/app\/uploads\/2025\/04\/Schauraum-Leeb-Tettnang-Florian-Keller-17-768x512.jpg 768w, https:\/\/www.leeb-balkone.com\/app\/uploads\/2025\/04\/Schauraum-Leeb-Tettnang-Florian-Keller-17-1536x1024.jpg 1536w, https:\/\/www.leeb-balkone.com\/app\/uploads\/2025\/04\/Schauraum-Leeb-Tettnang-Florian-Keller-17-2048x1366.jpg 2048w\" sizes=\"auto, (max-width: 2560px) 100vw, 2560px\" \/><span aria-hidden=\"true\" class=\"wp-block-cover__background has-primary-45-background-color has-background-dim-80 has-background-dim\"><\/span><div class=\"wp-block-cover__inner-container has-global-padding is-layout-constrained wp-container-core-cover-is-layout-f028c7bd wp-block-cover-is-layout-constrained\">\n<div class=\"wp-block-group is-layout-flow wp-block-group-is-layout-flow\" style=\"min-height:0px;margin-top:0;margin-bottom:0;padding-top:var(--wp--preset--spacing--2-xl);padding-bottom:var(--wp--preset--spacing--2-xl);padding-left:0\">\n<div class=\"wp-block-columns are-vertically-aligned-center is-layout-flex wp-container-core-columns-is-layout-0a4bbf16 wp-block-columns-is-layout-flex\" style=\"margin-top:0;margin-bottom:0\">\n<div class=\"wp-block-column is-vertically-aligned-center is-layout-flow wp-block-column-is-layout-flow\" style=\"flex-basis:66.66%\">\n<h2 class=\"wp-block-heading\">Zahtevajte sestanek za posvetovanje<\/h2>\n\n\n\n<p class=\"is-style-teaser\">Imate kak\u0161na vpra\u0161anja? Stopite v stik z nami in uporabite na\u0161 kontaktni obrazec. Zahtevajte osebno svetovanje zdaj &#8211; va\u0161a kontaktna oseba vam bo z veseljem nudila individualno podporo pri na\u010drtovanju in izvedbi va\u0161ega projekta!  <\/p>\n<\/div>\n\n\n\n<div class=\"wp-block-column is-vertically-aligned-center is-layout-flow wp-block-column-is-layout-flow\" style=\"flex-basis:33.33%\">\n<div class=\"wp-block-buttons u-m-jc-left is-content-justification-right is-layout-flex wp-container-core-buttons-is-layout-c060c6c7 wp-block-buttons-is-layout-flex\">\n<div class=\"wp-block-button is-style-filled-white large smooth-scroll\"><a class=\"wp-block-button__link wp-element-button\" href=\"#beratungstermin\" style=\"box-shadow:var(--wp--preset--shadow--button-shadow)\">Zahteva za svetovanje<\/a><\/div>\n<\/div>\n<\/div>\n<\/div>\n<\/div>\n<\/div><\/section>\n\n<section class=\"wp-block-group alignfull has-light-gray-background-color has-background has-global-padding is-layout-constrained wp-container-core-group-is-layout-52f96efc wp-block-group-is-layout-constrained\" id=\"service-qualitaet\">\n<div class=\"wp-block-group o-grid u-md-1 is-layout-flow wp-block-group-is-layout-flow\">\n<div class=\"wp-block-group u-g-9 u-g-s-2 is-layout-flow wp-block-group-is-layout-flow\" style=\"margin-bottom:var(--wp--preset--spacing--s)\">\n<h2 class=\"wp-block-heading\"><strong>Son\u010dni balkon Leeb<\/strong><\/h2>\n\n\n\n<p><span class=\"teaser\">Solarni balkon Leeb zdru\u017euje dizajn, funkcionalnost in trajnost &#8211; za ve\u010djo neodvisnost, u\u010dinkovitost in trajnost v va\u0161em najljub\u0161em prostoru na soncu.<\/span><\/p>\n\n\n\n<p>Z Leebovim solarnim balkonom dobite trajno, prilagodljivo in varno re\u0161itev &#8211; od na\u010drtovanja do namestitve iz enega samega vira.<\/p>\n<\/div>\n<\/div>\n\n\n\n<div class=\"wp-block-group small is-style-white-cards sm-2-cols is-layout-grid wp-container-core-group-is-layout-7785d981 wp-block-group-is-layout-grid\">\n<div class=\"wp-block-group m-card has-modal is-layout-flow wp-container-core-group-is-layout-8a368f38 wp-block-group-is-layout-flow\" data-modal-id=\"150960\">\n<figure class=\"wp-block-image size-full\"><img loading=\"lazy\" decoding=\"async\" width=\"2560\" height=\"1707\" src=\"https:\/\/www.leeb-balkone.com\/app\/uploads\/2020\/07\/solarbalkon-optimus-innenansicht-der-pv-paneele-scaled.jpg\" alt=\"solarbalkon optimus innenansicht der pv paneele\" class=\"wp-image-141781\" srcset=\"https:\/\/www.leeb-balkone.com\/app\/uploads\/2020\/07\/solarbalkon-optimus-innenansicht-der-pv-paneele-scaled.jpg 2560w, https:\/\/www.leeb-balkone.com\/app\/uploads\/2020\/07\/solarbalkon-optimus-innenansicht-der-pv-paneele-300x200.jpg 300w, https:\/\/www.leeb-balkone.com\/app\/uploads\/2020\/07\/solarbalkon-optimus-innenansicht-der-pv-paneele-1024x683.jpg 1024w, https:\/\/www.leeb-balkone.com\/app\/uploads\/2020\/07\/solarbalkon-optimus-innenansicht-der-pv-paneele-768x512.jpg 768w, https:\/\/www.leeb-balkone.com\/app\/uploads\/2020\/07\/solarbalkon-optimus-innenansicht-der-pv-paneele-1536x1024.jpg 1536w, https:\/\/www.leeb-balkone.com\/app\/uploads\/2020\/07\/solarbalkon-optimus-innenansicht-der-pv-paneele-2048x1366.jpg 2048w\" sizes=\"auto, (max-width: 2560px) 100vw, 2560px\" \/><\/figure>\n\n\n\n<div class=\"wp-block-group m-card-content has-white-background-color has-background is-vertical is-layout-flex wp-container-core-group-is-layout-5580f018 wp-block-group-is-layout-flex\">\n<h3 class=\"wp-block-heading\"><strong>Solarne re\u0161itve za ograje in strehe<\/strong><\/h3>\n\n\n\n<p>Popolnoma integrirani, visoko u\u010dinkoviti PV-moduli v na\u0161ih solarnih izdelkih.<\/p>\n<\/div>\n<a href=\"#overlay-150960\" class=\"open-modal-link\" aria-label=\"Open modal\"><span class=\"sr-only\">\u00d6ffne Modal<\/span><\/a><\/div>\n\n\n\n<div class=\"wp-block-group m-card has-modal is-layout-flow wp-container-core-group-is-layout-8a368f38 wp-block-group-is-layout-flow\" data-modal-id=\"150749\">\n<figure class=\"wp-block-image size-large is-style-default\"><img loading=\"lazy\" decoding=\"async\" width=\"1024\" height=\"767\" src=\"https:\/\/www.leeb-balkone.com\/app\/uploads\/2020\/08\/leeb-balkone-mitarbeiter-4-1024x767.jpeg\" alt=\"Namestitev prilagojene balkonske ograje iz aluminija Leeb\" class=\"wp-image-6083\" srcset=\"https:\/\/www.leeb-balkone.com\/app\/uploads\/2020\/08\/leeb-balkone-mitarbeiter-4-1024x767.jpeg 1024w, https:\/\/www.leeb-balkone.com\/app\/uploads\/2020\/08\/leeb-balkone-mitarbeiter-4-2048x1535.jpeg 2048w, https:\/\/www.leeb-balkone.com\/app\/uploads\/2020\/08\/leeb-balkone-mitarbeiter-4-300x225.jpeg 300w, https:\/\/www.leeb-balkone.com\/app\/uploads\/2020\/08\/leeb-balkone-mitarbeiter-4-768x575.jpeg 768w, https:\/\/www.leeb-balkone.com\/app\/uploads\/2020\/08\/leeb-balkone-mitarbeiter-4-1536x1151.jpeg 1536w\" sizes=\"auto, (max-width: 1024px) 100vw, 1024px\" \/><\/figure>\n\n\n\n<div class=\"wp-block-group m-card-content has-white-background-color has-background is-vertical is-layout-flex wp-container-core-group-is-layout-5580f018 wp-block-group-is-layout-flex\">\n<h3 class=\"wp-block-heading\">Vsestranska storitev za brezskrbno realizacijo!<\/h3>\n\n\n\n<p>Svetovanje na kraju samem, 3D konfigurator, tovarni\u0161ka proizvodnja, dobava in monta\u017ea.<\/p>\n<\/div>\n<a href=\"#overlay-150749\" class=\"open-modal-link\" aria-label=\"Open modal\"><span class=\"sr-only\">\u00d6ffne Modal<\/span><\/a><\/div>\n\n\n\n<div class=\"wp-block-group m-card has-modal is-layout-flow wp-container-core-group-is-layout-8a368f38 wp-block-group-is-layout-flow\" data-modal-id=\"150746\">\n<figure class=\"wp-block-image size-full\"><img loading=\"lazy\" decoding=\"async\" width=\"2048\" height=\"1366\" src=\"https:\/\/www.leeb-balkone.com\/app\/uploads\/2022\/05\/glas-bearbeitung-zuschnitt--scaled.jpg\" alt=\"glas bearbeitung zuschnitt \" class=\"wp-image-83644\" srcset=\"https:\/\/www.leeb-balkone.com\/app\/uploads\/2022\/05\/glas-bearbeitung-zuschnitt--scaled.jpg 2048w, https:\/\/www.leeb-balkone.com\/app\/uploads\/2022\/05\/glas-bearbeitung-zuschnitt--300x200.jpg 300w, https:\/\/www.leeb-balkone.com\/app\/uploads\/2022\/05\/glas-bearbeitung-zuschnitt--1024x683.jpg 1024w, https:\/\/www.leeb-balkone.com\/app\/uploads\/2022\/05\/glas-bearbeitung-zuschnitt--768x512.jpg 768w, https:\/\/www.leeb-balkone.com\/app\/uploads\/2022\/05\/glas-bearbeitung-zuschnitt--1536x1024.jpg 1536w\" sizes=\"auto, (max-width: 2048px) 100vw, 2048px\" \/><\/figure>\n\n\n\n<div class=\"wp-block-group m-card-content has-white-background-color has-background is-vertical is-layout-flex wp-container-core-group-is-layout-5580f018 wp-block-group-is-layout-flex\">\n<h3 class=\"wp-block-heading\"><strong>Laminirano varnostno steklo vrhunske kakovosti<\/strong><\/h3>\n\n\n\n<p>Preizku\u0161ena varnost, inovativne zasnove in dolgotrajna kakovost po meri s podjetjem Leeb Glas.<\/p>\n<\/div>\n<a href=\"#overlay-150746\" class=\"open-modal-link\" aria-label=\"Open modal\"><span class=\"sr-only\">\u00d6ffne Modal<\/span><\/a><\/div>\n\n\n\n<div class=\"wp-block-group m-card has-modal is-layout-flow wp-container-core-group-is-layout-8a368f38 wp-block-group-is-layout-flow\" data-modal-id=\"150753\">\n<figure class=\"wp-block-image size-large\"><img loading=\"lazy\" decoding=\"async\" width=\"1024\" height=\"665\" src=\"https:\/\/www.leeb-balkone.com\/app\/uploads\/2020\/08\/alu-comfort-plus-1024x665.jpg\" alt=\"alu comfort plus\" class=\"wp-image-5082\" srcset=\"https:\/\/www.leeb-balkone.com\/app\/uploads\/2020\/08\/alu-comfort-plus-1024x665.jpg 1024w, https:\/\/www.leeb-balkone.com\/app\/uploads\/2020\/08\/alu-comfort-plus-300x195.jpg 300w, https:\/\/www.leeb-balkone.com\/app\/uploads\/2020\/08\/alu-comfort-plus-768x499.jpg 768w, https:\/\/www.leeb-balkone.com\/app\/uploads\/2020\/08\/alu-comfort-plus-1536x997.jpg 1536w, https:\/\/www.leeb-balkone.com\/app\/uploads\/2020\/08\/alu-comfort-plus-2048x1330.jpg 2048w\" sizes=\"auto, (max-width: 1024px) 100vw, 1024px\" \/><\/figure>\n\n\n\n<div class=\"wp-block-group m-card-content has-white-background-color has-background is-vertical is-layout-flex wp-container-core-group-is-layout-5580f018 wp-block-group-is-layout-flex\">\n<h3 class=\"wp-block-heading\">Dolgoro\u010dna za\u0161\u010dita z ALU Comfort Plus\u00ae<\/h3>\n\n\n\n<p>Patentiran premaz in obdelava aluminija na najvi\u0161ji ravni.<\/p>\n<\/div>\n<a href=\"#overlay-150753\" class=\"open-modal-link\" aria-label=\"Open modal\"><span class=\"sr-only\">\u00d6ffne Modal<\/span><\/a><\/div>\n<\/div>\n\n\n\n<div class=\"wp-block-group o-grid u-md-1 is-layout-flow wp-block-group-is-layout-flow\" style=\"padding-top:var(--wp--preset--spacing--l)\">\n<div class=\"wp-block-group u-g-9 u-g-s-2 is-layout-flow wp-block-group-is-layout-flow\" style=\"margin-bottom:var(--wp--preset--spacing--s)\">\n<h3 class=\"wp-block-heading\">Prednosti na prvi pogled<\/h3>\n\n\n\n<p>Z na\u0161im solarnim balkonom imate koristi od estetsko popolnoma integriranih, robustnih PV modulov, prihranite stro\u0161ke elektri\u010dne energije in pove\u010date vrednost svoje nepremi\u010dnine &#8211; in seveda od vseh dokazanih prednosti aluminijastih in steklenih balkonskih ograj vodilne dru\u017ebe na trgu Leeb.<\/p>\n\n\n\n<ul class=\"wp-block-list is-style-checkmark-2\">\n<li><strong>Nagrajeni izdelek<\/strong>: Solarni balkon Leeb je bil leta 2024 nagrajen z nagrado Red Dot Award: Product Design za kombinacijo sodobne estetike in trajnostnega pridobivanja energije.<\/li>\n\n\n\n<li><strong>Visoka u\u010dinkovitost skozi vse leto<\/strong>: dvostranski moduli iz steklenega stekla z obvodnimi diodami zanesljivo zagotavljajo elektri\u010dno energijo tudi pri razpr\u0161eni son\u010dni svetlobi in ob nizki son\u010dni svetlobi.<\/li>\n\n\n\n<li><strong>Preprosto vzdr\u017eevanje in trajnost<\/strong>: robustni moduli, odporni proti to\u010di, in pra\u0161ni premaz ALU COMFORT PLUS\u00ae zagotavljajo trajno odpornost proti vremenskim vplivom.<\/li>\n\n\n\n<li><strong>Popolnoma integrirana zasnova<\/strong>: PV-moduli so estetsko in varno name\u0161\u010deni v stekleno ograjo (model Alu Design Vision), kabli pa so nevidno integrirani v ograjo.<\/li>\n\n\n\n<li><strong>Mo\u017enost Plug and play<\/strong>: SOLEEB omogo\u010da enostaven zagon &#8211; inverter se preprosto priklju\u010di v vti\u010dnico (do 800 W napajalne mo\u010di ali 4 PV-moduli).<\/li>\n\n\n\n<li><strong>Vsestranska storitev:<\/strong> Leeb vam nudi vse od na\u010drtovanja po meri in natan\u010dne izdelave do strokovne namestitve iz enega samega vira.<\/li>\n<\/ul>\n<\/div>\n<\/div>\n<\/section>\n\n<section class=\"wp-block-cover alignfull is-light katalog-cta\" style=\"margin-top:0;margin-bottom:0;padding-top:0;padding-right:0;padding-bottom:0;padding-left:0;min-height:100px;aspect-ratio:unset;\"><img loading=\"lazy\" decoding=\"async\" width=\"1920\" height=\"599\" class=\"wp-block-cover__image-background wp-image-7912 size-full\" alt=\"leeb balkone katalog anfordern\" src=\"https:\/\/www.leeb-balkone.com\/app\/uploads\/2020\/09\/leeb-balkone-katalog-anfordern-1.jpeg\" data-object-fit=\"cover\" srcset=\"https:\/\/www.leeb-balkone.com\/app\/uploads\/2020\/09\/leeb-balkone-katalog-anfordern-1-300x94.jpeg 300w, https:\/\/www.leeb-balkone.com\/app\/uploads\/2020\/09\/leeb-balkone-katalog-anfordern-1-1024x319.jpeg 1024w, https:\/\/www.leeb-balkone.com\/app\/uploads\/2020\/09\/leeb-balkone-katalog-anfordern-1-768x240.jpeg 768w, https:\/\/www.leeb-balkone.com\/app\/uploads\/2020\/09\/leeb-balkone-katalog-anfordern-1-1536x479.jpeg 1536w\" sizes=\"auto, (max-width: 1920px) 100vw, 1920px\" \/><span aria-hidden=\"true\" class=\"wp-block-cover__background has-primary-45-background-color has-background-dim-80 has-background-dim\"><\/span><div class=\"wp-block-cover__inner-container has-global-padding is-layout-constrained wp-container-core-cover-is-layout-fc5783d2 wp-block-cover-is-layout-constrained\">\n<div class=\"wp-block-group is-layout-flow wp-block-group-is-layout-flow\" style=\"min-height:0px;margin-top:0;margin-bottom:0;padding-top:var(--wp--preset--spacing--2-xl);padding-bottom:var(--wp--preset--spacing--2-xl);padding-left:0\">\n<div class=\"wp-block-columns are-vertically-aligned-center is-layout-flex wp-container-core-columns-is-layout-0a4bbf16 wp-block-columns-is-layout-flex\" style=\"margin-top:0;margin-bottom:0\">\n<div class=\"wp-block-column is-vertically-aligned-center is-layout-flow wp-block-column-is-layout-flow\" style=\"flex-basis:66.66%\">\n<h2 class=\"wp-block-heading\">Son\u010dni balkon v katalogu<\/h2>\n\n\n\n<p class=\"is-style-teaser\"><span class=\"teaser\">Izvedite ve\u010d o na\u0161ih solarnih sistemih, materialih in tehni\u010dnih podrobnostih. V na\u0161i iz\u010drpni bro\u0161uri o izdelkih boste na enem mestu na\u0161li vse potrebne informacije. <\/span><\/p>\n<\/div>\n\n\n\n<div class=\"wp-block-column is-vertically-aligned-center is-layout-flow wp-block-column-is-layout-flow\" style=\"flex-basis:33.33%\">\n<div class=\"wp-block-buttons u-m-jc-left is-content-justification-right is-layout-flex wp-container-core-buttons-is-layout-c060c6c7 wp-block-buttons-is-layout-flex\">\n<div class=\"wp-block-button is-style-filled-white large\"><a class=\"wp-block-button__link wp-element-button\" href=\"https:\/\/www.leeb-balkone.com\/sl\/kontakt\/zahtevajte-katalog\/\" style=\"box-shadow:var(--wp--preset--shadow--button-shadow)\">Naro\u010dite katalog zdaj<\/a><\/div>\n<\/div>\n<\/div>\n<\/div>\n<\/div>\n<\/div><\/section>\n\n<section class=\"wp-block-group alignfull has-white-background-color has-background has-global-padding is-layout-constrained wp-container-core-group-is-layout-52f96efc wp-block-group-is-layout-constrained\">\n<div class=\"wp-block-group o-grid u-md-1 is-layout-flow wp-block-group-is-layout-flow\" style=\"padding-top:0\">\n<div class=\"wp-block-group u-g-9 u-g-s-2 is-layout-flow wp-block-group-is-layout-flow\" style=\"margin-bottom:var(--wp--preset--spacing--s)\">\n<h2 class=\"wp-block-heading\">Zakaj Leeb Solar Balcony iz Leeba?<\/h2>\n\n\n\n<p class=\"is-style-teaser\"><span class=\"teaser\">Na\u0161 solarni balkon zdru\u017euje preverjene prednosti kakovosti aluminija in stekla Leeb z inovativno fotovoltai\u010dno tehnologijo in je videti odli\u010dno. Zato je prejel presti\u017eno nagrado Red Dot Award.   <\/span><\/p>\n<\/div>\n<\/div>\n\n\n\n<div class=\"wp-block-group is-layout-flow wp-container-core-group-is-layout-d5075d26 wp-block-group-is-layout-flow\">\n<div class=\"wp-block-columns is-style-shadow m-split is-layout-flex wp-container-core-columns-is-layout-28f84493 wp-block-columns-is-layout-flex\">\n<div class=\"wp-block-column is-style-default is-layout-flow wp-block-column-is-layout-flow\">\n<figure class=\"wp-block-image size-large\"><img loading=\"lazy\" decoding=\"async\" width=\"1024\" height=\"768\" src=\"https:\/\/www.leeb-balkone.com\/app\/uploads\/2024\/04\/solar-glas-alu-balkon-10-red-dot-gross-2-1024x768.jpg\" alt=\"solar glas alu balkon 10 red dot gross\" class=\"wp-image-137404\" style=\"aspect-ratio:4\/3;object-fit:cover\" srcset=\"https:\/\/www.leeb-balkone.com\/app\/uploads\/2024\/04\/solar-glas-alu-balkon-10-red-dot-gross-2-1024x768.jpg 1024w, https:\/\/www.leeb-balkone.com\/app\/uploads\/2024\/04\/solar-glas-alu-balkon-10-red-dot-gross-2-300x225.jpg 300w, https:\/\/www.leeb-balkone.com\/app\/uploads\/2024\/04\/solar-glas-alu-balkon-10-red-dot-gross-2-768x576.jpg 768w, https:\/\/www.leeb-balkone.com\/app\/uploads\/2024\/04\/solar-glas-alu-balkon-10-red-dot-gross-2-1536x1152.jpg 1536w, https:\/\/www.leeb-balkone.com\/app\/uploads\/2024\/04\/solar-glas-alu-balkon-10-red-dot-gross-2-2048x1536.jpg 2048w\" sizes=\"auto, (max-width: 1024px) 100vw, 1024px\" \/><\/figure>\n<\/div>\n\n\n\n<div class=\"wp-block-column is-vertically-aligned-center is-style-overlay-content is-layout-flow wp-block-column-is-layout-flow\">\n<div class=\"wp-block-group is-vertical is-layout-flex wp-container-core-group-is-layout-6aed0e10 wp-block-group-is-layout-flex\">\n<h3 class=\"wp-block-heading\"><strong>Nagrada Red Dot: oblikovanje izdelkov<\/strong> 2024<\/h3>\n\n\n\n<p>Trajnostno pridobivanje energije in sodoben videz sta v solarnem balkonu Leeb zdru\u017eena v prakti\u010dno in vizualno privla\u010dno kombinacijo. Fotonapetostni moduli, vgrajeni v laminirano varnostno steklo, pomagajo zmanj\u0161ati stro\u0161ke elektri\u010dne energije. Te naprave zagotavljajo takoj uporabno son\u010dno energijo in tako lahko v son\u010dnih dneh pokrijejo do 30 % dnevne potrebe po elektri\u010dni energiji. Celoten komplet z inverterjem je enostaven za namestitev, izbolj\u0161a ekolo\u0161ki odtis in pove\u010da vrednost stavbe.   <\/p>\n\n\n\n<div class=\"wp-block-buttons is-layout-flex wp-block-buttons-is-layout-flex\" style=\"margin-top:var(--wp--preset--spacing--2-xs)\">\n<div class=\"wp-block-button is-style-outline-secondary\"><a class=\"wp-block-button__link has-transparent-background-color has-background wp-element-button\" href=\"https:\/\/www.red-dot.org\/de\/project\/leeb-solarbalkon-69312\" target=\"_blank\" rel=\"noreferrer noopener nofollow\">Nagrada Red Dot<\/a><\/div>\n<\/div>\n<\/div>\n<\/div>\n<\/div>\n\n\n\n<div class=\"wp-block-columns is-style-shadow m-split m-split-reverse is-layout-flex wp-container-core-columns-is-layout-28f84493 wp-block-columns-is-layout-flex\">\n<div class=\"wp-block-column is-style-default is-layout-flow wp-block-column-is-layout-flow\">\n<figure class=\"wp-block-image size-large\"><img loading=\"lazy\" decoding=\"async\" width=\"1024\" height=\"683\" src=\"https:\/\/www.leeb-balkone.com\/app\/uploads\/2020\/07\/alu-balkongelaender-solar-16-1024x683.jpg\" alt=\"alu balkongelaender solar\" class=\"wp-image-138368\" style=\"aspect-ratio:4\/3;object-fit:cover\" srcset=\"https:\/\/www.leeb-balkone.com\/app\/uploads\/2020\/07\/alu-balkongelaender-solar-16-1024x683.jpg 1024w, https:\/\/www.leeb-balkone.com\/app\/uploads\/2020\/07\/alu-balkongelaender-solar-16-300x200.jpg 300w, https:\/\/www.leeb-balkone.com\/app\/uploads\/2020\/07\/alu-balkongelaender-solar-16-768x512.jpg 768w, https:\/\/www.leeb-balkone.com\/app\/uploads\/2020\/07\/alu-balkongelaender-solar-16-1536x1024.jpg 1536w, https:\/\/www.leeb-balkone.com\/app\/uploads\/2020\/07\/alu-balkongelaender-solar-16-2048x1366.jpg 2048w\" sizes=\"auto, (max-width: 1024px) 100vw, 1024px\" \/><\/figure>\n<\/div>\n\n\n\n<div class=\"wp-block-column is-vertically-aligned-center is-style-overlay-content is-layout-flow wp-block-column-is-layout-flow\">\n<div class=\"wp-block-group is-vertical is-layout-flex wp-container-core-group-is-layout-6aed0e10 wp-block-group-is-layout-flex\">\n<h3 class=\"wp-block-heading\">Leeb PV modul Optimus<\/h3>\n\n\n\n<p>Ta optimizirani PV-modul je rezultat intenzivnega sodelovanja z na\u0161im dobaviteljem in je bil razvit posebej za na\u0161e zahteve. \u010ce so deli fotonapetostnega modula zasen\u010deni, se zmanj\u0161a mo\u010d celotnega modula ali niza.  Te izgube energije je mogo\u010de izni\u010diti z vgrajenimi optimizatorji v fotonapetostnih modulih.  <\/p>\n\n\n\n<p class=\"has-step-s-font-size\">Fotovoltai\u010dni modul Leeb Optimus je na voljo za na\u0161e solarne balkone in solarne ograje do dolo\u010dene vi\u0161ine. Modul Leeb PV 300 uporabljamo za nadstre\u0161ke, nadstre\u0161ke za avtomobile in vi\u0161je solarne ograje. <\/p>\n\n\n\n<div class=\"wp-block-buttons is-layout-flex wp-block-buttons-is-layout-flex\" style=\"margin-top:var(--wp--preset--spacing--2-xs)\">\n<div class=\"wp-block-button is-style-outline-secondary\"><a class=\"wp-block-button__link has-transparent-background-color has-background wp-element-button\" href=\"https:\/\/www.leeb-balkone.com\/sl\/solar\/\">Son\u010dni izdelki<\/a><\/div>\n<\/div>\n<\/div>\n<\/div>\n<\/div>\n\n\n\n<div class=\"wp-block-columns is-style-shadow m-split is-layout-flex wp-container-core-columns-is-layout-28f84493 wp-block-columns-is-layout-flex\">\n<div class=\"wp-block-column is-style-default is-layout-flow wp-block-column-is-layout-flow\">\n<figure class=\"wp-block-image size-full\"><img loading=\"lazy\" decoding=\"async\" width=\"657\" height=\"566\" src=\"https:\/\/www.leeb-balkone.com\/app\/uploads\/2024\/06\/SOLEEB-NEU.png\" alt=\"SOLEEB NEU\" class=\"wp-image-139009\" style=\"aspect-ratio:4\/3;object-fit:cover\" srcset=\"https:\/\/www.leeb-balkone.com\/app\/uploads\/2024\/06\/SOLEEB-NEU.png 657w, https:\/\/www.leeb-balkone.com\/app\/uploads\/2024\/06\/SOLEEB-NEU-300x258.png 300w\" sizes=\"auto, (max-width: 657px) 100vw, 657px\" \/><\/figure>\n<\/div>\n\n\n\n<div class=\"wp-block-column is-vertically-aligned-center is-style-overlay-content is-layout-flow wp-block-column-is-layout-flow\">\n<div class=\"wp-block-group is-vertical is-layout-flex wp-container-core-group-is-layout-6aed0e10 wp-block-group-is-layout-flex\">\n<h3 class=\"wp-block-heading\">Balkonska elektrarna<\/h3>\n\n\n\n<p>S sistemom SOLEEB plug-and-play podjetja Leeb bo va\u0161 balkon v hipu postal va\u0161 lastni vir energije: popolnoma integrirani fotovoltai\u010dni moduli so na voljo v kompletu z mikro inverterjem in jih lahko preprosto priklju\u010dite na najbli\u017ejo elektri\u010dno vti\u010dnico. To pomeni, da lahko takoj izkoristite trajnostno son\u010dno energijo, zmanj\u0161ate stro\u0161ke elektri\u010dne energije in ostanete prilagodljivi.   <\/p>\n\n\n\n<p class=\"has-step-s-font-size\">Mo\u017eni so do \u0161tirje moduli in najve\u010dja priklju\u010dna mo\u010d 800 vatov.<\/p>\n\n\n\n<div class=\"wp-block-buttons is-layout-flex wp-block-buttons-is-layout-flex\" style=\"margin-top:var(--wp--preset--spacing--2-xs)\">\n<div class=\"wp-block-button is-style-outline-secondary\"><a class=\"wp-block-button__link has-transparent-background-color has-background wp-element-button\" href=\"https:\/\/www.leeb-balkone.com\/sl\/tehnika\/soleeb\/\">Vklju\u010di in uporabi<\/a><\/div>\n<\/div>\n<\/div>\n<\/div>\n<\/div>\n<\/div>\n<\/section>\n\n<section class=\"wp-block-group alignfull has-light-gray-background-color has-background has-global-padding is-layout-constrained wp-container-core-group-is-layout-52f96efc wp-block-group-is-layout-constrained\">\n<div class=\"wp-block-group o-grid u-md-1 is-layout-flow wp-block-group-is-layout-flow\" style=\"padding-top:0\">\n<div class=\"wp-block-group u-g-9 u-g-s-2 is-layout-flow wp-block-group-is-layout-flow\" style=\"margin-bottom:var(--wp--preset--spacing--s)\">\n<h2 class=\"wp-block-heading\">Pogosto zastavljena vpra\u0161anja<\/h2>\n\n\n\n<p class=\"is-style-teaser\" style=\"padding-bottom:var(--wp--preset--spacing--m)\">Imate splo\u0161na vpra\u0161anja o na\u0161ih solarnih balkonih? V na\u0161ih Pogosto zastavljenih vpra\u0161anjih boste na\u0161li kratke odgovore na pogosto zastavljena vpra\u0161anja o balkonskih ograjah s fotovoltai\u010dnimi plo\u0161\u010dami. <\/p>\n\n\n\n<div class=\"wp-block-t3-acc-accordion is-style-default\"><button id=\"accordion-ead1d654-c47b-4b5f-9fd8-d7d53ba110aa-button\" class=\"accordion__button\" aria-expanded=\"false\" aria-controls=\"accordion-ead1d654-c47b-4b5f-9fd8-d7d53ba110aa-panel\"><h3 data-accordion-title=\"true\" style=\"font-size:var(--step-1)\">Je fotovoltaika na balkonskih ograjah smiselna?<\/h3><\/button><div id=\"accordion-ead1d654-c47b-4b5f-9fd8-d7d53ba110aa-panel\" class=\"accordion__panel\" role=\"region\" aria-labelledby=\"accordion-ead1d654-c47b-4b5f-9fd8-d7d53ba110aa-button\">\n<p>Tako imenovani son\u010dni balkoni so eden naju\u010dinkovitej\u0161ih na\u010dinov, kako lahko lastniki stanovanj ali stanovanjskih blokov aktivno prispevajo k energetski revoluciji in hkrati zmanj\u0161ajo lastne stro\u0161ke elektri\u010dne energije. Balkonske ograje z vgrajenimi fotonapetostnimi paneli imajo \u0161tevilne prednosti in so \u0161e posebej smiselna re\u0161itev: <\/p>\n\n\n\n<ul class=\"wp-block-list\">\n<li>Za lastnike stanovanj in najemnike, ki nimajo dostopa do strehe.<\/li>\n\n\n\n<li>Za vse, ki cenijo dizajn, trajnost in enostavnost uporabe.<\/li>\n\n\n\n<li>Za ljudi, ki \u017eelijo dolgoro\u010dno zmanj\u0161ati svoje stro\u0161ke za energijo in postati bolj neodvisni od trga z elektri\u010dno energijo.<\/li>\n<\/ul>\n\n\n\n<p>Zaklju\u010dek: Fotovoltaika na balkonskih ograjah je lahko zelo smiselna, zlasti z dobro premi\u0161ljeno in popolnoma integrirano re\u0161itvijo, kot je Leeb Solar Balcony.<\/p>\n<\/div><\/div>\n\n\n\n<div class=\"wp-block-t3-acc-accordion is-style-default\"><button id=\"accordion-5d264f52-5305-4813-83ce-4b5d8b60f4d7-button\" class=\"accordion__button\" aria-expanded=\"false\" aria-controls=\"accordion-5d264f52-5305-4813-83ce-4b5d8b60f4d7-panel\"><h3 data-accordion-title=\"true\" style=\"font-size:var(--step-1)\">Ali naprava Leeb Solar Balcony proizvaja elektri\u010dno energijo tudi v obla\u010dnih dneh?<\/h3><\/button><div id=\"accordion-5d264f52-5305-4813-83ce-4b5d8b60f4d7-panel\" class=\"accordion__panel\" role=\"region\" aria-labelledby=\"accordion-5d264f52-5305-4813-83ce-4b5d8b60f4d7-button\">\n<p>Da, fotonapetostni moduli proizvajajo elektri\u010dno energijo tudi v razpr\u0161eni svetlobi. Tudi v dneh brez sonca se svetloba absorbira in pretvarja v energijo. Izbolj\u0161ano u\u010dinkovitost zagotavljajo dvofazni moduli (dvofazni moduli z obvodnimi diodami). Elektri\u010dna energija se proizvaja zunaj poletnih mesecev ter zjutraj in zve\u010der, ko so son\u010dni \u017earki zaradi navpi\u010dne namestitve modulov ploski. Dvostranski fotovoltai\u010dni moduli omogo\u010dajo izkori\u0161\u010danje son\u010dne svetlobe na sprednji in zadnji strani modulov.    <\/p>\n<\/div><\/div>\n\n\n\n<div class=\"wp-block-t3-acc-accordion is-style-default\"><button id=\"accordion-18cc8462-e4da-4b67-856b-0ec555c860e8-button\" class=\"accordion__button\" aria-expanded=\"false\" aria-controls=\"accordion-18cc8462-e4da-4b67-856b-0ec555c860e8-panel\"><h3 data-accordion-title=\"true\" style=\"font-size:var(--step-1)\">Ali lahko balkonsko elektrarno priklju\u010dim brez elektri\u010darja?<\/h3><\/button><div id=\"accordion-18cc8462-e4da-4b67-856b-0ec555c860e8-panel\" class=\"accordion__panel\" role=\"region\" aria-labelledby=\"accordion-18cc8462-e4da-4b67-856b-0ec555c860e8-button\">\n<p>Da, z napravo Leeb Solar Balcony lahko sami brez elektri\u010darja priklju\u010dite balkonsko elektrarno z mo\u010djo do 800 W. Sistem je zasnovan kot popoln komplet &#8220;plug-and-play&#8221;: prilo\u017eeni inverter preprosto priklju\u010dite na obi\u010dajno vti\u010dnico. Predhodno tehni\u010dno znanje ali specializirano osebje nista potrebna, \u010de ni prese\u017eena najve\u010dja mo\u010d 800 W.    <\/p>\n\n\n\n<p>Erst bei einer gr\u00f6\u00dferen Anlage, also bei einer Gesamtleistung \u00fcber 800 Watt, ist eine Installation durch einen Elektriker gesetzlich vorgeschrieben<a href=\"https:\/\/www.leeb-balkone.com\/de\/blog\/solar-power-leicht-gemacht-welches-system-passt-zu-ihrem-balkon\/\" target=\"_blank\" rel=\"noreferrer noopener\"><\/a><a href=\"https:\/\/www.leeb-balkone.com\/de\/blog\/solar-power-leicht-gemacht-welches-system-passt-zu-ihrem-balkon\/\" target=\"_blank\" rel=\"noreferrer noopener\"><\/a>.\u00a0F\u00fcr viele Anwendungsf\u00e4lle im privaten Bereich reicht das Plug-and-Play-System von Leeb jedoch aus.<\/p>\n<\/div><\/div>\n\n\n\n<div class=\"wp-block-t3-acc-accordion is-style-default\"><button id=\"accordion-94cd52da-ac89-4546-8863-fd7c7e0e67ce-button\" class=\"accordion__button\" aria-expanded=\"false\" aria-controls=\"accordion-94cd52da-ac89-4546-8863-fd7c7e0e67ce-panel\"><h3 data-accordion-title=\"true\" style=\"font-size:var(--step-1)\"><strong><strong><strong>Ali obstajajo subvencije za son\u010dni balkon Leeb?<\/strong><\/strong><\/strong><\/h3><\/button><div id=\"accordion-94cd52da-ac89-4546-8863-fd7c7e0e67ce-panel\" class=\"accordion__panel\" role=\"region\" aria-labelledby=\"accordion-94cd52da-ac89-4546-8863-fd7c7e0e67ce-button\">\n<p>Son\u010dni balkon Leeb je na splo\u0161no upravi\u010den do subvencij, \u010de regionalni programi vklju\u010dujejo priklju\u010dne son\u010dne sisteme ali balkonske elektrarne. Preverite trenutne pogoje subvencioniranja v svojem mestu ali zvezni dr\u017eavi, \u010de \u017eelite izkoristiti subvencije in dav\u010dne olaj\u0161ave. Najnovej\u0161e informacije o tem lahko dobite pri pristojnem zveznem ministrstvu ali pri lokalnem svetovalcu Leeb.  <\/p>\n<\/div><\/div>\n\n\n\n<div class=\"wp-block-t3-acc-accordion is-style-default\"><button id=\"accordion-f618bfe9-7d6a-446f-8737-d6370d3411b1-button\" class=\"accordion__button\" aria-expanded=\"false\" aria-controls=\"accordion-f618bfe9-7d6a-446f-8737-d6370d3411b1-panel\"><h3 data-accordion-title=\"true\" style=\"font-size:var(--step-1)\"><strong><strong><strong><strong>Kako trpe\u017een in nezahteven je sistem?<\/strong><\/strong><\/strong><\/strong><\/h3><\/button><div id=\"accordion-f618bfe9-7d6a-446f-8737-d6370d3411b1-panel\" class=\"accordion__panel\" role=\"region\" aria-labelledby=\"accordion-f618bfe9-7d6a-446f-8737-d6370d3411b1-button\">\n<p>Sistem Leeb za balkonske ograje iz aluminija in stekla s fotovoltai\u010dnimi moduli je izjemno trpe\u017een in nezahteven za vzdr\u017eevanje. Ponuja trajnostno, varno in priro\u010dno re\u0161itev za proizvodnjo lastne elektri\u010dne energije na balkonu &#8211; z minimalnim vzdr\u017eevanjem in zelo dolgo \u017eivljenjsko dobo. <\/p>\n\n\n\n<ul class=\"wp-block-list\">\n<li><strong>\u017divljenjska doba:<\/strong> \u2265 25 let (z do 25-letno garancijo)<\/li>\n\n\n\n<li><strong>Vzdr\u017eevanje:<\/strong> zelo majhno zaradi navpi\u010dne namestitve in robustne zasnove.<\/li>\n\n\n\n<li><strong>Odpornost proti vremenskim vplivom:<\/strong> visoka zaradi posebnega premaza in vgradnje stekla<\/li>\n<\/ul>\n\n\n\n<p>Zaradi teh lastnosti je sistem Leeb nalo\u017eba za trajnostno \u017eivljenje, ki bo v prihodnosti \u0161e kako varna.<\/p>\n<\/div><\/div>\n\n\n\n<div class=\"wp-block-t3-acc-accordion is-style-default\"><button id=\"accordion-88b5f811-a693-42bc-a354-dd668dc56e60-button\" class=\"accordion__button\" aria-expanded=\"false\" aria-controls=\"accordion-88b5f811-a693-42bc-a354-dd668dc56e60-panel\"><h3 data-accordion-title=\"true\" style=\"font-size:var(--step-1)\"><strong><strong><strong><strong><strong>Ali lahko solarni balkon naknadno namestim?<\/strong><\/strong><\/strong><\/strong><\/strong><\/h3><\/button><div id=\"accordion-88b5f811-a693-42bc-a354-dd668dc56e60-panel\" class=\"accordion__panel\" role=\"region\" aria-labelledby=\"accordion-88b5f811-a693-42bc-a354-dd668dc56e60-button\">\n<p>Sistem je bil razvit posebej za balkone Leeb ter je na\u010drtovan in izdelan po meri. Nadgradnja obstoje\u010dih zunanjih balkonov na splo\u0161no ni predvidena. Za dodatna vpra\u0161anja in osebno svetovanje je podjetje Leeb na voljo s partnersko mre\u017eo po vsej Evropi.  <\/p>\n<\/div><\/div>\n<\/div>\n<\/div>\n<\/section>\n\n<section class=\"wp-block-group alignfull has-white-background-color has-background has-global-padding is-layout-constrained wp-container-core-group-is-layout-52f96efc wp-block-group-is-layout-constrained\">\n<div class=\"wp-block-group o-grid u-md-1 is-layout-flow wp-block-group-is-layout-flow\" style=\"padding-top:0\">\n<div class=\"wp-block-group u-g-9 u-g-s-2 is-layout-flow wp-block-group-is-layout-flow\">\n<h2 class=\"wp-block-heading\">Vtisi son\u010dnega balkona<\/h2>\n\n\n\n<p><span class=\"teaser\"><span class=\"teaser\">Naj vas navdihnejo mo\u017enosti oblikovanja na\u0161ih solarnih balkonskih ograj.<\/span><\/span><\/p>\n<\/div>\n<\/div>\n\n\n    <div id=\"t3-lg-block-1\" class=\"wp-block-t3-lightgallery\" data-initial-count=\"9\">\n      <div class=\"lg-container u-grid-temp has-3-cols\">\n                  <div class=\"lg-item\" data-src=\"https:\/\/www.leeb-balkone.com\/app\/uploads\/2020\/07\/solarbalkon-optimus-und-glasbalkon-ballina-innenansicht-scaled.jpg\"\n              data-sub-html=\"&lt;p&gt;Kombination aus Balkongel\u00e4nder Modell Ballina und Solarbalkon Optimus&lt;\/p&gt;\">\n            <div class=\"img-wrapper\">\n                <figure>\n                    <img loading=\"lazy\" decoding=\"async\" width=\"300\" height=\"200\" src=\"https:\/\/www.leeb-balkone.com\/app\/uploads\/2020\/07\/solarbalkon-optimus-und-glasbalkon-ballina-innenansicht-300x200.jpg\" class=\"attachment-medium size-medium\" alt=\"Kombination aus Balkongel\u00e4nder Modell Ballina und Solarbalkon Optimus\" srcset=\"https:\/\/www.leeb-balkone.com\/app\/uploads\/2020\/07\/solarbalkon-optimus-und-glasbalkon-ballina-innenansicht-300x200.jpg 300w, https:\/\/www.leeb-balkone.com\/app\/uploads\/2020\/07\/solarbalkon-optimus-und-glasbalkon-ballina-innenansicht-1024x683.jpg 1024w, https:\/\/www.leeb-balkone.com\/app\/uploads\/2020\/07\/solarbalkon-optimus-und-glasbalkon-ballina-innenansicht-768x512.jpg 768w, https:\/\/www.leeb-balkone.com\/app\/uploads\/2020\/07\/solarbalkon-optimus-und-glasbalkon-ballina-innenansicht-1536x1024.jpg 1536w, https:\/\/www.leeb-balkone.com\/app\/uploads\/2020\/07\/solarbalkon-optimus-und-glasbalkon-ballina-innenansicht-2048x1366.jpg 2048w\" sizes=\"auto, (min-width: 1200px) 260px, (min-width: 1024px) 220px, (min-width: 640px) 465px, 768px\" \/>    \n                <\/figure>\n                        <\/div>\n            <p>Kombination aus Balkongel\u00e4nder Modell Ballina und Solarbalkon Optimus<\/p>        <\/div>\n                  <div class=\"lg-item\" data-src=\"https:\/\/www.leeb-balkone.com\/app\/uploads\/2020\/07\/balkongelaender-solar-11-scaled.jpg\"\n              data-sub-html=\"&lt;p&gt;Solarbalkon (Innenansicht)&lt;\/p&gt;\">\n            <div class=\"img-wrapper\">\n                <figure>\n                    <img loading=\"lazy\" decoding=\"async\" width=\"300\" height=\"200\" src=\"https:\/\/www.leeb-balkone.com\/app\/uploads\/2020\/07\/balkongelaender-solar-11-300x200.jpg\" class=\"attachment-medium size-medium\" alt=\"Solarbalkon (Innenansicht)\" srcset=\"https:\/\/www.leeb-balkone.com\/app\/uploads\/2020\/07\/balkongelaender-solar-11-300x200.jpg 300w, https:\/\/www.leeb-balkone.com\/app\/uploads\/2020\/07\/balkongelaender-solar-11-1024x683.jpg 1024w, https:\/\/www.leeb-balkone.com\/app\/uploads\/2020\/07\/balkongelaender-solar-11-768x513.jpg 768w, https:\/\/www.leeb-balkone.com\/app\/uploads\/2020\/07\/balkongelaender-solar-11-1536x1025.jpg 1536w, https:\/\/www.leeb-balkone.com\/app\/uploads\/2020\/07\/balkongelaender-solar-11-2048x1367.jpg 2048w\" sizes=\"auto, (min-width: 1200px) 260px, (min-width: 1024px) 220px, (min-width: 640px) 465px, 768px\" \/>    \n                <\/figure>\n                        <\/div>\n            <p>Solarbalkon (Innenansicht)<\/p>        <\/div>\n                  <div class=\"lg-item\" data-src=\"https:\/\/www.leeb-balkone.com\/app\/uploads\/2020\/07\/glasbalkon-ballina-und-solarbalkon-optimus-in-aluminium-anthrazit-scaled.jpg\"\n              data-sub-html=\"&lt;p&gt;Kombinacija balkonske ograje modela Ballina in solarne balkonske ograje Optimus&lt;\/p&gt;\">\n            <div class=\"img-wrapper\">\n                <figure>\n                    <img loading=\"lazy\" decoding=\"async\" width=\"300\" height=\"169\" src=\"https:\/\/www.leeb-balkone.com\/app\/uploads\/2020\/07\/glasbalkon-ballina-und-solarbalkon-optimus-in-aluminium-anthrazit-300x169.jpg\" class=\"attachment-medium size-medium\" alt=\"Kombination aus Balkongel\u00e4nder Modell Ballina und Solarbalkon Optimus\" srcset=\"https:\/\/www.leeb-balkone.com\/app\/uploads\/2020\/07\/glasbalkon-ballina-und-solarbalkon-optimus-in-aluminium-anthrazit-300x169.jpg 300w, https:\/\/www.leeb-balkone.com\/app\/uploads\/2020\/07\/glasbalkon-ballina-und-solarbalkon-optimus-in-aluminium-anthrazit-1024x575.jpg 1024w, https:\/\/www.leeb-balkone.com\/app\/uploads\/2020\/07\/glasbalkon-ballina-und-solarbalkon-optimus-in-aluminium-anthrazit-768x431.jpg 768w, https:\/\/www.leeb-balkone.com\/app\/uploads\/2020\/07\/glasbalkon-ballina-und-solarbalkon-optimus-in-aluminium-anthrazit-1536x863.jpg 1536w, https:\/\/www.leeb-balkone.com\/app\/uploads\/2020\/07\/glasbalkon-ballina-und-solarbalkon-optimus-in-aluminium-anthrazit-2048x1151.jpg 2048w\" sizes=\"auto, (min-width: 1200px) 260px, (min-width: 1024px) 220px, (min-width: 640px) 465px, 768px\" \/>    \n                <\/figure>\n                        <\/div>\n            <p>Kombinacija balkonske ograje modela Ballina in solarne balkonske ograje Optimus<\/p>        <\/div>\n                  <div class=\"lg-item\" data-src=\"https:\/\/www.leeb-balkone.com\/app\/uploads\/2020\/07\/solarbalkon-pvbalkon-sonnenenergie-balkon-balkongelaender-alubalkon-glasfuellung-glasbalkon-scaled.jpg\"\n              data-sub-html=\"&lt;p&gt;Solarbalkon mit wechselnder F\u00fcllung (Solarpanele und Mattglas), Innenansicht&lt;\/p&gt;\">\n            <div class=\"img-wrapper\">\n                <figure>\n                    <img loading=\"lazy\" decoding=\"async\" width=\"300\" height=\"200\" src=\"https:\/\/www.leeb-balkone.com\/app\/uploads\/2020\/07\/solarbalkon-pvbalkon-sonnenenergie-balkon-balkongelaender-alubalkon-glasfuellung-glasbalkon-300x200.jpg\" class=\"attachment-medium size-medium\" alt=\"Solarbalkon mit wechselnder F\u00fcllung (Solarpanele und Mattglas), Innenansicht\" srcset=\"https:\/\/www.leeb-balkone.com\/app\/uploads\/2020\/07\/solarbalkon-pvbalkon-sonnenenergie-balkon-balkongelaender-alubalkon-glasfuellung-glasbalkon-300x200.jpg 300w, https:\/\/www.leeb-balkone.com\/app\/uploads\/2020\/07\/solarbalkon-pvbalkon-sonnenenergie-balkon-balkongelaender-alubalkon-glasfuellung-glasbalkon-1024x683.jpg 1024w, https:\/\/www.leeb-balkone.com\/app\/uploads\/2020\/07\/solarbalkon-pvbalkon-sonnenenergie-balkon-balkongelaender-alubalkon-glasfuellung-glasbalkon-768x512.jpg 768w, https:\/\/www.leeb-balkone.com\/app\/uploads\/2020\/07\/solarbalkon-pvbalkon-sonnenenergie-balkon-balkongelaender-alubalkon-glasfuellung-glasbalkon-1536x1024.jpg 1536w, https:\/\/www.leeb-balkone.com\/app\/uploads\/2020\/07\/solarbalkon-pvbalkon-sonnenenergie-balkon-balkongelaender-alubalkon-glasfuellung-glasbalkon-2048x1366.jpg 2048w\" sizes=\"auto, (min-width: 1200px) 260px, (min-width: 1024px) 220px, (min-width: 640px) 465px, 768px\" \/>    \n                <\/figure>\n                        <\/div>\n            <p>Solarbalkon mit wechselnder F\u00fcllung (Solarpanele und Mattglas), Innenansicht<\/p>        <\/div>\n                  <div class=\"lg-item\" data-src=\"https:\/\/www.leeb-balkone.com\/app\/uploads\/2020\/07\/solarbalkon-optimus-in-anthrazit-mit-verblendung-scaled.jpg\"\n              data-sub-html=\"&lt;p&gt;Solarbalkon Optimus in Anthrazit &lt;\/p&gt;\">\n            <div class=\"img-wrapper\">\n                <figure>\n                    <img loading=\"lazy\" decoding=\"async\" width=\"300\" height=\"200\" src=\"https:\/\/www.leeb-balkone.com\/app\/uploads\/2020\/07\/solarbalkon-optimus-in-anthrazit-mit-verblendung-300x200.jpg\" class=\"attachment-medium size-medium\" alt=\"Solarbalkon Optimus in Anthrazit mit innenliegend versteckten Verkabelungen\" srcset=\"https:\/\/www.leeb-balkone.com\/app\/uploads\/2020\/07\/solarbalkon-optimus-in-anthrazit-mit-verblendung-300x200.jpg 300w, https:\/\/www.leeb-balkone.com\/app\/uploads\/2020\/07\/solarbalkon-optimus-in-anthrazit-mit-verblendung-1024x683.jpg 1024w, https:\/\/www.leeb-balkone.com\/app\/uploads\/2020\/07\/solarbalkon-optimus-in-anthrazit-mit-verblendung-768x512.jpg 768w, https:\/\/www.leeb-balkone.com\/app\/uploads\/2020\/07\/solarbalkon-optimus-in-anthrazit-mit-verblendung-1536x1024.jpg 1536w, https:\/\/www.leeb-balkone.com\/app\/uploads\/2020\/07\/solarbalkon-optimus-in-anthrazit-mit-verblendung-2048x1366.jpg 2048w\" sizes=\"auto, (min-width: 1200px) 260px, (min-width: 1024px) 220px, (min-width: 640px) 465px, 768px\" \/>    \n                <\/figure>\n                        <\/div>\n            <p>Solarbalkon Optimus in Anthrazit <\/p>        <\/div>\n                  <div class=\"lg-item\" data-src=\"https:\/\/www.leeb-balkone.com\/app\/uploads\/2020\/07\/solarbalkon-optimus-in-anthrazit-und-markise-scaled.jpg\"\n              data-sub-html=\"&lt;p&gt;Moderner Solarbalkon aus Aluminium und Glas&lt;\/p&gt;\">\n            <div class=\"img-wrapper\">\n                <figure>\n                    <img loading=\"lazy\" decoding=\"async\" width=\"300\" height=\"202\" src=\"https:\/\/www.leeb-balkone.com\/app\/uploads\/2020\/07\/solarbalkon-optimus-in-anthrazit-und-markise-300x202.jpg\" class=\"attachment-medium size-medium\" alt=\"Moderner Solarbalkon aus Aluminium und Glas\" srcset=\"https:\/\/www.leeb-balkone.com\/app\/uploads\/2020\/07\/solarbalkon-optimus-in-anthrazit-und-markise-300x202.jpg 300w, https:\/\/www.leeb-balkone.com\/app\/uploads\/2020\/07\/solarbalkon-optimus-in-anthrazit-und-markise-1024x691.jpg 1024w, https:\/\/www.leeb-balkone.com\/app\/uploads\/2020\/07\/solarbalkon-optimus-in-anthrazit-und-markise-768x518.jpg 768w, https:\/\/www.leeb-balkone.com\/app\/uploads\/2020\/07\/solarbalkon-optimus-in-anthrazit-und-markise-1536x1036.jpg 1536w, https:\/\/www.leeb-balkone.com\/app\/uploads\/2020\/07\/solarbalkon-optimus-in-anthrazit-und-markise-2048x1382.jpg 2048w, https:\/\/www.leeb-balkone.com\/app\/uploads\/2020\/07\/solarbalkon-optimus-in-anthrazit-und-markise-400x270.jpg 400w\" sizes=\"auto, (min-width: 1200px) 260px, (min-width: 1024px) 220px, (min-width: 640px) 465px, 768px\" \/>    \n                <\/figure>\n                        <\/div>\n            <p>Moderner Solarbalkon aus Aluminium und Glas<\/p>        <\/div>\n                  <div class=\"lg-item\" data-src=\"https:\/\/www.leeb-balkone.com\/app\/uploads\/2020\/07\/alu-balkongelaender-solar-14-scaled.jpg\"\n              data-sub-html=\"\">\n            <div class=\"img-wrapper\">\n                <figure>\n                    <img loading=\"lazy\" decoding=\"async\" width=\"300\" height=\"200\" src=\"https:\/\/www.leeb-balkone.com\/app\/uploads\/2020\/07\/alu-balkongelaender-solar-14-300x200.jpg\" class=\"attachment-medium size-medium\" alt=\"Hightech Balkongel\u00e4nder mit PV-Modulen \u2013 Balkon Solaranlage mit Leeb\" srcset=\"https:\/\/www.leeb-balkone.com\/app\/uploads\/2020\/07\/alu-balkongelaender-solar-14-300x200.jpg 300w, https:\/\/www.leeb-balkone.com\/app\/uploads\/2020\/07\/alu-balkongelaender-solar-14-1024x683.jpg 1024w, https:\/\/www.leeb-balkone.com\/app\/uploads\/2020\/07\/alu-balkongelaender-solar-14-768x512.jpg 768w, https:\/\/www.leeb-balkone.com\/app\/uploads\/2020\/07\/alu-balkongelaender-solar-14-1536x1024.jpg 1536w, https:\/\/www.leeb-balkone.com\/app\/uploads\/2020\/07\/alu-balkongelaender-solar-14-2048x1366.jpg 2048w\" sizes=\"auto, (min-width: 1200px) 260px, (min-width: 1024px) 220px, (min-width: 640px) 465px, 768px\" \/>    \n                <\/figure>\n                        <\/div>\n                    <\/div>\n                  <div class=\"lg-item\" data-src=\"https:\/\/www.leeb-balkone.com\/app\/uploads\/2020\/07\/alu-balkongelaender-solar-17-scaled.jpg\"\n              data-sub-html=\"&lt;p&gt;Vollintegrierte Solarmodule im Glasbalkon (Modell Vision)&lt;\/p&gt;\">\n            <div class=\"img-wrapper\">\n                <figure>\n                    <img loading=\"lazy\" decoding=\"async\" width=\"300\" height=\"200\" src=\"https:\/\/www.leeb-balkone.com\/app\/uploads\/2020\/07\/alu-balkongelaender-solar-17-300x200.jpg\" class=\"attachment-medium size-medium\" alt=\"Vollintegrierte Solarmodule im Glasbalkon (Modell Vision)\" srcset=\"https:\/\/www.leeb-balkone.com\/app\/uploads\/2020\/07\/alu-balkongelaender-solar-17-300x200.jpg 300w, https:\/\/www.leeb-balkone.com\/app\/uploads\/2020\/07\/alu-balkongelaender-solar-17-1024x683.jpg 1024w, https:\/\/www.leeb-balkone.com\/app\/uploads\/2020\/07\/alu-balkongelaender-solar-17-768x512.jpg 768w, https:\/\/www.leeb-balkone.com\/app\/uploads\/2020\/07\/alu-balkongelaender-solar-17-1536x1024.jpg 1536w, https:\/\/www.leeb-balkone.com\/app\/uploads\/2020\/07\/alu-balkongelaender-solar-17-2048x1366.jpg 2048w\" sizes=\"auto, (min-width: 1200px) 260px, (min-width: 1024px) 220px, (min-width: 640px) 465px, 768px\" \/>    \n                <\/figure>\n                        <\/div>\n            <p>Vollintegrierte Solarmodule im Glasbalkon (Modell Vision)<\/p>        <\/div>\n                <\/div>\n\n          <\/div>\n    <\/section>\n\n<section class=\"wp-block-group alignfull has-white-background-color has-background has-global-padding is-layout-constrained wp-container-core-group-is-layout-9fa1424c wp-block-group-is-layout-constrained\" style=\"padding-top:0\">\n<div class=\"wp-block-columns is-style-offset m-split is-layout-flex wp-container-core-columns-is-layout-28f84493 wp-block-columns-is-layout-flex\">\n<div class=\"wp-block-column is-layout-flow wp-block-column-is-layout-flow\"><div class=\"vp-map-wrapper vp-map-ratio-19-1\"><img decoding=\"async\" width=\"1440\" height=\"884\" src=\"https:\/\/www.leeb-balkone.com\/app\/uploads\/2026\/04\/map-sl.jpg\" class=\"attachment-full size-full\" alt=\"map-sl\" style=\"width:100%;height:100%;object-fit:cover;display:block;\" loading=\"lazy\" srcset=\"https:\/\/www.leeb-balkone.com\/app\/uploads\/2026\/04\/map-sl.jpg 1440w, https:\/\/www.leeb-balkone.com\/app\/uploads\/2026\/04\/map-sl-300x184.jpg 300w, https:\/\/www.leeb-balkone.com\/app\/uploads\/2026\/04\/map-sl-1024x629.jpg 1024w, https:\/\/www.leeb-balkone.com\/app\/uploads\/2026\/04\/map-sl-768x471.jpg 768w\" sizes=\"auto, (min-width: 1536px) 2048px, (min-width: 992px) 1536px, (min-width: 768px) 1024px, (min-width: 576px) 768px, 100vw\" \/><\/div>\n<\/div>\n\n\n\n<div class=\"wp-block-column is-vertically-aligned-center is-style-overlay-content is-layout-flow wp-block-column-is-layout-flow\">\n<div class=\"wp-block-group is-vertical is-layout-flex wp-container-core-group-is-layout-bd7877ba wp-block-group-is-layout-flex\">\n<h2 class=\"wp-block-heading has-step-2-font-size\">Distributore Slovenia<\/h2>\n\n\n\n<p>Pristojni partnerji LEEB v va\u0161i regiji. Individualno svetovanje, natan\u010dno na\u010drtovanje in strokovna namestitev &#8211; Slovenija. <\/p>\n\n\n\n<div class=\"wp-block-buttons is-layout-flex wp-block-buttons-is-layout-flex\" style=\"margin-top:var(--wp--preset--spacing--2-xs)\">\n<div class=\"wp-block-button is-style-cta\"><a class=\"wp-block-button__link has-transparent-background-color has-background wp-element-button\" href=\"https:\/\/www.leeb-balkone.com\/sl\/distribucijski-partnerji\/\">Poi\u0161\u010dite prodajnega partnerja<span class=\"sr-only\"> Distribucijski partner Leeb Balkone Slovenija<\/span><\/a><\/div>\n<\/div>\n<\/div>\n<\/div>\n<\/div>\n<\/section>\n\n<section class=\"wp-block-group alignfull has-light-gray-background-color has-background has-global-padding is-layout-constrained wp-container-core-group-is-layout-52f96efc wp-block-group-is-layout-constrained\" id=\"beratungstermin\">\n<div class=\"wp-block-group m-teaser o-grid u-md-1 is-layout-flow wp-block-group-is-layout-flow\">\n<div class=\"wp-block-group u-g-7 u-g-s-2 is-layout-flow wp-block-group-is-layout-flow\" style=\"margin-bottom:var(--wp--preset--spacing--s)\">\n<h2 class=\"wp-block-heading\">Stopite v stik z nami<\/h2>\n\n\n\n<p><strong><strong>Leebov partner je vedno v va\u0161i bli\u017eini z 80 partnerji v Avstriji, Nem\u010diji, Italiji, Franciji, \u0160vici in Sloveniji.<\/strong><\/strong><\/p>\n<\/div>\n<\/div>\n\n\n\n<div class=\"wp-block-group m-teaser o-grid u-md-1 is-layout-flow wp-block-group-is-layout-flow\">\n<div class=\"wp-block-group u-g-7 u-g-s-2 is-layout-flow wp-block-group-is-layout-flow\" style=\"margin-bottom:var(--wp--preset--spacing--s)\"><form action=\"https:\/\/www.leeb-balkone.com\/sl\/wp-json\/ws-form\/v1\/submit\" class=\"wsf-form wsf-form-canvas\" id=\"ws-form-1\" data-id=\"11\" data-instance-id=\"1\" method=\"POST\"><\/form>\n<\/div>\n\n\n\n<div class=\"wp-block-group u-g-3 u-g-s-9 is-layout-flow wp-block-group-is-layout-flow\"><div class=\"t3-sidebar-buttons wp-block-buttons is-layout-flex wp-block-buttons-is-layout-flex\"><div class=\"wp-block-button is-style-fill icon-book icon-left\">\n                        <a class=\"wp-block-button__link has-secondary-color has-white-background-color has-text-color has-background has-link-color wp-element-button\" href=\"https:\/\/www.leeb-balkone.com\/sl\/kontakt\/zahtevajte-katalog\/\" style=\"box-shadow:var(--wp--preset--shadow--box-shadow)\">Zahtevajte katalog<\/a>\n                    <\/div><\/div>\n<\/div>\n<\/div>\n<\/section>\n","protected":false},"excerpt":{"rendered":"","protected":false},"author":4,"featured_media":0,"parent":155406,"menu_order":0,"comment_status":"closed","ping_status":"closed","template":"template-onepager.blade.php","meta":{"_acf_changed":false,"footnotes":"","_sage_theme_css":true,"_wp_block_core_css":true},"folder":[244,238,250],"class_list":["post-163754","page","type-page","status-publish","hentry"],"acf":[],"yoast_head":"<!-- This site is optimized with the Yoast SEO plugin v27.2 - https:\/\/yoast.com\/product\/yoast-seo-wordpress\/ -->\n<title>Son\u010dni balkon &quot; Balkonska ograja s fotovoltai\u010dnimi moduli -% Leeb Balkone% Slovenija<\/title>\n<meta name=\"description\" content=\"Solarni balkon Leeb zdru\u017euje nagrajeno oblikovanje in trajnostno pridobivanje energije. V ograjo vgrajeni fotovoltai\u010dni moduli zagotavljajo zeleno elektri\u010dno energijo in zmanj\u0161ujejo stro\u0161ke. Ve\u010d informacij zdaj!\" \/>\n<meta name=\"robots\" content=\"index, follow, max-snippet:-1, max-image-preview:large, max-video-preview:-1\" \/>\n<meta property=\"og:locale\" content=\"sl_SI\" \/>\n<meta property=\"og:type\" content=\"article\" \/>\n<meta property=\"og:title\" content=\"Son\u010dni balkon &quot; Balkonska ograja s fotovoltai\u010dnimi moduli -% Leeb Balkone%\" \/>\n<meta property=\"og:description\" content=\"Solarni balkon Leeb zdru\u017euje nagrajeno oblikovanje in trajnostno pridobivanje energije. V ograjo vgrajeni fotovoltai\u010dni moduli zagotavljajo zeleno elektri\u010dno energijo in zmanj\u0161ujejo stro\u0161ke. Ve\u010d informacij zdaj!\" \/>\n<meta property=\"og:url\" content=\"https:\/\/www.leeb-balkone.com\/sl\/solar\/solarni-balkon\/\" \/>\n<meta property=\"og:site_name\" content=\"Leeb Balkone\" \/>\n<meta property=\"article:publisher\" content=\"https:\/\/www.facebook.com\/balkone\/\" \/>\n<meta property=\"article:modified_time\" content=\"2026-03-19T13:11:45+00:00\" \/>\n<meta property=\"og:image\" content=\"https:\/\/www.leeb-balkone.com\/app\/uploads\/2020\/07\/solarbalkon-optimus-innenansicht-mit-klarem-glas-scaled.jpg\" \/>\n\t<meta property=\"og:image:width\" content=\"2560\" \/>\n\t<meta property=\"og:image:height\" content=\"1706\" \/>\n\t<meta property=\"og:image:type\" content=\"image\/jpeg\" \/>\n<meta name=\"twitter:card\" content=\"summary_large_image\" \/>\n<script type=\"application\/ld+json\" class=\"yoast-schema-graph\">{\"@context\":\"https:\/\/schema.org\",\"@graph\":[{\"@type\":\"WebPage\",\"@id\":\"https:\/\/www.leeb-balkone.com\/sl\/solar\/solarni-balkon\/\",\"url\":\"https:\/\/www.leeb-balkone.com\/sl\/solar\/solarni-balkon\/\",\"name\":\"Son\u010dni balkon \\\" Balkonska ograja s fotovoltai\u010dnimi moduli -% Leeb Balkone%\",\"isPartOf\":{\"@id\":\"https:\/\/www.leeb-balkone.com\/sl\/#website\"},\"primaryImageOfPage\":{\"@id\":\"https:\/\/www.leeb-balkone.com\/sl\/solar\/solarni-balkon\/#primaryimage\"},\"image\":{\"@id\":\"https:\/\/www.leeb-balkone.com\/sl\/solar\/solarni-balkon\/#primaryimage\"},\"thumbnailUrl\":\"https:\/\/www.leeb-balkone.com\/app\/uploads\/2020\/07\/solarbalkon-optimus-innenansicht-mit-klarem-glas-1024x682.jpg\",\"datePublished\":\"2026-01-28T18:58:24+00:00\",\"dateModified\":\"2026-03-19T13:11:45+00:00\",\"description\":\"Solarni balkon Leeb zdru\u017euje nagrajeno oblikovanje in trajnostno pridobivanje energije. V ograjo vgrajeni fotovoltai\u010dni moduli zagotavljajo zeleno elektri\u010dno energijo in zmanj\u0161ujejo stro\u0161ke. Ve\u010d informacij zdaj!\",\"breadcrumb\":{\"@id\":\"https:\/\/www.leeb-balkone.com\/sl\/solar\/solarni-balkon\/#breadcrumb\"},\"inLanguage\":\"sl-SI\",\"potentialAction\":[{\"@type\":\"ReadAction\",\"target\":[\"https:\/\/www.leeb-balkone.com\/sl\/solar\/solarni-balkon\/\"]}]},{\"@type\":\"ImageObject\",\"inLanguage\":\"sl-SI\",\"@id\":\"https:\/\/www.leeb-balkone.com\/sl\/solar\/solarni-balkon\/#primaryimage\",\"url\":\"https:\/\/www.leeb-balkone.com\/app\/uploads\/2020\/07\/solarbalkon-optimus-innenansicht-mit-klarem-glas-1024x682.jpg\",\"contentUrl\":\"https:\/\/www.leeb-balkone.com\/app\/uploads\/2020\/07\/solarbalkon-optimus-innenansicht-mit-klarem-glas-1024x682.jpg\"},{\"@type\":\"BreadcrumbList\",\"@id\":\"https:\/\/www.leeb-balkone.com\/sl\/solar\/solarni-balkon\/#breadcrumb\",\"itemListElement\":[{\"@type\":\"ListItem\",\"position\":1,\"name\":\"Home\",\"item\":\"https:\/\/www.leeb-balkone.com\/sl\/\"},{\"@type\":\"ListItem\",\"position\":2,\"name\":\"Son\u010dni izdelki\",\"item\":\"https:\/\/www.leeb-balkone.com\/sl\/solar\/\"},{\"@type\":\"ListItem\",\"position\":3,\"name\":\"Son\u010dni balkon\"}]},{\"@type\":\"WebSite\",\"@id\":\"https:\/\/www.leeb-balkone.com\/sl\/#website\",\"url\":\"https:\/\/www.leeb-balkone.com\/sl\/\",\"name\":\"Leeb Balkone\",\"description\":\"Balkone und Z\u00e4une\",\"publisher\":{\"@id\":\"https:\/\/www.leeb-balkone.com\/sl\/#organization\"},\"potentialAction\":[{\"@type\":\"SearchAction\",\"target\":{\"@type\":\"EntryPoint\",\"urlTemplate\":\"https:\/\/www.leeb-balkone.com\/sl\/?s={search_term_string}\"},\"query-input\":{\"@type\":\"PropertyValueSpecification\",\"valueRequired\":true,\"valueName\":\"search_term_string\"}}],\"inLanguage\":\"sl-SI\"},{\"@type\":\"Organization\",\"@id\":\"https:\/\/www.leeb-balkone.com\/sl\/#organization\",\"name\":\"Leeb Balkone Gmbh\",\"url\":\"https:\/\/www.leeb-balkone.com\/sl\/\",\"logo\":{\"@type\":\"ImageObject\",\"inLanguage\":\"sl-SI\",\"@id\":\"https:\/\/www.leeb-balkone.com\/sl\/#\/schema\/logo\/image\/\",\"url\":\"https:\/\/www.leeb-balkone.com\/app\/uploads\/2020\/11\/leeb-logo.svg\",\"contentUrl\":\"https:\/\/www.leeb-balkone.com\/app\/uploads\/2020\/11\/leeb-logo.svg\",\"width\":741,\"height\":204,\"caption\":\"Leeb Balkone Gmbh\"},\"image\":{\"@id\":\"https:\/\/www.leeb-balkone.com\/sl\/#\/schema\/logo\/image\/\"},\"sameAs\":[\"https:\/\/www.facebook.com\/balkone\/\",\"https:\/\/www.trustedshops.at\/bewertung\/info_X4587CCF5833E31AFE0B11F47D86999F2.html\",\"https:\/\/www.trustedshops.de\/bewertung\/info_X7BA536A7A0BDC86D36C4718E4DCAEEEF.html\",\"https:\/\/www.google.com\/maps\/place\/?q=place_id:ChIJ5-zH19-IcEcR9HonWRTllHI\"]}]}<\/script>\n<!-- \/ Yoast SEO plugin. -->","yoast_head_json":{"title":"Son\u010dni balkon \" Balkonska ograja s fotovoltai\u010dnimi moduli -% Leeb Balkone% Slovenija","description":"Solarni balkon Leeb zdru\u017euje nagrajeno oblikovanje in trajnostno pridobivanje energije. V ograjo vgrajeni fotovoltai\u010dni moduli zagotavljajo zeleno elektri\u010dno energijo in zmanj\u0161ujejo stro\u0161ke. Ve\u010d informacij zdaj!","robots":{"index":"index","follow":"follow","max-snippet":"max-snippet:-1","max-image-preview":"max-image-preview:large","max-video-preview":"max-video-preview:-1"},"og_locale":"sl_SI","og_type":"article","og_title":"Son\u010dni balkon \" Balkonska ograja s fotovoltai\u010dnimi moduli -% Leeb Balkone%","og_description":"Solarni balkon Leeb zdru\u017euje nagrajeno oblikovanje in trajnostno pridobivanje energije. V ograjo vgrajeni fotovoltai\u010dni moduli zagotavljajo zeleno elektri\u010dno energijo in zmanj\u0161ujejo stro\u0161ke. Ve\u010d informacij zdaj!","og_url":"https:\/\/www.leeb-balkone.com\/sl\/solar\/solarni-balkon\/","og_site_name":"Leeb Balkone","article_publisher":"https:\/\/www.facebook.com\/balkone\/","article_modified_time":"2026-03-19T13:11:45+00:00","og_image":[{"width":2560,"height":1706,"url":"https:\/\/www.leeb-balkone.com\/app\/uploads\/2020\/07\/solarbalkon-optimus-innenansicht-mit-klarem-glas-scaled.jpg","type":"image\/jpeg"}],"twitter_card":"summary_large_image","schema":{"@context":"https:\/\/schema.org","@graph":[{"@type":"WebPage","@id":"https:\/\/www.leeb-balkone.com\/sl\/solar\/solarni-balkon\/","url":"https:\/\/www.leeb-balkone.com\/sl\/solar\/solarni-balkon\/","name":"Son\u010dni balkon \" Balkonska ograja s fotovoltai\u010dnimi moduli -% Leeb Balkone%","isPartOf":{"@id":"https:\/\/www.leeb-balkone.com\/sl\/#website"},"primaryImageOfPage":{"@id":"https:\/\/www.leeb-balkone.com\/sl\/solar\/solarni-balkon\/#primaryimage"},"image":{"@id":"https:\/\/www.leeb-balkone.com\/sl\/solar\/solarni-balkon\/#primaryimage"},"thumbnailUrl":"https:\/\/www.leeb-balkone.com\/app\/uploads\/2020\/07\/solarbalkon-optimus-innenansicht-mit-klarem-glas-1024x682.jpg","datePublished":"2026-01-28T18:58:24+00:00","dateModified":"2026-03-19T13:11:45+00:00","description":"Solarni balkon Leeb zdru\u017euje nagrajeno oblikovanje in trajnostno pridobivanje energije. V ograjo vgrajeni fotovoltai\u010dni moduli zagotavljajo zeleno elektri\u010dno energijo in zmanj\u0161ujejo stro\u0161ke. Ve\u010d informacij zdaj!","breadcrumb":{"@id":"https:\/\/www.leeb-balkone.com\/sl\/solar\/solarni-balkon\/#breadcrumb"},"inLanguage":"sl-SI","potentialAction":[{"@type":"ReadAction","target":["https:\/\/www.leeb-balkone.com\/sl\/solar\/solarni-balkon\/"]}]},{"@type":"ImageObject","inLanguage":"sl-SI","@id":"https:\/\/www.leeb-balkone.com\/sl\/solar\/solarni-balkon\/#primaryimage","url":"https:\/\/www.leeb-balkone.com\/app\/uploads\/2020\/07\/solarbalkon-optimus-innenansicht-mit-klarem-glas-1024x682.jpg","contentUrl":"https:\/\/www.leeb-balkone.com\/app\/uploads\/2020\/07\/solarbalkon-optimus-innenansicht-mit-klarem-glas-1024x682.jpg"},{"@type":"BreadcrumbList","@id":"https:\/\/www.leeb-balkone.com\/sl\/solar\/solarni-balkon\/#breadcrumb","itemListElement":[{"@type":"ListItem","position":1,"name":"Home","item":"https:\/\/www.leeb-balkone.com\/sl\/"},{"@type":"ListItem","position":2,"name":"Son\u010dni izdelki","item":"https:\/\/www.leeb-balkone.com\/sl\/solar\/"},{"@type":"ListItem","position":3,"name":"Son\u010dni balkon"}]},{"@type":"WebSite","@id":"https:\/\/www.leeb-balkone.com\/sl\/#website","url":"https:\/\/www.leeb-balkone.com\/sl\/","name":"Leeb Balkone","description":"Balkone und Z\u00e4une","publisher":{"@id":"https:\/\/www.leeb-balkone.com\/sl\/#organization"},"potentialAction":[{"@type":"SearchAction","target":{"@type":"EntryPoint","urlTemplate":"https:\/\/www.leeb-balkone.com\/sl\/?s={search_term_string}"},"query-input":{"@type":"PropertyValueSpecification","valueRequired":true,"valueName":"search_term_string"}}],"inLanguage":"sl-SI"},{"@type":"Organization","@id":"https:\/\/www.leeb-balkone.com\/sl\/#organization","name":"Leeb Balkone Gmbh","url":"https:\/\/www.leeb-balkone.com\/sl\/","logo":{"@type":"ImageObject","inLanguage":"sl-SI","@id":"https:\/\/www.leeb-balkone.com\/sl\/#\/schema\/logo\/image\/","url":"https:\/\/www.leeb-balkone.com\/app\/uploads\/2020\/11\/leeb-logo.svg","contentUrl":"https:\/\/www.leeb-balkone.com\/app\/uploads\/2020\/11\/leeb-logo.svg","width":741,"height":204,"caption":"Leeb Balkone Gmbh"},"image":{"@id":"https:\/\/www.leeb-balkone.com\/sl\/#\/schema\/logo\/image\/"},"sameAs":["https:\/\/www.facebook.com\/balkone\/","https:\/\/www.trustedshops.at\/bewertung\/info_X4587CCF5833E31AFE0B11F47D86999F2.html","https:\/\/www.trustedshops.de\/bewertung\/info_X7BA536A7A0BDC86D36C4718E4DCAEEEF.html","https:\/\/www.google.com\/maps\/place\/?q=place_id:ChIJ5-zH19-IcEcR9HonWRTllHI"]}]}},"_links":{"self":[{"href":"https:\/\/www.leeb-balkone.com\/sl\/wp-json\/wp\/v2\/pages\/163754","targetHints":{"allow":["GET"]}}],"collection":[{"href":"https:\/\/www.leeb-balkone.com\/sl\/wp-json\/wp\/v2\/pages"}],"about":[{"href":"https:\/\/www.leeb-balkone.com\/sl\/wp-json\/wp\/v2\/types\/page"}],"author":[{"embeddable":true,"href":"https:\/\/www.leeb-balkone.com\/sl\/wp-json\/wp\/v2\/users\/4"}],"replies":[{"embeddable":true,"href":"https:\/\/www.leeb-balkone.com\/sl\/wp-json\/wp\/v2\/comments?post=163754"}],"version-history":[{"count":3,"href":"https:\/\/www.leeb-balkone.com\/sl\/wp-json\/wp\/v2\/pages\/163754\/revisions"}],"predecessor-version":[{"id":166261,"href":"https:\/\/www.leeb-balkone.com\/sl\/wp-json\/wp\/v2\/pages\/163754\/revisions\/166261"}],"up":[{"embeddable":true,"href":"https:\/\/www.leeb-balkone.com\/sl\/wp-json\/wp\/v2\/pages\/155406"}],"wp:attachment":[{"href":"https:\/\/www.leeb-balkone.com\/sl\/wp-json\/wp\/v2\/media?parent=163754"}],"wp:term":[{"taxonomy":"folder","embeddable":true,"href":"https:\/\/www.leeb-balkone.com\/sl\/wp-json\/wp\/v2\/folder?post=163754"}],"curies":[{"name":"wp","href":"https:\/\/api.w.org\/{rel}","templated":true}]}}