{"id":163589,"date":"2026-01-28T14:25:53","date_gmt":"2026-01-28T14:25:53","guid":{"rendered":"https:\/\/www.leeb-balkone.com\/storitev\/"},"modified":"2026-03-20T14:48:50","modified_gmt":"2026-03-20T14:48:50","slug":"storitev","status":"publish","type":"page","link":"https:\/\/www.leeb-balkone.com\/sl\/storitev\/","title":{"rendered":"Storitev"},"content":{"rendered":"<header class=\"wp-block-group alignfull t3-header u-max-wide t3-header-text has-white-background-color has-background has-global-padding is-layout-constrained wp-block-group-is-layout-constrained\">\n    <div class=\"wp-block-group o-grid u-md-1 u-sm-1 is-layout-flow wp-block-group-is-layout-flow\">\n  <div class=\"wp-block-group u-g-10 u-g-s-2\">\n      <div class=\"yoast-breadcrumbs\"><span><span><a href=\"https:\/\/www.leeb-balkone.com\/sl\/\">Home<\/a><\/span><\/span><\/div>\n      \n    <h1>Storitev<\/h1><h2 class=\"wp-block-heading is-style-subtitle\">Servis in prodaja z ve\u010d kot 100 partnerji<\/h2>\n  <\/div>\n<\/div>\n  <\/header>\n\n\n\n\n\n\n\n<section class=\"wp-block-cgb-t3-section-block alignfull b-pt-none b-pb-small is-style-bg-white\" style=\"display:inherit;min-height:inherit\">\n<div class=\"wp-block-cgb-t3-container-block none\" style=\"background-color:none\"><div class=\"grid-container\"><div class=\"grid-x\"><div class=\"cell small-12 medium-9 large-0 medium-offset-1 b-has-lsmb\">\n<p class=\"has-text-align-left\"><span class=\"teaser\">Va\u0161 svetovalec za balkone in ograje Leeb vam bo z veseljem svetoval in pomagal na kraju samem. Naj vam svetujemo in se odlo\u010dite med naslednjimi mo\u017enostmi dostave: Kompletno monta\u017eo balkonskih ograj ali ograj, ki jo opravi monta\u017ena ekipa Leeb, dobavo posameznih monta\u017enih delov z milimetrsko natan\u010dnostjo za samostojno monta\u017eo ali dobavo v obliki kompleta za ljubitelje &#8220;naredi sam&#8221;. Na zahtevo so kadar koli mo\u017eni prilagojeni balkoni in ograje, posebne izvedbe ali naknadne raz\u0161iritve balkonov.  <\/span><\/p>\n<\/div><\/div><\/div><\/div>\n\n\n\n<div class=\"wp-block-cgb-t3-container-block none\" style=\"background-color:none\"><div class=\"grid-container\"><div class=\"grid-x\"><div class=\"cell small-12 medium-0 large-0 b-has-pt\">\n<div class=\"wp-block-group is-style-transparent-cards is-layout-grid wp-container-core-group-is-layout-df4581a5 wp-block-group-is-layout-grid\"><div class=\"wp-block-group m-card is-layout-flow wp-container-core-group-is-layout-8a368f38 wp-block-group-is-layout-flow is-linked\"><a class=\"wp-block-group__link\" href=\"https:\/\/www.leeb-balkone.com\/sl\/storitev\/projektantske-storitve\/\" target=\"_self\" rel=\"follow\" aria-hidden=\"true\" tabindex=\"-1\">&nbsp;<\/a>\n<figure class=\"wp-block-image size-large\"><img loading=\"lazy\" decoding=\"async\" width=\"1024\" height=\"680\" src=\"https:\/\/www.leeb-balkone.com\/app\/uploads\/2021\/01\/perfekter-planungsservice-leeb-balkone-1024x680.jpg\" alt=\"Na\u010drtovanje balkona, ograje ali strehe na terasi - posvet s strokovnjakom za balkone iz podjetja Leeb Balconies (storitev na\u010drtovanja)\" class=\"wp-image-22532\" srcset=\"https:\/\/www.leeb-balkone.com\/app\/uploads\/2021\/01\/perfekter-planungsservice-leeb-balkone-1024x680.jpg 1024w, https:\/\/www.leeb-balkone.com\/app\/uploads\/2021\/01\/perfekter-planungsservice-leeb-balkone-300x199.jpg 300w, https:\/\/www.leeb-balkone.com\/app\/uploads\/2021\/01\/perfekter-planungsservice-leeb-balkone-768x510.jpg 768w, https:\/\/www.leeb-balkone.com\/app\/uploads\/2021\/01\/perfekter-planungsservice-leeb-balkone-1536x1020.jpg 1536w, https:\/\/www.leeb-balkone.com\/app\/uploads\/2021\/01\/perfekter-planungsservice-leeb-balkone-2048x1360.jpg 2048w\" sizes=\"auto, (max-width: 1024px) 100vw, 1024px\" \/><figcaption class=\"wp-element-caption\">Storitev na\u010drtovanja iz Leeb<\/figcaption><\/figure>\n\n\n\n<div class=\"wp-block-group m-card-content is-vertical is-layout-flex wp-container-core-group-is-layout-5580f018 wp-block-group-is-layout-flex\">\n<h3 class=\"wp-block-heading\">Storitev na\u010drtovanja<\/h3>\n\n\n\n<p>Pri na\u010drtovanju vam bo pomagal svetovalec za balkone na va\u0161em obmo\u010dju. Meritve se opravijo na kraju samem, kjer se pogovori o razmerah. Storitev na\u010drtovanja Leeb vam je na voljo za pomo\u010d pri iskanju popolnega balkona ali ograje za va\u0161 dom.  <\/p>\n\n\n\n<p class=\"more\">Preberite ve\u010d<\/p>\n<\/div>\n<\/div>\n\n\n<div class=\"wp-block-group m-card is-layout-flow wp-container-core-group-is-layout-8a368f38 wp-block-group-is-layout-flow is-linked\"><a class=\"wp-block-group__link\" href=\"https:\/\/www.leeb-balkone.com\/sl\/storitev\/fotomontaza\/\" target=\"_self\" rel=\"follow\" aria-hidden=\"true\" tabindex=\"-1\">&nbsp;<\/a>\n<figure class=\"wp-block-image size-large\"><img loading=\"lazy\" decoding=\"async\" width=\"1024\" height=\"614\" src=\"https:\/\/www.leeb-balkone.com\/app\/uploads\/2020\/08\/leeb-balkone-planungsservice-1024x614.jpeg\" alt=\"leeb balkone planungsservice\" class=\"wp-image-6151\" srcset=\"https:\/\/www.leeb-balkone.com\/app\/uploads\/2020\/08\/leeb-balkone-planungsservice-1024x614.jpeg 1024w, https:\/\/www.leeb-balkone.com\/app\/uploads\/2020\/08\/leeb-balkone-planungsservice-300x180.jpeg 300w, https:\/\/www.leeb-balkone.com\/app\/uploads\/2020\/08\/leeb-balkone-planungsservice-768x461.jpeg 768w, https:\/\/www.leeb-balkone.com\/app\/uploads\/2020\/08\/leeb-balkone-planungsservice-1536x922.jpeg 1536w, https:\/\/www.leeb-balkone.com\/app\/uploads\/2020\/08\/leeb-balkone-planungsservice-2048x1229.jpeg 2048w\" sizes=\"auto, (max-width: 1024px) 100vw, 1024px\" \/><figcaption class=\"wp-element-caption\">Storitev na\u010drtovanja iz Leeb<\/figcaption><\/figure>\n\n\n\n<div class=\"wp-block-group m-card-content is-vertical is-layout-flex wp-container-core-group-is-layout-5580f018 wp-block-group-is-layout-flex\">\n<h3 class=\"wp-block-heading\">3D konfigurator<\/h3>\n\n\n\n<p>S 3D konfiguratorjem izdelkov Leeb lahko na\u010drtujete svoj balkon in ograjo neposredno z lokalnim svetovalcem. Na zaslonu primerjajte razli\u010dne modele in barvne kombinacije ter izberite balkon svojih sanj. <\/p>\n\n\n\n<p class=\"more\">Preberite ve\u010d<\/p>\n<\/div>\n<\/div>\n\n\n<div class=\"wp-block-group m-card is-layout-flow wp-container-core-group-is-layout-8a368f38 wp-block-group-is-layout-flow is-linked\"><a class=\"wp-block-group__link\" href=\"https:\/\/www.leeb-balkone.com\/sl\/storitev\/dostava-in-montaza\/\" target=\"_self\" rel=\"follow\" aria-hidden=\"true\" tabindex=\"-1\">&nbsp;<\/a>\n<figure class=\"wp-block-image size-large\"><img loading=\"lazy\" decoding=\"async\" width=\"1024\" height=\"767\" src=\"https:\/\/www.leeb-balkone.com\/app\/uploads\/2020\/08\/leeb-balkone-mitarbeiter-4-1024x767.jpeg\" alt=\"Namestitev prilagojene balkonske ograje iz aluminija Leeb\" class=\"wp-image-6083\" srcset=\"https:\/\/www.leeb-balkone.com\/app\/uploads\/2020\/08\/leeb-balkone-mitarbeiter-4-1024x767.jpeg 1024w, https:\/\/www.leeb-balkone.com\/app\/uploads\/2020\/08\/leeb-balkone-mitarbeiter-4-2048x1535.jpeg 2048w, https:\/\/www.leeb-balkone.com\/app\/uploads\/2020\/08\/leeb-balkone-mitarbeiter-4-300x225.jpeg 300w, https:\/\/www.leeb-balkone.com\/app\/uploads\/2020\/08\/leeb-balkone-mitarbeiter-4-768x575.jpeg 768w, https:\/\/www.leeb-balkone.com\/app\/uploads\/2020\/08\/leeb-balkone-mitarbeiter-4-1536x1151.jpeg 1536w\" sizes=\"auto, (max-width: 1024px) 100vw, 1024px\" \/><figcaption class=\"wp-element-caption\">Storitev na\u010drtovanja iz Leeb<\/figcaption><\/figure>\n\n\n\n<div class=\"wp-block-group m-card-content is-vertical is-layout-flex wp-container-core-group-is-layout-5580f018 wp-block-group-is-layout-flex\">\n<h3 class=\"wp-block-heading\">Dostava in monta\u017ea<\/h3>\n\n\n\n<p>Strokovna monta\u017ea va\u0161ega balkona Leeb vklju\u010duje dostavo s posebnim tovornjakom neposredno iz tovarne in strokovno monta\u017eo s strani strokovnjaka. Kraj\u0161i \u010das monta\u017ee zaradi natan\u010dno izdelanih elementov. <\/p>\n\n\n\n<p class=\"more\">Preberite ve\u010d<\/p>\n<\/div>\n<\/div>\n\n\n<div class=\"wp-block-group m-card is-layout-flow wp-container-core-group-is-layout-8a368f38 wp-block-group-is-layout-flow is-linked\"><a class=\"wp-block-group__link\" href=\"https:\/\/www.leeb-balkone.com\/sl\/distribucijski-partnerji\/\" target=\"_self\" rel=\"follow\" aria-hidden=\"true\" tabindex=\"-1\">&nbsp;<\/a>\n<figure class=\"wp-block-image size-large\"><img loading=\"lazy\" decoding=\"async\" width=\"2361\" height=\"1817\" src=\"https:\/\/www.leeb-balkone.com\/app\/uploads\/2023\/07\/Emanuel-Hutter-1-scaled-e1689682721557.jpg\" alt=\"Emanuel Hutter 1 e1689682721557\" class=\"wp-image-131095\" srcset=\"https:\/\/www.leeb-balkone.com\/app\/uploads\/2023\/07\/Emanuel-Hutter-1-scaled-e1689682721557.jpg 2361w, https:\/\/www.leeb-balkone.com\/app\/uploads\/2023\/07\/Emanuel-Hutter-1-scaled-e1689682721557-300x231.jpg 300w, https:\/\/www.leeb-balkone.com\/app\/uploads\/2023\/07\/Emanuel-Hutter-1-scaled-e1689682721557-1024x788.jpg 1024w, https:\/\/www.leeb-balkone.com\/app\/uploads\/2023\/07\/Emanuel-Hutter-1-scaled-e1689682721557-768x591.jpg 768w, https:\/\/www.leeb-balkone.com\/app\/uploads\/2023\/07\/Emanuel-Hutter-1-scaled-e1689682721557-1536x1182.jpg 1536w, https:\/\/www.leeb-balkone.com\/app\/uploads\/2023\/07\/Emanuel-Hutter-1-scaled-e1689682721557-2048x1576.jpg 2048w\" sizes=\"auto, (max-width: 2361px) 100vw, 2361px\" \/><figcaption class=\"wp-element-caption\">Storitev na\u010drtovanja iz Leeb<\/figcaption><\/figure>\n\n\n\n<div class=\"wp-block-group m-card-content is-vertical is-layout-flex wp-container-core-group-is-layout-5580f018 wp-block-group-is-layout-flex\">\n<h3 class=\"wp-block-heading\">Prodajni partner<\/h3>\n\n\n\n<p>Prodajni partner Leeb je vedno blizu. Na\u0161a prodajna mre\u017ea s pribli\u017eno 100 partnerji pokriva Avstrijo, Nem\u010dijo, \u0160vico in Italijo. <\/p>\n\n\n\n<p class=\"more\">Preberite ve\u010d<\/p>\n<\/div>\n<\/div>\n\n\n<div class=\"wp-block-group m-card is-layout-flow wp-container-core-group-is-layout-8a368f38 wp-block-group-is-layout-flow is-linked\"><a class=\"wp-block-group__link\" href=\"https:\/\/www.leeb-balkone.com\/sl\/storitev\/projektantske-storitve\/\" target=\"_self\" rel=\"follow\" aria-hidden=\"true\" tabindex=\"-1\">&nbsp;<\/a>\n<figure class=\"wp-block-image size-large\"><img loading=\"lazy\" decoding=\"async\" width=\"1024\" height=\"683\" src=\"https:\/\/www.leeb-balkone.com\/app\/uploads\/2025\/12\/Schauraum-Mils-Vertriebspartner-Manuel-Daum-36-1024x683.jpg\" alt=\"Schauraum Mils Vertriebspartner Manuel Daum\" class=\"wp-image-162233\" srcset=\"https:\/\/www.leeb-balkone.com\/app\/uploads\/2025\/12\/Schauraum-Mils-Vertriebspartner-Manuel-Daum-36-1024x683.jpg 1024w, https:\/\/www.leeb-balkone.com\/app\/uploads\/2025\/12\/Schauraum-Mils-Vertriebspartner-Manuel-Daum-36-300x200.jpg 300w, https:\/\/www.leeb-balkone.com\/app\/uploads\/2025\/12\/Schauraum-Mils-Vertriebspartner-Manuel-Daum-36-768x512.jpg 768w, https:\/\/www.leeb-balkone.com\/app\/uploads\/2025\/12\/Schauraum-Mils-Vertriebspartner-Manuel-Daum-36-1536x1024.jpg 1536w, https:\/\/www.leeb-balkone.com\/app\/uploads\/2025\/12\/Schauraum-Mils-Vertriebspartner-Manuel-Daum-36-2048x1366.jpg 2048w\" sizes=\"auto, (max-width: 1024px) 100vw, 1024px\" \/><figcaption class=\"wp-element-caption\">Storitev na\u010drtovanja iz Leeb<\/figcaption><\/figure>\n\n\n\n<div class=\"wp-block-group m-card-content is-vertical is-layout-flex wp-container-core-group-is-layout-5580f018 wp-block-group-is-layout-flex\">\n<h3 class=\"wp-block-heading\">Na\u010drt sejma<\/h3>\n\n\n\n<p>Prepri\u010dajte se o kakovosti na\u0161ih izdelkov. Najdete nas na pribli\u017eno 200 sejmih v Srednji Evropi. Kliknite tukaj za razpored sejmov.  <\/p>\n\n\n\n<p class=\"more\">Preberite ve\u010d<\/p>\n<\/div>\n<\/div>\n\n\n<div class=\"wp-block-group m-card is-layout-flow wp-container-core-group-is-layout-8a368f38 wp-block-group-is-layout-flow is-linked\"><a class=\"wp-block-group__link\" href=\"https:\/\/www.leeb-balkone.com\/sl\/storitev\/svet-barv\/\" target=\"_self\" rel=\"follow\" aria-hidden=\"true\" tabindex=\"-1\">&nbsp;<\/a>\n<figure class=\"wp-block-image size-large\"><img loading=\"lazy\" decoding=\"async\" width=\"1024\" height=\"683\" src=\"https:\/\/www.leeb-balkone.com\/app\/uploads\/2021\/01\/leeb-farbwelten-4-1024x683.jpg\" alt=\"Aluminijaste-balkonske-strope-pravilne-barve\" class=\"wp-image-22048\" srcset=\"https:\/\/www.leeb-balkone.com\/app\/uploads\/2021\/01\/leeb-farbwelten-4-1024x683.jpg 1024w, https:\/\/www.leeb-balkone.com\/app\/uploads\/2021\/01\/leeb-farbwelten-4-300x200.jpg 300w, https:\/\/www.leeb-balkone.com\/app\/uploads\/2021\/01\/leeb-farbwelten-4-768x512.jpg 768w, https:\/\/www.leeb-balkone.com\/app\/uploads\/2021\/01\/leeb-farbwelten-4-1536x1024.jpg 1536w, https:\/\/www.leeb-balkone.com\/app\/uploads\/2021\/01\/leeb-farbwelten-4-2048x1366.jpg 2048w\" sizes=\"auto, (max-width: 1024px) 100vw, 1024px\" \/><figcaption class=\"wp-element-caption\">Storitev na\u010drtovanja iz Leeb<\/figcaption><\/figure>\n\n\n\n<div class=\"wp-block-group m-card-content is-vertical is-layout-flex wp-container-core-group-is-layout-5580f018 wp-block-group-is-layout-flex\">\n<h3 class=\"wp-block-heading\">Barvni svetovi<\/h3>\n\n\n\n<p>Le pravilna uporaba razli\u010dnih barvnih odtenkov daje va\u0161i hi\u0161i poseben pridih &#8211; popolna barvna zasnova z balkoni Leeb.<\/p>\n\n\n\n<p class=\"more\">Preberite ve\u010d<\/p>\n<\/div>\n<\/div>\n<\/div>\n<\/div><\/div><\/div><\/div>\n\n\n\n<p><\/p>\n<\/section>\n\n\n\n<section class=\"wp-block-cgb-t3-section-block alignfull b-pt-none  is-style-bg-transparent\" style=\"display:inherit;min-height:inherit\">\n<div class=\"wp-block-cgb-t3-container-block b-has-offset-b\" style=\"background-color:#EE7203\"><div class=\"has-padding none grid-container-wrapper\"><div class=\"grid-container\"><div class=\"grid-x\"><div class=\"cell small-12 medium-10 large-0 medium-offset-1 b-has-lsmb\">\n<h2 class=\"wp-block-heading has-white-color has-text-color\"><span class=\"h2ash1\">Vse, kar je povezano z <strong>balkoni, ograjami in drugimi objekti<\/strong><\/span><\/h2>\n\n\n\n<p class=\"has-white-color has-text-color\"><span class=\"teaser\"><strong>Vodilnemu evropskemu proizvajalcu balkonskih ograj zaupa ve\u010d kot 150.000 zadovoljnih strank. Vsako leto tovarno v Gnesauu zapusti ve\u010d kot 50.000 teko\u010dih metrov ograj iz lesa, aluminija, stekla in nerjave\u010dega jekla, ki so enostavne za vzdr\u017eevanje, ter jih namestite na balkone v Avstriji, Nem\u010diji, Italiji, Franciji in \u0160vici.<\/strong><\/span><\/p>\n<\/div><\/div><\/div><\/div><\/div>\n\n\n\n<div class=\"wp-block-cgb-t3-container-block none\" style=\"background-color:none\"><div class=\"grid-container\"><div class=\"grid-x\"><div class=\"cell small-12 medium-12 large-0\"><div class=\"u-grid-temp has-2-cols u-md-2 u-sm-1 is-style-transparent-cards offset wp-block-group is-layout-grid wp-block-group-is-layout-grid\">\n\n\n  \n\n            <div class=\"wp-block-group m-card is-layout-flow wp-block-group-is-layout-flow\">\n      <figure data-imgid=\"13213\" class=\"wp-block-image size-large\">\n      <a href=\"https:\/\/www.leeb-balkone.com\/sl\/tehnika\/alu-comfort-plus\/\" class=\"no-default-link\">\n        <img decoding=\"async\" width=\"768\" height=\"499\" src=\"https:\/\/www.leeb-balkone.com\/app\/uploads\/2020\/04\/shutterstock_4878571_red-768x499.jpg\" class=\"attachment-medium_large size-medium_large\" alt=\"Alu Comfort Plus - patentiran pra\u0161ni premaz z u\u010dinkom lotosa iz Leeb Balconies\" title=\"Alu Comfort Plus\u00ae\" loading=\"lazy\" srcset=\"https:\/\/www.leeb-balkone.com\/app\/uploads\/2020\/04\/shutterstock_4878571_red-768x499.jpg 768w, https:\/\/www.leeb-balkone.com\/app\/uploads\/2020\/04\/shutterstock_4878571_red-300x195.jpg 300w, https:\/\/www.leeb-balkone.com\/app\/uploads\/2020\/04\/shutterstock_4878571_red-1024x665.jpg 1024w, https:\/\/www.leeb-balkone.com\/app\/uploads\/2020\/04\/shutterstock_4878571_red-1536x997.jpg 1536w, https:\/\/www.leeb-balkone.com\/app\/uploads\/2020\/04\/shutterstock_4878571_red-2048x1330.jpg 2048w\" sizes=\"auto, (min-width: 1200px) 360px, (min-width: 1024px) 300px, (min-width: 640px) 768px, 768px\" \/>      <\/a>\n    <\/figure>\n  \n  <div class=\"wp-block-group m-card-content is-vertical is-layout-flex wp-block-group-is-layout-flex\">\n            <h3 class=\"wp-block-heading\">\n          <a href=\"https:\/\/www.leeb-balkone.com\/sl\/tehnika\/alu-comfort-plus\/\" class=\"no-default-link\">Alu Comfort Plus\u00ae<\/a>\n        <\/h3>\n        <p>Edinstvena in patentirana povr\u0161ina ALU COMFORT PLUS\u00ae z izjemno u\u010dinkovitim lotosovim u\u010dinkom je bistvo nenehnih inovacij.<\/p>\n          <a href=\"https:\/\/www.leeb-balkone.com\/sl\/tehnika\/alu-comfort-plus\/\" class=\"more\">ve\u010d informacij<\/a>\n      <\/div>\n<\/div>\n\n          <div class=\"wp-block-group m-card is-layout-flow wp-block-group-is-layout-flow\">\n      <figure data-imgid=\"44739\" class=\"wp-block-image size-large\">\n      <a href=\"https:\/\/www.leeb-balkone.com\/sl\/distribucijski-partnerji\/\" class=\"no-default-link\">\n        <img decoding=\"async\" width=\"768\" height=\"575\" src=\"https:\/\/www.leeb-balkone.com\/app\/uploads\/2020\/12\/firma-leeb-balkone-zentrale-gnesau-768x575.jpg\" class=\"attachment-medium_large size-medium_large\" alt=\"Sede\u017e podjetja Leeb Balkone GmbH v Gnesau\" title=\"Lokacije Leeb\" loading=\"lazy\" srcset=\"https:\/\/www.leeb-balkone.com\/app\/uploads\/2020\/12\/firma-leeb-balkone-zentrale-gnesau-768x575.jpg 768w, https:\/\/www.leeb-balkone.com\/app\/uploads\/2020\/12\/firma-leeb-balkone-zentrale-gnesau-300x225.jpg 300w, https:\/\/www.leeb-balkone.com\/app\/uploads\/2020\/12\/firma-leeb-balkone-zentrale-gnesau-1024x767.jpg 1024w, https:\/\/www.leeb-balkone.com\/app\/uploads\/2020\/12\/firma-leeb-balkone-zentrale-gnesau-1536x1151.jpg 1536w, https:\/\/www.leeb-balkone.com\/app\/uploads\/2020\/12\/firma-leeb-balkone-zentrale-gnesau-2048x1535.jpg 2048w\" sizes=\"auto, (min-width: 1200px) 360px, (min-width: 1024px) 300px, (min-width: 640px) 768px, 768px\" \/>      <\/a>\n    <\/figure>\n  \n  <div class=\"wp-block-group m-card-content is-vertical is-layout-flex wp-block-group-is-layout-flex\">\n            <h3 class=\"wp-block-heading\">\n          <a href=\"https:\/\/www.leeb-balkone.com\/sl\/distribucijski-partnerji\/\" class=\"no-default-link\">Lokacije Leeb<\/a>\n        <\/h3>\n        <p>Na\u0161a prodajna mre\u017ea obsega pribli\u017eno 100 partnerjev Leeb v Avstriji, Nem\u010diji, Italiji, \u0160vici, na Slova\u0161kem in v Sloveniji. V va\u0161i bli\u017eini je vedno na voljo partner Leeb! <\/p>\n          <a href=\"https:\/\/www.leeb-balkone.com\/sl\/distribucijski-partnerji\/\" class=\"more\">Poi\u0161\u010dite prodajnega partnerja<\/a>\n      <\/div>\n<\/div>\n\n          <div class=\"wp-block-group m-card is-layout-flow wp-block-group-is-layout-flow\">\n      <figure data-imgid=\"15875\" class=\"wp-block-image size-large\">\n      <a href=\"https:\/\/www.leeb-balkone.com\/sl\/storitev\/dostava-in-montaza\/\" class=\"no-default-link\">\n        <img decoding=\"async\" width=\"768\" height=\"575\" src=\"https:\/\/www.leeb-balkone.com\/app\/uploads\/2020\/08\/mitarbeiter-montage-bei-leeb-balkone-768x575.jpeg\" class=\"attachment-medium_large size-medium_large\" alt=\"mitarbeiter montage bei leeb balkone\" title=\"Z nami ste na varni strani\" loading=\"lazy\" srcset=\"https:\/\/www.leeb-balkone.com\/app\/uploads\/2020\/08\/mitarbeiter-montage-bei-leeb-balkone-768x575.jpeg 768w, https:\/\/www.leeb-balkone.com\/app\/uploads\/2020\/08\/mitarbeiter-montage-bei-leeb-balkone-300x225.jpeg 300w, https:\/\/www.leeb-balkone.com\/app\/uploads\/2020\/08\/mitarbeiter-montage-bei-leeb-balkone-1024x767.jpeg 1024w, https:\/\/www.leeb-balkone.com\/app\/uploads\/2020\/08\/mitarbeiter-montage-bei-leeb-balkone-1536x1151.jpeg 1536w, https:\/\/www.leeb-balkone.com\/app\/uploads\/2020\/08\/mitarbeiter-montage-bei-leeb-balkone-2048x1534.jpeg 2048w\" sizes=\"auto, (min-width: 1200px) 360px, (min-width: 1024px) 300px, (min-width: 640px) 768px, 768px\" \/>      <\/a>\n    <\/figure>\n  \n  <div class=\"wp-block-group m-card-content is-vertical is-layout-flex wp-block-group-is-layout-flex\">\n            <h3 class=\"wp-block-heading\">\n          <a href=\"https:\/\/www.leeb-balkone.com\/sl\/storitev\/dostava-in-montaza\/\" class=\"no-default-link\">Z nami ste na varni strani<\/a>\n        <\/h3>\n        <p>Kar se natan\u010dno za\u010dne, se tudi natan\u010dno kon\u010da. Na\u0161e balkone in ograje, ki so sve\u017ee iz tovarne, strokovno dostavijo posebni tovornjaki, namestijo pa jih strokovnjaki. Hitro, enostavno in brez hrupa.  <\/p>\n          <a href=\"https:\/\/www.leeb-balkone.com\/sl\/storitev\/dostava-in-montaza\/\" class=\"more\">ve\u010d informacij<\/a>\n      <\/div>\n<\/div>\n\n          <div class=\"wp-block-group m-card is-layout-flow wp-block-group-is-layout-flow\">\n      <figure data-imgid=\"22536\" class=\"wp-block-image size-large\">\n      <a href=\"https:\/\/www.leeb-balkone.com\/sl\/storitev\/projektantske-storitve\/\" class=\"no-default-link\">\n        <img decoding=\"async\" width=\"768\" height=\"510\" src=\"https:\/\/www.leeb-balkone.com\/app\/uploads\/2021\/01\/perfekter-planungsservice-leeb-balkone-768x510.jpg\" class=\"attachment-medium_large size-medium_large\" alt=\"Na\u010drtovanje balkonov, ograj in teras - posvet s strokovnjakom za balkone iz podjetja Leeb Balconies (storitev na\u010drtovanja)\" title=\"Storitev na\u010drtovanja\" loading=\"lazy\" srcset=\"https:\/\/www.leeb-balkone.com\/app\/uploads\/2021\/01\/perfekter-planungsservice-leeb-balkone-768x510.jpg 768w, https:\/\/www.leeb-balkone.com\/app\/uploads\/2021\/01\/perfekter-planungsservice-leeb-balkone-300x199.jpg 300w, https:\/\/www.leeb-balkone.com\/app\/uploads\/2021\/01\/perfekter-planungsservice-leeb-balkone-1024x680.jpg 1024w, https:\/\/www.leeb-balkone.com\/app\/uploads\/2021\/01\/perfekter-planungsservice-leeb-balkone-1536x1020.jpg 1536w, https:\/\/www.leeb-balkone.com\/app\/uploads\/2021\/01\/perfekter-planungsservice-leeb-balkone-2048x1360.jpg 2048w\" sizes=\"auto, (min-width: 1200px) 360px, (min-width: 1024px) 300px, (min-width: 640px) 768px, 768px\" \/>      <\/a>\n    <\/figure>\n  \n  <div class=\"wp-block-group m-card-content is-vertical is-layout-flex wp-block-group-is-layout-flex\">\n            <h3 class=\"wp-block-heading\">\n          <a href=\"https:\/\/www.leeb-balkone.com\/sl\/storitev\/projektantske-storitve\/\" class=\"no-default-link\">Storitev na\u010drtovanja<\/a>\n        <\/h3>\n        <p>Osebni svetovalec Leeb na va\u0161em obmo\u010dju vam bo pomagal izbrati pravi balkon, ograjo ali stre\u0161no kritino &#8211; od na\u010drtovanja do namestitve.<\/p>\n          <a href=\"https:\/\/www.leeb-balkone.com\/sl\/storitev\/projektantske-storitve\/\" class=\"more\">ve\u010d informacij<\/a>\n      <\/div>\n<\/div>\n\n      \n<\/div>\n\n\n\n<p><\/p>\n<\/div><\/div><\/div><\/div>\n<\/section>\n\n\n\n<section class=\"wp-block-group alignfull has-white-background-color has-background has-global-padding is-layout-constrained wp-container-core-group-is-layout-9fa1424c wp-block-group-is-layout-constrained\" style=\"padding-top:0\">\n<div class=\"wp-block-columns is-style-offset m-split is-layout-flex wp-container-core-columns-is-layout-28f84493 wp-block-columns-is-layout-flex\">\n<div class=\"wp-block-column is-layout-flow wp-block-column-is-layout-flow\"><div class=\"vp-map-wrapper vp-map-ratio-19-1\"><img decoding=\"async\" width=\"1440\" height=\"884\" src=\"https:\/\/www.leeb-balkone.com\/app\/uploads\/2026\/04\/map-sl.jpg\" class=\"attachment-full size-full\" alt=\"map-sl\" style=\"width:100%;height:100%;object-fit:cover;display:block;\" loading=\"lazy\" srcset=\"https:\/\/www.leeb-balkone.com\/app\/uploads\/2026\/04\/map-sl.jpg 1440w, https:\/\/www.leeb-balkone.com\/app\/uploads\/2026\/04\/map-sl-300x184.jpg 300w, https:\/\/www.leeb-balkone.com\/app\/uploads\/2026\/04\/map-sl-1024x629.jpg 1024w, https:\/\/www.leeb-balkone.com\/app\/uploads\/2026\/04\/map-sl-768x471.jpg 768w\" sizes=\"auto, (min-width: 1536px) 2048px, (min-width: 992px) 1536px, (min-width: 768px) 1024px, (min-width: 576px) 768px, 100vw\" \/><\/div>\n<\/div>\n\n\n\n<div class=\"wp-block-column is-vertically-aligned-center is-style-overlay-content is-layout-flow wp-block-column-is-layout-flow\">\n<div class=\"wp-block-group is-vertical is-layout-flex wp-container-core-group-is-layout-bd7877ba wp-block-group-is-layout-flex\">\n<h2 class=\"wp-block-heading has-step-2-font-size\">Posredniki v Sloveniji<\/h2>\n\n\n\n<p>Kompetentni LEEB partnerji v va\u0161i regiji. Osebno svetovanje, natan\u010dno na\u010drtovanje in strokovna monta\u017ea.<\/p>\n\n\n\n<div class=\"wp-block-buttons is-layout-flex wp-block-buttons-is-layout-flex\" style=\"margin-top:var(--wp--preset--spacing--2-xs)\">\n<div class=\"wp-block-button is-style-cta\"><a class=\"wp-block-button__link has-transparent-background-color has-background wp-element-button\" href=\"https:\/\/www.leeb-balkone.com\/sl\/distribucijski-partnerji\/\">Poi\u0161\u010dite prodajnega partnerja<span class=\"sr-only\"> Distribucijski partner Leeb Balkone Slovenija<\/span><\/a><\/div>\n<\/div>\n<\/div>\n<\/div>\n<\/div>\n<\/section>\n\n\n\n<section class=\"wp-block-group alignfull has-light-gray-background-color has-background has-global-padding is-layout-constrained wp-container-core-group-is-layout-52f96efc wp-block-group-is-layout-constrained\" id=\"beratungstermin\">\n<div class=\"wp-block-group m-teaser o-grid u-md-1 is-layout-flow wp-block-group-is-layout-flow\">\n<div class=\"wp-block-group u-g-7 u-g-s-2 is-layout-flow wp-block-group-is-layout-flow\" style=\"margin-bottom:var(--wp--preset--spacing--s)\">\n<h2 class=\"wp-block-heading\">Stopite v stik z nami<\/h2>\n\n\n\n<p><strong><strong>Na\u010drtujete projekt ali imate vpra\u0161anja o nas in na\u0161ih re\u0161itvah? Pi\u0161ite nam: z veseljem bomo odgovorili na va\u0161a vpra\u0161anja!<\/strong><\/strong><\/p>\n<\/div>\n<\/div>\n\n\n\n<div class=\"wp-block-group m-teaser o-grid u-md-1 is-layout-flow wp-block-group-is-layout-flow\">\n<div class=\"wp-block-group u-g-7 u-g-s-2 is-layout-flow wp-block-group-is-layout-flow\" style=\"margin-bottom:var(--wp--preset--spacing--s)\"><form action=\"https:\/\/www.leeb-balkone.com\/sl\/wp-json\/ws-form\/v1\/submit\" class=\"wsf-form wsf-form-canvas\" id=\"ws-form-1\" data-id=\"11\" data-instance-id=\"1\" method=\"POST\"><\/form>\n<\/div>\n\n\n\n<div class=\"wp-block-group u-g-3 u-g-s-9 is-layout-flow wp-block-group-is-layout-flow\"><div class=\"t3-sidebar-buttons wp-block-buttons is-layout-flex wp-block-buttons-is-layout-flex\"><div class=\"wp-block-button is-style-fill icon-book icon-left\">\n                        <a class=\"wp-block-button__link has-secondary-color has-white-background-color has-text-color has-background has-link-color wp-element-button\" href=\"https:\/\/www.leeb-balkone.com\/sl\/kontakt\/zahtevajte-katalog\/\" style=\"box-shadow:var(--wp--preset--shadow--box-shadow)\">Zahtevajte katalog<\/a>\n                    <\/div><\/div>\n<\/div>\n<\/div>\n<\/section>\n","protected":false},"excerpt":{"rendered":"","protected":false},"author":1,"featured_media":0,"parent":0,"menu_order":2,"comment_status":"closed","ping_status":"closed","template":"template-onepager.blade.php","meta":{"_acf_changed":false,"footnotes":"","_sage_theme_css":true,"_wp_block_core_css":true},"folder":[257],"class_list":["post-163589","page","type-page","status-publish","hentry"],"acf":[],"yoast_head":"<!-- This site is optimized with the Yoast SEO plugin v27.2 - https:\/\/yoast.com\/product\/yoast-seo-wordpress\/ -->\n<title>Servis in prodaja z ve\u010d kot 80 partnerji - % Leeb Balkone Slovenija<\/title>\n<meta name=\"description\" content=\"Na\u010drtovanje, prenova, monta\u017ea \u2713 Celovita storitev \u2713 Re\u0161itve po meri \u2713 Strokovna izvedba *** Vse storitve podjetja Leeb Balconies na enem mestu!\" \/>\n<meta name=\"robots\" content=\"index, follow, max-snippet:-1, max-image-preview:large, max-video-preview:-1\" \/>\n<meta property=\"og:locale\" content=\"sl_SI\" \/>\n<meta property=\"og:type\" content=\"article\" \/>\n<meta property=\"og:title\" content=\"Servis in prodaja z ve\u010d kot 80 partnerji - % Leeb Balkone\" \/>\n<meta property=\"og:description\" content=\"Na\u010drtovanje, prenova, monta\u017ea \u2713 Celovita storitev \u2713 Re\u0161itve po meri \u2713 Strokovna izvedba *** Vse storitve podjetja Leeb Balconies na enem mestu!\" \/>\n<meta property=\"og:url\" content=\"https:\/\/www.leeb-balkone.com\/sl\/storitev\/\" \/>\n<meta property=\"og:site_name\" content=\"Leeb Balkone\" \/>\n<meta property=\"article:publisher\" content=\"https:\/\/www.facebook.com\/balkone\/\" \/>\n<meta property=\"article:modified_time\" content=\"2026-03-20T14:48:50+00:00\" \/>\n<meta property=\"og:image\" content=\"https:\/\/www.leeb-balkone.com\/app\/uploads\/2021\/01\/perfekter-planungsservice-leeb-balkone-scaled.jpg\" \/>\n\t<meta property=\"og:image:width\" content=\"2560\" \/>\n\t<meta property=\"og:image:height\" content=\"1701\" \/>\n\t<meta property=\"og:image:type\" content=\"image\/jpeg\" \/>\n<meta name=\"twitter:card\" content=\"summary_large_image\" \/>\n<script type=\"application\/ld+json\" class=\"yoast-schema-graph\">{\"@context\":\"https:\/\/schema.org\",\"@graph\":[{\"@type\":\"WebPage\",\"@id\":\"https:\/\/www.leeb-balkone.com\/sl\/storitev\/\",\"url\":\"https:\/\/www.leeb-balkone.com\/sl\/storitev\/\",\"name\":\"Servis in prodaja z ve\u010d kot 80 partnerji - % Leeb Balkone\",\"isPartOf\":{\"@id\":\"https:\/\/www.leeb-balkone.com\/sl\/#website\"},\"primaryImageOfPage\":{\"@id\":\"https:\/\/www.leeb-balkone.com\/sl\/storitev\/#primaryimage\"},\"image\":{\"@id\":\"https:\/\/www.leeb-balkone.com\/sl\/storitev\/#primaryimage\"},\"thumbnailUrl\":\"https:\/\/www.leeb-balkone.com\/app\/uploads\/2021\/01\/perfekter-planungsservice-leeb-balkone-1024x680.jpg\",\"datePublished\":\"2026-01-28T14:25:53+00:00\",\"dateModified\":\"2026-03-20T14:48:50+00:00\",\"description\":\"Na\u010drtovanje, prenova, monta\u017ea \u2713 Celovita storitev \u2713 Re\u0161itve po meri \u2713 Strokovna izvedba *** Vse storitve podjetja Leeb Balconies na enem mestu!\",\"breadcrumb\":{\"@id\":\"https:\/\/www.leeb-balkone.com\/sl\/storitev\/#breadcrumb\"},\"inLanguage\":\"sl-SI\",\"potentialAction\":[{\"@type\":\"ReadAction\",\"target\":[\"https:\/\/www.leeb-balkone.com\/sl\/storitev\/\"]}]},{\"@type\":\"ImageObject\",\"inLanguage\":\"sl-SI\",\"@id\":\"https:\/\/www.leeb-balkone.com\/sl\/storitev\/#primaryimage\",\"url\":\"https:\/\/www.leeb-balkone.com\/app\/uploads\/2021\/01\/perfekter-planungsservice-leeb-balkone-1024x680.jpg\",\"contentUrl\":\"https:\/\/www.leeb-balkone.com\/app\/uploads\/2021\/01\/perfekter-planungsservice-leeb-balkone-1024x680.jpg\"},{\"@type\":\"BreadcrumbList\",\"@id\":\"https:\/\/www.leeb-balkone.com\/sl\/storitev\/#breadcrumb\",\"itemListElement\":[{\"@type\":\"ListItem\",\"position\":1,\"name\":\"Home\",\"item\":\"https:\/\/www.leeb-balkone.com\/sl\/\"},{\"@type\":\"ListItem\",\"position\":2,\"name\":\"Storitev\"}]},{\"@type\":\"WebSite\",\"@id\":\"https:\/\/www.leeb-balkone.com\/sl\/#website\",\"url\":\"https:\/\/www.leeb-balkone.com\/sl\/\",\"name\":\"Leeb Balkone\",\"description\":\"Balkone und Z\u00e4une\",\"publisher\":{\"@id\":\"https:\/\/www.leeb-balkone.com\/sl\/#organization\"},\"potentialAction\":[{\"@type\":\"SearchAction\",\"target\":{\"@type\":\"EntryPoint\",\"urlTemplate\":\"https:\/\/www.leeb-balkone.com\/sl\/?s={search_term_string}\"},\"query-input\":{\"@type\":\"PropertyValueSpecification\",\"valueRequired\":true,\"valueName\":\"search_term_string\"}}],\"inLanguage\":\"sl-SI\"},{\"@type\":\"Organization\",\"@id\":\"https:\/\/www.leeb-balkone.com\/sl\/#organization\",\"name\":\"Leeb Balkone Gmbh\",\"url\":\"https:\/\/www.leeb-balkone.com\/sl\/\",\"logo\":{\"@type\":\"ImageObject\",\"inLanguage\":\"sl-SI\",\"@id\":\"https:\/\/www.leeb-balkone.com\/sl\/#\/schema\/logo\/image\/\",\"url\":\"https:\/\/www.leeb-balkone.com\/app\/uploads\/2020\/11\/leeb-logo.svg\",\"contentUrl\":\"https:\/\/www.leeb-balkone.com\/app\/uploads\/2020\/11\/leeb-logo.svg\",\"width\":741,\"height\":204,\"caption\":\"Leeb Balkone Gmbh\"},\"image\":{\"@id\":\"https:\/\/www.leeb-balkone.com\/sl\/#\/schema\/logo\/image\/\"},\"sameAs\":[\"https:\/\/www.facebook.com\/balkone\/\",\"https:\/\/www.trustedshops.at\/bewertung\/info_X4587CCF5833E31AFE0B11F47D86999F2.html\",\"https:\/\/www.trustedshops.de\/bewertung\/info_X7BA536A7A0BDC86D36C4718E4DCAEEEF.html\",\"https:\/\/www.google.com\/maps\/place\/?q=place_id:ChIJ5-zH19-IcEcR9HonWRTllHI\"]}]}<\/script>\n<!-- \/ Yoast SEO plugin. -->","yoast_head_json":{"title":"Servis in prodaja z ve\u010d kot 80 partnerji - % Leeb Balkone Slovenija","description":"Na\u010drtovanje, prenova, monta\u017ea \u2713 Celovita storitev \u2713 Re\u0161itve po meri \u2713 Strokovna izvedba *** Vse storitve podjetja Leeb Balconies na enem mestu!","robots":{"index":"index","follow":"follow","max-snippet":"max-snippet:-1","max-image-preview":"max-image-preview:large","max-video-preview":"max-video-preview:-1"},"og_locale":"sl_SI","og_type":"article","og_title":"Servis in prodaja z ve\u010d kot 80 partnerji - % Leeb Balkone","og_description":"Na\u010drtovanje, prenova, monta\u017ea \u2713 Celovita storitev \u2713 Re\u0161itve po meri \u2713 Strokovna izvedba *** Vse storitve podjetja Leeb Balconies na enem mestu!","og_url":"https:\/\/www.leeb-balkone.com\/sl\/storitev\/","og_site_name":"Leeb Balkone","article_publisher":"https:\/\/www.facebook.com\/balkone\/","article_modified_time":"2026-03-20T14:48:50+00:00","og_image":[{"width":2560,"height":1701,"url":"https:\/\/www.leeb-balkone.com\/app\/uploads\/2021\/01\/perfekter-planungsservice-leeb-balkone-scaled.jpg","type":"image\/jpeg"}],"twitter_card":"summary_large_image","schema":{"@context":"https:\/\/schema.org","@graph":[{"@type":"WebPage","@id":"https:\/\/www.leeb-balkone.com\/sl\/storitev\/","url":"https:\/\/www.leeb-balkone.com\/sl\/storitev\/","name":"Servis in prodaja z ve\u010d kot 80 partnerji - % Leeb Balkone","isPartOf":{"@id":"https:\/\/www.leeb-balkone.com\/sl\/#website"},"primaryImageOfPage":{"@id":"https:\/\/www.leeb-balkone.com\/sl\/storitev\/#primaryimage"},"image":{"@id":"https:\/\/www.leeb-balkone.com\/sl\/storitev\/#primaryimage"},"thumbnailUrl":"https:\/\/www.leeb-balkone.com\/app\/uploads\/2021\/01\/perfekter-planungsservice-leeb-balkone-1024x680.jpg","datePublished":"2026-01-28T14:25:53+00:00","dateModified":"2026-03-20T14:48:50+00:00","description":"Na\u010drtovanje, prenova, monta\u017ea \u2713 Celovita storitev \u2713 Re\u0161itve po meri \u2713 Strokovna izvedba *** Vse storitve podjetja Leeb Balconies na enem mestu!","breadcrumb":{"@id":"https:\/\/www.leeb-balkone.com\/sl\/storitev\/#breadcrumb"},"inLanguage":"sl-SI","potentialAction":[{"@type":"ReadAction","target":["https:\/\/www.leeb-balkone.com\/sl\/storitev\/"]}]},{"@type":"ImageObject","inLanguage":"sl-SI","@id":"https:\/\/www.leeb-balkone.com\/sl\/storitev\/#primaryimage","url":"https:\/\/www.leeb-balkone.com\/app\/uploads\/2021\/01\/perfekter-planungsservice-leeb-balkone-1024x680.jpg","contentUrl":"https:\/\/www.leeb-balkone.com\/app\/uploads\/2021\/01\/perfekter-planungsservice-leeb-balkone-1024x680.jpg"},{"@type":"BreadcrumbList","@id":"https:\/\/www.leeb-balkone.com\/sl\/storitev\/#breadcrumb","itemListElement":[{"@type":"ListItem","position":1,"name":"Home","item":"https:\/\/www.leeb-balkone.com\/sl\/"},{"@type":"ListItem","position":2,"name":"Storitev"}]},{"@type":"WebSite","@id":"https:\/\/www.leeb-balkone.com\/sl\/#website","url":"https:\/\/www.leeb-balkone.com\/sl\/","name":"Leeb Balkone","description":"Balkone und Z\u00e4une","publisher":{"@id":"https:\/\/www.leeb-balkone.com\/sl\/#organization"},"potentialAction":[{"@type":"SearchAction","target":{"@type":"EntryPoint","urlTemplate":"https:\/\/www.leeb-balkone.com\/sl\/?s={search_term_string}"},"query-input":{"@type":"PropertyValueSpecification","valueRequired":true,"valueName":"search_term_string"}}],"inLanguage":"sl-SI"},{"@type":"Organization","@id":"https:\/\/www.leeb-balkone.com\/sl\/#organization","name":"Leeb Balkone Gmbh","url":"https:\/\/www.leeb-balkone.com\/sl\/","logo":{"@type":"ImageObject","inLanguage":"sl-SI","@id":"https:\/\/www.leeb-balkone.com\/sl\/#\/schema\/logo\/image\/","url":"https:\/\/www.leeb-balkone.com\/app\/uploads\/2020\/11\/leeb-logo.svg","contentUrl":"https:\/\/www.leeb-balkone.com\/app\/uploads\/2020\/11\/leeb-logo.svg","width":741,"height":204,"caption":"Leeb Balkone Gmbh"},"image":{"@id":"https:\/\/www.leeb-balkone.com\/sl\/#\/schema\/logo\/image\/"},"sameAs":["https:\/\/www.facebook.com\/balkone\/","https:\/\/www.trustedshops.at\/bewertung\/info_X4587CCF5833E31AFE0B11F47D86999F2.html","https:\/\/www.trustedshops.de\/bewertung\/info_X7BA536A7A0BDC86D36C4718E4DCAEEEF.html","https:\/\/www.google.com\/maps\/place\/?q=place_id:ChIJ5-zH19-IcEcR9HonWRTllHI"]}]}},"_links":{"self":[{"href":"https:\/\/www.leeb-balkone.com\/sl\/wp-json\/wp\/v2\/pages\/163589","targetHints":{"allow":["GET"]}}],"collection":[{"href":"https:\/\/www.leeb-balkone.com\/sl\/wp-json\/wp\/v2\/pages"}],"about":[{"href":"https:\/\/www.leeb-balkone.com\/sl\/wp-json\/wp\/v2\/types\/page"}],"author":[{"embeddable":true,"href":"https:\/\/www.leeb-balkone.com\/sl\/wp-json\/wp\/v2\/users\/1"}],"replies":[{"embeddable":true,"href":"https:\/\/www.leeb-balkone.com\/sl\/wp-json\/wp\/v2\/comments?post=163589"}],"version-history":[{"count":3,"href":"https:\/\/www.leeb-balkone.com\/sl\/wp-json\/wp\/v2\/pages\/163589\/revisions"}],"predecessor-version":[{"id":166327,"href":"https:\/\/www.leeb-balkone.com\/sl\/wp-json\/wp\/v2\/pages\/163589\/revisions\/166327"}],"wp:attachment":[{"href":"https:\/\/www.leeb-balkone.com\/sl\/wp-json\/wp\/v2\/media?parent=163589"}],"wp:term":[{"taxonomy":"folder","embeddable":true,"href":"https:\/\/www.leeb-balkone.com\/sl\/wp-json\/wp\/v2\/folder?post=163589"}],"curies":[{"name":"wp","href":"https:\/\/api.w.org\/{rel}","templated":true}]}}