{"id":163078,"date":"2026-01-19T11:50:47","date_gmt":"2026-01-19T11:50:47","guid":{"rendered":"https:\/\/www.leeb-balkone.com\/nadstresni-sistemi\/poletni-vrt\/"},"modified":"2026-01-27T14:27:40","modified_gmt":"2026-01-27T14:27:40","slug":"terasa-kot-letni-vrt","status":"publish","type":"page","link":"https:\/\/www.leeb-balkone.com\/sl\/nadstresni-sistemi\/terasa-kot-letni-vrt\/","title":{"rendered":"Poletni vrt"},"content":{"rendered":"\n<section class=\"wp-block-group alignfull t3-header t3-header-splitscreen t3-splitscreen-shadow h-zi-20 has-light-gray-background-color has-background has-global-padding is-layout-constrained wp-container-core-group-is-layout-f1ad4950 wp-block-group-is-layout-constrained\" style=\"padding-top:0;padding-bottom:0\">\n<div class=\"wp-block-columns h-flx-a-s m-split is-layout-flex wp-container-core-columns-is-layout-28f84493 wp-block-columns-is-layout-flex\">\n<div class=\"wp-block-column is-vertically-aligned-top h-flx-a-s m-split-col-content is-layout-flow wp-block-column-is-layout-flow\"><div class=\"yoast-breadcrumbs\"><span><span><a href=\"https:\/\/www.leeb-balkone.com\/sl\/\">Home<\/a><\/span> \/ <span><a href=\"https:\/\/www.leeb-balkone.com\/sl\/nadstresni-sistemi\/\">Nadstre\u0161ki in poletni vrtovi<\/a><\/span> \/ <span class=\"breadcrumb_last\" aria-current=\"page\">Poletni vrt<\/span><\/span><\/div>\n\n<h1 class=\"wp-block-post-title\">Poletni vrt<\/h1>\n\n\n<p class=\"has-step-0-font-size\" style=\"margin-bottom:0\">Z letnim vrtom Leeb lahko udobno podalj\u0161ate sezono na terasi. Celotna zasteklitev \u0161\u010diti pred vetrom in vremenskimi vplivi ter prepu\u0161\u010da veliko son\u010dne svetlobe. Pokritje terase se spremeni v prijeten poletni vrt.<\/p>\n\n\n\n<div class=\"wp-block-buttons is-layout-flex wp-block-buttons-is-layout-flex\" style=\"margin-top:var(--wp--preset--spacing--l)\">\n<div class=\"wp-block-button is-style-cta icon-book icon-left\"><a class=\"wp-block-button__link wp-element-button\" href=\"https:\/\/www.leeb-balkone.com\/sl\/kontakt\/zahtevajte-katalog\/\">Zahtevajte katalog<\/a><\/div>\n\n\n\n<div class=\"wp-block-button is-style-cta icon-vp icon-left\"><a class=\"wp-block-button__link wp-element-button\" href=\"https:\/\/www.leeb-balkone.com\/sl\/distribucijski-partnerji\/\">Poi\u0161\u010dite kontaktno osebo<span class=\"sr-only\"> Slovenija<\/span><\/a><\/div>\n<\/div>\n<\/div>\n\n\n\n<div class=\"wp-block-column is-vertically-aligned-stretch h-hide-md-down is-style-image-cover is-layout-flow wp-block-column-is-layout-flow\">\n<figure class=\"wp-block-image size-large\"><img loading=\"lazy\" decoding=\"async\" width=\"1024\" height=\"684\" src=\"https:\/\/www.leeb-balkone.com\/app\/uploads\/2020\/07\/glas-sommergarten-terrassenueberdachung-5-1024x684.jpg\" alt=\"glas sommergarten terrassenueberdachung\" class=\"wp-image-59462\" srcset=\"https:\/\/www.leeb-balkone.com\/app\/uploads\/2020\/07\/glas-sommergarten-terrassenueberdachung-5-1024x684.jpg 1024w, https:\/\/www.leeb-balkone.com\/app\/uploads\/2020\/07\/glas-sommergarten-terrassenueberdachung-5-300x200.jpg 300w, https:\/\/www.leeb-balkone.com\/app\/uploads\/2020\/07\/glas-sommergarten-terrassenueberdachung-5-768x513.jpg 768w, https:\/\/www.leeb-balkone.com\/app\/uploads\/2020\/07\/glas-sommergarten-terrassenueberdachung-5-1536x1025.jpg 1536w, https:\/\/www.leeb-balkone.com\/app\/uploads\/2020\/07\/glas-sommergarten-terrassenueberdachung-5-scaled.jpg 2048w\" sizes=\"auto, (max-width: 1024px) 100vw, 1024px\" \/><\/figure>\n<\/div>\n<\/div>\n<\/section>\n\n\n\n<section class=\"wp-block-group alignfull has-white-background-color has-background has-global-padding is-layout-constrained wp-container-core-group-is-layout-52f96efc wp-block-group-is-layout-constrained\" id=\"modelle\">\n<div class=\"wp-block-group m-teaser o-grid u-md-1 is-layout-flow wp-block-group-is-layout-flow\">\n<div class=\"wp-block-group u-g-9 u-g-s-2 is-layout-flow wp-block-group-is-layout-flow\" style=\"margin-bottom:var(--wp--preset--spacing--s)\">\n<p class=\"has-text-align-left\"><em><strong>&#8220;Raz\u0161iritev bivalnega prostora par excellence &#8211; dobra terasa w<em><strong><em><strong>s poletnim vrtom Leeb<\/strong><\/em><\/strong><\/em>.&#8221;<\/strong><\/em><\/p>\n<\/div>\n<\/div>\n\n\n\n<div class=\"wp-block-columns is-layout-flex wp-container-core-columns-is-layout-28f84493 wp-block-columns-is-layout-flex\">\n<div class=\"wp-block-column is-layout-flow wp-block-column-is-layout-flow\" style=\"flex-basis:66.66%\"><div class=\"tgs-gallery\" data-tablet-slides=\"4\" data-desktop-slides=\"5\"><div class=\"t3-tgs swiper mainSlider\">\n                <div class=\"has-icon icon-enlarge\"><\/div>\n                <div class=\"swiper-wrapper lg-swiper\"><div class=\"swiper-slide\"><a href=\"https:\/\/www.leeb-balkone.com\/app\/uploads\/2020\/07\/glas-sommergarten-terrassenueberdachung-scaled.jpg\"><img decoding=\"async\" src=\"https:\/\/www.leeb-balkone.com\/app\/uploads\/2020\/07\/glas-sommergarten-terrassenueberdachung-scaled.jpg\" alt=\"\u00dcberdachte und gesch\u00fctzte Lebensraumerweiterung - Leeb Sommergarten\"><\/a><div class=\"tgs-desc\">Pokrita in za\u0161\u010ditena raz\u0161iritev bivalnega prostora<\/div><\/div><div class=\"swiper-slide\"><a href=\"https:\/\/www.leeb-balkone.com\/app\/uploads\/2020\/07\/Sommergarten-Ueberdachung-Toscana-mit-Schiebeelementen-Markise-Boden-10-scaled.jpg\"><img decoding=\"async\" src=\"https:\/\/www.leeb-balkone.com\/app\/uploads\/2020\/07\/Sommergarten-Ueberdachung-Toscana-mit-Schiebeelementen-Markise-Boden-10-scaled.jpg\" alt=\"Sommergarten mit Alu-Glas Schiebeelementen und Markisen\"><\/a><div class=\"tgs-desc\">Poletna vrtna terasa z navpi\u010dnimi markizami za za\u0161\u010dito pred soncem in pogledi<\/div><\/div><div class=\"swiper-slide\"><a href=\"https:\/\/www.leeb-balkone.com\/app\/uploads\/2020\/07\/glas-sommergarten-24-scaled.jpg\"><img decoding=\"async\" src=\"https:\/\/www.leeb-balkone.com\/app\/uploads\/2020\/07\/glas-sommergarten-24-scaled.jpg\" alt=\"Sommergarten mit schr\u00e4ggestellten Alu-Lamellen in Holzoptik\"><\/a><div class=\"tgs-desc\">Pokrita oaza dobrega po\u010dutja na vrtu z nagnjenimi aluminijastimi lamelami v lesnem videzu <\/div><\/div><div class=\"swiper-slide\"><a href=\"https:\/\/www.leeb-balkone.com\/app\/uploads\/2020\/07\/glas-sommergarten-1-scaled.jpg\"><img decoding=\"async\" src=\"https:\/\/www.leeb-balkone.com\/app\/uploads\/2020\/07\/glas-sommergarten-1-scaled.jpg\" alt=\"Rattan-Garnitur und Lounge-Kugel im Alu Sommergarten\"><\/a><div class=\"tgs-desc\">Jedilnica na prostem z za\u0161\u010dito pred soncem s stre\u0161no markizo<\/div><\/div><\/div><div class=\"mainSliderPrev\"><\/div><div class=\"mainSliderNext\"><\/div><div class=\"main_slider_dots\"><\/div><\/div><div class=\"swiper thumbSlider\"><div class=\"swiper-wrapper wp-block-t3-carousel-wrapper\"><div class=\"swiper-slide\"><img decoding=\"async\" src=\"https:\/\/www.leeb-balkone.com\/app\/uploads\/2020\/07\/glas-sommergarten-terrassenueberdachung-1024x684.jpg\" alt=\"\u00dcberdachte und gesch\u00fctzte Lebensraumerweiterung - Leeb Sommergarten\" \/><\/div><div class=\"swiper-slide\"><img decoding=\"async\" src=\"https:\/\/www.leeb-balkone.com\/app\/uploads\/2020\/07\/Sommergarten-Ueberdachung-Toscana-mit-Schiebeelementen-Markise-Boden-10-1024x683.jpg\" alt=\"Sommergarten mit Alu-Glas Schiebeelementen und Markisen\" \/><\/div><div class=\"swiper-slide\"><img decoding=\"async\" src=\"https:\/\/www.leeb-balkone.com\/app\/uploads\/2020\/07\/glas-sommergarten-24-1024x684.jpg\" alt=\"Sommergarten mit schr\u00e4ggestellten Alu-Lamellen in Holzoptik\" \/><\/div><div class=\"swiper-slide\"><img decoding=\"async\" src=\"https:\/\/www.leeb-balkone.com\/app\/uploads\/2020\/07\/glas-sommergarten-1-1024x684.jpg\" alt=\"Rattan-Garnitur und Lounge-Kugel im Alu Sommergarten\" \/><\/div><\/div><div class=\"thumbSliderPrev swiper-button-prev\"><\/div><div class=\"thumbSliderNext swiper-button-next\"><\/div><\/div><\/div><\/div>\n\n\n\n<div class=\"wp-block-column is-layout-flow wp-block-column-is-layout-flow\" style=\"flex-basis:33.33%\">\n<h2 class=\"wp-block-heading has-step-2-font-size\">Vsestranska za\u0161\u010dita<\/h2>\n\n\n\n<p>Letni vrt Leeb navdu\u0161uje s popolnoma zaprto konstrukcijo iz aluminija in stekla, ki zagotavlja najve\u010djo stabilnost, odpornost na vremenske vplive in vzdr\u017eljivost. Stranski drsni ali drsno-sklopni elementi iz lepljenega varnostnega stekla omogo\u010dajo prilagodljivo prilagajanje vremenskim razmeram in uporabi, medtem ko radijsko krmiljene tende in razli\u010dni elementi za za\u0161\u010dito zasebnosti zagotavljajo udobje in individualno za\u0161\u010dito.<\/p>\n\n\n\n<ul class=\"wp-block-list is-style-checkmark-2\">\n<li>Streha terase s stranskimi elementi<\/li>\n\n\n\n<li>\u0160tevilne mo\u017enosti oblikovanja<\/li>\n\n\n\n<li>Z vsemi prednostmi Leeb<\/li>\n<\/ul>\n<\/div>\n<\/div>\n\n\n\n<div class=\"wp-block-group m-teaser o-grid u-md-1 is-layout-flow wp-block-group-is-layout-flow\" style=\"margin-top:0;padding-top:var(--wp--preset--spacing--xl-2-xl)\">\n<div class=\"wp-block-group u-g-10 u-g-s-2 is-layout-flow wp-block-group-is-layout-flow\" style=\"margin-top:0;margin-bottom:var(--wp--preset--spacing--s)\"><div class=\"wp-block-t3-tabs t3-tabs t3-tabs--centered\" data-uniqueid=\"tabs-8f57f258\" data-use-headings=\"false\" data-heading-level=\"h2\"><ul class=\"t3-tabs__list\" role=\"tablist\"><li role=\"presentation\"><button role=\"tab\" id=\"tabs-8f57f258-tab-0\" aria-controls=\"tabs-8f57f258-panel-0\" class=\"t3-tabs__tab-button t3-tabs__tab-button--active\" aria-selected=\"true\" tabindex=\"0\"><div class=\"t3-tabs__tab-button-inner\"><span class=\"t3-tabs__tab-title\">Struktura in opis<\/span><\/div><\/button><\/li><li role=\"presentation\"><button role=\"tab\" id=\"tabs-8f57f258-tab-1\" aria-controls=\"tabs-8f57f258-panel-1\" class=\"t3-tabs__tab-button\" aria-selected=\"false\" tabindex=\"-1\"><div class=\"t3-tabs__tab-button-inner\"><span class=\"t3-tabs__tab-title\">Oprema in mo\u017enosti<\/span><\/div><\/button><\/li><li role=\"presentation\"><button role=\"tab\" id=\"tabs-8f57f258-tab-2\" aria-controls=\"tabs-8f57f258-panel-2\" class=\"t3-tabs__tab-button\" aria-selected=\"false\" tabindex=\"-1\"><div class=\"t3-tabs__tab-button-inner\"><span class=\"t3-tabs__tab-title\">Varnost in kakovost<\/span><\/div><\/button><\/li><\/ul><div class=\"t3-tabs__panels\"><div class=\"t3-tab__content t3-tabs__panel\" role=\"tabpanel\" id=\"tabs-8f57f258-panel-0\" aria-labelledby=\"tabs-8f57f258-tab-0\">\n\n\n<!-- LEEB Balkone GmbH Video: Die neuen Jahreszeiten im LEEB-SOMMERGARTEN genie\u00dfen -->\n<div class=\"video-container\" style=\"position:relative; padding-bottom:56.25%; height:0; overflow:hidden;\">\n  <iframe src=\"https:\/\/www.youtube.com\/embed\/u0EMw_4yXJM?rel=0\" width=\"560\" height=\"315\" title=\"U\u017eivajte v novih letnih \u010dasih v LEEB-SOMMERGARTEN\" frameborder=\"0\" allow=\"accelerometer; autoplay; clipboard-write; encrypted-media; gyroscope; picture-in-picture; web-share\" allowfullscreen=\"\" loading=\"lazy\" tabindex=\"0\">\n  <\/iframe>\n<\/div>\n<!-- Structured Data f\u00fcr SEO -->\n<script type=\"application\/ld+json\">\n{\n  \"@context\": \"https:\/\/schema.org\",\n  \"@type\": \"VideoObject\",\n  \"name\": \"Die neuen Jahreszeiten im LEEB-SOMMERGARTEN genie\u00dfen\",\n  \"description\": \"Wie Sie sich jede Jahreszeit zu Ihrer Lieblingsjahreszeit machen k\u00f6nnen, verr\u00e4t Ihnen dieses Video.\",\n  \"thumbnailUrl\": \"https:\/\/i.ytimg.com\/vi\/u0EMw_4yXJM\/hqdefault.jpg\",\n  \"uploadDate\": \"2022-11-30\",\n  \"duration\": \"PT2M19S\",\n  \"publisher\": {\n    \"@type\": \"Organization\",\n    \"name\": \"LEEB Balkone GmbH\"\n  },\n  \"contentUrl\": \"https:\/\/www.youtube.com\/watch?v=u0EMw_4yXJM\"\n}\n<\/script>\n\n\n\n<p><\/p>\n\n\n\n<p>U\u017eivajte v svojem vrtu skoraj vse leto: poletni vrt Leeb je popolnoma zastekljen, zaprt prostor, ki se ujema z va\u0161im domom in omogo\u010da najve\u010djo prilagodljivost.<\/p>\n\n\n\n<ul class=\"wp-block-list\">\n<li>Robustna aluminijasta konstrukcija z vsestransko zasteklitvijo<\/li>\n\n\n\n<li>Drsni ali vrtljivi elementi za prilagodljivo odpiranje<\/li>\n\n\n\n<li>Mo\u017eni prehodi brez ovir<\/li>\n\n\n\n<li>Modularno raz\u0161irljivo, prilagojeno na\u010drtovanje<\/li>\n<\/ul>\n<\/div><div class=\"t3-tab__content t3-tabs__panel\" role=\"tabpanel\" id=\"tabs-8f57f258-panel-1\" aria-labelledby=\"tabs-8f57f258-tab-1\">\n<p>Poletni vrt oblikujte po svojih \u017eeljah &#8211; za udobje in prijetno vzdu\u0161je v vsakem letnem \u010dasu.<\/p>\n\n\n\n<ul class=\"wp-block-list is-style-default\">\n<li>Razli\u010dni zasloni za zasebnost in stekleni elementi (prozorni, mat, sivi, lamele)<\/li>\n\n\n\n<li>Vgrajena LED osvetlitev z mo\u017enostjo zatemnitve<\/li>\n\n\n\n<li>Stre\u0161ne in stranske markize za za\u0161\u010dito pred soncem in zasebnostjo<\/li>\n\n\n\n<li>Nadzorovano prezra\u010devanje, prilagodljive mo\u017enosti odpiranja<\/li>\n<\/ul>\n<\/div><div class=\"t3-tab__content t3-tabs__panel\" role=\"tabpanel\" id=\"tabs-8f57f258-panel-2\" aria-labelledby=\"tabs-8f57f258-tab-2\">\n<p>Zanesete se lahko na preizku\u0161eno kakovost in trpe\u017ene materiale &#8211; za varen dom in dolgotrajno u\u017eivanje.<\/p>\n\n\n\n<ul class=\"wp-block-list is-style-default\">\n<li>Laminirano varnostno steklo (VSG) s CE-odobritvijo<\/li>\n\n\n\n<li>Stati\u010dni izra\u010dun za obremenitve zaradi vetra in snega<\/li>\n\n\n\n<li>Proizvodnja s certifikatom ISO, pra\u0161no lakiranje brez vzdr\u017eevanja<\/li>\n\n\n\n<li>Osebno svetovanje in strokovna namestitev s strani partnerjev Leeb<\/li>\n<\/ul>\n<\/div><\/div><\/div><\/div>\n<\/div>\n<\/section>\n\n\n\n\n\n<section class=\"wp-block-group alignfull has-light-gray-background-color has-background has-global-padding is-layout-constrained wp-container-core-group-is-layout-52f96efc wp-block-group-is-layout-constrained\" id=\"service-qualitaet\">\n<div class=\"wp-block-group o-grid u-md-1 is-layout-flow wp-block-group-is-layout-flow\">\n<div class=\"wp-block-group u-g-9 u-g-s-2 is-layout-flow wp-block-group-is-layout-flow\" style=\"margin-bottom:var(--wp--preset--spacing--s)\">\n<h2 class=\"wp-block-heading\"><strong>Poletni vrt Leeb<\/strong><\/h2>\n\n\n\n<p><span class=\"teaser\">Poletni vrt Leeb je idealna re\u0161itev za udobno in predvsem dalj\u0161o uporabo va\u0161e terase skozi vse leto: Celotna zastekljena aluminijasta konstrukcija zagotavlja zanesljivo za\u0161\u010dito pred vetrom, de\u017ejem in vremenskimi vplivi, ujame veliko son\u010dne svetlobe in tako znatno podalj\u0161a sezono na va\u0161i terasi<\/span>.<\/p>\n\n\n\n<p>Z letnim vrtom Leeb Atrium dobite trajno, prilagodljivo in varno re\u0161itev za raz\u0161iritev bivalnega prostora &#8211; od na\u010drtovanja do namestitve iz enega samega vira.<\/p>\n<\/div>\n<\/div>\n\n\n\n<div class=\"wp-block-group small is-style-white-cards sm-2-cols is-layout-grid wp-container-core-group-is-layout-7785d981 wp-block-group-is-layout-grid\">\n<div class=\"wp-block-group m-card has-modal is-layout-flow wp-container-core-group-is-layout-8a368f38 wp-block-group-is-layout-flow\" data-modal-id=\"150743\">\n<figure class=\"wp-block-image size-full\"><img loading=\"lazy\" decoding=\"async\" width=\"2560\" height=\"1920\" src=\"https:\/\/www.leeb-balkone.com\/app\/uploads\/2024\/08\/alu-terrassenueberdachung-elegant-highend-01-scaled.jpg\" alt=\"alu terrassenueberdachung elegant highend\" class=\"wp-image-140194\" srcset=\"https:\/\/www.leeb-balkone.com\/app\/uploads\/2024\/08\/alu-terrassenueberdachung-elegant-highend-01-scaled.jpg 2560w, https:\/\/www.leeb-balkone.com\/app\/uploads\/2024\/08\/alu-terrassenueberdachung-elegant-highend-01-300x225.jpg 300w, https:\/\/www.leeb-balkone.com\/app\/uploads\/2024\/08\/alu-terrassenueberdachung-elegant-highend-01-1024x768.jpg 1024w, https:\/\/www.leeb-balkone.com\/app\/uploads\/2024\/08\/alu-terrassenueberdachung-elegant-highend-01-768x576.jpg 768w, https:\/\/www.leeb-balkone.com\/app\/uploads\/2024\/08\/alu-terrassenueberdachung-elegant-highend-01-1536x1152.jpg 1536w, https:\/\/www.leeb-balkone.com\/app\/uploads\/2024\/08\/alu-terrassenueberdachung-elegant-highend-01-2048x1536.jpg 2048w\" sizes=\"auto, (max-width: 2560px) 100vw, 2560px\" \/><\/figure>\n\n\n\n<div class=\"wp-block-group m-card-content has-white-background-color has-background is-vertical is-layout-flex wp-container-core-group-is-layout-5580f018 wp-block-group-is-layout-flex\">\n<h3 class=\"wp-block-heading\">Prava streha za vsak projekt<\/h3>\n\n\n\n<p>Stre\u0161na kritina s sistemom &#8211; najve\u010dja izbira, najve\u010dja svoboda oblikovanja.<\/p>\n<\/div>\n<a href=\"#overlay-150743\" class=\"open-modal-link\" aria-label=\"Open modal\"><span class=\"sr-only\">\u00d6ffne Modal<\/span><\/a><\/div>\n\n\n\n<div class=\"wp-block-group m-card has-modal is-layout-flow wp-container-core-group-is-layout-8a368f38 wp-block-group-is-layout-flow\" data-modal-id=\"150749\">\n<figure class=\"wp-block-image size-large is-style-default\"><img loading=\"lazy\" decoding=\"async\" width=\"1024\" height=\"767\" src=\"https:\/\/www.leeb-balkone.com\/app\/uploads\/2020\/08\/leeb-balkone-mitarbeiter-4-1024x767.jpeg\" alt=\"Namestitev prilagojene balkonske ograje iz aluminija Leeb\" class=\"wp-image-6083\" srcset=\"https:\/\/www.leeb-balkone.com\/app\/uploads\/2020\/08\/leeb-balkone-mitarbeiter-4-1024x767.jpeg 1024w, https:\/\/www.leeb-balkone.com\/app\/uploads\/2020\/08\/leeb-balkone-mitarbeiter-4-2048x1535.jpeg 2048w, https:\/\/www.leeb-balkone.com\/app\/uploads\/2020\/08\/leeb-balkone-mitarbeiter-4-300x225.jpeg 300w, https:\/\/www.leeb-balkone.com\/app\/uploads\/2020\/08\/leeb-balkone-mitarbeiter-4-768x575.jpeg 768w, https:\/\/www.leeb-balkone.com\/app\/uploads\/2020\/08\/leeb-balkone-mitarbeiter-4-1536x1151.jpeg 1536w\" sizes=\"auto, (max-width: 1024px) 100vw, 1024px\" \/><\/figure>\n\n\n\n<div class=\"wp-block-group m-card-content has-white-background-color has-background is-vertical is-layout-flex wp-container-core-group-is-layout-5580f018 wp-block-group-is-layout-flex\">\n<h3 class=\"wp-block-heading\">Vsestranska storitev za brezskrbno realizacijo!<\/h3>\n\n\n\n<p>Svetovanje na kraju samem, 3D konfigurator, tovarni\u0161ka proizvodnja, dobava in monta\u017ea.<\/p>\n<\/div>\n<a href=\"#overlay-150749\" class=\"open-modal-link\" aria-label=\"Open modal\"><span class=\"sr-only\">\u00d6ffne Modal<\/span><\/a><\/div>\n\n\n\n<div class=\"wp-block-group m-card has-modal is-layout-flow wp-container-core-group-is-layout-8a368f38 wp-block-group-is-layout-flow\" data-modal-id=\"150746\">\n<figure class=\"wp-block-image size-full\"><img loading=\"lazy\" decoding=\"async\" width=\"2048\" height=\"1366\" src=\"https:\/\/www.leeb-balkone.com\/app\/uploads\/2022\/05\/glas-bearbeitung-zuschnitt--scaled.jpg\" alt=\"glas bearbeitung zuschnitt \" class=\"wp-image-83644\" srcset=\"https:\/\/www.leeb-balkone.com\/app\/uploads\/2022\/05\/glas-bearbeitung-zuschnitt--scaled.jpg 2048w, https:\/\/www.leeb-balkone.com\/app\/uploads\/2022\/05\/glas-bearbeitung-zuschnitt--300x200.jpg 300w, https:\/\/www.leeb-balkone.com\/app\/uploads\/2022\/05\/glas-bearbeitung-zuschnitt--1024x683.jpg 1024w, https:\/\/www.leeb-balkone.com\/app\/uploads\/2022\/05\/glas-bearbeitung-zuschnitt--768x512.jpg 768w, https:\/\/www.leeb-balkone.com\/app\/uploads\/2022\/05\/glas-bearbeitung-zuschnitt--1536x1024.jpg 1536w\" sizes=\"auto, (max-width: 2048px) 100vw, 2048px\" \/><\/figure>\n\n\n\n<div class=\"wp-block-group m-card-content has-white-background-color has-background is-vertical is-layout-flex wp-container-core-group-is-layout-5580f018 wp-block-group-is-layout-flex\">\n<h3 class=\"wp-block-heading\"><strong>Laminirano varnostno steklo vrhunske kakovosti<\/strong><\/h3>\n\n\n\n<p>Preizku\u0161ena varnost, inovativne zasnove in dolgotrajna kakovost po meri s podjetjem Leeb Glas.<\/p>\n<\/div>\n<a href=\"#overlay-150746\" class=\"open-modal-link\" aria-label=\"Open modal\"><span class=\"sr-only\">\u00d6ffne Modal<\/span><\/a><\/div>\n\n\n\n<div class=\"wp-block-group m-card has-modal is-layout-flow wp-container-core-group-is-layout-8a368f38 wp-block-group-is-layout-flow\" data-modal-id=\"150753\">\n<figure class=\"wp-block-image size-large\"><img loading=\"lazy\" decoding=\"async\" width=\"1024\" height=\"665\" src=\"https:\/\/www.leeb-balkone.com\/app\/uploads\/2020\/08\/alu-comfort-plus-1024x665.jpg\" alt=\"alu comfort plus\" class=\"wp-image-5082\" srcset=\"https:\/\/www.leeb-balkone.com\/app\/uploads\/2020\/08\/alu-comfort-plus-1024x665.jpg 1024w, https:\/\/www.leeb-balkone.com\/app\/uploads\/2020\/08\/alu-comfort-plus-300x195.jpg 300w, https:\/\/www.leeb-balkone.com\/app\/uploads\/2020\/08\/alu-comfort-plus-768x499.jpg 768w, https:\/\/www.leeb-balkone.com\/app\/uploads\/2020\/08\/alu-comfort-plus-1536x997.jpg 1536w, https:\/\/www.leeb-balkone.com\/app\/uploads\/2020\/08\/alu-comfort-plus-2048x1330.jpg 2048w\" sizes=\"auto, (max-width: 1024px) 100vw, 1024px\" \/><\/figure>\n\n\n\n<div class=\"wp-block-group m-card-content has-white-background-color has-background is-vertical is-layout-flex wp-container-core-group-is-layout-5580f018 wp-block-group-is-layout-flex\">\n<h3 class=\"wp-block-heading\">Dolgoro\u010dna za\u0161\u010dita z ALU Comfort Plus\u00ae<\/h3>\n\n\n\n<p>Patentiran premaz in obdelava aluminija na najvi\u0161ji ravni.<\/p>\n<\/div>\n<a href=\"#overlay-150753\" class=\"open-modal-link\" aria-label=\"Open modal\"><span class=\"sr-only\">\u00d6ffne Modal<\/span><\/a><\/div>\n<\/div>\n\n\n\n<div class=\"wp-block-group o-grid u-md-1 is-layout-flow wp-block-group-is-layout-flow\" style=\"padding-top:var(--wp--preset--spacing--l)\">\n<div class=\"wp-block-group u-g-9 u-g-s-2 is-layout-flow wp-block-group-is-layout-flow\" style=\"margin-bottom:var(--wp--preset--spacing--s)\">\n<h3 class=\"wp-block-heading\">Prednosti na prvi pogled<\/h3>\n\n\n\n<p>Letni vrt Leeb navdu\u0161uje s prefinjeno tehnologijo, ki zdru\u017euje udobje, varnost in vzdr\u017eljivost: stabilna aluminijasta konstrukcija s patentiranim premazom Alu Comfort Plus\u00ae je izredno odporna na vremenske vplive, enostavna za vzdr\u017eevanje in dolgo \u010dasa ostane lepa. Celotna zasteklitev z lepljenim varnostnim steklom zagotavlja zanesljivo za\u0161\u010dito pred vetrom in vremenskimi vplivi, medtem ko stranski drsni ali drsno-sklopni elementi &#8211; po potrebi v prozorni, matirani ali sivi razli\u010dici &#8211; ponujajo prilagodljive mo\u017enosti odpiranja in optimalno prezra\u010devanje. Radijsko vodene markize poleti zagotavljajo prijetno senco, vgrajene talne tirnice pa zagotavljajo dostopnost in tiho ter gladko drsenje drsnih elementov. Po \u017eelji lahko v nosilne tramove diskretno vgradite zatemnjeno LED-osvetlitev, ki poskrbi za prijetno vzdu\u0161je ob ve\u010derih. Rezultat je prilagodljiv, tehni\u010dno dovr\u0161en prostor za dobro po\u010dutje, ki va\u0161o teraso spremeni v priljubljen prostor, ki ga lahko uporabljate dlje \u010dasa.<\/p>\n\n\n\n<ul class=\"wp-block-list is-style-checkmark-2\">\n<li><strong>Prilagojena zasnova:<\/strong> Razli\u010dni elementi zaslona za zasebnost &#8211; od neprozornih do prozornih, v obliki lamel ali stekla &#8211; omogo\u010dajo prilagodljivo prilagajanje va\u0161im zahtevam in zagotavljajo zasebnost ali jasen pogled navzven.<\/li>\n\n\n\n<li><strong>Stabilnost in varnost:<\/strong> konstrukcija iz neuni\u010dljivega, pra\u0161no lakiranega aluminija in laminiranega varnostnega stekla je izjemno trpe\u017ena, odporna na vremenske vplive in izpolnjuje najvi\u0161je varnostne standarde.<\/li>\n\n\n\n<li><strong>Priro\u010dno upravljanje:<\/strong> Stranski drsni ali drsno\/vrtljivi elementi in radijsko krmiljene tende zagotavljajo najve\u010djo prilagodljivost in enostavno prilagajanje vsem vremenskim razmeram.<\/li>\n\n\n\n<li><strong>Udobje in dostopnost: <\/strong>zasnova je brez ovir in zaradi vgrajenih drsnih in prezra\u010devalnih elementov zagotavlja visoko raven udobja.<\/li>\n\n\n\n<li><strong>Vsestranske storitve: <\/strong>Leeb ponuja celovit paket storitev od na\u010drtovanja do namestitve ter certificirano kakovost, ki jo podpira mre\u017ea partnerjev po vsej Evropi.<\/li>\n<\/ul>\n<\/div>\n<\/div>\n<\/section>\n\n\n\n<section class=\"wp-block-cover alignfull is-light katalog-cta\" style=\"margin-top:0;margin-bottom:0;padding-top:0;padding-right:0;padding-bottom:0;padding-left:0;min-height:100px;aspect-ratio:unset;\"><img loading=\"lazy\" decoding=\"async\" width=\"1920\" height=\"599\" class=\"wp-block-cover__image-background wp-image-7912 size-full\" alt=\"leeb balkone katalog anfordern\" src=\"https:\/\/www.leeb-balkone.com\/app\/uploads\/2020\/09\/leeb-balkone-katalog-anfordern-1.jpeg\" data-object-fit=\"cover\" srcset=\"https:\/\/www.leeb-balkone.com\/app\/uploads\/2020\/09\/leeb-balkone-katalog-anfordern-1-300x94.jpeg 300w, https:\/\/www.leeb-balkone.com\/app\/uploads\/2020\/09\/leeb-balkone-katalog-anfordern-1-1024x319.jpeg 1024w, https:\/\/www.leeb-balkone.com\/app\/uploads\/2020\/09\/leeb-balkone-katalog-anfordern-1-768x240.jpeg 768w, https:\/\/www.leeb-balkone.com\/app\/uploads\/2020\/09\/leeb-balkone-katalog-anfordern-1-1536x479.jpeg 1536w\" sizes=\"auto, (max-width: 1920px) 100vw, 1920px\" \/><span aria-hidden=\"true\" class=\"wp-block-cover__background has-primary-45-background-color has-background-dim-80 has-background-dim\"><\/span><div class=\"wp-block-cover__inner-container has-global-padding is-layout-constrained wp-container-core-cover-is-layout-fc5783d2 wp-block-cover-is-layout-constrained\">\n<div class=\"wp-block-group is-layout-flow wp-block-group-is-layout-flow\" style=\"min-height:0px;margin-top:0;margin-bottom:0;padding-top:var(--wp--preset--spacing--2-xl);padding-bottom:var(--wp--preset--spacing--2-xl);padding-left:0\">\n<div class=\"wp-block-columns are-vertically-aligned-center is-layout-flex wp-container-core-columns-is-layout-0a4bbf16 wp-block-columns-is-layout-flex\" style=\"margin-top:0;margin-bottom:0\">\n<div class=\"wp-block-column is-vertically-aligned-center is-layout-flow wp-block-column-is-layout-flow\" style=\"flex-basis:66.66%\">\n<h2 class=\"wp-block-heading\">Poletni vrt v katalogu<\/h2>\n\n\n\n<p class=\"is-style-teaser\"><span class=\"teaser\">Va\u0161 osebni katalog \u010daka na vas! Naro\u010dite zdaj brezpla\u010dno in odkrijte na\u0161o celotno ponudbo nadstre\u0161kov. Poi\u0161\u010dite re\u0161itev, ki vam popolnoma ustreza.<\/span><\/p>\n<\/div>\n\n\n\n<div class=\"wp-block-column is-vertically-aligned-center is-layout-flow wp-block-column-is-layout-flow\" style=\"flex-basis:33.33%\">\n<div class=\"wp-block-buttons u-m-jc-left is-content-justification-right is-layout-flex wp-container-core-buttons-is-layout-c060c6c7 wp-block-buttons-is-layout-flex\">\n<div class=\"wp-block-button is-style-filled-white large\"><a class=\"wp-block-button__link wp-element-button\" href=\"https:\/\/www.leeb-balkone.com\/sl\/kontakt\/zahtevajte-katalog\/\" style=\"box-shadow:var(--wp--preset--shadow--button-shadow)\">Zahtevajte katalog<\/a><\/div>\n<\/div>\n<\/div>\n<\/div>\n<\/div>\n<\/div><\/section>\n\n\n\n<section class=\"wp-block-group alignfull has-white-background-color has-background has-global-padding is-layout-constrained wp-container-core-group-is-layout-52f96efc wp-block-group-is-layout-constrained\">\n<div class=\"wp-block-group o-grid u-md-1 is-layout-flow wp-block-group-is-layout-flow\" style=\"padding-top:0\">\n<div class=\"wp-block-group u-g-9 u-g-s-2 is-layout-flow wp-block-group-is-layout-flow\" style=\"margin-bottom:var(--wp--preset--spacing--s)\">\n<h2 class=\"wp-block-heading\">Reference<\/h2>\n<\/div>\n<\/div>\n\n\n\n<div class=\"wp-block-t3-carousel-wrapper\" id=\"t3-carousel-0f6d7fb3-25aa-4367-a931-4ef5422b1077\"><div class=\"wp-block-t3-carousel t3-carousel-block swiper\" data-swiper-options=\"{&quot;loop&quot;:false,&quot;preloadImages&quot;:false,&quot;lazy&quot;:{&quot;loadPrevNext&quot;:true},&quot;autoplay&quot;:{&quot;delay&quot;:3000,&quot;disableOnInteraction&quot;:false},&quot;navigation&quot;:{&quot;nextEl&quot;:&quot;#t3-carousel-0f6d7fb3-25aa-4367-a931-4ef5422b1077 .t3-carousel-0f6d7fb3-25aa-4367-a931-4ef5422b1077-next&quot;,&quot;prevEl&quot;:&quot;#t3-carousel-0f6d7fb3-25aa-4367-a931-4ef5422b1077 .t3-carousel-0f6d7fb3-25aa-4367-a931-4ef5422b1077-prev&quot;},&quot;pagination&quot;:{&quot;el&quot;:&quot;#t3-carousel-0f6d7fb3-25aa-4367-a931-4ef5422b1077 .t3-carousel-0f6d7fb3-25aa-4367-a931-4ef5422b1077-pagination&quot;,&quot;clickable&quot;:true},&quot;scrollbar&quot;:false,&quot;breakpoints&quot;:{&quot;0&quot;:{&quot;slidesPerView&quot;:1.15,&quot;spaceBetween&quot;:24},&quot;769&quot;:{&quot;slidesPerView&quot;:1,&quot;spaceBetween&quot;:30}}}\"><div class=\"swiper-wrapper\">\n<div class=\"wp-block-t3-carousel-slide t3-carousel-slide swiper-slide\">\n<div class=\"wp-block-columns testimonial m-split is-layout-flex wp-container-core-columns-is-layout-3331f5f7 wp-block-columns-is-layout-flex\" style=\"padding-bottom:0\">\n<div class=\"wp-block-column is-layout-flow wp-block-column-is-layout-flow\">\n<div class=\"wp-block-group is-layout-flow wp-block-group-is-layout-flow has-background\" style=\"min-height:100%;background-image:url(&#039;https:\/\/www.leeb-balkone.com\/app\/uploads\/2021\/06\/alu-u\u0308berdachung-saaletalstuben-3-scaled.jpg&#039;);background-size:cover;\"><\/div>\n<\/div>\n\n\n\n<div class=\"wp-block-column is-vertically-aligned-top testimonial-text is-layout-flow wp-block-column-is-layout-flow\">\n<div class=\"wp-block-group has-light-gray-background-color has-background is-vertical is-layout-flex wp-container-core-group-is-layout-044273ab wp-block-group-is-layout-flex\" style=\"padding-top:var(--wp--preset--spacing--xl);padding-right:var(--wp--preset--spacing--xl);padding-bottom:var(--wp--preset--spacing--xl);padding-left:var(--wp--preset--spacing--l)\">\n<p class=\"has-step-1-font-size\"><em>&#8220;Najlep\u0161a hvala za postavitev na\u0161ega poletnega vrta. S kon\u010dnim rezultatom smo ve\u010d kot zadovoljni &#8211; kot je opisano, na\u0161 najljub\u0161i koti\u010dek na soncu!&#8221;<\/em><\/p>\n\n\n\n<p class=\"has-step-s-font-size\"><strong>Gospod Schmittroth (Saaletalstuben OG)<\/strong><br>97782 Gr\u00e4fendorf<\/p>\n<\/div>\n<\/div>\n<\/div>\n<\/div>\n\n\n\n<div class=\"wp-block-t3-carousel-slide t3-carousel-slide swiper-slide\">\n<div class=\"wp-block-columns testimonial m-split is-layout-flex wp-container-core-columns-is-layout-3331f5f7 wp-block-columns-is-layout-flex\" style=\"padding-bottom:0\">\n<div class=\"wp-block-column is-layout-flow wp-block-column-is-layout-flow\">\n<div class=\"wp-block-group is-layout-flow wp-block-group-is-layout-flow has-background\" style=\"min-height:100%;background-image:url(&#039;https:\/\/www.leeb-balkone.com\/app\/uploads\/2021\/04\/sommergarten-hoheneder-4080158D-2.jpg&#039;);background-size:cover;\"><\/div>\n<\/div>\n\n\n\n<div class=\"wp-block-column is-vertically-aligned-top testimonial-text is-layout-flow wp-block-column-is-layout-flow\">\n<div class=\"wp-block-group has-light-gray-background-color has-background is-vertical is-layout-flex wp-container-core-group-is-layout-044273ab wp-block-group-is-layout-flex\" style=\"padding-top:var(--wp--preset--spacing--xl);padding-right:var(--wp--preset--spacing--xl);padding-bottom:var(--wp--preset--spacing--xl);padding-left:var(--wp--preset--spacing--l)\">\n<p class=\"has-step-1-font-size\"><em>&#8220;Ob tej prilo\u017enosti bi se radi zahvalili va\u0161emu podjetju za odli\u010dno opravljeno delo. Vse je potekalo kot po maslu &#8211; od na\u010drtovanja do izvedbe. \u0160e enkrat hvala!&#8221;<\/em><\/p>\n\n\n\n<p class=\"has-step-s-font-size\"><strong>Dru\u017eina Hoheneder<br><\/strong>4710 Grieskirchen<\/p>\n<\/div>\n<\/div>\n<\/div>\n<\/div>\n<\/div><div class=\"swiper-pagination t3-carousel-0f6d7fb3-25aa-4367-a931-4ef5422b1077-pagination\"><\/div><\/div><div class=\"swiper-button-prev t3-carousel-0f6d7fb3-25aa-4367-a931-4ef5422b1077-prev\"><\/div><div class=\"swiper-button-next t3-carousel-0f6d7fb3-25aa-4367-a931-4ef5422b1077-next\"><\/div><\/div>\n<\/section>\n\n\n\n<section class=\"wp-block-group alignfull has-white-background-color has-background has-global-padding is-layout-constrained wp-container-core-group-is-layout-9fa1424c wp-block-group-is-layout-constrained\" style=\"padding-top:0\">\n<div class=\"wp-block-group o-grid u-md-1 is-layout-flow wp-block-group-is-layout-flow\" style=\"padding-top:0\">\n<div class=\"wp-block-group u-g-9 u-g-s-2 is-layout-flow wp-block-group-is-layout-flow\" style=\"margin-bottom:var(--wp--preset--spacing--s)\">\n<h2 class=\"wp-block-heading\">Zakaj poletni vrt od podjetja Leeb?<\/h2>\n\n\n\n<p class=\"is-style-teaser\"><span class=\"teaser\"><span class=\"teaser\">Poletni vrt Leeb vam ponuja svetel in vremensko za\u0161\u010diten prostor za dobro po\u010dutje na prostem &#8211; doma.<\/span><\/span><\/p>\n<\/div>\n<\/div>\n\n\n\n<div class=\"wp-block-group is-layout-flow wp-container-core-group-is-layout-d5075d26 wp-block-group-is-layout-flow\">\n<div class=\"wp-block-columns is-style-shadow m-split is-layout-flex wp-container-core-columns-is-layout-28f84493 wp-block-columns-is-layout-flex\">\n<div class=\"wp-block-column is-style-default is-layout-flow wp-block-column-is-layout-flow\">\n<figure class=\"wp-block-image size-large\"><img loading=\"lazy\" decoding=\"async\" width=\"1024\" height=\"683\" src=\"https:\/\/www.leeb-balkone.com\/app\/uploads\/2020\/07\/sommergarten-mit-schiebeelementen-aus-glas-und-aluminium-aussenansicht-1024x683.jpg\" alt=\"sommergarten mit schiebeelementen aus glas und aluminium aussenansicht\" class=\"wp-image-141972\" style=\"aspect-ratio:4\/3;object-fit:cover\" srcset=\"https:\/\/www.leeb-balkone.com\/app\/uploads\/2020\/07\/sommergarten-mit-schiebeelementen-aus-glas-und-aluminium-aussenansicht-1024x683.jpg 1024w, https:\/\/www.leeb-balkone.com\/app\/uploads\/2020\/07\/sommergarten-mit-schiebeelementen-aus-glas-und-aluminium-aussenansicht-300x200.jpg 300w, https:\/\/www.leeb-balkone.com\/app\/uploads\/2020\/07\/sommergarten-mit-schiebeelementen-aus-glas-und-aluminium-aussenansicht-768x512.jpg 768w, https:\/\/www.leeb-balkone.com\/app\/uploads\/2020\/07\/sommergarten-mit-schiebeelementen-aus-glas-und-aluminium-aussenansicht-1536x1025.jpg 1536w, https:\/\/www.leeb-balkone.com\/app\/uploads\/2020\/07\/sommergarten-mit-schiebeelementen-aus-glas-und-aluminium-aussenansicht-2048x1366.jpg 2048w\" sizes=\"auto, (max-width: 1024px) 100vw, 1024px\" \/><\/figure>\n<\/div>\n\n\n\n<div class=\"wp-block-column is-vertically-aligned-center is-style-overlay-content is-layout-flow wp-block-column-is-layout-flow\">\n<div class=\"wp-block-group is-vertical is-layout-flex wp-container-core-group-is-layout-6aed0e10 wp-block-group-is-layout-flex\">\n<h3 class=\"wp-block-heading\">Dobro po\u010dutje v soncu in de\u017eju<\/h3>\n\n\n\n<p>Poletni vrt Leeb va\u0161emu domu doda oazo dobrega po\u010dutja in zdru\u017euje najbolj\u0161e iz notranjega in zunanjega \u017eivljenja. Z letnim vrtom, ki ga lahko uporabljate vse leto, lahko ustvarite zato\u010di\u0161\u010de, ki zdru\u017euje sprostitev, veselje do \u017eivljenja in do\u017eivljanje narave ter opazno izbolj\u0161a va\u0161 dom. Naj bo to spro\u0161\u010den zajtrk na soncu, branje na de\u017eeven dan ali dru\u017eenje s prijatelji.<\/p>\n\n\n\n<div class=\"wp-block-buttons is-layout-flex wp-block-buttons-is-layout-flex\" style=\"margin-top:var(--wp--preset--spacing--2-xs)\">\n<div class=\"wp-block-button is-style-outline-secondary\"><a class=\"wp-block-button__link has-transparent-background-color has-background wp-element-button\" href=\"https:\/\/www.leeb-balkone.com\/sl\/nadstresni-sistemi\/zastresenie-terasy\/#vielfalt-zubehoer\">Dodatki<\/a><\/div>\n<\/div>\n<\/div>\n<\/div>\n<\/div>\n\n\n\n<div class=\"wp-block-columns is-style-shadow m-split m-split-reverse is-layout-flex wp-container-core-columns-is-layout-28f84493 wp-block-columns-is-layout-flex\">\n<div class=\"wp-block-column is-style-default is-layout-flow wp-block-column-is-layout-flow\">\n<figure class=\"wp-block-image size-large\"><img loading=\"lazy\" decoding=\"async\" width=\"1024\" height=\"683\" src=\"https:\/\/www.leeb-balkone.com\/app\/uploads\/2020\/07\/anbaubalkon-mit-stuetzen-10aa-1024x683.jpg\" alt=\"anbaubalkon mit stuetzen 10aa\" class=\"wp-image-58607\" style=\"aspect-ratio:4\/3;object-fit:cover\" srcset=\"https:\/\/www.leeb-balkone.com\/app\/uploads\/2020\/07\/anbaubalkon-mit-stuetzen-10aa-1024x683.jpg 1024w, https:\/\/www.leeb-balkone.com\/app\/uploads\/2020\/07\/anbaubalkon-mit-stuetzen-10aa-300x200.jpg 300w, https:\/\/www.leeb-balkone.com\/app\/uploads\/2020\/07\/anbaubalkon-mit-stuetzen-10aa-768x512.jpg 768w, https:\/\/www.leeb-balkone.com\/app\/uploads\/2020\/07\/anbaubalkon-mit-stuetzen-10aa-1536x1024.jpg 1536w, https:\/\/www.leeb-balkone.com\/app\/uploads\/2020\/07\/anbaubalkon-mit-stuetzen-10aa-scaled.jpg 2048w\" sizes=\"auto, (max-width: 1024px) 100vw, 1024px\" \/><\/figure>\n<\/div>\n\n\n\n<div class=\"wp-block-column is-vertically-aligned-center is-style-overlay-content is-layout-flow wp-block-column-is-layout-flow\">\n<div class=\"wp-block-group is-vertical is-layout-flex wp-container-core-group-is-layout-6aed0e10 wp-block-group-is-layout-flex\">\n<h3 class=\"wp-block-heading\">Varno pokrito in dobro za\u0161\u010diteno<\/h3>\n\n\n\n<p>Leeb se je za letni vrt namenoma odlo\u010dil za aluminij in varnostno steklo, saj ta materiala zagotavljata najve\u010djo stabilnost, vzdr\u017eljivost in varnost. Neuni\u010dljiv, pra\u0161no lakiran aluminij je izredno odporen na vremenske vplive, je enostaven za \u010di\u0161\u010denje in ostane vedno privla\u010den &#8211; tudi \u010de je izpostavljen intenzivni uporabi zaradi vetra, de\u017eja in temperaturnih nihanj. Kombinacija aluminija in varnostnega stekla ustvarja poletne vrtove, ki izpolnjujejo najvi\u0161je tehni\u010dne in varnostne zahteve.<\/p>\n<\/div>\n<\/div>\n<\/div>\n\n\n\n<div class=\"wp-block-columns is-style-shadow m-split is-layout-flex wp-container-core-columns-is-layout-28f84493 wp-block-columns-is-layout-flex\">\n<div class=\"wp-block-column is-style-default is-layout-flow wp-block-column-is-layout-flow\">\n<figure class=\"wp-block-image size-large\"><img loading=\"lazy\" decoding=\"async\" width=\"1024\" height=\"767\" src=\"https:\/\/www.leeb-balkone.com\/app\/uploads\/2020\/11\/qualitaetsnorm-iso-9001-leeb-balkone-1-2-1024x767.jpg\" alt=\"qualitaetsnorm iso 9001 leeb balkone 1\" class=\"wp-image-17819\" style=\"aspect-ratio:4\/3;object-fit:cover\" srcset=\"https:\/\/www.leeb-balkone.com\/app\/uploads\/2020\/11\/qualitaetsnorm-iso-9001-leeb-balkone-1-2-1024x767.jpg 1024w, https:\/\/www.leeb-balkone.com\/app\/uploads\/2020\/11\/qualitaetsnorm-iso-9001-leeb-balkone-1-2-300x225.jpg 300w, https:\/\/www.leeb-balkone.com\/app\/uploads\/2020\/11\/qualitaetsnorm-iso-9001-leeb-balkone-1-2-768x576.jpg 768w, https:\/\/www.leeb-balkone.com\/app\/uploads\/2020\/11\/qualitaetsnorm-iso-9001-leeb-balkone-1-2-1536x1151.jpg 1536w, https:\/\/www.leeb-balkone.com\/app\/uploads\/2020\/11\/qualitaetsnorm-iso-9001-leeb-balkone-1-2.jpg 2000w\" sizes=\"auto, (max-width: 1024px) 100vw, 1024px\" \/><\/figure>\n<\/div>\n\n\n\n<div class=\"wp-block-column is-vertically-aligned-center is-style-overlay-content is-layout-flow wp-block-column-is-layout-flow\">\n<div class=\"wp-block-group is-vertical is-layout-flex wp-container-core-group-is-layout-6aed0e10 wp-block-group-is-layout-flex\">\n<h3 class=\"wp-block-heading\">S certificirano kakovostjo  <\/h3>\n\n\n\n<p>Vsem, ki cenijo udobje, varnost in re\u0161itve po meri, svetujemo, da izberejo letni vrt Leeb. Osredoto\u010damo se na najvi\u0161jo kakovost, inovativnost in varnost. Na\u0161e najpomembnej\u0161e nagrade in certifikati vklju\u010dujejo nagrado Red Dot Design Award 2024, vodenje kakovosti ISO 9001, certifikat CE v skladu s standardom EN 1090 in pe\u010dat kakovosti Avstrija, ki ozna\u010duje strogo preizku\u0161eno doma\u010do kakovost, trajnostno proizvodnjo in vzdr\u017eljivost. Dodatna prednost so na\u0161e celovite storitve z gosto mre\u017eo partnerjev v ve\u010d dr\u017eavah.<\/p>\n\n\n\n<div class=\"wp-block-buttons is-layout-flex wp-block-buttons-is-layout-flex\" style=\"margin-top:var(--wp--preset--spacing--2-xs)\">\n<div class=\"wp-block-button is-style-outline-secondary\"><a class=\"wp-block-button__link has-transparent-background-color has-background wp-element-button\" href=\"https:\/\/www.leeb-balkone.com\/sl\/podjetje\/certificirana-kakovost\/\">kakovost<\/a><\/div>\n<\/div>\n<\/div>\n<\/div>\n<\/div>\n<\/div>\n<\/section>\n\n\n\n<section class=\"wp-block-group alignfull has-light-gray-background-color has-background has-global-padding is-layout-constrained wp-container-core-group-is-layout-52f96efc wp-block-group-is-layout-constrained\">\n<div class=\"wp-block-group o-grid u-md-1 is-layout-flow wp-block-group-is-layout-flow\" style=\"padding-top:0\">\n<div class=\"wp-block-group u-g-9 u-g-s-2 is-layout-flow wp-block-group-is-layout-flow\" style=\"margin-bottom:var(--wp--preset--spacing--s)\">\n<h2 class=\"wp-block-heading\">Pogosto zastavljena vpra\u0161anja<\/h2>\n\n\n\n<p class=\"is-style-teaser\" style=\"padding-bottom:var(--wp--preset--spacing--m)\">Imate splo\u0161na vpra\u0161anja o na\u0161ih poletnih vrtovih? V na\u0161ih Pogosto zastavljenih vpra\u0161anjih boste na\u0161li kratke odgovore na pogosto zastavljena vpra\u0161anja o poletnem vrtu.<\/p>\n\n\n\n<div class=\"wp-block-t3-acc-accordion is-style-default\"><button id=\"accordion-e15f7f9f-728c-4e56-b310-d2560d1d62d1-button\" class=\"accordion__button\" aria-expanded=\"false\" aria-controls=\"accordion-e15f7f9f-728c-4e56-b310-d2560d1d62d1-panel\"><h3 data-accordion-title=\"true\" style=\"font-size:var(--step-1)\"><strong>Kaj je letni vrt in v \u010dem se razlikuje od zimskega vrta?<\/strong><\/h3><\/button><div id=\"accordion-e15f7f9f-728c-4e56-b310-d2560d1d62d1-panel\" class=\"accordion__panel\" role=\"region\" aria-labelledby=\"accordion-e15f7f9f-728c-4e56-b310-d2560d1d62d1-button\">\n<p>Poletni vrt obi\u010dajno ni toplotno izoliran in ni ogrevan, zato slu\u017ei kot za\u0161\u010diten zunanji prostor, medtem ko je zimski vrt obi\u010dajno ogrevan in izoliran vse leto. Poletni vrtovi Leeb so posebej zasnovani za uporabo od pomladi do jeseni. Zagotavljajo zanesljivo za\u0161\u010dito pred vetrom in vremenskimi vplivi, mogo\u010de jih je fleksibilno odpirati, zaradi visokokakovostnih materialov pa so izjemno trpe\u017eni in enostavni za \u010di\u0161\u010denje.<\/p>\n<\/div><\/div>\n\n\n\n<div class=\"wp-block-t3-acc-accordion is-style-default\"><button id=\"accordion-9a403173-b0e2-49b2-809b-e00ecf704ee8-button\" class=\"accordion__button\" aria-expanded=\"false\" aria-controls=\"accordion-9a403173-b0e2-49b2-809b-e00ecf704ee8-panel\"><h3 data-accordion-title=\"true\" style=\"font-size:var(--step-1)\"><strong><strong>Kak\u0161ne so prednosti poletnega vrta Leeb?<\/strong><\/strong><\/h3><\/button><div id=\"accordion-9a403173-b0e2-49b2-809b-e00ecf704ee8-panel\" class=\"accordion__panel\" role=\"region\" aria-labelledby=\"accordion-9a403173-b0e2-49b2-809b-e00ecf704ee8-button\">\n<p>Leeb se zana\u0161a na patentiran pra\u0161ni premaz, trpe\u017een aluminij in laminirano varnostno steklo. Individualna zasnova, prilagodljivi drsni elementi in celovita storitev od svetovanja do namestitve zagotavljajo prilagojeno izku\u0161njo dobrega po\u010dutja.<\/p>\n<\/div><\/div>\n\n\n\n<div class=\"wp-block-t3-acc-accordion is-style-default\"><button id=\"accordion-df3cba89-2428-4f18-87d0-110119f28c71-button\" class=\"accordion__button\" aria-expanded=\"false\" aria-controls=\"accordion-df3cba89-2428-4f18-87d0-110119f28c71-panel\"><h3 data-accordion-title=\"true\" style=\"font-size:var(--step-1)\"><strong><strong><strong>Ali lahko svoj poletni vrt prilagodim svojim potrebam?<\/strong><\/strong><\/strong><\/h3><\/button><div id=\"accordion-df3cba89-2428-4f18-87d0-110119f28c71-panel\" class=\"accordion__panel\" role=\"region\" aria-labelledby=\"accordion-df3cba89-2428-4f18-87d0-110119f28c71-button\">\n<p>Da, poletne vrtove je mogo\u010de prilagoditi glede velikosti, oblike, zasteklitve in opreme. Leeb ponuja veliko izbiro barv, razli\u010dic stekla (prozorno, mat, sivo), elementov za zasebnost in udobje, kot so sen\u010dila ali osvetlitev LED. Vsak poletni vrt je na\u010drtovan po va\u0161ih zamislih in izdelan tako, da se popolnoma prilega.<\/p>\n<\/div><\/div>\n\n\n\n<div class=\"wp-block-t3-acc-accordion is-style-default\"><button id=\"accordion-34e18c7d-76aa-4dca-b529-f8178eba0590-button\" class=\"accordion__button\" aria-expanded=\"false\" aria-controls=\"accordion-34e18c7d-76aa-4dca-b529-f8178eba0590-panel\"><h3 data-accordion-title=\"true\" style=\"font-size:var(--step-1)\"><strong><strong><strong><strong><strong>Kako enostavno je vzdr\u017eevati poletni vrt Leeb?<\/strong><\/strong><\/strong><\/strong><\/strong><\/h3><\/button><div id=\"accordion-34e18c7d-76aa-4dca-b529-f8178eba0590-panel\" class=\"accordion__panel\" role=\"region\" aria-labelledby=\"accordion-34e18c7d-76aa-4dca-b529-f8178eba0590-button\">\n<p>Leeb uporablja patentirano pra\u0161no barvo, ki odbija umazanijo in trajno \u0161\u010diti material. Steklene povr\u0161ine je enostavno o\u010distiti, va\u0161 letni vrt pa bo ostal vizualno in tehni\u010dno v odli\u010dni formi \u0161e vrsto let.<\/p>\n<\/div><\/div>\n\n\n\n<div class=\"wp-block-t3-acc-accordion is-style-default\"><button id=\"accordion-ec6edd35-8015-4f5b-b6fa-01eee1fedc76-button\" class=\"accordion__button\" aria-expanded=\"false\" aria-controls=\"accordion-ec6edd35-8015-4f5b-b6fa-01eee1fedc76-panel\"><h3 data-accordion-title=\"true\" style=\"font-size:var(--step-1)\"><strong><strong><strong><strong>Kako deluje sestava?<\/strong><\/strong><\/strong><\/strong><\/h3><\/button><div id=\"accordion-ec6edd35-8015-4f5b-b6fa-01eee1fedc76-panel\" class=\"accordion__panel\" role=\"region\" aria-labelledby=\"accordion-ec6edd35-8015-4f5b-b6fa-01eee1fedc76-button\">\n<p>Podjetje Leeb prevzame celotno na\u010drtovanje, v lastni tovarni izdela vse sestavne dele po natan\u010dnih merah in jih dostavi s posebnimi tovornjaki. Namestitev je \u010dista, hitra in brez hrupa ali umazanije &#8211; za vsestransko brezskrbno izku\u0161njo.<\/p>\n<\/div><\/div>\n\n\n\n<div class=\"wp-block-t3-acc-accordion is-style-default\"><button id=\"accordion-a794d3b3-2f50-4e9f-8054-95894f8458f6-button\" class=\"accordion__button\" aria-expanded=\"false\" aria-controls=\"accordion-a794d3b3-2f50-4e9f-8054-95894f8458f6-panel\"><h3 data-accordion-title=\"true\" style=\"font-size:var(--step-1)\"><strong><strong><strong><strong><strong>Koliko \u010dasa traja na\u010drtovanje in dostava?<\/strong><\/strong><\/strong><\/strong><\/strong><\/h3><\/button><div id=\"accordion-a794d3b3-2f50-4e9f-8054-95894f8458f6-panel\" class=\"accordion__panel\" role=\"region\" aria-labelledby=\"accordion-a794d3b3-2f50-4e9f-8054-95894f8458f6-button\">\n<p>Leeb nudi osebno svetovanje na kraju samem, pripravi ponudbo po meri ter zagotovi hitro in natan\u010dno izvedbo &#8211; vse to iz enega vira in s posebno kontaktno osebo.<\/p>\n<\/div><\/div>\n<\/div>\n<\/div>\n<\/section>\n\n\n\n<section class=\"wp-block-group alignfull has-white-background-color has-background has-global-padding is-layout-constrained wp-container-core-group-is-layout-52f96efc wp-block-group-is-layout-constrained\">\n<div class=\"wp-block-group o-grid u-md-1 is-layout-flow wp-block-group-is-layout-flow\" style=\"padding-top:0\">\n<div class=\"wp-block-group u-g-9 u-g-s-2 is-layout-flow wp-block-group-is-layout-flow\">\n<h2 class=\"wp-block-heading\">Vtisi s poletnega vrta<\/h2>\n\n\n\n<p><span class=\"teaser\"><span class=\"teaser\">Naj vas navdihnejo mo\u017enosti oblikovanja na\u0161ih poletnih vrtov.<\/span><\/span><\/p>\n<\/div>\n<\/div>\n\n\n    <div id=\"t3-lg-block-1\" class=\"wp-block-t3-lightgallery\" data-initial-count=\"9\">\n      <div class=\"lg-container u-grid-temp has-3-cols\">\n                  <div class=\"lg-item\" data-src=\"https:\/\/www.leeb-balkone.com\/app\/uploads\/2020\/07\/Sommergarten-Ueberdachung-Toscana-mit-Schiebeelementen-Markise-Boden-8-scaled.jpg\"\n              data-sub-html=\"&lt;p&gt;&lt;small&gt;Sommergarten von Leeb - Ansicht mit ge\u00f6ffneter Glas-Schiebeelemente-Front&lt;\/small&gt;&lt;\/p&gt;\">\n            <div class=\"img-wrapper\">\n                <figure>\n                    <img loading=\"lazy\" decoding=\"async\" width=\"300\" height=\"200\" src=\"https:\/\/www.leeb-balkone.com\/app\/uploads\/2020\/07\/Sommergarten-Ueberdachung-Toscana-mit-Schiebeelementen-Markise-Boden-8-300x200.jpg\" class=\"attachment-medium size-medium\" alt=\"Sommergarten von Leeb - Ansicht mit ge\u00f6ffneter Glas-Schiebeelemente-Front\" srcset=\"https:\/\/www.leeb-balkone.com\/app\/uploads\/2020\/07\/Sommergarten-Ueberdachung-Toscana-mit-Schiebeelementen-Markise-Boden-8-300x200.jpg 300w, https:\/\/www.leeb-balkone.com\/app\/uploads\/2020\/07\/Sommergarten-Ueberdachung-Toscana-mit-Schiebeelementen-Markise-Boden-8-1024x683.jpg 1024w, https:\/\/www.leeb-balkone.com\/app\/uploads\/2020\/07\/Sommergarten-Ueberdachung-Toscana-mit-Schiebeelementen-Markise-Boden-8-768x512.jpg 768w, https:\/\/www.leeb-balkone.com\/app\/uploads\/2020\/07\/Sommergarten-Ueberdachung-Toscana-mit-Schiebeelementen-Markise-Boden-8-1536x1024.jpg 1536w, https:\/\/www.leeb-balkone.com\/app\/uploads\/2020\/07\/Sommergarten-Ueberdachung-Toscana-mit-Schiebeelementen-Markise-Boden-8-2048x1365.jpg 2048w\" sizes=\"auto, (min-width: 1200px) 260px, (min-width: 1024px) 220px, (min-width: 640px) 465px, 768px\" \/>    \n                <\/figure>\n                        <\/div>\n            <p><small>Sommergarten von Leeb &#8211; Ansicht mit ge\u00f6ffneter Glas-Schiebeelemente-Front<\/small><\/p>        <\/div>\n                  <div class=\"lg-item\" data-src=\"https:\/\/www.leeb-balkone.com\/app\/uploads\/2020\/07\/glas-sommergarten-anbau-43-scaled.jpg\"\n              data-sub-html=\"&lt;p&gt;&lt;small&gt;Innenansicht eines Sommergartens mit Glas-Schiebeelementen&lt;\/small&gt;&lt;\/p&gt;\">\n            <div class=\"img-wrapper\">\n                <figure>\n                    <img loading=\"lazy\" decoding=\"async\" width=\"300\" height=\"200\" src=\"https:\/\/www.leeb-balkone.com\/app\/uploads\/2020\/07\/glas-sommergarten-anbau-43-300x200.jpg\" class=\"attachment-medium size-medium\" alt=\"Innenansicht eines Sommergartens mit Glas-Schiebeelementen\" srcset=\"https:\/\/www.leeb-balkone.com\/app\/uploads\/2020\/07\/glas-sommergarten-anbau-43-300x200.jpg 300w, https:\/\/www.leeb-balkone.com\/app\/uploads\/2020\/07\/glas-sommergarten-anbau-43-1024x683.jpg 1024w, https:\/\/www.leeb-balkone.com\/app\/uploads\/2020\/07\/glas-sommergarten-anbau-43-768x512.jpg 768w, https:\/\/www.leeb-balkone.com\/app\/uploads\/2020\/07\/glas-sommergarten-anbau-43-1536x1024.jpg 1536w, https:\/\/www.leeb-balkone.com\/app\/uploads\/2020\/07\/glas-sommergarten-anbau-43-2048x1366.jpg 2048w\" sizes=\"auto, (min-width: 1200px) 260px, (min-width: 1024px) 220px, (min-width: 640px) 465px, 768px\" \/>    \n                <\/figure>\n                        <\/div>\n            <p><small>Innenansicht eines Sommergartens mit Glas-Schiebeelementen<\/small><\/p>        <\/div>\n                  <div class=\"lg-item\" data-src=\"https:\/\/www.leeb-balkone.com\/app\/uploads\/2020\/07\/Sommergarten-Ueberdachung-Toscana-mit-Schiebeelementen-Markise-Boden-1-scaled.jpg\"\n              data-sub-html=\"&lt;p&gt;&lt;small&gt;Leeb Sommergarten Innenansicht - Terrassen\u00fcberdachung mit Glas Schiebeelementen&lt;\/small&gt;&lt;\/p&gt;\">\n            <div class=\"img-wrapper\">\n                <figure>\n                    <img loading=\"lazy\" decoding=\"async\" width=\"300\" height=\"200\" src=\"https:\/\/www.leeb-balkone.com\/app\/uploads\/2020\/07\/Sommergarten-Ueberdachung-Toscana-mit-Schiebeelementen-Markise-Boden-1-300x200.jpg\" class=\"attachment-medium size-medium\" alt=\"Leeb Sommergarten Innenansicht - Terrassen\u00fcberdachung mit Glas Schiebeelementen\" srcset=\"https:\/\/www.leeb-balkone.com\/app\/uploads\/2020\/07\/Sommergarten-Ueberdachung-Toscana-mit-Schiebeelementen-Markise-Boden-1-300x200.jpg 300w, https:\/\/www.leeb-balkone.com\/app\/uploads\/2020\/07\/Sommergarten-Ueberdachung-Toscana-mit-Schiebeelementen-Markise-Boden-1-1024x683.jpg 1024w, https:\/\/www.leeb-balkone.com\/app\/uploads\/2020\/07\/Sommergarten-Ueberdachung-Toscana-mit-Schiebeelementen-Markise-Boden-1-768x512.jpg 768w, https:\/\/www.leeb-balkone.com\/app\/uploads\/2020\/07\/Sommergarten-Ueberdachung-Toscana-mit-Schiebeelementen-Markise-Boden-1-1536x1024.jpg 1536w, https:\/\/www.leeb-balkone.com\/app\/uploads\/2020\/07\/Sommergarten-Ueberdachung-Toscana-mit-Schiebeelementen-Markise-Boden-1-2048x1365.jpg 2048w\" sizes=\"auto, (min-width: 1200px) 260px, (min-width: 1024px) 220px, (min-width: 640px) 465px, 768px\" \/>    \n                <\/figure>\n                        <\/div>\n            <p><small>Leeb Sommergarten Innenansicht &#8211; Terrassen\u00fcberdachung mit Glas Schiebeelementen<\/small><\/p>        <\/div>\n                  <div class=\"lg-item\" data-src=\"https:\/\/www.leeb-balkone.com\/app\/uploads\/2021\/11\/sommergarten-mit-glas-schiebelementen-vom-garten-aus-1-scaled.jpeg\"\n              data-sub-html=\"&lt;p&gt;&lt;small&gt;Sommergarten von Leeb - ein gesch\u00fctzter Wohnbereich im Garten&lt;\/small&gt;&lt;\/p&gt;\">\n            <div class=\"img-wrapper\">\n                <figure>\n                    <img loading=\"lazy\" decoding=\"async\" width=\"300\" height=\"200\" src=\"https:\/\/www.leeb-balkone.com\/app\/uploads\/2021\/11\/sommergarten-mit-glas-schiebelementen-vom-garten-aus-1-300x200.jpeg\" class=\"attachment-medium size-medium\" alt=\"Sommergarten von Leeb - ein gesch\u00fctzter Wohnbereich im Garten\" srcset=\"https:\/\/www.leeb-balkone.com\/app\/uploads\/2021\/11\/sommergarten-mit-glas-schiebelementen-vom-garten-aus-1-300x200.jpeg 300w, https:\/\/www.leeb-balkone.com\/app\/uploads\/2021\/11\/sommergarten-mit-glas-schiebelementen-vom-garten-aus-1-1024x684.jpeg 1024w, https:\/\/www.leeb-balkone.com\/app\/uploads\/2021\/11\/sommergarten-mit-glas-schiebelementen-vom-garten-aus-1-768x513.jpeg 768w, https:\/\/www.leeb-balkone.com\/app\/uploads\/2021\/11\/sommergarten-mit-glas-schiebelementen-vom-garten-aus-1-1536x1025.jpeg 1536w, https:\/\/www.leeb-balkone.com\/app\/uploads\/2021\/11\/sommergarten-mit-glas-schiebelementen-vom-garten-aus-1-scaled.jpeg 2048w\" sizes=\"auto, (min-width: 1200px) 260px, (min-width: 1024px) 220px, (min-width: 640px) 465px, 768px\" \/>    \n                <\/figure>\n                        <\/div>\n            <p><small>Sommergarten von Leeb &#8211; ein gesch\u00fctzter Wohnbereich im Garten<\/small><\/p>        <\/div>\n                  <div class=\"lg-item\" data-src=\"https:\/\/www.leeb-balkone.com\/app\/uploads\/2020\/07\/glas-sommergarten-terrassenueberdachung-7-scaled.jpg\"\n              data-sub-html=\"&lt;p&gt;&lt;small&gt;Sommergarten mit Sichtschutzelementen und Stiegenabgang&lt;\/small&gt;&lt;\/p&gt;\">\n            <div class=\"img-wrapper\">\n                <figure>\n                    <img loading=\"lazy\" decoding=\"async\" width=\"300\" height=\"200\" src=\"https:\/\/www.leeb-balkone.com\/app\/uploads\/2020\/07\/glas-sommergarten-terrassenueberdachung-7-300x200.jpg\" class=\"attachment-medium size-medium\" alt=\"Sommergarten mit Sichtschutzelementen und Stiegenabgang\" srcset=\"https:\/\/www.leeb-balkone.com\/app\/uploads\/2020\/07\/glas-sommergarten-terrassenueberdachung-7-300x200.jpg 300w, https:\/\/www.leeb-balkone.com\/app\/uploads\/2020\/07\/glas-sommergarten-terrassenueberdachung-7-1024x681.jpg 1024w, https:\/\/www.leeb-balkone.com\/app\/uploads\/2020\/07\/glas-sommergarten-terrassenueberdachung-7-768x511.jpg 768w, https:\/\/www.leeb-balkone.com\/app\/uploads\/2020\/07\/glas-sommergarten-terrassenueberdachung-7-1536x1022.jpg 1536w, https:\/\/www.leeb-balkone.com\/app\/uploads\/2020\/07\/glas-sommergarten-terrassenueberdachung-7-scaled.jpg 2048w\" sizes=\"auto, (min-width: 1200px) 260px, (min-width: 1024px) 220px, (min-width: 640px) 465px, 768px\" \/>    \n                <\/figure>\n                        <\/div>\n            <p><small>Sommergarten mit Sichtschutzelementen und Stiegenabgang<\/small><\/p>        <\/div>\n                  <div class=\"lg-item\" data-src=\"https:\/\/www.leeb-balkone.com\/app\/uploads\/2021\/10\/sommergarten-aus-alu-mit-glasdach-und-glas-seitenelementen-scaled.jpeg\"\n              data-sub-html=\"&lt;p&gt;&lt;small&gt;Alu-Glas Sommerg\u00e4rten von Leeb&lt;\/small&gt;&lt;\/p&gt;\">\n            <div class=\"img-wrapper\">\n                <figure>\n                    <img loading=\"lazy\" decoding=\"async\" width=\"300\" height=\"200\" src=\"https:\/\/www.leeb-balkone.com\/app\/uploads\/2021\/10\/sommergarten-aus-alu-mit-glasdach-und-glas-seitenelementen-300x200.jpeg\" class=\"attachment-medium size-medium\" alt=\"Sommergarten - Alu-Glas Sommerg\u00e4rten von Leeb\" srcset=\"https:\/\/www.leeb-balkone.com\/app\/uploads\/2021\/10\/sommergarten-aus-alu-mit-glasdach-und-glas-seitenelementen-300x200.jpeg 300w, https:\/\/www.leeb-balkone.com\/app\/uploads\/2021\/10\/sommergarten-aus-alu-mit-glasdach-und-glas-seitenelementen-1024x684.jpeg 1024w, https:\/\/www.leeb-balkone.com\/app\/uploads\/2021\/10\/sommergarten-aus-alu-mit-glasdach-und-glas-seitenelementen-768x513.jpeg 768w, https:\/\/www.leeb-balkone.com\/app\/uploads\/2021\/10\/sommergarten-aus-alu-mit-glasdach-und-glas-seitenelementen-1536x1025.jpeg 1536w, https:\/\/www.leeb-balkone.com\/app\/uploads\/2021\/10\/sommergarten-aus-alu-mit-glasdach-und-glas-seitenelementen-scaled.jpeg 2048w\" sizes=\"auto, (min-width: 1200px) 260px, (min-width: 1024px) 220px, (min-width: 640px) 465px, 768px\" \/>    \n                <\/figure>\n                        <\/div>\n            <p><small>Alu-Glas Sommerg\u00e4rten von Leeb<\/small><\/p>        <\/div>\n                  <div class=\"lg-item\" data-src=\"https:\/\/www.leeb-balkone.com\/app\/uploads\/2020\/07\/glas-sommergarten-44-scaled.jpg\"\n              data-sub-html=\"&lt;p&gt;&lt;small&gt;Leeb Sommergarten als erweitertes Wohnzimmer&lt;\/small&gt;&lt;\/p&gt;\">\n            <div class=\"img-wrapper\">\n                <figure>\n                    <img loading=\"lazy\" decoding=\"async\" width=\"300\" height=\"200\" src=\"https:\/\/www.leeb-balkone.com\/app\/uploads\/2020\/07\/glas-sommergarten-44-300x200.jpg\" class=\"attachment-medium size-medium\" alt=\"Leeb Sommergarten als erweitertes Wohnzimmer\" srcset=\"https:\/\/www.leeb-balkone.com\/app\/uploads\/2020\/07\/glas-sommergarten-44-300x200.jpg 300w, https:\/\/www.leeb-balkone.com\/app\/uploads\/2020\/07\/glas-sommergarten-44-1024x682.jpg 1024w, https:\/\/www.leeb-balkone.com\/app\/uploads\/2020\/07\/glas-sommergarten-44-768x512.jpg 768w, https:\/\/www.leeb-balkone.com\/app\/uploads\/2020\/07\/glas-sommergarten-44-1536x1024.jpg 1536w, https:\/\/www.leeb-balkone.com\/app\/uploads\/2020\/07\/glas-sommergarten-44-2048x1365.jpg 2048w\" sizes=\"auto, (min-width: 1200px) 260px, (min-width: 1024px) 220px, (min-width: 640px) 465px, 768px\" \/>    \n                <\/figure>\n                        <\/div>\n            <p><small>Leeb Sommergarten als erweitertes Wohnzimmer<\/small><\/p>        <\/div>\n                  <div class=\"lg-item\" data-src=\"https:\/\/www.leeb-balkone.com\/app\/uploads\/2020\/09\/glas-sommergarten-15-scaled.jpg\"\n              data-sub-html=\"&lt;p&gt;&lt;small&gt;Sommergarten als erweiterter Wohnraum mit gem\u00fctlicher Sitzgruppe&lt;\/small&gt;&lt;\/p&gt;\">\n            <div class=\"img-wrapper\">\n                <figure>\n                    <img loading=\"lazy\" decoding=\"async\" width=\"300\" height=\"225\" src=\"https:\/\/www.leeb-balkone.com\/app\/uploads\/2020\/09\/glas-sommergarten-15-300x225.jpg\" class=\"attachment-medium size-medium\" alt=\"Sommergarten als erweiterter Wohnraum mit gem\u00fctlicher Sitzgruppe\" srcset=\"https:\/\/www.leeb-balkone.com\/app\/uploads\/2020\/09\/glas-sommergarten-15-300x225.jpg 300w, https:\/\/www.leeb-balkone.com\/app\/uploads\/2020\/09\/glas-sommergarten-15-1024x767.jpg 1024w, https:\/\/www.leeb-balkone.com\/app\/uploads\/2020\/09\/glas-sommergarten-15-768x575.jpg 768w, https:\/\/www.leeb-balkone.com\/app\/uploads\/2020\/09\/glas-sommergarten-15-1536x1151.jpg 1536w, https:\/\/www.leeb-balkone.com\/app\/uploads\/2020\/09\/glas-sommergarten-15-2048x1535.jpg 2048w\" sizes=\"auto, (min-width: 1200px) 260px, (min-width: 1024px) 220px, (min-width: 640px) 465px, 768px\" \/>    \n                <\/figure>\n                        <\/div>\n            <p><small>Sommergarten als erweiterter Wohnraum mit gem\u00fctlicher Sitzgruppe<\/small><\/p>        <\/div>\n                  <div class=\"lg-item\" data-src=\"https:\/\/www.leeb-balkone.com\/app\/uploads\/2021\/10\/sommergarten-pultdach-rundum-glas-seitenelemente-scaled.jpeg\"\n              data-sub-html=\"&lt;p&gt;&lt;small&gt;Terrasse mit Rundumverglasung - Leeb Sommergarten&lt;\/small&gt;&lt;\/p&gt;\">\n            <div class=\"img-wrapper\">\n                <figure>\n                    <img loading=\"lazy\" decoding=\"async\" width=\"300\" height=\"225\" src=\"https:\/\/www.leeb-balkone.com\/app\/uploads\/2021\/10\/sommergarten-pultdach-rundum-glas-seitenelemente-300x225.jpeg\" class=\"attachment-medium size-medium\" alt=\"Terrasse mit Rundumverglasung - Leeb Sommergarten\" srcset=\"https:\/\/www.leeb-balkone.com\/app\/uploads\/2021\/10\/sommergarten-pultdach-rundum-glas-seitenelemente-300x225.jpeg 300w, https:\/\/www.leeb-balkone.com\/app\/uploads\/2021\/10\/sommergarten-pultdach-rundum-glas-seitenelemente-1024x767.jpeg 1024w, https:\/\/www.leeb-balkone.com\/app\/uploads\/2021\/10\/sommergarten-pultdach-rundum-glas-seitenelemente-768x575.jpeg 768w, https:\/\/www.leeb-balkone.com\/app\/uploads\/2021\/10\/sommergarten-pultdach-rundum-glas-seitenelemente-1536x1151.jpeg 1536w, https:\/\/www.leeb-balkone.com\/app\/uploads\/2021\/10\/sommergarten-pultdach-rundum-glas-seitenelemente-scaled.jpeg 2048w\" sizes=\"auto, (min-width: 1200px) 260px, (min-width: 1024px) 220px, (min-width: 640px) 465px, 768px\" \/>    \n                <\/figure>\n                        <\/div>\n            <p><small>Terrasse mit Rundumverglasung &#8211; Leeb Sommergarten<\/small><\/p>        <\/div>\n                  <div class=\"lg-item\" data-src=\"https:\/\/www.leeb-balkone.com\/app\/uploads\/2020\/07\/sommergarten-mit-offenen-schiebeelementen-und-gartengarnitur-scaled.jpg\"\n              data-sub-html=\"&lt;p&gt;&lt;small&gt;Sommergarten mit offenen Schiebelementen &lt;\/small&gt;&lt;\/p&gt;\">\n            <div class=\"img-wrapper\">\n                <figure>\n                    <img loading=\"lazy\" decoding=\"async\" width=\"300\" height=\"200\" src=\"https:\/\/www.leeb-balkone.com\/app\/uploads\/2020\/07\/sommergarten-mit-offenen-schiebeelementen-und-gartengarnitur-300x200.jpg\" class=\"attachment-medium size-medium\" alt=\"Sommergarten mit offenen Schiebelementen und Gartengarnitur\" srcset=\"https:\/\/www.leeb-balkone.com\/app\/uploads\/2020\/07\/sommergarten-mit-offenen-schiebeelementen-und-gartengarnitur-300x200.jpg 300w, https:\/\/www.leeb-balkone.com\/app\/uploads\/2020\/07\/sommergarten-mit-offenen-schiebeelementen-und-gartengarnitur-1024x683.jpg 1024w, https:\/\/www.leeb-balkone.com\/app\/uploads\/2020\/07\/sommergarten-mit-offenen-schiebeelementen-und-gartengarnitur-768x512.jpg 768w, https:\/\/www.leeb-balkone.com\/app\/uploads\/2020\/07\/sommergarten-mit-offenen-schiebeelementen-und-gartengarnitur-1536x1025.jpg 1536w, https:\/\/www.leeb-balkone.com\/app\/uploads\/2020\/07\/sommergarten-mit-offenen-schiebeelementen-und-gartengarnitur-2048x1366.jpg 2048w\" sizes=\"auto, (min-width: 1200px) 260px, (min-width: 1024px) 220px, (min-width: 640px) 465px, 768px\" \/>    \n                <\/figure>\n                        <\/div>\n            <p><small>Sommergarten mit offenen Schiebelementen <\/small><\/p>        <\/div>\n                  <div class=\"lg-item\" data-src=\"https:\/\/www.leeb-balkone.com\/app\/uploads\/2020\/07\/glas-sommergarten-anbau-48-scaled.jpg\"\n              data-sub-html=\"&lt;p&gt;&lt;small&gt;Anbaubalkon mit Sommergarten von Leeb&lt;\/small&gt;&lt;\/p&gt;\">\n            <div class=\"img-wrapper\">\n                <figure>\n                    <img loading=\"lazy\" decoding=\"async\" width=\"300\" height=\"200\" src=\"https:\/\/www.leeb-balkone.com\/app\/uploads\/2020\/07\/glas-sommergarten-anbau-48-300x200.jpg\" class=\"attachment-medium size-medium\" alt=\"Anbaubalkon mit Sommergarten von Leeb\" srcset=\"https:\/\/www.leeb-balkone.com\/app\/uploads\/2020\/07\/glas-sommergarten-anbau-48-300x200.jpg 300w, https:\/\/www.leeb-balkone.com\/app\/uploads\/2020\/07\/glas-sommergarten-anbau-48-1024x683.jpg 1024w, https:\/\/www.leeb-balkone.com\/app\/uploads\/2020\/07\/glas-sommergarten-anbau-48-768x512.jpg 768w, https:\/\/www.leeb-balkone.com\/app\/uploads\/2020\/07\/glas-sommergarten-anbau-48-1536x1024.jpg 1536w, https:\/\/www.leeb-balkone.com\/app\/uploads\/2020\/07\/glas-sommergarten-anbau-48-2048x1366.jpg 2048w\" sizes=\"auto, (min-width: 1200px) 260px, (min-width: 1024px) 220px, (min-width: 640px) 465px, 768px\" \/>    \n                <\/figure>\n                        <\/div>\n            <p><small>Anbaubalkon mit Sommergarten von Leeb<\/small><\/p>        <\/div>\n                  <div class=\"lg-item\" data-src=\"https:\/\/www.leeb-balkone.com\/app\/uploads\/2021\/10\/sommergarten-balkonueberdachung-mit-alu-glas-seitenelementen-scaled.jpeg\"\n              data-sub-html=\"&lt;p&gt;&lt;small&gt;Terrassen\u00fcberdachung in Kombination mit einem Anbaubalkon&lt;\/small&gt;&lt;\/p&gt;\">\n            <div class=\"img-wrapper\">\n                <figure>\n                    <img loading=\"lazy\" decoding=\"async\" width=\"300\" height=\"200\" src=\"https:\/\/www.leeb-balkone.com\/app\/uploads\/2021\/10\/sommergarten-balkonueberdachung-mit-alu-glas-seitenelementen-300x200.jpeg\" class=\"attachment-medium size-medium\" alt=\"sommergarten balkonueberdachung mit alu glas seitenelementen\" srcset=\"https:\/\/www.leeb-balkone.com\/app\/uploads\/2021\/10\/sommergarten-balkonueberdachung-mit-alu-glas-seitenelementen-300x200.jpeg 300w, https:\/\/www.leeb-balkone.com\/app\/uploads\/2021\/10\/sommergarten-balkonueberdachung-mit-alu-glas-seitenelementen-1024x684.jpeg 1024w, https:\/\/www.leeb-balkone.com\/app\/uploads\/2021\/10\/sommergarten-balkonueberdachung-mit-alu-glas-seitenelementen-768x513.jpeg 768w, https:\/\/www.leeb-balkone.com\/app\/uploads\/2021\/10\/sommergarten-balkonueberdachung-mit-alu-glas-seitenelementen-1536x1025.jpeg 1536w, https:\/\/www.leeb-balkone.com\/app\/uploads\/2021\/10\/sommergarten-balkonueberdachung-mit-alu-glas-seitenelementen-scaled.jpeg 2048w\" sizes=\"auto, (min-width: 1200px) 260px, (min-width: 1024px) 220px, (min-width: 640px) 465px, 768px\" \/>    \n                <\/figure>\n                        <\/div>\n            <p><small>Terrassen\u00fcberdachung in Kombination mit einem Anbaubalkon<\/small><\/p>        <\/div>\n                  <div class=\"lg-item\" data-src=\"https:\/\/www.leeb-balkone.com\/app\/uploads\/2021\/10\/sommergarten-alu-glas-mit-glasschiebetueren-scaled.jpeg\"\n              data-sub-html=\"&lt;p&gt;&lt;small&gt;Kombination Sommergarten und Sichtschutzzaun von Leeb&lt;\/small&gt;&lt;\/p&gt;\">\n            <div class=\"img-wrapper\">\n                <figure>\n                    <img loading=\"lazy\" decoding=\"async\" width=\"300\" height=\"225\" src=\"https:\/\/www.leeb-balkone.com\/app\/uploads\/2021\/10\/sommergarten-alu-glas-mit-glasschiebetueren-300x225.jpeg\" class=\"attachment-medium size-medium\" alt=\"Kombination Sommergarten und Sichtschutzzaun von Leeb\" srcset=\"https:\/\/www.leeb-balkone.com\/app\/uploads\/2021\/10\/sommergarten-alu-glas-mit-glasschiebetueren-300x225.jpeg 300w, https:\/\/www.leeb-balkone.com\/app\/uploads\/2021\/10\/sommergarten-alu-glas-mit-glasschiebetueren-1024x767.jpeg 1024w, https:\/\/www.leeb-balkone.com\/app\/uploads\/2021\/10\/sommergarten-alu-glas-mit-glasschiebetueren-768x575.jpeg 768w, https:\/\/www.leeb-balkone.com\/app\/uploads\/2021\/10\/sommergarten-alu-glas-mit-glasschiebetueren-1536x1151.jpeg 1536w, https:\/\/www.leeb-balkone.com\/app\/uploads\/2021\/10\/sommergarten-alu-glas-mit-glasschiebetueren-scaled.jpeg 2048w\" sizes=\"auto, (min-width: 1200px) 260px, (min-width: 1024px) 220px, (min-width: 640px) 465px, 768px\" \/>    \n                <\/figure>\n                        <\/div>\n            <p><small>Kombination Sommergarten und Sichtschutzzaun von Leeb<\/small><\/p>        <\/div>\n                  <div class=\"lg-item\" data-src=\"https:\/\/www.leeb-balkone.com\/app\/uploads\/2025\/07\/sommergarten-alu-glas-und-terrassenueberdachung-toscana-mit-glasbalkon-vitro-scaled.jpg\"\n              data-sub-html=\"&lt;p&gt;&lt;small&gt;Terrasse mit Glas-Schiebeelementen von Leeb&lt;\/small&gt;&lt;\/p&gt;\">\n            <div class=\"img-wrapper\">\n                <figure>\n                    <img loading=\"lazy\" decoding=\"async\" width=\"300\" height=\"200\" src=\"https:\/\/www.leeb-balkone.com\/app\/uploads\/2025\/07\/sommergarten-alu-glas-und-terrassenueberdachung-toscana-mit-glasbalkon-vitro-300x200.jpg\" class=\"attachment-medium size-medium\" alt=\"Terrasse mit Glas-Schiebeelementen von Leeb\" srcset=\"https:\/\/www.leeb-balkone.com\/app\/uploads\/2025\/07\/sommergarten-alu-glas-und-terrassenueberdachung-toscana-mit-glasbalkon-vitro-300x200.jpg 300w, https:\/\/www.leeb-balkone.com\/app\/uploads\/2025\/07\/sommergarten-alu-glas-und-terrassenueberdachung-toscana-mit-glasbalkon-vitro-1024x683.jpg 1024w, https:\/\/www.leeb-balkone.com\/app\/uploads\/2025\/07\/sommergarten-alu-glas-und-terrassenueberdachung-toscana-mit-glasbalkon-vitro-768x512.jpg 768w, https:\/\/www.leeb-balkone.com\/app\/uploads\/2025\/07\/sommergarten-alu-glas-und-terrassenueberdachung-toscana-mit-glasbalkon-vitro-1536x1024.jpg 1536w, https:\/\/www.leeb-balkone.com\/app\/uploads\/2025\/07\/sommergarten-alu-glas-und-terrassenueberdachung-toscana-mit-glasbalkon-vitro-2048x1366.jpg 2048w\" sizes=\"auto, (min-width: 1200px) 260px, (min-width: 1024px) 220px, (min-width: 640px) 465px, 768px\" \/>    \n                <\/figure>\n                        <\/div>\n            <p><small>Terrasse mit Glas-Schiebeelementen von Leeb<\/small><\/p>        <\/div>\n                  <div class=\"lg-item\" data-src=\"https:\/\/www.leeb-balkone.com\/app\/uploads\/2025\/07\/alu-sommergarten-mit-led-beleuchtung-und-aufdachmarkise-und-aluzaun-toledo-scaled.jpg\"\n              data-sub-html=\"&lt;p&gt;&lt;small&gt;Sommergarten mit LED-Beleuchtung und Aufdachmarkise&lt;\/small&gt;&lt;\/p&gt;\">\n            <div class=\"img-wrapper\">\n                <figure>\n                    <img loading=\"lazy\" decoding=\"async\" width=\"300\" height=\"214\" src=\"https:\/\/www.leeb-balkone.com\/app\/uploads\/2025\/07\/alu-sommergarten-mit-led-beleuchtung-und-aufdachmarkise-und-aluzaun-toledo-300x214.jpg\" class=\"attachment-medium size-medium\" alt=\"Sommergarten mit LED-Beleuchtung und Aufdachmarkise\" srcset=\"https:\/\/www.leeb-balkone.com\/app\/uploads\/2025\/07\/alu-sommergarten-mit-led-beleuchtung-und-aufdachmarkise-und-aluzaun-toledo-300x214.jpg 300w, https:\/\/www.leeb-balkone.com\/app\/uploads\/2025\/07\/alu-sommergarten-mit-led-beleuchtung-und-aufdachmarkise-und-aluzaun-toledo-1024x731.jpg 1024w, https:\/\/www.leeb-balkone.com\/app\/uploads\/2025\/07\/alu-sommergarten-mit-led-beleuchtung-und-aufdachmarkise-und-aluzaun-toledo-768x549.jpg 768w, https:\/\/www.leeb-balkone.com\/app\/uploads\/2025\/07\/alu-sommergarten-mit-led-beleuchtung-und-aufdachmarkise-und-aluzaun-toledo-1536x1097.jpg 1536w, https:\/\/www.leeb-balkone.com\/app\/uploads\/2025\/07\/alu-sommergarten-mit-led-beleuchtung-und-aufdachmarkise-und-aluzaun-toledo-2048x1463.jpg 2048w\" sizes=\"auto, (min-width: 1200px) 260px, (min-width: 1024px) 220px, (min-width: 640px) 465px, 768px\" \/>    \n                <\/figure>\n                        <\/div>\n            <p><small>Sommergarten mit LED-Beleuchtung und Aufdachmarkise<\/small><\/p>        <\/div>\n                  <div class=\"lg-item\" data-src=\"https:\/\/www.leeb-balkone.com\/app\/uploads\/2025\/07\/terrassenueberdachung-sommergarten-mit-senkrechtmarkise-und-aluzaun-toledo-scaled.jpg\"\n              data-sub-html=\"&lt;p&gt;&lt;small&gt;Leeb Sommergarten mit Senkrechtmarkise&lt;\/small&gt;&lt;\/p&gt;\">\n            <div class=\"img-wrapper\">\n                <figure>\n                    <img loading=\"lazy\" decoding=\"async\" width=\"300\" height=\"200\" src=\"https:\/\/www.leeb-balkone.com\/app\/uploads\/2025\/07\/terrassenueberdachung-sommergarten-mit-senkrechtmarkise-und-aluzaun-toledo-300x200.jpg\" class=\"attachment-medium size-medium\" alt=\"Leeb Sommergarten mit Senkrechtmarkise\" srcset=\"https:\/\/www.leeb-balkone.com\/app\/uploads\/2025\/07\/terrassenueberdachung-sommergarten-mit-senkrechtmarkise-und-aluzaun-toledo-300x200.jpg 300w, https:\/\/www.leeb-balkone.com\/app\/uploads\/2025\/07\/terrassenueberdachung-sommergarten-mit-senkrechtmarkise-und-aluzaun-toledo-1024x683.jpg 1024w, https:\/\/www.leeb-balkone.com\/app\/uploads\/2025\/07\/terrassenueberdachung-sommergarten-mit-senkrechtmarkise-und-aluzaun-toledo-768x512.jpg 768w, https:\/\/www.leeb-balkone.com\/app\/uploads\/2025\/07\/terrassenueberdachung-sommergarten-mit-senkrechtmarkise-und-aluzaun-toledo-1536x1024.jpg 1536w, https:\/\/www.leeb-balkone.com\/app\/uploads\/2025\/07\/terrassenueberdachung-sommergarten-mit-senkrechtmarkise-und-aluzaun-toledo-2048x1366.jpg 2048w\" sizes=\"auto, (min-width: 1200px) 260px, (min-width: 1024px) 220px, (min-width: 640px) 465px, 768px\" \/>    \n                <\/figure>\n                        <\/div>\n            <p><small>Leeb Sommergarten mit Senkrechtmarkise<\/small><\/p>        <\/div>\n                <\/div>\n\n              <div class=\"lg-load-more-wrapper\">\n            <div class=\"lg-load-more wp-block-button is-style-filled-secondary\">\n                <a href=\"#\" class=\"wp-block-button__link wp-element-button\" role=\"button\">\n                    Nalo\u017ei ve\u010d                <\/a>\n            <\/div>\n        <\/div>\n          <\/div>\n    <\/section>\n\n\n\n<section class=\"wp-block-group alignfull has-white-background-color has-background has-global-padding is-layout-constrained wp-container-core-group-is-layout-9fa1424c wp-block-group-is-layout-constrained\" style=\"padding-top:0\">\n<div class=\"wp-block-columns is-style-offset m-split is-layout-flex wp-container-core-columns-is-layout-28f84493 wp-block-columns-is-layout-flex\">\n<div class=\"wp-block-column is-layout-flow wp-block-column-is-layout-flow\"><div class=\"vp-map-wrapper vp-map-ratio-19-1\"><img decoding=\"async\" width=\"1440\" height=\"884\" src=\"https:\/\/www.leeb-balkone.com\/app\/uploads\/2026\/04\/map-sl.jpg\" class=\"attachment-full size-full\" alt=\"map-sl\" style=\"width:100%;height:100%;object-fit:cover;display:block;\" loading=\"lazy\" srcset=\"https:\/\/www.leeb-balkone.com\/app\/uploads\/2026\/04\/map-sl.jpg 1440w, https:\/\/www.leeb-balkone.com\/app\/uploads\/2026\/04\/map-sl-300x184.jpg 300w, https:\/\/www.leeb-balkone.com\/app\/uploads\/2026\/04\/map-sl-1024x629.jpg 1024w, https:\/\/www.leeb-balkone.com\/app\/uploads\/2026\/04\/map-sl-768x471.jpg 768w\" sizes=\"auto, (min-width: 1536px) 2048px, (min-width: 992px) 1536px, (min-width: 768px) 1024px, (min-width: 576px) 768px, 100vw\" \/><\/div>\n<\/div>\n\n\n\n<div class=\"wp-block-column is-vertically-aligned-center is-style-overlay-content is-layout-flow wp-block-column-is-layout-flow\">\n<div class=\"wp-block-group is-vertical is-layout-flex wp-container-core-group-is-layout-bd7877ba wp-block-group-is-layout-flex\">\n<h2 class=\"wp-block-heading has-step-2-font-size\">Posredniki v Sloveniji<\/h2>\n\n\n\n<p>Kompetentni LEEB partnerji v va\u0161i regiji. Osebno svetovanje, natan\u010dno na\u010drtovanje in strokovna monta\u017ea.<\/p>\n\n\n\n<div class=\"wp-block-buttons is-layout-flex wp-block-buttons-is-layout-flex\" style=\"margin-top:var(--wp--preset--spacing--2-xs)\">\n<div class=\"wp-block-button is-style-cta\"><a class=\"wp-block-button__link has-transparent-background-color has-background wp-element-button\" href=\"https:\/\/www.leeb-balkone.com\/sl\/distribucijski-partnerji\/\">Poi\u0161\u010dite prodajnega partnerja<span class=\"sr-only\"> Distribucijski partner Leeb Balkone Slovenija<\/span><\/a><\/div>\n<\/div>\n<\/div>\n<\/div>\n<\/div>\n<\/section>\n\n\n\n<section class=\"wp-block-group alignfull has-light-gray-background-color has-background has-global-padding is-layout-constrained wp-container-core-group-is-layout-52f96efc wp-block-group-is-layout-constrained\" id=\"beratungstermin\">\n<div class=\"wp-block-group m-teaser o-grid u-md-1 is-layout-flow wp-block-group-is-layout-flow\">\n<div class=\"wp-block-group u-g-7 u-g-s-2 is-layout-flow wp-block-group-is-layout-flow\" style=\"margin-bottom:var(--wp--preset--spacing--s)\">\n<h2 class=\"wp-block-heading\">Stopite v stik z nami<\/h2>\n\n\n\n<p><strong><strong>Na\u010drtujete projekt ali imate vpra\u0161anja o nas in na\u0161ih re\u0161itvah? Pi\u0161ite nam: z veseljem bomo odgovorili na va\u0161a vpra\u0161anja!<\/strong><\/strong><\/p>\n<\/div>\n<\/div>\n\n\n\n<div class=\"wp-block-group m-teaser o-grid u-md-1 is-layout-flow wp-block-group-is-layout-flow\">\n<div class=\"wp-block-group u-g-7 u-g-s-2 is-layout-flow wp-block-group-is-layout-flow\" style=\"margin-bottom:var(--wp--preset--spacing--s)\"><form action=\"https:\/\/www.leeb-balkone.com\/sl\/wp-json\/ws-form\/v1\/submit\" class=\"wsf-form wsf-form-canvas\" id=\"ws-form-1\" data-id=\"11\" data-instance-id=\"1\" method=\"POST\"><\/form>\n<\/div>\n\n\n\n<div class=\"wp-block-group u-g-3 u-g-s-9 is-layout-flow wp-block-group-is-layout-flow\"><div class=\"t3-sidebar-buttons wp-block-buttons is-layout-flex wp-block-buttons-is-layout-flex\"><div class=\"wp-block-button is-style-fill icon-book icon-left\">\n                        <a class=\"wp-block-button__link has-secondary-color has-white-background-color has-text-color has-background has-link-color wp-element-button\" href=\"https:\/\/www.leeb-balkone.com\/sl\/kontakt\/zahtevajte-katalog\/\" style=\"box-shadow:var(--wp--preset--shadow--box-shadow)\">Zahtevajte katalog<\/a>\n                    <\/div><\/div>\n<\/div>\n<\/div>\n<\/section>\n","protected":false},"excerpt":{"rendered":"","protected":false},"author":4,"featured_media":0,"parent":155371,"menu_order":0,"comment_status":"closed","ping_status":"closed","template":"template-onepager.blade.php","meta":{"_acf_changed":false,"footnotes":"","_sage_theme_css":true,"_wp_block_core_css":true},"folder":[238,248],"class_list":["post-163078","page","type-page","status-publish","hentry"],"acf":[],"yoast_head":"<!-- This site is optimized with the Yoast SEO plugin v27.2 - https:\/\/yoast.com\/product\/yoast-seo-wordpress\/ -->\n<title>Poletni vrt iz aluminija in stekla z drsnimi elementi - % Leeb Balkone % Slovenija<\/title>\n<meta name=\"description\" content=\"S poletnim vrtom Leeb podalj\u0161ajte vrtno sezono. Visokokakovostna stekleno-aluminijasta konstrukcija, za\u0161\u010ditena pred vetrom in preplavljena s svetlobo. Pridobite nezavezujo\u010de svetovanje zdaj!\" \/>\n<meta name=\"robots\" content=\"index, follow, max-snippet:-1, max-image-preview:large, max-video-preview:-1\" \/>\n<meta property=\"og:locale\" content=\"sl_SI\" \/>\n<meta property=\"og:type\" content=\"article\" \/>\n<meta property=\"og:title\" content=\"Poletni vrt iz aluminija in stekla z drsnimi elementi - % Leeb Balkone %\" \/>\n<meta property=\"og:description\" content=\"S poletnim vrtom Leeb podalj\u0161ajte vrtno sezono. Visokokakovostna stekleno-aluminijasta konstrukcija, za\u0161\u010ditena pred vetrom in preplavljena s svetlobo. Pridobite nezavezujo\u010de svetovanje zdaj!\" \/>\n<meta property=\"og:url\" content=\"https:\/\/www.leeb-balkone.com\/sl\/nadstresni-sistemi\/terasa-kot-letni-vrt\/\" \/>\n<meta property=\"og:site_name\" content=\"Leeb Balkone\" \/>\n<meta property=\"article:publisher\" content=\"https:\/\/www.facebook.com\/balkone\/\" \/>\n<meta property=\"article:modified_time\" content=\"2026-01-27T14:27:40+00:00\" \/>\n<meta property=\"og:image\" content=\"https:\/\/www.leeb-balkone.com\/app\/uploads\/2020\/07\/glas-sommergarten-terrassenueberdachung-5-1024x684.jpg\" \/>\n<meta name=\"twitter:card\" content=\"summary_large_image\" \/>\n<script type=\"application\/ld+json\" class=\"yoast-schema-graph\">{\"@context\":\"https:\/\/schema.org\",\"@graph\":[{\"@type\":\"WebPage\",\"@id\":\"https:\/\/www.leeb-balkone.com\/sl\/nadstresni-sistemi\/terasa-kot-letni-vrt\/\",\"url\":\"https:\/\/www.leeb-balkone.com\/sl\/nadstresni-sistemi\/terasa-kot-letni-vrt\/\",\"name\":\"Poletni vrt iz aluminija in stekla z drsnimi elementi - % Leeb Balkone %\",\"isPartOf\":{\"@id\":\"https:\/\/www.leeb-balkone.com\/sl\/#website\"},\"primaryImageOfPage\":{\"@id\":\"https:\/\/www.leeb-balkone.com\/sl\/nadstresni-sistemi\/terasa-kot-letni-vrt\/#primaryimage\"},\"image\":{\"@id\":\"https:\/\/www.leeb-balkone.com\/sl\/nadstresni-sistemi\/terasa-kot-letni-vrt\/#primaryimage\"},\"thumbnailUrl\":\"https:\/\/www.leeb-balkone.com\/app\/uploads\/2020\/07\/glas-sommergarten-terrassenueberdachung-5-1024x684.jpg\",\"datePublished\":\"2026-01-19T11:50:47+00:00\",\"dateModified\":\"2026-01-27T14:27:40+00:00\",\"description\":\"S poletnim vrtom Leeb podalj\u0161ajte vrtno sezono. Visokokakovostna stekleno-aluminijasta konstrukcija, za\u0161\u010ditena pred vetrom in preplavljena s svetlobo. Pridobite nezavezujo\u010de svetovanje zdaj!\",\"breadcrumb\":{\"@id\":\"https:\/\/www.leeb-balkone.com\/sl\/nadstresni-sistemi\/terasa-kot-letni-vrt\/#breadcrumb\"},\"inLanguage\":\"sl-SI\",\"potentialAction\":[{\"@type\":\"ReadAction\",\"target\":[\"https:\/\/www.leeb-balkone.com\/sl\/nadstresni-sistemi\/terasa-kot-letni-vrt\/\"]}]},{\"@type\":\"ImageObject\",\"inLanguage\":\"sl-SI\",\"@id\":\"https:\/\/www.leeb-balkone.com\/sl\/nadstresni-sistemi\/terasa-kot-letni-vrt\/#primaryimage\",\"url\":\"https:\/\/www.leeb-balkone.com\/app\/uploads\/2020\/07\/glas-sommergarten-terrassenueberdachung-5-1024x684.jpg\",\"contentUrl\":\"https:\/\/www.leeb-balkone.com\/app\/uploads\/2020\/07\/glas-sommergarten-terrassenueberdachung-5-1024x684.jpg\"},{\"@type\":\"BreadcrumbList\",\"@id\":\"https:\/\/www.leeb-balkone.com\/sl\/nadstresni-sistemi\/terasa-kot-letni-vrt\/#breadcrumb\",\"itemListElement\":[{\"@type\":\"ListItem\",\"position\":1,\"name\":\"Home\",\"item\":\"https:\/\/www.leeb-balkone.com\/sl\/\"},{\"@type\":\"ListItem\",\"position\":2,\"name\":\"Nadstre\u0161ki in poletni vrtovi\",\"item\":\"https:\/\/www.leeb-balkone.com\/sl\/nadstresni-sistemi\/\"},{\"@type\":\"ListItem\",\"position\":3,\"name\":\"Poletni vrt\"}]},{\"@type\":\"WebSite\",\"@id\":\"https:\/\/www.leeb-balkone.com\/sl\/#website\",\"url\":\"https:\/\/www.leeb-balkone.com\/sl\/\",\"name\":\"Leeb Balkone\",\"description\":\"Balkone und Z\u00e4une\",\"publisher\":{\"@id\":\"https:\/\/www.leeb-balkone.com\/sl\/#organization\"},\"potentialAction\":[{\"@type\":\"SearchAction\",\"target\":{\"@type\":\"EntryPoint\",\"urlTemplate\":\"https:\/\/www.leeb-balkone.com\/sl\/?s={search_term_string}\"},\"query-input\":{\"@type\":\"PropertyValueSpecification\",\"valueRequired\":true,\"valueName\":\"search_term_string\"}}],\"inLanguage\":\"sl-SI\"},{\"@type\":\"Organization\",\"@id\":\"https:\/\/www.leeb-balkone.com\/sl\/#organization\",\"name\":\"Leeb Balkone Gmbh\",\"url\":\"https:\/\/www.leeb-balkone.com\/sl\/\",\"logo\":{\"@type\":\"ImageObject\",\"inLanguage\":\"sl-SI\",\"@id\":\"https:\/\/www.leeb-balkone.com\/sl\/#\/schema\/logo\/image\/\",\"url\":\"https:\/\/www.leeb-balkone.com\/app\/uploads\/2020\/11\/leeb-logo.svg\",\"contentUrl\":\"https:\/\/www.leeb-balkone.com\/app\/uploads\/2020\/11\/leeb-logo.svg\",\"width\":741,\"height\":204,\"caption\":\"Leeb Balkone Gmbh\"},\"image\":{\"@id\":\"https:\/\/www.leeb-balkone.com\/sl\/#\/schema\/logo\/image\/\"},\"sameAs\":[\"https:\/\/www.facebook.com\/balkone\/\",\"https:\/\/www.trustedshops.at\/bewertung\/info_X4587CCF5833E31AFE0B11F47D86999F2.html\",\"https:\/\/www.trustedshops.de\/bewertung\/info_X7BA536A7A0BDC86D36C4718E4DCAEEEF.html\",\"https:\/\/www.google.com\/maps\/place\/?q=place_id:ChIJ5-zH19-IcEcR9HonWRTllHI\"]}]}<\/script>\n<!-- \/ Yoast SEO plugin. -->","yoast_head_json":{"title":"Poletni vrt iz aluminija in stekla z drsnimi elementi - % Leeb Balkone % Slovenija","description":"S poletnim vrtom Leeb podalj\u0161ajte vrtno sezono. Visokokakovostna stekleno-aluminijasta konstrukcija, za\u0161\u010ditena pred vetrom in preplavljena s svetlobo. Pridobite nezavezujo\u010de svetovanje zdaj!","robots":{"index":"index","follow":"follow","max-snippet":"max-snippet:-1","max-image-preview":"max-image-preview:large","max-video-preview":"max-video-preview:-1"},"og_locale":"sl_SI","og_type":"article","og_title":"Poletni vrt iz aluminija in stekla z drsnimi elementi - % Leeb Balkone %","og_description":"S poletnim vrtom Leeb podalj\u0161ajte vrtno sezono. Visokokakovostna stekleno-aluminijasta konstrukcija, za\u0161\u010ditena pred vetrom in preplavljena s svetlobo. Pridobite nezavezujo\u010de svetovanje zdaj!","og_url":"https:\/\/www.leeb-balkone.com\/sl\/nadstresni-sistemi\/terasa-kot-letni-vrt\/","og_site_name":"Leeb Balkone","article_publisher":"https:\/\/www.facebook.com\/balkone\/","article_modified_time":"2026-01-27T14:27:40+00:00","og_image":[{"url":"https:\/\/www.leeb-balkone.com\/app\/uploads\/2020\/07\/glas-sommergarten-terrassenueberdachung-5-1024x684.jpg","type":"","width":"","height":""}],"twitter_card":"summary_large_image","schema":{"@context":"https:\/\/schema.org","@graph":[{"@type":"WebPage","@id":"https:\/\/www.leeb-balkone.com\/sl\/nadstresni-sistemi\/terasa-kot-letni-vrt\/","url":"https:\/\/www.leeb-balkone.com\/sl\/nadstresni-sistemi\/terasa-kot-letni-vrt\/","name":"Poletni vrt iz aluminija in stekla z drsnimi elementi - % Leeb Balkone %","isPartOf":{"@id":"https:\/\/www.leeb-balkone.com\/sl\/#website"},"primaryImageOfPage":{"@id":"https:\/\/www.leeb-balkone.com\/sl\/nadstresni-sistemi\/terasa-kot-letni-vrt\/#primaryimage"},"image":{"@id":"https:\/\/www.leeb-balkone.com\/sl\/nadstresni-sistemi\/terasa-kot-letni-vrt\/#primaryimage"},"thumbnailUrl":"https:\/\/www.leeb-balkone.com\/app\/uploads\/2020\/07\/glas-sommergarten-terrassenueberdachung-5-1024x684.jpg","datePublished":"2026-01-19T11:50:47+00:00","dateModified":"2026-01-27T14:27:40+00:00","description":"S poletnim vrtom Leeb podalj\u0161ajte vrtno sezono. Visokokakovostna stekleno-aluminijasta konstrukcija, za\u0161\u010ditena pred vetrom in preplavljena s svetlobo. Pridobite nezavezujo\u010de svetovanje zdaj!","breadcrumb":{"@id":"https:\/\/www.leeb-balkone.com\/sl\/nadstresni-sistemi\/terasa-kot-letni-vrt\/#breadcrumb"},"inLanguage":"sl-SI","potentialAction":[{"@type":"ReadAction","target":["https:\/\/www.leeb-balkone.com\/sl\/nadstresni-sistemi\/terasa-kot-letni-vrt\/"]}]},{"@type":"ImageObject","inLanguage":"sl-SI","@id":"https:\/\/www.leeb-balkone.com\/sl\/nadstresni-sistemi\/terasa-kot-letni-vrt\/#primaryimage","url":"https:\/\/www.leeb-balkone.com\/app\/uploads\/2020\/07\/glas-sommergarten-terrassenueberdachung-5-1024x684.jpg","contentUrl":"https:\/\/www.leeb-balkone.com\/app\/uploads\/2020\/07\/glas-sommergarten-terrassenueberdachung-5-1024x684.jpg"},{"@type":"BreadcrumbList","@id":"https:\/\/www.leeb-balkone.com\/sl\/nadstresni-sistemi\/terasa-kot-letni-vrt\/#breadcrumb","itemListElement":[{"@type":"ListItem","position":1,"name":"Home","item":"https:\/\/www.leeb-balkone.com\/sl\/"},{"@type":"ListItem","position":2,"name":"Nadstre\u0161ki in poletni vrtovi","item":"https:\/\/www.leeb-balkone.com\/sl\/nadstresni-sistemi\/"},{"@type":"ListItem","position":3,"name":"Poletni vrt"}]},{"@type":"WebSite","@id":"https:\/\/www.leeb-balkone.com\/sl\/#website","url":"https:\/\/www.leeb-balkone.com\/sl\/","name":"Leeb Balkone","description":"Balkone und Z\u00e4une","publisher":{"@id":"https:\/\/www.leeb-balkone.com\/sl\/#organization"},"potentialAction":[{"@type":"SearchAction","target":{"@type":"EntryPoint","urlTemplate":"https:\/\/www.leeb-balkone.com\/sl\/?s={search_term_string}"},"query-input":{"@type":"PropertyValueSpecification","valueRequired":true,"valueName":"search_term_string"}}],"inLanguage":"sl-SI"},{"@type":"Organization","@id":"https:\/\/www.leeb-balkone.com\/sl\/#organization","name":"Leeb Balkone Gmbh","url":"https:\/\/www.leeb-balkone.com\/sl\/","logo":{"@type":"ImageObject","inLanguage":"sl-SI","@id":"https:\/\/www.leeb-balkone.com\/sl\/#\/schema\/logo\/image\/","url":"https:\/\/www.leeb-balkone.com\/app\/uploads\/2020\/11\/leeb-logo.svg","contentUrl":"https:\/\/www.leeb-balkone.com\/app\/uploads\/2020\/11\/leeb-logo.svg","width":741,"height":204,"caption":"Leeb Balkone Gmbh"},"image":{"@id":"https:\/\/www.leeb-balkone.com\/sl\/#\/schema\/logo\/image\/"},"sameAs":["https:\/\/www.facebook.com\/balkone\/","https:\/\/www.trustedshops.at\/bewertung\/info_X4587CCF5833E31AFE0B11F47D86999F2.html","https:\/\/www.trustedshops.de\/bewertung\/info_X7BA536A7A0BDC86D36C4718E4DCAEEEF.html","https:\/\/www.google.com\/maps\/place\/?q=place_id:ChIJ5-zH19-IcEcR9HonWRTllHI"]}]}},"_links":{"self":[{"href":"https:\/\/www.leeb-balkone.com\/sl\/wp-json\/wp\/v2\/pages\/163078","targetHints":{"allow":["GET"]}}],"collection":[{"href":"https:\/\/www.leeb-balkone.com\/sl\/wp-json\/wp\/v2\/pages"}],"about":[{"href":"https:\/\/www.leeb-balkone.com\/sl\/wp-json\/wp\/v2\/types\/page"}],"author":[{"embeddable":true,"href":"https:\/\/www.leeb-balkone.com\/sl\/wp-json\/wp\/v2\/users\/4"}],"replies":[{"embeddable":true,"href":"https:\/\/www.leeb-balkone.com\/sl\/wp-json\/wp\/v2\/comments?post=163078"}],"version-history":[{"count":2,"href":"https:\/\/www.leeb-balkone.com\/sl\/wp-json\/wp\/v2\/pages\/163078\/revisions"}],"predecessor-version":[{"id":163404,"href":"https:\/\/www.leeb-balkone.com\/sl\/wp-json\/wp\/v2\/pages\/163078\/revisions\/163404"}],"up":[{"embeddable":true,"href":"https:\/\/www.leeb-balkone.com\/sl\/wp-json\/wp\/v2\/pages\/155371"}],"wp:attachment":[{"href":"https:\/\/www.leeb-balkone.com\/sl\/wp-json\/wp\/v2\/media?parent=163078"}],"wp:term":[{"taxonomy":"folder","embeddable":true,"href":"https:\/\/www.leeb-balkone.com\/sl\/wp-json\/wp\/v2\/folder?post=163078"}],"curies":[{"name":"wp","href":"https:\/\/api.w.org\/{rel}","templated":true}]}}