{"id":162906,"date":"2026-01-13T13:31:08","date_gmt":"2026-01-13T13:31:08","guid":{"rendered":"https:\/\/www.leeb-balkone.com\/solar\/soncni-nadstresek-za-avtomobile\/"},"modified":"2026-01-13T13:31:16","modified_gmt":"2026-01-13T13:31:16","slug":"soncni-nadstresek-za-avtomobile","status":"publish","type":"page","link":"https:\/\/www.leeb-balkone.com\/sl\/solar\/soncni-nadstresek-za-avtomobile\/","title":{"rendered":"Son\u010dni nadstre\u0161ek za avtomobile"},"content":{"rendered":"\n<section class=\"wp-block-group alignfull t3-header t3-header-splitscreen t3-splitscreen-shadow h-zi-20 has-light-gray-background-color has-background has-global-padding is-layout-constrained wp-container-core-group-is-layout-f1ad4950 wp-block-group-is-layout-constrained\" style=\"padding-top:0;padding-bottom:0\">\n<div class=\"wp-block-columns h-flx-a-s m-split is-layout-flex wp-container-core-columns-is-layout-28f84493 wp-block-columns-is-layout-flex\">\n<div class=\"wp-block-column is-vertically-aligned-top h-flx-a-s m-split-col-content is-layout-flow wp-block-column-is-layout-flow\"><div class=\"yoast-breadcrumbs\"><span><span><a href=\"https:\/\/www.leeb-balkone.com\/sl\/\">Home<\/a><\/span> \/ <span><a href=\"https:\/\/www.leeb-balkone.com\/sl\/solar\/\">Son\u010dni izdelki<\/a><\/span> \/ <span class=\"breadcrumb_last\" aria-current=\"page\">Son\u010dni nadstre\u0161ek za avtomobile<\/span><\/span><\/div>\n\n<h1 class=\"wp-block-post-title\">Son\u010dni nadstre\u0161ek za avtomobile<\/h1>\n\n\n<p class=\"has-step-0-font-size\" style=\"margin-bottom:0\">Leeb Solar Carport je inovativna re\u0161itev za nadstre\u0161ek za avto, opremljena z visokokakovostnimi fotovoltai\u010dnimi (PV) moduli, ki ne le \u0161\u010ditijo va\u0161e vozilo, temve\u010d tudi proizvajajo okolju prijazno son\u010dno energijo.  <\/p>\n\n\n\n<div class=\"wp-block-buttons is-layout-flex wp-block-buttons-is-layout-flex\" style=\"margin-top:var(--wp--preset--spacing--l)\">\n<div class=\"wp-block-button is-style-cta icon-book icon-left\"><a class=\"wp-block-button__link wp-element-button\" href=\"https:\/\/www.leeb-balkone.com\/sl\/kontakt\/zahtevajte-katalog\/\">Zahtevajte katalog<\/a><\/div>\n\n\n\n<div class=\"wp-block-button is-style-cta icon-vp icon-left\"><a class=\"wp-block-button__link wp-element-button\" href=\"https:\/\/www.leeb-balkone.com\/sl\/distribucijski-partnerji\/\">Poi\u0161\u010dite kontaktno osebo<span class=\"sr-only\"> Slovenija<\/span><\/a><\/div>\n<\/div>\n<\/div>\n\n\n\n<div class=\"wp-block-column is-vertically-aligned-stretch h-hide-md-down is-style-image-cover is-layout-flow wp-block-column-is-layout-flow\">\n<figure class=\"wp-block-image size-large\"><img loading=\"lazy\" decoding=\"async\" width=\"1024\" height=\"731\" src=\"https:\/\/www.leeb-balkone.com\/app\/uploads\/2022\/07\/Solarcarport-mit-zwei-Autos-Ansicht-von-schraeg-unten-1024x731.jpg\" alt=\"Pogled na solarno nadstre&#x161;nico z dvema avtomobiloma po diagonali spredaj\" class=\"wp-image-146896\" srcset=\"https:\/\/www.leeb-balkone.com\/app\/uploads\/2022\/07\/Solarcarport-mit-zwei-Autos-Ansicht-von-schraeg-unten-1024x731.jpg 1024w, https:\/\/www.leeb-balkone.com\/app\/uploads\/2022\/07\/Solarcarport-mit-zwei-Autos-Ansicht-von-schraeg-unten-300x214.jpg 300w, https:\/\/www.leeb-balkone.com\/app\/uploads\/2022\/07\/Solarcarport-mit-zwei-Autos-Ansicht-von-schraeg-unten-768x549.jpg 768w, https:\/\/www.leeb-balkone.com\/app\/uploads\/2022\/07\/Solarcarport-mit-zwei-Autos-Ansicht-von-schraeg-unten-1536x1097.jpg 1536w, https:\/\/www.leeb-balkone.com\/app\/uploads\/2022\/07\/Solarcarport-mit-zwei-Autos-Ansicht-von-schraeg-unten-2048x1463.jpg 2048w\" sizes=\"auto, (max-width: 1024px) 100vw, 1024px\" \/><\/figure>\n<\/div>\n<\/div>\n<\/section>\n\n<section class=\"wp-block-group alignfull has-white-background-color has-background has-global-padding is-layout-constrained wp-container-core-group-is-layout-52f96efc wp-block-group-is-layout-constrained\" id=\"modelle\">\n<div class=\"wp-block-group m-teaser o-grid u-md-1 is-layout-flow wp-block-group-is-layout-flow\">\n<div class=\"wp-block-group u-g-9 u-g-s-2 is-layout-flow wp-block-group-is-layout-flow\" style=\"margin-bottom:var(--wp--preset--spacing--s)\">\n<p class=\"has-text-align-left\"><strong><strong><strong>&#8220;Solarni nadstre\u0161ek Leeb zdru\u017euje elegantno obliko, zanesljivo za\u0161\u010dito pred vremenskimi vplivi in inovativno solarno tehnologijo &#8211; za trajnostno prihodnost na va\u0161em pragu.&#8221;<\/strong><\/strong><\/strong><\/p>\n<\/div>\n<\/div>\n\n\n\n<div class=\"wp-block-columns is-layout-flex wp-container-core-columns-is-layout-28f84493 wp-block-columns-is-layout-flex\">\n<div class=\"wp-block-column is-layout-flow wp-block-column-is-layout-flow\" style=\"flex-basis:66.66%\"><div class=\"tgs-gallery\" data-tablet-slides=\"4\" data-desktop-slides=\"5\"><div class=\"t3-tgs swiper mainSlider\">\n                <div class=\"has-icon icon-enlarge\"><\/div>\n                <div class=\"swiper-wrapper lg-swiper\"><div class=\"swiper-slide\"><a href=\"https:\/\/www.leeb-balkone.com\/app\/uploads\/2022\/07\/solar-carport-bei-der-hauseinfahrt-scaled.jpg\"><img decoding=\"async\" src=\"https:\/\/www.leeb-balkone.com\/app\/uploads\/2022\/07\/solar-carport-bei-der-hauseinfahrt-scaled.jpg\" alt=\"Carport mit Solarpaneelen bei der Hauseinfahrt\"><\/a><div class=\"tgs-desc\">Nadstre\u0161ek s son\u010dnimi kolektorji pri vhodu v hi\u0161o<\/div><\/div><div class=\"swiper-slide\"><a href=\"https:\/\/www.leeb-balkone.com\/app\/uploads\/2022\/07\/solarcarport-alu-pv-solar-carport-holzhaus-fassade-aluminium-sonnenenergie-scaled.jpg\"><img decoding=\"async\" src=\"https:\/\/www.leeb-balkone.com\/app\/uploads\/2022\/07\/solarcarport-alu-pv-solar-carport-holzhaus-fassade-aluminium-sonnenenergie-scaled.jpg\" alt=\"Moderner Solar Doppel-Carport von Leeb in gelungener Symbiose mit rustikalem Haus\"><\/a><div class=\"tgs-desc\">Samostojni dvojni nadstre\u0161ek za avtomobile na son\u010dno energijo<\/div><\/div><div class=\"swiper-slide\"><a href=\"https:\/\/www.leeb-balkone.com\/app\/uploads\/2022\/07\/solarcarport-carport-solar-pv-module-aluminium-glas-ueberdachung-scaled.jpg\"><img decoding=\"async\" src=\"https:\/\/www.leeb-balkone.com\/app\/uploads\/2022\/07\/solarcarport-carport-solar-pv-module-aluminium-glas-ueberdachung-scaled.jpg\" alt=\"Solarcarport (Doppelcarport), Ansicht der Carport \u00dcberdachung mit PV Modulen von oben\"><\/a><div class=\"tgs-desc\">Nadstre\u0161ek za avtomobile na son\u010dno energijo (pogled od zgoraj)<\/div><\/div><\/div><div class=\"mainSliderPrev\"><\/div><div class=\"mainSliderNext\"><\/div><div class=\"main_slider_dots\"><\/div><\/div><div class=\"swiper thumbSlider\"><div class=\"swiper-wrapper wp-block-t3-carousel-wrapper\"><div class=\"swiper-slide\"><img decoding=\"async\" src=\"https:\/\/www.leeb-balkone.com\/app\/uploads\/2022\/07\/solar-carport-bei-der-hauseinfahrt-1024x765.jpg\" alt=\"Carport mit Solarpaneelen bei der Hauseinfahrt\" \/><\/div><div class=\"swiper-slide\"><img decoding=\"async\" src=\"https:\/\/www.leeb-balkone.com\/app\/uploads\/2022\/07\/solarcarport-alu-pv-solar-carport-holzhaus-fassade-aluminium-sonnenenergie-1024x686.jpg\" alt=\"Moderner Solar Doppel-Carport von Leeb in gelungener Symbiose mit rustikalem Haus\" \/><\/div><div class=\"swiper-slide\"><img decoding=\"async\" src=\"https:\/\/www.leeb-balkone.com\/app\/uploads\/2022\/07\/solarcarport-carport-solar-pv-module-aluminium-glas-ueberdachung-1024x683.jpg\" alt=\"Solarcarport (Doppelcarport), Ansicht der Carport \u00dcberdachung mit PV Modulen von oben\" \/><\/div><\/div><div class=\"thumbSliderPrev swiper-button-prev\"><\/div><div class=\"thumbSliderNext swiper-button-next\"><\/div><\/div><\/div><\/div>\n\n\n\n<div class=\"wp-block-column is-layout-flow wp-block-column-is-layout-flow\" style=\"flex-basis:33.33%\">\n<h2 class=\"wp-block-heading has-step-2-font-size\">Aluminijast nadstre\u0161ek za avtomobile z visoko u\u010dinkovitimi fotovoltai\u010dnimi moduli<\/h2>\n\n\n\n<p>Izkusite popolno kombinacijo sodobne za\u0161\u010dite vozila in trajnostnega pridobivanja energije z Leebovim solarnim nadstre\u0161kom za avtomobile. Inovativni sistem nadstre\u0161ka za avtomobile Leeb spremeni va\u0161 parkirni prostor v zmogljivo solarno polnilno postajo &#8211; za va\u0161 dom, va\u0161 elektri\u010dni avtomobil in okolje. <\/p>\n\n\n\n<ul class=\"wp-block-list is-style-checkmark-2\">\n<li>Najsodobnej\u0161i fotovoltai\u010dni moduli<\/li>\n\n\n\n<li>Robustna konstrukcija<\/li>\n\n\n\n<li>Elegantna zasnova<\/li>\n\n\n\n<li>Zasebna postaja za e-polnilnico<\/li>\n<\/ul>\n<\/div>\n<\/div>\n\n\n\n<div class=\"wp-block-group m-teaser o-grid u-md-1 is-layout-flow wp-block-group-is-layout-flow\" style=\"margin-top:0;padding-top:var(--wp--preset--spacing--xl-2-xl)\">\n<div class=\"wp-block-group u-g-10 u-g-s-2 is-layout-flow wp-block-group-is-layout-flow\" style=\"margin-top:0;margin-bottom:var(--wp--preset--spacing--s)\"><div class=\"wp-block-t3-tabs t3-tabs t3-tabs--centered\" data-uniqueid=\"tabs-8f57f258\" data-use-headings=\"false\" data-heading-level=\"h2\"><ul class=\"t3-tabs__list\" role=\"tablist\"><li role=\"presentation\"><button role=\"tab\" id=\"tabs-8f57f258-tab-0\" aria-controls=\"tabs-8f57f258-panel-0\" class=\"t3-tabs__tab-button t3-tabs__tab-button--active\" aria-selected=\"true\" tabindex=\"0\"><div class=\"t3-tabs__tab-button-inner\"><span class=\"t3-tabs__tab-title\">Struktura in zmogljivost<\/span><\/div><\/button><\/li><li role=\"presentation\"><button role=\"tab\" id=\"tabs-8f57f258-tab-1\" aria-controls=\"tabs-8f57f258-panel-1\" class=\"t3-tabs__tab-button\" aria-selected=\"false\" tabindex=\"-1\"><div class=\"t3-tabs__tab-button-inner\"><span class=\"t3-tabs__tab-title\">Posebne tehni\u010dne lastnosti<\/span><\/div><\/button><\/li><li role=\"presentation\"><button role=\"tab\" id=\"tabs-8f57f258-tab-2\" aria-controls=\"tabs-8f57f258-panel-2\" class=\"t3-tabs__tab-button\" aria-selected=\"false\" tabindex=\"-1\"><div class=\"t3-tabs__tab-button-inner\"><span class=\"t3-tabs__tab-title\">Funkcija in prednosti<\/span><\/div><\/button><\/li><\/ul><div class=\"t3-tabs__panels\"><div class=\"t3-tab__content t3-tabs__panel\" role=\"tabpanel\" id=\"tabs-8f57f258-panel-0\" aria-labelledby=\"tabs-8f57f258-tab-0\">\n<p>U\u017eivajte v najve\u010dji prilagodljivosti in udobju: z Leebovim solarnim nadstre\u0161kom ne le zanesljivo za\u0161\u010ditite svoje vozilo, temve\u010d hkrati proizvajate tudi lastno elektri\u010dno energijo &#8211; prilagojeno va\u0161im potrebam.<\/p>\n\n\n\n<ul class=\"wp-block-list\">\n<li>visokokakovostni fotonapetostni moduli, odporni na to\u010do (210 Wp ali 300 Wp na modul)<\/li>\n\n\n\n<li>Mo\u017ena je enojna ali dvojna nadstre\u0161nica (npr. 2,7 kWp ali 5,4 kWp skupne mo\u010di)<\/li>\n\n\n\n<li>Aluminijasta konstrukcija brez vzdr\u017eevanja s trajnim pra\u0161nim premazom<\/li>\n\n\n\n<li>Nevidno, notranje o\u017ei\u010denje<\/li>\n\n\n\n<li>Dostopni moduli za vzdr\u017eevalna dela<\/li>\n<\/ul>\n<\/div><div class=\"t3-tab__content t3-tabs__panel\" role=\"tabpanel\" id=\"tabs-8f57f258-panel-1\" aria-labelledby=\"tabs-8f57f258-tab-1\">\n<p>Zanesite se na preizku\u0161eno varnost in inovativno tehnologijo: nadstre\u0161ek Leeb Solar Carport navdu\u0161uje s premi\u0161ljeno zasnovo in vzdr\u017eljivimi materiali &#8211; za dolga leta brezskrbne uporabe.<\/p>\n\n\n\n<ul class=\"wp-block-list is-style-default\">\n<li>Vremensko odporna aluminijasta konstrukcija s patentiranim pra\u0161nim premazom ALU COMFORT PLUS\u00ae<\/li>\n\n\n\n<li>Stati\u010dno izra\u010dunan sistem, individualno prilagodljiv razli\u010dnim lastnostim in velikostim vozil<\/li>\n\n\n\n<li>Potrjena kakovost in celovita storitev od na\u010drtovanja do namestitve<\/li>\n\n\n\n<li>Moduli, oblikovani kot laminirano varnostno steklo (2 \u00d7 4 mm delno kaljeno steklo)<\/li>\n<\/ul>\n<\/div><div class=\"t3-tab__content t3-tabs__panel\" role=\"tabpanel\" id=\"tabs-8f57f258-panel-2\" aria-labelledby=\"tabs-8f57f258-tab-2\">\n<p>Koristi iz dneva v dan: va\u0161 solarni nadstre\u0161ek za avtomobile zagotavlja senco, vas \u0161\u010diti pred vremenskimi vplivi, poleg tega pa z okolju prijazno proizvodnjo energije zmanj\u0161uje va\u0161e stro\u0161ke elektri\u010dne energije.<\/p>\n\n\n\n<ul class=\"wp-block-list\">\n<li>Zanesljiva za\u0161\u010dita vozil pred de\u017ejem, snegom, to\u010do in UV sevanjem<\/li>\n\n\n\n<li>Proizvodnja okolju prijazne son\u010dne energije za lastno porabo ali napajanje v omre\u017eje<\/li>\n\n\n\n<li>Lahko se uporablja kot zasebna polnilna postaja za elektri\u010dna vozila<\/li>\n\n\n\n<li>Zmanj\u0161anje stro\u0161kov energije in izbolj\u0161anje oglji\u010dnega odtisa<\/li>\n\n\n\n<li>Pove\u010danje vrednosti nepremi\u010dnin s trajnostno arhitekturo<\/li>\n<\/ul>\n\n\n\n<div class=\"wp-block-cgb-t3-container-block none\" style=\"background-color:none\"><div class=\"grid-container\"><div class=\"grid-x\"><div class=\"cell small-12 medium-0 large-0\"><\/div><\/div><\/div><\/div>\n<\/div><\/div><\/div><\/div>\n<\/div>\n<\/section>\n\n<section class=\"wp-block-cover alignfull is-light katalog-cta\" style=\"margin-top:0;margin-bottom:0;padding-top:0;padding-right:0;padding-bottom:0;padding-left:0;min-height:100px;aspect-ratio:unset;\" id=\"beratungsanfrage\"><img loading=\"lazy\" decoding=\"async\" width=\"2560\" height=\"1707\" class=\"wp-block-cover__image-background wp-image-152954 size-full\" alt=\"Schauraum Leeb Tettnang Florian Keller\" src=\"https:\/\/www.leeb-balkone.com\/app\/uploads\/2025\/04\/Schauraum-Leeb-Tettnang-Florian-Keller-17-scaled.jpg\" style=\"object-position:41% 45%\" data-object-fit=\"cover\" data-object-position=\"41% 45%\" srcset=\"https:\/\/www.leeb-balkone.com\/app\/uploads\/2025\/04\/Schauraum-Leeb-Tettnang-Florian-Keller-17-scaled.jpg 2560w, https:\/\/www.leeb-balkone.com\/app\/uploads\/2025\/04\/Schauraum-Leeb-Tettnang-Florian-Keller-17-300x200.jpg 300w, https:\/\/www.leeb-balkone.com\/app\/uploads\/2025\/04\/Schauraum-Leeb-Tettnang-Florian-Keller-17-1024x683.jpg 1024w, https:\/\/www.leeb-balkone.com\/app\/uploads\/2025\/04\/Schauraum-Leeb-Tettnang-Florian-Keller-17-768x512.jpg 768w, https:\/\/www.leeb-balkone.com\/app\/uploads\/2025\/04\/Schauraum-Leeb-Tettnang-Florian-Keller-17-1536x1024.jpg 1536w, https:\/\/www.leeb-balkone.com\/app\/uploads\/2025\/04\/Schauraum-Leeb-Tettnang-Florian-Keller-17-2048x1366.jpg 2048w\" sizes=\"auto, (max-width: 2560px) 100vw, 2560px\" \/><span aria-hidden=\"true\" class=\"wp-block-cover__background has-primary-45-background-color has-background-dim-80 has-background-dim\"><\/span><div class=\"wp-block-cover__inner-container has-global-padding is-layout-constrained wp-container-core-cover-is-layout-f028c7bd wp-block-cover-is-layout-constrained\">\n<div class=\"wp-block-group is-layout-flow wp-block-group-is-layout-flow\" style=\"min-height:0px;margin-top:0;margin-bottom:0;padding-top:var(--wp--preset--spacing--2-xl);padding-bottom:var(--wp--preset--spacing--2-xl);padding-left:0\">\n<div class=\"wp-block-columns are-vertically-aligned-center is-layout-flex wp-container-core-columns-is-layout-0a4bbf16 wp-block-columns-is-layout-flex\" style=\"margin-top:0;margin-bottom:0\">\n<div class=\"wp-block-column is-vertically-aligned-center is-layout-flow wp-block-column-is-layout-flow\" style=\"flex-basis:66.66%\">\n<h2 class=\"wp-block-heading\">Zahtevajte sestanek za posvetovanje<\/h2>\n\n\n\n<p class=\"is-style-teaser\">Imate kak\u0161na vpra\u0161anja? Stopite v stik z nami in uporabite na\u0161 kontaktni obrazec. Zahtevajte osebno svetovanje zdaj &#8211; va\u0161a kontaktna oseba vam bo z veseljem nudila individualno podporo pri na\u010drtovanju in izvedbi va\u0161ega projekta!  <\/p>\n<\/div>\n\n\n\n<div class=\"wp-block-column is-vertically-aligned-center is-layout-flow wp-block-column-is-layout-flow\" style=\"flex-basis:33.33%\">\n<div class=\"wp-block-buttons u-m-jc-left is-content-justification-right is-layout-flex wp-container-core-buttons-is-layout-c060c6c7 wp-block-buttons-is-layout-flex\">\n<div class=\"wp-block-button is-style-filled-white large smooth-scroll\"><a class=\"wp-block-button__link wp-element-button\" href=\"#beratungstermin\" style=\"box-shadow:var(--wp--preset--shadow--button-shadow)\">Zahteva za svetovanje<\/a><\/div>\n<\/div>\n<\/div>\n<\/div>\n<\/div>\n<\/div><\/section>\n\n<section class=\"wp-block-group alignfull has-light-gray-background-color has-background has-global-padding is-layout-constrained wp-container-core-group-is-layout-52f96efc wp-block-group-is-layout-constrained\" id=\"service-qualitaet\">\n<div class=\"wp-block-group o-grid u-md-1 is-layout-flow wp-block-group-is-layout-flow\">\n<div class=\"wp-block-group u-g-9 u-g-s-2 is-layout-flow wp-block-group-is-layout-flow\" style=\"margin-bottom:var(--wp--preset--spacing--s)\">\n<h2 class=\"wp-block-heading\"><strong>Leeb Solar Carport<\/strong><\/h2>\n\n\n\n<p><span class=\"teaser\">Solarni nadstre\u0161ek za avtomobile podjetja Leeb je idealna re\u0161itev za zanesljivo za\u0161\u010dito va\u0161ega vozila pred vremenskimi vplivi in hkrati za pridobivanje trajnostne energije neposredno na va\u0161em zemlji\u0161\u010du.  <\/span><\/p>\n\n\n\n<p>Z Leebovim solarnim nadstre\u0161kom dobite trajno, prilagodljivo in varno re\u0161itev &#8211; od na\u010drtovanja do namestitve iz enega samega vira.<\/p>\n<\/div>\n<\/div>\n\n\n\n<div class=\"wp-block-group small is-style-white-cards sm-2-cols is-layout-grid wp-container-core-group-is-layout-7785d981 wp-block-group-is-layout-grid\">\n<div class=\"wp-block-group m-card has-modal is-layout-flow wp-container-core-group-is-layout-8a368f38 wp-block-group-is-layout-flow\" data-modal-id=\"150960\">\n<figure class=\"wp-block-image size-full\"><img loading=\"lazy\" decoding=\"async\" width=\"2560\" height=\"1707\" src=\"https:\/\/www.leeb-balkone.com\/app\/uploads\/2020\/07\/solarbalkon-optimus-innenansicht-der-pv-paneele-scaled.jpg\" alt=\"solarbalkon optimus innenansicht der pv paneele\" class=\"wp-image-141781\" srcset=\"https:\/\/www.leeb-balkone.com\/app\/uploads\/2020\/07\/solarbalkon-optimus-innenansicht-der-pv-paneele-scaled.jpg 2560w, https:\/\/www.leeb-balkone.com\/app\/uploads\/2020\/07\/solarbalkon-optimus-innenansicht-der-pv-paneele-300x200.jpg 300w, https:\/\/www.leeb-balkone.com\/app\/uploads\/2020\/07\/solarbalkon-optimus-innenansicht-der-pv-paneele-1024x683.jpg 1024w, https:\/\/www.leeb-balkone.com\/app\/uploads\/2020\/07\/solarbalkon-optimus-innenansicht-der-pv-paneele-768x512.jpg 768w, https:\/\/www.leeb-balkone.com\/app\/uploads\/2020\/07\/solarbalkon-optimus-innenansicht-der-pv-paneele-1536x1024.jpg 1536w, https:\/\/www.leeb-balkone.com\/app\/uploads\/2020\/07\/solarbalkon-optimus-innenansicht-der-pv-paneele-2048x1366.jpg 2048w\" sizes=\"auto, (max-width: 2560px) 100vw, 2560px\" \/><\/figure>\n\n\n\n<div class=\"wp-block-group m-card-content has-white-background-color has-background is-vertical is-layout-flex wp-container-core-group-is-layout-5580f018 wp-block-group-is-layout-flex\">\n<h3 class=\"wp-block-heading\"><strong>Solarne re\u0161itve za ograje in strehe<\/strong><\/h3>\n\n\n\n<p>Popolnoma integrirani, visoko u\u010dinkoviti PV-moduli v na\u0161ih solarnih izdelkih.<\/p>\n<\/div>\n<a href=\"#overlay-150960\" class=\"open-modal-link\" aria-label=\"Open modal\"><span class=\"sr-only\">\u00d6ffne Modal<\/span><\/a><\/div>\n\n\n\n<div class=\"wp-block-group m-card has-modal is-layout-flow wp-container-core-group-is-layout-8a368f38 wp-block-group-is-layout-flow\" data-modal-id=\"150749\">\n<figure class=\"wp-block-image size-large is-style-default\"><img loading=\"lazy\" decoding=\"async\" width=\"1024\" height=\"767\" src=\"https:\/\/www.leeb-balkone.com\/app\/uploads\/2020\/08\/leeb-balkone-mitarbeiter-4-1024x767.jpeg\" alt=\"Namestitev prilagojene balkonske ograje iz aluminija Leeb\" class=\"wp-image-6083\" srcset=\"https:\/\/www.leeb-balkone.com\/app\/uploads\/2020\/08\/leeb-balkone-mitarbeiter-4-1024x767.jpeg 1024w, https:\/\/www.leeb-balkone.com\/app\/uploads\/2020\/08\/leeb-balkone-mitarbeiter-4-2048x1535.jpeg 2048w, https:\/\/www.leeb-balkone.com\/app\/uploads\/2020\/08\/leeb-balkone-mitarbeiter-4-300x225.jpeg 300w, https:\/\/www.leeb-balkone.com\/app\/uploads\/2020\/08\/leeb-balkone-mitarbeiter-4-768x575.jpeg 768w, https:\/\/www.leeb-balkone.com\/app\/uploads\/2020\/08\/leeb-balkone-mitarbeiter-4-1536x1151.jpeg 1536w\" sizes=\"auto, (max-width: 1024px) 100vw, 1024px\" \/><\/figure>\n\n\n\n<div class=\"wp-block-group m-card-content has-white-background-color has-background is-vertical is-layout-flex wp-container-core-group-is-layout-5580f018 wp-block-group-is-layout-flex\">\n<h3 class=\"wp-block-heading\">Vsestranska storitev za brezskrbno realizacijo!<\/h3>\n\n\n\n<p>Svetovanje na kraju samem, 3D konfigurator, tovarni\u0161ka proizvodnja, dobava in monta\u017ea.<\/p>\n<\/div>\n<a href=\"#overlay-150749\" class=\"open-modal-link\" aria-label=\"Open modal\"><span class=\"sr-only\">\u00d6ffne Modal<\/span><\/a><\/div>\n\n\n\n<div class=\"wp-block-group m-card has-modal is-layout-flow wp-container-core-group-is-layout-8a368f38 wp-block-group-is-layout-flow\" data-modal-id=\"150746\">\n<figure class=\"wp-block-image size-full\"><img loading=\"lazy\" decoding=\"async\" width=\"2048\" height=\"1366\" src=\"https:\/\/www.leeb-balkone.com\/app\/uploads\/2022\/05\/glas-bearbeitung-zuschnitt--scaled.jpg\" alt=\"glas bearbeitung zuschnitt \" class=\"wp-image-83644\" srcset=\"https:\/\/www.leeb-balkone.com\/app\/uploads\/2022\/05\/glas-bearbeitung-zuschnitt--scaled.jpg 2048w, https:\/\/www.leeb-balkone.com\/app\/uploads\/2022\/05\/glas-bearbeitung-zuschnitt--300x200.jpg 300w, https:\/\/www.leeb-balkone.com\/app\/uploads\/2022\/05\/glas-bearbeitung-zuschnitt--1024x683.jpg 1024w, https:\/\/www.leeb-balkone.com\/app\/uploads\/2022\/05\/glas-bearbeitung-zuschnitt--768x512.jpg 768w, https:\/\/www.leeb-balkone.com\/app\/uploads\/2022\/05\/glas-bearbeitung-zuschnitt--1536x1024.jpg 1536w\" sizes=\"auto, (max-width: 2048px) 100vw, 2048px\" \/><\/figure>\n\n\n\n<div class=\"wp-block-group m-card-content has-white-background-color has-background is-vertical is-layout-flex wp-container-core-group-is-layout-5580f018 wp-block-group-is-layout-flex\">\n<h3 class=\"wp-block-heading\"><strong>Laminirano varnostno steklo vrhunske kakovosti<\/strong><\/h3>\n\n\n\n<p>Preizku\u0161ena varnost, inovativne zasnove in dolgotrajna kakovost po meri s podjetjem Leeb Glas.<\/p>\n<\/div>\n<a href=\"#overlay-150746\" class=\"open-modal-link\" aria-label=\"Open modal\"><span class=\"sr-only\">\u00d6ffne Modal<\/span><\/a><\/div>\n\n\n\n<div class=\"wp-block-group m-card has-modal is-layout-flow wp-container-core-group-is-layout-8a368f38 wp-block-group-is-layout-flow\" data-modal-id=\"150753\">\n<figure class=\"wp-block-image size-large\"><img loading=\"lazy\" decoding=\"async\" width=\"1024\" height=\"665\" src=\"https:\/\/www.leeb-balkone.com\/app\/uploads\/2020\/08\/alu-comfort-plus-1024x665.jpg\" alt=\"alu comfort plus\" class=\"wp-image-5082\" srcset=\"https:\/\/www.leeb-balkone.com\/app\/uploads\/2020\/08\/alu-comfort-plus-1024x665.jpg 1024w, https:\/\/www.leeb-balkone.com\/app\/uploads\/2020\/08\/alu-comfort-plus-300x195.jpg 300w, https:\/\/www.leeb-balkone.com\/app\/uploads\/2020\/08\/alu-comfort-plus-768x499.jpg 768w, https:\/\/www.leeb-balkone.com\/app\/uploads\/2020\/08\/alu-comfort-plus-1536x997.jpg 1536w, https:\/\/www.leeb-balkone.com\/app\/uploads\/2020\/08\/alu-comfort-plus-2048x1330.jpg 2048w\" sizes=\"auto, (max-width: 1024px) 100vw, 1024px\" \/><\/figure>\n\n\n\n<div class=\"wp-block-group m-card-content has-white-background-color has-background is-vertical is-layout-flex wp-container-core-group-is-layout-5580f018 wp-block-group-is-layout-flex\">\n<h3 class=\"wp-block-heading\">Dolgoro\u010dna za\u0161\u010dita z ALU Comfort Plus\u00ae<\/h3>\n\n\n\n<p>Patentiran premaz in obdelava aluminija na najvi\u0161ji ravni.<\/p>\n<\/div>\n<a href=\"#overlay-150753\" class=\"open-modal-link\" aria-label=\"Open modal\"><span class=\"sr-only\">\u00d6ffne Modal<\/span><\/a><\/div>\n<\/div>\n\n\n\n<div class=\"wp-block-group o-grid u-md-1 is-layout-flow wp-block-group-is-layout-flow\" style=\"padding-top:var(--wp--preset--spacing--l)\">\n<div class=\"wp-block-group u-g-9 u-g-s-2 is-layout-flow wp-block-group-is-layout-flow\" style=\"margin-bottom:var(--wp--preset--spacing--s)\">\n<h3 class=\"wp-block-heading\">Prednosti na prvi pogled<\/h3>\n\n\n\n<p>Solarne re\u0161itve Leeb so inovativni, visokokakovostni in vsestranski sistemi za trajnostno pridobivanje energije, ki zdru\u017eujejo sodoben dizajn in maksimalno funkcionalnost.<\/p>\n\n\n\n<ul class=\"wp-block-list is-style-checkmark-2\">\n<li><strong>Najsodobnej\u0161i fotovoltai\u010dni moduli<\/strong>: Najnovej\u0161a generacija solarnih panelov zagotavlja do 5,4 kWp (18 \u00d7 300 Wp) za dvojno nadstre\u0161nico in 2,7 kWp (9 \u00d7 300 Wp) za enojno nadstre\u0161nico. Tako lahko zanesljivo proizvajate zeleno elektri\u010dno energijo kar na doma\u010dem pragu. <\/li>\n\n\n\n<li><strong>Robustna konstrukcija<\/strong>: Fotovoltai\u010dni moduli so odporni proti to\u010di, dostopni in vgrajeni v visokokakovostno aluminijasto nadstre\u0161nico. Patentiran pra\u0161ni premaz ALU COMFORT PLUS\u00ae zagotavlja najve\u010djo odpornost na vremenske vplive in trajnost. <\/li>\n\n\n\n<li><strong>Zasebna e-polnilnica<\/strong>: To je prava prednost doma za ve\u010djo neodvisnost in ni\u017eje stro\u0161ke elektri\u010dne energije.<\/li>\n\n\n\n<li><strong>Vsestranske storitve<\/strong>: Leeb vas podpira s certificirano kakovostjo in partnersko mre\u017eo po vsej Evropi, od na\u010drtovanja po meri do strokovne namestitve.<\/li>\n\n\n\n<li><strong>Trajnostna dodana vrednost<\/strong>: s solarnim nadstre\u0161kom za avtomobile ne pove\u010date le vrednosti svoje nepremi\u010dnine, temve\u010d tudi aktivno prispevate k varstvu podnebja.<\/li>\n<\/ul>\n<\/div>\n<\/div>\n<\/section>\n\n<section class=\"wp-block-cover alignfull is-light katalog-cta\" style=\"margin-top:0;margin-bottom:0;padding-top:0;padding-right:0;padding-bottom:0;padding-left:0;min-height:100px;aspect-ratio:unset;\"><img loading=\"lazy\" decoding=\"async\" width=\"1920\" height=\"599\" class=\"wp-block-cover__image-background wp-image-7912 size-full\" alt=\"leeb balkone katalog anfordern\" src=\"https:\/\/www.leeb-balkone.com\/app\/uploads\/2020\/09\/leeb-balkone-katalog-anfordern-1.jpeg\" data-object-fit=\"cover\" srcset=\"https:\/\/www.leeb-balkone.com\/app\/uploads\/2020\/09\/leeb-balkone-katalog-anfordern-1-300x94.jpeg 300w, https:\/\/www.leeb-balkone.com\/app\/uploads\/2020\/09\/leeb-balkone-katalog-anfordern-1-1024x319.jpeg 1024w, https:\/\/www.leeb-balkone.com\/app\/uploads\/2020\/09\/leeb-balkone-katalog-anfordern-1-768x240.jpeg 768w, https:\/\/www.leeb-balkone.com\/app\/uploads\/2020\/09\/leeb-balkone-katalog-anfordern-1-1536x479.jpeg 1536w\" sizes=\"auto, (max-width: 1920px) 100vw, 1920px\" \/><span aria-hidden=\"true\" class=\"wp-block-cover__background has-primary-45-background-color has-background-dim-80 has-background-dim\"><\/span><div class=\"wp-block-cover__inner-container has-global-padding is-layout-constrained wp-container-core-cover-is-layout-fc5783d2 wp-block-cover-is-layout-constrained\">\n<div class=\"wp-block-group is-layout-flow wp-block-group-is-layout-flow\" style=\"min-height:0px;margin-top:0;margin-bottom:0;padding-top:var(--wp--preset--spacing--2-xl);padding-bottom:var(--wp--preset--spacing--2-xl);padding-left:0\">\n<div class=\"wp-block-columns are-vertically-aligned-center is-layout-flex wp-container-core-columns-is-layout-0a4bbf16 wp-block-columns-is-layout-flex\" style=\"margin-top:0;margin-bottom:0\">\n<div class=\"wp-block-column is-vertically-aligned-center is-layout-flow wp-block-column-is-layout-flow\" style=\"flex-basis:66.66%\">\n<h2 class=\"wp-block-heading\">Son\u010dni nadstre\u0161ek v katalogu<\/h2>\n\n\n\n<p class=\"is-style-teaser\"><span class=\"teaser\">Izvedite ve\u010d o na\u0161ih solarnih sistemih, materialih in tehni\u010dnih podrobnostih. V na\u0161i iz\u010drpni bro\u0161uri o izdelkih boste na enem mestu na\u0161li vse potrebne informacije. <\/span><\/p>\n<\/div>\n\n\n\n<div class=\"wp-block-column is-vertically-aligned-center is-layout-flow wp-block-column-is-layout-flow\" style=\"flex-basis:33.33%\">\n<div class=\"wp-block-buttons u-m-jc-left is-content-justification-right is-layout-flex wp-container-core-buttons-is-layout-c060c6c7 wp-block-buttons-is-layout-flex\">\n<div class=\"wp-block-button is-style-filled-white large\"><a class=\"wp-block-button__link wp-element-button\" href=\"https:\/\/www.leeb-balkone.com\/sl\/kontakt\/zahtevajte-katalog\/\" style=\"box-shadow:var(--wp--preset--shadow--button-shadow)\">Naro\u010dite katalog zdaj<\/a><\/div>\n<\/div>\n<\/div>\n<\/div>\n<\/div>\n<\/div><\/section>\n\n<section class=\"wp-block-group alignfull has-white-background-color has-background has-global-padding is-layout-constrained wp-container-core-group-is-layout-52f96efc wp-block-group-is-layout-constrained\">\n<div class=\"wp-block-group o-grid u-md-1 is-layout-flow wp-block-group-is-layout-flow\" style=\"padding-top:0\">\n<div class=\"wp-block-group u-g-9 u-g-s-2 is-layout-flow wp-block-group-is-layout-flow\" style=\"margin-bottom:var(--wp--preset--spacing--s)\">\n<h2 class=\"wp-block-heading\">Zakaj solarni nadstre\u0161ek za avtomobile Leeb?<\/h2>\n\n\n\n<p class=\"is-style-teaser\"><span class=\"teaser\">Z Leebovim solarnim nadstre\u0161kom lahko za\u0161\u010ditite svoj avtomobil in hkrati proizvajate okolju prijazno elektri\u010dno energijo &#8211; je u\u010dinkovit, vzdr\u017eljiv in prilagojen.<\/span><\/p>\n<\/div>\n<\/div>\n\n\n\n<div class=\"wp-block-group is-layout-flow wp-container-core-group-is-layout-d5075d26 wp-block-group-is-layout-flow\">\n<div class=\"wp-block-columns is-style-shadow m-split is-layout-flex wp-container-core-columns-is-layout-28f84493 wp-block-columns-is-layout-flex\">\n<div class=\"wp-block-column is-style-default is-layout-flow wp-block-column-is-layout-flow\">\n<figure class=\"wp-block-image size-large\"><img loading=\"lazy\" decoding=\"async\" width=\"1024\" height=\"765\" src=\"https:\/\/www.leeb-balkone.com\/app\/uploads\/2022\/07\/Carport_Doppel_Solar-01-1024x765.jpg\" alt=\"Son&#x10D;ni nadstre&#x161;ek s fotonapetostnimi moduli - Son&#x10D;ni sistem za nadstre&#x161;ek z Leebom\" class=\"wp-image-133800\" style=\"aspect-ratio:4\/3;object-fit:cover\" srcset=\"https:\/\/www.leeb-balkone.com\/app\/uploads\/2022\/07\/Carport_Doppel_Solar-01-1024x765.jpg 1024w, https:\/\/www.leeb-balkone.com\/app\/uploads\/2022\/07\/Carport_Doppel_Solar-01-300x224.jpg 300w, https:\/\/www.leeb-balkone.com\/app\/uploads\/2022\/07\/Carport_Doppel_Solar-01-768x574.jpg 768w, https:\/\/www.leeb-balkone.com\/app\/uploads\/2022\/07\/Carport_Doppel_Solar-01-1536x1147.jpg 1536w, https:\/\/www.leeb-balkone.com\/app\/uploads\/2022\/07\/Carport_Doppel_Solar-01-2048x1529.jpg 2048w\" sizes=\"auto, (max-width: 1024px) 100vw, 1024px\" \/><\/figure>\n<\/div>\n\n\n\n<div class=\"wp-block-column is-vertically-aligned-center is-style-overlay-content is-layout-flow wp-block-column-is-layout-flow\">\n<div class=\"wp-block-group is-vertical is-layout-flex wp-container-core-group-is-layout-6aed0e10 wp-block-group-is-layout-flex\">\n<h3 class=\"wp-block-heading\"><strong>Robustno, varno in u\u010dinkovito<\/strong><\/h3>\n\n\n\n<p><strong>Robustni fotovoltai\u010dni moduli<\/strong> so zasnovani tako, da prenesejo tudi ekstremne vremenske razmere, kot sta to\u010da in visoka obremenitev s snegom, ter so dostopni tudi za vzdr\u017eevalna dela. Zato zagotavljajo najve\u010djo varnost, dolgotrajno proizvodnjo energije in \u010dim manj\u0161e stro\u0161ke vzdr\u017eevanja &#8211; tudi pri intenzivni vsakodnevni uporabi. <strong>Visokokakovostni aluminijasti profili<\/strong> in natan\u010dna izdelava zagotavljajo izjemno stabilnost samega nadstre\u0161ka, tako da tudi mo\u010dni sunki vetra in velike obremenitve s snegom ne predstavljajo te\u017eav.    <\/p>\n\n\n<\/div>\n<\/div>\n<\/div>\n\n\n<\/div>\n<\/section>\n\n<section class=\"wp-block-group alignfull has-light-gray-background-color has-background has-global-padding is-layout-constrained wp-container-core-group-is-layout-52f96efc wp-block-group-is-layout-constrained\">\n<div class=\"wp-block-group o-grid u-md-1 is-layout-flow wp-block-group-is-layout-flow\" style=\"padding-top:0\">\n<div class=\"wp-block-group u-g-9 u-g-s-2 is-layout-flow wp-block-group-is-layout-flow\" style=\"margin-bottom:var(--wp--preset--spacing--s)\">\n<h2 class=\"wp-block-heading\">Pogosto zastavljena vpra\u0161anja<\/h2>\n\n\n\n<p class=\"is-style-teaser\" style=\"padding-bottom:var(--wp--preset--spacing--m)\">Imate splo\u0161na vpra\u0161anja o na\u0161ih nadstre\u0161kih? V na\u0161ih Pogosto zastavljenih vpra\u0161anjih boste na\u0161li kratke odgovore na pogosto zastavljena vpra\u0161anja o nadstre\u0161ku za avtomobile.<\/p>\n\n\n\n<div class=\"wp-block-t3-acc-accordion is-style-default\"><button id=\"accordion-749bbeca-cd9e-4ec5-92ed-72691b298b42-button\" class=\"accordion__button\" aria-expanded=\"false\" aria-controls=\"accordion-749bbeca-cd9e-4ec5-92ed-72691b298b42-panel\"><h3 data-accordion-title=\"true\" style=\"font-size:var(--step-1)\"><strong><strong>Was&nbsp;ist ein Solar&nbsp;Carport?<\/strong><\/strong><\/h3><\/button><div id=\"accordion-749bbeca-cd9e-4ec5-92ed-72691b298b42-panel\" class=\"accordion__panel\" role=\"region\" aria-labelledby=\"accordion-749bbeca-cd9e-4ec5-92ed-72691b298b42-button\">\n<p>Solarni nadstre\u0161ek je pokrito parkiri\u0161\u010de, katerega stre\u0161na povr\u0161ina je opremljena s fotonapetostnimi moduli. Tako je parkirano vozilo za\u0161\u010diteno pred vremenskimi vplivi, hkrati pa se son\u010dna energija pretvarja v elektriko. <\/p>\n\n\n\n<p>Pri Leebovem solarnem nadstre\u0161ku je ta zamisel \u0161e korak dlje: Fotovoltai\u010dni moduli so v celoti vgrajeni v visokokakovostno aluminijasto konstrukcijo s patentiranim pra\u0161nim premazom. Nadstre\u0161ek zanesljivo \u0161\u010diti va\u0161 avtomobil pred soncem, de\u017ejem in to\u010do, hkrati pa proizvaja do 5,4 kWp (dvojni nadstre\u0161ek) ali 2,7 kWp (enojni nadstre\u0161ek) elektri\u010dne energije, ki jo lahko uporabite neposredno za doma\u010de namene ali za polnjenje elektri\u010dnega avtomobila. Na\u010drtovanje, namestitev in servis so prilagojeni in jih izvajajo certificirani partnerji.  <\/p>\n<\/div><\/div>\n\n\n\n<div class=\"wp-block-t3-acc-accordion is-style-default\"><button id=\"accordion-eed0a3ef-b67b-4c07-99fb-5bf75cb521a7-button\" class=\"accordion__button\" aria-expanded=\"false\" aria-controls=\"accordion-eed0a3ef-b67b-4c07-99fb-5bf75cb521a7-panel\"><h3 data-accordion-title=\"true\" style=\"font-size:var(--step-1)\"><strong><strong><strong>Kak\u0161ne prednosti ponuja solarni nadstre\u0161ek?<\/strong><\/strong><\/strong><\/h3><\/button><div id=\"accordion-eed0a3ef-b67b-4c07-99fb-5bf75cb521a7-panel\" class=\"accordion__panel\" role=\"region\" aria-labelledby=\"accordion-eed0a3ef-b67b-4c07-99fb-5bf75cb521a7-button\">\n<p>Na splo\u0161no ima son\u010dni nadstre\u0161ek za avtomobile dve prednosti: Za\u0161\u010dita vozila pred vremenskimi vplivi in mo\u017enost, da sami proizvajate in uporabljate son\u010dno energijo &#8211; na primer za lastno porabo ali za polnjenje elektri\u010dnega avtomobila.<\/p>\n\n\n\n<p>Nadstre\u0161ek Leeb Solar Carport navdu\u0161uje tudi z visoko zmogljivimi, na to\u010do odpornimi in dostopnimi fotovoltai\u010dnimi moduli, ki so optimalno vgrajeni v konstrukcijo. Patentiran pra\u0161ni premaz ALU COMFORT PLUS\u00ae zagotavlja trajnost in odpornost na vremenske vplive. Proizvedena elektri\u010dna energija zmanj\u0161a va\u0161e stro\u0161ke za energijo in pove\u010da vrednost va\u0161e nepremi\u010dnine. Podjetje Leeb ponuja tudi celovito storitev od na\u010drtovanja po meri do strokovne namestitve.   <\/p>\n<\/div><\/div>\n\n\n\n<div class=\"wp-block-t3-acc-accordion is-style-default\"><button id=\"accordion-b775f53b-fd01-4d8f-a3ed-fa94fcddb10d-button\" class=\"accordion__button\" aria-expanded=\"false\" aria-controls=\"accordion-b775f53b-fd01-4d8f-a3ed-fa94fcddb10d-panel\"><h3 data-accordion-title=\"true\" style=\"font-size:var(--step-1)\"><strong><strong><strong><strong>Kako poteka namestitev?<\/strong><\/strong><\/strong><\/strong><\/h3><\/button><div id=\"accordion-b775f53b-fd01-4d8f-a3ed-fa94fcddb10d-panel\" class=\"accordion__panel\" role=\"region\" aria-labelledby=\"accordion-b775f53b-fd01-4d8f-a3ed-fa94fcddb10d-button\">\n<p>Solarni nadstre\u0161ek za avtomobile obi\u010dajno namestijo specializirana podjetja, ki sestavijo in pove\u017eejo tako konstrukcijo kot fotovoltai\u010dni sistem. Za zagon fotovoltai\u010dnega sistema je obi\u010dajno potreben elektri\u010dar. <\/p>\n\n\n\n<p>Leeb s pomo\u010djo certificiranih strokovnih partnerjev poskrbi za celotno na\u010drtovanje in namestitev. Fotovoltai\u010dni moduli so v celoti integrirani, kabli pa so optimalno za\u0161\u010diteni. V ospredju je prilagojena prilagoditev va\u0161im \u017eeljam in konstrukcijskim pogojem. Pri sistemih z mo\u010djo nad 800 Wp je zaradi izpolnjevanja vseh zakonskih zahtev obvezna uvedba v obratovanje s strani elektri\u010darja.   <\/p>\n<\/div><\/div>\n\n\n\n<div class=\"wp-block-t3-acc-accordion is-style-default\"><button id=\"accordion-924b7c85-a1ca-47b8-8357-2b4d125fa2d3-button\" class=\"accordion__button\" aria-expanded=\"false\" aria-controls=\"accordion-924b7c85-a1ca-47b8-8357-2b4d125fa2d3-panel\"><h3 data-accordion-title=\"true\" style=\"font-size:var(--step-1)\"><strong><strong><strong><strong><strong><strong>Kako vzdr\u017eljiv in nezahteven je solarni nadstre\u0161ek za avtomobile?<\/strong><\/strong><\/strong><\/strong><\/strong><\/strong><\/h3><\/button><div id=\"accordion-924b7c85-a1ca-47b8-8357-2b4d125fa2d3-panel\" class=\"accordion__panel\" role=\"region\" aria-labelledby=\"accordion-924b7c85-a1ca-47b8-8357-2b4d125fa2d3-button\">\n<p>Leeb se zana\u0161a na robustne PV-module, ki so odporni na to\u010do in so primerni za hojo, ter na aluminijasto konstrukcijo s patentiranim pra\u0161nim premazom, ki zagotavlja maksimalno za\u0161\u010dito pred korozijo. \u017divljenjska doba modulov je vsaj 25 let, podjetje Leeb pa ponuja garancijo za fotovoltai\u010dne module in konstrukcijo do 25 let. Navpi\u010dna namestitev in gladke povr\u0161ine zagotavljajo, da se umazanija skorajda ne oprime, za \u010di\u0161\u010denje pa obi\u010dajno zadostuje de\u017e.  <\/p>\n<\/div><\/div>\n\n\n\n<div class=\"wp-block-t3-acc-accordion is-style-default\"><button id=\"accordion-d0e94413-0e10-4181-9da7-a497368c83c5-button\" class=\"accordion__button\" aria-expanded=\"false\" aria-controls=\"accordion-d0e94413-0e10-4181-9da7-a497368c83c5-panel\"><h3 data-accordion-title=\"true\" style=\"font-size:var(--step-1)\"><strong><strong><strong><strong><strong>Ali obstajajo subvencije za son\u010dne nadstre\u0161ke?<\/strong><\/strong><\/strong><\/strong><\/strong><\/h3><\/button><div id=\"accordion-d0e94413-0e10-4181-9da7-a497368c83c5-panel\" class=\"accordion__panel\" role=\"region\" aria-labelledby=\"accordion-d0e94413-0e10-4181-9da7-a497368c83c5-button\">\n<p>Solarni nadstre\u0161ek Leeb je na splo\u0161no upravi\u010den do subvencij, \u010de regionalni programi vklju\u010dujejo fotovoltai\u010dne sisteme ali solarne nadstre\u0161ke. \u0160tevilna mesta in ob\u010dine ponujajo subvencije za nakup. Priporo\u010dljivo je, da se pred nakupom pozanimate o aktualnih programih, ki jih ponujajo lokalne oblasti ali zvezne dr\u017eave, in preverite postopke prijave. Podjetje Leeb vam bo z veseljem pomagalo pri izbiri in prijavi za ustrezne subvencije.   <\/p>\n<\/div><\/div>\n\n\n\n<div class=\"wp-block-t3-acc-accordion is-style-default\"><button id=\"accordion-cfc361d1-dd7d-4c58-aa0c-5a6c75c9298e-button\" class=\"accordion__button\" aria-expanded=\"false\" aria-controls=\"accordion-cfc361d1-dd7d-4c58-aa0c-5a6c75c9298e-panel\"><h3 data-accordion-title=\"true\" style=\"font-size:var(--step-1)\"><strong><strong><strong><strong><strong><strong>Ali lahko son\u010dno energijo uporabljam neposredno za svoj elektri\u010dni avtomobil?<\/strong><\/strong><\/strong><\/strong><\/strong><\/strong><\/h3><\/button><div id=\"accordion-cfc361d1-dd7d-4c58-aa0c-5a6c75c9298e-panel\" class=\"accordion__panel\" role=\"region\" aria-labelledby=\"accordion-cfc361d1-dd7d-4c58-aa0c-5a6c75c9298e-button\">\n<p>S solarnim nadstre\u0161kom za avtomobile lahko proizvedeno elektri\u010dno energijo uporabljate neposredno v gospodinjstvu ali za polnjenje elektri\u010dnega vozila. Tako se nadstre\u0161ek za avtomobile spremeni v zasebno e-polnilnico. <\/p>\n\n\n\n<p>Pri Leebovem solarnem nadstre\u0161ku je osrednja zna\u010dilnost uporaba proizvedene son\u010dne energije za polnjenje elektri\u010dnega avtomobila. Fotonapetostni moduli zagotavljajo dovolj energije za oskrbo va\u0161ega vozila doma z zeleno elektri\u010dno energijo. Poleg tega lahko elektri\u010dno energijo uporabljate za lastno porabo v gospodinjstvu, kar dodatno zmanj\u0161a stro\u0161ke elektri\u010dne energije in pove\u010da va\u0161o neodvisnost od elektri\u010dnega omre\u017eja.  <\/p>\n<\/div><\/div>\n\n\n\n<div class=\"wp-block-t3-acc-accordion is-style-default\"><button id=\"accordion-b0a43641-0527-4477-bf49-fe6fe716ef51-button\" class=\"accordion__button\" aria-expanded=\"false\" aria-controls=\"accordion-b0a43641-0527-4477-bf49-fe6fe716ef51-panel\"><h3 data-accordion-title=\"true\" style=\"font-size:var(--step-1)\"><strong><strong><strong><strong><strong><strong><strong>Ali lahko nadgradim solarno nadstre\u0161nico?<\/strong><\/strong><\/strong><\/strong><\/strong><\/strong><\/strong><\/h3><\/button><div id=\"accordion-b0a43641-0527-4477-bf49-fe6fe716ef51-panel\" class=\"accordion__panel\" role=\"region\" aria-labelledby=\"accordion-b0a43641-0527-4477-bf49-fe6fe716ef51-button\">\n<p>Na\u010deloma je mogo\u010de obstoje\u010de nadstre\u0161ke za avtomobile naknadno opremiti s fotonapetostnimi moduli, \u010de so konstrukcijski pogoji ustrezni in statika ustrezna.<\/p>\n\n\n\n<p>Podjetje Leeb ponuja tudi mo\u017enost naknadnega opremljanja obstoje\u010dih nadstre\u0161kov s fotonapetostnimi moduli, \u010de je konstrukcija primerna. Prilagojeno na\u010drtovanje podjetja Leeb zagotavlja, da se nadgradnja izvede na najbolj\u0161i mo\u017eni tehni\u010dni in vizualni na\u010din. Nadstre\u0161ki Leeb so na voljo tudi brez solarnih modulov in jih je mogo\u010de dodati pozneje.  <\/p>\n<\/div><\/div>\n<\/div>\n<\/div>\n<\/section>\n\n<section class=\"wp-block-group alignfull has-white-background-color has-background has-global-padding is-layout-constrained wp-container-core-group-is-layout-52f96efc wp-block-group-is-layout-constrained\">\n<div class=\"wp-block-group o-grid u-md-1 is-layout-flow wp-block-group-is-layout-flow\" style=\"padding-top:0\">\n<div class=\"wp-block-group u-g-9 u-g-s-2 is-layout-flow wp-block-group-is-layout-flow\" style=\"margin-bottom:var(--wp--preset--spacing--m)\">\n<h2 class=\"wp-block-heading\">Vtisi solarnega nadstre\u0161ka<\/h2>\n\n\n\n<p><span class=\"teaser\"><span class=\"teaser\">Naj vas navdihnejo mo\u017enosti oblikovanja na\u0161ih solarnih nadstre\u0161kov za avtomobile.<\/span><\/span><\/p>\n<\/div>\n<\/div>\n\n\n    <div id=\"t3-lg-block-1\" class=\"wp-block-t3-lightgallery\" data-initial-count=\"9\">\n      <div class=\"lg-container u-grid-temp has-3-cols\">\n                  <div class=\"lg-item\" data-src=\"https:\/\/www.leeb-balkone.com\/app\/uploads\/2022\/07\/Solarcarport-mit-zwei-Autos-Ansicht-von-schraeg-unten-scaled.jpg\"\n              data-sub-html=\"&lt;p&gt;Ansicht eines Solarcarports mit zwei Autos von schr\u00e4g vorne&lt;\/p&gt;\">\n            <div class=\"img-wrapper\">\n                <figure>\n                    <img loading=\"lazy\" decoding=\"async\" width=\"300\" height=\"214\" src=\"https:\/\/www.leeb-balkone.com\/app\/uploads\/2022\/07\/Solarcarport-mit-zwei-Autos-Ansicht-von-schraeg-unten-300x214.jpg\" class=\"attachment-medium size-medium\" alt=\"Ansicht eines Solarcarports mit zwei Autos von schr\u00e4g vorne\" srcset=\"https:\/\/www.leeb-balkone.com\/app\/uploads\/2022\/07\/Solarcarport-mit-zwei-Autos-Ansicht-von-schraeg-unten-300x214.jpg 300w, https:\/\/www.leeb-balkone.com\/app\/uploads\/2022\/07\/Solarcarport-mit-zwei-Autos-Ansicht-von-schraeg-unten-1024x731.jpg 1024w, https:\/\/www.leeb-balkone.com\/app\/uploads\/2022\/07\/Solarcarport-mit-zwei-Autos-Ansicht-von-schraeg-unten-768x549.jpg 768w, https:\/\/www.leeb-balkone.com\/app\/uploads\/2022\/07\/Solarcarport-mit-zwei-Autos-Ansicht-von-schraeg-unten-1536x1097.jpg 1536w, https:\/\/www.leeb-balkone.com\/app\/uploads\/2022\/07\/Solarcarport-mit-zwei-Autos-Ansicht-von-schraeg-unten-2048x1463.jpg 2048w\" sizes=\"auto, (min-width: 1200px) 260px, (min-width: 1024px) 220px, (min-width: 640px) 465px, 768px\" \/>    \n                <\/figure>\n                        <\/div>\n            <p>Ansicht eines Solarcarports mit zwei Autos von schr\u00e4g vorne<\/p>        <\/div>\n                  <div class=\"lg-item\" data-src=\"https:\/\/www.leeb-balkone.com\/app\/uploads\/2022\/07\/solarcarport-alu-pv-solar-carport-holzhaus-fassade-aluminium-sonnenenergie-scaled.jpg\"\n              data-sub-html=\"&lt;p&gt;Samostojni dvojni nadstre\u0161ek za avtomobile na son\u010dno energijo&lt;\/p&gt;\">\n            <div class=\"img-wrapper\">\n                <figure>\n                    <img loading=\"lazy\" decoding=\"async\" width=\"300\" height=\"201\" src=\"https:\/\/www.leeb-balkone.com\/app\/uploads\/2022\/07\/solarcarport-alu-pv-solar-carport-holzhaus-fassade-aluminium-sonnenenergie-300x201.jpg\" class=\"attachment-medium size-medium\" alt=\"Moderner Solar Doppel-Carport von Leeb in gelungener Symbiose mit rustikalem Haus\" srcset=\"https:\/\/www.leeb-balkone.com\/app\/uploads\/2022\/07\/solarcarport-alu-pv-solar-carport-holzhaus-fassade-aluminium-sonnenenergie-300x201.jpg 300w, https:\/\/www.leeb-balkone.com\/app\/uploads\/2022\/07\/solarcarport-alu-pv-solar-carport-holzhaus-fassade-aluminium-sonnenenergie-1024x686.jpg 1024w, https:\/\/www.leeb-balkone.com\/app\/uploads\/2022\/07\/solarcarport-alu-pv-solar-carport-holzhaus-fassade-aluminium-sonnenenergie-768x515.jpg 768w, https:\/\/www.leeb-balkone.com\/app\/uploads\/2022\/07\/solarcarport-alu-pv-solar-carport-holzhaus-fassade-aluminium-sonnenenergie-1536x1029.jpg 1536w, https:\/\/www.leeb-balkone.com\/app\/uploads\/2022\/07\/solarcarport-alu-pv-solar-carport-holzhaus-fassade-aluminium-sonnenenergie-2048x1372.jpg 2048w\" sizes=\"auto, (min-width: 1200px) 260px, (min-width: 1024px) 220px, (min-width: 640px) 465px, 768px\" \/>    \n                <\/figure>\n                        <\/div>\n            <p>Samostojni dvojni nadstre\u0161ek za avtomobile na son\u010dno energijo<\/p>        <\/div>\n                  <div class=\"lg-item\" data-src=\"https:\/\/www.leeb-balkone.com\/app\/uploads\/2022\/07\/solarcarport-carport-solar-pv-module-aluminium-glas-ueberdachung-scaled.jpg\"\n              data-sub-html=\"&lt;p&gt;Nadstre\u0161ek za avtomobile na son\u010dno energijo (pogled od zgoraj)&lt;\/p&gt;\">\n            <div class=\"img-wrapper\">\n                <figure>\n                    <img loading=\"lazy\" decoding=\"async\" width=\"300\" height=\"200\" src=\"https:\/\/www.leeb-balkone.com\/app\/uploads\/2022\/07\/solarcarport-carport-solar-pv-module-aluminium-glas-ueberdachung-300x200.jpg\" class=\"attachment-medium size-medium\" alt=\"Solarcarport (Doppelcarport), Ansicht der Carport \u00dcberdachung mit PV Modulen von oben\" srcset=\"https:\/\/www.leeb-balkone.com\/app\/uploads\/2022\/07\/solarcarport-carport-solar-pv-module-aluminium-glas-ueberdachung-300x200.jpg 300w, https:\/\/www.leeb-balkone.com\/app\/uploads\/2022\/07\/solarcarport-carport-solar-pv-module-aluminium-glas-ueberdachung-1024x683.jpg 1024w, https:\/\/www.leeb-balkone.com\/app\/uploads\/2022\/07\/solarcarport-carport-solar-pv-module-aluminium-glas-ueberdachung-768x512.jpg 768w, https:\/\/www.leeb-balkone.com\/app\/uploads\/2022\/07\/solarcarport-carport-solar-pv-module-aluminium-glas-ueberdachung-1536x1024.jpg 1536w, https:\/\/www.leeb-balkone.com\/app\/uploads\/2022\/07\/solarcarport-carport-solar-pv-module-aluminium-glas-ueberdachung-2048x1365.jpg 2048w\" sizes=\"auto, (min-width: 1200px) 260px, (min-width: 1024px) 220px, (min-width: 640px) 465px, 768px\" \/>    \n                <\/figure>\n                        <\/div>\n            <p>Nadstre\u0161ek za avtomobile na son\u010dno energijo (pogled od zgoraj)<\/p>        <\/div>\n                  <div class=\"lg-item\" data-src=\"https:\/\/www.leeb-balkone.com\/app\/uploads\/2022\/07\/solarcarport-pv-ueberdachung-sonnenergie-photovoltaik-stellplatz-auto-scaled.jpg\"\n              data-sub-html=\"&lt;p&gt;Solar Carport f\u00fcr zwei Autos (Doppelcarport \u00dcberdachung mit PV Modulen)&lt;\/p&gt;\">\n            <div class=\"img-wrapper\">\n                <figure>\n                    <img loading=\"lazy\" decoding=\"async\" width=\"300\" height=\"200\" src=\"https:\/\/www.leeb-balkone.com\/app\/uploads\/2022\/07\/solarcarport-pv-ueberdachung-sonnenergie-photovoltaik-stellplatz-auto-300x200.jpg\" class=\"attachment-medium size-medium\" alt=\"Solar Carport f\u00fcr zwei Autos (Doppelcarport \u00dcberdachung mit PV Modulen)\" srcset=\"https:\/\/www.leeb-balkone.com\/app\/uploads\/2022\/07\/solarcarport-pv-ueberdachung-sonnenergie-photovoltaik-stellplatz-auto-300x200.jpg 300w, https:\/\/www.leeb-balkone.com\/app\/uploads\/2022\/07\/solarcarport-pv-ueberdachung-sonnenergie-photovoltaik-stellplatz-auto-1024x683.jpg 1024w, https:\/\/www.leeb-balkone.com\/app\/uploads\/2022\/07\/solarcarport-pv-ueberdachung-sonnenergie-photovoltaik-stellplatz-auto-768x512.jpg 768w, https:\/\/www.leeb-balkone.com\/app\/uploads\/2022\/07\/solarcarport-pv-ueberdachung-sonnenergie-photovoltaik-stellplatz-auto-1536x1024.jpg 1536w, https:\/\/www.leeb-balkone.com\/app\/uploads\/2022\/07\/solarcarport-pv-ueberdachung-sonnenergie-photovoltaik-stellplatz-auto-2048x1366.jpg 2048w\" sizes=\"auto, (min-width: 1200px) 260px, (min-width: 1024px) 220px, (min-width: 640px) 465px, 768px\" \/>    \n                <\/figure>\n                        <\/div>\n            <p>Solar Carport f\u00fcr zwei Autos (Doppelcarport \u00dcberdachung mit PV Modulen)<\/p>        <\/div>\n                  <div class=\"lg-item\" data-src=\"https:\/\/www.leeb-balkone.com\/app\/uploads\/2022\/07\/Carport_Doppel_Solar-01-scaled.jpg\"\n              data-sub-html=\"\">\n            <div class=\"img-wrapper\">\n                <figure>\n                    <img loading=\"lazy\" decoding=\"async\" width=\"300\" height=\"224\" src=\"https:\/\/www.leeb-balkone.com\/app\/uploads\/2022\/07\/Carport_Doppel_Solar-01-300x224.jpg\" class=\"attachment-medium size-medium\" alt=\"Solar Carport mit PV-Modulen - Carport Solaranlage mit Leeb\" srcset=\"https:\/\/www.leeb-balkone.com\/app\/uploads\/2022\/07\/Carport_Doppel_Solar-01-300x224.jpg 300w, https:\/\/www.leeb-balkone.com\/app\/uploads\/2022\/07\/Carport_Doppel_Solar-01-1024x765.jpg 1024w, https:\/\/www.leeb-balkone.com\/app\/uploads\/2022\/07\/Carport_Doppel_Solar-01-768x574.jpg 768w, https:\/\/www.leeb-balkone.com\/app\/uploads\/2022\/07\/Carport_Doppel_Solar-01-1536x1147.jpg 1536w, https:\/\/www.leeb-balkone.com\/app\/uploads\/2022\/07\/Carport_Doppel_Solar-01-2048x1529.jpg 2048w\" sizes=\"auto, (min-width: 1200px) 260px, (min-width: 1024px) 220px, (min-width: 640px) 465px, 768px\" \/>    \n                <\/figure>\n                        <\/div>\n                    <\/div>\n                  <div class=\"lg-item\" data-src=\"https:\/\/www.leeb-balkone.com\/app\/uploads\/2022\/07\/Carport_Doppel_Solar-03-1-scaled.jpg\"\n              data-sub-html=\"&lt;p&gt;Leeb Carport mit Solarmodulen&lt;\/p&gt;\">\n            <div class=\"img-wrapper\">\n                <figure>\n                    <img loading=\"lazy\" decoding=\"async\" width=\"300\" height=\"224\" src=\"https:\/\/www.leeb-balkone.com\/app\/uploads\/2022\/07\/Carport_Doppel_Solar-03-1-300x224.jpg\" class=\"attachment-medium size-medium\" alt=\"Leeb Carport mit Solarmodulen\" srcset=\"https:\/\/www.leeb-balkone.com\/app\/uploads\/2022\/07\/Carport_Doppel_Solar-03-1-300x224.jpg 300w, https:\/\/www.leeb-balkone.com\/app\/uploads\/2022\/07\/Carport_Doppel_Solar-03-1-1024x765.jpg 1024w, https:\/\/www.leeb-balkone.com\/app\/uploads\/2022\/07\/Carport_Doppel_Solar-03-1-768x574.jpg 768w, https:\/\/www.leeb-balkone.com\/app\/uploads\/2022\/07\/Carport_Doppel_Solar-03-1-1536x1147.jpg 1536w, https:\/\/www.leeb-balkone.com\/app\/uploads\/2022\/07\/Carport_Doppel_Solar-03-1-2048x1529.jpg 2048w\" sizes=\"auto, (min-width: 1200px) 260px, (min-width: 1024px) 220px, (min-width: 640px) 465px, 768px\" \/>    \n                <\/figure>\n                        <\/div>\n            <p>Leeb Carport mit Solarmodulen<\/p>        <\/div>\n                  <div class=\"lg-item\" data-src=\"https:\/\/www.leeb-balkone.com\/app\/uploads\/2022\/07\/Carport_Doppel_Solar-04-1-scaled.jpg\"\n              data-sub-html=\"&lt;p&gt;Doppelcarport Solar von Leeb&lt;\/p&gt;\">\n            <div class=\"img-wrapper\">\n                <figure>\n                    <img loading=\"lazy\" decoding=\"async\" width=\"300\" height=\"224\" src=\"https:\/\/www.leeb-balkone.com\/app\/uploads\/2022\/07\/Carport_Doppel_Solar-04-1-300x224.jpg\" class=\"attachment-medium size-medium\" alt=\"Doppelcarport Solar von Leeb\" srcset=\"https:\/\/www.leeb-balkone.com\/app\/uploads\/2022\/07\/Carport_Doppel_Solar-04-1-300x224.jpg 300w, https:\/\/www.leeb-balkone.com\/app\/uploads\/2022\/07\/Carport_Doppel_Solar-04-1-1024x765.jpg 1024w, https:\/\/www.leeb-balkone.com\/app\/uploads\/2022\/07\/Carport_Doppel_Solar-04-1-768x574.jpg 768w, https:\/\/www.leeb-balkone.com\/app\/uploads\/2022\/07\/Carport_Doppel_Solar-04-1-1536x1147.jpg 1536w, https:\/\/www.leeb-balkone.com\/app\/uploads\/2022\/07\/Carport_Doppel_Solar-04-1-2048x1529.jpg 2048w\" sizes=\"auto, (min-width: 1200px) 260px, (min-width: 1024px) 220px, (min-width: 640px) 465px, 768px\" \/>    \n                <\/figure>\n                        <\/div>\n            <p>Doppelcarport Solar von Leeb<\/p>        <\/div>\n                <\/div>\n\n          <\/div>\n    <\/section>\n\n<section class=\"wp-block-group alignfull has-white-background-color has-background has-global-padding is-layout-constrained wp-container-core-group-is-layout-9fa1424c wp-block-group-is-layout-constrained\" style=\"padding-top:0\">\n<div class=\"wp-block-columns is-style-offset m-split is-layout-flex wp-container-core-columns-is-layout-28f84493 wp-block-columns-is-layout-flex\">\n<div class=\"wp-block-column is-layout-flow wp-block-column-is-layout-flow\"><div class=\"vp-map-wrapper vp-map-ratio-19-1\"><img decoding=\"async\" width=\"1440\" height=\"884\" src=\"https:\/\/www.leeb-balkone.com\/app\/uploads\/2026\/04\/map-sl.jpg\" class=\"attachment-full size-full\" alt=\"map-sl\" style=\"width:100%;height:100%;object-fit:cover;display:block;\" loading=\"lazy\" srcset=\"https:\/\/www.leeb-balkone.com\/app\/uploads\/2026\/04\/map-sl.jpg 1440w, https:\/\/www.leeb-balkone.com\/app\/uploads\/2026\/04\/map-sl-300x184.jpg 300w, https:\/\/www.leeb-balkone.com\/app\/uploads\/2026\/04\/map-sl-1024x629.jpg 1024w, https:\/\/www.leeb-balkone.com\/app\/uploads\/2026\/04\/map-sl-768x471.jpg 768w\" sizes=\"auto, (min-width: 1536px) 2048px, (min-width: 992px) 1536px, (min-width: 768px) 1024px, (min-width: 576px) 768px, 100vw\" \/><\/div>\n<\/div>\n\n\n\n<div class=\"wp-block-column is-vertically-aligned-center is-style-overlay-content is-layout-flow wp-block-column-is-layout-flow\">\n<div class=\"wp-block-group is-vertical is-layout-flex wp-container-core-group-is-layout-bd7877ba wp-block-group-is-layout-flex\">\n<h2 class=\"wp-block-heading has-step-2-font-size\">Distributore Slovenia<\/h2>\n\n\n\n<p>Pristojni partnerji LEEB v va\u0161i regiji. Individualno svetovanje, natan\u010dno na\u010drtovanje in strokovna namestitev &#8211; Slovenija. <\/p>\n\n\n\n<div class=\"wp-block-buttons is-layout-flex wp-block-buttons-is-layout-flex\" style=\"margin-top:var(--wp--preset--spacing--2-xs)\">\n<div class=\"wp-block-button is-style-cta\"><a class=\"wp-block-button__link has-transparent-background-color has-background wp-element-button\" href=\"https:\/\/www.leeb-balkone.com\/sl\/distribucijski-partnerji\/\">Poi\u0161\u010dite prodajnega partnerja<span class=\"sr-only\"> Distribucijski partner Leeb Balkone Slovenija<\/span><\/a><\/div>\n<\/div>\n<\/div>\n<\/div>\n<\/div>\n<\/section>\n\n<section class=\"wp-block-group alignfull has-light-gray-background-color has-background has-global-padding is-layout-constrained wp-container-core-group-is-layout-52f96efc wp-block-group-is-layout-constrained\" id=\"beratungstermin\">\n<div class=\"wp-block-group m-teaser o-grid u-md-1 is-layout-flow wp-block-group-is-layout-flow\">\n<div class=\"wp-block-group u-g-7 u-g-s-2 is-layout-flow wp-block-group-is-layout-flow\" style=\"margin-bottom:var(--wp--preset--spacing--s)\">\n<h2 class=\"wp-block-heading\">Stopite v stik z nami<\/h2>\n\n\n\n<p><strong><strong>Leebov partner je vedno v va\u0161i bli\u017eini z 80 partnerji v Avstriji, Nem\u010diji, Italiji, Franciji, \u0160vici in Sloveniji.<\/strong><\/strong><\/p>\n<\/div>\n<\/div>\n\n\n\n<div class=\"wp-block-group m-teaser o-grid u-md-1 is-layout-flow wp-block-group-is-layout-flow\">\n<div class=\"wp-block-group u-g-7 u-g-s-2 is-layout-flow wp-block-group-is-layout-flow\" style=\"margin-bottom:var(--wp--preset--spacing--s)\"><form action=\"https:\/\/www.leeb-balkone.com\/sl\/wp-json\/ws-form\/v1\/submit\" class=\"wsf-form wsf-form-canvas\" id=\"ws-form-1\" data-id=\"11\" data-instance-id=\"1\" method=\"POST\"><\/form>\n<\/div>\n\n\n\n<div class=\"wp-block-group u-g-3 u-g-s-9 is-layout-flow wp-block-group-is-layout-flow\"><div class=\"t3-sidebar-buttons wp-block-buttons is-layout-flex wp-block-buttons-is-layout-flex\"><div class=\"wp-block-button is-style-fill icon-book icon-left\">\n                        <a class=\"wp-block-button__link has-secondary-color has-white-background-color has-text-color has-background has-link-color wp-element-button\" href=\"https:\/\/www.leeb-balkone.com\/sl\/kontakt\/zahtevajte-katalog\/\" style=\"box-shadow:var(--wp--preset--shadow--box-shadow)\">Zahtevajte katalog<\/a>\n                    <\/div><\/div>\n<\/div>\n<\/div>\n<\/section>\n\n<p><\/p>\n","protected":false},"excerpt":{"rendered":"","protected":false},"author":4,"featured_media":0,"parent":155406,"menu_order":77,"comment_status":"closed","ping_status":"closed","template":"template-onepager.blade.php","meta":{"_acf_changed":false,"footnotes":"","_sage_theme_css":true,"_wp_block_core_css":true},"folder":[250],"class_list":["post-162906","page","type-page","status-publish","hentry"],"acf":[],"yoast_head":"<!-- This site is optimized with the Yoast SEO plugin v27.2 - https:\/\/yoast.com\/product\/yoast-seo-wordpress\/ -->\n<title>Son\u010dni nadstre\u0161ek za avtomobile - Leeb Balkone Slovenija<\/title>\n<meta name=\"description\" content=\"Leeb Solar Carport je inovativna re\u0161itev za nadstre\u0161ek za avto, opremljena z visokokakovostnimi fotovoltai\u010dnimi (PV) moduli, ki ne le \u0161\u010ditijo va\u0161e vozilo,\" \/>\n<meta name=\"robots\" content=\"index, follow, max-snippet:-1, max-image-preview:large, max-video-preview:-1\" \/>\n<meta property=\"og:locale\" content=\"sl_SI\" \/>\n<meta property=\"og:type\" content=\"article\" \/>\n<meta property=\"og:title\" content=\"Son\u010dni nadstre\u0161ek za avtomobile - Leeb Balkone\" \/>\n<meta property=\"og:description\" content=\"Leeb Solar Carport je inovativna re\u0161itev za nadstre\u0161ek za avto, opremljena z visokokakovostnimi fotovoltai\u010dnimi (PV) moduli, ki ne le \u0161\u010ditijo va\u0161e vozilo,\" \/>\n<meta property=\"og:url\" content=\"https:\/\/www.leeb-balkone.com\/sl\/solar\/soncni-nadstresek-za-avtomobile\/\" \/>\n<meta property=\"og:site_name\" content=\"Leeb Balkone\" \/>\n<meta property=\"article:publisher\" content=\"https:\/\/www.facebook.com\/balkone\/\" \/>\n<meta property=\"article:modified_time\" content=\"2026-01-13T13:31:16+00:00\" \/>\n<meta property=\"og:image\" content=\"https:\/\/www.leeb-balkone.com\/app\/uploads\/2022\/07\/Solarcarport-mit-zwei-Autos-Ansicht-von-schraeg-unten-1024x731.jpg\" \/>\n<meta name=\"twitter:card\" content=\"summary_large_image\" \/>\n<script type=\"application\/ld+json\" class=\"yoast-schema-graph\">{\"@context\":\"https:\/\/schema.org\",\"@graph\":[{\"@type\":\"WebPage\",\"@id\":\"https:\/\/www.leeb-balkone.com\/sl\/solar\/soncni-nadstresek-za-avtomobile\/\",\"url\":\"https:\/\/www.leeb-balkone.com\/sl\/solar\/soncni-nadstresek-za-avtomobile\/\",\"name\":\"Son\u010dni nadstre\u0161ek za avtomobile - Leeb Balkone\",\"isPartOf\":{\"@id\":\"https:\/\/www.leeb-balkone.com\/sl\/#website\"},\"primaryImageOfPage\":{\"@id\":\"https:\/\/www.leeb-balkone.com\/sl\/solar\/soncni-nadstresek-za-avtomobile\/#primaryimage\"},\"image\":{\"@id\":\"https:\/\/www.leeb-balkone.com\/sl\/solar\/soncni-nadstresek-za-avtomobile\/#primaryimage\"},\"thumbnailUrl\":\"https:\/\/www.leeb-balkone.com\/app\/uploads\/2022\/07\/Solarcarport-mit-zwei-Autos-Ansicht-von-schraeg-unten-1024x731.jpg\",\"datePublished\":\"2026-01-13T13:31:08+00:00\",\"dateModified\":\"2026-01-13T13:31:16+00:00\",\"description\":\"Leeb Solar Carport je inovativna re\u0161itev za nadstre\u0161ek za avto, opremljena z visokokakovostnimi fotovoltai\u010dnimi (PV) moduli, ki ne le \u0161\u010ditijo va\u0161e vozilo,\",\"breadcrumb\":{\"@id\":\"https:\/\/www.leeb-balkone.com\/sl\/solar\/soncni-nadstresek-za-avtomobile\/#breadcrumb\"},\"inLanguage\":\"sl-SI\",\"potentialAction\":[{\"@type\":\"ReadAction\",\"target\":[\"https:\/\/www.leeb-balkone.com\/sl\/solar\/soncni-nadstresek-za-avtomobile\/\"]}]},{\"@type\":\"ImageObject\",\"inLanguage\":\"sl-SI\",\"@id\":\"https:\/\/www.leeb-balkone.com\/sl\/solar\/soncni-nadstresek-za-avtomobile\/#primaryimage\",\"url\":\"https:\/\/www.leeb-balkone.com\/app\/uploads\/2022\/07\/Solarcarport-mit-zwei-Autos-Ansicht-von-schraeg-unten-1024x731.jpg\",\"contentUrl\":\"https:\/\/www.leeb-balkone.com\/app\/uploads\/2022\/07\/Solarcarport-mit-zwei-Autos-Ansicht-von-schraeg-unten-1024x731.jpg\"},{\"@type\":\"BreadcrumbList\",\"@id\":\"https:\/\/www.leeb-balkone.com\/sl\/solar\/soncni-nadstresek-za-avtomobile\/#breadcrumb\",\"itemListElement\":[{\"@type\":\"ListItem\",\"position\":1,\"name\":\"Home\",\"item\":\"https:\/\/www.leeb-balkone.com\/sl\/\"},{\"@type\":\"ListItem\",\"position\":2,\"name\":\"Son\u010dni izdelki\",\"item\":\"https:\/\/www.leeb-balkone.com\/sl\/solar\/\"},{\"@type\":\"ListItem\",\"position\":3,\"name\":\"Son\u010dni nadstre\u0161ek za avtomobile\"}]},{\"@type\":\"WebSite\",\"@id\":\"https:\/\/www.leeb-balkone.com\/sl\/#website\",\"url\":\"https:\/\/www.leeb-balkone.com\/sl\/\",\"name\":\"Leeb Balkone\",\"description\":\"Balkone und Z\u00e4une\",\"publisher\":{\"@id\":\"https:\/\/www.leeb-balkone.com\/sl\/#organization\"},\"potentialAction\":[{\"@type\":\"SearchAction\",\"target\":{\"@type\":\"EntryPoint\",\"urlTemplate\":\"https:\/\/www.leeb-balkone.com\/sl\/?s={search_term_string}\"},\"query-input\":{\"@type\":\"PropertyValueSpecification\",\"valueRequired\":true,\"valueName\":\"search_term_string\"}}],\"inLanguage\":\"sl-SI\"},{\"@type\":\"Organization\",\"@id\":\"https:\/\/www.leeb-balkone.com\/sl\/#organization\",\"name\":\"Leeb Balkone Gmbh\",\"url\":\"https:\/\/www.leeb-balkone.com\/sl\/\",\"logo\":{\"@type\":\"ImageObject\",\"inLanguage\":\"sl-SI\",\"@id\":\"https:\/\/www.leeb-balkone.com\/sl\/#\/schema\/logo\/image\/\",\"url\":\"https:\/\/www.leeb-balkone.com\/app\/uploads\/2020\/11\/leeb-logo.svg\",\"contentUrl\":\"https:\/\/www.leeb-balkone.com\/app\/uploads\/2020\/11\/leeb-logo.svg\",\"width\":741,\"height\":204,\"caption\":\"Leeb Balkone Gmbh\"},\"image\":{\"@id\":\"https:\/\/www.leeb-balkone.com\/sl\/#\/schema\/logo\/image\/\"},\"sameAs\":[\"https:\/\/www.facebook.com\/balkone\/\",\"https:\/\/www.trustedshops.at\/bewertung\/info_X4587CCF5833E31AFE0B11F47D86999F2.html\",\"https:\/\/www.trustedshops.de\/bewertung\/info_X7BA536A7A0BDC86D36C4718E4DCAEEEF.html\",\"https:\/\/www.google.com\/maps\/place\/?q=place_id:ChIJ5-zH19-IcEcR9HonWRTllHI\"]}]}<\/script>\n<!-- \/ Yoast SEO plugin. -->","yoast_head_json":{"title":"Son\u010dni nadstre\u0161ek za avtomobile - Leeb Balkone Slovenija","description":"Leeb Solar Carport je inovativna re\u0161itev za nadstre\u0161ek za avto, opremljena z visokokakovostnimi fotovoltai\u010dnimi (PV) moduli, ki ne le \u0161\u010ditijo va\u0161e vozilo,","robots":{"index":"index","follow":"follow","max-snippet":"max-snippet:-1","max-image-preview":"max-image-preview:large","max-video-preview":"max-video-preview:-1"},"og_locale":"sl_SI","og_type":"article","og_title":"Son\u010dni nadstre\u0161ek za avtomobile - Leeb Balkone","og_description":"Leeb Solar Carport je inovativna re\u0161itev za nadstre\u0161ek za avto, opremljena z visokokakovostnimi fotovoltai\u010dnimi (PV) moduli, ki ne le \u0161\u010ditijo va\u0161e vozilo,","og_url":"https:\/\/www.leeb-balkone.com\/sl\/solar\/soncni-nadstresek-za-avtomobile\/","og_site_name":"Leeb Balkone","article_publisher":"https:\/\/www.facebook.com\/balkone\/","article_modified_time":"2026-01-13T13:31:16+00:00","og_image":[{"url":"https:\/\/www.leeb-balkone.com\/app\/uploads\/2022\/07\/Solarcarport-mit-zwei-Autos-Ansicht-von-schraeg-unten-1024x731.jpg","type":"","width":"","height":""}],"twitter_card":"summary_large_image","schema":{"@context":"https:\/\/schema.org","@graph":[{"@type":"WebPage","@id":"https:\/\/www.leeb-balkone.com\/sl\/solar\/soncni-nadstresek-za-avtomobile\/","url":"https:\/\/www.leeb-balkone.com\/sl\/solar\/soncni-nadstresek-za-avtomobile\/","name":"Son\u010dni nadstre\u0161ek za avtomobile - Leeb Balkone","isPartOf":{"@id":"https:\/\/www.leeb-balkone.com\/sl\/#website"},"primaryImageOfPage":{"@id":"https:\/\/www.leeb-balkone.com\/sl\/solar\/soncni-nadstresek-za-avtomobile\/#primaryimage"},"image":{"@id":"https:\/\/www.leeb-balkone.com\/sl\/solar\/soncni-nadstresek-za-avtomobile\/#primaryimage"},"thumbnailUrl":"https:\/\/www.leeb-balkone.com\/app\/uploads\/2022\/07\/Solarcarport-mit-zwei-Autos-Ansicht-von-schraeg-unten-1024x731.jpg","datePublished":"2026-01-13T13:31:08+00:00","dateModified":"2026-01-13T13:31:16+00:00","description":"Leeb Solar Carport je inovativna re\u0161itev za nadstre\u0161ek za avto, opremljena z visokokakovostnimi fotovoltai\u010dnimi (PV) moduli, ki ne le \u0161\u010ditijo va\u0161e vozilo,","breadcrumb":{"@id":"https:\/\/www.leeb-balkone.com\/sl\/solar\/soncni-nadstresek-za-avtomobile\/#breadcrumb"},"inLanguage":"sl-SI","potentialAction":[{"@type":"ReadAction","target":["https:\/\/www.leeb-balkone.com\/sl\/solar\/soncni-nadstresek-za-avtomobile\/"]}]},{"@type":"ImageObject","inLanguage":"sl-SI","@id":"https:\/\/www.leeb-balkone.com\/sl\/solar\/soncni-nadstresek-za-avtomobile\/#primaryimage","url":"https:\/\/www.leeb-balkone.com\/app\/uploads\/2022\/07\/Solarcarport-mit-zwei-Autos-Ansicht-von-schraeg-unten-1024x731.jpg","contentUrl":"https:\/\/www.leeb-balkone.com\/app\/uploads\/2022\/07\/Solarcarport-mit-zwei-Autos-Ansicht-von-schraeg-unten-1024x731.jpg"},{"@type":"BreadcrumbList","@id":"https:\/\/www.leeb-balkone.com\/sl\/solar\/soncni-nadstresek-za-avtomobile\/#breadcrumb","itemListElement":[{"@type":"ListItem","position":1,"name":"Home","item":"https:\/\/www.leeb-balkone.com\/sl\/"},{"@type":"ListItem","position":2,"name":"Son\u010dni izdelki","item":"https:\/\/www.leeb-balkone.com\/sl\/solar\/"},{"@type":"ListItem","position":3,"name":"Son\u010dni nadstre\u0161ek za avtomobile"}]},{"@type":"WebSite","@id":"https:\/\/www.leeb-balkone.com\/sl\/#website","url":"https:\/\/www.leeb-balkone.com\/sl\/","name":"Leeb Balkone","description":"Balkone und Z\u00e4une","publisher":{"@id":"https:\/\/www.leeb-balkone.com\/sl\/#organization"},"potentialAction":[{"@type":"SearchAction","target":{"@type":"EntryPoint","urlTemplate":"https:\/\/www.leeb-balkone.com\/sl\/?s={search_term_string}"},"query-input":{"@type":"PropertyValueSpecification","valueRequired":true,"valueName":"search_term_string"}}],"inLanguage":"sl-SI"},{"@type":"Organization","@id":"https:\/\/www.leeb-balkone.com\/sl\/#organization","name":"Leeb Balkone Gmbh","url":"https:\/\/www.leeb-balkone.com\/sl\/","logo":{"@type":"ImageObject","inLanguage":"sl-SI","@id":"https:\/\/www.leeb-balkone.com\/sl\/#\/schema\/logo\/image\/","url":"https:\/\/www.leeb-balkone.com\/app\/uploads\/2020\/11\/leeb-logo.svg","contentUrl":"https:\/\/www.leeb-balkone.com\/app\/uploads\/2020\/11\/leeb-logo.svg","width":741,"height":204,"caption":"Leeb Balkone Gmbh"},"image":{"@id":"https:\/\/www.leeb-balkone.com\/sl\/#\/schema\/logo\/image\/"},"sameAs":["https:\/\/www.facebook.com\/balkone\/","https:\/\/www.trustedshops.at\/bewertung\/info_X4587CCF5833E31AFE0B11F47D86999F2.html","https:\/\/www.trustedshops.de\/bewertung\/info_X7BA536A7A0BDC86D36C4718E4DCAEEEF.html","https:\/\/www.google.com\/maps\/place\/?q=place_id:ChIJ5-zH19-IcEcR9HonWRTllHI"]}]}},"_links":{"self":[{"href":"https:\/\/www.leeb-balkone.com\/sl\/wp-json\/wp\/v2\/pages\/162906","targetHints":{"allow":["GET"]}}],"collection":[{"href":"https:\/\/www.leeb-balkone.com\/sl\/wp-json\/wp\/v2\/pages"}],"about":[{"href":"https:\/\/www.leeb-balkone.com\/sl\/wp-json\/wp\/v2\/types\/page"}],"author":[{"embeddable":true,"href":"https:\/\/www.leeb-balkone.com\/sl\/wp-json\/wp\/v2\/users\/4"}],"replies":[{"embeddable":true,"href":"https:\/\/www.leeb-balkone.com\/sl\/wp-json\/wp\/v2\/comments?post=162906"}],"version-history":[{"count":1,"href":"https:\/\/www.leeb-balkone.com\/sl\/wp-json\/wp\/v2\/pages\/162906\/revisions"}],"predecessor-version":[{"id":162907,"href":"https:\/\/www.leeb-balkone.com\/sl\/wp-json\/wp\/v2\/pages\/162906\/revisions\/162907"}],"up":[{"embeddable":true,"href":"https:\/\/www.leeb-balkone.com\/sl\/wp-json\/wp\/v2\/pages\/155406"}],"wp:attachment":[{"href":"https:\/\/www.leeb-balkone.com\/sl\/wp-json\/wp\/v2\/media?parent=162906"}],"wp:term":[{"taxonomy":"folder","embeddable":true,"href":"https:\/\/www.leeb-balkone.com\/sl\/wp-json\/wp\/v2\/folder?post=162906"}],"curies":[{"name":"wp","href":"https:\/\/api.w.org\/{rel}","templated":true}]}}