{"id":155439,"date":"2025-09-15T07:20:00","date_gmt":"2025-09-15T07:20:00","guid":{"rendered":"https:\/\/www.leeb-balkone.com\/de\/produkti\/steklene-balkonske-ograje\/"},"modified":"2025-09-16T14:22:36","modified_gmt":"2025-09-16T14:22:36","slug":"steklene-balkonske-ograje","status":"publish","type":"page","link":"https:\/\/www.leeb-balkone.com\/sl\/balkoni\/steklene-balkonske-ograje\/","title":{"rendered":"Steklene balkonske ograje"},"content":{"rendered":"\n<section class=\"wp-block-group alignfull t3-header t3-header-splitscreen t3-splitscreen-shadow h-zi-20 has-light-gray-background-color has-background has-global-padding is-layout-constrained wp-container-core-group-is-layout-f1ad4950 wp-block-group-is-layout-constrained\" style=\"padding-top:0;padding-bottom:0\">\n<div class=\"wp-block-columns h-flx-a-s m-split is-layout-flex wp-container-core-columns-is-layout-28f84493 wp-block-columns-is-layout-flex\">\n<div class=\"wp-block-column is-vertically-aligned-top h-flx-a-s m-split-col-content is-layout-flow wp-block-column-is-layout-flow\"><div class=\"yoast-breadcrumbs\"><span><span><a href=\"https:\/\/www.leeb-balkone.com\/sl\/\">Home<\/a><\/span> \/ <span><a href=\"https:\/\/www.leeb-balkone.com\/sl\/balkoni\/\">Balkoni<\/a><\/span> \/ <span class=\"breadcrumb_last\" aria-current=\"page\">Steklene balkonske ograje<\/span><\/span><\/div>\n\n<h1 class=\"wp-block-post-title\">Steklene balkonske ograje<\/h1>\n\n\n<p class=\"has-step-0-font-size\" style=\"margin-bottom:0\">Steklene balkonske ograje z visokokakovostnim laminiranim varnostnim steklom Leeb navdu\u0161ujejo z izjemno stabilnostjo in sodobnim videzom. Na voljo so v razli\u010dnih modelih kot elegantne steklene ograje, vsestranske aluminijaste balkonske ograje s steklom ali ograje s kombinirano stekleno\/aluminijasto polnitvijo.   <\/p>\n\n\n\n<div class=\"wp-block-buttons is-layout-flex wp-block-buttons-is-layout-flex\" style=\"margin-top:var(--wp--preset--spacing--l)\">\n<div class=\"wp-block-button is-style-cta icon-book icon-left\"><a class=\"wp-block-button__link wp-element-button\" href=\"https:\/\/www.leeb-balkone.com\/sl\/kontakt\/zahtevajte-katalog\/\">Zahtevajte katalog<\/a><\/div>\n\n\n\n<div class=\"wp-block-button is-style-cta icon-vp icon-left\"><a class=\"wp-block-button__link wp-element-button\" href=\"https:\/\/www.leeb-balkone.com\/sl\/distribucijski-partnerji\/\">Poi\u0161\u010dite kontaktno osebo<span class=\"sr-only\"> Slovenija<\/span><\/a><\/div>\n<\/div>\n<\/div>\n\n\n\n<div class=\"wp-block-column is-vertically-aligned-stretch h-hide-md-down is-style-image-cover is-layout-flow wp-block-column-is-layout-flow\">\n<figure class=\"wp-block-image size-large\"><img loading=\"lazy\" decoding=\"async\" width=\"1024\" height=\"682\" src=\"https:\/\/www.leeb-balkone.com\/app\/uploads\/2020\/07\/glas-balkongelaender-alu-design-vision-36-1024x682.jpg\" alt=\"glas balkongelaender alu design vision\" class=\"wp-image-132830\" srcset=\"https:\/\/www.leeb-balkone.com\/app\/uploads\/2020\/07\/glas-balkongelaender-alu-design-vision-36-1024x682.jpg 1024w, https:\/\/www.leeb-balkone.com\/app\/uploads\/2020\/07\/glas-balkongelaender-alu-design-vision-36-300x200.jpg 300w, https:\/\/www.leeb-balkone.com\/app\/uploads\/2020\/07\/glas-balkongelaender-alu-design-vision-36-768x512.jpg 768w, https:\/\/www.leeb-balkone.com\/app\/uploads\/2020\/07\/glas-balkongelaender-alu-design-vision-36-1536x1024.jpg 1536w, https:\/\/www.leeb-balkone.com\/app\/uploads\/2020\/07\/glas-balkongelaender-alu-design-vision-36-2048x1365.jpg 2048w\" sizes=\"auto, (max-width: 1024px) 100vw, 1024px\" \/><\/figure>\n<\/div>\n<\/div>\n<\/section>\n\n\n\n<section class=\"wp-block-group alignfull has-white-background-color has-background has-global-padding is-layout-constrained wp-container-core-group-is-layout-52f96efc wp-block-group-is-layout-constrained\" id=\"modelle\">\n<div class=\"wp-block-group m-teaser o-grid u-md-1 is-layout-flow wp-block-group-is-layout-flow\">\n<div class=\"wp-block-group u-g-10 u-g-s-2 is-layout-flow wp-block-group-is-layout-flow\" style=\"margin-bottom:var(--wp--preset--spacing--s)\">\n<h2 class=\"wp-block-heading has-text-align-center has-step-2-font-size\">Modeli<\/h2>\n\n\n\n<p class=\"has-text-align-center\">Oblikujte svojo osebno stekleno balkonsko ograjo v skladu s svojimi individualnimi \u017eeljami in idejami. Kliknite na razli\u010dne modele in poi\u0161\u010dite svoj sanjski balkon Leeb &#8211; va\u0161 osebni svetovalec Leeb bo z veseljem izpolnil va\u0161e \u017eelje! <\/p>\n<\/div>\n<\/div>\n\n\n<nav class=\"loop-filter-list\" aria-label=\"Filter\"><ul role=\"tablist\"><li role=\"presentation\"><button type=\"button\" role=\"tab\" aria-selected=\"true\" class=\"loop-filter-link is-active\" data-filter=\"all\">Prika\u017ei vse<\/button><\/li><\/ul><\/nav><div id=\"loop-block-69f5763db1965\" class=\"wp-block-group wp-block-t3-loop-block__wrapper t3-block-cards u-grid-temp has-3-cols is-style-transparent-cards gap-sm\" data-block-id=\"loop-block-69f5763db1965\" data-load-more=\"true\" data-load-more-enabled=\"true\" data-loaded=\"9\" data-total=\"15\" data-current-filter=\"all\" data-attributes=\"{&quot;postTypes&quot;:[&quot;product&quot;],&quot;postsPerPage&quot;:-1,&quot;categorySlugs&quot;:[&quot;alu-glas-sl&quot;],&quot;sortOption&quot;:&quot;sticky&quot;,&quot;orderOption&quot;:&quot;asc&quot;,&quot;orderingField&quot;:&quot;product_order&quot;,&quot;acfExcerptField&quot;:&quot;product_teaser&quot;,&quot;showFilter&quot;:true,&quot;filterChildren&quot;:true,&quot;limitVisible&quot;:true,&quot;className&quot;:&quot;is-style-transparent-cards gap-sm&quot;,&quot;columns&quot;:3,&quot;visibleCount&quot;:9,&quot;linkTitle&quot;:&quot;&quot;,&quot;showLinkStyle&quot;:false,&quot;enableSchema&quot;:false,&quot;enableAcfFields&quot;:false,&quot;acfImageField&quot;:&quot;&quot;,&quot;acfTextFields&quot;:&quot;&quot;,&quot;acfFieldsUseTemplate&quot;:false}\">\n<div id=\"post-18059\" class=\"loop-block-item wp-block-group m-card is-layout-flow wp-block-group-is-layout-flow alu-glas-sl aluminijasti-balkoni\">\n    <a href=\"https:\/\/www.leeb-balkone.com\/sl\/balkoni\/aluminijasti-balkoni\/vitro\/\" class=\"no-default-link\" title=\"ALU Design | Vitro\">\n        <figure data-imgid=\"16285\" class=\"wp-block-image size-large\">\n            <img loading=\"lazy\" decoding=\"async\" width=\"300\" height=\"200\" src=\"https:\/\/www.leeb-balkone.com\/app\/uploads\/2020\/07\/glas-balkongelaender-alu-design-vitro-ret-1-300x200.jpg\" class=\"attachment-medium size-medium\" alt=\"glas balkongelaender alu design vitro ret\" title=\"glas-balkongelaender-alu-design-vitro-ret-1\" srcset=\"https:\/\/www.leeb-balkone.com\/app\/uploads\/2020\/07\/glas-balkongelaender-alu-design-vitro-ret-1-300x200.jpg 300w, https:\/\/www.leeb-balkone.com\/app\/uploads\/2020\/07\/glas-balkongelaender-alu-design-vitro-ret-1-1024x684.jpg 1024w, https:\/\/www.leeb-balkone.com\/app\/uploads\/2020\/07\/glas-balkongelaender-alu-design-vitro-ret-1-768x513.jpg 768w, https:\/\/www.leeb-balkone.com\/app\/uploads\/2020\/07\/glas-balkongelaender-alu-design-vitro-ret-1-1536x1025.jpg 1536w, https:\/\/www.leeb-balkone.com\/app\/uploads\/2020\/07\/glas-balkongelaender-alu-design-vitro-ret-1-2048x1367.jpg 2048w\" sizes=\"auto, (min-width: 1200px) 260px, (min-width: 1024px) 220px, (min-width: 640px) 465px, 768px\" \/>                    <\/figure>\n        <div class=\"wp-block-group m-card-content is-vertical is-layout-flex wp-block-group-is-layout-flex\">\n            <h3 class=\"wp-block-heading\">\n                ALU Design | Vitro            <\/h3>\n                        <p>Balkon s steklenim polnilom v trdnem alu okvirju<\/p>        <\/div>\n            <\/a>\n<\/div>\n<div id=\"post-18051\" class=\"loop-block-item wp-block-group m-card is-layout-flow wp-block-group-is-layout-flow alu-glas-sl aluminijasti-balkoni\">\n    <a href=\"https:\/\/www.leeb-balkone.com\/sl\/balkoni\/aluminijasti-balkoni\/vision\/\" class=\"no-default-link\" title=\"ALU Design | Vision\">\n        <figure data-imgid=\"15945\" class=\"wp-block-image size-large\">\n            <img loading=\"lazy\" decoding=\"async\" width=\"300\" height=\"225\" src=\"https:\/\/www.leeb-balkone.com\/app\/uploads\/2020\/09\/glas-balkongelaender-alu-design-vision-31-2-300x225.jpg\" class=\"attachment-medium size-medium\" alt=\"glas balkongelaender alu design vision 31\" title=\"glas-balkongelaender-alu-design-vision-31-2\" srcset=\"https:\/\/www.leeb-balkone.com\/app\/uploads\/2020\/09\/glas-balkongelaender-alu-design-vision-31-2-300x225.jpg 300w, https:\/\/www.leeb-balkone.com\/app\/uploads\/2020\/09\/glas-balkongelaender-alu-design-vision-31-2-1024x767.jpg 1024w, https:\/\/www.leeb-balkone.com\/app\/uploads\/2020\/09\/glas-balkongelaender-alu-design-vision-31-2-768x575.jpg 768w, https:\/\/www.leeb-balkone.com\/app\/uploads\/2020\/09\/glas-balkongelaender-alu-design-vision-31-2-1536x1151.jpg 1536w, https:\/\/www.leeb-balkone.com\/app\/uploads\/2020\/09\/glas-balkongelaender-alu-design-vision-31-2-2048x1535.jpg 2048w\" sizes=\"auto, (min-width: 1200px) 260px, (min-width: 1024px) 220px, (min-width: 640px) 465px, 768px\" \/>                    <\/figure>\n        <div class=\"wp-block-group m-card-content is-vertical is-layout-flex wp-block-group-is-layout-flex\">\n            <h3 class=\"wp-block-heading\">\n                ALU Design | Vision            <\/h3>\n                        <p>Sodobna steklena ograja z alu dr\u017ealom<\/p>        <\/div>\n            <\/a>\n<\/div>\n<div id=\"post-18027\" class=\"loop-block-item wp-block-group m-card is-layout-flow wp-block-group-is-layout-flow alu-glas-sl aluminijasti-balkoni\">\n    <a href=\"https:\/\/www.leeb-balkone.com\/sl\/balkoni\/aluminijasti-balkoni\/palma\/\" class=\"no-default-link\" title=\"ALU Design | Palma\">\n        <figure data-imgid=\"20860\" class=\"wp-block-image size-large\">\n            <img loading=\"lazy\" decoding=\"async\" width=\"300\" height=\"225\" src=\"https:\/\/www.leeb-balkone.com\/app\/uploads\/2021\/01\/vorher-nachher-vergleich-alu-balkon-palma-2-300x225.jpg\" class=\"attachment-medium size-medium\" alt=\"vorher nachher vergleich alu balkon palma\" title=\"vorher-nachher-vergleich-alu-balkon-palma-2\" srcset=\"https:\/\/www.leeb-balkone.com\/app\/uploads\/2021\/01\/vorher-nachher-vergleich-alu-balkon-palma-2-300x225.jpg 300w, https:\/\/www.leeb-balkone.com\/app\/uploads\/2021\/01\/vorher-nachher-vergleich-alu-balkon-palma-2-1024x767.jpg 1024w, https:\/\/www.leeb-balkone.com\/app\/uploads\/2021\/01\/vorher-nachher-vergleich-alu-balkon-palma-2-768x575.jpg 768w, https:\/\/www.leeb-balkone.com\/app\/uploads\/2021\/01\/vorher-nachher-vergleich-alu-balkon-palma-2-1536x1151.jpg 1536w, https:\/\/www.leeb-balkone.com\/app\/uploads\/2021\/01\/vorher-nachher-vergleich-alu-balkon-palma-2-2048x1535.jpg 2048w\" sizes=\"auto, (min-width: 1200px) 260px, (min-width: 1024px) 220px, (min-width: 640px) 465px, 768px\" \/>                    <\/figure>\n        <div class=\"wp-block-group m-card-content is-vertical is-layout-flex wp-block-group-is-layout-flex\">\n            <h3 class=\"wp-block-heading\">\n                ALU Design | Palma            <\/h3>\n                        <p>Kreativni balkon s kombiniranim steklenim in aluminijastim polnilom<\/p>        <\/div>\n            <\/a>\n<\/div>\n<div id=\"post-18075\" class=\"loop-block-item wp-block-group m-card is-layout-flow wp-block-group-is-layout-flow alu-glas-sl alu-select-sl aluminijasti-balkoni select-balkone-alu\">\n    <a href=\"https:\/\/www.leeb-balkone.com\/sl\/balkoni\/aluminijasti-balkoni\/padova\/\" class=\"no-default-link\" title=\"ALU Select | Padova\">\n        <figure data-imgid=\"14201\" class=\"wp-block-image size-large\">\n            <img loading=\"lazy\" decoding=\"async\" width=\"300\" height=\"200\" src=\"https:\/\/www.leeb-balkone.com\/app\/uploads\/2020\/07\/balkon-alu-select-padova-2-300x200.jpg\" class=\"attachment-medium size-medium\" alt=\"balkon alu select padova\" title=\"glas-balkongelaender-alu-select-padova-8\" srcset=\"https:\/\/www.leeb-balkone.com\/app\/uploads\/2020\/07\/balkon-alu-select-padova-2-300x200.jpg 300w, https:\/\/www.leeb-balkone.com\/app\/uploads\/2020\/07\/balkon-alu-select-padova-2-1024x681.jpg 1024w, https:\/\/www.leeb-balkone.com\/app\/uploads\/2020\/07\/balkon-alu-select-padova-2-2048x1363.jpg 2048w, https:\/\/www.leeb-balkone.com\/app\/uploads\/2020\/07\/balkon-alu-select-padova-2-768x511.jpg 768w, https:\/\/www.leeb-balkone.com\/app\/uploads\/2020\/07\/balkon-alu-select-padova-2-1536x1022.jpg 1536w\" sizes=\"auto, (min-width: 1200px) 260px, (min-width: 1024px) 220px, (min-width: 640px) 465px, 768px\" \/>                    <\/figure>\n        <div class=\"wp-block-group m-card-content is-vertical is-layout-flex wp-block-group-is-layout-flex\">\n            <h3 class=\"wp-block-heading\">\n                ALU Select | Padova            <\/h3>\n                        <p>Steklen balkon s trdnimi zaklju\u010dnimi letvami in dr\u017ealom<\/p>        <\/div>\n            <\/a>\n<\/div>\n<div id=\"post-144479\" class=\"loop-block-item wp-block-group m-card is-layout-flow wp-block-group-is-layout-flow alu-glas-sl aluminijasti-balkoni\">\n    <a href=\"https:\/\/www.leeb-balkone.com\/sl\/balkoni\/aluminijasti-balkoni\/otaru\/\" class=\"no-default-link\" title=\"Otaru\">\n        <figure data-imgid=\"144677\" class=\"wp-block-image size-large\">\n            <img loading=\"lazy\" decoding=\"async\" width=\"300\" height=\"225\" src=\"https:\/\/www.leeb-balkone.com\/app\/uploads\/2025\/02\/otaru-alu-balkongelaender-mit-glasfuellung-hinter-alublech-streifen-in-schilf-optik-detailansicht-detailansicht-300x225.jpeg\" class=\"attachment-medium size-medium\" alt=\"otaru alu balkongelaender mit glasfuellung hinter alublech streifen in schilf optik detailansicht detailansicht\" title=\"otaru-alu-balkongelaender-mit-glasfuellung-hinter-alublech-streifen-in-schilf-optik-detailansicht-detailansicht\" srcset=\"https:\/\/www.leeb-balkone.com\/app\/uploads\/2025\/02\/otaru-alu-balkongelaender-mit-glasfuellung-hinter-alublech-streifen-in-schilf-optik-detailansicht-detailansicht-300x225.jpeg 300w, https:\/\/www.leeb-balkone.com\/app\/uploads\/2025\/02\/otaru-alu-balkongelaender-mit-glasfuellung-hinter-alublech-streifen-in-schilf-optik-detailansicht-detailansicht-1024x768.jpeg 1024w, https:\/\/www.leeb-balkone.com\/app\/uploads\/2025\/02\/otaru-alu-balkongelaender-mit-glasfuellung-hinter-alublech-streifen-in-schilf-optik-detailansicht-detailansicht-768x576.jpeg 768w, https:\/\/www.leeb-balkone.com\/app\/uploads\/2025\/02\/otaru-alu-balkongelaender-mit-glasfuellung-hinter-alublech-streifen-in-schilf-optik-detailansicht-detailansicht-1536x1152.jpeg 1536w, https:\/\/www.leeb-balkone.com\/app\/uploads\/2025\/02\/otaru-alu-balkongelaender-mit-glasfuellung-hinter-alublech-streifen-in-schilf-optik-detailansicht-detailansicht-2048x1536.jpeg 2048w\" sizes=\"auto, (min-width: 1200px) 260px, (min-width: 1024px) 220px, (min-width: 640px) 465px, 768px\" \/>                    <\/figure>\n        <div class=\"wp-block-group m-card-content is-vertical is-layout-flex wp-block-group-is-layout-flex\">\n            <h3 class=\"wp-block-heading\">\n                Otaru            <\/h3>\n                        <p>Stekleni balkon z aluminijasto plo\u010devino v videzu trsti\u010dja<\/p>        <\/div>\n            <\/a>\n<\/div>\n<div id=\"post-17989\" class=\"loop-block-item wp-block-group m-card is-layout-flow wp-block-group-is-layout-flow alu-glas-sl aluminijasti-balkoni\">\n    <a href=\"https:\/\/www.leeb-balkone.com\/sl\/balkoni\/aluminijasti-balkoni\/casa-linea\/\" class=\"no-default-link\" title=\"ALU Design | Casa Linea\">\n        <figure data-imgid=\"16259\" class=\"wp-block-image size-large\">\n            <img loading=\"lazy\" decoding=\"async\" width=\"300\" height=\"200\" src=\"https:\/\/www.leeb-balkone.com\/app\/uploads\/2020\/09\/glas-balkongelaender-alu-design-casa-linea-22-300x200.jpg\" class=\"attachment-medium size-medium\" alt=\"Alu Balkongel\u00e4nder mit Edelstahl-Streben und Glas-F\u00fcllung - Alubalkon Alu Design Casa Linea\" title=\"glas-balkongelaender-alu-design-casa-linea-22\" srcset=\"https:\/\/www.leeb-balkone.com\/app\/uploads\/2020\/09\/glas-balkongelaender-alu-design-casa-linea-22-300x200.jpg 300w, https:\/\/www.leeb-balkone.com\/app\/uploads\/2020\/09\/glas-balkongelaender-alu-design-casa-linea-22-768x513.jpg 768w, https:\/\/www.leeb-balkone.com\/app\/uploads\/2020\/09\/glas-balkongelaender-alu-design-casa-linea-22-1024x684.jpg 1024w, https:\/\/www.leeb-balkone.com\/app\/uploads\/2020\/09\/glas-balkongelaender-alu-design-casa-linea-22-1536x1025.jpg 1536w, https:\/\/www.leeb-balkone.com\/app\/uploads\/2020\/09\/glas-balkongelaender-alu-design-casa-linea-22-2048x1367.jpg 2048w\" sizes=\"auto, (min-width: 1200px) 260px, (min-width: 1024px) 220px, (min-width: 640px) 465px, 768px\" \/>                    <\/figure>\n        <div class=\"wp-block-group m-card-content is-vertical is-layout-flex wp-block-group-is-layout-flex\">\n            <h3 class=\"wp-block-heading\">\n                ALU Design | Casa Linea            <\/h3>\n                        <p>Balkonska ograja iz nerjavnega jekla, aluminija in stekla<\/p>        <\/div>\n            <\/a>\n<\/div>\n<div id=\"post-21261\" class=\"loop-block-item wp-block-group m-card is-layout-flow wp-block-group-is-layout-flow alu-glas-sl aluminijasti-balkoni\">\n    <a href=\"https:\/\/www.leeb-balkone.com\/sl\/balkoni\/aluminijasti-balkoni\/larimar\/\" class=\"no-default-link\" title=\"ALU Design | Larimar\">\n        <figure data-imgid=\"132050\" class=\"wp-block-image size-large\">\n            <img loading=\"lazy\" decoding=\"async\" width=\"300\" height=\"200\" src=\"https:\/\/www.leeb-balkone.com\/app\/uploads\/2020\/10\/alu-balkongelaender-larimar-3-300x200.jpg\" class=\"attachment-medium size-medium\" alt=\"alu balkongelaender larimar\" title=\"alu-balkongelaender-larimar-3\" srcset=\"https:\/\/www.leeb-balkone.com\/app\/uploads\/2020\/10\/alu-balkongelaender-larimar-3-300x200.jpg 300w, https:\/\/www.leeb-balkone.com\/app\/uploads\/2020\/10\/alu-balkongelaender-larimar-3-1024x684.jpg 1024w, https:\/\/www.leeb-balkone.com\/app\/uploads\/2020\/10\/alu-balkongelaender-larimar-3-768x513.jpg 768w, https:\/\/www.leeb-balkone.com\/app\/uploads\/2020\/10\/alu-balkongelaender-larimar-3-1536x1025.jpg 1536w, https:\/\/www.leeb-balkone.com\/app\/uploads\/2020\/10\/alu-balkongelaender-larimar-3-2048x1367.jpg 2048w\" sizes=\"auto, (min-width: 1200px) 260px, (min-width: 1024px) 220px, (min-width: 640px) 465px, 768px\" \/>                    <\/figure>\n        <div class=\"wp-block-group m-card-content is-vertical is-layout-flex wp-block-group-is-layout-flex\">\n            <h3 class=\"wp-block-heading\">\n                ALU Design | Larimar            <\/h3>\n                        <p>Moderni alu balkon s po\u0161evnimi letvami in steklenimi elementi<\/p>        <\/div>\n            <\/a>\n<\/div>\n<div id=\"post-17963\" class=\"loop-block-item wp-block-group m-card is-layout-flow wp-block-group-is-layout-flow alu-glas-sl aluminijasti-balkoni\">\n    <a href=\"https:\/\/www.leeb-balkone.com\/sl\/balkoni\/aluminijasti-balkoni\/alu-glas\/\" class=\"no-default-link\" title=\"ALU Design | Alu Glas\">\n        <figure data-imgid=\"14181\" class=\"wp-block-image size-large\">\n            <img loading=\"lazy\" decoding=\"async\" width=\"300\" height=\"169\" src=\"https:\/\/www.leeb-balkone.com\/app\/uploads\/2020\/07\/balkon-alu-design-glas-8-300x169.jpg\" class=\"attachment-medium size-medium\" alt=\"balkon alu design glas\" title=\"glas-balkongelaender-alu-design-8\" srcset=\"https:\/\/www.leeb-balkone.com\/app\/uploads\/2020\/07\/balkon-alu-design-glas-8-300x169.jpg 300w, https:\/\/www.leeb-balkone.com\/app\/uploads\/2020\/07\/balkon-alu-design-glas-8-1024x576.jpg 1024w, https:\/\/www.leeb-balkone.com\/app\/uploads\/2020\/07\/balkon-alu-design-glas-8-768x432.jpg 768w, https:\/\/www.leeb-balkone.com\/app\/uploads\/2020\/07\/balkon-alu-design-glas-8-1536x864.jpg 1536w, https:\/\/www.leeb-balkone.com\/app\/uploads\/2020\/07\/balkon-alu-design-glas-8-2048x1152.jpg 2048w\" sizes=\"auto, (min-width: 1200px) 260px, (min-width: 1024px) 220px, (min-width: 640px) 465px, 768px\" \/>                    <\/figure>\n        <div class=\"wp-block-group m-card-content is-vertical is-layout-flex wp-block-group-is-layout-flex\">\n            <h3 class=\"wp-block-heading\">\n                ALU Design | Alu Glas            <\/h3>\n                        <p>Steklena balkonska ograja s trdno alu konstrukcijo<\/p>        <\/div>\n            <\/a>\n<\/div>\n<div id=\"post-21254\" class=\"loop-block-item wp-block-group m-card is-layout-flow wp-block-group-is-layout-flow alu-glas-sl aluminijasti-balkoni\">\n    <a href=\"https:\/\/www.leeb-balkone.com\/sl\/balkoni\/aluminijasti-balkoni\/solar\/\" class=\"no-default-link\" title=\"ALU Design | Solar\">\n        <figure data-imgid=\"152014\" class=\"wp-block-image size-large\">\n            <img loading=\"lazy\" decoding=\"async\" width=\"300\" height=\"200\" src=\"https:\/\/www.leeb-balkone.com\/app\/uploads\/2020\/07\/balkongelaender-solar-optimus-aus-aluminium-300x200.jpg\" class=\"attachment-medium size-medium\" alt=\"Solarbalkon Optimus Haus mit wei\u00dfer Fassade\" title=\"balkongelaender-solar-optimus-aus-aluminium\" srcset=\"https:\/\/www.leeb-balkone.com\/app\/uploads\/2020\/07\/balkongelaender-solar-optimus-aus-aluminium-300x200.jpg 300w, https:\/\/www.leeb-balkone.com\/app\/uploads\/2020\/07\/balkongelaender-solar-optimus-aus-aluminium-1024x684.jpg 1024w, https:\/\/www.leeb-balkone.com\/app\/uploads\/2020\/07\/balkongelaender-solar-optimus-aus-aluminium-768x513.jpg 768w, https:\/\/www.leeb-balkone.com\/app\/uploads\/2020\/07\/balkongelaender-solar-optimus-aus-aluminium-1536x1025.jpg 1536w, https:\/\/www.leeb-balkone.com\/app\/uploads\/2020\/07\/balkongelaender-solar-optimus-aus-aluminium-2048x1367.jpg 2048w\" sizes=\"auto, (min-width: 1200px) 260px, (min-width: 1024px) 220px, (min-width: 640px) 465px, 768px\" \/>                    <\/figure>\n        <div class=\"wp-block-group m-card-content is-vertical is-layout-flex wp-block-group-is-layout-flex\">\n            <h3 class=\"wp-block-heading\">\n                ALU Design | Solar            <\/h3>\n                        <p>Hightech stekleni balkon s fotovoltai\u010dnimi moduli<\/p>        <\/div>\n            <\/a>\n<\/div><\/div><div class=\"loop-load-more-wrapper\">  <div class=\"loop-load-more wp-block-button is-style-filled-secondary\">    <a href=\"#\" class=\"wp-block-button__link wp-element-button\" role=\"button\" tabindex=\"0\" aria-expanded=\"false\" aria-controls=\"loop-block-69f5763db1965\">Nalo\u017ei ve\u010d<\/a>  <\/div><\/div><\/section>\n\n\n\n\n\n<section class=\"wp-block-group alignfull has-light-gray-background-color has-background has-global-padding is-layout-constrained wp-container-core-group-is-layout-52f96efc wp-block-group-is-layout-constrained\" id=\"service-qualitaet\">\n<div class=\"wp-block-group o-grid u-md-1 is-layout-flow wp-block-group-is-layout-flow\">\n<div class=\"wp-block-group u-g-9 u-g-s-2 is-layout-flow wp-block-group-is-layout-flow\" style=\"margin-bottom:var(--wp--preset--spacing--s)\">\n<h2 class=\"wp-block-heading\">Stekleni balkoni vodilnega proizvajalca na trgu<\/h2>\n\n\n\n<p><span class=\"teaser\">Na\u0161e zasnove balkonov odra\u017eajo trend gradnje balkonov iz stekla in vam omogo\u010dajo varno na\u010drtovanje in izvedbo va\u0161ega individualnega steklenega balkona z Leeb Balconies. Zanesete se lahko na certificirano kakovost in preizku\u0161ene storitve ter obi\u010dajno raznolikost modelov in izvedb. Steklene balkonske ograje iz podjetja Leeb so izjemno stabilne, vzdr\u017eljive in dobrodo\u0161le za o\u010di.  <\/span><\/p>\n<\/div>\n<\/div>\n\n\n\n<div class=\"wp-block-group small is-style-white-cards sm-2-cols is-layout-grid wp-container-core-group-is-layout-7785d981 wp-block-group-is-layout-grid\">\n<div class=\"wp-block-group m-card has-modal is-layout-flow wp-container-core-group-is-layout-8a368f38 wp-block-group-is-layout-flow\" data-modal-id=\"150759\">\n<figure class=\"wp-block-image size-large is-style-default\"><img loading=\"lazy\" decoding=\"async\" width=\"1024\" height=\"614\" src=\"https:\/\/www.leeb-balkone.com\/app\/uploads\/2022\/05\/Glashalle-Leeb-1024x614.jpg\" alt=\"Glashalle Leeb\" class=\"wp-image-83632\" srcset=\"https:\/\/www.leeb-balkone.com\/app\/uploads\/2022\/05\/Glashalle-Leeb-1024x614.jpg 1024w, https:\/\/www.leeb-balkone.com\/app\/uploads\/2022\/05\/Glashalle-Leeb-300x180.jpg 300w, https:\/\/www.leeb-balkone.com\/app\/uploads\/2022\/05\/Glashalle-Leeb-768x461.jpg 768w, https:\/\/www.leeb-balkone.com\/app\/uploads\/2022\/05\/Glashalle-Leeb-1536x922.jpg 1536w, https:\/\/www.leeb-balkone.com\/app\/uploads\/2022\/05\/Glashalle-Leeb-scaled.jpg 2048w\" sizes=\"auto, (max-width: 1024px) 100vw, 1024px\" \/><\/figure>\n\n\n\n<div class=\"wp-block-group m-card-content has-white-background-color has-background is-vertical is-layout-flex wp-container-core-group-is-layout-5580f018 wp-block-group-is-layout-flex\">\n<h3 class=\"wp-block-heading\">Balkon in ograja evropskega podjetja \u0161t. 1<\/h3>\n\n\n\n<p>Vodilnemu evropskemu proizvajalcu zaupa ve\u010d kot 150.000 zadovoljnih strank.<\/p>\n<\/div>\n<a href=\"#overlay-150759\" class=\"open-modal-link\" aria-label=\"Open modal\"><span class=\"sr-only\">\u00d6ffne Modal<\/span><\/a><\/div>\n\n\n\n<div class=\"wp-block-group m-card has-modal is-layout-flow wp-container-core-group-is-layout-8a368f38 wp-block-group-is-layout-flow\" data-modal-id=\"150749\">\n<figure class=\"wp-block-image size-large is-style-default\"><img loading=\"lazy\" decoding=\"async\" width=\"1024\" height=\"767\" src=\"https:\/\/www.leeb-balkone.com\/app\/uploads\/2020\/08\/leeb-balkone-mitarbeiter-4-1024x767.jpeg\" alt=\"Namestitev prilagojene balkonske ograje iz aluminija Leeb\" class=\"wp-image-6083\" srcset=\"https:\/\/www.leeb-balkone.com\/app\/uploads\/2020\/08\/leeb-balkone-mitarbeiter-4-1024x767.jpeg 1024w, https:\/\/www.leeb-balkone.com\/app\/uploads\/2020\/08\/leeb-balkone-mitarbeiter-4-2048x1535.jpeg 2048w, https:\/\/www.leeb-balkone.com\/app\/uploads\/2020\/08\/leeb-balkone-mitarbeiter-4-300x225.jpeg 300w, https:\/\/www.leeb-balkone.com\/app\/uploads\/2020\/08\/leeb-balkone-mitarbeiter-4-768x575.jpeg 768w, https:\/\/www.leeb-balkone.com\/app\/uploads\/2020\/08\/leeb-balkone-mitarbeiter-4-1536x1151.jpeg 1536w\" sizes=\"auto, (max-width: 1024px) 100vw, 1024px\" \/><\/figure>\n\n\n\n<div class=\"wp-block-group m-card-content has-white-background-color has-background is-vertical is-layout-flex wp-container-core-group-is-layout-5580f018 wp-block-group-is-layout-flex\">\n<h3 class=\"wp-block-heading\">Vsestranske storitve za brezskrbno izvajanje<\/h3>\n\n\n\n<p>Svetovanje na kraju samem, 3D konfigurator, tovarni\u0161ka proizvodnja, dobava in monta\u017ea.<\/p>\n<\/div>\n<a href=\"#overlay-150749\" class=\"open-modal-link\" aria-label=\"Open modal\"><span class=\"sr-only\">\u00d6ffne Modal<\/span><\/a><\/div>\n\n\n\n<div class=\"wp-block-group m-card has-modal is-layout-flow wp-container-core-group-is-layout-8a368f38 wp-block-group-is-layout-flow\" data-modal-id=\"150746\">\n<figure class=\"wp-block-image size-full\"><img loading=\"lazy\" decoding=\"async\" width=\"2048\" height=\"1366\" src=\"https:\/\/www.leeb-balkone.com\/app\/uploads\/2022\/05\/glas-bearbeitung-zuschnitt--scaled.jpg\" alt=\"glas bearbeitung zuschnitt \" class=\"wp-image-83644\" srcset=\"https:\/\/www.leeb-balkone.com\/app\/uploads\/2022\/05\/glas-bearbeitung-zuschnitt--scaled.jpg 2048w, https:\/\/www.leeb-balkone.com\/app\/uploads\/2022\/05\/glas-bearbeitung-zuschnitt--300x200.jpg 300w, https:\/\/www.leeb-balkone.com\/app\/uploads\/2022\/05\/glas-bearbeitung-zuschnitt--1024x683.jpg 1024w, https:\/\/www.leeb-balkone.com\/app\/uploads\/2022\/05\/glas-bearbeitung-zuschnitt--768x512.jpg 768w, https:\/\/www.leeb-balkone.com\/app\/uploads\/2022\/05\/glas-bearbeitung-zuschnitt--1536x1024.jpg 1536w\" sizes=\"auto, (max-width: 2048px) 100vw, 2048px\" \/><\/figure>\n\n\n\n<div class=\"wp-block-group m-card-content has-white-background-color has-background is-vertical is-layout-flex wp-container-core-group-is-layout-5580f018 wp-block-group-is-layout-flex\">\n<h3 class=\"wp-block-heading\"><strong>Laminirano varnostno steklo vrhunske kakovosti<\/strong><\/h3>\n\n\n\n<p>Preizku\u0161ena varnost, inovativne zasnove in dolgotrajna kakovost po meri s podjetjem Leeb Glas.<\/p>\n<\/div>\n<a href=\"#overlay-150746\" class=\"open-modal-link\" aria-label=\"Open modal\"><span class=\"sr-only\">\u00d6ffne Modal<\/span><\/a><\/div>\n\n\n\n<div class=\"wp-block-group m-card has-modal is-layout-flow wp-container-core-group-is-layout-8a368f38 wp-block-group-is-layout-flow\" data-modal-id=\"150753\">\n<figure class=\"wp-block-image size-large\"><img loading=\"lazy\" decoding=\"async\" width=\"1024\" height=\"665\" src=\"https:\/\/www.leeb-balkone.com\/app\/uploads\/2020\/08\/alu-comfort-plus-1024x665.jpg\" alt=\"alu comfort plus\" class=\"wp-image-5082\" srcset=\"https:\/\/www.leeb-balkone.com\/app\/uploads\/2020\/08\/alu-comfort-plus-1024x665.jpg 1024w, https:\/\/www.leeb-balkone.com\/app\/uploads\/2020\/08\/alu-comfort-plus-300x195.jpg 300w, https:\/\/www.leeb-balkone.com\/app\/uploads\/2020\/08\/alu-comfort-plus-768x499.jpg 768w, https:\/\/www.leeb-balkone.com\/app\/uploads\/2020\/08\/alu-comfort-plus-1536x997.jpg 1536w, https:\/\/www.leeb-balkone.com\/app\/uploads\/2020\/08\/alu-comfort-plus-2048x1330.jpg 2048w\" sizes=\"auto, (max-width: 1024px) 100vw, 1024px\" \/><\/figure>\n\n\n\n<div class=\"wp-block-group m-card-content has-white-background-color has-background is-vertical is-layout-flex wp-container-core-group-is-layout-5580f018 wp-block-group-is-layout-flex\">\n<h3 class=\"wp-block-heading\">Dolgoro\u010dna za\u0161\u010dita z ALU Comfort Plus\u00ae<\/h3>\n\n\n\n<p>Patentiran premaz in obdelava aluminija na najvi\u0161ji ravni.<\/p>\n<\/div>\n<a href=\"#overlay-150753\" class=\"open-modal-link\" aria-label=\"Open modal\"><span class=\"sr-only\">\u00d6ffne Modal<\/span><\/a><\/div>\n<\/div>\n\n\n\n\n\n<div class=\"wp-block-group o-grid u-md-1 is-layout-flow wp-block-group-is-layout-flow\" style=\"padding-top:var(--wp--preset--spacing--l)\">\n<div class=\"wp-block-group u-g-9 u-g-s-2 is-layout-flow wp-block-group-is-layout-flow\" style=\"margin-bottom:var(--wp--preset--spacing--s)\">\n<h3 class=\"wp-block-heading\">Sodobne balkonske ograje z visokokakovostnim steklom<\/h3>\n\n\n\n<p>Na\u0161i stekleni balkoni so opremljeni z najbolj\u0161im laminiranim varnostnim steklom (VSG). Zaradi visokokakovostnega varnostnega stekla so na\u0161e steklene balkonske ograje \u0161e posebej trpe\u017ene in odporne proti razbitju. Vrhunsko steklo iz na\u0161e tovarne v Gnesauu je na voljo v \u0161tirih barvah stekla: prozorno steklo, mat belo steklo (neprozorno), sivo steklo (prozorno) in mat sivo steklo (neprozorno). To pomeni, da je mogo\u010de izvesti \u0161tevilne razli\u010dice balkonov &#8211; od prozornih steklenih ograj iz prozornega ali sivega stekla do balkonov za zasebnost z mat ali temnim steklom.     <\/p>\n\n\n\n<p>Steklene ograje (all-glass railings) so zaradi svoje minimalisti\u010dne zasnove in sodobnega videza vse bolj priljubljene. Za te ograje je zna\u010dilen posebno svetel videz, za ve\u010d zasebnosti pa je stekleni balkon na zahtevo mogo\u010de izvesti v dveh razli\u010dicah z matiranim steklom. <\/p>\n\n\n\n<h3 class=\"wp-block-heading\">Prednosti na prvi pogled<\/h3>\n\n\n\n<p>Prednosti steklenih balkonskih ograj Leeb so v kombinaciji sodobne estetike, preizku\u0161ene varnosti in individualne svobode oblikovanja:<\/p>\n\n\n\n<ul class=\"wp-block-list is-style-checkmark-2\">\n<li><strong>Visokokakovostno laminirano varnostno steklo<\/strong>: Leeb uporablja samo laminirano varnostno steklo, pri katerem je med dvema stekloma folija, ki je odporna na trganje, tako da ve\u017ee \u010drepinje, tudi \u010de se razbijejo, in tako zagotavlja najve\u010djo za\u0161\u010dito pred po\u0161kodbami.<\/li>\n\n\n\n<li><strong>Lastna proizvodnja stekla<\/strong>: Steklo premium je izdelano v na\u0161i lastni tovarni na Koro\u0161kem, kar zagotavlja najvi\u0161ji nadzor kakovosti, natan\u010dnost prileganja in prilagodljivost.<\/li>\n\n\n\n<li><strong>Sodoben, s svetlobo preplavljen dizajn<\/strong>: balkonske ograje s steklom ustvarjajo svetle, odprte prostore, prepu\u0161\u010dajo veliko dnevne svetlobe in zagotavljajo eleganten, sodoben videz.<\/li>\n\n\n\n<li><strong>Enostavno vzdr\u017eevanje in trajnost<\/strong>: gladke povr\u0161ine so odporne na vremenske vplive, prakti\u010dno ne potrebujejo vzdr\u017eevanja in dolgoro\u010dno ohranijo svoj visokokakovostni videz.<\/li>\n\n\n\n<li><strong>Individualno oblikovanje<\/strong>: Poleg razli\u010dnih barv stekla so mo\u017eni tudi peskani vzorci, zaradi \u010desar bo va\u0161 stekleni balkon edinstven.<\/li>\n\n\n\n<li><strong>Potrjena kakovost<\/strong>: Leeb zagotavlja preizku\u0161eno varnost in trajne izdelke po najvi\u0161jih standardih &#8211; kot vodilni na evropskem trgu z ve\u010d kot 100.000 zadovoljnimi strankami.<\/li>\n\n\n\n<li><strong>Celovita storitev<\/strong>: Leeb vas spremlja na vsakem koraku, od osebnega svetovanja in na\u010drtovanja do strokovne vgradnje &#8211; za brezskrben balkonski projekt.<\/li>\n<\/ul>\n<\/div>\n<\/div>\n<\/section>\n\n\n\n<section class=\"wp-block-cover alignfull is-light katalog-cta\" style=\"margin-top:0;margin-bottom:0;padding-top:0;padding-right:0;padding-bottom:0;padding-left:0;min-height:100px;aspect-ratio:unset;\" id=\"katalogbestellung\"><img loading=\"lazy\" decoding=\"async\" width=\"1920\" height=\"599\" class=\"wp-block-cover__image-background wp-image-7912 size-full\" alt=\"leeb balkone katalog anfordern\" src=\"https:\/\/www.leeb-balkone.com\/app\/uploads\/2020\/09\/leeb-balkone-katalog-anfordern-1.jpeg\" data-object-fit=\"cover\" srcset=\"https:\/\/www.leeb-balkone.com\/app\/uploads\/2020\/09\/leeb-balkone-katalog-anfordern-1-300x94.jpeg 300w, https:\/\/www.leeb-balkone.com\/app\/uploads\/2020\/09\/leeb-balkone-katalog-anfordern-1-1024x319.jpeg 1024w, https:\/\/www.leeb-balkone.com\/app\/uploads\/2020\/09\/leeb-balkone-katalog-anfordern-1-768x240.jpeg 768w, https:\/\/www.leeb-balkone.com\/app\/uploads\/2020\/09\/leeb-balkone-katalog-anfordern-1-1536x479.jpeg 1536w\" sizes=\"auto, (max-width: 1920px) 100vw, 1920px\" \/><span aria-hidden=\"true\" class=\"wp-block-cover__background has-primary-45-background-color has-background-dim-80 has-background-dim\"><\/span><div class=\"wp-block-cover__inner-container has-global-padding is-layout-constrained wp-container-core-cover-is-layout-fc5783d2 wp-block-cover-is-layout-constrained\">\n<div class=\"wp-block-group is-layout-flow wp-block-group-is-layout-flow\" style=\"min-height:0px;margin-top:0;margin-bottom:0;padding-top:var(--wp--preset--spacing--2-xl);padding-bottom:var(--wp--preset--spacing--2-xl);padding-left:0\">\n<div class=\"wp-block-columns are-vertically-aligned-center is-layout-flex wp-container-core-columns-is-layout-0a4bbf16 wp-block-columns-is-layout-flex\" style=\"margin-top:0;margin-bottom:0\">\n<div class=\"wp-block-column is-vertically-aligned-center is-layout-flow wp-block-column-is-layout-flow\" style=\"flex-basis:66.66%\">\n<h2 class=\"wp-block-heading\">Na\u0161i stekleni balkoni v katalogu<\/h2>\n\n\n\n<p class=\"is-style-teaser\"><span class=\"teaser\">Va\u0161 osebni katalog \u010daka na vas! Naro\u010dite zdaj brezpla\u010dno in odkrijte na\u0161o celotno ponudbo <span class=\"teaser\">balkonskih ograj iz <\/span>aluminija in stekla. Poi\u0161\u010dite re\u0161itev, ki vam popolnoma ustreza.  <\/span><\/p>\n<\/div>\n\n\n\n<div class=\"wp-block-column is-vertically-aligned-center is-layout-flow wp-block-column-is-layout-flow\" style=\"flex-basis:33.33%\">\n<div class=\"wp-block-buttons u-m-jc-left is-content-justification-right is-layout-flex wp-container-core-buttons-is-layout-c060c6c7 wp-block-buttons-is-layout-flex\">\n<div class=\"wp-block-button is-style-filled-white large\"><a class=\"wp-block-button__link wp-element-button\" href=\"https:\/\/www.leeb-balkone.com\/sl\/kontakt\/zahtevajte-katalog\/\" style=\"box-shadow:var(--wp--preset--shadow--button-shadow)\">Zahtevajte katalog<\/a><\/div>\n<\/div>\n<\/div>\n<\/div>\n<\/div>\n<\/div><\/section>\n\n\n\n<section class=\"wp-block-group alignfull has-white-background-color has-background has-global-padding is-layout-constrained wp-container-core-group-is-layout-52f96efc wp-block-group-is-layout-constrained\">\n<div class=\"wp-block-group o-grid u-md-1 is-layout-flow wp-block-group-is-layout-flow\" style=\"padding-top:0\">\n<div class=\"wp-block-group u-g-9 u-g-s-2 is-layout-flow wp-block-group-is-layout-flow\" style=\"margin-bottom:var(--wp--preset--spacing--s)\">\n<h2 class=\"wp-block-heading\">Reference<\/h2>\n<\/div>\n<\/div>\n\n\n\n<div class=\"wp-block-t3-carousel-wrapper\" id=\"t3-carousel-0e5bce3d-3e24-490c-a25e-7c8e9855bae4\"><div class=\"wp-block-t3-carousel t3-carousel-block swiper\" data-swiper-options=\"{&quot;loop&quot;:false,&quot;preloadImages&quot;:false,&quot;lazy&quot;:{&quot;loadPrevNext&quot;:true},&quot;autoplay&quot;:{&quot;delay&quot;:3000,&quot;disableOnInteraction&quot;:false},&quot;navigation&quot;:{&quot;nextEl&quot;:&quot;#t3-carousel-0e5bce3d-3e24-490c-a25e-7c8e9855bae4 .t3-carousel-0e5bce3d-3e24-490c-a25e-7c8e9855bae4-next&quot;,&quot;prevEl&quot;:&quot;#t3-carousel-0e5bce3d-3e24-490c-a25e-7c8e9855bae4 .t3-carousel-0e5bce3d-3e24-490c-a25e-7c8e9855bae4-prev&quot;},&quot;pagination&quot;:{&quot;el&quot;:&quot;#t3-carousel-0e5bce3d-3e24-490c-a25e-7c8e9855bae4 .t3-carousel-0e5bce3d-3e24-490c-a25e-7c8e9855bae4-pagination&quot;,&quot;clickable&quot;:true},&quot;scrollbar&quot;:false,&quot;breakpoints&quot;:{&quot;0&quot;:{&quot;slidesPerView&quot;:1.15,&quot;spaceBetween&quot;:24},&quot;769&quot;:{&quot;slidesPerView&quot;:1,&quot;spaceBetween&quot;:30}}}\"><div class=\"swiper-wrapper\">\n<div class=\"wp-block-t3-carousel-slide t3-carousel-slide swiper-slide\">\n<div class=\"wp-block-columns testimonial m-split is-layout-flex wp-container-core-columns-is-layout-3331f5f7 wp-block-columns-is-layout-flex\" style=\"padding-bottom:0\">\n<div class=\"wp-block-column is-layout-flow wp-block-column-is-layout-flow\">\n<div class=\"wp-block-group is-layout-flow wp-block-group-is-layout-flow has-background\" style=\"min-height:100%;background-image:url(&#039;https:\/\/www.leeb-balkone.com\/app\/uploads\/2021\/08\/kundenfeedback-alu-anbaubalkon--scaled.jpg&#039;);background-size:cover;\"><\/div>\n<\/div>\n\n\n\n<div class=\"wp-block-column is-vertically-aligned-top testimonial-text is-layout-flow wp-block-column-is-layout-flow\">\n<div class=\"wp-block-group has-light-gray-background-color has-background is-vertical is-layout-flex wp-container-core-group-is-layout-044273ab wp-block-group-is-layout-flex\" style=\"padding-top:var(--wp--preset--spacing--xl);padding-right:var(--wp--preset--spacing--xl);padding-bottom:var(--wp--preset--spacing--xl);padding-left:var(--wp--preset--spacing--l)\">\n<p class=\"has-step-1-font-size\"><em>&#8220;Izpolnile so se mi majhne sanje, ki jih je izpolnilo podjetje Leeb. Odli\u010dno podjetje, ki ga lahko samo priporo\u010dam in je vredno vsakega centa.&#8221; <\/em><\/p>\n\n\n\n<p class=\"has-step-s-font-size\"><strong>Dru\u017eina Eichhorn<br><\/strong>96465 Neustadt b. Coburg<\/p>\n<\/div>\n<\/div>\n<\/div>\n<\/div>\n\n\n\n<div class=\"wp-block-t3-carousel-slide t3-carousel-slide swiper-slide\">\n<div class=\"wp-block-columns testimonial m-split is-layout-flex wp-container-core-columns-is-layout-3331f5f7 wp-block-columns-is-layout-flex\" style=\"padding-bottom:0\">\n<div class=\"wp-block-column is-layout-flow wp-block-column-is-layout-flow\">\n<div class=\"wp-block-group is-layout-flow wp-block-group-is-layout-flow has-background\" style=\"min-height:100%;background-image:url(&#039;https:\/\/www.leeb-balkone.com\/app\/uploads\/2021\/10\/referenz-alu-balkon-baingo-scaled.jpg&#039;);background-position:51% 51%;background-size:cover;\"><\/div>\n<\/div>\n\n\n\n<div class=\"wp-block-column is-vertically-aligned-top testimonial-text is-layout-flow wp-block-column-is-layout-flow\">\n<div class=\"wp-block-group has-light-gray-background-color has-background is-vertical is-layout-flex wp-container-core-group-is-layout-044273ab wp-block-group-is-layout-flex\" style=\"padding-top:var(--wp--preset--spacing--xl);padding-right:var(--wp--preset--spacing--xl);padding-bottom:var(--wp--preset--spacing--xl);padding-left:var(--wp--preset--spacing--l)\">\n<p class=\"has-step-1-font-size\"><em>&#8220;Draga ekipa Leeb! Najlep\u0161a hvala za to \u010dudovito oazo. Zelo smo veseli in zadovoljni z izbiro.&#8221;  <\/em><\/p>\n\n\n\n<p class=\"has-step-s-font-size\"><strong>Gospa Baingo<br><\/strong>13469 Berlin<\/p>\n<\/div>\n<\/div>\n<\/div>\n<\/div>\n<\/div><div class=\"swiper-pagination t3-carousel-0e5bce3d-3e24-490c-a25e-7c8e9855bae4-pagination\"><\/div><\/div><div class=\"swiper-button-prev t3-carousel-0e5bce3d-3e24-490c-a25e-7c8e9855bae4-prev\"><\/div><div class=\"swiper-button-next t3-carousel-0e5bce3d-3e24-490c-a25e-7c8e9855bae4-next\"><\/div><\/div>\n<\/section>\n\n\n\n<section class=\"wp-block-group alignfull has-white-background-color has-background has-global-padding is-layout-constrained wp-container-core-group-is-layout-9fa1424c wp-block-group-is-layout-constrained\" style=\"padding-top:0\">\n<div class=\"wp-block-group o-grid u-md-1 is-layout-flow wp-block-group-is-layout-flow\" style=\"padding-top:0\">\n<div class=\"wp-block-group u-g-9 u-g-s-2 is-layout-flow wp-block-group-is-layout-flow\" style=\"margin-bottom:var(--wp--preset--spacing--s)\">\n<h2 class=\"wp-block-heading\">Zakaj balkonska ograja s steklom iz podjetja Leeb?<\/h2>\n\n\n\n<p><span class=\"teaser\">Steklene balkonske ograje Leeb navdu\u0161ujejo s sodobnim dizajnom, najvi\u0161jimi varnostnimi standardi z visokokakovostnim laminiranim varnostnim steklom iz lastne proizvodnje in preizku\u0161eno kakovostjo vodilnega evropskega proizvajalca.  <\/span><\/p>\n<\/div>\n<\/div>\n\n\n\n<div class=\"wp-block-group is-layout-flow wp-container-core-group-is-layout-d5075d26 wp-block-group-is-layout-flow\">\n<div class=\"wp-block-columns is-style-shadow m-split is-layout-flex wp-container-core-columns-is-layout-28f84493 wp-block-columns-is-layout-flex\">\n<div class=\"wp-block-column is-style-default is-layout-flow wp-block-column-is-layout-flow\">\n<figure class=\"wp-block-image size-large\"><img loading=\"lazy\" decoding=\"async\" width=\"1024\" height=\"767\" src=\"https:\/\/www.leeb-balkone.com\/app\/uploads\/2020\/09\/alu-balkongelaender-zufriedene-kunden.-2-1024x767.jpg\" alt=\"Zadovoljne stranke z novo stekleno balkonsko ograjo podjetja Leeb Balconies\" class=\"wp-image-6611\" srcset=\"https:\/\/www.leeb-balkone.com\/app\/uploads\/2020\/09\/alu-balkongelaender-zufriedene-kunden.-2-1024x767.jpg 1024w, https:\/\/www.leeb-balkone.com\/app\/uploads\/2020\/09\/alu-balkongelaender-zufriedene-kunden.-2-300x225.jpg 300w, https:\/\/www.leeb-balkone.com\/app\/uploads\/2020\/09\/alu-balkongelaender-zufriedene-kunden.-2-768x575.jpg 768w, https:\/\/www.leeb-balkone.com\/app\/uploads\/2020\/09\/alu-balkongelaender-zufriedene-kunden.-2-1536x1151.jpg 1536w, https:\/\/www.leeb-balkone.com\/app\/uploads\/2020\/09\/alu-balkongelaender-zufriedene-kunden.-2-2048x1535.jpg 2048w\" sizes=\"auto, (max-width: 1024px) 100vw, 1024px\" \/><\/figure>\n<\/div>\n\n\n\n<div class=\"wp-block-column is-vertically-aligned-center is-style-overlay-content is-layout-flow wp-block-column-is-layout-flow\">\n<div class=\"wp-block-group is-vertical is-layout-flex wp-container-core-group-is-layout-6aed0e10 wp-block-group-is-layout-flex\">\n<h3 class=\"wp-block-heading\">Elegantno in varno<\/h3>\n\n\n\n<p>Na\u0161e steklene balkonske ograje zdru\u017eujejo vse prednosti aluminija Leeb z brez\u010dasno eleganco in preglednostjo visokokakovostnega laminiranega varnostnega stekla. Inovativna tehnologija in natan\u010dna izdelava za dalj\u0161o \u017eivljenjsko dobo z manj vzdr\u017eevanja. Vrhunsko steklo za najve\u010djo varnost in zanesljivo za\u0161\u010dito. Le najbolj\u0161e od podjetja Leeb. Za va\u0161 prostor na soncu.    <\/p>\n\n\n\n<div class=\"wp-block-buttons is-layout-flex wp-block-buttons-is-layout-flex\" style=\"margin-top:var(--wp--preset--spacing--2-xs)\">\n<div class=\"wp-block-button is-style-outline-secondary\"><a class=\"wp-block-button__link has-transparent-background-color has-background wp-element-button\" href=\"https:\/\/www.leeb-balkone.com\/de\/technik\/glas\/\">Preberite ve\u010d<\/a><\/div>\n<\/div>\n<\/div>\n<\/div>\n<\/div>\n\n\n\n<div class=\"wp-block-columns is-style-shadow m-split m-split-reverse is-layout-flex wp-container-core-columns-is-layout-28f84493 wp-block-columns-is-layout-flex\">\n<div class=\"wp-block-column is-style-default is-layout-flow wp-block-column-is-layout-flow\">\n<figure class=\"wp-block-image size-large\"><img decoding=\"async\" src=\"https:\/\/www.leeb-balkone.com\/app\/uploads\/2020\/07\/balkon-alu-design-glas-9-1024x721.jpg\" alt=\"Aluminijasto oblikovanje steklene balkonske ograje\" class=\"wp-image-3359\"\/><\/figure>\n<\/div>\n\n\n\n<div class=\"wp-block-column is-vertically-aligned-center is-style-overlay-content is-layout-flow wp-block-column-is-layout-flow\">\n<div class=\"wp-block-group is-vertical is-layout-flex wp-container-core-group-is-layout-6aed0e10 wp-block-group-is-layout-flex\">\n<h3 class=\"wp-block-heading\">Svetlo in svetlo<\/h3>\n\n\n\n<p>Steklo odpira balkon svetlobi in soncu, ustvarja prijeten, zra\u010den ambient in vabi k zadr\u017eevanju in sprostitvi. Sodoben, prozoren videz se ujema z vsakim arhitekturnim slogom, va\u0161 zunanji prostor pa se zdi prostoren in odprt. Hkrati vam je na voljo funkcionalna re\u0161itev, ki elegantno zdru\u017euje varnost, udobje in sodoben dizajn &#8211; za brezskrbne trenutke u\u017eivanja in dom s posebnim pridihom.  <\/p>\n<\/div>\n<\/div>\n<\/div>\n<\/div>\n<\/section>\n\n\n\n<section class=\"wp-block-group alignfull has-light-gray-background-color has-background has-global-padding is-layout-constrained wp-container-core-group-is-layout-52f96efc wp-block-group-is-layout-constrained\">\n<div class=\"wp-block-group o-grid u-md-1 is-layout-flow wp-block-group-is-layout-flow\" style=\"padding-top:0\">\n<div class=\"wp-block-group u-g-9 u-g-s-2 is-layout-flow wp-block-group-is-layout-flow\" style=\"margin-bottom:var(--wp--preset--spacing--s)\">\n<h2 class=\"wp-block-heading\">Pogosto zastavljena vpra\u0161anja<\/h2>\n\n\n\n<p style=\"padding-bottom:var(--wp--preset--spacing--m)\"><span class=\"teaser\">Imate splo\u0161na vpra\u0161anja o na\u0161ih steklenih balkonskih ograjah? V na\u0161ih Pogosto zastavljenih vpra\u0161anjih boste na\u0161li kratke odgovore na pogosto zastavljena vpra\u0161anja o steklenih balkonih. <\/span><\/p>\n\n\n\n<div class=\"wp-block-t3-acc-accordion is-style-default\"><button id=\"accordion-96f049d1-50f6-4e83-8455-87749729dbdb-button\" class=\"accordion__button\" aria-expanded=\"false\" aria-controls=\"accordion-96f049d1-50f6-4e83-8455-87749729dbdb-panel\"><h3 data-accordion-title=\"true\" style=\"font-size:var(--step-1)\"><strong>Katere so prednosti steklene balkonske ograje?<\/strong><\/h3><\/button><div id=\"accordion-96f049d1-50f6-4e83-8455-87749729dbdb-panel\" class=\"accordion__panel\" role=\"region\" aria-labelledby=\"accordion-96f049d1-50f6-4e83-8455-87749729dbdb-button\">\n<p>Steklene ograje ustvarjajo sodobno, s svetlobo preplavljeno vzdu\u0161je in omogo\u010dajo <strong>neoviran razgled<\/strong>. So izjemno elegantni in se odli\u010dno ujemajo s sodobno arhitekturo. Uporabljeno varnostno steklo je zelo robustno, odporno na vremenske vplive in razmeroma enostavno za \u010di\u0161\u010denje. Pogosto zagotavljajo tudi u\u010dinkovito za\u0161\u010dito pred vetrom, ne da bi ovirala pogled. S stekleno ograjo iz podjetja <strong>Leeb Balconies<\/strong> se odlo\u010dite za najve\u010djo preglednost in ekskluzivno obliko. Podjetje Leeb uporablja samo visokokakovostno laminirano varnostno steklo (LSG), ki zagotavlja vzdr\u017eljivost in najvi\u0161je varnostne standarde, hkrati pa ponuja tudi impresivno estetiko.     <\/p>\n<\/div><\/div>\n\n\n\n<div class=\"wp-block-t3-acc-accordion is-style-default\"><button id=\"accordion-a5824a75-a2be-47e6-b0c1-53b670fd5e30-button\" class=\"accordion__button\" aria-expanded=\"false\" aria-controls=\"accordion-a5824a75-a2be-47e6-b0c1-53b670fd5e30-panel\"><h3 data-accordion-title=\"true\" style=\"font-size:var(--step-1)\"><strong><strong>&nbsp;Ist ein Glasgel\u00e4nder auf dem Balkon sicher?<\/strong><\/strong><\/h3><\/button><div id=\"accordion-a5824a75-a2be-47e6-b0c1-53b670fd5e30-panel\" class=\"accordion__panel\" role=\"region\" aria-labelledby=\"accordion-a5824a75-a2be-47e6-b0c1-53b670fd5e30-button\">\n<p>Da, steklene ograje so <strong>zelo varne<\/strong>, \u010de je uporabljeno pravo steklo in je vgradnja opravljena strokovno. Obi\u010dajno se uporablja <strong>laminirano varnostno steklo (LSG<\/strong> ) ali <strong>kaljeno varnostno steklo (TSG)<\/strong>, pogosto v kombinaciji. Ta stekla so izjemno odporna proti udarcem in razbitju ter zmanj\u0161ujejo tveganje po\u0161kodb v malo verjetnem primeru razbitja. <strong>Podjetje Leeb Balconies<\/strong> za svoje steklene ograje uporablja samo <strong>preizku\u0161eno varnostno steklo<\/strong>, ki izpolnjuje najstro\u017eje konstrukcijske in varnostne standarde. Natan\u010dna izdelava in stabilna pritrditev steklenih elementov v robustne okvirje zagotavljata trajno visoko raven za\u0161\u010dite pred padcem.   <\/p>\n<\/div><\/div>\n\n\n\n<div class=\"wp-block-t3-acc-accordion is-style-default\"><button id=\"accordion-41cdc368-a52d-4a63-8a9d-4be78fe785b2-button\" class=\"accordion__button\" aria-expanded=\"false\" aria-controls=\"accordion-41cdc368-a52d-4a63-8a9d-4be78fe785b2-panel\"><h3 data-accordion-title=\"true\" style=\"font-size:var(--step-1)\"><strong><strong>Kako zahtevne za vzdr\u017eevanje so steklene balkonske ograje?<\/strong><\/strong><\/h3><\/button><div id=\"accordion-41cdc368-a52d-4a63-8a9d-4be78fe785b2-panel\" class=\"accordion__panel\" role=\"region\" aria-labelledby=\"accordion-41cdc368-a52d-4a63-8a9d-4be78fe785b2-button\">\n<p>Steklene ograje je na splo\u0161no <strong>enostavno vzdr\u017eevati<\/strong>, saj ne rjavijo in ne gnijejo. Glavno vzdr\u017eevanje je redno \u010di\u0161\u010denje steklenih povr\u0161in, da se odstranijo umazanija, prah in vodni made\u017ei. To lahko storite s \u010distili za steklo, ki so na voljo na trgu. Tudi materiali okvirjev (pogosto aluminij ali nerjavno jeklo) so zelo nezahtevni za vzdr\u017eevanje. Steklene balkonske ograje <strong>Leeb Balconies<\/strong> so zasnovane tako, da zahtevajo minimalno vzdr\u017eevanje. Gladke steklene povr\u0161ine in trpe\u017eni materiali okvirjev mo\u010dno olaj\u0161ajo \u010di\u0161\u010denje, tako da va\u0161a ograja z malo truda vedno ostane ble\u0161\u010de\u010de \u010dista in prozorna.     <\/p>\n<\/div><\/div>\n\n\n\n<div class=\"wp-block-t3-acc-accordion is-style-default\"><button id=\"accordion-8e12752a-c847-40ee-9c47-cf5abf2281c1-button\" class=\"accordion__button\" aria-expanded=\"false\" aria-controls=\"accordion-8e12752a-c847-40ee-9c47-cf5abf2281c1-panel\"><h3 data-accordion-title=\"true\" style=\"font-size:var(--step-1)\"><strong><strong>Katere mo\u017enosti oblikovanja so na voljo za aluminijaste balkonske ograje?<\/strong><\/strong><\/h3><\/button><div id=\"accordion-8e12752a-c847-40ee-9c47-cf5abf2281c1-panel\" class=\"accordion__panel\" role=\"region\" aria-labelledby=\"accordion-8e12752a-c847-40ee-9c47-cf5abf2281c1-button\">\n<p>Aluminij je zelo prilagodljiv material, ki omogo\u010da<strong> najrazli\u010dnej\u0161e oblike<\/strong>. Skoraj vse je mogo\u010de, od preprostih oblik palic in prozornih steklenih polnil do individualno oblikovanih perforiranih plo\u0161\u010d ali elementov z lesenim zaklju\u010dkom. Tudi pri barvah domi\u0161ljija prakti\u010dno nima meja, saj je aluminij mogo\u010de premazati s katero koli barvo RAL. Podjetje <strong>Leeb Balconies<\/strong> je znano po svoji \u0161iroki paleti aluminijastih modelov, ki segajo od sodobnih in puristi\u010dnih do tradicionalnih videzov. Zahvaljujo\u010d notranjemu procesu na\u010drtovanja in izdelave lahko balkonsko ograjo prilagodite svojim zamislim in celo ustvarite posamezne elemente ali kombinacije z drugimi materiali.   <\/p>\n<\/div><\/div>\n\n\n\n<div class=\"wp-block-t3-acc-accordion is-style-default\"><button id=\"accordion-8c6bff24-9257-48c6-8efa-93e39237d6d2-button\" class=\"accordion__button\" aria-expanded=\"false\" aria-controls=\"accordion-8c6bff24-9257-48c6-8efa-93e39237d6d2-panel\"><h3 data-accordion-title=\"true\" style=\"font-size:var(--step-1)\"><strong><strong><strong>Kak\u0161ne so mo\u017enosti oblikovanja steklenih ograj?<\/strong><\/strong><\/strong><\/h3><\/button><div id=\"accordion-8c6bff24-9257-48c6-8efa-93e39237d6d2-panel\" class=\"accordion__panel\" role=\"region\" aria-labelledby=\"accordion-8c6bff24-9257-48c6-8efa-93e39237d6d2-button\">\n<p>Steklene ograje ponujajo \u0161tevilne mo\u017enosti oblikovanja. Poleg klasi\u010dnega prozornega videza je na voljo tudi <strong>mle\u010dno, matirano ali obarvano steklo<\/strong> za ve\u010d zasebnosti. Razlikuje se tudi vrsta pritrditve: od vidnih dr\u017eal za steklo do integriranih sistemov za &#8220;stekleni&#8221; videz. Priljubljene so tudi kombinacije z okvirji iz nerjavnega jekla ali aluminija. V podjetju <strong>Leeb Balconies<\/strong> lahko svojo stekleno ograjo prilagodite po meri. Z neprekinjenimi steklenimi povr\u0161inami, izmeni\u010dno z aluminijastimi elementi ali s posebno zasnovo stekla &#8211; podjetje Leeb lahko uresni\u010di va\u0161e zamisli. K \u017eelenemu celostnemu videzu pomembno prispeva tudi izbira ustreznega okvirja in pritrdilnega elementa.      <\/p>\n<\/div><\/div>\n\n\n\n<div class=\"wp-block-t3-acc-accordion is-style-default\"><button id=\"accordion-c4e41192-f579-478e-9ddf-0750a9aa6876-button\" class=\"accordion__button\" aria-expanded=\"false\" aria-controls=\"accordion-c4e41192-f579-478e-9ddf-0750a9aa6876-panel\"><h3 data-accordion-title=\"true\" style=\"font-size:var(--step-1)\"><strong><strong><strong><strong><strong>Kako se steklene ograje obna\u0161ajo na son\u010dni svetlobi in vro\u010dini?<\/strong><\/strong><\/strong><\/strong><\/strong><\/h3><\/button><div id=\"accordion-c4e41192-f579-478e-9ddf-0750a9aa6876-panel\" class=\"accordion__panel\" role=\"region\" aria-labelledby=\"accordion-c4e41192-f579-478e-9ddf-0750a9aa6876-button\">\n<p>Sodobno varnostno steklo za balkonske ograje je <strong>izjemno odporno na UV-sevanje in temperaturna nihanja<\/strong>. Ne rumenijo in ne izgubljajo stabilnosti. Na son\u010dno sevanje steklena ograja nima bistvenega vpliva; ohrani se preglednost. Steklo se lahko pri mo\u010dni neposredni son\u010dni svetlobi segreje, vendar je to ne\u0161kodljivo. Varnostno steklo, ki ga uporablja podjetje <strong>Leeb Balconies<\/strong>, je bilo posebej razvito in preizku\u0161eno za zunanjo uporabo. Odporna so na vremenske vplive v Gradcu, na \u0160tajerskem, v Avstriji in drugod, ne da bi pri tem ogrozila kakovost ali videz, kar zagotavlja dolgotrajno u\u017eivanje in varnost.     <\/p>\n<\/div><\/div>\n\n\n\n<div class=\"wp-block-t3-acc-accordion is-style-default\"><button id=\"accordion-c7b1fb85-d6ba-4ec2-aa4d-e67e8ccd56f1-button\" class=\"accordion__button\" aria-expanded=\"false\" aria-controls=\"accordion-c7b1fb85-d6ba-4ec2-aa4d-e67e8ccd56f1-panel\"><h3 data-accordion-title=\"true\" style=\"font-size:var(--step-1)\"><strong><strong><strong><strong>Ali so steklene ograje dra\u017eje od drugih materialov?<\/strong><\/strong><\/strong><\/strong><\/h3><\/button><div id=\"accordion-c7b1fb85-d6ba-4ec2-aa4d-e67e8ccd56f1-panel\" class=\"accordion__panel\" role=\"region\" aria-labelledby=\"accordion-c7b1fb85-d6ba-4ec2-aa4d-e67e8ccd56f1-button\">\n<p>Steklene ograje so v primerjavi s standardnimi lesenimi ali aluminijastimi ograjami na splo\u0161no v <strong>vi\u0161jem cenovnem segmentu<\/strong>. Stro\u0161ki se zelo razlikujejo glede na vrsto varnostnega stekla (laminirano varnostno steklo, kaljeno varnostno steklo), debelino, velikost steklenih plo\u0161\u010d in zapletenost pritrdilnega sistema. Vendar se nalo\u017eba obrestuje zaradi edinstvene estetike in trajnosti. Steklene ograje iz podjetja <strong>Leeb Balconies<\/strong> predstavljajo visokokakovostno nalo\u017ebo v trajno estetiko in varnost. Podjetje Leeb ponuja razli\u010dne mo\u017enosti stekla in pritrjevanja, da bi na\u0161li primerno re\u0161itev za vsak prora\u010dun. Prednosti vam prina\u0161ajo dolgotrajna kakovost in nizke zahteve po vzdr\u017eevanju, ki pove\u010dujejo vrednost va\u0161ega balkona.     <\/p>\n<\/div><\/div>\n<\/div>\n<\/div>\n<\/section>\n\n\n\n<section class=\"wp-block-group alignfull has-white-background-color has-background has-global-padding is-layout-constrained wp-container-core-group-is-layout-52f96efc wp-block-group-is-layout-constrained\">\n<div class=\"wp-block-group o-grid u-md-1 is-layout-flow wp-block-group-is-layout-flow\" style=\"padding-top:0\">\n<div class=\"wp-block-group u-g-9 u-g-s-2 is-layout-flow wp-block-group-is-layout-flow\">\n<h2 class=\"wp-block-heading\">Vtisi steklene balkonske ograje<\/h2>\n\n\n\n<p style=\"padding-bottom:var(--wp--preset--spacing--m)\"><span class=\"teaser\">Naj vas navdihnejo mo\u017enosti oblikovanja na\u0161ih aluminijastih balkonov.<\/span><\/p>\n<\/div>\n<\/div>\n\n\n    <div id=\"t3-lg-block-1\" class=\"wp-block-t3-lightgallery\" data-initial-count=\"6\">\n      <div class=\"lg-container u-grid-temp has-3-cols\">\n                  <div class=\"lg-item\" data-src=\"https:\/\/www.leeb-balkone.com\/app\/uploads\/2023\/03\/glasbalkon-ballina-und-solarbalkon-optimus-in-aluminium-anthrazit-scaled.jpg\"\n              data-sub-html=\"&lt;p&gt;Glasbalkon Ballina mit sandgestrahltem Kreismuster&lt;\/p&gt;\">\n            <div class=\"img-wrapper\">\n                <figure>\n                    <img loading=\"lazy\" decoding=\"async\" width=\"300\" height=\"169\" src=\"https:\/\/www.leeb-balkone.com\/app\/uploads\/2023\/03\/glasbalkon-ballina-und-solarbalkon-optimus-in-aluminium-anthrazit-300x169.jpg\" class=\"attachment-medium size-medium\" alt=\"Alu Glas Gel\u00e4nder Ballina mit sandgestrahltem Kreismuster\" srcset=\"https:\/\/www.leeb-balkone.com\/app\/uploads\/2023\/03\/glasbalkon-ballina-und-solarbalkon-optimus-in-aluminium-anthrazit-300x169.jpg 300w, https:\/\/www.leeb-balkone.com\/app\/uploads\/2023\/03\/glasbalkon-ballina-und-solarbalkon-optimus-in-aluminium-anthrazit-1024x575.jpg 1024w, https:\/\/www.leeb-balkone.com\/app\/uploads\/2023\/03\/glasbalkon-ballina-und-solarbalkon-optimus-in-aluminium-anthrazit-768x431.jpg 768w, https:\/\/www.leeb-balkone.com\/app\/uploads\/2023\/03\/glasbalkon-ballina-und-solarbalkon-optimus-in-aluminium-anthrazit-1536x863.jpg 1536w, https:\/\/www.leeb-balkone.com\/app\/uploads\/2023\/03\/glasbalkon-ballina-und-solarbalkon-optimus-in-aluminium-anthrazit-2048x1151.jpg 2048w\" sizes=\"auto, (min-width: 1200px) 260px, (min-width: 1024px) 220px, (min-width: 640px) 465px, 768px\" \/>    \n                <\/figure>\n                        <\/div>\n            <p>Glasbalkon Ballina mit sandgestrahltem Kreismuster<\/p>        <\/div>\n                  <div class=\"lg-item\" data-src=\"https:\/\/www.leeb-balkone.com\/app\/uploads\/2021\/04\/alu-anbaubalkon-gelaender-riva-2-scaled.jpg\"\n              data-sub-html=\"&lt;p&gt;Balkon Riva&lt;\/p&gt;\">\n            <div class=\"img-wrapper\">\n                <figure>\n                    <img loading=\"lazy\" decoding=\"async\" width=\"300\" height=\"200\" src=\"https:\/\/www.leeb-balkone.com\/app\/uploads\/2021\/04\/alu-anbaubalkon-gelaender-riva-2-300x200.jpg\" class=\"attachment-medium size-medium\" alt=\"alu anbaubalkon gelaender riva\" srcset=\"https:\/\/www.leeb-balkone.com\/app\/uploads\/2021\/04\/alu-anbaubalkon-gelaender-riva-2-300x200.jpg 300w, https:\/\/www.leeb-balkone.com\/app\/uploads\/2021\/04\/alu-anbaubalkon-gelaender-riva-2-1024x684.jpg 1024w, https:\/\/www.leeb-balkone.com\/app\/uploads\/2021\/04\/alu-anbaubalkon-gelaender-riva-2-768x513.jpg 768w, https:\/\/www.leeb-balkone.com\/app\/uploads\/2021\/04\/alu-anbaubalkon-gelaender-riva-2-1536x1025.jpg 1536w, https:\/\/www.leeb-balkone.com\/app\/uploads\/2021\/04\/alu-anbaubalkon-gelaender-riva-2-scaled.jpg 2048w\" sizes=\"auto, (min-width: 1200px) 260px, (min-width: 1024px) 220px, (min-width: 640px) 465px, 768px\" \/>    \n                <\/figure>\n                        <\/div>\n            <p>Balkon Riva<\/p>        <\/div>\n                  <div class=\"lg-item\" data-src=\"https:\/\/www.leeb-balkone.com\/app\/uploads\/2021\/01\/vorher-nachher-vergleich-alu-balkon-palma-2-scaled.jpg\"\n              data-sub-html=\"&lt;p&gt;Balkongel\u00e4nder  Palma&lt;\/p&gt;\">\n            <div class=\"img-wrapper\">\n                <figure>\n                    <img loading=\"lazy\" decoding=\"async\" width=\"300\" height=\"225\" src=\"https:\/\/www.leeb-balkone.com\/app\/uploads\/2021\/01\/vorher-nachher-vergleich-alu-balkon-palma-2-300x225.jpg\" class=\"attachment-medium size-medium\" alt=\"Kreatives Balkongel\u00e4nder mit kombinierter Glas-Alu-F\u00fcllung - Alubalkon Alu Design Palma\" srcset=\"https:\/\/www.leeb-balkone.com\/app\/uploads\/2021\/01\/vorher-nachher-vergleich-alu-balkon-palma-2-300x225.jpg 300w, https:\/\/www.leeb-balkone.com\/app\/uploads\/2021\/01\/vorher-nachher-vergleich-alu-balkon-palma-2-1024x767.jpg 1024w, https:\/\/www.leeb-balkone.com\/app\/uploads\/2021\/01\/vorher-nachher-vergleich-alu-balkon-palma-2-768x575.jpg 768w, https:\/\/www.leeb-balkone.com\/app\/uploads\/2021\/01\/vorher-nachher-vergleich-alu-balkon-palma-2-1536x1151.jpg 1536w, https:\/\/www.leeb-balkone.com\/app\/uploads\/2021\/01\/vorher-nachher-vergleich-alu-balkon-palma-2-2048x1535.jpg 2048w\" sizes=\"auto, (min-width: 1200px) 260px, (min-width: 1024px) 220px, (min-width: 640px) 465px, 768px\" \/>    \n                <\/figure>\n                        <\/div>\n            <p>Balkongel\u00e4nder  Palma<\/p>        <\/div>\n                  <div class=\"lg-item\" data-src=\"https:\/\/www.leeb-balkone.com\/app\/uploads\/2020\/06\/balkongelaender-alu-design-barcelona-34-scaled.jpg\"\n              data-sub-html=\"&lt;p&gt;Balkonmodell Barcelona&lt;\/p&gt;\">\n            <div class=\"img-wrapper\">\n                <figure>\n                    <img loading=\"lazy\" decoding=\"async\" width=\"300\" height=\"200\" src=\"https:\/\/www.leeb-balkone.com\/app\/uploads\/2020\/06\/balkongelaender-alu-design-barcelona-34-300x200.jpg\" class=\"attachment-medium size-medium\" alt=\"balkongelaender alu design barcelona\" srcset=\"https:\/\/www.leeb-balkone.com\/app\/uploads\/2020\/06\/balkongelaender-alu-design-barcelona-34-300x200.jpg 300w, https:\/\/www.leeb-balkone.com\/app\/uploads\/2020\/06\/balkongelaender-alu-design-barcelona-34-1024x683.jpg 1024w, https:\/\/www.leeb-balkone.com\/app\/uploads\/2020\/06\/balkongelaender-alu-design-barcelona-34-768x512.jpg 768w, https:\/\/www.leeb-balkone.com\/app\/uploads\/2020\/06\/balkongelaender-alu-design-barcelona-34-1536x1025.jpg 1536w, https:\/\/www.leeb-balkone.com\/app\/uploads\/2020\/06\/balkongelaender-alu-design-barcelona-34-2048x1367.jpg 2048w\" sizes=\"auto, (min-width: 1200px) 260px, (min-width: 1024px) 220px, (min-width: 640px) 465px, 768px\" \/>    \n                <\/figure>\n                        <\/div>\n            <p>Balkonmodell Barcelona<\/p>        <\/div>\n                  <div class=\"lg-item\" data-src=\"https:\/\/www.leeb-balkone.com\/app\/uploads\/2020\/09\/glas-balkongelaender-alu-design-casa-linea-24-scaled.jpg\"\n              data-sub-html=\"&lt;p&gt;Balkon Casa Linea&lt;\/p&gt;\">\n            <div class=\"img-wrapper\">\n                <figure>\n                    <img loading=\"lazy\" decoding=\"async\" width=\"300\" height=\"200\" src=\"https:\/\/www.leeb-balkone.com\/app\/uploads\/2020\/09\/glas-balkongelaender-alu-design-casa-linea-24-300x200.jpg\" class=\"attachment-medium size-medium\" alt=\"Neue Hausfassade mit modernem Glasbalkon\" srcset=\"https:\/\/www.leeb-balkone.com\/app\/uploads\/2020\/09\/glas-balkongelaender-alu-design-casa-linea-24-300x200.jpg 300w, https:\/\/www.leeb-balkone.com\/app\/uploads\/2020\/09\/glas-balkongelaender-alu-design-casa-linea-24-1024x684.jpg 1024w, https:\/\/www.leeb-balkone.com\/app\/uploads\/2020\/09\/glas-balkongelaender-alu-design-casa-linea-24-768x513.jpg 768w, https:\/\/www.leeb-balkone.com\/app\/uploads\/2020\/09\/glas-balkongelaender-alu-design-casa-linea-24-1536x1025.jpg 1536w, https:\/\/www.leeb-balkone.com\/app\/uploads\/2020\/09\/glas-balkongelaender-alu-design-casa-linea-24-2048x1367.jpg 2048w\" sizes=\"auto, (min-width: 1200px) 260px, (min-width: 1024px) 220px, (min-width: 640px) 465px, 768px\" \/>    \n                <\/figure>\n                        <\/div>\n            <p>Balkon Casa Linea<\/p>        <\/div>\n                  <div class=\"lg-item\" data-src=\"https:\/\/www.leeb-balkone.com\/app\/uploads\/2020\/06\/balkongelaender-alu-design-cordoba-9-scaled.jpg\"\n              data-sub-html=\"&lt;p&gt;Balkongel\u00e4nder Aluminium in Holzoptik (Modell Cordoba)&lt;\/p&gt;\">\n            <div class=\"img-wrapper\">\n                <figure>\n                    <img loading=\"lazy\" decoding=\"async\" width=\"300\" height=\"199\" src=\"https:\/\/www.leeb-balkone.com\/app\/uploads\/2020\/06\/balkongelaender-alu-design-cordoba-9-300x199.jpg\" class=\"attachment-medium size-medium\" alt=\"Modernes Allrounder Balkongel\u00e4nder mit Alu Latten in Holzoptik - Alubalkon Alu Design Cordoba\" srcset=\"https:\/\/www.leeb-balkone.com\/app\/uploads\/2020\/06\/balkongelaender-alu-design-cordoba-9-300x199.jpg 300w, https:\/\/www.leeb-balkone.com\/app\/uploads\/2020\/06\/balkongelaender-alu-design-cordoba-9-1024x681.jpg 1024w, https:\/\/www.leeb-balkone.com\/app\/uploads\/2020\/06\/balkongelaender-alu-design-cordoba-9-768x510.jpg 768w, https:\/\/www.leeb-balkone.com\/app\/uploads\/2020\/06\/balkongelaender-alu-design-cordoba-9-1536x1021.jpg 1536w, https:\/\/www.leeb-balkone.com\/app\/uploads\/2020\/06\/balkongelaender-alu-design-cordoba-9-2048x1361.jpg 2048w\" sizes=\"auto, (min-width: 1200px) 260px, (min-width: 1024px) 220px, (min-width: 640px) 465px, 768px\" \/>    \n                <\/figure>\n                        <\/div>\n            <p>Balkongel\u00e4nder Aluminium in Holzoptik (Modell Cordoba)<\/p>        <\/div>\n                  <div class=\"lg-item\" data-src=\"https:\/\/www.leeb-balkone.com\/app\/uploads\/2020\/04\/balkongelaender-alu-design-merida-112-scaled.jpg\"\n              data-sub-html=\"&lt;p&gt;Kombination mit Vital&lt;\/p&gt;\">\n            <div class=\"img-wrapper\">\n                <figure>\n                    <img loading=\"lazy\" decoding=\"async\" width=\"300\" height=\"200\" src=\"https:\/\/www.leeb-balkone.com\/app\/uploads\/2020\/04\/balkongelaender-alu-design-merida-112-300x200.jpg\" class=\"attachment-medium size-medium\" alt=\"balkongelaender alu design merida\" srcset=\"https:\/\/www.leeb-balkone.com\/app\/uploads\/2020\/04\/balkongelaender-alu-design-merida-112-300x200.jpg 300w, https:\/\/www.leeb-balkone.com\/app\/uploads\/2020\/04\/balkongelaender-alu-design-merida-112-1024x684.jpg 1024w, https:\/\/www.leeb-balkone.com\/app\/uploads\/2020\/04\/balkongelaender-alu-design-merida-112-768x513.jpg 768w, https:\/\/www.leeb-balkone.com\/app\/uploads\/2020\/04\/balkongelaender-alu-design-merida-112-1536x1025.jpg 1536w, https:\/\/www.leeb-balkone.com\/app\/uploads\/2020\/04\/balkongelaender-alu-design-merida-112-scaled.jpg 2048w\" sizes=\"auto, (min-width: 1200px) 260px, (min-width: 1024px) 220px, (min-width: 640px) 465px, 768px\" \/>    \n                <\/figure>\n                        <\/div>\n            <p>Kombination mit Vital<\/p>        <\/div>\n                  <div class=\"lg-item\" data-src=\"https:\/\/www.leeb-balkone.com\/app\/uploads\/2020\/07\/glasbalkon-vision-spiegelung-alu-alubalkon-glasfuellung-mattgrau-holzhaus-glasfront-scaled.jpg\"\n              data-sub-html=\"&lt;p&gt;Balkongel\u00e4nder aus Grauglas&lt;\/p&gt;\">\n            <div class=\"img-wrapper\">\n                <figure>\n                    <img loading=\"lazy\" decoding=\"async\" width=\"300\" height=\"200\" src=\"https:\/\/www.leeb-balkone.com\/app\/uploads\/2020\/07\/glasbalkon-vision-spiegelung-alu-alubalkon-glasfuellung-mattgrau-holzhaus-glasfront-300x200.jpg\" class=\"attachment-medium size-medium\" alt=\"Leeb Gel\u00e4nder Modell Vision mit mattgrauer Glasf\u00fcllung - terrassenartiger Balkon modernes Holzhaus\" srcset=\"https:\/\/www.leeb-balkone.com\/app\/uploads\/2020\/07\/glasbalkon-vision-spiegelung-alu-alubalkon-glasfuellung-mattgrau-holzhaus-glasfront-300x200.jpg 300w, https:\/\/www.leeb-balkone.com\/app\/uploads\/2020\/07\/glasbalkon-vision-spiegelung-alu-alubalkon-glasfuellung-mattgrau-holzhaus-glasfront-1024x683.jpg 1024w, https:\/\/www.leeb-balkone.com\/app\/uploads\/2020\/07\/glasbalkon-vision-spiegelung-alu-alubalkon-glasfuellung-mattgrau-holzhaus-glasfront-768x512.jpg 768w, https:\/\/www.leeb-balkone.com\/app\/uploads\/2020\/07\/glasbalkon-vision-spiegelung-alu-alubalkon-glasfuellung-mattgrau-holzhaus-glasfront-1536x1024.jpg 1536w, https:\/\/www.leeb-balkone.com\/app\/uploads\/2020\/07\/glasbalkon-vision-spiegelung-alu-alubalkon-glasfuellung-mattgrau-holzhaus-glasfront-2048x1365.jpg 2048w\" sizes=\"auto, (min-width: 1200px) 260px, (min-width: 1024px) 220px, (min-width: 640px) 465px, 768px\" \/>    \n                <\/figure>\n                        <\/div>\n            <p>Balkongel\u00e4nder aus Grauglas<\/p>        <\/div>\n                  <div class=\"lg-item\" data-src=\"https:\/\/www.leeb-balkone.com\/app\/uploads\/2020\/07\/glas-balkongelaender-alu-design-vision-40-scaled.jpg\"\n              data-sub-html=\"&lt;p&gt;Balkongel\u00e4nder Vision aus transparentem Glas&lt;\/p&gt;\">\n            <div class=\"img-wrapper\">\n                <figure>\n                    <img loading=\"lazy\" decoding=\"async\" width=\"300\" height=\"200\" src=\"https:\/\/www.leeb-balkone.com\/app\/uploads\/2020\/07\/glas-balkongelaender-alu-design-vision-40-300x200.jpg\" class=\"attachment-medium size-medium\" alt=\"glas balkongelaender alu design vision\" srcset=\"https:\/\/www.leeb-balkone.com\/app\/uploads\/2020\/07\/glas-balkongelaender-alu-design-vision-40-300x200.jpg 300w, https:\/\/www.leeb-balkone.com\/app\/uploads\/2020\/07\/glas-balkongelaender-alu-design-vision-40-1024x684.jpg 1024w, https:\/\/www.leeb-balkone.com\/app\/uploads\/2020\/07\/glas-balkongelaender-alu-design-vision-40-768x513.jpg 768w, https:\/\/www.leeb-balkone.com\/app\/uploads\/2020\/07\/glas-balkongelaender-alu-design-vision-40-1536x1025.jpg 1536w, https:\/\/www.leeb-balkone.com\/app\/uploads\/2020\/07\/glas-balkongelaender-alu-design-vision-40-2048x1367.jpg 2048w\" sizes=\"auto, (min-width: 1200px) 260px, (min-width: 1024px) 220px, (min-width: 640px) 465px, 768px\" \/>    \n                <\/figure>\n                        <\/div>\n            <p>Balkongel\u00e4nder Vision aus transparentem Glas<\/p>        <\/div>\n                  <div class=\"lg-item\" data-src=\"https:\/\/www.leeb-balkone.com\/app\/uploads\/2020\/07\/balkongelaender-alu-design-granada-25-scaled.jpg\"\n              data-sub-html=\"&lt;p&gt;Balkon Granada&lt;\/p&gt;\">\n            <div class=\"img-wrapper\">\n                <figure>\n                    <img loading=\"lazy\" decoding=\"async\" width=\"300\" height=\"200\" src=\"https:\/\/www.leeb-balkone.com\/app\/uploads\/2020\/07\/balkongelaender-alu-design-granada-25-300x200.jpg\" class=\"attachment-medium size-medium\" alt=\"balkongelaender alu design granada\" srcset=\"https:\/\/www.leeb-balkone.com\/app\/uploads\/2020\/07\/balkongelaender-alu-design-granada-25-300x200.jpg 300w, https:\/\/www.leeb-balkone.com\/app\/uploads\/2020\/07\/balkongelaender-alu-design-granada-25-1024x683.jpg 1024w, https:\/\/www.leeb-balkone.com\/app\/uploads\/2020\/07\/balkongelaender-alu-design-granada-25-768x512.jpg 768w, https:\/\/www.leeb-balkone.com\/app\/uploads\/2020\/07\/balkongelaender-alu-design-granada-25-1536x1024.jpg 1536w, https:\/\/www.leeb-balkone.com\/app\/uploads\/2020\/07\/balkongelaender-alu-design-granada-25-2048x1366.jpg 2048w\" sizes=\"auto, (min-width: 1200px) 260px, (min-width: 1024px) 220px, (min-width: 640px) 465px, 768px\" \/>    \n                <\/figure>\n                        <\/div>\n            <p>Balkon Granada<\/p>        <\/div>\n                  <div class=\"lg-item\" data-src=\"https:\/\/www.leeb-balkone.com\/app\/uploads\/2020\/07\/alubalkongelaender-genf-in-weiss-frontalansicht-scaled.jpg\"\n              data-sub-html=\"&lt;p&gt;Balkongel\u00e4nder in reinwei\u00df (Modell Genf)&lt;\/p&gt;\">\n            <div class=\"img-wrapper\">\n                <figure>\n                    <img loading=\"lazy\" decoding=\"async\" width=\"300\" height=\"200\" src=\"https:\/\/www.leeb-balkone.com\/app\/uploads\/2020\/07\/alubalkongelaender-genf-in-weiss-frontalansicht-300x200.jpg\" class=\"attachment-medium size-medium\" alt=\"alubalkongelaender genf in weiss frontalansicht\" srcset=\"https:\/\/www.leeb-balkone.com\/app\/uploads\/2020\/07\/alubalkongelaender-genf-in-weiss-frontalansicht-300x200.jpg 300w, https:\/\/www.leeb-balkone.com\/app\/uploads\/2020\/07\/alubalkongelaender-genf-in-weiss-frontalansicht-1024x683.jpg 1024w, https:\/\/www.leeb-balkone.com\/app\/uploads\/2020\/07\/alubalkongelaender-genf-in-weiss-frontalansicht-768x512.jpg 768w, https:\/\/www.leeb-balkone.com\/app\/uploads\/2020\/07\/alubalkongelaender-genf-in-weiss-frontalansicht-1536x1025.jpg 1536w, https:\/\/www.leeb-balkone.com\/app\/uploads\/2020\/07\/alubalkongelaender-genf-in-weiss-frontalansicht-2048x1366.jpg 2048w\" sizes=\"auto, (min-width: 1200px) 260px, (min-width: 1024px) 220px, (min-width: 640px) 465px, 768px\" \/>    \n                <\/figure>\n                        <\/div>\n            <p>Balkongel\u00e4nder in reinwei\u00df (Modell Genf)<\/p>        <\/div>\n                  <div class=\"lg-item\" data-src=\"https:\/\/www.leeb-balkone.com\/app\/uploads\/2025\/07\/balkongelaender-madrid-aus-aluminium-mit-edelstahlstreben-scaled.jpg\"\n              data-sub-html=\"&lt;p&gt;horizontales Balkongel\u00e4nder - Modell Madrid mit Edelstahlstreben &lt;\/p&gt;\">\n            <div class=\"img-wrapper\">\n                <figure>\n                    <img loading=\"lazy\" decoding=\"async\" width=\"300\" height=\"200\" src=\"https:\/\/www.leeb-balkone.com\/app\/uploads\/2025\/07\/balkongelaender-madrid-aus-aluminium-mit-edelstahlstreben-300x200.jpg\" class=\"attachment-medium size-medium\" alt=\"balkongelaender madrid aus aluminium mit edelstahlstreben\" srcset=\"https:\/\/www.leeb-balkone.com\/app\/uploads\/2025\/07\/balkongelaender-madrid-aus-aluminium-mit-edelstahlstreben-300x200.jpg 300w, https:\/\/www.leeb-balkone.com\/app\/uploads\/2025\/07\/balkongelaender-madrid-aus-aluminium-mit-edelstahlstreben-1024x684.jpg 1024w, https:\/\/www.leeb-balkone.com\/app\/uploads\/2025\/07\/balkongelaender-madrid-aus-aluminium-mit-edelstahlstreben-768x513.jpg 768w, https:\/\/www.leeb-balkone.com\/app\/uploads\/2025\/07\/balkongelaender-madrid-aus-aluminium-mit-edelstahlstreben-1536x1025.jpg 1536w, https:\/\/www.leeb-balkone.com\/app\/uploads\/2025\/07\/balkongelaender-madrid-aus-aluminium-mit-edelstahlstreben-2048x1367.jpg 2048w\" sizes=\"auto, (min-width: 1200px) 260px, (min-width: 1024px) 220px, (min-width: 640px) 465px, 768px\" \/>    \n                <\/figure>\n                        <\/div>\n            <p>horizontales Balkongel\u00e4nder &#8211; Modell Madrid mit Edelstahlstreben <\/p>        <\/div>\n                  <div class=\"lg-item\" data-src=\"https:\/\/www.leeb-balkone.com\/app\/uploads\/2020\/07\/balkongelaender-alu-wooden-madrid-10-scaled.jpg\"\n              data-sub-html=\"&lt;p&gt;Modernes Alu Balkongel\u00e4nder in Holzoptik mit Edelstahl-Streben&lt;\/p&gt;\">\n            <div class=\"img-wrapper\">\n                <figure>\n                    <img loading=\"lazy\" decoding=\"async\" width=\"300\" height=\"211\" src=\"https:\/\/www.leeb-balkone.com\/app\/uploads\/2020\/07\/balkongelaender-alu-wooden-madrid-10-300x211.jpg\" class=\"attachment-medium size-medium\" alt=\"Modernes Alu Balkongel\u00e4nder in Holzoptik mit Edelstahl-Streben - Alubalkon Alu Wooden Madrid\" srcset=\"https:\/\/www.leeb-balkone.com\/app\/uploads\/2020\/07\/balkongelaender-alu-wooden-madrid-10-300x211.jpg 300w, https:\/\/www.leeb-balkone.com\/app\/uploads\/2020\/07\/balkongelaender-alu-wooden-madrid-10-1024x721.jpg 1024w, https:\/\/www.leeb-balkone.com\/app\/uploads\/2020\/07\/balkongelaender-alu-wooden-madrid-10-768x540.jpg 768w, https:\/\/www.leeb-balkone.com\/app\/uploads\/2020\/07\/balkongelaender-alu-wooden-madrid-10-1536x1081.jpg 1536w, https:\/\/www.leeb-balkone.com\/app\/uploads\/2020\/07\/balkongelaender-alu-wooden-madrid-10-2048x1441.jpg 2048w\" sizes=\"auto, (min-width: 1200px) 260px, (min-width: 1024px) 220px, (min-width: 640px) 465px, 768px\" \/>    \n                <\/figure>\n                        <\/div>\n            <p>Modernes Alu Balkongel\u00e4nder in Holzoptik mit Edelstahl-Streben<\/p>        <\/div>\n                  <div class=\"lg-item\" data-src=\"https:\/\/www.leeb-balkone.com\/app\/uploads\/2020\/07\/balkongelaender-alu-design-trento-13-scaled.jpg\"\n              data-sub-html=\"&lt;p&gt;Balkon Trento in Holzoptik&lt;\/p&gt;\">\n            <div class=\"img-wrapper\">\n                <figure>\n                    <img loading=\"lazy\" decoding=\"async\" width=\"300\" height=\"224\" src=\"https:\/\/www.leeb-balkone.com\/app\/uploads\/2020\/07\/balkongelaender-alu-design-trento-13-300x224.jpg\" class=\"attachment-medium size-medium\" alt=\"balkongelaender alu design trento\" srcset=\"https:\/\/www.leeb-balkone.com\/app\/uploads\/2020\/07\/balkongelaender-alu-design-trento-13-300x224.jpg 300w, https:\/\/www.leeb-balkone.com\/app\/uploads\/2020\/07\/balkongelaender-alu-design-trento-13-1024x765.jpg 1024w, https:\/\/www.leeb-balkone.com\/app\/uploads\/2020\/07\/balkongelaender-alu-design-trento-13-768x574.jpg 768w, https:\/\/www.leeb-balkone.com\/app\/uploads\/2020\/07\/balkongelaender-alu-design-trento-13-1536x1147.jpg 1536w, https:\/\/www.leeb-balkone.com\/app\/uploads\/2020\/07\/balkongelaender-alu-design-trento-13-2048x1529.jpg 2048w\" sizes=\"auto, (min-width: 1200px) 260px, (min-width: 1024px) 220px, (min-width: 640px) 465px, 768px\" \/>    \n                <\/figure>\n                        <\/div>\n            <p>Balkon Trento in Holzoptik<\/p>        <\/div>\n                  <div class=\"lg-item\" data-src=\"https:\/\/www.leeb-balkone.com\/app\/uploads\/2020\/10\/alu-balkongelaender-design-twist-04.jpg\"\n              data-sub-html=\"&lt;p&gt;Balkongel\u00e4nder Modell Twist&lt;\/p&gt;\">\n            <div class=\"img-wrapper\">\n                <figure>\n                    <img loading=\"lazy\" decoding=\"async\" width=\"300\" height=\"225\" src=\"https:\/\/www.leeb-balkone.com\/app\/uploads\/2020\/10\/alu-balkongelaender-design-twist-04-300x225.jpg\" class=\"attachment-medium size-medium\" alt=\"alu balkongelaender design twist\" srcset=\"https:\/\/www.leeb-balkone.com\/app\/uploads\/2020\/10\/alu-balkongelaender-design-twist-04-300x225.jpg 300w, https:\/\/www.leeb-balkone.com\/app\/uploads\/2020\/10\/alu-balkongelaender-design-twist-04-1024x768.jpg 1024w, https:\/\/www.leeb-balkone.com\/app\/uploads\/2020\/10\/alu-balkongelaender-design-twist-04-768x576.jpg 768w, https:\/\/www.leeb-balkone.com\/app\/uploads\/2020\/10\/alu-balkongelaender-design-twist-04-1536x1152.jpg 1536w, https:\/\/www.leeb-balkone.com\/app\/uploads\/2020\/10\/alu-balkongelaender-design-twist-04-2048x1536.jpg 2048w\" sizes=\"auto, (min-width: 1200px) 260px, (min-width: 1024px) 220px, (min-width: 640px) 465px, 768px\" \/>    \n                <\/figure>\n                        <\/div>\n            <p>Balkongel\u00e4nder Modell Twist<\/p>        <\/div>\n                  <div class=\"lg-item\" data-src=\"https:\/\/www.leeb-balkone.com\/app\/uploads\/2020\/07\/glas-balkongelaender-alu-design-vitro-25-scaled.jpg\"\n              data-sub-html=\"&lt;p&gt;Balkonkombination Vitro und Casa Linea&lt;\/p&gt;\">\n            <div class=\"img-wrapper\">\n                <figure>\n                    <img loading=\"lazy\" decoding=\"async\" width=\"300\" height=\"225\" src=\"https:\/\/www.leeb-balkone.com\/app\/uploads\/2020\/07\/glas-balkongelaender-alu-design-vitro-25-300x225.jpg\" class=\"attachment-medium size-medium\" alt=\"glas balkongelaender alu design vitro\" srcset=\"https:\/\/www.leeb-balkone.com\/app\/uploads\/2020\/07\/glas-balkongelaender-alu-design-vitro-25-300x225.jpg 300w, https:\/\/www.leeb-balkone.com\/app\/uploads\/2020\/07\/glas-balkongelaender-alu-design-vitro-25-1024x767.jpg 1024w, https:\/\/www.leeb-balkone.com\/app\/uploads\/2020\/07\/glas-balkongelaender-alu-design-vitro-25-768x575.jpg 768w, https:\/\/www.leeb-balkone.com\/app\/uploads\/2020\/07\/glas-balkongelaender-alu-design-vitro-25-1536x1151.jpg 1536w, https:\/\/www.leeb-balkone.com\/app\/uploads\/2020\/07\/glas-balkongelaender-alu-design-vitro-25-2048x1535.jpg 2048w\" sizes=\"auto, (min-width: 1200px) 260px, (min-width: 1024px) 220px, (min-width: 640px) 465px, 768px\" \/>    \n                <\/figure>\n                        <\/div>\n            <p>Balkonkombination Vitro und Casa Linea<\/p>        <\/div>\n                  <div class=\"lg-item\" data-src=\"https:\/\/www.leeb-balkone.com\/app\/uploads\/2020\/07\/balkongelaender-alu-classic-vilshofen-24.jpg\"\n              data-sub-html=\"&lt;p&gt;Alubalkon Vilshofen mit Blumenk\u00e4sten&lt;\/p&gt;\">\n            <div class=\"img-wrapper\">\n                <figure>\n                    <img loading=\"lazy\" decoding=\"async\" width=\"300\" height=\"225\" src=\"https:\/\/www.leeb-balkone.com\/app\/uploads\/2020\/07\/balkongelaender-alu-classic-vilshofen-24-300x225.jpg\" class=\"attachment-medium size-medium\" alt=\"Zeitloses Balkongel\u00e4nder aus Aluminium mit Edelstahl-Handlauf - Alubalkon Alu Classic Vilshofen\" srcset=\"https:\/\/www.leeb-balkone.com\/app\/uploads\/2020\/07\/balkongelaender-alu-classic-vilshofen-24-300x225.jpg 300w, https:\/\/www.leeb-balkone.com\/app\/uploads\/2020\/07\/balkongelaender-alu-classic-vilshofen-24-1024x768.jpg 1024w, https:\/\/www.leeb-balkone.com\/app\/uploads\/2020\/07\/balkongelaender-alu-classic-vilshofen-24-768x576.jpg 768w, https:\/\/www.leeb-balkone.com\/app\/uploads\/2020\/07\/balkongelaender-alu-classic-vilshofen-24-1536x1152.jpg 1536w, https:\/\/www.leeb-balkone.com\/app\/uploads\/2020\/07\/balkongelaender-alu-classic-vilshofen-24-2048x1536.jpg 2048w\" sizes=\"auto, (min-width: 1200px) 260px, (min-width: 1024px) 220px, (min-width: 640px) 465px, 768px\" \/>    \n                <\/figure>\n                        <\/div>\n            <p>Alubalkon Vilshofen mit Blumenk\u00e4sten<\/p>        <\/div>\n                  <div class=\"lg-item\" data-src=\"https:\/\/www.leeb-balkone.com\/app\/uploads\/2020\/07\/balkongelaender-alu-classic-vilshofen-23-scaled.jpg\"\n              data-sub-html=\"&lt;p&gt;Klassischer Balkon Vilshofen&lt;\/p&gt;\">\n            <div class=\"img-wrapper\">\n                <figure>\n                    <img loading=\"lazy\" decoding=\"async\" width=\"300\" height=\"200\" src=\"https:\/\/www.leeb-balkone.com\/app\/uploads\/2020\/07\/balkongelaender-alu-classic-vilshofen-23-300x200.jpg\" class=\"attachment-medium size-medium\" alt=\"Graues Einfamilienhaus mit Alu Classic Vilshofen Balkongel\u00e4nder\" srcset=\"https:\/\/www.leeb-balkone.com\/app\/uploads\/2020\/07\/balkongelaender-alu-classic-vilshofen-23-300x200.jpg 300w, https:\/\/www.leeb-balkone.com\/app\/uploads\/2020\/07\/balkongelaender-alu-classic-vilshofen-23-1024x683.jpg 1024w, https:\/\/www.leeb-balkone.com\/app\/uploads\/2020\/07\/balkongelaender-alu-classic-vilshofen-23-768x512.jpg 768w, https:\/\/www.leeb-balkone.com\/app\/uploads\/2020\/07\/balkongelaender-alu-classic-vilshofen-23-1536x1024.jpg 1536w, https:\/\/www.leeb-balkone.com\/app\/uploads\/2020\/07\/balkongelaender-alu-classic-vilshofen-23-2048x1366.jpg 2048w\" sizes=\"auto, (min-width: 1200px) 260px, (min-width: 1024px) 220px, (min-width: 640px) 465px, 768px\" \/>    \n                <\/figure>\n                        <\/div>\n            <p>Klassischer Balkon Vilshofen<\/p>        <\/div>\n                  <div class=\"lg-item\" data-src=\"https:\/\/www.leeb-balkone.com\/app\/uploads\/2021\/04\/balkongelaender-alu-classic-gerlos-27-scaled.jpg\"\n              data-sub-html=\"&lt;p&gt;Balkongel\u00e4nder in Holzoptik (Modell Gerlos)&lt;\/p&gt;\">\n            <div class=\"img-wrapper\">\n                <figure>\n                    <img loading=\"lazy\" decoding=\"async\" width=\"300\" height=\"200\" src=\"https:\/\/www.leeb-balkone.com\/app\/uploads\/2021\/04\/balkongelaender-alu-classic-gerlos-27-300x200.jpg\" class=\"attachment-medium size-medium\" alt=\"balkongelaender alu classic gerlos\" srcset=\"https:\/\/www.leeb-balkone.com\/app\/uploads\/2021\/04\/balkongelaender-alu-classic-gerlos-27-300x200.jpg 300w, https:\/\/www.leeb-balkone.com\/app\/uploads\/2021\/04\/balkongelaender-alu-classic-gerlos-27-1024x683.jpg 1024w, https:\/\/www.leeb-balkone.com\/app\/uploads\/2021\/04\/balkongelaender-alu-classic-gerlos-27-768x512.jpg 768w, https:\/\/www.leeb-balkone.com\/app\/uploads\/2021\/04\/balkongelaender-alu-classic-gerlos-27-1536x1025.jpg 1536w, https:\/\/www.leeb-balkone.com\/app\/uploads\/2021\/04\/balkongelaender-alu-classic-gerlos-27-2048x1367.jpg 2048w\" sizes=\"auto, (min-width: 1200px) 260px, (min-width: 1024px) 220px, (min-width: 640px) 465px, 768px\" \/>    \n                <\/figure>\n                        <\/div>\n            <p>Balkongel\u00e4nder in Holzoptik (Modell Gerlos)<\/p>        <\/div>\n                  <div class=\"lg-item\" data-src=\"https:\/\/www.leeb-balkone.com\/app\/uploads\/2020\/07\/balkon-alu-select-padova-2-scaled.jpg\"\n              data-sub-html=\"&lt;p&gt;Selektbalkon Padova&lt;\/p&gt;\">\n            <div class=\"img-wrapper\">\n                <figure>\n                    <img loading=\"lazy\" decoding=\"async\" width=\"300\" height=\"200\" src=\"https:\/\/www.leeb-balkone.com\/app\/uploads\/2020\/07\/balkon-alu-select-padova-2-300x200.jpg\" class=\"attachment-medium size-medium\" alt=\"Glas Balkongel\u00e4nder mit soliden Abschlussleisten und Handlauf - Alubalkon Alu Select Padova\" srcset=\"https:\/\/www.leeb-balkone.com\/app\/uploads\/2020\/07\/balkon-alu-select-padova-2-300x200.jpg 300w, https:\/\/www.leeb-balkone.com\/app\/uploads\/2020\/07\/balkon-alu-select-padova-2-1024x681.jpg 1024w, https:\/\/www.leeb-balkone.com\/app\/uploads\/2020\/07\/balkon-alu-select-padova-2-768x511.jpg 768w, https:\/\/www.leeb-balkone.com\/app\/uploads\/2020\/07\/balkon-alu-select-padova-2-1536x1022.jpg 1536w, https:\/\/www.leeb-balkone.com\/app\/uploads\/2020\/07\/balkon-alu-select-padova-2-2048x1363.jpg 2048w\" sizes=\"auto, (min-width: 1200px) 260px, (min-width: 1024px) 220px, (min-width: 640px) 465px, 768px\" \/>    \n                <\/figure>\n                        <\/div>\n            <p>Selektbalkon Padova<\/p>        <\/div>\n                  <div class=\"lg-item\" data-src=\"https:\/\/www.leeb-balkone.com\/app\/uploads\/2024\/08\/balkongelaender-aus-alu-mit-blechfuellung-handa-scaled.jpg\"\n              data-sub-html=\"&lt;p&gt;Balkon mit Perfor\u00e9edesign (Modell Handa)&lt;\/p&gt;\">\n            <div class=\"img-wrapper\">\n                <figure>\n                    <img loading=\"lazy\" decoding=\"async\" width=\"300\" height=\"200\" src=\"https:\/\/www.leeb-balkone.com\/app\/uploads\/2024\/08\/balkongelaender-aus-alu-mit-blechfuellung-handa-300x200.jpg\" class=\"attachment-medium size-medium\" alt=\"balkongelaender aus alu mit blechfuellung handa\" srcset=\"https:\/\/www.leeb-balkone.com\/app\/uploads\/2024\/08\/balkongelaender-aus-alu-mit-blechfuellung-handa-300x200.jpg 300w, https:\/\/www.leeb-balkone.com\/app\/uploads\/2024\/08\/balkongelaender-aus-alu-mit-blechfuellung-handa-1024x682.jpg 1024w, https:\/\/www.leeb-balkone.com\/app\/uploads\/2024\/08\/balkongelaender-aus-alu-mit-blechfuellung-handa-768x512.jpg 768w, https:\/\/www.leeb-balkone.com\/app\/uploads\/2024\/08\/balkongelaender-aus-alu-mit-blechfuellung-handa-1536x1023.jpg 1536w, https:\/\/www.leeb-balkone.com\/app\/uploads\/2024\/08\/balkongelaender-aus-alu-mit-blechfuellung-handa-2048x1364.jpg 2048w\" sizes=\"auto, (min-width: 1200px) 260px, (min-width: 1024px) 220px, (min-width: 640px) 465px, 768px\" \/>    \n                <\/figure>\n                        <\/div>\n            <p>Balkon mit Perfor\u00e9edesign (Modell Handa)<\/p>        <\/div>\n                  <div class=\"lg-item\" data-src=\"https:\/\/www.leeb-balkone.com\/app\/uploads\/2020\/07\/balkongelaender-alu-select-imola-2-scaled.jpg\"\n              data-sub-html=\"&lt;p&gt;Balkongel\u00e4nder in Holzoptik (Modell Imola)&lt;\/p&gt;\">\n            <div class=\"img-wrapper\">\n                <figure>\n                    <img loading=\"lazy\" decoding=\"async\" width=\"300\" height=\"200\" src=\"https:\/\/www.leeb-balkone.com\/app\/uploads\/2020\/07\/balkongelaender-alu-select-imola-2-300x200.jpg\" class=\"attachment-medium size-medium\" alt=\"Aluminium in Holzoptik mit Alu Select Imola Balkongel\u00e4nder\" srcset=\"https:\/\/www.leeb-balkone.com\/app\/uploads\/2020\/07\/balkongelaender-alu-select-imola-2-300x200.jpg 300w, https:\/\/www.leeb-balkone.com\/app\/uploads\/2020\/07\/balkongelaender-alu-select-imola-2-1024x684.jpg 1024w, https:\/\/www.leeb-balkone.com\/app\/uploads\/2020\/07\/balkongelaender-alu-select-imola-2-768x513.jpg 768w, https:\/\/www.leeb-balkone.com\/app\/uploads\/2020\/07\/balkongelaender-alu-select-imola-2-1536x1025.jpg 1536w, https:\/\/www.leeb-balkone.com\/app\/uploads\/2020\/07\/balkongelaender-alu-select-imola-2-2048x1367.jpg 2048w\" sizes=\"auto, (min-width: 1200px) 260px, (min-width: 1024px) 220px, (min-width: 640px) 465px, 768px\" \/>    \n                <\/figure>\n                        <\/div>\n            <p>Balkongel\u00e4nder in Holzoptik (Modell Imola)<\/p>        <\/div>\n                <\/div>\n\n              <div class=\"lg-load-more-wrapper\">\n            <div class=\"lg-load-more wp-block-button is-style-filled-secondary\">\n                <a href=\"#\" class=\"wp-block-button__link wp-element-button\" role=\"button\">\n                    Nalo\u017ei ve\u010d                <\/a>\n            <\/div>\n        <\/div>\n          <\/div>\n    <\/section>\n\n\n\n<section class=\"wp-block-group alignfull has-white-background-color has-background has-global-padding is-layout-constrained wp-container-core-group-is-layout-9fa1424c wp-block-group-is-layout-constrained\" style=\"padding-top:0\">\n<div class=\"wp-block-columns is-style-offset m-split is-layout-flex wp-container-core-columns-is-layout-28f84493 wp-block-columns-is-layout-flex\">\n<div class=\"wp-block-column is-layout-flow wp-block-column-is-layout-flow\"><div class=\"vp-map-wrapper vp-map-ratio-19-1\"><img decoding=\"async\" width=\"1440\" height=\"884\" src=\"https:\/\/www.leeb-balkone.com\/app\/uploads\/2026\/04\/map-sl.jpg\" class=\"attachment-full size-full\" alt=\"map-sl\" style=\"width:100%;height:100%;object-fit:cover;display:block;\" loading=\"lazy\" srcset=\"https:\/\/www.leeb-balkone.com\/app\/uploads\/2026\/04\/map-sl.jpg 1440w, https:\/\/www.leeb-balkone.com\/app\/uploads\/2026\/04\/map-sl-300x184.jpg 300w, https:\/\/www.leeb-balkone.com\/app\/uploads\/2026\/04\/map-sl-1024x629.jpg 1024w, https:\/\/www.leeb-balkone.com\/app\/uploads\/2026\/04\/map-sl-768x471.jpg 768w\" sizes=\"auto, (min-width: 1536px) 2048px, (min-width: 992px) 1536px, (min-width: 768px) 1024px, (min-width: 576px) 768px, 100vw\" \/><\/div>\n<\/div>\n\n\n\n<div class=\"wp-block-column is-vertically-aligned-center is-style-overlay-content is-layout-flow wp-block-column-is-layout-flow\">\n<div class=\"wp-block-group is-vertical is-layout-flex wp-container-core-group-is-layout-bd7877ba wp-block-group-is-layout-flex\">\n<h2 class=\"wp-block-heading has-step-2-font-size\">Posredniki v Sloveniji<\/h2>\n\n\n\n<p>Kompetentni LEEB partnerji v va\u0161i regiji. Osebno svetovanje, natan\u010dno na\u010drtovanje in strokovna monta\u017ea.<\/p>\n\n\n\n<div class=\"wp-block-buttons is-layout-flex wp-block-buttons-is-layout-flex\" style=\"margin-top:var(--wp--preset--spacing--2-xs)\">\n<div class=\"wp-block-button is-style-cta\"><a class=\"wp-block-button__link has-transparent-background-color has-background wp-element-button\" href=\"https:\/\/www.leeb-balkone.com\/sl\/distribucijski-partnerji\/\">Poi\u0161\u010dite prodajnega partnerja<span class=\"sr-only\"> Distribucijski partner Leeb Balkone Slovenija<\/span><\/a><\/div>\n<\/div>\n<\/div>\n<\/div>\n<\/div>\n<\/section>\n\n\n\n<section class=\"wp-block-group alignfull has-light-gray-background-color has-background has-global-padding is-layout-constrained wp-container-core-group-is-layout-52f96efc wp-block-group-is-layout-constrained\" id=\"beratungstermin\">\n<div class=\"wp-block-group m-teaser o-grid u-md-1 is-layout-flow wp-block-group-is-layout-flow\">\n<div class=\"wp-block-group u-g-7 u-g-s-2 is-layout-flow wp-block-group-is-layout-flow\" style=\"margin-bottom:var(--wp--preset--spacing--s)\">\n<h2 class=\"wp-block-heading\">Stopite v stik z nami<\/h2>\n\n\n\n<p><strong><strong>Na\u010drtujete projekt ali imate vpra\u0161anja o nas in na\u0161ih re\u0161itvah? Pi\u0161ite nam: z veseljem bomo odgovorili na va\u0161a vpra\u0161anja!<\/strong><\/strong><\/p>\n<\/div>\n<\/div>\n\n\n\n<div class=\"wp-block-group m-teaser o-grid u-md-1 is-layout-flow wp-block-group-is-layout-flow\">\n<div class=\"wp-block-group u-g-7 u-g-s-2 is-layout-flow wp-block-group-is-layout-flow\" style=\"margin-bottom:var(--wp--preset--spacing--s)\"><form action=\"https:\/\/www.leeb-balkone.com\/sl\/wp-json\/ws-form\/v1\/submit\" class=\"wsf-form wsf-form-canvas\" id=\"ws-form-1\" data-id=\"11\" data-instance-id=\"1\" method=\"POST\"><\/form>\n<\/div>\n\n\n\n<div class=\"wp-block-group u-g-3 u-g-s-9 is-layout-flow wp-block-group-is-layout-flow\"><div class=\"t3-sidebar-buttons wp-block-buttons is-layout-flex wp-block-buttons-is-layout-flex\"><div class=\"wp-block-button is-style-fill icon-book icon-left\">\n                        <a class=\"wp-block-button__link has-secondary-color has-white-background-color has-text-color has-background has-link-color wp-element-button\" href=\"https:\/\/www.leeb-balkone.com\/sl\/kontakt\/zahtevajte-katalog\/\" style=\"box-shadow:var(--wp--preset--shadow--box-shadow)\">Zahtevajte katalog<\/a>\n                    <\/div><\/div>\n<\/div>\n<\/div>\n<\/section>\n","protected":false},"excerpt":{"rendered":"","protected":false},"author":1,"featured_media":22734,"parent":163773,"menu_order":1,"comment_status":"closed","ping_status":"closed","template":"template-onepager.blade.php","meta":{"_acf_changed":false,"footnotes":"","_sage_theme_css":true,"_wp_block_core_css":true},"folder":[244],"class_list":["post-155439","page","type-page","status-publish","has-post-thumbnail","hentry"],"acf":[],"yoast_head":"<!-- This site is optimized with the Yoast SEO plugin v27.2 - https:\/\/yoast.com\/product\/yoast-seo-wordpress\/ -->\n<title>Steklena balkonska ograja &quot; Stekleni balkon - Leeb Balkoni Slovenija<\/title>\n<meta name=\"description\" content=\"Steklene balkonske ograje Leeb: Najvi\u0161ja kakovost \u2713 Pro\u017ene \u2713 Odporne na razbitje \u2713 Brezpla\u010dno svetovanje *** Sodobni stekleni balkoni: storitev na\u010drtovanja in monta\u017ee\" \/>\n<meta name=\"robots\" content=\"index, follow, max-snippet:-1, max-image-preview:large, max-video-preview:-1\" \/>\n<meta property=\"og:locale\" content=\"sl_SI\" \/>\n<meta property=\"og:type\" content=\"article\" \/>\n<meta property=\"og:title\" content=\"Steklena balkonska ograja &quot; Stekleni balkon - Leeb Balkoni\" \/>\n<meta property=\"og:description\" content=\"Steklene balkonske ograje Leeb: Najvi\u0161ja kakovost \u2713 Pro\u017ene \u2713 Odporne na razbitje \u2713 Brezpla\u010dno svetovanje *** Sodobni stekleni balkoni: storitev na\u010drtovanja in monta\u017ee\" \/>\n<meta property=\"og:url\" content=\"https:\/\/www.leeb-balkone.com\/sl\/balkoni\/steklene-balkonske-ograje\/\" \/>\n<meta property=\"og:site_name\" content=\"Leeb Balkone\" \/>\n<meta property=\"article:publisher\" content=\"https:\/\/www.facebook.com\/balkone\/\" \/>\n<meta property=\"article:modified_time\" content=\"2025-09-16T14:22:36+00:00\" \/>\n<meta property=\"og:image\" content=\"https:\/\/www.leeb-balkone.com\/app\/uploads\/2021\/02\/glas-balkongelaender-alu-design-vision-31-scaled.jpg\" \/>\n\t<meta property=\"og:image:width\" content=\"2560\" \/>\n\t<meta property=\"og:image:height\" content=\"1918\" \/>\n\t<meta property=\"og:image:type\" content=\"image\/jpeg\" \/>\n<meta name=\"twitter:card\" content=\"summary_large_image\" \/>\n<script type=\"application\/ld+json\" class=\"yoast-schema-graph\">{\"@context\":\"https:\/\/schema.org\",\"@graph\":[{\"@type\":\"WebPage\",\"@id\":\"https:\/\/www.leeb-balkone.com\/sl\/balkoni\/steklene-balkonske-ograje\/\",\"url\":\"https:\/\/www.leeb-balkone.com\/sl\/balkoni\/steklene-balkonske-ograje\/\",\"name\":\"Steklena balkonska ograja \\\" Stekleni balkon - Leeb Balkoni\",\"isPartOf\":{\"@id\":\"https:\/\/www.leeb-balkone.com\/sl\/#website\"},\"primaryImageOfPage\":{\"@id\":\"https:\/\/www.leeb-balkone.com\/sl\/balkoni\/steklene-balkonske-ograje\/#primaryimage\"},\"image\":{\"@id\":\"https:\/\/www.leeb-balkone.com\/sl\/balkoni\/steklene-balkonske-ograje\/#primaryimage\"},\"thumbnailUrl\":\"https:\/\/www.leeb-balkone.com\/app\/uploads\/2021\/02\/glas-balkongelaender-alu-design-vision-31-scaled.jpg\",\"datePublished\":\"2025-09-15T07:20:00+00:00\",\"dateModified\":\"2025-09-16T14:22:36+00:00\",\"description\":\"Steklene balkonske ograje Leeb: Najvi\u0161ja kakovost \u2713 Pro\u017ene \u2713 Odporne na razbitje \u2713 Brezpla\u010dno svetovanje *** Sodobni stekleni balkoni: storitev na\u010drtovanja in monta\u017ee\",\"breadcrumb\":{\"@id\":\"https:\/\/www.leeb-balkone.com\/sl\/balkoni\/steklene-balkonske-ograje\/#breadcrumb\"},\"inLanguage\":\"sl-SI\",\"potentialAction\":[{\"@type\":\"ReadAction\",\"target\":[\"https:\/\/www.leeb-balkone.com\/sl\/balkoni\/steklene-balkonske-ograje\/\"]}]},{\"@type\":\"ImageObject\",\"inLanguage\":\"sl-SI\",\"@id\":\"https:\/\/www.leeb-balkone.com\/sl\/balkoni\/steklene-balkonske-ograje\/#primaryimage\",\"url\":\"https:\/\/www.leeb-balkone.com\/app\/uploads\/2021\/02\/glas-balkongelaender-alu-design-vision-31-scaled.jpg\",\"contentUrl\":\"https:\/\/www.leeb-balkone.com\/app\/uploads\/2021\/02\/glas-balkongelaender-alu-design-vision-31-scaled.jpg\",\"width\":2560,\"height\":1918},{\"@type\":\"BreadcrumbList\",\"@id\":\"https:\/\/www.leeb-balkone.com\/sl\/balkoni\/steklene-balkonske-ograje\/#breadcrumb\",\"itemListElement\":[{\"@type\":\"ListItem\",\"position\":1,\"name\":\"Home\",\"item\":\"https:\/\/www.leeb-balkone.com\/sl\/\"},{\"@type\":\"ListItem\",\"position\":2,\"name\":\"Balkoni\",\"item\":\"https:\/\/www.leeb-balkone.com\/sl\/balkoni\/\"},{\"@type\":\"ListItem\",\"position\":3,\"name\":\"Steklene balkonske ograje\"}]},{\"@type\":\"WebSite\",\"@id\":\"https:\/\/www.leeb-balkone.com\/sl\/#website\",\"url\":\"https:\/\/www.leeb-balkone.com\/sl\/\",\"name\":\"Leeb Balkone\",\"description\":\"Balkone und Z\u00e4une\",\"publisher\":{\"@id\":\"https:\/\/www.leeb-balkone.com\/sl\/#organization\"},\"potentialAction\":[{\"@type\":\"SearchAction\",\"target\":{\"@type\":\"EntryPoint\",\"urlTemplate\":\"https:\/\/www.leeb-balkone.com\/sl\/?s={search_term_string}\"},\"query-input\":{\"@type\":\"PropertyValueSpecification\",\"valueRequired\":true,\"valueName\":\"search_term_string\"}}],\"inLanguage\":\"sl-SI\"},{\"@type\":\"Organization\",\"@id\":\"https:\/\/www.leeb-balkone.com\/sl\/#organization\",\"name\":\"Leeb Balkone Gmbh\",\"url\":\"https:\/\/www.leeb-balkone.com\/sl\/\",\"logo\":{\"@type\":\"ImageObject\",\"inLanguage\":\"sl-SI\",\"@id\":\"https:\/\/www.leeb-balkone.com\/sl\/#\/schema\/logo\/image\/\",\"url\":\"https:\/\/www.leeb-balkone.com\/app\/uploads\/2020\/11\/leeb-logo.svg\",\"contentUrl\":\"https:\/\/www.leeb-balkone.com\/app\/uploads\/2020\/11\/leeb-logo.svg\",\"width\":741,\"height\":204,\"caption\":\"Leeb Balkone Gmbh\"},\"image\":{\"@id\":\"https:\/\/www.leeb-balkone.com\/sl\/#\/schema\/logo\/image\/\"},\"sameAs\":[\"https:\/\/www.facebook.com\/balkone\/\",\"https:\/\/www.trustedshops.at\/bewertung\/info_X4587CCF5833E31AFE0B11F47D86999F2.html\",\"https:\/\/www.trustedshops.de\/bewertung\/info_X7BA536A7A0BDC86D36C4718E4DCAEEEF.html\",\"https:\/\/www.google.com\/maps\/place\/?q=place_id:ChIJ5-zH19-IcEcR9HonWRTllHI\"]}]}<\/script>\n<!-- \/ Yoast SEO plugin. -->","yoast_head_json":{"title":"Steklena balkonska ograja \" Stekleni balkon - Leeb Balkoni Slovenija","description":"Steklene balkonske ograje Leeb: Najvi\u0161ja kakovost \u2713 Pro\u017ene \u2713 Odporne na razbitje \u2713 Brezpla\u010dno svetovanje *** Sodobni stekleni balkoni: storitev na\u010drtovanja in monta\u017ee","robots":{"index":"index","follow":"follow","max-snippet":"max-snippet:-1","max-image-preview":"max-image-preview:large","max-video-preview":"max-video-preview:-1"},"og_locale":"sl_SI","og_type":"article","og_title":"Steklena balkonska ograja \" Stekleni balkon - Leeb Balkoni","og_description":"Steklene balkonske ograje Leeb: Najvi\u0161ja kakovost \u2713 Pro\u017ene \u2713 Odporne na razbitje \u2713 Brezpla\u010dno svetovanje *** Sodobni stekleni balkoni: storitev na\u010drtovanja in monta\u017ee","og_url":"https:\/\/www.leeb-balkone.com\/sl\/balkoni\/steklene-balkonske-ograje\/","og_site_name":"Leeb Balkone","article_publisher":"https:\/\/www.facebook.com\/balkone\/","article_modified_time":"2025-09-16T14:22:36+00:00","og_image":[{"width":2560,"height":1918,"url":"https:\/\/www.leeb-balkone.com\/app\/uploads\/2021\/02\/glas-balkongelaender-alu-design-vision-31-scaled.jpg","type":"image\/jpeg"}],"twitter_card":"summary_large_image","schema":{"@context":"https:\/\/schema.org","@graph":[{"@type":"WebPage","@id":"https:\/\/www.leeb-balkone.com\/sl\/balkoni\/steklene-balkonske-ograje\/","url":"https:\/\/www.leeb-balkone.com\/sl\/balkoni\/steklene-balkonske-ograje\/","name":"Steklena balkonska ograja \" Stekleni balkon - Leeb Balkoni","isPartOf":{"@id":"https:\/\/www.leeb-balkone.com\/sl\/#website"},"primaryImageOfPage":{"@id":"https:\/\/www.leeb-balkone.com\/sl\/balkoni\/steklene-balkonske-ograje\/#primaryimage"},"image":{"@id":"https:\/\/www.leeb-balkone.com\/sl\/balkoni\/steklene-balkonske-ograje\/#primaryimage"},"thumbnailUrl":"https:\/\/www.leeb-balkone.com\/app\/uploads\/2021\/02\/glas-balkongelaender-alu-design-vision-31-scaled.jpg","datePublished":"2025-09-15T07:20:00+00:00","dateModified":"2025-09-16T14:22:36+00:00","description":"Steklene balkonske ograje Leeb: Najvi\u0161ja kakovost \u2713 Pro\u017ene \u2713 Odporne na razbitje \u2713 Brezpla\u010dno svetovanje *** Sodobni stekleni balkoni: storitev na\u010drtovanja in monta\u017ee","breadcrumb":{"@id":"https:\/\/www.leeb-balkone.com\/sl\/balkoni\/steklene-balkonske-ograje\/#breadcrumb"},"inLanguage":"sl-SI","potentialAction":[{"@type":"ReadAction","target":["https:\/\/www.leeb-balkone.com\/sl\/balkoni\/steklene-balkonske-ograje\/"]}]},{"@type":"ImageObject","inLanguage":"sl-SI","@id":"https:\/\/www.leeb-balkone.com\/sl\/balkoni\/steklene-balkonske-ograje\/#primaryimage","url":"https:\/\/www.leeb-balkone.com\/app\/uploads\/2021\/02\/glas-balkongelaender-alu-design-vision-31-scaled.jpg","contentUrl":"https:\/\/www.leeb-balkone.com\/app\/uploads\/2021\/02\/glas-balkongelaender-alu-design-vision-31-scaled.jpg","width":2560,"height":1918},{"@type":"BreadcrumbList","@id":"https:\/\/www.leeb-balkone.com\/sl\/balkoni\/steklene-balkonske-ograje\/#breadcrumb","itemListElement":[{"@type":"ListItem","position":1,"name":"Home","item":"https:\/\/www.leeb-balkone.com\/sl\/"},{"@type":"ListItem","position":2,"name":"Balkoni","item":"https:\/\/www.leeb-balkone.com\/sl\/balkoni\/"},{"@type":"ListItem","position":3,"name":"Steklene balkonske ograje"}]},{"@type":"WebSite","@id":"https:\/\/www.leeb-balkone.com\/sl\/#website","url":"https:\/\/www.leeb-balkone.com\/sl\/","name":"Leeb Balkone","description":"Balkone und Z\u00e4une","publisher":{"@id":"https:\/\/www.leeb-balkone.com\/sl\/#organization"},"potentialAction":[{"@type":"SearchAction","target":{"@type":"EntryPoint","urlTemplate":"https:\/\/www.leeb-balkone.com\/sl\/?s={search_term_string}"},"query-input":{"@type":"PropertyValueSpecification","valueRequired":true,"valueName":"search_term_string"}}],"inLanguage":"sl-SI"},{"@type":"Organization","@id":"https:\/\/www.leeb-balkone.com\/sl\/#organization","name":"Leeb Balkone Gmbh","url":"https:\/\/www.leeb-balkone.com\/sl\/","logo":{"@type":"ImageObject","inLanguage":"sl-SI","@id":"https:\/\/www.leeb-balkone.com\/sl\/#\/schema\/logo\/image\/","url":"https:\/\/www.leeb-balkone.com\/app\/uploads\/2020\/11\/leeb-logo.svg","contentUrl":"https:\/\/www.leeb-balkone.com\/app\/uploads\/2020\/11\/leeb-logo.svg","width":741,"height":204,"caption":"Leeb Balkone Gmbh"},"image":{"@id":"https:\/\/www.leeb-balkone.com\/sl\/#\/schema\/logo\/image\/"},"sameAs":["https:\/\/www.facebook.com\/balkone\/","https:\/\/www.trustedshops.at\/bewertung\/info_X4587CCF5833E31AFE0B11F47D86999F2.html","https:\/\/www.trustedshops.de\/bewertung\/info_X7BA536A7A0BDC86D36C4718E4DCAEEEF.html","https:\/\/www.google.com\/maps\/place\/?q=place_id:ChIJ5-zH19-IcEcR9HonWRTllHI"]}]}},"_links":{"self":[{"href":"https:\/\/www.leeb-balkone.com\/sl\/wp-json\/wp\/v2\/pages\/155439","targetHints":{"allow":["GET"]}}],"collection":[{"href":"https:\/\/www.leeb-balkone.com\/sl\/wp-json\/wp\/v2\/pages"}],"about":[{"href":"https:\/\/www.leeb-balkone.com\/sl\/wp-json\/wp\/v2\/types\/page"}],"author":[{"embeddable":true,"href":"https:\/\/www.leeb-balkone.com\/sl\/wp-json\/wp\/v2\/users\/1"}],"replies":[{"embeddable":true,"href":"https:\/\/www.leeb-balkone.com\/sl\/wp-json\/wp\/v2\/comments?post=155439"}],"version-history":[{"count":4,"href":"https:\/\/www.leeb-balkone.com\/sl\/wp-json\/wp\/v2\/pages\/155439\/revisions"}],"predecessor-version":[{"id":155443,"href":"https:\/\/www.leeb-balkone.com\/sl\/wp-json\/wp\/v2\/pages\/155439\/revisions\/155443"}],"up":[{"embeddable":true,"href":"https:\/\/www.leeb-balkone.com\/sl\/wp-json\/wp\/v2\/pages\/163773"}],"wp:featuredmedia":[{"embeddable":true,"href":"https:\/\/www.leeb-balkone.com\/sl\/wp-json\/wp\/v2\/media\/22734"}],"wp:attachment":[{"href":"https:\/\/www.leeb-balkone.com\/sl\/wp-json\/wp\/v2\/media?parent=155439"}],"wp:term":[{"taxonomy":"folder","embeddable":true,"href":"https:\/\/www.leeb-balkone.com\/sl\/wp-json\/wp\/v2\/folder?post=155439"}],"curies":[{"name":"wp","href":"https:\/\/api.w.org\/{rel}","templated":true}]}}