{"id":155406,"date":"2025-09-14T22:31:42","date_gmt":"2025-09-14T22:31:42","guid":{"rendered":"https:\/\/www.leeb-balkone.com\/de\/produkti\/soncni-izdelki\/"},"modified":"2026-03-19T13:11:44","modified_gmt":"2026-03-19T13:11:44","slug":"solar","status":"publish","type":"page","link":"https:\/\/www.leeb-balkone.com\/sl\/solar\/","title":{"rendered":"Son\u010dni izdelki"},"content":{"rendered":"\n<section class=\"wp-block-group alignfull t3-header t3-header-splitscreen t3-splitscreen-shadow h-zi-20 has-light-gray-background-color has-background has-global-padding is-layout-constrained wp-container-core-group-is-layout-f1ad4950 wp-block-group-is-layout-constrained\" style=\"padding-top:0;padding-bottom:0\">\n<div class=\"wp-block-columns h-flx-a-s m-split is-layout-flex wp-container-core-columns-is-layout-28f84493 wp-block-columns-is-layout-flex\">\n<div class=\"wp-block-column is-vertically-aligned-top h-flx-a-s m-split-col-content is-layout-flow wp-block-column-is-layout-flow\"><div class=\"yoast-breadcrumbs\"><span><span><a href=\"https:\/\/www.leeb-balkone.com\/sl\/\">Home<\/a><\/span> \/ <span class=\"breadcrumb_last\" aria-current=\"page\">Son\u010dni izdelki<\/span><\/span><\/div>\n\n<h1 class=\"wp-block-post-title\">Son\u010dni izdelki<\/h1>\n\n\n<p class=\"has-step-0-font-size\" style=\"margin-bottom:0\">Donosno zni\u017eanje ra\u010dunov za elektriko, trajnostni poudarek in pove\u010danje vrednosti va\u0161ega doma &#8211; vse to je zdru\u017eeno v visokokakovostnih solarnih izdelkih podjetja Leeb. Izkoristite mo\u010d sonca in vlagajte v prihodnost &#8211; s solarnimi izdelki podjetja Leeb.<\/p>\n\n\n\n<div class=\"wp-block-buttons is-layout-flex wp-block-buttons-is-layout-flex\" style=\"margin-top:var(--wp--preset--spacing--l)\">\n<div class=\"wp-block-button is-style-cta icon-book icon-left\"><a class=\"wp-block-button__link wp-element-button\" href=\"https:\/\/www.leeb-balkone.com\/sl\/kontakt\/zahtevajte-katalog\/\">Zahtevajte katalog<\/a><\/div>\n\n\n\n<div class=\"wp-block-button is-style-cta icon-vp icon-left\"><a class=\"wp-block-button__link wp-element-button\" href=\"https:\/\/www.leeb-balkone.com\/sl\/distribucijski-partnerji\/\">Poi\u0161\u010dite kontaktno osebo<span class=\"sr-only\"> Slovenija<\/span><\/a><\/div>\n<\/div>\n<\/div>\n\n\n\n<div class=\"wp-block-column is-vertically-aligned-stretch h-hide-md-down is-style-image-cover is-layout-flow wp-block-column-is-layout-flow\">\n<figure class=\"wp-block-image size-large\"><img loading=\"lazy\" decoding=\"async\" width=\"1024\" height=\"659\" src=\"https:\/\/www.leeb-balkone.com\/app\/uploads\/2022\/06\/Zaun-Solar-04-Optimus-1024x659.jpg\" alt=\"Zaun Solar 04 Optimus\" class=\"wp-image-139436\" srcset=\"https:\/\/www.leeb-balkone.com\/app\/uploads\/2022\/06\/Zaun-Solar-04-Optimus-1024x659.jpg 1024w, https:\/\/www.leeb-balkone.com\/app\/uploads\/2022\/06\/Zaun-Solar-04-Optimus-300x193.jpg 300w, https:\/\/www.leeb-balkone.com\/app\/uploads\/2022\/06\/Zaun-Solar-04-Optimus-768x494.jpg 768w, https:\/\/www.leeb-balkone.com\/app\/uploads\/2022\/06\/Zaun-Solar-04-Optimus-1536x989.jpg 1536w, https:\/\/www.leeb-balkone.com\/app\/uploads\/2022\/06\/Zaun-Solar-04-Optimus-2048x1318.jpg 2048w\" sizes=\"auto, (max-width: 1024px) 100vw, 1024px\" \/><figcaption class=\"wp-element-caption\">O\u017ei\u010denje fotonapetostnih modulov je skrito v notranjosti.  <\/figcaption><\/figure>\n<\/div>\n<\/div>\n<\/section>\n\n<section class=\"wp-block-group alignfull has-white-background-color has-background has-global-padding is-layout-constrained wp-container-core-group-is-layout-52f96efc wp-block-group-is-layout-constrained\" id=\"modelle\">\n<div class=\"wp-block-group m-teaser o-grid u-md-1 is-layout-flow wp-block-group-is-layout-flow\">\n<div class=\"wp-block-group u-g-9 u-g-s-2 is-layout-flow wp-block-group-is-layout-flow\" style=\"margin-bottom:var(--wp--preset--spacing--s)\">\n<h2 class=\"wp-block-heading has-text-align-left\">Popolnoma integrirani, visoko u\u010dinkoviti fotovoltai\u010dni moduli v na\u0161ih solarnih izdelkih<\/h2>\n\n\n\n<p class=\"has-text-align-left\">Ne glede na to, ali obnavljate balkonsko ograjo, raz\u0161irjate svoj \u017eivljenjski prostor s prizidkom balkona ali na\u010drtujete streho za svoj dom, s solarnim izdelkom podjetja Leeb dragoceno in trajnostno prispevate k ekolo\u0161kemu ravnovesju.<\/p>\n<\/div>\n<\/div>\n\n\n\n<div class=\"wp-block-group is-style-transparent-cards large is-layout-grid wp-container-core-group-is-layout-6056aaf6 wp-block-group-is-layout-grid\">\n<div class=\"wp-block-group m-card is-layout-flow wp-container-core-group-is-layout-8a368f38 wp-block-group-is-layout-flow\">\n<figure class=\"wp-block-image size-large\"><a href=\"https:\/\/www.leeb-balkone.com\/sl\/solar\/solarni-balkon\/\"><img loading=\"lazy\" decoding=\"async\" width=\"1024\" height=\"768\" src=\"https:\/\/www.leeb-balkone.com\/app\/uploads\/2024\/04\/solar-glas-alu-balkon-10-red-dot-gross-2-1024x768.jpg\" alt=\"solar glas alu balkon 10 red dot gross\" class=\"wp-image-137404\" srcset=\"https:\/\/www.leeb-balkone.com\/app\/uploads\/2024\/04\/solar-glas-alu-balkon-10-red-dot-gross-2-1024x768.jpg 1024w, https:\/\/www.leeb-balkone.com\/app\/uploads\/2024\/04\/solar-glas-alu-balkon-10-red-dot-gross-2-300x225.jpg 300w, https:\/\/www.leeb-balkone.com\/app\/uploads\/2024\/04\/solar-glas-alu-balkon-10-red-dot-gross-2-768x576.jpg 768w, https:\/\/www.leeb-balkone.com\/app\/uploads\/2024\/04\/solar-glas-alu-balkon-10-red-dot-gross-2-1536x1152.jpg 1536w, https:\/\/www.leeb-balkone.com\/app\/uploads\/2024\/04\/solar-glas-alu-balkon-10-red-dot-gross-2-2048x1536.jpg 2048w\" sizes=\"auto, (max-width: 1024px) 100vw, 1024px\" \/><\/a><\/figure>\n\n\n\n<div class=\"wp-block-group m-card-content is-vertical is-layout-flex wp-container-core-group-is-layout-5580f018 wp-block-group-is-layout-flex\">\n<h3 class=\"wp-block-heading\"><a href=\"https:\/\/www.leeb-balkone.com\/de\/solar\/solar-balkon\/\">Solar-Balkon<\/a><\/h3>\n\n\n\n<p>Visokotehnolo\u0161ka balkonska ograja s fotonapetostnimi moduli &#8211; Solarni sistem za balkone z Leebom<\/p>\n\n\n\n<p class=\"more\"><a href=\"https:\/\/www.leeb-balkone.com\/de\/solar\/solar-balkon\/\">Mehr erfahren<\/a><\/p>\n<\/div>\n<\/div>\n\n\n\n<div class=\"wp-block-group m-card is-layout-flow wp-container-core-group-is-layout-8a368f38 wp-block-group-is-layout-flow\">\n<figure class=\"wp-block-image size-large\"><a href=\"https:\/\/www.leeb-balkone.com\/sl\/solar\/solarna-streha-terase\/\"><img loading=\"lazy\" decoding=\"async\" width=\"1024\" height=\"768\" src=\"https:\/\/www.leeb-balkone.com\/app\/uploads\/2020\/07\/solar-glas-alu-ueberdachung-18-1024x768.jpg\" alt=\"solar glas alu ueberdachung\" class=\"wp-image-132315\" srcset=\"https:\/\/www.leeb-balkone.com\/app\/uploads\/2020\/07\/solar-glas-alu-ueberdachung-18-1024x768.jpg 1024w, https:\/\/www.leeb-balkone.com\/app\/uploads\/2020\/07\/solar-glas-alu-ueberdachung-18-300x225.jpg 300w, https:\/\/www.leeb-balkone.com\/app\/uploads\/2020\/07\/solar-glas-alu-ueberdachung-18-768x576.jpg 768w, https:\/\/www.leeb-balkone.com\/app\/uploads\/2020\/07\/solar-glas-alu-ueberdachung-18-1536x1152.jpg 1536w, https:\/\/www.leeb-balkone.com\/app\/uploads\/2020\/07\/solar-glas-alu-ueberdachung-18-2048x1536.jpg 2048w\" sizes=\"auto, (max-width: 1024px) 100vw, 1024px\" \/><\/a><figcaption class=\"wp-element-caption\">Son\u010dna streha terase s fotonapetostnimi moduli &#8211; Stre\u0161ni solarni sistem s sistemom Leeb\n<\/figcaption><\/figure>\n\n\n\n<div class=\"wp-block-group m-card-content is-vertical is-layout-flex wp-container-core-group-is-layout-5580f018 wp-block-group-is-layout-flex\">\n<h3 class=\"wp-block-heading\"><a href=\"https:\/\/www.leeb-balkone.com\/de\/solar\/solar-terrassendach\/\">Solar-Terrassendach<\/a><\/h3>\n\n\n\n<p>Son\u010dna streha terase s fotonapetostnimi moduli &#8211; Stre\u0161ni solarni sistem s sistemom Leeb<\/p>\n\n\n\n<p class=\"more\"><a href=\"https:\/\/www.leeb-balkone.com\/de\/solar\/solar-terrassendach\/\">Mehr erfahren<\/a><\/p>\n<\/div>\n<\/div>\n\n\n\n<div class=\"wp-block-group m-card is-layout-flow wp-container-core-group-is-layout-8a368f38 wp-block-group-is-layout-flow\">\n<figure class=\"wp-block-image size-large\"><a href=\"https:\/\/www.leeb-balkone.com\/sl\/solar\/solarna-ograja\/\"><img loading=\"lazy\" decoding=\"async\" width=\"1024\" height=\"765\" src=\"https:\/\/www.leeb-balkone.com\/app\/uploads\/2022\/06\/Zaun-Solar-01-1024x765.jpg\" alt=\"Son&#x10D;na ograja s fotonapetostnimi moduli - Son&#x10D;na ograja z moduli Leeb\" class=\"wp-image-133849\" srcset=\"https:\/\/www.leeb-balkone.com\/app\/uploads\/2022\/06\/Zaun-Solar-01-1024x765.jpg 1024w, https:\/\/www.leeb-balkone.com\/app\/uploads\/2022\/06\/Zaun-Solar-01-300x224.jpg 300w, https:\/\/www.leeb-balkone.com\/app\/uploads\/2022\/06\/Zaun-Solar-01-768x574.jpg 768w, https:\/\/www.leeb-balkone.com\/app\/uploads\/2022\/06\/Zaun-Solar-01-1536x1147.jpg 1536w, https:\/\/www.leeb-balkone.com\/app\/uploads\/2022\/06\/Zaun-Solar-01-2048x1529.jpg 2048w\" sizes=\"auto, (max-width: 1024px) 100vw, 1024px\" \/><\/a><figcaption class=\"wp-element-caption\">Fotovoltai\u010dni moduli, odporni proti to\u010di, vgrajeni med dve laminirani varnostni stekli<\/figcaption><\/figure>\n\n\n\n<div class=\"wp-block-group m-card-content is-vertical is-layout-flex wp-container-core-group-is-layout-5580f018 wp-block-group-is-layout-flex\">\n<h3 class=\"wp-block-heading\"><a href=\"https:\/\/www.leeb-balkone.com\/de\/solar\/solar-zaun\/\">Solar-Zaun<\/a><\/h3>\n\n\n\n<p>Son\u010dna ograja s fotonapetostnimi moduli &#8211; Son\u010dna ograja z moduli Leeb<\/p>\n\n\n\n<p class=\"more\"><a href=\"https:\/\/www.leeb-balkone.com\/de\/solar\/solar-zaun\/\">Mehr erfahren<\/a><\/p>\n<\/div>\n<\/div>\n\n\n\n<div class=\"wp-block-group m-card is-layout-flow wp-container-core-group-is-layout-8a368f38 wp-block-group-is-layout-flow\">\n<figure class=\"wp-block-image size-large\"><a href=\"https:\/\/www.leeb-balkone.com\/sl\/solar\/soncni-nadstresek-za-avtomobile\/\"><img loading=\"lazy\" decoding=\"async\" width=\"1024\" height=\"765\" src=\"https:\/\/www.leeb-balkone.com\/app\/uploads\/2023\/11\/Carport_Doppel_Solar-01-1024x765.jpg\" alt=\"Carport_Doppel_Solar\" class=\"wp-image-134134\" srcset=\"https:\/\/www.leeb-balkone.com\/app\/uploads\/2023\/11\/Carport_Doppel_Solar-01-1024x765.jpg 1024w, https:\/\/www.leeb-balkone.com\/app\/uploads\/2023\/11\/Carport_Doppel_Solar-01-300x224.jpg 300w, https:\/\/www.leeb-balkone.com\/app\/uploads\/2023\/11\/Carport_Doppel_Solar-01-768x574.jpg 768w, https:\/\/www.leeb-balkone.com\/app\/uploads\/2023\/11\/Carport_Doppel_Solar-01-1536x1147.jpg 1536w, https:\/\/www.leeb-balkone.com\/app\/uploads\/2023\/11\/Carport_Doppel_Solar-01-2048x1529.jpg 2048w\" sizes=\"auto, (max-width: 1024px) 100vw, 1024px\" \/><\/a><\/figure>\n\n\n\n<div class=\"wp-block-group m-card-content is-vertical is-layout-flex wp-container-core-group-is-layout-5580f018 wp-block-group-is-layout-flex\">\n<h3 class=\"wp-block-heading\"><a href=\"https:\/\/www.leeb-balkone.com\/de\/solar\/solar-carport\/\">Solar-Carport<\/a><\/h3>\n\n\n\n<p>Son\u010dni nadstre\u0161ek s fotonapetostnimi moduli &#8211; Son\u010dni sistem za nadstre\u0161ek z Leebom<\/p>\n\n\n\n<p class=\"more\"><a href=\"https:\/\/www.leeb-balkone.com\/de\/solar\/solar-carport\/\">Mehr erfahren<\/a><\/p>\n<\/div>\n<\/div>\n<\/div>\n<\/section>\n\n<section class=\"wp-block-cover alignfull is-light katalog-cta\" style=\"margin-top:0;margin-bottom:var(--wp--preset--spacing--2-xl);padding-top:0;padding-right:0;padding-bottom:0;padding-left:0;min-height:100px;aspect-ratio:unset;\" id=\"katalogbestellung\"><img loading=\"lazy\" decoding=\"async\" width=\"1920\" height=\"599\" class=\"wp-block-cover__image-background wp-image-7912 size-full\" alt=\"leeb balkone katalog anfordern\" src=\"https:\/\/www.leeb-balkone.com\/app\/uploads\/2020\/09\/leeb-balkone-katalog-anfordern-1.jpeg\" data-object-fit=\"cover\" srcset=\"https:\/\/www.leeb-balkone.com\/app\/uploads\/2020\/09\/leeb-balkone-katalog-anfordern-1-300x94.jpeg 300w, https:\/\/www.leeb-balkone.com\/app\/uploads\/2020\/09\/leeb-balkone-katalog-anfordern-1-1024x319.jpeg 1024w, https:\/\/www.leeb-balkone.com\/app\/uploads\/2020\/09\/leeb-balkone-katalog-anfordern-1-768x240.jpeg 768w, https:\/\/www.leeb-balkone.com\/app\/uploads\/2020\/09\/leeb-balkone-katalog-anfordern-1-1536x479.jpeg 1536w\" sizes=\"auto, (max-width: 1920px) 100vw, 1920px\" \/><span aria-hidden=\"true\" class=\"wp-block-cover__background has-primary-45-background-color has-background-dim-80 has-background-dim\"><\/span><div class=\"wp-block-cover__inner-container has-global-padding is-layout-constrained wp-container-core-cover-is-layout-82c3e120 wp-block-cover-is-layout-constrained\">\n<div class=\"wp-block-group is-layout-flow wp-block-group-is-layout-flow\" style=\"min-height:0px;margin-top:0;margin-bottom:0;padding-top:var(--wp--preset--spacing--2-xl);padding-bottom:var(--wp--preset--spacing--2-xl);padding-left:0\">\n<div class=\"wp-block-columns are-vertically-aligned-center is-layout-flex wp-container-core-columns-is-layout-0a4bbf16 wp-block-columns-is-layout-flex\" style=\"margin-top:0;margin-bottom:0\">\n<div class=\"wp-block-column is-vertically-aligned-center is-layout-flow wp-block-column-is-layout-flow\" style=\"flex-basis:66.66%\">\n<h2 class=\"wp-block-heading\">Na\u0161i solarni izdelki v katalogu<\/h2>\n\n\n\n<p class=\"is-style-teaser\"><span class=\"teaser\">Va\u0161 osebni katalog \u010daka na vas! Naro\u010dite zdaj brezpla\u010dno in odkrijte na\u0161e solarne re\u0161itve s popolnoma integriranimi fotovoltai\u010dnimi moduli. Poi\u0161\u010dite re\u0161itev, ki vam popolnoma ustreza.<\/span><\/p>\n<\/div>\n\n\n\n<div class=\"wp-block-column is-vertically-aligned-center is-layout-flow wp-block-column-is-layout-flow\" style=\"flex-basis:33.33%\">\n<div class=\"wp-block-buttons u-m-jc-left is-content-justification-right is-layout-flex wp-container-core-buttons-is-layout-c060c6c7 wp-block-buttons-is-layout-flex\">\n<div class=\"wp-block-button is-style-filled-white large\"><a class=\"wp-block-button__link wp-element-button\" href=\"https:\/\/www.leeb-balkone.com\/sl\/kontakt\/zahtevajte-katalog\/\" style=\"box-shadow:var(--wp--preset--shadow--button-shadow)\">Zahtevajte katalog<\/a><\/div>\n<\/div>\n<\/div>\n<\/div>\n<\/div>\n<\/div><\/section>\n\n<section class=\"wp-block-cgb-t3-section-block alignfull b-pt-none  is-style-bg-white\" style=\"display:inherit;min-height:inherit\">\n<section class=\"wp-block-cgb-t3-section-block\" style=\"display:inherit;background-color:#fff;min-height:inherit\"><div class=\"grid-container\"><div>\n<div class=\"wp-block-cgb-t3-container-block none\" style=\"background-color:none\"><div class=\"grid-container\"><div class=\"grid-x\"><div class=\"cell small-12 medium-10 large-0 medium-offset-1\"><div class=\"b-sps\" id=\"\">\n      <div class=\"grid-x\">\n              <div class=\"cell b-sps__img  small-12 medium-5 small-order-1 medium-order-2 \">\n          \n            <img loading=\"lazy\" decoding=\"async\" width=\"1024\" height=\"872\" src=\"https:\/\/www.leeb-balkone.com\/app\/uploads\/2024\/06\/Optimus-mit-Button-1024x872.jpg\" class=\"attachment-large size-large\" alt=\"Optimus mit Button\" srcset=\"https:\/\/www.leeb-balkone.com\/app\/uploads\/2024\/06\/Optimus-mit-Button-1024x872.jpg 1024w, https:\/\/www.leeb-balkone.com\/app\/uploads\/2024\/06\/Optimus-mit-Button-300x255.jpg 300w, https:\/\/www.leeb-balkone.com\/app\/uploads\/2024\/06\/Optimus-mit-Button-768x654.jpg 768w, https:\/\/www.leeb-balkone.com\/app\/uploads\/2024\/06\/Optimus-mit-Button-1536x1308.jpg 1536w, https:\/\/www.leeb-balkone.com\/app\/uploads\/2024\/06\/Optimus-mit-Button-2048x1744.jpg 2048w\" sizes=\"auto, (min-width: 1200px) 1024px, (min-width: 1024px) 768px, (min-width: 640px) 768px, 768px\" \/>        <\/div>\n            <div class=\"cell b-sps__cont  small-12 medium-7 small-order-2 medium-order-1\">\n        <div class=\"b-sps__inner-cont  pdd-2cols\">\n          <h2 id=\"verbund-sicherheitsglas\">PV modul LEEB OPTIMUS<\/h2>\n<p class=\"p1\">Ta optimizirani PV-modul je rezultat intenzivnega sodelovanja z na\u0161im dobaviteljem in je bil razvit posebej za na\u0161e zahteve. Ta ekskluzivnost vam ponuja prednosti, ki jih boste na\u0161li le pri nas. \u010ce so deli fotonapetostnega modula zasen\u010deni, se zmanj\u0161a mo\u010d celotnega modula ali niza. Te izgube energije je mogo\u010de izni\u010diti z vgrajenimi optimizatorji v fotonapetostnih modulih. Te tehnolo\u0161ke inovacije nam dajejo konkuren\u010dno prednost.<\/p>\n<p class=\"p1\">Fotovoltai\u010dni modul Leeb Optimus je na voljo za na\u0161e solarne balkone in solarne ograje do dolo\u010dene vi\u0161ine. Modul Leeb PV 300 uporabljamo za nadstre\u0161ke, nadstre\u0161ke za avtomobile in vi\u0161je solarne ograje.<\/p>\n\n        <\/div>\n      <\/div>\n    <\/div>\n  <\/div>\n<\/div><\/div><\/div><\/div>\n<\/div><\/div><\/section>\n<\/section>\n\n<section class=\"wp-block-cgb-t3-section-block alignfull b-pt-none  is-style-bg-transparent\" style=\"display:inherit;background-color:#F5F5F5;min-height:inherit\">\n<div class=\"wp-block-cgb-t3-container-block b-has-offset-h\" style=\"background-color:none\"><div class=\"grid-container\"><div class=\"grid-x\"><div class=\"cell small-12 medium-6 large-0 small-offset-1\">\n<h2 class=\"wp-block-heading\" id=\"anbaubalkone-aus-aluminium\">SOLEEB &#8211; Plug-and-play re\u0161itev prihodnosti<\/h2>\n<\/div><\/div><\/div><\/div>\n\n\n\n<div class=\"wp-block-cgb-t3-container-block none\" style=\"background-color:none\"><div class=\"grid-container\"><div class=\"grid-x\"><div class=\"cell small-12 medium-9 large-0 medium-offset-1 b-has-pt\">\n<p><span class=\"teaser\">SOLEEB je celovit solarni sistem &#8220;vse v enem&#8221;. Kompletni komplet &#8220;plug-and-play&#8221;, sestavljen iz dveh do \u0161tirih solarnih modulov in inverterja, je idealna re\u0161itev za hitro in enostavno namestitev. \u010ce \u017eelite sistem zagnati, preprosto priklju\u010dite pretvornik v najbli\u017ejo vti\u010dnico &#8211; in v gospodinjsko omre\u017eje se bo stekala brezpla\u010dna elektri\u010dna energija.  <\/span><\/p>\n\n\n\n<p>Re\u0161itev SOLEEB &#8220;plug-and-play&#8221; ponujamo v treh razli\u010dnih stopnjah raz\u0161iritve. Glede na zahteve je SOLEEB na voljo z <strong>ve\u010d solarnimi moduli <\/strong>in mo\u010djo <strong>do<\/strong> <strong>800 vatov<\/strong>.<\/p>\n\n\n\n<div class=\"wp-block-cgb-t3-container-block none\" style=\"background-color:none\"><div class=\"grid-container\"><div class=\"grid-x\"><div class=\"cell small-12 medium-9 large-0 medium-offset-1\">\n<div class=\"wp-block-buttons is-content-justification-center is-layout-flex wp-container-core-buttons-is-layout-a89b3969 wp-block-buttons-is-layout-flex\">\n<div class=\"wp-block-button\"><a class=\"wp-block-button__link wp-element-button\" href=\"https:\/\/www.leeb-balkone.com\/sl\/tehnika\/soleeb\/\">Preberite ve\u010d<\/a><\/div>\n<\/div>\n<\/div><\/div><\/div><\/div>\n<\/div><\/div><\/div><\/div>\n\n\n<div class=\"b-carousel  trak slider\" data-block_acf-block-6979ea889b3e9>\n  <div class=\"slides\">\n      <\/div>\n\n<\/div>\n<\/section>\n\n<section class=\"wp-block-cgb-t3-section-block alignfull  is-style-bg-transparent\" style=\"display:inherit;min-height:inherit\">\n<div class=\"wp-block-cgb-t3-container-block none\" style=\"background-color:none\"><div class=\"grid-container\"><div class=\"grid-x\"><div class=\"cell small-12 medium-9 large-0 medium-offset-1 b-has-lsmb\">\n<h2 class=\"wp-block-heading\" id=\"vorteile\">Prednosti<\/h2>\n<\/div><\/div><\/div><\/div>\n\n\n\n<div class=\"wp-block-cgb-t3-container-block none b-cont-columns\" style=\"background-color:none\"><div class=\"grid-container\"><div class=\"grid-x\"><div class=\"cell small-12 medium-10 large-0 medium-offset-1\">\n<ul class=\"wp-block-list is-style-bullet-checkmarks\">\n<li>U\u010dinkovito: amortizacija stro\u0161kov v predvidljivi prihodnosti<\/li>\n\n\n\n<li>Plug-and-play: preprosto priklju\u010dite v vti\u010dnico<\/li>\n\n\n\n<li>Var\u010devanje s stro\u0161ki: zmanj\u0161anje mese\u010dnega ra\u010duna za elektriko<\/li>\n\n\n\n<li>SOLEEB: Trajnostni poudarek z dodano vrednostjo<\/li>\n\n\n\n<li>Primerno za najemnike in lastnike, saj niso potrebne strukturne spremembe.<\/li>\n<\/ul>\n<\/div><\/div><\/div><\/div>\n<\/section>\n\n<section class=\"wp-block-group alignfull has-white-background-color has-background has-global-padding is-layout-constrained wp-container-core-group-is-layout-9fa1424c wp-block-group-is-layout-constrained\" style=\"padding-top:0\">\n<div class=\"wp-block-columns is-style-offset m-split is-layout-flex wp-container-core-columns-is-layout-28f84493 wp-block-columns-is-layout-flex\">\n<div class=\"wp-block-column is-layout-flow wp-block-column-is-layout-flow\"><div class=\"vp-map-wrapper vp-map-ratio-19-1\"><img decoding=\"async\" width=\"1440\" height=\"884\" src=\"https:\/\/www.leeb-balkone.com\/app\/uploads\/2026\/04\/map-sl.jpg\" class=\"attachment-full size-full\" alt=\"map-sl\" style=\"width:100%;height:100%;object-fit:cover;display:block;\" loading=\"lazy\" srcset=\"https:\/\/www.leeb-balkone.com\/app\/uploads\/2026\/04\/map-sl.jpg 1440w, https:\/\/www.leeb-balkone.com\/app\/uploads\/2026\/04\/map-sl-300x184.jpg 300w, https:\/\/www.leeb-balkone.com\/app\/uploads\/2026\/04\/map-sl-1024x629.jpg 1024w, https:\/\/www.leeb-balkone.com\/app\/uploads\/2026\/04\/map-sl-768x471.jpg 768w\" sizes=\"auto, (min-width: 1536px) 2048px, (min-width: 992px) 1536px, (min-width: 768px) 1024px, (min-width: 576px) 768px, 100vw\" \/><\/div>\n<\/div>\n\n\n\n<div class=\"wp-block-column is-vertically-aligned-center is-style-overlay-content is-layout-flow wp-block-column-is-layout-flow\">\n<div class=\"wp-block-group is-vertical is-layout-flex wp-container-core-group-is-layout-bd7877ba wp-block-group-is-layout-flex\">\n<h2 class=\"wp-block-heading has-step-2-font-size\">Distributore Slovenia<\/h2>\n\n\n\n<p>Pristojni partnerji LEEB v va\u0161i regiji. Individualno svetovanje, natan\u010dno na\u010drtovanje in strokovna namestitev &#8211; Slovenija. <\/p>\n\n\n\n<div class=\"wp-block-buttons is-layout-flex wp-block-buttons-is-layout-flex\" style=\"margin-top:var(--wp--preset--spacing--2-xs)\">\n<div class=\"wp-block-button is-style-cta\"><a class=\"wp-block-button__link has-transparent-background-color has-background wp-element-button\" href=\"https:\/\/www.leeb-balkone.com\/sl\/distribucijski-partnerji\/\">Poi\u0161\u010dite prodajnega partnerja<span class=\"sr-only\"> Distribucijski partner Leeb Balkone Slovenija<\/span><\/a><\/div>\n<\/div>\n<\/div>\n<\/div>\n<\/div>\n<\/section>\n\n<section class=\"wp-block-group alignfull has-light-gray-background-color has-background has-global-padding is-layout-constrained wp-container-core-group-is-layout-52f96efc wp-block-group-is-layout-constrained\" id=\"beratungstermin\">\n<div class=\"wp-block-group m-teaser o-grid u-md-1 is-layout-flow wp-block-group-is-layout-flow\">\n<div class=\"wp-block-group u-g-7 u-g-s-2 is-layout-flow wp-block-group-is-layout-flow\" style=\"margin-bottom:var(--wp--preset--spacing--s)\">\n<h2 class=\"wp-block-heading\">Stopite v stik z nami<\/h2>\n\n\n\n<p><strong><strong>Leebov partner je vedno v va\u0161i bli\u017eini z 80 partnerji v Avstriji, Nem\u010diji, Italiji, Franciji, \u0160vici in Sloveniji.<\/strong><\/strong><\/p>\n<\/div>\n<\/div>\n\n\n\n<div class=\"wp-block-group m-teaser o-grid u-md-1 is-layout-flow wp-block-group-is-layout-flow\">\n<div class=\"wp-block-group u-g-7 u-g-s-2 is-layout-flow wp-block-group-is-layout-flow\" style=\"margin-bottom:var(--wp--preset--spacing--s)\"><form action=\"https:\/\/www.leeb-balkone.com\/sl\/wp-json\/ws-form\/v1\/submit\" class=\"wsf-form wsf-form-canvas\" id=\"ws-form-1\" data-id=\"11\" data-instance-id=\"1\" method=\"POST\"><\/form>\n<\/div>\n\n\n\n<div class=\"wp-block-group u-g-3 u-g-s-9 is-layout-flow wp-block-group-is-layout-flow\"><div class=\"t3-sidebar-buttons wp-block-buttons is-layout-flex wp-block-buttons-is-layout-flex\"><div class=\"wp-block-button is-style-fill icon-book icon-left\">\n                        <a class=\"wp-block-button__link has-secondary-color has-white-background-color has-text-color has-background has-link-color wp-element-button\" href=\"https:\/\/www.leeb-balkone.com\/sl\/kontakt\/zahtevajte-katalog\/\" style=\"box-shadow:var(--wp--preset--shadow--box-shadow)\">Zahtevajte katalog<\/a>\n                    <\/div><\/div>\n<\/div>\n<\/div>\n<\/section>\n","protected":false},"excerpt":{"rendered":"","protected":false},"author":1,"featured_media":15657,"parent":0,"menu_order":78,"comment_status":"closed","ping_status":"closed","template":"template-onepager.blade.php","meta":{"_acf_changed":false,"footnotes":"","_sage_theme_css":true,"_wp_block_core_css":true},"folder":[250],"class_list":["post-155406","page","type-page","status-publish","has-post-thumbnail","hentry"],"acf":[],"yoast_head":"<!-- This site is optimized with the Yoast SEO plugin v27.2 - https:\/\/yoast.com\/product\/yoast-seo-wordpress\/ -->\n<title>Izdelki za son\u010dno energijo &quot; Ograje in nadstre\u0161ki s fotovoltai\u010dnimi moduli -% Leeb Balkone% Slovenija<\/title>\n<meta name=\"description\" content=\"Izkoristite mo\u010d sonca z Leebovimi solarnimi izdelki: Vgrajeni fotonapetostni moduli so v celoti integrirani v balkonske ograje, ograje in stre\u0161ne kritine. Var\u010dujte z elektri\u010dno energijo in pove\u010dajte vrednost!\" \/>\n<meta name=\"robots\" content=\"index, follow, max-snippet:-1, max-image-preview:large, max-video-preview:-1\" \/>\n<meta property=\"og:locale\" content=\"sl_SI\" \/>\n<meta property=\"og:type\" content=\"article\" \/>\n<meta property=\"og:title\" content=\"Izdelki za son\u010dno energijo &quot; Ograje in nadstre\u0161ki s fotovoltai\u010dnimi moduli -% Leeb Balkone%\" \/>\n<meta property=\"og:description\" content=\"Izkoristite mo\u010d sonca z Leebovimi solarnimi izdelki: Vgrajeni fotonapetostni moduli so v celoti integrirani v balkonske ograje, ograje in stre\u0161ne kritine. Var\u010dujte z elektri\u010dno energijo in pove\u010dajte vrednost!\" \/>\n<meta property=\"og:url\" content=\"https:\/\/www.leeb-balkone.com\/sl\/solar\/\" \/>\n<meta property=\"og:site_name\" content=\"Leeb Balkone\" \/>\n<meta property=\"article:publisher\" content=\"https:\/\/www.facebook.com\/balkone\/\" \/>\n<meta property=\"article:modified_time\" content=\"2026-03-19T13:11:44+00:00\" \/>\n<meta property=\"og:image\" content=\"https:\/\/www.leeb-balkone.com\/app\/uploads\/2020\/07\/alu-terrassenueberdachung-11-scaled.jpg\" \/>\n\t<meta property=\"og:image:width\" content=\"2560\" \/>\n\t<meta property=\"og:image:height\" content=\"1709\" \/>\n\t<meta property=\"og:image:type\" content=\"image\/jpeg\" \/>\n<meta name=\"twitter:card\" content=\"summary_large_image\" \/>\n<script type=\"application\/ld+json\" class=\"yoast-schema-graph\">{\"@context\":\"https:\/\/schema.org\",\"@graph\":[{\"@type\":\"WebPage\",\"@id\":\"https:\/\/www.leeb-balkone.com\/sl\/solar\/\",\"url\":\"https:\/\/www.leeb-balkone.com\/sl\/solar\/\",\"name\":\"Izdelki za son\u010dno energijo \\\" Ograje in nadstre\u0161ki s fotovoltai\u010dnimi moduli -% Leeb Balkone%\",\"isPartOf\":{\"@id\":\"https:\/\/www.leeb-balkone.com\/sl\/#website\"},\"primaryImageOfPage\":{\"@id\":\"https:\/\/www.leeb-balkone.com\/sl\/solar\/#primaryimage\"},\"image\":{\"@id\":\"https:\/\/www.leeb-balkone.com\/sl\/solar\/#primaryimage\"},\"thumbnailUrl\":\"https:\/\/www.leeb-balkone.com\/app\/uploads\/2020\/07\/alu-terrassenueberdachung-11-scaled.jpg\",\"datePublished\":\"2025-09-14T22:31:42+00:00\",\"dateModified\":\"2026-03-19T13:11:44+00:00\",\"description\":\"Izkoristite mo\u010d sonca z Leebovimi solarnimi izdelki: Vgrajeni fotonapetostni moduli so v celoti integrirani v balkonske ograje, ograje in stre\u0161ne kritine. Var\u010dujte z elektri\u010dno energijo in pove\u010dajte vrednost!\",\"breadcrumb\":{\"@id\":\"https:\/\/www.leeb-balkone.com\/sl\/solar\/#breadcrumb\"},\"inLanguage\":\"sl-SI\",\"potentialAction\":[{\"@type\":\"ReadAction\",\"target\":[\"https:\/\/www.leeb-balkone.com\/sl\/solar\/\"]}]},{\"@type\":\"ImageObject\",\"inLanguage\":\"sl-SI\",\"@id\":\"https:\/\/www.leeb-balkone.com\/sl\/solar\/#primaryimage\",\"url\":\"https:\/\/www.leeb-balkone.com\/app\/uploads\/2020\/07\/alu-terrassenueberdachung-11-scaled.jpg\",\"contentUrl\":\"https:\/\/www.leeb-balkone.com\/app\/uploads\/2020\/07\/alu-terrassenueberdachung-11-scaled.jpg\",\"width\":2560,\"height\":1709,\"caption\":\"Prenovljena samostojna hi\u0161a z aluminijastim pokrovom terase\"},{\"@type\":\"BreadcrumbList\",\"@id\":\"https:\/\/www.leeb-balkone.com\/sl\/solar\/#breadcrumb\",\"itemListElement\":[{\"@type\":\"ListItem\",\"position\":1,\"name\":\"Home\",\"item\":\"https:\/\/www.leeb-balkone.com\/sl\/\"},{\"@type\":\"ListItem\",\"position\":2,\"name\":\"Son\u010dni izdelki\"}]},{\"@type\":\"WebSite\",\"@id\":\"https:\/\/www.leeb-balkone.com\/sl\/#website\",\"url\":\"https:\/\/www.leeb-balkone.com\/sl\/\",\"name\":\"Leeb Balkone\",\"description\":\"Balkone und Z\u00e4une\",\"publisher\":{\"@id\":\"https:\/\/www.leeb-balkone.com\/sl\/#organization\"},\"potentialAction\":[{\"@type\":\"SearchAction\",\"target\":{\"@type\":\"EntryPoint\",\"urlTemplate\":\"https:\/\/www.leeb-balkone.com\/sl\/?s={search_term_string}\"},\"query-input\":{\"@type\":\"PropertyValueSpecification\",\"valueRequired\":true,\"valueName\":\"search_term_string\"}}],\"inLanguage\":\"sl-SI\"},{\"@type\":\"Organization\",\"@id\":\"https:\/\/www.leeb-balkone.com\/sl\/#organization\",\"name\":\"Leeb Balkone Gmbh\",\"url\":\"https:\/\/www.leeb-balkone.com\/sl\/\",\"logo\":{\"@type\":\"ImageObject\",\"inLanguage\":\"sl-SI\",\"@id\":\"https:\/\/www.leeb-balkone.com\/sl\/#\/schema\/logo\/image\/\",\"url\":\"https:\/\/www.leeb-balkone.com\/app\/uploads\/2020\/11\/leeb-logo.svg\",\"contentUrl\":\"https:\/\/www.leeb-balkone.com\/app\/uploads\/2020\/11\/leeb-logo.svg\",\"width\":741,\"height\":204,\"caption\":\"Leeb Balkone Gmbh\"},\"image\":{\"@id\":\"https:\/\/www.leeb-balkone.com\/sl\/#\/schema\/logo\/image\/\"},\"sameAs\":[\"https:\/\/www.facebook.com\/balkone\/\",\"https:\/\/www.trustedshops.at\/bewertung\/info_X4587CCF5833E31AFE0B11F47D86999F2.html\",\"https:\/\/www.trustedshops.de\/bewertung\/info_X7BA536A7A0BDC86D36C4718E4DCAEEEF.html\",\"https:\/\/www.google.com\/maps\/place\/?q=place_id:ChIJ5-zH19-IcEcR9HonWRTllHI\"]}]}<\/script>\n<!-- \/ Yoast SEO plugin. -->","yoast_head_json":{"title":"Izdelki za son\u010dno energijo \" Ograje in nadstre\u0161ki s fotovoltai\u010dnimi moduli -% Leeb Balkone% Slovenija","description":"Izkoristite mo\u010d sonca z Leebovimi solarnimi izdelki: Vgrajeni fotonapetostni moduli so v celoti integrirani v balkonske ograje, ograje in stre\u0161ne kritine. Var\u010dujte z elektri\u010dno energijo in pove\u010dajte vrednost!","robots":{"index":"index","follow":"follow","max-snippet":"max-snippet:-1","max-image-preview":"max-image-preview:large","max-video-preview":"max-video-preview:-1"},"og_locale":"sl_SI","og_type":"article","og_title":"Izdelki za son\u010dno energijo \" Ograje in nadstre\u0161ki s fotovoltai\u010dnimi moduli -% Leeb Balkone%","og_description":"Izkoristite mo\u010d sonca z Leebovimi solarnimi izdelki: Vgrajeni fotonapetostni moduli so v celoti integrirani v balkonske ograje, ograje in stre\u0161ne kritine. Var\u010dujte z elektri\u010dno energijo in pove\u010dajte vrednost!","og_url":"https:\/\/www.leeb-balkone.com\/sl\/solar\/","og_site_name":"Leeb Balkone","article_publisher":"https:\/\/www.facebook.com\/balkone\/","article_modified_time":"2026-03-19T13:11:44+00:00","og_image":[{"width":2560,"height":1709,"url":"https:\/\/www.leeb-balkone.com\/app\/uploads\/2020\/07\/alu-terrassenueberdachung-11-scaled.jpg","type":"image\/jpeg"}],"twitter_card":"summary_large_image","schema":{"@context":"https:\/\/schema.org","@graph":[{"@type":"WebPage","@id":"https:\/\/www.leeb-balkone.com\/sl\/solar\/","url":"https:\/\/www.leeb-balkone.com\/sl\/solar\/","name":"Izdelki za son\u010dno energijo \" Ograje in nadstre\u0161ki s fotovoltai\u010dnimi moduli -% Leeb Balkone%","isPartOf":{"@id":"https:\/\/www.leeb-balkone.com\/sl\/#website"},"primaryImageOfPage":{"@id":"https:\/\/www.leeb-balkone.com\/sl\/solar\/#primaryimage"},"image":{"@id":"https:\/\/www.leeb-balkone.com\/sl\/solar\/#primaryimage"},"thumbnailUrl":"https:\/\/www.leeb-balkone.com\/app\/uploads\/2020\/07\/alu-terrassenueberdachung-11-scaled.jpg","datePublished":"2025-09-14T22:31:42+00:00","dateModified":"2026-03-19T13:11:44+00:00","description":"Izkoristite mo\u010d sonca z Leebovimi solarnimi izdelki: Vgrajeni fotonapetostni moduli so v celoti integrirani v balkonske ograje, ograje in stre\u0161ne kritine. Var\u010dujte z elektri\u010dno energijo in pove\u010dajte vrednost!","breadcrumb":{"@id":"https:\/\/www.leeb-balkone.com\/sl\/solar\/#breadcrumb"},"inLanguage":"sl-SI","potentialAction":[{"@type":"ReadAction","target":["https:\/\/www.leeb-balkone.com\/sl\/solar\/"]}]},{"@type":"ImageObject","inLanguage":"sl-SI","@id":"https:\/\/www.leeb-balkone.com\/sl\/solar\/#primaryimage","url":"https:\/\/www.leeb-balkone.com\/app\/uploads\/2020\/07\/alu-terrassenueberdachung-11-scaled.jpg","contentUrl":"https:\/\/www.leeb-balkone.com\/app\/uploads\/2020\/07\/alu-terrassenueberdachung-11-scaled.jpg","width":2560,"height":1709,"caption":"Prenovljena samostojna hi\u0161a z aluminijastim pokrovom terase"},{"@type":"BreadcrumbList","@id":"https:\/\/www.leeb-balkone.com\/sl\/solar\/#breadcrumb","itemListElement":[{"@type":"ListItem","position":1,"name":"Home","item":"https:\/\/www.leeb-balkone.com\/sl\/"},{"@type":"ListItem","position":2,"name":"Son\u010dni izdelki"}]},{"@type":"WebSite","@id":"https:\/\/www.leeb-balkone.com\/sl\/#website","url":"https:\/\/www.leeb-balkone.com\/sl\/","name":"Leeb Balkone","description":"Balkone und Z\u00e4une","publisher":{"@id":"https:\/\/www.leeb-balkone.com\/sl\/#organization"},"potentialAction":[{"@type":"SearchAction","target":{"@type":"EntryPoint","urlTemplate":"https:\/\/www.leeb-balkone.com\/sl\/?s={search_term_string}"},"query-input":{"@type":"PropertyValueSpecification","valueRequired":true,"valueName":"search_term_string"}}],"inLanguage":"sl-SI"},{"@type":"Organization","@id":"https:\/\/www.leeb-balkone.com\/sl\/#organization","name":"Leeb Balkone Gmbh","url":"https:\/\/www.leeb-balkone.com\/sl\/","logo":{"@type":"ImageObject","inLanguage":"sl-SI","@id":"https:\/\/www.leeb-balkone.com\/sl\/#\/schema\/logo\/image\/","url":"https:\/\/www.leeb-balkone.com\/app\/uploads\/2020\/11\/leeb-logo.svg","contentUrl":"https:\/\/www.leeb-balkone.com\/app\/uploads\/2020\/11\/leeb-logo.svg","width":741,"height":204,"caption":"Leeb Balkone Gmbh"},"image":{"@id":"https:\/\/www.leeb-balkone.com\/sl\/#\/schema\/logo\/image\/"},"sameAs":["https:\/\/www.facebook.com\/balkone\/","https:\/\/www.trustedshops.at\/bewertung\/info_X4587CCF5833E31AFE0B11F47D86999F2.html","https:\/\/www.trustedshops.de\/bewertung\/info_X7BA536A7A0BDC86D36C4718E4DCAEEEF.html","https:\/\/www.google.com\/maps\/place\/?q=place_id:ChIJ5-zH19-IcEcR9HonWRTllHI"]}]}},"_links":{"self":[{"href":"https:\/\/www.leeb-balkone.com\/sl\/wp-json\/wp\/v2\/pages\/155406","targetHints":{"allow":["GET"]}}],"collection":[{"href":"https:\/\/www.leeb-balkone.com\/sl\/wp-json\/wp\/v2\/pages"}],"about":[{"href":"https:\/\/www.leeb-balkone.com\/sl\/wp-json\/wp\/v2\/types\/page"}],"author":[{"embeddable":true,"href":"https:\/\/www.leeb-balkone.com\/sl\/wp-json\/wp\/v2\/users\/1"}],"replies":[{"embeddable":true,"href":"https:\/\/www.leeb-balkone.com\/sl\/wp-json\/wp\/v2\/comments?post=155406"}],"version-history":[{"count":21,"href":"https:\/\/www.leeb-balkone.com\/sl\/wp-json\/wp\/v2\/pages\/155406\/revisions"}],"predecessor-version":[{"id":166260,"href":"https:\/\/www.leeb-balkone.com\/sl\/wp-json\/wp\/v2\/pages\/155406\/revisions\/166260"}],"wp:featuredmedia":[{"embeddable":true,"href":"https:\/\/www.leeb-balkone.com\/sl\/wp-json\/wp\/v2\/media\/15657"}],"wp:attachment":[{"href":"https:\/\/www.leeb-balkone.com\/sl\/wp-json\/wp\/v2\/media?parent=155406"}],"wp:term":[{"taxonomy":"folder","embeddable":true,"href":"https:\/\/www.leeb-balkone.com\/sl\/wp-json\/wp\/v2\/folder?post=155406"}],"curies":[{"name":"wp","href":"https:\/\/api.w.org\/{rel}","templated":true}]}}