{"id":155021,"date":"2025-09-14T18:03:50","date_gmt":"2025-09-14T18:03:50","guid":{"rendered":"https:\/\/www.leeb-balkone.com\/de\/produkti\/zaslon-za-zasebnost\/"},"modified":"2026-01-27T13:55:44","modified_gmt":"2026-01-27T13:55:44","slug":"ograje-in-zascita-pred-pogledi","status":"publish","type":"page","link":"https:\/\/www.leeb-balkone.com\/sl\/ograje\/ograje-in-zascita-pred-pogledi\/","title":{"rendered":"Zaslon za zasebnost"},"content":{"rendered":"\n<section class=\"wp-block-group alignfull t3-header t3-header-splitscreen t3-splitscreen-shadow h-zi-20 has-light-gray-background-color has-background has-global-padding is-layout-constrained wp-container-core-group-is-layout-f1ad4950 wp-block-group-is-layout-constrained\" style=\"padding-top:0;padding-bottom:0\">\n<div class=\"wp-block-columns h-flx-a-s m-split is-layout-flex wp-container-core-columns-is-layout-28f84493 wp-block-columns-is-layout-flex\">\n<div class=\"wp-block-column is-vertically-aligned-top h-flx-a-s m-split-col-content is-layout-flow wp-block-column-is-layout-flow\"><div class=\"yoast-breadcrumbs\"><span><span><a href=\"https:\/\/www.leeb-balkone.com\/sl\/\">Home<\/a><\/span> \/ <span><a href=\"https:\/\/www.leeb-balkone.com\/sl\/ograje\/\">Ograje<\/a><\/span> \/ <span class=\"breadcrumb_last\" aria-current=\"page\">Zaslon za zasebnost<\/span><\/span><\/div>\n\n<h1 class=\"wp-block-post-title\">Zaslon za zasebnost<\/h1>\n\n\n<p class=\"has-step-0-font-size\" style=\"margin-bottom:0\">Leeb ponuja visokokakovostne re\u0161itve za za\u0161\u010dito zasebnosti okoli hi\u0161e, zlasti z aluminijastimi ograjami in modularnimi predelnimi stenami. Izdelki so zasnovani tako, da zagotavljajo vzdr\u017eljivost, raznolikost oblikovanja in mo\u017enost prilagajanja.<\/p>\n\n\n\n<div class=\"wp-block-buttons is-layout-flex wp-block-buttons-is-layout-flex\" style=\"margin-top:var(--wp--preset--spacing--l)\">\n<div class=\"wp-block-button is-style-cta icon-book icon-left\"><a class=\"wp-block-button__link wp-element-button\" href=\"https:\/\/www.leeb-balkone.com\/sl\/kontakt\/zahtevajte-katalog\/\">Zahtevajte katalog<\/a><\/div>\n\n\n\n<div class=\"wp-block-button is-style-cta icon-vp icon-left\"><a class=\"wp-block-button__link wp-element-button\" href=\"https:\/\/www.leeb-balkone.com\/sl\/distribucijski-partnerji\/\">Poi\u0161\u010dite kontaktno osebo<span class=\"sr-only\"> Slovenija<\/span><\/a><\/div>\n<\/div>\n<\/div>\n\n\n\n<div class=\"wp-block-column is-vertically-aligned-stretch h-hide-md-down is-style-image-cover is-layout-flow wp-block-column-is-layout-flow\">\n<figure class=\"wp-block-image size-large\"><img loading=\"lazy\" decoding=\"async\" width=\"1024\" height=\"678\" src=\"https:\/\/www.leeb-balkone.com\/app\/uploads\/2020\/07\/alu-sichtschutzzaun-1-1024x678.jpeg\" alt=\"alu sichtschutzzaun\" class=\"wp-image-4792\" srcset=\"https:\/\/www.leeb-balkone.com\/app\/uploads\/2020\/07\/alu-sichtschutzzaun-1-1024x678.jpeg 1024w, https:\/\/www.leeb-balkone.com\/app\/uploads\/2020\/07\/alu-sichtschutzzaun-1-300x199.jpeg 300w, https:\/\/www.leeb-balkone.com\/app\/uploads\/2020\/07\/alu-sichtschutzzaun-1-768x509.jpeg 768w, https:\/\/www.leeb-balkone.com\/app\/uploads\/2020\/07\/alu-sichtschutzzaun-1-1536x1018.jpeg 1536w, https:\/\/www.leeb-balkone.com\/app\/uploads\/2020\/07\/alu-sichtschutzzaun-1-2048x1357.jpeg 2048w\" sizes=\"auto, (max-width: 1024px) 100vw, 1024px\" \/><\/figure>\n<\/div>\n<\/div>\n<\/section>\n\n\n\n<section class=\"wp-block-group alignfull has-white-background-color has-background has-global-padding is-layout-constrained wp-container-core-group-is-layout-52f96efc wp-block-group-is-layout-constrained\" id=\"modelle\">\n<div class=\"wp-block-group m-teaser o-grid u-md-1 is-layout-flow wp-block-group-is-layout-flow\">\n<div class=\"wp-block-group u-g-9 u-g-s-2 is-layout-flow wp-block-group-is-layout-flow\" style=\"margin-bottom:var(--wp--preset--spacing--s)\">\n<p class=\"has-text-align-left\"><strong><strong><strong><strong>&#8220;Re\u0161itve zaslona za zasebnost Leeb: Za zanesljivo za\u0161\u010dito in najve\u010djo zasebnost okoli hi\u0161e.&#8221;<\/strong><\/strong><\/strong><\/strong><\/p>\n<\/div>\n<\/div>\n\n\n\n<div class=\"wp-block-columns is-layout-flex wp-container-core-columns-is-layout-28f84493 wp-block-columns-is-layout-flex\">\n<div class=\"wp-block-column is-layout-flow wp-block-column-is-layout-flow\" style=\"flex-basis:66.66%\"><div class=\"tgs-gallery\" data-tablet-slides=\"4\" data-desktop-slides=\"5\"><div class=\"t3-tgs swiper mainSlider\">\n                <div class=\"has-icon icon-enlarge\"><\/div>\n                <div class=\"swiper-wrapper lg-swiper\"><div class=\"swiper-slide\"><a href=\"https:\/\/www.leeb-balkone.com\/app\/uploads\/2020\/07\/alu-sichtschutzzaun-24-scaled.jpg\"><img decoding=\"async\" src=\"https:\/\/www.leeb-balkone.com\/app\/uploads\/2020\/07\/alu-sichtschutzzaun-24-scaled.jpg\" alt=\"alu sichtschutzzaun\"><\/a><div class=\"tgs-desc\">Stekla ograja za zaslon<\/div><\/div><div class=\"swiper-slide\"><a href=\"https:\/\/www.leeb-balkone.com\/app\/uploads\/2020\/07\/vorstellbalkon-mit-stuetzen-133-scaled.jpg\"><img decoding=\"async\" src=\"https:\/\/www.leeb-balkone.com\/app\/uploads\/2020\/07\/vorstellbalkon-mit-stuetzen-133-scaled.jpg\" alt=\"vorstellbalkon mit stuetzen\"><\/a><div class=\"tgs-desc\">Neprzezorna lo\u010devalna stena na prizidnem balkonu<\/div><\/div><div class=\"swiper-slide\"><a href=\"https:\/\/www.leeb-balkone.com\/app\/uploads\/2020\/07\/trennwand-bali-02-scaled.jpg\"><img decoding=\"async\" src=\"https:\/\/www.leeb-balkone.com\/app\/uploads\/2020\/07\/trennwand-bali-02-scaled.jpg\" alt=\"trennwand bali\"><\/a><div class=\"tgs-desc\">Balcon lo\u010devalna stena<\/div><\/div><\/div><div class=\"mainSliderPrev\"><\/div><div class=\"mainSliderNext\"><\/div><div class=\"main_slider_dots\"><\/div><\/div><div class=\"swiper thumbSlider\"><div class=\"swiper-wrapper wp-block-t3-carousel-wrapper\"><div class=\"swiper-slide\"><img decoding=\"async\" src=\"https:\/\/www.leeb-balkone.com\/app\/uploads\/2020\/07\/alu-sichtschutzzaun-24-1024x471.jpg\" alt=\"alu sichtschutzzaun\" \/><\/div><div class=\"swiper-slide\"><img decoding=\"async\" src=\"https:\/\/www.leeb-balkone.com\/app\/uploads\/2020\/07\/vorstellbalkon-mit-stuetzen-133-1024x806.jpg\" alt=\"vorstellbalkon mit stuetzen\" \/><\/div><div class=\"swiper-slide\"><img decoding=\"async\" src=\"https:\/\/www.leeb-balkone.com\/app\/uploads\/2020\/07\/trennwand-bali-02-1024x684.jpg\" alt=\"trennwand bali\" \/><\/div><\/div><div class=\"thumbSliderPrev swiper-button-prev\"><\/div><div class=\"thumbSliderNext swiper-button-next\"><\/div><\/div><\/div><\/div>\n\n\n\n<div class=\"wp-block-column is-layout-flow wp-block-column-is-layout-flow\" style=\"flex-basis:33.33%\">\n<h2 class=\"wp-block-heading has-step-2-font-size\">Ograja za zasebnost in predelna stena<\/h2>\n\n\n\n<p>Z na\u0161imi re\u0161itvami za zaslone za zasebnost lahko ustvarite zasebnost in estetiko v popolni harmoniji &#8211; sodobni aluminijasti profili s \u0161iroko paleto mo\u017enosti zapolnitve, vklju\u010dno s steklom, za trajne, enostavne za vzdr\u017eevanje in individualne ograje, elemente za zaslone za zasebnost in predelne stene za hi\u0161e, balkone in vrtove.<\/p>\n\n\n\n<ul class=\"wp-block-list is-style-checkmark-2\">\n<li>Izjemno odporen na vremenske vplive in prakti\u010dno brez vzdr\u017eevanja<\/li>\n\n\n\n<li>Ograja za zasebnost in predelna stena po meri<\/li>\n\n\n\n<li>Visokokakovostne komponente za dolgo \u017eivljenjsko dobo<\/li>\n<\/ul>\n<\/div>\n<\/div>\n\n\n\n<div class=\"wp-block-group m-teaser o-grid u-md-1 is-layout-flow wp-block-group-is-layout-flow\" style=\"margin-top:0;padding-top:var(--wp--preset--spacing--xl-2-xl)\">\n<div class=\"wp-block-group u-g-10 u-g-s-2 is-layout-flow wp-block-group-is-layout-flow\" style=\"margin-top:0;margin-bottom:var(--wp--preset--spacing--s)\"><div class=\"wp-block-t3-tabs t3-tabs t3-tabs--centered\" data-uniqueid=\"tabs-8f57f258\" data-use-headings=\"false\" data-heading-level=\"h2\"><ul class=\"t3-tabs__list\" role=\"tablist\"><li role=\"presentation\"><button role=\"tab\" id=\"tabs-8f57f258-tab-0\" aria-controls=\"tabs-8f57f258-panel-0\" class=\"t3-tabs__tab-button t3-tabs__tab-button--active\" aria-selected=\"true\" tabindex=\"0\"><div class=\"t3-tabs__tab-button-inner\"><span class=\"t3-tabs__tab-title\">Ograja za zasebnost<\/span><\/div><\/button><\/li><li role=\"presentation\"><button role=\"tab\" id=\"tabs-8f57f258-tab-1\" aria-controls=\"tabs-8f57f258-panel-1\" class=\"t3-tabs__tab-button\" aria-selected=\"false\" tabindex=\"-1\"><div class=\"t3-tabs__tab-button-inner\"><span class=\"t3-tabs__tab-title\">Pregradna stena \/ element zaslona za zasebnost<\/span><\/div><\/button><\/li><li role=\"presentation\"><button role=\"tab\" id=\"tabs-8f57f258-tab-2\" aria-controls=\"tabs-8f57f258-panel-2\" class=\"t3-tabs__tab-button\" aria-selected=\"false\" tabindex=\"-1\"><div class=\"t3-tabs__tab-button-inner\"><span class=\"t3-tabs__tab-title\">Posebne funkcije<\/span><\/div><\/button><\/li><\/ul><div class=\"t3-tabs__panels\"><div class=\"t3-tab__content t3-tabs__panel\" role=\"tabpanel\" id=\"tabs-8f57f258-panel-0\" aria-labelledby=\"tabs-8f57f258-tab-0\">\n<p>Ograje za zasebnost Leeb so optimalna kombinacija zasebnosti, varnosti in privla\u010dnega dizajna. Ograjni sistemi so izdelani iz visokokakovostnih aluminijastih profilov, odlikujejo pa jih trpe\u017enost, odpornost na vremenske vplive in minimalne zahteve po vzdr\u017eevanju. Zaradi \u0161irokega izbora modelov in individualnih mo\u017enosti prilagajanja se ograja za zasebnost harmoni\u010dno vklju\u010di v vsako zasnovo vrta.<\/p>\n\n\n\n<ul class=\"wp-block-list\">\n<li>Prilagojene mo\u017enosti vi\u0161ine in dol\u017eine<\/li>\n\n\n\n<li>Visokokakovostni aluminij, ki ne povzro\u010da korozije<\/li>\n\n\n\n<li>Razli\u010dne izvedbe, od neprozornih do delno prozornih<\/li>\n\n\n\n<li>Lahko se kombinira s steklenimi elementi za sodobne poudarke<\/li>\n\n\n\n<li>Predpriprava v tovarni, hitra monta\u017ea zaradi inovativne tehnologije priklju\u010dkov<\/li>\n\n\n\n<li>Enostavno \u010di\u0161\u010denje in brez vzdr\u017eevanja<\/li>\n\n\n\n<li>Visoka stabilnost in odpornost proti vetru<\/li>\n\n\n\n<li>Primerno za zasebne vrtove, terase in lastni\u0161ke meje<\/li>\n<\/ul>\n<\/div><div class=\"t3-tab__content t3-tabs__panel\" role=\"tabpanel\" id=\"tabs-8f57f258-panel-1\" aria-labelledby=\"tabs-8f57f258-tab-1\">\n<p>Pregrade Leeb so prilagodljivi zasloni za zasebnost, ki so idealni za manj\u0161e prostore, balkone, terase ali kot dodatna meja na vrtu. Zlahka jih je mogo\u010de vgraditi in prilagoditi, saj zagotavljajo ve\u010d zasebnosti, ne da bi vizualno preobremenile prostor.<\/p>\n\n\n\n<ul class=\"wp-block-list\">\n<li>Variabilni sistem ponuja prilagojene vi\u0161ine, \u0161irine in oblike.<\/li>\n\n\n\n<li>Idealno za balkone in majhne odprte prostore<\/li>\n\n\n\n<li>Razli\u010dne aluminijaste in opcijske steklene plo\u0161\u010de<\/li>\n\n\n\n<li>Enostavni pritrdilni sistemi za hitro namestitev<\/li>\n\n\n\n<li>Uskladi se z ograjami in ograjnimi sistemi Leeb za zasebnost<\/li>\n\n\n\n<li>Enostavna nega in odpornost na vremenske vplive<\/li>\n\n\n\n<li>Individualna izbira barv in dizajna<\/li>\n\n\n\n<li>Idealno za ustvarjanje zasebnih prostorov za umik<\/li>\n<\/ul>\n<\/div><div class=\"t3-tab__content t3-tabs__panel\" role=\"tabpanel\" id=\"tabs-8f57f258-panel-2\" aria-labelledby=\"tabs-8f57f258-tab-2\">\n<p>Leebove re\u0161itve zaslonov za zasebnost navdu\u0161ujejo z inovativno tehnologijo, visokokakovostnimi materiali in sodobnim dizajnom. Ponujajo \u0161tevilne prednosti, zaradi katerih so dolgotrajna in zanesljiva nalo\u017eba v va\u0161o zasebnost.<\/p>\n\n\n\n<ul class=\"wp-block-list\">\n<li>Visokokakovostni aluminijasti profili s pra\u0161nim premazom za optimalno za\u0161\u010dito pred korozijo<\/li>\n\n\n\n<li>Kombinacija aluminija in motnega ali prozornega stekla za estetsko raznolikost<\/li>\n\n\n\n<li>Izdelano po meri za popolno prileganje in enostavno namestitev<\/li>\n\n\n\n<li>Brez vzdr\u017eevanja: brez barvanja, brez korozije<\/li>\n\n\n\n<li>Najve\u010dja stabilnost tudi pri mo\u010dnem vetru<\/li>\n\n\n\n<li>Velika izbira modelov in barv (RAL in posebne barve ter videz lesa)  <\/li>\n\n\n\n<li>Trajnostna proizvodnja in nadzor kakovosti v Avstriji<\/li>\n\n\n\n<li>Inovativen sistem priklju\u010devanja in povezovanja za prilagodljivost in stabilnost<\/li>\n<\/ul>\n<\/div><\/div><\/div><\/div>\n<\/div>\n<\/section>\n\n\n\n\n\n<section class=\"wp-block-group alignfull has-light-gray-background-color has-background has-global-padding is-layout-constrained wp-container-core-group-is-layout-52f96efc wp-block-group-is-layout-constrained\" id=\"service-qualitaet\">\n<div class=\"wp-block-group o-grid u-md-1 is-layout-flow wp-block-group-is-layout-flow\">\n<div class=\"wp-block-group u-g-9 u-g-s-2 is-layout-flow wp-block-group-is-layout-flow\" style=\"margin-bottom:var(--wp--preset--spacing--s)\">\n<h2 class=\"wp-block-heading\"><strong>Zaslon za zasebnost Leeb<\/strong><\/h2>\n\n\n\n<p><span class=\"teaser\">Ve\u010dina modelov ograj Leeb je na voljo v primerni vi\u0161ini, ne glede na vi\u0161ino pa so \u0161tevilne od samega za\u010detka zasnovane kot ograje za zasebnost. Pregradne stene temeljijo na variabilnem sistemu, ki omogo\u010da prilagojeno vi\u0161ino, \u0161irino in oblikovanje.<\/span><\/p>\n<\/div>\n<\/div>\n\n\n\n<div class=\"wp-block-group small is-style-white-cards sm-2-cols is-layout-grid wp-container-core-group-is-layout-7785d981 wp-block-group-is-layout-grid\">\n<div class=\"wp-block-group m-card has-modal is-layout-flow wp-container-core-group-is-layout-8a368f38 wp-block-group-is-layout-flow\" data-modal-id=\"150759\">\n<figure class=\"wp-block-image size-large is-style-default\"><img loading=\"lazy\" decoding=\"async\" width=\"1024\" height=\"614\" src=\"https:\/\/www.leeb-balkone.com\/app\/uploads\/2022\/05\/Glashalle-Leeb-1024x614.jpg\" alt=\"Glashalle Leeb\" class=\"wp-image-83632\" srcset=\"https:\/\/www.leeb-balkone.com\/app\/uploads\/2022\/05\/Glashalle-Leeb-1024x614.jpg 1024w, https:\/\/www.leeb-balkone.com\/app\/uploads\/2022\/05\/Glashalle-Leeb-300x180.jpg 300w, https:\/\/www.leeb-balkone.com\/app\/uploads\/2022\/05\/Glashalle-Leeb-768x461.jpg 768w, https:\/\/www.leeb-balkone.com\/app\/uploads\/2022\/05\/Glashalle-Leeb-1536x922.jpg 1536w, https:\/\/www.leeb-balkone.com\/app\/uploads\/2022\/05\/Glashalle-Leeb-scaled.jpg 2048w\" sizes=\"auto, (max-width: 1024px) 100vw, 1024px\" \/><\/figure>\n\n\n\n<div class=\"wp-block-group m-card-content has-white-background-color has-background is-vertical is-layout-flex wp-container-core-group-is-layout-5580f018 wp-block-group-is-layout-flex\">\n<h3 class=\"wp-block-heading\">Balkon in ograja evropskega podjetja \u0161t. 1<\/h3>\n\n\n\n<p>Vodilnemu evropskemu proizvajalcu zaupa ve\u010d kot 150.000 zadovoljnih strank.<\/p>\n<\/div>\n<a href=\"#overlay-150759\" class=\"open-modal-link\" aria-label=\"Open modal\"><span class=\"sr-only\">\u00d6ffne Modal<\/span><\/a><\/div>\n\n\n\n<div class=\"wp-block-group m-card has-modal is-layout-flow wp-container-core-group-is-layout-8a368f38 wp-block-group-is-layout-flow\" data-modal-id=\"150749\">\n<figure class=\"wp-block-image size-large is-style-default\"><img loading=\"lazy\" decoding=\"async\" width=\"1024\" height=\"767\" src=\"https:\/\/www.leeb-balkone.com\/app\/uploads\/2020\/08\/leeb-balkone-mitarbeiter-4-1024x767.jpeg\" alt=\"Namestitev prilagojene balkonske ograje iz aluminija Leeb\" class=\"wp-image-6083\" srcset=\"https:\/\/www.leeb-balkone.com\/app\/uploads\/2020\/08\/leeb-balkone-mitarbeiter-4-1024x767.jpeg 1024w, https:\/\/www.leeb-balkone.com\/app\/uploads\/2020\/08\/leeb-balkone-mitarbeiter-4-2048x1535.jpeg 2048w, https:\/\/www.leeb-balkone.com\/app\/uploads\/2020\/08\/leeb-balkone-mitarbeiter-4-300x225.jpeg 300w, https:\/\/www.leeb-balkone.com\/app\/uploads\/2020\/08\/leeb-balkone-mitarbeiter-4-768x575.jpeg 768w, https:\/\/www.leeb-balkone.com\/app\/uploads\/2020\/08\/leeb-balkone-mitarbeiter-4-1536x1151.jpeg 1536w\" sizes=\"auto, (max-width: 1024px) 100vw, 1024px\" \/><\/figure>\n\n\n\n<div class=\"wp-block-group m-card-content has-white-background-color has-background is-vertical is-layout-flex wp-container-core-group-is-layout-5580f018 wp-block-group-is-layout-flex\">\n<h3 class=\"wp-block-heading\">Vsestranske storitve za brezskrbno izvajanje<\/h3>\n\n\n\n<p>Svetovanje na kraju samem, 3D konfigurator, tovarni\u0161ka proizvodnja, dobava in monta\u017ea.<\/p>\n<\/div>\n<a href=\"#overlay-150749\" class=\"open-modal-link\" aria-label=\"Open modal\"><span class=\"sr-only\">\u00d6ffne Modal<\/span><\/a><\/div>\n\n\n\n<div class=\"wp-block-group m-card has-modal is-layout-flow wp-container-core-group-is-layout-8a368f38 wp-block-group-is-layout-flow\" data-modal-id=\"150746\">\n<figure class=\"wp-block-image size-full\"><img loading=\"lazy\" decoding=\"async\" width=\"2048\" height=\"1366\" src=\"https:\/\/www.leeb-balkone.com\/app\/uploads\/2022\/05\/glas-bearbeitung-zuschnitt--scaled.jpg\" alt=\"glas bearbeitung zuschnitt \" class=\"wp-image-83644\" srcset=\"https:\/\/www.leeb-balkone.com\/app\/uploads\/2022\/05\/glas-bearbeitung-zuschnitt--scaled.jpg 2048w, https:\/\/www.leeb-balkone.com\/app\/uploads\/2022\/05\/glas-bearbeitung-zuschnitt--300x200.jpg 300w, https:\/\/www.leeb-balkone.com\/app\/uploads\/2022\/05\/glas-bearbeitung-zuschnitt--1024x683.jpg 1024w, https:\/\/www.leeb-balkone.com\/app\/uploads\/2022\/05\/glas-bearbeitung-zuschnitt--768x512.jpg 768w, https:\/\/www.leeb-balkone.com\/app\/uploads\/2022\/05\/glas-bearbeitung-zuschnitt--1536x1024.jpg 1536w\" sizes=\"auto, (max-width: 2048px) 100vw, 2048px\" \/><\/figure>\n\n\n\n<div class=\"wp-block-group m-card-content has-white-background-color has-background is-vertical is-layout-flex wp-container-core-group-is-layout-5580f018 wp-block-group-is-layout-flex\">\n<h3 class=\"wp-block-heading\"><strong>Laminirano varnostno steklo vrhunske kakovosti<\/strong><\/h3>\n\n\n\n<p>Preizku\u0161ena varnost, inovativne zasnove in dolgotrajna kakovost po meri s podjetjem Leeb Glas.<\/p>\n<\/div>\n<a href=\"#overlay-150746\" class=\"open-modal-link\" aria-label=\"Open modal\"><span class=\"sr-only\">\u00d6ffne Modal<\/span><\/a><\/div>\n\n\n\n<div class=\"wp-block-group m-card has-modal is-layout-flow wp-container-core-group-is-layout-8a368f38 wp-block-group-is-layout-flow\" data-modal-id=\"150753\">\n<figure class=\"wp-block-image size-large\"><img loading=\"lazy\" decoding=\"async\" width=\"1024\" height=\"665\" src=\"https:\/\/www.leeb-balkone.com\/app\/uploads\/2020\/08\/alu-comfort-plus-1024x665.jpg\" alt=\"alu comfort plus\" class=\"wp-image-5082\" srcset=\"https:\/\/www.leeb-balkone.com\/app\/uploads\/2020\/08\/alu-comfort-plus-1024x665.jpg 1024w, https:\/\/www.leeb-balkone.com\/app\/uploads\/2020\/08\/alu-comfort-plus-300x195.jpg 300w, https:\/\/www.leeb-balkone.com\/app\/uploads\/2020\/08\/alu-comfort-plus-768x499.jpg 768w, https:\/\/www.leeb-balkone.com\/app\/uploads\/2020\/08\/alu-comfort-plus-1536x997.jpg 1536w, https:\/\/www.leeb-balkone.com\/app\/uploads\/2020\/08\/alu-comfort-plus-2048x1330.jpg 2048w\" sizes=\"auto, (max-width: 1024px) 100vw, 1024px\" \/><\/figure>\n\n\n\n<div class=\"wp-block-group m-card-content has-white-background-color has-background is-vertical is-layout-flex wp-container-core-group-is-layout-5580f018 wp-block-group-is-layout-flex\">\n<h3 class=\"wp-block-heading\">Dolgoro\u010dna za\u0161\u010dita z ALU Comfort Plus\u00ae<\/h3>\n\n\n\n<p>Patentiran premaz in obdelava aluminija na najvi\u0161ji ravni.<\/p>\n<\/div>\n<a href=\"#overlay-150753\" class=\"open-modal-link\" aria-label=\"Open modal\"><span class=\"sr-only\">\u00d6ffne Modal<\/span><\/a><\/div>\n<\/div>\n\n\n\n<div class=\"wp-block-group o-grid u-md-1 is-layout-flow wp-block-group-is-layout-flow\" style=\"padding-top:var(--wp--preset--spacing--l)\">\n<div class=\"wp-block-group u-g-9 u-g-s-2 is-layout-flow wp-block-group-is-layout-flow\" style=\"margin-bottom:var(--wp--preset--spacing--s)\">\n<h3 class=\"wp-block-heading\">Prednosti na prvi pogled<\/h3>\n\n\n\n<p>Za re\u0161itve Leebovih zaslonov za zasebnost so zna\u010dilne obi\u010dajne kakovostne lastnosti vodilnega podjetja na trgu in prefinjeni dodatki.<\/p>\n\n\n\n<ul class=\"wp-block-list is-style-checkmark-2\">\n<li><strong>Trajnost in odpornost na vremenske vplive<\/strong> zaradi visokokakovostnih aluminijevih zlitin in patentiranega pra\u0161nega premaza ALU COMFORT\u00ae.<\/li>\n\n\n\n<li><strong>Enostavna nega in prakti\u010dno brez vzdr\u017eevanja<\/strong>: ni potrebe po barvanju ali posebnem za\u0161\u010ditnem premazu, povr\u0161ine so odporne na praske in vodo.<\/li>\n\n\n\n<li><strong>Individualna raznolikost dizajna:<\/strong> Velika izbira modelov, barv in dizajnov &#8211; od klasi\u010dno elegantnih do sodobnih, aluminijasti zaslon za zasebnost je na voljo tudi v lesenem videzu.<\/li>\n\n\n\n<li><strong>Certificirana kakovost in storitve:<\/strong> lastna proizvodnja, strog nadzor kakovosti, desetletja izku\u0161enj in celovite storitve od svetovanja do namestitve.<\/li>\n\n\n\n<li><strong>Vodilni na evropskem trgu:<\/strong> ve\u010d kot 200.000 zadovoljnih strank, \u0161iroka paleta modelov in brezhibna partnerska mre\u017ea za svetovanje, servis in popotresno oskrbo.<\/li>\n<\/ul>\n<\/div>\n<\/div>\n<\/section>\n\n\n\n<section class=\"wp-block-cover alignfull is-light katalog-cta\" style=\"margin-top:0;margin-bottom:0;padding-top:0;padding-right:0;padding-bottom:0;padding-left:0;min-height:100px;aspect-ratio:unset;\"><img loading=\"lazy\" decoding=\"async\" width=\"1920\" height=\"599\" class=\"wp-block-cover__image-background wp-image-7912 size-full\" alt=\"leeb balkone katalog anfordern\" src=\"https:\/\/www.leeb-balkone.com\/app\/uploads\/2020\/09\/leeb-balkone-katalog-anfordern-1.jpeg\" data-object-fit=\"cover\" srcset=\"https:\/\/www.leeb-balkone.com\/app\/uploads\/2020\/09\/leeb-balkone-katalog-anfordern-1-300x94.jpeg 300w, https:\/\/www.leeb-balkone.com\/app\/uploads\/2020\/09\/leeb-balkone-katalog-anfordern-1-1024x319.jpeg 1024w, https:\/\/www.leeb-balkone.com\/app\/uploads\/2020\/09\/leeb-balkone-katalog-anfordern-1-768x240.jpeg 768w, https:\/\/www.leeb-balkone.com\/app\/uploads\/2020\/09\/leeb-balkone-katalog-anfordern-1-1536x479.jpeg 1536w\" sizes=\"auto, (max-width: 1920px) 100vw, 1920px\" \/><span aria-hidden=\"true\" class=\"wp-block-cover__background has-primary-45-background-color has-background-dim-80 has-background-dim\"><\/span><div class=\"wp-block-cover__inner-container has-global-padding is-layout-constrained wp-container-core-cover-is-layout-fc5783d2 wp-block-cover-is-layout-constrained\">\n<div class=\"wp-block-group is-layout-flow wp-block-group-is-layout-flow\" style=\"min-height:0px;margin-top:0;margin-bottom:0;padding-top:var(--wp--preset--spacing--2-xl);padding-bottom:var(--wp--preset--spacing--2-xl);padding-left:0\">\n<div class=\"wp-block-columns are-vertically-aligned-center is-layout-flex wp-container-core-columns-is-layout-0a4bbf16 wp-block-columns-is-layout-flex\" style=\"margin-top:0;margin-bottom:0\">\n<div class=\"wp-block-column is-vertically-aligned-center is-layout-flow wp-block-column-is-layout-flow\" style=\"flex-basis:66.66%\">\n<h2 class=\"wp-block-heading\">Zaslon zasebnosti v katalogu<\/h2>\n\n\n\n<p class=\"is-style-teaser\"><span class=\"teaser\">Va\u0161 osebni katalog \u010daka na vas! Naro\u010dite zdaj brezpla\u010dno in odkrijte na\u0161o celotno ponudbo <span class=\"teaser\">ograj in zaslonov za zasebnost <\/span>. Poi\u0161\u010dite re\u0161itev, ki vam popolnoma ustreza.<\/span><\/p>\n<\/div>\n\n\n\n<div class=\"wp-block-column is-vertically-aligned-center is-layout-flow wp-block-column-is-layout-flow\" style=\"flex-basis:33.33%\">\n<div class=\"wp-block-buttons u-m-jc-left is-content-justification-right is-layout-flex wp-container-core-buttons-is-layout-c060c6c7 wp-block-buttons-is-layout-flex\">\n<div class=\"wp-block-button is-style-filled-white large\"><a class=\"wp-block-button__link wp-element-button\" href=\"https:\/\/www.leeb-balkone.com\/sl\/kontakt\/zahtevajte-katalog\/\" style=\"box-shadow:var(--wp--preset--shadow--button-shadow)\">Zahtevajte katalog<\/a><\/div>\n<\/div>\n<\/div>\n<\/div>\n<\/div>\n<\/div><\/section>\n\n\n\n<section class=\"wp-block-group alignfull has-white-background-color has-background has-global-padding is-layout-constrained wp-container-core-group-is-layout-52f96efc wp-block-group-is-layout-constrained\">\n<div class=\"wp-block-group o-grid u-md-1 is-layout-flow wp-block-group-is-layout-flow\" style=\"padding-top:0\">\n<div class=\"wp-block-group u-g-9 u-g-s-2 is-layout-flow wp-block-group-is-layout-flow\" style=\"margin-bottom:var(--wp--preset--spacing--s)\">\n<h2 class=\"wp-block-heading\">Reference<\/h2>\n<\/div>\n<\/div>\n\n\n\n<div class=\"wp-block-t3-carousel-wrapper\" id=\"t3-carousel-2094e9b4-1472-4fe6-a872-80b00348da48\"><div class=\"wp-block-t3-carousel t3-carousel-block swiper\" data-swiper-options=\"{&quot;loop&quot;:false,&quot;preloadImages&quot;:false,&quot;lazy&quot;:{&quot;loadPrevNext&quot;:true},&quot;autoplay&quot;:{&quot;delay&quot;:3000,&quot;disableOnInteraction&quot;:false},&quot;navigation&quot;:{&quot;nextEl&quot;:&quot;#t3-carousel-2094e9b4-1472-4fe6-a872-80b00348da48 .t3-carousel-2094e9b4-1472-4fe6-a872-80b00348da48-next&quot;,&quot;prevEl&quot;:&quot;#t3-carousel-2094e9b4-1472-4fe6-a872-80b00348da48 .t3-carousel-2094e9b4-1472-4fe6-a872-80b00348da48-prev&quot;},&quot;pagination&quot;:{&quot;el&quot;:&quot;#t3-carousel-2094e9b4-1472-4fe6-a872-80b00348da48 .t3-carousel-2094e9b4-1472-4fe6-a872-80b00348da48-pagination&quot;,&quot;clickable&quot;:true},&quot;scrollbar&quot;:false,&quot;breakpoints&quot;:{&quot;0&quot;:{&quot;slidesPerView&quot;:1.15,&quot;spaceBetween&quot;:24},&quot;769&quot;:{&quot;slidesPerView&quot;:1,&quot;spaceBetween&quot;:30}}}\"><div class=\"swiper-wrapper\">\n<div class=\"wp-block-t3-carousel-slide t3-carousel-slide swiper-slide\">\n<div class=\"wp-block-columns testimonial m-split is-layout-flex wp-container-core-columns-is-layout-3331f5f7 wp-block-columns-is-layout-flex\" style=\"padding-bottom:0\">\n<div class=\"wp-block-column is-layout-flow wp-block-column-is-layout-flow\">\n<div class=\"wp-block-group is-layout-flow wp-block-group-is-layout-flow has-background\" style=\"min-height:100%;background-image:url(&#039;https:\/\/www.leeb-balkone.com\/app\/uploads\/2020\/08\/Helmuth-Borer-Grado-21.jpg&#039;);background-size:cover;\"><\/div>\n<\/div>\n\n\n\n<div class=\"wp-block-column is-vertically-aligned-top testimonial-text is-layout-flow wp-block-column-is-layout-flow\">\n<div class=\"wp-block-group has-light-gray-background-color has-background is-vertical is-layout-flex wp-container-core-group-is-layout-044273ab wp-block-group-is-layout-flex\" style=\"padding-top:var(--wp--preset--spacing--xl);padding-right:var(--wp--preset--spacing--xl);padding-bottom:var(--wp--preset--spacing--xl);padding-left:var(--wp--preset--spacing--l)\">\n<p class=\"has-step-1-font-size\"><em>&#8220;Zahvaljujemo se gospodu Rolandu Schneiderju iz oddelka za prodajo in monta\u017eo za strokovno svetovanje in odli\u010dno namestitev na\u0161ih novih zaslonov za zasebnost Grado v Solothurnu.&#8221;<\/em><\/p>\n\n\n\n<p class=\"has-step-s-font-size\"><strong>Dru\u017eina Borer<br><\/strong>4500 Solothurn (\u0160vica)<\/p>\n<\/div>\n<\/div>\n<\/div>\n<\/div>\n\n\n\n<div class=\"wp-block-t3-carousel-slide t3-carousel-slide swiper-slide\">\n<div class=\"wp-block-columns testimonial m-split is-layout-flex wp-container-core-columns-is-layout-3331f5f7 wp-block-columns-is-layout-flex\" style=\"padding-bottom:0\">\n<div class=\"wp-block-column is-layout-flow wp-block-column-is-layout-flow\">\n<div class=\"wp-block-group is-layout-flow wp-block-group-is-layout-flow has-background\" style=\"min-height:100%;background-image:url(&#039;https:\/\/www.leeb-balkone.com\/app\/uploads\/2021\/07\/kundenreferenz-zaun-sichtschutz.jpg&#039;);background-size:cover;\"><\/div>\n<\/div>\n\n\n\n<div class=\"wp-block-column is-vertically-aligned-top testimonial-text is-layout-flow wp-block-column-is-layout-flow\">\n<div class=\"wp-block-group has-light-gray-background-color has-background is-vertical is-layout-flex wp-container-core-group-is-layout-044273ab wp-block-group-is-layout-flex\" style=\"padding-top:var(--wp--preset--spacing--xl);padding-right:var(--wp--preset--spacing--xl);padding-bottom:var(--wp--preset--spacing--xl);padding-left:var(--wp--preset--spacing--l)\">\n<p class=\"has-step-1-font-size\"><em>&#8220;Zelo smo zadovoljni z na\u0161im zaslonom za zasebnost Leeb Ambito!&#8221;<\/em><\/p>\n\n\n\n<p class=\"has-step-s-font-size\"><strong>Dru\u017eina Kienzl<br><\/strong>6161 Natters<\/p>\n<\/div>\n<\/div>\n<\/div>\n<\/div>\n<\/div><div class=\"swiper-pagination t3-carousel-2094e9b4-1472-4fe6-a872-80b00348da48-pagination\"><\/div><\/div><div class=\"swiper-button-prev t3-carousel-2094e9b4-1472-4fe6-a872-80b00348da48-prev\"><\/div><div class=\"swiper-button-next t3-carousel-2094e9b4-1472-4fe6-a872-80b00348da48-next\"><\/div><\/div>\n<\/section>\n\n\n\n<section class=\"wp-block-group alignfull has-white-background-color has-background has-global-padding is-layout-constrained wp-container-core-group-is-layout-9fa1424c wp-block-group-is-layout-constrained\" style=\"padding-top:0\">\n<div class=\"wp-block-group o-grid u-md-1 is-layout-flow wp-block-group-is-layout-flow\" style=\"padding-top:0\">\n<div class=\"wp-block-group u-g-9 u-g-s-2 is-layout-flow wp-block-group-is-layout-flow\" style=\"margin-bottom:var(--wp--preset--spacing--s)\">\n<h2 class=\"wp-block-heading\">Zakaj zasloni za zasebnost Leeb?<\/h2>\n\n\n\n<p class=\"is-style-teaser\"><span class=\"teaser\">Re\u0161itve zaslona za zasebnost Leeb ponujajo popolno kombinacijo sodobne, trpe\u017ene aluminijaste tehnologije, individualne svobode oblikovanja in certificirane trajnosti<\/span>.<\/p>\n<\/div>\n<\/div>\n\n\n\n<div class=\"wp-block-group is-layout-flow wp-container-core-group-is-layout-d5075d26 wp-block-group-is-layout-flow\">\n<div class=\"wp-block-columns is-style-shadow m-split is-layout-flex wp-container-core-columns-is-layout-28f84493 wp-block-columns-is-layout-flex\">\n<div class=\"wp-block-column is-style-default is-layout-flow wp-block-column-is-layout-flow\">\n<figure class=\"wp-block-image size-large\"><img loading=\"lazy\" decoding=\"async\" width=\"1024\" height=\"683\" src=\"https:\/\/www.leeb-balkone.com\/app\/uploads\/2020\/07\/alu-sichtschutzzaun-5-1024x683.jpeg\" alt=\"Aluminijasti in stekleni zasloni za zasebnost - u\u017eivajte v bazenu na vrtu brez motenj\" class=\"wp-image-4800\" style=\"aspect-ratio:4\/3;object-fit:cover\" srcset=\"https:\/\/www.leeb-balkone.com\/app\/uploads\/2020\/07\/alu-sichtschutzzaun-5-1024x683.jpeg 1024w, https:\/\/www.leeb-balkone.com\/app\/uploads\/2020\/07\/alu-sichtschutzzaun-5-300x200.jpeg 300w, https:\/\/www.leeb-balkone.com\/app\/uploads\/2020\/07\/alu-sichtschutzzaun-5-768x512.jpeg 768w, https:\/\/www.leeb-balkone.com\/app\/uploads\/2020\/07\/alu-sichtschutzzaun-5-1536x1024.jpeg 1536w, https:\/\/www.leeb-balkone.com\/app\/uploads\/2020\/07\/alu-sichtschutzzaun-5-2048x1366.jpeg 2048w\" sizes=\"auto, (max-width: 1024px) 100vw, 1024px\" \/><\/figure>\n<\/div>\n\n\n\n<div class=\"wp-block-column is-vertically-aligned-center is-style-overlay-content is-layout-flow wp-block-column-is-layout-flow\">\n<div class=\"wp-block-group is-vertical is-layout-flex wp-container-core-group-is-layout-6aed0e10 wp-block-group-is-layout-flex\">\n<h3 class=\"wp-block-heading\">Ograja za zasebnost &#8211; mir in varnost<\/h3>\n\n\n\n<p>Ograja za zasebnost iz podjetja Leeb ne le \u0161\u010diti va\u0161 dom, temve\u010d ustvarja prostor, v katerem se po\u010dutite resni\u010dno varno in svobodno. Za robustno eleganco ograje je v zelenju ustvarjena va\u0161a osebna oaza dobrega po\u010dutja, za\u0161\u010ditena pred o\u010dmi sveta ter polna miru in ti\u0161ine za sprostitev, smeh in preprosto &#8220;bivanje s seboj&#8221;. Visokokakovostni materiali, prefinjene zasnove in prilagojene re\u0161itve spremenijo va\u0161 vrt v znano zato\u010di\u0161\u010de, ki zagotavlja udobje in u\u017eitek dan za dnem.<\/p>\n\n\n\n<div class=\"wp-block-buttons is-layout-flex wp-block-buttons-is-layout-flex\" style=\"margin-top:var(--wp--preset--spacing--2-xs)\">\n<div class=\"wp-block-button is-style-outline-secondary\"><a class=\"wp-block-button__link has-transparent-background-color has-background wp-element-button\" href=\"https:\/\/www.leeb-balkone.com\/sl\/ograje\/aluminijasta-ograja\/\">Modeli ograj<\/a><\/div>\n<\/div>\n<\/div>\n<\/div>\n<\/div>\n\n\n\n<div class=\"wp-block-columns is-style-shadow m-split m-split-reverse is-layout-flex wp-container-core-columns-is-layout-28f84493 wp-block-columns-is-layout-flex\">\n<div class=\"wp-block-column is-style-default is-layout-flow wp-block-column-is-layout-flow\">\n<figure class=\"wp-block-image size-large\"><img loading=\"lazy\" decoding=\"async\" width=\"1024\" height=\"684\" src=\"https:\/\/www.leeb-balkone.com\/app\/uploads\/2020\/07\/trennwand-bali-02-1024x684.jpg\" alt=\"trennwand bali\" class=\"wp-image-132300\" style=\"aspect-ratio:4\/3;object-fit:cover\" srcset=\"https:\/\/www.leeb-balkone.com\/app\/uploads\/2020\/07\/trennwand-bali-02-1024x684.jpg 1024w, https:\/\/www.leeb-balkone.com\/app\/uploads\/2020\/07\/trennwand-bali-02-300x200.jpg 300w, https:\/\/www.leeb-balkone.com\/app\/uploads\/2020\/07\/trennwand-bali-02-768x513.jpg 768w, https:\/\/www.leeb-balkone.com\/app\/uploads\/2020\/07\/trennwand-bali-02-1536x1025.jpg 1536w, https:\/\/www.leeb-balkone.com\/app\/uploads\/2020\/07\/trennwand-bali-02-2048x1367.jpg 2048w\" sizes=\"auto, (max-width: 1024px) 100vw, 1024px\" \/><\/figure>\n<\/div>\n\n\n\n<div class=\"wp-block-column is-vertically-aligned-center is-style-overlay-content is-layout-flow wp-block-column-is-layout-flow\">\n<div class=\"wp-block-group is-vertical is-layout-flex wp-container-core-group-is-layout-6aed0e10 wp-block-group-is-layout-flex\">\n<h3 class=\"wp-block-heading\">Pregradna stena &#8211; vsestranski zaslon za zasebnost<\/h3>\n\n\n\n<p>Eleganten videz, stabilnost in izjemna vzdr\u017eljivost &#8211; to so kakovostne lastnosti, zaradi katerih je dru\u017eba Leeb postala vodilna na evropskem trgu balkonov in ograj. Strokovno znanje, ki se prena\u0161a tudi na na\u0161e predelne stene. Naj gre za zasebnost, za\u0161\u010dito pred vetrom ali pregradne stene &#8211; na\u0161e pregradne stene so vsestransko uporabne. Zlasti za lo\u010devanje dveh strani na balkonih, terasah ali v hotelih ponujajo estetski celostni videz z enakim videzom na obeh straneh.   <\/p>\n<\/div>\n<\/div>\n<\/div>\n<\/div>\n<\/section>\n\n\n\n<section class=\"wp-block-group alignfull has-light-gray-background-color has-background has-global-padding is-layout-constrained wp-container-core-group-is-layout-52f96efc wp-block-group-is-layout-constrained\">\n<div class=\"wp-block-group o-grid u-md-1 is-layout-flow wp-block-group-is-layout-flow\" style=\"padding-top:0\">\n<div class=\"wp-block-group u-g-9 u-g-s-2 is-layout-flow wp-block-group-is-layout-flow\" style=\"margin-bottom:var(--wp--preset--spacing--s)\">\n<h2 class=\"wp-block-heading\">Pogosto zastavljena vpra\u0161anja<\/h2>\n\n\n\n\n\n<div class=\"wp-block-t3-acc-accordion is-style-light\"><button id=\"accordion-6f5a8d29-9d2d-48e5-bb93-43ccecd63d6a-button\" class=\"accordion__button\" aria-expanded=\"false\" aria-controls=\"accordion-6f5a8d29-9d2d-48e5-bb93-43ccecd63d6a-panel\"><h3 data-accordion-title=\"true\" style=\"font-size:var(--step-1)\"><strong><strong><strong>Zakaj naj se odlo\u010dim za ograjo za zasebnost?<\/strong><\/strong><\/strong><\/h3><\/button><div id=\"accordion-6f5a8d29-9d2d-48e5-bb93-43ccecd63d6a-panel\" class=\"accordion__panel\" role=\"region\" aria-labelledby=\"accordion-6f5a8d29-9d2d-48e5-bb93-43ccecd63d6a-button\">\n<p>Ograja za zasebnost zagotavlja u\u010dinkovito za\u0161\u010dito pred radovednimi pogledi, pove\u010duje zasebnost ter lahko zagotavlja tudi za\u0161\u010dito pred vetrom in hrupom. Zlasti <strong>ograje za zasebnost Leeb<\/strong> so visokokakovostna re\u0161itev, saj so izdelane iz trpe\u017enega aluminija in zaradi patentiranega pra\u0161nega premaza <strong>prakti\u010dno ne potrebujejo vzdr\u017eevanja<\/strong>. Modeli Leeb so na voljo v \u0161tevilnih izvedbah in jih je mogo\u010de prilagoditi po vi\u0161ini. Na zahtevo v kombinaciji s steklenimi elementi ali posebnimi polnili, kot so kreativne perforacije iz aluminijaste plo\u010devine.<\/p>\n<\/div><\/div>\n\n\n\n<div class=\"wp-block-t3-acc-accordion is-style-light\"><button id=\"accordion-5cb0e335-4871-4733-bb5b-8faf25b3dfd3-button\" class=\"accordion__button\" aria-expanded=\"false\" aria-controls=\"accordion-5cb0e335-4871-4733-bb5b-8faf25b3dfd3-panel\"><h3 data-accordion-title=\"true\" style=\"font-size:var(--step-1)\"><strong><strong><strong><strong><strong><strong>Kaj lahko ograja za zasebnost poleg zagotavljanja zasebnosti \u0161e naredi?<\/strong><\/strong><\/strong><\/strong><\/strong><\/strong><\/h3><\/button><div id=\"accordion-5cb0e335-4871-4733-bb5b-8faf25b3dfd3-panel\" class=\"accordion__panel\" role=\"region\" aria-labelledby=\"accordion-5cb0e335-4871-4733-bb5b-8faf25b3dfd3-button\">\n<p>Sodobna ograja za zasebnost ima veliko ve\u010d funkcij kot le \u0161\u010ditenje pred radovednimi pogledi. Tukaj so najpomembnej\u0161e dodatne prednosti in mo\u017enosti uporabe:<\/p>\n\n\n\n<ul class=\"wp-block-list\">\n<li><strong>Za\u0161\u010dita pred hrupom<\/strong>: zasebna ograja lahko pomaga zmanj\u0161ati hrup na va\u0161em zemlji\u0161\u010du, zlasti \u010de je posebej gosta in izdelana iz materialov, ki odbijajo ali absorbirajo zvok, kot je to v primeru masivnega aluminija. \u010cim vi\u0161ja in gostej\u0161a je ograja, tem bolj\u0161a je zvo\u010dna pregrada &#8211; idealni so modeli z zaprtimi aluminijastimi plo\u0161\u010dami in po potrebi z matiranim steklom, kot jih ponuja podjetje Leeb.<\/li>\n\n\n\n<li><strong>Za\u0161\u010dita pred vetrom in vremenskimi vplivi<\/strong>: Visoka in gosta ograja za zasebnost zagotavlja u\u010dinkovito za\u0161\u010dito pred vetrom, de\u017ejem in ekstremnimi vremenskimi razmerami. Ograje za zasebnost Leeb so na tem podro\u010dju uspe\u0161ne zaradi robustnih aluminijastih profilov, ki ne povzro\u010dajo korozije in so dolgoro\u010dno odporni na nevihtne razmere.<\/li>\n\n\n\n<li><strong>Za\u0161\u010dita hi\u0161e in vrta<\/strong>: Robustna in visoka ograja ote\u017euje dostop nepoobla\u0161\u010denim osebam in zanesljivo prepre\u010duje vstop neza\u017eelenim gostom. Leebove trdne konstrukcije so odporne na mehanske udarce in tako zagotavljajo dolgotrajno za\u0161\u010dito zunanjih povr\u0161in.<\/li>\n\n\n\n<li><strong>Meja in struktura nepremi\u010dnine<\/strong>: Meja je jasno vidna in poudarja zasebnost, ne da bi bila vizualno utesnjujo\u010da (za to med drugim poskrbi ogromna izbira podjetja Leeb, kjer je mogo\u010de najti pravi model in ga celo prilagoditi za vsako situacijo). Kakovostne in dobro name\u0161\u010dene ograje pove\u010dujejo vrednost nepremi\u010dnine in zagotavljajo urejen videz.<br><\/li>\n<\/ul>\n\n\n\n<p>Seznam je \u0161e dolg &#8211; ograja za zasebnost je pravi vsestranski pripomo\u010dek za dom in vrt.  <\/p>\n<\/div><\/div>\n\n\n\n<div class=\"wp-block-t3-acc-accordion is-style-light\"><button id=\"accordion-cf40cf03-30dc-42f0-a87d-10cb3d3778c9-button\" class=\"accordion__button\" aria-expanded=\"false\" aria-controls=\"accordion-cf40cf03-30dc-42f0-a87d-10cb3d3778c9-panel\"><h3 data-accordion-title=\"true\" style=\"font-size:var(--step-1)\"><strong><strong><strong><strong><strong>Kako poteka monta\u017ea ograje za zasebnost?<\/strong><\/strong><\/strong><\/strong><\/strong><\/h3><\/button><div id=\"accordion-cf40cf03-30dc-42f0-a87d-10cb3d3778c9-panel\" class=\"accordion__panel\" role=\"region\" aria-labelledby=\"accordion-cf40cf03-30dc-42f0-a87d-10cb3d3778c9-button\">\n<p>Popolno na\u010drtovanje s strani lokalnega svetovalca podjetja Leeb in natan\u010dna monta\u017ea vseh delov v tovarni omogo\u010data hitro in brezskrbno monta\u017eo &#8211; za popoln rezultat in dolgotrajno u\u017eivanje v va\u0161i novi zasebni ograji. Strokovna monta\u017ea zagotavlja, da so vsi sestavni deli pravilno spojeni, vija\u010dno vodotesni in dolgoro\u010dno optimalno delujejo.<\/p>\n<\/div><\/div>\n\n\n\n<div class=\"wp-block-t3-acc-accordion is-style-light\"><button id=\"accordion-441f9498-4ba9-400e-a4f0-8e6128ba9943-button\" class=\"accordion__button\" aria-expanded=\"false\" aria-controls=\"accordion-441f9498-4ba9-400e-a4f0-8e6128ba9943-panel\"><h3 data-accordion-title=\"true\" style=\"font-size:var(--step-1)\"><strong><strong><strong><strong><strong><strong><strong>Kako najti pravega partnerja Leeb?<\/strong><\/strong><\/strong><\/strong><\/strong><\/strong><\/strong><\/h3><\/button><div id=\"accordion-441f9498-4ba9-400e-a4f0-8e6128ba9943-panel\" class=\"accordion__panel\" role=\"region\" aria-labelledby=\"accordion-441f9498-4ba9-400e-a4f0-8e6128ba9943-button\">\n<p>Leeb ima gosto mre\u017eo partnerjev v Avstriji, Nem\u010diji, Italiji, Franciji, \u0160vici in Sloveniji. Za vsa podrobna ali specializirana vpra\u0161anja se priporo\u010damo posvetovati s svetovalcem Leeb, ki vam bo pomagal pri svetovanju, na\u010drtovanju in namestitvi.  <\/p>\n<\/div><\/div>\n<\/div>\n<\/div>\n<\/section>\n\n\n\n<section class=\"wp-block-group alignfull has-white-background-color has-background has-global-padding is-layout-constrained wp-container-core-group-is-layout-52f96efc wp-block-group-is-layout-constrained\">\n<div class=\"wp-block-group o-grid u-md-1 is-layout-flow wp-block-group-is-layout-flow\" style=\"padding-top:0\">\n<div class=\"wp-block-group u-g-9 u-g-s-2 is-layout-flow wp-block-group-is-layout-flow\">\n<h2 class=\"wp-block-heading\">Vtisi zaslona za zasebnost<\/h2>\n\n\n\n<p><span class=\"teaser\">Navdihnite se z mo\u017enostmi oblikovanja na\u0161ih ograj in pregrad za zasebnost.<\/span><\/p>\n<\/div>\n<\/div>\n\n\n    <div id=\"t3-lg-block-1\" class=\"wp-block-t3-lightgallery\" data-initial-count=\"9\">\n      <div class=\"lg-container u-grid-temp has-3-cols\">\n                  <div class=\"lg-item\" data-src=\"https:\/\/www.leeb-balkone.com\/app\/uploads\/2020\/07\/alu-sichtschutzzaun-20-scaled.jpeg\"\n              data-sub-html=\"&lt;p&gt; Sichtschutz mit Pool&lt;\/p&gt;\">\n            <div class=\"img-wrapper\">\n                <figure>\n                    <img loading=\"lazy\" decoding=\"async\" width=\"300\" height=\"200\" src=\"https:\/\/www.leeb-balkone.com\/app\/uploads\/2020\/07\/alu-sichtschutzzaun-20-300x200.jpeg\" class=\"attachment-medium size-medium\" alt=\"alu sichtschutzzaun\" srcset=\"https:\/\/www.leeb-balkone.com\/app\/uploads\/2020\/07\/alu-sichtschutzzaun-20-300x200.jpeg 300w, https:\/\/www.leeb-balkone.com\/app\/uploads\/2020\/07\/alu-sichtschutzzaun-20-1024x684.jpeg 1024w, https:\/\/www.leeb-balkone.com\/app\/uploads\/2020\/07\/alu-sichtschutzzaun-20-768x513.jpeg 768w, https:\/\/www.leeb-balkone.com\/app\/uploads\/2020\/07\/alu-sichtschutzzaun-20-1536x1025.jpeg 1536w, https:\/\/www.leeb-balkone.com\/app\/uploads\/2020\/07\/alu-sichtschutzzaun-20-2048x1367.jpeg 2048w\" sizes=\"auto, (min-width: 1200px) 260px, (min-width: 1024px) 220px, (min-width: 640px) 465px, 768px\" \/>    \n                <\/figure>\n                        <\/div>\n            <p> Sichtschutz mit Pool<\/p>        <\/div>\n                  <div class=\"lg-item\" data-src=\"https:\/\/www.leeb-balkone.com\/app\/uploads\/2020\/07\/alu-sichtschutzzaun-16-scaled.jpeg\"\n              data-sub-html=\"&lt;p&gt;Sichtschutzzaun Modell Ambito Glas&lt;\/p&gt;\">\n            <div class=\"img-wrapper\">\n                <figure>\n                    <img loading=\"lazy\" decoding=\"async\" width=\"300\" height=\"200\" src=\"https:\/\/www.leeb-balkone.com\/app\/uploads\/2020\/07\/alu-sichtschutzzaun-16-300x200.jpeg\" class=\"attachment-medium size-medium\" alt=\"alu sichtschutzzaun\" srcset=\"https:\/\/www.leeb-balkone.com\/app\/uploads\/2020\/07\/alu-sichtschutzzaun-16-300x200.jpeg 300w, https:\/\/www.leeb-balkone.com\/app\/uploads\/2020\/07\/alu-sichtschutzzaun-16-1024x684.jpeg 1024w, https:\/\/www.leeb-balkone.com\/app\/uploads\/2020\/07\/alu-sichtschutzzaun-16-768x513.jpeg 768w, https:\/\/www.leeb-balkone.com\/app\/uploads\/2020\/07\/alu-sichtschutzzaun-16-1536x1025.jpeg 1536w, https:\/\/www.leeb-balkone.com\/app\/uploads\/2020\/07\/alu-sichtschutzzaun-16-2048x1367.jpeg 2048w\" sizes=\"auto, (min-width: 1200px) 260px, (min-width: 1024px) 220px, (min-width: 640px) 465px, 768px\" \/>    \n                <\/figure>\n                        <\/div>\n            <p>Sichtschutzzaun Modell Ambito Glas<\/p>        <\/div>\n                  <div class=\"lg-item\" data-src=\"https:\/\/www.leeb-balkone.com\/app\/uploads\/2020\/07\/alu-sichtschutzzaun-15-scaled.jpeg\"\n              data-sub-html=\"&lt;p&gt;Leeb Sichtschutz Ambito Glas&lt;\/p&gt;\">\n            <div class=\"img-wrapper\">\n                <figure>\n                    <img loading=\"lazy\" decoding=\"async\" width=\"300\" height=\"200\" src=\"https:\/\/www.leeb-balkone.com\/app\/uploads\/2020\/07\/alu-sichtschutzzaun-15-300x200.jpeg\" class=\"attachment-medium size-medium\" alt=\"alu sichtschutzzaun\" srcset=\"https:\/\/www.leeb-balkone.com\/app\/uploads\/2020\/07\/alu-sichtschutzzaun-15-300x200.jpeg 300w, https:\/\/www.leeb-balkone.com\/app\/uploads\/2020\/07\/alu-sichtschutzzaun-15-1024x682.jpeg 1024w, https:\/\/www.leeb-balkone.com\/app\/uploads\/2020\/07\/alu-sichtschutzzaun-15-768x512.jpeg 768w, https:\/\/www.leeb-balkone.com\/app\/uploads\/2020\/07\/alu-sichtschutzzaun-15-1536x1024.jpeg 1536w, https:\/\/www.leeb-balkone.com\/app\/uploads\/2020\/07\/alu-sichtschutzzaun-15-2048x1365.jpeg 2048w\" sizes=\"auto, (min-width: 1200px) 260px, (min-width: 1024px) 220px, (min-width: 640px) 465px, 768px\" \/>    \n                <\/figure>\n                        <\/div>\n            <p>Leeb Sichtschutz Ambito Glas<\/p>        <\/div>\n                  <div class=\"lg-item\" data-src=\"https:\/\/www.leeb-balkone.com\/app\/uploads\/2020\/07\/alu-sichtschutzzaun-1-scaled.jpeg\"\n              data-sub-html=\"&lt;p&gt;Nahezu blickdichter Sichtschutzzaun mit dezenten Glaselementen &lt;\/p&gt;\">\n            <div class=\"img-wrapper\">\n                <figure>\n                    <img loading=\"lazy\" decoding=\"async\" width=\"300\" height=\"199\" src=\"https:\/\/www.leeb-balkone.com\/app\/uploads\/2020\/07\/alu-sichtschutzzaun-1-300x199.jpeg\" class=\"attachment-medium size-medium\" alt=\"alu sichtschutzzaun\" srcset=\"https:\/\/www.leeb-balkone.com\/app\/uploads\/2020\/07\/alu-sichtschutzzaun-1-300x199.jpeg 300w, https:\/\/www.leeb-balkone.com\/app\/uploads\/2020\/07\/alu-sichtschutzzaun-1-1024x678.jpeg 1024w, https:\/\/www.leeb-balkone.com\/app\/uploads\/2020\/07\/alu-sichtschutzzaun-1-768x509.jpeg 768w, https:\/\/www.leeb-balkone.com\/app\/uploads\/2020\/07\/alu-sichtschutzzaun-1-1536x1018.jpeg 1536w, https:\/\/www.leeb-balkone.com\/app\/uploads\/2020\/07\/alu-sichtschutzzaun-1-2048x1357.jpeg 2048w\" sizes=\"auto, (min-width: 1200px) 260px, (min-width: 1024px) 220px, (min-width: 640px) 465px, 768px\" \/>    \n                <\/figure>\n                        <\/div>\n            <p>Nahezu blickdichter Sichtschutzzaun mit dezenten Glaselementen <\/p>        <\/div>\n                  <div class=\"lg-item\" data-src=\"https:\/\/www.leeb-balkone.com\/app\/uploads\/2020\/07\/alu-sichtschutzzaun-5-scaled.jpeg\"\n              data-sub-html=\"\">\n            <div class=\"img-wrapper\">\n                <figure>\n                    <img loading=\"lazy\" decoding=\"async\" width=\"300\" height=\"200\" src=\"https:\/\/www.leeb-balkone.com\/app\/uploads\/2020\/07\/alu-sichtschutzzaun-5-300x200.jpeg\" class=\"attachment-medium size-medium\" alt=\"Sichtschutz Alu und Glas - Pool im Garten ungest\u00f6rt genie\u00dfen\" srcset=\"https:\/\/www.leeb-balkone.com\/app\/uploads\/2020\/07\/alu-sichtschutzzaun-5-300x200.jpeg 300w, https:\/\/www.leeb-balkone.com\/app\/uploads\/2020\/07\/alu-sichtschutzzaun-5-1024x683.jpeg 1024w, https:\/\/www.leeb-balkone.com\/app\/uploads\/2020\/07\/alu-sichtschutzzaun-5-768x512.jpeg 768w, https:\/\/www.leeb-balkone.com\/app\/uploads\/2020\/07\/alu-sichtschutzzaun-5-1536x1024.jpeg 1536w, https:\/\/www.leeb-balkone.com\/app\/uploads\/2020\/07\/alu-sichtschutzzaun-5-2048x1366.jpeg 2048w\" sizes=\"auto, (min-width: 1200px) 260px, (min-width: 1024px) 220px, (min-width: 640px) 465px, 768px\" \/>    \n                <\/figure>\n                        <\/div>\n                    <\/div>\n                  <div class=\"lg-item\" data-src=\"https:\/\/www.leeb-balkone.com\/app\/uploads\/2020\/07\/alu-sichtschutzzaun-7-scaled.jpeg\"\n              data-sub-html=\"&lt;p&gt;Sichtschutzzaun in allen RAL-Farben&lt;\/p&gt;\">\n            <div class=\"img-wrapper\">\n                <figure>\n                    <img loading=\"lazy\" decoding=\"async\" width=\"300\" height=\"200\" src=\"https:\/\/www.leeb-balkone.com\/app\/uploads\/2020\/07\/alu-sichtschutzzaun-7-300x200.jpeg\" class=\"attachment-medium size-medium\" alt=\"alu sichtschutzzaun\" srcset=\"https:\/\/www.leeb-balkone.com\/app\/uploads\/2020\/07\/alu-sichtschutzzaun-7-300x200.jpeg 300w, https:\/\/www.leeb-balkone.com\/app\/uploads\/2020\/07\/alu-sichtschutzzaun-7-1024x684.jpeg 1024w, https:\/\/www.leeb-balkone.com\/app\/uploads\/2020\/07\/alu-sichtschutzzaun-7-768x513.jpeg 768w, https:\/\/www.leeb-balkone.com\/app\/uploads\/2020\/07\/alu-sichtschutzzaun-7-1536x1025.jpeg 1536w, https:\/\/www.leeb-balkone.com\/app\/uploads\/2020\/07\/alu-sichtschutzzaun-7-2048x1367.jpeg 2048w\" sizes=\"auto, (min-width: 1200px) 260px, (min-width: 1024px) 220px, (min-width: 640px) 465px, 768px\" \/>    \n                <\/figure>\n                        <\/div>\n            <p>Sichtschutzzaun in allen RAL-Farben<\/p>        <\/div>\n                  <div class=\"lg-item\" data-src=\"https:\/\/www.leeb-balkone.com\/app\/uploads\/2020\/07\/alu-sichtschutzzaun-24-scaled.jpg\"\n              data-sub-html=\"&lt;p&gt;Stekla ograja za zaslon&lt;\/p&gt;\">\n            <div class=\"img-wrapper\">\n                <figure>\n                    <img loading=\"lazy\" decoding=\"async\" width=\"300\" height=\"138\" src=\"https:\/\/www.leeb-balkone.com\/app\/uploads\/2020\/07\/alu-sichtschutzzaun-24-300x138.jpg\" class=\"attachment-medium size-medium\" alt=\"alu sichtschutzzaun\" srcset=\"https:\/\/www.leeb-balkone.com\/app\/uploads\/2020\/07\/alu-sichtschutzzaun-24-300x138.jpg 300w, https:\/\/www.leeb-balkone.com\/app\/uploads\/2020\/07\/alu-sichtschutzzaun-24-1024x471.jpg 1024w, https:\/\/www.leeb-balkone.com\/app\/uploads\/2020\/07\/alu-sichtschutzzaun-24-768x354.jpg 768w, https:\/\/www.leeb-balkone.com\/app\/uploads\/2020\/07\/alu-sichtschutzzaun-24-1536x707.jpg 1536w, https:\/\/www.leeb-balkone.com\/app\/uploads\/2020\/07\/alu-sichtschutzzaun-24-2048x943.jpg 2048w\" sizes=\"auto, (min-width: 1200px) 260px, (min-width: 1024px) 220px, (min-width: 640px) 465px, 768px\" \/>    \n                <\/figure>\n                        <\/div>\n            <p>Stekla ograja za zaslon<\/p>        <\/div>\n                  <div class=\"lg-item\" data-src=\"https:\/\/www.leeb-balkone.com\/app\/uploads\/2020\/07\/trennwand-bali-02-scaled.jpg\"\n              data-sub-html=\"&lt;p&gt;Balcon lo\u010devalna stena&lt;\/p&gt;\">\n            <div class=\"img-wrapper\">\n                <figure>\n                    <img loading=\"lazy\" decoding=\"async\" width=\"300\" height=\"200\" src=\"https:\/\/www.leeb-balkone.com\/app\/uploads\/2020\/07\/trennwand-bali-02-300x200.jpg\" class=\"attachment-medium size-medium\" alt=\"trennwand bali\" srcset=\"https:\/\/www.leeb-balkone.com\/app\/uploads\/2020\/07\/trennwand-bali-02-300x200.jpg 300w, https:\/\/www.leeb-balkone.com\/app\/uploads\/2020\/07\/trennwand-bali-02-1024x684.jpg 1024w, https:\/\/www.leeb-balkone.com\/app\/uploads\/2020\/07\/trennwand-bali-02-768x513.jpg 768w, https:\/\/www.leeb-balkone.com\/app\/uploads\/2020\/07\/trennwand-bali-02-1536x1025.jpg 1536w, https:\/\/www.leeb-balkone.com\/app\/uploads\/2020\/07\/trennwand-bali-02-2048x1367.jpg 2048w\" sizes=\"auto, (min-width: 1200px) 260px, (min-width: 1024px) 220px, (min-width: 640px) 465px, 768px\" \/>    \n                <\/figure>\n                        <\/div>\n            <p>Balcon lo\u010devalna stena<\/p>        <\/div>\n                  <div class=\"lg-item\" data-src=\"https:\/\/www.leeb-balkone.com\/app\/uploads\/2020\/07\/vorstellbalkon-mit-stuetzen-133-scaled.jpg\"\n              data-sub-html=\"&lt;p&gt;Neprzezorna lo\u010devalna stena na prizidnem balkonu&lt;\/p&gt;\">\n            <div class=\"img-wrapper\">\n                <figure>\n                    <img loading=\"lazy\" decoding=\"async\" width=\"300\" height=\"236\" src=\"https:\/\/www.leeb-balkone.com\/app\/uploads\/2020\/07\/vorstellbalkon-mit-stuetzen-133-300x236.jpg\" class=\"attachment-medium size-medium\" alt=\"vorstellbalkon mit stuetzen\" srcset=\"https:\/\/www.leeb-balkone.com\/app\/uploads\/2020\/07\/vorstellbalkon-mit-stuetzen-133-300x236.jpg 300w, https:\/\/www.leeb-balkone.com\/app\/uploads\/2020\/07\/vorstellbalkon-mit-stuetzen-133-1024x806.jpg 1024w, https:\/\/www.leeb-balkone.com\/app\/uploads\/2020\/07\/vorstellbalkon-mit-stuetzen-133-768x605.jpg 768w, https:\/\/www.leeb-balkone.com\/app\/uploads\/2020\/07\/vorstellbalkon-mit-stuetzen-133-1536x1209.jpg 1536w, https:\/\/www.leeb-balkone.com\/app\/uploads\/2020\/07\/vorstellbalkon-mit-stuetzen-133-2048x1612.jpg 2048w\" sizes=\"auto, (min-width: 1200px) 260px, (min-width: 1024px) 220px, (min-width: 640px) 465px, 768px\" \/>    \n                <\/figure>\n                        <\/div>\n            <p>Neprzezorna lo\u010devalna stena na prizidnem balkonu<\/p>        <\/div>\n                  <div class=\"lg-item\" data-src=\"https:\/\/www.leeb-balkone.com\/app\/uploads\/2021\/11\/ueberdachung-terrasse-mit-gelaender-und-lamellen-sichtschutz-alu-in-holzoptik-detailansicht-scaled.jpg\"\n              data-sub-html=\"&lt;p&gt;Sichtschutz Element&lt;\/p&gt;\">\n            <div class=\"img-wrapper\">\n                <figure>\n                    <img loading=\"lazy\" decoding=\"async\" width=\"300\" height=\"200\" src=\"https:\/\/www.leeb-balkone.com\/app\/uploads\/2021\/11\/ueberdachung-terrasse-mit-gelaender-und-lamellen-sichtschutz-alu-in-holzoptik-detailansicht-300x200.jpg\" class=\"attachment-medium size-medium\" alt=\"ueberdachung terrasse mit gelaender und lamellen sichtschutz alu in holzoptik detailansicht\" srcset=\"https:\/\/www.leeb-balkone.com\/app\/uploads\/2021\/11\/ueberdachung-terrasse-mit-gelaender-und-lamellen-sichtschutz-alu-in-holzoptik-detailansicht-300x200.jpg 300w, https:\/\/www.leeb-balkone.com\/app\/uploads\/2021\/11\/ueberdachung-terrasse-mit-gelaender-und-lamellen-sichtschutz-alu-in-holzoptik-detailansicht-1024x684.jpg 1024w, https:\/\/www.leeb-balkone.com\/app\/uploads\/2021\/11\/ueberdachung-terrasse-mit-gelaender-und-lamellen-sichtschutz-alu-in-holzoptik-detailansicht-768x513.jpg 768w, https:\/\/www.leeb-balkone.com\/app\/uploads\/2021\/11\/ueberdachung-terrasse-mit-gelaender-und-lamellen-sichtschutz-alu-in-holzoptik-detailansicht-1536x1025.jpg 1536w, https:\/\/www.leeb-balkone.com\/app\/uploads\/2021\/11\/ueberdachung-terrasse-mit-gelaender-und-lamellen-sichtschutz-alu-in-holzoptik-detailansicht-scaled.jpg 2048w\" sizes=\"auto, (min-width: 1200px) 260px, (min-width: 1024px) 220px, (min-width: 640px) 465px, 768px\" \/>    \n                <\/figure>\n                        <\/div>\n            <p>Sichtschutz Element<\/p>        <\/div>\n                  <div class=\"lg-item\" data-src=\"https:\/\/www.leeb-balkone.com\/app\/uploads\/2020\/07\/alu-sichtschutzzaun-18-scaled.jpeg\"\n              data-sub-html=\"&lt;p&gt;Alu Sichtschutzzaun f\u00fcr maximale Privatsph\u00e4re&lt;\/p&gt;\">\n            <div class=\"img-wrapper\">\n                <figure>\n                    <img loading=\"lazy\" decoding=\"async\" width=\"300\" height=\"200\" src=\"https:\/\/www.leeb-balkone.com\/app\/uploads\/2020\/07\/alu-sichtschutzzaun-18-300x200.jpeg\" class=\"attachment-medium size-medium\" alt=\"alu sichtschutzzaun\" srcset=\"https:\/\/www.leeb-balkone.com\/app\/uploads\/2020\/07\/alu-sichtschutzzaun-18-300x200.jpeg 300w, https:\/\/www.leeb-balkone.com\/app\/uploads\/2020\/07\/alu-sichtschutzzaun-18-1024x683.jpeg 1024w, https:\/\/www.leeb-balkone.com\/app\/uploads\/2020\/07\/alu-sichtschutzzaun-18-768x512.jpeg 768w, https:\/\/www.leeb-balkone.com\/app\/uploads\/2020\/07\/alu-sichtschutzzaun-18-1536x1024.jpeg 1536w, https:\/\/www.leeb-balkone.com\/app\/uploads\/2020\/07\/alu-sichtschutzzaun-18-2048x1366.jpeg 2048w\" sizes=\"auto, (min-width: 1200px) 260px, (min-width: 1024px) 220px, (min-width: 640px) 465px, 768px\" \/>    \n                <\/figure>\n                        <\/div>\n            <p>Alu Sichtschutzzaun f\u00fcr maximale Privatsph\u00e4re<\/p>        <\/div>\n                  <div class=\"lg-item\" data-src=\"https:\/\/www.leeb-balkone.com\/app\/uploads\/2020\/07\/alu-sichtschutzzaun-17-scaled.jpeg\"\n              data-sub-html=\"&lt;p&gt;Blickdichter Sichtschutz mit Gartent\u00fcr&lt;\/p&gt;\">\n            <div class=\"img-wrapper\">\n                <figure>\n                    <img loading=\"lazy\" decoding=\"async\" width=\"300\" height=\"203\" src=\"https:\/\/www.leeb-balkone.com\/app\/uploads\/2020\/07\/alu-sichtschutzzaun-17-300x203.jpeg\" class=\"attachment-medium size-medium\" alt=\"alu sichtschutzzaun\" srcset=\"https:\/\/www.leeb-balkone.com\/app\/uploads\/2020\/07\/alu-sichtschutzzaun-17-300x203.jpeg 300w, https:\/\/www.leeb-balkone.com\/app\/uploads\/2020\/07\/alu-sichtschutzzaun-17-1024x693.jpeg 1024w, https:\/\/www.leeb-balkone.com\/app\/uploads\/2020\/07\/alu-sichtschutzzaun-17-768x520.jpeg 768w, https:\/\/www.leeb-balkone.com\/app\/uploads\/2020\/07\/alu-sichtschutzzaun-17-1536x1040.jpeg 1536w, https:\/\/www.leeb-balkone.com\/app\/uploads\/2020\/07\/alu-sichtschutzzaun-17-2048x1387.jpeg 2048w, https:\/\/www.leeb-balkone.com\/app\/uploads\/2020\/07\/alu-sichtschutzzaun-17-400x270.jpeg 400w\" sizes=\"auto, (min-width: 1200px) 260px, (min-width: 1024px) 220px, (min-width: 640px) 465px, 768px\" \/>    \n                <\/figure>\n                        <\/div>\n            <p>Blickdichter Sichtschutz mit Gartent\u00fcr<\/p>        <\/div>\n                  <div class=\"lg-item\" data-src=\"https:\/\/www.leeb-balkone.com\/app\/uploads\/2020\/07\/alu-sichtschutzzaun-13-scaled.jpg\"\n              data-sub-html=\"&lt;p&gt;Sichtschutz aus Aluminium mit schr\u00e4g angeordneten horizontalen Elementen&lt;\/p&gt;\">\n            <div class=\"img-wrapper\">\n                <figure>\n                    <img loading=\"lazy\" decoding=\"async\" width=\"300\" height=\"200\" src=\"https:\/\/www.leeb-balkone.com\/app\/uploads\/2020\/07\/alu-sichtschutzzaun-13-300x200.jpg\" class=\"attachment-medium size-medium\" alt=\"alu sichtschutzzaun\" srcset=\"https:\/\/www.leeb-balkone.com\/app\/uploads\/2020\/07\/alu-sichtschutzzaun-13-300x200.jpg 300w, https:\/\/www.leeb-balkone.com\/app\/uploads\/2020\/07\/alu-sichtschutzzaun-13-1024x683.jpg 1024w, https:\/\/www.leeb-balkone.com\/app\/uploads\/2020\/07\/alu-sichtschutzzaun-13-768x512.jpg 768w, https:\/\/www.leeb-balkone.com\/app\/uploads\/2020\/07\/alu-sichtschutzzaun-13-1536x1024.jpg 1536w, https:\/\/www.leeb-balkone.com\/app\/uploads\/2020\/07\/alu-sichtschutzzaun-13-2048x1366.jpg 2048w\" sizes=\"auto, (min-width: 1200px) 260px, (min-width: 1024px) 220px, (min-width: 640px) 465px, 768px\" \/>    \n                <\/figure>\n                        <\/div>\n            <p>Sichtschutz aus Aluminium mit schr\u00e4g angeordneten horizontalen Elementen<\/p>        <\/div>\n                  <div class=\"lg-item\" data-src=\"https:\/\/www.leeb-balkone.com\/app\/uploads\/2020\/07\/alu-sichtschutzzaun-22-scaled.jpeg\"\n              data-sub-html=\"&lt;p&gt;Alu Sichtschutzzaun mit Dekorelementen&lt;\/p&gt;\">\n            <div class=\"img-wrapper\">\n                <figure>\n                    <img loading=\"lazy\" decoding=\"async\" width=\"300\" height=\"199\" src=\"https:\/\/www.leeb-balkone.com\/app\/uploads\/2020\/07\/alu-sichtschutzzaun-22-300x199.jpeg\" class=\"attachment-medium size-medium\" alt=\"alu sichtschutzzaun\" srcset=\"https:\/\/www.leeb-balkone.com\/app\/uploads\/2020\/07\/alu-sichtschutzzaun-22-300x199.jpeg 300w, https:\/\/www.leeb-balkone.com\/app\/uploads\/2020\/07\/alu-sichtschutzzaun-22-1024x679.jpeg 1024w, https:\/\/www.leeb-balkone.com\/app\/uploads\/2020\/07\/alu-sichtschutzzaun-22-768x509.jpeg 768w, https:\/\/www.leeb-balkone.com\/app\/uploads\/2020\/07\/alu-sichtschutzzaun-22-1536x1019.jpeg 1536w, https:\/\/www.leeb-balkone.com\/app\/uploads\/2020\/07\/alu-sichtschutzzaun-22-2048x1358.jpeg 2048w\" sizes=\"auto, (min-width: 1200px) 260px, (min-width: 1024px) 220px, (min-width: 640px) 465px, 768px\" \/>    \n                <\/figure>\n                        <\/div>\n            <p>Alu Sichtschutzzaun mit Dekorelementen<\/p>        <\/div>\n                <\/div>\n\n              <div class=\"lg-load-more-wrapper\">\n            <div class=\"lg-load-more wp-block-button is-style-filled-secondary\">\n                <a href=\"#\" class=\"wp-block-button__link wp-element-button\" role=\"button\">\n                    Nalo\u017ei ve\u010d                <\/a>\n            <\/div>\n        <\/div>\n          <\/div>\n    <\/section>\n\n\n\n<section class=\"wp-block-group alignfull has-white-background-color has-background has-global-padding is-layout-constrained wp-container-core-group-is-layout-9fa1424c wp-block-group-is-layout-constrained\" style=\"padding-top:0\">\n<div class=\"wp-block-columns is-style-offset m-split is-layout-flex wp-container-core-columns-is-layout-28f84493 wp-block-columns-is-layout-flex\">\n<div class=\"wp-block-column is-layout-flow wp-block-column-is-layout-flow\"><div class=\"vp-map-wrapper vp-map-ratio-19-1\"><img decoding=\"async\" width=\"1440\" height=\"884\" src=\"https:\/\/www.leeb-balkone.com\/app\/uploads\/2026\/04\/map-sl.jpg\" class=\"attachment-full size-full\" alt=\"map-sl\" style=\"width:100%;height:100%;object-fit:cover;display:block;\" loading=\"lazy\" srcset=\"https:\/\/www.leeb-balkone.com\/app\/uploads\/2026\/04\/map-sl.jpg 1440w, https:\/\/www.leeb-balkone.com\/app\/uploads\/2026\/04\/map-sl-300x184.jpg 300w, https:\/\/www.leeb-balkone.com\/app\/uploads\/2026\/04\/map-sl-1024x629.jpg 1024w, https:\/\/www.leeb-balkone.com\/app\/uploads\/2026\/04\/map-sl-768x471.jpg 768w\" sizes=\"auto, (min-width: 1536px) 2048px, (min-width: 992px) 1536px, (min-width: 768px) 1024px, (min-width: 576px) 768px, 100vw\" \/><\/div>\n<\/div>\n\n\n\n<div class=\"wp-block-column is-vertically-aligned-center is-style-overlay-content is-layout-flow wp-block-column-is-layout-flow\">\n<div class=\"wp-block-group is-vertical is-layout-flex wp-container-core-group-is-layout-bd7877ba wp-block-group-is-layout-flex\">\n<h2 class=\"wp-block-heading has-step-2-font-size\">Posredniki v Sloveniji<\/h2>\n\n\n\n<p>Kompetentni LEEB partnerji v va\u0161i regiji. Osebno svetovanje, natan\u010dno na\u010drtovanje in strokovna monta\u017ea.<\/p>\n\n\n\n<div class=\"wp-block-buttons is-layout-flex wp-block-buttons-is-layout-flex\" style=\"margin-top:var(--wp--preset--spacing--2-xs)\">\n<div class=\"wp-block-button is-style-cta\"><a class=\"wp-block-button__link has-transparent-background-color has-background wp-element-button\" href=\"https:\/\/www.leeb-balkone.com\/sl\/distribucijski-partnerji\/\">Poi\u0161\u010dite prodajnega partnerja<span class=\"sr-only\"> Distribucijski partner Leeb Balkone Slovenija<\/span><\/a><\/div>\n<\/div>\n<\/div>\n<\/div>\n<\/div>\n<\/section>\n\n\n\n<section class=\"wp-block-group alignfull has-light-gray-background-color has-background has-global-padding is-layout-constrained wp-container-core-group-is-layout-52f96efc wp-block-group-is-layout-constrained\" id=\"beratungstermin\">\n<div class=\"wp-block-group m-teaser o-grid u-md-1 is-layout-flow wp-block-group-is-layout-flow\">\n<div class=\"wp-block-group u-g-7 u-g-s-2 is-layout-flow wp-block-group-is-layout-flow\" style=\"margin-bottom:var(--wp--preset--spacing--s)\">\n<h2 class=\"wp-block-heading\">Stopite v stik z nami<\/h2>\n\n\n\n<p><strong><strong>Na\u010drtujete projekt ali imate vpra\u0161anja o nas in na\u0161ih re\u0161itvah? Pi\u0161ite nam: z veseljem bomo odgovorili na va\u0161a vpra\u0161anja!<\/strong><\/strong><\/p>\n<\/div>\n<\/div>\n\n\n\n<div class=\"wp-block-group m-teaser o-grid u-md-1 is-layout-flow wp-block-group-is-layout-flow\">\n<div class=\"wp-block-group u-g-7 u-g-s-2 is-layout-flow wp-block-group-is-layout-flow\" style=\"margin-bottom:var(--wp--preset--spacing--s)\"><form action=\"https:\/\/www.leeb-balkone.com\/sl\/wp-json\/ws-form\/v1\/submit\" class=\"wsf-form wsf-form-canvas\" id=\"ws-form-1\" data-id=\"11\" data-instance-id=\"1\" method=\"POST\"><\/form>\n<\/div>\n\n\n\n<div class=\"wp-block-group u-g-3 u-g-s-9 is-layout-flow wp-block-group-is-layout-flow\"><div class=\"t3-sidebar-buttons wp-block-buttons is-layout-flex wp-block-buttons-is-layout-flex\"><div class=\"wp-block-button is-style-fill icon-book icon-left\">\n                        <a class=\"wp-block-button__link has-secondary-color has-white-background-color has-text-color has-background has-link-color wp-element-button\" href=\"https:\/\/www.leeb-balkone.com\/sl\/kontakt\/zahtevajte-katalog\/\" style=\"box-shadow:var(--wp--preset--shadow--box-shadow)\">Zahtevajte katalog<\/a>\n                    <\/div><\/div>\n<\/div>\n<\/div>\n<\/section>\n","protected":false},"excerpt":{"rendered":"","protected":false},"author":4,"featured_media":0,"parent":163781,"menu_order":0,"comment_status":"closed","ping_status":"closed","template":"template-onepager.blade.php","meta":{"_acf_changed":false,"footnotes":"","_sage_theme_css":true,"_wp_block_core_css":true},"folder":[238,246],"class_list":["post-155021","page","type-page","status-publish","hentry"],"acf":[],"yoast_head":"<!-- This site is optimized with the Yoast SEO plugin v27.2 - https:\/\/yoast.com\/product\/yoast-seo-wordpress\/ -->\n<title>Zasebnostni zaslon &quot; Zasebnostna ograja in predelna stena%%%%sep%% % Leeb Balkone % Slovenija<\/title>\n<meta name=\"description\" content=\"Leeb ponuja visokokakovostne re\u0161itve za za\u0161\u010dito zasebnosti okoli hi\u0161e, zlasti z aluminijastimi ograjami in modularnimi predelnimi stenami. Barve RAL in videz lesa.\" \/>\n<meta name=\"robots\" content=\"index, follow, max-snippet:-1, max-image-preview:large, max-video-preview:-1\" \/>\n<meta property=\"og:locale\" content=\"sl_SI\" \/>\n<meta property=\"og:type\" content=\"article\" \/>\n<meta property=\"og:title\" content=\"Zasebnostni zaslon &quot; Zasebnostna ograja in predelna stena%%%%sep%% % Leeb Balkone %\" \/>\n<meta property=\"og:description\" content=\"Leeb ponuja visokokakovostne re\u0161itve za za\u0161\u010dito zasebnosti okoli hi\u0161e, zlasti z aluminijastimi ograjami in modularnimi predelnimi stenami. Barve RAL in videz lesa.\" \/>\n<meta property=\"og:url\" content=\"https:\/\/www.leeb-balkone.com\/sl\/ograje\/ograje-in-zascita-pred-pogledi\/\" \/>\n<meta property=\"og:site_name\" content=\"Leeb Balkone\" \/>\n<meta property=\"article:publisher\" content=\"https:\/\/www.facebook.com\/balkone\/\" \/>\n<meta property=\"article:modified_time\" content=\"2026-01-27T13:55:44+00:00\" \/>\n<meta property=\"og:image\" content=\"https:\/\/www.leeb-balkone.com\/app\/uploads\/2020\/07\/alu-sichtschutzzaun-1-1024x678.jpeg\" \/>\n<meta name=\"twitter:card\" content=\"summary_large_image\" \/>\n<script type=\"application\/ld+json\" class=\"yoast-schema-graph\">{\"@context\":\"https:\/\/schema.org\",\"@graph\":[{\"@type\":\"WebPage\",\"@id\":\"https:\/\/www.leeb-balkone.com\/sl\/ograje\/ograje-in-zascita-pred-pogledi\/\",\"url\":\"https:\/\/www.leeb-balkone.com\/sl\/ograje\/ograje-in-zascita-pred-pogledi\/\",\"name\":\"Zasebnostni zaslon \\\" Zasebnostna ograja in predelna stena%%%%sep%% % Leeb Balkone %\",\"isPartOf\":{\"@id\":\"https:\/\/www.leeb-balkone.com\/sl\/#website\"},\"primaryImageOfPage\":{\"@id\":\"https:\/\/www.leeb-balkone.com\/sl\/ograje\/ograje-in-zascita-pred-pogledi\/#primaryimage\"},\"image\":{\"@id\":\"https:\/\/www.leeb-balkone.com\/sl\/ograje\/ograje-in-zascita-pred-pogledi\/#primaryimage\"},\"thumbnailUrl\":\"https:\/\/www.leeb-balkone.com\/app\/uploads\/2020\/07\/alu-sichtschutzzaun-1-1024x678.jpeg\",\"datePublished\":\"2025-09-14T18:03:50+00:00\",\"dateModified\":\"2026-01-27T13:55:44+00:00\",\"description\":\"Leeb ponuja visokokakovostne re\u0161itve za za\u0161\u010dito zasebnosti okoli hi\u0161e, zlasti z aluminijastimi ograjami in modularnimi predelnimi stenami. Barve RAL in videz lesa.\",\"breadcrumb\":{\"@id\":\"https:\/\/www.leeb-balkone.com\/sl\/ograje\/ograje-in-zascita-pred-pogledi\/#breadcrumb\"},\"inLanguage\":\"sl-SI\",\"potentialAction\":[{\"@type\":\"ReadAction\",\"target\":[\"https:\/\/www.leeb-balkone.com\/sl\/ograje\/ograje-in-zascita-pred-pogledi\/\"]}]},{\"@type\":\"ImageObject\",\"inLanguage\":\"sl-SI\",\"@id\":\"https:\/\/www.leeb-balkone.com\/sl\/ograje\/ograje-in-zascita-pred-pogledi\/#primaryimage\",\"url\":\"https:\/\/www.leeb-balkone.com\/app\/uploads\/2020\/07\/alu-sichtschutzzaun-1-1024x678.jpeg\",\"contentUrl\":\"https:\/\/www.leeb-balkone.com\/app\/uploads\/2020\/07\/alu-sichtschutzzaun-1-1024x678.jpeg\"},{\"@type\":\"BreadcrumbList\",\"@id\":\"https:\/\/www.leeb-balkone.com\/sl\/ograje\/ograje-in-zascita-pred-pogledi\/#breadcrumb\",\"itemListElement\":[{\"@type\":\"ListItem\",\"position\":1,\"name\":\"Home\",\"item\":\"https:\/\/www.leeb-balkone.com\/sl\/\"},{\"@type\":\"ListItem\",\"position\":2,\"name\":\"Ograje\",\"item\":\"https:\/\/www.leeb-balkone.com\/sl\/ograje\/\"},{\"@type\":\"ListItem\",\"position\":3,\"name\":\"Zaslon za zasebnost\"}]},{\"@type\":\"WebSite\",\"@id\":\"https:\/\/www.leeb-balkone.com\/sl\/#website\",\"url\":\"https:\/\/www.leeb-balkone.com\/sl\/\",\"name\":\"Leeb Balkone\",\"description\":\"Balkone und Z\u00e4une\",\"publisher\":{\"@id\":\"https:\/\/www.leeb-balkone.com\/sl\/#organization\"},\"potentialAction\":[{\"@type\":\"SearchAction\",\"target\":{\"@type\":\"EntryPoint\",\"urlTemplate\":\"https:\/\/www.leeb-balkone.com\/sl\/?s={search_term_string}\"},\"query-input\":{\"@type\":\"PropertyValueSpecification\",\"valueRequired\":true,\"valueName\":\"search_term_string\"}}],\"inLanguage\":\"sl-SI\"},{\"@type\":\"Organization\",\"@id\":\"https:\/\/www.leeb-balkone.com\/sl\/#organization\",\"name\":\"Leeb Balkone Gmbh\",\"url\":\"https:\/\/www.leeb-balkone.com\/sl\/\",\"logo\":{\"@type\":\"ImageObject\",\"inLanguage\":\"sl-SI\",\"@id\":\"https:\/\/www.leeb-balkone.com\/sl\/#\/schema\/logo\/image\/\",\"url\":\"https:\/\/www.leeb-balkone.com\/app\/uploads\/2020\/11\/leeb-logo.svg\",\"contentUrl\":\"https:\/\/www.leeb-balkone.com\/app\/uploads\/2020\/11\/leeb-logo.svg\",\"width\":741,\"height\":204,\"caption\":\"Leeb Balkone Gmbh\"},\"image\":{\"@id\":\"https:\/\/www.leeb-balkone.com\/sl\/#\/schema\/logo\/image\/\"},\"sameAs\":[\"https:\/\/www.facebook.com\/balkone\/\",\"https:\/\/www.trustedshops.at\/bewertung\/info_X4587CCF5833E31AFE0B11F47D86999F2.html\",\"https:\/\/www.trustedshops.de\/bewertung\/info_X7BA536A7A0BDC86D36C4718E4DCAEEEF.html\",\"https:\/\/www.google.com\/maps\/place\/?q=place_id:ChIJ5-zH19-IcEcR9HonWRTllHI\"]}]}<\/script>\n<!-- \/ Yoast SEO plugin. -->","yoast_head_json":{"title":"Zasebnostni zaslon \" Zasebnostna ograja in predelna stena%%%%sep%% % Leeb Balkone % Slovenija","description":"Leeb ponuja visokokakovostne re\u0161itve za za\u0161\u010dito zasebnosti okoli hi\u0161e, zlasti z aluminijastimi ograjami in modularnimi predelnimi stenami. Barve RAL in videz lesa.","robots":{"index":"index","follow":"follow","max-snippet":"max-snippet:-1","max-image-preview":"max-image-preview:large","max-video-preview":"max-video-preview:-1"},"og_locale":"sl_SI","og_type":"article","og_title":"Zasebnostni zaslon \" Zasebnostna ograja in predelna stena%%%%sep%% % Leeb Balkone %","og_description":"Leeb ponuja visokokakovostne re\u0161itve za za\u0161\u010dito zasebnosti okoli hi\u0161e, zlasti z aluminijastimi ograjami in modularnimi predelnimi stenami. Barve RAL in videz lesa.","og_url":"https:\/\/www.leeb-balkone.com\/sl\/ograje\/ograje-in-zascita-pred-pogledi\/","og_site_name":"Leeb Balkone","article_publisher":"https:\/\/www.facebook.com\/balkone\/","article_modified_time":"2026-01-27T13:55:44+00:00","og_image":[{"url":"https:\/\/www.leeb-balkone.com\/app\/uploads\/2020\/07\/alu-sichtschutzzaun-1-1024x678.jpeg","type":"","width":"","height":""}],"twitter_card":"summary_large_image","schema":{"@context":"https:\/\/schema.org","@graph":[{"@type":"WebPage","@id":"https:\/\/www.leeb-balkone.com\/sl\/ograje\/ograje-in-zascita-pred-pogledi\/","url":"https:\/\/www.leeb-balkone.com\/sl\/ograje\/ograje-in-zascita-pred-pogledi\/","name":"Zasebnostni zaslon \" Zasebnostna ograja in predelna stena%%%%sep%% % Leeb Balkone %","isPartOf":{"@id":"https:\/\/www.leeb-balkone.com\/sl\/#website"},"primaryImageOfPage":{"@id":"https:\/\/www.leeb-balkone.com\/sl\/ograje\/ograje-in-zascita-pred-pogledi\/#primaryimage"},"image":{"@id":"https:\/\/www.leeb-balkone.com\/sl\/ograje\/ograje-in-zascita-pred-pogledi\/#primaryimage"},"thumbnailUrl":"https:\/\/www.leeb-balkone.com\/app\/uploads\/2020\/07\/alu-sichtschutzzaun-1-1024x678.jpeg","datePublished":"2025-09-14T18:03:50+00:00","dateModified":"2026-01-27T13:55:44+00:00","description":"Leeb ponuja visokokakovostne re\u0161itve za za\u0161\u010dito zasebnosti okoli hi\u0161e, zlasti z aluminijastimi ograjami in modularnimi predelnimi stenami. Barve RAL in videz lesa.","breadcrumb":{"@id":"https:\/\/www.leeb-balkone.com\/sl\/ograje\/ograje-in-zascita-pred-pogledi\/#breadcrumb"},"inLanguage":"sl-SI","potentialAction":[{"@type":"ReadAction","target":["https:\/\/www.leeb-balkone.com\/sl\/ograje\/ograje-in-zascita-pred-pogledi\/"]}]},{"@type":"ImageObject","inLanguage":"sl-SI","@id":"https:\/\/www.leeb-balkone.com\/sl\/ograje\/ograje-in-zascita-pred-pogledi\/#primaryimage","url":"https:\/\/www.leeb-balkone.com\/app\/uploads\/2020\/07\/alu-sichtschutzzaun-1-1024x678.jpeg","contentUrl":"https:\/\/www.leeb-balkone.com\/app\/uploads\/2020\/07\/alu-sichtschutzzaun-1-1024x678.jpeg"},{"@type":"BreadcrumbList","@id":"https:\/\/www.leeb-balkone.com\/sl\/ograje\/ograje-in-zascita-pred-pogledi\/#breadcrumb","itemListElement":[{"@type":"ListItem","position":1,"name":"Home","item":"https:\/\/www.leeb-balkone.com\/sl\/"},{"@type":"ListItem","position":2,"name":"Ograje","item":"https:\/\/www.leeb-balkone.com\/sl\/ograje\/"},{"@type":"ListItem","position":3,"name":"Zaslon za zasebnost"}]},{"@type":"WebSite","@id":"https:\/\/www.leeb-balkone.com\/sl\/#website","url":"https:\/\/www.leeb-balkone.com\/sl\/","name":"Leeb Balkone","description":"Balkone und Z\u00e4une","publisher":{"@id":"https:\/\/www.leeb-balkone.com\/sl\/#organization"},"potentialAction":[{"@type":"SearchAction","target":{"@type":"EntryPoint","urlTemplate":"https:\/\/www.leeb-balkone.com\/sl\/?s={search_term_string}"},"query-input":{"@type":"PropertyValueSpecification","valueRequired":true,"valueName":"search_term_string"}}],"inLanguage":"sl-SI"},{"@type":"Organization","@id":"https:\/\/www.leeb-balkone.com\/sl\/#organization","name":"Leeb Balkone Gmbh","url":"https:\/\/www.leeb-balkone.com\/sl\/","logo":{"@type":"ImageObject","inLanguage":"sl-SI","@id":"https:\/\/www.leeb-balkone.com\/sl\/#\/schema\/logo\/image\/","url":"https:\/\/www.leeb-balkone.com\/app\/uploads\/2020\/11\/leeb-logo.svg","contentUrl":"https:\/\/www.leeb-balkone.com\/app\/uploads\/2020\/11\/leeb-logo.svg","width":741,"height":204,"caption":"Leeb Balkone Gmbh"},"image":{"@id":"https:\/\/www.leeb-balkone.com\/sl\/#\/schema\/logo\/image\/"},"sameAs":["https:\/\/www.facebook.com\/balkone\/","https:\/\/www.trustedshops.at\/bewertung\/info_X4587CCF5833E31AFE0B11F47D86999F2.html","https:\/\/www.trustedshops.de\/bewertung\/info_X7BA536A7A0BDC86D36C4718E4DCAEEEF.html","https:\/\/www.google.com\/maps\/place\/?q=place_id:ChIJ5-zH19-IcEcR9HonWRTllHI"]}]}},"_links":{"self":[{"href":"https:\/\/www.leeb-balkone.com\/sl\/wp-json\/wp\/v2\/pages\/155021","targetHints":{"allow":["GET"]}}],"collection":[{"href":"https:\/\/www.leeb-balkone.com\/sl\/wp-json\/wp\/v2\/pages"}],"about":[{"href":"https:\/\/www.leeb-balkone.com\/sl\/wp-json\/wp\/v2\/types\/page"}],"author":[{"embeddable":true,"href":"https:\/\/www.leeb-balkone.com\/sl\/wp-json\/wp\/v2\/users\/4"}],"replies":[{"embeddable":true,"href":"https:\/\/www.leeb-balkone.com\/sl\/wp-json\/wp\/v2\/comments?post=155021"}],"version-history":[{"count":9,"href":"https:\/\/www.leeb-balkone.com\/sl\/wp-json\/wp\/v2\/pages\/155021\/revisions"}],"predecessor-version":[{"id":163365,"href":"https:\/\/www.leeb-balkone.com\/sl\/wp-json\/wp\/v2\/pages\/155021\/revisions\/163365"}],"up":[{"embeddable":true,"href":"https:\/\/www.leeb-balkone.com\/sl\/wp-json\/wp\/v2\/pages\/163781"}],"wp:attachment":[{"href":"https:\/\/www.leeb-balkone.com\/sl\/wp-json\/wp\/v2\/media?parent=155021"}],"wp:term":[{"taxonomy":"folder","embeddable":true,"href":"https:\/\/www.leeb-balkone.com\/sl\/wp-json\/wp\/v2\/folder?post=155021"}],"curies":[{"name":"wp","href":"https:\/\/api.w.org\/{rel}","templated":true}]}}