{"id":155012,"date":"2025-09-14T17:49:38","date_gmt":"2025-09-14T17:49:38","guid":{"rendered":"https:\/\/www.leeb-balkone.com\/de\/produkti\/vrata-za-ograjo\/"},"modified":"2025-09-16T07:06:03","modified_gmt":"2025-09-16T07:06:03","slug":"ograjna-vrata","status":"publish","type":"page","link":"https:\/\/www.leeb-balkone.com\/sl\/ograje\/ograjna-vrata\/","title":{"rendered":"Ograjna vrata"},"content":{"rendered":"\n<section class=\"wp-block-group alignfull t3-header t3-header-splitscreen t3-splitscreen-shadow h-zi-20 has-light-gray-background-color has-background has-global-padding is-layout-constrained wp-container-core-group-is-layout-f1ad4950 wp-block-group-is-layout-constrained\" style=\"padding-top:0;padding-bottom:0\">\n<div class=\"wp-block-columns h-flx-a-s m-split is-layout-flex wp-container-core-columns-is-layout-28f84493 wp-block-columns-is-layout-flex\">\n<div class=\"wp-block-column is-vertically-aligned-top h-flx-a-s m-split-col-content is-layout-flow wp-block-column-is-layout-flow\"><div class=\"yoast-breadcrumbs\"><span><span><a href=\"https:\/\/www.leeb-balkone.com\/sl\/\">Home<\/a><\/span> \/ <span><a href=\"https:\/\/www.leeb-balkone.com\/sl\/ograje\/\">Ograje<\/a><\/span> \/ <span class=\"breadcrumb_last\" aria-current=\"page\">Ograjna vrata<\/span><\/span><\/div>\n\n<h1 class=\"wp-block-post-title\">Ograjna vrata<\/h1>\n\n\n<p class=\"has-step-0-font-size\" style=\"margin-bottom:0\">Vsaka ograja potrebuje ustrezen vhod, Leeb pa ponuja razli\u010dne mo\u017enosti v obliki ograjnih vrat. Glede na zahteve in izbrani model ograje dobavljamo ustrezna krilna vrata, drsna vrata in vrata za pe\u0161ce. Vsa na\u0161a ograjna vrata so zasnovana kot robustne konstrukcije z aluminijastim okvirjem.  <\/p>\n\n\n\n<div class=\"wp-block-buttons is-layout-flex wp-block-buttons-is-layout-flex\" style=\"margin-top:var(--wp--preset--spacing--l)\">\n<div class=\"wp-block-button is-style-cta icon-book icon-left\"><a class=\"wp-block-button__link wp-element-button\" href=\"https:\/\/www.leeb-balkone.com\/sl\/kontakt\/zahtevajte-katalog\/\">Zahtevajte katalog<\/a><\/div>\n\n\n\n<div class=\"wp-block-button is-style-cta icon-vp icon-left\"><a class=\"wp-block-button__link wp-element-button\" href=\"https:\/\/www.leeb-balkone.com\/sl\/distribucijski-partnerji\/\">Poi\u0161\u010dite kontaktno osebo<span class=\"sr-only\"> Slovenija<\/span><\/a><\/div>\n<\/div>\n<\/div>\n\n\n\n<div class=\"wp-block-column is-vertically-aligned-stretch h-hide-md-down is-style-image-cover is-layout-flow wp-block-column-is-layout-flow\">\n<figure class=\"wp-block-image size-large\"><img loading=\"lazy\" decoding=\"async\" width=\"1024\" height=\"684\" src=\"https:\/\/www.leeb-balkone.com\/app\/uploads\/2020\/07\/alu-schiebetor-14-1024x684.jpg\" alt=\"alu schiebetor\" class=\"wp-image-4837\" srcset=\"https:\/\/www.leeb-balkone.com\/app\/uploads\/2020\/07\/alu-schiebetor-14-1024x684.jpg 1024w, https:\/\/www.leeb-balkone.com\/app\/uploads\/2020\/07\/alu-schiebetor-14-300x200.jpg 300w, https:\/\/www.leeb-balkone.com\/app\/uploads\/2020\/07\/alu-schiebetor-14-768x513.jpg 768w, https:\/\/www.leeb-balkone.com\/app\/uploads\/2020\/07\/alu-schiebetor-14-1536x1025.jpg 1536w, https:\/\/www.leeb-balkone.com\/app\/uploads\/2020\/07\/alu-schiebetor-14-2048x1367.jpg 2048w\" sizes=\"auto, (max-width: 1024px) 100vw, 1024px\" \/><\/figure>\n<\/div>\n<\/div>\n<\/section>\n\n\n\n<section class=\"wp-block-group alignfull has-white-background-color has-background has-global-padding is-layout-constrained wp-container-core-group-is-layout-52f96efc wp-block-group-is-layout-constrained\" id=\"modelle\">\n<div class=\"wp-block-group m-teaser o-grid u-md-1 is-layout-flow wp-block-group-is-layout-flow\">\n<div class=\"wp-block-group u-g-9 u-g-s-2 is-layout-flow wp-block-group-is-layout-flow\" style=\"margin-bottom:var(--wp--preset--spacing--s)\">\n<p class=\"has-text-align-left\"><strong>&#8220;Va\u0161 dom, na\u0161a ograja &#8211; ograjna vrata Leeb.&#8221;<\/strong><\/p>\n<\/div>\n<\/div>\n\n\n\n<div class=\"wp-block-columns is-layout-flex wp-container-core-columns-is-layout-28f84493 wp-block-columns-is-layout-flex\">\n<div class=\"wp-block-column is-layout-flow wp-block-column-is-layout-flow\" style=\"flex-basis:66.66%\"><div class=\"tgs-gallery\" data-tablet-slides=\"4\" data-desktop-slides=\"5\"><div class=\"t3-tgs swiper mainSlider\">\n                <div class=\"has-icon icon-enlarge\"><\/div>\n                <div class=\"swiper-wrapper lg-swiper\"><div class=\"swiper-slide\"><a href=\"https:\/\/www.leeb-balkone.com\/app\/uploads\/2022\/10\/zaun-alu-lille-6-scaled.jpg\"><img decoding=\"async\" src=\"https:\/\/www.leeb-balkone.com\/app\/uploads\/2022\/10\/zaun-alu-lille-6-scaled.jpg\" alt=\"zaun alu lille\"><\/a><div class=\"tgs-desc\">Aluminijasta drsna vrata kot vhod v ograjeno enodru\u017einsko hi\u0161o \u2013 Leeb Zauntore<\/div><\/div><div class=\"swiper-slide\"><a href=\"https:\/\/www.leeb-balkone.com\/app\/uploads\/2022\/10\/zaun-alu-toledo-02-scaled.jpg\"><img decoding=\"async\" src=\"https:\/\/www.leeb-balkone.com\/app\/uploads\/2022\/10\/zaun-alu-toledo-02-scaled.jpg\" alt=\"zaun alu toledo\"><\/a><div class=\"tgs-desc\">Aluminijasta vrata \u2013 model ograje Toledo<\/div><\/div><div class=\"swiper-slide\"><a href=\"https:\/\/www.leeb-balkone.com\/app\/uploads\/2020\/07\/alu-drehtor-9-scaled.jpeg\"><img decoding=\"async\" src=\"https:\/\/www.leeb-balkone.com\/app\/uploads\/2020\/07\/alu-drehtor-9-scaled.jpeg\" alt=\"alu drehtor\"><\/a><div class=\"tgs-desc\">Aluminijasta vrtljiva vrata \u2013 Leeb Zauntore<\/div><\/div><\/div><div class=\"mainSliderPrev\"><\/div><div class=\"mainSliderNext\"><\/div><div class=\"main_slider_dots\"><\/div><\/div><div class=\"swiper thumbSlider\"><div class=\"swiper-wrapper wp-block-t3-carousel-wrapper\"><div class=\"swiper-slide\"><img decoding=\"async\" src=\"https:\/\/www.leeb-balkone.com\/app\/uploads\/2022\/10\/zaun-alu-lille-6-1024x684.jpg\" alt=\"zaun alu lille\" \/><\/div><div class=\"swiper-slide\"><img decoding=\"async\" src=\"https:\/\/www.leeb-balkone.com\/app\/uploads\/2022\/10\/zaun-alu-toledo-02-1024x683.jpg\" alt=\"zaun alu toledo\" \/><\/div><div class=\"swiper-slide\"><img decoding=\"async\" src=\"https:\/\/www.leeb-balkone.com\/app\/uploads\/2020\/07\/alu-drehtor-9-1024x683.jpeg\" alt=\"alu drehtor\" \/><\/div><\/div><div class=\"thumbSliderPrev swiper-button-prev\"><\/div><div class=\"thumbSliderNext swiper-button-next\"><\/div><\/div><\/div><\/div>\n\n\n\n<div class=\"wp-block-column is-layout-flow wp-block-column-is-layout-flow\" style=\"flex-basis:33.33%\">\n<h2 class=\"wp-block-heading has-step-2-font-size\">Vrata za ograje<\/h2>\n\n\n\n<p>Vse razli\u010dice vrat so na voljo v enakih vzorcih, barvah in povr\u0161inah kot ustrezni modeli ograj in jih je mogo\u010de individualno prilagoditi slogu nepremi\u010dnine. To pomeni, da lahko ne glede na izbrano vrsto vrat &#8211; bodisi krilna vrata, drsna vrata ali vrata za pe\u0161ce &#8211; vedno izbirate med celotno paleto modelov in barv, vklju\u010dno z videzom goljufivo pravega lesa, da ustvarite skladen celoten videz z ograjo.   <\/p>\n\n\n\n<ul class=\"wp-block-list is-style-checkmark-2\">\n<li>Izjemno odporen na vremenske vplive in prakti\u010dno brez vzdr\u017eevanja<\/li>\n\n\n\n<li>Proizvodnja po meri, usklajena integracija v obstoje\u010de ograjne sisteme<\/li>\n\n\n\n<li>Visokokakovostne komponente za dolgo \u017eivljenjsko dobo<\/li>\n<\/ul>\n<\/div>\n<\/div>\n\n\n\n<div class=\"wp-block-group m-teaser o-grid u-md-1 is-layout-flow wp-block-group-is-layout-flow\" style=\"margin-top:0;padding-top:var(--wp--preset--spacing--xl-2-xl)\">\n<div class=\"wp-block-group u-g-10 u-g-s-2 is-layout-flow wp-block-group-is-layout-flow\" style=\"margin-top:0;margin-bottom:var(--wp--preset--spacing--s)\"><div class=\"wp-block-t3-tabs t3-tabs t3-tabs--centered\" data-uniqueid=\"tabs-8f57f258\" data-use-headings=\"false\" data-heading-level=\"h2\"><ul class=\"t3-tabs__list\" role=\"tablist\"><li role=\"presentation\"><button role=\"tab\" id=\"tabs-8f57f258-tab-0\" aria-controls=\"tabs-8f57f258-panel-0\" class=\"t3-tabs__tab-button t3-tabs__tab-button--active\" aria-selected=\"true\" tabindex=\"0\"><div class=\"t3-tabs__tab-button-inner\"><span class=\"t3-tabs__tab-title\">Drehtore<\/span><\/div><\/button><\/li><li role=\"presentation\"><button role=\"tab\" id=\"tabs-8f57f258-tab-1\" aria-controls=\"tabs-8f57f258-panel-1\" class=\"t3-tabs__tab-button\" aria-selected=\"false\" tabindex=\"-1\"><div class=\"t3-tabs__tab-button-inner\"><span class=\"t3-tabs__tab-title\">Schiebetore<\/span><\/div><\/button><\/li><li role=\"presentation\"><button role=\"tab\" id=\"tabs-8f57f258-tab-2\" aria-controls=\"tabs-8f57f258-panel-2\" class=\"t3-tabs__tab-button\" aria-selected=\"false\" tabindex=\"-1\"><div class=\"t3-tabs__tab-button-inner\"><span class=\"t3-tabs__tab-title\">Geht\u00fcren<\/span><\/div><\/button><\/li><\/ul><div class=\"t3-tabs__panels\"><div class=\"t3-tab__content t3-tabs__panel\" role=\"tabpanel\" id=\"tabs-8f57f258-panel-0\" aria-labelledby=\"tabs-8f57f258-tab-0\">\n<p>Krilna vrata so lahko izdelana z enim ali dvema kriloma in so \u0161e posebej priljubljena kot dostopna vrata. Po \u017eelji so na voljo z elektri\u010dnim pogonom, vklju\u010dno s krmilno enoto, radijskim sprejemnikom, ro\u010dnim oddajnikom in motornimi konzolami iz nerjavnega jekla, kar znatno olaj\u0161a odpiranje in zapiranje. Krilna vrata so natan\u010dno vgrajena in jih je mogo\u010de izdelati v vseh izvedbah, barvah in lesnih obdelavah modelov ograj Leeb.  <\/p>\n\n\n\n<ul class=\"wp-block-list\">\n<li>Oblika in struktura: obi\u010dajno eno- ali dvokrilna, robusten aluminijast okvir, harmoni\u010dno prilagojen ograjnemu sistemu.<\/li>\n\n\n\n<li>Videz: Klasi\u010dno, masivno krilo je videti kot presti\u017ena vhodna vrata.<\/li>\n\n\n\n<li>Integracija: brezhibno se zlije z linijo ograje, pogosto z enakimi elementi ograje.<\/li>\n\n\n\n<li>Material in povr\u0161ina: Vremensko odporen aluminij s pra\u0161nim premazom ALU COMFORT PLUS\u00ae, po \u017eelji tudi v videzu lesa. \u0160tevilni modeli z vrhunskim steklom. <\/li>\n\n\n\n<li>Funkcionalne lastnosti: po \u017eelji se lahko avtomatizira (motorizirane konzole, radijsko upravljanje), visoka stabilnost zaradi trdnega okvirja in robustnih te\u010dajev.<\/li>\n\n\n\n<li>Poudarek na oblikovanju: visokokakovostna obdelava, ki zaznamuje celoten vtis ob vhodu v objekt<\/li>\n<\/ul>\n<\/div><div class=\"t3-tab__content t3-tabs__panel\" role=\"tabpanel\" id=\"tabs-8f57f258-panel-1\" aria-labelledby=\"tabs-8f57f258-tab-1\">\n<p>Drsna vrata imajo samonosilno zasnovo, kar pomeni, da ne potrebujejo talne proge, in omogo\u010dajo posebej \u0161iroke prehode do 6 metrov. Opremljena so lahko tudi z elektri\u010dnim pogonom za udobno odpiranje in zapiranje. Tako kot druge vrste vrat so na voljo v vseh izvedbah, barvah in lesnih obdelavah ter so narejena po meri.  <\/p>\n\n\n\n<ul class=\"wp-block-list\">\n<li>Oblika in struktura: Bo\u010dno drsna, ve\u010dinoma samonosna (brez talne tirnice), izdelana do \u0161irine 6 metrov.<\/li>\n\n\n\n<li>Videz: Sodoben in ploskovit, poudarja vodoravne linije; ujema se tudi z razli\u010dnimi modeli ograj.<\/li>\n\n\n\n<li>Prostorski u\u010dinek: Zaradi vitke in podolgovate oblike je u\u010dinek bolj tehni\u010den in la\u017eji kot pri vratih na te\u010dajih.<\/li>\n\n\n\n<li>Material in povr\u0161ina: prav tako patentiran aluminijast premaz (ALU COMFORT PLUS\u00ae), v barvah RAL ali z goljufivo resni\u010dnim videzom lesa. \u0160tevilni modeli z vrhunskim steklom. <\/li>\n\n\n\n<li>Funkcionalne lastnosti: Izbirno elektri\u010dno odpiranje\/zapiranje, mehanizem z gladkim tekom, zelo puristi\u010den videz zaradi odsotnosti spodnjega tira.<\/li>\n\n\n\n<li>Poudarek na oblikovanju: prostorsko var\u010dna, linearna zasnova sodobnega videza, pogosto poudarjena z neprekinjenimi linijami ali zasloni za zasebnost.<\/li>\n<\/ul>\n<\/div><div class=\"t3-tab__content t3-tabs__panel\" role=\"tabpanel\" id=\"tabs-8f57f258-panel-2\" aria-labelledby=\"tabs-8f57f258-tab-2\">\n<p>Vrata za pe\u0161ce so namenjena dostopu za pe\u0161ce in jih odlikuje kompaktna zasnova. Na voljo so tudi v vseh izvedbah in barvah ter jih je mogo\u010de prilagodljivo vgraditi na katero koli \u017eeleno mesto v ograji, vendar obi\u010dajno niso opremljena z elektri\u010dnim pogonom, saj je ta pri dostopu za pe\u0161ce le redko potreben. <\/p>\n\n\n\n<ul class=\"wp-block-list\">\n<li>Oblika in struktura: enokrilna, o\u017eja vrata, prilagojena modelu ograje.<\/li>\n\n\n\n<li>Videz: Diskreten, filigranski okvir &#8211; bolj zadr\u017ean v primerjavi z vrati, komaj opazen.<\/li>\n\n\n\n<li>Integracija: Vedno usklajena z oblikovnimi linijami ograje, pogosto kot dodatek k ve\u010djim vratom.<\/li>\n\n\n\n<li>Material in povr\u0161ina: prav tako patentiran aluminijast premaz (ALU COMFORT PLUS\u00ae), v barvah RAL ali z goljufivo resni\u010dnim videzom lesa. \u0160tevilni modeli z vrhunskim steklom. <\/li>\n\n\n\n<li>Funkcionalne zna\u010dilnosti: Ro\u010dno upravljanje, redko s pogonom, pogosto z robustno varnostno klju\u010davnico.<\/li>\n\n\n\n<li>Usmeritev oblikovanja: nevsiljiv, eleganten dostop za ljudi, vizualno tesno povezan del ograje<\/li>\n<\/ul>\n<\/div><\/div><\/div><\/div>\n<\/div>\n<\/section>\n\n\n\n\n\n<section class=\"wp-block-group alignfull has-light-gray-background-color has-background has-global-padding is-layout-constrained wp-container-core-group-is-layout-52f96efc wp-block-group-is-layout-constrained\" id=\"service-qualitaet\">\n<div class=\"wp-block-group o-grid u-md-1 is-layout-flow wp-block-group-is-layout-flow\">\n<div class=\"wp-block-group u-g-9 u-g-s-2 is-layout-flow wp-block-group-is-layout-flow\" style=\"margin-bottom:var(--wp--preset--spacing--s)\">\n<h2 class=\"wp-block-heading\"><strong>Vrata za ograjo Leeb<\/strong><\/h2>\n\n\n\n<p><span class=\"teaser\">Vsa ograjna vrata Leeb imajo stabilno konstrukcijo aluminijastega okvirja, patentiran pra\u0161ni premaz ALU COMFORT PLUS\u00ae za odpornost proti vremenskim vplivom in praskam ter sistem Alu Protection System (APS) za ve\u010djo trdnost in vzdr\u017eljivost.  <\/span><\/p>\n\n\n\n<p>Glavne razlike so v velikosti, mehanizmu odpiranja in mo\u017enosti elektri\u010dnega pogona, ki je na voljo pri krilnih in drsnih vratih, vendar obi\u010dajno ni na voljo pri vratih za pe\u0161ce.<\/p>\n<\/div>\n<\/div>\n\n\n\n<div class=\"wp-block-group small is-style-white-cards sm-2-cols is-layout-grid wp-container-core-group-is-layout-7785d981 wp-block-group-is-layout-grid\">\n<div class=\"wp-block-group m-card has-modal is-layout-flow wp-container-core-group-is-layout-8a368f38 wp-block-group-is-layout-flow\" data-modal-id=\"150759\">\n<figure class=\"wp-block-image size-large is-style-default\"><img loading=\"lazy\" decoding=\"async\" width=\"1024\" height=\"614\" src=\"https:\/\/www.leeb-balkone.com\/app\/uploads\/2022\/05\/Glashalle-Leeb-1024x614.jpg\" alt=\"Glashalle Leeb\" class=\"wp-image-83632\" srcset=\"https:\/\/www.leeb-balkone.com\/app\/uploads\/2022\/05\/Glashalle-Leeb-1024x614.jpg 1024w, https:\/\/www.leeb-balkone.com\/app\/uploads\/2022\/05\/Glashalle-Leeb-300x180.jpg 300w, https:\/\/www.leeb-balkone.com\/app\/uploads\/2022\/05\/Glashalle-Leeb-768x461.jpg 768w, https:\/\/www.leeb-balkone.com\/app\/uploads\/2022\/05\/Glashalle-Leeb-1536x922.jpg 1536w, https:\/\/www.leeb-balkone.com\/app\/uploads\/2022\/05\/Glashalle-Leeb-scaled.jpg 2048w\" sizes=\"auto, (max-width: 1024px) 100vw, 1024px\" \/><\/figure>\n\n\n\n<div class=\"wp-block-group m-card-content has-white-background-color has-background is-vertical is-layout-flex wp-container-core-group-is-layout-5580f018 wp-block-group-is-layout-flex\">\n<h3 class=\"wp-block-heading\">Balkon in ograja evropskega podjetja \u0161t. 1<\/h3>\n\n\n\n<p>Vodilnemu evropskemu proizvajalcu zaupa ve\u010d kot 150.000 zadovoljnih strank.<\/p>\n<\/div>\n<a href=\"#overlay-150759\" class=\"open-modal-link\" aria-label=\"Open modal\"><span class=\"sr-only\">\u00d6ffne Modal<\/span><\/a><\/div>\n\n\n\n<div class=\"wp-block-group m-card has-modal is-layout-flow wp-container-core-group-is-layout-8a368f38 wp-block-group-is-layout-flow\" data-modal-id=\"150749\">\n<figure class=\"wp-block-image size-large is-style-default\"><img loading=\"lazy\" decoding=\"async\" width=\"1024\" height=\"767\" src=\"https:\/\/www.leeb-balkone.com\/app\/uploads\/2020\/08\/leeb-balkone-mitarbeiter-4-1024x767.jpeg\" alt=\"Namestitev prilagojene balkonske ograje iz aluminija Leeb\" class=\"wp-image-6083\" srcset=\"https:\/\/www.leeb-balkone.com\/app\/uploads\/2020\/08\/leeb-balkone-mitarbeiter-4-1024x767.jpeg 1024w, https:\/\/www.leeb-balkone.com\/app\/uploads\/2020\/08\/leeb-balkone-mitarbeiter-4-2048x1535.jpeg 2048w, https:\/\/www.leeb-balkone.com\/app\/uploads\/2020\/08\/leeb-balkone-mitarbeiter-4-300x225.jpeg 300w, https:\/\/www.leeb-balkone.com\/app\/uploads\/2020\/08\/leeb-balkone-mitarbeiter-4-768x575.jpeg 768w, https:\/\/www.leeb-balkone.com\/app\/uploads\/2020\/08\/leeb-balkone-mitarbeiter-4-1536x1151.jpeg 1536w\" sizes=\"auto, (max-width: 1024px) 100vw, 1024px\" \/><\/figure>\n\n\n\n<div class=\"wp-block-group m-card-content has-white-background-color has-background is-vertical is-layout-flex wp-container-core-group-is-layout-5580f018 wp-block-group-is-layout-flex\">\n<h3 class=\"wp-block-heading\">Vsestranske storitve za brezskrbno izvajanje<\/h3>\n\n\n\n<p>Svetovanje na kraju samem, 3D konfigurator, tovarni\u0161ka proizvodnja, dobava in monta\u017ea.<\/p>\n<\/div>\n<a href=\"#overlay-150749\" class=\"open-modal-link\" aria-label=\"Open modal\"><span class=\"sr-only\">\u00d6ffne Modal<\/span><\/a><\/div>\n\n\n\n<div class=\"wp-block-group m-card has-modal is-layout-flow wp-container-core-group-is-layout-8a368f38 wp-block-group-is-layout-flow\" data-modal-id=\"150746\">\n<figure class=\"wp-block-image size-full\"><img loading=\"lazy\" decoding=\"async\" width=\"2048\" height=\"1366\" src=\"https:\/\/www.leeb-balkone.com\/app\/uploads\/2022\/05\/glas-bearbeitung-zuschnitt--scaled.jpg\" alt=\"glas bearbeitung zuschnitt \" class=\"wp-image-83644\" srcset=\"https:\/\/www.leeb-balkone.com\/app\/uploads\/2022\/05\/glas-bearbeitung-zuschnitt--scaled.jpg 2048w, https:\/\/www.leeb-balkone.com\/app\/uploads\/2022\/05\/glas-bearbeitung-zuschnitt--300x200.jpg 300w, https:\/\/www.leeb-balkone.com\/app\/uploads\/2022\/05\/glas-bearbeitung-zuschnitt--1024x683.jpg 1024w, https:\/\/www.leeb-balkone.com\/app\/uploads\/2022\/05\/glas-bearbeitung-zuschnitt--768x512.jpg 768w, https:\/\/www.leeb-balkone.com\/app\/uploads\/2022\/05\/glas-bearbeitung-zuschnitt--1536x1024.jpg 1536w\" sizes=\"auto, (max-width: 2048px) 100vw, 2048px\" \/><\/figure>\n\n\n\n<div class=\"wp-block-group m-card-content has-white-background-color has-background is-vertical is-layout-flex wp-container-core-group-is-layout-5580f018 wp-block-group-is-layout-flex\">\n<h3 class=\"wp-block-heading\"><strong>Laminirano varnostno steklo vrhunske kakovosti<\/strong><\/h3>\n\n\n\n<p>Preizku\u0161ena varnost, inovativne zasnove in dolgotrajna kakovost po meri s podjetjem Leeb Glas.<\/p>\n<\/div>\n<a href=\"#overlay-150746\" class=\"open-modal-link\" aria-label=\"Open modal\"><span class=\"sr-only\">\u00d6ffne Modal<\/span><\/a><\/div>\n\n\n\n<div class=\"wp-block-group m-card has-modal is-layout-flow wp-container-core-group-is-layout-8a368f38 wp-block-group-is-layout-flow\" data-modal-id=\"150753\">\n<figure class=\"wp-block-image size-large\"><img loading=\"lazy\" decoding=\"async\" width=\"1024\" height=\"665\" src=\"https:\/\/www.leeb-balkone.com\/app\/uploads\/2020\/08\/alu-comfort-plus-1024x665.jpg\" alt=\"alu comfort plus\" class=\"wp-image-5082\" srcset=\"https:\/\/www.leeb-balkone.com\/app\/uploads\/2020\/08\/alu-comfort-plus-1024x665.jpg 1024w, https:\/\/www.leeb-balkone.com\/app\/uploads\/2020\/08\/alu-comfort-plus-300x195.jpg 300w, https:\/\/www.leeb-balkone.com\/app\/uploads\/2020\/08\/alu-comfort-plus-768x499.jpg 768w, https:\/\/www.leeb-balkone.com\/app\/uploads\/2020\/08\/alu-comfort-plus-1536x997.jpg 1536w, https:\/\/www.leeb-balkone.com\/app\/uploads\/2020\/08\/alu-comfort-plus-2048x1330.jpg 2048w\" sizes=\"auto, (max-width: 1024px) 100vw, 1024px\" \/><\/figure>\n\n\n\n<div class=\"wp-block-group m-card-content has-white-background-color has-background is-vertical is-layout-flex wp-container-core-group-is-layout-5580f018 wp-block-group-is-layout-flex\">\n<h3 class=\"wp-block-heading\">Dolgoro\u010dna za\u0161\u010dita z ALU Comfort Plus\u00ae<\/h3>\n\n\n\n<p>Patentiran premaz in obdelava aluminija na najvi\u0161ji ravni.<\/p>\n<\/div>\n<a href=\"#overlay-150753\" class=\"open-modal-link\" aria-label=\"Open modal\"><span class=\"sr-only\">\u00d6ffne Modal<\/span><\/a><\/div>\n<\/div>\n\n\n\n<div class=\"wp-block-group o-grid u-md-1 is-layout-flow wp-block-group-is-layout-flow\" style=\"padding-top:var(--wp--preset--spacing--l)\">\n<div class=\"wp-block-group u-g-9 u-g-s-2 is-layout-flow wp-block-group-is-layout-flow\" style=\"margin-bottom:var(--wp--preset--spacing--s)\">\n<h3 class=\"wp-block-heading\">Prednosti na prvi pogled<\/h3>\n\n\n\n<p>Aluminijasta ograjna vrata Leeb ponujajo obi\u010dajne kakovostne lastnosti vodilnega proizvajalca na trgu ter prefinjene dodatke.<\/p>\n\n\n\n<ul class=\"wp-block-list is-style-checkmark-2\">\n<li><strong>Inovativnost in kakovost:<\/strong> ograjna vrata Leeb so izdelana iz visokokakovostnega aluminija in so prav tako odporna na vremenske vplive, praske in prakti\u010dno brez vzdr\u017eevanja kot modeli ograj.<\/li>\n\n\n\n<li><strong>Mo\u017enosti oblikovanja in barv:<\/strong> Na voljo so ograjna vrata Leeb, ki se ujemajo z modelom ograje in so na voljo v vseh barvah RAL ter v videzu lesa.<\/li>\n\n\n\n<li><strong>Komfortna oprema:<\/strong> Na zahtevo lahko krilna in drsna vrata opremimo z elektri\u010dnim pogonom, radijskim upravljanjem in drugimi funkcijami za udobje.<\/li>\n\n\n\n<li><strong>Re\u0161itve po meri:<\/strong> Od vrat za pe\u0161ce do samonosilnih drsnih vrat: vsaka ograjna vrata so individualno na\u010drtovana in natan\u010dno prilagojena razmeram na gradbi\u0161\u010du.<\/li>\n\n\n\n<li><strong>Izku\u0161nje in zanesljivost:<\/strong> Leeb je tradicionalno podjetje z ve\u010ddesetletnimi izku\u0161njami, ki zagotavlja najvi\u0161jo kakovost in preverjeno varnost.<\/li>\n<\/ul>\n<\/div>\n<\/div>\n<\/section>\n\n\n\n<section class=\"wp-block-cover alignfull is-light katalog-cta\" style=\"margin-top:0;margin-bottom:0;padding-top:0;padding-right:0;padding-bottom:0;padding-left:0;min-height:100px;aspect-ratio:unset;\"><img loading=\"lazy\" decoding=\"async\" width=\"1920\" height=\"599\" class=\"wp-block-cover__image-background wp-image-7912 size-full\" alt=\"leeb balkone katalog anfordern\" src=\"https:\/\/www.leeb-balkone.com\/app\/uploads\/2020\/09\/leeb-balkone-katalog-anfordern-1.jpeg\" data-object-fit=\"cover\" srcset=\"https:\/\/www.leeb-balkone.com\/app\/uploads\/2020\/09\/leeb-balkone-katalog-anfordern-1-300x94.jpeg 300w, https:\/\/www.leeb-balkone.com\/app\/uploads\/2020\/09\/leeb-balkone-katalog-anfordern-1-1024x319.jpeg 1024w, https:\/\/www.leeb-balkone.com\/app\/uploads\/2020\/09\/leeb-balkone-katalog-anfordern-1-768x240.jpeg 768w, https:\/\/www.leeb-balkone.com\/app\/uploads\/2020\/09\/leeb-balkone-katalog-anfordern-1-1536x479.jpeg 1536w\" sizes=\"auto, (max-width: 1920px) 100vw, 1920px\" \/><span aria-hidden=\"true\" class=\"wp-block-cover__background has-primary-45-background-color has-background-dim-80 has-background-dim\"><\/span><div class=\"wp-block-cover__inner-container has-global-padding is-layout-constrained wp-container-core-cover-is-layout-fc5783d2 wp-block-cover-is-layout-constrained\">\n<div class=\"wp-block-group is-layout-flow wp-block-group-is-layout-flow\" style=\"min-height:0px;margin-top:0;margin-bottom:0;padding-top:var(--wp--preset--spacing--2-xl);padding-bottom:var(--wp--preset--spacing--2-xl);padding-left:0\">\n<div class=\"wp-block-columns are-vertically-aligned-center is-layout-flex wp-container-core-columns-is-layout-0a4bbf16 wp-block-columns-is-layout-flex\" style=\"margin-top:0;margin-bottom:0\">\n<div class=\"wp-block-column is-vertically-aligned-center is-layout-flow wp-block-column-is-layout-flow\" style=\"flex-basis:66.66%\">\n<h2 class=\"wp-block-heading\">Ograjna vrata v katalogu<\/h2>\n\n\n\n<p class=\"is-style-teaser\"><span class=\"teaser\">Va\u0161 osebni katalog \u010daka na vas! Naro\u010dite zdaj brezpla\u010dno in odkrijte na\u0161o celotno ponudbo <span class=\"teaser\">ograj in zaslonov za zasebnost <\/span>. Poi\u0161\u010dite re\u0161itev, ki vam popolnoma ustreza.  <\/span><\/p>\n<\/div>\n\n\n\n<div class=\"wp-block-column is-vertically-aligned-center is-layout-flow wp-block-column-is-layout-flow\" style=\"flex-basis:33.33%\">\n<div class=\"wp-block-buttons u-m-jc-left is-content-justification-right is-layout-flex wp-container-core-buttons-is-layout-c060c6c7 wp-block-buttons-is-layout-flex\">\n<div class=\"wp-block-button is-style-filled-white large\"><a class=\"wp-block-button__link wp-element-button\" href=\"https:\/\/www.leeb-balkone.com\/sl\/kontakt\/zahtevajte-katalog\/\" style=\"box-shadow:var(--wp--preset--shadow--button-shadow)\">Zahtevajte katalog<\/a><\/div>\n<\/div>\n<\/div>\n<\/div>\n<\/div>\n<\/div><\/section>\n\n\n\n<section class=\"wp-block-group alignfull has-white-background-color has-background has-global-padding is-layout-constrained wp-container-core-group-is-layout-52f96efc wp-block-group-is-layout-constrained\">\n<div class=\"wp-block-group o-grid u-md-1 is-layout-flow wp-block-group-is-layout-flow\" style=\"padding-top:0\">\n<div class=\"wp-block-group u-g-9 u-g-s-2 is-layout-flow wp-block-group-is-layout-flow\" style=\"margin-bottom:var(--wp--preset--spacing--s)\">\n<h2 class=\"wp-block-heading\">Zakaj aluminijasta ograjna vrata Leeb?<\/h2>\n\n\n\n<p class=\"is-style-teaser\"><span class=\"teaser\">Vsaka ograjna vrata Leeb navdu\u0161ujejo z natan\u010dno izdelavo, sodobnim dizajnom in popolno usklajenostjo z ustreznim modelom ograje.<\/span><\/p>\n<\/div>\n<\/div>\n\n\n\n<div class=\"wp-block-group is-layout-flow wp-container-core-group-is-layout-d5075d26 wp-block-group-is-layout-flow\">\n<div class=\"wp-block-columns is-style-shadow m-split is-layout-flex wp-container-core-columns-is-layout-28f84493 wp-block-columns-is-layout-flex\">\n<div class=\"wp-block-column is-style-default is-layout-flow wp-block-column-is-layout-flow\">\n<figure class=\"wp-block-image size-large\"><img loading=\"lazy\" decoding=\"async\" width=\"1024\" height=\"694\" src=\"https:\/\/www.leeb-balkone.com\/app\/uploads\/2020\/07\/vorstellbalkon-mit-stuetzen-118-1024x694.jpg\" alt=\"Sprednji balkoni od Leeb\" class=\"wp-image-4608\" style=\"aspect-ratio:4\/3;object-fit:cover\" srcset=\"https:\/\/www.leeb-balkone.com\/app\/uploads\/2020\/07\/vorstellbalkon-mit-stuetzen-118-1024x694.jpg 1024w, https:\/\/www.leeb-balkone.com\/app\/uploads\/2020\/07\/vorstellbalkon-mit-stuetzen-118-300x203.jpg 300w, https:\/\/www.leeb-balkone.com\/app\/uploads\/2020\/07\/vorstellbalkon-mit-stuetzen-118-768x521.jpg 768w, https:\/\/www.leeb-balkone.com\/app\/uploads\/2020\/07\/vorstellbalkon-mit-stuetzen-118-1536x1041.jpg 1536w, https:\/\/www.leeb-balkone.com\/app\/uploads\/2020\/07\/vorstellbalkon-mit-stuetzen-118-2048x1388.jpg 2048w, https:\/\/www.leeb-balkone.com\/app\/uploads\/2020\/07\/vorstellbalkon-mit-stuetzen-118-400x270.jpg 400w\" sizes=\"auto, (max-width: 1024px) 100vw, 1024px\" \/><\/figure>\n<\/div>\n\n\n\n<div class=\"wp-block-column is-vertically-aligned-center is-style-overlay-content is-layout-flow wp-block-column-is-layout-flow\">\n<div class=\"wp-block-group is-vertical is-layout-flex wp-container-core-group-is-layout-6aed0e10 wp-block-group-is-layout-flex\">\n<h3 class=\"wp-block-heading\">Udobna kakovost<\/h3>\n\n\n\n<p>Leeb ponuja re\u0161itve po meri: Vsaka ograjna vrata so natan\u010dno prilagojena razmeram na gradbi\u0161\u010du in zasnovi ograje ter so na voljo v \u0161tevilnih barvah in z navidezno pravim videzom lesa. Za najve\u010dje udobje so lahko vrata opremljena z elektri\u010dnim pogonom, celovita storitev od na\u010drtovanja do monta\u017ee pa zagotavlja nemoteno izvedbo s potrjeno kakovostjo iz avstrijske proizvodnje. <\/p>\n\n\n\n<div class=\"wp-block-buttons is-layout-flex wp-block-buttons-is-layout-flex\" style=\"margin-top:var(--wp--preset--spacing--2-xs)\">\n<div class=\"wp-block-button is-style-outline-secondary\"><a class=\"wp-block-button__link has-transparent-background-color has-background wp-element-button\" href=\"#\">Modeli ograj<\/a><\/div>\n<\/div>\n<\/div>\n<\/div>\n<\/div>\n\n\n\n\n<\/div>\n<\/section>\n\n\n\n<section class=\"wp-block-group alignfull has-light-gray-background-color has-background has-global-padding is-layout-constrained wp-container-core-group-is-layout-52f96efc wp-block-group-is-layout-constrained\">\n<div class=\"wp-block-group o-grid u-md-1 is-layout-flow wp-block-group-is-layout-flow\" style=\"padding-top:0\">\n<div class=\"wp-block-group u-g-9 u-g-s-2 is-layout-flow wp-block-group-is-layout-flow\" style=\"margin-bottom:var(--wp--preset--spacing--s)\">\n<h2 class=\"wp-block-heading\">Pogosto zastavljena vpra\u0161anja<\/h2>\n\n\n\n\n\n<div class=\"wp-block-t3-acc-accordion is-style-light\"><button id=\"accordion-bb1101dc-d927-4af7-9597-e44d18553e3d-button\" class=\"accordion__button\" aria-expanded=\"false\" aria-controls=\"accordion-bb1101dc-d927-4af7-9597-e44d18553e3d-panel\"><h3 data-accordion-title=\"true\" style=\"font-size:var(--step-1)\"><strong><strong>Katere vrste ograjnih vrat so na voljo v podjetju Leeb?<\/strong><\/strong><\/h3><\/button><div id=\"accordion-bb1101dc-d927-4af7-9597-e44d18553e3d-panel\" class=\"accordion__panel\" role=\"region\" aria-labelledby=\"accordion-bb1101dc-d927-4af7-9597-e44d18553e3d-button\">\n<p>Podjetje Leeb ponuja prilagojena krilna vrata (enokrilna ali dvokrilna), samonosna drsna vrata in vrata za pe\u0161ce. Vsa vrata je mogo\u010de prilagoditi ustreznemu modelu ograje in so na voljo iz visokokakovostnega aluminija, na zahtevo tudi v lesenem videzu. <\/p>\n<\/div><\/div>\n\n\n\n<div class=\"wp-block-t3-acc-accordion is-style-light\"><button id=\"accordion-c5ee2447-565e-40f2-b2a6-383bdb79ac31-button\" class=\"accordion__button\" aria-expanded=\"false\" aria-controls=\"accordion-c5ee2447-565e-40f2-b2a6-383bdb79ac31-panel\"><h3 data-accordion-title=\"true\" style=\"font-size:var(--step-1)\"><strong><strong><strong><strong>V kak\u0161nih barvah in izvedbah so na voljo ograjna vrata Leeb?<\/strong><\/strong><\/strong><\/strong><\/h3><\/button><div id=\"accordion-c5ee2447-565e-40f2-b2a6-383bdb79ac31-panel\" class=\"accordion__panel\" role=\"region\" aria-labelledby=\"accordion-c5ee2447-565e-40f2-b2a6-383bdb79ac31-button\">\n<p>Vrata za ograje Leeb so seveda na voljo za vse modele ograj Leeb. ve\u010d kot 200 barv po RAL in goljufivi dekorji lesa. Patentiran pra\u0161ni premaz ALU COMFORT PLUS\u00ae je na voljo v vseh barvah RAL, \u0161tevilnih posebnih barvah in zavajajo\u010dih dekorjih lesa ter zagotavlja trajnost in enostavno vzdr\u017eevanje.  <br><\/p>\n<\/div><\/div>\n\n\n\n<div class=\"wp-block-t3-acc-accordion is-style-light\"><button id=\"accordion-7ab9e2dd-0790-4f63-80ba-460c11352207-button\" class=\"accordion__button\" aria-expanded=\"false\" aria-controls=\"accordion-7ab9e2dd-0790-4f63-80ba-460c11352207-panel\"><h3 data-accordion-title=\"true\" style=\"font-size:var(--step-1)\"><strong><strong><strong><strong><strong>Ali so lahko ograjna vrata Leeb opremljena z elektri\u010dnim pogonom?<\/strong><\/strong><\/strong><\/strong><\/strong><\/h3><\/button><div id=\"accordion-7ab9e2dd-0790-4f63-80ba-460c11352207-panel\" class=\"accordion__panel\" role=\"region\" aria-labelledby=\"accordion-7ab9e2dd-0790-4f63-80ba-460c11352207-button\">\n<p>Da, tako krilna kot drsna vrata so lahko po \u017eelji opremljena z elektri\u010dnimi pogoni, krmilnimi enotami in ro\u010dnimi radijskimi oddajniki. To pove\u010duje udobje in varnost pri vsakodnevni uporabi. <\/p>\n<\/div><\/div>\n\n\n\n<div class=\"wp-block-t3-acc-accordion is-style-light\"><button id=\"accordion-a7ec104e-1e84-4e4a-a82b-9a30775e8ac0-button\" class=\"accordion__button\" aria-expanded=\"false\" aria-controls=\"accordion-a7ec104e-1e84-4e4a-a82b-9a30775e8ac0-panel\"><h3 data-accordion-title=\"true\" style=\"font-size:var(--step-1)\"><strong><strong><strong><strong><strong><strong>Ali lahko naknadno namestim tudi ograjna vrata Leeb?<\/strong><\/strong><\/strong><\/strong><\/strong><\/strong><\/h3><\/button><div id=\"accordion-a7ec104e-1e84-4e4a-a82b-9a30775e8ac0-panel\" class=\"accordion__panel\" role=\"region\" aria-labelledby=\"accordion-a7ec104e-1e84-4e4a-a82b-9a30775e8ac0-button\">\n<p>Da, vsa ograjna vrata (krilna, drsna in pe\u0161potna) je mogo\u010de preprosto namestiti skoraj povsod &#8211; primerna so tudi za naknadno vgradnjo v obstoje\u010de sisteme. Dimenzije in oblika so prilagojene. <\/p>\n<\/div><\/div>\n\n\n\n<div class=\"wp-block-t3-acc-accordion is-style-light\"><button id=\"accordion-b6cf8f3b-2f3a-4250-ab81-1432f4688e73-button\" class=\"accordion__button\" aria-expanded=\"false\" aria-controls=\"accordion-b6cf8f3b-2f3a-4250-ab81-1432f4688e73-panel\"><h3 data-accordion-title=\"true\" style=\"font-size:var(--step-1)\"><strong><strong><strong><strong><strong><strong><strong>Kako najti pravega partnerja Leeb?<\/strong><\/strong><\/strong><\/strong><\/strong><\/strong><\/strong><\/h3><\/button><div id=\"accordion-b6cf8f3b-2f3a-4250-ab81-1432f4688e73-panel\" class=\"accordion__panel\" role=\"region\" aria-labelledby=\"accordion-b6cf8f3b-2f3a-4250-ab81-1432f4688e73-button\">\n<p>Leeb ima gosto mre\u017eo partnerjev v Avstriji, Nem\u010diji, Italiji, Franciji, \u0160vici in Sloveniji. Za vsa podrobna ali specializirana vpra\u0161anja priporo\u010damo pogovor s svetovalcem Leeb &#8211; zagotovil vam bo podporo pri svetovanju, na\u010drtovanju in namestitvi.   <\/p>\n<\/div><\/div>\n<\/div>\n<\/div>\n<\/section>\n\n\n\n<section class=\"wp-block-group alignfull has-white-background-color has-background has-global-padding is-layout-constrained wp-container-core-group-is-layout-52f96efc wp-block-group-is-layout-constrained\">\n<div class=\"wp-block-group o-grid u-md-1 is-layout-flow wp-block-group-is-layout-flow\" style=\"padding-top:0\">\n<div class=\"wp-block-group u-g-9 u-g-s-2 is-layout-flow wp-block-group-is-layout-flow\">\n<h2 class=\"wp-block-heading\">Vtisi ograjnih vrat<\/h2>\n\n\n\n<p><span class=\"teaser\">Navdihnite se z mo\u017enostmi oblikovanja na\u0161ih ograjnih vrat.<\/span><\/p>\n<\/div>\n<\/div>\n\n\n    <div id=\"t3-lg-block-1\" class=\"wp-block-t3-lightgallery\" data-initial-count=\"9\">\n      <div class=\"lg-container u-grid-temp has-3-cols\">\n                  <div class=\"lg-item\" data-src=\"https:\/\/www.leeb-balkone.com\/app\/uploads\/2020\/07\/alu-schiebetor-22-scaled.jpg\"\n              data-sub-html=\"&lt;p&gt;Alu Schiebetor als Einfahrt f\u00fcr umz\u00e4untes Einfamilienhaus - Leeb Zauntore&lt;\/p&gt;\">\n            <div class=\"img-wrapper\">\n                <figure>\n                    <img loading=\"lazy\" decoding=\"async\" width=\"300\" height=\"224\" src=\"https:\/\/www.leeb-balkone.com\/app\/uploads\/2020\/07\/alu-schiebetor-22-300x224.jpg\" class=\"attachment-medium size-medium\" alt=\"alu schiebetor\" srcset=\"https:\/\/www.leeb-balkone.com\/app\/uploads\/2020\/07\/alu-schiebetor-22-300x224.jpg 300w, https:\/\/www.leeb-balkone.com\/app\/uploads\/2020\/07\/alu-schiebetor-22-1024x765.jpg 1024w, https:\/\/www.leeb-balkone.com\/app\/uploads\/2020\/07\/alu-schiebetor-22-768x574.jpg 768w, https:\/\/www.leeb-balkone.com\/app\/uploads\/2020\/07\/alu-schiebetor-22-1536x1147.jpg 1536w, https:\/\/www.leeb-balkone.com\/app\/uploads\/2020\/07\/alu-schiebetor-22-2048x1529.jpg 2048w\" sizes=\"auto, (min-width: 1200px) 260px, (min-width: 1024px) 220px, (min-width: 640px) 465px, 768px\" \/>    \n                <\/figure>\n                        <\/div>\n            <p>Alu Schiebetor als Einfahrt f\u00fcr umz\u00e4untes Einfamilienhaus &#8211; Leeb Zauntore<\/p>        <\/div>\n                  <div class=\"lg-item\" data-src=\"https:\/\/www.leeb-balkone.com\/app\/uploads\/2020\/07\/zaun-alu-hallegg-12-1-scaled.jpg\"\n              data-sub-html=\"&lt;p&gt;Geht\u00fcr in Kombination mit einem Leeb Zaun Hallegg und einem Leeb Balkon&lt;\/p&gt;\">\n            <div class=\"img-wrapper\">\n                <figure>\n                    <img loading=\"lazy\" decoding=\"async\" width=\"300\" height=\"219\" src=\"https:\/\/www.leeb-balkone.com\/app\/uploads\/2020\/07\/zaun-alu-hallegg-12-1-300x219.jpg\" class=\"attachment-medium size-medium\" alt=\"zaun alu hallegg 12\" srcset=\"https:\/\/www.leeb-balkone.com\/app\/uploads\/2020\/07\/zaun-alu-hallegg-12-1-300x219.jpg 300w, https:\/\/www.leeb-balkone.com\/app\/uploads\/2020\/07\/zaun-alu-hallegg-12-1-1024x746.jpg 1024w, https:\/\/www.leeb-balkone.com\/app\/uploads\/2020\/07\/zaun-alu-hallegg-12-1-768x560.jpg 768w, https:\/\/www.leeb-balkone.com\/app\/uploads\/2020\/07\/zaun-alu-hallegg-12-1-1536x1119.jpg 1536w, https:\/\/www.leeb-balkone.com\/app\/uploads\/2020\/07\/zaun-alu-hallegg-12-1-2048x1492.jpg 2048w\" sizes=\"auto, (min-width: 1200px) 260px, (min-width: 1024px) 220px, (min-width: 640px) 465px, 768px\" \/>    \n                <\/figure>\n                        <\/div>\n            <p>Geht\u00fcr in Kombination mit einem Leeb Zaun Hallegg und einem Leeb Balkon<\/p>        <\/div>\n                  <div class=\"lg-item\" data-src=\"https:\/\/www.leeb-balkone.com\/app\/uploads\/2022\/10\/zaun-alu-toledo-02-scaled.jpg\"\n              data-sub-html=\"&lt;p&gt;Aluminijasta vrata \u2013 model ograje Toledo&lt;\/p&gt;\">\n            <div class=\"img-wrapper\">\n                <figure>\n                    <img loading=\"lazy\" decoding=\"async\" width=\"300\" height=\"200\" src=\"https:\/\/www.leeb-balkone.com\/app\/uploads\/2022\/10\/zaun-alu-toledo-02-300x200.jpg\" class=\"attachment-medium size-medium\" alt=\"zaun alu toledo\" srcset=\"https:\/\/www.leeb-balkone.com\/app\/uploads\/2022\/10\/zaun-alu-toledo-02-300x200.jpg 300w, https:\/\/www.leeb-balkone.com\/app\/uploads\/2022\/10\/zaun-alu-toledo-02-1024x683.jpg 1024w, https:\/\/www.leeb-balkone.com\/app\/uploads\/2022\/10\/zaun-alu-toledo-02-768x512.jpg 768w, https:\/\/www.leeb-balkone.com\/app\/uploads\/2022\/10\/zaun-alu-toledo-02-1536x1024.jpg 1536w, https:\/\/www.leeb-balkone.com\/app\/uploads\/2022\/10\/zaun-alu-toledo-02-2048x1365.jpg 2048w\" sizes=\"auto, (min-width: 1200px) 260px, (min-width: 1024px) 220px, (min-width: 640px) 465px, 768px\" \/>    \n                <\/figure>\n                        <\/div>\n            <p>Aluminijasta vrata \u2013 model ograje Toledo<\/p>        <\/div>\n                  <div class=\"lg-item\" data-src=\"https:\/\/www.leeb-balkone.com\/app\/uploads\/2020\/08\/zaun-alu-castillo-12-scaled.jpg\"\n              data-sub-html=\"&lt;p&gt;Schiebetor beim Zaunmodell Castillo&lt;\/p&gt;\">\n            <div class=\"img-wrapper\">\n                <figure>\n                    <img loading=\"lazy\" decoding=\"async\" width=\"300\" height=\"200\" src=\"https:\/\/www.leeb-balkone.com\/app\/uploads\/2020\/08\/zaun-alu-castillo-12-300x200.jpg\" class=\"attachment-medium size-medium\" alt=\"zaun alu castillo\" srcset=\"https:\/\/www.leeb-balkone.com\/app\/uploads\/2020\/08\/zaun-alu-castillo-12-300x200.jpg 300w, https:\/\/www.leeb-balkone.com\/app\/uploads\/2020\/08\/zaun-alu-castillo-12-1024x683.jpg 1024w, https:\/\/www.leeb-balkone.com\/app\/uploads\/2020\/08\/zaun-alu-castillo-12-768x512.jpg 768w, https:\/\/www.leeb-balkone.com\/app\/uploads\/2020\/08\/zaun-alu-castillo-12-1536x1024.jpg 1536w, https:\/\/www.leeb-balkone.com\/app\/uploads\/2020\/08\/zaun-alu-castillo-12-2048x1366.jpg 2048w\" sizes=\"auto, (min-width: 1200px) 260px, (min-width: 1024px) 220px, (min-width: 640px) 465px, 768px\" \/>    \n                <\/figure>\n                        <\/div>\n            <p>Schiebetor beim Zaunmodell Castillo<\/p>        <\/div>\n                  <div class=\"lg-item\" data-src=\"https:\/\/www.leeb-balkone.com\/app\/uploads\/2020\/07\/alu-schiebetor-16-scaled.jpg\"\n              data-sub-html=\"&lt;p&gt;Aluschiebetor&lt;\/p&gt;\">\n            <div class=\"img-wrapper\">\n                <figure>\n                    <img loading=\"lazy\" decoding=\"async\" width=\"300\" height=\"200\" src=\"https:\/\/www.leeb-balkone.com\/app\/uploads\/2020\/07\/alu-schiebetor-16-300x200.jpg\" class=\"attachment-medium size-medium\" alt=\"Moderner W\u00fcrfel mit Aluschiebetor\" srcset=\"https:\/\/www.leeb-balkone.com\/app\/uploads\/2020\/07\/alu-schiebetor-16-300x200.jpg 300w, https:\/\/www.leeb-balkone.com\/app\/uploads\/2020\/07\/alu-schiebetor-16-1024x683.jpg 1024w, https:\/\/www.leeb-balkone.com\/app\/uploads\/2020\/07\/alu-schiebetor-16-768x512.jpg 768w, https:\/\/www.leeb-balkone.com\/app\/uploads\/2020\/07\/alu-schiebetor-16-1536x1024.jpg 1536w, https:\/\/www.leeb-balkone.com\/app\/uploads\/2020\/07\/alu-schiebetor-16-2048x1366.jpg 2048w\" sizes=\"auto, (min-width: 1200px) 260px, (min-width: 1024px) 220px, (min-width: 640px) 465px, 768px\" \/>    \n                <\/figure>\n                        <\/div>\n            <p>Aluschiebetor<\/p>        <\/div>\n                  <div class=\"lg-item\" data-src=\"https:\/\/www.leeb-balkone.com\/app\/uploads\/2020\/07\/alu-drehtor-9-scaled.jpeg\"\n              data-sub-html=\"&lt;p&gt;Aluminijasta vrtljiva vrata \u2013 Leeb Zauntore&lt;\/p&gt;\">\n            <div class=\"img-wrapper\">\n                <figure>\n                    <img loading=\"lazy\" decoding=\"async\" width=\"300\" height=\"200\" src=\"https:\/\/www.leeb-balkone.com\/app\/uploads\/2020\/07\/alu-drehtor-9-300x200.jpeg\" class=\"attachment-medium size-medium\" alt=\"alu drehtor\" srcset=\"https:\/\/www.leeb-balkone.com\/app\/uploads\/2020\/07\/alu-drehtor-9-300x200.jpeg 300w, https:\/\/www.leeb-balkone.com\/app\/uploads\/2020\/07\/alu-drehtor-9-1024x683.jpeg 1024w, https:\/\/www.leeb-balkone.com\/app\/uploads\/2020\/07\/alu-drehtor-9-768x512.jpeg 768w, https:\/\/www.leeb-balkone.com\/app\/uploads\/2020\/07\/alu-drehtor-9-1536x1024.jpeg 1536w, https:\/\/www.leeb-balkone.com\/app\/uploads\/2020\/07\/alu-drehtor-9-2048x1366.jpeg 2048w\" sizes=\"auto, (min-width: 1200px) 260px, (min-width: 1024px) 220px, (min-width: 640px) 465px, 768px\" \/>    \n                <\/figure>\n                        <\/div>\n            <p>Aluminijasta vrtljiva vrata \u2013 Leeb Zauntore<\/p>        <\/div>\n                  <div class=\"lg-item\" data-src=\"https:\/\/www.leeb-balkone.com\/app\/uploads\/2020\/07\/alu-drehtor-3.jpg\"\n              data-sub-html=\"&lt;p&gt;Drehtor aus Aluminium&lt;\/p&gt;\">\n            <div class=\"img-wrapper\">\n                <figure>\n                    <img loading=\"lazy\" decoding=\"async\" width=\"300\" height=\"200\" src=\"https:\/\/www.leeb-balkone.com\/app\/uploads\/2020\/07\/alu-drehtor-3-300x200.jpg\" class=\"attachment-medium size-medium\" alt=\"alu drehtor\" srcset=\"https:\/\/www.leeb-balkone.com\/app\/uploads\/2020\/07\/alu-drehtor-3-300x200.jpg 300w, https:\/\/www.leeb-balkone.com\/app\/uploads\/2020\/07\/alu-drehtor-3-1024x683.jpg 1024w, https:\/\/www.leeb-balkone.com\/app\/uploads\/2020\/07\/alu-drehtor-3-768x513.jpg 768w, https:\/\/www.leeb-balkone.com\/app\/uploads\/2020\/07\/alu-drehtor-3-1536x1025.jpg 1536w, https:\/\/www.leeb-balkone.com\/app\/uploads\/2020\/07\/alu-drehtor-3-2048x1367.jpg 2048w\" sizes=\"auto, (min-width: 1200px) 260px, (min-width: 1024px) 220px, (min-width: 640px) 465px, 768px\" \/>    \n                <\/figure>\n                        <\/div>\n            <p>Drehtor aus Aluminium<\/p>        <\/div>\n                  <div class=\"lg-item\" data-src=\"https:\/\/www.leeb-balkone.com\/app\/uploads\/2020\/07\/alu-gehtuer-mit-zaunmodell-diritto-scaled.jpg\"\n              data-sub-html=\"&lt;p&gt;Geht\u00fcr in Kombination mit dem Leeb Zaunmodell Diritto&lt;\/p&gt;\">\n            <div class=\"img-wrapper\">\n                <figure>\n                    <img loading=\"lazy\" decoding=\"async\" width=\"300\" height=\"200\" src=\"https:\/\/www.leeb-balkone.com\/app\/uploads\/2020\/07\/alu-gehtuer-mit-zaunmodell-diritto-300x200.jpg\" class=\"attachment-medium size-medium\" alt=\"alu gehtuer mit zaunmodell diritto\" srcset=\"https:\/\/www.leeb-balkone.com\/app\/uploads\/2020\/07\/alu-gehtuer-mit-zaunmodell-diritto-300x200.jpg 300w, https:\/\/www.leeb-balkone.com\/app\/uploads\/2020\/07\/alu-gehtuer-mit-zaunmodell-diritto-1024x683.jpg 1024w, https:\/\/www.leeb-balkone.com\/app\/uploads\/2020\/07\/alu-gehtuer-mit-zaunmodell-diritto-768x512.jpg 768w, https:\/\/www.leeb-balkone.com\/app\/uploads\/2020\/07\/alu-gehtuer-mit-zaunmodell-diritto-1536x1024.jpg 1536w, https:\/\/www.leeb-balkone.com\/app\/uploads\/2020\/07\/alu-gehtuer-mit-zaunmodell-diritto-2048x1365.jpg 2048w\" sizes=\"auto, (min-width: 1200px) 260px, (min-width: 1024px) 220px, (min-width: 640px) 465px, 768px\" \/>    \n                <\/figure>\n                        <\/div>\n            <p>Geht\u00fcr in Kombination mit dem Leeb Zaunmodell Diritto<\/p>        <\/div>\n                  <div class=\"lg-item\" data-src=\"https:\/\/www.leeb-balkone.com\/app\/uploads\/2020\/07\/alu-gehtuer-23-scaled.jpg\"\n              data-sub-html=\"&lt;p&gt;Geht\u00fcr mit Postkasten&lt;\/p&gt;\">\n            <div class=\"img-wrapper\">\n                <figure>\n                    <img loading=\"lazy\" decoding=\"async\" width=\"300\" height=\"224\" src=\"https:\/\/www.leeb-balkone.com\/app\/uploads\/2020\/07\/alu-gehtuer-23-300x224.jpg\" class=\"attachment-medium size-medium\" alt=\"alu gehtuer\" srcset=\"https:\/\/www.leeb-balkone.com\/app\/uploads\/2020\/07\/alu-gehtuer-23-300x224.jpg 300w, https:\/\/www.leeb-balkone.com\/app\/uploads\/2020\/07\/alu-gehtuer-23-1024x765.jpg 1024w, https:\/\/www.leeb-balkone.com\/app\/uploads\/2020\/07\/alu-gehtuer-23-768x574.jpg 768w, https:\/\/www.leeb-balkone.com\/app\/uploads\/2020\/07\/alu-gehtuer-23-1536x1147.jpg 1536w, https:\/\/www.leeb-balkone.com\/app\/uploads\/2020\/07\/alu-gehtuer-23-2048x1529.jpg 2048w\" sizes=\"auto, (min-width: 1200px) 260px, (min-width: 1024px) 220px, (min-width: 640px) 465px, 768px\" \/>    \n                <\/figure>\n                        <\/div>\n            <p>Geht\u00fcr mit Postkasten<\/p>        <\/div>\n                  <div class=\"lg-item\" data-src=\"https:\/\/www.leeb-balkone.com\/app\/uploads\/2020\/07\/alu-gehtuer-genf-19-scaled.jpg\"\n              data-sub-html=\"&lt;p&gt;Geht\u00fcr &lt;\/p&gt;\">\n            <div class=\"img-wrapper\">\n                <figure>\n                    <img loading=\"lazy\" decoding=\"async\" width=\"300\" height=\"224\" src=\"https:\/\/www.leeb-balkone.com\/app\/uploads\/2020\/07\/alu-gehtuer-genf-19-300x224.jpg\" class=\"attachment-medium size-medium\" alt=\"alu gehtuer genf\" srcset=\"https:\/\/www.leeb-balkone.com\/app\/uploads\/2020\/07\/alu-gehtuer-genf-19-300x224.jpg 300w, https:\/\/www.leeb-balkone.com\/app\/uploads\/2020\/07\/alu-gehtuer-genf-19-1024x765.jpg 1024w, https:\/\/www.leeb-balkone.com\/app\/uploads\/2020\/07\/alu-gehtuer-genf-19-768x573.jpg 768w, https:\/\/www.leeb-balkone.com\/app\/uploads\/2020\/07\/alu-gehtuer-genf-19-1536x1147.jpg 1536w, https:\/\/www.leeb-balkone.com\/app\/uploads\/2020\/07\/alu-gehtuer-genf-19-2048x1529.jpg 2048w\" sizes=\"auto, (min-width: 1200px) 260px, (min-width: 1024px) 220px, (min-width: 640px) 465px, 768px\" \/>    \n                <\/figure>\n                        <\/div>\n            <p>Geht\u00fcr <\/p>        <\/div>\n                  <div class=\"lg-item\" data-src=\"https:\/\/www.leeb-balkone.com\/app\/uploads\/2020\/07\/alu-gehtuer-hallegg-19-scaled.jpg\"\n              data-sub-html=\"&lt;p&gt;Geht\u00fcr mit Zaunmodell Hallegg&lt;\/p&gt;\">\n            <div class=\"img-wrapper\">\n                <figure>\n                    <img loading=\"lazy\" decoding=\"async\" width=\"300\" height=\"200\" src=\"https:\/\/www.leeb-balkone.com\/app\/uploads\/2020\/07\/alu-gehtuer-hallegg-19-300x200.jpg\" class=\"attachment-medium size-medium\" alt=\"alu gehtuer hallegg\" srcset=\"https:\/\/www.leeb-balkone.com\/app\/uploads\/2020\/07\/alu-gehtuer-hallegg-19-300x200.jpg 300w, https:\/\/www.leeb-balkone.com\/app\/uploads\/2020\/07\/alu-gehtuer-hallegg-19-1024x684.jpg 1024w, https:\/\/www.leeb-balkone.com\/app\/uploads\/2020\/07\/alu-gehtuer-hallegg-19-768x513.jpg 768w, https:\/\/www.leeb-balkone.com\/app\/uploads\/2020\/07\/alu-gehtuer-hallegg-19-1536x1025.jpg 1536w, https:\/\/www.leeb-balkone.com\/app\/uploads\/2020\/07\/alu-gehtuer-hallegg-19-2048x1367.jpg 2048w\" sizes=\"auto, (min-width: 1200px) 260px, (min-width: 1024px) 220px, (min-width: 640px) 465px, 768px\" \/>    \n                <\/figure>\n                        <\/div>\n            <p>Geht\u00fcr mit Zaunmodell Hallegg<\/p>        <\/div>\n                  <div class=\"lg-item\" data-src=\"https:\/\/www.leeb-balkone.com\/app\/uploads\/2022\/10\/zaun-alu-toledo-01-scaled.jpg\"\n              data-sub-html=\"&lt;p&gt;Zaun Toledo mit Geht\u00fcr&lt;\/p&gt;\">\n            <div class=\"img-wrapper\">\n                <figure>\n                    <img loading=\"lazy\" decoding=\"async\" width=\"300\" height=\"174\" src=\"https:\/\/www.leeb-balkone.com\/app\/uploads\/2022\/10\/zaun-alu-toledo-01-300x174.jpg\" class=\"attachment-medium size-medium\" alt=\"zaun alu toledo\" srcset=\"https:\/\/www.leeb-balkone.com\/app\/uploads\/2022\/10\/zaun-alu-toledo-01-300x174.jpg 300w, https:\/\/www.leeb-balkone.com\/app\/uploads\/2022\/10\/zaun-alu-toledo-01-1024x596.jpg 1024w, https:\/\/www.leeb-balkone.com\/app\/uploads\/2022\/10\/zaun-alu-toledo-01-768x447.jpg 768w, https:\/\/www.leeb-balkone.com\/app\/uploads\/2022\/10\/zaun-alu-toledo-01-1536x893.jpg 1536w, https:\/\/www.leeb-balkone.com\/app\/uploads\/2022\/10\/zaun-alu-toledo-01-2048x1191.jpg 2048w\" sizes=\"auto, (min-width: 1200px) 260px, (min-width: 1024px) 220px, (min-width: 640px) 465px, 768px\" \/>    \n                <\/figure>\n                        <\/div>\n            <p>Zaun Toledo mit Geht\u00fcr<\/p>        <\/div>\n                  <div class=\"lg-item\" data-src=\"https:\/\/www.leeb-balkone.com\/app\/uploads\/2021\/10\/zaun-alu-ruven-5-scaled.jpg\"\n              data-sub-html=\"&lt;p&gt;Alu Zaun Ruven - Geht\u00fcr mit Postkastens\u00e4ule&lt;\/p&gt;\">\n            <div class=\"img-wrapper\">\n                <figure>\n                    <img loading=\"lazy\" decoding=\"async\" width=\"300\" height=\"200\" src=\"https:\/\/www.leeb-balkone.com\/app\/uploads\/2021\/10\/zaun-alu-ruven-5-300x200.jpg\" class=\"attachment-medium size-medium\" alt=\"zaun alu ruven\" srcset=\"https:\/\/www.leeb-balkone.com\/app\/uploads\/2021\/10\/zaun-alu-ruven-5-300x200.jpg 300w, https:\/\/www.leeb-balkone.com\/app\/uploads\/2021\/10\/zaun-alu-ruven-5-1024x683.jpg 1024w, https:\/\/www.leeb-balkone.com\/app\/uploads\/2021\/10\/zaun-alu-ruven-5-768x512.jpg 768w, https:\/\/www.leeb-balkone.com\/app\/uploads\/2021\/10\/zaun-alu-ruven-5-1536x1024.jpg 1536w, https:\/\/www.leeb-balkone.com\/app\/uploads\/2021\/10\/zaun-alu-ruven-5-2048x1366.jpg 2048w\" sizes=\"auto, (min-width: 1200px) 260px, (min-width: 1024px) 220px, (min-width: 640px) 465px, 768px\" \/>    \n                <\/figure>\n                        <\/div>\n            <p>Alu Zaun Ruven &#8211; Geht\u00fcr mit Postkastens\u00e4ule<\/p>        <\/div>\n                  <div class=\"lg-item\" data-src=\"https:\/\/www.leeb-balkone.com\/app\/uploads\/2020\/07\/alu-gehtuer-18.jpg\"\n              data-sub-html=\"&lt;p&gt;Geht\u00fcr aus Aluminium und Glas&lt;\/p&gt;\">\n            <div class=\"img-wrapper\">\n                <figure>\n                    <img loading=\"lazy\" decoding=\"async\" width=\"300\" height=\"200\" src=\"https:\/\/www.leeb-balkone.com\/app\/uploads\/2020\/07\/alu-gehtuer-18-300x200.jpg\" class=\"attachment-medium size-medium\" alt=\"Geht\u00fcre im Aluzaun mit Modell Ambito\" srcset=\"https:\/\/www.leeb-balkone.com\/app\/uploads\/2020\/07\/alu-gehtuer-18-300x200.jpg 300w, https:\/\/www.leeb-balkone.com\/app\/uploads\/2020\/07\/alu-gehtuer-18-1024x683.jpg 1024w, https:\/\/www.leeb-balkone.com\/app\/uploads\/2020\/07\/alu-gehtuer-18-768x512.jpg 768w, https:\/\/www.leeb-balkone.com\/app\/uploads\/2020\/07\/alu-gehtuer-18-1536x1025.jpg 1536w, https:\/\/www.leeb-balkone.com\/app\/uploads\/2020\/07\/alu-gehtuer-18-2048x1366.jpg 2048w\" sizes=\"auto, (min-width: 1200px) 260px, (min-width: 1024px) 220px, (min-width: 640px) 465px, 768px\" \/>    \n                <\/figure>\n                        <\/div>\n            <p>Geht\u00fcr aus Aluminium und Glas<\/p>        <\/div>\n                <\/div>\n\n              <div class=\"lg-load-more-wrapper\">\n            <div class=\"lg-load-more wp-block-button is-style-filled-secondary\">\n                <a href=\"#\" class=\"wp-block-button__link wp-element-button\" role=\"button\">\n                    Nalo\u017ei ve\u010d                <\/a>\n            <\/div>\n        <\/div>\n          <\/div>\n    <\/section>\n\n\n\n<section class=\"wp-block-group alignfull has-white-background-color has-background has-global-padding is-layout-constrained wp-container-core-group-is-layout-9fa1424c wp-block-group-is-layout-constrained\" style=\"padding-top:0\">\n<div class=\"wp-block-columns is-style-offset m-split is-layout-flex wp-container-core-columns-is-layout-28f84493 wp-block-columns-is-layout-flex\">\n<div class=\"wp-block-column is-layout-flow wp-block-column-is-layout-flow\"><div class=\"vp-map-wrapper vp-map-ratio-19-1\"><img decoding=\"async\" width=\"1440\" height=\"884\" src=\"https:\/\/www.leeb-balkone.com\/app\/uploads\/2026\/04\/map-sl.jpg\" class=\"attachment-full size-full\" alt=\"map-sl\" style=\"width:100%;height:100%;object-fit:cover;display:block;\" loading=\"lazy\" srcset=\"https:\/\/www.leeb-balkone.com\/app\/uploads\/2026\/04\/map-sl.jpg 1440w, https:\/\/www.leeb-balkone.com\/app\/uploads\/2026\/04\/map-sl-300x184.jpg 300w, https:\/\/www.leeb-balkone.com\/app\/uploads\/2026\/04\/map-sl-1024x629.jpg 1024w, https:\/\/www.leeb-balkone.com\/app\/uploads\/2026\/04\/map-sl-768x471.jpg 768w\" sizes=\"auto, (min-width: 1536px) 2048px, (min-width: 992px) 1536px, (min-width: 768px) 1024px, (min-width: 576px) 768px, 100vw\" \/><\/div>\n<\/div>\n\n\n\n<div class=\"wp-block-column is-vertically-aligned-center is-style-overlay-content is-layout-flow wp-block-column-is-layout-flow\">\n<div class=\"wp-block-group is-vertical is-layout-flex wp-container-core-group-is-layout-bd7877ba wp-block-group-is-layout-flex\">\n<h2 class=\"wp-block-heading has-step-2-font-size\">Posredniki v Sloveniji<\/h2>\n\n\n\n<p>Kompetentni LEEB partnerji v va\u0161i regiji. Osebno svetovanje, natan\u010dno na\u010drtovanje in strokovna monta\u017ea.<\/p>\n\n\n\n<div class=\"wp-block-buttons is-layout-flex wp-block-buttons-is-layout-flex\" style=\"margin-top:var(--wp--preset--spacing--2-xs)\">\n<div class=\"wp-block-button is-style-cta\"><a class=\"wp-block-button__link has-transparent-background-color has-background wp-element-button\" href=\"https:\/\/www.leeb-balkone.com\/sl\/distribucijski-partnerji\/\">Poi\u0161\u010dite prodajnega partnerja<span class=\"sr-only\"> Distribucijski partner Leeb Balkone Slovenija<\/span><\/a><\/div>\n<\/div>\n<\/div>\n<\/div>\n<\/div>\n<\/section>\n\n\n\n<section class=\"wp-block-group alignfull has-light-gray-background-color has-background has-global-padding is-layout-constrained wp-container-core-group-is-layout-52f96efc wp-block-group-is-layout-constrained\" id=\"beratungstermin\">\n<div class=\"wp-block-group m-teaser o-grid u-md-1 is-layout-flow wp-block-group-is-layout-flow\">\n<div class=\"wp-block-group u-g-7 u-g-s-2 is-layout-flow wp-block-group-is-layout-flow\" style=\"margin-bottom:var(--wp--preset--spacing--s)\">\n<h2 class=\"wp-block-heading\">Stopite v stik z nami<\/h2>\n\n\n\n<p><strong><strong>Na\u010drtujete projekt ali imate vpra\u0161anja o nas in na\u0161ih re\u0161itvah? Pi\u0161ite nam: z veseljem bomo odgovorili na va\u0161a vpra\u0161anja!<\/strong><\/strong><\/p>\n<\/div>\n<\/div>\n\n\n\n<div class=\"wp-block-group m-teaser o-grid u-md-1 is-layout-flow wp-block-group-is-layout-flow\">\n<div class=\"wp-block-group u-g-7 u-g-s-2 is-layout-flow wp-block-group-is-layout-flow\" style=\"margin-bottom:var(--wp--preset--spacing--s)\"><form action=\"https:\/\/www.leeb-balkone.com\/sl\/wp-json\/ws-form\/v1\/submit\" class=\"wsf-form wsf-form-canvas\" id=\"ws-form-1\" data-id=\"11\" data-instance-id=\"1\" method=\"POST\"><\/form>\n<\/div>\n\n\n\n<div class=\"wp-block-group u-g-3 u-g-s-9 is-layout-flow wp-block-group-is-layout-flow\"><div class=\"t3-sidebar-buttons wp-block-buttons is-layout-flex wp-block-buttons-is-layout-flex\"><div class=\"wp-block-button is-style-fill icon-book icon-left\">\n                        <a class=\"wp-block-button__link has-secondary-color has-white-background-color has-text-color has-background has-link-color wp-element-button\" href=\"https:\/\/www.leeb-balkone.com\/sl\/kontakt\/zahtevajte-katalog\/\" style=\"box-shadow:var(--wp--preset--shadow--box-shadow)\">Zahtevajte katalog<\/a>\n                    <\/div><\/div>\n<\/div>\n<\/div>\n<\/section>\n","protected":false},"excerpt":{"rendered":"","protected":false},"author":1,"featured_media":16141,"parent":163781,"menu_order":7,"comment_status":"closed","ping_status":"closed","template":"template-onepager.blade.php","meta":{"_acf_changed":false,"footnotes":"","_sage_theme_css":true,"_wp_block_core_css":true},"folder":[246],"class_list":["post-155012","page","type-page","status-publish","has-post-thumbnail","hentry"],"acf":[],"yoast_head":"<!-- This site is optimized with the Yoast SEO plugin v27.2 - https:\/\/yoast.com\/product\/yoast-seo-wordpress\/ -->\n<title>Aluminijasta ograjna vrata &quot; Ograjna vrata - % Leeb Balkone % Slovenija<\/title>\n<meta name=\"description\" content=\"LEEB ograjna vrata \u2713 Najbolj\u0161a kakovost od leta 1920 \u2713 LEEB ograjna vrata - stabilna, brez vzdr\u017eevanja, trajna *** LEEB je vodilni proizvajalec balkonov v Evropi\" \/>\n<meta name=\"robots\" content=\"index, follow, max-snippet:-1, max-image-preview:large, max-video-preview:-1\" \/>\n<meta property=\"og:locale\" content=\"sl_SI\" \/>\n<meta property=\"og:type\" content=\"article\" \/>\n<meta property=\"og:title\" content=\"Aluminijasta ograjna vrata &quot; Ograjna vrata - % Leeb Balkone %\" \/>\n<meta property=\"og:description\" content=\"LEEB ograjna vrata \u2713 Najbolj\u0161a kakovost od leta 1920 \u2713 LEEB ograjna vrata - stabilna, brez vzdr\u017eevanja, trajna *** LEEB je vodilni proizvajalec balkonov v Evropi\" \/>\n<meta property=\"og:url\" content=\"https:\/\/www.leeb-balkone.com\/sl\/ograje\/ograjna-vrata\/\" \/>\n<meta property=\"og:site_name\" content=\"Leeb Balkone\" \/>\n<meta property=\"article:publisher\" content=\"https:\/\/www.facebook.com\/balkone\/\" \/>\n<meta property=\"article:modified_time\" content=\"2025-09-16T07:06:03+00:00\" \/>\n<meta property=\"og:image\" content=\"https:\/\/www.leeb-balkone.com\/app\/uploads\/2020\/09\/alu-schiebetor-18-scaled.jpg\" \/>\n\t<meta property=\"og:image:width\" content=\"2560\" \/>\n\t<meta property=\"og:image:height\" content=\"1732\" \/>\n\t<meta property=\"og:image:type\" content=\"image\/jpeg\" \/>\n<meta name=\"twitter:card\" content=\"summary_large_image\" \/>\n<script type=\"application\/ld+json\" class=\"yoast-schema-graph\">{\"@context\":\"https:\/\/schema.org\",\"@graph\":[{\"@type\":\"WebPage\",\"@id\":\"https:\/\/www.leeb-balkone.com\/sl\/ograje\/ograjna-vrata\/\",\"url\":\"https:\/\/www.leeb-balkone.com\/sl\/ograje\/ograjna-vrata\/\",\"name\":\"Aluminijasta ograjna vrata \\\" Ograjna vrata - % Leeb Balkone %\",\"isPartOf\":{\"@id\":\"https:\/\/www.leeb-balkone.com\/sl\/#website\"},\"primaryImageOfPage\":{\"@id\":\"https:\/\/www.leeb-balkone.com\/sl\/ograje\/ograjna-vrata\/#primaryimage\"},\"image\":{\"@id\":\"https:\/\/www.leeb-balkone.com\/sl\/ograje\/ograjna-vrata\/#primaryimage\"},\"thumbnailUrl\":\"https:\/\/www.leeb-balkone.com\/app\/uploads\/2020\/09\/alu-schiebetor-18-scaled.jpg\",\"datePublished\":\"2025-09-14T17:49:38+00:00\",\"dateModified\":\"2025-09-16T07:06:03+00:00\",\"description\":\"LEEB ograjna vrata \u2713 Najbolj\u0161a kakovost od leta 1920 \u2713 LEEB ograjna vrata - stabilna, brez vzdr\u017eevanja, trajna *** LEEB je vodilni proizvajalec balkonov v Evropi\",\"breadcrumb\":{\"@id\":\"https:\/\/www.leeb-balkone.com\/sl\/ograje\/ograjna-vrata\/#breadcrumb\"},\"inLanguage\":\"sl-SI\",\"potentialAction\":[{\"@type\":\"ReadAction\",\"target\":[\"https:\/\/www.leeb-balkone.com\/sl\/ograje\/ograjna-vrata\/\"]}]},{\"@type\":\"ImageObject\",\"inLanguage\":\"sl-SI\",\"@id\":\"https:\/\/www.leeb-balkone.com\/sl\/ograje\/ograjna-vrata\/#primaryimage\",\"url\":\"https:\/\/www.leeb-balkone.com\/app\/uploads\/2020\/09\/alu-schiebetor-18-scaled.jpg\",\"contentUrl\":\"https:\/\/www.leeb-balkone.com\/app\/uploads\/2020\/09\/alu-schiebetor-18-scaled.jpg\",\"width\":2560,\"height\":1732},{\"@type\":\"BreadcrumbList\",\"@id\":\"https:\/\/www.leeb-balkone.com\/sl\/ograje\/ograjna-vrata\/#breadcrumb\",\"itemListElement\":[{\"@type\":\"ListItem\",\"position\":1,\"name\":\"Home\",\"item\":\"https:\/\/www.leeb-balkone.com\/sl\/\"},{\"@type\":\"ListItem\",\"position\":2,\"name\":\"Ograje\",\"item\":\"https:\/\/www.leeb-balkone.com\/sl\/ograje\/\"},{\"@type\":\"ListItem\",\"position\":3,\"name\":\"Ograjna vrata\"}]},{\"@type\":\"WebSite\",\"@id\":\"https:\/\/www.leeb-balkone.com\/sl\/#website\",\"url\":\"https:\/\/www.leeb-balkone.com\/sl\/\",\"name\":\"Leeb Balkone\",\"description\":\"Balkone und Z\u00e4une\",\"publisher\":{\"@id\":\"https:\/\/www.leeb-balkone.com\/sl\/#organization\"},\"potentialAction\":[{\"@type\":\"SearchAction\",\"target\":{\"@type\":\"EntryPoint\",\"urlTemplate\":\"https:\/\/www.leeb-balkone.com\/sl\/?s={search_term_string}\"},\"query-input\":{\"@type\":\"PropertyValueSpecification\",\"valueRequired\":true,\"valueName\":\"search_term_string\"}}],\"inLanguage\":\"sl-SI\"},{\"@type\":\"Organization\",\"@id\":\"https:\/\/www.leeb-balkone.com\/sl\/#organization\",\"name\":\"Leeb Balkone Gmbh\",\"url\":\"https:\/\/www.leeb-balkone.com\/sl\/\",\"logo\":{\"@type\":\"ImageObject\",\"inLanguage\":\"sl-SI\",\"@id\":\"https:\/\/www.leeb-balkone.com\/sl\/#\/schema\/logo\/image\/\",\"url\":\"https:\/\/www.leeb-balkone.com\/app\/uploads\/2020\/11\/leeb-logo.svg\",\"contentUrl\":\"https:\/\/www.leeb-balkone.com\/app\/uploads\/2020\/11\/leeb-logo.svg\",\"width\":741,\"height\":204,\"caption\":\"Leeb Balkone Gmbh\"},\"image\":{\"@id\":\"https:\/\/www.leeb-balkone.com\/sl\/#\/schema\/logo\/image\/\"},\"sameAs\":[\"https:\/\/www.facebook.com\/balkone\/\",\"https:\/\/www.trustedshops.at\/bewertung\/info_X4587CCF5833E31AFE0B11F47D86999F2.html\",\"https:\/\/www.trustedshops.de\/bewertung\/info_X7BA536A7A0BDC86D36C4718E4DCAEEEF.html\",\"https:\/\/www.google.com\/maps\/place\/?q=place_id:ChIJ5-zH19-IcEcR9HonWRTllHI\"]}]}<\/script>\n<!-- \/ Yoast SEO plugin. -->","yoast_head_json":{"title":"Aluminijasta ograjna vrata \" Ograjna vrata - % Leeb Balkone % Slovenija","description":"LEEB ograjna vrata \u2713 Najbolj\u0161a kakovost od leta 1920 \u2713 LEEB ograjna vrata - stabilna, brez vzdr\u017eevanja, trajna *** LEEB je vodilni proizvajalec balkonov v Evropi","robots":{"index":"index","follow":"follow","max-snippet":"max-snippet:-1","max-image-preview":"max-image-preview:large","max-video-preview":"max-video-preview:-1"},"og_locale":"sl_SI","og_type":"article","og_title":"Aluminijasta ograjna vrata \" Ograjna vrata - % Leeb Balkone %","og_description":"LEEB ograjna vrata \u2713 Najbolj\u0161a kakovost od leta 1920 \u2713 LEEB ograjna vrata - stabilna, brez vzdr\u017eevanja, trajna *** LEEB je vodilni proizvajalec balkonov v Evropi","og_url":"https:\/\/www.leeb-balkone.com\/sl\/ograje\/ograjna-vrata\/","og_site_name":"Leeb Balkone","article_publisher":"https:\/\/www.facebook.com\/balkone\/","article_modified_time":"2025-09-16T07:06:03+00:00","og_image":[{"width":2560,"height":1732,"url":"https:\/\/www.leeb-balkone.com\/app\/uploads\/2020\/09\/alu-schiebetor-18-scaled.jpg","type":"image\/jpeg"}],"twitter_card":"summary_large_image","schema":{"@context":"https:\/\/schema.org","@graph":[{"@type":"WebPage","@id":"https:\/\/www.leeb-balkone.com\/sl\/ograje\/ograjna-vrata\/","url":"https:\/\/www.leeb-balkone.com\/sl\/ograje\/ograjna-vrata\/","name":"Aluminijasta ograjna vrata \" Ograjna vrata - % Leeb Balkone %","isPartOf":{"@id":"https:\/\/www.leeb-balkone.com\/sl\/#website"},"primaryImageOfPage":{"@id":"https:\/\/www.leeb-balkone.com\/sl\/ograje\/ograjna-vrata\/#primaryimage"},"image":{"@id":"https:\/\/www.leeb-balkone.com\/sl\/ograje\/ograjna-vrata\/#primaryimage"},"thumbnailUrl":"https:\/\/www.leeb-balkone.com\/app\/uploads\/2020\/09\/alu-schiebetor-18-scaled.jpg","datePublished":"2025-09-14T17:49:38+00:00","dateModified":"2025-09-16T07:06:03+00:00","description":"LEEB ograjna vrata \u2713 Najbolj\u0161a kakovost od leta 1920 \u2713 LEEB ograjna vrata - stabilna, brez vzdr\u017eevanja, trajna *** LEEB je vodilni proizvajalec balkonov v Evropi","breadcrumb":{"@id":"https:\/\/www.leeb-balkone.com\/sl\/ograje\/ograjna-vrata\/#breadcrumb"},"inLanguage":"sl-SI","potentialAction":[{"@type":"ReadAction","target":["https:\/\/www.leeb-balkone.com\/sl\/ograje\/ograjna-vrata\/"]}]},{"@type":"ImageObject","inLanguage":"sl-SI","@id":"https:\/\/www.leeb-balkone.com\/sl\/ograje\/ograjna-vrata\/#primaryimage","url":"https:\/\/www.leeb-balkone.com\/app\/uploads\/2020\/09\/alu-schiebetor-18-scaled.jpg","contentUrl":"https:\/\/www.leeb-balkone.com\/app\/uploads\/2020\/09\/alu-schiebetor-18-scaled.jpg","width":2560,"height":1732},{"@type":"BreadcrumbList","@id":"https:\/\/www.leeb-balkone.com\/sl\/ograje\/ograjna-vrata\/#breadcrumb","itemListElement":[{"@type":"ListItem","position":1,"name":"Home","item":"https:\/\/www.leeb-balkone.com\/sl\/"},{"@type":"ListItem","position":2,"name":"Ograje","item":"https:\/\/www.leeb-balkone.com\/sl\/ograje\/"},{"@type":"ListItem","position":3,"name":"Ograjna vrata"}]},{"@type":"WebSite","@id":"https:\/\/www.leeb-balkone.com\/sl\/#website","url":"https:\/\/www.leeb-balkone.com\/sl\/","name":"Leeb Balkone","description":"Balkone und Z\u00e4une","publisher":{"@id":"https:\/\/www.leeb-balkone.com\/sl\/#organization"},"potentialAction":[{"@type":"SearchAction","target":{"@type":"EntryPoint","urlTemplate":"https:\/\/www.leeb-balkone.com\/sl\/?s={search_term_string}"},"query-input":{"@type":"PropertyValueSpecification","valueRequired":true,"valueName":"search_term_string"}}],"inLanguage":"sl-SI"},{"@type":"Organization","@id":"https:\/\/www.leeb-balkone.com\/sl\/#organization","name":"Leeb Balkone Gmbh","url":"https:\/\/www.leeb-balkone.com\/sl\/","logo":{"@type":"ImageObject","inLanguage":"sl-SI","@id":"https:\/\/www.leeb-balkone.com\/sl\/#\/schema\/logo\/image\/","url":"https:\/\/www.leeb-balkone.com\/app\/uploads\/2020\/11\/leeb-logo.svg","contentUrl":"https:\/\/www.leeb-balkone.com\/app\/uploads\/2020\/11\/leeb-logo.svg","width":741,"height":204,"caption":"Leeb Balkone Gmbh"},"image":{"@id":"https:\/\/www.leeb-balkone.com\/sl\/#\/schema\/logo\/image\/"},"sameAs":["https:\/\/www.facebook.com\/balkone\/","https:\/\/www.trustedshops.at\/bewertung\/info_X4587CCF5833E31AFE0B11F47D86999F2.html","https:\/\/www.trustedshops.de\/bewertung\/info_X7BA536A7A0BDC86D36C4718E4DCAEEEF.html","https:\/\/www.google.com\/maps\/place\/?q=place_id:ChIJ5-zH19-IcEcR9HonWRTllHI"]}]}},"_links":{"self":[{"href":"https:\/\/www.leeb-balkone.com\/sl\/wp-json\/wp\/v2\/pages\/155012","targetHints":{"allow":["GET"]}}],"collection":[{"href":"https:\/\/www.leeb-balkone.com\/sl\/wp-json\/wp\/v2\/pages"}],"about":[{"href":"https:\/\/www.leeb-balkone.com\/sl\/wp-json\/wp\/v2\/types\/page"}],"author":[{"embeddable":true,"href":"https:\/\/www.leeb-balkone.com\/sl\/wp-json\/wp\/v2\/users\/1"}],"replies":[{"embeddable":true,"href":"https:\/\/www.leeb-balkone.com\/sl\/wp-json\/wp\/v2\/comments?post=155012"}],"version-history":[{"count":5,"href":"https:\/\/www.leeb-balkone.com\/sl\/wp-json\/wp\/v2\/pages\/155012\/revisions"}],"predecessor-version":[{"id":155020,"href":"https:\/\/www.leeb-balkone.com\/sl\/wp-json\/wp\/v2\/pages\/155012\/revisions\/155020"}],"up":[{"embeddable":true,"href":"https:\/\/www.leeb-balkone.com\/sl\/wp-json\/wp\/v2\/pages\/163781"}],"wp:featuredmedia":[{"embeddable":true,"href":"https:\/\/www.leeb-balkone.com\/sl\/wp-json\/wp\/v2\/media\/16141"}],"wp:attachment":[{"href":"https:\/\/www.leeb-balkone.com\/sl\/wp-json\/wp\/v2\/media?parent=155012"}],"wp:term":[{"taxonomy":"folder","embeddable":true,"href":"https:\/\/www.leeb-balkone.com\/sl\/wp-json\/wp\/v2\/folder?post=155012"}],"curies":[{"name":"wp","href":"https:\/\/api.w.org\/{rel}","templated":true}]}}