{"id":154991,"date":"2025-09-14T13:22:35","date_gmt":"2025-09-14T13:22:35","guid":{"rendered":"https:\/\/www.leeb-balkone.com\/de\/produkti\/atrij\/"},"modified":"2026-01-27T14:29:53","modified_gmt":"2026-01-27T14:29:53","slug":"atrium","status":"publish","type":"page","link":"https:\/\/www.leeb-balkone.com\/sl\/nadstresni-sistemi\/atrium\/","title":{"rendered":"Atrij"},"content":{"rendered":"\n<section class=\"wp-block-group alignfull t3-header t3-header-splitscreen t3-splitscreen-shadow h-zi-20 has-light-gray-background-color has-background has-global-padding is-layout-constrained wp-container-core-group-is-layout-f1ad4950 wp-block-group-is-layout-constrained\" style=\"padding-top:0;padding-bottom:0\">\n<div class=\"wp-block-columns h-flx-a-s m-split is-layout-flex wp-container-core-columns-is-layout-28f84493 wp-block-columns-is-layout-flex\">\n<div class=\"wp-block-column is-vertically-aligned-top h-flx-a-s m-split-col-content is-layout-flow wp-block-column-is-layout-flow\"><div class=\"yoast-breadcrumbs\"><span><span><a href=\"https:\/\/www.leeb-balkone.com\/sl\/\">Home<\/a><\/span> \/ <span><a href=\"https:\/\/www.leeb-balkone.com\/sl\/nadstresni-sistemi\/\">Nadstre\u0161ki in poletni vrtovi<\/a><\/span> \/ <span class=\"breadcrumb_last\" aria-current=\"page\">Atrij<\/span><\/span><\/div>\n\n<h1 class=\"wp-block-post-title\">Atrij<\/h1>\n\n\n<p class=\"has-step-0-font-size\" style=\"margin-bottom:0\">Streha atrija je sodobno oblikovana, prosto stoje\u010da, v razli\u010dici s steklenimi elementi pa jo je mogo\u010de uporabiti kot popolnoma prostostoje\u010d letni vrt. Trpe\u017ena in vremensko odporna, preverjene kakovosti Leeb.<\/p>\n\n\n\n<div class=\"wp-block-buttons is-layout-flex wp-block-buttons-is-layout-flex\" style=\"margin-top:var(--wp--preset--spacing--l)\">\n<div class=\"wp-block-button is-style-cta icon-book icon-left\"><a class=\"wp-block-button__link wp-element-button\" href=\"https:\/\/www.leeb-balkone.com\/sl\/kontakt\/zahtevajte-katalog\/\">Zahtevajte katalog<\/a><\/div>\n\n\n\n<div class=\"wp-block-button is-style-cta icon-vp icon-left\"><a class=\"wp-block-button__link wp-element-button\" href=\"https:\/\/www.leeb-balkone.com\/sl\/distribucijski-partnerji\/\">Poi\u0161\u010dite kontaktno osebo<span class=\"sr-only\"> Slovenija<\/span><\/a><\/div>\n<\/div>\n<\/div>\n\n\n\n<div class=\"wp-block-column is-vertically-aligned-stretch h-hide-md-down is-style-image-cover is-layout-flow wp-block-column-is-layout-flow\">\n<figure class=\"wp-block-image size-large\"><img loading=\"lazy\" decoding=\"async\" width=\"1024\" height=\"705\" src=\"https:\/\/www.leeb-balkone.com\/app\/uploads\/2020\/07\/glas-alu-atrium-ueberdachung-7-1024x705.jpg\" alt=\"Prosto stoje\u010da razli\u010dica stre\u0161ne kritine - Atrium podjetja Leeb\" class=\"wp-image-138944\" srcset=\"https:\/\/www.leeb-balkone.com\/app\/uploads\/2020\/07\/glas-alu-atrium-ueberdachung-7-1024x705.jpg 1024w, https:\/\/www.leeb-balkone.com\/app\/uploads\/2020\/07\/glas-alu-atrium-ueberdachung-7-300x206.jpg 300w, https:\/\/www.leeb-balkone.com\/app\/uploads\/2020\/07\/glas-alu-atrium-ueberdachung-7-768x529.jpg 768w, https:\/\/www.leeb-balkone.com\/app\/uploads\/2020\/07\/glas-alu-atrium-ueberdachung-7-1536x1057.jpg 1536w, https:\/\/www.leeb-balkone.com\/app\/uploads\/2020\/07\/glas-alu-atrium-ueberdachung-7-2048x1409.jpg 2048w\" sizes=\"auto, (max-width: 1024px) 100vw, 1024px\" \/><\/figure>\n<\/div>\n<\/div>\n<\/section>\n\n\n\n<section class=\"wp-block-group alignfull has-white-background-color has-background has-global-padding is-layout-constrained wp-container-core-group-is-layout-52f96efc wp-block-group-is-layout-constrained\" id=\"modelle\">\n<div class=\"wp-block-group m-teaser o-grid u-md-1 is-layout-flow wp-block-group-is-layout-flow\">\n<div class=\"wp-block-group u-g-9 u-g-s-2 is-layout-flow wp-block-group-is-layout-flow\" style=\"margin-bottom:var(--wp--preset--spacing--s)\">\n<p class=\"has-text-align-left\"><strong>&#8220;<strong><em>Kro\u0161nja atrija ustvarja prostor, kjer se po\u010dutite povezani z naravo in hkrati za\u0161\u010diteni.&#8221;<\/em><\/strong>&#8220;<\/strong><\/p>\n<\/div>\n<\/div>\n\n\n\n<div class=\"wp-block-columns is-layout-flex wp-container-core-columns-is-layout-28f84493 wp-block-columns-is-layout-flex\">\n<div class=\"wp-block-column is-layout-flow wp-block-column-is-layout-flow\" style=\"flex-basis:66.66%\"><div class=\"tgs-gallery\" data-tablet-slides=\"4\" data-desktop-slides=\"5\"><div class=\"t3-tgs swiper mainSlider\">\n                <div class=\"has-icon icon-enlarge\"><\/div>\n                <div class=\"swiper-wrapper lg-swiper\"><div class=\"swiper-slide\"><a href=\"https:\/\/www.leeb-balkone.com\/app\/uploads\/2020\/07\/glas-alu-atrium-ueberdachung-9-scaled.jpg\"><img decoding=\"async\" src=\"https:\/\/www.leeb-balkone.com\/app\/uploads\/2020\/07\/glas-alu-atrium-ueberdachung-9-scaled.jpg\" alt=\"glas alu atrium ueberdachung\"><\/a><div class=\"tgs-desc\">Prostostoje\u010da nadstre\u0161nica iz pti\u010dje perspektive s stekleno streho \u2013 Leeb Atrium<\/div><\/div><div class=\"swiper-slide\"><a href=\"https:\/\/www.leeb-balkone.com\/app\/uploads\/2020\/07\/glas-alu-atrium-ueberdachung-4-scaled.jpg\"><img decoding=\"async\" src=\"https:\/\/www.leeb-balkone.com\/app\/uploads\/2020\/07\/glas-alu-atrium-ueberdachung-4-scaled.jpg\" alt=\"glas alu atrium ueberdachung\"><\/a><div class=\"tgs-desc\">Atrij s steklenimi drsnimi elementi \u2013 Leeb Nadstre\u0161nice<\/div><\/div><div class=\"swiper-slide\"><a href=\"https:\/\/www.leeb-balkone.com\/app\/uploads\/2020\/07\/glas-alu-atrium-ueberdachung-8-scaled.jpg\"><img decoding=\"async\" src=\"https:\/\/www.leeb-balkone.com\/app\/uploads\/2020\/07\/glas-alu-atrium-ueberdachung-8-scaled.jpg\" alt=\"glas alu atrium ueberdachung\"><\/a><div class=\"tgs-desc\">Prostostoje\u010di atrij (poletni vrt z okroglo stekleno streho) \u2013 Leeb Nadstre\u0161ni sistemi<\/div><\/div><\/div><div class=\"mainSliderPrev\"><\/div><div class=\"mainSliderNext\"><\/div><div class=\"main_slider_dots\"><\/div><\/div><div class=\"swiper thumbSlider\"><div class=\"swiper-wrapper wp-block-t3-carousel-wrapper\"><div class=\"swiper-slide\"><img decoding=\"async\" src=\"https:\/\/www.leeb-balkone.com\/app\/uploads\/2020\/07\/glas-alu-atrium-ueberdachung-9-1024x692.jpg\" alt=\"glas alu atrium ueberdachung\" \/><\/div><div class=\"swiper-slide\"><img decoding=\"async\" src=\"https:\/\/www.leeb-balkone.com\/app\/uploads\/2020\/07\/glas-alu-atrium-ueberdachung-4-1024x683.jpg\" alt=\"glas alu atrium ueberdachung\" \/><\/div><div class=\"swiper-slide\"><img decoding=\"async\" src=\"https:\/\/www.leeb-balkone.com\/app\/uploads\/2020\/07\/glas-alu-atrium-ueberdachung-8-1024x672.jpg\" alt=\"glas alu atrium ueberdachung\" \/><\/div><\/div><div class=\"thumbSliderPrev swiper-button-prev\"><\/div><div class=\"thumbSliderNext swiper-button-next\"><\/div><\/div><\/div><\/div>\n\n\n\n<div class=\"wp-block-column is-layout-flow wp-block-column-is-layout-flow\" style=\"flex-basis:33.33%\">\n<h2 class=\"wp-block-heading has-step-2-font-size\">Prostostoje\u010da nadstre\u0161nica z mo\u017enostmi<\/h2>\n\n\n\n<p>Atrijski nadstre\u0161ek Leeb zdru\u017euje sodobno, samostojno oblikovanje in vsestransko funkcionalnost. Inovativni sistem ni le harmoni\u010den dodatek k va\u0161i terasi in vrtu, temve\u010d s steklenimi elementi va\u0161 zunanji prostor spremeni v popolnoma samostojen poletni vrt &#8211; preplavljen s svetlobo, odprt in optimalno za\u0161\u010diten pred muhami letnih \u010dasov.<\/p>\n\n\n\n<ul class=\"wp-block-list is-style-checkmark-2\">\n<li>Prostostoje\u010da streha na terasi<\/li>\n\n\n\n<li>Lahko se raz\u0161iri v poletni vrt<\/li>\n\n\n\n<li>Z vsemi prednostmi Leeb<\/li>\n<\/ul>\n<\/div>\n<\/div>\n\n\n\n<div class=\"wp-block-group m-teaser o-grid u-md-1 is-layout-flow wp-block-group-is-layout-flow\" style=\"margin-top:0;padding-top:var(--wp--preset--spacing--xl-2-xl)\">\n<div class=\"wp-block-group u-g-10 u-g-s-2 is-layout-flow wp-block-group-is-layout-flow\" style=\"margin-top:0;margin-bottom:var(--wp--preset--spacing--s)\"><div class=\"wp-block-t3-tabs t3-tabs t3-tabs--centered t3-tabs--use-headings t3-tabs--heading-h3\" data-uniqueid=\"tabs-8f57f258\" data-use-headings=\"true\" data-heading-level=\"h3\"><ul class=\"t3-tabs__list\" role=\"tablist\"><li role=\"presentation\"><button role=\"tab\" id=\"tabs-8f57f258-tab-0\" aria-controls=\"tabs-8f57f258-panel-0\" class=\"t3-tabs__tab-button t3-tabs__tab-button--heading t3-tabs__tab-button--active\" aria-selected=\"true\" tabindex=\"0\"><div class=\"t3-tabs__tab-button-inner\"><span class=\"t3-tabs__tab-title\">Struktura in opis<\/span><\/div><\/button><\/li><li role=\"presentation\"><button role=\"tab\" id=\"tabs-8f57f258-tab-1\" aria-controls=\"tabs-8f57f258-panel-1\" class=\"t3-tabs__tab-button t3-tabs__tab-button--heading\" aria-selected=\"false\" tabindex=\"-1\"><div class=\"t3-tabs__tab-button-inner\"><span class=\"t3-tabs__tab-title\">Oprema in mo\u017enosti<\/span><\/div><\/button><\/li><li role=\"presentation\"><button role=\"tab\" id=\"tabs-8f57f258-tab-2\" aria-controls=\"tabs-8f57f258-panel-2\" class=\"t3-tabs__tab-button t3-tabs__tab-button--heading\" aria-selected=\"false\" tabindex=\"-1\"><div class=\"t3-tabs__tab-button-inner\"><span class=\"t3-tabs__tab-title\">Varnost in kakovost<\/span><\/div><\/button><\/li><\/ul><div class=\"t3-tabs__panels\"><div class=\"t3-tab__content t3-tabs__panel\" role=\"tabpanel\" id=\"tabs-8f57f258-panel-0\" aria-labelledby=\"tabs-8f57f258-tab-0\"><h3 class=\"sr-only\">Struktura in opis<\/h3>\n<p>Prostostoje\u010di atrij iz podjetja Leeb je sodobna pa\u0161a za o\u010di na vsakem vrtu in ponuja \u0161iroko paleto mo\u017enosti uporabe &#8211; od odprtega paviljona do letnega vrta.<\/p>\n\n\n\n<ul class=\"wp-block-list\">\n<li>Prostostoje\u010da aluminijasta konstrukcija<\/li>\n\n\n\n<li>Odprte ali delno zastekljene stranice<\/li>\n\n\n\n<li>Lahko se postavi posami\u010dno na vrtu ali terasi<\/li>\n\n\n\n<li>Sodobna zasnova, razli\u010dne velikosti mora zagotoviti stranka<\/li>\n<\/ul>\n<\/div><div class=\"t3-tab__content t3-tabs__panel\" role=\"tabpanel\" id=\"tabs-8f57f258-panel-1\" aria-labelledby=\"tabs-8f57f258-tab-1\"><h3 class=\"sr-only\">Oprema in mo\u017enosti<\/h3>\n<p>V atriju so na voljo \u0161tevilne mo\u017enosti oblikovanja in dodatnega udobja.<\/p>\n\n\n\n<ul class=\"wp-block-list\">\n<li>Izbira vrst in debelin stekla<\/li>\n\n\n\n<li>Vgrajena osvetlitev LED in markize<\/li>\n\n\n\n<li>Razli\u010dne barvne in oblikovne razli\u010dice profilov<\/li>\n\n\n\n<li>Lahko se raz\u0161iri z drsnimi elementi ali za\u0161\u010dito pred vetrom<\/li>\n<\/ul>\n<\/div><div class=\"t3-tab__content t3-tabs__panel\" role=\"tabpanel\" id=\"tabs-8f57f258-panel-2\" aria-labelledby=\"tabs-8f57f258-tab-2\"><h3 class=\"sr-only\">Varnost in kakovost<\/h3>\n<p>Leeb Atrium navdu\u0161uje s preizku\u0161eno varnostjo, vzdr\u017eljivostjo in prvovrstno izdelavo.<\/p>\n\n\n\n<ul class=\"wp-block-list\">\n<li>Visokokakovostno varnostno steklo VSG<\/li>\n\n\n\n<li>Aluminijasti profili s pra\u0161nim premazom ALU COMFORT PLUS\u00ae<\/li>\n\n\n\n<li>Konstrukcija, zasnovana za visoke obremenitve zaradi vetra in snega<\/li>\n\n\n\n<li>Natan\u010dna izdelava, materiali, ki zahtevajo malo vzdr\u017eevanja<\/li>\n<\/ul>\n<\/div><\/div><\/div><\/div>\n<\/div>\n<\/section>\n\n\n\n\n\n<section class=\"wp-block-group alignfull has-light-gray-background-color has-background has-global-padding is-layout-constrained wp-container-core-group-is-layout-52f96efc wp-block-group-is-layout-constrained\" id=\"service-qualitaet\">\n<div class=\"wp-block-group o-grid u-md-1 is-layout-flow wp-block-group-is-layout-flow\">\n<div class=\"wp-block-group u-g-9 u-g-s-2 is-layout-flow wp-block-group-is-layout-flow\" style=\"margin-bottom:var(--wp--preset--spacing--s)\">\n<h2 class=\"wp-block-heading\"><strong>Prostostoje\u010di nadstre\u0161ek sodobnega videza<\/strong><\/h2>\n\n\n\n<p><span class=\"teaser\">Ne glede na to, ali gre za puristi\u010dno streho ali udoben poletni vrt &#8211; prostostoje\u010da terasna streha Leeb Atrium zdru\u017euje spektakularen dizajn in inovativno tehnologijo. Tako kot za vse nadstre\u0161ke so tudi za Atrium zna\u010dilne klasi\u010dne Leebove prednosti: storitve, kakovost, inovativnost in raznolikost.<\/span><\/p>\n\n\n\n<p>Z nadstre\u0161kom Leeb Atrium dobite trajno, prilagodljivo in varno re\u0161itev za va\u0161 zunanji prostor &#8211; od na\u010drtovanja do namestitve iz enega samega vira.<\/p>\n<\/div>\n<\/div>\n\n\n\n<div class=\"wp-block-group small is-style-white-cards sm-2-cols is-layout-grid wp-container-core-group-is-layout-7785d981 wp-block-group-is-layout-grid\">\n<div class=\"wp-block-group m-card has-modal is-layout-flow wp-container-core-group-is-layout-8a368f38 wp-block-group-is-layout-flow\" data-modal-id=\"150743\">\n<figure class=\"wp-block-image size-full\"><img loading=\"lazy\" decoding=\"async\" width=\"2560\" height=\"1920\" src=\"https:\/\/www.leeb-balkone.com\/app\/uploads\/2024\/08\/alu-terrassenueberdachung-elegant-highend-01-scaled.jpg\" alt=\"alu terrassenueberdachung elegant highend\" class=\"wp-image-140194\" srcset=\"https:\/\/www.leeb-balkone.com\/app\/uploads\/2024\/08\/alu-terrassenueberdachung-elegant-highend-01-scaled.jpg 2560w, https:\/\/www.leeb-balkone.com\/app\/uploads\/2024\/08\/alu-terrassenueberdachung-elegant-highend-01-300x225.jpg 300w, https:\/\/www.leeb-balkone.com\/app\/uploads\/2024\/08\/alu-terrassenueberdachung-elegant-highend-01-1024x768.jpg 1024w, https:\/\/www.leeb-balkone.com\/app\/uploads\/2024\/08\/alu-terrassenueberdachung-elegant-highend-01-768x576.jpg 768w, https:\/\/www.leeb-balkone.com\/app\/uploads\/2024\/08\/alu-terrassenueberdachung-elegant-highend-01-1536x1152.jpg 1536w, https:\/\/www.leeb-balkone.com\/app\/uploads\/2024\/08\/alu-terrassenueberdachung-elegant-highend-01-2048x1536.jpg 2048w\" sizes=\"auto, (max-width: 2560px) 100vw, 2560px\" \/><\/figure>\n\n\n\n<div class=\"wp-block-group m-card-content has-white-background-color has-background is-vertical is-layout-flex wp-container-core-group-is-layout-5580f018 wp-block-group-is-layout-flex\">\n<h3 class=\"wp-block-heading\">Prava streha za vsak projekt<\/h3>\n\n\n\n<p>Stre\u0161na kritina s sistemom &#8211; najve\u010dja izbira, najve\u010dja svoboda oblikovanja.<\/p>\n<\/div>\n<a href=\"#overlay-150743\" class=\"open-modal-link\" aria-label=\"Open modal\"><span class=\"sr-only\">\u00d6ffne Modal<\/span><\/a><\/div>\n\n\n\n<div class=\"wp-block-group m-card has-modal is-layout-flow wp-container-core-group-is-layout-8a368f38 wp-block-group-is-layout-flow\" data-modal-id=\"150749\">\n<figure class=\"wp-block-image size-large is-style-default\"><img loading=\"lazy\" decoding=\"async\" width=\"1024\" height=\"767\" src=\"https:\/\/www.leeb-balkone.com\/app\/uploads\/2020\/08\/leeb-balkone-mitarbeiter-4-1024x767.jpeg\" alt=\"Namestitev prilagojene balkonske ograje iz aluminija Leeb\" class=\"wp-image-6083\" srcset=\"https:\/\/www.leeb-balkone.com\/app\/uploads\/2020\/08\/leeb-balkone-mitarbeiter-4-1024x767.jpeg 1024w, https:\/\/www.leeb-balkone.com\/app\/uploads\/2020\/08\/leeb-balkone-mitarbeiter-4-2048x1535.jpeg 2048w, https:\/\/www.leeb-balkone.com\/app\/uploads\/2020\/08\/leeb-balkone-mitarbeiter-4-300x225.jpeg 300w, https:\/\/www.leeb-balkone.com\/app\/uploads\/2020\/08\/leeb-balkone-mitarbeiter-4-768x575.jpeg 768w, https:\/\/www.leeb-balkone.com\/app\/uploads\/2020\/08\/leeb-balkone-mitarbeiter-4-1536x1151.jpeg 1536w\" sizes=\"auto, (max-width: 1024px) 100vw, 1024px\" \/><\/figure>\n\n\n\n<div class=\"wp-block-group m-card-content has-white-background-color has-background is-vertical is-layout-flex wp-container-core-group-is-layout-5580f018 wp-block-group-is-layout-flex\">\n<h3 class=\"wp-block-heading\">Vsestranska storitev za brezskrbno realizacijo!<\/h3>\n\n\n\n<p>Svetovanje na kraju samem, 3D konfigurator, tovarni\u0161ka proizvodnja, dobava in monta\u017ea.<\/p>\n<\/div>\n<a href=\"#overlay-150749\" class=\"open-modal-link\" aria-label=\"Open modal\"><span class=\"sr-only\">\u00d6ffne Modal<\/span><\/a><\/div>\n\n\n\n<div class=\"wp-block-group m-card has-modal is-layout-flow wp-container-core-group-is-layout-8a368f38 wp-block-group-is-layout-flow\" data-modal-id=\"150746\">\n<figure class=\"wp-block-image size-full\"><img loading=\"lazy\" decoding=\"async\" width=\"2048\" height=\"1366\" src=\"https:\/\/www.leeb-balkone.com\/app\/uploads\/2022\/05\/glas-bearbeitung-zuschnitt--scaled.jpg\" alt=\"glas bearbeitung zuschnitt \" class=\"wp-image-83644\" srcset=\"https:\/\/www.leeb-balkone.com\/app\/uploads\/2022\/05\/glas-bearbeitung-zuschnitt--scaled.jpg 2048w, https:\/\/www.leeb-balkone.com\/app\/uploads\/2022\/05\/glas-bearbeitung-zuschnitt--300x200.jpg 300w, https:\/\/www.leeb-balkone.com\/app\/uploads\/2022\/05\/glas-bearbeitung-zuschnitt--1024x683.jpg 1024w, https:\/\/www.leeb-balkone.com\/app\/uploads\/2022\/05\/glas-bearbeitung-zuschnitt--768x512.jpg 768w, https:\/\/www.leeb-balkone.com\/app\/uploads\/2022\/05\/glas-bearbeitung-zuschnitt--1536x1024.jpg 1536w\" sizes=\"auto, (max-width: 2048px) 100vw, 2048px\" \/><\/figure>\n\n\n\n<div class=\"wp-block-group m-card-content has-white-background-color has-background is-vertical is-layout-flex wp-container-core-group-is-layout-5580f018 wp-block-group-is-layout-flex\">\n<h3 class=\"wp-block-heading\"><strong>Laminirano varnostno steklo vrhunske kakovosti<\/strong><\/h3>\n\n\n\n<p>Preizku\u0161ena varnost, inovativne zasnove in dolgotrajna kakovost po meri s podjetjem Leeb Glas.<\/p>\n<\/div>\n<a href=\"#overlay-150746\" class=\"open-modal-link\" aria-label=\"Open modal\"><span class=\"sr-only\">\u00d6ffne Modal<\/span><\/a><\/div>\n\n\n\n<div class=\"wp-block-group m-card has-modal is-layout-flow wp-container-core-group-is-layout-8a368f38 wp-block-group-is-layout-flow\" data-modal-id=\"150753\">\n<figure class=\"wp-block-image size-large\"><img loading=\"lazy\" decoding=\"async\" width=\"1024\" height=\"665\" src=\"https:\/\/www.leeb-balkone.com\/app\/uploads\/2020\/08\/alu-comfort-plus-1024x665.jpg\" alt=\"alu comfort plus\" class=\"wp-image-5082\" srcset=\"https:\/\/www.leeb-balkone.com\/app\/uploads\/2020\/08\/alu-comfort-plus-1024x665.jpg 1024w, https:\/\/www.leeb-balkone.com\/app\/uploads\/2020\/08\/alu-comfort-plus-300x195.jpg 300w, https:\/\/www.leeb-balkone.com\/app\/uploads\/2020\/08\/alu-comfort-plus-768x499.jpg 768w, https:\/\/www.leeb-balkone.com\/app\/uploads\/2020\/08\/alu-comfort-plus-1536x997.jpg 1536w, https:\/\/www.leeb-balkone.com\/app\/uploads\/2020\/08\/alu-comfort-plus-2048x1330.jpg 2048w\" sizes=\"auto, (max-width: 1024px) 100vw, 1024px\" \/><\/figure>\n\n\n\n<div class=\"wp-block-group m-card-content has-white-background-color has-background is-vertical is-layout-flex wp-container-core-group-is-layout-5580f018 wp-block-group-is-layout-flex\">\n<h3 class=\"wp-block-heading\">Dolgoro\u010dna za\u0161\u010dita z ALU Comfort Plus\u00ae<\/h3>\n\n\n\n<p>Patentiran premaz in obdelava aluminija na najvi\u0161ji ravni.<\/p>\n<\/div>\n<a href=\"#overlay-150753\" class=\"open-modal-link\" aria-label=\"Open modal\"><span class=\"sr-only\">\u00d6ffne Modal<\/span><\/a><\/div>\n<\/div>\n\n\n\n<div class=\"wp-block-group o-grid u-md-1 is-layout-flow wp-block-group-is-layout-flow\" style=\"padding-top:var(--wp--preset--spacing--l)\">\n<div class=\"wp-block-group u-g-9 u-g-s-2 is-layout-flow wp-block-group-is-layout-flow\" style=\"margin-bottom:var(--wp--preset--spacing--s)\">\n<h3 class=\"wp-block-heading\">Prednosti na prvi pogled<\/h3>\n\n\n\n<p>Atrij ima \u0161tevilne zna\u010dilnosti, zaradi katerih je privla\u010den za va\u0161 dom:<\/p>\n\n\n\n<ul class=\"wp-block-list is-style-checkmark-2\">\n<li><strong>Prostostoje\u010da zasnova: <\/strong>atrij se lahko prilagodljivo postavi na vrt ali teraso neodvisno od hi\u0161e in ustvari lo\u010den, za\u0161\u010diten prostor.<\/li>\n\n\n\n<li><strong>Prilagojene mo\u017enosti oblikovanja: <\/strong>Z dodatnimi steklenimi elementi se lahko atrij spremeni v popolnoma prostostoje\u010d letni vrt, ki nudi za\u0161\u010dito pred vetrom in vremenskimi vplivi ter podalj\u0161a sezono na terasi.<\/li>\n\n\n\n<li><strong>Stabilnost in varnost: <\/strong>robustna aluminijasta konstrukcija z visokokakovostnim pra\u0161nim premazom zagotavlja odpornost proti vremenskim vplivom, vzdr\u017eljivost in minimalno vzdr\u017eevanje. Nadstre\u0161ek je stati\u010dno izra\u010dunan in izpolnjuje najvi\u0161je varnostne standarde.<\/li>\n\n\n\n<li><strong>Udobje in dostopnost: <\/strong>zasnova je brez ovir in zaradi vgrajenih drsnih in prezra\u010devalnih elementov zagotavlja visoko raven udobja.<\/li>\n\n\n\n<li><strong>Vsestranske storitve: <\/strong>Leeb ponuja celovit paket storitev od na\u010drtovanja do namestitve ter certificirano kakovost, ki jo podpira mre\u017ea partnerjev po vsej Evropi.<\/li>\n<\/ul>\n<\/div>\n<\/div>\n<\/section>\n\n\n\n<section class=\"wp-block-cover alignfull is-light katalog-cta\" style=\"margin-top:0;margin-bottom:0;padding-top:0;padding-right:0;padding-bottom:0;padding-left:0;min-height:100px;aspect-ratio:unset;\"><img loading=\"lazy\" decoding=\"async\" width=\"1920\" height=\"599\" class=\"wp-block-cover__image-background wp-image-7912 size-full\" alt=\"leeb balkone katalog anfordern\" src=\"https:\/\/www.leeb-balkone.com\/app\/uploads\/2020\/09\/leeb-balkone-katalog-anfordern-1.jpeg\" data-object-fit=\"cover\" srcset=\"https:\/\/www.leeb-balkone.com\/app\/uploads\/2020\/09\/leeb-balkone-katalog-anfordern-1-300x94.jpeg 300w, https:\/\/www.leeb-balkone.com\/app\/uploads\/2020\/09\/leeb-balkone-katalog-anfordern-1-1024x319.jpeg 1024w, https:\/\/www.leeb-balkone.com\/app\/uploads\/2020\/09\/leeb-balkone-katalog-anfordern-1-768x240.jpeg 768w, https:\/\/www.leeb-balkone.com\/app\/uploads\/2020\/09\/leeb-balkone-katalog-anfordern-1-1536x479.jpeg 1536w\" sizes=\"auto, (max-width: 1920px) 100vw, 1920px\" \/><span aria-hidden=\"true\" class=\"wp-block-cover__background has-primary-45-background-color has-background-dim-80 has-background-dim\"><\/span><div class=\"wp-block-cover__inner-container has-global-padding is-layout-constrained wp-container-core-cover-is-layout-fc5783d2 wp-block-cover-is-layout-constrained\">\n<div class=\"wp-block-group is-layout-flow wp-block-group-is-layout-flow\" style=\"min-height:0px;margin-top:0;margin-bottom:0;padding-top:var(--wp--preset--spacing--2-xl);padding-bottom:var(--wp--preset--spacing--2-xl);padding-left:0\">\n<div class=\"wp-block-columns are-vertically-aligned-center is-layout-flex wp-container-core-columns-is-layout-0a4bbf16 wp-block-columns-is-layout-flex\" style=\"margin-top:0;margin-bottom:0\">\n<div class=\"wp-block-column is-vertically-aligned-center is-layout-flow wp-block-column-is-layout-flow\" style=\"flex-basis:66.66%\">\n<h2 class=\"wp-block-heading\">Atrij v katalogu<\/h2>\n\n\n\n<p class=\"is-style-teaser\"><span class=\"teaser\">Va\u0161 osebni katalog \u010daka na vas! Naro\u010dite zdaj brezpla\u010dno in odkrijte na\u0161o celotno ponudbo nadstre\u0161kov. Poi\u0161\u010dite re\u0161itev, ki vam popolnoma ustreza.<\/span><\/p>\n<\/div>\n\n\n\n<div class=\"wp-block-column is-vertically-aligned-center is-layout-flow wp-block-column-is-layout-flow\" style=\"flex-basis:33.33%\">\n<div class=\"wp-block-buttons u-m-jc-left is-content-justification-right is-layout-flex wp-container-core-buttons-is-layout-c060c6c7 wp-block-buttons-is-layout-flex\">\n<div class=\"wp-block-button is-style-filled-white large\"><a class=\"wp-block-button__link wp-element-button\" href=\"https:\/\/www.leeb-balkone.com\/sl\/kontakt\/zahtevajte-katalog\/\" style=\"box-shadow:var(--wp--preset--shadow--button-shadow)\">Zahtevajte katalog<\/a><\/div>\n<\/div>\n<\/div>\n<\/div>\n<\/div>\n<\/div><\/section>\n\n\n\n<section class=\"wp-block-group alignfull has-white-background-color has-background has-global-padding is-layout-constrained wp-container-core-group-is-layout-52f96efc wp-block-group-is-layout-constrained\">\n<div class=\"wp-block-group o-grid u-md-1 is-layout-flow wp-block-group-is-layout-flow\" style=\"padding-top:0\">\n<div class=\"wp-block-group u-g-9 u-g-s-2 is-layout-flow wp-block-group-is-layout-flow\" style=\"margin-bottom:var(--wp--preset--spacing--s)\">\n<h2 class=\"wp-block-heading\">Zakaj je nadstre\u0161ek &#8220;Atrium&#8221; tako poseben?<\/h2>\n\n\n\n<p class=\"is-style-teaser\"><span class=\"teaser\"><span class=\"teaser\">Prostostoje\u010di atrijski nadstre\u0161ek je mogo\u010de prilagodljivo vklju\u010diti v razli\u010dne vrtove in terase, je neodvisen od arhitekture hi\u0161e in ga je mogo\u010de raz\u0161iriti, da nastane letni vrt.<\/span><\/span><\/p>\n<\/div>\n<\/div>\n\n\n\n<div class=\"wp-block-group is-layout-flow wp-container-core-group-is-layout-d5075d26 wp-block-group-is-layout-flow\">\n<div class=\"wp-block-columns is-style-shadow m-split is-layout-flex wp-container-core-columns-is-layout-28f84493 wp-block-columns-is-layout-flex\">\n<div class=\"wp-block-column is-style-default is-layout-flow wp-block-column-is-layout-flow\">\n<figure class=\"wp-block-image size-large\"><img loading=\"lazy\" decoding=\"async\" width=\"1024\" height=\"684\" src=\"https:\/\/www.leeb-balkone.com\/app\/uploads\/2021\/11\/ueberdachung-terrasse-mit-glaselementen-seitlich-fuer-windschutz-detailansicht-1024x684.jpg\" alt=\"ueberdachung terrasse mit glaselementen seitlich fuer windschutz detailansicht\" class=\"wp-image-60780\" style=\"aspect-ratio:4\/3;object-fit:cover\" srcset=\"https:\/\/www.leeb-balkone.com\/app\/uploads\/2021\/11\/ueberdachung-terrasse-mit-glaselementen-seitlich-fuer-windschutz-detailansicht-1024x684.jpg 1024w, https:\/\/www.leeb-balkone.com\/app\/uploads\/2021\/11\/ueberdachung-terrasse-mit-glaselementen-seitlich-fuer-windschutz-detailansicht-300x200.jpg 300w, https:\/\/www.leeb-balkone.com\/app\/uploads\/2021\/11\/ueberdachung-terrasse-mit-glaselementen-seitlich-fuer-windschutz-detailansicht-768x513.jpg 768w, https:\/\/www.leeb-balkone.com\/app\/uploads\/2021\/11\/ueberdachung-terrasse-mit-glaselementen-seitlich-fuer-windschutz-detailansicht-1536x1025.jpg 1536w, https:\/\/www.leeb-balkone.com\/app\/uploads\/2021\/11\/ueberdachung-terrasse-mit-glaselementen-seitlich-fuer-windschutz-detailansicht-scaled.jpg 2048w\" sizes=\"auto, (max-width: 1024px) 100vw, 1024px\" \/><\/figure>\n<\/div>\n\n\n\n<div class=\"wp-block-column is-vertically-aligned-center is-style-overlay-content is-layout-flow wp-block-column-is-layout-flow\">\n<div class=\"wp-block-group is-vertical is-layout-flex wp-container-core-group-is-layout-6aed0e10 wp-block-group-is-layout-flex\">\n<h3 class=\"wp-block-heading\">Robusten in prilagodljiv<\/h3>\n\n\n\n<p>Atrijski nadstre\u0161ek je mogo\u010de raz\u0161iriti s stranskimi elementi in steklenimi stenami ter tako ustvariti popolnoma za\u0161\u010diteno stekleno hi\u0161o ali letni vrt. Na voljo so razli\u010dne razli\u010dice zaslonov za zasebnost in mo\u017enosti zasteklitve, od neprozornih do prozornih, kar omogo\u010da prilagodljivo prilagajanje razli\u010dnim zahtevam uporabe. Velika izbira opreme in dodatkov!<\/p>\n\n\n\n<div class=\"wp-block-buttons is-layout-flex wp-block-buttons-is-layout-flex\" style=\"margin-top:var(--wp--preset--spacing--2-xs)\">\n<div class=\"wp-block-button is-style-outline-secondary\"><a class=\"wp-block-button__link has-transparent-background-color has-background wp-element-button\" href=\"https:\/\/www.leeb-balkone.com\/sl\/nadstresni-sistemi\/zastresenie-terasy\/#vielfalt-zubehoer\">Dodatki<\/a><\/div>\n<\/div>\n<\/div>\n<\/div>\n<\/div>\n\n\n\n\n<\/div>\n<\/section>\n\n\n\n<section class=\"wp-block-group alignfull has-light-gray-background-color has-background has-global-padding is-layout-constrained wp-container-core-group-is-layout-52f96efc wp-block-group-is-layout-constrained\">\n<div class=\"wp-block-group o-grid u-md-1 is-layout-flow wp-block-group-is-layout-flow\" style=\"padding-top:0\">\n<div class=\"wp-block-group u-g-9 u-g-s-2 is-layout-flow wp-block-group-is-layout-flow\" style=\"margin-bottom:var(--wp--preset--spacing--s)\">\n<h2 class=\"wp-block-heading\">Pogosto zastavljena vpra\u0161anja<\/h2>\n\n\n\n<p class=\"is-style-teaser\" style=\"padding-bottom:var(--wp--preset--spacing--m)\">Imate splo\u0161na vpra\u0161anja o na\u0161i stre\u0161ni kritini Atrium? V rubriki Pogosta vpra\u0161anja in odgovori boste na\u0161li kratke odgovore na pogosto zastavljena vpra\u0161anja o atriju.<\/p>\n\n\n\n<div class=\"wp-block-t3-acc-accordion is-style-default\"><button id=\"accordion-588e267b-58ca-4072-ab34-53bbb3fea7c5-button\" class=\"accordion__button\" aria-expanded=\"false\" aria-controls=\"accordion-588e267b-58ca-4072-ab34-53bbb3fea7c5-panel\"><h3 data-accordion-title=\"true\" style=\"font-size:var(--step-1)\">Kaj je prostostoje\u010de pokrivalo za teraso?<\/h3><\/button><div id=\"accordion-588e267b-58ca-4072-ab34-53bbb3fea7c5-panel\" class=\"accordion__panel\" role=\"region\" aria-labelledby=\"accordion-588e267b-58ca-4072-ab34-53bbb3fea7c5-button\">\n<p>Prostostoje\u010de pokrivalo za teraso stoji neodvisno od stavbe na lastnih nosilcih in ga je mogo\u010de prilagodljivo namestiti na vrtu ali na terasi. Primeren je zlasti, \u010de ni mo\u017ena ali za\u017eelena neposredna stenska povezava s hi\u0161o. Atrij je sodoben prostostoje\u010di nadstre\u0161ek podjetja Leeb, ki ga je mogo\u010de prilagoditi &#8211; od odprte pergole do popolnoma zastekljenega poletnega vrta. Je stabilen, odporen na vremenske vplive in izdelan v preverjeni kakovosti Leeb.<\/p>\n<\/div><\/div>\n\n\n\n<div class=\"wp-block-t3-acc-accordion is-style-default\"><button id=\"accordion-2e3340d8-45e3-4478-ae4b-aa63747d14a1-button\" class=\"accordion__button\" aria-expanded=\"false\" aria-controls=\"accordion-2e3340d8-45e3-4478-ae4b-aa63747d14a1-panel\"><h3 data-accordion-title=\"true\" style=\"font-size:var(--step-1)\"><strong>Katere mo\u017enosti zasnove in opreme so na voljo?<\/strong><\/h3><\/button><div id=\"accordion-2e3340d8-45e3-4478-ae4b-aa63747d14a1-panel\" class=\"accordion__panel\" role=\"region\" aria-labelledby=\"accordion-2e3340d8-45e3-4478-ae4b-aa63747d14a1-button\">\n<p>Atrij je mogo\u010de opremiti z razli\u010dnimi elementi za za\u0161\u010dito zasebnosti (od neprozornih do prozornih), drsnimi in vrtljivimi elementi ter steklenimi elementi razli\u010dnih oblik (prozorno, matirano ali sivo steklo). Mo\u017eni so tudi nadstre\u0161ki, osvetlitev LED in talna vodila brez ovir. Atrij je lahko klasi\u010den nadstre\u0161ek ali udoben poletni vrt.  <\/p>\n<\/div><\/div>\n\n\n\n<div class=\"wp-block-t3-acc-accordion is-style-default\"><button id=\"accordion-b1f3d5d5-a129-409a-a0cc-292a1d0100cc-button\" class=\"accordion__button\" aria-expanded=\"false\" aria-controls=\"accordion-b1f3d5d5-a129-409a-a0cc-292a1d0100cc-panel\"><h3 data-accordion-title=\"true\" style=\"font-size:var(--step-1)\"><strong><strong>Kaj pa varnost in vzdr\u017eljivost?<\/strong><\/strong><\/h3><\/button><div id=\"accordion-b1f3d5d5-a129-409a-a0cc-292a1d0100cc-panel\" class=\"accordion__panel\" role=\"region\" aria-labelledby=\"accordion-b1f3d5d5-a129-409a-a0cc-292a1d0100cc-button\">\n<p>Leeb se zana\u0161a na patentiran pra\u0161ni premaz ALU COMFORT PLUS\u00ae, ki zagotavlja najve\u010djo odpornost na vremenske vplive in praske. Konstrukcija nadstre\u0161ka Atrium je stati\u010dno izra\u010dunana, izpolnjuje najvi\u0161je varnostne standarde in je zasnovana tako, da prenese obremenitve vetra in snega.<\/p>\n<\/div><\/div>\n\n\n\n<div class=\"wp-block-t3-acc-accordion is-style-default\"><button id=\"accordion-84b80b12-3766-480a-bcb0-e656175d8871-button\" class=\"accordion__button\" aria-expanded=\"false\" aria-controls=\"accordion-84b80b12-3766-480a-bcb0-e656175d8871-panel\"><h3 data-accordion-title=\"true\" style=\"font-size:var(--step-1)\"><strong><strong><strong>Kako potekata na\u010drtovanje in namestitev?<\/strong><\/strong><\/strong><\/h3><\/button><div id=\"accordion-84b80b12-3766-480a-bcb0-e656175d8871-panel\" class=\"accordion__panel\" role=\"region\" aria-labelledby=\"accordion-84b80b12-3766-480a-bcb0-e656175d8871-button\">\n<p>Leeb ponuja celovito storitev od individualnega na\u010drtovanja in konstrukcijskih izra\u010dunov do strokovne monta\u017ee &#8211; z osebnim svetovanjem in gosto mre\u017eo partnerjev v ve\u010d dr\u017eavah.<\/p>\n<\/div><\/div>\n<\/div>\n<\/div>\n<\/section>\n\n\n\n<section class=\"wp-block-group alignfull has-white-background-color has-background has-global-padding is-layout-constrained wp-container-core-group-is-layout-52f96efc wp-block-group-is-layout-constrained\">\n<div class=\"wp-block-group o-grid u-md-1 is-layout-flow wp-block-group-is-layout-flow\" style=\"padding-top:0\">\n<div class=\"wp-block-group u-g-9 u-g-s-2 is-layout-flow wp-block-group-is-layout-flow\">\n<h2 class=\"wp-block-heading\">Vtisi iz atrija<\/h2>\n\n\n\n<p><span class=\"teaser\"><span class=\"teaser\">Naj vas navdihnejo mo\u017enosti oblikovanja na\u0161ega atrija.<\/span><\/span><\/p>\n<\/div>\n<\/div>\n\n\n    <div id=\"t3-lg-block-1\" class=\"wp-block-t3-lightgallery\" data-initial-count=\"9\">\n      <div class=\"lg-container u-grid-temp has-3-cols\">\n                  <div class=\"lg-item\" data-src=\"https:\/\/www.leeb-balkone.com\/app\/uploads\/2020\/07\/glas-alu-atrium-ueberdachung-5-scaled.jpg\"\n              data-sub-html=\"&lt;p&gt;Freistehendes Atrium im Garten mit Aufdachmarkise&lt;\/p&gt;\">\n            <div class=\"img-wrapper\">\n                <figure>\n                    <img loading=\"lazy\" decoding=\"async\" width=\"300\" height=\"200\" src=\"https:\/\/www.leeb-balkone.com\/app\/uploads\/2020\/07\/glas-alu-atrium-ueberdachung-5-300x200.jpg\" class=\"attachment-medium size-medium\" alt=\"glas alu atrium ueberdachung\" srcset=\"https:\/\/www.leeb-balkone.com\/app\/uploads\/2020\/07\/glas-alu-atrium-ueberdachung-5-300x200.jpg 300w, https:\/\/www.leeb-balkone.com\/app\/uploads\/2020\/07\/glas-alu-atrium-ueberdachung-5-1024x683.jpg 1024w, https:\/\/www.leeb-balkone.com\/app\/uploads\/2020\/07\/glas-alu-atrium-ueberdachung-5-768x512.jpg 768w, https:\/\/www.leeb-balkone.com\/app\/uploads\/2020\/07\/glas-alu-atrium-ueberdachung-5-1536x1024.jpg 1536w, https:\/\/www.leeb-balkone.com\/app\/uploads\/2020\/07\/glas-alu-atrium-ueberdachung-5-2048x1366.jpg 2048w\" sizes=\"auto, (min-width: 1200px) 260px, (min-width: 1024px) 220px, (min-width: 640px) 465px, 768px\" \/>    \n                <\/figure>\n                        <\/div>\n            <p>Freistehendes Atrium im Garten mit Aufdachmarkise<\/p>        <\/div>\n                  <div class=\"lg-item\" data-src=\"https:\/\/www.leeb-balkone.com\/app\/uploads\/2020\/07\/glas-alu-atrium-ueberdachung-11-scaled.jpg\"\n              data-sub-html=\"&lt;p&gt;Atrium mit Glasdach&lt;\/p&gt;\">\n            <div class=\"img-wrapper\">\n                <figure>\n                    <img loading=\"lazy\" decoding=\"async\" width=\"300\" height=\"217\" src=\"https:\/\/www.leeb-balkone.com\/app\/uploads\/2020\/07\/glas-alu-atrium-ueberdachung-11-300x217.jpg\" class=\"attachment-medium size-medium\" alt=\"glas alu atrium ueberdachung\" srcset=\"https:\/\/www.leeb-balkone.com\/app\/uploads\/2020\/07\/glas-alu-atrium-ueberdachung-11-300x217.jpg 300w, https:\/\/www.leeb-balkone.com\/app\/uploads\/2020\/07\/glas-alu-atrium-ueberdachung-11-1024x742.jpg 1024w, https:\/\/www.leeb-balkone.com\/app\/uploads\/2020\/07\/glas-alu-atrium-ueberdachung-11-768x556.jpg 768w, https:\/\/www.leeb-balkone.com\/app\/uploads\/2020\/07\/glas-alu-atrium-ueberdachung-11-1536x1112.jpg 1536w, https:\/\/www.leeb-balkone.com\/app\/uploads\/2020\/07\/glas-alu-atrium-ueberdachung-11-2048x1483.jpg 2048w\" sizes=\"auto, (min-width: 1200px) 260px, (min-width: 1024px) 220px, (min-width: 640px) 465px, 768px\" \/>    \n                <\/figure>\n                        <\/div>\n            <p>Atrium mit Glasdach<\/p>        <\/div>\n                  <div class=\"lg-item\" data-src=\"https:\/\/www.leeb-balkone.com\/app\/uploads\/2020\/07\/glas-alu-atrium-ueberdachung-10-scaled.jpg\"\n              data-sub-html=\"&lt;p&gt;freistehende \u00dcberdachung - Atrium mit Aufdachmarkise&lt;\/p&gt;\">\n            <div class=\"img-wrapper\">\n                <figure>\n                    <img loading=\"lazy\" decoding=\"async\" width=\"300\" height=\"192\" src=\"https:\/\/www.leeb-balkone.com\/app\/uploads\/2020\/07\/glas-alu-atrium-ueberdachung-10-300x192.jpg\" class=\"attachment-medium size-medium\" alt=\"glas alu atrium ueberdachung\" srcset=\"https:\/\/www.leeb-balkone.com\/app\/uploads\/2020\/07\/glas-alu-atrium-ueberdachung-10-300x192.jpg 300w, https:\/\/www.leeb-balkone.com\/app\/uploads\/2020\/07\/glas-alu-atrium-ueberdachung-10-1024x655.jpg 1024w, https:\/\/www.leeb-balkone.com\/app\/uploads\/2020\/07\/glas-alu-atrium-ueberdachung-10-768x491.jpg 768w, https:\/\/www.leeb-balkone.com\/app\/uploads\/2020\/07\/glas-alu-atrium-ueberdachung-10-1536x982.jpg 1536w, https:\/\/www.leeb-balkone.com\/app\/uploads\/2020\/07\/glas-alu-atrium-ueberdachung-10-2048x1310.jpg 2048w\" sizes=\"auto, (min-width: 1200px) 260px, (min-width: 1024px) 220px, (min-width: 640px) 465px, 768px\" \/>    \n                <\/figure>\n                        <\/div>\n            <p>freistehende \u00dcberdachung &#8211; Atrium mit Aufdachmarkise<\/p>        <\/div>\n                  <div class=\"lg-item\" data-src=\"https:\/\/www.leeb-balkone.com\/app\/uploads\/2021\/11\/ueberdachung-terrasse-mit-glaselementen-seitlich-fuer-windschutz-detailansicht-scaled.jpg\"\n              data-sub-html=\"&lt;p&gt;\u00dcberdachungssystem Atrium freistehend an der Wand&lt;\/p&gt;\">\n            <div class=\"img-wrapper\">\n                <figure>\n                    <img loading=\"lazy\" decoding=\"async\" width=\"300\" height=\"200\" src=\"https:\/\/www.leeb-balkone.com\/app\/uploads\/2021\/11\/ueberdachung-terrasse-mit-glaselementen-seitlich-fuer-windschutz-detailansicht-300x200.jpg\" class=\"attachment-medium size-medium\" alt=\"ueberdachung terrasse mit glaselementen seitlich fuer windschutz detailansicht\" srcset=\"https:\/\/www.leeb-balkone.com\/app\/uploads\/2021\/11\/ueberdachung-terrasse-mit-glaselementen-seitlich-fuer-windschutz-detailansicht-300x200.jpg 300w, https:\/\/www.leeb-balkone.com\/app\/uploads\/2021\/11\/ueberdachung-terrasse-mit-glaselementen-seitlich-fuer-windschutz-detailansicht-1024x684.jpg 1024w, https:\/\/www.leeb-balkone.com\/app\/uploads\/2021\/11\/ueberdachung-terrasse-mit-glaselementen-seitlich-fuer-windschutz-detailansicht-768x513.jpg 768w, https:\/\/www.leeb-balkone.com\/app\/uploads\/2021\/11\/ueberdachung-terrasse-mit-glaselementen-seitlich-fuer-windschutz-detailansicht-1536x1025.jpg 1536w, https:\/\/www.leeb-balkone.com\/app\/uploads\/2021\/11\/ueberdachung-terrasse-mit-glaselementen-seitlich-fuer-windschutz-detailansicht-scaled.jpg 2048w\" sizes=\"auto, (min-width: 1200px) 260px, (min-width: 1024px) 220px, (min-width: 640px) 465px, 768px\" \/>    \n                <\/figure>\n                        <\/div>\n            <p>\u00dcberdachungssystem Atrium freistehend an der Wand<\/p>        <\/div>\n                  <div class=\"lg-item\" data-src=\"https:\/\/www.leeb-balkone.com\/app\/uploads\/2020\/07\/glas-alu-atrium-ueberdachung-9-scaled.jpg\"\n              data-sub-html=\"&lt;p&gt;Prostostoje\u010da nadstre\u0161nica iz pti\u010dje perspektive s stekleno streho \u2013 Leeb Atrium&lt;\/p&gt;\">\n            <div class=\"img-wrapper\">\n                <figure>\n                    <img loading=\"lazy\" decoding=\"async\" width=\"300\" height=\"203\" src=\"https:\/\/www.leeb-balkone.com\/app\/uploads\/2020\/07\/glas-alu-atrium-ueberdachung-9-300x203.jpg\" class=\"attachment-medium size-medium\" alt=\"glas alu atrium ueberdachung\" srcset=\"https:\/\/www.leeb-balkone.com\/app\/uploads\/2020\/07\/glas-alu-atrium-ueberdachung-9-300x203.jpg 300w, https:\/\/www.leeb-balkone.com\/app\/uploads\/2020\/07\/glas-alu-atrium-ueberdachung-9-1024x692.jpg 1024w, https:\/\/www.leeb-balkone.com\/app\/uploads\/2020\/07\/glas-alu-atrium-ueberdachung-9-768x519.jpg 768w, https:\/\/www.leeb-balkone.com\/app\/uploads\/2020\/07\/glas-alu-atrium-ueberdachung-9-1536x1038.jpg 1536w, https:\/\/www.leeb-balkone.com\/app\/uploads\/2020\/07\/glas-alu-atrium-ueberdachung-9-2048x1384.jpg 2048w, https:\/\/www.leeb-balkone.com\/app\/uploads\/2020\/07\/glas-alu-atrium-ueberdachung-9-400x270.jpg 400w\" sizes=\"auto, (min-width: 1200px) 260px, (min-width: 1024px) 220px, (min-width: 640px) 465px, 768px\" \/>    \n                <\/figure>\n                        <\/div>\n            <p>Prostostoje\u010da nadstre\u0161nica iz pti\u010dje perspektive s stekleno streho \u2013 Leeb Atrium<\/p>        <\/div>\n                  <div class=\"lg-item\" data-src=\"https:\/\/www.leeb-balkone.com\/app\/uploads\/2020\/07\/glas-alu-atrium-ueberdachung-7-scaled.jpg\"\n              data-sub-html=\"&lt;p&gt;Freistehende \u00dcberdachungsvariante - das Atrium von Leeb&lt;\/p&gt;\">\n            <div class=\"img-wrapper\">\n                <figure>\n                    <img loading=\"lazy\" decoding=\"async\" width=\"300\" height=\"206\" src=\"https:\/\/www.leeb-balkone.com\/app\/uploads\/2020\/07\/glas-alu-atrium-ueberdachung-7-300x206.jpg\" class=\"attachment-medium size-medium\" alt=\"Freistehende \u00dcberdachungsvariante - das Atrium von Leeb\" srcset=\"https:\/\/www.leeb-balkone.com\/app\/uploads\/2020\/07\/glas-alu-atrium-ueberdachung-7-300x206.jpg 300w, https:\/\/www.leeb-balkone.com\/app\/uploads\/2020\/07\/glas-alu-atrium-ueberdachung-7-1024x705.jpg 1024w, https:\/\/www.leeb-balkone.com\/app\/uploads\/2020\/07\/glas-alu-atrium-ueberdachung-7-768x529.jpg 768w, https:\/\/www.leeb-balkone.com\/app\/uploads\/2020\/07\/glas-alu-atrium-ueberdachung-7-1536x1057.jpg 1536w, https:\/\/www.leeb-balkone.com\/app\/uploads\/2020\/07\/glas-alu-atrium-ueberdachung-7-2048x1409.jpg 2048w\" sizes=\"auto, (min-width: 1200px) 260px, (min-width: 1024px) 220px, (min-width: 640px) 465px, 768px\" \/>    \n                <\/figure>\n                        <\/div>\n            <p>Freistehende \u00dcberdachungsvariante &#8211; das Atrium von Leeb<\/p>        <\/div>\n                  <div class=\"lg-item\" data-src=\"https:\/\/www.leeb-balkone.com\/app\/uploads\/2020\/07\/glas-alu-atrium-ueberdachung-4-scaled.jpg\"\n              data-sub-html=\"&lt;p&gt;Atrij s steklenimi drsnimi elementi \u2013 Leeb Nadstre\u0161nice&lt;\/p&gt;\">\n            <div class=\"img-wrapper\">\n                <figure>\n                    <img loading=\"lazy\" decoding=\"async\" width=\"300\" height=\"200\" src=\"https:\/\/www.leeb-balkone.com\/app\/uploads\/2020\/07\/glas-alu-atrium-ueberdachung-4-300x200.jpg\" class=\"attachment-medium size-medium\" alt=\"glas alu atrium ueberdachung\" srcset=\"https:\/\/www.leeb-balkone.com\/app\/uploads\/2020\/07\/glas-alu-atrium-ueberdachung-4-300x200.jpg 300w, https:\/\/www.leeb-balkone.com\/app\/uploads\/2020\/07\/glas-alu-atrium-ueberdachung-4-1024x683.jpg 1024w, https:\/\/www.leeb-balkone.com\/app\/uploads\/2020\/07\/glas-alu-atrium-ueberdachung-4-768x512.jpg 768w, https:\/\/www.leeb-balkone.com\/app\/uploads\/2020\/07\/glas-alu-atrium-ueberdachung-4-1536x1024.jpg 1536w, https:\/\/www.leeb-balkone.com\/app\/uploads\/2020\/07\/glas-alu-atrium-ueberdachung-4-2048x1366.jpg 2048w\" sizes=\"auto, (min-width: 1200px) 260px, (min-width: 1024px) 220px, (min-width: 640px) 465px, 768px\" \/>    \n                <\/figure>\n                        <\/div>\n            <p>Atrij s steklenimi drsnimi elementi \u2013 Leeb Nadstre\u0161nice<\/p>        <\/div>\n                  <div class=\"lg-item\" data-src=\"https:\/\/www.leeb-balkone.com\/app\/uploads\/2020\/07\/glas-alu-atrium-ueberdachung-6-scaled.jpg\"\n              data-sub-html=\"&lt;p&gt;Atrium mit Glasschiebelementen und Aufdachmarkise&lt;\/p&gt;\">\n            <div class=\"img-wrapper\">\n                <figure>\n                    <img loading=\"lazy\" decoding=\"async\" width=\"300\" height=\"200\" src=\"https:\/\/www.leeb-balkone.com\/app\/uploads\/2020\/07\/glas-alu-atrium-ueberdachung-6-300x200.jpg\" class=\"attachment-medium size-medium\" alt=\"glas alu atrium ueberdachung\" srcset=\"https:\/\/www.leeb-balkone.com\/app\/uploads\/2020\/07\/glas-alu-atrium-ueberdachung-6-300x200.jpg 300w, https:\/\/www.leeb-balkone.com\/app\/uploads\/2020\/07\/glas-alu-atrium-ueberdachung-6-1024x683.jpg 1024w, https:\/\/www.leeb-balkone.com\/app\/uploads\/2020\/07\/glas-alu-atrium-ueberdachung-6-768x512.jpg 768w, https:\/\/www.leeb-balkone.com\/app\/uploads\/2020\/07\/glas-alu-atrium-ueberdachung-6-1536x1024.jpg 1536w, https:\/\/www.leeb-balkone.com\/app\/uploads\/2020\/07\/glas-alu-atrium-ueberdachung-6-2048x1366.jpg 2048w\" sizes=\"auto, (min-width: 1200px) 260px, (min-width: 1024px) 220px, (min-width: 640px) 465px, 768px\" \/>    \n                <\/figure>\n                        <\/div>\n            <p>Atrium mit Glasschiebelementen und Aufdachmarkise<\/p>        <\/div>\n                  <div class=\"lg-item\" data-src=\"https:\/\/www.leeb-balkone.com\/app\/uploads\/2020\/07\/glas-alu-atrium-ueberdachung-8-scaled.jpg\"\n              data-sub-html=\"&lt;p&gt;Prostostoje\u010di atrij (poletni vrt z okroglo stekleno streho) \u2013 Leeb Nadstre\u0161ni sistemi&lt;\/p&gt;\">\n            <div class=\"img-wrapper\">\n                <figure>\n                    <img loading=\"lazy\" decoding=\"async\" width=\"300\" height=\"197\" src=\"https:\/\/www.leeb-balkone.com\/app\/uploads\/2020\/07\/glas-alu-atrium-ueberdachung-8-300x197.jpg\" class=\"attachment-medium size-medium\" alt=\"glas alu atrium ueberdachung\" srcset=\"https:\/\/www.leeb-balkone.com\/app\/uploads\/2020\/07\/glas-alu-atrium-ueberdachung-8-300x197.jpg 300w, https:\/\/www.leeb-balkone.com\/app\/uploads\/2020\/07\/glas-alu-atrium-ueberdachung-8-1024x672.jpg 1024w, https:\/\/www.leeb-balkone.com\/app\/uploads\/2020\/07\/glas-alu-atrium-ueberdachung-8-768x504.jpg 768w, https:\/\/www.leeb-balkone.com\/app\/uploads\/2020\/07\/glas-alu-atrium-ueberdachung-8-1536x1008.jpg 1536w, https:\/\/www.leeb-balkone.com\/app\/uploads\/2020\/07\/glas-alu-atrium-ueberdachung-8-2048x1344.jpg 2048w\" sizes=\"auto, (min-width: 1200px) 260px, (min-width: 1024px) 220px, (min-width: 640px) 465px, 768px\" \/>    \n                <\/figure>\n                        <\/div>\n            <p>Prostostoje\u010di atrij (poletni vrt z okroglo stekleno streho) \u2013 Leeb Nadstre\u0161ni sistemi<\/p>        <\/div>\n                <\/div>\n\n          <\/div>\n    <\/section>\n\n\n\n<section class=\"wp-block-group alignfull has-white-background-color has-background has-global-padding is-layout-constrained wp-container-core-group-is-layout-9fa1424c wp-block-group-is-layout-constrained\" style=\"padding-top:0\">\n<div class=\"wp-block-columns is-style-offset m-split is-layout-flex wp-container-core-columns-is-layout-28f84493 wp-block-columns-is-layout-flex\">\n<div class=\"wp-block-column is-layout-flow wp-block-column-is-layout-flow\"><div class=\"vp-map-wrapper vp-map-ratio-19-1\"><img decoding=\"async\" width=\"1440\" height=\"884\" src=\"https:\/\/www.leeb-balkone.com\/app\/uploads\/2026\/04\/map-sl.jpg\" class=\"attachment-full size-full\" alt=\"map-sl\" style=\"width:100%;height:100%;object-fit:cover;display:block;\" loading=\"lazy\" srcset=\"https:\/\/www.leeb-balkone.com\/app\/uploads\/2026\/04\/map-sl.jpg 1440w, https:\/\/www.leeb-balkone.com\/app\/uploads\/2026\/04\/map-sl-300x184.jpg 300w, https:\/\/www.leeb-balkone.com\/app\/uploads\/2026\/04\/map-sl-1024x629.jpg 1024w, https:\/\/www.leeb-balkone.com\/app\/uploads\/2026\/04\/map-sl-768x471.jpg 768w\" sizes=\"auto, (min-width: 1536px) 2048px, (min-width: 992px) 1536px, (min-width: 768px) 1024px, (min-width: 576px) 768px, 100vw\" \/><\/div>\n<\/div>\n\n\n\n<div class=\"wp-block-column is-vertically-aligned-center is-style-overlay-content is-layout-flow wp-block-column-is-layout-flow\">\n<div class=\"wp-block-group is-vertical is-layout-flex wp-container-core-group-is-layout-bd7877ba wp-block-group-is-layout-flex\">\n<h2 class=\"wp-block-heading has-step-2-font-size\">Posredniki v Sloveniji<\/h2>\n\n\n\n<p>Kompetentni LEEB partnerji v va\u0161i regiji. Osebno svetovanje, natan\u010dno na\u010drtovanje in strokovna monta\u017ea.<\/p>\n\n\n\n<div class=\"wp-block-buttons is-layout-flex wp-block-buttons-is-layout-flex\" style=\"margin-top:var(--wp--preset--spacing--2-xs)\">\n<div class=\"wp-block-button is-style-cta\"><a class=\"wp-block-button__link has-transparent-background-color has-background wp-element-button\" href=\"https:\/\/www.leeb-balkone.com\/sl\/distribucijski-partnerji\/\">Poi\u0161\u010dite prodajnega partnerja<span class=\"sr-only\"> Distribucijski partner Leeb Balkone Slovenija<\/span><\/a><\/div>\n<\/div>\n<\/div>\n<\/div>\n<\/div>\n<\/section>\n\n\n\n<section class=\"wp-block-group alignfull has-light-gray-background-color has-background has-global-padding is-layout-constrained wp-container-core-group-is-layout-52f96efc wp-block-group-is-layout-constrained\" id=\"beratungstermin\">\n<div class=\"wp-block-group m-teaser o-grid u-md-1 is-layout-flow wp-block-group-is-layout-flow\">\n<div class=\"wp-block-group u-g-7 u-g-s-2 is-layout-flow wp-block-group-is-layout-flow\" style=\"margin-bottom:var(--wp--preset--spacing--s)\">\n<h2 class=\"wp-block-heading\">Stopite v stik z nami<\/h2>\n\n\n\n<p><strong><strong>Na\u010drtujete projekt ali imate vpra\u0161anja o nas in na\u0161ih re\u0161itvah? Pi\u0161ite nam: z veseljem bomo odgovorili na va\u0161a vpra\u0161anja!<\/strong><\/strong><\/p>\n<\/div>\n<\/div>\n\n\n\n<div class=\"wp-block-group m-teaser o-grid u-md-1 is-layout-flow wp-block-group-is-layout-flow\">\n<div class=\"wp-block-group u-g-7 u-g-s-2 is-layout-flow wp-block-group-is-layout-flow\" style=\"margin-bottom:var(--wp--preset--spacing--s)\"><form action=\"https:\/\/www.leeb-balkone.com\/sl\/wp-json\/ws-form\/v1\/submit\" class=\"wsf-form wsf-form-canvas\" id=\"ws-form-1\" data-id=\"11\" data-instance-id=\"1\" method=\"POST\"><\/form>\n<\/div>\n\n\n\n<div class=\"wp-block-group u-g-3 u-g-s-9 is-layout-flow wp-block-group-is-layout-flow\"><div class=\"t3-sidebar-buttons wp-block-buttons is-layout-flex wp-block-buttons-is-layout-flex\"><div class=\"wp-block-button is-style-fill icon-book icon-left\">\n                        <a class=\"wp-block-button__link has-secondary-color has-white-background-color has-text-color has-background has-link-color wp-element-button\" href=\"https:\/\/www.leeb-balkone.com\/sl\/kontakt\/zahtevajte-katalog\/\" style=\"box-shadow:var(--wp--preset--shadow--box-shadow)\">Zahtevajte katalog<\/a>\n                    <\/div><\/div>\n<\/div>\n<\/div>\n<\/section>\n","protected":false},"excerpt":{"rendered":"","protected":false},"author":4,"featured_media":0,"parent":155371,"menu_order":0,"comment_status":"closed","ping_status":"closed","template":"template-onepager.blade.php","meta":{"_acf_changed":false,"footnotes":"","_sage_theme_css":true,"_wp_block_core_css":true},"folder":[238,248],"class_list":["post-154991","page","type-page","status-publish","hentry"],"acf":[],"yoast_head":"<!-- This site is optimized with the Yoast SEO plugin v27.2 - https:\/\/yoast.com\/product\/yoast-seo-wordpress\/ -->\n<title>Atrij &quot; Prostostoje\u010de atrijske stre\u0161ne kritine - % Leeb Balkone % Slovenija<\/title>\n<meta name=\"description\" content=\"Leeb Atrium je sodoben, prostostoje\u010d aluminijast nadstre\u0161ek. Na vrtu ga je mogo\u010de prilagodljivo postaviti in raz\u0161iriti, da nastane letni vrt. Odporen na vremenske vplive in stabilen. Na\u010drtujte zdaj!\" \/>\n<meta name=\"robots\" content=\"index, follow, max-snippet:-1, max-image-preview:large, max-video-preview:-1\" \/>\n<meta property=\"og:locale\" content=\"sl_SI\" \/>\n<meta property=\"og:type\" content=\"article\" \/>\n<meta property=\"og:title\" content=\"Atrij &quot; Prostostoje\u010de atrijske stre\u0161ne kritine - % Leeb Balkone %\" \/>\n<meta property=\"og:description\" content=\"Leeb Atrium je sodoben, prostostoje\u010d aluminijast nadstre\u0161ek. Na vrtu ga je mogo\u010de prilagodljivo postaviti in raz\u0161iriti, da nastane letni vrt. Odporen na vremenske vplive in stabilen. Na\u010drtujte zdaj!\" \/>\n<meta property=\"og:url\" content=\"https:\/\/www.leeb-balkone.com\/sl\/nadstresni-sistemi\/atrium\/\" \/>\n<meta property=\"og:site_name\" content=\"Leeb Balkone\" \/>\n<meta property=\"article:publisher\" content=\"https:\/\/www.facebook.com\/balkone\/\" \/>\n<meta property=\"article:modified_time\" content=\"2026-01-27T14:29:53+00:00\" \/>\n<meta property=\"og:image\" content=\"https:\/\/www.leeb-balkone.com\/app\/uploads\/2020\/07\/glas-alu-atrium-ueberdachung-7-1024x705.jpg\" \/>\n<meta name=\"twitter:card\" content=\"summary_large_image\" \/>\n<script type=\"application\/ld+json\" class=\"yoast-schema-graph\">{\"@context\":\"https:\/\/schema.org\",\"@graph\":[{\"@type\":\"WebPage\",\"@id\":\"https:\/\/www.leeb-balkone.com\/sl\/nadstresni-sistemi\/atrium\/\",\"url\":\"https:\/\/www.leeb-balkone.com\/sl\/nadstresni-sistemi\/atrium\/\",\"name\":\"Atrij \\\" Prostostoje\u010de atrijske stre\u0161ne kritine - % Leeb Balkone %\",\"isPartOf\":{\"@id\":\"https:\/\/www.leeb-balkone.com\/sl\/#website\"},\"primaryImageOfPage\":{\"@id\":\"https:\/\/www.leeb-balkone.com\/sl\/nadstresni-sistemi\/atrium\/#primaryimage\"},\"image\":{\"@id\":\"https:\/\/www.leeb-balkone.com\/sl\/nadstresni-sistemi\/atrium\/#primaryimage\"},\"thumbnailUrl\":\"https:\/\/www.leeb-balkone.com\/app\/uploads\/2020\/07\/glas-alu-atrium-ueberdachung-7-1024x705.jpg\",\"datePublished\":\"2025-09-14T13:22:35+00:00\",\"dateModified\":\"2026-01-27T14:29:53+00:00\",\"description\":\"Leeb Atrium je sodoben, prostostoje\u010d aluminijast nadstre\u0161ek. Na vrtu ga je mogo\u010de prilagodljivo postaviti in raz\u0161iriti, da nastane letni vrt. Odporen na vremenske vplive in stabilen. Na\u010drtujte zdaj!\",\"breadcrumb\":{\"@id\":\"https:\/\/www.leeb-balkone.com\/sl\/nadstresni-sistemi\/atrium\/#breadcrumb\"},\"inLanguage\":\"sl-SI\",\"potentialAction\":[{\"@type\":\"ReadAction\",\"target\":[\"https:\/\/www.leeb-balkone.com\/sl\/nadstresni-sistemi\/atrium\/\"]}]},{\"@type\":\"ImageObject\",\"inLanguage\":\"sl-SI\",\"@id\":\"https:\/\/www.leeb-balkone.com\/sl\/nadstresni-sistemi\/atrium\/#primaryimage\",\"url\":\"https:\/\/www.leeb-balkone.com\/app\/uploads\/2020\/07\/glas-alu-atrium-ueberdachung-7-1024x705.jpg\",\"contentUrl\":\"https:\/\/www.leeb-balkone.com\/app\/uploads\/2020\/07\/glas-alu-atrium-ueberdachung-7-1024x705.jpg\"},{\"@type\":\"BreadcrumbList\",\"@id\":\"https:\/\/www.leeb-balkone.com\/sl\/nadstresni-sistemi\/atrium\/#breadcrumb\",\"itemListElement\":[{\"@type\":\"ListItem\",\"position\":1,\"name\":\"Home\",\"item\":\"https:\/\/www.leeb-balkone.com\/sl\/\"},{\"@type\":\"ListItem\",\"position\":2,\"name\":\"Nadstre\u0161ki in poletni vrtovi\",\"item\":\"https:\/\/www.leeb-balkone.com\/sl\/nadstresni-sistemi\/\"},{\"@type\":\"ListItem\",\"position\":3,\"name\":\"Atrij\"}]},{\"@type\":\"WebSite\",\"@id\":\"https:\/\/www.leeb-balkone.com\/sl\/#website\",\"url\":\"https:\/\/www.leeb-balkone.com\/sl\/\",\"name\":\"Leeb Balkone\",\"description\":\"Balkone und Z\u00e4une\",\"publisher\":{\"@id\":\"https:\/\/www.leeb-balkone.com\/sl\/#organization\"},\"potentialAction\":[{\"@type\":\"SearchAction\",\"target\":{\"@type\":\"EntryPoint\",\"urlTemplate\":\"https:\/\/www.leeb-balkone.com\/sl\/?s={search_term_string}\"},\"query-input\":{\"@type\":\"PropertyValueSpecification\",\"valueRequired\":true,\"valueName\":\"search_term_string\"}}],\"inLanguage\":\"sl-SI\"},{\"@type\":\"Organization\",\"@id\":\"https:\/\/www.leeb-balkone.com\/sl\/#organization\",\"name\":\"Leeb Balkone Gmbh\",\"url\":\"https:\/\/www.leeb-balkone.com\/sl\/\",\"logo\":{\"@type\":\"ImageObject\",\"inLanguage\":\"sl-SI\",\"@id\":\"https:\/\/www.leeb-balkone.com\/sl\/#\/schema\/logo\/image\/\",\"url\":\"https:\/\/www.leeb-balkone.com\/app\/uploads\/2020\/11\/leeb-logo.svg\",\"contentUrl\":\"https:\/\/www.leeb-balkone.com\/app\/uploads\/2020\/11\/leeb-logo.svg\",\"width\":741,\"height\":204,\"caption\":\"Leeb Balkone Gmbh\"},\"image\":{\"@id\":\"https:\/\/www.leeb-balkone.com\/sl\/#\/schema\/logo\/image\/\"},\"sameAs\":[\"https:\/\/www.facebook.com\/balkone\/\",\"https:\/\/www.trustedshops.at\/bewertung\/info_X4587CCF5833E31AFE0B11F47D86999F2.html\",\"https:\/\/www.trustedshops.de\/bewertung\/info_X7BA536A7A0BDC86D36C4718E4DCAEEEF.html\",\"https:\/\/www.google.com\/maps\/place\/?q=place_id:ChIJ5-zH19-IcEcR9HonWRTllHI\"]}]}<\/script>\n<!-- \/ Yoast SEO plugin. -->","yoast_head_json":{"title":"Atrij \" Prostostoje\u010de atrijske stre\u0161ne kritine - % Leeb Balkone % Slovenija","description":"Leeb Atrium je sodoben, prostostoje\u010d aluminijast nadstre\u0161ek. Na vrtu ga je mogo\u010de prilagodljivo postaviti in raz\u0161iriti, da nastane letni vrt. Odporen na vremenske vplive in stabilen. Na\u010drtujte zdaj!","robots":{"index":"index","follow":"follow","max-snippet":"max-snippet:-1","max-image-preview":"max-image-preview:large","max-video-preview":"max-video-preview:-1"},"og_locale":"sl_SI","og_type":"article","og_title":"Atrij \" Prostostoje\u010de atrijske stre\u0161ne kritine - % Leeb Balkone %","og_description":"Leeb Atrium je sodoben, prostostoje\u010d aluminijast nadstre\u0161ek. Na vrtu ga je mogo\u010de prilagodljivo postaviti in raz\u0161iriti, da nastane letni vrt. Odporen na vremenske vplive in stabilen. Na\u010drtujte zdaj!","og_url":"https:\/\/www.leeb-balkone.com\/sl\/nadstresni-sistemi\/atrium\/","og_site_name":"Leeb Balkone","article_publisher":"https:\/\/www.facebook.com\/balkone\/","article_modified_time":"2026-01-27T14:29:53+00:00","og_image":[{"url":"https:\/\/www.leeb-balkone.com\/app\/uploads\/2020\/07\/glas-alu-atrium-ueberdachung-7-1024x705.jpg","type":"","width":"","height":""}],"twitter_card":"summary_large_image","schema":{"@context":"https:\/\/schema.org","@graph":[{"@type":"WebPage","@id":"https:\/\/www.leeb-balkone.com\/sl\/nadstresni-sistemi\/atrium\/","url":"https:\/\/www.leeb-balkone.com\/sl\/nadstresni-sistemi\/atrium\/","name":"Atrij \" Prostostoje\u010de atrijske stre\u0161ne kritine - % Leeb Balkone %","isPartOf":{"@id":"https:\/\/www.leeb-balkone.com\/sl\/#website"},"primaryImageOfPage":{"@id":"https:\/\/www.leeb-balkone.com\/sl\/nadstresni-sistemi\/atrium\/#primaryimage"},"image":{"@id":"https:\/\/www.leeb-balkone.com\/sl\/nadstresni-sistemi\/atrium\/#primaryimage"},"thumbnailUrl":"https:\/\/www.leeb-balkone.com\/app\/uploads\/2020\/07\/glas-alu-atrium-ueberdachung-7-1024x705.jpg","datePublished":"2025-09-14T13:22:35+00:00","dateModified":"2026-01-27T14:29:53+00:00","description":"Leeb Atrium je sodoben, prostostoje\u010d aluminijast nadstre\u0161ek. Na vrtu ga je mogo\u010de prilagodljivo postaviti in raz\u0161iriti, da nastane letni vrt. Odporen na vremenske vplive in stabilen. Na\u010drtujte zdaj!","breadcrumb":{"@id":"https:\/\/www.leeb-balkone.com\/sl\/nadstresni-sistemi\/atrium\/#breadcrumb"},"inLanguage":"sl-SI","potentialAction":[{"@type":"ReadAction","target":["https:\/\/www.leeb-balkone.com\/sl\/nadstresni-sistemi\/atrium\/"]}]},{"@type":"ImageObject","inLanguage":"sl-SI","@id":"https:\/\/www.leeb-balkone.com\/sl\/nadstresni-sistemi\/atrium\/#primaryimage","url":"https:\/\/www.leeb-balkone.com\/app\/uploads\/2020\/07\/glas-alu-atrium-ueberdachung-7-1024x705.jpg","contentUrl":"https:\/\/www.leeb-balkone.com\/app\/uploads\/2020\/07\/glas-alu-atrium-ueberdachung-7-1024x705.jpg"},{"@type":"BreadcrumbList","@id":"https:\/\/www.leeb-balkone.com\/sl\/nadstresni-sistemi\/atrium\/#breadcrumb","itemListElement":[{"@type":"ListItem","position":1,"name":"Home","item":"https:\/\/www.leeb-balkone.com\/sl\/"},{"@type":"ListItem","position":2,"name":"Nadstre\u0161ki in poletni vrtovi","item":"https:\/\/www.leeb-balkone.com\/sl\/nadstresni-sistemi\/"},{"@type":"ListItem","position":3,"name":"Atrij"}]},{"@type":"WebSite","@id":"https:\/\/www.leeb-balkone.com\/sl\/#website","url":"https:\/\/www.leeb-balkone.com\/sl\/","name":"Leeb Balkone","description":"Balkone und Z\u00e4une","publisher":{"@id":"https:\/\/www.leeb-balkone.com\/sl\/#organization"},"potentialAction":[{"@type":"SearchAction","target":{"@type":"EntryPoint","urlTemplate":"https:\/\/www.leeb-balkone.com\/sl\/?s={search_term_string}"},"query-input":{"@type":"PropertyValueSpecification","valueRequired":true,"valueName":"search_term_string"}}],"inLanguage":"sl-SI"},{"@type":"Organization","@id":"https:\/\/www.leeb-balkone.com\/sl\/#organization","name":"Leeb Balkone Gmbh","url":"https:\/\/www.leeb-balkone.com\/sl\/","logo":{"@type":"ImageObject","inLanguage":"sl-SI","@id":"https:\/\/www.leeb-balkone.com\/sl\/#\/schema\/logo\/image\/","url":"https:\/\/www.leeb-balkone.com\/app\/uploads\/2020\/11\/leeb-logo.svg","contentUrl":"https:\/\/www.leeb-balkone.com\/app\/uploads\/2020\/11\/leeb-logo.svg","width":741,"height":204,"caption":"Leeb Balkone Gmbh"},"image":{"@id":"https:\/\/www.leeb-balkone.com\/sl\/#\/schema\/logo\/image\/"},"sameAs":["https:\/\/www.facebook.com\/balkone\/","https:\/\/www.trustedshops.at\/bewertung\/info_X4587CCF5833E31AFE0B11F47D86999F2.html","https:\/\/www.trustedshops.de\/bewertung\/info_X7BA536A7A0BDC86D36C4718E4DCAEEEF.html","https:\/\/www.google.com\/maps\/place\/?q=place_id:ChIJ5-zH19-IcEcR9HonWRTllHI"]}]}},"_links":{"self":[{"href":"https:\/\/www.leeb-balkone.com\/sl\/wp-json\/wp\/v2\/pages\/154991","targetHints":{"allow":["GET"]}}],"collection":[{"href":"https:\/\/www.leeb-balkone.com\/sl\/wp-json\/wp\/v2\/pages"}],"about":[{"href":"https:\/\/www.leeb-balkone.com\/sl\/wp-json\/wp\/v2\/types\/page"}],"author":[{"embeddable":true,"href":"https:\/\/www.leeb-balkone.com\/sl\/wp-json\/wp\/v2\/users\/4"}],"replies":[{"embeddable":true,"href":"https:\/\/www.leeb-balkone.com\/sl\/wp-json\/wp\/v2\/comments?post=154991"}],"version-history":[{"count":6,"href":"https:\/\/www.leeb-balkone.com\/sl\/wp-json\/wp\/v2\/pages\/154991\/revisions"}],"predecessor-version":[{"id":163407,"href":"https:\/\/www.leeb-balkone.com\/sl\/wp-json\/wp\/v2\/pages\/154991\/revisions\/163407"}],"up":[{"embeddable":true,"href":"https:\/\/www.leeb-balkone.com\/sl\/wp-json\/wp\/v2\/pages\/155371"}],"wp:attachment":[{"href":"https:\/\/www.leeb-balkone.com\/sl\/wp-json\/wp\/v2\/media?parent=154991"}],"wp:term":[{"taxonomy":"folder","embeddable":true,"href":"https:\/\/www.leeb-balkone.com\/sl\/wp-json\/wp\/v2\/folder?post=154991"}],"curies":[{"name":"wp","href":"https:\/\/api.w.org\/{rel}","templated":true}]}}