{"id":154976,"date":"2025-09-14T12:57:46","date_gmt":"2025-09-14T12:57:46","guid":{"rendered":"https:\/\/www.leeb-balkone.com\/de\/produkti\/nadstresek-za-avtomobile\/"},"modified":"2026-01-27T14:28:33","modified_gmt":"2026-01-27T14:28:33","slug":"carports","status":"publish","type":"page","link":"https:\/\/www.leeb-balkone.com\/sl\/nadstresni-sistemi\/carports\/","title":{"rendered":"Nadstre\u0161ek za avtomobile"},"content":{"rendered":"\n<section class=\"wp-block-group alignfull t3-header t3-header-splitscreen t3-splitscreen-shadow h-zi-20 has-light-gray-background-color has-background has-global-padding is-layout-constrained wp-container-core-group-is-layout-f1ad4950 wp-block-group-is-layout-constrained\" style=\"padding-top:0;padding-bottom:0\">\n<div class=\"wp-block-columns h-flx-a-s m-split is-layout-flex wp-container-core-columns-is-layout-28f84493 wp-block-columns-is-layout-flex\">\n<div class=\"wp-block-column is-vertically-aligned-top h-flx-a-s m-split-col-content is-layout-flow wp-block-column-is-layout-flow\"><div class=\"yoast-breadcrumbs\"><span><span><a href=\"https:\/\/www.leeb-balkone.com\/sl\/\">Home<\/a><\/span> \/ <span><a href=\"https:\/\/www.leeb-balkone.com\/sl\/nadstresni-sistemi\/\">Nadstre\u0161ki in poletni vrtovi<\/a><\/span> \/ <span class=\"breadcrumb_last\" aria-current=\"page\">Nadstre\u0161ek za avtomobile<\/span><\/span><\/div>\n\n<h1 class=\"wp-block-post-title\">Nadstre\u0161ek za avtomobile<\/h1>\n\n\n<p class=\"has-step-0-font-size\" style=\"margin-bottom:0\">Nadstre\u0161ek za avto Leeb zdru\u017euje sodobno obliko, trpe\u017ene materiale in prefinjeno funkcionalnost za optimalno za\u0161\u010dito va\u0161ega vozila. Ne glede na to, ali gre za eno-, dvo- ali vrstno re\u0161itev: nadstre\u0161ek za avtomobile Leeb vam zagotavlja zanesljivo za\u0161\u010dito pred de\u017ejem, snegom in soncem &#8211; dan za dnem, vse leto.<\/p>\n\n\n\n<div class=\"wp-block-buttons is-layout-flex wp-block-buttons-is-layout-flex\" style=\"margin-top:var(--wp--preset--spacing--l)\">\n<div class=\"wp-block-button is-style-cta icon-book icon-left\"><a class=\"wp-block-button__link wp-element-button\" href=\"https:\/\/www.leeb-balkone.com\/sl\/kontakt\/zahtevajte-katalog\/\">Zahtevajte katalog<\/a><\/div>\n\n\n\n<div class=\"wp-block-button is-style-cta icon-vp icon-left\"><a class=\"wp-block-button__link wp-element-button\" href=\"https:\/\/www.leeb-balkone.com\/sl\/distribucijski-partnerji\/\">Poi\u0161\u010dite kontaktno osebo<span class=\"sr-only\"> Slovenija<\/span><\/a><\/div>\n<\/div>\n<\/div>\n\n\n\n<div class=\"wp-block-column is-vertically-aligned-stretch h-hide-md-down is-style-image-cover is-layout-flow wp-block-column-is-layout-flow\">\n<figure class=\"wp-block-image size-large\"><img loading=\"lazy\" decoding=\"async\" width=\"1024\" height=\"767\" src=\"https:\/\/www.leeb-balkone.com\/app\/uploads\/2021\/11\/carport-modern-alu-glas-ansicht-vorplatz-1024x767.jpeg\" alt=\"Carport an der Hausmauer befestigt\" class=\"wp-image-60098\" srcset=\"https:\/\/www.leeb-balkone.com\/app\/uploads\/2021\/11\/carport-modern-alu-glas-ansicht-vorplatz-1024x767.jpeg 1024w, https:\/\/www.leeb-balkone.com\/app\/uploads\/2021\/11\/carport-modern-alu-glas-ansicht-vorplatz-300x225.jpeg 300w, https:\/\/www.leeb-balkone.com\/app\/uploads\/2021\/11\/carport-modern-alu-glas-ansicht-vorplatz-768x575.jpeg 768w, https:\/\/www.leeb-balkone.com\/app\/uploads\/2021\/11\/carport-modern-alu-glas-ansicht-vorplatz-1536x1151.jpeg 1536w, https:\/\/www.leeb-balkone.com\/app\/uploads\/2021\/11\/carport-modern-alu-glas-ansicht-vorplatz-scaled.jpeg 2048w\" sizes=\"auto, (max-width: 1024px) 100vw, 1024px\" \/><\/figure>\n<\/div>\n<\/div>\n<\/section>\n\n\n\n<section class=\"wp-block-group alignfull has-white-background-color has-background has-global-padding is-layout-constrained wp-container-core-group-is-layout-52f96efc wp-block-group-is-layout-constrained\" id=\"modelle\">\n<div class=\"wp-block-group m-teaser o-grid u-md-1 is-layout-flow wp-block-group-is-layout-flow\">\n<div class=\"wp-block-group u-g-9 u-g-s-2 is-layout-flow wp-block-group-is-layout-flow\" style=\"margin-bottom:var(--wp--preset--spacing--s)\">\n<p class=\"has-text-align-left\"><em><strong><strong>&#8220;Trajno lepi, trajno varni &#8211; aluminijasti nadstre\u0161ki iz Leeba.&#8221;<\/strong><\/strong><\/em><\/p>\n<\/div>\n<\/div>\n\n\n\n<div class=\"wp-block-columns is-layout-flex wp-container-core-columns-is-layout-28f84493 wp-block-columns-is-layout-flex\">\n<div class=\"wp-block-column is-layout-flow wp-block-column-is-layout-flow\" style=\"flex-basis:66.66%\"><div class=\"tgs-gallery\" data-tablet-slides=\"4\" data-desktop-slides=\"5\"><div class=\"t3-tgs swiper mainSlider\">\n                <div class=\"has-icon icon-enlarge\"><\/div>\n                <div class=\"swiper-wrapper lg-swiper\"><div class=\"swiper-slide\"><a href=\"https:\/\/www.leeb-balkone.com\/app\/uploads\/2021\/11\/doppelcarport-alu-mit-seitenwand-und-glasdach-scaled.jpeg\"><img decoding=\"async\" src=\"https:\/\/www.leeb-balkone.com\/app\/uploads\/2021\/11\/doppelcarport-alu-mit-seitenwand-und-glasdach-scaled.jpeg\" alt=\"Doppel-Carport aus Aluminium mit Glaseindeckung\"><\/a><div class=\"tgs-desc\">Dvojni nadstre\u0161ek iz aluminija s stekleno streho<\/div><\/div><div class=\"swiper-slide\"><a href=\"https:\/\/www.leeb-balkone.com\/app\/uploads\/2022\/07\/solar-carport-bei-der-hauseinfahrt-scaled.jpg\"><img decoding=\"async\" src=\"https:\/\/www.leeb-balkone.com\/app\/uploads\/2022\/07\/solar-carport-bei-der-hauseinfahrt-scaled.jpg\" alt=\"Carport mit Solarpaneelen bei der Hauseinfahrt\"><\/a><div class=\"tgs-desc\">Nadstre\u0161ek s son\u010dnimi kolektorji pri vhodu v hi\u0161o<\/div><\/div><div class=\"swiper-slide\"><a href=\"https:\/\/www.leeb-balkone.com\/app\/uploads\/2020\/07\/Carport-in-anthrazit-aus-Aluminium-mit-Eindeckung-aus-Sandwichpaneelen-Copyright-Andreas-Tauber-scaled.jpg\"><img decoding=\"async\" src=\"https:\/\/www.leeb-balkone.com\/app\/uploads\/2020\/07\/Carport-in-anthrazit-aus-Aluminium-mit-Eindeckung-aus-Sandwichpaneelen-Copyright-Andreas-Tauber-scaled.jpg\" alt=\"Carportreihe mit Eindeckung aus Sandwichpaneelen - Leeb Carports\"><\/a><div class=\"tgs-desc\">Niz nadstre\u0161kov s streho iz sendvi\u010d panelov \u2013 Leeb Carports<\/div><\/div><\/div><div class=\"mainSliderPrev\"><\/div><div class=\"mainSliderNext\"><\/div><div class=\"main_slider_dots\"><\/div><\/div><div class=\"swiper thumbSlider\"><div class=\"swiper-wrapper wp-block-t3-carousel-wrapper\"><div class=\"swiper-slide\"><img decoding=\"async\" src=\"https:\/\/www.leeb-balkone.com\/app\/uploads\/2021\/11\/doppelcarport-alu-mit-seitenwand-und-glasdach-1024x730.jpeg\" alt=\"Doppel-Carport aus Aluminium mit Glaseindeckung\" \/><\/div><div class=\"swiper-slide\"><img decoding=\"async\" src=\"https:\/\/www.leeb-balkone.com\/app\/uploads\/2022\/07\/solar-carport-bei-der-hauseinfahrt-1024x765.jpg\" alt=\"Carport mit Solarpaneelen bei der Hauseinfahrt\" \/><\/div><div class=\"swiper-slide\"><img decoding=\"async\" src=\"https:\/\/www.leeb-balkone.com\/app\/uploads\/2020\/07\/Carport-in-anthrazit-aus-Aluminium-mit-Eindeckung-aus-Sandwichpaneelen-Copyright-Andreas-Tauber-1024x683.jpg\" alt=\"Carportreihe mit Eindeckung aus Sandwichpaneelen - Leeb Carports\" \/><\/div><\/div><div class=\"thumbSliderPrev swiper-button-prev\"><\/div><div class=\"thumbSliderNext swiper-button-next\"><\/div><\/div><\/div><\/div>\n\n\n\n<div class=\"wp-block-column is-layout-flow wp-block-column-is-layout-flow\" style=\"flex-basis:33.33%\">\n<h2 class=\"wp-block-heading has-step-2-font-size\">Aluminijasti nadstre\u0161ki<\/h2>\n\n\n\n<p>Nadstre\u0161ki iz aluminija, ki ne potrebuje vzdr\u017eevanja, podjetja Leeb zagotavljajo optimalno za\u0161\u010dito va\u0161ega vozila pred to\u010do, snegom in UV-sevanjem. Strganje ledu in kopi\u010denje toplote v avtomobilu sta zdaj stvar preteklosti. Prilagojena va\u0161im zahtevam je popolna re\u0161itev za vsak primer gradnje in vgradnje.<\/p>\n\n\n\n<ul class=\"wp-block-list is-style-checkmark-2\">\n<li>Robustna konstrukcija<\/li>\n\n\n\n<li>Elegantna zasnova, dodatki<\/li>\n\n\n\n<li>Razli\u010dne oblike streh<\/li>\n\n\n\n<li>Izbirno <a href=\"https:\/\/www.leeb-balkone.com\/sl\/solar\/soncni-nadstresek-za-avtomobile\/\">solarno nadstre\u0161nico za avtomobile<\/a><\/li>\n<\/ul>\n<\/div>\n<\/div>\n\n\n\n<div class=\"wp-block-group m-teaser o-grid u-md-1 is-layout-flow wp-block-group-is-layout-flow\" style=\"margin-top:0;padding-top:var(--wp--preset--spacing--xl-2-xl)\">\n<div class=\"wp-block-group u-g-10 u-g-s-2 is-layout-flow wp-block-group-is-layout-flow\" style=\"margin-top:0;margin-bottom:var(--wp--preset--spacing--s)\"><div class=\"wp-block-t3-tabs t3-tabs t3-tabs--centered t3-tabs--use-headings t3-tabs--heading-h3\" data-uniqueid=\"tabs-8f57f258\" data-use-headings=\"true\" data-heading-level=\"h3\"><ul class=\"t3-tabs__list\" role=\"tablist\"><li role=\"presentation\"><button role=\"tab\" id=\"tabs-8f57f258-tab-0\" aria-controls=\"tabs-8f57f258-panel-0\" class=\"t3-tabs__tab-button t3-tabs__tab-button--heading t3-tabs__tab-button--active\" aria-selected=\"true\" tabindex=\"0\"><div class=\"t3-tabs__tab-button-inner\"><span class=\"t3-tabs__tab-title\">Struktura in opis<\/span><\/div><\/button><\/li><li role=\"presentation\"><button role=\"tab\" id=\"tabs-8f57f258-tab-1\" aria-controls=\"tabs-8f57f258-panel-1\" class=\"t3-tabs__tab-button t3-tabs__tab-button--heading\" aria-selected=\"false\" tabindex=\"-1\"><div class=\"t3-tabs__tab-button-inner\"><span class=\"t3-tabs__tab-title\">Oprema in mo\u017enosti<\/span><\/div><\/button><\/li><li role=\"presentation\"><button role=\"tab\" id=\"tabs-8f57f258-tab-2\" aria-controls=\"tabs-8f57f258-panel-2\" class=\"t3-tabs__tab-button t3-tabs__tab-button--heading\" aria-selected=\"false\" tabindex=\"-1\"><div class=\"t3-tabs__tab-button-inner\"><span class=\"t3-tabs__tab-title\">Varnost in kakovost<\/span><\/div><\/button><\/li><\/ul><div class=\"t3-tabs__panels\"><div class=\"t3-tab__content t3-tabs__panel\" role=\"tabpanel\" id=\"tabs-8f57f258-panel-0\" aria-labelledby=\"tabs-8f57f258-tab-0\"><h3 class=\"sr-only\">Struktura in opis<\/h3>\n<p>Nadstre\u0161ek za avtomobile Leeb ponuja trpe\u017eno in vizualno privla\u010dno za\u0161\u010dito za va\u0161e vozilo &#8211; prilagojeno va\u0161im potrebam.<\/p>\n\n\n\n<ul class=\"wp-block-list\">\n<li>Nosilna konstrukcija iz pra\u0161no lakiranega aluminija<\/li>\n\n\n\n<li>Razli\u010dne oblike streh (ravna streha, enokapna streha, po\u0161evna streha)<\/li>\n\n\n\n<li>Enojni ali dvojni nadstre\u0161ek za avtomobile, ki ga je mogo\u010de na\u010drtovati individualno<\/li>\n\n\n\n<li>Po \u017eelji s stranskimi stenami ali predalom za opremo<\/li>\n<\/ul>\n<\/div><div class=\"t3-tab__content t3-tabs__panel\" role=\"tabpanel\" id=\"tabs-8f57f258-panel-1\" aria-labelledby=\"tabs-8f57f258-tab-1\"><h3 class=\"sr-only\">Oprema in mo\u017enosti<\/h3>\n<p>Nadstre\u0161ek za avto Leeb ima prilagodljive mo\u017enosti opreme za najve\u010dje udobje in funkcionalnost.<\/p>\n\n\n\n<ul class=\"wp-block-list\">\n<li>Neobvezne stranske stene, prostor za opremo ali parkiri\u0161\u010da za kolesa<\/li>\n\n\n\n<li>Mo\u017enost vgrajene osvetlitve LED<\/li>\n\n\n\n<li>Razli\u010dne barve in povr\u0161ine aluminijastih profilov<\/li>\n\n\n\n<li>Prilagojena zasnova strehe in dodatna oprema<\/li>\n\n\n\n<li>Z vgrajenimi fotovoltai\u010dnimi moduli<\/li>\n<\/ul>\n<\/div><div class=\"t3-tab__content t3-tabs__panel\" role=\"tabpanel\" id=\"tabs-8f57f258-panel-2\" aria-labelledby=\"tabs-8f57f258-tab-2\"><h3 class=\"sr-only\">Varnost in kakovost<\/h3>\n<p>Z nadstre\u0161kom za avtomobile Leeb pridobite dokazano varnost, stabilnost in nalo\u017ebo v trajno kakovost.<\/p>\n\n\n\n<ul class=\"wp-block-list\">\n<li>Robustna aluminijasta konstrukcija, odporna proti koroziji<\/li>\n\n\n\n<li>Pra\u0161ni premaz ALU COMFORT PLUS\u00ae za dolgotrajno za\u0161\u010dito<\/li>\n\n\n\n<li>Konstrukcija, zasnovana za visoke obremenitve zaradi vetra in snega<\/li>\n\n\n\n<li>Nezahtevno vzdr\u017eevanje, vzdr\u017eljivost in odpornost na vremenske vplive<\/li>\n<\/ul>\n<\/div><\/div><\/div><\/div>\n<\/div>\n<\/section>\n\n\n\n\n\n<section class=\"wp-block-group alignfull has-light-gray-background-color has-background has-global-padding is-layout-constrained wp-container-core-group-is-layout-52f96efc wp-block-group-is-layout-constrained\" id=\"service-qualitaet\">\n<div class=\"wp-block-group o-grid u-md-1 is-layout-flow wp-block-group-is-layout-flow\">\n<div class=\"wp-block-group u-g-9 u-g-s-2 is-layout-flow wp-block-group-is-layout-flow\" style=\"margin-bottom:var(--wp--preset--spacing--s)\">\n<h2 class=\"wp-block-heading\"><strong>Leeb Carport<\/strong><\/h2>\n\n\n\n<p><span class=\"teaser\">Nadstre\u0161ek za avto iz podjetja Leeb je idealna re\u0161itev za elegantno in zanesljivo za\u0161\u010dito va\u0161ega vozila pred de\u017ejem, snegom, to\u010do in mo\u010dnimi UV-\u017earki &#8211; brez potrebe po dragem vzdr\u017eevanju.<\/span><\/p>\n\n\n\n<p>Z nadstre\u0161nico Leeb dobite trajno, prilagodljivo in varno re\u0161itev &#8211; od na\u010drtovanja do namestitve iz enega samega vira.<\/p>\n<\/div>\n<\/div>\n\n\n\n<div class=\"wp-block-group small is-style-white-cards sm-2-cols is-layout-grid wp-container-core-group-is-layout-7785d981 wp-block-group-is-layout-grid\">\n<div class=\"wp-block-group m-card has-modal is-layout-flow wp-container-core-group-is-layout-8a368f38 wp-block-group-is-layout-flow\" data-modal-id=\"150743\">\n<figure class=\"wp-block-image size-full\"><img loading=\"lazy\" decoding=\"async\" width=\"2560\" height=\"1920\" src=\"https:\/\/www.leeb-balkone.com\/app\/uploads\/2024\/08\/alu-terrassenueberdachung-elegant-highend-01-scaled.jpg\" alt=\"alu terrassenueberdachung elegant highend\" class=\"wp-image-140194\" srcset=\"https:\/\/www.leeb-balkone.com\/app\/uploads\/2024\/08\/alu-terrassenueberdachung-elegant-highend-01-scaled.jpg 2560w, https:\/\/www.leeb-balkone.com\/app\/uploads\/2024\/08\/alu-terrassenueberdachung-elegant-highend-01-300x225.jpg 300w, https:\/\/www.leeb-balkone.com\/app\/uploads\/2024\/08\/alu-terrassenueberdachung-elegant-highend-01-1024x768.jpg 1024w, https:\/\/www.leeb-balkone.com\/app\/uploads\/2024\/08\/alu-terrassenueberdachung-elegant-highend-01-768x576.jpg 768w, https:\/\/www.leeb-balkone.com\/app\/uploads\/2024\/08\/alu-terrassenueberdachung-elegant-highend-01-1536x1152.jpg 1536w, https:\/\/www.leeb-balkone.com\/app\/uploads\/2024\/08\/alu-terrassenueberdachung-elegant-highend-01-2048x1536.jpg 2048w\" sizes=\"auto, (max-width: 2560px) 100vw, 2560px\" \/><\/figure>\n\n\n\n<div class=\"wp-block-group m-card-content has-white-background-color has-background is-vertical is-layout-flex wp-container-core-group-is-layout-5580f018 wp-block-group-is-layout-flex\">\n<h3 class=\"wp-block-heading\">Prava streha za vsak projekt<\/h3>\n\n\n\n<p>Stre\u0161na kritina s sistemom &#8211; najve\u010dja izbira, najve\u010dja svoboda oblikovanja.<\/p>\n<\/div>\n<a href=\"#overlay-150743\" class=\"open-modal-link\" aria-label=\"Open modal\"><span class=\"sr-only\">\u00d6ffne Modal<\/span><\/a><\/div>\n\n\n\n<div class=\"wp-block-group m-card has-modal is-layout-flow wp-container-core-group-is-layout-8a368f38 wp-block-group-is-layout-flow\" data-modal-id=\"150749\">\n<figure class=\"wp-block-image size-large is-style-default\"><img loading=\"lazy\" decoding=\"async\" width=\"1024\" height=\"767\" src=\"https:\/\/www.leeb-balkone.com\/app\/uploads\/2020\/08\/leeb-balkone-mitarbeiter-4-1024x767.jpeg\" alt=\"Namestitev prilagojene balkonske ograje iz aluminija Leeb\" class=\"wp-image-6083\" srcset=\"https:\/\/www.leeb-balkone.com\/app\/uploads\/2020\/08\/leeb-balkone-mitarbeiter-4-1024x767.jpeg 1024w, https:\/\/www.leeb-balkone.com\/app\/uploads\/2020\/08\/leeb-balkone-mitarbeiter-4-2048x1535.jpeg 2048w, https:\/\/www.leeb-balkone.com\/app\/uploads\/2020\/08\/leeb-balkone-mitarbeiter-4-300x225.jpeg 300w, https:\/\/www.leeb-balkone.com\/app\/uploads\/2020\/08\/leeb-balkone-mitarbeiter-4-768x575.jpeg 768w, https:\/\/www.leeb-balkone.com\/app\/uploads\/2020\/08\/leeb-balkone-mitarbeiter-4-1536x1151.jpeg 1536w\" sizes=\"auto, (max-width: 1024px) 100vw, 1024px\" \/><\/figure>\n\n\n\n<div class=\"wp-block-group m-card-content has-white-background-color has-background is-vertical is-layout-flex wp-container-core-group-is-layout-5580f018 wp-block-group-is-layout-flex\">\n<h3 class=\"wp-block-heading\">Vsestranska storitev za brezskrbno realizacijo!<\/h3>\n\n\n\n<p>Svetovanje na kraju samem, 3D konfigurator, tovarni\u0161ka proizvodnja, dobava in monta\u017ea.<\/p>\n<\/div>\n<a href=\"#overlay-150749\" class=\"open-modal-link\" aria-label=\"Open modal\"><span class=\"sr-only\">\u00d6ffne Modal<\/span><\/a><\/div>\n\n\n\n<div class=\"wp-block-group m-card has-modal is-layout-flow wp-container-core-group-is-layout-8a368f38 wp-block-group-is-layout-flow\" data-modal-id=\"150746\">\n<figure class=\"wp-block-image size-full\"><img loading=\"lazy\" decoding=\"async\" width=\"2048\" height=\"1366\" src=\"https:\/\/www.leeb-balkone.com\/app\/uploads\/2022\/05\/glas-bearbeitung-zuschnitt--scaled.jpg\" alt=\"glas bearbeitung zuschnitt \" class=\"wp-image-83644\" srcset=\"https:\/\/www.leeb-balkone.com\/app\/uploads\/2022\/05\/glas-bearbeitung-zuschnitt--scaled.jpg 2048w, https:\/\/www.leeb-balkone.com\/app\/uploads\/2022\/05\/glas-bearbeitung-zuschnitt--300x200.jpg 300w, https:\/\/www.leeb-balkone.com\/app\/uploads\/2022\/05\/glas-bearbeitung-zuschnitt--1024x683.jpg 1024w, https:\/\/www.leeb-balkone.com\/app\/uploads\/2022\/05\/glas-bearbeitung-zuschnitt--768x512.jpg 768w, https:\/\/www.leeb-balkone.com\/app\/uploads\/2022\/05\/glas-bearbeitung-zuschnitt--1536x1024.jpg 1536w\" sizes=\"auto, (max-width: 2048px) 100vw, 2048px\" \/><\/figure>\n\n\n\n<div class=\"wp-block-group m-card-content has-white-background-color has-background is-vertical is-layout-flex wp-container-core-group-is-layout-5580f018 wp-block-group-is-layout-flex\">\n<h3 class=\"wp-block-heading\"><strong>Laminirano varnostno steklo vrhunske kakovosti<\/strong><\/h3>\n\n\n\n<p>Preizku\u0161ena varnost, inovativne zasnove in dolgotrajna kakovost po meri s podjetjem Leeb Glas.<\/p>\n<\/div>\n<a href=\"#overlay-150746\" class=\"open-modal-link\" aria-label=\"Open modal\"><span class=\"sr-only\">\u00d6ffne Modal<\/span><\/a><\/div>\n\n\n\n<div class=\"wp-block-group m-card has-modal is-layout-flow wp-container-core-group-is-layout-8a368f38 wp-block-group-is-layout-flow\" data-modal-id=\"150753\">\n<figure class=\"wp-block-image size-large\"><img loading=\"lazy\" decoding=\"async\" width=\"1024\" height=\"665\" src=\"https:\/\/www.leeb-balkone.com\/app\/uploads\/2020\/08\/alu-comfort-plus-1024x665.jpg\" alt=\"alu comfort plus\" class=\"wp-image-5082\" srcset=\"https:\/\/www.leeb-balkone.com\/app\/uploads\/2020\/08\/alu-comfort-plus-1024x665.jpg 1024w, https:\/\/www.leeb-balkone.com\/app\/uploads\/2020\/08\/alu-comfort-plus-300x195.jpg 300w, https:\/\/www.leeb-balkone.com\/app\/uploads\/2020\/08\/alu-comfort-plus-768x499.jpg 768w, https:\/\/www.leeb-balkone.com\/app\/uploads\/2020\/08\/alu-comfort-plus-1536x997.jpg 1536w, https:\/\/www.leeb-balkone.com\/app\/uploads\/2020\/08\/alu-comfort-plus-2048x1330.jpg 2048w\" sizes=\"auto, (max-width: 1024px) 100vw, 1024px\" \/><\/figure>\n\n\n\n<div class=\"wp-block-group m-card-content has-white-background-color has-background is-vertical is-layout-flex wp-container-core-group-is-layout-5580f018 wp-block-group-is-layout-flex\">\n<h3 class=\"wp-block-heading\">Dolgoro\u010dna za\u0161\u010dita z ALU Comfort Plus\u00ae<\/h3>\n\n\n\n<p>Patentiran premaz in obdelava aluminija na najvi\u0161ji ravni.<\/p>\n<\/div>\n<a href=\"#overlay-150753\" class=\"open-modal-link\" aria-label=\"Open modal\"><span class=\"sr-only\">\u00d6ffne Modal<\/span><\/a><\/div>\n<\/div>\n\n\n\n<div class=\"wp-block-group o-grid u-md-1 is-layout-flow wp-block-group-is-layout-flow\" style=\"padding-top:var(--wp--preset--spacing--l)\">\n<div class=\"wp-block-group u-g-9 u-g-s-2 is-layout-flow wp-block-group-is-layout-flow\" style=\"margin-bottom:var(--wp--preset--spacing--s)\">\n<h3 class=\"wp-block-heading\">Prednosti na prvi pogled<\/h3>\n\n\n\n<p>Nadstre\u0161ek za avto Leeb vam ponuja \u0161tevilne prednosti, ki dale\u010d presegajo klasi\u010dno za\u0161\u010dito pred vremenskimi vplivi: Z nadstre\u0161kom Leeb vlagate v udobje, varnost in dodano vrednost svojega doma: od trpe\u017ene aluminijaste konstrukcije, ki ne zahteva veliko vzdr\u017eevanja, in individualnih mo\u017enosti oblikovanja do mo\u017enosti trajnostne opreme, kot je vgrajena fotovoltaika.  <\/p>\n\n\n\n<ul class=\"wp-block-list is-style-checkmark-2\">\n<li><strong>Optimalna za\u0161\u010dita va\u0161ega vozila:<\/strong> nadstre\u0161ki Leeb iz aluminija, ki ne potrebuje vzdr\u017eevanja, zagotavljajo zanesljivo za\u0161\u010dito pred de\u017ejem, snegom, to\u010do in mo\u010dnim UV sevanjem.  <\/li>\n\n\n\n<li><strong>Trajnost in enostavna nega:<\/strong> zaradi patentiranega pra\u0161nega premaza ALU COMFORT PLUS\u00ae so nadstre\u0161ki posebej odporni na vremenske vplive in trajno privla\u010dni.<\/li>\n\n\n\n<li><strong>Oblikovanje po meri:<\/strong> Leeb ponuja nadstre\u0161ke za avtomobile razli\u010dnih velikosti in oblik s \u0161tevilnimi mo\u017enostmi oblikovanja in opreme, kot so zasloni za veter in zasebnost ali son\u010dni moduli za trajnostno pridobivanje energije.<\/li>\n\n\n\n<li><strong>Najvi\u0161ji varnostni standardi:<\/strong> Nadstre\u0161ki so stati\u010dno izra\u010dunani, izpolnjujejo stroge standarde kakovosti in varnosti ter so certificirani z avstrijskim znakom kakovosti in ISO 9001.<\/li>\n\n\n\n<li><strong>Vsestranska storitev:<\/strong> Leeb vam nudi vse od na\u010drtovanja po meri in natan\u010dne izdelave do strokovne namestitve iz enega samega vira.<\/li>\n<\/ul>\n<\/div>\n<\/div>\n<\/section>\n\n\n\n<section class=\"wp-block-cover alignfull is-light katalog-cta\" style=\"margin-top:0;margin-bottom:0;padding-top:0;padding-right:0;padding-bottom:0;padding-left:0;min-height:100px;aspect-ratio:unset;\"><img loading=\"lazy\" decoding=\"async\" width=\"1920\" height=\"599\" class=\"wp-block-cover__image-background wp-image-7912 size-full\" alt=\"leeb balkone katalog anfordern\" src=\"https:\/\/www.leeb-balkone.com\/app\/uploads\/2020\/09\/leeb-balkone-katalog-anfordern-1.jpeg\" data-object-fit=\"cover\" srcset=\"https:\/\/www.leeb-balkone.com\/app\/uploads\/2020\/09\/leeb-balkone-katalog-anfordern-1-300x94.jpeg 300w, https:\/\/www.leeb-balkone.com\/app\/uploads\/2020\/09\/leeb-balkone-katalog-anfordern-1-1024x319.jpeg 1024w, https:\/\/www.leeb-balkone.com\/app\/uploads\/2020\/09\/leeb-balkone-katalog-anfordern-1-768x240.jpeg 768w, https:\/\/www.leeb-balkone.com\/app\/uploads\/2020\/09\/leeb-balkone-katalog-anfordern-1-1536x479.jpeg 1536w\" sizes=\"auto, (max-width: 1920px) 100vw, 1920px\" \/><span aria-hidden=\"true\" class=\"wp-block-cover__background has-primary-45-background-color has-background-dim-80 has-background-dim\"><\/span><div class=\"wp-block-cover__inner-container has-global-padding is-layout-constrained wp-container-core-cover-is-layout-fc5783d2 wp-block-cover-is-layout-constrained\">\n<div class=\"wp-block-group is-layout-flow wp-block-group-is-layout-flow\" style=\"min-height:0px;margin-top:0;margin-bottom:0;padding-top:var(--wp--preset--spacing--2-xl);padding-bottom:var(--wp--preset--spacing--2-xl);padding-left:0\">\n<div class=\"wp-block-columns are-vertically-aligned-center is-layout-flex wp-container-core-columns-is-layout-0a4bbf16 wp-block-columns-is-layout-flex\" style=\"margin-top:0;margin-bottom:0\">\n<div class=\"wp-block-column is-vertically-aligned-center is-layout-flow wp-block-column-is-layout-flow\" style=\"flex-basis:66.66%\">\n<h2 class=\"wp-block-heading\">Nadstre\u0161ek v katalogu<\/h2>\n\n\n\n<p class=\"is-style-teaser\"><span class=\"teaser\">Va\u0161 osebni katalog \u010daka na vas! Naro\u010dite zdaj brezpla\u010dno in odkrijte na\u0161o celotno ponudbo nadstre\u0161kov. Poi\u0161\u010dite re\u0161itev, ki vam popolnoma ustreza.<\/span><\/p>\n<\/div>\n\n\n\n<div class=\"wp-block-column is-vertically-aligned-center is-layout-flow wp-block-column-is-layout-flow\" style=\"flex-basis:33.33%\">\n<div class=\"wp-block-buttons u-m-jc-left is-content-justification-right is-layout-flex wp-container-core-buttons-is-layout-c060c6c7 wp-block-buttons-is-layout-flex\">\n<div class=\"wp-block-button is-style-filled-white large\"><a class=\"wp-block-button__link wp-element-button\" href=\"https:\/\/www.leeb-balkone.com\/sl\/kontakt\/zahtevajte-katalog\/\" style=\"box-shadow:var(--wp--preset--shadow--button-shadow)\">Zahtevajte katalog<\/a><\/div>\n<\/div>\n<\/div>\n<\/div>\n<\/div>\n<\/div><\/section>\n\n\n\n<section class=\"wp-block-group alignfull has-white-background-color has-background has-global-padding is-layout-constrained wp-container-core-group-is-layout-52f96efc wp-block-group-is-layout-constrained\">\n<div class=\"wp-block-group o-grid u-md-1 is-layout-flow wp-block-group-is-layout-flow\" style=\"padding-top:0\">\n<div class=\"wp-block-group u-g-9 u-g-s-2 is-layout-flow wp-block-group-is-layout-flow\" style=\"margin-bottom:var(--wp--preset--spacing--s)\">\n<h2 class=\"wp-block-heading\">Reference<\/h2>\n<\/div>\n<\/div>\n\n\n\n<div class=\"wp-block-t3-carousel-wrapper\" id=\"t3-carousel-484c6166-c1b4-4928-9063-bfe81baed094\"><div class=\"wp-block-t3-carousel t3-carousel-block swiper\" data-swiper-options=\"{&quot;loop&quot;:false,&quot;preloadImages&quot;:false,&quot;lazy&quot;:{&quot;loadPrevNext&quot;:true},&quot;autoplay&quot;:{&quot;delay&quot;:3000,&quot;disableOnInteraction&quot;:false},&quot;navigation&quot;:{&quot;nextEl&quot;:&quot;#t3-carousel-484c6166-c1b4-4928-9063-bfe81baed094 .t3-carousel-484c6166-c1b4-4928-9063-bfe81baed094-next&quot;,&quot;prevEl&quot;:&quot;#t3-carousel-484c6166-c1b4-4928-9063-bfe81baed094 .t3-carousel-484c6166-c1b4-4928-9063-bfe81baed094-prev&quot;},&quot;pagination&quot;:{&quot;el&quot;:&quot;#t3-carousel-484c6166-c1b4-4928-9063-bfe81baed094 .t3-carousel-484c6166-c1b4-4928-9063-bfe81baed094-pagination&quot;,&quot;clickable&quot;:true},&quot;scrollbar&quot;:false,&quot;breakpoints&quot;:{&quot;0&quot;:{&quot;slidesPerView&quot;:1.15,&quot;spaceBetween&quot;:24},&quot;769&quot;:{&quot;slidesPerView&quot;:1,&quot;spaceBetween&quot;:30}}}\"><div class=\"swiper-wrapper\">\n<div class=\"wp-block-t3-carousel-slide t3-carousel-slide swiper-slide\">\n<div class=\"wp-block-columns testimonial m-split is-layout-flex wp-container-core-columns-is-layout-3331f5f7 wp-block-columns-is-layout-flex\" style=\"padding-bottom:0\">\n<div class=\"wp-block-column is-layout-flow wp-block-column-is-layout-flow\">\n<div class=\"wp-block-group is-layout-flow wp-block-group-is-layout-flow has-background\" style=\"min-height:100%;background-image:url(&#039;https:\/\/www.leeb-balkone.com\/app\/uploads\/2020\/08\/alu-carport-1.jpg&#039;);background-size:cover;\"><\/div>\n<\/div>\n\n\n\n<div class=\"wp-block-column is-vertically-aligned-top testimonial-text is-layout-flow wp-block-column-is-layout-flow\">\n<div class=\"wp-block-group has-light-gray-background-color has-background is-vertical is-layout-flex wp-container-core-group-is-layout-044273ab wp-block-group-is-layout-flex\" style=\"padding-top:var(--wp--preset--spacing--xl);padding-right:var(--wp--preset--spacing--xl);padding-bottom:var(--wp--preset--spacing--xl);padding-left:var(--wp--preset--spacing--l)\">\n<p class=\"has-step-1-font-size\"><em>&#8220;Spomladi smo dobili nov nadstre\u0161ek od podjetja LEEB in smo ve\u010d kot navdu\u0161eni nad zasnovo in kakovostjo.&#8221;<\/em><\/p>\n\n\n\n<p class=\"has-step-s-font-size\"><strong>Dru\u017eina Schillinger<br><\/strong>89567 Sontheim<\/p>\n<\/div>\n<\/div>\n<\/div>\n<\/div>\n<\/div><div class=\"swiper-pagination t3-carousel-484c6166-c1b4-4928-9063-bfe81baed094-pagination\"><\/div><\/div><div class=\"swiper-button-prev t3-carousel-484c6166-c1b4-4928-9063-bfe81baed094-prev\"><\/div><div class=\"swiper-button-next t3-carousel-484c6166-c1b4-4928-9063-bfe81baed094-next\"><\/div><\/div>\n<\/section>\n\n\n\n<section class=\"wp-block-group alignfull has-white-background-color has-background has-global-padding is-layout-constrained wp-container-core-group-is-layout-9fa1424c wp-block-group-is-layout-constrained\" style=\"padding-top:0\">\n<div class=\"wp-block-group o-grid u-md-1 is-layout-flow wp-block-group-is-layout-flow\" style=\"padding-top:0\">\n<div class=\"wp-block-group u-g-9 u-g-s-2 is-layout-flow wp-block-group-is-layout-flow\" style=\"margin-bottom:var(--wp--preset--spacing--s)\">\n<h2 class=\"wp-block-heading\">Zakaj nadstre\u0161ek za avtomobile Leeb?<\/h2>\n\n\n\n<p class=\"is-style-teaser\"><span class=\"teaser\">Aluminijasti nadstre\u0161ki Leeb imajo sodoben, eleganten videz, so izredno enostavni za vzdr\u017eevanje ter ohranjajo svojo funkcijo in videz ve\u010d let.<\/span><\/p>\n<\/div>\n<\/div>\n\n\n\n<div class=\"wp-block-group is-layout-flow wp-container-core-group-is-layout-d5075d26 wp-block-group-is-layout-flow\">\n<div class=\"wp-block-columns is-style-shadow m-split is-layout-flex wp-container-core-columns-is-layout-28f84493 wp-block-columns-is-layout-flex\">\n<div class=\"wp-block-column is-style-default is-layout-flow wp-block-column-is-layout-flow\">\n<figure class=\"wp-block-image size-large\"><img loading=\"lazy\" decoding=\"async\" width=\"1024\" height=\"767\" src=\"https:\/\/www.leeb-balkone.com\/app\/uploads\/2021\/11\/carport-modern-alu-glas-1024x767.jpeg\" alt=\"carport modern alu glas\" class=\"wp-image-60068\" style=\"aspect-ratio:4\/3;object-fit:cover\" srcset=\"https:\/\/www.leeb-balkone.com\/app\/uploads\/2021\/11\/carport-modern-alu-glas-1024x767.jpeg 1024w, https:\/\/www.leeb-balkone.com\/app\/uploads\/2021\/11\/carport-modern-alu-glas-300x225.jpeg 300w, https:\/\/www.leeb-balkone.com\/app\/uploads\/2021\/11\/carport-modern-alu-glas-768x575.jpeg 768w, https:\/\/www.leeb-balkone.com\/app\/uploads\/2021\/11\/carport-modern-alu-glas-1536x1151.jpeg 1536w, https:\/\/www.leeb-balkone.com\/app\/uploads\/2021\/11\/carport-modern-alu-glas-scaled.jpeg 2048w\" sizes=\"auto, (max-width: 1024px) 100vw, 1024px\" \/><\/figure>\n<\/div>\n\n\n\n<div class=\"wp-block-column is-vertically-aligned-center is-style-overlay-content is-layout-flow wp-block-column-is-layout-flow\">\n<div class=\"wp-block-group is-vertical is-layout-flex wp-container-core-group-is-layout-6aed0e10 wp-block-group-is-layout-flex\">\n<h3 class=\"wp-block-heading\">Prepri\u010dljiv koncept<\/h3>\n\n\n\n<p>Visokokakovostni aluminijasti profili in natan\u010dna izdelava zagotavljajo izjemno stabilnost, tako da tudi mo\u010dni sunki vetra in te\u017eke sne\u017ene obremenitve ne predstavljajo te\u017eav. Zaradi premi\u0161ljene zasnove, kot so stranski stre\u0161ni previs ter dodatni elementi za za\u0161\u010dito pred vetrom in zasebnostjo, je va\u0161 avtomobil popolnoma za\u0161\u010diten pred padavinami, son\u010dno svetlobo in umazanijo. Solarni nadstre\u0161ek za avtomobile podjetja Leeb zdru\u017euje optimalno za\u0161\u010dito va\u0161ega vozila pred vremenskimi vplivi in trajnostno pridobivanje energije.  <\/p>\n\n\n\n<div class=\"wp-block-buttons is-layout-flex wp-block-buttons-is-layout-flex\" style=\"margin-top:var(--wp--preset--spacing--2-xs)\">\n<div class=\"wp-block-button is-style-outline-secondary\"><a class=\"wp-block-button__link has-transparent-background-color has-background wp-element-button\" href=\"https:\/\/www.leeb-balkone.com\/sl\/solar\/soncni-nadstresek-za-avtomobile\/\">Son\u010dni nadstre\u0161ek za avtomobile<\/a><\/div>\n<\/div>\n<\/div>\n<\/div>\n<\/div>\n<\/div>\n<\/section>\n\n\n\n<section class=\"wp-block-group alignfull has-light-gray-background-color has-background has-global-padding is-layout-constrained wp-container-core-group-is-layout-52f96efc wp-block-group-is-layout-constrained\">\n<div class=\"wp-block-group o-grid u-md-1 is-layout-flow wp-block-group-is-layout-flow\" style=\"padding-top:0\">\n<div class=\"wp-block-group u-g-9 u-g-s-2 is-layout-flow wp-block-group-is-layout-flow\" style=\"margin-bottom:var(--wp--preset--spacing--s)\">\n<h2 class=\"wp-block-heading\">Pogosto zastavljena vpra\u0161anja<\/h2>\n\n\n\n<p class=\"is-style-teaser\" style=\"padding-bottom:var(--wp--preset--spacing--m)\">Imate splo\u0161na vpra\u0161anja o na\u0161ih nadstre\u0161kih? V na\u0161ih Pogosto zastavljenih vpra\u0161anjih boste na\u0161li kratke odgovore na pogosto zastavljena vpra\u0161anja o nadstre\u0161ku za avtomobile.<\/p>\n\n\n\n<div class=\"wp-block-t3-acc-accordion is-style-default\"><button id=\"accordion-940aa0b2-5fbd-4fe8-bc08-6ce164b7dd0a-button\" class=\"accordion__button\" aria-expanded=\"false\" aria-controls=\"accordion-940aa0b2-5fbd-4fe8-bc08-6ce164b7dd0a-panel\"><h3 data-accordion-title=\"true\" style=\"font-size:var(--step-1)\"><strong><strong>Kak\u0161ne so prednosti nadstre\u0161ka za avtomobile pred gara\u017eo?<\/strong><\/strong><\/h3><\/button><div id=\"accordion-940aa0b2-5fbd-4fe8-bc08-6ce164b7dd0a-panel\" class=\"accordion__panel\" role=\"region\" aria-labelledby=\"accordion-940aa0b2-5fbd-4fe8-bc08-6ce164b7dd0a-button\">\n<p>Nadstre\u0161ek za avtomobile zagotavlja u\u010dinkovito za\u0161\u010dito vozil pred vremenskimi vplivi, kot so de\u017e, sneg, to\u010da in UV-sevanje, kar pripomore k ohranjanju njihove vrednosti. Postavitev je na splo\u0161no cenej\u0161a in hitrej\u0161a kot postavitev gara\u017ee. Zaradi nadstre\u0161ka za avto je okolica bolj odprta in zra\u010dna, pogosto je zanj potrebno manj gradbenega dovoljenja in omogo\u010da hitrej\u0161e su\u0161enje vozila, kar lahko prepre\u010di rjavenje. Sodobni <strong>aluminijasti nadstre\u0161ki Leeb<\/strong> zdru\u017eujejo te prednosti z izjemno estetiko in vzdr\u017eljivostjo. Zagotavljajo optimalno za\u0161\u010dito va\u0161ega vozila in se zaradi svoje ne\u017ene oblike harmoni\u010dno vklju\u010dujejo v celoten videz va\u0161ega zemlji\u0161\u010da, ne da bi ovirale pogled ali bile videti masivne.<\/p>\n<\/div><\/div>\n\n\n\n<div class=\"wp-block-t3-acc-accordion is-style-default\"><button id=\"accordion-62ce50f3-bfe7-4234-a82e-186f32d245d5-button\" class=\"accordion__button\" aria-expanded=\"false\" aria-controls=\"accordion-62ce50f3-bfe7-4234-a82e-186f32d245d5-panel\"><h3 data-accordion-title=\"true\" style=\"font-size:var(--step-1)\"><strong><strong><strong>Kateri materiali so najprimernej\u0161i za nadstre\u0161ek za avto?<\/strong><\/strong><\/strong><\/h3><\/button><div id=\"accordion-62ce50f3-bfe7-4234-a82e-186f32d245d5-panel\" class=\"accordion__panel\" role=\"region\" aria-labelledby=\"accordion-62ce50f3-bfe7-4234-a82e-186f32d245d5-button\">\n<p>Za nadstre\u0161ke za avtomobile lahko uporabite razli\u010dne materiale. Podjetje <strong>Leeb<\/strong> se pri <strong>gradnji<\/strong> svojih nadstre\u0161kov zana\u0161a izklju\u010dno na <strong>visokokakovostni aluminij, za stre\u0161no kritino pa uporablja steklo<\/strong>. Tak\u0161na izbira materiala zagotavlja najve\u010djo stabilnost, popolno za\u0161\u010dito pred rjo in minimalno vzdr\u017eevanje. Steklene strehe zagotavljajo tudi optimalno prepustnost svetlobe in eleganten videz, ki se popolnoma ujema s sodobnim in nevsiljivim zna\u010dajem nadstre\u0161ka za avtomobile Leeb.<\/p>\n<\/div><\/div>\n\n\n\n<div class=\"wp-block-t3-acc-accordion is-style-default\"><button id=\"accordion-bd1ca979-713a-44d0-922e-1fba71eeba52-button\" class=\"accordion__button\" aria-expanded=\"false\" aria-controls=\"accordion-bd1ca979-713a-44d0-922e-1fba71eeba52-panel\"><h3 data-accordion-title=\"true\" style=\"font-size:var(--step-1)\"><strong><strong><strong><strong>Ali moram za nadstre\u0161ek za avto pridobiti gradbeno dovoljenje?<\/strong><\/strong><\/strong><\/strong><\/h3><\/button><div id=\"accordion-bd1ca979-713a-44d0-922e-1fba71eeba52-panel\" class=\"accordion__panel\" role=\"region\" aria-labelledby=\"accordion-bd1ca979-713a-44d0-922e-1fba71eeba52-button\">\n<p>Ker se predpisi od regije do regije lahko razlikujejo, je priporo\u010dljivo, da se predhodno pozanimate pri lokalnem gradbenem uradu v Gradcu ali pri svoji ob\u010dini. <strong>Podjetje Leeb<\/strong> vam bo z veseljem pomagalo pri na\u010drtovanju in vam zagotovilo vso potrebno konstrukcijsko dokumentacijo in na\u010drtovalne na\u010drte, ki bodo olaj\u0161ali postopek odobritve va\u0161ega visokokakovostnega nadstre\u0161ka iz aluminija in stekla.<\/p>\n<\/div><\/div>\n\n\n\n<div class=\"wp-block-t3-acc-accordion is-style-default\"><button id=\"accordion-fe3132d0-9e8f-4275-a7e4-32510db2c86c-button\" class=\"accordion__button\" aria-expanded=\"false\" aria-controls=\"accordion-fe3132d0-9e8f-4275-a7e4-32510db2c86c-panel\"><h3 data-accordion-title=\"true\" style=\"font-size:var(--step-1)\"><strong><strong><strong><strong><strong><strong>Kako zahtevno je vzdr\u017eevanje nadstre\u0161ka za avtomobile?<\/strong><\/strong><\/strong><\/strong><\/strong><\/strong><\/h3><\/button><div id=\"accordion-fe3132d0-9e8f-4275-a7e4-32510db2c86c-panel\" class=\"accordion__panel\" role=\"region\" aria-labelledby=\"accordion-fe3132d0-9e8f-4275-a7e4-32510db2c86c-button\">\n<p>Intenzivnost vzdr\u017eevanja nadstre\u0161ka za avtomobile je v veliki meri odvisna od uporabljenega materiala. Za za\u0161\u010dito pred vremenskimi vplivi je treba lesene nadstre\u0161ke redno barvati ali lakirati. Za jeklene nadstre\u0161ke je morda potrebna za\u0161\u010dita pred rjo. Nadstre\u0161ki iz aluminija ali s stekleno streho pa so zelo nezahtevni za vzdr\u017eevanje in enostavni za nego, saj ne rjavijo, ne gnijejo in ne propadajo. <strong>Aluminijasti nadstre\u0161ki Leeb<\/strong> so zasnovani tako, da vam nudijo najve\u010dje udobje z najmanj truda. Aluminij ne rjavi, visokokakovostni pra\u0161ni premaz pa je izjemno odporen. Tudi steklene strehe so robustne. Ob\u010dasno \u010di\u0161\u010denje z vodo in blagim \u010distilnim sredstvom je dovolj, da dolgoro\u010dno ohranite ble\u0161\u010de\u010d videz nadstre\u0161ka Leeb.<\/p>\n<\/div><\/div>\n\n\n\n<div class=\"wp-block-t3-acc-accordion is-style-default\"><button id=\"accordion-5f741a0a-42b7-4c20-b56f-f2fffa4afa0e-button\" class=\"accordion__button\" aria-expanded=\"false\" aria-controls=\"accordion-5f741a0a-42b7-4c20-b56f-f2fffa4afa0e-panel\"><h3 data-accordion-title=\"true\" style=\"font-size:var(--step-1)\"><strong><strong><strong><strong><strong>Kak\u0161ne so mo\u017enosti oblikovanja nadstre\u0161kov za avtomobile?<\/strong><\/strong><\/strong><\/strong><\/strong><\/h3><\/button><div id=\"accordion-5f741a0a-42b7-4c20-b56f-f2fffa4afa0e-panel\" class=\"accordion__panel\" role=\"region\" aria-labelledby=\"accordion-5f741a0a-42b7-4c20-b56f-f2fffa4afa0e-button\">\n<p><strong>Leeb<\/strong> ponuja obse\u017eno paleto mo\u017enosti oblikovanja <strong>aluminijastih nadstre\u0161kov<\/strong>. Izbirate lahko med razli\u010dnimi oblikami streh, debelinami stebrov in \u0161iroko paleto barv. Kombinacija filigranskega aluminija in prozornega stekla ustvarja eleganten in odprt videz. Leeb va\u0161 nadstre\u0161ek na\u010drtuje individualno glede na va\u0161e \u017eelje in konstrukcijske pogoje za skladen celoten videz.<\/p>\n<\/div><\/div>\n\n\n\n<div class=\"wp-block-t3-acc-accordion is-style-default\"><button id=\"accordion-6595ee4c-9ab7-453e-a9a7-f3adccc41067-button\" class=\"accordion__button\" aria-expanded=\"false\" aria-controls=\"accordion-6595ee4c-9ab7-453e-a9a7-f3adccc41067-panel\"><h3 data-accordion-title=\"true\" style=\"font-size:var(--step-1)\"><strong><strong><strong><strong><strong><strong>Ali je mogo\u010de nadstre\u0161ek za avtomobile pritrditi na obstoje\u010do stavbo?<\/strong><\/strong><\/strong><\/strong><\/strong><\/strong><\/h3><\/button><div id=\"accordion-6595ee4c-9ab7-453e-a9a7-f3adccc41067-panel\" class=\"accordion__panel\" role=\"region\" aria-labelledby=\"accordion-6595ee4c-9ab7-453e-a9a7-f3adccc41067-button\">\n<p><strong>Aluminijasti nadstre\u0161ki za avtomobile Leeb<\/strong> so idealni za pritrditev na va\u0161o hi\u0161o ali gara\u017eo. Njihova lahka, a stabilna aluminijasta konstrukcija omogo\u010da prilagodljive monta\u017ene re\u0161itve, ki se brezhibno vklapljajo v obstoje\u010do arhitekturo. Leeb natan\u010dno na\u010drtuje povezavo, da zagotovi najve\u010djo stabilnost in tesnost, tako da je va\u0161e vozilo optimalno za\u0161\u010diteno, vi pa lahko v hi\u0161o vstopite s suhimi nogami.<\/p>\n<\/div><\/div>\n\n\n\n<div class=\"wp-block-t3-acc-accordion is-style-default\"><button id=\"accordion-ce157ac1-6f1c-4631-b94e-e1e8d6d275e8-button\" class=\"accordion__button\" aria-expanded=\"false\" aria-controls=\"accordion-ce157ac1-6f1c-4631-b94e-e1e8d6d275e8-panel\"><h3 data-accordion-title=\"true\" style=\"font-size:var(--step-1)\"><strong><strong><strong><strong><strong><strong><strong>Koliko stane nadstre\u0161ek za avto?<\/strong><\/strong><\/strong><\/strong><\/strong><\/strong><\/strong><\/h3><\/button><div id=\"accordion-ce157ac1-6f1c-4631-b94e-e1e8d6d275e8-panel\" class=\"accordion__panel\" role=\"region\" aria-labelledby=\"accordion-ce157ac1-6f1c-4631-b94e-e1e8d6d275e8-button\">\n<p><strong>Aluminijasti nadstre\u0161ki Leeb<\/strong> so visokokakovostna nalo\u017eba. Cena se izra\u010duna individualno glede na va\u0161e \u017eelje (velikost, oblika, oprema). \u010ceprav so v vi\u0161jem cenovnem razredu, se dolgoro\u010dno obrestujejo <strong>popolna svoboda pri vzdr\u017eevanju, izjemna vzdr\u017eljivost in trajna vrednost<\/strong> nadstre\u0161kov za avtomobile Leeb. Podjetje Leeb vam bo z veseljem osebno svetovalo glede posebne, prilagojene ponudbe.<\/p>\n<\/div><\/div>\n<\/div>\n<\/div>\n<\/section>\n\n\n\n<section class=\"wp-block-group alignfull has-white-background-color has-background has-global-padding is-layout-constrained wp-container-core-group-is-layout-52f96efc wp-block-group-is-layout-constrained\">\n<div class=\"wp-block-group o-grid u-md-1 is-layout-flow wp-block-group-is-layout-flow\" style=\"padding-top:0\">\n<div class=\"wp-block-group u-g-9 u-g-s-2 is-layout-flow wp-block-group-is-layout-flow\">\n<h2 class=\"wp-block-heading\">Vtisi o nadstre\u0161ku<\/h2>\n\n\n\n<p><span class=\"teaser\"><span class=\"teaser\">Naj vas navdihnejo mo\u017enosti oblikovanja na\u0161ih nadstre\u0161kov za avtomobile.<\/span><\/span><\/p>\n<\/div>\n<\/div>\n\n\n    <div id=\"t3-lg-block-1\" class=\"wp-block-t3-lightgallery\" data-initial-count=\"9\">\n      <div class=\"lg-container u-grid-temp has-3-cols\">\n                  <div class=\"lg-item\" data-src=\"https:\/\/www.leeb-balkone.com\/app\/uploads\/2020\/07\/Carport-in-anthrazit-aus-Aluminium-mit-Eindeckung-aus-Sandwichpaneelen-Copyright-Andreas-Tauber-scaled.jpg\"\n              data-sub-html=\"&lt;p&gt;&lt;small&gt;Carportreihe mit Eindeckung aus Sandwichpaneelen - Leeb Carports&lt;\/small&gt;&lt;\/p&gt;\">\n            <div class=\"img-wrapper\">\n                <figure>\n                    <img loading=\"lazy\" decoding=\"async\" width=\"300\" height=\"200\" src=\"https:\/\/www.leeb-balkone.com\/app\/uploads\/2020\/07\/Carport-in-anthrazit-aus-Aluminium-mit-Eindeckung-aus-Sandwichpaneelen-Copyright-Andreas-Tauber-300x200.jpg\" class=\"attachment-medium size-medium\" alt=\"Carportreihe mit Eindeckung aus Sandwichpaneelen - Leeb Carports\" srcset=\"https:\/\/www.leeb-balkone.com\/app\/uploads\/2020\/07\/Carport-in-anthrazit-aus-Aluminium-mit-Eindeckung-aus-Sandwichpaneelen-Copyright-Andreas-Tauber-300x200.jpg 300w, https:\/\/www.leeb-balkone.com\/app\/uploads\/2020\/07\/Carport-in-anthrazit-aus-Aluminium-mit-Eindeckung-aus-Sandwichpaneelen-Copyright-Andreas-Tauber-1024x683.jpg 1024w, https:\/\/www.leeb-balkone.com\/app\/uploads\/2020\/07\/Carport-in-anthrazit-aus-Aluminium-mit-Eindeckung-aus-Sandwichpaneelen-Copyright-Andreas-Tauber-768x512.jpg 768w, https:\/\/www.leeb-balkone.com\/app\/uploads\/2020\/07\/Carport-in-anthrazit-aus-Aluminium-mit-Eindeckung-aus-Sandwichpaneelen-Copyright-Andreas-Tauber-1536x1024.jpg 1536w, https:\/\/www.leeb-balkone.com\/app\/uploads\/2020\/07\/Carport-in-anthrazit-aus-Aluminium-mit-Eindeckung-aus-Sandwichpaneelen-Copyright-Andreas-Tauber-2048x1366.jpg 2048w\" sizes=\"auto, (min-width: 1200px) 260px, (min-width: 1024px) 220px, (min-width: 640px) 465px, 768px\" \/>    \n                <\/figure>\n                        <\/div>\n            <p><small>Carportreihe mit Eindeckung aus Sandwichpaneelen &#8211; Leeb Carports<\/small><\/p>        <\/div>\n                  <div class=\"lg-item\" data-src=\"https:\/\/www.leeb-balkone.com\/app\/uploads\/2020\/07\/carport-ueberdachung-toscana-scaled.jpg\"\n              data-sub-html=\"&lt;p&gt;&lt;small&gt;Carport \u00dcberdachung Toscana mit Glaseindeckung transparent&lt;\/small&gt;&lt;\/p&gt;\">\n            <div class=\"img-wrapper\">\n                <figure>\n                    <img loading=\"lazy\" decoding=\"async\" width=\"300\" height=\"200\" src=\"https:\/\/www.leeb-balkone.com\/app\/uploads\/2020\/07\/carport-ueberdachung-toscana-300x200.jpg\" class=\"attachment-medium size-medium\" alt=\"Carport \u00dcberdachung Toscana mit Glaseindeckung transparent\" srcset=\"https:\/\/www.leeb-balkone.com\/app\/uploads\/2020\/07\/carport-ueberdachung-toscana-300x200.jpg 300w, https:\/\/www.leeb-balkone.com\/app\/uploads\/2020\/07\/carport-ueberdachung-toscana-1024x684.jpg 1024w, https:\/\/www.leeb-balkone.com\/app\/uploads\/2020\/07\/carport-ueberdachung-toscana-768x513.jpg 768w, https:\/\/www.leeb-balkone.com\/app\/uploads\/2020\/07\/carport-ueberdachung-toscana-1536x1025.jpg 1536w, https:\/\/www.leeb-balkone.com\/app\/uploads\/2020\/07\/carport-ueberdachung-toscana-2048x1367.jpg 2048w\" sizes=\"auto, (min-width: 1200px) 260px, (min-width: 1024px) 220px, (min-width: 640px) 465px, 768px\" \/>    \n                <\/figure>\n                        <\/div>\n            <p><small>Carport \u00dcberdachung Toscana mit Glaseindeckung transparent<\/small><\/p>        <\/div>\n                  <div class=\"lg-item\" data-src=\"https:\/\/www.leeb-balkone.com\/app\/uploads\/2020\/07\/Carport-aus-Alu-von-Leeb-mit-Sandwichpaneelen-Copyright-Andreas-Tauber-scaled.jpg\"\n              data-sub-html=\"&lt;p&gt;&lt;small&gt;Carport mit Sandwichpaneelen (Ansicht von unten) Copyright Andreas Tauber&lt;\/small&gt;&lt;\/p&gt;\">\n            <div class=\"img-wrapper\">\n                <figure>\n                    <img loading=\"lazy\" decoding=\"async\" width=\"300\" height=\"200\" src=\"https:\/\/www.leeb-balkone.com\/app\/uploads\/2020\/07\/Carport-aus-Alu-von-Leeb-mit-Sandwichpaneelen-Copyright-Andreas-Tauber-300x200.jpg\" class=\"attachment-medium size-medium\" alt=\"Carport mit Sandwichpaneelen (Ansicht von unten) Copyright Andreas Tauber\" srcset=\"https:\/\/www.leeb-balkone.com\/app\/uploads\/2020\/07\/Carport-aus-Alu-von-Leeb-mit-Sandwichpaneelen-Copyright-Andreas-Tauber-300x200.jpg 300w, https:\/\/www.leeb-balkone.com\/app\/uploads\/2020\/07\/Carport-aus-Alu-von-Leeb-mit-Sandwichpaneelen-Copyright-Andreas-Tauber-1024x683.jpg 1024w, https:\/\/www.leeb-balkone.com\/app\/uploads\/2020\/07\/Carport-aus-Alu-von-Leeb-mit-Sandwichpaneelen-Copyright-Andreas-Tauber-768x512.jpg 768w, https:\/\/www.leeb-balkone.com\/app\/uploads\/2020\/07\/Carport-aus-Alu-von-Leeb-mit-Sandwichpaneelen-Copyright-Andreas-Tauber-1536x1024.jpg 1536w, https:\/\/www.leeb-balkone.com\/app\/uploads\/2020\/07\/Carport-aus-Alu-von-Leeb-mit-Sandwichpaneelen-Copyright-Andreas-Tauber-2048x1366.jpg 2048w\" sizes=\"auto, (min-width: 1200px) 260px, (min-width: 1024px) 220px, (min-width: 640px) 465px, 768px\" \/>    \n                <\/figure>\n                        <\/div>\n            <p><small>Carport mit Sandwichpaneelen (Ansicht von unten) Copyright Andreas Tauber<\/small><\/p>        <\/div>\n                  <div class=\"lg-item\" data-src=\"https:\/\/www.leeb-balkone.com\/app\/uploads\/2022\/07\/solar-carport-bei-der-hauseinfahrt-scaled.jpg\"\n              data-sub-html=\"&lt;p&gt;&lt;small&gt;Carport mit Solarpaneelen bei der Hauseinfahrt&lt;\/small&gt;&lt;\/p&gt;\">\n            <div class=\"img-wrapper\">\n                <figure>\n                    <img loading=\"lazy\" decoding=\"async\" width=\"300\" height=\"224\" src=\"https:\/\/www.leeb-balkone.com\/app\/uploads\/2022\/07\/solar-carport-bei-der-hauseinfahrt-300x224.jpg\" class=\"attachment-medium size-medium\" alt=\"Carport mit Solarpaneelen bei der Hauseinfahrt\" srcset=\"https:\/\/www.leeb-balkone.com\/app\/uploads\/2022\/07\/solar-carport-bei-der-hauseinfahrt-300x224.jpg 300w, https:\/\/www.leeb-balkone.com\/app\/uploads\/2022\/07\/solar-carport-bei-der-hauseinfahrt-1024x765.jpg 1024w, https:\/\/www.leeb-balkone.com\/app\/uploads\/2022\/07\/solar-carport-bei-der-hauseinfahrt-768x574.jpg 768w, https:\/\/www.leeb-balkone.com\/app\/uploads\/2022\/07\/solar-carport-bei-der-hauseinfahrt-1536x1148.jpg 1536w, https:\/\/www.leeb-balkone.com\/app\/uploads\/2022\/07\/solar-carport-bei-der-hauseinfahrt-2048x1531.jpg 2048w\" sizes=\"auto, (min-width: 1200px) 260px, (min-width: 1024px) 220px, (min-width: 640px) 465px, 768px\" \/>    \n                <\/figure>\n                        <\/div>\n            <p><small>Carport mit Solarpaneelen bei der Hauseinfahrt<\/small><\/p>        <\/div>\n                  <div class=\"lg-item\" data-src=\"https:\/\/www.leeb-balkone.com\/app\/uploads\/2021\/11\/doppelcarport-alu-mit-seitenwand-und-glasdach-scaled.jpeg\"\n              data-sub-html=\"&lt;p&gt;&lt;small&gt;Doppel-Carport aus Aluminium mit Glaseindeckung&lt;\/small&gt;&lt;\/p&gt;\">\n            <div class=\"img-wrapper\">\n                <figure>\n                    <img loading=\"lazy\" decoding=\"async\" width=\"300\" height=\"214\" src=\"https:\/\/www.leeb-balkone.com\/app\/uploads\/2021\/11\/doppelcarport-alu-mit-seitenwand-und-glasdach-300x214.jpeg\" class=\"attachment-medium size-medium\" alt=\"Doppel-Carport aus Aluminium mit Glaseindeckung\" srcset=\"https:\/\/www.leeb-balkone.com\/app\/uploads\/2021\/11\/doppelcarport-alu-mit-seitenwand-und-glasdach-300x214.jpeg 300w, https:\/\/www.leeb-balkone.com\/app\/uploads\/2021\/11\/doppelcarport-alu-mit-seitenwand-und-glasdach-1024x730.jpeg 1024w, https:\/\/www.leeb-balkone.com\/app\/uploads\/2021\/11\/doppelcarport-alu-mit-seitenwand-und-glasdach-768x547.jpeg 768w, https:\/\/www.leeb-balkone.com\/app\/uploads\/2021\/11\/doppelcarport-alu-mit-seitenwand-und-glasdach-1536x1095.jpeg 1536w, https:\/\/www.leeb-balkone.com\/app\/uploads\/2021\/11\/doppelcarport-alu-mit-seitenwand-und-glasdach-scaled.jpeg 2048w\" sizes=\"auto, (min-width: 1200px) 260px, (min-width: 1024px) 220px, (min-width: 640px) 465px, 768px\" \/>    \n                <\/figure>\n                        <\/div>\n            <p><small>Doppel-Carport aus Aluminium mit Glaseindeckung<\/small><\/p>        <\/div>\n                  <div class=\"lg-item\" data-src=\"https:\/\/www.leeb-balkone.com\/app\/uploads\/2021\/11\/carport-modern-alu-glas-ansicht-vorplatz-scaled.jpeg\"\n              data-sub-html=\"&lt;p&gt;&lt;small&gt;Carport an der Hausmauer befestigt&lt;\/small&gt;&lt;\/p&gt;\">\n            <div class=\"img-wrapper\">\n                <figure>\n                    <img loading=\"lazy\" decoding=\"async\" width=\"300\" height=\"225\" src=\"https:\/\/www.leeb-balkone.com\/app\/uploads\/2021\/11\/carport-modern-alu-glas-ansicht-vorplatz-300x225.jpeg\" class=\"attachment-medium size-medium\" alt=\"Carport an der Hausmauer befestigt\" srcset=\"https:\/\/www.leeb-balkone.com\/app\/uploads\/2021\/11\/carport-modern-alu-glas-ansicht-vorplatz-300x225.jpeg 300w, https:\/\/www.leeb-balkone.com\/app\/uploads\/2021\/11\/carport-modern-alu-glas-ansicht-vorplatz-1024x767.jpeg 1024w, https:\/\/www.leeb-balkone.com\/app\/uploads\/2021\/11\/carport-modern-alu-glas-ansicht-vorplatz-768x575.jpeg 768w, https:\/\/www.leeb-balkone.com\/app\/uploads\/2021\/11\/carport-modern-alu-glas-ansicht-vorplatz-1536x1151.jpeg 1536w, https:\/\/www.leeb-balkone.com\/app\/uploads\/2021\/11\/carport-modern-alu-glas-ansicht-vorplatz-scaled.jpeg 2048w\" sizes=\"auto, (min-width: 1200px) 260px, (min-width: 1024px) 220px, (min-width: 640px) 465px, 768px\" \/>    \n                <\/figure>\n                        <\/div>\n            <p><small>Carport an der Hausmauer befestigt<\/small><\/p>        <\/div>\n                  <div class=\"lg-item\" data-src=\"https:\/\/www.leeb-balkone.com\/app\/uploads\/2021\/11\/carport-ueberdachung-vor-garage-scaled.jpeg\"\n              data-sub-html=\"&lt;p&gt;&lt;small&gt;Leeb Carport mit mattwei\u00dfer Glaseindeckung&lt;\/small&gt;&lt;\/p&gt;\">\n            <div class=\"img-wrapper\">\n                <figure>\n                    <img loading=\"lazy\" decoding=\"async\" width=\"300\" height=\"200\" src=\"https:\/\/www.leeb-balkone.com\/app\/uploads\/2021\/11\/carport-ueberdachung-vor-garage-300x200.jpeg\" class=\"attachment-medium size-medium\" alt=\"Leeb Carport mit mattwei\u00dfer Glaseindeckung\" srcset=\"https:\/\/www.leeb-balkone.com\/app\/uploads\/2021\/11\/carport-ueberdachung-vor-garage-300x200.jpeg 300w, https:\/\/www.leeb-balkone.com\/app\/uploads\/2021\/11\/carport-ueberdachung-vor-garage-1024x684.jpeg 1024w, https:\/\/www.leeb-balkone.com\/app\/uploads\/2021\/11\/carport-ueberdachung-vor-garage-768x513.jpeg 768w, https:\/\/www.leeb-balkone.com\/app\/uploads\/2021\/11\/carport-ueberdachung-vor-garage-1536x1025.jpeg 1536w, https:\/\/www.leeb-balkone.com\/app\/uploads\/2021\/11\/carport-ueberdachung-vor-garage-scaled.jpeg 2048w\" sizes=\"auto, (min-width: 1200px) 260px, (min-width: 1024px) 220px, (min-width: 640px) 465px, 768px\" \/>    \n                <\/figure>\n                        <\/div>\n            <p><small>Leeb Carport mit mattwei\u00dfer Glaseindeckung<\/small><\/p>        <\/div>\n                  <div class=\"lg-item\" data-src=\"https:\/\/www.leeb-balkone.com\/app\/uploads\/2021\/11\/carport-modern-alu-glas-detail-scaled.jpeg\"\n              data-sub-html=\"&lt;p&gt;&lt;small&gt;Carport-\u00dcberdachungsystem&lt;\/small&gt;&lt;\/p&gt;\">\n            <div class=\"img-wrapper\">\n                <figure>\n                    <img loading=\"lazy\" decoding=\"async\" width=\"300\" height=\"225\" src=\"https:\/\/www.leeb-balkone.com\/app\/uploads\/2021\/11\/carport-modern-alu-glas-detail-300x225.jpeg\" class=\"attachment-medium size-medium\" alt=\"Porsche unter Alu-Carport\" srcset=\"https:\/\/www.leeb-balkone.com\/app\/uploads\/2021\/11\/carport-modern-alu-glas-detail-300x225.jpeg 300w, https:\/\/www.leeb-balkone.com\/app\/uploads\/2021\/11\/carport-modern-alu-glas-detail-1024x767.jpeg 1024w, https:\/\/www.leeb-balkone.com\/app\/uploads\/2021\/11\/carport-modern-alu-glas-detail-768x575.jpeg 768w, https:\/\/www.leeb-balkone.com\/app\/uploads\/2021\/11\/carport-modern-alu-glas-detail-1536x1151.jpeg 1536w, https:\/\/www.leeb-balkone.com\/app\/uploads\/2021\/11\/carport-modern-alu-glas-detail-scaled.jpeg 2048w\" sizes=\"auto, (min-width: 1200px) 260px, (min-width: 1024px) 220px, (min-width: 640px) 465px, 768px\" \/>    \n                <\/figure>\n                        <\/div>\n            <p><small>Carport-\u00dcberdachungsystem<\/small><\/p>        <\/div>\n                  <div class=\"lg-item\" data-src=\"https:\/\/www.leeb-balkone.com\/app\/uploads\/2021\/11\/carport-ueberdachung-ensemble-mit-gelaender-alu-leipzig-balkon-terrasse-scaled.jpeg\"\n              data-sub-html=\"&lt;p&gt;&lt;small&gt;Kombination aus Carport und Alubalkon von Leeb&lt;\/small&gt;&lt;\/p&gt;\">\n            <div class=\"img-wrapper\">\n                <figure>\n                    <img loading=\"lazy\" decoding=\"async\" width=\"300\" height=\"200\" src=\"https:\/\/www.leeb-balkone.com\/app\/uploads\/2021\/11\/carport-ueberdachung-ensemble-mit-gelaender-alu-leipzig-balkon-terrasse-300x200.jpeg\" class=\"attachment-medium size-medium\" alt=\"carport ueberdachung ensemble mit gelaender alu leipzig balkon terrasse\" srcset=\"https:\/\/www.leeb-balkone.com\/app\/uploads\/2021\/11\/carport-ueberdachung-ensemble-mit-gelaender-alu-leipzig-balkon-terrasse-300x200.jpeg 300w, https:\/\/www.leeb-balkone.com\/app\/uploads\/2021\/11\/carport-ueberdachung-ensemble-mit-gelaender-alu-leipzig-balkon-terrasse-1024x684.jpeg 1024w, https:\/\/www.leeb-balkone.com\/app\/uploads\/2021\/11\/carport-ueberdachung-ensemble-mit-gelaender-alu-leipzig-balkon-terrasse-768x513.jpeg 768w, https:\/\/www.leeb-balkone.com\/app\/uploads\/2021\/11\/carport-ueberdachung-ensemble-mit-gelaender-alu-leipzig-balkon-terrasse-1536x1025.jpeg 1536w, https:\/\/www.leeb-balkone.com\/app\/uploads\/2021\/11\/carport-ueberdachung-ensemble-mit-gelaender-alu-leipzig-balkon-terrasse-scaled.jpeg 2048w\" sizes=\"auto, (min-width: 1200px) 260px, (min-width: 1024px) 220px, (min-width: 640px) 465px, 768px\" \/>    \n                <\/figure>\n                        <\/div>\n            <p><small>Kombination aus Carport und Alubalkon von Leeb<\/small><\/p>        <\/div>\n                  <div class=\"lg-item\" data-src=\"https:\/\/www.leeb-balkone.com\/app\/uploads\/2021\/11\/aluminium-carport-mit-seitenwand-scaled.jpeg\"\n              data-sub-html=\"&lt;p&gt;&lt;small&gt;Freistehendes Carport&lt;\/small&gt;&lt;\/p&gt;\">\n            <div class=\"img-wrapper\">\n                <figure>\n                    <img loading=\"lazy\" decoding=\"async\" width=\"300\" height=\"201\" src=\"https:\/\/www.leeb-balkone.com\/app\/uploads\/2021\/11\/aluminium-carport-mit-seitenwand-300x201.jpeg\" class=\"attachment-medium size-medium\" alt=\"Freistehendes Leeb-Carport\" srcset=\"https:\/\/www.leeb-balkone.com\/app\/uploads\/2021\/11\/aluminium-carport-mit-seitenwand-300x201.jpeg 300w, https:\/\/www.leeb-balkone.com\/app\/uploads\/2021\/11\/aluminium-carport-mit-seitenwand-1024x691.jpeg 1024w, https:\/\/www.leeb-balkone.com\/app\/uploads\/2021\/11\/aluminium-carport-mit-seitenwand-768x514.jpeg 768w, https:\/\/www.leeb-balkone.com\/app\/uploads\/2021\/11\/aluminium-carport-mit-seitenwand-1536x1027.jpeg 1536w, https:\/\/www.leeb-balkone.com\/app\/uploads\/2021\/11\/aluminium-carport-mit-seitenwand-scaled.jpeg 2048w\" sizes=\"auto, (min-width: 1200px) 260px, (min-width: 1024px) 220px, (min-width: 640px) 465px, 768px\" \/>    \n                <\/figure>\n                        <\/div>\n            <p><small>Freistehendes Carport<\/small><\/p>        <\/div>\n                  <div class=\"lg-item\" data-src=\"https:\/\/www.leeb-balkone.com\/app\/uploads\/2020\/07\/alu-carport-7-scaled.jpg\"\n              data-sub-html=\"&lt;p&gt;&lt;small&gt;Perfekter Schutz mit Alucarport&lt;\/small&gt;&lt;\/p&gt;\">\n            <div class=\"img-wrapper\">\n                <figure>\n                    <img loading=\"lazy\" decoding=\"async\" width=\"300\" height=\"214\" src=\"https:\/\/www.leeb-balkone.com\/app\/uploads\/2020\/07\/alu-carport-7-300x214.jpg\" class=\"attachment-medium size-medium\" alt=\"Perfekter Schutz f\u00fcr Ihre Autos mit Alucarport\" srcset=\"https:\/\/www.leeb-balkone.com\/app\/uploads\/2020\/07\/alu-carport-7-300x214.jpg 300w, https:\/\/www.leeb-balkone.com\/app\/uploads\/2020\/07\/alu-carport-7-1024x730.jpg 1024w, https:\/\/www.leeb-balkone.com\/app\/uploads\/2020\/07\/alu-carport-7-768x547.jpg 768w, https:\/\/www.leeb-balkone.com\/app\/uploads\/2020\/07\/alu-carport-7-1536x1095.jpg 1536w, https:\/\/www.leeb-balkone.com\/app\/uploads\/2020\/07\/alu-carport-7-2048x1460.jpg 2048w\" sizes=\"auto, (min-width: 1200px) 260px, (min-width: 1024px) 220px, (min-width: 640px) 465px, 768px\" \/>    \n                <\/figure>\n                        <\/div>\n            <p><small>Perfekter Schutz mit Alucarport<\/small><\/p>        <\/div>\n                  <div class=\"lg-item\" data-src=\"https:\/\/www.leeb-balkone.com\/app\/uploads\/2020\/07\/Carports-aus-Aluminium-mit-Sandwichpaneelen-Copyright-Andreas-Tauber-scaled.jpg\"\n              data-sub-html=\"&lt;p&gt;&lt;small&gt;Carports aus Aluminium mit Sandwichpaneelen Copyright Andreas Tauber&lt;\/small&gt;&lt;\/p&gt;\">\n            <div class=\"img-wrapper\">\n                <figure>\n                    <img loading=\"lazy\" decoding=\"async\" width=\"300\" height=\"200\" src=\"https:\/\/www.leeb-balkone.com\/app\/uploads\/2020\/07\/Carports-aus-Aluminium-mit-Sandwichpaneelen-Copyright-Andreas-Tauber-300x200.jpg\" class=\"attachment-medium size-medium\" alt=\"Carports aus Aluminium mit Sandwichpaneelen Copyright Andreas Tauber\" srcset=\"https:\/\/www.leeb-balkone.com\/app\/uploads\/2020\/07\/Carports-aus-Aluminium-mit-Sandwichpaneelen-Copyright-Andreas-Tauber-300x200.jpg 300w, https:\/\/www.leeb-balkone.com\/app\/uploads\/2020\/07\/Carports-aus-Aluminium-mit-Sandwichpaneelen-Copyright-Andreas-Tauber-1024x682.jpg 1024w, https:\/\/www.leeb-balkone.com\/app\/uploads\/2020\/07\/Carports-aus-Aluminium-mit-Sandwichpaneelen-Copyright-Andreas-Tauber-768x512.jpg 768w, https:\/\/www.leeb-balkone.com\/app\/uploads\/2020\/07\/Carports-aus-Aluminium-mit-Sandwichpaneelen-Copyright-Andreas-Tauber-1536x1024.jpg 1536w, https:\/\/www.leeb-balkone.com\/app\/uploads\/2020\/07\/Carports-aus-Aluminium-mit-Sandwichpaneelen-Copyright-Andreas-Tauber-2048x1365.jpg 2048w\" sizes=\"auto, (min-width: 1200px) 260px, (min-width: 1024px) 220px, (min-width: 640px) 465px, 768px\" \/>    \n                <\/figure>\n                        <\/div>\n            <p><small>Carports aus Aluminium mit Sandwichpaneelen Copyright Andreas Tauber<\/small><\/p>        <\/div>\n                <\/div>\n\n              <div class=\"lg-load-more-wrapper\">\n            <div class=\"lg-load-more wp-block-button is-style-filled-secondary\">\n                <a href=\"#\" class=\"wp-block-button__link wp-element-button\" role=\"button\">\n                    Nalo\u017ei ve\u010d                <\/a>\n            <\/div>\n        <\/div>\n          <\/div>\n    <\/section>\n\n\n\n<section class=\"wp-block-group alignfull has-white-background-color has-background has-global-padding is-layout-constrained wp-container-core-group-is-layout-9fa1424c wp-block-group-is-layout-constrained\" style=\"padding-top:0\">\n<div class=\"wp-block-columns is-style-offset m-split is-layout-flex wp-container-core-columns-is-layout-28f84493 wp-block-columns-is-layout-flex\">\n<div class=\"wp-block-column is-layout-flow wp-block-column-is-layout-flow\"><div class=\"vp-map-wrapper vp-map-ratio-19-1\"><img decoding=\"async\" width=\"1440\" height=\"884\" src=\"https:\/\/www.leeb-balkone.com\/app\/uploads\/2026\/04\/map-sl.jpg\" class=\"attachment-full size-full\" alt=\"map-sl\" style=\"width:100%;height:100%;object-fit:cover;display:block;\" loading=\"lazy\" srcset=\"https:\/\/www.leeb-balkone.com\/app\/uploads\/2026\/04\/map-sl.jpg 1440w, https:\/\/www.leeb-balkone.com\/app\/uploads\/2026\/04\/map-sl-300x184.jpg 300w, https:\/\/www.leeb-balkone.com\/app\/uploads\/2026\/04\/map-sl-1024x629.jpg 1024w, https:\/\/www.leeb-balkone.com\/app\/uploads\/2026\/04\/map-sl-768x471.jpg 768w\" sizes=\"auto, (min-width: 1536px) 2048px, (min-width: 992px) 1536px, (min-width: 768px) 1024px, (min-width: 576px) 768px, 100vw\" \/><\/div>\n<\/div>\n\n\n\n<div class=\"wp-block-column is-vertically-aligned-center is-style-overlay-content is-layout-flow wp-block-column-is-layout-flow\">\n<div class=\"wp-block-group is-vertical is-layout-flex wp-container-core-group-is-layout-bd7877ba wp-block-group-is-layout-flex\">\n<h2 class=\"wp-block-heading has-step-2-font-size\">Posredniki v Sloveniji<\/h2>\n\n\n\n<p>Kompetentni LEEB partnerji v va\u0161i regiji. Osebno svetovanje, natan\u010dno na\u010drtovanje in strokovna monta\u017ea.<\/p>\n\n\n\n<div class=\"wp-block-buttons is-layout-flex wp-block-buttons-is-layout-flex\" style=\"margin-top:var(--wp--preset--spacing--2-xs)\">\n<div class=\"wp-block-button is-style-cta\"><a class=\"wp-block-button__link has-transparent-background-color has-background wp-element-button\" href=\"https:\/\/www.leeb-balkone.com\/sl\/distribucijski-partnerji\/\">Poi\u0161\u010dite prodajnega partnerja<span class=\"sr-only\"> Distribucijski partner Leeb Balkone Slovenija<\/span><\/a><\/div>\n<\/div>\n<\/div>\n<\/div>\n<\/div>\n<\/section>\n\n\n\n<section class=\"wp-block-group alignfull has-light-gray-background-color has-background has-global-padding is-layout-constrained wp-container-core-group-is-layout-52f96efc wp-block-group-is-layout-constrained\" id=\"beratungstermin\">\n<div class=\"wp-block-group m-teaser o-grid u-md-1 is-layout-flow wp-block-group-is-layout-flow\">\n<div class=\"wp-block-group u-g-7 u-g-s-2 is-layout-flow wp-block-group-is-layout-flow\" style=\"margin-bottom:var(--wp--preset--spacing--s)\">\n<h2 class=\"wp-block-heading\">Stopite v stik z nami<\/h2>\n\n\n\n<p><strong><strong>Na\u010drtujete projekt ali imate vpra\u0161anja o nas in na\u0161ih re\u0161itvah? Pi\u0161ite nam: z veseljem bomo odgovorili na va\u0161a vpra\u0161anja!<\/strong><\/strong><\/p>\n<\/div>\n<\/div>\n\n\n\n<div class=\"wp-block-group m-teaser o-grid u-md-1 is-layout-flow wp-block-group-is-layout-flow\">\n<div class=\"wp-block-group u-g-7 u-g-s-2 is-layout-flow wp-block-group-is-layout-flow\" style=\"margin-bottom:var(--wp--preset--spacing--s)\"><form action=\"https:\/\/www.leeb-balkone.com\/sl\/wp-json\/ws-form\/v1\/submit\" class=\"wsf-form wsf-form-canvas\" id=\"ws-form-1\" data-id=\"11\" data-instance-id=\"1\" method=\"POST\"><\/form>\n<\/div>\n\n\n\n<div class=\"wp-block-group u-g-3 u-g-s-9 is-layout-flow wp-block-group-is-layout-flow\"><div class=\"t3-sidebar-buttons wp-block-buttons is-layout-flex wp-block-buttons-is-layout-flex\"><div class=\"wp-block-button is-style-fill icon-book icon-left\">\n                        <a class=\"wp-block-button__link has-secondary-color has-white-background-color has-text-color has-background has-link-color wp-element-button\" href=\"https:\/\/www.leeb-balkone.com\/sl\/kontakt\/zahtevajte-katalog\/\" style=\"box-shadow:var(--wp--preset--shadow--box-shadow)\">Zahtevajte katalog<\/a>\n                    <\/div><\/div>\n<\/div>\n<\/div>\n<\/section>\n","protected":false},"excerpt":{"rendered":"","protected":false},"author":4,"featured_media":0,"parent":155371,"menu_order":0,"comment_status":"closed","ping_status":"closed","template":"template-onepager.blade.php","meta":{"_acf_changed":false,"footnotes":"","_sage_theme_css":true,"_wp_block_core_css":true},"folder":[238,248],"class_list":["post-154976","page","type-page","status-publish","hentry"],"acf":[],"yoast_head":"<!-- This site is optimized with the Yoast SEO plugin v27.2 - https:\/\/yoast.com\/product\/yoast-seo-wordpress\/ -->\n<title>Nadstre\u0161ek za avtomobile &quot; Aluminijasti nadstre\u0161ki za avtomobile in dvojni nadstre\u0161ki za avtomobile - % Leeb Balkone % Slovenija<\/title>\n<meta name=\"description\" content=\"Po meri izdelani aluminijasti nadstre\u0161ki Leeb: trajna za\u0161\u010dita pred to\u010do in snegom. Brez vzdr\u017eevanja zahvaljujo\u010d ALU COMFORT PLUS\u00ae, mo\u017enost prilagajanja in izdelano v Avstriji. Izvedite ve\u010d!\" \/>\n<meta name=\"robots\" content=\"index, follow, max-snippet:-1, max-image-preview:large, max-video-preview:-1\" \/>\n<meta property=\"og:locale\" content=\"sl_SI\" \/>\n<meta property=\"og:type\" content=\"article\" \/>\n<meta property=\"og:title\" content=\"Nadstre\u0161ek za avtomobile &quot; Aluminijasti nadstre\u0161ki za avtomobile in dvojni nadstre\u0161ki za avtomobile - % Leeb Balkone %\" \/>\n<meta property=\"og:description\" content=\"Po meri izdelani aluminijasti nadstre\u0161ki Leeb: trajna za\u0161\u010dita pred to\u010do in snegom. Brez vzdr\u017eevanja zahvaljujo\u010d ALU COMFORT PLUS\u00ae, mo\u017enost prilagajanja in izdelano v Avstriji. Izvedite ve\u010d!\" \/>\n<meta property=\"og:url\" content=\"https:\/\/www.leeb-balkone.com\/sl\/nadstresni-sistemi\/carports\/\" \/>\n<meta property=\"og:site_name\" content=\"Leeb Balkone\" \/>\n<meta property=\"article:publisher\" content=\"https:\/\/www.facebook.com\/balkone\/\" \/>\n<meta property=\"article:modified_time\" content=\"2026-01-27T14:28:33+00:00\" \/>\n<meta property=\"og:image\" content=\"https:\/\/www.leeb-balkone.com\/app\/uploads\/2021\/11\/carport-modern-alu-glas-ansicht-vorplatz-1024x767.jpeg\" \/>\n<meta name=\"twitter:card\" content=\"summary_large_image\" \/>\n<script type=\"application\/ld+json\" class=\"yoast-schema-graph\">{\"@context\":\"https:\/\/schema.org\",\"@graph\":[{\"@type\":\"WebPage\",\"@id\":\"https:\/\/www.leeb-balkone.com\/sl\/nadstresni-sistemi\/carports\/\",\"url\":\"https:\/\/www.leeb-balkone.com\/sl\/nadstresni-sistemi\/carports\/\",\"name\":\"Nadstre\u0161ek za avtomobile \\\" Aluminijasti nadstre\u0161ki za avtomobile in dvojni nadstre\u0161ki za avtomobile - % Leeb Balkone %\",\"isPartOf\":{\"@id\":\"https:\/\/www.leeb-balkone.com\/sl\/#website\"},\"primaryImageOfPage\":{\"@id\":\"https:\/\/www.leeb-balkone.com\/sl\/nadstresni-sistemi\/carports\/#primaryimage\"},\"image\":{\"@id\":\"https:\/\/www.leeb-balkone.com\/sl\/nadstresni-sistemi\/carports\/#primaryimage\"},\"thumbnailUrl\":\"https:\/\/www.leeb-balkone.com\/app\/uploads\/2021\/11\/carport-modern-alu-glas-ansicht-vorplatz-1024x767.jpeg\",\"datePublished\":\"2025-09-14T12:57:46+00:00\",\"dateModified\":\"2026-01-27T14:28:33+00:00\",\"description\":\"Po meri izdelani aluminijasti nadstre\u0161ki Leeb: trajna za\u0161\u010dita pred to\u010do in snegom. Brez vzdr\u017eevanja zahvaljujo\u010d ALU COMFORT PLUS\u00ae, mo\u017enost prilagajanja in izdelano v Avstriji. Izvedite ve\u010d!\",\"breadcrumb\":{\"@id\":\"https:\/\/www.leeb-balkone.com\/sl\/nadstresni-sistemi\/carports\/#breadcrumb\"},\"inLanguage\":\"sl-SI\",\"potentialAction\":[{\"@type\":\"ReadAction\",\"target\":[\"https:\/\/www.leeb-balkone.com\/sl\/nadstresni-sistemi\/carports\/\"]}]},{\"@type\":\"ImageObject\",\"inLanguage\":\"sl-SI\",\"@id\":\"https:\/\/www.leeb-balkone.com\/sl\/nadstresni-sistemi\/carports\/#primaryimage\",\"url\":\"https:\/\/www.leeb-balkone.com\/app\/uploads\/2021\/11\/carport-modern-alu-glas-ansicht-vorplatz-1024x767.jpeg\",\"contentUrl\":\"https:\/\/www.leeb-balkone.com\/app\/uploads\/2021\/11\/carport-modern-alu-glas-ansicht-vorplatz-1024x767.jpeg\"},{\"@type\":\"BreadcrumbList\",\"@id\":\"https:\/\/www.leeb-balkone.com\/sl\/nadstresni-sistemi\/carports\/#breadcrumb\",\"itemListElement\":[{\"@type\":\"ListItem\",\"position\":1,\"name\":\"Home\",\"item\":\"https:\/\/www.leeb-balkone.com\/sl\/\"},{\"@type\":\"ListItem\",\"position\":2,\"name\":\"Nadstre\u0161ki in poletni vrtovi\",\"item\":\"https:\/\/www.leeb-balkone.com\/sl\/nadstresni-sistemi\/\"},{\"@type\":\"ListItem\",\"position\":3,\"name\":\"Nadstre\u0161ek za avtomobile\"}]},{\"@type\":\"WebSite\",\"@id\":\"https:\/\/www.leeb-balkone.com\/sl\/#website\",\"url\":\"https:\/\/www.leeb-balkone.com\/sl\/\",\"name\":\"Leeb Balkone\",\"description\":\"Balkone und Z\u00e4une\",\"publisher\":{\"@id\":\"https:\/\/www.leeb-balkone.com\/sl\/#organization\"},\"potentialAction\":[{\"@type\":\"SearchAction\",\"target\":{\"@type\":\"EntryPoint\",\"urlTemplate\":\"https:\/\/www.leeb-balkone.com\/sl\/?s={search_term_string}\"},\"query-input\":{\"@type\":\"PropertyValueSpecification\",\"valueRequired\":true,\"valueName\":\"search_term_string\"}}],\"inLanguage\":\"sl-SI\"},{\"@type\":\"Organization\",\"@id\":\"https:\/\/www.leeb-balkone.com\/sl\/#organization\",\"name\":\"Leeb Balkone Gmbh\",\"url\":\"https:\/\/www.leeb-balkone.com\/sl\/\",\"logo\":{\"@type\":\"ImageObject\",\"inLanguage\":\"sl-SI\",\"@id\":\"https:\/\/www.leeb-balkone.com\/sl\/#\/schema\/logo\/image\/\",\"url\":\"https:\/\/www.leeb-balkone.com\/app\/uploads\/2020\/11\/leeb-logo.svg\",\"contentUrl\":\"https:\/\/www.leeb-balkone.com\/app\/uploads\/2020\/11\/leeb-logo.svg\",\"width\":741,\"height\":204,\"caption\":\"Leeb Balkone Gmbh\"},\"image\":{\"@id\":\"https:\/\/www.leeb-balkone.com\/sl\/#\/schema\/logo\/image\/\"},\"sameAs\":[\"https:\/\/www.facebook.com\/balkone\/\",\"https:\/\/www.trustedshops.at\/bewertung\/info_X4587CCF5833E31AFE0B11F47D86999F2.html\",\"https:\/\/www.trustedshops.de\/bewertung\/info_X7BA536A7A0BDC86D36C4718E4DCAEEEF.html\",\"https:\/\/www.google.com\/maps\/place\/?q=place_id:ChIJ5-zH19-IcEcR9HonWRTllHI\"]}]}<\/script>\n<!-- \/ Yoast SEO plugin. -->","yoast_head_json":{"title":"Nadstre\u0161ek za avtomobile \" Aluminijasti nadstre\u0161ki za avtomobile in dvojni nadstre\u0161ki za avtomobile - % Leeb Balkone % Slovenija","description":"Po meri izdelani aluminijasti nadstre\u0161ki Leeb: trajna za\u0161\u010dita pred to\u010do in snegom. Brez vzdr\u017eevanja zahvaljujo\u010d ALU COMFORT PLUS\u00ae, mo\u017enost prilagajanja in izdelano v Avstriji. Izvedite ve\u010d!","robots":{"index":"index","follow":"follow","max-snippet":"max-snippet:-1","max-image-preview":"max-image-preview:large","max-video-preview":"max-video-preview:-1"},"og_locale":"sl_SI","og_type":"article","og_title":"Nadstre\u0161ek za avtomobile \" Aluminijasti nadstre\u0161ki za avtomobile in dvojni nadstre\u0161ki za avtomobile - % Leeb Balkone %","og_description":"Po meri izdelani aluminijasti nadstre\u0161ki Leeb: trajna za\u0161\u010dita pred to\u010do in snegom. Brez vzdr\u017eevanja zahvaljujo\u010d ALU COMFORT PLUS\u00ae, mo\u017enost prilagajanja in izdelano v Avstriji. Izvedite ve\u010d!","og_url":"https:\/\/www.leeb-balkone.com\/sl\/nadstresni-sistemi\/carports\/","og_site_name":"Leeb Balkone","article_publisher":"https:\/\/www.facebook.com\/balkone\/","article_modified_time":"2026-01-27T14:28:33+00:00","og_image":[{"url":"https:\/\/www.leeb-balkone.com\/app\/uploads\/2021\/11\/carport-modern-alu-glas-ansicht-vorplatz-1024x767.jpeg","type":"","width":"","height":""}],"twitter_card":"summary_large_image","schema":{"@context":"https:\/\/schema.org","@graph":[{"@type":"WebPage","@id":"https:\/\/www.leeb-balkone.com\/sl\/nadstresni-sistemi\/carports\/","url":"https:\/\/www.leeb-balkone.com\/sl\/nadstresni-sistemi\/carports\/","name":"Nadstre\u0161ek za avtomobile \" Aluminijasti nadstre\u0161ki za avtomobile in dvojni nadstre\u0161ki za avtomobile - % Leeb Balkone %","isPartOf":{"@id":"https:\/\/www.leeb-balkone.com\/sl\/#website"},"primaryImageOfPage":{"@id":"https:\/\/www.leeb-balkone.com\/sl\/nadstresni-sistemi\/carports\/#primaryimage"},"image":{"@id":"https:\/\/www.leeb-balkone.com\/sl\/nadstresni-sistemi\/carports\/#primaryimage"},"thumbnailUrl":"https:\/\/www.leeb-balkone.com\/app\/uploads\/2021\/11\/carport-modern-alu-glas-ansicht-vorplatz-1024x767.jpeg","datePublished":"2025-09-14T12:57:46+00:00","dateModified":"2026-01-27T14:28:33+00:00","description":"Po meri izdelani aluminijasti nadstre\u0161ki Leeb: trajna za\u0161\u010dita pred to\u010do in snegom. Brez vzdr\u017eevanja zahvaljujo\u010d ALU COMFORT PLUS\u00ae, mo\u017enost prilagajanja in izdelano v Avstriji. Izvedite ve\u010d!","breadcrumb":{"@id":"https:\/\/www.leeb-balkone.com\/sl\/nadstresni-sistemi\/carports\/#breadcrumb"},"inLanguage":"sl-SI","potentialAction":[{"@type":"ReadAction","target":["https:\/\/www.leeb-balkone.com\/sl\/nadstresni-sistemi\/carports\/"]}]},{"@type":"ImageObject","inLanguage":"sl-SI","@id":"https:\/\/www.leeb-balkone.com\/sl\/nadstresni-sistemi\/carports\/#primaryimage","url":"https:\/\/www.leeb-balkone.com\/app\/uploads\/2021\/11\/carport-modern-alu-glas-ansicht-vorplatz-1024x767.jpeg","contentUrl":"https:\/\/www.leeb-balkone.com\/app\/uploads\/2021\/11\/carport-modern-alu-glas-ansicht-vorplatz-1024x767.jpeg"},{"@type":"BreadcrumbList","@id":"https:\/\/www.leeb-balkone.com\/sl\/nadstresni-sistemi\/carports\/#breadcrumb","itemListElement":[{"@type":"ListItem","position":1,"name":"Home","item":"https:\/\/www.leeb-balkone.com\/sl\/"},{"@type":"ListItem","position":2,"name":"Nadstre\u0161ki in poletni vrtovi","item":"https:\/\/www.leeb-balkone.com\/sl\/nadstresni-sistemi\/"},{"@type":"ListItem","position":3,"name":"Nadstre\u0161ek za avtomobile"}]},{"@type":"WebSite","@id":"https:\/\/www.leeb-balkone.com\/sl\/#website","url":"https:\/\/www.leeb-balkone.com\/sl\/","name":"Leeb Balkone","description":"Balkone und Z\u00e4une","publisher":{"@id":"https:\/\/www.leeb-balkone.com\/sl\/#organization"},"potentialAction":[{"@type":"SearchAction","target":{"@type":"EntryPoint","urlTemplate":"https:\/\/www.leeb-balkone.com\/sl\/?s={search_term_string}"},"query-input":{"@type":"PropertyValueSpecification","valueRequired":true,"valueName":"search_term_string"}}],"inLanguage":"sl-SI"},{"@type":"Organization","@id":"https:\/\/www.leeb-balkone.com\/sl\/#organization","name":"Leeb Balkone Gmbh","url":"https:\/\/www.leeb-balkone.com\/sl\/","logo":{"@type":"ImageObject","inLanguage":"sl-SI","@id":"https:\/\/www.leeb-balkone.com\/sl\/#\/schema\/logo\/image\/","url":"https:\/\/www.leeb-balkone.com\/app\/uploads\/2020\/11\/leeb-logo.svg","contentUrl":"https:\/\/www.leeb-balkone.com\/app\/uploads\/2020\/11\/leeb-logo.svg","width":741,"height":204,"caption":"Leeb Balkone Gmbh"},"image":{"@id":"https:\/\/www.leeb-balkone.com\/sl\/#\/schema\/logo\/image\/"},"sameAs":["https:\/\/www.facebook.com\/balkone\/","https:\/\/www.trustedshops.at\/bewertung\/info_X4587CCF5833E31AFE0B11F47D86999F2.html","https:\/\/www.trustedshops.de\/bewertung\/info_X7BA536A7A0BDC86D36C4718E4DCAEEEF.html","https:\/\/www.google.com\/maps\/place\/?q=place_id:ChIJ5-zH19-IcEcR9HonWRTllHI"]}]}},"_links":{"self":[{"href":"https:\/\/www.leeb-balkone.com\/sl\/wp-json\/wp\/v2\/pages\/154976","targetHints":{"allow":["GET"]}}],"collection":[{"href":"https:\/\/www.leeb-balkone.com\/sl\/wp-json\/wp\/v2\/pages"}],"about":[{"href":"https:\/\/www.leeb-balkone.com\/sl\/wp-json\/wp\/v2\/types\/page"}],"author":[{"embeddable":true,"href":"https:\/\/www.leeb-balkone.com\/sl\/wp-json\/wp\/v2\/users\/4"}],"replies":[{"embeddable":true,"href":"https:\/\/www.leeb-balkone.com\/sl\/wp-json\/wp\/v2\/comments?post=154976"}],"version-history":[{"count":13,"href":"https:\/\/www.leeb-balkone.com\/sl\/wp-json\/wp\/v2\/pages\/154976\/revisions"}],"predecessor-version":[{"id":163406,"href":"https:\/\/www.leeb-balkone.com\/sl\/wp-json\/wp\/v2\/pages\/154976\/revisions\/163406"}],"up":[{"embeddable":true,"href":"https:\/\/www.leeb-balkone.com\/sl\/wp-json\/wp\/v2\/pages\/155371"}],"wp:attachment":[{"href":"https:\/\/www.leeb-balkone.com\/sl\/wp-json\/wp\/v2\/media?parent=154976"}],"wp:term":[{"taxonomy":"folder","embeddable":true,"href":"https:\/\/www.leeb-balkone.com\/sl\/wp-json\/wp\/v2\/folder?post=154976"}],"curies":[{"name":"wp","href":"https:\/\/api.w.org\/{rel}","templated":true}]}}