{"id":154956,"date":"2025-09-14T12:35:47","date_gmt":"2025-09-14T12:35:47","guid":{"rendered":"https:\/\/www.leeb-balkone.com\/de\/produkti\/stresna-kritina-za-teraso\/"},"modified":"2026-01-27T14:26:35","modified_gmt":"2026-01-27T14:26:35","slug":"zastresenie-terasy","status":"publish","type":"page","link":"https:\/\/www.leeb-balkone.com\/sl\/nadstresni-sistemi\/zastresenie-terasy\/","title":{"rendered":"Stre\u0161na kritina za teraso"},"content":{"rendered":"\n<section class=\"wp-block-group alignfull t3-header t3-header-splitscreen t3-splitscreen-shadow h-zi-20 has-light-gray-background-color has-background has-global-padding is-layout-constrained wp-container-core-group-is-layout-f1ad4950 wp-block-group-is-layout-constrained\" style=\"padding-top:0;padding-bottom:0\">\n<div class=\"wp-block-columns h-flx-a-s m-split is-layout-flex wp-container-core-columns-is-layout-28f84493 wp-block-columns-is-layout-flex\">\n<div class=\"wp-block-column is-vertically-aligned-top h-flx-a-s m-split-col-content is-layout-flow wp-block-column-is-layout-flow\"><div class=\"yoast-breadcrumbs\"><span><span><a href=\"https:\/\/www.leeb-balkone.com\/sl\/\">Home<\/a><\/span> \/ <span><a href=\"https:\/\/www.leeb-balkone.com\/sl\/nadstresni-sistemi\/\">Nadstre\u0161ki in poletni vrtovi<\/a><\/span> \/ <span class=\"breadcrumb_last\" aria-current=\"page\">Stre\u0161na kritina za teraso<\/span><\/span><\/div>\n\n<h1 class=\"wp-block-post-title\">Stre\u0161na kritina za teraso<\/h1>\n\n\n<p class=\"has-step-0-font-size\" style=\"margin-bottom:0\">Ne glede na to, ali so na nosilcih s stensko povezavo ali prosto stoje\u010da &#8211; pokrovi za terase Leeb \u0161\u010ditijo pred vlago in vremenskimi vplivi. Za skoraj vsako vrsto hi\u0161e s teraso ali vrtom imamo pravo razli\u010dico stre\u0161ne kritine. Nova streha na terasi Amalfi dopolnjuje klasi\u010dno zasnovo Toscana.<\/p>\n\n\n\n<div class=\"wp-block-buttons is-layout-flex wp-block-buttons-is-layout-flex\" style=\"margin-top:var(--wp--preset--spacing--l)\">\n<div class=\"wp-block-button is-style-cta icon-book icon-left\"><a class=\"wp-block-button__link wp-element-button\" href=\"https:\/\/www.leeb-balkone.com\/sl\/kontakt\/zahtevajte-katalog\/\">Zahtevajte katalog<\/a><\/div>\n\n\n\n<div class=\"wp-block-button is-style-cta icon-vp icon-left\"><a class=\"wp-block-button__link wp-element-button\" href=\"https:\/\/www.leeb-balkone.com\/sl\/distribucijski-partnerji\/\">Poi\u0161\u010dite kontaktno osebo<span class=\"sr-only\"> Slovenija<\/span><\/a><\/div>\n<\/div>\n<\/div>\n\n\n\n<div class=\"wp-block-column is-vertically-aligned-stretch h-hide-md-down is-style-image-cover is-layout-flow wp-block-column-is-layout-flow\">\n<figure class=\"wp-block-image size-large\"><img loading=\"lazy\" decoding=\"async\" width=\"1024\" height=\"684\" src=\"https:\/\/www.leeb-balkone.com\/app\/uploads\/2023\/05\/Terrassendach-Toscana-mit-mattweissem-Glas-und-einer-Aufdachmarkise-1024x684.jpg\" alt=\"Terrassendach Toscana mit mattweissem Glas und einer Aufdachmarkise\" class=\"wp-image-147639\" srcset=\"https:\/\/www.leeb-balkone.com\/app\/uploads\/2023\/05\/Terrassendach-Toscana-mit-mattweissem-Glas-und-einer-Aufdachmarkise-1024x684.jpg 1024w, https:\/\/www.leeb-balkone.com\/app\/uploads\/2023\/05\/Terrassendach-Toscana-mit-mattweissem-Glas-und-einer-Aufdachmarkise-300x200.jpg 300w, https:\/\/www.leeb-balkone.com\/app\/uploads\/2023\/05\/Terrassendach-Toscana-mit-mattweissem-Glas-und-einer-Aufdachmarkise-768x513.jpg 768w, https:\/\/www.leeb-balkone.com\/app\/uploads\/2023\/05\/Terrassendach-Toscana-mit-mattweissem-Glas-und-einer-Aufdachmarkise-1536x1025.jpg 1536w, https:\/\/www.leeb-balkone.com\/app\/uploads\/2023\/05\/Terrassendach-Toscana-mit-mattweissem-Glas-und-einer-Aufdachmarkise-2048x1367.jpg 2048w\" sizes=\"auto, (max-width: 1024px) 100vw, 1024px\" \/><\/figure>\n<\/div>\n<\/div>\n<\/section>\n\n\n\n<section class=\"wp-block-group alignfull has-white-background-color has-background has-global-padding is-layout-constrained wp-container-core-group-is-layout-52f96efc wp-block-group-is-layout-constrained\" id=\"modelle\">\n<div class=\"wp-block-group m-teaser o-grid u-md-1 is-layout-flow wp-block-group-is-layout-flow\">\n<div class=\"wp-block-group u-g-9 u-g-s-2 is-layout-flow wp-block-group-is-layout-flow\" style=\"margin-bottom:var(--wp--preset--spacing--s)\">\n<p class=\"has-text-align-left\"><strong>&#8220;Na\u0161a <strong>pokrivala za terase zdru\u017eujejo sodoben dizajn in trajno kakovost za va\u0161 najljub\u0161i zunanji prostor<\/strong>.&#8221;<\/strong><\/p>\n<\/div>\n<\/div>\n\n\n\n<div class=\"wp-block-columns is-layout-flex wp-container-core-columns-is-layout-28f84493 wp-block-columns-is-layout-flex\">\n<div class=\"wp-block-column is-layout-flow wp-block-column-is-layout-flow\" style=\"flex-basis:66.66%\"><div class=\"tgs-gallery\" data-tablet-slides=\"4\" data-desktop-slides=\"5\"><div class=\"t3-tgs swiper mainSlider\">\n                <div class=\"has-icon icon-enlarge\"><\/div>\n                <div class=\"swiper-wrapper lg-swiper\"><div class=\"swiper-slide\"><a href=\"https:\/\/www.leeb-balkone.com\/app\/uploads\/2023\/05\/alu-terrassenueberdachung-21-scaled.jpg\"><img decoding=\"async\" src=\"https:\/\/www.leeb-balkone.com\/app\/uploads\/2023\/05\/alu-terrassenueberdachung-21-scaled.jpg\" alt=\"alu terrassenueberdachung\"><\/a><div class=\"tgs-desc\">Terasna streha TOSCANA \u2013 preizku\u0161ena klasika<\/div><\/div><div class=\"swiper-slide\"><a href=\"https:\/\/www.leeb-balkone.com\/app\/uploads\/2024\/08\/alu-terrassenueberdachung-amalfi-in-anthrazit-und-transparentem-glasdach-scaled.jpg\"><img decoding=\"async\" src=\"https:\/\/www.leeb-balkone.com\/app\/uploads\/2024\/08\/alu-terrassenueberdachung-amalfi-in-anthrazit-und-transparentem-glasdach-scaled.jpg\" alt=\"alu terrassenueberdachung amalfi in anthrazit und transparentem glasdach\"><\/a><div class=\"tgs-desc\">Terasna streha AMALFI \u2013 lahka in moderna<\/div><\/div><div class=\"swiper-slide\"><a href=\"https:\/\/www.leeb-balkone.com\/app\/uploads\/2020\/07\/anbaubalkon-mit-ueberdachung-und-einem-gelaender-aus-glas-scaled.jpg\"><img decoding=\"async\" src=\"https:\/\/www.leeb-balkone.com\/app\/uploads\/2020\/07\/anbaubalkon-mit-ueberdachung-und-einem-gelaender-aus-glas-scaled.jpg\" alt=\"Moderner Anbaubalkon mit einer \u00dcberdachung\"><\/a><div class=\"tgs-desc\">Terasna streha v kombinaciji z dodatnim balkonom \u2013 pokrita podalj\u0161anje balkona<\/div><\/div><div class=\"swiper-slide\"><a href=\"https:\/\/www.leeb-balkone.com\/app\/uploads\/2023\/05\/alu-terrassenueberdachung-atrium-anbau-balkongelaender-aufdachmarkise-2-scaled.jpg\"><img decoding=\"async\" src=\"https:\/\/www.leeb-balkone.com\/app\/uploads\/2023\/05\/alu-terrassenueberdachung-atrium-anbau-balkongelaender-aufdachmarkise-2-scaled.jpg\" alt=\"alu terrassenueberdachung atrium anbau balkongelaender aufdachmarkise\"><\/a><div class=\"tgs-desc\">Samonosni dodatni balkon z integrirano streho \u2013 elegantna kombinacija dveh izdelkov Leeb<\/div><\/div><div class=\"swiper-slide\"><a href=\"https:\/\/www.leeb-balkone.com\/app\/uploads\/2020\/07\/glas-sommergarten-terrassenueberdachung-4-scaled.jpg\"><img decoding=\"async\" src=\"https:\/\/www.leeb-balkone.com\/app\/uploads\/2020\/07\/glas-sommergarten-terrassenueberdachung-4-scaled.jpg\" alt=\"glas sommergarten terrassenueberdachung\"><\/a><div class=\"tgs-desc\">Terasna streha s stekleno ograjo na vseh straneh, raz\u0161irjena v poletni vrt<\/div><\/div><div class=\"swiper-slide\"><a href=\"https:\/\/www.leeb-balkone.com\/app\/uploads\/2020\/07\/Sandwichpaneele-Carport-aus-Aluminium-Ansicht-von-unten-Copyright-Andreas-Tauber-scaled.jpg\"><img decoding=\"async\" src=\"https:\/\/www.leeb-balkone.com\/app\/uploads\/2020\/07\/Sandwichpaneele-Carport-aus-Aluminium-Ansicht-von-unten-Copyright-Andreas-Tauber-scaled.jpg\" alt=\"Sandwichpaneele Carport aus Aluminium Ansicht von unten Copyright Andreas Tauber\"><\/a><div class=\"tgs-desc\">Opcijsko kritje s sendvi\u010d plo\u0161\u010dami \u2013 pogled od spodaj<\/div><\/div><\/div><div class=\"mainSliderPrev\"><\/div><div class=\"mainSliderNext\"><\/div><div class=\"main_slider_dots\"><\/div><\/div><div class=\"swiper thumbSlider\"><div class=\"swiper-wrapper wp-block-t3-carousel-wrapper\"><div class=\"swiper-slide\"><img decoding=\"async\" src=\"https:\/\/www.leeb-balkone.com\/app\/uploads\/2023\/05\/alu-terrassenueberdachung-21-1024x684.jpg\" alt=\"alu terrassenueberdachung\" \/><\/div><div class=\"swiper-slide\"><img decoding=\"async\" src=\"https:\/\/www.leeb-balkone.com\/app\/uploads\/2024\/08\/alu-terrassenueberdachung-amalfi-in-anthrazit-und-transparentem-glasdach-1024x683.jpg\" alt=\"alu terrassenueberdachung amalfi in anthrazit und transparentem glasdach\" \/><\/div><div class=\"swiper-slide\"><img decoding=\"async\" src=\"https:\/\/www.leeb-balkone.com\/app\/uploads\/2020\/07\/anbaubalkon-mit-ueberdachung-und-einem-gelaender-aus-glas-1024x683.jpg\" alt=\"Moderner Anbaubalkon mit einer \u00dcberdachung\" \/><\/div><div class=\"swiper-slide\"><img decoding=\"async\" src=\"https:\/\/www.leeb-balkone.com\/app\/uploads\/2023\/05\/alu-terrassenueberdachung-atrium-anbau-balkongelaender-aufdachmarkise-2-1024x684.jpg\" alt=\"alu terrassenueberdachung atrium anbau balkongelaender aufdachmarkise\" \/><\/div><div class=\"swiper-slide\"><img decoding=\"async\" src=\"https:\/\/www.leeb-balkone.com\/app\/uploads\/2020\/07\/glas-sommergarten-terrassenueberdachung-4-1024x683.jpg\" alt=\"glas sommergarten terrassenueberdachung\" \/><\/div><div class=\"swiper-slide\"><img decoding=\"async\" src=\"https:\/\/www.leeb-balkone.com\/app\/uploads\/2020\/07\/Sandwichpaneele-Carport-aus-Aluminium-Ansicht-von-unten-Copyright-Andreas-Tauber-1024x683.jpg\" alt=\"Sandwichpaneele Carport aus Aluminium Ansicht von unten Copyright Andreas Tauber\" \/><\/div><\/div><div class=\"thumbSliderPrev swiper-button-prev\"><\/div><div class=\"thumbSliderNext swiper-button-next\"><\/div><\/div><\/div><\/div>\n\n\n\n<div class=\"wp-block-column is-layout-flow wp-block-column-is-layout-flow\" style=\"flex-basis:33.33%\">\n<h2 class=\"wp-block-heading has-step-2-font-size\">Stre\u0161na kritina iz aluminija in stekla za terase in vrtove<\/h2>\n\n\n\n<p>Z aluminijastim in steklenim pokrovom za teraso Leeb lahko teraso spremenite v eleganten bivalni prostor, ki ga lahko uporabljate vse leto. Kombinacija visokokakovostnega aluminija in laminiranega varnostnega stekla zagotavlja sodoben videz, najve\u010djo vzdr\u017eljivost in optimalno za\u0161\u010dito v vseh vremenskih razmerah.<\/p>\n\n\n\n<ul class=\"wp-block-list is-style-checkmark-2\">\n<li>Na voljo sta dva modela &#8211; Amalfi in Toscana<\/li>\n\n\n\n<li>Brezhibna kombinacija z dodatnim balkonom Leeb &#8211; za optimalno za\u0161\u010dito pred vremenskimi vplivi<\/li>\n\n\n\n<li>Z drsnimi elementi ga je mogo\u010de kadar koli preprosto raz\u0161iriti in ustvariti poletni vrt<\/li>\n<\/ul>\n<\/div>\n<\/div>\n\n\n\n<div class=\"wp-block-group m-teaser o-grid u-md-1 is-layout-flow wp-block-group-is-layout-flow\" style=\"margin-top:0;padding-top:var(--wp--preset--spacing--xl-2-xl)\">\n<div class=\"wp-block-group u-g-10 u-g-s-2 is-layout-flow wp-block-group-is-layout-flow\" style=\"margin-top:0;margin-bottom:var(--wp--preset--spacing--s)\"><div class=\"wp-block-t3-tabs t3-tabs t3-tabs--centered t3-tabs--use-headings t3-tabs--heading-h3\" data-uniqueid=\"tabs-8f57f258\" data-use-headings=\"true\" data-heading-level=\"h3\"><ul class=\"t3-tabs__list\" role=\"tablist\"><li role=\"presentation\"><button role=\"tab\" id=\"tabs-8f57f258-tab-0\" aria-controls=\"tabs-8f57f258-panel-0\" class=\"t3-tabs__tab-button t3-tabs__tab-button--heading t3-tabs__tab-button--active\" aria-selected=\"true\" tabindex=\"0\"><div class=\"t3-tabs__tab-button-inner\"><span class=\"t3-tabs__tab-title\">Struktura in opis<\/span><\/div><\/button><\/li><li role=\"presentation\"><button role=\"tab\" id=\"tabs-8f57f258-tab-1\" aria-controls=\"tabs-8f57f258-panel-1\" class=\"t3-tabs__tab-button t3-tabs__tab-button--heading\" aria-selected=\"false\" tabindex=\"-1\"><div class=\"t3-tabs__tab-button-inner\"><span class=\"t3-tabs__tab-title\">Oprema in mo\u017enosti<\/span><\/div><\/button><\/li><li role=\"presentation\"><button role=\"tab\" id=\"tabs-8f57f258-tab-2\" aria-controls=\"tabs-8f57f258-panel-2\" class=\"t3-tabs__tab-button t3-tabs__tab-button--heading\" aria-selected=\"false\" tabindex=\"-1\"><div class=\"t3-tabs__tab-button-inner\"><span class=\"t3-tabs__tab-title\">Varnost<\/span><\/div><\/button><\/li><li role=\"presentation\"><button role=\"tab\" id=\"tabs-8f57f258-tab-3\" aria-controls=\"tabs-8f57f258-panel-3\" class=\"t3-tabs__tab-button t3-tabs__tab-button--heading\" aria-selected=\"false\" tabindex=\"-1\"><div class=\"t3-tabs__tab-button-inner\"><span class=\"t3-tabs__tab-title\">Primerjava modelov<\/span><\/div><\/button><\/li><\/ul><div class=\"t3-tabs__panels\"><div class=\"t3-tab__content t3-tabs__panel\" role=\"tabpanel\" id=\"tabs-8f57f258-panel-0\" aria-labelledby=\"tabs-8f57f258-tab-0\"><h3 class=\"sr-only\">Struktura in opis<\/h3>\n<div class=\"wp-block-group is-layout-grid wp-container-core-group-is-layout-15ba9093 wp-block-group-is-layout-grid\" style=\"padding-bottom:var(--wp--preset--spacing--m)\">\n<div class=\"wp-block-group wp-container-content-7d4755b8 has-global-padding is-layout-constrained wp-block-group-is-layout-constrained\">\n<figure class=\"wp-block-image size-full wp-duotone-unset-1\" style=\"margin-top:var(--wp--preset--spacing--xl);margin-bottom:var(--wp--preset--spacing--xl)\"><img loading=\"lazy\" decoding=\"async\" width=\"1920\" height=\"1080\" src=\"https:\/\/www.leeb-balkone.com\/app\/uploads\/2024\/08\/Amalfi_Schiebeelemente-ohne-Wand.png\" alt=\"Terrassendach Amalfi mit Schiebelementen\" class=\"wp-image-140224\" srcset=\"https:\/\/www.leeb-balkone.com\/app\/uploads\/2024\/08\/Amalfi_Schiebeelemente-ohne-Wand-300x169.png 300w, https:\/\/www.leeb-balkone.com\/app\/uploads\/2024\/08\/Amalfi_Schiebeelemente-ohne-Wand-1024x576.png 1024w, https:\/\/www.leeb-balkone.com\/app\/uploads\/2024\/08\/Amalfi_Schiebeelemente-ohne-Wand-768x432.png 768w, https:\/\/www.leeb-balkone.com\/app\/uploads\/2024\/08\/Amalfi_Schiebeelemente-ohne-Wand-1536x864.png 1536w\" sizes=\"auto, (max-width: 1920px) 100vw, 1920px\" \/><\/figure>\n\n\n\n<p class=\"has-step-s-font-size\">Streha na terasi <strong>Amalfi<\/strong>  <\/p>\n<\/div>\n\n\n\n<div class=\"wp-block-group has-global-padding is-layout-constrained wp-block-group-is-layout-constrained\">\n<figure class=\"wp-block-image size-full is-style-default wp-duotone-unset-2\"><img loading=\"lazy\" decoding=\"async\" width=\"1024\" height=\"768\" src=\"https:\/\/www.leeb-balkone.com\/app\/uploads\/2020\/07\/glas-sommergarten-rendering.jpg\" alt=\"glas sommergarten rendering\" class=\"wp-image-4893\" srcset=\"https:\/\/www.leeb-balkone.com\/app\/uploads\/2020\/07\/glas-sommergarten-rendering.jpg 1024w, https:\/\/www.leeb-balkone.com\/app\/uploads\/2020\/07\/glas-sommergarten-rendering-300x225.jpg 300w, https:\/\/www.leeb-balkone.com\/app\/uploads\/2020\/07\/glas-sommergarten-rendering-768x576.jpg 768w\" sizes=\"auto, (max-width: 1024px) 100vw, 1024px\" \/><\/figure>\n\n\n\n<p class=\"is-style-default has-step-s-font-size\">Streha na terasi <strong>Toscana<\/strong>  <\/p>\n<\/div>\n<\/div>\n\n\n\n<p>S pokrovom za teraso Leeb lahko teraso spremenite v za\u0161\u010diten in eleganten \u017eivljenjski prostor, ki ga lahko uporabljate vse leto. Konstrukcije navdu\u0161ujejo s sodobno, kubi\u010dno obliko, ki se harmoni\u010dno zlije z vsako arhitekturo. Zaradi premi\u0161ljene zasnove so vam na voljo hitra namestitev, visoka prilagodljivost in jasne linije, ki vizualno izbolj\u0161ajo zunanji prostor.<\/p>\n\n\n\n<ul class=\"wp-block-list\">\n<li class=\"has-step-0-font-size\">Robustni aluminijasti ali jekleni okvirji s trajnim pra\u0161nim premazom<\/li>\n\n\n\n<li>Izbira ravne ali po\u0161evne strehe za individualne zahteve<\/li>\n\n\n\n<li>Lahko se kombinira z dodatkom Leeb Balcony<\/li>\n\n\n\n<li>Enostavno se lahko raz\u0161iri na poletni vrt Leeb<\/li>\n\n\n\n<li>Nevidno vija\u010dno okovje zagotavlja izjemno eleganten videz<\/li>\n\n\n\n<li class=\"has-step-0-font-size\">Lahka konstrukcija omogo\u010da enostavno in hitro namestitev<\/li>\n<\/ul>\n<\/div><div class=\"t3-tab__content t3-tabs__panel\" role=\"tabpanel\" id=\"tabs-8f57f258-panel-1\" aria-labelledby=\"tabs-8f57f258-tab-1\"><h3 class=\"sr-only\">Oprema in mo\u017enosti<\/h3>\n<div class=\"wp-block-group is-layout-grid wp-container-core-group-is-layout-c19da409 wp-block-group-is-layout-grid\" style=\"padding-bottom:var(--wp--preset--spacing--m)\">\n<div class=\"wp-block-group wp-container-content-7ed1b8cc has-global-padding is-layout-constrained wp-block-group-is-layout-constrained\">\n<figure class=\"wp-block-image size-full\"><img loading=\"lazy\" decoding=\"async\" width=\"2560\" height=\"1978\" src=\"https:\/\/www.leeb-balkone.com\/app\/uploads\/2025\/08\/Dacht-T180-Sandwichtpaneeleindeckung-scaled.png\" alt=\"Dacht T180 Sandwichtpaneeleindeckung\" class=\"wp-image-152358\" srcset=\"https:\/\/www.leeb-balkone.com\/app\/uploads\/2025\/08\/Dacht-T180-Sandwichtpaneeleindeckung-scaled.png 2560w, https:\/\/www.leeb-balkone.com\/app\/uploads\/2025\/08\/Dacht-T180-Sandwichtpaneeleindeckung-300x232.png 300w, https:\/\/www.leeb-balkone.com\/app\/uploads\/2025\/08\/Dacht-T180-Sandwichtpaneeleindeckung-1024x791.png 1024w, https:\/\/www.leeb-balkone.com\/app\/uploads\/2025\/08\/Dacht-T180-Sandwichtpaneeleindeckung-768x594.png 768w, https:\/\/www.leeb-balkone.com\/app\/uploads\/2025\/08\/Dacht-T180-Sandwichtpaneeleindeckung-1536x1187.png 1536w, https:\/\/www.leeb-balkone.com\/app\/uploads\/2025\/08\/Dacht-T180-Sandwichtpaneeleindeckung-2048x1583.png 2048w\" sizes=\"auto, (max-width: 2560px) 100vw, 2560px\" \/><\/figure>\n\n\n\n<p class=\"has-step-s-font-size\"><strong>Obloga: sendvi\u010d plo\u0161\u010de<\/strong><\/p>\n<\/div>\n\n\n\n<div class=\"wp-block-group has-global-padding is-layout-constrained wp-block-group-is-layout-constrained\">\n<figure class=\"wp-block-image size-full\"><img loading=\"lazy\" decoding=\"async\" width=\"2560\" height=\"1978\" src=\"https:\/\/www.leeb-balkone.com\/app\/uploads\/2025\/07\/TL-150-Sommergarten-scaled.png\" alt=\"TL 150 Sommergarten\" class=\"wp-image-151395\" srcset=\"https:\/\/www.leeb-balkone.com\/app\/uploads\/2025\/07\/TL-150-Sommergarten-scaled.png 2560w, https:\/\/www.leeb-balkone.com\/app\/uploads\/2025\/07\/TL-150-Sommergarten-300x232.png 300w, https:\/\/www.leeb-balkone.com\/app\/uploads\/2025\/07\/TL-150-Sommergarten-1024x791.png 1024w, https:\/\/www.leeb-balkone.com\/app\/uploads\/2025\/07\/TL-150-Sommergarten-768x594.png 768w, https:\/\/www.leeb-balkone.com\/app\/uploads\/2025\/07\/TL-150-Sommergarten-1536x1187.png 1536w, https:\/\/www.leeb-balkone.com\/app\/uploads\/2025\/07\/TL-150-Sommergarten-2048x1583.png 2048w\" sizes=\"auto, (max-width: 2560px) 100vw, 2560px\" \/><\/figure>\n\n\n\n<p class=\"has-step-s-font-size\"><strong>Raz\u0161iritev: poletni vrt<\/strong><\/p>\n<\/div>\n\n\n\n<div class=\"wp-block-group has-global-padding is-layout-constrained wp-block-group-is-layout-constrained\">\n<figure class=\"wp-block-image size-full\"><img loading=\"lazy\" decoding=\"async\" width=\"2560\" height=\"1978\" src=\"https:\/\/www.leeb-balkone.com\/app\/uploads\/2025\/07\/Dach-Solar-Ansicht-scaled.png\" alt=\"Dach Solar Ansicht\" class=\"wp-image-151390\" srcset=\"https:\/\/www.leeb-balkone.com\/app\/uploads\/2025\/07\/Dach-Solar-Ansicht-scaled.png 2560w, https:\/\/www.leeb-balkone.com\/app\/uploads\/2025\/07\/Dach-Solar-Ansicht-300x232.png 300w, https:\/\/www.leeb-balkone.com\/app\/uploads\/2025\/07\/Dach-Solar-Ansicht-1024x791.png 1024w, https:\/\/www.leeb-balkone.com\/app\/uploads\/2025\/07\/Dach-Solar-Ansicht-768x594.png 768w, https:\/\/www.leeb-balkone.com\/app\/uploads\/2025\/07\/Dach-Solar-Ansicht-1536x1187.png 1536w, https:\/\/www.leeb-balkone.com\/app\/uploads\/2025\/07\/Dach-Solar-Ansicht-2048x1583.png 2048w\" sizes=\"auto, (max-width: 2560px) 100vw, 2560px\" \/><\/figure>\n\n\n\n<p class=\"has-step-s-font-size\"><strong>PV-moduli: Son\u010dna terasna streha<\/strong><\/p>\n<\/div>\n<\/div>\n\n\n\n<p>Podjetje Leeb ponuja \u0161tevilne mo\u017enosti za prilagajanje pokrova terase in njegovo prilagoditev va\u0161im \u017eeljam. Visokokakovostna oprema zagotavlja udobje in funkcionalnost.<\/p>\n\n\n\n<ul class=\"wp-block-list\">\n<li>Pokrivanje z laminiranim varnostnim steklom ali sendvi\u010d plo\u0161\u010dami<\/li>\n\n\n\n<li>Vgrajena osvetlitev LED za prijetno vzdu\u0161je<\/li>\n\n\n\n<li>\u0160iroka paleta barv zaradi sodobnega pra\u0161nega lakiranja<\/li>\n\n\n\n<li>Mo\u017enost raz\u0161iritve na zaprt <a href=\"https:\/\/www.leeb-balkone.com\/sl\/nadstresni-sistemi\/terasa-kot-letni-vrt\/\">letni vrt<\/a> za \u0161e ve\u010d udobja<\/li>\n\n\n\n<li>Po \u017eelji z visokokakovostnimi fotovoltai\u010dnimi moduli kot <a href=\"https:\/\/www.leeb-balkone.com\/sl\/solar\/solarna-streha-terase\/\">streha za son\u010dno teraso<\/a><\/li>\n<\/ul>\n\n\n\n<div class=\"wp-block-t3-acc-accordion is-style-default\"><button id=\"accordion-1d00db8e-bed6-4cd2-a166-9c93264f539f-button\" class=\"accordion__button\" aria-expanded=\"false\" aria-controls=\"accordion-1d00db8e-bed6-4cd2-a166-9c93264f539f-panel\"><h4 data-accordion-title=\"true\" style=\"font-size:var(--step-0)\"><strong>Mehr zur Eindeckung mit Sandwichpaneelen erfahren!<\/strong><\/h4><\/button><div id=\"accordion-1d00db8e-bed6-4cd2-a166-9c93264f539f-panel\" class=\"accordion__panel\" role=\"region\" aria-labelledby=\"accordion-1d00db8e-bed6-4cd2-a166-9c93264f539f-button\">\n<p>Terasne strehe LEEB so zdaj na voljo tudi z visokokakovostnimi sendvi\u010d plo\u0161\u010dami, ki ponujajo \u0161tevilne prednosti in va\u0161o teraso spremenijo v oazo dobrega po\u010dutja. Te plo\u0161\u010de niso le lahke in enostavne za uporabo, temve\u010d imajo tudi odli\u010dne izolacijske in zvo\u010dnoizolacijske funkcije. Dodatnega sen\u010denja ne potrebujete, saj paneli sami zagotavljajo dovolj sence, zato je uporaba markiz odve\u010d. Robustna in trpe\u017ena konstrukcija je odporna na vremenske vplive in vam zagotavlja dolgotrajno u\u017eivanje v va\u0161em nadstre\u0161ku.<\/p>\n\n\n\n<ul class=\"wp-block-list\">\n<li>VERSATILNOST &#8211; Na voljo v razli\u010dnih barvah in izvedbah, ki se ujemajo z obstoje\u010do arhitekturo.<\/li>\n\n\n\n<li>MAJHNA TE\u017dA &#8211; Enostavno rokovanje med namestitvijo, ni potrebna nobena dvi\u017ena naprava.<\/li>\n\n\n\n<li>Zvo\u010dna izolacija &#8211; Zmanj\u0161uje raven hrupa zaradi de\u017eja in to\u010de ter zagotavlja mirno okolje.<\/li>\n<\/ul>\n\n\n\n<p>Pokrivanje s sendvi\u010d plo\u0161\u010dami je mogo\u010de samo pri modelu terasne strehe Toscana.<\/p>\n<\/div><\/div>\n<\/div><div class=\"t3-tab__content t3-tabs__panel\" role=\"tabpanel\" id=\"tabs-8f57f258-panel-2\" aria-labelledby=\"tabs-8f57f258-tab-2\"><h3 class=\"sr-only\">Varnost<\/h3>\n<p>Leeb pripisuje velik pomen preizku\u0161eni varnosti in trajni zasnovi, ki ne zahteva vzdr\u017eevanja. Nadstre\u0161ki so izdelani po najvi\u0161jih standardih kakovosti in zagotavljajo zanesljivo za\u0161\u010dito v vseh vremenskih razmerah.<\/p>\n\n\n\n<ul class=\"wp-block-list\">\n<li>Proizvodnja s certifikatom ISO 9001 in sestavni deli, preizku\u0161eni s CE<\/li>\n\n\n\n<li>Visoka odpornost proti vremenskim vplivom in za\u0161\u010dita pred UV-\u017earki<\/li>\n\n\n\n<li>Uporaba materialov, ki ne zahtevajo vzdr\u017eevanja in so odporni proti koroziji<\/li>\n\n\n\n<li>Strukturno na\u010drtovanje za vetrne in sne\u017ene obremenitve v skladu z regionalnimi specifikacijami<\/li>\n<\/ul>\n<\/div><div class=\"t3-tab__content t3-tabs__panel\" role=\"tabpanel\" id=\"tabs-8f57f258-panel-3\" aria-labelledby=\"tabs-8f57f258-tab-3\"><h3 class=\"sr-only\">Primerjava modelov<\/h3>\n<p>Pokrivala za terase se razlikujejo predvsem po zasnovi in tehni\u010dni prilagodljivosti. <strong>Amalfi<\/strong> navdu\u0161uje s sodobnim, \u010distim videzom z <strong>vgrajenim de\u017eevnim \u017elebom in odto\u010dno cevjo<\/strong>, ki sta vizualno nevidna, vendar ju je enostavno vzdr\u017eevati &#8211; idealna za standardne re\u0161itve z visokimi oblikovalskimi standardi. <strong>Toscana<\/strong> po drugi strani ponuja <strong>najve\u010djo prilagodljivost<\/strong>, ve\u010dje razpone, <strong>prakti\u010dno neomejeno sne\u017eno obremenitev<\/strong> in spremenljive velikosti. \u010ce i\u0161\u010dete tehni\u010dno svobodo in prilagojene re\u0161itve, je Toscana prava izbira. \u010ce imate raje eleganten in preprost nadstre\u0161ek, je Amalfi odli\u010dna izbira. Vse nadstre\u0161ke Leeb je mogo\u010de prilagoditi do milimetra natan\u010dno.  <\/p>\n\n\n\n<figure class=\"wp-block-table is-style-compare-table has-step-s-font-size\" style=\"padding-top:var(--wp--preset--spacing--l)\"><table class=\"has-fixed-layout\"><thead><tr><th><\/th><th class=\"has-text-align-center\" data-align=\"center\">Toscana<\/th><th class=\"has-text-align-center\" data-align=\"center\">Amalfi<\/th><\/tr><\/thead><tbody><tr><td><strong>Variante stre\u0161nih kritin<\/strong><\/td><td class=\"has-text-align-center\" data-align=\"center\"><img decoding=\"async\" src=\"https:\/\/www.leeb-balkone.com\/app\/uploads\/2025\/09\/cv-check.svg\" alt=\"\"><br>Steklo, son\u010dni, sendvi\u010d paneli<\/td><td class=\"has-text-align-center\" data-align=\"center\"><img decoding=\"async\" src=\"https:\/\/www.leeb-balkone.com\/app\/uploads\/2025\/09\/cv-not-available.svg\" alt=\"\"><br>samo steklene obloge<\/td><\/tr><tr><td><strong>\u0160irina strehe<\/strong> do 12 m<\/td><td class=\"has-text-align-center\" data-align=\"center\"><img decoding=\"async\" src=\"https:\/\/www.leeb-balkone.com\/app\/uploads\/2025\/09\/cv-check.svg\" alt=\"\"><\/td><td class=\"has-text-align-center\" data-align=\"center\"><img decoding=\"async\" src=\"https:\/\/www.leeb-balkone.com\/app\/uploads\/2025\/09\/cv-check.svg\" alt=\"\"><\/td><\/tr><tr><td>Prilagojena <strong>globina strehe<\/strong> <\/td><td class=\"has-text-align-center\" data-align=\"center\"><img decoding=\"async\" src=\"https:\/\/www.leeb-balkone.com\/app\/uploads\/2025\/09\/cv-check.svg\" alt=\"\"><br>Brez omejitev<\/td><td class=\"has-text-align-center\" data-align=\"center\"><img decoding=\"async\" src=\"https:\/\/www.leeb-balkone.com\/app\/uploads\/2025\/09\/cv-not-available.svg\" alt=\"\"><br>mo\u017eno le do vi\u0161ine 4,5 m<\/td><\/tr><tr><td>Prilagodljivo do milimetra<\/td><td class=\"has-text-align-center\" data-align=\"center\"><img decoding=\"async\" src=\"https:\/\/www.leeb-balkone.com\/app\/uploads\/2025\/09\/cv-check.svg\" alt=\"\"><\/td><td class=\"has-text-align-center\" data-align=\"center\"><img decoding=\"async\" src=\"https:\/\/www.leeb-balkone.com\/app\/uploads\/2025\/09\/cv-check.svg\" alt=\"\"><\/td><\/tr><tr><td><strong>Skrita odto\u010dna cev<\/strong><\/td><td class=\"has-text-align-center\" data-align=\"center\"><img decoding=\"async\" src=\"https:\/\/www.leeb-balkone.com\/app\/uploads\/2025\/09\/cv-not-available.svg\" alt=\"\"><\/td><td class=\"has-text-align-center\" data-align=\"center\"><img decoding=\"async\" src=\"https:\/\/www.leeb-balkone.com\/app\/uploads\/2025\/09\/cv-check.svg\" alt=\"\"><\/td><\/tr><tr><td>Vgrajeni \u017elebovi za de\u017e<\/td><td class=\"has-text-align-center\" data-align=\"center\"><img decoding=\"async\" src=\"https:\/\/www.leeb-balkone.com\/app\/uploads\/2025\/09\/cv-check.svg\" alt=\"\"><br>Vidno integriran<\/td><td class=\"has-text-align-center\" data-align=\"center\"><img decoding=\"async\" src=\"https:\/\/www.leeb-balkone.com\/app\/uploads\/2025\/09\/cv-check.svg\" alt=\"\"><br>Prikrito vklju\u010devanje<\/td><\/tr><tr><td>Obremenitev s snegom<\/td><td class=\"has-text-align-center\" data-align=\"center\">mo\u017eno do 6 kN\/m\u00b2<\/td><td class=\"has-text-align-center\" data-align=\"center\"><br>omejeno do 2,5 kN\/m\u00b2<\/td><\/tr><tr><td>Lahko se kombinira z dodatkom Leeb Balcony<\/td><td class=\"has-text-align-center\" data-align=\"center\"><img decoding=\"async\" src=\"https:\/\/www.leeb-balkone.com\/app\/uploads\/2025\/09\/cv-check.svg\" alt=\"\"><\/td><td class=\"has-text-align-center\" data-align=\"center\"><img decoding=\"async\" src=\"https:\/\/www.leeb-balkone.com\/app\/uploads\/2025\/09\/cv-check.svg\" alt=\"\"><\/td><\/tr><tr><td>Mo\u017enost raz\u0161iritve v poletni vrt<\/td><td class=\"has-text-align-center\" data-align=\"center\"><img decoding=\"async\" src=\"https:\/\/www.leeb-balkone.com\/app\/uploads\/2025\/09\/cv-check.svg\" alt=\"\"><\/td><td class=\"has-text-align-center\" data-align=\"center\"><img decoding=\"async\" src=\"https:\/\/www.leeb-balkone.com\/app\/uploads\/2025\/09\/cv-check.svg\" alt=\"\"><\/td><\/tr><tr><td>Mo\u017enost prostostoje\u010de postavitve (brez monta\u017ee na steno)<\/td><td class=\"has-text-align-center\" data-align=\"center\"><img decoding=\"async\" src=\"https:\/\/www.leeb-balkone.com\/app\/uploads\/2025\/09\/cv-check.svg\" alt=\"\"><\/td><td class=\"has-text-align-center\" data-align=\"center\"><img decoding=\"async\" src=\"https:\/\/www.leeb-balkone.com\/app\/uploads\/2025\/09\/cv-not-available.svg\" alt=\"\"><\/td><\/tr><tr><td><strong><strong>Osvetlitev LED<\/strong><\/strong><\/td><td class=\"has-text-align-center\" data-align=\"center\"><img decoding=\"async\" src=\"https:\/\/www.leeb-balkone.com\/app\/uploads\/2025\/09\/cv-check.svg\" alt=\"\"><\/td><td class=\"has-text-align-center\" data-align=\"center\"><img decoding=\"async\" src=\"https:\/\/www.leeb-balkone.com\/app\/uploads\/2025\/09\/cv-check.svg\" alt=\"\"><\/td><\/tr><tr><td>Vgradijo se lahko drsni elementi<\/td><td class=\"has-text-align-center\" data-align=\"center\"><img decoding=\"async\" src=\"https:\/\/www.leeb-balkone.com\/app\/uploads\/2025\/09\/cv-check.svg\" alt=\"\"><\/td><td class=\"has-text-align-center\" data-align=\"center\"><img decoding=\"async\" src=\"https:\/\/www.leeb-balkone.com\/app\/uploads\/2025\/09\/cv-check.svg\" alt=\"\"><\/td><\/tr><tr><td>Mo\u017enosti sen\u010denja<br>(na strehi, navpi\u010dno in pod streho)<\/td><td class=\"has-text-align-center\" data-align=\"center\"><img decoding=\"async\" src=\"https:\/\/www.leeb-balkone.com\/app\/uploads\/2025\/09\/cv-check.svg\" alt=\"\"><\/td><td class=\"has-text-align-center\" data-align=\"center\"><img decoding=\"async\" src=\"https:\/\/www.leeb-balkone.com\/app\/uploads\/2025\/09\/cv-check.svg\" alt=\"\"><\/td><\/tr><\/tbody><\/table><\/figure>\n<\/div><\/div><\/div><\/div>\n<\/div>\n<\/section>\n\n\n\n\n\n<section class=\"wp-block-group alignfull has-light-gray-background-color has-background has-global-padding is-layout-constrained wp-container-core-group-is-layout-52f96efc wp-block-group-is-layout-constrained\" id=\"service-qualitaet\">\n<div class=\"wp-block-group o-grid u-md-1 is-layout-flow wp-block-group-is-layout-flow\">\n<div class=\"wp-block-group u-g-9 u-g-s-2 is-layout-flow wp-block-group-is-layout-flow\" style=\"margin-bottom:var(--wp--preset--spacing--s)\">\n<h2 class=\"wp-block-heading\">Terasne strehe iz podjetja Leeb<\/h2>\n\n\n\n<p><span class=\"teaser\"><span class=\"teaser\">Nadstre\u0161ki Leeb zdru\u017eujejo visokokakovostne materiale, prvovrstno izdelavo in sodobno oblikovanje ter ustvarjajo trajne re\u0161itve za zunanje prostore.  <\/span><\/span><\/p>\n\n\n\n<p>Zaradi aluminija, ki ne potrebuje vzdr\u017eevanja, s patentiranim pra\u0161nim premazom in vrhunskim varnostnim steklom so na\u0161a pokrivala za terase posebej odporna na vremenske vplive, odporna na praske in enostavna za \u010di\u0161\u010denje. Na\u0161i prilagodljivi sistemi ponujajo \u0161tevilne razli\u010dice: od klasi\u010dnih nadstre\u0161kov s stenskimi priklju\u010dki do prostostoje\u010dih modelov, kot so atriji in poletni vrtovi z vsestranskim zavetjem.<\/p>\n<\/div>\n<\/div>\n\n\n\n<div class=\"wp-block-group small is-style-white-cards sm-2-cols is-layout-grid wp-container-core-group-is-layout-7785d981 wp-block-group-is-layout-grid\">\n<div class=\"wp-block-group m-card has-modal is-layout-flow wp-container-core-group-is-layout-8a368f38 wp-block-group-is-layout-flow\" data-modal-id=\"150743\">\n<figure class=\"wp-block-image size-full\"><img loading=\"lazy\" decoding=\"async\" width=\"2560\" height=\"1920\" src=\"https:\/\/www.leeb-balkone.com\/app\/uploads\/2024\/08\/alu-terrassenueberdachung-elegant-highend-01-scaled.jpg\" alt=\"alu terrassenueberdachung elegant highend\" class=\"wp-image-140194\" srcset=\"https:\/\/www.leeb-balkone.com\/app\/uploads\/2024\/08\/alu-terrassenueberdachung-elegant-highend-01-scaled.jpg 2560w, https:\/\/www.leeb-balkone.com\/app\/uploads\/2024\/08\/alu-terrassenueberdachung-elegant-highend-01-300x225.jpg 300w, https:\/\/www.leeb-balkone.com\/app\/uploads\/2024\/08\/alu-terrassenueberdachung-elegant-highend-01-1024x768.jpg 1024w, https:\/\/www.leeb-balkone.com\/app\/uploads\/2024\/08\/alu-terrassenueberdachung-elegant-highend-01-768x576.jpg 768w, https:\/\/www.leeb-balkone.com\/app\/uploads\/2024\/08\/alu-terrassenueberdachung-elegant-highend-01-1536x1152.jpg 1536w, https:\/\/www.leeb-balkone.com\/app\/uploads\/2024\/08\/alu-terrassenueberdachung-elegant-highend-01-2048x1536.jpg 2048w\" sizes=\"auto, (max-width: 2560px) 100vw, 2560px\" \/><\/figure>\n\n\n\n<div class=\"wp-block-group m-card-content has-white-background-color has-background is-vertical is-layout-flex wp-container-core-group-is-layout-5580f018 wp-block-group-is-layout-flex\">\n<h3 class=\"wp-block-heading\">Prava streha za vsak projekt<\/h3>\n\n\n\n<p>Stre\u0161na kritina s sistemom &#8211; najve\u010dja izbira, najve\u010dja svoboda oblikovanja.<\/p>\n<\/div>\n<a href=\"#overlay-150743\" class=\"open-modal-link\" aria-label=\"Open modal\"><span class=\"sr-only\">\u00d6ffne Modal<\/span><\/a><\/div>\n\n\n\n<div class=\"wp-block-group m-card has-modal is-layout-flow wp-container-core-group-is-layout-8a368f38 wp-block-group-is-layout-flow\" data-modal-id=\"150749\">\n<figure class=\"wp-block-image size-large is-style-default\"><img loading=\"lazy\" decoding=\"async\" width=\"1024\" height=\"767\" src=\"https:\/\/www.leeb-balkone.com\/app\/uploads\/2020\/08\/leeb-balkone-mitarbeiter-4-1024x767.jpeg\" alt=\"Namestitev prilagojene balkonske ograje iz aluminija Leeb\" class=\"wp-image-6083\" srcset=\"https:\/\/www.leeb-balkone.com\/app\/uploads\/2020\/08\/leeb-balkone-mitarbeiter-4-1024x767.jpeg 1024w, https:\/\/www.leeb-balkone.com\/app\/uploads\/2020\/08\/leeb-balkone-mitarbeiter-4-2048x1535.jpeg 2048w, https:\/\/www.leeb-balkone.com\/app\/uploads\/2020\/08\/leeb-balkone-mitarbeiter-4-300x225.jpeg 300w, https:\/\/www.leeb-balkone.com\/app\/uploads\/2020\/08\/leeb-balkone-mitarbeiter-4-768x575.jpeg 768w, https:\/\/www.leeb-balkone.com\/app\/uploads\/2020\/08\/leeb-balkone-mitarbeiter-4-1536x1151.jpeg 1536w\" sizes=\"auto, (max-width: 1024px) 100vw, 1024px\" \/><\/figure>\n\n\n\n<div class=\"wp-block-group m-card-content has-white-background-color has-background is-vertical is-layout-flex wp-container-core-group-is-layout-5580f018 wp-block-group-is-layout-flex\">\n<h3 class=\"wp-block-heading\">Vsestranska storitev za brezskrbno realizacijo!<\/h3>\n\n\n\n<p>Svetovanje na kraju samem, 3D konfigurator, tovarni\u0161ka proizvodnja, dobava in monta\u017ea.<\/p>\n<\/div>\n<a href=\"#overlay-150749\" class=\"open-modal-link\" aria-label=\"Open modal\"><span class=\"sr-only\">\u00d6ffne Modal<\/span><\/a><\/div>\n\n\n\n<div class=\"wp-block-group m-card has-modal is-layout-flow wp-container-core-group-is-layout-8a368f38 wp-block-group-is-layout-flow\" data-modal-id=\"150746\">\n<figure class=\"wp-block-image size-full\"><img loading=\"lazy\" decoding=\"async\" width=\"2048\" height=\"1366\" src=\"https:\/\/www.leeb-balkone.com\/app\/uploads\/2022\/05\/glas-bearbeitung-zuschnitt--scaled.jpg\" alt=\"glas bearbeitung zuschnitt \" class=\"wp-image-83644\" srcset=\"https:\/\/www.leeb-balkone.com\/app\/uploads\/2022\/05\/glas-bearbeitung-zuschnitt--scaled.jpg 2048w, https:\/\/www.leeb-balkone.com\/app\/uploads\/2022\/05\/glas-bearbeitung-zuschnitt--300x200.jpg 300w, https:\/\/www.leeb-balkone.com\/app\/uploads\/2022\/05\/glas-bearbeitung-zuschnitt--1024x683.jpg 1024w, https:\/\/www.leeb-balkone.com\/app\/uploads\/2022\/05\/glas-bearbeitung-zuschnitt--768x512.jpg 768w, https:\/\/www.leeb-balkone.com\/app\/uploads\/2022\/05\/glas-bearbeitung-zuschnitt--1536x1024.jpg 1536w\" sizes=\"auto, (max-width: 2048px) 100vw, 2048px\" \/><\/figure>\n\n\n\n<div class=\"wp-block-group m-card-content has-white-background-color has-background is-vertical is-layout-flex wp-container-core-group-is-layout-5580f018 wp-block-group-is-layout-flex\">\n<h3 class=\"wp-block-heading\"><strong>Laminirano varnostno steklo vrhunske kakovosti<\/strong><\/h3>\n\n\n\n<p>Preizku\u0161ena varnost, inovativne zasnove in dolgotrajna kakovost po meri s podjetjem Leeb Glas.<\/p>\n<\/div>\n<a href=\"#overlay-150746\" class=\"open-modal-link\" aria-label=\"Open modal\"><span class=\"sr-only\">\u00d6ffne Modal<\/span><\/a><\/div>\n\n\n\n<div class=\"wp-block-group m-card has-modal is-layout-flow wp-container-core-group-is-layout-8a368f38 wp-block-group-is-layout-flow\" data-modal-id=\"150753\">\n<figure class=\"wp-block-image size-large\"><img loading=\"lazy\" decoding=\"async\" width=\"1024\" height=\"665\" src=\"https:\/\/www.leeb-balkone.com\/app\/uploads\/2020\/08\/alu-comfort-plus-1024x665.jpg\" alt=\"alu comfort plus\" class=\"wp-image-5082\" srcset=\"https:\/\/www.leeb-balkone.com\/app\/uploads\/2020\/08\/alu-comfort-plus-1024x665.jpg 1024w, https:\/\/www.leeb-balkone.com\/app\/uploads\/2020\/08\/alu-comfort-plus-300x195.jpg 300w, https:\/\/www.leeb-balkone.com\/app\/uploads\/2020\/08\/alu-comfort-plus-768x499.jpg 768w, https:\/\/www.leeb-balkone.com\/app\/uploads\/2020\/08\/alu-comfort-plus-1536x997.jpg 1536w, https:\/\/www.leeb-balkone.com\/app\/uploads\/2020\/08\/alu-comfort-plus-2048x1330.jpg 2048w\" sizes=\"auto, (max-width: 1024px) 100vw, 1024px\" \/><\/figure>\n\n\n\n<div class=\"wp-block-group m-card-content has-white-background-color has-background is-vertical is-layout-flex wp-container-core-group-is-layout-5580f018 wp-block-group-is-layout-flex\">\n<h3 class=\"wp-block-heading\">Dolgoro\u010dna za\u0161\u010dita z ALU Comfort Plus\u00ae<\/h3>\n\n\n\n<p>Patentiran premaz in obdelava aluminija na najvi\u0161ji ravni.<\/p>\n<\/div>\n<a href=\"#overlay-150753\" class=\"open-modal-link\" aria-label=\"Open modal\"><span class=\"sr-only\">\u00d6ffne Modal<\/span><\/a><\/div>\n<\/div>\n\n\n\n<div class=\"wp-block-group o-grid u-md-1 is-layout-flow wp-block-group-is-layout-flow\" style=\"padding-top:var(--wp--preset--spacing--l)\">\n<div class=\"wp-block-group u-g-9 u-g-s-2 is-layout-flow wp-block-group-is-layout-flow\" style=\"margin-bottom:var(--wp--preset--spacing--s)\">\n<h3 class=\"wp-block-heading\">Prednosti na prvi pogled<\/h3>\n\n\n\n<p>Na\u0161 aluminij, ki ne potrebuje vzdr\u017eevanja, ima v primerjavi z jeklenimi pokrovi za terase odlo\u010dilne prednosti. Redno vzdr\u017eevanje in servisiranje, kot so barvanje, bru\u0161enje ali zamenjava okvarjenih sestavnih delov, ni potrebno. Z na\u0161im patentiranim premazom ALU COMFORT PLUS\u00ae so strehe teras, poletnih vrtov, nadstre\u0161kov in novega atrija Leeb prakti\u010dno brez vzdr\u017eevanja.<\/p>\n\n\n\n<p>Nadstre\u0161ki Leeb so certificirani v skladu s standardom kakovosti ISO 9001. Izdelki so tudi testirani po standardu CE v skladu s standardom EN 1090. Stalni nadzor kakovosti, ki ga izvajajo neodvisni testni centri, nam omogo\u010da nositi zlati avstrijski znak kakovosti.<\/p>\n\n\n\n<ul class=\"wp-block-list is-style-checkmark-2\">\n<li>STRE\u0160NA KRI\u0160AVA TERASA &#8211; RAZLI\u010cNE MO\u017dNOSTI<br>Primerna razli\u010dica stre\u0161ne kritine za vsako vrsto hi\u0161e s teraso ali vrtom.<\/li>\n\n\n\n<li>VISOKI VARNOSTNI STANDARDI<br>Za\u0161\u010dita z odli\u010dnim videzom &#8211; sistem za\u0161\u010dite Alu, visokokakovostno laminirano varnostno steklo<\/li>\n\n\n\n<li>ALU COMFORT PLUS\u00ae COATING<br>Patentiran pra\u0161ni premaz za vremensko odporno in na praske odporno terasno streho<\/li>\n\n\n\n<li>VSE\u017dIVLJENSKE STORITVE IN POTRJENA KAKOVOST<br>Od na\u010drtovanja do monta\u017ee &#8211; na varni strani s pokrovi za terase Leeb<\/li>\n\n\n\n<li>AVTOMATI\u010cNO IZRA\u010cUNAVANJE SNE\u017dNE OBTE\u017dBE<br>Terasne strehe Leeb so vedno na\u010drtovane glede na lokalne razmere; sne\u017ena obremenitev se izra\u010duna samodejno in se upo\u0161teva pri na\u010drtovanju.<\/li>\n<\/ul>\n<\/div>\n<\/div>\n<\/section>\n\n\n\n<section class=\"wp-block-group alignfull has-white-background-color has-background has-global-padding is-layout-constrained wp-container-core-group-is-layout-52f96efc wp-block-group-is-layout-constrained\" id=\"vielfalt-zubehoer\">\n<div class=\"wp-block-group o-grid u-md-1 is-layout-flow wp-block-group-is-layout-flow\">\n<div class=\"wp-block-group u-g-9 u-g-s-2 is-layout-flow wp-block-group-is-layout-flow\" style=\"margin-bottom:var(--wp--preset--spacing--s)\">\n<h2 class=\"wp-block-heading\">Oprema in dodatki<\/h2>\n\n\n\n<p><span class=\"teaser\"><span class=\"teaser\">Preoblikujte pokrito teraso v pravi prostor dobrega po\u010dutja.  <\/span><\/span><\/p>\n\n\n\n<p>Naj gre za markize, zaslone za zasebnost, razsvetljavo LED, prilagodljive drsne elemente ali visokokakovostne talne obloge &#8211; ponujamo vam \u0161tevilne mo\u017enosti za prilagoditev funkcionalnosti in udobja va\u0161im individualnim zahtevam. Tako bo va\u0161 nadstre\u0161ek ne le vizualno privla\u010den, temve\u010d tudi zelo prakti\u010den in vsestranski.<\/p>\n<\/div>\n<\/div>\n\n\n\n<div class=\"wp-block-group small sm-2-cols is-style-gray-cards is-layout-grid wp-container-core-group-is-layout-7785d981 wp-block-group-is-layout-grid\">\n<div class=\"wp-block-group m-card has-modal is-layout-flow wp-container-core-group-is-layout-8a368f38 wp-block-group-is-layout-flow\" data-modal-id=\"152089\">\n<figure class=\"wp-block-image size-large\"><img loading=\"lazy\" decoding=\"async\" width=\"1024\" height=\"576\" src=\"https:\/\/www.leeb-balkone.com\/app\/uploads\/2023\/05\/Ueberdachung-mit-Sandwichpaneele_3-1024x576.jpg\" alt=\"Majhna te\u017ea, toplotna izolacija, zvo\u010dna izolacija - sendvi\u010d plo\u0161\u010de\" class=\"wp-image-139541\" srcset=\"https:\/\/www.leeb-balkone.com\/app\/uploads\/2023\/05\/Ueberdachung-mit-Sandwichpaneele_3-1024x576.jpg 1024w, https:\/\/www.leeb-balkone.com\/app\/uploads\/2023\/05\/Ueberdachung-mit-Sandwichpaneele_3-300x169.jpg 300w, https:\/\/www.leeb-balkone.com\/app\/uploads\/2023\/05\/Ueberdachung-mit-Sandwichpaneele_3-768x432.jpg 768w, https:\/\/www.leeb-balkone.com\/app\/uploads\/2023\/05\/Ueberdachung-mit-Sandwichpaneele_3-1536x864.jpg 1536w, https:\/\/www.leeb-balkone.com\/app\/uploads\/2023\/05\/Ueberdachung-mit-Sandwichpaneele_3-2048x1152.jpg 2048w\" sizes=\"auto, (max-width: 1024px) 100vw, 1024px\" \/><figcaption class=\"wp-element-caption\">Majhna te\u017ea, toplotna izolacija, zvo\u010dna izolacija &#8211; sendvi\u010d plo\u0161\u010de  <\/figcaption><\/figure>\n\n\n\n<div class=\"wp-block-group m-card-content is-vertical is-layout-flex wp-container-core-group-is-layout-5580f018 wp-block-group-is-layout-flex\">\n<h3 class=\"wp-block-heading\">Prekrivanje s sendvi\u010d plo\u0161\u010dami<\/h3>\n\n\n\n<p>Optimalna za\u0161\u010dita pred vremenskimi vplivi in toploto zaradi sodobnih sendvi\u010d plo\u0161\u010d.<\/p>\n<\/div>\n<a href=\"#overlay-152089\" class=\"open-modal-link\" aria-label=\"Open modal\"><span class=\"sr-only\">\u00d6ffne Modal<\/span><\/a><\/div>\n\n\n\n<div class=\"wp-block-group m-card has-modal is-layout-flow wp-container-core-group-is-layout-8a368f38 wp-block-group-is-layout-flow\" data-modal-id=\"152091\">\n<figure class=\"wp-block-image size-large\"><img loading=\"lazy\" decoding=\"async\" width=\"1024\" height=\"768\" src=\"https:\/\/www.leeb-balkone.com\/app\/uploads\/2025\/06\/terrassenueberdachung-aus-alu-und-transparentem-glas-1024x768.jpg\" alt=\"terrassenueberdachung aus alu und transparentem glas\" class=\"wp-image-148162\" srcset=\"https:\/\/www.leeb-balkone.com\/app\/uploads\/2025\/06\/terrassenueberdachung-aus-alu-und-transparentem-glas-1024x768.jpg 1024w, https:\/\/www.leeb-balkone.com\/app\/uploads\/2025\/06\/terrassenueberdachung-aus-alu-und-transparentem-glas-300x225.jpg 300w, https:\/\/www.leeb-balkone.com\/app\/uploads\/2025\/06\/terrassenueberdachung-aus-alu-und-transparentem-glas-768x576.jpg 768w, https:\/\/www.leeb-balkone.com\/app\/uploads\/2025\/06\/terrassenueberdachung-aus-alu-und-transparentem-glas-1536x1152.jpg 1536w, https:\/\/www.leeb-balkone.com\/app\/uploads\/2025\/06\/terrassenueberdachung-aus-alu-und-transparentem-glas-2048x1536.jpg 2048w\" sizes=\"auto, (max-width: 1024px) 100vw, 1024px\" \/><\/figure>\n\n\n\n<div class=\"wp-block-group m-card-content is-vertical is-layout-flex wp-container-core-group-is-layout-5580f018 wp-block-group-is-layout-flex\">\n<h3 class=\"wp-block-heading\">Pokrivanje s steklom<\/h3>\n\n\n\n<p>Najve\u010dja prepustnost svetlobe z vrhunskim steklom iz na\u0161e lastne proizvodnje &#8211; po \u017eelji je na voljo v razli\u010dnih barvah stekla.<\/p>\n<\/div>\n<a href=\"#overlay-152091\" class=\"open-modal-link\" aria-label=\"Open modal\"><span class=\"sr-only\">\u00d6ffne Modal<\/span><\/a><\/div>\n\n\n\n<div class=\"wp-block-group m-card has-modal is-layout-flow wp-container-core-group-is-layout-8a368f38 wp-block-group-is-layout-flow\" data-modal-id=\"152092\">\n<figure class=\"wp-block-image size-large\"><img loading=\"lazy\" decoding=\"async\" width=\"1024\" height=\"683\" src=\"https:\/\/www.leeb-balkone.com\/app\/uploads\/2020\/07\/Sommergarten-Ueberdachung-Toscana-mit-Schiebeelementen-Markise-Boden-10-1024x683.jpg\" alt=\"Poletni vrt z drsnimi elementi iz aluminijastega stekla in markizami\" class=\"wp-image-140493\" srcset=\"https:\/\/www.leeb-balkone.com\/app\/uploads\/2020\/07\/Sommergarten-Ueberdachung-Toscana-mit-Schiebeelementen-Markise-Boden-10-1024x683.jpg 1024w, https:\/\/www.leeb-balkone.com\/app\/uploads\/2020\/07\/Sommergarten-Ueberdachung-Toscana-mit-Schiebeelementen-Markise-Boden-10-300x200.jpg 300w, https:\/\/www.leeb-balkone.com\/app\/uploads\/2020\/07\/Sommergarten-Ueberdachung-Toscana-mit-Schiebeelementen-Markise-Boden-10-768x512.jpg 768w, https:\/\/www.leeb-balkone.com\/app\/uploads\/2020\/07\/Sommergarten-Ueberdachung-Toscana-mit-Schiebeelementen-Markise-Boden-10-1536x1024.jpg 1536w, https:\/\/www.leeb-balkone.com\/app\/uploads\/2020\/07\/Sommergarten-Ueberdachung-Toscana-mit-Schiebeelementen-Markise-Boden-10-2048x1366.jpg 2048w\" sizes=\"auto, (max-width: 1024px) 100vw, 1024px\" \/><figcaption class=\"wp-element-caption\">Poletni vrt z vertikalnimi nadstre\u0161ki kot za\u0161\u010dita pred soncem in zasebnostjo &#8211; Leeb \u00dcberdachungen<\/figcaption><\/figure>\n\n\n\n<div class=\"wp-block-group m-card-content is-vertical is-layout-flex wp-container-core-group-is-layout-5580f018 wp-block-group-is-layout-flex\">\n<h3 class=\"wp-block-heading\">Zasloni za zasebnost in navpi\u010dne tende<\/h3>\n\n\n\n<p>Za\u0161\u010ditni elementi in nadstre\u0161ki za zasebnost in udobje.  <\/p>\n<\/div>\n<a href=\"#overlay-152092\" class=\"open-modal-link\" aria-label=\"Open modal\"><span class=\"sr-only\">\u00d6ffne Modal<\/span><\/a><\/div>\n\n\n\n<div class=\"wp-block-group m-card has-modal is-layout-flow wp-container-core-group-is-layout-8a368f38 wp-block-group-is-layout-flow\" data-modal-id=\"152093\">\n<figure class=\"wp-block-image size-large\"><img loading=\"lazy\" decoding=\"async\" width=\"1024\" height=\"659\" src=\"https:\/\/www.leeb-balkone.com\/app\/uploads\/2024\/08\/alu-terrassenueberdachung-amalfi-mit-halb-geoeffneter-aufdachmarkise-1024x659.jpg\" alt=\"alu terrassenueberdachung amalfi mit halb geoeffneter aufdachmarkise\" class=\"wp-image-149695\" srcset=\"https:\/\/www.leeb-balkone.com\/app\/uploads\/2024\/08\/alu-terrassenueberdachung-amalfi-mit-halb-geoeffneter-aufdachmarkise-1024x659.jpg 1024w, https:\/\/www.leeb-balkone.com\/app\/uploads\/2024\/08\/alu-terrassenueberdachung-amalfi-mit-halb-geoeffneter-aufdachmarkise-300x193.jpg 300w, https:\/\/www.leeb-balkone.com\/app\/uploads\/2024\/08\/alu-terrassenueberdachung-amalfi-mit-halb-geoeffneter-aufdachmarkise-768x494.jpg 768w, https:\/\/www.leeb-balkone.com\/app\/uploads\/2024\/08\/alu-terrassenueberdachung-amalfi-mit-halb-geoeffneter-aufdachmarkise-1536x988.jpg 1536w, https:\/\/www.leeb-balkone.com\/app\/uploads\/2024\/08\/alu-terrassenueberdachung-amalfi-mit-halb-geoeffneter-aufdachmarkise-2048x1317.jpg 2048w\" sizes=\"auto, (max-width: 1024px) 100vw, 1024px\" \/><figcaption class=\"wp-element-caption\">Stre\u0161na kritina za teraso z  <\/figcaption><\/figure>\n\n\n\n<div class=\"wp-block-group m-card-content is-vertical is-layout-flex wp-container-core-group-is-layout-5580f018 wp-block-group-is-layout-flex\">\n<h3 class=\"wp-block-heading\">Stre\u0161ne tende<\/h3>\n\n\n\n<p>U\u010dinkovita za\u0161\u010dita pred intenzivno son\u010dno svetlobo neposredno nad streho terase.<\/p>\n<\/div>\n<a href=\"#overlay-152093\" class=\"open-modal-link\" aria-label=\"Open modal\"><span class=\"sr-only\">\u00d6ffne Modal<\/span><\/a><\/div>\n\n\n\n<div class=\"wp-block-group m-card has-modal is-layout-flow wp-container-core-group-is-layout-8a368f38 wp-block-group-is-layout-flow\" data-modal-id=\"152094\">\n<figure class=\"wp-block-image size-large\"><img loading=\"lazy\" decoding=\"async\" width=\"1024\" height=\"768\" src=\"https:\/\/www.leeb-balkone.com\/app\/uploads\/2025\/06\/terrassenueberdachung-aus-glas-und-alu-mit-led-beleuchtung-integriert-1024x768.jpg\" alt=\"terrassenueberdachung aus glas und alu mit led beleuchtung integriert\" class=\"wp-image-148167\" srcset=\"https:\/\/www.leeb-balkone.com\/app\/uploads\/2025\/06\/terrassenueberdachung-aus-glas-und-alu-mit-led-beleuchtung-integriert-1024x768.jpg 1024w, https:\/\/www.leeb-balkone.com\/app\/uploads\/2025\/06\/terrassenueberdachung-aus-glas-und-alu-mit-led-beleuchtung-integriert-300x225.jpg 300w, https:\/\/www.leeb-balkone.com\/app\/uploads\/2025\/06\/terrassenueberdachung-aus-glas-und-alu-mit-led-beleuchtung-integriert-768x576.jpg 768w, https:\/\/www.leeb-balkone.com\/app\/uploads\/2025\/06\/terrassenueberdachung-aus-glas-und-alu-mit-led-beleuchtung-integriert-1536x1152.jpg 1536w, https:\/\/www.leeb-balkone.com\/app\/uploads\/2025\/06\/terrassenueberdachung-aus-glas-und-alu-mit-led-beleuchtung-integriert-2048x1536.jpg 2048w\" sizes=\"auto, (max-width: 1024px) 100vw, 1024px\" \/><\/figure>\n\n\n\n<div class=\"wp-block-group m-card-content is-vertical is-layout-flex wp-container-core-group-is-layout-5580f018 wp-block-group-is-layout-flex\">\n<h3 class=\"wp-block-heading\">Osvetlitev LED<\/h3>\n\n\n\n<p>Individualno prilagodljivi, atmosferski svetlobni sistemi.<\/p>\n<\/div>\n<a href=\"#overlay-152094\" class=\"open-modal-link\" aria-label=\"Open modal\"><span class=\"sr-only\">\u00d6ffne Modal<\/span><\/a><\/div>\n\n\n\n<div class=\"wp-block-group m-card has-modal is-layout-flow wp-container-core-group-is-layout-8a368f38 wp-block-group-is-layout-flow\" data-modal-id=\"152095\">\n<figure class=\"wp-block-image size-large\"><img loading=\"lazy\" decoding=\"async\" width=\"683\" height=\"1024\" src=\"https:\/\/www.leeb-balkone.com\/app\/uploads\/2025\/07\/Sommergartentuer-683x1024.jpg\" alt=\"Sommergartentuer\" class=\"wp-image-150136\" style=\"aspect-ratio:1;object-fit:cover\" srcset=\"https:\/\/www.leeb-balkone.com\/app\/uploads\/2025\/07\/Sommergartentuer-683x1024.jpg 683w, https:\/\/www.leeb-balkone.com\/app\/uploads\/2025\/07\/Sommergartentuer-200x300.jpg 200w, https:\/\/www.leeb-balkone.com\/app\/uploads\/2025\/07\/Sommergartentuer-768x1151.jpg 768w, https:\/\/www.leeb-balkone.com\/app\/uploads\/2025\/07\/Sommergartentuer-1025x1536.jpg 1025w, https:\/\/www.leeb-balkone.com\/app\/uploads\/2025\/07\/Sommergartentuer-1367x2048.jpg 1367w, https:\/\/www.leeb-balkone.com\/app\/uploads\/2025\/07\/Sommergartentuer-scaled.jpg 1709w\" sizes=\"auto, (max-width: 683px) 100vw, 683px\" \/><\/figure>\n\n\n\n<div class=\"wp-block-group m-card-content is-vertical is-layout-flex wp-container-core-group-is-layout-5580f018 wp-block-group-is-layout-flex\">\n<h3 class=\"wp-block-heading\">Poletna vrtna vrata<\/h3>\n\n\n\n<p>Priro\u010den dostop, razli\u010dni modeli, trpe\u017een in enostaven za \u010di\u0161\u010denje.<\/p>\n<\/div>\n<a href=\"#overlay-152095\" class=\"open-modal-link\" aria-label=\"Open modal\"><span class=\"sr-only\">\u00d6ffne Modal<\/span><\/a><\/div>\n\n\n\n<div class=\"wp-block-group m-card has-modal is-layout-flow wp-container-core-group-is-layout-8a368f38 wp-block-group-is-layout-flow\" data-modal-id=\"152096\">\n<figure class=\"wp-block-image size-large\"><img loading=\"lazy\" decoding=\"async\" width=\"1024\" height=\"768\" src=\"https:\/\/www.leeb-balkone.com\/app\/uploads\/2024\/08\/alu-terrassenueberdachung-amalfi-innenansicht-mit-aufdachmarkise-und-led-beleuchtung-1024x768.jpg\" alt=\"Amalfi-\u00dcberdachung mit Aufdachmarkise, Schiebelementen und LED-Beleuchtung (Innenansicht)\" class=\"wp-image-150094\" srcset=\"https:\/\/www.leeb-balkone.com\/app\/uploads\/2024\/08\/alu-terrassenueberdachung-amalfi-innenansicht-mit-aufdachmarkise-und-led-beleuchtung-1024x768.jpg 1024w, https:\/\/www.leeb-balkone.com\/app\/uploads\/2024\/08\/alu-terrassenueberdachung-amalfi-innenansicht-mit-aufdachmarkise-und-led-beleuchtung-300x225.jpg 300w, https:\/\/www.leeb-balkone.com\/app\/uploads\/2024\/08\/alu-terrassenueberdachung-amalfi-innenansicht-mit-aufdachmarkise-und-led-beleuchtung-768x576.jpg 768w, https:\/\/www.leeb-balkone.com\/app\/uploads\/2024\/08\/alu-terrassenueberdachung-amalfi-innenansicht-mit-aufdachmarkise-und-led-beleuchtung-1536x1152.jpg 1536w, https:\/\/www.leeb-balkone.com\/app\/uploads\/2024\/08\/alu-terrassenueberdachung-amalfi-innenansicht-mit-aufdachmarkise-und-led-beleuchtung-2048x1536.jpg 2048w\" sizes=\"auto, (max-width: 1024px) 100vw, 1024px\" \/><\/figure>\n\n\n\n<div class=\"wp-block-group m-card-content is-vertical is-layout-flex wp-container-core-group-is-layout-5580f018 wp-block-group-is-layout-flex\">\n<h3 class=\"wp-block-heading\">Drsni in vrtljivi elementi<\/h3>\n\n\n\n<p>Prilagodljivost in udobje za pokrov terase.<\/p>\n<\/div>\n<a href=\"#overlay-152096\" class=\"open-modal-link\" aria-label=\"Open modal\"><span class=\"sr-only\">\u00d6ffne Modal<\/span><\/a><\/div>\n\n\n\n<div class=\"wp-block-group m-card has-modal is-layout-flow wp-container-core-group-is-layout-8a368f38 wp-block-group-is-layout-flow\" data-modal-id=\"152097\">\n<figure class=\"wp-block-image size-large\"><img loading=\"lazy\" decoding=\"async\" width=\"1024\" height=\"683\" src=\"https:\/\/www.leeb-balkone.com\/app\/uploads\/2025\/07\/anbaubalkon-mit-stuetzen-boden-holzoptik-oak-1024x683.jpg\" alt=\"Steinboden in Holzoptik bei einem Anbaubalkon\" class=\"wp-image-150141\" srcset=\"https:\/\/www.leeb-balkone.com\/app\/uploads\/2025\/07\/anbaubalkon-mit-stuetzen-boden-holzoptik-oak-1024x683.jpg 1024w, https:\/\/www.leeb-balkone.com\/app\/uploads\/2025\/07\/anbaubalkon-mit-stuetzen-boden-holzoptik-oak-300x200.jpg 300w, https:\/\/www.leeb-balkone.com\/app\/uploads\/2025\/07\/anbaubalkon-mit-stuetzen-boden-holzoptik-oak-768x512.jpg 768w, https:\/\/www.leeb-balkone.com\/app\/uploads\/2025\/07\/anbaubalkon-mit-stuetzen-boden-holzoptik-oak-1536x1024.jpg 1536w, https:\/\/www.leeb-balkone.com\/app\/uploads\/2025\/07\/anbaubalkon-mit-stuetzen-boden-holzoptik-oak-2048x1366.jpg 2048w\" sizes=\"auto, (max-width: 1024px) 100vw, 1024px\" \/><\/figure>\n\n\n\n<div class=\"wp-block-group m-card-content is-vertical is-layout-flex wp-container-core-group-is-layout-5580f018 wp-block-group-is-layout-flex\">\n<h3 class=\"wp-block-heading\">Tla<\/h3>\n\n\n\n<p>Velik izbor vremensko odpornih krovov, ki jih je enostavno vzdr\u017eevati.<\/p>\n<\/div>\n<a href=\"#overlay-152097\" class=\"open-modal-link\" aria-label=\"Open modal\"><span class=\"sr-only\">\u00d6ffne Modal<\/span><\/a><\/div>\n<\/div>\n<\/section>\n\n\n\n<section class=\"wp-block-cover alignfull is-light katalog-cta\" style=\"margin-top:0;margin-bottom:0;padding-top:0;padding-right:0;padding-bottom:0;padding-left:0;min-height:100px;aspect-ratio:unset;\" id=\"katalogbestellung\"><img loading=\"lazy\" decoding=\"async\" width=\"1920\" height=\"599\" class=\"wp-block-cover__image-background wp-image-7912 size-full\" alt=\"leeb balkone katalog anfordern\" src=\"https:\/\/www.leeb-balkone.com\/app\/uploads\/2020\/09\/leeb-balkone-katalog-anfordern-1.jpeg\" data-object-fit=\"cover\" srcset=\"https:\/\/www.leeb-balkone.com\/app\/uploads\/2020\/09\/leeb-balkone-katalog-anfordern-1-300x94.jpeg 300w, https:\/\/www.leeb-balkone.com\/app\/uploads\/2020\/09\/leeb-balkone-katalog-anfordern-1-1024x319.jpeg 1024w, https:\/\/www.leeb-balkone.com\/app\/uploads\/2020\/09\/leeb-balkone-katalog-anfordern-1-768x240.jpeg 768w, https:\/\/www.leeb-balkone.com\/app\/uploads\/2020\/09\/leeb-balkone-katalog-anfordern-1-1536x479.jpeg 1536w\" sizes=\"auto, (max-width: 1920px) 100vw, 1920px\" \/><span aria-hidden=\"true\" class=\"wp-block-cover__background has-primary-45-background-color has-background-dim-80 has-background-dim\"><\/span><div class=\"wp-block-cover__inner-container has-global-padding is-layout-constrained wp-container-core-cover-is-layout-fc5783d2 wp-block-cover-is-layout-constrained\">\n<div class=\"wp-block-group is-layout-flow wp-block-group-is-layout-flow\" style=\"min-height:0px;margin-top:0;margin-bottom:0;padding-top:var(--wp--preset--spacing--2-xl);padding-bottom:var(--wp--preset--spacing--2-xl);padding-left:0\">\n<div class=\"wp-block-columns are-vertically-aligned-center is-layout-flex wp-container-core-columns-is-layout-0a4bbf16 wp-block-columns-is-layout-flex\" style=\"margin-top:0;margin-bottom:0\">\n<div class=\"wp-block-column is-vertically-aligned-center is-layout-flow wp-block-column-is-layout-flow\" style=\"flex-basis:66.66%\">\n<h2 class=\"wp-block-heading\">Stre\u0161ne kritine za terase v katalogu<\/h2>\n\n\n\n<p class=\"is-style-teaser\"><span class=\"teaser\">Va\u0161 osebni katalog \u010daka na vas! Naro\u010dite zdaj brezpla\u010dno in odkrijte na\u0161o celotno <span class=\"teaser\">ponudbo nadstre\u0161kov<\/span>. Poi\u0161\u010dite re\u0161itev, ki vam popolnoma ustreza.<\/span><\/p>\n<\/div>\n\n\n\n<div class=\"wp-block-column is-vertically-aligned-center is-layout-flow wp-block-column-is-layout-flow\" style=\"flex-basis:33.33%\">\n<div class=\"wp-block-buttons u-m-jc-left is-content-justification-right is-layout-flex wp-container-core-buttons-is-layout-c060c6c7 wp-block-buttons-is-layout-flex\">\n<div class=\"wp-block-button is-style-filled-white large\"><a class=\"wp-block-button__link wp-element-button\" href=\"https:\/\/www.leeb-balkone.com\/sl\/kontakt\/zahtevajte-katalog\/\" style=\"box-shadow:var(--wp--preset--shadow--button-shadow)\">Zahtevajte katalog<\/a><\/div>\n<\/div>\n<\/div>\n<\/div>\n<\/div>\n<\/div><\/section>\n\n\n\n<section class=\"wp-block-group alignfull has-white-background-color has-background has-global-padding is-layout-constrained wp-container-core-group-is-layout-52f96efc wp-block-group-is-layout-constrained\">\n<div class=\"wp-block-group o-grid u-md-1 is-layout-flow wp-block-group-is-layout-flow\" style=\"padding-top:0\">\n<div class=\"wp-block-group u-g-9 u-g-s-2 is-layout-flow wp-block-group-is-layout-flow\" style=\"margin-bottom:var(--wp--preset--spacing--s)\">\n<h2 class=\"wp-block-heading\">Reference<\/h2>\n<\/div>\n<\/div>\n\n\n\n<div class=\"wp-block-t3-carousel-wrapper\" id=\"t3-carousel-bfe819fd-56f9-48c4-9dbf-2f303789817b\"><div class=\"wp-block-t3-carousel t3-carousel-block swiper\" data-swiper-options=\"{&quot;loop&quot;:false,&quot;preloadImages&quot;:false,&quot;lazy&quot;:{&quot;loadPrevNext&quot;:true},&quot;autoplay&quot;:{&quot;delay&quot;:3000,&quot;disableOnInteraction&quot;:false},&quot;navigation&quot;:{&quot;nextEl&quot;:&quot;#t3-carousel-bfe819fd-56f9-48c4-9dbf-2f303789817b .t3-carousel-bfe819fd-56f9-48c4-9dbf-2f303789817b-next&quot;,&quot;prevEl&quot;:&quot;#t3-carousel-bfe819fd-56f9-48c4-9dbf-2f303789817b .t3-carousel-bfe819fd-56f9-48c4-9dbf-2f303789817b-prev&quot;},&quot;pagination&quot;:{&quot;el&quot;:&quot;#t3-carousel-bfe819fd-56f9-48c4-9dbf-2f303789817b .t3-carousel-bfe819fd-56f9-48c4-9dbf-2f303789817b-pagination&quot;,&quot;clickable&quot;:true},&quot;scrollbar&quot;:false,&quot;breakpoints&quot;:{&quot;0&quot;:{&quot;slidesPerView&quot;:1.15,&quot;spaceBetween&quot;:24},&quot;769&quot;:{&quot;slidesPerView&quot;:1,&quot;spaceBetween&quot;:30}}}\"><div class=\"swiper-wrapper\">\n<div class=\"wp-block-t3-carousel-slide t3-carousel-slide swiper-slide\">\n<div class=\"wp-block-columns testimonial m-split is-layout-flex wp-container-core-columns-is-layout-3331f5f7 wp-block-columns-is-layout-flex\" style=\"padding-bottom:0\">\n<div class=\"wp-block-column is-layout-flow wp-block-column-is-layout-flow\">\n<div class=\"wp-block-group is-layout-flow wp-block-group-is-layout-flow has-background\" style=\"min-height:100%;background-image:url(&#039;https:\/\/www.leeb-balkone.com\/app\/uploads\/2021\/06\/alu-u\u0308berdachung-saaletalstuben-3-scaled.jpg&#039;);background-size:cover;\"><\/div>\n<\/div>\n\n\n\n<div class=\"wp-block-column is-vertically-aligned-top testimonial-text is-layout-flow wp-block-column-is-layout-flow\">\n<div class=\"wp-block-group has-light-gray-background-color has-background is-vertical is-layout-flex wp-container-core-group-is-layout-044273ab wp-block-group-is-layout-flex\" style=\"padding-top:var(--wp--preset--spacing--xl);padding-right:var(--wp--preset--spacing--xl);padding-bottom:var(--wp--preset--spacing--xl);padding-left:var(--wp--preset--spacing--l)\">\n<p class=\"has-step-1-font-size\"><em>&#8220;Najlep\u0161a hvala za postavitev na\u0161ega poletnega vrta. S kon\u010dnim rezultatom smo ve\u010d kot zadovoljni &#8211; kot je opisano, na\u0161 najljub\u0161i koti\u010dek na soncu!&#8221;<\/em><\/p>\n\n\n\n<p class=\"has-step-s-font-size\"><strong>Gospod Schmittroth (Saaletalstuben OG)<\/strong><br>97782 Gr\u00e4fendorf<\/p>\n<\/div>\n<\/div>\n<\/div>\n<\/div>\n\n\n\n<div class=\"wp-block-t3-carousel-slide t3-carousel-slide swiper-slide\">\n<div class=\"wp-block-columns testimonial m-split is-layout-flex wp-container-core-columns-is-layout-3331f5f7 wp-block-columns-is-layout-flex\" style=\"padding-bottom:0\">\n<div class=\"wp-block-column is-layout-flow wp-block-column-is-layout-flow\">\n<div class=\"wp-block-group is-layout-flow wp-block-group-is-layout-flow has-background\" style=\"min-height:100%;background-image:url(&#039;https:\/\/www.leeb-balkone.com\/app\/uploads\/2021\/04\/sommergarten-hoheneder-4080158D-2.jpg&#039;);background-size:cover;\"><\/div>\n<\/div>\n\n\n\n<div class=\"wp-block-column is-vertically-aligned-top testimonial-text is-layout-flow wp-block-column-is-layout-flow\">\n<div class=\"wp-block-group has-light-gray-background-color has-background is-vertical is-layout-flex wp-container-core-group-is-layout-044273ab wp-block-group-is-layout-flex\" style=\"padding-top:var(--wp--preset--spacing--xl);padding-right:var(--wp--preset--spacing--xl);padding-bottom:var(--wp--preset--spacing--xl);padding-left:var(--wp--preset--spacing--l)\">\n<p class=\"has-step-1-font-size\"><em>&#8220;Ob tej prilo\u017enosti bi se radi zahvalili va\u0161emu podjetju za odli\u010dno opravljeno delo. Vse je potekalo kot po maslu &#8211; od na\u010drtovanja do izvedbe. \u0160e enkrat hvala!&#8221;<\/em><\/p>\n\n\n\n<p class=\"has-step-s-font-size\"><strong>Dru\u017eina Hoheneder<br><\/strong>4710 Grieskirchen<\/p>\n<\/div>\n<\/div>\n<\/div>\n<\/div>\n<\/div><div class=\"swiper-pagination t3-carousel-bfe819fd-56f9-48c4-9dbf-2f303789817b-pagination\"><\/div><\/div><div class=\"swiper-button-prev t3-carousel-bfe819fd-56f9-48c4-9dbf-2f303789817b-prev\"><\/div><div class=\"swiper-button-next t3-carousel-bfe819fd-56f9-48c4-9dbf-2f303789817b-next\"><\/div><\/div>\n<\/section>\n\n\n\n<section class=\"wp-block-group alignfull has-white-background-color has-background has-global-padding is-layout-constrained wp-container-core-group-is-layout-9fa1424c wp-block-group-is-layout-constrained\" style=\"padding-top:0\">\n<div class=\"wp-block-group o-grid u-md-1 is-layout-flow wp-block-group-is-layout-flow\" style=\"padding-top:0\">\n<div class=\"wp-block-group u-g-9 u-g-s-2 is-layout-flow wp-block-group-is-layout-flow\" style=\"margin-bottom:var(--wp--preset--spacing--s)\">\n<h2 class=\"wp-block-heading\">Zakaj pokrov za teraso Leeb?<\/h2>\n\n\n\n<p><span class=\"teaser\">Pokrite terase imajo funkcionalno, estetsko in ekonomsko dodano vrednost. Za pokrite terase Leeb so zna\u010dilni preizku\u0161ena kakovost, najvi\u0161ji varnostni standardi, \u0161iroka paleta mo\u017enosti oblikovanja in prakti\u010dno ne zahtevajo vzdr\u017eevanja. <\/span><\/p>\n<\/div>\n<\/div>\n\n\n\n<div class=\"wp-block-group is-layout-flow wp-container-core-group-is-layout-d5075d26 wp-block-group-is-layout-flow\">\n<div class=\"wp-block-columns is-style-shadow m-split is-layout-flex wp-container-core-columns-is-layout-28f84493 wp-block-columns-is-layout-flex\">\n<div class=\"wp-block-column is-style-default is-layout-flow wp-block-column-is-layout-flow\">\n<figure class=\"wp-block-image size-large\"><img loading=\"lazy\" decoding=\"async\" width=\"1024\" height=\"768\" src=\"https:\/\/www.leeb-balkone.com\/app\/uploads\/2024\/08\/alu-terrassenueberdachung-nachtansicht-led-beleuchtung-03-1024x768.jpg\" alt=\"alu terrassenueberdachung nachtansicht led beleuchtung\" class=\"wp-image-140214\" srcset=\"https:\/\/www.leeb-balkone.com\/app\/uploads\/2024\/08\/alu-terrassenueberdachung-nachtansicht-led-beleuchtung-03-1024x768.jpg 1024w, https:\/\/www.leeb-balkone.com\/app\/uploads\/2024\/08\/alu-terrassenueberdachung-nachtansicht-led-beleuchtung-03-300x225.jpg 300w, https:\/\/www.leeb-balkone.com\/app\/uploads\/2024\/08\/alu-terrassenueberdachung-nachtansicht-led-beleuchtung-03-768x576.jpg 768w, https:\/\/www.leeb-balkone.com\/app\/uploads\/2024\/08\/alu-terrassenueberdachung-nachtansicht-led-beleuchtung-03-1536x1152.jpg 1536w, https:\/\/www.leeb-balkone.com\/app\/uploads\/2024\/08\/alu-terrassenueberdachung-nachtansicht-led-beleuchtung-03-2048x1536.jpg 2048w\" sizes=\"auto, (max-width: 1024px) 100vw, 1024px\" \/><\/figure>\n<\/div>\n\n\n\n<div class=\"wp-block-column is-vertically-aligned-center is-style-overlay-content is-layout-flow wp-block-column-is-layout-flow\">\n<div class=\"wp-block-group is-vertical is-layout-flex wp-container-core-group-is-layout-6aed0e10 wp-block-group-is-layout-flex\">\n<h3 class=\"wp-block-heading\">Udobje in varnost<\/h3>\n\n\n\n<p>Kakovost terasne strehe Leeb temelji na desetletjih izku\u0161enj, certificiranih postopkih in inovativnem izboru materialov. Patentiran pra\u0161ni premaz ALU COMFORT PLUS\u00ae zagotavlja posebno odpornost na vremenske vplive in odpornost na praske. Vsi nosilni deli so natan\u010dno stati\u010dno izra\u010dunani, zelo pro\u017eni in opremljeni z lepljenim varnostnim steklom. Od na\u010drtovanja do vgradnje podjetje Leeb zagotavlja celovito celovito storitev in kakovost v skladu s standardi ISO 9001 in CE &#8211; za dolgoro\u010dno varnost, lepoto in ohranjanje vrednosti.   <\/p>\n<\/div>\n<\/div>\n<\/div>\n\n\n\n<div class=\"wp-block-columns is-style-shadow m-split m-split-reverse is-layout-flex wp-container-core-columns-is-layout-28f84493 wp-block-columns-is-layout-flex\">\n<div class=\"wp-block-column is-style-default is-layout-flow wp-block-column-is-layout-flow\">\n<figure class=\"wp-block-image size-large\"><img loading=\"lazy\" decoding=\"async\" width=\"1024\" height=\"684\" src=\"https:\/\/www.leeb-balkone.com\/app\/uploads\/2020\/07\/solar-glas-alu-ueberdachung-19-1024x684.jpg\" alt=\"Son\u010dna stre\u0161na kritina za teraso pred samostojno hi\u0161o\" class=\"wp-image-139712\" srcset=\"https:\/\/www.leeb-balkone.com\/app\/uploads\/2020\/07\/solar-glas-alu-ueberdachung-19-1024x684.jpg 1024w, https:\/\/www.leeb-balkone.com\/app\/uploads\/2020\/07\/solar-glas-alu-ueberdachung-19-300x200.jpg 300w, https:\/\/www.leeb-balkone.com\/app\/uploads\/2020\/07\/solar-glas-alu-ueberdachung-19-768x513.jpg 768w, https:\/\/www.leeb-balkone.com\/app\/uploads\/2020\/07\/solar-glas-alu-ueberdachung-19-1536x1025.jpg 1536w, https:\/\/www.leeb-balkone.com\/app\/uploads\/2020\/07\/solar-glas-alu-ueberdachung-19-2048x1367.jpg 2048w\" sizes=\"auto, (max-width: 1024px) 100vw, 1024px\" \/><\/figure>\n<\/div>\n\n\n\n<div class=\"wp-block-column is-vertically-aligned-center is-style-overlay-content is-layout-flow wp-block-column-is-layout-flow\">\n<div class=\"wp-block-group is-vertical is-layout-flex wp-container-core-group-is-layout-6aed0e10 wp-block-group-is-layout-flex\">\n<h3 class=\"wp-block-heading\">Vremenska za\u0161\u010dita z dodano vrednostjo<\/h3>\n\n\n\n<p>S solarno streho za teraso podjetja Leeb postane terasa ekolo\u0161ki in ekonomski vrhunec: visoko u\u010dinkoviti in na to\u010do odporni fotovoltai\u010dni moduli proizvajajo trajnostno elektri\u010dno energijo neposredno v hi\u0161i, terasa pa je za\u0161\u010ditena pred soncem, vetrom in de\u017ejem. Moduli so robustni, dostopni in imajo notranjo kabelsko napeljavo. Z na\u0161o solarno streho na terasi zdru\u017eite sodobno za\u0161\u010dito pred vremenskimi vplivi in trajnostno proizvodnjo energije.  <\/p>\n\n\n\n<div class=\"wp-block-buttons is-layout-flex wp-block-buttons-is-layout-flex\" style=\"margin-top:var(--wp--preset--spacing--2-xs)\">\n<div class=\"wp-block-button is-style-outline-secondary\"><a class=\"wp-block-button__link has-transparent-background-color has-background wp-element-button\" href=\"https:\/\/www.leeb-balkone.com\/sl\/solar\/solarna-streha-terase\/\">Son\u010dna terasna streha<\/a><\/div>\n<\/div>\n<\/div>\n<\/div>\n<\/div>\n\n\n\n<div class=\"wp-block-columns is-style-shadow m-split is-layout-flex wp-container-core-columns-is-layout-28f84493 wp-block-columns-is-layout-flex\">\n<div class=\"wp-block-column is-style-default is-layout-flow wp-block-column-is-layout-flow\">\n<figure class=\"wp-block-image size-large\"><img loading=\"lazy\" decoding=\"async\" width=\"1024\" height=\"768\" src=\"https:\/\/www.leeb-balkone.com\/app\/uploads\/2024\/08\/alu-terrassenueberdachung-elegant-highend-01-1024x768.jpg\" alt=\"alu terrassenueberdachung elegant highend\" class=\"wp-image-140194\" srcset=\"https:\/\/www.leeb-balkone.com\/app\/uploads\/2024\/08\/alu-terrassenueberdachung-elegant-highend-01-1024x768.jpg 1024w, https:\/\/www.leeb-balkone.com\/app\/uploads\/2024\/08\/alu-terrassenueberdachung-elegant-highend-01-300x225.jpg 300w, https:\/\/www.leeb-balkone.com\/app\/uploads\/2024\/08\/alu-terrassenueberdachung-elegant-highend-01-768x576.jpg 768w, https:\/\/www.leeb-balkone.com\/app\/uploads\/2024\/08\/alu-terrassenueberdachung-elegant-highend-01-1536x1152.jpg 1536w, https:\/\/www.leeb-balkone.com\/app\/uploads\/2024\/08\/alu-terrassenueberdachung-elegant-highend-01-2048x1536.jpg 2048w\" sizes=\"auto, (max-width: 1024px) 100vw, 1024px\" \/><\/figure>\n<\/div>\n\n\n\n<div class=\"wp-block-column is-vertically-aligned-center is-style-overlay-content is-layout-flow wp-block-column-is-layout-flow\">\n<div class=\"wp-block-group is-vertical is-layout-flex wp-container-core-group-is-layout-6aed0e10 wp-block-group-is-layout-flex\">\n<h3 class=\"wp-block-heading\">Raznolikost oblikovanja<\/h3>\n\n\n\n<p class=\"is-style-default\">Pokrivala za terase Leeb je mogo\u010de prilagoditi:<\/p>\n\n\n\n<ul class=\"wp-block-list is-style-checkmark-2\">\n<li>Varianta stre\u0161ne kritine s sendvi\u010d plo\u0161\u010dami<\/li>\n\n\n\n<li>Zunanje tende za u\u010dinkovito za\u0161\u010dito pred vro\u010dino<\/li>\n\n\n\n<li>Vgrajena osvetlitev LED<\/li>\n\n\n\n<li>Zasloni proti stranskemu vetru in zasebnosti iz stekla ali aluminija<\/li>\n\n\n\n<li>Drsni ali drsno\/premi\u010dni elementi in tekstilni zasloni za dodatno zasebnost<\/li>\n\n\n\n<li>Celotna zasteklitev kot <a href=\"https:\/\/www.leeb-balkone.com\/sl\/nadstresni-sistemi\/terasa-kot-letni-vrt\/\">poletni vrt<\/a><\/li>\n<\/ul>\n<\/div>\n<\/div>\n<\/div>\n<\/div>\n<\/section>\n\n\n\n<section class=\"wp-block-group alignfull has-light-gray-background-color has-background has-global-padding is-layout-constrained wp-container-core-group-is-layout-52f96efc wp-block-group-is-layout-constrained\">\n<div class=\"wp-block-group o-grid u-md-1 is-layout-flow wp-block-group-is-layout-flow\" style=\"padding-top:0\">\n<div class=\"wp-block-group u-g-9 u-g-s-2 is-layout-flow wp-block-group-is-layout-flow\" style=\"margin-bottom:var(--wp--preset--spacing--s)\">\n<h2 class=\"wp-block-heading\">Pogosto zastavljena vpra\u0161anja<\/h2>\n\n\n\n<p class=\"is-style-teaser\" style=\"padding-bottom:var(--wp--preset--spacing--m)\">Imate splo\u0161na vpra\u0161anja o na\u0161ih aluminijastih pokrovih za terase? V na\u0161ih Pogosto zastavljenih vpra\u0161anjih boste na\u0161li kratke odgovore na pogosto zastavljena vpra\u0161anja o terasnih strehah.<\/p>\n\n\n\n<div class=\"wp-block-t3-acc-accordion is-style-default\"><button id=\"accordion-5d01f0b7-fcfa-4341-94ec-a25d806ac123-button\" class=\"accordion__button\" aria-expanded=\"false\" aria-controls=\"accordion-5d01f0b7-fcfa-4341-94ec-a25d806ac123-panel\"><h3 data-accordion-title=\"true\" style=\"font-size:var(--step-1)\"><strong>Zakaj je aluminij tako primeren za pokrivanje teras?<\/strong><\/h3><\/button><div id=\"accordion-5d01f0b7-fcfa-4341-94ec-a25d806ac123-panel\" class=\"accordion__panel\" role=\"region\" aria-labelledby=\"accordion-5d01f0b7-fcfa-4341-94ec-a25d806ac123-button\">\n<p>Aluminij je \u0161e posebej primeren za terasne strehe, saj je lahek in hkrati zelo stabilen, kar omogo\u010da velike razpone in prilagodljive oblike. Material je odporen na vremenske vplive, ne rjavi in ima izjemno dolgo \u017eivljenjsko dobo z minimalnim vzdr\u017eevanjem. Zaradi tega je aluminij idealna izbira za trajne, nezahtevne in vizualno privla\u010dne pokrove teras. Posebej izstopajo aluminijasti izdelki podjetja Leeb. Niso le trpe\u017ene in enostavne za vzdr\u017eevanje, temve\u010d so izdelane na na\u010din, ki var\u010duje z viri in je prijazen do podnebja.  <\/p>\n<\/div><\/div>\n\n\n\n<div class=\"wp-block-t3-acc-accordion is-style-default\"><button id=\"accordion-f2d96da1-0908-4cb6-8fc4-4db00617e4e4-button\" class=\"accordion__button\" aria-expanded=\"false\" aria-controls=\"accordion-f2d96da1-0908-4cb6-8fc4-4db00617e4e4-panel\"><h3 data-accordion-title=\"true\" style=\"font-size:var(--step-1)\"><strong>Katere razli\u010dice streh ponuja Leeb za terasne strehe?<\/strong><\/h3><\/button><div id=\"accordion-f2d96da1-0908-4cb6-8fc4-4db00617e4e4-panel\" class=\"accordion__panel\" role=\"region\" aria-labelledby=\"accordion-f2d96da1-0908-4cb6-8fc4-4db00617e4e4-button\">\n<p>Leeb ponuja terasne strehe z visokokakovostno stekleno oblogo, izdelano v podjetju, na zahtevo pa tudi s sendvi\u010d plo\u0161\u010dami za dodatno toplotno in zvo\u010dno izolacijo. Strehe so lahko zasnovane kot klasi\u010dna streha s povezavo s steno, kot prostostoje\u010da streha (atrij) ali kot celovit zastekljen letni vrt.<\/p>\n<\/div><\/div>\n\n\n\n<div class=\"wp-block-t3-acc-accordion is-style-default\"><button id=\"accordion-37c0fe20-733d-49ae-a0f4-850ec7084a25-button\" class=\"accordion__button\" aria-expanded=\"false\" aria-controls=\"accordion-37c0fe20-733d-49ae-a0f4-850ec7084a25-panel\"><h3 data-accordion-title=\"true\" style=\"font-size:var(--step-1)\"><strong><strong>Katera dodatna oprema je na voljo za pokrove za terase Leeb?<\/strong><\/strong><\/h3><\/button><div id=\"accordion-37c0fe20-733d-49ae-a0f4-850ec7084a25-panel\" class=\"accordion__panel\" role=\"region\" aria-labelledby=\"accordion-37c0fe20-733d-49ae-a0f4-850ec7084a25-button\">\n<p>Svoj nadstre\u0161ek lahko prilagodite, na primer z markizami, sen\u010dilnimi elementi, navpi\u010dnimi zasteklitvami, razsvetljavo LED, drsnimi in pomi\u010dnimi elementi ter re\u0161itvami za za\u0161\u010dito zasebnosti.<\/p>\n<\/div><\/div>\n\n\n\n<div class=\"wp-block-t3-acc-accordion is-style-default\"><button id=\"accordion-05e6541a-59cb-496a-97b3-a67327f1c4a7-button\" class=\"accordion__button\" aria-expanded=\"false\" aria-controls=\"accordion-05e6541a-59cb-496a-97b3-a67327f1c4a7-panel\"><h3 data-accordion-title=\"true\" style=\"font-size:var(--step-1)\"><strong><strong><strong>Ali pokrovi za terase Leeb ne potrebujejo vzdr\u017eevanja?<\/strong><\/strong><\/strong><\/h3><\/button><div id=\"accordion-05e6541a-59cb-496a-97b3-a67327f1c4a7-panel\" class=\"accordion__panel\" role=\"region\" aria-labelledby=\"accordion-05e6541a-59cb-496a-97b3-a67327f1c4a7-button\">\n<p>Da, aluminijaste konstrukcije s patentiranim premazom ALU COMFORT PLUS\u00ae so posebej odporne na vremenske vplive, praske in prakti\u010dno ne potrebujejo vzdr\u017eevanja. Ni potrebe po redni negi in vzdr\u017eevanju, kot je barvanje.<\/p>\n<\/div><\/div>\n\n\n\n<div class=\"wp-block-t3-acc-accordion is-style-default\"><button id=\"accordion-e84cd235-dcdf-4dc4-981d-f019715230a2-button\" class=\"accordion__button\" aria-expanded=\"false\" aria-controls=\"accordion-e84cd235-dcdf-4dc4-981d-f019715230a2-panel\"><h3 data-accordion-title=\"true\" style=\"font-size:var(--step-1)\"><strong><strong><strong>Kaj pa varnost in stabilnost?<\/strong><\/strong><\/strong><\/h3><\/button><div id=\"accordion-e84cd235-dcdf-4dc4-981d-f019715230a2-panel\" class=\"accordion__panel\" role=\"region\" aria-labelledby=\"accordion-e84cd235-dcdf-4dc4-981d-f019715230a2-button\">\n<p>Vsi nadstre\u0161ki Leeb so stati\u010dno izra\u010dunani in zasnovani tako, da prenesejo lokalne obremenitve zaradi vetra in snega. Izpolnjujejo najvi\u0161je varnostne standarde in so certificirani v skladu s standardoma ISO 9001 in EN 1090.<\/p>\n<\/div><\/div>\n\n\n\n<div class=\"wp-block-t3-acc-accordion is-style-default\"><button id=\"accordion-6a9caf1a-f93b-46ff-8c48-2072b67deddc-button\" class=\"accordion__button\" aria-expanded=\"false\" aria-controls=\"accordion-6a9caf1a-f93b-46ff-8c48-2072b67deddc-panel\"><h3 data-accordion-title=\"true\" style=\"font-size:var(--step-1)\"><strong><strong><strong><strong><strong>Ali lahko streho terase opremim s fotonapetostnimi moduli?<\/strong><\/strong><\/strong><\/strong><\/strong><\/h3><\/button><div id=\"accordion-6a9caf1a-f93b-46ff-8c48-2072b67deddc-panel\" class=\"accordion__panel\" role=\"region\" aria-labelledby=\"accordion-6a9caf1a-f93b-46ff-8c48-2072b67deddc-button\">\n<p>Leeb ponuja posebej razvite solarne terasne strehe, pri katerih so v stre\u0161no kritino vgrajeni visoko u\u010dinkoviti in na to\u010do odporni fotovoltai\u010dni moduli iz lepljenega varnostnega stekla. O\u017ei\u010denje je skrito znotraj konstrukcije, moduli pa so dostopni in nezahtevni za vzdr\u017eevanje.<\/p>\n<\/div><\/div>\n\n\n\n<div class=\"wp-block-t3-acc-accordion is-style-default\"><button id=\"accordion-a97cb667-5929-4b70-ac09-ca832ad8347a-button\" class=\"accordion__button\" aria-expanded=\"false\" aria-controls=\"accordion-a97cb667-5929-4b70-ac09-ca832ad8347a-panel\"><h3 data-accordion-title=\"true\" style=\"font-size:var(--step-1)\"><strong><strong><strong><strong><strong>Ali obstajajo re\u0161itve brez ovir?<\/strong><\/strong><\/strong><\/strong><\/strong><\/h3><\/button><div id=\"accordion-a97cb667-5929-4b70-ac09-ca832ad8347a-panel\" class=\"accordion__panel\" role=\"region\" aria-labelledby=\"accordion-a97cb667-5929-4b70-ac09-ca832ad8347a-button\">\n<p>Da, vgrajene talne ograje omogo\u010dajo prehod s terase v hi\u0161o brez ovir. Klju\u010davnica z \u017eepkom zagotavlja dodatno varnost<\/p>\n<\/div><\/div>\n\n\n\n<div class=\"wp-block-t3-acc-accordion is-style-default\"><button id=\"accordion-808b7e28-33a9-4841-86f7-aceea3288fe5-button\" class=\"accordion__button\" aria-expanded=\"false\" aria-controls=\"accordion-808b7e28-33a9-4841-86f7-aceea3288fe5-panel\"><h3 data-accordion-title=\"true\" style=\"font-size:var(--step-1)\"><strong><strong><strong><strong>Kako svetujete in na\u010drtujete?<\/strong><\/strong><\/strong><\/strong><\/h3><\/button><div id=\"accordion-808b7e28-33a9-4841-86f7-aceea3288fe5-panel\" class=\"accordion__panel\" role=\"region\" aria-labelledby=\"accordion-808b7e28-33a9-4841-86f7-aceea3288fe5-button\" hidden>\n\n<p>Osebni svetovalec Leeb vam bo pomagal na kraju samem ali digitalno. S 3D konfiguratorjem si lahko vnaprej predstavite \u017eeleni model in ga individualno na\u010drtujete.  <\/p>\n\n<\/div><\/div>\n<\/div>\n<\/div>\n<\/section>\n\n\n\n<section class=\"wp-block-group alignfull has-white-background-color has-background has-global-padding is-layout-constrained wp-container-core-group-is-layout-52f96efc wp-block-group-is-layout-constrained\">\n<div class=\"wp-block-group o-grid u-md-1 is-layout-flow wp-block-group-is-layout-flow\" style=\"padding-top:0\">\n<div class=\"wp-block-group u-g-9 u-g-s-2 is-layout-flow wp-block-group-is-layout-flow\">\n<h2 class=\"wp-block-heading\">Vtisi strehe terase<\/h2>\n\n\n\n<p style=\"padding-bottom:var(--wp--preset--spacing--m)\"><span class=\"teaser\">Navdihnite se z mo\u017enostmi oblikovanja na\u0161ih pokrovov za terase.<\/span><\/p>\n<\/div>\n<\/div>\n\n\n    <div id=\"t3-lg-block-1\" class=\"wp-block-t3-lightgallery\" data-initial-count=\"6\">\n      <div class=\"lg-container u-grid-temp has-3-cols\">\n                  <div class=\"lg-item\" data-src=\"https:\/\/www.leeb-balkone.com\/app\/uploads\/2025\/06\/ueberdachung-der-terrasse-aus-aluminium-und-glas.jpg\"\n              data-sub-html=\"&lt;p&gt;&lt;small&gt;\u00dcberdachung der Terrasse aus Aluminium und Glas&lt;\/small&gt;&lt;\/p&gt;\">\n            <div class=\"img-wrapper\">\n                <figure>\n                    <img loading=\"lazy\" decoding=\"async\" width=\"300\" height=\"225\" src=\"https:\/\/www.leeb-balkone.com\/app\/uploads\/2025\/06\/ueberdachung-der-terrasse-aus-aluminium-und-glas-300x225.jpg\" class=\"attachment-medium size-medium\" alt=\"\u00dcberdachung der Terrasse aus Aluminium und Glas\" srcset=\"https:\/\/www.leeb-balkone.com\/app\/uploads\/2025\/06\/ueberdachung-der-terrasse-aus-aluminium-und-glas-300x225.jpg 300w, https:\/\/www.leeb-balkone.com\/app\/uploads\/2025\/06\/ueberdachung-der-terrasse-aus-aluminium-und-glas-1024x768.jpg 1024w, https:\/\/www.leeb-balkone.com\/app\/uploads\/2025\/06\/ueberdachung-der-terrasse-aus-aluminium-und-glas-768x576.jpg 768w, https:\/\/www.leeb-balkone.com\/app\/uploads\/2025\/06\/ueberdachung-der-terrasse-aus-aluminium-und-glas-1536x1152.jpg 1536w, https:\/\/www.leeb-balkone.com\/app\/uploads\/2025\/06\/ueberdachung-der-terrasse-aus-aluminium-und-glas-2048x1536.jpg 2048w\" sizes=\"auto, (min-width: 1200px) 260px, (min-width: 1024px) 220px, (min-width: 640px) 465px, 768px\" \/>    \n                <\/figure>\n                        <\/div>\n            <p><small>\u00dcberdachung der Terrasse aus Aluminium und Glas<\/small><\/p>        <\/div>\n                  <div class=\"lg-item\" data-src=\"https:\/\/www.leeb-balkone.com\/app\/uploads\/2020\/07\/terrasse-mit-einer-ueberdachung-aus-alu-und-glas-auf-einem-anbaubalkon-scaled.jpg\"\n              data-sub-html=\"&lt;p&gt;&lt;small&gt;Terrassen\u00fcberdachung in Kombination mit einem Anbaubalkon&lt;\/small&gt;&lt;\/p&gt;\">\n            <div class=\"img-wrapper\">\n                <figure>\n                    <img loading=\"lazy\" decoding=\"async\" width=\"300\" height=\"200\" src=\"https:\/\/www.leeb-balkone.com\/app\/uploads\/2020\/07\/terrasse-mit-einer-ueberdachung-aus-alu-und-glas-auf-einem-anbaubalkon-300x200.jpg\" class=\"attachment-medium size-medium\" alt=\"Terrassen\u00fcberdachung in Kombination mit einem Anbaubalkon\" srcset=\"https:\/\/www.leeb-balkone.com\/app\/uploads\/2020\/07\/terrasse-mit-einer-ueberdachung-aus-alu-und-glas-auf-einem-anbaubalkon-300x200.jpg 300w, https:\/\/www.leeb-balkone.com\/app\/uploads\/2020\/07\/terrasse-mit-einer-ueberdachung-aus-alu-und-glas-auf-einem-anbaubalkon-1024x683.jpg 1024w, https:\/\/www.leeb-balkone.com\/app\/uploads\/2020\/07\/terrasse-mit-einer-ueberdachung-aus-alu-und-glas-auf-einem-anbaubalkon-768x512.jpg 768w, https:\/\/www.leeb-balkone.com\/app\/uploads\/2020\/07\/terrasse-mit-einer-ueberdachung-aus-alu-und-glas-auf-einem-anbaubalkon-1536x1025.jpg 1536w, https:\/\/www.leeb-balkone.com\/app\/uploads\/2020\/07\/terrasse-mit-einer-ueberdachung-aus-alu-und-glas-auf-einem-anbaubalkon-2048x1366.jpg 2048w\" sizes=\"auto, (min-width: 1200px) 260px, (min-width: 1024px) 220px, (min-width: 640px) 465px, 768px\" \/>    \n                <\/figure>\n                        <\/div>\n            <p><small>Terrassen\u00fcberdachung in Kombination mit einem Anbaubalkon<\/small><\/p>        <\/div>\n                  <div class=\"lg-item\" data-src=\"https:\/\/www.leeb-balkone.com\/app\/uploads\/2020\/07\/anbaubalkon-mit-ueberdachung-und-einem-gelaender-aus-glas-scaled.jpg\"\n              data-sub-html=\"&lt;p&gt;&lt;small&gt;Terrassen\u00fcberdachung in Kombination mit einem Anbaubalkon - \u00fcberdachte Balkonverl\u00e4ngerung&lt;\/small&gt;&lt;\/p&gt;\">\n            <div class=\"img-wrapper\">\n                <figure>\n                    <img loading=\"lazy\" decoding=\"async\" width=\"300\" height=\"200\" src=\"https:\/\/www.leeb-balkone.com\/app\/uploads\/2020\/07\/anbaubalkon-mit-ueberdachung-und-einem-gelaender-aus-glas-300x200.jpg\" class=\"attachment-medium size-medium\" alt=\"Moderner Anbaubalkon mit einer \u00dcberdachung\" srcset=\"https:\/\/www.leeb-balkone.com\/app\/uploads\/2020\/07\/anbaubalkon-mit-ueberdachung-und-einem-gelaender-aus-glas-300x200.jpg 300w, https:\/\/www.leeb-balkone.com\/app\/uploads\/2020\/07\/anbaubalkon-mit-ueberdachung-und-einem-gelaender-aus-glas-1024x683.jpg 1024w, https:\/\/www.leeb-balkone.com\/app\/uploads\/2020\/07\/anbaubalkon-mit-ueberdachung-und-einem-gelaender-aus-glas-768x512.jpg 768w, https:\/\/www.leeb-balkone.com\/app\/uploads\/2020\/07\/anbaubalkon-mit-ueberdachung-und-einem-gelaender-aus-glas-1536x1025.jpg 1536w, https:\/\/www.leeb-balkone.com\/app\/uploads\/2020\/07\/anbaubalkon-mit-ueberdachung-und-einem-gelaender-aus-glas-2048x1366.jpg 2048w\" sizes=\"auto, (min-width: 1200px) 260px, (min-width: 1024px) 220px, (min-width: 640px) 465px, 768px\" \/>    \n                <\/figure>\n                        <\/div>\n            <p><small>Terrassen\u00fcberdachung in Kombination mit einem Anbaubalkon &#8211; \u00fcberdachte Balkonverl\u00e4ngerung<\/small><\/p>        <\/div>\n                  <div class=\"lg-item\" data-src=\"https:\/\/www.leeb-balkone.com\/app\/uploads\/2023\/05\/Terrassenueberdachung-Toscana-mit-einer-Aufdachmarkise-scaled.jpg\"\n              data-sub-html=\"&lt;p&gt;&lt;small&gt;Toscana-Terrassen\u00fcberdachung mit mattweiser Glaseindeckung und Aufdachmarkise&lt;\/small&gt;&lt;\/p&gt;\">\n            <div class=\"img-wrapper\">\n                <figure>\n                    <img loading=\"lazy\" decoding=\"async\" width=\"300\" height=\"200\" src=\"https:\/\/www.leeb-balkone.com\/app\/uploads\/2023\/05\/Terrassenueberdachung-Toscana-mit-einer-Aufdachmarkise-300x200.jpg\" class=\"attachment-medium size-medium\" alt=\"Toscana-Terrassen\u00fcberdachung mit mattweiser Glaseindeckung und Aufdachmarkise\" srcset=\"https:\/\/www.leeb-balkone.com\/app\/uploads\/2023\/05\/Terrassenueberdachung-Toscana-mit-einer-Aufdachmarkise-300x200.jpg 300w, https:\/\/www.leeb-balkone.com\/app\/uploads\/2023\/05\/Terrassenueberdachung-Toscana-mit-einer-Aufdachmarkise-1024x684.jpg 1024w, https:\/\/www.leeb-balkone.com\/app\/uploads\/2023\/05\/Terrassenueberdachung-Toscana-mit-einer-Aufdachmarkise-768x513.jpg 768w, https:\/\/www.leeb-balkone.com\/app\/uploads\/2023\/05\/Terrassenueberdachung-Toscana-mit-einer-Aufdachmarkise-1536x1025.jpg 1536w, https:\/\/www.leeb-balkone.com\/app\/uploads\/2023\/05\/Terrassenueberdachung-Toscana-mit-einer-Aufdachmarkise-2048x1367.jpg 2048w\" sizes=\"auto, (min-width: 1200px) 260px, (min-width: 1024px) 220px, (min-width: 640px) 465px, 768px\" \/>    \n                <\/figure>\n                        <\/div>\n            <p><small>Toscana-Terrassen\u00fcberdachung mit mattweiser Glaseindeckung und Aufdachmarkise<\/small><\/p>        <\/div>\n                  <div class=\"lg-item\" data-src=\"https:\/\/www.leeb-balkone.com\/app\/uploads\/2020\/07\/anbaubalkon-mit-schiebeverglasung-und-unterglasmarkise-terrassenueberdachung-scaled.jpg\"\n              data-sub-html=\"&lt;p&gt;&lt;small&gt;Terrassen\u00fcberdachung Toscana an einem Vorstellbalkon mit einer Unterglasmarkise&lt;\/small&gt;&lt;\/p&gt;\">\n            <div class=\"img-wrapper\">\n                <figure>\n                    <img loading=\"lazy\" decoding=\"async\" width=\"300\" height=\"200\" src=\"https:\/\/www.leeb-balkone.com\/app\/uploads\/2020\/07\/anbaubalkon-mit-schiebeverglasung-und-unterglasmarkise-terrassenueberdachung-300x200.jpg\" class=\"attachment-medium size-medium\" alt=\"Terrassen\u00fcberdachung Toscana an einem Vorstellbalkon mit einer Unterglasmarkise\" srcset=\"https:\/\/www.leeb-balkone.com\/app\/uploads\/2020\/07\/anbaubalkon-mit-schiebeverglasung-und-unterglasmarkise-terrassenueberdachung-300x200.jpg 300w, https:\/\/www.leeb-balkone.com\/app\/uploads\/2020\/07\/anbaubalkon-mit-schiebeverglasung-und-unterglasmarkise-terrassenueberdachung-1024x683.jpg 1024w, https:\/\/www.leeb-balkone.com\/app\/uploads\/2020\/07\/anbaubalkon-mit-schiebeverglasung-und-unterglasmarkise-terrassenueberdachung-768x512.jpg 768w, https:\/\/www.leeb-balkone.com\/app\/uploads\/2020\/07\/anbaubalkon-mit-schiebeverglasung-und-unterglasmarkise-terrassenueberdachung-1536x1025.jpg 1536w, https:\/\/www.leeb-balkone.com\/app\/uploads\/2020\/07\/anbaubalkon-mit-schiebeverglasung-und-unterglasmarkise-terrassenueberdachung-2048x1366.jpg 2048w\" sizes=\"auto, (min-width: 1200px) 260px, (min-width: 1024px) 220px, (min-width: 640px) 465px, 768px\" \/>    \n                <\/figure>\n                        <\/div>\n            <p><small>Terrassen\u00fcberdachung Toscana an einem Vorstellbalkon mit einer Unterglasmarkise<\/small><\/p>        <\/div>\n                  <div class=\"lg-item\" data-src=\"https:\/\/www.leeb-balkone.com\/app\/uploads\/2020\/07\/anbaubalkon-mit-stuetzen-vital-56-scaled.jpg\"\n              data-sub-html=\"&lt;p&gt;&lt;small&gt;Anbaubalkon mit St\u00fctzen und Sommergarten&lt;\/small&gt;&lt;\/p&gt;\">\n            <div class=\"img-wrapper\">\n                <figure>\n                    <img loading=\"lazy\" decoding=\"async\" width=\"300\" height=\"200\" src=\"https:\/\/www.leeb-balkone.com\/app\/uploads\/2020\/07\/anbaubalkon-mit-stuetzen-vital-56-300x200.jpg\" class=\"attachment-medium size-medium\" alt=\"Anbaubalkon mit St\u00fctzen und Sommergarten\" srcset=\"https:\/\/www.leeb-balkone.com\/app\/uploads\/2020\/07\/anbaubalkon-mit-stuetzen-vital-56-300x200.jpg 300w, https:\/\/www.leeb-balkone.com\/app\/uploads\/2020\/07\/anbaubalkon-mit-stuetzen-vital-56-1024x683.jpg 1024w, https:\/\/www.leeb-balkone.com\/app\/uploads\/2020\/07\/anbaubalkon-mit-stuetzen-vital-56-768x512.jpg 768w, https:\/\/www.leeb-balkone.com\/app\/uploads\/2020\/07\/anbaubalkon-mit-stuetzen-vital-56-1536x1025.jpg 1536w, https:\/\/www.leeb-balkone.com\/app\/uploads\/2020\/07\/anbaubalkon-mit-stuetzen-vital-56-2048x1366.jpg 2048w\" sizes=\"auto, (min-width: 1200px) 260px, (min-width: 1024px) 220px, (min-width: 640px) 465px, 768px\" \/>    \n                <\/figure>\n                        <\/div>\n            <p><small>Anbaubalkon mit St\u00fctzen und Sommergarten<\/small><\/p>        <\/div>\n                  <div class=\"lg-item\" data-src=\"https:\/\/www.leeb-balkone.com\/app\/uploads\/2021\/11\/ueberdachung-terrasse-mit-gelaender-und-lamellen-sichtschutz-1-scaled.jpg\"\n              data-sub-html=\"&lt;p&gt;&lt;small&gt;Terrassen\u00fcberdachung als Sommergarten mit seitlichen Sichtschutzelementen und einer Stiege&lt;\/small&gt;&lt;\/p&gt;\">\n            <div class=\"img-wrapper\">\n                <figure>\n                    <img loading=\"lazy\" decoding=\"async\" width=\"300\" height=\"200\" src=\"https:\/\/www.leeb-balkone.com\/app\/uploads\/2021\/11\/ueberdachung-terrasse-mit-gelaender-und-lamellen-sichtschutz-1-300x200.jpg\" class=\"attachment-medium size-medium\" alt=\"Terrassen\u00fcberdachung als Sommergarten mit seitlichen Sichtschutzelementen und einer Stiege\" srcset=\"https:\/\/www.leeb-balkone.com\/app\/uploads\/2021\/11\/ueberdachung-terrasse-mit-gelaender-und-lamellen-sichtschutz-1-300x200.jpg 300w, https:\/\/www.leeb-balkone.com\/app\/uploads\/2021\/11\/ueberdachung-terrasse-mit-gelaender-und-lamellen-sichtschutz-1-1024x681.jpg 1024w, https:\/\/www.leeb-balkone.com\/app\/uploads\/2021\/11\/ueberdachung-terrasse-mit-gelaender-und-lamellen-sichtschutz-1-768x511.jpg 768w, https:\/\/www.leeb-balkone.com\/app\/uploads\/2021\/11\/ueberdachung-terrasse-mit-gelaender-und-lamellen-sichtschutz-1-1536x1022.jpg 1536w, https:\/\/www.leeb-balkone.com\/app\/uploads\/2021\/11\/ueberdachung-terrasse-mit-gelaender-und-lamellen-sichtschutz-1-scaled.jpg 2048w\" sizes=\"auto, (min-width: 1200px) 260px, (min-width: 1024px) 220px, (min-width: 640px) 465px, 768px\" \/>    \n                <\/figure>\n                        <\/div>\n            <p><small>Terrassen\u00fcberdachung als Sommergarten mit seitlichen Sichtschutzelementen und einer Stiege<\/small><\/p>        <\/div>\n                  <div class=\"lg-item\" data-src=\"https:\/\/www.leeb-balkone.com\/app\/uploads\/2020\/07\/anbaubalkon-mit-ueberdachung-16-scaled.jpg\"\n              data-sub-html=\"&lt;p&gt;&lt;small&gt;Balkon\u00fcberdachung - \u00fcberdachter Anbaubalkon mit dem \u00dcberdachungsmodell Toscana&lt;\/small&gt;&lt;\/p&gt;\">\n            <div class=\"img-wrapper\">\n                <figure>\n                    <img loading=\"lazy\" decoding=\"async\" width=\"300\" height=\"200\" src=\"https:\/\/www.leeb-balkone.com\/app\/uploads\/2020\/07\/anbaubalkon-mit-ueberdachung-16-300x200.jpg\" class=\"attachment-medium size-medium\" alt=\"Balkon\u00fcberdachung - \u00fcberdachter Anbaubalkon mit dem \u00dcberdachungsmodell Toscana\" srcset=\"https:\/\/www.leeb-balkone.com\/app\/uploads\/2020\/07\/anbaubalkon-mit-ueberdachung-16-300x200.jpg 300w, https:\/\/www.leeb-balkone.com\/app\/uploads\/2020\/07\/anbaubalkon-mit-ueberdachung-16-1024x684.jpg 1024w, https:\/\/www.leeb-balkone.com\/app\/uploads\/2020\/07\/anbaubalkon-mit-ueberdachung-16-768x513.jpg 768w, https:\/\/www.leeb-balkone.com\/app\/uploads\/2020\/07\/anbaubalkon-mit-ueberdachung-16-1536x1025.jpg 1536w, https:\/\/www.leeb-balkone.com\/app\/uploads\/2020\/07\/anbaubalkon-mit-ueberdachung-16-2048x1367.jpg 2048w\" sizes=\"auto, (min-width: 1200px) 260px, (min-width: 1024px) 220px, (min-width: 640px) 465px, 768px\" \/>    \n                <\/figure>\n                        <\/div>\n            <p><small>Balkon\u00fcberdachung &#8211; \u00fcberdachter Anbaubalkon mit dem \u00dcberdachungsmodell Toscana<\/small><\/p>        <\/div>\n                  <div class=\"lg-item\" data-src=\"https:\/\/www.leeb-balkone.com\/app\/uploads\/2023\/05\/alu-terrassenueberdachung-17-scaled.jpg\"\n              data-sub-html=\"&lt;p&gt;&lt;small&gt;Toscana-\u00dcberdachung des Eingangs- und Terrassenbereichs&lt;\/small&gt;&lt;\/p&gt;\">\n            <div class=\"img-wrapper\">\n                <figure>\n                    <img loading=\"lazy\" decoding=\"async\" width=\"300\" height=\"225\" src=\"https:\/\/www.leeb-balkone.com\/app\/uploads\/2023\/05\/alu-terrassenueberdachung-17-300x225.jpg\" class=\"attachment-medium size-medium\" alt=\"Toscana-\u00dcberdachung des Eingangs- und Terrassenbereichs\" srcset=\"https:\/\/www.leeb-balkone.com\/app\/uploads\/2023\/05\/alu-terrassenueberdachung-17-300x225.jpg 300w, https:\/\/www.leeb-balkone.com\/app\/uploads\/2023\/05\/alu-terrassenueberdachung-17-1024x768.jpg 1024w, https:\/\/www.leeb-balkone.com\/app\/uploads\/2023\/05\/alu-terrassenueberdachung-17-768x576.jpg 768w, https:\/\/www.leeb-balkone.com\/app\/uploads\/2023\/05\/alu-terrassenueberdachung-17-1536x1152.jpg 1536w, https:\/\/www.leeb-balkone.com\/app\/uploads\/2023\/05\/alu-terrassenueberdachung-17-2048x1536.jpg 2048w\" sizes=\"auto, (min-width: 1200px) 260px, (min-width: 1024px) 220px, (min-width: 640px) 465px, 768px\" \/>    \n                <\/figure>\n                        <\/div>\n            <p><small>Toscana-\u00dcberdachung des Eingangs- und Terrassenbereichs<\/small><\/p>        <\/div>\n                  <div class=\"lg-item\" data-src=\"https:\/\/www.leeb-balkone.com\/app\/uploads\/2023\/05\/alu-terrassenueberdachung-21-scaled.jpg\"\n              data-sub-html=\"&lt;p&gt;&lt;small&gt;Terrassendach TOSCANA - bew\u00e4hrter Klassiker&lt;\/small&gt;&lt;\/p&gt;\">\n            <div class=\"img-wrapper\">\n                <figure>\n                    <img loading=\"lazy\" decoding=\"async\" width=\"300\" height=\"200\" src=\"https:\/\/www.leeb-balkone.com\/app\/uploads\/2023\/05\/alu-terrassenueberdachung-21-300x200.jpg\" class=\"attachment-medium size-medium\" alt=\"alu terrassenueberdachung\" srcset=\"https:\/\/www.leeb-balkone.com\/app\/uploads\/2023\/05\/alu-terrassenueberdachung-21-300x200.jpg 300w, https:\/\/www.leeb-balkone.com\/app\/uploads\/2023\/05\/alu-terrassenueberdachung-21-1024x684.jpg 1024w, https:\/\/www.leeb-balkone.com\/app\/uploads\/2023\/05\/alu-terrassenueberdachung-21-768x513.jpg 768w, https:\/\/www.leeb-balkone.com\/app\/uploads\/2023\/05\/alu-terrassenueberdachung-21-1536x1025.jpg 1536w, https:\/\/www.leeb-balkone.com\/app\/uploads\/2023\/05\/alu-terrassenueberdachung-21-2048x1367.jpg 2048w\" sizes=\"auto, (min-width: 1200px) 260px, (min-width: 1024px) 220px, (min-width: 640px) 465px, 768px\" \/>    \n                <\/figure>\n                        <\/div>\n            <p><small>Terrassendach TOSCANA &#8211; bew\u00e4hrter Klassiker<\/small><\/p>        <\/div>\n                  <div class=\"lg-item\" data-src=\"https:\/\/www.leeb-balkone.com\/app\/uploads\/2021\/11\/ueberdachung-terrasse-mit-glaselementen-seitlich-fuer-windschutz-scaled.jpg\"\n              data-sub-html=\"&lt;p&gt;&lt;small&gt;Terrassen\u00fcberdachung-Toscana mit Glasschiebeelementen&lt;\/small&gt;&lt;\/p&gt;\">\n            <div class=\"img-wrapper\">\n                <figure>\n                    <img loading=\"lazy\" decoding=\"async\" width=\"300\" height=\"200\" src=\"https:\/\/www.leeb-balkone.com\/app\/uploads\/2021\/11\/ueberdachung-terrasse-mit-glaselementen-seitlich-fuer-windschutz-300x200.jpg\" class=\"attachment-medium size-medium\" alt=\"Terrassen\u00fcberdachung-Toscana mit Glasschiebeelementen\" srcset=\"https:\/\/www.leeb-balkone.com\/app\/uploads\/2021\/11\/ueberdachung-terrasse-mit-glaselementen-seitlich-fuer-windschutz-300x200.jpg 300w, https:\/\/www.leeb-balkone.com\/app\/uploads\/2021\/11\/ueberdachung-terrasse-mit-glaselementen-seitlich-fuer-windschutz-1024x684.jpg 1024w, https:\/\/www.leeb-balkone.com\/app\/uploads\/2021\/11\/ueberdachung-terrasse-mit-glaselementen-seitlich-fuer-windschutz-768x513.jpg 768w, https:\/\/www.leeb-balkone.com\/app\/uploads\/2021\/11\/ueberdachung-terrasse-mit-glaselementen-seitlich-fuer-windschutz-1536x1025.jpg 1536w, https:\/\/www.leeb-balkone.com\/app\/uploads\/2021\/11\/ueberdachung-terrasse-mit-glaselementen-seitlich-fuer-windschutz-scaled.jpg 2048w\" sizes=\"auto, (min-width: 1200px) 260px, (min-width: 1024px) 220px, (min-width: 640px) 465px, 768px\" \/>    \n                <\/figure>\n                        <\/div>\n            <p><small>Terrassen\u00fcberdachung-Toscana mit Glasschiebeelementen<\/small><\/p>        <\/div>\n                  <div class=\"lg-item\" data-src=\"https:\/\/www.leeb-balkone.com\/app\/uploads\/2021\/11\/ueberdachung-terrasse-mit-gelaender-und-lamellen-sichtschutz-alu-in-holzoptik-scaled.jpg\"\n              data-sub-html=\"&lt;p&gt;&lt;small&gt;Sommergarten mit Sichtschutzelementen in Holzoptik und Glaseindeckung&lt;\/small&gt;&lt;\/p&gt;\">\n            <div class=\"img-wrapper\">\n                <figure>\n                    <img loading=\"lazy\" decoding=\"async\" width=\"300\" height=\"200\" src=\"https:\/\/www.leeb-balkone.com\/app\/uploads\/2021\/11\/ueberdachung-terrasse-mit-gelaender-und-lamellen-sichtschutz-alu-in-holzoptik-300x200.jpg\" class=\"attachment-medium size-medium\" alt=\"Sommergarten mit Sichtschutzelementen in Holzoptik und Glaseindeckung\" srcset=\"https:\/\/www.leeb-balkone.com\/app\/uploads\/2021\/11\/ueberdachung-terrasse-mit-gelaender-und-lamellen-sichtschutz-alu-in-holzoptik-300x200.jpg 300w, https:\/\/www.leeb-balkone.com\/app\/uploads\/2021\/11\/ueberdachung-terrasse-mit-gelaender-und-lamellen-sichtschutz-alu-in-holzoptik-1024x684.jpg 1024w, https:\/\/www.leeb-balkone.com\/app\/uploads\/2021\/11\/ueberdachung-terrasse-mit-gelaender-und-lamellen-sichtschutz-alu-in-holzoptik-768x513.jpg 768w, https:\/\/www.leeb-balkone.com\/app\/uploads\/2021\/11\/ueberdachung-terrasse-mit-gelaender-und-lamellen-sichtschutz-alu-in-holzoptik-1536x1025.jpg 1536w, https:\/\/www.leeb-balkone.com\/app\/uploads\/2021\/11\/ueberdachung-terrasse-mit-gelaender-und-lamellen-sichtschutz-alu-in-holzoptik-scaled.jpg 2048w\" sizes=\"auto, (min-width: 1200px) 260px, (min-width: 1024px) 220px, (min-width: 640px) 465px, 768px\" \/>    \n                <\/figure>\n                        <\/div>\n            <p><small>Sommergarten mit Sichtschutzelementen in Holzoptik und Glaseindeckung<\/small><\/p>        <\/div>\n                  <div class=\"lg-item\" data-src=\"https:\/\/www.leeb-balkone.com\/app\/uploads\/2020\/07\/ueberdachung-toscana-und-gartenzaun-landeck-scaled.jpg\"\n              data-sub-html=\"&lt;p&gt;&lt;small&gt;\u00dcberdachung Toscana freistehend im Garten mit Aluzaun Landeck&lt;\/small&gt;&lt;\/p&gt;\">\n            <div class=\"img-wrapper\">\n                <figure>\n                    <img loading=\"lazy\" decoding=\"async\" width=\"300\" height=\"200\" src=\"https:\/\/www.leeb-balkone.com\/app\/uploads\/2020\/07\/ueberdachung-toscana-und-gartenzaun-landeck-300x200.jpg\" class=\"attachment-medium size-medium\" alt=\"\u00dcberdachung Toscana freistehend im Garten mit Aluzaun Landeck\" srcset=\"https:\/\/www.leeb-balkone.com\/app\/uploads\/2020\/07\/ueberdachung-toscana-und-gartenzaun-landeck-300x200.jpg 300w, https:\/\/www.leeb-balkone.com\/app\/uploads\/2020\/07\/ueberdachung-toscana-und-gartenzaun-landeck-1024x684.jpg 1024w, https:\/\/www.leeb-balkone.com\/app\/uploads\/2020\/07\/ueberdachung-toscana-und-gartenzaun-landeck-768x513.jpg 768w, https:\/\/www.leeb-balkone.com\/app\/uploads\/2020\/07\/ueberdachung-toscana-und-gartenzaun-landeck-1536x1025.jpg 1536w, https:\/\/www.leeb-balkone.com\/app\/uploads\/2020\/07\/ueberdachung-toscana-und-gartenzaun-landeck-2048x1367.jpg 2048w\" sizes=\"auto, (min-width: 1200px) 260px, (min-width: 1024px) 220px, (min-width: 640px) 465px, 768px\" \/>    \n                <\/figure>\n                        <\/div>\n            <p><small>\u00dcberdachung Toscana freistehend im Garten mit Aluzaun Landeck<\/small><\/p>        <\/div>\n                  <div class=\"lg-item\" data-src=\"https:\/\/www.leeb-balkone.com\/app\/uploads\/2021\/11\/ueberdachung-anbaubalkon-mit-glas-alu-balkongelaender-scaled.jpg\"\n              data-sub-html=\"&lt;p&gt;&lt;small&gt;\u00dcberdachter Anbaubalkon mit mattwei\u00dfer Glaseindeckung&lt;\/small&gt;&lt;\/p&gt;\">\n            <div class=\"img-wrapper\">\n                <figure>\n                    <img loading=\"lazy\" decoding=\"async\" width=\"300\" height=\"200\" src=\"https:\/\/www.leeb-balkone.com\/app\/uploads\/2021\/11\/ueberdachung-anbaubalkon-mit-glas-alu-balkongelaender-300x200.jpg\" class=\"attachment-medium size-medium\" alt=\"\u00dcberdachter Anbaubalkon mit mattwei\u00dfer Glaseindeckung\" srcset=\"https:\/\/www.leeb-balkone.com\/app\/uploads\/2021\/11\/ueberdachung-anbaubalkon-mit-glas-alu-balkongelaender-300x200.jpg 300w, https:\/\/www.leeb-balkone.com\/app\/uploads\/2021\/11\/ueberdachung-anbaubalkon-mit-glas-alu-balkongelaender-1024x683.jpg 1024w, https:\/\/www.leeb-balkone.com\/app\/uploads\/2021\/11\/ueberdachung-anbaubalkon-mit-glas-alu-balkongelaender-768x512.jpg 768w, https:\/\/www.leeb-balkone.com\/app\/uploads\/2021\/11\/ueberdachung-anbaubalkon-mit-glas-alu-balkongelaender-1536x1025.jpg 1536w, https:\/\/www.leeb-balkone.com\/app\/uploads\/2021\/11\/ueberdachung-anbaubalkon-mit-glas-alu-balkongelaender-scaled.jpg 2048w\" sizes=\"auto, (min-width: 1200px) 260px, (min-width: 1024px) 220px, (min-width: 640px) 465px, 768px\" \/>    \n                <\/figure>\n                        <\/div>\n            <p><small>\u00dcberdachter Anbaubalkon mit mattwei\u00dfer Glaseindeckung<\/small><\/p>        <\/div>\n                  <div class=\"lg-item\" data-src=\"https:\/\/www.leeb-balkone.com\/app\/uploads\/2021\/11\/anbaubalkon-mit-stuetzen-als-terrassenueberdachung-mit-sichtschutzelementen-scaled.jpeg\"\n              data-sub-html=\"&lt;p&gt;&lt;small&gt;Anbaubalkon mit St\u00fctzen als Terrassen\u00fcberdachung mit Sichtschutzelementen&lt;\/small&gt;&lt;\/p&gt;\">\n            <div class=\"img-wrapper\">\n                <figure>\n                    <img loading=\"lazy\" decoding=\"async\" width=\"300\" height=\"200\" src=\"https:\/\/www.leeb-balkone.com\/app\/uploads\/2021\/11\/anbaubalkon-mit-stuetzen-als-terrassenueberdachung-mit-sichtschutzelementen-300x200.jpeg\" class=\"attachment-medium size-medium\" alt=\"Anbaubalkon mit St\u00fctzen als Terrassen\u00fcberdachung mit Sichtschutzelementen\" srcset=\"https:\/\/www.leeb-balkone.com\/app\/uploads\/2021\/11\/anbaubalkon-mit-stuetzen-als-terrassenueberdachung-mit-sichtschutzelementen-300x200.jpeg 300w, https:\/\/www.leeb-balkone.com\/app\/uploads\/2021\/11\/anbaubalkon-mit-stuetzen-als-terrassenueberdachung-mit-sichtschutzelementen-1024x683.jpeg 1024w, https:\/\/www.leeb-balkone.com\/app\/uploads\/2021\/11\/anbaubalkon-mit-stuetzen-als-terrassenueberdachung-mit-sichtschutzelementen-768x512.jpeg 768w, https:\/\/www.leeb-balkone.com\/app\/uploads\/2021\/11\/anbaubalkon-mit-stuetzen-als-terrassenueberdachung-mit-sichtschutzelementen-1536x1024.jpeg 1536w, https:\/\/www.leeb-balkone.com\/app\/uploads\/2021\/11\/anbaubalkon-mit-stuetzen-als-terrassenueberdachung-mit-sichtschutzelementen-scaled.jpeg 2048w\" sizes=\"auto, (min-width: 1200px) 260px, (min-width: 1024px) 220px, (min-width: 640px) 465px, 768px\" \/>    \n                <\/figure>\n                        <\/div>\n            <p><small>Anbaubalkon mit St\u00fctzen als Terrassen\u00fcberdachung mit Sichtschutzelementen<\/small><\/p>        <\/div>\n                  <div class=\"lg-item\" data-src=\"https:\/\/www.leeb-balkone.com\/app\/uploads\/2021\/11\/terrassenueberdachung-ensemble-mit-gelaender-scaled.jpeg\"\n              data-sub-html=\"&lt;p&gt;&lt;small&gt;Terrassen\u00fcberdachung-Ensemble mit Gel\u00e4nder&lt;\/small&gt;&lt;\/p&gt;\">\n            <div class=\"img-wrapper\">\n                <figure>\n                    <img loading=\"lazy\" decoding=\"async\" width=\"300\" height=\"202\" src=\"https:\/\/www.leeb-balkone.com\/app\/uploads\/2021\/11\/terrassenueberdachung-ensemble-mit-gelaender-300x202.jpeg\" class=\"attachment-medium size-medium\" alt=\"Terrassen\u00fcberdachung-Ensemble mit Gel\u00e4nder\" srcset=\"https:\/\/www.leeb-balkone.com\/app\/uploads\/2021\/11\/terrassenueberdachung-ensemble-mit-gelaender-300x202.jpeg 300w, https:\/\/www.leeb-balkone.com\/app\/uploads\/2021\/11\/terrassenueberdachung-ensemble-mit-gelaender-1024x691.jpeg 1024w, https:\/\/www.leeb-balkone.com\/app\/uploads\/2021\/11\/terrassenueberdachung-ensemble-mit-gelaender-768x517.jpeg 768w, https:\/\/www.leeb-balkone.com\/app\/uploads\/2021\/11\/terrassenueberdachung-ensemble-mit-gelaender-1536x1035.jpeg 1536w, https:\/\/www.leeb-balkone.com\/app\/uploads\/2021\/11\/terrassenueberdachung-ensemble-mit-gelaender-scaled.jpeg 2048w, https:\/\/www.leeb-balkone.com\/app\/uploads\/2021\/11\/terrassenueberdachung-ensemble-mit-gelaender-400x270.jpeg 400w\" sizes=\"auto, (min-width: 1200px) 260px, (min-width: 1024px) 220px, (min-width: 640px) 465px, 768px\" \/>    \n                <\/figure>\n                        <\/div>\n            <p><small>Terrassen\u00fcberdachung-Ensemble mit Gel\u00e4nder<\/small><\/p>        <\/div>\n                  <div class=\"lg-item\" data-src=\"https:\/\/www.leeb-balkone.com\/app\/uploads\/2020\/07\/alu-terrassenueberdachung-15-scaled.jpg\"\n              data-sub-html=\"&lt;p&gt;&lt;small&gt;Alu Glas Terrassen\u00fcberdachung Modell Toskana f\u00fcr Einfamilienhaus&lt;\/small&gt;&lt;\/p&gt;\">\n            <div class=\"img-wrapper\">\n                <figure>\n                    <img loading=\"lazy\" decoding=\"async\" width=\"300\" height=\"200\" src=\"https:\/\/www.leeb-balkone.com\/app\/uploads\/2020\/07\/alu-terrassenueberdachung-15-300x200.jpg\" class=\"attachment-medium size-medium\" alt=\"Modernes Einfamilienhaus mit Terrassen\u00fcberdachung\" srcset=\"https:\/\/www.leeb-balkone.com\/app\/uploads\/2020\/07\/alu-terrassenueberdachung-15-300x200.jpg 300w, https:\/\/www.leeb-balkone.com\/app\/uploads\/2020\/07\/alu-terrassenueberdachung-15-1024x684.jpg 1024w, https:\/\/www.leeb-balkone.com\/app\/uploads\/2020\/07\/alu-terrassenueberdachung-15-768x513.jpg 768w, https:\/\/www.leeb-balkone.com\/app\/uploads\/2020\/07\/alu-terrassenueberdachung-15-1536x1025.jpg 1536w, https:\/\/www.leeb-balkone.com\/app\/uploads\/2020\/07\/alu-terrassenueberdachung-15-scaled.jpg 2048w\" sizes=\"auto, (min-width: 1200px) 260px, (min-width: 1024px) 220px, (min-width: 640px) 465px, 768px\" \/>    \n                <\/figure>\n                        <\/div>\n            <p><small>Alu Glas Terrassen\u00fcberdachung Modell Toskana f\u00fcr Einfamilienhaus<\/small><\/p>        <\/div>\n                  <div class=\"lg-item\" data-src=\"https:\/\/www.leeb-balkone.com\/app\/uploads\/2021\/11\/terrassendach-alu-glas-mit-leeb-terrassenboden-alu-holzoptik-scaled.jpeg\"\n              data-sub-html=\"&lt;p&gt;&lt;small&gt;Terrassendach mit mattwei\u00dfer Glaseindeckung&lt;\/small&gt;&lt;\/p&gt;\">\n            <div class=\"img-wrapper\">\n                <figure>\n                    <img loading=\"lazy\" decoding=\"async\" width=\"300\" height=\"226\" src=\"https:\/\/www.leeb-balkone.com\/app\/uploads\/2021\/11\/terrassendach-alu-glas-mit-leeb-terrassenboden-alu-holzoptik-300x226.jpeg\" class=\"attachment-medium size-medium\" alt=\"Terrassendach mit mattwei\u00dfer Glaseindeckung\" srcset=\"https:\/\/www.leeb-balkone.com\/app\/uploads\/2021\/11\/terrassendach-alu-glas-mit-leeb-terrassenboden-alu-holzoptik-300x226.jpeg 300w, https:\/\/www.leeb-balkone.com\/app\/uploads\/2021\/11\/terrassendach-alu-glas-mit-leeb-terrassenboden-alu-holzoptik-1024x770.jpeg 1024w, https:\/\/www.leeb-balkone.com\/app\/uploads\/2021\/11\/terrassendach-alu-glas-mit-leeb-terrassenboden-alu-holzoptik-768x577.jpeg 768w, https:\/\/www.leeb-balkone.com\/app\/uploads\/2021\/11\/terrassendach-alu-glas-mit-leeb-terrassenboden-alu-holzoptik-1536x1155.jpeg 1536w, https:\/\/www.leeb-balkone.com\/app\/uploads\/2021\/11\/terrassendach-alu-glas-mit-leeb-terrassenboden-alu-holzoptik-scaled.jpeg 2048w\" sizes=\"auto, (min-width: 1200px) 260px, (min-width: 1024px) 220px, (min-width: 640px) 465px, 768px\" \/>    \n                <\/figure>\n                        <\/div>\n            <p><small>Terrassendach mit mattwei\u00dfer Glaseindeckung<\/small><\/p>        <\/div>\n                  <div class=\"lg-item\" data-src=\"https:\/\/www.leeb-balkone.com\/app\/uploads\/2020\/07\/alu-terrassenueberdachung-10-scaled.jpg\"\n              data-sub-html=\"&lt;p&gt;&lt;small&gt;Gelungene Terrassen\u00fcberdachung aus Aluminium in Holzoptik&lt;\/small&gt;&lt;\/p&gt;\">\n            <div class=\"img-wrapper\">\n                <figure>\n                    <img loading=\"lazy\" decoding=\"async\" width=\"300\" height=\"200\" src=\"https:\/\/www.leeb-balkone.com\/app\/uploads\/2020\/07\/alu-terrassenueberdachung-10-300x200.jpg\" class=\"attachment-medium size-medium\" alt=\"Gelungene Terrassen\u00fcberdachung aus Aluminium in Holzoptik\" srcset=\"https:\/\/www.leeb-balkone.com\/app\/uploads\/2020\/07\/alu-terrassenueberdachung-10-300x200.jpg 300w, https:\/\/www.leeb-balkone.com\/app\/uploads\/2020\/07\/alu-terrassenueberdachung-10-1024x684.jpg 1024w, https:\/\/www.leeb-balkone.com\/app\/uploads\/2020\/07\/alu-terrassenueberdachung-10-768x513.jpg 768w, https:\/\/www.leeb-balkone.com\/app\/uploads\/2020\/07\/alu-terrassenueberdachung-10-1536x1025.jpg 1536w, https:\/\/www.leeb-balkone.com\/app\/uploads\/2020\/07\/alu-terrassenueberdachung-10-2048x1367.jpg 2048w\" sizes=\"auto, (min-width: 1200px) 260px, (min-width: 1024px) 220px, (min-width: 640px) 465px, 768px\" \/>    \n                <\/figure>\n                        <\/div>\n            <p><small>Gelungene Terrassen\u00fcberdachung aus Aluminium in Holzoptik<\/small><\/p>        <\/div>\n                  <div class=\"lg-item\" data-src=\"https:\/\/www.leeb-balkone.com\/app\/uploads\/2020\/07\/alu-terrassenueberdachung-11-scaled.jpg\"\n              data-sub-html=\"&lt;p&gt;&lt;small&gt;Renoviertes Einfamilienhaus mit Alu-Terrassen\u00fcberdachung&lt;\/small&gt;&lt;\/p&gt;\">\n            <div class=\"img-wrapper\">\n                <figure>\n                    <img loading=\"lazy\" decoding=\"async\" width=\"300\" height=\"200\" src=\"https:\/\/www.leeb-balkone.com\/app\/uploads\/2020\/07\/alu-terrassenueberdachung-11-300x200.jpg\" class=\"attachment-medium size-medium\" alt=\"Renoviertes Einfamilienhaus mit Alu-Terrassen\u00fcberdachung\" srcset=\"https:\/\/www.leeb-balkone.com\/app\/uploads\/2020\/07\/alu-terrassenueberdachung-11-300x200.jpg 300w, https:\/\/www.leeb-balkone.com\/app\/uploads\/2020\/07\/alu-terrassenueberdachung-11-1024x684.jpg 1024w, https:\/\/www.leeb-balkone.com\/app\/uploads\/2020\/07\/alu-terrassenueberdachung-11-768x513.jpg 768w, https:\/\/www.leeb-balkone.com\/app\/uploads\/2020\/07\/alu-terrassenueberdachung-11-1536x1025.jpg 1536w, https:\/\/www.leeb-balkone.com\/app\/uploads\/2020\/07\/alu-terrassenueberdachung-11-2048x1367.jpg 2048w\" sizes=\"auto, (min-width: 1200px) 260px, (min-width: 1024px) 220px, (min-width: 640px) 465px, 768px\" \/>    \n                <\/figure>\n                        <\/div>\n            <p><small>Renoviertes Einfamilienhaus mit Alu-Terrassen\u00fcberdachung<\/small><\/p>        <\/div>\n                  <div class=\"lg-item\" data-src=\"https:\/\/www.leeb-balkone.com\/app\/uploads\/2020\/07\/alu-terrassenueberdachung-4-scaled.jpg\"\n              data-sub-html=\"&lt;p&gt;&lt;small&gt;Freistehende Terrassen\u00fcberdachung&lt;\/small&gt;&lt;\/p&gt;\">\n            <div class=\"img-wrapper\">\n                <figure>\n                    <img loading=\"lazy\" decoding=\"async\" width=\"300\" height=\"200\" src=\"https:\/\/www.leeb-balkone.com\/app\/uploads\/2020\/07\/alu-terrassenueberdachung-4-300x200.jpg\" class=\"attachment-medium size-medium\" alt=\"Freistehende Terrassen\u00fcberdachung\" srcset=\"https:\/\/www.leeb-balkone.com\/app\/uploads\/2020\/07\/alu-terrassenueberdachung-4-300x200.jpg 300w, https:\/\/www.leeb-balkone.com\/app\/uploads\/2020\/07\/alu-terrassenueberdachung-4-1024x684.jpg 1024w, https:\/\/www.leeb-balkone.com\/app\/uploads\/2020\/07\/alu-terrassenueberdachung-4-768x513.jpg 768w, https:\/\/www.leeb-balkone.com\/app\/uploads\/2020\/07\/alu-terrassenueberdachung-4-1536x1025.jpg 1536w, https:\/\/www.leeb-balkone.com\/app\/uploads\/2020\/07\/alu-terrassenueberdachung-4-2048x1367.jpg 2048w\" sizes=\"auto, (min-width: 1200px) 260px, (min-width: 1024px) 220px, (min-width: 640px) 465px, 768px\" \/>    \n                <\/figure>\n                        <\/div>\n            <p><small>Freistehende Terrassen\u00fcberdachung<\/small><\/p>        <\/div>\n                  <div class=\"lg-item\" data-src=\"https:\/\/www.leeb-balkone.com\/app\/uploads\/2023\/05\/Ueberdachung-mit-Sandwichpaneele_2-scaled.jpg\"\n              data-sub-html=\"&lt;p&gt;&lt;small&gt;Eindeckung mit Sandwichpaneele - schalld\u00e4mmende \u00dcberdachungen f\u00fcr Terrasse und Balkon&lt;\/small&gt;&lt;\/p&gt;\">\n            <div class=\"img-wrapper\">\n                <figure>\n                    <img loading=\"lazy\" decoding=\"async\" width=\"300\" height=\"169\" src=\"https:\/\/www.leeb-balkone.com\/app\/uploads\/2023\/05\/Ueberdachung-mit-Sandwichpaneele_2-300x169.jpg\" class=\"attachment-medium size-medium\" alt=\"Eindeckung mit Sandwichpaneele - schalld\u00e4mmende \u00dcberdachungen f\u00fcr Terrasse und Balkon\" srcset=\"https:\/\/www.leeb-balkone.com\/app\/uploads\/2023\/05\/Ueberdachung-mit-Sandwichpaneele_2-300x169.jpg 300w, https:\/\/www.leeb-balkone.com\/app\/uploads\/2023\/05\/Ueberdachung-mit-Sandwichpaneele_2-1024x576.jpg 1024w, https:\/\/www.leeb-balkone.com\/app\/uploads\/2023\/05\/Ueberdachung-mit-Sandwichpaneele_2-768x432.jpg 768w, https:\/\/www.leeb-balkone.com\/app\/uploads\/2023\/05\/Ueberdachung-mit-Sandwichpaneele_2-1536x864.jpg 1536w, https:\/\/www.leeb-balkone.com\/app\/uploads\/2023\/05\/Ueberdachung-mit-Sandwichpaneele_2-2048x1152.jpg 2048w\" sizes=\"auto, (min-width: 1200px) 260px, (min-width: 1024px) 220px, (min-width: 640px) 465px, 768px\" \/>    \n                <\/figure>\n                        <\/div>\n            <p><small>Eindeckung mit Sandwichpaneele &#8211; schalld\u00e4mmende \u00dcberdachungen f\u00fcr Terrasse und Balkon<\/small><\/p>        <\/div>\n                  <div class=\"lg-item\" data-src=\"https:\/\/www.leeb-balkone.com\/app\/uploads\/2023\/05\/alu-terrassenueberdachung-atrium-anbau-balkongelaender-aufdachmarkise-scaled.jpg\"\n              data-sub-html=\"&lt;p&gt;&lt;small&gt;\u00dcberdachung in Kombination mit einem Anbaubalkon zur beschatteten Wohnraumerweiterung&lt;\/small&gt;&lt;\/p&gt;\">\n            <div class=\"img-wrapper\">\n                <figure>\n                    <img loading=\"lazy\" decoding=\"async\" width=\"300\" height=\"200\" src=\"https:\/\/www.leeb-balkone.com\/app\/uploads\/2023\/05\/alu-terrassenueberdachung-atrium-anbau-balkongelaender-aufdachmarkise-300x200.jpg\" class=\"attachment-medium size-medium\" alt=\"\u00dcberdachung in Kombination mit einem Anbaubalkon zur beschatteten Wohnraumerweiterung\" srcset=\"https:\/\/www.leeb-balkone.com\/app\/uploads\/2023\/05\/alu-terrassenueberdachung-atrium-anbau-balkongelaender-aufdachmarkise-300x200.jpg 300w, https:\/\/www.leeb-balkone.com\/app\/uploads\/2023\/05\/alu-terrassenueberdachung-atrium-anbau-balkongelaender-aufdachmarkise-1024x684.jpg 1024w, https:\/\/www.leeb-balkone.com\/app\/uploads\/2023\/05\/alu-terrassenueberdachung-atrium-anbau-balkongelaender-aufdachmarkise-768x513.jpg 768w, https:\/\/www.leeb-balkone.com\/app\/uploads\/2023\/05\/alu-terrassenueberdachung-atrium-anbau-balkongelaender-aufdachmarkise-1536x1025.jpg 1536w, https:\/\/www.leeb-balkone.com\/app\/uploads\/2023\/05\/alu-terrassenueberdachung-atrium-anbau-balkongelaender-aufdachmarkise-2048x1367.jpg 2048w\" sizes=\"auto, (min-width: 1200px) 260px, (min-width: 1024px) 220px, (min-width: 640px) 465px, 768px\" \/>    \n                <\/figure>\n                        <\/div>\n            <p><small>\u00dcberdachung in Kombination mit einem Anbaubalkon zur beschatteten Wohnraumerweiterung<\/small><\/p>        <\/div>\n                  <div class=\"lg-item\" data-src=\"https:\/\/www.leeb-balkone.com\/app\/uploads\/2024\/08\/alu-ueberdachung-amalfi-mit-aufdachmarkise-und-windsensor-scaled.jpg\"\n              data-sub-html=\"&lt;p&gt;&lt;small&gt;Amalfi-\u00dcberdachung mit Aufdachmarkise und Windsensor&lt;\/small&gt;&lt;\/p&gt;\">\n            <div class=\"img-wrapper\">\n                <figure>\n                    <img loading=\"lazy\" decoding=\"async\" width=\"300\" height=\"214\" src=\"https:\/\/www.leeb-balkone.com\/app\/uploads\/2024\/08\/alu-ueberdachung-amalfi-mit-aufdachmarkise-und-windsensor-300x214.jpg\" class=\"attachment-medium size-medium\" alt=\"Amalfi-\u00dcberdachung mit Aufdachmarkise und Windsensor\" srcset=\"https:\/\/www.leeb-balkone.com\/app\/uploads\/2024\/08\/alu-ueberdachung-amalfi-mit-aufdachmarkise-und-windsensor-300x214.jpg 300w, https:\/\/www.leeb-balkone.com\/app\/uploads\/2024\/08\/alu-ueberdachung-amalfi-mit-aufdachmarkise-und-windsensor-1024x732.jpg 1024w, https:\/\/www.leeb-balkone.com\/app\/uploads\/2024\/08\/alu-ueberdachung-amalfi-mit-aufdachmarkise-und-windsensor-768x549.jpg 768w, https:\/\/www.leeb-balkone.com\/app\/uploads\/2024\/08\/alu-ueberdachung-amalfi-mit-aufdachmarkise-und-windsensor-1536x1098.jpg 1536w, https:\/\/www.leeb-balkone.com\/app\/uploads\/2024\/08\/alu-ueberdachung-amalfi-mit-aufdachmarkise-und-windsensor-2048x1464.jpg 2048w\" sizes=\"auto, (min-width: 1200px) 260px, (min-width: 1024px) 220px, (min-width: 640px) 465px, 768px\" \/>    \n                <\/figure>\n                        <\/div>\n            <p><small>Amalfi-\u00dcberdachung mit Aufdachmarkise und Windsensor<\/small><\/p>        <\/div>\n                  <div class=\"lg-item\" data-src=\"https:\/\/www.leeb-balkone.com\/app\/uploads\/2024\/08\/alu-terrassenueberdachung-amalfi-innenansicht-mit-aufdachmarkise-und-led-beleuchtung-scaled.jpg\"\n              data-sub-html=\"&lt;p&gt;&lt;small&gt;Amalfi-\u00dcberdachung mit Aufdachmarkise, Schiebelementen und LED-Beleuchtung (Innenansicht)&lt;\/small&gt;&lt;\/p&gt;\">\n            <div class=\"img-wrapper\">\n                <figure>\n                    <img loading=\"lazy\" decoding=\"async\" width=\"300\" height=\"225\" src=\"https:\/\/www.leeb-balkone.com\/app\/uploads\/2024\/08\/alu-terrassenueberdachung-amalfi-innenansicht-mit-aufdachmarkise-und-led-beleuchtung-300x225.jpg\" class=\"attachment-medium size-medium\" alt=\"Amalfi-\u00dcberdachung mit Aufdachmarkise, Schiebelementen und LED-Beleuchtung (Innenansicht)\" srcset=\"https:\/\/www.leeb-balkone.com\/app\/uploads\/2024\/08\/alu-terrassenueberdachung-amalfi-innenansicht-mit-aufdachmarkise-und-led-beleuchtung-300x225.jpg 300w, https:\/\/www.leeb-balkone.com\/app\/uploads\/2024\/08\/alu-terrassenueberdachung-amalfi-innenansicht-mit-aufdachmarkise-und-led-beleuchtung-1024x768.jpg 1024w, https:\/\/www.leeb-balkone.com\/app\/uploads\/2024\/08\/alu-terrassenueberdachung-amalfi-innenansicht-mit-aufdachmarkise-und-led-beleuchtung-768x576.jpg 768w, https:\/\/www.leeb-balkone.com\/app\/uploads\/2024\/08\/alu-terrassenueberdachung-amalfi-innenansicht-mit-aufdachmarkise-und-led-beleuchtung-1536x1152.jpg 1536w, https:\/\/www.leeb-balkone.com\/app\/uploads\/2024\/08\/alu-terrassenueberdachung-amalfi-innenansicht-mit-aufdachmarkise-und-led-beleuchtung-2048x1536.jpg 2048w\" sizes=\"auto, (min-width: 1200px) 260px, (min-width: 1024px) 220px, (min-width: 640px) 465px, 768px\" \/>    \n                <\/figure>\n                        <\/div>\n            <p><small>Amalfi-\u00dcberdachung mit Aufdachmarkise, Schiebelementen und LED-Beleuchtung (Innenansicht)<\/small><\/p>        <\/div>\n                  <div class=\"lg-item\" data-src=\"https:\/\/www.leeb-balkone.com\/app\/uploads\/2024\/08\/terrassenueberdachung-amalfi-in-anthrazit-mit-alubalkongelaender-madrid-scaled.jpg\"\n              data-sub-html=\"&lt;p&gt;&lt;small&gt;Amalfi-\u00dcberdachung in Kombination mit einem Balkongel\u00e4nder (Modell Madrid) in anthrazit&lt;\/small&gt;&lt;\/p&gt;\">\n            <div class=\"img-wrapper\">\n                <figure>\n                    <img loading=\"lazy\" decoding=\"async\" width=\"300\" height=\"200\" src=\"https:\/\/www.leeb-balkone.com\/app\/uploads\/2024\/08\/terrassenueberdachung-amalfi-in-anthrazit-mit-alubalkongelaender-madrid-300x200.jpg\" class=\"attachment-medium size-medium\" alt=\"Amalfi-\u00dcberdachung in Kombination mit einem Balkongel\u00e4nder (Modell Madrid) in anthrazit\" srcset=\"https:\/\/www.leeb-balkone.com\/app\/uploads\/2024\/08\/terrassenueberdachung-amalfi-in-anthrazit-mit-alubalkongelaender-madrid-300x200.jpg 300w, https:\/\/www.leeb-balkone.com\/app\/uploads\/2024\/08\/terrassenueberdachung-amalfi-in-anthrazit-mit-alubalkongelaender-madrid-1024x683.jpg 1024w, https:\/\/www.leeb-balkone.com\/app\/uploads\/2024\/08\/terrassenueberdachung-amalfi-in-anthrazit-mit-alubalkongelaender-madrid-768x512.jpg 768w, https:\/\/www.leeb-balkone.com\/app\/uploads\/2024\/08\/terrassenueberdachung-amalfi-in-anthrazit-mit-alubalkongelaender-madrid-1536x1024.jpg 1536w, https:\/\/www.leeb-balkone.com\/app\/uploads\/2024\/08\/terrassenueberdachung-amalfi-in-anthrazit-mit-alubalkongelaender-madrid-2048x1366.jpg 2048w\" sizes=\"auto, (min-width: 1200px) 260px, (min-width: 1024px) 220px, (min-width: 640px) 465px, 768px\" \/>    \n                <\/figure>\n                        <\/div>\n            <p><small>Amalfi-\u00dcberdachung in Kombination mit einem Balkongel\u00e4nder (Modell Madrid) in anthrazit<\/small><\/p>        <\/div>\n                  <div class=\"lg-item\" data-src=\"https:\/\/www.leeb-balkone.com\/app\/uploads\/2024\/08\/alu-terrassenueberdachung-amalfi-mit-transparentem-glasdach-scaled.jpg\"\n              data-sub-html=\"&lt;p&gt;&lt;small&gt;Amalfi-\u00dcberdachung mit transparenter Glaseindeckung (Vogelperspektive)&lt;\/small&gt;&lt;\/p&gt;\">\n            <div class=\"img-wrapper\">\n                <figure>\n                    <img loading=\"lazy\" decoding=\"async\" width=\"300\" height=\"213\" src=\"https:\/\/www.leeb-balkone.com\/app\/uploads\/2024\/08\/alu-terrassenueberdachung-amalfi-mit-transparentem-glasdach-300x213.jpg\" class=\"attachment-medium size-medium\" alt=\"Amalfi-\u00dcberdachung mit transparenter Glaseindeckung (Vogelperspektive)\" srcset=\"https:\/\/www.leeb-balkone.com\/app\/uploads\/2024\/08\/alu-terrassenueberdachung-amalfi-mit-transparentem-glasdach-300x213.jpg 300w, https:\/\/www.leeb-balkone.com\/app\/uploads\/2024\/08\/alu-terrassenueberdachung-amalfi-mit-transparentem-glasdach-1024x729.jpg 1024w, https:\/\/www.leeb-balkone.com\/app\/uploads\/2024\/08\/alu-terrassenueberdachung-amalfi-mit-transparentem-glasdach-768x546.jpg 768w, https:\/\/www.leeb-balkone.com\/app\/uploads\/2024\/08\/alu-terrassenueberdachung-amalfi-mit-transparentem-glasdach-1536x1093.jpg 1536w, https:\/\/www.leeb-balkone.com\/app\/uploads\/2024\/08\/alu-terrassenueberdachung-amalfi-mit-transparentem-glasdach-2048x1457.jpg 2048w\" sizes=\"auto, (min-width: 1200px) 260px, (min-width: 1024px) 220px, (min-width: 640px) 465px, 768px\" \/>    \n                <\/figure>\n                        <\/div>\n            <p><small>Amalfi-\u00dcberdachung mit transparenter Glaseindeckung (Vogelperspektive)<\/small><\/p>        <\/div>\n                  <div class=\"lg-item\" data-src=\"https:\/\/www.leeb-balkone.com\/app\/uploads\/2025\/07\/terrassenueberdachung-toscana-alu-glas-und-aluzaun-toledo-scaled.jpg\"\n              data-sub-html=\"&lt;p&gt;&lt;small&gt;Terrassen\u00fcberdachung Modell Toscana mit mattwei\u00dfer Glaseindeckung&lt;\/small&gt;&lt;\/p&gt;\">\n            <div class=\"img-wrapper\">\n                <figure>\n                    <img loading=\"lazy\" decoding=\"async\" width=\"300\" height=\"214\" src=\"https:\/\/www.leeb-balkone.com\/app\/uploads\/2025\/07\/terrassenueberdachung-toscana-alu-glas-und-aluzaun-toledo-300x214.jpg\" class=\"attachment-medium size-medium\" alt=\"Terrassen\u00fcberdachung Modell Toscana mit mattwei\u00dfer Glaseindeckung\" srcset=\"https:\/\/www.leeb-balkone.com\/app\/uploads\/2025\/07\/terrassenueberdachung-toscana-alu-glas-und-aluzaun-toledo-300x214.jpg 300w, https:\/\/www.leeb-balkone.com\/app\/uploads\/2025\/07\/terrassenueberdachung-toscana-alu-glas-und-aluzaun-toledo-1024x731.jpg 1024w, https:\/\/www.leeb-balkone.com\/app\/uploads\/2025\/07\/terrassenueberdachung-toscana-alu-glas-und-aluzaun-toledo-768x548.jpg 768w, https:\/\/www.leeb-balkone.com\/app\/uploads\/2025\/07\/terrassenueberdachung-toscana-alu-glas-und-aluzaun-toledo-1536x1097.jpg 1536w, https:\/\/www.leeb-balkone.com\/app\/uploads\/2025\/07\/terrassenueberdachung-toscana-alu-glas-und-aluzaun-toledo-2048x1462.jpg 2048w\" sizes=\"auto, (min-width: 1200px) 260px, (min-width: 1024px) 220px, (min-width: 640px) 465px, 768px\" \/>    \n                <\/figure>\n                        <\/div>\n            <p><small>Terrassen\u00fcberdachung Modell Toscana mit mattwei\u00dfer Glaseindeckung<\/small><\/p>        <\/div>\n                  <div class=\"lg-item\" data-src=\"https:\/\/www.leeb-balkone.com\/app\/uploads\/2020\/07\/aluterrassenueberdachung-toscana-auf-einem-anbaubalkon-mit-glasbalkon-vital-und-feinsteinzeugplattenboden-scaled.jpg\"\n              data-sub-html=\"&lt;p&gt;&lt;small&gt;Terrassen\u00fcberdachung Toscana mit Feinsteinzeugboden und Glasbalkon Vital&lt;\/small&gt;&lt;\/p&gt;\">\n            <div class=\"img-wrapper\">\n                <figure>\n                    <img loading=\"lazy\" decoding=\"async\" width=\"300\" height=\"200\" src=\"https:\/\/www.leeb-balkone.com\/app\/uploads\/2020\/07\/aluterrassenueberdachung-toscana-auf-einem-anbaubalkon-mit-glasbalkon-vital-und-feinsteinzeugplattenboden-300x200.jpg\" class=\"attachment-medium size-medium\" alt=\"Terrassen\u00fcberdachung Toscana mit Feinsteinzeugboden und Glasbalkon Vital\" srcset=\"https:\/\/www.leeb-balkone.com\/app\/uploads\/2020\/07\/aluterrassenueberdachung-toscana-auf-einem-anbaubalkon-mit-glasbalkon-vital-und-feinsteinzeugplattenboden-300x200.jpg 300w, https:\/\/www.leeb-balkone.com\/app\/uploads\/2020\/07\/aluterrassenueberdachung-toscana-auf-einem-anbaubalkon-mit-glasbalkon-vital-und-feinsteinzeugplattenboden-1024x682.jpg 1024w, https:\/\/www.leeb-balkone.com\/app\/uploads\/2020\/07\/aluterrassenueberdachung-toscana-auf-einem-anbaubalkon-mit-glasbalkon-vital-und-feinsteinzeugplattenboden-768x512.jpg 768w, https:\/\/www.leeb-balkone.com\/app\/uploads\/2020\/07\/aluterrassenueberdachung-toscana-auf-einem-anbaubalkon-mit-glasbalkon-vital-und-feinsteinzeugplattenboden-1536x1024.jpg 1536w, https:\/\/www.leeb-balkone.com\/app\/uploads\/2020\/07\/aluterrassenueberdachung-toscana-auf-einem-anbaubalkon-mit-glasbalkon-vital-und-feinsteinzeugplattenboden-2048x1365.jpg 2048w\" sizes=\"auto, (min-width: 1200px) 260px, (min-width: 1024px) 220px, (min-width: 640px) 465px, 768px\" \/>    \n                <\/figure>\n                        <\/div>\n            <p><small>Terrassen\u00fcberdachung Toscana mit Feinsteinzeugboden und Glasbalkon Vital<\/small><\/p>        <\/div>\n                  <div class=\"lg-item\" data-src=\"https:\/\/www.leeb-balkone.com\/app\/uploads\/2020\/07\/alu-terrassenueberdachung-toscana-und-alu-balkongelaender-scaled.jpg\"\n              data-sub-html=\"&lt;p&gt;&lt;small&gt;\u00dcberdachung Terrasse mit Toscana in transparenter Glaseindeckung und Alubalkon AL5 Milano&lt;\/small&gt;&lt;\/p&gt;\">\n            <div class=\"img-wrapper\">\n                <figure>\n                    <img loading=\"lazy\" decoding=\"async\" width=\"300\" height=\"200\" src=\"https:\/\/www.leeb-balkone.com\/app\/uploads\/2020\/07\/alu-terrassenueberdachung-toscana-und-alu-balkongelaender-300x200.jpg\" class=\"attachment-medium size-medium\" alt=\"\u00dcberdachung Terrasse mit Toscana in transparenter Glaseindeckung und Alubalkon AL5 Milano\" srcset=\"https:\/\/www.leeb-balkone.com\/app\/uploads\/2020\/07\/alu-terrassenueberdachung-toscana-und-alu-balkongelaender-300x200.jpg 300w, https:\/\/www.leeb-balkone.com\/app\/uploads\/2020\/07\/alu-terrassenueberdachung-toscana-und-alu-balkongelaender-1024x682.jpg 1024w, https:\/\/www.leeb-balkone.com\/app\/uploads\/2020\/07\/alu-terrassenueberdachung-toscana-und-alu-balkongelaender-768x512.jpg 768w, https:\/\/www.leeb-balkone.com\/app\/uploads\/2020\/07\/alu-terrassenueberdachung-toscana-und-alu-balkongelaender-1536x1024.jpg 1536w, https:\/\/www.leeb-balkone.com\/app\/uploads\/2020\/07\/alu-terrassenueberdachung-toscana-und-alu-balkongelaender-2048x1365.jpg 2048w\" sizes=\"auto, (min-width: 1200px) 260px, (min-width: 1024px) 220px, (min-width: 640px) 465px, 768px\" \/>    \n                <\/figure>\n                        <\/div>\n            <p><small>\u00dcberdachung Terrasse mit Toscana in transparenter Glaseindeckung und Alubalkon AL5 Milano<\/small><\/p>        <\/div>\n                  <div class=\"lg-item\" data-src=\"https:\/\/www.leeb-balkone.com\/app\/uploads\/2020\/07\/ueberdachung-terrasse-toscana-alu-und-balkongelaender-al5-milano-scaled.jpg\"\n              data-sub-html=\"&lt;p&gt;&lt;small&gt;Terrassen\u00fcberdachung aus Aluminium Toscana mit Alubalkongel\u00e4nder AL5 Milano&lt;\/small&gt;&lt;\/p&gt;\">\n            <div class=\"img-wrapper\">\n                <figure>\n                    <img loading=\"lazy\" decoding=\"async\" width=\"300\" height=\"200\" src=\"https:\/\/www.leeb-balkone.com\/app\/uploads\/2020\/07\/ueberdachung-terrasse-toscana-alu-und-balkongelaender-al5-milano-300x200.jpg\" class=\"attachment-medium size-medium\" alt=\"Terrassen\u00fcberdachung aus Aluminium Toscana mit Alubalkongel\u00e4nder AL5 Milano\" srcset=\"https:\/\/www.leeb-balkone.com\/app\/uploads\/2020\/07\/ueberdachung-terrasse-toscana-alu-und-balkongelaender-al5-milano-300x200.jpg 300w, https:\/\/www.leeb-balkone.com\/app\/uploads\/2020\/07\/ueberdachung-terrasse-toscana-alu-und-balkongelaender-al5-milano-1024x682.jpg 1024w, https:\/\/www.leeb-balkone.com\/app\/uploads\/2020\/07\/ueberdachung-terrasse-toscana-alu-und-balkongelaender-al5-milano-768x512.jpg 768w, https:\/\/www.leeb-balkone.com\/app\/uploads\/2020\/07\/ueberdachung-terrasse-toscana-alu-und-balkongelaender-al5-milano-1536x1023.jpg 1536w, https:\/\/www.leeb-balkone.com\/app\/uploads\/2020\/07\/ueberdachung-terrasse-toscana-alu-und-balkongelaender-al5-milano-2048x1364.jpg 2048w\" sizes=\"auto, (min-width: 1200px) 260px, (min-width: 1024px) 220px, (min-width: 640px) 465px, 768px\" \/>    \n                <\/figure>\n                        <\/div>\n            <p><small>Terrassen\u00fcberdachung aus Aluminium Toscana mit Alubalkongel\u00e4nder AL5 Milano<\/small><\/p>        <\/div>\n                <\/div>\n\n              <div class=\"lg-load-more-wrapper\">\n            <div class=\"lg-load-more wp-block-button is-style-filled-secondary\">\n                <a href=\"#\" class=\"wp-block-button__link wp-element-button\" role=\"button\">\n                    Nalo\u017ei ve\u010d                <\/a>\n            <\/div>\n        <\/div>\n          <\/div>\n    <\/section>\n\n\n\n<section class=\"wp-block-group alignfull has-white-background-color has-background has-global-padding is-layout-constrained wp-container-core-group-is-layout-9fa1424c wp-block-group-is-layout-constrained\" style=\"padding-top:0\">\n<div class=\"wp-block-columns is-style-offset m-split is-layout-flex wp-container-core-columns-is-layout-28f84493 wp-block-columns-is-layout-flex\">\n<div class=\"wp-block-column is-layout-flow wp-block-column-is-layout-flow\"><div class=\"vp-map-wrapper vp-map-ratio-19-1\"><img decoding=\"async\" width=\"1440\" height=\"884\" src=\"https:\/\/www.leeb-balkone.com\/app\/uploads\/2026\/04\/map-sl.jpg\" class=\"attachment-full size-full\" alt=\"map-sl\" style=\"width:100%;height:100%;object-fit:cover;display:block;\" loading=\"lazy\" srcset=\"https:\/\/www.leeb-balkone.com\/app\/uploads\/2026\/04\/map-sl.jpg 1440w, https:\/\/www.leeb-balkone.com\/app\/uploads\/2026\/04\/map-sl-300x184.jpg 300w, https:\/\/www.leeb-balkone.com\/app\/uploads\/2026\/04\/map-sl-1024x629.jpg 1024w, https:\/\/www.leeb-balkone.com\/app\/uploads\/2026\/04\/map-sl-768x471.jpg 768w\" sizes=\"auto, (min-width: 1536px) 2048px, (min-width: 992px) 1536px, (min-width: 768px) 1024px, (min-width: 576px) 768px, 100vw\" \/><\/div>\n<\/div>\n\n\n\n<div class=\"wp-block-column is-vertically-aligned-center is-style-overlay-content is-layout-flow wp-block-column-is-layout-flow\">\n<div class=\"wp-block-group is-vertical is-layout-flex wp-container-core-group-is-layout-bd7877ba wp-block-group-is-layout-flex\">\n<h2 class=\"wp-block-heading has-step-2-font-size\">Posredniki v Sloveniji<\/h2>\n\n\n\n<p>Kompetentni LEEB partnerji v va\u0161i regiji. Osebno svetovanje, natan\u010dno na\u010drtovanje in strokovna monta\u017ea.<\/p>\n\n\n\n<div class=\"wp-block-buttons is-layout-flex wp-block-buttons-is-layout-flex\" style=\"margin-top:var(--wp--preset--spacing--2-xs)\">\n<div class=\"wp-block-button is-style-cta\"><a class=\"wp-block-button__link has-transparent-background-color has-background wp-element-button\" href=\"https:\/\/www.leeb-balkone.com\/sl\/distribucijski-partnerji\/\">Poi\u0161\u010dite prodajnega partnerja<span class=\"sr-only\"> Distribucijski partner Leeb Balkone Slovenija<\/span><\/a><\/div>\n<\/div>\n<\/div>\n<\/div>\n<\/div>\n<\/section>\n\n\n\n<section class=\"wp-block-group alignfull has-light-gray-background-color has-background has-global-padding is-layout-constrained wp-container-core-group-is-layout-52f96efc wp-block-group-is-layout-constrained\" id=\"beratungstermin\">\n<div class=\"wp-block-group m-teaser o-grid u-md-1 is-layout-flow wp-block-group-is-layout-flow\">\n<div class=\"wp-block-group u-g-7 u-g-s-2 is-layout-flow wp-block-group-is-layout-flow\" style=\"margin-bottom:var(--wp--preset--spacing--s)\">\n<h2 class=\"wp-block-heading\">Stopite v stik z nami<\/h2>\n\n\n\n<p><strong><strong>Na\u010drtujete projekt ali imate vpra\u0161anja o nas in na\u0161ih re\u0161itvah? Pi\u0161ite nam: z veseljem bomo odgovorili na va\u0161a vpra\u0161anja!<\/strong><\/strong><\/p>\n<\/div>\n<\/div>\n\n\n\n<div class=\"wp-block-group m-teaser o-grid u-md-1 is-layout-flow wp-block-group-is-layout-flow\">\n<div class=\"wp-block-group u-g-7 u-g-s-2 is-layout-flow wp-block-group-is-layout-flow\" style=\"margin-bottom:var(--wp--preset--spacing--s)\"><form action=\"https:\/\/www.leeb-balkone.com\/sl\/wp-json\/ws-form\/v1\/submit\" class=\"wsf-form wsf-form-canvas\" id=\"ws-form-1\" data-id=\"11\" data-instance-id=\"1\" method=\"POST\"><\/form>\n<\/div>\n\n\n\n<div class=\"wp-block-group u-g-3 u-g-s-9 is-layout-flow wp-block-group-is-layout-flow\"><div class=\"t3-sidebar-buttons wp-block-buttons is-layout-flex wp-block-buttons-is-layout-flex\"><div class=\"wp-block-button is-style-fill icon-book icon-left\">\n                        <a class=\"wp-block-button__link has-secondary-color has-white-background-color has-text-color has-background has-link-color wp-element-button\" href=\"https:\/\/www.leeb-balkone.com\/sl\/kontakt\/zahtevajte-katalog\/\" style=\"box-shadow:var(--wp--preset--shadow--box-shadow)\">Zahtevajte katalog<\/a>\n                    <\/div><\/div>\n<\/div>\n<\/div>\n<\/section>\n","protected":false},"excerpt":{"rendered":"","protected":false},"author":4,"featured_media":0,"parent":155371,"menu_order":0,"comment_status":"closed","ping_status":"closed","template":"template-onepager.blade.php","meta":{"_acf_changed":false,"footnotes":"","_sage_theme_css":true,"_wp_block_core_css":true},"folder":[238,248],"class_list":["post-154956","page","type-page","status-publish","hentry"],"acf":[],"yoast_head":"<!-- This site is optimized with the Yoast SEO plugin v27.2 - https:\/\/yoast.com\/product\/yoast-seo-wordpress\/ -->\n<title>Stre\u0161ne kritine za terase iz aluminija in stekla - Leeb Balkone % Slovenija<\/title>\n<meta name=\"description\" content=\"Stre\u0161na kritina za teraso Leeb: u\u017eivajte na svoji terasi v vsakem vremenu. Aluminijasta in steklena terasna streha v preverjeni kakovosti Leeb. Nezavezujo\u010de svetovanje!\" \/>\n<meta name=\"robots\" content=\"index, follow, max-snippet:-1, max-image-preview:large, max-video-preview:-1\" \/>\n<meta property=\"og:locale\" content=\"sl_SI\" \/>\n<meta property=\"og:type\" content=\"article\" \/>\n<meta property=\"og:title\" content=\"Stre\u0161ne kritine za terase iz aluminija in stekla - Leeb Balkone %\" \/>\n<meta property=\"og:description\" content=\"Stre\u0161na kritina za teraso Leeb: u\u017eivajte na svoji terasi v vsakem vremenu. Aluminijasta in steklena terasna streha v preverjeni kakovosti Leeb. Nezavezujo\u010de svetovanje!\" \/>\n<meta property=\"og:url\" content=\"https:\/\/www.leeb-balkone.com\/sl\/nadstresni-sistemi\/zastresenie-terasy\/\" \/>\n<meta property=\"og:site_name\" content=\"Leeb Balkone\" \/>\n<meta property=\"article:publisher\" content=\"https:\/\/www.facebook.com\/balkone\/\" \/>\n<meta property=\"article:modified_time\" content=\"2026-01-27T14:26:35+00:00\" \/>\n<meta property=\"og:image\" content=\"https:\/\/www.leeb-balkone.com\/app\/uploads\/2023\/05\/Terrassendach-Toscana-mit-mattweissem-Glas-und-einer-Aufdachmarkise-1024x684.jpg\" \/>\n<meta name=\"twitter:card\" content=\"summary_large_image\" \/>\n<script type=\"application\/ld+json\" class=\"yoast-schema-graph\">{\"@context\":\"https:\/\/schema.org\",\"@graph\":[{\"@type\":\"WebPage\",\"@id\":\"https:\/\/www.leeb-balkone.com\/sl\/nadstresni-sistemi\/zastresenie-terasy\/\",\"url\":\"https:\/\/www.leeb-balkone.com\/sl\/nadstresni-sistemi\/zastresenie-terasy\/\",\"name\":\"Stre\u0161ne kritine za terase iz aluminija in stekla - Leeb Balkone %\",\"isPartOf\":{\"@id\":\"https:\/\/www.leeb-balkone.com\/sl\/#website\"},\"primaryImageOfPage\":{\"@id\":\"https:\/\/www.leeb-balkone.com\/sl\/nadstresni-sistemi\/zastresenie-terasy\/#primaryimage\"},\"image\":{\"@id\":\"https:\/\/www.leeb-balkone.com\/sl\/nadstresni-sistemi\/zastresenie-terasy\/#primaryimage\"},\"thumbnailUrl\":\"https:\/\/www.leeb-balkone.com\/app\/uploads\/2023\/05\/Terrassendach-Toscana-mit-mattweissem-Glas-und-einer-Aufdachmarkise-1024x684.jpg\",\"datePublished\":\"2025-09-14T12:35:47+00:00\",\"dateModified\":\"2026-01-27T14:26:35+00:00\",\"description\":\"Stre\u0161na kritina za teraso Leeb: u\u017eivajte na svoji terasi v vsakem vremenu. Aluminijasta in steklena terasna streha v preverjeni kakovosti Leeb. Nezavezujo\u010de svetovanje!\",\"breadcrumb\":{\"@id\":\"https:\/\/www.leeb-balkone.com\/sl\/nadstresni-sistemi\/zastresenie-terasy\/#breadcrumb\"},\"inLanguage\":\"sl-SI\",\"potentialAction\":[{\"@type\":\"ReadAction\",\"target\":[\"https:\/\/www.leeb-balkone.com\/sl\/nadstresni-sistemi\/zastresenie-terasy\/\"]}]},{\"@type\":\"ImageObject\",\"inLanguage\":\"sl-SI\",\"@id\":\"https:\/\/www.leeb-balkone.com\/sl\/nadstresni-sistemi\/zastresenie-terasy\/#primaryimage\",\"url\":\"https:\/\/www.leeb-balkone.com\/app\/uploads\/2023\/05\/Terrassendach-Toscana-mit-mattweissem-Glas-und-einer-Aufdachmarkise-1024x684.jpg\",\"contentUrl\":\"https:\/\/www.leeb-balkone.com\/app\/uploads\/2023\/05\/Terrassendach-Toscana-mit-mattweissem-Glas-und-einer-Aufdachmarkise-1024x684.jpg\"},{\"@type\":\"BreadcrumbList\",\"@id\":\"https:\/\/www.leeb-balkone.com\/sl\/nadstresni-sistemi\/zastresenie-terasy\/#breadcrumb\",\"itemListElement\":[{\"@type\":\"ListItem\",\"position\":1,\"name\":\"Home\",\"item\":\"https:\/\/www.leeb-balkone.com\/sl\/\"},{\"@type\":\"ListItem\",\"position\":2,\"name\":\"Nadstre\u0161ki in poletni vrtovi\",\"item\":\"https:\/\/www.leeb-balkone.com\/sl\/nadstresni-sistemi\/\"},{\"@type\":\"ListItem\",\"position\":3,\"name\":\"Stre\u0161na kritina za teraso\"}]},{\"@type\":\"WebSite\",\"@id\":\"https:\/\/www.leeb-balkone.com\/sl\/#website\",\"url\":\"https:\/\/www.leeb-balkone.com\/sl\/\",\"name\":\"Leeb Balkone\",\"description\":\"Balkone und Z\u00e4une\",\"publisher\":{\"@id\":\"https:\/\/www.leeb-balkone.com\/sl\/#organization\"},\"potentialAction\":[{\"@type\":\"SearchAction\",\"target\":{\"@type\":\"EntryPoint\",\"urlTemplate\":\"https:\/\/www.leeb-balkone.com\/sl\/?s={search_term_string}\"},\"query-input\":{\"@type\":\"PropertyValueSpecification\",\"valueRequired\":true,\"valueName\":\"search_term_string\"}}],\"inLanguage\":\"sl-SI\"},{\"@type\":\"Organization\",\"@id\":\"https:\/\/www.leeb-balkone.com\/sl\/#organization\",\"name\":\"Leeb Balkone Gmbh\",\"url\":\"https:\/\/www.leeb-balkone.com\/sl\/\",\"logo\":{\"@type\":\"ImageObject\",\"inLanguage\":\"sl-SI\",\"@id\":\"https:\/\/www.leeb-balkone.com\/sl\/#\/schema\/logo\/image\/\",\"url\":\"https:\/\/www.leeb-balkone.com\/app\/uploads\/2020\/11\/leeb-logo.svg\",\"contentUrl\":\"https:\/\/www.leeb-balkone.com\/app\/uploads\/2020\/11\/leeb-logo.svg\",\"width\":741,\"height\":204,\"caption\":\"Leeb Balkone Gmbh\"},\"image\":{\"@id\":\"https:\/\/www.leeb-balkone.com\/sl\/#\/schema\/logo\/image\/\"},\"sameAs\":[\"https:\/\/www.facebook.com\/balkone\/\",\"https:\/\/www.trustedshops.at\/bewertung\/info_X4587CCF5833E31AFE0B11F47D86999F2.html\",\"https:\/\/www.trustedshops.de\/bewertung\/info_X7BA536A7A0BDC86D36C4718E4DCAEEEF.html\",\"https:\/\/www.google.com\/maps\/place\/?q=place_id:ChIJ5-zH19-IcEcR9HonWRTllHI\"]}]}<\/script>\n<!-- \/ Yoast SEO plugin. -->","yoast_head_json":{"title":"Stre\u0161ne kritine za terase iz aluminija in stekla - Leeb Balkone % Slovenija","description":"Stre\u0161na kritina za teraso Leeb: u\u017eivajte na svoji terasi v vsakem vremenu. Aluminijasta in steklena terasna streha v preverjeni kakovosti Leeb. Nezavezujo\u010de svetovanje!","robots":{"index":"index","follow":"follow","max-snippet":"max-snippet:-1","max-image-preview":"max-image-preview:large","max-video-preview":"max-video-preview:-1"},"og_locale":"sl_SI","og_type":"article","og_title":"Stre\u0161ne kritine za terase iz aluminija in stekla - Leeb Balkone %","og_description":"Stre\u0161na kritina za teraso Leeb: u\u017eivajte na svoji terasi v vsakem vremenu. Aluminijasta in steklena terasna streha v preverjeni kakovosti Leeb. Nezavezujo\u010de svetovanje!","og_url":"https:\/\/www.leeb-balkone.com\/sl\/nadstresni-sistemi\/zastresenie-terasy\/","og_site_name":"Leeb Balkone","article_publisher":"https:\/\/www.facebook.com\/balkone\/","article_modified_time":"2026-01-27T14:26:35+00:00","og_image":[{"url":"https:\/\/www.leeb-balkone.com\/app\/uploads\/2023\/05\/Terrassendach-Toscana-mit-mattweissem-Glas-und-einer-Aufdachmarkise-1024x684.jpg","type":"","width":"","height":""}],"twitter_card":"summary_large_image","schema":{"@context":"https:\/\/schema.org","@graph":[{"@type":"WebPage","@id":"https:\/\/www.leeb-balkone.com\/sl\/nadstresni-sistemi\/zastresenie-terasy\/","url":"https:\/\/www.leeb-balkone.com\/sl\/nadstresni-sistemi\/zastresenie-terasy\/","name":"Stre\u0161ne kritine za terase iz aluminija in stekla - Leeb Balkone %","isPartOf":{"@id":"https:\/\/www.leeb-balkone.com\/sl\/#website"},"primaryImageOfPage":{"@id":"https:\/\/www.leeb-balkone.com\/sl\/nadstresni-sistemi\/zastresenie-terasy\/#primaryimage"},"image":{"@id":"https:\/\/www.leeb-balkone.com\/sl\/nadstresni-sistemi\/zastresenie-terasy\/#primaryimage"},"thumbnailUrl":"https:\/\/www.leeb-balkone.com\/app\/uploads\/2023\/05\/Terrassendach-Toscana-mit-mattweissem-Glas-und-einer-Aufdachmarkise-1024x684.jpg","datePublished":"2025-09-14T12:35:47+00:00","dateModified":"2026-01-27T14:26:35+00:00","description":"Stre\u0161na kritina za teraso Leeb: u\u017eivajte na svoji terasi v vsakem vremenu. Aluminijasta in steklena terasna streha v preverjeni kakovosti Leeb. Nezavezujo\u010de svetovanje!","breadcrumb":{"@id":"https:\/\/www.leeb-balkone.com\/sl\/nadstresni-sistemi\/zastresenie-terasy\/#breadcrumb"},"inLanguage":"sl-SI","potentialAction":[{"@type":"ReadAction","target":["https:\/\/www.leeb-balkone.com\/sl\/nadstresni-sistemi\/zastresenie-terasy\/"]}]},{"@type":"ImageObject","inLanguage":"sl-SI","@id":"https:\/\/www.leeb-balkone.com\/sl\/nadstresni-sistemi\/zastresenie-terasy\/#primaryimage","url":"https:\/\/www.leeb-balkone.com\/app\/uploads\/2023\/05\/Terrassendach-Toscana-mit-mattweissem-Glas-und-einer-Aufdachmarkise-1024x684.jpg","contentUrl":"https:\/\/www.leeb-balkone.com\/app\/uploads\/2023\/05\/Terrassendach-Toscana-mit-mattweissem-Glas-und-einer-Aufdachmarkise-1024x684.jpg"},{"@type":"BreadcrumbList","@id":"https:\/\/www.leeb-balkone.com\/sl\/nadstresni-sistemi\/zastresenie-terasy\/#breadcrumb","itemListElement":[{"@type":"ListItem","position":1,"name":"Home","item":"https:\/\/www.leeb-balkone.com\/sl\/"},{"@type":"ListItem","position":2,"name":"Nadstre\u0161ki in poletni vrtovi","item":"https:\/\/www.leeb-balkone.com\/sl\/nadstresni-sistemi\/"},{"@type":"ListItem","position":3,"name":"Stre\u0161na kritina za teraso"}]},{"@type":"WebSite","@id":"https:\/\/www.leeb-balkone.com\/sl\/#website","url":"https:\/\/www.leeb-balkone.com\/sl\/","name":"Leeb Balkone","description":"Balkone und Z\u00e4une","publisher":{"@id":"https:\/\/www.leeb-balkone.com\/sl\/#organization"},"potentialAction":[{"@type":"SearchAction","target":{"@type":"EntryPoint","urlTemplate":"https:\/\/www.leeb-balkone.com\/sl\/?s={search_term_string}"},"query-input":{"@type":"PropertyValueSpecification","valueRequired":true,"valueName":"search_term_string"}}],"inLanguage":"sl-SI"},{"@type":"Organization","@id":"https:\/\/www.leeb-balkone.com\/sl\/#organization","name":"Leeb Balkone Gmbh","url":"https:\/\/www.leeb-balkone.com\/sl\/","logo":{"@type":"ImageObject","inLanguage":"sl-SI","@id":"https:\/\/www.leeb-balkone.com\/sl\/#\/schema\/logo\/image\/","url":"https:\/\/www.leeb-balkone.com\/app\/uploads\/2020\/11\/leeb-logo.svg","contentUrl":"https:\/\/www.leeb-balkone.com\/app\/uploads\/2020\/11\/leeb-logo.svg","width":741,"height":204,"caption":"Leeb Balkone Gmbh"},"image":{"@id":"https:\/\/www.leeb-balkone.com\/sl\/#\/schema\/logo\/image\/"},"sameAs":["https:\/\/www.facebook.com\/balkone\/","https:\/\/www.trustedshops.at\/bewertung\/info_X4587CCF5833E31AFE0B11F47D86999F2.html","https:\/\/www.trustedshops.de\/bewertung\/info_X7BA536A7A0BDC86D36C4718E4DCAEEEF.html","https:\/\/www.google.com\/maps\/place\/?q=place_id:ChIJ5-zH19-IcEcR9HonWRTllHI"]}]}},"_links":{"self":[{"href":"https:\/\/www.leeb-balkone.com\/sl\/wp-json\/wp\/v2\/pages\/154956","targetHints":{"allow":["GET"]}}],"collection":[{"href":"https:\/\/www.leeb-balkone.com\/sl\/wp-json\/wp\/v2\/pages"}],"about":[{"href":"https:\/\/www.leeb-balkone.com\/sl\/wp-json\/wp\/v2\/types\/page"}],"author":[{"embeddable":true,"href":"https:\/\/www.leeb-balkone.com\/sl\/wp-json\/wp\/v2\/users\/4"}],"replies":[{"embeddable":true,"href":"https:\/\/www.leeb-balkone.com\/sl\/wp-json\/wp\/v2\/comments?post=154956"}],"version-history":[{"count":10,"href":"https:\/\/www.leeb-balkone.com\/sl\/wp-json\/wp\/v2\/pages\/154956\/revisions"}],"predecessor-version":[{"id":163403,"href":"https:\/\/www.leeb-balkone.com\/sl\/wp-json\/wp\/v2\/pages\/154956\/revisions\/163403"}],"up":[{"embeddable":true,"href":"https:\/\/www.leeb-balkone.com\/sl\/wp-json\/wp\/v2\/pages\/155371"}],"wp:attachment":[{"href":"https:\/\/www.leeb-balkone.com\/sl\/wp-json\/wp\/v2\/media?parent=154956"}],"wp:term":[{"taxonomy":"folder","embeddable":true,"href":"https:\/\/www.leeb-balkone.com\/sl\/wp-json\/wp\/v2\/folder?post=154956"}],"curies":[{"name":"wp","href":"https:\/\/api.w.org\/{rel}","templated":true}]}}