{"id":154860,"date":"2025-09-13T19:49:31","date_gmt":"2025-09-13T19:49:31","guid":{"rendered":"https:\/\/www.leeb-balkone.com\/de\/produkti\/prikljuceni-balkoni\/"},"modified":"2026-01-29T07:08:18","modified_gmt":"2026-01-29T07:08:18","slug":"montazni-balkoni","status":"publish","type":"page","link":"https:\/\/www.leeb-balkone.com\/sl\/montazni-balkoni\/","title":{"rendered":"Monta\u017eni balkoni"},"content":{"rendered":"\n<section class=\"wp-block-group alignfull t3-header t3-header-splitscreen t3-splitscreen-shadow h-zi-20 has-light-gray-background-color has-background has-global-padding is-layout-constrained wp-container-core-group-is-layout-f1ad4950 wp-block-group-is-layout-constrained\" style=\"padding-top:0;padding-bottom:0\">\n<div class=\"wp-block-columns h-flx-a-s m-split is-layout-flex wp-container-core-columns-is-layout-28f84493 wp-block-columns-is-layout-flex\">\n<div class=\"wp-block-column is-vertically-aligned-top h-flx-a-s m-split-col-content is-layout-flow wp-block-column-is-layout-flow\"><div class=\"yoast-breadcrumbs\"><span><span><a href=\"https:\/\/www.leeb-balkone.com\/sl\/\">Home<\/a><\/span> \/ <span class=\"breadcrumb_last\" aria-current=\"page\">Monta\u017eni balkoni<\/span><\/span><\/div>\n\n<h1 class=\"wp-block-post-title\">Monta\u017eni balkoni<\/h1>\n\n\n<p class=\"has-step-0-font-size\" style=\"margin-bottom:0\">Leeb ponuja pravo re\u0161itev za podalj\u0161anje balkona za vsako vrsto hi\u0161e, ne glede na to, ali gre za podalj\u0161anje balkona z nosilci ali brez njih. Samonosilni konzolni balkon se namesti neodvisno od konstrukcije stavbe in je idealen tudi za stanovanjske bloke. Tako lahko preprosto raz\u0161irite svoj bivalni prostor in pridobite dragoceno uporabno povr\u0161ino!  <\/p>\n\n\n\n<div class=\"wp-block-buttons is-layout-flex wp-block-buttons-is-layout-flex\" style=\"margin-top:var(--wp--preset--spacing--l)\">\n<div class=\"wp-block-button is-style-cta icon-book icon-left\"><a class=\"wp-block-button__link wp-element-button\" href=\"https:\/\/www.leeb-balkone.com\/sl\/kontakt\/zahtevajte-katalog\/\">Zahtevajte katalog<\/a><\/div>\n\n\n\n<div class=\"wp-block-button is-style-cta icon-vp icon-left\"><a class=\"wp-block-button__link wp-element-button\" href=\"https:\/\/www.leeb-balkone.com\/sl\/distribucijski-partnerji\/\">Poi\u0161\u010dite kontaktno osebo<span class=\"sr-only\"> Slovenija<\/span><\/a><\/div>\n<\/div>\n<\/div>\n\n\n\n<div class=\"wp-block-column is-vertically-aligned-stretch h-hide-md-down is-style-image-cover is-layout-flow wp-block-column-is-layout-flow\">\n<figure class=\"wp-block-image size-large\"><img loading=\"lazy\" decoding=\"async\" width=\"1024\" height=\"683\" src=\"https:\/\/www.leeb-balkone.com\/app\/uploads\/2020\/07\/anbaubalkon-mit-stuetzen-50-1024x683.jpg\" alt=\"Sodoben dodatni balkon iz aluminija in stekla\" class=\"wp-image-139828\" srcset=\"https:\/\/www.leeb-balkone.com\/app\/uploads\/2020\/07\/anbaubalkon-mit-stuetzen-50-1024x683.jpg 1024w, https:\/\/www.leeb-balkone.com\/app\/uploads\/2020\/07\/anbaubalkon-mit-stuetzen-50-300x200.jpg 300w, https:\/\/www.leeb-balkone.com\/app\/uploads\/2020\/07\/anbaubalkon-mit-stuetzen-50-768x512.jpg 768w, https:\/\/www.leeb-balkone.com\/app\/uploads\/2020\/07\/anbaubalkon-mit-stuetzen-50-1536x1024.jpg 1536w, https:\/\/www.leeb-balkone.com\/app\/uploads\/2020\/07\/anbaubalkon-mit-stuetzen-50-2048x1366.jpg 2048w\" sizes=\"auto, (max-width: 1024px) 100vw, 1024px\" \/><figcaption class=\"wp-element-caption\">Sodoben dodatni balkon iz aluminija in stekla<\/figcaption><\/figure>\n<\/div>\n<\/div>\n<\/section>\n\n\n\n<section class=\"wp-block-group alignfull has-white-background-color has-background has-global-padding is-layout-constrained wp-container-core-group-is-layout-52f96efc wp-block-group-is-layout-constrained\" id=\"modelle\">\n<div class=\"wp-block-group m-teaser o-grid u-md-1 is-layout-flow wp-block-group-is-layout-flow\">\n<div class=\"wp-block-group u-g-9 u-g-s-2 is-layout-flow wp-block-group-is-layout-flow\" style=\"margin-bottom:var(--wp--preset--spacing--s)\">\n<h2 class=\"wp-block-heading has-text-align-left\">Pritrjeni in sprednji balkoni<\/h2>\n\n\n\n<p class=\"has-text-align-left\">Veliko lastnikov stanovanj si \u017eeli imeti svoj balkon, da bi na njem lahko pre\u017eiveli prijetne ure na soncu. To omogo\u010da naknadno vgrajeni balkonski podalj\u0161ek podjetja Leeb, ki ponuja tri domiselne sisteme za razli\u010dne stavbne sloge. <\/p>\n<\/div>\n<\/div>\n\n\n\n<div class=\"wp-block-group is-style-transparent-cards large is-layout-grid wp-container-core-group-is-layout-6056aaf6 wp-block-group-is-layout-grid\">\n<div class=\"wp-block-group m-card is-layout-flow wp-container-core-group-is-layout-8a368f38 wp-block-group-is-layout-flow\">\n<figure class=\"wp-block-image size-large\"><a href=\"https:\/\/www.leeb-balkone.com\/sl\/montazni-balkoni\/alu-montazni-balkon-s-stebrick\/\"><img loading=\"lazy\" decoding=\"async\" width=\"1024\" height=\"708\" src=\"https:\/\/www.leeb-balkone.com\/app\/uploads\/2020\/07\/anbaubalkon-freitragend-alu-holzoptik-1024x708.jpg\" alt=\"Konzolni sistem za podalj\u0161anje balkona v videzu lesa\" class=\"wp-image-8070\" srcset=\"https:\/\/www.leeb-balkone.com\/app\/uploads\/2020\/07\/anbaubalkon-freitragend-alu-holzoptik-1024x708.jpg 1024w, https:\/\/www.leeb-balkone.com\/app\/uploads\/2020\/07\/anbaubalkon-freitragend-alu-holzoptik-300x207.jpg 300w, https:\/\/www.leeb-balkone.com\/app\/uploads\/2020\/07\/anbaubalkon-freitragend-alu-holzoptik-768x531.jpg 768w, https:\/\/www.leeb-balkone.com\/app\/uploads\/2020\/07\/anbaubalkon-freitragend-alu-holzoptik-1536x1062.jpg 1536w, https:\/\/www.leeb-balkone.com\/app\/uploads\/2020\/07\/anbaubalkon-freitragend-alu-holzoptik-2048x1416.jpg 2048w\" sizes=\"auto, (max-width: 1024px) 100vw, 1024px\" \/><\/a><\/figure>\n\n\n\n<div class=\"wp-block-group m-card-content is-vertical is-layout-flex wp-container-core-group-is-layout-5580f018 wp-block-group-is-layout-flex\">\n<h3 class=\"wp-block-heading\"><a href=\"https:\/\/www.leeb-balkone.com\/sl\/montazni-balkoni\/alu-montazni-balkon-s-stebrick\/\">Podalj\u0161ek balkona brez nosilcev<\/a><\/h3>\n\n\n\n<p>Leebov sistem podalj\u0161kov za konzolne balkone, velikost in oblika, ki se prilagaja stavbnemu pohi\u0161tvu.<\/p>\n\n\n\n<p class=\"more\"><a href=\"https:\/\/www.leeb-balkone.com\/sl\/montazni-balkoni\/alu-montazni-balkon-s-stebrick\/\">Preberite ve\u010d<\/a><\/p>\n<\/div>\n<\/div>\n\n\n\n<div class=\"wp-block-group m-card is-layout-flow wp-container-core-group-is-layout-8a368f38 wp-block-group-is-layout-flow\">\n<figure class=\"wp-block-image size-large\"><a href=\"https:\/\/www.leeb-balkone.com\/sl\/montazni-balkoni\/alu-samostojeci-balkon\/\"><img loading=\"lazy\" decoding=\"async\" width=\"1024\" height=\"870\" src=\"https:\/\/www.leeb-balkone.com\/app\/uploads\/2020\/07\/vorstellbalkon-mit-stuetzen--1024x870.jpg\" alt=\"vorstellbalkon mit stuetzen \" class=\"wp-image-103650\" srcset=\"https:\/\/www.leeb-balkone.com\/app\/uploads\/2020\/07\/vorstellbalkon-mit-stuetzen--1024x870.jpg 1024w, https:\/\/www.leeb-balkone.com\/app\/uploads\/2020\/07\/vorstellbalkon-mit-stuetzen--300x255.jpg 300w, https:\/\/www.leeb-balkone.com\/app\/uploads\/2020\/07\/vorstellbalkon-mit-stuetzen--768x653.jpg 768w, https:\/\/www.leeb-balkone.com\/app\/uploads\/2020\/07\/vorstellbalkon-mit-stuetzen--1536x1306.jpg 1536w, https:\/\/www.leeb-balkone.com\/app\/uploads\/2020\/07\/vorstellbalkon-mit-stuetzen--scaled.jpg 2048w\" sizes=\"auto, (max-width: 1024px) 100vw, 1024px\" \/><\/a><\/figure>\n\n\n\n<div class=\"wp-block-group m-card-content is-vertical is-layout-flex wp-container-core-group-is-layout-5580f018 wp-block-group-is-layout-flex\">\n<h3 class=\"wp-block-heading\"><a href=\"https:\/\/www.leeb-balkone.com\/sl\/montazni-balkoni\/alu-samostojeci-balkon\/\">Sprednji balkon<\/a><\/h3>\n\n\n\n<p>Primerno za vse vrste hi\u0161, ne glede na konstrukcijsko zasnovo. Idealno za ve\u010dnadstropne balkone. <\/p>\n\n\n\n<p class=\"more\"><a href=\"https:\/\/www.leeb-balkone.com\/sl\/montazni-balkoni\/alu-samostojeci-balkon\/\">Preberite ve\u010d<\/a><\/p>\n<\/div>\n<\/div>\n\n\n\n<div class=\"wp-block-group m-card is-layout-flow wp-container-core-group-is-layout-8a368f38 wp-block-group-is-layout-flow\">\n<figure class=\"wp-block-image size-large\"><a href=\"https:\/\/www.leeb-balkone.com\/sl\/montazni-balkoni\/alu-montazni-balkon\/\"><img loading=\"lazy\" decoding=\"async\" width=\"1024\" height=\"721\" src=\"https:\/\/www.leeb-balkone.com\/app\/uploads\/2020\/07\/anbaubalkon-22-1024x721.jpg\" alt=\"Ne\u017ena fasada hi\u0161e z aluminijastim podalj\u0161kom balkona\" class=\"wp-image-4524\" srcset=\"https:\/\/www.leeb-balkone.com\/app\/uploads\/2020\/07\/anbaubalkon-22-1024x721.jpg 1024w, https:\/\/www.leeb-balkone.com\/app\/uploads\/2020\/07\/anbaubalkon-22-300x211.jpg 300w, https:\/\/www.leeb-balkone.com\/app\/uploads\/2020\/07\/anbaubalkon-22-768x540.jpg 768w, https:\/\/www.leeb-balkone.com\/app\/uploads\/2020\/07\/anbaubalkon-22-1536x1081.jpg 1536w, https:\/\/www.leeb-balkone.com\/app\/uploads\/2020\/07\/anbaubalkon-22-2048x1441.jpg 2048w\" sizes=\"auto, (max-width: 1024px) 100vw, 1024px\" \/><\/a><\/figure>\n\n\n\n<div class=\"wp-block-group m-card-content is-vertical is-layout-flex wp-container-core-group-is-layout-5580f018 wp-block-group-is-layout-flex\">\n<h3 class=\"wp-block-heading\"><a href=\"https:\/\/www.leeb-balkone.com\/sl\/montazni-balkoni\/alu-montazni-balkon\/\">Podalj\u0161ek balkona s podporami<\/a><\/h3>\n\n\n\n<p>Leebov dodatni sistem s podporami in minimalno invazivnim sidranjem na fasado.<\/p>\n\n\n\n<p class=\"more\"><a href=\"https:\/\/www.leeb-balkone.com\/sl\/montazni-balkoni\/alu-montazni-balkon\/\">Preberite ve\u010d<\/a><\/p>\n<\/div>\n<\/div>\n\n\n\n<div class=\"wp-block-group m-card is-layout-flow wp-container-core-group-is-layout-8a368f38 wp-block-group-is-layout-flow\">\n<figure class=\"wp-block-image size-large\"><a href=\"https:\/\/www.leeb-balkone.com\/sl\/montazni-balkoni\/tla-za-balkone-in-terase\/\"><img loading=\"lazy\" decoding=\"async\" width=\"1024\" height=\"767\" src=\"https:\/\/www.leeb-balkone.com\/app\/uploads\/2020\/07\/alu-balkongelaender-beitragsbild-1024x767.jpg\" alt=\"Prenovljena terasa z aluminijastimi talnimi oblogami iz lesa\" class=\"wp-image-7175\" srcset=\"https:\/\/www.leeb-balkone.com\/app\/uploads\/2020\/07\/alu-balkongelaender-beitragsbild-1024x767.jpg 1024w, https:\/\/www.leeb-balkone.com\/app\/uploads\/2020\/07\/alu-balkongelaender-beitragsbild-300x225.jpg 300w, https:\/\/www.leeb-balkone.com\/app\/uploads\/2020\/07\/alu-balkongelaender-beitragsbild-768x575.jpg 768w, https:\/\/www.leeb-balkone.com\/app\/uploads\/2020\/07\/alu-balkongelaender-beitragsbild-1536x1151.jpg 1536w, https:\/\/www.leeb-balkone.com\/app\/uploads\/2020\/07\/alu-balkongelaender-beitragsbild-2048x1535.jpg 2048w\" sizes=\"auto, (max-width: 1024px) 100vw, 1024px\" \/><\/a><figcaption class=\"wp-element-caption\">Prenovljena terasa z aluminijastimi talnimi oblogami iz lesa<\/figcaption><\/figure>\n\n\n\n<div class=\"wp-block-group m-card-content is-vertical is-layout-flex wp-container-core-group-is-layout-5580f018 wp-block-group-is-layout-flex\">\n<h3 class=\"wp-block-heading\"><a href=\"https:\/\/www.leeb-balkone.com\/sl\/montazni-balkoni\/tla-za-balkone-in-terase\/\">Tla za balkon in teraso<\/a><\/h3>\n\n\n\n<p>Vremensko odporna balkonska tla iz aluminija, lesa in kamna.<\/p>\n\n\n\n<p class=\"more\"><a href=\"https:\/\/www.leeb-balkone.com\/sl\/montazni-balkoni\/tla-za-balkone-in-terase\/\">Preberite ve\u010d<\/a><\/p>\n<\/div>\n<\/div>\n<\/div>\n<\/section>\n\n\n\n<section class=\"wp-block-group alignfull has-light-gray-background-color has-background has-global-padding is-layout-constrained wp-container-core-group-is-layout-52f96efc wp-block-group-is-layout-constrained\" id=\"service-qualitaet\">\n<div class=\"wp-block-group o-grid u-md-1 is-layout-flow wp-block-group-is-layout-flow\">\n<div class=\"wp-block-group u-g-9 u-g-s-2 is-layout-flow wp-block-group-is-layout-flow\" style=\"margin-bottom:var(--wp--preset--spacing--s)\">\n<h2 class=\"wp-block-heading\">Podalj\u0161ek balkona z balkoni Leeb<\/h2>\n\n\n\n<p><span class=\"teaser\">S podalj\u0161anjem balkona se raz\u0161iri bivalni prostor in pove\u010da vrednost nepremi\u010dnine. Podjetje Leeb je eden vodilnih proizvajalcev balkonskih sistemov in ponuja individualno na\u010drtovane, visokokakovostne re\u0161itve za dograditev balkonov. <\/span><\/p>\n\n\n\n<p>\u010ce nimate balkona, vendar se ne \u017eelite ve\u010d odpovedati temu udobju, je naknadno vgrajen podalj\u0161ek balkona re\u0161itev, po kateri \u017ee dolgo hrepenite. Zahvaljujo\u010d Leebovemu inovativnemu balkonskemu sistemu je mogo\u010de skoraj vsaki nepremi\u010dnini naknadno dodati balkon. <\/p>\n<\/div>\n<\/div>\n\n\n\n<div class=\"wp-block-group small is-style-white-cards sm-2-cols is-layout-grid wp-container-core-group-is-layout-7785d981 wp-block-group-is-layout-grid\">\n<div class=\"wp-block-group m-card has-modal is-layout-flow wp-container-core-group-is-layout-8a368f38 wp-block-group-is-layout-flow\" data-modal-id=\"151384\">\n<figure class=\"wp-block-image size-large is-style-default\"><img loading=\"lazy\" decoding=\"async\" width=\"1024\" height=\"714\" src=\"https:\/\/www.leeb-balkone.com\/app\/uploads\/2023\/09\/objektbau-anbaubalkone-1024x714.jpg\" alt=\"objektbau anbaubalkone\" class=\"wp-image-131849\" srcset=\"https:\/\/www.leeb-balkone.com\/app\/uploads\/2023\/09\/objektbau-anbaubalkone-1024x714.jpg 1024w, https:\/\/www.leeb-balkone.com\/app\/uploads\/2023\/09\/objektbau-anbaubalkone-300x209.jpg 300w, https:\/\/www.leeb-balkone.com\/app\/uploads\/2023\/09\/objektbau-anbaubalkone-768x536.jpg 768w, https:\/\/www.leeb-balkone.com\/app\/uploads\/2023\/09\/objektbau-anbaubalkone-1536x1071.jpg 1536w, https:\/\/www.leeb-balkone.com\/app\/uploads\/2023\/09\/objektbau-anbaubalkone-2048x1428.jpg 2048w\" sizes=\"auto, (max-width: 1024px) 100vw, 1024px\" \/><figcaption class=\"wp-element-caption\">Nato<\/figcaption><\/figure>\n\n\n\n<div class=\"wp-block-group m-card-content has-white-background-color has-background is-vertical is-layout-flex wp-container-core-group-is-layout-5580f018 wp-block-group-is-layout-flex\">\n<h3 class=\"wp-block-heading\"><strong>Balkonsko gojenje z evropsko \u0161tevilko 1<\/strong><\/h3>\n\n\n\n<p>Leeb Balconies je va\u0161 specialist za prilagojene dodatne in sprednje balkone.<\/p>\n<\/div>\n<a href=\"#overlay-151384\" class=\"open-modal-link\" aria-label=\"Open modal\"><span class=\"sr-only\">\u00d6ffne Modal<\/span><\/a><\/div>\n\n\n\n<div class=\"wp-block-group m-card has-modal is-layout-flow wp-container-core-group-is-layout-8a368f38 wp-block-group-is-layout-flow\" data-modal-id=\"150749\">\n<figure class=\"wp-block-image size-large is-style-default\"><img loading=\"lazy\" decoding=\"async\" width=\"1024\" height=\"767\" src=\"https:\/\/www.leeb-balkone.com\/app\/uploads\/2020\/08\/leeb-balkone-mitarbeiter-4-1024x767.jpeg\" alt=\"Namestitev prilagojene balkonske ograje iz aluminija Leeb\" class=\"wp-image-6083\" srcset=\"https:\/\/www.leeb-balkone.com\/app\/uploads\/2020\/08\/leeb-balkone-mitarbeiter-4-1024x767.jpeg 1024w, https:\/\/www.leeb-balkone.com\/app\/uploads\/2020\/08\/leeb-balkone-mitarbeiter-4-2048x1535.jpeg 2048w, https:\/\/www.leeb-balkone.com\/app\/uploads\/2020\/08\/leeb-balkone-mitarbeiter-4-300x225.jpeg 300w, https:\/\/www.leeb-balkone.com\/app\/uploads\/2020\/08\/leeb-balkone-mitarbeiter-4-768x575.jpeg 768w, https:\/\/www.leeb-balkone.com\/app\/uploads\/2020\/08\/leeb-balkone-mitarbeiter-4-1536x1151.jpeg 1536w\" sizes=\"auto, (max-width: 1024px) 100vw, 1024px\" \/><\/figure>\n\n\n\n<div class=\"wp-block-group m-card-content has-white-background-color has-background is-vertical is-layout-flex wp-container-core-group-is-layout-5580f018 wp-block-group-is-layout-flex\">\n<h3 class=\"wp-block-heading\">Vsestranske storitve za brezskrbno izvajanje<\/h3>\n\n\n\n<p>Svetovanje na kraju samem, 3D konfigurator, tovarni\u0161ka proizvodnja, dobava in monta\u017ea.<\/p>\n<\/div>\n<a href=\"#overlay-150749\" class=\"open-modal-link\" aria-label=\"Open modal\"><span class=\"sr-only\">\u00d6ffne Modal<\/span><\/a><\/div>\n\n\n\n<div class=\"wp-block-group m-card has-modal is-layout-flow wp-container-core-group-is-layout-8a368f38 wp-block-group-is-layout-flow\" data-modal-id=\"150746\">\n<figure class=\"wp-block-image size-full\"><img loading=\"lazy\" decoding=\"async\" width=\"2048\" height=\"1366\" src=\"https:\/\/www.leeb-balkone.com\/app\/uploads\/2022\/05\/glas-bearbeitung-zuschnitt--scaled.jpg\" alt=\"glas bearbeitung zuschnitt \" class=\"wp-image-83644\" srcset=\"https:\/\/www.leeb-balkone.com\/app\/uploads\/2022\/05\/glas-bearbeitung-zuschnitt--scaled.jpg 2048w, https:\/\/www.leeb-balkone.com\/app\/uploads\/2022\/05\/glas-bearbeitung-zuschnitt--300x200.jpg 300w, https:\/\/www.leeb-balkone.com\/app\/uploads\/2022\/05\/glas-bearbeitung-zuschnitt--1024x683.jpg 1024w, https:\/\/www.leeb-balkone.com\/app\/uploads\/2022\/05\/glas-bearbeitung-zuschnitt--768x512.jpg 768w, https:\/\/www.leeb-balkone.com\/app\/uploads\/2022\/05\/glas-bearbeitung-zuschnitt--1536x1024.jpg 1536w\" sizes=\"auto, (max-width: 2048px) 100vw, 2048px\" \/><\/figure>\n\n\n\n<div class=\"wp-block-group m-card-content has-white-background-color has-background is-vertical is-layout-flex wp-container-core-group-is-layout-5580f018 wp-block-group-is-layout-flex\">\n<h3 class=\"wp-block-heading\"><strong>Laminirano varnostno steklo vrhunske kakovosti<\/strong><\/h3>\n\n\n\n<p>Preizku\u0161ena varnost, inovativne zasnove in dolgotrajna kakovost po meri s podjetjem Leeb Glas.<\/p>\n<\/div>\n<a href=\"#overlay-150746\" class=\"open-modal-link\" aria-label=\"Open modal\"><span class=\"sr-only\">\u00d6ffne Modal<\/span><\/a><\/div>\n\n\n\n<div class=\"wp-block-group m-card has-modal is-layout-flow wp-container-core-group-is-layout-8a368f38 wp-block-group-is-layout-flow\" data-modal-id=\"150753\">\n<figure class=\"wp-block-image size-large\"><img loading=\"lazy\" decoding=\"async\" width=\"1024\" height=\"665\" src=\"https:\/\/www.leeb-balkone.com\/app\/uploads\/2020\/08\/alu-comfort-plus-1024x665.jpg\" alt=\"alu comfort plus\" class=\"wp-image-5082\" srcset=\"https:\/\/www.leeb-balkone.com\/app\/uploads\/2020\/08\/alu-comfort-plus-1024x665.jpg 1024w, https:\/\/www.leeb-balkone.com\/app\/uploads\/2020\/08\/alu-comfort-plus-300x195.jpg 300w, https:\/\/www.leeb-balkone.com\/app\/uploads\/2020\/08\/alu-comfort-plus-768x499.jpg 768w, https:\/\/www.leeb-balkone.com\/app\/uploads\/2020\/08\/alu-comfort-plus-1536x997.jpg 1536w, https:\/\/www.leeb-balkone.com\/app\/uploads\/2020\/08\/alu-comfort-plus-2048x1330.jpg 2048w\" sizes=\"auto, (max-width: 1024px) 100vw, 1024px\" \/><\/figure>\n\n\n\n<div class=\"wp-block-group m-card-content has-white-background-color has-background is-vertical is-layout-flex wp-container-core-group-is-layout-5580f018 wp-block-group-is-layout-flex\">\n<h3 class=\"wp-block-heading\">Dolgoro\u010dna za\u0161\u010dita z ALU Comfort Plus\u00ae<\/h3>\n\n\n\n<p>Patentiran premaz in obdelava aluminija na najvi\u0161ji ravni.<\/p>\n<\/div>\n<a href=\"#overlay-150753\" class=\"open-modal-link\" aria-label=\"Open modal\"><span class=\"sr-only\">\u00d6ffne Modal<\/span><\/a><\/div>\n<\/div>\n\n\n\n<div class=\"wp-block-group o-grid u-md-1 is-layout-flow wp-block-group-is-layout-flow\" style=\"padding-top:var(--wp--preset--spacing--l)\">\n<div class=\"wp-block-group u-g-9 u-g-s-2 is-layout-flow wp-block-group-is-layout-flow\" style=\"margin-bottom:var(--wp--preset--spacing--s)\">\n<h3 class=\"wp-block-heading\">Podrobno o na\u0161ih sistemih gojenja:<\/h3>\n\n\n\n<ol class=\"wp-block-list\">\n<li><strong>Dodatni sistem Leeb za konzolne balkone<\/strong>: Konzolni balkoni ne potrebujejo podpor. Ta vrsta konstrukcije se pogosto uporablja nad dovozi, plo\u010dniki, parkiri\u0161\u010di ali vhodi, saj bi bili nosilci obi\u010dajno na poti. Velikost in oblika sta v veliki meri odvisni od gradbene strukture hi\u0161e. Neprekinjena izolacija zagotavlja, da so hladni mostovi na \u0161trle\u010dih elementih \u010dim manj\u0161i. To ne vpliva na koncept var\u010devanja z energijo v hi\u0161i.    <\/li>\n\n\n\n<li><strong>Leebov dodatni sistem s podporami<\/strong>: \u010ce samonosilna razli\u010dica konstrukcijsko ni mogo\u010da, se uporabi dodatna re\u0161itev s podporami. Konstrukcija je na fasado pritrjena na \u010dim manj invaziven na\u010din in podprta na stebrih. Nosilci so oblikovni elementi in izbolj\u0161ajo videz stavbe.    <\/li>\n\n\n\n<li><strong>Prednji balkon Leeb<\/strong>: Ta sistem se lahko uporablja za vse vrste hi\u0161, ne glede na konstrukcijsko zasnovo stavbe. Konstrukcija stoji samostojno in se lahko izvede kot eno- ali ve\u010dnadstropni balkon. Navidezni balkon je v fasado pritrjen le proti horizontalnim silam.  <\/li>\n\n\n\n<li><strong>Dodatni sistem Leeb z vzmetenjem<\/strong>: \u010ce nobena od standardnih razli\u010dic dodatkov ni primerna, Leeb ponuja re\u0161itev po meri. Ta temelji na pogojih nepremi\u010dnine in je prilagojena va\u0161im potrebam. Pri razli\u010dici brez nosilcev je balkon pritrjen nazaj z vezno palico in tako zagotavlja optimalno podporo.  <\/li>\n<\/ol>\n\n\n\n<h3 class=\"wp-block-heading\">Prednosti na prvi pogled<\/h3>\n\n\n\n<p>Prednosti raz\u0161iritev balkonov s podjetjem Leeb so posledica kombinacije najsodobnej\u0161e tehnologije, na\u010drtovanja po meri in prilagodljivih mo\u017enosti opreme, ki jih dopolnjujejo visokokakovostni materiali in strokovna podpora od za\u010detnega posvetovanja do kon\u010dne namestitve.<\/p>\n\n\n\n<ul class=\"wp-block-list is-style-checkmark-2\">\n<li><strong>Prenova in raz\u0161iritev balkona:<\/strong> Z izku\u0161enimi strokovnjaki iz podjetja Leeb o\u017eivite in raz\u0161irite svoj balkon &#8211; za novo kakovost \u017eivljenja in ve\u010d \u017eivljenjskega prostora.<\/li>\n\n\n\n<li><strong>Sinergijski u\u010dinki:<\/strong> V portfelju Leeb so glede na okoli\u0161\u010dine na voljo obse\u017ene mo\u017enosti za dopolnilne zasnove, kot so dodatni balkoni s stre\u0161no kritino, zasloni za zasebnost ali poletni vrt pod njimi.<\/li>\n\n\n\n<li><strong>Tehni\u010dna dovr\u0161enost<\/strong>: mo\u017ene so vse razli\u010dice pritrditve, s stropno plo\u0161\u010do ali brez nje, z integriranim, nevidnim odvajanjem vode za najve\u010djo funkcionalnost in estetiko.<\/li>\n\n\n\n<li><strong>Ve\u010dja vrednost in trajnost:<\/strong> Prizidani balkon pove\u010da uporabno povr\u0161ino, pove\u010da vrednost nepremi\u010dnine in navdu\u0161i s trajnimi materiali, ki jih je enostavno vzdr\u017eevati.<\/li>\n\n\n\n<li><strong>Vsestranska storitev:<\/strong> Leeb vam zagotavlja kompetentno in zanesljivo podporo od svetovanja in na\u010drtovanja do hitre in \u010diste monta\u017ee.<\/li>\n<\/ul>\n<\/div>\n<\/div>\n<\/section>\n\n\n\n<section class=\"wp-block-group alignfull has-white-background-color has-background has-global-padding is-layout-constrained wp-container-core-group-is-layout-52f96efc wp-block-group-is-layout-constrained\" id=\"vielfalt-zubehoer\">\n<div class=\"wp-block-group o-grid u-md-1 is-layout-flow wp-block-group-is-layout-flow\">\n<div class=\"wp-block-group u-g-9 u-g-s-2 is-layout-flow wp-block-group-is-layout-flow\" style=\"margin-bottom:var(--wp--preset--spacing--s)\">\n<h2 class=\"wp-block-heading\">Pravi balkonski podalj\u0161ek za vsako vrsto hi\u0161e<\/h2>\n\n\n\n<p><span class=\"teaser\"><span class=\"teaser\">Glede na lokalne razmere, zidavo in \u017eeleno globino balkona lahko pri Leebu zlahka najdete pravi sistem za dodatne balkone in balkone pred vhodom.<\/span><\/span><\/p>\n\n\n\n<p>Z betonskim stropom in globino balkona do 1,60 metra je novi balkon Leeb vgrajen kot samonosilni dodatni balkon. Sidranje je prakti\u010dno nevidno, zaradi neprekinjene izolacije pa ni toplotnih mostov. \u010ce \u017eelite vgraditi ve\u010d nivojev balkona enega nad drugim, na primer v stanovanjskem bloku, vam priporo\u010damo izstopajo\u010di ali dodatni balkon s podporami. Tudi ve\u010dje gradbene globine so enostavno izvedljive &#8211; na zahtevo lahko va\u0161 novi balkon Leeb prekrijete s streho ali ga podalj\u0161ate v zaprt raz\u0161irjeni letni vrt z drsnimi steklenimi elementi.   <\/p>\n\n\n\n<h3 class=\"wp-block-heading\">Modernizirana raz\u0161iritev balkona iz podjetja Leeb<\/h3>\n\n\n\n<!-- LEEB Balkone GmbH Video: Nachtr\u00e4glicher Balkonanbau von LEEB Balkone -->\n<div class=\"video-container\" style=\"position:relative; padding-bottom:56.25%; height:0; overflow:hidden;\">\n  <iframe src=\"https:\/\/www.youtube.com\/embed\/z73X_NWiXAY?rel=0\" width=\"560\" height=\"315\" title=\"Podalj\u0161anje balkona iz podjetja LEEB Balconies\" frameborder=\"0\" allow=\"accelerometer; autoplay; clipboard-write; encrypted-media; gyroscope; picture-in-picture; web-share\" allowfullscreen=\"\" loading=\"lazy\" tabindex=\"0\">\n  <\/iframe>\n<\/div>\n<!-- Structured Data -->\n<script type=\"application\/ld+json\">\n{\n  \"@context\": \"https:\/\/schema.org\",\n  \"@type\": \"VideoObject\",\n  \"name\": \"Nachtr\u00e4glicher Balkonanbau von LEEB Balkone\",\n  \"description\": \"Die Montage von mehrst\u00f6ckigen Anbaubalkonen: Individuell abgestimmt auf die baulichen Gegebenheiten des Wohnhauses. LEEB-Systeme machen\u00b4s m\u00f6glich: Wertsteigernde Anbaubalkone f\u00fcr jeden Haustyp.\",\n  \"thumbnailUrl\": \"https:\/\/i.ytimg.com\/vi\/z73X_NWiXAY\/hqdefault.jpg\",\n  \"uploadDate\": \"2019-06-04\",\n  \"duration\": \"PT1M43S\",\n  \"publisher\": {\n    \"@type\": \"Organization\",\n    \"name\": \"LEEB Balkone GmbH\"\n  },\n  \"contentUrl\": \"https:\/\/www.youtube.com\/watch?v=z73X_NWiXAY\"\n}\n<\/script>\n\n\n\n<h3 class=\"wp-block-heading\">Od enodru\u017einske hi\u0161e do stanovanjske stavbe: Raz\u0161iritev bivalnega prostora s podjetjem Leeb<\/h3>\n\n\n\n<p>Vgradnja ve\u010dnadstropnih sprednjih balkonov in balkonov na prizidku je prilagojena konstrukcijskim pogojem stanovanjske stavbe. Celotna dodatna konstrukcija se prilagodi v tovarni in sestavi na kraju samem z uporabo modularnega sistema. Tako je gradbi\u0161\u010de dokon\u010dano v najkraj\u0161em mo\u017enem \u010dasu, brez onesna\u017eevanja z umazanijo in hrupom. Pri opremljanju balkona je mogo\u010de dose\u010di do \u0161est nivojev. Pridobljena dodatna uporabna povr\u0161ina ne le udobno raz\u0161iri bivalni prostor, temve\u010d tudi ob\u010dutno pove\u010da vrednost nepremi\u010dnine in trajnostno pove\u010da njeno najemljivost. Oboje prispeva k vi\u0161ji tr\u017eni vrednosti, zaradi \u010desar je nalo\u017eba dolgoro\u010dno donosna. Sistemi Leeb to omogo\u010dajo: dodatni balkoni, ki pove\u010dujejo vrednost za vse vrste hi\u0161 &#8211; zanimivo tudi za stanovanjsko industrijo.<\/p>\n<\/div>\n<\/div>\n<\/section>\n\n\n\n<section class=\"wp-block-cover alignfull is-light katalog-cta\" style=\"margin-top:0;margin-bottom:0;padding-top:0;padding-right:0;padding-bottom:0;padding-left:0;min-height:100px;aspect-ratio:unset;\" id=\"katalogbestellung\"><img loading=\"lazy\" decoding=\"async\" width=\"1920\" height=\"599\" class=\"wp-block-cover__image-background wp-image-7912 size-full\" alt=\"leeb balkone katalog anfordern\" src=\"https:\/\/www.leeb-balkone.com\/app\/uploads\/2020\/09\/leeb-balkone-katalog-anfordern-1.jpeg\" data-object-fit=\"cover\" srcset=\"https:\/\/www.leeb-balkone.com\/app\/uploads\/2020\/09\/leeb-balkone-katalog-anfordern-1-300x94.jpeg 300w, https:\/\/www.leeb-balkone.com\/app\/uploads\/2020\/09\/leeb-balkone-katalog-anfordern-1-1024x319.jpeg 1024w, https:\/\/www.leeb-balkone.com\/app\/uploads\/2020\/09\/leeb-balkone-katalog-anfordern-1-768x240.jpeg 768w, https:\/\/www.leeb-balkone.com\/app\/uploads\/2020\/09\/leeb-balkone-katalog-anfordern-1-1536x479.jpeg 1536w\" sizes=\"auto, (max-width: 1920px) 100vw, 1920px\" \/><span aria-hidden=\"true\" class=\"wp-block-cover__background has-primary-45-background-color has-background-dim-80 has-background-dim\"><\/span><div class=\"wp-block-cover__inner-container has-global-padding is-layout-constrained wp-container-core-cover-is-layout-fc5783d2 wp-block-cover-is-layout-constrained\">\n<div class=\"wp-block-group is-layout-flow wp-block-group-is-layout-flow\" style=\"min-height:0px;margin-top:0;margin-bottom:0;padding-top:var(--wp--preset--spacing--2-xl);padding-bottom:var(--wp--preset--spacing--2-xl);padding-left:0\">\n<div class=\"wp-block-columns are-vertically-aligned-center is-layout-flex wp-container-core-columns-is-layout-0a4bbf16 wp-block-columns-is-layout-flex\" style=\"margin-top:0;margin-bottom:0\">\n<div class=\"wp-block-column is-vertically-aligned-center is-layout-flow wp-block-column-is-layout-flow\" style=\"flex-basis:66.66%\">\n<h2 class=\"wp-block-heading\">Na\u0161i dodatni balkoni v katalogu<\/h2>\n\n\n\n<p class=\"is-style-teaser\"><span class=\"teaser\"><span class=\"teaser\">Va\u0161 osebni katalog \u010daka na vas! Naro\u010dite zdaj brezpla\u010dno in spoznajte na\u0161e sisteme za gojenje. Poi\u0161\u010dite re\u0161itev, ki vam popolnoma ustreza.<\/span><\/span><\/p>\n<\/div>\n\n\n\n<div class=\"wp-block-column is-vertically-aligned-center is-layout-flow wp-block-column-is-layout-flow\" style=\"flex-basis:33.33%\">\n<div class=\"wp-block-buttons u-m-jc-left is-content-justification-right is-layout-flex wp-container-core-buttons-is-layout-c060c6c7 wp-block-buttons-is-layout-flex\">\n<div class=\"wp-block-button is-style-filled-white large\"><a class=\"wp-block-button__link wp-element-button\" href=\"https:\/\/www.leeb-balkone.com\/sl\/kontakt\/zahtevajte-katalog\/\" style=\"box-shadow:var(--wp--preset--shadow--button-shadow)\">Zahtevajte katalog<\/a><\/div>\n<\/div>\n<\/div>\n<\/div>\n<\/div>\n<\/div><\/section>\n\n\n\n<section class=\"wp-block-group alignfull has-white-background-color has-background has-global-padding is-layout-constrained wp-container-core-group-is-layout-52f96efc wp-block-group-is-layout-constrained\">\n<div class=\"wp-block-group o-grid u-md-1 is-layout-flow wp-block-group-is-layout-flow\" style=\"padding-top:0\">\n<div class=\"wp-block-group u-g-9 u-g-s-2 is-layout-flow wp-block-group-is-layout-flow\" style=\"margin-bottom:var(--wp--preset--spacing--s)\">\n<h2 class=\"wp-block-heading\">Reference<\/h2>\n<\/div>\n<\/div>\n\n\n\n<div class=\"wp-block-t3-carousel-wrapper\" id=\"t3-carousel-5e53f55f-0d0b-48d6-bd2b-d3422401edd6\"><div class=\"wp-block-t3-carousel t3-carousel-block swiper\" data-swiper-options=\"{&quot;loop&quot;:false,&quot;preloadImages&quot;:false,&quot;lazy&quot;:{&quot;loadPrevNext&quot;:true},&quot;autoplay&quot;:{&quot;delay&quot;:3000,&quot;disableOnInteraction&quot;:false},&quot;navigation&quot;:{&quot;nextEl&quot;:&quot;#t3-carousel-5e53f55f-0d0b-48d6-bd2b-d3422401edd6 .t3-carousel-5e53f55f-0d0b-48d6-bd2b-d3422401edd6-next&quot;,&quot;prevEl&quot;:&quot;#t3-carousel-5e53f55f-0d0b-48d6-bd2b-d3422401edd6 .t3-carousel-5e53f55f-0d0b-48d6-bd2b-d3422401edd6-prev&quot;},&quot;pagination&quot;:{&quot;el&quot;:&quot;#t3-carousel-5e53f55f-0d0b-48d6-bd2b-d3422401edd6 .t3-carousel-5e53f55f-0d0b-48d6-bd2b-d3422401edd6-pagination&quot;,&quot;clickable&quot;:true},&quot;scrollbar&quot;:false,&quot;breakpoints&quot;:{&quot;0&quot;:{&quot;slidesPerView&quot;:1.15,&quot;spaceBetween&quot;:24},&quot;769&quot;:{&quot;slidesPerView&quot;:1,&quot;spaceBetween&quot;:30}}}\"><div class=\"swiper-wrapper\">\n<div class=\"wp-block-t3-carousel-slide t3-carousel-slide swiper-slide\">\n<div class=\"wp-block-columns testimonial m-split is-layout-flex wp-container-core-columns-is-layout-3331f5f7 wp-block-columns-is-layout-flex\" style=\"padding-bottom:0\">\n<div class=\"wp-block-column is-layout-flow wp-block-column-is-layout-flow\">\n<div class=\"wp-block-group is-layout-flow wp-block-group-is-layout-flow has-background\" style=\"min-height:100%;background-image:url(&#039;https:\/\/www.leeb-balkone.com\/app\/uploads\/2024\/07\/MF_40830C1B-M08_20240703-134242.jpg&#039;);background-size:cover;\"><\/div>\n<\/div>\n\n\n\n<div class=\"wp-block-column is-vertically-aligned-top testimonial-text is-layout-flow wp-block-column-is-layout-flow\">\n<div class=\"wp-block-group has-light-gray-background-color has-background is-vertical is-layout-flex wp-container-core-group-is-layout-044273ab wp-block-group-is-layout-flex\" style=\"padding-top:var(--wp--preset--spacing--xl);padding-right:var(--wp--preset--spacing--xl);padding-bottom:var(--wp--preset--spacing--xl);padding-left:var(--wp--preset--spacing--l)\">\n<p class=\"has-step-1-font-size\"><em>&#8220;Draga ekipa Leeb, gospoda sta se zelo potrudila in opravila odli\u010dno delo. To je bila \u010de\u0161nja na torti za na\u0161 novi zunanji prostor. Najlep\u0161a hvala za va\u0161e pripravljalno delo in da je vse potekalo tako gladko. S postopkom smo zelo zadovoljni, saj je na prvi pogled vse videti v najlep\u0161em redu.&#8221;   <\/em><\/p>\n\n\n\n<p class=\"has-step-s-font-size\"><strong>Dru\u017eina Borawski<br><\/strong>35083 Wetter (Hessen)<\/p>\n<\/div>\n<\/div>\n<\/div>\n<\/div>\n\n\n\n<div class=\"wp-block-t3-carousel-slide t3-carousel-slide swiper-slide\">\n<div class=\"wp-block-columns testimonial m-split is-layout-flex wp-container-core-columns-is-layout-3331f5f7 wp-block-columns-is-layout-flex\" style=\"padding-bottom:0\">\n<div class=\"wp-block-column is-layout-flow wp-block-column-is-layout-flow\">\n<div class=\"wp-block-group is-layout-flow wp-block-group-is-layout-flow has-background\" style=\"min-height:100%;background-image:url(&#039;https:\/\/www.leeb-balkone.com\/app\/uploads\/2024\/10\/Kundenreferenz-Anbaubalkon-mit-Stuetzen-und-Glasbalkon-scaled.jpg&#039;);background-size:cover;\"><\/div>\n<\/div>\n\n\n\n<div class=\"wp-block-column is-vertically-aligned-top testimonial-text is-layout-flow wp-block-column-is-layout-flow\">\n<div class=\"wp-block-group has-light-gray-background-color has-background is-vertical is-layout-flex wp-container-core-group-is-layout-044273ab wp-block-group-is-layout-flex\" style=\"padding-top:var(--wp--preset--spacing--xl);padding-right:var(--wp--preset--spacing--xl);padding-bottom:var(--wp--preset--spacing--xl);padding-left:var(--wp--preset--spacing--l)\">\n<p class=\"has-step-1-font-size\"><em>&#8220;Zelo smo navdu\u0161eni, \u0161e posebej zato, ker se videz popolnoma ujema s slogom hi\u0161e. Prav tako se nam je zdelo super, da smo lahko imeli zadnje nosilce v beli barvi, ki je enaka barvi stene hi\u0161e. Na ta na\u010din se tudi balkon dobro zlije s hi\u0161o. Kamnite plo\u0161\u010dice smo odkrili med obiskom svetovalne pisarne, naredijo dober vtis in se zelo dobro prilegajo.&#8221;   <\/em><\/p>\n\n\n\n<p class=\"has-step-s-font-size\"><strong>Dru\u017eina D\u00f6brich<br><\/strong>79189 Bad Krozingen<\/p>\n<\/div>\n<\/div>\n<\/div>\n<\/div>\n<\/div><div class=\"swiper-pagination t3-carousel-5e53f55f-0d0b-48d6-bd2b-d3422401edd6-pagination\"><\/div><\/div><div class=\"swiper-button-prev t3-carousel-5e53f55f-0d0b-48d6-bd2b-d3422401edd6-prev\"><\/div><div class=\"swiper-button-next t3-carousel-5e53f55f-0d0b-48d6-bd2b-d3422401edd6-next\"><\/div><\/div>\n\n\n<div class=\"t3-before-after-grid u-grid-temp has-3-cols\" data-ba-initial=\"50\"><div class=\"t3-ba-item\"><article class=\"t3-ba-card\" role=\"group\" aria-label=\"Balkonske gradnje | ALU Design Vital\"><div class=\"t3-ba-compare\" data-initial=\"50\" aria-hidden=\"false\"><div class=\"t3-ba-after\" aria-hidden=\"false\"><img decoding=\"async\" src=\"https:\/\/www.leeb-balkone.com\/app\/uploads\/2020\/09\/glas-vital-balkonanbau-muehler-nachher-1024x697.jpg\" alt=\"glas vital balkonanbau muehler nachher\" \/><div class=\"t3-ba-label t3-ba-label-after\">Nachher<\/div><\/div><div class=\"t3-ba-before\" aria-hidden=\"false\" style=\"width:50%\"><img decoding=\"async\" src=\"https:\/\/www.leeb-balkone.com\/app\/uploads\/2020\/09\/glas-vital-balkonanbau-muehler-vorher-1024x768.jpg\" alt=\"glas vital balkonanbau muehler vorher\" \/><div class=\"t3-ba-label t3-ba-label-before\">Vorher<\/div><\/div><div class=\"t3-ba-handle\" role=\"slider\" tabindex=\"0\" aria-valuemin=\"0\" aria-valuemax=\"100\" aria-valuenow=\"50\" aria-label=\"Vorher\/Nachher Regler\"><input type=\"range\" min=\"0\" max=\"100\" value=\"50\" aria-hidden=\"true\" \/><span class=\"t3-ba-handle-dot\" aria-hidden=\"true\"><\/span><\/div><\/div><\/article><div class=\"t3-ba-title-wrapper\"><span class=\"t3-ba-title\">Balkonske gradnje | ALU Design Vital<\/span><\/div><\/div><\/div><\/section>\n\n\n\n<section class=\"wp-block-group alignfull has-white-background-color has-background has-global-padding is-layout-constrained wp-container-core-group-is-layout-9fa1424c wp-block-group-is-layout-constrained\" style=\"padding-top:0\">\n<div class=\"wp-block-group o-grid u-md-1 is-layout-flow wp-block-group-is-layout-flow\" style=\"padding-top:0\">\n<div class=\"wp-block-group u-g-9 u-g-s-2 is-layout-flow wp-block-group-is-layout-flow\" style=\"margin-bottom:var(--wp--preset--spacing--s)\">\n<h2 class=\"wp-block-heading\">Zakaj balkonski podalj\u0161ek Leeb?<\/h2>\n\n\n\n<p class=\"is-style-teaser\">Dodatni balkon Leeb je visokokakovostna, trajna in prilagodljiva re\u0161itev za raz\u0161iritev zunanjega bivalnega prostora in hkrati pove\u010danje vrednosti nepremi\u010dnine &#8211; z minimalnim vzdr\u017eevanjem in najve\u010djim udobjem.<\/p>\n<\/div>\n<\/div>\n\n\n\n<div class=\"wp-block-group is-layout-flow wp-container-core-group-is-layout-d5075d26 wp-block-group-is-layout-flow\">\n<div class=\"wp-block-columns is-style-shadow m-split is-layout-flex wp-container-core-columns-is-layout-28f84493 wp-block-columns-is-layout-flex\">\n<div class=\"wp-block-column is-style-default is-layout-flow wp-block-column-is-layout-flow\">\n<figure class=\"wp-block-image size-large\"><img loading=\"lazy\" decoding=\"async\" width=\"1024\" height=\"683\" src=\"https:\/\/www.leeb-balkone.com\/app\/uploads\/2020\/07\/angebauter-balkon-mit-einer-ueberdachung-und-boden-aus-feinsteinzeugplatten-1024x683.jpg\" alt=\"angebauter balkon mit einer ueberdachung und boden aus feinsteinzeugplatten\" class=\"wp-image-147858\" style=\"aspect-ratio:4\/3;object-fit:cover\" srcset=\"https:\/\/www.leeb-balkone.com\/app\/uploads\/2020\/07\/angebauter-balkon-mit-einer-ueberdachung-und-boden-aus-feinsteinzeugplatten-1024x683.jpg 1024w, https:\/\/www.leeb-balkone.com\/app\/uploads\/2020\/07\/angebauter-balkon-mit-einer-ueberdachung-und-boden-aus-feinsteinzeugplatten-300x200.jpg 300w, https:\/\/www.leeb-balkone.com\/app\/uploads\/2020\/07\/angebauter-balkon-mit-einer-ueberdachung-und-boden-aus-feinsteinzeugplatten-768x512.jpg 768w, https:\/\/www.leeb-balkone.com\/app\/uploads\/2020\/07\/angebauter-balkon-mit-einer-ueberdachung-und-boden-aus-feinsteinzeugplatten-1536x1025.jpg 1536w, https:\/\/www.leeb-balkone.com\/app\/uploads\/2020\/07\/angebauter-balkon-mit-einer-ueberdachung-und-boden-aus-feinsteinzeugplatten-2048x1366.jpg 2048w\" sizes=\"auto, (max-width: 1024px) 100vw, 1024px\" \/><\/figure>\n<\/div>\n\n\n\n<div class=\"wp-block-column is-vertically-aligned-center is-style-overlay-content is-layout-flow wp-block-column-is-layout-flow\">\n<div class=\"wp-block-group is-vertical is-layout-flex wp-container-core-group-is-layout-6aed0e10 wp-block-group-is-layout-flex\">\n<h3 class=\"wp-block-heading\">Varnost<\/h3>\n\n\n\n<p>Leeb se opira na celovit koncept kakovosti, ki temelji na certificiranih standardih, visokokakovostnih materialih in inovativnih postopkih za\u0161\u010dite.<\/p>\n\n\n\n<ul class=\"wp-block-list is-style-checkmark-2\">\n<li>Visokokakovostni materiali in izdelava<\/li>\n\n\n\n<li>Patentirana povr\u0161inska obdelava<\/li>\n\n\n\n<li>Potrjena kakovost<\/li>\n\n\n\n<li>Inovacije in trajnost<\/li>\n\n\n\n<li>Na\u010drtovanje po meri in strokovna namestitev<\/li>\n<\/ul>\n\n\n<\/div>\n<\/div>\n<\/div>\n\n\n\n<div class=\"wp-block-columns is-style-shadow m-split m-split-reverse is-layout-flex wp-container-core-columns-is-layout-28f84493 wp-block-columns-is-layout-flex\">\n<div class=\"wp-block-column is-style-default is-layout-flow wp-block-column-is-layout-flow\">\n<figure class=\"wp-block-image size-large\"><img loading=\"lazy\" decoding=\"async\" width=\"1024\" height=\"683\" src=\"https:\/\/www.leeb-balkone.com\/app\/uploads\/2020\/07\/anbaubalkon-mit-stuetzen-10aa-1024x683.jpg\" alt=\"anbaubalkon mit stuetzen 10aa\" class=\"wp-image-58607\" style=\"aspect-ratio:4\/3;object-fit:cover\" srcset=\"https:\/\/www.leeb-balkone.com\/app\/uploads\/2020\/07\/anbaubalkon-mit-stuetzen-10aa-1024x683.jpg 1024w, https:\/\/www.leeb-balkone.com\/app\/uploads\/2020\/07\/anbaubalkon-mit-stuetzen-10aa-300x200.jpg 300w, https:\/\/www.leeb-balkone.com\/app\/uploads\/2020\/07\/anbaubalkon-mit-stuetzen-10aa-768x512.jpg 768w, https:\/\/www.leeb-balkone.com\/app\/uploads\/2020\/07\/anbaubalkon-mit-stuetzen-10aa-1536x1024.jpg 1536w, https:\/\/www.leeb-balkone.com\/app\/uploads\/2020\/07\/anbaubalkon-mit-stuetzen-10aa-scaled.jpg 2048w\" sizes=\"auto, (max-width: 1024px) 100vw, 1024px\" \/><\/figure>\n<\/div>\n\n\n\n<div class=\"wp-block-column is-vertically-aligned-center is-style-overlay-content is-layout-flow wp-block-column-is-layout-flow\">\n<div class=\"wp-block-group is-vertical is-layout-flex wp-container-core-group-is-layout-6aed0e10 wp-block-group-is-layout-flex\">\n<h3 class=\"wp-block-heading\">Comfort<\/h3>\n\n\n\n<p>Dodajanje balkona vam prina\u0161a udobje, varnost in bolj\u0161o kakovost \u017eivljenja v va\u0161em domu. Raz\u0161irite svoj bivalni prostor s podalj\u0161kom balkona Leeb, prenove balkonov in raz\u0161iritve balkonov dopolnjujejo ponudbo Leeb. Raznolikost modelov, materialov in barv omogo\u010da popolno prilagoditev tipu hi\u0161e in va\u0161im osebnim \u017eeljam &#8211; vklju\u010dno s posebnimi re\u0161itvami s strehami ali poletnimi vrtovi!  <\/p>\n<\/div>\n<\/div>\n<\/div>\n\n\n\n<div class=\"wp-block-columns is-style-shadow m-split is-layout-flex wp-container-core-columns-is-layout-28f84493 wp-block-columns-is-layout-flex\">\n<div class=\"wp-block-column is-style-default is-layout-flow wp-block-column-is-layout-flow\">\n<figure class=\"wp-block-image size-large\"><img loading=\"lazy\" decoding=\"async\" width=\"2560\" height=\"1504\" src=\"https:\/\/www.leeb-balkone.com\/app\/uploads\/2021\/05\/alu-balkon-wohnungswirtschaft-6-scaled-e1624342636261.jpg\" alt=\"alu balkon wohnungswirtschaft 6 e1624342636261\" class=\"wp-image-38127\" style=\"aspect-ratio:4\/3;object-fit:cover\" srcset=\"https:\/\/www.leeb-balkone.com\/app\/uploads\/2021\/05\/alu-balkon-wohnungswirtschaft-6-scaled-e1624342636261.jpg 2560w, https:\/\/www.leeb-balkone.com\/app\/uploads\/2021\/05\/alu-balkon-wohnungswirtschaft-6-scaled-e1624342636261-300x176.jpg 300w, https:\/\/www.leeb-balkone.com\/app\/uploads\/2021\/05\/alu-balkon-wohnungswirtschaft-6-scaled-e1624342636261-1024x602.jpg 1024w, https:\/\/www.leeb-balkone.com\/app\/uploads\/2021\/05\/alu-balkon-wohnungswirtschaft-6-scaled-e1624342636261-768x451.jpg 768w, https:\/\/www.leeb-balkone.com\/app\/uploads\/2021\/05\/alu-balkon-wohnungswirtschaft-6-scaled-e1624342636261-1536x902.jpg 1536w, https:\/\/www.leeb-balkone.com\/app\/uploads\/2021\/05\/alu-balkon-wohnungswirtschaft-6-scaled-e1624342636261-2048x1203.jpg 2048w\" sizes=\"auto, (max-width: 2560px) 100vw, 2560px\" \/><figcaption class=\"wp-element-caption\"> <\/figcaption><\/figure>\n<\/div>\n\n\n\n<div class=\"wp-block-column is-vertically-aligned-center is-style-overlay-content is-layout-flow wp-block-column-is-layout-flow\">\n<div class=\"wp-block-group is-vertical is-layout-flex wp-container-core-group-is-layout-6aed0e10 wp-block-group-is-layout-flex\">\n<h3 class=\"wp-block-heading\">Pove\u010danje vrednosti<\/h3>\n\n\n\n<p>Naknadno opremljen balkon podjetja Leeb je eden naju\u010dinkovitej\u0161ih ukrepov za trajnostno pove\u010danje vrednosti nepremi\u010dnine &#8211; tako pri zasebnih hi\u0161ah kot pri poslovnih stanovanjskih objektih. Stanovanja z balkoni so v povpre\u010dju vredna od 15 do 20 odstotkov ve\u010d kot primerljiva stanovanja brez balkonov. Nepremi\u010dnine z balkoni imajo manj\u0161o fluktuacijo najemnikov in ni\u017ejo stopnjo nezasedenosti.    <\/p>\n\n\n\n<div class=\"wp-block-buttons is-layout-flex wp-block-buttons-is-layout-flex\" style=\"margin-top:var(--wp--preset--spacing--2-xs)\">\n<div class=\"wp-block-button is-style-outline-secondary\"><a class=\"wp-block-button__link has-transparent-background-color has-background wp-element-button\" href=\"https:\/\/www.leeb-balkone.com\/sl\/stanovanjski-objekti\/\">Preberite ve\u010d<\/a><\/div>\n<\/div>\n<\/div>\n<\/div>\n<\/div>\n<\/div>\n<\/section>\n\n\n\n<section class=\"wp-block-group alignfull has-light-gray-background-color has-background has-global-padding is-layout-constrained wp-container-core-group-is-layout-52f96efc wp-block-group-is-layout-constrained\">\n<div class=\"wp-block-group o-grid u-md-1 is-layout-flow wp-block-group-is-layout-flow\" style=\"padding-top:0\">\n<div class=\"wp-block-group u-g-9 u-g-s-2 is-layout-flow wp-block-group-is-layout-flow\" style=\"margin-bottom:var(--wp--preset--spacing--s)\">\n<h2 class=\"wp-block-heading\">Pogosto zastavljena vpra\u0161anja<\/h2>\n\n\n\n<p class=\"is-style-teaser\" style=\"padding-bottom:var(--wp--preset--spacing--m)\">Imate splo\u0161na vpra\u0161anja o na\u0161ih dodatnih balkonih? V na\u0161ih Pogosto zastavljenih vpra\u0161anjih boste na\u0161li kratke odgovore na pogosto zastavljena vpra\u0161anja o raz\u0161iritvah, predelavah in prenovah balkonov. <\/p>\n\n\n\n<div class=\"wp-block-t3-acc-accordion is-style-default\"><button id=\"accordion-939cdae2-159b-4089-b2ac-476136b742bd-button\" class=\"accordion__button\" aria-expanded=\"false\" aria-controls=\"accordion-939cdae2-159b-4089-b2ac-476136b742bd-panel\"><h3 data-accordion-title=\"true\" style=\"font-size:var(--step-1)\">Kako je z balkonom <strong><strong>se razlikujejo med sistemi za podalj\u0161evanje balkonov?<\/strong><\/strong><\/h3><\/button><div id=\"accordion-939cdae2-159b-4089-b2ac-476136b742bd-panel\" class=\"accordion__panel\" role=\"region\" aria-labelledby=\"accordion-939cdae2-159b-4089-b2ac-476136b742bd-button\">\n<figure class=\"wp-block-table is-style-regular has-step-s-font-size\"><table><thead><tr><th class=\"has-text-align-left\" data-align=\"left\">Funkcija<\/th><th>Sprednji balkon<\/th><th class=\"has-text-align-center\" data-align=\"center\">Podalj\u0161ek s podporami<\/th><th class=\"has-text-align-center\" data-align=\"center\">Pritrditev brez nosilcev<\/th><\/tr><\/thead><tbody><tr><td class=\"has-text-align-left\" data-align=\"left\"><strong>\u0160tevilo nosilcev<\/strong><\/td><td>\u0160tirje nosilci (na vogalih, prostostoje\u010di)<\/td><td class=\"has-text-align-center\" data-align=\"center\">Dva nosilca (obi\u010dajno spredaj)<\/td><td class=\"has-text-align-center\" data-align=\"center\">Brez podpore<\/td><\/tr><tr><td class=\"has-text-align-left\" data-align=\"left\"><strong>Sidranje na hi\u0161o<\/strong><\/td><td>Brez pritrditve na fasado ali z minimalno pritrditvijo na fasado<\/td><td class=\"has-text-align-center\" data-align=\"center\">Delno sidranje v fasado<\/td><td class=\"has-text-align-center\" data-align=\"center\">Popolnoma pritrjen na steno hi\u0161e<\/td><\/tr><tr><td class=\"has-text-align-left\" data-align=\"left\"><strong>Prenos tovora<\/strong><\/td><td>Popolnoma preko nosilcev v tla<\/td><td class=\"has-text-align-center\" data-align=\"center\">Delno prek nosilcev, delno prek stene hi\u0161e<\/td><td class=\"has-text-align-center\" data-align=\"center\">Izklju\u010dno prek hi\u0161ne stene<\/td><\/tr><tr><td class=\"has-text-align-left\" data-align=\"left\"><strong>Podro\u010dje uporabe<\/strong><\/td><td>\u010ce fasada ni obremenjena, je ve\u010d balkonov drug nad drugim<\/td><td class=\"has-text-align-center\" data-align=\"center\">Z nosilno fasado je mogo\u010da ve\u010dja globina vgradnje<\/td><td class=\"has-text-align-center\" data-align=\"center\">Samo pri zelo nosilni fasadi in omejeni globini gradnje<\/td><\/tr><tr><td class=\"has-text-align-left\" data-align=\"left\"><strong>Prednosti<\/strong><\/td><td>Za\u0161\u010dita fasade, prilagodljiva v te\u017ekih gradbenih razmerah<\/td><td class=\"has-text-align-center\" data-align=\"center\">Filigranski videz, manj temeljev, ve\u010dja gradbena globina<\/td><td class=\"has-text-align-center\" data-align=\"center\">Zelo ob\u010dutljiv videz, brez temeljev na vrtu<\/td><\/tr><tr><td class=\"has-text-align-left\" data-align=\"left\"><strong>Tipi\u010dna struktura<\/strong><\/td><td>Balkon stoji na \u0161tirih temeljih pred hi\u0161o<\/td><td class=\"has-text-align-center\" data-align=\"center\">Balkon na dveh nosilcih, zadaj pritrjen na steno<\/td><td class=\"has-text-align-center\" data-align=\"center\">Balkon popolnoma visi s fasade (konzolni balkon).<\/td><\/tr><\/tbody><\/table><\/figure>\n<\/div><\/div>\n\n\n\n<div class=\"wp-block-t3-acc-accordion is-style-default\"><button id=\"accordion-7c078b6c-ec84-4b5c-b3d1-d4a97336c209-button\" class=\"accordion__button\" aria-expanded=\"false\" aria-controls=\"accordion-7c078b6c-ec84-4b5c-b3d1-d4a97336c209-panel\"><h3 data-accordion-title=\"true\" style=\"font-size:var(--step-1)\"><strong><strong>Ali je mogo\u010de v katero koli hi\u0161o naknadno vgraditi balkon?<\/strong><\/strong><\/h3><\/button><div id=\"accordion-7c078b6c-ec84-4b5c-b3d1-d4a97336c209-panel\" class=\"accordion__panel\" role=\"region\" aria-labelledby=\"accordion-7c078b6c-ec84-4b5c-b3d1-d4a97336c209-button\">\n<p>V ve\u010dini primerov da, vsaj pri <strong>balkonih Leeb<\/strong>. Odlo\u010dilni dejavniki so nosilnost fasade, \u017eelena globina balkona in lokalni gradbeni predpisi. Podjetje Leeb ponuja ustrezno re\u0161itev za skoraj vsako konstrukcijsko situacijo, tudi za stanovanjske bloke ali energetsko u\u010dinkovito prenovljene fasade. Pri betonskem stropu in \u017eeleni globini balkona do 1,70 metra je novi balkon mogo\u010de zasnovati kot samonosilni podalj\u0161ani balkon brez podpor.   <\/p>\n\n\n\n<p>\u010ce \u017eelite namestiti ve\u010d balkonov enega nad drugim, na primer v stanovanjskem bloku, vam priporo\u010damo izstopajo\u010di balkon ali dodatni balkon z nosilci. Ve\u010dje gradbene globine tu niso te\u017eava, balkon pa je po \u017eelji mogo\u010de pokriti. <\/p>\n<\/div><\/div>\n\n\n\n<div class=\"wp-block-t3-acc-accordion is-style-default\"><button id=\"accordion-414c0395-02a3-46a8-affe-aac58246e25a-button\" class=\"accordion__button\" aria-expanded=\"false\" aria-controls=\"accordion-414c0395-02a3-46a8-affe-aac58246e25a-panel\"><h3 data-accordion-title=\"true\" style=\"font-size:var(--step-1)\"><strong><strong><strong>Katere modele balkonskih ograj je mogo\u010de kombinirati z dodatnim balkonom?<\/strong><\/strong><\/strong><\/h3><\/button><div id=\"accordion-414c0395-02a3-46a8-affe-aac58246e25a-panel\" class=\"accordion__panel\" role=\"region\" aria-labelledby=\"accordion-414c0395-02a3-46a8-affe-aac58246e25a-button\">\n<p>Pri <strong>dodatnem balkonu Leeb<\/strong> lahko prilagodljivo izberete balkonsko ograjo: kombinirate lahko vse modele ograj iz obse\u017enega programa Leeb. To vklju\u010duje ve\u010d sto razli\u010dnih modelov iz aluminija, lesa in stekla, ki jih lahko individualno kombinirate po svojih \u017eeljah. Barve, polnila in dekorje lahko izbirate sami, da ograjo popolnoma prilagodite arhitekturi svojega doma in svojemu osebnemu slogu.  <\/p>\n\n\n\n<p>Tako imate na voljo vse mo\u017enosti. Elegantni modelni program Far Eastern Asia je zasnovan izklju\u010dno za dodatne balkone.   <\/p>\n<\/div><\/div>\n\n\n\n<div class=\"wp-block-t3-acc-accordion is-style-default\"><button id=\"accordion-f9e48e30-5d22-4e2b-9bb2-31e81f525014-button\" class=\"accordion__button\" aria-expanded=\"false\" aria-controls=\"accordion-f9e48e30-5d22-4e2b-9bb2-31e81f525014-panel\"><h3 data-accordion-title=\"true\" style=\"font-size:var(--step-1)\"><strong><strong><strong>Kaj ponuja prenova balkonov Leeb?  <\/strong><\/strong><\/strong><\/h3><\/button><div id=\"accordion-f9e48e30-5d22-4e2b-9bb2-31e81f525014-panel\" class=\"accordion__panel\" role=\"region\" aria-labelledby=\"accordion-f9e48e30-5d22-4e2b-9bb2-31e81f525014-button\">\n<ul class=\"wp-block-list is-style-checkmark-2\">\n<li><strong>Obnova in prenova obstoje\u010dih balkonov: <\/strong>zamenjava ali obnova balkonskih ograj, tal in konstrukcij &#8211; vklju\u010dno z nihajo\u010dimi ograjami, po\u0161kodovanim krovom ali vremensko pogojenim lesom.<\/li>\n\n\n\n<li><strong>Individualno preoblikovanje: <\/strong>Izbirate lahko med razli\u010dnimi modeli balkonov v razli\u010dnih slogih (moderni, klasi\u010dni, tradicionalni), materialih in barvah, ki ustrezajo posameznemu tipu hi\u0161e. Novi balkoni so lahko izdelani iz aluminija, lesa ali stekla in so na voljo v ve\u010d kot 300 vzorcih. <\/li>\n<\/ul>\n\n\n\n<p>Prenovo in monta\u017eo izvajajo izku\u0161eni strokovnjaki, ki poskrbijo, da je delo opravljeno hitro, \u010disto in varno. Elementi so v tovarni izdelani po natan\u010dnih dimenzijah, kar skraj\u0161a \u010das monta\u017ee na kraju samem. <\/p>\n<\/div><\/div>\n\n\n\n<div class=\"wp-block-t3-acc-accordion is-style-default\"><button id=\"accordion-19956e4b-13af-40a1-970d-96cbe8048c29-button\" class=\"accordion__button\" aria-expanded=\"false\" aria-controls=\"accordion-19956e4b-13af-40a1-970d-96cbe8048c29-panel\"><h3 data-accordion-title=\"true\" style=\"font-size:var(--step-1)\"><strong><strong><strong>Kaj pa varnost in stabilnost?<\/strong><\/strong><\/strong><\/h3><\/button><div id=\"accordion-19956e4b-13af-40a1-970d-96cbe8048c29-panel\" class=\"accordion__panel\" role=\"region\" aria-labelledby=\"accordion-19956e4b-13af-40a1-970d-96cbe8048c29-button\">\n<p>Dodatni in spredaj obrnjeni <strong>balkoni Leeb Balconies<\/strong> zagotavljajo zelo visoko raven varnosti in stabilnosti, kar dokazujejo \u0161tevilni neodvisni certifikati in inovativni za\u0161\u010ditni sistemi. Vsi nosilni elementi, kot so ograje in ograje, so certificirani v EU v skladu s standardom EN 1090 in imajo oznako CE. \u010ce ta oznaka manjka, obstaja tveganje nepopolnega zavarovalnega kritja ali celo telesnih po\u0161kodb zaradi neustreznih izdelkov!  <\/p>\n\n\n\n<p>Inovativni za\u0161\u010ditni sistemi <strong>pove\u010dujejo trdnost aluminija<\/strong>, za steklene modele pa se uporablja le <strong>visokokakovostno varnostno<\/strong> steklo, ki se tudi ob po\u0161kodbi ne razcepi ali razbije. Vsak balkon je na\u010drtovan in vgrajen natan\u010dno glede na konstrukcijske pogoje, da se zagotovita <strong>najve\u010dja stabilnost in za\u0161\u010dita pred padcem<\/strong>. <\/p>\n<\/div><\/div>\n\n\n\n<div class=\"wp-block-t3-acc-accordion is-style-default\"><button id=\"accordion-b524ad7a-0534-4563-a409-151737ff992f-button\" class=\"accordion__button\" aria-expanded=\"false\" aria-controls=\"accordion-b524ad7a-0534-4563-a409-151737ff992f-panel\"><h3 data-accordion-title=\"true\" style=\"font-size:var(--step-1)\"><strong><strong><strong><strong><strong><strong>Koliko stane raz\u0161iritev balkona<\/strong><\/strong><\/strong><\/strong><\/strong><\/strong>?<\/h3><\/button><div id=\"accordion-b524ad7a-0534-4563-a409-151737ff992f-panel\" class=\"accordion__panel\" role=\"region\" aria-labelledby=\"accordion-b524ad7a-0534-4563-a409-151737ff992f-button\">\n<p>Stro\u0161ki raz\u0161iritve balkona so zelo razli\u010dni in so odvisni od velikosti, izbire materiala, zasnove, zahtevnosti namestitve in potrebnih strukturnih prilagoditev. Ker je vsaka raz\u0161iritev edinstvena, je treba pripraviti ponudbo po meri. Vendar se nalo\u017eba povrne zaradi pove\u010danja vrednosti nepremi\u010dnine in izbolj\u0161ane kakovosti \u017eivljenja.  <\/p>\n\n\n\n<p>Pri podjetju <strong>Leeb Balconies<\/strong> boste prejeli pregledno in prilagojeno ponudbo za raz\u0161iritev balkona. Zaradi lastne proizvodnje in obse\u017enega svetovanja lahko stro\u0161ke optimiziramo tako, da ustrezajo va\u0161im zahtevam. Zaradi trajnosti izdelkov Leeb in nizkih nadaljnjih stro\u0161kov je raz\u0161iritev balkona trajnostna nalo\u017eba.  <\/p>\n<\/div><\/div>\n\n\n\n<div class=\"wp-block-t3-acc-accordion is-style-default\"><button id=\"accordion-9e76c085-eacb-4bc0-a9d5-958e9c42596b-button\" class=\"accordion__button\" aria-expanded=\"false\" aria-controls=\"accordion-9e76c085-eacb-4bc0-a9d5-958e9c42596b-panel\"><h3 data-accordion-title=\"true\" style=\"font-size:var(--step-1)\"><strong><strong><strong><strong><strong><strong>Koliko \u010dasa traja na\u010drtovanje in namestitev podalj\u0161ka balkona?<\/strong><\/strong><\/strong><\/strong><\/strong><\/strong><\/h3><\/button><div id=\"accordion-9e76c085-eacb-4bc0-a9d5-958e9c42596b-panel\" class=\"accordion__panel\" role=\"region\" aria-labelledby=\"accordion-9e76c085-eacb-4bc0-a9d5-958e9c42596b-button\">\n<p>Celotno trajanje projekta za raz\u0161iritev balkona vklju\u010duje fazo na\u010drtovanja (posvetovanje, strukturna analiza, odobritev) ter dejansko izdelavo in namestitev. Medtem ko na\u010drtovanje lahko traja nekaj \u010dasa, monta\u017ea poteka v tovarni. Zaradi natan\u010dne priprave je dejanska monta\u017ea na kraju samem presenetljivo hitra.    <\/p>\n\n\n\n<p>Dru\u017eba <strong>Leeb Balconies<\/strong> pripisuje velik pomen u\u010dinkovitim postopkom. Po podrobnem na\u010drtovanju v podjetju poteka proizvodnja v proizvodnem obratu Leeb in <strong>hitra, strokovna monta\u017ea na kraju samem,<\/strong> pogosto v nekaj dneh. Tako se zmanj\u0161ajo motnje za vas in va\u0161 dom ter zagotovijo hitra uresni\u010ditev va\u0161ih balkonskih sanj.  <\/p>\n<\/div><\/div>\n\n\n\n<div class=\"wp-block-t3-acc-accordion is-style-default\"><button id=\"accordion-91f7a017-e163-4812-a741-6f5c02416bc3-button\" class=\"accordion__button\" aria-expanded=\"false\" aria-controls=\"accordion-91f7a017-e163-4812-a741-6f5c02416bc3-panel\"><h3 data-accordion-title=\"true\" style=\"font-size:var(--step-1)\"><strong><strong><strong><strong><strong>Ali za dodajanje balkona potrebujem gradbeno dovoljenje?<\/strong><\/strong><\/strong><\/strong><\/strong><\/h3><\/button><div id=\"accordion-91f7a017-e163-4812-a741-6f5c02416bc3-panel\" class=\"accordion__panel\" role=\"region\" aria-labelledby=\"accordion-91f7a017-e163-4812-a741-6f5c02416bc3-button\">\n<p><strong> Za<\/strong> dodajanje balkona<strong> je na<\/strong> splo\u0161no<strong> potrebno dovoljenje,<\/strong> saj gre za strukturno spremembo stavbe. Natan\u010dni predpisi se razlikujejo glede na zvezno dr\u017eavo in ob\u010dino. Priporo\u010dljivo je, da se \u017ee v zgodnji fazi pozanimate o lokalnih gradbenih predpisih in vlo\u017eite potrebne vloge.  <\/p>\n\n\n\n<p><strong>Podjetje Leeb Balconies<\/strong> vam pri tem zagotavlja celovito podporo. Imamo dolgoletne izku\u0161nje s postopki izdaje dovoljenj v Avstriji, Nem\u010diji, \u0160vici, Italiji in Franciji. Podjetje Leeb vam bo zagotovilo potrebno tehni\u010dno dokumentacijo in vam z veseljem svetovalo pri pripravi dokumentacije za prijavo gradnje.  <\/p>\n<\/div><\/div>\n<\/div>\n<\/div>\n<\/section>\n\n\n\n<section class=\"wp-block-group alignfull has-white-background-color has-background has-global-padding is-layout-constrained wp-container-core-group-is-layout-52f96efc wp-block-group-is-layout-constrained\">\n<div class=\"wp-block-group o-grid u-md-1 is-layout-flow wp-block-group-is-layout-flow\" style=\"padding-top:0\">\n<div class=\"wp-block-group u-g-9 u-g-s-2 is-layout-flow wp-block-group-is-layout-flow\">\n<h2 class=\"wp-block-heading\">Vtisi o raz\u0161iritvi balkona<\/h2>\n\n\n\n<p style=\"padding-bottom:var(--wp--preset--spacing--m)\"><span class=\"teaser\"><span class=\"teaser\">Pustite se navdihniti mo\u017enostim oblikovanja na\u0161ih dodatnih in sprednjih balkonov.<\/span><\/span><\/p>\n<\/div>\n<\/div>\n\n\n    <div id=\"t3-lg-block-1\" class=\"wp-block-t3-lightgallery\" data-initial-count=\"3\">\n      <div class=\"lg-container u-grid-temp has-3-cols\">\n                  <div class=\"lg-item\" data-src=\"https:\/\/www.leeb-balkone.com\/app\/uploads\/2020\/07\/angebauter-balkon-mit-einer-ueberdachung-und-boden-aus-feinsteinzeugplatten-scaled.jpg\"\n              data-sub-html=\"&lt;p&gt;\u00dcberdachter Anbaubalkon mit Terrassenbeschattung&lt;\/p&gt;\">\n            <div class=\"img-wrapper\">\n                <figure>\n                    <img loading=\"lazy\" decoding=\"async\" width=\"300\" height=\"200\" src=\"https:\/\/www.leeb-balkone.com\/app\/uploads\/2020\/07\/angebauter-balkon-mit-einer-ueberdachung-und-boden-aus-feinsteinzeugplatten-300x200.jpg\" class=\"attachment-medium size-medium\" alt=\"angebauter balkon mit einer ueberdachung und boden aus feinsteinzeugplatten\" srcset=\"https:\/\/www.leeb-balkone.com\/app\/uploads\/2020\/07\/angebauter-balkon-mit-einer-ueberdachung-und-boden-aus-feinsteinzeugplatten-300x200.jpg 300w, https:\/\/www.leeb-balkone.com\/app\/uploads\/2020\/07\/angebauter-balkon-mit-einer-ueberdachung-und-boden-aus-feinsteinzeugplatten-1024x683.jpg 1024w, https:\/\/www.leeb-balkone.com\/app\/uploads\/2020\/07\/angebauter-balkon-mit-einer-ueberdachung-und-boden-aus-feinsteinzeugplatten-768x512.jpg 768w, https:\/\/www.leeb-balkone.com\/app\/uploads\/2020\/07\/angebauter-balkon-mit-einer-ueberdachung-und-boden-aus-feinsteinzeugplatten-1536x1025.jpg 1536w, https:\/\/www.leeb-balkone.com\/app\/uploads\/2020\/07\/angebauter-balkon-mit-einer-ueberdachung-und-boden-aus-feinsteinzeugplatten-2048x1366.jpg 2048w\" sizes=\"auto, (min-width: 1200px) 260px, (min-width: 1024px) 220px, (min-width: 640px) 465px, 768px\" \/>    \n                <\/figure>\n                        <\/div>\n            <p>\u00dcberdachter Anbaubalkon mit Terrassenbeschattung<\/p>        <\/div>\n                  <div class=\"lg-item\" data-src=\"https:\/\/www.leeb-balkone.com\/app\/uploads\/2020\/07\/anbaubalkon-mit-stuetzen-50-scaled.jpg\"\n              data-sub-html=\"&lt;p&gt;Moderner Anbaubalkon aus Aluminium und Glas&lt;\/p&gt;\">\n            <div class=\"img-wrapper\">\n                <figure>\n                    <img loading=\"lazy\" decoding=\"async\" width=\"300\" height=\"200\" src=\"https:\/\/www.leeb-balkone.com\/app\/uploads\/2020\/07\/anbaubalkon-mit-stuetzen-50-300x200.jpg\" class=\"attachment-medium size-medium\" alt=\"Moderner Anbaubalkon aus Aluminium und Glas\" srcset=\"https:\/\/www.leeb-balkone.com\/app\/uploads\/2020\/07\/anbaubalkon-mit-stuetzen-50-300x200.jpg 300w, https:\/\/www.leeb-balkone.com\/app\/uploads\/2020\/07\/anbaubalkon-mit-stuetzen-50-1024x683.jpg 1024w, https:\/\/www.leeb-balkone.com\/app\/uploads\/2020\/07\/anbaubalkon-mit-stuetzen-50-768x512.jpg 768w, https:\/\/www.leeb-balkone.com\/app\/uploads\/2020\/07\/anbaubalkon-mit-stuetzen-50-1536x1024.jpg 1536w, https:\/\/www.leeb-balkone.com\/app\/uploads\/2020\/07\/anbaubalkon-mit-stuetzen-50-2048x1366.jpg 2048w\" sizes=\"auto, (min-width: 1200px) 260px, (min-width: 1024px) 220px, (min-width: 640px) 465px, 768px\" \/>    \n                <\/figure>\n                        <\/div>\n            <p>Moderner Anbaubalkon aus Aluminium und Glas<\/p>        <\/div>\n                  <div class=\"lg-item\" data-src=\"https:\/\/www.leeb-balkone.com\/app\/uploads\/2020\/07\/anbaubalkon-mit-stuetzen-ueberdachung-balkongelaender-markise-kombination-atrium-21-scaled.jpg\"\n              data-sub-html=\"&lt;p&gt;Pritrjen balkon s podporniki in vgrajenim nadstre\u0161kom \u2013 dvojna funkcija naknadno vgrajenega balkona, ki hkrati nudi za\u0161\u010dito spodnjega dela.&lt;\/p&gt;\">\n            <div class=\"img-wrapper\">\n                <figure>\n                    <img loading=\"lazy\" decoding=\"async\" width=\"300\" height=\"200\" src=\"https:\/\/www.leeb-balkone.com\/app\/uploads\/2020\/07\/anbaubalkon-mit-stuetzen-ueberdachung-balkongelaender-markise-kombination-atrium-21-300x200.jpg\" class=\"attachment-medium size-medium\" alt=\"Anbaubalkon mit St\u00fctzen und integriertem Vordach - die Doppelfunktion eines nachtr\u00e4glich installierten Balkons, der gleichzeitig Schutz f\u00fcr den unteren Bereich bietet.\" srcset=\"https:\/\/www.leeb-balkone.com\/app\/uploads\/2020\/07\/anbaubalkon-mit-stuetzen-ueberdachung-balkongelaender-markise-kombination-atrium-21-300x200.jpg 300w, https:\/\/www.leeb-balkone.com\/app\/uploads\/2020\/07\/anbaubalkon-mit-stuetzen-ueberdachung-balkongelaender-markise-kombination-atrium-21-1024x684.jpg 1024w, https:\/\/www.leeb-balkone.com\/app\/uploads\/2020\/07\/anbaubalkon-mit-stuetzen-ueberdachung-balkongelaender-markise-kombination-atrium-21-768x513.jpg 768w, https:\/\/www.leeb-balkone.com\/app\/uploads\/2020\/07\/anbaubalkon-mit-stuetzen-ueberdachung-balkongelaender-markise-kombination-atrium-21-1536x1025.jpg 1536w, https:\/\/www.leeb-balkone.com\/app\/uploads\/2020\/07\/anbaubalkon-mit-stuetzen-ueberdachung-balkongelaender-markise-kombination-atrium-21-2048x1367.jpg 2048w\" sizes=\"auto, (min-width: 1200px) 260px, (min-width: 1024px) 220px, (min-width: 640px) 465px, 768px\" \/>    \n                <\/figure>\n                        <\/div>\n            <p>Pritrjen balkon s podporniki in vgrajenim nadstre\u0161kom \u2013 dvojna funkcija naknadno vgrajenega balkona, ki hkrati nudi za\u0161\u010dito spodnjega dela.<\/p>        <\/div>\n                  <div class=\"lg-item\" data-src=\"https:\/\/www.leeb-balkone.com\/app\/uploads\/2020\/07\/glas-sommergarten-anbau-43-1-scaled.jpg\"\n              data-sub-html=\"&lt;p&gt;Anbaubalkon erweitert zu einem Sommergarten mit Glasschiebelementen&lt;\/p&gt;\">\n            <div class=\"img-wrapper\">\n                <figure>\n                    <img loading=\"lazy\" decoding=\"async\" width=\"300\" height=\"240\" src=\"https:\/\/www.leeb-balkone.com\/app\/uploads\/2020\/07\/glas-sommergarten-anbau-43-1-300x240.jpg\" class=\"attachment-medium size-medium\" alt=\"glas sommergarten anbau 43\" srcset=\"https:\/\/www.leeb-balkone.com\/app\/uploads\/2020\/07\/glas-sommergarten-anbau-43-1-300x240.jpg 300w, https:\/\/www.leeb-balkone.com\/app\/uploads\/2020\/07\/glas-sommergarten-anbau-43-1-1024x819.jpg 1024w, https:\/\/www.leeb-balkone.com\/app\/uploads\/2020\/07\/glas-sommergarten-anbau-43-1-768x614.jpg 768w, https:\/\/www.leeb-balkone.com\/app\/uploads\/2020\/07\/glas-sommergarten-anbau-43-1-1536x1228.jpg 1536w, https:\/\/www.leeb-balkone.com\/app\/uploads\/2020\/07\/glas-sommergarten-anbau-43-1-2048x1638.jpg 2048w\" sizes=\"auto, (min-width: 1200px) 260px, (min-width: 1024px) 220px, (min-width: 640px) 465px, 768px\" \/>    \n                <\/figure>\n                        <\/div>\n            <p>Anbaubalkon erweitert zu einem Sommergarten mit Glasschiebelementen<\/p>        <\/div>\n                  <div class=\"lg-item\" data-src=\"https:\/\/www.leeb-balkone.com\/app\/uploads\/2020\/07\/anbaubalkon-mit-stuetzen-46-scaled.jpg\"\n              data-sub-html=\"&lt;p&gt;Prizidni balkon z dostopom po stopnicah&lt;\/p&gt;\">\n            <div class=\"img-wrapper\">\n                <figure>\n                    <img loading=\"lazy\" decoding=\"async\" width=\"300\" height=\"200\" src=\"https:\/\/www.leeb-balkone.com\/app\/uploads\/2020\/07\/anbaubalkon-mit-stuetzen-46-300x200.jpg\" class=\"attachment-medium size-medium\" alt=\"anbaubalkon mit stuetzen\" srcset=\"https:\/\/www.leeb-balkone.com\/app\/uploads\/2020\/07\/anbaubalkon-mit-stuetzen-46-300x200.jpg 300w, https:\/\/www.leeb-balkone.com\/app\/uploads\/2020\/07\/anbaubalkon-mit-stuetzen-46-1024x682.jpg 1024w, https:\/\/www.leeb-balkone.com\/app\/uploads\/2020\/07\/anbaubalkon-mit-stuetzen-46-768x512.jpg 768w, https:\/\/www.leeb-balkone.com\/app\/uploads\/2020\/07\/anbaubalkon-mit-stuetzen-46-1536x1024.jpg 1536w, https:\/\/www.leeb-balkone.com\/app\/uploads\/2020\/07\/anbaubalkon-mit-stuetzen-46-2048x1365.jpg 2048w\" sizes=\"auto, (min-width: 1200px) 260px, (min-width: 1024px) 220px, (min-width: 640px) 465px, 768px\" \/>    \n                <\/figure>\n                        <\/div>\n            <p>Prizidni balkon z dostopom po stopnicah<\/p>        <\/div>\n                  <div class=\"lg-item\" data-src=\"https:\/\/www.leeb-balkone.com\/app\/uploads\/2020\/07\/anbaubalkon-mit-stuezen-piano-51-scaled.jpg\"\n              data-sub-html=\"&lt;p&gt;nachtr\u00e4glich installierte Anbaubalkone bei einer Wohnanlage &lt;\/p&gt;\">\n            <div class=\"img-wrapper\">\n                <figure>\n                    <img loading=\"lazy\" decoding=\"async\" width=\"300\" height=\"200\" src=\"https:\/\/www.leeb-balkone.com\/app\/uploads\/2020\/07\/anbaubalkon-mit-stuezen-piano-51-300x200.jpg\" class=\"attachment-medium size-medium\" alt=\"anbaubalkon mit stuezen piano\" srcset=\"https:\/\/www.leeb-balkone.com\/app\/uploads\/2020\/07\/anbaubalkon-mit-stuezen-piano-51-300x200.jpg 300w, https:\/\/www.leeb-balkone.com\/app\/uploads\/2020\/07\/anbaubalkon-mit-stuezen-piano-51-1024x684.jpg 1024w, https:\/\/www.leeb-balkone.com\/app\/uploads\/2020\/07\/anbaubalkon-mit-stuezen-piano-51-768x513.jpg 768w, https:\/\/www.leeb-balkone.com\/app\/uploads\/2020\/07\/anbaubalkon-mit-stuezen-piano-51-1536x1025.jpg 1536w, https:\/\/www.leeb-balkone.com\/app\/uploads\/2020\/07\/anbaubalkon-mit-stuezen-piano-51-2048x1367.jpg 2048w\" sizes=\"auto, (min-width: 1200px) 260px, (min-width: 1024px) 220px, (min-width: 640px) 465px, 768px\" \/>    \n                <\/figure>\n                        <\/div>\n            <p>nachtr\u00e4glich installierte Anbaubalkone bei einer Wohnanlage <\/p>        <\/div>\n                  <div class=\"lg-item\" data-src=\"https:\/\/www.leeb-balkone.com\/app\/uploads\/2020\/07\/anbaubalkon-mit-stuetzen-24-scaled.jpg\"\n              data-sub-html=\"&lt;p&gt;Balkonerweiterung durch Balkonanbau&lt;\/p&gt;\">\n            <div class=\"img-wrapper\">\n                <figure>\n                    <img loading=\"lazy\" decoding=\"async\" width=\"300\" height=\"200\" src=\"https:\/\/www.leeb-balkone.com\/app\/uploads\/2020\/07\/anbaubalkon-mit-stuetzen-24-300x200.jpg\" class=\"attachment-medium size-medium\" alt=\"anbaubalkon mit stuetzen\" srcset=\"https:\/\/www.leeb-balkone.com\/app\/uploads\/2020\/07\/anbaubalkon-mit-stuetzen-24-300x200.jpg 300w, https:\/\/www.leeb-balkone.com\/app\/uploads\/2020\/07\/anbaubalkon-mit-stuetzen-24-1024x683.jpg 1024w, https:\/\/www.leeb-balkone.com\/app\/uploads\/2020\/07\/anbaubalkon-mit-stuetzen-24-768x512.jpg 768w, https:\/\/www.leeb-balkone.com\/app\/uploads\/2020\/07\/anbaubalkon-mit-stuetzen-24-1536x1024.jpg 1536w, https:\/\/www.leeb-balkone.com\/app\/uploads\/2020\/07\/anbaubalkon-mit-stuetzen-24-2048x1365.jpg 2048w\" sizes=\"auto, (min-width: 1200px) 260px, (min-width: 1024px) 220px, (min-width: 640px) 465px, 768px\" \/>    \n                <\/figure>\n                        <\/div>\n            <p>Balkonerweiterung durch Balkonanbau<\/p>        <\/div>\n                  <div class=\"lg-item\" data-src=\"https:\/\/www.leeb-balkone.com\/app\/uploads\/2020\/07\/anbaubalkon-mit-stuetzen-vital-grauglas-03-scaled.jpg\"\n              data-sub-html=\"&lt;p&gt;Anbaubalkon mit St\u00fctzen und grauem Glasgel\u00e4nder &lt;\/p&gt;\">\n            <div class=\"img-wrapper\">\n                <figure>\n                    <img loading=\"lazy\" decoding=\"async\" width=\"300\" height=\"200\" src=\"https:\/\/www.leeb-balkone.com\/app\/uploads\/2020\/07\/anbaubalkon-mit-stuetzen-vital-grauglas-03-300x200.jpg\" class=\"attachment-medium size-medium\" alt=\"anbaubalkon mit stuetzen vital grauglas\" srcset=\"https:\/\/www.leeb-balkone.com\/app\/uploads\/2020\/07\/anbaubalkon-mit-stuetzen-vital-grauglas-03-300x200.jpg 300w, https:\/\/www.leeb-balkone.com\/app\/uploads\/2020\/07\/anbaubalkon-mit-stuetzen-vital-grauglas-03-1024x681.jpg 1024w, https:\/\/www.leeb-balkone.com\/app\/uploads\/2020\/07\/anbaubalkon-mit-stuetzen-vital-grauglas-03-768x511.jpg 768w, https:\/\/www.leeb-balkone.com\/app\/uploads\/2020\/07\/anbaubalkon-mit-stuetzen-vital-grauglas-03-1536x1021.jpg 1536w, https:\/\/www.leeb-balkone.com\/app\/uploads\/2020\/07\/anbaubalkon-mit-stuetzen-vital-grauglas-03-scaled.jpg 2048w\" sizes=\"auto, (min-width: 1200px) 260px, (min-width: 1024px) 220px, (min-width: 640px) 465px, 768px\" \/>    \n                <\/figure>\n                        <\/div>\n            <p>Anbaubalkon mit St\u00fctzen und grauem Glasgel\u00e4nder <\/p>        <\/div>\n                  <div class=\"lg-item\" data-src=\"https:\/\/www.leeb-balkone.com\/app\/uploads\/2021\/10\/anbaubalkon-mit-stuetzen-1000-scaled.jpg\"\n              data-sub-html=\"&lt;p&gt;Anbaubalkon mit St\u00fctzen zur Wohnraumerweiterung&lt;\/p&gt;\">\n            <div class=\"img-wrapper\">\n                <figure>\n                    <img loading=\"lazy\" decoding=\"async\" width=\"300\" height=\"200\" src=\"https:\/\/www.leeb-balkone.com\/app\/uploads\/2021\/10\/anbaubalkon-mit-stuetzen-1000-300x200.jpg\" class=\"attachment-medium size-medium\" alt=\"anbaubalkon mit stuetzen\" srcset=\"https:\/\/www.leeb-balkone.com\/app\/uploads\/2021\/10\/anbaubalkon-mit-stuetzen-1000-300x200.jpg 300w, https:\/\/www.leeb-balkone.com\/app\/uploads\/2021\/10\/anbaubalkon-mit-stuetzen-1000-1024x684.jpg 1024w, https:\/\/www.leeb-balkone.com\/app\/uploads\/2021\/10\/anbaubalkon-mit-stuetzen-1000-768x513.jpg 768w, https:\/\/www.leeb-balkone.com\/app\/uploads\/2021\/10\/anbaubalkon-mit-stuetzen-1000-1536x1025.jpg 1536w, https:\/\/www.leeb-balkone.com\/app\/uploads\/2021\/10\/anbaubalkon-mit-stuetzen-1000-scaled.jpg 2048w\" sizes=\"auto, (min-width: 1200px) 260px, (min-width: 1024px) 220px, (min-width: 640px) 465px, 768px\" \/>    \n                <\/figure>\n                        <\/div>\n            <p>Anbaubalkon mit St\u00fctzen zur Wohnraumerweiterung<\/p>        <\/div>\n                  <div class=\"lg-item\" data-src=\"https:\/\/www.leeb-balkone.com\/app\/uploads\/2020\/07\/anbaubalkon-mit-stuetzen-11aa-scaled.jpg\"\n              data-sub-html=\"&lt;p&gt;Anbaubalkon ausgebaut zum Sommergarten mit Sichtschutzelementen in Holzoptik&lt;\/p&gt;\">\n            <div class=\"img-wrapper\">\n                <figure>\n                    <img loading=\"lazy\" decoding=\"async\" width=\"300\" height=\"200\" src=\"https:\/\/www.leeb-balkone.com\/app\/uploads\/2020\/07\/anbaubalkon-mit-stuetzen-11aa-300x200.jpg\" class=\"attachment-medium size-medium\" alt=\"anbaubalkon mit stuetzen 11aa\" srcset=\"https:\/\/www.leeb-balkone.com\/app\/uploads\/2020\/07\/anbaubalkon-mit-stuetzen-11aa-300x200.jpg 300w, https:\/\/www.leeb-balkone.com\/app\/uploads\/2020\/07\/anbaubalkon-mit-stuetzen-11aa-1024x683.jpg 1024w, https:\/\/www.leeb-balkone.com\/app\/uploads\/2020\/07\/anbaubalkon-mit-stuetzen-11aa-768x512.jpg 768w, https:\/\/www.leeb-balkone.com\/app\/uploads\/2020\/07\/anbaubalkon-mit-stuetzen-11aa-1536x1024.jpg 1536w, https:\/\/www.leeb-balkone.com\/app\/uploads\/2020\/07\/anbaubalkon-mit-stuetzen-11aa-scaled.jpg 2048w\" sizes=\"auto, (min-width: 1200px) 260px, (min-width: 1024px) 220px, (min-width: 640px) 465px, 768px\" \/>    \n                <\/figure>\n                        <\/div>\n            <p>Anbaubalkon ausgebaut zum Sommergarten mit Sichtschutzelementen in Holzoptik<\/p>        <\/div>\n                  <div class=\"lg-item\" data-src=\"https:\/\/www.leeb-balkone.com\/app\/uploads\/2020\/07\/anbaubalkon-mit-stuetzen-40.jpg\"\n              data-sub-html=\"&lt;p&gt;Pove\u010danje balkona \u2013 raz\u0161iritev bivalnega prostora&lt;\/p&gt;\">\n            <div class=\"img-wrapper\">\n                <figure>\n                    <img loading=\"lazy\" decoding=\"async\" width=\"300\" height=\"225\" src=\"https:\/\/www.leeb-balkone.com\/app\/uploads\/2020\/07\/anbaubalkon-mit-stuetzen-40-300x225.jpg\" class=\"attachment-medium size-medium\" alt=\"Gelbes Einfamilienhaus mit viel Platz am Balkon durch Alu-Anbaubalkon\" srcset=\"https:\/\/www.leeb-balkone.com\/app\/uploads\/2020\/07\/anbaubalkon-mit-stuetzen-40-300x225.jpg 300w, https:\/\/www.leeb-balkone.com\/app\/uploads\/2020\/07\/anbaubalkon-mit-stuetzen-40-1024x768.jpg 1024w, https:\/\/www.leeb-balkone.com\/app\/uploads\/2020\/07\/anbaubalkon-mit-stuetzen-40-768x576.jpg 768w, https:\/\/www.leeb-balkone.com\/app\/uploads\/2020\/07\/anbaubalkon-mit-stuetzen-40-1536x1153.jpg 1536w, https:\/\/www.leeb-balkone.com\/app\/uploads\/2020\/07\/anbaubalkon-mit-stuetzen-40-2048x1537.jpg 2048w\" sizes=\"auto, (min-width: 1200px) 260px, (min-width: 1024px) 220px, (min-width: 640px) 465px, 768px\" \/>    \n                <\/figure>\n                        <\/div>\n            <p>Pove\u010danje balkona \u2013 raz\u0161iritev bivalnega prostora<\/p>        <\/div>\n                  <div class=\"lg-item\" data-src=\"https:\/\/www.leeb-balkone.com\/app\/uploads\/2020\/07\/anbaubalkon-mit-stuetzen-37-scaled.jpg\"\n              data-sub-html=\"&lt;p&gt;Balkonerweiterung mit nachtr\u00e4glichem Anbaubalkon&lt;\/p&gt;\">\n            <div class=\"img-wrapper\">\n                <figure>\n                    <img loading=\"lazy\" decoding=\"async\" width=\"300\" height=\"200\" src=\"https:\/\/www.leeb-balkone.com\/app\/uploads\/2020\/07\/anbaubalkon-mit-stuetzen-37-300x200.jpg\" class=\"attachment-medium size-medium\" alt=\"Einfamilienhaus im Gr\u00fcnen mit Alu-Anbaubalkon\" srcset=\"https:\/\/www.leeb-balkone.com\/app\/uploads\/2020\/07\/anbaubalkon-mit-stuetzen-37-300x200.jpg 300w, https:\/\/www.leeb-balkone.com\/app\/uploads\/2020\/07\/anbaubalkon-mit-stuetzen-37-1024x683.jpg 1024w, https:\/\/www.leeb-balkone.com\/app\/uploads\/2020\/07\/anbaubalkon-mit-stuetzen-37-768x512.jpg 768w, https:\/\/www.leeb-balkone.com\/app\/uploads\/2020\/07\/anbaubalkon-mit-stuetzen-37-1536x1024.jpg 1536w, https:\/\/www.leeb-balkone.com\/app\/uploads\/2020\/07\/anbaubalkon-mit-stuetzen-37-2048x1365.jpg 2048w\" sizes=\"auto, (min-width: 1200px) 260px, (min-width: 1024px) 220px, (min-width: 640px) 465px, 768px\" \/>    \n                <\/figure>\n                        <\/div>\n            <p>Balkonerweiterung mit nachtr\u00e4glichem Anbaubalkon<\/p>        <\/div>\n                  <div class=\"lg-item\" data-src=\"https:\/\/www.leeb-balkone.com\/app\/uploads\/2020\/07\/anbaubalkon-32-scaled.jpg\"\n              data-sub-html=\"&lt;p&gt;grauer Anbaubalkon mit mattwei\u00dfem Glas&lt;\/p&gt;\">\n            <div class=\"img-wrapper\">\n                <figure>\n                    <img loading=\"lazy\" decoding=\"async\" width=\"300\" height=\"200\" src=\"https:\/\/www.leeb-balkone.com\/app\/uploads\/2020\/07\/anbaubalkon-32-300x200.jpg\" class=\"attachment-medium size-medium\" alt=\"anbaubalkon\" srcset=\"https:\/\/www.leeb-balkone.com\/app\/uploads\/2020\/07\/anbaubalkon-32-300x200.jpg 300w, https:\/\/www.leeb-balkone.com\/app\/uploads\/2020\/07\/anbaubalkon-32-1024x684.jpg 1024w, https:\/\/www.leeb-balkone.com\/app\/uploads\/2020\/07\/anbaubalkon-32-768x513.jpg 768w, https:\/\/www.leeb-balkone.com\/app\/uploads\/2020\/07\/anbaubalkon-32-1536x1025.jpg 1536w, https:\/\/www.leeb-balkone.com\/app\/uploads\/2020\/07\/anbaubalkon-32-2048x1367.jpg 2048w\" sizes=\"auto, (min-width: 1200px) 260px, (min-width: 1024px) 220px, (min-width: 640px) 465px, 768px\" \/>    \n                <\/figure>\n                        <\/div>\n            <p>grauer Anbaubalkon mit mattwei\u00dfem Glas<\/p>        <\/div>\n                  <div class=\"lg-item\" data-src=\"https:\/\/www.leeb-balkone.com\/app\/uploads\/2020\/07\/anbaubalkon-30-1.jpg\"\n              data-sub-html=\"&lt;p&gt;Anbaubalkon als freitragendes System&lt;\/p&gt;\">\n            <div class=\"img-wrapper\">\n                <figure>\n                    <img loading=\"lazy\" decoding=\"async\" width=\"300\" height=\"169\" src=\"https:\/\/www.leeb-balkone.com\/app\/uploads\/2020\/07\/anbaubalkon-30-1-300x169.jpg\" class=\"attachment-medium size-medium\" alt=\"anbaubalkon 30\" srcset=\"https:\/\/www.leeb-balkone.com\/app\/uploads\/2020\/07\/anbaubalkon-30-1-300x169.jpg 300w, https:\/\/www.leeb-balkone.com\/app\/uploads\/2020\/07\/anbaubalkon-30-1-1024x576.jpg 1024w, https:\/\/www.leeb-balkone.com\/app\/uploads\/2020\/07\/anbaubalkon-30-1-768x432.jpg 768w, https:\/\/www.leeb-balkone.com\/app\/uploads\/2020\/07\/anbaubalkon-30-1-1536x864.jpg 1536w, https:\/\/www.leeb-balkone.com\/app\/uploads\/2020\/07\/anbaubalkon-30-1-2048x1152.jpg 2048w\" sizes=\"auto, (min-width: 1200px) 260px, (min-width: 1024px) 220px, (min-width: 640px) 465px, 768px\" \/>    \n                <\/figure>\n                        <\/div>\n            <p>Anbaubalkon als freitragendes System<\/p>        <\/div>\n                  <div class=\"lg-item\" data-src=\"https:\/\/www.leeb-balkone.com\/app\/uploads\/2020\/07\/anbaubalkon-3-scaled.jpg\"\n              data-sub-html=\"&lt;p&gt;Passender Balkonaufgang mit Alu-Anbaubalkon&lt;\/p&gt;\">\n            <div class=\"img-wrapper\">\n                <figure>\n                    <img loading=\"lazy\" decoding=\"async\" width=\"300\" height=\"200\" src=\"https:\/\/www.leeb-balkone.com\/app\/uploads\/2020\/07\/anbaubalkon-3-300x200.jpg\" class=\"attachment-medium size-medium\" alt=\"Passender Balkonaufgang mit Alu-Anbaubalkon\" srcset=\"https:\/\/www.leeb-balkone.com\/app\/uploads\/2020\/07\/anbaubalkon-3-300x200.jpg 300w, https:\/\/www.leeb-balkone.com\/app\/uploads\/2020\/07\/anbaubalkon-3-1024x684.jpg 1024w, https:\/\/www.leeb-balkone.com\/app\/uploads\/2020\/07\/anbaubalkon-3-768x513.jpg 768w, https:\/\/www.leeb-balkone.com\/app\/uploads\/2020\/07\/anbaubalkon-3-1536x1025.jpg 1536w, https:\/\/www.leeb-balkone.com\/app\/uploads\/2020\/07\/anbaubalkon-3-2048x1367.jpg 2048w\" sizes=\"auto, (min-width: 1200px) 260px, (min-width: 1024px) 220px, (min-width: 640px) 465px, 768px\" \/>    \n                <\/figure>\n                        <\/div>\n            <p>Passender Balkonaufgang mit Alu-Anbaubalkon<\/p>        <\/div>\n                  <div class=\"lg-item\" data-src=\"https:\/\/www.leeb-balkone.com\/app\/uploads\/2020\/07\/anbaubalkon-8-scaled.jpg\"\n              data-sub-html=\"&lt;p&gt;Anbaubalkon mit Gel\u00e4nder in Holzoptik&lt;\/p&gt;\">\n            <div class=\"img-wrapper\">\n                <figure>\n                    <img loading=\"lazy\" decoding=\"async\" width=\"300\" height=\"211\" src=\"https:\/\/www.leeb-balkone.com\/app\/uploads\/2020\/07\/anbaubalkon-8-300x211.jpg\" class=\"attachment-medium size-medium\" alt=\"Gro\u00dfz\u00fcgiges Wohnhaus mit Alu-Anbaubalkon\" srcset=\"https:\/\/www.leeb-balkone.com\/app\/uploads\/2020\/07\/anbaubalkon-8-300x211.jpg 300w, https:\/\/www.leeb-balkone.com\/app\/uploads\/2020\/07\/anbaubalkon-8-1024x721.jpg 1024w, https:\/\/www.leeb-balkone.com\/app\/uploads\/2020\/07\/anbaubalkon-8-768x540.jpg 768w, https:\/\/www.leeb-balkone.com\/app\/uploads\/2020\/07\/anbaubalkon-8-1536x1081.jpg 1536w, https:\/\/www.leeb-balkone.com\/app\/uploads\/2020\/07\/anbaubalkon-8-2048x1441.jpg 2048w\" sizes=\"auto, (min-width: 1200px) 260px, (min-width: 1024px) 220px, (min-width: 640px) 465px, 768px\" \/>    \n                <\/figure>\n                        <\/div>\n            <p>Anbaubalkon mit Gel\u00e4nder in Holzoptik<\/p>        <\/div>\n                  <div class=\"lg-item\" data-src=\"https:\/\/www.leeb-balkone.com\/app\/uploads\/2020\/07\/anbaubalkon-23-scaled.jpg\"\n              data-sub-html=\"&lt;p&gt;Anbaubalkon mit Stiege als Zugang (All-in-One-L\u00f6sung)&lt;\/p&gt;\">\n            <div class=\"img-wrapper\">\n                <figure>\n                    <img loading=\"lazy\" decoding=\"async\" width=\"300\" height=\"200\" src=\"https:\/\/www.leeb-balkone.com\/app\/uploads\/2020\/07\/anbaubalkon-23-300x200.jpg\" class=\"attachment-medium size-medium\" alt=\"Dunkle Alustiege als Zugang zum Alu-Anbaubalkon\" srcset=\"https:\/\/www.leeb-balkone.com\/app\/uploads\/2020\/07\/anbaubalkon-23-300x200.jpg 300w, https:\/\/www.leeb-balkone.com\/app\/uploads\/2020\/07\/anbaubalkon-23-1024x683.jpg 1024w, https:\/\/www.leeb-balkone.com\/app\/uploads\/2020\/07\/anbaubalkon-23-768x512.jpg 768w, https:\/\/www.leeb-balkone.com\/app\/uploads\/2020\/07\/anbaubalkon-23-1536x1024.jpg 1536w, https:\/\/www.leeb-balkone.com\/app\/uploads\/2020\/07\/anbaubalkon-23-2048x1365.jpg 2048w\" sizes=\"auto, (min-width: 1200px) 260px, (min-width: 1024px) 220px, (min-width: 640px) 465px, 768px\" \/>    \n                <\/figure>\n                        <\/div>\n            <p>Anbaubalkon mit Stiege als Zugang (All-in-One-L\u00f6sung)<\/p>        <\/div>\n                <\/div>\n\n              <div class=\"lg-load-more-wrapper\">\n            <div class=\"lg-load-more wp-block-button is-style-filled-secondary\">\n                <a href=\"#\" class=\"wp-block-button__link wp-element-button\" role=\"button\">\n                    Nalo\u017ei ve\u010d                <\/a>\n            <\/div>\n        <\/div>\n          <\/div>\n    <\/section>\n\n\n\n<section class=\"wp-block-group alignfull has-white-background-color has-background has-global-padding is-layout-constrained wp-container-core-group-is-layout-9fa1424c wp-block-group-is-layout-constrained\" style=\"padding-top:0\">\n<div class=\"wp-block-columns is-style-offset m-split is-layout-flex wp-container-core-columns-is-layout-28f84493 wp-block-columns-is-layout-flex\">\n<div class=\"wp-block-column is-layout-flow wp-block-column-is-layout-flow\"><div class=\"vp-map-wrapper vp-map-ratio-19-1\"><img decoding=\"async\" width=\"1440\" height=\"884\" src=\"https:\/\/www.leeb-balkone.com\/app\/uploads\/2026\/04\/map-sl.jpg\" class=\"attachment-full size-full\" alt=\"map-sl\" style=\"width:100%;height:100%;object-fit:cover;display:block;\" loading=\"lazy\" srcset=\"https:\/\/www.leeb-balkone.com\/app\/uploads\/2026\/04\/map-sl.jpg 1440w, https:\/\/www.leeb-balkone.com\/app\/uploads\/2026\/04\/map-sl-300x184.jpg 300w, https:\/\/www.leeb-balkone.com\/app\/uploads\/2026\/04\/map-sl-1024x629.jpg 1024w, https:\/\/www.leeb-balkone.com\/app\/uploads\/2026\/04\/map-sl-768x471.jpg 768w\" sizes=\"auto, (min-width: 1536px) 2048px, (min-width: 992px) 1536px, (min-width: 768px) 1024px, (min-width: 576px) 768px, 100vw\" \/><\/div>\n<\/div>\n\n\n\n<div class=\"wp-block-column is-vertically-aligned-center is-style-overlay-content is-layout-flow wp-block-column-is-layout-flow\">\n<div class=\"wp-block-group is-vertical is-layout-flex wp-container-core-group-is-layout-bd7877ba wp-block-group-is-layout-flex\">\n<h2 class=\"wp-block-heading has-step-2-font-size\">Posredniki v Sloveniji<\/h2>\n\n\n\n<p>Kompetentni LEEB partnerji v va\u0161i regiji. Osebno svetovanje, natan\u010dno na\u010drtovanje in strokovna monta\u017ea.<\/p>\n\n\n\n<div class=\"wp-block-buttons is-layout-flex wp-block-buttons-is-layout-flex\" style=\"margin-top:var(--wp--preset--spacing--2-xs)\">\n<div class=\"wp-block-button is-style-cta\"><a class=\"wp-block-button__link has-transparent-background-color has-background wp-element-button\" href=\"https:\/\/www.leeb-balkone.com\/sl\/distribucijski-partnerji\/\">Poi\u0161\u010dite prodajnega partnerja<span class=\"sr-only\"> Distribucijski partner Leeb Balkone Slovenija<\/span><\/a><\/div>\n<\/div>\n<\/div>\n<\/div>\n<\/div>\n<\/section>\n\n\n\n<section class=\"wp-block-group alignfull has-light-gray-background-color has-background has-global-padding is-layout-constrained wp-container-core-group-is-layout-52f96efc wp-block-group-is-layout-constrained\" id=\"beratungstermin\">\n<div class=\"wp-block-group m-teaser o-grid u-md-1 is-layout-flow wp-block-group-is-layout-flow\">\n<div class=\"wp-block-group u-g-7 u-g-s-2 is-layout-flow wp-block-group-is-layout-flow\" style=\"margin-bottom:var(--wp--preset--spacing--s)\">\n<h2 class=\"wp-block-heading\">Stopite v stik z nami<\/h2>\n\n\n\n<p><strong><strong>Na\u010drtujete projekt ali imate vpra\u0161anja o nas in na\u0161ih re\u0161itvah? Pi\u0161ite nam: z veseljem bomo odgovorili na va\u0161a vpra\u0161anja!<\/strong><\/strong><\/p>\n<\/div>\n<\/div>\n\n\n\n<div class=\"wp-block-group m-teaser o-grid u-md-1 is-layout-flow wp-block-group-is-layout-flow\">\n<div class=\"wp-block-group u-g-7 u-g-s-2 is-layout-flow wp-block-group-is-layout-flow\" style=\"margin-bottom:var(--wp--preset--spacing--s)\"><form action=\"https:\/\/www.leeb-balkone.com\/sl\/wp-json\/ws-form\/v1\/submit\" class=\"wsf-form wsf-form-canvas\" id=\"ws-form-1\" data-id=\"11\" data-instance-id=\"1\" method=\"POST\"><\/form>\n<\/div>\n\n\n\n<div class=\"wp-block-group u-g-3 u-g-s-9 is-layout-flow wp-block-group-is-layout-flow\"><div class=\"t3-sidebar-buttons wp-block-buttons is-layout-flex wp-block-buttons-is-layout-flex\"><div class=\"wp-block-button is-style-fill icon-book icon-left\">\n                        <a class=\"wp-block-button__link has-secondary-color has-white-background-color has-text-color has-background has-link-color wp-element-button\" href=\"https:\/\/www.leeb-balkone.com\/sl\/kontakt\/zahtevajte-katalog\/\" style=\"box-shadow:var(--wp--preset--shadow--box-shadow)\">Zahtevajte katalog<\/a>\n                    <\/div><\/div>\n<\/div>\n<\/div>\n<\/section>\n","protected":false},"excerpt":{"rendered":"","protected":false},"author":4,"featured_media":0,"parent":0,"menu_order":51,"comment_status":"closed","ping_status":"closed","template":"template-onepager.blade.php","meta":{"_acf_changed":false,"footnotes":"","_sage_theme_css":true,"_wp_block_core_css":true},"folder":[247,238],"class_list":["post-154860","page","type-page","status-publish","hentry"],"acf":[],"yoast_head":"<!-- This site is optimized with the Yoast SEO plugin v27.2 - https:\/\/yoast.com\/product\/yoast-seo-wordpress\/ -->\n<title>Raz\u0161iritev balkona &quot; Naknadna raz\u0161iritev balkona - % Leeb Balkone % Slovenija<\/title>\n<meta name=\"description\" content=\"Nadgradnja balkonskih podalj\u0161kov preverjene kakovosti vodilnega proizvajalca na trgu \u2713 Aluminijasti balkonski podalj\u0161ki *** LEEB Balkoni in ograje so \u0161tevilka 1 v Evropi - povpra\u0161ajte zdaj!\" \/>\n<meta name=\"robots\" content=\"index, follow, max-snippet:-1, max-image-preview:large, max-video-preview:-1\" \/>\n<meta property=\"og:locale\" content=\"sl_SI\" \/>\n<meta property=\"og:type\" content=\"article\" \/>\n<meta property=\"og:title\" content=\"Raz\u0161iritev balkona &quot; Naknadna raz\u0161iritev balkona - % Leeb Balkone %\" \/>\n<meta property=\"og:description\" content=\"Nadgradnja balkonskih podalj\u0161kov preverjene kakovosti vodilnega proizvajalca na trgu \u2713 Aluminijasti balkonski podalj\u0161ki *** LEEB Balkoni in ograje so \u0161tevilka 1 v Evropi - povpra\u0161ajte zdaj!\" \/>\n<meta property=\"og:url\" content=\"https:\/\/www.leeb-balkone.com\/sl\/montazni-balkoni\/\" \/>\n<meta property=\"og:site_name\" content=\"Leeb Balkone\" \/>\n<meta property=\"article:publisher\" content=\"https:\/\/www.facebook.com\/balkone\/\" \/>\n<meta property=\"article:modified_time\" content=\"2026-01-29T07:08:18+00:00\" \/>\n<meta property=\"og:image\" content=\"https:\/\/www.leeb-balkone.com\/app\/uploads\/2020\/07\/anbaubalkon-mit-stuetzen-50-1024x683.jpg\" \/>\n<meta name=\"twitter:card\" content=\"summary_large_image\" \/>\n<script type=\"application\/ld+json\" class=\"yoast-schema-graph\">{\"@context\":\"https:\/\/schema.org\",\"@graph\":[{\"@type\":\"WebPage\",\"@id\":\"https:\/\/www.leeb-balkone.com\/sl\/montazni-balkoni\/\",\"url\":\"https:\/\/www.leeb-balkone.com\/sl\/montazni-balkoni\/\",\"name\":\"Raz\u0161iritev balkona \\\" Naknadna raz\u0161iritev balkona - % Leeb Balkone %\",\"isPartOf\":{\"@id\":\"https:\/\/www.leeb-balkone.com\/sl\/#website\"},\"primaryImageOfPage\":{\"@id\":\"https:\/\/www.leeb-balkone.com\/sl\/montazni-balkoni\/#primaryimage\"},\"image\":{\"@id\":\"https:\/\/www.leeb-balkone.com\/sl\/montazni-balkoni\/#primaryimage\"},\"thumbnailUrl\":\"https:\/\/www.leeb-balkone.com\/app\/uploads\/2020\/07\/anbaubalkon-mit-stuetzen-50-1024x683.jpg\",\"datePublished\":\"2025-09-13T19:49:31+00:00\",\"dateModified\":\"2026-01-29T07:08:18+00:00\",\"description\":\"Nadgradnja balkonskih podalj\u0161kov preverjene kakovosti vodilnega proizvajalca na trgu \u2713 Aluminijasti balkonski podalj\u0161ki *** LEEB Balkoni in ograje so \u0161tevilka 1 v Evropi - povpra\u0161ajte zdaj!\",\"breadcrumb\":{\"@id\":\"https:\/\/www.leeb-balkone.com\/sl\/montazni-balkoni\/#breadcrumb\"},\"inLanguage\":\"sl-SI\",\"potentialAction\":[{\"@type\":\"ReadAction\",\"target\":[\"https:\/\/www.leeb-balkone.com\/sl\/montazni-balkoni\/\"]}]},{\"@type\":\"ImageObject\",\"inLanguage\":\"sl-SI\",\"@id\":\"https:\/\/www.leeb-balkone.com\/sl\/montazni-balkoni\/#primaryimage\",\"url\":\"https:\/\/www.leeb-balkone.com\/app\/uploads\/2020\/07\/anbaubalkon-mit-stuetzen-50-1024x683.jpg\",\"contentUrl\":\"https:\/\/www.leeb-balkone.com\/app\/uploads\/2020\/07\/anbaubalkon-mit-stuetzen-50-1024x683.jpg\"},{\"@type\":\"BreadcrumbList\",\"@id\":\"https:\/\/www.leeb-balkone.com\/sl\/montazni-balkoni\/#breadcrumb\",\"itemListElement\":[{\"@type\":\"ListItem\",\"position\":1,\"name\":\"Home\",\"item\":\"https:\/\/www.leeb-balkone.com\/sl\/\"},{\"@type\":\"ListItem\",\"position\":2,\"name\":\"Monta\u017eni balkoni\"}]},{\"@type\":\"WebSite\",\"@id\":\"https:\/\/www.leeb-balkone.com\/sl\/#website\",\"url\":\"https:\/\/www.leeb-balkone.com\/sl\/\",\"name\":\"Leeb Balkone\",\"description\":\"Balkone und Z\u00e4une\",\"publisher\":{\"@id\":\"https:\/\/www.leeb-balkone.com\/sl\/#organization\"},\"potentialAction\":[{\"@type\":\"SearchAction\",\"target\":{\"@type\":\"EntryPoint\",\"urlTemplate\":\"https:\/\/www.leeb-balkone.com\/sl\/?s={search_term_string}\"},\"query-input\":{\"@type\":\"PropertyValueSpecification\",\"valueRequired\":true,\"valueName\":\"search_term_string\"}}],\"inLanguage\":\"sl-SI\"},{\"@type\":\"Organization\",\"@id\":\"https:\/\/www.leeb-balkone.com\/sl\/#organization\",\"name\":\"Leeb Balkone Gmbh\",\"url\":\"https:\/\/www.leeb-balkone.com\/sl\/\",\"logo\":{\"@type\":\"ImageObject\",\"inLanguage\":\"sl-SI\",\"@id\":\"https:\/\/www.leeb-balkone.com\/sl\/#\/schema\/logo\/image\/\",\"url\":\"https:\/\/www.leeb-balkone.com\/app\/uploads\/2020\/11\/leeb-logo.svg\",\"contentUrl\":\"https:\/\/www.leeb-balkone.com\/app\/uploads\/2020\/11\/leeb-logo.svg\",\"width\":741,\"height\":204,\"caption\":\"Leeb Balkone Gmbh\"},\"image\":{\"@id\":\"https:\/\/www.leeb-balkone.com\/sl\/#\/schema\/logo\/image\/\"},\"sameAs\":[\"https:\/\/www.facebook.com\/balkone\/\",\"https:\/\/www.trustedshops.at\/bewertung\/info_X4587CCF5833E31AFE0B11F47D86999F2.html\",\"https:\/\/www.trustedshops.de\/bewertung\/info_X7BA536A7A0BDC86D36C4718E4DCAEEEF.html\",\"https:\/\/www.google.com\/maps\/place\/?q=place_id:ChIJ5-zH19-IcEcR9HonWRTllHI\"]}]}<\/script>\n<!-- \/ Yoast SEO plugin. -->","yoast_head_json":{"title":"Raz\u0161iritev balkona \" Naknadna raz\u0161iritev balkona - % Leeb Balkone % Slovenija","description":"Nadgradnja balkonskih podalj\u0161kov preverjene kakovosti vodilnega proizvajalca na trgu \u2713 Aluminijasti balkonski podalj\u0161ki *** LEEB Balkoni in ograje so \u0161tevilka 1 v Evropi - povpra\u0161ajte zdaj!","robots":{"index":"index","follow":"follow","max-snippet":"max-snippet:-1","max-image-preview":"max-image-preview:large","max-video-preview":"max-video-preview:-1"},"og_locale":"sl_SI","og_type":"article","og_title":"Raz\u0161iritev balkona \" Naknadna raz\u0161iritev balkona - % Leeb Balkone %","og_description":"Nadgradnja balkonskih podalj\u0161kov preverjene kakovosti vodilnega proizvajalca na trgu \u2713 Aluminijasti balkonski podalj\u0161ki *** LEEB Balkoni in ograje so \u0161tevilka 1 v Evropi - povpra\u0161ajte zdaj!","og_url":"https:\/\/www.leeb-balkone.com\/sl\/montazni-balkoni\/","og_site_name":"Leeb Balkone","article_publisher":"https:\/\/www.facebook.com\/balkone\/","article_modified_time":"2026-01-29T07:08:18+00:00","og_image":[{"url":"https:\/\/www.leeb-balkone.com\/app\/uploads\/2020\/07\/anbaubalkon-mit-stuetzen-50-1024x683.jpg","type":"","width":"","height":""}],"twitter_card":"summary_large_image","schema":{"@context":"https:\/\/schema.org","@graph":[{"@type":"WebPage","@id":"https:\/\/www.leeb-balkone.com\/sl\/montazni-balkoni\/","url":"https:\/\/www.leeb-balkone.com\/sl\/montazni-balkoni\/","name":"Raz\u0161iritev balkona \" Naknadna raz\u0161iritev balkona - % Leeb Balkone %","isPartOf":{"@id":"https:\/\/www.leeb-balkone.com\/sl\/#website"},"primaryImageOfPage":{"@id":"https:\/\/www.leeb-balkone.com\/sl\/montazni-balkoni\/#primaryimage"},"image":{"@id":"https:\/\/www.leeb-balkone.com\/sl\/montazni-balkoni\/#primaryimage"},"thumbnailUrl":"https:\/\/www.leeb-balkone.com\/app\/uploads\/2020\/07\/anbaubalkon-mit-stuetzen-50-1024x683.jpg","datePublished":"2025-09-13T19:49:31+00:00","dateModified":"2026-01-29T07:08:18+00:00","description":"Nadgradnja balkonskih podalj\u0161kov preverjene kakovosti vodilnega proizvajalca na trgu \u2713 Aluminijasti balkonski podalj\u0161ki *** LEEB Balkoni in ograje so \u0161tevilka 1 v Evropi - povpra\u0161ajte zdaj!","breadcrumb":{"@id":"https:\/\/www.leeb-balkone.com\/sl\/montazni-balkoni\/#breadcrumb"},"inLanguage":"sl-SI","potentialAction":[{"@type":"ReadAction","target":["https:\/\/www.leeb-balkone.com\/sl\/montazni-balkoni\/"]}]},{"@type":"ImageObject","inLanguage":"sl-SI","@id":"https:\/\/www.leeb-balkone.com\/sl\/montazni-balkoni\/#primaryimage","url":"https:\/\/www.leeb-balkone.com\/app\/uploads\/2020\/07\/anbaubalkon-mit-stuetzen-50-1024x683.jpg","contentUrl":"https:\/\/www.leeb-balkone.com\/app\/uploads\/2020\/07\/anbaubalkon-mit-stuetzen-50-1024x683.jpg"},{"@type":"BreadcrumbList","@id":"https:\/\/www.leeb-balkone.com\/sl\/montazni-balkoni\/#breadcrumb","itemListElement":[{"@type":"ListItem","position":1,"name":"Home","item":"https:\/\/www.leeb-balkone.com\/sl\/"},{"@type":"ListItem","position":2,"name":"Monta\u017eni balkoni"}]},{"@type":"WebSite","@id":"https:\/\/www.leeb-balkone.com\/sl\/#website","url":"https:\/\/www.leeb-balkone.com\/sl\/","name":"Leeb Balkone","description":"Balkone und Z\u00e4une","publisher":{"@id":"https:\/\/www.leeb-balkone.com\/sl\/#organization"},"potentialAction":[{"@type":"SearchAction","target":{"@type":"EntryPoint","urlTemplate":"https:\/\/www.leeb-balkone.com\/sl\/?s={search_term_string}"},"query-input":{"@type":"PropertyValueSpecification","valueRequired":true,"valueName":"search_term_string"}}],"inLanguage":"sl-SI"},{"@type":"Organization","@id":"https:\/\/www.leeb-balkone.com\/sl\/#organization","name":"Leeb Balkone Gmbh","url":"https:\/\/www.leeb-balkone.com\/sl\/","logo":{"@type":"ImageObject","inLanguage":"sl-SI","@id":"https:\/\/www.leeb-balkone.com\/sl\/#\/schema\/logo\/image\/","url":"https:\/\/www.leeb-balkone.com\/app\/uploads\/2020\/11\/leeb-logo.svg","contentUrl":"https:\/\/www.leeb-balkone.com\/app\/uploads\/2020\/11\/leeb-logo.svg","width":741,"height":204,"caption":"Leeb Balkone Gmbh"},"image":{"@id":"https:\/\/www.leeb-balkone.com\/sl\/#\/schema\/logo\/image\/"},"sameAs":["https:\/\/www.facebook.com\/balkone\/","https:\/\/www.trustedshops.at\/bewertung\/info_X4587CCF5833E31AFE0B11F47D86999F2.html","https:\/\/www.trustedshops.de\/bewertung\/info_X7BA536A7A0BDC86D36C4718E4DCAEEEF.html","https:\/\/www.google.com\/maps\/place\/?q=place_id:ChIJ5-zH19-IcEcR9HonWRTllHI"]}]}},"_links":{"self":[{"href":"https:\/\/www.leeb-balkone.com\/sl\/wp-json\/wp\/v2\/pages\/154860","targetHints":{"allow":["GET"]}}],"collection":[{"href":"https:\/\/www.leeb-balkone.com\/sl\/wp-json\/wp\/v2\/pages"}],"about":[{"href":"https:\/\/www.leeb-balkone.com\/sl\/wp-json\/wp\/v2\/types\/page"}],"author":[{"embeddable":true,"href":"https:\/\/www.leeb-balkone.com\/sl\/wp-json\/wp\/v2\/users\/4"}],"replies":[{"embeddable":true,"href":"https:\/\/www.leeb-balkone.com\/sl\/wp-json\/wp\/v2\/comments?post=154860"}],"version-history":[{"count":24,"href":"https:\/\/www.leeb-balkone.com\/sl\/wp-json\/wp\/v2\/pages\/154860\/revisions"}],"predecessor-version":[{"id":163824,"href":"https:\/\/www.leeb-balkone.com\/sl\/wp-json\/wp\/v2\/pages\/154860\/revisions\/163824"}],"wp:attachment":[{"href":"https:\/\/www.leeb-balkone.com\/sl\/wp-json\/wp\/v2\/media?parent=154860"}],"wp:term":[{"taxonomy":"folder","embeddable":true,"href":"https:\/\/www.leeb-balkone.com\/sl\/wp-json\/wp\/v2\/folder?post=154860"}],"curies":[{"name":"wp","href":"https:\/\/api.w.org\/{rel}","templated":true}]}}