{"id":154700,"date":"2025-09-13T16:44:29","date_gmt":"2025-09-13T16:44:29","guid":{"rendered":"https:\/\/www.leeb-balkone.com\/de\/produkti\/aluminijasti-balkoni\/"},"modified":"2026-03-20T13:47:39","modified_gmt":"2026-03-20T13:47:39","slug":"aluminijasti-balkoni","status":"publish","type":"page","link":"https:\/\/www.leeb-balkone.com\/sl\/balkoni\/aluminijasti-balkoni\/","title":{"rendered":"Aluminijasti balkoni"},"content":{"rendered":"\n<section class=\"wp-block-group alignfull t3-header t3-header-splitscreen t3-splitscreen-shadow h-zi-20 has-light-gray-background-color has-background has-global-padding is-layout-constrained wp-container-core-group-is-layout-f1ad4950 wp-block-group-is-layout-constrained\" style=\"padding-top:0;padding-bottom:0\">\n<div class=\"wp-block-columns h-flx-a-s m-split is-layout-flex wp-container-core-columns-is-layout-28f84493 wp-block-columns-is-layout-flex\">\n<div class=\"wp-block-column is-vertically-aligned-top h-flx-a-s m-split-col-content is-layout-flow wp-block-column-is-layout-flow\"><div class=\"yoast-breadcrumbs\"><span><span><a href=\"https:\/\/www.leeb-balkone.com\/sl\/\">Home<\/a><\/span> \/ <span><a href=\"https:\/\/www.leeb-balkone.com\/sl\/balkoni\/\">Balkoni<\/a><\/span> \/ <span class=\"breadcrumb_last\" aria-current=\"page\">Aluminijasti balkoni<\/span><\/span><\/div>\n\n<h1 class=\"wp-block-post-title\">Aluminijasti balkoni<\/h1>\n\n\n<p class=\"is-style-default has-step-0-font-size\" style=\"margin-bottom:0\">Aluminijaste balkonske ograje Leeb, ki se enostavno vzdr\u017eujejo, navdu\u0161ujejo s patentiranim pra\u0161nim premazom ALU COMFORT PLUS\u00ae, najve\u010djo odpornostjo proti vremenskim vplivom in individualno raznolikostjo oblikovanja. Izkoristite prednosti inovativne tehnologije, prilagojenih celovitih storitev in certificirane kakovosti vodilnega evropskega proizvajalca.   <\/p>\n\n\n\n<div class=\"wp-block-buttons is-layout-flex wp-block-buttons-is-layout-flex\" style=\"margin-top:var(--wp--preset--spacing--l)\">\n<div class=\"wp-block-button is-style-cta icon-book icon-left\"><a class=\"wp-block-button__link wp-element-button\" href=\"https:\/\/www.leeb-balkone.com\/sl\/kontakt\/zahtevajte-katalog\/\">Zahtevajte katalog<\/a><\/div>\n\n\n\n<div class=\"wp-block-button is-style-cta icon-vp icon-left\"><a class=\"wp-block-button__link wp-element-button\" href=\"https:\/\/www.leeb-balkone.com\/sl\/distribucijski-partnerji\/\">Poi\u0161\u010dite kontaktno osebo<span class=\"sr-only\"> Slovenija<\/span><\/a><\/div>\n<\/div>\n<\/div>\n\n\n\n<div class=\"wp-block-column is-vertically-aligned-stretch h-hide-md-down is-style-image-cover is-layout-flow wp-block-column-is-layout-flow\">\n<figure class=\"wp-block-image size-large\"><img loading=\"lazy\" decoding=\"async\" width=\"1024\" height=\"683\" src=\"https:\/\/www.leeb-balkone.com\/app\/uploads\/2020\/06\/balkongelaender-alu-design-barcelona-34-1024x683.jpg\" alt=\"balkongelaender alu design barcelona\" class=\"wp-image-132141\" srcset=\"https:\/\/www.leeb-balkone.com\/app\/uploads\/2020\/06\/balkongelaender-alu-design-barcelona-34-1024x683.jpg 1024w, https:\/\/www.leeb-balkone.com\/app\/uploads\/2020\/06\/balkongelaender-alu-design-barcelona-34-300x200.jpg 300w, https:\/\/www.leeb-balkone.com\/app\/uploads\/2020\/06\/balkongelaender-alu-design-barcelona-34-768x512.jpg 768w, https:\/\/www.leeb-balkone.com\/app\/uploads\/2020\/06\/balkongelaender-alu-design-barcelona-34-1536x1025.jpg 1536w, https:\/\/www.leeb-balkone.com\/app\/uploads\/2020\/06\/balkongelaender-alu-design-barcelona-34-2048x1367.jpg 2048w\" sizes=\"auto, (max-width: 1024px) 100vw, 1024px\" \/><\/figure>\n<\/div>\n<\/div>\n<\/section>\n\n\n\n<section class=\"wp-block-group alignfull has-white-background-color has-background has-global-padding is-layout-constrained wp-container-core-group-is-layout-52f96efc wp-block-group-is-layout-constrained\" id=\"modelle\">\n<div class=\"wp-block-group m-teaser o-grid u-md-1 is-layout-flow wp-block-group-is-layout-flow\">\n<div class=\"wp-block-group u-g-10 u-g-s-2 is-layout-flow wp-block-group-is-layout-flow\" style=\"margin-bottom:var(--wp--preset--spacing--s)\">\n<h2 class=\"wp-block-heading has-text-align-center has-step-2-font-size\">Modeli<\/h2>\n\n\n\n<p class=\"has-text-align-center is-style-default\"><em>Balkoni Select<\/em> so aluminijasti balkoni, ki jih je mogo\u010de individualno konfigurirati in delujejo po modularnem na\u010delu. Za aluminijasto-steklene in steklene balkonske ograje uporabljamo <em>steklo<\/em> iz lastne proizvodnje. <em>Serija Perfor\u00e9e<\/em> predstavlja sodobne aluminijaste balkonske ograje z zna\u010dilnimi, v\u010dasih umetni\u0161kimi perforacijami. Pra\u0161ni premaz Leeb je na voljo v vseh barvah RAL in \u0161tevilnih posebnih barvah ter v zavajajo\u010de resni\u010dnem videzu lesa.  <\/p>\n<\/div>\n<\/div>\n\n\n<nav class=\"loop-filter-list\" aria-label=\"Filter\"><ul role=\"tablist\"><li role=\"presentation\"><button type=\"button\" role=\"tab\" aria-selected=\"true\" class=\"loop-filter-link is-active\" data-filter=\"all\">Prika\u017ei vse<\/button><\/li><li role=\"presentation\"><button type=\"button\" role=\"tab\" aria-selected=\"false\" class=\"loop-filter-link\" data-filter=\"alu-classic-sl\">ALU Classic<\/button><\/li><li role=\"presentation\"><button type=\"button\" role=\"tab\" aria-selected=\"false\" class=\"loop-filter-link\" data-filter=\"alu-design-sl\">ALU Design<\/button><\/li><li role=\"presentation\"><button type=\"button\" role=\"tab\" aria-selected=\"false\" class=\"loop-filter-link\" data-filter=\"alu-glas-sl\">ALU Glas<\/button><\/li><li role=\"presentation\"><button type=\"button\" role=\"tab\" aria-selected=\"false\" class=\"loop-filter-link\" data-filter=\"alu-select-sl\">ALU Select<\/button><\/li><li role=\"presentation\"><button type=\"button\" role=\"tab\" aria-selected=\"false\" class=\"loop-filter-link\" data-filter=\"alu-wooden-sl\">ALU Wooden<\/button><\/li><\/ul><\/nav><div id=\"loop-block-69f4056159b2d\" class=\"wp-block-group wp-block-t3-loop-block__wrapper t3-block-cards u-grid-temp has-3-cols is-style-transparent-cards gap-sm\" data-block-id=\"loop-block-69f4056159b2d\" data-load-more=\"true\" data-load-more-enabled=\"true\" data-loaded=\"9\" data-total=\"60\" data-current-filter=\"all\" data-attributes=\"{&quot;postTypes&quot;:[&quot;product&quot;],&quot;postsPerPage&quot;:-1,&quot;categorySlugs&quot;:[&quot;balkongelaender-alu&quot;],&quot;sortOption&quot;:&quot;sticky&quot;,&quot;orderOption&quot;:&quot;asc&quot;,&quot;orderingField&quot;:&quot;product_order&quot;,&quot;acfExcerptField&quot;:&quot;product_teaser&quot;,&quot;showFilter&quot;:true,&quot;filterChildren&quot;:true,&quot;limitVisible&quot;:true,&quot;className&quot;:&quot;is-style-transparent-cards gap-sm&quot;,&quot;columns&quot;:3,&quot;visibleCount&quot;:9,&quot;linkTitle&quot;:&quot;&quot;,&quot;showLinkStyle&quot;:false,&quot;enableSchema&quot;:false,&quot;enableAcfFields&quot;:false,&quot;acfImageField&quot;:&quot;&quot;,&quot;acfTextFields&quot;:&quot;&quot;,&quot;acfFieldsUseTemplate&quot;:false}\">\n<div id=\"post-17942\" class=\"loop-block-item wp-block-group m-card is-layout-flow wp-block-group-is-layout-flow aluminijasti-balkoni vertikales-design-alu-sl\">\n    <a href=\"https:\/\/www.leeb-balkone.com\/sl\/balkoni\/aluminijasti-balkoni\/vilshofen-luxus\/\" class=\"no-default-link\" title=\"ALU Classic | Vilshofen Luxus\">\n        <figure data-imgid=\"16291\" class=\"wp-block-image size-large\">\n            <img loading=\"lazy\" decoding=\"async\" width=\"300\" height=\"200\" src=\"https:\/\/www.leeb-balkone.com\/app\/uploads\/2020\/07\/balkongelaender-alu-classic-vilshofen-luxus-19-300x200.jpeg\" class=\"attachment-medium size-medium\" alt=\"Balkonska ograja z navpi\u010dnimi letvami, spremenljivim dekorjem in ograjo iz nerjave\u010dega jekla - Aluminijasti balkon Alu Classic Vilshofen Luxus\" title=\"balkongelaender-alu-classic-vilshofen-luxus-19\" srcset=\"https:\/\/www.leeb-balkone.com\/app\/uploads\/2020\/07\/balkongelaender-alu-classic-vilshofen-luxus-19-300x200.jpeg 300w, https:\/\/www.leeb-balkone.com\/app\/uploads\/2020\/07\/balkongelaender-alu-classic-vilshofen-luxus-19-1024x683.jpeg 1024w, https:\/\/www.leeb-balkone.com\/app\/uploads\/2020\/07\/balkongelaender-alu-classic-vilshofen-luxus-19-768x512.jpeg 768w, https:\/\/www.leeb-balkone.com\/app\/uploads\/2020\/07\/balkongelaender-alu-classic-vilshofen-luxus-19-1536x1024.jpeg 1536w, https:\/\/www.leeb-balkone.com\/app\/uploads\/2020\/07\/balkongelaender-alu-classic-vilshofen-luxus-19-2048x1366.jpeg 2048w\" sizes=\"auto, (min-width: 1200px) 260px, (min-width: 1024px) 220px, (min-width: 640px) 465px, 768px\" \/>                    <\/figure>\n        <div class=\"wp-block-group m-card-content is-vertical is-layout-flex wp-block-group-is-layout-flex\">\n            <h3 class=\"wp-block-heading\">\n                ALU Classic | Vilshofen Luxus            <\/h3>\n                        <p>Elegantna alu balkonska ograja z izdatnim okrasjem<\/p>        <\/div>\n            <\/a>\n<\/div>\n<div id=\"post-144514\" class=\"loop-block-item wp-block-group m-card is-layout-flow wp-block-group-is-layout-flow aluminijasti-balkoni perforee\">\n    <a href=\"https:\/\/www.leeb-balkone.com\/sl\/balkoni\/aluminijasti-balkoni\/taifun\/\" class=\"no-default-link\" title=\"Taifun\">\n        <figure data-imgid=\"144652\" class=\"wp-block-image size-large\">\n            <img loading=\"lazy\" decoding=\"async\" width=\"300\" height=\"225\" src=\"https:\/\/www.leeb-balkone.com\/app\/uploads\/2025\/02\/taifun-alu-lochblech-blau-balkongelaender-mit-feiner-perforierung-minimal-triangel-300x225.jpeg\" class=\"attachment-medium size-medium\" alt=\"taifun alu lochblech blau balkongelaender mit feiner perforierung minimal triangel\" title=\"taifun-alu-lochblech-blau-balkongelaender-mit-feiner-perforierung-minimal-triangel\" srcset=\"https:\/\/www.leeb-balkone.com\/app\/uploads\/2025\/02\/taifun-alu-lochblech-blau-balkongelaender-mit-feiner-perforierung-minimal-triangel-300x225.jpeg 300w, https:\/\/www.leeb-balkone.com\/app\/uploads\/2025\/02\/taifun-alu-lochblech-blau-balkongelaender-mit-feiner-perforierung-minimal-triangel-1024x768.jpeg 1024w, https:\/\/www.leeb-balkone.com\/app\/uploads\/2025\/02\/taifun-alu-lochblech-blau-balkongelaender-mit-feiner-perforierung-minimal-triangel-768x576.jpeg 768w, https:\/\/www.leeb-balkone.com\/app\/uploads\/2025\/02\/taifun-alu-lochblech-blau-balkongelaender-mit-feiner-perforierung-minimal-triangel-1536x1152.jpeg 1536w, https:\/\/www.leeb-balkone.com\/app\/uploads\/2025\/02\/taifun-alu-lochblech-blau-balkongelaender-mit-feiner-perforierung-minimal-triangel-2048x1536.jpeg 2048w\" sizes=\"auto, (min-width: 1200px) 260px, (min-width: 1024px) 220px, (min-width: 640px) 465px, 768px\" \/>                    <\/figure>\n        <div class=\"wp-block-group m-card-content is-vertical is-layout-flex wp-block-group-is-layout-flex\">\n            <h3 class=\"wp-block-heading\">\n                Taifun            <\/h3>\n                        <p>Perforirana aluminijasta balkonska ograja s perforacijo Minimalni trikotnik<\/p>        <\/div>\n            <\/a>\n<\/div>\n<div id=\"post-17938\" class=\"loop-block-item wp-block-group m-card is-layout-flow wp-block-group-is-layout-flow aluminijasti-balkoni vertikales-design-alu-sl\">\n    <a href=\"https:\/\/www.leeb-balkone.com\/sl\/balkoni\/aluminijasti-balkoni\/vilshofen\/\" class=\"no-default-link\" title=\"ALU Classic | Vilshofen\">\n        <figure data-imgid=\"21431\" class=\"wp-block-image size-large\">\n            <img loading=\"lazy\" decoding=\"async\" width=\"300\" height=\"225\" src=\"https:\/\/www.leeb-balkone.com\/app\/uploads\/2020\/07\/balkongelaender-alu-classic-vilshofen-24-300x225.jpg\" class=\"attachment-medium size-medium\" alt=\"Brez\u010dasna aluminijasta balkonska ograja z ograjo iz nerjave\u010dega jekla - Aluminijasti balkon Alu Classic Vilshofen\" title=\"balkongelaender-alu-classic-vilshofen-24\" srcset=\"https:\/\/www.leeb-balkone.com\/app\/uploads\/2020\/07\/balkongelaender-alu-classic-vilshofen-24-300x225.jpg 300w, https:\/\/www.leeb-balkone.com\/app\/uploads\/2020\/07\/balkongelaender-alu-classic-vilshofen-24-1024x768.jpg 1024w, https:\/\/www.leeb-balkone.com\/app\/uploads\/2020\/07\/balkongelaender-alu-classic-vilshofen-24-768x576.jpg 768w, https:\/\/www.leeb-balkone.com\/app\/uploads\/2020\/07\/balkongelaender-alu-classic-vilshofen-24-1536x1152.jpg 1536w, https:\/\/www.leeb-balkone.com\/app\/uploads\/2020\/07\/balkongelaender-alu-classic-vilshofen-24-2048x1536.jpg 2048w\" sizes=\"auto, (min-width: 1200px) 260px, (min-width: 1024px) 220px, (min-width: 640px) 465px, 768px\" \/>                    <\/figure>\n        <div class=\"wp-block-group m-card-content is-vertical is-layout-flex wp-block-group-is-layout-flex\">\n            <h3 class=\"wp-block-heading\">\n                ALU Classic | Vilshofen            <\/h3>\n                        <p>Brez\u010dasna alu balkonska ograja \u2013 tudi z videzom lesa<\/p>        <\/div>\n            <\/a>\n<\/div>\n<div id=\"post-144544\" class=\"loop-block-item wp-block-group m-card is-layout-flow wp-block-group-is-layout-flow aluminijasti-balkoni\">\n    <a href=\"https:\/\/www.leeb-balkone.com\/sl\/balkoni\/aluminijasti-balkoni\/yaku\/\" class=\"no-default-link\" title=\"Yaku\">\n        <figure data-imgid=\"159476\" class=\"wp-block-image size-large\">\n            <img loading=\"lazy\" decoding=\"async\" width=\"300\" height=\"225\" src=\"https:\/\/www.leeb-balkone.com\/app\/uploads\/2025\/02\/Yaku-Alu-Lochblech-Balkongelaender-mit-Langloch-Perforierung-Vertical-Gradient-300x225.png\" class=\"attachment-medium size-medium\" alt=\"Yaku Alu Lochblech Balkongelaender mit Langloch Perforierung Vertical Gradient\" title=\"Yaku Alu Lochblech Balkongela\u0308nder mit Langloch Perforierung Vertical Gradient\" srcset=\"https:\/\/www.leeb-balkone.com\/app\/uploads\/2025\/02\/Yaku-Alu-Lochblech-Balkongelaender-mit-Langloch-Perforierung-Vertical-Gradient-300x225.png 300w, https:\/\/www.leeb-balkone.com\/app\/uploads\/2025\/02\/Yaku-Alu-Lochblech-Balkongelaender-mit-Langloch-Perforierung-Vertical-Gradient-1024x768.png 1024w, https:\/\/www.leeb-balkone.com\/app\/uploads\/2025\/02\/Yaku-Alu-Lochblech-Balkongelaender-mit-Langloch-Perforierung-Vertical-Gradient-768x576.png 768w, https:\/\/www.leeb-balkone.com\/app\/uploads\/2025\/02\/Yaku-Alu-Lochblech-Balkongelaender-mit-Langloch-Perforierung-Vertical-Gradient-1536x1152.png 1536w, https:\/\/www.leeb-balkone.com\/app\/uploads\/2025\/02\/Yaku-Alu-Lochblech-Balkongelaender-mit-Langloch-Perforierung-Vertical-Gradient-2048x1536.png 2048w\" sizes=\"auto, (min-width: 1200px) 260px, (min-width: 1024px) 220px, (min-width: 640px) 465px, 768px\" \/>                    <\/figure>\n        <div class=\"wp-block-group m-card-content is-vertical is-layout-flex wp-block-group-is-layout-flex\">\n            <h3 class=\"wp-block-heading\">\n                Yaku            <\/h3>\n                        <p>Perforirana aluminijasta balkonska ograja z re\u017easto perforacijo Vertikalni naklon<\/p>        <\/div>\n            <\/a>\n<\/div>\n<div id=\"post-18015\" class=\"loop-block-item wp-block-group m-card is-layout-flow wp-block-group-is-layout-flow aluminijasti-balkoni horizontales-diagonales-design-alu-sl\">\n    <a href=\"https:\/\/www.leeb-balkone.com\/sl\/balkoni\/aluminijasti-balkoni\/madrid\/\" class=\"no-default-link\" title=\"ALU Design | Madrid\">\n        <figure data-imgid=\"16333\" class=\"wp-block-image size-large\">\n            <img loading=\"lazy\" decoding=\"async\" width=\"300\" height=\"200\" src=\"https:\/\/www.leeb-balkone.com\/app\/uploads\/2020\/07\/edelstahl-zaun-alu-madrid-11-1-300x200.jpg\" class=\"attachment-medium size-medium\" alt=\"edelstahl zaun alu madrid 11\" title=\"edelstahl-zaun-alu-madrid-11 (1)\" srcset=\"https:\/\/www.leeb-balkone.com\/app\/uploads\/2020\/07\/edelstahl-zaun-alu-madrid-11-1-300x200.jpg 300w, https:\/\/www.leeb-balkone.com\/app\/uploads\/2020\/07\/edelstahl-zaun-alu-madrid-11-1-1024x683.jpg 1024w, https:\/\/www.leeb-balkone.com\/app\/uploads\/2020\/07\/edelstahl-zaun-alu-madrid-11-1-768x512.jpg 768w, https:\/\/www.leeb-balkone.com\/app\/uploads\/2020\/07\/edelstahl-zaun-alu-madrid-11-1-1536x1025.jpg 1536w, https:\/\/www.leeb-balkone.com\/app\/uploads\/2020\/07\/edelstahl-zaun-alu-madrid-11-1-2048x1366.jpg 2048w\" sizes=\"auto, (min-width: 1200px) 260px, (min-width: 1024px) 220px, (min-width: 640px) 465px, 768px\" \/>                    <\/figure>\n        <div class=\"wp-block-group m-card-content is-vertical is-layout-flex wp-block-group-is-layout-flex\">\n            <h3 class=\"wp-block-heading\">\n                ALU Design | Madrid            <\/h3>\n                        <p>Sodobna balkonska ograja s profili iz nerjavnega jekla<\/p>        <\/div>\n            <\/a>\n<\/div>\n<div id=\"post-18059\" class=\"loop-block-item wp-block-group m-card is-layout-flow wp-block-group-is-layout-flow alu-glas-sl aluminijasti-balkoni\">\n    <a href=\"https:\/\/www.leeb-balkone.com\/sl\/balkoni\/aluminijasti-balkoni\/vitro\/\" class=\"no-default-link\" title=\"ALU Design | Vitro\">\n        <figure data-imgid=\"16285\" class=\"wp-block-image size-large\">\n            <img loading=\"lazy\" decoding=\"async\" width=\"300\" height=\"200\" src=\"https:\/\/www.leeb-balkone.com\/app\/uploads\/2020\/07\/glas-balkongelaender-alu-design-vitro-ret-1-300x200.jpg\" class=\"attachment-medium size-medium\" alt=\"glas balkongelaender alu design vitro ret\" title=\"glas-balkongelaender-alu-design-vitro-ret-1\" srcset=\"https:\/\/www.leeb-balkone.com\/app\/uploads\/2020\/07\/glas-balkongelaender-alu-design-vitro-ret-1-300x200.jpg 300w, https:\/\/www.leeb-balkone.com\/app\/uploads\/2020\/07\/glas-balkongelaender-alu-design-vitro-ret-1-1024x684.jpg 1024w, https:\/\/www.leeb-balkone.com\/app\/uploads\/2020\/07\/glas-balkongelaender-alu-design-vitro-ret-1-768x513.jpg 768w, https:\/\/www.leeb-balkone.com\/app\/uploads\/2020\/07\/glas-balkongelaender-alu-design-vitro-ret-1-1536x1025.jpg 1536w, https:\/\/www.leeb-balkone.com\/app\/uploads\/2020\/07\/glas-balkongelaender-alu-design-vitro-ret-1-2048x1367.jpg 2048w\" sizes=\"auto, (min-width: 1200px) 260px, (min-width: 1024px) 220px, (min-width: 640px) 465px, 768px\" \/>                    <\/figure>\n        <div class=\"wp-block-group m-card-content is-vertical is-layout-flex wp-block-group-is-layout-flex\">\n            <h3 class=\"wp-block-heading\">\n                ALU Design | Vitro            <\/h3>\n                        <p>Balkon s steklenim polnilom v trdnem alu okvirju<\/p>        <\/div>\n            <\/a>\n<\/div>\n<div id=\"post-18087\" class=\"loop-block-item wp-block-group m-card is-layout-flow wp-block-group-is-layout-flow alu-select-sl aluminijasti-balkoni\">\n    <a href=\"https:\/\/www.leeb-balkone.com\/sl\/balkoni\/aluminijasti-balkoni\/roma\/\" class=\"no-default-link\" title=\"ALU Select | Roma\">\n        <figure data-imgid=\"50751\" class=\"wp-block-image size-large\">\n            <img loading=\"lazy\" decoding=\"async\" width=\"300\" height=\"200\" src=\"https:\/\/www.leeb-balkone.com\/app\/uploads\/2020\/07\/balkongelaender-alu-select-roma-24-1-300x200.jpg\" class=\"attachment-medium size-medium\" alt=\"balkongelaender alu select roma 24\" title=\"balkongelaender-alu-select-roma-24 (1)\" srcset=\"https:\/\/www.leeb-balkone.com\/app\/uploads\/2020\/07\/balkongelaender-alu-select-roma-24-1-300x200.jpg 300w, https:\/\/www.leeb-balkone.com\/app\/uploads\/2020\/07\/balkongelaender-alu-select-roma-24-1-1024x684.jpg 1024w, https:\/\/www.leeb-balkone.com\/app\/uploads\/2020\/07\/balkongelaender-alu-select-roma-24-1-768x513.jpg 768w, https:\/\/www.leeb-balkone.com\/app\/uploads\/2020\/07\/balkongelaender-alu-select-roma-24-1-1536x1025.jpg 1536w, https:\/\/www.leeb-balkone.com\/app\/uploads\/2020\/07\/balkongelaender-alu-select-roma-24-1-scaled.jpg 2048w\" sizes=\"auto, (min-width: 1200px) 260px, (min-width: 1024px) 220px, (min-width: 640px) 465px, 768px\" \/>                    <\/figure>\n        <div class=\"wp-block-group m-card-content is-vertical is-layout-flex wp-block-group-is-layout-flex\">\n            <h3 class=\"wp-block-heading\">\n                ALU Select | Roma            <\/h3>\n                        <p>Kompakten balkon z veliko izbiro okrasja<\/p>        <\/div>\n            <\/a>\n<\/div>\n<div id=\"post-18051\" class=\"loop-block-item wp-block-group m-card is-layout-flow wp-block-group-is-layout-flow alu-glas-sl aluminijasti-balkoni\">\n    <a href=\"https:\/\/www.leeb-balkone.com\/sl\/balkoni\/aluminijasti-balkoni\/vision\/\" class=\"no-default-link\" title=\"ALU Design | Vision\">\n        <figure data-imgid=\"15945\" class=\"wp-block-image size-large\">\n            <img loading=\"lazy\" decoding=\"async\" width=\"300\" height=\"225\" src=\"https:\/\/www.leeb-balkone.com\/app\/uploads\/2020\/09\/glas-balkongelaender-alu-design-vision-31-2-300x225.jpg\" class=\"attachment-medium size-medium\" alt=\"glas balkongelaender alu design vision 31\" title=\"glas-balkongelaender-alu-design-vision-31-2\" srcset=\"https:\/\/www.leeb-balkone.com\/app\/uploads\/2020\/09\/glas-balkongelaender-alu-design-vision-31-2-300x225.jpg 300w, https:\/\/www.leeb-balkone.com\/app\/uploads\/2020\/09\/glas-balkongelaender-alu-design-vision-31-2-1024x767.jpg 1024w, https:\/\/www.leeb-balkone.com\/app\/uploads\/2020\/09\/glas-balkongelaender-alu-design-vision-31-2-768x575.jpg 768w, https:\/\/www.leeb-balkone.com\/app\/uploads\/2020\/09\/glas-balkongelaender-alu-design-vision-31-2-1536x1151.jpg 1536w, https:\/\/www.leeb-balkone.com\/app\/uploads\/2020\/09\/glas-balkongelaender-alu-design-vision-31-2-2048x1535.jpg 2048w\" sizes=\"auto, (min-width: 1200px) 260px, (min-width: 1024px) 220px, (min-width: 640px) 465px, 768px\" \/>                    <\/figure>\n        <div class=\"wp-block-group m-card-content is-vertical is-layout-flex wp-block-group-is-layout-flex\">\n            <h3 class=\"wp-block-heading\">\n                ALU Design | Vision            <\/h3>\n                        <p>Sodobna steklena ograja z alu dr\u017ealom<\/p>        <\/div>\n            <\/a>\n<\/div>\n<div id=\"post-18065\" class=\"loop-block-item wp-block-group m-card is-layout-flow wp-block-group-is-layout-flow alu-select-sl aluminijasti-balkoni\">\n    <a href=\"https:\/\/www.leeb-balkone.com\/sl\/balkoni\/aluminijasti-balkoni\/imola\/\" class=\"no-default-link\" title=\"ALU Select | Imola\">\n        <figure data-imgid=\"14235\" class=\"wp-block-image size-large\">\n            <img loading=\"lazy\" decoding=\"async\" width=\"300\" height=\"200\" src=\"https:\/\/www.leeb-balkone.com\/app\/uploads\/2020\/07\/balkongelaender-alu-select-imola-7-300x200.jpg\" class=\"attachment-medium size-medium\" alt=\"balkongelaender alu select imola\" title=\"balkongelaender-alu-select-imola-7\" srcset=\"https:\/\/www.leeb-balkone.com\/app\/uploads\/2020\/07\/balkongelaender-alu-select-imola-7-300x200.jpg 300w, https:\/\/www.leeb-balkone.com\/app\/uploads\/2020\/07\/balkongelaender-alu-select-imola-7-1024x683.jpg 1024w, https:\/\/www.leeb-balkone.com\/app\/uploads\/2020\/07\/balkongelaender-alu-select-imola-7-768x512.jpg 768w, https:\/\/www.leeb-balkone.com\/app\/uploads\/2020\/07\/balkongelaender-alu-select-imola-7-1536x1024.jpg 1536w, https:\/\/www.leeb-balkone.com\/app\/uploads\/2020\/07\/balkongelaender-alu-select-imola-7-2048x1366.jpg 2048w\" sizes=\"auto, (min-width: 1200px) 260px, (min-width: 1024px) 220px, (min-width: 640px) 465px, 768px\" \/>                    <\/figure>\n        <div class=\"wp-block-group m-card-content is-vertical is-layout-flex wp-block-group-is-layout-flex\">\n            <h3 class=\"wp-block-heading\">\n                ALU Select | Imola            <\/h3>\n                        <p>Premo\u010drtna elegantna balkonska ograja iz aluminija<\/p>        <\/div>\n            <\/a>\n<\/div><\/div><div class=\"loop-load-more-wrapper\">  <div class=\"loop-load-more wp-block-button is-style-filled-secondary\">    <a href=\"#\" class=\"wp-block-button__link wp-element-button\" role=\"button\" tabindex=\"0\" aria-expanded=\"false\" aria-controls=\"loop-block-69f4056159b2d\">Nalo\u017ei ve\u010d<\/a>  <\/div><\/div><\/section>\n\n\n\n\n\n<section class=\"wp-block-group alignfull has-light-gray-background-color has-background has-global-padding is-layout-constrained wp-container-core-group-is-layout-52f96efc wp-block-group-is-layout-constrained\" id=\"service-qualitaet\">\n<div class=\"wp-block-group o-grid u-md-1 is-layout-flow wp-block-group-is-layout-flow\">\n<div class=\"wp-block-group u-g-9 u-g-s-2 is-layout-flow wp-block-group-is-layout-flow\" style=\"margin-bottom:var(--wp--preset--spacing--s)\">\n<h2 class=\"wp-block-heading\">Aluminijasti balkoni vodilnega proizvajalca na trgu<\/h2>\n\n\n\n<p><span class=\"teaser\">Podjetje Leeb Balconies je \u0161tevilka 1 v Evropi na podro\u010dju aluminijastih balkonskih ograj. Ponudba obsega ve\u010d kot 200 razli\u010dnih modelov balkonskih ograj, ki so individualno prilagojeni in izpolnjujejo najvi\u0161je standarde kakovosti, trajnosti in oblikovanja. <\/span><\/p>\n\n\n\n<p>Podjetje Leeb Balconies predstavlja prilagojene, lahko vzdr\u017eevane in trajne aluminijaste balkone vrhunske kakovosti &#8211; z inovativno povr\u0161insko obdelavo, \u0161iroko paleto modelov in celovito storitvijo vodilnega podjetja na trgu za stranke v Avstriji, Nem\u010diji, \u0160vici, Italiji, Franciji in Sloveniji.<\/p>\n<\/div>\n<\/div>\n\n\n\n<div class=\"wp-block-group small is-style-white-cards sm-2-cols is-layout-grid wp-container-core-group-is-layout-7785d981 wp-block-group-is-layout-grid\">\n<div class=\"wp-block-group m-card has-modal is-layout-flow wp-container-core-group-is-layout-8a368f38 wp-block-group-is-layout-flow\" data-modal-id=\"150759\">\n<figure class=\"wp-block-image size-large is-style-default\"><img loading=\"lazy\" decoding=\"async\" width=\"1024\" height=\"614\" src=\"https:\/\/www.leeb-balkone.com\/app\/uploads\/2022\/05\/Glashalle-Leeb-1024x614.jpg\" alt=\"Glashalle Leeb\" class=\"wp-image-83632\" srcset=\"https:\/\/www.leeb-balkone.com\/app\/uploads\/2022\/05\/Glashalle-Leeb-1024x614.jpg 1024w, https:\/\/www.leeb-balkone.com\/app\/uploads\/2022\/05\/Glashalle-Leeb-300x180.jpg 300w, https:\/\/www.leeb-balkone.com\/app\/uploads\/2022\/05\/Glashalle-Leeb-768x461.jpg 768w, https:\/\/www.leeb-balkone.com\/app\/uploads\/2022\/05\/Glashalle-Leeb-1536x922.jpg 1536w, https:\/\/www.leeb-balkone.com\/app\/uploads\/2022\/05\/Glashalle-Leeb-scaled.jpg 2048w\" sizes=\"auto, (max-width: 1024px) 100vw, 1024px\" \/><\/figure>\n\n\n\n<div class=\"wp-block-group m-card-content has-white-background-color has-background is-vertical is-layout-flex wp-container-core-group-is-layout-5580f018 wp-block-group-is-layout-flex\">\n<h3 class=\"wp-block-heading\">Balkon in ograja evropskega podjetja \u0161t. 1<\/h3>\n\n\n\n<p>Vodilnemu evropskemu proizvajalcu zaupa ve\u010d kot 150.000 zadovoljnih strank.<\/p>\n<\/div>\n<a href=\"#overlay-150759\" class=\"open-modal-link\" aria-label=\"Open modal\"><span class=\"sr-only\">\u00d6ffne Modal<\/span><\/a><\/div>\n\n\n\n<div class=\"wp-block-group m-card has-modal is-layout-flow wp-container-core-group-is-layout-8a368f38 wp-block-group-is-layout-flow\" data-modal-id=\"150749\">\n<figure class=\"wp-block-image size-large is-style-default\"><img loading=\"lazy\" decoding=\"async\" width=\"1024\" height=\"767\" src=\"https:\/\/www.leeb-balkone.com\/app\/uploads\/2020\/08\/leeb-balkone-mitarbeiter-4-1024x767.jpeg\" alt=\"Namestitev prilagojene balkonske ograje iz aluminija Leeb\" class=\"wp-image-6083\" srcset=\"https:\/\/www.leeb-balkone.com\/app\/uploads\/2020\/08\/leeb-balkone-mitarbeiter-4-1024x767.jpeg 1024w, https:\/\/www.leeb-balkone.com\/app\/uploads\/2020\/08\/leeb-balkone-mitarbeiter-4-2048x1535.jpeg 2048w, https:\/\/www.leeb-balkone.com\/app\/uploads\/2020\/08\/leeb-balkone-mitarbeiter-4-300x225.jpeg 300w, https:\/\/www.leeb-balkone.com\/app\/uploads\/2020\/08\/leeb-balkone-mitarbeiter-4-768x575.jpeg 768w, https:\/\/www.leeb-balkone.com\/app\/uploads\/2020\/08\/leeb-balkone-mitarbeiter-4-1536x1151.jpeg 1536w\" sizes=\"auto, (max-width: 1024px) 100vw, 1024px\" \/><\/figure>\n\n\n\n<div class=\"wp-block-group m-card-content has-white-background-color has-background is-vertical is-layout-flex wp-container-core-group-is-layout-5580f018 wp-block-group-is-layout-flex\">\n<h3 class=\"wp-block-heading\">Vsestranske storitve za brezskrbno izvajanje<\/h3>\n\n\n\n<p>Svetovanje na kraju samem, 3D konfigurator, tovarni\u0161ka proizvodnja, dobava in monta\u017ea.<\/p>\n<\/div>\n<a href=\"#overlay-150749\" class=\"open-modal-link\" aria-label=\"Open modal\"><span class=\"sr-only\">\u00d6ffne Modal<\/span><\/a><\/div>\n\n\n\n<div class=\"wp-block-group m-card has-modal is-layout-flow wp-container-core-group-is-layout-8a368f38 wp-block-group-is-layout-flow\" data-modal-id=\"150746\">\n<figure class=\"wp-block-image size-full\"><img loading=\"lazy\" decoding=\"async\" width=\"2048\" height=\"1366\" src=\"https:\/\/www.leeb-balkone.com\/app\/uploads\/2022\/05\/glas-bearbeitung-zuschnitt--scaled.jpg\" alt=\"glas bearbeitung zuschnitt \" class=\"wp-image-83644\" srcset=\"https:\/\/www.leeb-balkone.com\/app\/uploads\/2022\/05\/glas-bearbeitung-zuschnitt--scaled.jpg 2048w, https:\/\/www.leeb-balkone.com\/app\/uploads\/2022\/05\/glas-bearbeitung-zuschnitt--300x200.jpg 300w, https:\/\/www.leeb-balkone.com\/app\/uploads\/2022\/05\/glas-bearbeitung-zuschnitt--1024x683.jpg 1024w, https:\/\/www.leeb-balkone.com\/app\/uploads\/2022\/05\/glas-bearbeitung-zuschnitt--768x512.jpg 768w, https:\/\/www.leeb-balkone.com\/app\/uploads\/2022\/05\/glas-bearbeitung-zuschnitt--1536x1024.jpg 1536w\" sizes=\"auto, (max-width: 2048px) 100vw, 2048px\" \/><\/figure>\n\n\n\n<div class=\"wp-block-group m-card-content has-white-background-color has-background is-vertical is-layout-flex wp-container-core-group-is-layout-5580f018 wp-block-group-is-layout-flex\">\n<h3 class=\"wp-block-heading\"><strong>Laminirano varnostno steklo vrhunske kakovosti<\/strong><\/h3>\n\n\n\n<p>Preizku\u0161ena varnost, inovativne zasnove in dolgotrajna kakovost po meri s podjetjem Leeb Glas.<\/p>\n<\/div>\n<a href=\"#overlay-150746\" class=\"open-modal-link\" aria-label=\"Open modal\"><span class=\"sr-only\">\u00d6ffne Modal<\/span><\/a><\/div>\n\n\n\n<div class=\"wp-block-group m-card has-modal is-layout-flow wp-container-core-group-is-layout-8a368f38 wp-block-group-is-layout-flow\" data-modal-id=\"150753\">\n<figure class=\"wp-block-image size-large\"><img loading=\"lazy\" decoding=\"async\" width=\"1024\" height=\"665\" src=\"https:\/\/www.leeb-balkone.com\/app\/uploads\/2020\/08\/alu-comfort-plus-1024x665.jpg\" alt=\"alu comfort plus\" class=\"wp-image-5082\" srcset=\"https:\/\/www.leeb-balkone.com\/app\/uploads\/2020\/08\/alu-comfort-plus-1024x665.jpg 1024w, https:\/\/www.leeb-balkone.com\/app\/uploads\/2020\/08\/alu-comfort-plus-300x195.jpg 300w, https:\/\/www.leeb-balkone.com\/app\/uploads\/2020\/08\/alu-comfort-plus-768x499.jpg 768w, https:\/\/www.leeb-balkone.com\/app\/uploads\/2020\/08\/alu-comfort-plus-1536x997.jpg 1536w, https:\/\/www.leeb-balkone.com\/app\/uploads\/2020\/08\/alu-comfort-plus-2048x1330.jpg 2048w\" sizes=\"auto, (max-width: 1024px) 100vw, 1024px\" \/><\/figure>\n\n\n\n<div class=\"wp-block-group m-card-content has-white-background-color has-background is-vertical is-layout-flex wp-container-core-group-is-layout-5580f018 wp-block-group-is-layout-flex\">\n<h3 class=\"wp-block-heading\">Dolgoro\u010dna za\u0161\u010dita z ALU Comfort Plus\u00ae<\/h3>\n\n\n\n<p>Patentiran premaz in obdelava aluminija na najvi\u0161ji ravni.<\/p>\n<\/div>\n<a href=\"#overlay-150753\" class=\"open-modal-link\" aria-label=\"Open modal\"><span class=\"sr-only\">\u00d6ffne Modal<\/span><\/a><\/div>\n<\/div>\n\n\n\n<div class=\"wp-block-group o-grid u-md-1 is-layout-flow wp-block-group-is-layout-flow\" style=\"padding-top:var(--wp--preset--spacing--l)\">\n<div class=\"wp-block-group u-g-9 u-g-s-2 is-layout-flow wp-block-group-is-layout-flow\" style=\"margin-bottom:var(--wp--preset--spacing--s)\">\n<h3 class=\"wp-block-heading\">Aluminijaste balkonske ograje: robustne in enostavne za \u010di\u0161\u010denje<\/h3>\n\n\n\n<p>Uporaba posebne zlitine, ki jo je razvil Leeb, daje aluminiju dodatno trdnost in tako mo\u010dno podalj\u0161a \u017eivljenjsko dobo va\u0161ega balkona. Na\u0161e aluminijaste balkonske ograje so obdelane s patentiranim <a href=\"https:\/\/www.leeb-balkone.com\/sl\/tehnika\/alu-comfort-plus\/\">pra\u0161nim premazom ALU Comfort PLUS\u00ae<\/a>, zato jih prakti\u010dno ni treba negovati in vzdr\u017eevati. Povr\u0161ina, odporna proti praskam in vodoodbojna, poskrbi, da se umazanija skoraj ne more prijeti, delci pa se preprosto odnesejo s kapljicami. V nasprotju z naknadno nanesenimi premazi se u\u010dinek odbijanja umazanije ohrani skozi celotno \u017eivljenjsko dobo va\u0161e balkonske ograje.     <\/p>\n\n\n\n<h3 class=\"wp-block-heading\">Prava ograja za vsak balkon!<\/h3>\n\n\n\n<p>Pra\u0161ni premaz ALU COMFORT PLUS\u00ae podjetja Leeb ponuja skoraj neomejene mo\u017enosti za <a href=\"https:\/\/www.leeb-balkone.com\/sl\/storitev\/svet-barv\/\">barvno oblikovanje<\/a> in povr\u0161insko obdelavo aluminijastih balkonskih ograj. Izbirate lahko med vsemi barvami RAL. Poleg tega so na voljo tudi \u0161tevilne posebne barve, tako da je mogo\u010de zlahka uresni\u010diti individualne barvne zahteve. Poleg klasi\u010dnih barv je na voljo tudi 13 zavajajo\u010de realisti\u010dnih <a href=\"https:\/\/www.leeb-balkone.com\/de\/technik\/alu-holzoptik\/\">dekorjev lesa,<\/a> ki zdru\u017eujejo naravni videz lesa s prednostmi aluminija. Premaz je mogo\u010de dodelati tudi s posebnimi u\u010dinki, kot sta biserni ali kovinski videz. Postopek je okolju prijazen, saj se ne uporabljajo topila, proizvodnja pa je prakti\u010dno brez odpadkov.<\/p>\n\n\n\n<h3 class=\"wp-block-heading\">Prednosti na prvi pogled<\/h3>\n\n\n\n<p>Prednosti aluminijastih balkonskih ograj Leeb so v kombinaciji inovativne tehnologije, izjemne kakovosti materiala in celovite storitve:<\/p>\n\n\n\n<ul class=\"wp-block-list is-style-checkmark-2\">\n<li><strong>Prakti\u010dno brez vzdr\u017eevanja in enostavne za \u010di\u0161\u010denje<\/strong>: zaradi patentiranega pra\u0161nega premaza so na\u0161e aluminijaste ograje izjemno odporne na vremenske vplive, praske in umazanijo.<\/li>\n\n\n\n<li><strong>Trajnost in stabilnost<\/strong>: Posebna aluminijeva zlitina Leeb in za\u0161\u010ditni sistem Alu Protection System (APS) zagotavljata dodatno trdnost in izjemno dolgo \u017eivljenjsko dobo.<\/li>\n\n\n\n<li><strong>\u0160iroka paleta mo\u017enosti oblikovanja<\/strong>: Ve\u010d kot 300 modelov, \u0161tevilne barve (vklju\u010dno z vsemi odtenki po RAL) in navidezno pristen videz lesa omogo\u010dajo individualno oblikovanje, ki ustreza vsaki vrsti hi\u0161e.<\/li>\n\n\n\n<li><strong>Certificirana kakovost<\/strong>: Leeb izpolnjuje stroge standarde kakovosti ISO 9001 in ponuja preizku\u0161ene, vzdr\u017eljive aluminijaste balkone iz lastne proizvodnje.<\/li>\n\n\n\n<li><strong>Priro\u010dna varnost<\/strong>: Zaradi stabilnih konstrukcij vogalnih okvirjev, skritih vija\u010dnih povezav in robov Softline so na\u0161e aluminijaste ograje \u0161e posebej varne in priro\u010dne za uporabo.<\/li>\n\n\n\n<li><strong>Celovita storitev<\/strong>: Leeb vas spremlja na vsakem koraku, od osebnega svetovanja in na\u010drtovanja do strokovne vgradnje &#8211; za brezskrben balkonski projekt.<\/li>\n<\/ul>\n<\/div>\n<\/div>\n<\/section>\n\n\n\n<section class=\"wp-block-group alignfull has-white-background-color has-background has-global-padding is-layout-constrained wp-container-core-group-is-layout-52f96efc wp-block-group-is-layout-constrained\" id=\"vielfalt-zubehoer\">\n<div class=\"wp-block-group o-grid u-md-1 is-layout-flow wp-block-group-is-layout-flow\">\n<div class=\"wp-block-group u-g-9 u-g-s-2 is-layout-flow wp-block-group-is-layout-flow\" style=\"margin-bottom:var(--wp--preset--spacing--s)\">\n<h2 class=\"wp-block-heading\">Posebni modeli<\/h2>\n\n\n\n<p><span class=\"teaser\">Izkoristite \u0161iroko paleto izdelkov, ki jih ponuja vodilno podjetje na trgu gradnje balkonov in ograj.  <\/span><\/p>\n\n\n\n<p>Poleg razli\u010dnih modelov, navedenih v nadaljevanju, vam je na voljo tudi \u0161iroka paleta barv ter mo\u017enost prilagajanja dimenzij in podrobnosti va\u0161im potrebam. Podjetje Leeb Balconies zdru\u017euje dolgoletne izku\u0161nje z inovativnimi proizvodnimi metodami, kar vam zagotavlja ne le veliko izbiro, temve\u010d tudi najvi\u0161jo kakovost in trajno u\u017eivanje v va\u0161i novi balkonski ograji. <\/p>\n<\/div>\n<\/div>\n\n\n\n<div class=\"wp-block-group small sm-2-cols is-style-gray-cards is-layout-grid wp-container-core-group-is-layout-7785d981 wp-block-group-is-layout-grid\">\n<div class=\"wp-block-group m-card is-style-white-cards has-modal is-layout-flow wp-container-core-group-is-layout-8a368f38 wp-block-group-is-layout-flow\" data-modal-id=\"152104\">\n<figure class=\"wp-block-image size-full is-style-default\"><img loading=\"lazy\" decoding=\"async\" width=\"591\" height=\"413\" src=\"https:\/\/www.leeb-balkone.com\/app\/uploads\/2021\/11\/alu-balkongelaender-imola-rendering.jpg\" alt=\"alu balkongelaender imola rendering\" class=\"wp-image-61666\" srcset=\"https:\/\/www.leeb-balkone.com\/app\/uploads\/2021\/11\/alu-balkongelaender-imola-rendering.jpg 591w, https:\/\/www.leeb-balkone.com\/app\/uploads\/2021\/11\/alu-balkongelaender-imola-rendering-300x210.jpg 300w\" sizes=\"auto, (max-width: 591px) 100vw, 591px\" \/><\/figure>\n\n\n\n<div class=\"wp-block-group m-card-content has-white-background-color has-background is-vertical is-layout-flex wp-container-core-group-is-layout-5580f018 wp-block-group-is-layout-flex\">\n<h3 class=\"wp-block-heading\">Aluminijaste balkonske ograje kot Izbrani balkoni<\/h3>\n\n\n\n<p>Prilagodljivi osnovni modeli, ki se popolnoma prilagajajo vsakemu domu.<\/p>\n<\/div>\n<a href=\"#overlay-152104\" class=\"open-modal-link\" aria-label=\"Open modal\"><span class=\"sr-only\">\u00d6ffne Modal<\/span><\/a><\/div>\n\n\n\n<div class=\"wp-block-group m-card is-style-white-cards has-modal is-layout-flow wp-container-core-group-is-layout-8a368f38 wp-block-group-is-layout-flow\" data-modal-id=\"152108\">\n<figure class=\"wp-block-image size-large is-style-default\"><img loading=\"lazy\" decoding=\"async\" width=\"1024\" height=\"714\" src=\"https:\/\/www.leeb-balkone.com\/app\/uploads\/2021\/12\/glas-sh-1024x714.png\" alt=\"glas sh\" class=\"wp-image-63367\" srcset=\"https:\/\/www.leeb-balkone.com\/app\/uploads\/2021\/12\/glas-sh-1024x714.png 1024w, https:\/\/www.leeb-balkone.com\/app\/uploads\/2021\/12\/glas-sh-300x209.png 300w, https:\/\/www.leeb-balkone.com\/app\/uploads\/2021\/12\/glas-sh-768x535.png 768w, https:\/\/www.leeb-balkone.com\/app\/uploads\/2021\/12\/glas-sh-1536x1070.png 1536w, https:\/\/www.leeb-balkone.com\/app\/uploads\/2021\/12\/glas-sh.png 2048w\" sizes=\"auto, (max-width: 1024px) 100vw, 1024px\" \/><\/figure>\n\n\n\n<div class=\"wp-block-group m-card-content has-white-background-color has-background is-vertical is-layout-flex wp-container-core-group-is-layout-5580f018 wp-block-group-is-layout-flex\">\n<h3 class=\"wp-block-heading\">Aluminijaste balkonske ograje s steklom<\/h3>\n\n\n\n<p>Elegantna preglednost, veliko svetlobe in sodoben videz s steklom za odprte balkone.<\/p>\n<\/div>\n<a href=\"#overlay-152108\" class=\"open-modal-link\" aria-label=\"Open modal\"><span class=\"sr-only\">\u00d6ffne Modal<\/span><\/a><\/div>\n\n\n\n<div class=\"wp-block-group m-card has-modal is-layout-flow wp-container-core-group-is-layout-8a368f38 wp-block-group-is-layout-flow\" data-modal-id=\"152106\">\n<figure class=\"wp-block-image size-full\"><img loading=\"lazy\" decoding=\"async\" width=\"2560\" height=\"2560\" src=\"https:\/\/www.leeb-balkone.com\/app\/uploads\/2025\/08\/Rendering-Holzstruktur-Balkon-scaled.png\" alt=\"Rendering Holzstruktur Balkon\" class=\"wp-image-152480\" style=\"aspect-ratio:4\/3;object-fit:cover\" srcset=\"https:\/\/www.leeb-balkone.com\/app\/uploads\/2025\/08\/Rendering-Holzstruktur-Balkon-scaled.png 2560w, https:\/\/www.leeb-balkone.com\/app\/uploads\/2025\/08\/Rendering-Holzstruktur-Balkon-300x300.png 300w, https:\/\/www.leeb-balkone.com\/app\/uploads\/2025\/08\/Rendering-Holzstruktur-Balkon-1024x1024.png 1024w, https:\/\/www.leeb-balkone.com\/app\/uploads\/2025\/08\/Rendering-Holzstruktur-Balkon-150x150.png 150w, https:\/\/www.leeb-balkone.com\/app\/uploads\/2025\/08\/Rendering-Holzstruktur-Balkon-768x768.png 768w, https:\/\/www.leeb-balkone.com\/app\/uploads\/2025\/08\/Rendering-Holzstruktur-Balkon-1536x1536.png 1536w, https:\/\/www.leeb-balkone.com\/app\/uploads\/2025\/08\/Rendering-Holzstruktur-Balkon-2048x2048.png 2048w\" sizes=\"auto, (max-width: 2560px) 100vw, 2560px\" \/><\/figure>\n\n\n\n<div class=\"wp-block-group m-card-content has-white-background-color has-background is-vertical is-layout-flex wp-container-core-group-is-layout-5580f018 wp-block-group-is-layout-flex\">\n<h3 class=\"wp-block-heading\">Aluminijaste balkonske ograje v videzu lesa<\/h3>\n\n\n\n<p>Videz lesa brez vzdr\u017eevanja: trpe\u017een, odporen na vremenske vplive in navidezno resni\u010den.<\/p>\n<\/div>\n<a href=\"#overlay-152106\" class=\"open-modal-link\" aria-label=\"Open modal\"><span class=\"sr-only\">\u00d6ffne Modal<\/span><\/a><\/div>\n\n\n\n<div class=\"wp-block-group m-card has-modal is-layout-flow wp-container-core-group-is-layout-8a368f38 wp-block-group-is-layout-flow\" data-modal-id=\"152107\">\n<figure class=\"wp-block-image size-large\"><img loading=\"lazy\" decoding=\"async\" width=\"1024\" height=\"576\" src=\"https:\/\/www.leeb-balkone.com\/app\/uploads\/2025\/02\/Modell-YAKU-Einzelansicht-1024x576.jpeg\" alt=\"Modell YAKU Einzelansicht\" class=\"wp-image-144536\" srcset=\"https:\/\/www.leeb-balkone.com\/app\/uploads\/2025\/02\/Modell-YAKU-Einzelansicht-1024x576.jpeg 1024w, https:\/\/www.leeb-balkone.com\/app\/uploads\/2025\/02\/Modell-YAKU-Einzelansicht-300x169.jpeg 300w, https:\/\/www.leeb-balkone.com\/app\/uploads\/2025\/02\/Modell-YAKU-Einzelansicht-768x432.jpeg 768w, https:\/\/www.leeb-balkone.com\/app\/uploads\/2025\/02\/Modell-YAKU-Einzelansicht-1536x864.jpeg 1536w, https:\/\/www.leeb-balkone.com\/app\/uploads\/2025\/02\/Modell-YAKU-Einzelansicht.jpeg 1890w\" sizes=\"auto, (max-width: 1024px) 100vw, 1024px\" \/><\/figure>\n\n\n\n<div class=\"wp-block-group m-card-content is-style-default has-white-background-color has-background is-vertical is-layout-flex wp-container-core-group-is-layout-5580f018 wp-block-group-is-layout-flex\">\n<h3 class=\"wp-block-heading\">Aluminijaste balkonske ograje s perforacijo<\/h3>\n\n\n\n<p>Sodobni modeli, zasebnost in prepustnost svetlobe za elegantno zasnovo balkona.<\/p>\n<\/div>\n<a href=\"#overlay-152107\" class=\"open-modal-link\" aria-label=\"Open modal\"><span class=\"sr-only\">\u00d6ffne Modal<\/span><\/a><\/div>\n<\/div>\n\n\n\n<div class=\"wp-block-group o-grid u-md-1 is-layout-flow wp-block-group-is-layout-flow\" style=\"padding-top:var(--wp--preset--spacing--l)\">\n<div class=\"wp-block-group u-g-9 u-g-s-2 is-layout-flow wp-block-group-is-layout-flow\" style=\"margin-bottom:var(--wp--preset--spacing--s)\">\n<h3 class=\"wp-block-heading\">Dodatki<\/h3>\n\n\n\n<p>S cvetli\u010dnimi koriti lahko na balkonu ustvarite individualno, naravno vzdu\u0161je, okrasne letve in trakovi za pripenjanje pa poskrbijo za elegantne podrobnosti in harmoni\u010den videz.  <\/p>\n<\/div>\n<\/div>\n\n\n\n<div class=\"wp-block-group small sm-2-cols is-style-gray-cards is-layout-grid wp-container-core-group-is-layout-7785d981 wp-block-group-is-layout-grid\">\n<div class=\"wp-block-group m-card is-layout-flow wp-container-core-group-is-layout-8a368f38 wp-block-group-is-layout-flow\">\n<figure class=\"wp-block-image size-large is-style-default\"><img loading=\"lazy\" decoding=\"async\" width=\"1024\" height=\"791\" src=\"https:\/\/www.leeb-balkone.com\/app\/uploads\/2025\/07\/Balkon-BLK-1024x791.png\" alt=\"Balkon BLK\" class=\"wp-image-151420\" srcset=\"https:\/\/www.leeb-balkone.com\/app\/uploads\/2025\/07\/Balkon-BLK-1024x791.png 1024w, https:\/\/www.leeb-balkone.com\/app\/uploads\/2025\/07\/Balkon-BLK-300x232.png 300w, https:\/\/www.leeb-balkone.com\/app\/uploads\/2025\/07\/Balkon-BLK-768x594.png 768w, https:\/\/www.leeb-balkone.com\/app\/uploads\/2025\/07\/Balkon-BLK-1536x1187.png 1536w, https:\/\/www.leeb-balkone.com\/app\/uploads\/2025\/07\/Balkon-BLK-2048x1583.png 2048w\" sizes=\"auto, (max-width: 1024px) 100vw, 1024px\" \/><\/figure>\n\n\n\n<div class=\"wp-block-group m-card-content has-white-background-color has-background is-vertical is-layout-flex wp-container-core-group-is-layout-5580f018 wp-block-group-is-layout-flex\">\n<h3 class=\"wp-block-heading\">Cvetli\u010dni zaboji<\/h3>\n<\/div>\n<\/div>\n\n\n\n<div class=\"wp-block-group m-card is-layout-flow wp-container-core-group-is-layout-8a368f38 wp-block-group-is-layout-flow\">\n<figure class=\"wp-block-image size-large\"><img loading=\"lazy\" decoding=\"async\" width=\"1024\" height=\"791\" src=\"https:\/\/www.leeb-balkone.com\/app\/uploads\/2025\/07\/Balkon-Blende-mit-Zierstreifenprofil-1024x791.png\" alt=\"Balkon Blende mit Zierstreifenprofil\" class=\"wp-image-151425\" srcset=\"https:\/\/www.leeb-balkone.com\/app\/uploads\/2025\/07\/Balkon-Blende-mit-Zierstreifenprofil-1024x791.png 1024w, https:\/\/www.leeb-balkone.com\/app\/uploads\/2025\/07\/Balkon-Blende-mit-Zierstreifenprofil-300x232.png 300w, https:\/\/www.leeb-balkone.com\/app\/uploads\/2025\/07\/Balkon-Blende-mit-Zierstreifenprofil-768x594.png 768w, https:\/\/www.leeb-balkone.com\/app\/uploads\/2025\/07\/Balkon-Blende-mit-Zierstreifenprofil-1536x1187.png 1536w, https:\/\/www.leeb-balkone.com\/app\/uploads\/2025\/07\/Balkon-Blende-mit-Zierstreifenprofil-2048x1583.png 2048w\" sizes=\"auto, (max-width: 1024px) 100vw, 1024px\" \/><\/figure>\n\n\n\n<div class=\"wp-block-group m-card-content has-white-background-color has-background is-vertical is-layout-flex wp-container-core-group-is-layout-5580f018 wp-block-group-is-layout-flex\">\n<h3 class=\"wp-block-heading\">Okrasne letve\/rezilo<\/h3>\n<\/div>\n<\/div>\n<\/div>\n<\/section>\n\n\n\n<section class=\"wp-block-cover alignfull is-light katalog-cta\" style=\"margin-top:0;margin-bottom:0;padding-top:0;padding-right:0;padding-bottom:0;padding-left:0;min-height:100px;aspect-ratio:unset;\" id=\"katalogbestellung\"><img loading=\"lazy\" decoding=\"async\" width=\"1920\" height=\"599\" class=\"wp-block-cover__image-background wp-image-7912 size-full\" alt=\"leeb balkone katalog anfordern\" src=\"https:\/\/www.leeb-balkone.com\/app\/uploads\/2020\/09\/leeb-balkone-katalog-anfordern-1.jpeg\" data-object-fit=\"cover\" srcset=\"https:\/\/www.leeb-balkone.com\/app\/uploads\/2020\/09\/leeb-balkone-katalog-anfordern-1-300x94.jpeg 300w, https:\/\/www.leeb-balkone.com\/app\/uploads\/2020\/09\/leeb-balkone-katalog-anfordern-1-1024x319.jpeg 1024w, https:\/\/www.leeb-balkone.com\/app\/uploads\/2020\/09\/leeb-balkone-katalog-anfordern-1-768x240.jpeg 768w, https:\/\/www.leeb-balkone.com\/app\/uploads\/2020\/09\/leeb-balkone-katalog-anfordern-1-1536x479.jpeg 1536w\" sizes=\"auto, (max-width: 1920px) 100vw, 1920px\" \/><span aria-hidden=\"true\" class=\"wp-block-cover__background has-primary-45-background-color has-background-dim-80 has-background-dim\"><\/span><div class=\"wp-block-cover__inner-container has-global-padding is-layout-constrained wp-container-core-cover-is-layout-fc5783d2 wp-block-cover-is-layout-constrained\">\n<div class=\"wp-block-group is-layout-flow wp-block-group-is-layout-flow\" style=\"min-height:0px;margin-top:0;margin-bottom:0;padding-top:var(--wp--preset--spacing--2-xl);padding-bottom:var(--wp--preset--spacing--2-xl);padding-left:0\">\n<div class=\"wp-block-columns are-vertically-aligned-center is-layout-flex wp-container-core-columns-is-layout-0a4bbf16 wp-block-columns-is-layout-flex\" style=\"margin-top:0;margin-bottom:0\">\n<div class=\"wp-block-column is-vertically-aligned-center is-layout-flow wp-block-column-is-layout-flow\" style=\"flex-basis:66.66%\">\n<h2 class=\"wp-block-heading\">Na\u0161i aluminijasti balkoni v katalogu<\/h2>\n\n\n\n<p class=\"is-style-teaser\"><span class=\"teaser\">Va\u0161 osebni katalog \u010daka na vas! Naro\u010dite zdaj brezpla\u010dno in odkrijte na\u0161o celotno ponudbo aluminijastih <span class=\"teaser\">balkonskih ograj <\/span>. Poi\u0161\u010dite re\u0161itev, ki vam popolnoma ustreza.  <\/span><\/p>\n<\/div>\n\n\n\n<div class=\"wp-block-column is-vertically-aligned-center is-layout-flow wp-block-column-is-layout-flow\" style=\"flex-basis:33.33%\">\n<div class=\"wp-block-buttons u-m-jc-left is-content-justification-right is-layout-flex wp-container-core-buttons-is-layout-c060c6c7 wp-block-buttons-is-layout-flex\">\n<div class=\"wp-block-button is-style-filled-white large\"><a class=\"wp-block-button__link wp-element-button\" href=\"https:\/\/www.leeb-balkone.com\/sl\/kontakt\/zahtevajte-katalog\/\" style=\"box-shadow:var(--wp--preset--shadow--button-shadow)\">Zahtevajte katalog<\/a><\/div>\n<\/div>\n<\/div>\n<\/div>\n<\/div>\n<\/div><\/section>\n\n\n\n<section class=\"wp-block-group alignfull has-white-background-color has-background has-global-padding is-layout-constrained wp-container-core-group-is-layout-52f96efc wp-block-group-is-layout-constrained\">\n<div class=\"wp-block-group o-grid u-md-1 is-layout-flow wp-block-group-is-layout-flow\" style=\"padding-top:0\">\n<div class=\"wp-block-group u-g-9 u-g-s-2 is-layout-flow wp-block-group-is-layout-flow\" style=\"margin-bottom:var(--wp--preset--spacing--s)\">\n<h2 class=\"wp-block-heading\">Reference<\/h2>\n<\/div>\n<\/div>\n\n\n\n<div class=\"wp-block-t3-carousel-wrapper\" id=\"t3-carousel-2aaa95c4-6eed-40d3-8dfd-da3064cb02b1\"><div class=\"wp-block-t3-carousel t3-carousel-block swiper\" data-swiper-options=\"{&quot;loop&quot;:false,&quot;preloadImages&quot;:false,&quot;lazy&quot;:{&quot;loadPrevNext&quot;:true},&quot;autoplay&quot;:{&quot;delay&quot;:3000,&quot;disableOnInteraction&quot;:false},&quot;navigation&quot;:{&quot;nextEl&quot;:&quot;#t3-carousel-2aaa95c4-6eed-40d3-8dfd-da3064cb02b1 .t3-carousel-2aaa95c4-6eed-40d3-8dfd-da3064cb02b1-next&quot;,&quot;prevEl&quot;:&quot;#t3-carousel-2aaa95c4-6eed-40d3-8dfd-da3064cb02b1 .t3-carousel-2aaa95c4-6eed-40d3-8dfd-da3064cb02b1-prev&quot;},&quot;pagination&quot;:{&quot;el&quot;:&quot;#t3-carousel-2aaa95c4-6eed-40d3-8dfd-da3064cb02b1 .t3-carousel-2aaa95c4-6eed-40d3-8dfd-da3064cb02b1-pagination&quot;,&quot;clickable&quot;:true},&quot;scrollbar&quot;:false,&quot;breakpoints&quot;:{&quot;0&quot;:{&quot;slidesPerView&quot;:1.15,&quot;spaceBetween&quot;:24},&quot;769&quot;:{&quot;slidesPerView&quot;:1,&quot;spaceBetween&quot;:30}}}\"><div class=\"swiper-wrapper\">\n<div class=\"wp-block-t3-carousel-slide t3-carousel-slide swiper-slide\">\n<div class=\"wp-block-columns testimonial m-split is-layout-flex wp-container-core-columns-is-layout-3331f5f7 wp-block-columns-is-layout-flex\" style=\"padding-bottom:0\">\n<div class=\"wp-block-column is-layout-flow wp-block-column-is-layout-flow\">\n<div class=\"wp-block-group is-layout-flow wp-block-group-is-layout-flow has-background\" style=\"min-height:100%;background-image:url(&#039;https:\/\/www.leeb-balkone.com\/app\/uploads\/2021\/10\/referenz-alubalkon-bieniussa-scaled.jpg&#039;);background-size:cover;\"><\/div>\n<\/div>\n\n\n\n<div class=\"wp-block-column is-vertically-aligned-top testimonial-text is-layout-flow wp-block-column-is-layout-flow\">\n<div class=\"wp-block-group has-light-gray-background-color has-background is-vertical is-layout-flex wp-container-core-group-is-layout-044273ab wp-block-group-is-layout-flex\" style=\"padding-top:var(--wp--preset--spacing--xl);padding-right:var(--wp--preset--spacing--xl);padding-bottom:var(--wp--preset--spacing--xl);padding-left:var(--wp--preset--spacing--l)\">\n<p class=\"has-step-1-font-size\"><em>&#8220;Rezultat je presegel na\u0161a pri\u010dakovanja: Balkon Leeb je zdaj osrednji del na\u0161e prostorne terase in ustvarja nov, razko\u0161en ambient. Vabi k zadr\u017eevanju in u\u017eivanju v ve\u010derih.&#8221; <\/em><\/p>\n\n\n\n<p class=\"has-step-s-font-size\"><strong>Dr. Bieniussa<br><\/strong>97688 Bad Kissingen<\/p>\n<\/div>\n<\/div>\n<\/div>\n<\/div>\n\n\n\n<div class=\"wp-block-t3-carousel-slide t3-carousel-slide swiper-slide\">\n<div class=\"wp-block-columns testimonial m-split is-layout-flex wp-container-core-columns-is-layout-3331f5f7 wp-block-columns-is-layout-flex\" style=\"padding-bottom:0\">\n<div class=\"wp-block-column is-layout-flow wp-block-column-is-layout-flow\">\n<div class=\"wp-block-group is-layout-flow wp-block-group-is-layout-flow has-background\" style=\"min-height:100%;background-image:url(&#039;https:\/\/www.leeb-balkone.com\/app\/uploads\/2021\/10\/referenz-alu-balkon-baingo-scaled.jpg&#039;);background-position:51% 51%;background-size:cover;\"><\/div>\n<\/div>\n\n\n\n<div class=\"wp-block-column is-vertically-aligned-top testimonial-text is-layout-flow wp-block-column-is-layout-flow\">\n<div class=\"wp-block-group has-light-gray-background-color has-background is-vertical is-layout-flex wp-container-core-group-is-layout-044273ab wp-block-group-is-layout-flex\" style=\"padding-top:var(--wp--preset--spacing--xl);padding-right:var(--wp--preset--spacing--xl);padding-bottom:var(--wp--preset--spacing--xl);padding-left:var(--wp--preset--spacing--l)\">\n<p class=\"has-step-1-font-size\"><em>&#8220;Draga ekipa Leeb! Najlep\u0161a hvala za to \u010dudovito oazo. Zelo smo veseli in zadovoljni z izbiro.&#8221;  <\/em><\/p>\n\n\n\n<p class=\"has-step-s-font-size\"><strong>Gospa Baingo<br><\/strong>13469 Berlin<\/p>\n<\/div>\n<\/div>\n<\/div>\n<\/div>\n\n\n\n<div class=\"wp-block-t3-carousel-slide t3-carousel-slide swiper-slide\">\n<div class=\"wp-block-columns testimonial m-split is-layout-flex wp-container-core-columns-is-layout-3331f5f7 wp-block-columns-is-layout-flex\" style=\"padding-bottom:0\">\n<div class=\"wp-block-column is-layout-flow wp-block-column-is-layout-flow\">\n<div class=\"wp-block-group is-layout-flow wp-block-group-is-layout-flow has-background\" style=\"min-height:100%;background-image:url(&#039;https:\/\/www.leeb-balkone.com\/app\/uploads\/2021\/04\/madrid-burgstaller-402407FE-e-IMG_3215-scaled.jpg&#039;);background-position:84% 0%;background-size:cover;\"><\/div>\n<\/div>\n\n\n\n<div class=\"wp-block-column is-vertically-aligned-top testimonial-text is-layout-flow wp-block-column-is-layout-flow\">\n<div class=\"wp-block-group has-light-gray-background-color has-background is-vertical is-layout-flex wp-container-core-group-is-layout-044273ab wp-block-group-is-layout-flex\" style=\"padding-top:var(--wp--preset--spacing--xl);padding-right:var(--wp--preset--spacing--xl);padding-bottom:var(--wp--preset--spacing--xl);padding-left:var(--wp--preset--spacing--l)\">\n<p class=\"has-step-1-font-size\"><em>&#8220;Zelo smo zadovoljni in videti je to\u010dno tako, kot smo \u017eeleli. Nemotena obdelava in namestitev \u0161e pred na\u010drtovanim datumom.&#8221; <\/em><\/p>\n\n\n\n<p class=\"has-step-s-font-size\"><strong>Dru\u017eina Burgstaller<br><\/strong>94474 Vilshofen an der Donau<\/p>\n<\/div>\n<\/div>\n<\/div>\n<\/div>\n<\/div><div class=\"swiper-pagination t3-carousel-2aaa95c4-6eed-40d3-8dfd-da3064cb02b1-pagination\"><\/div><\/div><div class=\"swiper-button-prev t3-carousel-2aaa95c4-6eed-40d3-8dfd-da3064cb02b1-prev\"><\/div><div class=\"swiper-button-next t3-carousel-2aaa95c4-6eed-40d3-8dfd-da3064cb02b1-next\"><\/div><\/div>\n<\/section>\n\n\n\n<section class=\"wp-block-group alignfull has-white-background-color has-background has-global-padding is-layout-constrained wp-container-core-group-is-layout-9fa1424c wp-block-group-is-layout-constrained\" style=\"padding-top:0\">\n<div class=\"wp-block-group o-grid u-md-1 is-layout-flow wp-block-group-is-layout-flow\" style=\"padding-top:0\">\n<div class=\"wp-block-group u-g-9 u-g-s-2 is-layout-flow wp-block-group-is-layout-flow\" style=\"margin-bottom:var(--wp--preset--spacing--s)\">\n<h2 class=\"wp-block-heading\">Zakaj aluminijaste balkonske ograje Leeb?<\/h2>\n\n\n\n<p><span class=\"teaser\">Vsaka aluminijasta balkonska ograja Leeb zdru\u017euje brez\u010dasen videz, inovativno tehnologijo in trajno kakovost &#8211; za varen, lep in nezahteven dom. Va\u0161a balkonska ograja od evropskega proizvajalca \u0161t. 1. <\/span><\/p>\n<\/div>\n<\/div>\n\n\n\n<div class=\"wp-block-group is-layout-flow wp-container-core-group-is-layout-d5075d26 wp-block-group-is-layout-flow\">\n<div class=\"wp-block-columns is-style-shadow m-split is-layout-flex wp-container-core-columns-is-layout-28f84493 wp-block-columns-is-layout-flex\">\n<div class=\"wp-block-column is-style-default is-layout-flow wp-block-column-is-layout-flow\">\n<figure class=\"wp-block-image size-large\"><img loading=\"lazy\" decoding=\"async\" width=\"1024\" height=\"683\" src=\"https:\/\/www.leeb-balkone.com\/app\/uploads\/2020\/06\/balkongelaender-alu-design-villach-21-1024x683.jpeg\" alt=\"Majhen balkon z aluminijastim dizajnom Villach balkonske ograje\" class=\"wp-image-7981\" srcset=\"https:\/\/www.leeb-balkone.com\/app\/uploads\/2020\/06\/balkongelaender-alu-design-villach-21-1024x683.jpeg 1024w, https:\/\/www.leeb-balkone.com\/app\/uploads\/2020\/06\/balkongelaender-alu-design-villach-21-300x200.jpeg 300w, https:\/\/www.leeb-balkone.com\/app\/uploads\/2020\/06\/balkongelaender-alu-design-villach-21-768x512.jpeg 768w, https:\/\/www.leeb-balkone.com\/app\/uploads\/2020\/06\/balkongelaender-alu-design-villach-21-1536x1024.jpeg 1536w, https:\/\/www.leeb-balkone.com\/app\/uploads\/2020\/06\/balkongelaender-alu-design-villach-21-2048x1366.jpeg 2048w\" sizes=\"auto, (max-width: 1024px) 100vw, 1024px\" \/><\/figure>\n<\/div>\n\n\n\n<div class=\"wp-block-column is-vertically-aligned-center is-style-overlay-content is-layout-flow wp-block-column-is-layout-flow\">\n<div class=\"wp-block-group is-vertical is-layout-flex wp-container-core-group-is-layout-6aed0e10 wp-block-group-is-layout-flex\">\n<h3 class=\"wp-block-heading\">Ni\u010d ve\u010d slikanja<\/h3>\n\n\n\n<p>Aluminijaste balkonske ograje Leeb so zaradi kombinacije kakovosti materiala, inovativnega premaza in stabilne konstrukcije prakti\u010dno brez vzdr\u017eevanja in imajo izjemno dolgo \u017eivljenjsko dobo. Tipi\u010dnih vzdr\u017eevalnih del, kot so redno barvanje, bru\u0161enje ali prebarvanje, ni treba opravljati. Tudi rjavenje ali korozija pri aluminiju Leeb nista te\u017eava.  <\/p>\n\n\n\n<div class=\"wp-block-buttons is-layout-flex wp-block-buttons-is-layout-flex\" style=\"margin-top:var(--wp--preset--spacing--2-xs)\">\n<div class=\"wp-block-button is-style-outline-secondary\"><a class=\"wp-block-button__link has-transparent-background-color has-background wp-element-button\" href=\"https:\/\/www.leeb-balkone.com\/sl\/tehnika\/\">Tehnologija<\/a><\/div>\n<\/div>\n<\/div>\n<\/div>\n<\/div>\n\n\n\n<div class=\"wp-block-columns is-style-shadow m-split m-split-reverse is-layout-flex wp-container-core-columns-is-layout-28f84493 wp-block-columns-is-layout-flex\">\n<div class=\"wp-block-column is-style-default is-layout-flow wp-block-column-is-layout-flow\">\n<figure class=\"wp-block-image size-large\"><img loading=\"lazy\" decoding=\"async\" width=\"1024\" height=\"742\" src=\"https:\/\/www.leeb-balkone.com\/app\/uploads\/2020\/06\/balkongelaender-alu-design-barcelona-33-1024x742.jpg\" alt=\"Sodobna balkonska ograja, izvedena s pre\u010dkami iz nerjave\u010dega jekla - Aluminijasti balkon Aluminijasta zasnova Barcelona\" class=\"wp-image-51109\" srcset=\"https:\/\/www.leeb-balkone.com\/app\/uploads\/2020\/06\/balkongelaender-alu-design-barcelona-33-1024x742.jpg 1024w, https:\/\/www.leeb-balkone.com\/app\/uploads\/2020\/06\/balkongelaender-alu-design-barcelona-33-300x218.jpg 300w, https:\/\/www.leeb-balkone.com\/app\/uploads\/2020\/06\/balkongelaender-alu-design-barcelona-33-768x557.jpg 768w, https:\/\/www.leeb-balkone.com\/app\/uploads\/2020\/06\/balkongelaender-alu-design-barcelona-33-1536x1114.jpg 1536w, https:\/\/www.leeb-balkone.com\/app\/uploads\/2020\/06\/balkongelaender-alu-design-barcelona-33-scaled.jpg 2048w\" sizes=\"auto, (max-width: 1024px) 100vw, 1024px\" \/><\/figure>\n<\/div>\n\n\n\n<div class=\"wp-block-column is-vertically-aligned-center is-style-overlay-content is-layout-flow wp-block-column-is-layout-flow\">\n<div class=\"wp-block-group is-vertical is-layout-flex wp-container-core-group-is-layout-6aed0e10 wp-block-group-is-layout-flex\">\n<h3 class=\"wp-block-heading\">Nadgradnja in bivalno udobje<\/h3>\n\n\n\n<p>Aluminijasti balkon Leeb ob\u010dutno izbolj\u0161a kakovost \u017eivljenja: ustvari varen, privla\u010den zunanji prostor brez vzdr\u017eevanja, ki vas vabi k sprostitvi, u\u017eivanju in dobremu po\u010dutju. Aluminijasta ograja Leeb pomeni ve\u010d bivalnega udobja, ohranjanje vrednosti in plus kakovosti \u017eivljenja v vsakdanjem \u017eivljenju. Z ve\u010d kot 300 oblikovnimi modeli, individualnimi barvnimi razli\u010dicami in goljufivo pristnim videzom lesa lahko balkonsko ograjo popolnoma prilagodite svojemu slogu in tako vizualno kot funkcionalno izbolj\u0161ate svoj dom.  <\/p>\n\n\n\n<div class=\"wp-block-buttons is-layout-flex wp-block-buttons-is-layout-flex\" style=\"margin-top:var(--wp--preset--spacing--2-xs)\">\n<div class=\"wp-block-button is-style-outline-secondary\"><a class=\"wp-block-button__link has-transparent-background-color has-background wp-element-button\" href=\"https:\/\/www.leeb-balkone.com\/sl\/tehnika\/\">Storitev<\/a><\/div>\n<\/div>\n<\/div>\n<\/div>\n<\/div>\n\n\n\n<div class=\"wp-block-columns is-style-shadow m-split is-layout-flex wp-container-core-columns-is-layout-28f84493 wp-block-columns-is-layout-flex\">\n<div class=\"wp-block-column is-style-default is-layout-flow wp-block-column-is-layout-flow\">\n<figure class=\"wp-block-image size-large\"><img loading=\"lazy\" decoding=\"async\" width=\"1024\" height=\"682\" src=\"https:\/\/www.leeb-balkone.com\/app\/uploads\/2023\/09\/ueberdachung-sommergarten-kombination-1024x682.jpg\" alt=\"ueberdachung sommergarten kombination\" class=\"wp-image-131854\" srcset=\"https:\/\/www.leeb-balkone.com\/app\/uploads\/2023\/09\/ueberdachung-sommergarten-kombination-1024x682.jpg 1024w, https:\/\/www.leeb-balkone.com\/app\/uploads\/2023\/09\/ueberdachung-sommergarten-kombination-300x200.jpg 300w, https:\/\/www.leeb-balkone.com\/app\/uploads\/2023\/09\/ueberdachung-sommergarten-kombination-768x512.jpg 768w, https:\/\/www.leeb-balkone.com\/app\/uploads\/2023\/09\/ueberdachung-sommergarten-kombination-1536x1024.jpg 1536w, https:\/\/www.leeb-balkone.com\/app\/uploads\/2023\/09\/ueberdachung-sommergarten-kombination-2048x1365.jpg 2048w\" sizes=\"auto, (max-width: 1024px) 100vw, 1024px\" \/><\/figure>\n<\/div>\n\n\n\n<div class=\"wp-block-column is-vertically-aligned-center is-style-overlay-content is-layout-flow wp-block-column-is-layout-flow\">\n<div class=\"wp-block-group is-vertical is-layout-flex wp-container-core-group-is-layout-6aed0e10 wp-block-group-is-layout-flex\">\n<h3 class=\"wp-block-heading\">\u0160tevilne mo\u017enosti<\/h3>\n\n\n\n<p>Sisteme Leeb je mogo\u010de prilagodljivo kombinirati in so izdelani po meri &#8211; to odpira \u0161tevilne mo\u017enosti za raz\u0161iritev in oblikovanje. Balkonske strehe, ki se ujemajo z balkonskimi ograjami, zagotavljajo zanesljivo za\u0161\u010dito pred vremenskimi vplivi in izbolj\u0161ujejo ambient. S paketi za raz\u0161iritev Leeb, kot je aluminijasti balkon\/letni vrt, ustvarite dodaten bivalni in odprt prostor, ki ga lahko uporabljate vse leto &#8211; vse iz enega vira in popolnoma usklajeno.  <\/p>\n\n\n\n<div class=\"wp-block-buttons is-layout-flex wp-block-buttons-is-layout-flex\" style=\"margin-top:var(--wp--preset--spacing--2-xs)\">\n<div class=\"wp-block-button is-style-outline-secondary\"><a class=\"wp-block-button__link has-transparent-background-color has-background wp-element-button\" href=\"https:\/\/www.leeb-balkone.com\/sl\/montazni-balkoni\/\">Priklju\u010den balkon<\/a><\/div>\n<\/div>\n<\/div>\n<\/div>\n<\/div>\n<\/div>\n<\/section>\n\n\n\n<section class=\"wp-block-group alignfull has-light-gray-background-color has-background has-global-padding is-layout-constrained wp-container-core-group-is-layout-52f96efc wp-block-group-is-layout-constrained\">\n<div class=\"wp-block-group o-grid u-md-1 is-layout-flow wp-block-group-is-layout-flow\" style=\"padding-top:0\">\n<div class=\"wp-block-group u-g-9 u-g-s-2 is-layout-flow wp-block-group-is-layout-flow\" style=\"margin-bottom:var(--wp--preset--spacing--s)\">\n<h2 class=\"wp-block-heading\">Pogosto zastavljena vpra\u0161anja<\/h2>\n\n\n\n<p style=\"padding-bottom:var(--wp--preset--spacing--m)\"><span class=\"teaser\">Imate splo\u0161na vpra\u0161anja o na\u0161ih aluminijastih balkonskih ograjah? V na\u0161ih pogostih vpra\u0161anjih boste na\u0161li kratke odgovore na pogosto zastavljena vpra\u0161anja o aluminijastih balkonskih ograjah. <\/span><\/p>\n\n\n\n<div class=\"wp-block-t3-acc-accordion is-style-default\"><button id=\"accordion-10b4b3c7-2a7d-4bf8-9c6b-cb78256eab1e-button\" class=\"accordion__button\" aria-expanded=\"false\" aria-controls=\"accordion-10b4b3c7-2a7d-4bf8-9c6b-cb78256eab1e-panel\"><h3 data-accordion-title=\"true\" style=\"font-size:var(--step-1)\">Katere so prednosti aluminijastih balkonskih ograj?<\/h3><\/button><div id=\"accordion-10b4b3c7-2a7d-4bf8-9c6b-cb78256eab1e-panel\" class=\"accordion__panel\" role=\"region\" aria-labelledby=\"accordion-10b4b3c7-2a7d-4bf8-9c6b-cb78256eab1e-button\">\n<p>Aluminijaste balkonske ograje so izjemno odporne na vremenske vplive in <strong>ne rjavijo<\/strong>, zato so zelo trpe\u017ene in nezahtevne za vzdr\u017eevanje. Ni jih treba barvati, so lahke in zelo stabilne. Ponujajo tudi ogromno razli\u010dnih oblik in so lahko pra\u0161no lakirane v \u0161tevilnih barvah, zato so idealne za vsako arhitekturo. So sodobna in trajna re\u0161itev. Z <strong>balkoni Leeb<\/strong> lahko te prednosti izkoristite v najvi\u0161ji kakovosti. Zahvaljujo\u010d na\u0161i lastni proizvodnji in robustni konstrukciji dobite dolgotrajno ograjo, ki bo desetletja ohranila svoj videz in funkcionalnost, ne da bi vam bilo treba skrbeti za rjo ali zamudno vzdr\u017eevanje.     <\/p>\n<\/div><\/div>\n\n\n\n<div class=\"wp-block-t3-acc-accordion is-style-default\"><button id=\"accordion-c32f48ea-bb8e-48e2-b682-04de371d9ac9-button\" class=\"accordion__button\" aria-expanded=\"false\" aria-controls=\"accordion-c32f48ea-bb8e-48e2-b682-04de371d9ac9-panel\"><h3 data-accordion-title=\"true\" style=\"font-size:var(--step-1)\"><strong>Kako varne so aluminijaste balkonske ograje?<\/strong><\/h3><\/button><div id=\"accordion-c32f48ea-bb8e-48e2-b682-04de371d9ac9-panel\" class=\"accordion__panel\" role=\"region\" aria-labelledby=\"accordion-c32f48ea-bb8e-48e2-b682-04de371d9ac9-button\">\n<p>Aluminijaste balkonske ograje zagotavljajo <strong>zelo visoko raven varnosti,<\/strong> \u010de so izdelane in strokovno name\u0161\u010dene v skladu z ustreznimi gradbenimi in varnostnimi standardi. Material je trpe\u017een in odporen na zunanje vplive, kar zagotavlja dolgoro\u010dno stabilnost konstrukcije. Pri tem sta pomembna dejavnika debelina profilov in vrsta pritrditve.  <br><strong>Podjetje Leeb Balconies<\/strong> pripisuje velik pomen varnosti. Vse aluminijaste ograje so izdelane v skladu z najstro\u017ejimi evropskimi standardi in so zasnovane za najve\u010djo nosilnost. Strokovno na\u010drtovanje in monta\u017ea, ki ju opravijo izku\u0161ene ekipe, zagotavljata najve\u010djo za\u0161\u010dito pred padci in trajno stabilnost va\u0161ega doma.  <\/p>\n<\/div><\/div>\n\n\n\n<div class=\"wp-block-t3-acc-accordion is-style-default\"><button id=\"accordion-c5c3940e-0e79-479a-a852-42236715129a-button\" class=\"accordion__button\" aria-expanded=\"false\" aria-controls=\"accordion-c5c3940e-0e79-479a-a852-42236715129a-panel\"><h3 data-accordion-title=\"true\" style=\"font-size:var(--step-1)\"><strong>Ali je treba aluminijaste balkonske ograje redno vzdr\u017eevati?<\/strong><\/h3><\/button><div id=\"accordion-c5c3940e-0e79-479a-a852-42236715129a-panel\" class=\"accordion__panel\" role=\"region\" aria-labelledby=\"accordion-c5c3940e-0e79-479a-a852-42236715129a-button\">\n<p>Glavna prednost aluminija je, da <strong>skoraj ne potrebuje vzdr\u017eevanja<\/strong>. V nasprotju z lesom ali nepremazanim jeklom aluminijastih ograj ni treba redno barvati, da bi prepre\u010dili rjavenje ali gnitje. Zaradi posebnih premazov je njihova povr\u0161ina zelo odporna na vplive okolja, kot sta UV-sevanje ali vlaga. Zadostuje ob\u010dasno \u010di\u0161\u010denje. <strong>Pra\u0161ni premaz podjetja Leeb Balconies<\/strong> je \u0161e posebej trpe\u017een in odporen. Za vas to pomeni, da vam ni potrebno dolgotrajno bru\u0161enje ali barvanje. Preprosto brisanje z vodo in blagim \u010distilnim sredstvom je dovolj, da ohranite lepoto in za\u0161\u010dito va\u0161e balkonske ograje Leeb za ve\u010d let.      <\/p>\n<\/div><\/div>\n\n\n\n<div class=\"wp-block-t3-acc-accordion is-style-default\"><button id=\"accordion-34048dff-4dc4-4cf6-8088-58469a095402-button\" class=\"accordion__button\" aria-expanded=\"false\" aria-controls=\"accordion-34048dff-4dc4-4cf6-8088-58469a095402-panel\"><h3 data-accordion-title=\"true\" style=\"font-size:var(--step-1)\"><strong><strong>Katere mo\u017enosti oblikovanja so na voljo za aluminijaste balkonske ograje?<\/strong><\/strong><\/h3><\/button><div id=\"accordion-34048dff-4dc4-4cf6-8088-58469a095402-panel\" class=\"accordion__panel\" role=\"region\" aria-labelledby=\"accordion-34048dff-4dc4-4cf6-8088-58469a095402-button\">\n<p>Aluminij je zelo prilagodljiv material, ki omogo\u010da<strong> najrazli\u010dnej\u0161e oblike<\/strong>. Skoraj vse je mogo\u010de, od preprostih oblik palic in prozornih steklenih polnil do individualno oblikovanih perforiranih plo\u0161\u010d ali elementov z lesenim zaklju\u010dkom. Tudi pri barvah domi\u0161ljija prakti\u010dno nima meja, saj je aluminij mogo\u010de premazati s katero koli barvo RAL. Podjetje <strong>Leeb Balconies<\/strong> je znano po svoji \u0161iroki paleti aluminijastih modelov, ki segajo od sodobnih in puristi\u010dnih do tradicionalnih videzov. Zahvaljujo\u010d notranjemu procesu na\u010drtovanja in izdelave lahko balkonsko ograjo prilagodite svojim zamislim in celo ustvarite posamezne elemente ali kombinacije z drugimi materiali.   <\/p>\n<\/div><\/div>\n\n\n\n<div class=\"wp-block-t3-acc-accordion is-style-default\"><button id=\"accordion-86c6a738-a5f7-4ca3-9240-868248cc97b8-button\" class=\"accordion__button\" aria-expanded=\"false\" aria-controls=\"accordion-86c6a738-a5f7-4ca3-9240-868248cc97b8-panel\"><h3 data-accordion-title=\"true\" style=\"font-size:var(--step-1)\"><strong><strong>Kako se cena aluminijastih ograj razlikuje od drugih materialov?<\/strong><\/strong><\/h3><\/button><div id=\"accordion-86c6a738-a5f7-4ca3-9240-868248cc97b8-panel\" class=\"accordion__panel\" role=\"region\" aria-labelledby=\"accordion-86c6a738-a5f7-4ca3-9240-868248cc97b8-button\">\n<p>Stro\u0161ki aluminijastih balkonskih ograj so na splo\u0161no v <strong>srednjem in vi\u0161jem cenovnem razredu<\/strong> in so pogosto primerljivi z visokokakovostnimi ograjami iz nerjavnega jekla. Njihov nakup je obi\u010dajno dra\u017eji od preprostih lesenih ali jeklenih ograj, vendar je njihovo vzdr\u017eevanje bistveno cenej\u0161e zaradi pomanjkanja stro\u0161kov vzdr\u017eevanja in zelo dolge \u017eivljenjske dobe. <strong>Podjetje Leeb Balconies<\/strong> ponuja aluminijaste ograje po meri, katerih cena je odvisna od velikosti, oblike in \u017eelenih dodatkov. Vendar se za\u010detna nalo\u017eba zaradi <strong>izjemno dolge \u017eivljenjske dobe in odsotnosti stro\u0161kov vzdr\u017eevanja<\/strong> dolgoro\u010dno obrestuje, zato so izdelki Leeb ekonomsko smiselna izbira.  <\/p>\n<\/div><\/div>\n\n\n\n<div class=\"wp-block-t3-acc-accordion is-style-default\"><button id=\"accordion-e151a332-c010-4f0d-9536-44493b0303de-button\" class=\"accordion__button\" aria-expanded=\"false\" aria-controls=\"accordion-e151a332-c010-4f0d-9536-44493b0303de-panel\"><h3 data-accordion-title=\"true\" style=\"font-size:var(--step-1)\"><strong><strong><strong><strong>Ali so aluminijaste balkonske ograje okolju prijazne?<\/strong><\/strong><\/strong><\/strong><\/h3><\/button><div id=\"accordion-e151a332-c010-4f0d-9536-44493b0303de-panel\" class=\"accordion__panel\" role=\"region\" aria-labelledby=\"accordion-e151a332-c010-4f0d-9536-44493b0303de-button\">\n<p>Da, aluminij velja za <strong>okolju zelo prijazen material,<\/strong> saj ga je mogo\u010de 100-odstotno reciklirati brez izgube kakovosti. Postopek recikliranja zahteva bistveno manj energije kot primarna proizvodnja, kar izbolj\u0161a ekolo\u0161ko ravnovesje aluminijastih ograj. K trajnosti prispeva tudi njihova dolga \u017eivljenjska doba, saj je za zamenjavo potrebnih manj virov. <strong>Podjetje Leeb Balconies<\/strong> trajnostne vidike upo\u0161teva v celotnem proizvodnem procesu. Zaradi trajnosti aluminijastih ograj in mo\u017enosti recikliranja podjetje Leeb prispeva k odgovorni rabi virov in ponuja izdelke, ki niso le sodobni, temve\u010d tudi okoljsko ozave\u0161\u010deni.   <\/p>\n<\/div><\/div>\n\n\n\n<div class=\"wp-block-t3-acc-accordion is-style-default\"><button id=\"accordion-af0527e6-2700-4471-a52e-eb72b993320e-button\" class=\"accordion__button\" aria-expanded=\"false\" aria-controls=\"accordion-af0527e6-2700-4471-a52e-eb72b993320e-panel\"><h3 data-accordion-title=\"true\" style=\"font-size:var(--step-1)\"><strong><strong><strong>Koliko \u010dasa traja izdelava in monta\u017ea aluminijastega balkona?<\/strong><\/strong><\/strong><\/h3><\/button><div id=\"accordion-af0527e6-2700-4471-a52e-eb72b993320e-panel\" class=\"accordion__panel\" role=\"region\" aria-labelledby=\"accordion-af0527e6-2700-4471-a52e-eb72b993320e-button\">\n<p>\u010cas izdelave prilagojene aluminijaste balkonske ograje je odvisen od naro\u010dila in zahtevnosti zasnove, vendar obi\u010dajno traja <strong>ve\u010d tednov<\/strong>. Zaradi natan\u010dne monta\u017ee je dejanska monta\u017ea na kraju samem obi\u010dajno kon\u010dana v <strong>enem do nekaj dneh,<\/strong> odvisno od velikosti in \u0161tevila ograj. Pri podjetju <strong>Leeb Balconies<\/strong> boste med posvetovanjem prejeli jasno oceno \u010dasa dobave in monta\u017ee. Podjetje Leeb lahko zaradi lastne proizvodnje in izku\u0161enih ekip za monta\u017eo u\u010dinkovito oblikuje postopke in zagotovi, da bo va\u0161a visokokakovostna aluminijasta balkonska ograja dokon\u010dana pravo\u010dasno.   <\/p>\n<\/div><\/div>\n<\/div>\n<\/div>\n<\/section>\n\n\n\n<section class=\"wp-block-group alignfull has-white-background-color has-background has-global-padding is-layout-constrained wp-container-core-group-is-layout-52f96efc wp-block-group-is-layout-constrained\">\n<div class=\"wp-block-group o-grid u-md-1 is-layout-flow wp-block-group-is-layout-flow\" style=\"padding-top:0\">\n<div class=\"wp-block-group u-g-9 u-g-s-2 is-layout-flow wp-block-group-is-layout-flow\">\n<h2 class=\"wp-block-heading\">Vtisi aluminijastih balkonskih ograj<\/h2>\n\n\n\n<p style=\"padding-bottom:var(--wp--preset--spacing--m)\"><span class=\"teaser\">Naj vas navdihnejo mo\u017enosti oblikovanja na\u0161ih aluminijastih balkonov.<\/span><\/p>\n<\/div>\n<\/div>\n\n\n    <div id=\"t3-lg-block-1\" class=\"wp-block-t3-lightgallery\" data-initial-count=\"6\">\n      <div class=\"lg-container u-grid-temp has-3-cols\">\n                  <div class=\"lg-item\" data-src=\"https:\/\/www.leeb-balkone.com\/app\/uploads\/2023\/03\/glasbalkon-ballina-und-solarbalkon-optimus-in-aluminium-anthrazit-scaled.jpg\"\n              data-sub-html=\"&lt;p&gt;Glasbalkon Ballina mit sandgestrahltem Kreismuster&lt;\/p&gt;\">\n            <div class=\"img-wrapper\">\n                <figure>\n                    <img loading=\"lazy\" decoding=\"async\" width=\"300\" height=\"169\" src=\"https:\/\/www.leeb-balkone.com\/app\/uploads\/2023\/03\/glasbalkon-ballina-und-solarbalkon-optimus-in-aluminium-anthrazit-300x169.jpg\" class=\"attachment-medium size-medium\" alt=\"Alu Glas Gel\u00e4nder Ballina mit sandgestrahltem Kreismuster\" srcset=\"https:\/\/www.leeb-balkone.com\/app\/uploads\/2023\/03\/glasbalkon-ballina-und-solarbalkon-optimus-in-aluminium-anthrazit-300x169.jpg 300w, https:\/\/www.leeb-balkone.com\/app\/uploads\/2023\/03\/glasbalkon-ballina-und-solarbalkon-optimus-in-aluminium-anthrazit-1024x575.jpg 1024w, https:\/\/www.leeb-balkone.com\/app\/uploads\/2023\/03\/glasbalkon-ballina-und-solarbalkon-optimus-in-aluminium-anthrazit-768x431.jpg 768w, https:\/\/www.leeb-balkone.com\/app\/uploads\/2023\/03\/glasbalkon-ballina-und-solarbalkon-optimus-in-aluminium-anthrazit-1536x863.jpg 1536w, https:\/\/www.leeb-balkone.com\/app\/uploads\/2023\/03\/glasbalkon-ballina-und-solarbalkon-optimus-in-aluminium-anthrazit-2048x1151.jpg 2048w\" sizes=\"auto, (min-width: 1200px) 260px, (min-width: 1024px) 220px, (min-width: 640px) 465px, 768px\" \/>    \n                <\/figure>\n                        <\/div>\n            <p>Glasbalkon Ballina mit sandgestrahltem Kreismuster<\/p>        <\/div>\n                  <div class=\"lg-item\" data-src=\"https:\/\/www.leeb-balkone.com\/app\/uploads\/2021\/04\/alu-anbaubalkon-gelaender-riva-2-scaled.jpg\"\n              data-sub-html=\"&lt;p&gt;Balkon Riva&lt;\/p&gt;\">\n            <div class=\"img-wrapper\">\n                <figure>\n                    <img loading=\"lazy\" decoding=\"async\" width=\"300\" height=\"200\" src=\"https:\/\/www.leeb-balkone.com\/app\/uploads\/2021\/04\/alu-anbaubalkon-gelaender-riva-2-300x200.jpg\" class=\"attachment-medium size-medium\" alt=\"alu anbaubalkon gelaender riva\" srcset=\"https:\/\/www.leeb-balkone.com\/app\/uploads\/2021\/04\/alu-anbaubalkon-gelaender-riva-2-300x200.jpg 300w, https:\/\/www.leeb-balkone.com\/app\/uploads\/2021\/04\/alu-anbaubalkon-gelaender-riva-2-1024x684.jpg 1024w, https:\/\/www.leeb-balkone.com\/app\/uploads\/2021\/04\/alu-anbaubalkon-gelaender-riva-2-768x513.jpg 768w, https:\/\/www.leeb-balkone.com\/app\/uploads\/2021\/04\/alu-anbaubalkon-gelaender-riva-2-1536x1025.jpg 1536w, https:\/\/www.leeb-balkone.com\/app\/uploads\/2021\/04\/alu-anbaubalkon-gelaender-riva-2-scaled.jpg 2048w\" sizes=\"auto, (min-width: 1200px) 260px, (min-width: 1024px) 220px, (min-width: 640px) 465px, 768px\" \/>    \n                <\/figure>\n                        <\/div>\n            <p>Balkon Riva<\/p>        <\/div>\n                  <div class=\"lg-item\" data-src=\"https:\/\/www.leeb-balkone.com\/app\/uploads\/2021\/01\/vorher-nachher-vergleich-alu-balkon-palma-2-scaled.jpg\"\n              data-sub-html=\"&lt;p&gt;Balkongel\u00e4nder  Palma&lt;\/p&gt;\">\n            <div class=\"img-wrapper\">\n                <figure>\n                    <img loading=\"lazy\" decoding=\"async\" width=\"300\" height=\"225\" src=\"https:\/\/www.leeb-balkone.com\/app\/uploads\/2021\/01\/vorher-nachher-vergleich-alu-balkon-palma-2-300x225.jpg\" class=\"attachment-medium size-medium\" alt=\"Kreatives Balkongel\u00e4nder mit kombinierter Glas-Alu-F\u00fcllung - Alubalkon Alu Design Palma\" srcset=\"https:\/\/www.leeb-balkone.com\/app\/uploads\/2021\/01\/vorher-nachher-vergleich-alu-balkon-palma-2-300x225.jpg 300w, https:\/\/www.leeb-balkone.com\/app\/uploads\/2021\/01\/vorher-nachher-vergleich-alu-balkon-palma-2-1024x767.jpg 1024w, https:\/\/www.leeb-balkone.com\/app\/uploads\/2021\/01\/vorher-nachher-vergleich-alu-balkon-palma-2-768x575.jpg 768w, https:\/\/www.leeb-balkone.com\/app\/uploads\/2021\/01\/vorher-nachher-vergleich-alu-balkon-palma-2-1536x1151.jpg 1536w, https:\/\/www.leeb-balkone.com\/app\/uploads\/2021\/01\/vorher-nachher-vergleich-alu-balkon-palma-2-2048x1535.jpg 2048w\" sizes=\"auto, (min-width: 1200px) 260px, (min-width: 1024px) 220px, (min-width: 640px) 465px, 768px\" \/>    \n                <\/figure>\n                        <\/div>\n            <p>Balkongel\u00e4nder  Palma<\/p>        <\/div>\n                  <div class=\"lg-item\" data-src=\"https:\/\/www.leeb-balkone.com\/app\/uploads\/2020\/06\/balkongelaender-alu-design-barcelona-34-scaled.jpg\"\n              data-sub-html=\"&lt;p&gt;Balkonmodell Barcelona&lt;\/p&gt;\">\n            <div class=\"img-wrapper\">\n                <figure>\n                    <img loading=\"lazy\" decoding=\"async\" width=\"300\" height=\"200\" src=\"https:\/\/www.leeb-balkone.com\/app\/uploads\/2020\/06\/balkongelaender-alu-design-barcelona-34-300x200.jpg\" class=\"attachment-medium size-medium\" alt=\"balkongelaender alu design barcelona\" srcset=\"https:\/\/www.leeb-balkone.com\/app\/uploads\/2020\/06\/balkongelaender-alu-design-barcelona-34-300x200.jpg 300w, https:\/\/www.leeb-balkone.com\/app\/uploads\/2020\/06\/balkongelaender-alu-design-barcelona-34-1024x683.jpg 1024w, https:\/\/www.leeb-balkone.com\/app\/uploads\/2020\/06\/balkongelaender-alu-design-barcelona-34-768x512.jpg 768w, https:\/\/www.leeb-balkone.com\/app\/uploads\/2020\/06\/balkongelaender-alu-design-barcelona-34-1536x1025.jpg 1536w, https:\/\/www.leeb-balkone.com\/app\/uploads\/2020\/06\/balkongelaender-alu-design-barcelona-34-2048x1367.jpg 2048w\" sizes=\"auto, (min-width: 1200px) 260px, (min-width: 1024px) 220px, (min-width: 640px) 465px, 768px\" \/>    \n                <\/figure>\n                        <\/div>\n            <p>Balkonmodell Barcelona<\/p>        <\/div>\n                  <div class=\"lg-item\" data-src=\"https:\/\/www.leeb-balkone.com\/app\/uploads\/2020\/09\/glas-balkongelaender-alu-design-casa-linea-24-scaled.jpg\"\n              data-sub-html=\"&lt;p&gt;Balkon Casa Linea&lt;\/p&gt;\">\n            <div class=\"img-wrapper\">\n                <figure>\n                    <img loading=\"lazy\" decoding=\"async\" width=\"300\" height=\"200\" src=\"https:\/\/www.leeb-balkone.com\/app\/uploads\/2020\/09\/glas-balkongelaender-alu-design-casa-linea-24-300x200.jpg\" class=\"attachment-medium size-medium\" alt=\"Neue Hausfassade mit modernem Glasbalkon\" srcset=\"https:\/\/www.leeb-balkone.com\/app\/uploads\/2020\/09\/glas-balkongelaender-alu-design-casa-linea-24-300x200.jpg 300w, https:\/\/www.leeb-balkone.com\/app\/uploads\/2020\/09\/glas-balkongelaender-alu-design-casa-linea-24-1024x684.jpg 1024w, https:\/\/www.leeb-balkone.com\/app\/uploads\/2020\/09\/glas-balkongelaender-alu-design-casa-linea-24-768x513.jpg 768w, https:\/\/www.leeb-balkone.com\/app\/uploads\/2020\/09\/glas-balkongelaender-alu-design-casa-linea-24-1536x1025.jpg 1536w, https:\/\/www.leeb-balkone.com\/app\/uploads\/2020\/09\/glas-balkongelaender-alu-design-casa-linea-24-2048x1367.jpg 2048w\" sizes=\"auto, (min-width: 1200px) 260px, (min-width: 1024px) 220px, (min-width: 640px) 465px, 768px\" \/>    \n                <\/figure>\n                        <\/div>\n            <p>Balkon Casa Linea<\/p>        <\/div>\n                  <div class=\"lg-item\" data-src=\"https:\/\/www.leeb-balkone.com\/app\/uploads\/2020\/06\/balkongelaender-alu-design-cordoba-9-scaled.jpg\"\n              data-sub-html=\"&lt;p&gt;Balkongel\u00e4nder Aluminium in Holzoptik (Modell Cordoba)&lt;\/p&gt;\">\n            <div class=\"img-wrapper\">\n                <figure>\n                    <img loading=\"lazy\" decoding=\"async\" width=\"300\" height=\"199\" src=\"https:\/\/www.leeb-balkone.com\/app\/uploads\/2020\/06\/balkongelaender-alu-design-cordoba-9-300x199.jpg\" class=\"attachment-medium size-medium\" alt=\"Modernes Allrounder Balkongel\u00e4nder mit Alu Latten in Holzoptik - Alubalkon Alu Design Cordoba\" srcset=\"https:\/\/www.leeb-balkone.com\/app\/uploads\/2020\/06\/balkongelaender-alu-design-cordoba-9-300x199.jpg 300w, https:\/\/www.leeb-balkone.com\/app\/uploads\/2020\/06\/balkongelaender-alu-design-cordoba-9-1024x681.jpg 1024w, https:\/\/www.leeb-balkone.com\/app\/uploads\/2020\/06\/balkongelaender-alu-design-cordoba-9-768x510.jpg 768w, https:\/\/www.leeb-balkone.com\/app\/uploads\/2020\/06\/balkongelaender-alu-design-cordoba-9-1536x1021.jpg 1536w, https:\/\/www.leeb-balkone.com\/app\/uploads\/2020\/06\/balkongelaender-alu-design-cordoba-9-2048x1361.jpg 2048w\" sizes=\"auto, (min-width: 1200px) 260px, (min-width: 1024px) 220px, (min-width: 640px) 465px, 768px\" \/>    \n                <\/figure>\n                        <\/div>\n            <p>Balkongel\u00e4nder Aluminium in Holzoptik (Modell Cordoba)<\/p>        <\/div>\n                  <div class=\"lg-item\" data-src=\"https:\/\/www.leeb-balkone.com\/app\/uploads\/2020\/04\/balkongelaender-alu-design-merida-112-scaled.jpg\"\n              data-sub-html=\"&lt;p&gt;Kombination mit Vital&lt;\/p&gt;\">\n            <div class=\"img-wrapper\">\n                <figure>\n                    <img loading=\"lazy\" decoding=\"async\" width=\"300\" height=\"200\" src=\"https:\/\/www.leeb-balkone.com\/app\/uploads\/2020\/04\/balkongelaender-alu-design-merida-112-300x200.jpg\" class=\"attachment-medium size-medium\" alt=\"balkongelaender alu design merida\" srcset=\"https:\/\/www.leeb-balkone.com\/app\/uploads\/2020\/04\/balkongelaender-alu-design-merida-112-300x200.jpg 300w, https:\/\/www.leeb-balkone.com\/app\/uploads\/2020\/04\/balkongelaender-alu-design-merida-112-1024x684.jpg 1024w, https:\/\/www.leeb-balkone.com\/app\/uploads\/2020\/04\/balkongelaender-alu-design-merida-112-768x513.jpg 768w, https:\/\/www.leeb-balkone.com\/app\/uploads\/2020\/04\/balkongelaender-alu-design-merida-112-1536x1025.jpg 1536w, https:\/\/www.leeb-balkone.com\/app\/uploads\/2020\/04\/balkongelaender-alu-design-merida-112-scaled.jpg 2048w\" sizes=\"auto, (min-width: 1200px) 260px, (min-width: 1024px) 220px, (min-width: 640px) 465px, 768px\" \/>    \n                <\/figure>\n                        <\/div>\n            <p>Kombination mit Vital<\/p>        <\/div>\n                  <div class=\"lg-item\" data-src=\"https:\/\/www.leeb-balkone.com\/app\/uploads\/2020\/07\/glasbalkon-vision-spiegelung-alu-alubalkon-glasfuellung-mattgrau-holzhaus-glasfront-scaled.jpg\"\n              data-sub-html=\"&lt;p&gt;Balkongel\u00e4nder aus Grauglas&lt;\/p&gt;\">\n            <div class=\"img-wrapper\">\n                <figure>\n                    <img loading=\"lazy\" decoding=\"async\" width=\"300\" height=\"200\" src=\"https:\/\/www.leeb-balkone.com\/app\/uploads\/2020\/07\/glasbalkon-vision-spiegelung-alu-alubalkon-glasfuellung-mattgrau-holzhaus-glasfront-300x200.jpg\" class=\"attachment-medium size-medium\" alt=\"Leeb Gel\u00e4nder Modell Vision mit mattgrauer Glasf\u00fcllung - terrassenartiger Balkon modernes Holzhaus\" srcset=\"https:\/\/www.leeb-balkone.com\/app\/uploads\/2020\/07\/glasbalkon-vision-spiegelung-alu-alubalkon-glasfuellung-mattgrau-holzhaus-glasfront-300x200.jpg 300w, https:\/\/www.leeb-balkone.com\/app\/uploads\/2020\/07\/glasbalkon-vision-spiegelung-alu-alubalkon-glasfuellung-mattgrau-holzhaus-glasfront-1024x683.jpg 1024w, https:\/\/www.leeb-balkone.com\/app\/uploads\/2020\/07\/glasbalkon-vision-spiegelung-alu-alubalkon-glasfuellung-mattgrau-holzhaus-glasfront-768x512.jpg 768w, https:\/\/www.leeb-balkone.com\/app\/uploads\/2020\/07\/glasbalkon-vision-spiegelung-alu-alubalkon-glasfuellung-mattgrau-holzhaus-glasfront-1536x1024.jpg 1536w, https:\/\/www.leeb-balkone.com\/app\/uploads\/2020\/07\/glasbalkon-vision-spiegelung-alu-alubalkon-glasfuellung-mattgrau-holzhaus-glasfront-2048x1365.jpg 2048w\" sizes=\"auto, (min-width: 1200px) 260px, (min-width: 1024px) 220px, (min-width: 640px) 465px, 768px\" \/>    \n                <\/figure>\n                        <\/div>\n            <p>Balkongel\u00e4nder aus Grauglas<\/p>        <\/div>\n                  <div class=\"lg-item\" data-src=\"https:\/\/www.leeb-balkone.com\/app\/uploads\/2020\/07\/glas-balkongelaender-alu-design-vision-40-scaled.jpg\"\n              data-sub-html=\"&lt;p&gt;Balkongel\u00e4nder Vision aus transparentem Glas&lt;\/p&gt;\">\n            <div class=\"img-wrapper\">\n                <figure>\n                    <img loading=\"lazy\" decoding=\"async\" width=\"300\" height=\"200\" src=\"https:\/\/www.leeb-balkone.com\/app\/uploads\/2020\/07\/glas-balkongelaender-alu-design-vision-40-300x200.jpg\" class=\"attachment-medium size-medium\" alt=\"glas balkongelaender alu design vision\" srcset=\"https:\/\/www.leeb-balkone.com\/app\/uploads\/2020\/07\/glas-balkongelaender-alu-design-vision-40-300x200.jpg 300w, https:\/\/www.leeb-balkone.com\/app\/uploads\/2020\/07\/glas-balkongelaender-alu-design-vision-40-1024x684.jpg 1024w, https:\/\/www.leeb-balkone.com\/app\/uploads\/2020\/07\/glas-balkongelaender-alu-design-vision-40-768x513.jpg 768w, https:\/\/www.leeb-balkone.com\/app\/uploads\/2020\/07\/glas-balkongelaender-alu-design-vision-40-1536x1025.jpg 1536w, https:\/\/www.leeb-balkone.com\/app\/uploads\/2020\/07\/glas-balkongelaender-alu-design-vision-40-2048x1367.jpg 2048w\" sizes=\"auto, (min-width: 1200px) 260px, (min-width: 1024px) 220px, (min-width: 640px) 465px, 768px\" \/>    \n                <\/figure>\n                        <\/div>\n            <p>Balkongel\u00e4nder Vision aus transparentem Glas<\/p>        <\/div>\n                  <div class=\"lg-item\" data-src=\"https:\/\/www.leeb-balkone.com\/app\/uploads\/2020\/07\/balkongelaender-alu-design-granada-25-scaled.jpg\"\n              data-sub-html=\"&lt;p&gt;Balkon Granada&lt;\/p&gt;\">\n            <div class=\"img-wrapper\">\n                <figure>\n                    <img loading=\"lazy\" decoding=\"async\" width=\"300\" height=\"200\" src=\"https:\/\/www.leeb-balkone.com\/app\/uploads\/2020\/07\/balkongelaender-alu-design-granada-25-300x200.jpg\" class=\"attachment-medium size-medium\" alt=\"balkongelaender alu design granada\" srcset=\"https:\/\/www.leeb-balkone.com\/app\/uploads\/2020\/07\/balkongelaender-alu-design-granada-25-300x200.jpg 300w, https:\/\/www.leeb-balkone.com\/app\/uploads\/2020\/07\/balkongelaender-alu-design-granada-25-1024x683.jpg 1024w, https:\/\/www.leeb-balkone.com\/app\/uploads\/2020\/07\/balkongelaender-alu-design-granada-25-768x512.jpg 768w, https:\/\/www.leeb-balkone.com\/app\/uploads\/2020\/07\/balkongelaender-alu-design-granada-25-1536x1024.jpg 1536w, https:\/\/www.leeb-balkone.com\/app\/uploads\/2020\/07\/balkongelaender-alu-design-granada-25-2048x1366.jpg 2048w\" sizes=\"auto, (min-width: 1200px) 260px, (min-width: 1024px) 220px, (min-width: 640px) 465px, 768px\" \/>    \n                <\/figure>\n                        <\/div>\n            <p>Balkon Granada<\/p>        <\/div>\n                  <div class=\"lg-item\" data-src=\"https:\/\/www.leeb-balkone.com\/app\/uploads\/2020\/07\/alubalkongelaender-genf-in-weiss-frontalansicht-scaled.jpg\"\n              data-sub-html=\"&lt;p&gt;Balkongel\u00e4nder in reinwei\u00df (Modell Genf)&lt;\/p&gt;\">\n            <div class=\"img-wrapper\">\n                <figure>\n                    <img loading=\"lazy\" decoding=\"async\" width=\"300\" height=\"200\" src=\"https:\/\/www.leeb-balkone.com\/app\/uploads\/2020\/07\/alubalkongelaender-genf-in-weiss-frontalansicht-300x200.jpg\" class=\"attachment-medium size-medium\" alt=\"alubalkongelaender genf in weiss frontalansicht\" srcset=\"https:\/\/www.leeb-balkone.com\/app\/uploads\/2020\/07\/alubalkongelaender-genf-in-weiss-frontalansicht-300x200.jpg 300w, https:\/\/www.leeb-balkone.com\/app\/uploads\/2020\/07\/alubalkongelaender-genf-in-weiss-frontalansicht-1024x683.jpg 1024w, https:\/\/www.leeb-balkone.com\/app\/uploads\/2020\/07\/alubalkongelaender-genf-in-weiss-frontalansicht-768x512.jpg 768w, https:\/\/www.leeb-balkone.com\/app\/uploads\/2020\/07\/alubalkongelaender-genf-in-weiss-frontalansicht-1536x1025.jpg 1536w, https:\/\/www.leeb-balkone.com\/app\/uploads\/2020\/07\/alubalkongelaender-genf-in-weiss-frontalansicht-2048x1366.jpg 2048w\" sizes=\"auto, (min-width: 1200px) 260px, (min-width: 1024px) 220px, (min-width: 640px) 465px, 768px\" \/>    \n                <\/figure>\n                        <\/div>\n            <p>Balkongel\u00e4nder in reinwei\u00df (Modell Genf)<\/p>        <\/div>\n                  <div class=\"lg-item\" data-src=\"https:\/\/www.leeb-balkone.com\/app\/uploads\/2025\/07\/balkongelaender-madrid-aus-aluminium-mit-edelstahlstreben-scaled.jpg\"\n              data-sub-html=\"&lt;p&gt;horizontales Balkongel\u00e4nder - Modell Madrid mit Edelstahlstreben &lt;\/p&gt;\">\n            <div class=\"img-wrapper\">\n                <figure>\n                    <img loading=\"lazy\" decoding=\"async\" width=\"300\" height=\"200\" src=\"https:\/\/www.leeb-balkone.com\/app\/uploads\/2025\/07\/balkongelaender-madrid-aus-aluminium-mit-edelstahlstreben-300x200.jpg\" class=\"attachment-medium size-medium\" alt=\"balkongelaender madrid aus aluminium mit edelstahlstreben\" srcset=\"https:\/\/www.leeb-balkone.com\/app\/uploads\/2025\/07\/balkongelaender-madrid-aus-aluminium-mit-edelstahlstreben-300x200.jpg 300w, https:\/\/www.leeb-balkone.com\/app\/uploads\/2025\/07\/balkongelaender-madrid-aus-aluminium-mit-edelstahlstreben-1024x684.jpg 1024w, https:\/\/www.leeb-balkone.com\/app\/uploads\/2025\/07\/balkongelaender-madrid-aus-aluminium-mit-edelstahlstreben-768x513.jpg 768w, https:\/\/www.leeb-balkone.com\/app\/uploads\/2025\/07\/balkongelaender-madrid-aus-aluminium-mit-edelstahlstreben-1536x1025.jpg 1536w, https:\/\/www.leeb-balkone.com\/app\/uploads\/2025\/07\/balkongelaender-madrid-aus-aluminium-mit-edelstahlstreben-2048x1367.jpg 2048w\" sizes=\"auto, (min-width: 1200px) 260px, (min-width: 1024px) 220px, (min-width: 640px) 465px, 768px\" \/>    \n                <\/figure>\n                        <\/div>\n            <p>horizontales Balkongel\u00e4nder &#8211; Modell Madrid mit Edelstahlstreben <\/p>        <\/div>\n                  <div class=\"lg-item\" data-src=\"https:\/\/www.leeb-balkone.com\/app\/uploads\/2020\/07\/balkongelaender-alu-wooden-madrid-10-scaled.jpg\"\n              data-sub-html=\"&lt;p&gt;Modernes Alu Balkongel\u00e4nder in Holzoptik mit Edelstahl-Streben&lt;\/p&gt;\">\n            <div class=\"img-wrapper\">\n                <figure>\n                    <img loading=\"lazy\" decoding=\"async\" width=\"300\" height=\"211\" src=\"https:\/\/www.leeb-balkone.com\/app\/uploads\/2020\/07\/balkongelaender-alu-wooden-madrid-10-300x211.jpg\" class=\"attachment-medium size-medium\" alt=\"Modernes Alu Balkongel\u00e4nder in Holzoptik mit Edelstahl-Streben - Alubalkon Alu Wooden Madrid\" srcset=\"https:\/\/www.leeb-balkone.com\/app\/uploads\/2020\/07\/balkongelaender-alu-wooden-madrid-10-300x211.jpg 300w, https:\/\/www.leeb-balkone.com\/app\/uploads\/2020\/07\/balkongelaender-alu-wooden-madrid-10-1024x721.jpg 1024w, https:\/\/www.leeb-balkone.com\/app\/uploads\/2020\/07\/balkongelaender-alu-wooden-madrid-10-768x540.jpg 768w, https:\/\/www.leeb-balkone.com\/app\/uploads\/2020\/07\/balkongelaender-alu-wooden-madrid-10-1536x1081.jpg 1536w, https:\/\/www.leeb-balkone.com\/app\/uploads\/2020\/07\/balkongelaender-alu-wooden-madrid-10-2048x1441.jpg 2048w\" sizes=\"auto, (min-width: 1200px) 260px, (min-width: 1024px) 220px, (min-width: 640px) 465px, 768px\" \/>    \n                <\/figure>\n                        <\/div>\n            <p>Modernes Alu Balkongel\u00e4nder in Holzoptik mit Edelstahl-Streben<\/p>        <\/div>\n                  <div class=\"lg-item\" data-src=\"https:\/\/www.leeb-balkone.com\/app\/uploads\/2020\/07\/balkongelaender-alu-design-trento-13-scaled.jpg\"\n              data-sub-html=\"&lt;p&gt;Balkon Trento in Holzoptik&lt;\/p&gt;\">\n            <div class=\"img-wrapper\">\n                <figure>\n                    <img loading=\"lazy\" decoding=\"async\" width=\"300\" height=\"224\" src=\"https:\/\/www.leeb-balkone.com\/app\/uploads\/2020\/07\/balkongelaender-alu-design-trento-13-300x224.jpg\" class=\"attachment-medium size-medium\" alt=\"balkongelaender alu design trento\" srcset=\"https:\/\/www.leeb-balkone.com\/app\/uploads\/2020\/07\/balkongelaender-alu-design-trento-13-300x224.jpg 300w, https:\/\/www.leeb-balkone.com\/app\/uploads\/2020\/07\/balkongelaender-alu-design-trento-13-1024x765.jpg 1024w, https:\/\/www.leeb-balkone.com\/app\/uploads\/2020\/07\/balkongelaender-alu-design-trento-13-768x574.jpg 768w, https:\/\/www.leeb-balkone.com\/app\/uploads\/2020\/07\/balkongelaender-alu-design-trento-13-1536x1147.jpg 1536w, https:\/\/www.leeb-balkone.com\/app\/uploads\/2020\/07\/balkongelaender-alu-design-trento-13-2048x1529.jpg 2048w\" sizes=\"auto, (min-width: 1200px) 260px, (min-width: 1024px) 220px, (min-width: 640px) 465px, 768px\" \/>    \n                <\/figure>\n                        <\/div>\n            <p>Balkon Trento in Holzoptik<\/p>        <\/div>\n                  <div class=\"lg-item\" data-src=\"https:\/\/www.leeb-balkone.com\/app\/uploads\/2020\/10\/alu-balkongelaender-design-twist-04.jpg\"\n              data-sub-html=\"&lt;p&gt;Balkongel\u00e4nder Modell Twist&lt;\/p&gt;\">\n            <div class=\"img-wrapper\">\n                <figure>\n                    <img loading=\"lazy\" decoding=\"async\" width=\"300\" height=\"225\" src=\"https:\/\/www.leeb-balkone.com\/app\/uploads\/2020\/10\/alu-balkongelaender-design-twist-04-300x225.jpg\" class=\"attachment-medium size-medium\" alt=\"alu balkongelaender design twist\" srcset=\"https:\/\/www.leeb-balkone.com\/app\/uploads\/2020\/10\/alu-balkongelaender-design-twist-04-300x225.jpg 300w, https:\/\/www.leeb-balkone.com\/app\/uploads\/2020\/10\/alu-balkongelaender-design-twist-04-1024x768.jpg 1024w, https:\/\/www.leeb-balkone.com\/app\/uploads\/2020\/10\/alu-balkongelaender-design-twist-04-768x576.jpg 768w, https:\/\/www.leeb-balkone.com\/app\/uploads\/2020\/10\/alu-balkongelaender-design-twist-04-1536x1152.jpg 1536w, https:\/\/www.leeb-balkone.com\/app\/uploads\/2020\/10\/alu-balkongelaender-design-twist-04-2048x1536.jpg 2048w\" sizes=\"auto, (min-width: 1200px) 260px, (min-width: 1024px) 220px, (min-width: 640px) 465px, 768px\" \/>    \n                <\/figure>\n                        <\/div>\n            <p>Balkongel\u00e4nder Modell Twist<\/p>        <\/div>\n                  <div class=\"lg-item\" data-src=\"https:\/\/www.leeb-balkone.com\/app\/uploads\/2020\/07\/glas-balkongelaender-alu-design-vitro-25-scaled.jpg\"\n              data-sub-html=\"&lt;p&gt;Balkonkombination Vitro und Casa Linea&lt;\/p&gt;\">\n            <div class=\"img-wrapper\">\n                <figure>\n                    <img loading=\"lazy\" decoding=\"async\" width=\"300\" height=\"225\" src=\"https:\/\/www.leeb-balkone.com\/app\/uploads\/2020\/07\/glas-balkongelaender-alu-design-vitro-25-300x225.jpg\" class=\"attachment-medium size-medium\" alt=\"glas balkongelaender alu design vitro\" srcset=\"https:\/\/www.leeb-balkone.com\/app\/uploads\/2020\/07\/glas-balkongelaender-alu-design-vitro-25-300x225.jpg 300w, https:\/\/www.leeb-balkone.com\/app\/uploads\/2020\/07\/glas-balkongelaender-alu-design-vitro-25-1024x767.jpg 1024w, https:\/\/www.leeb-balkone.com\/app\/uploads\/2020\/07\/glas-balkongelaender-alu-design-vitro-25-768x575.jpg 768w, https:\/\/www.leeb-balkone.com\/app\/uploads\/2020\/07\/glas-balkongelaender-alu-design-vitro-25-1536x1151.jpg 1536w, https:\/\/www.leeb-balkone.com\/app\/uploads\/2020\/07\/glas-balkongelaender-alu-design-vitro-25-2048x1535.jpg 2048w\" sizes=\"auto, (min-width: 1200px) 260px, (min-width: 1024px) 220px, (min-width: 640px) 465px, 768px\" \/>    \n                <\/figure>\n                        <\/div>\n            <p>Balkonkombination Vitro und Casa Linea<\/p>        <\/div>\n                  <div class=\"lg-item\" data-src=\"https:\/\/www.leeb-balkone.com\/app\/uploads\/2020\/07\/balkongelaender-alu-classic-vilshofen-24.jpg\"\n              data-sub-html=\"&lt;p&gt;Alubalkon Vilshofen mit Blumenk\u00e4sten&lt;\/p&gt;\">\n            <div class=\"img-wrapper\">\n                <figure>\n                    <img loading=\"lazy\" decoding=\"async\" width=\"300\" height=\"225\" src=\"https:\/\/www.leeb-balkone.com\/app\/uploads\/2020\/07\/balkongelaender-alu-classic-vilshofen-24-300x225.jpg\" class=\"attachment-medium size-medium\" alt=\"Zeitloses Balkongel\u00e4nder aus Aluminium mit Edelstahl-Handlauf - Alubalkon Alu Classic Vilshofen\" srcset=\"https:\/\/www.leeb-balkone.com\/app\/uploads\/2020\/07\/balkongelaender-alu-classic-vilshofen-24-300x225.jpg 300w, https:\/\/www.leeb-balkone.com\/app\/uploads\/2020\/07\/balkongelaender-alu-classic-vilshofen-24-1024x768.jpg 1024w, https:\/\/www.leeb-balkone.com\/app\/uploads\/2020\/07\/balkongelaender-alu-classic-vilshofen-24-768x576.jpg 768w, https:\/\/www.leeb-balkone.com\/app\/uploads\/2020\/07\/balkongelaender-alu-classic-vilshofen-24-1536x1152.jpg 1536w, https:\/\/www.leeb-balkone.com\/app\/uploads\/2020\/07\/balkongelaender-alu-classic-vilshofen-24-2048x1536.jpg 2048w\" sizes=\"auto, (min-width: 1200px) 260px, (min-width: 1024px) 220px, (min-width: 640px) 465px, 768px\" \/>    \n                <\/figure>\n                        <\/div>\n            <p>Alubalkon Vilshofen mit Blumenk\u00e4sten<\/p>        <\/div>\n                  <div class=\"lg-item\" data-src=\"https:\/\/www.leeb-balkone.com\/app\/uploads\/2020\/07\/balkongelaender-alu-classic-vilshofen-23-scaled.jpg\"\n              data-sub-html=\"&lt;p&gt;Klassischer Balkon Vilshofen&lt;\/p&gt;\">\n            <div class=\"img-wrapper\">\n                <figure>\n                    <img loading=\"lazy\" decoding=\"async\" width=\"300\" height=\"200\" src=\"https:\/\/www.leeb-balkone.com\/app\/uploads\/2020\/07\/balkongelaender-alu-classic-vilshofen-23-300x200.jpg\" class=\"attachment-medium size-medium\" alt=\"Graues Einfamilienhaus mit Alu Classic Vilshofen Balkongel\u00e4nder\" srcset=\"https:\/\/www.leeb-balkone.com\/app\/uploads\/2020\/07\/balkongelaender-alu-classic-vilshofen-23-300x200.jpg 300w, https:\/\/www.leeb-balkone.com\/app\/uploads\/2020\/07\/balkongelaender-alu-classic-vilshofen-23-1024x683.jpg 1024w, https:\/\/www.leeb-balkone.com\/app\/uploads\/2020\/07\/balkongelaender-alu-classic-vilshofen-23-768x512.jpg 768w, https:\/\/www.leeb-balkone.com\/app\/uploads\/2020\/07\/balkongelaender-alu-classic-vilshofen-23-1536x1024.jpg 1536w, https:\/\/www.leeb-balkone.com\/app\/uploads\/2020\/07\/balkongelaender-alu-classic-vilshofen-23-2048x1366.jpg 2048w\" sizes=\"auto, (min-width: 1200px) 260px, (min-width: 1024px) 220px, (min-width: 640px) 465px, 768px\" \/>    \n                <\/figure>\n                        <\/div>\n            <p>Klassischer Balkon Vilshofen<\/p>        <\/div>\n                  <div class=\"lg-item\" data-src=\"https:\/\/www.leeb-balkone.com\/app\/uploads\/2021\/04\/balkongelaender-alu-classic-gerlos-27-scaled.jpg\"\n              data-sub-html=\"&lt;p&gt;Balkongel\u00e4nder in Holzoptik (Modell Gerlos)&lt;\/p&gt;\">\n            <div class=\"img-wrapper\">\n                <figure>\n                    <img loading=\"lazy\" decoding=\"async\" width=\"300\" height=\"200\" src=\"https:\/\/www.leeb-balkone.com\/app\/uploads\/2021\/04\/balkongelaender-alu-classic-gerlos-27-300x200.jpg\" class=\"attachment-medium size-medium\" alt=\"balkongelaender alu classic gerlos\" srcset=\"https:\/\/www.leeb-balkone.com\/app\/uploads\/2021\/04\/balkongelaender-alu-classic-gerlos-27-300x200.jpg 300w, https:\/\/www.leeb-balkone.com\/app\/uploads\/2021\/04\/balkongelaender-alu-classic-gerlos-27-1024x683.jpg 1024w, https:\/\/www.leeb-balkone.com\/app\/uploads\/2021\/04\/balkongelaender-alu-classic-gerlos-27-768x512.jpg 768w, https:\/\/www.leeb-balkone.com\/app\/uploads\/2021\/04\/balkongelaender-alu-classic-gerlos-27-1536x1025.jpg 1536w, https:\/\/www.leeb-balkone.com\/app\/uploads\/2021\/04\/balkongelaender-alu-classic-gerlos-27-2048x1367.jpg 2048w\" sizes=\"auto, (min-width: 1200px) 260px, (min-width: 1024px) 220px, (min-width: 640px) 465px, 768px\" \/>    \n                <\/figure>\n                        <\/div>\n            <p>Balkongel\u00e4nder in Holzoptik (Modell Gerlos)<\/p>        <\/div>\n                  <div class=\"lg-item\" data-src=\"https:\/\/www.leeb-balkone.com\/app\/uploads\/2020\/07\/balkon-alu-select-padova-2-scaled.jpg\"\n              data-sub-html=\"&lt;p&gt;Selektbalkon Padova&lt;\/p&gt;\">\n            <div class=\"img-wrapper\">\n                <figure>\n                    <img loading=\"lazy\" decoding=\"async\" width=\"300\" height=\"200\" src=\"https:\/\/www.leeb-balkone.com\/app\/uploads\/2020\/07\/balkon-alu-select-padova-2-300x200.jpg\" class=\"attachment-medium size-medium\" alt=\"Glas Balkongel\u00e4nder mit soliden Abschlussleisten und Handlauf - Alubalkon Alu Select Padova\" srcset=\"https:\/\/www.leeb-balkone.com\/app\/uploads\/2020\/07\/balkon-alu-select-padova-2-300x200.jpg 300w, https:\/\/www.leeb-balkone.com\/app\/uploads\/2020\/07\/balkon-alu-select-padova-2-1024x681.jpg 1024w, https:\/\/www.leeb-balkone.com\/app\/uploads\/2020\/07\/balkon-alu-select-padova-2-768x511.jpg 768w, https:\/\/www.leeb-balkone.com\/app\/uploads\/2020\/07\/balkon-alu-select-padova-2-1536x1022.jpg 1536w, https:\/\/www.leeb-balkone.com\/app\/uploads\/2020\/07\/balkon-alu-select-padova-2-2048x1363.jpg 2048w\" sizes=\"auto, (min-width: 1200px) 260px, (min-width: 1024px) 220px, (min-width: 640px) 465px, 768px\" \/>    \n                <\/figure>\n                        <\/div>\n            <p>Selektbalkon Padova<\/p>        <\/div>\n                  <div class=\"lg-item\" data-src=\"https:\/\/www.leeb-balkone.com\/app\/uploads\/2024\/08\/balkongelaender-aus-alu-mit-blechfuellung-handa-scaled.jpg\"\n              data-sub-html=\"&lt;p&gt;Balkon mit Perfor\u00e9edesign (Modell Handa)&lt;\/p&gt;\">\n            <div class=\"img-wrapper\">\n                <figure>\n                    <img loading=\"lazy\" decoding=\"async\" width=\"300\" height=\"200\" src=\"https:\/\/www.leeb-balkone.com\/app\/uploads\/2024\/08\/balkongelaender-aus-alu-mit-blechfuellung-handa-300x200.jpg\" class=\"attachment-medium size-medium\" alt=\"balkongelaender aus alu mit blechfuellung handa\" srcset=\"https:\/\/www.leeb-balkone.com\/app\/uploads\/2024\/08\/balkongelaender-aus-alu-mit-blechfuellung-handa-300x200.jpg 300w, https:\/\/www.leeb-balkone.com\/app\/uploads\/2024\/08\/balkongelaender-aus-alu-mit-blechfuellung-handa-1024x682.jpg 1024w, https:\/\/www.leeb-balkone.com\/app\/uploads\/2024\/08\/balkongelaender-aus-alu-mit-blechfuellung-handa-768x512.jpg 768w, https:\/\/www.leeb-balkone.com\/app\/uploads\/2024\/08\/balkongelaender-aus-alu-mit-blechfuellung-handa-1536x1023.jpg 1536w, https:\/\/www.leeb-balkone.com\/app\/uploads\/2024\/08\/balkongelaender-aus-alu-mit-blechfuellung-handa-2048x1364.jpg 2048w\" sizes=\"auto, (min-width: 1200px) 260px, (min-width: 1024px) 220px, (min-width: 640px) 465px, 768px\" \/>    \n                <\/figure>\n                        <\/div>\n            <p>Balkon mit Perfor\u00e9edesign (Modell Handa)<\/p>        <\/div>\n                  <div class=\"lg-item\" data-src=\"https:\/\/www.leeb-balkone.com\/app\/uploads\/2020\/07\/balkongelaender-alu-select-imola-2-scaled.jpg\"\n              data-sub-html=\"&lt;p&gt;Balkongel\u00e4nder in Holzoptik (Modell Imola)&lt;\/p&gt;\">\n            <div class=\"img-wrapper\">\n                <figure>\n                    <img loading=\"lazy\" decoding=\"async\" width=\"300\" height=\"200\" src=\"https:\/\/www.leeb-balkone.com\/app\/uploads\/2020\/07\/balkongelaender-alu-select-imola-2-300x200.jpg\" class=\"attachment-medium size-medium\" alt=\"Aluminium in Holzoptik mit Alu Select Imola Balkongel\u00e4nder\" srcset=\"https:\/\/www.leeb-balkone.com\/app\/uploads\/2020\/07\/balkongelaender-alu-select-imola-2-300x200.jpg 300w, https:\/\/www.leeb-balkone.com\/app\/uploads\/2020\/07\/balkongelaender-alu-select-imola-2-1024x684.jpg 1024w, https:\/\/www.leeb-balkone.com\/app\/uploads\/2020\/07\/balkongelaender-alu-select-imola-2-768x513.jpg 768w, https:\/\/www.leeb-balkone.com\/app\/uploads\/2020\/07\/balkongelaender-alu-select-imola-2-1536x1025.jpg 1536w, https:\/\/www.leeb-balkone.com\/app\/uploads\/2020\/07\/balkongelaender-alu-select-imola-2-2048x1367.jpg 2048w\" sizes=\"auto, (min-width: 1200px) 260px, (min-width: 1024px) 220px, (min-width: 640px) 465px, 768px\" \/>    \n                <\/figure>\n                        <\/div>\n            <p>Balkongel\u00e4nder in Holzoptik (Modell Imola)<\/p>        <\/div>\n                <\/div>\n\n              <div class=\"lg-load-more-wrapper\">\n            <div class=\"lg-load-more wp-block-button is-style-filled-secondary\">\n                <a href=\"#\" class=\"wp-block-button__link wp-element-button\" role=\"button\">\n                    Nalo\u017ei ve\u010d                <\/a>\n            <\/div>\n        <\/div>\n          <\/div>\n    <\/section>\n\n\n\n<section class=\"wp-block-group alignfull has-white-background-color has-background has-global-padding is-layout-constrained wp-container-core-group-is-layout-9fa1424c wp-block-group-is-layout-constrained\" style=\"padding-top:0\">\n<div class=\"wp-block-columns is-style-offset m-split is-layout-flex wp-container-core-columns-is-layout-28f84493 wp-block-columns-is-layout-flex\">\n<div class=\"wp-block-column is-layout-flow wp-block-column-is-layout-flow\"><div class=\"vp-map-wrapper vp-map-ratio-19-1\"><img decoding=\"async\" width=\"1440\" height=\"884\" src=\"https:\/\/www.leeb-balkone.com\/app\/uploads\/2026\/04\/map-sl.jpg\" class=\"attachment-full size-full\" alt=\"map-sl\" style=\"width:100%;height:100%;object-fit:cover;display:block;\" loading=\"lazy\" srcset=\"https:\/\/www.leeb-balkone.com\/app\/uploads\/2026\/04\/map-sl.jpg 1440w, https:\/\/www.leeb-balkone.com\/app\/uploads\/2026\/04\/map-sl-300x184.jpg 300w, https:\/\/www.leeb-balkone.com\/app\/uploads\/2026\/04\/map-sl-1024x629.jpg 1024w, https:\/\/www.leeb-balkone.com\/app\/uploads\/2026\/04\/map-sl-768x471.jpg 768w\" sizes=\"auto, (min-width: 1536px) 2048px, (min-width: 992px) 1536px, (min-width: 768px) 1024px, (min-width: 576px) 768px, 100vw\" \/><\/div>\n<\/div>\n\n\n\n<div class=\"wp-block-column is-vertically-aligned-center is-style-overlay-content is-layout-flow wp-block-column-is-layout-flow\">\n<div class=\"wp-block-group is-vertical is-layout-flex wp-container-core-group-is-layout-bd7877ba wp-block-group-is-layout-flex\">\n<h2 class=\"wp-block-heading has-step-2-font-size\">Posredniki v Sloveniji<\/h2>\n\n\n\n<p>Kompetentni LEEB partnerji v va\u0161i regiji. Osebno svetovanje, natan\u010dno na\u010drtovanje in strokovna monta\u017ea.<\/p>\n\n\n\n<div class=\"wp-block-buttons is-layout-flex wp-block-buttons-is-layout-flex\" style=\"margin-top:var(--wp--preset--spacing--2-xs)\">\n<div class=\"wp-block-button is-style-cta\"><a class=\"wp-block-button__link has-transparent-background-color has-background wp-element-button\" href=\"https:\/\/www.leeb-balkone.com\/sl\/distribucijski-partnerji\/\">Poi\u0161\u010dite prodajnega partnerja<span class=\"sr-only\"> Distribucijski partner Leeb Balkone Slovenija<\/span><\/a><\/div>\n<\/div>\n<\/div>\n<\/div>\n<\/div>\n<\/section>\n\n\n\n<section class=\"wp-block-group alignfull has-light-gray-background-color has-background has-global-padding is-layout-constrained wp-container-core-group-is-layout-52f96efc wp-block-group-is-layout-constrained\" id=\"beratungstermin\">\n<div class=\"wp-block-group m-teaser o-grid u-md-1 is-layout-flow wp-block-group-is-layout-flow\">\n<div class=\"wp-block-group u-g-7 u-g-s-2 is-layout-flow wp-block-group-is-layout-flow\" style=\"margin-bottom:var(--wp--preset--spacing--s)\">\n<h2 class=\"wp-block-heading\">Stopite v stik z nami<\/h2>\n\n\n\n<p><strong><strong>Na\u010drtujete projekt ali imate vpra\u0161anja o nas in na\u0161ih re\u0161itvah? Pi\u0161ite nam: z veseljem bomo odgovorili na va\u0161a vpra\u0161anja!<\/strong><\/strong><\/p>\n<\/div>\n<\/div>\n\n\n\n<div class=\"wp-block-group m-teaser o-grid u-md-1 is-layout-flow wp-block-group-is-layout-flow\">\n<div class=\"wp-block-group u-g-7 u-g-s-2 is-layout-flow wp-block-group-is-layout-flow\" style=\"margin-bottom:var(--wp--preset--spacing--s)\"><form action=\"https:\/\/www.leeb-balkone.com\/sl\/wp-json\/ws-form\/v1\/submit\" class=\"wsf-form wsf-form-canvas\" id=\"ws-form-1\" data-id=\"11\" data-instance-id=\"1\" method=\"POST\"><\/form>\n<\/div>\n\n\n\n<div class=\"wp-block-group u-g-3 u-g-s-9 is-layout-flow wp-block-group-is-layout-flow\"><div class=\"t3-sidebar-buttons wp-block-buttons is-layout-flex wp-block-buttons-is-layout-flex\"><div class=\"wp-block-button is-style-fill icon-book icon-left\">\n                        <a class=\"wp-block-button__link has-secondary-color has-white-background-color has-text-color has-background has-link-color wp-element-button\" href=\"https:\/\/www.leeb-balkone.com\/sl\/kontakt\/zahtevajte-katalog\/\" style=\"box-shadow:var(--wp--preset--shadow--box-shadow)\">Zahtevajte katalog<\/a>\n                    <\/div><\/div>\n<\/div>\n<\/div>\n<\/section>\n","protected":false},"excerpt":{"rendered":"","protected":false},"author":1,"featured_media":58666,"parent":163773,"menu_order":1,"comment_status":"closed","ping_status":"closed","template":"template-onepager.blade.php","meta":{"_acf_changed":false,"footnotes":"","_sage_theme_css":true,"_wp_block_core_css":true},"folder":[244],"class_list":["post-154700","page","type-page","status-publish","has-post-thumbnail","hentry"],"acf":[],"yoast_head":"<!-- This site is optimized with the Yoast SEO plugin v27.2 - https:\/\/yoast.com\/product\/yoast-seo-wordpress\/ -->\n<title>Aluminijaste balkonske ograje &quot; Aluminijasti balkon - Leeb Balconies Slovenija<\/title>\n<meta name=\"description\" content=\"Aluminijaste balkonske ograje Leeb: ne potrebujejo vzdr\u017eevanja \u2713 odporne na praske \u2713 UV-stabilne \u2713 zelo odporne na vremenske vplive *** Patentirana pra\u0161na barva ALU COMFORT PLUS\u00ae\" \/>\n<meta name=\"robots\" content=\"index, follow, max-snippet:-1, max-image-preview:large, max-video-preview:-1\" \/>\n<meta property=\"og:locale\" content=\"sl_SI\" \/>\n<meta property=\"og:type\" content=\"article\" \/>\n<meta property=\"og:title\" content=\"Aluminijaste balkonske ograje &quot; Aluminijasti balkon - Leeb Balconies\" \/>\n<meta property=\"og:description\" content=\"Aluminijaste balkonske ograje Leeb: ne potrebujejo vzdr\u017eevanja \u2713 odporne na praske \u2713 UV-stabilne \u2713 zelo odporne na vremenske vplive *** Patentirana pra\u0161na barva ALU COMFORT PLUS\u00ae\" \/>\n<meta property=\"og:url\" content=\"https:\/\/www.leeb-balkone.com\/sl\/balkoni\/aluminijasti-balkoni\/\" \/>\n<meta property=\"og:site_name\" content=\"Leeb Balkone\" \/>\n<meta property=\"article:publisher\" content=\"https:\/\/www.facebook.com\/balkone\/\" \/>\n<meta property=\"article:modified_time\" content=\"2026-03-20T13:47:39+00:00\" \/>\n<meta property=\"og:image\" content=\"https:\/\/www.leeb-balkone.com\/app\/uploads\/2021\/10\/balkongelaender-alu-design-barcelona-18aaa-scaled.jpg\" \/>\n\t<meta property=\"og:image:width\" content=\"2048\" \/>\n\t<meta property=\"og:image:height\" content=\"1361\" \/>\n\t<meta property=\"og:image:type\" content=\"image\/jpeg\" \/>\n<meta name=\"twitter:card\" content=\"summary_large_image\" \/>\n<script type=\"application\/ld+json\" class=\"yoast-schema-graph\">{\"@context\":\"https:\/\/schema.org\",\"@graph\":[{\"@type\":\"WebPage\",\"@id\":\"https:\/\/www.leeb-balkone.com\/sl\/balkoni\/aluminijasti-balkoni\/\",\"url\":\"https:\/\/www.leeb-balkone.com\/sl\/balkoni\/aluminijasti-balkoni\/\",\"name\":\"Aluminijaste balkonske ograje \\\" Aluminijasti balkon - Leeb Balconies\",\"isPartOf\":{\"@id\":\"https:\/\/www.leeb-balkone.com\/sl\/#website\"},\"primaryImageOfPage\":{\"@id\":\"https:\/\/www.leeb-balkone.com\/sl\/balkoni\/aluminijasti-balkoni\/#primaryimage\"},\"image\":{\"@id\":\"https:\/\/www.leeb-balkone.com\/sl\/balkoni\/aluminijasti-balkoni\/#primaryimage\"},\"thumbnailUrl\":\"https:\/\/www.leeb-balkone.com\/app\/uploads\/2021\/10\/balkongelaender-alu-design-barcelona-18aaa-scaled.jpg\",\"datePublished\":\"2025-09-13T16:44:29+00:00\",\"dateModified\":\"2026-03-20T13:47:39+00:00\",\"description\":\"Aluminijaste balkonske ograje Leeb: ne potrebujejo vzdr\u017eevanja \u2713 odporne na praske \u2713 UV-stabilne \u2713 zelo odporne na vremenske vplive *** Patentirana pra\u0161na barva ALU COMFORT PLUS\u00ae\",\"breadcrumb\":{\"@id\":\"https:\/\/www.leeb-balkone.com\/sl\/balkoni\/aluminijasti-balkoni\/#breadcrumb\"},\"inLanguage\":\"sl-SI\",\"potentialAction\":[{\"@type\":\"ReadAction\",\"target\":[\"https:\/\/www.leeb-balkone.com\/sl\/balkoni\/aluminijasti-balkoni\/\"]}]},{\"@type\":\"ImageObject\",\"inLanguage\":\"sl-SI\",\"@id\":\"https:\/\/www.leeb-balkone.com\/sl\/balkoni\/aluminijasti-balkoni\/#primaryimage\",\"url\":\"https:\/\/www.leeb-balkone.com\/app\/uploads\/2021\/10\/balkongelaender-alu-design-barcelona-18aaa-scaled.jpg\",\"contentUrl\":\"https:\/\/www.leeb-balkone.com\/app\/uploads\/2021\/10\/balkongelaender-alu-design-barcelona-18aaa-scaled.jpg\",\"width\":2048,\"height\":1361,\"caption\":\"Balkongel\u00e4nder Alu - Gel\u00e4nder aus Aluminium von Leeb Balkone\"},{\"@type\":\"BreadcrumbList\",\"@id\":\"https:\/\/www.leeb-balkone.com\/sl\/balkoni\/aluminijasti-balkoni\/#breadcrumb\",\"itemListElement\":[{\"@type\":\"ListItem\",\"position\":1,\"name\":\"Home\",\"item\":\"https:\/\/www.leeb-balkone.com\/sl\/\"},{\"@type\":\"ListItem\",\"position\":2,\"name\":\"Balkoni\",\"item\":\"https:\/\/www.leeb-balkone.com\/sl\/balkoni\/\"},{\"@type\":\"ListItem\",\"position\":3,\"name\":\"Aluminijasti balkoni\"}]},{\"@type\":\"WebSite\",\"@id\":\"https:\/\/www.leeb-balkone.com\/sl\/#website\",\"url\":\"https:\/\/www.leeb-balkone.com\/sl\/\",\"name\":\"Leeb Balkone\",\"description\":\"Balkone und Z\u00e4une\",\"publisher\":{\"@id\":\"https:\/\/www.leeb-balkone.com\/sl\/#organization\"},\"potentialAction\":[{\"@type\":\"SearchAction\",\"target\":{\"@type\":\"EntryPoint\",\"urlTemplate\":\"https:\/\/www.leeb-balkone.com\/sl\/?s={search_term_string}\"},\"query-input\":{\"@type\":\"PropertyValueSpecification\",\"valueRequired\":true,\"valueName\":\"search_term_string\"}}],\"inLanguage\":\"sl-SI\"},{\"@type\":\"Organization\",\"@id\":\"https:\/\/www.leeb-balkone.com\/sl\/#organization\",\"name\":\"Leeb Balkone Gmbh\",\"url\":\"https:\/\/www.leeb-balkone.com\/sl\/\",\"logo\":{\"@type\":\"ImageObject\",\"inLanguage\":\"sl-SI\",\"@id\":\"https:\/\/www.leeb-balkone.com\/sl\/#\/schema\/logo\/image\/\",\"url\":\"https:\/\/www.leeb-balkone.com\/app\/uploads\/2020\/11\/leeb-logo.svg\",\"contentUrl\":\"https:\/\/www.leeb-balkone.com\/app\/uploads\/2020\/11\/leeb-logo.svg\",\"width\":741,\"height\":204,\"caption\":\"Leeb Balkone Gmbh\"},\"image\":{\"@id\":\"https:\/\/www.leeb-balkone.com\/sl\/#\/schema\/logo\/image\/\"},\"sameAs\":[\"https:\/\/www.facebook.com\/balkone\/\",\"https:\/\/www.trustedshops.at\/bewertung\/info_X4587CCF5833E31AFE0B11F47D86999F2.html\",\"https:\/\/www.trustedshops.de\/bewertung\/info_X7BA536A7A0BDC86D36C4718E4DCAEEEF.html\",\"https:\/\/www.google.com\/maps\/place\/?q=place_id:ChIJ5-zH19-IcEcR9HonWRTllHI\"]}]}<\/script>\n<!-- \/ Yoast SEO plugin. -->","yoast_head_json":{"title":"Aluminijaste balkonske ograje \" Aluminijasti balkon - Leeb Balconies Slovenija","description":"Aluminijaste balkonske ograje Leeb: ne potrebujejo vzdr\u017eevanja \u2713 odporne na praske \u2713 UV-stabilne \u2713 zelo odporne na vremenske vplive *** Patentirana pra\u0161na barva ALU COMFORT PLUS\u00ae","robots":{"index":"index","follow":"follow","max-snippet":"max-snippet:-1","max-image-preview":"max-image-preview:large","max-video-preview":"max-video-preview:-1"},"og_locale":"sl_SI","og_type":"article","og_title":"Aluminijaste balkonske ograje \" Aluminijasti balkon - Leeb Balconies","og_description":"Aluminijaste balkonske ograje Leeb: ne potrebujejo vzdr\u017eevanja \u2713 odporne na praske \u2713 UV-stabilne \u2713 zelo odporne na vremenske vplive *** Patentirana pra\u0161na barva ALU COMFORT PLUS\u00ae","og_url":"https:\/\/www.leeb-balkone.com\/sl\/balkoni\/aluminijasti-balkoni\/","og_site_name":"Leeb Balkone","article_publisher":"https:\/\/www.facebook.com\/balkone\/","article_modified_time":"2026-03-20T13:47:39+00:00","og_image":[{"width":2048,"height":1361,"url":"https:\/\/www.leeb-balkone.com\/app\/uploads\/2021\/10\/balkongelaender-alu-design-barcelona-18aaa-scaled.jpg","type":"image\/jpeg"}],"twitter_card":"summary_large_image","schema":{"@context":"https:\/\/schema.org","@graph":[{"@type":"WebPage","@id":"https:\/\/www.leeb-balkone.com\/sl\/balkoni\/aluminijasti-balkoni\/","url":"https:\/\/www.leeb-balkone.com\/sl\/balkoni\/aluminijasti-balkoni\/","name":"Aluminijaste balkonske ograje \" Aluminijasti balkon - Leeb Balconies","isPartOf":{"@id":"https:\/\/www.leeb-balkone.com\/sl\/#website"},"primaryImageOfPage":{"@id":"https:\/\/www.leeb-balkone.com\/sl\/balkoni\/aluminijasti-balkoni\/#primaryimage"},"image":{"@id":"https:\/\/www.leeb-balkone.com\/sl\/balkoni\/aluminijasti-balkoni\/#primaryimage"},"thumbnailUrl":"https:\/\/www.leeb-balkone.com\/app\/uploads\/2021\/10\/balkongelaender-alu-design-barcelona-18aaa-scaled.jpg","datePublished":"2025-09-13T16:44:29+00:00","dateModified":"2026-03-20T13:47:39+00:00","description":"Aluminijaste balkonske ograje Leeb: ne potrebujejo vzdr\u017eevanja \u2713 odporne na praske \u2713 UV-stabilne \u2713 zelo odporne na vremenske vplive *** Patentirana pra\u0161na barva ALU COMFORT PLUS\u00ae","breadcrumb":{"@id":"https:\/\/www.leeb-balkone.com\/sl\/balkoni\/aluminijasti-balkoni\/#breadcrumb"},"inLanguage":"sl-SI","potentialAction":[{"@type":"ReadAction","target":["https:\/\/www.leeb-balkone.com\/sl\/balkoni\/aluminijasti-balkoni\/"]}]},{"@type":"ImageObject","inLanguage":"sl-SI","@id":"https:\/\/www.leeb-balkone.com\/sl\/balkoni\/aluminijasti-balkoni\/#primaryimage","url":"https:\/\/www.leeb-balkone.com\/app\/uploads\/2021\/10\/balkongelaender-alu-design-barcelona-18aaa-scaled.jpg","contentUrl":"https:\/\/www.leeb-balkone.com\/app\/uploads\/2021\/10\/balkongelaender-alu-design-barcelona-18aaa-scaled.jpg","width":2048,"height":1361,"caption":"Balkongel\u00e4nder Alu - Gel\u00e4nder aus Aluminium von Leeb Balkone"},{"@type":"BreadcrumbList","@id":"https:\/\/www.leeb-balkone.com\/sl\/balkoni\/aluminijasti-balkoni\/#breadcrumb","itemListElement":[{"@type":"ListItem","position":1,"name":"Home","item":"https:\/\/www.leeb-balkone.com\/sl\/"},{"@type":"ListItem","position":2,"name":"Balkoni","item":"https:\/\/www.leeb-balkone.com\/sl\/balkoni\/"},{"@type":"ListItem","position":3,"name":"Aluminijasti balkoni"}]},{"@type":"WebSite","@id":"https:\/\/www.leeb-balkone.com\/sl\/#website","url":"https:\/\/www.leeb-balkone.com\/sl\/","name":"Leeb Balkone","description":"Balkone und Z\u00e4une","publisher":{"@id":"https:\/\/www.leeb-balkone.com\/sl\/#organization"},"potentialAction":[{"@type":"SearchAction","target":{"@type":"EntryPoint","urlTemplate":"https:\/\/www.leeb-balkone.com\/sl\/?s={search_term_string}"},"query-input":{"@type":"PropertyValueSpecification","valueRequired":true,"valueName":"search_term_string"}}],"inLanguage":"sl-SI"},{"@type":"Organization","@id":"https:\/\/www.leeb-balkone.com\/sl\/#organization","name":"Leeb Balkone Gmbh","url":"https:\/\/www.leeb-balkone.com\/sl\/","logo":{"@type":"ImageObject","inLanguage":"sl-SI","@id":"https:\/\/www.leeb-balkone.com\/sl\/#\/schema\/logo\/image\/","url":"https:\/\/www.leeb-balkone.com\/app\/uploads\/2020\/11\/leeb-logo.svg","contentUrl":"https:\/\/www.leeb-balkone.com\/app\/uploads\/2020\/11\/leeb-logo.svg","width":741,"height":204,"caption":"Leeb Balkone Gmbh"},"image":{"@id":"https:\/\/www.leeb-balkone.com\/sl\/#\/schema\/logo\/image\/"},"sameAs":["https:\/\/www.facebook.com\/balkone\/","https:\/\/www.trustedshops.at\/bewertung\/info_X4587CCF5833E31AFE0B11F47D86999F2.html","https:\/\/www.trustedshops.de\/bewertung\/info_X7BA536A7A0BDC86D36C4718E4DCAEEEF.html","https:\/\/www.google.com\/maps\/place\/?q=place_id:ChIJ5-zH19-IcEcR9HonWRTllHI"]}]}},"_links":{"self":[{"href":"https:\/\/www.leeb-balkone.com\/sl\/wp-json\/wp\/v2\/pages\/154700","targetHints":{"allow":["GET"]}}],"collection":[{"href":"https:\/\/www.leeb-balkone.com\/sl\/wp-json\/wp\/v2\/pages"}],"about":[{"href":"https:\/\/www.leeb-balkone.com\/sl\/wp-json\/wp\/v2\/types\/page"}],"author":[{"embeddable":true,"href":"https:\/\/www.leeb-balkone.com\/sl\/wp-json\/wp\/v2\/users\/1"}],"replies":[{"embeddable":true,"href":"https:\/\/www.leeb-balkone.com\/sl\/wp-json\/wp\/v2\/comments?post=154700"}],"version-history":[{"count":8,"href":"https:\/\/www.leeb-balkone.com\/sl\/wp-json\/wp\/v2\/pages\/154700\/revisions"}],"predecessor-version":[{"id":166311,"href":"https:\/\/www.leeb-balkone.com\/sl\/wp-json\/wp\/v2\/pages\/154700\/revisions\/166311"}],"up":[{"embeddable":true,"href":"https:\/\/www.leeb-balkone.com\/sl\/wp-json\/wp\/v2\/pages\/163773"}],"wp:featuredmedia":[{"embeddable":true,"href":"https:\/\/www.leeb-balkone.com\/sl\/wp-json\/wp\/v2\/media\/58666"}],"wp:attachment":[{"href":"https:\/\/www.leeb-balkone.com\/sl\/wp-json\/wp\/v2\/media?parent=154700"}],"wp:term":[{"taxonomy":"folder","embeddable":true,"href":"https:\/\/www.leeb-balkone.com\/sl\/wp-json\/wp\/v2\/folder?post=154700"}],"curies":[{"name":"wp","href":"https:\/\/api.w.org\/{rel}","templated":true}]}}