{"id":21235,"date":"2020-09-23T11:41:40","date_gmt":"2020-09-23T11:41:40","guid":{"rendered":"https:\/\/www.leeb-balkone.com\/de\/per-saperne-di-piu-sulla-balconi-leeb\/auszeichnungen\/"},"modified":"2024-04-15T10:04:45","modified_gmt":"2024-04-15T10:04:45","slug":"riconoscimenti","status":"publish","type":"page","link":"https:\/\/www.leeb-balkone.com\/it\/azienda\/riconoscimenti\/","title":{"rendered":"Riconoscimenti"},"content":{"rendered":"<header data-block_8a434dbd4e43752baa4a3f8afc3dd7d0 class=\"c-fh  l-mh-small c-fh--hero c-grad-l2r c-fh--div none\">\n      <img loading=\"lazy\" decoding=\"async\" width=\"1920\" height=\"1440\" src=\"https:\/\/www.leeb-balkone.com\/app\/uploads\/2024\/04\/Anbaubalkon-mit-Stuetzen-alu-design-vital-3.jpg\" class=\"no-lazy\" alt=\"Anbaubalkon mit Stuetzen alu design vital 3\" srcset=\"https:\/\/www.leeb-balkone.com\/app\/uploads\/2024\/04\/Anbaubalkon-mit-Stuetzen-alu-design-vital-3-300x225.jpg 300w, https:\/\/www.leeb-balkone.com\/app\/uploads\/2024\/04\/Anbaubalkon-mit-Stuetzen-alu-design-vital-3-1024x768.jpg 1024w, https:\/\/www.leeb-balkone.com\/app\/uploads\/2024\/04\/Anbaubalkon-mit-Stuetzen-alu-design-vital-3-768x576.jpg 768w, https:\/\/www.leeb-balkone.com\/app\/uploads\/2024\/04\/Anbaubalkon-mit-Stuetzen-alu-design-vital-3-1536x1152.jpg 1536w\" sizes=\"auto, (min-width: 1536px) 2048px, (min-width: 992px) 1536px, (min-width: 768px) 1024px, (min-width: 576px) 768px, 100vw\" \/>\n\n\n<div class=\"grid-container\">\n  <div class=\"grid-x\">\n    <div class=\"cell small-12 medium-6 medium-offset-1\">\n      <div class=\"c-fh__wrapper\">\n                              <p>Idee innovative, dipendenti altamente qualificati e il coraggio di cambiare<\/p>\n                        <\/div>\n    <\/div>\n  <\/div>\n<\/div>\n  \n    \n    <\/header>\n\n\n  \n  <section class=\"wp-block-group alignfull t3-header u-max-wide t3-header-text has-white-background-color has-background has-global-padding is-layout-constrained wp-block-group-is-layout-constrained\">\n    <div class=\"wp-block-group o-grid u-md-1 u-sm-1 is-layout-flow wp-block-group-is-layout-flow\">\n  <div class=\"wp-block-group u-g-10 u-g-s-2\">\n      <div class=\"yoast-breadcrumbs\"><span><span><a href=\"https:\/\/www.leeb-balkone.com\/it\/\">Home<\/a><\/span><\/span><\/div>\n      \n    <h1>Riconoscimenti<\/h1>\n  <\/div>\n<\/div>\n  <\/section>\n\n\n\n\n\n\n<section class=\"wp-block-cgb-t3-section-block alignfull b-pt-small  is-style-bg-white\" style=\"display:inherit;min-height:inherit\"><div class=\"b-sps l-mbl\" id=\"\">\n    <div class=\"grid-container\">\n      <div class=\"grid-x\">\n              <div class=\"cell b-sps__img  small-12 medium-6 small-order-1 medium-order-1 \">\n          \n            <img loading=\"lazy\" decoding=\"async\" width=\"1024\" height=\"600\" src=\"https:\/\/www.leeb-balkone.com\/app\/uploads\/2024\/04\/PD2024_RD-1024x600.png\" class=\"attachment-large size-large\" alt=\"PD2024_RD\" srcset=\"https:\/\/www.leeb-balkone.com\/app\/uploads\/2024\/04\/PD2024_RD-1024x600.png 1024w, https:\/\/www.leeb-balkone.com\/app\/uploads\/2024\/04\/PD2024_RD-300x176.png 300w, https:\/\/www.leeb-balkone.com\/app\/uploads\/2024\/04\/PD2024_RD-768x450.png 768w, https:\/\/www.leeb-balkone.com\/app\/uploads\/2024\/04\/PD2024_RD-1536x900.png 1536w, https:\/\/www.leeb-balkone.com\/app\/uploads\/2024\/04\/PD2024_RD.png 1613w\" sizes=\"auto, (min-width: 1200px) 1024px, (min-width: 1024px) 768px, (min-width: 640px) 768px, 768px\" \/>        <\/div>\n            <div class=\"cell b-sps__cont  small-12 medium-6 small-order-2 medium-order-2 bg--lightgray\">\n        <div class=\"b-sps__inner-cont  pdd\">\n          <h2>Red Dot Design Award 2024 per il balcone solare Leeb<\/h2>\n<div class=\"page\" title=\"Page 1\">\n<div class=\"layoutArea\">\n<div class=\"column\">\n<p>Nel mondo del design e dell&#8217;innovazione, vincere un Red Dot Award \u00e8 considerato un traguardo importante. Leeb Balkone \u00e8 orgogliosa di annunciare che il suo innovativo balcone solare \u00e8 stato premiato nel Red Dot Award: Product Design 2024 con questo prestigioso riconoscimento. Questo sigillo di qualit\u00e0 ambito conferma il ruolo di leader nel settore e l&#8217;impegno per prodotti di design sostenibili e all&#8217;avanguardia. Il balcone solare Leeb combina eleganza estetica con produzione di energia ad alta efficienza attraverso moderni moduli fotovoltaici, che supportano soluzioni energetiche autonome e una vita ecocompatibile, stabilendo nuovi standard nel settore dei sistemi per balconi.<\/p>\n<\/div>\n<\/div>\n<\/div>\n\n        <\/div>\n      <\/div>\n    <\/div>\n    <\/div>\n  <\/div>\n\n\n<div class=\"b-sps l-mbl\" id=\"\">\n    <div class=\"grid-container\">\n      <div class=\"grid-x\">\n              <div class=\"cell b-sps__img  small-12 medium-6 small-order-1 medium-order-2 \">\n          \n            <img loading=\"lazy\" decoding=\"async\" width=\"1024\" height=\"753\" src=\"https:\/\/www.leeb-balkone.com\/app\/uploads\/2022\/04\/2800pxl_DWP_3886-Kopie-1024x753.jpg\" class=\"attachment-large size-large\" alt=\"2800pxl_DWP_3886 Kopie\" srcset=\"https:\/\/www.leeb-balkone.com\/app\/uploads\/2022\/04\/2800pxl_DWP_3886-Kopie-1024x753.jpg 1024w, https:\/\/www.leeb-balkone.com\/app\/uploads\/2022\/04\/2800pxl_DWP_3886-Kopie-300x221.jpg 300w, https:\/\/www.leeb-balkone.com\/app\/uploads\/2022\/04\/2800pxl_DWP_3886-Kopie-768x564.jpg 768w, https:\/\/www.leeb-balkone.com\/app\/uploads\/2022\/04\/2800pxl_DWP_3886-Kopie-1536x1129.jpg 1536w, https:\/\/www.leeb-balkone.com\/app\/uploads\/2022\/04\/2800pxl_DWP_3886-Kopie.jpg 1868w\" sizes=\"auto, (min-width: 1200px) 1024px, (min-width: 1024px) 768px, (min-width: 640px) 768px, 768px\" \/>        <\/div>\n            <div class=\"cell b-sps__cont  small-12 medium-6 small-order-2 medium-order-1 bg--lightgray\">\n        <div class=\"b-sps__inner-cont  pdd\">\n          <h2>Miglior azienda familiare austriaca<\/h2>\n<h3>Azienda tradizionale vince per la seconda volta il primo posto in Carinzia<\/h3>\n<p>Il Wirtschaftsblatt, insieme ai suoi partner BDO, Bankhaus Sp\u00e4ngler, la Camera Notarile Austriaca e VERO, premia le migliori aziende familiari austriache. Nel 2022, l&#8217;azienda Leeb ha ottenuto il primo posto in Carinzia, dopo aver gi\u00e0 ricevuto questo riconoscimento nel 2014. Quest&#8217;azienda tradizionale \u00e8 guidata dalla famiglia Leeb gi\u00e0 alla quarta generazione e si \u00e8 sviluppata, negli ultimi 110 anni, da un piccolo segheria al pi\u00f9 grande produttore europeo di balconi e recinzioni in alluminio.<\/p>\n\n        <\/div>\n      <\/div>\n    <\/div>\n    <\/div>\n  <\/div>\n\n\n<div class=\"b-sps l-mbxl\" id=\"\">\n    <div class=\"grid-container\">\n      <div class=\"grid-x\">\n              <div class=\"cell b-sps__bgimg lazyload bgx-center bgy-center small-12 medium-6 small-order-1 medium-order-1\">\n          \n            <img loading=\"lazy\" decoding=\"async\" width=\"1024\" height=\"890\" src=\"https:\/\/www.leeb-balkone.com\/app\/uploads\/2020\/09\/exportpreis-firma-leeb-balkone-1-scaled-e1601300153255-1024x890.jpg\" class=\"attachment-large size-large\" alt=\"exportpreis firma leeb balkone 1\" srcset=\"https:\/\/www.leeb-balkone.com\/app\/uploads\/2020\/09\/exportpreis-firma-leeb-balkone-1-scaled-e1601300153255-1024x890.jpg 1024w, https:\/\/www.leeb-balkone.com\/app\/uploads\/2020\/09\/exportpreis-firma-leeb-balkone-1-scaled-e1601300153255-300x261.jpg 300w, https:\/\/www.leeb-balkone.com\/app\/uploads\/2020\/09\/exportpreis-firma-leeb-balkone-1-scaled-e1601300153255-768x667.jpg 768w, https:\/\/www.leeb-balkone.com\/app\/uploads\/2020\/09\/exportpreis-firma-leeb-balkone-1-scaled-e1601300153255-1536x1335.jpg 1536w, https:\/\/www.leeb-balkone.com\/app\/uploads\/2020\/09\/exportpreis-firma-leeb-balkone-1-scaled-e1601300153255.jpg 1931w\" sizes=\"auto, (min-width: 1200px) 1024px, (min-width: 1024px) 768px, (min-width: 640px) 768px, 768px\" \/>        <\/div>\n            <div class=\"cell b-sps__cont  small-12 medium-6 small-order-2 medium-order-2 bg--lightgray\">\n        <div class=\"b-sps__inner-cont  pdd\">\n          <h2>Primus 2017<\/h2>\n<h3>1. posto nella categoria \u201cGlobal\u201d<\/h3>\n<p>Ogni anno, in Carinzia e in Stiria si selezionano alternativamente i migliori imprenditori della regione. Kleine Zeitung, Falkensteiner, BKS Bank, la Camera di Commercio della Carinzia, Drei e il Land della Carinzia hanno onorato i risultati eccezionali degli imprenditori locali. Al Primus Gala di Velden, il 20.04.2017, l\u2019azienda Leeb Balkone \u00e8 riuscita a conquistare il primo posto nella categoria \u201cGlobal\u201d. Le esportazioni hanno luogo verso la Germania, l\u2019Italia e la Svizzera. Il maggior incremento delle vendite nel 2016 si \u00e8 avuto sul mercato tedesco. La quota di esportazione resta costantemente sul 60%, anche se i balconi sono un acquisto a vita e di solito si acquistano una sola volta.<\/p>\n\n        <\/div>\n      <\/div>\n    <\/div>\n    <\/div>\n  <\/div>\n\n\n<div class=\"b-sps l-mbxl\" id=\"\">\n    <div class=\"grid-container\">\n      <div class=\"grid-x\">\n              <div class=\"cell b-sps__bgimg lazyload bgx-center bgy-center small-12 medium-6 small-order-1 medium-order-2\">\n          \n            <img loading=\"lazy\" decoding=\"async\" width=\"1024\" height=\"681\" src=\"https:\/\/www.leeb-balkone.com\/app\/uploads\/2020\/09\/exportpreis-firma-leeb-balkone-1024x681.jpg\" class=\"attachment-large size-large\" alt=\"exportpreis firma leeb balkone\" srcset=\"https:\/\/www.leeb-balkone.com\/app\/uploads\/2020\/09\/exportpreis-firma-leeb-balkone-1024x681.jpg 1024w, https:\/\/www.leeb-balkone.com\/app\/uploads\/2020\/09\/exportpreis-firma-leeb-balkone-300x200.jpg 300w, https:\/\/www.leeb-balkone.com\/app\/uploads\/2020\/09\/exportpreis-firma-leeb-balkone-768x511.jpg 768w, https:\/\/www.leeb-balkone.com\/app\/uploads\/2020\/09\/exportpreis-firma-leeb-balkone-1536x1022.jpg 1536w, https:\/\/www.leeb-balkone.com\/app\/uploads\/2020\/09\/exportpreis-firma-leeb-balkone-2048x1363.jpg 2048w\" sizes=\"auto, (min-width: 1200px) 1024px, (min-width: 1024px) 768px, (min-width: 640px) 768px, 768px\" \/>        <\/div>\n            <div class=\"cell b-sps__cont  small-12 medium-6 small-order-2 medium-order-1 bg--lightgray\">\n        <div class=\"b-sps__inner-cont  pdd\">\n          <h2>Premio della Carinzia 2016 per l\u2019esportazione<\/h2>\n<h3>Forte performance nell\u2019export &#8211; L\u2019azienda di Gnesau \u00e8 in testa<\/h3>\n<p>La Camera di Commercio della Carinzia ha organizzato per la 14a volta la Giornata dell\u2019esportazione in collaborazione con la Raiffeisenlandesbank e le Banche Raiffeisen carinziane. Il momento culminante della manifestazione \u00e8 stato il Gala Export seguito dalla presentazione del Premio Export Carinziano. L\u2019azienda Leeb Balkone ha potuto trionfare con prestazioni eccezionali e si \u00e8 aggiudicata il primo posto nella categoria delle imprese di medie dimensioni. Ogni anno, il 60% viene esportato nei Paesi vicini. Lo specialista dei balconi \u00e8 riuscito ad affermarsi soprattutto sul mercato tedesco. Il 90% di tutti i prodotti esportati prende la via della Germania.<\/p>\n\n        <\/div>\n      <\/div>\n    <\/div>\n    <\/div>\n  <\/div>\n\n\n<div class=\"b-sps l-mbxl\" id=\"\">\n    <div class=\"grid-container\">\n      <div class=\"grid-x\">\n              <div class=\"cell b-sps__bgimg lazyload bgx-center bgy-center small-12 medium-6 small-order-1 medium-order-1\">\n          \n            <img loading=\"lazy\" decoding=\"async\" width=\"1024\" height=\"614\" src=\"https:\/\/www.leeb-balkone.com\/app\/uploads\/2020\/09\/alc-firma-leeb-balkone-1-1024x614.jpg\" class=\"attachment-large size-large\" alt=\"alc firma leeb balkone 1\" srcset=\"https:\/\/www.leeb-balkone.com\/app\/uploads\/2020\/09\/alc-firma-leeb-balkone-1-1024x614.jpg 1024w, https:\/\/www.leeb-balkone.com\/app\/uploads\/2020\/09\/alc-firma-leeb-balkone-1-300x180.jpg 300w, https:\/\/www.leeb-balkone.com\/app\/uploads\/2020\/09\/alc-firma-leeb-balkone-1-768x461.jpg 768w, https:\/\/www.leeb-balkone.com\/app\/uploads\/2020\/09\/alc-firma-leeb-balkone-1-1536x922.jpg 1536w\" sizes=\"auto, (min-width: 1200px) 1024px, (min-width: 1024px) 768px, (min-width: 640px) 768px, 768px\" \/>        <\/div>\n            <div class=\"cell b-sps__cont  small-12 medium-6 small-order-2 medium-order-2 bg--lightgray\">\n        <div class=\"b-sps__inner-cont  pdd\">\n          <h2>Austria\u2019s Leading Company<\/h2>\n<h3>Leeb \u00e8 annoverata fra le migliori aziende del Paese<\/h3>\n<p>\u201cAustrias Leading Companies\u201d, abbreviato in ALC, \u00e8 un concorso commerciale a livello austriaco creato nel 1870 dal Wirtschaftsblatt [quotidiano economico], dalla Pricewaterhouse Coopers [societ\u00e0 di servizi professionali] e dalla Kreditschutzverband [Associazione per la tutela del credito]. Al concorso, che ha luogo ogni anno fin dal 1997, si eleggono esclusivamente vincitori con sede nella regione. L\u2019azienda Leeb Balkone ha gi\u00e0 ottenuto pi\u00f9 volte il popolare premio nella categoria \u201cGoldener Mittelbau\u201d.<\/p>\n\n        <\/div>\n      <\/div>\n    <\/div>\n    <\/div>\n  <\/div>\n\n\n<div class=\"b-sps l-mbl\" id=\"\">\n    <div class=\"grid-container\">\n      <div class=\"grid-x\">\n              <div class=\"cell b-sps__bgimg lazyload bgx-center bgy-center small-12 medium-6 small-order-1 medium-order-2\">\n          \n            <img loading=\"lazy\" decoding=\"async\" width=\"1024\" height=\"682\" src=\"https:\/\/www.leeb-balkone.com\/app\/uploads\/2020\/08\/leeb-balkone-mitarbeiter-1-1024x682.jpeg\" class=\"attachment-large size-large\" alt=\"leeb balkone mitarbeiter 1\" srcset=\"https:\/\/www.leeb-balkone.com\/app\/uploads\/2020\/08\/leeb-balkone-mitarbeiter-1-1024x682.jpeg 1024w, https:\/\/www.leeb-balkone.com\/app\/uploads\/2020\/08\/leeb-balkone-mitarbeiter-1-300x200.jpeg 300w, https:\/\/www.leeb-balkone.com\/app\/uploads\/2020\/08\/leeb-balkone-mitarbeiter-1-768x512.jpeg 768w, https:\/\/www.leeb-balkone.com\/app\/uploads\/2020\/08\/leeb-balkone-mitarbeiter-1-1536x1024.jpeg 1536w, https:\/\/www.leeb-balkone.com\/app\/uploads\/2020\/08\/leeb-balkone-mitarbeiter-1-2048x1365.jpeg 2048w\" sizes=\"auto, (min-width: 1200px) 1024px, (min-width: 1024px) 768px, (min-width: 640px) 768px, 768px\" \/>        <\/div>\n            <div class=\"cell b-sps__cont  small-12 medium-6 small-order-2 medium-order-1 bg--lightgray\">\n        <div class=\"b-sps__inner-cont  pdd\">\n          <h2>La migliore azienda austriaca a conduzione familiare<\/h2>\n<h3>Un\u2019azienda ricca di tradizione si aggiudica il 1\u00b0 posto in Carinzia<\/h3>\n<p>Il Wirtschaftsblatt, insieme ai suoi partner BDO, Bankhaus Sp\u00e4ngler, la Camera austriaca dei notai e VERO, hanno selezionato le migliori aziende a conduzione familiari dell\u2019Austria. Nel 2014 l\u2019azienda Leeb \u00e8 riuscita a conquistare il primo posto in Carinzia. L\u2019azienda ricca di tradizione \u00e8 gi\u00e0 gestita dalla quarta generazione della famiglia Leeb e negli ultimi 110 anni si \u00e8 sviluppata da una piccola segheria fino a diventare il pi\u00f9 grande produttore europeo di balconi e recinzioni in alluminio.<\/p>\n\n        <\/div>\n      <\/div>\n    <\/div>\n    <\/div>\n  <\/div>\n<\/section>\n\n\n\n<section class=\"wp-block-cgb-t3-section-block alignfull b-pt-none\" style=\"display:inherit;background-color:#F5F5F5;min-height:inherit\">\n<div class=\"wp-block-cgb-t3-container-block b-has-offset-h\" style=\"background-color:none\"><div class=\"grid-container\"><div class=\"grid-x\"><div class=\"cell small-12 medium-6 large-0 medium-offset-1\">\n<h2 class=\"wp-block-heading\">Prestazioni eccellenti<\/h2>\n<\/div><\/div><\/div><\/div>\n\n\n\n<div class=\"wp-block-cgb-t3-container-block none\" style=\"background-color:none\"><div class=\"grid-container\"><div class=\"grid-x\"><div class=\"cell small-12 medium-9 large-0 medium-offset-1 b-has-pt\">\n<p><span class=\"teaser\">Un percorso coerente, idee innovative, collaboratori altamente qualificati e il coraggio di cambiare: questa \u00e8 la chiave del successo. L\u2019azienda Leeb Balkone ha potuto dimostrare pi\u00f9 volte le sue capacit\u00e0 e ha ricevuto diversi riconoscimenti per il suo successo negli ultimi anni.<\/span><\/p>\n<\/div><\/div><\/div><\/div>\n\n\n\n<div class=\"wp-block-cgb-t3-container-block none\" style=\"background-color:none\"><div class=\"grid-container\"><div class=\"grid-x\"><div class=\"cell small-12 medium-8 large-0 medium-offset-2\"><div class=\"l-wrapper\">\n  <ul data-block_5f4e637ec1ed5 class=\"c-list b-iconlist grid-x align-justify iconlist alignwide\">\n                      <li class=\"b-iconlist__item  small-6 medium-4 large-4\">\n          <div class=\"b-iconlist__icon img\">\n      <img loading=\"lazy\" decoding=\"async\" width=\"626\" height=\"628\" src=\"https:\/\/www.leeb-balkone.com\/app\/uploads\/2020\/09\/logo_tuev-01.png\" class=\"b-iconlist__img\" alt=\"logo_tuev 01\" srcset=\"https:\/\/www.leeb-balkone.com\/app\/uploads\/2020\/09\/logo_tuev-01.png 626w, https:\/\/www.leeb-balkone.com\/app\/uploads\/2020\/09\/logo_tuev-01-300x300.png 300w, https:\/\/www.leeb-balkone.com\/app\/uploads\/2020\/09\/logo_tuev-01-150x150.png 150w, https:\/\/www.leeb-balkone.com\/app\/uploads\/2020\/09\/logo_tuev-01-240x240.png 240w\" sizes=\"auto, (min-width: 1200px) 260px, (min-width: 1024px) 220px, (min-width: 640px) 465px, 768px\" \/>      \n    <\/div>\n      <div class=\"b-iconlist__body\">\n              <p>Certificazione T\u00dcV<\/p>\n      <\/div>\n  \n        <\/li>\n              <li class=\"b-iconlist__item  small-6 medium-4 large-4\">\n          <div class=\"b-iconlist__icon img\">\n      <img loading=\"lazy\" decoding=\"async\" width=\"626\" height=\"628\" src=\"https:\/\/www.leeb-balkone.com\/app\/uploads\/2020\/09\/Austria-Guetezeichen-2024.jpg\" class=\"b-iconlist__img\" alt=\"Austria Guetezeichen 2024\" sizes=\"auto, (min-width: 1200px) 260px, (min-width: 1024px) 220px, (min-width: 640px) 465px, 768px\" \/>      \n    <\/div>\n      <div class=\"b-iconlist__body\">\n              <p>Qualit\u00e0 testata<\/p>\n      <\/div>\n  \n        <\/li>\n              <li class=\"b-iconlist__item  small-6 medium-4 large-4\">\n          <div class=\"b-iconlist__icon img\">\n      <img loading=\"lazy\" decoding=\"async\" width=\"626\" height=\"628\" src=\"https:\/\/www.leeb-balkone.com\/app\/uploads\/2020\/09\/logo_staatlich-01.png\" class=\"b-iconlist__img\" alt=\"logo_staatlich 01\" srcset=\"https:\/\/www.leeb-balkone.com\/app\/uploads\/2020\/09\/logo_staatlich-01.png 626w, https:\/\/www.leeb-balkone.com\/app\/uploads\/2020\/09\/logo_staatlich-01-300x300.png 300w, https:\/\/www.leeb-balkone.com\/app\/uploads\/2020\/09\/logo_staatlich-01-150x150.png 150w, https:\/\/www.leeb-balkone.com\/app\/uploads\/2020\/09\/logo_staatlich-01-240x240.png 240w\" sizes=\"auto, (min-width: 1200px) 260px, (min-width: 1024px) 220px, (min-width: 640px) 465px, 768px\" \/>      \n    <\/div>\n      <div class=\"b-iconlist__body\">\n              <p>Premio statale austriaco<\/p>\n      <\/div>\n  \n        <\/li>\n            <\/ul>\n<\/div>\n<\/div><\/div><\/div><\/div>\n<\/section>\n\n\n\n<section class=\"wp-block-cgb-t3-section-block alignfull b-pt-none  is-style-bg-transparent\" style=\"display:inherit;min-height:inherit\">\n<div class=\"wp-block-cgb-t3-container-block b-has-offset-b\" style=\"background-color:#EE7203\"><div class=\"has-padding none grid-container-wrapper\"><div class=\"grid-container\"><div class=\"grid-x\"><div class=\"cell small-12 medium-10 large-0 medium-offset-1 b-has-lsmb\">\n<h2 class=\"wp-block-heading has-white-color has-text-color\"><span class=\"h2ash1\">Tutto sull\u2019argomento <strong>Balconi, recinzioni &amp; Co<\/strong><\/span><\/h2>\n\n\n\n<p class=\"has-white-color has-text-color\"><span class=\"teaser\"><strong><strong><strong>Pi\u00f9 di 100.000 clienti soddisfatti ripongono la loro fiducia nel produttore leader europeo di parapetti e ringhiere per balconi. Oltre 50.000 metri lineari di parapetti e ringhiere di facile manutenzione in legno, alluminio, vetro e acciaio inossidabile lasciano ogni anno la fabbrica di Gnesau per trovare il loro posto sui balconi in Austria, Germania, Italia, Francia e Svizzera.<\/strong><\/strong><\/strong><\/span><\/p>\n<\/div><\/div><\/div><\/div><\/div>\n\n\n\n<div class=\"wp-block-cgb-t3-container-block none\" style=\"background-color:none\"><div class=\"grid-container\"><div class=\"grid-x\"><div class=\"cell small-12 medium-12 large-0\"><div class=\"u-grid-temp has-2-cols u-md-2 u-sm-1 is-style-transparent-cards offset wp-block-group is-layout-grid wp-block-group-is-layout-grid\">\n\n\n  \n\n            <div class=\"wp-block-group m-card is-layout-flow wp-block-group-is-layout-flow\">\n      <figure data-imgid=\"13212\" class=\"wp-block-image size-large\">\n      <a href=\"https:\/\/www.leeb-balkone.com\/it\/tecnologia\/alu-comfort-plus\/\" class=\"no-default-link\">\n        <img decoding=\"async\" width=\"768\" height=\"499\" src=\"https:\/\/www.leeb-balkone.com\/app\/uploads\/2020\/04\/shutterstock_4878571_red-768x499.jpg\" class=\"attachment-medium_large size-medium_large\" alt=\"Alu Comfort Plus - Rivestimento a polvere brevettato con effetto loto di Leeb Balconies\" title=\"Alu Comfort Plus\" loading=\"lazy\" srcset=\"https:\/\/www.leeb-balkone.com\/app\/uploads\/2020\/04\/shutterstock_4878571_red-768x499.jpg 768w, https:\/\/www.leeb-balkone.com\/app\/uploads\/2020\/04\/shutterstock_4878571_red-1024x665.jpg 1024w, https:\/\/www.leeb-balkone.com\/app\/uploads\/2020\/04\/shutterstock_4878571_red-300x195.jpg 300w, https:\/\/www.leeb-balkone.com\/app\/uploads\/2020\/04\/shutterstock_4878571_red-1536x997.jpg 1536w, https:\/\/www.leeb-balkone.com\/app\/uploads\/2020\/04\/shutterstock_4878571_red-2048x1330.jpg 2048w\" sizes=\"auto, (min-width: 1200px) 360px, (min-width: 1024px) 300px, (min-width: 640px) 768px, 768px\" \/>      <\/a>\n    <\/figure>\n  \n  <div class=\"wp-block-group m-card-content is-vertical is-layout-flex wp-block-group-is-layout-flex\">\n            <h3 class=\"wp-block-heading\">\n          <a href=\"https:\/\/www.leeb-balkone.com\/it\/tecnologia\/alu-comfort-plus\/\" class=\"no-default-link\">Alu Comfort Plus<\/a>\n        <\/h3>\n        <p>L&#8217;esclusiva e brevettata superficie ALU COMFORT PLUS\u00ae con effetto loto altamente efficace \u00e8 l&#8217;essenza di un&#8217;innovazione costante.<\/p>\n          <a href=\"https:\/\/www.leeb-balkone.com\/it\/tecnologia\/alu-comfort-plus\/\" class=\"more\">Per saperne di pi\u00f9<\/a>\n      <\/div>\n<\/div>\n\n          <div class=\"wp-block-group m-card is-layout-flow wp-block-group-is-layout-flow\">\n      <figure data-imgid=\"44736\" class=\"wp-block-image size-large\">\n      <a href=\"https:\/\/www.leeb-balkone.com\/it\/partner-commerciali\/\" class=\"no-default-link\">\n        <img decoding=\"async\" width=\"768\" height=\"453\" src=\"https:\/\/www.leeb-balkone.com\/app\/uploads\/2020\/12\/firma-leeb-balkone-zentrale-gnesau-scaled-e1624345570124-768x453.jpg\" class=\"attachment-medium_large size-medium_large\" alt=\"Sede dell&#039;azienda Leeb Balkone GmbH a Gnesau\" title=\"Localit\u00e0 Leeb\" loading=\"lazy\" srcset=\"https:\/\/www.leeb-balkone.com\/app\/uploads\/2020\/12\/firma-leeb-balkone-zentrale-gnesau-scaled-e1624345570124-768x453.jpg 768w, https:\/\/www.leeb-balkone.com\/app\/uploads\/2020\/12\/firma-leeb-balkone-zentrale-gnesau-scaled-e1624345570124-300x177.jpg 300w, https:\/\/www.leeb-balkone.com\/app\/uploads\/2020\/12\/firma-leeb-balkone-zentrale-gnesau-scaled-e1624345570124-1024x604.jpg 1024w, https:\/\/www.leeb-balkone.com\/app\/uploads\/2020\/12\/firma-leeb-balkone-zentrale-gnesau-scaled-e1624345570124-1536x906.jpg 1536w, https:\/\/www.leeb-balkone.com\/app\/uploads\/2020\/12\/firma-leeb-balkone-zentrale-gnesau-scaled-e1624345570124-2048x1208.jpg 2048w\" sizes=\"auto, (min-width: 1200px) 360px, (min-width: 1024px) 300px, (min-width: 640px) 768px, 768px\" \/>      <\/a>\n    <\/figure>\n  \n  <div class=\"wp-block-group m-card-content is-vertical is-layout-flex wp-block-group-is-layout-flex\">\n            <h3 class=\"wp-block-heading\">\n          <a href=\"https:\/\/www.leeb-balkone.com\/it\/partner-commerciali\/\" class=\"no-default-link\">Localit\u00e0 Leeb<\/a>\n        <\/h3>\n        <p>La nostra rete di vendita comprende circa 100 partner Leeb in Austria, Germania, Italia, Svizzera, Slovacchia e Slovenia. C&#8217;\u00e8 sempre un partner Leeb vicino a te! <\/p>\n          <a href=\"https:\/\/www.leeb-balkone.com\/it\/partner-commerciali\/\" class=\"more\">Trova un partner di vendita<\/a>\n      <\/div>\n<\/div>\n\n          <div class=\"wp-block-group m-card is-layout-flow wp-block-group-is-layout-flow\">\n      <figure data-imgid=\"15874\" class=\"wp-block-image size-large\">\n      <a href=\"https:\/\/www.leeb-balkone.com\/it\/servizi\/consegna-e-montaggio\/\" class=\"no-default-link\">\n        <img decoding=\"async\" width=\"768\" height=\"575\" src=\"https:\/\/www.leeb-balkone.com\/app\/uploads\/2020\/08\/leeb-balkone-mitarbeiter-4-1-768x575.jpeg\" class=\"attachment-medium_large size-medium_large\" alt=\"mitarbeiter montage bei leeb balkone\" title=\"Con noi sei al sicuro\" loading=\"lazy\" srcset=\"https:\/\/www.leeb-balkone.com\/app\/uploads\/2020\/08\/leeb-balkone-mitarbeiter-4-1-768x575.jpeg 768w, https:\/\/www.leeb-balkone.com\/app\/uploads\/2020\/08\/leeb-balkone-mitarbeiter-4-1-2048x1534.jpeg 2048w, https:\/\/www.leeb-balkone.com\/app\/uploads\/2020\/08\/leeb-balkone-mitarbeiter-4-1-300x225.jpeg 300w, https:\/\/www.leeb-balkone.com\/app\/uploads\/2020\/08\/leeb-balkone-mitarbeiter-4-1-1024x767.jpeg 1024w, https:\/\/www.leeb-balkone.com\/app\/uploads\/2020\/08\/leeb-balkone-mitarbeiter-4-1-1536x1151.jpeg 1536w\" sizes=\"auto, (min-width: 1200px) 360px, (min-width: 1024px) 300px, (min-width: 640px) 768px, 768px\" \/>      <\/a>\n    <\/figure>\n  \n  <div class=\"wp-block-group m-card-content is-vertical is-layout-flex wp-block-group-is-layout-flex\">\n            <h3 class=\"wp-block-heading\">\n          <a href=\"https:\/\/www.leeb-balkone.com\/it\/servizi\/consegna-e-montaggio\/\" class=\"no-default-link\">Con noi sei al sicuro<\/a>\n        <\/h3>\n        <p>Ci\u00f2 che inizia esattamente, viene finito esattamente. Appena usciti dalla fabbrica, i nostri balconi e le nostre recinzioni vengono consegnati professionalmente da camion speciali e installati da professionisti. In modo rapido, semplice e senza alcun rumore.  <\/p>\n          <a href=\"https:\/\/www.leeb-balkone.com\/it\/servizi\/consegna-e-montaggio\/\" class=\"more\">Per saperne di pi\u00f9<\/a>\n      <\/div>\n<\/div>\n\n          <div class=\"wp-block-group m-card is-layout-flow wp-block-group-is-layout-flow\">\n      <figure data-imgid=\"22533\" class=\"wp-block-image size-large\">\n      <a href=\"https:\/\/www.leeb-balkone.com\/it\/servizi\/servizio-di-progettazione\/\" class=\"no-default-link\">\n        <img decoding=\"async\" width=\"768\" height=\"510\" src=\"https:\/\/www.leeb-balkone.com\/app\/uploads\/2021\/01\/perfekter-planungsservice-leeb-balkone-768x510.jpg\" class=\"attachment-medium_large size-medium_large\" alt=\"Pianificazione della copertura di balconi, recinzioni, terrazze - consultazione con il professionista dei balconi di Leeb Balconies (servizio di pianificazione)\" title=\"Servizio di pianificazione\" loading=\"lazy\" srcset=\"https:\/\/www.leeb-balkone.com\/app\/uploads\/2021\/01\/perfekter-planungsservice-leeb-balkone-768x510.jpg 768w, https:\/\/www.leeb-balkone.com\/app\/uploads\/2021\/01\/perfekter-planungsservice-leeb-balkone-300x199.jpg 300w, https:\/\/www.leeb-balkone.com\/app\/uploads\/2021\/01\/perfekter-planungsservice-leeb-balkone-1024x680.jpg 1024w, https:\/\/www.leeb-balkone.com\/app\/uploads\/2021\/01\/perfekter-planungsservice-leeb-balkone-1536x1020.jpg 1536w, https:\/\/www.leeb-balkone.com\/app\/uploads\/2021\/01\/perfekter-planungsservice-leeb-balkone-2048x1360.jpg 2048w\" sizes=\"auto, (min-width: 1200px) 360px, (min-width: 1024px) 300px, (min-width: 640px) 768px, 768px\" \/>      <\/a>\n    <\/figure>\n  \n  <div class=\"wp-block-group m-card-content is-vertical is-layout-flex wp-block-group-is-layout-flex\">\n            <h3 class=\"wp-block-heading\">\n          <a href=\"https:\/\/www.leeb-balkone.com\/it\/servizi\/servizio-di-progettazione\/\" class=\"no-default-link\">Servizio di pianificazione<\/a>\n        <\/h3>\n        <p>Il tuo consulente personale Leeb nella tua zona ti aiuter\u00e0 a scegliere il balcone, la recinzione o la copertura giusta, dalla progettazione all&#8217;installazione.<\/p>\n          <a href=\"https:\/\/www.leeb-balkone.com\/it\/servizi\/servizio-di-progettazione\/\" class=\"more\">Per saperne di pi\u00f9<\/a>\n      <\/div>\n<\/div>\n\n      \n<\/div>\n\n\n\n<p><\/p>\n<\/div><\/div><\/div><\/div>\n<\/section>\n\n\n\n<p><\/p>\n","protected":false},"excerpt":{"rendered":"","protected":false},"author":1,"featured_media":0,"parent":17328,"menu_order":4,"comment_status":"closed","ping_status":"closed","template":"template-onepager.blade.php","meta":{"_acf_changed":false,"footnotes":"","_sage_theme_css":true,"_wp_block_core_css":false},"folder":[],"class_list":["post-21235","page","type-page","status-publish","hentry"],"acf":[],"yoast_head":"<!-- This site is optimized with the Yoast SEO plugin v27.2 - https:\/\/yoast.com\/product\/yoast-seo-wordpress\/ -->\n<title>Riconoscimenti - BALCONI LEEB Italia<\/title>\n<meta name=\"description\" content=\"Prestazioni eccellenti Un percorso coerente, idee innovative, collaboratori altamente qualificati e il coraggio di cambiare: questa \u00e8 la chiave del\" \/>\n<meta name=\"robots\" content=\"index, follow, max-snippet:-1, max-image-preview:large, max-video-preview:-1\" \/>\n<meta property=\"og:locale\" content=\"it_IT\" \/>\n<meta property=\"og:type\" content=\"article\" \/>\n<meta property=\"og:title\" content=\"Riconoscimenti - BALCONI LEEB\" \/>\n<meta property=\"og:description\" content=\"Prestazioni eccellenti Un percorso coerente, idee innovative, collaboratori altamente qualificati e il coraggio di cambiare: questa \u00e8 la chiave del\" \/>\n<meta property=\"og:url\" content=\"https:\/\/www.leeb-balkone.com\/it\/azienda\/riconoscimenti\/\" \/>\n<meta property=\"og:site_name\" content=\"BALCONI LEEB\" \/>\n<meta property=\"article:publisher\" content=\"https:\/\/www.facebook.com\/balkone\/\" \/>\n<meta property=\"article:modified_time\" content=\"2024-04-15T10:04:45+00:00\" \/>\n<meta property=\"og:image\" content=\"https:\/\/www.leeb-balkone.com\/app\/uploads\/2020\/09\/alu-balkongelaender-zufriedene-kunden-1.jpg\" \/>\n\t<meta property=\"og:image:width\" content=\"2560\" \/>\n\t<meta property=\"og:image:height\" content=\"1762\" \/>\n\t<meta property=\"og:image:type\" content=\"image\/jpeg\" \/>\n<meta name=\"twitter:card\" content=\"summary_large_image\" \/>\n<script type=\"application\/ld+json\" class=\"yoast-schema-graph\">{\"@context\":\"https:\/\/schema.org\",\"@graph\":[{\"@type\":\"WebPage\",\"@id\":\"https:\/\/www.leeb-balkone.com\/it\/azienda\/riconoscimenti\/\",\"url\":\"https:\/\/www.leeb-balkone.com\/it\/azienda\/riconoscimenti\/\",\"name\":\"Riconoscimenti - BALCONI LEEB\",\"isPartOf\":{\"@id\":\"https:\/\/www.leeb-balkone.com\/it\/#website\"},\"datePublished\":\"2020-09-23T11:41:40+00:00\",\"dateModified\":\"2024-04-15T10:04:45+00:00\",\"description\":\"Prestazioni eccellenti Un percorso coerente, idee innovative, collaboratori altamente qualificati e il coraggio di cambiare: questa \u00e8 la chiave del\",\"breadcrumb\":{\"@id\":\"https:\/\/www.leeb-balkone.com\/it\/azienda\/riconoscimenti\/#breadcrumb\"},\"inLanguage\":\"it-IT\",\"potentialAction\":[{\"@type\":\"ReadAction\",\"target\":[\"https:\/\/www.leeb-balkone.com\/it\/azienda\/riconoscimenti\/\"]}]},{\"@type\":\"BreadcrumbList\",\"@id\":\"https:\/\/www.leeb-balkone.com\/it\/azienda\/riconoscimenti\/#breadcrumb\",\"itemListElement\":[{\"@type\":\"ListItem\",\"position\":1,\"name\":\"Home\",\"item\":\"https:\/\/www.leeb-balkone.com\/it\/\"},{\"@type\":\"ListItem\",\"position\":2,\"name\":\"Per saperne di pi\u00f9 sulla balconi LEEB\",\"item\":\"https:\/\/www.leeb-balkone.com\/it\/azienda\/\"},{\"@type\":\"ListItem\",\"position\":3,\"name\":\"Riconoscimenti\"}]},{\"@type\":\"WebSite\",\"@id\":\"https:\/\/www.leeb-balkone.com\/it\/#website\",\"url\":\"https:\/\/www.leeb-balkone.com\/it\/\",\"name\":\"BALCONI LEEB\",\"description\":\"Balkone und Z\u00e4une\",\"publisher\":{\"@id\":\"https:\/\/www.leeb-balkone.com\/it\/#organization\"},\"potentialAction\":[{\"@type\":\"SearchAction\",\"target\":{\"@type\":\"EntryPoint\",\"urlTemplate\":\"https:\/\/www.leeb-balkone.com\/it\/?s={search_term_string}\"},\"query-input\":{\"@type\":\"PropertyValueSpecification\",\"valueRequired\":true,\"valueName\":\"search_term_string\"}}],\"inLanguage\":\"it-IT\"},{\"@type\":\"Organization\",\"@id\":\"https:\/\/www.leeb-balkone.com\/it\/#organization\",\"name\":\"Leeb Balkone Gmbh\",\"url\":\"https:\/\/www.leeb-balkone.com\/it\/\",\"logo\":{\"@type\":\"ImageObject\",\"inLanguage\":\"it-IT\",\"@id\":\"https:\/\/www.leeb-balkone.com\/it\/#\/schema\/logo\/image\/\",\"url\":\"https:\/\/www.leeb-balkone.com\/app\/uploads\/2020\/11\/leeb-logo.svg\",\"contentUrl\":\"https:\/\/www.leeb-balkone.com\/app\/uploads\/2020\/11\/leeb-logo.svg\",\"width\":741,\"height\":204,\"caption\":\"Leeb Balkone Gmbh\"},\"image\":{\"@id\":\"https:\/\/www.leeb-balkone.com\/it\/#\/schema\/logo\/image\/\"},\"sameAs\":[\"https:\/\/www.facebook.com\/balkone\/\",\"https:\/\/www.trustedshops.at\/bewertung\/info_X4587CCF5833E31AFE0B11F47D86999F2.html\",\"https:\/\/www.trustedshops.de\/bewertung\/info_X7BA536A7A0BDC86D36C4718E4DCAEEEF.html\",\"https:\/\/www.google.com\/maps\/place\/?q=place_id:ChIJ5-zH19-IcEcR9HonWRTllHI\"]}]}<\/script>\n<!-- \/ Yoast SEO plugin. -->","yoast_head_json":{"title":"Riconoscimenti - BALCONI LEEB Italia","description":"Prestazioni eccellenti Un percorso coerente, idee innovative, collaboratori altamente qualificati e il coraggio di cambiare: questa \u00e8 la chiave del","robots":{"index":"index","follow":"follow","max-snippet":"max-snippet:-1","max-image-preview":"max-image-preview:large","max-video-preview":"max-video-preview:-1"},"og_locale":"it_IT","og_type":"article","og_title":"Riconoscimenti - BALCONI LEEB","og_description":"Prestazioni eccellenti Un percorso coerente, idee innovative, collaboratori altamente qualificati e il coraggio di cambiare: questa \u00e8 la chiave del","og_url":"https:\/\/www.leeb-balkone.com\/it\/azienda\/riconoscimenti\/","og_site_name":"BALCONI LEEB","article_publisher":"https:\/\/www.facebook.com\/balkone\/","article_modified_time":"2024-04-15T10:04:45+00:00","og_image":[{"width":2560,"height":1762,"url":"https:\/\/www.leeb-balkone.com\/app\/uploads\/2020\/09\/alu-balkongelaender-zufriedene-kunden-1.jpg","type":"image\/jpeg"}],"twitter_card":"summary_large_image","schema":{"@context":"https:\/\/schema.org","@graph":[{"@type":"WebPage","@id":"https:\/\/www.leeb-balkone.com\/it\/azienda\/riconoscimenti\/","url":"https:\/\/www.leeb-balkone.com\/it\/azienda\/riconoscimenti\/","name":"Riconoscimenti - BALCONI LEEB","isPartOf":{"@id":"https:\/\/www.leeb-balkone.com\/it\/#website"},"datePublished":"2020-09-23T11:41:40+00:00","dateModified":"2024-04-15T10:04:45+00:00","description":"Prestazioni eccellenti Un percorso coerente, idee innovative, collaboratori altamente qualificati e il coraggio di cambiare: questa \u00e8 la chiave del","breadcrumb":{"@id":"https:\/\/www.leeb-balkone.com\/it\/azienda\/riconoscimenti\/#breadcrumb"},"inLanguage":"it-IT","potentialAction":[{"@type":"ReadAction","target":["https:\/\/www.leeb-balkone.com\/it\/azienda\/riconoscimenti\/"]}]},{"@type":"BreadcrumbList","@id":"https:\/\/www.leeb-balkone.com\/it\/azienda\/riconoscimenti\/#breadcrumb","itemListElement":[{"@type":"ListItem","position":1,"name":"Home","item":"https:\/\/www.leeb-balkone.com\/it\/"},{"@type":"ListItem","position":2,"name":"Per saperne di pi\u00f9 sulla balconi LEEB","item":"https:\/\/www.leeb-balkone.com\/it\/azienda\/"},{"@type":"ListItem","position":3,"name":"Riconoscimenti"}]},{"@type":"WebSite","@id":"https:\/\/www.leeb-balkone.com\/it\/#website","url":"https:\/\/www.leeb-balkone.com\/it\/","name":"BALCONI LEEB","description":"Balkone und Z\u00e4une","publisher":{"@id":"https:\/\/www.leeb-balkone.com\/it\/#organization"},"potentialAction":[{"@type":"SearchAction","target":{"@type":"EntryPoint","urlTemplate":"https:\/\/www.leeb-balkone.com\/it\/?s={search_term_string}"},"query-input":{"@type":"PropertyValueSpecification","valueRequired":true,"valueName":"search_term_string"}}],"inLanguage":"it-IT"},{"@type":"Organization","@id":"https:\/\/www.leeb-balkone.com\/it\/#organization","name":"Leeb Balkone Gmbh","url":"https:\/\/www.leeb-balkone.com\/it\/","logo":{"@type":"ImageObject","inLanguage":"it-IT","@id":"https:\/\/www.leeb-balkone.com\/it\/#\/schema\/logo\/image\/","url":"https:\/\/www.leeb-balkone.com\/app\/uploads\/2020\/11\/leeb-logo.svg","contentUrl":"https:\/\/www.leeb-balkone.com\/app\/uploads\/2020\/11\/leeb-logo.svg","width":741,"height":204,"caption":"Leeb Balkone Gmbh"},"image":{"@id":"https:\/\/www.leeb-balkone.com\/it\/#\/schema\/logo\/image\/"},"sameAs":["https:\/\/www.facebook.com\/balkone\/","https:\/\/www.trustedshops.at\/bewertung\/info_X4587CCF5833E31AFE0B11F47D86999F2.html","https:\/\/www.trustedshops.de\/bewertung\/info_X7BA536A7A0BDC86D36C4718E4DCAEEEF.html","https:\/\/www.google.com\/maps\/place\/?q=place_id:ChIJ5-zH19-IcEcR9HonWRTllHI"]}]}},"_links":{"self":[{"href":"https:\/\/www.leeb-balkone.com\/it\/wp-json\/wp\/v2\/pages\/21235","targetHints":{"allow":["GET"]}}],"collection":[{"href":"https:\/\/www.leeb-balkone.com\/it\/wp-json\/wp\/v2\/pages"}],"about":[{"href":"https:\/\/www.leeb-balkone.com\/it\/wp-json\/wp\/v2\/types\/page"}],"author":[{"embeddable":true,"href":"https:\/\/www.leeb-balkone.com\/it\/wp-json\/wp\/v2\/users\/1"}],"replies":[{"embeddable":true,"href":"https:\/\/www.leeb-balkone.com\/it\/wp-json\/wp\/v2\/comments?post=21235"}],"version-history":[{"count":0,"href":"https:\/\/www.leeb-balkone.com\/it\/wp-json\/wp\/v2\/pages\/21235\/revisions"}],"up":[{"embeddable":true,"href":"https:\/\/www.leeb-balkone.com\/it\/wp-json\/wp\/v2\/pages\/17328"}],"wp:attachment":[{"href":"https:\/\/www.leeb-balkone.com\/it\/wp-json\/wp\/v2\/media?parent=21235"}],"wp:term":[{"taxonomy":"folder","embeddable":true,"href":"https:\/\/www.leeb-balkone.com\/it\/wp-json\/wp\/v2\/folder?post=21235"}],"curies":[{"name":"wp","href":"https:\/\/api.w.org\/{rel}","templated":true}]}}