{"id":21120,"date":"2020-09-02T14:38:24","date_gmt":"2020-09-02T14:38:24","guid":{"rendered":"https:\/\/www.leeb-balkone.com\/de\/servizi\/farbwelten\/"},"modified":"2022-03-28T11:10:20","modified_gmt":"2022-03-28T11:10:20","slug":"mondi-di-colori","status":"publish","type":"page","link":"https:\/\/www.leeb-balkone.com\/it\/servizi\/mondi-di-colori\/","title":{"rendered":"MONDI DI COLORI"},"content":{"rendered":"<header data-block_5ed673af9a55a class=\"c-fh  l-mh-small c-fh--hero c-grad-l2r c-fh--div none\">\n      <img loading=\"lazy\" decoding=\"async\" width=\"2560\" height=\"1707\" src=\"https:\/\/www.leeb-balkone.com\/app\/uploads\/2020\/08\/farbfaecher-ral-farben-scaled.jpg\" class=\"no-lazy\" alt=\"farbfaecher ral farben\" srcset=\"https:\/\/www.leeb-balkone.com\/app\/uploads\/2020\/08\/farbfaecher-ral-farben-scaled.jpg 2560w, https:\/\/www.leeb-balkone.com\/app\/uploads\/2020\/08\/farbfaecher-ral-farben-300x200.jpg 300w, https:\/\/www.leeb-balkone.com\/app\/uploads\/2020\/08\/farbfaecher-ral-farben-1024x683.jpg 1024w, https:\/\/www.leeb-balkone.com\/app\/uploads\/2020\/08\/farbfaecher-ral-farben-768x512.jpg 768w, https:\/\/www.leeb-balkone.com\/app\/uploads\/2020\/08\/farbfaecher-ral-farben-1536x1024.jpg 1536w, https:\/\/www.leeb-balkone.com\/app\/uploads\/2020\/08\/farbfaecher-ral-farben-2048x1366.jpg 2048w\" sizes=\"auto, (min-width: 1536px) 2048px, (min-width: 992px) 1536px, (min-width: 768px) 1024px, (min-width: 576px) 768px, 100vw\" \/>\n\n\n<div class=\"grid-container\">\n  <div class=\"grid-x\">\n    <div class=\"cell small-12 medium-6 medium-offset-1\">\n      <div class=\"c-fh__wrapper\">\n                              <p>Semplicemente in grande armonia<\/p>\n                        <\/div>\n    <\/div>\n  <\/div>\n<\/div>\n  \n    \n    <\/header>\n\n\n  \n  <section class=\"wp-block-group alignfull t3-header u-max-wide t3-header-text has-white-background-color has-background has-global-padding is-layout-constrained wp-block-group-is-layout-constrained\">\n    <div class=\"wp-block-group o-grid u-md-1 u-sm-1 is-layout-flow wp-block-group-is-layout-flow\">\n  <div class=\"wp-block-group u-g-10 u-g-s-2\">\n      <div class=\"yoast-breadcrumbs\"><span><span><a href=\"https:\/\/www.leeb-balkone.com\/it\/\">Home<\/a><\/span><\/span><\/div>\n      \n    <h1>MONDI DI COLORI<\/h1>\n  <\/div>\n<\/div>\n  <\/section>\n\n\n\n\n\n\n<section id=\"first-section\" class=\"wp-block-cgb-t3-section-block alignfull b-pt-small b-pb-none is-style-bg-transparent\" style=\"display:inherit;min-height:inherit\">\n<div class=\"wp-block-cgb-t3-container-block none\" style=\"background-color:none\"><div class=\"grid-container\"><div class=\"grid-x\"><div class=\"cell small-12 medium-9 large-0 medium-offset-1 b-has-lsmb\">\n<blockquote class=\"wp-block-quote is-layout-flow wp-block-quote-is-layout-flow\"><p>Ci sono armonie e contrasti nascosti nei colori che concorrono per creare un effetto comune.<\/p><cite>Vincent van Gogh<\/cite><\/blockquote>\n\n\n\n<p>Tono su tono o piuttosto una combinazione di colori complementari? Solo il giusto uso di diverse tonalit\u00e0 di colore pu\u00f2 dare alla vostra casa un tocco molto speciale e creare grazia ed eleganza. Vi invitiamo a fare un\u2019escursione a colori. Dalle fredde tonalit\u00e0 del grigio fino all\u2019alluminio con effetto legno. In tal modo, troverete sicuramente la tonalit\u00e0 giusta.<\/p>\n<\/div><\/div><\/div><\/div>\n\n\n\n<p><\/p>\n<\/section>\n\n\n\n<section class=\"wp-block-cgb-t3-section-block alignfull b-pt-none  is-style-default\" style=\"display:inherit;background-color:#F5F5F5;min-height:inherit\">\n<div class=\"wp-block-cgb-t3-container-block b-has-offset-h\" style=\"background-color:none\"><div class=\"grid-container\"><div class=\"grid-x\"><div class=\"cell small-6 medium-0 large-0 medium-offset-1\">\n<h2 class=\"wp-block-heading\">IL PERFETTO GIOCO DI COLORI<\/h2>\n<\/div><\/div><\/div><\/div>\n\n\n\n<div class=\"wp-block-cgb-t3-container-block none\" style=\"background-color:none\"><div class=\"grid-container\"><div class=\"grid-x\"><div class=\"cell small-12 medium-9 large-0 medium-offset-1 b-has-pt\">\n<p><span class=\"teaser\">Monocromo o contrasto emozionante &#8211; tutto si riduce alla giusta sequenza di colori. A differenza dell\u2019arredamento d\u2019interni, qui non si possono sviluppare progetti di colore diversi per le singole stanze. Piuttosto, il colore \u00e8 una carattere generale.<\/span><\/p>\n<\/div><\/div><\/div><\/div>\n\n\n<div class=\"b-carousel  band slider\" data-block_5ea30cd5cf602>\n  <div class=\"slides\">\n          <div>\n\n\n\n  \n    \n          \n\n              \n        \n\n        <img loading=\"lazy\" decoding=\"async\" width=\"1024\" height=\"683\" src=\"https:\/\/www.leeb-balkone.com\/app\/uploads\/2020\/08\/farbfaecher-ral-farben-1024x683.jpg\" class=\"no-lazy\" alt=\"farbfaecher ral farben\" srcset=\"https:\/\/www.leeb-balkone.com\/app\/uploads\/2020\/08\/farbfaecher-ral-farben-1024x683.jpg 1024w, https:\/\/www.leeb-balkone.com\/app\/uploads\/2020\/08\/farbfaecher-ral-farben-300x200.jpg 300w, https:\/\/www.leeb-balkone.com\/app\/uploads\/2020\/08\/farbfaecher-ral-farben-768x512.jpg 768w, https:\/\/www.leeb-balkone.com\/app\/uploads\/2020\/08\/farbfaecher-ral-farben-1536x1024.jpg 1536w, https:\/\/www.leeb-balkone.com\/app\/uploads\/2020\/08\/farbfaecher-ral-farben-2048x1366.jpg 2048w\" sizes=\"auto, (min-width: 1200px) 1024px, (min-width: 1024px) 768px, (min-width: 640px) 768px, 768px\" \/>        \n            \n          \n  <\/div>\n\n          <div>\n\n\n\n  \n    \n          \n\n              \n        \n\n        <img loading=\"lazy\" decoding=\"async\" width=\"1024\" height=\"614\" src=\"https:\/\/www.leeb-balkone.com\/app\/uploads\/2020\/08\/leeb-balkone-planungsservice-1024x614.jpeg\" class=\"no-lazy\" alt=\"leeb balkone planungsservice\" srcset=\"https:\/\/www.leeb-balkone.com\/app\/uploads\/2020\/08\/leeb-balkone-planungsservice-1024x614.jpeg 1024w, https:\/\/www.leeb-balkone.com\/app\/uploads\/2020\/08\/leeb-balkone-planungsservice-300x180.jpeg 300w, https:\/\/www.leeb-balkone.com\/app\/uploads\/2020\/08\/leeb-balkone-planungsservice-768x461.jpeg 768w, https:\/\/www.leeb-balkone.com\/app\/uploads\/2020\/08\/leeb-balkone-planungsservice-1536x922.jpeg 1536w, https:\/\/www.leeb-balkone.com\/app\/uploads\/2020\/08\/leeb-balkone-planungsservice-2048x1229.jpeg 2048w\" sizes=\"auto, (min-width: 1200px) 1024px, (min-width: 1024px) 768px, (min-width: 640px) 768px, 768px\" \/>        \n            \n          \n  <\/div>\n\n          <div>\n\n\n\n  \n    \n          \n\n              \n        \n\n        <img loading=\"lazy\" decoding=\"async\" width=\"1024\" height=\"680\" src=\"https:\/\/www.leeb-balkone.com\/app\/uploads\/2021\/01\/perfekter-planungsservice-leeb-balkone-1024x680.jpg\" class=\"no-lazy\" alt=\"Pianificazione della copertura di balconi, recinzioni, terrazze - consultazione con il professionista dei balconi di Leeb Balconies (servizio di pianificazione)\" srcset=\"https:\/\/www.leeb-balkone.com\/app\/uploads\/2021\/01\/perfekter-planungsservice-leeb-balkone-1024x680.jpg 1024w, https:\/\/www.leeb-balkone.com\/app\/uploads\/2021\/01\/perfekter-planungsservice-leeb-balkone-300x199.jpg 300w, https:\/\/www.leeb-balkone.com\/app\/uploads\/2021\/01\/perfekter-planungsservice-leeb-balkone-768x510.jpg 768w, https:\/\/www.leeb-balkone.com\/app\/uploads\/2021\/01\/perfekter-planungsservice-leeb-balkone-1536x1020.jpg 1536w, https:\/\/www.leeb-balkone.com\/app\/uploads\/2021\/01\/perfekter-planungsservice-leeb-balkone-2048x1360.jpg 2048w\" sizes=\"auto, (min-width: 1200px) 1024px, (min-width: 1024px) 768px, (min-width: 640px) 768px, 768px\" \/>        \n            \n          \n  <\/div>\n\n          <div>\n\n\n\n  \n    \n          \n\n              \n        \n\n        <img loading=\"lazy\" decoding=\"async\" width=\"1024\" height=\"683\" src=\"https:\/\/www.leeb-balkone.com\/app\/uploads\/2021\/01\/leeb-farbwelten-4-1024x683.jpg\" class=\"no-lazy\" alt=\"alu-balkongelaender-richtige-farbe\" srcset=\"https:\/\/www.leeb-balkone.com\/app\/uploads\/2021\/01\/leeb-farbwelten-4-1024x683.jpg 1024w, https:\/\/www.leeb-balkone.com\/app\/uploads\/2021\/01\/leeb-farbwelten-4-300x200.jpg 300w, https:\/\/www.leeb-balkone.com\/app\/uploads\/2021\/01\/leeb-farbwelten-4-768x512.jpg 768w, https:\/\/www.leeb-balkone.com\/app\/uploads\/2021\/01\/leeb-farbwelten-4-1536x1024.jpg 1536w, https:\/\/www.leeb-balkone.com\/app\/uploads\/2021\/01\/leeb-farbwelten-4-2048x1366.jpg 2048w\" sizes=\"auto, (min-width: 1200px) 1024px, (min-width: 1024px) 768px, (min-width: 640px) 768px, 768px\" \/>        \n            \n          \n  <\/div>\n\n      <\/div>\n\n<\/div>\n\n\n\n<div class=\"wp-block-cgb-t3-container-block none\" style=\"background-color:none\"><div class=\"grid-container\"><div class=\"grid-x\"><div class=\"cell small-12 medium-9 large-0 medium-offset-1\">\n<p>La recinzione incornicia la vostra propriet\u00e0, il balcone abbellisce la vostra casa e a volte l\u2019intero quartiere. In questo caso, ci si concentra su coerenza e stile. Create una piacevole combinazione tono su tono e sfruttate l&#8217;intera larghezza di banda chiaro-scuro del colore. Le tonalit\u00e0 chiare sono ideali per le superfici che devono riflettere la luce, quelle scure, al contrario, si distinguono perfettamente e creano accenti affascinanti.<\/p>\n\n\n\n<p>Affinch\u00e9 il tutto non diventi troppo sgargiante, completate il vostro concetto di colore con colori neutri. La maggior parte dei cosiddetti \u201ccolore di terra\u201d sono buoni compagni dei colore e concedono un po\u2019 di riposo all\u2019occhio. Ne sono esempi il marrone, il bianco, il color crema e il grigio in tutte le tonalit\u00e0. In generale, si consiglia di non mischiare troppi colori. Questo ha un effetto invadente e inquieto per l\u2019occhio.<\/p>\n<\/div><\/div><\/div><\/div>\n<\/section>\n\n\n\n<section class=\"wp-block-cgb-t3-section-block alignfull  b-pb-none is-style-bg-white\" style=\"display:inherit;min-height:inherit\">\n<div class=\"wp-block-cgb-t3-container-block none\" style=\"background-color:none\"><div class=\"grid-container\"><div class=\"grid-x\"><div class=\"cell small-12 medium-9 large-0 medium-offset-1 b-has-lsmb\">\n<h2 class=\"wp-block-heading\">DO\u2018S&nbsp;&amp;&nbsp;DONT\u2019S<\/h2>\n\n\n\n<ul class=\"is-style-bullet-arrows wp-block-list\"><li><strong><strong>SFUMATURE DI COLORI PI\u00d9 COMUNI<\/strong><\/strong><br>Le norme edilizie nei complessi residenziali potrebbero limitare la scelta dei colori. Prestate particolare attenzione ai colori forti!<\/li><li><strong><strong>TROPPI COLORI SUSCITANO IRREQUIETEZZA<\/strong><\/strong><br>Si deve considerare la combinazione di colori degli elementi esistenti sulla casa, come ad esempio: il tetto, le finestre e la porta del garage.<\/li><li><strong><strong>PRESTARE ATTENZIONE AI COLORI CIRCOSTANTI<\/strong><br><\/strong>Ad esempio: i toni del verde potrebbero non armonizzarsi con il verde della foresta retrostante.<\/li><li><strong><strong>SUPERFICI &amp; CONTRASTO<\/strong><br><\/strong>Le grandi superfici tollerano il contrasto. Tuttavia, gli edifici bassi o stretti risultano visivamente allungati dai colori chiari.<\/li><\/ul>\n<\/div><\/div><\/div><\/div>\n\n\n\n<div class=\"wp-block-cgb-t3-container-block none\" style=\"background-color:none\"><div class=\"grid-container\"><div class=\"grid-x\"><div class=\"cell small-12 medium-9 large-0 medium-offset-1 b-has-pt\">\n<h3 class=\"wp-block-heading\"><strong>Tavolozza dei colori<\/strong><\/h3>\n\n\n\n<p>ALU COMFORT PLUS\u00ae \u00e8 disponibile per il parapetto del vostro balcone in tutti i colori RAL e in molti colori speciali, nonch\u00e9 in 10 diverse strutture in legno.<\/p>\n<\/div><\/div><\/div><\/div>\n\n\n\n<div class=\"wp-block-cgb-t3-container-block none\" style=\"background-color:none\"><div class=\"grid-container\"><div class=\"grid-x\"><div class=\"cell small-12 medium-0 large-0\"><div id=\"lightgallery-block_5f5637b16d719\" data-block_5f5637b16d719 class=\"has-13-imgs b-cards b-cards--gallery u-grid-temp has-3-cols u-md-2 u-sm-1 wp-block-group is-layout-grid wp-block-group-is-layout-grid gallery alignwide\">\n\n        <div class=\"b-cards__item\">\n\n        \n      <figure>\n                 <img loading=\"lazy\" decoding=\"async\" width=\"439\" height=\"1024\" src=\"https:\/\/www.leeb-balkone.com\/app\/uploads\/2020\/09\/La\u0308rche-gebeizt-439x1024.jpg\" class=\"attachment-large size-large\" alt=\"Larice trattato\" srcset=\"https:\/\/www.leeb-balkone.com\/app\/uploads\/2020\/09\/La\u0308rche-gebeizt-439x1024.jpg 439w, https:\/\/www.leeb-balkone.com\/app\/uploads\/2020\/09\/La\u0308rche-gebeizt-129x300.jpg 129w, https:\/\/www.leeb-balkone.com\/app\/uploads\/2020\/09\/La\u0308rche-gebeizt-768x1791.jpg 768w, https:\/\/www.leeb-balkone.com\/app\/uploads\/2020\/09\/La\u0308rche-gebeizt-659x1536.jpg 659w, https:\/\/www.leeb-balkone.com\/app\/uploads\/2020\/09\/La\u0308rche-gebeizt-878x2048.jpg 878w, https:\/\/www.leeb-balkone.com\/app\/uploads\/2020\/09\/La\u0308rche-gebeizt-1024x2387.jpg 1024w, https:\/\/www.leeb-balkone.com\/app\/uploads\/2020\/09\/La\u0308rche-gebeizt-scaled.jpg 1098w\" sizes=\"auto, (min-width: 1200px) 1024px, (min-width: 1024px) 768px, (min-width: 640px) 768px, 768px\" \/>              <\/figure>\n\n                  \n        <div class=\"caption\">\n                  <b>Larice trattato<\/b>\n                      <\/div>\n  \n<\/div>\n\n        <div class=\"b-cards__item\">\n\n        \n      <figure>\n                 <img loading=\"lazy\" decoding=\"async\" width=\"437\" height=\"1024\" src=\"https:\/\/www.leeb-balkone.com\/app\/uploads\/2020\/09\/Kirsche-437x1024.jpg\" class=\"attachment-large size-large\" alt=\"Ciliegio\" srcset=\"https:\/\/www.leeb-balkone.com\/app\/uploads\/2020\/09\/Kirsche-437x1024.jpg 437w, https:\/\/www.leeb-balkone.com\/app\/uploads\/2020\/09\/Kirsche-128x300.jpg 128w, https:\/\/www.leeb-balkone.com\/app\/uploads\/2020\/09\/Kirsche-768x1801.jpg 768w, https:\/\/www.leeb-balkone.com\/app\/uploads\/2020\/09\/Kirsche-655x1536.jpg 655w, https:\/\/www.leeb-balkone.com\/app\/uploads\/2020\/09\/Kirsche-873x2048.jpg 873w, https:\/\/www.leeb-balkone.com\/app\/uploads\/2020\/09\/Kirsche-1024x2401.jpg 1024w, https:\/\/www.leeb-balkone.com\/app\/uploads\/2020\/09\/Kirsche-scaled.jpg 1092w\" sizes=\"auto, (min-width: 1200px) 1024px, (min-width: 1024px) 768px, (min-width: 640px) 768px, 768px\" \/>              <\/figure>\n\n                  \n        <div class=\"caption\">\n                  <b>Ciliegio<\/b>\n                      <\/div>\n  \n<\/div>\n\n        <div class=\"b-cards__item\">\n\n        \n      <figure>\n                 <img loading=\"lazy\" decoding=\"async\" width=\"437\" height=\"1024\" src=\"https:\/\/www.leeb-balkone.com\/app\/uploads\/2022\/03\/Kiefer-hell-2-437x1024.jpg\" class=\"attachment-large size-large\" alt=\"Pino chiaro\" srcset=\"https:\/\/www.leeb-balkone.com\/app\/uploads\/2022\/03\/Kiefer-hell-2-437x1024.jpg 437w, https:\/\/www.leeb-balkone.com\/app\/uploads\/2022\/03\/Kiefer-hell-2-128x300.jpg 128w, https:\/\/www.leeb-balkone.com\/app\/uploads\/2022\/03\/Kiefer-hell-2-768x1801.jpg 768w, https:\/\/www.leeb-balkone.com\/app\/uploads\/2022\/03\/Kiefer-hell-2-655x1536.jpg 655w, https:\/\/www.leeb-balkone.com\/app\/uploads\/2022\/03\/Kiefer-hell-2-scaled.jpg 873w, https:\/\/www.leeb-balkone.com\/app\/uploads\/2022\/03\/Kiefer-hell-2-1024x2401.jpg 1024w\" sizes=\"auto, (min-width: 1200px) 1024px, (min-width: 1024px) 768px, (min-width: 640px) 768px, 768px\" \/>              <\/figure>\n\n                  \n        <div class=\"caption\">\n                  <b>Pino chiaro<\/b>\n                      <\/div>\n  \n<\/div>\n\n        <div class=\"b-cards__item\">\n\n        \n      <figure>\n                 <img loading=\"lazy\" decoding=\"async\" width=\"437\" height=\"1024\" src=\"https:\/\/www.leeb-balkone.com\/app\/uploads\/2020\/09\/Kiefer-dunkel-437x1024.jpg\" class=\"attachment-large size-large\" alt=\"Pino scuro\" srcset=\"https:\/\/www.leeb-balkone.com\/app\/uploads\/2020\/09\/Kiefer-dunkel-437x1024.jpg 437w, https:\/\/www.leeb-balkone.com\/app\/uploads\/2020\/09\/Kiefer-dunkel-128x300.jpg 128w, https:\/\/www.leeb-balkone.com\/app\/uploads\/2020\/09\/Kiefer-dunkel-768x1799.jpg 768w, https:\/\/www.leeb-balkone.com\/app\/uploads\/2020\/09\/Kiefer-dunkel-656x1536.jpg 656w, https:\/\/www.leeb-balkone.com\/app\/uploads\/2020\/09\/Kiefer-dunkel-874x2048.jpg 874w, https:\/\/www.leeb-balkone.com\/app\/uploads\/2020\/09\/Kiefer-dunkel-1024x2399.jpg 1024w, https:\/\/www.leeb-balkone.com\/app\/uploads\/2020\/09\/Kiefer-dunkel-scaled.jpg 1093w\" sizes=\"auto, (min-width: 1200px) 1024px, (min-width: 1024px) 768px, (min-width: 640px) 768px, 768px\" \/>              <\/figure>\n\n                  \n        <div class=\"caption\">\n                  <b>Pino scuro<\/b>\n                      <\/div>\n  \n<\/div>\n\n        <div class=\"b-cards__item\">\n\n        \n      <figure>\n                 <img loading=\"lazy\" decoding=\"async\" width=\"421\" height=\"1024\" src=\"https:\/\/www.leeb-balkone.com\/app\/uploads\/2020\/09\/Kastanie-421x1024.jpg\" class=\"attachment-large size-large\" alt=\"Castagno\" srcset=\"https:\/\/www.leeb-balkone.com\/app\/uploads\/2020\/09\/Kastanie-421x1024.jpg 421w, https:\/\/www.leeb-balkone.com\/app\/uploads\/2020\/09\/Kastanie-123x300.jpg 123w, https:\/\/www.leeb-balkone.com\/app\/uploads\/2020\/09\/Kastanie-768x1867.jpg 768w, https:\/\/www.leeb-balkone.com\/app\/uploads\/2020\/09\/Kastanie-632x1536.jpg 632w, https:\/\/www.leeb-balkone.com\/app\/uploads\/2020\/09\/Kastanie-843x2048.jpg 843w, https:\/\/www.leeb-balkone.com\/app\/uploads\/2020\/09\/Kastanie-1024x2489.jpg 1024w, https:\/\/www.leeb-balkone.com\/app\/uploads\/2020\/09\/Kastanie-scaled.jpg 1053w\" sizes=\"auto, (min-width: 1200px) 1024px, (min-width: 1024px) 768px, (min-width: 640px) 768px, 768px\" \/>              <\/figure>\n\n                  \n        <div class=\"caption\">\n                  <b>Castagno<\/b>\n                      <\/div>\n  \n<\/div>\n\n        <div class=\"b-cards__item\">\n\n        \n      <figure>\n                 <img loading=\"lazy\" decoding=\"async\" width=\"436\" height=\"1024\" src=\"https:\/\/www.leeb-balkone.com\/app\/uploads\/2020\/09\/Greywood-436x1024.jpg\" class=\"attachment-large size-large\" alt=\"Greywood\" srcset=\"https:\/\/www.leeb-balkone.com\/app\/uploads\/2020\/09\/Greywood-436x1024.jpg 436w, https:\/\/www.leeb-balkone.com\/app\/uploads\/2020\/09\/Greywood-128x300.jpg 128w, https:\/\/www.leeb-balkone.com\/app\/uploads\/2020\/09\/Greywood-768x1804.jpg 768w, https:\/\/www.leeb-balkone.com\/app\/uploads\/2020\/09\/Greywood-654x1536.jpg 654w, https:\/\/www.leeb-balkone.com\/app\/uploads\/2020\/09\/Greywood-872x2048.jpg 872w, https:\/\/www.leeb-balkone.com\/app\/uploads\/2020\/09\/Greywood-1024x2405.jpg 1024w, https:\/\/www.leeb-balkone.com\/app\/uploads\/2020\/09\/Greywood-scaled.jpg 1090w\" sizes=\"auto, (min-width: 1200px) 1024px, (min-width: 1024px) 768px, (min-width: 640px) 768px, 768px\" \/>              <\/figure>\n\n                  \n        <div class=\"caption\">\n                  <b>Greywood<\/b>\n                      <\/div>\n  \n<\/div>\n\n        <div class=\"b-cards__item\">\n\n        \n      <figure>\n                 <img loading=\"lazy\" decoding=\"async\" width=\"438\" height=\"1024\" src=\"https:\/\/www.leeb-balkone.com\/app\/uploads\/2020\/09\/Goldeiche-438x1024.jpg\" class=\"attachment-large size-large\" alt=\"Quercia dorata\" srcset=\"https:\/\/www.leeb-balkone.com\/app\/uploads\/2020\/09\/Goldeiche-438x1024.jpg 438w, https:\/\/www.leeb-balkone.com\/app\/uploads\/2020\/09\/Goldeiche-128x300.jpg 128w, https:\/\/www.leeb-balkone.com\/app\/uploads\/2020\/09\/Goldeiche-768x1795.jpg 768w, https:\/\/www.leeb-balkone.com\/app\/uploads\/2020\/09\/Goldeiche-657x1536.jpg 657w, https:\/\/www.leeb-balkone.com\/app\/uploads\/2020\/09\/Goldeiche-876x2048.jpg 876w, https:\/\/www.leeb-balkone.com\/app\/uploads\/2020\/09\/Goldeiche-1024x2393.jpg 1024w, https:\/\/www.leeb-balkone.com\/app\/uploads\/2020\/09\/Goldeiche-scaled.jpg 1095w\" sizes=\"auto, (min-width: 1200px) 1024px, (min-width: 1024px) 768px, (min-width: 640px) 768px, 768px\" \/>              <\/figure>\n\n                  \n        <div class=\"caption\">\n                  <b>Quercia dorata<\/b>\n                      <\/div>\n  \n<\/div>\n\n        <div class=\"b-cards__item\">\n\n        \n      <figure>\n                 <img loading=\"lazy\" decoding=\"async\" width=\"438\" height=\"1024\" src=\"https:\/\/www.leeb-balkone.com\/app\/uploads\/2020\/09\/Eiche-438x1024.jpg\" class=\"attachment-large size-large\" alt=\"Quercia\" srcset=\"https:\/\/www.leeb-balkone.com\/app\/uploads\/2020\/09\/Eiche-438x1024.jpg 438w, https:\/\/www.leeb-balkone.com\/app\/uploads\/2020\/09\/Eiche-128x300.jpg 128w, https:\/\/www.leeb-balkone.com\/app\/uploads\/2020\/09\/Eiche-768x1796.jpg 768w, https:\/\/www.leeb-balkone.com\/app\/uploads\/2020\/09\/Eiche-657x1536.jpg 657w, https:\/\/www.leeb-balkone.com\/app\/uploads\/2020\/09\/Eiche-876x2048.jpg 876w, https:\/\/www.leeb-balkone.com\/app\/uploads\/2020\/09\/Eiche-1024x2395.jpg 1024w, https:\/\/www.leeb-balkone.com\/app\/uploads\/2020\/09\/Eiche-scaled.jpg 1094w\" sizes=\"auto, (min-width: 1200px) 1024px, (min-width: 1024px) 768px, (min-width: 640px) 768px, 768px\" \/>              <\/figure>\n\n                  \n        <div class=\"caption\">\n                  <b>Quercia<\/b>\n                      <\/div>\n  \n<\/div>\n\n        <div class=\"b-cards__item\">\n\n        \n      <figure>\n                 <img loading=\"lazy\" decoding=\"async\" width=\"437\" height=\"1024\" src=\"https:\/\/www.leeb-balkone.com\/app\/uploads\/2020\/09\/Douglasie-437x1024.jpg\" class=\"attachment-large size-large\" alt=\"Douglasia\" srcset=\"https:\/\/www.leeb-balkone.com\/app\/uploads\/2020\/09\/Douglasie-437x1024.jpg 437w, https:\/\/www.leeb-balkone.com\/app\/uploads\/2020\/09\/Douglasie-128x300.jpg 128w, https:\/\/www.leeb-balkone.com\/app\/uploads\/2020\/09\/Douglasie-768x1801.jpg 768w, https:\/\/www.leeb-balkone.com\/app\/uploads\/2020\/09\/Douglasie-655x1536.jpg 655w, https:\/\/www.leeb-balkone.com\/app\/uploads\/2020\/09\/Douglasie-873x2048.jpg 873w, https:\/\/www.leeb-balkone.com\/app\/uploads\/2020\/09\/Douglasie-1024x2401.jpg 1024w, https:\/\/www.leeb-balkone.com\/app\/uploads\/2020\/09\/Douglasie-scaled.jpg 1092w\" sizes=\"auto, (min-width: 1200px) 1024px, (min-width: 1024px) 768px, (min-width: 640px) 768px, 768px\" \/>              <\/figure>\n\n                  \n        <div class=\"caption\">\n                  <b>Douglasia<\/b>\n                      <\/div>\n  \n<\/div>\n\n        <div class=\"b-cards__item\">\n\n        \n      <figure>\n                 <img loading=\"lazy\" decoding=\"async\" width=\"437\" height=\"1024\" src=\"https:\/\/www.leeb-balkone.com\/app\/uploads\/2020\/09\/Esche-437x1024.jpg\" class=\"attachment-large size-large\" alt=\"Frassino\" srcset=\"https:\/\/www.leeb-balkone.com\/app\/uploads\/2020\/09\/Esche-437x1024.jpg 437w, https:\/\/www.leeb-balkone.com\/app\/uploads\/2020\/09\/Esche-128x300.jpg 128w, https:\/\/www.leeb-balkone.com\/app\/uploads\/2020\/09\/Esche-768x1798.jpg 768w, https:\/\/www.leeb-balkone.com\/app\/uploads\/2020\/09\/Esche-656x1536.jpg 656w, https:\/\/www.leeb-balkone.com\/app\/uploads\/2020\/09\/Esche-875x2048.jpg 875w, https:\/\/www.leeb-balkone.com\/app\/uploads\/2020\/09\/Esche-1024x2397.jpg 1024w, https:\/\/www.leeb-balkone.com\/app\/uploads\/2020\/09\/Esche-scaled.jpg 1093w\" sizes=\"auto, (min-width: 1200px) 1024px, (min-width: 1024px) 768px, (min-width: 640px) 768px, 768px\" \/>              <\/figure>\n\n                  \n        <div class=\"caption\">\n                  <b>Frassino<\/b>\n                      <\/div>\n  \n<\/div>\n\n        <div class=\"b-cards__item\">\n\n        \n      <figure>\n                 <img loading=\"lazy\" decoding=\"async\" width=\"1024\" height=\"691\" src=\"https:\/\/www.leeb-balkone.com\/app\/uploads\/2022\/03\/Wenge.jpg\" class=\"attachment-large size-large\" alt=\"Weng\u00e9\" srcset=\"https:\/\/www.leeb-balkone.com\/app\/uploads\/2022\/03\/Wenge.jpg 1024w, https:\/\/www.leeb-balkone.com\/app\/uploads\/2022\/03\/Wenge-300x202.jpg 300w, https:\/\/www.leeb-balkone.com\/app\/uploads\/2022\/03\/Wenge-768x518.jpg 768w, https:\/\/www.leeb-balkone.com\/app\/uploads\/2022\/03\/Wenge-400x270.jpg 400w\" sizes=\"auto, (min-width: 1200px) 1024px, (min-width: 1024px) 768px, (min-width: 640px) 768px, 768px\" \/>              <\/figure>\n\n                  \n        <div class=\"caption\">\n                  <b>Weng\u00e9<\/b>\n                      <\/div>\n  \n<\/div>\n\n        <div class=\"b-cards__item\">\n\n        \n      <figure>\n                 <img loading=\"lazy\" decoding=\"async\" width=\"1024\" height=\"691\" src=\"https:\/\/www.leeb-balkone.com\/app\/uploads\/2022\/03\/Erle.jpg\" class=\"attachment-large size-large\" alt=\"Ontano\" srcset=\"https:\/\/www.leeb-balkone.com\/app\/uploads\/2022\/03\/Erle.jpg 1024w, https:\/\/www.leeb-balkone.com\/app\/uploads\/2022\/03\/Erle-300x202.jpg 300w, https:\/\/www.leeb-balkone.com\/app\/uploads\/2022\/03\/Erle-768x518.jpg 768w, https:\/\/www.leeb-balkone.com\/app\/uploads\/2022\/03\/Erle-400x270.jpg 400w\" sizes=\"auto, (min-width: 1200px) 1024px, (min-width: 1024px) 768px, (min-width: 640px) 768px, 768px\" \/>              <\/figure>\n\n                  \n        <div class=\"caption\">\n                  <b>Ontano<\/b>\n                      <\/div>\n  \n<\/div>\n\n        <div class=\"b-cards__item\">\n\n        \n      <figure>\n                 <img loading=\"lazy\" decoding=\"async\" width=\"1024\" height=\"691\" src=\"https:\/\/www.leeb-balkone.com\/app\/uploads\/2022\/03\/Eiche-rustikal.jpg\" class=\"attachment-large size-large\" alt=\"Quercia rustica\" srcset=\"https:\/\/www.leeb-balkone.com\/app\/uploads\/2022\/03\/Eiche-rustikal.jpg 1024w, https:\/\/www.leeb-balkone.com\/app\/uploads\/2022\/03\/Eiche-rustikal-300x202.jpg 300w, https:\/\/www.leeb-balkone.com\/app\/uploads\/2022\/03\/Eiche-rustikal-768x518.jpg 768w, https:\/\/www.leeb-balkone.com\/app\/uploads\/2022\/03\/Eiche-rustikal-400x270.jpg 400w\" sizes=\"auto, (min-width: 1200px) 1024px, (min-width: 1024px) 768px, (min-width: 640px) 768px, 768px\" \/>              <\/figure>\n\n                  \n        <div class=\"caption\">\n                  <b>Quercia rustica<\/b>\n                      <\/div>\n  \n<\/div>\n\n    <\/div>\n\n<\/div><\/div><\/div><\/div>\n\n\n\n<div class=\"wp-block-cgb-t3-container-block none\" style=\"background-color:none\"><div class=\"grid-container\"><div class=\"grid-x\"><div class=\"cell small-12 medium-9 large-0 medium-offset-1\">\n<p><\/p>\n<\/div><\/div><\/div><\/div>\n<\/section>\n\n\n\n<section class=\"wp-block-cgb-t3-section-block alignfull b-pt-small b-pb-none is-style-bg-white\" style=\"display:inherit;min-height:inherit\"><div class=\"b-sps l-mbl\" id=\"\">\n    <div class=\"grid-container\">\n      <div class=\"grid-x\">\n              <div class=\"cell b-sps__bgimg lazyload bgx-center bgy-center small-12 medium-6 small-order-1 medium-order-1 mh-lg\">\n          \n            <img loading=\"lazy\" decoding=\"async\" width=\"1024\" height=\"680\" src=\"https:\/\/www.leeb-balkone.com\/app\/uploads\/2021\/01\/perfekter-planungsservice-leeb-balkone-1024x680.jpg\" class=\"attachment-large size-large\" alt=\"Pianificazione della copertura di balconi, recinzioni, terrazze - consultazione con il professionista dei balconi di Leeb Balconies (servizio di pianificazione)\" srcset=\"https:\/\/www.leeb-balkone.com\/app\/uploads\/2021\/01\/perfekter-planungsservice-leeb-balkone-1024x680.jpg 1024w, https:\/\/www.leeb-balkone.com\/app\/uploads\/2021\/01\/perfekter-planungsservice-leeb-balkone-300x199.jpg 300w, https:\/\/www.leeb-balkone.com\/app\/uploads\/2021\/01\/perfekter-planungsservice-leeb-balkone-768x510.jpg 768w, https:\/\/www.leeb-balkone.com\/app\/uploads\/2021\/01\/perfekter-planungsservice-leeb-balkone-1536x1020.jpg 1536w, https:\/\/www.leeb-balkone.com\/app\/uploads\/2021\/01\/perfekter-planungsservice-leeb-balkone-2048x1360.jpg 2048w\" sizes=\"auto, (min-width: 1200px) 1024px, (min-width: 1024px) 768px, (min-width: 640px) 768px, 768px\" \/>        <\/div>\n            <div class=\"cell b-sps__cont  small-12 medium-6 small-order-2 medium-order-2 bg--lightgray\">\n        <div class=\"b-sps__inner-cont \">\n          <h1 class=\"av-special-heading-tag \">Servizio di progettazione<\/h1>\n<p>Naturalmente LEEB offre anche servizi di assistenza e di consulenza. Poich\u00e9 ogni balcone o staccionata corrisponde alle vostre idee e viene adattato alle condizioni del luogo con precisione millimetrica, \u00e8 consigliabile avere comunque un consulente sul posto.<\/p>\n<p>Con LEEB potrete essere sicuri che il balcone che avete scelto si adatter\u00e0 perfettamente alla vostra abitazione. Con il fotomontaggio LEEB tutto \u00e8 possibile. Potrete paragonare i diversi modelli e le combinazioni di colore e cercare cos\u00ec il balcone che desiderate.<\/p>\n\n        <\/div>\n      <\/div>\n    <\/div>\n    <\/div>\n  <\/div>\n\n\n<div class=\"b-sps l-mbl\" id=\"\">\n    <div class=\"grid-container\">\n      <div class=\"grid-x\">\n              <div class=\"cell b-sps__bgimg lazyload bgx-center bgy-center small-12 medium-6 small-order-1 medium-order-2 mh-lg\">\n          \n            <img loading=\"lazy\" decoding=\"async\" width=\"1024\" height=\"768\" src=\"https:\/\/www.leeb-balkone.com\/app\/uploads\/2020\/07\/vorstellbalkon-mit-stuetzen-24-1024x768.jpg\" class=\"attachment-large size-large\" alt=\"Doppelhaush\u00e4lfte mit Alu-Vorstellbalkon\" srcset=\"https:\/\/www.leeb-balkone.com\/app\/uploads\/2020\/07\/vorstellbalkon-mit-stuetzen-24-1024x768.jpg 1024w, https:\/\/www.leeb-balkone.com\/app\/uploads\/2020\/07\/vorstellbalkon-mit-stuetzen-24-300x225.jpg 300w, https:\/\/www.leeb-balkone.com\/app\/uploads\/2020\/07\/vorstellbalkon-mit-stuetzen-24-768x576.jpg 768w, https:\/\/www.leeb-balkone.com\/app\/uploads\/2020\/07\/vorstellbalkon-mit-stuetzen-24-1536x1153.jpg 1536w, https:\/\/www.leeb-balkone.com\/app\/uploads\/2020\/07\/vorstellbalkon-mit-stuetzen-24-2048x1537.jpg 2048w\" sizes=\"auto, (min-width: 1200px) 1024px, (min-width: 1024px) 768px, (min-width: 640px) 768px, 768px\" \/>        <\/div>\n            <div class=\"cell b-sps__cont  small-12 medium-6 small-order-2 medium-order-1 bg--white\">\n        <div class=\"b-sps__inner-cont  pdd\">\n          <h2 style=\"background: white; margin: 0cm 0cm 3.35pt 0cm;\"><b><span style=\"font-family: Roboto; color: #3b3b3b; letter-spacing: .35pt;\">Fotomontaggio<\/span><\/b><\/h2>\n<p>I nostri consulenti per i balconi hanno a disposizione le tecnologie pi\u00f9 innovative. Possiamo offrirvi anche fotomontaggi con l\u2019applicazione per LEEB 3D Konfiguratore, che viene gestita direttamente dai nostri rappresentanti in loco.<\/p>\n<h3><strong>3D Konfiguratore<\/strong><\/h3>\n<p>Il nostro personale professionale sar\u00e0 lieto di consigliarvi e di creare il vostro fotomontaggio personale.\u00a0<a href=\"https:\/\/www.leeb-balkone.com\/it\/contatti\/\">Fissate adesso il vostro appuntamento<\/a>.<\/p>\n\n        <\/div>\n      <\/div>\n    <\/div>\n    <\/div>\n  <\/div>\n\n\n\n<div class=\"wp-block-cgb-t3-container-block none\" style=\"background-color:none\"><div class=\"grid-container\"><div class=\"grid-x\"><div class=\"cell small-12 medium-0 large-0\">\n<p><\/p>\n<\/div><\/div><\/div><\/div>\n\n\n\n<div class=\"wp-block-cgb-t3-container-block none\" style=\"background-color:none\"><div class=\"grid-container\"><div class=\"grid-x\"><div class=\"cell small-12 medium-0 large-0\">\n<p><\/p>\n<\/div><\/div><\/div><\/div>\n<\/section>\n\n\n\n<section class=\"wp-block-cgb-t3-section-block alignfull b-pt-none  is-style-bg-transparent\" style=\"display:inherit;min-height:inherit\">\n<div class=\"wp-block-cgb-t3-container-block b-has-offset-b\" style=\"background-color:#EE7203\"><div class=\"has-padding none grid-container-wrapper\"><div class=\"grid-container\"><div class=\"grid-x\"><div class=\"cell small-12 medium-9 large-0 medium-offset-1 b-has-lsmb\">\n<h2 class=\"has-light-gray-color has-text-color wp-block-heading\"><span class=\"h2ash1\"><strong><strong>BALCONI LEEB \u2013 QUALIT\u00c0 SENZA COMPROMESSI<\/strong><\/strong><\/span><\/h2>\n\n\n\n<p class=\"has-white-color has-text-color\"><span class=\"teaser\"><strong><strong>Quale azienda leader nella costruzione di balconi, con oltre 100.000 clienti soddisfatti in tutta Europa, potete ritenere di essere in buone mani rivolgendovi ai nostri consulenti.<\/strong><\/strong><\/span><\/p>\n<\/div><\/div><\/div><\/div><\/div>\n\n\n\n<div class=\"wp-block-cgb-t3-container-block none\" style=\"background-color:none\"><div class=\"grid-container\"><div class=\"grid-x\"><div class=\"cell small-12 medium-12 large-0\"><div class=\"u-grid-temp has-2-cols u-md-2 u-sm-1 is-style-transparent-cards offset wp-block-group is-layout-grid wp-block-group-is-layout-grid\">\n\n\n  \n\n            <div class=\"wp-block-group m-card is-layout-flow wp-block-group-is-layout-flow\">\n      <figure data-imgid=\"13212\" class=\"wp-block-image size-large\">\n      <a href=\"https:\/\/www.leeb-balkone.com\/it\/tecnologia\/alu-comfort-plus\/\" class=\"no-default-link\">\n        <img decoding=\"async\" width=\"768\" height=\"499\" src=\"https:\/\/www.leeb-balkone.com\/app\/uploads\/2020\/04\/shutterstock_4878571_red-768x499.jpg\" class=\"attachment-medium_large size-medium_large\" alt=\"Alu Comfort Plus - Rivestimento a polvere brevettato con effetto loto di Leeb Balconies\" title=\"Alu Comfort Plus\" loading=\"lazy\" srcset=\"https:\/\/www.leeb-balkone.com\/app\/uploads\/2020\/04\/shutterstock_4878571_red-768x499.jpg 768w, https:\/\/www.leeb-balkone.com\/app\/uploads\/2020\/04\/shutterstock_4878571_red-1024x665.jpg 1024w, https:\/\/www.leeb-balkone.com\/app\/uploads\/2020\/04\/shutterstock_4878571_red-300x195.jpg 300w, https:\/\/www.leeb-balkone.com\/app\/uploads\/2020\/04\/shutterstock_4878571_red-1536x997.jpg 1536w, https:\/\/www.leeb-balkone.com\/app\/uploads\/2020\/04\/shutterstock_4878571_red-2048x1330.jpg 2048w\" sizes=\"auto, (min-width: 1200px) 360px, (min-width: 1024px) 300px, (min-width: 640px) 768px, 768px\" \/>      <\/a>\n    <\/figure>\n  \n  <div class=\"wp-block-group m-card-content is-vertical is-layout-flex wp-block-group-is-layout-flex\">\n            <h3 class=\"wp-block-heading\">\n          <a href=\"https:\/\/www.leeb-balkone.com\/it\/tecnologia\/alu-comfort-plus\/\" class=\"no-default-link\">Alu Comfort Plus<\/a>\n        <\/h3>\n        <p>L&#8217;esclusiva e brevettata superficie ALU COMFORT PLUS\u00ae con effetto loto altamente efficace \u00e8 l&#8217;essenza di un&#8217;innovazione costante.<\/p>\n          <a href=\"https:\/\/www.leeb-balkone.com\/it\/tecnologia\/alu-comfort-plus\/\" class=\"more\">Per saperne di pi\u00f9<\/a>\n      <\/div>\n<\/div>\n\n          <div class=\"wp-block-group m-card is-layout-flow wp-block-group-is-layout-flow\">\n      <figure data-imgid=\"44736\" class=\"wp-block-image size-large\">\n      <a href=\"https:\/\/www.leeb-balkone.com\/it\/partner-commerciali\/\" class=\"no-default-link\">\n        <img decoding=\"async\" width=\"768\" height=\"453\" src=\"https:\/\/www.leeb-balkone.com\/app\/uploads\/2020\/12\/firma-leeb-balkone-zentrale-gnesau-scaled-e1624345570124-768x453.jpg\" class=\"attachment-medium_large size-medium_large\" alt=\"Sede dell&#039;azienda Leeb Balkone GmbH a Gnesau\" title=\"Localit\u00e0 Leeb\" loading=\"lazy\" srcset=\"https:\/\/www.leeb-balkone.com\/app\/uploads\/2020\/12\/firma-leeb-balkone-zentrale-gnesau-scaled-e1624345570124-768x453.jpg 768w, https:\/\/www.leeb-balkone.com\/app\/uploads\/2020\/12\/firma-leeb-balkone-zentrale-gnesau-scaled-e1624345570124-300x177.jpg 300w, https:\/\/www.leeb-balkone.com\/app\/uploads\/2020\/12\/firma-leeb-balkone-zentrale-gnesau-scaled-e1624345570124-1024x604.jpg 1024w, https:\/\/www.leeb-balkone.com\/app\/uploads\/2020\/12\/firma-leeb-balkone-zentrale-gnesau-scaled-e1624345570124-1536x906.jpg 1536w, https:\/\/www.leeb-balkone.com\/app\/uploads\/2020\/12\/firma-leeb-balkone-zentrale-gnesau-scaled-e1624345570124-2048x1208.jpg 2048w\" sizes=\"auto, (min-width: 1200px) 360px, (min-width: 1024px) 300px, (min-width: 640px) 768px, 768px\" \/>      <\/a>\n    <\/figure>\n  \n  <div class=\"wp-block-group m-card-content is-vertical is-layout-flex wp-block-group-is-layout-flex\">\n            <h3 class=\"wp-block-heading\">\n          <a href=\"https:\/\/www.leeb-balkone.com\/it\/partner-commerciali\/\" class=\"no-default-link\">Localit\u00e0 Leeb<\/a>\n        <\/h3>\n        <p>La nostra rete di vendita comprende circa 100 partner Leeb in Austria, Germania, Italia, Svizzera, Slovacchia e Slovenia. C&#8217;\u00e8 sempre un partner Leeb vicino a te! <\/p>\n          <a href=\"https:\/\/www.leeb-balkone.com\/it\/partner-commerciali\/\" class=\"more\">Trova un partner di vendita<\/a>\n      <\/div>\n<\/div>\n\n          <div class=\"wp-block-group m-card is-layout-flow wp-block-group-is-layout-flow\">\n      <figure data-imgid=\"15874\" class=\"wp-block-image size-large\">\n      <a href=\"https:\/\/www.leeb-balkone.com\/it\/servizi\/consegna-e-montaggio\/\" class=\"no-default-link\">\n        <img decoding=\"async\" width=\"768\" height=\"575\" src=\"https:\/\/www.leeb-balkone.com\/app\/uploads\/2020\/08\/leeb-balkone-mitarbeiter-4-1-768x575.jpeg\" class=\"attachment-medium_large size-medium_large\" alt=\"mitarbeiter montage bei leeb balkone\" title=\"Con noi sei al sicuro\" loading=\"lazy\" srcset=\"https:\/\/www.leeb-balkone.com\/app\/uploads\/2020\/08\/leeb-balkone-mitarbeiter-4-1-768x575.jpeg 768w, https:\/\/www.leeb-balkone.com\/app\/uploads\/2020\/08\/leeb-balkone-mitarbeiter-4-1-2048x1534.jpeg 2048w, https:\/\/www.leeb-balkone.com\/app\/uploads\/2020\/08\/leeb-balkone-mitarbeiter-4-1-300x225.jpeg 300w, https:\/\/www.leeb-balkone.com\/app\/uploads\/2020\/08\/leeb-balkone-mitarbeiter-4-1-1024x767.jpeg 1024w, https:\/\/www.leeb-balkone.com\/app\/uploads\/2020\/08\/leeb-balkone-mitarbeiter-4-1-1536x1151.jpeg 1536w\" sizes=\"auto, (min-width: 1200px) 360px, (min-width: 1024px) 300px, (min-width: 640px) 768px, 768px\" \/>      <\/a>\n    <\/figure>\n  \n  <div class=\"wp-block-group m-card-content is-vertical is-layout-flex wp-block-group-is-layout-flex\">\n            <h3 class=\"wp-block-heading\">\n          <a href=\"https:\/\/www.leeb-balkone.com\/it\/servizi\/consegna-e-montaggio\/\" class=\"no-default-link\">Con noi sei al sicuro<\/a>\n        <\/h3>\n        <p>Ci\u00f2 che inizia esattamente, viene finito esattamente. Appena usciti dalla fabbrica, i nostri balconi e le nostre recinzioni vengono consegnati professionalmente da camion speciali e installati da professionisti. In modo rapido, semplice e senza alcun rumore.  <\/p>\n          <a href=\"https:\/\/www.leeb-balkone.com\/it\/servizi\/consegna-e-montaggio\/\" class=\"more\">Per saperne di pi\u00f9<\/a>\n      <\/div>\n<\/div>\n\n          <div class=\"wp-block-group m-card is-layout-flow wp-block-group-is-layout-flow\">\n      <figure data-imgid=\"134741\" class=\"wp-block-image size-large\">\n      <a href=\"https:\/\/www.leeb-balkone.com\/it\/azienda\/qualita-certificata\/\" class=\"no-default-link\">\n        <img decoding=\"async\" width=\"768\" height=\"576\" src=\"https:\/\/www.leeb-balkone.com\/app\/uploads\/2024\/01\/Austria-Guetezeichen-768x576.jpg\" class=\"attachment-medium_large size-medium_large\" alt=\"Austria Guetezeichen\" title=\"Qualit\u00e0 certificata\" loading=\"lazy\" srcset=\"https:\/\/www.leeb-balkone.com\/app\/uploads\/2024\/01\/Austria-Guetezeichen-768x576.jpg 768w, https:\/\/www.leeb-balkone.com\/app\/uploads\/2024\/01\/Austria-Guetezeichen-300x225.jpg 300w, https:\/\/www.leeb-balkone.com\/app\/uploads\/2024\/01\/Austria-Guetezeichen-1024x767.jpg 1024w, https:\/\/www.leeb-balkone.com\/app\/uploads\/2024\/01\/Austria-Guetezeichen-1536x1151.jpg 1536w, https:\/\/www.leeb-balkone.com\/app\/uploads\/2024\/01\/Austria-Guetezeichen.jpg 2000w\" sizes=\"auto, (min-width: 1200px) 360px, (min-width: 1024px) 300px, (min-width: 640px) 768px, 768px\" \/>      <\/a>\n    <\/figure>\n  \n  <div class=\"wp-block-group m-card-content is-vertical is-layout-flex wp-block-group-is-layout-flex\">\n            <h3 class=\"wp-block-heading\">\n          <a href=\"https:\/\/www.leeb-balkone.com\/it\/azienda\/qualita-certificata\/\" class=\"no-default-link\">Qualit\u00e0 certificata<\/a>\n        <\/h3>\n        <p>Il continuo sviluppo dei nostri processi lavorativi e dei nostri prodotti caratterizza la qualit\u00e0 di Leeb. Guarda tu stesso: con noi investi in un futuro sicuro! <\/p>\n          <a href=\"https:\/\/www.leeb-balkone.com\/it\/azienda\/qualita-certificata\/\" class=\"more\">Per saperne di pi\u00f9<\/a>\n      <\/div>\n<\/div>\n\n      \n<\/div>\n<\/div><\/div><\/div><\/div>\n<\/section>\n\n\n","protected":false},"excerpt":{"rendered":"","protected":false},"author":1,"featured_media":0,"parent":163792,"menu_order":5,"comment_status":"closed","ping_status":"closed","template":"template-onepager.blade.php","meta":{"_acf_changed":false,"footnotes":"","_sage_theme_css":true,"_wp_block_core_css":false},"folder":[257],"class_list":["post-21120","page","type-page","status-publish","hentry"],"acf":[],"yoast_head":"<!-- This site is optimized with the Yoast SEO plugin v27.2 - https:\/\/yoast.com\/product\/yoast-seo-wordpress\/ -->\n<title>MONDI DI COLORI - BALCONI LEEB Italia<\/title>\n<meta name=\"description\" content=\"Ci sono armonie e contrasti nascosti nei colori che concorrono per creare un effetto comune.Vincent van Gogh Tono su tono o piuttosto una combinazione di\" \/>\n<meta name=\"robots\" content=\"index, follow, max-snippet:-1, max-image-preview:large, max-video-preview:-1\" \/>\n<meta property=\"og:locale\" content=\"it_IT\" \/>\n<meta property=\"og:type\" content=\"article\" \/>\n<meta property=\"og:title\" content=\"MONDI DI COLORI - BALCONI LEEB\" \/>\n<meta property=\"og:description\" content=\"Ci sono armonie e contrasti nascosti nei colori che concorrono per creare un effetto comune.Vincent van Gogh Tono su tono o piuttosto una combinazione di\" \/>\n<meta property=\"og:url\" content=\"https:\/\/www.leeb-balkone.com\/it\/servizi\/mondi-di-colori\/\" \/>\n<meta property=\"og:site_name\" content=\"BALCONI LEEB\" \/>\n<meta property=\"article:publisher\" content=\"https:\/\/www.facebook.com\/balkone\/\" \/>\n<meta property=\"article:modified_time\" content=\"2022-03-28T11:10:20+00:00\" \/>\n<meta property=\"og:image\" content=\"https:\/\/www.leeb-balkone.com\/app\/uploads\/2020\/09\/alu-balkongelaender-zufriedene-kunden-1.jpg\" \/>\n\t<meta property=\"og:image:width\" content=\"2560\" \/>\n\t<meta property=\"og:image:height\" content=\"1762\" \/>\n\t<meta property=\"og:image:type\" content=\"image\/jpeg\" \/>\n<meta name=\"twitter:card\" content=\"summary_large_image\" \/>\n<script type=\"application\/ld+json\" class=\"yoast-schema-graph\">{\"@context\":\"https:\/\/schema.org\",\"@graph\":[{\"@type\":\"WebPage\",\"@id\":\"https:\/\/www.leeb-balkone.com\/it\/servizi\/mondi-di-colori\/\",\"url\":\"https:\/\/www.leeb-balkone.com\/it\/servizi\/mondi-di-colori\/\",\"name\":\"MONDI DI COLORI - BALCONI LEEB\",\"isPartOf\":{\"@id\":\"https:\/\/www.leeb-balkone.com\/it\/#website\"},\"datePublished\":\"2020-09-02T14:38:24+00:00\",\"dateModified\":\"2022-03-28T11:10:20+00:00\",\"description\":\"Ci sono armonie e contrasti nascosti nei colori che concorrono per creare un effetto comune.Vincent van Gogh Tono su tono o piuttosto una combinazione di\",\"breadcrumb\":{\"@id\":\"https:\/\/www.leeb-balkone.com\/it\/servizi\/mondi-di-colori\/#breadcrumb\"},\"inLanguage\":\"it-IT\",\"potentialAction\":[{\"@type\":\"ReadAction\",\"target\":[\"https:\/\/www.leeb-balkone.com\/it\/servizi\/mondi-di-colori\/\"]}]},{\"@type\":\"BreadcrumbList\",\"@id\":\"https:\/\/www.leeb-balkone.com\/it\/servizi\/mondi-di-colori\/#breadcrumb\",\"itemListElement\":[{\"@type\":\"ListItem\",\"position\":1,\"name\":\"Home\",\"item\":\"https:\/\/www.leeb-balkone.com\/it\/\"},{\"@type\":\"ListItem\",\"position\":2,\"name\":\"Servizi\",\"item\":\"https:\/\/www.leeb-balkone.com\/it\/servizi\/\"},{\"@type\":\"ListItem\",\"position\":3,\"name\":\"MONDI DI COLORI\"}]},{\"@type\":\"WebSite\",\"@id\":\"https:\/\/www.leeb-balkone.com\/it\/#website\",\"url\":\"https:\/\/www.leeb-balkone.com\/it\/\",\"name\":\"BALCONI LEEB\",\"description\":\"Balkone und Z\u00e4une\",\"publisher\":{\"@id\":\"https:\/\/www.leeb-balkone.com\/it\/#organization\"},\"potentialAction\":[{\"@type\":\"SearchAction\",\"target\":{\"@type\":\"EntryPoint\",\"urlTemplate\":\"https:\/\/www.leeb-balkone.com\/it\/?s={search_term_string}\"},\"query-input\":{\"@type\":\"PropertyValueSpecification\",\"valueRequired\":true,\"valueName\":\"search_term_string\"}}],\"inLanguage\":\"it-IT\"},{\"@type\":\"Organization\",\"@id\":\"https:\/\/www.leeb-balkone.com\/it\/#organization\",\"name\":\"Leeb Balkone Gmbh\",\"url\":\"https:\/\/www.leeb-balkone.com\/it\/\",\"logo\":{\"@type\":\"ImageObject\",\"inLanguage\":\"it-IT\",\"@id\":\"https:\/\/www.leeb-balkone.com\/it\/#\/schema\/logo\/image\/\",\"url\":\"https:\/\/www.leeb-balkone.com\/app\/uploads\/2020\/11\/leeb-logo.svg\",\"contentUrl\":\"https:\/\/www.leeb-balkone.com\/app\/uploads\/2020\/11\/leeb-logo.svg\",\"width\":741,\"height\":204,\"caption\":\"Leeb Balkone Gmbh\"},\"image\":{\"@id\":\"https:\/\/www.leeb-balkone.com\/it\/#\/schema\/logo\/image\/\"},\"sameAs\":[\"https:\/\/www.facebook.com\/balkone\/\",\"https:\/\/www.trustedshops.at\/bewertung\/info_X4587CCF5833E31AFE0B11F47D86999F2.html\",\"https:\/\/www.trustedshops.de\/bewertung\/info_X7BA536A7A0BDC86D36C4718E4DCAEEEF.html\",\"https:\/\/www.google.com\/maps\/place\/?q=place_id:ChIJ5-zH19-IcEcR9HonWRTllHI\"]}]}<\/script>\n<!-- \/ Yoast SEO plugin. -->","yoast_head_json":{"title":"MONDI DI COLORI - BALCONI LEEB Italia","description":"Ci sono armonie e contrasti nascosti nei colori che concorrono per creare un effetto comune.Vincent van Gogh Tono su tono o piuttosto una combinazione di","robots":{"index":"index","follow":"follow","max-snippet":"max-snippet:-1","max-image-preview":"max-image-preview:large","max-video-preview":"max-video-preview:-1"},"og_locale":"it_IT","og_type":"article","og_title":"MONDI DI COLORI - BALCONI LEEB","og_description":"Ci sono armonie e contrasti nascosti nei colori che concorrono per creare un effetto comune.Vincent van Gogh Tono su tono o piuttosto una combinazione di","og_url":"https:\/\/www.leeb-balkone.com\/it\/servizi\/mondi-di-colori\/","og_site_name":"BALCONI LEEB","article_publisher":"https:\/\/www.facebook.com\/balkone\/","article_modified_time":"2022-03-28T11:10:20+00:00","og_image":[{"width":2560,"height":1762,"url":"https:\/\/www.leeb-balkone.com\/app\/uploads\/2020\/09\/alu-balkongelaender-zufriedene-kunden-1.jpg","type":"image\/jpeg"}],"twitter_card":"summary_large_image","schema":{"@context":"https:\/\/schema.org","@graph":[{"@type":"WebPage","@id":"https:\/\/www.leeb-balkone.com\/it\/servizi\/mondi-di-colori\/","url":"https:\/\/www.leeb-balkone.com\/it\/servizi\/mondi-di-colori\/","name":"MONDI DI COLORI - BALCONI LEEB","isPartOf":{"@id":"https:\/\/www.leeb-balkone.com\/it\/#website"},"datePublished":"2020-09-02T14:38:24+00:00","dateModified":"2022-03-28T11:10:20+00:00","description":"Ci sono armonie e contrasti nascosti nei colori che concorrono per creare un effetto comune.Vincent van Gogh Tono su tono o piuttosto una combinazione di","breadcrumb":{"@id":"https:\/\/www.leeb-balkone.com\/it\/servizi\/mondi-di-colori\/#breadcrumb"},"inLanguage":"it-IT","potentialAction":[{"@type":"ReadAction","target":["https:\/\/www.leeb-balkone.com\/it\/servizi\/mondi-di-colori\/"]}]},{"@type":"BreadcrumbList","@id":"https:\/\/www.leeb-balkone.com\/it\/servizi\/mondi-di-colori\/#breadcrumb","itemListElement":[{"@type":"ListItem","position":1,"name":"Home","item":"https:\/\/www.leeb-balkone.com\/it\/"},{"@type":"ListItem","position":2,"name":"Servizi","item":"https:\/\/www.leeb-balkone.com\/it\/servizi\/"},{"@type":"ListItem","position":3,"name":"MONDI DI COLORI"}]},{"@type":"WebSite","@id":"https:\/\/www.leeb-balkone.com\/it\/#website","url":"https:\/\/www.leeb-balkone.com\/it\/","name":"BALCONI LEEB","description":"Balkone und Z\u00e4une","publisher":{"@id":"https:\/\/www.leeb-balkone.com\/it\/#organization"},"potentialAction":[{"@type":"SearchAction","target":{"@type":"EntryPoint","urlTemplate":"https:\/\/www.leeb-balkone.com\/it\/?s={search_term_string}"},"query-input":{"@type":"PropertyValueSpecification","valueRequired":true,"valueName":"search_term_string"}}],"inLanguage":"it-IT"},{"@type":"Organization","@id":"https:\/\/www.leeb-balkone.com\/it\/#organization","name":"Leeb Balkone Gmbh","url":"https:\/\/www.leeb-balkone.com\/it\/","logo":{"@type":"ImageObject","inLanguage":"it-IT","@id":"https:\/\/www.leeb-balkone.com\/it\/#\/schema\/logo\/image\/","url":"https:\/\/www.leeb-balkone.com\/app\/uploads\/2020\/11\/leeb-logo.svg","contentUrl":"https:\/\/www.leeb-balkone.com\/app\/uploads\/2020\/11\/leeb-logo.svg","width":741,"height":204,"caption":"Leeb Balkone Gmbh"},"image":{"@id":"https:\/\/www.leeb-balkone.com\/it\/#\/schema\/logo\/image\/"},"sameAs":["https:\/\/www.facebook.com\/balkone\/","https:\/\/www.trustedshops.at\/bewertung\/info_X4587CCF5833E31AFE0B11F47D86999F2.html","https:\/\/www.trustedshops.de\/bewertung\/info_X7BA536A7A0BDC86D36C4718E4DCAEEEF.html","https:\/\/www.google.com\/maps\/place\/?q=place_id:ChIJ5-zH19-IcEcR9HonWRTllHI"]}]}},"_links":{"self":[{"href":"https:\/\/www.leeb-balkone.com\/it\/wp-json\/wp\/v2\/pages\/21120","targetHints":{"allow":["GET"]}}],"collection":[{"href":"https:\/\/www.leeb-balkone.com\/it\/wp-json\/wp\/v2\/pages"}],"about":[{"href":"https:\/\/www.leeb-balkone.com\/it\/wp-json\/wp\/v2\/types\/page"}],"author":[{"embeddable":true,"href":"https:\/\/www.leeb-balkone.com\/it\/wp-json\/wp\/v2\/users\/1"}],"replies":[{"embeddable":true,"href":"https:\/\/www.leeb-balkone.com\/it\/wp-json\/wp\/v2\/comments?post=21120"}],"version-history":[{"count":0,"href":"https:\/\/www.leeb-balkone.com\/it\/wp-json\/wp\/v2\/pages\/21120\/revisions"}],"up":[{"embeddable":true,"href":"https:\/\/www.leeb-balkone.com\/it\/wp-json\/wp\/v2\/pages\/163792"}],"wp:attachment":[{"href":"https:\/\/www.leeb-balkone.com\/it\/wp-json\/wp\/v2\/media?parent=21120"}],"wp:term":[{"taxonomy":"folder","embeddable":true,"href":"https:\/\/www.leeb-balkone.com\/it\/wp-json\/wp\/v2\/folder?post=21120"}],"curies":[{"name":"wp","href":"https:\/\/api.w.org\/{rel}","templated":true}]}}