{"id":20297,"date":"2020-08-26T14:47:55","date_gmt":"2020-08-26T14:47:55","guid":{"rendered":"https:\/\/www.leeb-balkone.com\/de\/wohnungswirtschaft\/"},"modified":"2026-01-13T13:19:05","modified_gmt":"2026-01-13T13:19:05","slug":"economia-immobiliare","status":"publish","type":"page","link":"https:\/\/www.leeb-balkone.com\/it\/economia-immobiliare\/","title":{"rendered":"ECONOMIA IMMOBILIARE"},"content":{"rendered":"<header data-block_5ed673af9a55a class=\"c-fh  l-mh c-fh--hero c-grad-l2r c-fh--div none\">\n      <img loading=\"lazy\" decoding=\"async\" width=\"2560\" height=\"1709\" src=\"https:\/\/www.leeb-balkone.com\/app\/uploads\/2020\/07\/balkongelaender-wohnungswirtschaft-22-scaled.jpg\" class=\"no-lazy\" alt=\"wohnungswirtschaft header 3\" srcset=\"https:\/\/www.leeb-balkone.com\/app\/uploads\/2020\/07\/balkongelaender-wohnungswirtschaft-22-scaled.jpg 2560w, https:\/\/www.leeb-balkone.com\/app\/uploads\/2020\/07\/balkongelaender-wohnungswirtschaft-22-300x200.jpg 300w, https:\/\/www.leeb-balkone.com\/app\/uploads\/2020\/07\/balkongelaender-wohnungswirtschaft-22-1024x684.jpg 1024w, https:\/\/www.leeb-balkone.com\/app\/uploads\/2020\/07\/balkongelaender-wohnungswirtschaft-22-768x513.jpg 768w, https:\/\/www.leeb-balkone.com\/app\/uploads\/2020\/07\/balkongelaender-wohnungswirtschaft-22-1536x1025.jpg 1536w, https:\/\/www.leeb-balkone.com\/app\/uploads\/2020\/07\/balkongelaender-wohnungswirtschaft-22-2048x1367.jpg 2048w\" sizes=\"auto, (min-width: 1536px) 2048px, (min-width: 992px) 1536px, (min-width: 768px) 1024px, (min-width: 576px) 768px, 100vw\" \/>\n\n\n<div class=\"grid-container\">\n  <div class=\"grid-x\">\n    <div class=\"cell small-12 medium-6 medium-offset-1\">\n      <div class=\"c-fh__wrapper\">\n                              <p>Perch\u00e9 l\u2019esperienza conta<\/p>\n                        <\/div>\n    <\/div>\n  <\/div>\n<\/div>\n  \n    \n    <\/header>\n\n\n  \n  <section class=\"wp-block-group alignfull t3-header u-max-wide t3-header-text has-white-background-color has-background has-global-padding is-layout-constrained wp-block-group-is-layout-constrained\">\n    <div class=\"wp-block-group o-grid u-md-1 u-sm-1 is-layout-flow wp-block-group-is-layout-flow\">\n  <div class=\"wp-block-group u-g-10 u-g-s-2\">\n      <div class=\"yoast-breadcrumbs\"><span><span><a href=\"https:\/\/www.leeb-balkone.com\/it\/\">Home<\/a><\/span><\/span><\/div>\n      \n    <h1>ECONOMIA IMMOBILIARE<\/h1>\n  <\/div>\n<\/div>\n  <\/section>\n\n\n\n\n\n\n<section class=\"wp-block-cgb-t3-section-block alignfull b-pt-none b-pb-small is-style-bg-white\" style=\"display:inherit;min-height:inherit\">\n<div class=\"wp-block-cgb-t3-container-block none\" style=\"background-color:none\"><div class=\"grid-container\"><div class=\"grid-x\"><div class=\"cell small-12 medium-9 large-0 medium-offset-1 b-has-pt b-has-lsmb\">\n<p><span class=\"product-teaser\">Un partner forte grazie a decenni di esperienza<\/span><\/p>\n\n\n\n<p>I sistemi Leeb rendono possibile lo spazio abitativo balcone per quasi ogni tipo di casa. Il nostro alluminio esente da manutenzione offre vantaggi decisivi rispetto ai balconi in acciaio. I costi iniziali un po\u2019 pi\u00f9 elevati di un balcone Leeb si ammortizzano in brevissimo tempo, poich\u00e9 non sono necessari lavori di manutenzione e cura regolari, come la verniciatura, la carteggiatura o la sostituzione di componenti difettosi.<\/p>\n<\/div><\/div><\/div><\/div>\n\n\n\n<div class=\"wp-block-cgb-t3-container-block none\" style=\"background-color:none\"><div class=\"grid-container\"><div class=\"grid-x\"><div class=\"cell small-12 medium-0 large-0 b-has-pt b-has-lsmb\"><div class=\"b-sps l-mbs\" id=\"\">\n    <div class=\"grid-container\">\n      <div class=\"grid-x\">\n              <div class=\"cell b-sps__bgimg lazyload bgx-center bgy-center small-12 medium-6 small-order-1 medium-order-1\">\n          \n            <img loading=\"lazy\" decoding=\"async\" width=\"1024\" height=\"694\" src=\"https:\/\/www.leeb-balkone.com\/app\/uploads\/2020\/07\/balkongelaender-wohnungswirtschaft-15-1024x694.jpg\" class=\"attachment-large size-large\" alt=\"balkongelaender wohnungswirtschaft 15\" srcset=\"https:\/\/www.leeb-balkone.com\/app\/uploads\/2020\/07\/balkongelaender-wohnungswirtschaft-15-1024x694.jpg 1024w, https:\/\/www.leeb-balkone.com\/app\/uploads\/2020\/07\/balkongelaender-wohnungswirtschaft-15-300x203.jpg 300w, https:\/\/www.leeb-balkone.com\/app\/uploads\/2020\/07\/balkongelaender-wohnungswirtschaft-15-768x521.jpg 768w, https:\/\/www.leeb-balkone.com\/app\/uploads\/2020\/07\/balkongelaender-wohnungswirtschaft-15-1536x1041.jpg 1536w, https:\/\/www.leeb-balkone.com\/app\/uploads\/2020\/07\/balkongelaender-wohnungswirtschaft-15-2048x1388.jpg 2048w\" sizes=\"auto, (min-width: 1200px) 1024px, (min-width: 1024px) 768px, (min-width: 640px) 768px, 768px\" \/>        <\/div>\n            <div class=\"cell b-sps__cont  small-12 medium-6 small-order-2 medium-order-2 offset\">\n        <div class=\"b-sps__inner-cont  bg--primary pdd\">\n          <p class=\"product-teaser\"><em>Gli appartamenti con balcone hanno in media un valore dal 15 al 20% in pi\u00f9 rispetto agli appartamenti della stessa posizione, delle stesse dimensioni, con gli stessi servizi ma senza balcone.<\/em><\/p>\n<p class=\"teaser\"><em>Steffen Schnoor, agente immobiliare a Berlino e membro del consiglio di amministrazione del Ring Deutscher Makler (RDM)<\/em><\/p>\n\n        <\/div>\n      <\/div>\n    <\/div>\n    <\/div>\n  <\/div>\n\n\n<div class=\"b-sps l-mbl\" id=\"\">\n    <div class=\"grid-container\">\n      <div class=\"grid-x\">\n              <div class=\"cell b-sps__bgimg lazyload bgx-center bgy-center small-12 medium-6 small-order-1 medium-order-2\">\n          \n            <img loading=\"lazy\" decoding=\"async\" width=\"1024\" height=\"767\" src=\"https:\/\/www.leeb-balkone.com\/app\/uploads\/2020\/09\/alu-balkon-wohnungswirtschaft-1024x767.jpg\" class=\"attachment-large size-large\" alt=\"alu balkon wohnungswirtschaft\" srcset=\"https:\/\/www.leeb-balkone.com\/app\/uploads\/2020\/09\/alu-balkon-wohnungswirtschaft-1024x767.jpg 1024w, https:\/\/www.leeb-balkone.com\/app\/uploads\/2020\/09\/alu-balkon-wohnungswirtschaft-2048x1534.jpg 2048w, https:\/\/www.leeb-balkone.com\/app\/uploads\/2020\/09\/alu-balkon-wohnungswirtschaft-300x225.jpg 300w, https:\/\/www.leeb-balkone.com\/app\/uploads\/2020\/09\/alu-balkon-wohnungswirtschaft-768x575.jpg 768w, https:\/\/www.leeb-balkone.com\/app\/uploads\/2020\/09\/alu-balkon-wohnungswirtschaft-1536x1151.jpg 1536w\" sizes=\"auto, (min-width: 1200px) 1024px, (min-width: 1024px) 768px, (min-width: 640px) 768px, 768px\" \/>        <\/div>\n            <div class=\"cell b-sps__cont  small-12 medium-6 small-order-2 medium-order-1 offset\">\n        <div class=\"b-sps__inner-cont  bg--lightgray pdd\">\n          <h3><strong>I vantaggi sono evidenti<\/strong><\/h3>\n<p class=\"teaser\">20% di valore aggiunto per il vostro immobile<\/p>\n<p>Rivitalizzare significa molto di pi\u00f9 che preservare la struttura edilizia. Chi si organizza bene pu\u00f2 aumentare enormemente il valore della sua casa. Sia dal punto di vista finanziario che attraverso un significativo aumento della qualit\u00e0 della vita.<\/p>\n\n        <\/div>\n      <\/div>\n    <\/div>\n    <\/div>\n  <\/div>\n\n\n\n<p><\/p>\n<\/div><\/div><\/div><\/div>\n\n\n\n<section class=\"wp-block-cgb-t3-section-block alignfull b-pt-none\" style=\"display:inherit;background-color:#F5F5F5;min-height:inherit\">\n<div class=\"wp-block-cgb-t3-container-block b-has-offset-h\" style=\"background-color:none\"><div class=\"grid-container\"><div class=\"grid-x\"><div class=\"cell small-12 medium-6 large-0 medium-offset-1\">\n<h2 class=\"wp-block-heading\">Contatto<\/h2>\n<\/div><\/div><\/div><\/div>\n\n\n\n<div class=\"wp-block-cgb-t3-container-block none\" style=\"background-color:none\"><div class=\"grid-container\"><div class=\"grid-x\"><div class=\"cell small-12 medium-8 large-0 medium-offset-1 b-has-pt\"><form action=\"https:\/\/www.leeb-balkone.com\/it\/wp-json\/ws-form\/v1\/submit\" class=\"wsf-form wsf-form-canvas\" id=\"ws-form-1\" data-id=\"20\" data-instance-id=\"1\" method=\"POST\"><\/form><\/div><\/div><\/div><\/div>\n\n\n\n<p><\/p>\n<\/section>\n\n\n<div class=\"b-carousel  band slider\" data-block_5fbe433e23ff7>\n  <div class=\"slides\">\n          <div>\n\n\n\n  \n    \n          \n\n              \n        \n\n        <img loading=\"lazy\" decoding=\"async\" width=\"1024\" height=\"683\" src=\"https:\/\/www.leeb-balkone.com\/app\/uploads\/2020\/11\/anbaubalkone-1024x683.jpg\" class=\"no-lazy\" alt=\"anbaubalkone\" srcset=\"https:\/\/www.leeb-balkone.com\/app\/uploads\/2020\/11\/anbaubalkone-1024x683.jpg 1024w, https:\/\/www.leeb-balkone.com\/app\/uploads\/2020\/11\/anbaubalkone-300x200.jpg 300w, https:\/\/www.leeb-balkone.com\/app\/uploads\/2020\/11\/anbaubalkone-768x512.jpg 768w, https:\/\/www.leeb-balkone.com\/app\/uploads\/2020\/11\/anbaubalkone-1536x1024.jpg 1536w, https:\/\/www.leeb-balkone.com\/app\/uploads\/2020\/11\/anbaubalkone-2048x1366.jpg 2048w\" sizes=\"auto, (min-width: 1200px) 1024px, (min-width: 1024px) 768px, (min-width: 640px) 768px, 768px\" \/>        \n            \n          \n  <\/div>\n\n          <div>\n\n\n\n  \n    \n          \n\n              \n        \n\n        <img loading=\"lazy\" decoding=\"async\" width=\"1024\" height=\"484\" src=\"https:\/\/www.leeb-balkone.com\/app\/uploads\/2020\/07\/balkongelaender-wohnungswirtschaft-1-1024x484.jpg\" class=\"no-lazy\" alt=\"balkongelaender wohnungswirtschaft 1\" srcset=\"https:\/\/www.leeb-balkone.com\/app\/uploads\/2020\/07\/balkongelaender-wohnungswirtschaft-1-1024x484.jpg 1024w, https:\/\/www.leeb-balkone.com\/app\/uploads\/2020\/07\/balkongelaender-wohnungswirtschaft-1-300x142.jpg 300w, https:\/\/www.leeb-balkone.com\/app\/uploads\/2020\/07\/balkongelaender-wohnungswirtschaft-1-768x363.jpg 768w, https:\/\/www.leeb-balkone.com\/app\/uploads\/2020\/07\/balkongelaender-wohnungswirtschaft-1-1536x726.jpg 1536w, https:\/\/www.leeb-balkone.com\/app\/uploads\/2020\/07\/balkongelaender-wohnungswirtschaft-1-2048x968.jpg 2048w\" sizes=\"auto, (min-width: 1200px) 1024px, (min-width: 1024px) 768px, (min-width: 640px) 768px, 768px\" \/>        \n            \n          \n  <\/div>\n\n          <div>\n\n\n\n  \n    \n          \n\n              \n        \n\n        <img loading=\"lazy\" decoding=\"async\" width=\"1024\" height=\"684\" src=\"https:\/\/www.leeb-balkone.com\/app\/uploads\/2020\/07\/balkongelaender-wohnungswirtschaft-16-1024x684.jpg\" class=\"no-lazy\" alt=\"balkongelaender wohnungswirtschaft 16\" srcset=\"https:\/\/www.leeb-balkone.com\/app\/uploads\/2020\/07\/balkongelaender-wohnungswirtschaft-16-1024x684.jpg 1024w, https:\/\/www.leeb-balkone.com\/app\/uploads\/2020\/07\/balkongelaender-wohnungswirtschaft-16-300x200.jpg 300w, https:\/\/www.leeb-balkone.com\/app\/uploads\/2020\/07\/balkongelaender-wohnungswirtschaft-16-768x513.jpg 768w, https:\/\/www.leeb-balkone.com\/app\/uploads\/2020\/07\/balkongelaender-wohnungswirtschaft-16-1536x1025.jpg 1536w, https:\/\/www.leeb-balkone.com\/app\/uploads\/2020\/07\/balkongelaender-wohnungswirtschaft-16-2048x1367.jpg 2048w\" sizes=\"auto, (min-width: 1200px) 1024px, (min-width: 1024px) 768px, (min-width: 640px) 768px, 768px\" \/>        \n            \n          \n  <\/div>\n\n          <div>\n\n\n\n  \n    \n          \n\n              \n        \n\n        <img loading=\"lazy\" decoding=\"async\" width=\"1024\" height=\"684\" src=\"https:\/\/www.leeb-balkone.com\/app\/uploads\/2020\/07\/balkongelaender-wohnungswirtschaft-6-1024x684.jpg\" class=\"no-lazy\" alt=\"balkongelaender wohnungswirtschaft 6\" srcset=\"https:\/\/www.leeb-balkone.com\/app\/uploads\/2020\/07\/balkongelaender-wohnungswirtschaft-6-1024x684.jpg 1024w, https:\/\/www.leeb-balkone.com\/app\/uploads\/2020\/07\/balkongelaender-wohnungswirtschaft-6-300x200.jpg 300w, https:\/\/www.leeb-balkone.com\/app\/uploads\/2020\/07\/balkongelaender-wohnungswirtschaft-6-768x513.jpg 768w, https:\/\/www.leeb-balkone.com\/app\/uploads\/2020\/07\/balkongelaender-wohnungswirtschaft-6-1536x1025.jpg 1536w, https:\/\/www.leeb-balkone.com\/app\/uploads\/2020\/07\/balkongelaender-wohnungswirtschaft-6-2048x1367.jpg 2048w\" sizes=\"auto, (min-width: 1200px) 1024px, (min-width: 1024px) 768px, (min-width: 640px) 768px, 768px\" \/>        \n            \n          \n  <\/div>\n\n          <div>\n\n\n\n  \n    \n          \n\n              \n        \n\n        <img loading=\"lazy\" decoding=\"async\" width=\"1024\" height=\"721\" src=\"https:\/\/www.leeb-balkone.com\/app\/uploads\/2020\/07\/balkongelaender-wohnungswirtschaft-4-1024x721.jpg\" class=\"no-lazy\" alt=\"balkongelaender wohnungswirtschaft 4\" srcset=\"https:\/\/www.leeb-balkone.com\/app\/uploads\/2020\/07\/balkongelaender-wohnungswirtschaft-4-1024x721.jpg 1024w, https:\/\/www.leeb-balkone.com\/app\/uploads\/2020\/07\/balkongelaender-wohnungswirtschaft-4-300x211.jpg 300w, https:\/\/www.leeb-balkone.com\/app\/uploads\/2020\/07\/balkongelaender-wohnungswirtschaft-4-768x540.jpg 768w, https:\/\/www.leeb-balkone.com\/app\/uploads\/2020\/07\/balkongelaender-wohnungswirtschaft-4-1536x1081.jpg 1536w, https:\/\/www.leeb-balkone.com\/app\/uploads\/2020\/07\/balkongelaender-wohnungswirtschaft-4-2048x1441.jpg 2048w\" sizes=\"auto, (min-width: 1200px) 1024px, (min-width: 1024px) 768px, (min-width: 640px) 768px, 768px\" \/>        \n            \n          \n  <\/div>\n\n          <div>\n\n\n\n  \n    \n          \n\n              \n        \n\n        <img loading=\"lazy\" decoding=\"async\" width=\"1024\" height=\"683\" src=\"https:\/\/www.leeb-balkone.com\/app\/uploads\/2020\/07\/balkongelaender-wohnungswirtschaft-3-1024x683.jpg\" class=\"no-lazy\" alt=\"balkongelaender wohnungswirtschaft 3\" srcset=\"https:\/\/www.leeb-balkone.com\/app\/uploads\/2020\/07\/balkongelaender-wohnungswirtschaft-3-1024x683.jpg 1024w, https:\/\/www.leeb-balkone.com\/app\/uploads\/2020\/07\/balkongelaender-wohnungswirtschaft-3-300x200.jpg 300w, https:\/\/www.leeb-balkone.com\/app\/uploads\/2020\/07\/balkongelaender-wohnungswirtschaft-3-768x512.jpg 768w, https:\/\/www.leeb-balkone.com\/app\/uploads\/2020\/07\/balkongelaender-wohnungswirtschaft-3-1536x1024.jpg 1536w, https:\/\/www.leeb-balkone.com\/app\/uploads\/2020\/07\/balkongelaender-wohnungswirtschaft-3-2048x1366.jpg 2048w\" sizes=\"auto, (min-width: 1200px) 1024px, (min-width: 1024px) 768px, (min-width: 640px) 768px, 768px\" \/>        \n            \n          \n  <\/div>\n\n      <\/div>\n\n<\/div>\n\n\n\n<div class=\"wp-block-cgb-t3-container-block none\" style=\"background-color:none\"><div class=\"grid-container\"><div class=\"grid-x\"><div class=\"cell small-12 medium-9 large-0 medium-offset-1 b-has-pt b-has-lsmb\">\n<h3 class=\"wp-block-heading\"><strong>Un investimento per il futuro<\/strong><\/h3>\n\n\n\n<p>Decenni di esperienza hanno reso Leeb un forte partner per il settore dell\u2019edilizia abitativa. I nostri pacchetti coordinati sono tra le offerte pi\u00f9 interessanti del mercato, sia in termini di qualit\u00e0 che di prezzo. Anche per grandi progetti si utilizzano solo materiali di alta qualit\u00e0 e di facile manutenzione. Questo crea un chiaro valore aggiunto per i vostri immobili. L\u2019investimento in un balcone annesso Leeb si ammortizza facilmente.<\/p>\n\n\n\n<h3 class=\"wp-block-heading\"><strong>Possibilit\u00e0 di numerose varianti<\/strong><\/h3>\n\n\n\n<p>Oltre al nostro classico rivestimento in alluminio, attraenti pannelli HPL (laminato ad alta pressione), lamiere forate o vetro vi offrono la possibilit\u00e0 di realizzare sistemi per balconi di alta qualit\u00e0 ad un prezzo ragionevole.&nbsp; Qualsiasi cosa preferiate: Tutte le varianti Leeb sono resistenti e molto stabili dal punto di vista della conservazione del valore.<\/p>\n<\/div><\/div><\/div><\/div>\n\n\n<div class=\"b-carousel  band slider\" data-block_5fbcfa9b7a72a>\n  <div class=\"slides\">\n          <div>\n\n\n\n  \n    \n          \n\n              \n        \n\n        <img loading=\"lazy\" decoding=\"async\" width=\"1024\" height=\"684\" src=\"https:\/\/www.leeb-balkone.com\/app\/uploads\/2020\/07\/balkongelaender-wohnungswirtschaft-22-1024x684.jpg\" class=\"no-lazy\" alt=\"balkongelaender wohnungswirtschaft 22\" srcset=\"https:\/\/www.leeb-balkone.com\/app\/uploads\/2020\/07\/balkongelaender-wohnungswirtschaft-22-1024x684.jpg 1024w, https:\/\/www.leeb-balkone.com\/app\/uploads\/2020\/07\/balkongelaender-wohnungswirtschaft-22-300x200.jpg 300w, https:\/\/www.leeb-balkone.com\/app\/uploads\/2020\/07\/balkongelaender-wohnungswirtschaft-22-768x513.jpg 768w, https:\/\/www.leeb-balkone.com\/app\/uploads\/2020\/07\/balkongelaender-wohnungswirtschaft-22-1536x1025.jpg 1536w, https:\/\/www.leeb-balkone.com\/app\/uploads\/2020\/07\/balkongelaender-wohnungswirtschaft-22-2048x1367.jpg 2048w\" sizes=\"auto, (min-width: 1200px) 1024px, (min-width: 1024px) 768px, (min-width: 640px) 768px, 768px\" \/>        \n            \n          \n  <\/div>\n\n          <div>\n\n\n\n  \n    \n          \n\n              \n        \n\n        <img loading=\"lazy\" decoding=\"async\" width=\"1024\" height=\"767\" src=\"https:\/\/www.leeb-balkone.com\/app\/uploads\/2020\/09\/alu-balkon-wohnungswirtschaft-1024x767.jpg\" class=\"no-lazy\" alt=\"alu balkon wohnungswirtschaft\" srcset=\"https:\/\/www.leeb-balkone.com\/app\/uploads\/2020\/09\/alu-balkon-wohnungswirtschaft-1024x767.jpg 1024w, https:\/\/www.leeb-balkone.com\/app\/uploads\/2020\/09\/alu-balkon-wohnungswirtschaft-2048x1534.jpg 2048w, https:\/\/www.leeb-balkone.com\/app\/uploads\/2020\/09\/alu-balkon-wohnungswirtschaft-300x225.jpg 300w, https:\/\/www.leeb-balkone.com\/app\/uploads\/2020\/09\/alu-balkon-wohnungswirtschaft-768x575.jpg 768w, https:\/\/www.leeb-balkone.com\/app\/uploads\/2020\/09\/alu-balkon-wohnungswirtschaft-1536x1151.jpg 1536w\" sizes=\"auto, (min-width: 1200px) 1024px, (min-width: 1024px) 768px, (min-width: 640px) 768px, 768px\" \/>        \n            \n          \n  <\/div>\n\n          <div>\n\n\n\n  \n    \n          \n\n              \n        \n\n        <img loading=\"lazy\" decoding=\"async\" width=\"1024\" height=\"694\" src=\"https:\/\/www.leeb-balkone.com\/app\/uploads\/2020\/07\/balkongelaender-wohnungswirtschaft-15-1024x694.jpg\" class=\"no-lazy\" alt=\"balkongelaender wohnungswirtschaft 15\" srcset=\"https:\/\/www.leeb-balkone.com\/app\/uploads\/2020\/07\/balkongelaender-wohnungswirtschaft-15-1024x694.jpg 1024w, https:\/\/www.leeb-balkone.com\/app\/uploads\/2020\/07\/balkongelaender-wohnungswirtschaft-15-300x203.jpg 300w, https:\/\/www.leeb-balkone.com\/app\/uploads\/2020\/07\/balkongelaender-wohnungswirtschaft-15-768x521.jpg 768w, https:\/\/www.leeb-balkone.com\/app\/uploads\/2020\/07\/balkongelaender-wohnungswirtschaft-15-1536x1041.jpg 1536w, https:\/\/www.leeb-balkone.com\/app\/uploads\/2020\/07\/balkongelaender-wohnungswirtschaft-15-2048x1388.jpg 2048w\" sizes=\"auto, (min-width: 1200px) 1024px, (min-width: 1024px) 768px, (min-width: 640px) 768px, 768px\" \/>        \n            \n          \n  <\/div>\n\n          <div>\n\n\n\n  \n    \n          \n\n              \n        \n\n        <img loading=\"lazy\" decoding=\"async\" width=\"1024\" height=\"721\" src=\"https:\/\/www.leeb-balkone.com\/app\/uploads\/2020\/07\/balkongelaender-wohnungswirtschaft-4-1024x721.jpg\" class=\"no-lazy\" alt=\"balkongelaender wohnungswirtschaft 4\" srcset=\"https:\/\/www.leeb-balkone.com\/app\/uploads\/2020\/07\/balkongelaender-wohnungswirtschaft-4-1024x721.jpg 1024w, https:\/\/www.leeb-balkone.com\/app\/uploads\/2020\/07\/balkongelaender-wohnungswirtschaft-4-300x211.jpg 300w, https:\/\/www.leeb-balkone.com\/app\/uploads\/2020\/07\/balkongelaender-wohnungswirtschaft-4-768x540.jpg 768w, https:\/\/www.leeb-balkone.com\/app\/uploads\/2020\/07\/balkongelaender-wohnungswirtschaft-4-1536x1081.jpg 1536w, https:\/\/www.leeb-balkone.com\/app\/uploads\/2020\/07\/balkongelaender-wohnungswirtschaft-4-2048x1441.jpg 2048w\" sizes=\"auto, (min-width: 1200px) 1024px, (min-width: 1024px) 768px, (min-width: 640px) 768px, 768px\" \/>        \n            \n          \n  <\/div>\n\n      <\/div>\n\n<\/div>\n<\/section>\n","protected":false},"excerpt":{"rendered":"","protected":false},"author":1,"featured_media":15578,"parent":0,"menu_order":192,"comment_status":"closed","ping_status":"closed","template":"template-onepager.blade.php","meta":{"_acf_changed":false,"footnotes":"","_sage_theme_css":true,"_wp_block_core_css":false},"folder":[],"class_list":["post-20297","page","type-page","status-publish","has-post-thumbnail","hentry"],"acf":[],"yoast_head":"<!-- This site is optimized with the Yoast SEO plugin v27.2 - https:\/\/yoast.com\/product\/yoast-seo-wordpress\/ -->\n<title>ECONOMIA IMMOBILIARE - BALCONI LEEB Italia<\/title>\n<meta name=\"description\" content=\"Un partner forte grazie a decenni di esperienza I sistemi Leeb rendono possibile lo spazio abitativo balcone per quasi ogni tipo di casa. Il nostro\" \/>\n<meta name=\"robots\" content=\"index, follow, max-snippet:-1, max-image-preview:large, max-video-preview:-1\" \/>\n<meta property=\"og:locale\" content=\"it_IT\" \/>\n<meta property=\"og:type\" content=\"article\" \/>\n<meta property=\"og:title\" content=\"ECONOMIA IMMOBILIARE - BALCONI LEEB\" \/>\n<meta property=\"og:description\" content=\"Un partner forte grazie a decenni di esperienza I sistemi Leeb rendono possibile lo spazio abitativo balcone per quasi ogni tipo di casa. Il nostro\" \/>\n<meta property=\"og:url\" content=\"https:\/\/www.leeb-balkone.com\/it\/economia-immobiliare\/\" \/>\n<meta property=\"og:site_name\" content=\"BALCONI LEEB\" \/>\n<meta property=\"article:publisher\" content=\"https:\/\/www.facebook.com\/balkone\/\" \/>\n<meta property=\"article:modified_time\" content=\"2026-01-13T13:19:05+00:00\" \/>\n<meta property=\"og:image\" content=\"https:\/\/www.leeb-balkone.com\/app\/uploads\/2020\/07\/balkongelaender-wohnungswirtschaft-22-scaled.jpg\" \/>\n\t<meta property=\"og:image:width\" content=\"2560\" \/>\n\t<meta property=\"og:image:height\" content=\"1709\" \/>\n\t<meta property=\"og:image:type\" content=\"image\/jpeg\" \/>\n<meta name=\"twitter:card\" content=\"summary_large_image\" \/>\n<script type=\"application\/ld+json\" class=\"yoast-schema-graph\">{\"@context\":\"https:\/\/schema.org\",\"@graph\":[{\"@type\":\"WebPage\",\"@id\":\"https:\/\/www.leeb-balkone.com\/it\/economia-immobiliare\/\",\"url\":\"https:\/\/www.leeb-balkone.com\/it\/economia-immobiliare\/\",\"name\":\"ECONOMIA IMMOBILIARE - BALCONI LEEB\",\"isPartOf\":{\"@id\":\"https:\/\/www.leeb-balkone.com\/it\/#website\"},\"primaryImageOfPage\":{\"@id\":\"https:\/\/www.leeb-balkone.com\/it\/economia-immobiliare\/#primaryimage\"},\"image\":{\"@id\":\"https:\/\/www.leeb-balkone.com\/it\/economia-immobiliare\/#primaryimage\"},\"thumbnailUrl\":\"https:\/\/www.leeb-balkone.com\/app\/uploads\/2020\/07\/balkongelaender-wohnungswirtschaft-22-scaled.jpg\",\"datePublished\":\"2020-08-26T14:47:55+00:00\",\"dateModified\":\"2026-01-13T13:19:05+00:00\",\"description\":\"Un partner forte grazie a decenni di esperienza I sistemi Leeb rendono possibile lo spazio abitativo balcone per quasi ogni tipo di casa. Il nostro\",\"breadcrumb\":{\"@id\":\"https:\/\/www.leeb-balkone.com\/it\/economia-immobiliare\/#breadcrumb\"},\"inLanguage\":\"it-IT\",\"potentialAction\":[{\"@type\":\"ReadAction\",\"target\":[\"https:\/\/www.leeb-balkone.com\/it\/economia-immobiliare\/\"]}]},{\"@type\":\"ImageObject\",\"inLanguage\":\"it-IT\",\"@id\":\"https:\/\/www.leeb-balkone.com\/it\/economia-immobiliare\/#primaryimage\",\"url\":\"https:\/\/www.leeb-balkone.com\/app\/uploads\/2020\/07\/balkongelaender-wohnungswirtschaft-22-scaled.jpg\",\"contentUrl\":\"https:\/\/www.leeb-balkone.com\/app\/uploads\/2020\/07\/balkongelaender-wohnungswirtschaft-22-scaled.jpg\",\"width\":2560,\"height\":1709},{\"@type\":\"BreadcrumbList\",\"@id\":\"https:\/\/www.leeb-balkone.com\/it\/economia-immobiliare\/#breadcrumb\",\"itemListElement\":[{\"@type\":\"ListItem\",\"position\":1,\"name\":\"Home\",\"item\":\"https:\/\/www.leeb-balkone.com\/it\/\"},{\"@type\":\"ListItem\",\"position\":2,\"name\":\"ECONOMIA IMMOBILIARE\"}]},{\"@type\":\"WebSite\",\"@id\":\"https:\/\/www.leeb-balkone.com\/it\/#website\",\"url\":\"https:\/\/www.leeb-balkone.com\/it\/\",\"name\":\"BALCONI LEEB\",\"description\":\"Balkone und Z\u00e4une\",\"publisher\":{\"@id\":\"https:\/\/www.leeb-balkone.com\/it\/#organization\"},\"potentialAction\":[{\"@type\":\"SearchAction\",\"target\":{\"@type\":\"EntryPoint\",\"urlTemplate\":\"https:\/\/www.leeb-balkone.com\/it\/?s={search_term_string}\"},\"query-input\":{\"@type\":\"PropertyValueSpecification\",\"valueRequired\":true,\"valueName\":\"search_term_string\"}}],\"inLanguage\":\"it-IT\"},{\"@type\":\"Organization\",\"@id\":\"https:\/\/www.leeb-balkone.com\/it\/#organization\",\"name\":\"Leeb Balkone Gmbh\",\"url\":\"https:\/\/www.leeb-balkone.com\/it\/\",\"logo\":{\"@type\":\"ImageObject\",\"inLanguage\":\"it-IT\",\"@id\":\"https:\/\/www.leeb-balkone.com\/it\/#\/schema\/logo\/image\/\",\"url\":\"https:\/\/www.leeb-balkone.com\/app\/uploads\/2020\/11\/leeb-logo.svg\",\"contentUrl\":\"https:\/\/www.leeb-balkone.com\/app\/uploads\/2020\/11\/leeb-logo.svg\",\"width\":741,\"height\":204,\"caption\":\"Leeb Balkone Gmbh\"},\"image\":{\"@id\":\"https:\/\/www.leeb-balkone.com\/it\/#\/schema\/logo\/image\/\"},\"sameAs\":[\"https:\/\/www.facebook.com\/balkone\/\",\"https:\/\/www.trustedshops.at\/bewertung\/info_X4587CCF5833E31AFE0B11F47D86999F2.html\",\"https:\/\/www.trustedshops.de\/bewertung\/info_X7BA536A7A0BDC86D36C4718E4DCAEEEF.html\",\"https:\/\/www.google.com\/maps\/place\/?q=place_id:ChIJ5-zH19-IcEcR9HonWRTllHI\"]}]}<\/script>\n<!-- \/ Yoast SEO plugin. -->","yoast_head_json":{"title":"ECONOMIA IMMOBILIARE - BALCONI LEEB Italia","description":"Un partner forte grazie a decenni di esperienza I sistemi Leeb rendono possibile lo spazio abitativo balcone per quasi ogni tipo di casa. Il nostro","robots":{"index":"index","follow":"follow","max-snippet":"max-snippet:-1","max-image-preview":"max-image-preview:large","max-video-preview":"max-video-preview:-1"},"og_locale":"it_IT","og_type":"article","og_title":"ECONOMIA IMMOBILIARE - BALCONI LEEB","og_description":"Un partner forte grazie a decenni di esperienza I sistemi Leeb rendono possibile lo spazio abitativo balcone per quasi ogni tipo di casa. Il nostro","og_url":"https:\/\/www.leeb-balkone.com\/it\/economia-immobiliare\/","og_site_name":"BALCONI LEEB","article_publisher":"https:\/\/www.facebook.com\/balkone\/","article_modified_time":"2026-01-13T13:19:05+00:00","og_image":[{"width":2560,"height":1709,"url":"https:\/\/www.leeb-balkone.com\/app\/uploads\/2020\/07\/balkongelaender-wohnungswirtschaft-22-scaled.jpg","type":"image\/jpeg"}],"twitter_card":"summary_large_image","schema":{"@context":"https:\/\/schema.org","@graph":[{"@type":"WebPage","@id":"https:\/\/www.leeb-balkone.com\/it\/economia-immobiliare\/","url":"https:\/\/www.leeb-balkone.com\/it\/economia-immobiliare\/","name":"ECONOMIA IMMOBILIARE - BALCONI LEEB","isPartOf":{"@id":"https:\/\/www.leeb-balkone.com\/it\/#website"},"primaryImageOfPage":{"@id":"https:\/\/www.leeb-balkone.com\/it\/economia-immobiliare\/#primaryimage"},"image":{"@id":"https:\/\/www.leeb-balkone.com\/it\/economia-immobiliare\/#primaryimage"},"thumbnailUrl":"https:\/\/www.leeb-balkone.com\/app\/uploads\/2020\/07\/balkongelaender-wohnungswirtschaft-22-scaled.jpg","datePublished":"2020-08-26T14:47:55+00:00","dateModified":"2026-01-13T13:19:05+00:00","description":"Un partner forte grazie a decenni di esperienza I sistemi Leeb rendono possibile lo spazio abitativo balcone per quasi ogni tipo di casa. Il nostro","breadcrumb":{"@id":"https:\/\/www.leeb-balkone.com\/it\/economia-immobiliare\/#breadcrumb"},"inLanguage":"it-IT","potentialAction":[{"@type":"ReadAction","target":["https:\/\/www.leeb-balkone.com\/it\/economia-immobiliare\/"]}]},{"@type":"ImageObject","inLanguage":"it-IT","@id":"https:\/\/www.leeb-balkone.com\/it\/economia-immobiliare\/#primaryimage","url":"https:\/\/www.leeb-balkone.com\/app\/uploads\/2020\/07\/balkongelaender-wohnungswirtschaft-22-scaled.jpg","contentUrl":"https:\/\/www.leeb-balkone.com\/app\/uploads\/2020\/07\/balkongelaender-wohnungswirtschaft-22-scaled.jpg","width":2560,"height":1709},{"@type":"BreadcrumbList","@id":"https:\/\/www.leeb-balkone.com\/it\/economia-immobiliare\/#breadcrumb","itemListElement":[{"@type":"ListItem","position":1,"name":"Home","item":"https:\/\/www.leeb-balkone.com\/it\/"},{"@type":"ListItem","position":2,"name":"ECONOMIA IMMOBILIARE"}]},{"@type":"WebSite","@id":"https:\/\/www.leeb-balkone.com\/it\/#website","url":"https:\/\/www.leeb-balkone.com\/it\/","name":"BALCONI LEEB","description":"Balkone und Z\u00e4une","publisher":{"@id":"https:\/\/www.leeb-balkone.com\/it\/#organization"},"potentialAction":[{"@type":"SearchAction","target":{"@type":"EntryPoint","urlTemplate":"https:\/\/www.leeb-balkone.com\/it\/?s={search_term_string}"},"query-input":{"@type":"PropertyValueSpecification","valueRequired":true,"valueName":"search_term_string"}}],"inLanguage":"it-IT"},{"@type":"Organization","@id":"https:\/\/www.leeb-balkone.com\/it\/#organization","name":"Leeb Balkone Gmbh","url":"https:\/\/www.leeb-balkone.com\/it\/","logo":{"@type":"ImageObject","inLanguage":"it-IT","@id":"https:\/\/www.leeb-balkone.com\/it\/#\/schema\/logo\/image\/","url":"https:\/\/www.leeb-balkone.com\/app\/uploads\/2020\/11\/leeb-logo.svg","contentUrl":"https:\/\/www.leeb-balkone.com\/app\/uploads\/2020\/11\/leeb-logo.svg","width":741,"height":204,"caption":"Leeb Balkone Gmbh"},"image":{"@id":"https:\/\/www.leeb-balkone.com\/it\/#\/schema\/logo\/image\/"},"sameAs":["https:\/\/www.facebook.com\/balkone\/","https:\/\/www.trustedshops.at\/bewertung\/info_X4587CCF5833E31AFE0B11F47D86999F2.html","https:\/\/www.trustedshops.de\/bewertung\/info_X7BA536A7A0BDC86D36C4718E4DCAEEEF.html","https:\/\/www.google.com\/maps\/place\/?q=place_id:ChIJ5-zH19-IcEcR9HonWRTllHI"]}]}},"_links":{"self":[{"href":"https:\/\/www.leeb-balkone.com\/it\/wp-json\/wp\/v2\/pages\/20297","targetHints":{"allow":["GET"]}}],"collection":[{"href":"https:\/\/www.leeb-balkone.com\/it\/wp-json\/wp\/v2\/pages"}],"about":[{"href":"https:\/\/www.leeb-balkone.com\/it\/wp-json\/wp\/v2\/types\/page"}],"author":[{"embeddable":true,"href":"https:\/\/www.leeb-balkone.com\/it\/wp-json\/wp\/v2\/users\/1"}],"replies":[{"embeddable":true,"href":"https:\/\/www.leeb-balkone.com\/it\/wp-json\/wp\/v2\/comments?post=20297"}],"version-history":[{"count":0,"href":"https:\/\/www.leeb-balkone.com\/it\/wp-json\/wp\/v2\/pages\/20297\/revisions"}],"wp:featuredmedia":[{"embeddable":true,"href":"https:\/\/www.leeb-balkone.com\/it\/wp-json\/wp\/v2\/media\/15578"}],"wp:attachment":[{"href":"https:\/\/www.leeb-balkone.com\/it\/wp-json\/wp\/v2\/media?parent=20297"}],"wp:term":[{"taxonomy":"folder","embeddable":true,"href":"https:\/\/www.leeb-balkone.com\/it\/wp-json\/wp\/v2\/folder?post=20297"}],"curies":[{"name":"wp","href":"https:\/\/api.w.org\/{rel}","templated":true}]}}