{"id":19610,"date":"2020-09-21T17:58:15","date_gmt":"2020-09-21T17:58:15","guid":{"rendered":"https:\/\/www.leeb-balkone.com\/de\/per-saperne-di-piu-sulla-balconi-leeb\/zertifizierte-qualitaet\/"},"modified":"2021-01-27T08:37:10","modified_gmt":"2021-01-27T08:37:10","slug":"qualita-certificata","status":"publish","type":"page","link":"https:\/\/www.leeb-balkone.com\/it\/azienda\/qualita-certificata\/","title":{"rendered":"Qualit\u00e0 certificata"},"content":{"rendered":"<header data-block_5ed673af9a55a class=\"c-fh  l-mh-small c-fh--hero c-grad-l2r c-fh--div none\">\n      <img loading=\"lazy\" decoding=\"async\" width=\"1920\" height=\"600\" src=\"https:\/\/www.leeb-balkone.com\/app\/uploads\/2020\/09\/balkon-alu-header.jpg\" class=\"no-lazy\" alt=\"balkon alu header\" srcset=\"https:\/\/www.leeb-balkone.com\/app\/uploads\/2020\/09\/balkon-alu-header-300x94.jpg 300w, https:\/\/www.leeb-balkone.com\/app\/uploads\/2020\/09\/balkon-alu-header-1024x320.jpg 1024w, https:\/\/www.leeb-balkone.com\/app\/uploads\/2020\/09\/balkon-alu-header-768x240.jpg 768w, https:\/\/www.leeb-balkone.com\/app\/uploads\/2020\/09\/balkon-alu-header-1536x480.jpg 1536w\" sizes=\"auto, (min-width: 1536px) 2048px, (min-width: 992px) 1536px, (min-width: 768px) 1024px, (min-width: 576px) 768px, 100vw\" \/>\n\n\n<div class=\"grid-container\">\n  <div class=\"grid-x\">\n    <div class=\"cell small-12 medium-6 medium-offset-1\">\n      <div class=\"c-fh__wrapper\">\n                              <p>I balconi LEEB mostrano standard di alto livello<\/p>\n                        <\/div>\n    <\/div>\n  <\/div>\n<\/div>\n  \n    \n    <\/header>\n\n\n  \n  <section class=\"wp-block-group alignfull t3-header u-max-wide t3-header-text has-white-background-color has-background has-global-padding is-layout-constrained wp-block-group-is-layout-constrained\">\n    <div class=\"wp-block-group o-grid u-md-1 u-sm-1 is-layout-flow wp-block-group-is-layout-flow\">\n  <div class=\"wp-block-group u-g-10 u-g-s-2\">\n      <div class=\"yoast-breadcrumbs\"><span><span><a href=\"https:\/\/www.leeb-balkone.com\/it\/\">Home<\/a><\/span><\/span><\/div>\n      \n    <h1>Qualit\u00e0 certificata<\/h1>\n  <\/div>\n<\/div>\n  <\/section>\n\n\n\n\n\n\n<section class=\"wp-block-cgb-t3-section-block alignfull b-pt-small  is-style-bg-white\" style=\"display:inherit;min-height:inherit\">\n<div class=\"wp-block-cgb-t3-container-block none\" style=\"background-color:none\"><div class=\"grid-container\"><div class=\"grid-x\"><div class=\"cell small-12 medium-9 large-0 medium-offset-1 b-has-lsmb\">\n<p><span class=\"teaser\">Con noi andate sul sicuro! L\u2019azienda LEEB \u00e8 l\u2019unica azienda produttrice di balconi in Europa certificata secondo la normativa sulla qualit\u00e0 ISO 9001. Inoltre i nostri prodotti sono certificati CE, secondo la direttiva EN 1090. I controlli sulla qualit\u00e0 permanenti, effettuati da organismi di controllo indipendenti, ci consentono di avere il marchio dorato di qualit\u00e0 austriaco. Dal 2010 abbiamo ricevuto anche il marchio \u201cAustria Leading Company\u201d per il nostro operato. Potete ammirare il nostro premiato lavoro ogni giorno anche nelle vostre vicinanze: vi prepareremo con piacere il vostro balcone e la vostra staccionata LEEB su base individuale a seconda delle vostre esigenze e dei vostri desideri.<\/span><\/p>\n<\/div><\/div><\/div><\/div>\n\n\n\n<div class=\"wp-block-cgb-t3-container-block none\" style=\"background-color:none\"><div class=\"grid-container\"><div class=\"grid-x\"><div class=\"cell small-12 medium-9 large-0 medium-offset-1 b-has-pt\">\n<figure class=\"wp-block-embed is-type-video is-provider-youtube wp-block-embed-youtube wp-embed-aspect-16-9 wp-has-aspect-ratio\"><div class=\"wp-block-embed__wrapper\">\n<iframe loading=\"lazy\" title=\"Leeb Balkone und Z\u00e4une Pendelschlagtest\" width=\"500\" height=\"281\" src=\"https:\/\/www.youtube.com\/embed\/-Ek6yIMB2Es?feature=oembed\" frameborder=\"0\" allow=\"accelerometer; autoplay; clipboard-write; encrypted-media; gyroscope; picture-in-picture; web-share\" referrerpolicy=\"strict-origin-when-cross-origin\" allowfullscreen><\/iframe>\n<\/div><\/figure>\n<\/div><\/div><\/div><\/div>\n<\/section>\n\n\n\n<section class=\"wp-block-cgb-t3-section-block alignfull b-pt-none  is-style-bg-transparent\" style=\"display:inherit;min-height:inherit\">\n<div class=\"wp-block-cgb-t3-container-block b-has-offset-b\" style=\"background-color:#EE7203\"><div class=\"has-padding none grid-container-wrapper\"><div class=\"grid-container\"><div class=\"grid-x\"><div class=\"cell small-12 medium-9 large-0 medium-offset-1 b-has-lsmb\">\n<h2 class=\"has-white-color has-text-color wp-block-heading\"><span class=\"h2ash1\">Cosa ci distingue<\/span><\/h2>\n<\/div><\/div><\/div><\/div><\/div>\n\n\n\n<div class=\"wp-block-cgb-t3-container-block none\" style=\"background-color:none\"><div class=\"grid-container\"><div class=\"grid-x\"><div class=\"cell small-12 medium-12 large-0\"><div data-block_5f69ad086642d class=\"wp-block-group is-style-transparent-cards u-grid-temp has-4-cols u-md-2 u-sm-1 cards alignwide std \" style=\"margin-bottom:var(--wp--preset--spacing--xl)\">\n\n\n            <div class=\"wp-block-group m-card is-layout-flow wp-block-group-is-layout-flow\">\n      <figure data-imgid=\"\" class=\"wp-block-image size-large\">\n      <a href=\"#iso\"  data-smooth-scroll data-ofset=\"120\" class=\"no-default-link\">\n              <\/a>\n    <\/figure>\n  \n  <div class=\"wp-block-group m-card-content is-vertical is-layout-flex wp-block-group-is-layout-flex\">\n            <h3 class=\"wp-block-heading\">\n          <a href=\"#iso\" class=\"no-default-link\"  data-smooth-scroll data-ofset=\"120\">ISO 9001<\/a>\n        <\/h3>\n        <p>Normativa sulla qualit\u00e0 ISO 9001<\/p>\n          <a href=\"#iso\" class=\"more\"><\/a>\n      <\/div>\n<\/div>\n\n\n          <div class=\"wp-block-group m-card is-layout-flow wp-block-group-is-layout-flow\">\n      <figure data-imgid=\"17076\" class=\"wp-block-image size-large\">\n      <a href=\"#certificazionece\"  data-smooth-scroll data-ofset=\"120\" class=\"no-default-link\">\n        <img decoding=\"async\" width=\"300\" height=\"225\" src=\"https:\/\/www.leeb-balkone.com\/app\/uploads\/2020\/10\/leeb-balkone-mitarbeiter-15-300x225.jpg\" class=\"attachment-medium size-medium\" alt=\"leeb balkone mitarbeiter 15\" title=\"\" loading=\"lazy\" srcset=\"https:\/\/www.leeb-balkone.com\/app\/uploads\/2020\/10\/leeb-balkone-mitarbeiter-15-300x225.jpg 300w, https:\/\/www.leeb-balkone.com\/app\/uploads\/2020\/10\/leeb-balkone-mitarbeiter-15-1024x767.jpg 1024w, https:\/\/www.leeb-balkone.com\/app\/uploads\/2020\/10\/leeb-balkone-mitarbeiter-15-768x575.jpg 768w, https:\/\/www.leeb-balkone.com\/app\/uploads\/2020\/10\/leeb-balkone-mitarbeiter-15-1536x1151.jpg 1536w, https:\/\/www.leeb-balkone.com\/app\/uploads\/2020\/10\/leeb-balkone-mitarbeiter-15-2048x1535.jpg 2048w\" sizes=\"auto, (min-width: 1200px) 260px, (min-width: 1024px) 220px, (min-width: 640px) 465px, 768px\" \/>      <\/a>\n    <\/figure>\n  \n  <div class=\"wp-block-group m-card-content is-vertical is-layout-flex wp-block-group-is-layout-flex\">\n            <h3 class=\"wp-block-heading\">\n          <a href=\"#certificazionece\" class=\"no-default-link\"  data-smooth-scroll data-ofset=\"120\">Certificazione CE<\/a>\n        <\/h3>\n        <p>Certificazione CE secondo la direttiva EN 1090<\/p>\n          <a href=\"#certificazionece\" class=\"more\"><\/a>\n      <\/div>\n<\/div>\n\n\n          <div class=\"wp-block-group m-card is-layout-flow wp-block-group-is-layout-flow\">\n      <figure data-imgid=\"17830\" class=\"wp-block-image size-large\">\n      <a href=\"#leading\"  data-smooth-scroll data-ofset=\"120\" class=\"no-default-link\">\n        <img decoding=\"async\" width=\"300\" height=\"225\" src=\"https:\/\/www.leeb-balkone.com\/app\/uploads\/2020\/11\/austrias-leading-companies-leeb-balkone-1-300x225.jpg\" class=\"attachment-medium size-medium\" alt=\"austrias leading companies leeb balkone 1\" title=\"\" loading=\"lazy\" srcset=\"https:\/\/www.leeb-balkone.com\/app\/uploads\/2020\/11\/austrias-leading-companies-leeb-balkone-1-300x225.jpg 300w, https:\/\/www.leeb-balkone.com\/app\/uploads\/2020\/11\/austrias-leading-companies-leeb-balkone-1-1024x767.jpg 1024w, https:\/\/www.leeb-balkone.com\/app\/uploads\/2020\/11\/austrias-leading-companies-leeb-balkone-1-768x576.jpg 768w, https:\/\/www.leeb-balkone.com\/app\/uploads\/2020\/11\/austrias-leading-companies-leeb-balkone-1-1536x1151.jpg 1536w, https:\/\/www.leeb-balkone.com\/app\/uploads\/2020\/11\/austrias-leading-companies-leeb-balkone-1.jpg 2000w\" sizes=\"auto, (min-width: 1200px) 260px, (min-width: 1024px) 220px, (min-width: 640px) 465px, 768px\" \/>      <\/a>\n    <\/figure>\n  \n  <div class=\"wp-block-group m-card-content is-vertical is-layout-flex wp-block-group-is-layout-flex\">\n            <h3 class=\"wp-block-heading\">\n          <a href=\"#leading\" class=\"no-default-link\"  data-smooth-scroll data-ofset=\"120\">Austria&#8217;s Leading Company<\/a>\n        <\/h3>\n        <p>Oppure abbreviato ALC, \u00e8 un concorso economico austriaco creato nel 1870 dal Wirtschaftsblatt (quotidiano economico),<\/p>\n          <a href=\"#leading\" class=\"more\"><\/a>\n      <\/div>\n<\/div>\n\n\n          <div class=\"wp-block-group m-card is-layout-flow wp-block-group-is-layout-flow\">\n      <figure data-imgid=\"17825\" class=\"wp-block-image size-large\">\n      <a href=\"#guetesiegel\"  data-smooth-scroll data-ofset=\"120\" class=\"no-default-link\">\n        <img decoding=\"async\" width=\"300\" height=\"225\" src=\"https:\/\/www.leeb-balkone.com\/app\/uploads\/2020\/11\/oesterreichisches-guetezeichen-leeb-balkone-1-300x225.jpg\" class=\"attachment-medium size-medium\" alt=\"Austria Guetezeichen 1\" title=\"\" loading=\"lazy\" srcset=\"https:\/\/www.leeb-balkone.com\/app\/uploads\/2020\/11\/oesterreichisches-guetezeichen-leeb-balkone-1-300x225.jpg 300w, https:\/\/www.leeb-balkone.com\/app\/uploads\/2020\/11\/oesterreichisches-guetezeichen-leeb-balkone-1-1024x767.jpg 1024w, https:\/\/www.leeb-balkone.com\/app\/uploads\/2020\/11\/oesterreichisches-guetezeichen-leeb-balkone-1-768x576.jpg 768w, https:\/\/www.leeb-balkone.com\/app\/uploads\/2020\/11\/oesterreichisches-guetezeichen-leeb-balkone-1-1536x1151.jpg 1536w, https:\/\/www.leeb-balkone.com\/app\/uploads\/2020\/11\/oesterreichisches-guetezeichen-leeb-balkone-1.jpg 2000w\" sizes=\"auto, (min-width: 1200px) 260px, (min-width: 1024px) 220px, (min-width: 640px) 465px, 768px\" \/>      <\/a>\n    <\/figure>\n  \n  <div class=\"wp-block-group m-card-content is-vertical is-layout-flex wp-block-group-is-layout-flex\">\n            <h3 class=\"wp-block-heading\">\n          <a href=\"#guetesiegel\" class=\"no-default-link\"  data-smooth-scroll data-ofset=\"120\">Marchio di qualit\u00e0 austriaco<\/a>\n        <\/h3>\n        <p>Grazie al monitoraggio e al controllo continui, l\u2019azienda Leeb pu\u00f2 utilizzare il marchio di qualit\u00e0 austriaco dorato. <\/p>\n          <a href=\"#guetesiegel\" class=\"more\"><\/a>\n      <\/div>\n<\/div>\n\n\n      <\/div>\n\n\n\n\n\n<p><\/p>\n<\/div><\/div><\/div><\/div>\n\n\n\n<p><\/p>\n<\/section>\n\n\n\n<section id=\"iso\" class=\"wp-block-cgb-t3-section-block alignfull\" style=\"display:inherit;min-height:inherit\"><div class=\"grid-container\"><div>\n<div class=\"wp-block-cgb-t3-container-block none\" style=\"background-color:none\"><div class=\"grid-container\"><div class=\"grid-x\"><div class=\"cell small-12 medium-9 large-0 medium-offset-1\">\n<h2 class=\"wp-block-heading\">Normativa sulla qualit\u00e0 ISO 9001<\/h2>\n\n\n\n<p>La normativa sulla qualit\u00e0 ISO 9001 rappresenta uno degli standard di gestione della qualit\u00e0 pi\u00f9 di successo ed \u00e8 valida in tutto il mondo. Attraverso questo sistema di gestione della qualit\u00e0, i prodotti e i servizi sono continuamente migliorati in modo da corrispondere il pi\u00f9 possibile alle esigenze dei clienti.<\/p>\n\n\n\n<p>Per poter soddisfare le richieste del mercato, la soddisfazione dei clienti, l\u2019orientamento al cliente e l\u2019efficienza dei processi sono aspetti molto importanti. Anche la capacit\u00e0 di reagire in modo rapido e flessibile al mercato \u00e8 un importante fattore del successo, per poter sopravvivere nella concorrenza globale. Le procedure e i processi organizzativi devono essere ottimizzati secondo gli obiettivi dell\u2019azienda. Inoltre un sistema di gestione della qualit\u00e0 affidabile, secondo la normativa ISO 9001, \u00e8 indispensabile.<\/p>\n\n\n\n<p>Dal 1996, la nostra azienda per la produzione di balconi \u00e8 stata la prima in Europa ad essere verificata e certificata secondo la normativa ISO 9001. Una garanzia di competenza ed efficienza riconosciuta in tutto il mondo. Per i collaboratori si garantisce una documentazione di tale valore a tutela della qualit\u00e0 e allo stesso tempo le procedure di lavorazione all\u2019interno dell\u2019azienda vengono migliorate continuamente.<\/p>\n<\/div><\/div><\/div><\/div>\n<\/div><\/div><\/section>\n\n\n\n<section id=\"certificazionece\" class=\"wp-block-cgb-t3-section-block alignfull is-style-bg-white\" style=\"display:inherit;min-height:inherit\"><div class=\"grid-container\"><div>\n<div class=\"wp-block-cgb-t3-container-block none\" style=\"background-color:none\"><div class=\"grid-container\"><div class=\"grid-x\"><div class=\"cell small-12 medium-9 large-0 medium-offset-1\">\n<h2 class=\"wp-block-heading\">Certificazione CE secondo la direttiva EN 1090<\/h2>\n\n\n\n<p>La certificazione conforme alle norme comunitarie secondo la direttiva EN 1090 \u00e8 prescritta dalla legge. Tutti i prodotti che devono essere omologati, come i corrimano e le ringhiere, devono apporre il marchio CE.<\/p>\n\n\n\n<p>Dal primo luglio del 2014 tutte le aziende che producono e vendono prodotti soggetti ad omologazione devono essere in possesso di una certificazione CE secondo la direttiva EN 1090. I corrimano e le ringhiere LEEB adempiono anche a questi obblighi. La mancanza di una certificazione CE indica un prodotto soggetto ad omologazione non realizzato\/venduto\/costruito secondo la direttiva.<\/p>\n\n\n\n<h3 class=\"wp-block-heading\">In qualit\u00e0 di costruttore, vi assumete i seguenti rischi:<\/h3>\n\n\n\n<ul class=\"wp-block-list\"><li>nessuna copertura assicurativa completa<\/li><li>possibili sanzioni amministrative<\/li><li>Pericolo di danni materiali o lesioni personali a causa di prodotti inadeguati e di un montaggio scorretto<\/li><\/ul>\n<\/div><\/div><\/div><\/div>\n<\/div><\/div><\/section>\n\n\n\n<section id=\"leading\" class=\"wp-block-cgb-t3-section-block alignfull\" style=\"display:inherit;min-height:inherit\"><div class=\"grid-container\"><div>\n<div class=\"wp-block-cgb-t3-container-block none\" style=\"background-color:none\"><div class=\"grid-container\"><div class=\"grid-x\"><div class=\"cell small-12 medium-9 large-0 medium-offset-1\">\n<h2 class=\"wp-block-heading\">Austria\u2019s Leading Company<\/h2>\n\n\n\n<p>\u201cAustrias Leading Companies\u201d, oppure abbreviato ALC, \u00e8 un concorso economico austriaco creato nel 1870 dal Wirtschaftsblatt (quotidiano economico), dalla PricewaterhouseCoopers (societ\u00e0 di servizi professionali) e dalla Kreditschutzverband (Associazione per la tutela del credito austriaca). Durante il concorso, che si esegue ogni anno dal 1997, vengono eletti ogni volta solamente vincitori della regione. Hanno diritto a partecipare tutte le imprese commerciali austriache, nonch\u00e9 le filiali di societ\u00e0 estere che hanno sede in Austria.<\/p>\n\n\n\n<p>A seconda del fatturato realizzato, le aziende sono suddivise in tre categorie:<\/p>\n\n\n\n<ul class=\"wp-block-list\"><li>Big Player&nbsp; \u2013 pi\u00f9 di 50 milioni di euro di fatturato annuo<\/li><li>Goldender Mittelbau \u2013 aziende di media dimensione con un fatturato annuo tra i 10 e i 50 milioni di euro<\/li><li>Solider Kleinbetrieb \u2013&nbsp; aziende con un fatturato annuo al di sotto dei 10 milioni di euro<\/li><\/ul>\n\n\n\n<p>Nella valutazione vengono considerati alcuni indicatori economici, come ad esempio la crescita del fatturato, lo sviluppo del capitale netto e la liquidit\u00e0 per un periodo di tempo di 3 anni.<\/p>\n\n\n\n<p>L\u2019azienda LEEB, dal 2010, \u00e8 stata designata come Austria\u2019s Leading Company nella categoria \u201cGoldener Mittelbau\u201d.<\/p>\n<\/div><\/div><\/div><\/div>\n<\/div><\/div><\/section>\n\n\n\n<section id=\"guetesiegel\" class=\"wp-block-cgb-t3-section-block alignfull is-style-bg-white\" style=\"display:inherit;min-height:inherit\"><div class=\"grid-container\"><div>\n<div class=\"wp-block-cgb-t3-container-block none\" style=\"background-color:none\"><div class=\"grid-container\"><div class=\"grid-x\"><div class=\"cell small-12 medium-9 large-0 medium-offset-1\">\n<h2 class=\"wp-block-heading\">Marchio di qualit\u00e0 austriaco<\/h2>\n\n\n\n<p>Grazie al monitoraggio e al controllo continui, l\u2019azienda Leeb pu\u00f2 utilizzare il marchio di qualit\u00e0 austriaco dorato. Questo marchio di qualit\u00e0 rappresenta un segno di riconoscimento e una garanzia di qualit\u00e0 locale. Secondo questo marchio, devono essere soddisfatti i seguenti criteri:<\/p>\n\n\n\n<ul class=\"wp-block-list\"><li>Il valore del prodotto finito deve essere almeno per il 50% austriaco (materie prime, accessori e conoscenza)<\/li><li>La produzione e la lavorazione devono avvenire in Austria<\/li><\/ul>\n\n\n\n<p>Chi utilizza il marchio di qualit\u00e0 austriaco, si impegna a rispettare tutte le condizioni di utilizzo. Il marchio di qualit\u00e0 viene conferito per un periodo di tempo stabilito e il rispetto delle disposizioni viene costantemente controllato da organismi di controllo autorizzati dallo stato. Attraverso questi criteri di qualit\u00e0, tutte le caratteristiche importanti del prodotto vengono osservate da vicino e viene analizzato il livello di performance degli stabilimenti di produzione. La base per la verifica sono le Condizioni Commerciali Generali della \u00d6QA (Consorzio Austriaco per la Promozione della Qualit\u00e0).<\/p>\n\n\n\n<p>Ci sono standard di qualit\u00e0 specifici per diversi prodotti. Per questo certificato di qualit\u00e0 devono essere osservate diverse linee guida, come ad esempio gli standard di qualit\u00e0, le normative, le dichiarazioni sui prodotti, ecc.<\/p>\n\n\n\n<h2 class=\"wp-block-heading\">Download:<\/h2>\n\n\n\n<ul class=\"is-style-alt-rows wp-block-list\"><li><strong>Normativa sulla qualit\u00e0 ISO 9001<\/strong><br><a href=\"\/app\/uploads\/2020\/12\/121973-Leeb-9001-pp-de.pdf\">Zertifikat ISO 9001 T\u00dcV Nord<\/a><\/li><li><strong>Certificazione CE secondo la direttiva EN 1090<\/strong><br><a href=\"\/app\/uploads\/2020\/11\/Zertifikat-EN1090_2020.pdf\">Zertifikat EN 1090 T\u00dcV S\u00fcd<\/a><\/li><li><strong>IGP-HWFCLASSIC 59 SYSTEM<\/strong><br><a href=\"https:\/\/www.leeb-balkone.com\/de\/wp-content\/uploads\/2019\/07\/SKMBT_C36419073114330.pdf\">Zertifikat f\u00fcr IGP-DURA\u00aeface 58 und IGP-HWF 3001<\/a><\/li><\/ul>\n<\/div><\/div><\/div><\/div>\n<\/div><\/div><\/section>\n\n\n\n<section class=\"wp-block-cgb-t3-section-block alignfull b-pt-none\" style=\"display:inherit;background-color:#F5F5F5;min-height:inherit\">\n<div class=\"wp-block-cgb-t3-container-block b-has-offset-h\" style=\"background-color:none\"><div class=\"grid-container\"><div class=\"grid-x\"><div class=\"cell small-12 medium-6 large-0 medium-offset-1\">\n<h2 class=\"wp-block-heading\"><strong>Con noi andate sul sicuro<\/strong><\/h2>\n<\/div><\/div><\/div><\/div>\n\n\n\n<div class=\"wp-block-cgb-t3-container-block none\" style=\"background-color:none\"><div class=\"grid-container\"><div class=\"grid-x\"><div class=\"cell small-12 medium-9 large-0 medium-offset-1 b-has-pt\">\n<p><span class=\"teaser\">LEEB significa qualit\u00e0 comprovata. Attraverso i controlli eseguiti da organismi di controllo indipendenti, i nostri balconi e le nostre staccionate diventano prodotti di prima qualit\u00e0. Siamo orgogliosi di essere stati insigniti del marchio di qualit\u00e0 austriaco dorato, di essere conformi alla normativa per la qualit\u00e0 ISO 9001 e alla certificazione CE secondo la direttiva EN 1090.<\/span><\/p>\n<\/div><\/div><\/div><\/div>\n\n\n\n<div class=\"wp-block-cgb-t3-container-block none\" style=\"background-color:none\"><div class=\"grid-container\"><div class=\"grid-x\"><div class=\"cell small-12 medium-8 large-0 medium-offset-2\"><div class=\"l-wrapper\">\n  <ul data-block_5f4e637ec1ed5 class=\"c-list b-iconlist grid-x align-justify iconlist alignwide\">\n                      <li class=\"b-iconlist__item  small-6 medium-4 large-4\">\n          <div class=\"b-iconlist__icon img\">\n      <img loading=\"lazy\" decoding=\"async\" width=\"626\" height=\"628\" src=\"https:\/\/www.leeb-balkone.com\/app\/uploads\/2020\/09\/logo_tuev-01.png\" class=\"b-iconlist__img\" alt=\"logo_tuev 01\" srcset=\"https:\/\/www.leeb-balkone.com\/app\/uploads\/2020\/09\/logo_tuev-01.png 626w, https:\/\/www.leeb-balkone.com\/app\/uploads\/2020\/09\/logo_tuev-01-300x300.png 300w, https:\/\/www.leeb-balkone.com\/app\/uploads\/2020\/09\/logo_tuev-01-150x150.png 150w, https:\/\/www.leeb-balkone.com\/app\/uploads\/2020\/09\/logo_tuev-01-240x240.png 240w\" sizes=\"auto, (min-width: 1200px) 260px, (min-width: 1024px) 220px, (min-width: 640px) 465px, 768px\" \/>      \n    <\/div>\n      <div class=\"b-iconlist__body\">\n              <p>T\u00dcV zertifiziert<\/p>\n      <\/div>\n  \n        <\/li>\n              <li class=\"b-iconlist__item  small-6 medium-4 large-4\">\n          <div class=\"b-iconlist__icon img\">\n      <img loading=\"lazy\" decoding=\"async\" width=\"626\" height=\"628\" src=\"https:\/\/www.leeb-balkone.com\/app\/uploads\/2020\/09\/Austria-Guetezeichen-2024.jpg\" class=\"b-iconlist__img\" alt=\"Austria Guetezeichen 2024\" sizes=\"auto, (min-width: 1200px) 260px, (min-width: 1024px) 220px, (min-width: 640px) 465px, 768px\" \/>      \n    <\/div>\n      <div class=\"b-iconlist__body\">\n              <p>Gepr\u00fcfte Qualit\u00e4t<\/p>\n      <\/div>\n  \n        <\/li>\n              <li class=\"b-iconlist__item  small-6 medium-4 large-4\">\n          <div class=\"b-iconlist__icon img\">\n      <img loading=\"lazy\" decoding=\"async\" width=\"626\" height=\"628\" src=\"https:\/\/www.leeb-balkone.com\/app\/uploads\/2020\/09\/logo_staatlich-01.png\" class=\"b-iconlist__img\" alt=\"logo_staatlich 01\" srcset=\"https:\/\/www.leeb-balkone.com\/app\/uploads\/2020\/09\/logo_staatlich-01.png 626w, https:\/\/www.leeb-balkone.com\/app\/uploads\/2020\/09\/logo_staatlich-01-300x300.png 300w, https:\/\/www.leeb-balkone.com\/app\/uploads\/2020\/09\/logo_staatlich-01-150x150.png 150w, https:\/\/www.leeb-balkone.com\/app\/uploads\/2020\/09\/logo_staatlich-01-240x240.png 240w\" sizes=\"auto, (min-width: 1200px) 260px, (min-width: 1024px) 220px, (min-width: 640px) 465px, 768px\" \/>      \n    <\/div>\n      <div class=\"b-iconlist__body\">\n              <p>Staatlich ausgezeichnet<\/p>\n      <\/div>\n  \n        <\/li>\n            <\/ul>\n<\/div>\n\n\n\n<p><\/p>\n<\/div><\/div><\/div><\/div>\n\n\n\n<p><\/p>\n<\/section>\n\n\n\n<section class=\"wp-block-cgb-t3-section-block alignfull b-pt-none  is-style-bg-transparent\" style=\"display:inherit;min-height:inherit\">\n<div class=\"wp-block-cgb-t3-container-block b-has-offset-b\" style=\"background-color:#EE7203\"><div class=\"has-padding none grid-container-wrapper\"><div class=\"grid-container\"><div class=\"grid-x\"><div class=\"cell small-12 medium-10 large-0 medium-offset-1 b-has-lsmb\">\n<h2 class=\"has-white-color has-text-color wp-block-heading\"><span class=\"h2ash1\"><strong>BALCONI LEEB \u2013 QUALIT\u00c0 SENZA COMPROMESSI<\/strong><\/span><\/h2>\n\n\n\n<p class=\"has-white-color has-text-color\"><span class=\"teaser\">Quale azienda leader nella costruzione di balconi, con oltre 100.000 clienti soddisfatti in tutta Europa, potete ritenere di essere in buone mani rivolgendovi ai nostri consulenti.<\/span><\/p>\n<\/div><\/div><\/div><\/div><\/div>\n\n\n\n<div class=\"wp-block-cgb-t3-container-block none\" style=\"background-color:none\"><div class=\"grid-container\"><div class=\"grid-x\"><div class=\"cell small-12 medium-12 large-0\"><div class=\"u-grid-temp has-2-cols u-md-2 u-sm-1 is-style-transparent-cards offset wp-block-group is-layout-grid wp-block-group-is-layout-grid\">\n\n\n  \n\n            <div class=\"wp-block-group m-card is-layout-flow wp-block-group-is-layout-flow\">\n      <figure data-imgid=\"13212\" class=\"wp-block-image size-large\">\n      <a href=\"https:\/\/www.leeb-balkone.com\/it\/tecnologia\/alu-comfort-plus\/\" class=\"no-default-link\">\n        <img decoding=\"async\" width=\"768\" height=\"499\" src=\"https:\/\/www.leeb-balkone.com\/app\/uploads\/2020\/04\/shutterstock_4878571_red-768x499.jpg\" class=\"attachment-medium_large size-medium_large\" alt=\"Alu Comfort Plus - Rivestimento a polvere brevettato con effetto loto di Leeb Balconies\" title=\"Alu Comfort Plus\" loading=\"lazy\" srcset=\"https:\/\/www.leeb-balkone.com\/app\/uploads\/2020\/04\/shutterstock_4878571_red-768x499.jpg 768w, https:\/\/www.leeb-balkone.com\/app\/uploads\/2020\/04\/shutterstock_4878571_red-1024x665.jpg 1024w, https:\/\/www.leeb-balkone.com\/app\/uploads\/2020\/04\/shutterstock_4878571_red-300x195.jpg 300w, https:\/\/www.leeb-balkone.com\/app\/uploads\/2020\/04\/shutterstock_4878571_red-1536x997.jpg 1536w, https:\/\/www.leeb-balkone.com\/app\/uploads\/2020\/04\/shutterstock_4878571_red-2048x1330.jpg 2048w\" sizes=\"auto, (min-width: 1200px) 360px, (min-width: 1024px) 300px, (min-width: 640px) 768px, 768px\" \/>      <\/a>\n    <\/figure>\n  \n  <div class=\"wp-block-group m-card-content is-vertical is-layout-flex wp-block-group-is-layout-flex\">\n            <h3 class=\"wp-block-heading\">\n          <a href=\"https:\/\/www.leeb-balkone.com\/it\/tecnologia\/alu-comfort-plus\/\" class=\"no-default-link\">Alu Comfort Plus<\/a>\n        <\/h3>\n        <p>L&#8217;esclusiva e brevettata superficie ALU COMFORT PLUS\u00ae con effetto loto altamente efficace \u00e8 l&#8217;essenza di un&#8217;innovazione costante.<\/p>\n          <a href=\"https:\/\/www.leeb-balkone.com\/it\/tecnologia\/alu-comfort-plus\/\" class=\"more\">Per saperne di pi\u00f9<\/a>\n      <\/div>\n<\/div>\n\n          <div class=\"wp-block-group m-card is-layout-flow wp-block-group-is-layout-flow\">\n      <figure data-imgid=\"44736\" class=\"wp-block-image size-large\">\n      <a href=\"https:\/\/www.leeb-balkone.com\/it\/partner-commerciali\/\" class=\"no-default-link\">\n        <img decoding=\"async\" width=\"768\" height=\"453\" src=\"https:\/\/www.leeb-balkone.com\/app\/uploads\/2020\/12\/firma-leeb-balkone-zentrale-gnesau-scaled-e1624345570124-768x453.jpg\" class=\"attachment-medium_large size-medium_large\" alt=\"Sede dell&#039;azienda Leeb Balkone GmbH a Gnesau\" title=\"Localit\u00e0 Leeb\" loading=\"lazy\" srcset=\"https:\/\/www.leeb-balkone.com\/app\/uploads\/2020\/12\/firma-leeb-balkone-zentrale-gnesau-scaled-e1624345570124-768x453.jpg 768w, https:\/\/www.leeb-balkone.com\/app\/uploads\/2020\/12\/firma-leeb-balkone-zentrale-gnesau-scaled-e1624345570124-300x177.jpg 300w, https:\/\/www.leeb-balkone.com\/app\/uploads\/2020\/12\/firma-leeb-balkone-zentrale-gnesau-scaled-e1624345570124-1024x604.jpg 1024w, https:\/\/www.leeb-balkone.com\/app\/uploads\/2020\/12\/firma-leeb-balkone-zentrale-gnesau-scaled-e1624345570124-1536x906.jpg 1536w, https:\/\/www.leeb-balkone.com\/app\/uploads\/2020\/12\/firma-leeb-balkone-zentrale-gnesau-scaled-e1624345570124-2048x1208.jpg 2048w\" sizes=\"auto, (min-width: 1200px) 360px, (min-width: 1024px) 300px, (min-width: 640px) 768px, 768px\" \/>      <\/a>\n    <\/figure>\n  \n  <div class=\"wp-block-group m-card-content is-vertical is-layout-flex wp-block-group-is-layout-flex\">\n            <h3 class=\"wp-block-heading\">\n          <a href=\"https:\/\/www.leeb-balkone.com\/it\/partner-commerciali\/\" class=\"no-default-link\">Localit\u00e0 Leeb<\/a>\n        <\/h3>\n        <p>La nostra rete di vendita comprende circa 100 partner Leeb in Austria, Germania, Italia, Svizzera, Slovacchia e Slovenia. C&#8217;\u00e8 sempre un partner Leeb vicino a te! <\/p>\n          <a href=\"https:\/\/www.leeb-balkone.com\/it\/partner-commerciali\/\" class=\"more\">Trova un partner di vendita<\/a>\n      <\/div>\n<\/div>\n\n          <div class=\"wp-block-group m-card is-layout-flow wp-block-group-is-layout-flow\">\n      <figure data-imgid=\"15874\" class=\"wp-block-image size-large\">\n      <a href=\"https:\/\/www.leeb-balkone.com\/it\/servizi\/consegna-e-montaggio\/\" class=\"no-default-link\">\n        <img decoding=\"async\" width=\"768\" height=\"575\" src=\"https:\/\/www.leeb-balkone.com\/app\/uploads\/2020\/08\/leeb-balkone-mitarbeiter-4-1-768x575.jpeg\" class=\"attachment-medium_large size-medium_large\" alt=\"mitarbeiter montage bei leeb balkone\" title=\"Con noi sei al sicuro\" loading=\"lazy\" srcset=\"https:\/\/www.leeb-balkone.com\/app\/uploads\/2020\/08\/leeb-balkone-mitarbeiter-4-1-768x575.jpeg 768w, https:\/\/www.leeb-balkone.com\/app\/uploads\/2020\/08\/leeb-balkone-mitarbeiter-4-1-2048x1534.jpeg 2048w, https:\/\/www.leeb-balkone.com\/app\/uploads\/2020\/08\/leeb-balkone-mitarbeiter-4-1-300x225.jpeg 300w, https:\/\/www.leeb-balkone.com\/app\/uploads\/2020\/08\/leeb-balkone-mitarbeiter-4-1-1024x767.jpeg 1024w, https:\/\/www.leeb-balkone.com\/app\/uploads\/2020\/08\/leeb-balkone-mitarbeiter-4-1-1536x1151.jpeg 1536w\" sizes=\"auto, (min-width: 1200px) 360px, (min-width: 1024px) 300px, (min-width: 640px) 768px, 768px\" \/>      <\/a>\n    <\/figure>\n  \n  <div class=\"wp-block-group m-card-content is-vertical is-layout-flex wp-block-group-is-layout-flex\">\n            <h3 class=\"wp-block-heading\">\n          <a href=\"https:\/\/www.leeb-balkone.com\/it\/servizi\/consegna-e-montaggio\/\" class=\"no-default-link\">Con noi sei al sicuro<\/a>\n        <\/h3>\n        <p>Ci\u00f2 che inizia esattamente, viene finito esattamente. Appena usciti dalla fabbrica, i nostri balconi e le nostre recinzioni vengono consegnati professionalmente da camion speciali e installati da professionisti. In modo rapido, semplice e senza alcun rumore.  <\/p>\n          <a href=\"https:\/\/www.leeb-balkone.com\/it\/servizi\/consegna-e-montaggio\/\" class=\"more\">Per saperne di pi\u00f9<\/a>\n      <\/div>\n<\/div>\n\n          <div class=\"wp-block-group m-card is-layout-flow wp-block-group-is-layout-flow\">\n      <figure data-imgid=\"22533\" class=\"wp-block-image size-large\">\n      <a href=\"https:\/\/www.leeb-balkone.com\/it\/servizi\/servizio-di-progettazione\/\" class=\"no-default-link\">\n        <img decoding=\"async\" width=\"768\" height=\"510\" src=\"https:\/\/www.leeb-balkone.com\/app\/uploads\/2021\/01\/perfekter-planungsservice-leeb-balkone-768x510.jpg\" class=\"attachment-medium_large size-medium_large\" alt=\"Pianificazione della copertura di balconi, recinzioni, terrazze - consultazione con il professionista dei balconi di Leeb Balconies (servizio di pianificazione)\" title=\"Servizio di pianificazione\" loading=\"lazy\" srcset=\"https:\/\/www.leeb-balkone.com\/app\/uploads\/2021\/01\/perfekter-planungsservice-leeb-balkone-768x510.jpg 768w, https:\/\/www.leeb-balkone.com\/app\/uploads\/2021\/01\/perfekter-planungsservice-leeb-balkone-300x199.jpg 300w, https:\/\/www.leeb-balkone.com\/app\/uploads\/2021\/01\/perfekter-planungsservice-leeb-balkone-1024x680.jpg 1024w, https:\/\/www.leeb-balkone.com\/app\/uploads\/2021\/01\/perfekter-planungsservice-leeb-balkone-1536x1020.jpg 1536w, https:\/\/www.leeb-balkone.com\/app\/uploads\/2021\/01\/perfekter-planungsservice-leeb-balkone-2048x1360.jpg 2048w\" sizes=\"auto, (min-width: 1200px) 360px, (min-width: 1024px) 300px, (min-width: 640px) 768px, 768px\" \/>      <\/a>\n    <\/figure>\n  \n  <div class=\"wp-block-group m-card-content is-vertical is-layout-flex wp-block-group-is-layout-flex\">\n            <h3 class=\"wp-block-heading\">\n          <a href=\"https:\/\/www.leeb-balkone.com\/it\/servizi\/servizio-di-progettazione\/\" class=\"no-default-link\">Servizio di pianificazione<\/a>\n        <\/h3>\n        <p>Il tuo consulente personale Leeb nella tua zona ti aiuter\u00e0 a scegliere il balcone, la recinzione o la copertura giusta, dalla progettazione all&#8217;installazione.<\/p>\n          <a href=\"https:\/\/www.leeb-balkone.com\/it\/servizi\/servizio-di-progettazione\/\" class=\"more\">Per saperne di pi\u00f9<\/a>\n      <\/div>\n<\/div>\n\n      \n<\/div>\n<\/div><\/div><\/div><\/div>\n<\/section>\n","protected":false},"excerpt":{"rendered":"","protected":false},"author":1,"featured_media":0,"parent":17328,"menu_order":7,"comment_status":"closed","ping_status":"closed","template":"template-onepager.blade.php","meta":{"_acf_changed":false,"footnotes":"","_sage_theme_css":true,"_wp_block_core_css":false},"folder":[],"class_list":["post-19610","page","type-page","status-publish","hentry"],"acf":[],"yoast_head":"<!-- This site is optimized with the Yoast SEO plugin v27.2 - https:\/\/yoast.com\/product\/yoast-seo-wordpress\/ -->\n<title>Qualit\u00e0 certificata - BALCONI LEEB Italia<\/title>\n<meta name=\"description\" content=\"Con noi andate sul sicuro! L\u2019azienda LEEB \u00e8 l\u2019unica azienda produttrice di balconi in Europa certificata secondo la normativa sulla qualit\u00e0 ISO 9001.\" \/>\n<meta name=\"robots\" content=\"index, follow, max-snippet:-1, max-image-preview:large, max-video-preview:-1\" \/>\n<meta property=\"og:locale\" content=\"it_IT\" \/>\n<meta property=\"og:type\" content=\"article\" \/>\n<meta property=\"og:title\" content=\"Qualit\u00e0 certificata - BALCONI LEEB\" \/>\n<meta property=\"og:description\" content=\"Con noi andate sul sicuro! L\u2019azienda LEEB \u00e8 l\u2019unica azienda produttrice di balconi in Europa certificata secondo la normativa sulla qualit\u00e0 ISO 9001.\" \/>\n<meta property=\"og:url\" content=\"https:\/\/www.leeb-balkone.com\/it\/azienda\/qualita-certificata\/\" \/>\n<meta property=\"og:site_name\" content=\"BALCONI LEEB\" \/>\n<meta property=\"article:publisher\" content=\"https:\/\/www.facebook.com\/balkone\/\" \/>\n<meta property=\"article:modified_time\" content=\"2021-01-27T08:37:10+00:00\" \/>\n<meta property=\"og:image\" content=\"https:\/\/www.leeb-balkone.com\/app\/uploads\/2020\/09\/alu-balkongelaender-zufriedene-kunden-1.jpg\" \/>\n\t<meta property=\"og:image:width\" content=\"2560\" \/>\n\t<meta property=\"og:image:height\" content=\"1762\" \/>\n\t<meta property=\"og:image:type\" content=\"image\/jpeg\" \/>\n<meta name=\"twitter:card\" content=\"summary_large_image\" \/>\n<script type=\"application\/ld+json\" class=\"yoast-schema-graph\">{\"@context\":\"https:\/\/schema.org\",\"@graph\":[{\"@type\":\"WebPage\",\"@id\":\"https:\/\/www.leeb-balkone.com\/it\/azienda\/qualita-certificata\/\",\"url\":\"https:\/\/www.leeb-balkone.com\/it\/azienda\/qualita-certificata\/\",\"name\":\"Qualit\u00e0 certificata - BALCONI LEEB\",\"isPartOf\":{\"@id\":\"https:\/\/www.leeb-balkone.com\/it\/#website\"},\"datePublished\":\"2020-09-21T17:58:15+00:00\",\"dateModified\":\"2021-01-27T08:37:10+00:00\",\"description\":\"Con noi andate sul sicuro! L\u2019azienda LEEB \u00e8 l\u2019unica azienda produttrice di balconi in Europa certificata secondo la normativa sulla qualit\u00e0 ISO 9001.\",\"breadcrumb\":{\"@id\":\"https:\/\/www.leeb-balkone.com\/it\/azienda\/qualita-certificata\/#breadcrumb\"},\"inLanguage\":\"it-IT\",\"potentialAction\":[{\"@type\":\"ReadAction\",\"target\":[\"https:\/\/www.leeb-balkone.com\/it\/azienda\/qualita-certificata\/\"]}]},{\"@type\":\"BreadcrumbList\",\"@id\":\"https:\/\/www.leeb-balkone.com\/it\/azienda\/qualita-certificata\/#breadcrumb\",\"itemListElement\":[{\"@type\":\"ListItem\",\"position\":1,\"name\":\"Home\",\"item\":\"https:\/\/www.leeb-balkone.com\/it\/\"},{\"@type\":\"ListItem\",\"position\":2,\"name\":\"Per saperne di pi\u00f9 sulla balconi LEEB\",\"item\":\"https:\/\/www.leeb-balkone.com\/it\/azienda\/\"},{\"@type\":\"ListItem\",\"position\":3,\"name\":\"Qualit\u00e0 certificata\"}]},{\"@type\":\"WebSite\",\"@id\":\"https:\/\/www.leeb-balkone.com\/it\/#website\",\"url\":\"https:\/\/www.leeb-balkone.com\/it\/\",\"name\":\"BALCONI LEEB\",\"description\":\"Balkone und Z\u00e4une\",\"publisher\":{\"@id\":\"https:\/\/www.leeb-balkone.com\/it\/#organization\"},\"potentialAction\":[{\"@type\":\"SearchAction\",\"target\":{\"@type\":\"EntryPoint\",\"urlTemplate\":\"https:\/\/www.leeb-balkone.com\/it\/?s={search_term_string}\"},\"query-input\":{\"@type\":\"PropertyValueSpecification\",\"valueRequired\":true,\"valueName\":\"search_term_string\"}}],\"inLanguage\":\"it-IT\"},{\"@type\":\"Organization\",\"@id\":\"https:\/\/www.leeb-balkone.com\/it\/#organization\",\"name\":\"Leeb Balkone Gmbh\",\"url\":\"https:\/\/www.leeb-balkone.com\/it\/\",\"logo\":{\"@type\":\"ImageObject\",\"inLanguage\":\"it-IT\",\"@id\":\"https:\/\/www.leeb-balkone.com\/it\/#\/schema\/logo\/image\/\",\"url\":\"https:\/\/www.leeb-balkone.com\/app\/uploads\/2020\/11\/leeb-logo.svg\",\"contentUrl\":\"https:\/\/www.leeb-balkone.com\/app\/uploads\/2020\/11\/leeb-logo.svg\",\"width\":741,\"height\":204,\"caption\":\"Leeb Balkone Gmbh\"},\"image\":{\"@id\":\"https:\/\/www.leeb-balkone.com\/it\/#\/schema\/logo\/image\/\"},\"sameAs\":[\"https:\/\/www.facebook.com\/balkone\/\",\"https:\/\/www.trustedshops.at\/bewertung\/info_X4587CCF5833E31AFE0B11F47D86999F2.html\",\"https:\/\/www.trustedshops.de\/bewertung\/info_X7BA536A7A0BDC86D36C4718E4DCAEEEF.html\",\"https:\/\/www.google.com\/maps\/place\/?q=place_id:ChIJ5-zH19-IcEcR9HonWRTllHI\"]}]}<\/script>\n<!-- \/ Yoast SEO plugin. -->","yoast_head_json":{"title":"Qualit\u00e0 certificata - BALCONI LEEB Italia","description":"Con noi andate sul sicuro! L\u2019azienda LEEB \u00e8 l\u2019unica azienda produttrice di balconi in Europa certificata secondo la normativa sulla qualit\u00e0 ISO 9001.","robots":{"index":"index","follow":"follow","max-snippet":"max-snippet:-1","max-image-preview":"max-image-preview:large","max-video-preview":"max-video-preview:-1"},"og_locale":"it_IT","og_type":"article","og_title":"Qualit\u00e0 certificata - BALCONI LEEB","og_description":"Con noi andate sul sicuro! L\u2019azienda LEEB \u00e8 l\u2019unica azienda produttrice di balconi in Europa certificata secondo la normativa sulla qualit\u00e0 ISO 9001.","og_url":"https:\/\/www.leeb-balkone.com\/it\/azienda\/qualita-certificata\/","og_site_name":"BALCONI LEEB","article_publisher":"https:\/\/www.facebook.com\/balkone\/","article_modified_time":"2021-01-27T08:37:10+00:00","og_image":[{"width":2560,"height":1762,"url":"https:\/\/www.leeb-balkone.com\/app\/uploads\/2020\/09\/alu-balkongelaender-zufriedene-kunden-1.jpg","type":"image\/jpeg"}],"twitter_card":"summary_large_image","schema":{"@context":"https:\/\/schema.org","@graph":[{"@type":"WebPage","@id":"https:\/\/www.leeb-balkone.com\/it\/azienda\/qualita-certificata\/","url":"https:\/\/www.leeb-balkone.com\/it\/azienda\/qualita-certificata\/","name":"Qualit\u00e0 certificata - BALCONI LEEB","isPartOf":{"@id":"https:\/\/www.leeb-balkone.com\/it\/#website"},"datePublished":"2020-09-21T17:58:15+00:00","dateModified":"2021-01-27T08:37:10+00:00","description":"Con noi andate sul sicuro! L\u2019azienda LEEB \u00e8 l\u2019unica azienda produttrice di balconi in Europa certificata secondo la normativa sulla qualit\u00e0 ISO 9001.","breadcrumb":{"@id":"https:\/\/www.leeb-balkone.com\/it\/azienda\/qualita-certificata\/#breadcrumb"},"inLanguage":"it-IT","potentialAction":[{"@type":"ReadAction","target":["https:\/\/www.leeb-balkone.com\/it\/azienda\/qualita-certificata\/"]}]},{"@type":"BreadcrumbList","@id":"https:\/\/www.leeb-balkone.com\/it\/azienda\/qualita-certificata\/#breadcrumb","itemListElement":[{"@type":"ListItem","position":1,"name":"Home","item":"https:\/\/www.leeb-balkone.com\/it\/"},{"@type":"ListItem","position":2,"name":"Per saperne di pi\u00f9 sulla balconi LEEB","item":"https:\/\/www.leeb-balkone.com\/it\/azienda\/"},{"@type":"ListItem","position":3,"name":"Qualit\u00e0 certificata"}]},{"@type":"WebSite","@id":"https:\/\/www.leeb-balkone.com\/it\/#website","url":"https:\/\/www.leeb-balkone.com\/it\/","name":"BALCONI LEEB","description":"Balkone und Z\u00e4une","publisher":{"@id":"https:\/\/www.leeb-balkone.com\/it\/#organization"},"potentialAction":[{"@type":"SearchAction","target":{"@type":"EntryPoint","urlTemplate":"https:\/\/www.leeb-balkone.com\/it\/?s={search_term_string}"},"query-input":{"@type":"PropertyValueSpecification","valueRequired":true,"valueName":"search_term_string"}}],"inLanguage":"it-IT"},{"@type":"Organization","@id":"https:\/\/www.leeb-balkone.com\/it\/#organization","name":"Leeb Balkone Gmbh","url":"https:\/\/www.leeb-balkone.com\/it\/","logo":{"@type":"ImageObject","inLanguage":"it-IT","@id":"https:\/\/www.leeb-balkone.com\/it\/#\/schema\/logo\/image\/","url":"https:\/\/www.leeb-balkone.com\/app\/uploads\/2020\/11\/leeb-logo.svg","contentUrl":"https:\/\/www.leeb-balkone.com\/app\/uploads\/2020\/11\/leeb-logo.svg","width":741,"height":204,"caption":"Leeb Balkone Gmbh"},"image":{"@id":"https:\/\/www.leeb-balkone.com\/it\/#\/schema\/logo\/image\/"},"sameAs":["https:\/\/www.facebook.com\/balkone\/","https:\/\/www.trustedshops.at\/bewertung\/info_X4587CCF5833E31AFE0B11F47D86999F2.html","https:\/\/www.trustedshops.de\/bewertung\/info_X7BA536A7A0BDC86D36C4718E4DCAEEEF.html","https:\/\/www.google.com\/maps\/place\/?q=place_id:ChIJ5-zH19-IcEcR9HonWRTllHI"]}]}},"_links":{"self":[{"href":"https:\/\/www.leeb-balkone.com\/it\/wp-json\/wp\/v2\/pages\/19610","targetHints":{"allow":["GET"]}}],"collection":[{"href":"https:\/\/www.leeb-balkone.com\/it\/wp-json\/wp\/v2\/pages"}],"about":[{"href":"https:\/\/www.leeb-balkone.com\/it\/wp-json\/wp\/v2\/types\/page"}],"author":[{"embeddable":true,"href":"https:\/\/www.leeb-balkone.com\/it\/wp-json\/wp\/v2\/users\/1"}],"replies":[{"embeddable":true,"href":"https:\/\/www.leeb-balkone.com\/it\/wp-json\/wp\/v2\/comments?post=19610"}],"version-history":[{"count":0,"href":"https:\/\/www.leeb-balkone.com\/it\/wp-json\/wp\/v2\/pages\/19610\/revisions"}],"up":[{"embeddable":true,"href":"https:\/\/www.leeb-balkone.com\/it\/wp-json\/wp\/v2\/pages\/17328"}],"wp:attachment":[{"href":"https:\/\/www.leeb-balkone.com\/it\/wp-json\/wp\/v2\/media?parent=19610"}],"wp:term":[{"taxonomy":"folder","embeddable":true,"href":"https:\/\/www.leeb-balkone.com\/it\/wp-json\/wp\/v2\/folder?post=19610"}],"curies":[{"name":"wp","href":"https:\/\/api.w.org\/{rel}","templated":true}]}}