{"id":19461,"date":"2020-09-08T08:00:56","date_gmt":"2020-09-08T08:00:56","guid":{"rendered":"https:\/\/www.leeb-balkone.com\/de\/tecnologia\/konstruktiver-holzschutz\/"},"modified":"2021-02-12T19:19:32","modified_gmt":"2021-02-12T19:19:32","slug":"la-protezione-del-legno-inizia-con-la-costruzione","status":"publish","type":"page","link":"https:\/\/www.leeb-balkone.com\/it\/tecnologia\/la-protezione-del-legno-inizia-con-la-costruzione\/","title":{"rendered":"La protezione del legno inizia con la costruzione"},"content":{"rendered":"<header data-block_5ed673af9a55a class=\"c-fh  l-mh-small c-fh--hero c-grad-l2r c-fh--div none\">\n      <img loading=\"lazy\" decoding=\"async\" width=\"1920\" height=\"600\" src=\"https:\/\/www.leeb-balkone.com\/app\/uploads\/2020\/11\/balkongelaender-holz-tradition-bad-toelz-11920.jpg\" class=\"no-lazy\" alt=\"balkongelaender holz tradition bad toelz 11920\" srcset=\"https:\/\/www.leeb-balkone.com\/app\/uploads\/2020\/11\/balkongelaender-holz-tradition-bad-toelz-11920-300x94.jpg 300w, https:\/\/www.leeb-balkone.com\/app\/uploads\/2020\/11\/balkongelaender-holz-tradition-bad-toelz-11920-1024x320.jpg 1024w, https:\/\/www.leeb-balkone.com\/app\/uploads\/2020\/11\/balkongelaender-holz-tradition-bad-toelz-11920-768x240.jpg 768w, https:\/\/www.leeb-balkone.com\/app\/uploads\/2020\/11\/balkongelaender-holz-tradition-bad-toelz-11920-1536x480.jpg 1536w\" sizes=\"auto, (min-width: 1536px) 2048px, (min-width: 992px) 1536px, (min-width: 768px) 1024px, (min-width: 576px) 768px, 100vw\" \/>\n\n\n<div class=\"grid-container\">\n  <div class=\"grid-x\">\n    <div class=\"cell small-12 medium-6 medium-offset-1\">\n      <div class=\"c-fh__wrapper\">\n                              <p>La protezione del legno inizia con la costruzione<\/p>\n                        <\/div>\n    <\/div>\n  <\/div>\n<\/div>\n  \n    \n    <\/header>\n\n\n  \n  <section class=\"wp-block-group alignfull t3-header u-max-wide t3-header-text has-white-background-color has-background has-global-padding is-layout-constrained wp-block-group-is-layout-constrained\">\n    <div class=\"wp-block-group o-grid u-md-1 u-sm-1 is-layout-flow wp-block-group-is-layout-flow\">\n  <div class=\"wp-block-group u-g-10 u-g-s-2\">\n      <div class=\"yoast-breadcrumbs\"><span><span><a href=\"https:\/\/www.leeb-balkone.com\/it\/\">Home<\/a><\/span><\/span><\/div>\n      \n    <h1>La protezione del legno inizia con la costruzione<\/h1>\n  <\/div>\n<\/div>\n  <\/section>\n\n\n\n\n\n\n<section id=\"first-section\" class=\"wp-block-cgb-t3-section-block alignfull b-pt-small  is-style-bg-transparent\" style=\"display:inherit;min-height:inherit\">\n<div class=\"wp-block-cgb-t3-container-block none\" style=\"background-color:none\"><div class=\"grid-container\"><div class=\"grid-x\"><div class=\"cell small-12 medium-9 large-0 medium-offset-1 b-has-lsmb\">\n<p>Una costruzione tecnicamente studiata a fondo dalla LEEB Balkone garantisce che l\u0092acqua piovana non stagni sul legno, non vi penetri per danneggiare il vostro balcone. Nei balconi LEEB tutti gli elementi sono retroventilati per assicurare il necessario equilibrio tra aria e umidit\u00e0. Linclinazione dei fondi delle fioriere assicura proprio in questo punto critico lo scolo costante dell&#8217; acqua, garantendosi quindi una lunga durata del vostro balcone Leeb.<\/p>\n\n\n\n<h2 class=\"wp-block-heading\">Dettagli sulla protezione per il legno:<\/h2>\n<\/div><\/div><\/div><\/div>\n\n\n\n<div class=\"wp-block-cgb-t3-container-block none\" style=\"background-color:none\"><div class=\"grid-container\"><div class=\"grid-x\"><div class=\"cell small-12 medium-0 large-0 b-has-pt b-has-lsmb\"><div class=\"b-sps\" id=\"\">\n      <div class=\"grid-x\">\n              <div class=\"cell b-sps__bgimg lazyload bgx-center bgy-center small-12 medium-6 small-order-1 medium-order-1\">\n          \n            <img loading=\"lazy\" decoding=\"async\" width=\"1024\" height=\"437\" src=\"https:\/\/www.leeb-balkone.com\/app\/uploads\/2021\/01\/konstruktiver-holzschutz-holz-balkongelaender-1-1024x437.jpg\" class=\"attachment-large size-large\" alt=\"konstruktiver holzschutz holz balkongelaender 1\" srcset=\"https:\/\/www.leeb-balkone.com\/app\/uploads\/2021\/01\/konstruktiver-holzschutz-holz-balkongelaender-1-1024x437.jpg 1024w, https:\/\/www.leeb-balkone.com\/app\/uploads\/2021\/01\/konstruktiver-holzschutz-holz-balkongelaender-1-300x128.jpg 300w, https:\/\/www.leeb-balkone.com\/app\/uploads\/2021\/01\/konstruktiver-holzschutz-holz-balkongelaender-1-768x328.jpg 768w, https:\/\/www.leeb-balkone.com\/app\/uploads\/2021\/01\/konstruktiver-holzschutz-holz-balkongelaender-1-1536x656.jpg 1536w, https:\/\/www.leeb-balkone.com\/app\/uploads\/2021\/01\/konstruktiver-holzschutz-holz-balkongelaender-1-2048x874.jpg 2048w\" sizes=\"auto, (min-width: 1200px) 1024px, (min-width: 1024px) 768px, (min-width: 640px) 768px, 768px\" \/>        <\/div>\n            <div class=\"cell b-sps__cont  small-12 medium-6 small-order-2 medium-order-2 bg--lightgray\">\n        <div class=\"b-sps__inner-cont  pdd\">\n          <p><strong>1. Corrimano con protezione dall\u2019acqua integrata<\/strong><br \/>\nIl corrimano arrotondato \u00e8 dotato, sul lato inferiore, del cosiddetto profilo di gocciolamento. In questo modo l\u2019acqua pu\u00f2 defluire senza alcun problema. La struttura sottostante \u00e8 protetta.<\/p>\n<p><strong>2. Inclinatura delle fioriere e rientranze<\/strong><br \/>\nL\u2019acqua piovana o dell\u2019annaffiatura dei fiori defluisce dalle inclinazioni senza inumidire la struttura del balcone.<\/p>\n<p><strong>3. Asticelle oblique<\/strong><br \/>\nQuesti elementi aggiuntivi garantiscono che l\u2019umidit\u00e0 non si possa infiltrare neanche nei punti di pi\u00f9 difficile accesso.<\/p>\n<p><strong>4. Retroventilazione degli elementi del balcone<\/strong><br \/>\nAttraverso la retroventilazione degli elementi in legno installati si ottiene un ricambio dell\u2019aria costante e in questo modo vengono impediti eventuali danni causati dall\u2019umidit\u00e0 permanente.<\/p>\n\n        <\/div>\n      <\/div>\n    <\/div>\n  <\/div>\n<\/div><\/div><\/div><\/div>\n\n\n\n<div class=\"wp-block-cgb-t3-container-block none\" style=\"background-color:none\"><div class=\"grid-container\"><div class=\"grid-x\"><div class=\"cell small-12 medium-9 large-0 medium-offset-1 b-has-pt\">\n<h3 class=\"wp-block-heading\"><strong>Protezione per il legno brevettata dei balconi Leeb<\/strong><\/h3>\n\n\n\n<p>La base per una bellezza a lungo termine \u00e8 la scelta del legno giusto. Per i nostri <a href=\"https:\/\/www.leeb-balkone.com\/it\/balconi\/balconi-in-legno\/\">balconi in legno<\/a> utilizziamo esclusivamente il legno di pregiate conifere cresciute lentamente ad oltre mille metri di altitudine nella regione circostante. Dopo un\u2019asciugatura e una lavorazione accurata, tutti i balconi in legno vengono sottoposti ad un\u2019impregnatura profonda attraverso lo speciale trattamento <a href=\"https:\/\/www.leeb-balkone.com\/it\/tecnologia\/vacu-protect\/\">VACU-PROTECT\u00ae<\/a>. Questo garantisce per lungo tempo un bell\u2019aspetto esteriore e la stabilit\u00e0, nonch\u00e9 una durata ottimale del vostro balcone.<\/p>\n<\/div><\/div><\/div><\/div>\n<\/section>\n\n\n\n<section class=\"wp-block-cgb-t3-section-block alignfull b-pt-none\" style=\"display:inherit;background-color:#F5F5F5;min-height:inherit\">\n<div class=\"wp-block-cgb-t3-container-block b-has-offset-h\" style=\"background-color:none\"><div class=\"grid-container\"><div class=\"grid-x\"><div class=\"cell small-12 medium-6 large-0 medium-offset-1\">\n<h2 class=\"wp-block-heading\"><strong>Legno di conifere da un&#8217; altitudine<\/strong><\/h2>\n<\/div><\/div><\/div><\/div>\n\n\n\n<div class=\"wp-block-cgb-t3-container-block none\" style=\"background-color:none\"><div class=\"grid-container\"><div class=\"grid-x\"><div class=\"cell small-12 medium-9 large-0 medium-offset-1 b-has-pt\">\n<p>Oltre alla protezione costruttiva del legno \u00e8 importante anche la scelta del legno adatto. Per la grande variet\u00e0 di balconi in legno si impiega alla LEEB Balkone esclusivamente legno di conifere che crescono nella nostra regione ad altitudini sopra i 1000 m s.l.m. La scelta del legno adatto viene effettuato secondo severi criteri di qualit\u00e0. Dopo un essiccamento lento, naturale, prolungato fino a due anni, l\u0092umidit\u00e0 del legno viene ulteriormente ridotta in impianti a controllo elettronico.<\/p>\n\n\n\n<p>Successivamente i balconi finiti vengono sottoposti a un controllo continuo da parte dell\u0092Istituto di ricerca austriaco sul legno, una garanzia per una costante elevata qualit\u00e0.&nbsp;VACU-PROTECT\u00d2, il trattamento superficiale unico nel suo genere che assicura un eccezionale aspetto estetico nel tempo, la stabilit\u00e0 dimensionale e una lunga vita operativa.<\/p>\n<\/div><\/div><\/div><\/div>\n\n\n<\/section>\n\n\n\n<section class=\"wp-block-cgb-t3-section-block alignfull b-pt-none  is-style-bg-transparent\" style=\"display:inherit;min-height:inherit\">\n<div class=\"wp-block-cgb-t3-container-block b-has-offset-b\" style=\"background-color:#EE7203\"><div class=\"has-padding none grid-container-wrapper\"><div class=\"grid-container\"><div class=\"grid-x\"><div class=\"cell small-12 medium-9 large-0 medium-offset-1 b-has-lsmb\">\n<h2 class=\"has-white-color has-text-color wp-block-heading\"><span class=\"h2ash1\"><strong>BALCONI LEEB \u2013 QUALIT\u00c0 SENZA COMPROMESSI<\/strong> <\/span><\/h2>\n\n\n\n<p class=\"has-white-color has-text-color\"><span class=\"teaser\">Quale azienda leader nella costruzione di balconi, con oltre 100.000 clienti soddisfatti in tutta Europa, potete ritenere di essere in buone mani rivolgendovi ai nostri consulenti.<\/span><\/p>\n<\/div><\/div><\/div><\/div><\/div>\n\n\n\n<div class=\"wp-block-cgb-t3-container-block none\" style=\"background-color:none\"><div class=\"grid-container\"><div class=\"grid-x\"><div class=\"cell small-12 medium-12 large-0\"><div class=\"u-grid-temp has-2-cols u-md-2 u-sm-1 is-style-transparent-cards offset wp-block-group is-layout-grid wp-block-group-is-layout-grid\">\n\n\n  \n\n            <div class=\"wp-block-group m-card is-layout-flow wp-block-group-is-layout-flow\">\n      <figure data-imgid=\"44231\" class=\"wp-block-image size-large\">\n      <a href=\"https:\/\/www.leeb-balkone.com\/it\/azienda\/referenze\/\" class=\"no-default-link\">\n        <img decoding=\"async\" width=\"768\" height=\"511\" src=\"https:\/\/www.leeb-balkone.com\/app\/uploads\/2020\/07\/balkongelaender-alu-design-genf-20-1-768x511.jpg\" class=\"attachment-medium_large size-medium_large\" alt=\"Moderna ringhiera del balcone in alluminio con un look senza tempo - Balcone in alluminio Alu Design Genf\" title=\"Referenze dei clienti\" loading=\"lazy\" srcset=\"https:\/\/www.leeb-balkone.com\/app\/uploads\/2020\/07\/balkongelaender-alu-design-genf-20-1-768x511.jpg 768w, https:\/\/www.leeb-balkone.com\/app\/uploads\/2020\/07\/balkongelaender-alu-design-genf-20-1-300x200.jpg 300w, https:\/\/www.leeb-balkone.com\/app\/uploads\/2020\/07\/balkongelaender-alu-design-genf-20-1-1024x681.jpg 1024w, https:\/\/www.leeb-balkone.com\/app\/uploads\/2020\/07\/balkongelaender-alu-design-genf-20-1-1536x1022.jpg 1536w, https:\/\/www.leeb-balkone.com\/app\/uploads\/2020\/07\/balkongelaender-alu-design-genf-20-1-2048x1363.jpg 2048w\" sizes=\"auto, (min-width: 1200px) 360px, (min-width: 1024px) 300px, (min-width: 640px) 768px, 768px\" \/>      <\/a>\n    <\/figure>\n  \n  <div class=\"wp-block-group m-card-content is-vertical is-layout-flex wp-block-group-is-layout-flex\">\n            <h3 class=\"wp-block-heading\">\n          <a href=\"https:\/\/www.leeb-balkone.com\/it\/azienda\/referenze\/\" class=\"no-default-link\">Referenze dei clienti<\/a>\n        <\/h3>\n        <p>Oltre 60 anni di esperienza e pi\u00f9 di 100.000 clienti in Austria, Germania, Italia, Francia e Svizzera ci hanno reso lo specialista leader nel settore dei balconi e delle recinzioni.  <\/p>\n          <a href=\"https:\/\/www.leeb-balkone.com\/it\/azienda\/referenze\/\" class=\"more\">Per saperne di pi\u00f9<\/a>\n      <\/div>\n<\/div>\n\n          <div class=\"wp-block-group m-card is-layout-flow wp-block-group-is-layout-flow\">\n      <figure data-imgid=\"44736\" class=\"wp-block-image size-large\">\n      <a href=\"https:\/\/www.leeb-balkone.com\/it\/partner-commerciali\/\" class=\"no-default-link\">\n        <img decoding=\"async\" width=\"768\" height=\"453\" src=\"https:\/\/www.leeb-balkone.com\/app\/uploads\/2020\/12\/firma-leeb-balkone-zentrale-gnesau-scaled-e1624345570124-768x453.jpg\" class=\"attachment-medium_large size-medium_large\" alt=\"Sede dell&#039;azienda Leeb Balkone GmbH a Gnesau\" title=\"Localit\u00e0 Leeb\" loading=\"lazy\" srcset=\"https:\/\/www.leeb-balkone.com\/app\/uploads\/2020\/12\/firma-leeb-balkone-zentrale-gnesau-scaled-e1624345570124-768x453.jpg 768w, https:\/\/www.leeb-balkone.com\/app\/uploads\/2020\/12\/firma-leeb-balkone-zentrale-gnesau-scaled-e1624345570124-300x177.jpg 300w, https:\/\/www.leeb-balkone.com\/app\/uploads\/2020\/12\/firma-leeb-balkone-zentrale-gnesau-scaled-e1624345570124-1024x604.jpg 1024w, https:\/\/www.leeb-balkone.com\/app\/uploads\/2020\/12\/firma-leeb-balkone-zentrale-gnesau-scaled-e1624345570124-1536x906.jpg 1536w, https:\/\/www.leeb-balkone.com\/app\/uploads\/2020\/12\/firma-leeb-balkone-zentrale-gnesau-scaled-e1624345570124-2048x1208.jpg 2048w\" sizes=\"auto, (min-width: 1200px) 360px, (min-width: 1024px) 300px, (min-width: 640px) 768px, 768px\" \/>      <\/a>\n    <\/figure>\n  \n  <div class=\"wp-block-group m-card-content is-vertical is-layout-flex wp-block-group-is-layout-flex\">\n            <h3 class=\"wp-block-heading\">\n          <a href=\"https:\/\/www.leeb-balkone.com\/it\/partner-commerciali\/\" class=\"no-default-link\">Localit\u00e0 Leeb<\/a>\n        <\/h3>\n        <p>La nostra rete di vendita comprende circa 100 partner Leeb in Austria, Germania, Italia, Svizzera, Slovacchia e Slovenia. C&#8217;\u00e8 sempre un partner Leeb vicino a te! <\/p>\n          <a href=\"https:\/\/www.leeb-balkone.com\/it\/partner-commerciali\/\" class=\"more\">Trova un partner di vendita<\/a>\n      <\/div>\n<\/div>\n\n          <div class=\"wp-block-group m-card is-layout-flow wp-block-group-is-layout-flow\">\n      <figure data-imgid=\"15874\" class=\"wp-block-image size-large\">\n      <a href=\"https:\/\/www.leeb-balkone.com\/it\/servizi\/consegna-e-montaggio\/\" class=\"no-default-link\">\n        <img decoding=\"async\" width=\"768\" height=\"575\" src=\"https:\/\/www.leeb-balkone.com\/app\/uploads\/2020\/08\/leeb-balkone-mitarbeiter-4-1-768x575.jpeg\" class=\"attachment-medium_large size-medium_large\" alt=\"mitarbeiter montage bei leeb balkone\" title=\"Con noi sei al sicuro\" loading=\"lazy\" srcset=\"https:\/\/www.leeb-balkone.com\/app\/uploads\/2020\/08\/leeb-balkone-mitarbeiter-4-1-768x575.jpeg 768w, https:\/\/www.leeb-balkone.com\/app\/uploads\/2020\/08\/leeb-balkone-mitarbeiter-4-1-2048x1534.jpeg 2048w, https:\/\/www.leeb-balkone.com\/app\/uploads\/2020\/08\/leeb-balkone-mitarbeiter-4-1-300x225.jpeg 300w, https:\/\/www.leeb-balkone.com\/app\/uploads\/2020\/08\/leeb-balkone-mitarbeiter-4-1-1024x767.jpeg 1024w, https:\/\/www.leeb-balkone.com\/app\/uploads\/2020\/08\/leeb-balkone-mitarbeiter-4-1-1536x1151.jpeg 1536w\" sizes=\"auto, (min-width: 1200px) 360px, (min-width: 1024px) 300px, (min-width: 640px) 768px, 768px\" \/>      <\/a>\n    <\/figure>\n  \n  <div class=\"wp-block-group m-card-content is-vertical is-layout-flex wp-block-group-is-layout-flex\">\n            <h3 class=\"wp-block-heading\">\n          <a href=\"https:\/\/www.leeb-balkone.com\/it\/servizi\/consegna-e-montaggio\/\" class=\"no-default-link\">Con noi sei al sicuro<\/a>\n        <\/h3>\n        <p>Ci\u00f2 che inizia esattamente, viene finito esattamente. Appena usciti dalla fabbrica, i nostri balconi e le nostre recinzioni vengono consegnati professionalmente da camion speciali e installati da professionisti. In modo rapido, semplice e senza alcun rumore.  <\/p>\n          <a href=\"https:\/\/www.leeb-balkone.com\/it\/servizi\/consegna-e-montaggio\/\" class=\"more\">Per saperne di pi\u00f9<\/a>\n      <\/div>\n<\/div>\n\n          <div class=\"wp-block-group m-card is-layout-flow wp-block-group-is-layout-flow\">\n      <figure data-imgid=\"134741\" class=\"wp-block-image size-large\">\n      <a href=\"https:\/\/www.leeb-balkone.com\/it\/azienda\/qualita-certificata\/\" class=\"no-default-link\">\n        <img decoding=\"async\" width=\"768\" height=\"576\" src=\"https:\/\/www.leeb-balkone.com\/app\/uploads\/2024\/01\/Austria-Guetezeichen-768x576.jpg\" class=\"attachment-medium_large size-medium_large\" alt=\"Austria Guetezeichen\" title=\"Qualit\u00e0 certificata\" loading=\"lazy\" srcset=\"https:\/\/www.leeb-balkone.com\/app\/uploads\/2024\/01\/Austria-Guetezeichen-768x576.jpg 768w, https:\/\/www.leeb-balkone.com\/app\/uploads\/2024\/01\/Austria-Guetezeichen-300x225.jpg 300w, https:\/\/www.leeb-balkone.com\/app\/uploads\/2024\/01\/Austria-Guetezeichen-1024x767.jpg 1024w, https:\/\/www.leeb-balkone.com\/app\/uploads\/2024\/01\/Austria-Guetezeichen-1536x1151.jpg 1536w, https:\/\/www.leeb-balkone.com\/app\/uploads\/2024\/01\/Austria-Guetezeichen.jpg 2000w\" sizes=\"auto, (min-width: 1200px) 360px, (min-width: 1024px) 300px, (min-width: 640px) 768px, 768px\" \/>      <\/a>\n    <\/figure>\n  \n  <div class=\"wp-block-group m-card-content is-vertical is-layout-flex wp-block-group-is-layout-flex\">\n            <h3 class=\"wp-block-heading\">\n          <a href=\"https:\/\/www.leeb-balkone.com\/it\/azienda\/qualita-certificata\/\" class=\"no-default-link\">Qualit\u00e0 certificata<\/a>\n        <\/h3>\n        <p>Il continuo sviluppo dei nostri processi lavorativi e dei nostri prodotti caratterizza la qualit\u00e0 di Leeb. Guarda tu stesso: con noi investi in un futuro sicuro! <\/p>\n          <a href=\"https:\/\/www.leeb-balkone.com\/it\/azienda\/qualita-certificata\/\" class=\"more\">Per saperne di pi\u00f9<\/a>\n      <\/div>\n<\/div>\n\n      \n<\/div>\n<\/div><\/div><\/div><\/div>\n<\/section>\n\n\n","protected":false},"excerpt":{"rendered":"","protected":false},"author":1,"featured_media":0,"parent":19427,"menu_order":5,"comment_status":"closed","ping_status":"closed","template":"template-onepager.blade.php","meta":{"_acf_changed":false,"footnotes":"","_sage_theme_css":true,"_wp_block_core_css":false},"folder":[],"class_list":["post-19461","page","type-page","status-publish","hentry"],"acf":[],"yoast_head":"<!-- This site is optimized with the Yoast SEO plugin v27.2 - https:\/\/yoast.com\/product\/yoast-seo-wordpress\/ -->\n<title>La protezione del legno inizia con la costruzione - BALCONI LEEB Italia<\/title>\n<meta name=\"description\" content=\"Una costruzione tecnicamente studiata a fondo dalla LEEB Balkone garantisce che l\u0092acqua piovana non stagni sul legno, non vi penetri per danneggiare il\" \/>\n<meta name=\"robots\" content=\"index, follow, max-snippet:-1, max-image-preview:large, max-video-preview:-1\" \/>\n<meta property=\"og:locale\" content=\"it_IT\" \/>\n<meta property=\"og:type\" content=\"article\" \/>\n<meta property=\"og:title\" content=\"La protezione del legno inizia con la costruzione - BALCONI LEEB\" \/>\n<meta property=\"og:description\" content=\"Una costruzione tecnicamente studiata a fondo dalla LEEB Balkone garantisce che l\u0092acqua piovana non stagni sul legno, non vi penetri per danneggiare il\" \/>\n<meta property=\"og:url\" content=\"https:\/\/www.leeb-balkone.com\/it\/tecnologia\/la-protezione-del-legno-inizia-con-la-costruzione\/\" \/>\n<meta property=\"og:site_name\" content=\"BALCONI LEEB\" \/>\n<meta property=\"article:publisher\" content=\"https:\/\/www.facebook.com\/balkone\/\" \/>\n<meta property=\"article:modified_time\" content=\"2021-02-12T19:19:32+00:00\" \/>\n<meta property=\"og:image\" content=\"https:\/\/www.leeb-balkone.com\/app\/uploads\/2020\/09\/alu-balkongelaender-zufriedene-kunden-1.jpg\" \/>\n\t<meta property=\"og:image:width\" content=\"2560\" \/>\n\t<meta property=\"og:image:height\" content=\"1762\" \/>\n\t<meta property=\"og:image:type\" content=\"image\/jpeg\" \/>\n<meta name=\"twitter:card\" content=\"summary_large_image\" \/>\n<script type=\"application\/ld+json\" class=\"yoast-schema-graph\">{\"@context\":\"https:\/\/schema.org\",\"@graph\":[{\"@type\":\"WebPage\",\"@id\":\"https:\/\/www.leeb-balkone.com\/it\/tecnologia\/la-protezione-del-legno-inizia-con-la-costruzione\/\",\"url\":\"https:\/\/www.leeb-balkone.com\/it\/tecnologia\/la-protezione-del-legno-inizia-con-la-costruzione\/\",\"name\":\"La protezione del legno inizia con la costruzione - BALCONI LEEB\",\"isPartOf\":{\"@id\":\"https:\/\/www.leeb-balkone.com\/it\/#website\"},\"datePublished\":\"2020-09-08T08:00:56+00:00\",\"dateModified\":\"2021-02-12T19:19:32+00:00\",\"description\":\"Una costruzione tecnicamente studiata a fondo dalla LEEB Balkone garantisce che l\u0092acqua piovana non stagni sul legno, non vi penetri per danneggiare il\",\"breadcrumb\":{\"@id\":\"https:\/\/www.leeb-balkone.com\/it\/tecnologia\/la-protezione-del-legno-inizia-con-la-costruzione\/#breadcrumb\"},\"inLanguage\":\"it-IT\",\"potentialAction\":[{\"@type\":\"ReadAction\",\"target\":[\"https:\/\/www.leeb-balkone.com\/it\/tecnologia\/la-protezione-del-legno-inizia-con-la-costruzione\/\"]}]},{\"@type\":\"BreadcrumbList\",\"@id\":\"https:\/\/www.leeb-balkone.com\/it\/tecnologia\/la-protezione-del-legno-inizia-con-la-costruzione\/#breadcrumb\",\"itemListElement\":[{\"@type\":\"ListItem\",\"position\":1,\"name\":\"Home\",\"item\":\"https:\/\/www.leeb-balkone.com\/it\/\"},{\"@type\":\"ListItem\",\"position\":2,\"name\":\"Tecnologia\",\"item\":\"https:\/\/www.leeb-balkone.com\/it\/tecnologia\/\"},{\"@type\":\"ListItem\",\"position\":3,\"name\":\"La protezione del legno inizia con la costruzione\"}]},{\"@type\":\"WebSite\",\"@id\":\"https:\/\/www.leeb-balkone.com\/it\/#website\",\"url\":\"https:\/\/www.leeb-balkone.com\/it\/\",\"name\":\"BALCONI LEEB\",\"description\":\"Balkone und Z\u00e4une\",\"publisher\":{\"@id\":\"https:\/\/www.leeb-balkone.com\/it\/#organization\"},\"potentialAction\":[{\"@type\":\"SearchAction\",\"target\":{\"@type\":\"EntryPoint\",\"urlTemplate\":\"https:\/\/www.leeb-balkone.com\/it\/?s={search_term_string}\"},\"query-input\":{\"@type\":\"PropertyValueSpecification\",\"valueRequired\":true,\"valueName\":\"search_term_string\"}}],\"inLanguage\":\"it-IT\"},{\"@type\":\"Organization\",\"@id\":\"https:\/\/www.leeb-balkone.com\/it\/#organization\",\"name\":\"Leeb Balkone Gmbh\",\"url\":\"https:\/\/www.leeb-balkone.com\/it\/\",\"logo\":{\"@type\":\"ImageObject\",\"inLanguage\":\"it-IT\",\"@id\":\"https:\/\/www.leeb-balkone.com\/it\/#\/schema\/logo\/image\/\",\"url\":\"https:\/\/www.leeb-balkone.com\/app\/uploads\/2020\/11\/leeb-logo.svg\",\"contentUrl\":\"https:\/\/www.leeb-balkone.com\/app\/uploads\/2020\/11\/leeb-logo.svg\",\"width\":741,\"height\":204,\"caption\":\"Leeb Balkone Gmbh\"},\"image\":{\"@id\":\"https:\/\/www.leeb-balkone.com\/it\/#\/schema\/logo\/image\/\"},\"sameAs\":[\"https:\/\/www.facebook.com\/balkone\/\",\"https:\/\/www.trustedshops.at\/bewertung\/info_X4587CCF5833E31AFE0B11F47D86999F2.html\",\"https:\/\/www.trustedshops.de\/bewertung\/info_X7BA536A7A0BDC86D36C4718E4DCAEEEF.html\",\"https:\/\/www.google.com\/maps\/place\/?q=place_id:ChIJ5-zH19-IcEcR9HonWRTllHI\"]}]}<\/script>\n<!-- \/ Yoast SEO plugin. -->","yoast_head_json":{"title":"La protezione del legno inizia con la costruzione - BALCONI LEEB Italia","description":"Una costruzione tecnicamente studiata a fondo dalla LEEB Balkone garantisce che l\u0092acqua piovana non stagni sul legno, non vi penetri per danneggiare il","robots":{"index":"index","follow":"follow","max-snippet":"max-snippet:-1","max-image-preview":"max-image-preview:large","max-video-preview":"max-video-preview:-1"},"og_locale":"it_IT","og_type":"article","og_title":"La protezione del legno inizia con la costruzione - BALCONI LEEB","og_description":"Una costruzione tecnicamente studiata a fondo dalla LEEB Balkone garantisce che l\u0092acqua piovana non stagni sul legno, non vi penetri per danneggiare il","og_url":"https:\/\/www.leeb-balkone.com\/it\/tecnologia\/la-protezione-del-legno-inizia-con-la-costruzione\/","og_site_name":"BALCONI LEEB","article_publisher":"https:\/\/www.facebook.com\/balkone\/","article_modified_time":"2021-02-12T19:19:32+00:00","og_image":[{"width":2560,"height":1762,"url":"https:\/\/www.leeb-balkone.com\/app\/uploads\/2020\/09\/alu-balkongelaender-zufriedene-kunden-1.jpg","type":"image\/jpeg"}],"twitter_card":"summary_large_image","schema":{"@context":"https:\/\/schema.org","@graph":[{"@type":"WebPage","@id":"https:\/\/www.leeb-balkone.com\/it\/tecnologia\/la-protezione-del-legno-inizia-con-la-costruzione\/","url":"https:\/\/www.leeb-balkone.com\/it\/tecnologia\/la-protezione-del-legno-inizia-con-la-costruzione\/","name":"La protezione del legno inizia con la costruzione - BALCONI LEEB","isPartOf":{"@id":"https:\/\/www.leeb-balkone.com\/it\/#website"},"datePublished":"2020-09-08T08:00:56+00:00","dateModified":"2021-02-12T19:19:32+00:00","description":"Una costruzione tecnicamente studiata a fondo dalla LEEB Balkone garantisce che l\u0092acqua piovana non stagni sul legno, non vi penetri per danneggiare il","breadcrumb":{"@id":"https:\/\/www.leeb-balkone.com\/it\/tecnologia\/la-protezione-del-legno-inizia-con-la-costruzione\/#breadcrumb"},"inLanguage":"it-IT","potentialAction":[{"@type":"ReadAction","target":["https:\/\/www.leeb-balkone.com\/it\/tecnologia\/la-protezione-del-legno-inizia-con-la-costruzione\/"]}]},{"@type":"BreadcrumbList","@id":"https:\/\/www.leeb-balkone.com\/it\/tecnologia\/la-protezione-del-legno-inizia-con-la-costruzione\/#breadcrumb","itemListElement":[{"@type":"ListItem","position":1,"name":"Home","item":"https:\/\/www.leeb-balkone.com\/it\/"},{"@type":"ListItem","position":2,"name":"Tecnologia","item":"https:\/\/www.leeb-balkone.com\/it\/tecnologia\/"},{"@type":"ListItem","position":3,"name":"La protezione del legno inizia con la costruzione"}]},{"@type":"WebSite","@id":"https:\/\/www.leeb-balkone.com\/it\/#website","url":"https:\/\/www.leeb-balkone.com\/it\/","name":"BALCONI LEEB","description":"Balkone und Z\u00e4une","publisher":{"@id":"https:\/\/www.leeb-balkone.com\/it\/#organization"},"potentialAction":[{"@type":"SearchAction","target":{"@type":"EntryPoint","urlTemplate":"https:\/\/www.leeb-balkone.com\/it\/?s={search_term_string}"},"query-input":{"@type":"PropertyValueSpecification","valueRequired":true,"valueName":"search_term_string"}}],"inLanguage":"it-IT"},{"@type":"Organization","@id":"https:\/\/www.leeb-balkone.com\/it\/#organization","name":"Leeb Balkone Gmbh","url":"https:\/\/www.leeb-balkone.com\/it\/","logo":{"@type":"ImageObject","inLanguage":"it-IT","@id":"https:\/\/www.leeb-balkone.com\/it\/#\/schema\/logo\/image\/","url":"https:\/\/www.leeb-balkone.com\/app\/uploads\/2020\/11\/leeb-logo.svg","contentUrl":"https:\/\/www.leeb-balkone.com\/app\/uploads\/2020\/11\/leeb-logo.svg","width":741,"height":204,"caption":"Leeb Balkone Gmbh"},"image":{"@id":"https:\/\/www.leeb-balkone.com\/it\/#\/schema\/logo\/image\/"},"sameAs":["https:\/\/www.facebook.com\/balkone\/","https:\/\/www.trustedshops.at\/bewertung\/info_X4587CCF5833E31AFE0B11F47D86999F2.html","https:\/\/www.trustedshops.de\/bewertung\/info_X7BA536A7A0BDC86D36C4718E4DCAEEEF.html","https:\/\/www.google.com\/maps\/place\/?q=place_id:ChIJ5-zH19-IcEcR9HonWRTllHI"]}]}},"_links":{"self":[{"href":"https:\/\/www.leeb-balkone.com\/it\/wp-json\/wp\/v2\/pages\/19461","targetHints":{"allow":["GET"]}}],"collection":[{"href":"https:\/\/www.leeb-balkone.com\/it\/wp-json\/wp\/v2\/pages"}],"about":[{"href":"https:\/\/www.leeb-balkone.com\/it\/wp-json\/wp\/v2\/types\/page"}],"author":[{"embeddable":true,"href":"https:\/\/www.leeb-balkone.com\/it\/wp-json\/wp\/v2\/users\/1"}],"replies":[{"embeddable":true,"href":"https:\/\/www.leeb-balkone.com\/it\/wp-json\/wp\/v2\/comments?post=19461"}],"version-history":[{"count":0,"href":"https:\/\/www.leeb-balkone.com\/it\/wp-json\/wp\/v2\/pages\/19461\/revisions"}],"up":[{"embeddable":true,"href":"https:\/\/www.leeb-balkone.com\/it\/wp-json\/wp\/v2\/pages\/19427"}],"wp:attachment":[{"href":"https:\/\/www.leeb-balkone.com\/it\/wp-json\/wp\/v2\/media?parent=19461"}],"wp:term":[{"taxonomy":"folder","embeddable":true,"href":"https:\/\/www.leeb-balkone.com\/it\/wp-json\/wp\/v2\/folder?post=19461"}],"curies":[{"name":"wp","href":"https:\/\/api.w.org\/{rel}","templated":true}]}}