{"id":19427,"date":"2020-09-04T11:25:31","date_gmt":"2020-09-04T11:25:31","guid":{"rendered":"https:\/\/www.leeb-balkone.com\/de\/technik\/"},"modified":"2026-01-13T13:18:32","modified_gmt":"2026-01-13T13:18:32","slug":"tecnologia","status":"publish","type":"page","link":"https:\/\/www.leeb-balkone.com\/it\/tecnologia\/","title":{"rendered":"Tecnologia"},"content":{"rendered":"<header data-block_5ed673af9a55a class=\"c-fh  l-mh-small c-fh--hero c-grad-l2r c-fh--div none\">\n      <img loading=\"lazy\" decoding=\"async\" width=\"2560\" height=\"1707\" src=\"https:\/\/www.leeb-balkone.com\/app\/uploads\/2020\/08\/alu-protection-system-scaled.jpg\" class=\"no-lazy\" alt=\"alu protection system\" srcset=\"https:\/\/www.leeb-balkone.com\/app\/uploads\/2020\/08\/alu-protection-system-scaled.jpg 2560w, https:\/\/www.leeb-balkone.com\/app\/uploads\/2020\/08\/alu-protection-system-300x200.jpg 300w, https:\/\/www.leeb-balkone.com\/app\/uploads\/2020\/08\/alu-protection-system-1024x683.jpg 1024w, https:\/\/www.leeb-balkone.com\/app\/uploads\/2020\/08\/alu-protection-system-768x512.jpg 768w, https:\/\/www.leeb-balkone.com\/app\/uploads\/2020\/08\/alu-protection-system-1536x1024.jpg 1536w, https:\/\/www.leeb-balkone.com\/app\/uploads\/2020\/08\/alu-protection-system-2048x1366.jpg 2048w\" sizes=\"auto, (min-width: 1536px) 2048px, (min-width: 992px) 1536px, (min-width: 768px) 1024px, (min-width: 576px) 768px, 100vw\" \/>\n\n\n<div class=\"grid-container\">\n  <div class=\"grid-x\">\n    <div class=\"cell small-12 medium-6 medium-offset-1\">\n      <div class=\"c-fh__wrapper\">\n                              <p>Balconi Leeb in legno o in alluminio<\/p>\n                        <\/div>\n    <\/div>\n  <\/div>\n<\/div>\n  \n    \n    <\/header>\n\n\n  \n  <section class=\"wp-block-group alignfull t3-header u-max-wide t3-header-text has-white-background-color has-background has-global-padding is-layout-constrained wp-block-group-is-layout-constrained\">\n    <div class=\"wp-block-group o-grid u-md-1 u-sm-1 is-layout-flow wp-block-group-is-layout-flow\">\n  <div class=\"wp-block-group u-g-10 u-g-s-2\">\n      <div class=\"yoast-breadcrumbs\"><span><span><a href=\"https:\/\/www.leeb-balkone.com\/it\/\">Home<\/a><\/span><\/span><\/div>\n      \n    <h1>Tecnologia<\/h1>\n  <\/div>\n<\/div>\n  <\/section>\n\n\n\n\n\n\n<section class=\"wp-block-cgb-t3-section-block alignfull b-pt-small b-pb-small is-style-bg-white\" style=\"display:inherit;min-height:inherit\">\n<div class=\"wp-block-cgb-t3-container-block none\" style=\"background-color:none\"><div class=\"grid-container\"><div class=\"grid-x\"><div class=\"cell small-12 medium-9 large-0 medium-offset-1 b-has-lsmb\">\n<h2 class=\"wp-block-heading\">La migliore tecnologia e la protezione pi\u00f9 innovativa<\/h2>\n\n\n\n<p><span class=\"teaser\">Tutti i nostri balconi, che siano in legno o in alluminio, sono durevolmente protetti con i nostri metodi brevettati.&nbsp; &nbsp;Ogni innovazione che viene elaborata dai nostri tecnici, contribuisce a prolungare negli anni la bellezza del vostro balcone, e questo con sempre minori oneri di manutenzione. Per i&nbsp;<a href=\"https:\/\/www.leeb-balkone.com\/it\/balconi\/balconi-in-legno\/\">balconi in legno<\/a>&nbsp; LEEB, abbiamo sviluppato una speciale metodologia di impregnazione che noi chiamiamo VACU-PROTECT\u00ae, la quale garantisce un aspetto estetico ed una stabilit\u00e0 molto prolungata nel tempo.&nbsp;&nbsp; Anche la qualit\u00e0 dei legni accuratamente selezionati nei boschi dei nostri dintorni, fanno s\u00ec che i balconi in legno della LEEB siano particolarmente durevoli.&nbsp;&nbsp; Tutte le parti in legno sono protette contro l\u2019attacco di funghi e parassiti, dei raggi UV, e dagli agenti atmosferici.<\/span><\/p>\n\n\n\n<h2 class=\"wp-block-heading\">La tecnologia che facilita la manutenzione<\/h2>\n\n\n\n<p>Abbiamo provvisto anche i nostri&nbsp;<a href=\"https:\/\/www.leeb-balkone.com\/it\/balconi\/balconi-alluminio\/\">balconi in alluminio&nbsp;<\/a>&nbsp;di una tecnologia del trattamento superficiale, che non lascia nessuna chance all\u2019azione degli agenti atmosferici.&nbsp;&nbsp; La verniciatura a polveri da noi brevettata e chiamata ALU COMFORT\u00ae, fa si che l\u2019acqua piovana formi delle goccioline a forma di perla sulla superficie del balcone.&nbsp; Come succede nelle foglie di loto, poi, le goccioline scendono portandosi dietro anche le particelle di sporco depositate sulla superficie, e quindi diminuiscono sensibilmente gli oneri di pulizia.<\/p>\n<\/div><\/div><\/div><\/div>\n\n\n\n<div class=\"wp-block-cgb-t3-container-block none\" style=\"background-color:none\"><div class=\"grid-container\"><div class=\"grid-x\"><div class=\"cell small-12 medium-0 large-0 b-has-pt\"><div data-block_5ed91f228fa9d class=\"wp-block-group is-style-transparent-cards u-grid-temp has-2-cols u-md-2 u-sm-1 cards alignwide offset \" style=\"margin-bottom:var(--wp--preset--spacing--xl)\">\n\n\n            <div class=\"wp-block-group m-card is-layout-flow wp-block-group-is-layout-flow\">\n      <figure data-imgid=\"15530\" class=\"wp-block-image size-large\">\n      <a href=\"https:\/\/www.leeb-balkone.com\/it\/tecnologia\/alu-comfort-plus\/\"  class=\"no-default-link\">\n        <img decoding=\"async\" width=\"1024\" height=\"665\" src=\"https:\/\/www.leeb-balkone.com\/app\/uploads\/2020\/08\/alu-comfort-plus-1024x665.jpg\" class=\"attachment-large size-large\" alt=\"alu comfort plus\" title=\"\" loading=\"lazy\" srcset=\"https:\/\/www.leeb-balkone.com\/app\/uploads\/2020\/08\/alu-comfort-plus-1024x665.jpg 1024w, https:\/\/www.leeb-balkone.com\/app\/uploads\/2020\/08\/alu-comfort-plus-300x195.jpg 300w, https:\/\/www.leeb-balkone.com\/app\/uploads\/2020\/08\/alu-comfort-plus-768x499.jpg 768w, https:\/\/www.leeb-balkone.com\/app\/uploads\/2020\/08\/alu-comfort-plus-1536x997.jpg 1536w, https:\/\/www.leeb-balkone.com\/app\/uploads\/2020\/08\/alu-comfort-plus-2048x1330.jpg 2048w\" sizes=\"auto, (min-width: 1200px) 1024px, (min-width: 1024px) 768px, (min-width: 640px) 768px, 768px\" \/>      <\/a>\n    <\/figure>\n  \n  <div class=\"wp-block-group m-card-content is-vertical is-layout-flex wp-block-group-is-layout-flex\">\n            <h3 class=\"wp-block-heading\">\n          <a href=\"https:\/\/www.leeb-balkone.com\/it\/tecnologia\/alu-comfort-plus\/\" class=\"no-default-link\" >ALU Comfort Plus<\/a>\n        <\/h3>\n        <p>La straordinaria superficie ALU COMFORT PLUS\u00ae con effetto \u201clotus\u201d \u00e8 il risultato di uno sviluppo costante. Grazie al modernissimo impianto per la verniciatura a polveri, ai continui controlli di qualit\u00e0 e agli alti livelli di competenza garantiamo prodotti di prima qualit\u00e0 in tutta Europa.<\/p>\n          <a href=\"https:\/\/www.leeb-balkone.com\/it\/tecnologia\/alu-comfort-plus\/\" class=\"more\">per saperne di pi\u00f9<\/a>\n      <\/div>\n<\/div>\n\n\n          <div class=\"wp-block-group m-card is-layout-flow wp-block-group-is-layout-flow\">\n      <figure data-imgid=\"15730\" class=\"wp-block-image size-large\">\n      <a href=\"https:\/\/www.leeb-balkone.com\/it\/tecnologia\/vacu-protect\/\"  class=\"no-default-link\">\n        <img decoding=\"async\" width=\"700\" height=\"500\" src=\"https:\/\/www.leeb-balkone.com\/app\/uploads\/2020\/04\/slider_vacuprotectnaked_700x500-1.png\" class=\"attachment-large size-large\" alt=\"slider_vacuprotectnaked_700x500 1\" title=\"\" loading=\"lazy\" srcset=\"https:\/\/www.leeb-balkone.com\/app\/uploads\/2020\/04\/slider_vacuprotectnaked_700x500-1.png 700w, https:\/\/www.leeb-balkone.com\/app\/uploads\/2020\/04\/slider_vacuprotectnaked_700x500-1-300x214.png 300w\" sizes=\"auto, (min-width: 1200px) 1024px, (min-width: 1024px) 768px, (min-width: 640px) 768px, 768px\" \/>      <\/a>\n    <\/figure>\n  \n  <div class=\"wp-block-group m-card-content is-vertical is-layout-flex wp-block-group-is-layout-flex\">\n            <h3 class=\"wp-block-heading\">\n          <a href=\"https:\/\/www.leeb-balkone.com\/it\/tecnologia\/vacu-protect\/\" class=\"no-default-link\" >Vacu Protect<\/a>\n        <\/h3>\n        <p>Per poter aumentare la durata ottimale del vostro balcone, utilizziamo il processo di impregnatura VACU-PROTECT\u00ae. Tutti gli elementi vengono sottoposti ad impregnatura profonda e in questo modo conferiscono al vostro balcone in legno una protezione perfetta del legno e un magnifico aspetto estetico per lunghissimo tempo.<\/p>\n          <a href=\"https:\/\/www.leeb-balkone.com\/it\/tecnologia\/vacu-protect\/\" class=\"more\">per saperne di pi\u00f9<\/a>\n      <\/div>\n<\/div>\n\n\n          <div class=\"wp-block-group m-card is-layout-flow wp-block-group-is-layout-flow\">\n      <figure data-imgid=\"15532\" class=\"wp-block-image size-large\">\n      <a href=\"https:\/\/www.leeb-balkone.com\/it\/tecnologia\/il-materiale-alluminio\/\"  class=\"no-default-link\">\n        <img decoding=\"async\" width=\"1024\" height=\"683\" src=\"https:\/\/www.leeb-balkone.com\/app\/uploads\/2020\/08\/alu-protection-system-1024x683.jpg\" class=\"attachment-large size-large\" alt=\"alu protection system\" title=\"\" loading=\"lazy\" srcset=\"https:\/\/www.leeb-balkone.com\/app\/uploads\/2020\/08\/alu-protection-system-1024x683.jpg 1024w, https:\/\/www.leeb-balkone.com\/app\/uploads\/2020\/08\/alu-protection-system-300x200.jpg 300w, https:\/\/www.leeb-balkone.com\/app\/uploads\/2020\/08\/alu-protection-system-768x512.jpg 768w, https:\/\/www.leeb-balkone.com\/app\/uploads\/2020\/08\/alu-protection-system-1536x1024.jpg 1536w, https:\/\/www.leeb-balkone.com\/app\/uploads\/2020\/08\/alu-protection-system-2048x1366.jpg 2048w\" sizes=\"auto, (min-width: 1200px) 1024px, (min-width: 1024px) 768px, (min-width: 640px) 768px, 768px\" \/>      <\/a>\n    <\/figure>\n  \n  <div class=\"wp-block-group m-card-content is-vertical is-layout-flex wp-block-group-is-layout-flex\">\n            <h3 class=\"wp-block-heading\">\n          <a href=\"https:\/\/www.leeb-balkone.com\/it\/tecnologia\/il-materiale-alluminio\/\" class=\"no-default-link\" >Alluminio<\/a>\n        <\/h3>\n        <p>Un chiaro allineamento, una robusta struttura di telai ad angolo, spigoli sottili e l\u2019innovativa verniciatura a polveri ALU COMFORT\u00ae, rendono tutti i prodotti in alluminio di LEEB pressoch\u00e9 privi di esigenze relativamente alla cura e alla manutenzione. Le diverse opzioni di design in alluminio soddisfano ogni desiderio individuale.<\/p>\n          <a href=\"https:\/\/www.leeb-balkone.com\/it\/tecnologia\/il-materiale-alluminio\/\" class=\"more\">per saperne di pi\u00f9<\/a>\n      <\/div>\n<\/div>\n\n\n          <div class=\"wp-block-group m-card is-layout-flow wp-block-group-is-layout-flow\">\n      <figure data-imgid=\"15542\" class=\"wp-block-image size-large\">\n      <a href=\"https:\/\/www.leeb-balkone.com\/it\/tecnologia\/la-protezione-del-legno-inizia-con-la-costruzione\/\"  class=\"no-default-link\">\n        <img decoding=\"async\" width=\"750\" height=\"500\" src=\"https:\/\/www.leeb-balkone.com\/app\/uploads\/2020\/08\/nockholz-beitragsbild.jpg\" class=\"attachment-large size-large\" alt=\"nockholz beitragsbild\" title=\"\" loading=\"lazy\" srcset=\"https:\/\/www.leeb-balkone.com\/app\/uploads\/2020\/08\/nockholz-beitragsbild.jpg 750w, https:\/\/www.leeb-balkone.com\/app\/uploads\/2020\/08\/nockholz-beitragsbild-300x200.jpg 300w\" sizes=\"auto, (min-width: 1200px) 1024px, (min-width: 1024px) 768px, (min-width: 640px) 768px, 768px\" \/>      <\/a>\n    <\/figure>\n  \n  <div class=\"wp-block-group m-card-content is-vertical is-layout-flex wp-block-group-is-layout-flex\">\n            <h3 class=\"wp-block-heading\">\n          <a href=\"https:\/\/www.leeb-balkone.com\/it\/tecnologia\/la-protezione-del-legno-inizia-con-la-costruzione\/\" class=\"no-default-link\" >Protezione per il legno<\/a>\n        <\/h3>\n        <p>La lunga durata dei balconi in legno LEEB \u00e8 garantita attraverso uno speciale metodo di costruzione. La struttura impedisce l\u2019infiltrazione della pioggia nel legno e fa s\u00ec che l\u2019acqua possa defluire costantemente. In questo modo \u00e8 garantita la lunga durata del vostro balcone.<\/p>\n          <a href=\"https:\/\/www.leeb-balkone.com\/it\/tecnologia\/la-protezione-del-legno-inizia-con-la-costruzione\/\" class=\"more\">per saperne di pi\u00f9<\/a>\n      <\/div>\n<\/div>\n\n\n      <\/div>\n\n\n<\/div><\/div><\/div><\/div>\n<\/section>\n\n\n\n<section class=\"wp-block-cgb-t3-section-block alignfull b-pt-none\" style=\"display:inherit;background-color:#F5F5F5;min-height:inherit\">\n<div class=\"wp-block-cgb-t3-container-block b-has-offset-h\" style=\"background-color:none\"><div class=\"grid-container\"><div class=\"grid-x\"><div class=\"cell small-12 medium-6 large-0 medium-offset-1\">\n<h2 class=\"wp-block-heading\">Godersi la bellezza per sempre<\/h2>\n<\/div><\/div><\/div><\/div>\n\n\n\n<div class=\"wp-block-cgb-t3-container-block none\" style=\"background-color:none\"><div class=\"grid-container\"><div class=\"grid-x\"><div class=\"cell small-12 medium-9 large-0 medium-offset-1 b-has-pt\">\n<p><span class=\"teaser\">Ogni innovazione contribuisce a far s\u00ec che la bellezza del vostro balcone rimanga invariata a lungo, con una minima manutenzione. Per i balconi in legno, tramite VACU-PROTECT\u00ae abbiamo sviluppato un processo di impregnatura speciale. Sono garantiti per lungo tempo un bell\u2019aspetto esteriore e la stabilit\u00e0. Grazie alla verniciatura a polveri ALU COMFORT\u00ae, i nostri balconi in alluminio sono resistenti agli agenti atmosferici e di facile manutenzione. Non importa che cosa scegliete \u2013 i balconi LEEB rimangono belli a lungo.<\/span><\/p>\n<\/div><\/div><\/div><\/div>\n\n\n\n<div class=\"wp-block-cgb-t3-container-block none\" style=\"background-color:none\"><div class=\"grid-container\"><div class=\"grid-x\"><div class=\"cell small-12 medium-8 large-0 medium-offset-2\"><div class=\"l-wrapper\">\n  <ul data-block_5f4e637ec1ed5 class=\"c-list b-iconlist grid-x align-justify iconlist alignwide\">\n                      <li class=\"b-iconlist__item  small-6 medium-4 large-4\">\n          <div class=\"b-iconlist__icon img\">\n      <img loading=\"lazy\" decoding=\"async\" width=\"626\" height=\"628\" src=\"https:\/\/www.leeb-balkone.com\/app\/uploads\/2020\/09\/logo_tuev-01.png\" class=\"b-iconlist__img\" alt=\"logo_tuev 01\" srcset=\"https:\/\/www.leeb-balkone.com\/app\/uploads\/2020\/09\/logo_tuev-01.png 626w, https:\/\/www.leeb-balkone.com\/app\/uploads\/2020\/09\/logo_tuev-01-300x300.png 300w, https:\/\/www.leeb-balkone.com\/app\/uploads\/2020\/09\/logo_tuev-01-150x150.png 150w, https:\/\/www.leeb-balkone.com\/app\/uploads\/2020\/09\/logo_tuev-01-240x240.png 240w\" sizes=\"auto, (min-width: 1200px) 260px, (min-width: 1024px) 220px, (min-width: 640px) 465px, 768px\" \/>      \n    <\/div>\n      <div class=\"b-iconlist__body\">\n              <p>Certificazione T\u00dcV<\/p>\n      <\/div>\n  \n        <\/li>\n              <li class=\"b-iconlist__item  small-6 medium-4 large-4\">\n          <div class=\"b-iconlist__icon img\">\n      <img loading=\"lazy\" decoding=\"async\" width=\"626\" height=\"628\" src=\"https:\/\/www.leeb-balkone.com\/app\/uploads\/2020\/09\/Austria-Guetezeichen-2024.jpg\" class=\"b-iconlist__img\" alt=\"Austria Guetezeichen 2024\" sizes=\"auto, (min-width: 1200px) 260px, (min-width: 1024px) 220px, (min-width: 640px) 465px, 768px\" \/>      \n    <\/div>\n      <div class=\"b-iconlist__body\">\n              <p>Qualit\u00e0 testata<\/p>\n      <\/div>\n  \n        <\/li>\n              <li class=\"b-iconlist__item  small-6 medium-4 large-4\">\n          <div class=\"b-iconlist__icon img\">\n      <img loading=\"lazy\" decoding=\"async\" width=\"626\" height=\"628\" src=\"https:\/\/www.leeb-balkone.com\/app\/uploads\/2020\/09\/logo_staatlich-01.png\" class=\"b-iconlist__img\" alt=\"logo_staatlich 01\" srcset=\"https:\/\/www.leeb-balkone.com\/app\/uploads\/2020\/09\/logo_staatlich-01.png 626w, https:\/\/www.leeb-balkone.com\/app\/uploads\/2020\/09\/logo_staatlich-01-300x300.png 300w, https:\/\/www.leeb-balkone.com\/app\/uploads\/2020\/09\/logo_staatlich-01-150x150.png 150w, https:\/\/www.leeb-balkone.com\/app\/uploads\/2020\/09\/logo_staatlich-01-240x240.png 240w\" sizes=\"auto, (min-width: 1200px) 260px, (min-width: 1024px) 220px, (min-width: 640px) 465px, 768px\" \/>      \n    <\/div>\n      <div class=\"b-iconlist__body\">\n              <p>Premio statale austriaco<\/p>\n      <\/div>\n  \n        <\/li>\n            <\/ul>\n<\/div>\n<\/div><\/div><\/div><\/div>\n<\/section>\n\n\n\n<section class=\"wp-block-cgb-t3-section-block alignfull b-pt-none  is-style-bg-transparent\" style=\"display:inherit;min-height:inherit\">\n<div class=\"wp-block-cgb-t3-container-block b-has-offset-b\" style=\"background-color:#EE7203\"><div class=\"has-padding none grid-container-wrapper\"><div class=\"grid-container\"><div class=\"grid-x\"><div class=\"cell small-12 medium-10 large-0 medium-offset-1 b-has-lsmb\">\n<h2 class=\"has-white-color has-text-color wp-block-heading\"><span class=\"h2ash1\"><strong>BALCONI LEEB \u2013 QUALIT\u00c0 SENZA COMPROMESSI<\/strong><\/span><\/h2>\n\n\n\n<p class=\"has-white-color has-text-color\"><span class=\"teaser\">Quale azienda leader nella costruzione di balconi, con oltre 100.000 clienti soddisfatti in tutta Europa, potete ritenere di essere in buone mani rivolgendovi ai nostri consulenti.<\/span><\/p>\n<\/div><\/div><\/div><\/div><\/div>\n\n\n\n<div class=\"wp-block-cgb-t3-container-block none\" style=\"background-color:none\"><div class=\"grid-container\"><div class=\"grid-x\"><div class=\"cell small-12 medium-12 large-0\"><div class=\"u-grid-temp has-2-cols u-md-2 u-sm-1 is-style-transparent-cards offset wp-block-group is-layout-grid wp-block-group-is-layout-grid\">\n\n\n  \n\n            <div class=\"wp-block-group m-card is-layout-flow wp-block-group-is-layout-flow\">\n      <figure data-imgid=\"13212\" class=\"wp-block-image size-large\">\n      <a href=\"https:\/\/www.leeb-balkone.com\/it\/tecnologia\/alu-comfort-plus\/\" class=\"no-default-link\">\n        <img decoding=\"async\" width=\"768\" height=\"499\" src=\"https:\/\/www.leeb-balkone.com\/app\/uploads\/2020\/04\/shutterstock_4878571_red-768x499.jpg\" class=\"attachment-medium_large size-medium_large\" alt=\"Alu Comfort Plus - Rivestimento a polvere brevettato con effetto loto di Leeb Balconies\" title=\"Alu Comfort Plus\" loading=\"lazy\" srcset=\"https:\/\/www.leeb-balkone.com\/app\/uploads\/2020\/04\/shutterstock_4878571_red-768x499.jpg 768w, https:\/\/www.leeb-balkone.com\/app\/uploads\/2020\/04\/shutterstock_4878571_red-1024x665.jpg 1024w, https:\/\/www.leeb-balkone.com\/app\/uploads\/2020\/04\/shutterstock_4878571_red-300x195.jpg 300w, https:\/\/www.leeb-balkone.com\/app\/uploads\/2020\/04\/shutterstock_4878571_red-1536x997.jpg 1536w, https:\/\/www.leeb-balkone.com\/app\/uploads\/2020\/04\/shutterstock_4878571_red-2048x1330.jpg 2048w\" sizes=\"auto, (min-width: 1200px) 360px, (min-width: 1024px) 300px, (min-width: 640px) 768px, 768px\" \/>      <\/a>\n    <\/figure>\n  \n  <div class=\"wp-block-group m-card-content is-vertical is-layout-flex wp-block-group-is-layout-flex\">\n            <h3 class=\"wp-block-heading\">\n          <a href=\"https:\/\/www.leeb-balkone.com\/it\/tecnologia\/alu-comfort-plus\/\" class=\"no-default-link\">Alu Comfort Plus<\/a>\n        <\/h3>\n        <p>L&#8217;esclusiva e brevettata superficie ALU COMFORT PLUS\u00ae con effetto loto altamente efficace \u00e8 l&#8217;essenza di un&#8217;innovazione costante.<\/p>\n          <a href=\"https:\/\/www.leeb-balkone.com\/it\/tecnologia\/alu-comfort-plus\/\" class=\"more\">Per saperne di pi\u00f9<\/a>\n      <\/div>\n<\/div>\n\n          <div class=\"wp-block-group m-card is-layout-flow wp-block-group-is-layout-flow\">\n      <figure data-imgid=\"44736\" class=\"wp-block-image size-large\">\n      <a href=\"https:\/\/www.leeb-balkone.com\/it\/partner-commerciali\/\" class=\"no-default-link\">\n        <img decoding=\"async\" width=\"768\" height=\"453\" src=\"https:\/\/www.leeb-balkone.com\/app\/uploads\/2020\/12\/firma-leeb-balkone-zentrale-gnesau-scaled-e1624345570124-768x453.jpg\" class=\"attachment-medium_large size-medium_large\" alt=\"Sede dell&#039;azienda Leeb Balkone GmbH a Gnesau\" title=\"Localit\u00e0 Leeb\" loading=\"lazy\" srcset=\"https:\/\/www.leeb-balkone.com\/app\/uploads\/2020\/12\/firma-leeb-balkone-zentrale-gnesau-scaled-e1624345570124-768x453.jpg 768w, https:\/\/www.leeb-balkone.com\/app\/uploads\/2020\/12\/firma-leeb-balkone-zentrale-gnesau-scaled-e1624345570124-300x177.jpg 300w, https:\/\/www.leeb-balkone.com\/app\/uploads\/2020\/12\/firma-leeb-balkone-zentrale-gnesau-scaled-e1624345570124-1024x604.jpg 1024w, https:\/\/www.leeb-balkone.com\/app\/uploads\/2020\/12\/firma-leeb-balkone-zentrale-gnesau-scaled-e1624345570124-1536x906.jpg 1536w, https:\/\/www.leeb-balkone.com\/app\/uploads\/2020\/12\/firma-leeb-balkone-zentrale-gnesau-scaled-e1624345570124-2048x1208.jpg 2048w\" sizes=\"auto, (min-width: 1200px) 360px, (min-width: 1024px) 300px, (min-width: 640px) 768px, 768px\" \/>      <\/a>\n    <\/figure>\n  \n  <div class=\"wp-block-group m-card-content is-vertical is-layout-flex wp-block-group-is-layout-flex\">\n            <h3 class=\"wp-block-heading\">\n          <a href=\"https:\/\/www.leeb-balkone.com\/it\/partner-commerciali\/\" class=\"no-default-link\">Localit\u00e0 Leeb<\/a>\n        <\/h3>\n        <p>La nostra rete di vendita comprende circa 100 partner Leeb in Austria, Germania, Italia, Svizzera, Slovacchia e Slovenia. C&#8217;\u00e8 sempre un partner Leeb vicino a te! <\/p>\n          <a href=\"https:\/\/www.leeb-balkone.com\/it\/partner-commerciali\/\" class=\"more\">Trova un partner di vendita<\/a>\n      <\/div>\n<\/div>\n\n          <div class=\"wp-block-group m-card is-layout-flow wp-block-group-is-layout-flow\">\n      <figure data-imgid=\"15906\" class=\"wp-block-image size-large\">\n      <a href=\"https:\/\/www.leeb-balkone.com\/it\/azienda\/\" class=\"no-default-link\">\n        <img decoding=\"async\" width=\"768\" height=\"512\" src=\"https:\/\/www.leeb-balkone.com\/app\/uploads\/2020\/08\/alu-balkongelaender-slider-15-768x512.jpg\" class=\"attachment-medium_large size-medium_large\" alt=\"alu balkongelaender slider 15\" title=\"Informazioni su Leeb\" loading=\"lazy\" srcset=\"https:\/\/www.leeb-balkone.com\/app\/uploads\/2020\/08\/alu-balkongelaender-slider-15-768x512.jpg 768w, https:\/\/www.leeb-balkone.com\/app\/uploads\/2020\/08\/alu-balkongelaender-slider-15-300x200.jpg 300w, https:\/\/www.leeb-balkone.com\/app\/uploads\/2020\/08\/alu-balkongelaender-slider-15-1024x683.jpg 1024w, https:\/\/www.leeb-balkone.com\/app\/uploads\/2020\/08\/alu-balkongelaender-slider-15-1536x1024.jpg 1536w, https:\/\/www.leeb-balkone.com\/app\/uploads\/2020\/08\/alu-balkongelaender-slider-15-2048x1366.jpg 2048w\" sizes=\"auto, (min-width: 1200px) 360px, (min-width: 1024px) 300px, (min-width: 640px) 768px, 768px\" \/>      <\/a>\n    <\/figure>\n  \n  <div class=\"wp-block-group m-card-content is-vertical is-layout-flex wp-block-group-is-layout-flex\">\n            <h3 class=\"wp-block-heading\">\n          <a href=\"https:\/\/www.leeb-balkone.com\/it\/azienda\/\" class=\"no-default-link\">Informazioni su Leeb<\/a>\n        <\/h3>\n        <p>Con oltre 40 anni di esperienza nel settore e pi\u00f9 di 100.000 clienti soddisfatti, Leeb Balconies \u00e8 uno dei principali produttori europei di balconi e recinzioni in alluminio.<\/p>\n          <a href=\"https:\/\/www.leeb-balkone.com\/it\/azienda\/\" class=\"more\">Per saperne di pi\u00f9<\/a>\n      <\/div>\n<\/div>\n\n          <div class=\"wp-block-group m-card is-layout-flow wp-block-group-is-layout-flow\">\n      <figure data-imgid=\"134741\" class=\"wp-block-image size-large\">\n      <a href=\"https:\/\/www.leeb-balkone.com\/it\/azienda\/qualita-certificata\/\" class=\"no-default-link\">\n        <img decoding=\"async\" width=\"768\" height=\"576\" src=\"https:\/\/www.leeb-balkone.com\/app\/uploads\/2024\/01\/Austria-Guetezeichen-768x576.jpg\" class=\"attachment-medium_large size-medium_large\" alt=\"Austria Guetezeichen\" title=\"Qualit\u00e0 certificata\" loading=\"lazy\" srcset=\"https:\/\/www.leeb-balkone.com\/app\/uploads\/2024\/01\/Austria-Guetezeichen-768x576.jpg 768w, https:\/\/www.leeb-balkone.com\/app\/uploads\/2024\/01\/Austria-Guetezeichen-300x225.jpg 300w, https:\/\/www.leeb-balkone.com\/app\/uploads\/2024\/01\/Austria-Guetezeichen-1024x767.jpg 1024w, https:\/\/www.leeb-balkone.com\/app\/uploads\/2024\/01\/Austria-Guetezeichen-1536x1151.jpg 1536w, https:\/\/www.leeb-balkone.com\/app\/uploads\/2024\/01\/Austria-Guetezeichen.jpg 2000w\" sizes=\"auto, (min-width: 1200px) 360px, (min-width: 1024px) 300px, (min-width: 640px) 768px, 768px\" \/>      <\/a>\n    <\/figure>\n  \n  <div class=\"wp-block-group m-card-content is-vertical is-layout-flex wp-block-group-is-layout-flex\">\n            <h3 class=\"wp-block-heading\">\n          <a href=\"https:\/\/www.leeb-balkone.com\/it\/azienda\/qualita-certificata\/\" class=\"no-default-link\">Qualit\u00e0 certificata<\/a>\n        <\/h3>\n        <p>Il continuo sviluppo dei nostri processi lavorativi e dei nostri prodotti caratterizza la qualit\u00e0 di Leeb. Guarda tu stesso: con noi investi in un futuro sicuro! <\/p>\n          <a href=\"https:\/\/www.leeb-balkone.com\/it\/azienda\/qualita-certificata\/\" class=\"more\">Per saperne di pi\u00f9<\/a>\n      <\/div>\n<\/div>\n\n      \n<\/div>\n\n\n\n<p><\/p>\n<\/div><\/div><\/div><\/div>\n<\/section>\n\n\n","protected":false},"excerpt":{"rendered":"","protected":false},"author":1,"featured_media":0,"parent":0,"menu_order":133,"comment_status":"closed","ping_status":"closed","template":"template-onepager.blade.php","meta":{"_acf_changed":false,"footnotes":"","_sage_theme_css":true,"_wp_block_core_css":false},"folder":[],"class_list":["post-19427","page","type-page","status-publish","hentry"],"acf":[],"yoast_head":"<!-- This site is optimized with the Yoast SEO plugin v27.2 - https:\/\/yoast.com\/product\/yoast-seo-wordpress\/ -->\n<title>Tecnologia - BALCONI LEEB Italia<\/title>\n<meta name=\"description\" content=\"La migliore tecnologia e la protezione pi\u00f9 innovativa Tutti i nostri balconi, che siano in legno o in alluminio, sono durevolmente protetti con i nostri\" \/>\n<meta name=\"robots\" content=\"index, follow, max-snippet:-1, max-image-preview:large, max-video-preview:-1\" \/>\n<meta property=\"og:locale\" content=\"it_IT\" \/>\n<meta property=\"og:type\" content=\"article\" \/>\n<meta property=\"og:title\" content=\"Tecnologia - BALCONI LEEB\" \/>\n<meta property=\"og:description\" content=\"La migliore tecnologia e la protezione pi\u00f9 innovativa Tutti i nostri balconi, che siano in legno o in alluminio, sono durevolmente protetti con i nostri\" \/>\n<meta property=\"og:url\" content=\"https:\/\/www.leeb-balkone.com\/it\/tecnologia\/\" \/>\n<meta property=\"og:site_name\" content=\"BALCONI LEEB\" \/>\n<meta property=\"article:publisher\" content=\"https:\/\/www.facebook.com\/balkone\/\" \/>\n<meta property=\"article:modified_time\" content=\"2026-01-13T13:18:32+00:00\" \/>\n<meta property=\"og:image\" content=\"https:\/\/www.leeb-balkone.com\/app\/uploads\/2020\/09\/alu-balkongelaender-zufriedene-kunden-1.jpg\" \/>\n\t<meta property=\"og:image:width\" content=\"2560\" \/>\n\t<meta property=\"og:image:height\" content=\"1762\" \/>\n\t<meta property=\"og:image:type\" content=\"image\/jpeg\" \/>\n<meta name=\"twitter:card\" content=\"summary_large_image\" \/>\n<script type=\"application\/ld+json\" class=\"yoast-schema-graph\">{\"@context\":\"https:\/\/schema.org\",\"@graph\":[{\"@type\":\"WebPage\",\"@id\":\"https:\/\/www.leeb-balkone.com\/it\/tecnologia\/\",\"url\":\"https:\/\/www.leeb-balkone.com\/it\/tecnologia\/\",\"name\":\"Tecnologia - BALCONI LEEB\",\"isPartOf\":{\"@id\":\"https:\/\/www.leeb-balkone.com\/it\/#website\"},\"datePublished\":\"2020-09-04T11:25:31+00:00\",\"dateModified\":\"2026-01-13T13:18:32+00:00\",\"description\":\"La migliore tecnologia e la protezione pi\u00f9 innovativa Tutti i nostri balconi, che siano in legno o in alluminio, sono durevolmente protetti con i nostri\",\"breadcrumb\":{\"@id\":\"https:\/\/www.leeb-balkone.com\/it\/tecnologia\/#breadcrumb\"},\"inLanguage\":\"it-IT\",\"potentialAction\":[{\"@type\":\"ReadAction\",\"target\":[\"https:\/\/www.leeb-balkone.com\/it\/tecnologia\/\"]}]},{\"@type\":\"BreadcrumbList\",\"@id\":\"https:\/\/www.leeb-balkone.com\/it\/tecnologia\/#breadcrumb\",\"itemListElement\":[{\"@type\":\"ListItem\",\"position\":1,\"name\":\"Home\",\"item\":\"https:\/\/www.leeb-balkone.com\/it\/\"},{\"@type\":\"ListItem\",\"position\":2,\"name\":\"Tecnologia\"}]},{\"@type\":\"WebSite\",\"@id\":\"https:\/\/www.leeb-balkone.com\/it\/#website\",\"url\":\"https:\/\/www.leeb-balkone.com\/it\/\",\"name\":\"BALCONI LEEB\",\"description\":\"Balkone und Z\u00e4une\",\"publisher\":{\"@id\":\"https:\/\/www.leeb-balkone.com\/it\/#organization\"},\"potentialAction\":[{\"@type\":\"SearchAction\",\"target\":{\"@type\":\"EntryPoint\",\"urlTemplate\":\"https:\/\/www.leeb-balkone.com\/it\/?s={search_term_string}\"},\"query-input\":{\"@type\":\"PropertyValueSpecification\",\"valueRequired\":true,\"valueName\":\"search_term_string\"}}],\"inLanguage\":\"it-IT\"},{\"@type\":\"Organization\",\"@id\":\"https:\/\/www.leeb-balkone.com\/it\/#organization\",\"name\":\"Leeb Balkone Gmbh\",\"url\":\"https:\/\/www.leeb-balkone.com\/it\/\",\"logo\":{\"@type\":\"ImageObject\",\"inLanguage\":\"it-IT\",\"@id\":\"https:\/\/www.leeb-balkone.com\/it\/#\/schema\/logo\/image\/\",\"url\":\"https:\/\/www.leeb-balkone.com\/app\/uploads\/2020\/11\/leeb-logo.svg\",\"contentUrl\":\"https:\/\/www.leeb-balkone.com\/app\/uploads\/2020\/11\/leeb-logo.svg\",\"width\":741,\"height\":204,\"caption\":\"Leeb Balkone Gmbh\"},\"image\":{\"@id\":\"https:\/\/www.leeb-balkone.com\/it\/#\/schema\/logo\/image\/\"},\"sameAs\":[\"https:\/\/www.facebook.com\/balkone\/\",\"https:\/\/www.trustedshops.at\/bewertung\/info_X4587CCF5833E31AFE0B11F47D86999F2.html\",\"https:\/\/www.trustedshops.de\/bewertung\/info_X7BA536A7A0BDC86D36C4718E4DCAEEEF.html\",\"https:\/\/www.google.com\/maps\/place\/?q=place_id:ChIJ5-zH19-IcEcR9HonWRTllHI\"]}]}<\/script>\n<!-- \/ Yoast SEO plugin. -->","yoast_head_json":{"title":"Tecnologia - BALCONI LEEB Italia","description":"La migliore tecnologia e la protezione pi\u00f9 innovativa Tutti i nostri balconi, che siano in legno o in alluminio, sono durevolmente protetti con i nostri","robots":{"index":"index","follow":"follow","max-snippet":"max-snippet:-1","max-image-preview":"max-image-preview:large","max-video-preview":"max-video-preview:-1"},"og_locale":"it_IT","og_type":"article","og_title":"Tecnologia - BALCONI LEEB","og_description":"La migliore tecnologia e la protezione pi\u00f9 innovativa Tutti i nostri balconi, che siano in legno o in alluminio, sono durevolmente protetti con i nostri","og_url":"https:\/\/www.leeb-balkone.com\/it\/tecnologia\/","og_site_name":"BALCONI LEEB","article_publisher":"https:\/\/www.facebook.com\/balkone\/","article_modified_time":"2026-01-13T13:18:32+00:00","og_image":[{"width":2560,"height":1762,"url":"https:\/\/www.leeb-balkone.com\/app\/uploads\/2020\/09\/alu-balkongelaender-zufriedene-kunden-1.jpg","type":"image\/jpeg"}],"twitter_card":"summary_large_image","schema":{"@context":"https:\/\/schema.org","@graph":[{"@type":"WebPage","@id":"https:\/\/www.leeb-balkone.com\/it\/tecnologia\/","url":"https:\/\/www.leeb-balkone.com\/it\/tecnologia\/","name":"Tecnologia - BALCONI LEEB","isPartOf":{"@id":"https:\/\/www.leeb-balkone.com\/it\/#website"},"datePublished":"2020-09-04T11:25:31+00:00","dateModified":"2026-01-13T13:18:32+00:00","description":"La migliore tecnologia e la protezione pi\u00f9 innovativa Tutti i nostri balconi, che siano in legno o in alluminio, sono durevolmente protetti con i nostri","breadcrumb":{"@id":"https:\/\/www.leeb-balkone.com\/it\/tecnologia\/#breadcrumb"},"inLanguage":"it-IT","potentialAction":[{"@type":"ReadAction","target":["https:\/\/www.leeb-balkone.com\/it\/tecnologia\/"]}]},{"@type":"BreadcrumbList","@id":"https:\/\/www.leeb-balkone.com\/it\/tecnologia\/#breadcrumb","itemListElement":[{"@type":"ListItem","position":1,"name":"Home","item":"https:\/\/www.leeb-balkone.com\/it\/"},{"@type":"ListItem","position":2,"name":"Tecnologia"}]},{"@type":"WebSite","@id":"https:\/\/www.leeb-balkone.com\/it\/#website","url":"https:\/\/www.leeb-balkone.com\/it\/","name":"BALCONI LEEB","description":"Balkone und Z\u00e4une","publisher":{"@id":"https:\/\/www.leeb-balkone.com\/it\/#organization"},"potentialAction":[{"@type":"SearchAction","target":{"@type":"EntryPoint","urlTemplate":"https:\/\/www.leeb-balkone.com\/it\/?s={search_term_string}"},"query-input":{"@type":"PropertyValueSpecification","valueRequired":true,"valueName":"search_term_string"}}],"inLanguage":"it-IT"},{"@type":"Organization","@id":"https:\/\/www.leeb-balkone.com\/it\/#organization","name":"Leeb Balkone Gmbh","url":"https:\/\/www.leeb-balkone.com\/it\/","logo":{"@type":"ImageObject","inLanguage":"it-IT","@id":"https:\/\/www.leeb-balkone.com\/it\/#\/schema\/logo\/image\/","url":"https:\/\/www.leeb-balkone.com\/app\/uploads\/2020\/11\/leeb-logo.svg","contentUrl":"https:\/\/www.leeb-balkone.com\/app\/uploads\/2020\/11\/leeb-logo.svg","width":741,"height":204,"caption":"Leeb Balkone Gmbh"},"image":{"@id":"https:\/\/www.leeb-balkone.com\/it\/#\/schema\/logo\/image\/"},"sameAs":["https:\/\/www.facebook.com\/balkone\/","https:\/\/www.trustedshops.at\/bewertung\/info_X4587CCF5833E31AFE0B11F47D86999F2.html","https:\/\/www.trustedshops.de\/bewertung\/info_X7BA536A7A0BDC86D36C4718E4DCAEEEF.html","https:\/\/www.google.com\/maps\/place\/?q=place_id:ChIJ5-zH19-IcEcR9HonWRTllHI"]}]}},"_links":{"self":[{"href":"https:\/\/www.leeb-balkone.com\/it\/wp-json\/wp\/v2\/pages\/19427","targetHints":{"allow":["GET"]}}],"collection":[{"href":"https:\/\/www.leeb-balkone.com\/it\/wp-json\/wp\/v2\/pages"}],"about":[{"href":"https:\/\/www.leeb-balkone.com\/it\/wp-json\/wp\/v2\/types\/page"}],"author":[{"embeddable":true,"href":"https:\/\/www.leeb-balkone.com\/it\/wp-json\/wp\/v2\/users\/1"}],"replies":[{"embeddable":true,"href":"https:\/\/www.leeb-balkone.com\/it\/wp-json\/wp\/v2\/comments?post=19427"}],"version-history":[{"count":0,"href":"https:\/\/www.leeb-balkone.com\/it\/wp-json\/wp\/v2\/pages\/19427\/revisions"}],"wp:attachment":[{"href":"https:\/\/www.leeb-balkone.com\/it\/wp-json\/wp\/v2\/media?parent=19427"}],"wp:term":[{"taxonomy":"folder","embeddable":true,"href":"https:\/\/www.leeb-balkone.com\/it\/wp-json\/wp\/v2\/folder?post=19427"}],"curies":[{"name":"wp","href":"https:\/\/api.w.org\/{rel}","templated":true}]}}