{"id":19400,"date":"2020-08-27T16:04:01","date_gmt":"2020-08-27T16:04:01","guid":{"rendered":"https:\/\/www.leeb-balkone.com\/de\/servizi\/lieferung-und-montage\/"},"modified":"2021-02-04T22:47:35","modified_gmt":"2021-02-04T22:47:35","slug":"consegna-e-montaggio","status":"publish","type":"page","link":"https:\/\/www.leeb-balkone.com\/it\/servizi\/consegna-e-montaggio\/","title":{"rendered":"Consegna e montaggio"},"content":{"rendered":"<header data-block_5ed673af9a55a class=\"c-fh  l-mh-small c-fh--hero c-grad-l2r c-fh--div none\">\n      <img loading=\"lazy\" decoding=\"async\" width=\"2560\" height=\"1918\" src=\"https:\/\/www.leeb-balkone.com\/app\/uploads\/2020\/08\/leeb-balkone-mitarbeiter-4-scaled.jpeg\" class=\"no-lazy\" alt=\"leeb balkone mitarbeiter 4\" srcset=\"https:\/\/www.leeb-balkone.com\/app\/uploads\/2020\/08\/leeb-balkone-mitarbeiter-4-scaled.jpeg 2560w, https:\/\/www.leeb-balkone.com\/app\/uploads\/2020\/08\/leeb-balkone-mitarbeiter-4-300x225.jpeg 300w, https:\/\/www.leeb-balkone.com\/app\/uploads\/2020\/08\/leeb-balkone-mitarbeiter-4-1024x767.jpeg 1024w, https:\/\/www.leeb-balkone.com\/app\/uploads\/2020\/08\/leeb-balkone-mitarbeiter-4-768x575.jpeg 768w, https:\/\/www.leeb-balkone.com\/app\/uploads\/2020\/08\/leeb-balkone-mitarbeiter-4-1536x1151.jpeg 1536w, https:\/\/www.leeb-balkone.com\/app\/uploads\/2020\/08\/leeb-balkone-mitarbeiter-4-2048x1535.jpeg 2048w\" sizes=\"auto, (min-width: 1536px) 2048px, (min-width: 992px) 1536px, (min-width: 768px) 1024px, (min-width: 576px) 768px, 100vw\" \/>\n\n\n<div class=\"grid-container\">\n  <div class=\"grid-x\">\n    <div class=\"cell small-12 medium-6 medium-offset-1\">\n      <div class=\"c-fh__wrapper\">\n                              <p>Montaggio preciso al millimetro eseguito da personale professionale<\/p>\n                        <\/div>\n    <\/div>\n  <\/div>\n<\/div>\n  \n    \n    <\/header>\n\n\n  \n  <section class=\"wp-block-group alignfull t3-header u-max-wide t3-header-text has-white-background-color has-background has-global-padding is-layout-constrained wp-block-group-is-layout-constrained\">\n    <div class=\"wp-block-group o-grid u-md-1 u-sm-1 is-layout-flow wp-block-group-is-layout-flow\">\n  <div class=\"wp-block-group u-g-10 u-g-s-2\">\n      <div class=\"yoast-breadcrumbs\"><span><span><a href=\"https:\/\/www.leeb-balkone.com\/it\/\">Home<\/a><\/span><\/span><\/div>\n      \n    <h1>Consegna e montaggio<\/h1>\n  <\/div>\n<\/div>\n  <\/section>\n\n\n\n\n\n\n<section class=\"wp-block-cgb-t3-section-block alignfull b-pt-small b-pb-none is-style-bg-transparent\" style=\"display:inherit;min-height:inherit\">\n<div class=\"wp-block-cgb-t3-container-block none\" style=\"background-color:none\"><div class=\"grid-container\"><div class=\"grid-x\"><div class=\"cell small-12 medium-9 large-0 medium-offset-1 b-has-lsmb\">\n<p>Leeb vi offre anche il montaggio del balcone da voi scelto, eseguito da personale professionale. Dopo essere stati preparati nello stabilimento, gli elementi dei balconi vengono consegnati con i nostri automezzi speciali e montati da personale professionale. In loco, il nostro personale altamente qualificato sar\u00e0 a vostra disposizione per eventuali domande. Grazie agli elementi preparati con precisione millimetrica, il montaggio avverr\u00e0 in modo rapido e sicuro.&nbsp;Competente, rapido e pulito \u2013 il montaggio dei balconi del personale professionale LEEB.<\/p>\n<\/div><\/div><\/div><\/div>\n<\/section>\n\n\n\n<section class=\"wp-block-cgb-t3-section-block alignfull b-pt-small  is-style-bg-white\" style=\"display:inherit;min-height:inherit\">\n<div class=\"wp-block-cgb-t3-container-block none\" style=\"background-color:none\"><div class=\"grid-container\"><div class=\"grid-x\"><div class=\"cell small-12 medium-9 large-0 medium-offset-1 b-has-lsmb\">\n<h2 class=\"wp-block-heading\">Veloce e semplice<\/h2>\n<\/div><\/div><\/div><\/div>\n\n\n<div class=\"b-sps l-mbxl\" id=\"\">\n    <div class=\"grid-container\">\n      <div class=\"grid-x\">\n              <div class=\"cell b-sps__bgimg lazyload bgx-center bgy-center small-12 medium-6 small-order-1 medium-order-1\">\n          \n            <img loading=\"lazy\" decoding=\"async\" width=\"1024\" height=\"648\" src=\"https:\/\/www.leeb-balkone.com\/app\/uploads\/2020\/08\/leeb-balkone-transporter-1024x648.jpeg\" class=\"attachment-large size-large\" alt=\"leeb balkone transporter\" srcset=\"https:\/\/www.leeb-balkone.com\/app\/uploads\/2020\/08\/leeb-balkone-transporter-1024x648.jpeg 1024w, https:\/\/www.leeb-balkone.com\/app\/uploads\/2020\/08\/leeb-balkone-transporter-300x190.jpeg 300w, https:\/\/www.leeb-balkone.com\/app\/uploads\/2020\/08\/leeb-balkone-transporter-768x486.jpeg 768w, https:\/\/www.leeb-balkone.com\/app\/uploads\/2020\/08\/leeb-balkone-transporter-1536x972.jpeg 1536w, https:\/\/www.leeb-balkone.com\/app\/uploads\/2020\/08\/leeb-balkone-transporter-2048x1295.jpeg 2048w\" sizes=\"auto, (min-width: 1200px) 1024px, (min-width: 1024px) 768px, (min-width: 640px) 768px, 768px\" \/>        <\/div>\n            <div class=\"cell b-sps__cont  small-12 medium-6 large-5 small-order-2 medium-order-2 offset\">\n        <div class=\"b-sps__inner-cont  bg--lightgray pdd\">\n          <h3>La giornata \u00e8 iniziata<\/h3>\n<p>Il vostro balcone LEEB sta arrivando. Dopo che gli elementi sono stati preparati con precisione millimetrica nel nostro stabilimento (nessuno, sul posto, avrebbe macchinari cos\u00ec precisi), vi saranno consegnati con uno dei nostri automezzi aziendali speciali.<\/p>\n\n        <\/div>\n      <\/div>\n    <\/div>\n    <\/div>\n  <\/div>\n\n\n<div class=\"b-sps l-mbxl\" id=\"\">\n    <div class=\"grid-container\">\n      <div class=\"grid-x\">\n              <div class=\"cell b-sps__bgimg lazyload bgx-center bgy-center small-12 medium-6 small-order-1 medium-order-2\">\n          \n            <img loading=\"lazy\" decoding=\"async\" width=\"1024\" height=\"767\" src=\"https:\/\/www.leeb-balkone.com\/app\/uploads\/2020\/08\/leeb-balkone-mitarbeiter-4-1-1024x767.jpeg\" class=\"attachment-large size-large\" alt=\"mitarbeiter montage bei leeb balkone\" srcset=\"https:\/\/www.leeb-balkone.com\/app\/uploads\/2020\/08\/leeb-balkone-mitarbeiter-4-1-1024x767.jpeg 1024w, https:\/\/www.leeb-balkone.com\/app\/uploads\/2020\/08\/leeb-balkone-mitarbeiter-4-1-2048x1534.jpeg 2048w, https:\/\/www.leeb-balkone.com\/app\/uploads\/2020\/08\/leeb-balkone-mitarbeiter-4-1-300x225.jpeg 300w, https:\/\/www.leeb-balkone.com\/app\/uploads\/2020\/08\/leeb-balkone-mitarbeiter-4-1-768x575.jpeg 768w, https:\/\/www.leeb-balkone.com\/app\/uploads\/2020\/08\/leeb-balkone-mitarbeiter-4-1-1536x1151.jpeg 1536w\" sizes=\"auto, (min-width: 1200px) 1024px, (min-width: 1024px) 768px, (min-width: 640px) 768px, 768px\" \/>        <\/div>\n            <div class=\"cell b-sps__cont  small-12 medium-6 large-5 large-offset-1 small-order-2 medium-order-1 offset\">\n        <div class=\"b-sps__inner-cont  bg--lightgray pdd\">\n          <h3>Il personale professionale di LEEB<\/h3>\n<p>Il personale professionale LEEB che esegue il montaggio \u00e8 altamente specializzato. Perci\u00f2, anche in caso di eventuali domande, ad esempio riguardo alla cura e alla manutenzione, vi saranno subito d\u2019aiuto con le informazioni e l\u2019assistenza pi\u00f9 competenti.<\/p>\n\n        <\/div>\n      <\/div>\n    <\/div>\n    <\/div>\n  <\/div>\n\n\n<div class=\"b-sps l-mbxl\" id=\"\">\n    <div class=\"grid-container\">\n      <div class=\"grid-x\">\n              <div class=\"cell b-sps__bgimg lazyload bgx-center bgy-center small-12 medium-6 small-order-1 medium-order-1\">\n          \n            <img loading=\"lazy\" decoding=\"async\" width=\"1024\" height=\"682\" src=\"https:\/\/www.leeb-balkone.com\/app\/uploads\/2020\/08\/leeb-balkone-mitarbeiter-5-1-1024x682.jpeg\" class=\"attachment-large size-large\" alt=\"leeb balkone mitarbeiter 5 1\" srcset=\"https:\/\/www.leeb-balkone.com\/app\/uploads\/2020\/08\/leeb-balkone-mitarbeiter-5-1-1024x682.jpeg 1024w, https:\/\/www.leeb-balkone.com\/app\/uploads\/2020\/08\/leeb-balkone-mitarbeiter-5-1-300x200.jpeg 300w, https:\/\/www.leeb-balkone.com\/app\/uploads\/2020\/08\/leeb-balkone-mitarbeiter-5-1-768x512.jpeg 768w, https:\/\/www.leeb-balkone.com\/app\/uploads\/2020\/08\/leeb-balkone-mitarbeiter-5-1-1536x1023.jpeg 1536w, https:\/\/www.leeb-balkone.com\/app\/uploads\/2020\/08\/leeb-balkone-mitarbeiter-5-1-2048x1364.jpeg 2048w\" sizes=\"auto, (min-width: 1200px) 1024px, (min-width: 1024px) 768px, (min-width: 640px) 768px, 768px\" \/>        <\/div>\n            <div class=\"cell b-sps__cont  small-12 medium-6 large-5 small-order-2 medium-order-2 offset\">\n        <div class=\"b-sps__inner-cont  bg--lightgray pdd\">\n          <h3>Rapidamente e facilmente<\/h3>\n<p>Tutto procede nel modo pi\u00f9 rapido. Perch\u00e9 tutto combacia. Qui gli elementi prefabbricati hanno due ulteriori vantaggi: la durata del montaggio \u00e8 breve perch\u00e9 non \u00e8 necessario apportare modifiche. E inoltre: Il procedimento avviene modo pulito.<\/p>\n\n        <\/div>\n      <\/div>\n    <\/div>\n    <\/div>\n  <\/div>\n\n\n<div class=\"b-sps l-mbxl\" id=\"\">\n    <div class=\"grid-container\">\n      <div class=\"grid-x\">\n              <div class=\"cell b-sps__bgimg lazyload bgx-center bgy-center small-12 medium-6 small-order-1 medium-order-2\">\n          \n            <img loading=\"lazy\" decoding=\"async\" width=\"1024\" height=\"320\" src=\"https:\/\/www.leeb-balkone.com\/app\/uploads\/2020\/09\/balkon-alu-header-1-1024x320.jpg\" class=\"attachment-large size-large\" alt=\"Ringhiere per balconi in alluminio della Leeb Balkone GmbH in molti modelli di ringhiere\" srcset=\"https:\/\/www.leeb-balkone.com\/app\/uploads\/2020\/09\/balkon-alu-header-1-1024x320.jpg 1024w, https:\/\/www.leeb-balkone.com\/app\/uploads\/2020\/09\/balkon-alu-header-1-300x94.jpg 300w, https:\/\/www.leeb-balkone.com\/app\/uploads\/2020\/09\/balkon-alu-header-1-768x240.jpg 768w, https:\/\/www.leeb-balkone.com\/app\/uploads\/2020\/09\/balkon-alu-header-1-1536x480.jpg 1536w\" sizes=\"auto, (min-width: 1200px) 1024px, (min-width: 1024px) 768px, (min-width: 640px) 768px, 768px\" \/>        <\/div>\n            <div class=\"cell b-sps__cont  small-12 medium-6 large-5 large-offset-1 small-order-2 medium-order-1 offset\">\n        <div class=\"b-sps__inner-cont  bg--lightgray pdd\">\n          <h3>Il Suo balcone nuovo<\/h3>\n<p>Non riuscite quasi a riconoscere la vostra abitazione.\u00a0Con il nuovo balcone in alluminio LEEB ha un aspetto migliore e pi\u00f9 attraente. Vi auguriamo tanta felicit\u00e0. Per molti, lunghi anni.<\/p>\n\n        <\/div>\n      <\/div>\n    <\/div>\n    <\/div>\n  <\/div>\n<\/section>\n\n\n\n<section class=\"wp-block-cgb-t3-section-block alignfull b-pt-none b-pb-small is-style-default\" style=\"display:inherit;min-height:inherit\">\n<div class=\"wp-block-cgb-t3-container-block b-has-offset-h\" style=\"background-color:none\"><div class=\"grid-container\"><div class=\"grid-x\"><div class=\"cell small-12 medium-6 large-0 medium-offset-1\">\n<h2 class=\"wp-block-heading\"><strong>Servizio di montaggio di LEEB<\/strong><\/h2>\n<\/div><\/div><\/div><\/div>\n\n\n\n<div class=\"wp-block-cgb-t3-container-block none\" style=\"background-color:none\"><div class=\"grid-container\"><div class=\"grid-x\"><div class=\"cell small-12 medium-9 large-0 medium-offset-1 b-has-pt\">\n<p><span class=\"teaser\">Ci\u00f2 che inizia con precisione millimetrica, finisce allo stesso modo. Appena usciti dallo stabilimento, i nostri balconi Leeb vengono consegnati con i nostri automezzi speciali e montati da personale professionale. In modo veloce, semplice e quasi senza alcun rumore. In loco, il nostro personale altamente qualificato sar\u00e0 a vostra disposizione per eventuali domande, con competenza e suggerimenti.<\/span><\/p>\n<\/div><\/div><\/div><\/div>\n\n\n\n<div class=\"wp-block-cgb-t3-container-block none\" style=\"background-color:none\"><div class=\"grid-container\"><div class=\"grid-x\"><div class=\"cell small-12 medium-8 large-0 medium-offset-2\"><div class=\"l-wrapper\">\n  <ul data-block_5f4e637ec1ed5 class=\"c-list b-iconlist grid-x align-justify iconlist alignwide\">\n                      <li class=\"b-iconlist__item  small-6 medium-4 large-4\">\n          <div class=\"b-iconlist__icon img\">\n      <img loading=\"lazy\" decoding=\"async\" width=\"626\" height=\"628\" src=\"https:\/\/www.leeb-balkone.com\/app\/uploads\/2020\/09\/logo_tuev-01.png\" class=\"b-iconlist__img\" alt=\"logo_tuev 01\" srcset=\"https:\/\/www.leeb-balkone.com\/app\/uploads\/2020\/09\/logo_tuev-01.png 626w, https:\/\/www.leeb-balkone.com\/app\/uploads\/2020\/09\/logo_tuev-01-300x300.png 300w, https:\/\/www.leeb-balkone.com\/app\/uploads\/2020\/09\/logo_tuev-01-150x150.png 150w, https:\/\/www.leeb-balkone.com\/app\/uploads\/2020\/09\/logo_tuev-01-240x240.png 240w\" sizes=\"auto, (min-width: 1200px) 260px, (min-width: 1024px) 220px, (min-width: 640px) 465px, 768px\" \/>      \n    <\/div>\n      <div class=\"b-iconlist__body\">\n              <p>Certificazione T\u00dcV<\/p>\n      <\/div>\n  \n        <\/li>\n              <li class=\"b-iconlist__item  small-6 medium-4 large-4\">\n          <div class=\"b-iconlist__icon img\">\n      <img loading=\"lazy\" decoding=\"async\" width=\"626\" height=\"628\" src=\"https:\/\/www.leeb-balkone.com\/app\/uploads\/2020\/09\/Austria-Guetezeichen-2024.jpg\" class=\"b-iconlist__img\" alt=\"Austria Guetezeichen 2024\" sizes=\"auto, (min-width: 1200px) 260px, (min-width: 1024px) 220px, (min-width: 640px) 465px, 768px\" \/>      \n    <\/div>\n      <div class=\"b-iconlist__body\">\n              <p>Qualit\u00e0 testata<\/p>\n      <\/div>\n  \n        <\/li>\n              <li class=\"b-iconlist__item  small-6 medium-4 large-4\">\n          <div class=\"b-iconlist__icon img\">\n      <img loading=\"lazy\" decoding=\"async\" width=\"626\" height=\"628\" src=\"https:\/\/www.leeb-balkone.com\/app\/uploads\/2020\/09\/logo_staatlich-01.png\" class=\"b-iconlist__img\" alt=\"logo_staatlich 01\" srcset=\"https:\/\/www.leeb-balkone.com\/app\/uploads\/2020\/09\/logo_staatlich-01.png 626w, https:\/\/www.leeb-balkone.com\/app\/uploads\/2020\/09\/logo_staatlich-01-300x300.png 300w, https:\/\/www.leeb-balkone.com\/app\/uploads\/2020\/09\/logo_staatlich-01-150x150.png 150w, https:\/\/www.leeb-balkone.com\/app\/uploads\/2020\/09\/logo_staatlich-01-240x240.png 240w\" sizes=\"auto, (min-width: 1200px) 260px, (min-width: 1024px) 220px, (min-width: 640px) 465px, 768px\" \/>      \n    <\/div>\n      <div class=\"b-iconlist__body\">\n              <p>Premio statale austriaco<\/p>\n      <\/div>\n  \n        <\/li>\n            <\/ul>\n<\/div>\n\n\n\n<p><\/p>\n<\/div><\/div><\/div><\/div>\n\n\n\n<p><\/p>\n<\/section>\n\n\n\n<section class=\"wp-block-cgb-t3-section-block alignfull b-pt-none  is-style-bg-transparent\" style=\"display:inherit;min-height:inherit\">\n<div class=\"wp-block-cgb-t3-container-block b-has-offset-b\" style=\"background-color:#EE7203\"><div class=\"has-padding none grid-container-wrapper\"><div class=\"grid-container\"><div class=\"grid-x\"><div class=\"cell small-12 medium-9 large-0 medium-offset-1 b-has-lsmb\">\n<h2 class=\"has-light-gray-color has-text-color wp-block-heading\"><span class=\"h2ash1\"><strong><strong>BALCONI LEEB \u2013 QUALIT\u00c0 SENZA COMPROMESSI<\/strong><\/strong><\/span><\/h2>\n\n\n\n<p class=\"has-white-color has-text-color\"><span class=\"teaser\"><strong>Quale azienda leader nella costruzione di balconi, con oltre 100.000 clienti soddisfatti in tutta Europa, potete ritenere di essere in buone mani rivolgendovi ai nostri consulenti.<\/strong><\/span><\/p>\n<\/div><\/div><\/div><\/div><\/div>\n\n\n\n<div class=\"wp-block-cgb-t3-container-block none\" style=\"background-color:none\"><div class=\"grid-container\"><div class=\"grid-x\"><div class=\"cell small-12 medium-12 large-0\"><div class=\"u-grid-temp has-2-cols u-md-2 u-sm-1 is-style-transparent-cards offset wp-block-group is-layout-grid wp-block-group-is-layout-grid\">\n\n\n  \n\n            <div class=\"wp-block-group m-card is-layout-flow wp-block-group-is-layout-flow\">\n      <figure data-imgid=\"13212\" class=\"wp-block-image size-large\">\n      <a href=\"https:\/\/www.leeb-balkone.com\/it\/tecnologia\/alu-comfort-plus\/\" class=\"no-default-link\">\n        <img decoding=\"async\" width=\"768\" height=\"499\" src=\"https:\/\/www.leeb-balkone.com\/app\/uploads\/2020\/04\/shutterstock_4878571_red-768x499.jpg\" class=\"attachment-medium_large size-medium_large\" alt=\"Alu Comfort Plus - Rivestimento a polvere brevettato con effetto loto di Leeb Balconies\" title=\"Alu Comfort Plus\" loading=\"lazy\" srcset=\"https:\/\/www.leeb-balkone.com\/app\/uploads\/2020\/04\/shutterstock_4878571_red-768x499.jpg 768w, https:\/\/www.leeb-balkone.com\/app\/uploads\/2020\/04\/shutterstock_4878571_red-1024x665.jpg 1024w, https:\/\/www.leeb-balkone.com\/app\/uploads\/2020\/04\/shutterstock_4878571_red-300x195.jpg 300w, https:\/\/www.leeb-balkone.com\/app\/uploads\/2020\/04\/shutterstock_4878571_red-1536x997.jpg 1536w, https:\/\/www.leeb-balkone.com\/app\/uploads\/2020\/04\/shutterstock_4878571_red-2048x1330.jpg 2048w\" sizes=\"auto, (min-width: 1200px) 360px, (min-width: 1024px) 300px, (min-width: 640px) 768px, 768px\" \/>      <\/a>\n    <\/figure>\n  \n  <div class=\"wp-block-group m-card-content is-vertical is-layout-flex wp-block-group-is-layout-flex\">\n            <h3 class=\"wp-block-heading\">\n          <a href=\"https:\/\/www.leeb-balkone.com\/it\/tecnologia\/alu-comfort-plus\/\" class=\"no-default-link\">Alu Comfort Plus<\/a>\n        <\/h3>\n        <p>L&#8217;esclusiva e brevettata superficie ALU COMFORT PLUS\u00ae con effetto loto altamente efficace \u00e8 l&#8217;essenza di un&#8217;innovazione costante.<\/p>\n          <a href=\"https:\/\/www.leeb-balkone.com\/it\/tecnologia\/alu-comfort-plus\/\" class=\"more\">Per saperne di pi\u00f9<\/a>\n      <\/div>\n<\/div>\n\n          <div class=\"wp-block-group m-card is-layout-flow wp-block-group-is-layout-flow\">\n      <figure data-imgid=\"44231\" class=\"wp-block-image size-large\">\n      <a href=\"https:\/\/www.leeb-balkone.com\/it\/azienda\/referenze\/\" class=\"no-default-link\">\n        <img decoding=\"async\" width=\"768\" height=\"511\" src=\"https:\/\/www.leeb-balkone.com\/app\/uploads\/2020\/07\/balkongelaender-alu-design-genf-20-1-768x511.jpg\" class=\"attachment-medium_large size-medium_large\" alt=\"Moderna ringhiera del balcone in alluminio con un look senza tempo - Balcone in alluminio Alu Design Genf\" title=\"Referenze dei clienti\" loading=\"lazy\" srcset=\"https:\/\/www.leeb-balkone.com\/app\/uploads\/2020\/07\/balkongelaender-alu-design-genf-20-1-768x511.jpg 768w, https:\/\/www.leeb-balkone.com\/app\/uploads\/2020\/07\/balkongelaender-alu-design-genf-20-1-300x200.jpg 300w, https:\/\/www.leeb-balkone.com\/app\/uploads\/2020\/07\/balkongelaender-alu-design-genf-20-1-1024x681.jpg 1024w, https:\/\/www.leeb-balkone.com\/app\/uploads\/2020\/07\/balkongelaender-alu-design-genf-20-1-1536x1022.jpg 1536w, https:\/\/www.leeb-balkone.com\/app\/uploads\/2020\/07\/balkongelaender-alu-design-genf-20-1-2048x1363.jpg 2048w\" sizes=\"auto, (min-width: 1200px) 360px, (min-width: 1024px) 300px, (min-width: 640px) 768px, 768px\" \/>      <\/a>\n    <\/figure>\n  \n  <div class=\"wp-block-group m-card-content is-vertical is-layout-flex wp-block-group-is-layout-flex\">\n            <h3 class=\"wp-block-heading\">\n          <a href=\"https:\/\/www.leeb-balkone.com\/it\/azienda\/referenze\/\" class=\"no-default-link\">Referenze dei clienti<\/a>\n        <\/h3>\n        <p>Oltre 60 anni di esperienza e pi\u00f9 di 100.000 clienti in Austria, Germania, Italia, Francia e Svizzera ci hanno reso lo specialista leader nel settore dei balconi e delle recinzioni.  <\/p>\n          <a href=\"https:\/\/www.leeb-balkone.com\/it\/azienda\/referenze\/\" class=\"more\">Per saperne di pi\u00f9<\/a>\n      <\/div>\n<\/div>\n\n          <div class=\"wp-block-group m-card is-layout-flow wp-block-group-is-layout-flow\">\n      <figure data-imgid=\"44736\" class=\"wp-block-image size-large\">\n      <a href=\"https:\/\/www.leeb-balkone.com\/it\/partner-commerciali\/\" class=\"no-default-link\">\n        <img decoding=\"async\" width=\"768\" height=\"453\" src=\"https:\/\/www.leeb-balkone.com\/app\/uploads\/2020\/12\/firma-leeb-balkone-zentrale-gnesau-scaled-e1624345570124-768x453.jpg\" class=\"attachment-medium_large size-medium_large\" alt=\"Sede dell&#039;azienda Leeb Balkone GmbH a Gnesau\" title=\"Localit\u00e0 Leeb\" loading=\"lazy\" srcset=\"https:\/\/www.leeb-balkone.com\/app\/uploads\/2020\/12\/firma-leeb-balkone-zentrale-gnesau-scaled-e1624345570124-768x453.jpg 768w, https:\/\/www.leeb-balkone.com\/app\/uploads\/2020\/12\/firma-leeb-balkone-zentrale-gnesau-scaled-e1624345570124-300x177.jpg 300w, https:\/\/www.leeb-balkone.com\/app\/uploads\/2020\/12\/firma-leeb-balkone-zentrale-gnesau-scaled-e1624345570124-1024x604.jpg 1024w, https:\/\/www.leeb-balkone.com\/app\/uploads\/2020\/12\/firma-leeb-balkone-zentrale-gnesau-scaled-e1624345570124-1536x906.jpg 1536w, https:\/\/www.leeb-balkone.com\/app\/uploads\/2020\/12\/firma-leeb-balkone-zentrale-gnesau-scaled-e1624345570124-2048x1208.jpg 2048w\" sizes=\"auto, (min-width: 1200px) 360px, (min-width: 1024px) 300px, (min-width: 640px) 768px, 768px\" \/>      <\/a>\n    <\/figure>\n  \n  <div class=\"wp-block-group m-card-content is-vertical is-layout-flex wp-block-group-is-layout-flex\">\n            <h3 class=\"wp-block-heading\">\n          <a href=\"https:\/\/www.leeb-balkone.com\/it\/partner-commerciali\/\" class=\"no-default-link\">Localit\u00e0 Leeb<\/a>\n        <\/h3>\n        <p>La nostra rete di vendita comprende circa 100 partner Leeb in Austria, Germania, Italia, Svizzera, Slovacchia e Slovenia. C&#8217;\u00e8 sempre un partner Leeb vicino a te! <\/p>\n          <a href=\"https:\/\/www.leeb-balkone.com\/it\/partner-commerciali\/\" class=\"more\">Trova un partner di vendita<\/a>\n      <\/div>\n<\/div>\n\n          <div class=\"wp-block-group m-card is-layout-flow wp-block-group-is-layout-flow\">\n      <figure data-imgid=\"134741\" class=\"wp-block-image size-large\">\n      <a href=\"https:\/\/www.leeb-balkone.com\/it\/azienda\/qualita-certificata\/\" class=\"no-default-link\">\n        <img decoding=\"async\" width=\"768\" height=\"576\" src=\"https:\/\/www.leeb-balkone.com\/app\/uploads\/2024\/01\/Austria-Guetezeichen-768x576.jpg\" class=\"attachment-medium_large size-medium_large\" alt=\"Austria Guetezeichen\" title=\"Qualit\u00e0 certificata\" loading=\"lazy\" srcset=\"https:\/\/www.leeb-balkone.com\/app\/uploads\/2024\/01\/Austria-Guetezeichen-768x576.jpg 768w, https:\/\/www.leeb-balkone.com\/app\/uploads\/2024\/01\/Austria-Guetezeichen-300x225.jpg 300w, https:\/\/www.leeb-balkone.com\/app\/uploads\/2024\/01\/Austria-Guetezeichen-1024x767.jpg 1024w, https:\/\/www.leeb-balkone.com\/app\/uploads\/2024\/01\/Austria-Guetezeichen-1536x1151.jpg 1536w, https:\/\/www.leeb-balkone.com\/app\/uploads\/2024\/01\/Austria-Guetezeichen.jpg 2000w\" sizes=\"auto, (min-width: 1200px) 360px, (min-width: 1024px) 300px, (min-width: 640px) 768px, 768px\" \/>      <\/a>\n    <\/figure>\n  \n  <div class=\"wp-block-group m-card-content is-vertical is-layout-flex wp-block-group-is-layout-flex\">\n            <h3 class=\"wp-block-heading\">\n          <a href=\"https:\/\/www.leeb-balkone.com\/it\/azienda\/qualita-certificata\/\" class=\"no-default-link\">Qualit\u00e0 certificata<\/a>\n        <\/h3>\n        <p>Il continuo sviluppo dei nostri processi lavorativi e dei nostri prodotti caratterizza la qualit\u00e0 di Leeb. Guarda tu stesso: con noi investi in un futuro sicuro! <\/p>\n          <a href=\"https:\/\/www.leeb-balkone.com\/it\/azienda\/qualita-certificata\/\" class=\"more\">Per saperne di pi\u00f9<\/a>\n      <\/div>\n<\/div>\n\n      \n<\/div>\n<\/div><\/div><\/div><\/div>\n<\/section>\n\n\n","protected":false},"excerpt":{"rendered":"","protected":false},"author":1,"featured_media":15842,"parent":163792,"menu_order":6,"comment_status":"closed","ping_status":"closed","template":"template-onepager.blade.php","meta":{"_acf_changed":false,"footnotes":"","_sage_theme_css":true,"_wp_block_core_css":false},"folder":[257],"class_list":["post-19400","page","type-page","status-publish","has-post-thumbnail","hentry"],"acf":[],"yoast_head":"<!-- This site is optimized with the Yoast SEO plugin v27.2 - https:\/\/yoast.com\/product\/yoast-seo-wordpress\/ -->\n<title>Consegna e montaggio - BALCONI LEEB Italia<\/title>\n<meta name=\"description\" content=\"Leeb vi offre anche il montaggio del balcone da voi scelto, eseguito da personale professionale. Dopo essere stati preparati nello stabilimento, gli\" \/>\n<meta name=\"robots\" content=\"index, follow, max-snippet:-1, max-image-preview:large, max-video-preview:-1\" \/>\n<meta property=\"og:locale\" content=\"it_IT\" \/>\n<meta property=\"og:type\" content=\"article\" \/>\n<meta property=\"og:title\" content=\"Consegna e montaggio - BALCONI LEEB\" \/>\n<meta property=\"og:description\" content=\"Leeb vi offre anche il montaggio del balcone da voi scelto, eseguito da personale professionale. Dopo essere stati preparati nello stabilimento, gli\" \/>\n<meta property=\"og:url\" content=\"https:\/\/www.leeb-balkone.com\/it\/servizi\/consegna-e-montaggio\/\" \/>\n<meta property=\"og:site_name\" content=\"BALCONI LEEB\" \/>\n<meta property=\"article:publisher\" content=\"https:\/\/www.facebook.com\/balkone\/\" \/>\n<meta property=\"article:modified_time\" content=\"2021-02-04T22:47:35+00:00\" \/>\n<meta property=\"og:image\" content=\"https:\/\/www.leeb-balkone.com\/app\/uploads\/2020\/08\/leeb-balkone-mitarbeiter-4-scaled.jpeg\" \/>\n\t<meta property=\"og:image:width\" content=\"2560\" \/>\n\t<meta property=\"og:image:height\" content=\"1918\" \/>\n\t<meta property=\"og:image:type\" content=\"image\/jpeg\" \/>\n<meta name=\"twitter:card\" content=\"summary_large_image\" \/>\n<script type=\"application\/ld+json\" class=\"yoast-schema-graph\">{\"@context\":\"https:\/\/schema.org\",\"@graph\":[{\"@type\":\"WebPage\",\"@id\":\"https:\/\/www.leeb-balkone.com\/it\/servizi\/consegna-e-montaggio\/\",\"url\":\"https:\/\/www.leeb-balkone.com\/it\/servizi\/consegna-e-montaggio\/\",\"name\":\"Consegna e montaggio - BALCONI LEEB\",\"isPartOf\":{\"@id\":\"https:\/\/www.leeb-balkone.com\/it\/#website\"},\"primaryImageOfPage\":{\"@id\":\"https:\/\/www.leeb-balkone.com\/it\/servizi\/consegna-e-montaggio\/#primaryimage\"},\"image\":{\"@id\":\"https:\/\/www.leeb-balkone.com\/it\/servizi\/consegna-e-montaggio\/#primaryimage\"},\"thumbnailUrl\":\"https:\/\/www.leeb-balkone.com\/app\/uploads\/2020\/08\/leeb-balkone-mitarbeiter-4-scaled.jpeg\",\"datePublished\":\"2020-08-27T16:04:01+00:00\",\"dateModified\":\"2021-02-04T22:47:35+00:00\",\"description\":\"Leeb vi offre anche il montaggio del balcone da voi scelto, eseguito da personale professionale. Dopo essere stati preparati nello stabilimento, gli\",\"breadcrumb\":{\"@id\":\"https:\/\/www.leeb-balkone.com\/it\/servizi\/consegna-e-montaggio\/#breadcrumb\"},\"inLanguage\":\"it-IT\",\"potentialAction\":[{\"@type\":\"ReadAction\",\"target\":[\"https:\/\/www.leeb-balkone.com\/it\/servizi\/consegna-e-montaggio\/\"]}]},{\"@type\":\"ImageObject\",\"inLanguage\":\"it-IT\",\"@id\":\"https:\/\/www.leeb-balkone.com\/it\/servizi\/consegna-e-montaggio\/#primaryimage\",\"url\":\"https:\/\/www.leeb-balkone.com\/app\/uploads\/2020\/08\/leeb-balkone-mitarbeiter-4-scaled.jpeg\",\"contentUrl\":\"https:\/\/www.leeb-balkone.com\/app\/uploads\/2020\/08\/leeb-balkone-mitarbeiter-4-scaled.jpeg\",\"width\":2560,\"height\":1918},{\"@type\":\"BreadcrumbList\",\"@id\":\"https:\/\/www.leeb-balkone.com\/it\/servizi\/consegna-e-montaggio\/#breadcrumb\",\"itemListElement\":[{\"@type\":\"ListItem\",\"position\":1,\"name\":\"Home\",\"item\":\"https:\/\/www.leeb-balkone.com\/it\/\"},{\"@type\":\"ListItem\",\"position\":2,\"name\":\"Servizi\",\"item\":\"https:\/\/www.leeb-balkone.com\/it\/servizi\/\"},{\"@type\":\"ListItem\",\"position\":3,\"name\":\"Consegna e montaggio\"}]},{\"@type\":\"WebSite\",\"@id\":\"https:\/\/www.leeb-balkone.com\/it\/#website\",\"url\":\"https:\/\/www.leeb-balkone.com\/it\/\",\"name\":\"BALCONI LEEB\",\"description\":\"Balkone und Z\u00e4une\",\"publisher\":{\"@id\":\"https:\/\/www.leeb-balkone.com\/it\/#organization\"},\"potentialAction\":[{\"@type\":\"SearchAction\",\"target\":{\"@type\":\"EntryPoint\",\"urlTemplate\":\"https:\/\/www.leeb-balkone.com\/it\/?s={search_term_string}\"},\"query-input\":{\"@type\":\"PropertyValueSpecification\",\"valueRequired\":true,\"valueName\":\"search_term_string\"}}],\"inLanguage\":\"it-IT\"},{\"@type\":\"Organization\",\"@id\":\"https:\/\/www.leeb-balkone.com\/it\/#organization\",\"name\":\"Leeb Balkone Gmbh\",\"url\":\"https:\/\/www.leeb-balkone.com\/it\/\",\"logo\":{\"@type\":\"ImageObject\",\"inLanguage\":\"it-IT\",\"@id\":\"https:\/\/www.leeb-balkone.com\/it\/#\/schema\/logo\/image\/\",\"url\":\"https:\/\/www.leeb-balkone.com\/app\/uploads\/2020\/11\/leeb-logo.svg\",\"contentUrl\":\"https:\/\/www.leeb-balkone.com\/app\/uploads\/2020\/11\/leeb-logo.svg\",\"width\":741,\"height\":204,\"caption\":\"Leeb Balkone Gmbh\"},\"image\":{\"@id\":\"https:\/\/www.leeb-balkone.com\/it\/#\/schema\/logo\/image\/\"},\"sameAs\":[\"https:\/\/www.facebook.com\/balkone\/\",\"https:\/\/www.trustedshops.at\/bewertung\/info_X4587CCF5833E31AFE0B11F47D86999F2.html\",\"https:\/\/www.trustedshops.de\/bewertung\/info_X7BA536A7A0BDC86D36C4718E4DCAEEEF.html\",\"https:\/\/www.google.com\/maps\/place\/?q=place_id:ChIJ5-zH19-IcEcR9HonWRTllHI\"]}]}<\/script>\n<!-- \/ Yoast SEO plugin. -->","yoast_head_json":{"title":"Consegna e montaggio - BALCONI LEEB Italia","description":"Leeb vi offre anche il montaggio del balcone da voi scelto, eseguito da personale professionale. Dopo essere stati preparati nello stabilimento, gli","robots":{"index":"index","follow":"follow","max-snippet":"max-snippet:-1","max-image-preview":"max-image-preview:large","max-video-preview":"max-video-preview:-1"},"og_locale":"it_IT","og_type":"article","og_title":"Consegna e montaggio - BALCONI LEEB","og_description":"Leeb vi offre anche il montaggio del balcone da voi scelto, eseguito da personale professionale. Dopo essere stati preparati nello stabilimento, gli","og_url":"https:\/\/www.leeb-balkone.com\/it\/servizi\/consegna-e-montaggio\/","og_site_name":"BALCONI LEEB","article_publisher":"https:\/\/www.facebook.com\/balkone\/","article_modified_time":"2021-02-04T22:47:35+00:00","og_image":[{"width":2560,"height":1918,"url":"https:\/\/www.leeb-balkone.com\/app\/uploads\/2020\/08\/leeb-balkone-mitarbeiter-4-scaled.jpeg","type":"image\/jpeg"}],"twitter_card":"summary_large_image","schema":{"@context":"https:\/\/schema.org","@graph":[{"@type":"WebPage","@id":"https:\/\/www.leeb-balkone.com\/it\/servizi\/consegna-e-montaggio\/","url":"https:\/\/www.leeb-balkone.com\/it\/servizi\/consegna-e-montaggio\/","name":"Consegna e montaggio - BALCONI LEEB","isPartOf":{"@id":"https:\/\/www.leeb-balkone.com\/it\/#website"},"primaryImageOfPage":{"@id":"https:\/\/www.leeb-balkone.com\/it\/servizi\/consegna-e-montaggio\/#primaryimage"},"image":{"@id":"https:\/\/www.leeb-balkone.com\/it\/servizi\/consegna-e-montaggio\/#primaryimage"},"thumbnailUrl":"https:\/\/www.leeb-balkone.com\/app\/uploads\/2020\/08\/leeb-balkone-mitarbeiter-4-scaled.jpeg","datePublished":"2020-08-27T16:04:01+00:00","dateModified":"2021-02-04T22:47:35+00:00","description":"Leeb vi offre anche il montaggio del balcone da voi scelto, eseguito da personale professionale. Dopo essere stati preparati nello stabilimento, gli","breadcrumb":{"@id":"https:\/\/www.leeb-balkone.com\/it\/servizi\/consegna-e-montaggio\/#breadcrumb"},"inLanguage":"it-IT","potentialAction":[{"@type":"ReadAction","target":["https:\/\/www.leeb-balkone.com\/it\/servizi\/consegna-e-montaggio\/"]}]},{"@type":"ImageObject","inLanguage":"it-IT","@id":"https:\/\/www.leeb-balkone.com\/it\/servizi\/consegna-e-montaggio\/#primaryimage","url":"https:\/\/www.leeb-balkone.com\/app\/uploads\/2020\/08\/leeb-balkone-mitarbeiter-4-scaled.jpeg","contentUrl":"https:\/\/www.leeb-balkone.com\/app\/uploads\/2020\/08\/leeb-balkone-mitarbeiter-4-scaled.jpeg","width":2560,"height":1918},{"@type":"BreadcrumbList","@id":"https:\/\/www.leeb-balkone.com\/it\/servizi\/consegna-e-montaggio\/#breadcrumb","itemListElement":[{"@type":"ListItem","position":1,"name":"Home","item":"https:\/\/www.leeb-balkone.com\/it\/"},{"@type":"ListItem","position":2,"name":"Servizi","item":"https:\/\/www.leeb-balkone.com\/it\/servizi\/"},{"@type":"ListItem","position":3,"name":"Consegna e montaggio"}]},{"@type":"WebSite","@id":"https:\/\/www.leeb-balkone.com\/it\/#website","url":"https:\/\/www.leeb-balkone.com\/it\/","name":"BALCONI LEEB","description":"Balkone und Z\u00e4une","publisher":{"@id":"https:\/\/www.leeb-balkone.com\/it\/#organization"},"potentialAction":[{"@type":"SearchAction","target":{"@type":"EntryPoint","urlTemplate":"https:\/\/www.leeb-balkone.com\/it\/?s={search_term_string}"},"query-input":{"@type":"PropertyValueSpecification","valueRequired":true,"valueName":"search_term_string"}}],"inLanguage":"it-IT"},{"@type":"Organization","@id":"https:\/\/www.leeb-balkone.com\/it\/#organization","name":"Leeb Balkone Gmbh","url":"https:\/\/www.leeb-balkone.com\/it\/","logo":{"@type":"ImageObject","inLanguage":"it-IT","@id":"https:\/\/www.leeb-balkone.com\/it\/#\/schema\/logo\/image\/","url":"https:\/\/www.leeb-balkone.com\/app\/uploads\/2020\/11\/leeb-logo.svg","contentUrl":"https:\/\/www.leeb-balkone.com\/app\/uploads\/2020\/11\/leeb-logo.svg","width":741,"height":204,"caption":"Leeb Balkone Gmbh"},"image":{"@id":"https:\/\/www.leeb-balkone.com\/it\/#\/schema\/logo\/image\/"},"sameAs":["https:\/\/www.facebook.com\/balkone\/","https:\/\/www.trustedshops.at\/bewertung\/info_X4587CCF5833E31AFE0B11F47D86999F2.html","https:\/\/www.trustedshops.de\/bewertung\/info_X7BA536A7A0BDC86D36C4718E4DCAEEEF.html","https:\/\/www.google.com\/maps\/place\/?q=place_id:ChIJ5-zH19-IcEcR9HonWRTllHI"]}]}},"_links":{"self":[{"href":"https:\/\/www.leeb-balkone.com\/it\/wp-json\/wp\/v2\/pages\/19400","targetHints":{"allow":["GET"]}}],"collection":[{"href":"https:\/\/www.leeb-balkone.com\/it\/wp-json\/wp\/v2\/pages"}],"about":[{"href":"https:\/\/www.leeb-balkone.com\/it\/wp-json\/wp\/v2\/types\/page"}],"author":[{"embeddable":true,"href":"https:\/\/www.leeb-balkone.com\/it\/wp-json\/wp\/v2\/users\/1"}],"replies":[{"embeddable":true,"href":"https:\/\/www.leeb-balkone.com\/it\/wp-json\/wp\/v2\/comments?post=19400"}],"version-history":[{"count":0,"href":"https:\/\/www.leeb-balkone.com\/it\/wp-json\/wp\/v2\/pages\/19400\/revisions"}],"up":[{"embeddable":true,"href":"https:\/\/www.leeb-balkone.com\/it\/wp-json\/wp\/v2\/pages\/163792"}],"wp:featuredmedia":[{"embeddable":true,"href":"https:\/\/www.leeb-balkone.com\/it\/wp-json\/wp\/v2\/media\/15842"}],"wp:attachment":[{"href":"https:\/\/www.leeb-balkone.com\/it\/wp-json\/wp\/v2\/media?parent=19400"}],"wp:term":[{"taxonomy":"folder","embeddable":true,"href":"https:\/\/www.leeb-balkone.com\/it\/wp-json\/wp\/v2\/folder?post=19400"}],"curies":[{"name":"wp","href":"https:\/\/api.w.org\/{rel}","templated":true}]}}