{"id":19359,"date":"2020-09-04T07:57:08","date_gmt":"2020-09-04T07:57:08","guid":{"rendered":"https:\/\/www.leeb-balkone.com\/de\/service\/fotomontage\/"},"modified":"2021-02-09T14:41:39","modified_gmt":"2021-02-09T14:41:39","slug":"fotomontaggio","status":"publish","type":"page","link":"https:\/\/www.leeb-balkone.com\/it\/servizi\/fotomontaggio\/","title":{"rendered":"Fotomontaggio"},"content":{"rendered":"<header data-block_5ed673af9a55a class=\"c-fh  l-mh-small c-fh--hero c-grad-l2r c-fh--div none\">\n      <img loading=\"lazy\" decoding=\"async\" width=\"2560\" height=\"1536\" src=\"https:\/\/www.leeb-balkone.com\/app\/uploads\/2020\/08\/leeb-balkone-planungsservice-scaled.jpeg\" class=\"no-lazy\" alt=\"leeb balkone planungsservice\" srcset=\"https:\/\/www.leeb-balkone.com\/app\/uploads\/2020\/08\/leeb-balkone-planungsservice-scaled.jpeg 2560w, https:\/\/www.leeb-balkone.com\/app\/uploads\/2020\/08\/leeb-balkone-planungsservice-300x180.jpeg 300w, https:\/\/www.leeb-balkone.com\/app\/uploads\/2020\/08\/leeb-balkone-planungsservice-1024x614.jpeg 1024w, https:\/\/www.leeb-balkone.com\/app\/uploads\/2020\/08\/leeb-balkone-planungsservice-768x461.jpeg 768w, https:\/\/www.leeb-balkone.com\/app\/uploads\/2020\/08\/leeb-balkone-planungsservice-1536x922.jpeg 1536w, https:\/\/www.leeb-balkone.com\/app\/uploads\/2020\/08\/leeb-balkone-planungsservice-2048x1229.jpeg 2048w\" sizes=\"auto, (min-width: 1536px) 2048px, (min-width: 992px) 1536px, (min-width: 768px) 1024px, (min-width: 576px) 768px, 100vw\" \/>\n\n\n<div class=\"grid-container\">\n  <div class=\"grid-x\">\n    <div class=\"cell small-12 medium-6 medium-offset-1\">\n      <div class=\"c-fh__wrapper\">\n                              <p>Uno sguardo al futuro<\/p>\n                        <\/div>\n    <\/div>\n  <\/div>\n<\/div>\n  \n    \n    <\/header>\n\n\n  \n  <section class=\"wp-block-group alignfull t3-header u-max-wide t3-header-text has-white-background-color has-background has-global-padding is-layout-constrained wp-block-group-is-layout-constrained\">\n    <div class=\"wp-block-group o-grid u-md-1 u-sm-1 is-layout-flow wp-block-group-is-layout-flow\">\n  <div class=\"wp-block-group u-g-10 u-g-s-2\">\n      <div class=\"yoast-breadcrumbs\"><span><span><a href=\"https:\/\/www.leeb-balkone.com\/it\/\">Home<\/a><\/span><\/span><\/div>\n      \n    <h1>Fotomontaggio<\/h1>\n  <\/div>\n<\/div>\n  <\/section>\n\n\n\n\n\n\n<section id=\"first-section\" class=\"wp-block-cgb-t3-section-block alignfull b-pt-small  is-style-bg-transparent\" style=\"display:inherit;min-height:inherit\">\n<div class=\"wp-block-cgb-t3-container-block none\" style=\"background-color:none\"><div class=\"grid-container\"><div class=\"grid-x\"><div class=\"cell small-12 medium-9 large-0 medium-offset-1 b-has-lsmb\">\n<p>Con LEEB potrete essere sicuri che il balcone che avete scelto si adatter\u00e0 perfettamente alla vostra abitazione. Con il fotomontaggio LEEB tutto \u00e8 possibile. Potrete paragonare i diversi modelli e le combinazioni di colore e cercare cos\u00ec il balcone che desiderate.<\/p>\n\n\n\n<p>Utilizzate questo servizio prima di ordinare il vostro balcone LEEB, e nella scelta andrete sul sicuro. L\u2019azienda LEEB mette a vostra disposizione un consulente personale che vi aiuter\u00e0 a scegliere lo stile adatto per la vostra abitazione.<\/p>\n<\/div><\/div><\/div><\/div>\n\n\n\n<div class=\"wp-block-cgb-t3-container-block none\" style=\"background-color:none\"><div class=\"grid-container\"><div class=\"grid-x\"><div class=\"cell small-12 medium-0 large-0\"><div id=\"lightgallery-block_5f51f2def662e\" data-block_5f51f2def662e class=\"has-4-imgs b-cards b-cards--gallery u-grid-temp has-2-cols u-md-2 u-sm-1 wp-block-group is-layout-grid wp-block-group-is-layout-grid gallery alignwide\">\n\n        <div class=\"b-cards__item\">\n\n        \n      <figure>\n                 <img loading=\"lazy\" decoding=\"async\" width=\"1024\" height=\"574\" src=\"https:\/\/www.leeb-balkone.com\/app\/uploads\/2021\/01\/alu-balkongelaender-3d-konfigurator-fotomontage-1024x574.jpg\" class=\"attachment-large size-large\" alt=\"alu balkongelaender 3d konfigurator fotomontage e1610099536670\" srcset=\"https:\/\/www.leeb-balkone.com\/app\/uploads\/2021\/01\/alu-balkongelaender-3d-konfigurator-fotomontage-1024x574.jpg 1024w, https:\/\/www.leeb-balkone.com\/app\/uploads\/2021\/01\/alu-balkongelaender-3d-konfigurator-fotomontage-300x168.jpg 300w, https:\/\/www.leeb-balkone.com\/app\/uploads\/2021\/01\/alu-balkongelaender-3d-konfigurator-fotomontage-768x431.jpg 768w, https:\/\/www.leeb-balkone.com\/app\/uploads\/2021\/01\/alu-balkongelaender-3d-konfigurator-fotomontage-1536x861.jpg 1536w, https:\/\/www.leeb-balkone.com\/app\/uploads\/2021\/01\/alu-balkongelaender-3d-konfigurator-fotomontage-2048x1148.jpg 2048w\" sizes=\"auto, (min-width: 1200px) 1024px, (min-width: 1024px) 768px, (min-width: 640px) 768px, 768px\" \/>              <\/figure>\n\n                  \n  \n<\/div>\n\n        <div class=\"b-cards__item\">\n\n        \n      <figure>\n                 <img loading=\"lazy\" decoding=\"async\" width=\"1024\" height=\"669\" src=\"https:\/\/www.leeb-balkone.com\/app\/uploads\/2021\/01\/alu-balkongelaender-3d-konfigurator-fotomontage-3-1024x669.jpg\" class=\"attachment-large size-large\" alt=\"alu balkongelaender 3d konfigurator fotomontage 3\" srcset=\"https:\/\/www.leeb-balkone.com\/app\/uploads\/2021\/01\/alu-balkongelaender-3d-konfigurator-fotomontage-3-1024x669.jpg 1024w, https:\/\/www.leeb-balkone.com\/app\/uploads\/2021\/01\/alu-balkongelaender-3d-konfigurator-fotomontage-3-300x196.jpg 300w, https:\/\/www.leeb-balkone.com\/app\/uploads\/2021\/01\/alu-balkongelaender-3d-konfigurator-fotomontage-3-768x501.jpg 768w, https:\/\/www.leeb-balkone.com\/app\/uploads\/2021\/01\/alu-balkongelaender-3d-konfigurator-fotomontage-3-1536x1003.jpg 1536w, https:\/\/www.leeb-balkone.com\/app\/uploads\/2021\/01\/alu-balkongelaender-3d-konfigurator-fotomontage-3-2048x1337.jpg 2048w\" sizes=\"auto, (min-width: 1200px) 1024px, (min-width: 1024px) 768px, (min-width: 640px) 768px, 768px\" \/>              <\/figure>\n\n                  \n  \n<\/div>\n\n        <div class=\"b-cards__item\">\n\n        \n      <figure>\n                 <img loading=\"lazy\" decoding=\"async\" width=\"1024\" height=\"768\" src=\"https:\/\/www.leeb-balkone.com\/app\/uploads\/2020\/07\/vorstellbalkon-mit-stuetzen-24-1024x768.jpg\" class=\"attachment-large size-large\" alt=\"Doppelhaush\u00e4lfte mit Alu-Vorstellbalkon\" srcset=\"https:\/\/www.leeb-balkone.com\/app\/uploads\/2020\/07\/vorstellbalkon-mit-stuetzen-24-1024x768.jpg 1024w, https:\/\/www.leeb-balkone.com\/app\/uploads\/2020\/07\/vorstellbalkon-mit-stuetzen-24-300x225.jpg 300w, https:\/\/www.leeb-balkone.com\/app\/uploads\/2020\/07\/vorstellbalkon-mit-stuetzen-24-768x576.jpg 768w, https:\/\/www.leeb-balkone.com\/app\/uploads\/2020\/07\/vorstellbalkon-mit-stuetzen-24-1536x1153.jpg 1536w, https:\/\/www.leeb-balkone.com\/app\/uploads\/2020\/07\/vorstellbalkon-mit-stuetzen-24-2048x1537.jpg 2048w\" sizes=\"auto, (min-width: 1200px) 1024px, (min-width: 1024px) 768px, (min-width: 640px) 768px, 768px\" \/>              <\/figure>\n\n                  \n  \n<\/div>\n\n        <div class=\"b-cards__item\">\n\n        \n      <figure>\n                 <img loading=\"lazy\" decoding=\"async\" width=\"1024\" height=\"720\" src=\"https:\/\/www.leeb-balkone.com\/app\/uploads\/2020\/07\/vorstellbalkon-mit-stuetzen-110-1024x720.jpg\" class=\"attachment-large size-large\" alt=\"vorstellbalkon mit stuetzen 110\" srcset=\"https:\/\/www.leeb-balkone.com\/app\/uploads\/2020\/07\/vorstellbalkon-mit-stuetzen-110-1024x720.jpg 1024w, https:\/\/www.leeb-balkone.com\/app\/uploads\/2020\/07\/vorstellbalkon-mit-stuetzen-110-300x211.jpg 300w, https:\/\/www.leeb-balkone.com\/app\/uploads\/2020\/07\/vorstellbalkon-mit-stuetzen-110-768x540.jpg 768w, https:\/\/www.leeb-balkone.com\/app\/uploads\/2020\/07\/vorstellbalkon-mit-stuetzen-110-1536x1081.jpg 1536w, https:\/\/www.leeb-balkone.com\/app\/uploads\/2020\/07\/vorstellbalkon-mit-stuetzen-110-2048x1441.jpg 2048w\" sizes=\"auto, (min-width: 1200px) 1024px, (min-width: 1024px) 768px, (min-width: 640px) 768px, 768px\" \/>              <\/figure>\n\n                  \n  \n<\/div>\n\n    <\/div>\n\n<\/div><\/div><\/div><\/div>\n\n\n\n<div class=\"wp-block-cgb-t3-container-block none\" style=\"background-color:none\"><div class=\"grid-container\"><div class=\"grid-x\"><div class=\"cell small-12 medium-9 large-0 medium-offset-1 b-has-lsmb\">\n<h3 class=\"wp-block-heading\"><strong><strong>3D Konfiguratore<\/strong><\/strong><\/h3>\n\n\n\n<p>I nostri consulenti per i balconi hanno a disposizione le tecnologie pi\u00f9 innovative. Possiamo offrirvi anche fotomontaggi con l\u2019applicazione per LEEB 3D Konfiguratore, che viene gestita direttamente dai nostri rappresentanti in loco.<\/p>\n\n\n\n<p>Il nostro personale professionale sar\u00e0 lieto di consigliarvi e di creare il vostro fotomontaggio personale.\u00a0<a href=\"https:\/\/www.leeb-balkone.com\/it\/contatti\/\">Fissate adesso il vostro appuntamento<\/a>.<\/p>\n<\/div><\/div><\/div><\/div>\n<\/section>\n\n\n\n<section class=\"wp-block-cgb-t3-section-block alignfull b-pt-none  is-style-bg-transparent\" style=\"display:inherit;min-height:inherit\">\n<div class=\"wp-block-cgb-t3-container-block b-has-offset-b\" style=\"background-color:#EE7203\"><div class=\"has-padding none grid-container-wrapper\"><div class=\"grid-container\"><div class=\"grid-x\"><div class=\"cell small-12 medium-9 large-0 medium-offset-1 b-has-lsmb\">\n<h2 class=\"has-light-gray-color has-text-color wp-block-heading\"><span class=\"h2ash1\"><strong><strong>BALCONI LEEB \u2013 QUALIT\u00c0 SENZA COMPROMESSI<\/strong><\/strong><\/span><\/h2>\n\n\n\n<p class=\"has-white-color has-text-color\"><span class=\"teaser\"><strong>Quale azienda leader nella costruzione di balconi, con oltre 100.000 clienti soddisfatti in tutta Europa, potete ritenere di essere in buone mani rivolgendovi ai nostri consulenti.<\/strong><\/span><\/p>\n<\/div><\/div><\/div><\/div><\/div>\n\n\n\n<div class=\"wp-block-cgb-t3-container-block none\" style=\"background-color:none\"><div class=\"grid-container\"><div class=\"grid-x\"><div class=\"cell small-12 medium-12 large-0\"><div class=\"u-grid-temp has-2-cols u-md-2 u-sm-1 is-style-transparent-cards offset wp-block-group is-layout-grid wp-block-group-is-layout-grid\">\n\n\n  \n\n            <div class=\"wp-block-group m-card is-layout-flow wp-block-group-is-layout-flow\">\n      <figure data-imgid=\"13212\" class=\"wp-block-image size-large\">\n      <a href=\"https:\/\/www.leeb-balkone.com\/it\/tecnologia\/alu-comfort-plus\/\" class=\"no-default-link\">\n        <img decoding=\"async\" width=\"768\" height=\"499\" src=\"https:\/\/www.leeb-balkone.com\/app\/uploads\/2020\/04\/shutterstock_4878571_red-768x499.jpg\" class=\"attachment-medium_large size-medium_large\" alt=\"Alu Comfort Plus - Rivestimento a polvere brevettato con effetto loto di Leeb Balconies\" title=\"Alu Comfort Plus\" loading=\"lazy\" srcset=\"https:\/\/www.leeb-balkone.com\/app\/uploads\/2020\/04\/shutterstock_4878571_red-768x499.jpg 768w, https:\/\/www.leeb-balkone.com\/app\/uploads\/2020\/04\/shutterstock_4878571_red-1024x665.jpg 1024w, https:\/\/www.leeb-balkone.com\/app\/uploads\/2020\/04\/shutterstock_4878571_red-300x195.jpg 300w, https:\/\/www.leeb-balkone.com\/app\/uploads\/2020\/04\/shutterstock_4878571_red-1536x997.jpg 1536w, https:\/\/www.leeb-balkone.com\/app\/uploads\/2020\/04\/shutterstock_4878571_red-2048x1330.jpg 2048w\" sizes=\"auto, (min-width: 1200px) 360px, (min-width: 1024px) 300px, (min-width: 640px) 768px, 768px\" \/>      <\/a>\n    <\/figure>\n  \n  <div class=\"wp-block-group m-card-content is-vertical is-layout-flex wp-block-group-is-layout-flex\">\n            <h3 class=\"wp-block-heading\">\n          <a href=\"https:\/\/www.leeb-balkone.com\/it\/tecnologia\/alu-comfort-plus\/\" class=\"no-default-link\">Alu Comfort Plus<\/a>\n        <\/h3>\n        <p>L&#8217;esclusiva e brevettata superficie ALU COMFORT PLUS\u00ae con effetto loto altamente efficace \u00e8 l&#8217;essenza di un&#8217;innovazione costante.<\/p>\n          <a href=\"https:\/\/www.leeb-balkone.com\/it\/tecnologia\/alu-comfort-plus\/\" class=\"more\">Per saperne di pi\u00f9<\/a>\n      <\/div>\n<\/div>\n\n          <div class=\"wp-block-group m-card is-layout-flow wp-block-group-is-layout-flow\">\n      <figure data-imgid=\"44231\" class=\"wp-block-image size-large\">\n      <a href=\"https:\/\/www.leeb-balkone.com\/it\/azienda\/referenze\/\" class=\"no-default-link\">\n        <img decoding=\"async\" width=\"768\" height=\"511\" src=\"https:\/\/www.leeb-balkone.com\/app\/uploads\/2020\/07\/balkongelaender-alu-design-genf-20-1-768x511.jpg\" class=\"attachment-medium_large size-medium_large\" alt=\"Moderna ringhiera del balcone in alluminio con un look senza tempo - Balcone in alluminio Alu Design Genf\" title=\"Referenze dei clienti\" loading=\"lazy\" srcset=\"https:\/\/www.leeb-balkone.com\/app\/uploads\/2020\/07\/balkongelaender-alu-design-genf-20-1-768x511.jpg 768w, https:\/\/www.leeb-balkone.com\/app\/uploads\/2020\/07\/balkongelaender-alu-design-genf-20-1-300x200.jpg 300w, https:\/\/www.leeb-balkone.com\/app\/uploads\/2020\/07\/balkongelaender-alu-design-genf-20-1-1024x681.jpg 1024w, https:\/\/www.leeb-balkone.com\/app\/uploads\/2020\/07\/balkongelaender-alu-design-genf-20-1-1536x1022.jpg 1536w, https:\/\/www.leeb-balkone.com\/app\/uploads\/2020\/07\/balkongelaender-alu-design-genf-20-1-2048x1363.jpg 2048w\" sizes=\"auto, (min-width: 1200px) 360px, (min-width: 1024px) 300px, (min-width: 640px) 768px, 768px\" \/>      <\/a>\n    <\/figure>\n  \n  <div class=\"wp-block-group m-card-content is-vertical is-layout-flex wp-block-group-is-layout-flex\">\n            <h3 class=\"wp-block-heading\">\n          <a href=\"https:\/\/www.leeb-balkone.com\/it\/azienda\/referenze\/\" class=\"no-default-link\">Referenze dei clienti<\/a>\n        <\/h3>\n        <p>Oltre 60 anni di esperienza e pi\u00f9 di 100.000 clienti in Austria, Germania, Italia, Francia e Svizzera ci hanno reso lo specialista leader nel settore dei balconi e delle recinzioni.  <\/p>\n          <a href=\"https:\/\/www.leeb-balkone.com\/it\/azienda\/referenze\/\" class=\"more\">Per saperne di pi\u00f9<\/a>\n      <\/div>\n<\/div>\n\n          <div class=\"wp-block-group m-card is-layout-flow wp-block-group-is-layout-flow\">\n      <figure data-imgid=\"44736\" class=\"wp-block-image size-large\">\n      <a href=\"https:\/\/www.leeb-balkone.com\/it\/partner-commerciali\/\" class=\"no-default-link\">\n        <img decoding=\"async\" width=\"768\" height=\"453\" src=\"https:\/\/www.leeb-balkone.com\/app\/uploads\/2020\/12\/firma-leeb-balkone-zentrale-gnesau-scaled-e1624345570124-768x453.jpg\" class=\"attachment-medium_large size-medium_large\" alt=\"Sede dell&#039;azienda Leeb Balkone GmbH a Gnesau\" title=\"Localit\u00e0 Leeb\" loading=\"lazy\" srcset=\"https:\/\/www.leeb-balkone.com\/app\/uploads\/2020\/12\/firma-leeb-balkone-zentrale-gnesau-scaled-e1624345570124-768x453.jpg 768w, https:\/\/www.leeb-balkone.com\/app\/uploads\/2020\/12\/firma-leeb-balkone-zentrale-gnesau-scaled-e1624345570124-300x177.jpg 300w, https:\/\/www.leeb-balkone.com\/app\/uploads\/2020\/12\/firma-leeb-balkone-zentrale-gnesau-scaled-e1624345570124-1024x604.jpg 1024w, https:\/\/www.leeb-balkone.com\/app\/uploads\/2020\/12\/firma-leeb-balkone-zentrale-gnesau-scaled-e1624345570124-1536x906.jpg 1536w, https:\/\/www.leeb-balkone.com\/app\/uploads\/2020\/12\/firma-leeb-balkone-zentrale-gnesau-scaled-e1624345570124-2048x1208.jpg 2048w\" sizes=\"auto, (min-width: 1200px) 360px, (min-width: 1024px) 300px, (min-width: 640px) 768px, 768px\" \/>      <\/a>\n    <\/figure>\n  \n  <div class=\"wp-block-group m-card-content is-vertical is-layout-flex wp-block-group-is-layout-flex\">\n            <h3 class=\"wp-block-heading\">\n          <a href=\"https:\/\/www.leeb-balkone.com\/it\/partner-commerciali\/\" class=\"no-default-link\">Localit\u00e0 Leeb<\/a>\n        <\/h3>\n        <p>La nostra rete di vendita comprende circa 100 partner Leeb in Austria, Germania, Italia, Svizzera, Slovacchia e Slovenia. C&#8217;\u00e8 sempre un partner Leeb vicino a te! <\/p>\n          <a href=\"https:\/\/www.leeb-balkone.com\/it\/partner-commerciali\/\" class=\"more\">Trova un partner di vendita<\/a>\n      <\/div>\n<\/div>\n\n          <div class=\"wp-block-group m-card is-layout-flow wp-block-group-is-layout-flow\">\n      <figure data-imgid=\"134741\" class=\"wp-block-image size-large\">\n      <a href=\"https:\/\/www.leeb-balkone.com\/it\/azienda\/qualita-certificata\/\" class=\"no-default-link\">\n        <img decoding=\"async\" width=\"768\" height=\"576\" src=\"https:\/\/www.leeb-balkone.com\/app\/uploads\/2024\/01\/Austria-Guetezeichen-768x576.jpg\" class=\"attachment-medium_large size-medium_large\" alt=\"Austria Guetezeichen\" title=\"Qualit\u00e0 certificata\" loading=\"lazy\" srcset=\"https:\/\/www.leeb-balkone.com\/app\/uploads\/2024\/01\/Austria-Guetezeichen-768x576.jpg 768w, https:\/\/www.leeb-balkone.com\/app\/uploads\/2024\/01\/Austria-Guetezeichen-300x225.jpg 300w, https:\/\/www.leeb-balkone.com\/app\/uploads\/2024\/01\/Austria-Guetezeichen-1024x767.jpg 1024w, https:\/\/www.leeb-balkone.com\/app\/uploads\/2024\/01\/Austria-Guetezeichen-1536x1151.jpg 1536w, https:\/\/www.leeb-balkone.com\/app\/uploads\/2024\/01\/Austria-Guetezeichen.jpg 2000w\" sizes=\"auto, (min-width: 1200px) 360px, (min-width: 1024px) 300px, (min-width: 640px) 768px, 768px\" \/>      <\/a>\n    <\/figure>\n  \n  <div class=\"wp-block-group m-card-content is-vertical is-layout-flex wp-block-group-is-layout-flex\">\n            <h3 class=\"wp-block-heading\">\n          <a href=\"https:\/\/www.leeb-balkone.com\/it\/azienda\/qualita-certificata\/\" class=\"no-default-link\">Qualit\u00e0 certificata<\/a>\n        <\/h3>\n        <p>Il continuo sviluppo dei nostri processi lavorativi e dei nostri prodotti caratterizza la qualit\u00e0 di Leeb. Guarda tu stesso: con noi investi in un futuro sicuro! <\/p>\n          <a href=\"https:\/\/www.leeb-balkone.com\/it\/azienda\/qualita-certificata\/\" class=\"more\">Per saperne di pi\u00f9<\/a>\n      <\/div>\n<\/div>\n\n      \n<\/div>\n<\/div><\/div><\/div><\/div>\n<\/section>\n\n\n","protected":false},"excerpt":{"rendered":"","protected":false},"author":1,"featured_media":0,"parent":163792,"menu_order":1,"comment_status":"closed","ping_status":"closed","template":"template-onepager.blade.php","meta":{"_acf_changed":false,"footnotes":"","_sage_theme_css":true,"_wp_block_core_css":false},"folder":[257],"class_list":["post-19359","page","type-page","status-publish","hentry"],"acf":[],"yoast_head":"<!-- This site is optimized with the Yoast SEO plugin v27.2 - https:\/\/yoast.com\/product\/yoast-seo-wordpress\/ -->\n<title>Fotomontaggio - BALCONI LEEB Italia<\/title>\n<meta name=\"description\" content=\"Con LEEB potrete essere sicuri che il balcone che avete scelto si adatter\u00e0 perfettamente alla vostra abitazione. Con il fotomontaggio LEEB tutto \u00e8\" \/>\n<meta name=\"robots\" content=\"index, follow, max-snippet:-1, max-image-preview:large, max-video-preview:-1\" \/>\n<meta property=\"og:locale\" content=\"it_IT\" \/>\n<meta property=\"og:type\" content=\"article\" \/>\n<meta property=\"og:title\" content=\"Fotomontaggio - BALCONI LEEB\" \/>\n<meta property=\"og:description\" content=\"Con LEEB potrete essere sicuri che il balcone che avete scelto si adatter\u00e0 perfettamente alla vostra abitazione. Con il fotomontaggio LEEB tutto \u00e8\" \/>\n<meta property=\"og:url\" content=\"https:\/\/www.leeb-balkone.com\/it\/servizi\/fotomontaggio\/\" \/>\n<meta property=\"og:site_name\" content=\"BALCONI LEEB\" \/>\n<meta property=\"article:publisher\" content=\"https:\/\/www.facebook.com\/balkone\/\" \/>\n<meta property=\"article:modified_time\" content=\"2021-02-09T14:41:39+00:00\" \/>\n<meta property=\"og:image\" content=\"https:\/\/www.leeb-balkone.com\/app\/uploads\/2020\/09\/alu-balkongelaender-zufriedene-kunden-1.jpg\" \/>\n\t<meta property=\"og:image:width\" content=\"2560\" \/>\n\t<meta property=\"og:image:height\" content=\"1762\" \/>\n\t<meta property=\"og:image:type\" content=\"image\/jpeg\" \/>\n<meta name=\"twitter:card\" content=\"summary_large_image\" \/>\n<script type=\"application\/ld+json\" class=\"yoast-schema-graph\">{\"@context\":\"https:\/\/schema.org\",\"@graph\":[{\"@type\":\"WebPage\",\"@id\":\"https:\/\/www.leeb-balkone.com\/it\/servizi\/fotomontaggio\/\",\"url\":\"https:\/\/www.leeb-balkone.com\/it\/servizi\/fotomontaggio\/\",\"name\":\"Fotomontaggio - BALCONI LEEB\",\"isPartOf\":{\"@id\":\"https:\/\/www.leeb-balkone.com\/it\/#website\"},\"datePublished\":\"2020-09-04T07:57:08+00:00\",\"dateModified\":\"2021-02-09T14:41:39+00:00\",\"description\":\"Con LEEB potrete essere sicuri che il balcone che avete scelto si adatter\u00e0 perfettamente alla vostra abitazione. Con il fotomontaggio LEEB tutto \u00e8\",\"breadcrumb\":{\"@id\":\"https:\/\/www.leeb-balkone.com\/it\/servizi\/fotomontaggio\/#breadcrumb\"},\"inLanguage\":\"it-IT\",\"potentialAction\":[{\"@type\":\"ReadAction\",\"target\":[\"https:\/\/www.leeb-balkone.com\/it\/servizi\/fotomontaggio\/\"]}]},{\"@type\":\"BreadcrumbList\",\"@id\":\"https:\/\/www.leeb-balkone.com\/it\/servizi\/fotomontaggio\/#breadcrumb\",\"itemListElement\":[{\"@type\":\"ListItem\",\"position\":1,\"name\":\"Home\",\"item\":\"https:\/\/www.leeb-balkone.com\/it\/\"},{\"@type\":\"ListItem\",\"position\":2,\"name\":\"Servizi\",\"item\":\"https:\/\/www.leeb-balkone.com\/it\/servizi\/\"},{\"@type\":\"ListItem\",\"position\":3,\"name\":\"Fotomontaggio\"}]},{\"@type\":\"WebSite\",\"@id\":\"https:\/\/www.leeb-balkone.com\/it\/#website\",\"url\":\"https:\/\/www.leeb-balkone.com\/it\/\",\"name\":\"BALCONI LEEB\",\"description\":\"Balkone und Z\u00e4une\",\"publisher\":{\"@id\":\"https:\/\/www.leeb-balkone.com\/it\/#organization\"},\"potentialAction\":[{\"@type\":\"SearchAction\",\"target\":{\"@type\":\"EntryPoint\",\"urlTemplate\":\"https:\/\/www.leeb-balkone.com\/it\/?s={search_term_string}\"},\"query-input\":{\"@type\":\"PropertyValueSpecification\",\"valueRequired\":true,\"valueName\":\"search_term_string\"}}],\"inLanguage\":\"it-IT\"},{\"@type\":\"Organization\",\"@id\":\"https:\/\/www.leeb-balkone.com\/it\/#organization\",\"name\":\"Leeb Balkone Gmbh\",\"url\":\"https:\/\/www.leeb-balkone.com\/it\/\",\"logo\":{\"@type\":\"ImageObject\",\"inLanguage\":\"it-IT\",\"@id\":\"https:\/\/www.leeb-balkone.com\/it\/#\/schema\/logo\/image\/\",\"url\":\"https:\/\/www.leeb-balkone.com\/app\/uploads\/2020\/11\/leeb-logo.svg\",\"contentUrl\":\"https:\/\/www.leeb-balkone.com\/app\/uploads\/2020\/11\/leeb-logo.svg\",\"width\":741,\"height\":204,\"caption\":\"Leeb Balkone Gmbh\"},\"image\":{\"@id\":\"https:\/\/www.leeb-balkone.com\/it\/#\/schema\/logo\/image\/\"},\"sameAs\":[\"https:\/\/www.facebook.com\/balkone\/\",\"https:\/\/www.trustedshops.at\/bewertung\/info_X4587CCF5833E31AFE0B11F47D86999F2.html\",\"https:\/\/www.trustedshops.de\/bewertung\/info_X7BA536A7A0BDC86D36C4718E4DCAEEEF.html\",\"https:\/\/www.google.com\/maps\/place\/?q=place_id:ChIJ5-zH19-IcEcR9HonWRTllHI\"]}]}<\/script>\n<!-- \/ Yoast SEO plugin. -->","yoast_head_json":{"title":"Fotomontaggio - BALCONI LEEB Italia","description":"Con LEEB potrete essere sicuri che il balcone che avete scelto si adatter\u00e0 perfettamente alla vostra abitazione. Con il fotomontaggio LEEB tutto \u00e8","robots":{"index":"index","follow":"follow","max-snippet":"max-snippet:-1","max-image-preview":"max-image-preview:large","max-video-preview":"max-video-preview:-1"},"og_locale":"it_IT","og_type":"article","og_title":"Fotomontaggio - BALCONI LEEB","og_description":"Con LEEB potrete essere sicuri che il balcone che avete scelto si adatter\u00e0 perfettamente alla vostra abitazione. Con il fotomontaggio LEEB tutto \u00e8","og_url":"https:\/\/www.leeb-balkone.com\/it\/servizi\/fotomontaggio\/","og_site_name":"BALCONI LEEB","article_publisher":"https:\/\/www.facebook.com\/balkone\/","article_modified_time":"2021-02-09T14:41:39+00:00","og_image":[{"width":2560,"height":1762,"url":"https:\/\/www.leeb-balkone.com\/app\/uploads\/2020\/09\/alu-balkongelaender-zufriedene-kunden-1.jpg","type":"image\/jpeg"}],"twitter_card":"summary_large_image","schema":{"@context":"https:\/\/schema.org","@graph":[{"@type":"WebPage","@id":"https:\/\/www.leeb-balkone.com\/it\/servizi\/fotomontaggio\/","url":"https:\/\/www.leeb-balkone.com\/it\/servizi\/fotomontaggio\/","name":"Fotomontaggio - BALCONI LEEB","isPartOf":{"@id":"https:\/\/www.leeb-balkone.com\/it\/#website"},"datePublished":"2020-09-04T07:57:08+00:00","dateModified":"2021-02-09T14:41:39+00:00","description":"Con LEEB potrete essere sicuri che il balcone che avete scelto si adatter\u00e0 perfettamente alla vostra abitazione. Con il fotomontaggio LEEB tutto \u00e8","breadcrumb":{"@id":"https:\/\/www.leeb-balkone.com\/it\/servizi\/fotomontaggio\/#breadcrumb"},"inLanguage":"it-IT","potentialAction":[{"@type":"ReadAction","target":["https:\/\/www.leeb-balkone.com\/it\/servizi\/fotomontaggio\/"]}]},{"@type":"BreadcrumbList","@id":"https:\/\/www.leeb-balkone.com\/it\/servizi\/fotomontaggio\/#breadcrumb","itemListElement":[{"@type":"ListItem","position":1,"name":"Home","item":"https:\/\/www.leeb-balkone.com\/it\/"},{"@type":"ListItem","position":2,"name":"Servizi","item":"https:\/\/www.leeb-balkone.com\/it\/servizi\/"},{"@type":"ListItem","position":3,"name":"Fotomontaggio"}]},{"@type":"WebSite","@id":"https:\/\/www.leeb-balkone.com\/it\/#website","url":"https:\/\/www.leeb-balkone.com\/it\/","name":"BALCONI LEEB","description":"Balkone und Z\u00e4une","publisher":{"@id":"https:\/\/www.leeb-balkone.com\/it\/#organization"},"potentialAction":[{"@type":"SearchAction","target":{"@type":"EntryPoint","urlTemplate":"https:\/\/www.leeb-balkone.com\/it\/?s={search_term_string}"},"query-input":{"@type":"PropertyValueSpecification","valueRequired":true,"valueName":"search_term_string"}}],"inLanguage":"it-IT"},{"@type":"Organization","@id":"https:\/\/www.leeb-balkone.com\/it\/#organization","name":"Leeb Balkone Gmbh","url":"https:\/\/www.leeb-balkone.com\/it\/","logo":{"@type":"ImageObject","inLanguage":"it-IT","@id":"https:\/\/www.leeb-balkone.com\/it\/#\/schema\/logo\/image\/","url":"https:\/\/www.leeb-balkone.com\/app\/uploads\/2020\/11\/leeb-logo.svg","contentUrl":"https:\/\/www.leeb-balkone.com\/app\/uploads\/2020\/11\/leeb-logo.svg","width":741,"height":204,"caption":"Leeb Balkone Gmbh"},"image":{"@id":"https:\/\/www.leeb-balkone.com\/it\/#\/schema\/logo\/image\/"},"sameAs":["https:\/\/www.facebook.com\/balkone\/","https:\/\/www.trustedshops.at\/bewertung\/info_X4587CCF5833E31AFE0B11F47D86999F2.html","https:\/\/www.trustedshops.de\/bewertung\/info_X7BA536A7A0BDC86D36C4718E4DCAEEEF.html","https:\/\/www.google.com\/maps\/place\/?q=place_id:ChIJ5-zH19-IcEcR9HonWRTllHI"]}]}},"_links":{"self":[{"href":"https:\/\/www.leeb-balkone.com\/it\/wp-json\/wp\/v2\/pages\/19359","targetHints":{"allow":["GET"]}}],"collection":[{"href":"https:\/\/www.leeb-balkone.com\/it\/wp-json\/wp\/v2\/pages"}],"about":[{"href":"https:\/\/www.leeb-balkone.com\/it\/wp-json\/wp\/v2\/types\/page"}],"author":[{"embeddable":true,"href":"https:\/\/www.leeb-balkone.com\/it\/wp-json\/wp\/v2\/users\/1"}],"replies":[{"embeddable":true,"href":"https:\/\/www.leeb-balkone.com\/it\/wp-json\/wp\/v2\/comments?post=19359"}],"version-history":[{"count":0,"href":"https:\/\/www.leeb-balkone.com\/it\/wp-json\/wp\/v2\/pages\/19359\/revisions"}],"up":[{"embeddable":true,"href":"https:\/\/www.leeb-balkone.com\/it\/wp-json\/wp\/v2\/pages\/163792"}],"wp:attachment":[{"href":"https:\/\/www.leeb-balkone.com\/it\/wp-json\/wp\/v2\/media?parent=19359"}],"wp:term":[{"taxonomy":"folder","embeddable":true,"href":"https:\/\/www.leeb-balkone.com\/it\/wp-json\/wp\/v2\/folder?post=19359"}],"curies":[{"name":"wp","href":"https:\/\/api.w.org\/{rel}","templated":true}]}}