{"id":17352,"date":"2020-08-26T13:42:26","date_gmt":"2020-08-26T13:42:26","guid":{"rendered":"https:\/\/www.leeb-balkone.com\/de\/kontakt\/kontaktformular\/"},"modified":"2026-04-10T13:34:11","modified_gmt":"2026-04-10T13:34:11","slug":"contatti","status":"publish","type":"page","link":"https:\/\/www.leeb-balkone.com\/it\/contatti\/","title":{"rendered":"Informazioni di contatto"},"content":{"rendered":"<header data-block_acf-block-69d8fc51d36f1 class=\"c-fh  l-mh-small c-fh--hero c-grad-l2r c-fh--div none\">\n      <img loading=\"lazy\" decoding=\"async\" width=\"1920\" height=\"599\" src=\"https:\/\/www.leeb-balkone.com\/app\/uploads\/2020\/09\/balkon-alu-header-3.jpg\" class=\"no-lazy\" alt=\"balkon alu header 3\" srcset=\"https:\/\/www.leeb-balkone.com\/app\/uploads\/2020\/09\/balkon-alu-header-3-300x94.jpg 300w, https:\/\/www.leeb-balkone.com\/app\/uploads\/2020\/09\/balkon-alu-header-3-1024x319.jpg 1024w, https:\/\/www.leeb-balkone.com\/app\/uploads\/2020\/09\/balkon-alu-header-3-768x240.jpg 768w, https:\/\/www.leeb-balkone.com\/app\/uploads\/2020\/09\/balkon-alu-header-3-1536x479.jpg 1536w\" sizes=\"auto, (min-width: 1536px) 2048px, (min-width: 992px) 1536px, (min-width: 768px) 1024px, (min-width: 576px) 768px, 100vw\" \/>\n\n\n<div class=\"grid-container\">\n  <div class=\"grid-x\">\n    <div class=\"cell small-12 medium-6 medium-offset-1\">\n      <div class=\"c-fh__wrapper\">\n                              <p>Avete bisogno di ulteriori informazioni? Allora mettetevi in contatto con noi!<\/p>\n                        <\/div>\n    <\/div>\n  <\/div>\n<\/div>\n  \n    \n    <\/header>\n\n\n  \n  <section class=\"wp-block-group alignfull t3-header u-max-wide t3-header-text has-white-background-color has-background has-global-padding is-layout-constrained wp-block-group-is-layout-constrained\">\n    <div class=\"wp-block-group o-grid u-md-1 u-sm-1 is-layout-flow wp-block-group-is-layout-flow\">\n  <div class=\"wp-block-group u-g-10 u-g-s-2\">\n      <div class=\"yoast-breadcrumbs\"><span><span><a href=\"https:\/\/www.leeb-balkone.com\/it\/\">Home<\/a><\/span><\/span><\/div>\n      \n    <h1>Informazioni di contatto<\/h1>\n  <\/div>\n<\/div>\n  <\/section>\n\n\n\n\n\n\n<section class=\"wp-block-cgb-t3-section-block alignfull b-pt-none b-pb-small is-style-bg-white\" style=\"display:inherit;min-height:inherit\">\n<div class=\"wp-block-cgb-t3-container-block none\" style=\"background-color:none\"><div class=\"grid-container\"><div class=\"grid-x\"><div class=\"cell small-12 medium-9 large-0 medium-offset-1 b-has-pt\">\n<p><span class=\"teaser\">Potete telefonarci ai numeri verdi gratuiti per l\u2019Austria, la Germania, la Svizzera e l\u2019Italia. Oppure inviateci le vostre richieste tramite e-mail. A tal scopo, utilizzate semplicemente il nostro modulo per le richieste.<\/span><\/p>\n<\/div><\/div><\/div><\/div>\n<\/section>\n\n\n\n<section class=\"wp-block-cgb-t3-section-block alignfull b-pt-none b-pb-small\" style=\"display:inherit;background-color:#F5F5F5;min-height:inherit\">\n<div class=\"wp-block-cgb-t3-container-block b-has-offset-h\" style=\"background-color:none\"><div class=\"grid-container\"><div class=\"grid-x\"><div class=\"cell small-12 medium-6 large-0 medium-offset-1\">\n<h2 class=\"wp-block-heading\">Non vediamo l\u2019ora di ricevere le vostre domande:<\/h2>\n<\/div><\/div><\/div><\/div>\n\n\n\n<div class=\"wp-block-cgb-t3-container-block none\" style=\"background-color:none\"><div class=\"grid-container\"><div class=\"o-grid u-sm-1 u-md-1\"><div class=\"u-g-7 u-g-s-2\"><form action=\"https:\/\/www.leeb-balkone.com\/it\/wp-json\/ws-form\/v1\/submit\" class=\"wsf-form wsf-form-canvas\" id=\"ws-form-1\" data-id=\"8\" data-instance-id=\"1\" method=\"POST\"><\/form>\n<\/div>\n    <div class=\"u-g-3 u-g-s-9\"><div class=\"t3-sidebar-buttons wp-block-buttons is-layout-flex wp-block-buttons-is-layout-flex\"><div class=\"wp-block-button is-style-fill icon-book icon-left\">\n                        <a class=\"wp-block-button__link has-secondary-color has-white-background-color has-text-color has-background has-link-color wp-element-button\" href=\"https:\/\/www.leeb-balkone.com\/it\/contatti\/richiesta-catalogo\/\" style=\"box-shadow:var(--wp--preset--shadow--box-shadow)\">Richiesta catalogo<\/a>\n                    <\/div><div class=\"wp-block-button is-style-fill icon-vp icon-left\">\n                        <a class=\"wp-block-button__link has-secondary-color has-white-background-color has-text-color has-background has-link-color wp-element-button\" href=\"https:\/\/www.leeb-balkone.com\/it\/partner-commerciali\/\">Partner per la distribuzione <span class=\"sr-only\">Partner commerciale Leeb Balkone Italia<\/span><\/a>\n                    <\/div><\/div>\n<p class=\"links\"><a class=\"link-block bgimg it\" href=\"tel:+393711472844\"><span class=\"title\">Hotline Italia<\/span><span class=\"descr\">+39 371 1472844<\/span><\/a><\/p><p class=\"links\"><a class=\"link-block bgimg int\" href=\"tel:+4342787000\"><span class=\"title\">Hotline internazionale<\/span><span class=\"descr\">+43 4278 7000<\/span><\/a><\/p>\n<\/div><\/div>\n\n\n<p><\/p>\n<\/div><\/div>\n<\/section>\n\n\n\n<section class=\"wp-block-cgb-t3-section-block alignfull b-pt-none b-pb-none\" style=\"display:inherit;min-height:inherit\"><\/section>\n\n\n\n\n\n<section class=\"wp-block-group alignfull has-white-background-color has-background has-global-padding is-layout-constrained wp-container-core-group-is-layout-52f96efc wp-block-group-is-layout-constrained\">\n<div class=\"wp-block-group o-grid u-md-1 is-layout-flow wp-block-group-is-layout-flow\" style=\"padding-top:0\">\n<div class=\"wp-block-group u-g-9 u-g-s-2 is-layout-flow wp-block-group-is-layout-flow\" style=\"margin-bottom:var(--wp--preset--spacing--s)\">\n<h2 class=\"wp-block-heading\">FAQ<\/h2>\n\n\n\n\n\n<div class=\"wp-block-t3-acc-accordion is-style-light\"><button id=\"accordion-9039173c-2e8b-4efd-8350-2e9312b12b28-button\" class=\"accordion__button\" aria-expanded=\"false\" aria-controls=\"accordion-9039173c-2e8b-4efd-8350-2e9312b12b28-panel\"><h3 data-accordion-title=\"true\" style=\"font-size:var(--step-1)\"><strong><strong><strong>Cosa succede dopo aver inviato la mia richiesta?<\/strong><\/strong><\/strong><\/h3><\/button><div id=\"accordion-9039173c-2e8b-4efd-8350-2e9312b12b28-panel\" class=\"accordion__panel\" role=\"region\" aria-labelledby=\"accordion-9039173c-2e8b-4efd-8350-2e9312b12b28-button\">\n<p>Le richieste relative al progetto vengono inoltrate direttamente al consulente Leeb responsabile della vostra regione, che vi contatter\u00e0 personalmente il prima possibile. Per domande generali, feedback o richieste di assistenza, il nostro team presso la sede centrale di Gnesau \u00e8 a vostra disposizione.<\/p>\n<\/div><\/div>\n\n\n\n<div class=\"wp-block-t3-acc-accordion is-style-light\"><button id=\"accordion-6bff6c86-1c2f-4c2d-8126-437aa9d80c53-button\" class=\"accordion__button\" aria-expanded=\"false\" aria-controls=\"accordion-6bff6c86-1c2f-4c2d-8126-437aa9d80c53-panel\"><h3 data-accordion-title=\"true\" style=\"font-size:var(--step-1)\"><strong><strong><strong>Come si svolge una consulenza con il mio partner Leeb?<\/strong><\/strong><\/strong><\/h3><\/button><div id=\"accordion-6bff6c86-1c2f-4c2d-8126-437aa9d80c53-panel\" class=\"accordion__panel\" role=\"region\" aria-labelledby=\"accordion-6bff6c86-1c2f-4c2d-8126-437aa9d80c53-button\">\n<p>Dopo averci contattato, il tuo consulente personale Leeb fisser\u00e0 un appuntamento, se lo desideri, presso la tua sede. Analizzer\u00e0 le condizioni strutturali, discuter\u00e0 le tue preferenze in merito a materiali, design e colori e creer\u00e0 una visualizzazione 3D personalizzata sotto forma di fotomontaggio direttamente sul tuo edificio. Sulla base di questa, riceverai un&#8217;offerta su misura, gratuita e senza impegno.<\/p>\n<\/div><\/div>\n\n\n\n<div class=\"wp-block-t3-acc-accordion is-style-light\"><button id=\"accordion-6ef8c5b2-7f88-4e76-aae8-ab746be1565e-button\" class=\"accordion__button\" aria-expanded=\"false\" aria-controls=\"accordion-6ef8c5b2-7f88-4e76-aae8-ab746be1565e-panel\"><h3 data-accordion-title=\"true\" style=\"font-size:var(--step-1)\"><strong><strong><strong>Dove posso vedere di persona i prodotti Leeb?<\/strong><\/strong><\/strong><\/h3><\/button><div id=\"accordion-6ef8c5b2-7f88-4e76-aae8-ab746be1565e-panel\" class=\"accordion__panel\" role=\"region\" aria-labelledby=\"accordion-6ef8c5b2-7f88-4e76-aae8-ab746be1565e-button\">\n<p>Leeb \u00e8 rappresentata da oltre 30 showroom in Austria, Germania, Svizzera, Italia e Slovenia. L\u00ec potrete esaminare personalmente la gamma di prodotti Leeb prima che un consulente Leeb vi prepari un&#8217;offerta personalizzata. Il nostro <a href=\"https:\/\/www.leeb-balkone.com\/it\/showroom\/bressanone\/\" type=\"schauraum\" id=\"160322\">showroom Leeb in Italia<\/a> si trova a Bressanone, in Alto Adige.<\/p>\n<\/div><\/div>\n<\/div>\n<\/div>\n<\/section>\n","protected":false},"excerpt":{"rendered":"","protected":false},"author":1,"featured_media":0,"parent":0,"menu_order":149,"comment_status":"closed","ping_status":"closed","template":"template-onepager.blade.php","meta":{"_acf_changed":false,"footnotes":"","_sage_theme_css":true,"_wp_block_core_css":false},"folder":[],"class_list":["post-17352","page","type-page","status-publish","hentry"],"acf":[],"yoast_head":"<!-- This site is optimized with the Yoast SEO plugin v27.2 - https:\/\/yoast.com\/product\/yoast-seo-wordpress\/ -->\n<title>Informazioni di contatto - BALCONI LEEB Italia<\/title>\n<meta name=\"description\" content=\"Potete telefonarci ai numeri verdi gratuiti per l\u2019Austria, la Germania, la Svizzera e l\u2019Italia. Oppure inviateci le vostre richieste tramite e-mail. A tal\" \/>\n<meta name=\"robots\" content=\"index, follow, max-snippet:-1, max-image-preview:large, max-video-preview:-1\" \/>\n<meta property=\"og:locale\" content=\"it_IT\" \/>\n<meta property=\"og:type\" content=\"article\" \/>\n<meta property=\"og:title\" content=\"Informazioni di contatto - BALCONI LEEB\" \/>\n<meta property=\"og:description\" content=\"Potete telefonarci ai numeri verdi gratuiti per l\u2019Austria, la Germania, la Svizzera e l\u2019Italia. Oppure inviateci le vostre richieste tramite e-mail. A tal\" \/>\n<meta property=\"og:url\" content=\"https:\/\/www.leeb-balkone.com\/it\/contatti\/\" \/>\n<meta property=\"og:site_name\" content=\"BALCONI LEEB\" \/>\n<meta property=\"article:publisher\" content=\"https:\/\/www.facebook.com\/balkone\/\" \/>\n<meta property=\"article:modified_time\" content=\"2026-04-10T13:34:11+00:00\" \/>\n<meta property=\"og:image\" content=\"https:\/\/www.leeb-balkone.com\/app\/uploads\/2020\/09\/alu-balkongelaender-zufriedene-kunden-1.jpg\" \/>\n\t<meta property=\"og:image:width\" content=\"2560\" \/>\n\t<meta property=\"og:image:height\" content=\"1762\" \/>\n\t<meta property=\"og:image:type\" content=\"image\/jpeg\" \/>\n<meta name=\"twitter:card\" content=\"summary_large_image\" \/>\n<script type=\"application\/ld+json\" class=\"yoast-schema-graph\">{\"@context\":\"https:\/\/schema.org\",\"@graph\":[{\"@type\":\"WebPage\",\"@id\":\"https:\/\/www.leeb-balkone.com\/it\/contatti\/\",\"url\":\"https:\/\/www.leeb-balkone.com\/it\/contatti\/\",\"name\":\"Informazioni di contatto - BALCONI LEEB\",\"isPartOf\":{\"@id\":\"https:\/\/www.leeb-balkone.com\/it\/#website\"},\"datePublished\":\"2020-08-26T13:42:26+00:00\",\"dateModified\":\"2026-04-10T13:34:11+00:00\",\"description\":\"Potete telefonarci ai numeri verdi gratuiti per l\u2019Austria, la Germania, la Svizzera e l\u2019Italia. Oppure inviateci le vostre richieste tramite e-mail. A tal\",\"breadcrumb\":{\"@id\":\"https:\/\/www.leeb-balkone.com\/it\/contatti\/#breadcrumb\"},\"inLanguage\":\"it-IT\",\"potentialAction\":[{\"@type\":\"ReadAction\",\"target\":[\"https:\/\/www.leeb-balkone.com\/it\/contatti\/\"]}]},{\"@type\":\"BreadcrumbList\",\"@id\":\"https:\/\/www.leeb-balkone.com\/it\/contatti\/#breadcrumb\",\"itemListElement\":[{\"@type\":\"ListItem\",\"position\":1,\"name\":\"Home\",\"item\":\"https:\/\/www.leeb-balkone.com\/it\/\"},{\"@type\":\"ListItem\",\"position\":2,\"name\":\"Informazioni di contatto\"}]},{\"@type\":\"WebSite\",\"@id\":\"https:\/\/www.leeb-balkone.com\/it\/#website\",\"url\":\"https:\/\/www.leeb-balkone.com\/it\/\",\"name\":\"BALCONI LEEB\",\"description\":\"Balkone und Z\u00e4une\",\"publisher\":{\"@id\":\"https:\/\/www.leeb-balkone.com\/it\/#organization\"},\"potentialAction\":[{\"@type\":\"SearchAction\",\"target\":{\"@type\":\"EntryPoint\",\"urlTemplate\":\"https:\/\/www.leeb-balkone.com\/it\/?s={search_term_string}\"},\"query-input\":{\"@type\":\"PropertyValueSpecification\",\"valueRequired\":true,\"valueName\":\"search_term_string\"}}],\"inLanguage\":\"it-IT\"},{\"@type\":\"Organization\",\"@id\":\"https:\/\/www.leeb-balkone.com\/it\/#organization\",\"name\":\"Leeb Balkone Gmbh\",\"url\":\"https:\/\/www.leeb-balkone.com\/it\/\",\"logo\":{\"@type\":\"ImageObject\",\"inLanguage\":\"it-IT\",\"@id\":\"https:\/\/www.leeb-balkone.com\/it\/#\/schema\/logo\/image\/\",\"url\":\"https:\/\/www.leeb-balkone.com\/app\/uploads\/2020\/11\/leeb-logo.svg\",\"contentUrl\":\"https:\/\/www.leeb-balkone.com\/app\/uploads\/2020\/11\/leeb-logo.svg\",\"width\":741,\"height\":204,\"caption\":\"Leeb Balkone Gmbh\"},\"image\":{\"@id\":\"https:\/\/www.leeb-balkone.com\/it\/#\/schema\/logo\/image\/\"},\"sameAs\":[\"https:\/\/www.facebook.com\/balkone\/\",\"https:\/\/www.trustedshops.at\/bewertung\/info_X4587CCF5833E31AFE0B11F47D86999F2.html\",\"https:\/\/www.trustedshops.de\/bewertung\/info_X7BA536A7A0BDC86D36C4718E4DCAEEEF.html\",\"https:\/\/www.google.com\/maps\/place\/?q=place_id:ChIJ5-zH19-IcEcR9HonWRTllHI\"]}]}<\/script>\n<!-- \/ Yoast SEO plugin. -->","yoast_head_json":{"title":"Informazioni di contatto - BALCONI LEEB Italia","description":"Potete telefonarci ai numeri verdi gratuiti per l\u2019Austria, la Germania, la Svizzera e l\u2019Italia. Oppure inviateci le vostre richieste tramite e-mail. A tal","robots":{"index":"index","follow":"follow","max-snippet":"max-snippet:-1","max-image-preview":"max-image-preview:large","max-video-preview":"max-video-preview:-1"},"og_locale":"it_IT","og_type":"article","og_title":"Informazioni di contatto - BALCONI LEEB","og_description":"Potete telefonarci ai numeri verdi gratuiti per l\u2019Austria, la Germania, la Svizzera e l\u2019Italia. Oppure inviateci le vostre richieste tramite e-mail. A tal","og_url":"https:\/\/www.leeb-balkone.com\/it\/contatti\/","og_site_name":"BALCONI LEEB","article_publisher":"https:\/\/www.facebook.com\/balkone\/","article_modified_time":"2026-04-10T13:34:11+00:00","og_image":[{"width":2560,"height":1762,"url":"https:\/\/www.leeb-balkone.com\/app\/uploads\/2020\/09\/alu-balkongelaender-zufriedene-kunden-1.jpg","type":"image\/jpeg"}],"twitter_card":"summary_large_image","schema":{"@context":"https:\/\/schema.org","@graph":[{"@type":"WebPage","@id":"https:\/\/www.leeb-balkone.com\/it\/contatti\/","url":"https:\/\/www.leeb-balkone.com\/it\/contatti\/","name":"Informazioni di contatto - BALCONI LEEB","isPartOf":{"@id":"https:\/\/www.leeb-balkone.com\/it\/#website"},"datePublished":"2020-08-26T13:42:26+00:00","dateModified":"2026-04-10T13:34:11+00:00","description":"Potete telefonarci ai numeri verdi gratuiti per l\u2019Austria, la Germania, la Svizzera e l\u2019Italia. Oppure inviateci le vostre richieste tramite e-mail. A tal","breadcrumb":{"@id":"https:\/\/www.leeb-balkone.com\/it\/contatti\/#breadcrumb"},"inLanguage":"it-IT","potentialAction":[{"@type":"ReadAction","target":["https:\/\/www.leeb-balkone.com\/it\/contatti\/"]}]},{"@type":"BreadcrumbList","@id":"https:\/\/www.leeb-balkone.com\/it\/contatti\/#breadcrumb","itemListElement":[{"@type":"ListItem","position":1,"name":"Home","item":"https:\/\/www.leeb-balkone.com\/it\/"},{"@type":"ListItem","position":2,"name":"Informazioni di contatto"}]},{"@type":"WebSite","@id":"https:\/\/www.leeb-balkone.com\/it\/#website","url":"https:\/\/www.leeb-balkone.com\/it\/","name":"BALCONI LEEB","description":"Balkone und Z\u00e4une","publisher":{"@id":"https:\/\/www.leeb-balkone.com\/it\/#organization"},"potentialAction":[{"@type":"SearchAction","target":{"@type":"EntryPoint","urlTemplate":"https:\/\/www.leeb-balkone.com\/it\/?s={search_term_string}"},"query-input":{"@type":"PropertyValueSpecification","valueRequired":true,"valueName":"search_term_string"}}],"inLanguage":"it-IT"},{"@type":"Organization","@id":"https:\/\/www.leeb-balkone.com\/it\/#organization","name":"Leeb Balkone Gmbh","url":"https:\/\/www.leeb-balkone.com\/it\/","logo":{"@type":"ImageObject","inLanguage":"it-IT","@id":"https:\/\/www.leeb-balkone.com\/it\/#\/schema\/logo\/image\/","url":"https:\/\/www.leeb-balkone.com\/app\/uploads\/2020\/11\/leeb-logo.svg","contentUrl":"https:\/\/www.leeb-balkone.com\/app\/uploads\/2020\/11\/leeb-logo.svg","width":741,"height":204,"caption":"Leeb Balkone Gmbh"},"image":{"@id":"https:\/\/www.leeb-balkone.com\/it\/#\/schema\/logo\/image\/"},"sameAs":["https:\/\/www.facebook.com\/balkone\/","https:\/\/www.trustedshops.at\/bewertung\/info_X4587CCF5833E31AFE0B11F47D86999F2.html","https:\/\/www.trustedshops.de\/bewertung\/info_X7BA536A7A0BDC86D36C4718E4DCAEEEF.html","https:\/\/www.google.com\/maps\/place\/?q=place_id:ChIJ5-zH19-IcEcR9HonWRTllHI"]}]}},"_links":{"self":[{"href":"https:\/\/www.leeb-balkone.com\/it\/wp-json\/wp\/v2\/pages\/17352","targetHints":{"allow":["GET"]}}],"collection":[{"href":"https:\/\/www.leeb-balkone.com\/it\/wp-json\/wp\/v2\/pages"}],"about":[{"href":"https:\/\/www.leeb-balkone.com\/it\/wp-json\/wp\/v2\/types\/page"}],"author":[{"embeddable":true,"href":"https:\/\/www.leeb-balkone.com\/it\/wp-json\/wp\/v2\/users\/1"}],"replies":[{"embeddable":true,"href":"https:\/\/www.leeb-balkone.com\/it\/wp-json\/wp\/v2\/comments?post=17352"}],"version-history":[{"count":6,"href":"https:\/\/www.leeb-balkone.com\/it\/wp-json\/wp\/v2\/pages\/17352\/revisions"}],"predecessor-version":[{"id":167489,"href":"https:\/\/www.leeb-balkone.com\/it\/wp-json\/wp\/v2\/pages\/17352\/revisions\/167489"}],"wp:attachment":[{"href":"https:\/\/www.leeb-balkone.com\/it\/wp-json\/wp\/v2\/media?parent=17352"}],"wp:term":[{"taxonomy":"folder","embeddable":true,"href":"https:\/\/www.leeb-balkone.com\/it\/wp-json\/wp\/v2\/folder?post=17352"}],"curies":[{"name":"wp","href":"https:\/\/api.w.org\/{rel}","templated":true}]}}