{"id":167863,"date":"2026-03-26T13:08:17","date_gmt":"2026-03-26T13:08:17","guid":{"rendered":"https:\/\/www.leeb-balkone.com\/120-jahre-leeb\/"},"modified":"2026-04-16T13:53:32","modified_gmt":"2026-04-16T13:53:32","slug":"120-jahre-leeb","status":"publish","type":"page","link":"https:\/\/www.leeb-balkone.com\/it\/120-jahre-leeb\/","title":{"rendered":"120 anni di Leeb"},"content":{"rendered":"\n<div class=\"wp-block-group alignfull events-wrapper has-primary-dark-background-color has-background has-global-padding is-layout-constrained wp-container-core-group-is-layout-3f4772be wp-block-group-is-layout-constrained\" style=\"padding-top:0;padding-right:0;padding-bottom:0;padding-left:0\">\n<div class=\"wp-block-cover alignfull has-custom-content-position is-position-bottom-center\" style=\"padding-top:var(--wp--preset--spacing--xl-2-xl);padding-bottom:var(--wp--preset--spacing--xl-3-xl);min-height:65vh;aspect-ratio:unset;\"><img loading=\"lazy\" decoding=\"async\" width=\"1024\" height=\"682\" class=\"wp-block-cover__image-background wp-image-10069 size-large\" alt=\"Leeb Firmengel\u00e4nde - Zentrale in Gnesau\" src=\"https:\/\/www.leeb-balkone.com\/app\/uploads\/2020\/11\/leeb-balkone-firmengelaende-herbst-1024x682.jpg\" data-object-fit=\"cover\" srcset=\"https:\/\/www.leeb-balkone.com\/app\/uploads\/2020\/11\/leeb-balkone-firmengelaende-herbst-1024x682.jpg 1024w, https:\/\/www.leeb-balkone.com\/app\/uploads\/2020\/11\/leeb-balkone-firmengelaende-herbst-300x200.jpg 300w, https:\/\/www.leeb-balkone.com\/app\/uploads\/2020\/11\/leeb-balkone-firmengelaende-herbst-768x512.jpg 768w, https:\/\/www.leeb-balkone.com\/app\/uploads\/2020\/11\/leeb-balkone-firmengelaende-herbst-1536x1024.jpg 1536w, https:\/\/www.leeb-balkone.com\/app\/uploads\/2020\/11\/leeb-balkone-firmengelaende-herbst-2048x1365.jpg 2048w\" sizes=\"auto, (max-width: 1024px) 100vw, 1024px\" \/><span aria-hidden=\"true\" class=\"wp-block-cover__background has-background-dim-100 has-background-dim wp-block-cover__gradient-background has-background-gradient\" style=\"background:linear-gradient(0deg,rgba(0,0,0,0.49) 55%,rgba(0,0,0,0) 100%)\"><\/span><div class=\"wp-block-cover__inner-container has-global-padding is-layout-constrained wp-container-core-cover-is-layout-5c5fde13 wp-block-cover-is-layout-constrained\">\n<div class=\"wp-block-columns is-layout-flex wp-container-core-columns-is-layout-28f84493 wp-block-columns-is-layout-flex\">\n<div class=\"wp-block-column is-vertically-aligned-bottom is-layout-flow wp-block-column-is-layout-flow\" style=\"flex-basis:66.67%\">\n<h1 class=\"wp-block-heading is-style-bold has-step-7-font-size\" style=\"line-height:1.05\">120 anni di Leeb<\/h1>\n\n\n\n<p class=\"has-step-2-font-size\">Scopri <strong>120 anni di passione<\/strong> per la qualit\u00e0 e la storia del leader europeo nella produzione di balconi e recinzioni.<\/p>\n<\/div>\n\n\n\n<div class=\"wp-block-column is-vertically-aligned-bottom is-layout-flow wp-block-column-is-layout-flow\" style=\"flex-basis:33.33%\"><\/div>\n<\/div>\n\n\n\n<div class=\"wp-block-buttons is-layout-flex wp-block-buttons-is-layout-flex\" style=\"margin-top:var(--wp--preset--spacing--l)\">\n<div class=\"wp-block-button is-style-outline-white smooth-scroll\"><a class=\"wp-block-button__link wp-element-button\" href=\"#geschichte\">La nostra storia<\/a><\/div>\n<\/div>\n<\/div><\/div>\n<\/div>\n\n<section class=\"wp-block-group alignfull has-white-background-color has-background has-global-padding is-layout-constrained wp-container-core-group-is-layout-f9627980 wp-block-group-is-layout-constrained\" id=\"geschichte\" style=\"padding-top:var(--wp--preset--spacing--l-xl);padding-bottom:var(--wp--preset--spacing--xl-2-xl)\">\n<div class=\"wp-block-group m-teaser o-grid u-md-1 is-layout-flow wp-block-group-is-layout-flow\">\n<div class=\"wp-block-group u-g-9 u-g-s-2 is-layout-flow wp-block-group-is-layout-flow\" style=\"margin-bottom:var(--wp--preset--spacing--s)\"><div class=\"yoast-breadcrumbs\"><span><span><a href=\"https:\/\/www.leeb-balkone.com\/it\/\">Home<\/a><\/span> \/ <span class=\"breadcrumb_last\" aria-current=\"page\">120 anni di Leeb<\/span><\/span><\/div>\n\n\n<h2 class=\"wp-block-heading has-text-align-left\">Da segheria a leader di mercato<\/h2>\n\n\n\n<p class=\"has-text-align-left\">Unisciti a noi in un viaggio attraverso 120 anni di spirito pionieristico, abilit\u00e0 artigianale e tradizione familiare. Leeb unisce le generazioni e conferisce a una casa il suo carattere e il suo stile unici. Nel corso dei decenni, Leeb ha conservato i valori che non possono essere copiati: i nostri canali di distribuzione selettivi, il nostro amore per i dettagli del prodotto, il processo di produzione senza compromessi e soprattutto le persone che ci sono dietro. Partner commerciali di lunga data, team di assemblatori esperti e dipendenti che spesso sono legati all&#8217;azienda da molti anni &#8211; in alcuni casi da generazioni &#8211; sono la spina dorsale della nostra qualit\u00e0.   <\/p>\n<\/div>\n<\/div>\n\n\n\n<div class=\"wp-block-group is-style-transparent-cards is-layout-grid wp-container-core-group-is-layout-6c3381f9 wp-block-group-is-layout-grid\" style=\"margin-bottom:var(--wp--preset--spacing--xl)\">\n<div class=\"wp-block-group m-card icon is-layout-flow wp-block-group-is-layout-flow\">\n<div class=\"wp-block-group m-card-icon has-global-padding is-content-justification-left is-layout-constrained wp-container-core-group-is-layout-12dd3699 wp-block-group-is-layout-constrained\">\n<div class=\"wp-block-t3-svg-icon has-custom-styles\" style=\"width:44px;height:44px\"><!-- Generated by IcoMoon.io -->\n<svg xmlns=\"https:\/\/www.w3.org\/2000\/svg\" version=\"1.1\" width=\"32\" height=\"32\" viewbox=\"0 0 32 32\" style=\"width:100%;height:100%;preserveAspectRatio:xMidYMid meet;\" fill=\"#EE7203\"><title>Titolo dell&#8217;icona<\/title>\n<path d=\"M9.098 12.583c0.51-0.511 1.338-0.511 1.849 0l4.304 4.304 13.019-13.019c0.51-0.51 1.338-0.51 1.849 0s0.51 1.338 0 1.849l-13.943 13.943c-0.51 0.51-1.338 0.51-1.849 0l-5.229-5.229c-0.511-0.511-0.511-1.338 0-1.849z\"><\/path>\n<path d=\"M15.251 2.614c-6.979 0-12.636 5.657-12.636 12.636s5.657 12.636 12.636 12.636c6.979 0 12.636-5.657 12.636-12.636 0-0.722 0.585-1.307 1.307-1.307s1.307 0.585 1.307 1.307c0 8.423-6.828 15.25-15.251 15.25s-15.251-6.828-15.251-15.25 6.828-15.251 15.251-15.251c1.803 0 3.536 0.314 5.146 0.89 0.68 0.244 1.033 0.992 0.79 1.672s-0.992 1.033-1.671 0.789c-1.33-0.477-2.765-0.737-4.264-0.737z\"><\/path>\n<\/svg>\n<\/div>\n<\/div>\n\n\n\n<div class=\"wp-block-group m-card-content is-vertical is-layout-flex wp-container-core-group-is-layout-fe9cc265 wp-block-group-is-layout-flex\">\n<h3 class=\"wp-block-heading\">Fondatori con una visione<\/h3>\n\n\n\n<p>120 anni fa, Ulrich Leeb gett\u00f2 le basi di una storia di successo europea con una piccola segheria a Gnesau.<\/p>\n<\/div>\n<\/div>\n\n\n\n<div class=\"wp-block-group m-card icon is-layout-flow wp-block-group-is-layout-flow\">\n<div class=\"wp-block-group m-card-icon has-global-padding is-content-justification-left is-layout-constrained wp-container-core-group-is-layout-12dd3699 wp-block-group-is-layout-constrained\">\n<div class=\"wp-block-t3-svg-icon has-custom-styles\" style=\"width:44px;height:44px\"><!-- Generated by IcoMoon.io -->\n<svg xmlns=\"https:\/\/www.w3.org\/2000\/svg\" version=\"1.1\" width=\"32\" height=\"32\" viewbox=\"0 0 32 32\" style=\"width:100%;height:100%;preserveAspectRatio:xMidYMid meet;\" fill=\"#EE7203\"><title>Titolo dell&#8217;icona<\/title>\n<path d=\"M9.098 12.583c0.51-0.511 1.338-0.511 1.849 0l4.304 4.304 13.019-13.019c0.51-0.51 1.338-0.51 1.849 0s0.51 1.338 0 1.849l-13.943 13.943c-0.51 0.51-1.338 0.51-1.849 0l-5.229-5.229c-0.511-0.511-0.511-1.338 0-1.849z\"><\/path>\n<path d=\"M15.251 2.614c-6.979 0-12.636 5.657-12.636 12.636s5.657 12.636 12.636 12.636c6.979 0 12.636-5.657 12.636-12.636 0-0.722 0.585-1.307 1.307-1.307s1.307 0.585 1.307 1.307c0 8.423-6.828 15.25-15.251 15.25s-15.251-6.828-15.251-15.25 6.828-15.251 15.251-15.251c1.803 0 3.536 0.314 5.146 0.89 0.68 0.244 1.033 0.992 0.79 1.672s-0.992 1.033-1.671 0.789c-1.33-0.477-2.765-0.737-4.264-0.737z\"><\/path>\n<\/svg>\n<\/div>\n<\/div>\n\n\n\n<div class=\"wp-block-group m-card-content is-vertical is-layout-flex wp-container-core-group-is-layout-fe9cc265 wp-block-group-is-layout-flex\">\n<h3 class=\"wp-block-heading\">Il numero 1 in Europa<\/h3>\n\n\n\n<p>Il passaggio dai balconi in legno agli specialisti dell&#8217;alluminio ha reso Leeb leader del mercato dei balconi, delle recinzioni e delle coperture in tutta Europa.<\/p>\n<\/div>\n<\/div>\n\n\n\n<div class=\"wp-block-group m-card icon is-layout-flow wp-block-group-is-layout-flow\">\n<div class=\"wp-block-group m-card-icon has-global-padding is-content-justification-left is-layout-constrained wp-container-core-group-is-layout-12dd3699 wp-block-group-is-layout-constrained\">\n<div class=\"wp-block-t3-svg-icon has-custom-styles\" style=\"width:44px;height:44px\"><!-- Generated by IcoMoon.io -->\n<svg xmlns=\"https:\/\/www.w3.org\/2000\/svg\" version=\"1.1\" width=\"32\" height=\"32\" viewbox=\"0 0 32 32\" style=\"width:100%;height:100%;preserveAspectRatio:xMidYMid meet;\" fill=\"#EE7203\"><title>Titolo dell&#8217;icona<\/title>\n<path d=\"M9.098 12.583c0.51-0.511 1.338-0.511 1.849 0l4.304 4.304 13.019-13.019c0.51-0.51 1.338-0.51 1.849 0s0.51 1.338 0 1.849l-13.943 13.943c-0.51 0.51-1.338 0.51-1.849 0l-5.229-5.229c-0.511-0.511-0.511-1.338 0-1.849z\"><\/path>\n<path d=\"M15.251 2.614c-6.979 0-12.636 5.657-12.636 12.636s5.657 12.636 12.636 12.636c6.979 0 12.636-5.657 12.636-12.636 0-0.722 0.585-1.307 1.307-1.307s1.307 0.585 1.307 1.307c0 8.423-6.828 15.25-15.251 15.25s-15.251-6.828-15.251-15.25 6.828-15.251 15.251-15.251c1.803 0 3.536 0.314 5.146 0.89 0.68 0.244 1.033 0.992 0.79 1.672s-0.992 1.033-1.671 0.789c-1.33-0.477-2.765-0.737-4.264-0.737z\"><\/path>\n<\/svg>\n<\/div>\n<\/div>\n\n\n\n<div class=\"wp-block-group m-card-content is-vertical is-layout-flex wp-container-core-group-is-layout-fe9cc265 wp-block-group-is-layout-flex\">\n<h3 class=\"wp-block-heading\">Qualit\u00e0 e innovazione<\/h3>\n\n\n\n<p>Da 120 anni, Leeb \u00e8 sinonimo di produzione personalizzata, qualit\u00e0 brevettata e i pi\u00f9 alti standard di design &#8211; prodotti in Carinzia, apprezzati in Europa.<\/p>\n<\/div>\n<\/div>\n<\/div>\n\n\n\n<div class=\"wp-block-t3-timeline-wrapper\" id=\"t3-timeline-4d2ed821-4d6f-4a1a-a96f-0319d7f0bfe0\"><div class=\"wp-block-t3-timeline t3-timeline-block swiper\" data-swiper-options-base64=\"eyJzbGlkZXNQZXJWaWV3IjoxLCJzcGFjZUJldHdlZW4iOjAsInNwZWVkIjo1MDAsIm5hdmlnYXRpb24iOnsibmV4dEVsIjoiI3QzLXRpbWVsaW5lLTRkMmVkODIxLTRkNmYtNGExYS1hOTZmLTAzMTlkN2YwYmZlMCAudDMtdGltZWxpbmUtNGQyZWQ4MjEtNGQ2Zi00YTFhLWE5NmYtMDMxOWQ3ZjBiZmUwLW5leHQiLCJwcmV2RWwiOiIjdDMtdGltZWxpbmUtNGQyZWQ4MjEtNGQ2Zi00YTFhLWE5NmYtMDMxOWQ3ZjBiZmUwIC50My10aW1lbGluZS00ZDJlZDgyMS00ZDZmLTRhMWEtYTk2Zi0wMzE5ZDdmMGJmZTAtcHJldiJ9fQ==\"><div class=\"swiper-wrapper\">\n<div class=\"wp-block-t3-timeline-item t3-timeline-item swiper-slide\" data-timeline-label=\"1906\">\n<div class=\"wp-block-columns is-style-default is-layout-flex wp-container-core-columns-is-layout-8eb77903 wp-block-columns-is-layout-flex\" style=\"margin-top:0;margin-bottom:0\">\n<div class=\"wp-block-column is-layout-flow wp-block-column-is-layout-flow\" style=\"flex-basis:50%\">\n<figure class=\"wp-block-image size-large\"><img loading=\"lazy\" decoding=\"async\" width=\"1024\" height=\"725\" src=\"https:\/\/www.leeb-balkone.com\/app\/uploads\/2026\/03\/1-Leeb-Saege-Glatz-1906-1024x725.jpg\" alt=\"1 Leeb Saege Glatz\" class=\"wp-image-166997\" style=\"aspect-ratio:4\/3;object-fit:cover\" srcset=\"https:\/\/www.leeb-balkone.com\/app\/uploads\/2026\/03\/1-Leeb-Saege-Glatz-1906-1024x725.jpg 1024w, https:\/\/www.leeb-balkone.com\/app\/uploads\/2026\/03\/1-Leeb-Saege-Glatz-1906-300x212.jpg 300w, https:\/\/www.leeb-balkone.com\/app\/uploads\/2026\/03\/1-Leeb-Saege-Glatz-1906-768x543.jpg 768w, https:\/\/www.leeb-balkone.com\/app\/uploads\/2026\/03\/1-Leeb-Saege-Glatz-1906-1536x1087.jpg 1536w, https:\/\/www.leeb-balkone.com\/app\/uploads\/2026\/03\/1-Leeb-Saege-Glatz-1906-2048x1449.jpg 2048w\" sizes=\"auto, (max-width: 1024px) 100vw, 1024px\" \/><\/figure>\n<\/div>\n\n\n\n<div class=\"wp-block-column has-light-gray-background-color has-background is-layout-flow wp-block-column-is-layout-flow\" style=\"padding-top:var(--wp--preset--spacing--m);padding-right:var(--wp--preset--spacing--m);padding-bottom:var(--wp--preset--spacing--m);padding-left:var(--wp--preset--spacing--m);flex-basis:50%\">\n<p class=\"has-step-s-font-size\"><strong>1906<\/strong><\/p>\n\n\n\n<h3 class=\"wp-block-heading\" style=\"margin-top:var(--wp--preset--spacing--2-xs)\">Orario di inizio<\/h3>\n\n\n\n<p>Le prime origini dell&#8217;azienda Leeb sotto Ulrich Leeb presso il &#8220;Glatz Hof&#8221; a Maitratten &#8211; comune di Gnesau in Carinzia, Austria. Qui fu attiva una segheria dal 1906 al 1920. <\/p>\n<\/div>\n<\/div>\n<\/div>\n\n\n\n<div class=\"wp-block-t3-timeline-item t3-timeline-item swiper-slide\" data-timeline-label=\"1952\">\n<div class=\"wp-block-columns is-style-default is-layout-flex wp-container-core-columns-is-layout-8eb77903 wp-block-columns-is-layout-flex\" style=\"margin-top:0;margin-bottom:0\">\n<div class=\"wp-block-column is-layout-flow wp-block-column-is-layout-flow\" style=\"flex-basis:50%\">\n<figure class=\"wp-block-image size-large\"><img loading=\"lazy\" decoding=\"async\" width=\"1024\" height=\"683\" src=\"https:\/\/www.leeb-balkone.com\/app\/uploads\/2026\/04\/Franz-Leeb-Senior-quer-1024x683.png\" alt=\"Franz Leeb Senior quer\" class=\"wp-image-167355\" style=\"aspect-ratio:4\/3;object-fit:cover\" srcset=\"https:\/\/www.leeb-balkone.com\/app\/uploads\/2026\/04\/Franz-Leeb-Senior-quer-1024x683.png 1024w, https:\/\/www.leeb-balkone.com\/app\/uploads\/2026\/04\/Franz-Leeb-Senior-quer-300x200.png 300w, https:\/\/www.leeb-balkone.com\/app\/uploads\/2026\/04\/Franz-Leeb-Senior-quer-768x512.png 768w\" sizes=\"auto, (max-width: 1024px) 100vw, 1024px\" \/><\/figure>\n<\/div>\n\n\n\n<div class=\"wp-block-column has-light-gray-background-color has-background is-layout-flow wp-block-column-is-layout-flow\" style=\"padding-top:var(--wp--preset--spacing--m);padding-right:var(--wp--preset--spacing--m);padding-bottom:var(--wp--preset--spacing--m);padding-left:var(--wp--preset--spacing--m);flex-basis:50%\">\n<p class=\"has-step-s-font-size\"><strong>1952<\/strong><\/p>\n\n\n\n<h3 class=\"wp-block-heading\" style=\"margin-top:var(--wp--preset--spacing--2-xs)\">Acquisizione di una segheria<\/h3>\n\n\n\n<p>Si \u00e8 svolta la prima grande ristrutturazione ed espansione della segheria. Fu anche costruita una turbina Kaplan ultramoderna e molto potente.   <br\/><br\/><br\/>  In quell&#8217;anno Franz Leeb Senior assunse la direzione dell&#8217;azienda.<\/p>\n<\/div>\n<\/div>\n<\/div>\n\n\n\n<div class=\"wp-block-t3-timeline-item t3-timeline-item swiper-slide\" data-timeline-label=\"1920\">\n<div class=\"wp-block-columns is-style-default is-layout-flex wp-container-core-columns-is-layout-8eb77903 wp-block-columns-is-layout-flex\" style=\"margin-top:0;margin-bottom:0\">\n<div class=\"wp-block-column is-layout-flow wp-block-column-is-layout-flow\" style=\"flex-basis:50%\">\n<figure class=\"wp-block-image size-large\"><img loading=\"lazy\" decoding=\"async\" width=\"1024\" height=\"683\" src=\"https:\/\/www.leeb-balkone.com\/app\/uploads\/2026\/03\/Ulrich-Leeb-1024x683.png\" alt=\"Ulrich Leeb\" class=\"wp-image-167000\" style=\"aspect-ratio:4\/3;object-fit:cover\" srcset=\"https:\/\/www.leeb-balkone.com\/app\/uploads\/2026\/03\/Ulrich-Leeb-1024x683.png 1024w, https:\/\/www.leeb-balkone.com\/app\/uploads\/2026\/03\/Ulrich-Leeb-300x200.png 300w, https:\/\/www.leeb-balkone.com\/app\/uploads\/2026\/03\/Ulrich-Leeb-768x512.png 768w, https:\/\/www.leeb-balkone.com\/app\/uploads\/2026\/03\/Ulrich-Leeb-1536x1024.png 1536w, https:\/\/www.leeb-balkone.com\/app\/uploads\/2026\/03\/Ulrich-Leeb-2048x1366.png 2048w\" sizes=\"auto, (max-width: 1024px) 100vw, 1024px\" \/><\/figure>\n<\/div>\n\n\n\n<div class=\"wp-block-column has-light-gray-background-color has-background is-layout-flow wp-block-column-is-layout-flow\" style=\"padding-top:var(--wp--preset--spacing--m);padding-right:var(--wp--preset--spacing--m);padding-bottom:var(--wp--preset--spacing--m);padding-left:var(--wp--preset--spacing--m);flex-basis:50%\">\n<p class=\"has-step-s-font-size\"><strong>1920<\/strong><\/p>\n\n\n\n<h3 class=\"wp-block-heading\" style=\"margin-top:var(--wp--preset--spacing--2-xs)\">La segheria<\/h3>\n\n\n\n<p>Acquisto e messa in funzione della segheria nell&#8217;attuale sede di Maitratten 25 &#8211; comune di Gnesau in Carinzia, Austria.  <\/p>\n<\/div>\n<\/div>\n<\/div>\n\n\n\n<div class=\"wp-block-t3-timeline-item t3-timeline-item swiper-slide\" data-timeline-label=\"1975\">\n<div class=\"wp-block-columns is-style-default is-layout-flex wp-container-core-columns-is-layout-8eb77903 wp-block-columns-is-layout-flex\" style=\"margin-top:0;margin-bottom:0\">\n<div class=\"wp-block-column is-layout-flow wp-block-column-is-layout-flow\" style=\"flex-basis:50%\">\n<figure class=\"wp-block-image size-large\"><img loading=\"lazy\" decoding=\"async\" width=\"724\" height=\"1024\" src=\"https:\/\/www.leeb-balkone.com\/app\/uploads\/2026\/03\/Herr-und-Frau-Senior-1-724x1024.jpg\" alt=\"Herr und Frau Senior\" class=\"wp-image-167002\" style=\"aspect-ratio:4\/3;object-fit:cover\" srcset=\"https:\/\/www.leeb-balkone.com\/app\/uploads\/2026\/03\/Herr-und-Frau-Senior-1-724x1024.jpg 724w, https:\/\/www.leeb-balkone.com\/app\/uploads\/2026\/03\/Herr-und-Frau-Senior-1-212x300.jpg 212w, https:\/\/www.leeb-balkone.com\/app\/uploads\/2026\/03\/Herr-und-Frau-Senior-1-768x1086.jpg 768w, https:\/\/www.leeb-balkone.com\/app\/uploads\/2026\/03\/Herr-und-Frau-Senior-1-1087x1536.jpg 1087w, https:\/\/www.leeb-balkone.com\/app\/uploads\/2026\/03\/Herr-und-Frau-Senior-1-1449x2048.jpg 1449w, https:\/\/www.leeb-balkone.com\/app\/uploads\/2026\/03\/Herr-und-Frau-Senior-1-scaled.jpg 1811w\" sizes=\"auto, (max-width: 724px) 100vw, 724px\" \/><\/figure>\n<\/div>\n\n\n\n<div class=\"wp-block-column has-light-gray-background-color has-background is-layout-flow wp-block-column-is-layout-flow\" style=\"padding-top:var(--wp--preset--spacing--m);padding-right:var(--wp--preset--spacing--m);padding-bottom:var(--wp--preset--spacing--m);padding-left:var(--wp--preset--spacing--m);flex-basis:50%\">\n<p class=\"has-step-s-font-size\"><strong>1975<\/strong><\/p>\n\n\n\n<h3 class=\"wp-block-heading\" style=\"margin-top:var(--wp--preset--spacing--2-xs)\">Cambio generazionale<\/h3>\n\n\n\n<p>Franz ed Erika Leeb rilevano l&#8217;azienda e ristrutturano la segheria. <\/p>\n<\/div>\n<\/div>\n<\/div>\n\n\n\n<div class=\"wp-block-t3-timeline-item t3-timeline-item swiper-slide\" data-timeline-label=\"1976\">\n<div class=\"wp-block-columns is-style-default is-layout-flex wp-container-core-columns-is-layout-8eb77903 wp-block-columns-is-layout-flex\" style=\"margin-top:0;margin-bottom:0\">\n<div class=\"wp-block-column is-layout-flow wp-block-column-is-layout-flow\" style=\"flex-basis:50%\">\n<figure class=\"wp-block-image size-large\"><img loading=\"lazy\" decoding=\"async\" width=\"1024\" height=\"730\" src=\"https:\/\/www.leeb-balkone.com\/app\/uploads\/2026\/03\/3-Leeb-Balkone-1976-1024x730.jpg\" alt=\"3 Leeb Balkone\" class=\"wp-image-167003\" style=\"aspect-ratio:4\/3;object-fit:cover\" srcset=\"https:\/\/www.leeb-balkone.com\/app\/uploads\/2026\/03\/3-Leeb-Balkone-1976-1024x730.jpg 1024w, https:\/\/www.leeb-balkone.com\/app\/uploads\/2026\/03\/3-Leeb-Balkone-1976-300x214.jpg 300w, https:\/\/www.leeb-balkone.com\/app\/uploads\/2026\/03\/3-Leeb-Balkone-1976-768x547.jpg 768w, https:\/\/www.leeb-balkone.com\/app\/uploads\/2026\/03\/3-Leeb-Balkone-1976-1536x1095.jpg 1536w, https:\/\/www.leeb-balkone.com\/app\/uploads\/2026\/03\/3-Leeb-Balkone-1976.jpg 1772w\" sizes=\"auto, (max-width: 1024px) 100vw, 1024px\" \/><\/figure>\n<\/div>\n\n\n\n<div class=\"wp-block-column has-light-gray-background-color has-background is-layout-flow wp-block-column-is-layout-flow\" style=\"padding-top:var(--wp--preset--spacing--m);padding-right:var(--wp--preset--spacing--m);padding-bottom:var(--wp--preset--spacing--m);padding-left:var(--wp--preset--spacing--m);flex-basis:50%\">\n<p class=\"has-step-s-font-size\"><strong>1976<\/strong><\/p>\n\n\n\n<h3 class=\"wp-block-heading\" style=\"margin-top:var(--wp--preset--spacing--2-xs)\">Inizio della produzione di balconi<\/h3>\n\n\n\n<p>La produzione di balconi in legno rappresentava una lacuna nel mercato che Franz Leeb riconobbe e sfrutt\u00f2 con successo. Seguirono ampliamenti, un magazzino e una piallatrice. <\/p>\n<\/div>\n<\/div>\n<\/div>\n\n\n\n<div class=\"wp-block-t3-timeline-item t3-timeline-item swiper-slide\" data-timeline-label=\"1979\">\n<div class=\"wp-block-columns is-style-default is-layout-flex wp-container-core-columns-is-layout-8eb77903 wp-block-columns-is-layout-flex\" style=\"margin-top:0;margin-bottom:0\">\n<div class=\"wp-block-column is-layout-flow wp-block-column-is-layout-flow\" style=\"flex-basis:50%\">\n<figure class=\"wp-block-image size-large\"><img loading=\"lazy\" decoding=\"async\" width=\"1024\" height=\"699\" src=\"https:\/\/www.leeb-balkone.com\/app\/uploads\/2026\/03\/1979-Brand-e1774870034214-1024x699.png\" alt=\"1979 Brand e1774870034214\" class=\"wp-image-167004\" style=\"aspect-ratio:4\/3;object-fit:cover\" srcset=\"https:\/\/www.leeb-balkone.com\/app\/uploads\/2026\/03\/1979-Brand-e1774870034214-1024x699.png 1024w, https:\/\/www.leeb-balkone.com\/app\/uploads\/2026\/03\/1979-Brand-e1774870034214-300x205.png 300w, https:\/\/www.leeb-balkone.com\/app\/uploads\/2026\/03\/1979-Brand-e1774870034214-768x524.png 768w, https:\/\/www.leeb-balkone.com\/app\/uploads\/2026\/03\/1979-Brand-e1774870034214-1536x1049.png 1536w, https:\/\/www.leeb-balkone.com\/app\/uploads\/2026\/03\/1979-Brand-e1774870034214-2048x1398.png 2048w\" sizes=\"auto, (max-width: 1024px) 100vw, 1024px\" \/><\/figure>\n<\/div>\n\n\n\n<div class=\"wp-block-column has-light-gray-background-color has-background is-layout-flow wp-block-column-is-layout-flow\" style=\"padding-top:var(--wp--preset--spacing--m);padding-right:var(--wp--preset--spacing--m);padding-bottom:var(--wp--preset--spacing--m);padding-left:var(--wp--preset--spacing--m);flex-basis:50%\">\n<p class=\"has-step-s-font-size\"><strong><strong>1979<\/strong><\/strong><\/p>\n\n\n\n<h3 class=\"wp-block-heading\" style=\"margin-top:var(--wp--preset--spacing--2-xs)\">Una battuta d&#8217;arresto<\/h3>\n\n\n\n<p>La piccola sala di produzione fu distrutta da un incendio. Durante la costruzione del nuovo capannone, la produzione \u00e8 stata esternalizzata in un capannone in affitto a Wachsenberg. <\/p>\n<\/div>\n<\/div>\n<\/div>\n\n\n\n<div class=\"wp-block-t3-timeline-item t3-timeline-item swiper-slide\" data-timeline-label=\"1980\">\n<div class=\"wp-block-columns is-style-default is-layout-flex wp-container-core-columns-is-layout-8eb77903 wp-block-columns-is-layout-flex\" style=\"margin-top:0;margin-bottom:0\">\n<div class=\"wp-block-column is-layout-flow wp-block-column-is-layout-flow\" style=\"flex-basis:50%\">\n<figure class=\"wp-block-image size-large\"><img loading=\"lazy\" decoding=\"async\" width=\"1024\" height=\"683\" src=\"https:\/\/www.leeb-balkone.com\/app\/uploads\/2026\/03\/Neubau-der-Produktionshalle-1980-1024x683.png\" alt=\"Neubau der Produktionshalle\" class=\"wp-image-167005\" style=\"aspect-ratio:4\/3;object-fit:cover\" srcset=\"https:\/\/www.leeb-balkone.com\/app\/uploads\/2026\/03\/Neubau-der-Produktionshalle-1980-1024x683.png 1024w, https:\/\/www.leeb-balkone.com\/app\/uploads\/2026\/03\/Neubau-der-Produktionshalle-1980-300x200.png 300w, https:\/\/www.leeb-balkone.com\/app\/uploads\/2026\/03\/Neubau-der-Produktionshalle-1980-768x512.png 768w, https:\/\/www.leeb-balkone.com\/app\/uploads\/2026\/03\/Neubau-der-Produktionshalle-1980-1536x1024.png 1536w, https:\/\/www.leeb-balkone.com\/app\/uploads\/2026\/03\/Neubau-der-Produktionshalle-1980-2048x1366.png 2048w\" sizes=\"auto, (max-width: 1024px) 100vw, 1024px\" \/><\/figure>\n<\/div>\n\n\n\n<div class=\"wp-block-column has-light-gray-background-color has-background is-layout-flow wp-block-column-is-layout-flow\" style=\"padding-top:var(--wp--preset--spacing--m);padding-right:var(--wp--preset--spacing--m);padding-bottom:var(--wp--preset--spacing--m);padding-left:var(--wp--preset--spacing--m);flex-basis:50%\">\n<p class=\"has-step-s-font-size\"><strong><strong>1980<\/strong><\/strong><\/p>\n\n\n\n<h3 class=\"wp-block-heading\" style=\"margin-top:var(--wp--preset--spacing--2-xs)\">Kit per l&#8217;autoassemblaggio<\/h3>\n\n\n\n<p>Completamento del nuovo padiglione e della fondazione di Leeb Balkone GmbH. 1985<strong> <\/strong>Leeb ha offerto per la prima volta un sistema in legno fai-da-te (balcone e recinzione). I kit erano progettati per l&#8217;auto-assemblaggio e venivano venduti nei negozi di bricolage e di legname e materiali edili in Austria, Slovenia, Ungheria e Germania meridionale. La linea \u00e8 stata interrotta nel 2019.    <\/p>\n<\/div>\n<\/div>\n<\/div>\n\n\n\n<div class=\"wp-block-t3-timeline-item t3-timeline-item swiper-slide\" data-timeline-label=\"1992\">\n<div class=\"wp-block-columns is-style-default is-layout-flex wp-container-core-columns-is-layout-8eb77903 wp-block-columns-is-layout-flex\" style=\"margin-top:0;margin-bottom:0\">\n<div class=\"wp-block-column is-layout-flow wp-block-column-is-layout-flow\" style=\"flex-basis:50%\">\n<figure class=\"wp-block-image size-large\"><img loading=\"lazy\" decoding=\"async\" width=\"1024\" height=\"687\" src=\"https:\/\/www.leeb-balkone.com\/app\/uploads\/2026\/03\/Staatswappen-1992-1024x687.jpg\" alt=\"Staatswappen\" class=\"wp-image-167006\" style=\"aspect-ratio:4\/3;object-fit:cover\" srcset=\"https:\/\/www.leeb-balkone.com\/app\/uploads\/2026\/03\/Staatswappen-1992-1024x687.jpg 1024w, https:\/\/www.leeb-balkone.com\/app\/uploads\/2026\/03\/Staatswappen-1992-300x201.jpg 300w, https:\/\/www.leeb-balkone.com\/app\/uploads\/2026\/03\/Staatswappen-1992-768x516.jpg 768w, https:\/\/www.leeb-balkone.com\/app\/uploads\/2026\/03\/Staatswappen-1992-1536x1031.jpg 1536w, https:\/\/www.leeb-balkone.com\/app\/uploads\/2026\/03\/Staatswappen-1992.jpg 1795w\" sizes=\"auto, (max-width: 1024px) 100vw, 1024px\" \/><\/figure>\n<\/div>\n\n\n\n<div class=\"wp-block-column has-light-gray-background-color has-background is-layout-flow wp-block-column-is-layout-flow\" style=\"padding-top:var(--wp--preset--spacing--m);padding-right:var(--wp--preset--spacing--m);padding-bottom:var(--wp--preset--spacing--m);padding-left:var(--wp--preset--spacing--m);flex-basis:50%\">\n<p class=\"has-step-s-font-size\"><strong><strong>1992<\/strong><\/strong><\/p>\n\n\n\n<h3 class=\"wp-block-heading\" style=\"margin-top:var(--wp--preset--spacing--2-xs)\"><strong>Stemma nazionale austriaco<\/strong><\/h3>\n\n\n\n<p>Leeb Balkone GmbH ha ricevuto lo stemma nazionale. Allo stesso tempo, l&#8217;anno \u00e8 stato caratterizzato dalla modernizzazione e dall&#8217;espansione della segheria. La capacit\u00e0 produttiva \u00e8 stata triplicata (da 7500 metri lineari a 23.000 metri lineari).  <\/p>\n<\/div>\n<\/div>\n<\/div>\n\n\n\n<div class=\"wp-block-t3-timeline-item t3-timeline-item swiper-slide\" data-timeline-label=\"1995\">\n<div class=\"wp-block-columns is-style-default is-layout-flex wp-container-core-columns-is-layout-8eb77903 wp-block-columns-is-layout-flex\" style=\"margin-top:0;margin-bottom:0\">\n<div class=\"wp-block-column is-layout-flow wp-block-column-is-layout-flow\" style=\"flex-basis:50%\">\n<figure class=\"wp-block-image size-large\"><img loading=\"lazy\" decoding=\"async\" width=\"1024\" height=\"725\" src=\"https:\/\/www.leeb-balkone.com\/app\/uploads\/2026\/03\/1993-Verleihung-Staatspreis-Holzmarketing-scaled-e1774872895942-1024x725.png\" alt=\"1993 Verleihung Staatspreis Holzmarketing e1774872895942\" class=\"wp-image-167007\" style=\"aspect-ratio:4\/3;object-fit:cover\" srcset=\"https:\/\/www.leeb-balkone.com\/app\/uploads\/2026\/03\/1993-Verleihung-Staatspreis-Holzmarketing-scaled-e1774872895942-1024x725.png 1024w, https:\/\/www.leeb-balkone.com\/app\/uploads\/2026\/03\/1993-Verleihung-Staatspreis-Holzmarketing-scaled-e1774872895942-300x212.png 300w, https:\/\/www.leeb-balkone.com\/app\/uploads\/2026\/03\/1993-Verleihung-Staatspreis-Holzmarketing-scaled-e1774872895942-768x544.png 768w, https:\/\/www.leeb-balkone.com\/app\/uploads\/2026\/03\/1993-Verleihung-Staatspreis-Holzmarketing-scaled-e1774872895942-1536x1087.png 1536w, https:\/\/www.leeb-balkone.com\/app\/uploads\/2026\/03\/1993-Verleihung-Staatspreis-Holzmarketing-scaled-e1774872895942-2048x1450.png 2048w\" sizes=\"auto, (max-width: 1024px) 100vw, 1024px\" \/><\/figure>\n<\/div>\n\n\n\n<div class=\"wp-block-column has-light-gray-background-color has-background is-layout-flow wp-block-column-is-layout-flow\" style=\"padding-top:var(--wp--preset--spacing--m);padding-right:var(--wp--preset--spacing--m);padding-bottom:var(--wp--preset--spacing--m);padding-left:var(--wp--preset--spacing--m);flex-basis:50%\">\n<p class=\"has-step-s-font-size\"><strong><strong>1995<\/strong><\/strong><\/p>\n\n\n\n<h3 class=\"wp-block-heading\" style=\"margin-top:var(--wp--preset--spacing--2-xs)\">Certificazione ISO 9001  <\/h3>\n\n\n\n<p>Nel <strong>1995<\/strong> la certificazione ISO ha rafforzato ulteriormente gli standard di qualit\u00e0 dell&#8217;azienda.<\/p>\n\n\n\n<p>Leeb ha ricevuto anche il Premio di Stato per il Marketing del Legno.<\/p>\n<\/div>\n<\/div>\n<\/div>\n\n\n\n<div class=\"wp-block-t3-timeline-item t3-timeline-item swiper-slide\" data-timeline-label=\"2003\">\n<div class=\"wp-block-columns is-style-default is-layout-flex wp-container-core-columns-is-layout-8eb77903 wp-block-columns-is-layout-flex\" style=\"margin-top:0;margin-bottom:0\">\n<div class=\"wp-block-column is-layout-flow wp-block-column-is-layout-flow\" style=\"flex-basis:50%\">\n<figure class=\"wp-block-image size-large\"><img loading=\"lazy\" decoding=\"async\" width=\"1024\" height=\"683\" src=\"https:\/\/www.leeb-balkone.com\/app\/uploads\/2026\/03\/Franz-und-Markus-Leeb-1024x683.jpg\" alt=\"Franz und Markus Leeb\" class=\"wp-image-167008\" style=\"aspect-ratio:4\/3;object-fit:cover\" srcset=\"https:\/\/www.leeb-balkone.com\/app\/uploads\/2026\/03\/Franz-und-Markus-Leeb-1024x683.jpg 1024w, https:\/\/www.leeb-balkone.com\/app\/uploads\/2026\/03\/Franz-und-Markus-Leeb-300x200.jpg 300w, https:\/\/www.leeb-balkone.com\/app\/uploads\/2026\/03\/Franz-und-Markus-Leeb-768x512.jpg 768w, https:\/\/www.leeb-balkone.com\/app\/uploads\/2026\/03\/Franz-und-Markus-Leeb-1536x1024.jpg 1536w, https:\/\/www.leeb-balkone.com\/app\/uploads\/2026\/03\/Franz-und-Markus-Leeb-2048x1366.jpg 2048w\" sizes=\"auto, (max-width: 1024px) 100vw, 1024px\" \/><\/figure>\n<\/div>\n\n\n\n<div class=\"wp-block-column has-light-gray-background-color has-background is-layout-flow wp-block-column-is-layout-flow\" style=\"padding-top:var(--wp--preset--spacing--m);padding-right:var(--wp--preset--spacing--m);padding-bottom:var(--wp--preset--spacing--m);padding-left:var(--wp--preset--spacing--m);flex-basis:50%\">\n<p class=\"has-step-s-font-size\"><strong>2003<\/strong><\/p>\n\n\n\n<h3 class=\"wp-block-heading\" style=\"margin-top:var(--wp--preset--spacing--2-xs)\">Passaggio dal legno all&#8217;alluminio<\/h3>\n\n\n\n<p>Un cambiamento decisivo \u00e8 avvenuto con l&#8217;inizio della produzione di balconi in alluminio. Leeb ha aperto un nuovo capitolo e si \u00e8 trasformata da tradizionale azienda di lavorazione del legno a produttore di balconi, recinzioni e altri elementi da costruzione in alluminio. <\/p>\n\n\n\n<p>Markus Leeb \u00e8 entrato in azienda nel 2005.<\/p>\n<\/div>\n<\/div>\n<\/div>\n\n\n\n<div class=\"wp-block-t3-timeline-item t3-timeline-item swiper-slide\" data-timeline-label=\"2008\">\n<div class=\"wp-block-columns is-style-default is-layout-flex wp-container-core-columns-is-layout-8eb77903 wp-block-columns-is-layout-flex\" style=\"margin-top:0;margin-bottom:0\">\n<div class=\"wp-block-column is-layout-flow wp-block-column-is-layout-flow\" style=\"flex-basis:50%\">\n<figure class=\"wp-block-image size-large\"><img loading=\"lazy\" decoding=\"async\" width=\"1024\" height=\"575\" src=\"https:\/\/www.leeb-balkone.com\/app\/uploads\/2026\/03\/Pulverbeschichtung-1024x575.jpg\" alt=\"Pulverbeschichtung\" class=\"wp-image-167011\" style=\"aspect-ratio:4\/3;object-fit:cover\" srcset=\"https:\/\/www.leeb-balkone.com\/app\/uploads\/2026\/03\/Pulverbeschichtung-1024x575.jpg 1024w, https:\/\/www.leeb-balkone.com\/app\/uploads\/2026\/03\/Pulverbeschichtung-300x168.jpg 300w, https:\/\/www.leeb-balkone.com\/app\/uploads\/2026\/03\/Pulverbeschichtung-768x431.jpg 768w, https:\/\/www.leeb-balkone.com\/app\/uploads\/2026\/03\/Pulverbeschichtung-1536x862.jpg 1536w, https:\/\/www.leeb-balkone.com\/app\/uploads\/2026\/03\/Pulverbeschichtung-2048x1150.jpg 2048w\" sizes=\"auto, (max-width: 1024px) 100vw, 1024px\" \/><\/figure>\n<\/div>\n\n\n\n<div class=\"wp-block-column has-light-gray-background-color has-background is-layout-flow wp-block-column-is-layout-flow\" style=\"padding-top:var(--wp--preset--spacing--m);padding-right:var(--wp--preset--spacing--m);padding-bottom:var(--wp--preset--spacing--m);padding-left:var(--wp--preset--spacing--m);flex-basis:50%\">\n<p class=\"has-step-s-font-size\"><strong>2008<\/strong><\/p>\n\n\n\n<h3 class=\"wp-block-heading\" style=\"margin-top:var(--wp--preset--spacing--2-xs)\">Verniciatura a polvere in-house<\/h3>\n\n\n\n<p>In quell&#8217;anno fu costruito il nuovo impianto di verniciatura a polvere. Due anni dopo \u00e8 stata raggiunta un&#8217;innovazione tecnica con la superficie Alu Comfort. <\/p>\n\n\n\n<div class=\"wp-block-buttons is-layout-flex wp-block-buttons-is-layout-flex\">\n<div class=\"wp-block-button is-style-outline-secondary\"><a class=\"wp-block-button__link wp-element-button\" href=\"https:\/\/www.leeb-balkone.com\/it\/tecnologia\/alu-comfort-plus\/\">Alu Comfort Plus \u00ae<\/a><\/div>\n<\/div>\n<\/div>\n<\/div>\n<\/div>\n\n\n\n<div class=\"wp-block-t3-timeline-item t3-timeline-item swiper-slide\" data-timeline-label=\"2012\">\n<div class=\"wp-block-columns is-style-default is-layout-flex wp-container-core-columns-is-layout-8eb77903 wp-block-columns-is-layout-flex\" style=\"margin-top:0;margin-bottom:0\">\n<div class=\"wp-block-column is-layout-flow wp-block-column-is-layout-flow\" style=\"flex-basis:50%\">\n<figure class=\"wp-block-image size-large\"><img loading=\"lazy\" decoding=\"async\" width=\"1024\" height=\"683\" src=\"https:\/\/www.leeb-balkone.com\/app\/uploads\/2026\/03\/Roswitha-und-Markus-Leeb-1024x683.jpg\" alt=\"Roswitha und Markus Leeb\" class=\"wp-image-167012\" style=\"aspect-ratio:4\/3;object-fit:cover\" srcset=\"https:\/\/www.leeb-balkone.com\/app\/uploads\/2026\/03\/Roswitha-und-Markus-Leeb-1024x683.jpg 1024w, https:\/\/www.leeb-balkone.com\/app\/uploads\/2026\/03\/Roswitha-und-Markus-Leeb-300x200.jpg 300w, https:\/\/www.leeb-balkone.com\/app\/uploads\/2026\/03\/Roswitha-und-Markus-Leeb-768x512.jpg 768w, https:\/\/www.leeb-balkone.com\/app\/uploads\/2026\/03\/Roswitha-und-Markus-Leeb-1536x1024.jpg 1536w, https:\/\/www.leeb-balkone.com\/app\/uploads\/2026\/03\/Roswitha-und-Markus-Leeb-2048x1366.jpg 2048w\" sizes=\"auto, (max-width: 1024px) 100vw, 1024px\" \/><\/figure>\n<\/div>\n\n\n\n<div class=\"wp-block-column has-light-gray-background-color has-background is-layout-flow wp-block-column-is-layout-flow\" style=\"padding-top:var(--wp--preset--spacing--m);padding-right:var(--wp--preset--spacing--m);padding-bottom:var(--wp--preset--spacing--m);padding-left:var(--wp--preset--spacing--m);flex-basis:50%\">\n<p class=\"has-step-s-font-size\"><strong>2012<\/strong><\/p>\n\n\n\n<h3 class=\"wp-block-heading\" style=\"margin-top:var(--wp--preset--spacing--2-xs)\">Cambio generazionale<\/h3>\n\n\n\n<p>Con l&#8217;acquisizione da parte di Markus e Roswitha Leeb, la storia dell&#8217;azienda di famiglia \u00e8 passata alla generazione successiva.<\/p>\n<\/div>\n<\/div>\n<\/div>\n\n\n\n<div class=\"wp-block-t3-timeline-item t3-timeline-item swiper-slide\" data-timeline-label=\"2014\">\n<div class=\"wp-block-columns is-style-default is-layout-flex wp-container-core-columns-is-layout-8eb77903 wp-block-columns-is-layout-flex\" style=\"margin-top:0;margin-bottom:0\">\n<div class=\"wp-block-column is-layout-flow wp-block-column-is-layout-flow\" style=\"flex-basis:50%\">\n<figure class=\"wp-block-image size-large\"><img loading=\"lazy\" decoding=\"async\" width=\"1024\" height=\"684\" src=\"https:\/\/www.leeb-balkone.com\/app\/uploads\/2021\/10\/anbaubalkon-mit-stuetzen-1000-1024x684.jpg\" alt=\"anbaubalkon mit stuetzen\" class=\"wp-image-58602\" style=\"aspect-ratio:4\/3;object-fit:cover\" srcset=\"https:\/\/www.leeb-balkone.com\/app\/uploads\/2021\/10\/anbaubalkon-mit-stuetzen-1000-1024x684.jpg 1024w, https:\/\/www.leeb-balkone.com\/app\/uploads\/2021\/10\/anbaubalkon-mit-stuetzen-1000-300x200.jpg 300w, https:\/\/www.leeb-balkone.com\/app\/uploads\/2021\/10\/anbaubalkon-mit-stuetzen-1000-768x513.jpg 768w, https:\/\/www.leeb-balkone.com\/app\/uploads\/2021\/10\/anbaubalkon-mit-stuetzen-1000-1536x1025.jpg 1536w, https:\/\/www.leeb-balkone.com\/app\/uploads\/2021\/10\/anbaubalkon-mit-stuetzen-1000-scaled.jpg 2048w\" sizes=\"auto, (max-width: 1024px) 100vw, 1024px\" \/><\/figure>\n<\/div>\n\n\n\n<div class=\"wp-block-column has-light-gray-background-color has-background is-layout-flow wp-block-column-is-layout-flow\" style=\"padding-top:var(--wp--preset--spacing--m);padding-right:var(--wp--preset--spacing--m);padding-bottom:var(--wp--preset--spacing--m);padding-left:var(--wp--preset--spacing--m);flex-basis:50%\">\n<p class=\"has-step-s-font-size\"><strong>2014<\/strong><\/p>\n\n\n\n<h3 class=\"wp-block-heading\" style=\"margin-top:var(--wp--preset--spacing--2-xs)\">Rimodellamento e ampliamento della gamma di prodotti<\/h3>\n\n\n\n<p>La produzione \u00e8 stata riorganizzata e allo stesso tempo \u00e8 stata avviata la produzione di sistemi di balconi.<\/p>\n<\/div>\n<\/div>\n<\/div>\n\n\n\n<div class=\"wp-block-t3-timeline-item t3-timeline-item swiper-slide\" data-timeline-label=\"2015\">\n<div class=\"wp-block-columns is-style-default is-layout-flex wp-container-core-columns-is-layout-8eb77903 wp-block-columns-is-layout-flex\" style=\"margin-top:0;margin-bottom:0\">\n<div class=\"wp-block-column is-layout-flow wp-block-column-is-layout-flow\" style=\"flex-basis:50%\">\n<figure class=\"wp-block-image size-large\"><img loading=\"lazy\" decoding=\"async\" width=\"1024\" height=\"683\" src=\"https:\/\/www.leeb-balkone.com\/app\/uploads\/2026\/04\/Austrias-Leading-Companies-2017-Markus-und-Roswitha-Leeb-1024x683.jpg\" alt=\"Austrias Leading Companies 2017 Markus und Roswitha Leeb\" class=\"wp-image-167356\" style=\"aspect-ratio:4\/3;object-fit:cover\" srcset=\"https:\/\/www.leeb-balkone.com\/app\/uploads\/2026\/04\/Austrias-Leading-Companies-2017-Markus-und-Roswitha-Leeb-1024x683.jpg 1024w, https:\/\/www.leeb-balkone.com\/app\/uploads\/2026\/04\/Austrias-Leading-Companies-2017-Markus-und-Roswitha-Leeb-300x200.jpg 300w, https:\/\/www.leeb-balkone.com\/app\/uploads\/2026\/04\/Austrias-Leading-Companies-2017-Markus-und-Roswitha-Leeb-768x512.jpg 768w, https:\/\/www.leeb-balkone.com\/app\/uploads\/2026\/04\/Austrias-Leading-Companies-2017-Markus-und-Roswitha-Leeb-1536x1024.jpg 1536w, https:\/\/www.leeb-balkone.com\/app\/uploads\/2026\/04\/Austrias-Leading-Companies-2017-Markus-und-Roswitha-Leeb.jpg 1701w\" sizes=\"auto, (max-width: 1024px) 100vw, 1024px\" \/><\/figure>\n<\/div>\n\n\n\n<div class=\"wp-block-column has-light-gray-background-color has-background is-layout-flow wp-block-column-is-layout-flow\" style=\"padding-top:var(--wp--preset--spacing--m);padding-right:var(--wp--preset--spacing--m);padding-bottom:var(--wp--preset--spacing--m);padding-left:var(--wp--preset--spacing--m);flex-basis:50%\">\n<p class=\"has-step-s-font-size\"><strong>2015<\/strong><\/p>\n\n\n\n<h3 class=\"wp-block-heading\" style=\"margin-top:var(--wp--preset--spacing--2-xs)\">Azienda leader in Austria<\/h3>\n\n\n\n<p>Vincitore del premio &#8220;Austria&#8217;s Leading Company&#8221; &#8211; 1\u00b0 posto!<\/p>\n<\/div>\n<\/div>\n<\/div>\n\n\n\n<div class=\"wp-block-t3-timeline-item t3-timeline-item swiper-slide\" data-timeline-label=\"2016\">\n<div class=\"wp-block-columns is-style-default is-layout-flex wp-container-core-columns-is-layout-8eb77903 wp-block-columns-is-layout-flex\" style=\"margin-top:0;margin-bottom:0\">\n<div class=\"wp-block-column is-layout-flow wp-block-column-is-layout-flow\" style=\"flex-basis:50%\">\n<figure class=\"wp-block-image size-large\"><img loading=\"lazy\" decoding=\"async\" width=\"1024\" height=\"573\" src=\"https:\/\/www.leeb-balkone.com\/app\/uploads\/2026\/04\/Neue-Aussenstelle-in-Krumpendorf-1024x573.jpg\" alt=\"Neue Aussenstelle in Krumpendorf\" class=\"wp-image-167357\" style=\"aspect-ratio:4\/3;object-fit:cover\" srcset=\"https:\/\/www.leeb-balkone.com\/app\/uploads\/2026\/04\/Neue-Aussenstelle-in-Krumpendorf-1024x573.jpg 1024w, https:\/\/www.leeb-balkone.com\/app\/uploads\/2026\/04\/Neue-Aussenstelle-in-Krumpendorf-300x168.jpg 300w, https:\/\/www.leeb-balkone.com\/app\/uploads\/2026\/04\/Neue-Aussenstelle-in-Krumpendorf-768x429.jpg 768w, https:\/\/www.leeb-balkone.com\/app\/uploads\/2026\/04\/Neue-Aussenstelle-in-Krumpendorf-1536x859.jpg 1536w, https:\/\/www.leeb-balkone.com\/app\/uploads\/2026\/04\/Neue-Aussenstelle-in-Krumpendorf.jpg 1701w\" sizes=\"auto, (max-width: 1024px) 100vw, 1024px\" \/><\/figure>\n<\/div>\n\n\n\n<div class=\"wp-block-column has-light-gray-background-color has-background is-layout-flow wp-block-column-is-layout-flow\" style=\"padding-top:var(--wp--preset--spacing--m);padding-right:var(--wp--preset--spacing--m);padding-bottom:var(--wp--preset--spacing--m);padding-left:var(--wp--preset--spacing--m);flex-basis:50%\">\n<p class=\"has-step-s-font-size\"><strong>2016<\/strong><\/p>\n\n\n\n<h3 class=\"wp-block-heading\" style=\"margin-top:var(--wp--preset--spacing--2-xs)\">Nuova sede a Krumpendorf<\/h3>\n\n\n\n<p>Ampliamento dell&#8217;edificio per uffici a Gnesau e apertura della nuova sede con edificio per uffici e showroom a Krumpendorf!<\/p>\n\n\n\n<p>Presentazione del Premio Carinzia per l&#8217;esportazione.<\/p>\n<\/div>\n<\/div>\n<\/div>\n\n\n\n<div class=\"wp-block-t3-timeline-item t3-timeline-item swiper-slide\" data-timeline-label=\"2018\">\n<div class=\"wp-block-columns is-style-default is-layout-flex wp-container-core-columns-is-layout-8eb77903 wp-block-columns-is-layout-flex\" style=\"margin-top:0;margin-bottom:0\">\n<div class=\"wp-block-column is-layout-flow wp-block-column-is-layout-flow\" style=\"flex-basis:50%\">\n<figure class=\"wp-block-image size-large\"><img loading=\"lazy\" decoding=\"async\" width=\"1024\" height=\"684\" src=\"https:\/\/www.leeb-balkone.com\/app\/uploads\/2020\/07\/glas-sommergarten-terrassenueberdachung-5-1024x684.jpg\" alt=\"glas sommergarten terrassenueberdachung\" class=\"wp-image-59462\" style=\"aspect-ratio:4\/3;object-fit:cover\" srcset=\"https:\/\/www.leeb-balkone.com\/app\/uploads\/2020\/07\/glas-sommergarten-terrassenueberdachung-5-1024x684.jpg 1024w, https:\/\/www.leeb-balkone.com\/app\/uploads\/2020\/07\/glas-sommergarten-terrassenueberdachung-5-300x200.jpg 300w, https:\/\/www.leeb-balkone.com\/app\/uploads\/2020\/07\/glas-sommergarten-terrassenueberdachung-5-768x513.jpg 768w, https:\/\/www.leeb-balkone.com\/app\/uploads\/2020\/07\/glas-sommergarten-terrassenueberdachung-5-1536x1025.jpg 1536w, https:\/\/www.leeb-balkone.com\/app\/uploads\/2020\/07\/glas-sommergarten-terrassenueberdachung-5-scaled.jpg 2048w\" sizes=\"auto, (max-width: 1024px) 100vw, 1024px\" \/><\/figure>\n<\/div>\n\n\n\n<div class=\"wp-block-column has-light-gray-background-color has-background is-layout-flow wp-block-column-is-layout-flow\" style=\"padding-top:var(--wp--preset--spacing--m);padding-right:var(--wp--preset--spacing--m);padding-bottom:var(--wp--preset--spacing--m);padding-left:var(--wp--preset--spacing--m);flex-basis:50%\">\n<p class=\"has-step-s-font-size\"><strong>2018<\/strong><\/p>\n\n\n\n<h3 class=\"wp-block-heading\" style=\"margin-top:var(--wp--preset--spacing--2-xs)\">Ampliamento della gamma di prodotti<\/h3>\n\n\n\n<p>Sviluppo e introduzione di un sistema per tetti a terrazza e giardini estivi!<\/p>\n<\/div>\n<\/div>\n<\/div>\n\n\n\n<div class=\"wp-block-t3-timeline-item t3-timeline-item swiper-slide\" data-timeline-label=\"2020\">\n<div class=\"wp-block-columns is-style-default is-layout-flex wp-container-core-columns-is-layout-8eb77903 wp-block-columns-is-layout-flex\" style=\"margin-top:0;margin-bottom:0\">\n<div class=\"wp-block-column is-layout-flow wp-block-column-is-layout-flow\" style=\"flex-basis:50%\">\n<figure class=\"wp-block-image size-large\"><img loading=\"lazy\" decoding=\"async\" width=\"1024\" height=\"614\" src=\"https:\/\/www.leeb-balkone.com\/app\/uploads\/2022\/05\/Glashalle-Leeb-1024x614.jpg\" alt=\"Glashalle Leeb\" class=\"wp-image-83632\" style=\"aspect-ratio:4\/3;object-fit:cover\" srcset=\"https:\/\/www.leeb-balkone.com\/app\/uploads\/2022\/05\/Glashalle-Leeb-1024x614.jpg 1024w, https:\/\/www.leeb-balkone.com\/app\/uploads\/2022\/05\/Glashalle-Leeb-300x180.jpg 300w, https:\/\/www.leeb-balkone.com\/app\/uploads\/2022\/05\/Glashalle-Leeb-768x461.jpg 768w, https:\/\/www.leeb-balkone.com\/app\/uploads\/2022\/05\/Glashalle-Leeb-1536x922.jpg 1536w, https:\/\/www.leeb-balkone.com\/app\/uploads\/2022\/05\/Glashalle-Leeb-scaled.jpg 2048w\" sizes=\"auto, (max-width: 1024px) 100vw, 1024px\" \/><\/figure>\n<\/div>\n\n\n\n<div class=\"wp-block-column has-light-gray-background-color has-background is-layout-flow wp-block-column-is-layout-flow\" style=\"padding-top:var(--wp--preset--spacing--m);padding-right:var(--wp--preset--spacing--m);padding-bottom:var(--wp--preset--spacing--m);padding-left:var(--wp--preset--spacing--m);flex-basis:50%\">\n<p class=\"has-step-s-font-size\"><strong>2020<\/strong><\/p>\n\n\n\n<h3 class=\"wp-block-heading\" style=\"margin-top:var(--wp--preset--spacing--2-xs)\">Nuovo padiglione in vetro<\/h3>\n\n\n\n<p>A causa dell&#8217;espansione della gamma di prodotti, che include balconi in vetro, coperture per patio e giardini estivi, \u00e8 stata costruita una sala vetrate presso la sede dell&#8217;azienda, in modo che la lavorazione del vetro potesse essere effettuata internamente.<\/p>\n<\/div>\n<\/div>\n<\/div>\n\n\n\n<div class=\"wp-block-t3-timeline-item t3-timeline-item swiper-slide\" data-timeline-label=\"2023\">\n<div class=\"wp-block-columns is-style-default is-layout-flex wp-container-core-columns-is-layout-8eb77903 wp-block-columns-is-layout-flex\" style=\"margin-top:0;margin-bottom:0\">\n<div class=\"wp-block-column is-layout-flow wp-block-column-is-layout-flow\" style=\"flex-basis:50%\">\n<figure class=\"wp-block-image size-large\"><img loading=\"lazy\" decoding=\"async\" width=\"1024\" height=\"682\" src=\"https:\/\/www.leeb-balkone.com\/app\/uploads\/2022\/07\/Zentrale-Vogelperspektive-mit-Bach-1024x682.jpg\" alt=\"Zentrale Vogelperspektive mit Bach\" class=\"wp-image-95585\" style=\"aspect-ratio:4\/3;object-fit:cover\" srcset=\"https:\/\/www.leeb-balkone.com\/app\/uploads\/2022\/07\/Zentrale-Vogelperspektive-mit-Bach-1024x682.jpg 1024w, https:\/\/www.leeb-balkone.com\/app\/uploads\/2022\/07\/Zentrale-Vogelperspektive-mit-Bach-300x200.jpg 300w, https:\/\/www.leeb-balkone.com\/app\/uploads\/2022\/07\/Zentrale-Vogelperspektive-mit-Bach-768x512.jpg 768w, https:\/\/www.leeb-balkone.com\/app\/uploads\/2022\/07\/Zentrale-Vogelperspektive-mit-Bach-1536x1023.jpg 1536w, https:\/\/www.leeb-balkone.com\/app\/uploads\/2022\/07\/Zentrale-Vogelperspektive-mit-Bach-scaled.jpg 2048w\" sizes=\"auto, (max-width: 1024px) 100vw, 1024px\" \/><\/figure>\n<\/div>\n\n\n\n<div class=\"wp-block-column has-light-gray-background-color has-background is-layout-flow wp-block-column-is-layout-flow\" style=\"padding-top:var(--wp--preset--spacing--m);padding-right:var(--wp--preset--spacing--m);padding-bottom:var(--wp--preset--spacing--m);padding-left:var(--wp--preset--spacing--m);flex-basis:50%\">\n<p class=\"has-step-s-font-size\"><strong>2023<\/strong><\/p>\n\n\n\n<h3 class=\"wp-block-heading\" style=\"margin-top:var(--wp--preset--spacing--2-xs)\">Installazione dell&#8217;impianto fotovoltaico sui tetti delle sedi aziendali<\/h3>\n\n\n\n<p>Oggi copriamo circa tre quarti del nostro fabbisogno annuale di energia elettrica con il nostro impianto fotovoltaico di 5.000 m\u00b2 sui tetti dei nostri capannoni di produzione.  <\/p>\n\n\n\n<p>Nuova costruzione dell&#8217;impianto di riscaldamento nei locali dell&#8217;azienda.<\/p>\n<\/div>\n<\/div>\n<\/div>\n\n\n\n<div class=\"wp-block-t3-timeline-item t3-timeline-item swiper-slide\" data-timeline-label=\"2025\">\n<div class=\"wp-block-columns is-style-default is-layout-flex wp-container-core-columns-is-layout-8eb77903 wp-block-columns-is-layout-flex\" style=\"margin-top:0;margin-bottom:0\">\n<div class=\"wp-block-column is-layout-flow wp-block-column-is-layout-flow\" style=\"flex-basis:50%\">\n<figure class=\"wp-block-image size-large\"><img loading=\"lazy\" decoding=\"async\" width=\"2560\" height=\"2560\" src=\"https:\/\/www.leeb-balkone.com\/app\/uploads\/2026\/04\/Alexander-Ertl-edited-scaled.jpg\" alt=\"Alexander Ertl edited\" class=\"wp-image-167361\" style=\"aspect-ratio:4\/3;object-fit:cover\" srcset=\"https:\/\/www.leeb-balkone.com\/app\/uploads\/2026\/04\/Alexander-Ertl-edited-scaled.jpg 2560w, https:\/\/www.leeb-balkone.com\/app\/uploads\/2026\/04\/Alexander-Ertl-edited-300x300.jpg 300w, https:\/\/www.leeb-balkone.com\/app\/uploads\/2026\/04\/Alexander-Ertl-edited-1024x1024.jpg 1024w, https:\/\/www.leeb-balkone.com\/app\/uploads\/2026\/04\/Alexander-Ertl-edited-150x150.jpg 150w, https:\/\/www.leeb-balkone.com\/app\/uploads\/2026\/04\/Alexander-Ertl-edited-768x768.jpg 768w, https:\/\/www.leeb-balkone.com\/app\/uploads\/2026\/04\/Alexander-Ertl-edited-1536x1536.jpg 1536w, https:\/\/www.leeb-balkone.com\/app\/uploads\/2026\/04\/Alexander-Ertl-edited-2048x2048.jpg 2048w\" sizes=\"auto, (max-width: 2560px) 100vw, 2560px\" \/><\/figure>\n<\/div>\n\n\n\n<div class=\"wp-block-column has-light-gray-background-color has-background is-layout-flow wp-block-column-is-layout-flow\" style=\"padding-top:var(--wp--preset--spacing--m);padding-right:var(--wp--preset--spacing--m);padding-bottom:var(--wp--preset--spacing--m);padding-left:var(--wp--preset--spacing--m);flex-basis:50%\">\n<p class=\"has-step-s-font-size\"><strong>2025<\/strong><\/p>\n\n\n\n<h3 class=\"wp-block-heading\" style=\"margin-top:var(--wp--preset--spacing--2-xs)\">Rinforzo e <sup>innovazione2<\/sup><\/h3>\n\n\n\n<p>L<strong>&#8216;ispettore Alexander Ertl si unisce alla direzione<\/strong>.<br\/><br\/>Il <strong>sistema laser per tubi<\/strong> all&#8217;avanguardia nel nostro stabilimento di produzione non solo aumenta la capacit\u00e0 e l&#8217;efficienza, ma garantisce anche una precisione ancora maggiore. Il sistema di <strong>misurazione digitale<\/strong> rappresenta un ulteriore investimento in processi all&#8217;avanguardia e nell&#8217;affidabilit\u00e0 della pianificazione. <\/p>\n<\/div>\n<\/div>\n<\/div>\n<\/div><\/div><div class=\"t3-timeline-bar-row\"><div class=\"t3-timeline-bar\"><div class=\"t3-timeline-bar-track\"><\/div><\/div><div class=\"t3-timeline-nav\"><div class=\"swiper-button-prev t3-timeline-4d2ed821-4d6f-4a1a-a96f-0319d7f0bfe0-prev\"><\/div><div class=\"swiper-button-next t3-timeline-4d2ed821-4d6f-4a1a-a96f-0319d7f0bfe0-next\"><\/div><\/div><\/div><\/div>\n<\/section>\n\n<section class=\"wp-block-group alignfull has-light-gray-background-color has-background has-global-padding is-layout-constrained wp-container-core-group-is-layout-52f96efc wp-block-group-is-layout-constrained\">\n<div class=\"wp-block-columns m-split is-style-offset is-layout-flex wp-container-core-columns-is-layout-28f84493 wp-block-columns-is-layout-flex\">\n<div class=\"wp-block-column is-style-default is-layout-flow wp-block-column-is-layout-flow\">\n<figure class=\"wp-block-image size-full\"><img loading=\"lazy\" decoding=\"async\" width=\"2560\" height=\"1707\" src=\"https:\/\/www.leeb-balkone.com\/app\/uploads\/2026\/04\/Markus-und-Roswitha-Leeb-Geschaeftsfuehrung-Leeb-2026-3-scaled.jpg\" alt=\"Markus und Roswitha Leeb Geschaeftsfuehrung Leeb 2026\" class=\"wp-image-167854\" style=\"aspect-ratio:4\/3;object-fit:cover\" srcset=\"https:\/\/www.leeb-balkone.com\/app\/uploads\/2026\/04\/Markus-und-Roswitha-Leeb-Geschaeftsfuehrung-Leeb-2026-3-scaled.jpg 2560w, https:\/\/www.leeb-balkone.com\/app\/uploads\/2026\/04\/Markus-und-Roswitha-Leeb-Geschaeftsfuehrung-Leeb-2026-3-300x200.jpg 300w, https:\/\/www.leeb-balkone.com\/app\/uploads\/2026\/04\/Markus-und-Roswitha-Leeb-Geschaeftsfuehrung-Leeb-2026-3-1024x683.jpg 1024w, https:\/\/www.leeb-balkone.com\/app\/uploads\/2026\/04\/Markus-und-Roswitha-Leeb-Geschaeftsfuehrung-Leeb-2026-3-768x512.jpg 768w, https:\/\/www.leeb-balkone.com\/app\/uploads\/2026\/04\/Markus-und-Roswitha-Leeb-Geschaeftsfuehrung-Leeb-2026-3-1536x1024.jpg 1536w, https:\/\/www.leeb-balkone.com\/app\/uploads\/2026\/04\/Markus-und-Roswitha-Leeb-Geschaeftsfuehrung-Leeb-2026-3-2048x1365.jpg 2048w\" sizes=\"auto, (max-width: 2560px) 100vw, 2560px\" \/><\/figure>\n<\/div>\n\n\n\n<div class=\"wp-block-column is-vertically-aligned-center is-style-overlay-content has-white-background-color has-background is-layout-flow wp-block-column-is-layout-flow\" style=\"box-shadow:var(--wp--preset--shadow--box-shadow)\">\n<div class=\"wp-block-group is-vertical is-layout-flex wp-container-core-group-is-layout-6aed0e10 wp-block-group-is-layout-flex\">\n<p><em>&#8220;120 anni di Leeb: questa \u00e8 la storia della nostra famiglia, ma soprattutto la storia di persone che hanno costruito qualcosa di grande insieme. Siamo riusciti a percorrere questa strada solo perch\u00e9 i nostri partner, i nostri dipendenti e gli oltre 150.000 clienti hanno riposto in noi la loro fiducia. E su questa base costruiremo i prossimi 120 anni&#8221;.  <\/em><\/p>\n\n\n\n<p class=\"has-step-xs-font-size\"><strong>Roswitha e Markus Leeb<\/strong><\/p>\n\n\n\n<div class=\"wp-block-buttons is-layout-flex wp-block-buttons-is-layout-flex\" style=\"margin-top:var(--wp--preset--spacing--2-xs)\"><\/div>\n<\/div>\n<\/div>\n<\/div>\n<\/section>\n\n<section class=\"wp-block-group alignfull has-white-background-color has-background has-global-padding is-layout-constrained wp-container-core-group-is-layout-52f96efc wp-block-group-is-layout-constrained\">\n<div class=\"wp-block-group m-teaser o-grid u-md-1 is-layout-flow wp-block-group-is-layout-flow\">\n<div class=\"wp-block-group u-g-9 u-g-s-2 is-layout-flow wp-block-group-is-layout-flow\" style=\"margin-bottom:var(--wp--preset--spacing--s)\">\n<p style=\"text-transform:uppercase\">Pietre miliari<\/p>\n\n\n\n<h2 class=\"wp-block-heading has-text-align-left\">L&#8217;innovazione incontra la tradizione<\/h2>\n\n\n\n<p class=\"has-text-align-left\">Uno sviluppo e un fatto che hanno caratterizzato Leeb negli ultimi decenni e che definiscono il futuro della costruzione di balconi. Dal lavoro pionieristico con l&#8217;alluminio alla produzione interna di vetro: Leeb stabilisce parametri di riferimento che vanno ben oltre lo standard. <\/p>\n<\/div>\n<\/div>\n\n\n\n<div class=\"wp-block-columns is-style-shadow m-split is-layout-flex wp-container-core-columns-is-layout-b154210b wp-block-columns-is-layout-flex\" style=\"margin-bottom:var(--wp--preset--spacing--xl-2-xl)\">\n<div class=\"wp-block-column is-style-default is-layout-flow wp-block-column-is-layout-flow\">\n<figure class=\"wp-block-image size-large\"><img loading=\"lazy\" decoding=\"async\" width=\"1024\" height=\"683\" src=\"https:\/\/www.leeb-balkone.com\/app\/uploads\/2020\/06\/balkongelaender-alu-design-villach-21-1024x683.jpeg\" alt=\"Balcone piccolo con ringhiera in alluminio design Villach\" class=\"wp-image-7981\" style=\"aspect-ratio:4\/3;object-fit:cover\" srcset=\"https:\/\/www.leeb-balkone.com\/app\/uploads\/2020\/06\/balkongelaender-alu-design-villach-21-1024x683.jpeg 1024w, https:\/\/www.leeb-balkone.com\/app\/uploads\/2020\/06\/balkongelaender-alu-design-villach-21-300x200.jpeg 300w, https:\/\/www.leeb-balkone.com\/app\/uploads\/2020\/06\/balkongelaender-alu-design-villach-21-768x512.jpeg 768w, https:\/\/www.leeb-balkone.com\/app\/uploads\/2020\/06\/balkongelaender-alu-design-villach-21-1536x1024.jpeg 1536w, https:\/\/www.leeb-balkone.com\/app\/uploads\/2020\/06\/balkongelaender-alu-design-villach-21-2048x1366.jpeg 2048w\" sizes=\"auto, (max-width: 1024px) 100vw, 1024px\" \/><\/figure>\n<\/div>\n\n\n\n<div class=\"wp-block-column is-vertically-aligned-center is-style-overlay-content is-layout-flow wp-block-column-is-layout-flow\">\n<div class=\"wp-block-group is-vertical is-layout-flex wp-container-core-group-is-layout-6aed0e10 wp-block-group-is-layout-flex\">\n<h3 class=\"wp-block-heading\">Legno vs. alluminio<\/h3>\n\n\n\n<p>Con il passaggio all&#8217;alluminio, Leeb ha ripensato la costruzione dei balconi. Il rivestimento brevettato ALU COMFORT PLUS\u00ae rende ogni prodotto Leeb tre volte pi\u00f9 resistente agli agenti atmosferici, ai graffi e praticamente privo di manutenzione. Oltre 200 modelli, ognuno personalizzato dalla Carinzia.  <\/p>\n\n\n\n<div class=\"wp-block-buttons is-layout-flex wp-block-buttons-is-layout-flex\" style=\"margin-top:var(--wp--preset--spacing--2-xs)\">\n<div class=\"wp-block-button is-style-outline-secondary\"><a class=\"wp-block-button__link wp-element-button\" href=\"https:\/\/www.leeb-balkone.com\/it\/balconi\/balconi-alluminio\/\">Scopri i balconi in alluminio<\/a><\/div>\n<\/div>\n<\/div>\n<\/div>\n<\/div>\n\n\n\n<div class=\"wp-block-columns is-style-shadow m-split m-split-reverse is-layout-flex wp-container-core-columns-is-layout-28f84493 wp-block-columns-is-layout-flex\">\n<div class=\"wp-block-column is-style-default is-layout-flow wp-block-column-is-layout-flow\">\n<figure class=\"wp-block-image size-large\"><img loading=\"lazy\" decoding=\"async\" width=\"1024\" height=\"683\" src=\"https:\/\/www.leeb-balkone.com\/app\/uploads\/2026\/04\/Familie-Leeb-und-Alexander-Ertl-Portrait-20261-1024x683.jpg\" alt=\"Familie Leeb und Alexander Ertl Portrait\" class=\"wp-image-167852\" style=\"aspect-ratio:4\/3;object-fit:cover\" srcset=\"https:\/\/www.leeb-balkone.com\/app\/uploads\/2026\/04\/Familie-Leeb-und-Alexander-Ertl-Portrait-20261-1024x683.jpg 1024w, https:\/\/www.leeb-balkone.com\/app\/uploads\/2026\/04\/Familie-Leeb-und-Alexander-Ertl-Portrait-20261-300x200.jpg 300w, https:\/\/www.leeb-balkone.com\/app\/uploads\/2026\/04\/Familie-Leeb-und-Alexander-Ertl-Portrait-20261-768x512.jpg 768w, https:\/\/www.leeb-balkone.com\/app\/uploads\/2026\/04\/Familie-Leeb-und-Alexander-Ertl-Portrait-20261-1536x1024.jpg 1536w, https:\/\/www.leeb-balkone.com\/app\/uploads\/2026\/04\/Familie-Leeb-und-Alexander-Ertl-Portrait-20261-2048x1365.jpg 2048w\" sizes=\"auto, (max-width: 1024px) 100vw, 1024px\" \/><\/figure>\n<\/div>\n\n\n\n<div class=\"wp-block-column is-vertically-aligned-center is-style-overlay-content is-layout-flow wp-block-column-is-layout-flow\">\n<div class=\"wp-block-group is-vertical is-layout-flex wp-container-core-group-is-layout-6aed0e10 wp-block-group-is-layout-flex\">\n<h3 class=\"wp-block-heading\">Investimenti anticiclici<\/h3>\n\n\n\n<p>120 anni di Leeb sono sinonimo di coerenza, fiducia e coraggio di plasmare attivamente il futuro. I nostri investimenti anticiclici sono l&#8217;espressione principale di questo atteggiamento. Continuiamo consapevolmente a investire &#8211; in nuove tecnologie, sistemi migliori e processi moderni &#8211; proprio quando gli altri adottano un approccio attendista. Questo non solo garantisce l&#8217;alta qualit\u00e0 dei nostri prodotti, ma anche la nostra forza a lungo termine come azienda sana e affidabile. Per i nostri clienti, questo significa soprattutto una cosa: la sicurezza di affidarsi a un partner che agisce oggi e pensa al futuro.    <\/p>\n\n\n\n<div class=\"wp-block-buttons is-layout-flex wp-block-buttons-is-layout-flex\" style=\"margin-top:var(--wp--preset--spacing--2-xs)\"><\/div>\n<\/div>\n<\/div>\n<\/div>\n<\/section>\n","protected":false},"excerpt":{"rendered":"","protected":false},"author":1,"featured_media":0,"parent":0,"menu_order":0,"comment_status":"closed","ping_status":"closed","template":"template-onepager.blade.php","meta":{"_acf_changed":false,"footnotes":"","_sage_theme_css":true,"_wp_block_core_css":true},"folder":[269],"class_list":["post-167863","page","type-page","status-publish","hentry"],"acf":[],"yoast_head":"<!-- This site is optimized with the Yoast SEO plugin v27.2 - https:\/\/yoast.com\/product\/yoast-seo-wordpress\/ -->\n<title>120 anni di Leeb - BALCONI LEEB Italia<\/title>\n<meta name=\"description\" content=\"120 anni di Leeb Scopri 120 anni di passione per la qualit\u00e0 e la storia del leader europeo nella produzione di balconi e recinzioni. La nostra storia Da\" \/>\n<meta name=\"robots\" content=\"noindex, nofollow\" \/>\n<meta property=\"og:locale\" content=\"it_IT\" \/>\n<meta property=\"og:type\" content=\"article\" \/>\n<meta property=\"og:title\" content=\"120 anni di Leeb - BALCONI LEEB\" \/>\n<meta property=\"og:description\" content=\"120 anni di Leeb Scopri 120 anni di passione per la qualit\u00e0 e la storia del leader europeo nella produzione di balconi e recinzioni. La nostra storia Da\" \/>\n<meta property=\"og:url\" content=\"https:\/\/www.leeb-balkone.com\/it\/120-jahre-leeb\/\" \/>\n<meta property=\"og:site_name\" content=\"BALCONI LEEB\" \/>\n<meta property=\"article:publisher\" content=\"https:\/\/www.facebook.com\/balkone\/\" \/>\n<meta property=\"article:modified_time\" content=\"2026-04-16T13:53:32+00:00\" \/>\n<meta property=\"og:image\" content=\"https:\/\/www.leeb-balkone.com\/app\/uploads\/2020\/11\/leeb-balkone-firmengelaende-herbst-scaled.jpg\" \/>\n\t<meta property=\"og:image:width\" content=\"2560\" \/>\n\t<meta property=\"og:image:height\" content=\"1706\" \/>\n\t<meta property=\"og:image:type\" content=\"image\/jpeg\" \/>\n<meta name=\"twitter:card\" content=\"summary_large_image\" \/>\n<script type=\"application\/ld+json\" class=\"yoast-schema-graph\">{\"@context\":\"https:\/\/schema.org\",\"@graph\":[{\"@type\":\"WebPage\",\"@id\":\"https:\/\/www.leeb-balkone.com\/it\/120-jahre-leeb\/\",\"url\":\"https:\/\/www.leeb-balkone.com\/it\/120-jahre-leeb\/\",\"name\":\"120 anni di Leeb - BALCONI LEEB\",\"isPartOf\":{\"@id\":\"https:\/\/www.leeb-balkone.com\/it\/#website\"},\"primaryImageOfPage\":{\"@id\":\"https:\/\/www.leeb-balkone.com\/it\/120-jahre-leeb\/#primaryimage\"},\"image\":{\"@id\":\"https:\/\/www.leeb-balkone.com\/it\/120-jahre-leeb\/#primaryimage\"},\"thumbnailUrl\":\"https:\/\/www.leeb-balkone.com\/app\/uploads\/2020\/11\/leeb-balkone-firmengelaende-herbst-1024x682.jpg\",\"datePublished\":\"2026-03-26T13:08:17+00:00\",\"dateModified\":\"2026-04-16T13:53:32+00:00\",\"description\":\"120 anni di Leeb Scopri 120 anni di passione per la qualit\u00e0 e la storia del leader europeo nella produzione di balconi e recinzioni. La nostra storia Da\",\"breadcrumb\":{\"@id\":\"https:\/\/www.leeb-balkone.com\/it\/120-jahre-leeb\/#breadcrumb\"},\"inLanguage\":\"it-IT\",\"potentialAction\":[{\"@type\":\"ReadAction\",\"target\":[\"https:\/\/www.leeb-balkone.com\/it\/120-jahre-leeb\/\"]}]},{\"@type\":\"ImageObject\",\"inLanguage\":\"it-IT\",\"@id\":\"https:\/\/www.leeb-balkone.com\/it\/120-jahre-leeb\/#primaryimage\",\"url\":\"https:\/\/www.leeb-balkone.com\/app\/uploads\/2020\/11\/leeb-balkone-firmengelaende-herbst-1024x682.jpg\",\"contentUrl\":\"https:\/\/www.leeb-balkone.com\/app\/uploads\/2020\/11\/leeb-balkone-firmengelaende-herbst-1024x682.jpg\"},{\"@type\":\"BreadcrumbList\",\"@id\":\"https:\/\/www.leeb-balkone.com\/it\/120-jahre-leeb\/#breadcrumb\",\"itemListElement\":[{\"@type\":\"ListItem\",\"position\":1,\"name\":\"Home\",\"item\":\"https:\/\/www.leeb-balkone.com\/it\/\"},{\"@type\":\"ListItem\",\"position\":2,\"name\":\"120 anni di Leeb\"}]},{\"@type\":\"WebSite\",\"@id\":\"https:\/\/www.leeb-balkone.com\/it\/#website\",\"url\":\"https:\/\/www.leeb-balkone.com\/it\/\",\"name\":\"BALCONI LEEB\",\"description\":\"Balkone und Z\u00e4une\",\"publisher\":{\"@id\":\"https:\/\/www.leeb-balkone.com\/it\/#organization\"},\"potentialAction\":[{\"@type\":\"SearchAction\",\"target\":{\"@type\":\"EntryPoint\",\"urlTemplate\":\"https:\/\/www.leeb-balkone.com\/it\/?s={search_term_string}\"},\"query-input\":{\"@type\":\"PropertyValueSpecification\",\"valueRequired\":true,\"valueName\":\"search_term_string\"}}],\"inLanguage\":\"it-IT\"},{\"@type\":\"Organization\",\"@id\":\"https:\/\/www.leeb-balkone.com\/it\/#organization\",\"name\":\"Leeb Balkone Gmbh\",\"url\":\"https:\/\/www.leeb-balkone.com\/it\/\",\"logo\":{\"@type\":\"ImageObject\",\"inLanguage\":\"it-IT\",\"@id\":\"https:\/\/www.leeb-balkone.com\/it\/#\/schema\/logo\/image\/\",\"url\":\"https:\/\/www.leeb-balkone.com\/app\/uploads\/2020\/11\/leeb-logo.svg\",\"contentUrl\":\"https:\/\/www.leeb-balkone.com\/app\/uploads\/2020\/11\/leeb-logo.svg\",\"width\":741,\"height\":204,\"caption\":\"Leeb Balkone Gmbh\"},\"image\":{\"@id\":\"https:\/\/www.leeb-balkone.com\/it\/#\/schema\/logo\/image\/\"},\"sameAs\":[\"https:\/\/www.facebook.com\/balkone\/\",\"https:\/\/www.trustedshops.at\/bewertung\/info_X4587CCF5833E31AFE0B11F47D86999F2.html\",\"https:\/\/www.trustedshops.de\/bewertung\/info_X7BA536A7A0BDC86D36C4718E4DCAEEEF.html\",\"https:\/\/www.google.com\/maps\/place\/?q=place_id:ChIJ5-zH19-IcEcR9HonWRTllHI\"]}]}<\/script>\n<!-- \/ Yoast SEO plugin. -->","yoast_head_json":{"title":"120 anni di Leeb - BALCONI LEEB Italia","description":"120 anni di Leeb Scopri 120 anni di passione per la qualit\u00e0 e la storia del leader europeo nella produzione di balconi e recinzioni. La nostra storia Da","robots":{"index":"noindex","follow":"nofollow"},"og_locale":"it_IT","og_type":"article","og_title":"120 anni di Leeb - BALCONI LEEB","og_description":"120 anni di Leeb Scopri 120 anni di passione per la qualit\u00e0 e la storia del leader europeo nella produzione di balconi e recinzioni. La nostra storia Da","og_url":"https:\/\/www.leeb-balkone.com\/it\/120-jahre-leeb\/","og_site_name":"BALCONI LEEB","article_publisher":"https:\/\/www.facebook.com\/balkone\/","article_modified_time":"2026-04-16T13:53:32+00:00","og_image":[{"width":2560,"height":1706,"url":"https:\/\/www.leeb-balkone.com\/app\/uploads\/2020\/11\/leeb-balkone-firmengelaende-herbst-scaled.jpg","type":"image\/jpeg"}],"twitter_card":"summary_large_image","schema":{"@context":"https:\/\/schema.org","@graph":[{"@type":"WebPage","@id":"https:\/\/www.leeb-balkone.com\/it\/120-jahre-leeb\/","url":"https:\/\/www.leeb-balkone.com\/it\/120-jahre-leeb\/","name":"120 anni di Leeb - BALCONI LEEB","isPartOf":{"@id":"https:\/\/www.leeb-balkone.com\/it\/#website"},"primaryImageOfPage":{"@id":"https:\/\/www.leeb-balkone.com\/it\/120-jahre-leeb\/#primaryimage"},"image":{"@id":"https:\/\/www.leeb-balkone.com\/it\/120-jahre-leeb\/#primaryimage"},"thumbnailUrl":"https:\/\/www.leeb-balkone.com\/app\/uploads\/2020\/11\/leeb-balkone-firmengelaende-herbst-1024x682.jpg","datePublished":"2026-03-26T13:08:17+00:00","dateModified":"2026-04-16T13:53:32+00:00","description":"120 anni di Leeb Scopri 120 anni di passione per la qualit\u00e0 e la storia del leader europeo nella produzione di balconi e recinzioni. La nostra storia Da","breadcrumb":{"@id":"https:\/\/www.leeb-balkone.com\/it\/120-jahre-leeb\/#breadcrumb"},"inLanguage":"it-IT","potentialAction":[{"@type":"ReadAction","target":["https:\/\/www.leeb-balkone.com\/it\/120-jahre-leeb\/"]}]},{"@type":"ImageObject","inLanguage":"it-IT","@id":"https:\/\/www.leeb-balkone.com\/it\/120-jahre-leeb\/#primaryimage","url":"https:\/\/www.leeb-balkone.com\/app\/uploads\/2020\/11\/leeb-balkone-firmengelaende-herbst-1024x682.jpg","contentUrl":"https:\/\/www.leeb-balkone.com\/app\/uploads\/2020\/11\/leeb-balkone-firmengelaende-herbst-1024x682.jpg"},{"@type":"BreadcrumbList","@id":"https:\/\/www.leeb-balkone.com\/it\/120-jahre-leeb\/#breadcrumb","itemListElement":[{"@type":"ListItem","position":1,"name":"Home","item":"https:\/\/www.leeb-balkone.com\/it\/"},{"@type":"ListItem","position":2,"name":"120 anni di Leeb"}]},{"@type":"WebSite","@id":"https:\/\/www.leeb-balkone.com\/it\/#website","url":"https:\/\/www.leeb-balkone.com\/it\/","name":"BALCONI LEEB","description":"Balkone und Z\u00e4une","publisher":{"@id":"https:\/\/www.leeb-balkone.com\/it\/#organization"},"potentialAction":[{"@type":"SearchAction","target":{"@type":"EntryPoint","urlTemplate":"https:\/\/www.leeb-balkone.com\/it\/?s={search_term_string}"},"query-input":{"@type":"PropertyValueSpecification","valueRequired":true,"valueName":"search_term_string"}}],"inLanguage":"it-IT"},{"@type":"Organization","@id":"https:\/\/www.leeb-balkone.com\/it\/#organization","name":"Leeb Balkone Gmbh","url":"https:\/\/www.leeb-balkone.com\/it\/","logo":{"@type":"ImageObject","inLanguage":"it-IT","@id":"https:\/\/www.leeb-balkone.com\/it\/#\/schema\/logo\/image\/","url":"https:\/\/www.leeb-balkone.com\/app\/uploads\/2020\/11\/leeb-logo.svg","contentUrl":"https:\/\/www.leeb-balkone.com\/app\/uploads\/2020\/11\/leeb-logo.svg","width":741,"height":204,"caption":"Leeb Balkone Gmbh"},"image":{"@id":"https:\/\/www.leeb-balkone.com\/it\/#\/schema\/logo\/image\/"},"sameAs":["https:\/\/www.facebook.com\/balkone\/","https:\/\/www.trustedshops.at\/bewertung\/info_X4587CCF5833E31AFE0B11F47D86999F2.html","https:\/\/www.trustedshops.de\/bewertung\/info_X7BA536A7A0BDC86D36C4718E4DCAEEEF.html","https:\/\/www.google.com\/maps\/place\/?q=place_id:ChIJ5-zH19-IcEcR9HonWRTllHI"]}]}},"_links":{"self":[{"href":"https:\/\/www.leeb-balkone.com\/it\/wp-json\/wp\/v2\/pages\/167863","targetHints":{"allow":["GET"]}}],"collection":[{"href":"https:\/\/www.leeb-balkone.com\/it\/wp-json\/wp\/v2\/pages"}],"about":[{"href":"https:\/\/www.leeb-balkone.com\/it\/wp-json\/wp\/v2\/types\/page"}],"author":[{"embeddable":true,"href":"https:\/\/www.leeb-balkone.com\/it\/wp-json\/wp\/v2\/users\/1"}],"replies":[{"embeddable":true,"href":"https:\/\/www.leeb-balkone.com\/it\/wp-json\/wp\/v2\/comments?post=167863"}],"version-history":[{"count":3,"href":"https:\/\/www.leeb-balkone.com\/it\/wp-json\/wp\/v2\/pages\/167863\/revisions"}],"predecessor-version":[{"id":167944,"href":"https:\/\/www.leeb-balkone.com\/it\/wp-json\/wp\/v2\/pages\/167863\/revisions\/167944"}],"wp:attachment":[{"href":"https:\/\/www.leeb-balkone.com\/it\/wp-json\/wp\/v2\/media?parent=167863"}],"wp:term":[{"taxonomy":"folder","embeddable":true,"href":"https:\/\/www.leeb-balkone.com\/it\/wp-json\/wp\/v2\/folder?post=167863"}],"curies":[{"name":"wp","href":"https:\/\/api.w.org\/{rel}","templated":true}]}}