{"id":163805,"date":"2026-01-29T06:48:52","date_gmt":"2026-01-29T06:48:52","guid":{"rendered":"https:\/\/www.leeb-balkone.com\/balconi-modulari\/pavimentazione-di-balconi-e-terrazze\/"},"modified":"2026-01-29T06:51:38","modified_gmt":"2026-01-29T06:51:38","slug":"pavimenti-per-balconi-terrazze","status":"publish","type":"page","link":"https:\/\/www.leeb-balkone.com\/it\/balconi-modulari\/pavimenti-per-balconi-terrazze\/","title":{"rendered":"Pavimenti per balconi &#038; terrazze"},"content":{"rendered":"\n<section class=\"wp-block-group alignfull t3-header t3-header-splitscreen t3-splitscreen-shadow h-zi-20 has-light-gray-background-color has-background has-global-padding is-layout-constrained wp-container-core-group-is-layout-f1ad4950 wp-block-group-is-layout-constrained\" style=\"padding-top:0;padding-bottom:0\">\n<div class=\"wp-block-columns h-flx-a-s m-split is-layout-flex wp-container-core-columns-is-layout-28f84493 wp-block-columns-is-layout-flex\">\n<div class=\"wp-block-column is-vertically-aligned-top h-flx-a-s m-split-col-content is-layout-flow wp-block-column-is-layout-flow\"><div class=\"yoast-breadcrumbs\"><span><span><a href=\"https:\/\/www.leeb-balkone.com\/it\/\">Home<\/a><\/span> \/ <span><a href=\"https:\/\/www.leeb-balkone.com\/it\/balconi-modulari\/\">Balconi modulari<\/a><\/span> \/ <span class=\"breadcrumb_last\" aria-current=\"page\">Pavimenti per balconi &#038; terrazze<\/span><\/span><\/div>\n\n<h1 class=\"wp-block-post-title\">Pavimenti per balconi &#038; terrazze<\/h1>\n\n\n<p class=\"has-step-0-font-size\" style=\"margin-bottom:0\">I nostri pavimenti per balconi e terrazze, resistenti alle intemperie, sono abbinati per colore e funzione al tuo modello di balcone Leeb. La pavimentazione per balconi in alluminio \u00e8 disponibile in quasi tutti i colori RAL e, su richiesta, in un realistico effetto legno. <\/p>\n\n\n\n<div class=\"wp-block-buttons is-layout-flex wp-block-buttons-is-layout-flex\" style=\"margin-top:var(--wp--preset--spacing--l)\">\n<div class=\"wp-block-button is-style-cta icon-book icon-left\"><a class=\"wp-block-button__link wp-element-button\" href=\"https:\/\/www.leeb-balkone.com\/it\/contatti\/richiesta-catalogo\/\">Richiedi il catalogo<\/a><\/div>\n\n\n\n<div class=\"wp-block-button is-style-cta icon-vp icon-left\"><a class=\"wp-block-button__link wp-element-button\" href=\"https:\/\/www.leeb-balkone.com\/it\/partner-commerciali\/\">Trova una persona di contatto<span class=\"sr-only\"> Italia<\/span><\/a><\/div>\n<\/div>\n<\/div>\n\n\n\n<div class=\"wp-block-column is-vertically-aligned-stretch h-hide-md-down is-style-image-cover is-layout-flow wp-block-column-is-layout-flow\">\n<figure class=\"wp-block-image size-large\"><img loading=\"lazy\" decoding=\"async\" width=\"1024\" height=\"682\" src=\"https:\/\/www.leeb-balkone.com\/app\/uploads\/2020\/07\/balkon-terrassenboden-alu-12-1024x682.jpg\" alt=\"Terrazza ristrutturata con pavimento in alluminio effetto legno\" class=\"wp-image-7177\" srcset=\"https:\/\/www.leeb-balkone.com\/app\/uploads\/2020\/07\/balkon-terrassenboden-alu-12-1024x682.jpg 1024w, https:\/\/www.leeb-balkone.com\/app\/uploads\/2020\/07\/balkon-terrassenboden-alu-12-300x200.jpg 300w, https:\/\/www.leeb-balkone.com\/app\/uploads\/2020\/07\/balkon-terrassenboden-alu-12-768x512.jpg 768w, https:\/\/www.leeb-balkone.com\/app\/uploads\/2020\/07\/balkon-terrassenboden-alu-12-1536x1023.jpg 1536w, https:\/\/www.leeb-balkone.com\/app\/uploads\/2020\/07\/balkon-terrassenboden-alu-12-2048x1364.jpg 2048w\" sizes=\"auto, (max-width: 1024px) 100vw, 1024px\" \/><\/figure>\n<\/div>\n<\/div>\n<\/section>\n\n<section class=\"wp-block-group alignfull has-white-background-color has-background has-global-padding is-layout-constrained wp-container-core-group-is-layout-52f96efc wp-block-group-is-layout-constrained\" id=\"modelle\">\n<div class=\"wp-block-group m-teaser o-grid u-md-1 is-layout-flow wp-block-group-is-layout-flow\">\n<div class=\"wp-block-group u-g-9 u-g-s-2 is-layout-flow wp-block-group-is-layout-flow\" style=\"margin-bottom:var(--wp--preset--spacing--s)\">\n<p class=\"has-text-align-left\"><strong><strong>&#8220;Vivi in modo bello e sicuro all&#8217;aperto, sui pavimenti dei nostri balconi e patio&#8221;.<\/strong><\/strong><\/p>\n<\/div>\n<\/div>\n\n\n\n<div class=\"wp-block-columns is-layout-flex wp-container-core-columns-is-layout-28f84493 wp-block-columns-is-layout-flex\">\n<div class=\"wp-block-column is-layout-flow wp-block-column-is-layout-flow\" style=\"flex-basis:66.66%\"><div class=\"tgs-gallery\" data-tablet-slides=\"4\" data-desktop-slides=\"5\"><div class=\"t3-tgs swiper mainSlider\">\n                <div class=\"has-icon icon-enlarge\"><\/div>\n                <div class=\"swiper-wrapper lg-swiper\"><div class=\"swiper-slide\"><a href=\"https:\/\/www.leeb-balkone.com\/app\/uploads\/2020\/07\/balkon-terrassenboden-holz-accoya-02.jpg\"><img decoding=\"async\" src=\"https:\/\/www.leeb-balkone.com\/app\/uploads\/2020\/07\/balkon-terrassenboden-holz-accoya-02.jpg\" alt=\"Anbaubalkon mit Boden aus Accoya-Holz\"><\/a><div class=\"tgs-desc\">Pavimento in legno Accoya (disponibile in versione naturale o grigia)<\/div><\/div><div class=\"swiper-slide\"><a href=\"https:\/\/www.leeb-balkone.com\/app\/uploads\/2025\/07\/anbaubalkon-mit-stuetzen-feinsteinzeugboden-holzoptik-oak-scaled.jpg\"><img decoding=\"async\" src=\"https:\/\/www.leeb-balkone.com\/app\/uploads\/2025\/07\/anbaubalkon-mit-stuetzen-feinsteinzeugboden-holzoptik-oak-scaled.jpg\" alt=\"anbaubalkon mit stuetzen feinsteinzeugboden holzoptik oak\"><\/a><div class=\"tgs-desc\">Pavimento in gres porcellanato effetto legno (OAK)<\/div><\/div><div class=\"swiper-slide\"><a href=\"https:\/\/www.leeb-balkone.com\/app\/uploads\/2025\/07\/anbaubalkon-mit-stuetzen-alubodengreywood-scaled.jpeg\"><img decoding=\"async\" src=\"https:\/\/www.leeb-balkone.com\/app\/uploads\/2025\/07\/anbaubalkon-mit-stuetzen-alubodengreywood-scaled.jpeg\" alt=\"anbaubalkon mit stuetzen alubodengreywood\"><\/a><div class=\"tgs-desc\">Balcone aggiuntivo con pavimento in alluminio effetto legno (Greywood)<\/div><\/div><div class=\"swiper-slide\"><a href=\"https:\/\/www.leeb-balkone.com\/app\/uploads\/2025\/07\/Balkon-mit-Aluboden-grau-scaled.jpeg\"><img decoding=\"async\" src=\"https:\/\/www.leeb-balkone.com\/app\/uploads\/2025\/07\/Balkon-mit-Aluboden-grau-scaled.jpeg\" alt=\"Balkon mit Aluboden grau\"><\/a><div class=\"tgs-desc\">Balkongel\u00e4nder mit grauen Aluminiumboden<\/div><\/div><div class=\"swiper-slide\"><a href=\"https:\/\/www.leeb-balkone.com\/app\/uploads\/2024\/10\/anbaubalkon-terrassenboden-glas-casalinea.png\"><img decoding=\"async\" src=\"https:\/\/www.leeb-balkone.com\/app\/uploads\/2024\/10\/anbaubalkon-terrassenboden-glas-casalinea.png\" alt=\"anbaubalkon terrassenboden glas casalinea\"><\/a><div class=\"tgs-desc\">optionaler Glasbodeneinsatz mit Antirutschfunktion <\/div><\/div><\/div><div class=\"mainSliderPrev\"><\/div><div class=\"mainSliderNext\"><\/div><div class=\"main_slider_dots\"><\/div><\/div><div class=\"swiper thumbSlider\"><div class=\"swiper-wrapper wp-block-t3-carousel-wrapper\"><div class=\"swiper-slide\"><img decoding=\"async\" src=\"https:\/\/www.leeb-balkone.com\/app\/uploads\/2020\/07\/balkon-terrassenboden-holz-accoya-02-1024x683.jpg\" alt=\"Anbaubalkon mit Boden aus Accoya-Holz\" \/><\/div><div class=\"swiper-slide\"><img decoding=\"async\" src=\"https:\/\/www.leeb-balkone.com\/app\/uploads\/2025\/07\/anbaubalkon-mit-stuetzen-feinsteinzeugboden-holzoptik-oak-1024x683.jpg\" alt=\"anbaubalkon mit stuetzen feinsteinzeugboden holzoptik oak\" \/><\/div><div class=\"swiper-slide\"><img decoding=\"async\" src=\"https:\/\/www.leeb-balkone.com\/app\/uploads\/2025\/07\/anbaubalkon-mit-stuetzen-alubodengreywood-1024x683.jpeg\" alt=\"anbaubalkon mit stuetzen alubodengreywood\" \/><\/div><div class=\"swiper-slide\"><img decoding=\"async\" src=\"https:\/\/www.leeb-balkone.com\/app\/uploads\/2025\/07\/Balkon-mit-Aluboden-grau-1024x683.jpeg\" alt=\"Balkon mit Aluboden grau\" \/><\/div><div class=\"swiper-slide\"><img decoding=\"async\" src=\"https:\/\/www.leeb-balkone.com\/app\/uploads\/2024\/10\/anbaubalkon-terrassenboden-glas-casalinea-1024x684.png\" alt=\"anbaubalkon terrassenboden glas casalinea\" \/><\/div><\/div><div class=\"thumbSliderPrev swiper-button-prev\"><\/div><div class=\"thumbSliderNext swiper-button-next\"><\/div><\/div><\/div><\/div>\n\n\n\n<div class=\"wp-block-column is-layout-flow wp-block-column-is-layout-flow\" style=\"flex-basis:33.33%\">\n<h2 class=\"wp-block-heading has-step-2-font-size\">Balconi e terrazze<\/h2>\n\n\n\n<p>Leeb offre pavimenti per balconi e terrazze realizzati con materiali particolarmente resistenti e di grande impatto visivo e funzionale. La pavimentazione per balconi e terrazze in alluminio \u00e8 disponibile nella consueta variet\u00e0 di modelli Leeb, mentre quella in legno \u00e8 disponibile nel tradizionale larice o nel moderno Accoya. Sono disponibili anche pavimenti in pietra di alta qualit\u00e0.  <\/p>\n\n\n\n<p class=\"has-step-s-font-size\"><strong>Nota<\/strong>: i pavimenti Leeb sono generalmente disponibili solo in combinazione con i balconi, le coperture o le ristrutturazioni di alta qualit\u00e0 Leeb: questo garantisce che la sottostruttura e la pavimentazione si integrino perfettamente per decenni di divertimento.<\/p>\n<\/div>\n<\/div>\n\n\n\n<div class=\"wp-block-group m-teaser o-grid u-md-1 is-layout-flow wp-block-group-is-layout-flow\" style=\"margin-top:0;padding-top:var(--wp--preset--spacing--xl-2-xl)\">\n<div class=\"wp-block-group u-g-10 u-g-s-2 is-layout-flow wp-block-group-is-layout-flow\" style=\"margin-top:0;margin-bottom:var(--wp--preset--spacing--s)\"><div class=\"wp-block-t3-tabs t3-tabs t3-tabs--centered t3-tabs--use-headings t3-tabs--heading-h3\" data-uniqueid=\"tabs-8f57f258\" data-use-headings=\"true\" data-heading-level=\"h3\"><ul class=\"t3-tabs__list\" role=\"tablist\"><li role=\"presentation\"><button role=\"tab\" id=\"tabs-8f57f258-tab-0\" aria-controls=\"tabs-8f57f258-panel-0\" class=\"t3-tabs__tab-button t3-tabs__tab-button--heading t3-tabs__tab-button--active\" aria-selected=\"true\" tabindex=\"0\"><div class=\"t3-tabs__tab-button-inner\"><span class=\"t3-tabs__tab-title\">Alluminio<\/span><\/div><\/button><\/li><li role=\"presentation\"><button role=\"tab\" id=\"tabs-8f57f258-tab-1\" aria-controls=\"tabs-8f57f258-panel-1\" class=\"t3-tabs__tab-button t3-tabs__tab-button--heading\" aria-selected=\"false\" tabindex=\"-1\"><div class=\"t3-tabs__tab-button-inner\"><span class=\"t3-tabs__tab-title\">Vetro<\/span><\/div><\/button><\/li><li role=\"presentation\"><button role=\"tab\" id=\"tabs-8f57f258-tab-2\" aria-controls=\"tabs-8f57f258-panel-2\" class=\"t3-tabs__tab-button t3-tabs__tab-button--heading\" aria-selected=\"false\" tabindex=\"-1\"><div class=\"t3-tabs__tab-button-inner\"><span class=\"t3-tabs__tab-title\">Pietra<\/span><\/div><\/button><\/li><li role=\"presentation\"><button role=\"tab\" id=\"tabs-8f57f258-tab-3\" aria-controls=\"tabs-8f57f258-panel-3\" class=\"t3-tabs__tab-button t3-tabs__tab-button--heading\" aria-selected=\"false\" tabindex=\"-1\"><div class=\"t3-tabs__tab-button-inner\"><span class=\"t3-tabs__tab-title\">Legno<\/span><\/div><\/button><\/li><\/ul><div class=\"t3-tabs__panels\"><div class=\"t3-tab__content t3-tabs__panel\" role=\"tabpanel\" id=\"tabs-8f57f258-panel-0\" aria-labelledby=\"tabs-8f57f258-tab-0\"><h3 class=\"sr-only\">Alluminio<\/h3>\n<p>Le <strong>coperture per balconi e terrazze in alluminio<\/strong> di Leeb sono sinonimo di massima durata, look moderno e facile manutenzione. Sono personalizzabili, si adattano in modo flessibile a qualsiasi architettura e convincono per l&#8217;eccezionale qualit\u00e0 dei materiali e dei dettagli. <\/p>\n\n\n\n<ul class=\"wp-block-list\">\n<li>Resistente: Elevata capacit\u00e0 di carico, resistente agli agenti atmosferici, non arrugginisce.<\/li>\n\n\n\n<li>Facile da pulire: nessuna verniciatura, facile da pulire grazie alla superficie liscia e all&#8217;effetto loto grazie al rivestimento in polvere ALU COMFORT PLUS\u00ae.<\/li>\n\n\n\n<li>Variet\u00e0: disponibile in oltre 200 colori RAL e 13 decorazioni in legno &#8211; il look giusto per ogni stile.<\/li>\n\n\n\n<li>Durevole: bella in modo permanente, resistente ai raggi UV e ai colori, praticamente priva di manutenzione.<\/li>\n\n\n\n<li>Personalizzato: realizzato su misura su richiesta, flessibile per ristrutturazioni, nuove costruzioni o retrofitting.<\/li>\n\n\n\n<li>Bassa barriera: superficie bassa e antiscivolo per una camminata comoda e sicura.<\/li>\n\n\n\n<li>Sostenibile: materiale riciclabile, prodotto in Austria secondo i pi\u00f9 alti standard di qualit\u00e0.<\/li>\n\n\n\n<li>Compatibile: si adatta perfettamente a tutti i modelli di balconi e terrazze Leeb, ideale anche per le ristrutturazioni.<\/li>\n<\/ul>\n<\/div><div class=\"t3-tab__content t3-tabs__panel\" role=\"tabpanel\" id=\"tabs-8f57f258-panel-1\" aria-labelledby=\"tabs-8f57f258-tab-1\"><h3 class=\"sr-only\">Vetro<\/h3>\n<p>Gli <strong>inserti in vetro per pavimenti<\/strong> di Leeb sono un punto di forza architettonico e garantiscono la massima trasmissione della luce e un&#8217;elevata resistenza allo scivolamento. Conferiscono a ogni balcone e terrazza un aspetto esclusivo. <\/p>\n\n\n\n<ul class=\"wp-block-list\">\n<li>Inondato di luce: elevata trasparenza per una massima incidenza della luce, ideale per soluzioni moderne e ariose.<\/li>\n\n\n\n<li>Antiscivolo: una speciale serigrafia garantisce una superficie sicura anche in condizioni di bagnato.<\/li>\n\n\n\n<li>Elegante: aspetto discreto, riflessi di luce efficaci, enfatizza qualsiasi concetto architettonico.<\/li>\n\n\n\n<li>Robusto: vetro di sicurezza ESG o VSG, particolarmente facile da pulire e resistente agli agenti atmosferici.<\/li>\n\n\n\n<li>Personalizzabile: \u00e8 possibile realizzare diverse serigrafie e tinte.<\/li>\n\n\n\n<li>Compatibile: si abbina perfettamente ai modelli da balcone e da terrazzo Leeb.<\/li>\n\n\n\n<li>Facile da pulire: la superficie liscia \u00e8 facile da pulire e rimane bella a lungo.<\/li>\n<\/ul>\n<\/div><div class=\"t3-tab__content t3-tabs__panel\" role=\"tabpanel\" id=\"tabs-8f57f258-panel-2\" aria-labelledby=\"tabs-8f57f258-tab-2\"><h3 class=\"sr-only\">Pietra<\/h3>\n<p>I <strong>pavimenti in gres porcellanato<\/strong> sono sinonimo di eleganza senza tempo, valore solido e facilit\u00e0 di manutenzione duratura. Sono adatti alle aree esterne pi\u00f9 esigenti e hanno un aspetto particolarmente pregiato. <\/p>\n\n\n\n<ul class=\"wp-block-list\">\n<li>Elegante: aspetto di pietra di alta qualit\u00e0 in diversi colori e texture, dal moderno al classico.<\/li>\n\n\n\n<li>Resiliente: altissima resistenza all&#8217;abrasione, ai graffi e agli agenti atmosferici.<\/li>\n\n\n\n<li>Easy-care: repellente allo sporco, facile da pulire, non richiede impregnazione.<\/li>\n\n\n\n<li>Resistente: Resistente al gelo, ai raggi UV, ai colori e alle variazioni di temperatura.<\/li>\n\n\n\n<li>Sicuro: strutture con superficie antiscivolo per camminare in sicurezza.<\/li>\n\n\n\n<li>Versatile: vari formati e design, personalizzabili per qualsiasi sistema Leeb.<\/li>\n\n\n\n<li>Bassa barriera: pu\u00f2 essere posato con pochi giunti; \u00e8 ideale anche per le ristrutturazioni.<\/li>\n<\/ul>\n<\/div><div class=\"t3-tab__content t3-tabs__panel\" role=\"tabpanel\" id=\"tabs-8f57f258-panel-3\" aria-labelledby=\"tabs-8f57f258-tab-3\"><h3 class=\"sr-only\">Legno<\/h3>\n<p>Il <strong>larice<\/strong> \u00e8 il materiale classico per la pavimentazione di balconi e terrazze quando l&#8217;aspetto naturale, il calore e l&#8217;origine regionale sono fondamentali. Grazie alle sue propriet\u00e0 resinose, il larice ha un ottimo punteggio in termini di resistenza agli agenti atmosferici e robustezza. <\/p>\n\n\n\n<ul class=\"wp-block-list\">\n<li>Naturale: venature sorprendenti, colori chiari e caldi, sensazione di vero legno.<\/li>\n\n\n\n<li>Tradizionale: un rivestimento per pavimenti per aree esterne collaudato da decenni.<\/li>\n\n\n\n<li>Durevole: con una cura regolare, i pavimenti per balconi e terrazze in larice sono molto resistenti.<\/li>\n\n\n\n<li>Compatibile: si armonizza con tutti i modelli da balcone e da terrazzo Leeb.<\/li>\n<\/ul>\n\n\n\n<p>L<strong>&#8216;Accoya<\/strong> \u00e8 un legno pregiato modificato che, grazie a uno speciale processo di acetilazione, \u00e8 particolarmente durevole, dimensionalmente stabile e richiede poca manutenzione. Combina un aspetto naturale del legno con una tecnologia all&#8217;avanguardia per un uso esterno senza compromessi. <\/p>\n\n\n\n<ul class=\"wp-block-list\">\n<li>Estremamente durevole: fino a 50 anni di durata all&#8217;esterno, resistenza impareggiabile alla putrefazione e ai parassiti del legno.<\/li>\n\n\n\n<li>Stabile nelle dimensioni: Difficilmente si deforma, rimane dimensionalmente stabile anche se esposto all&#8217;umidit\u00e0 e alle fluttuazioni di temperatura.<\/li>\n\n\n\n<li>Facile da pulire: riverniciatura meno frequente, superficie liscia, elevata consistenza del colore.<\/li>\n\n\n\n<li>Sostenibile: legno certificato proveniente da fonti responsabili, completamente atossico e riciclabile.<\/li>\n\n\n\n<li>Sicuro: piacevole sensazione di camminare a piedi nudi, poche schegge.<\/li>\n<\/ul>\n<\/div><\/div><\/div><\/div>\n<\/div>\n<\/section>\n\n<section class=\"wp-block-cover alignfull is-light katalog-cta\" style=\"margin-top:0;margin-bottom:0;padding-top:0;padding-right:0;padding-bottom:0;padding-left:0;min-height:100px;aspect-ratio:unset;\" id=\"beratungsanfrage\"><img loading=\"lazy\" decoding=\"async\" width=\"2560\" height=\"1707\" class=\"wp-block-cover__image-background wp-image-152954 size-full\" alt=\"Schauraum Leeb Tettnang Florian Keller\" src=\"https:\/\/www.leeb-balkone.com\/app\/uploads\/2025\/04\/Schauraum-Leeb-Tettnang-Florian-Keller-17-scaled.jpg\" style=\"object-position:41% 45%\" data-object-fit=\"cover\" data-object-position=\"41% 45%\" srcset=\"https:\/\/www.leeb-balkone.com\/app\/uploads\/2025\/04\/Schauraum-Leeb-Tettnang-Florian-Keller-17-scaled.jpg 2560w, https:\/\/www.leeb-balkone.com\/app\/uploads\/2025\/04\/Schauraum-Leeb-Tettnang-Florian-Keller-17-300x200.jpg 300w, https:\/\/www.leeb-balkone.com\/app\/uploads\/2025\/04\/Schauraum-Leeb-Tettnang-Florian-Keller-17-1024x683.jpg 1024w, https:\/\/www.leeb-balkone.com\/app\/uploads\/2025\/04\/Schauraum-Leeb-Tettnang-Florian-Keller-17-768x512.jpg 768w, https:\/\/www.leeb-balkone.com\/app\/uploads\/2025\/04\/Schauraum-Leeb-Tettnang-Florian-Keller-17-1536x1024.jpg 1536w, https:\/\/www.leeb-balkone.com\/app\/uploads\/2025\/04\/Schauraum-Leeb-Tettnang-Florian-Keller-17-2048x1366.jpg 2048w\" sizes=\"auto, (max-width: 2560px) 100vw, 2560px\" \/><span aria-hidden=\"true\" class=\"wp-block-cover__background has-primary-45-background-color has-background-dim-80 has-background-dim\"><\/span><div class=\"wp-block-cover__inner-container has-global-padding is-layout-constrained wp-container-core-cover-is-layout-f028c7bd wp-block-cover-is-layout-constrained\">\n<div class=\"wp-block-group is-layout-flow wp-block-group-is-layout-flow\" style=\"min-height:0px;margin-top:0;margin-bottom:0;padding-top:var(--wp--preset--spacing--2-xl);padding-bottom:var(--wp--preset--spacing--2-xl);padding-left:0\">\n<div class=\"wp-block-columns are-vertically-aligned-center is-layout-flex wp-container-core-columns-is-layout-0a4bbf16 wp-block-columns-is-layout-flex\" style=\"margin-top:0;margin-bottom:0\">\n<div class=\"wp-block-column is-vertically-aligned-center is-layout-flow wp-block-column-is-layout-flow\" style=\"flex-basis:66.66%\">\n<h2 class=\"wp-block-heading\">Richiedi un appuntamento di consulenza<\/h2>\n\n\n\n<p class=\"is-style-teaser\">Hai qualche domanda? Mettiti in contatto con noi e utilizza il nostro modulo di contatto. Richiedi subito la tua consulenza personale: il tuo interlocutore sar\u00e0 lieto di fornirti un supporto personalizzato per la pianificazione e la realizzazione del tuo progetto!  <\/p>\n<\/div>\n\n\n\n<div class=\"wp-block-column is-vertically-aligned-center is-layout-flow wp-block-column-is-layout-flow\" style=\"flex-basis:33.33%\">\n<div class=\"wp-block-buttons u-m-jc-left is-content-justification-right is-layout-flex wp-container-core-buttons-is-layout-c060c6c7 wp-block-buttons-is-layout-flex\">\n<div class=\"wp-block-button is-style-filled-white large smooth-scroll\"><a class=\"wp-block-button__link wp-element-button\" href=\"#beratungstermin\" style=\"box-shadow:var(--wp--preset--shadow--button-shadow)\">Richiesta di consulenza<\/a><\/div>\n<\/div>\n<\/div>\n<\/div>\n<\/div>\n<\/div><\/section>\n\n<section class=\"wp-block-group alignfull has-light-gray-background-color has-background has-global-padding is-layout-constrained wp-container-core-group-is-layout-52f96efc wp-block-group-is-layout-constrained\" id=\"service-qualitaet\">\n<div class=\"wp-block-group o-grid u-md-1 is-layout-flow wp-block-group-is-layout-flow\">\n<div class=\"wp-block-group u-g-9 u-g-s-2 is-layout-flow wp-block-group-is-layout-flow\" style=\"margin-bottom:var(--wp--preset--spacing--s)\">\n<h2 class=\"wp-block-heading\"><strong>Pavimenti di balconi e terrazze Leeb<\/strong><\/h2>\n\n\n\n<p><span class=\"teaser\">I pavimenti per balconi e terrazze Leeb sono stati sviluppati e selezionati appositamente per essere utilizzati all&#8217;aperto senza problemi per molti anni. Diversi fattori e vantaggi tecnologici garantiscono questa durata anche in condizioni climatiche intense. <\/span><\/p>\n\n\n\n<p>Che si tratti di lastre di pietra, listoni di alluminio o pavimenti in legno: ottieni una soluzione durevole, personalizzabile e sicura, dalla progettazione all&#8217;installazione da un unico fornitore.<\/p>\n<\/div>\n<\/div>\n\n\n\n<div class=\"wp-block-group small is-style-white-cards sm-2-cols is-layout-grid wp-container-core-group-is-layout-7785d981 wp-block-group-is-layout-grid\">\n<div class=\"wp-block-group m-card has-modal is-layout-flow wp-container-core-group-is-layout-8a368f38 wp-block-group-is-layout-flow\" data-modal-id=\"151384\">\n<figure class=\"wp-block-image size-large is-style-default\"><img loading=\"lazy\" decoding=\"async\" width=\"1024\" height=\"714\" src=\"https:\/\/www.leeb-balkone.com\/app\/uploads\/2023\/09\/objektbau-anbaubalkone-1024x714.jpg\" alt=\"objektbau anbaubalkone\" class=\"wp-image-131849\" srcset=\"https:\/\/www.leeb-balkone.com\/app\/uploads\/2023\/09\/objektbau-anbaubalkone-1024x714.jpg 1024w, https:\/\/www.leeb-balkone.com\/app\/uploads\/2023\/09\/objektbau-anbaubalkone-300x209.jpg 300w, https:\/\/www.leeb-balkone.com\/app\/uploads\/2023\/09\/objektbau-anbaubalkone-768x536.jpg 768w, https:\/\/www.leeb-balkone.com\/app\/uploads\/2023\/09\/objektbau-anbaubalkone-1536x1071.jpg 1536w, https:\/\/www.leeb-balkone.com\/app\/uploads\/2023\/09\/objektbau-anbaubalkone-2048x1428.jpg 2048w\" sizes=\"auto, (max-width: 1024px) 100vw, 1024px\" \/><figcaption class=\"wp-element-caption\">In seguito<\/figcaption><\/figure>\n\n\n\n<div class=\"wp-block-group m-card-content has-white-background-color has-background is-vertical is-layout-flex wp-container-core-group-is-layout-5580f018 wp-block-group-is-layout-flex\">\n<h3 class=\"wp-block-heading\"><strong>Coltivazione in balcone con il numero 1 in Europa<\/strong><\/h3>\n\n\n\n<p>Leeb Balconies \u00e8 lo specialista dei balconi aggiuntivi e frontali personalizzati.<\/p>\n<\/div>\n<a href=\"#overlay-151384\" class=\"open-modal-link\" aria-label=\"Open modal\"><span class=\"sr-only\">\u00d6ffne Modal<\/span><\/a><\/div>\n\n\n\n<div class=\"wp-block-group m-card has-modal is-layout-flow wp-container-core-group-is-layout-8a368f38 wp-block-group-is-layout-flow\" data-modal-id=\"150749\">\n<figure class=\"wp-block-image size-large is-style-default\"><img loading=\"lazy\" decoding=\"async\" width=\"1024\" height=\"767\" src=\"https:\/\/www.leeb-balkone.com\/app\/uploads\/2020\/08\/leeb-balkone-mitarbeiter-4-1024x767.jpeg\" alt=\"Installazione di una ringhiera per balcone in alluminio Leeb personalizzata\" class=\"wp-image-6083\" srcset=\"https:\/\/www.leeb-balkone.com\/app\/uploads\/2020\/08\/leeb-balkone-mitarbeiter-4-1024x767.jpeg 1024w, https:\/\/www.leeb-balkone.com\/app\/uploads\/2020\/08\/leeb-balkone-mitarbeiter-4-2048x1535.jpeg 2048w, https:\/\/www.leeb-balkone.com\/app\/uploads\/2020\/08\/leeb-balkone-mitarbeiter-4-300x225.jpeg 300w, https:\/\/www.leeb-balkone.com\/app\/uploads\/2020\/08\/leeb-balkone-mitarbeiter-4-768x575.jpeg 768w, https:\/\/www.leeb-balkone.com\/app\/uploads\/2020\/08\/leeb-balkone-mitarbeiter-4-1536x1151.jpeg 1536w\" sizes=\"auto, (max-width: 1024px) 100vw, 1024px\" \/><\/figure>\n\n\n\n<div class=\"wp-block-group m-card-content has-white-background-color has-background is-vertical is-layout-flex wp-container-core-group-is-layout-5580f018 wp-block-group-is-layout-flex\">\n<h3 class=\"wp-block-heading\">Un servizio completo per un&#8217;implementazione senza pensieri<\/h3>\n\n\n\n<p>Servizio di consulenza in loco, configuratore 3D, produzione in fabbrica, consegna e installazione.<\/p>\n<\/div>\n<a href=\"#overlay-150749\" class=\"open-modal-link\" aria-label=\"Open modal\"><span class=\"sr-only\">\u00d6ffne Modal<\/span><\/a><\/div>\n\n\n\n<div class=\"wp-block-group m-card has-modal is-layout-flow wp-container-core-group-is-layout-8a368f38 wp-block-group-is-layout-flow\" data-modal-id=\"150746\">\n<figure class=\"wp-block-image size-full\"><img loading=\"lazy\" decoding=\"async\" width=\"2048\" height=\"1366\" src=\"https:\/\/www.leeb-balkone.com\/app\/uploads\/2022\/05\/glas-bearbeitung-zuschnitt--scaled.jpg\" alt=\"glas bearbeitung zuschnitt \" class=\"wp-image-83644\" srcset=\"https:\/\/www.leeb-balkone.com\/app\/uploads\/2022\/05\/glas-bearbeitung-zuschnitt--scaled.jpg 2048w, https:\/\/www.leeb-balkone.com\/app\/uploads\/2022\/05\/glas-bearbeitung-zuschnitt--300x200.jpg 300w, https:\/\/www.leeb-balkone.com\/app\/uploads\/2022\/05\/glas-bearbeitung-zuschnitt--1024x683.jpg 1024w, https:\/\/www.leeb-balkone.com\/app\/uploads\/2022\/05\/glas-bearbeitung-zuschnitt--768x512.jpg 768w, https:\/\/www.leeb-balkone.com\/app\/uploads\/2022\/05\/glas-bearbeitung-zuschnitt--1536x1024.jpg 1536w\" sizes=\"auto, (max-width: 2048px) 100vw, 2048px\" \/><\/figure>\n\n\n\n<div class=\"wp-block-group m-card-content has-white-background-color has-background is-vertical is-layout-flex wp-container-core-group-is-layout-5580f018 wp-block-group-is-layout-flex\">\n<h3 class=\"wp-block-heading\"><strong>Vetro di sicurezza laminato di qualit\u00e0 superiore<\/strong><\/h3>\n\n\n\n<p>Sicurezza testata, design innovativi e qualit\u00e0 personalizzata e duratura con Leeb Glas.<\/p>\n<\/div>\n<a href=\"#overlay-150746\" class=\"open-modal-link\" aria-label=\"Open modal\"><span class=\"sr-only\">\u00d6ffne Modal<\/span><\/a><\/div>\n\n\n\n<div class=\"wp-block-group m-card has-modal is-layout-flow wp-container-core-group-is-layout-8a368f38 wp-block-group-is-layout-flow\" data-modal-id=\"150753\">\n<figure class=\"wp-block-image size-large\"><img loading=\"lazy\" decoding=\"async\" width=\"1024\" height=\"665\" src=\"https:\/\/www.leeb-balkone.com\/app\/uploads\/2020\/08\/alu-comfort-plus-1024x665.jpg\" alt=\"alu comfort plus\" class=\"wp-image-5082\" srcset=\"https:\/\/www.leeb-balkone.com\/app\/uploads\/2020\/08\/alu-comfort-plus-1024x665.jpg 1024w, https:\/\/www.leeb-balkone.com\/app\/uploads\/2020\/08\/alu-comfort-plus-300x195.jpg 300w, https:\/\/www.leeb-balkone.com\/app\/uploads\/2020\/08\/alu-comfort-plus-768x499.jpg 768w, https:\/\/www.leeb-balkone.com\/app\/uploads\/2020\/08\/alu-comfort-plus-1536x997.jpg 1536w, https:\/\/www.leeb-balkone.com\/app\/uploads\/2020\/08\/alu-comfort-plus-2048x1330.jpg 2048w\" sizes=\"auto, (max-width: 1024px) 100vw, 1024px\" \/><\/figure>\n\n\n\n<div class=\"wp-block-group m-card-content has-white-background-color has-background is-vertical is-layout-flex wp-container-core-group-is-layout-5580f018 wp-block-group-is-layout-flex\">\n<h3 class=\"wp-block-heading\">Protezione a lungo termine con ALU Comfort Plus<\/h3>\n\n\n\n<p>Rivestimento brevettato e lavorazione dell&#8217;alluminio ai massimi livelli.<\/p>\n<\/div>\n<a href=\"#overlay-150753\" class=\"open-modal-link\" aria-label=\"Open modal\"><span class=\"sr-only\">\u00d6ffne Modal<\/span><\/a><\/div>\n<\/div>\n\n\n\n<div class=\"wp-block-group o-grid u-md-1 is-layout-flow wp-block-group-is-layout-flow\" style=\"padding-top:var(--wp--preset--spacing--l)\">\n<div class=\"wp-block-group u-g-9 u-g-s-2 is-layout-flow wp-block-group-is-layout-flow\" style=\"margin-bottom:var(--wp--preset--spacing--s)\">\n<h3 class=\"wp-block-heading\">I vantaggi in sintesi<\/h3>\n\n\n\n<p>Le caratteristiche di qualit\u00e0 tipiche del leader di mercato, la selezione e gli extra parlano a favore dei pavimenti per balconi e terrazze Leeb.<\/p>\n\n\n\n<ul class=\"wp-block-list is-style-checkmark-2\">\n<li><strong>Innovazione e qualit\u00e0:<\/strong> le decorazioni per balconi e terrazze Leeb sono realizzate in alluminio di alta qualit\u00e0 e sono resistenti alle intemperie, ai graffi e praticamente prive di manutenzione come tutti i modelli di ringhiere in alluminio. Il larice e l&#8217;accoya sono soluzioni collaudate e sostenibili. <\/li>\n\n\n\n<li><strong>Design e opzioni di colore:<\/strong> I pavimenti per balconi e terrazze in alluminio Leeb sono disponibili in tutti i colori RAL e in versione legno.<\/li>\n\n\n\n<li><strong>Soluzioni personalizzate:<\/strong> Il pavimento giusto per la costruzione di balconi e coperture con certezza.  <\/li>\n\n\n\n<li><strong>Servizio a tutto tondo:<\/strong> Leeb vi offre un&#8217;assistenza competente e affidabile, dalla consulenza alla progettazione, fino all&#8217;installazione rapida e pulita.<\/li>\n<\/ul>\n<\/div>\n<\/div>\n<\/section>\n\n<section class=\"wp-block-cover alignfull is-light katalog-cta\" style=\"margin-top:0;margin-bottom:0;padding-top:0;padding-right:0;padding-bottom:0;padding-left:0;min-height:100px;aspect-ratio:unset;\"><img loading=\"lazy\" decoding=\"async\" width=\"1920\" height=\"599\" class=\"wp-block-cover__image-background wp-image-7912 size-full\" alt=\"leeb balkone katalog anfordern\" src=\"https:\/\/www.leeb-balkone.com\/app\/uploads\/2020\/09\/leeb-balkone-katalog-anfordern-1.jpeg\" data-object-fit=\"cover\" srcset=\"https:\/\/www.leeb-balkone.com\/app\/uploads\/2020\/09\/leeb-balkone-katalog-anfordern-1-300x94.jpeg 300w, https:\/\/www.leeb-balkone.com\/app\/uploads\/2020\/09\/leeb-balkone-katalog-anfordern-1-1024x319.jpeg 1024w, https:\/\/www.leeb-balkone.com\/app\/uploads\/2020\/09\/leeb-balkone-katalog-anfordern-1-768x240.jpeg 768w, https:\/\/www.leeb-balkone.com\/app\/uploads\/2020\/09\/leeb-balkone-katalog-anfordern-1-1536x479.jpeg 1536w\" sizes=\"auto, (max-width: 1920px) 100vw, 1920px\" \/><span aria-hidden=\"true\" class=\"wp-block-cover__background has-primary-45-background-color has-background-dim-80 has-background-dim\"><\/span><div class=\"wp-block-cover__inner-container has-global-padding is-layout-constrained wp-container-core-cover-is-layout-fc5783d2 wp-block-cover-is-layout-constrained\">\n<div class=\"wp-block-group is-layout-flow wp-block-group-is-layout-flow\" style=\"min-height:0px;margin-top:0;margin-bottom:0;padding-top:var(--wp--preset--spacing--2-xl);padding-bottom:var(--wp--preset--spacing--2-xl);padding-left:0\">\n<div class=\"wp-block-columns are-vertically-aligned-center is-layout-flex wp-container-core-columns-is-layout-0a4bbf16 wp-block-columns-is-layout-flex\" style=\"margin-top:0;margin-bottom:0\">\n<div class=\"wp-block-column is-vertically-aligned-center is-layout-flow wp-block-column-is-layout-flow\" style=\"flex-basis:66.66%\">\n<h2 class=\"wp-block-heading\">Variet\u00e0 di pavimenti nel catalogo<\/h2>\n\n\n\n<p class=\"is-style-teaser\"><span class=\"teaser\"><span class=\"teaser\"><span class=\"teaser\"><span class=\"teaser\"><span class=\"teaser\">Il tuo catalogo personale ti aspetta! Ordina subito gratuitamente e scopri i nostri pavimenti per balconi e terrazze nel catalogo delle coltivazioni. Trova la soluzione pi\u00f9 adatta a te.<\/span><\/span><\/span><\/span><\/span><\/p>\n<\/div>\n\n\n\n<div class=\"wp-block-column is-vertically-aligned-center is-layout-flow wp-block-column-is-layout-flow\" style=\"flex-basis:33.33%\">\n<div class=\"wp-block-buttons u-m-jc-left is-content-justification-right is-layout-flex wp-container-core-buttons-is-layout-c060c6c7 wp-block-buttons-is-layout-flex\">\n<div class=\"wp-block-button is-style-filled-white large\"><a class=\"wp-block-button__link wp-element-button\" href=\"https:\/\/www.leeb-balkone.com\/it\/contatti\/richiesta-catalogo\/\" style=\"box-shadow:var(--wp--preset--shadow--button-shadow)\">Richiedi il catalogo<\/a><\/div>\n<\/div>\n<\/div>\n<\/div>\n<\/div>\n<\/div><\/section>\n\n<section class=\"wp-block-group alignfull has-white-background-color has-background has-global-padding is-layout-constrained wp-container-core-group-is-layout-52f96efc wp-block-group-is-layout-constrained\">\n<div class=\"wp-block-group o-grid u-md-1 is-layout-flow wp-block-group-is-layout-flow\" style=\"padding-top:0\">\n<div class=\"wp-block-group u-g-9 u-g-s-2 is-layout-flow wp-block-group-is-layout-flow\" style=\"margin-bottom:var(--wp--preset--spacing--s)\">\n<h2 class=\"wp-block-heading\">Perch\u00e9 un pavimento per balconi e patio Leeb?<\/h2>\n\n\n\n<p class=\"is-style-teaser\"><span class=\"teaser\">Grazie ai materiali di alta qualit\u00e0, alle superfici innovative e agli extra sofisticati, i pavimenti per balconi e terrazze Leeb offrono la migliore protezione e il massimo comfort a lungo termine.<\/span><\/p>\n<\/div>\n<\/div>\n\n\n\n<div class=\"wp-block-group is-layout-flow wp-container-core-group-is-layout-d5075d26 wp-block-group-is-layout-flow\">\n<div class=\"wp-block-columns is-style-shadow m-split is-layout-flex wp-container-core-columns-is-layout-28f84493 wp-block-columns-is-layout-flex\">\n<div class=\"wp-block-column is-style-default is-layout-flow wp-block-column-is-layout-flow\">\n<figure class=\"wp-block-image size-large\"><img loading=\"lazy\" decoding=\"async\" width=\"1024\" height=\"681\" src=\"https:\/\/www.leeb-balkone.com\/app\/uploads\/2025\/07\/MADRID-ANBAU-88-1024x681.jpg\" alt=\"Anbaubalkon (Balkongel\u00e4ndermodell Madrid) mit Aluminiumboden\" class=\"wp-image-151647\" style=\"aspect-ratio:4\/3;object-fit:cover\" srcset=\"https:\/\/www.leeb-balkone.com\/app\/uploads\/2025\/07\/MADRID-ANBAU-88-1024x681.jpg 1024w, https:\/\/www.leeb-balkone.com\/app\/uploads\/2025\/07\/MADRID-ANBAU-88-300x200.jpg 300w, https:\/\/www.leeb-balkone.com\/app\/uploads\/2025\/07\/MADRID-ANBAU-88-768x511.jpg 768w, https:\/\/www.leeb-balkone.com\/app\/uploads\/2025\/07\/MADRID-ANBAU-88-1536x1022.jpg 1536w, https:\/\/www.leeb-balkone.com\/app\/uploads\/2025\/07\/MADRID-ANBAU-88-2048x1363.jpg 2048w\" sizes=\"auto, (max-width: 1024px) 100vw, 1024px\" \/><\/figure>\n<\/div>\n\n\n\n<div class=\"wp-block-column is-vertically-aligned-center is-style-overlay-content is-layout-flow wp-block-column-is-layout-flow\">\n<div class=\"wp-block-group is-vertical is-layout-flex wp-container-core-group-is-layout-6aed0e10 wp-block-group-is-layout-flex\">\n<h3 class=\"wp-block-heading\">I pi\u00f9 venduti: Listoni in alluminio<\/h3>\n\n\n\n<p>I pavimenti per balconi e terrazze in alluminio di Leeb offrono una soluzione estremamente robusta, resistente agli agenti atmosferici e di facile manutenzione per le aree esterne. Grazie al rivestimento in polvere brevettato ALU COMFORT PLUS\u00ae, sono praticamente privi di manutenzione, resistenti ai graffi e agli agenti chimici e ai raggi UV. Il cosiddetto effetto loto fa s\u00ec che l&#8217;acqua e lo sporco rotolino via: il pavimento \u00e8 facile da pulire.  <\/p>\n\n\n\n<ul class=\"wp-block-list is-style-checkmark-2\">\n<li>Particolarmente robusto grazie alla verniciatura a polvere brevettata<\/li>\n\n\n\n<li>Resistente alle intemperie e ai raggi UV, elevata protezione contro la grandine<\/li>\n\n\n\n<li>Ampia scelta di colori e finiture in legno<\/li>\n<\/ul>\n<\/div>\n<\/div>\n<\/div>\n\n\n\n<div class=\"wp-block-columns is-style-shadow m-split m-split-reverse is-layout-flex wp-container-core-columns-is-layout-28f84493 wp-block-columns-is-layout-flex\">\n<div class=\"wp-block-column is-style-default is-layout-flow wp-block-column-is-layout-flow\">\n<figure class=\"wp-block-image size-large\"><img loading=\"lazy\" decoding=\"async\" width=\"1024\" height=\"682\" src=\"https:\/\/www.leeb-balkone.com\/app\/uploads\/2025\/07\/anbaubalkon-mit-stuetzen-aluboden-greywood-1024x682.jpg\" alt=\"anbaubalkon mit stuetzen aluboden greywood\" class=\"wp-image-151587\" style=\"aspect-ratio:4\/3;object-fit:cover\" srcset=\"https:\/\/www.leeb-balkone.com\/app\/uploads\/2025\/07\/anbaubalkon-mit-stuetzen-aluboden-greywood-1024x682.jpg 1024w, https:\/\/www.leeb-balkone.com\/app\/uploads\/2025\/07\/anbaubalkon-mit-stuetzen-aluboden-greywood-300x200.jpg 300w, https:\/\/www.leeb-balkone.com\/app\/uploads\/2025\/07\/anbaubalkon-mit-stuetzen-aluboden-greywood-768x512.jpg 768w, https:\/\/www.leeb-balkone.com\/app\/uploads\/2025\/07\/anbaubalkon-mit-stuetzen-aluboden-greywood-1536x1023.jpg 1536w, https:\/\/www.leeb-balkone.com\/app\/uploads\/2025\/07\/anbaubalkon-mit-stuetzen-aluboden-greywood-2048x1364.jpg 2048w\" sizes=\"auto, (max-width: 1024px) 100vw, 1024px\" \/><\/figure>\n<\/div>\n\n\n\n<div class=\"wp-block-column is-vertically-aligned-center is-style-overlay-content is-layout-flow wp-block-column-is-layout-flow\">\n<div class=\"wp-block-group is-vertical is-layout-flex wp-container-core-group-is-layout-6aed0e10 wp-block-group-is-layout-flex\">\n<h3 class=\"wp-block-heading\">Ampia scelta con vantaggi<\/h3>\n\n\n\n<p>Da Leeb troverai una delle pi\u00f9 vaste selezioni di pavimenti per balconi e terrazze provenienti dall&#8217;Austria: da quelli moderni e classici a quelli in alluminio effetto legno. La selezione pu\u00f2 essere personalizzata per adattarsi a qualsiasi progetto edilizio e offre una combinazione perfetta di design, funzionalit\u00e0 e valore duraturo. Soprattutto, la pavimentazione \u00e8 parte integrante dei nostri collaudati sistemi Leeb per la costruzione di balconi, in modo che la sottostruttura, la pavimentazione e le ringhiere si armonizzino perfettamente sia dal punto di vista tecnico che da quello visivo e tu possa goderti il tuo balcone per molto tempo.  <\/p>\n\n\n\n<div class=\"wp-block-buttons is-layout-flex wp-block-buttons-is-layout-flex\" style=\"margin-top:var(--wp--preset--spacing--2-xs)\">\n<div class=\"wp-block-button is-style-outline-secondary\"><a class=\"wp-block-button__link has-transparent-background-color has-background wp-element-button\" href=\"https:\/\/www.leeb-balkone.com\/it\/balconi-modulari\/\">Balconi modulari<\/a><\/div>\n<\/div>\n<\/div>\n<\/div>\n<\/div>\n\n\n<\/div>\n<\/section>\n\n<section class=\"wp-block-group alignfull has-light-gray-background-color has-background has-global-padding is-layout-constrained wp-container-core-group-is-layout-52f96efc wp-block-group-is-layout-constrained\">\n<div class=\"wp-block-group o-grid u-md-1 is-layout-flow wp-block-group-is-layout-flow\" style=\"padding-top:0\">\n<div class=\"wp-block-group u-g-9 u-g-s-2 is-layout-flow wp-block-group-is-layout-flow\" style=\"margin-bottom:var(--wp--preset--spacing--s)\">\n<h2 class=\"wp-block-heading\">Domande frequenti<\/h2>\n\n\n\n<p class=\"is-style-teaser\" style=\"padding-bottom:var(--wp--preset--spacing--m)\">Hai domande generali sui nostri pavimenti per balconi e terrazze? Nelle nostre FAQ troverai risposte concise alle domande pi\u00f9 frequenti sui pavimenti Leeb. <\/p>\n\n\n\n<div class=\"wp-block-t3-acc-accordion is-style-light\"><button id=\"accordion-ea0bb2f4-7a8b-41e8-b4a7-fdb5c9b10722-button\" class=\"accordion__button\" aria-expanded=\"false\" aria-controls=\"accordion-ea0bb2f4-7a8b-41e8-b4a7-fdb5c9b10722-panel\"><h3 data-accordion-title=\"true\" style=\"font-size:var(--step-1)\"><strong><strong><strong><strong>Qual \u00e8 il materiale migliore per le decorazioni?<\/strong><\/strong><\/strong><\/strong><\/h3><\/button><div id=\"accordion-ea0bb2f4-7a8b-41e8-b4a7-fdb5c9b10722-panel\" class=\"accordion__panel\" role=\"region\" aria-labelledby=\"accordion-ea0bb2f4-7a8b-41e8-b4a7-fdb5c9b10722-button\">\n<p>In particolare, i seguenti materiali sono considerati la scelta migliore per ottenere pannelli per decking durevoli, facili da curare e resistenti: alluminio, pietra e legno di alta qualit\u00e0.  <\/p>\n\n\n\n<div class=\"wp-block-columns is-layout-flex wp-container-core-columns-is-layout-28f84493 wp-block-columns-is-layout-flex\">\n<div class=\"wp-block-column is-layout-flow wp-block-column-is-layout-flow\" style=\"flex-basis:100%\">\n<figure class=\"wp-block-table is-style-stripes has-step-s-font-size\"><table><thead><tr><th class=\"has-text-align-left\" data-align=\"left\">Materiale<\/th><th class=\"has-text-align-center\" data-align=\"center\">Vantaggi con Leeb<\/th><th class=\"has-text-align-center\" data-align=\"center\">Caratteristiche speciali di Leeb<\/th><\/tr><\/thead><tbody><tr><td class=\"has-text-align-left\" data-align=\"left\"><strong><strong>Alluminio<\/strong><\/strong><\/td><td class=\"has-text-align-center\" data-align=\"center\">&#8211; Non arrugginisce mai, resistente alla torsione, estremamente durevole<br\/>&#8211; Rivestimento brevettato ALU COMFORT PLUS\u00ae, effetto loto- Oltre 200 colori, 13 decori in legno<br\/>&#8211; Nessuna verniciatura, manutenzione minima<\/td><td class=\"has-text-align-center\" data-align=\"center\">&#8211; Personalizzato<br\/>&#8211; Disponibile anche con superficie antiscivolo<br\/>&#8211; Prodotto in modo sostenibile in Austria<\/td><\/tr><tr><td class=\"has-text-align-left\" data-align=\"left\"><strong><strong>Legno<\/strong><\/strong><\/td><td class=\"has-text-align-center\" data-align=\"center\">&#8211; Aspetto naturale, sensazione di calore a piedi nudi<br\/>&#8211; Legno di larice regionale (classico, molto resistente con cura)<br\/>&#8211; Accoya: legno pregiato, massima durata, bassa manutenzione, bassa scheggiatura<\/td><td class=\"has-text-align-center\" data-align=\"center\">&#8211; Disponibile come soluzione sostenibile<br\/>&#8211; Vari colori e superfici disponibili<\/td><\/tr><tr><td class=\"has-text-align-left\" data-align=\"left\"><strong>Pietra<\/strong><\/td><td class=\"has-text-align-center\" data-align=\"center\">&#8211; Elegante, estremamente robusto, resistente al gelo e ai colori<br\/>&#8211; Sporco e antiscivolo<br\/>&#8211; Adatto a design moderni e classici<\/td><td class=\"has-text-align-center\" data-align=\"center\">&#8211; Pu\u00f2 essere posato con poche fughe<br\/>&#8211; Numerosi colori\/strutture<br\/>&#8211; Ideale per superfici soggette a traffico intenso<\/td><\/tr><tr><td class=\"has-text-align-left\" data-align=\"left\"><strong>Vetro<\/strong><\/td><td class=\"has-text-align-center\" data-align=\"center\">&#8211; Look esclusivo, inondato di luce, stampa antiscivolo<br\/>&#8211; Resistente agli agenti atmosferici e ai raggi UV<\/td><td class=\"has-text-align-center\" data-align=\"center\">&#8211; Come soluzione d&#8217;accento o come superficie principale<\/td><\/tr><\/tbody><\/table><\/figure>\n<\/div>\n<\/div>\n<\/div><\/div>\n\n\n\n<div class=\"wp-block-t3-acc-accordion is-style-light\"><button id=\"accordion-993cc56f-6808-4b95-ae64-0d85cfd16215-button\" class=\"accordion__button\" aria-expanded=\"false\" aria-controls=\"accordion-993cc56f-6808-4b95-ae64-0d85cfd16215-panel\"><h3 data-accordion-title=\"true\" style=\"font-size:var(--step-1)\"><strong><strong>I pavimenti per balconi e terrazze Leeb sono disponibili separatamente?  <\/strong><\/strong><\/h3><\/button><div id=\"accordion-993cc56f-6808-4b95-ae64-0d85cfd16215-panel\" class=\"accordion__panel\" role=\"region\" aria-labelledby=\"accordion-993cc56f-6808-4b95-ae64-0d85cfd16215-button\">\n<p>I pavimenti per balconi e terrazze Leeb non sono disponibili come singoli prodotti liberamente selezionabili. Vengono offerti e installati come parte di un progetto Leeb completo, come <strong>un sistema di balconi, coperture o terrazze complete<\/strong>. Nel caso di <strong>progetti di ristrutturazione o ammodernamento<\/strong>, \u00e8 possibile che Leeb sostituisca un pavimento per balconi esistente, ma di solito nell&#8217;ambito di una ristrutturazione o ottimizzazione pi\u00f9 completa del balcone, della struttura portante o dei componenti associati. Anche in questi casi \u00e8 raro che venga sostituito solo il pavimento; in molti casi viene effettuata una ristrutturazione combinata del pavimento e della struttura del balcone. Non ci sono prove che Leeb venda o installi i suoi pavimenti singolarmente, cio\u00e8 in modo completamente indipendente da un balcone\/una copertura Leeb nuova o esistente.    <\/p>\n<\/div><\/div>\n<\/div>\n<\/div>\n<\/section>\n\n<section class=\"wp-block-group alignfull has-white-background-color has-background has-global-padding is-layout-constrained wp-container-core-group-is-layout-52f96efc wp-block-group-is-layout-constrained\">\n<div class=\"wp-block-group o-grid u-md-1 is-layout-flow wp-block-group-is-layout-flow\" style=\"padding-top:0\">\n<div class=\"wp-block-group u-g-9 u-g-s-2 is-layout-flow wp-block-group-is-layout-flow\">\n<h2 class=\"wp-block-heading\">Impressioni sul pavimento di balconi e patio<\/h2>\n\n\n\n<p><span class=\"teaser\">Lasciati ispirare dalle possibilit\u00e0 di design dei nostri pavimenti.<\/span><\/p>\n<\/div>\n<\/div>\n\n\n    <div id=\"t3-lg-block-1\" class=\"wp-block-t3-lightgallery\" data-initial-count=\"9\">\n      <div class=\"lg-container u-grid-temp has-3-cols\">\n                  <div class=\"lg-item\" data-src=\"https:\/\/www.leeb-balkone.com\/app\/uploads\/2020\/07\/glasbalkongelaender-vital-in-mattweiss-und-boden-aus-feinsteinzeugplatten-scaled.jpg\"\n              data-sub-html=\"&lt;p&gt;Innenansicht Balkongel\u00e4nder Vital mit mattwei\u00dfem Glas und Boden aus Feinsteinzeug&lt;\/p&gt;\">\n            <div class=\"img-wrapper\">\n                <figure>\n                    <img loading=\"lazy\" decoding=\"async\" width=\"300\" height=\"200\" src=\"https:\/\/www.leeb-balkone.com\/app\/uploads\/2020\/07\/glasbalkongelaender-vital-in-mattweiss-und-boden-aus-feinsteinzeugplatten-300x200.jpg\" class=\"attachment-medium size-medium\" alt=\"Innenansicht Balkongel\u00e4nder Vital mit mattwei\u00dfem Glas und Boden aus Feinsteinzeug\" srcset=\"https:\/\/www.leeb-balkone.com\/app\/uploads\/2020\/07\/glasbalkongelaender-vital-in-mattweiss-und-boden-aus-feinsteinzeugplatten-300x200.jpg 300w, https:\/\/www.leeb-balkone.com\/app\/uploads\/2020\/07\/glasbalkongelaender-vital-in-mattweiss-und-boden-aus-feinsteinzeugplatten-1024x683.jpg 1024w, https:\/\/www.leeb-balkone.com\/app\/uploads\/2020\/07\/glasbalkongelaender-vital-in-mattweiss-und-boden-aus-feinsteinzeugplatten-768x512.jpg 768w, https:\/\/www.leeb-balkone.com\/app\/uploads\/2020\/07\/glasbalkongelaender-vital-in-mattweiss-und-boden-aus-feinsteinzeugplatten-1536x1025.jpg 1536w, https:\/\/www.leeb-balkone.com\/app\/uploads\/2020\/07\/glasbalkongelaender-vital-in-mattweiss-und-boden-aus-feinsteinzeugplatten-2048x1366.jpg 2048w\" sizes=\"auto, (min-width: 1200px) 260px, (min-width: 1024px) 220px, (min-width: 640px) 465px, 768px\" \/>    \n                <\/figure>\n                        <\/div>\n            <p>Innenansicht Balkongel\u00e4nder Vital mit mattwei\u00dfem Glas und Boden aus Feinsteinzeug<\/p>        <\/div>\n                  <div class=\"lg-item\" data-src=\"https:\/\/www.leeb-balkone.com\/app\/uploads\/2020\/07\/alu-anbaubalkon-mit-ueberdachung-toscana-und-einer-aufdachmarkise-scaled.jpg\"\n              data-sub-html=\"&lt;p&gt;Anbaubalkon mit \u00dcberdachung und Balkongel\u00e4nder Vital inklusive Boden in Feinsteinzeugplatten&lt;\/p&gt;\">\n            <div class=\"img-wrapper\">\n                <figure>\n                    <img loading=\"lazy\" decoding=\"async\" width=\"300\" height=\"200\" src=\"https:\/\/www.leeb-balkone.com\/app\/uploads\/2020\/07\/alu-anbaubalkon-mit-ueberdachung-toscana-und-einer-aufdachmarkise-300x200.jpg\" class=\"attachment-medium size-medium\" alt=\"Anbaubalkon mit \u00dcberdachung und Balkongel\u00e4nder Vital inklusive Boden in Feinsteinzeugplatten\" srcset=\"https:\/\/www.leeb-balkone.com\/app\/uploads\/2020\/07\/alu-anbaubalkon-mit-ueberdachung-toscana-und-einer-aufdachmarkise-300x200.jpg 300w, https:\/\/www.leeb-balkone.com\/app\/uploads\/2020\/07\/alu-anbaubalkon-mit-ueberdachung-toscana-und-einer-aufdachmarkise-1024x682.jpg 1024w, https:\/\/www.leeb-balkone.com\/app\/uploads\/2020\/07\/alu-anbaubalkon-mit-ueberdachung-toscana-und-einer-aufdachmarkise-768x512.jpg 768w, https:\/\/www.leeb-balkone.com\/app\/uploads\/2020\/07\/alu-anbaubalkon-mit-ueberdachung-toscana-und-einer-aufdachmarkise-1536x1024.jpg 1536w, https:\/\/www.leeb-balkone.com\/app\/uploads\/2020\/07\/alu-anbaubalkon-mit-ueberdachung-toscana-und-einer-aufdachmarkise-2048x1365.jpg 2048w\" sizes=\"auto, (min-width: 1200px) 260px, (min-width: 1024px) 220px, (min-width: 640px) 465px, 768px\" \/>    \n                <\/figure>\n                        <\/div>\n            <p>Anbaubalkon mit \u00dcberdachung und Balkongel\u00e4nder Vital inklusive Boden in Feinsteinzeugplatten<\/p>        <\/div>\n                  <div class=\"lg-item\" data-src=\"https:\/\/www.leeb-balkone.com\/app\/uploads\/2025\/07\/anbaubalkon-und-zaun-alu-ambito-feinsteinzeugboden-beige-scaled.jpg\"\n              data-sub-html=\"&lt;p&gt;Anbaubalkon mit Feinsteinzeugboden in beige&lt;\/p&gt;\">\n            <div class=\"img-wrapper\">\n                <figure>\n                    <img loading=\"lazy\" decoding=\"async\" width=\"300\" height=\"200\" src=\"https:\/\/www.leeb-balkone.com\/app\/uploads\/2025\/07\/anbaubalkon-und-zaun-alu-ambito-feinsteinzeugboden-beige-300x200.jpg\" class=\"attachment-medium size-medium\" alt=\"Anbaubalkon mit Feinsteinzeugboden in beige\" srcset=\"https:\/\/www.leeb-balkone.com\/app\/uploads\/2025\/07\/anbaubalkon-und-zaun-alu-ambito-feinsteinzeugboden-beige-300x200.jpg 300w, https:\/\/www.leeb-balkone.com\/app\/uploads\/2025\/07\/anbaubalkon-und-zaun-alu-ambito-feinsteinzeugboden-beige-1024x684.jpg 1024w, https:\/\/www.leeb-balkone.com\/app\/uploads\/2025\/07\/anbaubalkon-und-zaun-alu-ambito-feinsteinzeugboden-beige-768x513.jpg 768w, https:\/\/www.leeb-balkone.com\/app\/uploads\/2025\/07\/anbaubalkon-und-zaun-alu-ambito-feinsteinzeugboden-beige-1536x1025.jpg 1536w, https:\/\/www.leeb-balkone.com\/app\/uploads\/2025\/07\/anbaubalkon-und-zaun-alu-ambito-feinsteinzeugboden-beige-2048x1367.jpg 2048w\" sizes=\"auto, (min-width: 1200px) 260px, (min-width: 1024px) 220px, (min-width: 640px) 465px, 768px\" \/>    \n                <\/figure>\n                        <\/div>\n            <p>Anbaubalkon mit Feinsteinzeugboden in beige<\/p>        <\/div>\n                  <div class=\"lg-item\" data-src=\"https:\/\/www.leeb-balkone.com\/app\/uploads\/2025\/07\/anbau-innen-ueberdachung-feinsteinzeugboden-beige-scaled.jpg\"\n              data-sub-html=\"&lt;p&gt;Anbaubalkon mit \u00dcberdachung und beigem Feinsteinzeugboden&lt;\/p&gt;\">\n            <div class=\"img-wrapper\">\n                <figure>\n                    <img loading=\"lazy\" decoding=\"async\" width=\"300\" height=\"200\" src=\"https:\/\/www.leeb-balkone.com\/app\/uploads\/2025\/07\/anbau-innen-ueberdachung-feinsteinzeugboden-beige-300x200.jpg\" class=\"attachment-medium size-medium\" alt=\"Anbaubalkon mit \u00dcberdachung und beigem Feinsteinzeugboden\" srcset=\"https:\/\/www.leeb-balkone.com\/app\/uploads\/2025\/07\/anbau-innen-ueberdachung-feinsteinzeugboden-beige-300x200.jpg 300w, https:\/\/www.leeb-balkone.com\/app\/uploads\/2025\/07\/anbau-innen-ueberdachung-feinsteinzeugboden-beige-1024x683.jpg 1024w, https:\/\/www.leeb-balkone.com\/app\/uploads\/2025\/07\/anbau-innen-ueberdachung-feinsteinzeugboden-beige-768x513.jpg 768w, https:\/\/www.leeb-balkone.com\/app\/uploads\/2025\/07\/anbau-innen-ueberdachung-feinsteinzeugboden-beige-1536x1025.jpg 1536w, https:\/\/www.leeb-balkone.com\/app\/uploads\/2025\/07\/anbau-innen-ueberdachung-feinsteinzeugboden-beige-2048x1367.jpg 2048w\" sizes=\"auto, (min-width: 1200px) 260px, (min-width: 1024px) 220px, (min-width: 640px) 465px, 768px\" \/>    \n                <\/figure>\n                        <\/div>\n            <p>Anbaubalkon mit \u00dcberdachung und beigem Feinsteinzeugboden<\/p>        <\/div>\n                  <div class=\"lg-item\" data-src=\"https:\/\/www.leeb-balkone.com\/app\/uploads\/2025\/07\/anbaubalkon-mit-stuetzen-boden-holzoptik-oak-scaled.jpg\"\n              data-sub-html=\"&lt;p&gt;Steinboden bei einem Anbaubalkon &lt;\/p&gt;\">\n            <div class=\"img-wrapper\">\n                <figure>\n                    <img loading=\"lazy\" decoding=\"async\" width=\"300\" height=\"200\" src=\"https:\/\/www.leeb-balkone.com\/app\/uploads\/2025\/07\/anbaubalkon-mit-stuetzen-boden-holzoptik-oak-300x200.jpg\" class=\"attachment-medium size-medium\" alt=\"Steinboden in Holzoptik bei einem Anbaubalkon\" srcset=\"https:\/\/www.leeb-balkone.com\/app\/uploads\/2025\/07\/anbaubalkon-mit-stuetzen-boden-holzoptik-oak-300x200.jpg 300w, https:\/\/www.leeb-balkone.com\/app\/uploads\/2025\/07\/anbaubalkon-mit-stuetzen-boden-holzoptik-oak-1024x683.jpg 1024w, https:\/\/www.leeb-balkone.com\/app\/uploads\/2025\/07\/anbaubalkon-mit-stuetzen-boden-holzoptik-oak-768x512.jpg 768w, https:\/\/www.leeb-balkone.com\/app\/uploads\/2025\/07\/anbaubalkon-mit-stuetzen-boden-holzoptik-oak-1536x1024.jpg 1536w, https:\/\/www.leeb-balkone.com\/app\/uploads\/2025\/07\/anbaubalkon-mit-stuetzen-boden-holzoptik-oak-2048x1366.jpg 2048w\" sizes=\"auto, (min-width: 1200px) 260px, (min-width: 1024px) 220px, (min-width: 640px) 465px, 768px\" \/>    \n                <\/figure>\n                        <\/div>\n            <p>Steinboden bei einem Anbaubalkon <\/p>        <\/div>\n                  <div class=\"lg-item\" data-src=\"https:\/\/www.leeb-balkone.com\/app\/uploads\/2025\/07\/Stengert-Anbau-Sommergarten-Milano-Feinsteinzeugplatten-dunkelgrau-scaled.jpg\"\n              data-sub-html=\"&lt;p&gt;Sommergarten und Anbaubalkon mit Feinsteinzeugboden in dunkelgrauer Farbe&lt;\/p&gt;\">\n            <div class=\"img-wrapper\">\n                <figure>\n                    <img loading=\"lazy\" decoding=\"async\" width=\"300\" height=\"200\" src=\"https:\/\/www.leeb-balkone.com\/app\/uploads\/2025\/07\/Stengert-Anbau-Sommergarten-Milano-Feinsteinzeugplatten-dunkelgrau-300x200.jpg\" class=\"attachment-medium size-medium\" alt=\"Sommergarten und Anbaubalkon mit Feinsteinzeugboden in dunkelgrauer Farbe\" srcset=\"https:\/\/www.leeb-balkone.com\/app\/uploads\/2025\/07\/Stengert-Anbau-Sommergarten-Milano-Feinsteinzeugplatten-dunkelgrau-300x200.jpg 300w, https:\/\/www.leeb-balkone.com\/app\/uploads\/2025\/07\/Stengert-Anbau-Sommergarten-Milano-Feinsteinzeugplatten-dunkelgrau-1024x683.jpg 1024w, https:\/\/www.leeb-balkone.com\/app\/uploads\/2025\/07\/Stengert-Anbau-Sommergarten-Milano-Feinsteinzeugplatten-dunkelgrau-768x512.jpg 768w, https:\/\/www.leeb-balkone.com\/app\/uploads\/2025\/07\/Stengert-Anbau-Sommergarten-Milano-Feinsteinzeugplatten-dunkelgrau-1536x1024.jpg 1536w, https:\/\/www.leeb-balkone.com\/app\/uploads\/2025\/07\/Stengert-Anbau-Sommergarten-Milano-Feinsteinzeugplatten-dunkelgrau-2048x1365.jpg 2048w\" sizes=\"auto, (min-width: 1200px) 260px, (min-width: 1024px) 220px, (min-width: 640px) 465px, 768px\" \/>    \n                <\/figure>\n                        <\/div>\n            <p>Sommergarten und Anbaubalkon mit Feinsteinzeugboden in dunkelgrauer Farbe<\/p>        <\/div>\n                  <div class=\"lg-item\" data-src=\"https:\/\/www.leeb-balkone.com\/app\/uploads\/2025\/07\/Anbaubalkon-Feinsteinzeugboden-grau-uerberdachung-scaled.jpg\"\n              data-sub-html=\"&lt;p&gt;grauer Feinsteinzeugboden in Kombination mit einem Anbaubalkon&lt;\/p&gt;\">\n            <div class=\"img-wrapper\">\n                <figure>\n                    <img loading=\"lazy\" decoding=\"async\" width=\"300\" height=\"200\" src=\"https:\/\/www.leeb-balkone.com\/app\/uploads\/2025\/07\/Anbaubalkon-Feinsteinzeugboden-grau-uerberdachung-300x200.jpg\" class=\"attachment-medium size-medium\" alt=\"grauer Feinsteinzeugboden in Kombination mit einem Anbaubalkon\" srcset=\"https:\/\/www.leeb-balkone.com\/app\/uploads\/2025\/07\/Anbaubalkon-Feinsteinzeugboden-grau-uerberdachung-300x200.jpg 300w, https:\/\/www.leeb-balkone.com\/app\/uploads\/2025\/07\/Anbaubalkon-Feinsteinzeugboden-grau-uerberdachung-1024x683.jpg 1024w, https:\/\/www.leeb-balkone.com\/app\/uploads\/2025\/07\/Anbaubalkon-Feinsteinzeugboden-grau-uerberdachung-768x512.jpg 768w, https:\/\/www.leeb-balkone.com\/app\/uploads\/2025\/07\/Anbaubalkon-Feinsteinzeugboden-grau-uerberdachung-1536x1024.jpg 1536w, https:\/\/www.leeb-balkone.com\/app\/uploads\/2025\/07\/Anbaubalkon-Feinsteinzeugboden-grau-uerberdachung-2048x1365.jpg 2048w\" sizes=\"auto, (min-width: 1200px) 260px, (min-width: 1024px) 220px, (min-width: 640px) 465px, 768px\" \/>    \n                <\/figure>\n                        <\/div>\n            <p>grauer Feinsteinzeugboden in Kombination mit einem Anbaubalkon<\/p>        <\/div>\n                  <div class=\"lg-item\" data-src=\"https:\/\/www.leeb-balkone.com\/app\/uploads\/2025\/07\/terrassenboden-laerche-scaled.jpg\"\n              data-sub-html=\"&lt;p&gt;Terrassenboden aus L\u00e4rchenholz in Kombination mit unserem Balkongel\u00e4nder Villach&lt;\/p&gt;\">\n            <div class=\"img-wrapper\">\n                <figure>\n                    <img loading=\"lazy\" decoding=\"async\" width=\"300\" height=\"211\" src=\"https:\/\/www.leeb-balkone.com\/app\/uploads\/2025\/07\/terrassenboden-laerche-300x211.jpg\" class=\"attachment-medium size-medium\" alt=\"Terrassenboden aus L\u00e4rchenholz in Kombination mit unserem Balkongel\u00e4nder Villach\" srcset=\"https:\/\/www.leeb-balkone.com\/app\/uploads\/2025\/07\/terrassenboden-laerche-300x211.jpg 300w, https:\/\/www.leeb-balkone.com\/app\/uploads\/2025\/07\/terrassenboden-laerche-1024x720.jpg 1024w, https:\/\/www.leeb-balkone.com\/app\/uploads\/2025\/07\/terrassenboden-laerche-768x540.jpg 768w, https:\/\/www.leeb-balkone.com\/app\/uploads\/2025\/07\/terrassenboden-laerche-1536x1081.jpg 1536w, https:\/\/www.leeb-balkone.com\/app\/uploads\/2025\/07\/terrassenboden-laerche-2048x1441.jpg 2048w\" sizes=\"auto, (min-width: 1200px) 260px, (min-width: 1024px) 220px, (min-width: 640px) 465px, 768px\" \/>    \n                <\/figure>\n                        <\/div>\n            <p>Terrassenboden aus L\u00e4rchenholz in Kombination mit unserem Balkongel\u00e4nder Villach<\/p>        <\/div>\n                  <div class=\"lg-item\" data-src=\"https:\/\/www.leeb-balkone.com\/app\/uploads\/2020\/07\/balkon-terrassenboden-holz-8-scaled.jpg\"\n              data-sub-html=\"&lt;p&gt;Aussicht ins Gr\u00fcne mit Holz Terrassenboden &lt;\/p&gt;\">\n            <div class=\"img-wrapper\">\n                <figure>\n                    <img loading=\"lazy\" decoding=\"async\" width=\"300\" height=\"211\" src=\"https:\/\/www.leeb-balkone.com\/app\/uploads\/2020\/07\/balkon-terrassenboden-holz-8-300x211.jpg\" class=\"attachment-medium size-medium\" alt=\"Aussicht ins Gr\u00fcne mit Holz Terrassenboden\" srcset=\"https:\/\/www.leeb-balkone.com\/app\/uploads\/2020\/07\/balkon-terrassenboden-holz-8-300x211.jpg 300w, https:\/\/www.leeb-balkone.com\/app\/uploads\/2020\/07\/balkon-terrassenboden-holz-8-1024x721.jpg 1024w, https:\/\/www.leeb-balkone.com\/app\/uploads\/2020\/07\/balkon-terrassenboden-holz-8-768x540.jpg 768w, https:\/\/www.leeb-balkone.com\/app\/uploads\/2020\/07\/balkon-terrassenboden-holz-8-1536x1081.jpg 1536w, https:\/\/www.leeb-balkone.com\/app\/uploads\/2020\/07\/balkon-terrassenboden-holz-8-2048x1441.jpg 2048w\" sizes=\"auto, (min-width: 1200px) 260px, (min-width: 1024px) 220px, (min-width: 640px) 465px, 768px\" \/>    \n                <\/figure>\n                        <\/div>\n            <p>Aussicht ins Gr\u00fcne mit Holz Terrassenboden <\/p>        <\/div>\n                  <div class=\"lg-item\" data-src=\"https:\/\/www.leeb-balkone.com\/app\/uploads\/2020\/07\/balkon-terrassenboden-holz-5-scaled.jpg\"\n              data-sub-html=\"&lt;p&gt;Aussicht ins Gr\u00fcne mit Holz Terrassenboden&lt;\/p&gt;\">\n            <div class=\"img-wrapper\">\n                <figure>\n                    <img loading=\"lazy\" decoding=\"async\" width=\"300\" height=\"200\" src=\"https:\/\/www.leeb-balkone.com\/app\/uploads\/2020\/07\/balkon-terrassenboden-holz-5-300x200.jpg\" class=\"attachment-medium size-medium\" alt=\"Moderner Neubau mit Balkonboden aus Holz\" srcset=\"https:\/\/www.leeb-balkone.com\/app\/uploads\/2020\/07\/balkon-terrassenboden-holz-5-300x200.jpg 300w, https:\/\/www.leeb-balkone.com\/app\/uploads\/2020\/07\/balkon-terrassenboden-holz-5-1024x684.jpg 1024w, https:\/\/www.leeb-balkone.com\/app\/uploads\/2020\/07\/balkon-terrassenboden-holz-5-768x513.jpg 768w, https:\/\/www.leeb-balkone.com\/app\/uploads\/2020\/07\/balkon-terrassenboden-holz-5-1536x1025.jpg 1536w, https:\/\/www.leeb-balkone.com\/app\/uploads\/2020\/07\/balkon-terrassenboden-holz-5-2048x1367.jpg 2048w\" sizes=\"auto, (min-width: 1200px) 260px, (min-width: 1024px) 220px, (min-width: 640px) 465px, 768px\" \/>    \n                <\/figure>\n                        <\/div>\n            <p>Aussicht ins Gr\u00fcne mit Holz Terrassenboden<\/p>        <\/div>\n                  <div class=\"lg-item\" data-src=\"https:\/\/www.leeb-balkone.com\/app\/uploads\/2020\/07\/balkon-terrassenboden-holz-accoya-03.jpg\"\n              data-sub-html=\"&lt;p&gt;Anbaubalkon mit Boden aus Accoya-Holz&lt;\/p&gt;\">\n            <div class=\"img-wrapper\">\n                <figure>\n                    <img loading=\"lazy\" decoding=\"async\" width=\"300\" height=\"200\" src=\"https:\/\/www.leeb-balkone.com\/app\/uploads\/2020\/07\/balkon-terrassenboden-holz-accoya-03-300x200.jpg\" class=\"attachment-medium size-medium\" alt=\"Anbaubalkon mit Boden aus Accoya-Holz\" srcset=\"https:\/\/www.leeb-balkone.com\/app\/uploads\/2020\/07\/balkon-terrassenboden-holz-accoya-03-300x200.jpg 300w, https:\/\/www.leeb-balkone.com\/app\/uploads\/2020\/07\/balkon-terrassenboden-holz-accoya-03-1024x683.jpg 1024w, https:\/\/www.leeb-balkone.com\/app\/uploads\/2020\/07\/balkon-terrassenboden-holz-accoya-03-768x512.jpg 768w, https:\/\/www.leeb-balkone.com\/app\/uploads\/2020\/07\/balkon-terrassenboden-holz-accoya-03-1536x1024.jpg 1536w, https:\/\/www.leeb-balkone.com\/app\/uploads\/2020\/07\/balkon-terrassenboden-holz-accoya-03-2048x1366.jpg 2048w\" sizes=\"auto, (min-width: 1200px) 260px, (min-width: 1024px) 220px, (min-width: 640px) 465px, 768px\" \/>    \n                <\/figure>\n                        <\/div>\n            <p>Anbaubalkon mit Boden aus Accoya-Holz<\/p>        <\/div>\n                  <div class=\"lg-item\" data-src=\"https:\/\/www.leeb-balkone.com\/app\/uploads\/2020\/07\/balkon-terrassenboden-holz-accoya-01.jpg\"\n              data-sub-html=\"&lt;p&gt;Boden aus Accoyaholz&lt;\/p&gt;\">\n            <div class=\"img-wrapper\">\n                <figure>\n                    <img loading=\"lazy\" decoding=\"async\" width=\"300\" height=\"200\" src=\"https:\/\/www.leeb-balkone.com\/app\/uploads\/2020\/07\/balkon-terrassenboden-holz-accoya-01-300x200.jpg\" class=\"attachment-medium size-medium\" alt=\"Anbaubalkon mit Boden aus Accoya-Holz\" srcset=\"https:\/\/www.leeb-balkone.com\/app\/uploads\/2020\/07\/balkon-terrassenboden-holz-accoya-01-300x200.jpg 300w, https:\/\/www.leeb-balkone.com\/app\/uploads\/2020\/07\/balkon-terrassenboden-holz-accoya-01-1024x683.jpg 1024w, https:\/\/www.leeb-balkone.com\/app\/uploads\/2020\/07\/balkon-terrassenboden-holz-accoya-01-768x512.jpg 768w, https:\/\/www.leeb-balkone.com\/app\/uploads\/2020\/07\/balkon-terrassenboden-holz-accoya-01-1536x1024.jpg 1536w, https:\/\/www.leeb-balkone.com\/app\/uploads\/2020\/07\/balkon-terrassenboden-holz-accoya-01-2048x1366.jpg 2048w\" sizes=\"auto, (min-width: 1200px) 260px, (min-width: 1024px) 220px, (min-width: 640px) 465px, 768px\" \/>    \n                <\/figure>\n                        <\/div>\n            <p>Boden aus Accoyaholz<\/p>        <\/div>\n                  <div class=\"lg-item\" data-src=\"https:\/\/www.leeb-balkone.com\/app\/uploads\/2025\/07\/MADRID-ANBAU-88-scaled.jpg\"\n              data-sub-html=\"&lt;p&gt;Anbaubalkon (Balkongel\u00e4ndermodell Madrid) mit Aluminiumboden&lt;\/p&gt;\">\n            <div class=\"img-wrapper\">\n                <figure>\n                    <img loading=\"lazy\" decoding=\"async\" width=\"300\" height=\"200\" src=\"https:\/\/www.leeb-balkone.com\/app\/uploads\/2025\/07\/MADRID-ANBAU-88-300x200.jpg\" class=\"attachment-medium size-medium\" alt=\"Anbaubalkon (Balkongel\u00e4ndermodell Madrid) mit Aluminiumboden\" srcset=\"https:\/\/www.leeb-balkone.com\/app\/uploads\/2025\/07\/MADRID-ANBAU-88-300x200.jpg 300w, https:\/\/www.leeb-balkone.com\/app\/uploads\/2025\/07\/MADRID-ANBAU-88-1024x681.jpg 1024w, https:\/\/www.leeb-balkone.com\/app\/uploads\/2025\/07\/MADRID-ANBAU-88-768x511.jpg 768w, https:\/\/www.leeb-balkone.com\/app\/uploads\/2025\/07\/MADRID-ANBAU-88-1536x1022.jpg 1536w, https:\/\/www.leeb-balkone.com\/app\/uploads\/2025\/07\/MADRID-ANBAU-88-2048x1363.jpg 2048w\" sizes=\"auto, (min-width: 1200px) 260px, (min-width: 1024px) 220px, (min-width: 640px) 465px, 768px\" \/>    \n                <\/figure>\n                        <\/div>\n            <p>Anbaubalkon (Balkongel\u00e4ndermodell Madrid) mit Aluminiumboden<\/p>        <\/div>\n                  <div class=\"lg-item\" data-src=\"https:\/\/www.leeb-balkone.com\/app\/uploads\/2025\/07\/balkongelaender-alu-design-granada-7-scaled.jpg\"\n              data-sub-html=\"&lt;p&gt;Balkongel\u00e4nder (Modell Granada) mit Boden aus Aluminium&lt;\/p&gt;\">\n            <div class=\"img-wrapper\">\n                <figure>\n                    <img loading=\"lazy\" decoding=\"async\" width=\"300\" height=\"200\" src=\"https:\/\/www.leeb-balkone.com\/app\/uploads\/2025\/07\/balkongelaender-alu-design-granada-7-300x200.jpg\" class=\"attachment-medium size-medium\" alt=\"Balkongel\u00e4nder mit Boden\" srcset=\"https:\/\/www.leeb-balkone.com\/app\/uploads\/2025\/07\/balkongelaender-alu-design-granada-7-300x200.jpg 300w, https:\/\/www.leeb-balkone.com\/app\/uploads\/2025\/07\/balkongelaender-alu-design-granada-7-1024x683.jpg 1024w, https:\/\/www.leeb-balkone.com\/app\/uploads\/2025\/07\/balkongelaender-alu-design-granada-7-768x513.jpg 768w, https:\/\/www.leeb-balkone.com\/app\/uploads\/2025\/07\/balkongelaender-alu-design-granada-7-1536x1025.jpg 1536w, https:\/\/www.leeb-balkone.com\/app\/uploads\/2025\/07\/balkongelaender-alu-design-granada-7-2048x1367.jpg 2048w\" sizes=\"auto, (min-width: 1200px) 260px, (min-width: 1024px) 220px, (min-width: 640px) 465px, 768px\" \/>    \n                <\/figure>\n                        <\/div>\n            <p>Balkongel\u00e4nder (Modell Granada) mit Boden aus Aluminium<\/p>        <\/div>\n                  <div class=\"lg-item\" data-src=\"https:\/\/www.leeb-balkone.com\/app\/uploads\/2025\/07\/anbaubalkon-mit-stuetzen-alubodengreywood-scaled.jpeg\"\n              data-sub-html=\"&lt;p&gt;Balcone aggiuntivo con pavimento in alluminio effetto legno (Greywood)&lt;\/p&gt;\">\n            <div class=\"img-wrapper\">\n                <figure>\n                    <img loading=\"lazy\" decoding=\"async\" width=\"300\" height=\"200\" src=\"https:\/\/www.leeb-balkone.com\/app\/uploads\/2025\/07\/anbaubalkon-mit-stuetzen-alubodengreywood-300x200.jpeg\" class=\"attachment-medium size-medium\" alt=\"anbaubalkon mit stuetzen alubodengreywood\" srcset=\"https:\/\/www.leeb-balkone.com\/app\/uploads\/2025\/07\/anbaubalkon-mit-stuetzen-alubodengreywood-300x200.jpeg 300w, https:\/\/www.leeb-balkone.com\/app\/uploads\/2025\/07\/anbaubalkon-mit-stuetzen-alubodengreywood-1024x683.jpeg 1024w, https:\/\/www.leeb-balkone.com\/app\/uploads\/2025\/07\/anbaubalkon-mit-stuetzen-alubodengreywood-768x512.jpeg 768w, https:\/\/www.leeb-balkone.com\/app\/uploads\/2025\/07\/anbaubalkon-mit-stuetzen-alubodengreywood-1536x1024.jpeg 1536w, https:\/\/www.leeb-balkone.com\/app\/uploads\/2025\/07\/anbaubalkon-mit-stuetzen-alubodengreywood-2048x1365.jpeg 2048w\" sizes=\"auto, (min-width: 1200px) 260px, (min-width: 1024px) 220px, (min-width: 640px) 465px, 768px\" \/>    \n                <\/figure>\n                        <\/div>\n            <p>Balcone aggiuntivo con pavimento in alluminio effetto legno (Greywood)<\/p>        <\/div>\n                  <div class=\"lg-item\" data-src=\"https:\/\/www.leeb-balkone.com\/app\/uploads\/2020\/07\/alu-balkongelaender-beitragsbild-scaled.jpg\"\n              data-sub-html=\"&lt;p&gt;Renovierte Terrasse mit Aluboden in Holzoptik&lt;\/p&gt;\">\n            <div class=\"img-wrapper\">\n                <figure>\n                    <img loading=\"lazy\" decoding=\"async\" width=\"300\" height=\"225\" src=\"https:\/\/www.leeb-balkone.com\/app\/uploads\/2020\/07\/alu-balkongelaender-beitragsbild-300x225.jpg\" class=\"attachment-medium size-medium\" alt=\"Renovierte Terrasse mit Aluboden in Holzoptik\" srcset=\"https:\/\/www.leeb-balkone.com\/app\/uploads\/2020\/07\/alu-balkongelaender-beitragsbild-300x225.jpg 300w, https:\/\/www.leeb-balkone.com\/app\/uploads\/2020\/07\/alu-balkongelaender-beitragsbild-1024x767.jpg 1024w, https:\/\/www.leeb-balkone.com\/app\/uploads\/2020\/07\/alu-balkongelaender-beitragsbild-768x575.jpg 768w, https:\/\/www.leeb-balkone.com\/app\/uploads\/2020\/07\/alu-balkongelaender-beitragsbild-1536x1151.jpg 1536w, https:\/\/www.leeb-balkone.com\/app\/uploads\/2020\/07\/alu-balkongelaender-beitragsbild-2048x1535.jpg 2048w\" sizes=\"auto, (min-width: 1200px) 260px, (min-width: 1024px) 220px, (min-width: 640px) 465px, 768px\" \/>    \n                <\/figure>\n                        <\/div>\n            <p>Renovierte Terrasse mit Aluboden in Holzoptik<\/p>        <\/div>\n                  <div class=\"lg-item\" data-src=\"https:\/\/www.leeb-balkone.com\/app\/uploads\/2020\/07\/balkon-terrassenboden-alu-8-scaled.jpg\"\n              data-sub-html=\"&lt;p&gt;Balkongel\u00e4nder aus Alu und Glas mit Aluminiumboden &lt;\/p&gt;\">\n            <div class=\"img-wrapper\">\n                <figure>\n                    <img loading=\"lazy\" decoding=\"async\" width=\"300\" height=\"211\" src=\"https:\/\/www.leeb-balkone.com\/app\/uploads\/2020\/07\/balkon-terrassenboden-alu-8-300x211.jpg\" class=\"attachment-medium size-medium\" alt=\"Blick in die Berge mit Alu Design Vitro Balkongel\u00e4nder\" srcset=\"https:\/\/www.leeb-balkone.com\/app\/uploads\/2020\/07\/balkon-terrassenboden-alu-8-300x211.jpg 300w, https:\/\/www.leeb-balkone.com\/app\/uploads\/2020\/07\/balkon-terrassenboden-alu-8-1024x720.jpg 1024w, https:\/\/www.leeb-balkone.com\/app\/uploads\/2020\/07\/balkon-terrassenboden-alu-8-768x540.jpg 768w, https:\/\/www.leeb-balkone.com\/app\/uploads\/2020\/07\/balkon-terrassenboden-alu-8-1536x1081.jpg 1536w, https:\/\/www.leeb-balkone.com\/app\/uploads\/2020\/07\/balkon-terrassenboden-alu-8-2048x1441.jpg 2048w\" sizes=\"auto, (min-width: 1200px) 260px, (min-width: 1024px) 220px, (min-width: 640px) 465px, 768px\" \/>    \n                <\/figure>\n                        <\/div>\n            <p>Balkongel\u00e4nder aus Alu und Glas mit Aluminiumboden <\/p>        <\/div>\n                  <div class=\"lg-item\" data-src=\"https:\/\/www.leeb-balkone.com\/app\/uploads\/2020\/07\/balkon-terrassenboden-alu-6-scaled.jpg\"\n              data-sub-html=\"&lt;p&gt;Aluminiumboden in Kombination mit Balkongel\u00e4nder&lt;\/p&gt;\">\n            <div class=\"img-wrapper\">\n                <figure>\n                    <img loading=\"lazy\" decoding=\"async\" width=\"300\" height=\"211\" src=\"https:\/\/www.leeb-balkone.com\/app\/uploads\/2020\/07\/balkon-terrassenboden-alu-6-300x211.jpg\" class=\"attachment-medium size-medium\" alt=\"Ausblick auf den Millst\u00e4tter See mit Alubalkonboden\" srcset=\"https:\/\/www.leeb-balkone.com\/app\/uploads\/2020\/07\/balkon-terrassenboden-alu-6-300x211.jpg 300w, https:\/\/www.leeb-balkone.com\/app\/uploads\/2020\/07\/balkon-terrassenboden-alu-6-1024x721.jpg 1024w, https:\/\/www.leeb-balkone.com\/app\/uploads\/2020\/07\/balkon-terrassenboden-alu-6-768x540.jpg 768w, https:\/\/www.leeb-balkone.com\/app\/uploads\/2020\/07\/balkon-terrassenboden-alu-6-1536x1081.jpg 1536w, https:\/\/www.leeb-balkone.com\/app\/uploads\/2020\/07\/balkon-terrassenboden-alu-6-2048x1441.jpg 2048w\" sizes=\"auto, (min-width: 1200px) 260px, (min-width: 1024px) 220px, (min-width: 640px) 465px, 768px\" \/>    \n                <\/figure>\n                        <\/div>\n            <p>Aluminiumboden in Kombination mit Balkongel\u00e4nder<\/p>        <\/div>\n                <\/div>\n\n              <div class=\"lg-load-more-wrapper\">\n            <div class=\"lg-load-more wp-block-button is-style-filled-secondary\">\n                <a href=\"#\" class=\"wp-block-button__link wp-element-button\" role=\"button\">\n                    Carica altro                <\/a>\n            <\/div>\n        <\/div>\n          <\/div>\n    <\/section>\n\n<section class=\"wp-block-group alignfull has-white-background-color has-background has-global-padding is-layout-constrained wp-container-core-group-is-layout-9fa1424c wp-block-group-is-layout-constrained\" style=\"padding-top:0\">\n<div class=\"wp-block-columns is-style-offset m-split is-layout-flex wp-container-core-columns-is-layout-28f84493 wp-block-columns-is-layout-flex\">\n<div class=\"wp-block-column is-layout-flow wp-block-column-is-layout-flow\"><div class=\"vp-map-wrapper vp-map-ratio-19-1\"><img decoding=\"async\" width=\"2000\" height=\"1132\" src=\"https:\/\/www.leeb-balkone.com\/app\/uploads\/2026\/03\/map-it.jpg\" class=\"attachment-full size-full\" alt=\"Mappa italiana: Partner commerciali (puntine arancioni) e showroom\/sedi (puntine verdi) di Leeb Balkone GmbH in Italia\" style=\"width:100%;height:100%;object-fit:cover;display:block;\" loading=\"lazy\" srcset=\"https:\/\/www.leeb-balkone.com\/app\/uploads\/2026\/03\/map-it.jpg 2000w, https:\/\/www.leeb-balkone.com\/app\/uploads\/2026\/03\/map-it-300x170.jpg 300w, https:\/\/www.leeb-balkone.com\/app\/uploads\/2026\/03\/map-it-1024x580.jpg 1024w, https:\/\/www.leeb-balkone.com\/app\/uploads\/2026\/03\/map-it-768x435.jpg 768w, https:\/\/www.leeb-balkone.com\/app\/uploads\/2026\/03\/map-it-1536x869.jpg 1536w\" sizes=\"auto, (min-width: 1536px) 2048px, (min-width: 992px) 1536px, (min-width: 768px) 1024px, (min-width: 576px) 768px, 100vw\" \/><\/div>\n<\/div>\n\n\n\n<div class=\"wp-block-column is-vertically-aligned-center is-style-overlay-content is-layout-flow wp-block-column-is-layout-flow\">\n<div class=\"wp-block-group is-vertical is-layout-flex wp-container-core-group-is-layout-bd7877ba wp-block-group-is-layout-flex\">\n<h2 class=\"wp-block-heading has-step-2-font-size\">Partner commerciale Italia<\/h2>\n\n\n\n<p>Partner LEEB competenti nella vostra regione. Consulenza personalizzata, progettazione accurata e montaggio a regola d&#8217;arte.<\/p>\n\n\n\n<div class=\"wp-block-buttons is-layout-flex wp-block-buttons-is-layout-flex\" style=\"margin-top:var(--wp--preset--spacing--2-xs)\">\n<div class=\"wp-block-button is-style-cta\"><a class=\"wp-block-button__link has-transparent-background-color has-background wp-element-button\" href=\"https:\/\/www.leeb-balkone.com\/it\/partner-commerciali\/\">Trova un partner di vendita<span class=\"sr-only\"> Partner commerciale Leeb Balkone Italia<\/span><\/a><\/div>\n<\/div>\n<\/div>\n<\/div>\n<\/div>\n<\/section>\n\n\n\n<section class=\"wp-block-group alignfull has-light-gray-background-color has-background has-global-padding is-layout-constrained wp-container-core-group-is-layout-52f96efc wp-block-group-is-layout-constrained\" id=\"beratungstermin\">\n<div class=\"wp-block-group m-teaser o-grid u-md-1 is-layout-flow wp-block-group-is-layout-flow\">\n<div class=\"wp-block-group u-g-7 u-g-s-2 is-layout-flow wp-block-group-is-layout-flow\" style=\"margin-bottom:var(--wp--preset--spacing--s)\">\n<h2 class=\"wp-block-heading\">Mettiti in contatto con noi<\/h2>\n\n\n\n<p><strong><strong>State pianificando un progetto o avete domande su di noi e sulle nostre soluzioni? Scriveteci: saremo lieti di dedicare il tempo necessario alla vostra richiesta!<\/strong><\/strong><\/p>\n<\/div>\n<\/div>\n\n\n\n<div class=\"wp-block-group m-teaser o-grid u-md-1 is-layout-flow wp-block-group-is-layout-flow\">\n<div class=\"wp-block-group u-g-7 u-g-s-2 is-layout-flow wp-block-group-is-layout-flow\" style=\"margin-bottom:var(--wp--preset--spacing--s)\"><form action=\"https:\/\/www.leeb-balkone.com\/it\/wp-json\/ws-form\/v1\/submit\" class=\"wsf-form wsf-form-canvas\" id=\"ws-form-1\" data-id=\"8\" data-instance-id=\"1\" method=\"POST\"><\/form>\n<\/div>\n\n\n\n<div class=\"wp-block-group u-g-3 u-g-s-9 is-layout-flow wp-block-group-is-layout-flow\"><div class=\"t3-sidebar-buttons wp-block-buttons is-layout-flex wp-block-buttons-is-layout-flex\"><div class=\"wp-block-button is-style-fill icon-book icon-left\">\n                        <a class=\"wp-block-button__link has-secondary-color has-white-background-color has-text-color has-background has-link-color wp-element-button\" href=\"https:\/\/www.leeb-balkone.com\/it\/contatti\/richiesta-catalogo\/\" style=\"box-shadow:var(--wp--preset--shadow--box-shadow)\">Richiesta catalogo<\/a>\n                    <\/div><div class=\"wp-block-button is-style-fill icon-phone-new icon-left\">\n                        <a class=\"wp-block-button__link has-secondary-color has-white-background-color has-text-color has-background has-link-color wp-element-button\" href=\"tel:+393711472844\">Telefono Italia <span class=\"sr-only\"> Telefono: +39 371 1472844<\/span><\/a>\n                    <\/div><\/div>\n<\/div>\n<\/div>\n<\/section>\n","protected":false},"excerpt":{"rendered":"","protected":false},"author":4,"featured_media":0,"parent":154842,"menu_order":0,"comment_status":"closed","ping_status":"closed","template":"template-onepager.blade.php","meta":{"_acf_changed":false,"footnotes":"","_sage_theme_css":true,"_wp_block_core_css":true},"folder":[247,238],"class_list":["post-163805","page","type-page","status-publish","hentry"],"acf":[],"yoast_head":"<!-- This site is optimized with the Yoast SEO plugin v27.2 - https:\/\/yoast.com\/product\/yoast-seo-wordpress\/ -->\n<title>Pavimenti per balconi e terrazze - BALCONI LEEB Italia<\/title>\n<meta name=\"description\" content=\"I pavimenti per balconi e terrazze Leeb sono caratterizzati dalle consuete caratteristiche di qualit\u00e0 del leader di mercato, oltre che dalla selezione e dagli extra. Scopri subito la selezione!\" \/>\n<meta name=\"robots\" content=\"index, follow, max-snippet:-1, max-image-preview:large, max-video-preview:-1\" \/>\n<meta property=\"og:locale\" content=\"it_IT\" \/>\n<meta property=\"og:type\" content=\"article\" \/>\n<meta property=\"og:title\" content=\"Pavimenti per balconi e terrazze - BALCONI LEEB\" \/>\n<meta property=\"og:description\" content=\"I pavimenti per balconi e terrazze Leeb sono caratterizzati dalle consuete caratteristiche di qualit\u00e0 del leader di mercato, oltre che dalla selezione e dagli extra. Scopri subito la selezione!\" \/>\n<meta property=\"og:url\" content=\"https:\/\/www.leeb-balkone.com\/it\/balconi-modulari\/pavimenti-per-balconi-terrazze\/\" \/>\n<meta property=\"og:site_name\" content=\"BALCONI LEEB\" \/>\n<meta property=\"article:publisher\" content=\"https:\/\/www.facebook.com\/balkone\/\" \/>\n<meta property=\"article:modified_time\" content=\"2026-01-29T06:51:38+00:00\" \/>\n<meta property=\"og:image\" content=\"https:\/\/www.leeb-balkone.com\/app\/uploads\/2020\/07\/balkon-terrassenboden-alu-12-1024x682.jpg\" \/>\n<meta name=\"twitter:card\" content=\"summary_large_image\" \/>\n<script type=\"application\/ld+json\" class=\"yoast-schema-graph\">{\"@context\":\"https:\/\/schema.org\",\"@graph\":[{\"@type\":\"WebPage\",\"@id\":\"https:\/\/www.leeb-balkone.com\/it\/balconi-modulari\/pavimenti-per-balconi-terrazze\/\",\"url\":\"https:\/\/www.leeb-balkone.com\/it\/balconi-modulari\/pavimenti-per-balconi-terrazze\/\",\"name\":\"Pavimenti per balconi e terrazze - BALCONI LEEB\",\"isPartOf\":{\"@id\":\"https:\/\/www.leeb-balkone.com\/it\/#website\"},\"primaryImageOfPage\":{\"@id\":\"https:\/\/www.leeb-balkone.com\/it\/balconi-modulari\/pavimenti-per-balconi-terrazze\/#primaryimage\"},\"image\":{\"@id\":\"https:\/\/www.leeb-balkone.com\/it\/balconi-modulari\/pavimenti-per-balconi-terrazze\/#primaryimage\"},\"thumbnailUrl\":\"https:\/\/www.leeb-balkone.com\/app\/uploads\/2020\/07\/balkon-terrassenboden-alu-12-1024x682.jpg\",\"datePublished\":\"2026-01-29T06:48:52+00:00\",\"dateModified\":\"2026-01-29T06:51:38+00:00\",\"description\":\"I pavimenti per balconi e terrazze Leeb sono caratterizzati dalle consuete caratteristiche di qualit\u00e0 del leader di mercato, oltre che dalla selezione e dagli extra. Scopri subito la selezione!\",\"breadcrumb\":{\"@id\":\"https:\/\/www.leeb-balkone.com\/it\/balconi-modulari\/pavimenti-per-balconi-terrazze\/#breadcrumb\"},\"inLanguage\":\"it-IT\",\"potentialAction\":[{\"@type\":\"ReadAction\",\"target\":[\"https:\/\/www.leeb-balkone.com\/it\/balconi-modulari\/pavimenti-per-balconi-terrazze\/\"]}]},{\"@type\":\"ImageObject\",\"inLanguage\":\"it-IT\",\"@id\":\"https:\/\/www.leeb-balkone.com\/it\/balconi-modulari\/pavimenti-per-balconi-terrazze\/#primaryimage\",\"url\":\"https:\/\/www.leeb-balkone.com\/app\/uploads\/2020\/07\/balkon-terrassenboden-alu-12-1024x682.jpg\",\"contentUrl\":\"https:\/\/www.leeb-balkone.com\/app\/uploads\/2020\/07\/balkon-terrassenboden-alu-12-1024x682.jpg\"},{\"@type\":\"BreadcrumbList\",\"@id\":\"https:\/\/www.leeb-balkone.com\/it\/balconi-modulari\/pavimenti-per-balconi-terrazze\/#breadcrumb\",\"itemListElement\":[{\"@type\":\"ListItem\",\"position\":1,\"name\":\"Home\",\"item\":\"https:\/\/www.leeb-balkone.com\/it\/\"},{\"@type\":\"ListItem\",\"position\":2,\"name\":\"Balconi modulari\",\"item\":\"https:\/\/www.leeb-balkone.com\/it\/balconi-modulari\/\"},{\"@type\":\"ListItem\",\"position\":3,\"name\":\"Pavimenti per balconi &#038; terrazze\"}]},{\"@type\":\"WebSite\",\"@id\":\"https:\/\/www.leeb-balkone.com\/it\/#website\",\"url\":\"https:\/\/www.leeb-balkone.com\/it\/\",\"name\":\"BALCONI LEEB\",\"description\":\"Balkone und Z\u00e4une\",\"publisher\":{\"@id\":\"https:\/\/www.leeb-balkone.com\/it\/#organization\"},\"potentialAction\":[{\"@type\":\"SearchAction\",\"target\":{\"@type\":\"EntryPoint\",\"urlTemplate\":\"https:\/\/www.leeb-balkone.com\/it\/?s={search_term_string}\"},\"query-input\":{\"@type\":\"PropertyValueSpecification\",\"valueRequired\":true,\"valueName\":\"search_term_string\"}}],\"inLanguage\":\"it-IT\"},{\"@type\":\"Organization\",\"@id\":\"https:\/\/www.leeb-balkone.com\/it\/#organization\",\"name\":\"Leeb Balkone Gmbh\",\"url\":\"https:\/\/www.leeb-balkone.com\/it\/\",\"logo\":{\"@type\":\"ImageObject\",\"inLanguage\":\"it-IT\",\"@id\":\"https:\/\/www.leeb-balkone.com\/it\/#\/schema\/logo\/image\/\",\"url\":\"https:\/\/www.leeb-balkone.com\/app\/uploads\/2020\/11\/leeb-logo.svg\",\"contentUrl\":\"https:\/\/www.leeb-balkone.com\/app\/uploads\/2020\/11\/leeb-logo.svg\",\"width\":741,\"height\":204,\"caption\":\"Leeb Balkone Gmbh\"},\"image\":{\"@id\":\"https:\/\/www.leeb-balkone.com\/it\/#\/schema\/logo\/image\/\"},\"sameAs\":[\"https:\/\/www.facebook.com\/balkone\/\",\"https:\/\/www.trustedshops.at\/bewertung\/info_X4587CCF5833E31AFE0B11F47D86999F2.html\",\"https:\/\/www.trustedshops.de\/bewertung\/info_X7BA536A7A0BDC86D36C4718E4DCAEEEF.html\",\"https:\/\/www.google.com\/maps\/place\/?q=place_id:ChIJ5-zH19-IcEcR9HonWRTllHI\"]}]}<\/script>\n<!-- \/ Yoast SEO plugin. -->","yoast_head_json":{"title":"Pavimenti per balconi e terrazze - BALCONI LEEB Italia","description":"I pavimenti per balconi e terrazze Leeb sono caratterizzati dalle consuete caratteristiche di qualit\u00e0 del leader di mercato, oltre che dalla selezione e dagli extra. Scopri subito la selezione!","robots":{"index":"index","follow":"follow","max-snippet":"max-snippet:-1","max-image-preview":"max-image-preview:large","max-video-preview":"max-video-preview:-1"},"og_locale":"it_IT","og_type":"article","og_title":"Pavimenti per balconi e terrazze - BALCONI LEEB","og_description":"I pavimenti per balconi e terrazze Leeb sono caratterizzati dalle consuete caratteristiche di qualit\u00e0 del leader di mercato, oltre che dalla selezione e dagli extra. Scopri subito la selezione!","og_url":"https:\/\/www.leeb-balkone.com\/it\/balconi-modulari\/pavimenti-per-balconi-terrazze\/","og_site_name":"BALCONI LEEB","article_publisher":"https:\/\/www.facebook.com\/balkone\/","article_modified_time":"2026-01-29T06:51:38+00:00","og_image":[{"url":"https:\/\/www.leeb-balkone.com\/app\/uploads\/2020\/07\/balkon-terrassenboden-alu-12-1024x682.jpg","type":"","width":"","height":""}],"twitter_card":"summary_large_image","schema":{"@context":"https:\/\/schema.org","@graph":[{"@type":"WebPage","@id":"https:\/\/www.leeb-balkone.com\/it\/balconi-modulari\/pavimenti-per-balconi-terrazze\/","url":"https:\/\/www.leeb-balkone.com\/it\/balconi-modulari\/pavimenti-per-balconi-terrazze\/","name":"Pavimenti per balconi e terrazze - BALCONI LEEB","isPartOf":{"@id":"https:\/\/www.leeb-balkone.com\/it\/#website"},"primaryImageOfPage":{"@id":"https:\/\/www.leeb-balkone.com\/it\/balconi-modulari\/pavimenti-per-balconi-terrazze\/#primaryimage"},"image":{"@id":"https:\/\/www.leeb-balkone.com\/it\/balconi-modulari\/pavimenti-per-balconi-terrazze\/#primaryimage"},"thumbnailUrl":"https:\/\/www.leeb-balkone.com\/app\/uploads\/2020\/07\/balkon-terrassenboden-alu-12-1024x682.jpg","datePublished":"2026-01-29T06:48:52+00:00","dateModified":"2026-01-29T06:51:38+00:00","description":"I pavimenti per balconi e terrazze Leeb sono caratterizzati dalle consuete caratteristiche di qualit\u00e0 del leader di mercato, oltre che dalla selezione e dagli extra. Scopri subito la selezione!","breadcrumb":{"@id":"https:\/\/www.leeb-balkone.com\/it\/balconi-modulari\/pavimenti-per-balconi-terrazze\/#breadcrumb"},"inLanguage":"it-IT","potentialAction":[{"@type":"ReadAction","target":["https:\/\/www.leeb-balkone.com\/it\/balconi-modulari\/pavimenti-per-balconi-terrazze\/"]}]},{"@type":"ImageObject","inLanguage":"it-IT","@id":"https:\/\/www.leeb-balkone.com\/it\/balconi-modulari\/pavimenti-per-balconi-terrazze\/#primaryimage","url":"https:\/\/www.leeb-balkone.com\/app\/uploads\/2020\/07\/balkon-terrassenboden-alu-12-1024x682.jpg","contentUrl":"https:\/\/www.leeb-balkone.com\/app\/uploads\/2020\/07\/balkon-terrassenboden-alu-12-1024x682.jpg"},{"@type":"BreadcrumbList","@id":"https:\/\/www.leeb-balkone.com\/it\/balconi-modulari\/pavimenti-per-balconi-terrazze\/#breadcrumb","itemListElement":[{"@type":"ListItem","position":1,"name":"Home","item":"https:\/\/www.leeb-balkone.com\/it\/"},{"@type":"ListItem","position":2,"name":"Balconi modulari","item":"https:\/\/www.leeb-balkone.com\/it\/balconi-modulari\/"},{"@type":"ListItem","position":3,"name":"Pavimenti per balconi &#038; terrazze"}]},{"@type":"WebSite","@id":"https:\/\/www.leeb-balkone.com\/it\/#website","url":"https:\/\/www.leeb-balkone.com\/it\/","name":"BALCONI LEEB","description":"Balkone und Z\u00e4une","publisher":{"@id":"https:\/\/www.leeb-balkone.com\/it\/#organization"},"potentialAction":[{"@type":"SearchAction","target":{"@type":"EntryPoint","urlTemplate":"https:\/\/www.leeb-balkone.com\/it\/?s={search_term_string}"},"query-input":{"@type":"PropertyValueSpecification","valueRequired":true,"valueName":"search_term_string"}}],"inLanguage":"it-IT"},{"@type":"Organization","@id":"https:\/\/www.leeb-balkone.com\/it\/#organization","name":"Leeb Balkone Gmbh","url":"https:\/\/www.leeb-balkone.com\/it\/","logo":{"@type":"ImageObject","inLanguage":"it-IT","@id":"https:\/\/www.leeb-balkone.com\/it\/#\/schema\/logo\/image\/","url":"https:\/\/www.leeb-balkone.com\/app\/uploads\/2020\/11\/leeb-logo.svg","contentUrl":"https:\/\/www.leeb-balkone.com\/app\/uploads\/2020\/11\/leeb-logo.svg","width":741,"height":204,"caption":"Leeb Balkone Gmbh"},"image":{"@id":"https:\/\/www.leeb-balkone.com\/it\/#\/schema\/logo\/image\/"},"sameAs":["https:\/\/www.facebook.com\/balkone\/","https:\/\/www.trustedshops.at\/bewertung\/info_X4587CCF5833E31AFE0B11F47D86999F2.html","https:\/\/www.trustedshops.de\/bewertung\/info_X7BA536A7A0BDC86D36C4718E4DCAEEEF.html","https:\/\/www.google.com\/maps\/place\/?q=place_id:ChIJ5-zH19-IcEcR9HonWRTllHI"]}]}},"_links":{"self":[{"href":"https:\/\/www.leeb-balkone.com\/it\/wp-json\/wp\/v2\/pages\/163805","targetHints":{"allow":["GET"]}}],"collection":[{"href":"https:\/\/www.leeb-balkone.com\/it\/wp-json\/wp\/v2\/pages"}],"about":[{"href":"https:\/\/www.leeb-balkone.com\/it\/wp-json\/wp\/v2\/types\/page"}],"author":[{"embeddable":true,"href":"https:\/\/www.leeb-balkone.com\/it\/wp-json\/wp\/v2\/users\/4"}],"replies":[{"embeddable":true,"href":"https:\/\/www.leeb-balkone.com\/it\/wp-json\/wp\/v2\/comments?post=163805"}],"version-history":[{"count":2,"href":"https:\/\/www.leeb-balkone.com\/it\/wp-json\/wp\/v2\/pages\/163805\/revisions"}],"predecessor-version":[{"id":163815,"href":"https:\/\/www.leeb-balkone.com\/it\/wp-json\/wp\/v2\/pages\/163805\/revisions\/163815"}],"up":[{"embeddable":true,"href":"https:\/\/www.leeb-balkone.com\/it\/wp-json\/wp\/v2\/pages\/154842"}],"wp:attachment":[{"href":"https:\/\/www.leeb-balkone.com\/it\/wp-json\/wp\/v2\/media?parent=163805"}],"wp:term":[{"taxonomy":"folder","embeddable":true,"href":"https:\/\/www.leeb-balkone.com\/it\/wp-json\/wp\/v2\/folder?post=163805"}],"curies":[{"name":"wp","href":"https:\/\/api.w.org\/{rel}","templated":true}]}}