{"id":163730,"date":"2026-01-28T18:47:11","date_gmt":"2026-01-28T18:47:11","guid":{"rendered":"https:\/\/www.leeb-balkone.com\/fotovoltaico\/pensilina-solare\/"},"modified":"2026-01-28T18:52:21","modified_gmt":"2026-01-28T18:52:21","slug":"carport-fotovoltaico","status":"publish","type":"page","link":"https:\/\/www.leeb-balkone.com\/it\/fotovoltaico\/carport-fotovoltaico\/","title":{"rendered":"Carport fotovoltaico"},"content":{"rendered":"\n<section class=\"wp-block-group alignfull t3-header t3-header-splitscreen t3-splitscreen-shadow h-zi-20 has-light-gray-background-color has-background has-global-padding is-layout-constrained wp-container-core-group-is-layout-f1ad4950 wp-block-group-is-layout-constrained\" style=\"padding-top:0;padding-bottom:0\">\n<div class=\"wp-block-columns h-flx-a-s m-split is-layout-flex wp-container-core-columns-is-layout-28f84493 wp-block-columns-is-layout-flex\">\n<div class=\"wp-block-column is-vertically-aligned-top h-flx-a-s m-split-col-content is-layout-flow wp-block-column-is-layout-flow\"><div class=\"yoast-breadcrumbs\"><span><span><a href=\"https:\/\/www.leeb-balkone.com\/it\/\">Home<\/a><\/span> \/ <span><a href=\"https:\/\/www.leeb-balkone.com\/it\/fotovoltaico\/\">Prodotti solari<\/a><\/span> \/ <span class=\"breadcrumb_last\" aria-current=\"page\">Carport fotovoltaico<\/span><\/span><\/div>\n\n<h1 class=\"wp-block-post-title\">Carport fotovoltaico<\/h1>\n\n\n<p class=\"has-step-0-font-size\" style=\"margin-bottom:0\">La pensilina solare Leeb \u00e8 una soluzione innovativa dotata di moduli fotovoltaici (PV) di alta qualit\u00e0 che non solo proteggono il tuo veicolo ma generano anche energia solare ecologica.  <\/p>\n\n\n\n<div class=\"wp-block-buttons is-layout-flex wp-block-buttons-is-layout-flex\" style=\"margin-top:var(--wp--preset--spacing--l)\">\n<div class=\"wp-block-button is-style-cta icon-book icon-left\"><a class=\"wp-block-button__link wp-element-button\" href=\"https:\/\/www.leeb-balkone.com\/it\/contatti\/richiesta-catalogo\/\">Richiedi il catalogo<\/a><\/div>\n\n\n\n<div class=\"wp-block-button is-style-cta icon-vp icon-left\"><a class=\"wp-block-button__link wp-element-button\" href=\"https:\/\/www.leeb-balkone.com\/it\/partner-commerciali\/\">Trova una persona di contatto<span class=\"sr-only\"> Italia<\/span><\/a><\/div>\n<\/div>\n<\/div>\n\n\n\n<div class=\"wp-block-column is-vertically-aligned-stretch h-hide-md-down is-style-image-cover is-layout-flow wp-block-column-is-layout-flow\">\n<figure class=\"wp-block-image size-large\"><img loading=\"lazy\" decoding=\"async\" width=\"1024\" height=\"731\" src=\"https:\/\/www.leeb-balkone.com\/app\/uploads\/2022\/07\/Solarcarport-mit-zwei-Autos-Ansicht-von-schraeg-unten-1024x731.jpg\" alt=\"Vista di una pensilina solare con due auto in diagonale\" class=\"wp-image-146896\" srcset=\"https:\/\/www.leeb-balkone.com\/app\/uploads\/2022\/07\/Solarcarport-mit-zwei-Autos-Ansicht-von-schraeg-unten-1024x731.jpg 1024w, https:\/\/www.leeb-balkone.com\/app\/uploads\/2022\/07\/Solarcarport-mit-zwei-Autos-Ansicht-von-schraeg-unten-300x214.jpg 300w, https:\/\/www.leeb-balkone.com\/app\/uploads\/2022\/07\/Solarcarport-mit-zwei-Autos-Ansicht-von-schraeg-unten-768x549.jpg 768w, https:\/\/www.leeb-balkone.com\/app\/uploads\/2022\/07\/Solarcarport-mit-zwei-Autos-Ansicht-von-schraeg-unten-1536x1097.jpg 1536w, https:\/\/www.leeb-balkone.com\/app\/uploads\/2022\/07\/Solarcarport-mit-zwei-Autos-Ansicht-von-schraeg-unten-2048x1463.jpg 2048w\" sizes=\"auto, (max-width: 1024px) 100vw, 1024px\" \/><\/figure>\n<\/div>\n<\/div>\n<\/section>\n\n<section class=\"wp-block-group alignfull has-white-background-color has-background has-global-padding is-layout-constrained wp-container-core-group-is-layout-52f96efc wp-block-group-is-layout-constrained\" id=\"modelle\">\n<div class=\"wp-block-group m-teaser o-grid u-md-1 is-layout-flow wp-block-group-is-layout-flow\">\n<div class=\"wp-block-group u-g-9 u-g-s-2 is-layout-flow wp-block-group-is-layout-flow\" style=\"margin-bottom:var(--wp--preset--spacing--s)\">\n<p class=\"has-text-align-left\"><strong><strong><strong>&#8220;La pensilina solare Leeb combina un design elegante, un&#8217;affidabile protezione dalle intemperie e un&#8217;innovativa tecnologia solare, per un futuro sostenibile proprio davanti alla tua porta di casa.&#8221;<\/strong><\/strong><\/strong><\/p>\n<\/div>\n<\/div>\n\n\n\n<div class=\"wp-block-columns is-layout-flex wp-container-core-columns-is-layout-28f84493 wp-block-columns-is-layout-flex\">\n<div class=\"wp-block-column is-layout-flow wp-block-column-is-layout-flow\" style=\"flex-basis:66.66%\"><div class=\"tgs-gallery\" data-tablet-slides=\"4\" data-desktop-slides=\"5\"><div class=\"t3-tgs swiper mainSlider\">\n                <div class=\"has-icon icon-enlarge\"><\/div>\n                <div class=\"swiper-wrapper lg-swiper\"><div class=\"swiper-slide\"><a href=\"https:\/\/www.leeb-balkone.com\/app\/uploads\/2022\/07\/solar-carport-bei-der-hauseinfahrt-scaled.jpg\"><img decoding=\"async\" src=\"https:\/\/www.leeb-balkone.com\/app\/uploads\/2022\/07\/solar-carport-bei-der-hauseinfahrt-scaled.jpg\" alt=\"Carport mit Solarpaneelen bei der Hauseinfahrt\"><\/a><div class=\"tgs-desc\">Carport con pannelli solari all&#039;ingresso della casa<\/div><\/div><div class=\"swiper-slide\"><a href=\"https:\/\/www.leeb-balkone.com\/app\/uploads\/2022\/07\/solarcarport-alu-pv-solar-carport-holzhaus-fassade-aluminium-sonnenenergie-scaled.jpg\"><img decoding=\"async\" src=\"https:\/\/www.leeb-balkone.com\/app\/uploads\/2022\/07\/solarcarport-alu-pv-solar-carport-holzhaus-fassade-aluminium-sonnenenergie-scaled.jpg\" alt=\"Moderner Solar Doppel-Carport von Leeb in gelungener Symbiose mit rustikalem Haus\"><\/a><div class=\"tgs-desc\">Carport doppio solare indipendente<\/div><\/div><div class=\"swiper-slide\"><a href=\"https:\/\/www.leeb-balkone.com\/app\/uploads\/2022\/07\/solarcarport-carport-solar-pv-module-aluminium-glas-ueberdachung-scaled.jpg\"><img decoding=\"async\" src=\"https:\/\/www.leeb-balkone.com\/app\/uploads\/2022\/07\/solarcarport-carport-solar-pv-module-aluminium-glas-ueberdachung-scaled.jpg\" alt=\"Solarcarport (Doppelcarport), Ansicht der Carport \u00dcberdachung mit PV Modulen von oben\"><\/a><div class=\"tgs-desc\">Solar carport (top view)<\/div><\/div><\/div><div class=\"mainSliderPrev\"><\/div><div class=\"mainSliderNext\"><\/div><div class=\"main_slider_dots\"><\/div><\/div><div class=\"swiper thumbSlider\"><div class=\"swiper-wrapper wp-block-t3-carousel-wrapper\"><div class=\"swiper-slide\"><img decoding=\"async\" src=\"https:\/\/www.leeb-balkone.com\/app\/uploads\/2022\/07\/solar-carport-bei-der-hauseinfahrt-1024x765.jpg\" alt=\"Carport mit Solarpaneelen bei der Hauseinfahrt\" \/><\/div><div class=\"swiper-slide\"><img decoding=\"async\" src=\"https:\/\/www.leeb-balkone.com\/app\/uploads\/2022\/07\/solarcarport-alu-pv-solar-carport-holzhaus-fassade-aluminium-sonnenenergie-1024x686.jpg\" alt=\"Moderner Solar Doppel-Carport von Leeb in gelungener Symbiose mit rustikalem Haus\" \/><\/div><div class=\"swiper-slide\"><img decoding=\"async\" src=\"https:\/\/www.leeb-balkone.com\/app\/uploads\/2022\/07\/solarcarport-carport-solar-pv-module-aluminium-glas-ueberdachung-1024x683.jpg\" alt=\"Solarcarport (Doppelcarport), Ansicht der Carport \u00dcberdachung mit PV Modulen von oben\" \/><\/div><\/div><div class=\"thumbSliderPrev swiper-button-prev\"><\/div><div class=\"thumbSliderNext swiper-button-next\"><\/div><\/div><\/div><\/div>\n\n\n\n<div class=\"wp-block-column is-layout-flow wp-block-column-is-layout-flow\" style=\"flex-basis:33.33%\">\n<h2 class=\"wp-block-heading has-step-2-font-size\">Pensilina in alluminio con moduli fotovoltaici ad alta efficienza<\/h2>\n\n\n\n<p>Prova la perfetta combinazione tra la moderna protezione dei veicoli e la produzione di energia sostenibile con la pensilina solare Leeb. L&#8217;innovativo sistema di pensiline Leeb trasforma il tuo posto auto in una potente stazione di ricarica solare &#8211; per la tua casa, la tua auto elettrica e l&#8217;ambiente. <\/p>\n\n\n\n<ul class=\"wp-block-list is-style-checkmark-2\">\n<li>Moduli fotovoltaici all&#8217;avanguardia<\/li>\n\n\n\n<li>Costruzione robusta<\/li>\n\n\n\n<li>Design elegante<\/li>\n\n\n\n<li>Stazione privata di rifornimento elettronico<\/li>\n<\/ul>\n<\/div>\n<\/div>\n\n\n\n<div class=\"wp-block-group m-teaser o-grid u-md-1 is-layout-flow wp-block-group-is-layout-flow\" style=\"margin-top:0;padding-top:var(--wp--preset--spacing--xl-2-xl)\">\n<div class=\"wp-block-group u-g-10 u-g-s-2 is-layout-flow wp-block-group-is-layout-flow\" style=\"margin-top:0;margin-bottom:var(--wp--preset--spacing--s)\"><div class=\"wp-block-t3-tabs t3-tabs t3-tabs--centered\" data-uniqueid=\"tabs-8f57f258\" data-use-headings=\"false\" data-heading-level=\"h2\"><ul class=\"t3-tabs__list\" role=\"tablist\"><li role=\"presentation\"><button role=\"tab\" id=\"tabs-8f57f258-tab-0\" aria-controls=\"tabs-8f57f258-panel-0\" class=\"t3-tabs__tab-button t3-tabs__tab-button--active\" aria-selected=\"true\" tabindex=\"0\"><div class=\"t3-tabs__tab-button-inner\"><span class=\"t3-tabs__tab-title\">Struttura e prestazioni<\/span><\/div><\/button><\/li><li role=\"presentation\"><button role=\"tab\" id=\"tabs-8f57f258-tab-1\" aria-controls=\"tabs-8f57f258-panel-1\" class=\"t3-tabs__tab-button\" aria-selected=\"false\" tabindex=\"-1\"><div class=\"t3-tabs__tab-button-inner\"><span class=\"t3-tabs__tab-title\">Caratteristiche tecniche speciali<\/span><\/div><\/button><\/li><li role=\"presentation\"><button role=\"tab\" id=\"tabs-8f57f258-tab-2\" aria-controls=\"tabs-8f57f258-panel-2\" class=\"t3-tabs__tab-button\" aria-selected=\"false\" tabindex=\"-1\"><div class=\"t3-tabs__tab-button-inner\"><span class=\"t3-tabs__tab-title\">Funzione e vantaggi<\/span><\/div><\/button><\/li><\/ul><div class=\"t3-tabs__panels\"><div class=\"t3-tab__content t3-tabs__panel\" role=\"tabpanel\" id=\"tabs-8f57f258-panel-0\" aria-labelledby=\"tabs-8f57f258-tab-0\">\n<p>Goditi la massima flessibilit\u00e0 e convenienza: con la pensilina solare Leeb non solo proteggi in modo affidabile il tuo veicolo, ma produci allo stesso tempo la tua elettricit\u00e0 &#8211; su misura per le tue esigenze.<\/p>\n\n\n\n<ul class=\"wp-block-list\">\n<li>Moduli fotovoltaici di alta qualit\u00e0 e resistenti alla grandine (210 Wp o 300 Wp per modulo)<\/li>\n\n\n\n<li>\u00c8 possibile avere una pensilina singola o doppia (ad es. 2,7 kWp o 5,4 kWp di potenza totale)<\/li>\n\n\n\n<li>Struttura in alluminio esente da manutenzione con verniciatura a polvere di lunga durata<\/li>\n\n\n\n<li>Cablaggio interno invisibile<\/li>\n\n\n\n<li>Moduli accessibili per gli interventi di manutenzione<\/li>\n<\/ul>\n<\/div><div class=\"t3-tab__content t3-tabs__panel\" role=\"tabpanel\" id=\"tabs-8f57f258-panel-1\" aria-labelledby=\"tabs-8f57f258-tab-1\">\n<p>Affidati a una sicurezza testata e a una tecnologia innovativa: la pensilina solare Leeb convince per il suo design ben studiato e i suoi materiali resistenti, per molti anni di utilizzo senza pensieri.<\/p>\n\n\n\n<ul class=\"wp-block-list is-style-default\">\n<li>Struttura in alluminio resistente agli agenti atmosferici con rivestimento a polvere brevettato ALU COMFORT PLUS\u00ae.<\/li>\n\n\n\n<li>Sistema calcolato staticamente, adattabile individualmente a diverse propriet\u00e0 e dimensioni del veicolo<\/li>\n\n\n\n<li>Qualit\u00e0 certificata e servizio completo dalla progettazione all&#8217;installazione<\/li>\n\n\n\n<li>Moduli progettati come vetro di sicurezza stratificato (vetro parzialmente temprato da 2 \u00d7 4 mm)<\/li>\n<\/ul>\n<\/div><div class=\"t3-tab__content t3-tabs__panel\" role=\"tabpanel\" id=\"tabs-8f57f258-panel-2\" aria-labelledby=\"tabs-8f57f258-tab-2\">\n<p>Benefici giorno dopo giorno: la tua pensilina solare fa ombra, ti protegge dalle intemperie e riduce i costi dell&#8217;elettricit\u00e0 grazie alla produzione di energia ecologica.<\/p>\n\n\n\n<ul class=\"wp-block-list\">\n<li>Protezione affidabile contro la pioggia, la neve, la grandine e i raggi UV per i veicoli<\/li>\n\n\n\n<li>Generazione di energia solare ecologica per l&#8217;autoconsumo o per l&#8217;immissione in rete<\/li>\n\n\n\n<li>Pu\u00f2 essere utilizzata come stazione di ricarica elettrica privata per i veicoli elettrici<\/li>\n\n\n\n<li>Ridurre i costi energetici e migliorare l&#8217;impronta di carbonio<\/li>\n\n\n\n<li>Aumentare il valore degli immobili grazie all&#8217;architettura sostenibile<\/li>\n<\/ul>\n\n\n\n<div class=\"wp-block-cgb-t3-container-block none\" style=\"background-color:none\"><div class=\"grid-container\"><div class=\"grid-x\"><div class=\"cell small-12 medium-0 large-0\"><\/div><\/div><\/div><\/div>\n<\/div><\/div><\/div><\/div>\n<\/div>\n<\/section>\n\n<section class=\"wp-block-cover alignfull is-light katalog-cta\" style=\"margin-top:0;margin-bottom:0;padding-top:0;padding-right:0;padding-bottom:0;padding-left:0;min-height:100px;aspect-ratio:unset;\" id=\"beratungsanfrage\"><img loading=\"lazy\" decoding=\"async\" width=\"2560\" height=\"1707\" class=\"wp-block-cover__image-background wp-image-152954 size-full\" alt=\"Schauraum Leeb Tettnang Florian Keller\" src=\"https:\/\/www.leeb-balkone.com\/app\/uploads\/2025\/04\/Schauraum-Leeb-Tettnang-Florian-Keller-17-scaled.jpg\" style=\"object-position:41% 45%\" data-object-fit=\"cover\" data-object-position=\"41% 45%\" srcset=\"https:\/\/www.leeb-balkone.com\/app\/uploads\/2025\/04\/Schauraum-Leeb-Tettnang-Florian-Keller-17-scaled.jpg 2560w, https:\/\/www.leeb-balkone.com\/app\/uploads\/2025\/04\/Schauraum-Leeb-Tettnang-Florian-Keller-17-300x200.jpg 300w, https:\/\/www.leeb-balkone.com\/app\/uploads\/2025\/04\/Schauraum-Leeb-Tettnang-Florian-Keller-17-1024x683.jpg 1024w, https:\/\/www.leeb-balkone.com\/app\/uploads\/2025\/04\/Schauraum-Leeb-Tettnang-Florian-Keller-17-768x512.jpg 768w, https:\/\/www.leeb-balkone.com\/app\/uploads\/2025\/04\/Schauraum-Leeb-Tettnang-Florian-Keller-17-1536x1024.jpg 1536w, https:\/\/www.leeb-balkone.com\/app\/uploads\/2025\/04\/Schauraum-Leeb-Tettnang-Florian-Keller-17-2048x1366.jpg 2048w\" sizes=\"auto, (max-width: 2560px) 100vw, 2560px\" \/><span aria-hidden=\"true\" class=\"wp-block-cover__background has-primary-45-background-color has-background-dim-80 has-background-dim\"><\/span><div class=\"wp-block-cover__inner-container has-global-padding is-layout-constrained wp-container-core-cover-is-layout-f028c7bd wp-block-cover-is-layout-constrained\">\n<div class=\"wp-block-group is-layout-flow wp-block-group-is-layout-flow\" style=\"min-height:0px;margin-top:0;margin-bottom:0;padding-top:var(--wp--preset--spacing--2-xl);padding-bottom:var(--wp--preset--spacing--2-xl);padding-left:0\">\n<div class=\"wp-block-columns are-vertically-aligned-center is-layout-flex wp-container-core-columns-is-layout-0a4bbf16 wp-block-columns-is-layout-flex\" style=\"margin-top:0;margin-bottom:0\">\n<div class=\"wp-block-column is-vertically-aligned-center is-layout-flow wp-block-column-is-layout-flow\" style=\"flex-basis:66.66%\">\n<h2 class=\"wp-block-heading\">Richiedi un appuntamento di consulenza<\/h2>\n\n\n\n<p class=\"is-style-teaser\">Hai qualche domanda? Mettiti in contatto con noi e utilizza il nostro modulo di contatto. Richiedi subito la tua consulenza personale: il tuo interlocutore sar\u00e0 lieto di fornirti un supporto personalizzato per la pianificazione e la realizzazione del tuo progetto!  <\/p>\n<\/div>\n\n\n\n<div class=\"wp-block-column is-vertically-aligned-center is-layout-flow wp-block-column-is-layout-flow\" style=\"flex-basis:33.33%\">\n<div class=\"wp-block-buttons u-m-jc-left is-content-justification-right is-layout-flex wp-container-core-buttons-is-layout-c060c6c7 wp-block-buttons-is-layout-flex\">\n<div class=\"wp-block-button is-style-filled-white large smooth-scroll\"><a class=\"wp-block-button__link wp-element-button\" href=\"#beratungstermin\" style=\"box-shadow:var(--wp--preset--shadow--button-shadow)\">Richiesta di consulenza<\/a><\/div>\n<\/div>\n<\/div>\n<\/div>\n<\/div>\n<\/div><\/section>\n\n<section class=\"wp-block-group alignfull has-light-gray-background-color has-background has-global-padding is-layout-constrained wp-container-core-group-is-layout-52f96efc wp-block-group-is-layout-constrained\" id=\"service-qualitaet\">\n<div class=\"wp-block-group o-grid u-md-1 is-layout-flow wp-block-group-is-layout-flow\">\n<div class=\"wp-block-group u-g-9 u-g-s-2 is-layout-flow wp-block-group-is-layout-flow\" style=\"margin-bottom:var(--wp--preset--spacing--s)\">\n<h2 class=\"wp-block-heading\"><strong>Carport solare Leeb<\/strong><\/h2>\n\n\n\n<p><span class=\"teaser\">Una pensilina solare di Leeb \u00e8 la soluzione ideale per proteggere in modo affidabile il tuo veicolo dalle intemperie e allo stesso tempo generare energia sostenibile direttamente sulla tua propriet\u00e0.  <\/span><\/p>\n\n\n\n<p>Con la pensilina solare Leeb ottieni una soluzione durevole, personalizzabile e sicura, dalla progettazione all&#8217;installazione da un unico fornitore.<\/p>\n<\/div>\n<\/div>\n\n\n\n<div class=\"wp-block-group small is-style-white-cards sm-2-cols is-layout-grid wp-container-core-group-is-layout-7785d981 wp-block-group-is-layout-grid\">\n<div class=\"wp-block-group m-card has-modal is-layout-flow wp-container-core-group-is-layout-8a368f38 wp-block-group-is-layout-flow\" data-modal-id=\"150960\">\n<figure class=\"wp-block-image size-full\"><img loading=\"lazy\" decoding=\"async\" width=\"2560\" height=\"1707\" src=\"https:\/\/www.leeb-balkone.com\/app\/uploads\/2020\/07\/solarbalkon-optimus-innenansicht-der-pv-paneele-scaled.jpg\" alt=\"solarbalkon optimus innenansicht der pv paneele\" class=\"wp-image-141781\" srcset=\"https:\/\/www.leeb-balkone.com\/app\/uploads\/2020\/07\/solarbalkon-optimus-innenansicht-der-pv-paneele-scaled.jpg 2560w, https:\/\/www.leeb-balkone.com\/app\/uploads\/2020\/07\/solarbalkon-optimus-innenansicht-der-pv-paneele-300x200.jpg 300w, https:\/\/www.leeb-balkone.com\/app\/uploads\/2020\/07\/solarbalkon-optimus-innenansicht-der-pv-paneele-1024x683.jpg 1024w, https:\/\/www.leeb-balkone.com\/app\/uploads\/2020\/07\/solarbalkon-optimus-innenansicht-der-pv-paneele-768x512.jpg 768w, https:\/\/www.leeb-balkone.com\/app\/uploads\/2020\/07\/solarbalkon-optimus-innenansicht-der-pv-paneele-1536x1024.jpg 1536w, https:\/\/www.leeb-balkone.com\/app\/uploads\/2020\/07\/solarbalkon-optimus-innenansicht-der-pv-paneele-2048x1366.jpg 2048w\" sizes=\"auto, (max-width: 2560px) 100vw, 2560px\" \/><\/figure>\n\n\n\n<div class=\"wp-block-group m-card-content has-white-background-color has-background is-vertical is-layout-flex wp-container-core-group-is-layout-5580f018 wp-block-group-is-layout-flex\">\n<h3 class=\"wp-block-heading\"><strong>Soluzioni solari per ringhiere e tetti<\/strong><\/h3>\n\n\n\n<p>Moduli fotovoltaici completamente integrati e altamente efficaci nei nostri prodotti solari.<\/p>\n<\/div>\n<a href=\"#overlay-150960\" class=\"open-modal-link\" aria-label=\"Open modal\"><span class=\"sr-only\">\u00d6ffne Modal<\/span><\/a><\/div>\n\n\n\n<div class=\"wp-block-group m-card has-modal is-layout-flow wp-container-core-group-is-layout-8a368f38 wp-block-group-is-layout-flow\" data-modal-id=\"150749\">\n<figure class=\"wp-block-image size-large is-style-default\"><img loading=\"lazy\" decoding=\"async\" width=\"1024\" height=\"767\" src=\"https:\/\/www.leeb-balkone.com\/app\/uploads\/2020\/08\/leeb-balkone-mitarbeiter-4-1024x767.jpeg\" alt=\"Installazione di una ringhiera per balcone in alluminio Leeb personalizzata\" class=\"wp-image-6083\" srcset=\"https:\/\/www.leeb-balkone.com\/app\/uploads\/2020\/08\/leeb-balkone-mitarbeiter-4-1024x767.jpeg 1024w, https:\/\/www.leeb-balkone.com\/app\/uploads\/2020\/08\/leeb-balkone-mitarbeiter-4-2048x1535.jpeg 2048w, https:\/\/www.leeb-balkone.com\/app\/uploads\/2020\/08\/leeb-balkone-mitarbeiter-4-300x225.jpeg 300w, https:\/\/www.leeb-balkone.com\/app\/uploads\/2020\/08\/leeb-balkone-mitarbeiter-4-768x575.jpeg 768w, https:\/\/www.leeb-balkone.com\/app\/uploads\/2020\/08\/leeb-balkone-mitarbeiter-4-1536x1151.jpeg 1536w\" sizes=\"auto, (max-width: 1024px) 100vw, 1024px\" \/><\/figure>\n\n\n\n<div class=\"wp-block-group m-card-content has-white-background-color has-background is-vertical is-layout-flex wp-container-core-group-is-layout-5580f018 wp-block-group-is-layout-flex\">\n<h3 class=\"wp-block-heading\">Un servizio completo per una realizzazione senza pensieri!<\/h3>\n\n\n\n<p>Servizio di consulenza in loco, configuratore 3D, produzione in fabbrica, consegna e installazione.<\/p>\n<\/div>\n<a href=\"#overlay-150749\" class=\"open-modal-link\" aria-label=\"Open modal\"><span class=\"sr-only\">\u00d6ffne Modal<\/span><\/a><\/div>\n\n\n\n<div class=\"wp-block-group m-card has-modal is-layout-flow wp-container-core-group-is-layout-8a368f38 wp-block-group-is-layout-flow\" data-modal-id=\"150746\">\n<figure class=\"wp-block-image size-full\"><img loading=\"lazy\" decoding=\"async\" width=\"2048\" height=\"1366\" src=\"https:\/\/www.leeb-balkone.com\/app\/uploads\/2022\/05\/glas-bearbeitung-zuschnitt--scaled.jpg\" alt=\"glas bearbeitung zuschnitt \" class=\"wp-image-83644\" srcset=\"https:\/\/www.leeb-balkone.com\/app\/uploads\/2022\/05\/glas-bearbeitung-zuschnitt--scaled.jpg 2048w, https:\/\/www.leeb-balkone.com\/app\/uploads\/2022\/05\/glas-bearbeitung-zuschnitt--300x200.jpg 300w, https:\/\/www.leeb-balkone.com\/app\/uploads\/2022\/05\/glas-bearbeitung-zuschnitt--1024x683.jpg 1024w, https:\/\/www.leeb-balkone.com\/app\/uploads\/2022\/05\/glas-bearbeitung-zuschnitt--768x512.jpg 768w, https:\/\/www.leeb-balkone.com\/app\/uploads\/2022\/05\/glas-bearbeitung-zuschnitt--1536x1024.jpg 1536w\" sizes=\"auto, (max-width: 2048px) 100vw, 2048px\" \/><\/figure>\n\n\n\n<div class=\"wp-block-group m-card-content has-white-background-color has-background is-vertical is-layout-flex wp-container-core-group-is-layout-5580f018 wp-block-group-is-layout-flex\">\n<h3 class=\"wp-block-heading\"><strong>Vetro di sicurezza laminato di qualit\u00e0 superiore<\/strong><\/h3>\n\n\n\n<p>Sicurezza testata, design innovativi e qualit\u00e0 personalizzata e duratura con Leeb Glas.<\/p>\n<\/div>\n<a href=\"#overlay-150746\" class=\"open-modal-link\" aria-label=\"Open modal\"><span class=\"sr-only\">\u00d6ffne Modal<\/span><\/a><\/div>\n\n\n\n<div class=\"wp-block-group m-card has-modal is-layout-flow wp-container-core-group-is-layout-8a368f38 wp-block-group-is-layout-flow\" data-modal-id=\"150753\">\n<figure class=\"wp-block-image size-large\"><img loading=\"lazy\" decoding=\"async\" width=\"1024\" height=\"665\" src=\"https:\/\/www.leeb-balkone.com\/app\/uploads\/2020\/08\/alu-comfort-plus-1024x665.jpg\" alt=\"alu comfort plus\" class=\"wp-image-5082\" srcset=\"https:\/\/www.leeb-balkone.com\/app\/uploads\/2020\/08\/alu-comfort-plus-1024x665.jpg 1024w, https:\/\/www.leeb-balkone.com\/app\/uploads\/2020\/08\/alu-comfort-plus-300x195.jpg 300w, https:\/\/www.leeb-balkone.com\/app\/uploads\/2020\/08\/alu-comfort-plus-768x499.jpg 768w, https:\/\/www.leeb-balkone.com\/app\/uploads\/2020\/08\/alu-comfort-plus-1536x997.jpg 1536w, https:\/\/www.leeb-balkone.com\/app\/uploads\/2020\/08\/alu-comfort-plus-2048x1330.jpg 2048w\" sizes=\"auto, (max-width: 1024px) 100vw, 1024px\" \/><\/figure>\n\n\n\n<div class=\"wp-block-group m-card-content has-white-background-color has-background is-vertical is-layout-flex wp-container-core-group-is-layout-5580f018 wp-block-group-is-layout-flex\">\n<h3 class=\"wp-block-heading\">Protezione a lungo termine con ALU Comfort Plus<\/h3>\n\n\n\n<p>Rivestimento brevettato e lavorazione dell&#8217;alluminio ai massimi livelli.<\/p>\n<\/div>\n<a href=\"#overlay-150753\" class=\"open-modal-link\" aria-label=\"Open modal\"><span class=\"sr-only\">\u00d6ffne Modal<\/span><\/a><\/div>\n<\/div>\n\n\n\n<div class=\"wp-block-group o-grid u-md-1 is-layout-flow wp-block-group-is-layout-flow\" style=\"padding-top:var(--wp--preset--spacing--l)\">\n<div class=\"wp-block-group u-g-9 u-g-s-2 is-layout-flow wp-block-group-is-layout-flow\" style=\"margin-bottom:var(--wp--preset--spacing--s)\">\n<h3 class=\"wp-block-heading\">I vantaggi in sintesi<\/h3>\n\n\n\n<p>Le soluzioni solari di Leeb sono sistemi innovativi, di alta qualit\u00e0 e versatili per la produzione di energia sostenibile che combinano un design moderno con la massima funzionalit\u00e0.<\/p>\n\n\n\n<ul class=\"wp-block-list is-style-checkmark-2\">\n<li><strong>Moduli fotovoltaici all&#8217;avanguardia<\/strong>: I pannelli solari di ultima generazione forniscono fino a 5,4 kWp (18\u00d7300 Wp) per la pensilina doppia e 2,7 kWp (9\u00d7300 Wp) per la pensilina singola. Questo ti permette di generare in modo affidabile elettricit\u00e0 verde proprio davanti alla tua porta di casa. <\/li>\n\n\n\n<li><strong>Costruzione robusta<\/strong>: I moduli fotovoltaici sono a prova di grandine, accessibili e integrati in una pensilina in alluminio di alta qualit\u00e0. Il rivestimento a polvere brevettato ALU COMFORT PLUS\u00ae garantisce la massima resistenza agli agenti atmosferici e la massima durata. <\/li>\n\n\n\n<li><strong>Stazione di ricarica elettrica privata<\/strong>: Utilizza l&#8217;energia solare generata per il tuo veicolo elettrico o per i tuoi consumi domestici: un vero vantaggio per una maggiore indipendenza e una riduzione dei costi dell&#8217;elettricit\u00e0.<\/li>\n\n\n\n<li><strong>Servizio a tutto tondo<\/strong>: dalla progettazione personalizzata all&#8217;installazione professionale, Leeb ti supporta con una qualit\u00e0 certificata e una rete di partner a livello europeo.<\/li>\n\n\n\n<li><strong>Valore aggiunto sostenibile<\/strong>: con una pensilina solare non solo aumenti il valore della tua propriet\u00e0, ma contribuisci attivamente alla protezione del clima.<\/li>\n<\/ul>\n<\/div>\n<\/div>\n<\/section>\n\n<section class=\"wp-block-cover alignfull is-light katalog-cta\" style=\"margin-top:0;margin-bottom:0;padding-top:0;padding-right:0;padding-bottom:0;padding-left:0;min-height:100px;aspect-ratio:unset;\"><img loading=\"lazy\" decoding=\"async\" width=\"1920\" height=\"599\" class=\"wp-block-cover__image-background wp-image-7912 size-full\" alt=\"leeb balkone katalog anfordern\" src=\"https:\/\/www.leeb-balkone.com\/app\/uploads\/2020\/09\/leeb-balkone-katalog-anfordern-1.jpeg\" data-object-fit=\"cover\" srcset=\"https:\/\/www.leeb-balkone.com\/app\/uploads\/2020\/09\/leeb-balkone-katalog-anfordern-1-300x94.jpeg 300w, https:\/\/www.leeb-balkone.com\/app\/uploads\/2020\/09\/leeb-balkone-katalog-anfordern-1-1024x319.jpeg 1024w, https:\/\/www.leeb-balkone.com\/app\/uploads\/2020\/09\/leeb-balkone-katalog-anfordern-1-768x240.jpeg 768w, https:\/\/www.leeb-balkone.com\/app\/uploads\/2020\/09\/leeb-balkone-katalog-anfordern-1-1536x479.jpeg 1536w\" sizes=\"auto, (max-width: 1920px) 100vw, 1920px\" \/><span aria-hidden=\"true\" class=\"wp-block-cover__background has-primary-45-background-color has-background-dim-80 has-background-dim\"><\/span><div class=\"wp-block-cover__inner-container has-global-padding is-layout-constrained wp-container-core-cover-is-layout-fc5783d2 wp-block-cover-is-layout-constrained\">\n<div class=\"wp-block-group is-layout-flow wp-block-group-is-layout-flow\" style=\"min-height:0px;margin-top:0;margin-bottom:0;padding-top:var(--wp--preset--spacing--2-xl);padding-bottom:var(--wp--preset--spacing--2-xl);padding-left:0\">\n<div class=\"wp-block-columns are-vertically-aligned-center is-layout-flex wp-container-core-columns-is-layout-0a4bbf16 wp-block-columns-is-layout-flex\" style=\"margin-top:0;margin-bottom:0\">\n<div class=\"wp-block-column is-vertically-aligned-center is-layout-flow wp-block-column-is-layout-flow\" style=\"flex-basis:66.66%\">\n<h2 class=\"wp-block-heading\">Pensilina solare in catalogo<\/h2>\n\n\n\n<p class=\"is-style-teaser\"><span class=\"teaser\">Scopri i nostri sistemi solari, i materiali e i dettagli tecnici. La nostra brochure completa dei prodotti ti fornisce tutte le informazioni di cui hai bisogno in un solo colpo d&#8217;occhio. <\/span><\/p>\n<\/div>\n\n\n\n<div class=\"wp-block-column is-vertically-aligned-center is-layout-flow wp-block-column-is-layout-flow\" style=\"flex-basis:33.33%\">\n<div class=\"wp-block-buttons u-m-jc-left is-content-justification-right is-layout-flex wp-container-core-buttons-is-layout-c060c6c7 wp-block-buttons-is-layout-flex\">\n<div class=\"wp-block-button is-style-filled-white large\"><a class=\"wp-block-button__link wp-element-button\" href=\"https:\/\/www.leeb-balkone.com\/it\/contatti\/richiesta-catalogo\/\" style=\"box-shadow:var(--wp--preset--shadow--button-shadow)\">Ordina il catalogo ora<\/a><\/div>\n<\/div>\n<\/div>\n<\/div>\n<\/div>\n<\/div><\/section>\n\n<section class=\"wp-block-group alignfull has-white-background-color has-background has-global-padding is-layout-constrained wp-container-core-group-is-layout-52f96efc wp-block-group-is-layout-constrained\">\n<div class=\"wp-block-group o-grid u-md-1 is-layout-flow wp-block-group-is-layout-flow\" style=\"padding-top:0\">\n<div class=\"wp-block-group u-g-9 u-g-s-2 is-layout-flow wp-block-group-is-layout-flow\" style=\"margin-bottom:var(--wp--preset--spacing--s)\">\n<h2 class=\"wp-block-heading\">Perch\u00e9 una pensilina solare di Leeb?<\/h2>\n\n\n\n<p class=\"is-style-teaser\"><span class=\"teaser\">Con la pensilina solare Leeb puoi proteggere la tua auto e allo stesso tempo generare elettricit\u00e0 ecologica: efficiente, resistente e personalizzata.<\/span><\/p>\n<\/div>\n<\/div>\n\n\n\n<div class=\"wp-block-group is-layout-flow wp-container-core-group-is-layout-d5075d26 wp-block-group-is-layout-flow\">\n<div class=\"wp-block-columns is-style-shadow m-split is-layout-flex wp-container-core-columns-is-layout-28f84493 wp-block-columns-is-layout-flex\">\n<div class=\"wp-block-column is-style-default is-layout-flow wp-block-column-is-layout-flow\">\n<figure class=\"wp-block-image size-large\"><img loading=\"lazy\" decoding=\"async\" width=\"1024\" height=\"765\" src=\"https:\/\/www.leeb-balkone.com\/app\/uploads\/2022\/07\/Carport_Doppel_Solar-01-1024x765.jpg\" alt=\"Carport solare con moduli fotovoltaici - Sistema solare carport con Leeb\" class=\"wp-image-133800\" style=\"aspect-ratio:4\/3;object-fit:cover\" srcset=\"https:\/\/www.leeb-balkone.com\/app\/uploads\/2022\/07\/Carport_Doppel_Solar-01-1024x765.jpg 1024w, https:\/\/www.leeb-balkone.com\/app\/uploads\/2022\/07\/Carport_Doppel_Solar-01-300x224.jpg 300w, https:\/\/www.leeb-balkone.com\/app\/uploads\/2022\/07\/Carport_Doppel_Solar-01-768x574.jpg 768w, https:\/\/www.leeb-balkone.com\/app\/uploads\/2022\/07\/Carport_Doppel_Solar-01-1536x1147.jpg 1536w, https:\/\/www.leeb-balkone.com\/app\/uploads\/2022\/07\/Carport_Doppel_Solar-01-2048x1529.jpg 2048w\" sizes=\"auto, (max-width: 1024px) 100vw, 1024px\" \/><\/figure>\n<\/div>\n\n\n\n<div class=\"wp-block-column is-vertically-aligned-center is-style-overlay-content is-layout-flow wp-block-column-is-layout-flow\">\n<div class=\"wp-block-group is-vertical is-layout-flex wp-container-core-group-is-layout-6aed0e10 wp-block-group-is-layout-flex\">\n<h3 class=\"wp-block-heading\"><strong>Robusto, sicuro ed efficiente<\/strong><\/h3>\n\n\n\n<p>I <strong>robusti moduli fotovoltaici<\/strong> sono progettati per resistere anche a condizioni atmosferiche estreme, come grandinate e carichi di neve elevati, e possono essere accessibili per gli interventi di manutenzione. Di conseguenza, offrono la massima sicurezza, una produzione di energia di lunga durata e minimizzano i costi di manutenzione, anche in caso di uso quotidiano intenso. I <strong>profili in alluminio di alta qualit\u00e0<\/strong> e la lavorazione precisa garantiscono una stabilit\u00e0 eccezionale alla pensilina stessa, in modo che anche le forti raffiche di vento e i carichi di neve non rappresentino un problema.    <\/p>\n\n\n<\/div>\n<\/div>\n<\/div>\n\n\n<\/div>\n<\/section>\n\n<section class=\"wp-block-group alignfull has-light-gray-background-color has-background has-global-padding is-layout-constrained wp-container-core-group-is-layout-52f96efc wp-block-group-is-layout-constrained\">\n<div class=\"wp-block-group o-grid u-md-1 is-layout-flow wp-block-group-is-layout-flow\" style=\"padding-top:0\">\n<div class=\"wp-block-group u-g-9 u-g-s-2 is-layout-flow wp-block-group-is-layout-flow\" style=\"margin-bottom:var(--wp--preset--spacing--s)\">\n<h2 class=\"wp-block-heading\">Domande frequenti<\/h2>\n\n\n\n<p class=\"is-style-teaser\" style=\"padding-bottom:var(--wp--preset--spacing--m)\">Hai domande generali sui nostri carport? Nelle nostre FAQ troverai risposte concise alle domande pi\u00f9 frequenti sulla pensilina.<\/p>\n\n\n\n<div class=\"wp-block-t3-acc-accordion is-style-default\"><button id=\"accordion-749bbeca-cd9e-4ec5-92ed-72691b298b42-button\" class=\"accordion__button\" aria-expanded=\"false\" aria-controls=\"accordion-749bbeca-cd9e-4ec5-92ed-72691b298b42-panel\"><h3 data-accordion-title=\"true\" style=\"font-size:var(--step-1)\"><strong><strong>Was&nbsp;ist ein Solar&nbsp;Carport?<\/strong><\/strong><\/h3><\/button><div id=\"accordion-749bbeca-cd9e-4ec5-92ed-72691b298b42-panel\" class=\"accordion__panel\" role=\"region\" aria-labelledby=\"accordion-749bbeca-cd9e-4ec5-92ed-72691b298b42-button\">\n<p>Un carport solare \u00e8 un parcheggio coperto la cui superficie del tetto \u00e8 dotata di moduli fotovoltaici. Questo protegge il veicolo parcheggiato dalle intemperie e allo stesso tempo converte l&#8217;energia solare in elettricit\u00e0. <\/p>\n\n\n\n<p>La pensilina solare Leeb fa un ulteriore passo avanti: I moduli fotovoltaici sono completamente integrati in una struttura in alluminio di alta qualit\u00e0 con un rivestimento a polvere brevettato. La pensilina protegge in modo affidabile la tua auto dal sole, dalla pioggia e dalla grandine e genera fino a 5,4 kWp (pensilina doppia) o 2,7 kWp (pensilina singola) di elettricit\u00e0, che pu\u00f2 essere utilizzata direttamente per scopi domestici o per ricaricare un&#8217;auto elettrica. La progettazione, l&#8217;installazione e l&#8217;assistenza sono personalizzate e realizzate da partner certificati.  <\/p>\n<\/div><\/div>\n\n\n\n<div class=\"wp-block-t3-acc-accordion is-style-default\"><button id=\"accordion-eed0a3ef-b67b-4c07-99fb-5bf75cb521a7-button\" class=\"accordion__button\" aria-expanded=\"false\" aria-controls=\"accordion-eed0a3ef-b67b-4c07-99fb-5bf75cb521a7-panel\"><h3 data-accordion-title=\"true\" style=\"font-size:var(--step-1)\"><strong><strong><strong>Quali vantaggi offre una pensilina solare?<\/strong><\/strong><\/strong><\/h3><\/button><div id=\"accordion-eed0a3ef-b67b-4c07-99fb-5bf75cb521a7-panel\" class=\"accordion__panel\" role=\"region\" aria-labelledby=\"accordion-eed0a3ef-b67b-4c07-99fb-5bf75cb521a7-button\">\n<p>In generale, una pensilina solare offre due vantaggi: Protezione dalle intemperie per il veicolo e l&#8217;opportunit\u00e0 di generare e utilizzare l&#8217;energia solare, ad esempio per il proprio consumo o per ricaricare un&#8217;auto elettrica.<\/p>\n\n\n\n<p>La pensilina solare Leeb convince anche per i suoi moduli fotovoltaici ad alte prestazioni, resistenti alla grandine e accessibili, integrati in modo ottimale nella struttura. La verniciatura a polvere brevettata ALU COMFORT PLUS\u00ae garantisce durata e resistenza agli agenti atmosferici. L&#8217;elettricit\u00e0 generata riduce i costi energetici e aumenta il valore della tua propriet\u00e0. Leeb offre anche un servizio completo, dalla progettazione personalizzata all&#8217;installazione professionale.   <\/p>\n<\/div><\/div>\n\n\n\n<div class=\"wp-block-t3-acc-accordion is-style-default\"><button id=\"accordion-b775f53b-fd01-4d8f-a3ed-fa94fcddb10d-button\" class=\"accordion__button\" aria-expanded=\"false\" aria-controls=\"accordion-b775f53b-fd01-4d8f-a3ed-fa94fcddb10d-panel\"><h3 data-accordion-title=\"true\" style=\"font-size:var(--step-1)\"><strong><strong><strong><strong>Come funziona l&#8217;installazione?<\/strong><\/strong><\/strong><\/strong><\/h3><\/button><div id=\"accordion-b775f53b-fd01-4d8f-a3ed-fa94fcddb10d-panel\" class=\"accordion__panel\" role=\"region\" aria-labelledby=\"accordion-b775f53b-fd01-4d8f-a3ed-fa94fcddb10d-button\">\n<p>Una pensilina solare viene solitamente installata da aziende specializzate che assemblano e collegano sia la struttura che l&#8217;impianto fotovoltaico. Per la messa in funzione dell&#8217;impianto fotovoltaico \u00e8 necessario l&#8217;intervento di un elettricista. <\/p>\n\n\n\n<p>Leeb si occupa della progettazione e dell&#8217;installazione completa attraverso partner specializzati certificati. I moduli fotovoltaici sono completamente integrati e il cablaggio \u00e8 protetto in modo ottimale. L&#8217;adattamento personalizzato ai tuoi desideri e alle condizioni strutturali \u00e8 al centro dell&#8217;attenzione. Per gli impianti superiori a 800 Wp, la messa in funzione da parte di un elettricista \u00e8 obbligatoria per rispettare tutti i requisiti di legge.   <\/p>\n<\/div><\/div>\n\n\n\n<div class=\"wp-block-t3-acc-accordion is-style-default\"><button id=\"accordion-924b7c85-a1ca-47b8-8357-2b4d125fa2d3-button\" class=\"accordion__button\" aria-expanded=\"false\" aria-controls=\"accordion-924b7c85-a1ca-47b8-8357-2b4d125fa2d3-panel\"><h3 data-accordion-title=\"true\" style=\"font-size:var(--step-1)\"><strong><strong><strong><strong><strong><strong>Quanto dura e richiede poca manutenzione una pensilina solare?<\/strong><\/strong><\/strong><\/strong><\/strong><\/strong><\/h3><\/button><div id=\"accordion-924b7c85-a1ca-47b8-8357-2b4d125fa2d3-panel\" class=\"accordion__panel\" role=\"region\" aria-labelledby=\"accordion-924b7c85-a1ca-47b8-8357-2b4d125fa2d3-button\">\n<p>Leeb si affida a moduli fotovoltaici robusti, resistenti alla grandine e calpestabili, nonch\u00e9 a una struttura in alluminio con un rivestimento in polvere brevettato che offre la massima protezione dalla corrosione. I moduli hanno una durata di almeno 25 anni e Leeb offre una garanzia fino a 25 anni sui moduli fotovoltaici e sulla struttura. L&#8217;installazione verticale e le superfici lisce fanno s\u00ec che lo sporco non aderisca quasi mai e la pioggia \u00e8 di solito sufficiente per la pulizia.  <\/p>\n<\/div><\/div>\n\n\n\n<div class=\"wp-block-t3-acc-accordion is-style-default\"><button id=\"accordion-d0e94413-0e10-4181-9da7-a497368c83c5-button\" class=\"accordion__button\" aria-expanded=\"false\" aria-controls=\"accordion-d0e94413-0e10-4181-9da7-a497368c83c5-panel\"><h3 data-accordion-title=\"true\" style=\"font-size:var(--step-1)\"><strong><strong><strong><strong><strong>Esistono sovvenzioni per le pensiline solari?<\/strong><\/strong><\/strong><\/strong><\/strong><\/h3><\/button><div id=\"accordion-d0e94413-0e10-4181-9da7-a497368c83c5-panel\" class=\"accordion__panel\" role=\"region\" aria-labelledby=\"accordion-d0e94413-0e10-4181-9da7-a497368c83c5-button\">\n<p>La pensilina solare Leeb \u00e8 generalmente ammissibile alle sovvenzioni se i programmi regionali prevedono impianti fotovoltaici o pensiline solari. Molte citt\u00e0 e comuni offrono sussidi per l&#8217;acquisto. \u00c8 consigliabile informarsi sui programmi in corso offerti dal tuo comune o dallo stato federale e verificare le procedure di richiesta prima di procedere all&#8217;acquisto. Leeb sar\u00e0 lieta di supportarti nella scelta e nella richiesta delle sovvenzioni pi\u00f9 adatte.   <\/p>\n<\/div><\/div>\n\n\n\n<div class=\"wp-block-t3-acc-accordion is-style-default\"><button id=\"accordion-cfc361d1-dd7d-4c58-aa0c-5a6c75c9298e-button\" class=\"accordion__button\" aria-expanded=\"false\" aria-controls=\"accordion-cfc361d1-dd7d-4c58-aa0c-5a6c75c9298e-panel\"><h3 data-accordion-title=\"true\" style=\"font-size:var(--step-1)\"><strong><strong><strong><strong><strong><strong>Posso utilizzare l&#8217;energia solare direttamente per la mia auto elettrica?<\/strong><\/strong><\/strong><\/strong><\/strong><\/strong><\/h3><\/button><div id=\"accordion-cfc361d1-dd7d-4c58-aa0c-5a6c75c9298e-panel\" class=\"accordion__panel\" role=\"region\" aria-labelledby=\"accordion-cfc361d1-dd7d-4c58-aa0c-5a6c75c9298e-button\">\n<p>Con una pensilina solare, l&#8217;elettricit\u00e0 generata pu\u00f2 essere utilizzata direttamente per la casa o per ricaricare un veicolo elettrico. In questo modo la pensilina si trasforma in una stazione di rifornimento elettrica privata. <\/p>\n\n\n\n<p>Con la pensilina solare Leeb, l&#8217;utilizzo dell&#8217;energia solare generata per ricaricare un&#8217;auto elettrica \u00e8 una caratteristica centrale. I moduli fotovoltaici forniscono energia sufficiente per alimentare il tuo veicolo a casa con elettricit\u00e0 verde. Inoltre, l&#8217;elettricit\u00e0 pu\u00f2 essere utilizzata per il tuo consumo domestico, riducendo ulteriormente i costi dell&#8217;elettricit\u00e0 e aumentando la tua indipendenza dalla rete elettrica.  <\/p>\n<\/div><\/div>\n\n\n\n<div class=\"wp-block-t3-acc-accordion is-style-default\"><button id=\"accordion-b0a43641-0527-4477-bf49-fe6fe716ef51-button\" class=\"accordion__button\" aria-expanded=\"false\" aria-controls=\"accordion-b0a43641-0527-4477-bf49-fe6fe716ef51-panel\"><h3 data-accordion-title=\"true\" style=\"font-size:var(--step-1)\"><strong><strong><strong><strong><strong><strong><strong>Posso adattare una pensilina solare?<\/strong><\/strong><\/strong><\/strong><\/strong><\/strong><\/strong><\/h3><\/button><div id=\"accordion-b0a43641-0527-4477-bf49-fe6fe716ef51-panel\" class=\"accordion__panel\" role=\"region\" aria-labelledby=\"accordion-b0a43641-0527-4477-bf49-fe6fe716ef51-button\">\n<p>In linea di principio, \u00e8 possibile integrare i moduli fotovoltaici nelle pensiline esistenti, a condizione che le condizioni strutturali siano corrette e che la statica sia adeguata.<\/p>\n\n\n\n<p>Leeb offre anche la possibilit\u00e0 di installare moduli fotovoltaici su pensiline esistenti, a condizione che la struttura sia adatta. Una progettazione personalizzata da parte di Leeb assicura che il retrofit sia realizzato nel miglior modo possibile dal punto di vista tecnico e visivo. In alternativa, le pensiline Leeb sono disponibili anche senza moduli fotovoltaici, che possono essere aggiunti in un secondo momento.  <\/p>\n<\/div><\/div>\n<\/div>\n<\/div>\n<\/section>\n\n<section class=\"wp-block-group alignfull has-white-background-color has-background has-global-padding is-layout-constrained wp-container-core-group-is-layout-52f96efc wp-block-group-is-layout-constrained\">\n<div class=\"wp-block-group o-grid u-md-1 is-layout-flow wp-block-group-is-layout-flow\" style=\"padding-top:0\">\n<div class=\"wp-block-group u-g-9 u-g-s-2 is-layout-flow wp-block-group-is-layout-flow\" style=\"margin-bottom:var(--wp--preset--spacing--m)\">\n<h2 class=\"wp-block-heading\">Impronte di carport solari<\/h2>\n\n\n\n<p><span class=\"teaser\"><span class=\"teaser\">Lasciati ispirare dalle possibilit\u00e0 di design dei nostri carport solari.<\/span><\/span><\/p>\n<\/div>\n<\/div>\n\n\n    <div id=\"t3-lg-block-1\" class=\"wp-block-t3-lightgallery\" data-initial-count=\"9\">\n      <div class=\"lg-container u-grid-temp has-3-cols\">\n                  <div class=\"lg-item\" data-src=\"https:\/\/www.leeb-balkone.com\/app\/uploads\/2022\/07\/Solarcarport-mit-zwei-Autos-Ansicht-von-schraeg-unten-scaled.jpg\"\n              data-sub-html=\"&lt;p&gt;Ansicht eines Solarcarports mit zwei Autos von schr\u00e4g vorne&lt;\/p&gt;\">\n            <div class=\"img-wrapper\">\n                <figure>\n                    <img loading=\"lazy\" decoding=\"async\" width=\"300\" height=\"214\" src=\"https:\/\/www.leeb-balkone.com\/app\/uploads\/2022\/07\/Solarcarport-mit-zwei-Autos-Ansicht-von-schraeg-unten-300x214.jpg\" class=\"attachment-medium size-medium\" alt=\"Ansicht eines Solarcarports mit zwei Autos von schr\u00e4g vorne\" srcset=\"https:\/\/www.leeb-balkone.com\/app\/uploads\/2022\/07\/Solarcarport-mit-zwei-Autos-Ansicht-von-schraeg-unten-300x214.jpg 300w, https:\/\/www.leeb-balkone.com\/app\/uploads\/2022\/07\/Solarcarport-mit-zwei-Autos-Ansicht-von-schraeg-unten-1024x731.jpg 1024w, https:\/\/www.leeb-balkone.com\/app\/uploads\/2022\/07\/Solarcarport-mit-zwei-Autos-Ansicht-von-schraeg-unten-768x549.jpg 768w, https:\/\/www.leeb-balkone.com\/app\/uploads\/2022\/07\/Solarcarport-mit-zwei-Autos-Ansicht-von-schraeg-unten-1536x1097.jpg 1536w, https:\/\/www.leeb-balkone.com\/app\/uploads\/2022\/07\/Solarcarport-mit-zwei-Autos-Ansicht-von-schraeg-unten-2048x1463.jpg 2048w\" sizes=\"auto, (min-width: 1200px) 260px, (min-width: 1024px) 220px, (min-width: 640px) 465px, 768px\" \/>    \n                <\/figure>\n                        <\/div>\n            <p>Ansicht eines Solarcarports mit zwei Autos von schr\u00e4g vorne<\/p>        <\/div>\n                  <div class=\"lg-item\" data-src=\"https:\/\/www.leeb-balkone.com\/app\/uploads\/2022\/07\/solarcarport-alu-pv-solar-carport-holzhaus-fassade-aluminium-sonnenenergie-scaled.jpg\"\n              data-sub-html=\"&lt;p&gt;Carport doppio solare indipendente&lt;\/p&gt;\">\n            <div class=\"img-wrapper\">\n                <figure>\n                    <img loading=\"lazy\" decoding=\"async\" width=\"300\" height=\"201\" src=\"https:\/\/www.leeb-balkone.com\/app\/uploads\/2022\/07\/solarcarport-alu-pv-solar-carport-holzhaus-fassade-aluminium-sonnenenergie-300x201.jpg\" class=\"attachment-medium size-medium\" alt=\"Moderner Solar Doppel-Carport von Leeb in gelungener Symbiose mit rustikalem Haus\" srcset=\"https:\/\/www.leeb-balkone.com\/app\/uploads\/2022\/07\/solarcarport-alu-pv-solar-carport-holzhaus-fassade-aluminium-sonnenenergie-300x201.jpg 300w, https:\/\/www.leeb-balkone.com\/app\/uploads\/2022\/07\/solarcarport-alu-pv-solar-carport-holzhaus-fassade-aluminium-sonnenenergie-1024x686.jpg 1024w, https:\/\/www.leeb-balkone.com\/app\/uploads\/2022\/07\/solarcarport-alu-pv-solar-carport-holzhaus-fassade-aluminium-sonnenenergie-768x515.jpg 768w, https:\/\/www.leeb-balkone.com\/app\/uploads\/2022\/07\/solarcarport-alu-pv-solar-carport-holzhaus-fassade-aluminium-sonnenenergie-1536x1029.jpg 1536w, https:\/\/www.leeb-balkone.com\/app\/uploads\/2022\/07\/solarcarport-alu-pv-solar-carport-holzhaus-fassade-aluminium-sonnenenergie-2048x1372.jpg 2048w\" sizes=\"auto, (min-width: 1200px) 260px, (min-width: 1024px) 220px, (min-width: 640px) 465px, 768px\" \/>    \n                <\/figure>\n                        <\/div>\n            <p>Carport doppio solare indipendente<\/p>        <\/div>\n                  <div class=\"lg-item\" data-src=\"https:\/\/www.leeb-balkone.com\/app\/uploads\/2022\/07\/solarcarport-carport-solar-pv-module-aluminium-glas-ueberdachung-scaled.jpg\"\n              data-sub-html=\"&lt;p&gt;Solar carport (top view)&lt;\/p&gt;\">\n            <div class=\"img-wrapper\">\n                <figure>\n                    <img loading=\"lazy\" decoding=\"async\" width=\"300\" height=\"200\" src=\"https:\/\/www.leeb-balkone.com\/app\/uploads\/2022\/07\/solarcarport-carport-solar-pv-module-aluminium-glas-ueberdachung-300x200.jpg\" class=\"attachment-medium size-medium\" alt=\"Solarcarport (Doppelcarport), Ansicht der Carport \u00dcberdachung mit PV Modulen von oben\" srcset=\"https:\/\/www.leeb-balkone.com\/app\/uploads\/2022\/07\/solarcarport-carport-solar-pv-module-aluminium-glas-ueberdachung-300x200.jpg 300w, https:\/\/www.leeb-balkone.com\/app\/uploads\/2022\/07\/solarcarport-carport-solar-pv-module-aluminium-glas-ueberdachung-1024x683.jpg 1024w, https:\/\/www.leeb-balkone.com\/app\/uploads\/2022\/07\/solarcarport-carport-solar-pv-module-aluminium-glas-ueberdachung-768x512.jpg 768w, https:\/\/www.leeb-balkone.com\/app\/uploads\/2022\/07\/solarcarport-carport-solar-pv-module-aluminium-glas-ueberdachung-1536x1024.jpg 1536w, https:\/\/www.leeb-balkone.com\/app\/uploads\/2022\/07\/solarcarport-carport-solar-pv-module-aluminium-glas-ueberdachung-2048x1365.jpg 2048w\" sizes=\"auto, (min-width: 1200px) 260px, (min-width: 1024px) 220px, (min-width: 640px) 465px, 768px\" \/>    \n                <\/figure>\n                        <\/div>\n            <p>Solar carport (top view)<\/p>        <\/div>\n                  <div class=\"lg-item\" data-src=\"https:\/\/www.leeb-balkone.com\/app\/uploads\/2022\/07\/solarcarport-pv-ueberdachung-sonnenergie-photovoltaik-stellplatz-auto-scaled.jpg\"\n              data-sub-html=\"&lt;p&gt;Solar Carport f\u00fcr zwei Autos (Doppelcarport \u00dcberdachung mit PV Modulen)&lt;\/p&gt;\">\n            <div class=\"img-wrapper\">\n                <figure>\n                    <img loading=\"lazy\" decoding=\"async\" width=\"300\" height=\"200\" src=\"https:\/\/www.leeb-balkone.com\/app\/uploads\/2022\/07\/solarcarport-pv-ueberdachung-sonnenergie-photovoltaik-stellplatz-auto-300x200.jpg\" class=\"attachment-medium size-medium\" alt=\"Solar Carport f\u00fcr zwei Autos (Doppelcarport \u00dcberdachung mit PV Modulen)\" srcset=\"https:\/\/www.leeb-balkone.com\/app\/uploads\/2022\/07\/solarcarport-pv-ueberdachung-sonnenergie-photovoltaik-stellplatz-auto-300x200.jpg 300w, https:\/\/www.leeb-balkone.com\/app\/uploads\/2022\/07\/solarcarport-pv-ueberdachung-sonnenergie-photovoltaik-stellplatz-auto-1024x683.jpg 1024w, https:\/\/www.leeb-balkone.com\/app\/uploads\/2022\/07\/solarcarport-pv-ueberdachung-sonnenergie-photovoltaik-stellplatz-auto-768x512.jpg 768w, https:\/\/www.leeb-balkone.com\/app\/uploads\/2022\/07\/solarcarport-pv-ueberdachung-sonnenergie-photovoltaik-stellplatz-auto-1536x1024.jpg 1536w, https:\/\/www.leeb-balkone.com\/app\/uploads\/2022\/07\/solarcarport-pv-ueberdachung-sonnenergie-photovoltaik-stellplatz-auto-2048x1366.jpg 2048w\" sizes=\"auto, (min-width: 1200px) 260px, (min-width: 1024px) 220px, (min-width: 640px) 465px, 768px\" \/>    \n                <\/figure>\n                        <\/div>\n            <p>Solar Carport f\u00fcr zwei Autos (Doppelcarport \u00dcberdachung mit PV Modulen)<\/p>        <\/div>\n                  <div class=\"lg-item\" data-src=\"https:\/\/www.leeb-balkone.com\/app\/uploads\/2022\/07\/Carport_Doppel_Solar-01-scaled.jpg\"\n              data-sub-html=\"\">\n            <div class=\"img-wrapper\">\n                <figure>\n                    <img loading=\"lazy\" decoding=\"async\" width=\"300\" height=\"224\" src=\"https:\/\/www.leeb-balkone.com\/app\/uploads\/2022\/07\/Carport_Doppel_Solar-01-300x224.jpg\" class=\"attachment-medium size-medium\" alt=\"Solar Carport mit PV-Modulen - Carport Solaranlage mit Leeb\" srcset=\"https:\/\/www.leeb-balkone.com\/app\/uploads\/2022\/07\/Carport_Doppel_Solar-01-300x224.jpg 300w, https:\/\/www.leeb-balkone.com\/app\/uploads\/2022\/07\/Carport_Doppel_Solar-01-1024x765.jpg 1024w, https:\/\/www.leeb-balkone.com\/app\/uploads\/2022\/07\/Carport_Doppel_Solar-01-768x574.jpg 768w, https:\/\/www.leeb-balkone.com\/app\/uploads\/2022\/07\/Carport_Doppel_Solar-01-1536x1147.jpg 1536w, https:\/\/www.leeb-balkone.com\/app\/uploads\/2022\/07\/Carport_Doppel_Solar-01-2048x1529.jpg 2048w\" sizes=\"auto, (min-width: 1200px) 260px, (min-width: 1024px) 220px, (min-width: 640px) 465px, 768px\" \/>    \n                <\/figure>\n                        <\/div>\n                    <\/div>\n                  <div class=\"lg-item\" data-src=\"https:\/\/www.leeb-balkone.com\/app\/uploads\/2022\/07\/Carport_Doppel_Solar-03-1-scaled.jpg\"\n              data-sub-html=\"&lt;p&gt;Leeb Carport mit Solarmodulen&lt;\/p&gt;\">\n            <div class=\"img-wrapper\">\n                <figure>\n                    <img loading=\"lazy\" decoding=\"async\" width=\"300\" height=\"224\" src=\"https:\/\/www.leeb-balkone.com\/app\/uploads\/2022\/07\/Carport_Doppel_Solar-03-1-300x224.jpg\" class=\"attachment-medium size-medium\" alt=\"Leeb Carport mit Solarmodulen\" srcset=\"https:\/\/www.leeb-balkone.com\/app\/uploads\/2022\/07\/Carport_Doppel_Solar-03-1-300x224.jpg 300w, https:\/\/www.leeb-balkone.com\/app\/uploads\/2022\/07\/Carport_Doppel_Solar-03-1-1024x765.jpg 1024w, https:\/\/www.leeb-balkone.com\/app\/uploads\/2022\/07\/Carport_Doppel_Solar-03-1-768x574.jpg 768w, https:\/\/www.leeb-balkone.com\/app\/uploads\/2022\/07\/Carport_Doppel_Solar-03-1-1536x1147.jpg 1536w, https:\/\/www.leeb-balkone.com\/app\/uploads\/2022\/07\/Carport_Doppel_Solar-03-1-2048x1529.jpg 2048w\" sizes=\"auto, (min-width: 1200px) 260px, (min-width: 1024px) 220px, (min-width: 640px) 465px, 768px\" \/>    \n                <\/figure>\n                        <\/div>\n            <p>Leeb Carport mit Solarmodulen<\/p>        <\/div>\n                  <div class=\"lg-item\" data-src=\"https:\/\/www.leeb-balkone.com\/app\/uploads\/2022\/07\/Carport_Doppel_Solar-04-1-scaled.jpg\"\n              data-sub-html=\"&lt;p&gt;Doppelcarport Solar von Leeb&lt;\/p&gt;\">\n            <div class=\"img-wrapper\">\n                <figure>\n                    <img loading=\"lazy\" decoding=\"async\" width=\"300\" height=\"224\" src=\"https:\/\/www.leeb-balkone.com\/app\/uploads\/2022\/07\/Carport_Doppel_Solar-04-1-300x224.jpg\" class=\"attachment-medium size-medium\" alt=\"Doppelcarport Solar von Leeb\" srcset=\"https:\/\/www.leeb-balkone.com\/app\/uploads\/2022\/07\/Carport_Doppel_Solar-04-1-300x224.jpg 300w, https:\/\/www.leeb-balkone.com\/app\/uploads\/2022\/07\/Carport_Doppel_Solar-04-1-1024x765.jpg 1024w, https:\/\/www.leeb-balkone.com\/app\/uploads\/2022\/07\/Carport_Doppel_Solar-04-1-768x574.jpg 768w, https:\/\/www.leeb-balkone.com\/app\/uploads\/2022\/07\/Carport_Doppel_Solar-04-1-1536x1147.jpg 1536w, https:\/\/www.leeb-balkone.com\/app\/uploads\/2022\/07\/Carport_Doppel_Solar-04-1-2048x1529.jpg 2048w\" sizes=\"auto, (min-width: 1200px) 260px, (min-width: 1024px) 220px, (min-width: 640px) 465px, 768px\" \/>    \n                <\/figure>\n                        <\/div>\n            <p>Doppelcarport Solar von Leeb<\/p>        <\/div>\n                <\/div>\n\n          <\/div>\n    <\/section>\n\n<section class=\"wp-block-group alignfull has-white-background-color has-background has-global-padding is-layout-constrained wp-container-core-group-is-layout-9fa1424c wp-block-group-is-layout-constrained\" style=\"padding-top:0\">\n<div class=\"wp-block-columns is-style-offset m-split is-layout-flex wp-container-core-columns-is-layout-28f84493 wp-block-columns-is-layout-flex\">\n<div class=\"wp-block-column is-layout-flow wp-block-column-is-layout-flow\"><div class=\"vp-map-wrapper vp-map-ratio-19-1\"><img decoding=\"async\" width=\"2000\" height=\"1132\" src=\"https:\/\/www.leeb-balkone.com\/app\/uploads\/2026\/03\/map-it.jpg\" class=\"attachment-full size-full\" alt=\"Mappa italiana: Partner commerciali (puntine arancioni) e showroom\/sedi (puntine verdi) di Leeb Balkone GmbH in Italia\" style=\"width:100%;height:100%;object-fit:cover;display:block;\" loading=\"lazy\" srcset=\"https:\/\/www.leeb-balkone.com\/app\/uploads\/2026\/03\/map-it.jpg 2000w, https:\/\/www.leeb-balkone.com\/app\/uploads\/2026\/03\/map-it-300x170.jpg 300w, https:\/\/www.leeb-balkone.com\/app\/uploads\/2026\/03\/map-it-1024x580.jpg 1024w, https:\/\/www.leeb-balkone.com\/app\/uploads\/2026\/03\/map-it-768x435.jpg 768w, https:\/\/www.leeb-balkone.com\/app\/uploads\/2026\/03\/map-it-1536x869.jpg 1536w\" sizes=\"auto, (min-width: 1536px) 2048px, (min-width: 992px) 1536px, (min-width: 768px) 1024px, (min-width: 576px) 768px, 100vw\" \/><\/div>\n<\/div>\n\n\n\n<div class=\"wp-block-column is-vertically-aligned-center is-style-overlay-content is-layout-flow wp-block-column-is-layout-flow\">\n<div class=\"wp-block-group is-vertical is-layout-flex wp-container-core-group-is-layout-bd7877ba wp-block-group-is-layout-flex\">\n<h2 class=\"wp-block-heading has-step-2-font-size\">Partner commerciale Italia<\/h2>\n\n\n\n<p>Partner LEEB competenti nella tua regione. Consulenza personalizzata, progettazione accurata e installazione professionale &#8211; Italia. <\/p>\n\n\n\n<div class=\"wp-block-buttons is-layout-flex wp-block-buttons-is-layout-flex\" style=\"margin-top:var(--wp--preset--spacing--2-xs)\">\n<div class=\"wp-block-button is-style-cta\"><a class=\"wp-block-button__link has-transparent-background-color has-background wp-element-button\" href=\"https:\/\/www.leeb-balkone.com\/it\/partner-commerciali\/\">Trova un partner di vendita<span class=\"sr-only\"> Partner di vendita Leeb Balconi Italia<\/span><\/a><\/div>\n<\/div>\n<\/div>\n<\/div>\n<\/div>\n<\/section>\n\n<section class=\"wp-block-group alignfull has-light-gray-background-color has-background has-global-padding is-layout-constrained wp-container-core-group-is-layout-52f96efc wp-block-group-is-layout-constrained\" id=\"beratungstermin\">\n<div class=\"wp-block-group m-teaser o-grid u-md-1 is-layout-flow wp-block-group-is-layout-flow\">\n<div class=\"wp-block-group u-g-7 u-g-s-2 is-layout-flow wp-block-group-is-layout-flow\" style=\"margin-bottom:var(--wp--preset--spacing--s)\">\n<h2 class=\"wp-block-heading\">Mettiti in contatto con noi<\/h2>\n\n\n\n<p><strong><strong>C&#8217;\u00e8 sempre un partner Leeb vicino a te: 80 partner in Austria, Germania, Italia, Francia, Svizzera e Slovenia.<\/strong><\/strong><\/p>\n<\/div>\n<\/div>\n\n\n\n<div class=\"wp-block-group m-teaser o-grid u-md-1 is-layout-flow wp-block-group-is-layout-flow\">\n<div class=\"wp-block-group u-g-7 u-g-s-2 is-layout-flow wp-block-group-is-layout-flow\" style=\"margin-bottom:var(--wp--preset--spacing--s)\"><form action=\"https:\/\/www.leeb-balkone.com\/it\/wp-json\/ws-form\/v1\/submit\" class=\"wsf-form wsf-form-canvas\" id=\"ws-form-1\" data-id=\"8\" data-instance-id=\"1\" method=\"POST\"><\/form>\n<\/div>\n\n\n\n<div class=\"wp-block-group u-g-3 u-g-s-9 is-layout-flow wp-block-group-is-layout-flow\"><div class=\"t3-sidebar-buttons wp-block-buttons is-layout-flex wp-block-buttons-is-layout-flex\"><div class=\"wp-block-button is-style-fill icon-book icon-left\">\n                        <a class=\"wp-block-button__link has-secondary-color has-white-background-color has-text-color has-background has-link-color wp-element-button\" href=\"https:\/\/www.leeb-balkone.com\/it\/contatti\/richiesta-catalogo\/\" style=\"box-shadow:var(--wp--preset--shadow--box-shadow)\">Richiesta catalogo<\/a>\n                    <\/div><div class=\"wp-block-button is-style-fill icon-phone-new icon-left\">\n                        <a class=\"wp-block-button__link has-secondary-color has-white-background-color has-text-color has-background has-link-color wp-element-button\" href=\"tel:+393711472844\">Telefono Italia <span class=\"sr-only\"> Telefono: +39 371 1472844<\/span><\/a>\n                    <\/div><\/div>\n<\/div>\n<\/div>\n<\/section>\n\n<p><\/p>\n","protected":false},"excerpt":{"rendered":"","protected":false},"author":4,"featured_media":0,"parent":155408,"menu_order":77,"comment_status":"closed","ping_status":"closed","template":"template-onepager.blade.php","meta":{"_acf_changed":false,"footnotes":"","_sage_theme_css":true,"_wp_block_core_css":true},"folder":[250],"class_list":["post-163730","page","type-page","status-publish","hentry"],"acf":[],"yoast_head":"<!-- This site is optimized with the Yoast SEO plugin v27.2 - https:\/\/yoast.com\/product\/yoast-seo-wordpress\/ -->\n<title>Carport fotovoltaico - BALCONI LEEB Italia<\/title>\n<meta name=\"description\" content=\"La pensilina solare Leeb \u00e8 una soluzione innovativa dotata di moduli fotovoltaici (PV) di alta qualit\u00e0 che non solo proteggono il tuo veicolo ma generano\" \/>\n<meta name=\"robots\" content=\"index, follow, max-snippet:-1, max-image-preview:large, max-video-preview:-1\" \/>\n<meta property=\"og:locale\" content=\"it_IT\" \/>\n<meta property=\"og:type\" content=\"article\" \/>\n<meta property=\"og:title\" content=\"Carport fotovoltaico - BALCONI LEEB\" \/>\n<meta property=\"og:description\" content=\"La pensilina solare Leeb \u00e8 una soluzione innovativa dotata di moduli fotovoltaici (PV) di alta qualit\u00e0 che non solo proteggono il tuo veicolo ma generano\" \/>\n<meta property=\"og:url\" content=\"https:\/\/www.leeb-balkone.com\/it\/fotovoltaico\/carport-fotovoltaico\/\" \/>\n<meta property=\"og:site_name\" content=\"BALCONI LEEB\" \/>\n<meta property=\"article:publisher\" content=\"https:\/\/www.facebook.com\/balkone\/\" \/>\n<meta property=\"article:modified_time\" content=\"2026-01-28T18:52:21+00:00\" \/>\n<meta property=\"og:image\" content=\"https:\/\/www.leeb-balkone.com\/app\/uploads\/2022\/07\/Solarcarport-mit-zwei-Autos-Ansicht-von-schraeg-unten-1024x731.jpg\" \/>\n<meta name=\"twitter:card\" content=\"summary_large_image\" \/>\n<script type=\"application\/ld+json\" class=\"yoast-schema-graph\">{\"@context\":\"https:\/\/schema.org\",\"@graph\":[{\"@type\":\"WebPage\",\"@id\":\"https:\/\/www.leeb-balkone.com\/it\/fotovoltaico\/carport-fotovoltaico\/\",\"url\":\"https:\/\/www.leeb-balkone.com\/it\/fotovoltaico\/carport-fotovoltaico\/\",\"name\":\"Carport fotovoltaico - BALCONI LEEB\",\"isPartOf\":{\"@id\":\"https:\/\/www.leeb-balkone.com\/it\/#website\"},\"primaryImageOfPage\":{\"@id\":\"https:\/\/www.leeb-balkone.com\/it\/fotovoltaico\/carport-fotovoltaico\/#primaryimage\"},\"image\":{\"@id\":\"https:\/\/www.leeb-balkone.com\/it\/fotovoltaico\/carport-fotovoltaico\/#primaryimage\"},\"thumbnailUrl\":\"https:\/\/www.leeb-balkone.com\/app\/uploads\/2022\/07\/Solarcarport-mit-zwei-Autos-Ansicht-von-schraeg-unten-1024x731.jpg\",\"datePublished\":\"2026-01-28T18:47:11+00:00\",\"dateModified\":\"2026-01-28T18:52:21+00:00\",\"description\":\"La pensilina solare Leeb \u00e8 una soluzione innovativa dotata di moduli fotovoltaici (PV) di alta qualit\u00e0 che non solo proteggono il tuo veicolo ma generano\",\"breadcrumb\":{\"@id\":\"https:\/\/www.leeb-balkone.com\/it\/fotovoltaico\/carport-fotovoltaico\/#breadcrumb\"},\"inLanguage\":\"it-IT\",\"potentialAction\":[{\"@type\":\"ReadAction\",\"target\":[\"https:\/\/www.leeb-balkone.com\/it\/fotovoltaico\/carport-fotovoltaico\/\"]}]},{\"@type\":\"ImageObject\",\"inLanguage\":\"it-IT\",\"@id\":\"https:\/\/www.leeb-balkone.com\/it\/fotovoltaico\/carport-fotovoltaico\/#primaryimage\",\"url\":\"https:\/\/www.leeb-balkone.com\/app\/uploads\/2022\/07\/Solarcarport-mit-zwei-Autos-Ansicht-von-schraeg-unten-1024x731.jpg\",\"contentUrl\":\"https:\/\/www.leeb-balkone.com\/app\/uploads\/2022\/07\/Solarcarport-mit-zwei-Autos-Ansicht-von-schraeg-unten-1024x731.jpg\"},{\"@type\":\"BreadcrumbList\",\"@id\":\"https:\/\/www.leeb-balkone.com\/it\/fotovoltaico\/carport-fotovoltaico\/#breadcrumb\",\"itemListElement\":[{\"@type\":\"ListItem\",\"position\":1,\"name\":\"Home\",\"item\":\"https:\/\/www.leeb-balkone.com\/it\/\"},{\"@type\":\"ListItem\",\"position\":2,\"name\":\"Prodotti solari\",\"item\":\"https:\/\/www.leeb-balkone.com\/it\/fotovoltaico\/\"},{\"@type\":\"ListItem\",\"position\":3,\"name\":\"Carport fotovoltaico\"}]},{\"@type\":\"WebSite\",\"@id\":\"https:\/\/www.leeb-balkone.com\/it\/#website\",\"url\":\"https:\/\/www.leeb-balkone.com\/it\/\",\"name\":\"BALCONI LEEB\",\"description\":\"Balkone und Z\u00e4une\",\"publisher\":{\"@id\":\"https:\/\/www.leeb-balkone.com\/it\/#organization\"},\"potentialAction\":[{\"@type\":\"SearchAction\",\"target\":{\"@type\":\"EntryPoint\",\"urlTemplate\":\"https:\/\/www.leeb-balkone.com\/it\/?s={search_term_string}\"},\"query-input\":{\"@type\":\"PropertyValueSpecification\",\"valueRequired\":true,\"valueName\":\"search_term_string\"}}],\"inLanguage\":\"it-IT\"},{\"@type\":\"Organization\",\"@id\":\"https:\/\/www.leeb-balkone.com\/it\/#organization\",\"name\":\"Leeb Balkone Gmbh\",\"url\":\"https:\/\/www.leeb-balkone.com\/it\/\",\"logo\":{\"@type\":\"ImageObject\",\"inLanguage\":\"it-IT\",\"@id\":\"https:\/\/www.leeb-balkone.com\/it\/#\/schema\/logo\/image\/\",\"url\":\"https:\/\/www.leeb-balkone.com\/app\/uploads\/2020\/11\/leeb-logo.svg\",\"contentUrl\":\"https:\/\/www.leeb-balkone.com\/app\/uploads\/2020\/11\/leeb-logo.svg\",\"width\":741,\"height\":204,\"caption\":\"Leeb Balkone Gmbh\"},\"image\":{\"@id\":\"https:\/\/www.leeb-balkone.com\/it\/#\/schema\/logo\/image\/\"},\"sameAs\":[\"https:\/\/www.facebook.com\/balkone\/\",\"https:\/\/www.trustedshops.at\/bewertung\/info_X4587CCF5833E31AFE0B11F47D86999F2.html\",\"https:\/\/www.trustedshops.de\/bewertung\/info_X7BA536A7A0BDC86D36C4718E4DCAEEEF.html\",\"https:\/\/www.google.com\/maps\/place\/?q=place_id:ChIJ5-zH19-IcEcR9HonWRTllHI\"]}]}<\/script>\n<!-- \/ Yoast SEO plugin. -->","yoast_head_json":{"title":"Carport fotovoltaico - BALCONI LEEB Italia","description":"La pensilina solare Leeb \u00e8 una soluzione innovativa dotata di moduli fotovoltaici (PV) di alta qualit\u00e0 che non solo proteggono il tuo veicolo ma generano","robots":{"index":"index","follow":"follow","max-snippet":"max-snippet:-1","max-image-preview":"max-image-preview:large","max-video-preview":"max-video-preview:-1"},"og_locale":"it_IT","og_type":"article","og_title":"Carport fotovoltaico - BALCONI LEEB","og_description":"La pensilina solare Leeb \u00e8 una soluzione innovativa dotata di moduli fotovoltaici (PV) di alta qualit\u00e0 che non solo proteggono il tuo veicolo ma generano","og_url":"https:\/\/www.leeb-balkone.com\/it\/fotovoltaico\/carport-fotovoltaico\/","og_site_name":"BALCONI LEEB","article_publisher":"https:\/\/www.facebook.com\/balkone\/","article_modified_time":"2026-01-28T18:52:21+00:00","og_image":[{"url":"https:\/\/www.leeb-balkone.com\/app\/uploads\/2022\/07\/Solarcarport-mit-zwei-Autos-Ansicht-von-schraeg-unten-1024x731.jpg","type":"","width":"","height":""}],"twitter_card":"summary_large_image","schema":{"@context":"https:\/\/schema.org","@graph":[{"@type":"WebPage","@id":"https:\/\/www.leeb-balkone.com\/it\/fotovoltaico\/carport-fotovoltaico\/","url":"https:\/\/www.leeb-balkone.com\/it\/fotovoltaico\/carport-fotovoltaico\/","name":"Carport fotovoltaico - BALCONI LEEB","isPartOf":{"@id":"https:\/\/www.leeb-balkone.com\/it\/#website"},"primaryImageOfPage":{"@id":"https:\/\/www.leeb-balkone.com\/it\/fotovoltaico\/carport-fotovoltaico\/#primaryimage"},"image":{"@id":"https:\/\/www.leeb-balkone.com\/it\/fotovoltaico\/carport-fotovoltaico\/#primaryimage"},"thumbnailUrl":"https:\/\/www.leeb-balkone.com\/app\/uploads\/2022\/07\/Solarcarport-mit-zwei-Autos-Ansicht-von-schraeg-unten-1024x731.jpg","datePublished":"2026-01-28T18:47:11+00:00","dateModified":"2026-01-28T18:52:21+00:00","description":"La pensilina solare Leeb \u00e8 una soluzione innovativa dotata di moduli fotovoltaici (PV) di alta qualit\u00e0 che non solo proteggono il tuo veicolo ma generano","breadcrumb":{"@id":"https:\/\/www.leeb-balkone.com\/it\/fotovoltaico\/carport-fotovoltaico\/#breadcrumb"},"inLanguage":"it-IT","potentialAction":[{"@type":"ReadAction","target":["https:\/\/www.leeb-balkone.com\/it\/fotovoltaico\/carport-fotovoltaico\/"]}]},{"@type":"ImageObject","inLanguage":"it-IT","@id":"https:\/\/www.leeb-balkone.com\/it\/fotovoltaico\/carport-fotovoltaico\/#primaryimage","url":"https:\/\/www.leeb-balkone.com\/app\/uploads\/2022\/07\/Solarcarport-mit-zwei-Autos-Ansicht-von-schraeg-unten-1024x731.jpg","contentUrl":"https:\/\/www.leeb-balkone.com\/app\/uploads\/2022\/07\/Solarcarport-mit-zwei-Autos-Ansicht-von-schraeg-unten-1024x731.jpg"},{"@type":"BreadcrumbList","@id":"https:\/\/www.leeb-balkone.com\/it\/fotovoltaico\/carport-fotovoltaico\/#breadcrumb","itemListElement":[{"@type":"ListItem","position":1,"name":"Home","item":"https:\/\/www.leeb-balkone.com\/it\/"},{"@type":"ListItem","position":2,"name":"Prodotti solari","item":"https:\/\/www.leeb-balkone.com\/it\/fotovoltaico\/"},{"@type":"ListItem","position":3,"name":"Carport fotovoltaico"}]},{"@type":"WebSite","@id":"https:\/\/www.leeb-balkone.com\/it\/#website","url":"https:\/\/www.leeb-balkone.com\/it\/","name":"BALCONI LEEB","description":"Balkone und Z\u00e4une","publisher":{"@id":"https:\/\/www.leeb-balkone.com\/it\/#organization"},"potentialAction":[{"@type":"SearchAction","target":{"@type":"EntryPoint","urlTemplate":"https:\/\/www.leeb-balkone.com\/it\/?s={search_term_string}"},"query-input":{"@type":"PropertyValueSpecification","valueRequired":true,"valueName":"search_term_string"}}],"inLanguage":"it-IT"},{"@type":"Organization","@id":"https:\/\/www.leeb-balkone.com\/it\/#organization","name":"Leeb Balkone Gmbh","url":"https:\/\/www.leeb-balkone.com\/it\/","logo":{"@type":"ImageObject","inLanguage":"it-IT","@id":"https:\/\/www.leeb-balkone.com\/it\/#\/schema\/logo\/image\/","url":"https:\/\/www.leeb-balkone.com\/app\/uploads\/2020\/11\/leeb-logo.svg","contentUrl":"https:\/\/www.leeb-balkone.com\/app\/uploads\/2020\/11\/leeb-logo.svg","width":741,"height":204,"caption":"Leeb Balkone Gmbh"},"image":{"@id":"https:\/\/www.leeb-balkone.com\/it\/#\/schema\/logo\/image\/"},"sameAs":["https:\/\/www.facebook.com\/balkone\/","https:\/\/www.trustedshops.at\/bewertung\/info_X4587CCF5833E31AFE0B11F47D86999F2.html","https:\/\/www.trustedshops.de\/bewertung\/info_X7BA536A7A0BDC86D36C4718E4DCAEEEF.html","https:\/\/www.google.com\/maps\/place\/?q=place_id:ChIJ5-zH19-IcEcR9HonWRTllHI"]}]}},"_links":{"self":[{"href":"https:\/\/www.leeb-balkone.com\/it\/wp-json\/wp\/v2\/pages\/163730","targetHints":{"allow":["GET"]}}],"collection":[{"href":"https:\/\/www.leeb-balkone.com\/it\/wp-json\/wp\/v2\/pages"}],"about":[{"href":"https:\/\/www.leeb-balkone.com\/it\/wp-json\/wp\/v2\/types\/page"}],"author":[{"embeddable":true,"href":"https:\/\/www.leeb-balkone.com\/it\/wp-json\/wp\/v2\/users\/4"}],"replies":[{"embeddable":true,"href":"https:\/\/www.leeb-balkone.com\/it\/wp-json\/wp\/v2\/comments?post=163730"}],"version-history":[{"count":3,"href":"https:\/\/www.leeb-balkone.com\/it\/wp-json\/wp\/v2\/pages\/163730\/revisions"}],"predecessor-version":[{"id":163750,"href":"https:\/\/www.leeb-balkone.com\/it\/wp-json\/wp\/v2\/pages\/163730\/revisions\/163750"}],"up":[{"embeddable":true,"href":"https:\/\/www.leeb-balkone.com\/it\/wp-json\/wp\/v2\/pages\/155408"}],"wp:attachment":[{"href":"https:\/\/www.leeb-balkone.com\/it\/wp-json\/wp\/v2\/media?parent=163730"}],"wp:term":[{"taxonomy":"folder","embeddable":true,"href":"https:\/\/www.leeb-balkone.com\/it\/wp-json\/wp\/v2\/folder?post=163730"}],"curies":[{"name":"wp","href":"https:\/\/api.w.org\/{rel}","templated":true}]}}