{"id":163719,"date":"2026-01-28T18:34:03","date_gmt":"2026-01-28T18:34:03","guid":{"rendered":"https:\/\/www.leeb-balkone.com\/fotovoltaico\/balcone-solare\/"},"modified":"2026-03-19T13:12:28","modified_gmt":"2026-03-19T13:12:28","slug":"balcone-fotovoltaico","status":"publish","type":"page","link":"https:\/\/www.leeb-balkone.com\/it\/fotovoltaico\/balcone-fotovoltaico\/","title":{"rendered":"Balcone Fotovoltaico"},"content":{"rendered":"\n<section class=\"wp-block-group alignfull t3-header t3-header-splitscreen t3-splitscreen-shadow h-zi-20 has-light-gray-background-color has-background has-global-padding is-layout-constrained wp-container-core-group-is-layout-f1ad4950 wp-block-group-is-layout-constrained\" style=\"padding-top:0;padding-bottom:0\">\n<div class=\"wp-block-columns h-flx-a-s m-split is-layout-flex wp-container-core-columns-is-layout-28f84493 wp-block-columns-is-layout-flex\">\n<div class=\"wp-block-column is-vertically-aligned-top h-flx-a-s m-split-col-content is-layout-flow wp-block-column-is-layout-flow\"><div class=\"yoast-breadcrumbs\"><span><span><a href=\"https:\/\/www.leeb-balkone.com\/it\/\">Home<\/a><\/span> \/ <span><a href=\"https:\/\/www.leeb-balkone.com\/it\/fotovoltaico\/\">Prodotti solari<\/a><\/span> \/ <span class=\"breadcrumb_last\" aria-current=\"page\">Balcone Fotovoltaico<\/span><\/span><\/div>\n\n<h1 class=\"wp-block-post-title\">Balcone Fotovoltaico<\/h1>\n\n\n<p class=\"has-step-0-font-size\" style=\"margin-bottom:0\">Il Balcone Solare Leeb \u00e8 una soluzione pionieristica con moduli fotovoltaici bifacciali completamente integrati nella ringhiera del balcone, che funzionano in modo efficiente anche in caso di irraggiamento solare piatto o basso grazie alla generazione di energia su entrambi i lati.<\/p>\n\n\n\n<div class=\"wp-block-buttons is-layout-flex wp-block-buttons-is-layout-flex\" style=\"margin-top:var(--wp--preset--spacing--l)\">\n<div class=\"wp-block-button is-style-cta icon-book icon-left\"><a class=\"wp-block-button__link wp-element-button\" href=\"https:\/\/www.leeb-balkone.com\/it\/contatti\/richiesta-catalogo\/\">Richiedi il catalogo<\/a><\/div>\n\n\n\n<div class=\"wp-block-button is-style-cta icon-vp icon-left\"><a class=\"wp-block-button__link wp-element-button\" href=\"https:\/\/www.leeb-balkone.com\/it\/partner-commerciali\/\">Trova una persona di contatto<span class=\"sr-only\"> Italia<\/span><\/a><\/div>\n<\/div>\n<\/div>\n\n\n\n<div class=\"wp-block-column is-vertically-aligned-stretch h-hide-md-down is-style-image-cover is-layout-flow wp-block-column-is-layout-flow\">\n<figure class=\"wp-block-image size-large\"><img loading=\"lazy\" decoding=\"async\" width=\"1024\" height=\"682\" src=\"https:\/\/www.leeb-balkone.com\/app\/uploads\/2020\/07\/solarbalkon-optimus-innenansicht-mit-klarem-glas-1024x682.jpg\" alt=\"solarbalkon optimus innenansicht mit klarem glas\" class=\"wp-image-141668\" srcset=\"https:\/\/www.leeb-balkone.com\/app\/uploads\/2020\/07\/solarbalkon-optimus-innenansicht-mit-klarem-glas-1024x682.jpg 1024w, https:\/\/www.leeb-balkone.com\/app\/uploads\/2020\/07\/solarbalkon-optimus-innenansicht-mit-klarem-glas-300x200.jpg 300w, https:\/\/www.leeb-balkone.com\/app\/uploads\/2020\/07\/solarbalkon-optimus-innenansicht-mit-klarem-glas-768x512.jpg 768w, https:\/\/www.leeb-balkone.com\/app\/uploads\/2020\/07\/solarbalkon-optimus-innenansicht-mit-klarem-glas-1536x1024.jpg 1536w, https:\/\/www.leeb-balkone.com\/app\/uploads\/2020\/07\/solarbalkon-optimus-innenansicht-mit-klarem-glas-2048x1365.jpg 2048w\" sizes=\"auto, (max-width: 1024px) 100vw, 1024px\" \/><\/figure>\n<\/div>\n<\/div>\n<\/section>\n\n<section class=\"wp-block-group alignfull has-white-background-color has-background has-global-padding is-layout-constrained wp-container-core-group-is-layout-52f96efc wp-block-group-is-layout-constrained\" id=\"modelle\">\n<div class=\"wp-block-group m-teaser o-grid u-md-1 is-layout-flow wp-block-group-is-layout-flow\">\n<div class=\"wp-block-group u-g-9 u-g-s-2 is-layout-flow wp-block-group-is-layout-flow\" style=\"margin-bottom:var(--wp--preset--spacing--s)\">\n<p class=\"has-text-align-left\"><em><strong><strong><strong>&#8220;Il balcone solare Leeb ti fornisce energia verde, aumenta la qualit\u00e0 della tua vita e stabilisce nuovi standard per il design sostenibile&#8221;.<\/strong><\/strong><\/strong><\/em><\/p>\n<\/div>\n<\/div>\n\n\n\n<div class=\"wp-block-columns is-layout-flex wp-container-core-columns-is-layout-28f84493 wp-block-columns-is-layout-flex\">\n<div class=\"wp-block-column is-layout-flow wp-block-column-is-layout-flow\" style=\"flex-basis:66.66%\"><div class=\"tgs-gallery\" data-tablet-slides=\"4\" data-desktop-slides=\"5\"><div class=\"t3-tgs swiper mainSlider\">\n                <div class=\"has-icon icon-enlarge\"><\/div>\n                <div class=\"swiper-wrapper lg-swiper\"><div class=\"swiper-slide\"><a href=\"https:\/\/www.leeb-balkone.com\/app\/uploads\/2020\/07\/Solarbalkon-Optimus-und-Carport-mit-Solarpaneelen.jpg\"><img decoding=\"async\" src=\"https:\/\/www.leeb-balkone.com\/app\/uploads\/2020\/07\/Solarbalkon-Optimus-und-Carport-mit-Solarpaneelen.jpg\" alt=\"Haus mit Leeb Balkon- und Terrassen-Gel\u00e4nder sowie Carport-Dach - alles inklusive integrierte PV Module zur Nutzung der Sonnenergie\"><\/a><div class=\"tgs-desc\">Casa con ringhiera per balconi e terrazze Leeb e tettoia per posto auto coperto \u2013 tutto compreso moduli fotovoltaici integrati per lo sfruttamento dell&#039;energia solare<\/div><\/div><div class=\"swiper-slide\"><a href=\"https:\/\/www.leeb-balkone.com\/app\/uploads\/2020\/07\/glasbalkon-ballina-und-solarbalkon-optimus-in-aluminium-anthrazit-scaled.jpg\"><img decoding=\"async\" src=\"https:\/\/www.leeb-balkone.com\/app\/uploads\/2020\/07\/glasbalkon-ballina-und-solarbalkon-optimus-in-aluminium-anthrazit-scaled.jpg\" alt=\"Kombination aus Balkongel\u00e4nder Modell Ballina und Solarbalkon Optimus\"><\/a><div class=\"tgs-desc\">Combinazione di ringhiera per balconi modello Ballina e balcone solare Optimus<\/div><\/div><div class=\"swiper-slide\"><a href=\"https:\/\/www.leeb-balkone.com\/app\/uploads\/2025\/02\/zwei-Module-Uebereinander.png\"><img decoding=\"async\" src=\"https:\/\/www.leeb-balkone.com\/app\/uploads\/2025\/02\/zwei-Module-Uebereinander.png\" alt=\"SOLEEB+ (zwei Speicher gestapelt)\"><\/a><div class=\"tgs-desc\">SOLEEB+ (due accumulatori sovrapposti)<\/div><\/div><div class=\"swiper-slide\"><a href=\"https:\/\/www.leeb-balkone.com\/app\/uploads\/2024\/04\/solar-glas-alu-balkon-10-red-dot-gross-scaled.jpg\"><img decoding=\"async\" src=\"https:\/\/www.leeb-balkone.com\/app\/uploads\/2024\/04\/solar-glas-alu-balkon-10-red-dot-gross-scaled.jpg\" alt=\"Red Dot Design Award Winner 2024 - Solarbalkon von Leeb\"><\/a><div class=\"tgs-desc\">Vincitore del Red Dot Design Award 2024 \u2013 Balcone solare di Leeb<\/div><\/div><div class=\"swiper-slide\"><a href=\"https:\/\/www.leeb-balkone.com\/app\/uploads\/2025\/07\/Soleeb-R1-V2.png\"><img decoding=\"async\" src=\"https:\/\/www.leeb-balkone.com\/app\/uploads\/2025\/07\/Soleeb-R1-V2.png\" alt=\"Soleeb - Balkonkraftwerk Plug and Play-System\"><\/a><div class=\"tgs-desc\">Soleeb \u2013 Impianto fotovoltaico per balconi Sistema plug and play<\/div><\/div><\/div><div class=\"mainSliderPrev\"><\/div><div class=\"mainSliderNext\"><\/div><div class=\"main_slider_dots\"><\/div><\/div><div class=\"swiper thumbSlider\"><div class=\"swiper-wrapper wp-block-t3-carousel-wrapper\"><div class=\"swiper-slide\"><img decoding=\"async\" src=\"https:\/\/www.leeb-balkone.com\/app\/uploads\/2020\/07\/Solarbalkon-Optimus-und-Carport-mit-Solarpaneelen-1024x683.jpg\" alt=\"Haus mit Leeb Balkon- und Terrassen-Gel\u00e4nder sowie Carport-Dach - alles inklusive integrierte PV Module zur Nutzung der Sonnenergie\" \/><\/div><div class=\"swiper-slide\"><img decoding=\"async\" src=\"https:\/\/www.leeb-balkone.com\/app\/uploads\/2020\/07\/glasbalkon-ballina-und-solarbalkon-optimus-in-aluminium-anthrazit-1024x575.jpg\" alt=\"Kombination aus Balkongel\u00e4nder Modell Ballina und Solarbalkon Optimus\" \/><\/div><div class=\"swiper-slide\"><img decoding=\"async\" src=\"https:\/\/www.leeb-balkone.com\/app\/uploads\/2025\/02\/zwei-Module-Uebereinander-1024x768.png\" alt=\"SOLEEB+ (zwei Speicher gestapelt)\" \/><\/div><div class=\"swiper-slide\"><img decoding=\"async\" src=\"https:\/\/www.leeb-balkone.com\/app\/uploads\/2024\/04\/solar-glas-alu-balkon-10-red-dot-gross-1024x768.jpg\" alt=\"Red Dot Design Award Winner 2024 - Solarbalkon von Leeb\" \/><\/div><div class=\"swiper-slide\"><img decoding=\"async\" src=\"https:\/\/www.leeb-balkone.com\/app\/uploads\/2025\/07\/Soleeb-R1-V2-1024x479.png\" alt=\"Soleeb - Balkonkraftwerk Plug and Play-System\" \/><\/div><\/div><div class=\"thumbSliderPrev swiper-button-prev\"><\/div><div class=\"thumbSliderNext swiper-button-next\"><\/div><\/div><\/div><\/div>\n\n\n\n<div class=\"wp-block-column is-layout-flow wp-block-column-is-layout-flow\" style=\"flex-basis:33.33%\">\n<h2 class=\"wp-block-heading has-step-2-font-size\">Ringhiera del balcone in alluminio e vetro con moduli fotovoltaici bifacciali<\/h2>\n\n\n\n<p>Leeb Solar Balcony \u00e8 un innovativo sistema di ringhiera per balconi che integra moduli fotovoltaici di alta qualit\u00e0 nella ringhiera in vetro, combinando cos\u00ec l&#8217;eleganza estetica con un&#8217;efficiente produzione di energia. A differenza delle soluzioni convenzionali, Leeb installa i moduli fotovoltaici direttamente nella ringhiera, garantendo un aspetto particolarmente elegante e un cablaggio interno protetto. <\/p>\n\n\n\n<ul class=\"wp-block-list is-style-checkmark-2\">\n<li>Moduli fotovoltaici bifacciali completamente integrati<\/li>\n\n\n\n<li>Funzionalit\u00e0 plug-and-play<\/li>\n\n\n\n<li>Premio Red Dot &#8211; Design di prodotto<\/li>\n<\/ul>\n<\/div>\n<\/div>\n\n\n\n<div class=\"wp-block-group m-teaser o-grid u-md-1 is-layout-flow wp-block-group-is-layout-flow\" style=\"margin-top:0;padding-top:var(--wp--preset--spacing--xl-2-xl)\">\n<div class=\"wp-block-group u-g-10 u-g-s-2 is-layout-flow wp-block-group-is-layout-flow\" style=\"margin-top:0;margin-bottom:var(--wp--preset--spacing--s)\"><div class=\"wp-block-t3-tabs t3-tabs t3-tabs--centered\" data-uniqueid=\"tabs-8f57f258\" data-use-headings=\"false\" data-heading-level=\"h2\"><ul class=\"t3-tabs__list\" role=\"tablist\"><li role=\"presentation\"><button role=\"tab\" id=\"tabs-8f57f258-tab-0\" aria-controls=\"tabs-8f57f258-panel-0\" class=\"t3-tabs__tab-button t3-tabs__tab-button--active\" aria-selected=\"true\" tabindex=\"0\"><div class=\"t3-tabs__tab-button-inner\"><span class=\"t3-tabs__tab-title\">Struttura e prestazioni<\/span><\/div><\/button><\/li><li role=\"presentation\"><button role=\"tab\" id=\"tabs-8f57f258-tab-1\" aria-controls=\"tabs-8f57f258-panel-1\" class=\"t3-tabs__tab-button\" aria-selected=\"false\" tabindex=\"-1\"><div class=\"t3-tabs__tab-button-inner\"><span class=\"t3-tabs__tab-title\">Caratteristiche tecniche speciali<\/span><\/div><\/button><\/li><li role=\"presentation\"><button role=\"tab\" id=\"tabs-8f57f258-tab-2\" aria-controls=\"tabs-8f57f258-panel-2\" class=\"t3-tabs__tab-button\" aria-selected=\"false\" tabindex=\"-1\"><div class=\"t3-tabs__tab-button-inner\"><span class=\"t3-tabs__tab-title\">Funzione e vantaggi<\/span><\/div><\/button><\/li><\/ul><div class=\"t3-tabs__panels\"><div class=\"t3-tab__content t3-tabs__panel\" role=\"tabpanel\" id=\"tabs-8f57f258-panel-0\" aria-labelledby=\"tabs-8f57f258-tab-0\">\n<p>Trasforma il tuo balcone in una fonte di energia sostenibile: con il Balcone Solare Leeb puoi godere di un design elegante e allo stesso tempo generare la tua elettricit\u00e0, senza compromettere l&#8217;estetica o la funzionalit\u00e0.<\/p>\n\n\n\n<div class=\"wp-block-columns m-split is-style-default is-layout-flex wp-container-core-columns-is-layout-28f84493 wp-block-columns-is-layout-flex\">\n<div class=\"wp-block-column is-style-default is-layout-flow wp-block-column-is-layout-flow\">\n<figure class=\"wp-block-image size-full\"><img loading=\"lazy\" decoding=\"async\" width=\"1280\" height=\"720\" src=\"https:\/\/www.leeb-balkone.com\/app\/uploads\/2025\/07\/B-Solar-Optimus-4.jpg\" alt=\"B Solar Optimus\" class=\"wp-image-150189\" srcset=\"https:\/\/www.leeb-balkone.com\/app\/uploads\/2025\/07\/B-Solar-Optimus-4.jpg 1280w, https:\/\/www.leeb-balkone.com\/app\/uploads\/2025\/07\/B-Solar-Optimus-4-300x169.jpg 300w, https:\/\/www.leeb-balkone.com\/app\/uploads\/2025\/07\/B-Solar-Optimus-4-1024x576.jpg 1024w, https:\/\/www.leeb-balkone.com\/app\/uploads\/2025\/07\/B-Solar-Optimus-4-768x432.jpg 768w\" sizes=\"auto, (max-width: 1280px) 100vw, 1280px\" \/><\/figure>\n<\/div>\n\n\n\n<div class=\"wp-block-column is-vertically-aligned-center is-style-overlay-content is-layout-flow wp-block-column-is-layout-flow\">\n<div class=\"wp-block-group is-vertical is-layout-flex wp-container-core-group-is-layout-6aed0e10 wp-block-group-is-layout-flex\">\n<p class=\"is-style-default\"><strong>Struttura<\/strong><\/p>\n\n\n\n<ul class=\"wp-block-list\">\n<li>Profilo per balaustre 60 x 60<\/li>\n\n\n\n<li>Profilo di supporto per corrimano 40 x 96<\/li>\n\n\n\n<li>Vetro stratificato di sicurezza (VSG)<\/li>\n\n\n\n<li>Potenza del modulo fotovoltaico max. 175 Wp\/ metro lineare di balcone <\/li>\n\n\n\n<li>Modulo fotovoltaico di dimensioni fisse pari a 1200 x 950 mm<\/li>\n\n\n\n<li>Interasse fisso 1205 mm (possibile solo con ferro Leeb)<\/li>\n<\/ul>\n<\/div>\n<\/div>\n<\/div>\n\n\n\n<p class=\"has-step-s-font-size\"><strong>Note<\/strong><\/p>\n\n\n\n<ul class=\"wp-block-list\">\n<li class=\"has-step-s-font-size\">Apertura opzionale, nessuna possibilit\u00e0 di smussatura, moduli collegati in serie (il numero di moduli per stringa \u00e8 limitato)<\/li>\n\n\n\n<li class=\"has-step-s-font-size\">I componenti di controllo aggiuntivi e il collegamento ai sistemi esistenti devono essere eseguiti da uno specialista in loco.<\/li>\n\n\n\n<li class=\"has-step-s-font-size\">Il cablaggio dal balcone all&#8217;inverter, il collegamento all&#8217;inverter e all&#8217;inverter stesso, la messa a terra del balcone e la messa in funzione (collegamento alla rete) devono essere eseguiti in loco.<\/li>\n<\/ul>\n<\/div><div class=\"t3-tab__content t3-tabs__panel\" role=\"tabpanel\" id=\"tabs-8f57f258-panel-1\" aria-labelledby=\"tabs-8f57f258-tab-1\">\n<p>Prova la tecnologia innovativa direttamente sul tuo balcone: il Balcone Solare Leeb convince per i materiali di alta qualit\u00e0, il design sofisticato e la sicurezza testata, per un uso spensierato e duraturo.<\/p>\n\n\n\n<ul class=\"wp-block-list is-style-default\">\n<li>Moduli fotovoltaici resistenti alla grandine e calpestabili<\/li>\n\n\n\n<li>Rivestimento a polvere brevettato ALU COMFORT PLUS\u00ae per resistere agli agenti atmosferici<\/li>\n\n\n\n<li>Moduli bifacciali con diodi di bypass per un rendimento ottimale anche con radiazione solare diffusa<\/li>\n\n\n\n<li>Soluzione plug-and-play con inverter (\u00e8 possibile collegare fino a due moduli direttamente alla presa)<\/li>\n\n\n\n<li>Cablaggio integrato in modo invisibile nel sistema corrimano\/telaio<\/li>\n\n\n\n<li>Servizio completo, dalla progettazione all&#8217;installazione, qualit\u00e0 certificata<\/li>\n<\/ul>\n<\/div><div class=\"t3-tab__content t3-tabs__panel\" role=\"tabpanel\" id=\"tabs-8f57f258-panel-2\" aria-labelledby=\"tabs-8f57f258-tab-2\">\n<div class=\"wp-block-cgb-t3-container-block none\" style=\"background-color:none\"><div class=\"grid-container\"><div class=\"grid-x\"><div class=\"cell small-12 medium-0 large-0\"><\/div><\/div><\/div><\/div>\n\n\n\n<p>Approfitta ogni giorno del tuo balcone solare: riduci i costi dell&#8217;elettricit\u00e0, aumenta il valore della tua propriet\u00e0 e contribuisci attivamente alla protezione del clima, con il minimo sforzo e il massimo comfort.<\/p>\n\n\n\n<ul class=\"wp-block-list\">\n<li>Produzione di energia ecologica direttamente sul balcone<\/li>\n\n\n\n<li>Riduci la bolletta elettrica grazie all&#8217;autoconsumo<\/li>\n\n\n\n<li>Aumentare il valore della propriet\u00e0 attraverso un arredamento sostenibile<\/li>\n\n\n\n<li>Bassa manutenzione ed estrema robustezza<\/li>\n\n\n\n<li>Non sono necessarie modifiche strutturali fino a una certa dimensione (plug-and-play)<\/li>\n<\/ul>\n<\/div><\/div><\/div><\/div>\n<\/div>\n<\/section>\n\n<section class=\"wp-block-cover alignfull is-light katalog-cta\" style=\"margin-top:0;margin-bottom:0;padding-top:0;padding-right:0;padding-bottom:0;padding-left:0;min-height:100px;aspect-ratio:unset;\" id=\"beratungsanfrage\"><img loading=\"lazy\" decoding=\"async\" width=\"2560\" height=\"1707\" class=\"wp-block-cover__image-background wp-image-152954 size-full\" alt=\"Schauraum Leeb Tettnang Florian Keller\" src=\"https:\/\/www.leeb-balkone.com\/app\/uploads\/2025\/04\/Schauraum-Leeb-Tettnang-Florian-Keller-17-scaled.jpg\" style=\"object-position:41% 45%\" data-object-fit=\"cover\" data-object-position=\"41% 45%\" srcset=\"https:\/\/www.leeb-balkone.com\/app\/uploads\/2025\/04\/Schauraum-Leeb-Tettnang-Florian-Keller-17-scaled.jpg 2560w, https:\/\/www.leeb-balkone.com\/app\/uploads\/2025\/04\/Schauraum-Leeb-Tettnang-Florian-Keller-17-300x200.jpg 300w, https:\/\/www.leeb-balkone.com\/app\/uploads\/2025\/04\/Schauraum-Leeb-Tettnang-Florian-Keller-17-1024x683.jpg 1024w, https:\/\/www.leeb-balkone.com\/app\/uploads\/2025\/04\/Schauraum-Leeb-Tettnang-Florian-Keller-17-768x512.jpg 768w, https:\/\/www.leeb-balkone.com\/app\/uploads\/2025\/04\/Schauraum-Leeb-Tettnang-Florian-Keller-17-1536x1024.jpg 1536w, https:\/\/www.leeb-balkone.com\/app\/uploads\/2025\/04\/Schauraum-Leeb-Tettnang-Florian-Keller-17-2048x1366.jpg 2048w\" sizes=\"auto, (max-width: 2560px) 100vw, 2560px\" \/><span aria-hidden=\"true\" class=\"wp-block-cover__background has-primary-45-background-color has-background-dim-80 has-background-dim\"><\/span><div class=\"wp-block-cover__inner-container has-global-padding is-layout-constrained wp-container-core-cover-is-layout-f028c7bd wp-block-cover-is-layout-constrained\">\n<div class=\"wp-block-group is-layout-flow wp-block-group-is-layout-flow\" style=\"min-height:0px;margin-top:0;margin-bottom:0;padding-top:var(--wp--preset--spacing--2-xl);padding-bottom:var(--wp--preset--spacing--2-xl);padding-left:0\">\n<div class=\"wp-block-columns are-vertically-aligned-center is-layout-flex wp-container-core-columns-is-layout-0a4bbf16 wp-block-columns-is-layout-flex\" style=\"margin-top:0;margin-bottom:0\">\n<div class=\"wp-block-column is-vertically-aligned-center is-layout-flow wp-block-column-is-layout-flow\" style=\"flex-basis:66.66%\">\n<h2 class=\"wp-block-heading\">Richiedi un appuntamento di consulenza<\/h2>\n\n\n\n<p class=\"is-style-teaser\">Hai qualche domanda? Mettiti in contatto con noi e utilizza il nostro modulo di contatto. Richiedi subito la tua consulenza personale: il tuo interlocutore sar\u00e0 lieto di fornirti un supporto personalizzato per la pianificazione e la realizzazione del tuo progetto!  <\/p>\n<\/div>\n\n\n\n<div class=\"wp-block-column is-vertically-aligned-center is-layout-flow wp-block-column-is-layout-flow\" style=\"flex-basis:33.33%\">\n<div class=\"wp-block-buttons u-m-jc-left is-content-justification-right is-layout-flex wp-container-core-buttons-is-layout-c060c6c7 wp-block-buttons-is-layout-flex\">\n<div class=\"wp-block-button is-style-filled-white large smooth-scroll\"><a class=\"wp-block-button__link wp-element-button\" href=\"#beratungstermin\" style=\"box-shadow:var(--wp--preset--shadow--button-shadow)\">Richiesta di consulenza<\/a><\/div>\n<\/div>\n<\/div>\n<\/div>\n<\/div>\n<\/div><\/section>\n\n<section class=\"wp-block-group alignfull has-light-gray-background-color has-background has-global-padding is-layout-constrained wp-container-core-group-is-layout-52f96efc wp-block-group-is-layout-constrained\" id=\"service-qualitaet\">\n<div class=\"wp-block-group o-grid u-md-1 is-layout-flow wp-block-group-is-layout-flow\">\n<div class=\"wp-block-group u-g-9 u-g-s-2 is-layout-flow wp-block-group-is-layout-flow\" style=\"margin-bottom:var(--wp--preset--spacing--s)\">\n<h2 class=\"wp-block-heading\"><strong>Balcone solare Leeb<\/strong><\/h2>\n\n\n\n<p><span class=\"teaser\">Un balcone solare di Leeb combina design, funzionalit\u00e0 e sostenibilit\u00e0: per una maggiore indipendenza, efficienza e sostenibilit\u00e0 nel tuo posto al sole preferito.<\/span><\/p>\n\n\n\n<p>Con il Balcone Solare Leeb ottieni una soluzione durevole, personalizzabile e sicura, dalla progettazione all&#8217;installazione da un unico fornitore.<\/p>\n<\/div>\n<\/div>\n\n\n\n<div class=\"wp-block-group small is-style-white-cards sm-2-cols is-layout-grid wp-container-core-group-is-layout-7785d981 wp-block-group-is-layout-grid\">\n<div class=\"wp-block-group m-card has-modal is-layout-flow wp-container-core-group-is-layout-8a368f38 wp-block-group-is-layout-flow\" data-modal-id=\"150960\">\n<figure class=\"wp-block-image size-full\"><img loading=\"lazy\" decoding=\"async\" width=\"2560\" height=\"1707\" src=\"https:\/\/www.leeb-balkone.com\/app\/uploads\/2020\/07\/solarbalkon-optimus-innenansicht-der-pv-paneele-scaled.jpg\" alt=\"solarbalkon optimus innenansicht der pv paneele\" class=\"wp-image-141781\" srcset=\"https:\/\/www.leeb-balkone.com\/app\/uploads\/2020\/07\/solarbalkon-optimus-innenansicht-der-pv-paneele-scaled.jpg 2560w, https:\/\/www.leeb-balkone.com\/app\/uploads\/2020\/07\/solarbalkon-optimus-innenansicht-der-pv-paneele-300x200.jpg 300w, https:\/\/www.leeb-balkone.com\/app\/uploads\/2020\/07\/solarbalkon-optimus-innenansicht-der-pv-paneele-1024x683.jpg 1024w, https:\/\/www.leeb-balkone.com\/app\/uploads\/2020\/07\/solarbalkon-optimus-innenansicht-der-pv-paneele-768x512.jpg 768w, https:\/\/www.leeb-balkone.com\/app\/uploads\/2020\/07\/solarbalkon-optimus-innenansicht-der-pv-paneele-1536x1024.jpg 1536w, https:\/\/www.leeb-balkone.com\/app\/uploads\/2020\/07\/solarbalkon-optimus-innenansicht-der-pv-paneele-2048x1366.jpg 2048w\" sizes=\"auto, (max-width: 2560px) 100vw, 2560px\" \/><\/figure>\n\n\n\n<div class=\"wp-block-group m-card-content has-white-background-color has-background is-vertical is-layout-flex wp-container-core-group-is-layout-5580f018 wp-block-group-is-layout-flex\">\n<h3 class=\"wp-block-heading\"><strong>Soluzioni solari per ringhiere e tetti<\/strong><\/h3>\n\n\n\n<p>Moduli fotovoltaici completamente integrati e altamente efficaci nei nostri prodotti solari.<\/p>\n<\/div>\n<a href=\"#overlay-150960\" class=\"open-modal-link\" aria-label=\"Open modal\"><span class=\"sr-only\">\u00d6ffne Modal<\/span><\/a><\/div>\n\n\n\n<div class=\"wp-block-group m-card has-modal is-layout-flow wp-container-core-group-is-layout-8a368f38 wp-block-group-is-layout-flow\" data-modal-id=\"150749\">\n<figure class=\"wp-block-image size-large is-style-default\"><img loading=\"lazy\" decoding=\"async\" width=\"1024\" height=\"767\" src=\"https:\/\/www.leeb-balkone.com\/app\/uploads\/2020\/08\/leeb-balkone-mitarbeiter-4-1024x767.jpeg\" alt=\"Installazione di una ringhiera per balcone in alluminio Leeb personalizzata\" class=\"wp-image-6083\" srcset=\"https:\/\/www.leeb-balkone.com\/app\/uploads\/2020\/08\/leeb-balkone-mitarbeiter-4-1024x767.jpeg 1024w, https:\/\/www.leeb-balkone.com\/app\/uploads\/2020\/08\/leeb-balkone-mitarbeiter-4-2048x1535.jpeg 2048w, https:\/\/www.leeb-balkone.com\/app\/uploads\/2020\/08\/leeb-balkone-mitarbeiter-4-300x225.jpeg 300w, https:\/\/www.leeb-balkone.com\/app\/uploads\/2020\/08\/leeb-balkone-mitarbeiter-4-768x575.jpeg 768w, https:\/\/www.leeb-balkone.com\/app\/uploads\/2020\/08\/leeb-balkone-mitarbeiter-4-1536x1151.jpeg 1536w\" sizes=\"auto, (max-width: 1024px) 100vw, 1024px\" \/><\/figure>\n\n\n\n<div class=\"wp-block-group m-card-content has-white-background-color has-background is-vertical is-layout-flex wp-container-core-group-is-layout-5580f018 wp-block-group-is-layout-flex\">\n<h3 class=\"wp-block-heading\">Un servizio completo per una realizzazione senza pensieri!<\/h3>\n\n\n\n<p>Servizio di consulenza in loco, configuratore 3D, produzione in fabbrica, consegna e installazione.<\/p>\n<\/div>\n<a href=\"#overlay-150749\" class=\"open-modal-link\" aria-label=\"Open modal\"><span class=\"sr-only\">\u00d6ffne Modal<\/span><\/a><\/div>\n\n\n\n<div class=\"wp-block-group m-card has-modal is-layout-flow wp-container-core-group-is-layout-8a368f38 wp-block-group-is-layout-flow\" data-modal-id=\"150746\">\n<figure class=\"wp-block-image size-full\"><img loading=\"lazy\" decoding=\"async\" width=\"2048\" height=\"1366\" src=\"https:\/\/www.leeb-balkone.com\/app\/uploads\/2022\/05\/glas-bearbeitung-zuschnitt--scaled.jpg\" alt=\"glas bearbeitung zuschnitt \" class=\"wp-image-83644\" srcset=\"https:\/\/www.leeb-balkone.com\/app\/uploads\/2022\/05\/glas-bearbeitung-zuschnitt--scaled.jpg 2048w, https:\/\/www.leeb-balkone.com\/app\/uploads\/2022\/05\/glas-bearbeitung-zuschnitt--300x200.jpg 300w, https:\/\/www.leeb-balkone.com\/app\/uploads\/2022\/05\/glas-bearbeitung-zuschnitt--1024x683.jpg 1024w, https:\/\/www.leeb-balkone.com\/app\/uploads\/2022\/05\/glas-bearbeitung-zuschnitt--768x512.jpg 768w, https:\/\/www.leeb-balkone.com\/app\/uploads\/2022\/05\/glas-bearbeitung-zuschnitt--1536x1024.jpg 1536w\" sizes=\"auto, (max-width: 2048px) 100vw, 2048px\" \/><\/figure>\n\n\n\n<div class=\"wp-block-group m-card-content has-white-background-color has-background is-vertical is-layout-flex wp-container-core-group-is-layout-5580f018 wp-block-group-is-layout-flex\">\n<h3 class=\"wp-block-heading\"><strong>Vetro di sicurezza laminato di qualit\u00e0 superiore<\/strong><\/h3>\n\n\n\n<p>Sicurezza testata, design innovativi e qualit\u00e0 personalizzata e duratura con Leeb Glas.<\/p>\n<\/div>\n<a href=\"#overlay-150746\" class=\"open-modal-link\" aria-label=\"Open modal\"><span class=\"sr-only\">\u00d6ffne Modal<\/span><\/a><\/div>\n\n\n\n<div class=\"wp-block-group m-card has-modal is-layout-flow wp-container-core-group-is-layout-8a368f38 wp-block-group-is-layout-flow\" data-modal-id=\"150753\">\n<figure class=\"wp-block-image size-large\"><img loading=\"lazy\" decoding=\"async\" width=\"1024\" height=\"665\" src=\"https:\/\/www.leeb-balkone.com\/app\/uploads\/2020\/08\/alu-comfort-plus-1024x665.jpg\" alt=\"alu comfort plus\" class=\"wp-image-5082\" srcset=\"https:\/\/www.leeb-balkone.com\/app\/uploads\/2020\/08\/alu-comfort-plus-1024x665.jpg 1024w, https:\/\/www.leeb-balkone.com\/app\/uploads\/2020\/08\/alu-comfort-plus-300x195.jpg 300w, https:\/\/www.leeb-balkone.com\/app\/uploads\/2020\/08\/alu-comfort-plus-768x499.jpg 768w, https:\/\/www.leeb-balkone.com\/app\/uploads\/2020\/08\/alu-comfort-plus-1536x997.jpg 1536w, https:\/\/www.leeb-balkone.com\/app\/uploads\/2020\/08\/alu-comfort-plus-2048x1330.jpg 2048w\" sizes=\"auto, (max-width: 1024px) 100vw, 1024px\" \/><\/figure>\n\n\n\n<div class=\"wp-block-group m-card-content has-white-background-color has-background is-vertical is-layout-flex wp-container-core-group-is-layout-5580f018 wp-block-group-is-layout-flex\">\n<h3 class=\"wp-block-heading\">Protezione a lungo termine con ALU Comfort Plus<\/h3>\n\n\n\n<p>Rivestimento brevettato e lavorazione dell&#8217;alluminio ai massimi livelli.<\/p>\n<\/div>\n<a href=\"#overlay-150753\" class=\"open-modal-link\" aria-label=\"Open modal\"><span class=\"sr-only\">\u00d6ffne Modal<\/span><\/a><\/div>\n<\/div>\n\n\n\n<div class=\"wp-block-group o-grid u-md-1 is-layout-flow wp-block-group-is-layout-flow\" style=\"padding-top:var(--wp--preset--spacing--l)\">\n<div class=\"wp-block-group u-g-9 u-g-s-2 is-layout-flow wp-block-group-is-layout-flow\" style=\"margin-bottom:var(--wp--preset--spacing--s)\">\n<h3 class=\"wp-block-heading\">I vantaggi in sintesi<\/h3>\n\n\n\n<p>Con il nostro balcone solare, potrai beneficiare di moduli fotovoltaici robusti ed esteticamente integrati, risparmiare sui costi dell&#8217;elettricit\u00e0 e aumentare il valore della tua propriet\u00e0 &#8211; e naturalmente di tutti i vantaggi comprovati delle ringhiere per balconi in alluminio e vetro del leader di mercato Leeb.<\/p>\n\n\n\n<ul class=\"wp-block-list is-style-checkmark-2\">\n<li><strong>Prodotto premiato<\/strong>: il balcone solare Leeb \u00e8 stato premiato con il Red Dot Award: Product Design nel 2024 per la sua combinazione di estetica moderna e produzione di energia sostenibile.<\/li>\n\n\n\n<li><strong>Alta efficienza tutto l&#8217;anno<\/strong>: i moduli bifacciali in vetro-vetro con diodi di bypass forniscono elettricit\u00e0 in modo affidabile anche in presenza di luce solare diffusa e quando il sole \u00e8 basso.<\/li>\n\n\n\n<li><strong>Manutenzione ridotta e lunga durata<\/strong>: i moduli robusti e resistenti alla grandine e il rivestimento in polvere ALU COMFORT PLUS\u00ae garantiscono una resistenza duratura alle intemperie.<\/li>\n\n\n\n<li><strong>Design completamente integrato<\/strong>: i moduli fotovoltaici sono installati in modo estetico e sicuro nella ringhiera in vetro (modello Alu Design Vision), il cablaggio \u00e8 integrato in modo invisibile nel corrimano.<\/li>\n\n\n\n<li><strong>Opzione plug and play<\/strong>: SOLEEB consente una messa in funzione semplice: l&#8217;inverter viene semplicemente collegato alla presa di corrente (fino a 800 watt di immissione o 4 moduli fotovoltaici).<\/li>\n\n\n\n<li><strong>Servizio a tutto tondo:<\/strong> dalla progettazione personalizzata alla produzione precisa, fino all&#8217;installazione professionale, Leeb ti fornisce tutto da un unico fornitore.<\/li>\n<\/ul>\n<\/div>\n<\/div>\n<\/section>\n\n<section class=\"wp-block-cover alignfull is-light katalog-cta\" style=\"margin-top:0;margin-bottom:0;padding-top:0;padding-right:0;padding-bottom:0;padding-left:0;min-height:100px;aspect-ratio:unset;\"><img loading=\"lazy\" decoding=\"async\" width=\"1920\" height=\"599\" class=\"wp-block-cover__image-background wp-image-7912 size-full\" alt=\"leeb balkone katalog anfordern\" src=\"https:\/\/www.leeb-balkone.com\/app\/uploads\/2020\/09\/leeb-balkone-katalog-anfordern-1.jpeg\" data-object-fit=\"cover\" srcset=\"https:\/\/www.leeb-balkone.com\/app\/uploads\/2020\/09\/leeb-balkone-katalog-anfordern-1-300x94.jpeg 300w, https:\/\/www.leeb-balkone.com\/app\/uploads\/2020\/09\/leeb-balkone-katalog-anfordern-1-1024x319.jpeg 1024w, https:\/\/www.leeb-balkone.com\/app\/uploads\/2020\/09\/leeb-balkone-katalog-anfordern-1-768x240.jpeg 768w, https:\/\/www.leeb-balkone.com\/app\/uploads\/2020\/09\/leeb-balkone-katalog-anfordern-1-1536x479.jpeg 1536w\" sizes=\"auto, (max-width: 1920px) 100vw, 1920px\" \/><span aria-hidden=\"true\" class=\"wp-block-cover__background has-primary-45-background-color has-background-dim-80 has-background-dim\"><\/span><div class=\"wp-block-cover__inner-container has-global-padding is-layout-constrained wp-container-core-cover-is-layout-fc5783d2 wp-block-cover-is-layout-constrained\">\n<div class=\"wp-block-group is-layout-flow wp-block-group-is-layout-flow\" style=\"min-height:0px;margin-top:0;margin-bottom:0;padding-top:var(--wp--preset--spacing--2-xl);padding-bottom:var(--wp--preset--spacing--2-xl);padding-left:0\">\n<div class=\"wp-block-columns are-vertically-aligned-center is-layout-flex wp-container-core-columns-is-layout-0a4bbf16 wp-block-columns-is-layout-flex\" style=\"margin-top:0;margin-bottom:0\">\n<div class=\"wp-block-column is-vertically-aligned-center is-layout-flow wp-block-column-is-layout-flow\" style=\"flex-basis:66.66%\">\n<h2 class=\"wp-block-heading\">Balcone solare nel catalogo<\/h2>\n\n\n\n<p class=\"is-style-teaser\"><span class=\"teaser\">Scopri i nostri sistemi solari, i materiali e i dettagli tecnici. La nostra brochure completa dei prodotti ti fornisce tutte le informazioni di cui hai bisogno in un solo colpo d&#8217;occhio. <\/span><\/p>\n<\/div>\n\n\n\n<div class=\"wp-block-column is-vertically-aligned-center is-layout-flow wp-block-column-is-layout-flow\" style=\"flex-basis:33.33%\">\n<div class=\"wp-block-buttons u-m-jc-left is-content-justification-right is-layout-flex wp-container-core-buttons-is-layout-c060c6c7 wp-block-buttons-is-layout-flex\">\n<div class=\"wp-block-button is-style-filled-white large\"><a class=\"wp-block-button__link wp-element-button\" href=\"https:\/\/www.leeb-balkone.com\/it\/contatti\/richiesta-catalogo\/\" style=\"box-shadow:var(--wp--preset--shadow--button-shadow)\">Ordina il catalogo ora<\/a><\/div>\n<\/div>\n<\/div>\n<\/div>\n<\/div>\n<\/div><\/section>\n\n<section class=\"wp-block-group alignfull has-white-background-color has-background has-global-padding is-layout-constrained wp-container-core-group-is-layout-52f96efc wp-block-group-is-layout-constrained\">\n<div class=\"wp-block-group o-grid u-md-1 is-layout-flow wp-block-group-is-layout-flow\" style=\"padding-top:0\">\n<div class=\"wp-block-group u-g-9 u-g-s-2 is-layout-flow wp-block-group-is-layout-flow\" style=\"margin-bottom:var(--wp--preset--spacing--s)\">\n<h2 class=\"wp-block-heading\">Perch\u00e9 Leeb Solar Balcony di Leeb?<\/h2>\n\n\n\n<p class=\"is-style-teaser\"><span class=\"teaser\">Il nostro balcone solare combina i vantaggi della comprovata qualit\u00e0 alluminio-vetro di Leeb con l&#8217;innovativa tecnologia fotovoltaica e ha un aspetto fantastico. Ecco perch\u00e9 \u00e8 stato premiato con il prestigioso Red Dot Award.   <\/span><\/p>\n<\/div>\n<\/div>\n\n\n\n<div class=\"wp-block-group is-layout-flow wp-container-core-group-is-layout-d5075d26 wp-block-group-is-layout-flow\">\n<div class=\"wp-block-columns is-style-shadow m-split is-layout-flex wp-container-core-columns-is-layout-28f84493 wp-block-columns-is-layout-flex\">\n<div class=\"wp-block-column is-style-default is-layout-flow wp-block-column-is-layout-flow\">\n<figure class=\"wp-block-image size-large\"><img loading=\"lazy\" decoding=\"async\" width=\"1024\" height=\"768\" src=\"https:\/\/www.leeb-balkone.com\/app\/uploads\/2024\/04\/solar-glas-alu-balkon-10-red-dot-gross-2-1024x768.jpg\" alt=\"solar glas alu balkon 10 red dot gross\" class=\"wp-image-137404\" style=\"aspect-ratio:4\/3;object-fit:cover\" srcset=\"https:\/\/www.leeb-balkone.com\/app\/uploads\/2024\/04\/solar-glas-alu-balkon-10-red-dot-gross-2-1024x768.jpg 1024w, https:\/\/www.leeb-balkone.com\/app\/uploads\/2024\/04\/solar-glas-alu-balkon-10-red-dot-gross-2-300x225.jpg 300w, https:\/\/www.leeb-balkone.com\/app\/uploads\/2024\/04\/solar-glas-alu-balkon-10-red-dot-gross-2-768x576.jpg 768w, https:\/\/www.leeb-balkone.com\/app\/uploads\/2024\/04\/solar-glas-alu-balkon-10-red-dot-gross-2-1536x1152.jpg 1536w, https:\/\/www.leeb-balkone.com\/app\/uploads\/2024\/04\/solar-glas-alu-balkon-10-red-dot-gross-2-2048x1536.jpg 2048w\" sizes=\"auto, (max-width: 1024px) 100vw, 1024px\" \/><\/figure>\n<\/div>\n\n\n\n<div class=\"wp-block-column is-vertically-aligned-center is-style-overlay-content is-layout-flow wp-block-column-is-layout-flow\">\n<div class=\"wp-block-group is-vertical is-layout-flex wp-container-core-group-is-layout-6aed0e10 wp-block-group-is-layout-flex\">\n<h3 class=\"wp-block-heading\"><strong>Premio Red Dot: Design di prodotto<\/strong> 2024<\/h3>\n\n\n\n<p>La generazione di energia sostenibile e il look moderno si uniscono nel balcone solare Leeb per creare una combinazione pratica ed esteticamente accattivante. I moduli fotovoltaici, inseriti in un vetro di sicurezza laminato, aiutano a ridurre i costi dell&#8217;elettricit\u00e0. Forniscono energia solare immediatamente utilizzabile e possono quindi coprire fino al 30% del fabbisogno giornaliero di elettricit\u00e0 nelle giornate di sole. Il kit completo, comprensivo di inverter, \u00e8 facile da installare, migliora l&#8217;impronta ecologica e aumenta il valore dell&#8217;edificio.   <\/p>\n\n\n\n<div class=\"wp-block-buttons is-layout-flex wp-block-buttons-is-layout-flex\" style=\"margin-top:var(--wp--preset--spacing--2-xs)\">\n<div class=\"wp-block-button is-style-outline-secondary\"><a class=\"wp-block-button__link has-transparent-background-color has-background wp-element-button\" href=\"https:\/\/www.red-dot.org\/de\/project\/leeb-solarbalkon-69312\" target=\"_blank\" rel=\"noreferrer noopener nofollow\">Premio Red Dot<\/a><\/div>\n<\/div>\n<\/div>\n<\/div>\n<\/div>\n\n\n\n<div class=\"wp-block-columns is-style-shadow m-split m-split-reverse is-layout-flex wp-container-core-columns-is-layout-28f84493 wp-block-columns-is-layout-flex\">\n<div class=\"wp-block-column is-style-default is-layout-flow wp-block-column-is-layout-flow\">\n<figure class=\"wp-block-image size-large\"><img loading=\"lazy\" decoding=\"async\" width=\"1024\" height=\"683\" src=\"https:\/\/www.leeb-balkone.com\/app\/uploads\/2020\/07\/alu-balkongelaender-solar-16-1024x683.jpg\" alt=\"alu balkongelaender solar\" class=\"wp-image-138368\" style=\"aspect-ratio:4\/3;object-fit:cover\" srcset=\"https:\/\/www.leeb-balkone.com\/app\/uploads\/2020\/07\/alu-balkongelaender-solar-16-1024x683.jpg 1024w, https:\/\/www.leeb-balkone.com\/app\/uploads\/2020\/07\/alu-balkongelaender-solar-16-300x200.jpg 300w, https:\/\/www.leeb-balkone.com\/app\/uploads\/2020\/07\/alu-balkongelaender-solar-16-768x512.jpg 768w, https:\/\/www.leeb-balkone.com\/app\/uploads\/2020\/07\/alu-balkongelaender-solar-16-1536x1024.jpg 1536w, https:\/\/www.leeb-balkone.com\/app\/uploads\/2020\/07\/alu-balkongelaender-solar-16-2048x1366.jpg 2048w\" sizes=\"auto, (max-width: 1024px) 100vw, 1024px\" \/><\/figure>\n<\/div>\n\n\n\n<div class=\"wp-block-column is-vertically-aligned-center is-style-overlay-content is-layout-flow wp-block-column-is-layout-flow\">\n<div class=\"wp-block-group is-vertical is-layout-flex wp-container-core-group-is-layout-6aed0e10 wp-block-group-is-layout-flex\">\n<h3 class=\"wp-block-heading\">Modulo fotovoltaico Leeb Optimus<\/h3>\n\n\n\n<p>Questo modulo fotovoltaico ottimizzato \u00e8 il risultato di un&#8217;intensa collaborazione con il nostro fornitore ed \u00e8 stato sviluppato appositamente per soddisfare le nostre esigenze. Se alcune parti di un modulo fotovoltaico sono ombreggiate, ci\u00f2 comporta una riduzione della produzione dell&#8217;intero modulo o della stringa. Queste perdite di potenza possono essere contrastate grazie a ottimizzatori integrati nei moduli fotovoltaici.  <\/p>\n\n\n\n<p class=\"has-step-s-font-size\">Il modulo fotovoltaico Optimus di Leeb \u00e8 disponibile per i nostri balconi e recinzioni solari fino a una certa altezza. Utilizziamo il modulo FV 300 di Leeb per tettoie, pensiline e recinzioni solari pi\u00f9 alte.<\/p>\n\n\n\n<div class=\"wp-block-buttons is-layout-flex wp-block-buttons-is-layout-flex\" style=\"margin-top:var(--wp--preset--spacing--2-xs)\">\n<div class=\"wp-block-button is-style-outline-secondary\"><a class=\"wp-block-button__link has-transparent-background-color has-background wp-element-button\" href=\"https:\/\/www.leeb-balkone.com\/it\/fotovoltaico\/\">Prodotti solari<\/a><\/div>\n<\/div>\n<\/div>\n<\/div>\n<\/div>\n\n\n\n<div class=\"wp-block-columns is-style-shadow m-split is-layout-flex wp-container-core-columns-is-layout-28f84493 wp-block-columns-is-layout-flex\">\n<div class=\"wp-block-column is-style-default is-layout-flow wp-block-column-is-layout-flow\">\n<figure class=\"wp-block-image size-full\"><img loading=\"lazy\" decoding=\"async\" width=\"657\" height=\"566\" src=\"https:\/\/www.leeb-balkone.com\/app\/uploads\/2024\/06\/SOLEEB-NEU.png\" alt=\"SOLEEB NEU\" class=\"wp-image-139009\" style=\"aspect-ratio:4\/3;object-fit:cover\" srcset=\"https:\/\/www.leeb-balkone.com\/app\/uploads\/2024\/06\/SOLEEB-NEU.png 657w, https:\/\/www.leeb-balkone.com\/app\/uploads\/2024\/06\/SOLEEB-NEU-300x258.png 300w\" sizes=\"auto, (max-width: 657px) 100vw, 657px\" \/><\/figure>\n<\/div>\n\n\n\n<div class=\"wp-block-column is-vertically-aligned-center is-style-overlay-content is-layout-flow wp-block-column-is-layout-flow\">\n<div class=\"wp-block-group is-vertical is-layout-flex wp-container-core-group-is-layout-6aed0e10 wp-block-group-is-layout-flex\">\n<h3 class=\"wp-block-heading\">Centrale elettrica con balcone<\/h3>\n\n\n\n<p>Con il sistema plug-and-play SOLEEB di Leeb, il tuo balcone diventa la tua fonte di energia in un attimo: i moduli fotovoltaici completamente integrati sono disponibili come set completo di micro inverter e possono essere facilmente collegati alla presa di corrente pi\u00f9 vicina. In questo modo potrai beneficiare immediatamente di un&#8217;energia solare sostenibile, ridurre i costi dell&#8217;elettricit\u00e0 e rimanere flessibile.   <\/p>\n\n\n\n<p class=\"has-step-s-font-size\">Sono possibili fino a quattro moduli e una potenza massima di immissione di 800 watt.<\/p>\n\n\n\n<div class=\"wp-block-buttons is-layout-flex wp-block-buttons-is-layout-flex\" style=\"margin-top:var(--wp--preset--spacing--2-xs)\">\n<div class=\"wp-block-button is-style-outline-secondary\"><a class=\"wp-block-button__link has-transparent-background-color has-background wp-element-button\" href=\"https:\/\/www.leeb-balkone.com\/it\/tecnologia\/soleeb\/\">Plug-and-play<\/a><\/div>\n<\/div>\n<\/div>\n<\/div>\n<\/div>\n<\/div>\n<\/section>\n\n<section class=\"wp-block-group alignfull has-light-gray-background-color has-background has-global-padding is-layout-constrained wp-container-core-group-is-layout-52f96efc wp-block-group-is-layout-constrained\">\n<div class=\"wp-block-group o-grid u-md-1 is-layout-flow wp-block-group-is-layout-flow\" style=\"padding-top:0\">\n<div class=\"wp-block-group u-g-9 u-g-s-2 is-layout-flow wp-block-group-is-layout-flow\" style=\"margin-bottom:var(--wp--preset--spacing--s)\">\n<h2 class=\"wp-block-heading\">Domande frequenti<\/h2>\n\n\n\n<p class=\"is-style-teaser\" style=\"padding-bottom:var(--wp--preset--spacing--m)\">Hai domande generali sui nostri balconi solari? Nelle nostre FAQ troverai risposte concise alle domande pi\u00f9 frequenti sulle ringhiere per balconi con pannelli fotovoltaici. <\/p>\n\n\n\n<div class=\"wp-block-t3-acc-accordion is-style-default\"><button id=\"accordion-ead1d654-c47b-4b5f-9fd8-d7d53ba110aa-button\" class=\"accordion__button\" aria-expanded=\"false\" aria-controls=\"accordion-ead1d654-c47b-4b5f-9fd8-d7d53ba110aa-panel\"><h3 data-accordion-title=\"true\" style=\"font-size:var(--step-1)\">Il fotovoltaico sulle ringhiere dei balconi ha senso?<\/h3><\/button><div id=\"accordion-ead1d654-c47b-4b5f-9fd8-d7d53ba110aa-panel\" class=\"accordion__panel\" role=\"region\" aria-labelledby=\"accordion-ead1d654-c47b-4b5f-9fd8-d7d53ba110aa-button\">\n<p>I cosiddetti balconi solari sono uno dei modi pi\u00f9 efficienti per i proprietari di appartamenti o condomini di contribuire attivamente alla rivoluzione energetica e ridurre allo stesso tempo i costi dell&#8217;elettricit\u00e0. Le ringhiere dei balconi con pannelli fotovoltaici integrati offrono numerosi vantaggi e sono una soluzione particolarmente sensata: <\/p>\n\n\n\n<ul class=\"wp-block-list\">\n<li>Per i proprietari di appartamenti e gli inquilini che non hanno accesso al tetto.<\/li>\n\n\n\n<li>Per tutti coloro che apprezzano il design, la sostenibilit\u00e0 e la facilit\u00e0 d&#8217;uso.<\/li>\n\n\n\n<li>Per chi vuole ridurre i costi energetici a lungo termine e diventare pi\u00f9 indipendente dal mercato dell&#8217;elettricit\u00e0.<\/li>\n<\/ul>\n\n\n\n<p>Conclusione: il fotovoltaico sulle ringhiere dei balconi pu\u00f2 avere un senso, soprattutto con una soluzione ben studiata e completamente integrata come il Balcone Solare Leeb.<\/p>\n<\/div><\/div>\n\n\n\n<div class=\"wp-block-t3-acc-accordion is-style-default\"><button id=\"accordion-5d264f52-5305-4813-83ce-4b5d8b60f4d7-button\" class=\"accordion__button\" aria-expanded=\"false\" aria-controls=\"accordion-5d264f52-5305-4813-83ce-4b5d8b60f4d7-panel\"><h3 data-accordion-title=\"true\" style=\"font-size:var(--step-1)\">Il Balcone Solare Leeb produce elettricit\u00e0 anche nelle giornate nuvolose?<\/h3><\/button><div id=\"accordion-5d264f52-5305-4813-83ce-4b5d8b60f4d7-panel\" class=\"accordion__panel\" role=\"region\" aria-labelledby=\"accordion-5d264f52-5305-4813-83ce-4b5d8b60f4d7-button\">\n<p>S\u00ec, i moduli fotovoltaici generano elettricit\u00e0 anche in presenza di luce diffusa. Anche nelle giornate senza sole, la luce viene assorbita e convertita in energia. L&#8217;efficienza migliorata \u00e8 garantita dai moduli bifacciali (moduli bifacciali con diodi di bypass). L&#8217;elettricit\u00e0 viene prodotta anche al di fuori dei mesi estivi, al mattino e alla sera, quando i raggi solari sono piatti grazie all&#8217;installazione verticale dei moduli. I moduli fotovoltaici bifacciali consentono di sfruttare la luce del sole sia sulla parte anteriore che su quella posteriore dei moduli.    <\/p>\n<\/div><\/div>\n\n\n\n<div class=\"wp-block-t3-acc-accordion is-style-default\"><button id=\"accordion-18cc8462-e4da-4b67-856b-0ec555c860e8-button\" class=\"accordion__button\" aria-expanded=\"false\" aria-controls=\"accordion-18cc8462-e4da-4b67-856b-0ec555c860e8-panel\"><h3 data-accordion-title=\"true\" style=\"font-size:var(--step-1)\">Posso collegare una centrale elettrica da balcone senza un elettricista?<\/h3><\/button><div id=\"accordion-18cc8462-e4da-4b67-856b-0ec555c860e8-panel\" class=\"accordion__panel\" role=\"region\" aria-labelledby=\"accordion-18cc8462-e4da-4b67-856b-0ec555c860e8-button\">\n<p>S\u00ec, con il Leeb Solar Balcony puoi collegare una centrale elettrica da balcone con una potenza massima di 800 watt senza dover ricorrere a un elettricista. Il sistema \u00e8 progettato come un set completo plug-and-play: devi semplicemente collegare l&#8217;inverter in dotazione a una normale presa di corrente. Non sono necessarie conoscenze tecniche o personale specializzato, purch\u00e9 non si superi la potenza massima di 800 watt.    <\/p>\n\n\n\n<p>Erst bei einer gr\u00f6\u00dferen Anlage, also bei einer Gesamtleistung \u00fcber 800 Watt, ist eine Installation durch einen Elektriker gesetzlich vorgeschrieben<a href=\"https:\/\/www.leeb-balkone.com\/de\/blog\/solar-power-leicht-gemacht-welches-system-passt-zu-ihrem-balkon\/\" target=\"_blank\" rel=\"noreferrer noopener\"><\/a><a href=\"https:\/\/www.leeb-balkone.com\/de\/blog\/solar-power-leicht-gemacht-welches-system-passt-zu-ihrem-balkon\/\" target=\"_blank\" rel=\"noreferrer noopener\"><\/a>.\u00a0F\u00fcr viele Anwendungsf\u00e4lle im privaten Bereich reicht das Plug-and-Play-System von Leeb jedoch aus.<\/p>\n<\/div><\/div>\n\n\n\n<div class=\"wp-block-t3-acc-accordion is-style-default\"><button id=\"accordion-94cd52da-ac89-4546-8863-fd7c7e0e67ce-button\" class=\"accordion__button\" aria-expanded=\"false\" aria-controls=\"accordion-94cd52da-ac89-4546-8863-fd7c7e0e67ce-panel\"><h3 data-accordion-title=\"true\" style=\"font-size:var(--step-1)\"><strong><strong><strong>Ci sono sovvenzioni per il balcone solare Leeb?<\/strong><\/strong><\/strong><\/h3><\/button><div id=\"accordion-94cd52da-ac89-4546-8863-fd7c7e0e67ce-panel\" class=\"accordion__panel\" role=\"region\" aria-labelledby=\"accordion-94cd52da-ac89-4546-8863-fd7c7e0e67ce-button\">\n<p>Il Balcone Solare Leeb \u00e8 generalmente ammissibile alle sovvenzioni se i programmi regionali includono sistemi solari plug-in o centrali elettriche per balconi. Verifica le attuali condizioni di sovvenzione della tua citt\u00e0 o del tuo stato federale per beneficiare di sussidi e sgravi fiscali. Puoi ottenere informazioni aggiornate in merito presso il ministero federale competente o il tuo consulente Leeb locale.  <\/p>\n<\/div><\/div>\n\n\n\n<div class=\"wp-block-t3-acc-accordion is-style-default\"><button id=\"accordion-f618bfe9-7d6a-446f-8737-d6370d3411b1-button\" class=\"accordion__button\" aria-expanded=\"false\" aria-controls=\"accordion-f618bfe9-7d6a-446f-8737-d6370d3411b1-panel\"><h3 data-accordion-title=\"true\" style=\"font-size:var(--step-1)\"><strong><strong><strong><strong>Quanto \u00e8 duraturo e richiede poca manutenzione il sistema?<\/strong><\/strong><\/strong><\/strong><\/h3><\/button><div id=\"accordion-f618bfe9-7d6a-446f-8737-d6370d3411b1-panel\" class=\"accordion__panel\" role=\"region\" aria-labelledby=\"accordion-f618bfe9-7d6a-446f-8737-d6370d3411b1-button\">\n<p>Il sistema Leeb per ringhiere di balconi in alluminio e vetro con moduli fotovoltaici \u00e8 estremamente resistente e richiede poca manutenzione. Offre una soluzione sostenibile, sicura e conveniente per generare elettricit\u00e0 sul balcone, con una manutenzione minima e una durata molto lunga. <\/p>\n\n\n\n<ul class=\"wp-block-list\">\n<li><strong>Durata di vita:<\/strong> \u2265 25 anni (con una garanzia fino a 25 anni)<\/li>\n\n\n\n<li><strong>Manutenzione:<\/strong> molto ridotta grazie al montaggio verticale e al design robusto<strong>.<\/strong> <\/li>\n\n\n\n<li><strong>Resistenza agli agenti atmosferici:<\/strong> elevata, grazie allo speciale rivestimento e all&#8217;integrazione del vetro.<\/li>\n<\/ul>\n\n\n\n<p>Queste propriet\u00e0 rendono il sistema Leeb un investimento a prova di futuro per una vita sostenibile.<\/p>\n<\/div><\/div>\n\n\n\n<div class=\"wp-block-t3-acc-accordion is-style-default\"><button id=\"accordion-88b5f811-a693-42bc-a354-dd668dc56e60-button\" class=\"accordion__button\" aria-expanded=\"false\" aria-controls=\"accordion-88b5f811-a693-42bc-a354-dd668dc56e60-panel\"><h3 data-accordion-title=\"true\" style=\"font-size:var(--step-1)\"><strong><strong><strong><strong><strong>Posso installare il balcone solare in un secondo momento?<\/strong><\/strong><\/strong><\/strong><\/strong><\/h3><\/button><div id=\"accordion-88b5f811-a693-42bc-a354-dd668dc56e60-panel\" class=\"accordion__panel\" role=\"region\" aria-labelledby=\"accordion-88b5f811-a693-42bc-a354-dd668dc56e60-button\">\n<p>Il sistema \u00e8 stato sviluppato appositamente per i balconi Leeb e viene progettato e realizzato individualmente. In genere non \u00e8 previsto l&#8217;adattamento a balconi esistenti di altri produttori. Per ulteriori domande e consulenza personale, Leeb \u00e8 a disposizione con una rete di partner in tutta Europa.  <\/p>\n<\/div><\/div>\n<\/div>\n<\/div>\n<\/section>\n\n<section class=\"wp-block-group alignfull has-white-background-color has-background has-global-padding is-layout-constrained wp-container-core-group-is-layout-52f96efc wp-block-group-is-layout-constrained\">\n<div class=\"wp-block-group o-grid u-md-1 is-layout-flow wp-block-group-is-layout-flow\" style=\"padding-top:0\">\n<div class=\"wp-block-group u-g-9 u-g-s-2 is-layout-flow wp-block-group-is-layout-flow\">\n<h2 class=\"wp-block-heading\">Impressioni di balcone solare<\/h2>\n\n\n\n<p><span class=\"teaser\"><span class=\"teaser\">Lasciati ispirare dalle possibilit\u00e0 di design delle nostre ringhiere solari per balconi.<\/span><\/span><\/p>\n<\/div>\n<\/div>\n\n\n    <div id=\"t3-lg-block-1\" class=\"wp-block-t3-lightgallery\" data-initial-count=\"9\">\n      <div class=\"lg-container u-grid-temp has-3-cols\">\n                  <div class=\"lg-item\" data-src=\"https:\/\/www.leeb-balkone.com\/app\/uploads\/2020\/07\/solarbalkon-optimus-und-glasbalkon-ballina-innenansicht-scaled.jpg\"\n              data-sub-html=\"&lt;p&gt;Kombination aus Balkongel\u00e4nder Modell Ballina und Solarbalkon Optimus&lt;\/p&gt;\">\n            <div class=\"img-wrapper\">\n                <figure>\n                    <img loading=\"lazy\" decoding=\"async\" width=\"300\" height=\"200\" src=\"https:\/\/www.leeb-balkone.com\/app\/uploads\/2020\/07\/solarbalkon-optimus-und-glasbalkon-ballina-innenansicht-300x200.jpg\" class=\"attachment-medium size-medium\" alt=\"Kombination aus Balkongel\u00e4nder Modell Ballina und Solarbalkon Optimus\" srcset=\"https:\/\/www.leeb-balkone.com\/app\/uploads\/2020\/07\/solarbalkon-optimus-und-glasbalkon-ballina-innenansicht-300x200.jpg 300w, https:\/\/www.leeb-balkone.com\/app\/uploads\/2020\/07\/solarbalkon-optimus-und-glasbalkon-ballina-innenansicht-1024x683.jpg 1024w, https:\/\/www.leeb-balkone.com\/app\/uploads\/2020\/07\/solarbalkon-optimus-und-glasbalkon-ballina-innenansicht-768x512.jpg 768w, https:\/\/www.leeb-balkone.com\/app\/uploads\/2020\/07\/solarbalkon-optimus-und-glasbalkon-ballina-innenansicht-1536x1024.jpg 1536w, https:\/\/www.leeb-balkone.com\/app\/uploads\/2020\/07\/solarbalkon-optimus-und-glasbalkon-ballina-innenansicht-2048x1366.jpg 2048w\" sizes=\"auto, (min-width: 1200px) 260px, (min-width: 1024px) 220px, (min-width: 640px) 465px, 768px\" \/>    \n                <\/figure>\n                        <\/div>\n            <p>Kombination aus Balkongel\u00e4nder Modell Ballina und Solarbalkon Optimus<\/p>        <\/div>\n                  <div class=\"lg-item\" data-src=\"https:\/\/www.leeb-balkone.com\/app\/uploads\/2020\/07\/balkongelaender-solar-11-scaled.jpg\"\n              data-sub-html=\"&lt;p&gt;Solarbalkon (Innenansicht)&lt;\/p&gt;\">\n            <div class=\"img-wrapper\">\n                <figure>\n                    <img loading=\"lazy\" decoding=\"async\" width=\"300\" height=\"200\" src=\"https:\/\/www.leeb-balkone.com\/app\/uploads\/2020\/07\/balkongelaender-solar-11-300x200.jpg\" class=\"attachment-medium size-medium\" alt=\"Solarbalkon (Innenansicht)\" srcset=\"https:\/\/www.leeb-balkone.com\/app\/uploads\/2020\/07\/balkongelaender-solar-11-300x200.jpg 300w, https:\/\/www.leeb-balkone.com\/app\/uploads\/2020\/07\/balkongelaender-solar-11-1024x683.jpg 1024w, https:\/\/www.leeb-balkone.com\/app\/uploads\/2020\/07\/balkongelaender-solar-11-768x513.jpg 768w, https:\/\/www.leeb-balkone.com\/app\/uploads\/2020\/07\/balkongelaender-solar-11-1536x1025.jpg 1536w, https:\/\/www.leeb-balkone.com\/app\/uploads\/2020\/07\/balkongelaender-solar-11-2048x1367.jpg 2048w\" sizes=\"auto, (min-width: 1200px) 260px, (min-width: 1024px) 220px, (min-width: 640px) 465px, 768px\" \/>    \n                <\/figure>\n                        <\/div>\n            <p>Solarbalkon (Innenansicht)<\/p>        <\/div>\n                  <div class=\"lg-item\" data-src=\"https:\/\/www.leeb-balkone.com\/app\/uploads\/2020\/07\/glasbalkon-ballina-und-solarbalkon-optimus-in-aluminium-anthrazit-scaled.jpg\"\n              data-sub-html=\"&lt;p&gt;Combinazione di ringhiera per balconi modello Ballina e balcone solare Optimus&lt;\/p&gt;\">\n            <div class=\"img-wrapper\">\n                <figure>\n                    <img loading=\"lazy\" decoding=\"async\" width=\"300\" height=\"169\" src=\"https:\/\/www.leeb-balkone.com\/app\/uploads\/2020\/07\/glasbalkon-ballina-und-solarbalkon-optimus-in-aluminium-anthrazit-300x169.jpg\" class=\"attachment-medium size-medium\" alt=\"Kombination aus Balkongel\u00e4nder Modell Ballina und Solarbalkon Optimus\" srcset=\"https:\/\/www.leeb-balkone.com\/app\/uploads\/2020\/07\/glasbalkon-ballina-und-solarbalkon-optimus-in-aluminium-anthrazit-300x169.jpg 300w, https:\/\/www.leeb-balkone.com\/app\/uploads\/2020\/07\/glasbalkon-ballina-und-solarbalkon-optimus-in-aluminium-anthrazit-1024x575.jpg 1024w, https:\/\/www.leeb-balkone.com\/app\/uploads\/2020\/07\/glasbalkon-ballina-und-solarbalkon-optimus-in-aluminium-anthrazit-768x431.jpg 768w, https:\/\/www.leeb-balkone.com\/app\/uploads\/2020\/07\/glasbalkon-ballina-und-solarbalkon-optimus-in-aluminium-anthrazit-1536x863.jpg 1536w, https:\/\/www.leeb-balkone.com\/app\/uploads\/2020\/07\/glasbalkon-ballina-und-solarbalkon-optimus-in-aluminium-anthrazit-2048x1151.jpg 2048w\" sizes=\"auto, (min-width: 1200px) 260px, (min-width: 1024px) 220px, (min-width: 640px) 465px, 768px\" \/>    \n                <\/figure>\n                        <\/div>\n            <p>Combinazione di ringhiera per balconi modello Ballina e balcone solare Optimus<\/p>        <\/div>\n                  <div class=\"lg-item\" data-src=\"https:\/\/www.leeb-balkone.com\/app\/uploads\/2020\/07\/solarbalkon-pvbalkon-sonnenenergie-balkon-balkongelaender-alubalkon-glasfuellung-glasbalkon-scaled.jpg\"\n              data-sub-html=\"&lt;p&gt;Solarbalkon mit wechselnder F\u00fcllung (Solarpanele und Mattglas), Innenansicht&lt;\/p&gt;\">\n            <div class=\"img-wrapper\">\n                <figure>\n                    <img loading=\"lazy\" decoding=\"async\" width=\"300\" height=\"200\" src=\"https:\/\/www.leeb-balkone.com\/app\/uploads\/2020\/07\/solarbalkon-pvbalkon-sonnenenergie-balkon-balkongelaender-alubalkon-glasfuellung-glasbalkon-300x200.jpg\" class=\"attachment-medium size-medium\" alt=\"Solarbalkon mit wechselnder F\u00fcllung (Solarpanele und Mattglas), Innenansicht\" srcset=\"https:\/\/www.leeb-balkone.com\/app\/uploads\/2020\/07\/solarbalkon-pvbalkon-sonnenenergie-balkon-balkongelaender-alubalkon-glasfuellung-glasbalkon-300x200.jpg 300w, https:\/\/www.leeb-balkone.com\/app\/uploads\/2020\/07\/solarbalkon-pvbalkon-sonnenenergie-balkon-balkongelaender-alubalkon-glasfuellung-glasbalkon-1024x683.jpg 1024w, https:\/\/www.leeb-balkone.com\/app\/uploads\/2020\/07\/solarbalkon-pvbalkon-sonnenenergie-balkon-balkongelaender-alubalkon-glasfuellung-glasbalkon-768x512.jpg 768w, https:\/\/www.leeb-balkone.com\/app\/uploads\/2020\/07\/solarbalkon-pvbalkon-sonnenenergie-balkon-balkongelaender-alubalkon-glasfuellung-glasbalkon-1536x1024.jpg 1536w, https:\/\/www.leeb-balkone.com\/app\/uploads\/2020\/07\/solarbalkon-pvbalkon-sonnenenergie-balkon-balkongelaender-alubalkon-glasfuellung-glasbalkon-2048x1366.jpg 2048w\" sizes=\"auto, (min-width: 1200px) 260px, (min-width: 1024px) 220px, (min-width: 640px) 465px, 768px\" \/>    \n                <\/figure>\n                        <\/div>\n            <p>Solarbalkon mit wechselnder F\u00fcllung (Solarpanele und Mattglas), Innenansicht<\/p>        <\/div>\n                  <div class=\"lg-item\" data-src=\"https:\/\/www.leeb-balkone.com\/app\/uploads\/2020\/07\/solarbalkon-optimus-in-anthrazit-mit-verblendung-scaled.jpg\"\n              data-sub-html=\"&lt;p&gt;Solarbalkon Optimus in Anthrazit &lt;\/p&gt;\">\n            <div class=\"img-wrapper\">\n                <figure>\n                    <img loading=\"lazy\" decoding=\"async\" width=\"300\" height=\"200\" src=\"https:\/\/www.leeb-balkone.com\/app\/uploads\/2020\/07\/solarbalkon-optimus-in-anthrazit-mit-verblendung-300x200.jpg\" class=\"attachment-medium size-medium\" alt=\"Solarbalkon Optimus in Anthrazit mit innenliegend versteckten Verkabelungen\" srcset=\"https:\/\/www.leeb-balkone.com\/app\/uploads\/2020\/07\/solarbalkon-optimus-in-anthrazit-mit-verblendung-300x200.jpg 300w, https:\/\/www.leeb-balkone.com\/app\/uploads\/2020\/07\/solarbalkon-optimus-in-anthrazit-mit-verblendung-1024x683.jpg 1024w, https:\/\/www.leeb-balkone.com\/app\/uploads\/2020\/07\/solarbalkon-optimus-in-anthrazit-mit-verblendung-768x512.jpg 768w, https:\/\/www.leeb-balkone.com\/app\/uploads\/2020\/07\/solarbalkon-optimus-in-anthrazit-mit-verblendung-1536x1024.jpg 1536w, https:\/\/www.leeb-balkone.com\/app\/uploads\/2020\/07\/solarbalkon-optimus-in-anthrazit-mit-verblendung-2048x1366.jpg 2048w\" sizes=\"auto, (min-width: 1200px) 260px, (min-width: 1024px) 220px, (min-width: 640px) 465px, 768px\" \/>    \n                <\/figure>\n                        <\/div>\n            <p>Solarbalkon Optimus in Anthrazit <\/p>        <\/div>\n                  <div class=\"lg-item\" data-src=\"https:\/\/www.leeb-balkone.com\/app\/uploads\/2020\/07\/solarbalkon-optimus-in-anthrazit-und-markise-scaled.jpg\"\n              data-sub-html=\"&lt;p&gt;Moderner Solarbalkon aus Aluminium und Glas&lt;\/p&gt;\">\n            <div class=\"img-wrapper\">\n                <figure>\n                    <img loading=\"lazy\" decoding=\"async\" width=\"300\" height=\"202\" src=\"https:\/\/www.leeb-balkone.com\/app\/uploads\/2020\/07\/solarbalkon-optimus-in-anthrazit-und-markise-300x202.jpg\" class=\"attachment-medium size-medium\" alt=\"Moderner Solarbalkon aus Aluminium und Glas\" srcset=\"https:\/\/www.leeb-balkone.com\/app\/uploads\/2020\/07\/solarbalkon-optimus-in-anthrazit-und-markise-300x202.jpg 300w, https:\/\/www.leeb-balkone.com\/app\/uploads\/2020\/07\/solarbalkon-optimus-in-anthrazit-und-markise-1024x691.jpg 1024w, https:\/\/www.leeb-balkone.com\/app\/uploads\/2020\/07\/solarbalkon-optimus-in-anthrazit-und-markise-768x518.jpg 768w, https:\/\/www.leeb-balkone.com\/app\/uploads\/2020\/07\/solarbalkon-optimus-in-anthrazit-und-markise-1536x1036.jpg 1536w, https:\/\/www.leeb-balkone.com\/app\/uploads\/2020\/07\/solarbalkon-optimus-in-anthrazit-und-markise-2048x1382.jpg 2048w, https:\/\/www.leeb-balkone.com\/app\/uploads\/2020\/07\/solarbalkon-optimus-in-anthrazit-und-markise-400x270.jpg 400w\" sizes=\"auto, (min-width: 1200px) 260px, (min-width: 1024px) 220px, (min-width: 640px) 465px, 768px\" \/>    \n                <\/figure>\n                        <\/div>\n            <p>Moderner Solarbalkon aus Aluminium und Glas<\/p>        <\/div>\n                  <div class=\"lg-item\" data-src=\"https:\/\/www.leeb-balkone.com\/app\/uploads\/2020\/07\/alu-balkongelaender-solar-14-scaled.jpg\"\n              data-sub-html=\"\">\n            <div class=\"img-wrapper\">\n                <figure>\n                    <img loading=\"lazy\" decoding=\"async\" width=\"300\" height=\"200\" src=\"https:\/\/www.leeb-balkone.com\/app\/uploads\/2020\/07\/alu-balkongelaender-solar-14-300x200.jpg\" class=\"attachment-medium size-medium\" alt=\"Hightech Balkongel\u00e4nder mit PV-Modulen \u2013 Balkon Solaranlage mit Leeb\" srcset=\"https:\/\/www.leeb-balkone.com\/app\/uploads\/2020\/07\/alu-balkongelaender-solar-14-300x200.jpg 300w, https:\/\/www.leeb-balkone.com\/app\/uploads\/2020\/07\/alu-balkongelaender-solar-14-1024x683.jpg 1024w, https:\/\/www.leeb-balkone.com\/app\/uploads\/2020\/07\/alu-balkongelaender-solar-14-768x512.jpg 768w, https:\/\/www.leeb-balkone.com\/app\/uploads\/2020\/07\/alu-balkongelaender-solar-14-1536x1024.jpg 1536w, https:\/\/www.leeb-balkone.com\/app\/uploads\/2020\/07\/alu-balkongelaender-solar-14-2048x1366.jpg 2048w\" sizes=\"auto, (min-width: 1200px) 260px, (min-width: 1024px) 220px, (min-width: 640px) 465px, 768px\" \/>    \n                <\/figure>\n                        <\/div>\n                    <\/div>\n                  <div class=\"lg-item\" data-src=\"https:\/\/www.leeb-balkone.com\/app\/uploads\/2020\/07\/alu-balkongelaender-solar-17-scaled.jpg\"\n              data-sub-html=\"&lt;p&gt;Vollintegrierte Solarmodule im Glasbalkon (Modell Vision)&lt;\/p&gt;\">\n            <div class=\"img-wrapper\">\n                <figure>\n                    <img loading=\"lazy\" decoding=\"async\" width=\"300\" height=\"200\" src=\"https:\/\/www.leeb-balkone.com\/app\/uploads\/2020\/07\/alu-balkongelaender-solar-17-300x200.jpg\" class=\"attachment-medium size-medium\" alt=\"Vollintegrierte Solarmodule im Glasbalkon (Modell Vision)\" srcset=\"https:\/\/www.leeb-balkone.com\/app\/uploads\/2020\/07\/alu-balkongelaender-solar-17-300x200.jpg 300w, https:\/\/www.leeb-balkone.com\/app\/uploads\/2020\/07\/alu-balkongelaender-solar-17-1024x683.jpg 1024w, https:\/\/www.leeb-balkone.com\/app\/uploads\/2020\/07\/alu-balkongelaender-solar-17-768x512.jpg 768w, https:\/\/www.leeb-balkone.com\/app\/uploads\/2020\/07\/alu-balkongelaender-solar-17-1536x1024.jpg 1536w, https:\/\/www.leeb-balkone.com\/app\/uploads\/2020\/07\/alu-balkongelaender-solar-17-2048x1366.jpg 2048w\" sizes=\"auto, (min-width: 1200px) 260px, (min-width: 1024px) 220px, (min-width: 640px) 465px, 768px\" \/>    \n                <\/figure>\n                        <\/div>\n            <p>Vollintegrierte Solarmodule im Glasbalkon (Modell Vision)<\/p>        <\/div>\n                <\/div>\n\n          <\/div>\n    <\/section>\n\n<section class=\"wp-block-group alignfull has-white-background-color has-background has-global-padding is-layout-constrained wp-container-core-group-is-layout-9fa1424c wp-block-group-is-layout-constrained\" style=\"padding-top:0\">\n<div class=\"wp-block-columns is-style-offset m-split is-layout-flex wp-container-core-columns-is-layout-28f84493 wp-block-columns-is-layout-flex\">\n<div class=\"wp-block-column is-layout-flow wp-block-column-is-layout-flow\"><div class=\"vp-map-wrapper vp-map-ratio-19-1\"><img decoding=\"async\" width=\"2000\" height=\"1132\" src=\"https:\/\/www.leeb-balkone.com\/app\/uploads\/2026\/03\/map-it.jpg\" class=\"attachment-full size-full\" alt=\"Mappa italiana: Partner commerciali (puntine arancioni) e showroom\/sedi (puntine verdi) di Leeb Balkone GmbH in Italia\" style=\"width:100%;height:100%;object-fit:cover;display:block;\" loading=\"lazy\" srcset=\"https:\/\/www.leeb-balkone.com\/app\/uploads\/2026\/03\/map-it.jpg 2000w, https:\/\/www.leeb-balkone.com\/app\/uploads\/2026\/03\/map-it-300x170.jpg 300w, https:\/\/www.leeb-balkone.com\/app\/uploads\/2026\/03\/map-it-1024x580.jpg 1024w, https:\/\/www.leeb-balkone.com\/app\/uploads\/2026\/03\/map-it-768x435.jpg 768w, https:\/\/www.leeb-balkone.com\/app\/uploads\/2026\/03\/map-it-1536x869.jpg 1536w\" sizes=\"auto, (min-width: 1536px) 2048px, (min-width: 992px) 1536px, (min-width: 768px) 1024px, (min-width: 576px) 768px, 100vw\" \/><\/div>\n<\/div>\n\n\n\n<div class=\"wp-block-column is-vertically-aligned-center is-style-overlay-content is-layout-flow wp-block-column-is-layout-flow\">\n<div class=\"wp-block-group is-vertical is-layout-flex wp-container-core-group-is-layout-bd7877ba wp-block-group-is-layout-flex\">\n<h2 class=\"wp-block-heading has-step-2-font-size\">Partner commerciale Italia<\/h2>\n\n\n\n<p>Partner LEEB competenti nella tua regione. Consulenza personalizzata, progettazione accurata e installazione professionale &#8211; Italia. <\/p>\n\n\n\n<div class=\"wp-block-buttons is-layout-flex wp-block-buttons-is-layout-flex\" style=\"margin-top:var(--wp--preset--spacing--2-xs)\">\n<div class=\"wp-block-button is-style-cta\"><a class=\"wp-block-button__link has-transparent-background-color has-background wp-element-button\" href=\"https:\/\/www.leeb-balkone.com\/it\/partner-commerciali\/\">Trova un partner di vendita<span class=\"sr-only\"> Partner di vendita Leeb Balconi Italia<\/span><\/a><\/div>\n<\/div>\n<\/div>\n<\/div>\n<\/div>\n<\/section>\n\n<section class=\"wp-block-group alignfull has-light-gray-background-color has-background has-global-padding is-layout-constrained wp-container-core-group-is-layout-52f96efc wp-block-group-is-layout-constrained\" id=\"beratungstermin\">\n<div class=\"wp-block-group m-teaser o-grid u-md-1 is-layout-flow wp-block-group-is-layout-flow\">\n<div class=\"wp-block-group u-g-7 u-g-s-2 is-layout-flow wp-block-group-is-layout-flow\" style=\"margin-bottom:var(--wp--preset--spacing--s)\">\n<h2 class=\"wp-block-heading\">Mettiti in contatto con noi<\/h2>\n\n\n\n<p><strong><strong>C&#8217;\u00e8 sempre un partner Leeb vicino a te: 80 partner in Austria, Germania, Italia, Francia, Svizzera e Slovenia.<\/strong><\/strong><\/p>\n<\/div>\n<\/div>\n\n\n\n<div class=\"wp-block-group m-teaser o-grid u-md-1 is-layout-flow wp-block-group-is-layout-flow\">\n<div class=\"wp-block-group u-g-7 u-g-s-2 is-layout-flow wp-block-group-is-layout-flow\" style=\"margin-bottom:var(--wp--preset--spacing--s)\"><form action=\"https:\/\/www.leeb-balkone.com\/it\/wp-json\/ws-form\/v1\/submit\" class=\"wsf-form wsf-form-canvas\" id=\"ws-form-1\" data-id=\"8\" data-instance-id=\"1\" method=\"POST\"><\/form>\n<\/div>\n\n\n\n<div class=\"wp-block-group u-g-3 u-g-s-9 is-layout-flow wp-block-group-is-layout-flow\"><div class=\"t3-sidebar-buttons wp-block-buttons is-layout-flex wp-block-buttons-is-layout-flex\"><div class=\"wp-block-button is-style-fill icon-book icon-left\">\n                        <a class=\"wp-block-button__link has-secondary-color has-white-background-color has-text-color has-background has-link-color wp-element-button\" href=\"https:\/\/www.leeb-balkone.com\/it\/contatti\/richiesta-catalogo\/\" style=\"box-shadow:var(--wp--preset--shadow--box-shadow)\">Richiesta catalogo<\/a>\n                    <\/div><div class=\"wp-block-button is-style-fill icon-phone-new icon-left\">\n                        <a class=\"wp-block-button__link has-secondary-color has-white-background-color has-text-color has-background has-link-color wp-element-button\" href=\"tel:+393711472844\">Telefono Italia <span class=\"sr-only\"> Telefono: +39 371 1472844<\/span><\/a>\n                    <\/div><\/div>\n<\/div>\n<\/div>\n<\/section>\n","protected":false},"excerpt":{"rendered":"","protected":false},"author":4,"featured_media":0,"parent":155408,"menu_order":0,"comment_status":"closed","ping_status":"closed","template":"template-onepager.blade.php","meta":{"_acf_changed":false,"footnotes":"","_sage_theme_css":true,"_wp_block_core_css":true},"folder":[244,238,250],"class_list":["post-163719","page","type-page","status-publish","hentry"],"acf":[],"yoast_head":"<!-- This site is optimized with the Yoast SEO plugin v27.2 - https:\/\/yoast.com\/product\/yoast-seo-wordpress\/ -->\n<title>Balcone solare &quot; Ringhiera del balcone con moduli fotovoltaici - BALCONI LEEB Italia<\/title>\n<meta name=\"description\" content=\"Il balcone solare Leeb combina un design pluripremiato con la produzione di energia sostenibile. I moduli fotovoltaici completamente integrati nella ringhiera forniscono elettricit\u00e0 verde e riducono i costi. Scopri di pi\u00f9!\" \/>\n<meta name=\"robots\" content=\"index, follow, max-snippet:-1, max-image-preview:large, max-video-preview:-1\" \/>\n<meta property=\"og:locale\" content=\"it_IT\" \/>\n<meta property=\"og:type\" content=\"article\" \/>\n<meta property=\"og:title\" content=\"Balcone solare &quot; Ringhiera del balcone con moduli fotovoltaici - BALCONI LEEB\" \/>\n<meta property=\"og:description\" content=\"Il balcone solare Leeb combina un design pluripremiato con la produzione di energia sostenibile. I moduli fotovoltaici completamente integrati nella ringhiera forniscono elettricit\u00e0 verde e riducono i costi. Scopri di pi\u00f9!\" \/>\n<meta property=\"og:url\" content=\"https:\/\/www.leeb-balkone.com\/it\/fotovoltaico\/balcone-fotovoltaico\/\" \/>\n<meta property=\"og:site_name\" content=\"BALCONI LEEB\" \/>\n<meta property=\"article:publisher\" content=\"https:\/\/www.facebook.com\/balkone\/\" \/>\n<meta property=\"article:modified_time\" content=\"2026-03-19T13:12:28+00:00\" \/>\n<meta property=\"og:image\" content=\"https:\/\/www.leeb-balkone.com\/app\/uploads\/2020\/07\/solarbalkon-optimus-innenansicht-mit-klarem-glas-scaled.jpg\" \/>\n\t<meta property=\"og:image:width\" content=\"2560\" \/>\n\t<meta property=\"og:image:height\" content=\"1706\" \/>\n\t<meta property=\"og:image:type\" content=\"image\/jpeg\" \/>\n<meta name=\"twitter:card\" content=\"summary_large_image\" \/>\n<script type=\"application\/ld+json\" class=\"yoast-schema-graph\">{\"@context\":\"https:\/\/schema.org\",\"@graph\":[{\"@type\":\"WebPage\",\"@id\":\"https:\/\/www.leeb-balkone.com\/it\/fotovoltaico\/balcone-fotovoltaico\/\",\"url\":\"https:\/\/www.leeb-balkone.com\/it\/fotovoltaico\/balcone-fotovoltaico\/\",\"name\":\"Balcone solare \\\" Ringhiera del balcone con moduli fotovoltaici - BALCONI LEEB\",\"isPartOf\":{\"@id\":\"https:\/\/www.leeb-balkone.com\/it\/#website\"},\"primaryImageOfPage\":{\"@id\":\"https:\/\/www.leeb-balkone.com\/it\/fotovoltaico\/balcone-fotovoltaico\/#primaryimage\"},\"image\":{\"@id\":\"https:\/\/www.leeb-balkone.com\/it\/fotovoltaico\/balcone-fotovoltaico\/#primaryimage\"},\"thumbnailUrl\":\"https:\/\/www.leeb-balkone.com\/app\/uploads\/2020\/07\/solarbalkon-optimus-innenansicht-mit-klarem-glas-1024x682.jpg\",\"datePublished\":\"2026-01-28T18:34:03+00:00\",\"dateModified\":\"2026-03-19T13:12:28+00:00\",\"description\":\"Il balcone solare Leeb combina un design pluripremiato con la produzione di energia sostenibile. I moduli fotovoltaici completamente integrati nella ringhiera forniscono elettricit\u00e0 verde e riducono i costi. Scopri di pi\u00f9!\",\"breadcrumb\":{\"@id\":\"https:\/\/www.leeb-balkone.com\/it\/fotovoltaico\/balcone-fotovoltaico\/#breadcrumb\"},\"inLanguage\":\"it-IT\",\"potentialAction\":[{\"@type\":\"ReadAction\",\"target\":[\"https:\/\/www.leeb-balkone.com\/it\/fotovoltaico\/balcone-fotovoltaico\/\"]}]},{\"@type\":\"ImageObject\",\"inLanguage\":\"it-IT\",\"@id\":\"https:\/\/www.leeb-balkone.com\/it\/fotovoltaico\/balcone-fotovoltaico\/#primaryimage\",\"url\":\"https:\/\/www.leeb-balkone.com\/app\/uploads\/2020\/07\/solarbalkon-optimus-innenansicht-mit-klarem-glas-1024x682.jpg\",\"contentUrl\":\"https:\/\/www.leeb-balkone.com\/app\/uploads\/2020\/07\/solarbalkon-optimus-innenansicht-mit-klarem-glas-1024x682.jpg\"},{\"@type\":\"BreadcrumbList\",\"@id\":\"https:\/\/www.leeb-balkone.com\/it\/fotovoltaico\/balcone-fotovoltaico\/#breadcrumb\",\"itemListElement\":[{\"@type\":\"ListItem\",\"position\":1,\"name\":\"Home\",\"item\":\"https:\/\/www.leeb-balkone.com\/it\/\"},{\"@type\":\"ListItem\",\"position\":2,\"name\":\"Prodotti solari\",\"item\":\"https:\/\/www.leeb-balkone.com\/it\/fotovoltaico\/\"},{\"@type\":\"ListItem\",\"position\":3,\"name\":\"Balcone Fotovoltaico\"}]},{\"@type\":\"WebSite\",\"@id\":\"https:\/\/www.leeb-balkone.com\/it\/#website\",\"url\":\"https:\/\/www.leeb-balkone.com\/it\/\",\"name\":\"BALCONI LEEB\",\"description\":\"Balkone und Z\u00e4une\",\"publisher\":{\"@id\":\"https:\/\/www.leeb-balkone.com\/it\/#organization\"},\"potentialAction\":[{\"@type\":\"SearchAction\",\"target\":{\"@type\":\"EntryPoint\",\"urlTemplate\":\"https:\/\/www.leeb-balkone.com\/it\/?s={search_term_string}\"},\"query-input\":{\"@type\":\"PropertyValueSpecification\",\"valueRequired\":true,\"valueName\":\"search_term_string\"}}],\"inLanguage\":\"it-IT\"},{\"@type\":\"Organization\",\"@id\":\"https:\/\/www.leeb-balkone.com\/it\/#organization\",\"name\":\"Leeb Balkone Gmbh\",\"url\":\"https:\/\/www.leeb-balkone.com\/it\/\",\"logo\":{\"@type\":\"ImageObject\",\"inLanguage\":\"it-IT\",\"@id\":\"https:\/\/www.leeb-balkone.com\/it\/#\/schema\/logo\/image\/\",\"url\":\"https:\/\/www.leeb-balkone.com\/app\/uploads\/2020\/11\/leeb-logo.svg\",\"contentUrl\":\"https:\/\/www.leeb-balkone.com\/app\/uploads\/2020\/11\/leeb-logo.svg\",\"width\":741,\"height\":204,\"caption\":\"Leeb Balkone Gmbh\"},\"image\":{\"@id\":\"https:\/\/www.leeb-balkone.com\/it\/#\/schema\/logo\/image\/\"},\"sameAs\":[\"https:\/\/www.facebook.com\/balkone\/\",\"https:\/\/www.trustedshops.at\/bewertung\/info_X4587CCF5833E31AFE0B11F47D86999F2.html\",\"https:\/\/www.trustedshops.de\/bewertung\/info_X7BA536A7A0BDC86D36C4718E4DCAEEEF.html\",\"https:\/\/www.google.com\/maps\/place\/?q=place_id:ChIJ5-zH19-IcEcR9HonWRTllHI\"]}]}<\/script>\n<!-- \/ Yoast SEO plugin. -->","yoast_head_json":{"title":"Balcone solare \" Ringhiera del balcone con moduli fotovoltaici - BALCONI LEEB Italia","description":"Il balcone solare Leeb combina un design pluripremiato con la produzione di energia sostenibile. I moduli fotovoltaici completamente integrati nella ringhiera forniscono elettricit\u00e0 verde e riducono i costi. Scopri di pi\u00f9!","robots":{"index":"index","follow":"follow","max-snippet":"max-snippet:-1","max-image-preview":"max-image-preview:large","max-video-preview":"max-video-preview:-1"},"og_locale":"it_IT","og_type":"article","og_title":"Balcone solare \" Ringhiera del balcone con moduli fotovoltaici - BALCONI LEEB","og_description":"Il balcone solare Leeb combina un design pluripremiato con la produzione di energia sostenibile. I moduli fotovoltaici completamente integrati nella ringhiera forniscono elettricit\u00e0 verde e riducono i costi. Scopri di pi\u00f9!","og_url":"https:\/\/www.leeb-balkone.com\/it\/fotovoltaico\/balcone-fotovoltaico\/","og_site_name":"BALCONI LEEB","article_publisher":"https:\/\/www.facebook.com\/balkone\/","article_modified_time":"2026-03-19T13:12:28+00:00","og_image":[{"width":2560,"height":1706,"url":"https:\/\/www.leeb-balkone.com\/app\/uploads\/2020\/07\/solarbalkon-optimus-innenansicht-mit-klarem-glas-scaled.jpg","type":"image\/jpeg"}],"twitter_card":"summary_large_image","schema":{"@context":"https:\/\/schema.org","@graph":[{"@type":"WebPage","@id":"https:\/\/www.leeb-balkone.com\/it\/fotovoltaico\/balcone-fotovoltaico\/","url":"https:\/\/www.leeb-balkone.com\/it\/fotovoltaico\/balcone-fotovoltaico\/","name":"Balcone solare \" Ringhiera del balcone con moduli fotovoltaici - BALCONI LEEB","isPartOf":{"@id":"https:\/\/www.leeb-balkone.com\/it\/#website"},"primaryImageOfPage":{"@id":"https:\/\/www.leeb-balkone.com\/it\/fotovoltaico\/balcone-fotovoltaico\/#primaryimage"},"image":{"@id":"https:\/\/www.leeb-balkone.com\/it\/fotovoltaico\/balcone-fotovoltaico\/#primaryimage"},"thumbnailUrl":"https:\/\/www.leeb-balkone.com\/app\/uploads\/2020\/07\/solarbalkon-optimus-innenansicht-mit-klarem-glas-1024x682.jpg","datePublished":"2026-01-28T18:34:03+00:00","dateModified":"2026-03-19T13:12:28+00:00","description":"Il balcone solare Leeb combina un design pluripremiato con la produzione di energia sostenibile. I moduli fotovoltaici completamente integrati nella ringhiera forniscono elettricit\u00e0 verde e riducono i costi. Scopri di pi\u00f9!","breadcrumb":{"@id":"https:\/\/www.leeb-balkone.com\/it\/fotovoltaico\/balcone-fotovoltaico\/#breadcrumb"},"inLanguage":"it-IT","potentialAction":[{"@type":"ReadAction","target":["https:\/\/www.leeb-balkone.com\/it\/fotovoltaico\/balcone-fotovoltaico\/"]}]},{"@type":"ImageObject","inLanguage":"it-IT","@id":"https:\/\/www.leeb-balkone.com\/it\/fotovoltaico\/balcone-fotovoltaico\/#primaryimage","url":"https:\/\/www.leeb-balkone.com\/app\/uploads\/2020\/07\/solarbalkon-optimus-innenansicht-mit-klarem-glas-1024x682.jpg","contentUrl":"https:\/\/www.leeb-balkone.com\/app\/uploads\/2020\/07\/solarbalkon-optimus-innenansicht-mit-klarem-glas-1024x682.jpg"},{"@type":"BreadcrumbList","@id":"https:\/\/www.leeb-balkone.com\/it\/fotovoltaico\/balcone-fotovoltaico\/#breadcrumb","itemListElement":[{"@type":"ListItem","position":1,"name":"Home","item":"https:\/\/www.leeb-balkone.com\/it\/"},{"@type":"ListItem","position":2,"name":"Prodotti solari","item":"https:\/\/www.leeb-balkone.com\/it\/fotovoltaico\/"},{"@type":"ListItem","position":3,"name":"Balcone Fotovoltaico"}]},{"@type":"WebSite","@id":"https:\/\/www.leeb-balkone.com\/it\/#website","url":"https:\/\/www.leeb-balkone.com\/it\/","name":"BALCONI LEEB","description":"Balkone und Z\u00e4une","publisher":{"@id":"https:\/\/www.leeb-balkone.com\/it\/#organization"},"potentialAction":[{"@type":"SearchAction","target":{"@type":"EntryPoint","urlTemplate":"https:\/\/www.leeb-balkone.com\/it\/?s={search_term_string}"},"query-input":{"@type":"PropertyValueSpecification","valueRequired":true,"valueName":"search_term_string"}}],"inLanguage":"it-IT"},{"@type":"Organization","@id":"https:\/\/www.leeb-balkone.com\/it\/#organization","name":"Leeb Balkone Gmbh","url":"https:\/\/www.leeb-balkone.com\/it\/","logo":{"@type":"ImageObject","inLanguage":"it-IT","@id":"https:\/\/www.leeb-balkone.com\/it\/#\/schema\/logo\/image\/","url":"https:\/\/www.leeb-balkone.com\/app\/uploads\/2020\/11\/leeb-logo.svg","contentUrl":"https:\/\/www.leeb-balkone.com\/app\/uploads\/2020\/11\/leeb-logo.svg","width":741,"height":204,"caption":"Leeb Balkone Gmbh"},"image":{"@id":"https:\/\/www.leeb-balkone.com\/it\/#\/schema\/logo\/image\/"},"sameAs":["https:\/\/www.facebook.com\/balkone\/","https:\/\/www.trustedshops.at\/bewertung\/info_X4587CCF5833E31AFE0B11F47D86999F2.html","https:\/\/www.trustedshops.de\/bewertung\/info_X7BA536A7A0BDC86D36C4718E4DCAEEEF.html","https:\/\/www.google.com\/maps\/place\/?q=place_id:ChIJ5-zH19-IcEcR9HonWRTllHI"]}]}},"_links":{"self":[{"href":"https:\/\/www.leeb-balkone.com\/it\/wp-json\/wp\/v2\/pages\/163719","targetHints":{"allow":["GET"]}}],"collection":[{"href":"https:\/\/www.leeb-balkone.com\/it\/wp-json\/wp\/v2\/pages"}],"about":[{"href":"https:\/\/www.leeb-balkone.com\/it\/wp-json\/wp\/v2\/types\/page"}],"author":[{"embeddable":true,"href":"https:\/\/www.leeb-balkone.com\/it\/wp-json\/wp\/v2\/users\/4"}],"replies":[{"embeddable":true,"href":"https:\/\/www.leeb-balkone.com\/it\/wp-json\/wp\/v2\/comments?post=163719"}],"version-history":[{"count":4,"href":"https:\/\/www.leeb-balkone.com\/it\/wp-json\/wp\/v2\/pages\/163719\/revisions"}],"predecessor-version":[{"id":166267,"href":"https:\/\/www.leeb-balkone.com\/it\/wp-json\/wp\/v2\/pages\/163719\/revisions\/166267"}],"up":[{"embeddable":true,"href":"https:\/\/www.leeb-balkone.com\/it\/wp-json\/wp\/v2\/pages\/155408"}],"wp:attachment":[{"href":"https:\/\/www.leeb-balkone.com\/it\/wp-json\/wp\/v2\/media?parent=163719"}],"wp:term":[{"taxonomy":"folder","embeddable":true,"href":"https:\/\/www.leeb-balkone.com\/it\/wp-json\/wp\/v2\/folder?post=163719"}],"curies":[{"name":"wp","href":"https:\/\/api.w.org\/{rel}","templated":true}]}}