{"id":163076,"date":"2026-01-19T11:47:04","date_gmt":"2026-01-19T11:47:04","guid":{"rendered":"https:\/\/www.leeb-balkone.com\/tettoie-e-carport\/giardino-estivo\/"},"modified":"2026-01-27T14:16:39","modified_gmt":"2026-01-27T14:16:39","slug":"giardino-estivo","status":"publish","type":"page","link":"https:\/\/www.leeb-balkone.com\/it\/tettoie-e-carport\/giardino-estivo\/","title":{"rendered":"Giardino estivo"},"content":{"rendered":"\n<section class=\"wp-block-group alignfull t3-header t3-header-splitscreen t3-splitscreen-shadow h-zi-20 has-light-gray-background-color has-background has-global-padding is-layout-constrained wp-container-core-group-is-layout-f1ad4950 wp-block-group-is-layout-constrained\" style=\"padding-top:0;padding-bottom:0\">\n<div class=\"wp-block-columns h-flx-a-s m-split is-layout-flex wp-container-core-columns-is-layout-28f84493 wp-block-columns-is-layout-flex\">\n<div class=\"wp-block-column is-vertically-aligned-top h-flx-a-s m-split-col-content is-layout-flow wp-block-column-is-layout-flow\"><div class=\"yoast-breadcrumbs\"><span><span><a href=\"https:\/\/www.leeb-balkone.com\/it\/\">Home<\/a><\/span> \/ <span><a href=\"https:\/\/www.leeb-balkone.com\/it\/tettoie-e-carport\/\">Pensiline e giardini estivi<\/a><\/span> \/ <span class=\"breadcrumb_last\" aria-current=\"page\">Giardino estivo<\/span><\/span><\/div>\n\n<h1 class=\"wp-block-post-title\">Giardino estivo<\/h1>\n\n\n<p class=\"has-step-0-font-size\" style=\"margin-bottom:0\">Con un giardino estivo di Leeb, puoi prolungare comodamente la stagione del patio. Le vetrate a tutto tondo proteggono dal vento e dalle intemperie e catturano molta luce solare. La copertura del patio diventa un accogliente giardino estivo.<\/p>\n\n\n\n<div class=\"wp-block-buttons is-layout-flex wp-block-buttons-is-layout-flex\" style=\"margin-top:var(--wp--preset--spacing--l)\">\n<div class=\"wp-block-button is-style-cta icon-book icon-left\"><a class=\"wp-block-button__link wp-element-button\" href=\"https:\/\/www.leeb-balkone.com\/it\/contatti\/richiesta-catalogo\/\">Richiedi il catalogo<\/a><\/div>\n\n\n\n<div class=\"wp-block-button is-style-cta icon-vp icon-left\"><a class=\"wp-block-button__link wp-element-button\" href=\"https:\/\/www.leeb-balkone.com\/it\/partner-commerciali\/\">Trova una persona di contatto<span class=\"sr-only\"> Italia<\/span><\/a><\/div>\n<\/div>\n<\/div>\n\n\n\n<div class=\"wp-block-column is-vertically-aligned-stretch h-hide-md-down is-style-image-cover is-layout-flow wp-block-column-is-layout-flow\">\n<figure class=\"wp-block-image size-large\"><img loading=\"lazy\" decoding=\"async\" width=\"1024\" height=\"684\" src=\"https:\/\/www.leeb-balkone.com\/app\/uploads\/2020\/07\/glas-sommergarten-terrassenueberdachung-5-1024x684.jpg\" alt=\"glas sommergarten terrassenueberdachung\" class=\"wp-image-59462\" srcset=\"https:\/\/www.leeb-balkone.com\/app\/uploads\/2020\/07\/glas-sommergarten-terrassenueberdachung-5-1024x684.jpg 1024w, https:\/\/www.leeb-balkone.com\/app\/uploads\/2020\/07\/glas-sommergarten-terrassenueberdachung-5-300x200.jpg 300w, https:\/\/www.leeb-balkone.com\/app\/uploads\/2020\/07\/glas-sommergarten-terrassenueberdachung-5-768x513.jpg 768w, https:\/\/www.leeb-balkone.com\/app\/uploads\/2020\/07\/glas-sommergarten-terrassenueberdachung-5-1536x1025.jpg 1536w, https:\/\/www.leeb-balkone.com\/app\/uploads\/2020\/07\/glas-sommergarten-terrassenueberdachung-5-scaled.jpg 2048w\" sizes=\"auto, (max-width: 1024px) 100vw, 1024px\" \/><\/figure>\n<\/div>\n<\/div>\n<\/section>\n\n\n\n<section class=\"wp-block-group alignfull has-white-background-color has-background has-global-padding is-layout-constrained wp-container-core-group-is-layout-52f96efc wp-block-group-is-layout-constrained\" id=\"modelle\">\n<div class=\"wp-block-group m-teaser o-grid u-md-1 is-layout-flow wp-block-group-is-layout-flow\">\n<div class=\"wp-block-group u-g-9 u-g-s-2 is-layout-flow wp-block-group-is-layout-flow\" style=\"margin-bottom:var(--wp--preset--spacing--s)\">\n<p class=\"has-text-align-left\"><em><strong>&#8220;Ampliamento dello spazio abitativo per eccellenza &#8211; terrazza benessere w<em><strong><em><strong>con giardino estivo Leeb<\/strong><\/em><\/strong><\/em>.&#8221;<\/strong><\/em><\/p>\n<\/div>\n<\/div>\n\n\n\n<div class=\"wp-block-columns is-layout-flex wp-container-core-columns-is-layout-28f84493 wp-block-columns-is-layout-flex\">\n<div class=\"wp-block-column is-layout-flow wp-block-column-is-layout-flow\" style=\"flex-basis:66.66%\"><div class=\"tgs-gallery\" data-tablet-slides=\"4\" data-desktop-slides=\"5\"><div class=\"t3-tgs swiper mainSlider\">\n                <div class=\"has-icon icon-enlarge\"><\/div>\n                <div class=\"swiper-wrapper lg-swiper\"><div class=\"swiper-slide\"><a href=\"https:\/\/www.leeb-balkone.com\/app\/uploads\/2020\/07\/glas-sommergarten-terrassenueberdachung-scaled.jpg\"><img decoding=\"async\" src=\"https:\/\/www.leeb-balkone.com\/app\/uploads\/2020\/07\/glas-sommergarten-terrassenueberdachung-scaled.jpg\" alt=\"\u00dcberdachte und gesch\u00fctzte Lebensraumerweiterung - Leeb Sommergarten\"><\/a><div class=\"tgs-desc\">Ampliamento dello spazio abitativo coperto e protetto &#8211; Giardino estivo Leeb<\/div><\/div><div class=\"swiper-slide\"><a href=\"https:\/\/www.leeb-balkone.com\/app\/uploads\/2020\/07\/Sommergarten-Ueberdachung-Toscana-mit-Schiebeelementen-Markise-Boden-10-scaled.jpg\"><img decoding=\"async\" src=\"https:\/\/www.leeb-balkone.com\/app\/uploads\/2020\/07\/Sommergarten-Ueberdachung-Toscana-mit-Schiebeelementen-Markise-Boden-10-scaled.jpg\" alt=\"Sommergarten mit Alu-Glas Schiebeelementen und Markisen\"><\/a><div class=\"tgs-desc\">Giardino estivo con tende da sole verticali come protezione dal sole e dagli sguardi indiscreti<\/div><\/div><div class=\"swiper-slide\"><a href=\"https:\/\/www.leeb-balkone.com\/app\/uploads\/2020\/07\/glas-sommergarten-24-scaled.jpg\"><img decoding=\"async\" src=\"https:\/\/www.leeb-balkone.com\/app\/uploads\/2020\/07\/glas-sommergarten-24-scaled.jpg\" alt=\"Sommergarten mit schr\u00e4ggestellten Alu-Lamellen in Holzoptik\"><\/a><div class=\"tgs-desc\">Oasi di benessere coperta in giardino con lamelle inclinate in alluminio effetto legno &#8211; Giardino estivo Leeb<\/div><\/div><div class=\"swiper-slide\"><a href=\"https:\/\/www.leeb-balkone.com\/app\/uploads\/2020\/07\/glas-sommergarten-1-scaled.jpg\"><img decoding=\"async\" src=\"https:\/\/www.leeb-balkone.com\/app\/uploads\/2020\/07\/glas-sommergarten-1-scaled.jpg\" alt=\"Rattan-Garnitur und Lounge-Kugel im Alu Sommergarten\"><\/a><div class=\"tgs-desc\">Sala da pranzo all&#039;aperto con protezione dal sole grazie a una tenda da sole sopra il tetto &#8211; Giardino estivo Leeb<\/div><\/div><\/div><div class=\"mainSliderPrev\"><\/div><div class=\"mainSliderNext\"><\/div><div class=\"main_slider_dots\"><\/div><\/div><div class=\"swiper thumbSlider\"><div class=\"swiper-wrapper wp-block-t3-carousel-wrapper\"><div class=\"swiper-slide\"><img decoding=\"async\" src=\"https:\/\/www.leeb-balkone.com\/app\/uploads\/2020\/07\/glas-sommergarten-terrassenueberdachung-1024x684.jpg\" alt=\"\u00dcberdachte und gesch\u00fctzte Lebensraumerweiterung - Leeb Sommergarten\" \/><\/div><div class=\"swiper-slide\"><img decoding=\"async\" src=\"https:\/\/www.leeb-balkone.com\/app\/uploads\/2020\/07\/Sommergarten-Ueberdachung-Toscana-mit-Schiebeelementen-Markise-Boden-10-1024x683.jpg\" alt=\"Sommergarten mit Alu-Glas Schiebeelementen und Markisen\" \/><\/div><div class=\"swiper-slide\"><img decoding=\"async\" src=\"https:\/\/www.leeb-balkone.com\/app\/uploads\/2020\/07\/glas-sommergarten-24-1024x684.jpg\" alt=\"Sommergarten mit schr\u00e4ggestellten Alu-Lamellen in Holzoptik\" \/><\/div><div class=\"swiper-slide\"><img decoding=\"async\" src=\"https:\/\/www.leeb-balkone.com\/app\/uploads\/2020\/07\/glas-sommergarten-1-1024x684.jpg\" alt=\"Rattan-Garnitur und Lounge-Kugel im Alu Sommergarten\" \/><\/div><\/div><div class=\"thumbSliderPrev swiper-button-prev\"><\/div><div class=\"thumbSliderNext swiper-button-next\"><\/div><\/div><\/div><\/div>\n\n\n\n<div class=\"wp-block-column is-layout-flow wp-block-column-is-layout-flow\" style=\"flex-basis:33.33%\">\n<h2 class=\"wp-block-heading has-step-2-font-size\">Protezione a tutto tondo<\/h2>\n\n\n\n<p>Il giardino estivo Leeb colpisce per la sua struttura completamente chiusa in alluminio e vetro, che offre la massima stabilit\u00e0, resistenza alle intemperie e durata. Gli elementi scorrevoli laterali o scorrevoli\/oscillanti in vetro stratificato di sicurezza consentono di adattarsi in modo flessibile alle condizioni atmosferiche e all&#8217;uso, mentre le tende da sole radiocomandate e i vari elementi per la privacy offrono comfort e protezione individuale.<\/p>\n\n\n\n<ul class=\"wp-block-list is-style-checkmark-2\">\n<li>Tetto a terrazza con elementi laterali<\/li>\n\n\n\n<li>Numerose opzioni di design<\/li>\n\n\n\n<li>Con tutti i vantaggi di Leeb<\/li>\n<\/ul>\n<\/div>\n<\/div>\n\n\n\n<div class=\"wp-block-group m-teaser o-grid u-md-1 is-layout-flow wp-block-group-is-layout-flow\" style=\"margin-top:0;padding-top:var(--wp--preset--spacing--xl-2-xl)\">\n<div class=\"wp-block-group u-g-10 u-g-s-2 is-layout-flow wp-block-group-is-layout-flow\" style=\"margin-top:0;margin-bottom:var(--wp--preset--spacing--s)\"><div class=\"wp-block-t3-tabs t3-tabs t3-tabs--centered\" data-uniqueid=\"tabs-8f57f258\" data-use-headings=\"false\" data-heading-level=\"h2\"><ul class=\"t3-tabs__list\" role=\"tablist\"><li role=\"presentation\"><button role=\"tab\" id=\"tabs-8f57f258-tab-0\" aria-controls=\"tabs-8f57f258-panel-0\" class=\"t3-tabs__tab-button t3-tabs__tab-button--active\" aria-selected=\"true\" tabindex=\"0\"><div class=\"t3-tabs__tab-button-inner\"><span class=\"t3-tabs__tab-title\">Struttura e descrizione<\/span><\/div><\/button><\/li><li role=\"presentation\"><button role=\"tab\" id=\"tabs-8f57f258-tab-1\" aria-controls=\"tabs-8f57f258-panel-1\" class=\"t3-tabs__tab-button\" aria-selected=\"false\" tabindex=\"-1\"><div class=\"t3-tabs__tab-button-inner\"><span class=\"t3-tabs__tab-title\">Attrezzature e opzioni<\/span><\/div><\/button><\/li><li role=\"presentation\"><button role=\"tab\" id=\"tabs-8f57f258-tab-2\" aria-controls=\"tabs-8f57f258-panel-2\" class=\"t3-tabs__tab-button\" aria-selected=\"false\" tabindex=\"-1\"><div class=\"t3-tabs__tab-button-inner\"><span class=\"t3-tabs__tab-title\">Sicurezza e qualit\u00e0<\/span><\/div><\/button><\/li><\/ul><div class=\"t3-tabs__panels\"><div class=\"t3-tab__content t3-tabs__panel\" role=\"tabpanel\" id=\"tabs-8f57f258-panel-0\" aria-labelledby=\"tabs-8f57f258-tab-0\">\n\n\n<!-- LEEB Balkone GmbH Video: Die neuen Jahreszeiten im LEEB-SOMMERGARTEN genie\u00dfen -->\n<div class=\"video-container\" style=\"position:relative; padding-bottom:56.25%; height:0; overflow:hidden;\">\n  <iframe src=\"https:\/\/www.youtube.com\/embed\/u0EMw_4yXJM?rel=0\" width=\"560\" height=\"315\" title=\"Goditi le nuove stagioni nel LEEB-SOMMERGARTEN\" frameborder=\"0\" allow=\"accelerometer; autoplay; clipboard-write; encrypted-media; gyroscope; picture-in-picture; web-share\" allowfullscreen=\"\" loading=\"lazy\" tabindex=\"0\">\n  <\/iframe>\n<\/div>\n<!-- Structured Data f\u00fcr SEO -->\n<script type=\"application\/ld+json\">\n{\n  \"@context\": \"https:\/\/schema.org\",\n  \"@type\": \"VideoObject\",\n  \"name\": \"Die neuen Jahreszeiten im LEEB-SOMMERGARTEN genie\u00dfen\",\n  \"description\": \"Wie Sie sich jede Jahreszeit zu Ihrer Lieblingsjahreszeit machen k\u00f6nnen, verr\u00e4t Ihnen dieses Video.\",\n  \"thumbnailUrl\": \"https:\/\/i.ytimg.com\/vi\/u0EMw_4yXJM\/hqdefault.jpg\",\n  \"uploadDate\": \"2022-11-30\",\n  \"duration\": \"PT2M19S\",\n  \"publisher\": {\n    \"@type\": \"Organization\",\n    \"name\": \"LEEB Balkone GmbH\"\n  },\n  \"contentUrl\": \"https:\/\/www.youtube.com\/watch?v=u0EMw_4yXJM\"\n}\n<\/script>\n\n\n\n<p><\/p>\n\n\n\n<p>Goditi il tuo giardino quasi tutto l&#8217;anno: il giardino estivo Leeb \u00e8 uno spazio completamente vetrato e chiuso che si armonizza con la tua casa e offre la massima flessibilit\u00e0.<\/p>\n\n\n\n<ul class=\"wp-block-list\">\n<li>Robusta struttura in alluminio con vetri a tutto tondo<\/li>\n\n\n\n<li>Elementi scorrevoli o scorrevoli-rotanti per un&#8217;apertura flessibile<\/li>\n\n\n\n<li>Possibilit\u00e0 di transizioni senza barriere<\/li>\n\n\n\n<li>Pianificazione personalizzata ed espandibile in modo modulare<\/li>\n<\/ul>\n<\/div><div class=\"t3-tab__content t3-tabs__panel\" role=\"tabpanel\" id=\"tabs-8f57f258-panel-1\" aria-labelledby=\"tabs-8f57f258-tab-1\">\n<p>Progetta il tuo giardino estivo secondo i tuoi desideri, per un comfort e un&#8217;atmosfera piacevole in qualsiasi periodo dell&#8217;anno.<\/p>\n\n\n\n<ul class=\"wp-block-list is-style-default\">\n<li>Vari schermi per la privacy ed elementi in vetro (trasparente, opaco, grigio, a lamelle)<\/li>\n\n\n\n<li>Illuminazione LED integrata e dimmerabile<\/li>\n\n\n\n<li>Tende da sole sul tetto e sui lati per proteggere dal sole e dalla privacy<\/li>\n\n\n\n<li>Ventilazione controllata, opzioni di apertura flessibili<\/li>\n<\/ul>\n<\/div><div class=\"t3-tab__content t3-tabs__panel\" role=\"tabpanel\" id=\"tabs-8f57f258-panel-2\" aria-labelledby=\"tabs-8f57f258-tab-2\">\n<p>Puoi contare su una qualit\u00e0 testata e su materiali durevoli, per una casa sicura e un divertimento duraturo.<\/p>\n\n\n\n<ul class=\"wp-block-list is-style-default\">\n<li>Vetro stratificato di sicurezza omologato CE (VSG)<\/li>\n\n\n\n<li>Calcolo statico per carichi di vento e neve<\/li>\n\n\n\n<li>Produzione certificata ISO, verniciatura a polvere senza manutenzione<\/li>\n\n\n\n<li>Consulenza personale e installazione specializzata da parte dei partner Leeb<\/li>\n<\/ul>\n<\/div><\/div><\/div><\/div>\n<\/div>\n<\/section>\n\n\n\n\n\n<section class=\"wp-block-group alignfull has-light-gray-background-color has-background has-global-padding is-layout-constrained wp-container-core-group-is-layout-52f96efc wp-block-group-is-layout-constrained\" id=\"service-qualitaet\">\n<div class=\"wp-block-group o-grid u-md-1 is-layout-flow wp-block-group-is-layout-flow\">\n<div class=\"wp-block-group u-g-9 u-g-s-2 is-layout-flow wp-block-group-is-layout-flow\" style=\"margin-bottom:var(--wp--preset--spacing--s)\">\n<h2 class=\"wp-block-heading\"><strong>Giardino estivo Leeb<\/strong><\/h2>\n\n\n\n<p><span class=\"teaser\">Un giardino estivo di Leeb \u00e8 la soluzione ideale per utilizzare il tuo patio in modo confortevole e, soprattutto, pi\u00f9 a lungo durante tutto l&#8217;anno: La struttura in alluminio vetrato offre una protezione affidabile dal vento, dalla pioggia e dalle intemperie, cattura la luce del sole e prolunga in modo significativo la stagione del tuo patio<\/span>.<\/p>\n\n\n\n<p>Con il giardino estivo Leeb Atrium ottieni una soluzione durevole, personalizzabile e sicura per l&#8217;ampliamento del tuo spazio abitativo, dalla progettazione all&#8217;installazione da un unico fornitore.<\/p>\n<\/div>\n<\/div>\n\n\n\n<div class=\"wp-block-group small is-style-white-cards sm-2-cols is-layout-grid wp-container-core-group-is-layout-7785d981 wp-block-group-is-layout-grid\">\n<div class=\"wp-block-group m-card has-modal is-layout-flow wp-container-core-group-is-layout-8a368f38 wp-block-group-is-layout-flow\" data-modal-id=\"150743\">\n<figure class=\"wp-block-image size-full\"><img loading=\"lazy\" decoding=\"async\" width=\"2560\" height=\"1920\" src=\"https:\/\/www.leeb-balkone.com\/app\/uploads\/2024\/08\/alu-terrassenueberdachung-elegant-highend-01-scaled.jpg\" alt=\"alu terrassenueberdachung elegant highend\" class=\"wp-image-140194\" srcset=\"https:\/\/www.leeb-balkone.com\/app\/uploads\/2024\/08\/alu-terrassenueberdachung-elegant-highend-01-scaled.jpg 2560w, https:\/\/www.leeb-balkone.com\/app\/uploads\/2024\/08\/alu-terrassenueberdachung-elegant-highend-01-300x225.jpg 300w, https:\/\/www.leeb-balkone.com\/app\/uploads\/2024\/08\/alu-terrassenueberdachung-elegant-highend-01-1024x768.jpg 1024w, https:\/\/www.leeb-balkone.com\/app\/uploads\/2024\/08\/alu-terrassenueberdachung-elegant-highend-01-768x576.jpg 768w, https:\/\/www.leeb-balkone.com\/app\/uploads\/2024\/08\/alu-terrassenueberdachung-elegant-highend-01-1536x1152.jpg 1536w, https:\/\/www.leeb-balkone.com\/app\/uploads\/2024\/08\/alu-terrassenueberdachung-elegant-highend-01-2048x1536.jpg 2048w\" sizes=\"auto, (max-width: 2560px) 100vw, 2560px\" \/><\/figure>\n\n\n\n<div class=\"wp-block-group m-card-content has-white-background-color has-background is-vertical is-layout-flex wp-container-core-group-is-layout-5580f018 wp-block-group-is-layout-flex\">\n<h3 class=\"wp-block-heading\">Il tetto giusto per ogni progetto<\/h3>\n\n\n\n<p>Tetto con un sistema: massima scelta, massima libert\u00e0 di progettazione.<\/p>\n<\/div>\n<a href=\"#overlay-150743\" class=\"open-modal-link\" aria-label=\"Open modal\"><span class=\"sr-only\">\u00d6ffne Modal<\/span><\/a><\/div>\n\n\n\n<div class=\"wp-block-group m-card has-modal is-layout-flow wp-container-core-group-is-layout-8a368f38 wp-block-group-is-layout-flow\" data-modal-id=\"150749\">\n<figure class=\"wp-block-image size-large is-style-default\"><img loading=\"lazy\" decoding=\"async\" width=\"1024\" height=\"767\" src=\"https:\/\/www.leeb-balkone.com\/app\/uploads\/2020\/08\/leeb-balkone-mitarbeiter-4-1024x767.jpeg\" alt=\"Installazione di una ringhiera per balcone in alluminio Leeb personalizzata\" class=\"wp-image-6083\" srcset=\"https:\/\/www.leeb-balkone.com\/app\/uploads\/2020\/08\/leeb-balkone-mitarbeiter-4-1024x767.jpeg 1024w, https:\/\/www.leeb-balkone.com\/app\/uploads\/2020\/08\/leeb-balkone-mitarbeiter-4-2048x1535.jpeg 2048w, https:\/\/www.leeb-balkone.com\/app\/uploads\/2020\/08\/leeb-balkone-mitarbeiter-4-300x225.jpeg 300w, https:\/\/www.leeb-balkone.com\/app\/uploads\/2020\/08\/leeb-balkone-mitarbeiter-4-768x575.jpeg 768w, https:\/\/www.leeb-balkone.com\/app\/uploads\/2020\/08\/leeb-balkone-mitarbeiter-4-1536x1151.jpeg 1536w\" sizes=\"auto, (max-width: 1024px) 100vw, 1024px\" \/><\/figure>\n\n\n\n<div class=\"wp-block-group m-card-content has-white-background-color has-background is-vertical is-layout-flex wp-container-core-group-is-layout-5580f018 wp-block-group-is-layout-flex\">\n<h3 class=\"wp-block-heading\">Un servizio completo per una realizzazione senza pensieri!<\/h3>\n\n\n\n<p>Servizio di consulenza in loco, configuratore 3D, produzione in fabbrica, consegna e installazione.<\/p>\n<\/div>\n<a href=\"#overlay-150749\" class=\"open-modal-link\" aria-label=\"Open modal\"><span class=\"sr-only\">\u00d6ffne Modal<\/span><\/a><\/div>\n\n\n\n<div class=\"wp-block-group m-card has-modal is-layout-flow wp-container-core-group-is-layout-8a368f38 wp-block-group-is-layout-flow\" data-modal-id=\"150746\">\n<figure class=\"wp-block-image size-full\"><img loading=\"lazy\" decoding=\"async\" width=\"2048\" height=\"1366\" src=\"https:\/\/www.leeb-balkone.com\/app\/uploads\/2022\/05\/glas-bearbeitung-zuschnitt--scaled.jpg\" alt=\"glas bearbeitung zuschnitt \" class=\"wp-image-83644\" srcset=\"https:\/\/www.leeb-balkone.com\/app\/uploads\/2022\/05\/glas-bearbeitung-zuschnitt--scaled.jpg 2048w, https:\/\/www.leeb-balkone.com\/app\/uploads\/2022\/05\/glas-bearbeitung-zuschnitt--300x200.jpg 300w, https:\/\/www.leeb-balkone.com\/app\/uploads\/2022\/05\/glas-bearbeitung-zuschnitt--1024x683.jpg 1024w, https:\/\/www.leeb-balkone.com\/app\/uploads\/2022\/05\/glas-bearbeitung-zuschnitt--768x512.jpg 768w, https:\/\/www.leeb-balkone.com\/app\/uploads\/2022\/05\/glas-bearbeitung-zuschnitt--1536x1024.jpg 1536w\" sizes=\"auto, (max-width: 2048px) 100vw, 2048px\" \/><\/figure>\n\n\n\n<div class=\"wp-block-group m-card-content has-white-background-color has-background is-vertical is-layout-flex wp-container-core-group-is-layout-5580f018 wp-block-group-is-layout-flex\">\n<h3 class=\"wp-block-heading\"><strong>Vetro di sicurezza laminato di qualit\u00e0 superiore<\/strong><\/h3>\n\n\n\n<p>Sicurezza testata, design innovativi e qualit\u00e0 personalizzata e duratura con Leeb Glas.<\/p>\n<\/div>\n<a href=\"#overlay-150746\" class=\"open-modal-link\" aria-label=\"Open modal\"><span class=\"sr-only\">\u00d6ffne Modal<\/span><\/a><\/div>\n\n\n\n<div class=\"wp-block-group m-card has-modal is-layout-flow wp-container-core-group-is-layout-8a368f38 wp-block-group-is-layout-flow\" data-modal-id=\"150753\">\n<figure class=\"wp-block-image size-large\"><img loading=\"lazy\" decoding=\"async\" width=\"1024\" height=\"665\" src=\"https:\/\/www.leeb-balkone.com\/app\/uploads\/2020\/08\/alu-comfort-plus-1024x665.jpg\" alt=\"alu comfort plus\" class=\"wp-image-5082\" srcset=\"https:\/\/www.leeb-balkone.com\/app\/uploads\/2020\/08\/alu-comfort-plus-1024x665.jpg 1024w, https:\/\/www.leeb-balkone.com\/app\/uploads\/2020\/08\/alu-comfort-plus-300x195.jpg 300w, https:\/\/www.leeb-balkone.com\/app\/uploads\/2020\/08\/alu-comfort-plus-768x499.jpg 768w, https:\/\/www.leeb-balkone.com\/app\/uploads\/2020\/08\/alu-comfort-plus-1536x997.jpg 1536w, https:\/\/www.leeb-balkone.com\/app\/uploads\/2020\/08\/alu-comfort-plus-2048x1330.jpg 2048w\" sizes=\"auto, (max-width: 1024px) 100vw, 1024px\" \/><\/figure>\n\n\n\n<div class=\"wp-block-group m-card-content has-white-background-color has-background is-vertical is-layout-flex wp-container-core-group-is-layout-5580f018 wp-block-group-is-layout-flex\">\n<h3 class=\"wp-block-heading\">Protezione a lungo termine con ALU Comfort Plus<\/h3>\n\n\n\n<p>Rivestimento brevettato e lavorazione dell&#8217;alluminio ai massimi livelli.<\/p>\n<\/div>\n<a href=\"#overlay-150753\" class=\"open-modal-link\" aria-label=\"Open modal\"><span class=\"sr-only\">\u00d6ffne Modal<\/span><\/a><\/div>\n<\/div>\n\n\n\n<div class=\"wp-block-group o-grid u-md-1 is-layout-flow wp-block-group-is-layout-flow\" style=\"padding-top:var(--wp--preset--spacing--l)\">\n<div class=\"wp-block-group u-g-9 u-g-s-2 is-layout-flow wp-block-group-is-layout-flow\" style=\"margin-bottom:var(--wp--preset--spacing--s)\">\n<h3 class=\"wp-block-heading\">I vantaggi in sintesi<\/h3>\n\n\n\n<p>Il giardino estivo Leeb convince grazie a una tecnologia sofisticata che combina comfort, sicurezza e durata: la stabile struttura in alluminio con rivestimento brevettato Alu Comfort Plus\u00ae \u00e8 estremamente resistente agli agenti atmosferici, facile da curare e rimane bella a lungo. Le vetrate a tutto tondo con vetro di sicurezza stratificato offrono una protezione affidabile contro il vento e le intemperie, mentre gli elementi scorrevoli laterali o scorrevoli\/oscillanti &#8211; in versione trasparente, opaca o grigia a seconda delle esigenze &#8211; offrono opzioni di apertura flessibili e una ventilazione ottimale. Le tende da sole radiocomandate offrono una piacevole ombra in estate, mentre i binari incassati nel pavimento garantiscono l&#8217;accessibilit\u00e0 e lo scorrimento silenzioso e fluido degli elementi scorrevoli. Come opzione, l&#8217;illuminazione LED dimmerabile pu\u00f2 essere integrata in modo discreto nelle travi di sostegno per creare serate d&#8217;atmosfera. Il risultato \u00e8 uno spazio personalizzabile e tecnicamente sofisticato che trasforma il tuo patio in un luogo preferito da utilizzare pi\u00f9 a lungo.<\/p>\n\n\n\n<ul class=\"wp-block-list is-style-checkmark-2\">\n<li><strong>Design personalizzato:<\/strong> diversi elementi di schermatura della privacy &#8211; da opachi a trasparenti, come lamelle o vetro &#8211; consentono di adattarsi in modo flessibile alle tue esigenze e di offrire privacy o una chiara visione dell&#8217;esterno.<\/li>\n\n\n\n<li><strong>Stabilit\u00e0 e sicurezza:<\/strong> la struttura in alluminio indistruttibile verniciato a polvere e vetro di sicurezza laminato \u00e8 estremamente durevole, resistente agli agenti atmosferici e soddisfa i pi\u00f9 alti standard di sicurezza.<\/li>\n\n\n\n<li><strong>Comodit\u00e0 di utilizzo: gli<\/strong> elementi scorrevoli laterali o scorrevoli\/rotanti e le tende radiocomandate garantiscono la massima flessibilit\u00e0 e un facile adattamento a qualsiasi condizione atmosferica.<\/li>\n\n\n\n<li><strong>Comfort e accessibilit\u00e0: <\/strong>il design \u00e8 privo di barriere e offre un elevato livello di comfort grazie agli elementi di scorrimento e ventilazione integrati.<\/li>\n\n\n\n<li><strong>Servizio a tutto tondo: <\/strong>Leeb offre un pacchetto di servizi completo, dalla progettazione all&#8217;installazione, e una qualit\u00e0 certificata, supportata da una rete di partner in tutta Europa.<\/li>\n<\/ul>\n<\/div>\n<\/div>\n<\/section>\n\n\n\n<section class=\"wp-block-cover alignfull is-light katalog-cta\" style=\"margin-top:0;margin-bottom:0;padding-top:0;padding-right:0;padding-bottom:0;padding-left:0;min-height:100px;aspect-ratio:unset;\"><img loading=\"lazy\" decoding=\"async\" width=\"1920\" height=\"599\" class=\"wp-block-cover__image-background wp-image-7912 size-full\" alt=\"leeb balkone katalog anfordern\" src=\"https:\/\/www.leeb-balkone.com\/app\/uploads\/2020\/09\/leeb-balkone-katalog-anfordern-1.jpeg\" data-object-fit=\"cover\" srcset=\"https:\/\/www.leeb-balkone.com\/app\/uploads\/2020\/09\/leeb-balkone-katalog-anfordern-1-300x94.jpeg 300w, https:\/\/www.leeb-balkone.com\/app\/uploads\/2020\/09\/leeb-balkone-katalog-anfordern-1-1024x319.jpeg 1024w, https:\/\/www.leeb-balkone.com\/app\/uploads\/2020\/09\/leeb-balkone-katalog-anfordern-1-768x240.jpeg 768w, https:\/\/www.leeb-balkone.com\/app\/uploads\/2020\/09\/leeb-balkone-katalog-anfordern-1-1536x479.jpeg 1536w\" sizes=\"auto, (max-width: 1920px) 100vw, 1920px\" \/><span aria-hidden=\"true\" class=\"wp-block-cover__background has-primary-45-background-color has-background-dim-80 has-background-dim\"><\/span><div class=\"wp-block-cover__inner-container has-global-padding is-layout-constrained wp-container-core-cover-is-layout-fc5783d2 wp-block-cover-is-layout-constrained\">\n<div class=\"wp-block-group is-layout-flow wp-block-group-is-layout-flow\" style=\"min-height:0px;margin-top:0;margin-bottom:0;padding-top:var(--wp--preset--spacing--2-xl);padding-bottom:var(--wp--preset--spacing--2-xl);padding-left:0\">\n<div class=\"wp-block-columns are-vertically-aligned-center is-layout-flex wp-container-core-columns-is-layout-0a4bbf16 wp-block-columns-is-layout-flex\" style=\"margin-top:0;margin-bottom:0\">\n<div class=\"wp-block-column is-vertically-aligned-center is-layout-flow wp-block-column-is-layout-flow\" style=\"flex-basis:66.66%\">\n<h2 class=\"wp-block-heading\">Giardino estivo nel catalogo<\/h2>\n\n\n\n<p class=\"is-style-teaser\"><span class=\"teaser\">Il tuo catalogo personale ti aspetta! Ordina ora gratuitamente e scopri tutta la nostra gamma di tettoie. Trova la soluzione pi\u00f9 adatta a te.<\/span><\/p>\n<\/div>\n\n\n\n<div class=\"wp-block-column is-vertically-aligned-center is-layout-flow wp-block-column-is-layout-flow\" style=\"flex-basis:33.33%\">\n<div class=\"wp-block-buttons u-m-jc-left is-content-justification-right is-layout-flex wp-container-core-buttons-is-layout-c060c6c7 wp-block-buttons-is-layout-flex\">\n<div class=\"wp-block-button is-style-filled-white large\"><a class=\"wp-block-button__link wp-element-button\" href=\"https:\/\/www.leeb-balkone.com\/it\/contatti\/richiesta-catalogo\/\" style=\"box-shadow:var(--wp--preset--shadow--button-shadow)\">Richiedi il catalogo<\/a><\/div>\n<\/div>\n<\/div>\n<\/div>\n<\/div>\n<\/div><\/section>\n\n\n\n<section class=\"wp-block-group alignfull has-white-background-color has-background has-global-padding is-layout-constrained wp-container-core-group-is-layout-52f96efc wp-block-group-is-layout-constrained\">\n<div class=\"wp-block-group o-grid u-md-1 is-layout-flow wp-block-group-is-layout-flow\" style=\"padding-top:0\">\n<div class=\"wp-block-group u-g-9 u-g-s-2 is-layout-flow wp-block-group-is-layout-flow\" style=\"margin-bottom:var(--wp--preset--spacing--s)\">\n<h2 class=\"wp-block-heading\">Riferimenti<\/h2>\n<\/div>\n<\/div>\n\n\n\n<div class=\"wp-block-t3-carousel-wrapper\" id=\"t3-carousel-c7542638-cf97-4ba3-a1b4-a67df95530aa\"><div class=\"wp-block-t3-carousel t3-carousel-block swiper\" data-swiper-options=\"{&quot;loop&quot;:false,&quot;preloadImages&quot;:false,&quot;lazy&quot;:{&quot;loadPrevNext&quot;:true},&quot;autoplay&quot;:{&quot;delay&quot;:3000,&quot;disableOnInteraction&quot;:false},&quot;navigation&quot;:{&quot;nextEl&quot;:&quot;#t3-carousel-c7542638-cf97-4ba3-a1b4-a67df95530aa .t3-carousel-c7542638-cf97-4ba3-a1b4-a67df95530aa-next&quot;,&quot;prevEl&quot;:&quot;#t3-carousel-c7542638-cf97-4ba3-a1b4-a67df95530aa .t3-carousel-c7542638-cf97-4ba3-a1b4-a67df95530aa-prev&quot;},&quot;pagination&quot;:{&quot;el&quot;:&quot;#t3-carousel-c7542638-cf97-4ba3-a1b4-a67df95530aa .t3-carousel-c7542638-cf97-4ba3-a1b4-a67df95530aa-pagination&quot;,&quot;clickable&quot;:true},&quot;scrollbar&quot;:false,&quot;breakpoints&quot;:{&quot;0&quot;:{&quot;slidesPerView&quot;:1.15,&quot;spaceBetween&quot;:24},&quot;769&quot;:{&quot;slidesPerView&quot;:1,&quot;spaceBetween&quot;:30}}}\"><div class=\"swiper-wrapper\">\n<div class=\"wp-block-t3-carousel-slide t3-carousel-slide swiper-slide\">\n<div class=\"wp-block-columns testimonial m-split is-layout-flex wp-container-core-columns-is-layout-3331f5f7 wp-block-columns-is-layout-flex\" style=\"padding-bottom:0\">\n<div class=\"wp-block-column is-layout-flow wp-block-column-is-layout-flow\">\n<div class=\"wp-block-group is-layout-flow wp-block-group-is-layout-flow has-background\" style=\"min-height:100%;background-image:url(&#039;https:\/\/www.leeb-balkone.com\/app\/uploads\/2021\/06\/alu-u\u0308berdachung-saaletalstuben-3-scaled.jpg&#039;);background-size:cover;\"><\/div>\n<\/div>\n\n\n\n<div class=\"wp-block-column is-vertically-aligned-top testimonial-text is-layout-flow wp-block-column-is-layout-flow\">\n<div class=\"wp-block-group has-light-gray-background-color has-background is-vertical is-layout-flex wp-container-core-group-is-layout-044273ab wp-block-group-is-layout-flex\" style=\"padding-top:var(--wp--preset--spacing--xl);padding-right:var(--wp--preset--spacing--xl);padding-bottom:var(--wp--preset--spacing--xl);padding-left:var(--wp--preset--spacing--l)\">\n<p class=\"has-step-1-font-size\"><em>&#8220;Grazie mille per aver costruito il nostro giardino estivo. Siamo pi\u00f9 che soddisfatti del risultato finale: come descritto, il nostro posto preferito al sole!&#8221;.<\/em><\/p>\n\n\n\n<p class=\"has-step-s-font-size\"><strong>Sig. Schmittroth (Saaletalstuben OG)<\/strong><br>97782 Gr\u00e4fendorf<\/p>\n<\/div>\n<\/div>\n<\/div>\n<\/div>\n\n\n\n<div class=\"wp-block-t3-carousel-slide t3-carousel-slide swiper-slide\">\n<div class=\"wp-block-columns testimonial m-split is-layout-flex wp-container-core-columns-is-layout-3331f5f7 wp-block-columns-is-layout-flex\" style=\"padding-bottom:0\">\n<div class=\"wp-block-column is-layout-flow wp-block-column-is-layout-flow\">\n<div class=\"wp-block-group is-layout-flow wp-block-group-is-layout-flow has-background\" style=\"min-height:100%;background-image:url(&#039;https:\/\/www.leeb-balkone.com\/app\/uploads\/2021\/04\/sommergarten-hoheneder-4080158D-2.jpg&#039;);background-size:cover;\"><\/div>\n<\/div>\n\n\n\n<div class=\"wp-block-column is-vertically-aligned-top testimonial-text is-layout-flow wp-block-column-is-layout-flow\">\n<div class=\"wp-block-group has-light-gray-background-color has-background is-vertical is-layout-flex wp-container-core-group-is-layout-044273ab wp-block-group-is-layout-flex\" style=\"padding-top:var(--wp--preset--spacing--xl);padding-right:var(--wp--preset--spacing--xl);padding-bottom:var(--wp--preset--spacing--xl);padding-left:var(--wp--preset--spacing--l)\">\n<p class=\"has-step-1-font-size\"><em>&#8220;Vorremmo cogliere l&#8217;occasione per ringraziare la vostra azienda per l&#8217;eccellente lavoro svolto. Tutto si \u00e8 svolto come un orologio, dalla pianificazione al completamento. Grazie ancora!&#8221;<\/em><\/p>\n\n\n\n<p class=\"has-step-s-font-size\"><strong>Famiglia Hoheneder<br><\/strong>4710 Grieskirchen<\/p>\n<\/div>\n<\/div>\n<\/div>\n<\/div>\n<\/div><div class=\"swiper-pagination t3-carousel-c7542638-cf97-4ba3-a1b4-a67df95530aa-pagination\"><\/div><\/div><div class=\"swiper-button-prev t3-carousel-c7542638-cf97-4ba3-a1b4-a67df95530aa-prev\"><\/div><div class=\"swiper-button-next t3-carousel-c7542638-cf97-4ba3-a1b4-a67df95530aa-next\"><\/div><\/div>\n<\/section>\n\n\n\n<section class=\"wp-block-group alignfull has-white-background-color has-background has-global-padding is-layout-constrained wp-container-core-group-is-layout-9fa1424c wp-block-group-is-layout-constrained\" style=\"padding-top:0\">\n<div class=\"wp-block-group o-grid u-md-1 is-layout-flow wp-block-group-is-layout-flow\" style=\"padding-top:0\">\n<div class=\"wp-block-group u-g-9 u-g-s-2 is-layout-flow wp-block-group-is-layout-flow\" style=\"margin-bottom:var(--wp--preset--spacing--s)\">\n<h2 class=\"wp-block-heading\">Perch\u00e9 il giardino estivo di Leeb?<\/h2>\n\n\n\n<p class=\"is-style-teaser\"><span class=\"teaser\"><span class=\"teaser\">Il giardino estivo di Leeb ti offre uno spazio luminoso e protetto dalle intemperie all&#8217;aperto, a casa tua.<\/span><\/span><\/p>\n<\/div>\n<\/div>\n\n\n\n<div class=\"wp-block-group is-layout-flow wp-container-core-group-is-layout-d5075d26 wp-block-group-is-layout-flow\">\n<div class=\"wp-block-columns is-style-shadow m-split is-layout-flex wp-container-core-columns-is-layout-28f84493 wp-block-columns-is-layout-flex\">\n<div class=\"wp-block-column is-style-default is-layout-flow wp-block-column-is-layout-flow\">\n<figure class=\"wp-block-image size-large\"><img loading=\"lazy\" decoding=\"async\" width=\"1024\" height=\"683\" src=\"https:\/\/www.leeb-balkone.com\/app\/uploads\/2020\/07\/sommergarten-mit-schiebeelementen-aus-glas-und-aluminium-aussenansicht-1024x683.jpg\" alt=\"sommergarten mit schiebeelementen aus glas und aluminium aussenansicht\" class=\"wp-image-141972\" style=\"aspect-ratio:4\/3;object-fit:cover\" srcset=\"https:\/\/www.leeb-balkone.com\/app\/uploads\/2020\/07\/sommergarten-mit-schiebeelementen-aus-glas-und-aluminium-aussenansicht-1024x683.jpg 1024w, https:\/\/www.leeb-balkone.com\/app\/uploads\/2020\/07\/sommergarten-mit-schiebeelementen-aus-glas-und-aluminium-aussenansicht-300x200.jpg 300w, https:\/\/www.leeb-balkone.com\/app\/uploads\/2020\/07\/sommergarten-mit-schiebeelementen-aus-glas-und-aluminium-aussenansicht-768x512.jpg 768w, https:\/\/www.leeb-balkone.com\/app\/uploads\/2020\/07\/sommergarten-mit-schiebeelementen-aus-glas-und-aluminium-aussenansicht-1536x1025.jpg 1536w, https:\/\/www.leeb-balkone.com\/app\/uploads\/2020\/07\/sommergarten-mit-schiebeelementen-aus-glas-und-aluminium-aussenansicht-2048x1366.jpg 2048w\" sizes=\"auto, (max-width: 1024px) 100vw, 1024px\" \/><\/figure>\n<\/div>\n\n\n\n<div class=\"wp-block-column is-vertically-aligned-center is-style-overlay-content is-layout-flow wp-block-column-is-layout-flow\">\n<div class=\"wp-block-group is-vertical is-layout-flex wp-container-core-group-is-layout-6aed0e10 wp-block-group-is-layout-flex\">\n<h3 class=\"wp-block-heading\">Benessere con il sole e la pioggia<\/h3>\n\n\n\n<p>Un giardino estivo Leeb aggiunge un&#8217;oasi di benessere alla tua casa, combinando il meglio della vita interna ed esterna. Con un giardino estivo utilizzabile tutto l&#8217;anno, puoi creare un rifugio che unisce relax, gioia di vivere e l&#8217;esperienza della natura e che valorizza notevolmente la tua casa. Che si tratti di una colazione rilassante sotto il sole, di una lettura in una giornata piovosa o di una socializzazione con gli amici.<\/p>\n\n\n\n<div class=\"wp-block-buttons is-layout-flex wp-block-buttons-is-layout-flex\" style=\"margin-top:var(--wp--preset--spacing--2-xs)\">\n<div class=\"wp-block-button is-style-outline-secondary\"><a class=\"wp-block-button__link has-transparent-background-color has-background wp-element-button\" href=\"https:\/\/www.leeb-balkone.com\/it\/tettoie-e-carport\/tettoie-per-terrazze-e-balconi\/#vielfalt-zubehoer\">Accessori<\/a><\/div>\n<\/div>\n<\/div>\n<\/div>\n<\/div>\n\n\n\n<div class=\"wp-block-columns is-style-shadow m-split m-split-reverse is-layout-flex wp-container-core-columns-is-layout-28f84493 wp-block-columns-is-layout-flex\">\n<div class=\"wp-block-column is-style-default is-layout-flow wp-block-column-is-layout-flow\">\n<figure class=\"wp-block-image size-large\"><img loading=\"lazy\" decoding=\"async\" width=\"1024\" height=\"683\" src=\"https:\/\/www.leeb-balkone.com\/app\/uploads\/2020\/07\/anbaubalkon-mit-stuetzen-10aa-1024x683.jpg\" alt=\"anbaubalkon mit stuetzen 10aa\" class=\"wp-image-58607\" style=\"aspect-ratio:4\/3;object-fit:cover\" srcset=\"https:\/\/www.leeb-balkone.com\/app\/uploads\/2020\/07\/anbaubalkon-mit-stuetzen-10aa-1024x683.jpg 1024w, https:\/\/www.leeb-balkone.com\/app\/uploads\/2020\/07\/anbaubalkon-mit-stuetzen-10aa-300x200.jpg 300w, https:\/\/www.leeb-balkone.com\/app\/uploads\/2020\/07\/anbaubalkon-mit-stuetzen-10aa-768x512.jpg 768w, https:\/\/www.leeb-balkone.com\/app\/uploads\/2020\/07\/anbaubalkon-mit-stuetzen-10aa-1536x1024.jpg 1536w, https:\/\/www.leeb-balkone.com\/app\/uploads\/2020\/07\/anbaubalkon-mit-stuetzen-10aa-scaled.jpg 2048w\" sizes=\"auto, (max-width: 1024px) 100vw, 1024px\" \/><\/figure>\n<\/div>\n\n\n\n<div class=\"wp-block-column is-vertically-aligned-center is-style-overlay-content is-layout-flow wp-block-column-is-layout-flow\">\n<div class=\"wp-block-group is-vertical is-layout-flex wp-container-core-group-is-layout-6aed0e10 wp-block-group-is-layout-flex\">\n<h3 class=\"wp-block-heading\">Al sicuro e ben protetto<\/h3>\n\n\n\n<p>Leeb ha deliberatamente optato per l&#8217;alluminio e il vetro di sicurezza per il giardino estivo perch\u00e9 questi materiali offrono la massima stabilit\u00e0, durata e sicurezza. L&#8217;indistruttibile alluminio verniciato a polvere \u00e8 estremamente resistente agli agenti atmosferici, facile da pulire e rimane sempre bello, anche se esposto a un uso intenso di vento, pioggia e sbalzi di temperatura. La combinazione di alluminio e vetro di sicurezza crea giardini estivi che soddisfano i pi\u00f9 alti requisiti tecnici e di sicurezza.<\/p>\n<\/div>\n<\/div>\n<\/div>\n\n\n\n<div class=\"wp-block-columns is-style-shadow m-split is-layout-flex wp-container-core-columns-is-layout-28f84493 wp-block-columns-is-layout-flex\">\n<div class=\"wp-block-column is-style-default is-layout-flow wp-block-column-is-layout-flow\">\n<figure class=\"wp-block-image size-large\"><img loading=\"lazy\" decoding=\"async\" width=\"1024\" height=\"767\" src=\"https:\/\/www.leeb-balkone.com\/app\/uploads\/2020\/11\/qualitaetsnorm-iso-9001-leeb-balkone-1-2-1024x767.jpg\" alt=\"qualitaetsnorm iso 9001 leeb balkone 1\" class=\"wp-image-17819\" style=\"aspect-ratio:4\/3;object-fit:cover\" srcset=\"https:\/\/www.leeb-balkone.com\/app\/uploads\/2020\/11\/qualitaetsnorm-iso-9001-leeb-balkone-1-2-1024x767.jpg 1024w, https:\/\/www.leeb-balkone.com\/app\/uploads\/2020\/11\/qualitaetsnorm-iso-9001-leeb-balkone-1-2-300x225.jpg 300w, https:\/\/www.leeb-balkone.com\/app\/uploads\/2020\/11\/qualitaetsnorm-iso-9001-leeb-balkone-1-2-768x576.jpg 768w, https:\/\/www.leeb-balkone.com\/app\/uploads\/2020\/11\/qualitaetsnorm-iso-9001-leeb-balkone-1-2-1536x1151.jpg 1536w, https:\/\/www.leeb-balkone.com\/app\/uploads\/2020\/11\/qualitaetsnorm-iso-9001-leeb-balkone-1-2.jpg 2000w\" sizes=\"auto, (max-width: 1024px) 100vw, 1024px\" \/><\/figure>\n<\/div>\n\n\n\n<div class=\"wp-block-column is-vertically-aligned-center is-style-overlay-content is-layout-flow wp-block-column-is-layout-flow\">\n<div class=\"wp-block-group is-vertical is-layout-flex wp-container-core-group-is-layout-6aed0e10 wp-block-group-is-layout-flex\">\n<h3 class=\"wp-block-heading\">Con qualit\u00e0 certificata  <\/h3>\n\n\n\n<p>Chi apprezza il comfort, la sicurezza e le soluzioni personalizzate fa bene a scegliere un giardino estivo di Leeb. Ci concentriamo sulla massima qualit\u00e0, innovazione e sicurezza. I nostri premi e certificati pi\u00f9 importanti includono il Red Dot Design Award 2024, la gestione della qualit\u00e0 ISO 9001, la certificazione CE in conformit\u00e0 con la norma EN 1090 e l&#8217;Austria Quality Seal, che \u00e8 sinonimo di qualit\u00e0 nazionale rigorosamente testata, produzione sostenibile e durata. Un altro punto a favore \u00e8 il nostro servizio completo a 360\u00b0 con una fitta rete di partner in diversi paesi.<\/p>\n\n\n\n<div class=\"wp-block-buttons is-layout-flex wp-block-buttons-is-layout-flex\" style=\"margin-top:var(--wp--preset--spacing--2-xs)\">\n<div class=\"wp-block-button is-style-outline-secondary\"><a class=\"wp-block-button__link has-transparent-background-color has-background wp-element-button\" href=\"https:\/\/www.leeb-balkone.com\/it\/azienda\/qualita-certificata\/\">qualit\u00e0<\/a><\/div>\n<\/div>\n<\/div>\n<\/div>\n<\/div>\n<\/div>\n<\/section>\n\n\n\n<section class=\"wp-block-group alignfull has-light-gray-background-color has-background has-global-padding is-layout-constrained wp-container-core-group-is-layout-52f96efc wp-block-group-is-layout-constrained\">\n<div class=\"wp-block-group o-grid u-md-1 is-layout-flow wp-block-group-is-layout-flow\" style=\"padding-top:0\">\n<div class=\"wp-block-group u-g-9 u-g-s-2 is-layout-flow wp-block-group-is-layout-flow\" style=\"margin-bottom:var(--wp--preset--spacing--s)\">\n<h2 class=\"wp-block-heading\">Domande frequenti<\/h2>\n\n\n\n<p class=\"is-style-teaser\" style=\"padding-bottom:var(--wp--preset--spacing--m)\">Hai domande generali sui nostri giardini estivi? Nelle nostre FAQ troverai risposte concise alle domande pi\u00f9 frequenti sul giardino estivo.<\/p>\n\n\n\n<div class=\"wp-block-t3-acc-accordion is-style-default\"><button id=\"accordion-66ef91b1-dba0-4b3d-8860-e94a9d3a37f4-button\" class=\"accordion__button\" aria-expanded=\"false\" aria-controls=\"accordion-66ef91b1-dba0-4b3d-8860-e94a9d3a37f4-panel\"><h3 data-accordion-title=\"true\" style=\"font-size:var(--step-1)\"><strong>Cos&#8217;\u00e8 un giardino estivo e in cosa si differenzia da una serra?<\/strong><\/h3><\/button><div id=\"accordion-66ef91b1-dba0-4b3d-8860-e94a9d3a37f4-panel\" class=\"accordion__panel\" role=\"region\" aria-labelledby=\"accordion-66ef91b1-dba0-4b3d-8860-e94a9d3a37f4-button\">\n<p>Un giardino estivo di solito non \u00e8 isolato termicamente e non \u00e8 riscaldato, quindi funge da spazio esterno riparato, mentre una serra \u00e8 solitamente riscaldata e isolata tutto l&#8217;anno. I giardini estivi Leeb sono progettati appositamente per essere utilizzati dalla primavera all&#8217;autunno. Offrono una protezione affidabile dal vento e dalle intemperie, possono essere aperti in modo flessibile e sono estremamente resistenti e facili da pulire grazie ai materiali di alta qualit\u00e0.<\/p>\n<\/div><\/div>\n\n\n\n<div class=\"wp-block-t3-acc-accordion is-style-default\"><button id=\"accordion-b2fa8112-84f9-40c6-86c2-0de26dc7cc9b-button\" class=\"accordion__button\" aria-expanded=\"false\" aria-controls=\"accordion-b2fa8112-84f9-40c6-86c2-0de26dc7cc9b-panel\"><h3 data-accordion-title=\"true\" style=\"font-size:var(--step-1)\"><strong><strong>Quali sono i vantaggi di un giardino estivo Leeb?<\/strong><\/strong><\/h3><\/button><div id=\"accordion-b2fa8112-84f9-40c6-86c2-0de26dc7cc9b-panel\" class=\"accordion__panel\" role=\"region\" aria-labelledby=\"accordion-b2fa8112-84f9-40c6-86c2-0de26dc7cc9b-button\">\n<p>Leeb si affida a una verniciatura a polvere brevettata, a un alluminio resistente e a un vetro di sicurezza laminato. Il design individuale, gli elementi scorrevoli flessibili e il servizio completo, dalla consulenza all&#8217;installazione, garantiscono un&#8217;esperienza di benessere personalizzata.<\/p>\n<\/div><\/div>\n\n\n\n<div class=\"wp-block-t3-acc-accordion is-style-default\"><button id=\"accordion-7d38980d-7d4d-4156-97b9-17635e1ac7c2-button\" class=\"accordion__button\" aria-expanded=\"false\" aria-controls=\"accordion-7d38980d-7d4d-4156-97b9-17635e1ac7c2-panel\"><h3 data-accordion-title=\"true\" style=\"font-size:var(--step-1)\"><strong><strong><strong>Posso personalizzare il mio giardino estivo?<\/strong><\/strong><\/strong><\/h3><\/button><div id=\"accordion-7d38980d-7d4d-4156-97b9-17635e1ac7c2-panel\" class=\"accordion__panel\" role=\"region\" aria-labelledby=\"accordion-7d38980d-7d4d-4156-97b9-17635e1ac7c2-button\">\n<p>S\u00ec, i giardini estivi possono essere personalizzati in modo flessibile in termini di dimensioni, forma, vetrate e attrezzature. Leeb offre un&#8217;ampia scelta di colori, varianti di vetro (trasparente, opaco, grigio), elementi di privacy e comfort come tende da sole o illuminazione a LED. Ogni giardino estivo viene progettato in base alle tue idee e realizzato per adattarsi perfettamente.<\/p>\n<\/div><\/div>\n\n\n\n<div class=\"wp-block-t3-acc-accordion is-style-default\"><button id=\"accordion-b582107b-cea6-4d61-ae7c-5c6fe88c010d-button\" class=\"accordion__button\" aria-expanded=\"false\" aria-controls=\"accordion-b582107b-cea6-4d61-ae7c-5c6fe88c010d-panel\"><h3 data-accordion-title=\"true\" style=\"font-size:var(--step-1)\"><strong><strong><strong><strong><strong>Quanto \u00e8 facile mantenere un giardino estivo Leeb?<\/strong><\/strong><\/strong><\/strong><\/strong><\/h3><\/button><div id=\"accordion-b582107b-cea6-4d61-ae7c-5c6fe88c010d-panel\" class=\"accordion__panel\" role=\"region\" aria-labelledby=\"accordion-b582107b-cea6-4d61-ae7c-5c6fe88c010d-button\">\n<p>Leeb utilizza un rivestimento in polvere brevettato che respinge lo sporco e protegge il materiale in modo permanente. Le superfici in vetro sono facili da pulire e il tuo giardino estivo rimarr\u00e0 visivamente e tecnicamente in forma per anni.<\/p>\n<\/div><\/div>\n\n\n\n<div class=\"wp-block-t3-acc-accordion is-style-default\"><button id=\"accordion-74aecbe7-ccf9-43e3-919d-b4d1195cc93b-button\" class=\"accordion__button\" aria-expanded=\"false\" aria-controls=\"accordion-74aecbe7-ccf9-43e3-919d-b4d1195cc93b-panel\"><h3 data-accordion-title=\"true\" style=\"font-size:var(--step-1)\"><strong><strong><strong><strong>Come funziona l&#8217;assemblaggio?<\/strong><\/strong><\/strong><\/strong><\/h3><\/button><div id=\"accordion-74aecbe7-ccf9-43e3-919d-b4d1195cc93b-panel\" class=\"accordion__panel\" role=\"region\" aria-labelledby=\"accordion-74aecbe7-ccf9-43e3-919d-b4d1195cc93b-button\">\n<p>Leeb si occupa della progettazione completa, prefabbrica tutti i componenti in base alle dimensioni esatte nel proprio stabilimento e li consegna con camion speciali. L&#8217;installazione \u00e8 pulita, veloce e senza rumori o sporcizia, per un&#8217;esperienza del tutto priva di preoccupazioni.<\/p>\n<\/div><\/div>\n\n\n\n<div class=\"wp-block-t3-acc-accordion is-style-default\"><button id=\"accordion-a67a84c6-4f95-467e-8ffe-b9ab5828b52f-button\" class=\"accordion__button\" aria-expanded=\"false\" aria-controls=\"accordion-a67a84c6-4f95-467e-8ffe-b9ab5828b52f-panel\"><h3 data-accordion-title=\"true\" style=\"font-size:var(--step-1)\"><strong><strong><strong><strong><strong>Quanto tempo richiede la pianificazione e la consegna?<\/strong><\/strong><\/strong><\/strong><\/strong><\/h3><\/button><div id=\"accordion-a67a84c6-4f95-467e-8ffe-b9ab5828b52f-panel\" class=\"accordion__panel\" role=\"region\" aria-labelledby=\"accordion-a67a84c6-4f95-467e-8ffe-b9ab5828b52f-button\">\n<p>Leeb offre una consulenza personale in loco, prepara un&#8217;offerta personalizzata e garantisce un&#8217;implementazione rapida e precisa, il tutto da un&#8217;unica fonte e con un referente dedicato.<\/p>\n<\/div><\/div>\n<\/div>\n<\/div>\n<\/section>\n\n\n\n<section class=\"wp-block-group alignfull has-white-background-color has-background has-global-padding is-layout-constrained wp-container-core-group-is-layout-52f96efc wp-block-group-is-layout-constrained\">\n<div class=\"wp-block-group o-grid u-md-1 is-layout-flow wp-block-group-is-layout-flow\" style=\"padding-top:0\">\n<div class=\"wp-block-group u-g-9 u-g-s-2 is-layout-flow wp-block-group-is-layout-flow\">\n<h2 class=\"wp-block-heading\">Impressioni sul giardino estivo<\/h2>\n\n\n\n<p><span class=\"teaser\"><span class=\"teaser\">Lasciati ispirare dalle possibilit\u00e0 di progettazione dei nostri giardini estivi.<\/span><\/span><\/p>\n<\/div>\n<\/div>\n\n\n    <div id=\"t3-lg-block-1\" class=\"wp-block-t3-lightgallery\" data-initial-count=\"9\">\n      <div class=\"lg-container u-grid-temp has-3-cols\">\n                  <div class=\"lg-item\" data-src=\"https:\/\/www.leeb-balkone.com\/app\/uploads\/2020\/07\/Sommergarten-Ueberdachung-Toscana-mit-Schiebeelementen-Markise-Boden-8-scaled.jpg\"\n              data-sub-html=\"&lt;p&gt;&lt;small&gt;Sommergarten von Leeb - Ansicht mit ge\u00f6ffneter Glas-Schiebeelemente-Front&lt;\/small&gt;&lt;\/p&gt;\">\n            <div class=\"img-wrapper\">\n                <figure>\n                    <img loading=\"lazy\" decoding=\"async\" width=\"300\" height=\"200\" src=\"https:\/\/www.leeb-balkone.com\/app\/uploads\/2020\/07\/Sommergarten-Ueberdachung-Toscana-mit-Schiebeelementen-Markise-Boden-8-300x200.jpg\" class=\"attachment-medium size-medium\" alt=\"Sommergarten von Leeb - Ansicht mit ge\u00f6ffneter Glas-Schiebeelemente-Front\" srcset=\"https:\/\/www.leeb-balkone.com\/app\/uploads\/2020\/07\/Sommergarten-Ueberdachung-Toscana-mit-Schiebeelementen-Markise-Boden-8-300x200.jpg 300w, https:\/\/www.leeb-balkone.com\/app\/uploads\/2020\/07\/Sommergarten-Ueberdachung-Toscana-mit-Schiebeelementen-Markise-Boden-8-1024x683.jpg 1024w, https:\/\/www.leeb-balkone.com\/app\/uploads\/2020\/07\/Sommergarten-Ueberdachung-Toscana-mit-Schiebeelementen-Markise-Boden-8-768x512.jpg 768w, https:\/\/www.leeb-balkone.com\/app\/uploads\/2020\/07\/Sommergarten-Ueberdachung-Toscana-mit-Schiebeelementen-Markise-Boden-8-1536x1024.jpg 1536w, https:\/\/www.leeb-balkone.com\/app\/uploads\/2020\/07\/Sommergarten-Ueberdachung-Toscana-mit-Schiebeelementen-Markise-Boden-8-2048x1365.jpg 2048w\" sizes=\"auto, (min-width: 1200px) 260px, (min-width: 1024px) 220px, (min-width: 640px) 465px, 768px\" \/>    \n                <\/figure>\n                        <\/div>\n            <p><small>Sommergarten von Leeb &#8211; Ansicht mit ge\u00f6ffneter Glas-Schiebeelemente-Front<\/small><\/p>        <\/div>\n                  <div class=\"lg-item\" data-src=\"https:\/\/www.leeb-balkone.com\/app\/uploads\/2020\/07\/glas-sommergarten-anbau-43-scaled.jpg\"\n              data-sub-html=\"&lt;p&gt;&lt;small&gt;Innenansicht eines Sommergartens mit Glas-Schiebeelementen&lt;\/small&gt;&lt;\/p&gt;\">\n            <div class=\"img-wrapper\">\n                <figure>\n                    <img loading=\"lazy\" decoding=\"async\" width=\"300\" height=\"200\" src=\"https:\/\/www.leeb-balkone.com\/app\/uploads\/2020\/07\/glas-sommergarten-anbau-43-300x200.jpg\" class=\"attachment-medium size-medium\" alt=\"Innenansicht eines Sommergartens mit Glas-Schiebeelementen\" srcset=\"https:\/\/www.leeb-balkone.com\/app\/uploads\/2020\/07\/glas-sommergarten-anbau-43-300x200.jpg 300w, https:\/\/www.leeb-balkone.com\/app\/uploads\/2020\/07\/glas-sommergarten-anbau-43-1024x683.jpg 1024w, https:\/\/www.leeb-balkone.com\/app\/uploads\/2020\/07\/glas-sommergarten-anbau-43-768x512.jpg 768w, https:\/\/www.leeb-balkone.com\/app\/uploads\/2020\/07\/glas-sommergarten-anbau-43-1536x1024.jpg 1536w, https:\/\/www.leeb-balkone.com\/app\/uploads\/2020\/07\/glas-sommergarten-anbau-43-2048x1366.jpg 2048w\" sizes=\"auto, (min-width: 1200px) 260px, (min-width: 1024px) 220px, (min-width: 640px) 465px, 768px\" \/>    \n                <\/figure>\n                        <\/div>\n            <p><small>Innenansicht eines Sommergartens mit Glas-Schiebeelementen<\/small><\/p>        <\/div>\n                  <div class=\"lg-item\" data-src=\"https:\/\/www.leeb-balkone.com\/app\/uploads\/2020\/07\/Sommergarten-Ueberdachung-Toscana-mit-Schiebeelementen-Markise-Boden-1-scaled.jpg\"\n              data-sub-html=\"&lt;p&gt;&lt;small&gt;Leeb Sommergarten Innenansicht - Terrassen\u00fcberdachung mit Glas Schiebeelementen&lt;\/small&gt;&lt;\/p&gt;\">\n            <div class=\"img-wrapper\">\n                <figure>\n                    <img loading=\"lazy\" decoding=\"async\" width=\"300\" height=\"200\" src=\"https:\/\/www.leeb-balkone.com\/app\/uploads\/2020\/07\/Sommergarten-Ueberdachung-Toscana-mit-Schiebeelementen-Markise-Boden-1-300x200.jpg\" class=\"attachment-medium size-medium\" alt=\"Leeb Sommergarten Innenansicht - Terrassen\u00fcberdachung mit Glas Schiebeelementen\" srcset=\"https:\/\/www.leeb-balkone.com\/app\/uploads\/2020\/07\/Sommergarten-Ueberdachung-Toscana-mit-Schiebeelementen-Markise-Boden-1-300x200.jpg 300w, https:\/\/www.leeb-balkone.com\/app\/uploads\/2020\/07\/Sommergarten-Ueberdachung-Toscana-mit-Schiebeelementen-Markise-Boden-1-1024x683.jpg 1024w, https:\/\/www.leeb-balkone.com\/app\/uploads\/2020\/07\/Sommergarten-Ueberdachung-Toscana-mit-Schiebeelementen-Markise-Boden-1-768x512.jpg 768w, https:\/\/www.leeb-balkone.com\/app\/uploads\/2020\/07\/Sommergarten-Ueberdachung-Toscana-mit-Schiebeelementen-Markise-Boden-1-1536x1024.jpg 1536w, https:\/\/www.leeb-balkone.com\/app\/uploads\/2020\/07\/Sommergarten-Ueberdachung-Toscana-mit-Schiebeelementen-Markise-Boden-1-2048x1365.jpg 2048w\" sizes=\"auto, (min-width: 1200px) 260px, (min-width: 1024px) 220px, (min-width: 640px) 465px, 768px\" \/>    \n                <\/figure>\n                        <\/div>\n            <p><small>Leeb Sommergarten Innenansicht &#8211; Terrassen\u00fcberdachung mit Glas Schiebeelementen<\/small><\/p>        <\/div>\n                  <div class=\"lg-item\" data-src=\"https:\/\/www.leeb-balkone.com\/app\/uploads\/2021\/11\/sommergarten-mit-glas-schiebelementen-vom-garten-aus-1-scaled.jpeg\"\n              data-sub-html=\"&lt;p&gt;&lt;small&gt;Sommergarten von Leeb - ein gesch\u00fctzter Wohnbereich im Garten&lt;\/small&gt;&lt;\/p&gt;\">\n            <div class=\"img-wrapper\">\n                <figure>\n                    <img loading=\"lazy\" decoding=\"async\" width=\"300\" height=\"200\" src=\"https:\/\/www.leeb-balkone.com\/app\/uploads\/2021\/11\/sommergarten-mit-glas-schiebelementen-vom-garten-aus-1-300x200.jpeg\" class=\"attachment-medium size-medium\" alt=\"Sommergarten von Leeb - ein gesch\u00fctzter Wohnbereich im Garten\" srcset=\"https:\/\/www.leeb-balkone.com\/app\/uploads\/2021\/11\/sommergarten-mit-glas-schiebelementen-vom-garten-aus-1-300x200.jpeg 300w, https:\/\/www.leeb-balkone.com\/app\/uploads\/2021\/11\/sommergarten-mit-glas-schiebelementen-vom-garten-aus-1-1024x684.jpeg 1024w, https:\/\/www.leeb-balkone.com\/app\/uploads\/2021\/11\/sommergarten-mit-glas-schiebelementen-vom-garten-aus-1-768x513.jpeg 768w, https:\/\/www.leeb-balkone.com\/app\/uploads\/2021\/11\/sommergarten-mit-glas-schiebelementen-vom-garten-aus-1-1536x1025.jpeg 1536w, https:\/\/www.leeb-balkone.com\/app\/uploads\/2021\/11\/sommergarten-mit-glas-schiebelementen-vom-garten-aus-1-scaled.jpeg 2048w\" sizes=\"auto, (min-width: 1200px) 260px, (min-width: 1024px) 220px, (min-width: 640px) 465px, 768px\" \/>    \n                <\/figure>\n                        <\/div>\n            <p><small>Sommergarten von Leeb &#8211; ein gesch\u00fctzter Wohnbereich im Garten<\/small><\/p>        <\/div>\n                  <div class=\"lg-item\" data-src=\"https:\/\/www.leeb-balkone.com\/app\/uploads\/2020\/07\/glas-sommergarten-terrassenueberdachung-7-scaled.jpg\"\n              data-sub-html=\"&lt;p&gt;&lt;small&gt;Sommergarten mit Sichtschutzelementen und Stiegenabgang&lt;\/small&gt;&lt;\/p&gt;\">\n            <div class=\"img-wrapper\">\n                <figure>\n                    <img loading=\"lazy\" decoding=\"async\" width=\"300\" height=\"200\" src=\"https:\/\/www.leeb-balkone.com\/app\/uploads\/2020\/07\/glas-sommergarten-terrassenueberdachung-7-300x200.jpg\" class=\"attachment-medium size-medium\" alt=\"Sommergarten mit Sichtschutzelementen und Stiegenabgang\" srcset=\"https:\/\/www.leeb-balkone.com\/app\/uploads\/2020\/07\/glas-sommergarten-terrassenueberdachung-7-300x200.jpg 300w, https:\/\/www.leeb-balkone.com\/app\/uploads\/2020\/07\/glas-sommergarten-terrassenueberdachung-7-1024x681.jpg 1024w, https:\/\/www.leeb-balkone.com\/app\/uploads\/2020\/07\/glas-sommergarten-terrassenueberdachung-7-768x511.jpg 768w, https:\/\/www.leeb-balkone.com\/app\/uploads\/2020\/07\/glas-sommergarten-terrassenueberdachung-7-1536x1022.jpg 1536w, https:\/\/www.leeb-balkone.com\/app\/uploads\/2020\/07\/glas-sommergarten-terrassenueberdachung-7-scaled.jpg 2048w\" sizes=\"auto, (min-width: 1200px) 260px, (min-width: 1024px) 220px, (min-width: 640px) 465px, 768px\" \/>    \n                <\/figure>\n                        <\/div>\n            <p><small>Sommergarten mit Sichtschutzelementen und Stiegenabgang<\/small><\/p>        <\/div>\n                  <div class=\"lg-item\" data-src=\"https:\/\/www.leeb-balkone.com\/app\/uploads\/2021\/10\/sommergarten-aus-alu-mit-glasdach-und-glas-seitenelementen-scaled.jpeg\"\n              data-sub-html=\"&lt;p&gt;&lt;small&gt;Alu-Glas Sommerg\u00e4rten von Leeb&lt;\/small&gt;&lt;\/p&gt;\">\n            <div class=\"img-wrapper\">\n                <figure>\n                    <img loading=\"lazy\" decoding=\"async\" width=\"300\" height=\"200\" src=\"https:\/\/www.leeb-balkone.com\/app\/uploads\/2021\/10\/sommergarten-aus-alu-mit-glasdach-und-glas-seitenelementen-300x200.jpeg\" class=\"attachment-medium size-medium\" alt=\"Sommergarten - Alu-Glas Sommerg\u00e4rten von Leeb\" srcset=\"https:\/\/www.leeb-balkone.com\/app\/uploads\/2021\/10\/sommergarten-aus-alu-mit-glasdach-und-glas-seitenelementen-300x200.jpeg 300w, https:\/\/www.leeb-balkone.com\/app\/uploads\/2021\/10\/sommergarten-aus-alu-mit-glasdach-und-glas-seitenelementen-1024x684.jpeg 1024w, https:\/\/www.leeb-balkone.com\/app\/uploads\/2021\/10\/sommergarten-aus-alu-mit-glasdach-und-glas-seitenelementen-768x513.jpeg 768w, https:\/\/www.leeb-balkone.com\/app\/uploads\/2021\/10\/sommergarten-aus-alu-mit-glasdach-und-glas-seitenelementen-1536x1025.jpeg 1536w, https:\/\/www.leeb-balkone.com\/app\/uploads\/2021\/10\/sommergarten-aus-alu-mit-glasdach-und-glas-seitenelementen-scaled.jpeg 2048w\" sizes=\"auto, (min-width: 1200px) 260px, (min-width: 1024px) 220px, (min-width: 640px) 465px, 768px\" \/>    \n                <\/figure>\n                        <\/div>\n            <p><small>Alu-Glas Sommerg\u00e4rten von Leeb<\/small><\/p>        <\/div>\n                  <div class=\"lg-item\" data-src=\"https:\/\/www.leeb-balkone.com\/app\/uploads\/2020\/07\/glas-sommergarten-44-scaled.jpg\"\n              data-sub-html=\"&lt;p&gt;&lt;small&gt;Leeb Sommergarten als erweitertes Wohnzimmer&lt;\/small&gt;&lt;\/p&gt;\">\n            <div class=\"img-wrapper\">\n                <figure>\n                    <img loading=\"lazy\" decoding=\"async\" width=\"300\" height=\"200\" src=\"https:\/\/www.leeb-balkone.com\/app\/uploads\/2020\/07\/glas-sommergarten-44-300x200.jpg\" class=\"attachment-medium size-medium\" alt=\"Leeb Sommergarten als erweitertes Wohnzimmer\" srcset=\"https:\/\/www.leeb-balkone.com\/app\/uploads\/2020\/07\/glas-sommergarten-44-300x200.jpg 300w, https:\/\/www.leeb-balkone.com\/app\/uploads\/2020\/07\/glas-sommergarten-44-1024x682.jpg 1024w, https:\/\/www.leeb-balkone.com\/app\/uploads\/2020\/07\/glas-sommergarten-44-768x512.jpg 768w, https:\/\/www.leeb-balkone.com\/app\/uploads\/2020\/07\/glas-sommergarten-44-1536x1024.jpg 1536w, https:\/\/www.leeb-balkone.com\/app\/uploads\/2020\/07\/glas-sommergarten-44-2048x1365.jpg 2048w\" sizes=\"auto, (min-width: 1200px) 260px, (min-width: 1024px) 220px, (min-width: 640px) 465px, 768px\" \/>    \n                <\/figure>\n                        <\/div>\n            <p><small>Leeb Sommergarten als erweitertes Wohnzimmer<\/small><\/p>        <\/div>\n                  <div class=\"lg-item\" data-src=\"https:\/\/www.leeb-balkone.com\/app\/uploads\/2020\/09\/glas-sommergarten-15-scaled.jpg\"\n              data-sub-html=\"&lt;p&gt;&lt;small&gt;Sommergarten als erweiterter Wohnraum mit gem\u00fctlicher Sitzgruppe&lt;\/small&gt;&lt;\/p&gt;\">\n            <div class=\"img-wrapper\">\n                <figure>\n                    <img loading=\"lazy\" decoding=\"async\" width=\"300\" height=\"225\" src=\"https:\/\/www.leeb-balkone.com\/app\/uploads\/2020\/09\/glas-sommergarten-15-300x225.jpg\" class=\"attachment-medium size-medium\" alt=\"Sommergarten als erweiterter Wohnraum mit gem\u00fctlicher Sitzgruppe\" srcset=\"https:\/\/www.leeb-balkone.com\/app\/uploads\/2020\/09\/glas-sommergarten-15-300x225.jpg 300w, https:\/\/www.leeb-balkone.com\/app\/uploads\/2020\/09\/glas-sommergarten-15-1024x767.jpg 1024w, https:\/\/www.leeb-balkone.com\/app\/uploads\/2020\/09\/glas-sommergarten-15-768x575.jpg 768w, https:\/\/www.leeb-balkone.com\/app\/uploads\/2020\/09\/glas-sommergarten-15-1536x1151.jpg 1536w, https:\/\/www.leeb-balkone.com\/app\/uploads\/2020\/09\/glas-sommergarten-15-2048x1535.jpg 2048w\" sizes=\"auto, (min-width: 1200px) 260px, (min-width: 1024px) 220px, (min-width: 640px) 465px, 768px\" \/>    \n                <\/figure>\n                        <\/div>\n            <p><small>Sommergarten als erweiterter Wohnraum mit gem\u00fctlicher Sitzgruppe<\/small><\/p>        <\/div>\n                  <div class=\"lg-item\" data-src=\"https:\/\/www.leeb-balkone.com\/app\/uploads\/2021\/10\/sommergarten-pultdach-rundum-glas-seitenelemente-scaled.jpeg\"\n              data-sub-html=\"&lt;p&gt;&lt;small&gt;Terrasse mit Rundumverglasung - Leeb Sommergarten&lt;\/small&gt;&lt;\/p&gt;\">\n            <div class=\"img-wrapper\">\n                <figure>\n                    <img loading=\"lazy\" decoding=\"async\" width=\"300\" height=\"225\" src=\"https:\/\/www.leeb-balkone.com\/app\/uploads\/2021\/10\/sommergarten-pultdach-rundum-glas-seitenelemente-300x225.jpeg\" class=\"attachment-medium size-medium\" alt=\"Terrasse mit Rundumverglasung - Leeb Sommergarten\" srcset=\"https:\/\/www.leeb-balkone.com\/app\/uploads\/2021\/10\/sommergarten-pultdach-rundum-glas-seitenelemente-300x225.jpeg 300w, https:\/\/www.leeb-balkone.com\/app\/uploads\/2021\/10\/sommergarten-pultdach-rundum-glas-seitenelemente-1024x767.jpeg 1024w, https:\/\/www.leeb-balkone.com\/app\/uploads\/2021\/10\/sommergarten-pultdach-rundum-glas-seitenelemente-768x575.jpeg 768w, https:\/\/www.leeb-balkone.com\/app\/uploads\/2021\/10\/sommergarten-pultdach-rundum-glas-seitenelemente-1536x1151.jpeg 1536w, https:\/\/www.leeb-balkone.com\/app\/uploads\/2021\/10\/sommergarten-pultdach-rundum-glas-seitenelemente-scaled.jpeg 2048w\" sizes=\"auto, (min-width: 1200px) 260px, (min-width: 1024px) 220px, (min-width: 640px) 465px, 768px\" \/>    \n                <\/figure>\n                        <\/div>\n            <p><small>Terrasse mit Rundumverglasung &#8211; Leeb Sommergarten<\/small><\/p>        <\/div>\n                  <div class=\"lg-item\" data-src=\"https:\/\/www.leeb-balkone.com\/app\/uploads\/2020\/07\/sommergarten-mit-offenen-schiebeelementen-und-gartengarnitur-scaled.jpg\"\n              data-sub-html=\"&lt;p&gt;&lt;small&gt;Sommergarten mit offenen Schiebelementen &lt;\/small&gt;&lt;\/p&gt;\">\n            <div class=\"img-wrapper\">\n                <figure>\n                    <img loading=\"lazy\" decoding=\"async\" width=\"300\" height=\"200\" src=\"https:\/\/www.leeb-balkone.com\/app\/uploads\/2020\/07\/sommergarten-mit-offenen-schiebeelementen-und-gartengarnitur-300x200.jpg\" class=\"attachment-medium size-medium\" alt=\"Sommergarten mit offenen Schiebelementen und Gartengarnitur\" srcset=\"https:\/\/www.leeb-balkone.com\/app\/uploads\/2020\/07\/sommergarten-mit-offenen-schiebeelementen-und-gartengarnitur-300x200.jpg 300w, https:\/\/www.leeb-balkone.com\/app\/uploads\/2020\/07\/sommergarten-mit-offenen-schiebeelementen-und-gartengarnitur-1024x683.jpg 1024w, https:\/\/www.leeb-balkone.com\/app\/uploads\/2020\/07\/sommergarten-mit-offenen-schiebeelementen-und-gartengarnitur-768x512.jpg 768w, https:\/\/www.leeb-balkone.com\/app\/uploads\/2020\/07\/sommergarten-mit-offenen-schiebeelementen-und-gartengarnitur-1536x1025.jpg 1536w, https:\/\/www.leeb-balkone.com\/app\/uploads\/2020\/07\/sommergarten-mit-offenen-schiebeelementen-und-gartengarnitur-2048x1366.jpg 2048w\" sizes=\"auto, (min-width: 1200px) 260px, (min-width: 1024px) 220px, (min-width: 640px) 465px, 768px\" \/>    \n                <\/figure>\n                        <\/div>\n            <p><small>Sommergarten mit offenen Schiebelementen <\/small><\/p>        <\/div>\n                  <div class=\"lg-item\" data-src=\"https:\/\/www.leeb-balkone.com\/app\/uploads\/2020\/07\/glas-sommergarten-anbau-48-scaled.jpg\"\n              data-sub-html=\"&lt;p&gt;&lt;small&gt;Anbaubalkon mit Sommergarten von Leeb&lt;\/small&gt;&lt;\/p&gt;\">\n            <div class=\"img-wrapper\">\n                <figure>\n                    <img loading=\"lazy\" decoding=\"async\" width=\"300\" height=\"200\" src=\"https:\/\/www.leeb-balkone.com\/app\/uploads\/2020\/07\/glas-sommergarten-anbau-48-300x200.jpg\" class=\"attachment-medium size-medium\" alt=\"Anbaubalkon mit Sommergarten von Leeb\" srcset=\"https:\/\/www.leeb-balkone.com\/app\/uploads\/2020\/07\/glas-sommergarten-anbau-48-300x200.jpg 300w, https:\/\/www.leeb-balkone.com\/app\/uploads\/2020\/07\/glas-sommergarten-anbau-48-1024x683.jpg 1024w, https:\/\/www.leeb-balkone.com\/app\/uploads\/2020\/07\/glas-sommergarten-anbau-48-768x512.jpg 768w, https:\/\/www.leeb-balkone.com\/app\/uploads\/2020\/07\/glas-sommergarten-anbau-48-1536x1024.jpg 1536w, https:\/\/www.leeb-balkone.com\/app\/uploads\/2020\/07\/glas-sommergarten-anbau-48-2048x1366.jpg 2048w\" sizes=\"auto, (min-width: 1200px) 260px, (min-width: 1024px) 220px, (min-width: 640px) 465px, 768px\" \/>    \n                <\/figure>\n                        <\/div>\n            <p><small>Anbaubalkon mit Sommergarten von Leeb<\/small><\/p>        <\/div>\n                  <div class=\"lg-item\" data-src=\"https:\/\/www.leeb-balkone.com\/app\/uploads\/2021\/10\/sommergarten-balkonueberdachung-mit-alu-glas-seitenelementen-scaled.jpeg\"\n              data-sub-html=\"&lt;p&gt;&lt;small&gt;Terrassen\u00fcberdachung in Kombination mit einem Anbaubalkon&lt;\/small&gt;&lt;\/p&gt;\">\n            <div class=\"img-wrapper\">\n                <figure>\n                    <img loading=\"lazy\" decoding=\"async\" width=\"300\" height=\"200\" src=\"https:\/\/www.leeb-balkone.com\/app\/uploads\/2021\/10\/sommergarten-balkonueberdachung-mit-alu-glas-seitenelementen-300x200.jpeg\" class=\"attachment-medium size-medium\" alt=\"sommergarten balkonueberdachung mit alu glas seitenelementen\" srcset=\"https:\/\/www.leeb-balkone.com\/app\/uploads\/2021\/10\/sommergarten-balkonueberdachung-mit-alu-glas-seitenelementen-300x200.jpeg 300w, https:\/\/www.leeb-balkone.com\/app\/uploads\/2021\/10\/sommergarten-balkonueberdachung-mit-alu-glas-seitenelementen-1024x684.jpeg 1024w, https:\/\/www.leeb-balkone.com\/app\/uploads\/2021\/10\/sommergarten-balkonueberdachung-mit-alu-glas-seitenelementen-768x513.jpeg 768w, https:\/\/www.leeb-balkone.com\/app\/uploads\/2021\/10\/sommergarten-balkonueberdachung-mit-alu-glas-seitenelementen-1536x1025.jpeg 1536w, https:\/\/www.leeb-balkone.com\/app\/uploads\/2021\/10\/sommergarten-balkonueberdachung-mit-alu-glas-seitenelementen-scaled.jpeg 2048w\" sizes=\"auto, (min-width: 1200px) 260px, (min-width: 1024px) 220px, (min-width: 640px) 465px, 768px\" \/>    \n                <\/figure>\n                        <\/div>\n            <p><small>Terrassen\u00fcberdachung in Kombination mit einem Anbaubalkon<\/small><\/p>        <\/div>\n                  <div class=\"lg-item\" data-src=\"https:\/\/www.leeb-balkone.com\/app\/uploads\/2021\/10\/sommergarten-alu-glas-mit-glasschiebetueren-scaled.jpeg\"\n              data-sub-html=\"&lt;p&gt;&lt;small&gt;Kombination Sommergarten und Sichtschutzzaun von Leeb&lt;\/small&gt;&lt;\/p&gt;\">\n            <div class=\"img-wrapper\">\n                <figure>\n                    <img loading=\"lazy\" decoding=\"async\" width=\"300\" height=\"225\" src=\"https:\/\/www.leeb-balkone.com\/app\/uploads\/2021\/10\/sommergarten-alu-glas-mit-glasschiebetueren-300x225.jpeg\" class=\"attachment-medium size-medium\" alt=\"Kombination Sommergarten und Sichtschutzzaun von Leeb\" srcset=\"https:\/\/www.leeb-balkone.com\/app\/uploads\/2021\/10\/sommergarten-alu-glas-mit-glasschiebetueren-300x225.jpeg 300w, https:\/\/www.leeb-balkone.com\/app\/uploads\/2021\/10\/sommergarten-alu-glas-mit-glasschiebetueren-1024x767.jpeg 1024w, https:\/\/www.leeb-balkone.com\/app\/uploads\/2021\/10\/sommergarten-alu-glas-mit-glasschiebetueren-768x575.jpeg 768w, https:\/\/www.leeb-balkone.com\/app\/uploads\/2021\/10\/sommergarten-alu-glas-mit-glasschiebetueren-1536x1151.jpeg 1536w, https:\/\/www.leeb-balkone.com\/app\/uploads\/2021\/10\/sommergarten-alu-glas-mit-glasschiebetueren-scaled.jpeg 2048w\" sizes=\"auto, (min-width: 1200px) 260px, (min-width: 1024px) 220px, (min-width: 640px) 465px, 768px\" \/>    \n                <\/figure>\n                        <\/div>\n            <p><small>Kombination Sommergarten und Sichtschutzzaun von Leeb<\/small><\/p>        <\/div>\n                  <div class=\"lg-item\" data-src=\"https:\/\/www.leeb-balkone.com\/app\/uploads\/2025\/07\/sommergarten-alu-glas-und-terrassenueberdachung-toscana-mit-glasbalkon-vitro-scaled.jpg\"\n              data-sub-html=\"&lt;p&gt;&lt;small&gt;Terrasse mit Glas-Schiebeelementen von Leeb&lt;\/small&gt;&lt;\/p&gt;\">\n            <div class=\"img-wrapper\">\n                <figure>\n                    <img loading=\"lazy\" decoding=\"async\" width=\"300\" height=\"200\" src=\"https:\/\/www.leeb-balkone.com\/app\/uploads\/2025\/07\/sommergarten-alu-glas-und-terrassenueberdachung-toscana-mit-glasbalkon-vitro-300x200.jpg\" class=\"attachment-medium size-medium\" alt=\"Terrasse mit Glas-Schiebeelementen von Leeb\" srcset=\"https:\/\/www.leeb-balkone.com\/app\/uploads\/2025\/07\/sommergarten-alu-glas-und-terrassenueberdachung-toscana-mit-glasbalkon-vitro-300x200.jpg 300w, https:\/\/www.leeb-balkone.com\/app\/uploads\/2025\/07\/sommergarten-alu-glas-und-terrassenueberdachung-toscana-mit-glasbalkon-vitro-1024x683.jpg 1024w, https:\/\/www.leeb-balkone.com\/app\/uploads\/2025\/07\/sommergarten-alu-glas-und-terrassenueberdachung-toscana-mit-glasbalkon-vitro-768x512.jpg 768w, https:\/\/www.leeb-balkone.com\/app\/uploads\/2025\/07\/sommergarten-alu-glas-und-terrassenueberdachung-toscana-mit-glasbalkon-vitro-1536x1024.jpg 1536w, https:\/\/www.leeb-balkone.com\/app\/uploads\/2025\/07\/sommergarten-alu-glas-und-terrassenueberdachung-toscana-mit-glasbalkon-vitro-2048x1366.jpg 2048w\" sizes=\"auto, (min-width: 1200px) 260px, (min-width: 1024px) 220px, (min-width: 640px) 465px, 768px\" \/>    \n                <\/figure>\n                        <\/div>\n            <p><small>Terrasse mit Glas-Schiebeelementen von Leeb<\/small><\/p>        <\/div>\n                  <div class=\"lg-item\" data-src=\"https:\/\/www.leeb-balkone.com\/app\/uploads\/2025\/07\/alu-sommergarten-mit-led-beleuchtung-und-aufdachmarkise-und-aluzaun-toledo-scaled.jpg\"\n              data-sub-html=\"&lt;p&gt;&lt;small&gt;Sommergarten mit LED-Beleuchtung und Aufdachmarkise&lt;\/small&gt;&lt;\/p&gt;\">\n            <div class=\"img-wrapper\">\n                <figure>\n                    <img loading=\"lazy\" decoding=\"async\" width=\"300\" height=\"214\" src=\"https:\/\/www.leeb-balkone.com\/app\/uploads\/2025\/07\/alu-sommergarten-mit-led-beleuchtung-und-aufdachmarkise-und-aluzaun-toledo-300x214.jpg\" class=\"attachment-medium size-medium\" alt=\"Sommergarten mit LED-Beleuchtung und Aufdachmarkise\" srcset=\"https:\/\/www.leeb-balkone.com\/app\/uploads\/2025\/07\/alu-sommergarten-mit-led-beleuchtung-und-aufdachmarkise-und-aluzaun-toledo-300x214.jpg 300w, https:\/\/www.leeb-balkone.com\/app\/uploads\/2025\/07\/alu-sommergarten-mit-led-beleuchtung-und-aufdachmarkise-und-aluzaun-toledo-1024x731.jpg 1024w, https:\/\/www.leeb-balkone.com\/app\/uploads\/2025\/07\/alu-sommergarten-mit-led-beleuchtung-und-aufdachmarkise-und-aluzaun-toledo-768x549.jpg 768w, https:\/\/www.leeb-balkone.com\/app\/uploads\/2025\/07\/alu-sommergarten-mit-led-beleuchtung-und-aufdachmarkise-und-aluzaun-toledo-1536x1097.jpg 1536w, https:\/\/www.leeb-balkone.com\/app\/uploads\/2025\/07\/alu-sommergarten-mit-led-beleuchtung-und-aufdachmarkise-und-aluzaun-toledo-2048x1463.jpg 2048w\" sizes=\"auto, (min-width: 1200px) 260px, (min-width: 1024px) 220px, (min-width: 640px) 465px, 768px\" \/>    \n                <\/figure>\n                        <\/div>\n            <p><small>Sommergarten mit LED-Beleuchtung und Aufdachmarkise<\/small><\/p>        <\/div>\n                  <div class=\"lg-item\" data-src=\"https:\/\/www.leeb-balkone.com\/app\/uploads\/2025\/07\/terrassenueberdachung-sommergarten-mit-senkrechtmarkise-und-aluzaun-toledo-scaled.jpg\"\n              data-sub-html=\"&lt;p&gt;&lt;small&gt;Leeb Sommergarten mit Senkrechtmarkise&lt;\/small&gt;&lt;\/p&gt;\">\n            <div class=\"img-wrapper\">\n                <figure>\n                    <img loading=\"lazy\" decoding=\"async\" width=\"300\" height=\"200\" src=\"https:\/\/www.leeb-balkone.com\/app\/uploads\/2025\/07\/terrassenueberdachung-sommergarten-mit-senkrechtmarkise-und-aluzaun-toledo-300x200.jpg\" class=\"attachment-medium size-medium\" alt=\"Leeb Sommergarten mit Senkrechtmarkise\" srcset=\"https:\/\/www.leeb-balkone.com\/app\/uploads\/2025\/07\/terrassenueberdachung-sommergarten-mit-senkrechtmarkise-und-aluzaun-toledo-300x200.jpg 300w, https:\/\/www.leeb-balkone.com\/app\/uploads\/2025\/07\/terrassenueberdachung-sommergarten-mit-senkrechtmarkise-und-aluzaun-toledo-1024x683.jpg 1024w, https:\/\/www.leeb-balkone.com\/app\/uploads\/2025\/07\/terrassenueberdachung-sommergarten-mit-senkrechtmarkise-und-aluzaun-toledo-768x512.jpg 768w, https:\/\/www.leeb-balkone.com\/app\/uploads\/2025\/07\/terrassenueberdachung-sommergarten-mit-senkrechtmarkise-und-aluzaun-toledo-1536x1024.jpg 1536w, https:\/\/www.leeb-balkone.com\/app\/uploads\/2025\/07\/terrassenueberdachung-sommergarten-mit-senkrechtmarkise-und-aluzaun-toledo-2048x1366.jpg 2048w\" sizes=\"auto, (min-width: 1200px) 260px, (min-width: 1024px) 220px, (min-width: 640px) 465px, 768px\" \/>    \n                <\/figure>\n                        <\/div>\n            <p><small>Leeb Sommergarten mit Senkrechtmarkise<\/small><\/p>        <\/div>\n                <\/div>\n\n              <div class=\"lg-load-more-wrapper\">\n            <div class=\"lg-load-more wp-block-button is-style-filled-secondary\">\n                <a href=\"#\" class=\"wp-block-button__link wp-element-button\" role=\"button\">\n                    Carica altro                <\/a>\n            <\/div>\n        <\/div>\n          <\/div>\n    <\/section>\n\n\n\n<section class=\"wp-block-group alignfull has-white-background-color has-background has-global-padding is-layout-constrained wp-container-core-group-is-layout-9fa1424c wp-block-group-is-layout-constrained\" style=\"padding-top:0\">\n<div class=\"wp-block-columns is-style-offset m-split is-layout-flex wp-container-core-columns-is-layout-28f84493 wp-block-columns-is-layout-flex\">\n<div class=\"wp-block-column is-layout-flow wp-block-column-is-layout-flow\"><div class=\"vp-map-wrapper vp-map-ratio-19-1\"><img decoding=\"async\" width=\"2000\" height=\"1132\" src=\"https:\/\/www.leeb-balkone.com\/app\/uploads\/2026\/03\/map-it.jpg\" class=\"attachment-full size-full\" alt=\"Mappa italiana: Partner commerciali (puntine arancioni) e showroom\/sedi (puntine verdi) di Leeb Balkone GmbH in Italia\" style=\"width:100%;height:100%;object-fit:cover;display:block;\" loading=\"lazy\" srcset=\"https:\/\/www.leeb-balkone.com\/app\/uploads\/2026\/03\/map-it.jpg 2000w, https:\/\/www.leeb-balkone.com\/app\/uploads\/2026\/03\/map-it-300x170.jpg 300w, https:\/\/www.leeb-balkone.com\/app\/uploads\/2026\/03\/map-it-1024x580.jpg 1024w, https:\/\/www.leeb-balkone.com\/app\/uploads\/2026\/03\/map-it-768x435.jpg 768w, https:\/\/www.leeb-balkone.com\/app\/uploads\/2026\/03\/map-it-1536x869.jpg 1536w\" sizes=\"auto, (min-width: 1536px) 2048px, (min-width: 992px) 1536px, (min-width: 768px) 1024px, (min-width: 576px) 768px, 100vw\" \/><\/div>\n<\/div>\n\n\n\n<div class=\"wp-block-column is-vertically-aligned-center is-style-overlay-content is-layout-flow wp-block-column-is-layout-flow\">\n<div class=\"wp-block-group is-vertical is-layout-flex wp-container-core-group-is-layout-bd7877ba wp-block-group-is-layout-flex\">\n<h2 class=\"wp-block-heading has-step-2-font-size\">Partner commerciale Italia<\/h2>\n\n\n\n<p>Partner LEEB competenti nella vostra regione. Consulenza personalizzata, progettazione accurata e montaggio a regola d&#8217;arte.<\/p>\n\n\n\n<div class=\"wp-block-buttons is-layout-flex wp-block-buttons-is-layout-flex\" style=\"margin-top:var(--wp--preset--spacing--2-xs)\">\n<div class=\"wp-block-button is-style-cta\"><a class=\"wp-block-button__link has-transparent-background-color has-background wp-element-button\" href=\"https:\/\/www.leeb-balkone.com\/it\/partner-commerciali\/\">Trova un partner di vendita<span class=\"sr-only\"> Partner commerciale Leeb Balkone Italia<\/span><\/a><\/div>\n<\/div>\n<\/div>\n<\/div>\n<\/div>\n<\/section>\n\n\n\n<section class=\"wp-block-group alignfull has-light-gray-background-color has-background has-global-padding is-layout-constrained wp-container-core-group-is-layout-52f96efc wp-block-group-is-layout-constrained\" id=\"beratungstermin\">\n<div class=\"wp-block-group m-teaser o-grid u-md-1 is-layout-flow wp-block-group-is-layout-flow\">\n<div class=\"wp-block-group u-g-7 u-g-s-2 is-layout-flow wp-block-group-is-layout-flow\" style=\"margin-bottom:var(--wp--preset--spacing--s)\">\n<h2 class=\"wp-block-heading\">Mettiti in contatto con noi<\/h2>\n\n\n\n<p><strong><strong>State pianificando un progetto o avete domande su di noi e sulle nostre soluzioni? Scriveteci: saremo lieti di dedicare il tempo necessario alla vostra richiesta!<\/strong><\/strong><\/p>\n<\/div>\n<\/div>\n\n\n\n<div class=\"wp-block-group m-teaser o-grid u-md-1 is-layout-flow wp-block-group-is-layout-flow\">\n<div class=\"wp-block-group u-g-7 u-g-s-2 is-layout-flow wp-block-group-is-layout-flow\" style=\"margin-bottom:var(--wp--preset--spacing--s)\"><form action=\"https:\/\/www.leeb-balkone.com\/it\/wp-json\/ws-form\/v1\/submit\" class=\"wsf-form wsf-form-canvas\" id=\"ws-form-1\" data-id=\"8\" data-instance-id=\"1\" method=\"POST\"><\/form>\n<\/div>\n\n\n\n<div class=\"wp-block-group u-g-3 u-g-s-9 is-layout-flow wp-block-group-is-layout-flow\"><div class=\"t3-sidebar-buttons wp-block-buttons is-layout-flex wp-block-buttons-is-layout-flex\"><div class=\"wp-block-button is-style-fill icon-book icon-left\">\n                        <a class=\"wp-block-button__link has-secondary-color has-white-background-color has-text-color has-background has-link-color wp-element-button\" href=\"https:\/\/www.leeb-balkone.com\/it\/contatti\/richiesta-catalogo\/\" style=\"box-shadow:var(--wp--preset--shadow--box-shadow)\">Richiesta catalogo<\/a>\n                    <\/div><div class=\"wp-block-button is-style-fill icon-phone-new icon-left\">\n                        <a class=\"wp-block-button__link has-secondary-color has-white-background-color has-text-color has-background has-link-color wp-element-button\" href=\"tel:+393711472844\">Telefono Italia <span class=\"sr-only\"> Telefono: +39 371 1472844<\/span><\/a>\n                    <\/div><\/div>\n<\/div>\n<\/div>\n<\/section>\n","protected":false},"excerpt":{"rendered":"","protected":false},"author":4,"featured_media":0,"parent":163480,"menu_order":0,"comment_status":"closed","ping_status":"closed","template":"template-onepager.blade.php","meta":{"_acf_changed":false,"footnotes":"","_sage_theme_css":true,"_wp_block_core_css":true},"folder":[238,248],"class_list":["post-163076","page","type-page","status-publish","hentry"],"acf":[],"yoast_head":"<!-- This site is optimized with the Yoast SEO plugin v27.2 - https:\/\/yoast.com\/product\/yoast-seo-wordpress\/ -->\n<title>Giardino estivo in alluminio-vetro con elementi scorrevoli - BALCONI LEEB Italia<\/title>\n<meta name=\"description\" content=\"Prolunga la stagione del tuo giardino con un giardino estivo Leeb. Struttura in vetro-alluminio di alta qualit\u00e0, protetta dal vento e inondata di luce. Richiedi subito una consulenza non vincolante!\" \/>\n<meta name=\"robots\" content=\"index, follow, max-snippet:-1, max-image-preview:large, max-video-preview:-1\" \/>\n<meta property=\"og:locale\" content=\"it_IT\" \/>\n<meta property=\"og:type\" content=\"article\" \/>\n<meta property=\"og:title\" content=\"Giardino estivo in alluminio-vetro con elementi scorrevoli - BALCONI LEEB\" \/>\n<meta property=\"og:description\" content=\"Prolunga la stagione del tuo giardino con un giardino estivo Leeb. Struttura in vetro-alluminio di alta qualit\u00e0, protetta dal vento e inondata di luce. Richiedi subito una consulenza non vincolante!\" \/>\n<meta property=\"og:url\" content=\"https:\/\/www.leeb-balkone.com\/it\/tettoie-e-carport\/giardino-estivo\/\" \/>\n<meta property=\"og:site_name\" content=\"BALCONI LEEB\" \/>\n<meta property=\"article:publisher\" content=\"https:\/\/www.facebook.com\/balkone\/\" \/>\n<meta property=\"article:modified_time\" content=\"2026-01-27T14:16:39+00:00\" \/>\n<meta property=\"og:image\" content=\"https:\/\/www.leeb-balkone.com\/app\/uploads\/2020\/07\/glas-sommergarten-terrassenueberdachung-5-1024x684.jpg\" \/>\n<meta name=\"twitter:card\" content=\"summary_large_image\" \/>\n<script type=\"application\/ld+json\" class=\"yoast-schema-graph\">{\"@context\":\"https:\/\/schema.org\",\"@graph\":[{\"@type\":\"WebPage\",\"@id\":\"https:\/\/www.leeb-balkone.com\/it\/tettoie-e-carport\/giardino-estivo\/\",\"url\":\"https:\/\/www.leeb-balkone.com\/it\/tettoie-e-carport\/giardino-estivo\/\",\"name\":\"Giardino estivo in alluminio-vetro con elementi scorrevoli - BALCONI LEEB\",\"isPartOf\":{\"@id\":\"https:\/\/www.leeb-balkone.com\/it\/#website\"},\"primaryImageOfPage\":{\"@id\":\"https:\/\/www.leeb-balkone.com\/it\/tettoie-e-carport\/giardino-estivo\/#primaryimage\"},\"image\":{\"@id\":\"https:\/\/www.leeb-balkone.com\/it\/tettoie-e-carport\/giardino-estivo\/#primaryimage\"},\"thumbnailUrl\":\"https:\/\/www.leeb-balkone.com\/app\/uploads\/2020\/07\/glas-sommergarten-terrassenueberdachung-5-1024x684.jpg\",\"datePublished\":\"2026-01-19T11:47:04+00:00\",\"dateModified\":\"2026-01-27T14:16:39+00:00\",\"description\":\"Prolunga la stagione del tuo giardino con un giardino estivo Leeb. Struttura in vetro-alluminio di alta qualit\u00e0, protetta dal vento e inondata di luce. Richiedi subito una consulenza non vincolante!\",\"breadcrumb\":{\"@id\":\"https:\/\/www.leeb-balkone.com\/it\/tettoie-e-carport\/giardino-estivo\/#breadcrumb\"},\"inLanguage\":\"it-IT\",\"potentialAction\":[{\"@type\":\"ReadAction\",\"target\":[\"https:\/\/www.leeb-balkone.com\/it\/tettoie-e-carport\/giardino-estivo\/\"]}]},{\"@type\":\"ImageObject\",\"inLanguage\":\"it-IT\",\"@id\":\"https:\/\/www.leeb-balkone.com\/it\/tettoie-e-carport\/giardino-estivo\/#primaryimage\",\"url\":\"https:\/\/www.leeb-balkone.com\/app\/uploads\/2020\/07\/glas-sommergarten-terrassenueberdachung-5-1024x684.jpg\",\"contentUrl\":\"https:\/\/www.leeb-balkone.com\/app\/uploads\/2020\/07\/glas-sommergarten-terrassenueberdachung-5-1024x684.jpg\"},{\"@type\":\"BreadcrumbList\",\"@id\":\"https:\/\/www.leeb-balkone.com\/it\/tettoie-e-carport\/giardino-estivo\/#breadcrumb\",\"itemListElement\":[{\"@type\":\"ListItem\",\"position\":1,\"name\":\"Home\",\"item\":\"https:\/\/www.leeb-balkone.com\/it\/\"},{\"@type\":\"ListItem\",\"position\":2,\"name\":\"Pensiline e giardini estivi\",\"item\":\"https:\/\/www.leeb-balkone.com\/it\/tettoie-e-carport\/\"},{\"@type\":\"ListItem\",\"position\":3,\"name\":\"Giardino estivo\"}]},{\"@type\":\"WebSite\",\"@id\":\"https:\/\/www.leeb-balkone.com\/it\/#website\",\"url\":\"https:\/\/www.leeb-balkone.com\/it\/\",\"name\":\"BALCONI LEEB\",\"description\":\"Balkone und Z\u00e4une\",\"publisher\":{\"@id\":\"https:\/\/www.leeb-balkone.com\/it\/#organization\"},\"potentialAction\":[{\"@type\":\"SearchAction\",\"target\":{\"@type\":\"EntryPoint\",\"urlTemplate\":\"https:\/\/www.leeb-balkone.com\/it\/?s={search_term_string}\"},\"query-input\":{\"@type\":\"PropertyValueSpecification\",\"valueRequired\":true,\"valueName\":\"search_term_string\"}}],\"inLanguage\":\"it-IT\"},{\"@type\":\"Organization\",\"@id\":\"https:\/\/www.leeb-balkone.com\/it\/#organization\",\"name\":\"Leeb Balkone Gmbh\",\"url\":\"https:\/\/www.leeb-balkone.com\/it\/\",\"logo\":{\"@type\":\"ImageObject\",\"inLanguage\":\"it-IT\",\"@id\":\"https:\/\/www.leeb-balkone.com\/it\/#\/schema\/logo\/image\/\",\"url\":\"https:\/\/www.leeb-balkone.com\/app\/uploads\/2020\/11\/leeb-logo.svg\",\"contentUrl\":\"https:\/\/www.leeb-balkone.com\/app\/uploads\/2020\/11\/leeb-logo.svg\",\"width\":741,\"height\":204,\"caption\":\"Leeb Balkone Gmbh\"},\"image\":{\"@id\":\"https:\/\/www.leeb-balkone.com\/it\/#\/schema\/logo\/image\/\"},\"sameAs\":[\"https:\/\/www.facebook.com\/balkone\/\",\"https:\/\/www.trustedshops.at\/bewertung\/info_X4587CCF5833E31AFE0B11F47D86999F2.html\",\"https:\/\/www.trustedshops.de\/bewertung\/info_X7BA536A7A0BDC86D36C4718E4DCAEEEF.html\",\"https:\/\/www.google.com\/maps\/place\/?q=place_id:ChIJ5-zH19-IcEcR9HonWRTllHI\"]}]}<\/script>\n<!-- \/ Yoast SEO plugin. -->","yoast_head_json":{"title":"Giardino estivo in alluminio-vetro con elementi scorrevoli - BALCONI LEEB Italia","description":"Prolunga la stagione del tuo giardino con un giardino estivo Leeb. Struttura in vetro-alluminio di alta qualit\u00e0, protetta dal vento e inondata di luce. Richiedi subito una consulenza non vincolante!","robots":{"index":"index","follow":"follow","max-snippet":"max-snippet:-1","max-image-preview":"max-image-preview:large","max-video-preview":"max-video-preview:-1"},"og_locale":"it_IT","og_type":"article","og_title":"Giardino estivo in alluminio-vetro con elementi scorrevoli - BALCONI LEEB","og_description":"Prolunga la stagione del tuo giardino con un giardino estivo Leeb. Struttura in vetro-alluminio di alta qualit\u00e0, protetta dal vento e inondata di luce. Richiedi subito una consulenza non vincolante!","og_url":"https:\/\/www.leeb-balkone.com\/it\/tettoie-e-carport\/giardino-estivo\/","og_site_name":"BALCONI LEEB","article_publisher":"https:\/\/www.facebook.com\/balkone\/","article_modified_time":"2026-01-27T14:16:39+00:00","og_image":[{"url":"https:\/\/www.leeb-balkone.com\/app\/uploads\/2020\/07\/glas-sommergarten-terrassenueberdachung-5-1024x684.jpg","type":"","width":"","height":""}],"twitter_card":"summary_large_image","schema":{"@context":"https:\/\/schema.org","@graph":[{"@type":"WebPage","@id":"https:\/\/www.leeb-balkone.com\/it\/tettoie-e-carport\/giardino-estivo\/","url":"https:\/\/www.leeb-balkone.com\/it\/tettoie-e-carport\/giardino-estivo\/","name":"Giardino estivo in alluminio-vetro con elementi scorrevoli - BALCONI LEEB","isPartOf":{"@id":"https:\/\/www.leeb-balkone.com\/it\/#website"},"primaryImageOfPage":{"@id":"https:\/\/www.leeb-balkone.com\/it\/tettoie-e-carport\/giardino-estivo\/#primaryimage"},"image":{"@id":"https:\/\/www.leeb-balkone.com\/it\/tettoie-e-carport\/giardino-estivo\/#primaryimage"},"thumbnailUrl":"https:\/\/www.leeb-balkone.com\/app\/uploads\/2020\/07\/glas-sommergarten-terrassenueberdachung-5-1024x684.jpg","datePublished":"2026-01-19T11:47:04+00:00","dateModified":"2026-01-27T14:16:39+00:00","description":"Prolunga la stagione del tuo giardino con un giardino estivo Leeb. Struttura in vetro-alluminio di alta qualit\u00e0, protetta dal vento e inondata di luce. Richiedi subito una consulenza non vincolante!","breadcrumb":{"@id":"https:\/\/www.leeb-balkone.com\/it\/tettoie-e-carport\/giardino-estivo\/#breadcrumb"},"inLanguage":"it-IT","potentialAction":[{"@type":"ReadAction","target":["https:\/\/www.leeb-balkone.com\/it\/tettoie-e-carport\/giardino-estivo\/"]}]},{"@type":"ImageObject","inLanguage":"it-IT","@id":"https:\/\/www.leeb-balkone.com\/it\/tettoie-e-carport\/giardino-estivo\/#primaryimage","url":"https:\/\/www.leeb-balkone.com\/app\/uploads\/2020\/07\/glas-sommergarten-terrassenueberdachung-5-1024x684.jpg","contentUrl":"https:\/\/www.leeb-balkone.com\/app\/uploads\/2020\/07\/glas-sommergarten-terrassenueberdachung-5-1024x684.jpg"},{"@type":"BreadcrumbList","@id":"https:\/\/www.leeb-balkone.com\/it\/tettoie-e-carport\/giardino-estivo\/#breadcrumb","itemListElement":[{"@type":"ListItem","position":1,"name":"Home","item":"https:\/\/www.leeb-balkone.com\/it\/"},{"@type":"ListItem","position":2,"name":"Pensiline e giardini estivi","item":"https:\/\/www.leeb-balkone.com\/it\/tettoie-e-carport\/"},{"@type":"ListItem","position":3,"name":"Giardino estivo"}]},{"@type":"WebSite","@id":"https:\/\/www.leeb-balkone.com\/it\/#website","url":"https:\/\/www.leeb-balkone.com\/it\/","name":"BALCONI LEEB","description":"Balkone und Z\u00e4une","publisher":{"@id":"https:\/\/www.leeb-balkone.com\/it\/#organization"},"potentialAction":[{"@type":"SearchAction","target":{"@type":"EntryPoint","urlTemplate":"https:\/\/www.leeb-balkone.com\/it\/?s={search_term_string}"},"query-input":{"@type":"PropertyValueSpecification","valueRequired":true,"valueName":"search_term_string"}}],"inLanguage":"it-IT"},{"@type":"Organization","@id":"https:\/\/www.leeb-balkone.com\/it\/#organization","name":"Leeb Balkone Gmbh","url":"https:\/\/www.leeb-balkone.com\/it\/","logo":{"@type":"ImageObject","inLanguage":"it-IT","@id":"https:\/\/www.leeb-balkone.com\/it\/#\/schema\/logo\/image\/","url":"https:\/\/www.leeb-balkone.com\/app\/uploads\/2020\/11\/leeb-logo.svg","contentUrl":"https:\/\/www.leeb-balkone.com\/app\/uploads\/2020\/11\/leeb-logo.svg","width":741,"height":204,"caption":"Leeb Balkone Gmbh"},"image":{"@id":"https:\/\/www.leeb-balkone.com\/it\/#\/schema\/logo\/image\/"},"sameAs":["https:\/\/www.facebook.com\/balkone\/","https:\/\/www.trustedshops.at\/bewertung\/info_X4587CCF5833E31AFE0B11F47D86999F2.html","https:\/\/www.trustedshops.de\/bewertung\/info_X7BA536A7A0BDC86D36C4718E4DCAEEEF.html","https:\/\/www.google.com\/maps\/place\/?q=place_id:ChIJ5-zH19-IcEcR9HonWRTllHI"]}]}},"_links":{"self":[{"href":"https:\/\/www.leeb-balkone.com\/it\/wp-json\/wp\/v2\/pages\/163076","targetHints":{"allow":["GET"]}}],"collection":[{"href":"https:\/\/www.leeb-balkone.com\/it\/wp-json\/wp\/v2\/pages"}],"about":[{"href":"https:\/\/www.leeb-balkone.com\/it\/wp-json\/wp\/v2\/types\/page"}],"author":[{"embeddable":true,"href":"https:\/\/www.leeb-balkone.com\/it\/wp-json\/wp\/v2\/users\/4"}],"replies":[{"embeddable":true,"href":"https:\/\/www.leeb-balkone.com\/it\/wp-json\/wp\/v2\/comments?post=163076"}],"version-history":[{"count":2,"href":"https:\/\/www.leeb-balkone.com\/it\/wp-json\/wp\/v2\/pages\/163076\/revisions"}],"predecessor-version":[{"id":163398,"href":"https:\/\/www.leeb-balkone.com\/it\/wp-json\/wp\/v2\/pages\/163076\/revisions\/163398"}],"up":[{"embeddable":true,"href":"https:\/\/www.leeb-balkone.com\/it\/wp-json\/wp\/v2\/pages\/163480"}],"wp:attachment":[{"href":"https:\/\/www.leeb-balkone.com\/it\/wp-json\/wp\/v2\/media?parent=163076"}],"wp:term":[{"taxonomy":"folder","embeddable":true,"href":"https:\/\/www.leeb-balkone.com\/it\/wp-json\/wp\/v2\/folder?post=163076"}],"curies":[{"name":"wp","href":"https:\/\/api.w.org\/{rel}","templated":true}]}}