{"id":155408,"date":"2025-09-14T22:31:43","date_gmt":"2025-09-14T22:31:43","guid":{"rendered":"https:\/\/www.leeb-balkone.com\/de\/prodotti\/prodotti-solari\/"},"modified":"2026-03-19T13:12:27","modified_gmt":"2026-03-19T13:12:27","slug":"fotovoltaico","status":"publish","type":"page","link":"https:\/\/www.leeb-balkone.com\/it\/fotovoltaico\/","title":{"rendered":"Prodotti solari"},"content":{"rendered":"\n<section class=\"wp-block-group alignfull t3-header t3-header-splitscreen t3-splitscreen-shadow h-zi-20 has-light-gray-background-color has-background has-global-padding is-layout-constrained wp-container-core-group-is-layout-f1ad4950 wp-block-group-is-layout-constrained\" style=\"padding-top:0;padding-bottom:0\">\n<div class=\"wp-block-columns h-flx-a-s m-split is-layout-flex wp-container-core-columns-is-layout-28f84493 wp-block-columns-is-layout-flex\">\n<div class=\"wp-block-column is-vertically-aligned-top h-flx-a-s m-split-col-content is-layout-flow wp-block-column-is-layout-flow\"><div class=\"yoast-breadcrumbs\"><span><span><a href=\"https:\/\/www.leeb-balkone.com\/it\/\">Home<\/a><\/span> \/ <span class=\"breadcrumb_last\" aria-current=\"page\">Prodotti solari<\/span><\/span><\/div>\n\n<h1 class=\"wp-block-post-title\">Prodotti solari<\/h1>\n\n\n<p class=\"has-step-0-font-size\" style=\"margin-bottom:0\">Una vantaggiosa riduzione della bolletta elettrica, un aspetto sostenibile e un aumento del valore della tua casa: tutto questo si combina con i prodotti solari di alta qualit\u00e0 di Leeb. Sfrutta la potenza del sole e investi nel futuro con i prodotti solari di Leeb. <\/p>\n\n\n\n<div class=\"wp-block-buttons is-layout-flex wp-block-buttons-is-layout-flex\" style=\"margin-top:var(--wp--preset--spacing--l)\">\n<div class=\"wp-block-button is-style-cta icon-book icon-left\"><a class=\"wp-block-button__link wp-element-button\" href=\"https:\/\/www.leeb-balkone.com\/it\/contatti\/richiesta-catalogo\/\">Richiedi il catalogo<\/a><\/div>\n\n\n\n<div class=\"wp-block-button is-style-cta icon-vp icon-left\"><a class=\"wp-block-button__link wp-element-button\" href=\"https:\/\/www.leeb-balkone.com\/it\/partner-commerciali\/\">Trova una persona di contatto<span class=\"sr-only\"> Italia<\/span><\/a><\/div>\n<\/div>\n<\/div>\n\n\n\n<div class=\"wp-block-column is-vertically-aligned-stretch h-hide-md-down is-style-image-cover is-layout-flow wp-block-column-is-layout-flow\">\n<figure class=\"wp-block-image size-large\"><img loading=\"lazy\" decoding=\"async\" width=\"1024\" height=\"659\" src=\"https:\/\/www.leeb-balkone.com\/app\/uploads\/2022\/06\/Zaun-Solar-04-Optimus-1024x659.jpg\" alt=\"Zaun Solar 04 Optimus\" class=\"wp-image-139436\" srcset=\"https:\/\/www.leeb-balkone.com\/app\/uploads\/2022\/06\/Zaun-Solar-04-Optimus-1024x659.jpg 1024w, https:\/\/www.leeb-balkone.com\/app\/uploads\/2022\/06\/Zaun-Solar-04-Optimus-300x193.jpg 300w, https:\/\/www.leeb-balkone.com\/app\/uploads\/2022\/06\/Zaun-Solar-04-Optimus-768x494.jpg 768w, https:\/\/www.leeb-balkone.com\/app\/uploads\/2022\/06\/Zaun-Solar-04-Optimus-1536x989.jpg 1536w, https:\/\/www.leeb-balkone.com\/app\/uploads\/2022\/06\/Zaun-Solar-04-Optimus-2048x1318.jpg 2048w\" sizes=\"auto, (max-width: 1024px) 100vw, 1024px\" \/><figcaption class=\"wp-element-caption\">Il cablaggio dei moduli fotovoltaici \u00e8 nascosto all&#8217;interno.  <\/figcaption><\/figure>\n<\/div>\n<\/div>\n<\/section>\n\n<section class=\"wp-block-group alignfull has-white-background-color has-background has-global-padding is-layout-constrained wp-container-core-group-is-layout-52f96efc wp-block-group-is-layout-constrained\" id=\"modelle\">\n<div class=\"wp-block-group m-teaser o-grid u-md-1 is-layout-flow wp-block-group-is-layout-flow\">\n<div class=\"wp-block-group u-g-9 u-g-s-2 is-layout-flow wp-block-group-is-layout-flow\" style=\"margin-bottom:var(--wp--preset--spacing--s)\">\n<h2 class=\"wp-block-heading has-text-align-left\">Moduli fotovoltaici altamente efficaci e completamente integrati nei nostri prodotti solari<\/h2>\n\n\n\n<p class=\"has-text-align-left\">Che tu stia rinnovando la ringhiera del tuo balcone, ampliando il tuo spazio abitativo con un&#8217;estensione del balcone o progettando un tetto per la tua casa, con un prodotto solare di Leeb darai un contributo prezioso e sostenibile all&#8217;equilibrio ecologico.<\/p>\n<\/div>\n<\/div>\n\n\n\n<div class=\"wp-block-group is-style-transparent-cards large is-layout-grid wp-container-core-group-is-layout-6056aaf6 wp-block-group-is-layout-grid\">\n<div class=\"wp-block-group m-card is-layout-flow wp-container-core-group-is-layout-8a368f38 wp-block-group-is-layout-flow\">\n<figure class=\"wp-block-image size-large\"><a href=\"https:\/\/www.leeb-balkone.com\/it\/fotovoltaico\/balcone-fotovoltaico\/\"><img loading=\"lazy\" decoding=\"async\" width=\"1024\" height=\"768\" src=\"https:\/\/www.leeb-balkone.com\/app\/uploads\/2024\/04\/solar-glas-alu-balkon-10-red-dot-gross-2-1024x768.jpg\" alt=\"solar glas alu balkon 10 red dot gross\" class=\"wp-image-137404\" srcset=\"https:\/\/www.leeb-balkone.com\/app\/uploads\/2024\/04\/solar-glas-alu-balkon-10-red-dot-gross-2-1024x768.jpg 1024w, https:\/\/www.leeb-balkone.com\/app\/uploads\/2024\/04\/solar-glas-alu-balkon-10-red-dot-gross-2-300x225.jpg 300w, https:\/\/www.leeb-balkone.com\/app\/uploads\/2024\/04\/solar-glas-alu-balkon-10-red-dot-gross-2-768x576.jpg 768w, https:\/\/www.leeb-balkone.com\/app\/uploads\/2024\/04\/solar-glas-alu-balkon-10-red-dot-gross-2-1536x1152.jpg 1536w, https:\/\/www.leeb-balkone.com\/app\/uploads\/2024\/04\/solar-glas-alu-balkon-10-red-dot-gross-2-2048x1536.jpg 2048w\" sizes=\"auto, (max-width: 1024px) 100vw, 1024px\" \/><\/a><\/figure>\n\n\n\n<div class=\"wp-block-group m-card-content is-vertical is-layout-flex wp-container-core-group-is-layout-5580f018 wp-block-group-is-layout-flex\">\n<h3 class=\"wp-block-heading\"><a href=\"https:\/\/www.leeb-balkone.com\/de\/solar\/solar-balkon\/\">Solar-Balkon<\/a><\/h3>\n\n\n\n<p>Ringhiera del balcone high-tech con moduli fotovoltaici &#8211; Sistema solare per balconi con Leeb<\/p>\n\n\n\n<p class=\"more\"><a href=\"https:\/\/www.leeb-balkone.com\/de\/solar\/solar-balkon\/\">Mehr erfahren<\/a><\/p>\n<\/div>\n<\/div>\n\n\n\n<div class=\"wp-block-group m-card is-layout-flow wp-container-core-group-is-layout-8a368f38 wp-block-group-is-layout-flow\">\n<figure class=\"wp-block-image size-large\"><a href=\"https:\/\/www.leeb-balkone.com\/it\/fotovoltaico\/tettoia-solare-da-terrazza\/\"><img loading=\"lazy\" decoding=\"async\" width=\"1024\" height=\"768\" src=\"https:\/\/www.leeb-balkone.com\/app\/uploads\/2020\/07\/solar-glas-alu-ueberdachung-18-1024x768.jpg\" alt=\"solar glas alu ueberdachung\" class=\"wp-image-132315\" srcset=\"https:\/\/www.leeb-balkone.com\/app\/uploads\/2020\/07\/solar-glas-alu-ueberdachung-18-1024x768.jpg 1024w, https:\/\/www.leeb-balkone.com\/app\/uploads\/2020\/07\/solar-glas-alu-ueberdachung-18-300x225.jpg 300w, https:\/\/www.leeb-balkone.com\/app\/uploads\/2020\/07\/solar-glas-alu-ueberdachung-18-768x576.jpg 768w, https:\/\/www.leeb-balkone.com\/app\/uploads\/2020\/07\/solar-glas-alu-ueberdachung-18-1536x1152.jpg 1536w, https:\/\/www.leeb-balkone.com\/app\/uploads\/2020\/07\/solar-glas-alu-ueberdachung-18-2048x1536.jpg 2048w\" sizes=\"auto, (max-width: 1024px) 100vw, 1024px\" \/><\/a><figcaption class=\"wp-element-caption\">Tetto solare con moduli fotovoltaici &#8211; Sistema solare di copertura con Leeb\n<\/figcaption><\/figure>\n\n\n\n<div class=\"wp-block-group m-card-content is-vertical is-layout-flex wp-container-core-group-is-layout-5580f018 wp-block-group-is-layout-flex\">\n<h3 class=\"wp-block-heading\"><a href=\"https:\/\/www.leeb-balkone.com\/de\/solar\/solar-terrassendach\/\">Solar-Terrassendach<\/a><\/h3>\n\n\n\n<p>Tetto solare con moduli fotovoltaici &#8211; Sistema solare di copertura con Leeb<\/p>\n\n\n\n<p class=\"more\"><a href=\"https:\/\/www.leeb-balkone.com\/de\/solar\/solar-terrassendach\/\">Mehr erfahren<\/a><\/p>\n<\/div>\n<\/div>\n\n\n\n<div class=\"wp-block-group m-card is-layout-flow wp-container-core-group-is-layout-8a368f38 wp-block-group-is-layout-flow\">\n<figure class=\"wp-block-image size-large\"><a href=\"https:\/\/www.leeb-balkone.com\/it\/fotovoltaico\/recinzione-fotovoltaica\/\"><img loading=\"lazy\" decoding=\"async\" width=\"1024\" height=\"765\" src=\"https:\/\/www.leeb-balkone.com\/app\/uploads\/2022\/06\/Zaun-Solar-01-1024x765.jpg\" alt=\"Recinzione solare con moduli fotovoltaici - Recinzione solare con Leeb\" class=\"wp-image-133849\" srcset=\"https:\/\/www.leeb-balkone.com\/app\/uploads\/2022\/06\/Zaun-Solar-01-1024x765.jpg 1024w, https:\/\/www.leeb-balkone.com\/app\/uploads\/2022\/06\/Zaun-Solar-01-300x224.jpg 300w, https:\/\/www.leeb-balkone.com\/app\/uploads\/2022\/06\/Zaun-Solar-01-768x574.jpg 768w, https:\/\/www.leeb-balkone.com\/app\/uploads\/2022\/06\/Zaun-Solar-01-1536x1147.jpg 1536w, https:\/\/www.leeb-balkone.com\/app\/uploads\/2022\/06\/Zaun-Solar-01-2048x1529.jpg 2048w\" sizes=\"auto, (max-width: 1024px) 100vw, 1024px\" \/><\/a><figcaption class=\"wp-element-caption\">Moduli fotovoltaici resistenti alla grandine integrati tra due lastre di vetro stratificato di sicurezza<\/figcaption><\/figure>\n\n\n\n<div class=\"wp-block-group m-card-content is-vertical is-layout-flex wp-container-core-group-is-layout-5580f018 wp-block-group-is-layout-flex\">\n<h3 class=\"wp-block-heading\"><a href=\"https:\/\/www.leeb-balkone.com\/de\/solar\/solar-zaun\/\">Solar-Zaun<\/a><\/h3>\n\n\n\n<p>Recinzione solare con moduli fotovoltaici &#8211; Recinzione solare con Leeb<\/p>\n\n\n\n<p class=\"more\"><a href=\"https:\/\/www.leeb-balkone.com\/de\/solar\/solar-zaun\/\">Mehr erfahren<\/a><\/p>\n<\/div>\n<\/div>\n\n\n\n<div class=\"wp-block-group m-card is-layout-flow wp-container-core-group-is-layout-8a368f38 wp-block-group-is-layout-flow\">\n<figure class=\"wp-block-image size-large\"><a href=\"https:\/\/www.leeb-balkone.com\/it\/fotovoltaico\/carport-fotovoltaico\/\"><img loading=\"lazy\" decoding=\"async\" width=\"1024\" height=\"765\" src=\"https:\/\/www.leeb-balkone.com\/app\/uploads\/2023\/11\/Carport_Doppel_Solar-01-1024x765.jpg\" alt=\"Carport_Doppel_Solar\" class=\"wp-image-134134\" srcset=\"https:\/\/www.leeb-balkone.com\/app\/uploads\/2023\/11\/Carport_Doppel_Solar-01-1024x765.jpg 1024w, https:\/\/www.leeb-balkone.com\/app\/uploads\/2023\/11\/Carport_Doppel_Solar-01-300x224.jpg 300w, https:\/\/www.leeb-balkone.com\/app\/uploads\/2023\/11\/Carport_Doppel_Solar-01-768x574.jpg 768w, https:\/\/www.leeb-balkone.com\/app\/uploads\/2023\/11\/Carport_Doppel_Solar-01-1536x1147.jpg 1536w, https:\/\/www.leeb-balkone.com\/app\/uploads\/2023\/11\/Carport_Doppel_Solar-01-2048x1529.jpg 2048w\" sizes=\"auto, (max-width: 1024px) 100vw, 1024px\" \/><\/a><\/figure>\n\n\n\n<div class=\"wp-block-group m-card-content is-vertical is-layout-flex wp-container-core-group-is-layout-5580f018 wp-block-group-is-layout-flex\">\n<h3 class=\"wp-block-heading\"><a href=\"https:\/\/www.leeb-balkone.com\/de\/solar\/solar-carport\/\">Solar-Carport<\/a><\/h3>\n\n\n\n<p>Carport solare con moduli fotovoltaici &#8211; Sistema solare carport con Leeb<\/p>\n\n\n\n<p class=\"more\"><a href=\"https:\/\/www.leeb-balkone.com\/de\/solar\/solar-carport\/\">Mehr erfahren<\/a><\/p>\n<\/div>\n<\/div>\n<\/div>\n<\/section>\n\n<section class=\"wp-block-cover alignfull is-light katalog-cta\" style=\"margin-top:0;margin-bottom:var(--wp--preset--spacing--2-xl);padding-top:0;padding-right:0;padding-bottom:0;padding-left:0;min-height:100px;aspect-ratio:unset;\" id=\"katalogbestellung\"><img loading=\"lazy\" decoding=\"async\" width=\"1920\" height=\"599\" class=\"wp-block-cover__image-background wp-image-7912 size-full\" alt=\"leeb balkone katalog anfordern\" src=\"https:\/\/www.leeb-balkone.com\/app\/uploads\/2020\/09\/leeb-balkone-katalog-anfordern-1.jpeg\" data-object-fit=\"cover\" srcset=\"https:\/\/www.leeb-balkone.com\/app\/uploads\/2020\/09\/leeb-balkone-katalog-anfordern-1-300x94.jpeg 300w, https:\/\/www.leeb-balkone.com\/app\/uploads\/2020\/09\/leeb-balkone-katalog-anfordern-1-1024x319.jpeg 1024w, https:\/\/www.leeb-balkone.com\/app\/uploads\/2020\/09\/leeb-balkone-katalog-anfordern-1-768x240.jpeg 768w, https:\/\/www.leeb-balkone.com\/app\/uploads\/2020\/09\/leeb-balkone-katalog-anfordern-1-1536x479.jpeg 1536w\" sizes=\"auto, (max-width: 1920px) 100vw, 1920px\" \/><span aria-hidden=\"true\" class=\"wp-block-cover__background has-primary-45-background-color has-background-dim-80 has-background-dim\"><\/span><div class=\"wp-block-cover__inner-container has-global-padding is-layout-constrained wp-container-core-cover-is-layout-82c3e120 wp-block-cover-is-layout-constrained\">\n<div class=\"wp-block-group is-layout-flow wp-block-group-is-layout-flow\" style=\"min-height:0px;margin-top:0;margin-bottom:0;padding-top:var(--wp--preset--spacing--2-xl);padding-bottom:var(--wp--preset--spacing--2-xl);padding-left:0\">\n<div class=\"wp-block-columns are-vertically-aligned-center is-layout-flex wp-container-core-columns-is-layout-0a4bbf16 wp-block-columns-is-layout-flex\" style=\"margin-top:0;margin-bottom:0\">\n<div class=\"wp-block-column is-vertically-aligned-center is-layout-flow wp-block-column-is-layout-flow\" style=\"flex-basis:66.66%\">\n<h2 class=\"wp-block-heading\">I nostri prodotti solari nel catalogo<\/h2>\n\n\n\n<p class=\"is-style-teaser\"><span class=\"teaser\">Il tuo catalogo personale ti aspetta! Ordina ora gratuitamente e scopri le nostre soluzioni solari con moduli fotovoltaici completamente integrati. Trova la soluzione che fa per te.  <\/span><\/p>\n<\/div>\n\n\n\n<div class=\"wp-block-column is-vertically-aligned-center is-layout-flow wp-block-column-is-layout-flow\" style=\"flex-basis:33.33%\">\n<div class=\"wp-block-buttons u-m-jc-left is-content-justification-right is-layout-flex wp-container-core-buttons-is-layout-c060c6c7 wp-block-buttons-is-layout-flex\">\n<div class=\"wp-block-button is-style-filled-white large\"><a class=\"wp-block-button__link wp-element-button\" href=\"https:\/\/www.leeb-balkone.com\/it\/contatti\/richiesta-catalogo\/\" style=\"box-shadow:var(--wp--preset--shadow--button-shadow)\">Richiedi il catalogo<\/a><\/div>\n<\/div>\n<\/div>\n<\/div>\n<\/div>\n<\/div><\/section>\n\n<section class=\"wp-block-cgb-t3-section-block alignfull b-pt-none  is-style-bg-white\" style=\"display:inherit;min-height:inherit\">\n<section class=\"wp-block-cgb-t3-section-block\" style=\"display:inherit;background-color:#fff;min-height:inherit\"><div class=\"grid-container\"><div>\n<div class=\"wp-block-cgb-t3-container-block none\" style=\"background-color:none\"><div class=\"grid-container\"><div class=\"grid-x\"><div class=\"cell small-12 medium-10 large-0 medium-offset-1\"><div class=\"b-sps\" id=\"\">\n      <div class=\"grid-x\">\n              <div class=\"cell b-sps__img  small-12 medium-5 small-order-1 medium-order-2 \">\n          \n            <img loading=\"lazy\" decoding=\"async\" width=\"1024\" height=\"872\" src=\"https:\/\/www.leeb-balkone.com\/app\/uploads\/2024\/06\/Optimus-mit-Button-1024x872.jpg\" class=\"attachment-large size-large\" alt=\"Optimus mit Button\" srcset=\"https:\/\/www.leeb-balkone.com\/app\/uploads\/2024\/06\/Optimus-mit-Button-1024x872.jpg 1024w, https:\/\/www.leeb-balkone.com\/app\/uploads\/2024\/06\/Optimus-mit-Button-300x255.jpg 300w, https:\/\/www.leeb-balkone.com\/app\/uploads\/2024\/06\/Optimus-mit-Button-768x654.jpg 768w, https:\/\/www.leeb-balkone.com\/app\/uploads\/2024\/06\/Optimus-mit-Button-1536x1308.jpg 1536w, https:\/\/www.leeb-balkone.com\/app\/uploads\/2024\/06\/Optimus-mit-Button-2048x1744.jpg 2048w\" sizes=\"auto, (min-width: 1200px) 1024px, (min-width: 1024px) 768px, (min-width: 640px) 768px, 768px\" \/>        <\/div>\n            <div class=\"cell b-sps__cont  small-12 medium-7 small-order-2 medium-order-1\">\n        <div class=\"b-sps__inner-cont  pdd-2cols\">\n          <h2 id=\"verbund-sicherheitsglas\">Modulo fotovoltaico LEEB OPTIMUS<\/h2>\n<p class=\"p1\">Questo modulo fotovoltaico ottimizzato \u00e8 il risultato di un&#8217;intensa collaborazione con il nostro fornitore ed \u00e8 stato sviluppato appositamente per le nostre esigenze. Questa esclusivit\u00e0 ti offre vantaggi che troverai solo da noi. Se alcune parti di un modulo fotovoltaico sono in ombra, ci\u00f2 comporta una riduzione della potenza dell&#8217;intero modulo o della stringa. Queste perdite di potenza possono essere contrastate grazie agli ottimizzatori integrati nei moduli fotovoltaici. Questa innovazione tecnologica ci offre un vantaggio competitivo.    <\/p>\n<p class=\"p1\">Il modulo fotovoltaico Leeb Optimus \u00e8 disponibile per i nostri balconi e recinzioni solari fino a una certa altezza. Per le tettoie, le pensiline e le recinzioni solari pi\u00f9 alte, utilizziamo il modulo Leeb PV 300. <\/p>\n\n        <\/div>\n      <\/div>\n    <\/div>\n  <\/div>\n<\/div><\/div><\/div><\/div>\n<\/div><\/div><\/section>\n<\/section>\n\n<section class=\"wp-block-cgb-t3-section-block alignfull b-pt-none  is-style-bg-transparent\" style=\"display:inherit;background-color:#F5F5F5;min-height:inherit\">\n<div class=\"wp-block-cgb-t3-container-block b-has-offset-h\" style=\"background-color:none\"><div class=\"grid-container\"><div class=\"grid-x\"><div class=\"cell small-12 medium-6 large-0 small-offset-1\">\n<h2 class=\"wp-block-heading\" id=\"anbaubalkone-aus-aluminium\">SOLEEB &#8211; La soluzione plug-and-play del futuro<\/h2>\n<\/div><\/div><\/div><\/div>\n\n\n\n<div class=\"wp-block-cgb-t3-container-block none\" style=\"background-color:none\"><div class=\"grid-container\"><div class=\"grid-x\"><div class=\"cell small-12 medium-9 large-0 medium-offset-1 b-has-pt\">\n<p><span class=\"teaser\">SOLEEB \u00e8 il sistema solare completo all-in-one. Il set completo plug-and-play, composto da due o quattro moduli solari e un inverter, \u00e8 la soluzione ideale per un&#8217;installazione facile e veloce. Per mettere in funzione il sistema, \u00e8 sufficiente collegare l&#8217;inverter alla presa di corrente pi\u00f9 vicina e l&#8217;energia elettrica verr\u00e0 immessa gratuitamente nella rete domestica.    <\/span><\/p>\n\n\n\n<p>Offriamo la soluzione SOLEEB plug-and-play in tre diverse fasi di espansione. A seconda delle tue esigenze, SOLEEB \u00e8 disponibile con <strong>diversi moduli solari <\/strong>e una potenza <strong>fino a<\/strong> <strong>800 watt<\/strong>. <\/p>\n\n\n\n<div class=\"wp-block-cgb-t3-container-block none\" style=\"background-color:none\"><div class=\"grid-container\"><div class=\"grid-x\"><div class=\"cell small-12 medium-9 large-0 medium-offset-1\">\n<div class=\"wp-block-buttons is-content-justification-center is-layout-flex wp-container-core-buttons-is-layout-a89b3969 wp-block-buttons-is-layout-flex\">\n<div class=\"wp-block-button\"><a class=\"wp-block-button__link wp-element-button\" href=\"https:\/\/www.leeb-balkone.com\/it\/tecnologia\/soleeb\/\">Per saperne di pi\u00f9<\/a><\/div>\n<\/div>\n<\/div><\/div><\/div><\/div>\n<\/div><\/div><\/div><\/div>\n\n\n<div class=\"b-carousel  nastro slider\" data-block_acf-block-6979ea889b3e9>\n  <div class=\"slides\">\n      <\/div>\n\n<\/div>\n<\/section>\n\n<section class=\"wp-block-cgb-t3-section-block alignfull  is-style-bg-transparent\" style=\"display:inherit;min-height:inherit\">\n<div class=\"wp-block-cgb-t3-container-block none\" style=\"background-color:none\"><div class=\"grid-container\"><div class=\"grid-x\"><div class=\"cell small-12 medium-9 large-0 medium-offset-1 b-has-lsmb\">\n<h2 class=\"wp-block-heading\" id=\"vorteile\">Vantaggi<\/h2>\n<\/div><\/div><\/div><\/div>\n\n\n\n<div class=\"wp-block-cgb-t3-container-block none b-cont-columns\" style=\"background-color:none\"><div class=\"grid-container\"><div class=\"grid-x\"><div class=\"cell small-12 medium-10 large-0 medium-offset-1\">\n<ul class=\"wp-block-list is-style-bullet-checkmarks\">\n<li>Efficiente: ammortamento dei costi nel futuro prevedibile<\/li>\n\n\n\n<li>Plug-and-play: basta collegarlo alla presa di corrente<\/li>\n\n\n\n<li>Risparmio economico: riduce la bolletta mensile dell&#8217;elettricit\u00e0<\/li>\n\n\n\n<li>SOLEEB: un punto di forza sostenibile con valore aggiunto<\/li>\n\n\n\n<li>Adatto ad affittuari e proprietari, poich\u00e9 non sono necessarie modifiche strutturali.<\/li>\n<\/ul>\n<\/div><\/div><\/div><\/div>\n<\/section>\n\n<section class=\"wp-block-group alignfull has-white-background-color has-background has-global-padding is-layout-constrained wp-container-core-group-is-layout-9fa1424c wp-block-group-is-layout-constrained\" style=\"padding-top:0\">\n<div class=\"wp-block-columns is-style-offset m-split is-layout-flex wp-container-core-columns-is-layout-28f84493 wp-block-columns-is-layout-flex\">\n<div class=\"wp-block-column is-layout-flow wp-block-column-is-layout-flow\"><div class=\"vp-map-wrapper vp-map-ratio-19-1\"><img decoding=\"async\" width=\"2000\" height=\"1132\" src=\"https:\/\/www.leeb-balkone.com\/app\/uploads\/2026\/03\/map-it.jpg\" class=\"attachment-full size-full\" alt=\"Mappa italiana: Partner commerciali (puntine arancioni) e showroom\/sedi (puntine verdi) di Leeb Balkone GmbH in Italia\" style=\"width:100%;height:100%;object-fit:cover;display:block;\" loading=\"lazy\" srcset=\"https:\/\/www.leeb-balkone.com\/app\/uploads\/2026\/03\/map-it.jpg 2000w, https:\/\/www.leeb-balkone.com\/app\/uploads\/2026\/03\/map-it-300x170.jpg 300w, https:\/\/www.leeb-balkone.com\/app\/uploads\/2026\/03\/map-it-1024x580.jpg 1024w, https:\/\/www.leeb-balkone.com\/app\/uploads\/2026\/03\/map-it-768x435.jpg 768w, https:\/\/www.leeb-balkone.com\/app\/uploads\/2026\/03\/map-it-1536x869.jpg 1536w\" sizes=\"auto, (min-width: 1536px) 2048px, (min-width: 992px) 1536px, (min-width: 768px) 1024px, (min-width: 576px) 768px, 100vw\" \/><\/div>\n<\/div>\n\n\n\n<div class=\"wp-block-column is-vertically-aligned-center is-style-overlay-content is-layout-flow wp-block-column-is-layout-flow\">\n<div class=\"wp-block-group is-vertical is-layout-flex wp-container-core-group-is-layout-bd7877ba wp-block-group-is-layout-flex\">\n<h2 class=\"wp-block-heading has-step-2-font-size\">Partner commerciale Italia<\/h2>\n\n\n\n<p>Partner LEEB competenti nella tua regione. Consulenza personalizzata, progettazione accurata e installazione professionale &#8211; Italia. <\/p>\n\n\n\n<div class=\"wp-block-buttons is-layout-flex wp-block-buttons-is-layout-flex\" style=\"margin-top:var(--wp--preset--spacing--2-xs)\">\n<div class=\"wp-block-button is-style-cta\"><a class=\"wp-block-button__link has-transparent-background-color has-background wp-element-button\" href=\"https:\/\/www.leeb-balkone.com\/it\/partner-commerciali\/\">Trova un partner di vendita<span class=\"sr-only\"> Partner di vendita Leeb Balconi Italia<\/span><\/a><\/div>\n<\/div>\n<\/div>\n<\/div>\n<\/div>\n<\/section>\n\n<section class=\"wp-block-group alignfull has-light-gray-background-color has-background has-global-padding is-layout-constrained wp-container-core-group-is-layout-52f96efc wp-block-group-is-layout-constrained\" id=\"beratungstermin\">\n<div class=\"wp-block-group m-teaser o-grid u-md-1 is-layout-flow wp-block-group-is-layout-flow\">\n<div class=\"wp-block-group u-g-7 u-g-s-2 is-layout-flow wp-block-group-is-layout-flow\" style=\"margin-bottom:var(--wp--preset--spacing--s)\">\n<h2 class=\"wp-block-heading\">Mettiti in contatto con noi<\/h2>\n\n\n\n<p><strong><strong>C&#8217;\u00e8 sempre un partner Leeb vicino a te: 80 partner in Austria, Germania, Italia, Francia, Svizzera e Slovenia.<\/strong><\/strong><\/p>\n<\/div>\n<\/div>\n\n\n\n<div class=\"wp-block-group m-teaser o-grid u-md-1 is-layout-flow wp-block-group-is-layout-flow\">\n<div class=\"wp-block-group u-g-7 u-g-s-2 is-layout-flow wp-block-group-is-layout-flow\" style=\"margin-bottom:var(--wp--preset--spacing--s)\"><form action=\"https:\/\/www.leeb-balkone.com\/it\/wp-json\/ws-form\/v1\/submit\" class=\"wsf-form wsf-form-canvas\" id=\"ws-form-1\" data-id=\"8\" data-instance-id=\"1\" method=\"POST\"><\/form>\n<\/div>\n\n\n\n<div class=\"wp-block-group u-g-3 u-g-s-9 is-layout-flow wp-block-group-is-layout-flow\"><div class=\"t3-sidebar-buttons wp-block-buttons is-layout-flex wp-block-buttons-is-layout-flex\"><div class=\"wp-block-button is-style-fill icon-book icon-left\">\n                        <a class=\"wp-block-button__link has-secondary-color has-white-background-color has-text-color has-background has-link-color wp-element-button\" href=\"https:\/\/www.leeb-balkone.com\/it\/contatti\/richiesta-catalogo\/\" style=\"box-shadow:var(--wp--preset--shadow--box-shadow)\">Richiesta catalogo<\/a>\n                    <\/div><div class=\"wp-block-button is-style-fill icon-phone-new icon-left\">\n                        <a class=\"wp-block-button__link has-secondary-color has-white-background-color has-text-color has-background has-link-color wp-element-button\" href=\"tel:+393711472844\">Telefono Italia <span class=\"sr-only\"> Telefono: +39 371 1472844<\/span><\/a>\n                    <\/div><\/div>\n<\/div>\n<\/div>\n<\/section>\n","protected":false},"excerpt":{"rendered":"","protected":false},"author":1,"featured_media":15656,"parent":0,"menu_order":78,"comment_status":"closed","ping_status":"closed","template":"template-onepager.blade.php","meta":{"_acf_changed":false,"footnotes":"","_sage_theme_css":true,"_wp_block_core_css":true},"folder":[250],"class_list":["post-155408","page","type-page","status-publish","has-post-thumbnail","hentry"],"acf":[],"yoast_head":"<!-- This site is optimized with the Yoast SEO plugin v27.2 - https:\/\/yoast.com\/product\/yoast-seo-wordpress\/ -->\n<title>Prodotti solari &quot; Ringhiere e pensiline con moduli fotovoltaici - BALCONI LEEB Italia<\/title>\n<meta name=\"description\" content=\"Sfrutta la potenza del sole con i prodotti solari Leeb: Ringhiere per balconi, recinzioni e coperture con moduli fotovoltaici completamente integrati. Risparmia elettricit\u00e0 e aumenta il valore!\" \/>\n<meta name=\"robots\" content=\"index, follow, max-snippet:-1, max-image-preview:large, max-video-preview:-1\" \/>\n<meta property=\"og:locale\" content=\"it_IT\" \/>\n<meta property=\"og:type\" content=\"article\" \/>\n<meta property=\"og:title\" content=\"Prodotti solari &quot; Ringhiere e pensiline con moduli fotovoltaici - BALCONI LEEB\" \/>\n<meta property=\"og:description\" content=\"Sfrutta la potenza del sole con i prodotti solari Leeb: Ringhiere per balconi, recinzioni e coperture con moduli fotovoltaici completamente integrati. Risparmia elettricit\u00e0 e aumenta il valore!\" \/>\n<meta property=\"og:url\" content=\"https:\/\/www.leeb-balkone.com\/it\/fotovoltaico\/\" \/>\n<meta property=\"og:site_name\" content=\"BALCONI LEEB\" \/>\n<meta property=\"article:publisher\" content=\"https:\/\/www.facebook.com\/balkone\/\" \/>\n<meta property=\"article:modified_time\" content=\"2026-03-19T13:12:27+00:00\" \/>\n<meta property=\"og:image\" content=\"https:\/\/www.leeb-balkone.com\/app\/uploads\/2020\/07\/alu-terrassenueberdachung-11-scaled.jpg\" \/>\n\t<meta property=\"og:image:width\" content=\"2560\" \/>\n\t<meta property=\"og:image:height\" content=\"1709\" \/>\n\t<meta property=\"og:image:type\" content=\"image\/jpeg\" \/>\n<meta name=\"twitter:card\" content=\"summary_large_image\" \/>\n<script type=\"application\/ld+json\" class=\"yoast-schema-graph\">{\"@context\":\"https:\/\/schema.org\",\"@graph\":[{\"@type\":\"WebPage\",\"@id\":\"https:\/\/www.leeb-balkone.com\/it\/fotovoltaico\/\",\"url\":\"https:\/\/www.leeb-balkone.com\/it\/fotovoltaico\/\",\"name\":\"Prodotti solari \\\" Ringhiere e pensiline con moduli fotovoltaici - BALCONI LEEB\",\"isPartOf\":{\"@id\":\"https:\/\/www.leeb-balkone.com\/it\/#website\"},\"primaryImageOfPage\":{\"@id\":\"https:\/\/www.leeb-balkone.com\/it\/fotovoltaico\/#primaryimage\"},\"image\":{\"@id\":\"https:\/\/www.leeb-balkone.com\/it\/fotovoltaico\/#primaryimage\"},\"thumbnailUrl\":\"https:\/\/www.leeb-balkone.com\/app\/uploads\/2020\/07\/alu-terrassenueberdachung-11-scaled.jpg\",\"datePublished\":\"2025-09-14T22:31:43+00:00\",\"dateModified\":\"2026-03-19T13:12:27+00:00\",\"description\":\"Sfrutta la potenza del sole con i prodotti solari Leeb: Ringhiere per balconi, recinzioni e coperture con moduli fotovoltaici completamente integrati. Risparmia elettricit\u00e0 e aumenta il valore!\",\"breadcrumb\":{\"@id\":\"https:\/\/www.leeb-balkone.com\/it\/fotovoltaico\/#breadcrumb\"},\"inLanguage\":\"it-IT\",\"potentialAction\":[{\"@type\":\"ReadAction\",\"target\":[\"https:\/\/www.leeb-balkone.com\/it\/fotovoltaico\/\"]}]},{\"@type\":\"ImageObject\",\"inLanguage\":\"it-IT\",\"@id\":\"https:\/\/www.leeb-balkone.com\/it\/fotovoltaico\/#primaryimage\",\"url\":\"https:\/\/www.leeb-balkone.com\/app\/uploads\/2020\/07\/alu-terrassenueberdachung-11-scaled.jpg\",\"contentUrl\":\"https:\/\/www.leeb-balkone.com\/app\/uploads\/2020\/07\/alu-terrassenueberdachung-11-scaled.jpg\",\"width\":2560,\"height\":1709,\"caption\":\"Casa indipendente ristrutturata con copertura in alluminio per il patio\"},{\"@type\":\"BreadcrumbList\",\"@id\":\"https:\/\/www.leeb-balkone.com\/it\/fotovoltaico\/#breadcrumb\",\"itemListElement\":[{\"@type\":\"ListItem\",\"position\":1,\"name\":\"Home\",\"item\":\"https:\/\/www.leeb-balkone.com\/it\/\"},{\"@type\":\"ListItem\",\"position\":2,\"name\":\"Prodotti solari\"}]},{\"@type\":\"WebSite\",\"@id\":\"https:\/\/www.leeb-balkone.com\/it\/#website\",\"url\":\"https:\/\/www.leeb-balkone.com\/it\/\",\"name\":\"BALCONI LEEB\",\"description\":\"Balkone und Z\u00e4une\",\"publisher\":{\"@id\":\"https:\/\/www.leeb-balkone.com\/it\/#organization\"},\"potentialAction\":[{\"@type\":\"SearchAction\",\"target\":{\"@type\":\"EntryPoint\",\"urlTemplate\":\"https:\/\/www.leeb-balkone.com\/it\/?s={search_term_string}\"},\"query-input\":{\"@type\":\"PropertyValueSpecification\",\"valueRequired\":true,\"valueName\":\"search_term_string\"}}],\"inLanguage\":\"it-IT\"},{\"@type\":\"Organization\",\"@id\":\"https:\/\/www.leeb-balkone.com\/it\/#organization\",\"name\":\"Leeb Balkone Gmbh\",\"url\":\"https:\/\/www.leeb-balkone.com\/it\/\",\"logo\":{\"@type\":\"ImageObject\",\"inLanguage\":\"it-IT\",\"@id\":\"https:\/\/www.leeb-balkone.com\/it\/#\/schema\/logo\/image\/\",\"url\":\"https:\/\/www.leeb-balkone.com\/app\/uploads\/2020\/11\/leeb-logo.svg\",\"contentUrl\":\"https:\/\/www.leeb-balkone.com\/app\/uploads\/2020\/11\/leeb-logo.svg\",\"width\":741,\"height\":204,\"caption\":\"Leeb Balkone Gmbh\"},\"image\":{\"@id\":\"https:\/\/www.leeb-balkone.com\/it\/#\/schema\/logo\/image\/\"},\"sameAs\":[\"https:\/\/www.facebook.com\/balkone\/\",\"https:\/\/www.trustedshops.at\/bewertung\/info_X4587CCF5833E31AFE0B11F47D86999F2.html\",\"https:\/\/www.trustedshops.de\/bewertung\/info_X7BA536A7A0BDC86D36C4718E4DCAEEEF.html\",\"https:\/\/www.google.com\/maps\/place\/?q=place_id:ChIJ5-zH19-IcEcR9HonWRTllHI\"]}]}<\/script>\n<!-- \/ Yoast SEO plugin. -->","yoast_head_json":{"title":"Prodotti solari \" Ringhiere e pensiline con moduli fotovoltaici - BALCONI LEEB Italia","description":"Sfrutta la potenza del sole con i prodotti solari Leeb: Ringhiere per balconi, recinzioni e coperture con moduli fotovoltaici completamente integrati. Risparmia elettricit\u00e0 e aumenta il valore!","robots":{"index":"index","follow":"follow","max-snippet":"max-snippet:-1","max-image-preview":"max-image-preview:large","max-video-preview":"max-video-preview:-1"},"og_locale":"it_IT","og_type":"article","og_title":"Prodotti solari \" Ringhiere e pensiline con moduli fotovoltaici - BALCONI LEEB","og_description":"Sfrutta la potenza del sole con i prodotti solari Leeb: Ringhiere per balconi, recinzioni e coperture con moduli fotovoltaici completamente integrati. Risparmia elettricit\u00e0 e aumenta il valore!","og_url":"https:\/\/www.leeb-balkone.com\/it\/fotovoltaico\/","og_site_name":"BALCONI LEEB","article_publisher":"https:\/\/www.facebook.com\/balkone\/","article_modified_time":"2026-03-19T13:12:27+00:00","og_image":[{"width":2560,"height":1709,"url":"https:\/\/www.leeb-balkone.com\/app\/uploads\/2020\/07\/alu-terrassenueberdachung-11-scaled.jpg","type":"image\/jpeg"}],"twitter_card":"summary_large_image","schema":{"@context":"https:\/\/schema.org","@graph":[{"@type":"WebPage","@id":"https:\/\/www.leeb-balkone.com\/it\/fotovoltaico\/","url":"https:\/\/www.leeb-balkone.com\/it\/fotovoltaico\/","name":"Prodotti solari \" Ringhiere e pensiline con moduli fotovoltaici - BALCONI LEEB","isPartOf":{"@id":"https:\/\/www.leeb-balkone.com\/it\/#website"},"primaryImageOfPage":{"@id":"https:\/\/www.leeb-balkone.com\/it\/fotovoltaico\/#primaryimage"},"image":{"@id":"https:\/\/www.leeb-balkone.com\/it\/fotovoltaico\/#primaryimage"},"thumbnailUrl":"https:\/\/www.leeb-balkone.com\/app\/uploads\/2020\/07\/alu-terrassenueberdachung-11-scaled.jpg","datePublished":"2025-09-14T22:31:43+00:00","dateModified":"2026-03-19T13:12:27+00:00","description":"Sfrutta la potenza del sole con i prodotti solari Leeb: Ringhiere per balconi, recinzioni e coperture con moduli fotovoltaici completamente integrati. Risparmia elettricit\u00e0 e aumenta il valore!","breadcrumb":{"@id":"https:\/\/www.leeb-balkone.com\/it\/fotovoltaico\/#breadcrumb"},"inLanguage":"it-IT","potentialAction":[{"@type":"ReadAction","target":["https:\/\/www.leeb-balkone.com\/it\/fotovoltaico\/"]}]},{"@type":"ImageObject","inLanguage":"it-IT","@id":"https:\/\/www.leeb-balkone.com\/it\/fotovoltaico\/#primaryimage","url":"https:\/\/www.leeb-balkone.com\/app\/uploads\/2020\/07\/alu-terrassenueberdachung-11-scaled.jpg","contentUrl":"https:\/\/www.leeb-balkone.com\/app\/uploads\/2020\/07\/alu-terrassenueberdachung-11-scaled.jpg","width":2560,"height":1709,"caption":"Casa indipendente ristrutturata con copertura in alluminio per il patio"},{"@type":"BreadcrumbList","@id":"https:\/\/www.leeb-balkone.com\/it\/fotovoltaico\/#breadcrumb","itemListElement":[{"@type":"ListItem","position":1,"name":"Home","item":"https:\/\/www.leeb-balkone.com\/it\/"},{"@type":"ListItem","position":2,"name":"Prodotti solari"}]},{"@type":"WebSite","@id":"https:\/\/www.leeb-balkone.com\/it\/#website","url":"https:\/\/www.leeb-balkone.com\/it\/","name":"BALCONI LEEB","description":"Balkone und Z\u00e4une","publisher":{"@id":"https:\/\/www.leeb-balkone.com\/it\/#organization"},"potentialAction":[{"@type":"SearchAction","target":{"@type":"EntryPoint","urlTemplate":"https:\/\/www.leeb-balkone.com\/it\/?s={search_term_string}"},"query-input":{"@type":"PropertyValueSpecification","valueRequired":true,"valueName":"search_term_string"}}],"inLanguage":"it-IT"},{"@type":"Organization","@id":"https:\/\/www.leeb-balkone.com\/it\/#organization","name":"Leeb Balkone Gmbh","url":"https:\/\/www.leeb-balkone.com\/it\/","logo":{"@type":"ImageObject","inLanguage":"it-IT","@id":"https:\/\/www.leeb-balkone.com\/it\/#\/schema\/logo\/image\/","url":"https:\/\/www.leeb-balkone.com\/app\/uploads\/2020\/11\/leeb-logo.svg","contentUrl":"https:\/\/www.leeb-balkone.com\/app\/uploads\/2020\/11\/leeb-logo.svg","width":741,"height":204,"caption":"Leeb Balkone Gmbh"},"image":{"@id":"https:\/\/www.leeb-balkone.com\/it\/#\/schema\/logo\/image\/"},"sameAs":["https:\/\/www.facebook.com\/balkone\/","https:\/\/www.trustedshops.at\/bewertung\/info_X4587CCF5833E31AFE0B11F47D86999F2.html","https:\/\/www.trustedshops.de\/bewertung\/info_X7BA536A7A0BDC86D36C4718E4DCAEEEF.html","https:\/\/www.google.com\/maps\/place\/?q=place_id:ChIJ5-zH19-IcEcR9HonWRTllHI"]}]}},"_links":{"self":[{"href":"https:\/\/www.leeb-balkone.com\/it\/wp-json\/wp\/v2\/pages\/155408","targetHints":{"allow":["GET"]}}],"collection":[{"href":"https:\/\/www.leeb-balkone.com\/it\/wp-json\/wp\/v2\/pages"}],"about":[{"href":"https:\/\/www.leeb-balkone.com\/it\/wp-json\/wp\/v2\/types\/page"}],"author":[{"embeddable":true,"href":"https:\/\/www.leeb-balkone.com\/it\/wp-json\/wp\/v2\/users\/1"}],"replies":[{"embeddable":true,"href":"https:\/\/www.leeb-balkone.com\/it\/wp-json\/wp\/v2\/comments?post=155408"}],"version-history":[{"count":27,"href":"https:\/\/www.leeb-balkone.com\/it\/wp-json\/wp\/v2\/pages\/155408\/revisions"}],"predecessor-version":[{"id":166266,"href":"https:\/\/www.leeb-balkone.com\/it\/wp-json\/wp\/v2\/pages\/155408\/revisions\/166266"}],"wp:featuredmedia":[{"embeddable":true,"href":"https:\/\/www.leeb-balkone.com\/it\/wp-json\/wp\/v2\/media\/15656"}],"wp:attachment":[{"href":"https:\/\/www.leeb-balkone.com\/it\/wp-json\/wp\/v2\/media?parent=155408"}],"wp:term":[{"taxonomy":"folder","embeddable":true,"href":"https:\/\/www.leeb-balkone.com\/it\/wp-json\/wp\/v2\/folder?post=155408"}],"curies":[{"name":"wp","href":"https:\/\/api.w.org\/{rel}","templated":true}]}}