{"id":154958,"date":"2025-09-14T12:35:49","date_gmt":"2025-09-14T12:35:49","guid":{"rendered":"https:\/\/www.leeb-balkone.com\/de\/prodotti\/copertura-del-patio\/"},"modified":"2026-03-18T17:40:05","modified_gmt":"2026-03-18T17:40:05","slug":"tettoie-per-terrazze-e-balconi","status":"publish","type":"page","link":"https:\/\/www.leeb-balkone.com\/it\/tettoie-e-carport\/tettoie-per-terrazze-e-balconi\/","title":{"rendered":"Tettoie per terrazze e balconi"},"content":{"rendered":"\n<section class=\"wp-block-group alignfull t3-header t3-header-splitscreen t3-splitscreen-shadow h-zi-20 has-light-gray-background-color has-background has-global-padding is-layout-constrained wp-container-core-group-is-layout-f1ad4950 wp-block-group-is-layout-constrained\" style=\"padding-top:0;padding-bottom:0\">\n<div class=\"wp-block-columns h-flx-a-s m-split is-layout-flex wp-container-core-columns-is-layout-28f84493 wp-block-columns-is-layout-flex\">\n<div class=\"wp-block-column is-vertically-aligned-top h-flx-a-s m-split-col-content is-layout-flow wp-block-column-is-layout-flow\"><div class=\"yoast-breadcrumbs\"><span><span><a href=\"https:\/\/www.leeb-balkone.com\/it\/\">Home<\/a><\/span> \/ <span><a href=\"https:\/\/www.leeb-balkone.com\/it\/tettoie-e-carport\/\">Pensiline e giardini estivi<\/a><\/span> \/ <span class=\"breadcrumb_last\" aria-current=\"page\">Tettoie per terrazze e balconi<\/span><\/span><\/div>\n\n<h1 class=\"wp-block-post-title\">Tettoie per terrazze e balconi<\/h1>\n\n\n<p class=\"has-step-0-font-size\" style=\"margin-bottom:0\">Sia su supporti con attacco a parete che libere, le coperture per patio di Leeb proteggono dall&#8217;umidit\u00e0 e dalle intemperie. Abbiamo la variante di copertura giusta per quasi ogni tipo di casa con patio o giardino. Il nuovo tetto del patio di Amalfi completa il design classico della Toscana.<\/p>\n\n\n\n<div class=\"wp-block-buttons is-layout-flex wp-block-buttons-is-layout-flex\" style=\"margin-top:var(--wp--preset--spacing--l)\">\n<div class=\"wp-block-button is-style-cta icon-book icon-left\"><a class=\"wp-block-button__link wp-element-button\" href=\"https:\/\/www.leeb-balkone.com\/it\/contatti\/richiesta-catalogo\/\">Richiedi il catalogo<\/a><\/div>\n\n\n\n<div class=\"wp-block-button is-style-cta icon-vp icon-left\"><a class=\"wp-block-button__link wp-element-button\" href=\"https:\/\/www.leeb-balkone.com\/it\/partner-commerciali\/\">Trova una persona di contatto<span class=\"sr-only\"> Italia<\/span><\/a><\/div>\n<\/div>\n<\/div>\n\n\n\n<div class=\"wp-block-column is-vertically-aligned-stretch h-hide-md-down is-style-image-cover is-layout-flow wp-block-column-is-layout-flow\">\n<figure class=\"wp-block-image size-large\"><img loading=\"lazy\" decoding=\"async\" width=\"1024\" height=\"684\" src=\"https:\/\/www.leeb-balkone.com\/app\/uploads\/2023\/05\/Terrassendach-Toscana-mit-mattweissem-Glas-und-einer-Aufdachmarkise-1024x684.jpg\" alt=\"Terrassendach Toscana mit mattweissem Glas und einer Aufdachmarkise\" class=\"wp-image-147639\" srcset=\"https:\/\/www.leeb-balkone.com\/app\/uploads\/2023\/05\/Terrassendach-Toscana-mit-mattweissem-Glas-und-einer-Aufdachmarkise-1024x684.jpg 1024w, https:\/\/www.leeb-balkone.com\/app\/uploads\/2023\/05\/Terrassendach-Toscana-mit-mattweissem-Glas-und-einer-Aufdachmarkise-300x200.jpg 300w, https:\/\/www.leeb-balkone.com\/app\/uploads\/2023\/05\/Terrassendach-Toscana-mit-mattweissem-Glas-und-einer-Aufdachmarkise-768x513.jpg 768w, https:\/\/www.leeb-balkone.com\/app\/uploads\/2023\/05\/Terrassendach-Toscana-mit-mattweissem-Glas-und-einer-Aufdachmarkise-1536x1025.jpg 1536w, https:\/\/www.leeb-balkone.com\/app\/uploads\/2023\/05\/Terrassendach-Toscana-mit-mattweissem-Glas-und-einer-Aufdachmarkise-2048x1367.jpg 2048w\" sizes=\"auto, (max-width: 1024px) 100vw, 1024px\" \/><\/figure>\n<\/div>\n<\/div>\n<\/section>\n\n\n\n<section class=\"wp-block-group alignfull has-white-background-color has-background has-global-padding is-layout-constrained wp-container-core-group-is-layout-52f96efc wp-block-group-is-layout-constrained\" id=\"modelle\">\n<div class=\"wp-block-group m-teaser o-grid u-md-1 is-layout-flow wp-block-group-is-layout-flow\">\n<div class=\"wp-block-group u-g-9 u-g-s-2 is-layout-flow wp-block-group-is-layout-flow\" style=\"margin-bottom:var(--wp--preset--spacing--s)\">\n<p class=\"has-text-align-left\"><strong>&#8220;Le nostre <strong>coperture per patio combinano un design moderno con una qualit\u00e0 duratura per il tuo spazio esterno preferito<\/strong>&#8220;.<\/strong><\/p>\n<\/div>\n<\/div>\n\n\n\n<div class=\"wp-block-columns is-layout-flex wp-container-core-columns-is-layout-28f84493 wp-block-columns-is-layout-flex\">\n<div class=\"wp-block-column is-layout-flow wp-block-column-is-layout-flow\" style=\"flex-basis:66.66%\"><div class=\"tgs-gallery\" data-tablet-slides=\"4\" data-desktop-slides=\"5\"><div class=\"t3-tgs swiper mainSlider\">\n                <div class=\"has-icon icon-enlarge\"><\/div>\n                <div class=\"swiper-wrapper lg-swiper\"><div class=\"swiper-slide\"><a href=\"https:\/\/www.leeb-balkone.com\/app\/uploads\/2023\/05\/alu-terrassenueberdachung-21-scaled.jpg\"><img decoding=\"async\" src=\"https:\/\/www.leeb-balkone.com\/app\/uploads\/2023\/05\/alu-terrassenueberdachung-21-scaled.jpg\" alt=\"alu terrassenueberdachung\"><\/a><div class=\"tgs-desc\">Tettoia per terrazza TOSCANA \u2013 un classico collaudato<\/div><\/div><div class=\"swiper-slide\"><a href=\"https:\/\/www.leeb-balkone.com\/app\/uploads\/2024\/08\/alu-terrassenueberdachung-amalfi-in-anthrazit-und-transparentem-glasdach-scaled.jpg\"><img decoding=\"async\" src=\"https:\/\/www.leeb-balkone.com\/app\/uploads\/2024\/08\/alu-terrassenueberdachung-amalfi-in-anthrazit-und-transparentem-glasdach-scaled.jpg\" alt=\"alu terrassenueberdachung amalfi in anthrazit und transparentem glasdach\"><\/a><div class=\"tgs-desc\">Tettoia per terrazza AMALFI \u2013 leggera e moderna<\/div><\/div><div class=\"swiper-slide\"><a href=\"https:\/\/www.leeb-balkone.com\/app\/uploads\/2020\/07\/anbaubalkon-mit-ueberdachung-und-einem-gelaender-aus-glas-scaled.jpg\"><img decoding=\"async\" src=\"https:\/\/www.leeb-balkone.com\/app\/uploads\/2020\/07\/anbaubalkon-mit-ueberdachung-und-einem-gelaender-aus-glas-scaled.jpg\" alt=\"Moderner Anbaubalkon mit einer \u00dcberdachung\"><\/a><div class=\"tgs-desc\">Copertura per terrazza in combinazione con un balcone aggiuntivo \u2013 prolungamento coperto del balcone<\/div><\/div><div class=\"swiper-slide\"><a href=\"https:\/\/www.leeb-balkone.com\/app\/uploads\/2023\/05\/alu-terrassenueberdachung-atrium-anbau-balkongelaender-aufdachmarkise-2-scaled.jpg\"><img decoding=\"async\" src=\"https:\/\/www.leeb-balkone.com\/app\/uploads\/2023\/05\/alu-terrassenueberdachung-atrium-anbau-balkongelaender-aufdachmarkise-2-scaled.jpg\" alt=\"alu terrassenueberdachung atrium anbau balkongelaender aufdachmarkise\"><\/a><div class=\"tgs-desc\">Balcone aggiuntivo a sbalzo con copertura integrata \u2013 combinazione armoniosa di due prodotti Leeb<\/div><\/div><div class=\"swiper-slide\"><a href=\"https:\/\/www.leeb-balkone.com\/app\/uploads\/2020\/07\/glas-sommergarten-terrassenueberdachung-4-scaled.jpg\"><img decoding=\"async\" src=\"https:\/\/www.leeb-balkone.com\/app\/uploads\/2020\/07\/glas-sommergarten-terrassenueberdachung-4-scaled.jpg\" alt=\"glas sommergarten terrassenueberdachung\"><\/a><div class=\"tgs-desc\">Copertura per terrazza con vetrate su tutti i lati ampliata a giardino estivo<\/div><\/div><div class=\"swiper-slide\"><a href=\"https:\/\/www.leeb-balkone.com\/app\/uploads\/2020\/07\/Sandwichpaneele-Carport-aus-Aluminium-Ansicht-von-unten-Copyright-Andreas-Tauber-scaled.jpg\"><img decoding=\"async\" src=\"https:\/\/www.leeb-balkone.com\/app\/uploads\/2020\/07\/Sandwichpaneele-Carport-aus-Aluminium-Ansicht-von-unten-Copyright-Andreas-Tauber-scaled.jpg\" alt=\"Sandwichpaneele Carport aus Aluminium Ansicht von unten Copyright Andreas Tauber\"><\/a><div class=\"tgs-desc\">Copertura opzionale con pannelli sandwich \u2013 vista dal basso<\/div><\/div><\/div><div class=\"mainSliderPrev\"><\/div><div class=\"mainSliderNext\"><\/div><div class=\"main_slider_dots\"><\/div><\/div><div class=\"swiper thumbSlider\"><div class=\"swiper-wrapper wp-block-t3-carousel-wrapper\"><div class=\"swiper-slide\"><img decoding=\"async\" src=\"https:\/\/www.leeb-balkone.com\/app\/uploads\/2023\/05\/alu-terrassenueberdachung-21-1024x684.jpg\" alt=\"alu terrassenueberdachung\" \/><\/div><div class=\"swiper-slide\"><img decoding=\"async\" src=\"https:\/\/www.leeb-balkone.com\/app\/uploads\/2024\/08\/alu-terrassenueberdachung-amalfi-in-anthrazit-und-transparentem-glasdach-1024x683.jpg\" alt=\"alu terrassenueberdachung amalfi in anthrazit und transparentem glasdach\" \/><\/div><div class=\"swiper-slide\"><img decoding=\"async\" src=\"https:\/\/www.leeb-balkone.com\/app\/uploads\/2020\/07\/anbaubalkon-mit-ueberdachung-und-einem-gelaender-aus-glas-1024x683.jpg\" alt=\"Moderner Anbaubalkon mit einer \u00dcberdachung\" \/><\/div><div class=\"swiper-slide\"><img decoding=\"async\" src=\"https:\/\/www.leeb-balkone.com\/app\/uploads\/2023\/05\/alu-terrassenueberdachung-atrium-anbau-balkongelaender-aufdachmarkise-2-1024x684.jpg\" alt=\"alu terrassenueberdachung atrium anbau balkongelaender aufdachmarkise\" \/><\/div><div class=\"swiper-slide\"><img decoding=\"async\" src=\"https:\/\/www.leeb-balkone.com\/app\/uploads\/2020\/07\/glas-sommergarten-terrassenueberdachung-4-1024x683.jpg\" alt=\"glas sommergarten terrassenueberdachung\" \/><\/div><div class=\"swiper-slide\"><img decoding=\"async\" src=\"https:\/\/www.leeb-balkone.com\/app\/uploads\/2020\/07\/Sandwichpaneele-Carport-aus-Aluminium-Ansicht-von-unten-Copyright-Andreas-Tauber-1024x683.jpg\" alt=\"Sandwichpaneele Carport aus Aluminium Ansicht von unten Copyright Andreas Tauber\" \/><\/div><\/div><div class=\"thumbSliderPrev swiper-button-prev\"><\/div><div class=\"thumbSliderNext swiper-button-next\"><\/div><\/div><\/div><\/div>\n\n\n\n<div class=\"wp-block-column is-layout-flow wp-block-column-is-layout-flow\" style=\"flex-basis:33.33%\">\n<h2 class=\"wp-block-heading has-step-2-font-size\">Coperture in alluminio e vetro per terrazze e giardini<\/h2>\n\n\n\n<p>Con una copertura per patio in alluminio e vetro Leeb puoi trasformare il tuo patio in un elegante spazio da vivere tutto l&#8217;anno. La combinazione di alluminio di alta qualit\u00e0 e vetro di sicurezza stratificato garantisce un look moderno, la massima durata e una protezione ottimale in tutte le condizioni atmosferiche.<\/p>\n\n\n\n<ul class=\"wp-block-list is-style-checkmark-2\">\n<li>Due modelli disponibili: Amalfi e Toscana<\/li>\n\n\n\n<li>Combinazione perfetta con un balcone aggiuntivo Leeb, per una protezione ottimale dalle intemperie.<\/li>\n\n\n\n<li>Pu\u00f2 essere facilmente ampliato in qualsiasi momento grazie agli elementi scorrevoli per creare un giardino estivo.<\/li>\n<\/ul>\n<\/div>\n<\/div>\n\n\n\n<div class=\"wp-block-group m-teaser o-grid u-md-1 is-layout-flow wp-block-group-is-layout-flow\" style=\"margin-top:0;padding-top:var(--wp--preset--spacing--xl-2-xl)\">\n<div class=\"wp-block-group u-g-10 u-g-s-2 is-layout-flow wp-block-group-is-layout-flow\" style=\"margin-top:0;margin-bottom:var(--wp--preset--spacing--s)\"><div class=\"wp-block-t3-tabs t3-tabs t3-tabs--centered t3-tabs--use-headings t3-tabs--heading-h3\" data-uniqueid=\"tabs-8f57f258\" data-use-headings=\"true\" data-heading-level=\"h3\"><ul class=\"t3-tabs__list\" role=\"tablist\"><li role=\"presentation\"><button role=\"tab\" id=\"tabs-8f57f258-tab-0\" aria-controls=\"tabs-8f57f258-panel-0\" class=\"t3-tabs__tab-button t3-tabs__tab-button--heading t3-tabs__tab-button--active\" aria-selected=\"true\" tabindex=\"0\"><div class=\"t3-tabs__tab-button-inner\"><span class=\"t3-tabs__tab-title\">Struttura e descrizione<\/span><\/div><\/button><\/li><li role=\"presentation\"><button role=\"tab\" id=\"tabs-8f57f258-tab-1\" aria-controls=\"tabs-8f57f258-panel-1\" class=\"t3-tabs__tab-button t3-tabs__tab-button--heading\" aria-selected=\"false\" tabindex=\"-1\"><div class=\"t3-tabs__tab-button-inner\"><span class=\"t3-tabs__tab-title\">Attrezzature e opzioni<\/span><\/div><\/button><\/li><li role=\"presentation\"><button role=\"tab\" id=\"tabs-8f57f258-tab-2\" aria-controls=\"tabs-8f57f258-panel-2\" class=\"t3-tabs__tab-button t3-tabs__tab-button--heading\" aria-selected=\"false\" tabindex=\"-1\"><div class=\"t3-tabs__tab-button-inner\"><span class=\"t3-tabs__tab-title\">Sicurezza<\/span><\/div><\/button><\/li><li role=\"presentation\"><button role=\"tab\" id=\"tabs-8f57f258-tab-3\" aria-controls=\"tabs-8f57f258-panel-3\" class=\"t3-tabs__tab-button t3-tabs__tab-button--heading\" aria-selected=\"false\" tabindex=\"-1\"><div class=\"t3-tabs__tab-button-inner\"><span class=\"t3-tabs__tab-title\">Modello a confronto<\/span><\/div><\/button><\/li><\/ul><div class=\"t3-tabs__panels\"><div class=\"t3-tab__content t3-tabs__panel\" role=\"tabpanel\" id=\"tabs-8f57f258-panel-0\" aria-labelledby=\"tabs-8f57f258-tab-0\"><h3 class=\"sr-only\">Struttura e descrizione<\/h3>\n<div class=\"wp-block-group is-layout-grid wp-container-core-group-is-layout-15ba9093 wp-block-group-is-layout-grid\" style=\"padding-bottom:var(--wp--preset--spacing--m)\">\n<div class=\"wp-block-group wp-container-content-7d4755b8 has-global-padding is-layout-constrained wp-block-group-is-layout-constrained\">\n<figure class=\"wp-block-image size-full wp-duotone-unset-1\" style=\"margin-top:var(--wp--preset--spacing--xl);margin-bottom:var(--wp--preset--spacing--xl)\"><img loading=\"lazy\" decoding=\"async\" width=\"1920\" height=\"1080\" src=\"https:\/\/www.leeb-balkone.com\/app\/uploads\/2024\/08\/Amalfi_Schiebeelemente-ohne-Wand.png\" alt=\"Terrassendach Amalfi mit Schiebelementen\" class=\"wp-image-140224\" srcset=\"https:\/\/www.leeb-balkone.com\/app\/uploads\/2024\/08\/Amalfi_Schiebeelemente-ohne-Wand-300x169.png 300w, https:\/\/www.leeb-balkone.com\/app\/uploads\/2024\/08\/Amalfi_Schiebeelemente-ohne-Wand-1024x576.png 1024w, https:\/\/www.leeb-balkone.com\/app\/uploads\/2024\/08\/Amalfi_Schiebeelemente-ohne-Wand-768x432.png 768w, https:\/\/www.leeb-balkone.com\/app\/uploads\/2024\/08\/Amalfi_Schiebeelemente-ohne-Wand-1536x864.png 1536w\" sizes=\"auto, (max-width: 1920px) 100vw, 1920px\" \/><\/figure>\n\n\n\n<p class=\"has-step-s-font-size\">Tetto del patio di <strong>Amalfi<\/strong>  <\/p>\n<\/div>\n\n\n\n<div class=\"wp-block-group has-global-padding is-layout-constrained wp-block-group-is-layout-constrained\">\n<figure class=\"wp-block-image size-full is-style-default wp-duotone-unset-2\"><img loading=\"lazy\" decoding=\"async\" width=\"1024\" height=\"768\" src=\"https:\/\/www.leeb-balkone.com\/app\/uploads\/2020\/07\/glas-sommergarten-rendering.jpg\" alt=\"glas sommergarten rendering\" class=\"wp-image-4893\" srcset=\"https:\/\/www.leeb-balkone.com\/app\/uploads\/2020\/07\/glas-sommergarten-rendering.jpg 1024w, https:\/\/www.leeb-balkone.com\/app\/uploads\/2020\/07\/glas-sommergarten-rendering-300x225.jpg 300w, https:\/\/www.leeb-balkone.com\/app\/uploads\/2020\/07\/glas-sommergarten-rendering-768x576.jpg 768w\" sizes=\"auto, (max-width: 1024px) 100vw, 1024px\" \/><\/figure>\n\n\n\n<p class=\"is-style-default has-step-s-font-size\">Tetto a terrazza <strong>Toscana<\/strong>  <\/p>\n<\/div>\n<\/div>\n\n\n\n<p>Con una copertura per patio Leeb puoi trasformare il tuo patio in uno spazio abitativo elegante e riparato da utilizzare tutto l&#8217;anno. Le costruzioni colpiscono per il loro design moderno e cubico, che si integra armoniosamente in qualsiasi architettura. Grazie al design ben studiato, potrai beneficiare di un&#8217;installazione rapida, di un&#8217;elevata flessibilit\u00e0 e di linee chiare che valorizzano visivamente l&#8217;area esterna.<\/p>\n\n\n\n<ul class=\"wp-block-list\">\n<li class=\"has-step-0-font-size\">Robusti telai in alluminio o acciaio con resistente verniciatura a polvere<\/li>\n\n\n\n<li>Scelta di un tetto piatto o inclinato per le esigenze individuali<\/li>\n\n\n\n<li>Pu\u00f2 essere abbinato a un balcone supplementare Leeb<\/li>\n\n\n\n<li>Facilmente espandibile per un giardino estivo Leeb<\/li>\n\n\n\n<li>I raccordi a vite invisibili assicurano un aspetto particolarmente elegante<\/li>\n\n\n\n<li class=\"has-step-0-font-size\">La struttura leggera consente un&#8217;installazione semplice e rapida<\/li>\n<\/ul>\n<\/div><div class=\"t3-tab__content t3-tabs__panel\" role=\"tabpanel\" id=\"tabs-8f57f258-panel-1\" aria-labelledby=\"tabs-8f57f258-tab-1\"><h3 class=\"sr-only\">Attrezzature e opzioni<\/h3>\n<div class=\"wp-block-group is-layout-grid wp-container-core-group-is-layout-c19da409 wp-block-group-is-layout-grid\" style=\"padding-bottom:var(--wp--preset--spacing--m)\">\n<div class=\"wp-block-group wp-container-content-7ed1b8cc has-global-padding is-layout-constrained wp-block-group-is-layout-constrained\">\n<figure class=\"wp-block-image size-full\"><img loading=\"lazy\" decoding=\"async\" width=\"2560\" height=\"1978\" src=\"https:\/\/www.leeb-balkone.com\/app\/uploads\/2025\/08\/Dacht-T180-Sandwichtpaneeleindeckung-scaled.png\" alt=\"Dacht T180 Sandwichtpaneeleindeckung\" class=\"wp-image-152358\" srcset=\"https:\/\/www.leeb-balkone.com\/app\/uploads\/2025\/08\/Dacht-T180-Sandwichtpaneeleindeckung-scaled.png 2560w, https:\/\/www.leeb-balkone.com\/app\/uploads\/2025\/08\/Dacht-T180-Sandwichtpaneeleindeckung-300x232.png 300w, https:\/\/www.leeb-balkone.com\/app\/uploads\/2025\/08\/Dacht-T180-Sandwichtpaneeleindeckung-1024x791.png 1024w, https:\/\/www.leeb-balkone.com\/app\/uploads\/2025\/08\/Dacht-T180-Sandwichtpaneeleindeckung-768x594.png 768w, https:\/\/www.leeb-balkone.com\/app\/uploads\/2025\/08\/Dacht-T180-Sandwichtpaneeleindeckung-1536x1187.png 1536w, https:\/\/www.leeb-balkone.com\/app\/uploads\/2025\/08\/Dacht-T180-Sandwichtpaneeleindeckung-2048x1583.png 2048w\" sizes=\"auto, (max-width: 2560px) 100vw, 2560px\" \/><\/figure>\n\n\n\n<p class=\"has-step-s-font-size\"><strong>Rivestimento: Pannelli sandwich<\/strong><\/p>\n<\/div>\n\n\n\n<div class=\"wp-block-group has-global-padding is-layout-constrained wp-block-group-is-layout-constrained\">\n<figure class=\"wp-block-image size-full\"><img loading=\"lazy\" decoding=\"async\" width=\"2560\" height=\"1978\" src=\"https:\/\/www.leeb-balkone.com\/app\/uploads\/2025\/07\/TL-150-Sommergarten-scaled.png\" alt=\"TL 150 Sommergarten\" class=\"wp-image-151395\" srcset=\"https:\/\/www.leeb-balkone.com\/app\/uploads\/2025\/07\/TL-150-Sommergarten-scaled.png 2560w, https:\/\/www.leeb-balkone.com\/app\/uploads\/2025\/07\/TL-150-Sommergarten-300x232.png 300w, https:\/\/www.leeb-balkone.com\/app\/uploads\/2025\/07\/TL-150-Sommergarten-1024x791.png 1024w, https:\/\/www.leeb-balkone.com\/app\/uploads\/2025\/07\/TL-150-Sommergarten-768x594.png 768w, https:\/\/www.leeb-balkone.com\/app\/uploads\/2025\/07\/TL-150-Sommergarten-1536x1187.png 1536w, https:\/\/www.leeb-balkone.com\/app\/uploads\/2025\/07\/TL-150-Sommergarten-2048x1583.png 2048w\" sizes=\"auto, (max-width: 2560px) 100vw, 2560px\" \/><\/figure>\n\n\n\n<p class=\"has-step-s-font-size\"><strong>Estensione: Giardino estivo<\/strong><\/p>\n<\/div>\n\n\n\n<div class=\"wp-block-group has-global-padding is-layout-constrained wp-block-group-is-layout-constrained\">\n<figure class=\"wp-block-image size-full\"><img loading=\"lazy\" decoding=\"async\" width=\"2560\" height=\"1978\" src=\"https:\/\/www.leeb-balkone.com\/app\/uploads\/2025\/07\/Dach-Solar-Ansicht-scaled.png\" alt=\"Dach Solar Ansicht\" class=\"wp-image-151390\" srcset=\"https:\/\/www.leeb-balkone.com\/app\/uploads\/2025\/07\/Dach-Solar-Ansicht-scaled.png 2560w, https:\/\/www.leeb-balkone.com\/app\/uploads\/2025\/07\/Dach-Solar-Ansicht-300x232.png 300w, https:\/\/www.leeb-balkone.com\/app\/uploads\/2025\/07\/Dach-Solar-Ansicht-1024x791.png 1024w, https:\/\/www.leeb-balkone.com\/app\/uploads\/2025\/07\/Dach-Solar-Ansicht-768x594.png 768w, https:\/\/www.leeb-balkone.com\/app\/uploads\/2025\/07\/Dach-Solar-Ansicht-1536x1187.png 1536w, https:\/\/www.leeb-balkone.com\/app\/uploads\/2025\/07\/Dach-Solar-Ansicht-2048x1583.png 2048w\" sizes=\"auto, (max-width: 2560px) 100vw, 2560px\" \/><\/figure>\n\n\n\n<p class=\"has-step-s-font-size\"><strong>Moduli fotovoltaici: Tetto a terrazza solare<\/strong><\/p>\n<\/div>\n<\/div>\n\n\n\n<p>Leeb offre numerose opzioni per personalizzare la tua copertura per patio e adattarla ai tuoi desideri. Le opzioni di equipaggiamento di alta qualit\u00e0 garantiscono comfort e funzionalit\u00e0.<\/p>\n\n\n\n<ul class=\"wp-block-list\">\n<li>Rivestimento con vetro di sicurezza stratificato o pannelli sandwich<\/li>\n\n\n\n<li>Illuminazione LED integrata per un&#8217;atmosfera suggestiva<\/li>\n\n\n\n<li>Ampia gamma di colori grazie alla moderna verniciatura a polvere<\/li>\n\n\n\n<li>Estendibile fino a un <a href=\"https:\/\/www.leeb-balkone.com\/it\/tettoie-e-carport\/giardino-estivo\/\">giardino estivo<\/a> recintato per un comfort ancora maggiore<\/li>\n\n\n\n<li>Opzionalmente con moduli fotovoltaici di alta qualit\u00e0 come <a href=\"https:\/\/www.leeb-balkone.com\/it\/fotovoltaico\/ttettoia-solare-da-terrazza\/\">tetto solare<\/a><a href=\"https:\/\/www.leeb-balkone.com\/it\/fotovoltaico\/tettoia-solare-da-terrazza\/\"> <\/a><a href=\"https:\/\/www.leeb-balkone.com\/it\/fotovoltaico\/ttettoia-solare-da-terrazza\/\">per patio<\/a><\/li>\n<\/ul>\n\n\n\n<div class=\"wp-block-t3-acc-accordion is-style-default\"><button id=\"accordion-f6f0716e-5407-4901-aa24-fa80c555e726-button\" class=\"accordion__button\" aria-expanded=\"false\" aria-controls=\"accordion-f6f0716e-5407-4901-aa24-fa80c555e726-panel\"><h4 data-accordion-title=\"true\" style=\"font-size:var(--step-0)\"><strong>Mehr zur Eindeckung mit Sandwichpaneelen erfahren!<\/strong><\/h4><\/button><div id=\"accordion-f6f0716e-5407-4901-aa24-fa80c555e726-panel\" class=\"accordion__panel\" role=\"region\" aria-labelledby=\"accordion-f6f0716e-5407-4901-aa24-fa80c555e726-button\">\n<p>Le coperture per terrazze LEEB sono ora disponibili anche con pannelli sandwich di alta qualit\u00e0, che offrono numerosi vantaggi e trasformano la tua terrazza in un&#8217;oasi di benessere. Questi pannelli non solo sono leggeri e facili da maneggiare, ma offrono anche eccellenti funzioni di isolamento e insonorizzazione. Non hai bisogno di ombreggiature aggiuntive perch\u00e9 i pannelli stessi garantiscono un&#8217;ombra sufficiente, rendendo superfluo l&#8217;uso di tende da sole. La struttura robusta e durevole \u00e8 resistente agli agenti atmosferici e ti garantisce un utilizzo duraturo della tua tettoia.<\/p>\n\n\n\n<ul class=\"wp-block-list\">\n<li>VERSATILIT\u00c0 &#8211; Disponibile in diversi colori e design per adattarsi all&#8217;architettura esistente.<\/li>\n\n\n\n<li>PESO BASSO &#8211; Facile da maneggiare durante l&#8217;installazione, non \u00e8 necessario alcun dispositivo di sollevamento.<\/li>\n\n\n\n<li>ISOLAMENTO SONORO &#8211; Riduce i livelli di rumore dovuti a pioggia e grandine per un ambiente silenzioso.<\/li>\n<\/ul>\n\n\n\n<p>La copertura con pannelli sandwich \u00e8 possibile solo per il modello di tetto a terrazza Toscana.<\/p>\n<\/div><\/div>\n<\/div><div class=\"t3-tab__content t3-tabs__panel\" role=\"tabpanel\" id=\"tabs-8f57f258-panel-2\" aria-labelledby=\"tabs-8f57f258-tab-2\"><h3 class=\"sr-only\">Sicurezza<\/h3>\n<p>Leeb attribuisce grande importanza alla sicurezza testata e a un design durevole e che richiede poca manutenzione. Le tettoie sono realizzate secondo i pi\u00f9 alti standard di qualit\u00e0 e offrono una protezione affidabile in qualsiasi condizione atmosferica.<\/p>\n\n\n\n<ul class=\"wp-block-list\">\n<li>Produzione certificata ISO 9001 e componenti testati CE<\/li>\n\n\n\n<li>Elevata resistenza agli agenti atmosferici e protezione UV<\/li>\n\n\n\n<li>Utilizzo di materiali che richiedono poca manutenzione e resistenti alla corrosione.<\/li>\n\n\n\n<li>Progettazione strutturale per carichi di vento e neve secondo le specifiche regionali.<\/li>\n<\/ul>\n<\/div><div class=\"t3-tab__content t3-tabs__panel\" role=\"tabpanel\" id=\"tabs-8f57f258-panel-3\" aria-labelledby=\"tabs-8f57f258-tab-3\"><h3 class=\"sr-only\">Modello a confronto<\/h3>\n<p>Le due coperture per patio si differenziano principalmente per il design e la flessibilit\u00e0 tecnica. <strong>Amalfi<\/strong> colpisce per il suo aspetto moderno e pulito, con <strong>grondaia e pluviale integrati<\/strong>, visivamente invisibili ma di facile manutenzione: l&#8217;ideale per soluzioni standard con elevati standard di design. <strong>Toscana<\/strong>, invece, offre la <strong>massima personalizzazione<\/strong>, campate pi\u00f9 ampie, <strong>carico di neve praticamente illimitato<\/strong> e dimensioni variabili. Quindi se cerchi libert\u00e0 tecnica e soluzioni personalizzate, Toscana \u00e8 la scelta giusta. Se preferisci un baldacchino elegante e semplice, Amalfi \u00e8 la scelta perfetta. Tutte le tettoie Leeb possono essere personalizzate al millimetro.  <\/p>\n\n\n\n<figure class=\"wp-block-table is-style-compare-table has-step-s-font-size\" style=\"padding-top:var(--wp--preset--spacing--l)\"><table class=\"has-fixed-layout\"><thead><tr><th><\/th><th class=\"has-text-align-center\" data-align=\"center\">Toscana<\/th><th class=\"has-text-align-center\" data-align=\"center\">Amalfi<\/th><\/tr><\/thead><tbody><tr><td><strong>Varianti del tetto<\/strong><\/td><td class=\"has-text-align-center\" data-align=\"center\"><img decoding=\"async\" src=\"https:\/\/www.leeb-balkone.com\/app\/uploads\/2025\/09\/cv-check.svg\" alt=\"\"><br>Pannelli di vetro, solari, sandwich<\/td><td class=\"has-text-align-center\" data-align=\"center\"><img decoding=\"async\" src=\"https:\/\/www.leeb-balkone.com\/app\/uploads\/2025\/09\/cv-not-available.svg\" alt=\"\"><br>solo rivestimento in vetro<\/td><\/tr><tr><td><strong>Larghezza del tetto<\/strong> fino a 12 m<\/td><td class=\"has-text-align-center\" data-align=\"center\"><img decoding=\"async\" src=\"https:\/\/www.leeb-balkone.com\/app\/uploads\/2025\/09\/cv-check.svg\" alt=\"\"><\/td><td class=\"has-text-align-center\" data-align=\"center\"><img decoding=\"async\" src=\"https:\/\/www.leeb-balkone.com\/app\/uploads\/2025\/09\/cv-check.svg\" alt=\"\"><\/td><\/tr><tr><td><strong>Profondit\u00e0 del tetto<\/strong> personalizzata<\/td><td class=\"has-text-align-center\" data-align=\"center\"><img decoding=\"async\" src=\"https:\/\/www.leeb-balkone.com\/app\/uploads\/2025\/09\/cv-check.svg\" alt=\"\"><br>Nessuna restrizione<\/td><td class=\"has-text-align-center\" data-align=\"center\"><img decoding=\"async\" src=\"https:\/\/www.leeb-balkone.com\/app\/uploads\/2025\/09\/cv-not-available.svg\" alt=\"\"><br>possibile solo fino a 4,5 m<\/td><\/tr><tr><td>Personalizzabile al millimetro<\/td><td class=\"has-text-align-center\" data-align=\"center\"><img decoding=\"async\" src=\"https:\/\/www.leeb-balkone.com\/app\/uploads\/2025\/09\/cv-check.svg\" alt=\"\"><\/td><td class=\"has-text-align-center\" data-align=\"center\"><img decoding=\"async\" src=\"https:\/\/www.leeb-balkone.com\/app\/uploads\/2025\/09\/cv-check.svg\" alt=\"\"><\/td><\/tr><tr><td><strong>Tubo di scarico nascosto<\/strong><\/td><td class=\"has-text-align-center\" data-align=\"center\"><img decoding=\"async\" src=\"https:\/\/www.leeb-balkone.com\/app\/uploads\/2025\/09\/cv-not-available.svg\" alt=\"\"><\/td><td class=\"has-text-align-center\" data-align=\"center\"><img decoding=\"async\" src=\"https:\/\/www.leeb-balkone.com\/app\/uploads\/2025\/09\/cv-check.svg\" alt=\"\"><\/td><\/tr><tr><td>Grondaia integrata<\/td><td class=\"has-text-align-center\" data-align=\"center\"><img decoding=\"async\" src=\"https:\/\/www.leeb-balkone.com\/app\/uploads\/2025\/09\/cv-check.svg\" alt=\"\"><br>Visibilmente integrato<\/td><td class=\"has-text-align-center\" data-align=\"center\"><img decoding=\"async\" src=\"https:\/\/www.leeb-balkone.com\/app\/uploads\/2025\/09\/cv-check.svg\" alt=\"\"><br>Integrazione nascosta<\/td><\/tr><tr><td>Carico di neve<\/td><td class=\"has-text-align-center\" data-align=\"center\">fino a 6 kN\/m\u00b2 possibile<\/td><td class=\"has-text-align-center\" data-align=\"center\"><br>limitato fino a 2,5 kN\/m\u00b2<\/td><\/tr><tr><td>Pu\u00f2 essere abbinato a un balcone supplementare Leeb<\/td><td class=\"has-text-align-center\" data-align=\"center\"><img decoding=\"async\" src=\"https:\/\/www.leeb-balkone.com\/app\/uploads\/2025\/09\/cv-check.svg\" alt=\"\"><\/td><td class=\"has-text-align-center\" data-align=\"center\"><img decoding=\"async\" src=\"https:\/\/www.leeb-balkone.com\/app\/uploads\/2025\/09\/cv-check.svg\" alt=\"\"><\/td><\/tr><tr><td>Estendibile a un giardino estivo<\/td><td class=\"has-text-align-center\" data-align=\"center\"><img decoding=\"async\" src=\"https:\/\/www.leeb-balkone.com\/app\/uploads\/2025\/09\/cv-check.svg\" alt=\"\"><\/td><td class=\"has-text-align-center\" data-align=\"center\"><img decoding=\"async\" src=\"https:\/\/www.leeb-balkone.com\/app\/uploads\/2025\/09\/cv-check.svg\" alt=\"\"><\/td><\/tr><tr><td>Possibilit\u00e0 di installazione indipendente (senza montaggio a parete)<\/td><td class=\"has-text-align-center\" data-align=\"center\"><img decoding=\"async\" src=\"https:\/\/www.leeb-balkone.com\/app\/uploads\/2025\/09\/cv-check.svg\" alt=\"\"><\/td><td class=\"has-text-align-center\" data-align=\"center\"><img decoding=\"async\" src=\"https:\/\/www.leeb-balkone.com\/app\/uploads\/2025\/09\/cv-not-available.svg\" alt=\"\"><\/td><\/tr><tr><td><strong><strong>Illuminazione a LED<\/strong><\/strong><\/td><td class=\"has-text-align-center\" data-align=\"center\"><img decoding=\"async\" src=\"https:\/\/www.leeb-balkone.com\/app\/uploads\/2025\/09\/cv-check.svg\" alt=\"\"><\/td><td class=\"has-text-align-center\" data-align=\"center\"><img decoding=\"async\" src=\"https:\/\/www.leeb-balkone.com\/app\/uploads\/2025\/09\/cv-check.svg\" alt=\"\"><\/td><\/tr><tr><td>Gli elementi scorrevoli possono essere integrati<\/td><td class=\"has-text-align-center\" data-align=\"center\"><img decoding=\"async\" src=\"https:\/\/www.leeb-balkone.com\/app\/uploads\/2025\/09\/cv-check.svg\" alt=\"\"><\/td><td class=\"has-text-align-center\" data-align=\"center\"><img decoding=\"async\" src=\"https:\/\/www.leeb-balkone.com\/app\/uploads\/2025\/09\/cv-check.svg\" alt=\"\"><\/td><\/tr><tr><td>Opzioni di ombreggiatura<br>(tenda da sole sul tetto, verticale e sotto il tetto)<\/td><td class=\"has-text-align-center\" data-align=\"center\"><img decoding=\"async\" src=\"https:\/\/www.leeb-balkone.com\/app\/uploads\/2025\/09\/cv-check.svg\" alt=\"\"><\/td><td class=\"has-text-align-center\" data-align=\"center\"><img decoding=\"async\" src=\"https:\/\/www.leeb-balkone.com\/app\/uploads\/2025\/09\/cv-check.svg\" alt=\"\"><\/td><\/tr><\/tbody><\/table><\/figure>\n<\/div><\/div><\/div><\/div>\n<\/div>\n<\/section>\n\n\n\n<section class=\"wp-block-group alignfull has-light-gray-background-color has-background has-global-padding is-layout-constrained wp-container-core-group-is-layout-52f96efc wp-block-group-is-layout-constrained\" id=\"service-qualitaet\">\n<div class=\"wp-block-group o-grid u-md-1 is-layout-flow wp-block-group-is-layout-flow\">\n<div class=\"wp-block-group u-g-9 u-g-s-2 is-layout-flow wp-block-group-is-layout-flow\" style=\"margin-bottom:var(--wp--preset--spacing--s)\">\n<h2 class=\"wp-block-heading\">Tetti per terrazze di Leeb<\/h2>\n\n\n\n<p><span class=\"teaser\"><span class=\"teaser\">Le pensiline Leeb combinano materiali di alta qualit\u00e0, lavorazione di prima classe e design moderno per creare soluzioni durature per le aree esterne.  <\/span><\/span><\/p>\n\n\n\n<p>Grazie all&#8217;alluminio esente da manutenzione con rivestimento a polvere brevettato e al vetro di sicurezza di prima qualit\u00e0, le nostre coperture per terrazze sono particolarmente resistenti alle intemperie, ai graffi e facili da pulire. I nostri sistemi flessibili offrono numerose varianti: dalle classiche tettoie con attacchi a parete ai modelli indipendenti come l&#8217;atrio e i giardini estivi riparati a 360\u00b0.<\/p>\n<\/div>\n<\/div>\n\n\n\n<div class=\"wp-block-group small is-style-white-cards sm-2-cols is-layout-grid wp-container-core-group-is-layout-7785d981 wp-block-group-is-layout-grid\">\n<div class=\"wp-block-group m-card has-modal is-layout-flow wp-container-core-group-is-layout-8a368f38 wp-block-group-is-layout-flow\" data-modal-id=\"150743\">\n<figure class=\"wp-block-image size-full\"><img loading=\"lazy\" decoding=\"async\" width=\"2560\" height=\"1920\" src=\"https:\/\/www.leeb-balkone.com\/app\/uploads\/2024\/08\/alu-terrassenueberdachung-elegant-highend-01-scaled.jpg\" alt=\"alu terrassenueberdachung elegant highend\" class=\"wp-image-140194\" srcset=\"https:\/\/www.leeb-balkone.com\/app\/uploads\/2024\/08\/alu-terrassenueberdachung-elegant-highend-01-scaled.jpg 2560w, https:\/\/www.leeb-balkone.com\/app\/uploads\/2024\/08\/alu-terrassenueberdachung-elegant-highend-01-300x225.jpg 300w, https:\/\/www.leeb-balkone.com\/app\/uploads\/2024\/08\/alu-terrassenueberdachung-elegant-highend-01-1024x768.jpg 1024w, https:\/\/www.leeb-balkone.com\/app\/uploads\/2024\/08\/alu-terrassenueberdachung-elegant-highend-01-768x576.jpg 768w, https:\/\/www.leeb-balkone.com\/app\/uploads\/2024\/08\/alu-terrassenueberdachung-elegant-highend-01-1536x1152.jpg 1536w, https:\/\/www.leeb-balkone.com\/app\/uploads\/2024\/08\/alu-terrassenueberdachung-elegant-highend-01-2048x1536.jpg 2048w\" sizes=\"auto, (max-width: 2560px) 100vw, 2560px\" \/><\/figure>\n\n\n\n<div class=\"wp-block-group m-card-content has-white-background-color has-background is-vertical is-layout-flex wp-container-core-group-is-layout-5580f018 wp-block-group-is-layout-flex\">\n<h3 class=\"wp-block-heading\">Il tetto giusto per ogni progetto<\/h3>\n\n\n\n<p>Tetto con un sistema: massima scelta, massima libert\u00e0 di progettazione.<\/p>\n<\/div>\n<a href=\"#overlay-150743\" class=\"open-modal-link\" aria-label=\"Open modal\"><span class=\"sr-only\">\u00d6ffne Modal<\/span><\/a><\/div>\n\n\n\n<div class=\"wp-block-group m-card has-modal is-layout-flow wp-container-core-group-is-layout-8a368f38 wp-block-group-is-layout-flow\" data-modal-id=\"150749\">\n<figure class=\"wp-block-image size-large is-style-default\"><img loading=\"lazy\" decoding=\"async\" width=\"1024\" height=\"767\" src=\"https:\/\/www.leeb-balkone.com\/app\/uploads\/2020\/08\/leeb-balkone-mitarbeiter-4-1024x767.jpeg\" alt=\"Installazione di una ringhiera per balcone in alluminio Leeb personalizzata\" class=\"wp-image-6083\" srcset=\"https:\/\/www.leeb-balkone.com\/app\/uploads\/2020\/08\/leeb-balkone-mitarbeiter-4-1024x767.jpeg 1024w, https:\/\/www.leeb-balkone.com\/app\/uploads\/2020\/08\/leeb-balkone-mitarbeiter-4-2048x1535.jpeg 2048w, https:\/\/www.leeb-balkone.com\/app\/uploads\/2020\/08\/leeb-balkone-mitarbeiter-4-300x225.jpeg 300w, https:\/\/www.leeb-balkone.com\/app\/uploads\/2020\/08\/leeb-balkone-mitarbeiter-4-768x575.jpeg 768w, https:\/\/www.leeb-balkone.com\/app\/uploads\/2020\/08\/leeb-balkone-mitarbeiter-4-1536x1151.jpeg 1536w\" sizes=\"auto, (max-width: 1024px) 100vw, 1024px\" \/><\/figure>\n\n\n\n<div class=\"wp-block-group m-card-content has-white-background-color has-background is-vertical is-layout-flex wp-container-core-group-is-layout-5580f018 wp-block-group-is-layout-flex\">\n<h3 class=\"wp-block-heading\">Un servizio completo per una realizzazione senza pensieri!<\/h3>\n\n\n\n<p>Servizio di consulenza in loco, configuratore 3D, produzione in fabbrica, consegna e installazione.<\/p>\n<\/div>\n<a href=\"#overlay-150749\" class=\"open-modal-link\" aria-label=\"Open modal\"><span class=\"sr-only\">\u00d6ffne Modal<\/span><\/a><\/div>\n\n\n\n<div class=\"wp-block-group m-card has-modal is-layout-flow wp-container-core-group-is-layout-8a368f38 wp-block-group-is-layout-flow\" data-modal-id=\"150746\">\n<figure class=\"wp-block-image size-full\"><img loading=\"lazy\" decoding=\"async\" width=\"2048\" height=\"1366\" src=\"https:\/\/www.leeb-balkone.com\/app\/uploads\/2022\/05\/glas-bearbeitung-zuschnitt--scaled.jpg\" alt=\"glas bearbeitung zuschnitt \" class=\"wp-image-83644\" srcset=\"https:\/\/www.leeb-balkone.com\/app\/uploads\/2022\/05\/glas-bearbeitung-zuschnitt--scaled.jpg 2048w, https:\/\/www.leeb-balkone.com\/app\/uploads\/2022\/05\/glas-bearbeitung-zuschnitt--300x200.jpg 300w, https:\/\/www.leeb-balkone.com\/app\/uploads\/2022\/05\/glas-bearbeitung-zuschnitt--1024x683.jpg 1024w, https:\/\/www.leeb-balkone.com\/app\/uploads\/2022\/05\/glas-bearbeitung-zuschnitt--768x512.jpg 768w, https:\/\/www.leeb-balkone.com\/app\/uploads\/2022\/05\/glas-bearbeitung-zuschnitt--1536x1024.jpg 1536w\" sizes=\"auto, (max-width: 2048px) 100vw, 2048px\" \/><\/figure>\n\n\n\n<div class=\"wp-block-group m-card-content has-white-background-color has-background is-vertical is-layout-flex wp-container-core-group-is-layout-5580f018 wp-block-group-is-layout-flex\">\n<h3 class=\"wp-block-heading\"><strong>Vetro di sicurezza laminato di qualit\u00e0 superiore<\/strong><\/h3>\n\n\n\n<p>Sicurezza testata, design innovativi e qualit\u00e0 personalizzata e duratura con Leeb Glas.<\/p>\n<\/div>\n<a href=\"#overlay-150746\" class=\"open-modal-link\" aria-label=\"Open modal\"><span class=\"sr-only\">\u00d6ffne Modal<\/span><\/a><\/div>\n\n\n\n<div class=\"wp-block-group m-card has-modal is-layout-flow wp-container-core-group-is-layout-8a368f38 wp-block-group-is-layout-flow\" data-modal-id=\"150753\">\n<figure class=\"wp-block-image size-large\"><img loading=\"lazy\" decoding=\"async\" width=\"1024\" height=\"665\" src=\"https:\/\/www.leeb-balkone.com\/app\/uploads\/2020\/08\/alu-comfort-plus-1024x665.jpg\" alt=\"alu comfort plus\" class=\"wp-image-5082\" srcset=\"https:\/\/www.leeb-balkone.com\/app\/uploads\/2020\/08\/alu-comfort-plus-1024x665.jpg 1024w, https:\/\/www.leeb-balkone.com\/app\/uploads\/2020\/08\/alu-comfort-plus-300x195.jpg 300w, https:\/\/www.leeb-balkone.com\/app\/uploads\/2020\/08\/alu-comfort-plus-768x499.jpg 768w, https:\/\/www.leeb-balkone.com\/app\/uploads\/2020\/08\/alu-comfort-plus-1536x997.jpg 1536w, https:\/\/www.leeb-balkone.com\/app\/uploads\/2020\/08\/alu-comfort-plus-2048x1330.jpg 2048w\" sizes=\"auto, (max-width: 1024px) 100vw, 1024px\" \/><\/figure>\n\n\n\n<div class=\"wp-block-group m-card-content has-white-background-color has-background is-vertical is-layout-flex wp-container-core-group-is-layout-5580f018 wp-block-group-is-layout-flex\">\n<h3 class=\"wp-block-heading\">Protezione a lungo termine con ALU Comfort Plus<\/h3>\n\n\n\n<p>Rivestimento brevettato e lavorazione dell&#8217;alluminio ai massimi livelli.<\/p>\n<\/div>\n<a href=\"#overlay-150753\" class=\"open-modal-link\" aria-label=\"Open modal\"><span class=\"sr-only\">\u00d6ffne Modal<\/span><\/a><\/div>\n<\/div>\n\n\n\n<div class=\"wp-block-group o-grid u-md-1 is-layout-flow wp-block-group-is-layout-flow\" style=\"padding-top:var(--wp--preset--spacing--l)\">\n<div class=\"wp-block-group u-g-9 u-g-s-2 is-layout-flow wp-block-group-is-layout-flow\" style=\"margin-bottom:var(--wp--preset--spacing--s)\">\n<h3 class=\"wp-block-heading\">I vantaggi in sintesi<\/h3>\n\n\n\n<p>Il nostro alluminio che non richiede manutenzione offre vantaggi decisivi rispetto alle coperture per terrazze in acciaio. Non sono necessari interventi di manutenzione e assistenza regolari, come la verniciatura, la levigatura o la sostituzione di componenti difettosi. Grazie al nostro rivestimento brevettato ALU COMFORT PLUS\u00ae, i tetti dei nostri patio, i giardini estivi, le pensiline e il nuovo Atrio Leeb sono praticamente privi di manutenzione.<\/p>\n\n\n\n<p>Le tettoie Leeb sono certificate secondo lo standard di qualit\u00e0 ISO 9001. I prodotti sono inoltre testati CE in conformit\u00e0 alla norma EN 1090. Controlli di qualit\u00e0 permanenti da parte di centri di analisi indipendenti ci permettono di fregiarci del sigillo di qualit\u00e0 austriaco.<\/p>\n\n\n\n<ul class=\"wp-block-list is-style-checkmark-2\">\n<li>TETTO A TERRAZZA LEEB &#8211; VARIETA&#8217; DI POSSIBILITA&#8217;<br>Variante di copertura adatta a ogni tipo di casa con terrazza o giardino.<\/li>\n\n\n\n<li>STANDARD DI SICUREZZA ELEVATISSIMI<br>Protezione con un look eccezionale &#8211; Sistema di protezione Alu, vetro di sicurezza stratificato di alta qualit\u00e0<\/li>\n\n\n\n<li>RIVESTIMENTO ALU COMFORT PLUS\u00ae<br>Rivestimento in polvere brevettato per una copertura del patio resistente agli agenti atmosferici e ai graffi.<\/li>\n\n\n\n<li>SERVIZIO A TUTTO Tondo E QUALIT\u00c0 CERTIFICATA<br>Dalla progettazione all&#8217;installazione: con le coperture per terrazze Leeb vai sul sicuro.<\/li>\n\n\n\n<li>CALCOLO AUTOMATICO DEL CARICO DI NEVE<br>Le coperture per terrazze Leeb sono sempre progettate per le condizioni locali; il carico di neve viene calcolato automaticamente e preso in considerazione durante la progettazione.<\/li>\n<\/ul>\n<\/div>\n<\/div>\n<\/section>\n\n\n\n<section class=\"wp-block-group alignfull has-white-background-color has-background has-global-padding is-layout-constrained wp-container-core-group-is-layout-52f96efc wp-block-group-is-layout-constrained\" id=\"vielfalt-zubehoer\">\n<div class=\"wp-block-group o-grid u-md-1 is-layout-flow wp-block-group-is-layout-flow\">\n<div class=\"wp-block-group u-g-9 u-g-s-2 is-layout-flow wp-block-group-is-layout-flow\" style=\"margin-bottom:var(--wp--preset--spacing--s)\">\n<h2 class=\"wp-block-heading\">Attrezzature e accessori<\/h2>\n\n\n\n<p><span class=\"teaser\"><span class=\"teaser\">Trasforma la copertura del tuo patio in un vero e proprio luogo di benessere.  <\/span><\/span><\/p>\n\n\n\n<p>Che si tratti di tende da sole, schermi per la privacy, illuminazione a LED, elementi scorrevoli flessibili o pavimentazioni di alta qualit\u00e0, ti offriamo numerose opzioni per personalizzare la funzionalit\u00e0 e il comfort in base alle tue esigenze individuali. In questo modo la tua tettoia non \u00e8 solo bella da vedere, ma anche particolarmente pratica e versatile.<\/p>\n<\/div>\n<\/div>\n\n\n\n<div class=\"wp-block-group small sm-2-cols is-style-gray-cards is-layout-grid wp-container-core-group-is-layout-7785d981 wp-block-group-is-layout-grid\">\n<div class=\"wp-block-group m-card has-modal is-layout-flow wp-container-core-group-is-layout-8a368f38 wp-block-group-is-layout-flow\" data-modal-id=\"152089\">\n<figure class=\"wp-block-image size-large\"><img loading=\"lazy\" decoding=\"async\" width=\"1024\" height=\"576\" src=\"https:\/\/www.leeb-balkone.com\/app\/uploads\/2023\/05\/Ueberdachung-mit-Sandwichpaneele_3-1024x576.jpg\" alt=\"Peso ridotto, isolamento termico, isolamento acustico - pannelli sandwich\" class=\"wp-image-139541\" srcset=\"https:\/\/www.leeb-balkone.com\/app\/uploads\/2023\/05\/Ueberdachung-mit-Sandwichpaneele_3-1024x576.jpg 1024w, https:\/\/www.leeb-balkone.com\/app\/uploads\/2023\/05\/Ueberdachung-mit-Sandwichpaneele_3-300x169.jpg 300w, https:\/\/www.leeb-balkone.com\/app\/uploads\/2023\/05\/Ueberdachung-mit-Sandwichpaneele_3-768x432.jpg 768w, https:\/\/www.leeb-balkone.com\/app\/uploads\/2023\/05\/Ueberdachung-mit-Sandwichpaneele_3-1536x864.jpg 1536w, https:\/\/www.leeb-balkone.com\/app\/uploads\/2023\/05\/Ueberdachung-mit-Sandwichpaneele_3-2048x1152.jpg 2048w\" sizes=\"auto, (max-width: 1024px) 100vw, 1024px\" \/><figcaption class=\"wp-element-caption\">Peso ridotto, isolamento termico, isolamento acustico &#8211; pannelli sandwich  <\/figcaption><\/figure>\n\n\n\n<div class=\"wp-block-group m-card-content is-vertical is-layout-flex wp-container-core-group-is-layout-5580f018 wp-block-group-is-layout-flex\">\n<h3 class=\"wp-block-heading\">Rivestimento con pannelli sandwich<\/h3>\n\n\n\n<p>Protezione ottimale dalle intemperie e dal calore grazie ai moderni pannelli sandwich.<\/p>\n<\/div>\n<a href=\"#overlay-152089\" class=\"open-modal-link\" aria-label=\"Open modal\"><span class=\"sr-only\">\u00d6ffne Modal<\/span><\/a><\/div>\n\n\n\n<div class=\"wp-block-group m-card has-modal is-layout-flow wp-container-core-group-is-layout-8a368f38 wp-block-group-is-layout-flow\" data-modal-id=\"152091\">\n<figure class=\"wp-block-image size-large\"><img loading=\"lazy\" decoding=\"async\" width=\"1024\" height=\"768\" src=\"https:\/\/www.leeb-balkone.com\/app\/uploads\/2025\/06\/terrassenueberdachung-aus-alu-und-transparentem-glas-1024x768.jpg\" alt=\"terrassenueberdachung aus alu und transparentem glas\" class=\"wp-image-148162\" srcset=\"https:\/\/www.leeb-balkone.com\/app\/uploads\/2025\/06\/terrassenueberdachung-aus-alu-und-transparentem-glas-1024x768.jpg 1024w, https:\/\/www.leeb-balkone.com\/app\/uploads\/2025\/06\/terrassenueberdachung-aus-alu-und-transparentem-glas-300x225.jpg 300w, https:\/\/www.leeb-balkone.com\/app\/uploads\/2025\/06\/terrassenueberdachung-aus-alu-und-transparentem-glas-768x576.jpg 768w, https:\/\/www.leeb-balkone.com\/app\/uploads\/2025\/06\/terrassenueberdachung-aus-alu-und-transparentem-glas-1536x1152.jpg 1536w, https:\/\/www.leeb-balkone.com\/app\/uploads\/2025\/06\/terrassenueberdachung-aus-alu-und-transparentem-glas-2048x1536.jpg 2048w\" sizes=\"auto, (max-width: 1024px) 100vw, 1024px\" \/><\/figure>\n\n\n\n<div class=\"wp-block-group m-card-content is-vertical is-layout-flex wp-container-core-group-is-layout-5580f018 wp-block-group-is-layout-flex\">\n<h3 class=\"wp-block-heading\">Coprire con il vetro<\/h3>\n\n\n\n<p>Massima incidenza della luce con un vetro di prima qualit\u00e0 di nostra produzione, disponibile a scelta in diversi colori.<\/p>\n<\/div>\n<a href=\"#overlay-152091\" class=\"open-modal-link\" aria-label=\"Open modal\"><span class=\"sr-only\">\u00d6ffne Modal<\/span><\/a><\/div>\n\n\n\n<div class=\"wp-block-group m-card has-modal is-layout-flow wp-container-core-group-is-layout-8a368f38 wp-block-group-is-layout-flow\" data-modal-id=\"152092\">\n<figure class=\"wp-block-image size-large\"><img loading=\"lazy\" decoding=\"async\" width=\"1024\" height=\"683\" src=\"https:\/\/www.leeb-balkone.com\/app\/uploads\/2020\/07\/Sommergarten-Ueberdachung-Toscana-mit-Schiebeelementen-Markise-Boden-10-1024x683.jpg\" alt=\"Giardino estivo con elementi scorrevoli in alluminio e vetro e tende da sole\" class=\"wp-image-140493\" srcset=\"https:\/\/www.leeb-balkone.com\/app\/uploads\/2020\/07\/Sommergarten-Ueberdachung-Toscana-mit-Schiebeelementen-Markise-Boden-10-1024x683.jpg 1024w, https:\/\/www.leeb-balkone.com\/app\/uploads\/2020\/07\/Sommergarten-Ueberdachung-Toscana-mit-Schiebeelementen-Markise-Boden-10-300x200.jpg 300w, https:\/\/www.leeb-balkone.com\/app\/uploads\/2020\/07\/Sommergarten-Ueberdachung-Toscana-mit-Schiebeelementen-Markise-Boden-10-768x512.jpg 768w, https:\/\/www.leeb-balkone.com\/app\/uploads\/2020\/07\/Sommergarten-Ueberdachung-Toscana-mit-Schiebeelementen-Markise-Boden-10-1536x1024.jpg 1536w, https:\/\/www.leeb-balkone.com\/app\/uploads\/2020\/07\/Sommergarten-Ueberdachung-Toscana-mit-Schiebeelementen-Markise-Boden-10-2048x1366.jpg 2048w\" sizes=\"auto, (max-width: 1024px) 100vw, 1024px\" \/><figcaption class=\"wp-element-caption\">Giardino estivo con tende da sole verticali come protezione dal sole e dalla privacy &#8211; Leeb \u00dcberdachungen<\/figcaption><\/figure>\n\n\n\n<div class=\"wp-block-group m-card-content is-vertical is-layout-flex wp-container-core-group-is-layout-5580f018 wp-block-group-is-layout-flex\">\n<h3 class=\"wp-block-heading\">Schermi per la privacy e tende da sole verticali<\/h3>\n\n\n\n<p>Elementi di schermatura e tende da sole per garantire privacy e comfort.  <\/p>\n<\/div>\n<a href=\"#overlay-152092\" class=\"open-modal-link\" aria-label=\"Open modal\"><span class=\"sr-only\">\u00d6ffne Modal<\/span><\/a><\/div>\n\n\n\n<div class=\"wp-block-group m-card has-modal is-layout-flow wp-container-core-group-is-layout-8a368f38 wp-block-group-is-layout-flow\" data-modal-id=\"152093\">\n<figure class=\"wp-block-image size-large\"><img loading=\"lazy\" decoding=\"async\" width=\"1024\" height=\"659\" src=\"https:\/\/www.leeb-balkone.com\/app\/uploads\/2024\/08\/alu-terrassenueberdachung-amalfi-mit-halb-geoeffneter-aufdachmarkise-1024x659.jpg\" alt=\"alu terrassenueberdachung amalfi mit halb geoeffneter aufdachmarkise\" class=\"wp-image-149695\" srcset=\"https:\/\/www.leeb-balkone.com\/app\/uploads\/2024\/08\/alu-terrassenueberdachung-amalfi-mit-halb-geoeffneter-aufdachmarkise-1024x659.jpg 1024w, https:\/\/www.leeb-balkone.com\/app\/uploads\/2024\/08\/alu-terrassenueberdachung-amalfi-mit-halb-geoeffneter-aufdachmarkise-300x193.jpg 300w, https:\/\/www.leeb-balkone.com\/app\/uploads\/2024\/08\/alu-terrassenueberdachung-amalfi-mit-halb-geoeffneter-aufdachmarkise-768x494.jpg 768w, https:\/\/www.leeb-balkone.com\/app\/uploads\/2024\/08\/alu-terrassenueberdachung-amalfi-mit-halb-geoeffneter-aufdachmarkise-1536x988.jpg 1536w, https:\/\/www.leeb-balkone.com\/app\/uploads\/2024\/08\/alu-terrassenueberdachung-amalfi-mit-halb-geoeffneter-aufdachmarkise-2048x1317.jpg 2048w\" sizes=\"auto, (max-width: 1024px) 100vw, 1024px\" \/><figcaption class=\"wp-element-caption\">Copertura del patio con  <\/figcaption><\/figure>\n\n\n\n<div class=\"wp-block-group m-card-content is-vertical is-layout-flex wp-container-core-group-is-layout-5580f018 wp-block-group-is-layout-flex\">\n<h3 class=\"wp-block-heading\">Tende da sole per tetti<\/h3>\n\n\n\n<p>Protezione efficace dalla luce solare intensa direttamente sopra il tetto del patio.<\/p>\n<\/div>\n<a href=\"#overlay-152093\" class=\"open-modal-link\" aria-label=\"Open modal\"><span class=\"sr-only\">\u00d6ffne Modal<\/span><\/a><\/div>\n\n\n\n<div class=\"wp-block-group m-card has-modal is-layout-flow wp-container-core-group-is-layout-8a368f38 wp-block-group-is-layout-flow\" data-modal-id=\"152094\">\n<figure class=\"wp-block-image size-large\"><img loading=\"lazy\" decoding=\"async\" width=\"1024\" height=\"768\" src=\"https:\/\/www.leeb-balkone.com\/app\/uploads\/2025\/06\/terrassenueberdachung-aus-glas-und-alu-mit-led-beleuchtung-integriert-1024x768.jpg\" alt=\"terrassenueberdachung aus glas und alu mit led beleuchtung integriert\" class=\"wp-image-148167\" srcset=\"https:\/\/www.leeb-balkone.com\/app\/uploads\/2025\/06\/terrassenueberdachung-aus-glas-und-alu-mit-led-beleuchtung-integriert-1024x768.jpg 1024w, https:\/\/www.leeb-balkone.com\/app\/uploads\/2025\/06\/terrassenueberdachung-aus-glas-und-alu-mit-led-beleuchtung-integriert-300x225.jpg 300w, https:\/\/www.leeb-balkone.com\/app\/uploads\/2025\/06\/terrassenueberdachung-aus-glas-und-alu-mit-led-beleuchtung-integriert-768x576.jpg 768w, https:\/\/www.leeb-balkone.com\/app\/uploads\/2025\/06\/terrassenueberdachung-aus-glas-und-alu-mit-led-beleuchtung-integriert-1536x1152.jpg 1536w, https:\/\/www.leeb-balkone.com\/app\/uploads\/2025\/06\/terrassenueberdachung-aus-glas-und-alu-mit-led-beleuchtung-integriert-2048x1536.jpg 2048w\" sizes=\"auto, (max-width: 1024px) 100vw, 1024px\" \/><\/figure>\n\n\n\n<div class=\"wp-block-group m-card-content is-vertical is-layout-flex wp-container-core-group-is-layout-5580f018 wp-block-group-is-layout-flex\">\n<h3 class=\"wp-block-heading\">Illuminazione a LED<\/h3>\n\n\n\n<p>Sistemi di illuminazione d&#8217;atmosfera personalizzabili individualmente.<\/p>\n<\/div>\n<a href=\"#overlay-152094\" class=\"open-modal-link\" aria-label=\"Open modal\"><span class=\"sr-only\">\u00d6ffne Modal<\/span><\/a><\/div>\n\n\n\n<div class=\"wp-block-group m-card has-modal is-layout-flow wp-container-core-group-is-layout-8a368f38 wp-block-group-is-layout-flow\" data-modal-id=\"152095\">\n<figure class=\"wp-block-image size-large\"><img loading=\"lazy\" decoding=\"async\" width=\"683\" height=\"1024\" src=\"https:\/\/www.leeb-balkone.com\/app\/uploads\/2025\/07\/Sommergartentuer-683x1024.jpg\" alt=\"Sommergartentuer\" class=\"wp-image-150136\" style=\"aspect-ratio:1;object-fit:cover\" srcset=\"https:\/\/www.leeb-balkone.com\/app\/uploads\/2025\/07\/Sommergartentuer-683x1024.jpg 683w, https:\/\/www.leeb-balkone.com\/app\/uploads\/2025\/07\/Sommergartentuer-200x300.jpg 200w, https:\/\/www.leeb-balkone.com\/app\/uploads\/2025\/07\/Sommergartentuer-768x1151.jpg 768w, https:\/\/www.leeb-balkone.com\/app\/uploads\/2025\/07\/Sommergartentuer-1025x1536.jpg 1025w, https:\/\/www.leeb-balkone.com\/app\/uploads\/2025\/07\/Sommergartentuer-1367x2048.jpg 1367w, https:\/\/www.leeb-balkone.com\/app\/uploads\/2025\/07\/Sommergartentuer-scaled.jpg 1709w\" sizes=\"auto, (max-width: 683px) 100vw, 683px\" \/><\/figure>\n\n\n\n<div class=\"wp-block-group m-card-content is-vertical is-layout-flex wp-container-core-group-is-layout-5580f018 wp-block-group-is-layout-flex\">\n<h3 class=\"wp-block-heading\">Porte estive da giardino<\/h3>\n\n\n\n<p>Accesso comodo, design vari, durevole e facile da pulire.<\/p>\n<\/div>\n<a href=\"#overlay-152095\" class=\"open-modal-link\" aria-label=\"Open modal\"><span class=\"sr-only\">\u00d6ffne Modal<\/span><\/a><\/div>\n\n\n\n<div class=\"wp-block-group m-card has-modal is-layout-flow wp-container-core-group-is-layout-8a368f38 wp-block-group-is-layout-flow\" data-modal-id=\"152096\">\n<figure class=\"wp-block-image size-large\"><img loading=\"lazy\" decoding=\"async\" width=\"1024\" height=\"768\" src=\"https:\/\/www.leeb-balkone.com\/app\/uploads\/2024\/08\/alu-terrassenueberdachung-amalfi-innenansicht-mit-aufdachmarkise-und-led-beleuchtung-1024x768.jpg\" alt=\"Amalfi-\u00dcberdachung mit Aufdachmarkise, Schiebelementen und LED-Beleuchtung (Innenansicht)\" class=\"wp-image-150094\" srcset=\"https:\/\/www.leeb-balkone.com\/app\/uploads\/2024\/08\/alu-terrassenueberdachung-amalfi-innenansicht-mit-aufdachmarkise-und-led-beleuchtung-1024x768.jpg 1024w, https:\/\/www.leeb-balkone.com\/app\/uploads\/2024\/08\/alu-terrassenueberdachung-amalfi-innenansicht-mit-aufdachmarkise-und-led-beleuchtung-300x225.jpg 300w, https:\/\/www.leeb-balkone.com\/app\/uploads\/2024\/08\/alu-terrassenueberdachung-amalfi-innenansicht-mit-aufdachmarkise-und-led-beleuchtung-768x576.jpg 768w, https:\/\/www.leeb-balkone.com\/app\/uploads\/2024\/08\/alu-terrassenueberdachung-amalfi-innenansicht-mit-aufdachmarkise-und-led-beleuchtung-1536x1152.jpg 1536w, https:\/\/www.leeb-balkone.com\/app\/uploads\/2024\/08\/alu-terrassenueberdachung-amalfi-innenansicht-mit-aufdachmarkise-und-led-beleuchtung-2048x1536.jpg 2048w\" sizes=\"auto, (max-width: 1024px) 100vw, 1024px\" \/><\/figure>\n\n\n\n<div class=\"wp-block-group m-card-content is-vertical is-layout-flex wp-container-core-group-is-layout-5580f018 wp-block-group-is-layout-flex\">\n<h3 class=\"wp-block-heading\">Elementi scorrevoli e girevoli<\/h3>\n\n\n\n<p>Flessibilit\u00e0 e comfort per la tua veranda.<\/p>\n<\/div>\n<a href=\"#overlay-152096\" class=\"open-modal-link\" aria-label=\"Open modal\"><span class=\"sr-only\">\u00d6ffne Modal<\/span><\/a><\/div>\n\n\n\n<div class=\"wp-block-group m-card has-modal is-layout-flow wp-container-core-group-is-layout-8a368f38 wp-block-group-is-layout-flow\" data-modal-id=\"152097\">\n<figure class=\"wp-block-image size-large\"><img loading=\"lazy\" decoding=\"async\" width=\"1024\" height=\"683\" src=\"https:\/\/www.leeb-balkone.com\/app\/uploads\/2025\/07\/anbaubalkon-mit-stuetzen-boden-holzoptik-oak-1024x683.jpg\" alt=\"Steinboden in Holzoptik bei einem Anbaubalkon\" class=\"wp-image-150141\" srcset=\"https:\/\/www.leeb-balkone.com\/app\/uploads\/2025\/07\/anbaubalkon-mit-stuetzen-boden-holzoptik-oak-1024x683.jpg 1024w, https:\/\/www.leeb-balkone.com\/app\/uploads\/2025\/07\/anbaubalkon-mit-stuetzen-boden-holzoptik-oak-300x200.jpg 300w, https:\/\/www.leeb-balkone.com\/app\/uploads\/2025\/07\/anbaubalkon-mit-stuetzen-boden-holzoptik-oak-768x512.jpg 768w, https:\/\/www.leeb-balkone.com\/app\/uploads\/2025\/07\/anbaubalkon-mit-stuetzen-boden-holzoptik-oak-1536x1024.jpg 1536w, https:\/\/www.leeb-balkone.com\/app\/uploads\/2025\/07\/anbaubalkon-mit-stuetzen-boden-holzoptik-oak-2048x1366.jpg 2048w\" sizes=\"auto, (max-width: 1024px) 100vw, 1024px\" \/><\/figure>\n\n\n\n<div class=\"wp-block-group m-card-content is-vertical is-layout-flex wp-container-core-group-is-layout-5580f018 wp-block-group-is-layout-flex\">\n<h3 class=\"wp-block-heading\">Pavimenti<\/h3>\n\n\n\n<p>Ampia scelta di decking resistenti alle intemperie e di facile manutenzione.<\/p>\n<\/div>\n<a href=\"#overlay-152097\" class=\"open-modal-link\" aria-label=\"Open modal\"><span class=\"sr-only\">\u00d6ffne Modal<\/span><\/a><\/div>\n<\/div>\n<\/section>\n\n\n\n<section class=\"wp-block-cover alignfull is-light katalog-cta\" style=\"margin-top:0;margin-bottom:0;padding-top:0;padding-right:0;padding-bottom:0;padding-left:0;min-height:100px;aspect-ratio:unset;\" id=\"katalogbestellung\"><img loading=\"lazy\" decoding=\"async\" width=\"1920\" height=\"599\" class=\"wp-block-cover__image-background wp-image-7912 size-full\" alt=\"leeb balkone katalog anfordern\" src=\"https:\/\/www.leeb-balkone.com\/app\/uploads\/2020\/09\/leeb-balkone-katalog-anfordern-1.jpeg\" data-object-fit=\"cover\" srcset=\"https:\/\/www.leeb-balkone.com\/app\/uploads\/2020\/09\/leeb-balkone-katalog-anfordern-1-300x94.jpeg 300w, https:\/\/www.leeb-balkone.com\/app\/uploads\/2020\/09\/leeb-balkone-katalog-anfordern-1-1024x319.jpeg 1024w, https:\/\/www.leeb-balkone.com\/app\/uploads\/2020\/09\/leeb-balkone-katalog-anfordern-1-768x240.jpeg 768w, https:\/\/www.leeb-balkone.com\/app\/uploads\/2020\/09\/leeb-balkone-katalog-anfordern-1-1536x479.jpeg 1536w\" sizes=\"auto, (max-width: 1920px) 100vw, 1920px\" \/><span aria-hidden=\"true\" class=\"wp-block-cover__background has-primary-45-background-color has-background-dim-80 has-background-dim\"><\/span><div class=\"wp-block-cover__inner-container has-global-padding is-layout-constrained wp-container-core-cover-is-layout-fc5783d2 wp-block-cover-is-layout-constrained\">\n<div class=\"wp-block-group is-layout-flow wp-block-group-is-layout-flow\" style=\"min-height:0px;margin-top:0;margin-bottom:0;padding-top:var(--wp--preset--spacing--2-xl);padding-bottom:var(--wp--preset--spacing--2-xl);padding-left:0\">\n<div class=\"wp-block-columns are-vertically-aligned-center is-layout-flex wp-container-core-columns-is-layout-0a4bbf16 wp-block-columns-is-layout-flex\" style=\"margin-top:0;margin-bottom:0\">\n<div class=\"wp-block-column is-vertically-aligned-center is-layout-flow wp-block-column-is-layout-flow\" style=\"flex-basis:66.66%\">\n<h2 class=\"wp-block-heading\">Coperture per terrazze nel catalogo<\/h2>\n\n\n\n<p class=\"is-style-teaser\"><span class=\"teaser\">Il tuo catalogo personale ti aspetta! Ordina ora gratuitamente e scopri tutta la nostra <span class=\"teaser\">gamma di tettoie<\/span>. Trova la soluzione pi\u00f9 adatta a te.<\/span><\/p>\n<\/div>\n\n\n\n<div class=\"wp-block-column is-vertically-aligned-center is-layout-flow wp-block-column-is-layout-flow\" style=\"flex-basis:33.33%\">\n<div class=\"wp-block-buttons u-m-jc-left is-content-justification-right is-layout-flex wp-container-core-buttons-is-layout-c060c6c7 wp-block-buttons-is-layout-flex\">\n<div class=\"wp-block-button is-style-filled-white large\"><a class=\"wp-block-button__link wp-element-button\" href=\"https:\/\/www.leeb-balkone.com\/it\/contatti\/richiesta-catalogo\/\" style=\"box-shadow:var(--wp--preset--shadow--button-shadow)\">Richiedi il catalogo<\/a><\/div>\n<\/div>\n<\/div>\n<\/div>\n<\/div>\n<\/div><\/section>\n\n\n\n<section class=\"wp-block-group alignfull has-white-background-color has-background has-global-padding is-layout-constrained wp-container-core-group-is-layout-52f96efc wp-block-group-is-layout-constrained\">\n<div class=\"wp-block-group o-grid u-md-1 is-layout-flow wp-block-group-is-layout-flow\" style=\"padding-top:0\">\n<div class=\"wp-block-group u-g-9 u-g-s-2 is-layout-flow wp-block-group-is-layout-flow\" style=\"margin-bottom:var(--wp--preset--spacing--s)\">\n<h2 class=\"wp-block-heading\">Riferimenti<\/h2>\n<\/div>\n<\/div>\n\n\n\n<div class=\"wp-block-t3-carousel-wrapper\" id=\"t3-carousel-17644e2c-4950-4b08-bc36-2413094d2703\"><div class=\"wp-block-t3-carousel t3-carousel-block swiper\" data-swiper-options=\"{&quot;loop&quot;:false,&quot;preloadImages&quot;:false,&quot;lazy&quot;:{&quot;loadPrevNext&quot;:true},&quot;autoplay&quot;:{&quot;delay&quot;:3000,&quot;disableOnInteraction&quot;:false},&quot;navigation&quot;:{&quot;nextEl&quot;:&quot;#t3-carousel-17644e2c-4950-4b08-bc36-2413094d2703 .t3-carousel-17644e2c-4950-4b08-bc36-2413094d2703-next&quot;,&quot;prevEl&quot;:&quot;#t3-carousel-17644e2c-4950-4b08-bc36-2413094d2703 .t3-carousel-17644e2c-4950-4b08-bc36-2413094d2703-prev&quot;},&quot;pagination&quot;:{&quot;el&quot;:&quot;#t3-carousel-17644e2c-4950-4b08-bc36-2413094d2703 .t3-carousel-17644e2c-4950-4b08-bc36-2413094d2703-pagination&quot;,&quot;clickable&quot;:true},&quot;scrollbar&quot;:false,&quot;breakpoints&quot;:{&quot;0&quot;:{&quot;slidesPerView&quot;:1.15,&quot;spaceBetween&quot;:24},&quot;769&quot;:{&quot;slidesPerView&quot;:1,&quot;spaceBetween&quot;:30}}}\"><div class=\"swiper-wrapper\">\n<div class=\"wp-block-t3-carousel-slide t3-carousel-slide swiper-slide\">\n<div class=\"wp-block-columns testimonial m-split is-layout-flex wp-container-core-columns-is-layout-3331f5f7 wp-block-columns-is-layout-flex\" style=\"padding-bottom:0\">\n<div class=\"wp-block-column is-layout-flow wp-block-column-is-layout-flow\">\n<div class=\"wp-block-group is-layout-flow wp-block-group-is-layout-flow has-background\" style=\"min-height:100%;background-image:url(&#039;https:\/\/www.leeb-balkone.com\/app\/uploads\/2021\/06\/alu-u\u0308berdachung-saaletalstuben-3-scaled.jpg&#039;);background-size:cover;\"><\/div>\n<\/div>\n\n\n\n<div class=\"wp-block-column is-vertically-aligned-top testimonial-text is-layout-flow wp-block-column-is-layout-flow\">\n<div class=\"wp-block-group has-light-gray-background-color has-background is-vertical is-layout-flex wp-container-core-group-is-layout-044273ab wp-block-group-is-layout-flex\" style=\"padding-top:var(--wp--preset--spacing--xl);padding-right:var(--wp--preset--spacing--xl);padding-bottom:var(--wp--preset--spacing--xl);padding-left:var(--wp--preset--spacing--l)\">\n<p class=\"has-step-1-font-size\"><em>&#8220;Grazie mille per aver costruito il nostro giardino estivo. Siamo pi\u00f9 che soddisfatti del risultato finale: come descritto, il nostro posto preferito al sole!&#8221;.<\/em><\/p>\n\n\n\n<p class=\"has-step-s-font-size\"><strong>Sig. Schmittroth (Saaletalstuben OG)<\/strong><br>97782 Gr\u00e4fendorf<\/p>\n<\/div>\n<\/div>\n<\/div>\n<\/div>\n\n\n\n<div class=\"wp-block-t3-carousel-slide t3-carousel-slide swiper-slide\">\n<div class=\"wp-block-columns testimonial m-split is-layout-flex wp-container-core-columns-is-layout-3331f5f7 wp-block-columns-is-layout-flex\" style=\"padding-bottom:0\">\n<div class=\"wp-block-column is-layout-flow wp-block-column-is-layout-flow\">\n<div class=\"wp-block-group is-layout-flow wp-block-group-is-layout-flow has-background\" style=\"min-height:100%;background-image:url(&#039;https:\/\/www.leeb-balkone.com\/app\/uploads\/2021\/04\/sommergarten-hoheneder-4080158D-2.jpg&#039;);background-size:cover;\"><\/div>\n<\/div>\n\n\n\n<div class=\"wp-block-column is-vertically-aligned-top testimonial-text is-layout-flow wp-block-column-is-layout-flow\">\n<div class=\"wp-block-group has-light-gray-background-color has-background is-vertical is-layout-flex wp-container-core-group-is-layout-044273ab wp-block-group-is-layout-flex\" style=\"padding-top:var(--wp--preset--spacing--xl);padding-right:var(--wp--preset--spacing--xl);padding-bottom:var(--wp--preset--spacing--xl);padding-left:var(--wp--preset--spacing--l)\">\n<p class=\"has-step-1-font-size\"><em>&#8220;Vorremmo cogliere l&#8217;occasione per ringraziare la vostra azienda per l&#8217;eccellente lavoro svolto. Tutto si \u00e8 svolto come un orologio, dalla pianificazione al completamento. Grazie ancora!&#8221;<\/em><\/p>\n\n\n\n<p class=\"has-step-s-font-size\"><strong>Famiglia Hoheneder<br><\/strong>4710 Grieskirchen<\/p>\n<\/div>\n<\/div>\n<\/div>\n<\/div>\n<\/div><div class=\"swiper-pagination t3-carousel-17644e2c-4950-4b08-bc36-2413094d2703-pagination\"><\/div><\/div><div class=\"swiper-button-prev t3-carousel-17644e2c-4950-4b08-bc36-2413094d2703-prev\"><\/div><div class=\"swiper-button-next t3-carousel-17644e2c-4950-4b08-bc36-2413094d2703-next\"><\/div><\/div>\n<\/section>\n\n\n\n<section class=\"wp-block-group alignfull has-white-background-color has-background has-global-padding is-layout-constrained wp-container-core-group-is-layout-9fa1424c wp-block-group-is-layout-constrained\" style=\"padding-top:0\">\n<div class=\"wp-block-group o-grid u-md-1 is-layout-flow wp-block-group-is-layout-flow\" style=\"padding-top:0\">\n<div class=\"wp-block-group u-g-9 u-g-s-2 is-layout-flow wp-block-group-is-layout-flow\" style=\"margin-bottom:var(--wp--preset--spacing--s)\">\n<h2 class=\"wp-block-heading\">Perch\u00e9 una copertura per patio Leeb?<\/h2>\n\n\n\n<p><span class=\"teaser\">Le terrazze coperte offrono un valore aggiunto funzionale, estetico ed economico. Le coperture per terrazze Leeb sono caratterizzate da una qualit\u00e0 comprovata, dai pi\u00f9 alti standard di sicurezza, da un&#8217;ampia gamma di opzioni di design e sono praticamente esenti da manutenzione. <\/span><\/p>\n<\/div>\n<\/div>\n\n\n\n<div class=\"wp-block-group is-layout-flow wp-container-core-group-is-layout-d5075d26 wp-block-group-is-layout-flow\">\n<div class=\"wp-block-columns is-style-shadow m-split is-layout-flex wp-container-core-columns-is-layout-28f84493 wp-block-columns-is-layout-flex\">\n<div class=\"wp-block-column is-style-default is-layout-flow wp-block-column-is-layout-flow\">\n<figure class=\"wp-block-image size-large\"><img loading=\"lazy\" decoding=\"async\" width=\"1024\" height=\"768\" src=\"https:\/\/www.leeb-balkone.com\/app\/uploads\/2024\/08\/alu-terrassenueberdachung-nachtansicht-led-beleuchtung-03-1024x768.jpg\" alt=\"alu terrassenueberdachung nachtansicht led beleuchtung\" class=\"wp-image-140214\" srcset=\"https:\/\/www.leeb-balkone.com\/app\/uploads\/2024\/08\/alu-terrassenueberdachung-nachtansicht-led-beleuchtung-03-1024x768.jpg 1024w, https:\/\/www.leeb-balkone.com\/app\/uploads\/2024\/08\/alu-terrassenueberdachung-nachtansicht-led-beleuchtung-03-300x225.jpg 300w, https:\/\/www.leeb-balkone.com\/app\/uploads\/2024\/08\/alu-terrassenueberdachung-nachtansicht-led-beleuchtung-03-768x576.jpg 768w, https:\/\/www.leeb-balkone.com\/app\/uploads\/2024\/08\/alu-terrassenueberdachung-nachtansicht-led-beleuchtung-03-1536x1152.jpg 1536w, https:\/\/www.leeb-balkone.com\/app\/uploads\/2024\/08\/alu-terrassenueberdachung-nachtansicht-led-beleuchtung-03-2048x1536.jpg 2048w\" sizes=\"auto, (max-width: 1024px) 100vw, 1024px\" \/><\/figure>\n<\/div>\n\n\n\n<div class=\"wp-block-column is-vertically-aligned-center is-style-overlay-content is-layout-flow wp-block-column-is-layout-flow\">\n<div class=\"wp-block-group is-vertical is-layout-flex wp-container-core-group-is-layout-6aed0e10 wp-block-group-is-layout-flex\">\n<h3 class=\"wp-block-heading\">Comfort e sicurezza<\/h3>\n\n\n\n<p>La promessa di qualit\u00e0 di una copertura per terrazze Leeb si basa su decenni di esperienza, processi certificati e selezione di materiali innovativi. Il rivestimento in polvere brevettato ALU COMFORT PLUS\u00ae garantisce superfici particolarmente resistenti alle intemperie e ai graffi. Tutte le parti portanti sono calcolate con precisione statica, altamente resilienti e dotate di vetro stratificato di sicurezza. Dalla progettazione all&#8217;installazione, Leeb garantisce un servizio completo e una qualit\u00e0 conforme agli standard ISO 9001 e CE, per una sicurezza, una bellezza e un valore a lungo termine.   <\/p>\n<\/div>\n<\/div>\n<\/div>\n\n\n\n<div class=\"wp-block-columns is-style-shadow m-split m-split-reverse is-layout-flex wp-container-core-columns-is-layout-28f84493 wp-block-columns-is-layout-flex\">\n<div class=\"wp-block-column is-style-default is-layout-flow wp-block-column-is-layout-flow\">\n<figure class=\"wp-block-image size-large\"><img loading=\"lazy\" decoding=\"async\" width=\"1024\" height=\"684\" src=\"https:\/\/www.leeb-balkone.com\/app\/uploads\/2020\/07\/solar-glas-alu-ueberdachung-19-1024x684.jpg\" alt=\"Copertura solare per una terrazza di fronte a una casa indipendente\" class=\"wp-image-139712\" srcset=\"https:\/\/www.leeb-balkone.com\/app\/uploads\/2020\/07\/solar-glas-alu-ueberdachung-19-1024x684.jpg 1024w, https:\/\/www.leeb-balkone.com\/app\/uploads\/2020\/07\/solar-glas-alu-ueberdachung-19-300x200.jpg 300w, https:\/\/www.leeb-balkone.com\/app\/uploads\/2020\/07\/solar-glas-alu-ueberdachung-19-768x513.jpg 768w, https:\/\/www.leeb-balkone.com\/app\/uploads\/2020\/07\/solar-glas-alu-ueberdachung-19-1536x1025.jpg 1536w, https:\/\/www.leeb-balkone.com\/app\/uploads\/2020\/07\/solar-glas-alu-ueberdachung-19-2048x1367.jpg 2048w\" sizes=\"auto, (max-width: 1024px) 100vw, 1024px\" \/><\/figure>\n<\/div>\n\n\n\n<div class=\"wp-block-column is-vertically-aligned-center is-style-overlay-content is-layout-flow wp-block-column-is-layout-flow\">\n<div class=\"wp-block-group is-vertical is-layout-flex wp-container-core-group-is-layout-6aed0e10 wp-block-group-is-layout-flex\">\n<h3 class=\"wp-block-heading\">Protezione dalle intemperie con valore aggiunto<\/h3>\n\n\n\n<p>Con un tetto solare Leeb, il patio diventa un punto di forza ecologico ed economico: i moduli fotovoltaici, altamente efficienti e resistenti alla grandine, generano elettricit\u00e0 sostenibile direttamente in casa, mentre il patio rimane protetto da sole, vento e pioggia. I moduli sono robusti, accessibili e dotati di cablaggio interno. Con il nostro tetto solare per terrazze, combini una moderna protezione dalle intemperie con la produzione di energia sostenibile.  <\/p>\n\n\n\n<div class=\"wp-block-buttons is-layout-flex wp-block-buttons-is-layout-flex\" style=\"margin-top:var(--wp--preset--spacing--2-xs)\">\n<div class=\"wp-block-button is-style-outline-secondary\"><a class=\"wp-block-button__link has-transparent-background-color has-background wp-element-button\" href=\"https:\/\/www.leeb-balkone.com\/it\/fotovoltaico\/tettoia-solare-da-terrazza\/\">Tetto solare per patio<\/a><\/div>\n<\/div>\n<\/div>\n<\/div>\n<\/div>\n\n\n\n<div class=\"wp-block-columns is-style-shadow m-split is-layout-flex wp-container-core-columns-is-layout-28f84493 wp-block-columns-is-layout-flex\">\n<div class=\"wp-block-column is-style-default is-layout-flow wp-block-column-is-layout-flow\">\n<figure class=\"wp-block-image size-large\"><img loading=\"lazy\" decoding=\"async\" width=\"1024\" height=\"768\" src=\"https:\/\/www.leeb-balkone.com\/app\/uploads\/2024\/08\/alu-terrassenueberdachung-elegant-highend-01-1024x768.jpg\" alt=\"alu terrassenueberdachung elegant highend\" class=\"wp-image-140194\" srcset=\"https:\/\/www.leeb-balkone.com\/app\/uploads\/2024\/08\/alu-terrassenueberdachung-elegant-highend-01-1024x768.jpg 1024w, https:\/\/www.leeb-balkone.com\/app\/uploads\/2024\/08\/alu-terrassenueberdachung-elegant-highend-01-300x225.jpg 300w, https:\/\/www.leeb-balkone.com\/app\/uploads\/2024\/08\/alu-terrassenueberdachung-elegant-highend-01-768x576.jpg 768w, https:\/\/www.leeb-balkone.com\/app\/uploads\/2024\/08\/alu-terrassenueberdachung-elegant-highend-01-1536x1152.jpg 1536w, https:\/\/www.leeb-balkone.com\/app\/uploads\/2024\/08\/alu-terrassenueberdachung-elegant-highend-01-2048x1536.jpg 2048w\" sizes=\"auto, (max-width: 1024px) 100vw, 1024px\" \/><\/figure>\n<\/div>\n\n\n\n<div class=\"wp-block-column is-vertically-aligned-center is-style-overlay-content is-layout-flow wp-block-column-is-layout-flow\">\n<div class=\"wp-block-group is-vertical is-layout-flex wp-container-core-group-is-layout-6aed0e10 wp-block-group-is-layout-flex\">\n<h3 class=\"wp-block-heading\">Diversit\u00e0 del design<\/h3>\n\n\n\n<p class=\"is-style-default\">Le coperture per patio Leeb possono essere personalizzate:<\/p>\n\n\n\n<ul class=\"wp-block-list is-style-checkmark-2\">\n<li>Variante di copertura con pannelli sandwich<\/li>\n\n\n\n<li>Tende da sole esterne per un&#8217;efficace protezione dal calore<\/li>\n\n\n\n<li>Illuminazione a LED integrata<\/li>\n\n\n\n<li>Schermi laterali antivento e privacy in vetro o alluminio<\/li>\n\n\n\n<li>Elementi scorrevoli o scorrevoli\/oscillanti e schermi tessili per una maggiore privacy<\/li>\n\n\n\n<li>Vetrate a tutto tondo come <a href=\"https:\/\/www.leeb-balkone.com\/it\/tettoie-e-carport\/giardino-estivo\/\">giardino estivo<\/a><\/li>\n<\/ul>\n<\/div>\n<\/div>\n<\/div>\n<\/div>\n<\/section>\n\n\n\n<section class=\"wp-block-group alignfull has-light-gray-background-color has-background has-global-padding is-layout-constrained wp-container-core-group-is-layout-52f96efc wp-block-group-is-layout-constrained\">\n<div class=\"wp-block-group o-grid u-md-1 is-layout-flow wp-block-group-is-layout-flow\" style=\"padding-top:0\">\n<div class=\"wp-block-group u-g-9 u-g-s-2 is-layout-flow wp-block-group-is-layout-flow\" style=\"margin-bottom:var(--wp--preset--spacing--s)\">\n<h2 class=\"wp-block-heading\">Domande frequenti<\/h2>\n\n\n\n<p class=\"is-style-teaser\" style=\"padding-bottom:var(--wp--preset--spacing--m)\">Hai domande generali sulle nostre coperture per terrazze in alluminio? Nelle nostre FAQ troverai risposte concise alle domande pi\u00f9 frequenti sulle coperture per terrazze.<\/p>\n\n\n\n<div class=\"wp-block-t3-acc-accordion is-style-default\"><button id=\"accordion-b2b751b9-e0d2-4b12-98d6-b5d56dae47da-button\" class=\"accordion__button\" aria-expanded=\"false\" aria-controls=\"accordion-b2b751b9-e0d2-4b12-98d6-b5d56dae47da-panel\"><h3 data-accordion-title=\"true\" style=\"font-size:var(--step-1)\"><strong>Perch\u00e9 l&#8217;alluminio \u00e8 cos\u00ec adatto per le coperture di terrazze?<\/strong><\/h3><\/button><div id=\"accordion-b2b751b9-e0d2-4b12-98d6-b5d56dae47da-panel\" class=\"accordion__panel\" role=\"region\" aria-labelledby=\"accordion-b2b751b9-e0d2-4b12-98d6-b5d56dae47da-button\">\n<p>L&#8217;alluminio \u00e8 particolarmente adatto per le coperture di terrazze perch\u00e9 \u00e8 leggero e allo stesso tempo molto stabile, rendendo possibili grandi campate e design flessibili. Il materiale \u00e8 resistente agli agenti atmosferici, non arrugginisce e offre una durata eccezionalmente lunga con una manutenzione minima. Questo rende l&#8217;alluminio la scelta ideale per coperture per terrazze durevoli, che richiedono poca manutenzione e dall&#8217;aspetto gradevole. I prodotti in alluminio di Leeb si distinguono in particolare. Non solo sono resistenti e facili da curare, ma sono anche prodotti in modo da preservare le risorse e rispettare il clima.  <\/p>\n<\/div><\/div>\n\n\n\n<div class=\"wp-block-t3-acc-accordion is-style-default\"><button id=\"accordion-75492dd4-f054-4247-b867-7a4f214e7cf0-button\" class=\"accordion__button\" aria-expanded=\"false\" aria-controls=\"accordion-75492dd4-f054-4247-b867-7a4f214e7cf0-panel\"><h3 data-accordion-title=\"true\" style=\"font-size:var(--step-1)\"><strong>Quali sono le varianti di tetto offerte da Leeb per i tetti a terrazza?<\/strong><\/h3><\/button><div id=\"accordion-75492dd4-f054-4247-b867-7a4f214e7cf0-panel\" class=\"accordion__panel\" role=\"region\" aria-labelledby=\"accordion-75492dd4-f054-4247-b867-7a4f214e7cf0-button\">\n<p>Leeb offre coperture per terrazze con rivestimenti in vetro di alta qualit\u00e0 prodotti internamente, con pannelli sandwich per un ulteriore isolamento termico e acustico su richiesta. Le coperture possono essere progettate come coperture classiche con collegamento alle pareti, come coperture libere (atrio) o come giardini estivi vetrati a tutto tondo.<\/p>\n<\/div><\/div>\n\n\n\n<div class=\"wp-block-t3-acc-accordion is-style-default\"><button id=\"accordion-6366463c-cd49-496f-a648-0c2fc3437f82-button\" class=\"accordion__button\" aria-expanded=\"false\" aria-controls=\"accordion-6366463c-cd49-496f-a648-0c2fc3437f82-panel\"><h3 data-accordion-title=\"true\" style=\"font-size:var(--step-1)\"><strong><strong>Quali sono gli accessori disponibili per le coperture per terrazze Leeb?<\/strong><\/strong><\/h3><\/button><div id=\"accordion-6366463c-cd49-496f-a648-0c2fc3437f82-panel\" class=\"accordion__panel\" role=\"region\" aria-labelledby=\"accordion-6366463c-cd49-496f-a648-0c2fc3437f82-button\">\n<p>Puoi personalizzare la tua pensilina, ad esempio con tende da sole, elementi ombreggianti, vetrate verticali, illuminazione a LED, elementi scorrevoli e scorrevoli e soluzioni di schermatura della privacy.<\/p>\n<\/div><\/div>\n\n\n\n<div class=\"wp-block-t3-acc-accordion is-style-default\"><button id=\"accordion-0ac0ac1d-fb49-4e72-8217-0ec4b81f787f-button\" class=\"accordion__button\" aria-expanded=\"false\" aria-controls=\"accordion-0ac0ac1d-fb49-4e72-8217-0ec4b81f787f-panel\"><h3 data-accordion-title=\"true\" style=\"font-size:var(--step-1)\"><strong><strong><strong>Le coperture per patio Leeb non richiedono manutenzione?<\/strong><\/strong><\/strong><\/h3><\/button><div id=\"accordion-0ac0ac1d-fb49-4e72-8217-0ec4b81f787f-panel\" class=\"accordion__panel\" role=\"region\" aria-labelledby=\"accordion-0ac0ac1d-fb49-4e72-8217-0ec4b81f787f-button\">\n<p>S\u00ec, le strutture in alluminio con rivestimento brevettato ALU COMFORT PLUS\u00ae sono particolarmente resistenti agli agenti atmosferici, ai graffi e praticamente prive di manutenzione. Non sono necessari interventi di cura e manutenzione periodici come la verniciatura.<\/p>\n<\/div><\/div>\n\n\n\n<div class=\"wp-block-t3-acc-accordion is-style-default\"><button id=\"accordion-c8e51b64-b9da-4a6f-b990-9495eb1b8941-button\" class=\"accordion__button\" aria-expanded=\"false\" aria-controls=\"accordion-c8e51b64-b9da-4a6f-b990-9495eb1b8941-panel\"><h3 data-accordion-title=\"true\" style=\"font-size:var(--step-1)\"><strong><strong><strong>E la sicurezza e la stabilit\u00e0?<\/strong><\/strong><\/strong><\/h3><\/button><div id=\"accordion-c8e51b64-b9da-4a6f-b990-9495eb1b8941-panel\" class=\"accordion__panel\" role=\"region\" aria-labelledby=\"accordion-c8e51b64-b9da-4a6f-b990-9495eb1b8941-button\">\n<p>Tutte le tettoie Leeb sono calcolate staticamente e progettate per resistere ai carichi locali di vento e neve. Soddisfano i pi\u00f9 alti standard di sicurezza e sono certificati in conformit\u00e0 alle norme ISO 9001 ed EN 1090.<\/p>\n<\/div><\/div>\n\n\n\n<div class=\"wp-block-t3-acc-accordion is-style-default\"><button id=\"accordion-9b341552-4221-4695-9093-00be5efe6ab7-button\" class=\"accordion__button\" aria-expanded=\"false\" aria-controls=\"accordion-9b341552-4221-4695-9093-00be5efe6ab7-panel\"><h3 data-accordion-title=\"true\" style=\"font-size:var(--step-1)\"><strong><strong><strong><strong><strong>Posso dotare il tetto del patio di moduli fotovoltaici?<\/strong><\/strong><\/strong><\/strong><\/strong><\/h3><\/button><div id=\"accordion-9b341552-4221-4695-9093-00be5efe6ab7-panel\" class=\"accordion__panel\" role=\"region\" aria-labelledby=\"accordion-9b341552-4221-4695-9093-00be5efe6ab7-button\">\n<p>Leeb offre coperture solari appositamente sviluppate in cui i moduli fotovoltaici altamente efficienti e resistenti alla grandine, realizzati in vetro stratificato di sicurezza, sono integrati nella copertura. Il cablaggio \u00e8 nascosto all&#8217;interno della struttura e i moduli sono accessibili e richiedono poca manutenzione.<\/p>\n<\/div><\/div>\n\n\n\n<div class=\"wp-block-t3-acc-accordion is-style-default\"><button id=\"accordion-656cffe3-6c81-4be7-84e1-e243ed5857eb-button\" class=\"accordion__button\" aria-expanded=\"false\" aria-controls=\"accordion-656cffe3-6c81-4be7-84e1-e243ed5857eb-panel\"><h3 data-accordion-title=\"true\" style=\"font-size:var(--step-1)\"><strong><strong><strong><strong><strong>Esistono soluzioni senza barriere?<\/strong><\/strong><\/strong><\/strong><\/strong><\/h3><\/button><div id=\"accordion-656cffe3-6c81-4be7-84e1-e243ed5857eb-panel\" class=\"accordion__panel\" role=\"region\" aria-labelledby=\"accordion-656cffe3-6c81-4be7-84e1-e243ed5857eb-button\">\n<p>S\u00ec, i binari incassati nel pavimento consentono di passare dalla terrazza alla casa senza barriere. La serratura a spillo garantisce una maggiore sicurezza<\/p>\n<\/div><\/div>\n\n\n\n<div class=\"wp-block-t3-acc-accordion is-style-default\"><button id=\"accordion-808b7e28-33a9-4841-86f7-aceea3288fe5-button\" class=\"accordion__button\" aria-expanded=\"false\" aria-controls=\"accordion-808b7e28-33a9-4841-86f7-aceea3288fe5-panel\"><h3 data-accordion-title=\"true\" style=\"font-size:var(--step-1)\"><strong><strong><strong><strong>In che modo fornisci consulenza e pianificazione?<\/strong><\/strong><\/strong><\/strong><\/h3><\/button><div id=\"accordion-808b7e28-33a9-4841-86f7-aceea3288fe5-panel\" class=\"accordion__panel\" role=\"region\" aria-labelledby=\"accordion-808b7e28-33a9-4841-86f7-aceea3288fe5-button\" hidden>\n\n<p>Un consulente personale di Leeb ti supporter\u00e0 in loco o digitalmente. Con il configuratore 3D puoi visualizzare in anticipo il modello desiderato e progettarlo individualmente.  <\/p>\n\n<\/div><\/div>\n<\/div>\n<\/div>\n<\/section>\n\n\n\n<section class=\"wp-block-group alignfull has-white-background-color has-background has-global-padding is-layout-constrained wp-container-core-group-is-layout-52f96efc wp-block-group-is-layout-constrained\">\n<div class=\"wp-block-group o-grid u-md-1 is-layout-flow wp-block-group-is-layout-flow\" style=\"padding-top:0\">\n<div class=\"wp-block-group u-g-9 u-g-s-2 is-layout-flow wp-block-group-is-layout-flow\">\n<h2 class=\"wp-block-heading\">Impronte del tetto del patio<\/h2>\n\n\n\n<p style=\"padding-bottom:var(--wp--preset--spacing--m)\"><span class=\"teaser\">Lasciati ispirare dalle possibilit\u00e0 di design delle nostre coperture per patio.<\/span><\/p>\n<\/div>\n<\/div>\n\n\n    <div id=\"t3-lg-block-1\" class=\"wp-block-t3-lightgallery\" data-initial-count=\"6\">\n      <div class=\"lg-container u-grid-temp has-3-cols\">\n                  <div class=\"lg-item\" data-src=\"https:\/\/www.leeb-balkone.com\/app\/uploads\/2025\/06\/ueberdachung-der-terrasse-aus-aluminium-und-glas.jpg\"\n              data-sub-html=\"&lt;p&gt;&lt;small&gt;\u00dcberdachung der Terrasse aus Aluminium und Glas&lt;\/small&gt;&lt;\/p&gt;\">\n            <div class=\"img-wrapper\">\n                <figure>\n                    <img loading=\"lazy\" decoding=\"async\" width=\"300\" height=\"225\" src=\"https:\/\/www.leeb-balkone.com\/app\/uploads\/2025\/06\/ueberdachung-der-terrasse-aus-aluminium-und-glas-300x225.jpg\" class=\"attachment-medium size-medium\" alt=\"\u00dcberdachung der Terrasse aus Aluminium und Glas\" srcset=\"https:\/\/www.leeb-balkone.com\/app\/uploads\/2025\/06\/ueberdachung-der-terrasse-aus-aluminium-und-glas-300x225.jpg 300w, https:\/\/www.leeb-balkone.com\/app\/uploads\/2025\/06\/ueberdachung-der-terrasse-aus-aluminium-und-glas-1024x768.jpg 1024w, https:\/\/www.leeb-balkone.com\/app\/uploads\/2025\/06\/ueberdachung-der-terrasse-aus-aluminium-und-glas-768x576.jpg 768w, https:\/\/www.leeb-balkone.com\/app\/uploads\/2025\/06\/ueberdachung-der-terrasse-aus-aluminium-und-glas-1536x1152.jpg 1536w, https:\/\/www.leeb-balkone.com\/app\/uploads\/2025\/06\/ueberdachung-der-terrasse-aus-aluminium-und-glas-2048x1536.jpg 2048w\" sizes=\"auto, (min-width: 1200px) 260px, (min-width: 1024px) 220px, (min-width: 640px) 465px, 768px\" \/>    \n                <\/figure>\n                        <\/div>\n            <p><small>\u00dcberdachung der Terrasse aus Aluminium und Glas<\/small><\/p>        <\/div>\n                  <div class=\"lg-item\" data-src=\"https:\/\/www.leeb-balkone.com\/app\/uploads\/2020\/07\/terrasse-mit-einer-ueberdachung-aus-alu-und-glas-auf-einem-anbaubalkon-scaled.jpg\"\n              data-sub-html=\"&lt;p&gt;&lt;small&gt;Terrassen\u00fcberdachung in Kombination mit einem Anbaubalkon&lt;\/small&gt;&lt;\/p&gt;\">\n            <div class=\"img-wrapper\">\n                <figure>\n                    <img loading=\"lazy\" decoding=\"async\" width=\"300\" height=\"200\" src=\"https:\/\/www.leeb-balkone.com\/app\/uploads\/2020\/07\/terrasse-mit-einer-ueberdachung-aus-alu-und-glas-auf-einem-anbaubalkon-300x200.jpg\" class=\"attachment-medium size-medium\" alt=\"Terrassen\u00fcberdachung in Kombination mit einem Anbaubalkon\" srcset=\"https:\/\/www.leeb-balkone.com\/app\/uploads\/2020\/07\/terrasse-mit-einer-ueberdachung-aus-alu-und-glas-auf-einem-anbaubalkon-300x200.jpg 300w, https:\/\/www.leeb-balkone.com\/app\/uploads\/2020\/07\/terrasse-mit-einer-ueberdachung-aus-alu-und-glas-auf-einem-anbaubalkon-1024x683.jpg 1024w, https:\/\/www.leeb-balkone.com\/app\/uploads\/2020\/07\/terrasse-mit-einer-ueberdachung-aus-alu-und-glas-auf-einem-anbaubalkon-768x512.jpg 768w, https:\/\/www.leeb-balkone.com\/app\/uploads\/2020\/07\/terrasse-mit-einer-ueberdachung-aus-alu-und-glas-auf-einem-anbaubalkon-1536x1025.jpg 1536w, https:\/\/www.leeb-balkone.com\/app\/uploads\/2020\/07\/terrasse-mit-einer-ueberdachung-aus-alu-und-glas-auf-einem-anbaubalkon-2048x1366.jpg 2048w\" sizes=\"auto, (min-width: 1200px) 260px, (min-width: 1024px) 220px, (min-width: 640px) 465px, 768px\" \/>    \n                <\/figure>\n                        <\/div>\n            <p><small>Terrassen\u00fcberdachung in Kombination mit einem Anbaubalkon<\/small><\/p>        <\/div>\n                  <div class=\"lg-item\" data-src=\"https:\/\/www.leeb-balkone.com\/app\/uploads\/2020\/07\/anbaubalkon-mit-ueberdachung-und-einem-gelaender-aus-glas-scaled.jpg\"\n              data-sub-html=\"&lt;p&gt;&lt;small&gt;Terrassen\u00fcberdachung in Kombination mit einem Anbaubalkon - \u00fcberdachte Balkonverl\u00e4ngerung&lt;\/small&gt;&lt;\/p&gt;\">\n            <div class=\"img-wrapper\">\n                <figure>\n                    <img loading=\"lazy\" decoding=\"async\" width=\"300\" height=\"200\" src=\"https:\/\/www.leeb-balkone.com\/app\/uploads\/2020\/07\/anbaubalkon-mit-ueberdachung-und-einem-gelaender-aus-glas-300x200.jpg\" class=\"attachment-medium size-medium\" alt=\"Moderner Anbaubalkon mit einer \u00dcberdachung\" srcset=\"https:\/\/www.leeb-balkone.com\/app\/uploads\/2020\/07\/anbaubalkon-mit-ueberdachung-und-einem-gelaender-aus-glas-300x200.jpg 300w, https:\/\/www.leeb-balkone.com\/app\/uploads\/2020\/07\/anbaubalkon-mit-ueberdachung-und-einem-gelaender-aus-glas-1024x683.jpg 1024w, https:\/\/www.leeb-balkone.com\/app\/uploads\/2020\/07\/anbaubalkon-mit-ueberdachung-und-einem-gelaender-aus-glas-768x512.jpg 768w, https:\/\/www.leeb-balkone.com\/app\/uploads\/2020\/07\/anbaubalkon-mit-ueberdachung-und-einem-gelaender-aus-glas-1536x1025.jpg 1536w, https:\/\/www.leeb-balkone.com\/app\/uploads\/2020\/07\/anbaubalkon-mit-ueberdachung-und-einem-gelaender-aus-glas-2048x1366.jpg 2048w\" sizes=\"auto, (min-width: 1200px) 260px, (min-width: 1024px) 220px, (min-width: 640px) 465px, 768px\" \/>    \n                <\/figure>\n                        <\/div>\n            <p><small>Terrassen\u00fcberdachung in Kombination mit einem Anbaubalkon &#8211; \u00fcberdachte Balkonverl\u00e4ngerung<\/small><\/p>        <\/div>\n                  <div class=\"lg-item\" data-src=\"https:\/\/www.leeb-balkone.com\/app\/uploads\/2023\/05\/Terrassenueberdachung-Toscana-mit-einer-Aufdachmarkise-scaled.jpg\"\n              data-sub-html=\"&lt;p&gt;&lt;small&gt;Toscana-Terrassen\u00fcberdachung mit mattweiser Glaseindeckung und Aufdachmarkise&lt;\/small&gt;&lt;\/p&gt;\">\n            <div class=\"img-wrapper\">\n                <figure>\n                    <img loading=\"lazy\" decoding=\"async\" width=\"300\" height=\"200\" src=\"https:\/\/www.leeb-balkone.com\/app\/uploads\/2023\/05\/Terrassenueberdachung-Toscana-mit-einer-Aufdachmarkise-300x200.jpg\" class=\"attachment-medium size-medium\" alt=\"Toscana-Terrassen\u00fcberdachung mit mattweiser Glaseindeckung und Aufdachmarkise\" srcset=\"https:\/\/www.leeb-balkone.com\/app\/uploads\/2023\/05\/Terrassenueberdachung-Toscana-mit-einer-Aufdachmarkise-300x200.jpg 300w, https:\/\/www.leeb-balkone.com\/app\/uploads\/2023\/05\/Terrassenueberdachung-Toscana-mit-einer-Aufdachmarkise-1024x684.jpg 1024w, https:\/\/www.leeb-balkone.com\/app\/uploads\/2023\/05\/Terrassenueberdachung-Toscana-mit-einer-Aufdachmarkise-768x513.jpg 768w, https:\/\/www.leeb-balkone.com\/app\/uploads\/2023\/05\/Terrassenueberdachung-Toscana-mit-einer-Aufdachmarkise-1536x1025.jpg 1536w, https:\/\/www.leeb-balkone.com\/app\/uploads\/2023\/05\/Terrassenueberdachung-Toscana-mit-einer-Aufdachmarkise-2048x1367.jpg 2048w\" sizes=\"auto, (min-width: 1200px) 260px, (min-width: 1024px) 220px, (min-width: 640px) 465px, 768px\" \/>    \n                <\/figure>\n                        <\/div>\n            <p><small>Toscana-Terrassen\u00fcberdachung mit mattweiser Glaseindeckung und Aufdachmarkise<\/small><\/p>        <\/div>\n                  <div class=\"lg-item\" data-src=\"https:\/\/www.leeb-balkone.com\/app\/uploads\/2020\/07\/anbaubalkon-mit-schiebeverglasung-und-unterglasmarkise-terrassenueberdachung-scaled.jpg\"\n              data-sub-html=\"&lt;p&gt;&lt;small&gt;Terrassen\u00fcberdachung Toscana an einem Vorstellbalkon mit einer Unterglasmarkise&lt;\/small&gt;&lt;\/p&gt;\">\n            <div class=\"img-wrapper\">\n                <figure>\n                    <img loading=\"lazy\" decoding=\"async\" width=\"300\" height=\"200\" src=\"https:\/\/www.leeb-balkone.com\/app\/uploads\/2020\/07\/anbaubalkon-mit-schiebeverglasung-und-unterglasmarkise-terrassenueberdachung-300x200.jpg\" class=\"attachment-medium size-medium\" alt=\"Terrassen\u00fcberdachung Toscana an einem Vorstellbalkon mit einer Unterglasmarkise\" srcset=\"https:\/\/www.leeb-balkone.com\/app\/uploads\/2020\/07\/anbaubalkon-mit-schiebeverglasung-und-unterglasmarkise-terrassenueberdachung-300x200.jpg 300w, https:\/\/www.leeb-balkone.com\/app\/uploads\/2020\/07\/anbaubalkon-mit-schiebeverglasung-und-unterglasmarkise-terrassenueberdachung-1024x683.jpg 1024w, https:\/\/www.leeb-balkone.com\/app\/uploads\/2020\/07\/anbaubalkon-mit-schiebeverglasung-und-unterglasmarkise-terrassenueberdachung-768x512.jpg 768w, https:\/\/www.leeb-balkone.com\/app\/uploads\/2020\/07\/anbaubalkon-mit-schiebeverglasung-und-unterglasmarkise-terrassenueberdachung-1536x1025.jpg 1536w, https:\/\/www.leeb-balkone.com\/app\/uploads\/2020\/07\/anbaubalkon-mit-schiebeverglasung-und-unterglasmarkise-terrassenueberdachung-2048x1366.jpg 2048w\" sizes=\"auto, (min-width: 1200px) 260px, (min-width: 1024px) 220px, (min-width: 640px) 465px, 768px\" \/>    \n                <\/figure>\n                        <\/div>\n            <p><small>Terrassen\u00fcberdachung Toscana an einem Vorstellbalkon mit einer Unterglasmarkise<\/small><\/p>        <\/div>\n                  <div class=\"lg-item\" data-src=\"https:\/\/www.leeb-balkone.com\/app\/uploads\/2020\/07\/anbaubalkon-mit-stuetzen-vital-56-scaled.jpg\"\n              data-sub-html=\"&lt;p&gt;&lt;small&gt;Anbaubalkon mit St\u00fctzen und Sommergarten&lt;\/small&gt;&lt;\/p&gt;\">\n            <div class=\"img-wrapper\">\n                <figure>\n                    <img loading=\"lazy\" decoding=\"async\" width=\"300\" height=\"200\" src=\"https:\/\/www.leeb-balkone.com\/app\/uploads\/2020\/07\/anbaubalkon-mit-stuetzen-vital-56-300x200.jpg\" class=\"attachment-medium size-medium\" alt=\"Anbaubalkon mit St\u00fctzen und Sommergarten\" srcset=\"https:\/\/www.leeb-balkone.com\/app\/uploads\/2020\/07\/anbaubalkon-mit-stuetzen-vital-56-300x200.jpg 300w, https:\/\/www.leeb-balkone.com\/app\/uploads\/2020\/07\/anbaubalkon-mit-stuetzen-vital-56-1024x683.jpg 1024w, https:\/\/www.leeb-balkone.com\/app\/uploads\/2020\/07\/anbaubalkon-mit-stuetzen-vital-56-768x512.jpg 768w, https:\/\/www.leeb-balkone.com\/app\/uploads\/2020\/07\/anbaubalkon-mit-stuetzen-vital-56-1536x1025.jpg 1536w, https:\/\/www.leeb-balkone.com\/app\/uploads\/2020\/07\/anbaubalkon-mit-stuetzen-vital-56-2048x1366.jpg 2048w\" sizes=\"auto, (min-width: 1200px) 260px, (min-width: 1024px) 220px, (min-width: 640px) 465px, 768px\" \/>    \n                <\/figure>\n                        <\/div>\n            <p><small>Anbaubalkon mit St\u00fctzen und Sommergarten<\/small><\/p>        <\/div>\n                  <div class=\"lg-item\" data-src=\"https:\/\/www.leeb-balkone.com\/app\/uploads\/2021\/11\/ueberdachung-terrasse-mit-gelaender-und-lamellen-sichtschutz-1-scaled.jpg\"\n              data-sub-html=\"&lt;p&gt;&lt;small&gt;Terrassen\u00fcberdachung als Sommergarten mit seitlichen Sichtschutzelementen und einer Stiege&lt;\/small&gt;&lt;\/p&gt;\">\n            <div class=\"img-wrapper\">\n                <figure>\n                    <img loading=\"lazy\" decoding=\"async\" width=\"300\" height=\"200\" src=\"https:\/\/www.leeb-balkone.com\/app\/uploads\/2021\/11\/ueberdachung-terrasse-mit-gelaender-und-lamellen-sichtschutz-1-300x200.jpg\" class=\"attachment-medium size-medium\" alt=\"Terrassen\u00fcberdachung als Sommergarten mit seitlichen Sichtschutzelementen und einer Stiege\" srcset=\"https:\/\/www.leeb-balkone.com\/app\/uploads\/2021\/11\/ueberdachung-terrasse-mit-gelaender-und-lamellen-sichtschutz-1-300x200.jpg 300w, https:\/\/www.leeb-balkone.com\/app\/uploads\/2021\/11\/ueberdachung-terrasse-mit-gelaender-und-lamellen-sichtschutz-1-1024x681.jpg 1024w, https:\/\/www.leeb-balkone.com\/app\/uploads\/2021\/11\/ueberdachung-terrasse-mit-gelaender-und-lamellen-sichtschutz-1-768x511.jpg 768w, https:\/\/www.leeb-balkone.com\/app\/uploads\/2021\/11\/ueberdachung-terrasse-mit-gelaender-und-lamellen-sichtschutz-1-1536x1022.jpg 1536w, https:\/\/www.leeb-balkone.com\/app\/uploads\/2021\/11\/ueberdachung-terrasse-mit-gelaender-und-lamellen-sichtschutz-1-scaled.jpg 2048w\" sizes=\"auto, (min-width: 1200px) 260px, (min-width: 1024px) 220px, (min-width: 640px) 465px, 768px\" \/>    \n                <\/figure>\n                        <\/div>\n            <p><small>Terrassen\u00fcberdachung als Sommergarten mit seitlichen Sichtschutzelementen und einer Stiege<\/small><\/p>        <\/div>\n                  <div class=\"lg-item\" data-src=\"https:\/\/www.leeb-balkone.com\/app\/uploads\/2020\/07\/anbaubalkon-mit-ueberdachung-16-scaled.jpg\"\n              data-sub-html=\"&lt;p&gt;&lt;small&gt;Balkon\u00fcberdachung - \u00fcberdachter Anbaubalkon mit dem \u00dcberdachungsmodell Toscana&lt;\/small&gt;&lt;\/p&gt;\">\n            <div class=\"img-wrapper\">\n                <figure>\n                    <img loading=\"lazy\" decoding=\"async\" width=\"300\" height=\"200\" src=\"https:\/\/www.leeb-balkone.com\/app\/uploads\/2020\/07\/anbaubalkon-mit-ueberdachung-16-300x200.jpg\" class=\"attachment-medium size-medium\" alt=\"Balkon\u00fcberdachung - \u00fcberdachter Anbaubalkon mit dem \u00dcberdachungsmodell Toscana\" srcset=\"https:\/\/www.leeb-balkone.com\/app\/uploads\/2020\/07\/anbaubalkon-mit-ueberdachung-16-300x200.jpg 300w, https:\/\/www.leeb-balkone.com\/app\/uploads\/2020\/07\/anbaubalkon-mit-ueberdachung-16-1024x684.jpg 1024w, https:\/\/www.leeb-balkone.com\/app\/uploads\/2020\/07\/anbaubalkon-mit-ueberdachung-16-768x513.jpg 768w, https:\/\/www.leeb-balkone.com\/app\/uploads\/2020\/07\/anbaubalkon-mit-ueberdachung-16-1536x1025.jpg 1536w, https:\/\/www.leeb-balkone.com\/app\/uploads\/2020\/07\/anbaubalkon-mit-ueberdachung-16-2048x1367.jpg 2048w\" sizes=\"auto, (min-width: 1200px) 260px, (min-width: 1024px) 220px, (min-width: 640px) 465px, 768px\" \/>    \n                <\/figure>\n                        <\/div>\n            <p><small>Balkon\u00fcberdachung &#8211; \u00fcberdachter Anbaubalkon mit dem \u00dcberdachungsmodell Toscana<\/small><\/p>        <\/div>\n                  <div class=\"lg-item\" data-src=\"https:\/\/www.leeb-balkone.com\/app\/uploads\/2023\/05\/alu-terrassenueberdachung-17-scaled.jpg\"\n              data-sub-html=\"&lt;p&gt;&lt;small&gt;Toscana-\u00dcberdachung des Eingangs- und Terrassenbereichs&lt;\/small&gt;&lt;\/p&gt;\">\n            <div class=\"img-wrapper\">\n                <figure>\n                    <img loading=\"lazy\" decoding=\"async\" width=\"300\" height=\"225\" src=\"https:\/\/www.leeb-balkone.com\/app\/uploads\/2023\/05\/alu-terrassenueberdachung-17-300x225.jpg\" class=\"attachment-medium size-medium\" alt=\"Toscana-\u00dcberdachung des Eingangs- und Terrassenbereichs\" srcset=\"https:\/\/www.leeb-balkone.com\/app\/uploads\/2023\/05\/alu-terrassenueberdachung-17-300x225.jpg 300w, https:\/\/www.leeb-balkone.com\/app\/uploads\/2023\/05\/alu-terrassenueberdachung-17-1024x768.jpg 1024w, https:\/\/www.leeb-balkone.com\/app\/uploads\/2023\/05\/alu-terrassenueberdachung-17-768x576.jpg 768w, https:\/\/www.leeb-balkone.com\/app\/uploads\/2023\/05\/alu-terrassenueberdachung-17-1536x1152.jpg 1536w, https:\/\/www.leeb-balkone.com\/app\/uploads\/2023\/05\/alu-terrassenueberdachung-17-2048x1536.jpg 2048w\" sizes=\"auto, (min-width: 1200px) 260px, (min-width: 1024px) 220px, (min-width: 640px) 465px, 768px\" \/>    \n                <\/figure>\n                        <\/div>\n            <p><small>Toscana-\u00dcberdachung des Eingangs- und Terrassenbereichs<\/small><\/p>        <\/div>\n                  <div class=\"lg-item\" data-src=\"https:\/\/www.leeb-balkone.com\/app\/uploads\/2023\/05\/alu-terrassenueberdachung-21-scaled.jpg\"\n              data-sub-html=\"&lt;p&gt;&lt;small&gt;Terrassendach TOSCANA - bew\u00e4hrter Klassiker&lt;\/small&gt;&lt;\/p&gt;\">\n            <div class=\"img-wrapper\">\n                <figure>\n                    <img loading=\"lazy\" decoding=\"async\" width=\"300\" height=\"200\" src=\"https:\/\/www.leeb-balkone.com\/app\/uploads\/2023\/05\/alu-terrassenueberdachung-21-300x200.jpg\" class=\"attachment-medium size-medium\" alt=\"alu terrassenueberdachung\" srcset=\"https:\/\/www.leeb-balkone.com\/app\/uploads\/2023\/05\/alu-terrassenueberdachung-21-300x200.jpg 300w, https:\/\/www.leeb-balkone.com\/app\/uploads\/2023\/05\/alu-terrassenueberdachung-21-1024x684.jpg 1024w, https:\/\/www.leeb-balkone.com\/app\/uploads\/2023\/05\/alu-terrassenueberdachung-21-768x513.jpg 768w, https:\/\/www.leeb-balkone.com\/app\/uploads\/2023\/05\/alu-terrassenueberdachung-21-1536x1025.jpg 1536w, https:\/\/www.leeb-balkone.com\/app\/uploads\/2023\/05\/alu-terrassenueberdachung-21-2048x1367.jpg 2048w\" sizes=\"auto, (min-width: 1200px) 260px, (min-width: 1024px) 220px, (min-width: 640px) 465px, 768px\" \/>    \n                <\/figure>\n                        <\/div>\n            <p><small>Terrassendach TOSCANA &#8211; bew\u00e4hrter Klassiker<\/small><\/p>        <\/div>\n                  <div class=\"lg-item\" data-src=\"https:\/\/www.leeb-balkone.com\/app\/uploads\/2021\/11\/ueberdachung-terrasse-mit-glaselementen-seitlich-fuer-windschutz-scaled.jpg\"\n              data-sub-html=\"&lt;p&gt;&lt;small&gt;Terrassen\u00fcberdachung-Toscana mit Glasschiebeelementen&lt;\/small&gt;&lt;\/p&gt;\">\n            <div class=\"img-wrapper\">\n                <figure>\n                    <img loading=\"lazy\" decoding=\"async\" width=\"300\" height=\"200\" src=\"https:\/\/www.leeb-balkone.com\/app\/uploads\/2021\/11\/ueberdachung-terrasse-mit-glaselementen-seitlich-fuer-windschutz-300x200.jpg\" class=\"attachment-medium size-medium\" alt=\"Terrassen\u00fcberdachung-Toscana mit Glasschiebeelementen\" srcset=\"https:\/\/www.leeb-balkone.com\/app\/uploads\/2021\/11\/ueberdachung-terrasse-mit-glaselementen-seitlich-fuer-windschutz-300x200.jpg 300w, https:\/\/www.leeb-balkone.com\/app\/uploads\/2021\/11\/ueberdachung-terrasse-mit-glaselementen-seitlich-fuer-windschutz-1024x684.jpg 1024w, https:\/\/www.leeb-balkone.com\/app\/uploads\/2021\/11\/ueberdachung-terrasse-mit-glaselementen-seitlich-fuer-windschutz-768x513.jpg 768w, https:\/\/www.leeb-balkone.com\/app\/uploads\/2021\/11\/ueberdachung-terrasse-mit-glaselementen-seitlich-fuer-windschutz-1536x1025.jpg 1536w, https:\/\/www.leeb-balkone.com\/app\/uploads\/2021\/11\/ueberdachung-terrasse-mit-glaselementen-seitlich-fuer-windschutz-scaled.jpg 2048w\" sizes=\"auto, (min-width: 1200px) 260px, (min-width: 1024px) 220px, (min-width: 640px) 465px, 768px\" \/>    \n                <\/figure>\n                        <\/div>\n            <p><small>Terrassen\u00fcberdachung-Toscana mit Glasschiebeelementen<\/small><\/p>        <\/div>\n                  <div class=\"lg-item\" data-src=\"https:\/\/www.leeb-balkone.com\/app\/uploads\/2021\/11\/ueberdachung-terrasse-mit-gelaender-und-lamellen-sichtschutz-alu-in-holzoptik-scaled.jpg\"\n              data-sub-html=\"&lt;p&gt;&lt;small&gt;Sommergarten mit Sichtschutzelementen in Holzoptik und Glaseindeckung&lt;\/small&gt;&lt;\/p&gt;\">\n            <div class=\"img-wrapper\">\n                <figure>\n                    <img loading=\"lazy\" decoding=\"async\" width=\"300\" height=\"200\" src=\"https:\/\/www.leeb-balkone.com\/app\/uploads\/2021\/11\/ueberdachung-terrasse-mit-gelaender-und-lamellen-sichtschutz-alu-in-holzoptik-300x200.jpg\" class=\"attachment-medium size-medium\" alt=\"Sommergarten mit Sichtschutzelementen in Holzoptik und Glaseindeckung\" srcset=\"https:\/\/www.leeb-balkone.com\/app\/uploads\/2021\/11\/ueberdachung-terrasse-mit-gelaender-und-lamellen-sichtschutz-alu-in-holzoptik-300x200.jpg 300w, https:\/\/www.leeb-balkone.com\/app\/uploads\/2021\/11\/ueberdachung-terrasse-mit-gelaender-und-lamellen-sichtschutz-alu-in-holzoptik-1024x684.jpg 1024w, https:\/\/www.leeb-balkone.com\/app\/uploads\/2021\/11\/ueberdachung-terrasse-mit-gelaender-und-lamellen-sichtschutz-alu-in-holzoptik-768x513.jpg 768w, https:\/\/www.leeb-balkone.com\/app\/uploads\/2021\/11\/ueberdachung-terrasse-mit-gelaender-und-lamellen-sichtschutz-alu-in-holzoptik-1536x1025.jpg 1536w, https:\/\/www.leeb-balkone.com\/app\/uploads\/2021\/11\/ueberdachung-terrasse-mit-gelaender-und-lamellen-sichtschutz-alu-in-holzoptik-scaled.jpg 2048w\" sizes=\"auto, (min-width: 1200px) 260px, (min-width: 1024px) 220px, (min-width: 640px) 465px, 768px\" \/>    \n                <\/figure>\n                        <\/div>\n            <p><small>Sommergarten mit Sichtschutzelementen in Holzoptik und Glaseindeckung<\/small><\/p>        <\/div>\n                  <div class=\"lg-item\" data-src=\"https:\/\/www.leeb-balkone.com\/app\/uploads\/2020\/07\/ueberdachung-toscana-und-gartenzaun-landeck-scaled.jpg\"\n              data-sub-html=\"&lt;p&gt;&lt;small&gt;\u00dcberdachung Toscana freistehend im Garten mit Aluzaun Landeck&lt;\/small&gt;&lt;\/p&gt;\">\n            <div class=\"img-wrapper\">\n                <figure>\n                    <img loading=\"lazy\" decoding=\"async\" width=\"300\" height=\"200\" src=\"https:\/\/www.leeb-balkone.com\/app\/uploads\/2020\/07\/ueberdachung-toscana-und-gartenzaun-landeck-300x200.jpg\" class=\"attachment-medium size-medium\" alt=\"\u00dcberdachung Toscana freistehend im Garten mit Aluzaun Landeck\" srcset=\"https:\/\/www.leeb-balkone.com\/app\/uploads\/2020\/07\/ueberdachung-toscana-und-gartenzaun-landeck-300x200.jpg 300w, https:\/\/www.leeb-balkone.com\/app\/uploads\/2020\/07\/ueberdachung-toscana-und-gartenzaun-landeck-1024x684.jpg 1024w, https:\/\/www.leeb-balkone.com\/app\/uploads\/2020\/07\/ueberdachung-toscana-und-gartenzaun-landeck-768x513.jpg 768w, https:\/\/www.leeb-balkone.com\/app\/uploads\/2020\/07\/ueberdachung-toscana-und-gartenzaun-landeck-1536x1025.jpg 1536w, https:\/\/www.leeb-balkone.com\/app\/uploads\/2020\/07\/ueberdachung-toscana-und-gartenzaun-landeck-2048x1367.jpg 2048w\" sizes=\"auto, (min-width: 1200px) 260px, (min-width: 1024px) 220px, (min-width: 640px) 465px, 768px\" \/>    \n                <\/figure>\n                        <\/div>\n            <p><small>\u00dcberdachung Toscana freistehend im Garten mit Aluzaun Landeck<\/small><\/p>        <\/div>\n                  <div class=\"lg-item\" data-src=\"https:\/\/www.leeb-balkone.com\/app\/uploads\/2021\/11\/ueberdachung-anbaubalkon-mit-glas-alu-balkongelaender-scaled.jpg\"\n              data-sub-html=\"&lt;p&gt;&lt;small&gt;\u00dcberdachter Anbaubalkon mit mattwei\u00dfer Glaseindeckung&lt;\/small&gt;&lt;\/p&gt;\">\n            <div class=\"img-wrapper\">\n                <figure>\n                    <img loading=\"lazy\" decoding=\"async\" width=\"300\" height=\"200\" src=\"https:\/\/www.leeb-balkone.com\/app\/uploads\/2021\/11\/ueberdachung-anbaubalkon-mit-glas-alu-balkongelaender-300x200.jpg\" class=\"attachment-medium size-medium\" alt=\"\u00dcberdachter Anbaubalkon mit mattwei\u00dfer Glaseindeckung\" srcset=\"https:\/\/www.leeb-balkone.com\/app\/uploads\/2021\/11\/ueberdachung-anbaubalkon-mit-glas-alu-balkongelaender-300x200.jpg 300w, https:\/\/www.leeb-balkone.com\/app\/uploads\/2021\/11\/ueberdachung-anbaubalkon-mit-glas-alu-balkongelaender-1024x683.jpg 1024w, https:\/\/www.leeb-balkone.com\/app\/uploads\/2021\/11\/ueberdachung-anbaubalkon-mit-glas-alu-balkongelaender-768x512.jpg 768w, https:\/\/www.leeb-balkone.com\/app\/uploads\/2021\/11\/ueberdachung-anbaubalkon-mit-glas-alu-balkongelaender-1536x1025.jpg 1536w, https:\/\/www.leeb-balkone.com\/app\/uploads\/2021\/11\/ueberdachung-anbaubalkon-mit-glas-alu-balkongelaender-scaled.jpg 2048w\" sizes=\"auto, (min-width: 1200px) 260px, (min-width: 1024px) 220px, (min-width: 640px) 465px, 768px\" \/>    \n                <\/figure>\n                        <\/div>\n            <p><small>\u00dcberdachter Anbaubalkon mit mattwei\u00dfer Glaseindeckung<\/small><\/p>        <\/div>\n                  <div class=\"lg-item\" data-src=\"https:\/\/www.leeb-balkone.com\/app\/uploads\/2021\/11\/anbaubalkon-mit-stuetzen-als-terrassenueberdachung-mit-sichtschutzelementen-scaled.jpeg\"\n              data-sub-html=\"&lt;p&gt;&lt;small&gt;Anbaubalkon mit St\u00fctzen als Terrassen\u00fcberdachung mit Sichtschutzelementen&lt;\/small&gt;&lt;\/p&gt;\">\n            <div class=\"img-wrapper\">\n                <figure>\n                    <img loading=\"lazy\" decoding=\"async\" width=\"300\" height=\"200\" src=\"https:\/\/www.leeb-balkone.com\/app\/uploads\/2021\/11\/anbaubalkon-mit-stuetzen-als-terrassenueberdachung-mit-sichtschutzelementen-300x200.jpeg\" class=\"attachment-medium size-medium\" alt=\"Anbaubalkon mit St\u00fctzen als Terrassen\u00fcberdachung mit Sichtschutzelementen\" srcset=\"https:\/\/www.leeb-balkone.com\/app\/uploads\/2021\/11\/anbaubalkon-mit-stuetzen-als-terrassenueberdachung-mit-sichtschutzelementen-300x200.jpeg 300w, https:\/\/www.leeb-balkone.com\/app\/uploads\/2021\/11\/anbaubalkon-mit-stuetzen-als-terrassenueberdachung-mit-sichtschutzelementen-1024x683.jpeg 1024w, https:\/\/www.leeb-balkone.com\/app\/uploads\/2021\/11\/anbaubalkon-mit-stuetzen-als-terrassenueberdachung-mit-sichtschutzelementen-768x512.jpeg 768w, https:\/\/www.leeb-balkone.com\/app\/uploads\/2021\/11\/anbaubalkon-mit-stuetzen-als-terrassenueberdachung-mit-sichtschutzelementen-1536x1024.jpeg 1536w, https:\/\/www.leeb-balkone.com\/app\/uploads\/2021\/11\/anbaubalkon-mit-stuetzen-als-terrassenueberdachung-mit-sichtschutzelementen-scaled.jpeg 2048w\" sizes=\"auto, (min-width: 1200px) 260px, (min-width: 1024px) 220px, (min-width: 640px) 465px, 768px\" \/>    \n                <\/figure>\n                        <\/div>\n            <p><small>Anbaubalkon mit St\u00fctzen als Terrassen\u00fcberdachung mit Sichtschutzelementen<\/small><\/p>        <\/div>\n                  <div class=\"lg-item\" data-src=\"https:\/\/www.leeb-balkone.com\/app\/uploads\/2021\/11\/terrassenueberdachung-ensemble-mit-gelaender-scaled.jpeg\"\n              data-sub-html=\"&lt;p&gt;&lt;small&gt;Terrassen\u00fcberdachung-Ensemble mit Gel\u00e4nder&lt;\/small&gt;&lt;\/p&gt;\">\n            <div class=\"img-wrapper\">\n                <figure>\n                    <img loading=\"lazy\" decoding=\"async\" width=\"300\" height=\"202\" src=\"https:\/\/www.leeb-balkone.com\/app\/uploads\/2021\/11\/terrassenueberdachung-ensemble-mit-gelaender-300x202.jpeg\" class=\"attachment-medium size-medium\" alt=\"Terrassen\u00fcberdachung-Ensemble mit Gel\u00e4nder\" srcset=\"https:\/\/www.leeb-balkone.com\/app\/uploads\/2021\/11\/terrassenueberdachung-ensemble-mit-gelaender-300x202.jpeg 300w, https:\/\/www.leeb-balkone.com\/app\/uploads\/2021\/11\/terrassenueberdachung-ensemble-mit-gelaender-1024x691.jpeg 1024w, https:\/\/www.leeb-balkone.com\/app\/uploads\/2021\/11\/terrassenueberdachung-ensemble-mit-gelaender-768x517.jpeg 768w, https:\/\/www.leeb-balkone.com\/app\/uploads\/2021\/11\/terrassenueberdachung-ensemble-mit-gelaender-1536x1035.jpeg 1536w, https:\/\/www.leeb-balkone.com\/app\/uploads\/2021\/11\/terrassenueberdachung-ensemble-mit-gelaender-scaled.jpeg 2048w, https:\/\/www.leeb-balkone.com\/app\/uploads\/2021\/11\/terrassenueberdachung-ensemble-mit-gelaender-400x270.jpeg 400w\" sizes=\"auto, (min-width: 1200px) 260px, (min-width: 1024px) 220px, (min-width: 640px) 465px, 768px\" \/>    \n                <\/figure>\n                        <\/div>\n            <p><small>Terrassen\u00fcberdachung-Ensemble mit Gel\u00e4nder<\/small><\/p>        <\/div>\n                  <div class=\"lg-item\" data-src=\"https:\/\/www.leeb-balkone.com\/app\/uploads\/2020\/07\/alu-terrassenueberdachung-15-scaled.jpg\"\n              data-sub-html=\"&lt;p&gt;&lt;small&gt;Alu Glas Terrassen\u00fcberdachung Modell Toskana f\u00fcr Einfamilienhaus&lt;\/small&gt;&lt;\/p&gt;\">\n            <div class=\"img-wrapper\">\n                <figure>\n                    <img loading=\"lazy\" decoding=\"async\" width=\"300\" height=\"200\" src=\"https:\/\/www.leeb-balkone.com\/app\/uploads\/2020\/07\/alu-terrassenueberdachung-15-300x200.jpg\" class=\"attachment-medium size-medium\" alt=\"Modernes Einfamilienhaus mit Terrassen\u00fcberdachung\" srcset=\"https:\/\/www.leeb-balkone.com\/app\/uploads\/2020\/07\/alu-terrassenueberdachung-15-300x200.jpg 300w, https:\/\/www.leeb-balkone.com\/app\/uploads\/2020\/07\/alu-terrassenueberdachung-15-1024x684.jpg 1024w, https:\/\/www.leeb-balkone.com\/app\/uploads\/2020\/07\/alu-terrassenueberdachung-15-768x513.jpg 768w, https:\/\/www.leeb-balkone.com\/app\/uploads\/2020\/07\/alu-terrassenueberdachung-15-1536x1025.jpg 1536w, https:\/\/www.leeb-balkone.com\/app\/uploads\/2020\/07\/alu-terrassenueberdachung-15-scaled.jpg 2048w\" sizes=\"auto, (min-width: 1200px) 260px, (min-width: 1024px) 220px, (min-width: 640px) 465px, 768px\" \/>    \n                <\/figure>\n                        <\/div>\n            <p><small>Alu Glas Terrassen\u00fcberdachung Modell Toskana f\u00fcr Einfamilienhaus<\/small><\/p>        <\/div>\n                  <div class=\"lg-item\" data-src=\"https:\/\/www.leeb-balkone.com\/app\/uploads\/2021\/11\/terrassendach-alu-glas-mit-leeb-terrassenboden-alu-holzoptik-scaled.jpeg\"\n              data-sub-html=\"&lt;p&gt;&lt;small&gt;Terrassendach mit mattwei\u00dfer Glaseindeckung&lt;\/small&gt;&lt;\/p&gt;\">\n            <div class=\"img-wrapper\">\n                <figure>\n                    <img loading=\"lazy\" decoding=\"async\" width=\"300\" height=\"226\" src=\"https:\/\/www.leeb-balkone.com\/app\/uploads\/2021\/11\/terrassendach-alu-glas-mit-leeb-terrassenboden-alu-holzoptik-300x226.jpeg\" class=\"attachment-medium size-medium\" alt=\"Terrassendach mit mattwei\u00dfer Glaseindeckung\" srcset=\"https:\/\/www.leeb-balkone.com\/app\/uploads\/2021\/11\/terrassendach-alu-glas-mit-leeb-terrassenboden-alu-holzoptik-300x226.jpeg 300w, https:\/\/www.leeb-balkone.com\/app\/uploads\/2021\/11\/terrassendach-alu-glas-mit-leeb-terrassenboden-alu-holzoptik-1024x770.jpeg 1024w, https:\/\/www.leeb-balkone.com\/app\/uploads\/2021\/11\/terrassendach-alu-glas-mit-leeb-terrassenboden-alu-holzoptik-768x577.jpeg 768w, https:\/\/www.leeb-balkone.com\/app\/uploads\/2021\/11\/terrassendach-alu-glas-mit-leeb-terrassenboden-alu-holzoptik-1536x1155.jpeg 1536w, https:\/\/www.leeb-balkone.com\/app\/uploads\/2021\/11\/terrassendach-alu-glas-mit-leeb-terrassenboden-alu-holzoptik-scaled.jpeg 2048w\" sizes=\"auto, (min-width: 1200px) 260px, (min-width: 1024px) 220px, (min-width: 640px) 465px, 768px\" \/>    \n                <\/figure>\n                        <\/div>\n            <p><small>Terrassendach mit mattwei\u00dfer Glaseindeckung<\/small><\/p>        <\/div>\n                  <div class=\"lg-item\" data-src=\"https:\/\/www.leeb-balkone.com\/app\/uploads\/2020\/07\/alu-terrassenueberdachung-10-scaled.jpg\"\n              data-sub-html=\"&lt;p&gt;&lt;small&gt;Gelungene Terrassen\u00fcberdachung aus Aluminium in Holzoptik&lt;\/small&gt;&lt;\/p&gt;\">\n            <div class=\"img-wrapper\">\n                <figure>\n                    <img loading=\"lazy\" decoding=\"async\" width=\"300\" height=\"200\" src=\"https:\/\/www.leeb-balkone.com\/app\/uploads\/2020\/07\/alu-terrassenueberdachung-10-300x200.jpg\" class=\"attachment-medium size-medium\" alt=\"Gelungene Terrassen\u00fcberdachung aus Aluminium in Holzoptik\" srcset=\"https:\/\/www.leeb-balkone.com\/app\/uploads\/2020\/07\/alu-terrassenueberdachung-10-300x200.jpg 300w, https:\/\/www.leeb-balkone.com\/app\/uploads\/2020\/07\/alu-terrassenueberdachung-10-1024x684.jpg 1024w, https:\/\/www.leeb-balkone.com\/app\/uploads\/2020\/07\/alu-terrassenueberdachung-10-768x513.jpg 768w, https:\/\/www.leeb-balkone.com\/app\/uploads\/2020\/07\/alu-terrassenueberdachung-10-1536x1025.jpg 1536w, https:\/\/www.leeb-balkone.com\/app\/uploads\/2020\/07\/alu-terrassenueberdachung-10-2048x1367.jpg 2048w\" sizes=\"auto, (min-width: 1200px) 260px, (min-width: 1024px) 220px, (min-width: 640px) 465px, 768px\" \/>    \n                <\/figure>\n                        <\/div>\n            <p><small>Gelungene Terrassen\u00fcberdachung aus Aluminium in Holzoptik<\/small><\/p>        <\/div>\n                  <div class=\"lg-item\" data-src=\"https:\/\/www.leeb-balkone.com\/app\/uploads\/2020\/07\/alu-terrassenueberdachung-11-scaled.jpg\"\n              data-sub-html=\"&lt;p&gt;&lt;small&gt;Renoviertes Einfamilienhaus mit Alu-Terrassen\u00fcberdachung&lt;\/small&gt;&lt;\/p&gt;\">\n            <div class=\"img-wrapper\">\n                <figure>\n                    <img loading=\"lazy\" decoding=\"async\" width=\"300\" height=\"200\" src=\"https:\/\/www.leeb-balkone.com\/app\/uploads\/2020\/07\/alu-terrassenueberdachung-11-300x200.jpg\" class=\"attachment-medium size-medium\" alt=\"Renoviertes Einfamilienhaus mit Alu-Terrassen\u00fcberdachung\" srcset=\"https:\/\/www.leeb-balkone.com\/app\/uploads\/2020\/07\/alu-terrassenueberdachung-11-300x200.jpg 300w, https:\/\/www.leeb-balkone.com\/app\/uploads\/2020\/07\/alu-terrassenueberdachung-11-1024x684.jpg 1024w, https:\/\/www.leeb-balkone.com\/app\/uploads\/2020\/07\/alu-terrassenueberdachung-11-768x513.jpg 768w, https:\/\/www.leeb-balkone.com\/app\/uploads\/2020\/07\/alu-terrassenueberdachung-11-1536x1025.jpg 1536w, https:\/\/www.leeb-balkone.com\/app\/uploads\/2020\/07\/alu-terrassenueberdachung-11-2048x1367.jpg 2048w\" sizes=\"auto, (min-width: 1200px) 260px, (min-width: 1024px) 220px, (min-width: 640px) 465px, 768px\" \/>    \n                <\/figure>\n                        <\/div>\n            <p><small>Renoviertes Einfamilienhaus mit Alu-Terrassen\u00fcberdachung<\/small><\/p>        <\/div>\n                  <div class=\"lg-item\" data-src=\"https:\/\/www.leeb-balkone.com\/app\/uploads\/2020\/07\/alu-terrassenueberdachung-4-scaled.jpg\"\n              data-sub-html=\"&lt;p&gt;&lt;small&gt;Freistehende Terrassen\u00fcberdachung&lt;\/small&gt;&lt;\/p&gt;\">\n            <div class=\"img-wrapper\">\n                <figure>\n                    <img loading=\"lazy\" decoding=\"async\" width=\"300\" height=\"200\" src=\"https:\/\/www.leeb-balkone.com\/app\/uploads\/2020\/07\/alu-terrassenueberdachung-4-300x200.jpg\" class=\"attachment-medium size-medium\" alt=\"Freistehende Terrassen\u00fcberdachung\" srcset=\"https:\/\/www.leeb-balkone.com\/app\/uploads\/2020\/07\/alu-terrassenueberdachung-4-300x200.jpg 300w, https:\/\/www.leeb-balkone.com\/app\/uploads\/2020\/07\/alu-terrassenueberdachung-4-1024x684.jpg 1024w, https:\/\/www.leeb-balkone.com\/app\/uploads\/2020\/07\/alu-terrassenueberdachung-4-768x513.jpg 768w, https:\/\/www.leeb-balkone.com\/app\/uploads\/2020\/07\/alu-terrassenueberdachung-4-1536x1025.jpg 1536w, https:\/\/www.leeb-balkone.com\/app\/uploads\/2020\/07\/alu-terrassenueberdachung-4-2048x1367.jpg 2048w\" sizes=\"auto, (min-width: 1200px) 260px, (min-width: 1024px) 220px, (min-width: 640px) 465px, 768px\" \/>    \n                <\/figure>\n                        <\/div>\n            <p><small>Freistehende Terrassen\u00fcberdachung<\/small><\/p>        <\/div>\n                  <div class=\"lg-item\" data-src=\"https:\/\/www.leeb-balkone.com\/app\/uploads\/2023\/05\/Ueberdachung-mit-Sandwichpaneele_2-scaled.jpg\"\n              data-sub-html=\"&lt;p&gt;&lt;small&gt;Eindeckung mit Sandwichpaneele - schalld\u00e4mmende \u00dcberdachungen f\u00fcr Terrasse und Balkon&lt;\/small&gt;&lt;\/p&gt;\">\n            <div class=\"img-wrapper\">\n                <figure>\n                    <img loading=\"lazy\" decoding=\"async\" width=\"300\" height=\"169\" src=\"https:\/\/www.leeb-balkone.com\/app\/uploads\/2023\/05\/Ueberdachung-mit-Sandwichpaneele_2-300x169.jpg\" class=\"attachment-medium size-medium\" alt=\"Eindeckung mit Sandwichpaneele - schalld\u00e4mmende \u00dcberdachungen f\u00fcr Terrasse und Balkon\" srcset=\"https:\/\/www.leeb-balkone.com\/app\/uploads\/2023\/05\/Ueberdachung-mit-Sandwichpaneele_2-300x169.jpg 300w, https:\/\/www.leeb-balkone.com\/app\/uploads\/2023\/05\/Ueberdachung-mit-Sandwichpaneele_2-1024x576.jpg 1024w, https:\/\/www.leeb-balkone.com\/app\/uploads\/2023\/05\/Ueberdachung-mit-Sandwichpaneele_2-768x432.jpg 768w, https:\/\/www.leeb-balkone.com\/app\/uploads\/2023\/05\/Ueberdachung-mit-Sandwichpaneele_2-1536x864.jpg 1536w, https:\/\/www.leeb-balkone.com\/app\/uploads\/2023\/05\/Ueberdachung-mit-Sandwichpaneele_2-2048x1152.jpg 2048w\" sizes=\"auto, (min-width: 1200px) 260px, (min-width: 1024px) 220px, (min-width: 640px) 465px, 768px\" \/>    \n                <\/figure>\n                        <\/div>\n            <p><small>Eindeckung mit Sandwichpaneele &#8211; schalld\u00e4mmende \u00dcberdachungen f\u00fcr Terrasse und Balkon<\/small><\/p>        <\/div>\n                  <div class=\"lg-item\" data-src=\"https:\/\/www.leeb-balkone.com\/app\/uploads\/2023\/05\/alu-terrassenueberdachung-atrium-anbau-balkongelaender-aufdachmarkise-scaled.jpg\"\n              data-sub-html=\"&lt;p&gt;&lt;small&gt;\u00dcberdachung in Kombination mit einem Anbaubalkon zur beschatteten Wohnraumerweiterung&lt;\/small&gt;&lt;\/p&gt;\">\n            <div class=\"img-wrapper\">\n                <figure>\n                    <img loading=\"lazy\" decoding=\"async\" width=\"300\" height=\"200\" src=\"https:\/\/www.leeb-balkone.com\/app\/uploads\/2023\/05\/alu-terrassenueberdachung-atrium-anbau-balkongelaender-aufdachmarkise-300x200.jpg\" class=\"attachment-medium size-medium\" alt=\"\u00dcberdachung in Kombination mit einem Anbaubalkon zur beschatteten Wohnraumerweiterung\" srcset=\"https:\/\/www.leeb-balkone.com\/app\/uploads\/2023\/05\/alu-terrassenueberdachung-atrium-anbau-balkongelaender-aufdachmarkise-300x200.jpg 300w, https:\/\/www.leeb-balkone.com\/app\/uploads\/2023\/05\/alu-terrassenueberdachung-atrium-anbau-balkongelaender-aufdachmarkise-1024x684.jpg 1024w, https:\/\/www.leeb-balkone.com\/app\/uploads\/2023\/05\/alu-terrassenueberdachung-atrium-anbau-balkongelaender-aufdachmarkise-768x513.jpg 768w, https:\/\/www.leeb-balkone.com\/app\/uploads\/2023\/05\/alu-terrassenueberdachung-atrium-anbau-balkongelaender-aufdachmarkise-1536x1025.jpg 1536w, https:\/\/www.leeb-balkone.com\/app\/uploads\/2023\/05\/alu-terrassenueberdachung-atrium-anbau-balkongelaender-aufdachmarkise-2048x1367.jpg 2048w\" sizes=\"auto, (min-width: 1200px) 260px, (min-width: 1024px) 220px, (min-width: 640px) 465px, 768px\" \/>    \n                <\/figure>\n                        <\/div>\n            <p><small>\u00dcberdachung in Kombination mit einem Anbaubalkon zur beschatteten Wohnraumerweiterung<\/small><\/p>        <\/div>\n                  <div class=\"lg-item\" data-src=\"https:\/\/www.leeb-balkone.com\/app\/uploads\/2024\/08\/alu-ueberdachung-amalfi-mit-aufdachmarkise-und-windsensor-scaled.jpg\"\n              data-sub-html=\"&lt;p&gt;&lt;small&gt;Amalfi-\u00dcberdachung mit Aufdachmarkise und Windsensor&lt;\/small&gt;&lt;\/p&gt;\">\n            <div class=\"img-wrapper\">\n                <figure>\n                    <img loading=\"lazy\" decoding=\"async\" width=\"300\" height=\"214\" src=\"https:\/\/www.leeb-balkone.com\/app\/uploads\/2024\/08\/alu-ueberdachung-amalfi-mit-aufdachmarkise-und-windsensor-300x214.jpg\" class=\"attachment-medium size-medium\" alt=\"Amalfi-\u00dcberdachung mit Aufdachmarkise und Windsensor\" srcset=\"https:\/\/www.leeb-balkone.com\/app\/uploads\/2024\/08\/alu-ueberdachung-amalfi-mit-aufdachmarkise-und-windsensor-300x214.jpg 300w, https:\/\/www.leeb-balkone.com\/app\/uploads\/2024\/08\/alu-ueberdachung-amalfi-mit-aufdachmarkise-und-windsensor-1024x732.jpg 1024w, https:\/\/www.leeb-balkone.com\/app\/uploads\/2024\/08\/alu-ueberdachung-amalfi-mit-aufdachmarkise-und-windsensor-768x549.jpg 768w, https:\/\/www.leeb-balkone.com\/app\/uploads\/2024\/08\/alu-ueberdachung-amalfi-mit-aufdachmarkise-und-windsensor-1536x1098.jpg 1536w, https:\/\/www.leeb-balkone.com\/app\/uploads\/2024\/08\/alu-ueberdachung-amalfi-mit-aufdachmarkise-und-windsensor-2048x1464.jpg 2048w\" sizes=\"auto, (min-width: 1200px) 260px, (min-width: 1024px) 220px, (min-width: 640px) 465px, 768px\" \/>    \n                <\/figure>\n                        <\/div>\n            <p><small>Amalfi-\u00dcberdachung mit Aufdachmarkise und Windsensor<\/small><\/p>        <\/div>\n                  <div class=\"lg-item\" data-src=\"https:\/\/www.leeb-balkone.com\/app\/uploads\/2024\/08\/alu-terrassenueberdachung-amalfi-innenansicht-mit-aufdachmarkise-und-led-beleuchtung-scaled.jpg\"\n              data-sub-html=\"&lt;p&gt;&lt;small&gt;Amalfi-\u00dcberdachung mit Aufdachmarkise, Schiebelementen und LED-Beleuchtung (Innenansicht)&lt;\/small&gt;&lt;\/p&gt;\">\n            <div class=\"img-wrapper\">\n                <figure>\n                    <img loading=\"lazy\" decoding=\"async\" width=\"300\" height=\"225\" src=\"https:\/\/www.leeb-balkone.com\/app\/uploads\/2024\/08\/alu-terrassenueberdachung-amalfi-innenansicht-mit-aufdachmarkise-und-led-beleuchtung-300x225.jpg\" class=\"attachment-medium size-medium\" alt=\"Amalfi-\u00dcberdachung mit Aufdachmarkise, Schiebelementen und LED-Beleuchtung (Innenansicht)\" srcset=\"https:\/\/www.leeb-balkone.com\/app\/uploads\/2024\/08\/alu-terrassenueberdachung-amalfi-innenansicht-mit-aufdachmarkise-und-led-beleuchtung-300x225.jpg 300w, https:\/\/www.leeb-balkone.com\/app\/uploads\/2024\/08\/alu-terrassenueberdachung-amalfi-innenansicht-mit-aufdachmarkise-und-led-beleuchtung-1024x768.jpg 1024w, https:\/\/www.leeb-balkone.com\/app\/uploads\/2024\/08\/alu-terrassenueberdachung-amalfi-innenansicht-mit-aufdachmarkise-und-led-beleuchtung-768x576.jpg 768w, https:\/\/www.leeb-balkone.com\/app\/uploads\/2024\/08\/alu-terrassenueberdachung-amalfi-innenansicht-mit-aufdachmarkise-und-led-beleuchtung-1536x1152.jpg 1536w, https:\/\/www.leeb-balkone.com\/app\/uploads\/2024\/08\/alu-terrassenueberdachung-amalfi-innenansicht-mit-aufdachmarkise-und-led-beleuchtung-2048x1536.jpg 2048w\" sizes=\"auto, (min-width: 1200px) 260px, (min-width: 1024px) 220px, (min-width: 640px) 465px, 768px\" \/>    \n                <\/figure>\n                        <\/div>\n            <p><small>Amalfi-\u00dcberdachung mit Aufdachmarkise, Schiebelementen und LED-Beleuchtung (Innenansicht)<\/small><\/p>        <\/div>\n                  <div class=\"lg-item\" data-src=\"https:\/\/www.leeb-balkone.com\/app\/uploads\/2024\/08\/terrassenueberdachung-amalfi-in-anthrazit-mit-alubalkongelaender-madrid-scaled.jpg\"\n              data-sub-html=\"&lt;p&gt;&lt;small&gt;Amalfi-\u00dcberdachung in Kombination mit einem Balkongel\u00e4nder (Modell Madrid) in anthrazit&lt;\/small&gt;&lt;\/p&gt;\">\n            <div class=\"img-wrapper\">\n                <figure>\n                    <img loading=\"lazy\" decoding=\"async\" width=\"300\" height=\"200\" src=\"https:\/\/www.leeb-balkone.com\/app\/uploads\/2024\/08\/terrassenueberdachung-amalfi-in-anthrazit-mit-alubalkongelaender-madrid-300x200.jpg\" class=\"attachment-medium size-medium\" alt=\"Amalfi-\u00dcberdachung in Kombination mit einem Balkongel\u00e4nder (Modell Madrid) in anthrazit\" srcset=\"https:\/\/www.leeb-balkone.com\/app\/uploads\/2024\/08\/terrassenueberdachung-amalfi-in-anthrazit-mit-alubalkongelaender-madrid-300x200.jpg 300w, https:\/\/www.leeb-balkone.com\/app\/uploads\/2024\/08\/terrassenueberdachung-amalfi-in-anthrazit-mit-alubalkongelaender-madrid-1024x683.jpg 1024w, https:\/\/www.leeb-balkone.com\/app\/uploads\/2024\/08\/terrassenueberdachung-amalfi-in-anthrazit-mit-alubalkongelaender-madrid-768x512.jpg 768w, https:\/\/www.leeb-balkone.com\/app\/uploads\/2024\/08\/terrassenueberdachung-amalfi-in-anthrazit-mit-alubalkongelaender-madrid-1536x1024.jpg 1536w, https:\/\/www.leeb-balkone.com\/app\/uploads\/2024\/08\/terrassenueberdachung-amalfi-in-anthrazit-mit-alubalkongelaender-madrid-2048x1366.jpg 2048w\" sizes=\"auto, (min-width: 1200px) 260px, (min-width: 1024px) 220px, (min-width: 640px) 465px, 768px\" \/>    \n                <\/figure>\n                        <\/div>\n            <p><small>Amalfi-\u00dcberdachung in Kombination mit einem Balkongel\u00e4nder (Modell Madrid) in anthrazit<\/small><\/p>        <\/div>\n                  <div class=\"lg-item\" data-src=\"https:\/\/www.leeb-balkone.com\/app\/uploads\/2024\/08\/alu-terrassenueberdachung-amalfi-mit-transparentem-glasdach-scaled.jpg\"\n              data-sub-html=\"&lt;p&gt;&lt;small&gt;Amalfi-\u00dcberdachung mit transparenter Glaseindeckung (Vogelperspektive)&lt;\/small&gt;&lt;\/p&gt;\">\n            <div class=\"img-wrapper\">\n                <figure>\n                    <img loading=\"lazy\" decoding=\"async\" width=\"300\" height=\"213\" src=\"https:\/\/www.leeb-balkone.com\/app\/uploads\/2024\/08\/alu-terrassenueberdachung-amalfi-mit-transparentem-glasdach-300x213.jpg\" class=\"attachment-medium size-medium\" alt=\"Amalfi-\u00dcberdachung mit transparenter Glaseindeckung (Vogelperspektive)\" srcset=\"https:\/\/www.leeb-balkone.com\/app\/uploads\/2024\/08\/alu-terrassenueberdachung-amalfi-mit-transparentem-glasdach-300x213.jpg 300w, https:\/\/www.leeb-balkone.com\/app\/uploads\/2024\/08\/alu-terrassenueberdachung-amalfi-mit-transparentem-glasdach-1024x729.jpg 1024w, https:\/\/www.leeb-balkone.com\/app\/uploads\/2024\/08\/alu-terrassenueberdachung-amalfi-mit-transparentem-glasdach-768x546.jpg 768w, https:\/\/www.leeb-balkone.com\/app\/uploads\/2024\/08\/alu-terrassenueberdachung-amalfi-mit-transparentem-glasdach-1536x1093.jpg 1536w, https:\/\/www.leeb-balkone.com\/app\/uploads\/2024\/08\/alu-terrassenueberdachung-amalfi-mit-transparentem-glasdach-2048x1457.jpg 2048w\" sizes=\"auto, (min-width: 1200px) 260px, (min-width: 1024px) 220px, (min-width: 640px) 465px, 768px\" \/>    \n                <\/figure>\n                        <\/div>\n            <p><small>Amalfi-\u00dcberdachung mit transparenter Glaseindeckung (Vogelperspektive)<\/small><\/p>        <\/div>\n                  <div class=\"lg-item\" data-src=\"https:\/\/www.leeb-balkone.com\/app\/uploads\/2025\/07\/terrassenueberdachung-toscana-alu-glas-und-aluzaun-toledo-scaled.jpg\"\n              data-sub-html=\"&lt;p&gt;&lt;small&gt;Terrassen\u00fcberdachung Modell Toscana mit mattwei\u00dfer Glaseindeckung&lt;\/small&gt;&lt;\/p&gt;\">\n            <div class=\"img-wrapper\">\n                <figure>\n                    <img loading=\"lazy\" decoding=\"async\" width=\"300\" height=\"214\" src=\"https:\/\/www.leeb-balkone.com\/app\/uploads\/2025\/07\/terrassenueberdachung-toscana-alu-glas-und-aluzaun-toledo-300x214.jpg\" class=\"attachment-medium size-medium\" alt=\"Terrassen\u00fcberdachung Modell Toscana mit mattwei\u00dfer Glaseindeckung\" srcset=\"https:\/\/www.leeb-balkone.com\/app\/uploads\/2025\/07\/terrassenueberdachung-toscana-alu-glas-und-aluzaun-toledo-300x214.jpg 300w, https:\/\/www.leeb-balkone.com\/app\/uploads\/2025\/07\/terrassenueberdachung-toscana-alu-glas-und-aluzaun-toledo-1024x731.jpg 1024w, https:\/\/www.leeb-balkone.com\/app\/uploads\/2025\/07\/terrassenueberdachung-toscana-alu-glas-und-aluzaun-toledo-768x548.jpg 768w, https:\/\/www.leeb-balkone.com\/app\/uploads\/2025\/07\/terrassenueberdachung-toscana-alu-glas-und-aluzaun-toledo-1536x1097.jpg 1536w, https:\/\/www.leeb-balkone.com\/app\/uploads\/2025\/07\/terrassenueberdachung-toscana-alu-glas-und-aluzaun-toledo-2048x1462.jpg 2048w\" sizes=\"auto, (min-width: 1200px) 260px, (min-width: 1024px) 220px, (min-width: 640px) 465px, 768px\" \/>    \n                <\/figure>\n                        <\/div>\n            <p><small>Terrassen\u00fcberdachung Modell Toscana mit mattwei\u00dfer Glaseindeckung<\/small><\/p>        <\/div>\n                  <div class=\"lg-item\" data-src=\"https:\/\/www.leeb-balkone.com\/app\/uploads\/2020\/07\/aluterrassenueberdachung-toscana-auf-einem-anbaubalkon-mit-glasbalkon-vital-und-feinsteinzeugplattenboden-scaled.jpg\"\n              data-sub-html=\"&lt;p&gt;&lt;small&gt;Terrassen\u00fcberdachung Toscana mit Feinsteinzeugboden und Glasbalkon Vital&lt;\/small&gt;&lt;\/p&gt;\">\n            <div class=\"img-wrapper\">\n                <figure>\n                    <img loading=\"lazy\" decoding=\"async\" width=\"300\" height=\"200\" src=\"https:\/\/www.leeb-balkone.com\/app\/uploads\/2020\/07\/aluterrassenueberdachung-toscana-auf-einem-anbaubalkon-mit-glasbalkon-vital-und-feinsteinzeugplattenboden-300x200.jpg\" class=\"attachment-medium size-medium\" alt=\"Terrassen\u00fcberdachung Toscana mit Feinsteinzeugboden und Glasbalkon Vital\" srcset=\"https:\/\/www.leeb-balkone.com\/app\/uploads\/2020\/07\/aluterrassenueberdachung-toscana-auf-einem-anbaubalkon-mit-glasbalkon-vital-und-feinsteinzeugplattenboden-300x200.jpg 300w, https:\/\/www.leeb-balkone.com\/app\/uploads\/2020\/07\/aluterrassenueberdachung-toscana-auf-einem-anbaubalkon-mit-glasbalkon-vital-und-feinsteinzeugplattenboden-1024x682.jpg 1024w, https:\/\/www.leeb-balkone.com\/app\/uploads\/2020\/07\/aluterrassenueberdachung-toscana-auf-einem-anbaubalkon-mit-glasbalkon-vital-und-feinsteinzeugplattenboden-768x512.jpg 768w, https:\/\/www.leeb-balkone.com\/app\/uploads\/2020\/07\/aluterrassenueberdachung-toscana-auf-einem-anbaubalkon-mit-glasbalkon-vital-und-feinsteinzeugplattenboden-1536x1024.jpg 1536w, https:\/\/www.leeb-balkone.com\/app\/uploads\/2020\/07\/aluterrassenueberdachung-toscana-auf-einem-anbaubalkon-mit-glasbalkon-vital-und-feinsteinzeugplattenboden-2048x1365.jpg 2048w\" sizes=\"auto, (min-width: 1200px) 260px, (min-width: 1024px) 220px, (min-width: 640px) 465px, 768px\" \/>    \n                <\/figure>\n                        <\/div>\n            <p><small>Terrassen\u00fcberdachung Toscana mit Feinsteinzeugboden und Glasbalkon Vital<\/small><\/p>        <\/div>\n                  <div class=\"lg-item\" data-src=\"https:\/\/www.leeb-balkone.com\/app\/uploads\/2020\/07\/alu-terrassenueberdachung-toscana-und-alu-balkongelaender-scaled.jpg\"\n              data-sub-html=\"&lt;p&gt;&lt;small&gt;\u00dcberdachung Terrasse mit Toscana in transparenter Glaseindeckung und Alubalkon AL5 Milano&lt;\/small&gt;&lt;\/p&gt;\">\n            <div class=\"img-wrapper\">\n                <figure>\n                    <img loading=\"lazy\" decoding=\"async\" width=\"300\" height=\"200\" src=\"https:\/\/www.leeb-balkone.com\/app\/uploads\/2020\/07\/alu-terrassenueberdachung-toscana-und-alu-balkongelaender-300x200.jpg\" class=\"attachment-medium size-medium\" alt=\"\u00dcberdachung Terrasse mit Toscana in transparenter Glaseindeckung und Alubalkon AL5 Milano\" srcset=\"https:\/\/www.leeb-balkone.com\/app\/uploads\/2020\/07\/alu-terrassenueberdachung-toscana-und-alu-balkongelaender-300x200.jpg 300w, https:\/\/www.leeb-balkone.com\/app\/uploads\/2020\/07\/alu-terrassenueberdachung-toscana-und-alu-balkongelaender-1024x682.jpg 1024w, https:\/\/www.leeb-balkone.com\/app\/uploads\/2020\/07\/alu-terrassenueberdachung-toscana-und-alu-balkongelaender-768x512.jpg 768w, https:\/\/www.leeb-balkone.com\/app\/uploads\/2020\/07\/alu-terrassenueberdachung-toscana-und-alu-balkongelaender-1536x1024.jpg 1536w, https:\/\/www.leeb-balkone.com\/app\/uploads\/2020\/07\/alu-terrassenueberdachung-toscana-und-alu-balkongelaender-2048x1365.jpg 2048w\" sizes=\"auto, (min-width: 1200px) 260px, (min-width: 1024px) 220px, (min-width: 640px) 465px, 768px\" \/>    \n                <\/figure>\n                        <\/div>\n            <p><small>\u00dcberdachung Terrasse mit Toscana in transparenter Glaseindeckung und Alubalkon AL5 Milano<\/small><\/p>        <\/div>\n                  <div class=\"lg-item\" data-src=\"https:\/\/www.leeb-balkone.com\/app\/uploads\/2020\/07\/ueberdachung-terrasse-toscana-alu-und-balkongelaender-al5-milano-scaled.jpg\"\n              data-sub-html=\"&lt;p&gt;&lt;small&gt;Terrassen\u00fcberdachung aus Aluminium Toscana mit Alubalkongel\u00e4nder AL5 Milano&lt;\/small&gt;&lt;\/p&gt;\">\n            <div class=\"img-wrapper\">\n                <figure>\n                    <img loading=\"lazy\" decoding=\"async\" width=\"300\" height=\"200\" src=\"https:\/\/www.leeb-balkone.com\/app\/uploads\/2020\/07\/ueberdachung-terrasse-toscana-alu-und-balkongelaender-al5-milano-300x200.jpg\" class=\"attachment-medium size-medium\" alt=\"Terrassen\u00fcberdachung aus Aluminium Toscana mit Alubalkongel\u00e4nder AL5 Milano\" srcset=\"https:\/\/www.leeb-balkone.com\/app\/uploads\/2020\/07\/ueberdachung-terrasse-toscana-alu-und-balkongelaender-al5-milano-300x200.jpg 300w, https:\/\/www.leeb-balkone.com\/app\/uploads\/2020\/07\/ueberdachung-terrasse-toscana-alu-und-balkongelaender-al5-milano-1024x682.jpg 1024w, https:\/\/www.leeb-balkone.com\/app\/uploads\/2020\/07\/ueberdachung-terrasse-toscana-alu-und-balkongelaender-al5-milano-768x512.jpg 768w, https:\/\/www.leeb-balkone.com\/app\/uploads\/2020\/07\/ueberdachung-terrasse-toscana-alu-und-balkongelaender-al5-milano-1536x1023.jpg 1536w, https:\/\/www.leeb-balkone.com\/app\/uploads\/2020\/07\/ueberdachung-terrasse-toscana-alu-und-balkongelaender-al5-milano-2048x1364.jpg 2048w\" sizes=\"auto, (min-width: 1200px) 260px, (min-width: 1024px) 220px, (min-width: 640px) 465px, 768px\" \/>    \n                <\/figure>\n                        <\/div>\n            <p><small>Terrassen\u00fcberdachung aus Aluminium Toscana mit Alubalkongel\u00e4nder AL5 Milano<\/small><\/p>        <\/div>\n                <\/div>\n\n              <div class=\"lg-load-more-wrapper\">\n            <div class=\"lg-load-more wp-block-button is-style-filled-secondary\">\n                <a href=\"#\" class=\"wp-block-button__link wp-element-button\" role=\"button\">\n                    Carica altro                <\/a>\n            <\/div>\n        <\/div>\n          <\/div>\n    <\/section>\n\n\n\n<section class=\"wp-block-group alignfull has-white-background-color has-background has-global-padding is-layout-constrained wp-container-core-group-is-layout-9fa1424c wp-block-group-is-layout-constrained\" style=\"padding-top:0\">\n<div class=\"wp-block-columns is-style-offset m-split is-layout-flex wp-container-core-columns-is-layout-28f84493 wp-block-columns-is-layout-flex\">\n<div class=\"wp-block-column is-layout-flow wp-block-column-is-layout-flow\"><div class=\"vp-map-wrapper vp-map-ratio-19-1\"><img decoding=\"async\" width=\"2000\" height=\"1132\" src=\"https:\/\/www.leeb-balkone.com\/app\/uploads\/2026\/03\/map-it.jpg\" class=\"attachment-full size-full\" alt=\"Mappa italiana: Partner commerciali (puntine arancioni) e showroom\/sedi (puntine verdi) di Leeb Balkone GmbH in Italia\" style=\"width:100%;height:100%;object-fit:cover;display:block;\" loading=\"lazy\" srcset=\"https:\/\/www.leeb-balkone.com\/app\/uploads\/2026\/03\/map-it.jpg 2000w, https:\/\/www.leeb-balkone.com\/app\/uploads\/2026\/03\/map-it-300x170.jpg 300w, https:\/\/www.leeb-balkone.com\/app\/uploads\/2026\/03\/map-it-1024x580.jpg 1024w, https:\/\/www.leeb-balkone.com\/app\/uploads\/2026\/03\/map-it-768x435.jpg 768w, https:\/\/www.leeb-balkone.com\/app\/uploads\/2026\/03\/map-it-1536x869.jpg 1536w\" sizes=\"auto, (min-width: 1536px) 2048px, (min-width: 992px) 1536px, (min-width: 768px) 1024px, (min-width: 576px) 768px, 100vw\" \/><\/div>\n<\/div>\n\n\n\n<div class=\"wp-block-column is-vertically-aligned-center is-style-overlay-content is-layout-flow wp-block-column-is-layout-flow\">\n<div class=\"wp-block-group is-vertical is-layout-flex wp-container-core-group-is-layout-bd7877ba wp-block-group-is-layout-flex\">\n<h2 class=\"wp-block-heading has-step-2-font-size\">Partner commerciale Italia<\/h2>\n\n\n\n<p>Partner LEEB competenti nella vostra regione. Consulenza personalizzata, progettazione accurata e montaggio a regola d&#8217;arte.<\/p>\n\n\n\n<div class=\"wp-block-buttons is-layout-flex wp-block-buttons-is-layout-flex\" style=\"margin-top:var(--wp--preset--spacing--2-xs)\">\n<div class=\"wp-block-button is-style-cta\"><a class=\"wp-block-button__link has-transparent-background-color has-background wp-element-button\" href=\"https:\/\/www.leeb-balkone.com\/it\/partner-commerciali\/\">Trova un partner di vendita<span class=\"sr-only\"> Partner commerciale Leeb Balkone Italia<\/span><\/a><\/div>\n<\/div>\n<\/div>\n<\/div>\n<\/div>\n<\/section>\n\n\n\n<section class=\"wp-block-group alignfull has-light-gray-background-color has-background has-global-padding is-layout-constrained wp-container-core-group-is-layout-52f96efc wp-block-group-is-layout-constrained\" id=\"beratungstermin\">\n<div class=\"wp-block-group m-teaser o-grid u-md-1 is-layout-flow wp-block-group-is-layout-flow\">\n<div class=\"wp-block-group u-g-7 u-g-s-2 is-layout-flow wp-block-group-is-layout-flow\" style=\"margin-bottom:var(--wp--preset--spacing--s)\">\n<h2 class=\"wp-block-heading\">Mettiti in contatto con noi<\/h2>\n\n\n\n<p><strong><strong>State pianificando un progetto o avete domande su di noi e sulle nostre soluzioni? Scriveteci: saremo lieti di dedicare il tempo necessario alla vostra richiesta!<\/strong><\/strong><\/p>\n<\/div>\n<\/div>\n\n\n\n<div class=\"wp-block-group m-teaser o-grid u-md-1 is-layout-flow wp-block-group-is-layout-flow\">\n<div class=\"wp-block-group u-g-7 u-g-s-2 is-layout-flow wp-block-group-is-layout-flow\" style=\"margin-bottom:var(--wp--preset--spacing--s)\"><form action=\"https:\/\/www.leeb-balkone.com\/it\/wp-json\/ws-form\/v1\/submit\" class=\"wsf-form wsf-form-canvas\" id=\"ws-form-1\" data-id=\"8\" data-instance-id=\"1\" method=\"POST\"><\/form>\n<\/div>\n\n\n\n<div class=\"wp-block-group u-g-3 u-g-s-9 is-layout-flow wp-block-group-is-layout-flow\"><div class=\"t3-sidebar-buttons wp-block-buttons is-layout-flex wp-block-buttons-is-layout-flex\"><div class=\"wp-block-button is-style-fill icon-book icon-left\">\n                        <a class=\"wp-block-button__link has-secondary-color has-white-background-color has-text-color has-background has-link-color wp-element-button\" href=\"https:\/\/www.leeb-balkone.com\/it\/contatti\/richiesta-catalogo\/\" style=\"box-shadow:var(--wp--preset--shadow--box-shadow)\">Richiesta catalogo<\/a>\n                    <\/div><div class=\"wp-block-button is-style-fill icon-phone-new icon-left\">\n                        <a class=\"wp-block-button__link has-secondary-color has-white-background-color has-text-color has-background has-link-color wp-element-button\" href=\"tel:+393711472844\">Telefono Italia <span class=\"sr-only\"> Telefono: +39 371 1472844<\/span><\/a>\n                    <\/div><\/div>\n<\/div>\n<\/div>\n<\/section>\n","protected":false},"excerpt":{"rendered":"","protected":false},"author":4,"featured_media":0,"parent":163480,"menu_order":0,"comment_status":"closed","ping_status":"closed","template":"template-onepager.blade.php","meta":{"_acf_changed":false,"footnotes":"","_sage_theme_css":true,"_wp_block_core_css":true},"folder":[238,248],"class_list":["post-154958","page","type-page","status-publish","hentry"],"acf":[],"yoast_head":"<!-- This site is optimized with the Yoast SEO plugin v27.2 - https:\/\/yoast.com\/product\/yoast-seo-wordpress\/ -->\n<title>Coperture per terrazze in alluminio e vetro - % BALCONI LEEB % Italia<\/title>\n<meta name=\"description\" content=\"Coperture per terrazze Leeb: goditi la tua terrazza con qualsiasi tempo. Coperture per terrazze in alluminio e vetro di comprovata qualit\u00e0 Leeb. Consulenza non vincolante!\" \/>\n<meta name=\"robots\" content=\"index, follow, max-snippet:-1, max-image-preview:large, max-video-preview:-1\" \/>\n<meta property=\"og:locale\" content=\"it_IT\" \/>\n<meta property=\"og:type\" content=\"article\" \/>\n<meta property=\"og:title\" content=\"Coperture per terrazze in alluminio e vetro - % BALCONI LEEB %\" \/>\n<meta property=\"og:description\" content=\"Coperture per terrazze Leeb: goditi la tua terrazza con qualsiasi tempo. Coperture per terrazze in alluminio e vetro di comprovata qualit\u00e0 Leeb. Consulenza non vincolante!\" \/>\n<meta property=\"og:url\" content=\"https:\/\/www.leeb-balkone.com\/it\/tettoie-e-carport\/tettoie-per-terrazze-e-balconi\/\" \/>\n<meta property=\"og:site_name\" content=\"BALCONI LEEB\" \/>\n<meta property=\"article:publisher\" content=\"https:\/\/www.facebook.com\/balkone\/\" \/>\n<meta property=\"article:modified_time\" content=\"2026-03-18T17:40:05+00:00\" \/>\n<meta property=\"og:image\" content=\"https:\/\/www.leeb-balkone.com\/app\/uploads\/2023\/05\/Terrassendach-Toscana-mit-mattweissem-Glas-und-einer-Aufdachmarkise-scaled.jpg\" \/>\n\t<meta property=\"og:image:width\" content=\"2560\" \/>\n\t<meta property=\"og:image:height\" content=\"1709\" \/>\n\t<meta property=\"og:image:type\" content=\"image\/jpeg\" \/>\n<meta name=\"twitter:card\" content=\"summary_large_image\" \/>\n<script type=\"application\/ld+json\" class=\"yoast-schema-graph\">{\"@context\":\"https:\/\/schema.org\",\"@graph\":[{\"@type\":\"WebPage\",\"@id\":\"https:\/\/www.leeb-balkone.com\/it\/tettoie-e-carport\/tettoie-per-terrazze-e-balconi\/\",\"url\":\"https:\/\/www.leeb-balkone.com\/it\/tettoie-e-carport\/tettoie-per-terrazze-e-balconi\/\",\"name\":\"Coperture per terrazze in alluminio e vetro - % BALCONI LEEB %\",\"isPartOf\":{\"@id\":\"https:\/\/www.leeb-balkone.com\/it\/#website\"},\"primaryImageOfPage\":{\"@id\":\"https:\/\/www.leeb-balkone.com\/it\/tettoie-e-carport\/tettoie-per-terrazze-e-balconi\/#primaryimage\"},\"image\":{\"@id\":\"https:\/\/www.leeb-balkone.com\/it\/tettoie-e-carport\/tettoie-per-terrazze-e-balconi\/#primaryimage\"},\"thumbnailUrl\":\"https:\/\/www.leeb-balkone.com\/app\/uploads\/2023\/05\/Terrassendach-Toscana-mit-mattweissem-Glas-und-einer-Aufdachmarkise-1024x684.jpg\",\"datePublished\":\"2025-09-14T12:35:49+00:00\",\"dateModified\":\"2026-03-18T17:40:05+00:00\",\"description\":\"Coperture per terrazze Leeb: goditi la tua terrazza con qualsiasi tempo. Coperture per terrazze in alluminio e vetro di comprovata qualit\u00e0 Leeb. Consulenza non vincolante!\",\"breadcrumb\":{\"@id\":\"https:\/\/www.leeb-balkone.com\/it\/tettoie-e-carport\/tettoie-per-terrazze-e-balconi\/#breadcrumb\"},\"inLanguage\":\"it-IT\",\"potentialAction\":[{\"@type\":\"ReadAction\",\"target\":[\"https:\/\/www.leeb-balkone.com\/it\/tettoie-e-carport\/tettoie-per-terrazze-e-balconi\/\"]}]},{\"@type\":\"ImageObject\",\"inLanguage\":\"it-IT\",\"@id\":\"https:\/\/www.leeb-balkone.com\/it\/tettoie-e-carport\/tettoie-per-terrazze-e-balconi\/#primaryimage\",\"url\":\"https:\/\/www.leeb-balkone.com\/app\/uploads\/2023\/05\/Terrassendach-Toscana-mit-mattweissem-Glas-und-einer-Aufdachmarkise-1024x684.jpg\",\"contentUrl\":\"https:\/\/www.leeb-balkone.com\/app\/uploads\/2023\/05\/Terrassendach-Toscana-mit-mattweissem-Glas-und-einer-Aufdachmarkise-1024x684.jpg\"},{\"@type\":\"BreadcrumbList\",\"@id\":\"https:\/\/www.leeb-balkone.com\/it\/tettoie-e-carport\/tettoie-per-terrazze-e-balconi\/#breadcrumb\",\"itemListElement\":[{\"@type\":\"ListItem\",\"position\":1,\"name\":\"Home\",\"item\":\"https:\/\/www.leeb-balkone.com\/it\/\"},{\"@type\":\"ListItem\",\"position\":2,\"name\":\"Pensiline e giardini estivi\",\"item\":\"https:\/\/www.leeb-balkone.com\/it\/tettoie-e-carport\/\"},{\"@type\":\"ListItem\",\"position\":3,\"name\":\"Tettoie per terrazze e balconi\"}]},{\"@type\":\"WebSite\",\"@id\":\"https:\/\/www.leeb-balkone.com\/it\/#website\",\"url\":\"https:\/\/www.leeb-balkone.com\/it\/\",\"name\":\"BALCONI LEEB\",\"description\":\"Balkone und Z\u00e4une\",\"publisher\":{\"@id\":\"https:\/\/www.leeb-balkone.com\/it\/#organization\"},\"potentialAction\":[{\"@type\":\"SearchAction\",\"target\":{\"@type\":\"EntryPoint\",\"urlTemplate\":\"https:\/\/www.leeb-balkone.com\/it\/?s={search_term_string}\"},\"query-input\":{\"@type\":\"PropertyValueSpecification\",\"valueRequired\":true,\"valueName\":\"search_term_string\"}}],\"inLanguage\":\"it-IT\"},{\"@type\":\"Organization\",\"@id\":\"https:\/\/www.leeb-balkone.com\/it\/#organization\",\"name\":\"Leeb Balkone Gmbh\",\"url\":\"https:\/\/www.leeb-balkone.com\/it\/\",\"logo\":{\"@type\":\"ImageObject\",\"inLanguage\":\"it-IT\",\"@id\":\"https:\/\/www.leeb-balkone.com\/it\/#\/schema\/logo\/image\/\",\"url\":\"https:\/\/www.leeb-balkone.com\/app\/uploads\/2020\/11\/leeb-logo.svg\",\"contentUrl\":\"https:\/\/www.leeb-balkone.com\/app\/uploads\/2020\/11\/leeb-logo.svg\",\"width\":741,\"height\":204,\"caption\":\"Leeb Balkone Gmbh\"},\"image\":{\"@id\":\"https:\/\/www.leeb-balkone.com\/it\/#\/schema\/logo\/image\/\"},\"sameAs\":[\"https:\/\/www.facebook.com\/balkone\/\",\"https:\/\/www.trustedshops.at\/bewertung\/info_X4587CCF5833E31AFE0B11F47D86999F2.html\",\"https:\/\/www.trustedshops.de\/bewertung\/info_X7BA536A7A0BDC86D36C4718E4DCAEEEF.html\",\"https:\/\/www.google.com\/maps\/place\/?q=place_id:ChIJ5-zH19-IcEcR9HonWRTllHI\"]}]}<\/script>\n<!-- \/ Yoast SEO plugin. -->","yoast_head_json":{"title":"Coperture per terrazze in alluminio e vetro - % BALCONI LEEB % Italia","description":"Coperture per terrazze Leeb: goditi la tua terrazza con qualsiasi tempo. Coperture per terrazze in alluminio e vetro di comprovata qualit\u00e0 Leeb. Consulenza non vincolante!","robots":{"index":"index","follow":"follow","max-snippet":"max-snippet:-1","max-image-preview":"max-image-preview:large","max-video-preview":"max-video-preview:-1"},"og_locale":"it_IT","og_type":"article","og_title":"Coperture per terrazze in alluminio e vetro - % BALCONI LEEB %","og_description":"Coperture per terrazze Leeb: goditi la tua terrazza con qualsiasi tempo. Coperture per terrazze in alluminio e vetro di comprovata qualit\u00e0 Leeb. Consulenza non vincolante!","og_url":"https:\/\/www.leeb-balkone.com\/it\/tettoie-e-carport\/tettoie-per-terrazze-e-balconi\/","og_site_name":"BALCONI LEEB","article_publisher":"https:\/\/www.facebook.com\/balkone\/","article_modified_time":"2026-03-18T17:40:05+00:00","og_image":[{"width":2560,"height":1709,"url":"https:\/\/www.leeb-balkone.com\/app\/uploads\/2023\/05\/Terrassendach-Toscana-mit-mattweissem-Glas-und-einer-Aufdachmarkise-scaled.jpg","type":"image\/jpeg"}],"twitter_card":"summary_large_image","schema":{"@context":"https:\/\/schema.org","@graph":[{"@type":"WebPage","@id":"https:\/\/www.leeb-balkone.com\/it\/tettoie-e-carport\/tettoie-per-terrazze-e-balconi\/","url":"https:\/\/www.leeb-balkone.com\/it\/tettoie-e-carport\/tettoie-per-terrazze-e-balconi\/","name":"Coperture per terrazze in alluminio e vetro - % BALCONI LEEB %","isPartOf":{"@id":"https:\/\/www.leeb-balkone.com\/it\/#website"},"primaryImageOfPage":{"@id":"https:\/\/www.leeb-balkone.com\/it\/tettoie-e-carport\/tettoie-per-terrazze-e-balconi\/#primaryimage"},"image":{"@id":"https:\/\/www.leeb-balkone.com\/it\/tettoie-e-carport\/tettoie-per-terrazze-e-balconi\/#primaryimage"},"thumbnailUrl":"https:\/\/www.leeb-balkone.com\/app\/uploads\/2023\/05\/Terrassendach-Toscana-mit-mattweissem-Glas-und-einer-Aufdachmarkise-1024x684.jpg","datePublished":"2025-09-14T12:35:49+00:00","dateModified":"2026-03-18T17:40:05+00:00","description":"Coperture per terrazze Leeb: goditi la tua terrazza con qualsiasi tempo. Coperture per terrazze in alluminio e vetro di comprovata qualit\u00e0 Leeb. Consulenza non vincolante!","breadcrumb":{"@id":"https:\/\/www.leeb-balkone.com\/it\/tettoie-e-carport\/tettoie-per-terrazze-e-balconi\/#breadcrumb"},"inLanguage":"it-IT","potentialAction":[{"@type":"ReadAction","target":["https:\/\/www.leeb-balkone.com\/it\/tettoie-e-carport\/tettoie-per-terrazze-e-balconi\/"]}]},{"@type":"ImageObject","inLanguage":"it-IT","@id":"https:\/\/www.leeb-balkone.com\/it\/tettoie-e-carport\/tettoie-per-terrazze-e-balconi\/#primaryimage","url":"https:\/\/www.leeb-balkone.com\/app\/uploads\/2023\/05\/Terrassendach-Toscana-mit-mattweissem-Glas-und-einer-Aufdachmarkise-1024x684.jpg","contentUrl":"https:\/\/www.leeb-balkone.com\/app\/uploads\/2023\/05\/Terrassendach-Toscana-mit-mattweissem-Glas-und-einer-Aufdachmarkise-1024x684.jpg"},{"@type":"BreadcrumbList","@id":"https:\/\/www.leeb-balkone.com\/it\/tettoie-e-carport\/tettoie-per-terrazze-e-balconi\/#breadcrumb","itemListElement":[{"@type":"ListItem","position":1,"name":"Home","item":"https:\/\/www.leeb-balkone.com\/it\/"},{"@type":"ListItem","position":2,"name":"Pensiline e giardini estivi","item":"https:\/\/www.leeb-balkone.com\/it\/tettoie-e-carport\/"},{"@type":"ListItem","position":3,"name":"Tettoie per terrazze e balconi"}]},{"@type":"WebSite","@id":"https:\/\/www.leeb-balkone.com\/it\/#website","url":"https:\/\/www.leeb-balkone.com\/it\/","name":"BALCONI LEEB","description":"Balkone und Z\u00e4une","publisher":{"@id":"https:\/\/www.leeb-balkone.com\/it\/#organization"},"potentialAction":[{"@type":"SearchAction","target":{"@type":"EntryPoint","urlTemplate":"https:\/\/www.leeb-balkone.com\/it\/?s={search_term_string}"},"query-input":{"@type":"PropertyValueSpecification","valueRequired":true,"valueName":"search_term_string"}}],"inLanguage":"it-IT"},{"@type":"Organization","@id":"https:\/\/www.leeb-balkone.com\/it\/#organization","name":"Leeb Balkone Gmbh","url":"https:\/\/www.leeb-balkone.com\/it\/","logo":{"@type":"ImageObject","inLanguage":"it-IT","@id":"https:\/\/www.leeb-balkone.com\/it\/#\/schema\/logo\/image\/","url":"https:\/\/www.leeb-balkone.com\/app\/uploads\/2020\/11\/leeb-logo.svg","contentUrl":"https:\/\/www.leeb-balkone.com\/app\/uploads\/2020\/11\/leeb-logo.svg","width":741,"height":204,"caption":"Leeb Balkone Gmbh"},"image":{"@id":"https:\/\/www.leeb-balkone.com\/it\/#\/schema\/logo\/image\/"},"sameAs":["https:\/\/www.facebook.com\/balkone\/","https:\/\/www.trustedshops.at\/bewertung\/info_X4587CCF5833E31AFE0B11F47D86999F2.html","https:\/\/www.trustedshops.de\/bewertung\/info_X7BA536A7A0BDC86D36C4718E4DCAEEEF.html","https:\/\/www.google.com\/maps\/place\/?q=place_id:ChIJ5-zH19-IcEcR9HonWRTllHI"]}]}},"_links":{"self":[{"href":"https:\/\/www.leeb-balkone.com\/it\/wp-json\/wp\/v2\/pages\/154958","targetHints":{"allow":["GET"]}}],"collection":[{"href":"https:\/\/www.leeb-balkone.com\/it\/wp-json\/wp\/v2\/pages"}],"about":[{"href":"https:\/\/www.leeb-balkone.com\/it\/wp-json\/wp\/v2\/types\/page"}],"author":[{"embeddable":true,"href":"https:\/\/www.leeb-balkone.com\/it\/wp-json\/wp\/v2\/users\/4"}],"replies":[{"embeddable":true,"href":"https:\/\/www.leeb-balkone.com\/it\/wp-json\/wp\/v2\/comments?post=154958"}],"version-history":[{"count":14,"href":"https:\/\/www.leeb-balkone.com\/it\/wp-json\/wp\/v2\/pages\/154958\/revisions"}],"predecessor-version":[{"id":166219,"href":"https:\/\/www.leeb-balkone.com\/it\/wp-json\/wp\/v2\/pages\/154958\/revisions\/166219"}],"up":[{"embeddable":true,"href":"https:\/\/www.leeb-balkone.com\/it\/wp-json\/wp\/v2\/pages\/163480"}],"wp:attachment":[{"href":"https:\/\/www.leeb-balkone.com\/it\/wp-json\/wp\/v2\/media?parent=154958"}],"wp:term":[{"taxonomy":"folder","embeddable":true,"href":"https:\/\/www.leeb-balkone.com\/it\/wp-json\/wp\/v2\/folder?post=154958"}],"curies":[{"name":"wp","href":"https:\/\/api.w.org\/{rel}","templated":true}]}}