{"id":154537,"date":"2025-09-12T12:41:03","date_gmt":"2025-09-12T12:41:03","guid":{"rendered":"https:\/\/www.leeb-balkone.com\/de\/prodotti\/balconi-in-alluminio\/"},"modified":"2026-03-18T15:48:31","modified_gmt":"2026-03-18T15:48:31","slug":"balconi-alluminio","status":"publish","type":"page","link":"https:\/\/www.leeb-balkone.com\/it\/balconi\/balconi-alluminio\/","title":{"rendered":"Balconi in alluminio"},"content":{"rendered":"\n<section class=\"wp-block-group alignfull t3-header t3-header-splitscreen t3-splitscreen-shadow h-zi-20 has-light-gray-background-color has-background has-global-padding is-layout-constrained wp-container-core-group-is-layout-f1ad4950 wp-block-group-is-layout-constrained\" style=\"padding-top:0;padding-bottom:0\">\n<div class=\"wp-block-columns h-flx-a-s m-split is-layout-flex wp-container-core-columns-is-layout-28f84493 wp-block-columns-is-layout-flex\">\n<div class=\"wp-block-column is-vertically-aligned-top h-flx-a-s m-split-col-content is-layout-flow wp-block-column-is-layout-flow\"><div class=\"yoast-breadcrumbs\"><span><span><a href=\"https:\/\/www.leeb-balkone.com\/it\/\">Home<\/a><\/span> \/ <span><a href=\"https:\/\/www.leeb-balkone.com\/it\/balconi\/\">Ringhiera del balcone<\/a><\/span> \/ <span class=\"breadcrumb_last\" aria-current=\"page\">Balconi in alluminio<\/span><\/span><\/div>\n\n<h1 class=\"wp-block-post-title\">Balconi in alluminio<\/h1>\n\n\n<p class=\"is-style-default has-step-0-font-size\" style=\"margin-bottom:0\">Le ringhiere per balconi in alluminio di Leeb, di facile manutenzione, convincono per la verniciatura a polvere brevettata ALU COMFORT PLUS\u00ae, la massima resistenza agli agenti atmosferici e la variet\u00e0 di design individuale. Approfitta della tecnologia innovativa, del servizio personalizzato e della qualit\u00e0 certificata del leader del mercato europeo.   <\/p>\n\n\n\n<div class=\"wp-block-buttons is-layout-flex wp-block-buttons-is-layout-flex\" style=\"margin-top:var(--wp--preset--spacing--l)\">\n<div class=\"wp-block-button is-style-cta icon-book icon-left\"><a class=\"wp-block-button__link wp-element-button\" href=\"https:\/\/www.leeb-balkone.com\/it\/contatti\/richiesta-catalogo\/\">Richiedi il catalogo<\/a><\/div>\n\n\n\n<div class=\"wp-block-button is-style-cta icon-vp icon-left\"><a class=\"wp-block-button__link wp-element-button\" href=\"https:\/\/www.leeb-balkone.com\/it\/partner-commerciali\/\">Trova una persona di contatto<span class=\"sr-only\"> Italia<\/span><\/a><\/div>\n<\/div>\n<\/div>\n\n\n\n<div class=\"wp-block-column is-vertically-aligned-stretch h-hide-md-down is-style-image-cover is-layout-flow wp-block-column-is-layout-flow\">\n<figure class=\"wp-block-image size-large\"><img loading=\"lazy\" decoding=\"async\" width=\"1024\" height=\"683\" src=\"https:\/\/www.leeb-balkone.com\/app\/uploads\/2020\/06\/balkongelaender-alu-design-barcelona-34-1024x683.jpg\" alt=\"balkongelaender alu design barcelona\" class=\"wp-image-132138\" srcset=\"https:\/\/www.leeb-balkone.com\/app\/uploads\/2020\/06\/balkongelaender-alu-design-barcelona-34-1024x683.jpg 1024w, https:\/\/www.leeb-balkone.com\/app\/uploads\/2020\/06\/balkongelaender-alu-design-barcelona-34-300x200.jpg 300w, https:\/\/www.leeb-balkone.com\/app\/uploads\/2020\/06\/balkongelaender-alu-design-barcelona-34-768x512.jpg 768w, https:\/\/www.leeb-balkone.com\/app\/uploads\/2020\/06\/balkongelaender-alu-design-barcelona-34-1536x1025.jpg 1536w, https:\/\/www.leeb-balkone.com\/app\/uploads\/2020\/06\/balkongelaender-alu-design-barcelona-34-2048x1367.jpg 2048w\" sizes=\"auto, (max-width: 1024px) 100vw, 1024px\" \/><figcaption class=\"wp-element-caption\">Balkonmodell Barcelona<\/figcaption><\/figure>\n<\/div>\n<\/div>\n<\/section>\n\n\n\n<section class=\"wp-block-group alignfull has-white-background-color has-background has-global-padding is-layout-constrained wp-container-core-group-is-layout-52f96efc wp-block-group-is-layout-constrained\" id=\"modelle\">\n<div class=\"wp-block-group m-teaser o-grid u-md-1 is-layout-flow wp-block-group-is-layout-flow\">\n<div class=\"wp-block-group u-g-10 u-g-s-2 is-layout-flow wp-block-group-is-layout-flow\" style=\"margin-bottom:var(--wp--preset--spacing--s)\">\n<h2 class=\"wp-block-heading has-text-align-center has-step-2-font-size\">Modelli<\/h2>\n\n\n\n<p class=\"has-text-align-center is-style-default\">I <em>balconi Select<\/em> sono balconi in alluminio configurabili individualmente che funzionano secondo il principio modulare. Per le balaustre in alluminio e in vetro utilizziamo <em>vetro<\/em> di nostra produzione. La <em>serie Perfor\u00e9e<\/em> presenta moderne ringhiere per balconi in alluminio con perforazioni caratteristiche e talvolta artistiche. La verniciatura a polvere Leeb \u00e8 disponibile in tutti i colori RAL e in molti colori speciali, oltre che in un effetto legno ingannevole.  <\/p>\n<\/div>\n<\/div>\n\n\n<nav class=\"loop-filter-list\" aria-label=\"Filter\"><ul role=\"tablist\"><li role=\"presentation\"><button type=\"button\" role=\"tab\" aria-selected=\"true\" class=\"loop-filter-link is-active\" data-filter=\"all\">Mostra tutti<\/button><\/li><li role=\"presentation\"><button type=\"button\" role=\"tab\" aria-selected=\"false\" class=\"loop-filter-link\" data-filter=\"alu-classic-it\">ALU Classic<\/button><\/li><li role=\"presentation\"><button type=\"button\" role=\"tab\" aria-selected=\"false\" class=\"loop-filter-link\" data-filter=\"alu-design-it\">ALU Design<\/button><\/li><li role=\"presentation\"><button type=\"button\" role=\"tab\" aria-selected=\"false\" class=\"loop-filter-link\" data-filter=\"alu-glas-it\">ALU Glas<\/button><\/li><li role=\"presentation\"><button type=\"button\" role=\"tab\" aria-selected=\"false\" class=\"loop-filter-link\" data-filter=\"alu-select-it\">ALU Select<\/button><\/li><li role=\"presentation\"><button type=\"button\" role=\"tab\" aria-selected=\"false\" class=\"loop-filter-link\" data-filter=\"alu-wooden-it\">ALU Wooden<\/button><\/li><\/ul><\/nav><div id=\"loop-block-69f3ffaa8a912\" class=\"wp-block-group wp-block-t3-loop-block__wrapper t3-block-cards u-grid-temp has-3-cols is-style-transparent-cards gap-sm\" data-block-id=\"loop-block-69f3ffaa8a912\" data-load-more=\"true\" data-load-more-enabled=\"true\" data-loaded=\"9\" data-total=\"58\" data-current-filter=\"all\" data-attributes=\"{&quot;postTypes&quot;:[&quot;product&quot;],&quot;postsPerPage&quot;:-1,&quot;categorySlugs&quot;:[&quot;balkongelaender-alu&quot;],&quot;sortOption&quot;:&quot;sticky&quot;,&quot;orderOption&quot;:&quot;asc&quot;,&quot;orderingField&quot;:&quot;product_order&quot;,&quot;acfExcerptField&quot;:&quot;product_teaser&quot;,&quot;showFilter&quot;:true,&quot;filterChildren&quot;:true,&quot;limitVisible&quot;:true,&quot;className&quot;:&quot;is-style-transparent-cards gap-sm&quot;,&quot;columns&quot;:3,&quot;visibleCount&quot;:9,&quot;linkTitle&quot;:&quot;&quot;,&quot;showLinkStyle&quot;:false,&quot;enableSchema&quot;:false,&quot;enableAcfFields&quot;:false,&quot;acfImageField&quot;:&quot;&quot;,&quot;acfTextFields&quot;:&quot;&quot;,&quot;acfFieldsUseTemplate&quot;:false}\">\n<div id=\"post-17939\" class=\"loop-block-item wp-block-group m-card is-layout-flow wp-block-group-is-layout-flow balconi-alluminio vertikales-design-alu-it\">\n    <a href=\"https:\/\/www.leeb-balkone.com\/it\/balconi\/balconi-alluminio\/vilshofen-luxus\/\" class=\"no-default-link\" title=\"ALU Classic | Vilshofen Luxus\">\n        <figure data-imgid=\"16290\" class=\"wp-block-image size-large\">\n            <img loading=\"lazy\" decoding=\"async\" width=\"300\" height=\"200\" src=\"https:\/\/www.leeb-balkone.com\/app\/uploads\/2020\/07\/balkongelaender-alu-classic-vilshofen-luxus-19-300x200.jpeg\" class=\"attachment-medium size-medium\" alt=\"Ringhiera per balcone con doghe verticali, decorazione variabile e corrimano in acciaio inox - Balcone in alluminio Alu Classic Vilshofen Luxus\" title=\"balkongelaender-alu-classic-vilshofen-luxus-19\" srcset=\"https:\/\/www.leeb-balkone.com\/app\/uploads\/2020\/07\/balkongelaender-alu-classic-vilshofen-luxus-19-300x200.jpeg 300w, https:\/\/www.leeb-balkone.com\/app\/uploads\/2020\/07\/balkongelaender-alu-classic-vilshofen-luxus-19-768x512.jpeg 768w, https:\/\/www.leeb-balkone.com\/app\/uploads\/2020\/07\/balkongelaender-alu-classic-vilshofen-luxus-19-1024x683.jpeg 1024w, https:\/\/www.leeb-balkone.com\/app\/uploads\/2020\/07\/balkongelaender-alu-classic-vilshofen-luxus-19-1536x1024.jpeg 1536w, https:\/\/www.leeb-balkone.com\/app\/uploads\/2020\/07\/balkongelaender-alu-classic-vilshofen-luxus-19-2048x1366.jpeg 2048w\" sizes=\"auto, (min-width: 1200px) 260px, (min-width: 1024px) 220px, (min-width: 640px) 465px, 768px\" \/>                    <\/figure>\n        <div class=\"wp-block-group m-card-content is-vertical is-layout-flex wp-block-group-is-layout-flex\">\n            <h3 class=\"wp-block-heading\">\n                ALU Classic | Vilshofen Luxus            <\/h3>\n                        <p>Raffinato parapetto in alluminio impreziosito da decorazioni<\/p>        <\/div>\n            <\/a>\n<\/div>\n<div id=\"post-144511\" class=\"loop-block-item wp-block-group m-card is-layout-flow wp-block-group-is-layout-flow balconi-alluminio perforee-it\">\n    <a href=\"https:\/\/www.leeb-balkone.com\/it\/balconi\/balconi-alluminio\/taifun\/\" class=\"no-default-link\" title=\"Taifun\">\n        <figure data-imgid=\"144649\" class=\"wp-block-image size-large\">\n            <img loading=\"lazy\" decoding=\"async\" width=\"300\" height=\"225\" src=\"https:\/\/www.leeb-balkone.com\/app\/uploads\/2025\/02\/taifun-alu-lochblech-blau-balkongelaender-mit-feiner-perforierung-minimal-triangel-300x225.jpeg\" class=\"attachment-medium size-medium\" alt=\"taifun alu lochblech blau balkongelaender mit feiner perforierung minimal triangel\" title=\"taifun-alu-lochblech-blau-balkongelaender-mit-feiner-perforierung-minimal-triangel\" srcset=\"https:\/\/www.leeb-balkone.com\/app\/uploads\/2025\/02\/taifun-alu-lochblech-blau-balkongelaender-mit-feiner-perforierung-minimal-triangel-300x225.jpeg 300w, https:\/\/www.leeb-balkone.com\/app\/uploads\/2025\/02\/taifun-alu-lochblech-blau-balkongelaender-mit-feiner-perforierung-minimal-triangel-1024x768.jpeg 1024w, https:\/\/www.leeb-balkone.com\/app\/uploads\/2025\/02\/taifun-alu-lochblech-blau-balkongelaender-mit-feiner-perforierung-minimal-triangel-768x576.jpeg 768w, https:\/\/www.leeb-balkone.com\/app\/uploads\/2025\/02\/taifun-alu-lochblech-blau-balkongelaender-mit-feiner-perforierung-minimal-triangel-1536x1152.jpeg 1536w, https:\/\/www.leeb-balkone.com\/app\/uploads\/2025\/02\/taifun-alu-lochblech-blau-balkongelaender-mit-feiner-perforierung-minimal-triangel-2048x1536.jpeg 2048w\" sizes=\"auto, (min-width: 1200px) 260px, (min-width: 1024px) 220px, (min-width: 640px) 465px, 768px\" \/>                    <\/figure>\n        <div class=\"wp-block-group m-card-content is-vertical is-layout-flex wp-block-group-is-layout-flex\">\n            <h3 class=\"wp-block-heading\">\n                Taifun            <\/h3>\n                        <p>Ringhiera per balconi in alluminio perforato con perforazione Triangolo minimo<\/p>        <\/div>\n            <\/a>\n<\/div>\n<div id=\"post-17935\" class=\"loop-block-item wp-block-group m-card is-layout-flow wp-block-group-is-layout-flow balconi-alluminio vertikales-design-alu-it\">\n    <a href=\"https:\/\/www.leeb-balkone.com\/it\/balconi\/balconi-alluminio\/vilshofen\/\" class=\"no-default-link\" title=\"ALU Classic | Vilshofen\">\n        <figure data-imgid=\"21428\" class=\"wp-block-image size-large\">\n            <img loading=\"lazy\" decoding=\"async\" width=\"300\" height=\"225\" src=\"https:\/\/www.leeb-balkone.com\/app\/uploads\/2020\/07\/balkongelaender-alu-classic-vilshofen-24-300x225.jpg\" class=\"attachment-medium size-medium\" alt=\"Ringhiera del balcone in alluminio senza tempo con corrimano in acciaio inossidabile - Balcone in alluminio Alu Classic Vilshofen\" title=\"balkongelaender-alu-classic-vilshofen-24\" srcset=\"https:\/\/www.leeb-balkone.com\/app\/uploads\/2020\/07\/balkongelaender-alu-classic-vilshofen-24-300x225.jpg 300w, https:\/\/www.leeb-balkone.com\/app\/uploads\/2020\/07\/balkongelaender-alu-classic-vilshofen-24-1024x768.jpg 1024w, https:\/\/www.leeb-balkone.com\/app\/uploads\/2020\/07\/balkongelaender-alu-classic-vilshofen-24-768x576.jpg 768w, https:\/\/www.leeb-balkone.com\/app\/uploads\/2020\/07\/balkongelaender-alu-classic-vilshofen-24-1536x1152.jpg 1536w, https:\/\/www.leeb-balkone.com\/app\/uploads\/2020\/07\/balkongelaender-alu-classic-vilshofen-24-2048x1536.jpg 2048w\" sizes=\"auto, (min-width: 1200px) 260px, (min-width: 1024px) 220px, (min-width: 640px) 465px, 768px\" \/>                    <\/figure>\n        <div class=\"wp-block-group m-card-content is-vertical is-layout-flex wp-block-group-is-layout-flex\">\n            <h3 class=\"wp-block-heading\">\n                ALU Classic | Vilshofen            <\/h3>\n                        <p>Parapetto in alluminio dal fascino intramontabile, anche nella variante effetto legno<\/p>        <\/div>\n            <\/a>\n<\/div>\n<div id=\"post-144541\" class=\"loop-block-item wp-block-group m-card is-layout-flow wp-block-group-is-layout-flow balconi-alluminio perforee-it\">\n    <a href=\"https:\/\/www.leeb-balkone.com\/it\/balconi\/balconi-alluminio\/yaku\/\" class=\"no-default-link\" title=\"Yaku\">\n        <figure data-imgid=\"159473\" class=\"wp-block-image size-large\">\n            <img loading=\"lazy\" decoding=\"async\" width=\"300\" height=\"225\" src=\"https:\/\/www.leeb-balkone.com\/app\/uploads\/2025\/02\/Yaku-Alu-Lochblech-Balkongelaender-mit-Langloch-Perforierung-Vertical-Gradient-300x225.png\" class=\"attachment-medium size-medium\" alt=\"Yaku Alu Lochblech Balkongelaender mit Langloch Perforierung Vertical Gradient\" title=\"Yaku Alu Lochblech Balkongela\u0308nder mit Langloch Perforierung Vertical Gradient\" srcset=\"https:\/\/www.leeb-balkone.com\/app\/uploads\/2025\/02\/Yaku-Alu-Lochblech-Balkongelaender-mit-Langloch-Perforierung-Vertical-Gradient-300x225.png 300w, https:\/\/www.leeb-balkone.com\/app\/uploads\/2025\/02\/Yaku-Alu-Lochblech-Balkongelaender-mit-Langloch-Perforierung-Vertical-Gradient-1024x768.png 1024w, https:\/\/www.leeb-balkone.com\/app\/uploads\/2025\/02\/Yaku-Alu-Lochblech-Balkongelaender-mit-Langloch-Perforierung-Vertical-Gradient-768x576.png 768w, https:\/\/www.leeb-balkone.com\/app\/uploads\/2025\/02\/Yaku-Alu-Lochblech-Balkongelaender-mit-Langloch-Perforierung-Vertical-Gradient-1536x1152.png 1536w, https:\/\/www.leeb-balkone.com\/app\/uploads\/2025\/02\/Yaku-Alu-Lochblech-Balkongelaender-mit-Langloch-Perforierung-Vertical-Gradient-2048x1536.png 2048w\" sizes=\"auto, (min-width: 1200px) 260px, (min-width: 1024px) 220px, (min-width: 640px) 465px, 768px\" \/>                    <\/figure>\n        <div class=\"wp-block-group m-card-content is-vertical is-layout-flex wp-block-group-is-layout-flex\">\n            <h3 class=\"wp-block-heading\">\n                Yaku            <\/h3>\n                        <p>Ringhiera per balconi in alluminio forato con perforazione a fessura Gradiente verticale<\/p>        <\/div>\n            <\/a>\n<\/div>\n<div id=\"post-18012\" class=\"loop-block-item wp-block-group m-card is-layout-flow wp-block-group-is-layout-flow balconi-alluminio horizontales-diagonales-design-alu-it\">\n    <a href=\"https:\/\/www.leeb-balkone.com\/it\/balconi\/balconi-alluminio\/madrid\/\" class=\"no-default-link\" title=\"ALU Design | Madrid\">\n        <figure data-imgid=\"16332\" class=\"wp-block-image size-large\">\n            <img loading=\"lazy\" decoding=\"async\" width=\"300\" height=\"200\" src=\"https:\/\/www.leeb-balkone.com\/app\/uploads\/2020\/07\/edelstahl-zaun-alu-madrid-11-1-300x200.jpg\" class=\"attachment-medium size-medium\" alt=\"Parapetto del balcone moderno con montanti in acciaio inossidabile - Balcone in alluminio design Madrid\" title=\"edelstahl-zaun-alu-madrid-11 (1)\" srcset=\"https:\/\/www.leeb-balkone.com\/app\/uploads\/2020\/07\/edelstahl-zaun-alu-madrid-11-1-300x200.jpg 300w, https:\/\/www.leeb-balkone.com\/app\/uploads\/2020\/07\/edelstahl-zaun-alu-madrid-11-1-1024x683.jpg 1024w, https:\/\/www.leeb-balkone.com\/app\/uploads\/2020\/07\/edelstahl-zaun-alu-madrid-11-1-768x512.jpg 768w, https:\/\/www.leeb-balkone.com\/app\/uploads\/2020\/07\/edelstahl-zaun-alu-madrid-11-1-1536x1025.jpg 1536w, https:\/\/www.leeb-balkone.com\/app\/uploads\/2020\/07\/edelstahl-zaun-alu-madrid-11-1-2048x1366.jpg 2048w\" sizes=\"auto, (min-width: 1200px) 260px, (min-width: 1024px) 220px, (min-width: 640px) 465px, 768px\" \/>                    <\/figure>\n        <div class=\"wp-block-group m-card-content is-vertical is-layout-flex wp-block-group-is-layout-flex\">\n            <h3 class=\"wp-block-heading\">\n                ALU Design | Madrid            <\/h3>\n                        <p>Parapetto moderno in alluminio con barre in acciaio inox<\/p>        <\/div>\n            <\/a>\n<\/div>\n<div id=\"post-18056\" class=\"loop-block-item wp-block-group m-card is-layout-flow wp-block-group-is-layout-flow alu-glas-it balconi-alluminio balkongelaender-glas-it\">\n    <a href=\"https:\/\/www.leeb-balkone.com\/it\/balconi\/balconi-alluminio\/vitro\/\" class=\"no-default-link\" title=\"ALU Design | Vitro\">\n        <figure data-imgid=\"16284\" class=\"wp-block-image size-large\">\n            <img loading=\"lazy\" decoding=\"async\" width=\"300\" height=\"200\" src=\"https:\/\/www.leeb-balkone.com\/app\/uploads\/2020\/07\/glas-balkongelaender-alu-design-vitro-ret-1-300x200.jpg\" class=\"attachment-medium size-medium\" alt=\"Ringhiera per balcone con riempimento in vetro non trasparente in un solido telaio di alluminio - Balcone in alluminio Alu Design Vitro\" title=\"glas-balkongelaender-alu-design-vitro-ret-1\" srcset=\"https:\/\/www.leeb-balkone.com\/app\/uploads\/2020\/07\/glas-balkongelaender-alu-design-vitro-ret-1-300x200.jpg 300w, https:\/\/www.leeb-balkone.com\/app\/uploads\/2020\/07\/glas-balkongelaender-alu-design-vitro-ret-1-1024x684.jpg 1024w, https:\/\/www.leeb-balkone.com\/app\/uploads\/2020\/07\/glas-balkongelaender-alu-design-vitro-ret-1-768x513.jpg 768w, https:\/\/www.leeb-balkone.com\/app\/uploads\/2020\/07\/glas-balkongelaender-alu-design-vitro-ret-1-1536x1025.jpg 1536w, https:\/\/www.leeb-balkone.com\/app\/uploads\/2020\/07\/glas-balkongelaender-alu-design-vitro-ret-1-2048x1367.jpg 2048w\" sizes=\"auto, (min-width: 1200px) 260px, (min-width: 1024px) 220px, (min-width: 640px) 465px, 768px\" \/>                    <\/figure>\n        <div class=\"wp-block-group m-card-content is-vertical is-layout-flex wp-block-group-is-layout-flex\">\n            <h3 class=\"wp-block-heading\">\n                ALU Design | Vitro            <\/h3>\n                        <p>Balcone con pannello in vetro e robusto telaio in alluminio<\/p>        <\/div>\n            <\/a>\n<\/div>\n<div id=\"post-18084\" class=\"loop-block-item wp-block-group m-card is-layout-flow wp-block-group-is-layout-flow alu-select-it balconi-alluminio\">\n    <a href=\"https:\/\/www.leeb-balkone.com\/it\/balconi\/balconi-alluminio\/roma\/\" class=\"no-default-link\" title=\"ALU Select | Roma\">\n        <figure data-imgid=\"50748\" class=\"wp-block-image size-large\">\n            <img loading=\"lazy\" decoding=\"async\" width=\"300\" height=\"200\" src=\"https:\/\/www.leeb-balkone.com\/app\/uploads\/2020\/07\/balkongelaender-alu-select-roma-24-1-300x200.jpg\" class=\"attachment-medium size-medium\" alt=\"La ringhiera del balcone compatto pu\u00f2 essere progettato con molti decori - Balcone in alluminio Alu Select Roma\" title=\"balkongelaender-alu-select-roma-24 (1)\" srcset=\"https:\/\/www.leeb-balkone.com\/app\/uploads\/2020\/07\/balkongelaender-alu-select-roma-24-1-300x200.jpg 300w, https:\/\/www.leeb-balkone.com\/app\/uploads\/2020\/07\/balkongelaender-alu-select-roma-24-1-1024x684.jpg 1024w, https:\/\/www.leeb-balkone.com\/app\/uploads\/2020\/07\/balkongelaender-alu-select-roma-24-1-768x513.jpg 768w, https:\/\/www.leeb-balkone.com\/app\/uploads\/2020\/07\/balkongelaender-alu-select-roma-24-1-1536x1025.jpg 1536w, https:\/\/www.leeb-balkone.com\/app\/uploads\/2020\/07\/balkongelaender-alu-select-roma-24-1-scaled.jpg 2048w\" sizes=\"auto, (min-width: 1200px) 260px, (min-width: 1024px) 220px, (min-width: 640px) 465px, 768px\" \/>                    <\/figure>\n        <div class=\"wp-block-group m-card-content is-vertical is-layout-flex wp-block-group-is-layout-flex\">\n            <h3 class=\"wp-block-heading\">\n                ALU Select | Roma            <\/h3>\n                        <p>Balcone compatto personalizzabile con tante decorazioni<\/p>        <\/div>\n            <\/a>\n<\/div>\n<div id=\"post-18048\" class=\"loop-block-item wp-block-group m-card is-layout-flow wp-block-group-is-layout-flow alu-glas-it balconi-alluminio balkongelaender-glas-it\">\n    <a href=\"https:\/\/www.leeb-balkone.com\/it\/balconi\/balconi-alluminio\/vision\/\" class=\"no-default-link\" title=\"ALU Design | Vision\">\n        <figure data-imgid=\"15944\" class=\"wp-block-image size-large\">\n            <img loading=\"lazy\" decoding=\"async\" width=\"300\" height=\"225\" src=\"https:\/\/www.leeb-balkone.com\/app\/uploads\/2020\/09\/glas-balkongelaender-alu-design-vision-31-3-300x225.jpg\" class=\"attachment-medium size-medium\" alt=\"glas balkongelaender alu design vision 31\" title=\"glas-balkongelaender-alu-design-vision-31-3\" srcset=\"https:\/\/www.leeb-balkone.com\/app\/uploads\/2020\/09\/glas-balkongelaender-alu-design-vision-31-3-300x225.jpg 300w, https:\/\/www.leeb-balkone.com\/app\/uploads\/2020\/09\/glas-balkongelaender-alu-design-vision-31-3-1024x767.jpg 1024w, https:\/\/www.leeb-balkone.com\/app\/uploads\/2020\/09\/glas-balkongelaender-alu-design-vision-31-3-768x575.jpg 768w, https:\/\/www.leeb-balkone.com\/app\/uploads\/2020\/09\/glas-balkongelaender-alu-design-vision-31-3-1536x1151.jpg 1536w, https:\/\/www.leeb-balkone.com\/app\/uploads\/2020\/09\/glas-balkongelaender-alu-design-vision-31-3-2048x1535.jpg 2048w\" sizes=\"auto, (min-width: 1200px) 260px, (min-width: 1024px) 220px, (min-width: 640px) 465px, 768px\" \/>                    <\/figure>\n        <div class=\"wp-block-group m-card-content is-vertical is-layout-flex wp-block-group-is-layout-flex\">\n            <h3 class=\"wp-block-heading\">\n                ALU Design | Vision            <\/h3>\n                        <p>Moderno parapetto in vetro con corrimano in alluminio<\/p>        <\/div>\n            <\/a>\n<\/div>\n<div id=\"post-18062\" class=\"loop-block-item wp-block-group m-card is-layout-flow wp-block-group-is-layout-flow alu-select-it balconi-alluminio\">\n    <a href=\"https:\/\/www.leeb-balkone.com\/it\/balconi\/balconi-alluminio\/imola\/\" class=\"no-default-link\" title=\"ALU Select | Imola\">\n        <figure data-imgid=\"14234\" class=\"wp-block-image size-large\">\n            <img loading=\"lazy\" decoding=\"async\" width=\"300\" height=\"200\" src=\"https:\/\/www.leeb-balkone.com\/app\/uploads\/2020\/07\/balkongelaender-alu-select-imola-7-300x200.jpg\" class=\"attachment-medium size-medium\" alt=\"Ringhiera per balcone semitrasparente con doghe orizzontali - Balcone in alluminio Alu Select Imola\" title=\"balkongelaender-alu-select-imola-7\" srcset=\"https:\/\/www.leeb-balkone.com\/app\/uploads\/2020\/07\/balkongelaender-alu-select-imola-7-300x200.jpg 300w, https:\/\/www.leeb-balkone.com\/app\/uploads\/2020\/07\/balkongelaender-alu-select-imola-7-1024x683.jpg 1024w, https:\/\/www.leeb-balkone.com\/app\/uploads\/2020\/07\/balkongelaender-alu-select-imola-7-768x512.jpg 768w, https:\/\/www.leeb-balkone.com\/app\/uploads\/2020\/07\/balkongelaender-alu-select-imola-7-1536x1024.jpg 1536w, https:\/\/www.leeb-balkone.com\/app\/uploads\/2020\/07\/balkongelaender-alu-select-imola-7-2048x1366.jpg 2048w\" sizes=\"auto, (min-width: 1200px) 260px, (min-width: 1024px) 220px, (min-width: 640px) 465px, 768px\" \/>                    <\/figure>\n        <div class=\"wp-block-group m-card-content is-vertical is-layout-flex wp-block-group-is-layout-flex\">\n            <h3 class=\"wp-block-heading\">\n                ALU Select | Imola            <\/h3>\n                        <p>Parapetto lineare ed elegante in alluminio<\/p>        <\/div>\n            <\/a>\n<\/div><\/div><div class=\"loop-load-more-wrapper\">  <div class=\"loop-load-more wp-block-button is-style-filled-secondary\">    <a href=\"#\" class=\"wp-block-button__link wp-element-button\" role=\"button\" tabindex=\"0\" aria-expanded=\"false\" aria-controls=\"loop-block-69f3ffaa8a912\">Carica altro<\/a>  <\/div><\/div><\/section>\n\n\n\n\n\n<section class=\"wp-block-group alignfull has-light-gray-background-color has-background has-global-padding is-layout-constrained wp-container-core-group-is-layout-52f96efc wp-block-group-is-layout-constrained\" id=\"service-qualitaet\">\n<div class=\"wp-block-group o-grid u-md-1 is-layout-flow wp-block-group-is-layout-flow\">\n<div class=\"wp-block-group u-g-9 u-g-s-2 is-layout-flow wp-block-group-is-layout-flow\" style=\"margin-bottom:var(--wp--preset--spacing--s)\">\n<h2 class=\"wp-block-heading\">Balconi in alluminio del leader di mercato<\/h2>\n\n\n\n<p><span class=\"teaser\">Leeb Balconies \u00e8 il numero uno in Europa per le ringhiere per balconi in alluminio. La gamma comprende oltre 200 modelli diversi di balconi, che vengono personalizzati e soddisfano i pi\u00f9 alti standard di qualit\u00e0, durata e design. <\/span><\/p>\n\n\n\n<p>Leeb Balconies \u00e8 sinonimo di balconi in alluminio personalizzati, facili da curare e resistenti, di altissima qualit\u00e0 &#8211; con un trattamento superficiale innovativo, un&#8217;ampia variet\u00e0 di design e un&#8217;assistenza completa da parte del leader di mercato per i clienti in Austria, Germania, Svizzera, Italia, Francia e Slovenia.<\/p>\n<\/div>\n<\/div>\n\n\n\n<div class=\"wp-block-group small is-style-white-cards sm-2-cols is-layout-grid wp-container-core-group-is-layout-7785d981 wp-block-group-is-layout-grid\">\n<div class=\"wp-block-group m-card has-modal is-layout-flow wp-container-core-group-is-layout-8a368f38 wp-block-group-is-layout-flow\" data-modal-id=\"150759\">\n<figure class=\"wp-block-image size-large is-style-default\"><img loading=\"lazy\" decoding=\"async\" width=\"1024\" height=\"614\" src=\"https:\/\/www.leeb-balkone.com\/app\/uploads\/2022\/05\/Glashalle-Leeb-1024x614.jpg\" alt=\"Glashalle Leeb\" class=\"wp-image-83632\" srcset=\"https:\/\/www.leeb-balkone.com\/app\/uploads\/2022\/05\/Glashalle-Leeb-1024x614.jpg 1024w, https:\/\/www.leeb-balkone.com\/app\/uploads\/2022\/05\/Glashalle-Leeb-300x180.jpg 300w, https:\/\/www.leeb-balkone.com\/app\/uploads\/2022\/05\/Glashalle-Leeb-768x461.jpg 768w, https:\/\/www.leeb-balkone.com\/app\/uploads\/2022\/05\/Glashalle-Leeb-1536x922.jpg 1536w, https:\/\/www.leeb-balkone.com\/app\/uploads\/2022\/05\/Glashalle-Leeb-scaled.jpg 2048w\" sizes=\"auto, (max-width: 1024px) 100vw, 1024px\" \/><\/figure>\n\n\n\n<div class=\"wp-block-group m-card-content has-white-background-color has-background is-vertical is-layout-flex wp-container-core-group-is-layout-5580f018 wp-block-group-is-layout-flex\">\n<h3 class=\"wp-block-heading\">Balcone e recinzione dal numero 1 in Europa<\/h3>\n\n\n\n<p>Oltre 150.000 clienti soddisfatti ripongono la loro fiducia nel produttore leader in Europa.<\/p>\n<\/div>\n<a href=\"#overlay-150759\" class=\"open-modal-link\" aria-label=\"Open modal\"><span class=\"sr-only\">\u00d6ffne Modal<\/span><\/a><\/div>\n\n\n\n<div class=\"wp-block-group m-card has-modal is-layout-flow wp-container-core-group-is-layout-8a368f38 wp-block-group-is-layout-flow\" data-modal-id=\"150749\">\n<figure class=\"wp-block-image size-large is-style-default\"><img loading=\"lazy\" decoding=\"async\" width=\"1024\" height=\"767\" src=\"https:\/\/www.leeb-balkone.com\/app\/uploads\/2020\/08\/leeb-balkone-mitarbeiter-4-1024x767.jpeg\" alt=\"Installazione di una ringhiera per balcone in alluminio Leeb personalizzata\" class=\"wp-image-6083\" srcset=\"https:\/\/www.leeb-balkone.com\/app\/uploads\/2020\/08\/leeb-balkone-mitarbeiter-4-1024x767.jpeg 1024w, https:\/\/www.leeb-balkone.com\/app\/uploads\/2020\/08\/leeb-balkone-mitarbeiter-4-2048x1535.jpeg 2048w, https:\/\/www.leeb-balkone.com\/app\/uploads\/2020\/08\/leeb-balkone-mitarbeiter-4-300x225.jpeg 300w, https:\/\/www.leeb-balkone.com\/app\/uploads\/2020\/08\/leeb-balkone-mitarbeiter-4-768x575.jpeg 768w, https:\/\/www.leeb-balkone.com\/app\/uploads\/2020\/08\/leeb-balkone-mitarbeiter-4-1536x1151.jpeg 1536w\" sizes=\"auto, (max-width: 1024px) 100vw, 1024px\" \/><\/figure>\n\n\n\n<div class=\"wp-block-group m-card-content has-white-background-color has-background is-vertical is-layout-flex wp-container-core-group-is-layout-5580f018 wp-block-group-is-layout-flex\">\n<h3 class=\"wp-block-heading\">Un servizio completo per un&#8217;implementazione senza pensieri<\/h3>\n\n\n\n<p>Servizio di consulenza in loco, configuratore 3D, produzione in fabbrica, consegna e installazione.<\/p>\n<\/div>\n<a href=\"#overlay-150749\" class=\"open-modal-link\" aria-label=\"Open modal\"><span class=\"sr-only\">\u00d6ffne Modal<\/span><\/a><\/div>\n\n\n\n<div class=\"wp-block-group m-card has-modal is-layout-flow wp-container-core-group-is-layout-8a368f38 wp-block-group-is-layout-flow\" data-modal-id=\"150746\">\n<figure class=\"wp-block-image size-full\"><img loading=\"lazy\" decoding=\"async\" width=\"2048\" height=\"1366\" src=\"https:\/\/www.leeb-balkone.com\/app\/uploads\/2022\/05\/glas-bearbeitung-zuschnitt--scaled.jpg\" alt=\"glas bearbeitung zuschnitt \" class=\"wp-image-83644\" srcset=\"https:\/\/www.leeb-balkone.com\/app\/uploads\/2022\/05\/glas-bearbeitung-zuschnitt--scaled.jpg 2048w, https:\/\/www.leeb-balkone.com\/app\/uploads\/2022\/05\/glas-bearbeitung-zuschnitt--300x200.jpg 300w, https:\/\/www.leeb-balkone.com\/app\/uploads\/2022\/05\/glas-bearbeitung-zuschnitt--1024x683.jpg 1024w, https:\/\/www.leeb-balkone.com\/app\/uploads\/2022\/05\/glas-bearbeitung-zuschnitt--768x512.jpg 768w, https:\/\/www.leeb-balkone.com\/app\/uploads\/2022\/05\/glas-bearbeitung-zuschnitt--1536x1024.jpg 1536w\" sizes=\"auto, (max-width: 2048px) 100vw, 2048px\" \/><\/figure>\n\n\n\n<div class=\"wp-block-group m-card-content has-white-background-color has-background is-vertical is-layout-flex wp-container-core-group-is-layout-5580f018 wp-block-group-is-layout-flex\">\n<h3 class=\"wp-block-heading\"><strong>Vetro di sicurezza laminato di qualit\u00e0 superiore<\/strong><\/h3>\n\n\n\n<p>Sicurezza testata, design innovativi e qualit\u00e0 personalizzata e duratura con Leeb Glas.<\/p>\n<\/div>\n<a href=\"#overlay-150746\" class=\"open-modal-link\" aria-label=\"Open modal\"><span class=\"sr-only\">\u00d6ffne Modal<\/span><\/a><\/div>\n\n\n\n<div class=\"wp-block-group m-card has-modal is-layout-flow wp-container-core-group-is-layout-8a368f38 wp-block-group-is-layout-flow\" data-modal-id=\"150753\">\n<figure class=\"wp-block-image size-large\"><img loading=\"lazy\" decoding=\"async\" width=\"1024\" height=\"665\" src=\"https:\/\/www.leeb-balkone.com\/app\/uploads\/2020\/08\/alu-comfort-plus-1024x665.jpg\" alt=\"alu comfort plus\" class=\"wp-image-5082\" srcset=\"https:\/\/www.leeb-balkone.com\/app\/uploads\/2020\/08\/alu-comfort-plus-1024x665.jpg 1024w, https:\/\/www.leeb-balkone.com\/app\/uploads\/2020\/08\/alu-comfort-plus-300x195.jpg 300w, https:\/\/www.leeb-balkone.com\/app\/uploads\/2020\/08\/alu-comfort-plus-768x499.jpg 768w, https:\/\/www.leeb-balkone.com\/app\/uploads\/2020\/08\/alu-comfort-plus-1536x997.jpg 1536w, https:\/\/www.leeb-balkone.com\/app\/uploads\/2020\/08\/alu-comfort-plus-2048x1330.jpg 2048w\" sizes=\"auto, (max-width: 1024px) 100vw, 1024px\" \/><\/figure>\n\n\n\n<div class=\"wp-block-group m-card-content has-white-background-color has-background is-vertical is-layout-flex wp-container-core-group-is-layout-5580f018 wp-block-group-is-layout-flex\">\n<h3 class=\"wp-block-heading\">Protezione a lungo termine con ALU Comfort Plus<\/h3>\n\n\n\n<p>Rivestimento brevettato e lavorazione dell&#8217;alluminio ai massimi livelli.<\/p>\n<\/div>\n<a href=\"#overlay-150753\" class=\"open-modal-link\" aria-label=\"Open modal\"><span class=\"sr-only\">\u00d6ffne Modal<\/span><\/a><\/div>\n<\/div>\n\n\n\n<div class=\"wp-block-group o-grid u-md-1 is-layout-flow wp-block-group-is-layout-flow\" style=\"padding-top:var(--wp--preset--spacing--l)\">\n<div class=\"wp-block-group u-g-9 u-g-s-2 is-layout-flow wp-block-group-is-layout-flow\" style=\"margin-bottom:var(--wp--preset--spacing--s)\">\n<h3 class=\"wp-block-heading\">Ringhiere per balconi in alluminio: robuste e facili da pulire<\/h3>\n\n\n\n<p>L&#8217;utilizzo di una lega speciale sviluppata da Leeb conferisce all&#8217;alluminio una maggiore resistenza e quindi prolunga notevolmente la durata del tuo balcone. Trattate con il <a href=\"https:\/\/www.leeb-balkone.com\/it\/tecnologia\/alu-comfort-plus\/\">rivestimento in polvere brevettato ALU Comfort PLUS\u00ae<\/a>, le nostre ringhiere per balconi in alluminio sono praticamente esenti da manutenzione e cura. La superficie antigraffio e idrorepellente fa s\u00ec che lo sporco non riesca ad aderire e che le particelle vengano semplicemente trasportate via con le gocce. A differenza dei rivestimenti applicati successivamente, l&#8217;effetto repellente allo sporco si mantiene per l&#8217;intera durata della ringhiera del tuo balcone.     <\/p>\n\n\n\n<h3 class=\"wp-block-heading\">La ringhiera giusta per ogni balcone!<\/h3>\n\n\n\n<p>La verniciatura a polvere ALU COMFORT PLUS\u00ae di Leeb offre possibilit\u00e0 quasi illimitate per il <a href=\"https:\/\/www.leeb-balkone.com\/it\/servizi\/mondi-di-colori\/\">design del colore<\/a> e la finitura superficiale delle ringhiere per balconi in alluminio. Puoi scegliere tra tutti i colori RAL. Inoltre, sono disponibili numerosi colori speciali che consentono di realizzare facilmente le richieste di colore individuali. Oltre ai colori classici, sono disponibili anche 13 <a href=\"https:\/\/www.leeb-balkone.com\/it\/tecnologia\/alluminio-con-effetto-legno\/\">decori in legno<\/a>, che combinano l&#8217;aspetto naturale del legno con i vantaggi dell&#8217;alluminio. Il rivestimento pu\u00f2 anche essere rifinito con effetti speciali come l&#8217;effetto perlato o metallico. Il processo \u00e8 ecologico, poich\u00e9 non vengono utilizzati solventi e la produzione \u00e8 praticamente priva di rifiuti.     <\/p>\n\n\n\n<h3 class=\"wp-block-heading\">I vantaggi in sintesi<\/h3>\n\n\n\n<p>I vantaggi delle ringhiere per balconi in alluminio di Leeb risiedono nella combinazione di tecnologia innovativa, eccellente qualit\u00e0 dei materiali e assistenza completa:<\/p>\n\n\n\n<ul class=\"wp-block-list is-style-checkmark-2\">\n<li><strong>Praticamente prive di manutenzione e facili da pulire<\/strong>: la verniciatura a polvere brevettata rende le nostre ringhiere in alluminio estremamente resistenti alle intemperie, ai graffi e allo sporco.<\/li>\n\n\n\n<li><strong>Durata e stabilit\u00e0<\/strong>: la speciale lega di alluminio Leeb e l&#8217;Alu Protection System (APS) garantiscono una maggiore resistenza e una durata particolarmente lunga.<\/li>\n\n\n\n<li><strong>Ampia gamma di opzioni di design<\/strong>: Oltre 300 modelli, numerosi colori (comprese tutte le tonalit\u00e0 RAL) e l&#8217;aspetto ingannevolmente reale del legno consentono un design personalizzato che si adatta a ogni tipo di casa.<\/li>\n\n\n\n<li><strong>Qualit\u00e0 certificata<\/strong>: Leeb soddisfa i severi standard di qualit\u00e0 ISO 9001 e offre balconi in alluminio testati e resistenti di propria produzione.<\/li>\n\n\n\n<li><strong>Sicurezza conveniente<\/strong>: grazie alla struttura stabile dei telai angolari, ai collegamenti a vite nascosti e ai bordi Softline, le nostre ringhiere in alluminio sono particolarmente sicure e comode da usare.<\/li>\n\n\n\n<li>Un <strong>servizio completo<\/strong>: dalla consulenza e progettazione personale all&#8217;installazione professionale, Leeb ti accompagna in ogni fase, per un progetto di balcone senza preoccupazioni.<\/li>\n<\/ul>\n<\/div>\n<\/div>\n<\/section>\n\n\n\n<section class=\"wp-block-group alignfull has-white-background-color has-background has-global-padding is-layout-constrained wp-container-core-group-is-layout-52f96efc wp-block-group-is-layout-constrained\" id=\"vielfalt-zubehoer\">\n<div class=\"wp-block-group o-grid u-md-1 is-layout-flow wp-block-group-is-layout-flow\">\n<div class=\"wp-block-group u-g-9 u-g-s-2 is-layout-flow wp-block-group-is-layout-flow\" style=\"margin-bottom:var(--wp--preset--spacing--s)\">\n<h2 class=\"wp-block-heading\">Disegni speciali<\/h2>\n\n\n\n<p><span class=\"teaser\">Approfitta dell&#8217;ampia gamma di prodotti offerti dal leader di mercato nella costruzione di balconi e recinzioni.  <\/span><\/p>\n\n\n\n<p>Oltre alla variet\u00e0 di design elencati di seguito, potrai beneficiare di un&#8217;ampia gamma di colori e della possibilit\u00e0 di adattare dimensioni e dettagli esattamente alle tue esigenze. Leeb Balconies combina un&#8217;esperienza pluriennale con metodi di produzione innovativi per garantirti non solo un&#8217;ampia scelta, ma anche la massima qualit\u00e0 e un piacere duraturo della tua nuova ringhiera per balconi. <\/p>\n<\/div>\n<\/div>\n\n\n\n<div class=\"wp-block-group small sm-2-cols is-style-gray-cards is-layout-grid wp-container-core-group-is-layout-7785d981 wp-block-group-is-layout-grid\">\n<div class=\"wp-block-group m-card has-modal is-layout-flow wp-container-core-group-is-layout-8a368f38 wp-block-group-is-layout-flow\" data-modal-id=\"152104\">\n<figure class=\"wp-block-image size-full is-style-default\"><img loading=\"lazy\" decoding=\"async\" width=\"591\" height=\"413\" src=\"https:\/\/www.leeb-balkone.com\/app\/uploads\/2021\/11\/alu-balkongelaender-imola-rendering.jpg\" alt=\"alu balkongelaender imola rendering\" class=\"wp-image-61666\" srcset=\"https:\/\/www.leeb-balkone.com\/app\/uploads\/2021\/11\/alu-balkongelaender-imola-rendering.jpg 591w, https:\/\/www.leeb-balkone.com\/app\/uploads\/2021\/11\/alu-balkongelaender-imola-rendering-300x210.jpg 300w\" sizes=\"auto, (max-width: 591px) 100vw, 591px\" \/><\/figure>\n\n\n\n<div class=\"wp-block-group m-card-content is-vertical is-layout-flex wp-container-core-group-is-layout-5580f018 wp-block-group-is-layout-flex\">\n<h3 class=\"wp-block-heading\">Ringhiere per balconi in alluminio come balconi Select<\/h3>\n\n\n\n<p>Modelli base personalizzabili, perfettamente adattabili a qualsiasi casa.<\/p>\n<\/div>\n<a href=\"#overlay-152104\" class=\"open-modal-link\" aria-label=\"Open modal\"><span class=\"sr-only\">\u00d6ffne Modal<\/span><\/a><\/div>\n\n\n\n<div class=\"wp-block-group m-card is-style-white-cards has-modal is-layout-flow wp-container-core-group-is-layout-8a368f38 wp-block-group-is-layout-flow\" data-modal-id=\"154553\">\n<figure class=\"wp-block-image size-large is-style-default\"><img loading=\"lazy\" decoding=\"async\" width=\"1024\" height=\"714\" src=\"https:\/\/www.leeb-balkone.com\/app\/uploads\/2021\/12\/glas-sh-1024x714.png\" alt=\"glas sh\" class=\"wp-image-63367\" srcset=\"https:\/\/www.leeb-balkone.com\/app\/uploads\/2021\/12\/glas-sh-1024x714.png 1024w, https:\/\/www.leeb-balkone.com\/app\/uploads\/2021\/12\/glas-sh-300x209.png 300w, https:\/\/www.leeb-balkone.com\/app\/uploads\/2021\/12\/glas-sh-768x535.png 768w, https:\/\/www.leeb-balkone.com\/app\/uploads\/2021\/12\/glas-sh-1536x1070.png 1536w, https:\/\/www.leeb-balkone.com\/app\/uploads\/2021\/12\/glas-sh.png 2048w\" sizes=\"auto, (max-width: 1024px) 100vw, 1024px\" \/><\/figure>\n\n\n\n<div class=\"wp-block-group m-card-content is-vertical is-layout-flex wp-container-core-group-is-layout-5580f018 wp-block-group-is-layout-flex\">\n<h3 class=\"wp-block-heading\">Ringhiera per balcone in alluminio con vetro<\/h3>\n\n\n\n<p>Trasparenza elegante, tanta luce e un look moderno con il vetro per i balconi aperti.<\/p>\n<\/div>\n<a href=\"#overlay-154553\" class=\"open-modal-link\" aria-label=\"Open modal\"><span class=\"sr-only\">\u00d6ffne Modal<\/span><\/a><\/div>\n\n\n\n<div class=\"wp-block-group m-card has-modal is-layout-flow wp-container-core-group-is-layout-8a368f38 wp-block-group-is-layout-flow\" data-modal-id=\"152106\">\n<figure class=\"wp-block-image size-full\"><img loading=\"lazy\" decoding=\"async\" width=\"2560\" height=\"2560\" src=\"https:\/\/www.leeb-balkone.com\/app\/uploads\/2025\/08\/Rendering-Holzstruktur-Balkon-scaled.png\" alt=\"Rendering Holzstruktur Balkon\" class=\"wp-image-152480\" style=\"aspect-ratio:4\/3;object-fit:cover\" srcset=\"https:\/\/www.leeb-balkone.com\/app\/uploads\/2025\/08\/Rendering-Holzstruktur-Balkon-scaled.png 2560w, https:\/\/www.leeb-balkone.com\/app\/uploads\/2025\/08\/Rendering-Holzstruktur-Balkon-300x300.png 300w, https:\/\/www.leeb-balkone.com\/app\/uploads\/2025\/08\/Rendering-Holzstruktur-Balkon-1024x1024.png 1024w, https:\/\/www.leeb-balkone.com\/app\/uploads\/2025\/08\/Rendering-Holzstruktur-Balkon-150x150.png 150w, https:\/\/www.leeb-balkone.com\/app\/uploads\/2025\/08\/Rendering-Holzstruktur-Balkon-768x768.png 768w, https:\/\/www.leeb-balkone.com\/app\/uploads\/2025\/08\/Rendering-Holzstruktur-Balkon-1536x1536.png 1536w, https:\/\/www.leeb-balkone.com\/app\/uploads\/2025\/08\/Rendering-Holzstruktur-Balkon-2048x2048.png 2048w\" sizes=\"auto, (max-width: 2560px) 100vw, 2560px\" \/><\/figure>\n\n\n\n<div class=\"wp-block-group m-card-content is-vertical is-layout-flex wp-container-core-group-is-layout-5580f018 wp-block-group-is-layout-flex\">\n<h3 class=\"wp-block-heading\">Ringhiera per balcone in alluminio effetto legno<\/h3>\n\n\n\n<p>L&#8217;aspetto del legno senza manutenzione: durevole, resistente agli agenti atmosferici e ingannevolmente reale.<\/p>\n<\/div>\n<a href=\"#overlay-152106\" class=\"open-modal-link\" aria-label=\"Open modal\"><span class=\"sr-only\">\u00d6ffne Modal<\/span><\/a><\/div>\n\n\n\n<div class=\"wp-block-group m-card has-modal is-layout-flow wp-container-core-group-is-layout-8a368f38 wp-block-group-is-layout-flow\" data-modal-id=\"154723\">\n<figure class=\"wp-block-image size-large\"><img loading=\"lazy\" decoding=\"async\" width=\"1024\" height=\"576\" src=\"https:\/\/www.leeb-balkone.com\/app\/uploads\/2025\/02\/Modell-YAKU-Einzelansicht-1024x576.jpeg\" alt=\"Modell YAKU Einzelansicht\" class=\"wp-image-144536\" srcset=\"https:\/\/www.leeb-balkone.com\/app\/uploads\/2025\/02\/Modell-YAKU-Einzelansicht-1024x576.jpeg 1024w, https:\/\/www.leeb-balkone.com\/app\/uploads\/2025\/02\/Modell-YAKU-Einzelansicht-300x169.jpeg 300w, https:\/\/www.leeb-balkone.com\/app\/uploads\/2025\/02\/Modell-YAKU-Einzelansicht-768x432.jpeg 768w, https:\/\/www.leeb-balkone.com\/app\/uploads\/2025\/02\/Modell-YAKU-Einzelansicht-1536x864.jpeg 1536w, https:\/\/www.leeb-balkone.com\/app\/uploads\/2025\/02\/Modell-YAKU-Einzelansicht.jpeg 1890w\" sizes=\"auto, (max-width: 1024px) 100vw, 1024px\" \/><\/figure>\n\n\n\n<div class=\"wp-block-group m-card-content is-style-default is-vertical is-layout-flex wp-container-core-group-is-layout-5580f018 wp-block-group-is-layout-flex\">\n<h3 class=\"wp-block-heading\">Ringhiera per balcone in alluminio con perforazione<\/h3>\n\n\n\n<p>Design moderno, privacy e trasmissione della luce per un balcone dal design elegante.<\/p>\n<\/div>\n<a href=\"#overlay-154723\" class=\"open-modal-link\" aria-label=\"Open modal\"><span class=\"sr-only\">\u00d6ffne Modal<\/span><\/a><\/div>\n<\/div>\n\n\n\n<div class=\"wp-block-group o-grid u-md-1 is-layout-flow wp-block-group-is-layout-flow\" style=\"padding-top:var(--wp--preset--spacing--l)\">\n<div class=\"wp-block-group u-g-9 u-g-s-2 is-layout-flow wp-block-group-is-layout-flow\" style=\"margin-bottom:var(--wp--preset--spacing--s)\">\n<h3 class=\"wp-block-heading\">Accessori<\/h3>\n\n\n\n<p>Con le fioriere puoi creare un&#8217;atmosfera individuale e naturale sul balcone, mentre le modanature decorative e i listelli a clip forniscono dettagli eleganti e un aspetto armonioso.  <\/p>\n<\/div>\n<\/div>\n\n\n\n<div class=\"wp-block-group small sm-2-cols is-layout-grid wp-container-core-group-is-layout-7785d981 wp-block-group-is-layout-grid\">\n<div class=\"wp-block-group m-card is-layout-flow wp-container-core-group-is-layout-8a368f38 wp-block-group-is-layout-flow\">\n<figure class=\"wp-block-image size-large is-style-default\"><img loading=\"lazy\" decoding=\"async\" width=\"1024\" height=\"791\" src=\"https:\/\/www.leeb-balkone.com\/app\/uploads\/2025\/07\/Balkon-BLK-1024x791.png\" alt=\"Balkon BLK\" class=\"wp-image-151420\" srcset=\"https:\/\/www.leeb-balkone.com\/app\/uploads\/2025\/07\/Balkon-BLK-1024x791.png 1024w, https:\/\/www.leeb-balkone.com\/app\/uploads\/2025\/07\/Balkon-BLK-300x232.png 300w, https:\/\/www.leeb-balkone.com\/app\/uploads\/2025\/07\/Balkon-BLK-768x594.png 768w, https:\/\/www.leeb-balkone.com\/app\/uploads\/2025\/07\/Balkon-BLK-1536x1187.png 1536w, https:\/\/www.leeb-balkone.com\/app\/uploads\/2025\/07\/Balkon-BLK-2048x1583.png 2048w\" sizes=\"auto, (max-width: 1024px) 100vw, 1024px\" \/><\/figure>\n\n\n\n<div class=\"wp-block-group m-card-content has-white-background-color has-background is-vertical is-layout-flex wp-container-core-group-is-layout-5580f018 wp-block-group-is-layout-flex\">\n<h3 class=\"wp-block-heading\">Fioriere<\/h3>\n<\/div>\n<\/div>\n\n\n\n<div class=\"wp-block-group m-card is-layout-flow wp-container-core-group-is-layout-8a368f38 wp-block-group-is-layout-flow\">\n<figure class=\"wp-block-image size-large\"><img loading=\"lazy\" decoding=\"async\" width=\"1024\" height=\"791\" src=\"https:\/\/www.leeb-balkone.com\/app\/uploads\/2025\/07\/Balkon-Blende-mit-Zierstreifenprofil-1024x791.png\" alt=\"Balkon Blende mit Zierstreifenprofil\" class=\"wp-image-151425\" srcset=\"https:\/\/www.leeb-balkone.com\/app\/uploads\/2025\/07\/Balkon-Blende-mit-Zierstreifenprofil-1024x791.png 1024w, https:\/\/www.leeb-balkone.com\/app\/uploads\/2025\/07\/Balkon-Blende-mit-Zierstreifenprofil-300x232.png 300w, https:\/\/www.leeb-balkone.com\/app\/uploads\/2025\/07\/Balkon-Blende-mit-Zierstreifenprofil-768x594.png 768w, https:\/\/www.leeb-balkone.com\/app\/uploads\/2025\/07\/Balkon-Blende-mit-Zierstreifenprofil-1536x1187.png 1536w, https:\/\/www.leeb-balkone.com\/app\/uploads\/2025\/07\/Balkon-Blende-mit-Zierstreifenprofil-2048x1583.png 2048w\" sizes=\"auto, (max-width: 1024px) 100vw, 1024px\" \/><\/figure>\n\n\n\n<div class=\"wp-block-group m-card-content has-white-background-color has-background is-vertical is-layout-flex wp-container-core-group-is-layout-5580f018 wp-block-group-is-layout-flex\">\n<h3 class=\"wp-block-heading\">Modanature decorative\/modanature a clip<\/h3>\n<\/div>\n<\/div>\n<\/div>\n<\/section>\n\n\n\n<section class=\"wp-block-cover alignfull is-light katalog-cta\" style=\"margin-top:0;margin-bottom:0;padding-top:0;padding-right:0;padding-bottom:0;padding-left:0;min-height:100px;aspect-ratio:unset;\" id=\"katalogbestellung\"><img loading=\"lazy\" decoding=\"async\" width=\"1920\" height=\"599\" class=\"wp-block-cover__image-background wp-image-7912 size-full\" alt=\"leeb balkone katalog anfordern\" src=\"https:\/\/www.leeb-balkone.com\/app\/uploads\/2020\/09\/leeb-balkone-katalog-anfordern-1.jpeg\" data-object-fit=\"cover\" srcset=\"https:\/\/www.leeb-balkone.com\/app\/uploads\/2020\/09\/leeb-balkone-katalog-anfordern-1-300x94.jpeg 300w, https:\/\/www.leeb-balkone.com\/app\/uploads\/2020\/09\/leeb-balkone-katalog-anfordern-1-1024x319.jpeg 1024w, https:\/\/www.leeb-balkone.com\/app\/uploads\/2020\/09\/leeb-balkone-katalog-anfordern-1-768x240.jpeg 768w, https:\/\/www.leeb-balkone.com\/app\/uploads\/2020\/09\/leeb-balkone-katalog-anfordern-1-1536x479.jpeg 1536w\" sizes=\"auto, (max-width: 1920px) 100vw, 1920px\" \/><span aria-hidden=\"true\" class=\"wp-block-cover__background has-primary-45-background-color has-background-dim-80 has-background-dim\"><\/span><div class=\"wp-block-cover__inner-container has-global-padding is-layout-constrained wp-container-core-cover-is-layout-fc5783d2 wp-block-cover-is-layout-constrained\">\n<div class=\"wp-block-group is-layout-flow wp-block-group-is-layout-flow\" style=\"min-height:0px;margin-top:0;margin-bottom:0;padding-top:var(--wp--preset--spacing--2-xl);padding-bottom:var(--wp--preset--spacing--2-xl);padding-left:0\">\n<div class=\"wp-block-columns are-vertically-aligned-center is-layout-flex wp-container-core-columns-is-layout-0a4bbf16 wp-block-columns-is-layout-flex\" style=\"margin-top:0;margin-bottom:0\">\n<div class=\"wp-block-column is-vertically-aligned-center is-layout-flow wp-block-column-is-layout-flow\" style=\"flex-basis:66.66%\">\n<h2 class=\"wp-block-heading\">I nostri balconi in alluminio nel catalogo<\/h2>\n\n\n\n<p class=\"is-style-teaser\"><span class=\"teaser\">Il tuo catalogo personale ti aspetta! Ordina ora gratuitamente e scopri l&#8217;intera gamma di <span class=\"teaser\">ringhiere per balconi <\/span>in alluminio. Trova la soluzione che fa per te.  <\/span><\/p>\n<\/div>\n\n\n\n<div class=\"wp-block-column is-vertically-aligned-center is-layout-flow wp-block-column-is-layout-flow\" style=\"flex-basis:33.33%\">\n<div class=\"wp-block-buttons u-m-jc-left is-content-justification-right is-layout-flex wp-container-core-buttons-is-layout-c060c6c7 wp-block-buttons-is-layout-flex\">\n<div class=\"wp-block-button is-style-filled-white large\"><a class=\"wp-block-button__link wp-element-button\" href=\"https:\/\/www.leeb-balkone.com\/it\/contatti\/richiesta-catalogo\/\" style=\"box-shadow:var(--wp--preset--shadow--button-shadow)\">Richiedi il catalogo<\/a><\/div>\n<\/div>\n<\/div>\n<\/div>\n<\/div>\n<\/div><\/section>\n\n\n\n<section class=\"wp-block-group alignfull has-white-background-color has-background has-global-padding is-layout-constrained wp-container-core-group-is-layout-52f96efc wp-block-group-is-layout-constrained\">\n<div class=\"wp-block-group o-grid u-md-1 is-layout-flow wp-block-group-is-layout-flow\" style=\"padding-top:0\">\n<div class=\"wp-block-group u-g-9 u-g-s-2 is-layout-flow wp-block-group-is-layout-flow\" style=\"margin-bottom:var(--wp--preset--spacing--s)\">\n<h2 class=\"wp-block-heading\">Riferimenti<\/h2>\n<\/div>\n<\/div>\n\n\n\n<div class=\"wp-block-t3-carousel-wrapper\" id=\"t3-carousel-c182dbcf-465c-4603-a86f-78d7c3657248\"><div class=\"wp-block-t3-carousel t3-carousel-block swiper\" data-swiper-options=\"{&quot;loop&quot;:false,&quot;preloadImages&quot;:false,&quot;lazy&quot;:{&quot;loadPrevNext&quot;:true},&quot;autoplay&quot;:{&quot;delay&quot;:3000,&quot;disableOnInteraction&quot;:false},&quot;navigation&quot;:{&quot;nextEl&quot;:&quot;#t3-carousel-c182dbcf-465c-4603-a86f-78d7c3657248 .t3-carousel-c182dbcf-465c-4603-a86f-78d7c3657248-next&quot;,&quot;prevEl&quot;:&quot;#t3-carousel-c182dbcf-465c-4603-a86f-78d7c3657248 .t3-carousel-c182dbcf-465c-4603-a86f-78d7c3657248-prev&quot;},&quot;pagination&quot;:{&quot;el&quot;:&quot;#t3-carousel-c182dbcf-465c-4603-a86f-78d7c3657248 .t3-carousel-c182dbcf-465c-4603-a86f-78d7c3657248-pagination&quot;,&quot;clickable&quot;:true},&quot;scrollbar&quot;:false,&quot;breakpoints&quot;:{&quot;0&quot;:{&quot;slidesPerView&quot;:1.15,&quot;spaceBetween&quot;:24},&quot;769&quot;:{&quot;slidesPerView&quot;:1,&quot;spaceBetween&quot;:30}}}\"><div class=\"swiper-wrapper\">\n<div class=\"wp-block-t3-carousel-slide t3-carousel-slide swiper-slide\">\n<div class=\"wp-block-columns testimonial m-split is-layout-flex wp-container-core-columns-is-layout-3331f5f7 wp-block-columns-is-layout-flex\" style=\"padding-bottom:0\">\n<div class=\"wp-block-column is-layout-flow wp-block-column-is-layout-flow\">\n<div class=\"wp-block-group is-layout-flow wp-block-group-is-layout-flow has-background\" style=\"min-height:100%;background-image:url(&#039;https:\/\/www.leeb-balkone.com\/app\/uploads\/2021\/10\/referenz-alubalkon-bieniussa-scaled.jpg&#039;);background-size:cover;\"><\/div>\n<\/div>\n\n\n\n<div class=\"wp-block-column is-vertically-aligned-top testimonial-text is-layout-flow wp-block-column-is-layout-flow\">\n<div class=\"wp-block-group has-light-gray-background-color has-background is-vertical is-layout-flex wp-container-core-group-is-layout-044273ab wp-block-group-is-layout-flex\" style=\"padding-top:var(--wp--preset--spacing--xl);padding-right:var(--wp--preset--spacing--xl);padding-bottom:var(--wp--preset--spacing--xl);padding-left:var(--wp--preset--spacing--l)\">\n<p class=\"has-step-1-font-size\"><em>&#8220;Il risultato ha superato le nostre aspettative: Il balcone di Leeb \u00e8 ora il fulcro della nostra ampia terrazza e crea un nuovo ambiente di lusso. Ti invita a soffermarti e a goderti le serate&#8221;. <\/em><\/p>\n\n\n\n<p class=\"has-step-s-font-size\"><strong>Dr Bieniussa<br><\/strong>97688 Bad Kissingen<\/p>\n<\/div>\n<\/div>\n<\/div>\n<\/div>\n\n\n\n<div class=\"wp-block-t3-carousel-slide t3-carousel-slide swiper-slide\">\n<div class=\"wp-block-columns testimonial m-split is-layout-flex wp-container-core-columns-is-layout-3331f5f7 wp-block-columns-is-layout-flex\" style=\"padding-bottom:0\">\n<div class=\"wp-block-column is-layout-flow wp-block-column-is-layout-flow\">\n<div class=\"wp-block-group is-layout-flow wp-block-group-is-layout-flow has-background\" style=\"min-height:100%;background-image:url(&#039;https:\/\/www.leeb-balkone.com\/app\/uploads\/2021\/10\/referenz-alu-balkon-baingo-scaled.jpg&#039;);background-position:51% 51%;background-size:cover;\"><\/div>\n<\/div>\n\n\n\n<div class=\"wp-block-column is-vertically-aligned-top testimonial-text is-layout-flow wp-block-column-is-layout-flow\">\n<div class=\"wp-block-group has-light-gray-background-color has-background is-vertical is-layout-flex wp-container-core-group-is-layout-044273ab wp-block-group-is-layout-flex\" style=\"padding-top:var(--wp--preset--spacing--xl);padding-right:var(--wp--preset--spacing--xl);padding-bottom:var(--wp--preset--spacing--xl);padding-left:var(--wp--preset--spacing--l)\">\n<p class=\"has-step-1-font-size\"><em>&#8220;Caro team Leeb! Grazie mille per questa bellissima oasi. Siamo molto felici e soddisfatti della scelta&#8221;.  <\/em><\/p>\n\n\n\n<p class=\"has-step-s-font-size\"><strong>Signora Baingo<br><\/strong>13469 Berlino<\/p>\n<\/div>\n<\/div>\n<\/div>\n<\/div>\n\n\n\n<div class=\"wp-block-t3-carousel-slide t3-carousel-slide swiper-slide\">\n<div class=\"wp-block-columns testimonial m-split is-layout-flex wp-container-core-columns-is-layout-3331f5f7 wp-block-columns-is-layout-flex\" style=\"padding-bottom:0\">\n<div class=\"wp-block-column is-layout-flow wp-block-column-is-layout-flow\">\n<div class=\"wp-block-group is-layout-flow wp-block-group-is-layout-flow has-background\" style=\"min-height:100%;background-image:url(&#039;https:\/\/www.leeb-balkone.com\/app\/uploads\/2021\/04\/madrid-burgstaller-402407FE-e-IMG_3215-scaled.jpg&#039;);background-position:84% 0%;background-size:cover;\"><\/div>\n<\/div>\n\n\n\n<div class=\"wp-block-column is-vertically-aligned-top testimonial-text is-layout-flow wp-block-column-is-layout-flow\">\n<div class=\"wp-block-group has-light-gray-background-color has-background is-vertical is-layout-flex wp-container-core-group-is-layout-044273ab wp-block-group-is-layout-flex\" style=\"padding-top:var(--wp--preset--spacing--xl);padding-right:var(--wp--preset--spacing--xl);padding-bottom:var(--wp--preset--spacing--xl);padding-left:var(--wp--preset--spacing--l)\">\n<p class=\"has-step-1-font-size\"><em>&#8220;Siamo molto soddisfatti e l&#8217;aspetto \u00e8 esattamente quello che volevamo. La lavorazione e l&#8217;installazione sono avvenute senza problemi, anche prima della data prevista.&#8221; <\/em><\/p>\n\n\n\n<p class=\"has-step-s-font-size\"><strong>Famiglia Burgstaller<br><\/strong>94474 Vilshofen an der Donau<\/p>\n<\/div>\n<\/div>\n<\/div>\n<\/div>\n<\/div><div class=\"swiper-pagination t3-carousel-c182dbcf-465c-4603-a86f-78d7c3657248-pagination\"><\/div><\/div><div class=\"swiper-button-prev t3-carousel-c182dbcf-465c-4603-a86f-78d7c3657248-prev\"><\/div><div class=\"swiper-button-next t3-carousel-c182dbcf-465c-4603-a86f-78d7c3657248-next\"><\/div><\/div>\n<\/section>\n\n\n\n<section class=\"wp-block-group alignfull has-white-background-color has-background has-global-padding is-layout-constrained wp-container-core-group-is-layout-9fa1424c wp-block-group-is-layout-constrained\" style=\"padding-top:0\">\n<div class=\"wp-block-group o-grid u-md-1 is-layout-flow wp-block-group-is-layout-flow\" style=\"padding-top:0\">\n<div class=\"wp-block-group u-g-9 u-g-s-2 is-layout-flow wp-block-group-is-layout-flow\" style=\"margin-bottom:var(--wp--preset--spacing--s)\">\n<h2 class=\"wp-block-heading\">Perch\u00e9 una ringhiera per balcone in alluminio di Leeb?<\/h2>\n\n\n\n<p><span class=\"teaser\">Ogni ringhiera per balconi in alluminio Leeb combina un look senza tempo, una tecnologia innovativa e una qualit\u00e0 duratura, per una casa sicura, bella e che richiede poca manutenzione. La ringhiera per balconi del numero 1 in Europa. <\/span><\/p>\n<\/div>\n<\/div>\n\n\n\n<div class=\"wp-block-group is-layout-flow wp-container-core-group-is-layout-d5075d26 wp-block-group-is-layout-flow\">\n<div class=\"wp-block-columns is-style-shadow m-split is-layout-flex wp-container-core-columns-is-layout-28f84493 wp-block-columns-is-layout-flex\">\n<div class=\"wp-block-column is-style-default is-layout-flow wp-block-column-is-layout-flow\">\n<figure class=\"wp-block-image size-large\"><img loading=\"lazy\" decoding=\"async\" width=\"1024\" height=\"683\" src=\"https:\/\/www.leeb-balkone.com\/app\/uploads\/2020\/06\/balkongelaender-alu-design-villach-21-1024x683.jpeg\" alt=\"Balcone piccolo con ringhiera in alluminio design Villach\" class=\"wp-image-7981\" srcset=\"https:\/\/www.leeb-balkone.com\/app\/uploads\/2020\/06\/balkongelaender-alu-design-villach-21-1024x683.jpeg 1024w, https:\/\/www.leeb-balkone.com\/app\/uploads\/2020\/06\/balkongelaender-alu-design-villach-21-300x200.jpeg 300w, https:\/\/www.leeb-balkone.com\/app\/uploads\/2020\/06\/balkongelaender-alu-design-villach-21-768x512.jpeg 768w, https:\/\/www.leeb-balkone.com\/app\/uploads\/2020\/06\/balkongelaender-alu-design-villach-21-1536x1024.jpeg 1536w, https:\/\/www.leeb-balkone.com\/app\/uploads\/2020\/06\/balkongelaender-alu-design-villach-21-2048x1366.jpeg 2048w\" sizes=\"auto, (max-width: 1024px) 100vw, 1024px\" \/><\/figure>\n<\/div>\n\n\n\n<div class=\"wp-block-column is-vertically-aligned-center is-style-overlay-content is-layout-flow wp-block-column-is-layout-flow\">\n<div class=\"wp-block-group is-vertical is-layout-flex wp-container-core-group-is-layout-6aed0e10 wp-block-group-is-layout-flex\">\n<h3 class=\"wp-block-heading\">Niente pi\u00f9 pittura<\/h3>\n\n\n\n<p>Grazie alla combinazione di qualit\u00e0 dei materiali, rivestimento innovativo e struttura stabile, le ringhiere per balconi in alluminio Leeb sono praticamente esenti da manutenzione e offrono una vita utile eccezionalmente lunga. Non sono necessari i tipici lavori di manutenzione come la verniciatura, la levigatura o la riverniciatura. Anche la formazione di ruggine o la corrosione non sono un problema con l&#8217;alluminio di Leeb.  <\/p>\n\n\n\n<div class=\"wp-block-buttons is-layout-flex wp-block-buttons-is-layout-flex\" style=\"margin-top:var(--wp--preset--spacing--2-xs)\">\n<div class=\"wp-block-button is-style-outline-secondary\"><a class=\"wp-block-button__link has-transparent-background-color has-background wp-element-button\" href=\"https:\/\/www.leeb-balkone.com\/it\/tecnologia\/\">Tecnologia<\/a><\/div>\n<\/div>\n<\/div>\n<\/div>\n<\/div>\n\n\n\n<div class=\"wp-block-columns is-style-shadow m-split m-split-reverse is-layout-flex wp-container-core-columns-is-layout-28f84493 wp-block-columns-is-layout-flex\">\n<div class=\"wp-block-column is-style-default is-layout-flow wp-block-column-is-layout-flow\">\n<figure class=\"wp-block-image size-large\"><img loading=\"lazy\" decoding=\"async\" width=\"1024\" height=\"742\" src=\"https:\/\/www.leeb-balkone.com\/app\/uploads\/2020\/06\/balkongelaender-alu-design-barcelona-33-1024x742.jpg\" alt=\"Ringhiera per balcone moderna realizzata con montanti in acciaio inox - Balcone in alluminio design Barcellona\" class=\"wp-image-51109\" srcset=\"https:\/\/www.leeb-balkone.com\/app\/uploads\/2020\/06\/balkongelaender-alu-design-barcelona-33-1024x742.jpg 1024w, https:\/\/www.leeb-balkone.com\/app\/uploads\/2020\/06\/balkongelaender-alu-design-barcelona-33-300x218.jpg 300w, https:\/\/www.leeb-balkone.com\/app\/uploads\/2020\/06\/balkongelaender-alu-design-barcelona-33-768x557.jpg 768w, https:\/\/www.leeb-balkone.com\/app\/uploads\/2020\/06\/balkongelaender-alu-design-barcelona-33-1536x1114.jpg 1536w, https:\/\/www.leeb-balkone.com\/app\/uploads\/2020\/06\/balkongelaender-alu-design-barcelona-33-scaled.jpg 2048w\" sizes=\"auto, (max-width: 1024px) 100vw, 1024px\" \/><\/figure>\n<\/div>\n\n\n\n<div class=\"wp-block-column is-vertically-aligned-center is-style-overlay-content is-layout-flow wp-block-column-is-layout-flow\">\n<div class=\"wp-block-group is-vertical is-layout-flex wp-container-core-group-is-layout-6aed0e10 wp-block-group-is-layout-flex\">\n<h3 class=\"wp-block-heading\">Aggiornamento e comfort abitativo<\/h3>\n\n\n\n<p>Un balcone in alluminio Leeb migliora sensibilmente la qualit\u00e0 della vita: crea un&#8217;area esterna sicura, attraente e che richiede poca manutenzione, che ti invita a rilassarti, divertirti e sentirti bene. La ringhiera in alluminio Leeb \u00e8 sinonimo di maggiore comfort abitativo, mantenimento del valore e un vantaggio in termini di qualit\u00e0 della vita quotidiana. Con pi\u00f9 di 300 modelli di design, varianti di colore individuali e un aspetto di legno ingannevolmente reale, la ringhiera per balconi si adatta perfettamente al tuo stile e valorizza la tua casa sia dal punto di vista visivo che funzionale.  <\/p>\n\n\n\n<div class=\"wp-block-buttons is-layout-flex wp-block-buttons-is-layout-flex\" style=\"margin-top:var(--wp--preset--spacing--2-xs)\">\n<div class=\"wp-block-button is-style-outline-secondary\"><a class=\"wp-block-button__link has-transparent-background-color has-background wp-element-button\" href=\"https:\/\/www.leeb-balkone.com\/it\/tecnologia\/\">Assistenza<\/a><\/div>\n<\/div>\n<\/div>\n<\/div>\n<\/div>\n\n\n\n<div class=\"wp-block-columns is-style-shadow m-split is-layout-flex wp-container-core-columns-is-layout-28f84493 wp-block-columns-is-layout-flex\">\n<div class=\"wp-block-column is-style-default is-layout-flow wp-block-column-is-layout-flow\">\n<figure class=\"wp-block-image size-large\"><img loading=\"lazy\" decoding=\"async\" width=\"1024\" height=\"682\" src=\"https:\/\/www.leeb-balkone.com\/app\/uploads\/2023\/09\/ueberdachung-sommergarten-kombination-1024x682.jpg\" alt=\"ueberdachung sommergarten kombination\" class=\"wp-image-131854\" srcset=\"https:\/\/www.leeb-balkone.com\/app\/uploads\/2023\/09\/ueberdachung-sommergarten-kombination-1024x682.jpg 1024w, https:\/\/www.leeb-balkone.com\/app\/uploads\/2023\/09\/ueberdachung-sommergarten-kombination-300x200.jpg 300w, https:\/\/www.leeb-balkone.com\/app\/uploads\/2023\/09\/ueberdachung-sommergarten-kombination-768x512.jpg 768w, https:\/\/www.leeb-balkone.com\/app\/uploads\/2023\/09\/ueberdachung-sommergarten-kombination-1536x1024.jpg 1536w, https:\/\/www.leeb-balkone.com\/app\/uploads\/2023\/09\/ueberdachung-sommergarten-kombination-2048x1365.jpg 2048w\" sizes=\"auto, (max-width: 1024px) 100vw, 1024px\" \/><\/figure>\n<\/div>\n\n\n\n<div class=\"wp-block-column is-vertically-aligned-center is-style-overlay-content is-layout-flow wp-block-column-is-layout-flow\">\n<div class=\"wp-block-group is-vertical is-layout-flex wp-container-core-group-is-layout-6aed0e10 wp-block-group-is-layout-flex\">\n<h3 class=\"wp-block-heading\">Molte possibilit\u00e0<\/h3>\n\n\n\n<p>I sistemi Leeb possono essere combinati in modo flessibile e sono realizzati su misura: questo apre numerose opzioni in termini di ampliamento e design. Le coperture per balconi che si abbinano alle ringhiere dei balconi offrono una protezione affidabile dalle intemperie e migliorano l&#8217;ambiente. I pacchetti di ampliamento Leeb, come il balcone\/giardino estivo in alluminio, creano uno spazio aperto e vivibile che pu\u00f2 essere utilizzato tutto l&#8217;anno, il tutto da un unico fornitore e perfettamente coordinato.  <\/p>\n\n\n\n<div class=\"wp-block-buttons is-layout-flex wp-block-buttons-is-layout-flex\" style=\"margin-top:var(--wp--preset--spacing--2-xs)\">\n<div class=\"wp-block-button is-style-outline-secondary\"><a class=\"wp-block-button__link has-transparent-background-color has-background wp-element-button\" href=\"https:\/\/www.leeb-balkone.com\/it\/balconi-modulari\/\">Balcone annesso<\/a><\/div>\n<\/div>\n<\/div>\n<\/div>\n<\/div>\n<\/div>\n<\/section>\n\n\n\n<section class=\"wp-block-group alignfull has-light-gray-background-color has-background has-global-padding is-layout-constrained wp-container-core-group-is-layout-52f96efc wp-block-group-is-layout-constrained\">\n<div class=\"wp-block-group o-grid u-md-1 is-layout-flow wp-block-group-is-layout-flow\" style=\"padding-top:0\">\n<div class=\"wp-block-group u-g-9 u-g-s-2 is-layout-flow wp-block-group-is-layout-flow\" style=\"margin-bottom:var(--wp--preset--spacing--s)\">\n<h2 class=\"wp-block-heading\">Domande frequenti<\/h2>\n\n\n\n<p style=\"padding-bottom:var(--wp--preset--spacing--m)\"><span class=\"teaser\">Hai domande generali sulle nostre ringhiere per balconi in alluminio? Nelle nostre FAQ troverai risposte concise alle domande pi\u00f9 frequenti sui balconi in alluminio. <\/span><\/p>\n\n\n\n<div class=\"wp-block-t3-acc-accordion is-style-default\"><button id=\"accordion-3d988893-bf77-4c9b-a56e-287461f6b391-button\" class=\"accordion__button\" aria-expanded=\"false\" aria-controls=\"accordion-3d988893-bf77-4c9b-a56e-287461f6b391-panel\"><h3 data-accordion-title=\"true\" style=\"font-size:var(--step-1)\">Quali sono i vantaggi delle ringhiere per balconi in alluminio?<\/h3><\/button><div id=\"accordion-3d988893-bf77-4c9b-a56e-287461f6b391-panel\" class=\"accordion__panel\" role=\"region\" aria-labelledby=\"accordion-3d988893-bf77-4c9b-a56e-287461f6b391-button\">\n<p>Le ringhiere per balconi in alluminio sono estremamente resistenti agli agenti atmosferici e alla <strong>ruggine<\/strong>, il che le rende estremamente durevoli e a bassa manutenzione. Non hanno bisogno di essere verniciate, sono leggere e allo stesso tempo molto stabili. Inoltre, offrono un&#8217;enorme variet\u00e0 di design e possono essere verniciate a polvere in numerosi colori, il che le rende ideali per qualsiasi architettura. Sono una soluzione moderna e duratura. Con i <strong>balconi Leeb<\/strong> puoi beneficiare di questi vantaggi con la massima qualit\u00e0. Grazie alla produzione interna e alla costruzione robusta, otterrai una ringhiera di lunga durata che manterr\u00e0 il suo aspetto e la sua funzionalit\u00e0 per decenni senza doverti preoccupare della ruggine o della lunga manutenzione.     <\/p>\n<\/div><\/div>\n\n\n\n<div class=\"wp-block-t3-acc-accordion is-style-default\"><button id=\"accordion-84743e56-7242-4ed2-a85d-5f536698ac8f-button\" class=\"accordion__button\" aria-expanded=\"false\" aria-controls=\"accordion-84743e56-7242-4ed2-a85d-5f536698ac8f-panel\"><h3 data-accordion-title=\"true\" style=\"font-size:var(--step-1)\"><strong>Quanto sono sicure le ringhiere per balconi in alluminio?<\/strong><\/h3><\/button><div id=\"accordion-84743e56-7242-4ed2-a85d-5f536698ac8f-panel\" class=\"accordion__panel\" role=\"region\" aria-labelledby=\"accordion-84743e56-7242-4ed2-a85d-5f536698ac8f-button\">\n<p>Le ringhiere per balconi in alluminio offrono un <strong>livello di sicurezza molto elevato<\/strong> se vengono prodotte e installate professionalmente in conformit\u00e0 con gli standard di costruzione e sicurezza pertinenti. Il materiale \u00e8 robusto e resistente agli agenti esterni, il che garantisce la stabilit\u00e0 a lungo termine della struttura. Fattori importanti sono lo spessore dei profili e il tipo di fissaggio.  <br><strong>Leeb Balconies<\/strong> attribuisce grande importanza alla sicurezza. Tutte le balaustre in alluminio sono realizzate in conformit\u00e0 ai pi\u00f9 severi standard europei e sono progettate per garantire la massima capacit\u00e0 di carico. La progettazione e l&#8217;installazione professionale da parte di squadre esperte garantiscono la massima protezione dalle cadute e una stabilit\u00e0 duratura per la tua casa.  <\/p>\n<\/div><\/div>\n\n\n\n<div class=\"wp-block-t3-acc-accordion is-style-default\"><button id=\"accordion-da569bab-6e77-4d71-8bd0-4dfde0433cfe-button\" class=\"accordion__button\" aria-expanded=\"false\" aria-controls=\"accordion-da569bab-6e77-4d71-8bd0-4dfde0433cfe-panel\"><h3 data-accordion-title=\"true\" style=\"font-size:var(--step-1)\"><strong>Le ringhiere per balconi in alluminio richiedono una manutenzione regolare?<\/strong><\/h3><\/button><div id=\"accordion-da569bab-6e77-4d71-8bd0-4dfde0433cfe-panel\" class=\"accordion__panel\" role=\"region\" aria-labelledby=\"accordion-da569bab-6e77-4d71-8bd0-4dfde0433cfe-button\">\n<p>Uno dei principali vantaggi dell&#8217;alluminio \u00e8 che <strong>non richiede quasi mai manutenzione<\/strong>. A differenza del legno o dell&#8217;acciaio non rivestito, le ringhiere in alluminio non richiedono una verniciatura regolare per evitare la ruggine o la marcescenza. Grazie a speciali rivestimenti, la loro superficie \u00e8 altamente resistente alle influenze ambientali come i raggi UV o l&#8217;umidit\u00e0. \u00c8 sufficiente una pulizia occasionale. Il <strong>rivestimento in polvere di Leeb Balconies<\/strong> \u00e8 particolarmente robusto e resistente. Per te questo significa che non c&#8217;\u00e8 bisogno di carteggiare o verniciare. Basta una semplice passata con acqua e un detergente delicato per mantenere la bellezza e la protezione della tua balaustra Leeb per molti anni.      <\/p>\n<\/div><\/div>\n\n\n\n<div class=\"wp-block-t3-acc-accordion is-style-default\"><button id=\"accordion-1ee9bc48-6975-4f31-9705-b4b9ecd3e7d0-button\" class=\"accordion__button\" aria-expanded=\"false\" aria-controls=\"accordion-1ee9bc48-6975-4f31-9705-b4b9ecd3e7d0-panel\"><h3 data-accordion-title=\"true\" style=\"font-size:var(--step-1)\"><strong><strong>Quali sono le opzioni di design disponibili per le ringhiere per balconi in alluminio?<\/strong><\/strong><\/h3><\/button><div id=\"accordion-1ee9bc48-6975-4f31-9705-b4b9ecd3e7d0-panel\" class=\"accordion__panel\" role=\"region\" aria-labelledby=\"accordion-1ee9bc48-6975-4f31-9705-b4b9ecd3e7d0-button\">\n<p>L&#8217;alluminio \u00e8 un materiale molto flessibile che consente un&#8217;<strong> ampia variet\u00e0 di design<\/strong>. Dal semplice design di una barra e dai vetri trasparenti alle lastre forate o agli elementi con finitura in legno, tutto \u00e8 possibile. Anche per quanto riguarda i colori non ci sono limiti all&#8217;immaginazione: l&#8217;alluminio pu\u00f2 essere rivestito in qualsiasi colore RAL. <strong>Leeb Balconies<\/strong> \u00e8 nota per la sua ampia gamma di design in alluminio, che spazia da un look moderno e purista a uno tradizionale. Grazie al processo di progettazione e produzione interno, puoi personalizzare la tua balaustra in base alle tue idee e persino creare elementi individuali o combinazioni con altri materiali.   <\/p>\n<\/div><\/div>\n\n\n\n<div class=\"wp-block-t3-acc-accordion is-style-default\"><button id=\"accordion-be9b60ba-f85e-48c7-ae9b-d9a76e3f034c-button\" class=\"accordion__button\" aria-expanded=\"false\" aria-controls=\"accordion-be9b60ba-f85e-48c7-ae9b-d9a76e3f034c-panel\"><h3 data-accordion-title=\"true\" style=\"font-size:var(--step-1)\"><strong><strong>Qual \u00e8 il prezzo delle ringhiere in alluminio rispetto agli altri materiali?<\/strong><\/strong><\/h3><\/button><div id=\"accordion-be9b60ba-f85e-48c7-ae9b-d9a76e3f034c-panel\" class=\"accordion__panel\" role=\"region\" aria-labelledby=\"accordion-be9b60ba-f85e-48c7-ae9b-d9a76e3f034c-button\">\n<p>Il costo delle ringhiere per balconi in alluminio si colloca generalmente nella <strong>fascia di prezzo medio-alta<\/strong>, spesso paragonabile a quello delle ringhiere in acciaio inox di alta qualit\u00e0. L&#8217;acquisto \u00e8 solitamente pi\u00f9 costoso rispetto alle ringhiere in legno o in acciaio, ma la manutenzione \u00e8 decisamente pi\u00f9 economica grazie all&#8217;assenza di costi di manutenzione e alla loro lunghissima durata. <strong>Leeb Balconies<\/strong> offre ringhiere in alluminio personalizzate, il cui prezzo dipende dalle dimensioni, dal design e dagli extra desiderati. Tuttavia, l&#8217;investimento iniziale si ripaga a lungo termine grazie alla <strong>lunghissima durata e all&#8217;assenza di costi di manutenzione<\/strong>, rendendo i prodotti Leeb una scelta economicamente vantaggiosa.  <\/p>\n<\/div><\/div>\n\n\n\n<div class=\"wp-block-t3-acc-accordion is-style-default\"><button id=\"accordion-1459e401-0df8-4ff0-874a-165a9a70ecb3-button\" class=\"accordion__button\" aria-expanded=\"false\" aria-controls=\"accordion-1459e401-0df8-4ff0-874a-165a9a70ecb3-panel\"><h3 data-accordion-title=\"true\" style=\"font-size:var(--step-1)\"><strong><strong><strong><strong>Le ringhiere per balconi in alluminio sono ecologiche?<\/strong><\/strong><\/strong><\/strong><\/h3><\/button><div id=\"accordion-1459e401-0df8-4ff0-874a-165a9a70ecb3-panel\" class=\"accordion__panel\" role=\"region\" aria-labelledby=\"accordion-1459e401-0df8-4ff0-874a-165a9a70ecb3-button\">\n<p>S\u00ec, l&#8217;alluminio \u00e8 considerato un <strong>materiale molto ecologico<\/strong> perch\u00e9 \u00e8 riciclabile al 100% senza alcuna perdita di qualit\u00e0. Il processo di riciclaggio richiede una quantit\u00e0 di energia significativamente inferiore rispetto alla produzione primaria, il che migliora il bilancio ecologico delle ringhiere in alluminio. Anche la loro longevit\u00e0 contribuisce alla sostenibilit\u00e0, poich\u00e9 sono necessarie meno risorse per le sostituzioni. <strong>Leeb Balconies<\/strong> tiene conto degli aspetti di sostenibilit\u00e0 durante l&#8217;intero processo di produzione. Grazie alla durata delle ringhiere in alluminio e alla possibilit\u00e0 di riciclarle, Leeb contribuisce all&#8217;uso responsabile delle risorse e offre prodotti non solo moderni ma anche attenti all&#8217;ambiente.   <\/p>\n<\/div><\/div>\n\n\n\n<div class=\"wp-block-t3-acc-accordion is-style-default\"><button id=\"accordion-d310de90-296f-48bf-be2d-accf3550bda0-button\" class=\"accordion__button\" aria-expanded=\"false\" aria-controls=\"accordion-d310de90-296f-48bf-be2d-accf3550bda0-panel\"><h3 data-accordion-title=\"true\" style=\"font-size:var(--step-1)\"><strong><strong><strong>Quanto tempo ci vuole per produrre e installare un balcone in alluminio?<\/strong><\/strong><\/strong><\/h3><\/button><div id=\"accordion-d310de90-296f-48bf-be2d-accf3550bda0-panel\" class=\"accordion__panel\" role=\"region\" aria-labelledby=\"accordion-d310de90-296f-48bf-be2d-accf3550bda0-button\">\n<p>I tempi di produzione di una ringhiera per balconi in alluminio personalizzata variano a seconda della situazione dell&#8217;ordine e della complessit\u00e0 del progetto, ma di solito si aggirano intorno a <strong>diverse settimane<\/strong>. Grazie alla precisa prefabbricazione, l&#8217;assemblaggio vero e proprio in loco viene solitamente completato in <strong>uno o pochi giorni<\/strong>, a seconda delle dimensioni e del numero di ringhiere. Alla <strong>Leeb Balconies<\/strong>, durante la consulenza, riceverai una stima chiara dei tempi di consegna e di installazione. Grazie alla produzione interna e ai team di installatori esperti, Leeb \u00e8 in grado di progettare i processi in modo efficiente e di garantire che la tua ringhiera per balconi in alluminio di alta qualit\u00e0 sia completata nei tempi previsti.   <\/p>\n<\/div><\/div>\n<\/div>\n<\/div>\n<\/section>\n\n\n\n<section class=\"wp-block-group alignfull has-white-background-color has-background has-global-padding is-layout-constrained wp-container-core-group-is-layout-52f96efc wp-block-group-is-layout-constrained\">\n<div class=\"wp-block-group o-grid u-md-1 is-layout-flow wp-block-group-is-layout-flow\" style=\"padding-top:0\">\n<div class=\"wp-block-group u-g-9 u-g-s-2 is-layout-flow wp-block-group-is-layout-flow\">\n<h2 class=\"wp-block-heading\">Impronte di ringhiere per balconi in alluminio<\/h2>\n\n\n\n<p style=\"padding-bottom:var(--wp--preset--spacing--m)\"><span class=\"teaser\">Lasciati ispirare dalle possibilit\u00e0 di design dei nostri balconi in alluminio.<\/span><\/p>\n<\/div>\n<\/div>\n\n\n    <div id=\"t3-lg-block-1\" class=\"wp-block-t3-lightgallery\" data-initial-count=\"6\">\n      <div class=\"lg-container u-grid-temp has-3-cols\">\n                  <div class=\"lg-item\" data-src=\"https:\/\/www.leeb-balkone.com\/app\/uploads\/2023\/03\/glasbalkon-ballina-und-solarbalkon-optimus-in-aluminium-anthrazit-scaled.jpg\"\n              data-sub-html=\"&lt;p&gt;Glasbalkon Ballina mit sandgestrahltem Kreismuster&lt;\/p&gt;\">\n            <div class=\"img-wrapper\">\n                <figure>\n                    <img loading=\"lazy\" decoding=\"async\" width=\"300\" height=\"169\" src=\"https:\/\/www.leeb-balkone.com\/app\/uploads\/2023\/03\/glasbalkon-ballina-und-solarbalkon-optimus-in-aluminium-anthrazit-300x169.jpg\" class=\"attachment-medium size-medium\" alt=\"Alu Glas Gel\u00e4nder Ballina mit sandgestrahltem Kreismuster\" srcset=\"https:\/\/www.leeb-balkone.com\/app\/uploads\/2023\/03\/glasbalkon-ballina-und-solarbalkon-optimus-in-aluminium-anthrazit-300x169.jpg 300w, https:\/\/www.leeb-balkone.com\/app\/uploads\/2023\/03\/glasbalkon-ballina-und-solarbalkon-optimus-in-aluminium-anthrazit-1024x575.jpg 1024w, https:\/\/www.leeb-balkone.com\/app\/uploads\/2023\/03\/glasbalkon-ballina-und-solarbalkon-optimus-in-aluminium-anthrazit-768x431.jpg 768w, https:\/\/www.leeb-balkone.com\/app\/uploads\/2023\/03\/glasbalkon-ballina-und-solarbalkon-optimus-in-aluminium-anthrazit-1536x863.jpg 1536w, https:\/\/www.leeb-balkone.com\/app\/uploads\/2023\/03\/glasbalkon-ballina-und-solarbalkon-optimus-in-aluminium-anthrazit-2048x1151.jpg 2048w\" sizes=\"auto, (min-width: 1200px) 260px, (min-width: 1024px) 220px, (min-width: 640px) 465px, 768px\" \/>    \n                <\/figure>\n                        <\/div>\n            <p>Glasbalkon Ballina mit sandgestrahltem Kreismuster<\/p>        <\/div>\n                  <div class=\"lg-item\" data-src=\"https:\/\/www.leeb-balkone.com\/app\/uploads\/2021\/04\/alu-anbaubalkon-gelaender-riva-2-scaled.jpg\"\n              data-sub-html=\"&lt;p&gt;Balkon Riva&lt;\/p&gt;\">\n            <div class=\"img-wrapper\">\n                <figure>\n                    <img loading=\"lazy\" decoding=\"async\" width=\"300\" height=\"200\" src=\"https:\/\/www.leeb-balkone.com\/app\/uploads\/2021\/04\/alu-anbaubalkon-gelaender-riva-2-300x200.jpg\" class=\"attachment-medium size-medium\" alt=\"alu anbaubalkon gelaender riva\" srcset=\"https:\/\/www.leeb-balkone.com\/app\/uploads\/2021\/04\/alu-anbaubalkon-gelaender-riva-2-300x200.jpg 300w, https:\/\/www.leeb-balkone.com\/app\/uploads\/2021\/04\/alu-anbaubalkon-gelaender-riva-2-1024x684.jpg 1024w, https:\/\/www.leeb-balkone.com\/app\/uploads\/2021\/04\/alu-anbaubalkon-gelaender-riva-2-768x513.jpg 768w, https:\/\/www.leeb-balkone.com\/app\/uploads\/2021\/04\/alu-anbaubalkon-gelaender-riva-2-1536x1025.jpg 1536w, https:\/\/www.leeb-balkone.com\/app\/uploads\/2021\/04\/alu-anbaubalkon-gelaender-riva-2-scaled.jpg 2048w\" sizes=\"auto, (min-width: 1200px) 260px, (min-width: 1024px) 220px, (min-width: 640px) 465px, 768px\" \/>    \n                <\/figure>\n                        <\/div>\n            <p>Balkon Riva<\/p>        <\/div>\n                  <div class=\"lg-item\" data-src=\"https:\/\/www.leeb-balkone.com\/app\/uploads\/2021\/01\/vorher-nachher-vergleich-alu-balkon-palma-2-scaled.jpg\"\n              data-sub-html=\"&lt;p&gt;Balkongel\u00e4nder  Palma&lt;\/p&gt;\">\n            <div class=\"img-wrapper\">\n                <figure>\n                    <img loading=\"lazy\" decoding=\"async\" width=\"300\" height=\"225\" src=\"https:\/\/www.leeb-balkone.com\/app\/uploads\/2021\/01\/vorher-nachher-vergleich-alu-balkon-palma-2-300x225.jpg\" class=\"attachment-medium size-medium\" alt=\"Kreatives Balkongel\u00e4nder mit kombinierter Glas-Alu-F\u00fcllung - Alubalkon Alu Design Palma\" srcset=\"https:\/\/www.leeb-balkone.com\/app\/uploads\/2021\/01\/vorher-nachher-vergleich-alu-balkon-palma-2-300x225.jpg 300w, https:\/\/www.leeb-balkone.com\/app\/uploads\/2021\/01\/vorher-nachher-vergleich-alu-balkon-palma-2-1024x767.jpg 1024w, https:\/\/www.leeb-balkone.com\/app\/uploads\/2021\/01\/vorher-nachher-vergleich-alu-balkon-palma-2-768x575.jpg 768w, https:\/\/www.leeb-balkone.com\/app\/uploads\/2021\/01\/vorher-nachher-vergleich-alu-balkon-palma-2-1536x1151.jpg 1536w, https:\/\/www.leeb-balkone.com\/app\/uploads\/2021\/01\/vorher-nachher-vergleich-alu-balkon-palma-2-2048x1535.jpg 2048w\" sizes=\"auto, (min-width: 1200px) 260px, (min-width: 1024px) 220px, (min-width: 640px) 465px, 768px\" \/>    \n                <\/figure>\n                        <\/div>\n            <p>Balkongel\u00e4nder  Palma<\/p>        <\/div>\n                  <div class=\"lg-item\" data-src=\"https:\/\/www.leeb-balkone.com\/app\/uploads\/2020\/06\/balkongelaender-alu-design-barcelona-34-scaled.jpg\"\n              data-sub-html=\"&lt;p&gt;Balkonmodell Barcelona&lt;\/p&gt;\">\n            <div class=\"img-wrapper\">\n                <figure>\n                    <img loading=\"lazy\" decoding=\"async\" width=\"300\" height=\"200\" src=\"https:\/\/www.leeb-balkone.com\/app\/uploads\/2020\/06\/balkongelaender-alu-design-barcelona-34-300x200.jpg\" class=\"attachment-medium size-medium\" alt=\"balkongelaender alu design barcelona\" srcset=\"https:\/\/www.leeb-balkone.com\/app\/uploads\/2020\/06\/balkongelaender-alu-design-barcelona-34-300x200.jpg 300w, https:\/\/www.leeb-balkone.com\/app\/uploads\/2020\/06\/balkongelaender-alu-design-barcelona-34-1024x683.jpg 1024w, https:\/\/www.leeb-balkone.com\/app\/uploads\/2020\/06\/balkongelaender-alu-design-barcelona-34-768x512.jpg 768w, https:\/\/www.leeb-balkone.com\/app\/uploads\/2020\/06\/balkongelaender-alu-design-barcelona-34-1536x1025.jpg 1536w, https:\/\/www.leeb-balkone.com\/app\/uploads\/2020\/06\/balkongelaender-alu-design-barcelona-34-2048x1367.jpg 2048w\" sizes=\"auto, (min-width: 1200px) 260px, (min-width: 1024px) 220px, (min-width: 640px) 465px, 768px\" \/>    \n                <\/figure>\n                        <\/div>\n            <p>Balkonmodell Barcelona<\/p>        <\/div>\n                  <div class=\"lg-item\" data-src=\"https:\/\/www.leeb-balkone.com\/app\/uploads\/2020\/09\/glas-balkongelaender-alu-design-casa-linea-24-scaled.jpg\"\n              data-sub-html=\"&lt;p&gt;Balkon Casa Linea&lt;\/p&gt;\">\n            <div class=\"img-wrapper\">\n                <figure>\n                    <img loading=\"lazy\" decoding=\"async\" width=\"300\" height=\"200\" src=\"https:\/\/www.leeb-balkone.com\/app\/uploads\/2020\/09\/glas-balkongelaender-alu-design-casa-linea-24-300x200.jpg\" class=\"attachment-medium size-medium\" alt=\"Neue Hausfassade mit modernem Glasbalkon\" srcset=\"https:\/\/www.leeb-balkone.com\/app\/uploads\/2020\/09\/glas-balkongelaender-alu-design-casa-linea-24-300x200.jpg 300w, https:\/\/www.leeb-balkone.com\/app\/uploads\/2020\/09\/glas-balkongelaender-alu-design-casa-linea-24-1024x684.jpg 1024w, https:\/\/www.leeb-balkone.com\/app\/uploads\/2020\/09\/glas-balkongelaender-alu-design-casa-linea-24-768x513.jpg 768w, https:\/\/www.leeb-balkone.com\/app\/uploads\/2020\/09\/glas-balkongelaender-alu-design-casa-linea-24-1536x1025.jpg 1536w, https:\/\/www.leeb-balkone.com\/app\/uploads\/2020\/09\/glas-balkongelaender-alu-design-casa-linea-24-2048x1367.jpg 2048w\" sizes=\"auto, (min-width: 1200px) 260px, (min-width: 1024px) 220px, (min-width: 640px) 465px, 768px\" \/>    \n                <\/figure>\n                        <\/div>\n            <p>Balkon Casa Linea<\/p>        <\/div>\n                  <div class=\"lg-item\" data-src=\"https:\/\/www.leeb-balkone.com\/app\/uploads\/2020\/06\/balkongelaender-alu-design-cordoba-9-scaled.jpg\"\n              data-sub-html=\"&lt;p&gt;Balkongel\u00e4nder Aluminium in Holzoptik (Modell Cordoba)&lt;\/p&gt;\">\n            <div class=\"img-wrapper\">\n                <figure>\n                    <img loading=\"lazy\" decoding=\"async\" width=\"300\" height=\"199\" src=\"https:\/\/www.leeb-balkone.com\/app\/uploads\/2020\/06\/balkongelaender-alu-design-cordoba-9-300x199.jpg\" class=\"attachment-medium size-medium\" alt=\"Modernes Allrounder Balkongel\u00e4nder mit Alu Latten in Holzoptik - Alubalkon Alu Design Cordoba\" srcset=\"https:\/\/www.leeb-balkone.com\/app\/uploads\/2020\/06\/balkongelaender-alu-design-cordoba-9-300x199.jpg 300w, https:\/\/www.leeb-balkone.com\/app\/uploads\/2020\/06\/balkongelaender-alu-design-cordoba-9-1024x681.jpg 1024w, https:\/\/www.leeb-balkone.com\/app\/uploads\/2020\/06\/balkongelaender-alu-design-cordoba-9-768x510.jpg 768w, https:\/\/www.leeb-balkone.com\/app\/uploads\/2020\/06\/balkongelaender-alu-design-cordoba-9-1536x1021.jpg 1536w, https:\/\/www.leeb-balkone.com\/app\/uploads\/2020\/06\/balkongelaender-alu-design-cordoba-9-2048x1361.jpg 2048w\" sizes=\"auto, (min-width: 1200px) 260px, (min-width: 1024px) 220px, (min-width: 640px) 465px, 768px\" \/>    \n                <\/figure>\n                        <\/div>\n            <p>Balkongel\u00e4nder Aluminium in Holzoptik (Modell Cordoba)<\/p>        <\/div>\n                  <div class=\"lg-item\" data-src=\"https:\/\/www.leeb-balkone.com\/app\/uploads\/2020\/04\/balkongelaender-alu-design-merida-112-scaled.jpg\"\n              data-sub-html=\"&lt;p&gt;Kombination mit Vital&lt;\/p&gt;\">\n            <div class=\"img-wrapper\">\n                <figure>\n                    <img loading=\"lazy\" decoding=\"async\" width=\"300\" height=\"200\" src=\"https:\/\/www.leeb-balkone.com\/app\/uploads\/2020\/04\/balkongelaender-alu-design-merida-112-300x200.jpg\" class=\"attachment-medium size-medium\" alt=\"balkongelaender alu design merida\" srcset=\"https:\/\/www.leeb-balkone.com\/app\/uploads\/2020\/04\/balkongelaender-alu-design-merida-112-300x200.jpg 300w, https:\/\/www.leeb-balkone.com\/app\/uploads\/2020\/04\/balkongelaender-alu-design-merida-112-1024x684.jpg 1024w, https:\/\/www.leeb-balkone.com\/app\/uploads\/2020\/04\/balkongelaender-alu-design-merida-112-768x513.jpg 768w, https:\/\/www.leeb-balkone.com\/app\/uploads\/2020\/04\/balkongelaender-alu-design-merida-112-1536x1025.jpg 1536w, https:\/\/www.leeb-balkone.com\/app\/uploads\/2020\/04\/balkongelaender-alu-design-merida-112-scaled.jpg 2048w\" sizes=\"auto, (min-width: 1200px) 260px, (min-width: 1024px) 220px, (min-width: 640px) 465px, 768px\" \/>    \n                <\/figure>\n                        <\/div>\n            <p>Kombination mit Vital<\/p>        <\/div>\n                  <div class=\"lg-item\" data-src=\"https:\/\/www.leeb-balkone.com\/app\/uploads\/2020\/07\/glasbalkon-vision-spiegelung-alu-alubalkon-glasfuellung-mattgrau-holzhaus-glasfront-scaled.jpg\"\n              data-sub-html=\"&lt;p&gt;Balkongel\u00e4nder aus Grauglas&lt;\/p&gt;\">\n            <div class=\"img-wrapper\">\n                <figure>\n                    <img loading=\"lazy\" decoding=\"async\" width=\"300\" height=\"200\" src=\"https:\/\/www.leeb-balkone.com\/app\/uploads\/2020\/07\/glasbalkon-vision-spiegelung-alu-alubalkon-glasfuellung-mattgrau-holzhaus-glasfront-300x200.jpg\" class=\"attachment-medium size-medium\" alt=\"Leeb Gel\u00e4nder Modell Vision mit mattgrauer Glasf\u00fcllung - terrassenartiger Balkon modernes Holzhaus\" srcset=\"https:\/\/www.leeb-balkone.com\/app\/uploads\/2020\/07\/glasbalkon-vision-spiegelung-alu-alubalkon-glasfuellung-mattgrau-holzhaus-glasfront-300x200.jpg 300w, https:\/\/www.leeb-balkone.com\/app\/uploads\/2020\/07\/glasbalkon-vision-spiegelung-alu-alubalkon-glasfuellung-mattgrau-holzhaus-glasfront-1024x683.jpg 1024w, https:\/\/www.leeb-balkone.com\/app\/uploads\/2020\/07\/glasbalkon-vision-spiegelung-alu-alubalkon-glasfuellung-mattgrau-holzhaus-glasfront-768x512.jpg 768w, https:\/\/www.leeb-balkone.com\/app\/uploads\/2020\/07\/glasbalkon-vision-spiegelung-alu-alubalkon-glasfuellung-mattgrau-holzhaus-glasfront-1536x1024.jpg 1536w, https:\/\/www.leeb-balkone.com\/app\/uploads\/2020\/07\/glasbalkon-vision-spiegelung-alu-alubalkon-glasfuellung-mattgrau-holzhaus-glasfront-2048x1365.jpg 2048w\" sizes=\"auto, (min-width: 1200px) 260px, (min-width: 1024px) 220px, (min-width: 640px) 465px, 768px\" \/>    \n                <\/figure>\n                        <\/div>\n            <p>Balkongel\u00e4nder aus Grauglas<\/p>        <\/div>\n                  <div class=\"lg-item\" data-src=\"https:\/\/www.leeb-balkone.com\/app\/uploads\/2020\/07\/glas-balkongelaender-alu-design-vision-40-scaled.jpg\"\n              data-sub-html=\"&lt;p&gt;Balkongel\u00e4nder Vision aus transparentem Glas&lt;\/p&gt;\">\n            <div class=\"img-wrapper\">\n                <figure>\n                    <img loading=\"lazy\" decoding=\"async\" width=\"300\" height=\"200\" src=\"https:\/\/www.leeb-balkone.com\/app\/uploads\/2020\/07\/glas-balkongelaender-alu-design-vision-40-300x200.jpg\" class=\"attachment-medium size-medium\" alt=\"glas balkongelaender alu design vision\" srcset=\"https:\/\/www.leeb-balkone.com\/app\/uploads\/2020\/07\/glas-balkongelaender-alu-design-vision-40-300x200.jpg 300w, https:\/\/www.leeb-balkone.com\/app\/uploads\/2020\/07\/glas-balkongelaender-alu-design-vision-40-1024x684.jpg 1024w, https:\/\/www.leeb-balkone.com\/app\/uploads\/2020\/07\/glas-balkongelaender-alu-design-vision-40-768x513.jpg 768w, https:\/\/www.leeb-balkone.com\/app\/uploads\/2020\/07\/glas-balkongelaender-alu-design-vision-40-1536x1025.jpg 1536w, https:\/\/www.leeb-balkone.com\/app\/uploads\/2020\/07\/glas-balkongelaender-alu-design-vision-40-2048x1367.jpg 2048w\" sizes=\"auto, (min-width: 1200px) 260px, (min-width: 1024px) 220px, (min-width: 640px) 465px, 768px\" \/>    \n                <\/figure>\n                        <\/div>\n            <p>Balkongel\u00e4nder Vision aus transparentem Glas<\/p>        <\/div>\n                  <div class=\"lg-item\" data-src=\"https:\/\/www.leeb-balkone.com\/app\/uploads\/2020\/07\/balkongelaender-alu-design-granada-25-scaled.jpg\"\n              data-sub-html=\"&lt;p&gt;Balkon Granada&lt;\/p&gt;\">\n            <div class=\"img-wrapper\">\n                <figure>\n                    <img loading=\"lazy\" decoding=\"async\" width=\"300\" height=\"200\" src=\"https:\/\/www.leeb-balkone.com\/app\/uploads\/2020\/07\/balkongelaender-alu-design-granada-25-300x200.jpg\" class=\"attachment-medium size-medium\" alt=\"balkongelaender alu design granada\" srcset=\"https:\/\/www.leeb-balkone.com\/app\/uploads\/2020\/07\/balkongelaender-alu-design-granada-25-300x200.jpg 300w, https:\/\/www.leeb-balkone.com\/app\/uploads\/2020\/07\/balkongelaender-alu-design-granada-25-1024x683.jpg 1024w, https:\/\/www.leeb-balkone.com\/app\/uploads\/2020\/07\/balkongelaender-alu-design-granada-25-768x512.jpg 768w, https:\/\/www.leeb-balkone.com\/app\/uploads\/2020\/07\/balkongelaender-alu-design-granada-25-1536x1024.jpg 1536w, https:\/\/www.leeb-balkone.com\/app\/uploads\/2020\/07\/balkongelaender-alu-design-granada-25-2048x1366.jpg 2048w\" sizes=\"auto, (min-width: 1200px) 260px, (min-width: 1024px) 220px, (min-width: 640px) 465px, 768px\" \/>    \n                <\/figure>\n                        <\/div>\n            <p>Balkon Granada<\/p>        <\/div>\n                  <div class=\"lg-item\" data-src=\"https:\/\/www.leeb-balkone.com\/app\/uploads\/2020\/07\/alubalkongelaender-genf-in-weiss-frontalansicht-scaled.jpg\"\n              data-sub-html=\"&lt;p&gt;Balkongel\u00e4nder in reinwei\u00df (Modell Genf)&lt;\/p&gt;\">\n            <div class=\"img-wrapper\">\n                <figure>\n                    <img loading=\"lazy\" decoding=\"async\" width=\"300\" height=\"200\" src=\"https:\/\/www.leeb-balkone.com\/app\/uploads\/2020\/07\/alubalkongelaender-genf-in-weiss-frontalansicht-300x200.jpg\" class=\"attachment-medium size-medium\" alt=\"alubalkongelaender genf in weiss frontalansicht\" srcset=\"https:\/\/www.leeb-balkone.com\/app\/uploads\/2020\/07\/alubalkongelaender-genf-in-weiss-frontalansicht-300x200.jpg 300w, https:\/\/www.leeb-balkone.com\/app\/uploads\/2020\/07\/alubalkongelaender-genf-in-weiss-frontalansicht-1024x683.jpg 1024w, https:\/\/www.leeb-balkone.com\/app\/uploads\/2020\/07\/alubalkongelaender-genf-in-weiss-frontalansicht-768x512.jpg 768w, https:\/\/www.leeb-balkone.com\/app\/uploads\/2020\/07\/alubalkongelaender-genf-in-weiss-frontalansicht-1536x1025.jpg 1536w, https:\/\/www.leeb-balkone.com\/app\/uploads\/2020\/07\/alubalkongelaender-genf-in-weiss-frontalansicht-2048x1366.jpg 2048w\" sizes=\"auto, (min-width: 1200px) 260px, (min-width: 1024px) 220px, (min-width: 640px) 465px, 768px\" \/>    \n                <\/figure>\n                        <\/div>\n            <p>Balkongel\u00e4nder in reinwei\u00df (Modell Genf)<\/p>        <\/div>\n                  <div class=\"lg-item\" data-src=\"https:\/\/www.leeb-balkone.com\/app\/uploads\/2025\/07\/balkongelaender-madrid-aus-aluminium-mit-edelstahlstreben-scaled.jpg\"\n              data-sub-html=\"&lt;p&gt;horizontales Balkongel\u00e4nder - Modell Madrid mit Edelstahlstreben &lt;\/p&gt;\">\n            <div class=\"img-wrapper\">\n                <figure>\n                    <img loading=\"lazy\" decoding=\"async\" width=\"300\" height=\"200\" src=\"https:\/\/www.leeb-balkone.com\/app\/uploads\/2025\/07\/balkongelaender-madrid-aus-aluminium-mit-edelstahlstreben-300x200.jpg\" class=\"attachment-medium size-medium\" alt=\"balkongelaender madrid aus aluminium mit edelstahlstreben\" srcset=\"https:\/\/www.leeb-balkone.com\/app\/uploads\/2025\/07\/balkongelaender-madrid-aus-aluminium-mit-edelstahlstreben-300x200.jpg 300w, https:\/\/www.leeb-balkone.com\/app\/uploads\/2025\/07\/balkongelaender-madrid-aus-aluminium-mit-edelstahlstreben-1024x684.jpg 1024w, https:\/\/www.leeb-balkone.com\/app\/uploads\/2025\/07\/balkongelaender-madrid-aus-aluminium-mit-edelstahlstreben-768x513.jpg 768w, https:\/\/www.leeb-balkone.com\/app\/uploads\/2025\/07\/balkongelaender-madrid-aus-aluminium-mit-edelstahlstreben-1536x1025.jpg 1536w, https:\/\/www.leeb-balkone.com\/app\/uploads\/2025\/07\/balkongelaender-madrid-aus-aluminium-mit-edelstahlstreben-2048x1367.jpg 2048w\" sizes=\"auto, (min-width: 1200px) 260px, (min-width: 1024px) 220px, (min-width: 640px) 465px, 768px\" \/>    \n                <\/figure>\n                        <\/div>\n            <p>horizontales Balkongel\u00e4nder &#8211; Modell Madrid mit Edelstahlstreben <\/p>        <\/div>\n                  <div class=\"lg-item\" data-src=\"https:\/\/www.leeb-balkone.com\/app\/uploads\/2020\/07\/balkongelaender-alu-wooden-madrid-10-scaled.jpg\"\n              data-sub-html=\"&lt;p&gt;Modernes Alu Balkongel\u00e4nder in Holzoptik mit Edelstahl-Streben&lt;\/p&gt;\">\n            <div class=\"img-wrapper\">\n                <figure>\n                    <img loading=\"lazy\" decoding=\"async\" width=\"300\" height=\"211\" src=\"https:\/\/www.leeb-balkone.com\/app\/uploads\/2020\/07\/balkongelaender-alu-wooden-madrid-10-300x211.jpg\" class=\"attachment-medium size-medium\" alt=\"Modernes Alu Balkongel\u00e4nder in Holzoptik mit Edelstahl-Streben - Alubalkon Alu Wooden Madrid\" srcset=\"https:\/\/www.leeb-balkone.com\/app\/uploads\/2020\/07\/balkongelaender-alu-wooden-madrid-10-300x211.jpg 300w, https:\/\/www.leeb-balkone.com\/app\/uploads\/2020\/07\/balkongelaender-alu-wooden-madrid-10-1024x721.jpg 1024w, https:\/\/www.leeb-balkone.com\/app\/uploads\/2020\/07\/balkongelaender-alu-wooden-madrid-10-768x540.jpg 768w, https:\/\/www.leeb-balkone.com\/app\/uploads\/2020\/07\/balkongelaender-alu-wooden-madrid-10-1536x1081.jpg 1536w, https:\/\/www.leeb-balkone.com\/app\/uploads\/2020\/07\/balkongelaender-alu-wooden-madrid-10-2048x1441.jpg 2048w\" sizes=\"auto, (min-width: 1200px) 260px, (min-width: 1024px) 220px, (min-width: 640px) 465px, 768px\" \/>    \n                <\/figure>\n                        <\/div>\n            <p>Modernes Alu Balkongel\u00e4nder in Holzoptik mit Edelstahl-Streben<\/p>        <\/div>\n                  <div class=\"lg-item\" data-src=\"https:\/\/www.leeb-balkone.com\/app\/uploads\/2020\/07\/balkongelaender-alu-design-trento-13-scaled.jpg\"\n              data-sub-html=\"&lt;p&gt;Balkon Trento in Holzoptik&lt;\/p&gt;\">\n            <div class=\"img-wrapper\">\n                <figure>\n                    <img loading=\"lazy\" decoding=\"async\" width=\"300\" height=\"224\" src=\"https:\/\/www.leeb-balkone.com\/app\/uploads\/2020\/07\/balkongelaender-alu-design-trento-13-300x224.jpg\" class=\"attachment-medium size-medium\" alt=\"balkongelaender alu design trento\" srcset=\"https:\/\/www.leeb-balkone.com\/app\/uploads\/2020\/07\/balkongelaender-alu-design-trento-13-300x224.jpg 300w, https:\/\/www.leeb-balkone.com\/app\/uploads\/2020\/07\/balkongelaender-alu-design-trento-13-1024x765.jpg 1024w, https:\/\/www.leeb-balkone.com\/app\/uploads\/2020\/07\/balkongelaender-alu-design-trento-13-768x574.jpg 768w, https:\/\/www.leeb-balkone.com\/app\/uploads\/2020\/07\/balkongelaender-alu-design-trento-13-1536x1147.jpg 1536w, https:\/\/www.leeb-balkone.com\/app\/uploads\/2020\/07\/balkongelaender-alu-design-trento-13-2048x1529.jpg 2048w\" sizes=\"auto, (min-width: 1200px) 260px, (min-width: 1024px) 220px, (min-width: 640px) 465px, 768px\" \/>    \n                <\/figure>\n                        <\/div>\n            <p>Balkon Trento in Holzoptik<\/p>        <\/div>\n                  <div class=\"lg-item\" data-src=\"https:\/\/www.leeb-balkone.com\/app\/uploads\/2020\/10\/alu-balkongelaender-design-twist-04.jpg\"\n              data-sub-html=\"&lt;p&gt;Balkongel\u00e4nder Modell Twist&lt;\/p&gt;\">\n            <div class=\"img-wrapper\">\n                <figure>\n                    <img loading=\"lazy\" decoding=\"async\" width=\"300\" height=\"225\" src=\"https:\/\/www.leeb-balkone.com\/app\/uploads\/2020\/10\/alu-balkongelaender-design-twist-04-300x225.jpg\" class=\"attachment-medium size-medium\" alt=\"alu balkongelaender design twist\" srcset=\"https:\/\/www.leeb-balkone.com\/app\/uploads\/2020\/10\/alu-balkongelaender-design-twist-04-300x225.jpg 300w, https:\/\/www.leeb-balkone.com\/app\/uploads\/2020\/10\/alu-balkongelaender-design-twist-04-1024x768.jpg 1024w, https:\/\/www.leeb-balkone.com\/app\/uploads\/2020\/10\/alu-balkongelaender-design-twist-04-768x576.jpg 768w, https:\/\/www.leeb-balkone.com\/app\/uploads\/2020\/10\/alu-balkongelaender-design-twist-04-1536x1152.jpg 1536w, https:\/\/www.leeb-balkone.com\/app\/uploads\/2020\/10\/alu-balkongelaender-design-twist-04-2048x1536.jpg 2048w\" sizes=\"auto, (min-width: 1200px) 260px, (min-width: 1024px) 220px, (min-width: 640px) 465px, 768px\" \/>    \n                <\/figure>\n                        <\/div>\n            <p>Balkongel\u00e4nder Modell Twist<\/p>        <\/div>\n                  <div class=\"lg-item\" data-src=\"https:\/\/www.leeb-balkone.com\/app\/uploads\/2020\/07\/glas-balkongelaender-alu-design-vitro-25-scaled.jpg\"\n              data-sub-html=\"&lt;p&gt;Balkonkombination Vitro und Casa Linea&lt;\/p&gt;\">\n            <div class=\"img-wrapper\">\n                <figure>\n                    <img loading=\"lazy\" decoding=\"async\" width=\"300\" height=\"225\" src=\"https:\/\/www.leeb-balkone.com\/app\/uploads\/2020\/07\/glas-balkongelaender-alu-design-vitro-25-300x225.jpg\" class=\"attachment-medium size-medium\" alt=\"glas balkongelaender alu design vitro\" srcset=\"https:\/\/www.leeb-balkone.com\/app\/uploads\/2020\/07\/glas-balkongelaender-alu-design-vitro-25-300x225.jpg 300w, https:\/\/www.leeb-balkone.com\/app\/uploads\/2020\/07\/glas-balkongelaender-alu-design-vitro-25-1024x767.jpg 1024w, https:\/\/www.leeb-balkone.com\/app\/uploads\/2020\/07\/glas-balkongelaender-alu-design-vitro-25-768x575.jpg 768w, https:\/\/www.leeb-balkone.com\/app\/uploads\/2020\/07\/glas-balkongelaender-alu-design-vitro-25-1536x1151.jpg 1536w, https:\/\/www.leeb-balkone.com\/app\/uploads\/2020\/07\/glas-balkongelaender-alu-design-vitro-25-2048x1535.jpg 2048w\" sizes=\"auto, (min-width: 1200px) 260px, (min-width: 1024px) 220px, (min-width: 640px) 465px, 768px\" \/>    \n                <\/figure>\n                        <\/div>\n            <p>Balkonkombination Vitro und Casa Linea<\/p>        <\/div>\n                  <div class=\"lg-item\" data-src=\"https:\/\/www.leeb-balkone.com\/app\/uploads\/2020\/07\/balkongelaender-alu-classic-vilshofen-24.jpg\"\n              data-sub-html=\"&lt;p&gt;Alubalkon Vilshofen mit Blumenk\u00e4sten&lt;\/p&gt;\">\n            <div class=\"img-wrapper\">\n                <figure>\n                    <img loading=\"lazy\" decoding=\"async\" width=\"300\" height=\"225\" src=\"https:\/\/www.leeb-balkone.com\/app\/uploads\/2020\/07\/balkongelaender-alu-classic-vilshofen-24-300x225.jpg\" class=\"attachment-medium size-medium\" alt=\"Zeitloses Balkongel\u00e4nder aus Aluminium mit Edelstahl-Handlauf - Alubalkon Alu Classic Vilshofen\" srcset=\"https:\/\/www.leeb-balkone.com\/app\/uploads\/2020\/07\/balkongelaender-alu-classic-vilshofen-24-300x225.jpg 300w, https:\/\/www.leeb-balkone.com\/app\/uploads\/2020\/07\/balkongelaender-alu-classic-vilshofen-24-1024x768.jpg 1024w, https:\/\/www.leeb-balkone.com\/app\/uploads\/2020\/07\/balkongelaender-alu-classic-vilshofen-24-768x576.jpg 768w, https:\/\/www.leeb-balkone.com\/app\/uploads\/2020\/07\/balkongelaender-alu-classic-vilshofen-24-1536x1152.jpg 1536w, https:\/\/www.leeb-balkone.com\/app\/uploads\/2020\/07\/balkongelaender-alu-classic-vilshofen-24-2048x1536.jpg 2048w\" sizes=\"auto, (min-width: 1200px) 260px, (min-width: 1024px) 220px, (min-width: 640px) 465px, 768px\" \/>    \n                <\/figure>\n                        <\/div>\n            <p>Alubalkon Vilshofen mit Blumenk\u00e4sten<\/p>        <\/div>\n                  <div class=\"lg-item\" data-src=\"https:\/\/www.leeb-balkone.com\/app\/uploads\/2020\/07\/balkongelaender-alu-classic-vilshofen-23-scaled.jpg\"\n              data-sub-html=\"&lt;p&gt;Klassischer Balkon Vilshofen&lt;\/p&gt;\">\n            <div class=\"img-wrapper\">\n                <figure>\n                    <img loading=\"lazy\" decoding=\"async\" width=\"300\" height=\"200\" src=\"https:\/\/www.leeb-balkone.com\/app\/uploads\/2020\/07\/balkongelaender-alu-classic-vilshofen-23-300x200.jpg\" class=\"attachment-medium size-medium\" alt=\"Graues Einfamilienhaus mit Alu Classic Vilshofen Balkongel\u00e4nder\" srcset=\"https:\/\/www.leeb-balkone.com\/app\/uploads\/2020\/07\/balkongelaender-alu-classic-vilshofen-23-300x200.jpg 300w, https:\/\/www.leeb-balkone.com\/app\/uploads\/2020\/07\/balkongelaender-alu-classic-vilshofen-23-1024x683.jpg 1024w, https:\/\/www.leeb-balkone.com\/app\/uploads\/2020\/07\/balkongelaender-alu-classic-vilshofen-23-768x512.jpg 768w, https:\/\/www.leeb-balkone.com\/app\/uploads\/2020\/07\/balkongelaender-alu-classic-vilshofen-23-1536x1024.jpg 1536w, https:\/\/www.leeb-balkone.com\/app\/uploads\/2020\/07\/balkongelaender-alu-classic-vilshofen-23-2048x1366.jpg 2048w\" sizes=\"auto, (min-width: 1200px) 260px, (min-width: 1024px) 220px, (min-width: 640px) 465px, 768px\" \/>    \n                <\/figure>\n                        <\/div>\n            <p>Klassischer Balkon Vilshofen<\/p>        <\/div>\n                  <div class=\"lg-item\" data-src=\"https:\/\/www.leeb-balkone.com\/app\/uploads\/2021\/04\/balkongelaender-alu-classic-gerlos-27-scaled.jpg\"\n              data-sub-html=\"&lt;p&gt;Balkongel\u00e4nder in Holzoptik (Modell Gerlos)&lt;\/p&gt;\">\n            <div class=\"img-wrapper\">\n                <figure>\n                    <img loading=\"lazy\" decoding=\"async\" width=\"300\" height=\"200\" src=\"https:\/\/www.leeb-balkone.com\/app\/uploads\/2021\/04\/balkongelaender-alu-classic-gerlos-27-300x200.jpg\" class=\"attachment-medium size-medium\" alt=\"balkongelaender alu classic gerlos\" srcset=\"https:\/\/www.leeb-balkone.com\/app\/uploads\/2021\/04\/balkongelaender-alu-classic-gerlos-27-300x200.jpg 300w, https:\/\/www.leeb-balkone.com\/app\/uploads\/2021\/04\/balkongelaender-alu-classic-gerlos-27-1024x683.jpg 1024w, https:\/\/www.leeb-balkone.com\/app\/uploads\/2021\/04\/balkongelaender-alu-classic-gerlos-27-768x512.jpg 768w, https:\/\/www.leeb-balkone.com\/app\/uploads\/2021\/04\/balkongelaender-alu-classic-gerlos-27-1536x1025.jpg 1536w, https:\/\/www.leeb-balkone.com\/app\/uploads\/2021\/04\/balkongelaender-alu-classic-gerlos-27-2048x1367.jpg 2048w\" sizes=\"auto, (min-width: 1200px) 260px, (min-width: 1024px) 220px, (min-width: 640px) 465px, 768px\" \/>    \n                <\/figure>\n                        <\/div>\n            <p>Balkongel\u00e4nder in Holzoptik (Modell Gerlos)<\/p>        <\/div>\n                  <div class=\"lg-item\" data-src=\"https:\/\/www.leeb-balkone.com\/app\/uploads\/2020\/07\/balkon-alu-select-padova-2-scaled.jpg\"\n              data-sub-html=\"&lt;p&gt;Selektbalkon Padova&lt;\/p&gt;\">\n            <div class=\"img-wrapper\">\n                <figure>\n                    <img loading=\"lazy\" decoding=\"async\" width=\"300\" height=\"200\" src=\"https:\/\/www.leeb-balkone.com\/app\/uploads\/2020\/07\/balkon-alu-select-padova-2-300x200.jpg\" class=\"attachment-medium size-medium\" alt=\"Glas Balkongel\u00e4nder mit soliden Abschlussleisten und Handlauf - Alubalkon Alu Select Padova\" srcset=\"https:\/\/www.leeb-balkone.com\/app\/uploads\/2020\/07\/balkon-alu-select-padova-2-300x200.jpg 300w, https:\/\/www.leeb-balkone.com\/app\/uploads\/2020\/07\/balkon-alu-select-padova-2-1024x681.jpg 1024w, https:\/\/www.leeb-balkone.com\/app\/uploads\/2020\/07\/balkon-alu-select-padova-2-768x511.jpg 768w, https:\/\/www.leeb-balkone.com\/app\/uploads\/2020\/07\/balkon-alu-select-padova-2-1536x1022.jpg 1536w, https:\/\/www.leeb-balkone.com\/app\/uploads\/2020\/07\/balkon-alu-select-padova-2-2048x1363.jpg 2048w\" sizes=\"auto, (min-width: 1200px) 260px, (min-width: 1024px) 220px, (min-width: 640px) 465px, 768px\" \/>    \n                <\/figure>\n                        <\/div>\n            <p>Selektbalkon Padova<\/p>        <\/div>\n                  <div class=\"lg-item\" data-src=\"https:\/\/www.leeb-balkone.com\/app\/uploads\/2024\/08\/balkongelaender-aus-alu-mit-blechfuellung-handa-scaled.jpg\"\n              data-sub-html=\"&lt;p&gt;Balkon mit Perfor\u00e9edesign (Modell Handa)&lt;\/p&gt;\">\n            <div class=\"img-wrapper\">\n                <figure>\n                    <img loading=\"lazy\" decoding=\"async\" width=\"300\" height=\"200\" src=\"https:\/\/www.leeb-balkone.com\/app\/uploads\/2024\/08\/balkongelaender-aus-alu-mit-blechfuellung-handa-300x200.jpg\" class=\"attachment-medium size-medium\" alt=\"balkongelaender aus alu mit blechfuellung handa\" srcset=\"https:\/\/www.leeb-balkone.com\/app\/uploads\/2024\/08\/balkongelaender-aus-alu-mit-blechfuellung-handa-300x200.jpg 300w, https:\/\/www.leeb-balkone.com\/app\/uploads\/2024\/08\/balkongelaender-aus-alu-mit-blechfuellung-handa-1024x682.jpg 1024w, https:\/\/www.leeb-balkone.com\/app\/uploads\/2024\/08\/balkongelaender-aus-alu-mit-blechfuellung-handa-768x512.jpg 768w, https:\/\/www.leeb-balkone.com\/app\/uploads\/2024\/08\/balkongelaender-aus-alu-mit-blechfuellung-handa-1536x1023.jpg 1536w, https:\/\/www.leeb-balkone.com\/app\/uploads\/2024\/08\/balkongelaender-aus-alu-mit-blechfuellung-handa-2048x1364.jpg 2048w\" sizes=\"auto, (min-width: 1200px) 260px, (min-width: 1024px) 220px, (min-width: 640px) 465px, 768px\" \/>    \n                <\/figure>\n                        <\/div>\n            <p>Balkon mit Perfor\u00e9edesign (Modell Handa)<\/p>        <\/div>\n                  <div class=\"lg-item\" data-src=\"https:\/\/www.leeb-balkone.com\/app\/uploads\/2020\/07\/balkongelaender-alu-select-imola-2-scaled.jpg\"\n              data-sub-html=\"&lt;p&gt;Balkongel\u00e4nder in Holzoptik (Modell Imola)&lt;\/p&gt;\">\n            <div class=\"img-wrapper\">\n                <figure>\n                    <img loading=\"lazy\" decoding=\"async\" width=\"300\" height=\"200\" src=\"https:\/\/www.leeb-balkone.com\/app\/uploads\/2020\/07\/balkongelaender-alu-select-imola-2-300x200.jpg\" class=\"attachment-medium size-medium\" alt=\"Aluminium in Holzoptik mit Alu Select Imola Balkongel\u00e4nder\" srcset=\"https:\/\/www.leeb-balkone.com\/app\/uploads\/2020\/07\/balkongelaender-alu-select-imola-2-300x200.jpg 300w, https:\/\/www.leeb-balkone.com\/app\/uploads\/2020\/07\/balkongelaender-alu-select-imola-2-1024x684.jpg 1024w, https:\/\/www.leeb-balkone.com\/app\/uploads\/2020\/07\/balkongelaender-alu-select-imola-2-768x513.jpg 768w, https:\/\/www.leeb-balkone.com\/app\/uploads\/2020\/07\/balkongelaender-alu-select-imola-2-1536x1025.jpg 1536w, https:\/\/www.leeb-balkone.com\/app\/uploads\/2020\/07\/balkongelaender-alu-select-imola-2-2048x1367.jpg 2048w\" sizes=\"auto, (min-width: 1200px) 260px, (min-width: 1024px) 220px, (min-width: 640px) 465px, 768px\" \/>    \n                <\/figure>\n                        <\/div>\n            <p>Balkongel\u00e4nder in Holzoptik (Modell Imola)<\/p>        <\/div>\n                <\/div>\n\n              <div class=\"lg-load-more-wrapper\">\n            <div class=\"lg-load-more wp-block-button is-style-filled-secondary\">\n                <a href=\"#\" class=\"wp-block-button__link wp-element-button\" role=\"button\">\n                    Carica altro                <\/a>\n            <\/div>\n        <\/div>\n          <\/div>\n    <\/section>\n\n\n\n<section class=\"wp-block-group alignfull has-white-background-color has-background has-global-padding is-layout-constrained wp-container-core-group-is-layout-9fa1424c wp-block-group-is-layout-constrained\" style=\"padding-top:0\">\n<div class=\"wp-block-columns is-style-offset m-split is-layout-flex wp-container-core-columns-is-layout-28f84493 wp-block-columns-is-layout-flex\">\n<div class=\"wp-block-column is-layout-flow wp-block-column-is-layout-flow\"><div class=\"vp-map-wrapper vp-map-ratio-19-1\"><img decoding=\"async\" width=\"2000\" height=\"1132\" src=\"https:\/\/www.leeb-balkone.com\/app\/uploads\/2026\/03\/map-it.jpg\" class=\"attachment-full size-full\" alt=\"Mappa italiana: Partner commerciali (puntine arancioni) e showroom\/sedi (puntine verdi) di Leeb Balkone GmbH in Italia\" style=\"width:100%;height:100%;object-fit:cover;display:block;\" loading=\"lazy\" srcset=\"https:\/\/www.leeb-balkone.com\/app\/uploads\/2026\/03\/map-it.jpg 2000w, https:\/\/www.leeb-balkone.com\/app\/uploads\/2026\/03\/map-it-300x170.jpg 300w, https:\/\/www.leeb-balkone.com\/app\/uploads\/2026\/03\/map-it-1024x580.jpg 1024w, https:\/\/www.leeb-balkone.com\/app\/uploads\/2026\/03\/map-it-768x435.jpg 768w, https:\/\/www.leeb-balkone.com\/app\/uploads\/2026\/03\/map-it-1536x869.jpg 1536w\" sizes=\"auto, (min-width: 1536px) 2048px, (min-width: 992px) 1536px, (min-width: 768px) 1024px, (min-width: 576px) 768px, 100vw\" \/><\/div>\n<\/div>\n\n\n\n<div class=\"wp-block-column is-vertically-aligned-center is-style-overlay-content is-layout-flow wp-block-column-is-layout-flow\">\n<div class=\"wp-block-group is-vertical is-layout-flex wp-container-core-group-is-layout-bd7877ba wp-block-group-is-layout-flex\">\n<h2 class=\"wp-block-heading has-step-2-font-size\">Partner commerciale Italia<\/h2>\n\n\n\n<p>Partner LEEB competenti nella vostra regione. Consulenza personalizzata, progettazione accurata e montaggio a regola d&#8217;arte.<\/p>\n\n\n\n<div class=\"wp-block-buttons is-layout-flex wp-block-buttons-is-layout-flex\" style=\"margin-top:var(--wp--preset--spacing--2-xs)\">\n<div class=\"wp-block-button is-style-cta\"><a class=\"wp-block-button__link has-transparent-background-color has-background wp-element-button\" href=\"https:\/\/www.leeb-balkone.com\/it\/partner-commerciali\/\">Trova un partner di vendita<span class=\"sr-only\"> Partner commerciale Leeb Balkone Italia<\/span><\/a><\/div>\n<\/div>\n<\/div>\n<\/div>\n<\/div>\n<\/section>\n\n\n\n<section class=\"wp-block-group alignfull has-light-gray-background-color has-background has-global-padding is-layout-constrained wp-container-core-group-is-layout-52f96efc wp-block-group-is-layout-constrained\" id=\"beratungstermin\">\n<div class=\"wp-block-group m-teaser o-grid u-md-1 is-layout-flow wp-block-group-is-layout-flow\">\n<div class=\"wp-block-group u-g-7 u-g-s-2 is-layout-flow wp-block-group-is-layout-flow\" style=\"margin-bottom:var(--wp--preset--spacing--s)\">\n<h2 class=\"wp-block-heading\">Mettiti in contatto con noi<\/h2>\n\n\n\n<p><strong><strong>State pianificando un progetto o avete domande su di noi e sulle nostre soluzioni? Scriveteci: saremo lieti di dedicare il tempo necessario alla vostra richiesta!<\/strong><\/strong><\/p>\n<\/div>\n<\/div>\n\n\n\n<div class=\"wp-block-group m-teaser o-grid u-md-1 is-layout-flow wp-block-group-is-layout-flow\">\n<div class=\"wp-block-group u-g-7 u-g-s-2 is-layout-flow wp-block-group-is-layout-flow\" style=\"margin-bottom:var(--wp--preset--spacing--s)\"><form action=\"https:\/\/www.leeb-balkone.com\/it\/wp-json\/ws-form\/v1\/submit\" class=\"wsf-form wsf-form-canvas\" id=\"ws-form-1\" data-id=\"8\" data-instance-id=\"1\" method=\"POST\"><\/form>\n<\/div>\n\n\n\n<div class=\"wp-block-group u-g-3 u-g-s-9 is-layout-flow wp-block-group-is-layout-flow\"><div class=\"t3-sidebar-buttons wp-block-buttons is-layout-flex wp-block-buttons-is-layout-flex\"><div class=\"wp-block-button is-style-fill icon-book icon-left\">\n                        <a class=\"wp-block-button__link has-secondary-color has-white-background-color has-text-color has-background has-link-color wp-element-button\" href=\"https:\/\/www.leeb-balkone.com\/it\/contatti\/richiesta-catalogo\/\" style=\"box-shadow:var(--wp--preset--shadow--box-shadow)\">Richiesta catalogo<\/a>\n                    <\/div><div class=\"wp-block-button is-style-fill icon-phone-new icon-left\">\n                        <a class=\"wp-block-button__link has-secondary-color has-white-background-color has-text-color has-background has-link-color wp-element-button\" href=\"tel:+393711472844\">Telefono Italia <span class=\"sr-only\"> Telefono: +39 371 1472844<\/span><\/a>\n                    <\/div><\/div>\n<\/div>\n<\/div>\n<\/section>\n","protected":false},"excerpt":{"rendered":"","protected":false},"author":1,"featured_media":58663,"parent":162971,"menu_order":1,"comment_status":"closed","ping_status":"closed","template":"template-onepager.blade.php","meta":{"_acf_changed":false,"footnotes":"","_sage_theme_css":true,"_wp_block_core_css":true},"folder":[244],"class_list":["post-154537","page","type-page","status-publish","has-post-thumbnail","hentry"],"acf":[],"yoast_head":"<!-- This site is optimized with the Yoast SEO plugin v27.2 - https:\/\/yoast.com\/product\/yoast-seo-wordpress\/ -->\n<title>Ringhiere per balconi in alluminio &quot; Balcone in alluminio - Leeb Balconi Italia<\/title>\n<meta name=\"description\" content=\"Ringhiere per balconi in alluminio di Leeb: Senza manutenzione \u2713 Resistente ai graffi \u2713 Stabile ai raggi UV \u2713 Altamente resistente agli agenti atmosferici *** Verniciatura a polvere brevettata ALU COMFORT PLUS\u00ae.\" \/>\n<meta name=\"robots\" content=\"index, follow, max-snippet:-1, max-image-preview:large, max-video-preview:-1\" \/>\n<meta property=\"og:locale\" content=\"it_IT\" \/>\n<meta property=\"og:type\" content=\"article\" \/>\n<meta property=\"og:title\" content=\"Ringhiere per balconi in alluminio &quot; Balcone in alluminio - Leeb Balconi\" \/>\n<meta property=\"og:description\" content=\"Ringhiere per balconi in alluminio di Leeb: Senza manutenzione \u2713 Resistente ai graffi \u2713 Stabile ai raggi UV \u2713 Altamente resistente agli agenti atmosferici *** Verniciatura a polvere brevettata ALU COMFORT PLUS\u00ae.\" \/>\n<meta property=\"og:url\" content=\"https:\/\/www.leeb-balkone.com\/it\/balconi\/balconi-alluminio\/\" \/>\n<meta property=\"og:site_name\" content=\"BALCONI LEEB\" \/>\n<meta property=\"article:publisher\" content=\"https:\/\/www.facebook.com\/balkone\/\" \/>\n<meta property=\"article:modified_time\" content=\"2026-03-18T15:48:31+00:00\" \/>\n<meta property=\"og:image\" content=\"https:\/\/www.leeb-balkone.com\/app\/uploads\/2021\/10\/balkongelaender-alu-design-barcelona-18aaa-scaled.jpg\" \/>\n\t<meta property=\"og:image:width\" content=\"2048\" \/>\n\t<meta property=\"og:image:height\" content=\"1361\" \/>\n\t<meta property=\"og:image:type\" content=\"image\/jpeg\" \/>\n<meta name=\"twitter:card\" content=\"summary_large_image\" \/>\n<script type=\"application\/ld+json\" class=\"yoast-schema-graph\">{\"@context\":\"https:\/\/schema.org\",\"@graph\":[{\"@type\":\"WebPage\",\"@id\":\"https:\/\/www.leeb-balkone.com\/it\/balconi\/balconi-alluminio\/\",\"url\":\"https:\/\/www.leeb-balkone.com\/it\/balconi\/balconi-alluminio\/\",\"name\":\"Ringhiere per balconi in alluminio \\\" Balcone in alluminio - Leeb Balconi\",\"isPartOf\":{\"@id\":\"https:\/\/www.leeb-balkone.com\/it\/#website\"},\"primaryImageOfPage\":{\"@id\":\"https:\/\/www.leeb-balkone.com\/it\/balconi\/balconi-alluminio\/#primaryimage\"},\"image\":{\"@id\":\"https:\/\/www.leeb-balkone.com\/it\/balconi\/balconi-alluminio\/#primaryimage\"},\"thumbnailUrl\":\"https:\/\/www.leeb-balkone.com\/app\/uploads\/2021\/10\/balkongelaender-alu-design-barcelona-18aaa-scaled.jpg\",\"datePublished\":\"2025-09-12T12:41:03+00:00\",\"dateModified\":\"2026-03-18T15:48:31+00:00\",\"description\":\"Ringhiere per balconi in alluminio di Leeb: Senza manutenzione \u2713 Resistente ai graffi \u2713 Stabile ai raggi UV \u2713 Altamente resistente agli agenti atmosferici *** Verniciatura a polvere brevettata ALU COMFORT PLUS\u00ae.\",\"breadcrumb\":{\"@id\":\"https:\/\/www.leeb-balkone.com\/it\/balconi\/balconi-alluminio\/#breadcrumb\"},\"inLanguage\":\"it-IT\",\"potentialAction\":[{\"@type\":\"ReadAction\",\"target\":[\"https:\/\/www.leeb-balkone.com\/it\/balconi\/balconi-alluminio\/\"]}]},{\"@type\":\"ImageObject\",\"inLanguage\":\"it-IT\",\"@id\":\"https:\/\/www.leeb-balkone.com\/it\/balconi\/balconi-alluminio\/#primaryimage\",\"url\":\"https:\/\/www.leeb-balkone.com\/app\/uploads\/2021\/10\/balkongelaender-alu-design-barcelona-18aaa-scaled.jpg\",\"contentUrl\":\"https:\/\/www.leeb-balkone.com\/app\/uploads\/2021\/10\/balkongelaender-alu-design-barcelona-18aaa-scaled.jpg\",\"width\":2048,\"height\":1361,\"caption\":\"Balkongel\u00e4nder Alu - Gel\u00e4nder aus Aluminium von Leeb Balkone\"},{\"@type\":\"BreadcrumbList\",\"@id\":\"https:\/\/www.leeb-balkone.com\/it\/balconi\/balconi-alluminio\/#breadcrumb\",\"itemListElement\":[{\"@type\":\"ListItem\",\"position\":1,\"name\":\"Home\",\"item\":\"https:\/\/www.leeb-balkone.com\/it\/\"},{\"@type\":\"ListItem\",\"position\":2,\"name\":\"Ringhiera del balcone\",\"item\":\"https:\/\/www.leeb-balkone.com\/it\/balconi\/\"},{\"@type\":\"ListItem\",\"position\":3,\"name\":\"Balconi in alluminio\"}]},{\"@type\":\"WebSite\",\"@id\":\"https:\/\/www.leeb-balkone.com\/it\/#website\",\"url\":\"https:\/\/www.leeb-balkone.com\/it\/\",\"name\":\"BALCONI LEEB\",\"description\":\"Balkone und Z\u00e4une\",\"publisher\":{\"@id\":\"https:\/\/www.leeb-balkone.com\/it\/#organization\"},\"potentialAction\":[{\"@type\":\"SearchAction\",\"target\":{\"@type\":\"EntryPoint\",\"urlTemplate\":\"https:\/\/www.leeb-balkone.com\/it\/?s={search_term_string}\"},\"query-input\":{\"@type\":\"PropertyValueSpecification\",\"valueRequired\":true,\"valueName\":\"search_term_string\"}}],\"inLanguage\":\"it-IT\"},{\"@type\":\"Organization\",\"@id\":\"https:\/\/www.leeb-balkone.com\/it\/#organization\",\"name\":\"Leeb Balkone Gmbh\",\"url\":\"https:\/\/www.leeb-balkone.com\/it\/\",\"logo\":{\"@type\":\"ImageObject\",\"inLanguage\":\"it-IT\",\"@id\":\"https:\/\/www.leeb-balkone.com\/it\/#\/schema\/logo\/image\/\",\"url\":\"https:\/\/www.leeb-balkone.com\/app\/uploads\/2020\/11\/leeb-logo.svg\",\"contentUrl\":\"https:\/\/www.leeb-balkone.com\/app\/uploads\/2020\/11\/leeb-logo.svg\",\"width\":741,\"height\":204,\"caption\":\"Leeb Balkone Gmbh\"},\"image\":{\"@id\":\"https:\/\/www.leeb-balkone.com\/it\/#\/schema\/logo\/image\/\"},\"sameAs\":[\"https:\/\/www.facebook.com\/balkone\/\",\"https:\/\/www.trustedshops.at\/bewertung\/info_X4587CCF5833E31AFE0B11F47D86999F2.html\",\"https:\/\/www.trustedshops.de\/bewertung\/info_X7BA536A7A0BDC86D36C4718E4DCAEEEF.html\",\"https:\/\/www.google.com\/maps\/place\/?q=place_id:ChIJ5-zH19-IcEcR9HonWRTllHI\"]}]}<\/script>\n<!-- \/ Yoast SEO plugin. -->","yoast_head_json":{"title":"Ringhiere per balconi in alluminio \" Balcone in alluminio - Leeb Balconi Italia","description":"Ringhiere per balconi in alluminio di Leeb: Senza manutenzione \u2713 Resistente ai graffi \u2713 Stabile ai raggi UV \u2713 Altamente resistente agli agenti atmosferici *** Verniciatura a polvere brevettata ALU COMFORT PLUS\u00ae.","robots":{"index":"index","follow":"follow","max-snippet":"max-snippet:-1","max-image-preview":"max-image-preview:large","max-video-preview":"max-video-preview:-1"},"og_locale":"it_IT","og_type":"article","og_title":"Ringhiere per balconi in alluminio \" Balcone in alluminio - Leeb Balconi","og_description":"Ringhiere per balconi in alluminio di Leeb: Senza manutenzione \u2713 Resistente ai graffi \u2713 Stabile ai raggi UV \u2713 Altamente resistente agli agenti atmosferici *** Verniciatura a polvere brevettata ALU COMFORT PLUS\u00ae.","og_url":"https:\/\/www.leeb-balkone.com\/it\/balconi\/balconi-alluminio\/","og_site_name":"BALCONI LEEB","article_publisher":"https:\/\/www.facebook.com\/balkone\/","article_modified_time":"2026-03-18T15:48:31+00:00","og_image":[{"width":2048,"height":1361,"url":"https:\/\/www.leeb-balkone.com\/app\/uploads\/2021\/10\/balkongelaender-alu-design-barcelona-18aaa-scaled.jpg","type":"image\/jpeg"}],"twitter_card":"summary_large_image","schema":{"@context":"https:\/\/schema.org","@graph":[{"@type":"WebPage","@id":"https:\/\/www.leeb-balkone.com\/it\/balconi\/balconi-alluminio\/","url":"https:\/\/www.leeb-balkone.com\/it\/balconi\/balconi-alluminio\/","name":"Ringhiere per balconi in alluminio \" Balcone in alluminio - Leeb Balconi","isPartOf":{"@id":"https:\/\/www.leeb-balkone.com\/it\/#website"},"primaryImageOfPage":{"@id":"https:\/\/www.leeb-balkone.com\/it\/balconi\/balconi-alluminio\/#primaryimage"},"image":{"@id":"https:\/\/www.leeb-balkone.com\/it\/balconi\/balconi-alluminio\/#primaryimage"},"thumbnailUrl":"https:\/\/www.leeb-balkone.com\/app\/uploads\/2021\/10\/balkongelaender-alu-design-barcelona-18aaa-scaled.jpg","datePublished":"2025-09-12T12:41:03+00:00","dateModified":"2026-03-18T15:48:31+00:00","description":"Ringhiere per balconi in alluminio di Leeb: Senza manutenzione \u2713 Resistente ai graffi \u2713 Stabile ai raggi UV \u2713 Altamente resistente agli agenti atmosferici *** Verniciatura a polvere brevettata ALU COMFORT PLUS\u00ae.","breadcrumb":{"@id":"https:\/\/www.leeb-balkone.com\/it\/balconi\/balconi-alluminio\/#breadcrumb"},"inLanguage":"it-IT","potentialAction":[{"@type":"ReadAction","target":["https:\/\/www.leeb-balkone.com\/it\/balconi\/balconi-alluminio\/"]}]},{"@type":"ImageObject","inLanguage":"it-IT","@id":"https:\/\/www.leeb-balkone.com\/it\/balconi\/balconi-alluminio\/#primaryimage","url":"https:\/\/www.leeb-balkone.com\/app\/uploads\/2021\/10\/balkongelaender-alu-design-barcelona-18aaa-scaled.jpg","contentUrl":"https:\/\/www.leeb-balkone.com\/app\/uploads\/2021\/10\/balkongelaender-alu-design-barcelona-18aaa-scaled.jpg","width":2048,"height":1361,"caption":"Balkongel\u00e4nder Alu - Gel\u00e4nder aus Aluminium von Leeb Balkone"},{"@type":"BreadcrumbList","@id":"https:\/\/www.leeb-balkone.com\/it\/balconi\/balconi-alluminio\/#breadcrumb","itemListElement":[{"@type":"ListItem","position":1,"name":"Home","item":"https:\/\/www.leeb-balkone.com\/it\/"},{"@type":"ListItem","position":2,"name":"Ringhiera del balcone","item":"https:\/\/www.leeb-balkone.com\/it\/balconi\/"},{"@type":"ListItem","position":3,"name":"Balconi in alluminio"}]},{"@type":"WebSite","@id":"https:\/\/www.leeb-balkone.com\/it\/#website","url":"https:\/\/www.leeb-balkone.com\/it\/","name":"BALCONI LEEB","description":"Balkone und Z\u00e4une","publisher":{"@id":"https:\/\/www.leeb-balkone.com\/it\/#organization"},"potentialAction":[{"@type":"SearchAction","target":{"@type":"EntryPoint","urlTemplate":"https:\/\/www.leeb-balkone.com\/it\/?s={search_term_string}"},"query-input":{"@type":"PropertyValueSpecification","valueRequired":true,"valueName":"search_term_string"}}],"inLanguage":"it-IT"},{"@type":"Organization","@id":"https:\/\/www.leeb-balkone.com\/it\/#organization","name":"Leeb Balkone Gmbh","url":"https:\/\/www.leeb-balkone.com\/it\/","logo":{"@type":"ImageObject","inLanguage":"it-IT","@id":"https:\/\/www.leeb-balkone.com\/it\/#\/schema\/logo\/image\/","url":"https:\/\/www.leeb-balkone.com\/app\/uploads\/2020\/11\/leeb-logo.svg","contentUrl":"https:\/\/www.leeb-balkone.com\/app\/uploads\/2020\/11\/leeb-logo.svg","width":741,"height":204,"caption":"Leeb Balkone Gmbh"},"image":{"@id":"https:\/\/www.leeb-balkone.com\/it\/#\/schema\/logo\/image\/"},"sameAs":["https:\/\/www.facebook.com\/balkone\/","https:\/\/www.trustedshops.at\/bewertung\/info_X4587CCF5833E31AFE0B11F47D86999F2.html","https:\/\/www.trustedshops.de\/bewertung\/info_X7BA536A7A0BDC86D36C4718E4DCAEEEF.html","https:\/\/www.google.com\/maps\/place\/?q=place_id:ChIJ5-zH19-IcEcR9HonWRTllHI"]}]}},"_links":{"self":[{"href":"https:\/\/www.leeb-balkone.com\/it\/wp-json\/wp\/v2\/pages\/154537","targetHints":{"allow":["GET"]}}],"collection":[{"href":"https:\/\/www.leeb-balkone.com\/it\/wp-json\/wp\/v2\/pages"}],"about":[{"href":"https:\/\/www.leeb-balkone.com\/it\/wp-json\/wp\/v2\/types\/page"}],"author":[{"embeddable":true,"href":"https:\/\/www.leeb-balkone.com\/it\/wp-json\/wp\/v2\/users\/1"}],"replies":[{"embeddable":true,"href":"https:\/\/www.leeb-balkone.com\/it\/wp-json\/wp\/v2\/comments?post=154537"}],"version-history":[{"count":14,"href":"https:\/\/www.leeb-balkone.com\/it\/wp-json\/wp\/v2\/pages\/154537\/revisions"}],"predecessor-version":[{"id":166181,"href":"https:\/\/www.leeb-balkone.com\/it\/wp-json\/wp\/v2\/pages\/154537\/revisions\/166181"}],"up":[{"embeddable":true,"href":"https:\/\/www.leeb-balkone.com\/it\/wp-json\/wp\/v2\/pages\/162971"}],"wp:featuredmedia":[{"embeddable":true,"href":"https:\/\/www.leeb-balkone.com\/it\/wp-json\/wp\/v2\/media\/58663"}],"wp:attachment":[{"href":"https:\/\/www.leeb-balkone.com\/it\/wp-json\/wp\/v2\/media?parent=154537"}],"wp:term":[{"taxonomy":"folder","embeddable":true,"href":"https:\/\/www.leeb-balkone.com\/it\/wp-json\/wp\/v2\/folder?post=154537"}],"curies":[{"name":"wp","href":"https:\/\/api.w.org\/{rel}","templated":true}]}}