{"id":122471,"date":"2022-06-14T07:57:22","date_gmt":"2022-06-14T07:57:22","guid":{"rendered":"https:\/\/www.leeb-balkone.com\/de\/tecnologia\/alu-holzoptik\/"},"modified":"2023-04-03T12:50:22","modified_gmt":"2023-04-03T12:50:22","slug":"alluminio-con-effetto-legno","status":"publish","type":"page","link":"https:\/\/www.leeb-balkone.com\/it\/tecnologia\/alluminio-con-effetto-legno\/","title":{"rendered":"Alluminio con effetto legno"},"content":{"rendered":"<header data-block_03ba036f94b51cf2a5dd17bccaa6217a class=\"c-fh  l-mh-small c-fh--hero c-grad-l2r c-fh--div none\">\n      <img loading=\"lazy\" decoding=\"async\" width=\"2048\" height=\"1367\" src=\"https:\/\/www.leeb-balkone.com\/app\/uploads\/2022\/06\/bad-woerishofen-eichwald-terrassen-hres-7920ret-scaled.jpg\" class=\"no-lazy\" alt=\"bad woerishofen eichwald terrassen hres 7920ret\" srcset=\"https:\/\/www.leeb-balkone.com\/app\/uploads\/2022\/06\/bad-woerishofen-eichwald-terrassen-hres-7920ret-scaled.jpg 2048w, https:\/\/www.leeb-balkone.com\/app\/uploads\/2022\/06\/bad-woerishofen-eichwald-terrassen-hres-7920ret-300x200.jpg 300w, https:\/\/www.leeb-balkone.com\/app\/uploads\/2022\/06\/bad-woerishofen-eichwald-terrassen-hres-7920ret-1024x683.jpg 1024w, https:\/\/www.leeb-balkone.com\/app\/uploads\/2022\/06\/bad-woerishofen-eichwald-terrassen-hres-7920ret-768x513.jpg 768w, https:\/\/www.leeb-balkone.com\/app\/uploads\/2022\/06\/bad-woerishofen-eichwald-terrassen-hres-7920ret-1536x1025.jpg 1536w\" sizes=\"auto, (min-width: 1536px) 2048px, (min-width: 992px) 1536px, (min-width: 768px) 1024px, (min-width: 576px) 768px, 100vw\" \/>\n\n\n<div class=\"grid-container\">\n  <div class=\"grid-x\">\n    <div class=\"cell small-12 medium-6 medium-offset-1\">\n      <div class=\"c-fh__wrapper\">\n                              <p>Prodotti indistinguibili dal legno <\/p>\n                        <\/div>\n    <\/div>\n  <\/div>\n<\/div>\n  \n    \n    <\/header>\n\n\n  \n  <section class=\"wp-block-group alignfull t3-header u-max-wide t3-header-text has-white-background-color has-background has-global-padding is-layout-constrained wp-block-group-is-layout-constrained\">\n    <div class=\"wp-block-group o-grid u-md-1 u-sm-1 is-layout-flow wp-block-group-is-layout-flow\">\n  <div class=\"wp-block-group u-g-10 u-g-s-2\">\n      <div class=\"yoast-breadcrumbs\"><span><span><a href=\"https:\/\/www.leeb-balkone.com\/it\/\">Home<\/a><\/span><\/span><\/div>\n      \n    <h1>Alluminio con effetto legno<\/h1>\n  <\/div>\n<\/div>\n  <\/section>\n\n\n\n\n\n\n<section id=\"first-section\" class=\"wp-block-cgb-t3-section-block alignfull b-pt-small  is-style-default\" style=\"display:inherit;background-color:#fff;min-height:inherit\">\n<div class=\"wp-block-cgb-t3-container-block none\" style=\"background-color:none\"><div class=\"grid-container\"><div class=\"grid-x\"><div class=\"cell small-12 medium-9 large-0 medium-offset-1 b-has-lsmb\">\n<p>Apprezzare il caldo effetto legno con tutti i vantaggi dei prodotti di alluminio: alluminio effetto legno. Grazie alla combinazione del nuovo rivestimento particolarmente resistente alle intemperie ALU COMFORT PLUS\u00ae e ai pigmenti colorati ad alta tenuta COLOR PROTECT si ottiene un effetto esclusivo e duraturo, a fronte di un minimo dispendio di manutenzione e cura. Avrete un prodotto dall\u2019effetto legno sorprendentemente autentico e piacevolmente caldo, senza dover rinunciare ai vantaggi della qualit\u00e0 dell&#8217;alluminio facile da pulire. <\/p>\n<\/div><\/div><\/div><\/div>\n\n\n<div class=\"b-carousel  band slider\" data-block_c07f4fa9f58e05ebae2643af35495a66>\n  <div class=\"slides\">\n          <div>\n\n\n\n  \n    \n          \n\n              \n        \n\n        <img loading=\"lazy\" decoding=\"async\" width=\"1024\" height=\"681\" src=\"https:\/\/www.leeb-balkone.com\/app\/uploads\/2020\/08\/balkongelaender-alu-classic-eisenhut-3_ret-1024x681.jpg\" class=\"no-lazy\" alt=\"balkongelaender alu classic eisenhut 3_ret\" srcset=\"https:\/\/www.leeb-balkone.com\/app\/uploads\/2020\/08\/balkongelaender-alu-classic-eisenhut-3_ret-1024x681.jpg 1024w, https:\/\/www.leeb-balkone.com\/app\/uploads\/2020\/08\/balkongelaender-alu-classic-eisenhut-3_ret-300x199.jpg 300w, https:\/\/www.leeb-balkone.com\/app\/uploads\/2020\/08\/balkongelaender-alu-classic-eisenhut-3_ret-768x510.jpg 768w, https:\/\/www.leeb-balkone.com\/app\/uploads\/2020\/08\/balkongelaender-alu-classic-eisenhut-3_ret-1536x1021.jpg 1536w, https:\/\/www.leeb-balkone.com\/app\/uploads\/2020\/08\/balkongelaender-alu-classic-eisenhut-3_ret-2048x1361.jpg 2048w\" sizes=\"auto, (min-width: 1200px) 1024px, (min-width: 1024px) 768px, (min-width: 640px) 768px, 768px\" \/>        \n            \n          \n  <\/div>\n\n          <div>\n\n\n\n  \n    \n          \n\n              \n        \n\n        <img loading=\"lazy\" decoding=\"async\" width=\"1024\" height=\"682\" src=\"https:\/\/www.leeb-balkone.com\/app\/uploads\/2020\/10\/alu-balkongelaender-lofer-6-1024x682.jpg\" class=\"no-lazy\" alt=\"alu balkongelaender lofer 6\" srcset=\"https:\/\/www.leeb-balkone.com\/app\/uploads\/2020\/10\/alu-balkongelaender-lofer-6-1024x682.jpg 1024w, https:\/\/www.leeb-balkone.com\/app\/uploads\/2020\/10\/alu-balkongelaender-lofer-6-300x200.jpg 300w, https:\/\/www.leeb-balkone.com\/app\/uploads\/2020\/10\/alu-balkongelaender-lofer-6-768x512.jpg 768w, https:\/\/www.leeb-balkone.com\/app\/uploads\/2020\/10\/alu-balkongelaender-lofer-6-1536x1023.jpg 1536w, https:\/\/www.leeb-balkone.com\/app\/uploads\/2020\/10\/alu-balkongelaender-lofer-6-scaled.jpg 2048w\" sizes=\"auto, (min-width: 1200px) 1024px, (min-width: 1024px) 768px, (min-width: 640px) 768px, 768px\" \/>        \n            \n          \n  <\/div>\n\n          <div>\n\n\n\n  \n    \n          \n\n              \n        \n\n        <img loading=\"lazy\" decoding=\"async\" width=\"1024\" height=\"768\" src=\"https:\/\/www.leeb-balkone.com\/app\/uploads\/2022\/06\/balkongelaender-alu-wooden-al10-3-1024x768.jpeg\" class=\"no-lazy\" alt=\"balkongelaender alu wooden al10 3\" srcset=\"https:\/\/www.leeb-balkone.com\/app\/uploads\/2022\/06\/balkongelaender-alu-wooden-al10-3-1024x768.jpeg 1024w, https:\/\/www.leeb-balkone.com\/app\/uploads\/2022\/06\/balkongelaender-alu-wooden-al10-3-300x225.jpeg 300w, https:\/\/www.leeb-balkone.com\/app\/uploads\/2022\/06\/balkongelaender-alu-wooden-al10-3-768x576.jpeg 768w, https:\/\/www.leeb-balkone.com\/app\/uploads\/2022\/06\/balkongelaender-alu-wooden-al10-3-1536x1152.jpeg 1536w, https:\/\/www.leeb-balkone.com\/app\/uploads\/2022\/06\/balkongelaender-alu-wooden-al10-3-scaled.jpeg 2048w\" sizes=\"auto, (min-width: 1200px) 1024px, (min-width: 1024px) 768px, (min-width: 640px) 768px, 768px\" \/>        \n            \n          \n  <\/div>\n\n          <div>\n\n\n\n  \n    \n          \n\n              \n        \n\n        <img loading=\"lazy\" decoding=\"async\" width=\"683\" height=\"1024\" src=\"https:\/\/www.leeb-balkone.com\/app\/uploads\/2022\/06\/bad-woerishofen-eichwald-terrassen-hres-7934ret-683x1024.jpg\" class=\"no-lazy\" alt=\"bad woerishofen eichwald terrassen hres 7934ret\" srcset=\"https:\/\/www.leeb-balkone.com\/app\/uploads\/2022\/06\/bad-woerishofen-eichwald-terrassen-hres-7934ret-683x1024.jpg 683w, https:\/\/www.leeb-balkone.com\/app\/uploads\/2022\/06\/bad-woerishofen-eichwald-terrassen-hres-7934ret-200x300.jpg 200w, https:\/\/www.leeb-balkone.com\/app\/uploads\/2022\/06\/bad-woerishofen-eichwald-terrassen-hres-7934ret-768x1151.jpg 768w, https:\/\/www.leeb-balkone.com\/app\/uploads\/2022\/06\/bad-woerishofen-eichwald-terrassen-hres-7934ret-1025x1536.jpg 1025w, https:\/\/www.leeb-balkone.com\/app\/uploads\/2022\/06\/bad-woerishofen-eichwald-terrassen-hres-7934ret-scaled.jpg 1367w, https:\/\/www.leeb-balkone.com\/app\/uploads\/2022\/06\/bad-woerishofen-eichwald-terrassen-hres-7934ret-1024x1534.jpg 1024w\" sizes=\"auto, (min-width: 1200px) 1024px, (min-width: 1024px) 768px, (min-width: 640px) 768px, 768px\" \/>        \n            \n          \n  <\/div>\n\n          <div>\n\n\n\n  \n    \n          \n\n              \n        \n\n        <img loading=\"lazy\" decoding=\"async\" width=\"1024\" height=\"721\" src=\"https:\/\/www.leeb-balkone.com\/app\/uploads\/2022\/06\/balkongelaender-alu-wooden-hahnenkamm-193-1024x721.jpg\" class=\"no-lazy\" alt=\"balkongelaender alu wooden hahnenkamm 193\" srcset=\"https:\/\/www.leeb-balkone.com\/app\/uploads\/2022\/06\/balkongelaender-alu-wooden-hahnenkamm-193-1024x721.jpg 1024w, https:\/\/www.leeb-balkone.com\/app\/uploads\/2022\/06\/balkongelaender-alu-wooden-hahnenkamm-193-300x211.jpg 300w, https:\/\/www.leeb-balkone.com\/app\/uploads\/2022\/06\/balkongelaender-alu-wooden-hahnenkamm-193-768x540.jpg 768w, https:\/\/www.leeb-balkone.com\/app\/uploads\/2022\/06\/balkongelaender-alu-wooden-hahnenkamm-193-1536x1081.jpg 1536w, https:\/\/www.leeb-balkone.com\/app\/uploads\/2022\/06\/balkongelaender-alu-wooden-hahnenkamm-193-scaled.jpg 2048w\" sizes=\"auto, (min-width: 1200px) 1024px, (min-width: 1024px) 768px, (min-width: 640px) 768px, 768px\" \/>        \n            \n          \n  <\/div>\n\n          <div>\n\n\n\n  \n    \n          \n\n              \n        \n\n        <img loading=\"lazy\" decoding=\"async\" width=\"1024\" height=\"721\" src=\"https:\/\/www.leeb-balkone.com\/app\/uploads\/2022\/06\/balkongelaender-alu-wooden-kassel-5-1024x721.jpg\" class=\"no-lazy\" alt=\"balkongelaender alu wooden kassel 5\" srcset=\"https:\/\/www.leeb-balkone.com\/app\/uploads\/2022\/06\/balkongelaender-alu-wooden-kassel-5-1024x721.jpg 1024w, https:\/\/www.leeb-balkone.com\/app\/uploads\/2022\/06\/balkongelaender-alu-wooden-kassel-5-300x211.jpg 300w, https:\/\/www.leeb-balkone.com\/app\/uploads\/2022\/06\/balkongelaender-alu-wooden-kassel-5-768x540.jpg 768w, https:\/\/www.leeb-balkone.com\/app\/uploads\/2022\/06\/balkongelaender-alu-wooden-kassel-5-1536x1081.jpg 1536w, https:\/\/www.leeb-balkone.com\/app\/uploads\/2022\/06\/balkongelaender-alu-wooden-kassel-5-scaled.jpg 2048w\" sizes=\"auto, (min-width: 1200px) 1024px, (min-width: 1024px) 768px, (min-width: 640px) 768px, 768px\" \/>        \n            \n          \n  <\/div>\n\n          <div>\n\n\n\n  \n    \n          \n\n              \n        \n\n        <img loading=\"lazy\" decoding=\"async\" width=\"1024\" height=\"684\" src=\"https:\/\/www.leeb-balkone.com\/app\/uploads\/2022\/06\/balkongelaender-alu-wooden-madrid-7-1024x684.jpg\" class=\"no-lazy\" alt=\"balkongelaender alu wooden madrid 7\" srcset=\"https:\/\/www.leeb-balkone.com\/app\/uploads\/2022\/06\/balkongelaender-alu-wooden-madrid-7-1024x684.jpg 1024w, https:\/\/www.leeb-balkone.com\/app\/uploads\/2022\/06\/balkongelaender-alu-wooden-madrid-7-300x200.jpg 300w, https:\/\/www.leeb-balkone.com\/app\/uploads\/2022\/06\/balkongelaender-alu-wooden-madrid-7-768x513.jpg 768w, https:\/\/www.leeb-balkone.com\/app\/uploads\/2022\/06\/balkongelaender-alu-wooden-madrid-7-1536x1025.jpg 1536w, https:\/\/www.leeb-balkone.com\/app\/uploads\/2022\/06\/balkongelaender-alu-wooden-madrid-7-scaled.jpg 2048w\" sizes=\"auto, (min-width: 1200px) 1024px, (min-width: 1024px) 768px, (min-width: 640px) 768px, 768px\" \/>        \n            \n          \n  <\/div>\n\n          <div>\n\n\n\n  \n    \n          \n\n              \n        \n\n        <img loading=\"lazy\" decoding=\"async\" width=\"1024\" height=\"721\" src=\"https:\/\/www.leeb-balkone.com\/app\/uploads\/2022\/06\/balkongelaender-alu-wooden-madrid-10-1024x721.jpg\" class=\"no-lazy\" alt=\"balkongelaender alu wooden madrid 10\" srcset=\"https:\/\/www.leeb-balkone.com\/app\/uploads\/2022\/06\/balkongelaender-alu-wooden-madrid-10-1024x721.jpg 1024w, https:\/\/www.leeb-balkone.com\/app\/uploads\/2022\/06\/balkongelaender-alu-wooden-madrid-10-300x211.jpg 300w, https:\/\/www.leeb-balkone.com\/app\/uploads\/2022\/06\/balkongelaender-alu-wooden-madrid-10-768x540.jpg 768w, https:\/\/www.leeb-balkone.com\/app\/uploads\/2022\/06\/balkongelaender-alu-wooden-madrid-10-1536x1081.jpg 1536w, https:\/\/www.leeb-balkone.com\/app\/uploads\/2022\/06\/balkongelaender-alu-wooden-madrid-10-scaled.jpg 2048w\" sizes=\"auto, (min-width: 1200px) 1024px, (min-width: 1024px) 768px, (min-width: 640px) 768px, 768px\" \/>        \n            \n          \n  <\/div>\n\n          <div>\n\n\n\n  \n    \n          \n\n              \n        \n\n        <img loading=\"lazy\" decoding=\"async\" width=\"1024\" height=\"683\" src=\"https:\/\/www.leeb-balkone.com\/app\/uploads\/2022\/06\/balkongelaender-alu-wooden-strassburg-176-1024x683.jpg\" class=\"no-lazy\" alt=\"balkongelaender alu wooden strassburg 176\" srcset=\"https:\/\/www.leeb-balkone.com\/app\/uploads\/2022\/06\/balkongelaender-alu-wooden-strassburg-176-1024x683.jpg 1024w, https:\/\/www.leeb-balkone.com\/app\/uploads\/2022\/06\/balkongelaender-alu-wooden-strassburg-176-300x200.jpg 300w, https:\/\/www.leeb-balkone.com\/app\/uploads\/2022\/06\/balkongelaender-alu-wooden-strassburg-176-768x512.jpg 768w, https:\/\/www.leeb-balkone.com\/app\/uploads\/2022\/06\/balkongelaender-alu-wooden-strassburg-176-1536x1024.jpg 1536w, https:\/\/www.leeb-balkone.com\/app\/uploads\/2022\/06\/balkongelaender-alu-wooden-strassburg-176-scaled.jpg 2048w\" sizes=\"auto, (min-width: 1200px) 1024px, (min-width: 1024px) 768px, (min-width: 640px) 768px, 768px\" \/>        \n            \n          \n  <\/div>\n\n          <div>\n\n\n\n  \n    \n          \n\n              \n        \n\n        <img loading=\"lazy\" decoding=\"async\" width=\"1024\" height=\"683\" src=\"https:\/\/www.leeb-balkone.com\/app\/uploads\/2022\/06\/balkongelaender-alu-wooden-umbria-5-1024x683.jpg\" class=\"no-lazy\" alt=\"balkongelaender alu wooden umbria 5\" srcset=\"https:\/\/www.leeb-balkone.com\/app\/uploads\/2022\/06\/balkongelaender-alu-wooden-umbria-5-1024x683.jpg 1024w, https:\/\/www.leeb-balkone.com\/app\/uploads\/2022\/06\/balkongelaender-alu-wooden-umbria-5-300x200.jpg 300w, https:\/\/www.leeb-balkone.com\/app\/uploads\/2022\/06\/balkongelaender-alu-wooden-umbria-5-768x512.jpg 768w, https:\/\/www.leeb-balkone.com\/app\/uploads\/2022\/06\/balkongelaender-alu-wooden-umbria-5-1536x1024.jpg 1536w, https:\/\/www.leeb-balkone.com\/app\/uploads\/2022\/06\/balkongelaender-alu-wooden-umbria-5-scaled.jpg 2048w\" sizes=\"auto, (min-width: 1200px) 1024px, (min-width: 1024px) 768px, (min-width: 640px) 768px, 768px\" \/>        \n            \n          \n  <\/div>\n\n          <div>\n\n\n\n  \n    \n          \n\n              \n        \n\n        <img loading=\"lazy\" decoding=\"async\" width=\"1024\" height=\"681\" src=\"https:\/\/www.leeb-balkone.com\/app\/uploads\/2022\/06\/aluminium-in-holzoptik-4-1-1024x681.jpg\" class=\"no-lazy\" alt=\"aluminium in holzoptik 4 1\" srcset=\"https:\/\/www.leeb-balkone.com\/app\/uploads\/2022\/06\/aluminium-in-holzoptik-4-1-1024x681.jpg 1024w, https:\/\/www.leeb-balkone.com\/app\/uploads\/2022\/06\/aluminium-in-holzoptik-4-1-300x200.jpg 300w, https:\/\/www.leeb-balkone.com\/app\/uploads\/2022\/06\/aluminium-in-holzoptik-4-1-768x511.jpg 768w, https:\/\/www.leeb-balkone.com\/app\/uploads\/2022\/06\/aluminium-in-holzoptik-4-1-1536x1022.jpg 1536w, https:\/\/www.leeb-balkone.com\/app\/uploads\/2022\/06\/aluminium-in-holzoptik-4-1-scaled.jpg 2048w\" sizes=\"auto, (min-width: 1200px) 1024px, (min-width: 1024px) 768px, (min-width: 640px) 768px, 768px\" \/>        \n            \n          \n  <\/div>\n\n          <div>\n\n\n\n  \n    \n          \n\n              \n        \n\n        <img loading=\"lazy\" decoding=\"async\" width=\"1024\" height=\"714\" src=\"https:\/\/www.leeb-balkone.com\/app\/uploads\/2022\/06\/bad-woerishofen-eichwald-terrassen-hres-7901ret-1024x714.jpg\" class=\"no-lazy\" alt=\"bad woerishofen eichwald terrassen hres 7901ret\" srcset=\"https:\/\/www.leeb-balkone.com\/app\/uploads\/2022\/06\/bad-woerishofen-eichwald-terrassen-hres-7901ret-1024x714.jpg 1024w, https:\/\/www.leeb-balkone.com\/app\/uploads\/2022\/06\/bad-woerishofen-eichwald-terrassen-hres-7901ret-300x209.jpg 300w, https:\/\/www.leeb-balkone.com\/app\/uploads\/2022\/06\/bad-woerishofen-eichwald-terrassen-hres-7901ret-768x536.jpg 768w, https:\/\/www.leeb-balkone.com\/app\/uploads\/2022\/06\/bad-woerishofen-eichwald-terrassen-hres-7901ret-1536x1071.jpg 1536w, https:\/\/www.leeb-balkone.com\/app\/uploads\/2022\/06\/bad-woerishofen-eichwald-terrassen-hres-7901ret-scaled.jpg 2048w\" sizes=\"auto, (min-width: 1200px) 1024px, (min-width: 1024px) 768px, (min-width: 640px) 768px, 768px\" \/>        \n            \n          \n  <\/div>\n\n      <\/div>\n\n<\/div>\n<\/section>\n\n\n\n<section class=\"wp-block-cgb-t3-section-block alignfull b-pt-none\" style=\"display:inherit;background-color:#F5F5F5;min-height:inherit\">\n<div class=\"wp-block-cgb-t3-container-block b-has-offset-h\" style=\"background-color:none\"><div class=\"grid-container\"><div class=\"grid-x\"><div class=\"cell small-12 medium-6 large-0 medium-offset-1\">\n<h2 class=\"wp-block-heading\" id=\"glasfarben\">I nostri prodotti effetto legno<\/h2>\n<\/div><\/div><\/div><\/div>\n\n\n\n<div class=\"wp-block-cgb-t3-container-block none\" style=\"background-color:none\"><div class=\"grid-container\"><div class=\"grid-x\"><div class=\"cell small-12 medium-9 large-0 medium-offset-1 b-has-pt b-has-lsmb\">\n<p><span class=\"teaser\">Le strutture in legno Leeb promettono un\u2019estetica di alto livello con un minimo dispendio di manutenzione e cura. I pigmenti colorati ad alta tenuta COLOR PROTECT impediscono l\u2019inscurimento cos\u00ec come lo scolorimento e, a differenza del legno, sono protetti dalle intemperie. <\/span><\/p>\n\n\n\n<p><span class=\"teaser\">Le tonalit\u00e0 scure del legno sono piacevolmente combinabili con i colori pastello. Decorazioni chiare e intermedie si adattano bene ai colori scuri o accesi.<\/span><\/p>\n<\/div><\/div><\/div><\/div>\n\n\n\n<div class=\"wp-block-cgb-t3-container-block none\" style=\"background-color:none\"><div class=\"grid-container\"><div class=\"grid-x\"><div class=\"cell small-12 medium-0 large-0\"><div id=\"lightgallery-block_077892672ed2bbe284fe7168986142ae\" data-block_077892672ed2bbe284fe7168986142ae class=\"has-15-imgs b-cards b-cards--gallery u-grid-temp has-3-cols u-md-2 u-sm-1 wp-block-group is-layout-grid wp-block-group-is-layout-grid gallery alignwide\">\n\n        <div class=\"b-cards__item\">\n\n        \n      <figure>\n                 <img loading=\"lazy\" decoding=\"async\" width=\"439\" height=\"1024\" src=\"https:\/\/www.leeb-balkone.com\/app\/uploads\/2020\/09\/La\u0308rche-gebeizt-439x1024.jpg\" class=\"attachment-large size-large\" alt=\"Larice trattato\" srcset=\"https:\/\/www.leeb-balkone.com\/app\/uploads\/2020\/09\/La\u0308rche-gebeizt-439x1024.jpg 439w, https:\/\/www.leeb-balkone.com\/app\/uploads\/2020\/09\/La\u0308rche-gebeizt-129x300.jpg 129w, https:\/\/www.leeb-balkone.com\/app\/uploads\/2020\/09\/La\u0308rche-gebeizt-768x1791.jpg 768w, https:\/\/www.leeb-balkone.com\/app\/uploads\/2020\/09\/La\u0308rche-gebeizt-659x1536.jpg 659w, https:\/\/www.leeb-balkone.com\/app\/uploads\/2020\/09\/La\u0308rche-gebeizt-878x2048.jpg 878w, https:\/\/www.leeb-balkone.com\/app\/uploads\/2020\/09\/La\u0308rche-gebeizt-1024x2387.jpg 1024w, https:\/\/www.leeb-balkone.com\/app\/uploads\/2020\/09\/La\u0308rche-gebeizt-scaled.jpg 1098w\" sizes=\"auto, (min-width: 1200px) 1024px, (min-width: 1024px) 768px, (min-width: 640px) 768px, 768px\" \/>              <\/figure>\n\n                  \n        <div class=\"caption\">\n                          <p>Larice trattato\n              <\/div>\n  \n<\/div>\n\n        <div class=\"b-cards__item\">\n\n        \n      <figure>\n                 <img loading=\"lazy\" decoding=\"async\" width=\"437\" height=\"1024\" src=\"https:\/\/www.leeb-balkone.com\/app\/uploads\/2020\/09\/Kirsche-437x1024.jpg\" class=\"attachment-large size-large\" alt=\"Ciliegio\" srcset=\"https:\/\/www.leeb-balkone.com\/app\/uploads\/2020\/09\/Kirsche-437x1024.jpg 437w, https:\/\/www.leeb-balkone.com\/app\/uploads\/2020\/09\/Kirsche-128x300.jpg 128w, https:\/\/www.leeb-balkone.com\/app\/uploads\/2020\/09\/Kirsche-768x1801.jpg 768w, https:\/\/www.leeb-balkone.com\/app\/uploads\/2020\/09\/Kirsche-655x1536.jpg 655w, https:\/\/www.leeb-balkone.com\/app\/uploads\/2020\/09\/Kirsche-873x2048.jpg 873w, https:\/\/www.leeb-balkone.com\/app\/uploads\/2020\/09\/Kirsche-1024x2401.jpg 1024w, https:\/\/www.leeb-balkone.com\/app\/uploads\/2020\/09\/Kirsche-scaled.jpg 1092w\" sizes=\"auto, (min-width: 1200px) 1024px, (min-width: 1024px) 768px, (min-width: 640px) 768px, 768px\" \/>              <\/figure>\n\n                  \n        <div class=\"caption\">\n                          <p>Ciliegio\n              <\/div>\n  \n<\/div>\n\n        <div class=\"b-cards__item\">\n\n        \n      <figure>\n                 <img loading=\"lazy\" decoding=\"async\" width=\"437\" height=\"1024\" src=\"https:\/\/www.leeb-balkone.com\/app\/uploads\/2022\/03\/Kiefer-hell-2-437x1024.jpg\" class=\"attachment-large size-large\" alt=\"Pino chiaro\" srcset=\"https:\/\/www.leeb-balkone.com\/app\/uploads\/2022\/03\/Kiefer-hell-2-437x1024.jpg 437w, https:\/\/www.leeb-balkone.com\/app\/uploads\/2022\/03\/Kiefer-hell-2-128x300.jpg 128w, https:\/\/www.leeb-balkone.com\/app\/uploads\/2022\/03\/Kiefer-hell-2-768x1801.jpg 768w, https:\/\/www.leeb-balkone.com\/app\/uploads\/2022\/03\/Kiefer-hell-2-655x1536.jpg 655w, https:\/\/www.leeb-balkone.com\/app\/uploads\/2022\/03\/Kiefer-hell-2-scaled.jpg 873w, https:\/\/www.leeb-balkone.com\/app\/uploads\/2022\/03\/Kiefer-hell-2-1024x2401.jpg 1024w\" sizes=\"auto, (min-width: 1200px) 1024px, (min-width: 1024px) 768px, (min-width: 640px) 768px, 768px\" \/>              <\/figure>\n\n                  \n        <div class=\"caption\">\n                          <p>Pino chiaro\n              <\/div>\n  \n<\/div>\n\n        <div class=\"b-cards__item\">\n\n        \n      <figure>\n                 <img loading=\"lazy\" decoding=\"async\" width=\"437\" height=\"1024\" src=\"https:\/\/www.leeb-balkone.com\/app\/uploads\/2020\/09\/Kiefer-dunkel-437x1024.jpg\" class=\"attachment-large size-large\" alt=\"Pino scuro\" srcset=\"https:\/\/www.leeb-balkone.com\/app\/uploads\/2020\/09\/Kiefer-dunkel-437x1024.jpg 437w, https:\/\/www.leeb-balkone.com\/app\/uploads\/2020\/09\/Kiefer-dunkel-128x300.jpg 128w, https:\/\/www.leeb-balkone.com\/app\/uploads\/2020\/09\/Kiefer-dunkel-768x1799.jpg 768w, https:\/\/www.leeb-balkone.com\/app\/uploads\/2020\/09\/Kiefer-dunkel-656x1536.jpg 656w, https:\/\/www.leeb-balkone.com\/app\/uploads\/2020\/09\/Kiefer-dunkel-874x2048.jpg 874w, https:\/\/www.leeb-balkone.com\/app\/uploads\/2020\/09\/Kiefer-dunkel-1024x2399.jpg 1024w, https:\/\/www.leeb-balkone.com\/app\/uploads\/2020\/09\/Kiefer-dunkel-scaled.jpg 1093w\" sizes=\"auto, (min-width: 1200px) 1024px, (min-width: 1024px) 768px, (min-width: 640px) 768px, 768px\" \/>              <\/figure>\n\n                  \n        <div class=\"caption\">\n                          <p>Pino scuro\n              <\/div>\n  \n<\/div>\n\n        <div class=\"b-cards__item\">\n\n        \n      <figure>\n                 <img loading=\"lazy\" decoding=\"async\" width=\"421\" height=\"1024\" src=\"https:\/\/www.leeb-balkone.com\/app\/uploads\/2020\/09\/Kastanie-421x1024.jpg\" class=\"attachment-large size-large\" alt=\"Castagno\" srcset=\"https:\/\/www.leeb-balkone.com\/app\/uploads\/2020\/09\/Kastanie-421x1024.jpg 421w, https:\/\/www.leeb-balkone.com\/app\/uploads\/2020\/09\/Kastanie-123x300.jpg 123w, https:\/\/www.leeb-balkone.com\/app\/uploads\/2020\/09\/Kastanie-768x1867.jpg 768w, https:\/\/www.leeb-balkone.com\/app\/uploads\/2020\/09\/Kastanie-632x1536.jpg 632w, https:\/\/www.leeb-balkone.com\/app\/uploads\/2020\/09\/Kastanie-843x2048.jpg 843w, https:\/\/www.leeb-balkone.com\/app\/uploads\/2020\/09\/Kastanie-1024x2489.jpg 1024w, https:\/\/www.leeb-balkone.com\/app\/uploads\/2020\/09\/Kastanie-scaled.jpg 1053w\" sizes=\"auto, (min-width: 1200px) 1024px, (min-width: 1024px) 768px, (min-width: 640px) 768px, 768px\" \/>              <\/figure>\n\n                  \n        <div class=\"caption\">\n                          <p>Castagno\n              <\/div>\n  \n<\/div>\n\n        <div class=\"b-cards__item\">\n\n        \n      <figure>\n                 <img loading=\"lazy\" decoding=\"async\" width=\"436\" height=\"1024\" src=\"https:\/\/www.leeb-balkone.com\/app\/uploads\/2020\/09\/Greywood-436x1024.jpg\" class=\"attachment-large size-large\" alt=\"Greywood\" srcset=\"https:\/\/www.leeb-balkone.com\/app\/uploads\/2020\/09\/Greywood-436x1024.jpg 436w, https:\/\/www.leeb-balkone.com\/app\/uploads\/2020\/09\/Greywood-128x300.jpg 128w, https:\/\/www.leeb-balkone.com\/app\/uploads\/2020\/09\/Greywood-768x1804.jpg 768w, https:\/\/www.leeb-balkone.com\/app\/uploads\/2020\/09\/Greywood-654x1536.jpg 654w, https:\/\/www.leeb-balkone.com\/app\/uploads\/2020\/09\/Greywood-872x2048.jpg 872w, https:\/\/www.leeb-balkone.com\/app\/uploads\/2020\/09\/Greywood-1024x2405.jpg 1024w, https:\/\/www.leeb-balkone.com\/app\/uploads\/2020\/09\/Greywood-scaled.jpg 1090w\" sizes=\"auto, (min-width: 1200px) 1024px, (min-width: 1024px) 768px, (min-width: 640px) 768px, 768px\" \/>              <\/figure>\n\n                  \n        <div class=\"caption\">\n                          <p>Greywood\n              <\/div>\n  \n<\/div>\n\n        <div class=\"b-cards__item\">\n\n        \n      <figure>\n                 <img loading=\"lazy\" decoding=\"async\" width=\"438\" height=\"1024\" src=\"https:\/\/www.leeb-balkone.com\/app\/uploads\/2020\/09\/Goldeiche-438x1024.jpg\" class=\"attachment-large size-large\" alt=\"Quercia dorata\" srcset=\"https:\/\/www.leeb-balkone.com\/app\/uploads\/2020\/09\/Goldeiche-438x1024.jpg 438w, https:\/\/www.leeb-balkone.com\/app\/uploads\/2020\/09\/Goldeiche-128x300.jpg 128w, https:\/\/www.leeb-balkone.com\/app\/uploads\/2020\/09\/Goldeiche-768x1795.jpg 768w, https:\/\/www.leeb-balkone.com\/app\/uploads\/2020\/09\/Goldeiche-657x1536.jpg 657w, https:\/\/www.leeb-balkone.com\/app\/uploads\/2020\/09\/Goldeiche-876x2048.jpg 876w, https:\/\/www.leeb-balkone.com\/app\/uploads\/2020\/09\/Goldeiche-1024x2393.jpg 1024w, https:\/\/www.leeb-balkone.com\/app\/uploads\/2020\/09\/Goldeiche-scaled.jpg 1095w\" sizes=\"auto, (min-width: 1200px) 1024px, (min-width: 1024px) 768px, (min-width: 640px) 768px, 768px\" \/>              <\/figure>\n\n                  \n        <div class=\"caption\">\n                          <p>Quercia dorata\n              <\/div>\n  \n<\/div>\n\n        <div class=\"b-cards__item\">\n\n        \n      <figure>\n                 <img loading=\"lazy\" decoding=\"async\" width=\"438\" height=\"1024\" src=\"https:\/\/www.leeb-balkone.com\/app\/uploads\/2020\/09\/Eiche-438x1024.jpg\" class=\"attachment-large size-large\" alt=\"Quercia\" srcset=\"https:\/\/www.leeb-balkone.com\/app\/uploads\/2020\/09\/Eiche-438x1024.jpg 438w, https:\/\/www.leeb-balkone.com\/app\/uploads\/2020\/09\/Eiche-128x300.jpg 128w, https:\/\/www.leeb-balkone.com\/app\/uploads\/2020\/09\/Eiche-768x1796.jpg 768w, https:\/\/www.leeb-balkone.com\/app\/uploads\/2020\/09\/Eiche-657x1536.jpg 657w, https:\/\/www.leeb-balkone.com\/app\/uploads\/2020\/09\/Eiche-876x2048.jpg 876w, https:\/\/www.leeb-balkone.com\/app\/uploads\/2020\/09\/Eiche-1024x2395.jpg 1024w, https:\/\/www.leeb-balkone.com\/app\/uploads\/2020\/09\/Eiche-scaled.jpg 1094w\" sizes=\"auto, (min-width: 1200px) 1024px, (min-width: 1024px) 768px, (min-width: 640px) 768px, 768px\" \/>              <\/figure>\n\n                  \n        <div class=\"caption\">\n                          <p>Quercia\n              <\/div>\n  \n<\/div>\n\n        <div class=\"b-cards__item\">\n\n        \n      <figure>\n                 <img loading=\"lazy\" decoding=\"async\" width=\"437\" height=\"1024\" src=\"https:\/\/www.leeb-balkone.com\/app\/uploads\/2020\/09\/Douglasie-437x1024.jpg\" class=\"attachment-large size-large\" alt=\"Douglasia\" srcset=\"https:\/\/www.leeb-balkone.com\/app\/uploads\/2020\/09\/Douglasie-437x1024.jpg 437w, https:\/\/www.leeb-balkone.com\/app\/uploads\/2020\/09\/Douglasie-128x300.jpg 128w, https:\/\/www.leeb-balkone.com\/app\/uploads\/2020\/09\/Douglasie-768x1801.jpg 768w, https:\/\/www.leeb-balkone.com\/app\/uploads\/2020\/09\/Douglasie-655x1536.jpg 655w, https:\/\/www.leeb-balkone.com\/app\/uploads\/2020\/09\/Douglasie-873x2048.jpg 873w, https:\/\/www.leeb-balkone.com\/app\/uploads\/2020\/09\/Douglasie-1024x2401.jpg 1024w, https:\/\/www.leeb-balkone.com\/app\/uploads\/2020\/09\/Douglasie-scaled.jpg 1092w\" sizes=\"auto, (min-width: 1200px) 1024px, (min-width: 1024px) 768px, (min-width: 640px) 768px, 768px\" \/>              <\/figure>\n\n                  \n        <div class=\"caption\">\n                          <p>Douglasia\n              <\/div>\n  \n<\/div>\n\n        <div class=\"b-cards__item\">\n\n        \n      <figure>\n                 <img loading=\"lazy\" decoding=\"async\" width=\"437\" height=\"1024\" src=\"https:\/\/www.leeb-balkone.com\/app\/uploads\/2020\/09\/Esche-437x1024.jpg\" class=\"attachment-large size-large\" alt=\"Frassino\" srcset=\"https:\/\/www.leeb-balkone.com\/app\/uploads\/2020\/09\/Esche-437x1024.jpg 437w, https:\/\/www.leeb-balkone.com\/app\/uploads\/2020\/09\/Esche-128x300.jpg 128w, https:\/\/www.leeb-balkone.com\/app\/uploads\/2020\/09\/Esche-768x1798.jpg 768w, https:\/\/www.leeb-balkone.com\/app\/uploads\/2020\/09\/Esche-656x1536.jpg 656w, https:\/\/www.leeb-balkone.com\/app\/uploads\/2020\/09\/Esche-875x2048.jpg 875w, https:\/\/www.leeb-balkone.com\/app\/uploads\/2020\/09\/Esche-1024x2397.jpg 1024w, https:\/\/www.leeb-balkone.com\/app\/uploads\/2020\/09\/Esche-scaled.jpg 1093w\" sizes=\"auto, (min-width: 1200px) 1024px, (min-width: 1024px) 768px, (min-width: 640px) 768px, 768px\" \/>              <\/figure>\n\n                  \n        <div class=\"caption\">\n                          <p>Frassino\n              <\/div>\n  \n<\/div>\n\n        <div class=\"b-cards__item\">\n\n        \n      <figure>\n                 <img loading=\"lazy\" decoding=\"async\" width=\"1024\" height=\"691\" src=\"https:\/\/www.leeb-balkone.com\/app\/uploads\/2022\/03\/Wenge.jpg\" class=\"attachment-large size-large\" alt=\"Weng\u00e9\" srcset=\"https:\/\/www.leeb-balkone.com\/app\/uploads\/2022\/03\/Wenge.jpg 1024w, https:\/\/www.leeb-balkone.com\/app\/uploads\/2022\/03\/Wenge-300x202.jpg 300w, https:\/\/www.leeb-balkone.com\/app\/uploads\/2022\/03\/Wenge-768x518.jpg 768w, https:\/\/www.leeb-balkone.com\/app\/uploads\/2022\/03\/Wenge-400x270.jpg 400w\" sizes=\"auto, (min-width: 1200px) 1024px, (min-width: 1024px) 768px, (min-width: 640px) 768px, 768px\" \/>              <\/figure>\n\n                  \n        <div class=\"caption\">\n                          <p>Weng\u00e9\n              <\/div>\n  \n<\/div>\n\n        <div class=\"b-cards__item\">\n\n        \n      <figure>\n                 <img loading=\"lazy\" decoding=\"async\" width=\"1024\" height=\"691\" src=\"https:\/\/www.leeb-balkone.com\/app\/uploads\/2022\/03\/Erle.jpg\" class=\"attachment-large size-large\" alt=\"Ontano\" srcset=\"https:\/\/www.leeb-balkone.com\/app\/uploads\/2022\/03\/Erle.jpg 1024w, https:\/\/www.leeb-balkone.com\/app\/uploads\/2022\/03\/Erle-300x202.jpg 300w, https:\/\/www.leeb-balkone.com\/app\/uploads\/2022\/03\/Erle-768x518.jpg 768w, https:\/\/www.leeb-balkone.com\/app\/uploads\/2022\/03\/Erle-400x270.jpg 400w\" sizes=\"auto, (min-width: 1200px) 1024px, (min-width: 1024px) 768px, (min-width: 640px) 768px, 768px\" \/>              <\/figure>\n\n                  \n        <div class=\"caption\">\n                          <p>Ontano\n              <\/div>\n  \n<\/div>\n\n        <div class=\"b-cards__item\">\n\n        \n      <figure>\n                 <img loading=\"lazy\" decoding=\"async\" width=\"1024\" height=\"691\" src=\"https:\/\/www.leeb-balkone.com\/app\/uploads\/2022\/03\/Eiche-rustikal.jpg\" class=\"attachment-large size-large\" alt=\"Quercia rustica\" srcset=\"https:\/\/www.leeb-balkone.com\/app\/uploads\/2022\/03\/Eiche-rustikal.jpg 1024w, https:\/\/www.leeb-balkone.com\/app\/uploads\/2022\/03\/Eiche-rustikal-300x202.jpg 300w, https:\/\/www.leeb-balkone.com\/app\/uploads\/2022\/03\/Eiche-rustikal-768x518.jpg 768w, https:\/\/www.leeb-balkone.com\/app\/uploads\/2022\/03\/Eiche-rustikal-400x270.jpg 400w\" sizes=\"auto, (min-width: 1200px) 1024px, (min-width: 1024px) 768px, (min-width: 640px) 768px, 768px\" \/>              <\/figure>\n\n                  \n        <div class=\"caption\">\n                          <p>Quercia rustica\n              <\/div>\n  \n<\/div>\n\n        <div class=\"b-cards__item\">\n\n        \n      <figure>\n                 <img loading=\"lazy\" decoding=\"async\" width=\"1024\" height=\"687\" src=\"https:\/\/www.leeb-balkone.com\/app\/uploads\/2022\/06\/Optik_Granit.jpg\" class=\"attachment-large size-large\" alt=\"Granito\" srcset=\"https:\/\/www.leeb-balkone.com\/app\/uploads\/2022\/06\/Optik_Granit.jpg 1024w, https:\/\/www.leeb-balkone.com\/app\/uploads\/2022\/06\/Optik_Granit-300x201.jpg 300w, https:\/\/www.leeb-balkone.com\/app\/uploads\/2022\/06\/Optik_Granit-768x515.jpg 768w\" sizes=\"auto, (min-width: 1200px) 1024px, (min-width: 1024px) 768px, (min-width: 640px) 768px, 768px\" \/>              <\/figure>\n\n                  \n        <div class=\"caption\">\n                          <p>Granito\n              <\/div>\n  \n<\/div>\n\n        <div class=\"b-cards__item\">\n\n        \n      <figure>\n                 <img loading=\"lazy\" decoding=\"async\" width=\"1024\" height=\"684\" src=\"https:\/\/www.leeb-balkone.com\/app\/uploads\/2022\/06\/Optik_Marmor.jpg\" class=\"attachment-large size-large\" alt=\"Marmo\" srcset=\"https:\/\/www.leeb-balkone.com\/app\/uploads\/2022\/06\/Optik_Marmor.jpg 1024w, https:\/\/www.leeb-balkone.com\/app\/uploads\/2022\/06\/Optik_Marmor-300x200.jpg 300w, https:\/\/www.leeb-balkone.com\/app\/uploads\/2022\/06\/Optik_Marmor-768x513.jpg 768w\" sizes=\"auto, (min-width: 1200px) 1024px, (min-width: 1024px) 768px, (min-width: 640px) 768px, 768px\" \/>              <\/figure>\n\n                  \n        <div class=\"caption\">\n                          <p>Marmo\n              <\/div>\n  \n<\/div>\n\n    <\/div>\n\n<\/div><\/div><\/div><\/div>\n\n\n\n<div class=\"wp-block-cgb-t3-container-block none\" style=\"background-color:none\"><div class=\"grid-container\"><div class=\"grid-x\"><div class=\"cell small-12 medium-9 large-0 medium-offset-1 b-has-pt b-has-lsmb\">\n<p><strong>Attenzione:<\/strong> i colori delle figure NON sono vincolanti! Per la scelta dei colori utilizzate solo il modello originale o le schede RAL.<\/p>\n<\/div><\/div><\/div><\/div>\n<\/section>\n\n\n\n<section class=\"wp-block-cgb-t3-section-block alignfull is-style-default\" style=\"display:inherit;background-color:#fff;min-height:inherit\"><div class=\"grid-container\"><div>\n<div class=\"wp-block-cgb-t3-container-block none\" style=\"background-color:none\"><div class=\"grid-container\"><div class=\"grid-x\"><div class=\"cell small-12 medium-9 large-0 b-has-pt b-has-lsmb\">\n<h2 class=\"wp-block-heading\" id=\"produktion\">Innovazione e tenuta<\/h2>\n\n\n\n<p>Dal 2010 offriamo balconi e recinzioni in alluminio effetto legno di nostra produzione. A causa della domanda crescente, nella nostra gamma di prodotti vengono costantemente inseriti nuovi effetti legno. Al momento si pu\u00f2 scegliere tra 13 effetti legno &#8211; su richiesta un prodotto in alluminio Leeb pu\u00f2 essere consegnato anche con effetto marmo o granito. <\/p>\n\n\n\n<p>Nella prima fase i profili in alluminio vengono puliti e rivestiti con un fondo. Successivamente, le strutture in legno vengono applicate con uno speciale procedimento a mano sull\u2019alluminio, riscaldate a 200\u00b0 Celsius e cotte. In tal modo il rivestimento in legno Leeb diventa particolarmente durevole e resistente ai raggi UV, dato che i pigmenti possono garantire l\u2019alta tenuta del colore.<\/p>\n<\/div><\/div><\/div><\/div>\n\n\n\n<div class=\"wp-block-cgb-t3-container-block none\" style=\"background-color:none\"><div class=\"grid-container\"><div class=\"grid-x\"><div class=\"cell small-12 medium-0 large-0 b-has-lsmb\"><div id=\"lightgallery-block_919f48328cf9568dd953b55a425a67f7\" data-block_919f48328cf9568dd953b55a425a67f7 class=\"has-2-imgs b-cards b-cards--gallery u-grid-temp has-2-cols u-md-2 u-sm-1 wp-block-group is-layout-grid wp-block-group-is-layout-grid gallery alignwide\">\n\n        <div class=\"b-cards__item\">\n\n        \n      <figure>\n                 <img loading=\"lazy\" decoding=\"async\" width=\"700\" height=\"500\" src=\"https:\/\/www.leeb-balkone.com\/app\/uploads\/2022\/06\/vorteile-alu-wooden-e1655978135102.jpg\" class=\"attachment-large size-large\" alt=\"vorteile alu wooden e1655978135102\" sizes=\"auto, (min-width: 1200px) 1024px, (min-width: 1024px) 768px, (min-width: 640px) 768px, 768px\" \/>              <\/figure>\n\n                  \n  \n<\/div>\n\n        <div class=\"b-cards__item\">\n\n        \n      <figure>\n                 <img loading=\"lazy\" decoding=\"async\" width=\"1024\" height=\"767\" src=\"https:\/\/www.leeb-balkone.com\/app\/uploads\/2022\/06\/jobs-holzstruktur-leeb-balkone-1024x767.jpg\" class=\"attachment-large size-large\" alt=\"jobs holzstruktur leeb balkone\" srcset=\"https:\/\/www.leeb-balkone.com\/app\/uploads\/2022\/06\/jobs-holzstruktur-leeb-balkone-1024x767.jpg 1024w, https:\/\/www.leeb-balkone.com\/app\/uploads\/2022\/06\/jobs-holzstruktur-leeb-balkone-300x225.jpg 300w, https:\/\/www.leeb-balkone.com\/app\/uploads\/2022\/06\/jobs-holzstruktur-leeb-balkone-768x576.jpg 768w, https:\/\/www.leeb-balkone.com\/app\/uploads\/2022\/06\/jobs-holzstruktur-leeb-balkone-1536x1151.jpg 1536w, https:\/\/www.leeb-balkone.com\/app\/uploads\/2022\/06\/jobs-holzstruktur-leeb-balkone.jpg 2000w\" sizes=\"auto, (min-width: 1200px) 1024px, (min-width: 1024px) 768px, (min-width: 640px) 768px, 768px\" \/>              <\/figure>\n\n                  \n  \n<\/div>\n\n    <\/div>\n\n<\/div><\/div><\/div><\/div>\n<\/div><\/div><\/section>\n\n\n\n<section class=\"wp-block-cgb-t3-section-block alignfull\" style=\"display:inherit;background-color:#F5F5F5;min-height:inherit\"><div class=\"grid-container\"><div>\n<div class=\"wp-block-cgb-t3-container-block none\" style=\"background-color:none\"><div class=\"grid-container\"><div class=\"grid-x\"><div class=\"cell small-12 medium-9 large-0 b-has-pt b-has-lsmb\">\n<h2 class=\"wp-block-heading\" id=\"produktion\">Qualit\u00e0 garatita<\/h2>\n\n\n\n<p><br>La nostra verniciatura a polveri LEEB-COLOR-PROTECT si distingue per la massima resistenza agli agenti atmosferici e ai raggi UV. I test di esposizione agli agenti atmosferici eseguiti in condizioni estreme (3 anni di esposizione alla corrosione atmosferica in Florida) evidenziano che i nostri prodotti effetto legno soddisfano tutti i requisiti in termini di brillantezza e tenuta del colore. Dai test di qualit\u00e0 dei nostri pigmenti colorati eseguiti secondo standard internazionali emerge una tenuta all\u2019incirca tre volte superiore rispetto ai rivestimenti standard.<\/p>\n\n\n\n<p>Di seguito \u00e8 riportato il confronto qualitativo tra effetto standard ed effetto di qualit\u00e0 che utilizziamo per i nostri prodotti.&nbsp;<\/p>\n<\/div><\/div><\/div><\/div>\n\n\n\n<div class=\"wp-block-cgb-t3-container-block none\" style=\"background-color:none\"><div class=\"grid-container\"><div data-block_d9fd594022e658aadb7f8c92213c14b5 class=\"wp-block-group is-style-transparent-cards u-grid-temp has-2-cols u-md-2 u-sm-1 cards alignwide std \" style=\"margin-bottom:var(--wp--preset--spacing--xl)\">\n\n\n            <div class=\"wp-block-group m-card is-layout-flow wp-block-group-is-layout-flow\">\n      <figure data-imgid=\"95160\" class=\"wp-block-image size-large\">\n      <img decoding=\"async\" width=\"1024\" height=\"786\" src=\"https:\/\/www.leeb-balkone.com\/app\/uploads\/2022\/07\/Walnut-standard-36months-1024x786.jpg\" class=\"attachment-large size-large\" alt=\"Walnut standard 36months\" title=\"\" loading=\"lazy\" srcset=\"https:\/\/www.leeb-balkone.com\/app\/uploads\/2022\/07\/Walnut-standard-36months-1024x786.jpg 1024w, https:\/\/www.leeb-balkone.com\/app\/uploads\/2022\/07\/Walnut-standard-36months-300x230.jpg 300w, https:\/\/www.leeb-balkone.com\/app\/uploads\/2022\/07\/Walnut-standard-36months-768x590.jpg 768w, https:\/\/www.leeb-balkone.com\/app\/uploads\/2022\/07\/Walnut-standard-36months.jpg 1051w\" sizes=\"auto, (min-width: 1200px) 1024px, (min-width: 1024px) 768px, (min-width: 640px) 768px, 768px\" \/>    <\/figure>\n  \n  <div class=\"wp-block-group m-card-content is-vertical is-layout-flex wp-block-group-is-layout-flex\">\n          <h3 class=\"wp-block-heading\">Effetto legno standard<\/h3>\n        <p>Effetto legno standard dopo 36 mesi<\/p>\n      <\/div>\n<\/div>\n\n\n          <div class=\"wp-block-group m-card is-layout-flow wp-block-group-is-layout-flow\">\n      <figure data-imgid=\"95171\" class=\"wp-block-image size-large\">\n      <img decoding=\"async\" width=\"1024\" height=\"751\" src=\"https:\/\/www.leeb-balkone.com\/app\/uploads\/2022\/07\/Walnut-gold-36months-1-1024x751.jpg\" class=\"attachment-large size-large\" alt=\"Walnut gold 36months 1\" title=\"\" loading=\"lazy\" srcset=\"https:\/\/www.leeb-balkone.com\/app\/uploads\/2022\/07\/Walnut-gold-36months-1-1024x751.jpg 1024w, https:\/\/www.leeb-balkone.com\/app\/uploads\/2022\/07\/Walnut-gold-36months-1-300x220.jpg 300w, https:\/\/www.leeb-balkone.com\/app\/uploads\/2022\/07\/Walnut-gold-36months-1-768x563.jpg 768w, https:\/\/www.leeb-balkone.com\/app\/uploads\/2022\/07\/Walnut-gold-36months-1.jpg 1051w\" sizes=\"auto, (min-width: 1200px) 1024px, (min-width: 1024px) 768px, (min-width: 640px) 768px, 768px\" \/>    <\/figure>\n  \n  <div class=\"wp-block-group m-card-content is-vertical is-layout-flex wp-block-group-is-layout-flex\">\n          <h3 class=\"wp-block-heading\">Effetto qualit\u00e0 Leeb <\/h3>\n        <p>Effetto qualit\u00e0 Leeb dopo 36 mesi<\/p>\n      <\/div>\n<\/div>\n\n\n      <\/div>\n\n\n<\/div><\/div>\n<\/div><\/div><\/section>\n\n\n\n<section class=\"wp-block-cgb-t3-section-block alignfull  is-style-bg-transparent\" style=\"display:inherit;min-height:inherit\">\n<div class=\"wp-block-cgb-t3-container-block none\" style=\"background-color:none\"><div class=\"grid-container\"><div class=\"grid-x\"><div class=\"cell small-12 medium-9 large-0 medium-offset-1 b-has-lsmb\">\n<h2 class=\"wp-block-heading\" id=\"faq\">Vantaggi<\/h2>\n<\/div><\/div><\/div><\/div>\n\n\n\n<div class=\"wp-block-cgb-t3-container-block none b-cont-columns\" style=\"background-color:none\"><div class=\"grid-container\"><div class=\"grid-x\"><div class=\"cell small-12 medium-10 large-0 medium-offset-1\">\n<ul class=\"wp-block-list\">\n<li>Effetto legno sorprendentemente autentico con i vantaggi dell\u2019alluminio<\/li>\n\n\n\n<li>Protezione innovativa con ALU COMFORT PLUS\u00ae e COLOR PROTECT<\/li>\n\n\n\n<li>Ampia selezione di prodotti effetto legno \u2013 vasto portafoglio con nuovi effetti<\/li>\n\n\n\n<li>Sicurezza dal numero 1 in Europa con consulenza in loco gratuita<\/li>\n<\/ul>\n<\/div><\/div><\/div><\/div>\n<\/section>\n\n\n\n<section class=\"wp-block-cgb-t3-section-block alignfull b-pt-none\" style=\"display:inherit;background-color:#F5F5F5;min-height:inherit\">\n<div class=\"wp-block-cgb-t3-container-block b-has-offset-h\" style=\"background-color:none\"><div class=\"grid-container\"><div class=\"grid-x\"><div class=\"cell small-12 medium-6 large-0 medium-offset-1\">\n<h2 class=\"wp-block-heading\" id=\"kontaktieren-sie-uns\">Contattateci<\/h2>\n<\/div><\/div><\/div><\/div>\n\n\n\n<div class=\"wp-block-cgb-t3-container-block none b-has-pt\" style=\"background-color:none\"><div class=\"grid-container\"><div class=\"o-grid u-sm-1 u-md-1\"><div class=\"u-g-7 u-g-s-2\"><form action=\"https:\/\/www.leeb-balkone.com\/it\/wp-json\/ws-form\/v1\/submit\" class=\"wsf-form wsf-form-canvas\" id=\"ws-form-1\" data-id=\"4\" data-instance-id=\"1\" method=\"POST\"><\/form>\n<\/div>\n    <div class=\"u-g-3 u-g-s-9\"><div class=\"t3-sidebar-buttons wp-block-buttons is-layout-flex wp-block-buttons-is-layout-flex\"><div class=\"wp-block-button is-style-fill icon-book icon-left\">\n                        <a class=\"wp-block-button__link has-secondary-color has-white-background-color has-text-color has-background has-link-color wp-element-button\" href=\"https:\/\/www.leeb-balkone.com\/it\/contatti\/richiesta-catalogo\/\" style=\"box-shadow:var(--wp--preset--shadow--box-shadow)\">Richiesta catalogo<\/a>\n                    <\/div><div class=\"wp-block-button is-style-fill icon-vp icon-left\">\n                        <a class=\"wp-block-button__link has-secondary-color has-white-background-color has-text-color has-background has-link-color wp-element-button\" href=\"https:\/\/www.leeb-balkone.com\/it\/partner-commerciali\/\">Partner per la distribuzione <span class=\"sr-only\">Partner commerciale Leeb Balkone Italia<\/span><\/a>\n                    <\/div><\/div>\n<\/div><\/div>\n\n\n<p><\/p>\n<\/div><\/div>\n<\/section>\n","protected":false},"excerpt":{"rendered":"","protected":false},"author":3,"featured_media":0,"parent":19427,"menu_order":3,"comment_status":"closed","ping_status":"closed","template":"template-onepager.blade.php","meta":{"_acf_changed":false,"footnotes":"","_sage_theme_css":true,"_wp_block_core_css":false},"folder":[],"class_list":["post-122471","page","type-page","status-publish","hentry"],"acf":[],"yoast_head":"<!-- This site is optimized with the Yoast SEO plugin v27.2 - https:\/\/yoast.com\/product\/yoast-seo-wordpress\/ -->\n<title>Holzoptik: Balkone, Z\u00e4une &amp; Co aus Alu in Holzoptik - BALCONI LEEB Italia<\/title>\n<meta name=\"description\" content=\"Pflegeleichte Balkone, Z\u00e4une und B\u00f6den aus Aluminium in Holzoptik - Anmutung von Holz und dennoch alle Vorteile von Aluminium genie\u00dfen!\" \/>\n<meta name=\"robots\" content=\"index, follow, max-snippet:-1, max-image-preview:large, max-video-preview:-1\" \/>\n<meta property=\"og:locale\" content=\"it_IT\" \/>\n<meta property=\"og:type\" content=\"article\" \/>\n<meta property=\"og:title\" content=\"Holzoptik: Balkone, Z\u00e4une &amp; Co aus Alu in Holzoptik - BALCONI LEEB\" \/>\n<meta property=\"og:description\" content=\"Pflegeleichte Balkone, Z\u00e4une und B\u00f6den aus Aluminium in Holzoptik - Anmutung von Holz und dennoch alle Vorteile von Aluminium genie\u00dfen!\" \/>\n<meta property=\"og:url\" content=\"https:\/\/www.leeb-balkone.com\/it\/tecnologia\/alluminio-con-effetto-legno\/\" \/>\n<meta property=\"og:site_name\" content=\"BALCONI LEEB\" \/>\n<meta property=\"article:publisher\" content=\"https:\/\/www.facebook.com\/balkone\/\" \/>\n<meta property=\"article:modified_time\" content=\"2023-04-03T12:50:22+00:00\" \/>\n<meta property=\"og:image\" content=\"https:\/\/www.leeb-balkone.com\/app\/uploads\/2020\/09\/alu-balkongelaender-zufriedene-kunden-1.jpg\" \/>\n\t<meta property=\"og:image:width\" content=\"2560\" \/>\n\t<meta property=\"og:image:height\" content=\"1762\" \/>\n\t<meta property=\"og:image:type\" content=\"image\/jpeg\" \/>\n<meta name=\"twitter:card\" content=\"summary_large_image\" \/>\n<script type=\"application\/ld+json\" class=\"yoast-schema-graph\">{\"@context\":\"https:\/\/schema.org\",\"@graph\":[{\"@type\":\"WebPage\",\"@id\":\"https:\/\/www.leeb-balkone.com\/it\/tecnologia\/alluminio-con-effetto-legno\/\",\"url\":\"https:\/\/www.leeb-balkone.com\/it\/tecnologia\/alluminio-con-effetto-legno\/\",\"name\":\"Holzoptik: Balkone, Z\u00e4une & Co aus Alu in Holzoptik - BALCONI LEEB\",\"isPartOf\":{\"@id\":\"https:\/\/www.leeb-balkone.com\/it\/#website\"},\"datePublished\":\"2022-06-14T07:57:22+00:00\",\"dateModified\":\"2023-04-03T12:50:22+00:00\",\"description\":\"Pflegeleichte Balkone, Z\u00e4une und B\u00f6den aus Aluminium in Holzoptik - Anmutung von Holz und dennoch alle Vorteile von Aluminium genie\u00dfen!\",\"breadcrumb\":{\"@id\":\"https:\/\/www.leeb-balkone.com\/it\/tecnologia\/alluminio-con-effetto-legno\/#breadcrumb\"},\"inLanguage\":\"it-IT\",\"potentialAction\":[{\"@type\":\"ReadAction\",\"target\":[\"https:\/\/www.leeb-balkone.com\/it\/tecnologia\/alluminio-con-effetto-legno\/\"]}]},{\"@type\":\"BreadcrumbList\",\"@id\":\"https:\/\/www.leeb-balkone.com\/it\/tecnologia\/alluminio-con-effetto-legno\/#breadcrumb\",\"itemListElement\":[{\"@type\":\"ListItem\",\"position\":1,\"name\":\"Home\",\"item\":\"https:\/\/www.leeb-balkone.com\/it\/\"},{\"@type\":\"ListItem\",\"position\":2,\"name\":\"Tecnologia\",\"item\":\"https:\/\/www.leeb-balkone.com\/it\/tecnologia\/\"},{\"@type\":\"ListItem\",\"position\":3,\"name\":\"Alluminio con effetto legno\"}]},{\"@type\":\"WebSite\",\"@id\":\"https:\/\/www.leeb-balkone.com\/it\/#website\",\"url\":\"https:\/\/www.leeb-balkone.com\/it\/\",\"name\":\"BALCONI LEEB\",\"description\":\"Balkone und Z\u00e4une\",\"publisher\":{\"@id\":\"https:\/\/www.leeb-balkone.com\/it\/#organization\"},\"potentialAction\":[{\"@type\":\"SearchAction\",\"target\":{\"@type\":\"EntryPoint\",\"urlTemplate\":\"https:\/\/www.leeb-balkone.com\/it\/?s={search_term_string}\"},\"query-input\":{\"@type\":\"PropertyValueSpecification\",\"valueRequired\":true,\"valueName\":\"search_term_string\"}}],\"inLanguage\":\"it-IT\"},{\"@type\":\"Organization\",\"@id\":\"https:\/\/www.leeb-balkone.com\/it\/#organization\",\"name\":\"Leeb Balkone Gmbh\",\"url\":\"https:\/\/www.leeb-balkone.com\/it\/\",\"logo\":{\"@type\":\"ImageObject\",\"inLanguage\":\"it-IT\",\"@id\":\"https:\/\/www.leeb-balkone.com\/it\/#\/schema\/logo\/image\/\",\"url\":\"https:\/\/www.leeb-balkone.com\/app\/uploads\/2020\/11\/leeb-logo.svg\",\"contentUrl\":\"https:\/\/www.leeb-balkone.com\/app\/uploads\/2020\/11\/leeb-logo.svg\",\"width\":741,\"height\":204,\"caption\":\"Leeb Balkone Gmbh\"},\"image\":{\"@id\":\"https:\/\/www.leeb-balkone.com\/it\/#\/schema\/logo\/image\/\"},\"sameAs\":[\"https:\/\/www.facebook.com\/balkone\/\",\"https:\/\/www.trustedshops.at\/bewertung\/info_X4587CCF5833E31AFE0B11F47D86999F2.html\",\"https:\/\/www.trustedshops.de\/bewertung\/info_X7BA536A7A0BDC86D36C4718E4DCAEEEF.html\",\"https:\/\/www.google.com\/maps\/place\/?q=place_id:ChIJ5-zH19-IcEcR9HonWRTllHI\"]}]}<\/script>\n<!-- \/ Yoast SEO plugin. -->","yoast_head_json":{"title":"Holzoptik: Balkone, Z\u00e4une & Co aus Alu in Holzoptik - BALCONI LEEB Italia","description":"Pflegeleichte Balkone, Z\u00e4une und B\u00f6den aus Aluminium in Holzoptik - Anmutung von Holz und dennoch alle Vorteile von Aluminium genie\u00dfen!","robots":{"index":"index","follow":"follow","max-snippet":"max-snippet:-1","max-image-preview":"max-image-preview:large","max-video-preview":"max-video-preview:-1"},"og_locale":"it_IT","og_type":"article","og_title":"Holzoptik: Balkone, Z\u00e4une & Co aus Alu in Holzoptik - BALCONI LEEB","og_description":"Pflegeleichte Balkone, Z\u00e4une und B\u00f6den aus Aluminium in Holzoptik - Anmutung von Holz und dennoch alle Vorteile von Aluminium genie\u00dfen!","og_url":"https:\/\/www.leeb-balkone.com\/it\/tecnologia\/alluminio-con-effetto-legno\/","og_site_name":"BALCONI LEEB","article_publisher":"https:\/\/www.facebook.com\/balkone\/","article_modified_time":"2023-04-03T12:50:22+00:00","og_image":[{"width":2560,"height":1762,"url":"https:\/\/www.leeb-balkone.com\/app\/uploads\/2020\/09\/alu-balkongelaender-zufriedene-kunden-1.jpg","type":"image\/jpeg"}],"twitter_card":"summary_large_image","schema":{"@context":"https:\/\/schema.org","@graph":[{"@type":"WebPage","@id":"https:\/\/www.leeb-balkone.com\/it\/tecnologia\/alluminio-con-effetto-legno\/","url":"https:\/\/www.leeb-balkone.com\/it\/tecnologia\/alluminio-con-effetto-legno\/","name":"Holzoptik: Balkone, Z\u00e4une & Co aus Alu in Holzoptik - BALCONI LEEB","isPartOf":{"@id":"https:\/\/www.leeb-balkone.com\/it\/#website"},"datePublished":"2022-06-14T07:57:22+00:00","dateModified":"2023-04-03T12:50:22+00:00","description":"Pflegeleichte Balkone, Z\u00e4une und B\u00f6den aus Aluminium in Holzoptik - Anmutung von Holz und dennoch alle Vorteile von Aluminium genie\u00dfen!","breadcrumb":{"@id":"https:\/\/www.leeb-balkone.com\/it\/tecnologia\/alluminio-con-effetto-legno\/#breadcrumb"},"inLanguage":"it-IT","potentialAction":[{"@type":"ReadAction","target":["https:\/\/www.leeb-balkone.com\/it\/tecnologia\/alluminio-con-effetto-legno\/"]}]},{"@type":"BreadcrumbList","@id":"https:\/\/www.leeb-balkone.com\/it\/tecnologia\/alluminio-con-effetto-legno\/#breadcrumb","itemListElement":[{"@type":"ListItem","position":1,"name":"Home","item":"https:\/\/www.leeb-balkone.com\/it\/"},{"@type":"ListItem","position":2,"name":"Tecnologia","item":"https:\/\/www.leeb-balkone.com\/it\/tecnologia\/"},{"@type":"ListItem","position":3,"name":"Alluminio con effetto legno"}]},{"@type":"WebSite","@id":"https:\/\/www.leeb-balkone.com\/it\/#website","url":"https:\/\/www.leeb-balkone.com\/it\/","name":"BALCONI LEEB","description":"Balkone und Z\u00e4une","publisher":{"@id":"https:\/\/www.leeb-balkone.com\/it\/#organization"},"potentialAction":[{"@type":"SearchAction","target":{"@type":"EntryPoint","urlTemplate":"https:\/\/www.leeb-balkone.com\/it\/?s={search_term_string}"},"query-input":{"@type":"PropertyValueSpecification","valueRequired":true,"valueName":"search_term_string"}}],"inLanguage":"it-IT"},{"@type":"Organization","@id":"https:\/\/www.leeb-balkone.com\/it\/#organization","name":"Leeb Balkone Gmbh","url":"https:\/\/www.leeb-balkone.com\/it\/","logo":{"@type":"ImageObject","inLanguage":"it-IT","@id":"https:\/\/www.leeb-balkone.com\/it\/#\/schema\/logo\/image\/","url":"https:\/\/www.leeb-balkone.com\/app\/uploads\/2020\/11\/leeb-logo.svg","contentUrl":"https:\/\/www.leeb-balkone.com\/app\/uploads\/2020\/11\/leeb-logo.svg","width":741,"height":204,"caption":"Leeb Balkone Gmbh"},"image":{"@id":"https:\/\/www.leeb-balkone.com\/it\/#\/schema\/logo\/image\/"},"sameAs":["https:\/\/www.facebook.com\/balkone\/","https:\/\/www.trustedshops.at\/bewertung\/info_X4587CCF5833E31AFE0B11F47D86999F2.html","https:\/\/www.trustedshops.de\/bewertung\/info_X7BA536A7A0BDC86D36C4718E4DCAEEEF.html","https:\/\/www.google.com\/maps\/place\/?q=place_id:ChIJ5-zH19-IcEcR9HonWRTllHI"]}]}},"_links":{"self":[{"href":"https:\/\/www.leeb-balkone.com\/it\/wp-json\/wp\/v2\/pages\/122471","targetHints":{"allow":["GET"]}}],"collection":[{"href":"https:\/\/www.leeb-balkone.com\/it\/wp-json\/wp\/v2\/pages"}],"about":[{"href":"https:\/\/www.leeb-balkone.com\/it\/wp-json\/wp\/v2\/types\/page"}],"author":[{"embeddable":true,"href":"https:\/\/www.leeb-balkone.com\/it\/wp-json\/wp\/v2\/users\/3"}],"replies":[{"embeddable":true,"href":"https:\/\/www.leeb-balkone.com\/it\/wp-json\/wp\/v2\/comments?post=122471"}],"version-history":[{"count":0,"href":"https:\/\/www.leeb-balkone.com\/it\/wp-json\/wp\/v2\/pages\/122471\/revisions"}],"up":[{"embeddable":true,"href":"https:\/\/www.leeb-balkone.com\/it\/wp-json\/wp\/v2\/pages\/19427"}],"wp:attachment":[{"href":"https:\/\/www.leeb-balkone.com\/it\/wp-json\/wp\/v2\/media?parent=122471"}],"wp:term":[{"taxonomy":"folder","embeddable":true,"href":"https:\/\/www.leeb-balkone.com\/it\/wp-json\/wp\/v2\/folder?post=122471"}],"curies":[{"name":"wp","href":"https:\/\/api.w.org\/{rel}","templated":true}]}}