{"id":7362,"date":"2020-09-18T11:14:26","date_gmt":"2020-09-18T11:14:26","guid":{"rendered":"https:\/\/www.leeb-balkone.com\/de\/?post_type=tribe_events&#038;p=7362"},"modified":"2025-11-21T05:50:32","modified_gmt":"2025-11-21T05:50:32","slug":"ostbayernschau-straubing","status":"publish","type":"tribe_events","link":"https:\/\/www.leeb-balkone.com\/de\/messe\/ostbayernschau-straubing\/","title":{"rendered":"Ostbayernschau Straubing"},"content":{"rendered":"<p>T\u00e4glich von 9 bis 18 Uhr findet die diesj\u00e4hrige Ostbayernschau Straubing in der Woche vom 13. bis 21. August 2022 statt. Bei der gr\u00f6\u00dften Verbraucherausstellung des ostbayerischen Raums werden \u00fcber 400.000 Besucher erwartet, die in das &#8220;XXL Einkaufsparadies&#8221; ohne Eintrittskarten kostenlos bummeln d\u00fcrfen.<\/p>\n","protected":false},"excerpt":{"rendered":"","protected":false},"author":3,"featured_media":86088,"template":"","meta":{"_acf_changed":false,"_tribe_events_status":"","_tribe_events_status_reason":"","_tribe_events_is_hybrid":"","_tribe_events_is_virtual":"","_tribe_events_virtual_video_source":"","_tribe_events_virtual_embed_video":"","_tribe_events_virtual_linked_button_text":"","_tribe_events_virtual_linked_button":"","_tribe_events_virtual_show_embed_at":"","_tribe_events_virtual_show_embed_to":[],"_tribe_events_virtual_show_on_event":"","_tribe_events_virtual_show_on_views":"","_tribe_events_virtual_url":"","footnotes":""},"tags":[],"tribe_events_cat":[],"class_list":["post-7362","tribe_events","type-tribe_events","status-publish","has-post-thumbnail","hentry"],"acf":[],"yoast_head":"<!-- This site is optimized with the Yoast SEO plugin v27.2 - https:\/\/yoast.com\/product\/yoast-seo-wordpress\/ -->\n<title>Ostbayernschau Straubing - Leeb Balkone Deutschland<\/title>\n<meta name=\"description\" content=\"T\u00e4glich von 9 bis 18 Uhr findet die diesj\u00e4hrige Ostbayernschau Straubing in der Woche vom 13. bis 21. August 2022 statt. Bei der gr\u00f6\u00dften\" \/>\n<meta name=\"robots\" content=\"index, follow, max-snippet:-1, max-image-preview:large, max-video-preview:-1\" \/>\n<meta property=\"og:locale\" content=\"de_DE\" \/>\n<meta property=\"og:type\" content=\"article\" \/>\n<meta property=\"og:title\" content=\"Ostbayernschau Straubing - Leeb Balkone\" \/>\n<meta property=\"og:description\" content=\"T\u00e4glich von 9 bis 18 Uhr findet die diesj\u00e4hrige Ostbayernschau Straubing in der Woche vom 13. bis 21. August 2022 statt. Bei der gr\u00f6\u00dften\" \/>\n<meta property=\"og:url\" content=\"https:\/\/www.leeb-balkone.com\/de\/messe\/ostbayernschau-straubing\/\" \/>\n<meta property=\"og:site_name\" content=\"Leeb Balkone\" \/>\n<meta property=\"article:publisher\" content=\"https:\/\/www.facebook.com\/balkone\/\" \/>\n<meta property=\"article:modified_time\" content=\"2025-11-21T05:50:32+00:00\" \/>\n<meta property=\"og:image\" content=\"https:\/\/www.leeb-balkone.com\/app\/uploads\/2020\/09\/ostbayernschau-straubing-logo.png\" \/>\n\t<meta property=\"og:image:width\" content=\"238\" \/>\n\t<meta property=\"og:image:height\" content=\"118\" \/>\n\t<meta property=\"og:image:type\" content=\"image\/png\" \/>\n<meta name=\"twitter:card\" content=\"summary_large_image\" \/>\n<script type=\"application\/ld+json\" class=\"yoast-schema-graph\">{\"@context\":\"https:\/\/schema.org\",\"@graph\":[{\"@type\":\"WebPage\",\"@id\":\"https:\/\/www.leeb-balkone.com\/de\/messe\/ostbayernschau-straubing\/\",\"url\":\"https:\/\/www.leeb-balkone.com\/de\/messe\/ostbayernschau-straubing\/\",\"name\":\"Ostbayernschau Straubing - Leeb Balkone\",\"isPartOf\":{\"@id\":\"https:\/\/www.leeb-balkone.com\/de\/#website\"},\"primaryImageOfPage\":{\"@id\":\"https:\/\/www.leeb-balkone.com\/de\/messe\/ostbayernschau-straubing\/#primaryimage\"},\"image\":{\"@id\":\"https:\/\/www.leeb-balkone.com\/de\/messe\/ostbayernschau-straubing\/#primaryimage\"},\"thumbnailUrl\":\"https:\/\/www.leeb-balkone.com\/app\/uploads\/2020\/09\/ostbayernschau-straubing-logo.png\",\"datePublished\":\"2020-09-18T11:14:26+00:00\",\"dateModified\":\"2025-11-21T05:50:32+00:00\",\"description\":\"T\u00e4glich von 9 bis 18 Uhr findet die diesj\u00e4hrige Ostbayernschau Straubing in der Woche vom 13. bis 21. August 2022 statt. Bei der gr\u00f6\u00dften\",\"breadcrumb\":{\"@id\":\"https:\/\/www.leeb-balkone.com\/de\/messe\/ostbayernschau-straubing\/#breadcrumb\"},\"inLanguage\":\"de\",\"potentialAction\":[{\"@type\":\"ReadAction\",\"target\":[\"https:\/\/www.leeb-balkone.com\/de\/messe\/ostbayernschau-straubing\/\"]}]},{\"@type\":\"ImageObject\",\"inLanguage\":\"de\",\"@id\":\"https:\/\/www.leeb-balkone.com\/de\/messe\/ostbayernschau-straubing\/#primaryimage\",\"url\":\"https:\/\/www.leeb-balkone.com\/app\/uploads\/2020\/09\/ostbayernschau-straubing-logo.png\",\"contentUrl\":\"https:\/\/www.leeb-balkone.com\/app\/uploads\/2020\/09\/ostbayernschau-straubing-logo.png\",\"width\":238,\"height\":118},{\"@type\":\"BreadcrumbList\",\"@id\":\"https:\/\/www.leeb-balkone.com\/de\/messe\/ostbayernschau-straubing\/#breadcrumb\",\"itemListElement\":[{\"@type\":\"ListItem\",\"position\":1,\"name\":\"Home\",\"item\":\"https:\/\/www.leeb-balkone.com\/de\/\"},{\"@type\":\"ListItem\",\"position\":2,\"name\":\"Veranstaltungen\",\"item\":\"https:\/\/www.leeb-balkone.com\/de\/messe\/\"},{\"@type\":\"ListItem\",\"position\":3,\"name\":\"Ostbayernschau Straubing\"}]},{\"@type\":\"WebSite\",\"@id\":\"https:\/\/www.leeb-balkone.com\/de\/#website\",\"url\":\"https:\/\/www.leeb-balkone.com\/de\/\",\"name\":\"Leeb Balkone\",\"description\":\"Balkone und Z\u00e4une\",\"publisher\":{\"@id\":\"https:\/\/www.leeb-balkone.com\/de\/#organization\"},\"potentialAction\":[{\"@type\":\"SearchAction\",\"target\":{\"@type\":\"EntryPoint\",\"urlTemplate\":\"https:\/\/www.leeb-balkone.com\/de\/?s={search_term_string}\"},\"query-input\":{\"@type\":\"PropertyValueSpecification\",\"valueRequired\":true,\"valueName\":\"search_term_string\"}}],\"inLanguage\":\"de\"},{\"@type\":\"Organization\",\"@id\":\"https:\/\/www.leeb-balkone.com\/de\/#organization\",\"name\":\"Leeb Balkone Gmbh\",\"url\":\"https:\/\/www.leeb-balkone.com\/de\/\",\"logo\":{\"@type\":\"ImageObject\",\"inLanguage\":\"de\",\"@id\":\"https:\/\/www.leeb-balkone.com\/de\/#\/schema\/logo\/image\/\",\"url\":\"https:\/\/www.leeb-balkone.com\/app\/uploads\/2020\/11\/leeb-logo.svg\",\"contentUrl\":\"https:\/\/www.leeb-balkone.com\/app\/uploads\/2020\/11\/leeb-logo.svg\",\"width\":741,\"height\":204,\"caption\":\"Leeb Balkone Gmbh\"},\"image\":{\"@id\":\"https:\/\/www.leeb-balkone.com\/de\/#\/schema\/logo\/image\/\"},\"sameAs\":[\"https:\/\/www.facebook.com\/balkone\/\",\"https:\/\/www.trustedshops.at\/bewertung\/info_X4587CCF5833E31AFE0B11F47D86999F2.html\",\"https:\/\/www.trustedshops.de\/bewertung\/info_X7BA536A7A0BDC86D36C4718E4DCAEEEF.html\",\"https:\/\/www.google.com\/maps\/place\/?q=place_id:ChIJ5-zH19-IcEcR9HonWRTllHI\"]}]}<\/script>\n<!-- \/ Yoast SEO plugin. -->","yoast_head_json":{"title":"Ostbayernschau Straubing - Leeb Balkone Deutschland","description":"T\u00e4glich von 9 bis 18 Uhr findet die diesj\u00e4hrige Ostbayernschau Straubing in der Woche vom 13. bis 21. August 2022 statt. Bei der gr\u00f6\u00dften","robots":{"index":"index","follow":"follow","max-snippet":"max-snippet:-1","max-image-preview":"max-image-preview:large","max-video-preview":"max-video-preview:-1"},"og_locale":"de_DE","og_type":"article","og_title":"Ostbayernschau Straubing - Leeb Balkone","og_description":"T\u00e4glich von 9 bis 18 Uhr findet die diesj\u00e4hrige Ostbayernschau Straubing in der Woche vom 13. bis 21. August 2022 statt. Bei der gr\u00f6\u00dften","og_url":"https:\/\/www.leeb-balkone.com\/de\/messe\/ostbayernschau-straubing\/","og_site_name":"Leeb Balkone","article_publisher":"https:\/\/www.facebook.com\/balkone\/","article_modified_time":"2025-11-21T05:50:32+00:00","og_image":[{"width":238,"height":118,"url":"https:\/\/www.leeb-balkone.com\/app\/uploads\/2020\/09\/ostbayernschau-straubing-logo.png","type":"image\/png"}],"twitter_card":"summary_large_image","schema":{"@context":"https:\/\/schema.org","@graph":[{"@type":"WebPage","@id":"https:\/\/www.leeb-balkone.com\/de\/messe\/ostbayernschau-straubing\/","url":"https:\/\/www.leeb-balkone.com\/de\/messe\/ostbayernschau-straubing\/","name":"Ostbayernschau Straubing - Leeb Balkone","isPartOf":{"@id":"https:\/\/www.leeb-balkone.com\/de\/#website"},"primaryImageOfPage":{"@id":"https:\/\/www.leeb-balkone.com\/de\/messe\/ostbayernschau-straubing\/#primaryimage"},"image":{"@id":"https:\/\/www.leeb-balkone.com\/de\/messe\/ostbayernschau-straubing\/#primaryimage"},"thumbnailUrl":"https:\/\/www.leeb-balkone.com\/app\/uploads\/2020\/09\/ostbayernschau-straubing-logo.png","datePublished":"2020-09-18T11:14:26+00:00","dateModified":"2025-11-21T05:50:32+00:00","description":"T\u00e4glich von 9 bis 18 Uhr findet die diesj\u00e4hrige Ostbayernschau Straubing in der Woche vom 13. bis 21. August 2022 statt. Bei der gr\u00f6\u00dften","breadcrumb":{"@id":"https:\/\/www.leeb-balkone.com\/de\/messe\/ostbayernschau-straubing\/#breadcrumb"},"inLanguage":"de","potentialAction":[{"@type":"ReadAction","target":["https:\/\/www.leeb-balkone.com\/de\/messe\/ostbayernschau-straubing\/"]}]},{"@type":"ImageObject","inLanguage":"de","@id":"https:\/\/www.leeb-balkone.com\/de\/messe\/ostbayernschau-straubing\/#primaryimage","url":"https:\/\/www.leeb-balkone.com\/app\/uploads\/2020\/09\/ostbayernschau-straubing-logo.png","contentUrl":"https:\/\/www.leeb-balkone.com\/app\/uploads\/2020\/09\/ostbayernschau-straubing-logo.png","width":238,"height":118},{"@type":"BreadcrumbList","@id":"https:\/\/www.leeb-balkone.com\/de\/messe\/ostbayernschau-straubing\/#breadcrumb","itemListElement":[{"@type":"ListItem","position":1,"name":"Home","item":"https:\/\/www.leeb-balkone.com\/de\/"},{"@type":"ListItem","position":2,"name":"Veranstaltungen","item":"https:\/\/www.leeb-balkone.com\/de\/messe\/"},{"@type":"ListItem","position":3,"name":"Ostbayernschau Straubing"}]},{"@type":"WebSite","@id":"https:\/\/www.leeb-balkone.com\/de\/#website","url":"https:\/\/www.leeb-balkone.com\/de\/","name":"Leeb Balkone","description":"Balkone und Z\u00e4une","publisher":{"@id":"https:\/\/www.leeb-balkone.com\/de\/#organization"},"potentialAction":[{"@type":"SearchAction","target":{"@type":"EntryPoint","urlTemplate":"https:\/\/www.leeb-balkone.com\/de\/?s={search_term_string}"},"query-input":{"@type":"PropertyValueSpecification","valueRequired":true,"valueName":"search_term_string"}}],"inLanguage":"de"},{"@type":"Organization","@id":"https:\/\/www.leeb-balkone.com\/de\/#organization","name":"Leeb Balkone Gmbh","url":"https:\/\/www.leeb-balkone.com\/de\/","logo":{"@type":"ImageObject","inLanguage":"de","@id":"https:\/\/www.leeb-balkone.com\/de\/#\/schema\/logo\/image\/","url":"https:\/\/www.leeb-balkone.com\/app\/uploads\/2020\/11\/leeb-logo.svg","contentUrl":"https:\/\/www.leeb-balkone.com\/app\/uploads\/2020\/11\/leeb-logo.svg","width":741,"height":204,"caption":"Leeb Balkone Gmbh"},"image":{"@id":"https:\/\/www.leeb-balkone.com\/de\/#\/schema\/logo\/image\/"},"sameAs":["https:\/\/www.facebook.com\/balkone\/","https:\/\/www.trustedshops.at\/bewertung\/info_X4587CCF5833E31AFE0B11F47D86999F2.html","https:\/\/www.trustedshops.de\/bewertung\/info_X7BA536A7A0BDC86D36C4718E4DCAEEEF.html","https:\/\/www.google.com\/maps\/place\/?q=place_id:ChIJ5-zH19-IcEcR9HonWRTllHI"]}]}},"_links":{"self":[{"href":"https:\/\/www.leeb-balkone.com\/de\/wp-json\/wp\/v2\/tribe_events\/7362","targetHints":{"allow":["GET"]}}],"collection":[{"href":"https:\/\/www.leeb-balkone.com\/de\/wp-json\/wp\/v2\/tribe_events"}],"about":[{"href":"https:\/\/www.leeb-balkone.com\/de\/wp-json\/wp\/v2\/types\/tribe_events"}],"author":[{"embeddable":true,"href":"https:\/\/www.leeb-balkone.com\/de\/wp-json\/wp\/v2\/users\/3"}],"version-history":[{"count":1,"href":"https:\/\/www.leeb-balkone.com\/de\/wp-json\/wp\/v2\/tribe_events\/7362\/revisions"}],"predecessor-version":[{"id":141266,"href":"https:\/\/www.leeb-balkone.com\/de\/wp-json\/wp\/v2\/tribe_events\/7362\/revisions\/141266"}],"wp:featuredmedia":[{"embeddable":true,"href":"https:\/\/www.leeb-balkone.com\/de\/wp-json\/wp\/v2\/media\/86088"}],"wp:attachment":[{"href":"https:\/\/www.leeb-balkone.com\/de\/wp-json\/wp\/v2\/media?parent=7362"}],"wp:term":[{"taxonomy":"post_tag","embeddable":true,"href":"https:\/\/www.leeb-balkone.com\/de\/wp-json\/wp\/v2\/tags?post=7362"},{"taxonomy":"tribe_events_cat","embeddable":true,"href":"https:\/\/www.leeb-balkone.com\/de\/wp-json\/wp\/v2\/tribe_events_cat?post=7362"}],"curies":[{"name":"wp","href":"https:\/\/api.w.org\/{rel}","templated":true}]}}