{"id":164443,"date":"2026-02-23T08:15:02","date_gmt":"2026-02-23T08:15:02","guid":{"rendered":"https:\/\/www.leeb-balkone.com\/?post_type=tribe_events&#038;p=164443"},"modified":"2026-02-23T08:15:33","modified_gmt":"2026-02-23T08:15:33","slug":"unterschleissheimer-gewerbeschau-uga","status":"publish","type":"tribe_events","link":"https:\/\/www.leeb-balkone.com\/de\/messe\/unterschleissheimer-gewerbeschau-uga\/","title":{"rendered":"Unterschlei\u00dfheimer Gewerbeschau UGA"},"content":{"rendered":"<p>Besuchen Sie Leeb auf der Unterschlei\u00dfheimer Gewerbeschau (UGA) und lassen Sie sich pers\u00f6nlich beraten. Entdecken Sie unsere hochwertigen L\u00f6sungen rund um Balkone, Z\u00e4une und \u00dcberdachungen \u2013 individuell geplant, langlebig und sicher. Wir freuen uns auf Ihren Besuch und auf gute Gespr\u00e4che direkt vor Ort!<\/p>\n","protected":false},"excerpt":{"rendered":"","protected":false},"author":12,"featured_media":164444,"template":"","meta":{"_acf_changed":false,"_tribe_events_status":"","_tribe_events_status_reason":"","_tribe_events_is_hybrid":"","_tribe_events_is_virtual":"","_tribe_events_virtual_video_source":"","_tribe_events_virtual_embed_video":"","_tribe_events_virtual_linked_button_text":"","_tribe_events_virtual_linked_button":"","_tribe_events_virtual_show_embed_at":"","_tribe_events_virtual_show_embed_to":[],"_tribe_events_virtual_show_on_event":"","_tribe_events_virtual_show_on_views":"","_tribe_events_virtual_url":"","footnotes":""},"tags":[],"tribe_events_cat":[],"class_list":["post-164443","tribe_events","type-tribe_events","status-publish","has-post-thumbnail","hentry"],"acf":[],"yoast_head":"<!-- This site is optimized with the Yoast SEO plugin v27.2 - https:\/\/yoast.com\/product\/yoast-seo-wordpress\/ -->\n<title>Unterschlei\u00dfheimer Gewerbeschau UGA - Leeb Balkone Deutschland<\/title>\n<meta name=\"description\" content=\"Besuchen Sie Leeb auf der Unterschlei\u00dfheimer Gewerbeschau (UGA) und lassen Sie sich pers\u00f6nlich beraten. Entdecken Sie unsere hochwertigen L\u00f6sungen rund um\" \/>\n<meta name=\"robots\" content=\"index, follow, max-snippet:-1, max-image-preview:large, max-video-preview:-1\" \/>\n<meta property=\"og:locale\" content=\"de_DE\" \/>\n<meta property=\"og:type\" content=\"article\" \/>\n<meta property=\"og:title\" content=\"Unterschlei\u00dfheimer Gewerbeschau UGA - Leeb Balkone\" \/>\n<meta property=\"og:description\" content=\"Besuchen Sie Leeb auf der Unterschlei\u00dfheimer Gewerbeschau (UGA) und lassen Sie sich pers\u00f6nlich beraten. Entdecken Sie unsere hochwertigen L\u00f6sungen rund um\" \/>\n<meta property=\"og:url\" content=\"https:\/\/www.leeb-balkone.com\/de\/messe\/unterschleissheimer-gewerbeschau-uga\/\" \/>\n<meta property=\"og:site_name\" content=\"Leeb Balkone\" \/>\n<meta property=\"article:publisher\" content=\"https:\/\/www.facebook.com\/balkone\/\" \/>\n<meta property=\"article:modified_time\" content=\"2026-02-23T08:15:33+00:00\" \/>\n<meta property=\"og:image\" content=\"https:\/\/www.leeb-balkone.com\/app\/uploads\/2020\/09\/alu-balkongelaender-zufriedene-kunden-1.jpg\" \/>\n\t<meta property=\"og:image:width\" content=\"2560\" \/>\n\t<meta property=\"og:image:height\" content=\"1762\" \/>\n\t<meta property=\"og:image:type\" content=\"image\/jpeg\" \/>\n<meta name=\"twitter:card\" content=\"summary_large_image\" \/>\n<script type=\"application\/ld+json\" class=\"yoast-schema-graph\">{\"@context\":\"https:\/\/schema.org\",\"@graph\":[{\"@type\":\"WebPage\",\"@id\":\"https:\/\/www.leeb-balkone.com\/de\/messe\/unterschleissheimer-gewerbeschau-uga\/\",\"url\":\"https:\/\/www.leeb-balkone.com\/de\/messe\/unterschleissheimer-gewerbeschau-uga\/\",\"name\":\"Unterschlei\u00dfheimer Gewerbeschau UGA - Leeb Balkone\",\"isPartOf\":{\"@id\":\"https:\/\/www.leeb-balkone.com\/de\/#website\"},\"primaryImageOfPage\":{\"@id\":\"https:\/\/www.leeb-balkone.com\/de\/messe\/unterschleissheimer-gewerbeschau-uga\/#primaryimage\"},\"image\":{\"@id\":\"https:\/\/www.leeb-balkone.com\/de\/messe\/unterschleissheimer-gewerbeschau-uga\/#primaryimage\"},\"thumbnailUrl\":\"https:\/\/www.leeb-balkone.com\/app\/uploads\/2026\/02\/logo-uga.avif\",\"datePublished\":\"2026-02-23T08:15:02+00:00\",\"dateModified\":\"2026-02-23T08:15:33+00:00\",\"description\":\"Besuchen Sie Leeb auf der Unterschlei\u00dfheimer Gewerbeschau (UGA) und lassen Sie sich pers\u00f6nlich beraten. Entdecken Sie unsere hochwertigen L\u00f6sungen rund um\",\"breadcrumb\":{\"@id\":\"https:\/\/www.leeb-balkone.com\/de\/messe\/unterschleissheimer-gewerbeschau-uga\/#breadcrumb\"},\"inLanguage\":\"de\",\"potentialAction\":[{\"@type\":\"ReadAction\",\"target\":[\"https:\/\/www.leeb-balkone.com\/de\/messe\/unterschleissheimer-gewerbeschau-uga\/\"]}]},{\"@type\":\"ImageObject\",\"inLanguage\":\"de\",\"@id\":\"https:\/\/www.leeb-balkone.com\/de\/messe\/unterschleissheimer-gewerbeschau-uga\/#primaryimage\",\"url\":\"https:\/\/www.leeb-balkone.com\/app\/uploads\/2026\/02\/logo-uga.avif\",\"contentUrl\":\"https:\/\/www.leeb-balkone.com\/app\/uploads\/2026\/02\/logo-uga.avif\",\"width\":326,\"height\":126},{\"@type\":\"BreadcrumbList\",\"@id\":\"https:\/\/www.leeb-balkone.com\/de\/messe\/unterschleissheimer-gewerbeschau-uga\/#breadcrumb\",\"itemListElement\":[{\"@type\":\"ListItem\",\"position\":1,\"name\":\"Home\",\"item\":\"https:\/\/www.leeb-balkone.com\/de\/\"},{\"@type\":\"ListItem\",\"position\":2,\"name\":\"Veranstaltungen\",\"item\":\"https:\/\/www.leeb-balkone.com\/de\/messe\/\"},{\"@type\":\"ListItem\",\"position\":3,\"name\":\"Unterschlei\u00dfheimer Gewerbeschau UGA\"}]},{\"@type\":\"WebSite\",\"@id\":\"https:\/\/www.leeb-balkone.com\/de\/#website\",\"url\":\"https:\/\/www.leeb-balkone.com\/de\/\",\"name\":\"Leeb Balkone\",\"description\":\"Balkone und Z\u00e4une\",\"publisher\":{\"@id\":\"https:\/\/www.leeb-balkone.com\/de\/#organization\"},\"potentialAction\":[{\"@type\":\"SearchAction\",\"target\":{\"@type\":\"EntryPoint\",\"urlTemplate\":\"https:\/\/www.leeb-balkone.com\/de\/?s={search_term_string}\"},\"query-input\":{\"@type\":\"PropertyValueSpecification\",\"valueRequired\":true,\"valueName\":\"search_term_string\"}}],\"inLanguage\":\"de\"},{\"@type\":\"Organization\",\"@id\":\"https:\/\/www.leeb-balkone.com\/de\/#organization\",\"name\":\"Leeb Balkone Gmbh\",\"url\":\"https:\/\/www.leeb-balkone.com\/de\/\",\"logo\":{\"@type\":\"ImageObject\",\"inLanguage\":\"de\",\"@id\":\"https:\/\/www.leeb-balkone.com\/de\/#\/schema\/logo\/image\/\",\"url\":\"https:\/\/www.leeb-balkone.com\/app\/uploads\/2020\/11\/leeb-logo.svg\",\"contentUrl\":\"https:\/\/www.leeb-balkone.com\/app\/uploads\/2020\/11\/leeb-logo.svg\",\"width\":741,\"height\":204,\"caption\":\"Leeb Balkone Gmbh\"},\"image\":{\"@id\":\"https:\/\/www.leeb-balkone.com\/de\/#\/schema\/logo\/image\/\"},\"sameAs\":[\"https:\/\/www.facebook.com\/balkone\/\",\"https:\/\/www.trustedshops.at\/bewertung\/info_X4587CCF5833E31AFE0B11F47D86999F2.html\",\"https:\/\/www.trustedshops.de\/bewertung\/info_X7BA536A7A0BDC86D36C4718E4DCAEEEF.html\",\"https:\/\/www.google.com\/maps\/place\/?q=place_id:ChIJ5-zH19-IcEcR9HonWRTllHI\"]}]}<\/script>\n<!-- \/ Yoast SEO plugin. -->","yoast_head_json":{"title":"Unterschlei\u00dfheimer Gewerbeschau UGA - Leeb Balkone Deutschland","description":"Besuchen Sie Leeb auf der Unterschlei\u00dfheimer Gewerbeschau (UGA) und lassen Sie sich pers\u00f6nlich beraten. Entdecken Sie unsere hochwertigen L\u00f6sungen rund um","robots":{"index":"index","follow":"follow","max-snippet":"max-snippet:-1","max-image-preview":"max-image-preview:large","max-video-preview":"max-video-preview:-1"},"og_locale":"de_DE","og_type":"article","og_title":"Unterschlei\u00dfheimer Gewerbeschau UGA - Leeb Balkone","og_description":"Besuchen Sie Leeb auf der Unterschlei\u00dfheimer Gewerbeschau (UGA) und lassen Sie sich pers\u00f6nlich beraten. Entdecken Sie unsere hochwertigen L\u00f6sungen rund um","og_url":"https:\/\/www.leeb-balkone.com\/de\/messe\/unterschleissheimer-gewerbeschau-uga\/","og_site_name":"Leeb Balkone","article_publisher":"https:\/\/www.facebook.com\/balkone\/","article_modified_time":"2026-02-23T08:15:33+00:00","og_image":[{"width":2560,"height":1762,"url":"https:\/\/www.leeb-balkone.com\/app\/uploads\/2020\/09\/alu-balkongelaender-zufriedene-kunden-1.jpg","type":"image\/jpeg"}],"twitter_card":"summary_large_image","schema":{"@context":"https:\/\/schema.org","@graph":[{"@type":"WebPage","@id":"https:\/\/www.leeb-balkone.com\/de\/messe\/unterschleissheimer-gewerbeschau-uga\/","url":"https:\/\/www.leeb-balkone.com\/de\/messe\/unterschleissheimer-gewerbeschau-uga\/","name":"Unterschlei\u00dfheimer Gewerbeschau UGA - Leeb Balkone","isPartOf":{"@id":"https:\/\/www.leeb-balkone.com\/de\/#website"},"primaryImageOfPage":{"@id":"https:\/\/www.leeb-balkone.com\/de\/messe\/unterschleissheimer-gewerbeschau-uga\/#primaryimage"},"image":{"@id":"https:\/\/www.leeb-balkone.com\/de\/messe\/unterschleissheimer-gewerbeschau-uga\/#primaryimage"},"thumbnailUrl":"https:\/\/www.leeb-balkone.com\/app\/uploads\/2026\/02\/logo-uga.avif","datePublished":"2026-02-23T08:15:02+00:00","dateModified":"2026-02-23T08:15:33+00:00","description":"Besuchen Sie Leeb auf der Unterschlei\u00dfheimer Gewerbeschau (UGA) und lassen Sie sich pers\u00f6nlich beraten. Entdecken Sie unsere hochwertigen L\u00f6sungen rund um","breadcrumb":{"@id":"https:\/\/www.leeb-balkone.com\/de\/messe\/unterschleissheimer-gewerbeschau-uga\/#breadcrumb"},"inLanguage":"de","potentialAction":[{"@type":"ReadAction","target":["https:\/\/www.leeb-balkone.com\/de\/messe\/unterschleissheimer-gewerbeschau-uga\/"]}]},{"@type":"ImageObject","inLanguage":"de","@id":"https:\/\/www.leeb-balkone.com\/de\/messe\/unterschleissheimer-gewerbeschau-uga\/#primaryimage","url":"https:\/\/www.leeb-balkone.com\/app\/uploads\/2026\/02\/logo-uga.avif","contentUrl":"https:\/\/www.leeb-balkone.com\/app\/uploads\/2026\/02\/logo-uga.avif","width":326,"height":126},{"@type":"BreadcrumbList","@id":"https:\/\/www.leeb-balkone.com\/de\/messe\/unterschleissheimer-gewerbeschau-uga\/#breadcrumb","itemListElement":[{"@type":"ListItem","position":1,"name":"Home","item":"https:\/\/www.leeb-balkone.com\/de\/"},{"@type":"ListItem","position":2,"name":"Veranstaltungen","item":"https:\/\/www.leeb-balkone.com\/de\/messe\/"},{"@type":"ListItem","position":3,"name":"Unterschlei\u00dfheimer Gewerbeschau UGA"}]},{"@type":"WebSite","@id":"https:\/\/www.leeb-balkone.com\/de\/#website","url":"https:\/\/www.leeb-balkone.com\/de\/","name":"Leeb Balkone","description":"Balkone und Z\u00e4une","publisher":{"@id":"https:\/\/www.leeb-balkone.com\/de\/#organization"},"potentialAction":[{"@type":"SearchAction","target":{"@type":"EntryPoint","urlTemplate":"https:\/\/www.leeb-balkone.com\/de\/?s={search_term_string}"},"query-input":{"@type":"PropertyValueSpecification","valueRequired":true,"valueName":"search_term_string"}}],"inLanguage":"de"},{"@type":"Organization","@id":"https:\/\/www.leeb-balkone.com\/de\/#organization","name":"Leeb Balkone Gmbh","url":"https:\/\/www.leeb-balkone.com\/de\/","logo":{"@type":"ImageObject","inLanguage":"de","@id":"https:\/\/www.leeb-balkone.com\/de\/#\/schema\/logo\/image\/","url":"https:\/\/www.leeb-balkone.com\/app\/uploads\/2020\/11\/leeb-logo.svg","contentUrl":"https:\/\/www.leeb-balkone.com\/app\/uploads\/2020\/11\/leeb-logo.svg","width":741,"height":204,"caption":"Leeb Balkone Gmbh"},"image":{"@id":"https:\/\/www.leeb-balkone.com\/de\/#\/schema\/logo\/image\/"},"sameAs":["https:\/\/www.facebook.com\/balkone\/","https:\/\/www.trustedshops.at\/bewertung\/info_X4587CCF5833E31AFE0B11F47D86999F2.html","https:\/\/www.trustedshops.de\/bewertung\/info_X7BA536A7A0BDC86D36C4718E4DCAEEEF.html","https:\/\/www.google.com\/maps\/place\/?q=place_id:ChIJ5-zH19-IcEcR9HonWRTllHI"]}]}},"_links":{"self":[{"href":"https:\/\/www.leeb-balkone.com\/de\/wp-json\/wp\/v2\/tribe_events\/164443","targetHints":{"allow":["GET"]}}],"collection":[{"href":"https:\/\/www.leeb-balkone.com\/de\/wp-json\/wp\/v2\/tribe_events"}],"about":[{"href":"https:\/\/www.leeb-balkone.com\/de\/wp-json\/wp\/v2\/types\/tribe_events"}],"author":[{"embeddable":true,"href":"https:\/\/www.leeb-balkone.com\/de\/wp-json\/wp\/v2\/users\/12"}],"version-history":[{"count":1,"href":"https:\/\/www.leeb-balkone.com\/de\/wp-json\/wp\/v2\/tribe_events\/164443\/revisions"}],"predecessor-version":[{"id":164446,"href":"https:\/\/www.leeb-balkone.com\/de\/wp-json\/wp\/v2\/tribe_events\/164443\/revisions\/164446"}],"wp:featuredmedia":[{"embeddable":true,"href":"https:\/\/www.leeb-balkone.com\/de\/wp-json\/wp\/v2\/media\/164444"}],"wp:attachment":[{"href":"https:\/\/www.leeb-balkone.com\/de\/wp-json\/wp\/v2\/media?parent=164443"}],"wp:term":[{"taxonomy":"post_tag","embeddable":true,"href":"https:\/\/www.leeb-balkone.com\/de\/wp-json\/wp\/v2\/tags?post=164443"},{"taxonomy":"tribe_events_cat","embeddable":true,"href":"https:\/\/www.leeb-balkone.com\/de\/wp-json\/wp\/v2\/tribe_events_cat?post=164443"}],"curies":[{"name":"wp","href":"https:\/\/api.w.org\/{rel}","templated":true}]}}