{"id":144951,"date":"2025-03-12T07:06:23","date_gmt":"2025-03-12T07:06:23","guid":{"rendered":"https:\/\/www.leeb-balkone.com\/de\/?post_type=tribe_events&#038;p=144951"},"modified":"2025-03-12T07:06:23","modified_gmt":"2025-03-12T07:06:23","slug":"giengen-blueht-auf","status":"publish","type":"tribe_events","link":"https:\/\/www.leeb-balkone.com\/de\/messe\/giengen-blueht-auf\/","title":{"rendered":"Giengen bl\u00fcht auf!"},"content":{"rendered":"<p data-start=\"0\" data-end=\"202\">\u200b<span class=\"relative -mx-px my-[-0.2rem] rounded px-px py-[0.2rem]\">Die <\/span><span class=\"relative -mx-px my-[-0.2rem] rounded px-px py-[0.2rem]\">Gewerbe- und Erlebnisschau &#8220;Giengen bl\u00fcht auf&#8221; findet in der Schwagehalle in Giengen an der Brenz statt.<\/span> <span class=\"relative -mx-px my-[-0.2rem] rounded px-px py-[0.2rem]\">Diese regionale Fr\u00fchlingsmesse pr\u00e4sentiert eine Vielzahl von Ausstellern und ein abwechslungsreiches B\u00fchnenprogramm.<\/span><\/p>\n<p data-start=\"204\" data-end=\"223\"><strong data-start=\"204\" data-end=\"223\">\u00d6ffnungszeiten:<\/strong><\/p>\n<ul data-start=\"224\" data-end=\"565\">\n<li data-start=\"224\" data-end=\"307\"><span class=\"relative -mx-px my-[-0.2rem] rounded px-px py-[0.2rem]\">Donnerstag, 20. M\u00e4rz: 10:00 &#8211; 18:00 Uhr<\/span>\u200b<\/li>\n<li data-start=\"308\" data-end=\"391\"><span class=\"relative -mx-px my-[-0.2rem] rounded px-px py-[0.2rem]\">Freitag, 21. M\u00e4rz: 10:00 &#8211; 18:00 Uhr<\/span>\u200b<\/li>\n<li data-start=\"392\" data-end=\"477\"><span class=\"relative -mx-px my-[-0.2rem] rounded px-px py-[0.2rem]\">Samstag, 22. M\u00e4rz: 10:00 &#8211; 18:00 Uhr<\/span>\u200b<\/li>\n<li data-start=\"478\" data-end=\"565\"><span class=\"relative -mx-px my-[-0.2rem] rounded px-px py-[0.2rem]\">Sonntag, 23. M\u00e4rz: 11:00 &#8211; 17:00 Uhr<\/span>\u200b<\/li>\n<\/ul>\n<p data-start=\"567\" data-end=\"692\"><span class=\"relative -mx-px my-[-0.2rem] rounded px-px py-[0.2rem]\">Der Eintritt ist f\u00fcr Besucher kostenfrei.<\/span> \u200b<\/p>\n<p data-start=\"694\" data-end=\"779\"><span class=\"relative -mx-px my-[-0.2rem] rounded px-px py-[0.2rem]\">Besucher k\u00f6nnen sich auf ein vielf\u00e4ltiges Angebot freuen, das die Region in ihrer ganzen Vielfalt pr\u00e4sentiert.<\/span><\/p>\n","protected":false},"excerpt":{"rendered":"","protected":false},"author":12,"featured_media":144952,"template":"","meta":{"_acf_changed":false,"_tribe_events_status":"","_tribe_events_status_reason":"","_tribe_events_is_hybrid":"","_tribe_events_is_virtual":"","_tribe_events_virtual_video_source":"","_tribe_events_virtual_embed_video":"","_tribe_events_virtual_linked_button_text":"","_tribe_events_virtual_linked_button":"","_tribe_events_virtual_show_embed_at":"","_tribe_events_virtual_show_embed_to":[],"_tribe_events_virtual_show_on_event":"","_tribe_events_virtual_show_on_views":"","_tribe_events_virtual_url":"","footnotes":""},"tags":[],"tribe_events_cat":[],"class_list":["post-144951","tribe_events","type-tribe_events","status-publish","has-post-thumbnail","hentry"],"acf":[],"yoast_head":"<!-- This site is optimized with the Yoast SEO plugin v27.2 - https:\/\/yoast.com\/product\/yoast-seo-wordpress\/ -->\n<title>Giengen bl\u00fcht auf! - Leeb Balkone Deutschland<\/title>\n<meta name=\"description\" content=\"\u200bDie Gewerbe- und Erlebnisschau &quot;Giengen bl\u00fcht auf&quot; findet in der Schwagehalle in Giengen an der Brenz statt. Diese regionale Fr\u00fchlingsmesse pr\u00e4sentiert\" \/>\n<meta name=\"robots\" content=\"index, follow, max-snippet:-1, max-image-preview:large, max-video-preview:-1\" \/>\n<meta property=\"og:locale\" content=\"de_DE\" \/>\n<meta property=\"og:type\" content=\"article\" \/>\n<meta property=\"og:title\" content=\"Giengen bl\u00fcht auf! - Leeb Balkone\" \/>\n<meta property=\"og:description\" content=\"\u200bDie Gewerbe- und Erlebnisschau &quot;Giengen bl\u00fcht auf&quot; findet in der Schwagehalle in Giengen an der Brenz statt. Diese regionale Fr\u00fchlingsmesse pr\u00e4sentiert\" \/>\n<meta property=\"og:url\" content=\"https:\/\/www.leeb-balkone.com\/de\/messe\/giengen-blueht-auf\/\" \/>\n<meta property=\"og:site_name\" content=\"Leeb Balkone\" \/>\n<meta property=\"article:publisher\" content=\"https:\/\/www.facebook.com\/balkone\/\" \/>\n<meta property=\"og:image\" content=\"https:\/\/www.leeb-balkone.com\/app\/uploads\/2025\/03\/Giengen-blueht-auf.png\" \/>\n\t<meta property=\"og:image:width\" content=\"297\" \/>\n\t<meta property=\"og:image:height\" content=\"297\" \/>\n\t<meta property=\"og:image:type\" content=\"image\/png\" \/>\n<meta name=\"twitter:card\" content=\"summary_large_image\" \/>\n<script type=\"application\/ld+json\" class=\"yoast-schema-graph\">{\"@context\":\"https:\/\/schema.org\",\"@graph\":[{\"@type\":\"WebPage\",\"@id\":\"https:\/\/www.leeb-balkone.com\/de\/messe\/giengen-blueht-auf\/\",\"url\":\"https:\/\/www.leeb-balkone.com\/de\/messe\/giengen-blueht-auf\/\",\"name\":\"Giengen bl\u00fcht auf! - Leeb Balkone\",\"isPartOf\":{\"@id\":\"https:\/\/www.leeb-balkone.com\/de\/#website\"},\"primaryImageOfPage\":{\"@id\":\"https:\/\/www.leeb-balkone.com\/de\/messe\/giengen-blueht-auf\/#primaryimage\"},\"image\":{\"@id\":\"https:\/\/www.leeb-balkone.com\/de\/messe\/giengen-blueht-auf\/#primaryimage\"},\"thumbnailUrl\":\"https:\/\/www.leeb-balkone.com\/app\/uploads\/2025\/03\/Giengen-blueht-auf.png\",\"datePublished\":\"2025-03-12T07:06:23+00:00\",\"description\":\"\u200bDie Gewerbe- und Erlebnisschau \\\"Giengen bl\u00fcht auf\\\" findet in der Schwagehalle in Giengen an der Brenz statt. Diese regionale Fr\u00fchlingsmesse pr\u00e4sentiert\",\"breadcrumb\":{\"@id\":\"https:\/\/www.leeb-balkone.com\/de\/messe\/giengen-blueht-auf\/#breadcrumb\"},\"inLanguage\":\"de\",\"potentialAction\":[{\"@type\":\"ReadAction\",\"target\":[\"https:\/\/www.leeb-balkone.com\/de\/messe\/giengen-blueht-auf\/\"]}]},{\"@type\":\"ImageObject\",\"inLanguage\":\"de\",\"@id\":\"https:\/\/www.leeb-balkone.com\/de\/messe\/giengen-blueht-auf\/#primaryimage\",\"url\":\"https:\/\/www.leeb-balkone.com\/app\/uploads\/2025\/03\/Giengen-blueht-auf.png\",\"contentUrl\":\"https:\/\/www.leeb-balkone.com\/app\/uploads\/2025\/03\/Giengen-blueht-auf.png\",\"width\":297,\"height\":297},{\"@type\":\"BreadcrumbList\",\"@id\":\"https:\/\/www.leeb-balkone.com\/de\/messe\/giengen-blueht-auf\/#breadcrumb\",\"itemListElement\":[{\"@type\":\"ListItem\",\"position\":1,\"name\":\"Home\",\"item\":\"https:\/\/www.leeb-balkone.com\/de\/\"},{\"@type\":\"ListItem\",\"position\":2,\"name\":\"Veranstaltungen\",\"item\":\"https:\/\/www.leeb-balkone.com\/de\/messe\/\"},{\"@type\":\"ListItem\",\"position\":3,\"name\":\"Giengen bl\u00fcht auf!\"}]},{\"@type\":\"WebSite\",\"@id\":\"https:\/\/www.leeb-balkone.com\/de\/#website\",\"url\":\"https:\/\/www.leeb-balkone.com\/de\/\",\"name\":\"Leeb Balkone\",\"description\":\"Balkone und Z\u00e4une\",\"publisher\":{\"@id\":\"https:\/\/www.leeb-balkone.com\/de\/#organization\"},\"potentialAction\":[{\"@type\":\"SearchAction\",\"target\":{\"@type\":\"EntryPoint\",\"urlTemplate\":\"https:\/\/www.leeb-balkone.com\/de\/?s={search_term_string}\"},\"query-input\":{\"@type\":\"PropertyValueSpecification\",\"valueRequired\":true,\"valueName\":\"search_term_string\"}}],\"inLanguage\":\"de\"},{\"@type\":\"Organization\",\"@id\":\"https:\/\/www.leeb-balkone.com\/de\/#organization\",\"name\":\"Leeb Balkone Gmbh\",\"url\":\"https:\/\/www.leeb-balkone.com\/de\/\",\"logo\":{\"@type\":\"ImageObject\",\"inLanguage\":\"de\",\"@id\":\"https:\/\/www.leeb-balkone.com\/de\/#\/schema\/logo\/image\/\",\"url\":\"https:\/\/www.leeb-balkone.com\/app\/uploads\/2020\/11\/leeb-logo.svg\",\"contentUrl\":\"https:\/\/www.leeb-balkone.com\/app\/uploads\/2020\/11\/leeb-logo.svg\",\"width\":741,\"height\":204,\"caption\":\"Leeb Balkone Gmbh\"},\"image\":{\"@id\":\"https:\/\/www.leeb-balkone.com\/de\/#\/schema\/logo\/image\/\"},\"sameAs\":[\"https:\/\/www.facebook.com\/balkone\/\",\"https:\/\/www.trustedshops.at\/bewertung\/info_X4587CCF5833E31AFE0B11F47D86999F2.html\",\"https:\/\/www.trustedshops.de\/bewertung\/info_X7BA536A7A0BDC86D36C4718E4DCAEEEF.html\",\"https:\/\/www.google.com\/maps\/place\/?q=place_id:ChIJ5-zH19-IcEcR9HonWRTllHI\"]}]}<\/script>\n<!-- \/ Yoast SEO plugin. -->","yoast_head_json":{"title":"Giengen bl\u00fcht auf! - Leeb Balkone Deutschland","description":"\u200bDie Gewerbe- und Erlebnisschau \"Giengen bl\u00fcht auf\" findet in der Schwagehalle in Giengen an der Brenz statt. Diese regionale Fr\u00fchlingsmesse pr\u00e4sentiert","robots":{"index":"index","follow":"follow","max-snippet":"max-snippet:-1","max-image-preview":"max-image-preview:large","max-video-preview":"max-video-preview:-1"},"og_locale":"de_DE","og_type":"article","og_title":"Giengen bl\u00fcht auf! - Leeb Balkone","og_description":"\u200bDie Gewerbe- und Erlebnisschau \"Giengen bl\u00fcht auf\" findet in der Schwagehalle in Giengen an der Brenz statt. Diese regionale Fr\u00fchlingsmesse pr\u00e4sentiert","og_url":"https:\/\/www.leeb-balkone.com\/de\/messe\/giengen-blueht-auf\/","og_site_name":"Leeb Balkone","article_publisher":"https:\/\/www.facebook.com\/balkone\/","og_image":[{"width":297,"height":297,"url":"https:\/\/www.leeb-balkone.com\/app\/uploads\/2025\/03\/Giengen-blueht-auf.png","type":"image\/png"}],"twitter_card":"summary_large_image","schema":{"@context":"https:\/\/schema.org","@graph":[{"@type":"WebPage","@id":"https:\/\/www.leeb-balkone.com\/de\/messe\/giengen-blueht-auf\/","url":"https:\/\/www.leeb-balkone.com\/de\/messe\/giengen-blueht-auf\/","name":"Giengen bl\u00fcht auf! - Leeb Balkone","isPartOf":{"@id":"https:\/\/www.leeb-balkone.com\/de\/#website"},"primaryImageOfPage":{"@id":"https:\/\/www.leeb-balkone.com\/de\/messe\/giengen-blueht-auf\/#primaryimage"},"image":{"@id":"https:\/\/www.leeb-balkone.com\/de\/messe\/giengen-blueht-auf\/#primaryimage"},"thumbnailUrl":"https:\/\/www.leeb-balkone.com\/app\/uploads\/2025\/03\/Giengen-blueht-auf.png","datePublished":"2025-03-12T07:06:23+00:00","description":"\u200bDie Gewerbe- und Erlebnisschau \"Giengen bl\u00fcht auf\" findet in der Schwagehalle in Giengen an der Brenz statt. Diese regionale Fr\u00fchlingsmesse pr\u00e4sentiert","breadcrumb":{"@id":"https:\/\/www.leeb-balkone.com\/de\/messe\/giengen-blueht-auf\/#breadcrumb"},"inLanguage":"de","potentialAction":[{"@type":"ReadAction","target":["https:\/\/www.leeb-balkone.com\/de\/messe\/giengen-blueht-auf\/"]}]},{"@type":"ImageObject","inLanguage":"de","@id":"https:\/\/www.leeb-balkone.com\/de\/messe\/giengen-blueht-auf\/#primaryimage","url":"https:\/\/www.leeb-balkone.com\/app\/uploads\/2025\/03\/Giengen-blueht-auf.png","contentUrl":"https:\/\/www.leeb-balkone.com\/app\/uploads\/2025\/03\/Giengen-blueht-auf.png","width":297,"height":297},{"@type":"BreadcrumbList","@id":"https:\/\/www.leeb-balkone.com\/de\/messe\/giengen-blueht-auf\/#breadcrumb","itemListElement":[{"@type":"ListItem","position":1,"name":"Home","item":"https:\/\/www.leeb-balkone.com\/de\/"},{"@type":"ListItem","position":2,"name":"Veranstaltungen","item":"https:\/\/www.leeb-balkone.com\/de\/messe\/"},{"@type":"ListItem","position":3,"name":"Giengen bl\u00fcht auf!"}]},{"@type":"WebSite","@id":"https:\/\/www.leeb-balkone.com\/de\/#website","url":"https:\/\/www.leeb-balkone.com\/de\/","name":"Leeb Balkone","description":"Balkone und Z\u00e4une","publisher":{"@id":"https:\/\/www.leeb-balkone.com\/de\/#organization"},"potentialAction":[{"@type":"SearchAction","target":{"@type":"EntryPoint","urlTemplate":"https:\/\/www.leeb-balkone.com\/de\/?s={search_term_string}"},"query-input":{"@type":"PropertyValueSpecification","valueRequired":true,"valueName":"search_term_string"}}],"inLanguage":"de"},{"@type":"Organization","@id":"https:\/\/www.leeb-balkone.com\/de\/#organization","name":"Leeb Balkone Gmbh","url":"https:\/\/www.leeb-balkone.com\/de\/","logo":{"@type":"ImageObject","inLanguage":"de","@id":"https:\/\/www.leeb-balkone.com\/de\/#\/schema\/logo\/image\/","url":"https:\/\/www.leeb-balkone.com\/app\/uploads\/2020\/11\/leeb-logo.svg","contentUrl":"https:\/\/www.leeb-balkone.com\/app\/uploads\/2020\/11\/leeb-logo.svg","width":741,"height":204,"caption":"Leeb Balkone Gmbh"},"image":{"@id":"https:\/\/www.leeb-balkone.com\/de\/#\/schema\/logo\/image\/"},"sameAs":["https:\/\/www.facebook.com\/balkone\/","https:\/\/www.trustedshops.at\/bewertung\/info_X4587CCF5833E31AFE0B11F47D86999F2.html","https:\/\/www.trustedshops.de\/bewertung\/info_X7BA536A7A0BDC86D36C4718E4DCAEEEF.html","https:\/\/www.google.com\/maps\/place\/?q=place_id:ChIJ5-zH19-IcEcR9HonWRTllHI"]}]}},"_links":{"self":[{"href":"https:\/\/www.leeb-balkone.com\/de\/wp-json\/wp\/v2\/tribe_events\/144951","targetHints":{"allow":["GET"]}}],"collection":[{"href":"https:\/\/www.leeb-balkone.com\/de\/wp-json\/wp\/v2\/tribe_events"}],"about":[{"href":"https:\/\/www.leeb-balkone.com\/de\/wp-json\/wp\/v2\/types\/tribe_events"}],"author":[{"embeddable":true,"href":"https:\/\/www.leeb-balkone.com\/de\/wp-json\/wp\/v2\/users\/12"}],"version-history":[{"count":1,"href":"https:\/\/www.leeb-balkone.com\/de\/wp-json\/wp\/v2\/tribe_events\/144951\/revisions"}],"predecessor-version":[{"id":144958,"href":"https:\/\/www.leeb-balkone.com\/de\/wp-json\/wp\/v2\/tribe_events\/144951\/revisions\/144958"}],"wp:featuredmedia":[{"embeddable":true,"href":"https:\/\/www.leeb-balkone.com\/de\/wp-json\/wp\/v2\/media\/144952"}],"wp:attachment":[{"href":"https:\/\/www.leeb-balkone.com\/de\/wp-json\/wp\/v2\/media?parent=144951"}],"wp:term":[{"taxonomy":"post_tag","embeddable":true,"href":"https:\/\/www.leeb-balkone.com\/de\/wp-json\/wp\/v2\/tags?post=144951"},{"taxonomy":"tribe_events_cat","embeddable":true,"href":"https:\/\/www.leeb-balkone.com\/de\/wp-json\/wp\/v2\/tribe_events_cat?post=144951"}],"curies":[{"name":"wp","href":"https:\/\/api.w.org\/{rel}","templated":true}]}}