{"id":142965,"date":"2025-01-16T08:24:31","date_gmt":"2025-01-16T08:24:31","guid":{"rendered":"https:\/\/www.leeb-balkone.com\/de\/?post_type=tribe_events&#038;p=142965"},"modified":"2025-01-16T08:24:53","modified_gmt":"2025-01-16T08:24:53","slug":"langerringer-markttreiben","status":"publish","type":"tribe_events","link":"https:\/\/www.leeb-balkone.com\/de\/messe\/langerringer-markttreiben\/","title":{"rendered":"Langerringer Markttreiben"},"content":{"rendered":"<p>Der \u201eetwas andere Markt\u201c erwartete seit vielen Jahren zahlreiche Besucher aus der Region. \u00dcber 100 Aussteller, haupts\u00e4chlich aus dem Bereich Kunsthandwerk werden den Ort wieder in einen riesigen Marktplatz verwandeln. Sehr ber\u00fchmt ist dieses Fest auch f\u00fcr das ansprechende Rahmenprogramm mit \u00fcber 100 Kunsthandwerker und Hobbyk\u00fcnstler.<\/p>\n","protected":false},"excerpt":{"rendered":"","protected":false},"author":12,"featured_media":142966,"template":"","meta":{"_acf_changed":false,"_tribe_events_status":"","_tribe_events_status_reason":"","_tribe_events_is_hybrid":"","_tribe_events_is_virtual":"","_tribe_events_virtual_video_source":"","_tribe_events_virtual_embed_video":"","_tribe_events_virtual_linked_button_text":"","_tribe_events_virtual_linked_button":"","_tribe_events_virtual_show_embed_at":"","_tribe_events_virtual_show_embed_to":[],"_tribe_events_virtual_show_on_event":"","_tribe_events_virtual_show_on_views":"","_tribe_events_virtual_url":"","footnotes":""},"tags":[],"tribe_events_cat":[],"class_list":["post-142965","tribe_events","type-tribe_events","status-publish","has-post-thumbnail","hentry"],"acf":[],"yoast_head":"<!-- This site is optimized with the Yoast SEO plugin v27.2 - https:\/\/yoast.com\/product\/yoast-seo-wordpress\/ -->\n<title>Langerringer Markttreiben - Leeb Balkone Deutschland<\/title>\n<meta name=\"description\" content=\"Der \u201eetwas andere Markt\u201c erwartete seit vielen Jahren zahlreiche Besucher aus der Region. \u00dcber 100 Aussteller, haupts\u00e4chlich aus dem Bereich Kunsthandwerk\" \/>\n<meta name=\"robots\" content=\"index, follow, max-snippet:-1, max-image-preview:large, max-video-preview:-1\" \/>\n<meta property=\"og:locale\" content=\"de_DE\" \/>\n<meta property=\"og:type\" content=\"article\" \/>\n<meta property=\"og:title\" content=\"Langerringer Markttreiben - Leeb Balkone\" \/>\n<meta property=\"og:description\" content=\"Der \u201eetwas andere Markt\u201c erwartete seit vielen Jahren zahlreiche Besucher aus der Region. \u00dcber 100 Aussteller, haupts\u00e4chlich aus dem Bereich Kunsthandwerk\" \/>\n<meta property=\"og:url\" content=\"https:\/\/www.leeb-balkone.com\/de\/messe\/langerringer-markttreiben\/\" \/>\n<meta property=\"og:site_name\" content=\"Leeb Balkone\" \/>\n<meta property=\"article:publisher\" content=\"https:\/\/www.facebook.com\/balkone\/\" \/>\n<meta property=\"article:modified_time\" content=\"2025-01-16T08:24:53+00:00\" \/>\n<meta property=\"og:image\" content=\"https:\/\/www.leeb-balkone.com\/app\/uploads\/2025\/01\/logo-langerringer-markttreiben.png\" \/>\n\t<meta property=\"og:image:width\" content=\"347\" \/>\n\t<meta property=\"og:image:height\" content=\"232\" \/>\n\t<meta property=\"og:image:type\" content=\"image\/png\" \/>\n<meta name=\"twitter:card\" content=\"summary_large_image\" \/>\n<script type=\"application\/ld+json\" class=\"yoast-schema-graph\">{\"@context\":\"https:\/\/schema.org\",\"@graph\":[{\"@type\":\"WebPage\",\"@id\":\"https:\/\/www.leeb-balkone.com\/de\/messe\/langerringer-markttreiben\/\",\"url\":\"https:\/\/www.leeb-balkone.com\/de\/messe\/langerringer-markttreiben\/\",\"name\":\"Langerringer Markttreiben - Leeb Balkone\",\"isPartOf\":{\"@id\":\"https:\/\/www.leeb-balkone.com\/de\/#website\"},\"primaryImageOfPage\":{\"@id\":\"https:\/\/www.leeb-balkone.com\/de\/messe\/langerringer-markttreiben\/#primaryimage\"},\"image\":{\"@id\":\"https:\/\/www.leeb-balkone.com\/de\/messe\/langerringer-markttreiben\/#primaryimage\"},\"thumbnailUrl\":\"https:\/\/www.leeb-balkone.com\/app\/uploads\/2025\/01\/logo-langerringer-markttreiben.png\",\"datePublished\":\"2025-01-16T08:24:31+00:00\",\"dateModified\":\"2025-01-16T08:24:53+00:00\",\"description\":\"Der \u201eetwas andere Markt\u201c erwartete seit vielen Jahren zahlreiche Besucher aus der Region. \u00dcber 100 Aussteller, haupts\u00e4chlich aus dem Bereich Kunsthandwerk\",\"breadcrumb\":{\"@id\":\"https:\/\/www.leeb-balkone.com\/de\/messe\/langerringer-markttreiben\/#breadcrumb\"},\"inLanguage\":\"de\",\"potentialAction\":[{\"@type\":\"ReadAction\",\"target\":[\"https:\/\/www.leeb-balkone.com\/de\/messe\/langerringer-markttreiben\/\"]}]},{\"@type\":\"ImageObject\",\"inLanguage\":\"de\",\"@id\":\"https:\/\/www.leeb-balkone.com\/de\/messe\/langerringer-markttreiben\/#primaryimage\",\"url\":\"https:\/\/www.leeb-balkone.com\/app\/uploads\/2025\/01\/logo-langerringer-markttreiben.png\",\"contentUrl\":\"https:\/\/www.leeb-balkone.com\/app\/uploads\/2025\/01\/logo-langerringer-markttreiben.png\",\"width\":347,\"height\":232},{\"@type\":\"BreadcrumbList\",\"@id\":\"https:\/\/www.leeb-balkone.com\/de\/messe\/langerringer-markttreiben\/#breadcrumb\",\"itemListElement\":[{\"@type\":\"ListItem\",\"position\":1,\"name\":\"Home\",\"item\":\"https:\/\/www.leeb-balkone.com\/de\/\"},{\"@type\":\"ListItem\",\"position\":2,\"name\":\"Veranstaltungen\",\"item\":\"https:\/\/www.leeb-balkone.com\/de\/messe\/\"},{\"@type\":\"ListItem\",\"position\":3,\"name\":\"Langerringer Markttreiben\"}]},{\"@type\":\"WebSite\",\"@id\":\"https:\/\/www.leeb-balkone.com\/de\/#website\",\"url\":\"https:\/\/www.leeb-balkone.com\/de\/\",\"name\":\"Leeb Balkone\",\"description\":\"Balkone und Z\u00e4une\",\"publisher\":{\"@id\":\"https:\/\/www.leeb-balkone.com\/de\/#organization\"},\"potentialAction\":[{\"@type\":\"SearchAction\",\"target\":{\"@type\":\"EntryPoint\",\"urlTemplate\":\"https:\/\/www.leeb-balkone.com\/de\/?s={search_term_string}\"},\"query-input\":{\"@type\":\"PropertyValueSpecification\",\"valueRequired\":true,\"valueName\":\"search_term_string\"}}],\"inLanguage\":\"de\"},{\"@type\":\"Organization\",\"@id\":\"https:\/\/www.leeb-balkone.com\/de\/#organization\",\"name\":\"Leeb Balkone Gmbh\",\"url\":\"https:\/\/www.leeb-balkone.com\/de\/\",\"logo\":{\"@type\":\"ImageObject\",\"inLanguage\":\"de\",\"@id\":\"https:\/\/www.leeb-balkone.com\/de\/#\/schema\/logo\/image\/\",\"url\":\"https:\/\/www.leeb-balkone.com\/app\/uploads\/2020\/11\/leeb-logo.svg\",\"contentUrl\":\"https:\/\/www.leeb-balkone.com\/app\/uploads\/2020\/11\/leeb-logo.svg\",\"width\":741,\"height\":204,\"caption\":\"Leeb Balkone Gmbh\"},\"image\":{\"@id\":\"https:\/\/www.leeb-balkone.com\/de\/#\/schema\/logo\/image\/\"},\"sameAs\":[\"https:\/\/www.facebook.com\/balkone\/\",\"https:\/\/www.trustedshops.at\/bewertung\/info_X4587CCF5833E31AFE0B11F47D86999F2.html\",\"https:\/\/www.trustedshops.de\/bewertung\/info_X7BA536A7A0BDC86D36C4718E4DCAEEEF.html\",\"https:\/\/www.google.com\/maps\/place\/?q=place_id:ChIJ5-zH19-IcEcR9HonWRTllHI\"]}]}<\/script>\n<!-- \/ Yoast SEO plugin. -->","yoast_head_json":{"title":"Langerringer Markttreiben - Leeb Balkone Deutschland","description":"Der \u201eetwas andere Markt\u201c erwartete seit vielen Jahren zahlreiche Besucher aus der Region. \u00dcber 100 Aussteller, haupts\u00e4chlich aus dem Bereich Kunsthandwerk","robots":{"index":"index","follow":"follow","max-snippet":"max-snippet:-1","max-image-preview":"max-image-preview:large","max-video-preview":"max-video-preview:-1"},"og_locale":"de_DE","og_type":"article","og_title":"Langerringer Markttreiben - Leeb Balkone","og_description":"Der \u201eetwas andere Markt\u201c erwartete seit vielen Jahren zahlreiche Besucher aus der Region. \u00dcber 100 Aussteller, haupts\u00e4chlich aus dem Bereich Kunsthandwerk","og_url":"https:\/\/www.leeb-balkone.com\/de\/messe\/langerringer-markttreiben\/","og_site_name":"Leeb Balkone","article_publisher":"https:\/\/www.facebook.com\/balkone\/","article_modified_time":"2025-01-16T08:24:53+00:00","og_image":[{"width":347,"height":232,"url":"https:\/\/www.leeb-balkone.com\/app\/uploads\/2025\/01\/logo-langerringer-markttreiben.png","type":"image\/png"}],"twitter_card":"summary_large_image","schema":{"@context":"https:\/\/schema.org","@graph":[{"@type":"WebPage","@id":"https:\/\/www.leeb-balkone.com\/de\/messe\/langerringer-markttreiben\/","url":"https:\/\/www.leeb-balkone.com\/de\/messe\/langerringer-markttreiben\/","name":"Langerringer Markttreiben - Leeb Balkone","isPartOf":{"@id":"https:\/\/www.leeb-balkone.com\/de\/#website"},"primaryImageOfPage":{"@id":"https:\/\/www.leeb-balkone.com\/de\/messe\/langerringer-markttreiben\/#primaryimage"},"image":{"@id":"https:\/\/www.leeb-balkone.com\/de\/messe\/langerringer-markttreiben\/#primaryimage"},"thumbnailUrl":"https:\/\/www.leeb-balkone.com\/app\/uploads\/2025\/01\/logo-langerringer-markttreiben.png","datePublished":"2025-01-16T08:24:31+00:00","dateModified":"2025-01-16T08:24:53+00:00","description":"Der \u201eetwas andere Markt\u201c erwartete seit vielen Jahren zahlreiche Besucher aus der Region. \u00dcber 100 Aussteller, haupts\u00e4chlich aus dem Bereich Kunsthandwerk","breadcrumb":{"@id":"https:\/\/www.leeb-balkone.com\/de\/messe\/langerringer-markttreiben\/#breadcrumb"},"inLanguage":"de","potentialAction":[{"@type":"ReadAction","target":["https:\/\/www.leeb-balkone.com\/de\/messe\/langerringer-markttreiben\/"]}]},{"@type":"ImageObject","inLanguage":"de","@id":"https:\/\/www.leeb-balkone.com\/de\/messe\/langerringer-markttreiben\/#primaryimage","url":"https:\/\/www.leeb-balkone.com\/app\/uploads\/2025\/01\/logo-langerringer-markttreiben.png","contentUrl":"https:\/\/www.leeb-balkone.com\/app\/uploads\/2025\/01\/logo-langerringer-markttreiben.png","width":347,"height":232},{"@type":"BreadcrumbList","@id":"https:\/\/www.leeb-balkone.com\/de\/messe\/langerringer-markttreiben\/#breadcrumb","itemListElement":[{"@type":"ListItem","position":1,"name":"Home","item":"https:\/\/www.leeb-balkone.com\/de\/"},{"@type":"ListItem","position":2,"name":"Veranstaltungen","item":"https:\/\/www.leeb-balkone.com\/de\/messe\/"},{"@type":"ListItem","position":3,"name":"Langerringer Markttreiben"}]},{"@type":"WebSite","@id":"https:\/\/www.leeb-balkone.com\/de\/#website","url":"https:\/\/www.leeb-balkone.com\/de\/","name":"Leeb Balkone","description":"Balkone und Z\u00e4une","publisher":{"@id":"https:\/\/www.leeb-balkone.com\/de\/#organization"},"potentialAction":[{"@type":"SearchAction","target":{"@type":"EntryPoint","urlTemplate":"https:\/\/www.leeb-balkone.com\/de\/?s={search_term_string}"},"query-input":{"@type":"PropertyValueSpecification","valueRequired":true,"valueName":"search_term_string"}}],"inLanguage":"de"},{"@type":"Organization","@id":"https:\/\/www.leeb-balkone.com\/de\/#organization","name":"Leeb Balkone Gmbh","url":"https:\/\/www.leeb-balkone.com\/de\/","logo":{"@type":"ImageObject","inLanguage":"de","@id":"https:\/\/www.leeb-balkone.com\/de\/#\/schema\/logo\/image\/","url":"https:\/\/www.leeb-balkone.com\/app\/uploads\/2020\/11\/leeb-logo.svg","contentUrl":"https:\/\/www.leeb-balkone.com\/app\/uploads\/2020\/11\/leeb-logo.svg","width":741,"height":204,"caption":"Leeb Balkone Gmbh"},"image":{"@id":"https:\/\/www.leeb-balkone.com\/de\/#\/schema\/logo\/image\/"},"sameAs":["https:\/\/www.facebook.com\/balkone\/","https:\/\/www.trustedshops.at\/bewertung\/info_X4587CCF5833E31AFE0B11F47D86999F2.html","https:\/\/www.trustedshops.de\/bewertung\/info_X7BA536A7A0BDC86D36C4718E4DCAEEEF.html","https:\/\/www.google.com\/maps\/place\/?q=place_id:ChIJ5-zH19-IcEcR9HonWRTllHI"]}]}},"_links":{"self":[{"href":"https:\/\/www.leeb-balkone.com\/de\/wp-json\/wp\/v2\/tribe_events\/142965","targetHints":{"allow":["GET"]}}],"collection":[{"href":"https:\/\/www.leeb-balkone.com\/de\/wp-json\/wp\/v2\/tribe_events"}],"about":[{"href":"https:\/\/www.leeb-balkone.com\/de\/wp-json\/wp\/v2\/types\/tribe_events"}],"author":[{"embeddable":true,"href":"https:\/\/www.leeb-balkone.com\/de\/wp-json\/wp\/v2\/users\/12"}],"version-history":[{"count":1,"href":"https:\/\/www.leeb-balkone.com\/de\/wp-json\/wp\/v2\/tribe_events\/142965\/revisions"}],"predecessor-version":[{"id":142972,"href":"https:\/\/www.leeb-balkone.com\/de\/wp-json\/wp\/v2\/tribe_events\/142965\/revisions\/142972"}],"wp:featuredmedia":[{"embeddable":true,"href":"https:\/\/www.leeb-balkone.com\/de\/wp-json\/wp\/v2\/media\/142966"}],"wp:attachment":[{"href":"https:\/\/www.leeb-balkone.com\/de\/wp-json\/wp\/v2\/media?parent=142965"}],"wp:term":[{"taxonomy":"post_tag","embeddable":true,"href":"https:\/\/www.leeb-balkone.com\/de\/wp-json\/wp\/v2\/tags?post=142965"},{"taxonomy":"tribe_events_cat","embeddable":true,"href":"https:\/\/www.leeb-balkone.com\/de\/wp-json\/wp\/v2\/tribe_events_cat?post=142965"}],"curies":[{"name":"wp","href":"https:\/\/api.w.org\/{rel}","templated":true}]}}