{"id":124596,"date":"2023-04-18T12:53:17","date_gmt":"2023-04-18T12:53:17","guid":{"rendered":"https:\/\/www.leeb-balkone.com\/de\/?post_type=tribe_events&#038;p=124596"},"modified":"2024-03-25T08:05:23","modified_gmt":"2024-03-25T08:05:23","slug":"gartenmarkt-bad-staffelstein","status":"publish","type":"tribe_events","link":"https:\/\/www.leeb-balkone.com\/de\/messe\/gartenmarkt-bad-staffelstein\/","title":{"rendered":"Gartenmarkt Bad Staffelstein"},"content":{"rendered":"<p>Vom 5. bis 7. Mai m\u00f6chten wir Sie zu einer Entdeckungsreise f\u00fcr Sch\u00f6nes in Haus und Garten entf\u00fchren. Im weitl\u00e4ufigen Kurpark in Bad Staffelstein zeigen an drei Tagen \u00fcber 100 ausgesuchte \u00a0Anbieter eine F\u00fclle von ausgefallenen und sch\u00f6nen Dingen aus der Region und dar\u00fcber hinaus. Sammeln Sie fr\u00fchlingshafte Ideen und Inspiration zu den Themenschwerpunkten Wohnen, Einrichtung, Haushalt, Garten und Lebensart.<\/p>\n","protected":false},"excerpt":{"rendered":"","protected":false},"author":3,"featured_media":124599,"template":"","meta":{"_acf_changed":false,"_tribe_events_status":"","_tribe_events_status_reason":"","_tribe_events_is_hybrid":"","_tribe_events_is_virtual":"","_tribe_events_virtual_video_source":"","_tribe_events_virtual_embed_video":"","_tribe_events_virtual_linked_button_text":"","_tribe_events_virtual_linked_button":"","_tribe_events_virtual_show_embed_at":"","_tribe_events_virtual_show_embed_to":[],"_tribe_events_virtual_show_on_event":"","_tribe_events_virtual_show_on_views":"","_tribe_events_virtual_url":"","footnotes":""},"tags":[],"tribe_events_cat":[],"class_list":["post-124596","tribe_events","type-tribe_events","status-publish","has-post-thumbnail","hentry"],"acf":[],"yoast_head":"<!-- This site is optimized with the Yoast SEO plugin v27.2 - https:\/\/yoast.com\/product\/yoast-seo-wordpress\/ -->\n<title>Gartenmarkt Bad Staffelstein - Leeb Balkone Deutschland<\/title>\n<meta name=\"description\" content=\"Vom 5. bis 7. Mai m\u00f6chten wir Sie zu einer Entdeckungsreise f\u00fcr Sch\u00f6nes in Haus und Garten entf\u00fchren. Im weitl\u00e4ufigen Kurpark in Bad Staffelstein zeigen\" \/>\n<meta name=\"robots\" content=\"index, follow, max-snippet:-1, max-image-preview:large, max-video-preview:-1\" \/>\n<meta property=\"og:locale\" content=\"de_DE\" \/>\n<meta property=\"og:type\" content=\"article\" \/>\n<meta property=\"og:title\" content=\"Gartenmarkt Bad Staffelstein - Leeb Balkone\" \/>\n<meta property=\"og:description\" content=\"Vom 5. bis 7. Mai m\u00f6chten wir Sie zu einer Entdeckungsreise f\u00fcr Sch\u00f6nes in Haus und Garten entf\u00fchren. Im weitl\u00e4ufigen Kurpark in Bad Staffelstein zeigen\" \/>\n<meta property=\"og:url\" content=\"https:\/\/www.leeb-balkone.com\/de\/messe\/gartenmarkt-bad-staffelstein\/\" \/>\n<meta property=\"og:site_name\" content=\"Leeb Balkone\" \/>\n<meta property=\"article:publisher\" content=\"https:\/\/www.facebook.com\/balkone\/\" \/>\n<meta property=\"article:modified_time\" content=\"2024-03-25T08:05:23+00:00\" \/>\n<meta property=\"og:image\" content=\"https:\/\/www.leeb-balkone.com\/app\/uploads\/2023\/04\/gartenmarkt_ste_2023_preview.jpg\" \/>\n\t<meta property=\"og:image:width\" content=\"300\" \/>\n\t<meta property=\"og:image:height\" content=\"153\" \/>\n\t<meta property=\"og:image:type\" content=\"image\/jpeg\" \/>\n<meta name=\"twitter:card\" content=\"summary_large_image\" \/>\n<script type=\"application\/ld+json\" class=\"yoast-schema-graph\">{\"@context\":\"https:\/\/schema.org\",\"@graph\":[{\"@type\":\"WebPage\",\"@id\":\"https:\/\/www.leeb-balkone.com\/de\/messe\/gartenmarkt-bad-staffelstein\/\",\"url\":\"https:\/\/www.leeb-balkone.com\/de\/messe\/gartenmarkt-bad-staffelstein\/\",\"name\":\"Gartenmarkt Bad Staffelstein - Leeb Balkone\",\"isPartOf\":{\"@id\":\"https:\/\/www.leeb-balkone.com\/de\/#website\"},\"primaryImageOfPage\":{\"@id\":\"https:\/\/www.leeb-balkone.com\/de\/messe\/gartenmarkt-bad-staffelstein\/#primaryimage\"},\"image\":{\"@id\":\"https:\/\/www.leeb-balkone.com\/de\/messe\/gartenmarkt-bad-staffelstein\/#primaryimage\"},\"thumbnailUrl\":\"https:\/\/www.leeb-balkone.com\/app\/uploads\/2023\/04\/gartenmarkt_ste_2023_preview.jpg\",\"datePublished\":\"2023-04-18T12:53:17+00:00\",\"dateModified\":\"2024-03-25T08:05:23+00:00\",\"description\":\"Vom 5. bis 7. Mai m\u00f6chten wir Sie zu einer Entdeckungsreise f\u00fcr Sch\u00f6nes in Haus und Garten entf\u00fchren. Im weitl\u00e4ufigen Kurpark in Bad Staffelstein zeigen\",\"breadcrumb\":{\"@id\":\"https:\/\/www.leeb-balkone.com\/de\/messe\/gartenmarkt-bad-staffelstein\/#breadcrumb\"},\"inLanguage\":\"de\",\"potentialAction\":[{\"@type\":\"ReadAction\",\"target\":[\"https:\/\/www.leeb-balkone.com\/de\/messe\/gartenmarkt-bad-staffelstein\/\"]}]},{\"@type\":\"ImageObject\",\"inLanguage\":\"de\",\"@id\":\"https:\/\/www.leeb-balkone.com\/de\/messe\/gartenmarkt-bad-staffelstein\/#primaryimage\",\"url\":\"https:\/\/www.leeb-balkone.com\/app\/uploads\/2023\/04\/gartenmarkt_ste_2023_preview.jpg\",\"contentUrl\":\"https:\/\/www.leeb-balkone.com\/app\/uploads\/2023\/04\/gartenmarkt_ste_2023_preview.jpg\",\"width\":300,\"height\":153},{\"@type\":\"BreadcrumbList\",\"@id\":\"https:\/\/www.leeb-balkone.com\/de\/messe\/gartenmarkt-bad-staffelstein\/#breadcrumb\",\"itemListElement\":[{\"@type\":\"ListItem\",\"position\":1,\"name\":\"Home\",\"item\":\"https:\/\/www.leeb-balkone.com\/de\/\"},{\"@type\":\"ListItem\",\"position\":2,\"name\":\"Veranstaltungen\",\"item\":\"https:\/\/www.leeb-balkone.com\/de\/messe\/\"},{\"@type\":\"ListItem\",\"position\":3,\"name\":\"Gartenmarkt Bad Staffelstein\"}]},{\"@type\":\"WebSite\",\"@id\":\"https:\/\/www.leeb-balkone.com\/de\/#website\",\"url\":\"https:\/\/www.leeb-balkone.com\/de\/\",\"name\":\"Leeb Balkone\",\"description\":\"Balkone und Z\u00e4une\",\"publisher\":{\"@id\":\"https:\/\/www.leeb-balkone.com\/de\/#organization\"},\"potentialAction\":[{\"@type\":\"SearchAction\",\"target\":{\"@type\":\"EntryPoint\",\"urlTemplate\":\"https:\/\/www.leeb-balkone.com\/de\/?s={search_term_string}\"},\"query-input\":{\"@type\":\"PropertyValueSpecification\",\"valueRequired\":true,\"valueName\":\"search_term_string\"}}],\"inLanguage\":\"de\"},{\"@type\":\"Organization\",\"@id\":\"https:\/\/www.leeb-balkone.com\/de\/#organization\",\"name\":\"Leeb Balkone Gmbh\",\"url\":\"https:\/\/www.leeb-balkone.com\/de\/\",\"logo\":{\"@type\":\"ImageObject\",\"inLanguage\":\"de\",\"@id\":\"https:\/\/www.leeb-balkone.com\/de\/#\/schema\/logo\/image\/\",\"url\":\"https:\/\/www.leeb-balkone.com\/app\/uploads\/2020\/11\/leeb-logo.svg\",\"contentUrl\":\"https:\/\/www.leeb-balkone.com\/app\/uploads\/2020\/11\/leeb-logo.svg\",\"width\":741,\"height\":204,\"caption\":\"Leeb Balkone Gmbh\"},\"image\":{\"@id\":\"https:\/\/www.leeb-balkone.com\/de\/#\/schema\/logo\/image\/\"},\"sameAs\":[\"https:\/\/www.facebook.com\/balkone\/\",\"https:\/\/www.trustedshops.at\/bewertung\/info_X4587CCF5833E31AFE0B11F47D86999F2.html\",\"https:\/\/www.trustedshops.de\/bewertung\/info_X7BA536A7A0BDC86D36C4718E4DCAEEEF.html\",\"https:\/\/www.google.com\/maps\/place\/?q=place_id:ChIJ5-zH19-IcEcR9HonWRTllHI\"]}]}<\/script>\n<!-- \/ Yoast SEO plugin. -->","yoast_head_json":{"title":"Gartenmarkt Bad Staffelstein - Leeb Balkone Deutschland","description":"Vom 5. bis 7. Mai m\u00f6chten wir Sie zu einer Entdeckungsreise f\u00fcr Sch\u00f6nes in Haus und Garten entf\u00fchren. Im weitl\u00e4ufigen Kurpark in Bad Staffelstein zeigen","robots":{"index":"index","follow":"follow","max-snippet":"max-snippet:-1","max-image-preview":"max-image-preview:large","max-video-preview":"max-video-preview:-1"},"og_locale":"de_DE","og_type":"article","og_title":"Gartenmarkt Bad Staffelstein - Leeb Balkone","og_description":"Vom 5. bis 7. Mai m\u00f6chten wir Sie zu einer Entdeckungsreise f\u00fcr Sch\u00f6nes in Haus und Garten entf\u00fchren. Im weitl\u00e4ufigen Kurpark in Bad Staffelstein zeigen","og_url":"https:\/\/www.leeb-balkone.com\/de\/messe\/gartenmarkt-bad-staffelstein\/","og_site_name":"Leeb Balkone","article_publisher":"https:\/\/www.facebook.com\/balkone\/","article_modified_time":"2024-03-25T08:05:23+00:00","og_image":[{"width":300,"height":153,"url":"https:\/\/www.leeb-balkone.com\/app\/uploads\/2023\/04\/gartenmarkt_ste_2023_preview.jpg","type":"image\/jpeg"}],"twitter_card":"summary_large_image","schema":{"@context":"https:\/\/schema.org","@graph":[{"@type":"WebPage","@id":"https:\/\/www.leeb-balkone.com\/de\/messe\/gartenmarkt-bad-staffelstein\/","url":"https:\/\/www.leeb-balkone.com\/de\/messe\/gartenmarkt-bad-staffelstein\/","name":"Gartenmarkt Bad Staffelstein - Leeb Balkone","isPartOf":{"@id":"https:\/\/www.leeb-balkone.com\/de\/#website"},"primaryImageOfPage":{"@id":"https:\/\/www.leeb-balkone.com\/de\/messe\/gartenmarkt-bad-staffelstein\/#primaryimage"},"image":{"@id":"https:\/\/www.leeb-balkone.com\/de\/messe\/gartenmarkt-bad-staffelstein\/#primaryimage"},"thumbnailUrl":"https:\/\/www.leeb-balkone.com\/app\/uploads\/2023\/04\/gartenmarkt_ste_2023_preview.jpg","datePublished":"2023-04-18T12:53:17+00:00","dateModified":"2024-03-25T08:05:23+00:00","description":"Vom 5. bis 7. Mai m\u00f6chten wir Sie zu einer Entdeckungsreise f\u00fcr Sch\u00f6nes in Haus und Garten entf\u00fchren. Im weitl\u00e4ufigen Kurpark in Bad Staffelstein zeigen","breadcrumb":{"@id":"https:\/\/www.leeb-balkone.com\/de\/messe\/gartenmarkt-bad-staffelstein\/#breadcrumb"},"inLanguage":"de","potentialAction":[{"@type":"ReadAction","target":["https:\/\/www.leeb-balkone.com\/de\/messe\/gartenmarkt-bad-staffelstein\/"]}]},{"@type":"ImageObject","inLanguage":"de","@id":"https:\/\/www.leeb-balkone.com\/de\/messe\/gartenmarkt-bad-staffelstein\/#primaryimage","url":"https:\/\/www.leeb-balkone.com\/app\/uploads\/2023\/04\/gartenmarkt_ste_2023_preview.jpg","contentUrl":"https:\/\/www.leeb-balkone.com\/app\/uploads\/2023\/04\/gartenmarkt_ste_2023_preview.jpg","width":300,"height":153},{"@type":"BreadcrumbList","@id":"https:\/\/www.leeb-balkone.com\/de\/messe\/gartenmarkt-bad-staffelstein\/#breadcrumb","itemListElement":[{"@type":"ListItem","position":1,"name":"Home","item":"https:\/\/www.leeb-balkone.com\/de\/"},{"@type":"ListItem","position":2,"name":"Veranstaltungen","item":"https:\/\/www.leeb-balkone.com\/de\/messe\/"},{"@type":"ListItem","position":3,"name":"Gartenmarkt Bad Staffelstein"}]},{"@type":"WebSite","@id":"https:\/\/www.leeb-balkone.com\/de\/#website","url":"https:\/\/www.leeb-balkone.com\/de\/","name":"Leeb Balkone","description":"Balkone und Z\u00e4une","publisher":{"@id":"https:\/\/www.leeb-balkone.com\/de\/#organization"},"potentialAction":[{"@type":"SearchAction","target":{"@type":"EntryPoint","urlTemplate":"https:\/\/www.leeb-balkone.com\/de\/?s={search_term_string}"},"query-input":{"@type":"PropertyValueSpecification","valueRequired":true,"valueName":"search_term_string"}}],"inLanguage":"de"},{"@type":"Organization","@id":"https:\/\/www.leeb-balkone.com\/de\/#organization","name":"Leeb Balkone Gmbh","url":"https:\/\/www.leeb-balkone.com\/de\/","logo":{"@type":"ImageObject","inLanguage":"de","@id":"https:\/\/www.leeb-balkone.com\/de\/#\/schema\/logo\/image\/","url":"https:\/\/www.leeb-balkone.com\/app\/uploads\/2020\/11\/leeb-logo.svg","contentUrl":"https:\/\/www.leeb-balkone.com\/app\/uploads\/2020\/11\/leeb-logo.svg","width":741,"height":204,"caption":"Leeb Balkone Gmbh"},"image":{"@id":"https:\/\/www.leeb-balkone.com\/de\/#\/schema\/logo\/image\/"},"sameAs":["https:\/\/www.facebook.com\/balkone\/","https:\/\/www.trustedshops.at\/bewertung\/info_X4587CCF5833E31AFE0B11F47D86999F2.html","https:\/\/www.trustedshops.de\/bewertung\/info_X7BA536A7A0BDC86D36C4718E4DCAEEEF.html","https:\/\/www.google.com\/maps\/place\/?q=place_id:ChIJ5-zH19-IcEcR9HonWRTllHI"]}]}},"_links":{"self":[{"href":"https:\/\/www.leeb-balkone.com\/de\/wp-json\/wp\/v2\/tribe_events\/124596","targetHints":{"allow":["GET"]}}],"collection":[{"href":"https:\/\/www.leeb-balkone.com\/de\/wp-json\/wp\/v2\/tribe_events"}],"about":[{"href":"https:\/\/www.leeb-balkone.com\/de\/wp-json\/wp\/v2\/types\/tribe_events"}],"author":[{"embeddable":true,"href":"https:\/\/www.leeb-balkone.com\/de\/wp-json\/wp\/v2\/users\/3"}],"version-history":[{"count":0,"href":"https:\/\/www.leeb-balkone.com\/de\/wp-json\/wp\/v2\/tribe_events\/124596\/revisions"}],"wp:featuredmedia":[{"embeddable":true,"href":"https:\/\/www.leeb-balkone.com\/de\/wp-json\/wp\/v2\/media\/124599"}],"wp:attachment":[{"href":"https:\/\/www.leeb-balkone.com\/de\/wp-json\/wp\/v2\/media?parent=124596"}],"wp:term":[{"taxonomy":"post_tag","embeddable":true,"href":"https:\/\/www.leeb-balkone.com\/de\/wp-json\/wp\/v2\/tags?post=124596"},{"taxonomy":"tribe_events_cat","embeddable":true,"href":"https:\/\/www.leeb-balkone.com\/de\/wp-json\/wp\/v2\/tribe_events_cat?post=124596"}],"curies":[{"name":"wp","href":"https:\/\/api.w.org\/{rel}","templated":true}]}}